{"id":59969,"date":"2026-05-20T10:42:08","date_gmt":"2026-05-20T09:42:08","guid":{"rendered":"https:\/\/spaziospadoni.org\/congregazione-figlie-di-san-francesco-di-sales\/"},"modified":"2026-08-17T11:43:06","modified_gmt":"2026-08-17T10:43:06","slug":"congregacion-de-las-hijas-de-san-francisco-de-sales","status":"publish","type":"page","link":"https:\/\/spaziospadoni.org\/es\/congregaciones\/congregacion-de-las-hijas-de-san-francisco-de-sales\/","title":{"rendered":"Congregaci\u00f3n de las Hijas de San Francisco de Sales"},"content":{"rendered":"\n<p class=\"wp-block-paragraph\">La Congregaci\u00f3n de las Hijas de San Francisco de Sales naci\u00f3 en Lugo (RA) el <strong>23 de agosto de 1872<\/strong>, por obra del Can\u00f3nigo <strong>Carlo Cavina<\/strong>, entonces Preboste de la Colegiata de los Santos Francisco e Hilario. Colaboraron con \u00e9l la Madre M. Teresa Fantoni y la Madre M. Luigia Montanari.<\/p>\n\n\n<div class=\"wp-block-image\">\n<figure class=\"aligncenter size-full\"><img decoding=\"async\" width=\"176\" height=\"211\" src=\"https:\/\/spaziospadoni.org\/wp-content\/uploads\/2026\/05\/Suore-Figlie-di-San-Francesco-di-Sales.png\" alt=\"Hermanas-Hijas-de-San-Francisco-de-Sales\" class=\"wp-image-45053\"\/><\/figure>\n<\/div>\n\n\n<p class=\"wp-block-paragraph\">En 1871, a\u00f1o en que se aboli\u00f3 la ense\u00f1anza religiosa en las escuelas, el padre Carlo sinti\u00f3 la fuerte necesidad de contrarrestar la ofensiva anticlerical que se estaba extendiendo por la localidad. <\/p>\n\n\n\n<p class=\"wp-block-paragraph\">Fascinado por la labor que los religiosos salesianos del padre Giovanni Bosco realizaban en favor de los muchachos, decidi\u00f3 crear algo similar para las muchachas. <\/p>\n\n\n\n<p class=\"wp-block-paragraph\">En 1872, el Padre Carlo invit\u00f3 y acogi\u00f3 en su \u201ccasa\u201d a dos j\u00f3venes, Rosa Nenci y Amalia Manzoni, que aspiraban a la vida religiosa, sin hacerlas entrar, sin embargo, en la comunidad de las Hermanas de la Caridad de Santa Antida Thouret (con la que colaboraba). <\/p>\n\n\n\n<p class=\"wp-block-paragraph\">Sin embargo, a ra\u00edz de algunos malentendidos, la madre general del Instituto de la Caridad, hermana Carolina Chambr\u00f2, temiendo que sus religiosas abandonaran la regla para fundar una nueva congregaci\u00f3n, excluy\u00f3 de la obra educativa que gestionaba junto con el padre Carlo tanto a la hermana Ippolita, la futura madre Teresa, como a la hermana Maria Elisabetta. <\/p>\n\n\n\n<p class=\"wp-block-paragraph\">A la luz de lo sucedido, el Padre Carlo, ayudado por la Madre Teresa Fantoni, decidi\u00f3 fundar, en ese mismo a\u00f1o, 1872, una nueva congregaci\u00f3n: las Hijas de San Francisco de Sales. <\/p>\n\n\n\n<p class=\"wp-block-paragraph\">El fundador quiso que su Congregaci\u00f3n Religiosa fuera inscrita con un \u201cdiploma colectivo\u201d en la P\u00eda Uni\u00f3n del Apostolado de la Oraci\u00f3n, porque para el padre Carlo la pr\u00e1ctica de dicho apostolado era fundamental para el \u00e9xito de la misi\u00f3n educativa de sus religiosas. <\/p>\n\n\n\n<p class=\"wp-block-paragraph\">Antes de morir en 1880, el padre Carlo Cavina logr\u00f3 llevar a cabo tambi\u00e9n su \u00faltimo pr<\/p>\n\n\n\n<p class=\"wp-block-paragraph\">oyecto. De hecho, en 1873, junto a la colegiata, consigui\u00f3 abrir las \u201cEscuelas de la Sant\u00edsima Trinidad \u201d, diurnas y nocturnas, para la juventud masculina.<\/p>\n\n\n\n<p class=\"wp-block-paragraph\">La Congregaci\u00f3n de las Hijas de San Francisco de Sales es un Instituto Religioso de <strong>Derecho Pontificio<\/strong>, aprobado mediante Decreto de la Sagrada Congregaci\u00f3n de Religiosos el 31 de enero de 1931.<\/p>\n\n\n\n<h2 id=\"h-carisma\" class=\"wp-block-heading\"><strong>Carisma<\/strong> <\/h2>\n\n\n\n<p class=\"wp-block-paragraph\">El Carisma de la Congregaci\u00f3n es: <\/p>\n\n\n\n<p class=\"wp-block-paragraph\">apostolado de la oraci\u00f3n; educaci\u00f3n cristiana de la juventud; acci\u00f3n caritativa al servicio de los pobres, enfermos y ancianos. <\/p>\n\n\n\n<p class=\"wp-block-paragraph\">En sus inicios, la Congregaci\u00f3n se dedicaba principalmente a la educaci\u00f3n y asistencia de las j\u00f3venes, con escuelas diurnas y nocturnas para las trabajadoras. Hoy, el carisma se realiza en instituciones educativas de diversos tipos y niveles y en un amplio servicio pastoral. La acci\u00f3n caritativa se expresa en los \u00e1mbitos hospitalario y asistencial.   <\/p>\n\n\n\n<p class=\"wp-block-paragraph\">Atenta a los signos de los tiempos, la Congregaci\u00f3n se compromete a responder a las nuevas formas de pobreza propias de nuestra sociedad: madres solteras, j\u00f3venes en dificultades, ni\u00f1os y adolescentes v\u00edctimas de situaciones dif\u00edciles o en estado de abandono. Todo ello, naturalmente, continuando y fortaleciendo las obras tradicionales de car\u00e1cter pastoral, educativo y caritativo, como escuelas, catequesis, asistencia a ni\u00f1os y j\u00f3venes en los diversos grupos parroquiales, centros asistenciales, hospitales y residencias de ancianos.  <\/p>\n\n\n\n<p class=\"wp-block-paragraph\">Desde 1970, la Congregaci\u00f3n est\u00e1 presente en Italia, Sud\u00e1frica, India, Brasil, Filipinas, Inglaterra, Alemania, Kenia, Tanzania, Uganda e Indonesia, con obras de car\u00e1cter educativo, asistencial y pastoral. <\/p>\n\n\n\n<p class=\"wp-block-paragraph\">Actualmente, las hermanas de la Congregaci\u00f3n son unas <strong>340<\/strong>.\u202fLa <strong>Casa Generalicia <\/strong>est\u00e1 en <strong>Roma<\/strong>. <\/p>\n\n\n\n<h2 id=\"h-contactenos\" class=\"wp-block-heading\"><strong>Cont\u00e1ctenos<\/strong> <\/h2>\n\n\n\n<p class=\"wp-block-paragraph\">Via Portuense, 514 \u2013 00149 Roma Italia<br>Tel: +39 06-65745353, Fax: +39 06-55045207<br><a href=\"mailto:c%2Egener%61li%7Aias%61les%40vi%72gilio.i%74\" title=\"c.generaliziasales@virgilio.it\">c.generaliziasales@virgilio.it<\/a> <\/p>\n\n\n\n<p class=\"wp-block-paragraph\"><a href=\"https:\/\/www.suorefigliedisanfrancescodisales.org\" title=\"https:\/\/www.suorefigliedisanfrancescodisales.org\">https:\/\/www.suorefigliedisanfrancescodisales.org<\/a><\/p>\n","protected":false},"excerpt":{"rendered":"<p>La Congregaci\u00f3n de las Hijas de San Francisco de Sales naci\u00f3 en Lugo (RA) el 23 de agosto de 1872, por obra del Can\u00f3nigo Carlo Cavina, entonces Preboste de la Colegiata de los Santos Francisco e Hilario. Colaboraron con \u00e9l la Madre M. Teresa Fantoni y la Madre M. Luigia Montanari. En 1871, a\u00f1o en &#8230; <a title=\"Congregaci\u00f3n de las Hijas de San Francisco de Sales\" class=\"read-more\" href=\"https:\/\/spaziospadoni.org\/es\/congregaciones\/congregacion-de-las-hijas-de-san-francisco-de-sales\/\" aria-label=\"Read more about Congregaci\u00f3n de las Hijas de San Francisco de Sales\">Leer m\u00e1s<\/a><\/p>\n","protected":false},"author":102,"featured_media":0,"parent":60096,"menu_order":0,"comment_status":"closed","ping_status":"closed","template":"","meta":{"_sitemap_exclude":false,"_sitemap_priority":"","_sitemap_frequency":"","footnotes":""},"class_list":["post-59969","page","type-page","status-publish","infinite-scroll-item"],"yoast_head":"<!-- This site is optimized with the Yoast SEO plugin v28.4 - https:\/\/yoast.com\/product\/yoast-seo-wordpress\/ -->\n<title>Congregaci\u00f3n de las Hijas de San Francisco de Sales | Spazio Spadoni<\/title>\n<meta name=\"description\" content=\"La Congregaci\u00f3n de las Hijas de San Francisco de Sales naci\u00f3 en Lugo (RA) el 23 de agosto de 1872, por obra del Can\u00f3nigo Carlo Cavina, entonces Preboste\" \/>\n<meta name=\"robots\" content=\"index, follow, max-snippet:-1, max-image-preview:large, max-video-preview:-1\" \/>\n<link rel=\"canonical\" href=\"https:\/\/spaziospadoni.org\/es\/congregaciones\/congregacion-de-las-hijas-de-san-francisco-de-sales\/\" \/>\n<meta property=\"og:locale\" content=\"es_ES\" \/>\n<meta property=\"og:type\" content=\"article\" \/>\n<meta property=\"og:title\" content=\"Congregaci\u00f3n de las Hijas de San Francisco de Sales | Spazio Spadoni\" \/>\n<meta property=\"og:description\" content=\"La Congregaci\u00f3n de las Hijas de San Francisco de Sales naci\u00f3 en Lugo (RA) el 23 de agosto de 1872, por obra del Can\u00f3nigo Carlo Cavina, entonces Preboste\" \/>\n<meta property=\"og:url\" content=\"https:\/\/spaziospadoni.org\/es\/congregaciones\/congregacion-de-las-hijas-de-san-francisco-de-sales\/\" \/>\n<meta property=\"og:site_name\" content=\"spazio + spadoni\" \/>\n<meta property=\"article:publisher\" content=\"https:\/\/www.facebook.com\/SpazioSpadoni\/\" \/>\n<meta property=\"article:modified_time\" content=\"2026-08-17T10:43:06+00:00\" \/>\n<meta property=\"og:image\" content=\"https:\/\/spaziospadoni.org\/wp-content\/uploads\/2026\/05\/Suore-Figlie-di-San-Francesco-di-Sales.png\" \/>\n\t<meta property=\"og:image:width\" content=\"176\" \/>\n\t<meta property=\"og:image:height\" content=\"211\" \/>\n\t<meta property=\"og:image:type\" content=\"image\/png\" \/>\n<meta name=\"twitter:card\" content=\"summary_large_image\" \/>\n<meta name=\"twitter:label1\" content=\"Est. reading time\" \/>\n\t<meta name=\"twitter:data1\" content=\"4 minutes\" \/>\n<script type=\"application\/ld+json\" class=\"yoast-schema-graph\">{\"@context\":\"https:\\\/\\\/schema.org\",\"@graph\":[{\"@type\":\"WebPage\",\"@id\":\"https:\\\/\\\/spaziospadoni.org\\\/es\\\/congregaciones\\\/congregacion-de-las-hijas-de-san-francisco-de-sales\\\/\",\"url\":\"https:\\\/\\\/spaziospadoni.org\\\/es\\\/congregaciones\\\/congregacion-de-las-hijas-de-san-francisco-de-sales\\\/\",\"name\":\"Congregaci\u00f3n de las Hijas de San Francisco de Sales | Spazio Spadoni\",\"isPartOf\":{\"@id\":\"https:\\\/\\\/spaziospadoni.org\\\/es\\\/#website\"},\"primaryImageOfPage\":{\"@id\":\"https:\\\/\\\/spaziospadoni.org\\\/es\\\/congregaciones\\\/congregacion-de-las-hijas-de-san-francisco-de-sales\\\/#primaryimage\"},\"image\":{\"@id\":\"https:\\\/\\\/spaziospadoni.org\\\/es\\\/congregaciones\\\/congregacion-de-las-hijas-de-san-francisco-de-sales\\\/#primaryimage\"},\"thumbnailUrl\":\"https:\\\/\\\/spaziospadoni.org\\\/wp-content\\\/uploads\\\/2026\\\/05\\\/Suore-Figlie-di-San-Francesco-di-Sales.png\",\"datePublished\":\"2026-05-20T09:42:08+00:00\",\"dateModified\":\"2026-08-17T10:43:06+00:00\",\"description\":\"La Congregaci\u00f3n de las Hijas de San Francisco de Sales naci\u00f3 en Lugo (RA) el 23 de agosto de 1872, por obra del Can\u00f3nigo Carlo Cavina, entonces Preboste\",\"breadcrumb\":{\"@id\":\"https:\\\/\\\/spaziospadoni.org\\\/es\\\/congregaciones\\\/congregacion-de-las-hijas-de-san-francisco-de-sales\\\/#breadcrumb\"},\"inLanguage\":\"es-ES\",\"potentialAction\":[{\"@type\":\"ReadAction\",\"target\":[\"https:\\\/\\\/spaziospadoni.org\\\/es\\\/congregaciones\\\/congregacion-de-las-hijas-de-san-francisco-de-sales\\\/\"]}]},{\"@type\":\"ImageObject\",\"inLanguage\":\"es-ES\",\"@id\":\"https:\\\/\\\/spaziospadoni.org\\\/es\\\/congregaciones\\\/congregacion-de-las-hijas-de-san-francisco-de-sales\\\/#primaryimage\",\"url\":\"https:\\\/\\\/spaziospadoni.org\\\/wp-content\\\/uploads\\\/2026\\\/05\\\/Suore-Figlie-di-San-Francesco-di-Sales.png\",\"contentUrl\":\"https:\\\/\\\/spaziospadoni.org\\\/wp-content\\\/uploads\\\/2026\\\/05\\\/Suore-Figlie-di-San-Francesco-di-Sales.png\"},{\"@type\":\"BreadcrumbList\",\"@id\":\"https:\\\/\\\/spaziospadoni.org\\\/es\\\/congregaciones\\\/congregacion-de-las-hijas-de-san-francisco-de-sales\\\/#breadcrumb\",\"itemListElement\":[{\"@type\":\"ListItem\",\"position\":1,\"name\":\"Home\",\"item\":\"https:\\\/\\\/spaziospadoni.org\\\/es\\\/\"},{\"@type\":\"ListItem\",\"position\":2,\"name\":\"Congregaciones\",\"item\":\"https:\\\/\\\/spaziospadoni.org\\\/es\\\/congregaciones\\\/\"},{\"@type\":\"ListItem\",\"position\":3,\"name\":\"Congregaci\u00f3n de las Hijas de San Francisco de Sales\"}]},{\"@type\":\"WebSite\",\"@id\":\"https:\\\/\\\/spaziospadoni.org\\\/es\\\/#website\",\"url\":\"https:\\\/\\\/spaziospadoni.org\\\/es\\\/\",\"name\":\"spazio + spadoni\",\"description\":\"Generazione di misericordia e missione nel mondo\",\"publisher\":{\"@id\":\"https:\\\/\\\/spaziospadoni.org\\\/es\\\/#organization\"},\"alternateName\":\"spaziospadoni.org\",\"potentialAction\":[{\"@type\":\"SearchAction\",\"target\":{\"@type\":\"EntryPoint\",\"urlTemplate\":\"https:\\\/\\\/spaziospadoni.org\\\/es\\\/?s={search_term_string}\"},\"query-input\":{\"@type\":\"PropertyValueSpecification\",\"valueRequired\":true,\"valueName\":\"search_term_string\"}}],\"inLanguage\":\"es-ES\"},{\"@type\":\"Organization\",\"@id\":\"https:\\\/\\\/spaziospadoni.org\\\/es\\\/#organization\",\"name\":\"spazio + spadoni\",\"alternateName\":\"spaziospadoni.org\",\"url\":\"https:\\\/\\\/spaziospadoni.org\\\/es\\\/\",\"logo\":{\"@type\":\"ImageObject\",\"inLanguage\":\"es-ES\",\"@id\":\"https:\\\/\\\/spaziospadoni.org\\\/es\\\/#\\\/schema\\\/logo\\\/image\\\/\",\"url\":\"https:\\\/\\\/spaziospadoni.org\\\/wp-content\\\/uploads\\\/2026\\\/05\\\/spazio-spadoni-logo-100x100-1.webp\",\"contentUrl\":\"https:\\\/\\\/spaziospadoni.org\\\/wp-content\\\/uploads\\\/2026\\\/05\\\/spazio-spadoni-logo-100x100-1.webp\",\"width\":100,\"height\":100,\"caption\":\"spazio + spadoni\"},\"image\":{\"@id\":\"https:\\\/\\\/spaziospadoni.org\\\/es\\\/#\\\/schema\\\/logo\\\/image\\\/\"},\"sameAs\":[\"https:\\\/\\\/www.facebook.com\\\/SpazioSpadoni\\\/\",\"https:\\\/\\\/www.instagram.com\\\/spaziospadoni\\\/\",\"https:\\\/\\\/www.youtube.com\\\/@spaziospadoni\\\/playlists\"]}]}<\/script>\n<!-- \/ Yoast SEO plugin. -->","yoast_head_json":{"title":"Congregaci\u00f3n de las Hijas de San Francisco de Sales | Spazio Spadoni","description":"La Congregaci\u00f3n de las Hijas de San Francisco de Sales naci\u00f3 en Lugo (RA) el 23 de agosto de 1872, por obra del Can\u00f3nigo Carlo Cavina, entonces Preboste","robots":{"index":"index","follow":"follow","max-snippet":"max-snippet:-1","max-image-preview":"max-image-preview:large","max-video-preview":"max-video-preview:-1"},"canonical":"https:\/\/spaziospadoni.org\/es\/congregaciones\/congregacion-de-las-hijas-de-san-francisco-de-sales\/","og_locale":"es_ES","og_type":"article","og_title":"Congregaci\u00f3n de las Hijas de San Francisco de Sales | Spazio Spadoni","og_description":"La Congregaci\u00f3n de las Hijas de San Francisco de Sales naci\u00f3 en Lugo (RA) el 23 de agosto de 1872, por obra del Can\u00f3nigo Carlo Cavina, entonces Preboste","og_url":"https:\/\/spaziospadoni.org\/es\/congregaciones\/congregacion-de-las-hijas-de-san-francisco-de-sales\/","og_site_name":"spazio + spadoni","article_publisher":"https:\/\/www.facebook.com\/SpazioSpadoni\/","article_modified_time":"2026-08-17T10:43:06+00:00","og_image":[{"width":176,"height":211,"url":"https:\/\/spaziospadoni.org\/wp-content\/uploads\/2026\/05\/Suore-Figlie-di-San-Francesco-di-Sales.png","type":"image\/png"}],"twitter_card":"summary_large_image","twitter_misc":{"Est. reading time":"4 minutes"},"schema":{"@context":"https:\/\/schema.org","@graph":[{"@type":"WebPage","@id":"https:\/\/spaziospadoni.org\/es\/congregaciones\/congregacion-de-las-hijas-de-san-francisco-de-sales\/","url":"https:\/\/spaziospadoni.org\/es\/congregaciones\/congregacion-de-las-hijas-de-san-francisco-de-sales\/","name":"Congregaci\u00f3n de las Hijas de San Francisco de Sales | Spazio Spadoni","isPartOf":{"@id":"https:\/\/spaziospadoni.org\/es\/#website"},"primaryImageOfPage":{"@id":"https:\/\/spaziospadoni.org\/es\/congregaciones\/congregacion-de-las-hijas-de-san-francisco-de-sales\/#primaryimage"},"image":{"@id":"https:\/\/spaziospadoni.org\/es\/congregaciones\/congregacion-de-las-hijas-de-san-francisco-de-sales\/#primaryimage"},"thumbnailUrl":"https:\/\/spaziospadoni.org\/wp-content\/uploads\/2026\/05\/Suore-Figlie-di-San-Francesco-di-Sales.png","datePublished":"2026-05-20T09:42:08+00:00","dateModified":"2026-08-17T10:43:06+00:00","description":"La Congregaci\u00f3n de las Hijas de San Francisco de Sales naci\u00f3 en Lugo (RA) el 23 de agosto de 1872, por obra del Can\u00f3nigo Carlo Cavina, entonces Preboste","breadcrumb":{"@id":"https:\/\/spaziospadoni.org\/es\/congregaciones\/congregacion-de-las-hijas-de-san-francisco-de-sales\/#breadcrumb"},"inLanguage":"es-ES","potentialAction":[{"@type":"ReadAction","target":["https:\/\/spaziospadoni.org\/es\/congregaciones\/congregacion-de-las-hijas-de-san-francisco-de-sales\/"]}]},{"@type":"ImageObject","inLanguage":"es-ES","@id":"https:\/\/spaziospadoni.org\/es\/congregaciones\/congregacion-de-las-hijas-de-san-francisco-de-sales\/#primaryimage","url":"https:\/\/spaziospadoni.org\/wp-content\/uploads\/2026\/05\/Suore-Figlie-di-San-Francesco-di-Sales.png","contentUrl":"https:\/\/spaziospadoni.org\/wp-content\/uploads\/2026\/05\/Suore-Figlie-di-San-Francesco-di-Sales.png"},{"@type":"BreadcrumbList","@id":"https:\/\/spaziospadoni.org\/es\/congregaciones\/congregacion-de-las-hijas-de-san-francisco-de-sales\/#breadcrumb","itemListElement":[{"@type":"ListItem","position":1,"name":"Home","item":"https:\/\/spaziospadoni.org\/es\/"},{"@type":"ListItem","position":2,"name":"Congregaciones","item":"https:\/\/spaziospadoni.org\/es\/congregaciones\/"},{"@type":"ListItem","position":3,"name":"Congregaci\u00f3n de las Hijas de San Francisco de Sales"}]},{"@type":"WebSite","@id":"https:\/\/spaziospadoni.org\/es\/#website","url":"https:\/\/spaziospadoni.org\/es\/","name":"spazio + spadoni","description":"Generazione di misericordia e missione nel mondo","publisher":{"@id":"https:\/\/spaziospadoni.org\/es\/#organization"},"alternateName":"spaziospadoni.org","potentialAction":[{"@type":"SearchAction","target":{"@type":"EntryPoint","urlTemplate":"https:\/\/spaziospadoni.org\/es\/?s={search_term_string}"},"query-input":{"@type":"PropertyValueSpecification","valueRequired":true,"valueName":"search_term_string"}}],"inLanguage":"es-ES"},{"@type":"Organization","@id":"https:\/\/spaziospadoni.org\/es\/#organization","name":"spazio + spadoni","alternateName":"spaziospadoni.org","url":"https:\/\/spaziospadoni.org\/es\/","logo":{"@type":"ImageObject","inLanguage":"es-ES","@id":"https:\/\/spaziospadoni.org\/es\/#\/schema\/logo\/image\/","url":"https:\/\/spaziospadoni.org\/wp-content\/uploads\/2026\/05\/spazio-spadoni-logo-100x100-1.webp","contentUrl":"https:\/\/spaziospadoni.org\/wp-content\/uploads\/2026\/05\/spazio-spadoni-logo-100x100-1.webp","width":100,"height":100,"caption":"spazio + spadoni"},"image":{"@id":"https:\/\/spaziospadoni.org\/es\/#\/schema\/logo\/image\/"},"sameAs":["https:\/\/www.facebook.com\/SpazioSpadoni\/","https:\/\/www.instagram.com\/spaziospadoni\/","https:\/\/www.youtube.com\/@spaziospadoni\/playlists"]}]}},"_links":{"self":[{"href":"https:\/\/spaziospadoni.org\/es\/wp-json\/wp\/v2\/pages\/59969","targetHints":{"allow":["GET"]}}],"collection":[{"href":"https:\/\/spaziospadoni.org\/es\/wp-json\/wp\/v2\/pages"}],"about":[{"href":"https:\/\/spaziospadoni.org\/es\/wp-json\/wp\/v2\/types\/page"}],"author":[{"embeddable":true,"href":"https:\/\/spaziospadoni.org\/es\/wp-json\/wp\/v2\/users\/102"}],"replies":[{"embeddable":true,"href":"https:\/\/spaziospadoni.org\/es\/wp-json\/wp\/v2\/comments?post=59969"}],"version-history":[{"count":1,"href":"https:\/\/spaziospadoni.org\/es\/wp-json\/wp\/v2\/pages\/59969\/revisions"}],"predecessor-version":[{"id":90205,"href":"https:\/\/spaziospadoni.org\/es\/wp-json\/wp\/v2\/pages\/59969\/revisions\/90205"}],"up":[{"embeddable":true,"href":"https:\/\/spaziospadoni.org\/es\/wp-json\/wp\/v2\/pages\/60096"}],"wp:attachment":[{"href":"https:\/\/spaziospadoni.org\/es\/wp-json\/wp\/v2\/media?parent=59969"}],"curies":[{"name":"wp","href":"https:\/\/api.w.org\/{rel}","templated":true}]}}