{"id":60258,"date":"2026-05-03T10:26:13","date_gmt":"2026-05-03T09:26:13","guid":{"rendered":"https:\/\/spaziospadoni.org\/congregaciones\/congregazione-sorelle-di-santa-gemma\/"},"modified":"2026-07-18T09:34:08","modified_gmt":"2026-07-18T08:34:08","slug":"congregacion-de-las-hermanas-de-santa-gemma","status":"publish","type":"page","link":"https:\/\/spaziospadoni.org\/es\/congregaciones\/congregacion-de-las-hermanas-de-santa-gemma\/","title":{"rendered":"Congregaci\u00f3n de las Hermanas de Santa Gemma"},"content":{"rendered":"\n<p class=\"wp-block-paragraph\">La Congregaci\u00f3n Misionera de las Hermanas de Santa Gemma naci\u00f3 el <strong>4 de mayo de 1939<\/strong> en Camigliano Santa Gemma, Lucca. La fundadora es la <strong>Venerable Madre Gemma Eufemia Giannini<\/strong>.  <\/p>\n<div class=\"wp-block-image\">\n<figure class=\"aligncenter size-full\"><img decoding=\"async\" width=\"207\" height=\"300\" src=\"https:\/\/spaziospadoni.org\/wp-content\/uploads\/2026\/05\/Congregazione-Missionaria-Sorelle-di-Santa-Gemma.jpg\" alt=\"\" class=\"wp-image-43744\" \/><\/figure>\n<\/div>\n<p class=\"wp-block-paragraph\">Se llaman Hermanas de Santa Gemma por el parentesco, ciertamente no de sangre, pero indudablemente de esp\u00edritu, que uni\u00f3 a <strong>Santa Gemma<\/strong> con la joven Eufemia, a partir de los a\u00f1os en que Galgani fue acogida por la familia Giannini como su \u201cduod\u00e9cima hija\u201d, y que continu\u00f3 m\u00edsticamente en las decisiones vocacionales de Giannini, primero como monja pasionista y despu\u00e9s como fundadora. La adolescente Eufemia estuvo muy cerca de Santa Gemma, tanto como amiga y confidente como en calidad de testigo ocular de la profunda espiritualidad y de los acontecimientos m\u00edsticos que viv\u00eda la joven. Qued\u00f3 profundamente marcada por ella y se convirti\u00f3 en su heredera espiritual. Esta noble y elevada herencia les fue confiada para que la vivan y la lleven a la Iglesia y al mundo \u201c\u00a1hasta los confines de la tierra!\u201d. La Congregaci\u00f3n es de <strong>Derecho Pontificio<\/strong>.     <\/p>\n\n<h2 id=\"carisma\" class=\"wp-block-heading\"><strong>Carisma <\/strong> <\/h2>\n\n<p class=\"wp-block-paragraph\">La espiritualidad de las Hermanas de Santa Gemma se fundamenta en Cristo Crucificado como <strong>revelaci\u00f3n del Amor infinito de Dios por el ser humano<\/strong>. Concretamente, esta espiritualidad se expresa en las caracter\u00edsticas de <strong>sencillez, caridad, humildad y sacrificio<\/strong> que ya eran propias de Galgani. Con un estilo de alegr\u00eda fraterna, viven el esp\u00edritu de familia procurando hacer de sus comunidades cen\u00e1culos de caridad y acogida. Viven del fruto de su trabajo y del apoyo de la divina Providencia. La Congregaci\u00f3n de las Hermanas de Santa Gemma est\u00e1 integrada en la familia pasionista, cuyo iniciador fue Paolo della Croce. Su misi\u00f3n en la Iglesia y en el mundo brota naturalmente de su carisma y tiene tres dimensiones: la oraci\u00f3n, la intercesi\u00f3n y la ofrenda. En efecto, el apostolado comienza cada d\u00eda ante la cruz y a partir de la Eucarist\u00eda.       <\/p>\n<div class=\"wp-block-image\">\n<figure class=\"alignright size-full\"><img decoding=\"async\" width=\"378\" height=\"408\" src=\"https:\/\/spaziospadoni.org\/wp-content\/uploads\/2026\/05\/Da-mettere-nella-parte-Congregzione.jpg\" alt=\"\" class=\"wp-image-43745\" srcset=\"https:\/\/spaziospadoni.org\/wp-content\/uploads\/2026\/05\/Da-mettere-nella-parte-Congregzione.jpg 378w, https:\/\/spaziospadoni.org\/wp-content\/uploads\/2026\/05\/Da-mettere-nella-parte-Congregzione-278x300.jpg 278w\" sizes=\"(max-width: 378px) 100vw, 378px\" \/><\/figure>\n<\/div>\n<h2 id=\"misiones\" class=\"wp-block-heading\"><strong>Misiones<\/strong> <\/h2>\n\n<p class=\"wp-block-paragraph\">Las Hermanas de Santa Gemma est\u00e1n presentes en <\/p>\n\n<h3 id=\"europa-italia\" class=\"wp-block-heading\"><strong>Europa<\/strong> \u2013 <strong>Italia<\/strong> <\/h3>\n\n<p class=\"wp-block-paragraph\">Casa Madre \u2013 Camigliano Santa Gemma (LU) <\/p>\n\n<p class=\"wp-block-paragraph\">Casa Natal \u2013 Borgonuvo Santa Gemma (LU) <\/p>\n\n<p class=\"wp-block-paragraph\">Casa Giannini \u2013 centro hist\u00f3rico de Lucca (LU) <\/p>\n\n<p class=\"wp-block-paragraph\">Casa Familia \u2013 Segromigno Piano (LU) <\/p>\n\n<p class=\"wp-block-paragraph\">Centro Misionero \u2013 Cariati (CS) <\/p>\n\n<h3 id=\"africa-republica-democratica-del-congo-y-costa-de-marfil\" class=\"wp-block-heading\"><strong>\u00c1frica \u2013 Rep\u00fablica Democr\u00e1tica del Congo y Costa de Marfil<\/strong> <\/h3>\n\n<p class=\"wp-block-paragraph\">Bukavu \u2013 Rep\u00fablica Democr\u00e1tica del Congo <\/p>\n\n<p class=\"wp-block-paragraph\">Kavimvira \u2013 Rep\u00fablica Democr\u00e1tica del Congo <\/p>\n\n<p class=\"wp-block-paragraph\">Sago \u2013 Costa de Marfil <\/p>\n\n<p class=\"wp-block-paragraph\">Sassandra \u2013 Costa de Marfil <\/p>\n\n<p class=\"wp-block-paragraph\">Cont\u00e1ctenos <\/p>\n\n<p class=\"wp-block-paragraph\">Casa Madre \u2013 Via Madre Gemma Giannini, n.1 \u2013 55010 \u2013 Camigliano (LU) <\/p>\n\n<p class=\"wp-block-paragraph\">Tel. +390583927165 <\/p>\n\n<p class=\"wp-block-paragraph\"><a href=\"mailto:msgemma@iol.it\" target=\"_blank\" rel=\"noreferrer noopener\" title=\"msgemma@iol.it\">msgemma@iol.it<\/a> <\/p>\n\n<p class=\"wp-block-paragraph\"><a href=\"http:\/\/www.suoresantagemma.it\/\" target=\"_blank\" rel=\"noreferrer noopener\" title=\"http:\/\/www.suoresantagemma.it\/\">http:\/\/www.suoresantagemma.it\/<\/a> <\/p>\n\n<p class=\"wp-block-paragraph\"><a href=\"https:\/\/www.facebook.com\/groups\/901713240668850\" target=\"_blank\" rel=\"noreferrer noopener\" title=\"https:\/\/www.facebook.com\/groups\/901713240668850\">https:\/\/www.facebook.com\/groups\/901713240668850<\/a> (Congregaci\u00f3n Misionera Hermanas de Santa Gemma) <\/p>\n","protected":false},"excerpt":{"rendered":"<p>La Congregaci\u00f3n Misionera de las Hermanas de Santa Gemma naci\u00f3 el 4 de mayo de 1939 en Camigliano Santa Gemma, Lucca. La fundadora es la Venerable Madre Gemma Eufemia Giannini. Se llaman Hermanas de Santa Gemma por el parentesco, ciertamente no de sangre, pero indudablemente de esp\u00edritu, que uni\u00f3 a Santa Gemma con la joven &#8230; <a title=\"Congregaci\u00f3n de las Hermanas de Santa Gemma\" class=\"read-more\" href=\"https:\/\/spaziospadoni.org\/es\/congregaciones\/congregacion-de-las-hermanas-de-santa-gemma\/\" aria-label=\"Read more about Congregaci\u00f3n de las Hermanas de Santa Gemma\">Leer m\u00e1s<\/a><\/p>\n","protected":false},"author":102,"featured_media":0,"parent":60096,"menu_order":0,"comment_status":"closed","ping_status":"closed","template":"","meta":{"_sitemap_exclude":false,"_sitemap_priority":"","_sitemap_frequency":"","footnotes":""},"class_list":["post-60258","page","type-page","status-publish","infinite-scroll-item"],"yoast_head":"<!-- This site is optimized with the Yoast SEO plugin v28.4 - https:\/\/yoast.com\/product\/yoast-seo-wordpress\/ -->\n<title>Congregaci\u00f3n de las Hermanas de Santa Gemma | Spazio Spadoni<\/title>\n<meta name=\"description\" content=\"La Congregaci\u00f3n Misionera de las Hermanas de Santa Gemma naci\u00f3 el 4 de mayo de 1939 en Camigliano Santa Gemma, Lucca. La fundadora es la Venerable Madre\" \/>\n<meta name=\"robots\" content=\"index, follow, max-snippet:-1, max-image-preview:large, max-video-preview:-1\" \/>\n<link rel=\"canonical\" href=\"https:\/\/spaziospadoni.org\/es\/congregaciones\/congregacion-de-las-hermanas-de-santa-gemma\/\" \/>\n<meta property=\"og:locale\" content=\"es_ES\" \/>\n<meta property=\"og:type\" content=\"article\" \/>\n<meta property=\"og:title\" content=\"Congregaci\u00f3n de las Hermanas de Santa Gemma | Spazio Spadoni\" \/>\n<meta property=\"og:description\" content=\"La Congregaci\u00f3n Misionera de las Hermanas de Santa Gemma naci\u00f3 el 4 de mayo de 1939 en Camigliano Santa Gemma, Lucca. La fundadora es la Venerable Madre\" \/>\n<meta property=\"og:url\" content=\"https:\/\/spaziospadoni.org\/es\/congregaciones\/congregacion-de-las-hermanas-de-santa-gemma\/\" \/>\n<meta property=\"og:site_name\" content=\"spazio + spadoni\" \/>\n<meta property=\"article:publisher\" content=\"https:\/\/www.facebook.com\/SpazioSpadoni\/\" \/>\n<meta property=\"article:modified_time\" content=\"2026-07-18T08:34:08+00:00\" \/>\n<meta property=\"og:image\" content=\"https:\/\/spaziospadoni.org\/wp-content\/uploads\/2026\/05\/Congregazione-Missionaria-Sorelle-di-Santa-Gemma.jpg\" \/>\n\t<meta property=\"og:image:width\" content=\"207\" \/>\n\t<meta property=\"og:image:height\" content=\"300\" \/>\n\t<meta property=\"og:image:type\" content=\"image\/jpeg\" \/>\n<meta name=\"twitter:card\" content=\"summary_large_image\" \/>\n<meta name=\"twitter:label1\" content=\"Est. reading time\" \/>\n\t<meta name=\"twitter:data1\" content=\"3 minutes\" \/>\n<script type=\"application\/ld+json\" class=\"yoast-schema-graph\">{\"@context\":\"https:\\\/\\\/schema.org\",\"@graph\":[{\"@type\":\"WebPage\",\"@id\":\"https:\\\/\\\/spaziospadoni.org\\\/es\\\/congregaciones\\\/congregacion-de-las-hermanas-de-santa-gemma\\\/\",\"url\":\"https:\\\/\\\/spaziospadoni.org\\\/es\\\/congregaciones\\\/congregacion-de-las-hermanas-de-santa-gemma\\\/\",\"name\":\"Congregaci\u00f3n de las Hermanas de Santa Gemma | Spazio Spadoni\",\"isPartOf\":{\"@id\":\"https:\\\/\\\/spaziospadoni.org\\\/es\\\/#website\"},\"primaryImageOfPage\":{\"@id\":\"https:\\\/\\\/spaziospadoni.org\\\/es\\\/congregaciones\\\/congregacion-de-las-hermanas-de-santa-gemma\\\/#primaryimage\"},\"image\":{\"@id\":\"https:\\\/\\\/spaziospadoni.org\\\/es\\\/congregaciones\\\/congregacion-de-las-hermanas-de-santa-gemma\\\/#primaryimage\"},\"thumbnailUrl\":\"https:\\\/\\\/spaziospadoni.org\\\/wp-content\\\/uploads\\\/2026\\\/05\\\/Congregazione-Missionaria-Sorelle-di-Santa-Gemma.jpg\",\"datePublished\":\"2026-05-03T09:26:13+00:00\",\"dateModified\":\"2026-07-18T08:34:08+00:00\",\"description\":\"La Congregaci\u00f3n Misionera de las Hermanas de Santa Gemma naci\u00f3 el 4 de mayo de 1939 en Camigliano Santa Gemma, Lucca. La fundadora es la Venerable Madre\",\"breadcrumb\":{\"@id\":\"https:\\\/\\\/spaziospadoni.org\\\/es\\\/congregaciones\\\/congregacion-de-las-hermanas-de-santa-gemma\\\/#breadcrumb\"},\"inLanguage\":\"es-ES\",\"potentialAction\":[{\"@type\":\"ReadAction\",\"target\":[\"https:\\\/\\\/spaziospadoni.org\\\/es\\\/congregaciones\\\/congregacion-de-las-hermanas-de-santa-gemma\\\/\"]}]},{\"@type\":\"ImageObject\",\"inLanguage\":\"es-ES\",\"@id\":\"https:\\\/\\\/spaziospadoni.org\\\/es\\\/congregaciones\\\/congregacion-de-las-hermanas-de-santa-gemma\\\/#primaryimage\",\"url\":\"https:\\\/\\\/spaziospadoni.org\\\/wp-content\\\/uploads\\\/2026\\\/05\\\/Congregazione-Missionaria-Sorelle-di-Santa-Gemma.jpg\",\"contentUrl\":\"https:\\\/\\\/spaziospadoni.org\\\/wp-content\\\/uploads\\\/2026\\\/05\\\/Congregazione-Missionaria-Sorelle-di-Santa-Gemma.jpg\"},{\"@type\":\"BreadcrumbList\",\"@id\":\"https:\\\/\\\/spaziospadoni.org\\\/es\\\/congregaciones\\\/congregacion-de-las-hermanas-de-santa-gemma\\\/#breadcrumb\",\"itemListElement\":[{\"@type\":\"ListItem\",\"position\":1,\"name\":\"Home\",\"item\":\"https:\\\/\\\/spaziospadoni.org\\\/es\\\/\"},{\"@type\":\"ListItem\",\"position\":2,\"name\":\"Congregaciones\",\"item\":\"https:\\\/\\\/spaziospadoni.org\\\/es\\\/congregaciones\\\/\"},{\"@type\":\"ListItem\",\"position\":3,\"name\":\"Congregaci\u00f3n de las Hermanas de Santa Gemma\"}]},{\"@type\":\"WebSite\",\"@id\":\"https:\\\/\\\/spaziospadoni.org\\\/es\\\/#website\",\"url\":\"https:\\\/\\\/spaziospadoni.org\\\/es\\\/\",\"name\":\"spazio + spadoni\",\"description\":\"Generazione di misericordia e missione nel mondo\",\"publisher\":{\"@id\":\"https:\\\/\\\/spaziospadoni.org\\\/es\\\/#organization\"},\"alternateName\":\"spaziospadoni.org\",\"potentialAction\":[{\"@type\":\"SearchAction\",\"target\":{\"@type\":\"EntryPoint\",\"urlTemplate\":\"https:\\\/\\\/spaziospadoni.org\\\/es\\\/?s={search_term_string}\"},\"query-input\":{\"@type\":\"PropertyValueSpecification\",\"valueRequired\":true,\"valueName\":\"search_term_string\"}}],\"inLanguage\":\"es-ES\"},{\"@type\":\"Organization\",\"@id\":\"https:\\\/\\\/spaziospadoni.org\\\/es\\\/#organization\",\"name\":\"spazio + spadoni\",\"alternateName\":\"spaziospadoni.org\",\"url\":\"https:\\\/\\\/spaziospadoni.org\\\/es\\\/\",\"logo\":{\"@type\":\"ImageObject\",\"inLanguage\":\"es-ES\",\"@id\":\"https:\\\/\\\/spaziospadoni.org\\\/es\\\/#\\\/schema\\\/logo\\\/image\\\/\",\"url\":\"https:\\\/\\\/spaziospadoni.org\\\/wp-content\\\/uploads\\\/2026\\\/05\\\/spazio-spadoni-logo-100x100-1.webp\",\"contentUrl\":\"https:\\\/\\\/spaziospadoni.org\\\/wp-content\\\/uploads\\\/2026\\\/05\\\/spazio-spadoni-logo-100x100-1.webp\",\"width\":100,\"height\":100,\"caption\":\"spazio + spadoni\"},\"image\":{\"@id\":\"https:\\\/\\\/spaziospadoni.org\\\/es\\\/#\\\/schema\\\/logo\\\/image\\\/\"},\"sameAs\":[\"https:\\\/\\\/www.facebook.com\\\/SpazioSpadoni\\\/\",\"https:\\\/\\\/www.instagram.com\\\/spaziospadoni\\\/\",\"https:\\\/\\\/www.youtube.com\\\/@spaziospadoni\\\/playlists\"]}]}<\/script>\n<!-- \/ Yoast SEO plugin. -->","yoast_head_json":{"title":"Congregaci\u00f3n de las Hermanas de Santa Gemma | Spazio Spadoni","description":"La Congregaci\u00f3n Misionera de las Hermanas de Santa Gemma naci\u00f3 el 4 de mayo de 1939 en Camigliano Santa Gemma, Lucca. La fundadora es la Venerable Madre","robots":{"index":"index","follow":"follow","max-snippet":"max-snippet:-1","max-image-preview":"max-image-preview:large","max-video-preview":"max-video-preview:-1"},"canonical":"https:\/\/spaziospadoni.org\/es\/congregaciones\/congregacion-de-las-hermanas-de-santa-gemma\/","og_locale":"es_ES","og_type":"article","og_title":"Congregaci\u00f3n de las Hermanas de Santa Gemma | Spazio Spadoni","og_description":"La Congregaci\u00f3n Misionera de las Hermanas de Santa Gemma naci\u00f3 el 4 de mayo de 1939 en Camigliano Santa Gemma, Lucca. La fundadora es la Venerable Madre","og_url":"https:\/\/spaziospadoni.org\/es\/congregaciones\/congregacion-de-las-hermanas-de-santa-gemma\/","og_site_name":"spazio + spadoni","article_publisher":"https:\/\/www.facebook.com\/SpazioSpadoni\/","article_modified_time":"2026-07-18T08:34:08+00:00","og_image":[{"width":207,"height":300,"url":"https:\/\/spaziospadoni.org\/wp-content\/uploads\/2026\/05\/Congregazione-Missionaria-Sorelle-di-Santa-Gemma.jpg","type":"image\/jpeg"}],"twitter_card":"summary_large_image","twitter_misc":{"Est. reading time":"3 minutes"},"schema":{"@context":"https:\/\/schema.org","@graph":[{"@type":"WebPage","@id":"https:\/\/spaziospadoni.org\/es\/congregaciones\/congregacion-de-las-hermanas-de-santa-gemma\/","url":"https:\/\/spaziospadoni.org\/es\/congregaciones\/congregacion-de-las-hermanas-de-santa-gemma\/","name":"Congregaci\u00f3n de las Hermanas de Santa Gemma | Spazio Spadoni","isPartOf":{"@id":"https:\/\/spaziospadoni.org\/es\/#website"},"primaryImageOfPage":{"@id":"https:\/\/spaziospadoni.org\/es\/congregaciones\/congregacion-de-las-hermanas-de-santa-gemma\/#primaryimage"},"image":{"@id":"https:\/\/spaziospadoni.org\/es\/congregaciones\/congregacion-de-las-hermanas-de-santa-gemma\/#primaryimage"},"thumbnailUrl":"https:\/\/spaziospadoni.org\/wp-content\/uploads\/2026\/05\/Congregazione-Missionaria-Sorelle-di-Santa-Gemma.jpg","datePublished":"2026-05-03T09:26:13+00:00","dateModified":"2026-07-18T08:34:08+00:00","description":"La Congregaci\u00f3n Misionera de las Hermanas de Santa Gemma naci\u00f3 el 4 de mayo de 1939 en Camigliano Santa Gemma, Lucca. La fundadora es la Venerable Madre","breadcrumb":{"@id":"https:\/\/spaziospadoni.org\/es\/congregaciones\/congregacion-de-las-hermanas-de-santa-gemma\/#breadcrumb"},"inLanguage":"es-ES","potentialAction":[{"@type":"ReadAction","target":["https:\/\/spaziospadoni.org\/es\/congregaciones\/congregacion-de-las-hermanas-de-santa-gemma\/"]}]},{"@type":"ImageObject","inLanguage":"es-ES","@id":"https:\/\/spaziospadoni.org\/es\/congregaciones\/congregacion-de-las-hermanas-de-santa-gemma\/#primaryimage","url":"https:\/\/spaziospadoni.org\/wp-content\/uploads\/2026\/05\/Congregazione-Missionaria-Sorelle-di-Santa-Gemma.jpg","contentUrl":"https:\/\/spaziospadoni.org\/wp-content\/uploads\/2026\/05\/Congregazione-Missionaria-Sorelle-di-Santa-Gemma.jpg"},{"@type":"BreadcrumbList","@id":"https:\/\/spaziospadoni.org\/es\/congregaciones\/congregacion-de-las-hermanas-de-santa-gemma\/#breadcrumb","itemListElement":[{"@type":"ListItem","position":1,"name":"Home","item":"https:\/\/spaziospadoni.org\/es\/"},{"@type":"ListItem","position":2,"name":"Congregaciones","item":"https:\/\/spaziospadoni.org\/es\/congregaciones\/"},{"@type":"ListItem","position":3,"name":"Congregaci\u00f3n de las Hermanas de Santa Gemma"}]},{"@type":"WebSite","@id":"https:\/\/spaziospadoni.org\/es\/#website","url":"https:\/\/spaziospadoni.org\/es\/","name":"spazio + spadoni","description":"Generazione di misericordia e missione nel mondo","publisher":{"@id":"https:\/\/spaziospadoni.org\/es\/#organization"},"alternateName":"spaziospadoni.org","potentialAction":[{"@type":"SearchAction","target":{"@type":"EntryPoint","urlTemplate":"https:\/\/spaziospadoni.org\/es\/?s={search_term_string}"},"query-input":{"@type":"PropertyValueSpecification","valueRequired":true,"valueName":"search_term_string"}}],"inLanguage":"es-ES"},{"@type":"Organization","@id":"https:\/\/spaziospadoni.org\/es\/#organization","name":"spazio + spadoni","alternateName":"spaziospadoni.org","url":"https:\/\/spaziospadoni.org\/es\/","logo":{"@type":"ImageObject","inLanguage":"es-ES","@id":"https:\/\/spaziospadoni.org\/es\/#\/schema\/logo\/image\/","url":"https:\/\/spaziospadoni.org\/wp-content\/uploads\/2026\/05\/spazio-spadoni-logo-100x100-1.webp","contentUrl":"https:\/\/spaziospadoni.org\/wp-content\/uploads\/2026\/05\/spazio-spadoni-logo-100x100-1.webp","width":100,"height":100,"caption":"spazio + spadoni"},"image":{"@id":"https:\/\/spaziospadoni.org\/es\/#\/schema\/logo\/image\/"},"sameAs":["https:\/\/www.facebook.com\/SpazioSpadoni\/","https:\/\/www.instagram.com\/spaziospadoni\/","https:\/\/www.youtube.com\/@spaziospadoni\/playlists"]}]}},"_links":{"self":[{"href":"https:\/\/spaziospadoni.org\/es\/wp-json\/wp\/v2\/pages\/60258","targetHints":{"allow":["GET"]}}],"collection":[{"href":"https:\/\/spaziospadoni.org\/es\/wp-json\/wp\/v2\/pages"}],"about":[{"href":"https:\/\/spaziospadoni.org\/es\/wp-json\/wp\/v2\/types\/page"}],"author":[{"embeddable":true,"href":"https:\/\/spaziospadoni.org\/es\/wp-json\/wp\/v2\/users\/102"}],"replies":[{"embeddable":true,"href":"https:\/\/spaziospadoni.org\/es\/wp-json\/wp\/v2\/comments?post=60258"}],"version-history":[{"count":0,"href":"https:\/\/spaziospadoni.org\/es\/wp-json\/wp\/v2\/pages\/60258\/revisions"}],"up":[{"embeddable":true,"href":"https:\/\/spaziospadoni.org\/es\/wp-json\/wp\/v2\/pages\/60096"}],"wp:attachment":[{"href":"https:\/\/spaziospadoni.org\/es\/wp-json\/wp\/v2\/media?parent=60258"}],"curies":[{"name":"wp","href":"https:\/\/api.w.org\/{rel}","templated":true}]}}