{"id":61846,"date":"2026-05-20T10:31:24","date_gmt":"2026-05-20T09:31:24","guid":{"rendered":"https:\/\/spaziospadoni.org\/congregaciones\/congregazione-religieuses-de-la-sainte-famille-dhelmet\/"},"modified":"2026-08-21T11:25:23","modified_gmt":"2026-08-21T10:25:23","slug":"congregacion-de-las-religiosas-de-la-sagrada-familia-de-helmet","status":"publish","type":"page","link":"https:\/\/spaziospadoni.org\/es\/congregaciones\/congregacion-de-las-religiosas-de-la-sagrada-familia-de-helmet\/","title":{"rendered":"Congregaci\u00f3n de las Religiosas de la Sagrada Familia de Helmet"},"content":{"rendered":"\n<p class=\"wp-block-paragraph\">La congregaci\u00f3n Religiosas de la Sagrada Familia de Helmet fue fundada el\u00a0<strong>3 de junio de 1856<\/strong>\u00a0<strong>por Rosalie, Henriette y M\u00e9lanie Van Biervliet<\/strong>\u00a0(d\u00eda de la profesi\u00f3n religiosa) en Helmet, B\u00e9lgica, actual Casa General. Cuenta con varias comunidades en Europa (B\u00e9lgica), \u00c1frica (Congo, Ruanda, Mozambique) y Am\u00e9rica (Guatemala y Honduras).<\/p>\n\n\n<div class=\"wp-block-image\">\n<figure class=\"aligncenter size-medium\"><img decoding=\"async\" width=\"267\" height=\"300\" src=\"https:\/\/spaziospadoni.org\/wp-content\/uploads\/2026\/05\/Religieuses-De-La-Sainte-Famille-dHelmet-Logo-267x300.png\" alt=\"Religieuses-De-La-Sainte-Famille-dHelmet-Logo\" class=\"wp-image-47635\" srcset=\"https:\/\/spaziospadoni.org\/wp-content\/uploads\/2026\/05\/Religieuses-De-La-Sainte-Famille-dHelmet-Logo-267x300.png 267w, https:\/\/spaziospadoni.org\/wp-content\/uploads\/2026\/05\/Religieuses-De-La-Sainte-Famille-dHelmet-Logo-768x864.png 768w, https:\/\/spaziospadoni.org\/wp-content\/uploads\/2026\/05\/Religieuses-De-La-Sainte-Famille-dHelmet-Logo.png 800w\" sizes=\"(max-width: 267px) 100vw, 267px\" \/><\/figure>\n<\/div>\n\n\n<p class=\"wp-block-paragraph\">En la familia Van Biervliet nacieron diez hijos, cinco de los cuales murieron j\u00f3venes. El mayor, Louis, sobrevivi\u00f3 junto con cuatro hermanas. Louis se hizo m\u00e9dico, mientras que las cuatro hermanas decidieron abrir una escuela, el colegio Sainte Marie, en 1829, al que se dedicaron uniendo sus talentos innatos. La ense\u00f1anza en Sainte Marie ten\u00eda como objetivo principal formar el juicio. De ah\u00ed su m\u00e9todo: \u201cobserva-examina-concluye\u201d. El objetivo de las hermanas Van Biervliet era educar a las j\u00f3venes en el esp\u00edritu de familia, sensibilizarlas y hacerlas conscientes de la sociedad en la que viv\u00edan.&nbsp;<\/p>\n\n\n\n<p class=\"wp-block-paragraph\">Por su profunda fe en el valor de la vida consagrada, respondiendo a una llamada recibida, tres de ellas se consagraron a Dios en la vida religiosa y fundaron la Congregaci\u00f3n el 3 de junio de 1856. La otra, Virginie, continu\u00f3 trabajando en la obra, pero sin consagrarse a la vida religiosa.&nbsp;&nbsp;<\/p>\n\n\n\n<p class=\"wp-block-paragraph\">La Congregaci\u00f3n cuenta actualmente con unas&nbsp;<strong>130 religiosas<\/strong>. En \u00c1frica hay varias comunidades, concretamente en&nbsp;<strong>Ruanda, Rep\u00fablica Democr\u00e1tica del Congo, Camer\u00fan y Mozambique<\/strong>,&nbsp;pero tambi\u00e9n est\u00e1n presentes en&nbsp;<strong>B\u00e9lgica, M\u00e9xico, Guatemala y Honduras<\/strong>.&nbsp;<\/p>\n\n\n\n<h2 id=\"h-carisma-nbsp\" class=\"wp-block-heading\"><strong>Carisma<\/strong> <\/h2>\n\n\n\n<p class=\"wp-block-paragraph\">El carisma se expresa en esta frase: \u201c<strong>Recorre fielmente la vida oculta e interior de Jes\u00fas, Mar\u00eda y Jos\u00e9 en Nazaret<\/strong>\u201d.&nbsp;Tras recibir el don del Esp\u00edritu, las hermanas Van Biervliet, deseosas de formar, acompa\u00f1ar y \u201c<strong>hacer el bien<\/strong>\u201d, se dedicaron a la educaci\u00f3n y a la ense\u00f1anza, conscientes de que este servicio conducir\u00eda a la realizaci\u00f3n de todas las personas.&nbsp;Este carisma se concreta hoy en diversas actividades, entre ellas la ense\u00f1anza, el cuidado de los enfermos, el servicio a los m\u00e1s pobres, el compromiso en la Iglesia (pastoral familiar) y la catequesis escolar.&nbsp;La Congregaci\u00f3n vive el esp\u00edritu de las hermanas Van Biervliet como una familia:&nbsp;<strong>fe, uni\u00f3n, confianza, apertura, respeto personal y mutuo, gusto y compromiso por el trabajo, capacidad administrativa, sencillez y discreci\u00f3n<\/strong>.&nbsp;&nbsp;<\/p>\n\n\n\n<p class=\"wp-block-paragraph\">El lema que gu\u00eda a las hermanas es \u201cnon fallit te Deus\u201d.&nbsp;<\/p>\n\n\n\n<h2 id=\"h-contatti-nbsp\" class=\"wp-block-heading\">\u202f<strong>Contactos<\/strong> <\/h2>\n\n\n\n<p class=\"wp-block-paragraph\">Casa General \u2013 Religieuses de la Sainte Famille d\u2019Helmet Avenue Zenobe Gramme 114 \u2013 1030 Bruselas<br>Tel. 02 216 63 36<\/p>\n\n\n\n<p class=\"wp-block-paragraph\"><a href=\"mailto:religieusesfh@gmail.com\" title=\"religieusesfh@gmail.com\">religieusesfh@gmail.com<\/a>&nbsp;<\/p>\n\n\n\n<p class=\"wp-block-paragraph\"><a href=\"https:\/\/www.sainte-famille.be\/les-religieuses\/\" target=\"_blank\" rel=\"noreferrer noopener nofollow\" title=\"https:\/\/www.sainte-famille.be\/les-religieuses\/\">https:\/\/www.sainte-famille.be\/les-religieuses\/<\/a><\/p>\n","protected":false},"excerpt":{"rendered":"<p>La congregaci\u00f3n Religiosas de la Sagrada Familia de Helmet fue fundada el\u00a03 de junio de 1856\u00a0por Rosalie, Henriette y M\u00e9lanie Van Biervliet\u00a0(d\u00eda de la profesi\u00f3n religiosa) en Helmet, B\u00e9lgica, actual Casa General. Cuenta con varias comunidades en Europa (B\u00e9lgica), \u00c1frica (Congo, Ruanda, Mozambique) y Am\u00e9rica (Guatemala y Honduras). En la familia Van Biervliet nacieron diez &#8230; <a title=\"Congregaci\u00f3n de las Religiosas de la Sagrada Familia de Helmet\" class=\"read-more\" href=\"https:\/\/spaziospadoni.org\/es\/congregaciones\/congregacion-de-las-religiosas-de-la-sagrada-familia-de-helmet\/\" aria-label=\"Read more about Congregaci\u00f3n de las Religiosas de la Sagrada Familia de Helmet\">Leer m\u00e1s<\/a><\/p>\n","protected":false},"author":102,"featured_media":0,"parent":60096,"menu_order":0,"comment_status":"closed","ping_status":"closed","template":"","meta":{"_sitemap_exclude":false,"_sitemap_priority":"","_sitemap_frequency":"","footnotes":""},"class_list":["post-61846","page","type-page","status-publish","infinite-scroll-item"],"yoast_head":"<!-- This site is optimized with the Yoast SEO plugin v28.4 - https:\/\/yoast.com\/product\/yoast-seo-wordpress\/ -->\n<title>Congregaci\u00f3n de las Religiosas de la Sagrada Familia de Helmet | Spazio Spadoni<\/title>\n<meta name=\"description\" content=\"La congregaci\u00f3n Religiosas de la Sagrada Familia de Helmet fue fundada el\u00a03 de junio de 1856\u00a0por Rosalie, Henriette y M\u00e9lanie Van Biervliet\u00a0(d\u00eda de la\" \/>\n<meta name=\"robots\" content=\"index, follow, max-snippet:-1, max-image-preview:large, max-video-preview:-1\" \/>\n<link rel=\"canonical\" href=\"https:\/\/spaziospadoni.org\/es\/congregaciones\/congregacion-de-las-religiosas-de-la-sagrada-familia-de-helmet\/\" \/>\n<meta property=\"og:locale\" content=\"es_ES\" \/>\n<meta property=\"og:type\" content=\"article\" \/>\n<meta property=\"og:title\" content=\"Congregaci\u00f3n de las Religiosas de la Sagrada Familia de Helmet | Spazio Spadoni\" \/>\n<meta property=\"og:description\" content=\"La congregaci\u00f3n Religiosas de la Sagrada Familia de Helmet fue fundada el\u00a03 de junio de 1856\u00a0por Rosalie, Henriette y M\u00e9lanie Van Biervliet\u00a0(d\u00eda de la\" \/>\n<meta property=\"og:url\" content=\"https:\/\/spaziospadoni.org\/es\/congregaciones\/congregacion-de-las-religiosas-de-la-sagrada-familia-de-helmet\/\" \/>\n<meta property=\"og:site_name\" content=\"spazio + spadoni\" \/>\n<meta property=\"article:publisher\" content=\"https:\/\/www.facebook.com\/SpazioSpadoni\/\" \/>\n<meta property=\"article:modified_time\" content=\"2026-08-21T10:25:23+00:00\" \/>\n<meta property=\"og:image\" content=\"https:\/\/spaziospadoni.org\/wp-content\/uploads\/2026\/05\/Religieuses-De-La-Sainte-Famille-dHelmet-Logo.png\" \/>\n\t<meta property=\"og:image:width\" content=\"800\" \/>\n\t<meta property=\"og:image:height\" content=\"900\" \/>\n\t<meta property=\"og:image:type\" content=\"image\/png\" \/>\n<meta name=\"twitter:card\" content=\"summary_large_image\" \/>\n<meta name=\"twitter:label1\" content=\"Est. reading time\" \/>\n\t<meta name=\"twitter:data1\" content=\"3 minutes\" \/>\n<script type=\"application\/ld+json\" class=\"yoast-schema-graph\">{\"@context\":\"https:\\\/\\\/schema.org\",\"@graph\":[{\"@type\":\"WebPage\",\"@id\":\"https:\\\/\\\/spaziospadoni.org\\\/es\\\/congregaciones\\\/congregacion-de-las-religiosas-de-la-sagrada-familia-de-helmet\\\/\",\"url\":\"https:\\\/\\\/spaziospadoni.org\\\/es\\\/congregaciones\\\/congregacion-de-las-religiosas-de-la-sagrada-familia-de-helmet\\\/\",\"name\":\"Congregaci\u00f3n de las Religiosas de la Sagrada Familia de Helmet | Spazio Spadoni\",\"isPartOf\":{\"@id\":\"https:\\\/\\\/spaziospadoni.org\\\/es\\\/#website\"},\"primaryImageOfPage\":{\"@id\":\"https:\\\/\\\/spaziospadoni.org\\\/es\\\/congregaciones\\\/congregacion-de-las-religiosas-de-la-sagrada-familia-de-helmet\\\/#primaryimage\"},\"image\":{\"@id\":\"https:\\\/\\\/spaziospadoni.org\\\/es\\\/congregaciones\\\/congregacion-de-las-religiosas-de-la-sagrada-familia-de-helmet\\\/#primaryimage\"},\"thumbnailUrl\":\"https:\\\/\\\/spaziospadoni.org\\\/wp-content\\\/uploads\\\/2026\\\/05\\\/Religieuses-De-La-Sainte-Famille-dHelmet-Logo-267x300.png\",\"datePublished\":\"2026-05-20T09:31:24+00:00\",\"dateModified\":\"2026-08-21T10:25:23+00:00\",\"description\":\"La congregaci\u00f3n Religiosas de la Sagrada Familia de Helmet fue fundada el\u00a03 de junio de 1856\u00a0por Rosalie, Henriette y M\u00e9lanie Van Biervliet\u00a0(d\u00eda de la\",\"breadcrumb\":{\"@id\":\"https:\\\/\\\/spaziospadoni.org\\\/es\\\/congregaciones\\\/congregacion-de-las-religiosas-de-la-sagrada-familia-de-helmet\\\/#breadcrumb\"},\"inLanguage\":\"es-ES\",\"potentialAction\":[{\"@type\":\"ReadAction\",\"target\":[\"https:\\\/\\\/spaziospadoni.org\\\/es\\\/congregaciones\\\/congregacion-de-las-religiosas-de-la-sagrada-familia-de-helmet\\\/\"]}]},{\"@type\":\"ImageObject\",\"inLanguage\":\"es-ES\",\"@id\":\"https:\\\/\\\/spaziospadoni.org\\\/es\\\/congregaciones\\\/congregacion-de-las-religiosas-de-la-sagrada-familia-de-helmet\\\/#primaryimage\",\"url\":\"https:\\\/\\\/spaziospadoni.org\\\/wp-content\\\/uploads\\\/2026\\\/05\\\/Religieuses-De-La-Sainte-Famille-dHelmet-Logo-267x300.png\",\"contentUrl\":\"https:\\\/\\\/spaziospadoni.org\\\/wp-content\\\/uploads\\\/2026\\\/05\\\/Religieuses-De-La-Sainte-Famille-dHelmet-Logo-267x300.png\"},{\"@type\":\"BreadcrumbList\",\"@id\":\"https:\\\/\\\/spaziospadoni.org\\\/es\\\/congregaciones\\\/congregacion-de-las-religiosas-de-la-sagrada-familia-de-helmet\\\/#breadcrumb\",\"itemListElement\":[{\"@type\":\"ListItem\",\"position\":1,\"name\":\"Home\",\"item\":\"https:\\\/\\\/spaziospadoni.org\\\/es\\\/\"},{\"@type\":\"ListItem\",\"position\":2,\"name\":\"Congregaciones\",\"item\":\"https:\\\/\\\/spaziospadoni.org\\\/es\\\/congregaciones\\\/\"},{\"@type\":\"ListItem\",\"position\":3,\"name\":\"Congregaci\u00f3n de las Religiosas de la Sagrada Familia de Helmet\"}]},{\"@type\":\"WebSite\",\"@id\":\"https:\\\/\\\/spaziospadoni.org\\\/es\\\/#website\",\"url\":\"https:\\\/\\\/spaziospadoni.org\\\/es\\\/\",\"name\":\"spazio + spadoni\",\"description\":\"Generazione di misericordia e missione nel mondo\",\"publisher\":{\"@id\":\"https:\\\/\\\/spaziospadoni.org\\\/es\\\/#organization\"},\"alternateName\":\"spaziospadoni.org\",\"potentialAction\":[{\"@type\":\"SearchAction\",\"target\":{\"@type\":\"EntryPoint\",\"urlTemplate\":\"https:\\\/\\\/spaziospadoni.org\\\/es\\\/?s={search_term_string}\"},\"query-input\":{\"@type\":\"PropertyValueSpecification\",\"valueRequired\":true,\"valueName\":\"search_term_string\"}}],\"inLanguage\":\"es-ES\"},{\"@type\":\"Organization\",\"@id\":\"https:\\\/\\\/spaziospadoni.org\\\/es\\\/#organization\",\"name\":\"spazio + spadoni\",\"alternateName\":\"spaziospadoni.org\",\"url\":\"https:\\\/\\\/spaziospadoni.org\\\/es\\\/\",\"logo\":{\"@type\":\"ImageObject\",\"inLanguage\":\"es-ES\",\"@id\":\"https:\\\/\\\/spaziospadoni.org\\\/es\\\/#\\\/schema\\\/logo\\\/image\\\/\",\"url\":\"https:\\\/\\\/spaziospadoni.org\\\/wp-content\\\/uploads\\\/2026\\\/05\\\/spazio-spadoni-logo-100x100-1.webp\",\"contentUrl\":\"https:\\\/\\\/spaziospadoni.org\\\/wp-content\\\/uploads\\\/2026\\\/05\\\/spazio-spadoni-logo-100x100-1.webp\",\"width\":100,\"height\":100,\"caption\":\"spazio + spadoni\"},\"image\":{\"@id\":\"https:\\\/\\\/spaziospadoni.org\\\/es\\\/#\\\/schema\\\/logo\\\/image\\\/\"},\"sameAs\":[\"https:\\\/\\\/www.facebook.com\\\/SpazioSpadoni\\\/\",\"https:\\\/\\\/www.instagram.com\\\/spaziospadoni\\\/\",\"https:\\\/\\\/www.youtube.com\\\/@spaziospadoni\\\/playlists\"]}]}<\/script>\n<!-- \/ Yoast SEO plugin. -->","yoast_head_json":{"title":"Congregaci\u00f3n de las Religiosas de la Sagrada Familia de Helmet | Spazio Spadoni","description":"La congregaci\u00f3n Religiosas de la Sagrada Familia de Helmet fue fundada el\u00a03 de junio de 1856\u00a0por Rosalie, Henriette y M\u00e9lanie Van Biervliet\u00a0(d\u00eda de la","robots":{"index":"index","follow":"follow","max-snippet":"max-snippet:-1","max-image-preview":"max-image-preview:large","max-video-preview":"max-video-preview:-1"},"canonical":"https:\/\/spaziospadoni.org\/es\/congregaciones\/congregacion-de-las-religiosas-de-la-sagrada-familia-de-helmet\/","og_locale":"es_ES","og_type":"article","og_title":"Congregaci\u00f3n de las Religiosas de la Sagrada Familia de Helmet | Spazio Spadoni","og_description":"La congregaci\u00f3n Religiosas de la Sagrada Familia de Helmet fue fundada el\u00a03 de junio de 1856\u00a0por Rosalie, Henriette y M\u00e9lanie Van Biervliet\u00a0(d\u00eda de la","og_url":"https:\/\/spaziospadoni.org\/es\/congregaciones\/congregacion-de-las-religiosas-de-la-sagrada-familia-de-helmet\/","og_site_name":"spazio + spadoni","article_publisher":"https:\/\/www.facebook.com\/SpazioSpadoni\/","article_modified_time":"2026-08-21T10:25:23+00:00","og_image":[{"width":800,"height":900,"url":"https:\/\/spaziospadoni.org\/wp-content\/uploads\/2026\/05\/Religieuses-De-La-Sainte-Famille-dHelmet-Logo.png","type":"image\/png"}],"twitter_card":"summary_large_image","twitter_misc":{"Est. reading time":"3 minutes"},"schema":{"@context":"https:\/\/schema.org","@graph":[{"@type":"WebPage","@id":"https:\/\/spaziospadoni.org\/es\/congregaciones\/congregacion-de-las-religiosas-de-la-sagrada-familia-de-helmet\/","url":"https:\/\/spaziospadoni.org\/es\/congregaciones\/congregacion-de-las-religiosas-de-la-sagrada-familia-de-helmet\/","name":"Congregaci\u00f3n de las Religiosas de la Sagrada Familia de Helmet | Spazio Spadoni","isPartOf":{"@id":"https:\/\/spaziospadoni.org\/es\/#website"},"primaryImageOfPage":{"@id":"https:\/\/spaziospadoni.org\/es\/congregaciones\/congregacion-de-las-religiosas-de-la-sagrada-familia-de-helmet\/#primaryimage"},"image":{"@id":"https:\/\/spaziospadoni.org\/es\/congregaciones\/congregacion-de-las-religiosas-de-la-sagrada-familia-de-helmet\/#primaryimage"},"thumbnailUrl":"https:\/\/spaziospadoni.org\/wp-content\/uploads\/2026\/05\/Religieuses-De-La-Sainte-Famille-dHelmet-Logo-267x300.png","datePublished":"2026-05-20T09:31:24+00:00","dateModified":"2026-08-21T10:25:23+00:00","description":"La congregaci\u00f3n Religiosas de la Sagrada Familia de Helmet fue fundada el\u00a03 de junio de 1856\u00a0por Rosalie, Henriette y M\u00e9lanie Van Biervliet\u00a0(d\u00eda de la","breadcrumb":{"@id":"https:\/\/spaziospadoni.org\/es\/congregaciones\/congregacion-de-las-religiosas-de-la-sagrada-familia-de-helmet\/#breadcrumb"},"inLanguage":"es-ES","potentialAction":[{"@type":"ReadAction","target":["https:\/\/spaziospadoni.org\/es\/congregaciones\/congregacion-de-las-religiosas-de-la-sagrada-familia-de-helmet\/"]}]},{"@type":"ImageObject","inLanguage":"es-ES","@id":"https:\/\/spaziospadoni.org\/es\/congregaciones\/congregacion-de-las-religiosas-de-la-sagrada-familia-de-helmet\/#primaryimage","url":"https:\/\/spaziospadoni.org\/wp-content\/uploads\/2026\/05\/Religieuses-De-La-Sainte-Famille-dHelmet-Logo-267x300.png","contentUrl":"https:\/\/spaziospadoni.org\/wp-content\/uploads\/2026\/05\/Religieuses-De-La-Sainte-Famille-dHelmet-Logo-267x300.png"},{"@type":"BreadcrumbList","@id":"https:\/\/spaziospadoni.org\/es\/congregaciones\/congregacion-de-las-religiosas-de-la-sagrada-familia-de-helmet\/#breadcrumb","itemListElement":[{"@type":"ListItem","position":1,"name":"Home","item":"https:\/\/spaziospadoni.org\/es\/"},{"@type":"ListItem","position":2,"name":"Congregaciones","item":"https:\/\/spaziospadoni.org\/es\/congregaciones\/"},{"@type":"ListItem","position":3,"name":"Congregaci\u00f3n de las Religiosas de la Sagrada Familia de Helmet"}]},{"@type":"WebSite","@id":"https:\/\/spaziospadoni.org\/es\/#website","url":"https:\/\/spaziospadoni.org\/es\/","name":"spazio + spadoni","description":"Generazione di misericordia e missione nel mondo","publisher":{"@id":"https:\/\/spaziospadoni.org\/es\/#organization"},"alternateName":"spaziospadoni.org","potentialAction":[{"@type":"SearchAction","target":{"@type":"EntryPoint","urlTemplate":"https:\/\/spaziospadoni.org\/es\/?s={search_term_string}"},"query-input":{"@type":"PropertyValueSpecification","valueRequired":true,"valueName":"search_term_string"}}],"inLanguage":"es-ES"},{"@type":"Organization","@id":"https:\/\/spaziospadoni.org\/es\/#organization","name":"spazio + spadoni","alternateName":"spaziospadoni.org","url":"https:\/\/spaziospadoni.org\/es\/","logo":{"@type":"ImageObject","inLanguage":"es-ES","@id":"https:\/\/spaziospadoni.org\/es\/#\/schema\/logo\/image\/","url":"https:\/\/spaziospadoni.org\/wp-content\/uploads\/2026\/05\/spazio-spadoni-logo-100x100-1.webp","contentUrl":"https:\/\/spaziospadoni.org\/wp-content\/uploads\/2026\/05\/spazio-spadoni-logo-100x100-1.webp","width":100,"height":100,"caption":"spazio + spadoni"},"image":{"@id":"https:\/\/spaziospadoni.org\/es\/#\/schema\/logo\/image\/"},"sameAs":["https:\/\/www.facebook.com\/SpazioSpadoni\/","https:\/\/www.instagram.com\/spaziospadoni\/","https:\/\/www.youtube.com\/@spaziospadoni\/playlists"]}]}},"_links":{"self":[{"href":"https:\/\/spaziospadoni.org\/es\/wp-json\/wp\/v2\/pages\/61846","targetHints":{"allow":["GET"]}}],"collection":[{"href":"https:\/\/spaziospadoni.org\/es\/wp-json\/wp\/v2\/pages"}],"about":[{"href":"https:\/\/spaziospadoni.org\/es\/wp-json\/wp\/v2\/types\/page"}],"author":[{"embeddable":true,"href":"https:\/\/spaziospadoni.org\/es\/wp-json\/wp\/v2\/users\/102"}],"replies":[{"embeddable":true,"href":"https:\/\/spaziospadoni.org\/es\/wp-json\/wp\/v2\/comments?post=61846"}],"version-history":[{"count":1,"href":"https:\/\/spaziospadoni.org\/es\/wp-json\/wp\/v2\/pages\/61846\/revisions"}],"predecessor-version":[{"id":91526,"href":"https:\/\/spaziospadoni.org\/es\/wp-json\/wp\/v2\/pages\/61846\/revisions\/91526"}],"up":[{"embeddable":true,"href":"https:\/\/spaziospadoni.org\/es\/wp-json\/wp\/v2\/pages\/60096"}],"wp:attachment":[{"href":"https:\/\/spaziospadoni.org\/es\/wp-json\/wp\/v2\/media?parent=61846"}],"curies":[{"name":"wp","href":"https:\/\/api.w.org\/{rel}","templated":true}]}}