{"id":62019,"date":"2026-04-30T19:34:44","date_gmt":"2026-04-30T18:34:44","guid":{"rendered":"https:\/\/spaziospadoni.org\/repubblica-democratica-del-congo-africa-progetto-1-di-72\/"},"modified":"2026-08-01T11:10:42","modified_gmt":"2026-08-01T10:10:42","slug":"republica-democratica-del-congo-africa-proyecto-1-de-72","status":"publish","type":"page","link":"https:\/\/spaziospadoni.org\/es\/hic-sum\/republica-democratica-del-congo-africa-proyecto-1-de-72\/","title":{"rendered":"Rep\u00fablica Democr\u00e1tica del Congo \u2013 \u00c1frica | Proyecto #1 de 72"},"content":{"rendered":"\n<div class=\"ss-project-hero-card\">\n<h2 id=\"sor-jacqueline-kavimvira-republica-democratica-del-congo\" class=\"gb-text gb-text-62a95885\">Sor Jacqueline \u2013 Kavimvira (Rep\u00fablica Democr\u00e1tica del Congo)<\/h2>\n\n\n\n<div class=\"gb-element-f60f2409\">\n<div class=\"gb-element-90a85740 ss-project-sidebar\">\n<h2 id=\"proyecto-1-de-72\" class=\"gb-text ss-project-title\">PROYECTO 1 de 72<\/h2>\n\n\n\n<figure class=\"wp-block-image size-large\"><img decoding=\"async\" width=\"1024\" height=\"709\" src=\"https:\/\/spaziospadoni.org\/wp-content\/uploads\/2026\/05\/hicsum_1_congo-spaziospadoni-1024x709.png\" alt=\"HIC SUM Congo spazio spadoni\" class=\"wp-image-43007\" srcset=\"https:\/\/spaziospadoni.org\/wp-content\/uploads\/2026\/05\/hicsum_1_congo-spaziospadoni-1024x709.png 1024w, https:\/\/spaziospadoni.org\/wp-content\/uploads\/2026\/05\/hicsum_1_congo-spaziospadoni-300x208.png 300w, https:\/\/spaziospadoni.org\/wp-content\/uploads\/2026\/05\/hicsum_1_congo-spaziospadoni-768x531.png 768w, https:\/\/spaziospadoni.org\/wp-content\/uploads\/2026\/05\/hicsum_1_congo-spaziospadoni-1536x1063.png 1536w, https:\/\/spaziospadoni.org\/wp-content\/uploads\/2026\/05\/hicsum_1_congo-spaziospadoni-2048x1417.png 2048w\" sizes=\"(max-width: 1024px) 100vw, 1024px\" \/><\/figure>\n\n\n\n<div class=\"ss-project-table\">\n<div class=\"ss-table-section-title\">\n<h3 id=\"mision\" class=\"gb-text\">MISI\u00d3N<\/h3>\n<\/div>\n\n\n\n<div class=\"ss-table-row\">\n<p class=\"gb-text\">Lugar<\/p>\n\n\n\n<p class=\"gb-text\">Kavimvira<\/p>\n<\/div>\n\n\n\n<div class=\"ss-table-row\">\n<p class=\"gb-text\">Di\u00f3cesis<\/p>\n\n\n\n<p class=\"gb-text\">Uvira<\/p>\n<\/div>\n\n\n\n<div class=\"ss-table-row\">\n<p class=\"gb-text\">Pa\u00eds<\/p>\n\n\n\n<p class=\"gb-text\"><strong>Rep\u00fablica Democr\u00e1tica del Congo<\/strong><\/p>\n<\/div>\n\n\n\n<div class=\"ss-table-row\">\n<p class=\"gb-text\">Continente<\/p>\n\n\n\n<p class=\"gb-text\">\u00c1frica<\/p>\n<\/div>\n\n\n\n<div class=\"ss-table-row\">\n<p class=\"gb-text\">Coordenadas GPS<\/p>\n\n\n\n<p class=\"gb-text\">-3.35207 29.15180<\/p>\n<\/div>\n\n\n\n<div class=\"ss-table-row\">\n<p class=\"gb-text\">Zona horaria<\/p>\n\n\n\n<p class=\"gb-text\">UTC+2<\/p>\n<\/div>\n<\/div>\n\n\n\n<div class=\"ss-project-table\">\n<div class=\"ss-table-section-title\">\n<h3 id=\"congregacion\" class=\"gb-text\">CONGREGACI\u00d3N<\/h3>\n<\/div>\n\n\n\n<div class=\"ss-table-row\">\n<p class=\"gb-text\">Congregaci\u00f3n<\/p>\n\n\n\n<p class=\"gb-text\"><a href=\"https:\/\/spaziospadoni.org\/es\/congregaciones\/congregacion-de-las-hermanas-de-santa-gemma\/\" title=\"Congregaci\u00f3n Misionera Hermanas de Santa Gemma\">Congregaci\u00f3n Misionera Hermanas de Santa Gemma<\/a><\/p>\n<\/div>\n\n\n\n<div class=\"ss-table-row\">\n<p class=\"gb-text\">Casa Madre<\/p>\n\n\n\n<p class=\"gb-text\">Camigliano Santa Gemma (LU)<\/p>\n<\/div>\n\n\n\n<div class=\"ss-table-row\">\n<p class=\"gb-text\">Di\u00f3cesis<\/p>\n\n\n\n<p class=\"gb-text\">Lucca<\/p>\n<\/div>\n\n\n\n<div class=\"ss-table-row\">\n<p class=\"gb-text\">Pa\u00eds<\/p>\n\n\n\n<p class=\"gb-text\">Italia<\/p>\n<\/div>\n\n\n\n<div class=\"ss-table-row\">\n<p class=\"gb-text\">Continente<\/p>\n\n\n\n<p class=\"gb-text\">Europa<\/p>\n<\/div>\n\n\n\n<div class=\"ss-table-row\">\n<p class=\"gb-text\">Fiesta de la Congregaci\u00f3n<\/p>\n\n\n\n<p class=\"gb-text\">26 de agosto<\/p>\n<\/div>\n\n\n\n<div class=\"ss-table-row\">\n<p class=\"gb-text\">Coordenadas GPS<\/p>\n\n\n\n<p class=\"gb-text\">43.86272 10.61067<\/p>\n<\/div>\n\n\n\n<div class=\"ss-table-row\">\n<p class=\"gb-text\">Zona horaria<\/p>\n\n\n\n<p class=\"gb-text\">UTC+1<\/p>\n<\/div>\n\n\n\n<div class=\"ss-table-row\">\n<p class=\"gb-text\">Referente<\/p>\n\n\n\n<p class=\"gb-text\">Sor Jacqueline, Sor Audacieuse<\/p>\n<\/div>\n\n\n\n<div class=\"ss-table-row\">\n<p class=\"gb-text\">Madre General<\/p>\n\n\n\n<p class=\"gb-text\">Sor Elisabetta Giussani<\/p>\n<\/div>\n\n\n\n<div class=\"ss-table-row\">\n<p class=\"gb-text\">Sitio web<\/p>\n\n\n\n<p class=\"gb-text\"><a href=\"https:\/\/www.suoresantagemma.it\/\" target=\"_blank\" rel=\"noreferrer noopener\" title=\"suoresantagemma.it\">suoresantagemma.it<\/a><\/p>\n<\/div>\n<\/div>\n\n\n\n<div class=\"ss-project-table\">\n<div class=\"ss-table-section-title\">\n<h3 id=\"entidad-de-formacion\" class=\"gb-text\">ENTIDAD DE FORMACI\u00d3N<\/h3>\n<\/div>\n\n\n\n<div class=\"ss-table-row\">\n<p class=\"gb-text\">Nombre<\/p>\n\n\n\n<p class=\"gb-text\"><a href=\"https:\/\/spaziospadoni.org\/es\/entidades-de-formacion\/arciconfraternita-di-misericordia-di-santa-gemma-galgani\/\" title=\"Misericordia Santa Gemma Galgani\">Misericordia Santa Gemma Galgani<\/a><\/p>\n<\/div>\n\n\n\n<div class=\"ss-table-row\">\n<p class=\"gb-text\">Lugar<\/p>\n\n\n\n<p class=\"gb-text\">Camigliano Santa Gemma (LU)<\/p>\n<\/div>\n\n\n\n<div class=\"ss-table-row\">\n<p class=\"gb-text\">Pa\u00eds<\/p>\n\n\n\n<p class=\"gb-text\">Italia<\/p>\n<\/div>\n\n\n\n<div class=\"ss-table-row\">\n<p class=\"gb-text\">Continente<\/p>\n\n\n\n<p class=\"gb-text\">Europa<\/p>\n<\/div>\n\n\n\n<div class=\"ss-table-row\">\n<p class=\"gb-text\">Coordenadas GPS<\/p>\n\n\n\n<p class=\"gb-text\">43.86621 10.60469<\/p>\n<\/div>\n\n\n\n<div class=\"ss-table-row\">\n<p class=\"gb-text\">Zona horaria<\/p>\n\n\n\n<p class=\"gb-text\">UTC+1<\/p>\n<\/div>\n\n\n\n<div class=\"ss-table-row\">\n<p class=\"gb-text\">Fecha de inicio<\/p>\n\n\n\n<p class=\"gb-text\">04\/09\/2020<\/p>\n<\/div>\n\n\n\n<div class=\"ss-table-row\">\n<p class=\"gb-text\">Fecha de finalizaci\u00f3n<\/p>\n\n\n\n<p class=\"gb-text\">Agosto de 2021<\/p>\n<\/div>\n\n\n\n<div class=\"ss-table-row\">\n<p class=\"gb-text\">Tutor<\/p>\n\n\n\n<p class=\"gb-text\">Catia Di Nardo<\/p>\n<\/div>\n<\/div>\n\n\n\n<div class=\"ss-project-table\">\n<div class=\"ss-table-section-title\">\n<h3 id=\"espacio-real\" class=\"gb-text\">ESPACIO REAL<\/h3>\n<\/div>\n\n\n\n<div class=\"ss-table-row\">\n<p class=\"gb-text\">Responsable del proyecto<\/p>\n\n\n\n<p class=\"gb-text\">Sor Audacieuse<\/p>\n<\/div>\n\n\n\n<div class=\"ss-table-row\">\n<p class=\"gb-text\">Fecha de inicio<\/p>\n\n\n\n<p class=\"gb-text\">Diciembre de 2023<\/p>\n<\/div>\n\n\n\n<div class=\"ss-table-row\">\n<p class=\"gb-text\">Tipolog\u00eda<\/p>\n\n\n\n<p class=\"gb-text\"><strong>Corte y confecci\u00f3n<\/strong><\/p>\n<\/div>\n<\/div>\n\n\n\n<div class=\"ss-project-table\">\n<a class=\"gb-element-e1766596 ss-table-section-button\" href=\"#\" title=\"OPERA M &#8211; PROYECTO M1\">\n<span class=\"gb-text\">OPERA M &#8211; PROYECTO M1<\/span>\n<\/a>\n<\/div>\n<\/div>\n<\/div>\n\n\n\n<div class=\"gb-element-6ad95ea8\">\n<div class=\"gb-element-e34063a6 ss-project-intro\"><div class=\"wp-block-image imgText\">\n<figure class=\"alignright size-full is-resized\"><img decoding=\"async\" width=\"300\" height=\"288\" src=\"https:\/\/spaziospadoni.org\/wp-content\/uploads\/2026\/04\/2025_marzo_volontari_opere_misericordia_spazio_spadoni_congo_uvira_kavimvira-2-e1753272291110-300x288-1.jpg\" alt=\"Voluntarios de las Obras de Misericordia entre Uvira y Kavimvira\" class=\"wp-image-42970\" style=\"aspect-ratio:1.0417058328798299;object-fit:cover;width:332px;height:auto\"\/><figcaption class=\"wp-element-caption\">Voluntarios en Uvira y Kavimvira<\/figcaption><\/figure>\n<\/div>\n\n\n<p class=\"gb-text\"><strong>El Pan de Misericordia reforzar\u00e1 una de las numerosas actividades existentes en la comunidad de las Hermanas de Santa Gemma: el corte y la confecci\u00f3n, en particular la elaboraci\u00f3n de ornamentos sagrados mediante el arte del bordado. La venta de ornamentos sagrados no est\u00e1 extendida en el pueblo de Kavimvira y, para adquirirlos, es necesario recorrer decenas de kil\u00f3metros. En diciembre de 2023, una joven titulada en corte y confecci\u00f3n fue enviada a Bukavu para realizar un curso de especializaci\u00f3n de seis meses en t\u00e9cnicas de bordado. Al finalizar el curso, las hermanas contratar\u00e1n a la joven para trabajar en su foyer, con la tarea espec\u00edfica de producir ornamentos sagrados bordados.<\/strong><\/p>\n\n\n\n<p class=\"wp-block-paragraph\">La hermana que lleva adelante el proyecto HIC SUM es sor Jacqueline, de la Congregaci\u00f3n Misionera Hermanas de Santa Gemma. En 2021, nada m\u00e1s regresar a Kavimvira, en la Rep\u00fablica Democr\u00e1tica del Congo, comenz\u00f3 a formar un grupo de habitantes de spazio + spadoni \u2014actualmente m\u00e1s de 30\u2014 que, junto con ella, se dedica a las\u00a0Obras de Misericordia\u00a0y que adopt\u00f3 el nombre de \u201cMisericorde Sainte Gemma \u2013 spazio + spadoni\u201d.<\/p>\n\n\n\n<p class=\"wp-block-paragraph\">Kavimvira es un pueblo situado en Kivu del Sur, en la frontera con Burundi y Ruanda. La situaci\u00f3n es muy inestable debido a las continuas guerras civiles y represalias para reivindicar territorios ricos en recursos como el oro y el colt\u00e1n.<\/p>\n\n\n<div class=\"wp-block-image imgText wp-duotone-unset-1\">\n<figure class=\"alignleft size-full is-resized\"><img decoding=\"async\" width=\"300\" height=\"300\" src=\"https:\/\/spaziospadoni.org\/wp-content\/uploads\/2026\/05\/Suor-Jacqueline-per-sito-300x300-1.png\" alt=\"Retrato de sor Jacqueline, referente del proyecto HIC SUM en Kavimvira\" class=\"wp-image-43002\" style=\"width:293px;height:auto\" srcset=\"https:\/\/spaziospadoni.org\/wp-content\/uploads\/2026\/05\/Suor-Jacqueline-per-sito-300x300-1.png 300w, https:\/\/spaziospadoni.org\/wp-content\/uploads\/2026\/05\/Suor-Jacqueline-per-sito-300x300-1-150x150.png 150w\" sizes=\"(max-width: 300px) 100vw, 300px\" \/><figcaption class=\"wp-element-caption\">Sor Jacqueline<\/figcaption><\/figure>\n<\/div>\n\n\n<p class=\"wp-block-paragraph\">La comunidad de las hermanas, situada entre las monta\u00f1as dominadas por los rebeldes, donde tienen lugar los enfrentamientos, y Ruanda, es un punto de referencia para los numerosos heridos que pueden recibir atenci\u00f3n y alivio en el dispensario gestionado por las hermanas.<\/p>\n\n\n\n<p class=\"wp-block-paragraph\">La estructura de las hermanas en Kavimvira es autosuficiente. Disponen de agua limpia gracias a un manantial cercano que las hermanas y los sacerdotes del lugar han conectado con las instalaciones mediante tuber\u00edas internas. Tambi\u00e9n cuentan con una cisterna de 5.000 litros que llenan con agua de pago y agua de lluvia.<\/p>\n\n\n\n<p class=\"wp-block-paragraph\">Al dispensario acuden aproximadamente entre 80 y 100 enfermos al d\u00eda para recibir consultas m\u00e9dicas. En 2020, la poblaci\u00f3n del \u00e1rea sanitaria para la que el dispensario constituye el centro de referencia era de 19.488 habitantes.<\/p>\n\n\n\n<p class=\"wp-block-paragraph\">Las patolog\u00edas m\u00e1s comunes son la malaria, las infecciones respiratorias, las enfermedades parasitarias y transmitidas por el agua, las infecciones de transmisi\u00f3n sexual, el sida, la tuberculosis, la lepra y la desnutrici\u00f3n. El dispensario tiene capacidad para 42 camas, con tres salas de observaci\u00f3n, sala de partos y posparto. Los servicios que ofrece son consultas, hospitalizaci\u00f3n, cirug\u00eda, maternidad y atenci\u00f3n a enfermos de sida y tuberculosis. En el dispensario tambi\u00e9n est\u00e1 activo el<strong>&nbsp;tratamiento de la desnutrici\u00f3n<\/strong>, organizado del siguiente modo: los jueves atienden a los ni\u00f1os cuyo estado de salud es moderado, actualmente 124; los viernes, a los casos m\u00e1s graves, ni\u00f1os que corren riesgo de morir y que actualmente son 67. Sin embargo, la lista de espera supera los 200 ni\u00f1os. No es posible atenderlos a todos por falta de recursos alimentarios; en cuanto un ni\u00f1o se recupera, avanza la lista de espera.<\/p>\n\n\n\n<p class=\"wp-block-paragraph\">A las madres de los ni\u00f1os desnutridos se les entregan alimentos para 15 d\u00edas.<\/p>\n\n\n\n<p class=\"wp-block-paragraph\">Adem\u00e1s del dispensario, tambi\u00e9n existe un&nbsp;<strong>FOYER<\/strong>&nbsp;que alberga una escuela de corte y confecci\u00f3n. Esta expide un certificado muy prestigioso, reconocido en el territorio y v\u00e1lido incluso para abrir un taller.<\/p>\n\n\n\n<p class=\"wp-block-paragraph\">El 29 de septiembre de 2021, sor Jacqueline cre\u00f3 la Association des Volontaires Misericorde Sainte Gemma \u2013 spazio + spadoni, con el apoyo del p\u00e1rroco local. La iniciativa comenz\u00f3 con nueve voluntarios y hoy cuenta con m\u00e1s de 30 y una organizaci\u00f3n estructurada. Su apostolado consiste en realizar Obras de Misericordia en Kavimvira y en los pueblos cercanos. Sor Jacqueline gu\u00eda espiritualmente a los voluntarios, record\u00e1ndoles que deben situar siempre en el centro de su labor el rostro de Cristo sufriente. En octubre de 2022 y febrero de 2023, un voluntario de la Misericordia de Santa Gemma realiz\u00f3 una experiencia misionera en Kavimvira, como testimonio del hermanamiento creado entre la Congregaci\u00f3n y la Cofrad\u00eda. Actualmente, sor Audacieuse se ocupa del grupo de voluntarios, ya que sor Jacqueline fue trasladada a una comunidad de Costa de Marfil.<\/p>\n<\/div>\n<\/div>\n\n\n\n<div>\n<h2 id=\"cronologia\" class=\"gb-text gb-text-8179e40a\">Cronolog\u00eda<\/h2>\n\n\n\n<div class=\"ss-timeline\">\n<h3 id=\"2020\" class=\"gb-text\">2020<\/h3>\n\n\n\n<div class=\"ss-timeline-item\">\n<h4 id=\"3108-inicio-de-la-relacion\" class=\"gb-text\">31.08 | Inicio de la relaci\u00f3n<\/h4>\n\n\n\n<p class=\"wp-block-paragraph\">Adhesi\u00f3n al proyecto HIC SUM por parte de las Hermanas de Santa Gemma y de la Misericordia Santa Gemma<\/p>\n\n\n\n<figure class=\"wp-block-gallery has-nested-images columns-1 is-cropped ss-lightbox wp-block-gallery-2 is-layout-flex wp-block-gallery-is-layout-flex\">\n<figure class=\"wp-block-image size-large\"><img decoding=\"async\" width=\"1024\" height=\"1013\" data-id=\"51257\" src=\"https:\/\/spaziospadoni.org\/wp-content\/uploads\/2026\/05\/Timeline-inizio-rapporto-F-suora-e-Don-D-copia-1024x1013.jpg\" alt=\"\" class=\"wp-image-51257\" srcset=\"https:\/\/spaziospadoni.org\/wp-content\/uploads\/2026\/05\/Timeline-inizio-rapporto-F-suora-e-Don-D-copia-1024x1013.jpg 1024w, https:\/\/spaziospadoni.org\/wp-content\/uploads\/2026\/05\/Timeline-inizio-rapporto-F-suora-e-Don-D-copia-300x297.jpg 300w, https:\/\/spaziospadoni.org\/wp-content\/uploads\/2026\/05\/Timeline-inizio-rapporto-F-suora-e-Don-D-copia-768x760.jpg 768w, https:\/\/spaziospadoni.org\/wp-content\/uploads\/2026\/05\/Timeline-inizio-rapporto-F-suora-e-Don-D-copia-1536x1520.jpg 1536w, https:\/\/spaziospadoni.org\/wp-content\/uploads\/2026\/05\/Timeline-inizio-rapporto-F-suora-e-Don-D-copia-2048x2026.jpg 2048w\" sizes=\"(max-width: 1024px) 100vw, 1024px\" \/><figcaption class=\"wp-element-caption\">Inicio de la relaci\u00f3n misionera<\/figcaption><\/figure>\n\n\n\n<figure class=\"wp-block-image size-large\"><img decoding=\"async\" width=\"1024\" height=\"430\" data-id=\"43042\" src=\"https:\/\/spaziospadoni.org\/wp-content\/uploads\/2026\/05\/Timeline-inizio-rapporto-F-suora-Luigi-e-Gloriosa-copia-2-1536x645-1-1024x430.jpg\" alt=\"Encuentro en la fase inicial del proyecto HIC SUM\" class=\"wp-image-43042\" srcset=\"https:\/\/spaziospadoni.org\/wp-content\/uploads\/2026\/05\/Timeline-inizio-rapporto-F-suora-Luigi-e-Gloriosa-copia-2-1536x645-1-1024x430.jpg 1024w, https:\/\/spaziospadoni.org\/wp-content\/uploads\/2026\/05\/Timeline-inizio-rapporto-F-suora-Luigi-e-Gloriosa-copia-2-1536x645-1-300x126.jpg 300w, https:\/\/spaziospadoni.org\/wp-content\/uploads\/2026\/05\/Timeline-inizio-rapporto-F-suora-Luigi-e-Gloriosa-copia-2-1536x645-1-768x323.jpg 768w, https:\/\/spaziospadoni.org\/wp-content\/uploads\/2026\/05\/Timeline-inizio-rapporto-F-suora-Luigi-e-Gloriosa-copia-2-1536x645-1.jpg 1536w\" sizes=\"(max-width: 1024px) 100vw, 1024px\" \/><figcaption class=\"wp-element-caption\">Encuentro con Luigi y Gloriosa<\/figcaption><\/figure>\n\n\n\n<figure class=\"wp-block-image size-large\"><img decoding=\"async\" width=\"947\" height=\"1024\" data-id=\"43044\" src=\"https:\/\/spaziospadoni.org\/wp-content\/uploads\/2026\/05\/Timiline-inizio-rapporto-F-suora-copia-1894x2048-1-947x1024.jpg\" alt=\"Fase inicial del proyecto HIC SUM con sor Jacqueline\" class=\"wp-image-43044\" srcset=\"https:\/\/spaziospadoni.org\/wp-content\/uploads\/2026\/05\/Timiline-inizio-rapporto-F-suora-copia-1894x2048-1-947x1024.jpg 947w, https:\/\/spaziospadoni.org\/wp-content\/uploads\/2026\/05\/Timiline-inizio-rapporto-F-suora-copia-1894x2048-1-277x300.jpg 277w, https:\/\/spaziospadoni.org\/wp-content\/uploads\/2026\/05\/Timiline-inizio-rapporto-F-suora-copia-1894x2048-1-768x830.jpg 768w, https:\/\/spaziospadoni.org\/wp-content\/uploads\/2026\/05\/Timiline-inizio-rapporto-F-suora-copia-1894x2048-1-1421x1536.jpg 1421w, https:\/\/spaziospadoni.org\/wp-content\/uploads\/2026\/05\/Timiline-inizio-rapporto-F-suora-copia-1894x2048-1.jpg 1894w\" sizes=\"(max-width: 947px) 100vw, 947px\" \/><figcaption class=\"wp-element-caption\">Inicio del proyecto HIC SUM<\/figcaption><\/figure>\n<\/figure>\n<\/div>\n\n\n\n<div class=\"ss-timeline-item\">\n<h4 id=\"0409-inicio-del-proyecto\" class=\"gb-text\">04.09 | Inicio del proyecto<\/h4>\n\n\n\n<p class=\"wp-block-paragraph\">Sor Jacqueline comienza su formaci\u00f3n en la Misericordia Santa Gemma<\/p>\n<\/div>\n<\/div>\n\n\n\n<div class=\"ss-timeline\">\n<h3 id=\"2021\" class=\"gb-text\">2021<\/h3>\n\n\n\n<div class=\"ss-timeline-item\">\n<h4 id=\"01-primera-financiacion-desembolsada\" class=\"gb-text\">01 | Primera financiaci\u00f3n desembolsada<\/h4>\n\n\n\n<p class=\"wp-block-paragraph\">La financiaci\u00f3n est\u00e1 destinada a la compra del material necesario para poner en marcha la empresa social<\/p>\n<\/div>\n\n\n\n<div class=\"ss-timeline-item\">\n<h4 id=\"010203-curso-de-primeros-auxilios\" class=\"gb-text\">01.02.03 | Curso de primeros auxilios<\/h4>\n\n\n\n<p class=\"wp-block-paragraph\">Sor Jacqueline realiza el curso de primeros auxilios en la Misericordia Santa Gemma, acompa\u00f1ada por su tutora y formadora Catia<\/p>\n\n\n\n<figure class=\"wp-block-gallery has-nested-images columns-default is-cropped ss-lightbox wp-block-gallery-3 is-layout-flex wp-block-gallery-is-layout-flex\">\n<figure class=\"wp-block-image size-large\"><img decoding=\"async\" width=\"1024\" height=\"744\" data-id=\"43057\" src=\"https:\/\/spaziospadoni.org\/wp-content\/uploads\/2026\/05\/Timeline-formazione-primo-soccorso-F-suora-1024x744.jpg\" alt=\"Formaci\u00f3n en primeros auxilios para el proyecto HIC SUM\" class=\"wp-image-43057\" srcset=\"https:\/\/spaziospadoni.org\/wp-content\/uploads\/2026\/05\/Timeline-formazione-primo-soccorso-F-suora-1024x744.jpg 1024w, https:\/\/spaziospadoni.org\/wp-content\/uploads\/2026\/05\/Timeline-formazione-primo-soccorso-F-suora-300x218.jpg 300w, https:\/\/spaziospadoni.org\/wp-content\/uploads\/2026\/05\/Timeline-formazione-primo-soccorso-F-suora-768x558.jpg 768w, https:\/\/spaziospadoni.org\/wp-content\/uploads\/2026\/05\/Timeline-formazione-primo-soccorso-F-suora.jpg 1200w\" sizes=\"(max-width: 1024px) 100vw, 1024px\" \/><figcaption class=\"wp-element-caption\">Formaci\u00f3n en primeros auxilios<\/figcaption><\/figure>\n<\/figure>\n<\/div>\n\n\n\n<div class=\"ss-timeline-item\">\n<h4 id=\"04-formacion-especifica-hic-sum\" class=\"gb-text\">04 | Formaci\u00f3n espec\u00edfica HIC SUM<\/h4>\n\n\n\n<p class=\"wp-block-paragraph\">Sor Jacqueline recibe formaci\u00f3n espec\u00edfica sobre la empresa social y sobre c\u00f3mo poner en pr\u00e1ctica los conocimientos adquiridos una vez que haya regresado al Congo<\/p>\n\n\n\n<figure class=\"wp-block-gallery has-nested-images columns-default is-cropped ss-lightbox wp-block-gallery-4 is-layout-flex wp-block-gallery-is-layout-flex\">\n<figure class=\"wp-block-image size-large\"><img decoding=\"async\" width=\"1024\" height=\"848\" data-id=\"43056\" src=\"https:\/\/spaziospadoni.org\/wp-content\/uploads\/2026\/05\/Timeline-formazione-aprile-F-suora-copia-1536x1272-1-1024x848.jpg\" alt=\"Momento de formaci\u00f3n del proyecto HIC SUM\" class=\"wp-image-43056\" srcset=\"https:\/\/spaziospadoni.org\/wp-content\/uploads\/2026\/05\/Timeline-formazione-aprile-F-suora-copia-1536x1272-1-1024x848.jpg 1024w, https:\/\/spaziospadoni.org\/wp-content\/uploads\/2026\/05\/Timeline-formazione-aprile-F-suora-copia-1536x1272-1-300x248.jpg 300w, https:\/\/spaziospadoni.org\/wp-content\/uploads\/2026\/05\/Timeline-formazione-aprile-F-suora-copia-1536x1272-1-768x636.jpg 768w, https:\/\/spaziospadoni.org\/wp-content\/uploads\/2026\/05\/Timeline-formazione-aprile-F-suora-copia-1536x1272-1.jpg 1536w\" sizes=\"(max-width: 1024px) 100vw, 1024px\" \/><figcaption class=\"wp-element-caption\">Formaci\u00f3n HIC SUM<\/figcaption><\/figure>\n<\/figure>\n<\/div>\n\n\n\n<div class=\"ss-timeline-item\">\n<h4 id=\"1008-partida-de-la-hermana\" class=\"gb-text\">10.08 | Partida de la hermana<\/h4>\n\n\n\n<p class=\"wp-block-paragraph\">Sor Jacqueline recibe el mandato misionero y regresa a su comunidad de Kavimvira, en la Rep\u00fablica Democr\u00e1tica del Congo<\/p>\n\n\n\n<figure class=\"wp-block-gallery has-nested-images columns-1 is-cropped ss-lightbox wp-block-gallery-5 is-layout-flex wp-block-gallery-is-layout-flex\">\n<figure class=\"wp-block-image size-large\"><img decoding=\"async\" width=\"300\" height=\"160\" data-id=\"43059\" src=\"https:\/\/spaziospadoni.org\/wp-content\/uploads\/2026\/05\/Timeline-partenza-suora-F-suora-mandato-e-un-altra-suora-a-caso-copia-300x160-1.jpg\" alt=\"Momento del mandato y de la partida misionera\" class=\"wp-image-43059\"\/><figcaption class=\"wp-element-caption\">Mandato y partida misionera<\/figcaption><\/figure>\n\n\n\n<figure class=\"wp-block-image size-large\"><img decoding=\"async\" width=\"300\" height=\"162\" data-id=\"43058\" src=\"https:\/\/spaziospadoni.org\/wp-content\/uploads\/2026\/05\/Timeline-partenza-suora-F-suora-Luigi-e-volontaria-copia-300x162-1.jpg\" alt=\"Momento del mandato y de la partida misionera\" class=\"wp-image-43058\"\/><figcaption class=\"wp-element-caption\">Mandato y partida misionera<\/figcaption><\/figure>\n<\/figure>\n<\/div>\n\n\n\n<div class=\"ss-timeline-item\">\n<h4 id=\"2009-incorporacion-de-habitantes-locales-de-spazio-spadoni\" class=\"gb-text\">20.09 | Incorporaci\u00f3n de habitantes locales de spazio + spadoni<\/h4>\n\n\n\n<p class=\"wp-block-paragraph\">Sor Jacqueline identifica y forma a algunos habitantes de spazio + spadoni con quienes comienza a realizar Obras de Misericordia en&nbsp;Kavimvira&nbsp;y en los pueblos cercanos<\/p>\n\n\n\n<figure class=\"wp-block-gallery has-nested-images columns-1 is-cropped ss-lightbox wp-block-gallery-6 is-layout-flex wp-block-gallery-is-layout-flex\">\n<figure class=\"wp-block-image size-large\"><img decoding=\"async\" width=\"1024\" height=\"485\" data-id=\"43060\" src=\"https:\/\/spaziospadoni.org\/wp-content\/uploads\/2026\/05\/Timeline-reclutamento-volontari-F-a-1-uomo-1-donna-copia-1024x485.jpg\" alt=\"Incorporaci\u00f3n de voluntarios per le Opere di Misericordia\" class=\"wp-image-43060\" srcset=\"https:\/\/spaziospadoni.org\/wp-content\/uploads\/2026\/05\/Timeline-reclutamento-volontari-F-a-1-uomo-1-donna-copia-1024x485.jpg 1024w, https:\/\/spaziospadoni.org\/wp-content\/uploads\/2026\/05\/Timeline-reclutamento-volontari-F-a-1-uomo-1-donna-copia-300x142.jpg 300w, https:\/\/spaziospadoni.org\/wp-content\/uploads\/2026\/05\/Timeline-reclutamento-volontari-F-a-1-uomo-1-donna-copia-768x364.jpg 768w, https:\/\/spaziospadoni.org\/wp-content\/uploads\/2026\/05\/Timeline-reclutamento-volontari-F-a-1-uomo-1-donna-copia.jpg 1032w\" sizes=\"(max-width: 1024px) 100vw, 1024px\" \/><figcaption class=\"wp-element-caption\">Incorporaci\u00f3n de voluntarios<\/figcaption><\/figure>\n\n\n\n<figure class=\"wp-block-image size-large\"><img decoding=\"async\" width=\"770\" height=\"875\" data-id=\"43062\" src=\"https:\/\/spaziospadoni.org\/wp-content\/uploads\/2026\/05\/Timeline-reclutamento-volontari-F-a-tutti-e-due-copia.jpg\" alt=\"Incorporaci\u00f3n de voluntarios per le Opere di Misericordia\" class=\"wp-image-43062\" srcset=\"https:\/\/spaziospadoni.org\/wp-content\/uploads\/2026\/05\/Timeline-reclutamento-volontari-F-a-tutti-e-due-copia.jpg 770w, https:\/\/spaziospadoni.org\/wp-content\/uploads\/2026\/05\/Timeline-reclutamento-volontari-F-a-tutti-e-due-copia-264x300.jpg 264w, https:\/\/spaziospadoni.org\/wp-content\/uploads\/2026\/05\/Timeline-reclutamento-volontari-F-a-tutti-e-due-copia-768x873.jpg 768w\" sizes=\"(max-width: 770px) 100vw, 770px\" \/><figcaption class=\"wp-element-caption\">Incorporaci\u00f3n de voluntarios<\/figcaption><\/figure>\n\n\n\n<figure class=\"wp-block-image size-large\"><img decoding=\"async\" width=\"1024\" height=\"498\" data-id=\"43063\" src=\"https:\/\/spaziospadoni.org\/wp-content\/uploads\/2026\/05\/Timeline-reclutamento-volontari-F-sparsi-copia-1024x498.jpg\" alt=\"Incorporaci\u00f3n de voluntarios per le Opere di Misericordia\" class=\"wp-image-43063\" srcset=\"https:\/\/spaziospadoni.org\/wp-content\/uploads\/2026\/05\/Timeline-reclutamento-volontari-F-sparsi-copia-1024x498.jpg 1024w, https:\/\/spaziospadoni.org\/wp-content\/uploads\/2026\/05\/Timeline-reclutamento-volontari-F-sparsi-copia-300x146.jpg 300w, https:\/\/spaziospadoni.org\/wp-content\/uploads\/2026\/05\/Timeline-reclutamento-volontari-F-sparsi-copia-768x373.jpg 768w, https:\/\/spaziospadoni.org\/wp-content\/uploads\/2026\/05\/Timeline-reclutamento-volontari-F-sparsi-copia.jpg 1323w\" sizes=\"(max-width: 1024px) 100vw, 1024px\" \/><figcaption class=\"wp-element-caption\">Incorporaci\u00f3n de voluntarios<\/figcaption><\/figure>\n\n\n\n<figure class=\"wp-block-image size-large\"><img decoding=\"async\" width=\"1024\" height=\"768\" data-id=\"43061\" src=\"https:\/\/spaziospadoni.org\/wp-content\/uploads\/2026\/05\/Timeline-reclutamento-volontari-F-suora-e-persona-di-spalle-con-maglia-nera-copia-1024x768.jpg\" alt=\"Incorporaci\u00f3n de voluntarios per le Opere di Misericordia\" class=\"wp-image-43061\" srcset=\"https:\/\/spaziospadoni.org\/wp-content\/uploads\/2026\/05\/Timeline-reclutamento-volontari-F-suora-e-persona-di-spalle-con-maglia-nera-copia-1024x768.jpg 1024w, https:\/\/spaziospadoni.org\/wp-content\/uploads\/2026\/05\/Timeline-reclutamento-volontari-F-suora-e-persona-di-spalle-con-maglia-nera-copia-300x225.jpg 300w, https:\/\/spaziospadoni.org\/wp-content\/uploads\/2026\/05\/Timeline-reclutamento-volontari-F-suora-e-persona-di-spalle-con-maglia-nera-copia-768x576.jpg 768w, https:\/\/spaziospadoni.org\/wp-content\/uploads\/2026\/05\/Timeline-reclutamento-volontari-F-suora-e-persona-di-spalle-con-maglia-nera-copia.jpg 1080w\" sizes=\"(max-width: 1024px) 100vw, 1024px\" \/><figcaption class=\"wp-element-caption\">Incorporaci\u00f3n de voluntarios<\/figcaption><\/figure>\n<\/figure>\n<\/div>\n<\/div>\n\n\n\n<div class=\"ss-timeline\">\n<h3 id=\"2022\" class=\"gb-text\">2022<\/h3>\n\n\n\n<div class=\"ss-timeline-item\">\n<h4 id=\"2701-formacion-online-hic-sum\" class=\"gb-text\">27.01 | Formaci\u00f3n online HIC SUM<\/h4>\n<\/div>\n\n\n\n<div class=\"ss-timeline-item\">\n<h4 id=\"2020-primer-viaje-de-paolo\" class=\"gb-text\">20.20 | Primer viaje de Paolo<\/h4>\n\n\n\n<p class=\"wp-block-paragraph\">Paolo, voluntario de la Misericordia de Santa Gemma, realiza una experiencia de&nbsp;misi\u00f3n&nbsp;en&nbsp;Kavimvira acompa\u00f1ado por la Madre, sor Elisabetta, y por sor Marina<\/p>\n\n\n\n<figure class=\"wp-block-gallery has-nested-images columns-1 is-cropped ss-lightbox wp-block-gallery-7 is-layout-flex wp-block-gallery-is-layout-flex\">\n<figure class=\"wp-block-image size-large\"><img decoding=\"async\" width=\"958\" height=\"1024\" data-id=\"43069\" src=\"https:\/\/spaziospadoni.org\/wp-content\/uploads\/2026\/05\/Timeline-primo-viaggio-paolo-F-paolo-copia-958x1024.jpg\" alt=\"Primer viaje de Paolo a Kavimvira para el proyecto HIC SUM\" class=\"wp-image-43069\" srcset=\"https:\/\/spaziospadoni.org\/wp-content\/uploads\/2026\/05\/Timeline-primo-viaggio-paolo-F-paolo-copia-958x1024.jpg 958w, https:\/\/spaziospadoni.org\/wp-content\/uploads\/2026\/05\/Timeline-primo-viaggio-paolo-F-paolo-copia-281x300.jpg 281w, https:\/\/spaziospadoni.org\/wp-content\/uploads\/2026\/05\/Timeline-primo-viaggio-paolo-F-paolo-copia-768x821.jpg 768w, https:\/\/spaziospadoni.org\/wp-content\/uploads\/2026\/05\/Timeline-primo-viaggio-paolo-F-paolo-copia.jpg 1337w\" sizes=\"(max-width: 958px) 100vw, 958px\" \/><figcaption class=\"wp-element-caption\">Primer viaje de Paolo<\/figcaption><\/figure>\n\n\n\n<figure class=\"wp-block-image size-large\"><img decoding=\"async\" width=\"1024\" height=\"571\" data-id=\"43067\" src=\"https:\/\/spaziospadoni.org\/wp-content\/uploads\/2026\/05\/Timeline-primo-viaggio-paolo-F-suora-1024x571.jpeg\" alt=\"Primer viaje de Paolo a Kavimvira para el proyecto HIC SUM\" class=\"wp-image-43067\" srcset=\"https:\/\/spaziospadoni.org\/wp-content\/uploads\/2026\/05\/Timeline-primo-viaggio-paolo-F-suora-1024x571.jpeg 1024w, https:\/\/spaziospadoni.org\/wp-content\/uploads\/2026\/05\/Timeline-primo-viaggio-paolo-F-suora-300x167.jpeg 300w, https:\/\/spaziospadoni.org\/wp-content\/uploads\/2026\/05\/Timeline-primo-viaggio-paolo-F-suora-768x428.jpeg 768w, https:\/\/spaziospadoni.org\/wp-content\/uploads\/2026\/05\/Timeline-primo-viaggio-paolo-F-suora.jpeg 1292w\" sizes=\"(max-width: 1024px) 100vw, 1024px\" \/><figcaption class=\"wp-element-caption\">Primer viaje de Paolo<\/figcaption><\/figure>\n\n\n\n<figure class=\"wp-block-image size-large\"><img decoding=\"async\" width=\"1024\" height=\"471\" data-id=\"43066\" src=\"https:\/\/spaziospadoni.org\/wp-content\/uploads\/2026\/05\/Timeline-primo-viaggio-paolo-F-paolo-suora-donna-a-destra-in-pp-copia-1536x706-1-1024x471.jpg\" alt=\"Primer viaje de Paolo a Kavimvira para el proyecto HIC SUM\" class=\"wp-image-43066\" srcset=\"https:\/\/spaziospadoni.org\/wp-content\/uploads\/2026\/05\/Timeline-primo-viaggio-paolo-F-paolo-suora-donna-a-destra-in-pp-copia-1536x706-1-1024x471.jpg 1024w, https:\/\/spaziospadoni.org\/wp-content\/uploads\/2026\/05\/Timeline-primo-viaggio-paolo-F-paolo-suora-donna-a-destra-in-pp-copia-1536x706-1-300x138.jpg 300w, https:\/\/spaziospadoni.org\/wp-content\/uploads\/2026\/05\/Timeline-primo-viaggio-paolo-F-paolo-suora-donna-a-destra-in-pp-copia-1536x706-1-768x353.jpg 768w, https:\/\/spaziospadoni.org\/wp-content\/uploads\/2026\/05\/Timeline-primo-viaggio-paolo-F-paolo-suora-donna-a-destra-in-pp-copia-1536x706-1.jpg 1536w\" sizes=\"(max-width: 1024px) 100vw, 1024px\" \/><figcaption class=\"wp-element-caption\">Primer viaje de Paolo<\/figcaption><\/figure>\n\n\n\n<figure class=\"wp-block-image size-large\"><img decoding=\"async\" width=\"774\" height=\"987\" data-id=\"43068\" src=\"https:\/\/spaziospadoni.org\/wp-content\/uploads\/2026\/05\/Timeline-primo-viaggio-paolo-F-tutti-copia-2.jpg\" alt=\"Primer viaje de Paolo a Kavimvira para el proyecto HIC SUM\" class=\"wp-image-43068\" srcset=\"https:\/\/spaziospadoni.org\/wp-content\/uploads\/2026\/05\/Timeline-primo-viaggio-paolo-F-tutti-copia-2.jpg 774w, https:\/\/spaziospadoni.org\/wp-content\/uploads\/2026\/05\/Timeline-primo-viaggio-paolo-F-tutti-copia-2-235x300.jpg 235w, https:\/\/spaziospadoni.org\/wp-content\/uploads\/2026\/05\/Timeline-primo-viaggio-paolo-F-tutti-copia-2-768x979.jpg 768w\" sizes=\"(max-width: 774px) 100vw, 774px\" \/><figcaption class=\"wp-element-caption\">Primer viaje de Paolo<\/figcaption><\/figure>\n\n\n\n<figure class=\"wp-block-image size-large\"><img decoding=\"async\" width=\"774\" height=\"857\" data-id=\"43064\" src=\"https:\/\/spaziospadoni.org\/wp-content\/uploads\/2026\/05\/Timeline-primo-viaggio-paolo-2.jpeg\" alt=\"Primer viaje de Paolo a Kavimvira para el proyecto HIC SUM\" class=\"wp-image-43064\" srcset=\"https:\/\/spaziospadoni.org\/wp-content\/uploads\/2026\/05\/Timeline-primo-viaggio-paolo-2.jpeg 774w, https:\/\/spaziospadoni.org\/wp-content\/uploads\/2026\/05\/Timeline-primo-viaggio-paolo-2-271x300.jpeg 271w, https:\/\/spaziospadoni.org\/wp-content\/uploads\/2026\/05\/Timeline-primo-viaggio-paolo-2-768x850.jpeg 768w\" sizes=\"(max-width: 774px) 100vw, 774px\" \/><figcaption class=\"wp-element-caption\">Primer viaje de Paolo<\/figcaption><\/figure>\n\n\n\n<figure class=\"wp-block-image size-large\"><img decoding=\"async\" width=\"461\" height=\"1024\" data-id=\"43065\" src=\"https:\/\/spaziospadoni.org\/wp-content\/uploads\/2026\/05\/Timeline-primo-viaggio-paolo-461x1024.jpeg\" alt=\"Primer viaje de Paolo a Kavimvira para el proyecto HIC SUM\" class=\"wp-image-43065\" srcset=\"https:\/\/spaziospadoni.org\/wp-content\/uploads\/2026\/05\/Timeline-primo-viaggio-paolo-461x1024.jpeg 461w, https:\/\/spaziospadoni.org\/wp-content\/uploads\/2026\/05\/Timeline-primo-viaggio-paolo-135x300.jpeg 135w, https:\/\/spaziospadoni.org\/wp-content\/uploads\/2026\/05\/Timeline-primo-viaggio-paolo-768x1707.jpeg 768w, https:\/\/spaziospadoni.org\/wp-content\/uploads\/2026\/05\/Timeline-primo-viaggio-paolo-691x1536.jpeg 691w, https:\/\/spaziospadoni.org\/wp-content\/uploads\/2026\/05\/Timeline-primo-viaggio-paolo.jpeg 900w\" sizes=\"(max-width: 461px) 100vw, 461px\" \/><figcaption class=\"wp-element-caption\">Primer viaje de Paolo<\/figcaption><\/figure>\n<\/figure>\n<\/div>\n\n\n\n<div class=\"ss-timeline-item\">\n<h4 id=\"noviembre-informe-de-actividades-de-los-habitantes-de-spazio-spadoni-y-de-las-obras-de-misericordia\" class=\"gb-text\">Noviembre | Informe de actividades de los habitantes de spazio + spadoni y de las Obras de Misericordia<\/h4>\n\n\n\n<p class=\"wp-block-paragraph\">Actualizaci\u00f3n de las actividades de los habitantes de spazio + spadoni en la difusi\u00f3n de las Obras de Misericordia<\/p>\n<\/div>\n<\/div>\n\n\n\n<div class=\"ss-timeline\">\n<h3 id=\"2023\" class=\"gb-text\">2023<\/h3>\n\n\n\n<div class=\"ss-timeline-item\">\n<h4 id=\"0102-segundo-viaje-de-paolo\" class=\"gb-text\">01.02 | Segundo viaje de Paolo<\/h4>\n\n\n\n<p class=\"wp-block-paragraph\">Paolo viaja por segunda vez a Kavimvira<\/p>\n\n\n\n<figure class=\"wp-block-gallery has-nested-images columns-1 is-cropped ss-lightbox wp-block-gallery-8 is-layout-flex wp-block-gallery-is-layout-flex\">\n<figure class=\"wp-block-image size-large\"><img decoding=\"async\" width=\"819\" height=\"1024\" data-id=\"43078\" src=\"https:\/\/spaziospadoni.org\/wp-content\/uploads\/2026\/05\/Timeline-secondo-viaggio-paolo-F-paolo-copia-819x1024.jpg\" alt=\"Segundo viaje de Paolo a Kavimvira para el proyecto HIC SUM\" class=\"wp-image-43078\" srcset=\"https:\/\/spaziospadoni.org\/wp-content\/uploads\/2026\/05\/Timeline-secondo-viaggio-paolo-F-paolo-copia-819x1024.jpg 819w, https:\/\/spaziospadoni.org\/wp-content\/uploads\/2026\/05\/Timeline-secondo-viaggio-paolo-F-paolo-copia-240x300.jpg 240w, https:\/\/spaziospadoni.org\/wp-content\/uploads\/2026\/05\/Timeline-secondo-viaggio-paolo-F-paolo-copia-768x960.jpg 768w, https:\/\/spaziospadoni.org\/wp-content\/uploads\/2026\/05\/Timeline-secondo-viaggio-paolo-F-paolo-copia-1229x1536.jpg 1229w, https:\/\/spaziospadoni.org\/wp-content\/uploads\/2026\/05\/Timeline-secondo-viaggio-paolo-F-paolo-copia.jpg 1437w\" sizes=\"(max-width: 819px) 100vw, 819px\" \/><figcaption class=\"wp-element-caption\">Segundo viaje de Paolo<\/figcaption><\/figure>\n\n\n\n<figure class=\"wp-block-image size-large\"><img decoding=\"async\" width=\"724\" height=\"638\" data-id=\"43074\" src=\"https:\/\/spaziospadoni.org\/wp-content\/uploads\/2026\/05\/Timeline-secondo-viaggio-paolo-2.jpeg\" alt=\"Segundo viaje de Paolo a Kavimvira para el proyecto HIC SUM\" class=\"wp-image-43074\" srcset=\"https:\/\/spaziospadoni.org\/wp-content\/uploads\/2026\/05\/Timeline-secondo-viaggio-paolo-2.jpeg 724w, https:\/\/spaziospadoni.org\/wp-content\/uploads\/2026\/05\/Timeline-secondo-viaggio-paolo-2-300x264.jpeg 300w\" sizes=\"(max-width: 724px) 100vw, 724px\" \/><figcaption class=\"wp-element-caption\">Segundo viaje de Paolo<\/figcaption><\/figure>\n\n\n\n<figure class=\"wp-block-image size-large\"><img decoding=\"async\" width=\"461\" height=\"1024\" data-id=\"43079\" src=\"https:\/\/spaziospadoni.org\/wp-content\/uploads\/2026\/05\/Timeline-secondo-viaggio-paolo-F-volontaria-2-copia-461x1024.jpg\" alt=\"Segundo viaje de Paolo a Kavimvira para el proyecto HIC SUM\" class=\"wp-image-43079\" srcset=\"https:\/\/spaziospadoni.org\/wp-content\/uploads\/2026\/05\/Timeline-secondo-viaggio-paolo-F-volontaria-2-copia-461x1024.jpg 461w, https:\/\/spaziospadoni.org\/wp-content\/uploads\/2026\/05\/Timeline-secondo-viaggio-paolo-F-volontaria-2-copia-135x300.jpg 135w, https:\/\/spaziospadoni.org\/wp-content\/uploads\/2026\/05\/Timeline-secondo-viaggio-paolo-F-volontaria-2-copia-768x1707.jpg 768w, https:\/\/spaziospadoni.org\/wp-content\/uploads\/2026\/05\/Timeline-secondo-viaggio-paolo-F-volontaria-2-copia-691x1536.jpg 691w, https:\/\/spaziospadoni.org\/wp-content\/uploads\/2026\/05\/Timeline-secondo-viaggio-paolo-F-volontaria-2-copia.jpg 900w\" sizes=\"(max-width: 461px) 100vw, 461px\" \/><figcaption class=\"wp-element-caption\">Segundo viaje de Paolo<\/figcaption><\/figure>\n\n\n\n<figure class=\"wp-block-image size-large\"><img decoding=\"async\" width=\"701\" height=\"770\" data-id=\"43075\" src=\"https:\/\/spaziospadoni.org\/wp-content\/uploads\/2026\/05\/Timeline-secondo-viaggio-paolo-F-donna-con-stampella-prima-a-destra.jpeg\" alt=\"Segundo viaje de Paolo a Kavimvira para el proyecto HIC SUM\" class=\"wp-image-43075\" srcset=\"https:\/\/spaziospadoni.org\/wp-content\/uploads\/2026\/05\/Timeline-secondo-viaggio-paolo-F-donna-con-stampella-prima-a-destra.jpeg 701w, https:\/\/spaziospadoni.org\/wp-content\/uploads\/2026\/05\/Timeline-secondo-viaggio-paolo-F-donna-con-stampella-prima-a-destra-273x300.jpeg 273w\" sizes=\"(max-width: 701px) 100vw, 701px\" \/><figcaption class=\"wp-element-caption\">Segundo viaje de Paolo<\/figcaption><\/figure>\n\n\n\n<figure class=\"wp-block-image size-large\"><img decoding=\"async\" width=\"514\" height=\"1024\" data-id=\"43076\" src=\"https:\/\/spaziospadoni.org\/wp-content\/uploads\/2026\/05\/Timeline-secondo-viaggio-paolo-F-volontaria-514x1024.jpeg\" alt=\"Segundo viaje de Paolo a Kavimvira para el proyecto HIC SUM\" class=\"wp-image-43076\" srcset=\"https:\/\/spaziospadoni.org\/wp-content\/uploads\/2026\/05\/Timeline-secondo-viaggio-paolo-F-volontaria-514x1024.jpeg 514w, https:\/\/spaziospadoni.org\/wp-content\/uploads\/2026\/05\/Timeline-secondo-viaggio-paolo-F-volontaria-151x300.jpeg 151w, https:\/\/spaziospadoni.org\/wp-content\/uploads\/2026\/05\/Timeline-secondo-viaggio-paolo-F-volontaria.jpeg 630w\" sizes=\"(max-width: 514px) 100vw, 514px\" \/><figcaption class=\"wp-element-caption\">Segundo viaje de Paolo<\/figcaption><\/figure>\n\n\n\n<figure class=\"wp-block-image size-large\"><img decoding=\"async\" width=\"533\" height=\"1024\" data-id=\"43077\" src=\"https:\/\/spaziospadoni.org\/wp-content\/uploads\/2026\/05\/Timeline-secondo-viaggio-paolo-533x1024.jpeg\" alt=\"Segundo viaje de Paolo a Kavimvira para el proyecto HIC SUM\" class=\"wp-image-43077\" srcset=\"https:\/\/spaziospadoni.org\/wp-content\/uploads\/2026\/05\/Timeline-secondo-viaggio-paolo-533x1024.jpeg 533w, https:\/\/spaziospadoni.org\/wp-content\/uploads\/2026\/05\/Timeline-secondo-viaggio-paolo-156x300.jpeg 156w, https:\/\/spaziospadoni.org\/wp-content\/uploads\/2026\/05\/Timeline-secondo-viaggio-paolo.jpeg 720w\" sizes=\"(max-width: 533px) 100vw, 533px\" \/><figcaption class=\"wp-element-caption\">Segundo viaje de Paolo<\/figcaption><\/figure>\n<\/figure>\n<\/div>\n\n\n\n<div class=\"ss-timeline-item\">\n<h4 id=\"0104-informe-de-actividades-de-los-habitantes-de-spazio-spadoni-y-de-las-obras-de-misericordia\" class=\"gb-text\">01.04 | Informe de actividades de los habitantes de spazio + spadoni y de las Obras de Misericordia<\/h4>\n\n\n\n<p class=\"wp-block-paragraph\">Actualizaci\u00f3n de las actividades de los habitantes de spazio + spadoni en la difusi\u00f3n de las Obras de Misericordia<\/p>\n\n\n\n<figure class=\"wp-block-gallery has-nested-images columns-default is-cropped ss-lightbox wp-block-gallery-9 is-layout-flex wp-block-gallery-is-layout-flex\">\n<figure class=\"wp-block-image size-large\"><img decoding=\"async\" width=\"1024\" height=\"461\" data-id=\"43080\" src=\"https:\/\/spaziospadoni.org\/wp-content\/uploads\/2026\/05\/2023_marzo_hicsum_1_congo_kavimvira_sr_jacqueline_santa_gemma_inaugurazione_casa_indigente_spazio_spadoni-25-1024x461.jpeg\" alt=\"Inauguraci\u00f3n de una casa per una persona indigente a Kavimvira\" class=\"wp-image-43080\" srcset=\"https:\/\/spaziospadoni.org\/wp-content\/uploads\/2026\/05\/2023_marzo_hicsum_1_congo_kavimvira_sr_jacqueline_santa_gemma_inaugurazione_casa_indigente_spazio_spadoni-25-1024x461.jpeg 1024w, https:\/\/spaziospadoni.org\/wp-content\/uploads\/2026\/05\/2023_marzo_hicsum_1_congo_kavimvira_sr_jacqueline_santa_gemma_inaugurazione_casa_indigente_spazio_spadoni-25-300x135.jpeg 300w, https:\/\/spaziospadoni.org\/wp-content\/uploads\/2026\/05\/2023_marzo_hicsum_1_congo_kavimvira_sr_jacqueline_santa_gemma_inaugurazione_casa_indigente_spazio_spadoni-25-768x346.jpeg 768w, https:\/\/spaziospadoni.org\/wp-content\/uploads\/2026\/05\/2023_marzo_hicsum_1_congo_kavimvira_sr_jacqueline_santa_gemma_inaugurazione_casa_indigente_spazio_spadoni-25-1536x691.jpeg 1536w, https:\/\/spaziospadoni.org\/wp-content\/uploads\/2026\/05\/2023_marzo_hicsum_1_congo_kavimvira_sr_jacqueline_santa_gemma_inaugurazione_casa_indigente_spazio_spadoni-25.jpeg 2000w\" sizes=\"(max-width: 1024px) 100vw, 1024px\" \/><figcaption class=\"wp-element-caption\">Inauguraci\u00f3n de una casa<\/figcaption><\/figure>\n<\/figure>\n<\/div>\n\n\n\n<div class=\"ss-timeline-item\">\n<h4 id=\"0409-informe-de-actividades-de-los-habitantes-de-spazio-spadoni-y-de-las-obras-de-misericordia\" class=\"gb-text\">04.09 | Informe de actividades de los habitantes de spazio + spadoni y de las Obras de Misericordia<\/h4>\n\n\n\n<p class=\"wp-block-paragraph\">Actualizaci\u00f3n de las actividades de los habitantes de spazio + spadoni en la difusi\u00f3n de las Obras de Misericordia<\/p>\n<\/div>\n\n\n\n<div class=\"ss-timeline-item\">\n<h4 id=\"2911-segunda-financiacion-desembolsada\" class=\"gb-text\">29.11 | Segunda financiaci\u00f3n desembolsada<\/h4>\n\n\n\n<p class=\"wp-block-paragraph\">Esta segunda financiaci\u00f3n, que completa la primera concedida en enero de 2021, se utiliz\u00f3 para sufragar los costes del curso de especializaci\u00f3n en bordado de la joven que trabajar\u00e1 en el foyer de Kavimvira. Una joven laica titulada en corte y confecci\u00f3n comienza un curso de especializaci\u00f3n en bordado en la ciudad de Bukavu, al t\u00e9rmino del cual ejercer\u00e1 su profesi\u00f3n en el foyer de las Hermanas de Santa Gemma en Kavimvira. El objetivo es producir ornamentos sagrados<\/p>\n<\/div>\n\n\n\n<div class=\"ss-timeline-item\">\n<h4 id=\"0112-informe-de-actividades-de-los-habitantes-de-spazio-spadoni-y-de-las-obras-de-misericordia\" class=\"gb-text\">01.12 | Informe de actividades de los habitantes de spazio + spadoni y de las Obras de Misericordia<\/h4>\n\n\n\n<figure class=\"wp-block-gallery has-nested-images columns-1 is-cropped ss-lightbox wp-block-gallery-10 is-layout-flex wp-block-gallery-is-layout-flex\">\n<figure class=\"wp-block-image size-large\"><img decoding=\"async\" width=\"142\" height=\"300\" data-id=\"43081\" src=\"https:\/\/spaziospadoni.org\/wp-content\/uploads\/2026\/05\/cebaca9b-0518-499b-a98e-92dbfa48a238-142x300-1.jpg\" alt=\"Cebaca9b 499b a98e 92dbfa48a238\" class=\"wp-image-43081\"\/><figcaption class=\"wp-element-caption\">Cebaca9b 499b a98e 92dbfa48a238<\/figcaption><\/figure>\n\n\n\n<figure class=\"wp-block-image size-large\"><img decoding=\"async\" width=\"295\" height=\"300\" data-id=\"43083\" src=\"https:\/\/spaziospadoni.org\/wp-content\/uploads\/2026\/05\/Timeline-dove-ci-sono-poche-foto-mettere-spilla-su-F-copia-295x300-1.jpg\" alt=\"Detalle simb\u00f3lico relacionado con el proyecto HIC SUM\" class=\"wp-image-43083\"\/><figcaption class=\"wp-element-caption\">S\u00edmbolo del proyecto HIC SUM<\/figcaption><\/figure>\n\n\n\n<figure class=\"wp-block-image size-large\"><img decoding=\"async\" width=\"278\" height=\"300\" data-id=\"43082\" src=\"https:\/\/spaziospadoni.org\/wp-content\/uploads\/2026\/05\/Timeline-Dicembre-avviamento-impresa-sociale-278x300-1.jpg\" alt=\"Puesta en marcha de la empresa social vinculada al proyecto HIC SUM\" class=\"wp-image-43082\"\/><figcaption class=\"wp-element-caption\">Puesta en marcha de la empresa social<\/figcaption><\/figure>\n<\/figure>\n<\/div>\n<\/div>\n\n\n\n<div class=\"ss-timeline\">\n<h3 id=\"2024\" class=\"gb-text\">2024<\/h3>\n\n\n\n<div class=\"ss-timeline-item\">\n<h4 id=\"2003-informe-de-actividades-de-los-habitantes-de-spazio-spadoni-y-de-las-obras-de-misericordia\" class=\"gb-text\">20.03 | Informe de actividades de los habitantes de spazio + spadoni y de las Obras de Misericordia<\/h4>\n\n\n\n<p class=\"wp-block-paragraph\">Actualizaci\u00f3n de las actividades de los habitantes de spazio + spadoni en la difusi\u00f3n de las Obras de Misericordia<\/p>\n\n\n\n<figure class=\"wp-block-gallery has-nested-images columns-1 is-cropped ss-lightbox wp-block-gallery-11 is-layout-flex wp-block-gallery-is-layout-flex\">\n<figure class=\"wp-block-image size-full\"><img decoding=\"async\" width=\"300\" height=\"225\" data-id=\"43087\" src=\"https:\/\/spaziospadoni.org\/wp-content\/uploads\/2026\/05\/2024_congo_suor_jacqueline_opere_misericordia_volontari_operam_spazio_spadoni-6-300x225-1.jpg\" alt=\"2024 Congo sor Jacqueline Obras de Misericordia voluntarios OPERA M spazio spadoni\" class=\"wp-image-43087\"\/><figcaption class=\"wp-element-caption\">2024 Congo sor Jacqueline Obras de Misericordia voluntarios<\/figcaption><\/figure>\n\n\n\n<figure class=\"wp-block-image size-large\"><img decoding=\"async\" width=\"300\" height=\"225\" data-id=\"43086\" src=\"https:\/\/spaziospadoni.org\/wp-content\/uploads\/2026\/05\/2024_congo_suor_jacqueline_opere_misericordia_volontari_operam_spazio_spadoni-3-300x225-1.jpg\" alt=\"2024 Congo sor Jacqueline Obras de Misericordia voluntarios OPERA M spazio spadoni\" class=\"wp-image-43086\"\/><figcaption class=\"wp-element-caption\">2024 Congo sor Jacqueline Obras de Misericordia voluntarios<\/figcaption><\/figure>\n<\/figure>\n<\/div>\n\n\n\n<div class=\"ss-timeline-item\">\n<h4 id=\"diciembre-traslado-de-sor-jacqueline\" class=\"gb-text\">Diciembre | Traslado de sor Jacqueline<\/h4>\n\n\n\n<p class=\"wp-block-paragraph\">Sor Jacqueline es trasladada a una comunidad de Costa de Marfil. Sor Audacieuse continuar\u00e1 el proyecto con los habitantes de spazio + spadoni en Kavimvira<\/p>\n<\/div>\n<\/div>\n\n\n\n<div class=\"ss-timeline\">\n<h3 id=\"2025\" class=\"gb-text\">2025<\/h3>\n\n\n\n<div class=\"ss-timeline-item\">\n<h4 id=\"0503-informe-de-actividades-de-los-habitantes-de-spazio-spadoni-y-de-las-obras-de-misericordia\" class=\"gb-text\">05.03 | Informe de actividades de los habitantes de spazio + spadoni y de las Obras de Misericordia<\/h4>\n\n\n\n<p class=\"wp-block-paragraph\">Actualizaci\u00f3n de las actividades de los habitantes de spazio + spadoni en la difusi\u00f3n de las Obras de Misericordia<\/p>\n\n\n\n<figure class=\"wp-block-gallery has-nested-images columns-1 is-cropped ss-lightbox wp-block-gallery-12 is-layout-flex wp-block-gallery-is-layout-flex\">\n<figure class=\"wp-block-image size-large\"><img decoding=\"async\" width=\"200\" height=\"267\" data-id=\"43092\" src=\"https:\/\/spaziospadoni.org\/wp-content\/uploads\/2026\/05\/2025_marzo_volontari_opere_misericordia_spazio_spadoni_congo_uvira_kavimvira-3-200x267-1.jpg\" alt=\"Voluntarios de las Obras de Misericordia entre Uvira y Kavimvira\" class=\"wp-image-43092\"\/><figcaption class=\"wp-element-caption\">Voluntarios en Uvira y Kavimvira<\/figcaption><\/figure>\n\n\n\n<figure class=\"wp-block-image size-large\"><img decoding=\"async\" width=\"225\" height=\"300\" data-id=\"43091\" src=\"https:\/\/spaziospadoni.org\/wp-content\/uploads\/2026\/05\/2025_marzo_volontari_opere_misericordia_spazio_spadoni_congo_uvira_kavimvira-2-225x300-1.jpg\" alt=\"Voluntarios de las Obras de Misericordia entre Uvira y Kavimvira\" class=\"wp-image-43091\"\/><figcaption class=\"wp-element-caption\">Voluntarios en Uvira y Kavimvira<\/figcaption><\/figure>\n<\/figure>\n<\/div>\n<\/div>\n\n\n\n<div class=\"ss-timeline\">\n<h3 id=\"evaluaciones-del-proyecto\" class=\"gb-text\">Evaluaciones del proyecto<\/h3>\n\n\n\n<div class=\"ss-timeline-item\">\n<h4 id=\"todas-las-evaluaciones\" class=\"gb-text\">Todas las evaluaciones<\/h4>\n\n\n\n<ul class=\"wp-block-list\">\n<li><strong>Enero de 2021<\/strong><br>Evaluaci\u00f3n del proyecto de empresa social<\/li>\n\n\n\n<li><strong>Diciembre de 2021<\/strong><br>Definici\u00f3n del presupuesto del proyecto<\/li>\n\n\n\n<li><strong>Enero de 2022<\/strong><br>Evaluaci\u00f3n del proyecto que se llevar\u00e1 a cabo<\/li>\n\n\n\n<li><strong>Diciembre de 2023<\/strong><br>Refuerzo de la actividad de corte y confecci\u00f3n en la comunidad<\/li>\n\n\n\n<li><strong>Marzo de 2024<\/strong><br>Seguimiento del proyecto<br><\/li>\n<\/ul>\n<\/div>\n<\/div>\n<\/div>\n\n\n\n<div class=\"ss-project-media\">\n<h2 id=\"fotos-y-videos\" class=\"gb-text gb-text-d7bd8be8\">Fotos y v\u00eddeos<\/h2>\n\n\n\n<div class=\"ss-media-filters\">\n<a class=\"gb-text gb-text-82f54d71 ss-media-filter active\" data-filter=\"*\" title=\"Todo\">Todo<\/a>\n\n\n\n<a class=\"gb-text gb-text-66439212 ss-media-filter\" data-filter=\".formazione\" title=\"Formaci\u00f3n\">Formaci\u00f3n<\/a>\n\n\n\n<a class=\"gb-text gb-text-fa266725 ss-media-filter\" data-filter=\".mandato\" title=\"Mandato\">Mandato<\/a>\n\n\n\n<a class=\"gb-text gb-text-9a841929 ss-media-filter\" data-filter=\".repubblicademocraticadelcongo\" title=\"Rep\u00fablica Democr\u00e1tica del Congo\">Rep\u00fablica Democr\u00e1tica del Congo<\/a>\n\n\n\n<a class=\"gb-text gb-text-9b6a3609 ss-media-filter\" data-filter=\".viaggiopaolo2022\" title=\"Viaje de Paolo 2022\">Viaje de Paolo 2022<\/a>\n\n\n\n<a class=\"gb-text gb-text-f5fe3db3 ss-media-filter\" data-filter=\".viaggiopaolo2023\" title=\"Viaje de Paolo 2023\">Viaje de Paolo 2023<\/a>\n<\/div>\n\n\n\n<div class=\"ss-media-grid\">\n<div>\n<figure class=\"wp-block-gallery has-nested-images columns-1 is-cropped ss-lightbox wp-block-gallery-13 is-layout-flex wp-block-gallery-is-layout-flex\">\n<figure class=\"wp-block-image size-large formazione\"><img decoding=\"async\" src=\"\/wp-content\/uploads\/2026\/05\/001-Acquerello-di-suor-Jacqueline-245x300.jpg\" alt=\"Acuarela dedicada a sor Jacqueline\"\/><figcaption class=\"wp-element-caption\">Acuarela de sor Jacqueline<\/figcaption><\/figure>\n\n\n\n<figure class=\"wp-block-image size-large formazione\"><img decoding=\"async\" src=\"\/wp-content\/uploads\/2026\/05\/002-2020_settembre_hicsum_italia_suor_jacqueline_santa_gemma__formazione_spazio_spadoni-2-scaled.jpg\" alt=\"Formaci\u00f3n HIC SUM en Italia con sor Jacqueline y las Hermanas de Santa Gemma\"\/><figcaption class=\"wp-element-caption\">Formaci\u00f3n HIC SUM en Italia<\/figcaption><\/figure>\n\n\n\n<figure class=\"wp-block-image size-large formazione\"><img decoding=\"async\" src=\"\/wp-content\/uploads\/2026\/05\/003-Timeline-inizio-rapporto-F-suora-e-Don-D-copia-300x297.jpg\" alt=\"Fase inicial de la relaci\u00f3n misionera para HIC SUM\"\/><figcaption class=\"wp-element-caption\">Inicio de la relaci\u00f3n misionera<\/figcaption><\/figure>\n\n\n\n<figure class=\"wp-block-image size-large formazione\"><img decoding=\"async\" src=\"\/wp-content\/uploads\/2026\/05\/004-Timeline-formazione-aprile-F-suora-copia-300x248.jpg\" alt=\"Momento de formaci\u00f3n del proyecto HIC SUM\"\/><figcaption class=\"wp-element-caption\">Formaci\u00f3n HIC SUM<\/figcaption><\/figure>\n\n\n\n<figure class=\"wp-block-image size-large formazione\"><img decoding=\"async\" src=\"\/wp-content\/uploads\/2026\/05\/005-2020_settembre_hicsum_italia_suor_jacqueline_santa_gemma__formazione_spazio_spadoni-7.jpg\" alt=\"Formaci\u00f3n HIC SUM en Italia con sor Jacqueline y las Hermanas de Santa Gemma\"\/><figcaption class=\"wp-element-caption\">Formaci\u00f3n HIC SUM en Italia<\/figcaption><\/figure>\n\n\n\n<figure class=\"wp-block-image size-large formazione\"><img decoding=\"async\" src=\"\/wp-content\/uploads\/2026\/05\/006-Timiline-inizio-rapporto-F-suora-copia-277x300.jpg\" alt=\"Fase inicial del proyecto HIC SUM con sor Jacqueline\"\/><figcaption class=\"wp-element-caption\">Inicio del proyecto HIC SUM<\/figcaption><\/figure>\n\n\n\n<figure class=\"wp-block-image size-large formazione\"><img decoding=\"async\" src=\"\/wp-content\/uploads\/2026\/05\/007-Timeline-partenza-suora-F-suora-Luigi-e-volontaria-copia-300x162.jpg\" alt=\"Momento del mandato y de la partida misionera\"\/><figcaption class=\"wp-element-caption\">Mandato y partida misionera<\/figcaption><\/figure>\n\n\n\n<figure class=\"wp-block-image size-large repubblicademocraticadelcongo\"><img decoding=\"async\" src=\"\/wp-content\/uploads\/2026\/05\/008-2021_dicembre_hicsum_congo_kavimvira_sr_jacqueline_santa_gemma_misericordia_spazio_spadoni-1.jpg\" alt=\"Actividades de misericordia en Kavimvira con sor Jacqueline en diciembre de 2021\"\/><figcaption class=\"wp-element-caption\">Kavimvira, diciembre de 2021<\/figcaption><\/figure>\n\n\n\n<figure class=\"wp-block-image size-large repubblicademocraticadelcongo\"><img decoding=\"async\" src=\"\/wp-content\/uploads\/2026\/05\/009-2021_dicembre_hicsum_congo_kavimvira_sr_jacqueline_santa_gemma_misericordia_spazio_spadoni-1.jpg\" alt=\"Actividades de misericordia en Kavimvira con sor Jacqueline en diciembre de 2021\"\/><figcaption class=\"wp-element-caption\">Kavimvira, diciembre de 2021<\/figcaption><\/figure>\n\n\n\n<figure class=\"wp-block-image size-large repubblicademocraticadelcongo\"><img decoding=\"async\" src=\"\/wp-content\/uploads\/2026\/05\/010-2021_dicembre_hicsum_congo_kavimvira_sr_jacqueline_santa_gemma_misericordia_spazio_spadoni-2.jpg\" alt=\"Actividades de misericordia en Kavimvira con sor Jacqueline en diciembre de 2021\"\/><figcaption class=\"wp-element-caption\">Kavimvira, diciembre de 2021<\/figcaption><\/figure>\n\n\n\n<figure class=\"wp-block-image size-large repubblicademocraticadelcongo\"><img decoding=\"async\" src=\"\/wp-content\/uploads\/2026\/05\/011-2021_dicembre_hicsum_congo_kavimvira_sr_jacqueline_santa_gemma_misericordia_spazio_spadoni-3.jpg\" alt=\"Actividades de misericordia en Kavimvira con sor Jacqueline en diciembre de 2021\"\/><figcaption class=\"wp-element-caption\">Kavimvira, diciembre de 2021<\/figcaption><\/figure>\n\n\n\n<figure class=\"wp-block-image size-large repubblicademocraticadelcongo\"><img decoding=\"async\" src=\"\/wp-content\/uploads\/2026\/05\/012-2021_dicembre_hicsum_congo_kavimvira_sr_jacqueline_santa_gemma_misericordia_spazio_spadoni-4.jpg\" alt=\"Actividades de misericordia en Kavimvira con sor Jacqueline en diciembre de 2021\"\/><figcaption class=\"wp-element-caption\">Kavimvira, diciembre de 2021<\/figcaption><\/figure>\n\n\n\n<figure class=\"wp-block-image size-large repubblicademocraticadelcongo\"><img decoding=\"async\" src=\"\/wp-content\/uploads\/2026\/05\/013-2021_dicembre_hicsum_congo_kavimvira_sr_jacqueline_santa_gemma_misericordia_spazio_spadoni-5.jpg\" alt=\"Actividades de misericordia en Kavimvira con sor Jacqueline en diciembre de 2021\"\/><figcaption class=\"wp-element-caption\">Kavimvira, diciembre de 2021<\/figcaption><\/figure>\n\n\n\n<figure class=\"wp-block-image size-large repubblicademocraticadelcongo\"><img decoding=\"async\" src=\"\/wp-content\/uploads\/2026\/05\/014-2021_dicembre_hicsum_congo_kavimvira_sr_jacqueline_santa_gemma_misericordia_spazio_spadoni-7.jpg\" alt=\"Actividades de misericordia en Kavimvira con sor Jacqueline en diciembre de 2021\"\/><figcaption class=\"wp-element-caption\">Kavimvira, diciembre de 2021<\/figcaption><\/figure>\n\n\n\n<figure class=\"wp-block-image size-large repubblicademocraticadelcongo\"><img decoding=\"async\" src=\"\/wp-content\/uploads\/2026\/05\/015-2021_dicembre_hicsum_congo_kavimvira_sr_jacqueline_santa_gemma_misericordia_spazio_spadoni-9.jpg\" alt=\"Actividades de misericordia en Kavimvira con sor Jacqueline en diciembre de 2021\"\/><figcaption class=\"wp-element-caption\">Kavimvira, diciembre de 2021<\/figcaption><\/figure>\n\n\n\n<figure class=\"wp-block-image size-large mandato\"><img decoding=\"async\" src=\"\/wp-content\/uploads\/2026\/05\/016-Timeline-partenza-suora-F-suora-mandato-e-un-altra-suora-a-caso-copia-300x160.jpg\" alt=\"Momento del mandato y de la partida misionera\"\/><figcaption class=\"wp-element-caption\">Mandato y partida misionera<\/figcaption><\/figure>\n\n\n\n<figure class=\"wp-block-image size-large repubblicademocraticadelcongo\"><img decoding=\"async\" src=\"\/wp-content\/uploads\/2026\/05\/017-2022_aprile_hicsum_congo_kavimvira_sr_jacqueline_santa_gemma_spazio_spadoni_orfanotrofio-1.jpeg\" alt=\"Visita al orfanato de Kavimvira dentro del proyecto HIC SUM\"\/><figcaption class=\"wp-element-caption\">Orfanato en Kavimvira<\/figcaption><\/figure>\n\n\n\n<figure class=\"wp-block-image size-large repubblicademocraticadelcongo\"><img decoding=\"async\" src=\"\/wp-content\/uploads\/2026\/05\/018-2022_aprile_hicsum_congo_kavimvira_sr_jacqueline_santa_gemma_spazio_spadoni_orfanotrofio-2.jpeg\" alt=\"Visita al orfanato de Kavimvira dentro del proyecto HIC SUM\"\/><figcaption class=\"wp-element-caption\">Orfanato en Kavimvira<\/figcaption><\/figure>\n\n\n\n<figure class=\"wp-block-image size-large repubblicademocraticadelcongo\"><img decoding=\"async\" src=\"\/wp-content\/uploads\/2026\/05\/019-2022_aprile_hicsum_congo_kavimvira_sr_jacqueline_santa_gemma_spazio_spadoni_orfanotrofio-3.jpeg\" alt=\"Visita al orfanato de Kavimvira dentro del proyecto HIC SUM\"\/><figcaption class=\"wp-element-caption\">Orfanato en Kavimvira<\/figcaption><\/figure>\n\n\n\n<figure class=\"wp-block-image size-large repubblicademocraticadelcongo\"><img decoding=\"async\" src=\"\/wp-content\/uploads\/2026\/05\/020-2022_aprile_hicsum_congo_kavimvira_sr_jacqueline_santa_gemma_spazio_spadoni_orfanotrofio-4.jpeg\" alt=\"Visita al orfanato de Kavimvira dentro del proyecto HIC SUM\"\/><figcaption class=\"wp-element-caption\">Orfanato en Kavimvira<\/figcaption><\/figure>\n\n\n\n<figure class=\"wp-block-image size-large repubblicademocraticadelcongo\"><img decoding=\"async\" src=\"\/wp-content\/uploads\/2026\/05\/021-2022_aprile_hicsum_congo_kavimvira_sr_jacqueline_santa_gemma_spazio_spadoni_orfanotrofio-5.jpeg\" alt=\"Visita al orfanato de Kavimvira dentro del proyecto HIC SUM\"\/><figcaption class=\"wp-element-caption\">Orfanato en Kavimvira<\/figcaption><\/figure>\n\n\n\n<figure class=\"wp-block-image size-large repubblicademocraticadelcongo\"><img decoding=\"async\" src=\"\/wp-content\/uploads\/2026\/05\/022-2022_aprile_hicsum_congo_kavimvira_sr_jacqueline_santa_gemma_spazio_spadoni_orfanotrofio-7.jpeg\" alt=\"Visita al orfanato de Kavimvira dentro del proyecto HIC SUM\"\/><figcaption class=\"wp-element-caption\">Orfanato en Kavimvira<\/figcaption><\/figure>\n\n\n\n<figure class=\"wp-block-image size-large repubblicademocraticadelcongo\"><img decoding=\"async\" src=\"\/wp-content\/uploads\/2026\/05\/023-2022_febbraio_hicsum_1_congo_kavimvira_uvira_suor_jacqueline_sorelle_santa_gemma_misericordia_spazio_spadoni-1.jpeg\" alt=\"Actividades HIC SUM en Kavimvira con sor Jacqueline, febrero de 2022\"\/><figcaption class=\"wp-element-caption\">Kavimvira, febrero de 2022<\/figcaption><\/figure>\n\n\n\n<figure class=\"wp-block-image size-large repubblicademocraticadelcongo\"><img decoding=\"async\" src=\"\/wp-content\/uploads\/2026\/05\/024-2022_febbraio_hicsum_1_congo_kavimvira_uvira_suor_jacqueline_sorelle_santa_gemma_misericordia_spazio_spadoni-2.jpeg\" alt=\"Actividades HIC SUM en Kavimvira con sor Jacqueline, febrero de 2022\"\/><figcaption class=\"wp-element-caption\">Kavimvira, febrero de 2022<\/figcaption><\/figure>\n\n\n\n<figure class=\"wp-block-image size-large repubblicademocraticadelcongo\"><img decoding=\"async\" src=\"\/wp-content\/uploads\/2026\/05\/025-2022_febbraio_hicsum_1_congo_kavimvira_uvira_suor_jacqueline_sorelle_santa_gemma_misericordia_spazio_spadoni-3.jpeg\" alt=\"Actividades HIC SUM en Kavimvira con sor Jacqueline, febrero de 2022\"\/><figcaption class=\"wp-element-caption\">Kavimvira, febrero de 2022<\/figcaption><\/figure>\n\n\n\n<figure class=\"wp-block-image size-large repubblicademocraticadelcongo\"><img decoding=\"async\" src=\"\/wp-content\/uploads\/2026\/05\/026-2022_febbraio_hicsum_1_congo_kavimvira_uvira_suor_jacqueline_sorelle_santa_gemma_misericordia_spazio_spadoni-4.jpeg\" alt=\"Actividades HIC SUM en Kavimvira con sor Jacqueline, febrero de 2022\"\/><figcaption class=\"wp-element-caption\">Kavimvira, febrero de 2022<\/figcaption><\/figure>\n\n\n\n<figure class=\"wp-block-image size-large repubblicademocraticadelcongo\"><img decoding=\"async\" src=\"\/wp-content\/uploads\/2026\/05\/027-2022_febbraio_hicsum_1_congo_kavimvira_uvira_suor_jacqueline_sorelle_santa_gemma_misericordia_spazio_spadoni-5.jpeg\" alt=\"Actividades HIC SUM en Kavimvira con sor Jacqueline, febrero de 2022\"\/><figcaption class=\"wp-element-caption\">Kavimvira, febrero de 2022<\/figcaption><\/figure>\n\n\n\n<figure class=\"wp-block-image size-large repubblicademocraticadelcongo\"><img decoding=\"async\" src=\"\/wp-content\/uploads\/2026\/05\/028-2022_febbraio_hicsum_1_congo_kavimvira_uvira_suor_jacqueline_sorelle_santa_gemma_misericordia_spazio_spadoni-6.jpeg\" alt=\"Actividades HIC SUM en Kavimvira con sor Jacqueline, febrero de 2022\"\/><figcaption class=\"wp-element-caption\">Kavimvira, febrero de 2022<\/figcaption><\/figure>\n\n\n\n<figure class=\"wp-block-image size-large repubblicademocraticadelcongo\"><img decoding=\"async\" src=\"\/wp-content\/uploads\/2026\/05\/029-2022_febbraio_hicsum_1_congo_kavimvira_uvira_suor_jacqueline_sorelle_santa_gemma_misericordia_spazio_spadoni-7.jpeg\" alt=\"Actividades HIC SUM en Kavimvira con sor Jacqueline, febrero de 2022\"\/><figcaption class=\"wp-element-caption\">Kavimvira, febrero de 2022<\/figcaption><\/figure>\n\n\n\n<figure class=\"wp-block-image size-large repubblicademocraticadelcongo\"><img decoding=\"async\" src=\"\/wp-content\/uploads\/2026\/05\/030-2022_febbraio_hicsum_1_congo_kavimvira_uvira_suor_jacqueline_sorelle_santa_gemma_misericordia_spazio_spadoni-8.jpeg\" alt=\"Actividades HIC SUM en Kavimvira con sor Jacqueline, febrero de 2022\"\/><figcaption class=\"wp-element-caption\">Kavimvira, febrero de 2022<\/figcaption><\/figure>\n\n\n\n<figure class=\"wp-block-image size-large repubblicademocraticadelcongo\"><img decoding=\"async\" src=\"\/wp-content\/uploads\/2026\/05\/031-2022_febbraio_hicsum_1_congo_kavimvira_uvira_suor_jacqueline_sorelle_santa_gemma_misericordia_spazio_spadoni-10.jpeg\" alt=\"Actividades HIC SUM en Kavimvira con sor Jacqueline, febrero de 2022\"\/><figcaption class=\"wp-element-caption\">Kavimvira, febrero de 2022<\/figcaption><\/figure>\n\n\n\n<figure class=\"wp-block-image size-large repubblicademocraticadelcongo\"><img decoding=\"async\" src=\"\/wp-content\/uploads\/2026\/05\/032-2022_febbraio_hicsum_1_congo_kavimvira_uvira_suor_jacqueline_sorelle_santa_gemma_misericordia_spazio_spadoni-11.jpeg\" alt=\"Actividades HIC SUM en Kavimvira con sor Jacqueline, febrero de 2022\"\/><figcaption class=\"wp-element-caption\">Kavimvira, febrero de 2022<\/figcaption><\/figure>\n\n\n\n<figure class=\"wp-block-image size-large repubblicademocraticadelcongo\"><img decoding=\"async\" src=\"\/wp-content\/uploads\/2026\/05\/033-2022_febbraio_hicsum_1_congo_kavimvira_uvira_suor_jacqueline_sorelle_santa_gemma_misericordia_spazio_spadoni-12.jpeg\" alt=\"Actividades HIC SUM en Kavimvira con sor Jacqueline, febrero de 2022\"\/><figcaption class=\"wp-element-caption\">Kavimvira, febrero de 2022<\/figcaption><\/figure>\n\n\n\n<figure class=\"wp-block-image size-large repubblicademocraticadelcongo\"><img decoding=\"async\" src=\"\/wp-content\/uploads\/2026\/05\/034-2022_febbraio_hicsum_1_congo_kavimvira_uvira_suor_jacqueline_sorelle_santa_gemma_misericordia_spazio_spadoni-13.jpeg\" alt=\"Actividades HIC SUM en Kavimvira con sor Jacqueline, febrero de 2022\"\/><figcaption class=\"wp-element-caption\">Kavimvira, febrero de 2022<\/figcaption><\/figure>\n\n\n\n<figure class=\"wp-block-image size-large repubblicademocraticadelcongo\"><img decoding=\"async\" src=\"\/wp-content\/uploads\/2026\/05\/035-2022_febbraio_hicsum_1_congo_kavimvira_uvira_suor_jacqueline_sorelle_santa_gemma_misericordia_spazio_spadoni-14.jpeg\" alt=\"Actividades HIC SUM en Kavimvira con sor Jacqueline, febrero de 2022\"\/><figcaption class=\"wp-element-caption\">Kavimvira, febrero de 2022<\/figcaption><\/figure>\n\n\n\n<figure class=\"wp-block-image size-large repubblicademocraticadelcongo\"><img decoding=\"async\" src=\"\/wp-content\/uploads\/2026\/05\/036-2022_febbraio_hicsum_1_congo_kavimvira_uvira_suor_jacqueline_sorelle_santa_gemma_misericordia_spazio_spadoni-15.jpeg\" alt=\"Actividades HIC SUM en Kavimvira con sor Jacqueline, febrero de 2022\"\/><figcaption class=\"wp-element-caption\">Kavimvira, febrero de 2022<\/figcaption><\/figure>\n\n\n\n<figure class=\"wp-block-image size-large repubblicademocraticadelcongo\"><img decoding=\"async\" src=\"\/wp-content\/uploads\/2026\/05\/037-2022_settembre_hicsum_congo_kavimvira_suor_jacqueline_santa_gemma_dispensario_spazio_spadoni-1.jpg\" alt=\"Dispensario de Kavimvira apoyado por el proyecto HIC SUM\"\/><figcaption class=\"wp-element-caption\">Dispensario de Kavimvira<\/figcaption><\/figure>\n\n\n\n<figure class=\"wp-block-image size-large repubblicademocraticadelcongo\"><img decoding=\"async\" src=\"\/wp-content\/uploads\/2026\/05\/038-2022_settembre_hicsum_congo_kavimvira_uvira_suor_jacqueline_sorelle_mise_santa_gemma_anniversario_fondazione_spazio_spadoni.jpg\" alt=\"Actividades HIC SUM en Kavimvira con sor Jacqueline, septiembre de 2022\"\/><figcaption class=\"wp-element-caption\">Kavimvira, septiembre de 2022<\/figcaption><\/figure>\n\n\n\n<figure class=\"wp-block-image size-large repubblicademocraticadelcongo\"><img decoding=\"async\" src=\"\/wp-content\/uploads\/2026\/05\/039-2023_gennaio_hicsum_1_congo_kavimvira_uvira_suor_jacqueline_sorelle_santa_gemma_mise_santa_gemma_apostolato_spazio_spadoni-6.jpeg\" alt=\"Apostolado en Kavimvira con sor Jacqueline y la comunidad local\"\/><figcaption class=\"wp-element-caption\">Apostolado en Kavimvira<\/figcaption><\/figure>\n\n\n\n<figure class=\"wp-block-image size-large repubblicademocraticadelcongo\"><img decoding=\"async\" src=\"\/wp-content\/uploads\/2026\/05\/040-2023_marzo_hicsum_1_congo_kavimvira_uvira_suor_jacqueline_sorelle_santa_gemma_mise_santa_gemma_spazio_spadoni-4.jpeg\" alt=\"Actividades HIC SUM en Kavimvira con sor Jacqueline, marzo de 2023\"\/><figcaption class=\"wp-element-caption\">Kavimvira, marzo de 2023<\/figcaption><\/figure>\n\n\n\n<figure class=\"wp-block-image size-large repubblicademocraticadelcongo\"><img decoding=\"async\" src=\"\/wp-content\/uploads\/2026\/05\/041-2023_gennaio_hicsum_1_congo_kavimvira_uvira_suor_jacqueline_sorelle_santa_gemma_mise_santa_gemma_apostolato_spazio_spadoni-5.jpeg\" alt=\"Apostolado en Kavimvira con sor Jacqueline y la comunidad local\"\/><figcaption class=\"wp-element-caption\">Apostolado en Kavimvira<\/figcaption><\/figure>\n\n\n\n<figure class=\"wp-block-image size-large repubblicademocraticadelcongo\"><img decoding=\"async\" src=\"\/wp-content\/uploads\/2026\/05\/042-2023_gennaio_hicsum_1_congo_kavimvira_uvira_suor_jacqueline_sorelle_santa_gemma_mise_santa_gemma_apostolato_spazio_spadoni-3.jpeg\" alt=\"Apostolado en Kavimvira con sor Jacqueline y la comunidad local\"\/><figcaption class=\"wp-element-caption\">Apostolado en Kavimvira<\/figcaption><\/figure>\n\n\n\n<figure class=\"wp-block-image size-large repubblicademocraticadelcongo\"><img decoding=\"async\" src=\"\/wp-content\/uploads\/2026\/05\/043-2023_aprile_hicsum_1_congo_kavimvira_uvira_suor_jacqueline_sorelle_santa_gemma_mise_santa_gemma_pasqua_dei_bambini_spazio_spadoni-8.jpeg\" alt=\"Pascua de los ni\u00f1os en Kavimvira con la comunidad HIC SUM\"\/><figcaption class=\"wp-element-caption\">Pascua de los ni\u00f1os<\/figcaption><\/figure>\n\n\n\n<figure class=\"wp-block-image size-large repubblicademocraticadelcongo\"><img decoding=\"async\" src=\"\/wp-content\/uploads\/2026\/05\/044-2023_aprile_hicsum_1_congo_kavimvira_uvira_suor_jacqueline_sorelle_santa_gemma_mise_santa_gemma_pasqua_dei_bambini_spazio_spadoni-2.jpeg\" alt=\"Pascua de los ni\u00f1os en Kavimvira con la comunidad HIC SUM\"\/><figcaption class=\"wp-element-caption\">Pascua de los ni\u00f1os<\/figcaption><\/figure>\n\n\n\n<figure class=\"wp-block-image size-large repubblicademocraticadelcongo\"><img decoding=\"async\" src=\"\/wp-content\/uploads\/2026\/05\/045-2022_novembre_congo_kavimvira_sr_jacqueline_santa_gemma_malnutrizione_spazio_spadoni-9-2.jpeg\" alt=\"Actividades de atenci\u00f3n a la desnutrici\u00f3n en Kavimvira\"\/><figcaption class=\"wp-element-caption\">Atenci\u00f3n a la desnutrici\u00f3n<\/figcaption><\/figure>\n\n\n\n<figure class=\"wp-block-image size-large repubblicademocraticadelcongo\"><img decoding=\"async\" src=\"\/wp-content\/uploads\/2026\/05\/046-2022_ottobre_hicsum_congo_kavimvira_suor_jacqueline_professione_suore_spazio_spadoni-22-1.jpeg\" alt=\"Profesi\u00f3n de las hermanas en la comunidad de Kavimvira\"\/><figcaption class=\"wp-element-caption\">Profesi\u00f3n de las hermanas<\/figcaption><\/figure>\n\n\n\n<figure class=\"wp-block-image size-large repubblicademocraticadelcongo\"><img decoding=\"async\" src=\"\/wp-content\/uploads\/2026\/05\/047-2022_ottobre_hicsum_congo_kavimvira_sr_jacqueline_accoglienza_spazio_spadoni-10-1.jpeg\" alt=\"2022 octubre HIC SUM Congo Kavimvira sor Jacqueline acogida spazio spadoni\"\/><figcaption class=\"wp-element-caption\">2022 octubre HIC SUM Congo Kavimvira sor<\/figcaption><\/figure>\n\n\n\n<figure class=\"wp-block-image size-large repubblicademocraticadelcongo\"><img decoding=\"async\" src=\"\/wp-content\/uploads\/2026\/05\/048-2022_ottobre_hicsum_congo_kavimvira_suor_jacqueline_professione_suore_spazio_spadoni-27.jpeg\" alt=\"Profesi\u00f3n de las hermanas en la comunidad de Kavimvira\"\/><figcaption class=\"wp-element-caption\">Profesi\u00f3n de las hermanas<\/figcaption><\/figure>\n\n\n\n<figure class=\"wp-block-image size-large repubblicademocraticadelcongo\"><img decoding=\"async\" src=\"\/wp-content\/uploads\/2026\/05\/049-2022_ottobre_hicsum_congo_kavimvira_suor_jacqueline_professione_suore_spazio_spadoni-31.jpeg\" alt=\"Profesi\u00f3n de las hermanas en la comunidad de Kavimvira\"\/><figcaption class=\"wp-element-caption\">Profesi\u00f3n de las hermanas<\/figcaption><\/figure>\n\n\n\n<figure class=\"wp-block-image size-large viaggiopaolo2022\"><img decoding=\"async\" src=\"\/wp-content\/uploads\/2026\/05\/050-Timeline-primo-viaggio-paolo-F-paolo-copia-281x300.jpg\" alt=\"Primer viaje de Paolo a Kavimvira para el proyecto HIC SUM\"\/><figcaption class=\"wp-element-caption\">Primer viaje de Paolo<\/figcaption><\/figure>\n\n\n\n<figure class=\"wp-block-image size-large viaggiopaolo2022\"><img decoding=\"async\" src=\"\/wp-content\/uploads\/2026\/05\/051-2022_ottobre_hicsum_italia_suor_jacqueline_viaggio_paolo_mandato_spazio_spadoni-5.jpeg\" alt=\"2022 octubre HIC SUM Italia sor Jacqueline viaje de Paolo mandato spazio spadoni\"\/><figcaption class=\"wp-element-caption\">2022 octubre HIC SUM Italia sor Jacqueline<\/figcaption><\/figure>\n\n\n\n<figure class=\"wp-block-image size-large viaggiopaolo2022\"><img decoding=\"async\" src=\"\/wp-content\/uploads\/2026\/05\/052-Timeline-secondo-viaggio-paolo-F-paolo-copia-240x300.jpg\" alt=\"Segundo viaje de Paolo a Kavimvira para el proyecto HIC SUM\"\/><figcaption class=\"wp-element-caption\">Segundo viaje de Paolo<\/figcaption><\/figure>\n\n\n\n<figure class=\"wp-block-image size-large repubblicademocraticadelcongo\"><img decoding=\"async\" src=\"\/wp-content\/uploads\/2026\/05\/053-2022_ottobre_hicsum_congo_kavimvira_suor_jacqueline_professione_suore_spazio_spadoni-25.jpeg\" alt=\"Profesi\u00f3n de las hermanas en la comunidad de Kavimvira\"\/><figcaption class=\"wp-element-caption\">Profesi\u00f3n de las hermanas<\/figcaption><\/figure>\n\n\n\n<figure class=\"wp-block-image size-large repubblicademocraticadelcongo\"><img decoding=\"async\" src=\"\/wp-content\/uploads\/2026\/05\/054-2022_ottobre_hicsum_congo_kavimvira_suor_jacqueline_professione_suore_spazio_spadoni-16.jpeg\" alt=\"Profesi\u00f3n de las hermanas en la comunidad de Kavimvira\"\/><figcaption class=\"wp-element-caption\">Profesi\u00f3n de las hermanas<\/figcaption><\/figure>\n\n\n\n<figure class=\"wp-block-image size-large repubblicademocraticadelcongo\"><img decoding=\"async\" src=\"\/wp-content\/uploads\/2026\/05\/055-2022_ottobre_hicsum_congo_kavimvira_suor_jacqueline_professione_suore_spazio_spadoni-8.jpeg\" alt=\"Profesi\u00f3n de las hermanas en la comunidad de Kavimvira\"\/><figcaption class=\"wp-element-caption\">Profesi\u00f3n de las hermanas<\/figcaption><\/figure>\n\n\n\n<figure class=\"wp-block-image size-large repubblicademocraticadelcongo\"><img decoding=\"async\" src=\"\/wp-content\/uploads\/2026\/05\/056-2022_ottobre_hicsum_congo_kavimvira_suor_jacqueline_professione_suore_spazio_spadoni-6.jpeg\" alt=\"Profesi\u00f3n de las hermanas en la comunidad de Kavimvira\"\/><figcaption class=\"wp-element-caption\">Profesi\u00f3n de las hermanas<\/figcaption><\/figure>\n\n\n\n<figure class=\"wp-block-image size-large viaggiopaolo2022\"><img decoding=\"async\" src=\"\/wp-content\/uploads\/2026\/05\/057-2022_ottobre_hicsum_1_italia_lucca_suor_jacqueline_viaggio_paolo_spazio_spadoni-7.jpeg\" alt=\"2022 octubre HIC SUM Italia Lucca sor Jacqueline viaje de Paolo spazio spadoni\"\/><figcaption class=\"wp-element-caption\">2022 octubre HIC SUM Italia Lucca sor<\/figcaption><\/figure>\n\n\n\n<figure class=\"wp-block-image size-large repubblicademocraticadelcongo\"><img decoding=\"async\" src=\"\/wp-content\/uploads\/2026\/05\/058-2022_ottobre_hicsum_congo_kavimvira_sr_jacqueline_accoglienza_spazio_spadoni-5.jpeg\" alt=\"2022 octubre HIC SUM Congo Kavimvira sor Jacqueline acogida spazio spadoni\"\/><figcaption class=\"wp-element-caption\">2022 octubre HIC SUM Congo Kavimvira sor<\/figcaption><\/figure>\n\n\n\n<figure class=\"wp-block-image size-large repubblicademocraticadelcongo\"><img decoding=\"async\" src=\"\/wp-content\/uploads\/2026\/05\/059-2022_ottobre_hicsum_congo_kavimvira_sr_jacqueline_accoglienza_spazio_spadoni-11.jpeg\" alt=\"2022 octubre HIC SUM Congo Kavimvira sor Jacqueline acogida spazio spadoni\"\/><figcaption class=\"wp-element-caption\">2022 octubre HIC SUM Congo Kavimvira sor<\/figcaption><\/figure>\n\n\n\n<figure class=\"wp-block-image size-large repubblicademocraticadelcongo\"><img decoding=\"async\" src=\"\/wp-content\/uploads\/2026\/05\/060-2022_ottobre_hicsum_congo_kavimvira_suor_jacqueline_professione_suore_spazio_spadoni-3.jpeg\" alt=\"Profesi\u00f3n de las hermanas en la comunidad de Kavimvira\"\/><figcaption class=\"wp-element-caption\">Profesi\u00f3n de las hermanas<\/figcaption><\/figure>\n\n\n\n<figure class=\"wp-block-image size-large repubblicademocraticadelcongo\"><img decoding=\"async\" src=\"\/wp-content\/uploads\/2026\/05\/061-2022_ottobre_hicsum_1_italia_lucca_suor_jacqueline_viaggio_paolo_spazio_spadoni-6.jpeg\" alt=\"2022 octubre HIC SUM Italia Lucca sor Jacqueline viaje de Paolo spazio spadoni\"\/><figcaption class=\"wp-element-caption\">2022 octubre HIC SUM Italia Lucca sor<\/figcaption><\/figure>\n\n\n\n<figure class=\"wp-block-image size-large viaggiopaolo2022\"><img decoding=\"async\" src=\"\/wp-content\/uploads\/2026\/05\/062-2022_ottobre_hicsum_1_italia_lucca_suor_jacqueline_viaggio_paolo_spazio_spadoni-5.jpeg\" alt=\"2022 octubre HIC SUM Italia Lucca sor Jacqueline viaje de Paolo spazio spadoni\"\/><figcaption class=\"wp-element-caption\">2022 octubre HIC SUM Italia Lucca sor<\/figcaption><\/figure>\n\n\n\n<figure class=\"wp-block-image size-large repubblicademocraticadelcongo\"><img decoding=\"async\" src=\"\/wp-content\/uploads\/2026\/05\/063-2022_ottobre_hicsum_1_congo_kavimvira_suor_jacqueline_progetto_spazio_spadoni-10.jpeg\" alt=\"2022 octubre HIC SUM Congo Kavimvira sor Jacqueline proyecto spazio spadoni\"\/><figcaption class=\"wp-element-caption\">2022 octubre HIC SUM Congo Kavimvira sor<\/figcaption><\/figure>\n\n\n\n<figure class=\"wp-block-image size-large repubblicademocraticadelcongo\"><img decoding=\"async\" src=\"\/wp-content\/uploads\/2026\/05\/064-2022_ottobre_hicsum_1_congo_kavimvira_suor_jacqueline_progetto_spazio_spadoni-3.jpeg\" alt=\"2022 octubre HIC SUM Congo Kavimvira sor Jacqueline proyecto spazio spadoni\"\/><figcaption class=\"wp-element-caption\">2022 octubre HIC SUM Congo Kavimvira sor<\/figcaption><\/figure>\n\n\n\n<figure class=\"wp-block-image size-large repubblicademocraticadelcongo\"><img decoding=\"async\" src=\"\/wp-content\/uploads\/2026\/05\/065-2022_ottobre_hicsum_1_congo_kavimvira_suor_jacqueline_misericordia_spazio_spadoni-13.jpeg\" alt=\"2022 octubre HIC SUM Congo Kavimvira sor Jacqueline Misericordia spazio spadoni\"\/><figcaption class=\"wp-element-caption\">2022 octubre HIC SUM Congo Kavimvira sor<\/figcaption><\/figure>\n\n\n\n<figure class=\"wp-block-image size-large repubblicademocraticadelcongo\"><img decoding=\"async\" src=\"\/wp-content\/uploads\/2026\/05\/066-2022_ottobre_hicsum_1_congo_kavimvira_suor_jacqueline_misericordia_spazio_spadoni-2.jpeg\" alt=\"2022 octubre HIC SUM Congo Kavimvira sor Jacqueline Misericordia spazio spadoni\"\/><figcaption class=\"wp-element-caption\">2022 octubre HIC SUM Congo Kavimvira sor<\/figcaption><\/figure>\n\n\n\n<figure class=\"wp-block-image size-large repubblicademocraticadelcongo\"><img decoding=\"async\" src=\"\/wp-content\/uploads\/2026\/05\/067-2022_ottobre_hicsum_1_congo_kavimvira_suor_jacqueline_celebrazione_spazio_spadoni-6.jpeg\" alt=\"2022 octubre HIC SUM Congo Kavimvira sor Jacqueline celebraci\u00f3n spazio spadoni\"\/><figcaption class=\"wp-element-caption\">2022 octubre HIC SUM Congo Kavimvira sor<\/figcaption><\/figure>\n\n\n\n<figure class=\"wp-block-image size-large repubblicademocraticadelcongo\"><img decoding=\"async\" src=\"\/wp-content\/uploads\/2026\/05\/068-2022_ottobre_hicsum_1_congo_kavimvira_suor_jacqueline_celebrazione_spazio_spadoni-5.jpeg\" alt=\"2022 octubre HIC SUM Congo Kavimvira sor Jacqueline celebraci\u00f3n spazio spadoni\"\/><figcaption class=\"wp-element-caption\">2022 octubre HIC SUM Congo Kavimvira sor<\/figcaption><\/figure>\n\n\n\n<figure class=\"wp-block-image size-large viaggiopaolo2022\"><img decoding=\"async\" src=\"\/wp-content\/uploads\/2026\/05\/069-2022_novembre_italia_santa_gemma_testimonianza_misericordia_spazio_spadoni-7.jpeg\" alt=\"2022 noviembre Italia Santa Gemma testimonio Misericordia spazio spadoni\"\/><figcaption class=\"wp-element-caption\">2022 noviembre Italia Santa Gemma testimonio Misericordia<\/figcaption><\/figure>\n\n\n\n<figure class=\"wp-block-image size-large viaggiopaolo2022\"><img decoding=\"async\" src=\"\/wp-content\/uploads\/2026\/05\/070-2022_novembre_italia_santa_gemma_testimonianza_misericordia_spazio_spadoni-14.jpeg\" alt=\"2022 noviembre Italia Santa Gemma testimonio Misericordia spazio spadoni\"\/><figcaption class=\"wp-element-caption\">2022 noviembre Italia Santa Gemma testimonio Misericordia<\/figcaption><\/figure>\n\n\n\n<figure class=\"wp-block-image size-large viaggiopaolo2022\"><img decoding=\"async\" src=\"\/wp-content\/uploads\/2026\/05\/071-2022_novembre_italia_santa_gemma_testimonianza_misericordia_spazio_spadoni-16.jpeg\" alt=\"2022 noviembre Italia Santa Gemma testimonio Misericordia spazio spadoni\"\/><figcaption class=\"wp-element-caption\">2022 noviembre Italia Santa Gemma testimonio Misericordia<\/figcaption><\/figure>\n\n\n\n<figure class=\"wp-block-image size-large repubblicademocraticadelcongo\"><img decoding=\"async\" src=\"\/wp-content\/uploads\/2026\/05\/072-2022_ottobre_hicsum_1_congo_kavimvira_suor_jacqueline_celebrazione_spazio_spadoni-2.jpeg\" alt=\"2022 octubre HIC SUM Congo Kavimvira sor Jacqueline celebraci\u00f3n spazio spadoni\"\/><figcaption class=\"wp-element-caption\">2022 octubre HIC SUM Congo Kavimvira sor<\/figcaption><\/figure>\n\n\n\n<figure class=\"wp-block-image size-large repubblicademocraticadelcongo\"><img decoding=\"async\" src=\"\/wp-content\/uploads\/2026\/05\/073-Timeline-dove-ci-sono-poche-foto-mettere-spilla-su-F-copia-295x300.jpg\" alt=\"Detalle simb\u00f3lico relacionado con el proyecto HIC SUM\"\/><figcaption class=\"wp-element-caption\">S\u00edmbolo del proyecto HIC SUM<\/figcaption><\/figure>\n\n\n\n<figure class=\"wp-block-image size-large viaggiopaolo2022\"><img decoding=\"async\" src=\"\/wp-content\/uploads\/2026\/05\/074-2022_novembre_italia_santa_gemma_testimonianza_misericordia_spazio_spadoni-5.jpeg\" alt=\"2022 noviembre Italia Santa Gemma testimonio Misericordia spazio spadoni\"\/><figcaption class=\"wp-element-caption\">2022 noviembre Italia Santa Gemma testimonio Misericordia<\/figcaption><\/figure>\n\n\n\n<figure class=\"wp-block-image size-large viaggiopaolo2022\"><img decoding=\"async\" src=\"\/wp-content\/uploads\/2026\/05\/075-2022_novembre_italia_santa_gemma_testimonianza_misericordia_spazio_spadoni-3.jpeg\" alt=\"2022 noviembre Italia Santa Gemma testimonio Misericordia spazio spadoni\"\/><figcaption class=\"wp-element-caption\">2022 noviembre Italia Santa Gemma testimonio Misericordia<\/figcaption><\/figure>\n\n\n\n<figure class=\"wp-block-image size-large viaggiopaolo2022\"><img decoding=\"async\" src=\"\/wp-content\/uploads\/2026\/05\/076-2022_novembre_italia_santa_gemma_testimonianza_misericordia_spazio_spadoni-1.jpeg\" alt=\"2022 noviembre Italia Santa Gemma testimonio Misericordia spazio spadoni\"\/><figcaption class=\"wp-element-caption\">2022 noviembre Italia Santa Gemma testimonio Misericordia<\/figcaption><\/figure>\n\n\n\n<figure class=\"wp-block-image size-large repubblicademocraticadelcongo\"><img decoding=\"async\" src=\"\/wp-content\/uploads\/2026\/05\/077-Timeline-reclutamento-volontari-F-sparsi-copia-300x146.jpg\" alt=\"Incorporaci\u00f3n de voluntarios para las Obras de Misericordia\"\/><figcaption class=\"wp-element-caption\">Incorporaci\u00f3n de voluntarios<\/figcaption><\/figure>\n\n\n\n<figure class=\"wp-block-image size-large repubblicademocraticadelcongo\"><img decoding=\"async\" src=\"\/wp-content\/uploads\/2026\/05\/078-Timeline-reclutamento-volontari-F-a-tutti-e-due-copia-264x300.jpg\" alt=\"Incorporaci\u00f3n de voluntarios para las Obras de Misericordia\"\/><figcaption class=\"wp-element-caption\">Incorporaci\u00f3n de voluntarios<\/figcaption><\/figure>\n\n\n\n<figure class=\"wp-block-image size-large repubblicademocraticadelcongo\"><img decoding=\"async\" src=\"\/wp-content\/uploads\/2026\/05\/079-2022_novembre_congo_sr_jacqueline_piccole_figlie_sacro_cuore_spazio_spadoni-5.jpeg\" alt=\"2022 noviembre Congo sor Jacqueline Peque\u00f1as Hijas del Sagrado Coraz\u00f3n spazio spadoni\"\/><figcaption class=\"wp-element-caption\">2022 noviembre Congo sor Jacqueline peque\u00f1as hijas<\/figcaption><\/figure>\n\n\n\n<figure class=\"wp-block-image size-large repubblicademocraticadelcongo\"><img decoding=\"async\" src=\"\/wp-content\/uploads\/2026\/05\/080-2022_novembre_congo_uvira_viaggio_paolo_visitare_prigionieri-1.jpeg\" alt=\"2022 noviembre Congo Uvira viaje de Paolo visita a los presos\"\/><figcaption class=\"wp-element-caption\">2022 noviembre Congo Uvira viaje de Paolo visita<\/figcaption><\/figure>\n\n\n\n<figure class=\"wp-block-image size-large repubblicademocraticadelcongo\"><img decoding=\"async\" src=\"\/wp-content\/uploads\/2026\/05\/081-2022_novembre_congo_uvira_viaggio_paolo_visitare_prigionieri-2.jpeg\" alt=\"2022 noviembre Congo Uvira viaje de Paolo visita a los presos\"\/><figcaption class=\"wp-element-caption\">2022 noviembre Congo Uvira viaje de Paolo visita<\/figcaption><\/figure>\n\n\n\n<figure class=\"wp-block-image size-large repubblicademocraticadelcongo\"><img decoding=\"async\" src=\"\/wp-content\/uploads\/2026\/05\/082-2022_novembre_congo_kavimvira_sr_jacqueline_visitare_prigionieri_spazio_spadoni-6.jpeg\" alt=\"2022 noviembre Congo Kavimvira sor Jacqueline visita a los presos spazio spadoni\"\/><figcaption class=\"wp-element-caption\">2022 noviembre Congo Kavimvira sor Jacqueline visita<\/figcaption><\/figure>\n\n\n\n<figure class=\"wp-block-image size-large repubblicademocraticadelcongo\"><img decoding=\"async\" src=\"\/wp-content\/uploads\/2026\/05\/083-2022_novembre_congo_kavimvira_sr_jacqueline_visitare_prigionieri_spazio_spadoni-1.jpeg\" alt=\"2022 noviembre Congo Kavimvira sor Jacqueline visita a los presos spazio spadoni\"\/><figcaption class=\"wp-element-caption\">2022 noviembre Congo Kavimvira sor Jacqueline visita<\/figcaption><\/figure>\n\n\n\n<figure class=\"wp-block-image size-large repubblicademocraticadelcongo\"><img decoding=\"async\" src=\"\/wp-content\/uploads\/2026\/05\/084-2022_novembre_congo_kavimvira_sr_jacqueline_viaggio_paolo_apostolato_misericordia_spazio_spadon.jpeg\" alt=\"Apostolado en Kavimvira con sor Jacqueline y la comunidad local\"\/><figcaption class=\"wp-element-caption\">Apostolado en Kavimvira<\/figcaption><\/figure>\n\n\n\n<figure class=\"wp-block-image size-large repubblicademocraticadelcongo\"><img decoding=\"async\" src=\"\/wp-content\/uploads\/2026\/05\/085-2022_novembre_congo_kavimvira_sr_jacqueline_viaggio_catechismo_spazio_spadoni-2.jpeg\" alt=\"2022 noviembre Congo Kavimvira sor Jacqueline viaje catequesis spazio spadoni\"\/><figcaption class=\"wp-element-caption\">2022 noviembre Congo Kavimvira sor Jacqueline viaje<\/figcaption><\/figure>\n\n\n\n<figure class=\"wp-block-image size-large repubblicademocraticadelcongo\"><img decoding=\"async\" src=\"\/wp-content\/uploads\/2026\/05\/086-2022_novembre_congo_kavimvira_sr_jacqueline_santa_gemma_volontari_spazio_spadoni-9.jpeg\" alt=\"Actividades HIC SUM en Kavimvira con sor Jacqueline, noviembre de 2022\"\/><figcaption class=\"wp-element-caption\">Kavimvira, noviembre de 2022<\/figcaption><\/figure>\n\n\n\n<figure class=\"wp-block-image size-large repubblicademocraticadelcongo\"><img decoding=\"async\" src=\"\/wp-content\/uploads\/2026\/05\/087-2022_novembre_congo_kavimvira_sr_jacqueline_santa_gemma_volontari_spazio_spadoni-7.jpeg\" alt=\"Actividades HIC SUM en Kavimvira con sor Jacqueline, noviembre de 2022\"\/><figcaption class=\"wp-element-caption\">Kavimvira, noviembre de 2022<\/figcaption><\/figure>\n\n\n\n<figure class=\"wp-block-image size-large repubblicademocraticadelcongo\"><img decoding=\"async\" src=\"\/wp-content\/uploads\/2026\/05\/088-2022_novembre_congo_kavimvira_sr_jacqueline_santa_gemma_volontari_spazio_spadoni-4.jpeg\" alt=\"Actividades HIC SUM en Kavimvira con sor Jacqueline, noviembre de 2022\"\/><figcaption class=\"wp-element-caption\">Kavimvira, noviembre de 2022<\/figcaption><\/figure>\n\n\n\n<figure class=\"wp-block-image size-large repubblicademocraticadelcongo\"><img decoding=\"async\" src=\"\/wp-content\/uploads\/2026\/05\/089-2022_novembre_congo_kavimvira_sr_jacqueline_santa_gemma_volontari_spazio_spadoni-3.jpeg\" alt=\"Actividades HIC SUM en Kavimvira con sor Jacqueline, noviembre de 2022\"\/><figcaption class=\"wp-element-caption\">Kavimvira, noviembre de 2022<\/figcaption><\/figure>\n\n\n\n<figure class=\"wp-block-image size-large repubblicademocraticadelcongo\"><img decoding=\"async\" src=\"\/wp-content\/uploads\/2026\/05\/090-2022_novembre_congo_kavimvira_sr_jacqueline_riunione_volontari_spazio_spadoni-9.jpeg\" alt=\"2022 noviembre Congo Kavimvira sor Jacqueline reuni\u00f3n de voluntarios spazio spadoni\"\/><figcaption class=\"wp-element-caption\">2022 noviembre Congo Kavimvira sor Jacqueline reuni\u00f3n<\/figcaption><\/figure>\n\n\n\n<figure class=\"wp-block-image size-large repubblicademocraticadelcongo\"><img decoding=\"async\" src=\"\/wp-content\/uploads\/2026\/05\/091-2022_novembre_congo_kavimvira_sr_jacqueline_santa_gemma_malnutrizione_spazio_spadoni-6.jpeg\" alt=\"Actividades de atenci\u00f3n a la desnutrici\u00f3n en Kavimvira\"\/><figcaption class=\"wp-element-caption\">Atenci\u00f3n a la desnutrici\u00f3n<\/figcaption><\/figure>\n\n\n\n<figure class=\"wp-block-image size-large repubblicademocraticadelcongo\"><img decoding=\"async\" src=\"\/wp-content\/uploads\/2026\/05\/092-2022_novembre_congo_kavimvira_sr_jacqueline_santa_gemma_malnutrizione_spazio_spadoni-8.jpeg\" alt=\"Actividades de atenci\u00f3n a la desnutrici\u00f3n en Kavimvira\"\/><figcaption class=\"wp-element-caption\">Atenci\u00f3n a la desnutrici\u00f3n<\/figcaption><\/figure>\n\n\n\n<figure class=\"wp-block-image size-large repubblicademocraticadelcongo\"><img decoding=\"async\" src=\"\/wp-content\/uploads\/2026\/05\/093-2022_novembre_congo_kavimvira_sr_jacqueline_santa_gemma_volontari_spazio_spadoni-1.jpeg\" alt=\"Actividades HIC SUM en Kavimvira con sor Jacqueline, noviembre de 2022\"\/><figcaption class=\"wp-element-caption\">Kavimvira, noviembre de 2022<\/figcaption><\/figure>\n\n\n\n<figure class=\"wp-block-image size-large repubblicademocraticadelcongo\"><img decoding=\"async\" src=\"\/wp-content\/uploads\/2026\/05\/094-Timeline-primo-viaggio-paolo-F-paolo-suora-donna-a-destra-in-pp-copia-300x138.jpg\" alt=\"Primer viaje de Paolo a Kavimvira para el proyecto HIC SUM\"\/><figcaption class=\"wp-element-caption\">Primer viaje de Paolo<\/figcaption><\/figure>\n\n\n\n<figure class=\"wp-block-image size-large repubblicademocraticadelcongo\"><img decoding=\"async\" src=\"\/wp-content\/uploads\/2026\/05\/095-2022_novembre_congo_kavimvira_sr_jacqueline_ritorno_santa_gemma_spazio_spadoni-5.jpeg\" alt=\"Actividades HIC SUM en Kavimvira con sor Jacqueline, noviembre de 2022\"\/><figcaption class=\"wp-element-caption\">Kavimvira, noviembre de 2022<\/figcaption><\/figure>\n\n\n\n<figure class=\"wp-block-image size-large viaggiopaolo2022\"><img decoding=\"async\" src=\"\/wp-content\/uploads\/2026\/05\/096-2022_novembre_congo_kavimvira_sr_jacqueline_report_misericordia_spazio_spadoni-1.jpeg\" alt=\"2022 noviembre Congo Kavimvira sor Jacqueline informe Misericordia spazio spadoni\"\/><figcaption class=\"wp-element-caption\">2022 noviembre Congo Kavimvira sor Jacqueline informe<\/figcaption><\/figure>\n\n\n\n<figure class=\"wp-block-image size-large viaggiopaolo2022\"><img decoding=\"async\" src=\"\/wp-content\/uploads\/2026\/05\/097-2022_novembre_congo_kavimvira_sr_jacqueline_malnutrizione_dispensario_spazio_spadoni-6.jpeg\" alt=\"Dispensario de Kavimvira apoyado por el proyecto HIC SUM\"\/><figcaption class=\"wp-element-caption\">Dispensario de Kavimvira<\/figcaption><\/figure>\n\n\n\n<figure class=\"wp-block-image size-large viaggiopaolo2022\"><img decoding=\"async\" src=\"\/wp-content\/uploads\/2026\/05\/098-2022_novembre_congo_kavimvira_sr_jacqueline_malnutrizione_dispensario_spazio_spadoni-.jpeg\" alt=\"Dispensario de Kavimvira apoyado por el proyecto HIC SUM\"\/><figcaption class=\"wp-element-caption\">Dispensario de Kavimvira<\/figcaption><\/figure>\n\n\n\n<figure class=\"wp-block-image size-large viaggiopaolo2022\"><img decoding=\"async\" src=\"\/wp-content\/uploads\/2026\/05\/099-2022_novembre_congo_kavimvira_sr_jacqueline_paolo_costruzione_casa_spazio_spadoni-1.jpeg\" alt=\"Construcci\u00f3n de una casa en Kavimvira dentro del proyecto HIC SUM\"\/><figcaption class=\"wp-element-caption\">Construcci\u00f3n de una casa<\/figcaption><\/figure>\n\n\n\n<figure class=\"wp-block-image size-large viaggiopaolo2022\"><img decoding=\"async\" src=\"\/wp-content\/uploads\/2026\/05\/100-2022_novembre_congo_kavimvira_sr_jacqueline_paolo_costruzione_casa_spazio_spadoni-2.jpeg\" alt=\"Construcci\u00f3n de una casa en Kavimvira dentro del proyecto HIC SUM\"\/><figcaption class=\"wp-element-caption\">Construcci\u00f3n de una casa<\/figcaption><\/figure>\n\n\n\n<figure class=\"wp-block-image size-large viaggiopaolo2022\"><img decoding=\"async\" src=\"\/wp-content\/uploads\/2026\/05\/101-2022_novembre_congo_kavimvira_sr_jacqueline_paolo_costruzione_casa_spazio_spadoni-3.jpeg\" alt=\"Construcci\u00f3n de una casa en Kavimvira dentro del proyecto HIC SUM\"\/><figcaption class=\"wp-element-caption\">Construcci\u00f3n de una casa<\/figcaption><\/figure>\n\n\n\n<figure class=\"wp-block-image size-large viaggiopaolo2022\"><img decoding=\"async\" src=\"\/wp-content\/uploads\/2026\/05\/102-2022_novembre_congo_kavimvira_sr_jacqueline_famiglia_congolese_spazio_spadoni-10.jpeg\" alt=\"2022 noviembre Congo Kavimvira sor Jacqueline familia congole\u00f1a spazio spadoni\"\/><figcaption class=\"wp-element-caption\">2022 noviembre Congo Kavimvira sor Jacqueline familia<\/figcaption><\/figure>\n\n\n\n<figure class=\"wp-block-image size-large viaggiopaolo2022\"><img decoding=\"async\" src=\"\/wp-content\/uploads\/2026\/05\/103-2022_novembre_congo_kavimvira_sr_jacqueline_bambini_malnutriti_spazio_spadoni-11.jpeg\" alt=\"2022 noviembre Congo Kavimvira sor Jacqueline ni\u00f1os desnutridos spazio spadoni\"\/><figcaption class=\"wp-element-caption\">2022 noviembre Congo Kavimvira sor Jacqueline ni\u00f1os<\/figcaption><\/figure>\n\n\n\n<figure class=\"wp-block-image size-large viaggiopaolo2022\"><img decoding=\"async\" src=\"\/wp-content\/uploads\/2026\/05\/104-2022_novembre_congo_kavimvira_sr_jacqueline_bambini_malnutriti_spazio_spadoni-10.jpeg\" alt=\"2022 noviembre Congo Kavimvira sor Jacqueline ni\u00f1os desnutridos spazio spadoni\"\/><figcaption class=\"wp-element-caption\">2022 noviembre Congo Kavimvira sor Jacqueline ni\u00f1os<\/figcaption><\/figure>\n\n\n\n<figure class=\"wp-block-image size-large viaggiopaolo2022\"><img decoding=\"async\" src=\"\/wp-content\/uploads\/2026\/05\/105-2022_novembr_congo_kavimvira_sr_jacqueline_santa_gemma_apostolato_spazio_spadoni-21.jpeg\" alt=\"Apostolado en Kavimvira con sor Jacqueline y la comunidad local\"\/><figcaption class=\"wp-element-caption\">Apostolado en Kavimvira<\/figcaption><\/figure>\n\n\n\n<figure class=\"wp-block-image size-large viaggiopaolo2022\"><img decoding=\"async\" src=\"\/wp-content\/uploads\/2026\/05\/106-2022_novembr_congo_kavimvira_sr_jacqueline_santa_gemma_apostolato_spazio_spadoni-22.jpeg\" alt=\"Apostolado en Kavimvira con sor Jacqueline y la comunidad local\"\/><figcaption class=\"wp-element-caption\">Apostolado en Kavimvira<\/figcaption><\/figure>\n\n\n\n<figure class=\"wp-block-image size-large viaggiopaolo2022\"><img decoding=\"async\" src=\"\/wp-content\/uploads\/2026\/05\/107-2022_novembre_congo_kavimvira_sr_jacqueline_bambini_malnutriti_spazio_spadoni-1.jpeg\" alt=\"2022 noviembre Congo Kavimvira sor Jacqueline ni\u00f1os desnutridos spazio spadoni\"\/><figcaption class=\"wp-element-caption\">2022 noviembre Congo Kavimvira sor Jacqueline ni\u00f1os<\/figcaption><\/figure>\n\n\n\n<figure class=\"wp-block-image size-large viaggiopaolo2022\"><img decoding=\"async\" src=\"\/wp-content\/uploads\/2026\/05\/108-2022_novembre_congo_kavimvira_sr_jacqueline_bambini_malnutriti_spazio_spadoni-4.jpeg\" alt=\"2022 noviembre Congo Kavimvira sor Jacqueline ni\u00f1os desnutridos spazio spadoni\"\/><figcaption class=\"wp-element-caption\">2022 noviembre Congo Kavimvira sor Jacqueline ni\u00f1os<\/figcaption><\/figure>\n\n\n\n<figure class=\"wp-block-image size-large viaggiopaolo2022\"><img decoding=\"async\" src=\"\/wp-content\/uploads\/2026\/05\/109-2022_novembre_congo_kavimvira_sr_jacqueline_bambini_malnutriti_spazio_spadoni-5.jpeg\" alt=\"2022 noviembre Congo Kavimvira sor Jacqueline ni\u00f1os desnutridos spazio spadoni\"\/><figcaption class=\"wp-element-caption\">2022 noviembre Congo Kavimvira sor Jacqueline ni\u00f1os<\/figcaption><\/figure>\n\n\n\n<figure class=\"wp-block-image size-large viaggiopaolo2022\"><img decoding=\"async\" src=\"\/wp-content\/uploads\/2026\/05\/110-2022_novembr_congo_kavimvira_sr_jacqueline_santa_gemma_apostolato_spazio_spadoni-19.jpeg\" alt=\"Apostolado en Kavimvira con sor Jacqueline y la comunidad local\"\/><figcaption class=\"wp-element-caption\">Apostolado en Kavimvira<\/figcaption><\/figure>\n\n\n\n<figure class=\"wp-block-image size-large viaggiopaolo2022\"><img decoding=\"async\" src=\"\/wp-content\/uploads\/2026\/05\/111-2022_novembr_congo_kavimvira_sr_jacqueline_santa_gemma_apostolato_spazio_spadoni-18.jpeg\" alt=\"Apostolado en Kavimvira con sor Jacqueline y la comunidad local\"\/><figcaption class=\"wp-element-caption\">Apostolado en Kavimvira<\/figcaption><\/figure>\n\n\n\n<figure class=\"wp-block-image size-large viaggiopaolo2022\"><img decoding=\"async\" src=\"\/wp-content\/uploads\/2026\/05\/112-2022_novembr_congo_kavimvira_sr_jacqueline_santa_gemma_apostolato_spazio_spadoni-17.jpeg\" alt=\"Apostolado en Kavimvira con sor Jacqueline y la comunidad local\"\/><figcaption class=\"wp-element-caption\">Apostolado en Kavimvira<\/figcaption><\/figure>\n\n\n\n<figure class=\"wp-block-image size-large viaggiopaolo2022\"><img decoding=\"async\" src=\"\/wp-content\/uploads\/2026\/05\/113-2022_novembr_congo_kavimvira_sr_jacqueline_santa_gemma_apostolato_spazio_spadoni-15.jpeg\" alt=\"Apostolado en Kavimvira con sor Jacqueline y la comunidad local\"\/><figcaption class=\"wp-element-caption\">Apostolado en Kavimvira<\/figcaption><\/figure>\n\n\n\n<figure class=\"wp-block-image size-large viaggiopaolo2022\"><img decoding=\"async\" src=\"\/wp-content\/uploads\/2026\/05\/114-2022_novembr_congo_kavimvira_sr_jacqueline_santa_gemma_apostolato_spazio_spadoni-12.jpeg\" alt=\"Apostolado en Kavimvira con sor Jacqueline y la comunidad local\"\/><figcaption class=\"wp-element-caption\">Apostolado en Kavimvira<\/figcaption><\/figure>\n\n\n\n<figure class=\"wp-block-image size-large viaggiopaolo2022\"><img decoding=\"async\" src=\"\/wp-content\/uploads\/2026\/05\/115-2022_novembr_congo_kavimvira_sr_jacqueline_santa_gemma_apostolato_spazio_spadoni-7.jpeg\" alt=\"Apostolado en Kavimvira con sor Jacqueline y la comunidad local\"\/><figcaption class=\"wp-element-caption\">Apostolado en Kavimvira<\/figcaption><\/figure>\n\n\n\n<figure class=\"wp-block-image size-large viaggiopaolo2022\"><img decoding=\"async\" src=\"\/wp-content\/uploads\/2026\/05\/116-2022_novembr_congo_kavimvira_sr_jacqueline_santa_gemma_apostolato_spazio_spadoni-8.jpeg\" alt=\"Apostolado en Kavimvira con sor Jacqueline y la comunidad local\"\/><figcaption class=\"wp-element-caption\">Apostolado en Kavimvira<\/figcaption><\/figure>\n\n\n\n<figure class=\"wp-block-image size-large viaggiopaolo2022\"><img decoding=\"async\" src=\"\/wp-content\/uploads\/2026\/05\/117-Foto-progetto-F-suora-copia-300x295.jpg\" alt=\"Foto del proyecto F hermana\"\/><figcaption class=\"wp-element-caption\">Foto del proyecto F hermana<\/figcaption><\/figure>\n\n\n\n<figure class=\"wp-block-image size-large viaggiopaolo2022\"><img decoding=\"async\" src=\"\/wp-content\/uploads\/2026\/05\/118-2022_novembr_congo_kavimvira_sr_jacqueline_santa_gemma_apostolato_spazio_spadoni-11.jpeg\" alt=\"Apostolado en Kavimvira con sor Jacqueline y la comunidad local\"\/><figcaption class=\"wp-element-caption\">Apostolado en Kavimvira<\/figcaption><\/figure>\n\n\n\n<figure class=\"wp-block-image size-large viaggiopaolo2022\"><img decoding=\"async\" src=\"\/wp-content\/uploads\/2026\/05\/119-2022_novembr_congo_kavimvira_sr_jacqueline_santa_gemma_apostolato_spazio_spadoni-6.jpeg\" alt=\"Apostolado en Kavimvira con sor Jacqueline y la comunidad local\"\/><figcaption class=\"wp-element-caption\">Apostolado en Kavimvira<\/figcaption><\/figure>\n\n\n\n<figure class=\"wp-block-image size-large viaggiopaolo2022\"><img decoding=\"async\" src=\"\/wp-content\/uploads\/2026\/05\/120-2022_novembr_congo_kavimvira_sr_jacqueline_santa_gemma_apostolato_spazio_spadoni-4.jpeg\" alt=\"Apostolado en Kavimvira con sor Jacqueline y la comunidad local\"\/><figcaption class=\"wp-element-caption\">Apostolado en Kavimvira<\/figcaption><\/figure>\n\n\n\n<figure class=\"wp-block-image size-large viaggiopaolo2022\"><img decoding=\"async\" src=\"\/wp-content\/uploads\/2026\/05\/121-2022_novembr_congo_kavimvira_sr_jacqueline_santa_gemma_apostolato_spazio_spadoni-3.jpeg\" alt=\"Apostolado en Kavimvira con sor Jacqueline y la comunidad local\"\/><figcaption class=\"wp-element-caption\">Apostolado en Kavimvira<\/figcaption><\/figure>\n\n\n\n<figure class=\"wp-block-image size-large viaggiopaolo2022\"><img decoding=\"async\" src=\"\/wp-content\/uploads\/2026\/05\/122-Timeline-primo-viaggio-paolo-F-tutti-copia-235x300.jpg\" alt=\"Primer viaje de Paolo a Kavimvira para el proyecto HIC SUM\"\/><figcaption class=\"wp-element-caption\">Primer viaje de Paolo<\/figcaption><\/figure>\n\n\n\n<figure class=\"wp-block-image size-large viaggiopaolo2023\"><img decoding=\"async\" src=\"\/wp-content\/uploads\/2026\/05\/123-2023_aprile_hicsum_1_congo_kavimvira_suor_jacqueline_santa_gemma_saluto_spazio_spadoni-1.jpeg\" alt=\"Actividades HIC SUM en Kavimvira con sor Jacqueline, abril de 2023\"\/><figcaption class=\"wp-element-caption\">Kavimvira, abril de 2023<\/figcaption><\/figure>\n\n\n\n<figure class=\"wp-block-image size-large viaggiopaolo2023\"><img decoding=\"async\" src=\"\/wp-content\/uploads\/2026\/05\/124-2023_aprile_hicsum_1_congo_kavimvira_suor_jacqueline_santa_gemma_saluto_spazio_spadoni-4.jpeg\" alt=\"Actividades HIC SUM en Kavimvira con sor Jacqueline, abril de 2023\"\/><figcaption class=\"wp-element-caption\">Kavimvira, abril de 2023<\/figcaption><\/figure>\n\n\n\n<figure class=\"wp-block-image size-large viaggiopaolo2023\"><img decoding=\"async\" src=\"\/wp-content\/uploads\/2026\/05\/125-2023_aprile_hicsum_1_congo_kavimvira_suor_jacqueline_santa_gemma_saluto_spazio_spadoni-5.jpeg\" alt=\"Actividades HIC SUM en Kavimvira con sor Jacqueline, abril de 2023\"\/><figcaption class=\"wp-element-caption\">Kavimvira, abril de 2023<\/figcaption><\/figure>\n\n\n\n<figure class=\"wp-block-image size-large viaggiopaolo2023\"><img decoding=\"async\" src=\"\/wp-content\/uploads\/2026\/05\/126-2023_aprile_hicsum_1_congo_kavimvira_suor_jacqueline_santa_gemma_saluto_spazio_spadoni-7.jpeg\" alt=\"Actividades HIC SUM en Kavimvira con sor Jacqueline, abril de 2023\"\/><figcaption class=\"wp-element-caption\">Kavimvira, abril de 2023<\/figcaption><\/figure>\n\n\n\n<figure class=\"wp-block-image size-large viaggiopaolo2023\"><img decoding=\"async\" src=\"\/wp-content\/uploads\/2026\/05\/127-2023_aprile_hicsum_1_italia_suor_jacqueline_santa_gemma_viaggio_paolo_rientro_spazio_spadoni.jpeg\" alt=\"Actividades HIC SUM en Kavimvira con sor Jacqueline, abril de 2023\"\/><figcaption class=\"wp-element-caption\">Kavimvira, abril de 2023<\/figcaption><\/figure>\n\n\n\n<figure class=\"wp-block-image size-large viaggiopaolo2023\"><img decoding=\"async\" src=\"\/wp-content\/uploads\/2026\/05\/128-2023_febbraio_hicsum_1_congo_kavimvira_sr_jacqueline_santa_gemma_viaggio_paolo_servizio_parrocchia_spazio_spadoni-3.jpeg\" alt=\"Actividades HIC SUM en Kavimvira con sor Jacqueline, febrero de 2023\"\/><figcaption class=\"wp-element-caption\">Kavimvira, febrero de 2023<\/figcaption><\/figure>\n\n\n\n<figure class=\"wp-block-image size-large viaggiopaolo2023\"><img decoding=\"async\" src=\"\/wp-content\/uploads\/2026\/05\/129-2023_febbraio_hicsum_1_congo_kavimvira_sr_jacqueline_santa_gemma_viaggio_paolo_servizio_parrocchia_spazio_spadoni-5.jpeg\" alt=\"Actividades HIC SUM en Kavimvira con sor Jacqueline, febrero de 2023\"\/><figcaption class=\"wp-element-caption\">Kavimvira, febrero de 2023<\/figcaption><\/figure>\n\n\n\n<figure class=\"wp-block-image size-large viaggiopaolo2023\"><img decoding=\"async\" src=\"\/wp-content\/uploads\/2026\/05\/130-2023_febbraio_hicsum_1_congo_kavimvira_sr_jacqueline_santa_gemma_viaggio_paolo_servizio_parrocchia_spazio_spadoni-15.jpeg\" alt=\"Actividades HIC SUM en Kavimvira con sor Jacqueline, febrero de 2023\"\/><figcaption class=\"wp-element-caption\">Kavimvira, febrero de 2023<\/figcaption><\/figure>\n\n\n\n<figure class=\"wp-block-image size-large viaggiopaolo2023\"><img decoding=\"async\" src=\"\/wp-content\/uploads\/2026\/05\/131-2023_febbraio_hicsum_1_congo_kavimvira_sr_jacqueline_sorelle_santa_gemma_mise_santa_gemma_apostolato_spazio_spadoni-2.jpeg\" alt=\"Apostolado en Kavimvira con sor Jacqueline y la comunidad local\"\/><figcaption class=\"wp-element-caption\">Apostolado en Kavimvira<\/figcaption><\/figure>\n\n\n\n<figure class=\"wp-block-image size-large viaggiopaolo2023\"><img decoding=\"async\" src=\"\/wp-content\/uploads\/2026\/05\/132-2023_febbraio_hicsum_1_congo_kavimvira_sr_jacqueline_sorelle_santa_gemma_mise_santa_gemma_apostolato_spazio_spadoni-3.jpeg\" alt=\"Apostolado en Kavimvira con sor Jacqueline y la comunidad local\"\/><figcaption class=\"wp-element-caption\">Apostolado en Kavimvira<\/figcaption><\/figure>\n\n\n\n<figure class=\"wp-block-image size-large viaggiopaolo2023\"><img decoding=\"async\" src=\"\/wp-content\/uploads\/2026\/05\/133-2023_febbraio_hicsum_1_congo_kavimvira_sr_jacqueline_sorelle_santa_gemma_mise_santa_gemma_apostolato_spazio_spadoni-4.jpeg\" alt=\"Apostolado en Kavimvira con sor Jacqueline y la comunidad local\"\/><figcaption class=\"wp-element-caption\">Apostolado en Kavimvira<\/figcaption><\/figure>\n\n\n\n<figure class=\"wp-block-image size-large viaggiopaolo2023\"><img decoding=\"async\" src=\"\/wp-content\/uploads\/2026\/05\/134-2023_febbraio_hicsum_1_congo_kavimvira_sr_jacqueline_sorelle_santa_gemma_mise_santa_gemma_apostolato_spazio_spadoni-5.jpeg\" alt=\"Apostolado en Kavimvira con sor Jacqueline y la comunidad local\"\/><figcaption class=\"wp-element-caption\">Apostolado en Kavimvira<\/figcaption><\/figure>\n\n\n\n<figure class=\"wp-block-image size-large viaggiopaolo2023\"><img decoding=\"async\" src=\"\/wp-content\/uploads\/2026\/05\/135-2023_febbraio_hicsum_1_congo_kavimvira_sr_jacqueline_sorelle_santa_gemma_mise_santa_gemma_apostolato_spazio_spadoni-6.jpeg\" alt=\"Apostolado en Kavimvira con sor Jacqueline y la comunidad local\"\/><figcaption class=\"wp-element-caption\">Apostolado en Kavimvira<\/figcaption><\/figure>\n\n\n\n<figure class=\"wp-block-image size-large viaggiopaolo2023\"><img decoding=\"async\" src=\"\/wp-content\/uploads\/2026\/05\/136-2023_febbraio_hicsum_1_congo_kavimvira_sr_jacqueline_sorelle_santa_gemma_mise_santa_gemma_apostolato_spazio_spadoni-8.jpeg\" alt=\"Apostolado en Kavimvira con sor Jacqueline y la comunidad local\"\/><figcaption class=\"wp-element-caption\">Apostolado en Kavimvira<\/figcaption><\/figure>\n\n\n\n<figure class=\"wp-block-image size-large viaggiopaolo2023\"><img decoding=\"async\" src=\"\/wp-content\/uploads\/2026\/05\/137-2023_febbraio_hicsum_1_congo_kavimvira_sr_jacqueline_sorelle_santa_gemma_mise_santa_gemma_celebrazione_spazio_spadoni-3.jpeg\" alt=\"Actividades HIC SUM en Kavimvira con sor Jacqueline, febrero de 2023\"\/><figcaption class=\"wp-element-caption\">Kavimvira, febrero de 2023<\/figcaption><\/figure>\n\n\n\n<figure class=\"wp-block-image size-large viaggiopaolo2023\"><img decoding=\"async\" src=\"\/wp-content\/uploads\/2026\/05\/138-2023_febbraio_hicsum_1_congo_kavimvira_sr_jacqueline_sorelle_santa_gemma_mise_santa_gemma_celebrazione_spazio_spadoni-4.jpeg\" alt=\"Actividades HIC SUM en Kavimvira con sor Jacqueline, febrero de 2023\"\/><figcaption class=\"wp-element-caption\">Kavimvira, febrero de 2023<\/figcaption><\/figure>\n\n\n\n<figure class=\"wp-block-image size-large viaggiopaolo2023\"><img decoding=\"async\" src=\"\/wp-content\/uploads\/2026\/05\/139-2023_febbraio_hicsum_1_congo_kavimvira_sr_jacqueline_sorelle_santa_gemma_mise_santa_gemma_celebrazione_spazio_spadoni-5.jpeg\" alt=\"Actividades HIC SUM en Kavimvira con sor Jacqueline, febrero de 2023\"\/><figcaption class=\"wp-element-caption\">Kavimvira, febrero de 2023<\/figcaption><\/figure>\n\n\n\n<figure class=\"wp-block-image size-large viaggiopaolo2023\"><img decoding=\"async\" src=\"\/wp-content\/uploads\/2026\/05\/140-2023_febbraio_hicsum_1_congo_kavimvira_sr_jacqueline_sorelle_santa_gemma_mise_santa_gemma_celebrazione_spazio_spadoni-6.jpeg\" alt=\"Actividades HIC SUM en Kavimvira con sor Jacqueline, febrero de 2023\"\/><figcaption class=\"wp-element-caption\">Kavimvira, febrero de 2023<\/figcaption><\/figure>\n\n\n\n<figure class=\"wp-block-image size-large viaggiopaolo2023\"><img decoding=\"async\" src=\"\/wp-content\/uploads\/2026\/05\/141-2023_febbraio_hicsum_1_congo_kavimvira_sr_jacqueline_sorelle_santa_gemma_misericordia_casa_indigente_spazio_spadoni-3.jpeg\" alt=\"Construcci\u00f3n de una casa en Kavimvira dentro del proyecto HIC SUM\"\/><figcaption class=\"wp-element-caption\">Construcci\u00f3n de una casa<\/figcaption><\/figure>\n\n\n\n<figure class=\"wp-block-image size-large viaggiopaolo2023\"><img decoding=\"async\" src=\"\/wp-content\/uploads\/2026\/05\/142-2023_febbraio_hicsum_1_congo_kavimvira_sr_jacqueline_sorelle_santa_gemma_misericordia_casa_indigente_spazio_spadoni-5.jpeg\" alt=\"Construcci\u00f3n de una casa en Kavimvira dentro del proyecto HIC SUM\"\/><figcaption class=\"wp-element-caption\">Construcci\u00f3n de una casa<\/figcaption><\/figure>\n\n\n\n<figure class=\"wp-block-image size-large viaggiopaolo2023\"><img decoding=\"async\" src=\"\/wp-content\/uploads\/2026\/05\/143-2023_febbraio_hicsum_1_congo_kavimvira_sr_jacqueline_sorelle_santa_gemma_misericordia_casa_indigente_spazio_spadoni-12.jpeg\" alt=\"Construcci\u00f3n de una casa en Kavimvira dentro del proyecto HIC SUM\"\/><figcaption class=\"wp-element-caption\">Construcci\u00f3n de una casa<\/figcaption><\/figure>\n\n\n\n<figure class=\"wp-block-image size-large viaggiopaolo2023\"><img decoding=\"async\" src=\"\/wp-content\/uploads\/2026\/05\/144-2023_febbraio_hicsum_1_congo_kavimvira_sr_jacqueline_sorelle_santa_gemma_misericordia_riunione_volontari_spazio_spadoni-1-3.jpeg\" alt=\"Actividades HIC SUM en Kavimvira con sor Jacqueline, febrero de 2023\"\/><figcaption class=\"wp-element-caption\">Kavimvira, febrero de 2023<\/figcaption><\/figure>\n\n\n\n<figure class=\"wp-block-image size-large viaggiopaolo2023\"><img decoding=\"async\" src=\"\/wp-content\/uploads\/2026\/05\/145-2023_febbraio_hicsum_1_congo_suor_jacqueline_sorelle_santa_gemma_mise_santa_gemma_viaggio_paolo_spazio_spadoni-1.jpeg\" alt=\"Actividades HIC SUM en Kavimvira con sor Jacqueline, febrero de 2023\"\/><figcaption class=\"wp-element-caption\">Kavimvira, febrero de 2023<\/figcaption><\/figure>\n\n\n\n<figure class=\"wp-block-image size-large viaggiopaolo2023\"><img decoding=\"async\" src=\"\/wp-content\/uploads\/2026\/05\/146-2023_marzo_hicsum_1_congo_kavimvira_sr_jacqueline_santa_gemma_casa_indigente_ingresso_spazio_spadoni-2.jpeg\" alt=\"Construcci\u00f3n de una casa en Kavimvira dentro del proyecto HIC SUM\"\/><figcaption class=\"wp-element-caption\">Construcci\u00f3n de una casa<\/figcaption><\/figure>\n\n\n\n<figure class=\"wp-block-image size-large viaggiopaolo2023\"><img decoding=\"async\" src=\"\/wp-content\/uploads\/2026\/05\/147-2023_marzo_hicsum_1_congo_kavimvira_sr_jacqueline_santa_gemma_casa_indigente_ingresso_spazio_spadoni-5.jpeg\" alt=\"Construcci\u00f3n de una casa en Kavimvira dentro del proyecto HIC SUM\"\/><figcaption class=\"wp-element-caption\">Construcci\u00f3n de una casa<\/figcaption><\/figure>\n\n\n\n<figure class=\"wp-block-image size-large viaggiopaolo2023\"><img decoding=\"async\" src=\"\/wp-content\/uploads\/2026\/05\/148-2023_marzo_hicsum_1_congo_kavimvira_sr_jacqueline_santa_gemma_casa_indigente_ingresso_spazio_spadoni-12.jpeg\" alt=\"Construcci\u00f3n de una casa en Kavimvira dentro del proyecto HIC SUM\"\/><figcaption class=\"wp-element-caption\">Construcci\u00f3n de una casa<\/figcaption><\/figure>\n\n\n\n<figure class=\"wp-block-image size-large viaggiopaolo2023\"><img decoding=\"async\" src=\"\/wp-content\/uploads\/2026\/05\/149-2023_marzo_hicsum_1_congo_kavimvira_sr_jacqueline_santa_gemma_costruzione_casa_indigente_spazio_spadoni-3.jpeg\" alt=\"Construcci\u00f3n de una casa en Kavimvira dentro del proyecto HIC SUM\"\/><figcaption class=\"wp-element-caption\">Construcci\u00f3n de una casa<\/figcaption><\/figure>\n\n\n\n<figure class=\"wp-block-image size-large viaggiopaolo2023\"><img decoding=\"async\" src=\"\/wp-content\/uploads\/2026\/05\/150-2023_marzo_hicsum_1_congo_kavimvira_sr_jacqueline_santa_gemma_costruzione_casa_indigente_spazio_spadoni-4.jpeg\" alt=\"Construcci\u00f3n de una casa en Kavimvira dentro del proyecto HIC SUM\"\/><figcaption class=\"wp-element-caption\">Construcci\u00f3n de una casa<\/figcaption><\/figure>\n\n\n\n<figure class=\"wp-block-image size-large viaggiopaolo2023\"><img decoding=\"async\" src=\"\/wp-content\/uploads\/2026\/05\/151-2023_marzo_hicsum_1_congo_kavimvira_sr_jacqueline_santa_gemma_costruzione_casa_indigente_spazio_spadoni-13.jpeg\" alt=\"Construcci\u00f3n de una casa en Kavimvira dentro del proyecto HIC SUM\"\/><figcaption class=\"wp-element-caption\">Construcci\u00f3n de una casa<\/figcaption><\/figure>\n\n\n\n<figure class=\"wp-block-image size-large viaggiopaolo2023\"><img decoding=\"async\" src=\"\/wp-content\/uploads\/2026\/05\/152-2023_marzo_hicsum_1_congo_kavimvira_sr_jacqueline_santa_gemma_costruzione_casa_misericordia_spazio_spadoni-2.jpeg\" alt=\"Construcci\u00f3n de una casa en Kavimvira dentro del proyecto HIC SUM\"\/><figcaption class=\"wp-element-caption\">Construcci\u00f3n de una casa<\/figcaption><\/figure>\n\n\n\n<figure class=\"wp-block-image size-large viaggiopaolo2023\"><img decoding=\"async\" src=\"\/wp-content\/uploads\/2026\/05\/153-2023_marzo_hicsum_1_congo_kavimvira_sr_jacqueline_santa_gemma_costruzione_casa_misericordia_spazio_spadoni-3.jpeg\" alt=\"Construcci\u00f3n de una casa en Kavimvira dentro del proyecto HIC SUM\"\/><figcaption class=\"wp-element-caption\">Construcci\u00f3n de una casa<\/figcaption><\/figure>\n\n\n\n<figure class=\"wp-block-image size-large viaggiopaolo2023\"><img decoding=\"async\" src=\"\/wp-content\/uploads\/2026\/05\/154-2023_marzo_hicsum_1_congo_kavimvira_sr_jacqueline_santa_gemma_costruzione_casa_misericordia_spazio_spadoni-4.jpeg\" alt=\"Construcci\u00f3n de una casa en Kavimvira dentro del proyecto HIC SUM\"\/><figcaption class=\"wp-element-caption\">Construcci\u00f3n de una casa<\/figcaption><\/figure>\n\n\n\n<figure class=\"wp-block-image size-large viaggiopaolo2023\"><img decoding=\"async\" src=\"\/wp-content\/uploads\/2026\/05\/155-2023_marzo_hicsum_1_congo_kavimvira_sr_jacqueline_santa_gemma_costruzione_casa_misericordia_spazio_spadoni-5.jpeg\" alt=\"Construcci\u00f3n de una casa en Kavimvira dentro del proyecto HIC SUM\"\/><figcaption class=\"wp-element-caption\">Construcci\u00f3n de una casa<\/figcaption><\/figure>\n\n\n\n<figure class=\"wp-block-image size-large viaggiopaolo2023\"><img decoding=\"async\" src=\"\/wp-content\/uploads\/2026\/05\/156-2023_marzo_hicsum_1_congo_kavimvira_sr_jacqueline_santa_gemma_inaugurazione_casa_indigente_spazio_spadoni-7.jpeg\" alt=\"Inauguraci\u00f3n de una casa para una persona necesitada en Kavimvira\"\/><figcaption class=\"wp-element-caption\">Inauguraci\u00f3n de una casa<\/figcaption><\/figure>\n\n\n\n<figure class=\"wp-block-image size-large viaggiopaolo2023\"><img decoding=\"async\" src=\"\/wp-content\/uploads\/2026\/05\/157-2023_marzo_hicsum_1_congo_kavimvira_sr_jacqueline_santa_gemma_inaugurazione_casa_indigente_spazio_spadoni-15.jpeg\" alt=\"Inauguraci\u00f3n de una casa para una persona necesitada en Kavimvira\"\/><figcaption class=\"wp-element-caption\">Inauguraci\u00f3n de una casa<\/figcaption><\/figure>\n\n\n\n<figure class=\"wp-block-image size-large viaggiopaolo2023\"><img decoding=\"async\" src=\"\/wp-content\/uploads\/2026\/05\/158-Timeline-secondo-viaggio-paolo-F-volontaria-2-copia-135x300.jpg\" alt=\"Segundo viaje de Paolo a Kavimvira para el proyecto HIC SUM\"\/><figcaption class=\"wp-element-caption\">Segundo viaje de Paolo<\/figcaption><\/figure>\n\n\n\n<figure class=\"wp-block-image size-large viaggiopaolo2023\"><img decoding=\"async\" src=\"\/wp-content\/uploads\/2026\/05\/159-2023_marzo_hicsum_1_congo_kavimvira_sr_jacqueline_santa_gemma_inaugurazione_casa_indigente_spazio_spadoni-17.jpeg\" alt=\"Inauguraci\u00f3n de una casa para una persona necesitada en Kavimvira\"\/><figcaption class=\"wp-element-caption\">Inauguraci\u00f3n de una casa<\/figcaption><\/figure>\n\n\n\n<figure class=\"wp-block-image size-large viaggiopaolo2023\"><img decoding=\"async\" src=\"\/wp-content\/uploads\/2026\/05\/160-2023_marzo_hicsum_1_congo_kavimvira_sr_jacqueline_santa_gemma_inaugurazione_casa_indigente_spazio_spadoni.jpg\" alt=\"Inauguraci\u00f3n de una casa para una persona necesitada en Kavimvira\"\/><figcaption class=\"wp-element-caption\">Inauguraci\u00f3n de una casa<\/figcaption><\/figure>\n\n\n\n<figure class=\"wp-block-image size-large viaggiopaolo2023\"><img decoding=\"async\" src=\"\/wp-content\/uploads\/2026\/05\/161-2023_marzo_hicsum_1_congo_kavimvira_sr_jacqueline_santa_gemma_inaugurazione_casa_indigente_spazio_spadoni-27.jpeg\" alt=\"Inauguraci\u00f3n de una casa para una persona necesitada en Kavimvira\"\/><figcaption class=\"wp-element-caption\">Inauguraci\u00f3n de una casa<\/figcaption><\/figure>\n\n\n\n<figure class=\"wp-block-image size-large viaggiopaolo2023\"><img decoding=\"async\" src=\"\/wp-content\/uploads\/2026\/05\/162-2023_marzo_hicsum_1_congo_kavimvira_sr_jacqueline_santa_gemma_misericordia_costruzione_casa_spazio_spadoni-2.jpeg\" alt=\"Construcci\u00f3n de una casa en Kavimvira dentro del proyecto HIC SUM\"\/><figcaption class=\"wp-element-caption\">Construcci\u00f3n de una casa<\/figcaption><\/figure>\n\n\n\n<figure class=\"wp-block-image size-large viaggiopaolo2023\"><img decoding=\"async\" src=\"\/wp-content\/uploads\/2026\/05\/163-2023_marzo_hicsum_1_congo_kavimvira_sr_jacqueline_santa_gemma_misericordia_costruzione_casa_spazio_spadoni-7.jpeg\" alt=\"Construcci\u00f3n de una casa en Kavimvira dentro del proyecto HIC SUM\"\/><figcaption class=\"wp-element-caption\">Construcci\u00f3n de una casa<\/figcaption><\/figure>\n\n\n\n<figure class=\"wp-block-image size-large viaggiopaolo2023\"><img decoding=\"async\" src=\"\/wp-content\/uploads\/2026\/05\/164-2023_marzo_hicsum_1_congo_kavimvira_sr_jacqueline_santa_gemma_misericordia_costruzione_casa_spazio_spadoni-10.jpeg\" alt=\"Construcci\u00f3n de una casa en Kavimvira dentro del proyecto HIC SUM\"\/><figcaption class=\"wp-element-caption\">Construcci\u00f3n de una casa<\/figcaption><\/figure>\n\n\n\n<figure class=\"wp-block-image size-large viaggiopaolo2023\"><img decoding=\"async\" src=\"\/wp-content\/uploads\/2026\/05\/165-2023_marzo_hicsum_1_congo_kavimvira_sr_jacqueline_santa_gemma_misericordia_costruzione_casa_spazio_spadoni-14.jpeg\" alt=\"Construcci\u00f3n de una casa en Kavimvira dentro del proyecto HIC SUM\"\/><figcaption class=\"wp-element-caption\">Construcci\u00f3n de una casa<\/figcaption><\/figure>\n\n\n\n<figure class=\"wp-block-image size-large viaggiopaolo2023\"><img decoding=\"async\" src=\"\/wp-content\/uploads\/2026\/05\/166-2023_marzo_hicsum_1_congo_kavimvira_suor_jacqueline_misercordia_santa_gemma_apostolato_spazio_spadoni-1.jpeg\" alt=\"Apostolado en Kavimvira con sor Jacqueline y la comunidad local\"\/><figcaption class=\"wp-element-caption\">Apostolado en Kavimvira<\/figcaption><\/figure>\n\n\n\n<figure class=\"wp-block-image size-large viaggiopaolo2023\"><img decoding=\"async\" src=\"\/wp-content\/uploads\/2026\/05\/167-2023_marzo_hicsum_1_congo_kavimvira_suor_jacqueline_misercordia_santa_gemma_apostolato_spazio_spadoni-4.jpeg\" alt=\"Apostolado en Kavimvira con sor Jacqueline y la comunidad local\"\/><figcaption class=\"wp-element-caption\">Apostolado en Kavimvira<\/figcaption><\/figure>\n\n\n\n<figure class=\"wp-block-image size-large viaggiopaolo2023\"><img decoding=\"async\" src=\"\/wp-content\/uploads\/2026\/05\/168-2023_marzo_hicsum_1_congo_suor_jacqueline_santa_gemma_villaggio_kahororho_spazio_spadoni-23.jpeg\" alt=\"Actividades HIC SUM en Kavimvira con sor Jacqueline, marzo de 2023\"\/><figcaption class=\"wp-element-caption\">Kavimvira, marzo de 2023<\/figcaption><\/figure>\n\n\n\n<figure class=\"wp-block-image size-large viaggiopaolo2023\"><img decoding=\"async\" src=\"\/wp-content\/uploads\/2026\/05\/169-2023_marzo_hicsum_1_congo_kavimvira_sr_jacqueline_santa_gemma_inaugurazione_casa_indigente_spazio_spadoni-25.jpeg\" alt=\"Inauguraci\u00f3n de una casa para una persona necesitada en Kavimvira\"\/><figcaption class=\"wp-element-caption\">Inauguraci\u00f3n de una casa<\/figcaption><\/figure>\n\n\n\n<figure class=\"wp-block-image size-large viaggiopaolo2023\"><img decoding=\"async\" src=\"\/wp-content\/uploads\/2026\/05\/170-2023_marzo_hicsum_1_congo_kavimvira_sr_jacqueline_santa_gemma_misericordia_costruzione_casa_spazio_spadoni-9.jpeg\" alt=\"Construcci\u00f3n de una casa en Kavimvira dentro del proyecto HIC SUM\"\/><figcaption class=\"wp-element-caption\">Construcci\u00f3n de una casa<\/figcaption><\/figure>\n\n\n\n<figure class=\"wp-block-image size-large viaggiopaolo2023\"><img decoding=\"async\" src=\"\/wp-content\/uploads\/2026\/05\/171-2023_marzo_hicsum_1_congo_suor_jacqueline_santa_gemma_villaggio_kahororho_spazio_spadoni-8.jpeg\" alt=\"Actividades HIC SUM en Kavimvira con sor Jacqueline, marzo de 2023\"\/><figcaption class=\"wp-element-caption\">Kavimvira, marzo de 2023<\/figcaption><\/figure>\n\n\n\n<figure class=\"wp-block-image size-large formazione\"><img decoding=\"async\" src=\"\/wp-content\/uploads\/2026\/05\/172-Timeline-inizio-rapporto-F-suora-Luigi-e-Gloriosa-copia-2-300x126.jpg\" alt=\"Encuentro en la fase inicial del proyecto HIC SUM\"\/><figcaption class=\"wp-element-caption\">Encuentro con Luigi y Gloriosa<\/figcaption><\/figure>\n\n\n\n<figure class=\"wp-block-image size-large repubblicademocraticadelcongo\"><img decoding=\"async\" src=\"\/wp-content\/uploads\/2026\/05\/173-2023_agosto_31_hicsum_1_congo_kavimvira_suor_jacqueline_sorelle_santa_gemma_misericordia_rappresentanza_spazio_spadoni-300x225.jpg\" alt=\"Actividades HIC SUM en Kavimvira con sor Jacqueline, agosto de 2023\"\/><figcaption class=\"wp-element-caption\">Kavimvira, agosto de 2023<\/figcaption><\/figure>\n\n\n\n<figure class=\"wp-block-image size-large repubblicademocraticadelcongo\"><img decoding=\"async\" src=\"\/wp-content\/uploads\/2026\/05\/174-2023_ottobre_hicsum_1_repubblica_democratica_congo_kavimvira_suor_jacqueline_sorelle_santa_gemma_misericordia_volontari_spazio_spadoni-2-225x300.jpg\" alt=\"Actividades HIC SUM en Kavimvira con sor Jacqueline, octubre de 2023\"\/><figcaption class=\"wp-element-caption\">Kavimvira, octubre de 2023<\/figcaption><\/figure>\n\n\n\n<figure class=\"wp-block-image size-large repubblicademocraticadelcongo\"><img decoding=\"async\" src=\"\/wp-content\/uploads\/2026\/05\/175-2023_ottobre_hicsum_1_repubblica_democratica_congo_kavimvira_suor_jacqueline_sorelle_santa_gemma_misericordia_volontari_spazio_spadoni-2-225x300.jpg\" alt=\"Actividades HIC SUM en Kavimvira con sor Jacqueline, octubre de 2023\"\/><figcaption class=\"wp-element-caption\">Kavimvira, octubre de 2023<\/figcaption><\/figure>\n\n\n\n<figure class=\"wp-block-image size-large repubblicademocraticadelcongo\"><img decoding=\"async\" src=\"\/wp-content\/uploads\/2026\/05\/176-2023_ottobre_hicsum_1_repubblica_democratica_congo_kavimvira_suor_jacqueline_sorelle_santa_gemma_misericordia_volontari_spazio_spadoni-3-300x225.jpg\" alt=\"Actividades HIC SUM en Kavimvira con sor Jacqueline, octubre de 2023\"\/><figcaption class=\"wp-element-caption\">Kavimvira, octubre de 2023<\/figcaption><\/figure>\n\n\n\n<figure class=\"wp-block-image size-large repubblicademocraticadelcongo\"><img decoding=\"async\" src=\"\/wp-content\/uploads\/2026\/05\/177-2023_ottobre_hicsum_1_repubblica_democratica_congo_kavimvira_suor_jacqueline_sorelle_santa_gemma_misericordia_volontari_spazio_spadoni-4-225x300.jpg\" alt=\"Actividades HIC SUM en Kavimvira con sor Jacqueline, octubre de 2023\"\/><figcaption class=\"wp-element-caption\">Kavimvira, octubre de 2023<\/figcaption><\/figure>\n\n\n\n<figure class=\"wp-block-image size-large repubblicademocraticadelcongo\"><img decoding=\"async\" src=\"\/wp-content\/uploads\/2026\/05\/178-2023_ottobre_hicsum_1_repubblica_democratica_congo_kavimvira_suor_jacqueline_sorelle_santa_gemma_misericordia_volontari_spazio_spadoni2-225x300.jpg\" alt=\"Actividades HIC SUM en Kavimvira con sor Jacqueline, octubre de 2023\"\/><figcaption class=\"wp-element-caption\">Kavimvira, octubre de 2023<\/figcaption><\/figure>\n\n\n\n<figure class=\"wp-block-image size-large repubblicademocraticadelcongo\"><img decoding=\"async\" src=\"\/wp-content\/uploads\/2026\/05\/179-2023_ottobre_hicsum_1_repubblica_democratica_congo_kavimvira_suor_jacqueline_sorelle_santa_gemma_misericordia_volontari_spazio_spadoni-225x300.jpg\" alt=\"Actividades HIC SUM en Kavimvira con sor Jacqueline, octubre de 2023\"\/><figcaption class=\"wp-element-caption\">Kavimvira, octubre de 2023<\/figcaption><\/figure>\n\n\n\n<figure class=\"wp-block-image size-large repubblicademocraticadelcongo\"><img decoding=\"async\" src=\"\/wp-content\/uploads\/2026\/05\/180-2023_ottobre_hicsum_1_repubblica_democratica_congo_kavimvira_suor_jacqueline_sorelle_santa_gemma_misericordia_volontari_spazio_spadoni_consegna_foulard_selene_pera-225x300.jpg\" alt=\"Voluntarios en Uvira con el pa\u00f1uelo de spazio + spadoni\"\/><figcaption class=\"wp-element-caption\">Voluntarios con pa\u00f1uelo spazio + spadoni<\/figcaption><\/figure>\n\n\n\n<figure class=\"wp-block-image size-large formazione\"><img decoding=\"async\" src=\"\/wp-content\/uploads\/2026\/05\/181-2020_settembre_italia_lucca_convento_san_cerbone_inaugurazione_spazio_spadoni_convegno_hic_sum_1_suor_jacqueline_luigi-1-300x225.jpg\" alt=\"Inauguraci\u00f3n vinculada al proyecto HIC SUM en Kavimvira\"\/><figcaption class=\"wp-element-caption\">Inauguraci\u00f3n en Kavimvira<\/figcaption><\/figure>\n\n\n\n<figure class=\"wp-block-image size-large formazione\"><img decoding=\"async\" src=\"\/wp-content\/uploads\/2026\/05\/182-2020_settembre_italia_lucca_convento_san_cerbone_inaugurazione_spazio_spadoni_convegno_hic_sum_1_suor_jacqueline_luigi-2-225x300.jpg\" alt=\"Inauguraci\u00f3n vinculada al proyecto HIC SUM en Kavimvira\"\/><figcaption class=\"wp-element-caption\">Inauguraci\u00f3n en Kavimvira<\/figcaption><\/figure>\n\n\n\n<figure class=\"wp-block-image size-large formazione\"><img decoding=\"async\" src=\"\/wp-content\/uploads\/2026\/05\/183-2021_maggio_italia_lucca_formazione_hic_sum_1_3_9_suor_jacqueline_lizia_lazzarino_formazione_cioccolato_spazio_spadoni-1-300x225.jpg\" alt=\"Formaci\u00f3n HIC SUM en Italia con sor Jacqueline y las Hermanas de Santa Gemma\"\/><figcaption class=\"wp-element-caption\">Formaci\u00f3n HIC SUM en Italia<\/figcaption><\/figure>\n\n\n\n<figure class=\"wp-block-image size-large formazione\"><img decoding=\"async\" src=\"\/wp-content\/uploads\/2026\/05\/184-2021_maggio_italia_lucca_formazione_hic_sum_1_3_9_suor_jacqueline_lizia_lazzarino_formazione_cioccolato_spazio_spadoni-2-300x225.jpg\" alt=\"Formaci\u00f3n HIC SUM en Italia con sor Jacqueline y las Hermanas de Santa Gemma\"\/><figcaption class=\"wp-element-caption\">Formaci\u00f3n HIC SUM en Italia<\/figcaption><\/figure>\n\n\n\n<figure class=\"wp-block-image size-large formazione\"><img decoding=\"async\" src=\"\/wp-content\/uploads\/2026\/05\/185-2021_maggio_italia_lucca_formazione_hic_sum_1_3_9_suor_jacqueline_lizia_lazzarino_formazione_cioccolato_spazio_spadoni-3-225x300.jpg\" alt=\"Formaci\u00f3n HIC SUM en Italia con sor Jacqueline y las Hermanas de Santa Gemma\"\/><figcaption class=\"wp-element-caption\">Formaci\u00f3n HIC SUM en Italia<\/figcaption><\/figure>\n\n\n\n<figure class=\"wp-block-image size-large repubblicademocraticadelcongo\"><img decoding=\"async\" src=\"\/wp-content\/uploads\/2026\/05\/186-2024_marzo_28_hicsum_1_repubblica_democratica_congo_sorelle_santa_gemma_kavimvira_suor_jacqueline_misericordia_giovedi_santo_volontari_pranzo_offerto_poveri-2-300x225.jpg\" alt=\"Voluntarios de las Obras de Misericordia entre Uvira y Kavimvira\"\/><figcaption class=\"wp-element-caption\">Voluntarios en Uvira y Kavimvira<\/figcaption><\/figure>\n\n\n\n<figure class=\"wp-block-image size-large repubblicademocraticadelcongo\"><img decoding=\"async\" src=\"\/wp-content\/uploads\/2026\/05\/187-2024_marzo_28_hicsum_1_repubblica_democratica_congo_sorelle_santa_gemma_kavimvira_suor_jacqueline_misericordia_giovedi_santo_volontari_pranzo_offerto_poveri-3-300x225.jpg\" alt=\"Voluntarios de las Obras de Misericordia entre Uvira y Kavimvira\"\/><figcaption class=\"wp-element-caption\">Voluntarios en Uvira y Kavimvira<\/figcaption><\/figure>\n\n\n\n<figure class=\"wp-block-image size-large repubblicademocraticadelcongo\"><img decoding=\"async\" src=\"\/wp-content\/uploads\/2026\/05\/188-2024_marzo_28_hicsum_1_repubblica_democratica_congo_sorelle_santa_gemma_kavimvira_suor_jacqueline_misericordia_giovedi_santo_volontari_pranzo_offerto_poveri-4-300x169.jpg\" alt=\"Voluntarios de las Obras de Misericordia entre Uvira y Kavimvira\"\/><figcaption class=\"wp-element-caption\">Voluntarios en Uvira y Kavimvira<\/figcaption><\/figure>\n\n\n\n<figure class=\"wp-block-image size-large repubblicademocraticadelcongo\"><img decoding=\"async\" src=\"\/wp-content\/uploads\/2026\/05\/189-2024_marzo_28_hicsum_1_repubblica_democratica_congo_sorelle_santa_gemma_kavimvira_suor_jacqueline_misericordia_giovedi_santo_volontari_pranzo_offerto_poveri-300x225.jpg\" alt=\"Voluntarios de las Obras de Misericordia entre Uvira y Kavimvira\"\/><figcaption class=\"wp-element-caption\">Voluntarios en Uvira y Kavimvira<\/figcaption><\/figure>\n\n\n\n<figure class=\"wp-block-image size-large repubblicademocraticadelcongo\"><img decoding=\"async\" src=\"\/wp-content\/uploads\/2026\/05\/190-2024_marzo_28_hicsum_1_repubblica_democratica_congo_sorelle_santa_gemma_kavimvira_suor_jacqueline_misericordia_giovedi_santo_volontari_pranzo_offerto_poveri-5-300x225.jpg\" alt=\"Voluntarios de las Obras de Misericordia entre Uvira y Kavimvira\"\/><figcaption class=\"wp-element-caption\">Voluntarios en Uvira y Kavimvira<\/figcaption><\/figure>\n\n\n\n<figure class=\"wp-block-image size-large repubblicademocraticadelcongo\"><img decoding=\"async\" src=\"\/wp-content\/uploads\/2026\/05\/191-2024_marzo_28_hicsum_1_repubblica_democratica_congo_sorelle_santa_gemma_kavimvira_suor_jacqueline_misericordia_giovedi_santo_volontari_pranzo_offerto_poveri-6-300x169.jpg\" alt=\"Voluntarios de las Obras de Misericordia entre Uvira y Kavimvira\"\/><figcaption class=\"wp-element-caption\">Voluntarios en Uvira y Kavimvira<\/figcaption><\/figure>\n\n\n\n<figure class=\"wp-block-image size-large repubblicademocraticadelcongo\"><img decoding=\"async\" src=\"\/wp-content\/uploads\/2026\/05\/192-2025_marzo_volontari_opere_misericordia_spazio_spadoni_congo_uvira_kavimvira-3-225x300.jpg\" alt=\"Voluntarios de las Obras de Misericordia entre Uvira y Kavimvira\"\/><figcaption class=\"wp-element-caption\">Voluntarios en Uvira y Kavimvira<\/figcaption><\/figure>\n\n\n\n<figure class=\"wp-block-image size-large repubblicademocraticadelcongo\"><img decoding=\"async\" src=\"\/wp-content\/uploads\/2026\/05\/193-2025_marzo_volontari_opere_misericordia_spazio_spadoni_congo_uvira_kavimvira-2-225x300.jpg\" alt=\"Voluntarios de las Obras de Misericordia entre Uvira y Kavimvira\"\/><figcaption class=\"wp-element-caption\">Voluntarios en Uvira y Kavimvira<\/figcaption><\/figure>\n\n\n\n<figure class=\"wp-block-image size-large repubblicademocraticadelcongo\"><img decoding=\"async\" src=\"\/wp-content\/uploads\/2026\/05\/194-2025_marzo_volontari_opere_misericordia_spazio_spadoni_congo_uvira_kavimvira-4-225x300.jpg\" alt=\"Voluntarios de las Obras de Misericordia entre Uvira y Kavimvira\"\/><figcaption class=\"wp-element-caption\">Voluntarios en Uvira y Kavimvira<\/figcaption><\/figure>\n\n\n\n<figure class=\"wp-block-image size-large repubblicademocraticadelcongo\"><img decoding=\"async\" src=\"\/wp-content\/uploads\/2026\/05\/195-2025_marzo_volontari_opere_misericordia_spazio_spadoni_congo_uvira_kavimvira-1-300x225.jpg\" alt=\"Voluntarios de las Obras de Misericordia entre Uvira y Kavimvira\"\/><figcaption class=\"wp-element-caption\">Voluntarios en Uvira y Kavimvira<\/figcaption><\/figure>\n\n\n\n<figure class=\"wp-block-image size-large repubblicademocraticadelcongo\"><img decoding=\"async\" src=\"\/wp-content\/uploads\/2026\/05\/196-WhatsApp-Image-2026-02-04-at-08.41.57._gennaio_volontari_uvira_opere_misericordia_congo_spazio_spadoni_foulard-1.jpeg\" alt=\"Voluntarios en Uvira con el pa\u00f1uelo de spazio + spadoni\"\/><figcaption class=\"wp-element-caption\">Voluntarios con pa\u00f1uelo spazio + spadoni<\/figcaption><\/figure>\n\n\n\n<figure class=\"wp-block-image size-large repubblicademocraticadelcongo\"><img decoding=\"async\" src=\"\/wp-content\/uploads\/2026\/05\/197-WhatsApp-Image-2026-02-04-at-08.41.57._gennaio_volontari_uvira_opere_misericordia_congo_spazio_spadoni_foulard-2.jpeg\" alt=\"Voluntarios en Uvira con el pa\u00f1uelo de spazio + spadoni\"\/><figcaption class=\"wp-element-caption\">Voluntarios con pa\u00f1uelo spazio + spadoni<\/figcaption><\/figure>\n<\/figure>\n\n\n\n<div class=\"gb-element-b24bbf5e ss-media-videos\">\n<figure class=\"wp-block-video viaggiopaolo2023\"><video controls src=\"\/wp-content\/uploads\/2026\/05\/001-16-maggio-2023-Bukavu-festa-liturgica-Santa-gemma-2.mp4\"><\/video><\/figure>\n\n\n\n<figure class=\"wp-block-video repubblicademocraticadelcongo\"><video controls src=\"\/wp-content\/uploads\/2026\/05\/002-2022_aprile_hicsum_congo_kavimvira_sr_jacqueline_santa_gemma_spazio_spadoni_orfanotrofio-1.mp4\"><\/video><\/figure>\n\n\n\n<figure class=\"wp-block-video viaggiopaolo2022\"><video controls src=\"\/wp-content\/uploads\/2026\/05\/003-2022_novembr_congo_kavimvira_sr_jacqueline_santa_gemma_apostolato_spazio_spadoni-1.mp4\"><\/video><\/figure>\n\n\n\n<figure class=\"wp-block-video viaggiopaolo2022\"><video controls src=\"\/wp-content\/uploads\/2026\/05\/004-2022_novembr_congo_kavimvira_sr_jacqueline_santa_gemma_apostolato_spazio_spadoni-2.mp4\"><\/video><\/figure>\n\n\n\n<figure class=\"wp-block-video viaggiopaolo2022\"><video controls src=\"\/wp-content\/uploads\/2026\/05\/005-2022_novembr_congo_kavimvira_sr_jacqueline_santa_gemma_apostolato_spazio_spadoni-3.mp4\"><\/video><\/figure>\n\n\n\n<figure class=\"wp-block-video viaggiopaolo2022\"><video controls src=\"\/wp-content\/uploads\/2026\/05\/006-2022_novembre_congo_kavimvira_sr_jacqueline_primo_soccorso_spazio_spadoni.mp4\"><\/video><\/figure>\n\n\n\n<figure class=\"wp-block-video repubblicademocraticadelcongo\"><video controls src=\"\/wp-content\/uploads\/2026\/05\/007-2022_ottobre_hicsum_congo_kavimvira_sr_jacqueline_accoglienza_spazio_spadoni-2.mp4\"><\/video><\/figure>\n\n\n\n<figure class=\"wp-block-video repubblicademocraticadelcongo\"><video controls src=\"\/wp-content\/uploads\/2026\/05\/008-2022_ottobre_hicsum_congo_kavimvira_suor_jacqueline_professione_suore_spazio_spadoni-.mp4\"><\/video><\/figure>\n\n\n\n<figure class=\"wp-block-video repubblicademocraticadelcongo\"><video controls src=\"\/wp-content\/uploads\/2026\/05\/009-2022_ottobre_hicsum_congo_kavimvira_suor_jacqueline_professione_suore_spazio_spadoni-1.mp4\"><\/video><\/figure>\n\n\n\n<figure class=\"wp-block-video repubblicademocraticadelcongo\"><video controls src=\"\/wp-content\/uploads\/2026\/05\/010-2022_settembre_hicsum_congo_kavimvira_uvira_suor_jacqueline_sorelle_mise_santa_gemma_anniversario_fondazione_spazio_spadoni-2.mp4\"><\/video><\/figure>\n\n\n\n<figure class=\"wp-block-video viaggiopaolo2023\"><video controls src=\"\/wp-content\/uploads\/2026\/05\/011-2023_aprile_hicsum_1_congo_kavimvira_uvira_suor_jacqueline_sorelle_santa_gemma_mise_santa_gemma_domenica_delle_palme_spazio_spadoni.mp4\"><\/video><\/figure>\n\n\n\n<figure class=\"wp-block-video viaggiopaolo2023\"><video controls src=\"\/wp-content\/uploads\/2026\/05\/012-2023_marzo_hicsum_1_congo_kavimvira_sr_jacqueline_santa_gemma_inaugurazione_casa_indigente_spazio_spadoni-1.mp4\"><\/video><\/figure>\n\n\n\n<figure class=\"wp-block-video viaggiopaolo2022\"><video controls src=\"\/wp-content\/uploads\/2026\/05\/013-novembre_2022_testimonianza_paolo_misericordia_santa_gemma.mp4\"><\/video><\/figure>\n\n\n\n<figure class=\"wp-block-video repubblicademocraticadelcongo\"><video controls src=\"\/wp-content\/uploads\/2026\/05\/014-WhatsApp-Image-2026-02-04-at-08.41.57._gennaio_volontari_uvira_opere_misericordia_congo_spazio_spadoni_foulard-1.mp4\"><\/video><\/figure>\n<\/div>\n<\/div>\n<\/div>\n<\/div>\n<\/div>\n\n\n\n<p class=\"wp-block-paragraph\"><\/p>\n","protected":false},"excerpt":{"rendered":"<p>Sor Jacqueline \u2013 Kavimvira (Rep\u00fablica Democr\u00e1tica del Congo) PROYECTO 1 de 72 MISI\u00d3N Lugar Kavimvira Di\u00f3cesis Uvira Pa\u00eds Rep\u00fablica Democr\u00e1tica del Congo Continente \u00c1frica Coordenadas GPS -3.35207 29.15180 Zona horaria UTC+2 CONGREGACI\u00d3N Congregaci\u00f3n Congregaci\u00f3n Misionera Hermanas de Santa Gemma Casa Madre Camigliano Santa Gemma (LU) Di\u00f3cesis Lucca Pa\u00eds Italia Continente Europa Fiesta de la Congregaci\u00f3n &#8230; <a title=\"Rep\u00fablica Democr\u00e1tica del Congo \u2013 \u00c1frica | Proyecto #1 de 72\" class=\"read-more\" href=\"https:\/\/spaziospadoni.org\/es\/hic-sum\/republica-democratica-del-congo-africa-proyecto-1-de-72\/\" aria-label=\"Read more about Rep\u00fablica Democr\u00e1tica del Congo \u2013 \u00c1frica | Proyecto #1 de 72\">Leer m\u00e1s<\/a><\/p>\n","protected":false},"author":102,"featured_media":0,"parent":63319,"menu_order":0,"comment_status":"closed","ping_status":"closed","template":"","meta":{"_sitemap_exclude":false,"_sitemap_priority":"","_sitemap_frequency":"","footnotes":""},"class_list":["post-62019","page","type-page","status-publish","infinite-scroll-item"],"yoast_head":"<!-- This site is optimized with the Yoast SEO plugin v28.4 - https:\/\/yoast.com\/product\/yoast-seo-wordpress\/ -->\n<title>Rep\u00fablica Democr\u00e1tica del Congo \u2013 \u00c1frica | Proyecto #1 de 72 | Spazio Spadoni<\/title>\n<meta name=\"description\" content=\"Sor Jacqueline \u2013 Kavimvira (Rep\u00fablica Democr\u00e1tica del Congo) PROYECTO 1 de 72 MISI\u00d3N Lugar Kavimvira Di\u00f3cesis Uvira Pa\u00eds Rep\u00fablica Democr\u00e1tica del Congo\" \/>\n<meta name=\"robots\" content=\"index, follow, max-snippet:-1, max-image-preview:large, max-video-preview:-1\" \/>\n<link rel=\"canonical\" href=\"https:\/\/spaziospadoni.org\/es\/hic-sum\/republica-democratica-del-congo-africa-proyecto-1-de-72\/\" \/>\n<meta property=\"og:locale\" content=\"es_ES\" \/>\n<meta property=\"og:type\" content=\"article\" \/>\n<meta property=\"og:title\" content=\"Rep\u00fablica Democr\u00e1tica del Congo \u2013 \u00c1frica | Proyecto #1 de 72 | Spazio Spadoni\" \/>\n<meta property=\"og:description\" content=\"Sor Jacqueline \u2013 Kavimvira (Rep\u00fablica Democr\u00e1tica del Congo) PROYECTO 1 de 72 MISI\u00d3N Lugar Kavimvira Di\u00f3cesis Uvira Pa\u00eds Rep\u00fablica Democr\u00e1tica del Congo\" \/>\n<meta property=\"og:url\" content=\"https:\/\/spaziospadoni.org\/es\/hic-sum\/republica-democratica-del-congo-africa-proyecto-1-de-72\/\" \/>\n<meta property=\"og:site_name\" content=\"spazio + spadoni\" \/>\n<meta property=\"article:publisher\" content=\"https:\/\/www.facebook.com\/SpazioSpadoni\/\" \/>\n<meta property=\"article:modified_time\" content=\"2026-08-01T10:10:42+00:00\" \/>\n<meta property=\"og:image\" content=\"https:\/\/spaziospadoni.org\/wp-content\/uploads\/2026\/05\/hicsum_1_congo-spaziospadoni-scaled.png\" \/>\n\t<meta property=\"og:image:width\" content=\"2560\" \/>\n\t<meta property=\"og:image:height\" content=\"1771\" \/>\n\t<meta property=\"og:image:type\" content=\"image\/png\" \/>\n<meta name=\"twitter:card\" content=\"summary_large_image\" \/>\n<meta name=\"twitter:label1\" content=\"Est. reading time\" \/>\n\t<meta name=\"twitter:data1\" content=\"60 minutes\" \/>\n<script type=\"application\/ld+json\" class=\"yoast-schema-graph\">{\"@context\":\"https:\\\/\\\/schema.org\",\"@graph\":[{\"@type\":\"WebPage\",\"@id\":\"https:\\\/\\\/spaziospadoni.org\\\/es\\\/hic-sum\\\/republica-democratica-del-congo-africa-proyecto-1-de-72\\\/\",\"url\":\"https:\\\/\\\/spaziospadoni.org\\\/es\\\/hic-sum\\\/republica-democratica-del-congo-africa-proyecto-1-de-72\\\/\",\"name\":\"Rep\u00fablica Democr\u00e1tica del Congo \u2013 \u00c1frica | Proyecto #1 de 72 | Spazio Spadoni\",\"isPartOf\":{\"@id\":\"https:\\\/\\\/spaziospadoni.org\\\/es\\\/#website\"},\"primaryImageOfPage\":{\"@id\":\"https:\\\/\\\/spaziospadoni.org\\\/es\\\/hic-sum\\\/republica-democratica-del-congo-africa-proyecto-1-de-72\\\/#primaryimage\"},\"image\":{\"@id\":\"https:\\\/\\\/spaziospadoni.org\\\/es\\\/hic-sum\\\/republica-democratica-del-congo-africa-proyecto-1-de-72\\\/#primaryimage\"},\"thumbnailUrl\":\"https:\\\/\\\/spaziospadoni.org\\\/wp-content\\\/uploads\\\/2026\\\/05\\\/hicsum_1_congo-spaziospadoni-1024x709.png\",\"datePublished\":\"2026-04-30T18:34:44+00:00\",\"dateModified\":\"2026-08-01T10:10:42+00:00\",\"description\":\"Sor Jacqueline \u2013 Kavimvira (Rep\u00fablica Democr\u00e1tica del Congo) PROYECTO 1 de 72 MISI\u00d3N Lugar Kavimvira Di\u00f3cesis Uvira Pa\u00eds Rep\u00fablica Democr\u00e1tica del Congo\",\"breadcrumb\":{\"@id\":\"https:\\\/\\\/spaziospadoni.org\\\/es\\\/hic-sum\\\/republica-democratica-del-congo-africa-proyecto-1-de-72\\\/#breadcrumb\"},\"inLanguage\":\"es-ES\",\"potentialAction\":[{\"@type\":\"ReadAction\",\"target\":[\"https:\\\/\\\/spaziospadoni.org\\\/es\\\/hic-sum\\\/republica-democratica-del-congo-africa-proyecto-1-de-72\\\/\"]}]},{\"@type\":\"ImageObject\",\"inLanguage\":\"es-ES\",\"@id\":\"https:\\\/\\\/spaziospadoni.org\\\/es\\\/hic-sum\\\/republica-democratica-del-congo-africa-proyecto-1-de-72\\\/#primaryimage\",\"url\":\"https:\\\/\\\/spaziospadoni.org\\\/wp-content\\\/uploads\\\/2026\\\/05\\\/hicsum_1_congo-spaziospadoni-1024x709.png\",\"contentUrl\":\"https:\\\/\\\/spaziospadoni.org\\\/wp-content\\\/uploads\\\/2026\\\/05\\\/hicsum_1_congo-spaziospadoni-1024x709.png\"},{\"@type\":\"BreadcrumbList\",\"@id\":\"https:\\\/\\\/spaziospadoni.org\\\/es\\\/hic-sum\\\/republica-democratica-del-congo-africa-proyecto-1-de-72\\\/#breadcrumb\",\"itemListElement\":[{\"@type\":\"ListItem\",\"position\":1,\"name\":\"Home\",\"item\":\"https:\\\/\\\/spaziospadoni.org\\\/es\\\/\"},{\"@type\":\"ListItem\",\"position\":2,\"name\":\"Proyectos misioneros &#8211; Hic Sum\",\"item\":\"https:\\\/\\\/spaziospadoni.org\\\/es\\\/hic-sum\\\/\"},{\"@type\":\"ListItem\",\"position\":3,\"name\":\"Rep\u00fablica Democr\u00e1tica del Congo \u2013 \u00c1frica | Proyecto #1 de 72\"}]},{\"@type\":\"WebSite\",\"@id\":\"https:\\\/\\\/spaziospadoni.org\\\/es\\\/#website\",\"url\":\"https:\\\/\\\/spaziospadoni.org\\\/es\\\/\",\"name\":\"spazio + spadoni\",\"description\":\"Generazione di misericordia e missione nel mondo\",\"publisher\":{\"@id\":\"https:\\\/\\\/spaziospadoni.org\\\/es\\\/#organization\"},\"alternateName\":\"spaziospadoni.org\",\"potentialAction\":[{\"@type\":\"SearchAction\",\"target\":{\"@type\":\"EntryPoint\",\"urlTemplate\":\"https:\\\/\\\/spaziospadoni.org\\\/es\\\/?s={search_term_string}\"},\"query-input\":{\"@type\":\"PropertyValueSpecification\",\"valueRequired\":true,\"valueName\":\"search_term_string\"}}],\"inLanguage\":\"es-ES\"},{\"@type\":\"Organization\",\"@id\":\"https:\\\/\\\/spaziospadoni.org\\\/es\\\/#organization\",\"name\":\"spazio + spadoni\",\"alternateName\":\"spaziospadoni.org\",\"url\":\"https:\\\/\\\/spaziospadoni.org\\\/es\\\/\",\"logo\":{\"@type\":\"ImageObject\",\"inLanguage\":\"es-ES\",\"@id\":\"https:\\\/\\\/spaziospadoni.org\\\/es\\\/#\\\/schema\\\/logo\\\/image\\\/\",\"url\":\"https:\\\/\\\/spaziospadoni.org\\\/wp-content\\\/uploads\\\/2026\\\/05\\\/spazio-spadoni-logo-100x100-1.webp\",\"contentUrl\":\"https:\\\/\\\/spaziospadoni.org\\\/wp-content\\\/uploads\\\/2026\\\/05\\\/spazio-spadoni-logo-100x100-1.webp\",\"width\":100,\"height\":100,\"caption\":\"spazio + spadoni\"},\"image\":{\"@id\":\"https:\\\/\\\/spaziospadoni.org\\\/es\\\/#\\\/schema\\\/logo\\\/image\\\/\"},\"sameAs\":[\"https:\\\/\\\/www.facebook.com\\\/SpazioSpadoni\\\/\",\"https:\\\/\\\/www.instagram.com\\\/spaziospadoni\\\/\",\"https:\\\/\\\/www.youtube.com\\\/@spaziospadoni\\\/playlists\"]}]}<\/script>\n<!-- \/ Yoast SEO plugin. -->","yoast_head_json":{"title":"Rep\u00fablica Democr\u00e1tica del Congo \u2013 \u00c1frica | Proyecto #1 de 72 | Spazio Spadoni","description":"Sor Jacqueline \u2013 Kavimvira (Rep\u00fablica Democr\u00e1tica del Congo) PROYECTO 1 de 72 MISI\u00d3N Lugar Kavimvira Di\u00f3cesis Uvira Pa\u00eds Rep\u00fablica Democr\u00e1tica del Congo","robots":{"index":"index","follow":"follow","max-snippet":"max-snippet:-1","max-image-preview":"max-image-preview:large","max-video-preview":"max-video-preview:-1"},"canonical":"https:\/\/spaziospadoni.org\/es\/hic-sum\/republica-democratica-del-congo-africa-proyecto-1-de-72\/","og_locale":"es_ES","og_type":"article","og_title":"Rep\u00fablica Democr\u00e1tica del Congo \u2013 \u00c1frica | Proyecto #1 de 72 | Spazio Spadoni","og_description":"Sor Jacqueline \u2013 Kavimvira (Rep\u00fablica Democr\u00e1tica del Congo) PROYECTO 1 de 72 MISI\u00d3N Lugar Kavimvira Di\u00f3cesis Uvira Pa\u00eds Rep\u00fablica Democr\u00e1tica del Congo","og_url":"https:\/\/spaziospadoni.org\/es\/hic-sum\/republica-democratica-del-congo-africa-proyecto-1-de-72\/","og_site_name":"spazio + spadoni","article_publisher":"https:\/\/www.facebook.com\/SpazioSpadoni\/","article_modified_time":"2026-08-01T10:10:42+00:00","og_image":[{"width":2560,"height":1771,"url":"https:\/\/spaziospadoni.org\/wp-content\/uploads\/2026\/05\/hicsum_1_congo-spaziospadoni-scaled.png","type":"image\/png"}],"twitter_card":"summary_large_image","twitter_misc":{"Est. reading time":"60 minutes"},"schema":{"@context":"https:\/\/schema.org","@graph":[{"@type":"WebPage","@id":"https:\/\/spaziospadoni.org\/es\/hic-sum\/republica-democratica-del-congo-africa-proyecto-1-de-72\/","url":"https:\/\/spaziospadoni.org\/es\/hic-sum\/republica-democratica-del-congo-africa-proyecto-1-de-72\/","name":"Rep\u00fablica Democr\u00e1tica del Congo \u2013 \u00c1frica | Proyecto #1 de 72 | Spazio Spadoni","isPartOf":{"@id":"https:\/\/spaziospadoni.org\/es\/#website"},"primaryImageOfPage":{"@id":"https:\/\/spaziospadoni.org\/es\/hic-sum\/republica-democratica-del-congo-africa-proyecto-1-de-72\/#primaryimage"},"image":{"@id":"https:\/\/spaziospadoni.org\/es\/hic-sum\/republica-democratica-del-congo-africa-proyecto-1-de-72\/#primaryimage"},"thumbnailUrl":"https:\/\/spaziospadoni.org\/wp-content\/uploads\/2026\/05\/hicsum_1_congo-spaziospadoni-1024x709.png","datePublished":"2026-04-30T18:34:44+00:00","dateModified":"2026-08-01T10:10:42+00:00","description":"Sor Jacqueline \u2013 Kavimvira (Rep\u00fablica Democr\u00e1tica del Congo) PROYECTO 1 de 72 MISI\u00d3N Lugar Kavimvira Di\u00f3cesis Uvira Pa\u00eds Rep\u00fablica Democr\u00e1tica del Congo","breadcrumb":{"@id":"https:\/\/spaziospadoni.org\/es\/hic-sum\/republica-democratica-del-congo-africa-proyecto-1-de-72\/#breadcrumb"},"inLanguage":"es-ES","potentialAction":[{"@type":"ReadAction","target":["https:\/\/spaziospadoni.org\/es\/hic-sum\/republica-democratica-del-congo-africa-proyecto-1-de-72\/"]}]},{"@type":"ImageObject","inLanguage":"es-ES","@id":"https:\/\/spaziospadoni.org\/es\/hic-sum\/republica-democratica-del-congo-africa-proyecto-1-de-72\/#primaryimage","url":"https:\/\/spaziospadoni.org\/wp-content\/uploads\/2026\/05\/hicsum_1_congo-spaziospadoni-1024x709.png","contentUrl":"https:\/\/spaziospadoni.org\/wp-content\/uploads\/2026\/05\/hicsum_1_congo-spaziospadoni-1024x709.png"},{"@type":"BreadcrumbList","@id":"https:\/\/spaziospadoni.org\/es\/hic-sum\/republica-democratica-del-congo-africa-proyecto-1-de-72\/#breadcrumb","itemListElement":[{"@type":"ListItem","position":1,"name":"Home","item":"https:\/\/spaziospadoni.org\/es\/"},{"@type":"ListItem","position":2,"name":"Proyectos misioneros &#8211; Hic Sum","item":"https:\/\/spaziospadoni.org\/es\/hic-sum\/"},{"@type":"ListItem","position":3,"name":"Rep\u00fablica Democr\u00e1tica del Congo \u2013 \u00c1frica | Proyecto #1 de 72"}]},{"@type":"WebSite","@id":"https:\/\/spaziospadoni.org\/es\/#website","url":"https:\/\/spaziospadoni.org\/es\/","name":"spazio + spadoni","description":"Generazione di misericordia e missione nel mondo","publisher":{"@id":"https:\/\/spaziospadoni.org\/es\/#organization"},"alternateName":"spaziospadoni.org","potentialAction":[{"@type":"SearchAction","target":{"@type":"EntryPoint","urlTemplate":"https:\/\/spaziospadoni.org\/es\/?s={search_term_string}"},"query-input":{"@type":"PropertyValueSpecification","valueRequired":true,"valueName":"search_term_string"}}],"inLanguage":"es-ES"},{"@type":"Organization","@id":"https:\/\/spaziospadoni.org\/es\/#organization","name":"spazio + spadoni","alternateName":"spaziospadoni.org","url":"https:\/\/spaziospadoni.org\/es\/","logo":{"@type":"ImageObject","inLanguage":"es-ES","@id":"https:\/\/spaziospadoni.org\/es\/#\/schema\/logo\/image\/","url":"https:\/\/spaziospadoni.org\/wp-content\/uploads\/2026\/05\/spazio-spadoni-logo-100x100-1.webp","contentUrl":"https:\/\/spaziospadoni.org\/wp-content\/uploads\/2026\/05\/spazio-spadoni-logo-100x100-1.webp","width":100,"height":100,"caption":"spazio + spadoni"},"image":{"@id":"https:\/\/spaziospadoni.org\/es\/#\/schema\/logo\/image\/"},"sameAs":["https:\/\/www.facebook.com\/SpazioSpadoni\/","https:\/\/www.instagram.com\/spaziospadoni\/","https:\/\/www.youtube.com\/@spaziospadoni\/playlists"]}]}},"_links":{"self":[{"href":"https:\/\/spaziospadoni.org\/es\/wp-json\/wp\/v2\/pages\/62019","targetHints":{"allow":["GET"]}}],"collection":[{"href":"https:\/\/spaziospadoni.org\/es\/wp-json\/wp\/v2\/pages"}],"about":[{"href":"https:\/\/spaziospadoni.org\/es\/wp-json\/wp\/v2\/types\/page"}],"author":[{"embeddable":true,"href":"https:\/\/spaziospadoni.org\/es\/wp-json\/wp\/v2\/users\/102"}],"replies":[{"embeddable":true,"href":"https:\/\/spaziospadoni.org\/es\/wp-json\/wp\/v2\/comments?post=62019"}],"version-history":[{"count":0,"href":"https:\/\/spaziospadoni.org\/es\/wp-json\/wp\/v2\/pages\/62019\/revisions"}],"up":[{"embeddable":true,"href":"https:\/\/spaziospadoni.org\/es\/wp-json\/wp\/v2\/pages\/63319"}],"wp:attachment":[{"href":"https:\/\/spaziospadoni.org\/es\/wp-json\/wp\/v2\/media?parent=62019"}],"curies":[{"name":"wp","href":"https:\/\/api.w.org\/{rel}","templated":true}]}}