{"id":62141,"date":"2026-05-14T14:41:33","date_gmt":"2026-05-14T13:41:33","guid":{"rendered":"https:\/\/spaziospadoni.org\/nigeria-africa-progetto-2-di-72\/"},"modified":"2026-07-20T13:01:28","modified_gmt":"2026-07-20T12:01:28","slug":"nigeria-africa-proyecto-2-de-72","status":"publish","type":"page","link":"https:\/\/spaziospadoni.org\/es\/hic-sum\/nigeria-africa-proyecto-2-de-72\/","title":{"rendered":"Nigeria \u2013 \u00c1frica | Proyecto #2 de 72"},"content":{"rendered":"\n<div class=\"ss-project-hero-card\">\n<h2 id=\"sor-beatrice-ibono-ibom-nigeria\" class=\"gb-text gb-text-62a95885\">Sor Beatrice \u2013 Ibono Ibom (Nigeria)<\/h2>\n\n\n\n<div class=\"gb-element-f60f2409\">\n<div class=\"gb-element-90a85740 ss-project-sidebar\">\n<h2 id=\"proyecto-2-de-72\" class=\"gb-text ss-project-title\">PROYECTO 2 de 72<\/h2>\n\n\n\n<figure class=\"wp-block-image size-large\"><img decoding=\"async\" width=\"1024\" height=\"709\" src=\"https:\/\/spaziospadoni.org\/wp-content\/uploads\/2026\/05\/hicsum_5_nigeria-spaziospadoni-1024x709.png\" alt=\"hicsum_5_nigeria-spaziospadoni\" class=\"wp-image-44970\" srcset=\"https:\/\/spaziospadoni.org\/wp-content\/uploads\/2026\/05\/hicsum_5_nigeria-spaziospadoni-1024x709.png 1024w, https:\/\/spaziospadoni.org\/wp-content\/uploads\/2026\/05\/hicsum_5_nigeria-spaziospadoni-300x208.png 300w, https:\/\/spaziospadoni.org\/wp-content\/uploads\/2026\/05\/hicsum_5_nigeria-spaziospadoni-768x531.png 768w, https:\/\/spaziospadoni.org\/wp-content\/uploads\/2026\/05\/hicsum_5_nigeria-spaziospadoni-1536x1063.png 1536w, https:\/\/spaziospadoni.org\/wp-content\/uploads\/2026\/05\/hicsum_5_nigeria-spaziospadoni-2048x1417.png 2048w\" sizes=\"(max-width: 1024px) 100vw, 1024px\" \/><\/figure>\n\n\n\n<div class=\"ss-project-table\">\n<div class=\"ss-table-section-title\">\n<h3 id=\"mision\" class=\"gb-text\">MISI\u00d3N<\/h3>\n<\/div>\n\n\n\n<div class=\"ss-table-row\">\n<p class=\"gb-text\">Lugar<\/p>\n\n\n\n<p class=\"gb-text\"><a href=\"https:\/\/www.google.it\/maps\/place\/Uyo,+Akwa+Ibom,+Nigeria\/@5.0213788,7.8468114,26773m\/data=!3m2!1e3!4b1!4m6!3m5!1s0x105d57c1f8da6a51:0xe71e33ab2276d451!8m2!3d5.0377396!4d7.9127945!16zL20vMDVwMjYw?hl=it&amp;entry=ttu&amp;g_ep=EgoyMDI1MDYxNy4wIKXMDSoASAFQAw%3D%3D\" target=\"_blank\" rel=\"noreferrer noopener\" title=\"Ibono Ibom\">Ibono Ibom<\/a><\/p>\n<\/div>\n\n\n\n<div class=\"ss-table-row\">\n<p class=\"gb-text\">Di\u00f3cesis<\/p>\n\n\n\n<p class=\"gb-text\">Uyo<\/p>\n<\/div>\n\n\n\n<div class=\"ss-table-row\">\n<p class=\"gb-text\">Pa\u00eds<\/p>\n\n\n\n<p class=\"gb-text\"><strong>Nigeria<\/strong><\/p>\n<\/div>\n\n\n\n<div class=\"ss-table-row\">\n<p class=\"gb-text\">Continente<\/p>\n\n\n\n<p class=\"gb-text\">Africa<\/p>\n<\/div>\n\n\n\n<div class=\"ss-table-row\">\n<p class=\"gb-text\">Coordenadas GPS<\/p>\n\n\n\n<p class=\"gb-text\">5.03643 7.91221<\/p>\n<\/div>\n\n\n\n<div class=\"ss-table-row\">\n<p class=\"gb-text\">Zona horaria<\/p>\n\n\n\n<p class=\"gb-text\">UTC+1<\/p>\n<\/div>\n<\/div>\n\n\n\n<div class=\"ss-project-table\">\n<div class=\"ss-table-section-title\">\n<h3 id=\"congregacion\" class=\"gb-text\">CONGREGACI\u00d3N<\/h3>\n<\/div>\n\n\n\n<div class=\"ss-table-row\">\n<p class=\"gb-text\">Congregaci\u00f3n<\/p>\n\n\n\n<p class=\"gb-text\">Siervas del Santo Ni\u00f1o Jes\u00fas<\/p>\n<\/div>\n\n\n\n<div class=\"ss-table-row\">\n<p class=\"gb-text\">Casa Madre<\/p>\n\n\n\n<p class=\"gb-text\">Ikot Ekpene, Nigeria<\/p>\n<\/div>\n\n\n\n<div class=\"ss-table-row\">\n<p class=\"gb-text\">Di\u00f3cesis<\/p>\n\n\n\n<p class=\"gb-text\">Uyo<\/p>\n<\/div>\n\n\n\n<div class=\"ss-table-row\">\n<p class=\"gb-text\">Pa\u00eds<\/p>\n\n\n\n<p class=\"gb-text\"><strong>Nigeria<\/strong><\/p>\n<\/div>\n\n\n\n<div class=\"ss-table-row\">\n<p class=\"gb-text\">Continente<\/p>\n\n\n\n<p class=\"gb-text\">Africa<\/p>\n<\/div>\n\n\n\n<div class=\"ss-table-row\">\n<p class=\"gb-text\">Fiesta de la Congregaci\u00f3n<\/p>\n\n\n\n<p class=\"gb-text\">Con ocasi\u00f3n de la Fiesta de la Anunciaci\u00f3n<\/p>\n<\/div>\n\n\n\n<div class=\"ss-table-row\">\n<p class=\"gb-text\">Coordenadas GPS<\/p>\n\n\n\n<p class=\"gb-text\">5.17553 7.72157<\/p>\n<\/div>\n\n\n\n<div class=\"ss-table-row\">\n<p class=\"gb-text\">Zona horaria<\/p>\n\n\n\n<p class=\"gb-text\">UTC+1<\/p>\n<\/div>\n\n\n\n<div class=\"ss-table-row\">\n<p class=\"gb-text\">Persona de referencia<\/p>\n\n\n\n<p class=\"gb-text\">Sor Beatrice<\/p>\n<\/div>\n\n\n\n<div class=\"ss-table-row\">\n<p class=\"gb-text\">Madre General<\/p>\n\n\n\n<p class=\"gb-text\">Sor Germaine Ocansey<\/p>\n<\/div>\n\n\n\n<div class=\"ss-table-row\">\n<p class=\"gb-text\">Sitio web<\/p>\n\n\n\n<p class=\"gb-text\"><a href=\"https:\/\/www.hhcj.it\/\" target=\"_blank\" rel=\"noreferrer noopener\" title=\"hhcj.it\">hhcj.it<\/a><\/p>\n<\/div>\n<\/div>\n\n\n\n<div class=\"ss-project-table\">\n<div class=\"ss-table-section-title\">\n<h3 id=\"entidad-de-formacion\" class=\"gb-text\">ENTIDAD DE FORMACI\u00d3N<\/h3>\n<\/div>\n\n\n\n<div class=\"ss-table-row\">\n<p class=\"gb-text\">Nombre<\/p>\n\n\n\n<p class=\"gb-text\">Misericordia Villa Adriana<\/p>\n<\/div>\n\n\n\n<div class=\"ss-table-row\">\n<p class=\"gb-text\">Lugar<\/p>\n\n\n\n<p class=\"gb-text\">Villa Adriana &#8211; Tivoli<\/p>\n<\/div>\n\n\n\n<div class=\"ss-table-row\">\n<p class=\"gb-text\">Pa\u00eds<\/p>\n\n\n\n<p class=\"gb-text\">Italia<\/p>\n<\/div>\n\n\n\n<div class=\"ss-table-row\">\n<p class=\"gb-text\">Continente<\/p>\n\n\n\n<p class=\"gb-text\">Europa<\/p>\n<\/div>\n\n\n\n<div class=\"ss-table-row\">\n<p class=\"gb-text\">Coordenadas GPS<\/p>\n\n\n\n<p class=\"gb-text\">41.95061 12.77739<\/p>\n<\/div>\n\n\n\n<div class=\"ss-table-row\">\n<p class=\"gb-text\">Zona horaria<\/p>\n\n\n\n<p class=\"gb-text\">UTC+1<\/p>\n<\/div>\n\n\n\n<div class=\"ss-table-row\">\n<p class=\"gb-text\">Fecha de inicio<\/p>\n\n\n\n<p class=\"gb-text\">18\/09\/2021<\/p>\n<\/div>\n\n\n\n<div class=\"ss-table-row\">\n<p class=\"gb-text\">Fecha de finalizaci\u00f3n<\/p>\n\n\n\n<p class=\"gb-text\">30\/08\/2021<\/p>\n<\/div>\n\n\n\n<div class=\"ss-table-row\">\n<p class=\"gb-text\">Tutor<\/p>\n\n\n\n<p class=\"gb-text\">Francesca Di Carmine<\/p>\n<\/div>\n<\/div>\n\n\n\n<div class=\"ss-project-table\">\n<div class=\"ss-table-section-title\">\n<h3 id=\"espacio-real\" class=\"gb-text\">ESPACIO REAL<\/h3>\n<\/div>\n\n\n\n<div class=\"ss-table-row\">\n<p class=\"gb-text\">Responsable del proyecto<\/p>\n\n\n\n<p class=\"gb-text\">Sor Beatrice<\/p>\n<\/div>\n\n\n\n<div class=\"ss-table-row\">\n<p class=\"gb-text\">Fecha de inicio<\/p>\n\n\n\n<p class=\"gb-text\">Febrero de 2022<\/p>\n<\/div>\n\n\n\n<div class=\"ss-table-row\">\n<p class=\"gb-text\">Tipolog\u00eda<\/p>\n\n\n\n<p class=\"gb-text\"><strong>Corte y confecci\u00f3n<\/strong><\/p>\n<\/div>\n<\/div>\n\n\n\n<div class=\"ss-project-table\">\n<a class=\"gb-element-e1766596 ss-table-section-button\" href=\"#\" title=\"OPERA M &#8211; PROYECTO M2\">\n<span class=\"gb-text\">OPERA M &#8211; PROYECTO M2<\/span>\n<\/a>\n<\/div>\n<\/div>\n<\/div>\n\n\n\n<div class=\"gb-element-6ad95ea8\">\n<div class=\"gb-element-e34063a6 ss-project-intro\"><div class=\"wp-block-image is-resized imgText\">\n<figure class=\"alignright size-full\"><img decoding=\"async\" src=\"https:\/\/spaziospadoni.org\/wp-content\/uploads\/2026\/05\/2022_aprile_hic_sum_2_Nigeria_Uyo_sr_beatrice_villa_adriana_pane_misericordia_agricoltura_impresa_sociale_spazio_spadoni-34.jpeg-1-225x300.jpg\" alt=\"Pane di Misericordia sor Beatrice Nigeria\"\/><figcaption class=\"wp-element-caption\">Pane di Misericordia<\/figcaption><\/figure>\n<\/div>\n\n<div class=\"wp-block-image is-resized imgText\">\n<figure class=\"alignleft size-full\"><img decoding=\"async\" src=\"https:\/\/spaziospadoni.org\/wp-content\/uploads\/2026\/05\/sr-beatrice-300x300.jpg\" alt=\"Sor Beatrice\"\/><figcaption class=\"wp-element-caption\">Sor Beatrice<\/figcaption><\/figure>\n<\/div>\n\n\n<p class=\"wp-block-paragraph\"><strong>A su regreso, sor Beatrice se puso manos a la obra para dar vida a la empresa social, que en este caso se concretaba en la puesta en marcha y el desarrollo de la actividad agr\u00edcola, aprovechando un gran campo de la Congregaci\u00f3n que estaba sin utilizar. La empresa hab\u00eda comenzado bien, con resultados positivos en la producci\u00f3n y la venta. Debido al mal tiempo, a algunos errores en la siembra y a una enfermedad que afect\u00f3 a todas las plantas de tomate, la segunda cosecha no sali\u00f3 como se esperaba. Sin dejar de continuar con la actividad agr\u00edcola iniciada, sor Beatrice propuso para el a\u00f1o 2024 dar forma a otra peque\u00f1\u00edsima empresa para la producci\u00f3n de ornamentos sagrados con el fin de consolidar los beneficios. Esta idea se hizo realidad en diciembre de 2025.<\/strong><\/p>\n\n\n\n<p class=\"wp-block-paragraph\">Sor Beatrice, hermana de la Congregaci\u00f3n Siervas del Santo Ni\u00f1o Jes\u00fas, comenz\u00f3 la formaci\u00f3n del proyecto HIC SUM el 18 de septiembre de 2020 en la Misericordia de Villa Adriana. Actualmente se encuentra en Ibiono Ibom, una de las treinta y una \u00e1reas de gobierno local del estado de Akwa Ibon, en el sur de Nigeria, que cuenta con m\u00e1s de 385.000 habitantes, donde, junto con algunos voluntarios locales, lleva adelante la difusi\u00f3n de las Obras de Misericordia. La comunidad en la que vive sor Beatrice est\u00e1 formada por 14 hermanas y se dedica especialmente a prestar servicios sanitarios en su centro hospitalario. No disponen de agua potable, pero utilizan un pozo perforado que garantiza agua durante todo el d\u00eda. La electricidad no es constante, sino muy inestable, al igual que la l\u00ednea telef\u00f3nica, lo que provoca graves problemas de comunicaci\u00f3n. En Nigeria, m\u00e1s de 70 millones de personas viven actualmente en la pobreza extrema. La pobreza en Nigeria es tangible sobre todo en las aldeas; el 53 % de los nigerianos que actualmente viven por debajo del umbral de pobreza reside en zonas rurales.<\/p>\n\n\n\n<p class=\"wp-block-paragraph\">La Congregaci\u00f3n de sor Beatrice fue fundada en Nigeria en 1931 por la Madre Mary Charles Walker. Su carisma est\u00e1 estrechamente vinculado a la frase pronunciada por la Virgen Mar\u00eda: \u201cHe aqu\u00ed la esclava del Se\u00f1or; h\u00e1gase en m\u00ed seg\u00fan tu palabra\u201d (Lucas 1,38). En ella, las hermanas encuentran un modelo de profunda fe, humildad y fidelidad absoluta a la Divina Providencia, y de ella extraen el esp\u00edritu de la Congregaci\u00f3n, el de la \u201ccaridad que todo lo abarca\u201d, manifestado en su lema \u201cAmor y Servicio\u201d.<\/p>\n\n\n\n<p class=\"wp-block-paragraph\"><strong>M\u00e1s informaci\u00f3n<\/strong><\/p>\n\n\n\n<ul class=\"wp-block-list\">\n<li><a href=\"https:\/\/spaziospadoni.org\/spazio-missionario\/hic-sum\/suor-beatrice-in-nigeria-a-servizio-delle-opere-di-misericordia\/\" rel=\"noreferrer noopener\" target=\"_blank\" title=\"Sor Beatrice, en Nigeria al servicio de las Obras de Misericordia\">Sor Beatrice, en Nigeria al servicio de las Obras de Misericordia<\/a><\/li>\n\n\n\n<li><a href=\"https:\/\/spaziospadoni.org\/vita-della-chiesa\/vita-consacrata\/ancelle-del-santo-bambino-gesu\/\" rel=\"noreferrer noopener\" target=\"_blank\" title=\"Siervas del Santo Ni\u00f1o Jes\u00fas\">Siervas del Santo Ni\u00f1o Jes\u00fas<\/a><\/li>\n\n\n\n<li><a href=\"https:\/\/spaziospadoni.org\/vita-della-chiesa\/vita-consacrata\/storia-della-vita-di-madre-mary-charles-magdalen-walker\/\" rel=\"noreferrer noopener\" target=\"_blank\" title=\"Historia de la vida de la madre Mary Charles Magdalen Walker\">Historia de la vida de la madre Mary Charles Magdalen Walker<\/a><\/li>\n<\/ul>\n<\/div>\n<\/div>\n\n\n\n<div>\n<h2 id=\"timeline\" class=\"gb-text gb-text-8179e40a\">Timeline<\/h2>\n\n\n\n<div class=\"ss-timeline\">\n<h3 id=\"2020\" class=\"gb-text\">2020<\/h3>\n\n\n\n<div class=\"ss-timeline-item\">\n<h4 id=\"1908-inicio-de-la-relacion\" class=\"gb-text\">19.08 | Inicio de la relaci\u00f3n<\/h4>\n\n\n\n<p class=\"wp-block-paragraph\">Comienza la colaboraci\u00f3n entre spazio<strong> + <\/strong>spadoni y las Siervas del Santo Ni\u00f1o Jes\u00fas<\/p>\n<\/div>\n\n\n\n<div class=\"ss-timeline-item\">\n<h4 id=\"1809-inicio-del-proyecto\" class=\"gb-text\">18.09 | Inicio del proyecto<\/h4>\n\n\n\n<p class=\"wp-block-paragraph\">Comienza la experiencia de sor Beatrice, que viv\u00eda desde hac\u00eda a\u00f1os en Roma, en la Misericordia de Villa Adriana<\/p>\n<\/div>\n\n\n\n<div class=\"ss-timeline-item\">\n<h4 id=\"octubre-noviembre-curso-de-primeros-auxilios\" class=\"gb-text\">Octubre, noviembre | Curso de primeros auxilios<\/h4>\n\n\n\n<p class=\"wp-block-paragraph\">Sor Beatrice realiza el curso de primeros auxilios en la Misericordia de Villa Adriana<\/p>\n<\/div>\n\n\n\n<div class=\"ss-timeline-item\">\n<h4 id=\"septiembre-formacion\" class=\"gb-text\">Septiembre | Formaci\u00f3n<\/h4>\n\n\n\n<p class=\"wp-block-paragraph\">Visita t\u00e9cnica de spazio<strong> + <\/strong>spadoni y formaci\u00f3n en la Misericordia de Villa Adriana<\/p>\n<\/div>\n<\/div>\n\n\n\n<div class=\"ss-timeline\">\n<h3 id=\"2021\" class=\"gb-text\">2021<\/h3>\n\n\n\n<div class=\"ss-timeline-item\">\n<h4 id=\"enero-febrero-curso-de-panificacion\" class=\"gb-text\">Enero, febrero | Curso de panificaci\u00f3n<\/h4>\n\n\n\n<p class=\"wp-block-paragraph\">Sor Beatrice realiza el curso de panificaci\u00f3n en la Misericordia de Villa Adriana<\/p>\n<\/div>\n\n\n\n<div class=\"ss-timeline-item\">\n<h4 id=\"3008-salida-de-la-hermana\" class=\"gb-text\">30.08 | Salida de la hermana<\/h4>\n\n\n\n<p class=\"wp-block-paragraph\">Sor Beatrice regresa a su comunidad en Ibiono Ibom, Nigeria<\/p>\n<\/div>\n<\/div>\n\n\n\n<div class=\"ss-timeline\">\n<h3 id=\"2022\" class=\"gb-text\">2022<\/h3>\n\n\n\n<div class=\"ss-timeline-item\">\n<h4 id=\"2202-primera-financiacion-concedida\" class=\"gb-text\">22.02 | Primera financiaci\u00f3n concedida<\/h4>\n\n\n\n<p class=\"wp-block-paragraph\">La financiaci\u00f3n est\u00e1 destinada a la puesta en marcha y al desarrollo de la empresa social: limpieza del terreno, compra de semillas, compra de herramientas de trabajo, alquiler de un tractor y anticipo de los salarios de los trabajadores<\/p>\n<\/div>\n<\/div>\n\n\n\n<div class=\"ss-timeline\">\n<h3 id=\"2024\" class=\"gb-text\">2024<\/h3>\n\n\n\n<div class=\"ss-timeline-item\">\n<h4 id=\"actualizacion-sobre-las-actividades\" class=\"gb-text\">Actualizaci\u00f3n sobre las actividades<\/h4>\n\n\n\n<p class=\"wp-block-paragraph\">Informe sobre las actividades realizadas en Nigeria<\/p>\n<\/div>\n<\/div>\n\n\n\n<div class=\"ss-timeline\">\n<h3 id=\"2025\" class=\"gb-text\">2025<\/h3>\n\n\n\n<div class=\"ss-timeline-item\">\n<h4 id=\"0201-segunda-financiacion-concedida\" class=\"gb-text\">02.01 | Segunda financiaci\u00f3n concedida<\/h4>\n\n\n\n<p class=\"wp-block-paragraph\">La financiaci\u00f3n est\u00e1 destinada a la puesta en marcha del proyecto de sastrer\u00eda<\/p>\n<\/div>\n\n\n\n<div class=\"ss-timeline-item\">\n<h4 id=\"0110-actualizacion-sobre-pane-di-misericordia\" class=\"gb-text\">01.10 | Actualizaci\u00f3n sobre Pane di Misericordia<\/h4>\n\n\n\n<p class=\"wp-block-paragraph\">Sor Beatrice encuentra por fin un local de alquiler donde poner en marcha la empresa de corte y confecci\u00f3n. Comienzan las obras para su realizaci\u00f3n<\/p>\n<\/div>\n\n\n\n<div class=\"ss-timeline-item\">\n<h4 id=\"0812-bendicion-e-inicio-de-la-actividad\" class=\"gb-text\">08.12 | Bendici\u00f3n e inicio de la actividad<\/h4>\n\n\n\n<p class=\"wp-block-paragraph\">La bendici\u00f3n del local marca el inicio de la actividad de la sastrer\u00eda<\/p>\n<\/div>\n<\/div>\n\n\n\n<div class=\"ss-timeline\">\n<h3 id=\"evaluaciones-del-proyecto\" class=\"gb-text\">Evaluaciones del proyecto<\/h3>\n\n\n\n<div class=\"ss-timeline-item\">\n<h4 id=\"noviembre-de-2020\" class=\"gb-text\">Noviembre de 2020<\/h4>\n\n\n\n<p class=\"wp-block-paragraph\">El proyecto que sor Beatrice quiere desarrollar al regresar a su comunidad en Nigeria es la agricultura<\/p>\n<\/div>\n\n\n\n<div class=\"ss-timeline-item\">\n<h4 id=\"abril-de-2022\" class=\"gb-text\">Abril de 2022<\/h4>\n\n\n\n<p class=\"wp-block-paragraph\">Seguimiento del proyecto en curso<\/p>\n<\/div>\n\n\n\n<div class=\"ss-timeline-item\">\n<h4 id=\"julio-de-2023\" class=\"gb-text\">Julio de 2023<\/h4>\n\n\n\n<p class=\"wp-block-paragraph\">Seguimiento de la producci\u00f3n y las ventas<\/p>\n<\/div>\n\n\n\n<div class=\"ss-timeline-item\">\n<h4 id=\"octubre-de-2023\" class=\"gb-text\">Octubre de 2023<\/h4>\n\n\n\n<p class=\"wp-block-paragraph\">Sor Beatrice presenta un nuevo proyecto de sastrer\u00eda<\/p>\n<\/div>\n\n\n\n<div class=\"ss-timeline-item\">\n<h4 id=\"enero-de-2024\" class=\"gb-text\">Enero de 2024<\/h4>\n\n\n\n<p class=\"wp-block-paragraph\">Sor Beatrice presenta la idea del proyecto de corte y confecci\u00f3n<\/p>\n<\/div>\n\n\n\n<div class=\"ss-timeline-item\">\n<h4 id=\"abril-de-2024\" class=\"gb-text\">Abril de 2024<\/h4>\n\n\n\n<p class=\"wp-block-paragraph\">Evaluaci\u00f3n de la viabilidad del proyecto<\/p>\n<\/div>\n\n\n\n<div class=\"ss-timeline-item\">\n<h4 id=\"mayo-de-2024\" class=\"gb-text\">Mayo de 2024<\/h4>\n\n\n\n<p class=\"wp-block-paragraph\">Env\u00edo del presupuesto para la puesta en marcha de la sastrer\u00eda<\/p>\n<\/div>\n\n\n\n<div class=\"ss-timeline-item\">\n<h4 id=\"agosto-de-2024\" class=\"gb-text\">Agosto de 2024<\/h4>\n\n\n\n<p class=\"wp-block-paragraph\">Actualizaci\u00f3n sobre las actividades<\/p>\n<\/div>\n<\/div>\n<\/div>\n\n\n\n<div class=\"ss-project-media\">\n<h2 id=\"fotos-y-videos\" class=\"gb-text gb-text-d7bd8be8\">Fotos y v\u00eddeos<\/h2>\n\n\n\n<div class=\"ss-media-filters\">\n<a class=\"gb-text ss-media-filter active\" data-filter=\"*\" title=\"Todo\">Todo<\/a>\n\n\n\n<a class=\"gb-text ss-media-filter\" data-filter=\".formazione\" title=\"Formaci\u00f3n\">Formaci\u00f3n<\/a>\n\n\n\n<a class=\"gb-text ss-media-filter\" data-filter=\".agricoltura\" title=\"Agricultura\">Agricultura<\/a>\n\n\n\n<a class=\"gb-text ss-media-filter\" data-filter=\".operemisericordia\" title=\"Obras de Misericordia\">Obras de Misericordia<\/a>\n\n\n\n<a class=\"gb-text ss-media-filter\" data-filter=\".sartoria\" title=\"Sastrer\u00eda\">Sastrer\u00eda<\/a>\n\n\n\n<a class=\"gb-text ss-media-filter\" data-filter=\".nigeria\" title=\"Nigeria\">Nigeria<\/a>\n<\/div>\n\n\n\n<div class=\"ss-media-grid\">\n<div>\n<figure class=\"wp-block-gallery has-nested-images columns-1 is-cropped ss-lightbox wp-block-gallery-1 is-layout-flex wp-block-gallery-is-layout-flex\">\n<figure class=\"wp-block-image size-large nigeria\"><img decoding=\"async\" src=\"https:\/\/spaziospadoni.org\/wp-content\/uploads\/2026\/05\/Inizio-progetto-suor-Beatrice-300x294.jpg\" alt=\"Inicio del proyecto sor Beatrice 300x294\"\/><\/figure>\n\n\n\n<figure class=\"wp-block-image size-large formazione\"><img decoding=\"async\" src=\"https:\/\/spaziospadoni.org\/wp-content\/uploads\/2026\/05\/2020_ottobre_hic_sum_2_italia_sr_beatrice_villa_adriana_formazione_spazio_spadoni-17.jpg-247x300.jpg\" alt=\"2020 octubre hic sum 2 italia sor beatrice villa adriana formaci\u00f3n spazio spadoni 17.jpg 247x300\"\/><\/figure>\n\n\n\n<figure class=\"wp-block-image size-large formazione\"><img decoding=\"async\" src=\"https:\/\/spaziospadoni.org\/wp-content\/uploads\/2026\/05\/2020_ottobre_hic_sum_2_italia_sr_beatrice_villa_adriana_formazione_spazio_spadoni_f-225x300.jpg\" alt=\"2020 octubre hic sum 2 italia sor beatrice villa adriana formaci\u00f3n spazio spadoni f 225x300\"\/><\/figure>\n\n\n\n<figure class=\"wp-block-image size-large formazione\"><img decoding=\"async\" src=\"https:\/\/spaziospadoni.org\/wp-content\/uploads\/2026\/05\/2020_ottobre_hic_sum_2_italia_sr_beatrice_villa_adriana_formazione_spazio_spadoni-20.jpg-278x300.jpg\" alt=\"2020 octubre hic sum 2 italia sor beatrice villa adriana formaci\u00f3n spazio spadoni 20.jpg 278x300\"\/><\/figure>\n\n\n\n<figure class=\"wp-block-image size-large formazione\"><img decoding=\"async\" src=\"https:\/\/spaziospadoni.org\/wp-content\/uploads\/2026\/05\/2020_ottobre_hic_sum_2_italia_sr_beatrice_villa_adriana_formazione_spazio_spadoni-4.jpg-300x190.jpg\" alt=\"2020 octubre hic sum 2 italia sor beatrice villa adriana formaci\u00f3n spazio spadoni 4.jpg 300x190\"\/><\/figure>\n\n\n\n<figure class=\"wp-block-image size-large nigeria\"><img decoding=\"async\" src=\"https:\/\/spaziospadoni.org\/wp-content\/uploads\/2026\/05\/Nigeria-F-suor-Beatrice-214x300.jpg\" alt=\"Nigeria F sor Beatrice 214x300\"\/><\/figure>\n\n\n\n<figure class=\"wp-block-image size-large formazione\"><img decoding=\"async\" src=\"https:\/\/spaziospadoni.org\/wp-content\/uploads\/2026\/05\/2021_maggio_hic_sum_2_italia_sr_beatrice_villa_adriana_formazione_pane_spazio_spadoni-5-225x300.jpg\" alt=\"2021 mayo hic sum 2 italia sor beatrice villa adriana formaci\u00f3n pane spazio spadoni 5 225x300\"\/><\/figure>\n\n\n\n<figure class=\"wp-block-image size-large formazione\"><img decoding=\"async\" src=\"https:\/\/spaziospadoni.org\/wp-content\/uploads\/2026\/05\/2021_maggio_hic_sum_2_italia_sr_beatrice_villa_adriana_formazione_pane_spazio_spadoni-2-300x300.jpg\" alt=\"2021 mayo hic sum 2 italia sor beatrice villa adriana formaci\u00f3n pane spazio spadoni 2 300x300\"\/><\/figure>\n\n\n\n<figure class=\"wp-block-image size-large formazione\"><img decoding=\"async\" src=\"https:\/\/spaziospadoni.org\/wp-content\/uploads\/2026\/05\/2021_maggio_hic_sum_2_italia_sr_beatrice_villa_adriana_formazione_pane_spazio_spadoni-8-300x300.jpg\" alt=\"2021 mayo hic sum 2 italia sor beatrice villa adriana formaci\u00f3n pane spazio spadoni 8 300x300\"\/><\/figure>\n\n\n\n<figure class=\"wp-block-image size-large formazione\"><img decoding=\"async\" src=\"https:\/\/spaziospadoni.org\/wp-content\/uploads\/2026\/05\/2021_maggio_hic_sum_2_italia_sr_beatrice_villa_adriana_formazione_pane_spazio_spadoni-9.jpg-300x244.jpg\" alt=\"2021 mayo hic sum 2 italia sor beatrice villa adriana formaci\u00f3n pane spazio spadoni 9.jpg 300x244\"\/><\/figure>\n\n\n\n<figure class=\"wp-block-image size-large formazione\"><img decoding=\"async\" src=\"https:\/\/spaziospadoni.org\/wp-content\/uploads\/2026\/05\/2022_aprile_hic_sum_2_Nigeria_Uyo_sr_beatrice_villa_adriana_pane_misericordia_agricoltura_impresa_sociale_spazio_spadoni-25-225x300.jpeg\" alt=\"2022 abril hic sum 2 Nigeria Uyo sor beatrice villa adriana pane misericordia agricultura empresa social spazio spadoni 25 225x300\"\/><\/figure>\n\n\n\n<figure class=\"wp-block-image size-large agricoltura\"><img decoding=\"async\" src=\"https:\/\/spaziospadoni.org\/wp-content\/uploads\/2026\/05\/2022_giugno_hic_sum_2_nigeria_uyo_sr_beatrice_volontari_pane_misericordia_agricoltura_spazio_spadoni-13.jpg-300x217.jpg\" alt=\"2022 junio hic sum 2 nigeria uyo sor beatrice voluntarios pane misericordia agricultura spazio spadoni 13.jpg 300x217\"\/><\/figure>\n\n\n\n<figure class=\"wp-block-image size-large operemisericordia\"><img decoding=\"async\" src=\"https:\/\/spaziospadoni.org\/wp-content\/uploads\/2026\/05\/2024_opere_misericordia_suor_beatrice_nigeria_volontari_spazio_spadoni-2-300x225.jpg\" alt=\"2024 obras de misericordia sor beatrice nigeria voluntarios spazio spadoni 2 300x225\"\/><\/figure>\n\n\n\n<figure class=\"wp-block-image size-large operemisericordia\"><img decoding=\"async\" src=\"https:\/\/spaziospadoni.org\/wp-content\/uploads\/2026\/05\/2024_opere_misericordia_suor_beatrice_nigeria_volontari_spazio_spadoni-1-300x225.jpg\" alt=\"2024 obras de misericordia sor beatrice nigeria voluntarios spazio spadoni 1 300x225\"\/><\/figure>\n\n\n\n<figure class=\"wp-block-image size-large operemisericordia\"><img decoding=\"async\" src=\"https:\/\/spaziospadoni.org\/wp-content\/uploads\/2026\/05\/2024_opere_misericordia_suor_beatrice_nigeria_volontari_spazio_spadoni-3-225x300.jpg\" alt=\"2024 obras de misericordia sor beatrice nigeria voluntarios spazio spadoni 3 225x300\"\/><\/figure>\n\n\n\n<figure class=\"wp-block-image size-large sartoria\"><img decoding=\"async\" src=\"https:\/\/spaziospadoni.org\/wp-content\/uploads\/2026\/05\/2025_ottobre_1_suor_beatrice_nigeria_sartoriaa_hic_sum_spazio_spadoni-3.jpg\" alt=\"2025 octubre 1 sor beatrice nigeria sastrer\u00eda hic sum spazio spadoni 3\"\/><\/figure>\n\n\n\n<figure class=\"wp-block-image size-large sartoria\"><img decoding=\"async\" src=\"https:\/\/spaziospadoni.org\/wp-content\/uploads\/2026\/05\/2025_ottobre_1_suor_beatrice_nigeria_sartoriaa_hic_sum_spazio_spadoni-7.jpg\" alt=\"2025 octubre 1 sor beatrice nigeria sastrer\u00eda hic sum spazio spadoni 7\"\/><\/figure>\n\n\n\n<figure class=\"wp-block-image size-large nigeria\"><img decoding=\"async\" src=\"https:\/\/spaziospadoni.org\/wp-content\/uploads\/2026\/05\/Immagine-WhatsApp-2025-12-08-ore-15.46.39_98cc20f9.jpg\" alt=\"Imagen de WhatsApp 2025 12 08 a las 15.46.39 98cc20f9\"\/><\/figure>\n\n\n\n<figure class=\"wp-block-image size-large nigeria\"><img decoding=\"async\" src=\"https:\/\/spaziospadoni.org\/wp-content\/uploads\/2026\/05\/WhatsApp-Image-2025-12-31-at-10.20.51.jpeg\" alt=\"WhatsApp Image 2025 12 31 at 10.20.51\"\/><\/figure>\n\n\n\n<figure class=\"wp-block-image size-large formazione\"><img decoding=\"async\" src=\"https:\/\/spaziospadoni.org\/wp-content\/uploads\/2026\/05\/2020_dicembre_hic_sum_2_italia_sr_beatrice_villa_adriana_formazione_spazio_spadoni_festa-3.jpg\" alt=\"2020 diciembre hic sum 2 italia sor beatrice villa adriana formaci\u00f3n spazio spadoni fiesta 3\"\/><\/figure>\n\n\n\n<figure class=\"wp-block-image size-large formazione\"><img decoding=\"async\" src=\"https:\/\/spaziospadoni.org\/wp-content\/uploads\/2026\/05\/2020_dicembre_hic_sum_2_italia_sr_beatrice_villa_adriana_formazione_spazio_spadoni_festa-5.jpg\" alt=\"2020 diciembre hic sum 2 italia sor beatrice villa adriana formaci\u00f3n spazio spadoni fiesta 5\"\/><\/figure>\n\n\n\n<figure class=\"wp-block-image size-large formazione\"><img decoding=\"async\" src=\"https:\/\/spaziospadoni.org\/wp-content\/uploads\/2026\/05\/2020_dicembre_hic_sum_2_italia_sr_beatrice_villa_adriana_formazione_spazio_spadoni_festa-8.jpg\" alt=\"2020 diciembre hic sum 2 italia sor beatrice villa adriana formaci\u00f3n spazio spadoni fiesta 8\"\/><\/figure>\n\n\n\n<figure class=\"wp-block-image size-large formazione\"><img decoding=\"async\" src=\"https:\/\/spaziospadoni.org\/wp-content\/uploads\/2026\/05\/2020_dicembre_hic_sum_2_italia_sr_beatrice_villa_adriana_formazione_spazio_spadoni_festa-9.jpg\" alt=\"2020 diciembre hic sum 2 italia sor beatrice villa adriana formaci\u00f3n spazio spadoni fiesta 9\"\/><\/figure>\n\n\n\n<figure class=\"wp-block-image size-large formazione\"><img decoding=\"async\" src=\"https:\/\/spaziospadoni.org\/wp-content\/uploads\/2026\/05\/2020_dicembre_hic_sum_2_italia_sr_beatrice_villa_adriana_formazione_spazio_spadoni_festa-13.jpg\" alt=\"2020 diciembre hic sum 2 italia sor beatrice villa adriana formaci\u00f3n spazio spadoni fiesta 13\"\/><\/figure>\n\n\n\n<figure class=\"wp-block-image size-large formazione\"><img decoding=\"async\" src=\"https:\/\/spaziospadoni.org\/wp-content\/uploads\/2026\/05\/2020_ottobre_hic_sum_2_italia_sr_beatrice_villa_adriana_formazione_spazio_spadoni-2.jpg\" alt=\"2020 octubre hic sum 2 italia sor beatrice villa adriana formaci\u00f3n spazio spadoni 2\"\/><\/figure>\n\n\n\n<figure class=\"wp-block-image size-large formazione\"><img decoding=\"async\" src=\"https:\/\/spaziospadoni.org\/wp-content\/uploads\/2026\/05\/2020_ottobre_hic_sum_2_italia_sr_beatrice_villa_adriana_formazione_spazio_spadoni-3.jpg-225x300.jpg\" alt=\"2020 octubre hic sum 2 italia sor beatrice villa adriana formaci\u00f3n spazio spadoni 3.jpg 225x300\"\/><\/figure>\n\n\n\n<figure class=\"wp-block-image size-large formazione\"><img decoding=\"async\" src=\"https:\/\/spaziospadoni.org\/wp-content\/uploads\/2026\/05\/2020_ottobre_hic_sum_2_italia_sr_beatrice_villa_adriana_formazione_spazio_spadoni-5.jpg\" alt=\"2020 octubre hic sum 2 italia sor beatrice villa adriana formaci\u00f3n spazio spadoni 5\"\/><\/figure>\n\n\n\n<figure class=\"wp-block-image size-large formazione\"><img decoding=\"async\" src=\"https:\/\/spaziospadoni.org\/wp-content\/uploads\/2026\/05\/2020_ottobre_hic_sum_2_italia_sr_beatrice_villa_adriana_formazione_spazio_spadoni-6.jpg\" alt=\"2020 octubre hic sum 2 italia sor beatrice villa adriana formaci\u00f3n spazio spadoni 6\"\/><\/figure>\n\n\n\n<figure class=\"wp-block-image size-large formazione\"><img decoding=\"async\" src=\"https:\/\/spaziospadoni.org\/wp-content\/uploads\/2026\/05\/2020_ottobre_hic_sum_2_italia_sr_beatrice_villa_adriana_formazione_spazio_spadoni-7.jpg\" alt=\"2020 octubre hic sum 2 italia sor beatrice villa adriana formaci\u00f3n spazio spadoni 7\"\/><\/figure>\n\n\n\n<figure class=\"wp-block-image size-large formazione\"><img decoding=\"async\" src=\"https:\/\/spaziospadoni.org\/wp-content\/uploads\/2026\/05\/2020_ottobre_hic_sum_2_italia_sr_beatrice_villa_adriana_formazione_spazio_spadoni-11.jpg-300x271.jpg\" alt=\"2020 octubre hic sum 2 italia sor beatrice villa adriana formaci\u00f3n spazio spadoni 11.jpg 300x271\"\/><\/figure>\n\n\n\n<figure class=\"wp-block-image size-large formazione\"><img decoding=\"async\" src=\"https:\/\/spaziospadoni.org\/wp-content\/uploads\/2026\/05\/2020_ottobre_hic_sum_2_italia_sr_beatrice_villa_adriana_formazione_spazio_spadoni-12.jpg\" alt=\"2020 octubre hic sum 2 italia sor beatrice villa adriana formaci\u00f3n spazio spadoni 12\"\/><\/figure>\n\n\n\n<figure class=\"wp-block-image size-large formazione\"><img decoding=\"async\" src=\"https:\/\/spaziospadoni.org\/wp-content\/uploads\/2026\/05\/2020_ottobre_hic_sum_2_italia_sr_beatrice_villa_adriana_formazione_spazio_spadoni-16.jpg\" alt=\"2020 octubre hic sum 2 italia sor beatrice villa adriana formaci\u00f3n spazio spadoni 16\"\/><\/figure>\n\n\n\n<figure class=\"wp-block-image size-large formazione\"><img decoding=\"async\" src=\"https:\/\/spaziospadoni.org\/wp-content\/uploads\/2026\/05\/2020_ottobre_hic_sum_2_italia_sr_beatrice_villa_adriana_formazione_spazio_spadoni-18.jpg-300x272.jpg\" alt=\"2020 octubre hic sum 2 italia sor beatrice villa adriana formaci\u00f3n spazio spadoni 18.jpg 300x272\"\/><\/figure>\n\n\n\n<figure class=\"wp-block-image size-large formazione\"><img decoding=\"async\" src=\"https:\/\/spaziospadoni.org\/wp-content\/uploads\/2026\/05\/2020_ottobre_hic_sum_2_italia_sr_beatrice_villa_adriana_formazione_spazio_spadoni-19.jpg\" alt=\"2020 octubre hic sum 2 italia sor beatrice villa adriana formaci\u00f3n spazio spadoni 19\"\/><\/figure>\n\n\n\n<figure class=\"wp-block-image size-large formazione\"><img decoding=\"async\" src=\"https:\/\/spaziospadoni.org\/wp-content\/uploads\/2026\/05\/2020_ottobre_hic_sum_2_italia_sr_beatrice_villa_adriana_formazione_spazio_spadoni-24.jpg\" alt=\"2020 octubre hic sum 2 italia sor beatrice villa adriana formaci\u00f3n spazio spadoni 24\"\/><\/figure>\n\n\n\n<figure class=\"wp-block-image size-large formazione\"><img decoding=\"async\" src=\"https:\/\/spaziospadoni.org\/wp-content\/uploads\/2026\/05\/2020_settembre_hic_sum_2_italia_sr_beatrice_villa_adriana_inizio_formazione_spazio_spadoni_inizio-42.jpg-300x133.jpg\" alt=\"2020 septiembre hic sum 2 italia sor beatrice villa adriana inicio formaci\u00f3n spazio spadoni inicio 42.jpg 300x133\"\/><\/figure>\n\n\n\n<figure class=\"wp-block-image size-large formazione\"><img decoding=\"async\" src=\"https:\/\/spaziospadoni.org\/wp-content\/uploads\/2026\/05\/2020_settembre_hic_sum_2_italia_sr_beatrice_villa_adriana_inizio_formazione_spazio_spadoni_inizio-43.jpg\" alt=\"2020 septiembre hic sum 2 italia sor beatrice villa adriana inicio formaci\u00f3n spazio spadoni inicio 43\"\/><\/figure>\n\n\n\n<figure class=\"wp-block-image size-large formazione\"><img decoding=\"async\" src=\"https:\/\/spaziospadoni.org\/wp-content\/uploads\/2026\/05\/2020_settembre_hic_sum_2_italia_sr_beatrice_villa_adriana_inizio_formazione_spazio_spadoni_inizio-44.jpg\" alt=\"2020 septiembre hic sum 2 italia sor beatrice villa adriana inicio formaci\u00f3n spazio spadoni inicio 44\"\/><\/figure>\n\n\n\n<figure class=\"wp-block-image size-large formazione\"><img decoding=\"async\" src=\"https:\/\/spaziospadoni.org\/wp-content\/uploads\/2026\/05\/2020_settembre_hic_sum_2_italia_sr_beatrice_villa_adriana_inizio_formazione_spazio_spadoni_inizio-47.jpg\" alt=\"2020 septiembre hic sum 2 italia sor beatrice villa adriana inicio formaci\u00f3n spazio spadoni inicio 47\"\/><\/figure>\n\n\n\n<figure class=\"wp-block-image size-large formazione\"><img decoding=\"async\" src=\"https:\/\/spaziospadoni.org\/wp-content\/uploads\/2026\/05\/2020_settembre_hic_sum_2_italia_sr_beatrice_villa_adriana_inizio_formazione_spazio_spadoni_inizio-48.jpg-300x239.jpg\" alt=\"2020 septiembre hic sum 2 italia sor beatrice villa adriana inicio formaci\u00f3n spazio spadoni inicio 48.jpg 300x239\"\/><\/figure>\n\n\n\n<figure class=\"wp-block-image size-large formazione\"><img decoding=\"async\" src=\"https:\/\/spaziospadoni.org\/wp-content\/uploads\/2026\/05\/2020_settembre_hic_sum_2_italia_sr_beatrice_villa_adriana_inizio_formazione_spazio_spadoni_inizio-53-scaled-1.jpg\" alt=\"2020 septiembre hic sum 2 italia sor beatrice villa adriana inicio formaci\u00f3n spazio spadoni inicio 53 scaled\"\/><\/figure>\n\n\n\n<figure class=\"wp-block-image size-large formazione\"><img decoding=\"async\" src=\"https:\/\/spaziospadoni.org\/wp-content\/uploads\/2026\/05\/2020_settembre_hic_sum_2_italia_sr_beatrice_villa_adriana_inizio_formazione_spazio_spadoni_inizio-60-scaled-1.jpg\" alt=\"2020 septiembre hic sum 2 italia sor beatrice villa adriana inicio formaci\u00f3n spazio spadoni inicio 60 scaled\"\/><\/figure>\n\n\n\n<figure class=\"wp-block-image size-large formazione\"><img decoding=\"async\" src=\"https:\/\/spaziospadoni.org\/wp-content\/uploads\/2026\/05\/2020_settembre_hic_sum_2_italia_sr_beatrice_villa_adriana_inizio_formazione_spazio_spadoni_inizio-68-scaled-1.jpg\" alt=\"2020 septiembre hic sum 2 italia sor beatrice villa adriana inicio formaci\u00f3n spazio spadoni inicio 68 scaled\"\/><\/figure>\n\n\n\n<figure class=\"wp-block-image size-large formazione\"><img decoding=\"async\" src=\"https:\/\/spaziospadoni.org\/wp-content\/uploads\/2026\/05\/2020_settembre_hic_sum_2_italia_sr_beatrice_villa_adriana_inizio_formazione_spazio_spadoni_inizio-70-scaled-1.jpg\" alt=\"2020 septiembre hic sum 2 italia sor beatrice villa adriana inicio formaci\u00f3n spazio spadoni inicio 70 scaled\"\/><\/figure>\n\n\n\n<figure class=\"wp-block-image size-large formazione\"><img decoding=\"async\" src=\"https:\/\/spaziospadoni.org\/wp-content\/uploads\/2026\/05\/2020_settembre_hic_sum_2_italia_sr_beatrice_villa_adriana_inizio_formazione_spazio_spadoni_inizio-74-scaled-1.jpg\" alt=\"2020 septiembre hic sum 2 italia sor beatrice villa adriana inicio formaci\u00f3n spazio spadoni inicio 74 scaled\"\/><\/figure>\n\n\n\n<figure class=\"wp-block-image size-large formazione\"><img decoding=\"async\" src=\"https:\/\/spaziospadoni.org\/wp-content\/uploads\/2026\/05\/2020_settembre_hic_sum_2_italia_sr_beatrice_villa_adriana_inizio_formazione_spazio_spadoni_inizio-75-scaled-1.jpg\" alt=\"2020 septiembre hic sum 2 italia sor beatrice villa adriana inicio formaci\u00f3n spazio spadoni inicio 75 scaled\"\/><\/figure>\n\n\n\n<figure class=\"wp-block-image size-large formazione\"><img decoding=\"async\" src=\"https:\/\/spaziospadoni.org\/wp-content\/uploads\/2026\/05\/2020_settembre_hic_sum_2_italia_sr_beatrice_villa_adriana_inizio_formazione_spazio_spadoni_inizio-76-scaled-1.jpg\" alt=\"2020 septiembre hic sum 2 italia sor beatrice villa adriana inicio formaci\u00f3n spazio spadoni inicio 76 scaled\"\/><\/figure>\n\n\n\n<figure class=\"wp-block-image size-large formazione\"><img decoding=\"async\" src=\"https:\/\/spaziospadoni.org\/wp-content\/uploads\/2026\/05\/2020_settembre_hic_sum_2_italia_sr_beatrice_villa_adriana_inizio_formazione_spazio_spadoni_inizio-80.jpg\" alt=\"2020 septiembre hic sum 2 italia sor beatrice villa adriana inicio formaci\u00f3n spazio spadoni inicio 80\"\/><\/figure>\n\n\n\n<figure class=\"wp-block-image size-large formazione\"><img decoding=\"async\" src=\"https:\/\/spaziospadoni.org\/wp-content\/uploads\/2026\/05\/2020_settembre_hic_sum_2_italia_sr_beatrice_villa_adriana_inizio_formazione_spazio_spadoni_inizio-81.jpg\" alt=\"2020 septiembre hic sum 2 italia sor beatrice villa adriana inicio formaci\u00f3n spazio spadoni inicio 81\"\/><\/figure>\n\n\n\n<figure class=\"wp-block-image size-large formazione\"><img decoding=\"async\" src=\"https:\/\/spaziospadoni.org\/wp-content\/uploads\/2026\/05\/2020_settembre_hic_sum_2_italia_sr_beatrice_villa_adriana_inizio_formazione_spazio_spadoni_inizio-82.jpg\" alt=\"2020 septiembre hic sum 2 italia sor beatrice villa adriana inicio formaci\u00f3n spazio spadoni inicio 82\"\/><\/figure>\n\n\n\n<figure class=\"wp-block-image size-large formazione\"><img decoding=\"async\" src=\"https:\/\/spaziospadoni.org\/wp-content\/uploads\/2026\/05\/2021_maggio_hic_sum_2_italia_sr_beatrice_villa_adriana_formazione_pane_spazio_spadoni-2.jpg\" alt=\"2021 mayo hic sum 2 italia sor beatrice villa adriana formaci\u00f3n pane spazio spadoni 2\"\/><\/figure>\n\n\n\n<figure class=\"wp-block-image size-large formazione\"><img decoding=\"async\" src=\"https:\/\/spaziospadoni.org\/wp-content\/uploads\/2026\/05\/2021_maggio_hic_sum_2_italia_sr_beatrice_villa_adriana_formazione_pane_spazio_spadoni-4.jpg\" alt=\"2021 mayo hic sum 2 italia sor beatrice villa adriana formaci\u00f3n pane spazio spadoni 4\"\/><\/figure>\n\n\n\n<figure class=\"wp-block-image size-large formazione\"><img decoding=\"async\" src=\"https:\/\/spaziospadoni.org\/wp-content\/uploads\/2026\/05\/2021_maggio_hic_sum_2_italia_sr_beatrice_villa_adriana_formazione_pane_spazio_spadoni-5.jpg\" alt=\"2021 mayo hic sum 2 italia sor beatrice villa adriana formaci\u00f3n pane spazio spadoni 5\"\/><\/figure>\n\n\n\n<figure class=\"wp-block-image size-large formazione\"><img decoding=\"async\" src=\"https:\/\/spaziospadoni.org\/wp-content\/uploads\/2026\/05\/2021_maggio_hic_sum_2_italia_sr_beatrice_villa_adriana_formazione_pane_spazio_spadoni-7.jpg\" alt=\"2021 mayo hic sum 2 italia sor beatrice villa adriana formaci\u00f3n pane spazio spadoni 7\"\/><\/figure>\n\n\n\n<figure class=\"wp-block-image size-large formazione\"><img decoding=\"async\" src=\"https:\/\/spaziospadoni.org\/wp-content\/uploads\/2026\/05\/2021_maggio_hic_sum_2_italia_sr_beatrice_villa_adriana_formazione_pane_spazio_spadoni-8.jpg\" alt=\"2021 mayo hic sum 2 italia sor beatrice villa adriana formaci\u00f3n pane spazio spadoni 8\"\/><\/figure>\n\n\n\n<figure class=\"wp-block-image size-large formazione\"><img decoding=\"async\" src=\"https:\/\/spaziospadoni.org\/wp-content\/uploads\/2026\/05\/2021_maggio_hic_sum_2_italia_sr_beatrice_villa_adriana_formazione_pane_spazio_spadoni-10.jpg\" alt=\"2021 mayo hic sum 2 italia sor beatrice villa adriana formaci\u00f3n pane spazio spadoni 10\"\/><\/figure>\n\n\n\n<figure class=\"wp-block-image size-large formazione\"><img decoding=\"async\" src=\"https:\/\/spaziospadoni.org\/wp-content\/uploads\/2026\/05\/2021_ottobre_hic_sum_2_nigeria_uyo_sr_beatrice_volontari_misericordia_formazione_spazio_spadoni-3.jpg\" alt=\"2021 octubre hic sum 2 nigeria uyo sor beatrice voluntarios misericordia formaci\u00f3n spazio spadoni 3\"\/><\/figure>\n\n\n\n<figure class=\"wp-block-image size-large formazione\"><img decoding=\"async\" src=\"https:\/\/spaziospadoni.org\/wp-content\/uploads\/2026\/05\/2021_ottobre_hic_sum_2_nigeria_uyo_sr_beatrice_volontari_misericordia_formazione_spazio_spadoni-4.jpg-300x169.jpg\" alt=\"2021 octubre hic sum 2 nigeria uyo sor beatrice voluntarios misericordia formaci\u00f3n spazio spadoni 4.jpg 300x169\"\/><\/figure>\n\n\n\n<figure class=\"wp-block-image size-large formazione\"><img decoding=\"async\" src=\"https:\/\/spaziospadoni.org\/wp-content\/uploads\/2026\/05\/2021_ottobre_hic_sum_2_nigeria_uyo_sr_beatrice_volontari_misericordia_spazio_spadoni-5.jpg\" alt=\"2021 octubre hic sum 2 nigeria uyo sor beatrice voluntarios misericordia spazio spadoni 5\"\/><\/figure>\n\n\n\n<figure class=\"wp-block-image size-large formazione\"><img decoding=\"async\" src=\"https:\/\/spaziospadoni.org\/wp-content\/uploads\/2026\/05\/2022_aprile_hic_sum_2_Nigeria_Uyo_sr_beatrice_villa_adriana_pane_misericordia_agricoltura_impresa_sociale_spazio_spadoni-20.jpeg\" alt=\"2022 abril hic sum 2 Nigeria Uyo sor beatrice villa adriana pane misericordia agricultura empresa social spazio spadoni 20\"\/><\/figure>\n\n\n\n<figure class=\"wp-block-image size-large formazione\"><img decoding=\"async\" src=\"https:\/\/spaziospadoni.org\/wp-content\/uploads\/2026\/05\/2022_aprile_hic_sum_2_Nigeria_Uyo_sr_beatrice_villa_adriana_pane_misericordia_agricoltura_impresa_sociale_spazio_spadoni-21.jpeg\" alt=\"2022 abril hic sum 2 Nigeria Uyo sor beatrice villa adriana pane misericordia agricultura empresa social spazio spadoni 21\"\/><\/figure>\n\n\n\n<figure class=\"wp-block-image size-large formazione\"><img decoding=\"async\" src=\"https:\/\/spaziospadoni.org\/wp-content\/uploads\/2026\/05\/2022_aprile_hic_sum_2_Nigeria_Uyo_sr_beatrice_villa_adriana_pane_misericordia_agricoltura_impresa_sociale_spazio_spadoni-23.jpeg\" alt=\"2022 abril hic sum 2 Nigeria Uyo sor beatrice villa adriana pane misericordia agricultura empresa social spazio spadoni 23\"\/><\/figure>\n\n\n\n<figure class=\"wp-block-image size-large formazione\"><img decoding=\"async\" src=\"https:\/\/spaziospadoni.org\/wp-content\/uploads\/2026\/05\/2022_aprile_hic_sum_2_Nigeria_Uyo_sr_beatrice_villa_adriana_pane_misericordia_agricoltura_impresa_sociale_spazio_spadoni-24.jpeg\" alt=\"2022 abril hic sum 2 Nigeria Uyo sor beatrice villa adriana pane misericordia agricultura empresa social spazio spadoni 24\"\/><\/figure>\n\n\n\n<figure class=\"wp-block-image size-large formazione\"><img decoding=\"async\" src=\"https:\/\/spaziospadoni.org\/wp-content\/uploads\/2026\/05\/2022_aprile_hic_sum_2_Nigeria_Uyo_sr_beatrice_villa_adriana_pane_misericordia_agricoltura_impresa_sociale_spazio_spadoni-25.jpeg\" alt=\"2022 abril hic sum 2 Nigeria Uyo sor beatrice villa adriana pane misericordia agricultura empresa social spazio spadoni 25\"\/><\/figure>\n\n\n\n<figure class=\"wp-block-image size-large formazione\"><img decoding=\"async\" src=\"https:\/\/spaziospadoni.org\/wp-content\/uploads\/2026\/05\/2022_aprile_hic_sum_2_Nigeria_Uyo_sr_beatrice_villa_adriana_pane_misericordia_agricoltura_impresa_sociale_spazio_spadoni-26.jpeg\" alt=\"2022 abril hic sum 2 Nigeria Uyo sor beatrice villa adriana pane misericordia agricultura empresa social spazio spadoni 26\"\/><\/figure>\n\n\n\n<figure class=\"wp-block-image size-large formazione\"><img decoding=\"async\" src=\"https:\/\/spaziospadoni.org\/wp-content\/uploads\/2026\/05\/2022_aprile_hic_sum_2_Nigeria_Uyo_sr_beatrice_villa_adriana_pane_misericordia_agricoltura_impresa_sociale_spazio_spadoni-28.jpeg\" alt=\"2022 abril hic sum 2 Nigeria Uyo sor beatrice villa adriana pane misericordia agricultura empresa social spazio spadoni 28\"\/><\/figure>\n\n\n\n<figure class=\"wp-block-image size-large formazione\"><img decoding=\"async\" src=\"https:\/\/spaziospadoni.org\/wp-content\/uploads\/2026\/05\/2022_aprile_hic_sum_2_Nigeria_Uyo_sr_beatrice_villa_adriana_pane_misericordia_agricoltura_impresa_sociale_spazio_spadoni-29.jpeg\" alt=\"2022 abril hic sum 2 Nigeria Uyo sor beatrice villa adriana pane misericordia agricultura empresa social spazio spadoni 29\"\/><\/figure>\n\n\n\n<figure class=\"wp-block-image size-large formazione\"><img decoding=\"async\" src=\"https:\/\/spaziospadoni.org\/wp-content\/uploads\/2026\/05\/2022_aprile_hic_sum_2_Nigeria_Uyo_sr_beatrice_villa_adriana_pane_misericordia_agricoltura_impresa_sociale_spazio_spadoni-30.jpeg-300x113.jpg\" alt=\"2022 abril hic sum 2 Nigeria Uyo sor beatrice villa adriana pane misericordia agricultura empresa social spazio spadoni 30.jpeg 300x113\"\/><\/figure>\n\n\n\n<figure class=\"wp-block-image size-large formazione\"><img decoding=\"async\" src=\"https:\/\/spaziospadoni.org\/wp-content\/uploads\/2026\/05\/2022_aprile_hic_sum_2_Nigeria_Uyo_sr_beatrice_villa_adriana_pane_misericordia_agricoltura_impresa_sociale_spazio_spadoni-33.jpeg\" alt=\"2022 abril hic sum 2 Nigeria Uyo sor beatrice villa adriana pane misericordia agricultura empresa social spazio spadoni 33\"\/><\/figure>\n\n\n\n<figure class=\"wp-block-image size-large formazione\"><img decoding=\"async\" src=\"https:\/\/spaziospadoni.org\/wp-content\/uploads\/2026\/05\/2022_aprile_hic_sum_2_Nigeria_Uyo_sr_beatrice_villa_adriana_pane_misericordia_agricoltura_impresa_sociale_spazio_spadoni-34.jpeg-225x300.jpg\" alt=\"2022 abril hic sum 2 Nigeria Uyo sor beatrice villa adriana pane misericordia agricultura empresa social spazio spadoni 34.jpeg 225x300\"\/><\/figure>\n\n\n\n<figure class=\"wp-block-image size-large formazione\"><img decoding=\"async\" src=\"https:\/\/spaziospadoni.org\/wp-content\/uploads\/2026\/05\/2022_aprile_hic_sum_2_Nigeria_Uyo_sr_beatrice_villa_adriana_pane_misericordia_agricoltura_impresa_sociale_spazio_spadoni--300x300.jpg\" alt=\"2022 abril hic sum 2 Nigeria Uyo sor beatrice villa adriana pane misericordia agricultura empresa social spazio spadoni  300x300\"\/><\/figure>\n\n\n\n<figure class=\"wp-block-image size-large formazione\"><img decoding=\"async\" src=\"https:\/\/spaziospadoni.org\/wp-content\/uploads\/2026\/05\/2022_aprile_hic_sum_2_Nigeria_Uyo_sr_beatrice_villa_adriana_pane_misericordia_agricoltura_impresa_sociale_spazio_spadoni-37.jpeg-225x300.jpg\" alt=\"2022 abril hic sum 2 Nigeria Uyo sor beatrice villa adriana pane misericordia agricultura empresa social spazio spadoni 37.jpeg 225x300\"\/><\/figure>\n\n\n\n<figure class=\"wp-block-image size-large formazione\"><img decoding=\"async\" src=\"https:\/\/spaziospadoni.org\/wp-content\/uploads\/2026\/05\/2022_febbraio_hic_sum_2_nigeria_uyo_sr_beatrice_volontari_opere_misericordia_formazione_spazio_spadoni-1.jpg-300x293.jpg\" alt=\"2022 febrero hic sum 2 nigeria uyo sor beatrice voluntarios obras de misericordia formaci\u00f3n spazio spadoni 1.jpg 300x293\"\/><\/figure>\n\n\n\n<figure class=\"wp-block-image size-large formazione\"><img decoding=\"async\" src=\"https:\/\/spaziospadoni.org\/wp-content\/uploads\/2026\/05\/2022_febbraio_hic_sum_2_nigeria_uyo_sr_beatrice_volontari_opere_misericordia_formazione_spazio_spadoni-2.jpg\" alt=\"2022 febrero hic sum 2 nigeria uyo sor beatrice voluntarios obras de misericordia formaci\u00f3n spazio spadoni 2\"\/><\/figure>\n\n\n\n<figure class=\"wp-block-image size-large formazione\"><img decoding=\"async\" src=\"https:\/\/spaziospadoni.org\/wp-content\/uploads\/2026\/05\/2022_febbraio_hic_sum_2_nigeria_uyo_sr_beatrice_volontari_opere_misericordia_formazione_spazio_spadoni-7.jpg\" alt=\"2022 febrero hic sum 2 nigeria uyo sor beatrice voluntarios obras de misericordia formaci\u00f3n spazio spadoni 7\"\/><\/figure>\n\n\n\n<figure class=\"wp-block-image size-large formazione\"><img decoding=\"async\" src=\"https:\/\/spaziospadoni.org\/wp-content\/uploads\/2026\/05\/2022_febbraio_hic_sum_2_nigeria_uyo_sr_beatrice_volontari_opere_misericordia_formazione_spazio_spadoni-8.jpg\" alt=\"2022 febrero hic sum 2 nigeria uyo sor beatrice voluntarios obras de misericordia formaci\u00f3n spazio spadoni 8\"\/><\/figure>\n\n\n\n<figure class=\"wp-block-image size-large formazione\"><img decoding=\"async\" src=\"https:\/\/spaziospadoni.org\/wp-content\/uploads\/2026\/05\/2022_febbraio_hic_sum_2_nigeria_uyo_sr_beatrice_volontari_opere_misericordia_formazione_spazio_spadoni-9.jpg\" alt=\"2022 febrero hic sum 2 nigeria uyo sor beatrice voluntarios obras de misericordia formaci\u00f3n spazio spadoni 9\"\/><\/figure>\n\n\n\n<figure class=\"wp-block-image size-large formazione\"><img decoding=\"async\" src=\"https:\/\/spaziospadoni.org\/wp-content\/uploads\/2026\/05\/2022_febbraio_hic_sum_2_nigeria_uyo_sr_beatrice_volontari_opere_misericordia_formazione_spazio_spadoni-10.jpg\" alt=\"2022 febrero hic sum 2 nigeria uyo sor beatrice voluntarios obras de misericordia formaci\u00f3n spazio spadoni 10\"\/><\/figure>\n\n\n\n<figure class=\"wp-block-image size-large agricoltura\"><img decoding=\"async\" src=\"https:\/\/spaziospadoni.org\/wp-content\/uploads\/2026\/05\/2022_giugno_hic_sum_2_nigeria_uyo_sr_beatrice_volontari_pane_misericordia_agricoltura_spazio_spadoni-1.jpg-300x250.jpg\" alt=\"2022 junio hic sum 2 nigeria uyo sor beatrice voluntarios pane misericordia agricultura spazio spadoni 1.jpg 300x250\"\/><\/figure>\n\n\n\n<figure class=\"wp-block-image size-large agricoltura\"><img decoding=\"async\" src=\"https:\/\/spaziospadoni.org\/wp-content\/uploads\/2026\/05\/2022_giugno_hic_sum_2_nigeria_uyo_sr_beatrice_volontari_pane_misericordia_agricoltura_spazio_spadoni-2.jpg\" alt=\"2022 junio hic sum 2 nigeria uyo sor beatrice voluntarios pane misericordia agricultura spazio spadoni 2\"\/><\/figure>\n\n\n\n<figure class=\"wp-block-image size-large agricoltura\"><img decoding=\"async\" src=\"https:\/\/spaziospadoni.org\/wp-content\/uploads\/2026\/05\/2022_giugno_hic_sum_2_nigeria_uyo_sr_beatrice_volontari_pane_misericordia_agricoltura_spazio_spadoni-3.jpg-216x300.jpg\" alt=\"2022 junio hic sum 2 nigeria uyo sor beatrice voluntarios pane misericordia agricultura spazio spadoni 3.jpg 216x300\"\/><\/figure>\n\n\n\n<figure class=\"wp-block-image size-large agricoltura\"><img decoding=\"async\" src=\"https:\/\/spaziospadoni.org\/wp-content\/uploads\/2026\/05\/2022_giugno_hic_sum_2_nigeria_uyo_sr_beatrice_volontari_pane_misericordia_agricoltura_spazio_spadoni-7.jpg\" alt=\"2022 junio hic sum 2 nigeria uyo sor beatrice voluntarios pane misericordia agricultura spazio spadoni 7\"\/><\/figure>\n\n\n\n<figure class=\"wp-block-image size-large agricoltura\"><img decoding=\"async\" src=\"https:\/\/spaziospadoni.org\/wp-content\/uploads\/2026\/05\/2022_giugno_hic_sum_2_nigeria_uyo_sr_beatrice_volontari_pane_misericordia_agricoltura_spazio_spadoni-8.jpg\" alt=\"2022 junio hic sum 2 nigeria uyo sor beatrice voluntarios pane misericordia agricultura spazio spadoni 8\"\/><\/figure>\n\n\n\n<figure class=\"wp-block-image size-large agricoltura\"><img decoding=\"async\" src=\"https:\/\/spaziospadoni.org\/wp-content\/uploads\/2026\/05\/2022_giugno_hic_sum_2_nigeria_uyo_sr_beatrice_volontari_pane_misericordia_agricoltura_spazio_spadoni-11.jpg\" alt=\"2022 junio hic sum 2 nigeria uyo sor beatrice voluntarios pane misericordia agricultura spazio spadoni 11\"\/><\/figure>\n\n\n\n<figure class=\"wp-block-image size-large agricoltura\"><img decoding=\"async\" src=\"https:\/\/spaziospadoni.org\/wp-content\/uploads\/2026\/05\/2022_marzo_hic_sum_2_nigeria_uyo_sr_beatrice_pane_misericordia_agricoltura_spazio_spadoni-1.jpg\" alt=\"2022 marzo hic sum 2 nigeria uyo sor beatrice pane misericordia agricultura spazio spadoni 1\"\/><\/figure>\n\n\n\n<figure class=\"wp-block-image size-large formazione\"><img decoding=\"async\" src=\"https:\/\/spaziospadoni.org\/wp-content\/uploads\/2026\/05\/2021_giugno_italia_campi_bisenzio_firenze_assemblea_nazionale_misericordie_presentazione_spazio_spadoni_hic_sum_2_suor_beatrice_francesca-225x300.jpg\" alt=\"2021 junio italia campi bisenzio firenze asamblea nacional misericordie presentaci\u00f3n spazio spadoni hic sum 2 sor beatrice francesca 225x300\"\/><\/figure>\n\n\n\n<figure class=\"wp-block-image size-large formazione\"><img decoding=\"async\" src=\"https:\/\/spaziospadoni.org\/wp-content\/uploads\/2026\/05\/2024_marzo_10_hic_sum_2_nigeria_uyo_sr_beatrice_ancelle_santo_bambino_gesu_misericordia_villa_adriana_spazio_spadoni_diffusione_opere_misericord-2-225x300.jpg\" alt=\"2024 marzo 10 hic sum 2 nigeria uyo sor beatrice siervas del santo ni\u00f1o Jes\u00fas misericordia villa adriana spazio spadoni difusi\u00f3n obras de misericordia 2 225x300\"\/><\/figure>\n\n\n\n<figure class=\"wp-block-image size-large formazione\"><img decoding=\"async\" src=\"https:\/\/spaziospadoni.org\/wp-content\/uploads\/2026\/05\/2024_marzo_10_hic_sum_2_nigeria_uyo_sr_beatrice_ancelle_santo_bambino_gesu_misericordia_villa_adriana_spazio_spadoni_diffusione_opere_misericord-3-225x300.jpg\" alt=\"2024 marzo 10 hic sum 2 nigeria uyo sor beatrice siervas del santo ni\u00f1o Jes\u00fas misericordia villa adriana spazio spadoni difusi\u00f3n obras de misericordia 3 225x300\"\/><\/figure>\n\n\n\n<figure class=\"wp-block-image size-large formazione\"><img decoding=\"async\" src=\"https:\/\/spaziospadoni.org\/wp-content\/uploads\/2026\/05\/2024_marzo_10_hic_sum_2_nigeria_uyo_sr_beatrice_ancelle_santo_bambino_gesu_misericordia_villa_adriana_spazio_spadoni_diffusione_opere_misericord-4-225x300.jpg\" alt=\"2024 marzo 10 hic sum 2 nigeria uyo sor beatrice siervas del santo ni\u00f1o Jes\u00fas misericordia villa adriana spazio spadoni difusi\u00f3n obras de misericordia 4 225x300\"\/><\/figure>\n\n\n\n<figure class=\"wp-block-image size-large formazione\"><img decoding=\"async\" src=\"https:\/\/spaziospadoni.org\/wp-content\/uploads\/2026\/05\/2024_marzo_10_hic_sum_2_nigeria_uyo_sr_beatrice_ancelle_santo_bambino_gesu_misericordia_villa_adriana_spazio_spadoni_diffusione_opere_misericord-300x225.jpg\" alt=\"2024 marzo 10 hic sum 2 nigeria uyo sor beatrice siervas del santo ni\u00f1o Jes\u00fas misericordia villa adriana spazio spadoni difusi\u00f3n obras de misericordia 300x225\"\/><\/figure>\n\n\n\n<figure class=\"wp-block-image size-large formazione\"><img decoding=\"async\" src=\"https:\/\/spaziospadoni.org\/wp-content\/uploads\/2026\/05\/2024_marzo_10_hic_sum_2_nigeria_uyo_sr_beatrice_ancelle_santo_bambino_gesu_misericordia_villa_adriana_spazio_spadoni_diffusione_opere_misericordia-300x225.jpg\" alt=\"2024 marzo 10 hic sum 2 nigeria uyo sor beatrice siervas del santo ni\u00f1o Jes\u00fas misericordia villa adriana spazio spadoni difusi\u00f3n obras de misericordia 300x225\"\/><\/figure>\n\n\n\n<figure class=\"wp-block-image size-large nigeria\"><img decoding=\"async\" src=\"https:\/\/spaziospadoni.org\/wp-content\/uploads\/2026\/05\/2024_M2-225x300.jpg\" alt=\"2024 M2 225x300\"\/><\/figure>\n\n\n\n<figure class=\"wp-block-image size-large operemisericordia\"><img decoding=\"async\" src=\"https:\/\/spaziospadoni.org\/wp-content\/uploads\/2026\/05\/Suor-Beatrice-e-i-volontari-e1748507868660-300x118.jpeg\" alt=\"Sor Beatrice y los voluntarios e1748507868660 300x118\"\/><\/figure>\n\n\n\n<figure class=\"wp-block-image size-large sartoria\"><img decoding=\"async\" src=\"https:\/\/spaziospadoni.org\/wp-content\/uploads\/2026\/05\/2025_ottobre_1_suor_beatrice_nigeria_sartoriaa_hic_sum_spazio_spadoni-5.jpg\" alt=\"2025 octubre 1 sor beatrice nigeria sastrer\u00eda hic sum spazio spadoni 5\"\/><\/figure>\n\n\n\n<figure class=\"wp-block-image size-large sartoria\"><img decoding=\"async\" src=\"https:\/\/spaziospadoni.org\/wp-content\/uploads\/2026\/05\/2025_ottobre_1_suor_beatrice_nigeria_sartoriaa_hic_sum_spazio_spadoni-1.jpg\" alt=\"2025 octubre 1 sor beatrice nigeria sastrer\u00eda hic sum spazio spadoni 1\"\/><\/figure>\n\n\n\n<figure class=\"wp-block-image size-large sartoria\"><img decoding=\"async\" src=\"https:\/\/spaziospadoni.org\/wp-content\/uploads\/2026\/05\/2025_ottobre_1_suor_beatrice_nigeria_sartoriaa_hic_sum_spazio_spadoni-4.jpg\" alt=\"2025 octubre 1 sor beatrice nigeria sastrer\u00eda hic sum spazio spadoni 4\"\/><\/figure>\n<\/figure>\n\n\n\n<div class=\"gb-element-b24bbf5e ss-media-videos\">\n<figure class=\"wp-block-video nigeria\"><video controls src=\"https:\/\/spaziospadoni.org\/wp-content\/uploads\/2026\/05\/Video-WhatsApp-2024-03-07-ore-19.15.09_2a2ef4a8.mp4\"><\/video><\/figure>\n\n\n\n<figure class=\"wp-block-video formazione\"><video controls src=\"https:\/\/spaziospadoni.org\/wp-content\/uploads\/2026\/05\/2021_ottobre_hic_sum_2_nigeria_uyo_sr_beatrice_volontari_misericordia_spazio_spadoni-1.mp4\"><\/video><\/figure>\n\n\n\n<figure class=\"wp-block-video agricoltura\"><video controls src=\"https:\/\/spaziospadoni.org\/wp-content\/uploads\/2026\/05\/2022_marzo_hic_sum_2_nigeria_uyo_sr_beatrice_pane_misericordia_agricoltura_spazio_spadoni-2.mp4\"><\/video><\/figure>\n\n\n\n<figure class=\"wp-block-video agricoltura\"><video controls src=\"https:\/\/spaziospadoni.org\/wp-content\/uploads\/2026\/05\/2022_giugno_hic_sum_2_nigeria_uyo_sr_beatrice_volontari_pane_misericordia_agricoltura_spazio_spadoni-2.mp4\"><\/video><\/figure>\n\n\n\n<figure class=\"wp-block-video agricoltura\"><video controls src=\"https:\/\/spaziospadoni.org\/wp-content\/uploads\/2026\/05\/2022_giugno_hic_sum_2_nigeria_uyo_sr_beatrice_volontari_pane_misericordia_agricoltura_spazio_spadoni-3.mp4\"><\/video><\/figure>\n\n\n\n<figure class=\"wp-block-video operemisericordia\"><video controls src=\"https:\/\/spaziospadoni.org\/wp-content\/uploads\/2026\/05\/2022_dicembre_visita_bisognosi_nigeria_africa_opere_misericordia_spazio_spadoni_suor_beatrice.mp4\"><\/video><\/figure>\n\n\n\n<figure class=\"wp-block-video operemisericordia\"><video controls src=\"https:\/\/spaziospadoni.org\/wp-content\/uploads\/2026\/05\/2024_marzo_visita_carcerati_suor_beatrice_nigeria_vooontari_opere_misericordia_spazio_spadoni.mp4\"><\/video><\/figure>\n<\/div>\n<\/div>\n<\/div>\n<\/div>\n<\/div>\n","protected":false},"excerpt":{"rendered":"<p>Sor Beatrice \u2013 Ibono Ibom (Nigeria) PROYECTO 2 de 72 MISI\u00d3N Lugar Ibono Ibom Di\u00f3cesis Uyo Pa\u00eds Nigeria Continente Africa Coordenadas GPS 5.03643 7.91221 Zona horaria UTC+1 CONGREGACI\u00d3N Congregaci\u00f3n Siervas del Santo Ni\u00f1o Jes\u00fas Casa Madre Ikot Ekpene, Nigeria Di\u00f3cesis Uyo Pa\u00eds Nigeria Continente Africa Fiesta de la Congregaci\u00f3n Con ocasi\u00f3n de la Fiesta de &#8230; <a title=\"Nigeria \u2013 \u00c1frica | Proyecto #2 de 72\" class=\"read-more\" href=\"https:\/\/spaziospadoni.org\/es\/hic-sum\/nigeria-africa-proyecto-2-de-72\/\" aria-label=\"Read more about Nigeria \u2013 \u00c1frica | Proyecto #2 de 72\">Leer m\u00e1s<\/a><\/p>\n","protected":false},"author":102,"featured_media":0,"parent":63319,"menu_order":0,"comment_status":"closed","ping_status":"closed","template":"","meta":{"_sitemap_exclude":false,"_sitemap_priority":"","_sitemap_frequency":"","footnotes":""},"class_list":["post-62141","page","type-page","status-publish","infinite-scroll-item"],"yoast_head":"<!-- This site is optimized with the Yoast SEO plugin v28.4 - https:\/\/yoast.com\/product\/yoast-seo-wordpress\/ -->\n<title>Nigeria \u2013 \u00c1frica | Proyecto #2 de 72 | Spazio Spadoni<\/title>\n<meta name=\"description\" content=\"Sor Beatrice \u2013 Ibono Ibom (Nigeria) PROYECTO 2 de 72 MISI\u00d3N Lugar Ibono Ibom Di\u00f3cesis Uyo Pa\u00eds Nigeria Continente Africa Coordenadas GPS 5.03643 7.91221\" \/>\n<meta name=\"robots\" content=\"index, follow, max-snippet:-1, max-image-preview:large, max-video-preview:-1\" \/>\n<link rel=\"canonical\" href=\"https:\/\/spaziospadoni.org\/es\/hic-sum\/nigeria-africa-proyecto-2-de-72\/\" \/>\n<meta property=\"og:locale\" content=\"es_ES\" \/>\n<meta property=\"og:type\" content=\"article\" \/>\n<meta property=\"og:title\" content=\"Nigeria \u2013 \u00c1frica | Proyecto #2 de 72 | Spazio Spadoni\" \/>\n<meta property=\"og:description\" content=\"Sor Beatrice \u2013 Ibono Ibom (Nigeria) PROYECTO 2 de 72 MISI\u00d3N Lugar Ibono Ibom Di\u00f3cesis Uyo Pa\u00eds Nigeria Continente Africa Coordenadas GPS 5.03643 7.91221\" \/>\n<meta property=\"og:url\" content=\"https:\/\/spaziospadoni.org\/es\/hic-sum\/nigeria-africa-proyecto-2-de-72\/\" \/>\n<meta property=\"og:site_name\" content=\"spazio + spadoni\" \/>\n<meta property=\"article:publisher\" content=\"https:\/\/www.facebook.com\/SpazioSpadoni\/\" \/>\n<meta property=\"article:modified_time\" content=\"2026-07-20T12:01:28+00:00\" \/>\n<meta property=\"og:image\" content=\"https:\/\/spaziospadoni.org\/wp-content\/uploads\/2026\/05\/hicsum_5_nigeria-spaziospadoni-scaled.png\" \/>\n\t<meta property=\"og:image:width\" content=\"2560\" \/>\n\t<meta property=\"og:image:height\" content=\"1771\" \/>\n\t<meta property=\"og:image:type\" content=\"image\/png\" \/>\n<meta name=\"twitter:card\" content=\"summary_large_image\" \/>\n<meta name=\"twitter:label1\" content=\"Est. reading time\" \/>\n\t<meta name=\"twitter:data1\" content=\"25 minutes\" \/>\n<script type=\"application\/ld+json\" class=\"yoast-schema-graph\">{\"@context\":\"https:\\\/\\\/schema.org\",\"@graph\":[{\"@type\":\"WebPage\",\"@id\":\"https:\\\/\\\/spaziospadoni.org\\\/es\\\/hic-sum\\\/nigeria-africa-proyecto-2-de-72\\\/\",\"url\":\"https:\\\/\\\/spaziospadoni.org\\\/es\\\/hic-sum\\\/nigeria-africa-proyecto-2-de-72\\\/\",\"name\":\"Nigeria \u2013 \u00c1frica | Proyecto #2 de 72 | Spazio Spadoni\",\"isPartOf\":{\"@id\":\"https:\\\/\\\/spaziospadoni.org\\\/es\\\/#website\"},\"primaryImageOfPage\":{\"@id\":\"https:\\\/\\\/spaziospadoni.org\\\/es\\\/hic-sum\\\/nigeria-africa-proyecto-2-de-72\\\/#primaryimage\"},\"image\":{\"@id\":\"https:\\\/\\\/spaziospadoni.org\\\/es\\\/hic-sum\\\/nigeria-africa-proyecto-2-de-72\\\/#primaryimage\"},\"thumbnailUrl\":\"https:\\\/\\\/spaziospadoni.org\\\/wp-content\\\/uploads\\\/2026\\\/05\\\/hicsum_5_nigeria-spaziospadoni-1024x709.png\",\"datePublished\":\"2026-05-14T13:41:33+00:00\",\"dateModified\":\"2026-07-20T12:01:28+00:00\",\"description\":\"Sor Beatrice \u2013 Ibono Ibom (Nigeria) PROYECTO 2 de 72 MISI\u00d3N Lugar Ibono Ibom Di\u00f3cesis Uyo Pa\u00eds Nigeria Continente Africa Coordenadas GPS 5.03643 7.91221\",\"breadcrumb\":{\"@id\":\"https:\\\/\\\/spaziospadoni.org\\\/es\\\/hic-sum\\\/nigeria-africa-proyecto-2-de-72\\\/#breadcrumb\"},\"inLanguage\":\"es-ES\",\"potentialAction\":[{\"@type\":\"ReadAction\",\"target\":[\"https:\\\/\\\/spaziospadoni.org\\\/es\\\/hic-sum\\\/nigeria-africa-proyecto-2-de-72\\\/\"]}]},{\"@type\":\"ImageObject\",\"inLanguage\":\"es-ES\",\"@id\":\"https:\\\/\\\/spaziospadoni.org\\\/es\\\/hic-sum\\\/nigeria-africa-proyecto-2-de-72\\\/#primaryimage\",\"url\":\"https:\\\/\\\/spaziospadoni.org\\\/wp-content\\\/uploads\\\/2026\\\/05\\\/hicsum_5_nigeria-spaziospadoni-1024x709.png\",\"contentUrl\":\"https:\\\/\\\/spaziospadoni.org\\\/wp-content\\\/uploads\\\/2026\\\/05\\\/hicsum_5_nigeria-spaziospadoni-1024x709.png\"},{\"@type\":\"BreadcrumbList\",\"@id\":\"https:\\\/\\\/spaziospadoni.org\\\/es\\\/hic-sum\\\/nigeria-africa-proyecto-2-de-72\\\/#breadcrumb\",\"itemListElement\":[{\"@type\":\"ListItem\",\"position\":1,\"name\":\"Home\",\"item\":\"https:\\\/\\\/spaziospadoni.org\\\/es\\\/\"},{\"@type\":\"ListItem\",\"position\":2,\"name\":\"Nigeria \u2013 \u00c1frica | Proyecto #2 de 72\"}]},{\"@type\":\"WebSite\",\"@id\":\"https:\\\/\\\/spaziospadoni.org\\\/es\\\/#website\",\"url\":\"https:\\\/\\\/spaziospadoni.org\\\/es\\\/\",\"name\":\"spazio + spadoni\",\"description\":\"Generazione di misericordia e missione nel mondo\",\"publisher\":{\"@id\":\"https:\\\/\\\/spaziospadoni.org\\\/es\\\/#organization\"},\"alternateName\":\"spaziospadoni.org\",\"potentialAction\":[{\"@type\":\"SearchAction\",\"target\":{\"@type\":\"EntryPoint\",\"urlTemplate\":\"https:\\\/\\\/spaziospadoni.org\\\/es\\\/?s={search_term_string}\"},\"query-input\":{\"@type\":\"PropertyValueSpecification\",\"valueRequired\":true,\"valueName\":\"search_term_string\"}}],\"inLanguage\":\"es-ES\"},{\"@type\":\"Organization\",\"@id\":\"https:\\\/\\\/spaziospadoni.org\\\/es\\\/#organization\",\"name\":\"spazio + spadoni\",\"alternateName\":\"spaziospadoni.org\",\"url\":\"https:\\\/\\\/spaziospadoni.org\\\/es\\\/\",\"logo\":{\"@type\":\"ImageObject\",\"inLanguage\":\"es-ES\",\"@id\":\"https:\\\/\\\/spaziospadoni.org\\\/es\\\/#\\\/schema\\\/logo\\\/image\\\/\",\"url\":\"https:\\\/\\\/spaziospadoni.org\\\/wp-content\\\/uploads\\\/2026\\\/05\\\/spazio-spadoni-logo-100x100-1.webp\",\"contentUrl\":\"https:\\\/\\\/spaziospadoni.org\\\/wp-content\\\/uploads\\\/2026\\\/05\\\/spazio-spadoni-logo-100x100-1.webp\",\"width\":100,\"height\":100,\"caption\":\"spazio + spadoni\"},\"image\":{\"@id\":\"https:\\\/\\\/spaziospadoni.org\\\/es\\\/#\\\/schema\\\/logo\\\/image\\\/\"},\"sameAs\":[\"https:\\\/\\\/www.facebook.com\\\/SpazioSpadoni\\\/\",\"https:\\\/\\\/www.instagram.com\\\/spaziospadoni\\\/\",\"https:\\\/\\\/www.youtube.com\\\/@spaziospadoni\\\/playlists\"]}]}<\/script>\n<!-- \/ Yoast SEO plugin. -->","yoast_head_json":{"title":"Nigeria \u2013 \u00c1frica | Proyecto #2 de 72 | Spazio Spadoni","description":"Sor Beatrice \u2013 Ibono Ibom (Nigeria) PROYECTO 2 de 72 MISI\u00d3N Lugar Ibono Ibom Di\u00f3cesis Uyo Pa\u00eds Nigeria Continente Africa Coordenadas GPS 5.03643 7.91221","robots":{"index":"index","follow":"follow","max-snippet":"max-snippet:-1","max-image-preview":"max-image-preview:large","max-video-preview":"max-video-preview:-1"},"canonical":"https:\/\/spaziospadoni.org\/es\/hic-sum\/nigeria-africa-proyecto-2-de-72\/","og_locale":"es_ES","og_type":"article","og_title":"Nigeria \u2013 \u00c1frica | Proyecto #2 de 72 | Spazio Spadoni","og_description":"Sor Beatrice \u2013 Ibono Ibom (Nigeria) PROYECTO 2 de 72 MISI\u00d3N Lugar Ibono Ibom Di\u00f3cesis Uyo Pa\u00eds Nigeria Continente Africa Coordenadas GPS 5.03643 7.91221","og_url":"https:\/\/spaziospadoni.org\/es\/hic-sum\/nigeria-africa-proyecto-2-de-72\/","og_site_name":"spazio + spadoni","article_publisher":"https:\/\/www.facebook.com\/SpazioSpadoni\/","article_modified_time":"2026-07-20T12:01:28+00:00","og_image":[{"width":2560,"height":1771,"url":"https:\/\/spaziospadoni.org\/wp-content\/uploads\/2026\/05\/hicsum_5_nigeria-spaziospadoni-scaled.png","type":"image\/png"}],"twitter_card":"summary_large_image","twitter_misc":{"Est. reading time":"25 minutes"},"schema":{"@context":"https:\/\/schema.org","@graph":[{"@type":"WebPage","@id":"https:\/\/spaziospadoni.org\/es\/hic-sum\/nigeria-africa-proyecto-2-de-72\/","url":"https:\/\/spaziospadoni.org\/es\/hic-sum\/nigeria-africa-proyecto-2-de-72\/","name":"Nigeria \u2013 \u00c1frica | Proyecto #2 de 72 | Spazio Spadoni","isPartOf":{"@id":"https:\/\/spaziospadoni.org\/es\/#website"},"primaryImageOfPage":{"@id":"https:\/\/spaziospadoni.org\/es\/hic-sum\/nigeria-africa-proyecto-2-de-72\/#primaryimage"},"image":{"@id":"https:\/\/spaziospadoni.org\/es\/hic-sum\/nigeria-africa-proyecto-2-de-72\/#primaryimage"},"thumbnailUrl":"https:\/\/spaziospadoni.org\/wp-content\/uploads\/2026\/05\/hicsum_5_nigeria-spaziospadoni-1024x709.png","datePublished":"2026-05-14T13:41:33+00:00","dateModified":"2026-07-20T12:01:28+00:00","description":"Sor Beatrice \u2013 Ibono Ibom (Nigeria) PROYECTO 2 de 72 MISI\u00d3N Lugar Ibono Ibom Di\u00f3cesis Uyo Pa\u00eds Nigeria Continente Africa Coordenadas GPS 5.03643 7.91221","breadcrumb":{"@id":"https:\/\/spaziospadoni.org\/es\/hic-sum\/nigeria-africa-proyecto-2-de-72\/#breadcrumb"},"inLanguage":"es-ES","potentialAction":[{"@type":"ReadAction","target":["https:\/\/spaziospadoni.org\/es\/hic-sum\/nigeria-africa-proyecto-2-de-72\/"]}]},{"@type":"ImageObject","inLanguage":"es-ES","@id":"https:\/\/spaziospadoni.org\/es\/hic-sum\/nigeria-africa-proyecto-2-de-72\/#primaryimage","url":"https:\/\/spaziospadoni.org\/wp-content\/uploads\/2026\/05\/hicsum_5_nigeria-spaziospadoni-1024x709.png","contentUrl":"https:\/\/spaziospadoni.org\/wp-content\/uploads\/2026\/05\/hicsum_5_nigeria-spaziospadoni-1024x709.png"},{"@type":"BreadcrumbList","@id":"https:\/\/spaziospadoni.org\/es\/hic-sum\/nigeria-africa-proyecto-2-de-72\/#breadcrumb","itemListElement":[{"@type":"ListItem","position":1,"name":"Home","item":"https:\/\/spaziospadoni.org\/es\/"},{"@type":"ListItem","position":2,"name":"Nigeria \u2013 \u00c1frica | Proyecto #2 de 72"}]},{"@type":"WebSite","@id":"https:\/\/spaziospadoni.org\/es\/#website","url":"https:\/\/spaziospadoni.org\/es\/","name":"spazio + spadoni","description":"Generazione di misericordia e missione nel mondo","publisher":{"@id":"https:\/\/spaziospadoni.org\/es\/#organization"},"alternateName":"spaziospadoni.org","potentialAction":[{"@type":"SearchAction","target":{"@type":"EntryPoint","urlTemplate":"https:\/\/spaziospadoni.org\/es\/?s={search_term_string}"},"query-input":{"@type":"PropertyValueSpecification","valueRequired":true,"valueName":"search_term_string"}}],"inLanguage":"es-ES"},{"@type":"Organization","@id":"https:\/\/spaziospadoni.org\/es\/#organization","name":"spazio + spadoni","alternateName":"spaziospadoni.org","url":"https:\/\/spaziospadoni.org\/es\/","logo":{"@type":"ImageObject","inLanguage":"es-ES","@id":"https:\/\/spaziospadoni.org\/es\/#\/schema\/logo\/image\/","url":"https:\/\/spaziospadoni.org\/wp-content\/uploads\/2026\/05\/spazio-spadoni-logo-100x100-1.webp","contentUrl":"https:\/\/spaziospadoni.org\/wp-content\/uploads\/2026\/05\/spazio-spadoni-logo-100x100-1.webp","width":100,"height":100,"caption":"spazio + spadoni"},"image":{"@id":"https:\/\/spaziospadoni.org\/es\/#\/schema\/logo\/image\/"},"sameAs":["https:\/\/www.facebook.com\/SpazioSpadoni\/","https:\/\/www.instagram.com\/spaziospadoni\/","https:\/\/www.youtube.com\/@spaziospadoni\/playlists"]}]}},"_links":{"self":[{"href":"https:\/\/spaziospadoni.org\/es\/wp-json\/wp\/v2\/pages\/62141","targetHints":{"allow":["GET"]}}],"collection":[{"href":"https:\/\/spaziospadoni.org\/es\/wp-json\/wp\/v2\/pages"}],"about":[{"href":"https:\/\/spaziospadoni.org\/es\/wp-json\/wp\/v2\/types\/page"}],"author":[{"embeddable":true,"href":"https:\/\/spaziospadoni.org\/es\/wp-json\/wp\/v2\/users\/102"}],"replies":[{"embeddable":true,"href":"https:\/\/spaziospadoni.org\/es\/wp-json\/wp\/v2\/comments?post=62141"}],"version-history":[{"count":0,"href":"https:\/\/spaziospadoni.org\/es\/wp-json\/wp\/v2\/pages\/62141\/revisions"}],"up":[{"embeddable":true,"href":"https:\/\/spaziospadoni.org\/es\/wp-json\/wp\/v2\/pages\/63319"}],"wp:attachment":[{"href":"https:\/\/spaziospadoni.org\/es\/wp-json\/wp\/v2\/media?parent=62141"}],"curies":[{"name":"wp","href":"https:\/\/api.w.org\/{rel}","templated":true}]}}