{"id":62612,"date":"2026-05-14T15:21:14","date_gmt":"2026-05-14T14:21:14","guid":{"rendered":"https:\/\/spaziospadoni.org\/brasile-america-progetto-3-di-72\/"},"modified":"2026-08-01T11:57:54","modified_gmt":"2026-08-01T10:57:54","slug":"brasil-america-proyecto-3-de-72","status":"publish","type":"page","link":"https:\/\/spaziospadoni.org\/es\/hic-sum\/brasil-america-proyecto-3-de-72\/","title":{"rendered":"Brasil \u2013 Am\u00e9rica | Proyecto #3 de 72"},"content":{"rendered":"\n<div class=\"ss-project-hero-card\">\n<h2 id=\"sor-lizia-itanhaem-brasil\" class=\"gb-text gb-text-62a95885\">Sor Lizia &#8211; Itanha\u00e9m (Brasil)<\/h2>\n\n\n\n<div class=\"gb-element-f60f2409\">\n<div class=\"gb-element-90a85740 ss-project-sidebar\">\n<h2 id=\"proyecto-3-de-72\" class=\"gb-text ss-project-title\">PROYECTO 3 de 72<\/h2>\n\n\n\n<figure class=\"wp-block-image size-large\"><img decoding=\"async\" src=\"https:\/\/spaziospadoni.org\/wp-content\/uploads\/2026\/05\/hicsum_3_brasile-spaziospadoni-scaled.png\" alt=\"hicsum 3 brasil spaziospadoni 400x277\" class=\"wp-image-43007\"\/><\/figure>\n\n\n\n<div class=\"ss-project-table\">\n<div class=\"ss-table-section-title\">\n<h3 id=\"mision\" class=\"gb-text\">MISI\u00d3N<\/h3>\n<\/div>\n\n\n\n<div class=\"ss-table-row\">\n<p class=\"gb-text\">Lugar<\/p>\n\n\n\n<p class=\"gb-text\"><a href=\"https:\/\/www.google.it\/maps\/place\/Itanha%C3%A9m,+San+Paolo,+Brasile\/@-24.1759576,-46.9128601,12z\/data=!3m1!4b1!4m6!3m5!1s0x94cfd54e9bf2326d:0x322103163db80ccb!8m2!3d-24.1841275!4d-46.7897675!16s%2Fg%2F11bxfxlp_q?entry=ttu&amp;g_ep=EgoyMDI1MDMyNS4xIKXMDSoJLDEwMjExNjM5SAFQAw%3D%3D\" rel=\"noreferrer noopener\" target=\"_blank\" title=\"Itanha\u00e9m\">Itanha\u00e9m<\/a><\/p>\n<\/div>\n\n\n\n<div class=\"ss-table-row\">\n<p class=\"gb-text\">Di\u00f3cesis<\/p>\n\n\n\n<p class=\"gb-text\">Santos<\/p>\n<\/div>\n\n\n\n<div class=\"ss-table-row\">\n<p class=\"gb-text\">Pa\u00eds<\/p>\n\n\n\n<p class=\"gb-text\"><strong>Brasil<\/strong><\/p>\n<\/div>\n\n\n\n<div class=\"ss-table-row\">\n<p class=\"gb-text\">Continente<\/p>\n\n\n\n<p class=\"gb-text\">Am\u00e9rica<\/p>\n<\/div>\n\n\n\n<div class=\"ss-table-row\">\n<p class=\"gb-text\">Coordenadas GPS<\/p>\n\n\n\n<p class=\"gb-text\">-24.21780 -46.91332<\/p>\n<\/div>\n\n\n\n<div class=\"ss-table-row\">\n<p class=\"gb-text\">Zona horaria<\/p>\n\n\n\n<p class=\"gb-text\">UTC-3<\/p>\n<\/div>\n<\/div>\n\n\n\n<div class=\"ss-project-table\">\n<div class=\"ss-table-section-title\">\n<h3 id=\"congregacion\" class=\"gb-text\">CONGREGACI\u00d3N<\/h3>\n<\/div>\n\n\n\n<div class=\"ss-table-row\">\n<p class=\"gb-text\">Congregaci\u00f3n<\/p>\n\n\n\n<p class=\"gb-text\">Hijas de San Francisco de Sales<\/p>\n<\/div>\n\n\n\n<div class=\"ss-table-row\">\n<p class=\"gb-text\">Casa Madre<\/p>\n\n\n\n<p class=\"gb-text\">Lugo (RA)<\/p>\n<\/div>\n\n\n\n<div class=\"ss-table-row\">\n<p class=\"gb-text\">Di\u00f3cesis<\/p>\n\n\n\n<p class=\"gb-text\">Imola<\/p>\n<\/div>\n\n\n\n<div class=\"ss-table-row\">\n<p class=\"gb-text\">Pa\u00eds<\/p>\n\n\n\n<p class=\"gb-text\">Italia<\/p>\n<\/div>\n\n\n\n<div class=\"ss-table-row\">\n<p class=\"gb-text\">Continente<\/p>\n\n\n\n<p class=\"gb-text\">Europa<\/p>\n<\/div>\n\n\n\n<div class=\"ss-table-row\">\n<p class=\"gb-text\">Fiesta de la Congregaci\u00f3n<\/p>\n\n\n\n<p class=\"gb-text\">24 de enero, San Francisco de Sales<\/p>\n<\/div>\n\n\n\n<div class=\"ss-table-row\">\n<p class=\"gb-text\">Coordenadas GPS<\/p>\n\n\n\n<p class=\"gb-text\">44.41974 11.90945<\/p>\n<\/div>\n\n\n\n<div class=\"ss-table-row\">\n<p class=\"gb-text\">Zona horaria<\/p>\n\n\n\n<p class=\"gb-text\">UTC+1<\/p>\n<\/div>\n\n\n\n<div class=\"ss-table-row\">\n<p class=\"gb-text\">Persona de referencia<\/p>\n\n\n\n<p class=\"gb-text\">Sor Lizia<\/p>\n<\/div>\n\n\n\n<div class=\"ss-table-row\">\n<p class=\"gb-text\">Madre General<\/p>\n\n\n\n<p class=\"gb-text\">Sor Phina Kuruvilla<\/p>\n<\/div>\n\n\n\n<div class=\"ss-table-row\">\n<p class=\"gb-text\">Sitio web<\/p>\n\n\n\n<p class=\"gb-text\"><a href=\"http:\/\/www.suorefigliedisanfrancescodisales.org\" rel=\"noreferrer noopener\" target=\"_blank\" title=\"suorefigliedisanfrancescodisales.org\">suorefigliedisanfrancescodisales.org<\/a><\/p>\n<\/div>\n<\/div>\n\n\n\n<div class=\"ss-project-table\">\n<div class=\"ss-table-section-title\">\n<h3 id=\"entidad-de-formacion\" class=\"gb-text\">ENTIDAD DE FORMACI\u00d3N<\/h3>\n<\/div>\n\n\n\n<div class=\"ss-table-row\">\n<p class=\"gb-text\">Nombre<\/p>\n\n\n\n<p class=\"gb-text\">Misericordia Lucca<\/p>\n<\/div>\n\n\n\n<div class=\"ss-table-row\">\n<p class=\"gb-text\">Lugar<\/p>\n\n\n\n<p class=\"gb-text\">Lucca (LU)<\/p>\n<\/div>\n\n\n\n<div class=\"ss-table-row\">\n<p class=\"gb-text\">Pa\u00eds<\/p>\n\n\n\n<p class=\"gb-text\">Italia<\/p>\n<\/div>\n\n\n\n<div class=\"ss-table-row\">\n<p class=\"gb-text\">Continente<\/p>\n\n\n\n<p class=\"gb-text\">Europa<\/p>\n<\/div>\n\n\n\n<div class=\"ss-table-row\">\n<p class=\"gb-text\">Coordenadas GPS<\/p>\n\n\n\n<p class=\"gb-text\">43.84439 10.50290<\/p>\n<\/div>\n\n\n\n<div class=\"ss-table-row\">\n<p class=\"gb-text\">Zona horaria<\/p>\n\n\n\n<p class=\"gb-text\">UTC+1<\/p>\n<\/div>\n\n\n\n<div class=\"ss-table-row\">\n<p class=\"gb-text\">Fecha de inicio<\/p>\n\n\n\n<p class=\"gb-text\">07\/10\/2020<\/p>\n<\/div>\n\n\n\n<div class=\"ss-table-row\">\n<p class=\"gb-text\">Fecha de finalizaci\u00f3n<\/p>\n\n\n\n<p class=\"gb-text\">Febrero de 2022<\/p>\n<\/div>\n\n\n\n<div class=\"ss-table-row\">\n<p class=\"gb-text\">Tutor<\/p>\n\n\n\n<p class=\"gb-text\">Consuelo Murru<\/p>\n<\/div>\n<\/div>\n\n\n\n<div class=\"ss-project-table\">\n<div class=\"ss-table-section-title\">\n<h3 id=\"espacio-real\" class=\"gb-text\">ESPACIO REAL<\/h3>\n<\/div>\n\n\n\n<div class=\"ss-table-row\">\n<p class=\"gb-text\">Responsable del proyecto<\/p>\n\n\n\n<p class=\"gb-text\">Sor Lizia<\/p>\n<\/div>\n\n\n\n<div class=\"ss-table-row\">\n<p class=\"gb-text\">Fecha de inicio<\/p>\n\n\n\n<p class=\"gb-text\">Abril de 2022<\/p>\n<\/div>\n\n\n\n<div class=\"ss-table-row\">\n<p class=\"gb-text\">Tipolog\u00eda<\/p>\n\n\n\n<p class=\"gb-text\"><strong>Pane di Misericordia<\/strong><\/p>\n<\/div>\n<\/div>\n<\/div>\n<\/div>\n\n\n\n<div class=\"gb-element-6ad95ea8\">\n<div class=\"gb-element-e34063a6 ss-project-intro\"><div class=\"wp-block-image is-resized imgText\">\n<figure class=\"alignright size-full\"><img decoding=\"async\" src=\"https:\/\/spaziospadoni.org\/wp-content\/uploads\/2026\/05\/2021_dicembre_hic_sum_3_suor_lizia_san_francesco_sales_brasile_itanhaem_santos_misericordia_lucca_spazio_spadoni_impresa_sociale_candele-169x300.jpg\" alt=\"2021_diciembre_hic_sum_3_sor_lizia_san_francesco_sales_brasil_itanhaem_santos_misericordia_lucca_spazio_spadoni_impresa_sociale_velas\"\/><figcaption class=\"wp-element-caption\">Pane di Misericordia<\/figcaption><\/figure>\n<\/div>\n\n<div class=\"wp-block-image is-resized imgText\">\n<figure class=\"alignleft size-full\"><img decoding=\"async\" src=\"https:\/\/spaziospadoni.org\/wp-content\/uploads\/2026\/05\/suor_lizia-spaziospadoni.jpg\" alt=\"sor_lizia-spaziospadoni\"\/><figcaption class=\"wp-element-caption\">sor_lizia-spaziospadoni<\/figcaption><\/figure>\n<\/div>\n\n\n<p class=\"wp-block-paragraph\"><strong><\/strong> <strong>El contexto en el que trabaj\u00f3 sor Lizia desde su llegada a Brasil estuvo marcado por la delincuencia, por lo que no fue f\u00e1cil desarrollar una empresa social que generara un peque\u00f1o margen de beneficio, aunque este se reinvirtiera en actividades y bienes destinados a ayudar a los pobres de la comunidad. Sor Lizia intent\u00f3 poner en marcha una producci\u00f3n de velas, pero su venta qued\u00f3 limitada precisamente por los motivos mencionados. En los \u00faltimos meses de 2023, sor Lizia fue trasladada a una nueva comunidad brasile\u00f1a. La producci\u00f3n de velas en Itanha\u00e9m contin\u00faa gracias al compromiso de las hermanas formadas por sor Lizia, mientras ella prosigue su labor de difusi\u00f3n de las Obras de Misericordia.<\/strong><\/p>\n\n\n\n<p class=\"wp-block-paragraph\">Sor Lizia es una hermana de la <strong>Congregaci\u00f3n de las Hijas de San Francisco de Sales<\/strong> que durante bastante tiempo vivi\u00f3 en la comunidad de San Cerbone (LU) y comenz\u00f3 la formaci\u00f3n del proyecto HIC SUM en la <strong>Arciconfraternita di Misericordia di Lucca<\/strong>.<\/p>\n\n\n\n<p class=\"wp-block-paragraph\">Al finalizar la formaci\u00f3n en Italia, en 2022 fue trasladada a Brasil, concretamente a Itanha\u00e9m, a la <strong>Casa \u201cDon Carlo Cavina\u201d<\/strong>, donde puso en marcha \u201cPane di Misericordia\u201d, aunque la grave situaci\u00f3n relacionada con la COVID en Brasil retras\u00f3 su inicio.<\/p>\n\n\n\n<p class=\"wp-block-paragraph\"><strong>Itanha\u00e9m<\/strong> es un municipio de la regi\u00f3n metropolitana de Baixada Santista, en el estado de S\u00e3o Paulo, Brasil. Es la segunda ciudad m\u00e1s antigua de Brasil.<\/p>\n\n\n\n<p class=\"wp-block-paragraph\">La Casa \u201cDon Carlo Cavina\u201d fue construida en un terreno donado por un benefactor en la periferia m\u00e1s pobre del lugar, tal como deseaba el fundador de la congregaci\u00f3n <strong>Carlo Cavina<\/strong>.<\/p>\n\n\n\n<p class=\"wp-block-paragraph\">La inauguraci\u00f3n tuvo lugar en 2014 y la comunidad de hermanas, junto con voluntarios y colaboradores, trabaja con los ni\u00f1os y las familias m\u00e1s desfavorecidas transmiti\u00e9ndoles los <strong>verdaderos valores<\/strong>, el <strong>respeto mutuo<\/strong>, las <strong>oportunidades<\/strong> para una mejor convivencia, <strong>la educaci\u00f3n<\/strong> para formar la personalidad y el <strong>conocimiento<\/strong> de los derechos y deberes.<\/p>\n\n\n\n<p class=\"wp-block-paragraph\">Los ni\u00f1os van a la <strong>escuela por la ma\u00f1ana<\/strong>, mientras que por la tarde est\u00e1n con las hermanas y realizan actividades de <strong>baile<\/strong>, <strong>cursos de ingl\u00e9s<\/strong> e <strong>inform\u00e1tica<\/strong>, adem\u00e1s de <strong>juegos organizados<\/strong>.<\/p>\n\n\n\n<p class=\"wp-block-paragraph\">Durante las principales festividades, como Navidad y Pascua, los ni\u00f1os se preparan para actuar con m\u00fasica y representaciones teatrales. Los <strong>voluntarios locales<\/strong>, en esas ocasiones, colaboran mediante <strong>recaudaciones de fondos<\/strong>, destinadas a comprar regalos \u2014como juguetes, ropa y sandalias\u2014 y cestas b\u00e1sicas \u2014un kit con arroz, frijoles, at\u00fan, pasta y aceite\u2014 para donar a los <strong>ni\u00f1os<\/strong> y a las <strong>familias necesitadas<\/strong>.<\/p>\n\n\n\n<p class=\"wp-block-paragraph\"><strong>M\u00e1s informaci\u00f3n<\/strong> <a href=\"https:\/\/spaziospadoni.org\/spazio-missionario\/hic-sum\/suor-lizia-in-mezzo-al-popolo-del-brasile-con-le-opere-di-misericordia\/\" rel=\"noreferrer noopener\" target=\"_blank\" title=\"Sor Lizia, entre el pueblo brasile\u00f1o con las Obras de Misericordia\">Sor Lizia, entre el pueblo brasile\u00f1o con las Obras de Misericordia<\/a> <a href=\"https:\/\/spaziospadoni.org\/vita-della-chiesa\/vita-consacrata\/per-amore-di-cristo-sulle-vie-del-mondo\/\" rel=\"noreferrer noopener\" target=\"_blank\" title=\"Por amor a Cristo por los caminos del mundo\">Por amor a Cristo por los caminos del mundo<\/a> <a href=\"https:\/\/spaziospadoni.org\/vita-della-chiesa\/giubileo-2025\/san-francesco-di-sales-ha-ispirato-alla-misericordia-tante-congregazioni\/\" rel=\"noreferrer noopener\" target=\"_blank\" title=\"San Francisco de Sales inspir\u00f3 a muchas congregaciones a vivir la misericordia\">San Francisco de Sales inspir\u00f3 a muchas congregaciones a vivir la misericordia<\/a><\/p>\n<\/div>\n<\/div>\n\n\n\n<div>\n<h2 id=\"cronologia\" class=\"gb-text gb-text-8179e40a\">Cronolog\u00eda<\/h2>\n\n\n\n<div class=\"ss-timeline\">\n<h3 id=\"2020\" class=\"gb-text\">2020<\/h3>\n\n\n\n<div class=\"ss-timeline-item\">\n<h4 id=\"0710-inicio-de-la-relacion\" class=\"gb-text\">07.10 | Inicio de la relaci\u00f3n<\/h4>\n\n\n\n<p class=\"wp-block-paragraph\">Comienza la experiencia de sor Lizia en la Misericordia di Lucca<\/p>\n\n\n\n<figure class=\"wp-block-gallery has-nested-images columns-1 is-cropped ss-lightbox wp-block-gallery-1 is-layout-flex wp-block-gallery-is-layout-flex\">\n<figure class=\"wp-block-image size-large\"><img decoding=\"async\" src=\"https:\/\/spaziospadoni.org\/wp-content\/uploads\/2026\/05\/inizio-rapporto-F-a-tutti-e-due-copia-283x300.jpg\" alt=\"inicio de la relaci\u00f3n F a ambos copia 283x300\"\/><figcaption class=\"wp-element-caption\">inicio de la relaci\u00f3n F a ambos copia 283&#215;300<\/figcaption><\/figure>\n\n\n\n<figure class=\"wp-block-image size-large\"><img decoding=\"async\" src=\"https:\/\/spaziospadoni.org\/wp-content\/uploads\/2026\/05\/inizio-rapporto-F-sergio-e-sr-copia-300x224.jpg\" alt=\"inicio de la relaci\u00f3n F sergio y sor copia 300x224\"\/><figcaption class=\"wp-element-caption\">inicio de la relaci\u00f3n F sergio y sor copia 300&#215;224<\/figcaption><\/figure>\n<\/figure>\n<\/div>\n<\/div>\n\n\n\n<div class=\"ss-timeline\">\n<h3 id=\"2021\" class=\"gb-text\">2021<\/h3>\n\n\n\n<div class=\"ss-timeline-item\">\n<h4 id=\"05-formacion\" class=\"gb-text\">05 | Formaci\u00f3n<\/h4>\n\n\n\n<p class=\"wp-block-paragraph\">Sor Lizia realiza el curso de primeros auxilios en la Misericordia di Lucca<\/p>\n\n\n\n<figure class=\"wp-block-gallery has-nested-images columns-1 is-cropped ss-lightbox wp-block-gallery-2 is-layout-flex wp-block-gallery-is-layout-flex\">\n<figure class=\"wp-block-image size-large\"><img decoding=\"async\" src=\"https:\/\/spaziospadoni.org\/wp-content\/uploads\/2026\/05\/Corso-primo-soccorso-F-sr-copia-300x219.jpg\" alt=\"Curso primeros auxilios F sor copia 300x219\"\/><figcaption class=\"wp-element-caption\">Curso primeros auxilios F sor copia 300&#215;219<\/figcaption><\/figure>\n\n\n\n<figure class=\"wp-block-image size-large\"><img decoding=\"async\" src=\"https:\/\/spaziospadoni.org\/wp-content\/uploads\/2026\/05\/Corso-primo-soccroso-F-sr-copia-239x300.jpg\" alt=\"Curso primeros auxilios F sor copia 239x300\"\/><figcaption class=\"wp-element-caption\">Curso primeros auxilios F sor copia 239&#215;300<\/figcaption><\/figure>\n<\/figure>\n<\/div>\n\n\n\n<div class=\"ss-timeline-item\">\n<h4 id=\"3406-formacion\" class=\"gb-text\">3-4.06 | Formaci\u00f3n<\/h4>\n\n\n\n<p class=\"wp-block-paragraph\">Formaci\u00f3n del proyecto HIC SUM en la Casa Madre de las Hermanas de Santa Gemma<\/p>\n\n\n\n<figure class=\"wp-block-gallery has-nested-images columns-1 is-cropped ss-lightbox wp-block-gallery-3 is-layout-flex wp-block-gallery-is-layout-flex\">\n<figure class=\"wp-block-image size-large\"><img decoding=\"async\" src=\"https:\/\/spaziospadoni.org\/wp-content\/uploads\/2026\/05\/Formazione-F-lazzarino-e-sr-copia-300x164.jpg\" alt=\"Formaci\u00f3n F lazzarino y sor copia 300x164\"\/><figcaption class=\"wp-element-caption\">Formaci\u00f3n F lazzarino y sor copia 300&#215;164<\/figcaption><\/figure>\n\n\n\n<figure class=\"wp-block-image size-large\"><img decoding=\"async\" src=\"https:\/\/spaziospadoni.org\/wp-content\/uploads\/2026\/05\/formazione-F-sr-liz-e-altra-sr-copia-300x208.jpg\" alt=\"formaci\u00f3n F sor liz y otra sor copia 300x208\"\/><figcaption class=\"wp-element-caption\">formaci\u00f3n F sor liz y otra sor copia 300&#215;208<\/figcaption><\/figure>\n\n\n\n<figure class=\"wp-block-image size-large\"><img decoding=\"async\" src=\"https:\/\/spaziospadoni.org\/wp-content\/uploads\/2026\/05\/Formazione-F-copia-300x273.jpg\" alt=\"Formaci\u00f3n F copia 300x273\"\/><figcaption class=\"wp-element-caption\">Formaci\u00f3n F copia 300&#215;273<\/figcaption><\/figure>\n\n\n\n<figure class=\"wp-block-image size-large\"><img decoding=\"async\" src=\"https:\/\/spaziospadoni.org\/wp-content\/uploads\/2026\/05\/Formazione-F-lizia-copia-300x290.jpg\" alt=\"Formaci\u00f3n F lizia copia 300x290\"\/><figcaption class=\"wp-element-caption\">Formaci\u00f3n F lizia copia 300&#215;290<\/figcaption><\/figure>\n\n\n\n<figure class=\"wp-block-image size-large\"><img decoding=\"async\" src=\"https:\/\/spaziospadoni.org\/wp-content\/uploads\/2026\/05\/Formazione-F-sr-l-copia-225x300.jpg\" alt=\"Formaci\u00f3n F sor l copia 225x300\"\/><figcaption class=\"wp-element-caption\">Formaci\u00f3n F sor l copia 225&#215;300<\/figcaption><\/figure>\n<\/figure>\n<\/div>\n\n\n\n<div class=\"ss-timeline-item\">\n<h4 id=\"61109-convention-fare-spazio-alla-reciprocita\" class=\"gb-text\">6-11.09 | Convention Fare Spazio alla Reciprocit\u00e0<\/h4>\n\n\n\n<p class=\"wp-block-paragraph\">Sor Lizia participa activamente en la Convenci\u00f3n ideada y promovida por spazio<strong> + <\/strong>spadoni en el Convento de San Cerbone (LU)<\/p>\n<\/div>\n\n\n\n<div class=\"ss-timeline-item\">\n<h4 id=\"10-inicio-de-la-formacion-sobre-velas\" class=\"gb-text\">10 | Inicio de la formaci\u00f3n sobre velas<\/h4>\n\n\n\n<p class=\"wp-block-paragraph\">El curso de formaci\u00f3n se realiza en l\u00ednea<\/p>\n<\/div>\n<\/div>\n\n\n\n<div class=\"ss-timeline\">\n<h3 id=\"2022\" class=\"gb-text\">2022<\/h3>\n\n\n\n<div class=\"ss-timeline-item\">\n<h4 id=\"2302-salida-de-la-hermana\" class=\"gb-text\">23.02 | Salida de la hermana<\/h4>\n\n\n\n<p class=\"wp-block-paragraph\">Sor Lizia parte hacia la comunidad de Itanha\u00e9m, en Brasil<\/p>\n\n\n\n<figure class=\"wp-block-gallery has-nested-images columns-1 is-cropped ss-lightbox wp-block-gallery-4 is-layout-flex wp-block-gallery-is-layout-flex\">\n<figure class=\"wp-block-image size-large\"><img decoding=\"async\" src=\"https:\/\/spaziospadoni.org\/wp-content\/uploads\/2026\/05\/partenza-sr-F-lizia-e-sergio-copia-300x272.jpg\" alt=\"salida sor F lizia y sergio copia 300x272\"\/><figcaption class=\"wp-element-caption\">salida sor F lizia y sergio copia 300&#215;272<\/figcaption><\/figure>\n\n\n\n<figure class=\"wp-block-image size-large\"><img decoding=\"async\" src=\"https:\/\/spaziospadoni.org\/wp-content\/uploads\/2026\/05\/partenza-sr-257x300.jpg\" alt=\"salida sor 257x300\"\/><figcaption class=\"wp-element-caption\">salida sor 257&#215;300<\/figcaption><\/figure>\n<\/figure>\n<\/div>\n\n\n\n<div class=\"ss-timeline-item\">\n<h4 id=\"04-primera-financiacion-concedida\" class=\"gb-text\">04 | Primera financiaci\u00f3n concedida<\/h4>\n\n\n\n<p class=\"wp-block-paragraph\">La financiaci\u00f3n est\u00e1 destinada a la compra del material para la producci\u00f3n de velas<\/p>\n<\/div>\n\n\n\n<div class=\"ss-timeline-item\">\n<h4 id=\"06-inicio-de-la-produccion-y-la-venta\" class=\"gb-text\">06 | Inicio de la producci\u00f3n y la venta<\/h4>\n\n\n\n<p class=\"wp-block-paragraph\">En junio de 2022, sor Lizia comienza a producir las primeras velas para funciones religiosas y a venderlas ese mismo mes<\/p>\n\n\n\n<figure class=\"wp-block-gallery has-nested-images columns-1 is-cropped ss-lightbox wp-block-gallery-5 is-layout-flex wp-block-gallery-is-layout-flex\">\n<figure class=\"wp-block-image size-large\"><img decoding=\"async\" src=\"https:\/\/spaziospadoni.org\/wp-content\/uploads\/2026\/05\/inizio-produzione-e-vendita-F-sr-copia-287x300.jpg\" alt=\"inicio de producci\u00f3n y venta F sor copia 287x300\"\/><figcaption class=\"wp-element-caption\">inicio de producci\u00f3n y venta F sor copia 287&#215;300<\/figcaption><\/figure>\n\n\n\n<figure class=\"wp-block-image size-large\"><img decoding=\"async\" src=\"https:\/\/spaziospadoni.org\/wp-content\/uploads\/2026\/05\/inizio-produzione-e-vendita-F-sr-e-maglie-celeste-copia-300x187.jpg\" alt=\"inicio de producci\u00f3n y venta F sor y camisetas celestes copia 300x187\"\/><figcaption class=\"wp-element-caption\">inicio de producci\u00f3n y venta F sor y camisetas celestes copia 300&#215;187<\/figcaption><\/figure>\n<\/figure>\n<\/div>\n<\/div>\n\n\n\n<div class=\"ss-timeline\">\n<h3 id=\"2023\" class=\"gb-text\">2023<\/h3>\n\n\n\n<div class=\"ss-timeline-item\">\n<h4 id=\"11-traslado\" class=\"gb-text\">11 | Traslado<\/h4>\n\n\n\n<p class=\"wp-block-paragraph\">Sor Lizia es trasladada a una nueva comunidad brasile\u00f1a. Sin embargo, la producci\u00f3n de velas contin\u00faa en la comunidad de Itanha\u00e9m. Estamos a la espera de recibir nuevas propuestas para llevar a cabo en la nueva comunidad<\/p>\n<\/div>\n<\/div>\n\n\n\n<div class=\"ss-timeline\">\n<h3 id=\"2024\" class=\"gb-text\">2024<\/h3>\n\n\n\n<div class=\"ss-timeline-item\">\n<h4 id=\"0102-suspension-del-proyecto\" class=\"gb-text\">01.02 | Suspensi\u00f3n del proyecto<\/h4>\n\n\n\n<p class=\"wp-block-paragraph\">El proyecto se suspende debido al traslado de sor Lizia. Se mantiene la disponibilidad y el compromiso de spazio<strong> + <\/strong>spadoni de apoyar al Instituto Religioso y mantener la relaci\u00f3n de hermanamiento entre la Misericordia di Lucca y la Congregaci\u00f3n<\/p>\n<\/div>\n<\/div>\n\n\n\n<div class=\"ss-timeline\">\n<h3 id=\"evaluaciones-del-proyecto\" class=\"gb-text\">Evaluaciones del proyecto<\/h3>\n\n\n\n<div class=\"ss-timeline-item\">\n<h4 id=\"enero-de-2021\" class=\"gb-text\">Enero de 2021 <\/h4>\n\n\n\n<p class=\"wp-block-paragraph\">Evaluaci\u00f3n del proyecto de producci\u00f3n de velas<\/p>\n<\/div>\n<\/div>\n<\/div>\n\n\n\n<div class=\"ss-project-media\">\n<h2 id=\"fotos-y-videos\" class=\"gb-text gb-text-d7bd8be8\">Fotos y v\u00eddeos<\/h2>\n\n\n\n<div class=\"ss-media-filters\">\n<a class=\"gb-text ss-media-filter active\" data-filter=\"*\" title=\"Todo\">Todo<\/a>\n\n\n\n<a class=\"gb-text ss-media-filter\" data-filter=\".formazione\" title=\"Formaci\u00f3n\">Formaci\u00f3n<\/a>\n\n\n\n<a class=\"gb-text ss-media-filter\" data-filter=\".itanhaem\" title=\"Itanha\u00e9m\">Itanha\u00e9m<\/a>\n<\/div>\n\n\n\n<div class=\"ss-media-grid\">\n<div>\n<figure class=\"wp-block-gallery has-nested-images columns-1 is-cropped ss-lightbox wp-block-gallery-6 is-layout-flex wp-block-gallery-is-layout-flex\">\n<figure class=\"wp-block-image size-large formazione\"><img decoding=\"async\" src=\"https:\/\/spaziospadoni.org\/wp-content\/uploads\/2026\/05\/Suor-Lizia-300x225.jpg\" alt=\"Sor Lizia 300x225\"\/><\/figure>\n\n\n\n<figure class=\"wp-block-image size-large formazione\"><img decoding=\"async\" src=\"https:\/\/spaziospadoni.org\/wp-content\/uploads\/2026\/05\/Formazione-F-sr-l-copia-225x300.jpg\" alt=\"Formaci\u00f3n F sor l copia 225x300\"\/><\/figure>\n\n\n\n<figure class=\"wp-block-image size-large formazione\"><img decoding=\"async\" src=\"https:\/\/spaziospadoni.org\/wp-content\/uploads\/2026\/05\/inizio-rapporto-F-sergio-e-sr-copia-300x224.jpg\" alt=\"inicio de la relaci\u00f3n F sergio y sor copia 300x224\"\/><\/figure>\n\n\n\n<figure class=\"wp-block-image size-large formazione\"><img decoding=\"async\" src=\"https:\/\/spaziospadoni.org\/wp-content\/uploads\/2026\/05\/inizio-rapporto-F-a-tutti-e-due-copia-283x300.jpg\" alt=\"inicio de la relaci\u00f3n F a ambos copia 283x300\"\/><\/figure>\n\n\n\n<figure class=\"wp-block-image size-large formazione\"><img decoding=\"async\" src=\"https:\/\/spaziospadoni.org\/wp-content\/uploads\/2026\/05\/2020_ottobre_hic_sum_3_suor_lizia_italia_misericordia_lucca_spazio_spadoni_formazione-5.jpg\" alt=\"2020 octubre hic sum 3 sor lizia italia misericordia lucca spazio spadoni formaci\u00f3n 5\"\/><\/figure>\n\n\n\n<figure class=\"wp-block-image size-large formazione\"><img decoding=\"async\" src=\"https:\/\/spaziospadoni.org\/wp-content\/uploads\/2026\/05\/2020_ottobre_hic_sum_3_suor_lizia_italia_misericordia_lucca_spazio_spadoni_formazione-7.jpg\" alt=\"2020 octubre hic sum 3 sor lizia italia misericordia lucca spazio spadoni formaci\u00f3n 7\"\/><\/figure>\n\n\n\n<figure class=\"wp-block-image size-large formazione\"><img decoding=\"async\" src=\"https:\/\/spaziospadoni.org\/wp-content\/uploads\/2026\/05\/2020_ottobre_hic_sum_3_suor_lizia_italia_misericordia_lucca_spazio_spadoni_formazione-9.jpg\" alt=\"2020 octubre hic sum 3 sor lizia italia misericordia lucca spazio spadoni formaci\u00f3n 9\"\/><\/figure>\n\n\n\n<figure class=\"wp-block-image size-large formazione\"><img decoding=\"async\" src=\"https:\/\/spaziospadoni.org\/wp-content\/uploads\/2026\/05\/2020_ottobre_hic_sum_3_suor_lizia_san_francesco_sales_primo_soccorso_italia_misericordia_lucca_spazio_spadoni_formazione-1.jpeg\" alt=\"2020 octubre hic sum 3 sor lizia san Francisco de Sales primeros auxilios italia misericordia lucca spazio spadoni formaci\u00f3n 1\"\/><\/figure>\n\n\n\n<figure class=\"wp-block-image size-large formazione\"><img decoding=\"async\" src=\"https:\/\/spaziospadoni.org\/wp-content\/uploads\/2026\/05\/2020_ottobre_hic_sum_3_suor_lizia_san_francesco_sales_primo_soccorso_italia_misericordia_lucca_spazio_spadoni_formazione-1.jpg\" alt=\"2020 octubre hic sum 3 sor lizia san Francisco de Sales primeros auxilios italia misericordia lucca spazio spadoni formaci\u00f3n 1\"\/><\/figure>\n\n\n\n<figure class=\"wp-block-image size-large formazione\"><img decoding=\"async\" src=\"https:\/\/spaziospadoni.org\/wp-content\/uploads\/2026\/05\/2020_ottobre_hic_sum_3_suor_lizia_san_francesco_sales_primo_soccorso_italia_misericordia_lucca_spazio_spadoni_formazione-2.jpg\" alt=\"2020 octubre hic sum 3 sor lizia san Francisco de Sales primeros auxilios italia misericordia lucca spazio spadoni formaci\u00f3n 2\"\/><\/figure>\n\n\n\n<figure class=\"wp-block-image size-large formazione\"><img decoding=\"async\" src=\"https:\/\/spaziospadoni.org\/wp-content\/uploads\/2026\/05\/Corso-primo-soccorso-F-sr-copia-300x219.jpg\" alt=\"Curso primeros auxilios F sor copia 300x219\"\/><\/figure>\n\n\n\n<figure class=\"wp-block-image size-large formazione\"><img decoding=\"async\" src=\"https:\/\/spaziospadoni.org\/wp-content\/uploads\/2026\/05\/Formazione-F-lizia-copia-300x290.jpg\" alt=\"Formaci\u00f3n F lizia copia 300x290\"\/><\/figure>\n\n\n\n<figure class=\"wp-block-image size-large formazione\"><img decoding=\"async\" src=\"https:\/\/spaziospadoni.org\/wp-content\/uploads\/2026\/05\/2020_ottobre_hic_sum_3_suor_lizia_san_francesco_sales_primo_soccorso_italia_misericordia_lucca_spazio_spadoni_formazione-4.jpeg\" alt=\"2020 octubre hic sum 3 sor lizia san Francisco de Sales primeros auxilios italia misericordia lucca spazio spadoni formaci\u00f3n 4\"\/><\/figure>\n\n\n\n<figure class=\"wp-block-image size-large formazione\"><img decoding=\"async\" src=\"https:\/\/spaziospadoni.org\/wp-content\/uploads\/2026\/05\/2020_ottobre_hic_sum_3_suor_lizia_san_francesco_sales_primo_soccorso_italia_misericordia_lucca_spazio_spadoni_formazione-5.jpeg\" alt=\"2020 octubre hic sum 3 sor lizia san Francisco de Sales primeros auxilios italia misericordia lucca spazio spadoni formaci\u00f3n 5\"\/><\/figure>\n\n\n\n<figure class=\"wp-block-image size-large formazione\"><img decoding=\"async\" src=\"https:\/\/spaziospadoni.org\/wp-content\/uploads\/2026\/05\/Corso-primo-soccroso-F-sr-copia-239x300.jpg\" alt=\"Curso primeros auxilios F sor copia 239x300\"\/><\/figure>\n\n\n\n<figure class=\"wp-block-image size-large itanhaem\"><img decoding=\"async\" src=\"https:\/\/spaziospadoni.org\/wp-content\/uploads\/2026\/05\/2021_dicembre_hic_sum_3_suor_lizia_san_francesco_sales_brasile_itanhaem_santos_misericordia_lucca_spazio_spadoni_impresa_sociale_candele.jpg\" alt=\"2021 diciembre hic sum 3 sor lizia san Francisco de Sales brasil itanhaem santos misericordia lucca spazio spadoni empresa social velas\"\/><\/figure>\n\n\n\n<figure class=\"wp-block-image size-large itanhaem\"><img decoding=\"async\" src=\"https:\/\/spaziospadoni.org\/wp-content\/uploads\/2026\/05\/2021_dicembre_hic_sum_3_suor_lizia_san_francesco_sales_brasile_itanhaem_santos_misericordia_lucca_spazio_spadoni_natale-3.jpg\" alt=\"2021 diciembre hic sum 3 sor lizia san Francisco de Sales brasil itanhaem santos misericordia lucca spazio spadoni Navidad 3\"\/><\/figure>\n\n\n\n<figure class=\"wp-block-image size-large itanhaem\"><img decoding=\"async\" src=\"https:\/\/spaziospadoni.org\/wp-content\/uploads\/2026\/05\/2021_dicembre_hic_sum_3_suor_lizia_san_francesco_sales_brasile_itanhaem_santos_misericordia_lucca_spazio_spadoni_natale-9.jpg\" alt=\"2021 diciembre hic sum 3 sor lizia san Francisco de Sales brasil itanhaem santos misericordia lucca spazio spadoni Navidad 9\"\/><\/figure>\n\n\n\n<figure class=\"wp-block-image size-large itanhaem\"><img decoding=\"async\" src=\"https:\/\/spaziospadoni.org\/wp-content\/uploads\/2026\/05\/2021_dicembre_hic_sum_3_suor_lizia_san_francesco_sales_brasile_itanhaem_santos_misericordia_lucca_spazio_spadoni_natale-12.jpg\" alt=\"2021 diciembre hic sum 3 sor lizia san Francisco de Sales brasil itanhaem santos misericordia lucca spazio spadoni Navidad 12\"\/><\/figure>\n\n\n\n<figure class=\"wp-block-image size-large itanhaem\"><img decoding=\"async\" src=\"https:\/\/spaziospadoni.org\/wp-content\/uploads\/2026\/05\/inizio-produzione-e-vendita-F-sr-copia-287x300.jpg\" alt=\"inicio de producci\u00f3n y venta F sor copia 287x300\"\/><\/figure>\n\n\n\n<figure class=\"wp-block-image size-large itanhaem\"><img decoding=\"async\" src=\"https:\/\/spaziospadoni.org\/wp-content\/uploads\/2026\/05\/inizio-produzione-e-vendita-F-sr-e-maglie-celeste-copia-300x187.jpg\" alt=\"inicio de producci\u00f3n y venta F sor y camisetas celestes copia 300x187\"\/><\/figure>\n\n\n\n<figure class=\"wp-block-image size-large itanhaem\"><img decoding=\"async\" src=\"https:\/\/spaziospadoni.org\/wp-content\/uploads\/2026\/05\/2021_dicembre_hic_sum_3_suor_lizia_san_francesco_sales_brasile_itanhaem_santos_misericordia_lucca_spazio_spadoni_natale-17.jpg\" alt=\"2021 diciembre hic sum 3 sor lizia san Francisco de Sales brasil itanhaem santos misericordia lucca spazio spadoni Navidad 17\"\/><\/figure>\n\n\n\n<figure class=\"wp-block-image size-large itanhaem\"><img decoding=\"async\" src=\"https:\/\/spaziospadoni.org\/wp-content\/uploads\/2026\/05\/2021_dicembre_hic_sum_3_suor_lizia_san_francesco_sales_brasile_itanhaem_santos_misericordia_lucca_spazio_spadoni_natale-19.jpg\" alt=\"2021 diciembre hic sum 3 sor lizia san Francisco de Sales brasil itanhaem santos misericordia lucca spazio spadoni Navidad 19\"\/><\/figure>\n\n\n\n<figure class=\"wp-block-image size-large itanhaem\"><img decoding=\"async\" src=\"https:\/\/spaziospadoni.org\/wp-content\/uploads\/2026\/05\/2021_dicembre_hic_sum_3_suor_lizia_san_francesco_sales_brasile_itanhaem_santos_misericordia_lucca_spazio_spadoni_natale-23.jpg\" alt=\"2021 diciembre hic sum 3 sor lizia san Francisco de Sales brasil itanhaem santos misericordia lucca spazio spadoni Navidad 23\"\/><\/figure>\n\n\n\n<figure class=\"wp-block-image size-large itanhaem\"><img decoding=\"async\" src=\"https:\/\/spaziospadoni.org\/wp-content\/uploads\/2026\/05\/2021_dicembre_hic_sum_3_suor_lizia_san_francesco_sales_brasile_itanhaem_santos_misericordia_lucca_spazio_spadoni_natale-27.jpg\" alt=\"2021 diciembre hic sum 3 sor lizia san Francisco de Sales brasil itanhaem santos misericordia lucca spazio spadoni Navidad 27\"\/><\/figure>\n\n\n\n<figure class=\"wp-block-image size-large itanhaem\"><img decoding=\"async\" src=\"https:\/\/spaziospadoni.org\/wp-content\/uploads\/2026\/05\/2021_dicembre_hic_sum_3_suor_lizia_san_francesco_sales_brasile_itanhaem_santos_misericordia_lucca_spazio_spadoni_natale-34.jpg\" alt=\"2021 diciembre hic sum 3 sor lizia san Francisco de Sales brasil itanhaem santos misericordia lucca spazio spadoni Navidad 34\"\/><\/figure>\n\n\n\n<figure class=\"wp-block-image size-large itanhaem\"><img decoding=\"async\" src=\"https:\/\/spaziospadoni.org\/wp-content\/uploads\/2026\/05\/2021_dicembre_hic_sum_3_suor_lizia_san_francesco_sales_brasile_itanhaem_santos_misericordia_lucca_spazio_spadoni_natale-41.jpg\" alt=\"2021 diciembre hic sum 3 sor lizia san Francisco de Sales brasil itanhaem santos misericordia lucca spazio spadoni Navidad 41\"\/><\/figure>\n\n\n\n<figure class=\"wp-block-image size-large itanhaem\"><img decoding=\"async\" src=\"https:\/\/spaziospadoni.org\/wp-content\/uploads\/2026\/05\/2021_dicembre_hic_sum_3_suor_lizia_san_francesco_sales_brasile_itanhaem_santos_misericordia_lucca_spazio_spadoni_natale-47.jpg\" alt=\"2021 diciembre hic sum 3 sor lizia san Francisco de Sales brasil itanhaem santos misericordia lucca spazio spadoni Navidad 47\"\/><\/figure>\n\n\n\n<figure class=\"wp-block-image size-large formazione\"><img decoding=\"async\" src=\"https:\/\/spaziospadoni.org\/wp-content\/uploads\/2026\/05\/2021_dicembre_hic_sum_3_suor_lizia_san_francesco_sales_brasile_itanhaem_santos_misericordia_lucca_spazio_spadoni_volontariato-3.jpeg\" alt=\"2021 diciembre hic sum 3 sor lizia san Francisco de Sales brasil itanhaem santos misericordia lucca spazio spadoni voluntariado 3\"\/><\/figure>\n\n\n\n<figure class=\"wp-block-image size-large formazione\"><img decoding=\"async\" src=\"https:\/\/spaziospadoni.org\/wp-content\/uploads\/2026\/05\/2021_marzo_hic_sum_3_suor_lizia_italia_misericordia_lucca_spazio_spadoni_formazione-2.jpeg\" alt=\"2021 marzo hic sum 3 sor lizia italia misericordia lucca spazio spadoni formaci\u00f3n 2\"\/><\/figure>\n\n\n\n<figure class=\"wp-block-image size-large formazione\"><img decoding=\"async\" src=\"https:\/\/spaziospadoni.org\/wp-content\/uploads\/2026\/05\/2021_marzo_hic_sum_3_suor_lizia_italia_misericordia_lucca_spazio_spadoni_formazione-4.jpeg\" alt=\"2021 marzo hic sum 3 sor lizia italia misericordia lucca spazio spadoni formaci\u00f3n 4\"\/><\/figure>\n\n\n\n<figure class=\"wp-block-image size-large formazione\"><img decoding=\"async\" src=\"https:\/\/spaziospadoni.org\/wp-content\/uploads\/2026\/05\/2021_marzo_hic_sum_3_suor_lizia_italia_misericordia_lucca_spazio_spadoni_formazione-7.jpeg\" alt=\"2021 marzo hic sum 3 sor lizia italia misericordia lucca spazio spadoni formaci\u00f3n 7\"\/><\/figure>\n\n\n\n<figure class=\"wp-block-image size-large formazione\"><img decoding=\"async\" src=\"https:\/\/spaziospadoni.org\/wp-content\/uploads\/2026\/05\/2021_marzo_hic_sum_3_suor_lizia_italia_misericordia_lucca_spazio_spadoni_formazione-9.jpeg\" alt=\"2021 marzo hic sum 3 sor lizia italia misericordia lucca spazio spadoni formaci\u00f3n 9\"\/><\/figure>\n\n\n\n<figure class=\"wp-block-image size-large formazione\"><img decoding=\"async\" src=\"https:\/\/spaziospadoni.org\/wp-content\/uploads\/2026\/05\/2021_marzo_hic_sum_3_suor_lizia_italia_misericordia_lucca_spazio_spadoni_formazione-10.jpeg\" alt=\"2021 marzo hic sum 3 sor lizia italia misericordia lucca spazio spadoni formaci\u00f3n 10\"\/><\/figure>\n\n\n\n<figure class=\"wp-block-image size-large formazione\"><img decoding=\"async\" src=\"https:\/\/spaziospadoni.org\/wp-content\/uploads\/2026\/05\/2021_marzo_hic_sum_3_suor_lizia_italia_misericordia_lucca_spazio_spadoni_formazione-12.jpeg\" alt=\"2021 marzo hic sum 3 sor lizia italia misericordia lucca spazio spadoni formaci\u00f3n 12\"\/><\/figure>\n\n\n\n<figure class=\"wp-block-image size-large formazione\"><img decoding=\"async\" src=\"https:\/\/spaziospadoni.org\/wp-content\/uploads\/2026\/05\/2021_marzo_hic_sum_3_suor_lizia_italia_misericordia_lucca_spazio_spadoni_formazione-13.jpeg\" alt=\"2021 marzo hic sum 3 sor lizia italia misericordia lucca spazio spadoni formaci\u00f3n 13\"\/><\/figure>\n\n\n\n<figure class=\"wp-block-image size-large formazione\"><img decoding=\"async\" src=\"https:\/\/spaziospadoni.org\/wp-content\/uploads\/2026\/05\/2021_marzo_hic_sum_3_suor_lizia_italia_misericordia_lucca_spazio_spadoni_formazione-14.jpeg\" alt=\"2021 marzo hic sum 3 sor lizia italia misericordia lucca spazio spadoni formaci\u00f3n 14\"\/><\/figure>\n\n\n\n<figure class=\"wp-block-image size-large formazione\"><img decoding=\"async\" src=\"https:\/\/spaziospadoni.org\/wp-content\/uploads\/2026\/05\/2021_marzo_hic_sum_3_suor_lizia_italia_misericordia_lucca_spazio_spadoni_formazione-15.jpeg\" alt=\"2021 marzo hic sum 3 sor lizia italia misericordia lucca spazio spadoni formaci\u00f3n 15\"\/><\/figure>\n\n\n\n<figure class=\"wp-block-image size-large formazione\"><img decoding=\"async\" src=\"https:\/\/spaziospadoni.org\/wp-content\/uploads\/2026\/05\/2021_novembre_hic_sum_3_suor_lizia_italia_misericordia_lucca_spazio_spadoni_formazione_saluto-2-scaled-1.jpg\" alt=\"2021 noviembre hic sum 3 sor lizia italia misericordia lucca spazio spadoni formaci\u00f3n despedida 2 scaled\"\/><\/figure>\n\n\n\n<figure class=\"wp-block-image size-large formazione\"><img decoding=\"async\" src=\"https:\/\/spaziospadoni.org\/wp-content\/uploads\/2026\/05\/2021_novembre_hic_sum_3_suor_lizia_italia_misericordia_lucca_spazio_spadoni_formazione_saluto-5-scaled-1.jpg\" alt=\"2021 noviembre hic sum 3 sor lizia italia misericordia lucca spazio spadoni formaci\u00f3n despedida 5 scaled\"\/><\/figure>\n\n\n\n<figure class=\"wp-block-image size-large formazione\"><img decoding=\"async\" src=\"https:\/\/spaziospadoni.org\/wp-content\/uploads\/2026\/05\/2021_novembre_hic_sum_3_suor_lizia_italia_misericordia_lucca_spazio_spadoni_formazione_saluto-7-scaled-1.jpg\" alt=\"2021 noviembre hic sum 3 sor lizia italia misericordia lucca spazio spadoni formaci\u00f3n despedida 7 scaled\"\/><\/figure>\n\n\n\n<figure class=\"wp-block-image size-large formazione\"><img decoding=\"async\" src=\"https:\/\/spaziospadoni.org\/wp-content\/uploads\/2026\/05\/partenza-sr-F-lizia-e-sergio-copia-300x272.jpg\" alt=\"salida sor F lizia y sergio copia 300x272\"\/><\/figure>\n\n\n\n<figure class=\"wp-block-image size-large formazione\"><img decoding=\"async\" src=\"https:\/\/spaziospadoni.org\/wp-content\/uploads\/2026\/05\/2021_novembre_hic_sum_3_suor_lizia_italia_misericordia_lucca_spazio_spadoni_formazione_saluto-11-scaled-1.jpg\" alt=\"2021 noviembre hic sum 3 sor lizia italia misericordia lucca spazio spadoni formaci\u00f3n despedida 11 scaled\"\/><\/figure>\n\n\n\n<figure class=\"wp-block-image size-large formazione\"><img decoding=\"async\" src=\"https:\/\/spaziospadoni.org\/wp-content\/uploads\/2026\/05\/2022_aprile_hic_sum_3_suor_lizia_san_francesco_sales_brasile_itanhaem_santos_misericordia_lucca_spazio_spadoni_celebrazione-7.jpeg\" alt=\"2022 abril hic sum 3 sor lizia san Francisco de Sales brasil itanhaem santos misericordia lucca spazio spadoni celebraci\u00f3n 7\"\/><\/figure>\n\n\n\n<figure class=\"wp-block-image size-large formazione\"><img decoding=\"async\" src=\"https:\/\/spaziospadoni.org\/wp-content\/uploads\/2026\/05\/2022_aprile_hic_sum_3_suor_lizia_san_francesco_sales_brasile_itanhaem_santos_misericordia_lucca_spazio_spadoni_celebrazione-9.jpeg\" alt=\"2022 abril hic sum 3 sor lizia san Francisco de Sales brasil itanhaem santos misericordia lucca spazio spadoni celebraci\u00f3n 9\"\/><\/figure>\n\n\n\n<figure class=\"wp-block-image size-large itanhaem\"><img decoding=\"async\" src=\"https:\/\/spaziospadoni.org\/wp-content\/uploads\/2026\/05\/2021_dicembre_hic_sum_3_suor_lizia_san_francesco_sales_brasile_itanhaem_santos_misericordia_lucca_spazio_spadoni_natale-29-1.jpg\" alt=\"2021 diciembre hic sum 3 sor lizia san Francisco de Sales brasil itanhaem santos misericordia lucca spazio spadoni Navidad 29 1\"\/><\/figure>\n\n\n\n<figure class=\"wp-block-image size-large itanhaem\"><img decoding=\"async\" src=\"https:\/\/spaziospadoni.org\/wp-content\/uploads\/2026\/05\/2021_dicembre_hic_sum_3_suor_lizia_san_francesco_sales_brasile_itanhaem_santos_misericordia_lucca_spazio_spadoni_natale-33-1.jpg\" alt=\"2021 diciembre hic sum 3 sor lizia san Francisco de Sales brasil itanhaem santos misericordia lucca spazio spadoni Navidad 33 1\"\/><\/figure>\n\n\n\n<figure class=\"wp-block-image size-large formazione\"><img decoding=\"async\" src=\"https:\/\/spaziospadoni.org\/wp-content\/uploads\/2026\/05\/2021_marzo_hic_sum_3_suor_lizia_italia_misericordia_lucca_spazio_spadoni_formazione-1-1.jpeg\" alt=\"2021 marzo hic sum 3 sor lizia italia misericordia lucca spazio spadoni formaci\u00f3n 1 1\"\/><\/figure>\n\n\n\n<figure class=\"wp-block-image size-large formazione\"><img decoding=\"async\" src=\"https:\/\/spaziospadoni.org\/wp-content\/uploads\/2026\/05\/2021_novembre_hic_sum_3_suor_lizia_italia_misericordia_lucca_spazio_spadoni_formazione_saluto-1-1-scaled-1.jpg\" alt=\"2021 noviembre hic sum 3 sor lizia italia misericordia lucca spazio spadoni formaci\u00f3n despedida 1 1 scaled\"\/><\/figure>\n\n\n\n<figure class=\"wp-block-image size-large formazione\"><img decoding=\"async\" src=\"https:\/\/spaziospadoni.org\/wp-content\/uploads\/2026\/05\/2021_novembre_hic_sum_3_suor_lizia_italia_misericordia_lucca_spazio_spadoni_formazione_saluto-10-1-scaled-1.jpg\" alt=\"2021 noviembre hic sum 3 sor lizia italia misericordia lucca spazio spadoni formaci\u00f3n despedida 10 1 scaled\"\/><\/figure>\n\n\n\n<figure class=\"wp-block-image size-large formazione\"><img decoding=\"async\" src=\"https:\/\/spaziospadoni.org\/wp-content\/uploads\/2026\/05\/2022_aprile_hic_sum_3_suor_lizia_san_francesco_sales_brasile_itanhaem_santos_misericordia_lucca_spazio_spadoni_celebrazione-10-1.jpeg\" alt=\"2022 abril hic sum 3 sor lizia san Francisco de Sales brasil itanhaem santos misericordia lucca spazio spadoni celebraci\u00f3n 10 1\"\/><\/figure>\n\n\n\n<figure class=\"wp-block-image size-large formazione\"><img decoding=\"async\" src=\"https:\/\/spaziospadoni.org\/wp-content\/uploads\/2026\/05\/2020_settembre_italia_lucca_convento_san_cerbone_inaugurazione_spazio_spadoni_convegno_hic_sum_3_suor_lizia-1-200x300.jpg\" alt=\"2020 septiembre italia lucca convento san cerbone inauguraci\u00f3n spazio spadoni convenci\u00f3n hic sum 3 sor lizia 1 200x300\"\/><\/figure>\n\n\n\n<figure class=\"wp-block-image size-large formazione\"><img decoding=\"async\" src=\"https:\/\/spaziospadoni.org\/wp-content\/uploads\/2026\/05\/2020_settembre_italia_lucca_convento_san_cerbone_inaugurazione_spazio_spadoni_convegno_hic_sum_3_suor_lizia-2-300x200.jpg\" alt=\"2020 septiembre italia lucca convento san cerbone inauguraci\u00f3n spazio spadoni convenci\u00f3n hic sum 3 sor lizia 2 300x200\"\/><\/figure>\n\n\n\n<figure class=\"wp-block-image size-large formazione\"><img decoding=\"async\" src=\"https:\/\/spaziospadoni.org\/wp-content\/uploads\/2026\/05\/2021_maggio_italia_lucca_formazione_hic_sum_1_3_9_suor_jacqueline_lizia_lazzarino_formazione_cioccolato_spazio_spadoni-1-1-300x225.jpg\" alt=\"2021 mayo italia lucca formaci\u00f3n hic sum 1 3 9 sor jacqueline lizia lazzarino formaci\u00f3n chocolate spazio spadoni 1 1 300x225\"\/><\/figure>\n\n\n\n<figure class=\"wp-block-image size-large formazione\"><img decoding=\"async\" src=\"https:\/\/spaziospadoni.org\/wp-content\/uploads\/2026\/05\/formazione-F-sr-liz-e-altra-sr-copia-300x208.jpg\" alt=\"formaci\u00f3n F sor liz y otra sor copia 300x208\"\/><\/figure>\n\n\n\n<figure class=\"wp-block-image size-large formazione\"><img decoding=\"async\" src=\"https:\/\/spaziospadoni.org\/wp-content\/uploads\/2026\/05\/2021_maggio_italia_lucca_formazione_hic_sum_1_3_9_suor_jacqueline_lizia_lazzarino_formazione_cioccolato_spazio_spadoni-3-1-225x300.jpg\" alt=\"2021 mayo italia lucca formaci\u00f3n hic sum 1 3 9 sor jacqueline lizia lazzarino formaci\u00f3n chocolate spazio spadoni 3 1 225x300\"\/><\/figure>\n\n\n\n<figure class=\"wp-block-image size-large formazione\"><img decoding=\"async\" src=\"https:\/\/spaziospadoni.org\/wp-content\/uploads\/2026\/05\/Formazione-F-lazzarino-e-sr-copia-300x164.jpg\" alt=\"Formaci\u00f3n F lazzarino y sor copia 300x164\"\/><\/figure>\n<\/figure>\n<\/div>\n<\/div>\n<\/div>\n<\/div>\n","protected":false},"excerpt":{"rendered":"<p>Sor Lizia &#8211; Itanha\u00e9m (Brasil) PROYECTO 3 de 72 MISI\u00d3N Lugar Itanha\u00e9m Di\u00f3cesis Santos Pa\u00eds Brasil Continente Am\u00e9rica Coordenadas GPS -24.21780 -46.91332 Zona horaria UTC-3 CONGREGACI\u00d3N Congregaci\u00f3n Hijas de San Francisco de Sales Casa Madre Lugo (RA) Di\u00f3cesis Imola Pa\u00eds Italia Continente Europa Fiesta de la Congregaci\u00f3n 24 de enero, San Francisco de Sales Coordenadas &#8230; <a title=\"Brasil \u2013 Am\u00e9rica | Proyecto #3 de 72\" class=\"read-more\" href=\"https:\/\/spaziospadoni.org\/es\/hic-sum\/brasil-america-proyecto-3-de-72\/\" aria-label=\"Read more about Brasil \u2013 Am\u00e9rica | Proyecto #3 de 72\">Leer m\u00e1s<\/a><\/p>\n","protected":false},"author":102,"featured_media":0,"parent":63319,"menu_order":0,"comment_status":"closed","ping_status":"closed","template":"","meta":{"_sitemap_exclude":false,"_sitemap_priority":"","_sitemap_frequency":"","footnotes":""},"class_list":["post-62612","page","type-page","status-publish","infinite-scroll-item"],"yoast_head":"<!-- This site is optimized with the Yoast SEO plugin v28.4 - https:\/\/yoast.com\/product\/yoast-seo-wordpress\/ -->\n<title>Brasil \u2013 Am\u00e9rica | Proyecto #3 de 72 | Spazio Spadoni<\/title>\n<meta name=\"description\" content=\"Sor Lizia - Itanha\u00e9m (Brasil) PROYECTO 3 de 72 MISI\u00d3N Lugar Itanha\u00e9m Di\u00f3cesis Santos Pa\u00eds Brasil Continente Am\u00e9rica Coordenadas GPS -24.21780 -46.91332\" \/>\n<meta name=\"robots\" content=\"index, follow, max-snippet:-1, max-image-preview:large, max-video-preview:-1\" \/>\n<link rel=\"canonical\" href=\"https:\/\/spaziospadoni.org\/es\/hic-sum\/brasil-america-proyecto-3-de-72\/\" \/>\n<meta property=\"og:locale\" content=\"es_ES\" \/>\n<meta property=\"og:type\" content=\"article\" \/>\n<meta property=\"og:title\" content=\"Brasil \u2013 Am\u00e9rica | Proyecto #3 de 72 | Spazio Spadoni\" \/>\n<meta property=\"og:description\" content=\"Sor Lizia - Itanha\u00e9m (Brasil) PROYECTO 3 de 72 MISI\u00d3N Lugar Itanha\u00e9m Di\u00f3cesis Santos Pa\u00eds Brasil Continente Am\u00e9rica Coordenadas GPS -24.21780 -46.91332\" \/>\n<meta property=\"og:url\" content=\"https:\/\/spaziospadoni.org\/es\/hic-sum\/brasil-america-proyecto-3-de-72\/\" \/>\n<meta property=\"og:site_name\" content=\"spazio + spadoni\" \/>\n<meta property=\"article:publisher\" content=\"https:\/\/www.facebook.com\/SpazioSpadoni\/\" \/>\n<meta property=\"article:modified_time\" content=\"2026-08-01T10:57:54+00:00\" \/>\n<meta property=\"og:image\" content=\"https:\/\/spaziospadoni.org\/wp-content\/uploads\/2026\/05\/hicsum_1_congo-spaziospadoni-scaled.png\" \/>\n\t<meta property=\"og:image:width\" content=\"2560\" \/>\n\t<meta property=\"og:image:height\" content=\"1771\" \/>\n\t<meta property=\"og:image:type\" content=\"image\/png\" \/>\n<meta name=\"twitter:card\" content=\"summary_large_image\" \/>\n<meta name=\"twitter:label1\" content=\"Est. reading time\" \/>\n\t<meta name=\"twitter:data1\" content=\"20 minutes\" \/>\n<script type=\"application\/ld+json\" class=\"yoast-schema-graph\">{\"@context\":\"https:\\\/\\\/schema.org\",\"@graph\":[{\"@type\":\"WebPage\",\"@id\":\"https:\\\/\\\/spaziospadoni.org\\\/es\\\/hic-sum\\\/brasil-america-proyecto-3-de-72\\\/\",\"url\":\"https:\\\/\\\/spaziospadoni.org\\\/es\\\/hic-sum\\\/brasil-america-proyecto-3-de-72\\\/\",\"name\":\"Brasil \u2013 Am\u00e9rica | Proyecto #3 de 72 | Spazio Spadoni\",\"isPartOf\":{\"@id\":\"https:\\\/\\\/spaziospadoni.org\\\/es\\\/#website\"},\"primaryImageOfPage\":{\"@id\":\"https:\\\/\\\/spaziospadoni.org\\\/es\\\/hic-sum\\\/brasil-america-proyecto-3-de-72\\\/#primaryimage\"},\"image\":{\"@id\":\"https:\\\/\\\/spaziospadoni.org\\\/es\\\/hic-sum\\\/brasil-america-proyecto-3-de-72\\\/#primaryimage\"},\"thumbnailUrl\":\"https:\\\/\\\/spaziospadoni.org\\\/wp-content\\\/uploads\\\/2026\\\/05\\\/hicsum_3_brasile-spaziospadoni-scaled.png\",\"datePublished\":\"2026-05-14T14:21:14+00:00\",\"dateModified\":\"2026-08-01T10:57:54+00:00\",\"description\":\"Sor Lizia - Itanha\u00e9m (Brasil) PROYECTO 3 de 72 MISI\u00d3N Lugar Itanha\u00e9m Di\u00f3cesis Santos Pa\u00eds Brasil Continente Am\u00e9rica Coordenadas GPS -24.21780 -46.91332\",\"breadcrumb\":{\"@id\":\"https:\\\/\\\/spaziospadoni.org\\\/es\\\/hic-sum\\\/brasil-america-proyecto-3-de-72\\\/#breadcrumb\"},\"inLanguage\":\"es-ES\",\"potentialAction\":[{\"@type\":\"ReadAction\",\"target\":[\"https:\\\/\\\/spaziospadoni.org\\\/es\\\/hic-sum\\\/brasil-america-proyecto-3-de-72\\\/\"]}]},{\"@type\":\"ImageObject\",\"inLanguage\":\"es-ES\",\"@id\":\"https:\\\/\\\/spaziospadoni.org\\\/es\\\/hic-sum\\\/brasil-america-proyecto-3-de-72\\\/#primaryimage\",\"url\":\"https:\\\/\\\/spaziospadoni.org\\\/wp-content\\\/uploads\\\/2026\\\/05\\\/hicsum_3_brasile-spaziospadoni-scaled.png\",\"contentUrl\":\"https:\\\/\\\/spaziospadoni.org\\\/wp-content\\\/uploads\\\/2026\\\/05\\\/hicsum_3_brasile-spaziospadoni-scaled.png\"},{\"@type\":\"BreadcrumbList\",\"@id\":\"https:\\\/\\\/spaziospadoni.org\\\/es\\\/hic-sum\\\/brasil-america-proyecto-3-de-72\\\/#breadcrumb\",\"itemListElement\":[{\"@type\":\"ListItem\",\"position\":1,\"name\":\"Home\",\"item\":\"https:\\\/\\\/spaziospadoni.org\\\/es\\\/\"},{\"@type\":\"ListItem\",\"position\":2,\"name\":\"Proyectos misioneros &#8211; Hic Sum\",\"item\":\"https:\\\/\\\/spaziospadoni.org\\\/es\\\/hic-sum\\\/\"},{\"@type\":\"ListItem\",\"position\":3,\"name\":\"Brasil \u2013 Am\u00e9rica | Proyecto #3 de 72\"}]},{\"@type\":\"WebSite\",\"@id\":\"https:\\\/\\\/spaziospadoni.org\\\/es\\\/#website\",\"url\":\"https:\\\/\\\/spaziospadoni.org\\\/es\\\/\",\"name\":\"spazio + spadoni\",\"description\":\"Generazione di misericordia e missione nel mondo\",\"publisher\":{\"@id\":\"https:\\\/\\\/spaziospadoni.org\\\/es\\\/#organization\"},\"alternateName\":\"spaziospadoni.org\",\"potentialAction\":[{\"@type\":\"SearchAction\",\"target\":{\"@type\":\"EntryPoint\",\"urlTemplate\":\"https:\\\/\\\/spaziospadoni.org\\\/es\\\/?s={search_term_string}\"},\"query-input\":{\"@type\":\"PropertyValueSpecification\",\"valueRequired\":true,\"valueName\":\"search_term_string\"}}],\"inLanguage\":\"es-ES\"},{\"@type\":\"Organization\",\"@id\":\"https:\\\/\\\/spaziospadoni.org\\\/es\\\/#organization\",\"name\":\"spazio + spadoni\",\"alternateName\":\"spaziospadoni.org\",\"url\":\"https:\\\/\\\/spaziospadoni.org\\\/es\\\/\",\"logo\":{\"@type\":\"ImageObject\",\"inLanguage\":\"es-ES\",\"@id\":\"https:\\\/\\\/spaziospadoni.org\\\/es\\\/#\\\/schema\\\/logo\\\/image\\\/\",\"url\":\"https:\\\/\\\/spaziospadoni.org\\\/wp-content\\\/uploads\\\/2026\\\/05\\\/spazio-spadoni-logo-100x100-1.webp\",\"contentUrl\":\"https:\\\/\\\/spaziospadoni.org\\\/wp-content\\\/uploads\\\/2026\\\/05\\\/spazio-spadoni-logo-100x100-1.webp\",\"width\":100,\"height\":100,\"caption\":\"spazio + spadoni\"},\"image\":{\"@id\":\"https:\\\/\\\/spaziospadoni.org\\\/es\\\/#\\\/schema\\\/logo\\\/image\\\/\"},\"sameAs\":[\"https:\\\/\\\/www.facebook.com\\\/SpazioSpadoni\\\/\",\"https:\\\/\\\/www.instagram.com\\\/spaziospadoni\\\/\",\"https:\\\/\\\/www.youtube.com\\\/@spaziospadoni\\\/playlists\"]}]}<\/script>\n<!-- \/ Yoast SEO plugin. -->","yoast_head_json":{"title":"Brasil \u2013 Am\u00e9rica | Proyecto #3 de 72 | Spazio Spadoni","description":"Sor Lizia - Itanha\u00e9m (Brasil) PROYECTO 3 de 72 MISI\u00d3N Lugar Itanha\u00e9m Di\u00f3cesis Santos Pa\u00eds Brasil Continente Am\u00e9rica Coordenadas GPS -24.21780 -46.91332","robots":{"index":"index","follow":"follow","max-snippet":"max-snippet:-1","max-image-preview":"max-image-preview:large","max-video-preview":"max-video-preview:-1"},"canonical":"https:\/\/spaziospadoni.org\/es\/hic-sum\/brasil-america-proyecto-3-de-72\/","og_locale":"es_ES","og_type":"article","og_title":"Brasil \u2013 Am\u00e9rica | Proyecto #3 de 72 | Spazio Spadoni","og_description":"Sor Lizia - Itanha\u00e9m (Brasil) PROYECTO 3 de 72 MISI\u00d3N Lugar Itanha\u00e9m Di\u00f3cesis Santos Pa\u00eds Brasil Continente Am\u00e9rica Coordenadas GPS -24.21780 -46.91332","og_url":"https:\/\/spaziospadoni.org\/es\/hic-sum\/brasil-america-proyecto-3-de-72\/","og_site_name":"spazio + spadoni","article_publisher":"https:\/\/www.facebook.com\/SpazioSpadoni\/","article_modified_time":"2026-08-01T10:57:54+00:00","og_image":[{"width":2560,"height":1771,"url":"https:\/\/spaziospadoni.org\/wp-content\/uploads\/2026\/05\/hicsum_1_congo-spaziospadoni-scaled.png","type":"image\/png"}],"twitter_card":"summary_large_image","twitter_misc":{"Est. reading time":"20 minutes"},"schema":{"@context":"https:\/\/schema.org","@graph":[{"@type":"WebPage","@id":"https:\/\/spaziospadoni.org\/es\/hic-sum\/brasil-america-proyecto-3-de-72\/","url":"https:\/\/spaziospadoni.org\/es\/hic-sum\/brasil-america-proyecto-3-de-72\/","name":"Brasil \u2013 Am\u00e9rica | Proyecto #3 de 72 | Spazio Spadoni","isPartOf":{"@id":"https:\/\/spaziospadoni.org\/es\/#website"},"primaryImageOfPage":{"@id":"https:\/\/spaziospadoni.org\/es\/hic-sum\/brasil-america-proyecto-3-de-72\/#primaryimage"},"image":{"@id":"https:\/\/spaziospadoni.org\/es\/hic-sum\/brasil-america-proyecto-3-de-72\/#primaryimage"},"thumbnailUrl":"https:\/\/spaziospadoni.org\/wp-content\/uploads\/2026\/05\/hicsum_3_brasile-spaziospadoni-scaled.png","datePublished":"2026-05-14T14:21:14+00:00","dateModified":"2026-08-01T10:57:54+00:00","description":"Sor Lizia - Itanha\u00e9m (Brasil) PROYECTO 3 de 72 MISI\u00d3N Lugar Itanha\u00e9m Di\u00f3cesis Santos Pa\u00eds Brasil Continente Am\u00e9rica Coordenadas GPS -24.21780 -46.91332","breadcrumb":{"@id":"https:\/\/spaziospadoni.org\/es\/hic-sum\/brasil-america-proyecto-3-de-72\/#breadcrumb"},"inLanguage":"es-ES","potentialAction":[{"@type":"ReadAction","target":["https:\/\/spaziospadoni.org\/es\/hic-sum\/brasil-america-proyecto-3-de-72\/"]}]},{"@type":"ImageObject","inLanguage":"es-ES","@id":"https:\/\/spaziospadoni.org\/es\/hic-sum\/brasil-america-proyecto-3-de-72\/#primaryimage","url":"https:\/\/spaziospadoni.org\/wp-content\/uploads\/2026\/05\/hicsum_3_brasile-spaziospadoni-scaled.png","contentUrl":"https:\/\/spaziospadoni.org\/wp-content\/uploads\/2026\/05\/hicsum_3_brasile-spaziospadoni-scaled.png"},{"@type":"BreadcrumbList","@id":"https:\/\/spaziospadoni.org\/es\/hic-sum\/brasil-america-proyecto-3-de-72\/#breadcrumb","itemListElement":[{"@type":"ListItem","position":1,"name":"Home","item":"https:\/\/spaziospadoni.org\/es\/"},{"@type":"ListItem","position":2,"name":"Proyectos misioneros &#8211; Hic Sum","item":"https:\/\/spaziospadoni.org\/es\/hic-sum\/"},{"@type":"ListItem","position":3,"name":"Brasil \u2013 Am\u00e9rica | Proyecto #3 de 72"}]},{"@type":"WebSite","@id":"https:\/\/spaziospadoni.org\/es\/#website","url":"https:\/\/spaziospadoni.org\/es\/","name":"spazio + spadoni","description":"Generazione di misericordia e missione nel mondo","publisher":{"@id":"https:\/\/spaziospadoni.org\/es\/#organization"},"alternateName":"spaziospadoni.org","potentialAction":[{"@type":"SearchAction","target":{"@type":"EntryPoint","urlTemplate":"https:\/\/spaziospadoni.org\/es\/?s={search_term_string}"},"query-input":{"@type":"PropertyValueSpecification","valueRequired":true,"valueName":"search_term_string"}}],"inLanguage":"es-ES"},{"@type":"Organization","@id":"https:\/\/spaziospadoni.org\/es\/#organization","name":"spazio + spadoni","alternateName":"spaziospadoni.org","url":"https:\/\/spaziospadoni.org\/es\/","logo":{"@type":"ImageObject","inLanguage":"es-ES","@id":"https:\/\/spaziospadoni.org\/es\/#\/schema\/logo\/image\/","url":"https:\/\/spaziospadoni.org\/wp-content\/uploads\/2026\/05\/spazio-spadoni-logo-100x100-1.webp","contentUrl":"https:\/\/spaziospadoni.org\/wp-content\/uploads\/2026\/05\/spazio-spadoni-logo-100x100-1.webp","width":100,"height":100,"caption":"spazio + spadoni"},"image":{"@id":"https:\/\/spaziospadoni.org\/es\/#\/schema\/logo\/image\/"},"sameAs":["https:\/\/www.facebook.com\/SpazioSpadoni\/","https:\/\/www.instagram.com\/spaziospadoni\/","https:\/\/www.youtube.com\/@spaziospadoni\/playlists"]}]}},"_links":{"self":[{"href":"https:\/\/spaziospadoni.org\/es\/wp-json\/wp\/v2\/pages\/62612","targetHints":{"allow":["GET"]}}],"collection":[{"href":"https:\/\/spaziospadoni.org\/es\/wp-json\/wp\/v2\/pages"}],"about":[{"href":"https:\/\/spaziospadoni.org\/es\/wp-json\/wp\/v2\/types\/page"}],"author":[{"embeddable":true,"href":"https:\/\/spaziospadoni.org\/es\/wp-json\/wp\/v2\/users\/102"}],"replies":[{"embeddable":true,"href":"https:\/\/spaziospadoni.org\/es\/wp-json\/wp\/v2\/comments?post=62612"}],"version-history":[{"count":0,"href":"https:\/\/spaziospadoni.org\/es\/wp-json\/wp\/v2\/pages\/62612\/revisions"}],"up":[{"embeddable":true,"href":"https:\/\/spaziospadoni.org\/es\/wp-json\/wp\/v2\/pages\/63319"}],"wp:attachment":[{"href":"https:\/\/spaziospadoni.org\/es\/wp-json\/wp\/v2\/media?parent=62612"}],"curies":[{"name":"wp","href":"https:\/\/api.w.org\/{rel}","templated":true}]}}