{"id":62892,"date":"2026-05-15T15:11:40","date_gmt":"2026-05-15T14:11:40","guid":{"rendered":"https:\/\/spaziospadoni.org\/nigeria-africa-progetto-4-di-72\/"},"modified":"2026-07-20T12:57:23","modified_gmt":"2026-07-20T11:57:23","slug":"nigeria-africa-proyecto-4-de-72","status":"publish","type":"page","link":"https:\/\/spaziospadoni.org\/es\/hic-sum\/nigeria-africa-proyecto-4-de-72\/","title":{"rendered":"Nigeria \u2013 \u00c1frica | Proyecto #4 de 72"},"content":{"rendered":"\n<div class=\"ss-project-hero-card\">\n<h2 id=\"sor-ernestina-akwa-ibom-nigeria\" class=\"gb-text gb-text-62a95885\">Sor Ernestina &#8211; Akwa Ibom (Nigeria)<\/h2>\n\n\n\n<div class=\"gb-element-f60f2409\">\n<div class=\"gb-element-90a85740 ss-project-sidebar\">\n<h2 id=\"proyecto-4-de-72\" class=\"gb-text ss-project-title\">PROYECTO 4 de 72<\/h2>\n\n\n\n<figure class=\"wp-block-image size-large\"><img decoding=\"async\" src=\"https:\/\/spaziospadoni.org\/wp-content\/uploads\/2026\/05\/hicsum_4_nigeria-spaziospadoni.png\" alt=\"hicsum 4 nigeria spaziospadoni 400x277\" class=\"wp-image-43007\"\/><\/figure>\n\n\n\n<div class=\"ss-project-table\">\n<div class=\"ss-table-section-title\">\n<h3 id=\"mision\" class=\"gb-text\">MISI\u00d3N<\/h3>\n<\/div>\n\n\n\n<div class=\"ss-table-row\">\n<p class=\"gb-text\">Lugar<\/p>\n\n\n\n<p class=\"gb-text\"><a href=\"https:\/\/www.google.it\/maps\/place\/Akwa+Ibom,+Nigeria\/@4.9951964,7.2781948,10z\/data=!3m1!4b1!4m6!3m5!1s0x106813aaebe9c395:0xa912ee4d5df08a81!8m2!3d4.9057371!4d7.8536675!16zL20vMDJjd180?entry=ttu&amp;g_ep=EgoyMDI1MDMyNS4xIKXMDSoJLDEwMjExNjM5SAFQAw%3D%3D\" rel=\"noreferrer noopener\" target=\"_blank\" title=\"Akwa Ibom\">Akwa Ibom<\/a><\/p>\n<\/div>\n\n\n\n<div class=\"ss-table-row\">\n<p class=\"gb-text\">Di\u00f3cesis<\/p>\n\n\n\n<p class=\"gb-text\">Uyo<\/p>\n<\/div>\n\n\n\n<div class=\"ss-table-row\">\n<p class=\"gb-text\">Pa\u00eds<\/p>\n\n\n\n<p class=\"gb-text\"><strong>Nigeria<\/strong><\/p>\n<\/div>\n\n\n\n<div class=\"ss-table-row\">\n<p class=\"gb-text\">Continente<\/p>\n\n\n\n<p class=\"gb-text\">Africa<\/p>\n<\/div>\n\n\n\n<div class=\"ss-table-row\">\n<p class=\"gb-text\">Coordenadas GPS<\/p>\n\n\n\n<p class=\"gb-text\">5.03643 7.91221<\/p>\n<\/div>\n\n\n\n<div class=\"ss-table-row\">\n<p class=\"gb-text\">Zona horaria<\/p>\n\n\n\n<p class=\"gb-text\">UTC+1<\/p>\n<\/div>\n<\/div>\n\n\n\n<div class=\"ss-project-table\">\n<div class=\"ss-table-section-title\">\n<h3 id=\"congregacion\" class=\"gb-text\">CONGREGACI\u00d3N<\/h3>\n<\/div>\n\n\n\n<div class=\"ss-table-row\">\n<p class=\"gb-text\">Congregaci\u00f3n<\/p>\n\n\n\n<p class=\"gb-text\">Siervas del Santo Ni\u00f1o Jes\u00fas<\/p>\n<\/div>\n\n\n\n<div class=\"ss-table-row\">\n<p class=\"gb-text\">Casa Madre<\/p>\n\n\n\n<p class=\"gb-text\">Ikot Ekpene, Nigeria<\/p>\n<\/div>\n\n\n\n<div class=\"ss-table-row\">\n<p class=\"gb-text\">Di\u00f3cesis<\/p>\n\n\n\n<p class=\"gb-text\">Uyo<\/p>\n<\/div>\n\n\n\n<div class=\"ss-table-row\">\n<p class=\"gb-text\">Pa\u00eds<\/p>\n\n\n\n<p class=\"gb-text\">Nigeria<\/p>\n<\/div>\n\n\n\n<div class=\"ss-table-row\">\n<p class=\"gb-text\">Continente<\/p>\n\n\n\n<p class=\"gb-text\">Africa<\/p>\n<\/div>\n\n\n\n<div class=\"ss-table-row\">\n<p class=\"gb-text\">Fiesta de la Congregaci\u00f3n<\/p>\n\n\n\n<p class=\"gb-text\">Con ocasi\u00f3n de la Fiesta de la Anunciaci\u00f3n<\/p>\n<\/div>\n\n\n\n<div class=\"ss-table-row\">\n<p class=\"gb-text\">Coordenadas GPS<\/p>\n\n\n\n<p class=\"gb-text\">5.17553 7.72157<\/p>\n<\/div>\n\n\n\n<div class=\"ss-table-row\">\n<p class=\"gb-text\">Zona horaria<\/p>\n\n\n\n<p class=\"gb-text\">UTC+1<\/p>\n<\/div>\n\n\n\n<div class=\"ss-table-row\">\n<p class=\"gb-text\">Persona de referencia<\/p>\n\n\n\n<p class=\"gb-text\">Sor Ernestina<\/p>\n<\/div>\n\n\n\n<div class=\"ss-table-row\">\n<p class=\"gb-text\">Madre General<\/p>\n\n\n\n<p class=\"gb-text\">Sor Germaine Ocansey<\/p>\n<\/div>\n\n\n\n<div class=\"ss-table-row\">\n<p class=\"gb-text\">Sitio web<\/p>\n\n\n\n<p class=\"gb-text\"><a href=\"https:\/\/www.hhcj.it\/\" rel=\"noreferrer noopener\" target=\"_blank\" title=\"hhcj.it\">hhcj.it<\/a><\/p>\n<\/div>\n<\/div>\n\n\n\n<div class=\"ss-project-table\">\n<div class=\"ss-table-section-title\">\n<h3 id=\"entidad-de-formacion\" class=\"gb-text\">ENTIDAD DE FORMACI\u00d3N<\/h3>\n<\/div>\n\n\n\n<div class=\"ss-table-row\">\n<p class=\"gb-text\">Nombre<\/p>\n\n\n\n<p class=\"gb-text\">Misericordia San Francesco di Massa<\/p>\n<\/div>\n\n\n\n<div class=\"ss-table-row\">\n<p class=\"gb-text\">Lugar<\/p>\n\n\n\n<p class=\"gb-text\">Massa-Carrara (MS)<\/p>\n<\/div>\n\n\n\n<div class=\"ss-table-row\">\n<p class=\"gb-text\">Pa\u00eds<\/p>\n\n\n\n<p class=\"gb-text\">Italia<\/p>\n<\/div>\n\n\n\n<div class=\"ss-table-row\">\n<p class=\"gb-text\">Continente<\/p>\n\n\n\n<p class=\"gb-text\">Europa<\/p>\n<\/div>\n\n\n\n<div class=\"ss-table-row\">\n<p class=\"gb-text\">Coordenadas GPS<\/p>\n\n\n\n<p class=\"gb-text\">44.03217 10.13669<\/p>\n<\/div>\n\n\n\n<div class=\"ss-table-row\">\n<p class=\"gb-text\">Zona horaria<\/p>\n\n\n\n<p class=\"gb-text\">UTC+1<\/p>\n<\/div>\n\n\n\n<div class=\"ss-table-row\">\n<p class=\"gb-text\">Fecha de inicio<\/p>\n\n\n\n<p class=\"gb-text\">13\/09\/2021<\/p>\n<\/div>\n\n\n\n<div class=\"ss-table-row\">\n<p class=\"gb-text\">Fecha de finalizaci\u00f3n<\/p>\n\n\n\n<p class=\"gb-text\">Diciembre de 2021<\/p>\n<\/div>\n\n\n\n<div class=\"ss-table-row\">\n<p class=\"gb-text\">Tutor<\/p>\n\n\n\n<p class=\"gb-text\">Bruno Ciuffi<\/p>\n<\/div>\n<\/div>\n\n\n\n<div class=\"ss-project-table\">\n<div class=\"ss-table-section-title\">\n<h3 id=\"espacio-real\" class=\"gb-text\">ESPACIO REAL<\/h3>\n<\/div>\n\n\n\n<div class=\"ss-table-row\">\n<p class=\"gb-text\">Responsable del proyecto<\/p>\n\n\n\n<p class=\"gb-text\">Sor Ernestina<\/p>\n<\/div>\n\n\n\n<div class=\"ss-table-row\">\n<p class=\"gb-text\">Fecha de inicio<\/p>\n\n\n\n<p class=\"gb-text\">Mayo de 2022<\/p>\n<\/div>\n\n\n\n<div class=\"ss-table-row\">\n<p class=\"gb-text\">Tipolog\u00eda<\/p>\n\n\n\n<p class=\"gb-text\"><strong>Pane di Misericordia<\/strong><\/p>\n<\/div>\n<\/div>\n<\/div>\n<\/div>\n\n\n\n<div class=\"gb-element-6ad95ea8\">\n<div class=\"gb-element-e34063a6 ss-project-intro\"><div class=\"wp-block-image imgText\">\n<figure class=\"alignright size-full is-resized\"><img decoding=\"async\" alt=\"2022_febrero_hic_sum_4_nigeria_uyo_pane_misericordia_massa_impresa_sociale_costura_spazio_spadoni-\" src=\"https:\/\/spaziospadoni.org\/wp-content\/uploads\/2026\/05\/Creare-una-timeline-2022-per-mettere-foto-nel-foayer-F-sr-copia-300x253.jpg\" style=\"width:300px;height:auto\"\/><figcaption class=\"wp-element-caption\">Pane di Misericordia<\/figcaption><\/figure>\n<\/div>\n\n<div class=\"wp-block-image imgText\">\n<figure class=\"alignleft size-full is-resized\"><img decoding=\"async\" alt=\"sor ernestina spaziospadoni\" src=\"https:\/\/spaziospadoni.org\/wp-content\/uploads\/2026\/05\/suor_ernestina-spaziospadoni.jpg\" style=\"width:200px;height:auto\"\/><\/figure>\n<\/div>\n\n\n<p class=\"wp-block-paragraph\"><strong>En este caso, la empresa social preve\u00eda una inversi\u00f3n destinada a reforzar el centro de costura ya existente en la comunidad mediante la compra de nuevas m\u00e1quinas y de una bordadora que facilitara y agilizara el trabajo y permitiera realizar tambi\u00e9n los trabajos especiales solicitados. Con el traslado de sor Ernestina, que era la figura central del proyecto HIC SUM, se ha suspendido temporalmente la financiaci\u00f3n de esta actividad de empresa social, pero contin\u00faa la destinada a la difusi\u00f3n de las Obras de Misericordia.<\/strong><\/p>\n\n\n\n<p class=\"wp-block-paragraph\">Sor Ernestina, hermana de la Congregaci\u00f3n de las Siervas del Santo Ni\u00f1o Jes\u00fas, lleg\u00f3 a la <a href=\"https:\/\/mission.spaziospadoni.org\/it\/categoria\/opere-di-misericordia\/\" rel=\"noreferrer noopener\" target=\"_blank\" title=\"Misericordia\">Misericordia<\/a> San Francesco di Massa en septiembre de 2021, despu\u00e9s de participar en la Convenci\u00f3n de Spazio Spadoni \u201cFare Spazio alla Reciprocit\u00e0\u201d.<\/p>\n\n\n\n<p class=\"wp-block-paragraph\">Despu\u00e9s de algunos meses en la Misericordia, regres\u00f3 a Nigeria, a Akwa Ibom, un estado situado en la zona geopol\u00edtica meridional del pa\u00eds.<\/p>\n\n\n\n<p class=\"wp-block-paragraph\">El territorio presenta una tasa de delincuencia muy elevada y el dif\u00edcil contexto no ha favorecido el desarrollo del hermanamiento ni la presencia de voluntarios italianos, tal como estaba previsto en el proyecto.<\/p>\n\n\n\n<p class=\"wp-block-paragraph\">La comunidad de Akwa Ibom, aunque se encuentra en la ciudad, utiliza pozos para obtener agua y un generador para producir electricidad, empleado especialmente en el centro de costura, donde trabajan nueve personas entre mujeres del lugar y hermanas.<\/p>\n\n\n\n<p class=\"wp-block-paragraph\">Desde su llegada, sor Ernestina y sus hermanas comenzaron a difundir el conocimiento de las Obras de Misericordia, visitando peri\u00f3dicamente a los presos y ayudando a los pobres y necesitados de la sociedad. Precisamente por su carisma, las hermanas prestan tambi\u00e9n especial atenci\u00f3n al \u00e1mbito educativo y, en este caso, intentan concienciar a la poblaci\u00f3n local para combatir la trata de seres humanos.<\/p>\n\n\n\n<p class=\"wp-block-paragraph\">Durante 2023, sor Ernestina fue trasladada de la comunidad de Akwa Ibom para completar sus estudios.<\/p>\n\n\n\n<p class=\"wp-block-paragraph\"><strong>M\u00e1s informaci\u00f3n<\/strong><\/p>\n\n\n\n<p class=\"wp-block-paragraph\"><a href=\"https:\/\/spaziospadoni.org\/vita-della-chiesa\/vita-consacrata\/storia-della-vita-di-madre-mary-charles-magdalen-walker\/\" rel=\"noreferrer noopener\" target=\"_blank\" title=\"Historia de la vida de la madre Mary Charles Magdalen Walker\">Historia de la vida de la madre Mary Charles Magdalen Walker<\/a><\/p>\n<\/div>\n<\/div>\n\n\n\n<div>\n<h2 id=\"cronologia\" class=\"gb-text gb-text-8179e40a\">Cronolog\u00eda<\/h2>\n\n\n\n<div class=\"ss-timeline\">\n<h3 id=\"2020\" class=\"gb-text\">2020<\/h3>\n\n\n\n<div class=\"ss-timeline-item\">\n<h4 id=\"1908-inicio-de-la-relacion\" class=\"gb-text\">19.08 | Inicio de la relaci\u00f3n<\/h4>\n\n\n\n<p class=\"wp-block-paragraph\">Comienza la colaboraci\u00f3n entre Spazio Spadoni y las Siervas del Santo Ni\u00f1o Jes\u00fas<\/p>\n<\/div>\n<\/div>\n\n\n\n<div class=\"ss-timeline\">\n<h3 id=\"2021\" class=\"gb-text\">2021<\/h3>\n\n\n\n<div class=\"ss-timeline-item\">\n<h4 id=\"2004-llegada-de-la-hermana\" class=\"gb-text\">20.04 | Llegada de la hermana<\/h4>\n\n\n\n<p class=\"wp-block-paragraph\">Sor Ernestina llega a Italia y vive durante algunos meses en su comunidad de Lombard\u00eda para estudiar italiano<\/p>\n\n\n\n<figure class=\"wp-block-gallery has-nested-images columns-1 is-cropped ss-lightbox wp-block-gallery-1 is-layout-flex wp-block-gallery-is-layout-flex\">\n<figure class=\"wp-block-image size-large\"><img decoding=\"async\" src=\"https:\/\/spaziospadoni.org\/wp-content\/uploads\/2026\/05\/arrivo-sr-F-copia-251x300.jpg\" alt=\"llegada sor F copia 251x300\"\/><figcaption class=\"wp-element-caption\">20.04 | Llegada de la hermana<\/figcaption><\/figure>\n<\/figure>\n<\/div>\n\n\n\n<div class=\"ss-timeline-item\">\n<h4 id=\"050607-formacion\" class=\"gb-text\">05,06,07 | Formaci\u00f3n<\/h4>\n\n\n\n<p class=\"wp-block-paragraph\">Spazio Spadoni apoya el curso de italiano<\/p>\n<\/div>\n\n\n\n<div class=\"ss-timeline-item\">\n<h4 id=\"1309-formacion\" class=\"gb-text\">13.09 | Formaci\u00f3n<\/h4>\n\n\n\n<p class=\"wp-block-paragraph\">Sor Ernestina es acogida por la Misericordia di San Francesco di Massa, donde comienza su formaci\u00f3n<\/p>\n\n\n\n<figure class=\"wp-block-gallery has-nested-images columns-1 is-cropped ss-lightbox wp-block-gallery-2 is-layout-flex wp-block-gallery-is-layout-flex\">\n<figure class=\"wp-block-image size-large\"><img decoding=\"async\" src=\"https:\/\/spaziospadoni.org\/wp-content\/uploads\/2026\/05\/Formazione-F-gabry-copia-169x300.jpg\" alt=\"Formaci\u00f3n F gabry copia 169x300\"\/><figcaption class=\"wp-element-caption\">13.09 | Formaci\u00f3n<\/figcaption><\/figure>\n\n\n\n<figure class=\"wp-block-image size-large\"><img decoding=\"async\" src=\"https:\/\/spaziospadoni.org\/wp-content\/uploads\/2026\/05\/formazione-F-sr-solo-copia-300x242.jpg\" alt=\"formaci\u00f3n F sor solo copia 300x242\"\/><figcaption class=\"wp-element-caption\">13.09 | Formaci\u00f3n<\/figcaption><\/figure>\n\n\n\n<figure class=\"wp-block-image size-large\"><img decoding=\"async\" src=\"https:\/\/spaziospadoni.org\/wp-content\/uploads\/2026\/05\/formazione-F-sr-e-ragazza-copia-300x140.jpg\" alt=\"formaci\u00f3n F sor y una chica copia 300x140\"\/><figcaption class=\"wp-element-caption\">13.09 | Formaci\u00f3n<\/figcaption><\/figure>\n<\/figure>\n<\/div>\n\n\n\n<div class=\"ss-timeline-item\">\n<h4 id=\"61109-convention-fare-spazio-alla-reciprocita\" class=\"gb-text\">6-11.09 | Convention Fare Spazio alla Reciprocit\u00e0<\/h4>\n\n\n\n<p class=\"wp-block-paragraph\">Sor Ernestina participa activamente en la Convention concebida y promovida por Spazio Spadoni en el convento de San Cerbone (LU)<\/p>\n\n\n\n<figure class=\"wp-block-gallery has-nested-images columns-1 is-cropped ss-lightbox wp-block-gallery-3 is-layout-flex wp-block-gallery-is-layout-flex\">\n<figure class=\"wp-block-image size-large\"><img decoding=\"async\" src=\"https:\/\/spaziospadoni.org\/wp-content\/uploads\/2026\/05\/convention-fare-spazio-F-a-tutti-copia-300x189.jpg\" alt=\"convenci\u00f3n fare spazio F con todos copia 300x189\"\/><figcaption class=\"wp-element-caption\">6-11.09 | Convention Fare Spazio alla Reciprocit\u00e0<\/figcaption><\/figure>\n\n\n\n<figure class=\"wp-block-image size-large\"><img decoding=\"async\" src=\"https:\/\/spaziospadoni.org\/wp-content\/uploads\/2026\/05\/conmvention-F-bruno-F-bruno-copia-183x300.jpg\" alt=\"convenci\u00f3n F bruno F bruno copia 183x300\"\/><figcaption class=\"wp-element-caption\">6-11.09 | Convention Fare Spazio alla Reciprocit\u00e0<\/figcaption><\/figure>\n\n\n\n<figure class=\"wp-block-image size-large\"><img decoding=\"async\" src=\"https:\/\/spaziospadoni.org\/wp-content\/uploads\/2026\/05\/Convention-spazio-spadoni-F-a-tutte-e-due-copia-211x300.jpg\" alt=\"Convenci\u00f3n spazio spadoni F con ambas copia 211x300\"\/><figcaption class=\"wp-element-caption\">6-11.09 | Convention Fare Spazio alla Reciprocit\u00e0<\/figcaption><\/figure>\n\n\n\n<figure class=\"wp-block-image size-large\"><img decoding=\"async\" src=\"https:\/\/spaziospadoni.org\/wp-content\/uploads\/2026\/05\/Formazione-F-sr-e-sparsi-copia.jpg\" alt=\"Formaci\u00f3n F sor y personas dispersas copia\"\/><figcaption class=\"wp-element-caption\">6-11.09 | Convention Fare Spazio alla Reciprocit\u00e0<\/figcaption><\/figure>\n<\/figure>\n<\/div>\n\n\n\n<div class=\"ss-timeline-item\">\n<h4 id=\"161811-formacion\" class=\"gb-text\">16-18.11 | Formaci\u00f3n<\/h4>\n\n\n\n<figure class=\"wp-block-gallery has-nested-images columns-1 is-cropped ss-lightbox wp-block-gallery-4 is-layout-flex wp-block-gallery-is-layout-flex\">\n<figure class=\"wp-block-image size-large\"><img decoding=\"async\" src=\"https:\/\/spaziospadoni.org\/wp-content\/uploads\/2026\/05\/formazione-F-sr-300x190.jpg\" alt=\"formaci\u00f3n F sor 300x190\"\/><figcaption class=\"wp-element-caption\">16-18.11 | Formaci\u00f3n<\/figcaption><\/figure>\n\n\n\n<figure class=\"wp-block-image size-large\"><img decoding=\"async\" src=\"https:\/\/spaziospadoni.org\/wp-content\/uploads\/2026\/05\/Formazione-F-1-179x300.jpg\" alt=\"Formaci\u00f3n F 1 179x300\"\/><figcaption class=\"wp-element-caption\">16-18.11 | Formaci\u00f3n<\/figcaption><\/figure>\n<\/figure>\n<\/div>\n\n\n\n<div class=\"ss-timeline-item\">\n<h4 id=\"1612-salida-de-la-hermana\" class=\"gb-text\">16.12 | Salida de la hermana<\/h4>\n\n\n\n<p class=\"wp-block-paragraph\">Sor Ernestina regresa al estado de Akwa Ibom, en Nigeria<\/p>\n\n\n\n<figure class=\"wp-block-gallery has-nested-images columns-1 is-cropped ss-lightbox wp-block-gallery-5 is-layout-flex wp-block-gallery-is-layout-flex\">\n<figure class=\"wp-block-image size-large\"><img decoding=\"async\" src=\"https:\/\/spaziospadoni.org\/wp-content\/uploads\/2026\/05\/partenza-sr--178x300.jpg\" alt=\"salida sor 178x300\"\/><figcaption class=\"wp-element-caption\">16.12 | Salida de la hermana<\/figcaption><\/figure>\n<\/figure>\n<\/div>\n<\/div>\n\n\n\n<div class=\"ss-timeline\">\n<h3 id=\"2022\" class=\"gb-text\">2022<\/h3>\n\n\n\n<div class=\"ss-timeline-item\">\n<h4 id=\"05-inicio-de-la-produccion-y-la-venta\" class=\"gb-text\">05 | Inicio de la producci\u00f3n y la venta<\/h4>\n\n\n\n<figure class=\"wp-block-gallery has-nested-images columns-1 is-cropped ss-lightbox wp-block-gallery-6 is-layout-flex wp-block-gallery-is-layout-flex\">\n<figure class=\"wp-block-image size-large\"><img decoding=\"async\" src=\"https:\/\/spaziospadoni.org\/wp-content\/uploads\/2026\/05\/Creare-una-timeline-2022-per-mettere-foto-nel-foayer-F-copia-300x164.jpg\" alt=\"Crear una cronolog\u00eda de 2022 para poner fotos en el foyer F copia 300x164\"\/><figcaption class=\"wp-element-caption\">05 | Inicio de la producci\u00f3n y la venta<\/figcaption><\/figure>\n\n\n\n<figure class=\"wp-block-image size-large\"><img decoding=\"async\" src=\"https:\/\/spaziospadoni.org\/wp-content\/uploads\/2026\/05\/Creare-una-timeline-2022-per-mettere-foto-nel-foayer-F-sr-copia-300x253.jpg\" alt=\"Crear una cronolog\u00eda de 2022 para poner fotos en el foyer F sor copia 300x253\"\/><figcaption class=\"wp-element-caption\">05 | Inicio de la producci\u00f3n y la venta<\/figcaption><\/figure>\n\n\n\n<figure class=\"wp-block-image size-large\"><img decoding=\"async\" src=\"https:\/\/spaziospadoni.org\/wp-content\/uploads\/2026\/05\/Creare-una-timeline-2022-per-mettere-foto-nel-foayer-F-tutte-e-due-copia-300x164.jpg\" alt=\"Crear una cronolog\u00eda de 2022 para poner fotos en el foyer F ambas copia 300x164\"\/><figcaption class=\"wp-element-caption\">05 | Inicio de la producci\u00f3n y la venta<\/figcaption><\/figure>\n\n\n\n<figure class=\"wp-block-image size-large\"><img decoding=\"async\" src=\"https:\/\/spaziospadoni.org\/wp-content\/uploads\/2026\/05\/Creare-una-timeline-2022-per-mettere-foto-nel-foayer-F-sr-ernestina-copia-275x300.jpg\" alt=\"Crear una cronolog\u00eda de 2022 para poner fotos en el foyer F sor ernestina copia 275x300\"\/><figcaption class=\"wp-element-caption\">05 | Inicio de la producci\u00f3n y la venta<\/figcaption><\/figure>\n\n\n\n<figure class=\"wp-block-image size-large\"><img decoding=\"async\" src=\"https:\/\/spaziospadoni.org\/wp-content\/uploads\/2026\/05\/Creare-una-timeline-2022-per-mettere-foto-nel-foayer-F-sr-ernestina-e-sr-a-sinistra-copia-300x237.jpg\" alt=\"Crear una cronolog\u00eda de 2022 para poner fotos en el foyer F sor ernestina y sor a la izquierda copia 300x237\"\/><figcaption class=\"wp-element-caption\">05 | Inicio de la producci\u00f3n y la venta<\/figcaption><\/figure>\n\n\n\n<figure class=\"wp-block-image size-large\"><img decoding=\"async\" src=\"https:\/\/spaziospadoni.org\/wp-content\/uploads\/2026\/05\/Spazio-reale-ci-va-messa-targa-operam-copia-300x155.jpg\" alt=\"En el espacio real hay que colocar la placa OPERA M copia 300x155\"\/><figcaption class=\"wp-element-caption\">05 | Inicio de la producci\u00f3n y la venta<\/figcaption><\/figure>\n<\/figure>\n<\/div>\n<\/div>\n\n\n\n<div class=\"ss-timeline\">\n<h3 id=\"2023\" class=\"gb-text\">2023<\/h3>\n\n\n\n<div class=\"ss-timeline-item\">\n<h4 id=\"01-traslado-de-la-hermana\" class=\"gb-text\">01 | Traslado de la hermana<\/h4>\n\n\n\n<p class=\"wp-block-paragraph\">Sor Ernestina es trasladada a otra comunidad para terminar sus estudios<\/p>\n<\/div>\n<\/div>\n\n\n\n<div class=\"ss-timeline\">\n<h3 id=\"2024\" class=\"gb-text\">2024<\/h3>\n\n\n\n<div class=\"ss-timeline-item\">\n<h4 id=\"0802-suspension-del-proyecto\" class=\"gb-text\">08.02 | Suspensi\u00f3n del proyecto<\/h4>\n\n\n\n<p class=\"wp-block-paragraph\">El proyecto se suspende debido al traslado de sor Ernestina. Se mantienen la disponibilidad y el compromiso de Spazio Spadoni de apoyar al Instituto Religioso y mantener la relaci\u00f3n de hermanamiento entre la Misericordia di Massa y la Congregaci\u00f3n<\/p>\n<\/div>\n<\/div>\n\n\n\n<div class=\"ss-timeline\">\n<h3 id=\"evaluaciones-del-proyecto\" class=\"gb-text\">Evaluaciones del proyecto<\/h3>\n\n\n\n<div class=\"ss-timeline-item\">\n<h4 id=\"noviembre-de-2021-se-pretende-reforzar-el\" class=\"gb-text\">Noviembre de 2021 | Se pretende reforzar el<\/h4>\n\n\n\n<p class=\"wp-block-paragraph\">proyecto de costura ya existente en la comunidad a la que regresar\u00e1 sor Ernestina<\/p>\n<\/div>\n\n\n\n<div class=\"ss-timeline-item\">\n<h4 id=\"febrero-de-2024-suspension-del-proyecto-debido\" class=\"gb-text\">Febrero de 2024 | Suspensi\u00f3n del proyecto debido<\/h4>\n\n\n\n<p class=\"wp-block-paragraph\">al traslado de sor Ernestina. Se mantienen la disponibilidad y el compromiso de Spazio Spadoni de apoyar al Instituto Religioso y mantener la relaci\u00f3n de hermanamiento entre la Misericordia di Massa y la Congregaci\u00f3n<\/p>\n<\/div>\n<\/div>\n<\/div>\n\n\n\n<div class=\"ss-project-media\">\n<h2 id=\"fotos-y-videos\" class=\"gb-text gb-text-d7bd8be8\">Fotos y v\u00eddeos<\/h2>\n\n\n\n<div class=\"ss-media-filters\">\n<a class=\"gb-text ss-media-filter active\" data-filter=\"*\" title=\"Todo\">Todo<\/a>\n\n\n\n<a class=\"gb-text ss-media-filter\" data-filter=\".formazione\" title=\"Formaci\u00f3n\">Formaci\u00f3n<\/a>\n\n\n\n<a class=\"gb-text ss-media-filter\" data-filter=\".nigeria\" title=\"Nigeria\">Nigeria<\/a>\n\n\n\n<a class=\"gb-text ss-media-filter\" data-filter=\".video\" title=\"V\u00eddeo\">V\u00eddeo<\/a>\n<\/div>\n\n\n\n<div class=\"ss-media-grid\">\n<div>\n<figure class=\"wp-block-gallery has-nested-images columns-1 is-cropped ss-lightbox wp-block-gallery-7 is-layout-flex wp-block-gallery-is-layout-flex\">\n<figure class=\"wp-block-image size-large formazione\"><img decoding=\"async\" src=\"https:\/\/spaziospadoni.org\/wp-content\/uploads\/2026\/05\/2020_ottobre_hic_sum_4_italia_misericordia_massa_formazione_primo_soccorso_spazio_spadoni-2.jpg\" alt=\"2020 octubre hic sum 4 Italia misericordia massa formaci\u00f3n primeros auxilios spazio spadoni 2\"\/><\/figure>\n\n\n\n<figure class=\"wp-block-image size-large formazione\"><img decoding=\"async\" src=\"https:\/\/spaziospadoni.org\/wp-content\/uploads\/2026\/05\/2020_ottobre_hic_sum_4_italia_misericordia_massa_formazione_primo_soccorso_spazio_spadoni-3.jpg\" alt=\"2020 octubre hic sum 4 Italia misericordia massa formaci\u00f3n primeros auxilios spazio spadoni 3\"\/><\/figure>\n\n\n\n<figure class=\"wp-block-image size-large formazione\"><img decoding=\"async\" src=\"https:\/\/spaziospadoni.org\/wp-content\/uploads\/2026\/05\/2020_ottobre_hic_sum_4_italia_misericordia_massa_formazione_primo_soccorso_spazio_spadoni-4.jpg\" alt=\"2020 octubre hic sum 4 Italia misericordia massa formaci\u00f3n primeros auxilios spazio spadoni 4\"\/><\/figure>\n\n\n\n<figure class=\"wp-block-image size-large formazione\"><img decoding=\"async\" src=\"https:\/\/spaziospadoni.org\/wp-content\/uploads\/2026\/05\/2020_ottobre_hic_sum_4_italia_misericordia_massa_formazione_primo_soccorso_spazio_spadoni-5.jpg\" alt=\"2020 octubre hic sum 4 Italia misericordia massa formaci\u00f3n primeros auxilios spazio spadoni 5\"\/><\/figure>\n\n\n\n<figure class=\"wp-block-image size-large formazione\"><img decoding=\"async\" src=\"https:\/\/spaziospadoni.org\/wp-content\/uploads\/2026\/05\/2020_ottobre_hic_sum_4_italia_misericordia_massa_formazione_primo_soccorso_spazio_spadoni-6.jpg\" alt=\"2020 octubre hic sum 4 Italia misericordia massa formaci\u00f3n primeros auxilios spazio spadoni 6\"\/><\/figure>\n\n\n\n<figure class=\"wp-block-image size-large formazione\"><img decoding=\"async\" src=\"https:\/\/spaziospadoni.org\/wp-content\/uploads\/2026\/05\/2020_ottobre_hic_sum_4_italia_misericordia_massa_formazione_primo_soccorso_spazio_spadoni-7.jpg\" alt=\"2020 octubre hic sum 4 Italia misericordia massa formaci\u00f3n primeros auxilios spazio spadoni 7\"\/><\/figure>\n\n\n\n<figure class=\"wp-block-image size-large formazione\"><img decoding=\"async\" src=\"https:\/\/spaziospadoni.org\/wp-content\/uploads\/2026\/05\/2020_ottobre_hic_sum_4_misericordia_massa_figlie_maria_missionarie_presentazione_spazio_spadoni-1-scaled-1.jpg\" alt=\"2020 octubre hic sum 4 misericordia massa hijas de Mar\u00eda misioneras presentaci\u00f3n spazio spadoni 1 scaled\"\/><\/figure>\n\n\n\n<figure class=\"wp-block-image size-large formazione\"><img decoding=\"async\" src=\"https:\/\/spaziospadoni.org\/wp-content\/uploads\/2026\/05\/2020_ottobre_hic_sum_4_misericordia_massa_figlie_maria_missionarie_presentazione_spazio_spadoni-2-scaled-1.jpg\" alt=\"2020 octubre hic sum 4 misericordia massa hijas de Mar\u00eda misioneras presentaci\u00f3n spazio spadoni 2 scaled\"\/><\/figure>\n\n\n\n<figure class=\"wp-block-image size-large formazione\"><img decoding=\"async\" src=\"https:\/\/spaziospadoni.org\/wp-content\/uploads\/2026\/05\/2020_ottobre_hic_sum_4_misericordia_massa_figlie_maria_missionarie_presentazione_spazio_spadoni-3-scaled-1.jpg\" alt=\"2020 octubre hic sum 4 misericordia massa hijas de Mar\u00eda misioneras presentaci\u00f3n spazio spadoni 3 scaled\"\/><\/figure>\n\n\n\n<figure class=\"wp-block-image size-large formazione\"><img decoding=\"async\" src=\"https:\/\/spaziospadoni.org\/wp-content\/uploads\/2026\/05\/2020_ottobre_hic_sum_4_misericordia_massa_figlie_maria_missionarie_presentazione_spazio_spadoni-4-scaled-1.jpg\" alt=\"2020 octubre hic sum 4 misericordia massa hijas de Mar\u00eda misioneras presentaci\u00f3n spazio spadoni 4 scaled\"\/><\/figure>\n\n\n\n<figure class=\"wp-block-image size-large formazione\"><img decoding=\"async\" src=\"https:\/\/spaziospadoni.org\/wp-content\/uploads\/2026\/05\/Convention-spazio-spadoni-F-a-tutte-e-due-copia-211x300.jpg\" alt=\"Convenci\u00f3n spazio spadoni F con ambas copia 211x300\"\/><\/figure>\n\n\n\n<figure class=\"wp-block-image size-large formazione\"><img decoding=\"async\" src=\"https:\/\/spaziospadoni.org\/wp-content\/uploads\/2026\/05\/convention-fare-spazio-F-a-tutti-copia-300x189.jpg\" alt=\"convenci\u00f3n fare spazio F con todos copia 300x189\"\/><\/figure>\n\n\n\n<figure class=\"wp-block-image size-large formazione\"><img decoding=\"async\" src=\"https:\/\/spaziospadoni.org\/wp-content\/uploads\/2026\/05\/2021_novembre_hic_sum_4_italia_suor_ernestina_misericordia_massa_formazione_san_cerbone_spazio_spadoni.jpg\" alt=\"2021 noviembre hic sum 4 Italia sor ernestina misericordia massa formaci\u00f3n san cerbone spazio spadoni\"\/><\/figure>\n\n\n\n<figure class=\"wp-block-image size-large formazione\"><img decoding=\"async\" src=\"https:\/\/spaziospadoni.org\/wp-content\/uploads\/2026\/05\/arrivo-sr-F-copia-251x300.jpg\" alt=\"llegada sor F copia 251x300\"\/><\/figure>\n\n\n\n<figure class=\"wp-block-image size-large formazione\"><img decoding=\"async\" src=\"https:\/\/spaziospadoni.org\/wp-content\/uploads\/2026\/05\/2021_ottobre_hic_sum_4_italia_suor_ernestina_misericordia_massa_formazione_volontariato_festa_spazio_spadoni.jpg\" alt=\"2021 octubre hic sum 4 Italia sor ernestina misericordia massa formaci\u00f3n voluntariado fiesta spazio spadoni\"\/><\/figure>\n\n\n\n<figure class=\"wp-block-image size-large formazione\"><img decoding=\"async\" src=\"https:\/\/spaziospadoni.org\/wp-content\/uploads\/2026\/05\/Formazione-F-gabry-copia-169x300.jpg\" alt=\"Formaci\u00f3n F gabry copia 169x300\"\/><\/figure>\n\n\n\n<figure class=\"wp-block-image size-large formazione\"><img decoding=\"async\" src=\"https:\/\/spaziospadoni.org\/wp-content\/uploads\/2026\/05\/2021_ottobre_hic_sum_4_italia_suor_ernestina_misericordia_massa_formazione_volontariato_spazio_spadoni-2.jpg\" alt=\"2021 octubre hic sum 4 Italia sor ernestina misericordia massa formaci\u00f3n voluntariado spazio spadoni 2\"\/><\/figure>\n\n\n\n<figure class=\"wp-block-image size-large formazione\"><img decoding=\"async\" src=\"https:\/\/spaziospadoni.org\/wp-content\/uploads\/2026\/05\/2021_ottobre_hic_sum_4_italia_suor_ernestina_misericordia_massa_formazione_volontariato_spazio_spadoni-4.jpg\" alt=\"2021 octubre hic sum 4 Italia sor ernestina misericordia massa formaci\u00f3n voluntariado spazio spadoni 4\"\/><\/figure>\n\n\n\n<figure class=\"wp-block-image size-large formazione\"><img decoding=\"async\" src=\"https:\/\/spaziospadoni.org\/wp-content\/uploads\/2026\/05\/formazione-F-sr-e-ragazza-copia-300x140.jpg\" alt=\"formaci\u00f3n F sor y una chica copia 300x140\"\/><\/figure>\n\n\n\n<figure class=\"wp-block-image size-large formazione\"><img decoding=\"async\" src=\"https:\/\/spaziospadoni.org\/wp-content\/uploads\/2026\/05\/2021_settembre_hic_sum_4_italia_suor_ernestina_misericordia_massa_ancelle_formazione_volontariato_spazio_spadoni-2.jpg\" alt=\"2021 septiembre hic sum 4 Italia sor ernestina misericordia massa ancelle formaci\u00f3n voluntariado spazio spadoni 2\"\/><\/figure>\n\n\n\n<figure class=\"wp-block-image size-large formazione\"><img decoding=\"async\" src=\"https:\/\/spaziospadoni.org\/wp-content\/uploads\/2026\/05\/2021_settembre_hic_sum_4_italia_suor_ernestina_misericordia_massa_formazione_volontariato_arrivo_spazio_spadoni.jpg\" alt=\"2021 septiembre hic sum 4 Italia sor ernestina misericordia massa formaci\u00f3n voluntariado llegada spazio spadoni\"\/><\/figure>\n\n\n\n<figure class=\"wp-block-image size-large formazione\"><img decoding=\"async\" src=\"https:\/\/spaziospadoni.org\/wp-content\/uploads\/2026\/05\/2021_settembre_hic_sum_4_lucca_misericordia_massa_convention_fare_spazio_reciprocita_spazio_spadoni-2.jpeg\" alt=\"2021 septiembre hic sum 4 lucca misericordia massa convenci\u00f3n fare spazio reciprocita spazio spadoni 2\"\/><\/figure>\n\n\n\n<figure class=\"wp-block-image size-large nigeria\"><img decoding=\"async\" src=\"https:\/\/spaziospadoni.org\/wp-content\/uploads\/2026\/05\/Spazio-reale-ci-va-messa-targa-operam-copia-300x155.jpg\" alt=\"En el espacio real hay que colocar la placa OPERA M copia 300x155\"\/><\/figure>\n\n\n\n<figure class=\"wp-block-image size-large nigeria\"><img decoding=\"async\" src=\"https:\/\/spaziospadoni.org\/wp-content\/uploads\/2026\/05\/Creare-una-timeline-2022-per-mettere-foto-nel-foayer-F-sr-copia-300x253.jpg\" alt=\"Crear una cronolog\u00eda de 2022 para poner fotos en el foyer F sor copia 300x253\"\/><\/figure>\n\n\n\n<figure class=\"wp-block-image size-large nigeria\"><img decoding=\"async\" src=\"https:\/\/spaziospadoni.org\/wp-content\/uploads\/2026\/05\/Creare-una-timeline-2022-per-mettere-foto-nel-foayer-F-sr-ernestina-copia-275x300.jpg\" alt=\"Crear una cronolog\u00eda de 2022 para poner fotos en el foyer F sor ernestina copia 275x300\"\/><\/figure>\n\n\n\n<figure class=\"wp-block-image size-large nigeria\"><img decoding=\"async\" src=\"https:\/\/spaziospadoni.org\/wp-content\/uploads\/2026\/05\/2022_marzo_hic_sum_4_nigeria_uyo_suor_ernestina_ancelle_santo_bambino_gesu_misericordia_massa_opere_spazio_spadoni_celebrazione-1-scaled-1.jpg\" alt=\"2022 marzo hic sum 4 nigeria uyo sor ernestina siervas del Santo Ni\u00f1o Jes\u00fas misericordia massa obras de misericordia spazio spadoni celebraci\u00f3n 1 scaled\"\/><\/figure>\n\n\n\n<figure class=\"wp-block-image size-large nigeria\"><img decoding=\"async\" src=\"https:\/\/spaziospadoni.org\/wp-content\/uploads\/2026\/05\/Creare-una-timeline-2022-per-mettere-foto-nel-foayer-F-sr-ernestina-e-sr-a-sinistra-copia-300x237.jpg\" alt=\"Crear una cronolog\u00eda de 2022 para poner fotos en el foyer F sor ernestina y sor a la izquierda copia 300x237\"\/><\/figure>\n\n\n\n<figure class=\"wp-block-image size-large nigeria\"><img decoding=\"async\" src=\"https:\/\/spaziospadoni.org\/wp-content\/uploads\/2026\/05\/Creare-una-timeline-2022-per-mettere-foto-nel-foayer-F-maglia-nera-a-destra-e-a-maglia-bianca-a-sinistra-ultime-file-copia-300x184.jpg\" alt=\"Crear una cronolog\u00eda de 2022 para poner fotos en el foyer F camiseta negra a la derecha y camiseta blanca a la izquierda, \u00faltimas filas copia 300x184\"\/><\/figure>\n\n\n\n<figure class=\"wp-block-image size-large nigeria\"><img decoding=\"async\" src=\"https:\/\/spaziospadoni.org\/wp-content\/uploads\/2026\/05\/2022_marzo_hic_sum_4_nigeria_uyo_suor_ernestina_ancelle_santo_bambino_gesu_misericordia_massa_opere_spazio_spadoni_celebrazione-4.jpg\" alt=\"2022 marzo hic sum 4 nigeria uyo sor ernestina siervas del Santo Ni\u00f1o Jes\u00fas misericordia massa obras de misericordia spazio spadoni celebraci\u00f3n 4\"\/><\/figure>\n\n\n\n<figure class=\"wp-block-image size-large nigeria\"><img decoding=\"async\" src=\"https:\/\/spaziospadoni.org\/wp-content\/uploads\/2026\/05\/2022_marzo_hic_sum_4_nigeria_uyo_suor_ernestina_ancelle_santo_bambino_gesu_misericordia_massa_opere_spazio_spadoni_celebrazione-5.jpg\" alt=\"2022 marzo hic sum 4 nigeria uyo sor ernestina siervas del Santo Ni\u00f1o Jes\u00fas misericordia massa obras de misericordia spazio spadoni celebraci\u00f3n 5\"\/><\/figure>\n\n\n\n<figure class=\"wp-block-image size-large nigeria\"><img decoding=\"async\" src=\"https:\/\/spaziospadoni.org\/wp-content\/uploads\/2026\/05\/2022_marzo_hic_sum_4_nigeria_uyo_suor_ernestina_ancelle_santo_bambino_gesu_misericordia_massa_opere_spazio_spadoni_celebrazione-6.jpg\" alt=\"2022 marzo hic sum 4 nigeria uyo sor ernestina siervas del Santo Ni\u00f1o Jes\u00fas misericordia massa obras de misericordia spazio spadoni celebraci\u00f3n 6\"\/><\/figure>\n\n\n\n<figure class=\"wp-block-image size-large nigeria\"><img decoding=\"async\" src=\"https:\/\/spaziospadoni.org\/wp-content\/uploads\/2026\/05\/Creare-una-timeline-2022-per-mettere-foto-nel-foayer-F-copia-300x164.jpg\" alt=\"Crear una cronolog\u00eda de 2022 para poner fotos en el foyer F copia 300x164\"\/><\/figure>\n\n\n\n<figure class=\"wp-block-image size-large nigeria\"><img decoding=\"async\" src=\"https:\/\/spaziospadoni.org\/wp-content\/uploads\/2026\/05\/Creare-una-timeline-2022-per-mettere-foto-nel-foayer-F-tutte-e-due-copia-300x164.jpg\" alt=\"Crear una cronolog\u00eda de 2022 para poner fotos en el foyer F ambas copia 300x164\"\/><\/figure>\n\n\n\n<figure class=\"wp-block-image size-large formazione\"><img decoding=\"async\" src=\"https:\/\/spaziospadoni.org\/wp-content\/uploads\/2026\/05\/2022_ottobre_hic_sum_4_italia_misericordia_massa_spazio_spadoni_celebrazioni.jpeg\" alt=\"2022 octubre hic sum 4 Italia misericordia massa spazio spadoni celebraciones\"\/><\/figure>\n\n\n\n<figure class=\"wp-block-image size-large formazione\"><img decoding=\"async\" src=\"https:\/\/spaziospadoni.org\/wp-content\/uploads\/2026\/05\/2022_ottobre_hic_sum_4_misericordia_san_francesco_massa_ines_spazio_spadoni_manifestazione-2.jpeg\" alt=\"2022 octubre hic sum 4 misericordia san francesco massa ines spazio spadoni manifiestazione 2\"\/><\/figure>\n\n\n\n<figure class=\"wp-block-image size-large formazione\"><img decoding=\"async\" src=\"https:\/\/spaziospadoni.org\/wp-content\/uploads\/2026\/05\/2022_ottobre_hic_sum_4_misericordia_san_francesco_massa_ines_spazio_spadoni_manifestazione-3.jpeg\" alt=\"2022 octubre hic sum 4 misericordia san francesco massa ines spazio spadoni manifiestazione 3\"\/><\/figure>\n\n\n\n<figure class=\"wp-block-image size-large formazione\"><img decoding=\"async\" src=\"https:\/\/spaziospadoni.org\/wp-content\/uploads\/2026\/05\/2021_settembre_hic_sum_4_italia_suor_ernestina_misericordia_massa_formazione_volontariato_spazio_spadoni-1.jpg\" alt=\"2021 septiembre hic sum 4 Italia sor ernestina misericordia massa formaci\u00f3n voluntariado spazio spadoni 1\"\/><\/figure>\n\n\n\n<figure class=\"wp-block-image size-large formazione\"><img decoding=\"async\" src=\"https:\/\/spaziospadoni.org\/wp-content\/uploads\/2026\/05\/formazione-F-sr-solo-copia-300x242.jpg\" alt=\"formaci\u00f3n F sor solo copia 300x242\"\/><\/figure>\n\n\n\n<figure class=\"wp-block-image size-large formazione\"><img decoding=\"async\" src=\"https:\/\/spaziospadoni.org\/wp-content\/uploads\/2026\/05\/Formazione-F-sr-e-sparsi-copia.jpg\" alt=\"Formaci\u00f3n F sor y personas dispersas copia\"\/><\/figure>\n<\/figure>\n\n\n\n<div class=\"gb-element-b24bbf5e ss-media-videos\">\n<figure class=\"wp-block-video video\"><video controls src=\"https:\/\/spaziospadoni.org\/wp-content\/uploads\/2026\/05\/2022_febbraio_hic_sum_4_nigeria_uyo_pane_misericordia_massa_impresa_sociale_cucito_spazio_spadoni-1.mp4\"><\/video><figcaption class=\"wp-element-caption\">2022 febrero hic sum 4 nigeria uyo pane misericordia massa empresa social costura spazio spadoni 1<\/figcaption><\/figure>\n<\/div>\n<\/div>\n<\/div>\n<\/div>\n<\/div>\n","protected":false},"excerpt":{"rendered":"<p>Sor Ernestina &#8211; Akwa Ibom (Nigeria) PROYECTO 4 de 72 MISI\u00d3N Lugar Akwa Ibom Di\u00f3cesis Uyo Pa\u00eds Nigeria Continente Africa Coordenadas GPS 5.03643 7.91221 Zona horaria UTC+1 CONGREGACI\u00d3N Congregaci\u00f3n Siervas del Santo Ni\u00f1o Jes\u00fas Casa Madre Ikot Ekpene, Nigeria Di\u00f3cesis Uyo Pa\u00eds Nigeria Continente Africa Fiesta de la Congregaci\u00f3n Con ocasi\u00f3n de la Fiesta de &#8230; <a title=\"Nigeria \u2013 \u00c1frica | Proyecto #4 de 72\" class=\"read-more\" href=\"https:\/\/spaziospadoni.org\/es\/hic-sum\/nigeria-africa-proyecto-4-de-72\/\" aria-label=\"Read more about Nigeria \u2013 \u00c1frica | Proyecto #4 de 72\">Leer m\u00e1s<\/a><\/p>\n","protected":false},"author":102,"featured_media":0,"parent":63319,"menu_order":0,"comment_status":"closed","ping_status":"closed","template":"","meta":{"_sitemap_exclude":false,"_sitemap_priority":"","_sitemap_frequency":"","footnotes":""},"class_list":["post-62892","page","type-page","status-publish","infinite-scroll-item"],"yoast_head":"<!-- This site is optimized with the Yoast SEO plugin v28.4 - https:\/\/yoast.com\/product\/yoast-seo-wordpress\/ -->\n<title>Nigeria \u2013 \u00c1frica | Proyecto #4 de 72 | Spazio Spadoni<\/title>\n<meta name=\"description\" content=\"Sor Ernestina - Akwa Ibom (Nigeria) PROYECTO 4 de 72 MISI\u00d3N Lugar Akwa Ibom Di\u00f3cesis Uyo Pa\u00eds Nigeria Continente Africa Coordenadas GPS 5.03643 7.91221\" \/>\n<meta name=\"robots\" content=\"index, follow, max-snippet:-1, max-image-preview:large, max-video-preview:-1\" \/>\n<link rel=\"canonical\" href=\"https:\/\/spaziospadoni.org\/es\/hic-sum\/nigeria-africa-proyecto-4-de-72\/\" \/>\n<meta property=\"og:locale\" content=\"es_ES\" \/>\n<meta property=\"og:type\" content=\"article\" \/>\n<meta property=\"og:title\" content=\"Nigeria \u2013 \u00c1frica | Proyecto #4 de 72 | Spazio Spadoni\" \/>\n<meta property=\"og:description\" content=\"Sor Ernestina - Akwa Ibom (Nigeria) PROYECTO 4 de 72 MISI\u00d3N Lugar Akwa Ibom Di\u00f3cesis Uyo Pa\u00eds Nigeria Continente Africa Coordenadas GPS 5.03643 7.91221\" \/>\n<meta property=\"og:url\" content=\"https:\/\/spaziospadoni.org\/es\/hic-sum\/nigeria-africa-proyecto-4-de-72\/\" \/>\n<meta property=\"og:site_name\" content=\"spazio + spadoni\" \/>\n<meta property=\"article:publisher\" content=\"https:\/\/www.facebook.com\/SpazioSpadoni\/\" \/>\n<meta property=\"article:modified_time\" content=\"2026-07-20T11:57:23+00:00\" \/>\n<meta property=\"og:image\" content=\"https:\/\/spaziospadoni.org\/wp-content\/uploads\/2026\/05\/hicsum_1_congo-spaziospadoni-scaled.png\" \/>\n\t<meta property=\"og:image:width\" content=\"2560\" \/>\n\t<meta property=\"og:image:height\" content=\"1771\" \/>\n\t<meta property=\"og:image:type\" content=\"image\/png\" \/>\n<meta name=\"twitter:card\" content=\"summary_large_image\" \/>\n<meta name=\"twitter:label1\" content=\"Est. reading time\" \/>\n\t<meta name=\"twitter:data1\" content=\"17 minutes\" \/>\n<script type=\"application\/ld+json\" class=\"yoast-schema-graph\">{\"@context\":\"https:\\\/\\\/schema.org\",\"@graph\":[{\"@type\":\"WebPage\",\"@id\":\"https:\\\/\\\/spaziospadoni.org\\\/es\\\/hic-sum\\\/nigeria-africa-proyecto-4-de-72\\\/\",\"url\":\"https:\\\/\\\/spaziospadoni.org\\\/es\\\/hic-sum\\\/nigeria-africa-proyecto-4-de-72\\\/\",\"name\":\"Nigeria \u2013 \u00c1frica | Proyecto #4 de 72 | Spazio Spadoni\",\"isPartOf\":{\"@id\":\"https:\\\/\\\/spaziospadoni.org\\\/es\\\/#website\"},\"primaryImageOfPage\":{\"@id\":\"https:\\\/\\\/spaziospadoni.org\\\/es\\\/hic-sum\\\/nigeria-africa-proyecto-4-de-72\\\/#primaryimage\"},\"image\":{\"@id\":\"https:\\\/\\\/spaziospadoni.org\\\/es\\\/hic-sum\\\/nigeria-africa-proyecto-4-de-72\\\/#primaryimage\"},\"thumbnailUrl\":\"https:\\\/\\\/spaziospadoni.org\\\/wp-content\\\/uploads\\\/2026\\\/05\\\/hicsum_4_nigeria-spaziospadoni.png\",\"datePublished\":\"2026-05-15T14:11:40+00:00\",\"dateModified\":\"2026-07-20T11:57:23+00:00\",\"description\":\"Sor Ernestina - Akwa Ibom (Nigeria) PROYECTO 4 de 72 MISI\u00d3N Lugar Akwa Ibom Di\u00f3cesis Uyo Pa\u00eds Nigeria Continente Africa Coordenadas GPS 5.03643 7.91221\",\"breadcrumb\":{\"@id\":\"https:\\\/\\\/spaziospadoni.org\\\/es\\\/hic-sum\\\/nigeria-africa-proyecto-4-de-72\\\/#breadcrumb\"},\"inLanguage\":\"es-ES\",\"potentialAction\":[{\"@type\":\"ReadAction\",\"target\":[\"https:\\\/\\\/spaziospadoni.org\\\/es\\\/hic-sum\\\/nigeria-africa-proyecto-4-de-72\\\/\"]}]},{\"@type\":\"ImageObject\",\"inLanguage\":\"es-ES\",\"@id\":\"https:\\\/\\\/spaziospadoni.org\\\/es\\\/hic-sum\\\/nigeria-africa-proyecto-4-de-72\\\/#primaryimage\",\"url\":\"https:\\\/\\\/spaziospadoni.org\\\/wp-content\\\/uploads\\\/2026\\\/05\\\/hicsum_4_nigeria-spaziospadoni.png\",\"contentUrl\":\"https:\\\/\\\/spaziospadoni.org\\\/wp-content\\\/uploads\\\/2026\\\/05\\\/hicsum_4_nigeria-spaziospadoni.png\"},{\"@type\":\"BreadcrumbList\",\"@id\":\"https:\\\/\\\/spaziospadoni.org\\\/es\\\/hic-sum\\\/nigeria-africa-proyecto-4-de-72\\\/#breadcrumb\",\"itemListElement\":[{\"@type\":\"ListItem\",\"position\":1,\"name\":\"Home\",\"item\":\"https:\\\/\\\/spaziospadoni.org\\\/es\\\/\"},{\"@type\":\"ListItem\",\"position\":2,\"name\":\"Nigeria \u2013 \u00c1frica | Proyecto #4 de 72\"}]},{\"@type\":\"WebSite\",\"@id\":\"https:\\\/\\\/spaziospadoni.org\\\/es\\\/#website\",\"url\":\"https:\\\/\\\/spaziospadoni.org\\\/es\\\/\",\"name\":\"spazio + spadoni\",\"description\":\"Generazione di misericordia e missione nel mondo\",\"publisher\":{\"@id\":\"https:\\\/\\\/spaziospadoni.org\\\/es\\\/#organization\"},\"alternateName\":\"spaziospadoni.org\",\"potentialAction\":[{\"@type\":\"SearchAction\",\"target\":{\"@type\":\"EntryPoint\",\"urlTemplate\":\"https:\\\/\\\/spaziospadoni.org\\\/es\\\/?s={search_term_string}\"},\"query-input\":{\"@type\":\"PropertyValueSpecification\",\"valueRequired\":true,\"valueName\":\"search_term_string\"}}],\"inLanguage\":\"es-ES\"},{\"@type\":\"Organization\",\"@id\":\"https:\\\/\\\/spaziospadoni.org\\\/es\\\/#organization\",\"name\":\"spazio + spadoni\",\"alternateName\":\"spaziospadoni.org\",\"url\":\"https:\\\/\\\/spaziospadoni.org\\\/es\\\/\",\"logo\":{\"@type\":\"ImageObject\",\"inLanguage\":\"es-ES\",\"@id\":\"https:\\\/\\\/spaziospadoni.org\\\/es\\\/#\\\/schema\\\/logo\\\/image\\\/\",\"url\":\"https:\\\/\\\/spaziospadoni.org\\\/wp-content\\\/uploads\\\/2026\\\/05\\\/spazio-spadoni-logo-100x100-1.webp\",\"contentUrl\":\"https:\\\/\\\/spaziospadoni.org\\\/wp-content\\\/uploads\\\/2026\\\/05\\\/spazio-spadoni-logo-100x100-1.webp\",\"width\":100,\"height\":100,\"caption\":\"spazio + spadoni\"},\"image\":{\"@id\":\"https:\\\/\\\/spaziospadoni.org\\\/es\\\/#\\\/schema\\\/logo\\\/image\\\/\"},\"sameAs\":[\"https:\\\/\\\/www.facebook.com\\\/SpazioSpadoni\\\/\",\"https:\\\/\\\/www.instagram.com\\\/spaziospadoni\\\/\",\"https:\\\/\\\/www.youtube.com\\\/@spaziospadoni\\\/playlists\"]}]}<\/script>\n<!-- \/ Yoast SEO plugin. -->","yoast_head_json":{"title":"Nigeria \u2013 \u00c1frica | Proyecto #4 de 72 | Spazio Spadoni","description":"Sor Ernestina - Akwa Ibom (Nigeria) PROYECTO 4 de 72 MISI\u00d3N Lugar Akwa Ibom Di\u00f3cesis Uyo Pa\u00eds Nigeria Continente Africa Coordenadas GPS 5.03643 7.91221","robots":{"index":"index","follow":"follow","max-snippet":"max-snippet:-1","max-image-preview":"max-image-preview:large","max-video-preview":"max-video-preview:-1"},"canonical":"https:\/\/spaziospadoni.org\/es\/hic-sum\/nigeria-africa-proyecto-4-de-72\/","og_locale":"es_ES","og_type":"article","og_title":"Nigeria \u2013 \u00c1frica | Proyecto #4 de 72 | Spazio Spadoni","og_description":"Sor Ernestina - Akwa Ibom (Nigeria) PROYECTO 4 de 72 MISI\u00d3N Lugar Akwa Ibom Di\u00f3cesis Uyo Pa\u00eds Nigeria Continente Africa Coordenadas GPS 5.03643 7.91221","og_url":"https:\/\/spaziospadoni.org\/es\/hic-sum\/nigeria-africa-proyecto-4-de-72\/","og_site_name":"spazio + spadoni","article_publisher":"https:\/\/www.facebook.com\/SpazioSpadoni\/","article_modified_time":"2026-07-20T11:57:23+00:00","og_image":[{"width":2560,"height":1771,"url":"https:\/\/spaziospadoni.org\/wp-content\/uploads\/2026\/05\/hicsum_1_congo-spaziospadoni-scaled.png","type":"image\/png"}],"twitter_card":"summary_large_image","twitter_misc":{"Est. reading time":"17 minutes"},"schema":{"@context":"https:\/\/schema.org","@graph":[{"@type":"WebPage","@id":"https:\/\/spaziospadoni.org\/es\/hic-sum\/nigeria-africa-proyecto-4-de-72\/","url":"https:\/\/spaziospadoni.org\/es\/hic-sum\/nigeria-africa-proyecto-4-de-72\/","name":"Nigeria \u2013 \u00c1frica | Proyecto #4 de 72 | Spazio Spadoni","isPartOf":{"@id":"https:\/\/spaziospadoni.org\/es\/#website"},"primaryImageOfPage":{"@id":"https:\/\/spaziospadoni.org\/es\/hic-sum\/nigeria-africa-proyecto-4-de-72\/#primaryimage"},"image":{"@id":"https:\/\/spaziospadoni.org\/es\/hic-sum\/nigeria-africa-proyecto-4-de-72\/#primaryimage"},"thumbnailUrl":"https:\/\/spaziospadoni.org\/wp-content\/uploads\/2026\/05\/hicsum_4_nigeria-spaziospadoni.png","datePublished":"2026-05-15T14:11:40+00:00","dateModified":"2026-07-20T11:57:23+00:00","description":"Sor Ernestina - Akwa Ibom (Nigeria) PROYECTO 4 de 72 MISI\u00d3N Lugar Akwa Ibom Di\u00f3cesis Uyo Pa\u00eds Nigeria Continente Africa Coordenadas GPS 5.03643 7.91221","breadcrumb":{"@id":"https:\/\/spaziospadoni.org\/es\/hic-sum\/nigeria-africa-proyecto-4-de-72\/#breadcrumb"},"inLanguage":"es-ES","potentialAction":[{"@type":"ReadAction","target":["https:\/\/spaziospadoni.org\/es\/hic-sum\/nigeria-africa-proyecto-4-de-72\/"]}]},{"@type":"ImageObject","inLanguage":"es-ES","@id":"https:\/\/spaziospadoni.org\/es\/hic-sum\/nigeria-africa-proyecto-4-de-72\/#primaryimage","url":"https:\/\/spaziospadoni.org\/wp-content\/uploads\/2026\/05\/hicsum_4_nigeria-spaziospadoni.png","contentUrl":"https:\/\/spaziospadoni.org\/wp-content\/uploads\/2026\/05\/hicsum_4_nigeria-spaziospadoni.png"},{"@type":"BreadcrumbList","@id":"https:\/\/spaziospadoni.org\/es\/hic-sum\/nigeria-africa-proyecto-4-de-72\/#breadcrumb","itemListElement":[{"@type":"ListItem","position":1,"name":"Home","item":"https:\/\/spaziospadoni.org\/es\/"},{"@type":"ListItem","position":2,"name":"Nigeria \u2013 \u00c1frica | Proyecto #4 de 72"}]},{"@type":"WebSite","@id":"https:\/\/spaziospadoni.org\/es\/#website","url":"https:\/\/spaziospadoni.org\/es\/","name":"spazio + spadoni","description":"Generazione di misericordia e missione nel mondo","publisher":{"@id":"https:\/\/spaziospadoni.org\/es\/#organization"},"alternateName":"spaziospadoni.org","potentialAction":[{"@type":"SearchAction","target":{"@type":"EntryPoint","urlTemplate":"https:\/\/spaziospadoni.org\/es\/?s={search_term_string}"},"query-input":{"@type":"PropertyValueSpecification","valueRequired":true,"valueName":"search_term_string"}}],"inLanguage":"es-ES"},{"@type":"Organization","@id":"https:\/\/spaziospadoni.org\/es\/#organization","name":"spazio + spadoni","alternateName":"spaziospadoni.org","url":"https:\/\/spaziospadoni.org\/es\/","logo":{"@type":"ImageObject","inLanguage":"es-ES","@id":"https:\/\/spaziospadoni.org\/es\/#\/schema\/logo\/image\/","url":"https:\/\/spaziospadoni.org\/wp-content\/uploads\/2026\/05\/spazio-spadoni-logo-100x100-1.webp","contentUrl":"https:\/\/spaziospadoni.org\/wp-content\/uploads\/2026\/05\/spazio-spadoni-logo-100x100-1.webp","width":100,"height":100,"caption":"spazio + spadoni"},"image":{"@id":"https:\/\/spaziospadoni.org\/es\/#\/schema\/logo\/image\/"},"sameAs":["https:\/\/www.facebook.com\/SpazioSpadoni\/","https:\/\/www.instagram.com\/spaziospadoni\/","https:\/\/www.youtube.com\/@spaziospadoni\/playlists"]}]}},"_links":{"self":[{"href":"https:\/\/spaziospadoni.org\/es\/wp-json\/wp\/v2\/pages\/62892","targetHints":{"allow":["GET"]}}],"collection":[{"href":"https:\/\/spaziospadoni.org\/es\/wp-json\/wp\/v2\/pages"}],"about":[{"href":"https:\/\/spaziospadoni.org\/es\/wp-json\/wp\/v2\/types\/page"}],"author":[{"embeddable":true,"href":"https:\/\/spaziospadoni.org\/es\/wp-json\/wp\/v2\/users\/102"}],"replies":[{"embeddable":true,"href":"https:\/\/spaziospadoni.org\/es\/wp-json\/wp\/v2\/comments?post=62892"}],"version-history":[{"count":0,"href":"https:\/\/spaziospadoni.org\/es\/wp-json\/wp\/v2\/pages\/62892\/revisions"}],"up":[{"embeddable":true,"href":"https:\/\/spaziospadoni.org\/es\/wp-json\/wp\/v2\/pages\/63319"}],"wp:attachment":[{"href":"https:\/\/spaziospadoni.org\/es\/wp-json\/wp\/v2\/media?parent=62892"}],"curies":[{"name":"wp","href":"https:\/\/api.w.org\/{rel}","templated":true}]}}