{"id":64131,"date":"2026-05-15T14:12:17","date_gmt":"2026-05-15T13:12:17","guid":{"rendered":"https:\/\/spaziospadoni.org\/hic-sum\/costa-davorio-africa-progetto-9-di-72\/"},"modified":"2026-07-20T22:18:41","modified_gmt":"2026-07-20T21:18:41","slug":"costa-de-marfil-africa-proyecto-9-de-72","status":"publish","type":"page","link":"https:\/\/spaziospadoni.org\/es\/hic-sum\/costa-de-marfil-africa-proyecto-9-de-72\/","title":{"rendered":"Costa de Marfil &#8211; \u00c1frica | Proyecto #9 de 72"},"content":{"rendered":"\n<div class=\"ss-project-hero-card\">\n<h2 id=\"lazzarino-placentino-sago-costa-de-marfil\" class=\"gb-text gb-text-62a95885\">Lazzarino Placentino &#8211; Sago (Costa de Marfil)<\/h2>\n\n\n\n<div class=\"gb-element-f60f2409\">\n<div class=\"gb-element-90a85740 ss-project-sidebar\">\n<h2 id=\"proyecto-9-de-72\" class=\"gb-text ss-project-title\">PROYECTO 9 de 72<\/h2>\n\n\n\n<figure class=\"wp-block-image size-large\"><img decoding=\"async\" src=\"https:\/\/spaziospadoni.org\/wp-content\/uploads\/2026\/05\/hicsum_9_costa_davorio-spaziospadoni-scaled.png\" alt=\"hicsum 9 costa de marfil spazio + spadoni 400x277\" class=\"wp-image-43007\"\/><\/figure>\n\n\n\n<div class=\"ss-project-table\">\n<div class=\"ss-table-section-title\">\n<h3 id=\"mision\" class=\"gb-text\">MISI\u00d3N<\/h3>\n<\/div>\n\n\n\n<div class=\"ss-table-row\">\n<p class=\"gb-text\">Lugar<\/p>\n\n\n\n<p class=\"gb-text\"><a href=\"https:\/\/www.google.it\/maps\/place\/San+P%C3%A9dro,+Costa+d'Avorio\/@4.7588968,-6.6958886,13z\/data=!3m1!4b1!4m6!3m5!1s0xf9613979c0479b5:0xb818c2a383cc2f8f!8m2!3d4.7483699!4d-6.6357778!16zL20vMDU2a3Jk?entry=ttu&amp;g_ep=EgoyMDI1MDMyNS4xIKXMDSoJLDEwMjExNjM5SAFQAw%3D%3D\" rel=\"noreferrer noopener\" target=\"_blank\" title=\"Sago\">Sago<\/a><\/p>\n<\/div>\n\n\n\n<div class=\"ss-table-row\">\n<p class=\"gb-text\">Di\u00f3cesis<\/p>\n\n\n\n<p class=\"gb-text\">San P\u00e9dro<\/p>\n<\/div>\n\n\n\n<div class=\"ss-table-row\">\n<p class=\"gb-text\">Pa\u00eds<\/p>\n\n\n\n<p class=\"gb-text\"><strong>Costa de Marfil<\/strong><\/p>\n<\/div>\n\n\n\n<div class=\"ss-table-row\">\n<p class=\"gb-text\">Continente<\/p>\n\n\n\n<p class=\"gb-text\">\u00c1frica<\/p>\n<\/div>\n\n\n\n<div class=\"ss-table-row\">\n<p class=\"gb-text\">Coordenadas GPS<\/p>\n\n\n\n<p class=\"gb-text\">4.94709 -6.08767<\/p>\n<\/div>\n\n\n\n<div class=\"ss-table-row\">\n<p class=\"gb-text\">Zona horaria<\/p>\n\n\n\n<p class=\"gb-text\">UTC+0<\/p>\n<\/div>\n<\/div>\n\n\n\n<div class=\"ss-project-table\">\n<div class=\"ss-table-section-title\">\n<h3 id=\"congregacion\" class=\"gb-text\">CONGREGACI\u00d3N<\/h3>\n<\/div>\n\n\n\n<div class=\"ss-table-row\">\n<p class=\"gb-text\">Congregaci\u00f3n<\/p>\n\n\n\n<p class=\"gb-text\">Congregaci\u00f3n Misionera Hermanas de Santa Gemma<\/p>\n<\/div>\n\n\n\n<div class=\"ss-table-row\">\n<p class=\"gb-text\">Casa Madre<\/p>\n\n\n\n<p class=\"gb-text\">Camigliano Santa Gemma (LU)<\/p>\n<\/div>\n\n\n\n<div class=\"ss-table-row\">\n<p class=\"gb-text\">Di\u00f3cesis<\/p>\n\n\n\n<p class=\"gb-text\">Lucca<\/p>\n<\/div>\n\n\n\n<div class=\"ss-table-row\">\n<p class=\"gb-text\">Pa\u00eds<\/p>\n\n\n\n<p class=\"gb-text\">Italia<\/p>\n<\/div>\n\n\n\n<div class=\"ss-table-row\">\n<p class=\"gb-text\">Continente<\/p>\n\n\n\n<p class=\"gb-text\">Europa<\/p>\n<\/div>\n\n\n\n<div class=\"ss-table-row\">\n<p class=\"gb-text\">Fiesta de la Congregaci\u00f3n<\/p>\n\n\n\n<p class=\"gb-text\">26 de agosto<\/p>\n<\/div>\n\n\n\n<div class=\"ss-table-row\">\n<p class=\"gb-text\">Coordenadas GPS<\/p>\n\n\n\n<p class=\"gb-text\">43.86272 10.61067<\/p>\n<\/div>\n\n\n\n<div class=\"ss-table-row\">\n<p class=\"gb-text\">Zona horaria<\/p>\n\n\n\n<p class=\"gb-text\">UTC+1<\/p>\n<\/div>\n\n\n\n<div class=\"ss-table-row\">\n<p class=\"gb-text\">Persona de contacto<\/p>\n\n\n\n<p class=\"gb-text\">Hermana Bernadette<\/p>\n<\/div>\n\n\n\n<div class=\"ss-table-row\">\n<p class=\"gb-text\">Madre General<\/p>\n\n\n\n<p class=\"gb-text\">Hermana Elisabetta Giussani<\/p>\n<\/div>\n\n\n\n<div class=\"ss-table-row\">\n<p class=\"gb-text\">Sitio web<\/p>\n\n\n\n<p class=\"gb-text\"><a href=\"https:\/\/www.suoresantagemma.it\/\" rel=\"noreferrer noopener\" target=\"_blank\" title=\"suoresantagemma.it\">suoresantagemma.it<\/a><\/p>\n<\/div>\n<\/div>\n\n\n\n<div class=\"ss-project-table\">\n<div class=\"ss-table-section-title\">\n<h3 id=\"entidad-de-formacion\" class=\"gb-text\">ENTIDAD DE FORMACI\u00d3N<\/h3>\n<\/div>\n\n\n\n<div class=\"ss-table-row\">\n<p class=\"gb-text\">Nombre<\/p>\n\n\n\n<p class=\"gb-text\">Misericordia Marlia<\/p>\n<\/div>\n\n\n\n<div class=\"ss-table-row\">\n<p class=\"gb-text\">Lugar<\/p>\n\n\n\n<p class=\"gb-text\">Marlia (LU)<\/p>\n<\/div>\n\n\n\n<div class=\"ss-table-row\">\n<p class=\"gb-text\">Pa\u00eds<\/p>\n\n\n\n<p class=\"gb-text\">Italia<\/p>\n<\/div>\n\n\n\n<div class=\"ss-table-row\">\n<p class=\"gb-text\">Continente<\/p>\n\n\n\n<p class=\"gb-text\">Europa<\/p>\n<\/div>\n\n\n\n<div class=\"ss-table-row\">\n<p class=\"gb-text\">Coordenadas GPS<\/p>\n\n\n\n<p class=\"gb-text\">43.88894 10.55902<\/p>\n<\/div>\n\n\n\n<div class=\"ss-table-row\">\n<p class=\"gb-text\">Zona horaria<\/p>\n\n\n\n<p class=\"gb-text\">UTC+1<\/p>\n<\/div>\n\n\n\n<div class=\"ss-table-row\">\n<p class=\"gb-text\">Fecha de inicio<\/p>\n\n\n\n<p class=\"gb-text\">30\/11\/2020<\/p>\n<\/div>\n\n\n\n<div class=\"ss-table-row\">\n<p class=\"gb-text\">Fecha de finalizaci\u00f3n<\/p>\n\n\n\n<p class=\"gb-text\">Abril de 2021<\/p>\n<\/div>\n\n\n\n<div class=\"ss-table-row\">\n<p class=\"gb-text\">Tutor<\/p>\n\n\n\n<p class=\"gb-text\">Maria Teresa Matteelli<\/p>\n<\/div>\n<\/div>\n\n\n\n<div class=\"ss-project-table\">\n<div class=\"ss-table-section-title\">\n<h3 id=\"espacio-real\" class=\"gb-text\">ESPACIO REAL<\/h3>\n<\/div>\n\n\n\n<div class=\"ss-table-row\">\n<p class=\"gb-text\">Responsable del proyecto<\/p>\n\n\n\n<p class=\"gb-text\">Hermana Bernadette<\/p>\n<\/div>\n\n\n\n<div class=\"ss-table-row\">\n<p class=\"gb-text\">Fecha de inicio<\/p>\n\n\n\n<p class=\"gb-text\">29 2021<\/p>\n<\/div>\n\n\n\n<div class=\"ss-table-row\">\n<p class=\"gb-text\">Tipolog\u00eda<\/p>\n\n\n\n<p class=\"gb-text\"><strong>Pane di Misericordia<\/strong><\/p>\n<\/div>\n<\/div>\n<\/div>\n<\/div>\n\n\n\n<div class=\"gb-element-6ad95ea8\">\n<div class=\"gb-element-e34063a6 ss-project-intro\"><div class=\"wp-block-image imgText\">\n<figure class=\"alignright size-full is-resized\"><img decoding=\"async\" alt=\"2025_impresa_sociale_pollaio_costa_avorio_sorelle_santa_gemma_hic_sum_spazio_+_spadoni\" src=\"https:\/\/spaziospadoni.org\/wp-content\/uploads\/2026\/05\/2025_impresa_sociale_pollaio_costa_avorio_sorelle_santa_gemma_hic_sum_spazio_spadoniu-225x300.jpg\" style=\"width:225px;height:auto\"\/><figcaption class=\"wp-element-caption\">Pane di Misericordia<\/figcaption><\/figure>\n<\/div>\n\n<div class=\"wp-block-image imgText\">\n<figure class=\"alignleft size-full is-resized\"><img decoding=\"async\" alt=\"2021_settembre_hic_sum_9_lazzarino_sorelle_santa_gemma_sago_costa_d_avorio_spazio_+_spadoni_formazione_cioccolato (6)\" src=\"https:\/\/spaziospadoni.org\/wp-content\/uploads\/2026\/05\/2021_settembre_hic_sum_9_lazzarino_sorelle_santa_gemma_sago_costa_d_avorio_spazio_spadoni_formazione_cioccolato-6-300x225.jpg\" style=\"width:300px;height:auto\"\/><figcaption class=\"wp-element-caption\">2021_septiembre_hic_sum_9_lazzarino_hermanas_santa_gemma_sago_costa_de_marfil_spazio_+_spadoni_formaci\u00f3n_chocolate (6)<\/figcaption><\/figure>\n<\/div>\n\n\n<p class=\"wp-block-paragraph\"><strong>Se realizaron varios intentos de poner en marcha una empresa social dentro del proyecto HIC SUM. En primer lugar, spazio + spadoni financi\u00f3 la producci\u00f3n de chocolate, en la que tambi\u00e9n particip\u00f3 un grupo de madres, y posteriormente la producci\u00f3n de miel, seleccionando a dos j\u00f3venes locales que recibieron un curso de formaci\u00f3n. Ninguna de las dos actividades result\u00f3 lo bastante rentable como para garantizar la autosuficiencia de la empresa. Por ello, con los escasos ingresos obtenidos, las hermanas decidieron invertir en una granja av\u00edcola que se desarroll\u00f3 positivamente con el paso de los meses. Esto permiti\u00f3 ampliar la actividad gracias a un apoyo econ\u00f3mico adicional de spazio + spadoni.<\/strong> En este caso, la Congregaci\u00f3n de las Hermanas de Santa Gemma eligi\u00f3 a un misionero laico, Lazzarino Placentino, para realizar la formaci\u00f3n del proyecto HIC SUM en Italia y transmitir lo aprendido a la comunidad de Sago, en Costa de Marfil. Lazzarino inici\u00f3 su formaci\u00f3n en la Misericordia di Pian di Coreglia el 30 de noviembre de 2020, realizando tambi\u00e9n algunos servicios sociales. Debido a la pandemia, tuvo dificultades para continuar en la misma Misericordia, bastante alejada de la Casa Madre de las hermanas donde se alojaba. Por ello, perfeccion\u00f3 y concluy\u00f3 su periodo de formaci\u00f3n, con especial atenci\u00f3n a los primeros auxilios, en la Misericordia di Marlia, tambi\u00e9n en la provincia de Lucca. En julio de 2021, Lazzarino parti\u00f3 hacia Costa de Marfil para un viaje misionero de varios meses. Desde el regreso de Lazzarino a Italia, la hermana Bernadette lleva adelante el proyecto HIC SUM en Sago.<\/p>\n\n\n\n<p class=\"wp-block-paragraph\">Actualmente, las Hermanas de Santa Gemma tienen dos misiones en Costa de Marfil, en Sassandra y Sago, di\u00f3cesis de San-P\u00e9dro, bajo la prefectura de Sassandra. Las hermanas llegaron a Costa de Marfil en 1999 y se unieron a los Misioneros de la Consolata, que hab\u00edan llegado dos a\u00f1os antes.<\/p>\n\n\n\n<p class=\"wp-block-paragraph\">Costa de Marfil es un pa\u00eds con un alto nivel de inmigraci\u00f3n, sobre todo procedente de los pa\u00edses vecinos, aunque todos conservan sus propias tradiciones. El mayor problema surge en los matrimonios mixtos, porque los hijos que van a nacer no son aceptados.<\/p>\n\n\n\n<p class=\"wp-block-paragraph\">En Sago, las hermanas se ocupan de una escuela infantil reconocida por el Estado; fue el Obispo quien las invit\u00f3 a emprender esta actividad destinada a proteger a los menores, dado que los abusos est\u00e1n muy extendidos (los ni\u00f1os suelen ser v\u00edctimas de abusos sexuales o utilizados en sacrificios humanos).<\/p>\n\n\n\n<p class=\"wp-block-paragraph\"><strong>M\u00e1s informaci\u00f3n<\/strong> <a href=\"https:\/\/spaziospadoni.org\/opere-di-misericordia\/opera-m-dal-mondo\/le-sorelle-di-santa-gemma-si-preparano-a-celebrare-il-giubileo-della-missione-in-costa-davorio\/\" rel=\"noreferrer noopener\" target=\"_blank\" title=\"Las Hermanas de Santa Gemma se preparan para celebrar el Jubileo de la Misi\u00f3n en Costa de Marfil\">Las Hermanas de Santa Gemma se preparan para celebrar el Jubileo de la Misi\u00f3n en Costa de Marfil<\/a> <a href=\"https:\/\/spaziospadoni.org\/spazio-missionario\/notizie-dal-mondo\/in-festa-per-madre-gemma-giannini\/\" rel=\"noreferrer noopener\" target=\"_blank\" title=\"Celebrando a la Madre Gemma Giannini\">Celebrando a la Madre Gemma Giannini<\/a><\/p>\n<\/div>\n<\/div>\n\n\n\n<div>\n<h2 id=\"cronologia\" class=\"gb-text gb-text-8179e40a\">Cronolog\u00eda<\/h2>\n\n\n\n<div class=\"ss-timeline\">\n<h3 id=\"2020\" class=\"gb-text\">2020<\/h3>\n\n\n\n<div class=\"ss-timeline-item\">\n<h4 id=\"3011-inicio-de-la-formacion\" class=\"gb-text\">30.11 | Inicio de la formaci\u00f3n<\/h4>\n\n\n\n<p class=\"wp-block-paragraph\">Lazzarino, el misionero laico, comienza su periodo de formaci\u00f3n en la Misericordia di Pian di Coreglia, en la provincia de Lucca. Debido a los problemas relacionados con la pandemia, continuar\u00e1 su formaci\u00f3n en la Misericordia di Marlia<\/p>\n\n\n\n<figure class=\"wp-block-gallery has-nested-images columns-1 is-cropped ss-lightbox wp-block-gallery-1 is-layout-flex wp-block-gallery-is-layout-flex\">\n<figure class=\"wp-block-image size-large\"><img decoding=\"async\" src=\"https:\/\/spaziospadoni.org\/wp-content\/uploads\/2026\/05\/2020_novembre_hic_sum_9_lazzarino_sorelle_santa_gemma_misericordia_marlia_formazione_pronto_soccorso_spazio_spadoni-3-300x225.jpg\" alt=\"2020 noviembre hic sum 9 lazzarino hermanas santa Gemma Misericordia Marlia formaci\u00f3n primeros auxilios spazio + spadoni 3 300x225\"\/><figcaption class=\"wp-element-caption\">30.11 | Inicio de la formaci\u00f3n<\/figcaption><\/figure>\n<\/figure>\n<\/div>\n\n\n\n<div class=\"ss-timeline-item\">\n<h4 id=\"1112-formacion\" class=\"gb-text\">11.12 | Formaci\u00f3n<\/h4>\n\n\n\n<p class=\"wp-block-paragraph\">De noviembre de 2020 a abril de 2021, Lazzarino centr\u00f3 toda su formaci\u00f3n en conocer el carisma del voluntariado propio de las Misericordie italianas y en profundizar en las t\u00e9cnicas de primeros auxilios. Lazzarino, misionero desde hac\u00eda muchos a\u00f1os, ya hab\u00eda aprendido t\u00e9cnicas de apicultura, producci\u00f3n de chocolate, jab\u00f3n y productos desinfectantes. Antes de partir hacia Costa de Marfil, pudo compartir estos conocimientos con las hermanas que se encontraban en Italia para el periodo de formaci\u00f3n del proyecto HIC SUM<\/p>\n<\/div>\n<\/div>\n\n\n\n<div class=\"ss-timeline\">\n<h3 id=\"2021\" class=\"gb-text\">2021<\/h3>\n\n\n\n<div class=\"ss-timeline-item\">\n<h4 id=\"2906-primera-financiacion-desembolsada\" class=\"gb-text\">29.06 | Primera financiaci\u00f3n desembolsada<\/h4>\n\n\n\n<p class=\"wp-block-paragraph\">La financiaci\u00f3n se utiliz\u00f3 para adquirir el equipo necesario para el proyecto de producci\u00f3n de chocolate y miel<\/p>\n\n\n\n<figure class=\"wp-block-gallery has-nested-images columns-1 is-cropped ss-lightbox wp-block-gallery-2 is-layout-flex wp-block-gallery-is-layout-flex\">\n<figure class=\"wp-block-image size-large\"><img decoding=\"async\" src=\"https:\/\/spaziospadoni.org\/wp-content\/uploads\/2026\/05\/2021_maggio_italia_lucca_formazione_hic_sum_1_3_9_suor_jacqueline_lizia_lazzarino_formazione_cioccolato_spazio_spadoni-2-2-300x225.jpg\" alt=\"2021 mayo italia lucca formaci\u00f3n hic sum 1 3 9 suor jacqueline lizia lazzarino formaci\u00f3n chocolate spazio + spadoni 2 2 300x225\"\/><figcaption class=\"wp-element-caption\">29.06 | Primera financiaci\u00f3n desembolsada<\/figcaption><\/figure>\n\n\n\n<figure class=\"wp-block-image size-large\"><img decoding=\"async\" src=\"https:\/\/spaziospadoni.org\/wp-content\/uploads\/2026\/05\/2021_settembre_hic_sum_9_lazzarino_sorelle_santa_gemma_sago_costa_d_avorio_spazio_spadoni_formazione_cioccolato-16-225x300.jpg\" alt=\"2021 septiembre hic sum 9 lazzarino hermanas santa Gemma sago costa de marfil spazio + spadoni formaci\u00f3n chocolate 16 225x300\"\/><figcaption class=\"wp-element-caption\">29.06 | Primera financiaci\u00f3n desembolsada<\/figcaption><\/figure>\n\n\n\n<figure class=\"wp-block-image size-large\"><img decoding=\"async\" src=\"https:\/\/spaziospadoni.org\/wp-content\/uploads\/2026\/05\/2021_settembre_hic_sum_9_lazzarino_sorelle_santa_gemma_sago_costa_d_avorio_spazio_spadoni_formazione_cioccolato-18-225x300.jpg\" alt=\"2021 septiembre hic sum 9 lazzarino hermanas santa Gemma sago costa de marfil spazio + spadoni formaci\u00f3n chocolate 18 225x300\"\/><figcaption class=\"wp-element-caption\">29.06 | Primera financiaci\u00f3n desembolsada<\/figcaption><\/figure>\n\n\n\n<figure class=\"wp-block-image size-large\"><img decoding=\"async\" src=\"https:\/\/spaziospadoni.org\/wp-content\/uploads\/2026\/05\/2021_settembre_hic_sum_9_lazzarino_sorelle_santa_gemma_sago_costa_d_avorio_spazio_spadoni_formazione_cioccolato-11-300x225.jpg\" alt=\"2021 septiembre hic sum 9 lazzarino hermanas santa Gemma sago costa de marfil spazio + spadoni formaci\u00f3n chocolate 11 300x225\"\/><figcaption class=\"wp-element-caption\">29.06 | Primera financiaci\u00f3n desembolsada<\/figcaption><\/figure>\n\n\n\n<figure class=\"wp-block-image size-large\"><img decoding=\"async\" src=\"https:\/\/spaziospadoni.org\/wp-content\/uploads\/2026\/05\/2021_settembre_hic_sum_9_lazzarino_sorelle_santa_gemma_sago_costa_d_avorio_spazio_spadoni_formazione_cioccolato-4-225x300.jpg\" alt=\"2021 septiembre hic sum 9 lazzarino hermanas santa Gemma sago costa de marfil spazio + spadoni formaci\u00f3n chocolate 4 225x300\"\/><figcaption class=\"wp-element-caption\">29.06 | Primera financiaci\u00f3n desembolsada<\/figcaption><\/figure>\n<\/figure>\n<\/div>\n\n\n\n<div class=\"ss-timeline-item\">\n<h4 id=\"1507-partida-del-misionero-laico\" class=\"gb-text\">15.07 | Partida del misionero laico<\/h4>\n\n\n\n<p class=\"wp-block-paragraph\">Lazzarino llega a Sago, en Costa de Marfil, a la comunidad de las Hermanas de Santa Gemma<\/p>\n<\/div>\n\n\n\n<div class=\"ss-timeline-item\">\n<h4 id=\"0610-segunda-financiacion-desembolsada\" class=\"gb-text\">06.10| Segunda financiaci\u00f3n desembolsada<\/h4>\n\n\n\n<p class=\"wp-block-paragraph\">La financiaci\u00f3n se utiliz\u00f3 para apoyar el curso de apicultura<\/p>\n\n\n\n<figure class=\"wp-block-gallery has-nested-images columns-1 is-cropped ss-lightbox wp-block-gallery-3 is-layout-flex wp-block-gallery-is-layout-flex\">\n<figure class=\"wp-block-image size-large\"><img decoding=\"async\" src=\"https:\/\/spaziospadoni.org\/wp-content\/uploads\/2026\/05\/2022_costa_d_avorio_formazione_api_apicoltura_spazio_spadoni_hic_sum_sorelle_santa_gemma_lazzarino-1-225x300.jpg\" alt=\"2022 costa de marfil formaci\u00f3n abejas apicultura spazio + spadoni hic sum hermanas santa Gemma lazzarino 1 225x300\"\/><figcaption class=\"wp-element-caption\">06.10| Segunda financiaci\u00f3n desembolsada<\/figcaption><\/figure>\n\n\n\n<figure class=\"wp-block-image size-large\"><img decoding=\"async\" src=\"https:\/\/spaziospadoni.org\/wp-content\/uploads\/2026\/05\/2022_costa_d_avorio_formazione_api_apicoltura_spazio_spadoni_hic_sum_sorelle_santa_gemma_lazzarino-3-240x300.jpg\" alt=\"2022 costa de marfil formaci\u00f3n abejas apicultura spazio + spadoni hic sum hermanas santa Gemma lazzarino 3 240x300\"\/><figcaption class=\"wp-element-caption\">06.10| Segunda financiaci\u00f3n desembolsada<\/figcaption><\/figure>\n<\/figure>\n<\/div>\n\n\n\n<div class=\"ss-timeline-item\">\n<h4 id=\"0710-regreso-del-misionero-laico\" class=\"gb-text\">07.10 | Regreso del misionero laico<\/h4>\n\n\n\n<p class=\"wp-block-paragraph\">Tras el periodo necesario para dar a conocer HIC SUM en Costa de Marfil, Lazzarino regresa a Italia<\/p>\n<\/div>\n<\/div>\n\n\n\n<div class=\"ss-timeline\">\n<h3 id=\"2023\" class=\"gb-text\">2023<\/h3>\n\n\n\n<div class=\"ss-timeline-item\">\n<h4 id=\"1810-tercera-financiacion-desembolsada\" class=\"gb-text\">18.10 | Tercera financiaci\u00f3n desembolsada<\/h4>\n\n\n\n<p class=\"wp-block-paragraph\">La financiaci\u00f3n se utiliz\u00f3 para ampliar el gallinero construido con los ingresos obtenidos de la venta de miel y chocolate<\/p>\n\n\n\n<figure class=\"wp-block-gallery has-nested-images columns-1 is-cropped ss-lightbox wp-block-gallery-4 is-layout-flex wp-block-gallery-is-layout-flex\">\n<figure class=\"wp-block-image size-large\"><img decoding=\"async\" src=\"https:\/\/spaziospadoni.org\/wp-content\/uploads\/2026\/05\/2025_impresa_sociale_pollaio_costa_avorio_sorelle_santa_gemma_hic_sum_spazio_spadoniu-225x300.jpg\" alt=\"2025 empresa social gallinero costa de marfil hermanas santa Gemma hic sum spazio + spadoni 225x300\"\/><figcaption class=\"wp-element-caption\">18.10 | Tercera financiaci\u00f3n desembolsada<\/figcaption><\/figure>\n<\/figure>\n<\/div>\n<\/div>\n\n\n\n<div class=\"ss-timeline\">\n<h3 id=\"evaluaciones-del-proyecto\" class=\"gb-text\">Evaluaciones del proyecto<\/h3>\n\n\n\n<div class=\"ss-timeline-item\">\n<h4 id=\"noviembre-de-2021-seguimiento-del-proyecto-de-miel-y\" class=\"gb-text\">Noviembre de 2021 Seguimiento del proyecto de miel y<\/h4>\n\n\n\n<p class=\"wp-block-paragraph\">chocolate<\/p>\n<\/div>\n\n\n\n<div class=\"ss-timeline-item\">\n<h4 id=\"enero-de-2022-seguimiento-del-progreso-del-proyecto-de\" class=\"gb-text\">Enero de 2022 Seguimiento del progreso del proyecto de<\/h4>\n\n\n\n<p class=\"wp-block-paragraph\">miel y puesta en marcha de un curso para voluntarios en Sago<\/p>\n<\/div>\n\n\n\n<div class=\"ss-timeline-item\">\n<h4 id=\"marzo-de-2022-evaluacion-del-proyecto-de-cria-de\" class=\"gb-text\">Marzo de 2022 Evaluaci\u00f3n del proyecto de cr\u00eda de<\/h4>\n\n\n\n<p class=\"wp-block-paragraph\">pollos financiado con los ingresos de los proyectos de chocolate y miel<\/p>\n<\/div>\n\n\n\n<div class=\"ss-timeline-item\">\n<h4 id=\"mayo-de-2023-envio-del-informe-economico-sobre-la-actividad-de\" class=\"gb-text\">Mayo de 2023 Env\u00edo del informe econ\u00f3mico sobre la actividad de<\/h4>\n\n\n\n<p class=\"wp-block-paragraph\">cr\u00eda de pollos<\/p>\n<\/div>\n\n\n\n<div class=\"ss-timeline-item\">\n<h4 id=\"enero-de-2024-envio-del-informe-economico-sobre-la-actividad-de\" class=\"gb-text\">Enero de 2024 Env\u00edo del informe econ\u00f3mico sobre la actividad de<\/h4>\n\n\n\n<p class=\"wp-block-paragraph\">cr\u00eda de pollos<\/p>\n<\/div>\n\n\n\n<div class=\"ss-timeline-item\">\n<h4 id=\"marzo-de-2024-envio-del-informe-economico-sobre-la-actividad-de\" class=\"gb-text\">Marzo de 2024 Env\u00edo del informe econ\u00f3mico sobre la actividad de<\/h4>\n\n\n\n<p class=\"wp-block-paragraph\">cr\u00eda de pollos<\/p>\n<\/div>\n\n\n\n<div class=\"ss-timeline-item\">\n<h4 id=\"septiembre-de-2024-envio-del-informe-economico-sobre-la\" class=\"gb-text\">Septiembre de 2024 Env\u00edo del informe econ\u00f3mico sobre la<\/h4>\n\n\n\n<p class=\"wp-block-paragraph\">actividad de cr\u00eda de pollos<\/p>\n<\/div>\n<\/div>\n<\/div>\n\n\n\n<div class=\"ss-project-media\">\n<h2 id=\"fotos-y-videos\" class=\"gb-text gb-text-d7bd8be8\">Fotos y v\u00eddeos<\/h2>\n\n\n\n<div class=\"ss-media-filters\">\n<a class=\"gb-text ss-media-filter active\" data-filter=\"*\" title=\"Todo\">Todo<\/a>\n\n\n\n<a class=\"gb-text ss-media-filter\" data-filter=\".formazione\" title=\"Formaci\u00f3n\">Formaci\u00f3n<\/a>\n\n\n\n<a class=\"gb-text ss-media-filter\" data-filter=\".sago-costa-d-avorio\" title=\"Sago Costa de Marfil\">Sago Costa de Marfil<\/a>\n\n\n\n<a class=\"gb-text ss-media-filter\" data-filter=\".video\" title=\"V\u00eddeo\">V\u00eddeo<\/a>\n<\/div>\n\n\n\n<div class=\"ss-media-grid\">\n<div>\n<figure class=\"wp-block-gallery has-nested-images columns-1 is-cropped ss-lightbox wp-block-gallery-5 is-layout-flex wp-block-gallery-is-layout-flex\">\n<figure class=\"wp-block-image size-large formazione\"><img decoding=\"async\" src=\"https:\/\/spaziospadoni.org\/wp-content\/uploads\/2026\/05\/2020_novembre_hic_sum_9_lazzarino_sorelle_santa_gemma_misericordia_marlia_formazione_pronto_soccorso_spazio_spadoni-1-225x300.jpg\" alt=\"2020 noviembre hic sum 9 lazzarino hermanas santa Gemma Misericordia Marlia formaci\u00f3n primeros auxilios spazio + spadoni 1 225x300\"\/><\/figure>\n\n\n\n<figure class=\"wp-block-image size-large formazione\"><img decoding=\"async\" src=\"https:\/\/spaziospadoni.org\/wp-content\/uploads\/2026\/05\/2020_novembre_hic_sum_9_lazzarino_sorelle_santa_gemma_misericordia_marlia_formazione_pronto_soccorso_spazio_spadoni-2-300x225.jpg\" alt=\"2020 noviembre hic sum 9 lazzarino hermanas santa Gemma Misericordia Marlia formaci\u00f3n primeros auxilios spazio + spadoni 2 300x225\"\/><\/figure>\n\n\n\n<figure class=\"wp-block-image size-large formazione\"><img decoding=\"async\" src=\"https:\/\/spaziospadoni.org\/wp-content\/uploads\/2026\/05\/2020_novembre_hic_sum_9_lazzarino_sorelle_santa_gemma_misericordia_marlia_formazione_pronto_soccorso_spazio_spadoni-3-300x225.jpg\" alt=\"2020 noviembre hic sum 9 lazzarino hermanas santa Gemma Misericordia Marlia formaci\u00f3n primeros auxilios spazio + spadoni 3 300x225\"\/><\/figure>\n\n\n\n<figure class=\"wp-block-image size-large formazione\"><img decoding=\"async\" src=\"https:\/\/spaziospadoni.org\/wp-content\/uploads\/2026\/05\/2020_novembre_hic_sum_9_lazzarino_sorelle_santa_gemma_misericordia_pian_coreglia_formazione_spazio_spadoni-1-300x169.jpg\" alt=\"2020 noviembre hic sum 9 lazzarino hermanas santa Gemma Misericordia Pian di Coreglia formaci\u00f3n spazio + spadoni 1 300x169\"\/><\/figure>\n\n\n\n<figure class=\"wp-block-image size-large formazione\"><img decoding=\"async\" src=\"https:\/\/spaziospadoni.org\/wp-content\/uploads\/2026\/05\/2020_novembre_hic_sum_9_lazzarino_sorelle_santa_gemma_misericordia_marlia_formazione_pronto_soccorso_spazio_spadoni-4-225x300.jpg\" alt=\"2020 noviembre hic sum 9 lazzarino hermanas santa Gemma Misericordia Marlia formaci\u00f3n primeros auxilios spazio + spadoni 4 225x300\"\/><\/figure>\n\n\n\n<figure class=\"wp-block-image size-large formazione\"><img decoding=\"async\" src=\"https:\/\/spaziospadoni.org\/wp-content\/uploads\/2026\/05\/2020_novembre_hic_sum_9_lazzarino_sorelle_santa_gemma_misericordia_pian_coreglia_formazione_spazio_spadoni-2-300x169.jpg\" alt=\"2020 noviembre hic sum 9 lazzarino hermanas santa Gemma Misericordia Pian di Coreglia formaci\u00f3n spazio + spadoni 2 300x169\"\/><\/figure>\n\n\n\n<figure class=\"wp-block-image size-large formazione\"><img decoding=\"async\" src=\"https:\/\/spaziospadoni.org\/wp-content\/uploads\/2026\/05\/2020_novembre_hic_sum_9_lazzarino_sorelle_santa_gemma_misericordia_pian_coreglia_formazione_spazio_spadoni-3-169x300.jpg\" alt=\"2020 noviembre hic sum 9 lazzarino hermanas santa Gemma Misericordia Pian di Coreglia formaci\u00f3n spazio + spadoni 3 169x300\"\/><\/figure>\n\n\n\n<figure class=\"wp-block-image size-large formazione\"><img decoding=\"async\" src=\"https:\/\/spaziospadoni.org\/wp-content\/uploads\/2026\/05\/2020_novembre_hic_sum_9_lazzarino_sorelle_santa_gemma_misericordia_pian_coreglia_formazione_spazio_spadoni-4-300x169.jpg\" alt=\"2020 noviembre hic sum 9 lazzarino hermanas santa Gemma Misericordia Pian di Coreglia formaci\u00f3n spazio + spadoni 4 300x169\"\/><\/figure>\n\n\n\n<figure class=\"wp-block-image size-large formazione\"><img decoding=\"async\" src=\"https:\/\/spaziospadoni.org\/wp-content\/uploads\/2026\/05\/2020_novembre_hic_sum_9_lazzarino_sorelle_santa_gemma_misericordia_pian_coreglia_formazione_spazio_spadoni-5-169x300.jpg\" alt=\"2020 noviembre hic sum 9 lazzarino hermanas santa Gemma Misericordia Pian di Coreglia formaci\u00f3n spazio + spadoni 5 169x300\"\/><\/figure>\n\n\n\n<figure class=\"wp-block-image size-large formazione\"><img decoding=\"async\" src=\"https:\/\/spaziospadoni.org\/wp-content\/uploads\/2026\/05\/2020_novembre_hic_sum_9_lazzarino_sorelle_santa_gemma_misericordia_pian_coreglia_formazione_spazio_spadoni-6-300x225.jpg\" alt=\"2020 noviembre hic sum 9 lazzarino hermanas santa Gemma Misericordia Pian di Coreglia formaci\u00f3n spazio + spadoni 6 300x225\"\/><\/figure>\n\n\n\n<figure class=\"wp-block-image size-large formazione\"><img decoding=\"async\" src=\"https:\/\/spaziospadoni.org\/wp-content\/uploads\/2026\/05\/2020_novembre_hic_sum_9_lazzarino_sorelle_santa_gemma_misericordia_pian_coreglia_formazione_spazio_spadoni-7-300x225.jpg\" alt=\"2020 noviembre hic sum 9 lazzarino hermanas santa Gemma Misericordia Pian di Coreglia formaci\u00f3n spazio + spadoni 7 300x225\"\/><\/figure>\n\n\n\n<figure class=\"wp-block-image size-large formazione\"><img decoding=\"async\" src=\"https:\/\/spaziospadoni.org\/wp-content\/uploads\/2026\/05\/2020_novembre_hic_sum_9_lazzarino_sorelle_santa_gemma_misericordia_pian_coreglia_formazione_spazio_spadoni-8-300x225.jpg\" alt=\"2020 noviembre hic sum 9 lazzarino hermanas santa Gemma Misericordia Pian di Coreglia formaci\u00f3n spazio + spadoni 8 300x225\"\/><\/figure>\n\n\n\n<figure class=\"wp-block-image size-large formazione\"><img decoding=\"async\" src=\"https:\/\/spaziospadoni.org\/wp-content\/uploads\/2026\/05\/2020_novembre_hic_sum_9_lazzarino_sorelle_santa_gemma_misericordia_pian_coreglia_formazione_spazio_spadoni-9-300x225.jpg\" alt=\"2020 noviembre hic sum 9 lazzarino hermanas santa Gemma Misericordia Pian di Coreglia formaci\u00f3n spazio + spadoni 9 300x225\"\/><\/figure>\n\n\n\n<figure class=\"wp-block-image size-large formazione\"><img decoding=\"async\" src=\"https:\/\/spaziospadoni.org\/wp-content\/uploads\/2026\/05\/2021_italia_sorelle_santa_gemma_hic_sum_lazzarino_spazio_spadoni_formazione-300x225.jpg\" alt=\"2021 italia hermanas santa Gemma hic sum lazzarino spazio + spadoni formaci\u00f3n 300x225\"\/><\/figure>\n\n\n\n<figure class=\"wp-block-image size-large formazione\"><img decoding=\"async\" src=\"https:\/\/spaziospadoni.org\/wp-content\/uploads\/2026\/05\/2021_luglio_hic_sum_9_lazzarino_sorelle_santa_gemma_mandato_missionario_italia_costa_avorio_spazio_spadoni-1-300x225.jpg\" alt=\"2021 julio hic sum 9 lazzarino hermanas santa Gemma mandato misionero italia costa de marfil spazio + spadoni 1 300x225\"\/><\/figure>\n\n\n\n<figure class=\"wp-block-image size-large formazione\"><img decoding=\"async\" src=\"https:\/\/spaziospadoni.org\/wp-content\/uploads\/2026\/05\/2021_luglio_hic_sum_9_lazzarino_sorelle_santa_gemma_mandato_missionario_italia_costa_avorio_spazio_spadoni-2-225x300.jpg\" alt=\"2021 julio hic sum 9 lazzarino hermanas santa Gemma mandato misionero italia costa de marfil spazio + spadoni 2 225x300\"\/><\/figure>\n\n\n\n<figure class=\"wp-block-image size-large sago-costa-d-avorio\"><img decoding=\"async\" src=\"https:\/\/spaziospadoni.org\/wp-content\/uploads\/2026\/05\/2021_settembre_hic_sum_9_lazzarino_sorelle_santa_gemma_sago_costa_d_avorio_spazio_spadoni_formazione_cioccolato-1-225x300.jpg\" alt=\"2021 septiembre hic sum 9 lazzarino hermanas santa Gemma sago costa de marfil spazio + spadoni formaci\u00f3n chocolate 1 225x300\"\/><\/figure>\n\n\n\n<figure class=\"wp-block-image size-large sago-costa-d-avorio\"><img decoding=\"async\" src=\"https:\/\/spaziospadoni.org\/wp-content\/uploads\/2026\/05\/2021_settembre_hic_sum_9_lazzarino_sorelle_santa_gemma_sago_costa_d_avorio_spazio_spadoni_formazione_cioccolato-4-225x300.jpg\" alt=\"2021 septiembre hic sum 9 lazzarino hermanas santa Gemma sago costa de marfil spazio + spadoni formaci\u00f3n chocolate 4 225x300\"\/><\/figure>\n\n\n\n<figure class=\"wp-block-image size-large sago-costa-d-avorio\"><img decoding=\"async\" src=\"https:\/\/spaziospadoni.org\/wp-content\/uploads\/2026\/05\/2021_settembre_hic_sum_9_lazzarino_sorelle_santa_gemma_sago_costa_d_avorio_spazio_spadoni_formazione_cioccolato-5-225x300.jpg\" alt=\"2021 septiembre hic sum 9 lazzarino hermanas santa Gemma sago costa de marfil spazio + spadoni formaci\u00f3n chocolate 5 225x300\"\/><\/figure>\n\n\n\n<figure class=\"wp-block-image size-large sago-costa-d-avorio\"><img decoding=\"async\" src=\"https:\/\/spaziospadoni.org\/wp-content\/uploads\/2026\/05\/2021_settembre_hic_sum_9_lazzarino_sorelle_santa_gemma_sago_costa_d_avorio_spazio_spadoni_formazione_cioccolato-6-300x225.jpg\" alt=\"2021 septiembre hic sum 9 lazzarino hermanas santa Gemma sago costa de marfil spazio + spadoni formaci\u00f3n chocolate 6 300x225\"\/><\/figure>\n\n\n\n<figure class=\"wp-block-image size-large sago-costa-d-avorio\"><img decoding=\"async\" src=\"https:\/\/spaziospadoni.org\/wp-content\/uploads\/2026\/05\/2021_settembre_hic_sum_9_lazzarino_sorelle_santa_gemma_sago_costa_d_avorio_spazio_spadoni_formazione_cioccolato-7-225x300.jpg\" alt=\"2021 septiembre hic sum 9 lazzarino hermanas santa Gemma sago costa de marfil spazio + spadoni formaci\u00f3n chocolate 7 225x300\"\/><\/figure>\n\n\n\n<figure class=\"wp-block-image size-large sago-costa-d-avorio\"><img decoding=\"async\" src=\"https:\/\/spaziospadoni.org\/wp-content\/uploads\/2026\/05\/2021_settembre_hic_sum_9_lazzarino_sorelle_santa_gemma_sago_costa_d_avorio_spazio_spadoni_formazione_cioccolato-8-225x300.jpg\" alt=\"2021 septiembre hic sum 9 lazzarino hermanas santa Gemma sago costa de marfil spazio + spadoni formaci\u00f3n chocolate 8 225x300\"\/><\/figure>\n\n\n\n<figure class=\"wp-block-image size-large sago-costa-d-avorio\"><img decoding=\"async\" src=\"https:\/\/spaziospadoni.org\/wp-content\/uploads\/2026\/05\/2021_settembre_hic_sum_9_lazzarino_sorelle_santa_gemma_sago_costa_d_avorio_spazio_spadoni_formazione_cioccolato-9-225x300.jpg\" alt=\"2021 septiembre hic sum 9 lazzarino hermanas santa Gemma sago costa de marfil spazio + spadoni formaci\u00f3n chocolate 9 225x300\"\/><\/figure>\n\n\n\n<figure class=\"wp-block-image size-large sago-costa-d-avorio\"><img decoding=\"async\" src=\"https:\/\/spaziospadoni.org\/wp-content\/uploads\/2026\/05\/2021_settembre_hic_sum_9_lazzarino_sorelle_santa_gemma_sago_costa_d_avorio_spazio_spadoni_formazione_cioccolato-11-300x225.jpg\" alt=\"2021 septiembre hic sum 9 lazzarino hermanas santa Gemma sago costa de marfil spazio + spadoni formaci\u00f3n chocolate 11 300x225\"\/><\/figure>\n\n\n\n<figure class=\"wp-block-image size-large sago-costa-d-avorio\"><img decoding=\"async\" src=\"https:\/\/spaziospadoni.org\/wp-content\/uploads\/2026\/05\/2021_settembre_hic_sum_9_lazzarino_sorelle_santa_gemma_sago_costa_d_avorio_spazio_spadoni_formazione_cioccolato-12-225x300.jpg\" alt=\"2021 septiembre hic sum 9 lazzarino hermanas santa Gemma sago costa de marfil spazio + spadoni formaci\u00f3n chocolate 12 225x300\"\/><\/figure>\n\n\n\n<figure class=\"wp-block-image size-large sago-costa-d-avorio\"><img decoding=\"async\" src=\"https:\/\/spaziospadoni.org\/wp-content\/uploads\/2026\/05\/2021_settembre_hic_sum_9_lazzarino_sorelle_santa_gemma_sago_costa_d_avorio_spazio_spadoni_formazione_cioccolato-16-225x300.jpg\" alt=\"2021 septiembre hic sum 9 lazzarino hermanas santa Gemma sago costa de marfil spazio + spadoni formaci\u00f3n chocolate 16 225x300\"\/><\/figure>\n\n\n\n<figure class=\"wp-block-image size-large sago-costa-d-avorio\"><img decoding=\"async\" src=\"https:\/\/spaziospadoni.org\/wp-content\/uploads\/2026\/05\/2021_settembre_hic_sum_9_lazzarino_sorelle_santa_gemma_sago_costa_d_avorio_spazio_spadoni_formazione_cioccolato-17-225x300.jpg\" alt=\"2021 septiembre hic sum 9 lazzarino hermanas santa Gemma sago costa de marfil spazio + spadoni formaci\u00f3n chocolate 17 225x300\"\/><\/figure>\n\n\n\n<figure class=\"wp-block-image size-large sago-costa-d-avorio\"><img decoding=\"async\" src=\"https:\/\/spaziospadoni.org\/wp-content\/uploads\/2026\/05\/2021_settembre_hic_sum_9_lazzarino_sorelle_santa_gemma_sago_costa_d_avorio_spazio_spadoni_formazione_cioccolato-18-225x300.jpg\" alt=\"2021 septiembre hic sum 9 lazzarino hermanas santa Gemma sago costa de marfil spazio + spadoni formaci\u00f3n chocolate 18 225x300\"\/><\/figure>\n\n\n\n<figure class=\"wp-block-image size-large sago-costa-d-avorio\"><img decoding=\"async\" src=\"https:\/\/spaziospadoni.org\/wp-content\/uploads\/2026\/05\/2021_settembre_hic_sum_9_lazzarino_sorelle_santa_gemma_sago_costa_d_avorio_spazio_spadoni_formazione_cioccolato-19-225x300.jpg\" alt=\"2021 septiembre hic sum 9 lazzarino hermanas santa Gemma sago costa de marfil spazio + spadoni formaci\u00f3n chocolate 19 225x300\"\/><\/figure>\n\n\n\n<figure class=\"wp-block-image size-large sago-costa-d-avorio\"><img decoding=\"async\" src=\"https:\/\/spaziospadoni.org\/wp-content\/uploads\/2026\/05\/2022_costa_d_avorio_formazione_api_apicoltura_spazio_spadoni_hic_sum_sorelle_santa_gemma_lazzarino-1-225x300.jpg\" alt=\"2022 costa de marfil formaci\u00f3n abejas apicultura spazio + spadoni hic sum hermanas santa Gemma lazzarino 1 225x300\"\/><\/figure>\n\n\n\n<figure class=\"wp-block-image size-large sago-costa-d-avorio\"><img decoding=\"async\" src=\"https:\/\/spaziospadoni.org\/wp-content\/uploads\/2026\/05\/2022_costa_d_avorio_formazione_api_apicoltura_spazio_spadoni_hic_sum_sorelle_santa_gemma_lazzarino-2-225x300.jpg\" alt=\"2022 costa de marfil formaci\u00f3n abejas apicultura spazio + spadoni hic sum hermanas santa Gemma lazzarino 2 225x300\"\/><\/figure>\n\n\n\n<figure class=\"wp-block-image size-large sago-costa-d-avorio\"><img decoding=\"async\" src=\"https:\/\/spaziospadoni.org\/wp-content\/uploads\/2026\/05\/2022_costa_d_avorio_formazione_api_apicoltura_spazio_spadoni_hic_sum_sorelle_santa_gemma_lazzarino-3-240x300.jpg\" alt=\"2022 costa de marfil formaci\u00f3n abejas apicultura spazio + spadoni hic sum hermanas santa Gemma lazzarino 3 240x300\"\/><\/figure>\n\n\n\n<figure class=\"wp-block-image size-large sago-costa-d-avorio\"><img decoding=\"async\" src=\"https:\/\/spaziospadoni.org\/wp-content\/uploads\/2026\/05\/2022_costa_d_avorio_formazione_api_apicoltura_spazio_spadoni_hic_sum_sorelle_santa_gemma_lazzarino-4-225x300.jpg\" alt=\"2022 costa de marfil formaci\u00f3n abejas apicultura spazio + spadoni hic sum hermanas santa Gemma lazzarino 4 225x300\"\/><\/figure>\n\n\n\n<figure class=\"wp-block-image size-large sago-costa-d-avorio\"><img decoding=\"async\" src=\"https:\/\/spaziospadoni.org\/wp-content\/uploads\/2026\/05\/formazione_cioccolato_costa_avorio_spazio_spadoni-1-300x225.jpg\" alt=\"formaci\u00f3n chocolate costa de marfil spazio + spadoni 1 300x225\"\/><\/figure>\n\n\n\n<figure class=\"wp-block-image size-large sago-costa-d-avorio\"><img decoding=\"async\" src=\"https:\/\/spaziospadoni.org\/wp-content\/uploads\/2026\/05\/formazione_cioccolato_costa_avorio_spazio_spadoni-1-300x225.jpg\" alt=\"formaci\u00f3n chocolate costa de marfil spazio + spadoni 1 300x225\"\/><\/figure>\n\n\n\n<figure class=\"wp-block-image size-large sago-costa-d-avorio\"><img decoding=\"async\" src=\"https:\/\/spaziospadoni.org\/wp-content\/uploads\/2026\/05\/formazione_cioccolato_costa_avorio_spazio_spadoni-3-225x300.jpg\" alt=\"formaci\u00f3n chocolate costa de marfil spazio + spadoni 3 225x300\"\/><\/figure>\n\n\n\n<figure class=\"wp-block-image size-large sago-costa-d-avorio\"><img decoding=\"async\" src=\"https:\/\/spaziospadoni.org\/wp-content\/uploads\/2026\/05\/formazione_cioccolato_costa_avorio_spazio_spadoni-4-225x300.jpg\" alt=\"formaci\u00f3n chocolate costa de marfil spazio + spadoni 4 225x300\"\/><\/figure>\n\n\n\n<figure class=\"wp-block-image size-large formazione\"><img decoding=\"async\" src=\"https:\/\/spaziospadoni.org\/wp-content\/uploads\/2026\/05\/2021_maggio_italia_lucca_formazione_hic_sum_1_3_9_suor_jacqueline_lizia_lazzarino_formazione_cioccolato_spazio_spadoni-1-2-300x225.jpg\" alt=\"2021 mayo italia lucca formaci\u00f3n hic sum 1 3 9 suor jacqueline lizia lazzarino formaci\u00f3n chocolate spazio + spadoni 1 2 300x225\"\/><\/figure>\n\n\n\n<figure class=\"wp-block-image size-large formazione\"><img decoding=\"async\" src=\"https:\/\/spaziospadoni.org\/wp-content\/uploads\/2026\/05\/2021_maggio_italia_lucca_formazione_hic_sum_1_3_9_suor_jacqueline_lizia_lazzarino_formazione_cioccolato_spazio_spadoni-2-2-300x225.jpg\" alt=\"2021 mayo italia lucca formaci\u00f3n hic sum 1 3 9 suor jacqueline lizia lazzarino formaci\u00f3n chocolate spazio + spadoni 2 2 300x225\"\/><\/figure>\n\n\n\n<figure class=\"wp-block-image size-large formazione\"><img decoding=\"async\" src=\"https:\/\/spaziospadoni.org\/wp-content\/uploads\/2026\/05\/2021_maggio_italia_lucca_formazione_hic_sum_1_3_9_suor_jacqueline_lizia_lazzarino_formazione_cioccolato_spazio_spadoni-3-2-225x300.jpg\" alt=\"2021 mayo italia lucca formaci\u00f3n hic sum 1 3 9 suor jacqueline lizia lazzarino formaci\u00f3n chocolate spazio + spadoni 3 2 225x300\"\/><\/figure>\n\n\n\n<figure class=\"wp-block-image size-large formazione\"><img decoding=\"async\" src=\"https:\/\/spaziospadoni.org\/wp-content\/uploads\/2026\/05\/2021_maggio_italia_lucca_formazione_hic_sum_1_3_9_suor_jacqueline_lizia_lazzarino_formazione_cioccolato_spazio_spadoni-4-1-300x225.jpg\" alt=\"2021 mayo italia lucca formaci\u00f3n hic sum 1 3 9 suor jacqueline lizia lazzarino formaci\u00f3n chocolate spazio + spadoni 4 1 300x225\"\/><\/figure>\n\n\n\n<figure class=\"wp-block-image size-large formazione\"><img decoding=\"async\" src=\"https:\/\/spaziospadoni.org\/wp-content\/uploads\/2026\/05\/2025_impresa_sociale_pollaio_costa_avorio_sorelle_santa_gemma_hic_sum_spazio_spadoniu-225x300.jpg\" alt=\"2025 empresa social gallinero costa de marfil hermanas santa Gemma hic sum spazio + spadoni 225x300\"\/><\/figure>\n\n\n\n<figure class=\"wp-block-image size-large sago-costa-d-avorio\"><img decoding=\"async\" src=\"https:\/\/spaziospadoni.org\/wp-content\/uploads\/2026\/05\/novembre_2024_costa_avorio_sago_apostolato_volontari_volontariato_opere_misericordia_suore_santa_gemma_spazio_spadoni-1-225x300.jpg\" alt=\"noviembre 2024 costa de marfil sago apostolado voluntarios voluntariado obras de misericordia hermanas santa Gemma spazio + spadoni 1 225x300\"\/><\/figure>\n\n\n\n<figure class=\"wp-block-image size-large sago-costa-d-avorio\"><img decoding=\"async\" src=\"https:\/\/spaziospadoni.org\/wp-content\/uploads\/2026\/05\/novembre_2024_costa_avorio_sago_apostolato_volontari_volontariato_opere_misericordia_suore_santa_gemma_spazio_spadoni-2-300x225.jpg\" alt=\"noviembre 2024 costa de marfil sago apostolado voluntarios voluntariado obras de misericordia hermanas santa Gemma spazio + spadoni 2 300x225\"\/><\/figure>\n\n\n\n<figure class=\"wp-block-image size-large sago-costa-d-avorio\"><img decoding=\"async\" src=\"https:\/\/spaziospadoni.org\/wp-content\/uploads\/2026\/05\/novembre_2024_costa_avorio_sago_apostolato_volontari_volontariato_opere_misericordia_suore_santa_gemma_spazio_spadoni-3-225x300.jpg\" alt=\"noviembre 2024 costa de marfil sago apostolado voluntarios voluntariado obras de misericordia hermanas santa Gemma spazio + spadoni 3 225x300\"\/><\/figure>\n\n\n\n<figure class=\"wp-block-image size-large sago-costa-d-avorio\"><img decoding=\"async\" src=\"https:\/\/spaziospadoni.org\/wp-content\/uploads\/2026\/05\/novembre_2024_costa_avorio_sago_apostolato_volontari_volontariato_opere_misericordia_suore_santa_gemma_spazio_spadoni-4-300x225.jpg\" alt=\"noviembre 2024 costa de marfil sago apostolado voluntarios voluntariado obras de misericordia hermanas santa Gemma spazio + spadoni 4 300x225\"\/><\/figure>\n\n\n\n<figure class=\"wp-block-image size-large sago-costa-d-avorio\"><img decoding=\"async\" src=\"https:\/\/spaziospadoni.org\/wp-content\/uploads\/2026\/05\/2025_opere_misericordia_operam_spazio_spadoni_costa_avorio_targa-225x300.jpg\" alt=\"2025 obras de misericordia OPERA M spazio + spadoni costa de marfil placa 225x300\"\/><\/figure>\n<\/figure>\n\n\n\n<div class=\"gb-element-b24bbf5e ss-media-videos\">\n<figure class=\"wp-block-video video\"><video controls src=\"https:\/\/spaziospadoni.org\/wp-content\/uploads\/2026\/05\/giugno_2024_costa_avorio_sago_africa_operam_volontari_volontariato_spazio_spadoni_opere_misericordia.mp4\"><\/video><figcaption class=\"wp-element-caption\">junio 2024 costa de marfil sago africa OPERA M voluntarios voluntariado spazio + spadoni obras de misericordia<\/figcaption><\/figure>\n\n\n\n<figure class=\"wp-block-video video\"><video controls src=\"https:\/\/spaziospadoni.org\/wp-content\/uploads\/2026\/05\/2026_maggio_costa_avorio_polli-allevamento_progetto_hic_sum_spazio_spadoni-1.mp4\"><\/video><figcaption class=\"wp-element-caption\">2026 mayo costa de marfil pollos cr\u00eda proyecto hic sum spazio + spadoni 1<\/figcaption><\/figure>\n<\/div>\n<\/div>\n<\/div>\n<\/div>\n<\/div>\n","protected":false},"excerpt":{"rendered":"<p>Lazzarino Placentino &#8211; Sago (Costa de Marfil) PROYECTO 9 de 72 MISI\u00d3N Lugar Sago Di\u00f3cesis San P\u00e9dro Pa\u00eds Costa de Marfil Continente \u00c1frica Coordenadas GPS 4.94709 -6.08767 Zona horaria UTC+0 CONGREGACI\u00d3N Congregaci\u00f3n Congregaci\u00f3n Misionera Hermanas de Santa Gemma Casa Madre Camigliano Santa Gemma (LU) Di\u00f3cesis Lucca Pa\u00eds Italia Continente Europa Fiesta de la Congregaci\u00f3n 26 &#8230; <a title=\"Costa de Marfil &#8211; \u00c1frica | Proyecto #9 de 72\" class=\"read-more\" href=\"https:\/\/spaziospadoni.org\/es\/hic-sum\/costa-de-marfil-africa-proyecto-9-de-72\/\" aria-label=\"Read more about Costa de Marfil &#8211; \u00c1frica | Proyecto #9 de 72\">Leer m\u00e1s<\/a><\/p>\n","protected":false},"author":102,"featured_media":0,"parent":63319,"menu_order":0,"comment_status":"closed","ping_status":"closed","template":"","meta":{"_sitemap_exclude":false,"_sitemap_priority":"","_sitemap_frequency":"","footnotes":""},"class_list":["post-64131","page","type-page","status-publish","infinite-scroll-item"],"yoast_head":"<!-- This site is optimized with the Yoast SEO plugin v28.4 - https:\/\/yoast.com\/product\/yoast-seo-wordpress\/ -->\n<title>Costa de Marfil - \u00c1frica | Proyecto #9 de 72 | Spazio Spadoni<\/title>\n<meta name=\"description\" content=\"Lazzarino Placentino - Sago (Costa de Marfil) PROYECTO 9 de 72 MISI\u00d3N Lugar Sago Di\u00f3cesis San P\u00e9dro Pa\u00eds Costa de Marfil Continente \u00c1frica Coordenadas GPS\" \/>\n<meta name=\"robots\" content=\"index, follow, max-snippet:-1, max-image-preview:large, max-video-preview:-1\" \/>\n<link rel=\"canonical\" href=\"https:\/\/spaziospadoni.org\/es\/hic-sum\/costa-de-marfil-africa-proyecto-9-de-72\/\" \/>\n<meta property=\"og:locale\" content=\"es_ES\" \/>\n<meta property=\"og:type\" content=\"article\" \/>\n<meta property=\"og:title\" content=\"Costa de Marfil - \u00c1frica | Proyecto #9 de 72 | Spazio Spadoni\" \/>\n<meta property=\"og:description\" content=\"Lazzarino Placentino - Sago (Costa de Marfil) PROYECTO 9 de 72 MISI\u00d3N Lugar Sago Di\u00f3cesis San P\u00e9dro Pa\u00eds Costa de Marfil Continente \u00c1frica Coordenadas GPS\" \/>\n<meta property=\"og:url\" content=\"https:\/\/spaziospadoni.org\/es\/hic-sum\/costa-de-marfil-africa-proyecto-9-de-72\/\" \/>\n<meta property=\"og:site_name\" content=\"spazio + spadoni\" \/>\n<meta property=\"article:publisher\" content=\"https:\/\/www.facebook.com\/SpazioSpadoni\/\" \/>\n<meta property=\"article:modified_time\" content=\"2026-07-20T21:18:41+00:00\" \/>\n<meta property=\"og:image\" content=\"https:\/\/spaziospadoni.org\/wp-content\/uploads\/2026\/05\/hicsum_1_congo-spaziospadoni-scaled.png\" \/>\n\t<meta property=\"og:image:width\" content=\"2560\" \/>\n\t<meta property=\"og:image:height\" content=\"1771\" \/>\n\t<meta property=\"og:image:type\" content=\"image\/png\" \/>\n<meta name=\"twitter:card\" content=\"summary_large_image\" \/>\n<meta name=\"twitter:label1\" content=\"Est. reading time\" \/>\n\t<meta name=\"twitter:data1\" content=\"18 minutes\" \/>\n<script type=\"application\/ld+json\" class=\"yoast-schema-graph\">{\"@context\":\"https:\\\/\\\/schema.org\",\"@graph\":[{\"@type\":\"WebPage\",\"@id\":\"https:\\\/\\\/spaziospadoni.org\\\/es\\\/hic-sum\\\/costa-de-marfil-africa-proyecto-9-de-72\\\/\",\"url\":\"https:\\\/\\\/spaziospadoni.org\\\/es\\\/hic-sum\\\/costa-de-marfil-africa-proyecto-9-de-72\\\/\",\"name\":\"Costa de Marfil - \u00c1frica | Proyecto #9 de 72 | Spazio Spadoni\",\"isPartOf\":{\"@id\":\"https:\\\/\\\/spaziospadoni.org\\\/es\\\/#website\"},\"primaryImageOfPage\":{\"@id\":\"https:\\\/\\\/spaziospadoni.org\\\/es\\\/hic-sum\\\/costa-de-marfil-africa-proyecto-9-de-72\\\/#primaryimage\"},\"image\":{\"@id\":\"https:\\\/\\\/spaziospadoni.org\\\/es\\\/hic-sum\\\/costa-de-marfil-africa-proyecto-9-de-72\\\/#primaryimage\"},\"thumbnailUrl\":\"https:\\\/\\\/spaziospadoni.org\\\/wp-content\\\/uploads\\\/2026\\\/05\\\/hicsum_9_costa_davorio-spaziospadoni-scaled.png\",\"datePublished\":\"2026-05-15T13:12:17+00:00\",\"dateModified\":\"2026-07-20T21:18:41+00:00\",\"description\":\"Lazzarino Placentino - Sago (Costa de Marfil) PROYECTO 9 de 72 MISI\u00d3N Lugar Sago Di\u00f3cesis San P\u00e9dro Pa\u00eds Costa de Marfil Continente \u00c1frica Coordenadas GPS\",\"breadcrumb\":{\"@id\":\"https:\\\/\\\/spaziospadoni.org\\\/es\\\/hic-sum\\\/costa-de-marfil-africa-proyecto-9-de-72\\\/#breadcrumb\"},\"inLanguage\":\"es-ES\",\"potentialAction\":[{\"@type\":\"ReadAction\",\"target\":[\"https:\\\/\\\/spaziospadoni.org\\\/es\\\/hic-sum\\\/costa-de-marfil-africa-proyecto-9-de-72\\\/\"]}]},{\"@type\":\"ImageObject\",\"inLanguage\":\"es-ES\",\"@id\":\"https:\\\/\\\/spaziospadoni.org\\\/es\\\/hic-sum\\\/costa-de-marfil-africa-proyecto-9-de-72\\\/#primaryimage\",\"url\":\"https:\\\/\\\/spaziospadoni.org\\\/wp-content\\\/uploads\\\/2026\\\/05\\\/hicsum_9_costa_davorio-spaziospadoni-scaled.png\",\"contentUrl\":\"https:\\\/\\\/spaziospadoni.org\\\/wp-content\\\/uploads\\\/2026\\\/05\\\/hicsum_9_costa_davorio-spaziospadoni-scaled.png\"},{\"@type\":\"BreadcrumbList\",\"@id\":\"https:\\\/\\\/spaziospadoni.org\\\/es\\\/hic-sum\\\/costa-de-marfil-africa-proyecto-9-de-72\\\/#breadcrumb\",\"itemListElement\":[{\"@type\":\"ListItem\",\"position\":1,\"name\":\"Home\",\"item\":\"https:\\\/\\\/spaziospadoni.org\\\/es\\\/\"},{\"@type\":\"ListItem\",\"position\":2,\"name\":\"Proyectos misioneros &#8211; Hic Sum\",\"item\":\"https:\\\/\\\/spaziospadoni.org\\\/es\\\/hic-sum\\\/\"},{\"@type\":\"ListItem\",\"position\":3,\"name\":\"Costa de Marfil &#8211; \u00c1frica | Proyecto #9 de 72\"}]},{\"@type\":\"WebSite\",\"@id\":\"https:\\\/\\\/spaziospadoni.org\\\/es\\\/#website\",\"url\":\"https:\\\/\\\/spaziospadoni.org\\\/es\\\/\",\"name\":\"spazio + spadoni\",\"description\":\"Generazione di misericordia e missione nel mondo\",\"publisher\":{\"@id\":\"https:\\\/\\\/spaziospadoni.org\\\/es\\\/#organization\"},\"alternateName\":\"spaziospadoni.org\",\"potentialAction\":[{\"@type\":\"SearchAction\",\"target\":{\"@type\":\"EntryPoint\",\"urlTemplate\":\"https:\\\/\\\/spaziospadoni.org\\\/es\\\/?s={search_term_string}\"},\"query-input\":{\"@type\":\"PropertyValueSpecification\",\"valueRequired\":true,\"valueName\":\"search_term_string\"}}],\"inLanguage\":\"es-ES\"},{\"@type\":\"Organization\",\"@id\":\"https:\\\/\\\/spaziospadoni.org\\\/es\\\/#organization\",\"name\":\"spazio + spadoni\",\"alternateName\":\"spaziospadoni.org\",\"url\":\"https:\\\/\\\/spaziospadoni.org\\\/es\\\/\",\"logo\":{\"@type\":\"ImageObject\",\"inLanguage\":\"es-ES\",\"@id\":\"https:\\\/\\\/spaziospadoni.org\\\/es\\\/#\\\/schema\\\/logo\\\/image\\\/\",\"url\":\"https:\\\/\\\/spaziospadoni.org\\\/wp-content\\\/uploads\\\/2026\\\/05\\\/spazio-spadoni-logo-100x100-1.webp\",\"contentUrl\":\"https:\\\/\\\/spaziospadoni.org\\\/wp-content\\\/uploads\\\/2026\\\/05\\\/spazio-spadoni-logo-100x100-1.webp\",\"width\":100,\"height\":100,\"caption\":\"spazio + spadoni\"},\"image\":{\"@id\":\"https:\\\/\\\/spaziospadoni.org\\\/es\\\/#\\\/schema\\\/logo\\\/image\\\/\"},\"sameAs\":[\"https:\\\/\\\/www.facebook.com\\\/SpazioSpadoni\\\/\",\"https:\\\/\\\/www.instagram.com\\\/spaziospadoni\\\/\",\"https:\\\/\\\/www.youtube.com\\\/@spaziospadoni\\\/playlists\"]}]}<\/script>\n<!-- \/ Yoast SEO plugin. -->","yoast_head_json":{"title":"Costa de Marfil - \u00c1frica | Proyecto #9 de 72 | Spazio Spadoni","description":"Lazzarino Placentino - Sago (Costa de Marfil) PROYECTO 9 de 72 MISI\u00d3N Lugar Sago Di\u00f3cesis San P\u00e9dro Pa\u00eds Costa de Marfil Continente \u00c1frica Coordenadas GPS","robots":{"index":"index","follow":"follow","max-snippet":"max-snippet:-1","max-image-preview":"max-image-preview:large","max-video-preview":"max-video-preview:-1"},"canonical":"https:\/\/spaziospadoni.org\/es\/hic-sum\/costa-de-marfil-africa-proyecto-9-de-72\/","og_locale":"es_ES","og_type":"article","og_title":"Costa de Marfil - \u00c1frica | Proyecto #9 de 72 | Spazio Spadoni","og_description":"Lazzarino Placentino - Sago (Costa de Marfil) PROYECTO 9 de 72 MISI\u00d3N Lugar Sago Di\u00f3cesis San P\u00e9dro Pa\u00eds Costa de Marfil Continente \u00c1frica Coordenadas GPS","og_url":"https:\/\/spaziospadoni.org\/es\/hic-sum\/costa-de-marfil-africa-proyecto-9-de-72\/","og_site_name":"spazio + spadoni","article_publisher":"https:\/\/www.facebook.com\/SpazioSpadoni\/","article_modified_time":"2026-07-20T21:18:41+00:00","og_image":[{"width":2560,"height":1771,"url":"https:\/\/spaziospadoni.org\/wp-content\/uploads\/2026\/05\/hicsum_1_congo-spaziospadoni-scaled.png","type":"image\/png"}],"twitter_card":"summary_large_image","twitter_misc":{"Est. reading time":"18 minutes"},"schema":{"@context":"https:\/\/schema.org","@graph":[{"@type":"WebPage","@id":"https:\/\/spaziospadoni.org\/es\/hic-sum\/costa-de-marfil-africa-proyecto-9-de-72\/","url":"https:\/\/spaziospadoni.org\/es\/hic-sum\/costa-de-marfil-africa-proyecto-9-de-72\/","name":"Costa de Marfil - \u00c1frica | Proyecto #9 de 72 | Spazio Spadoni","isPartOf":{"@id":"https:\/\/spaziospadoni.org\/es\/#website"},"primaryImageOfPage":{"@id":"https:\/\/spaziospadoni.org\/es\/hic-sum\/costa-de-marfil-africa-proyecto-9-de-72\/#primaryimage"},"image":{"@id":"https:\/\/spaziospadoni.org\/es\/hic-sum\/costa-de-marfil-africa-proyecto-9-de-72\/#primaryimage"},"thumbnailUrl":"https:\/\/spaziospadoni.org\/wp-content\/uploads\/2026\/05\/hicsum_9_costa_davorio-spaziospadoni-scaled.png","datePublished":"2026-05-15T13:12:17+00:00","dateModified":"2026-07-20T21:18:41+00:00","description":"Lazzarino Placentino - Sago (Costa de Marfil) PROYECTO 9 de 72 MISI\u00d3N Lugar Sago Di\u00f3cesis San P\u00e9dro Pa\u00eds Costa de Marfil Continente \u00c1frica Coordenadas GPS","breadcrumb":{"@id":"https:\/\/spaziospadoni.org\/es\/hic-sum\/costa-de-marfil-africa-proyecto-9-de-72\/#breadcrumb"},"inLanguage":"es-ES","potentialAction":[{"@type":"ReadAction","target":["https:\/\/spaziospadoni.org\/es\/hic-sum\/costa-de-marfil-africa-proyecto-9-de-72\/"]}]},{"@type":"ImageObject","inLanguage":"es-ES","@id":"https:\/\/spaziospadoni.org\/es\/hic-sum\/costa-de-marfil-africa-proyecto-9-de-72\/#primaryimage","url":"https:\/\/spaziospadoni.org\/wp-content\/uploads\/2026\/05\/hicsum_9_costa_davorio-spaziospadoni-scaled.png","contentUrl":"https:\/\/spaziospadoni.org\/wp-content\/uploads\/2026\/05\/hicsum_9_costa_davorio-spaziospadoni-scaled.png"},{"@type":"BreadcrumbList","@id":"https:\/\/spaziospadoni.org\/es\/hic-sum\/costa-de-marfil-africa-proyecto-9-de-72\/#breadcrumb","itemListElement":[{"@type":"ListItem","position":1,"name":"Home","item":"https:\/\/spaziospadoni.org\/es\/"},{"@type":"ListItem","position":2,"name":"Proyectos misioneros &#8211; Hic Sum","item":"https:\/\/spaziospadoni.org\/es\/hic-sum\/"},{"@type":"ListItem","position":3,"name":"Costa de Marfil &#8211; \u00c1frica | Proyecto #9 de 72"}]},{"@type":"WebSite","@id":"https:\/\/spaziospadoni.org\/es\/#website","url":"https:\/\/spaziospadoni.org\/es\/","name":"spazio + spadoni","description":"Generazione di misericordia e missione nel mondo","publisher":{"@id":"https:\/\/spaziospadoni.org\/es\/#organization"},"alternateName":"spaziospadoni.org","potentialAction":[{"@type":"SearchAction","target":{"@type":"EntryPoint","urlTemplate":"https:\/\/spaziospadoni.org\/es\/?s={search_term_string}"},"query-input":{"@type":"PropertyValueSpecification","valueRequired":true,"valueName":"search_term_string"}}],"inLanguage":"es-ES"},{"@type":"Organization","@id":"https:\/\/spaziospadoni.org\/es\/#organization","name":"spazio + spadoni","alternateName":"spaziospadoni.org","url":"https:\/\/spaziospadoni.org\/es\/","logo":{"@type":"ImageObject","inLanguage":"es-ES","@id":"https:\/\/spaziospadoni.org\/es\/#\/schema\/logo\/image\/","url":"https:\/\/spaziospadoni.org\/wp-content\/uploads\/2026\/05\/spazio-spadoni-logo-100x100-1.webp","contentUrl":"https:\/\/spaziospadoni.org\/wp-content\/uploads\/2026\/05\/spazio-spadoni-logo-100x100-1.webp","width":100,"height":100,"caption":"spazio + spadoni"},"image":{"@id":"https:\/\/spaziospadoni.org\/es\/#\/schema\/logo\/image\/"},"sameAs":["https:\/\/www.facebook.com\/SpazioSpadoni\/","https:\/\/www.instagram.com\/spaziospadoni\/","https:\/\/www.youtube.com\/@spaziospadoni\/playlists"]}]}},"_links":{"self":[{"href":"https:\/\/spaziospadoni.org\/es\/wp-json\/wp\/v2\/pages\/64131","targetHints":{"allow":["GET"]}}],"collection":[{"href":"https:\/\/spaziospadoni.org\/es\/wp-json\/wp\/v2\/pages"}],"about":[{"href":"https:\/\/spaziospadoni.org\/es\/wp-json\/wp\/v2\/types\/page"}],"author":[{"embeddable":true,"href":"https:\/\/spaziospadoni.org\/es\/wp-json\/wp\/v2\/users\/102"}],"replies":[{"embeddable":true,"href":"https:\/\/spaziospadoni.org\/es\/wp-json\/wp\/v2\/comments?post=64131"}],"version-history":[{"count":0,"href":"https:\/\/spaziospadoni.org\/es\/wp-json\/wp\/v2\/pages\/64131\/revisions"}],"up":[{"embeddable":true,"href":"https:\/\/spaziospadoni.org\/es\/wp-json\/wp\/v2\/pages\/63319"}],"wp:attachment":[{"href":"https:\/\/spaziospadoni.org\/es\/wp-json\/wp\/v2\/media?parent=64131"}],"curies":[{"name":"wp","href":"https:\/\/api.w.org\/{rel}","templated":true}]}}