{"id":65148,"date":"2026-05-15T15:22:27","date_gmt":"2026-05-15T14:22:27","guid":{"rendered":"https:\/\/spaziospadoni.org\/hic-sum\/peru-america-progetto-11-di-72\/"},"modified":"2026-07-21T11:35:56","modified_gmt":"2026-07-21T10:35:56","slug":"peru-america-proyecto-11-de-72","status":"publish","type":"page","link":"https:\/\/spaziospadoni.org\/es\/hic-sum\/peru-america-proyecto-11-de-72\/","title":{"rendered":"Per\u00fa &#8211; Am\u00e9rica | Proyecto #11 de 72"},"content":{"rendered":"\n<div class=\"ss-project-hero-card\">\n<h2 id=\"mirian-aguilar-pachacamac-peru\" class=\"gb-text gb-text-62a95885\">Mirian Aguilar &#8211; Pachac\u00e1mac (Per\u00fa)<\/h2>\n\n\n\n<div class=\"gb-element-f60f2409\">\n<div class=\"gb-element-90a85740 ss-project-sidebar\">\n<h2 id=\"proyecto-11-de-72\" class=\"gb-text ss-project-title\">PROYECTO 11 de 72<\/h2>\n\n\n\n<figure class=\"wp-block-image size-large\"><img decoding=\"async\" src=\"https:\/\/spaziospadoni.org\/wp-content\/uploads\/2026\/05\/hicsum_11_peru-spaziospadoni-1024x709.png\" alt=\"HIC SUM 11 per\u00fa spazio + spadoni 1024x709\" class=\"wp-image-43007\"\/><\/figure>\n\n\n\n<div class=\"ss-project-table\">\n<div class=\"ss-table-section-title\">\n<h3 id=\"mision\" class=\"gb-text\">MISI\u00d3N<\/h3>\n<\/div>\n\n\n\n<div class=\"ss-table-row\">\n<p class=\"gb-text\">Lugar<\/p>\n\n\n\n<p class=\"gb-text\"><a href=\"https:\/\/www.google.it\/maps\/place\/Distretto+di+Pachacamac,+Per%C3%B9\/@-12.1502768,-76.873337,12z\/data=!3m1!4b1!4m6!3m5!1s0x91059518fa348973:0x2e168af14ba80f2d!8m2!3d-12.2095337!4d-76.8538748!16s%2Fm%2F03bxtdr?entry=ttu&amp;g_ep=EgoyMDI1MDMyNS4xIKXMDSoJLDEwMjExNjM5SAFQAw%3D%3D\" rel=\"noreferrer noopener\" target=\"_blank\" title=\"Pachac\u00e1mac\">Pachac\u00e1mac<\/a><\/p>\n<\/div>\n\n\n\n<div class=\"ss-table-row\">\n<p class=\"gb-text\">Di\u00f3cesis<\/p>\n\n\n\n<p class=\"gb-text\">Lur\u00edn<\/p>\n<\/div>\n\n\n\n<div class=\"ss-table-row\">\n<p class=\"gb-text\">Pa\u00eds<\/p>\n\n\n\n<p class=\"gb-text\"><strong>Per\u00fa<\/strong><\/p>\n<\/div>\n\n\n\n<div class=\"ss-table-row\">\n<p class=\"gb-text\">Continente<\/p>\n\n\n\n<p class=\"gb-text\">Am\u00e9rica<\/p>\n<\/div>\n\n\n\n<div class=\"ss-table-row\">\n<p class=\"gb-text\">Coordenadas GPS<\/p>\n\n\n\n<p class=\"gb-text\">-12.21253 -76.85720<\/p>\n<\/div>\n\n\n\n<div class=\"ss-table-row\">\n<p class=\"gb-text\">Zona horaria<\/p>\n\n\n\n<p class=\"gb-text\">UTC-5<\/p>\n<\/div>\n<\/div>\n\n\n\n<div class=\"ss-project-table\">\n<div class=\"ss-table-section-title\">\n<h3 id=\"congregacion\" class=\"gb-text\">CONGREGACI\u00d3N<\/h3>\n<\/div>\n\n\n\n<div class=\"ss-table-row\">\n<p class=\"gb-text\">Congregaci\u00f3n<\/p>\n\n\n\n<p class=\"gb-text\">Hermanas de Mar\u00eda Inmaculada \u2013 Misioneras Claretianas<\/p>\n<\/div>\n\n\n\n<div class=\"ss-table-row\">\n<p class=\"gb-text\">Casa Madre<\/p>\n\n\n\n<p class=\"gb-text\">Roma<\/p>\n<\/div>\n\n\n\n<div class=\"ss-table-row\">\n<p class=\"gb-text\">Di\u00f3cesis<\/p>\n\n\n\n<p class=\"gb-text\">Roma<\/p>\n<\/div>\n\n\n\n<div class=\"ss-table-row\">\n<p class=\"gb-text\">Pa\u00eds<\/p>\n\n\n\n<p class=\"gb-text\">Italia<\/p>\n<\/div>\n\n\n\n<div class=\"ss-table-row\">\n<p class=\"gb-text\">Continente<\/p>\n\n\n\n<p class=\"gb-text\">Europa<\/p>\n<\/div>\n\n\n\n<div class=\"ss-table-row\">\n<p class=\"gb-text\">Fiesta de la Congregaci\u00f3n<\/p>\n\n\n\n<p class=\"gb-text\">24 de octubre<\/p>\n<\/div>\n\n\n\n<div class=\"ss-table-row\">\n<p class=\"gb-text\">Coordenadas GPS<\/p>\n\n\n\n<p class=\"gb-text\">41.88584 12.46531<\/p>\n<\/div>\n\n\n\n<div class=\"ss-table-row\">\n<p class=\"gb-text\">Zona horaria<\/p>\n\n\n\n<p class=\"gb-text\">UTC+1<\/p>\n<\/div>\n\n\n\n<div class=\"ss-table-row\">\n<p class=\"gb-text\">Persona de contacto<\/p>\n\n\n\n<p class=\"gb-text\">Mirian Aguilar y la hermana Lia Latela<\/p>\n<\/div>\n\n\n\n<div class=\"ss-table-row\">\n<p class=\"gb-text\">Madre General<\/p>\n\n\n\n<p class=\"gb-text\">Hermana Lia Latela<\/p>\n<\/div>\n\n\n\n<div class=\"ss-table-row\">\n<p class=\"gb-text\">Sitio web<\/p>\n\n\n\n<p class=\"gb-text\"><a href=\"https:\/\/misionerasclaretianasrmi.org\" rel=\"noreferrer noopener\" target=\"_blank\" title=\"misionerasclaretianasrmi.org\">misionerasclaretianasrmi.org<\/a><\/p>\n<\/div>\n<\/div>\n\n\n\n<div class=\"ss-project-table\">\n<div class=\"ss-table-section-title\">\n<h3 id=\"entidad-de-formacion\" class=\"gb-text\">ENTIDAD DE FORMACI\u00d3N<\/h3>\n<\/div>\n\n\n\n<div class=\"ss-table-row\">\n<p class=\"gb-text\">Nombre<\/p>\n\n\n\n<p class=\"gb-text\">Misericordia di Sarteano<\/p>\n<\/div>\n\n\n\n<div class=\"ss-table-row\">\n<p class=\"gb-text\">Lugar<\/p>\n\n\n\n<p class=\"gb-text\">Sarteano (SI)<\/p>\n<\/div>\n\n\n\n<div class=\"ss-table-row\">\n<p class=\"gb-text\">Pa\u00eds<\/p>\n\n\n\n<p class=\"gb-text\">Italia<\/p>\n<\/div>\n\n\n\n<div class=\"ss-table-row\">\n<p class=\"gb-text\">Continente<\/p>\n\n\n\n<p class=\"gb-text\">Europa<\/p>\n<\/div>\n\n\n\n<div class=\"ss-table-row\">\n<p class=\"gb-text\">Coordenadas GPS<\/p>\n\n\n\n<p class=\"gb-text\">42.98931 11.87736<\/p>\n<\/div>\n\n\n\n<div class=\"ss-table-row\">\n<p class=\"gb-text\">Zona horaria<\/p>\n\n\n\n<p class=\"gb-text\">UTC+1<\/p>\n<\/div>\n\n\n\n<div class=\"ss-table-row\">\n<p class=\"gb-text\">Fecha de inicio<\/p>\n\n\n\n<p class=\"gb-text\">26.04.2022<\/p>\n<\/div>\n\n\n\n<div class=\"ss-table-row\">\n<p class=\"gb-text\">Fecha de finalizaci\u00f3n<\/p>\n\n\n\n<p class=\"gb-text\">Julio de 2022<\/p>\n<\/div>\n\n\n\n<div class=\"ss-table-row\">\n<p class=\"gb-text\">Tutor<\/p>\n\n\n\n<p class=\"gb-text\">Francesca Di Carmine<\/p>\n<\/div>\n<\/div>\n\n\n\n<div class=\"ss-project-table\">\n<div class=\"ss-table-section-title\">\n<h3 id=\"espacio-real\" class=\"gb-text\">ESPACIO REAL<\/h3>\n<\/div>\n\n\n\n<div class=\"ss-table-row\">\n<p class=\"gb-text\">Responsable del proyecto<\/p>\n\n\n\n<p class=\"gb-text\">Mirian Aguilar y la hermana Lia Latela<\/p>\n<\/div>\n\n\n\n<div class=\"ss-table-row\">\n<p class=\"gb-text\">Fecha de inicio<\/p>\n\n\n\n<p class=\"gb-text\"><\/p>\n<\/div>\n\n\n\n<div class=\"ss-table-row\">\n<p class=\"gb-text\">Tipolog\u00eda<\/p>\n\n\n\n<p class=\"gb-text\"><strong>Pane di Misericordia<\/strong><\/p>\n<\/div>\n<\/div>\n<\/div>\n<\/div>\n\n\n\n<div class=\"gb-element-6ad95ea8\">\n<div class=\"gb-element-e34063a6 ss-project-intro\"><div class=\"wp-block-image imgText\">\n<figure class=\"alignleft size-full is-resized\"><img decoding=\"async\" alt=\"mirian-spazio + spadoni\" src=\"https:\/\/spaziospadoni.org\/wp-content\/uploads\/2026\/05\/mirian-spaziospadoni-300x300.jpg\" style=\"width:180px;height:auto\"\/><figcaption class=\"wp-element-caption\">Pane di Misericordia<\/figcaption><\/figure>\n<\/div>\n\n\n<p class=\"wp-block-paragraph\"><strong>Tras algunas dificultades relacionadas con el futuro del Hogar Santa Faustina, inicialmente se identific\u00f3 la posibilidad de poner en marcha un proyecto agr\u00edcola destinado a sostener la estructura. En junio de 2023, el proyecto fue suspendido debido a una reorganizaci\u00f3n de los cargos internos de la Congregaci\u00f3n. Se mantienen la disponibilidad y el compromiso de spazio + spadoni para apoyar al Instituto Religioso y la relaci\u00f3n de hermanamiento que la Misericordia di Sarteano ha establecido con Mirian y con la Congregaci\u00f3n de las Misioneras Claretianas.<\/strong><\/p>\n\n\n\n<p class=\"wp-block-paragraph\">Mirian Aguilar es una joven que presta servicio en el Hogar Santa Faustina, una obra fundada en 2014 por las Hermanas de Mar\u00eda Inmaculada &#8211; Misioneras Claretianas en Pachac\u00e1mac, Per\u00fa. La estructura residencial brinda asistencia integral y protecci\u00f3n a los ni\u00f1os mediante una acogida familiar, ofrecida con amor en un clima de serenidad y confianza cristiana. El objetivo es que cada ni\u00f1o recupere cuanto antes el derecho a vivir en una familia, reintegr\u00e1ndose en la suya o siendo acogido por una familia adoptiva.<\/p>\n\n\n\n<p class=\"wp-block-paragraph\">Precisamente por su compromiso en el Hogar, Mirian es designada por la Congregaci\u00f3n para venir a Italia durante 3 meses y realizar la formaci\u00f3n del proyecto HIC SUM. Llega a Italia el 26 de abril de 2022 y es acogida por la Misericordia di Sarteano, que la acompa\u00f1a y la integra en la asociaci\u00f3n.<\/p>\n<\/div>\n<\/div>\n\n\n\n<div>\n<h2 id=\"cronologia\" class=\"gb-text gb-text-8179e40a\">Cronolog\u00eda<\/h2>\n\n\n\n<div class=\"ss-timeline\">\n<h3 id=\"2020\" class=\"gb-text\">2020<\/h3>\n\n\n\n<div class=\"ss-timeline-item\">\n<h4 id=\"510-inicio-de-la-relacion\" class=\"gb-text\">5.10 | Inicio de la relaci\u00f3n<\/h4>\n\n\n\n<p class=\"wp-block-paragraph\">Comienza la colaboraci\u00f3n entre spazio + spadoni y las Hermanas de Mar\u00eda Inmaculada \u2013 Misioneras Claretianas<\/p>\n<\/div>\n<\/div>\n\n\n\n<div class=\"ss-timeline\">\n<h3 id=\"2021\" class=\"gb-text\">2021<\/h3>\n\n\n\n<div class=\"ss-timeline-item\">\n<h4 id=\"2306-inicio-de-la-relacion\" class=\"gb-text\">23.06 | Inicio de la relaci\u00f3n<\/h4>\n\n\n\n<p class=\"wp-block-paragraph\">Comienza la red entre spazio + spadoni, las Misioneras Claretianas y la Misericordia di Sarteano<\/p>\n<\/div>\n<\/div>\n\n\n\n<div class=\"ss-timeline\">\n<h3 id=\"2022\" class=\"gb-text\">2022<\/h3>\n\n\n\n<div class=\"ss-timeline-item\">\n<h4 id=\"2604-llegada-de-la-laica\" class=\"gb-text\">26.04 | Llegada de la laica<\/h4>\n\n\n\n<p class=\"wp-block-paragraph\">Mirian llega a Italia y es acogida por la Misericordia di Sarteano<\/p>\n\n\n\n<figure class=\"wp-block-gallery has-nested-images columns-1 is-cropped ss-lightbox wp-block-gallery-1 is-layout-flex wp-block-gallery-is-layout-flex\">\n<figure class=\"wp-block-image size-large\"><img decoding=\"async\" src=\"https:\/\/spaziospadoni.org\/wp-content\/uploads\/2026\/05\/2022_aprile_hicsum_11_italia_montepulciano_chiusi_pienza_mirian_clarettiane_misericordia_sarteano_formazione_spazio_spadoni-2-1-300x225.jpg\" alt=\"2022 abril HIC SUM 11 italia montepulciano chiusi pienza mirian claretianas Misericordia di Sarteano formaci\u00f3n spazio + spadoni 2 1 300x225\"\/><figcaption class=\"wp-element-caption\">26.04 | Llegada de la laica<\/figcaption><\/figure>\n<\/figure>\n<\/div>\n\n\n\n<div class=\"ss-timeline-item\">\n<h4 id=\"26042207-formacion\" class=\"gb-text\">26.04-22.07 | Formaci\u00f3n<\/h4>\n\n\n\n<p class=\"wp-block-paragraph\">Desde su llegada hasta hoy, Mirian realiza en la Misericordia di Sarteano una formaci\u00f3n sobre primeros auxilios, el carisma del voluntariado, la inclusi\u00f3n y la gesti\u00f3n de empresas sociales<\/p>\n\n\n\n<figure class=\"wp-block-gallery has-nested-images columns-1 is-cropped ss-lightbox wp-block-gallery-2 is-layout-flex wp-block-gallery-is-layout-flex\">\n<figure class=\"wp-block-image size-large\"><img decoding=\"async\" src=\"https:\/\/spaziospadoni.org\/wp-content\/uploads\/2026\/05\/2022_aprile_hicsum_11_italia_montepulciano_chiusi_pienza_mirian_clarettiane_misericordia_sarteano_formazione_spazio_spadoni-1-1.jpg\" alt=\"2022 abril HIC SUM 11 italia montepulciano chiusi pienza mirian claretianas Misericordia di Sarteano formaci\u00f3n spazio + spadoni 1 1\"\/><figcaption class=\"wp-element-caption\">26.04-22.07 | Formaci\u00f3n<\/figcaption><\/figure>\n<\/figure>\n<\/div>\n\n\n\n<div class=\"ss-timeline-item\">\n<h4 id=\"060906-formacion\" class=\"gb-text\">06-09.06 | Formaci\u00f3n<\/h4>\n\n\n\n<p class=\"wp-block-paragraph\">Formaci\u00f3n t\u00e9cnica de spazio + spadoni en el Convento di San Cerbone (LU)<\/p>\n\n\n\n<figure class=\"wp-block-gallery has-nested-images columns-1 is-cropped ss-lightbox wp-block-gallery-3 is-layout-flex wp-block-gallery-is-layout-flex\">\n<figure class=\"wp-block-image size-large\"><img decoding=\"async\" src=\"https:\/\/spaziospadoni.org\/wp-content\/uploads\/2026\/05\/2022_hicsum_26_uganda_italia_misericordia_canosa_puglia_spazio_spadoni_sr_christine_sisters_of_our_lady_consuel_formazione_mirian-225x300.jpg\" alt=\"2022 HIC SUM 26 uganda italia misericordia canosa Apulia spazio + spadoni hermana Christine Sisters of Our Lady of Good Counsel formaci\u00f3n mirian 225x300\"\/><figcaption class=\"wp-element-caption\">06-09.06 | Formaci\u00f3n<\/figcaption><\/figure>\n\n\n\n<figure class=\"wp-block-image size-large\"><img decoding=\"async\" src=\"https:\/\/spaziospadoni.org\/wp-content\/uploads\/2026\/05\/2022_giugno_hicsum_11_italia_lucca_mirian_clarettiane_misericordia_sarteano_formazione_convento_san_cerbone_spazio_spadoni-10-1-300x225.jpg\" alt=\"2022 junio HIC SUM 11 italia lucca mirian claretianas Misericordia di Sarteano formaci\u00f3n Convento di San Cerbone spazio + spadoni 10 1 300x225\"\/><figcaption class=\"wp-element-caption\">06-09.06 | Formaci\u00f3n<\/figcaption><\/figure>\n<\/figure>\n<\/div>\n\n\n\n<div class=\"ss-timeline-item\">\n<h4 id=\"2207-partida-de-la-laica\" class=\"gb-text\">22.07 | Partida de la laica<\/h4>\n\n\n\n<p class=\"wp-block-paragraph\">Mirian regresa a Pachac\u00e1mac, en Per\u00fa<\/p>\n<\/div>\n<\/div>\n\n\n\n<div class=\"ss-timeline\">\n<h3 id=\"2023\" class=\"gb-text\">2023<\/h3>\n\n\n\n<div class=\"ss-timeline-item\">\n<h4 id=\"0606-suspension-del-proyecto\" class=\"gb-text\">06.06 | Suspensi\u00f3n del proyecto<\/h4>\n\n\n\n<p class=\"wp-block-paragraph\">El proyecto se suspende debido a una reorganizaci\u00f3n de los cargos internos de la Congregaci\u00f3n. Se mantienen la disponibilidad y el compromiso de spazio + spadoni para apoyar al Instituto Religioso y la relaci\u00f3n de hermanamiento que la Misericordia di Sarteano ha establecido con Mirian y con la Congregaci\u00f3n de las Misioneras Claretianas<\/p>\n<\/div>\n<\/div>\n\n\n\n<div class=\"ss-timeline\">\n<h3 id=\"evaluaciones-del-proyecto\" class=\"gb-text\">Evaluaciones del proyecto<\/h3>\n\n\n\n<div class=\"ss-timeline-item\">\n<h4 id=\"junio-de-2023-el-proyecto-se-suspende-debido-a-una\" class=\"gb-text\">Junio de 2023 El proyecto se suspende debido a una<\/h4>\n\n\n\n<p class=\"wp-block-paragraph\">reorganizaci\u00f3n de los cargos internos de la Congregaci\u00f3n. Se mantienen la disponibilidad y el compromiso de spazio + spadoni para apoyar al Instituto Religioso y la relaci\u00f3n de hermanamiento que la Misericordia di Sarteano ha establecido con Mirian y con la Congregaci\u00f3n de las Misioneras Claretianas<\/p>\n<\/div>\n<\/div>\n<\/div>\n\n\n\n<div class=\"ss-project-media\">\n<h2 id=\"fotos-y-videos\" class=\"gb-text gb-text-d7bd8be8\">Fotos y v\u00eddeos<\/h2>\n\n\n\n<div class=\"ss-media-filters\">\n<a class=\"gb-text ss-media-filter active\" data-filter=\"*\" title=\"Todo\">Todo<\/a>\n\n\n\n<a class=\"gb-text ss-media-filter\" data-filter=\".formazione\" title=\"Formaci\u00f3n\">Formaci\u00f3n<\/a>\n<\/div>\n\n\n\n<div class=\"ss-media-grid\">\n<div>\n<figure class=\"wp-block-gallery has-nested-images columns-1 is-cropped ss-lightbox wp-block-gallery-4 is-layout-flex wp-block-gallery-is-layout-flex\">\n<figure class=\"wp-block-image size-large formazione\"><img decoding=\"async\" src=\"https:\/\/spaziospadoni.org\/wp-content\/uploads\/2026\/05\/2021_giugno_hicsum_11_italia_montepulciano_chiusi_pienza_mirian_clarettiane_misericordia_sarteano_progetto_visita_spazio_spadoni-3-scaled-1.jpg\" alt=\"2021 junio HIC SUM 11 italia montepulciano chiusi pienza mirian claretianas Misericordia di Sarteano proyecto visita spazio + spadoni 3 scaled\"\/><\/figure>\n\n\n\n<figure class=\"wp-block-image size-large formazione\"><img decoding=\"async\" src=\"https:\/\/spaziospadoni.org\/wp-content\/uploads\/2026\/05\/2021_giugno_hicsum_11_italia_montepulciano_chiusi_pienza_mirian_clarettiane_misericordia_sarteano_progetto_visita_spazio_spadoni-5-scaled-1.jpg\" alt=\"2021 junio HIC SUM 11 italia montepulciano chiusi pienza mirian claretianas Misericordia di Sarteano proyecto visita spazio + spadoni 5 scaled\"\/><\/figure>\n\n\n\n<figure class=\"wp-block-image size-large formazione\"><img decoding=\"async\" src=\"https:\/\/spaziospadoni.org\/wp-content\/uploads\/2026\/05\/2021_giugno_hicsum_11_italia_montepulciano_chiusi_pienza_mirian_clarettiane_misericordia_sarteano_progetto_visita_spazio_spadoni-7-scaled-1.jpg\" alt=\"2021 junio HIC SUM 11 italia montepulciano chiusi pienza mirian claretianas Misericordia di Sarteano proyecto visita spazio + spadoni 7 scaled\"\/><\/figure>\n\n\n\n<figure class=\"wp-block-image size-large formazione\"><img decoding=\"async\" src=\"https:\/\/spaziospadoni.org\/wp-content\/uploads\/2026\/05\/2021_giugno_hicsum_11_italia_montepulciano_chiusi_pienza_mirian_clarettiane_misericordia_sarteano_progetto_visita_spazio_spadoni-12-scaled-1.jpg\" alt=\"2021 junio HIC SUM 11 italia montepulciano chiusi pienza mirian claretianas Misericordia di Sarteano proyecto visita spazio + spadoni 12 scaled\"\/><\/figure>\n\n\n\n<figure class=\"wp-block-image size-large formazione\"><img decoding=\"async\" src=\"https:\/\/spaziospadoni.org\/wp-content\/uploads\/2026\/05\/2021_giugno_hicsum_11_italia_montepulciano_chiusi_pienza_mirian_clarettiane_misericordia_sarteano_progetto_visita_spazio_spadoni-14-scaled-1.jpg\" alt=\"2021 junio HIC SUM 11 italia montepulciano chiusi pienza mirian claretianas Misericordia di Sarteano proyecto visita spazio + spadoni 14 scaled\"\/><\/figure>\n\n\n\n<figure class=\"wp-block-image size-large formazione\"><img decoding=\"async\" src=\"https:\/\/spaziospadoni.org\/wp-content\/uploads\/2026\/05\/2021_giugno_hicsum_11_italia_montepulciano_chiusi_pienza_mirian_clarettiane_misericordia_sarteano_progetto_visita_spazio_spadoni-15-scaled-1.jpg\" alt=\"2021 junio HIC SUM 11 italia montepulciano chiusi pienza mirian claretianas Misericordia di Sarteano proyecto visita spazio + spadoni 15 scaled\"\/><\/figure>\n\n\n\n<figure class=\"wp-block-image size-large formazione\"><img decoding=\"async\" src=\"https:\/\/spaziospadoni.org\/wp-content\/uploads\/2026\/05\/2021_giugno_hicsum_11_italia_montepulciano_chiusi_pienza_mirian_clarettiane_misericordia_sarteano_progetto_visita_spazio_spadoni-22-scaled-1.jpg\" alt=\"2021 junio HIC SUM 11 italia montepulciano chiusi pienza mirian claretianas Misericordia di Sarteano proyecto visita spazio + spadoni 22 scaled\"\/><\/figure>\n\n\n\n<figure class=\"wp-block-image size-large formazione\"><img decoding=\"async\" src=\"https:\/\/spaziospadoni.org\/wp-content\/uploads\/2026\/05\/2021_giugno_hicsum_11_italia_montepulciano_chiusi_pienza_mirian_clarettiane_misericordia_sarteano_progetto_visita_spazio_spadoni-24-scaled-1.jpg\" alt=\"2021 junio HIC SUM 11 italia montepulciano chiusi pienza mirian claretianas Misericordia di Sarteano proyecto visita spazio + spadoni 24 scaled\"\/><\/figure>\n\n\n\n<figure class=\"wp-block-image size-large formazione\"><img decoding=\"async\" src=\"https:\/\/spaziospadoni.org\/wp-content\/uploads\/2026\/05\/2021_giugno_hicsum_11_italia_montepulciano_chiusi_pienza_mirian_clarettiane_misericordia_sarteano_progetto_visita_spazio_spadoni-26-scaled-1.jpg\" alt=\"2021 junio HIC SUM 11 italia montepulciano chiusi pienza mirian claretianas Misericordia di Sarteano proyecto visita spazio + spadoni 26 scaled\"\/><\/figure>\n\n\n\n<figure class=\"wp-block-image size-large formazione\"><img decoding=\"async\" src=\"https:\/\/spaziospadoni.org\/wp-content\/uploads\/2026\/05\/2021_giugno_hicsum_11_italia_montepulciano_chiusi_pienza_mirian_clarettiane_misericordia_sarteano_progetto_visita_spazio_spadoni-28-scaled-1.jpg\" alt=\"2021 junio HIC SUM 11 italia montepulciano chiusi pienza mirian claretianas Misericordia di Sarteano proyecto visita spazio + spadoni 28 scaled\"\/><\/figure>\n\n\n\n<figure class=\"wp-block-image size-large formazione\"><img decoding=\"async\" src=\"https:\/\/spaziospadoni.org\/wp-content\/uploads\/2026\/05\/2021_giugno_hicsum_11_italia_montepulciano_chiusi_pienza_mirian_clarettiane_misericordia_sarteano_progetto_visita_spazio_spadoni-37-scaled-1.jpg\" alt=\"2021 junio HIC SUM 11 italia montepulciano chiusi pienza mirian claretianas Misericordia di Sarteano proyecto visita spazio + spadoni 37 scaled\"\/><\/figure>\n\n\n\n<figure class=\"wp-block-image size-large formazione\"><img decoding=\"async\" src=\"https:\/\/spaziospadoni.org\/wp-content\/uploads\/2026\/05\/2021_giugno_hicsum_11_italia_montepulciano_chiusi_pienza_mirian_clarettiane_misericordia_sarteano_progetto_visita_spazio_spadoni-45-scaled-1.jpg\" alt=\"2021 junio HIC SUM 11 italia montepulciano chiusi pienza mirian claretianas Misericordia di Sarteano proyecto visita spazio + spadoni 45 scaled\"\/><\/figure>\n\n\n\n<figure class=\"wp-block-image size-large formazione\"><img decoding=\"async\" src=\"https:\/\/spaziospadoni.org\/wp-content\/uploads\/2026\/05\/2022_aprile_hicsum_11_italia_montepulciano_chiusi_pienza_mirian_clarettiane_misericordia_sarteano_formazione_spazio_spadoni-3.jpg\" alt=\"2022 abril HIC SUM 11 italia montepulciano chiusi pienza mirian claretianas Misericordia di Sarteano formaci\u00f3n spazio + spadoni 3\"\/><\/figure>\n\n\n\n<figure class=\"wp-block-image size-large formazione\"><img decoding=\"async\" src=\"https:\/\/spaziospadoni.org\/wp-content\/uploads\/2026\/05\/2022_aprile_hicsum_11_italia_montepulciano_chiusi_pienza_mirian_clarettiane_misericordia_sarteano_formazione_spazio_spadoni-4.jpg\" alt=\"2022 abril HIC SUM 11 italia montepulciano chiusi pienza mirian claretianas Misericordia di Sarteano formaci\u00f3n spazio + spadoni 4\"\/><\/figure>\n\n\n\n<figure class=\"wp-block-image size-large formazione\"><img decoding=\"async\" src=\"https:\/\/spaziospadoni.org\/wp-content\/uploads\/2026\/05\/2022_aprile_hicsum_11_italia_montepulciano_chiusi_pienza_mirian_clarettiane_misericordia_sarteano_formazione_spazio_spadoni-5.jpg\" alt=\"2022 abril HIC SUM 11 italia montepulciano chiusi pienza mirian claretianas Misericordia di Sarteano formaci\u00f3n spazio + spadoni 5\"\/><\/figure>\n\n\n\n<figure class=\"wp-block-image size-large formazione\"><img decoding=\"async\" src=\"https:\/\/spaziospadoni.org\/wp-content\/uploads\/2026\/05\/2022_aprile_hicsum_11_italia_montepulciano_chiusi_pienza_mirian_clarettiane_misericordia_sarteano_formazione_spazio_spadoni-6.jpg\" alt=\"2022 abril HIC SUM 11 italia montepulciano chiusi pienza mirian claretianas Misericordia di Sarteano formaci\u00f3n spazio + spadoni 6\"\/><\/figure>\n\n\n\n<figure class=\"wp-block-image size-large formazione\"><img decoding=\"async\" src=\"https:\/\/spaziospadoni.org\/wp-content\/uploads\/2026\/05\/2022_aprile_hicsum_11_italia_montepulciano_chiusi_pienza_mirian_clarettiane_misericordia_sarteano_formazione_spazio_spadoni-7.jpg\" alt=\"2022 abril HIC SUM 11 italia montepulciano chiusi pienza mirian claretianas Misericordia di Sarteano formaci\u00f3n spazio + spadoni 7\"\/><\/figure>\n\n\n\n<figure class=\"wp-block-image size-large formazione\"><img decoding=\"async\" src=\"https:\/\/spaziospadoni.org\/wp-content\/uploads\/2026\/05\/2022_giugno_hicsum_11_italia_lucca_mirian_clarettiane_misericordia_sarteano_formazione_convento_san_cerbone_spazio_spadoni-1.jpg\" alt=\"2022 junio HIC SUM 11 italia lucca mirian claretianas Misericordia di Sarteano formaci\u00f3n Convento di San Cerbone spazio + spadoni 1\"\/><\/figure>\n\n\n\n<figure class=\"wp-block-image size-large formazione\"><img decoding=\"async\" src=\"https:\/\/spaziospadoni.org\/wp-content\/uploads\/2026\/05\/2022_giugno_hicsum_11_italia_lucca_mirian_clarettiane_misericordia_sarteano_formazione_convento_san_cerbone_spazio_spadoni-2-scaled-1.jpg\" alt=\"2022 junio HIC SUM 11 italia lucca mirian claretianas Misericordia di Sarteano formaci\u00f3n Convento di San Cerbone spazio + spadoni 2 scaled\"\/><\/figure>\n\n\n\n<figure class=\"wp-block-image size-large formazione\"><img decoding=\"async\" src=\"https:\/\/spaziospadoni.org\/wp-content\/uploads\/2026\/05\/2022_giugno_hicsum_11_italia_lucca_mirian_clarettiane_misericordia_sarteano_formazione_convento_san_cerbone_spazio_spadoni-3.jpg\" alt=\"2022 junio HIC SUM 11 italia lucca mirian claretianas Misericordia di Sarteano formaci\u00f3n Convento di San Cerbone spazio + spadoni 3\"\/><\/figure>\n\n\n\n<figure class=\"wp-block-image size-large formazione\"><img decoding=\"async\" src=\"https:\/\/spaziospadoni.org\/wp-content\/uploads\/2026\/05\/2022_giugno_hicsum_11_italia_lucca_mirian_clarettiane_misericordia_sarteano_formazione_convento_san_cerbone_spazio_spadoni-4.jpg\" alt=\"2022 junio HIC SUM 11 italia lucca mirian claretianas Misericordia di Sarteano formaci\u00f3n Convento di San Cerbone spazio + spadoni 4\"\/><\/figure>\n\n\n\n<figure class=\"wp-block-image size-large formazione\"><img decoding=\"async\" src=\"https:\/\/spaziospadoni.org\/wp-content\/uploads\/2026\/05\/2022_giugno_hicsum_11_italia_lucca_mirian_clarettiane_misericordia_sarteano_formazione_convento_san_cerbone_spazio_spadoni-5.jpg\" alt=\"2022 junio HIC SUM 11 italia lucca mirian claretianas Misericordia di Sarteano formaci\u00f3n Convento di San Cerbone spazio + spadoni 5\"\/><\/figure>\n\n\n\n<figure class=\"wp-block-image size-large formazione\"><img decoding=\"async\" src=\"https:\/\/spaziospadoni.org\/wp-content\/uploads\/2026\/05\/2022_giugno_hicsum_11_italia_lucca_mirian_clarettiane_misericordia_sarteano_formazione_convento_san_cerbone_spazio_spadoni-6-scaled-1.jpg\" alt=\"2022 junio HIC SUM 11 italia lucca mirian claretianas Misericordia di Sarteano formaci\u00f3n Convento di San Cerbone spazio + spadoni 6 scaled\"\/><\/figure>\n\n\n\n<figure class=\"wp-block-image size-large formazione\"><img decoding=\"async\" src=\"https:\/\/spaziospadoni.org\/wp-content\/uploads\/2026\/05\/2022_giugno_hicsum_11_italia_lucca_mirian_clarettiane_misericordia_sarteano_formazione_convento_san_cerbone_spazio_spadoni-7-scaled-1.jpg\" alt=\"2022 junio HIC SUM 11 italia lucca mirian claretianas Misericordia di Sarteano formaci\u00f3n Convento di San Cerbone spazio + spadoni 7 scaled\"\/><\/figure>\n\n\n\n<figure class=\"wp-block-image size-large formazione\"><img decoding=\"async\" src=\"https:\/\/spaziospadoni.org\/wp-content\/uploads\/2026\/05\/2022_giugno_hicsum_11_italia_lucca_mirian_clarettiane_misericordia_sarteano_formazione_convento_san_cerbone_spazio_spadoni-8-scaled-1.jpg\" alt=\"2022 junio HIC SUM 11 italia lucca mirian claretianas Misericordia di Sarteano formaci\u00f3n Convento di San Cerbone spazio + spadoni 8 scaled\"\/><\/figure>\n\n\n\n<figure class=\"wp-block-image size-large formazione\"><img decoding=\"async\" src=\"https:\/\/spaziospadoni.org\/wp-content\/uploads\/2026\/05\/2022_giugno_hicsum_11_italia_lucca_mirian_clarettiane_misericordia_sarteano_formazione_convento_san_cerbone_spazio_spadoni-9-scaled-1.jpg\" alt=\"2022 junio HIC SUM 11 italia lucca mirian claretianas Misericordia di Sarteano formaci\u00f3n Convento di San Cerbone spazio + spadoni 9 scaled\"\/><\/figure>\n\n\n\n<figure class=\"wp-block-image size-large formazione\"><img decoding=\"async\" src=\"https:\/\/spaziospadoni.org\/wp-content\/uploads\/2026\/05\/2022_giugno_hicsum_11_italia_lucca_mirian_clarettiane_misericordia_sarteano_formazione_convento_san_cerbone_spazio_spadoni-11-scaled-1.jpg\" alt=\"2022 junio HIC SUM 11 italia lucca mirian claretianas Misericordia di Sarteano formaci\u00f3n Convento di San Cerbone spazio + spadoni 11 scaled\"\/><\/figure>\n\n\n\n<figure class=\"wp-block-image size-large formazione\"><img decoding=\"async\" src=\"https:\/\/spaziospadoni.org\/wp-content\/uploads\/2026\/05\/2022_giugno_hicsum_11_italia_lucca_mirian_clarettiane_misericordia_sarteano_formazione_convento_san_cerbone_spazio_spadoni-13.jpg\" alt=\"2022 junio HIC SUM 11 italia lucca mirian claretianas Misericordia di Sarteano formaci\u00f3n Convento di San Cerbone spazio + spadoni 13\"\/><\/figure>\n\n\n\n<figure class=\"wp-block-image size-large formazione\"><img decoding=\"async\" src=\"https:\/\/spaziospadoni.org\/wp-content\/uploads\/2026\/05\/2022_aprile_hicsum_11_italia_montepulciano_chiusi_pienza_mirian_clarettiane_misericordia_sarteano_formazione_spazio_spadoni-2-1.jpg\" alt=\"2022 abril HIC SUM 11 italia montepulciano chiusi pienza mirian claretianas Misericordia di Sarteano formaci\u00f3n spazio + spadoni 2 1\"\/><\/figure>\n\n\n\n<figure class=\"wp-block-image size-large formazione\"><img decoding=\"async\" src=\"https:\/\/spaziospadoni.org\/wp-content\/uploads\/2026\/05\/2022_giugno_hicsum_11_italia_lucca_mirian_clarettiane_misericordia_sarteano_formazione_convento_san_cerbone_spazio_spadoni-10-1-scaled.jpg\" alt=\"2022 junio HIC SUM 11 italia lucca mirian claretianas Misericordia di Sarteano formaci\u00f3n Convento di San Cerbone spazio + spadoni 10 1 scaled\"\/><\/figure>\n\n\n\n<figure class=\"wp-block-image size-large formazione\"><img decoding=\"async\" src=\"https:\/\/spaziospadoni.org\/wp-content\/uploads\/2026\/05\/2022_giugno_hicsum_11_italia_lucca_mirian_clarettiane_misericordia_sarteano_formazione_convento_san_cerbone_spazio_spadoni-12-1-scaled-1.jpg\" alt=\"2022 junio HIC SUM 11 italia lucca mirian claretianas Misericordia di Sarteano formaci\u00f3n Convento di San Cerbone spazio + spadoni 12 1 scaled\"\/><\/figure>\n\n\n\n<figure class=\"wp-block-image size-large formazione\"><img decoding=\"async\" src=\"https:\/\/spaziospadoni.org\/wp-content\/uploads\/2026\/05\/2022_aprile_hicsum_11_italia_montepulciano_chiusi_pienza_mirian_clarettiane_misericordia_sarteano_formazione_spazio_spadoni-1.jpg\" alt=\"2022 abril HIC SUM 11 italia montepulciano chiusi pienza mirian claretianas Misericordia di Sarteano formaci\u00f3n spazio + spadoni 1\"\/><\/figure>\n\n\n\n<figure class=\"wp-block-image size-large formazione\"><img decoding=\"async\" src=\"https:\/\/spaziospadoni.org\/wp-content\/uploads\/2026\/05\/2021_giugno_hicsum_11_italia_montepulciano_chiusi_pienza_mirian_clarettiane_misericordia_sarteano_progetto_visita_spazio_spadoni-47.jpg\" alt=\"2021 junio HIC SUM 11 italia montepulciano chiusi pienza mirian claretianas Misericordia di Sarteano proyecto visita spazio + spadoni 47\"\/><\/figure>\n\n\n\n<figure class=\"wp-block-image size-large formazione\"><img decoding=\"async\" src=\"https:\/\/spaziospadoni.org\/wp-content\/uploads\/2026\/05\/2021_febbraio_roma_hic_sum_11_clarettiane_suor_lia_latela_selene_pera_spazio_spadoni_formazione-300x225.jpg\" alt=\"2021 febrero roma HIC SUM 11 claretianas hermana lia latela selene pera spazio + spadoni formaci\u00f3n 300x225\"\/><\/figure>\n<\/figure>\n<\/div>\n<\/div>\n<\/div>\n<\/div>\n","protected":false},"excerpt":{"rendered":"<p>Mirian Aguilar &#8211; Pachac\u00e1mac (Per\u00fa) PROYECTO 11 de 72 MISI\u00d3N Lugar Pachac\u00e1mac Di\u00f3cesis Lur\u00edn Pa\u00eds Per\u00fa Continente Am\u00e9rica Coordenadas GPS -12.21253 -76.85720 Zona horaria UTC-5 CONGREGACI\u00d3N Congregaci\u00f3n Hermanas de Mar\u00eda Inmaculada \u2013 Misioneras Claretianas Casa Madre Roma Di\u00f3cesis Roma Pa\u00eds Italia Continente Europa Fiesta de la Congregaci\u00f3n 24 de octubre Coordenadas GPS 41.88584 12.46531 Zona &#8230; <a title=\"Per\u00fa &#8211; Am\u00e9rica | Proyecto #11 de 72\" class=\"read-more\" href=\"https:\/\/spaziospadoni.org\/es\/hic-sum\/peru-america-proyecto-11-de-72\/\" aria-label=\"Read more about Per\u00fa &#8211; Am\u00e9rica | Proyecto #11 de 72\">Leer m\u00e1s<\/a><\/p>\n","protected":false},"author":102,"featured_media":0,"parent":63319,"menu_order":0,"comment_status":"closed","ping_status":"closed","template":"","meta":{"_sitemap_exclude":false,"_sitemap_priority":"","_sitemap_frequency":"","footnotes":""},"class_list":["post-65148","page","type-page","status-publish","infinite-scroll-item"],"yoast_head":"<!-- This site is optimized with the Yoast SEO plugin v28.4 - https:\/\/yoast.com\/product\/yoast-seo-wordpress\/ -->\n<title>Per\u00fa - Am\u00e9rica | Proyecto #11 de 72 | Spazio Spadoni<\/title>\n<meta name=\"description\" content=\"Mirian Aguilar - Pachac\u00e1mac (Per\u00fa) PROYECTO 11 de 72 MISI\u00d3N Lugar Pachac\u00e1mac Di\u00f3cesis Lur\u00edn Pa\u00eds Per\u00fa Continente Am\u00e9rica Coordenadas GPS -12.21253\" \/>\n<meta name=\"robots\" content=\"index, follow, max-snippet:-1, max-image-preview:large, max-video-preview:-1\" \/>\n<link rel=\"canonical\" href=\"https:\/\/spaziospadoni.org\/es\/hic-sum\/peru-america-proyecto-11-de-72\/\" \/>\n<meta property=\"og:locale\" content=\"es_ES\" \/>\n<meta property=\"og:type\" content=\"article\" \/>\n<meta property=\"og:title\" content=\"Per\u00fa - Am\u00e9rica | Proyecto #11 de 72 | Spazio Spadoni\" \/>\n<meta property=\"og:description\" content=\"Mirian Aguilar - Pachac\u00e1mac (Per\u00fa) PROYECTO 11 de 72 MISI\u00d3N Lugar Pachac\u00e1mac Di\u00f3cesis Lur\u00edn Pa\u00eds Per\u00fa Continente Am\u00e9rica Coordenadas GPS -12.21253\" \/>\n<meta property=\"og:url\" content=\"https:\/\/spaziospadoni.org\/es\/hic-sum\/peru-america-proyecto-11-de-72\/\" \/>\n<meta property=\"og:site_name\" content=\"spazio + spadoni\" \/>\n<meta property=\"article:publisher\" content=\"https:\/\/www.facebook.com\/SpazioSpadoni\/\" \/>\n<meta property=\"article:modified_time\" content=\"2026-07-21T10:35:56+00:00\" \/>\n<meta property=\"og:image\" content=\"https:\/\/spaziospadoni.org\/wp-content\/uploads\/2026\/05\/hicsum_1_congo-spaziospadoni-scaled.png\" \/>\n\t<meta property=\"og:image:width\" content=\"2560\" \/>\n\t<meta property=\"og:image:height\" content=\"1771\" \/>\n\t<meta property=\"og:image:type\" content=\"image\/png\" \/>\n<meta name=\"twitter:card\" content=\"summary_large_image\" \/>\n<meta name=\"twitter:label1\" content=\"Est. reading time\" \/>\n\t<meta name=\"twitter:data1\" content=\"12 minutes\" \/>\n<script type=\"application\/ld+json\" class=\"yoast-schema-graph\">{\"@context\":\"https:\\\/\\\/schema.org\",\"@graph\":[{\"@type\":\"WebPage\",\"@id\":\"https:\\\/\\\/spaziospadoni.org\\\/es\\\/hic-sum\\\/peru-america-proyecto-11-de-72\\\/\",\"url\":\"https:\\\/\\\/spaziospadoni.org\\\/es\\\/hic-sum\\\/peru-america-proyecto-11-de-72\\\/\",\"name\":\"Per\u00fa - Am\u00e9rica | Proyecto #11 de 72 | Spazio Spadoni\",\"isPartOf\":{\"@id\":\"https:\\\/\\\/spaziospadoni.org\\\/es\\\/#website\"},\"primaryImageOfPage\":{\"@id\":\"https:\\\/\\\/spaziospadoni.org\\\/es\\\/hic-sum\\\/peru-america-proyecto-11-de-72\\\/#primaryimage\"},\"image\":{\"@id\":\"https:\\\/\\\/spaziospadoni.org\\\/es\\\/hic-sum\\\/peru-america-proyecto-11-de-72\\\/#primaryimage\"},\"thumbnailUrl\":\"https:\\\/\\\/spaziospadoni.org\\\/wp-content\\\/uploads\\\/2026\\\/05\\\/hicsum_11_peru-spaziospadoni-1024x709.png\",\"datePublished\":\"2026-05-15T14:22:27+00:00\",\"dateModified\":\"2026-07-21T10:35:56+00:00\",\"description\":\"Mirian Aguilar - Pachac\u00e1mac (Per\u00fa) PROYECTO 11 de 72 MISI\u00d3N Lugar Pachac\u00e1mac Di\u00f3cesis Lur\u00edn Pa\u00eds Per\u00fa Continente Am\u00e9rica Coordenadas GPS -12.21253\",\"breadcrumb\":{\"@id\":\"https:\\\/\\\/spaziospadoni.org\\\/es\\\/hic-sum\\\/peru-america-proyecto-11-de-72\\\/#breadcrumb\"},\"inLanguage\":\"es-ES\",\"potentialAction\":[{\"@type\":\"ReadAction\",\"target\":[\"https:\\\/\\\/spaziospadoni.org\\\/es\\\/hic-sum\\\/peru-america-proyecto-11-de-72\\\/\"]}]},{\"@type\":\"ImageObject\",\"inLanguage\":\"es-ES\",\"@id\":\"https:\\\/\\\/spaziospadoni.org\\\/es\\\/hic-sum\\\/peru-america-proyecto-11-de-72\\\/#primaryimage\",\"url\":\"https:\\\/\\\/spaziospadoni.org\\\/wp-content\\\/uploads\\\/2026\\\/05\\\/hicsum_11_peru-spaziospadoni-1024x709.png\",\"contentUrl\":\"https:\\\/\\\/spaziospadoni.org\\\/wp-content\\\/uploads\\\/2026\\\/05\\\/hicsum_11_peru-spaziospadoni-1024x709.png\"},{\"@type\":\"BreadcrumbList\",\"@id\":\"https:\\\/\\\/spaziospadoni.org\\\/es\\\/hic-sum\\\/peru-america-proyecto-11-de-72\\\/#breadcrumb\",\"itemListElement\":[{\"@type\":\"ListItem\",\"position\":1,\"name\":\"Home\",\"item\":\"https:\\\/\\\/spaziospadoni.org\\\/es\\\/\"},{\"@type\":\"ListItem\",\"position\":2,\"name\":\"Proyectos misioneros &#8211; Hic Sum\",\"item\":\"https:\\\/\\\/spaziospadoni.org\\\/es\\\/hic-sum\\\/\"},{\"@type\":\"ListItem\",\"position\":3,\"name\":\"Per\u00fa &#8211; Am\u00e9rica | Proyecto #11 de 72\"}]},{\"@type\":\"WebSite\",\"@id\":\"https:\\\/\\\/spaziospadoni.org\\\/es\\\/#website\",\"url\":\"https:\\\/\\\/spaziospadoni.org\\\/es\\\/\",\"name\":\"spazio + spadoni\",\"description\":\"Generazione di misericordia e missione nel mondo\",\"publisher\":{\"@id\":\"https:\\\/\\\/spaziospadoni.org\\\/es\\\/#organization\"},\"alternateName\":\"spaziospadoni.org\",\"potentialAction\":[{\"@type\":\"SearchAction\",\"target\":{\"@type\":\"EntryPoint\",\"urlTemplate\":\"https:\\\/\\\/spaziospadoni.org\\\/es\\\/?s={search_term_string}\"},\"query-input\":{\"@type\":\"PropertyValueSpecification\",\"valueRequired\":true,\"valueName\":\"search_term_string\"}}],\"inLanguage\":\"es-ES\"},{\"@type\":\"Organization\",\"@id\":\"https:\\\/\\\/spaziospadoni.org\\\/es\\\/#organization\",\"name\":\"spazio + spadoni\",\"alternateName\":\"spaziospadoni.org\",\"url\":\"https:\\\/\\\/spaziospadoni.org\\\/es\\\/\",\"logo\":{\"@type\":\"ImageObject\",\"inLanguage\":\"es-ES\",\"@id\":\"https:\\\/\\\/spaziospadoni.org\\\/es\\\/#\\\/schema\\\/logo\\\/image\\\/\",\"url\":\"https:\\\/\\\/spaziospadoni.org\\\/wp-content\\\/uploads\\\/2026\\\/05\\\/spazio-spadoni-logo-100x100-1.webp\",\"contentUrl\":\"https:\\\/\\\/spaziospadoni.org\\\/wp-content\\\/uploads\\\/2026\\\/05\\\/spazio-spadoni-logo-100x100-1.webp\",\"width\":100,\"height\":100,\"caption\":\"spazio + spadoni\"},\"image\":{\"@id\":\"https:\\\/\\\/spaziospadoni.org\\\/es\\\/#\\\/schema\\\/logo\\\/image\\\/\"},\"sameAs\":[\"https:\\\/\\\/www.facebook.com\\\/SpazioSpadoni\\\/\",\"https:\\\/\\\/www.instagram.com\\\/spaziospadoni\\\/\",\"https:\\\/\\\/www.youtube.com\\\/@spaziospadoni\\\/playlists\"]}]}<\/script>\n<!-- \/ Yoast SEO plugin. -->","yoast_head_json":{"title":"Per\u00fa - Am\u00e9rica | Proyecto #11 de 72 | Spazio Spadoni","description":"Mirian Aguilar - Pachac\u00e1mac (Per\u00fa) PROYECTO 11 de 72 MISI\u00d3N Lugar Pachac\u00e1mac Di\u00f3cesis Lur\u00edn Pa\u00eds Per\u00fa Continente Am\u00e9rica Coordenadas GPS -12.21253","robots":{"index":"index","follow":"follow","max-snippet":"max-snippet:-1","max-image-preview":"max-image-preview:large","max-video-preview":"max-video-preview:-1"},"canonical":"https:\/\/spaziospadoni.org\/es\/hic-sum\/peru-america-proyecto-11-de-72\/","og_locale":"es_ES","og_type":"article","og_title":"Per\u00fa - Am\u00e9rica | Proyecto #11 de 72 | Spazio Spadoni","og_description":"Mirian Aguilar - Pachac\u00e1mac (Per\u00fa) PROYECTO 11 de 72 MISI\u00d3N Lugar Pachac\u00e1mac Di\u00f3cesis Lur\u00edn Pa\u00eds Per\u00fa Continente Am\u00e9rica Coordenadas GPS -12.21253","og_url":"https:\/\/spaziospadoni.org\/es\/hic-sum\/peru-america-proyecto-11-de-72\/","og_site_name":"spazio + spadoni","article_publisher":"https:\/\/www.facebook.com\/SpazioSpadoni\/","article_modified_time":"2026-07-21T10:35:56+00:00","og_image":[{"width":2560,"height":1771,"url":"https:\/\/spaziospadoni.org\/wp-content\/uploads\/2026\/05\/hicsum_1_congo-spaziospadoni-scaled.png","type":"image\/png"}],"twitter_card":"summary_large_image","twitter_misc":{"Est. reading time":"12 minutes"},"schema":{"@context":"https:\/\/schema.org","@graph":[{"@type":"WebPage","@id":"https:\/\/spaziospadoni.org\/es\/hic-sum\/peru-america-proyecto-11-de-72\/","url":"https:\/\/spaziospadoni.org\/es\/hic-sum\/peru-america-proyecto-11-de-72\/","name":"Per\u00fa - Am\u00e9rica | Proyecto #11 de 72 | Spazio Spadoni","isPartOf":{"@id":"https:\/\/spaziospadoni.org\/es\/#website"},"primaryImageOfPage":{"@id":"https:\/\/spaziospadoni.org\/es\/hic-sum\/peru-america-proyecto-11-de-72\/#primaryimage"},"image":{"@id":"https:\/\/spaziospadoni.org\/es\/hic-sum\/peru-america-proyecto-11-de-72\/#primaryimage"},"thumbnailUrl":"https:\/\/spaziospadoni.org\/wp-content\/uploads\/2026\/05\/hicsum_11_peru-spaziospadoni-1024x709.png","datePublished":"2026-05-15T14:22:27+00:00","dateModified":"2026-07-21T10:35:56+00:00","description":"Mirian Aguilar - Pachac\u00e1mac (Per\u00fa) PROYECTO 11 de 72 MISI\u00d3N Lugar Pachac\u00e1mac Di\u00f3cesis Lur\u00edn Pa\u00eds Per\u00fa Continente Am\u00e9rica Coordenadas GPS -12.21253","breadcrumb":{"@id":"https:\/\/spaziospadoni.org\/es\/hic-sum\/peru-america-proyecto-11-de-72\/#breadcrumb"},"inLanguage":"es-ES","potentialAction":[{"@type":"ReadAction","target":["https:\/\/spaziospadoni.org\/es\/hic-sum\/peru-america-proyecto-11-de-72\/"]}]},{"@type":"ImageObject","inLanguage":"es-ES","@id":"https:\/\/spaziospadoni.org\/es\/hic-sum\/peru-america-proyecto-11-de-72\/#primaryimage","url":"https:\/\/spaziospadoni.org\/wp-content\/uploads\/2026\/05\/hicsum_11_peru-spaziospadoni-1024x709.png","contentUrl":"https:\/\/spaziospadoni.org\/wp-content\/uploads\/2026\/05\/hicsum_11_peru-spaziospadoni-1024x709.png"},{"@type":"BreadcrumbList","@id":"https:\/\/spaziospadoni.org\/es\/hic-sum\/peru-america-proyecto-11-de-72\/#breadcrumb","itemListElement":[{"@type":"ListItem","position":1,"name":"Home","item":"https:\/\/spaziospadoni.org\/es\/"},{"@type":"ListItem","position":2,"name":"Proyectos misioneros &#8211; Hic Sum","item":"https:\/\/spaziospadoni.org\/es\/hic-sum\/"},{"@type":"ListItem","position":3,"name":"Per\u00fa &#8211; Am\u00e9rica | Proyecto #11 de 72"}]},{"@type":"WebSite","@id":"https:\/\/spaziospadoni.org\/es\/#website","url":"https:\/\/spaziospadoni.org\/es\/","name":"spazio + spadoni","description":"Generazione di misericordia e missione nel mondo","publisher":{"@id":"https:\/\/spaziospadoni.org\/es\/#organization"},"alternateName":"spaziospadoni.org","potentialAction":[{"@type":"SearchAction","target":{"@type":"EntryPoint","urlTemplate":"https:\/\/spaziospadoni.org\/es\/?s={search_term_string}"},"query-input":{"@type":"PropertyValueSpecification","valueRequired":true,"valueName":"search_term_string"}}],"inLanguage":"es-ES"},{"@type":"Organization","@id":"https:\/\/spaziospadoni.org\/es\/#organization","name":"spazio + spadoni","alternateName":"spaziospadoni.org","url":"https:\/\/spaziospadoni.org\/es\/","logo":{"@type":"ImageObject","inLanguage":"es-ES","@id":"https:\/\/spaziospadoni.org\/es\/#\/schema\/logo\/image\/","url":"https:\/\/spaziospadoni.org\/wp-content\/uploads\/2026\/05\/spazio-spadoni-logo-100x100-1.webp","contentUrl":"https:\/\/spaziospadoni.org\/wp-content\/uploads\/2026\/05\/spazio-spadoni-logo-100x100-1.webp","width":100,"height":100,"caption":"spazio + spadoni"},"image":{"@id":"https:\/\/spaziospadoni.org\/es\/#\/schema\/logo\/image\/"},"sameAs":["https:\/\/www.facebook.com\/SpazioSpadoni\/","https:\/\/www.instagram.com\/spaziospadoni\/","https:\/\/www.youtube.com\/@spaziospadoni\/playlists"]}]}},"_links":{"self":[{"href":"https:\/\/spaziospadoni.org\/es\/wp-json\/wp\/v2\/pages\/65148","targetHints":{"allow":["GET"]}}],"collection":[{"href":"https:\/\/spaziospadoni.org\/es\/wp-json\/wp\/v2\/pages"}],"about":[{"href":"https:\/\/spaziospadoni.org\/es\/wp-json\/wp\/v2\/types\/page"}],"author":[{"embeddable":true,"href":"https:\/\/spaziospadoni.org\/es\/wp-json\/wp\/v2\/users\/102"}],"replies":[{"embeddable":true,"href":"https:\/\/spaziospadoni.org\/es\/wp-json\/wp\/v2\/comments?post=65148"}],"version-history":[{"count":0,"href":"https:\/\/spaziospadoni.org\/es\/wp-json\/wp\/v2\/pages\/65148\/revisions"}],"up":[{"embeddable":true,"href":"https:\/\/spaziospadoni.org\/es\/wp-json\/wp\/v2\/pages\/63319"}],"wp:attachment":[{"href":"https:\/\/spaziospadoni.org\/es\/wp-json\/wp\/v2\/media?parent=65148"}],"curies":[{"name":"wp","href":"https:\/\/api.w.org\/{rel}","templated":true}]}}