{"id":66006,"date":"2026-05-15T14:55:58","date_gmt":"2026-05-15T13:55:58","guid":{"rendered":"https:\/\/spaziospadoni.org\/hic-sum\/malawi-africa-progetto-48-di-72\/"},"modified":"2026-07-21T15:11:06","modified_gmt":"2026-07-21T14:11:06","slug":"malaui-africa-proyecto-48-de-72","status":"publish","type":"page","link":"https:\/\/spaziospadoni.org\/es\/hic-sum\/malaui-africa-proyecto-48-de-72\/","title":{"rendered":"Malaui &#8211; \u00c1frica | Proyecto #48 de 72"},"content":{"rendered":"\n<div class=\"ss-project-hero-card\">\n<h2 id=\"hermana-blandina-dedza-malaui\" class=\"gb-text gb-text-62a95885\">Hermana Blandina &#8211; Dedza (Malaui)<\/h2>\n\n\n\n<div class=\"gb-element-f60f2409\">\n<div class=\"gb-element-90a85740 ss-project-sidebar\">\n<h2 id=\"proyecto-48-de-72\" class=\"gb-text ss-project-title\">PROYECTO 48 de 72<\/h2>\n\n\n\n<figure class=\"wp-block-image size-large\"><img decoding=\"async\" src=\"https:\/\/spaziospadoni.org\/wp-content\/uploads\/2026\/05\/hicsum_23_malawi-spaziospadoni-2-scaled.png\" alt=\"HIC SUM 23 Malaui spaziospadoni 2 150x150\"\/><\/figure>\n\n\n\n<div class=\"ss-project-table\">\n<div class=\"ss-table-section-title\">\n<h3 id=\"mision\" class=\"gb-text\">MISI\u00d3N<\/h3>\n<\/div>\n\n\n\n<div class=\"ss-table-row\">\n<p class=\"gb-text\">Lugar<\/p>\n\n\n\n<p class=\"gb-text\"><a href=\"https:\/\/www.google.it\/maps\/place\/Dedza,+Malawi\/@-14.38505,34.3037793,6527m\/data=!3m2!1e3!4b1!4m6!3m5!1s0x19207d2b1f698a41:0x4f78b7eadb893ef!8m2!3d-14.3816618!4d34.3254842!16zL20vMDJ6djdu?hl=it&#038;entry=ttu&#038;g_ep=EgoyMDI1MDczMC4wIKXMDSoASAFQAw%3D%3D\" rel=\"noreferrer noopener\" target=\"_blank\" title=\"Dedza\">Dedza<\/a><\/p>\n<\/div>\n\n\n\n<div class=\"ss-table-row\">\n<p class=\"gb-text\">Di\u00f3cesis<\/p>\n\n\n\n<p class=\"gb-text\">Dedza<\/p>\n<\/div>\n\n\n\n<div class=\"ss-table-row\">\n<p class=\"gb-text\">Pa\u00eds<\/p>\n\n\n\n<p class=\"gb-text\"><strong>Malaui<\/strong><\/p>\n<\/div>\n\n\n\n<div class=\"ss-table-row\">\n<p class=\"gb-text\">Continente<\/p>\n\n\n\n<p class=\"gb-text\">\u00c1frica<\/p>\n<\/div>\n\n\n\n<div class=\"ss-table-row\">\n<p class=\"gb-text\">Coordenadas GPS<\/p>\n\n\n\n<p class=\"gb-text\">-14.38197 34.32502<\/p>\n<\/div>\n\n\n\n<div class=\"ss-table-row\">\n<p class=\"gb-text\">Huso horario<\/p>\n\n\n\n<p class=\"gb-text\">UTC+2<\/p>\n<\/div>\n<\/div>\n\n\n\n<div class=\"ss-project-table\">\n<div class=\"ss-table-section-title\">\n<h3 id=\"congregacion\" class=\"gb-text\">CONGREGACI\u00d3N<\/h3>\n<\/div>\n\n\n\n<div class=\"ss-table-row\">\n<p class=\"gb-text\">Congregaci\u00f3n<\/p>\n\n\n\n<p class=\"gb-text\">Presentation of the Virgin Mary Sisters<\/p>\n<\/div>\n\n\n\n<div class=\"ss-table-row\">\n<p class=\"gb-text\">Casa Madre<\/p>\n\n\n\n<p class=\"gb-text\">Dedza, Malaui<\/p>\n<\/div>\n\n\n\n<div class=\"ss-table-row\">\n<p class=\"gb-text\">Di\u00f3cesis<\/p>\n\n\n\n<p class=\"gb-text\">Dedza<\/p>\n<\/div>\n\n\n\n<div class=\"ss-table-row\">\n<p class=\"gb-text\">Pa\u00eds<\/p>\n\n\n\n<p class=\"gb-text\">Malaui<\/p>\n<\/div>\n\n\n\n<div class=\"ss-table-row\">\n<p class=\"gb-text\">Continente<\/p>\n\n\n\n<p class=\"gb-text\">\u00c1frica<\/p>\n<\/div>\n\n\n\n<div class=\"ss-table-row\">\n<p class=\"gb-text\">Fiesta de la Congregaci\u00f3n<\/p>\n\n\n\n<p class=\"gb-text\">21 de noviembre<\/p>\n<\/div>\n\n\n\n<div class=\"ss-table-row\">\n<p class=\"gb-text\">Coordenadas GPS<\/p>\n\n\n\n<p class=\"gb-text\">-14.37888 34.33407<\/p>\n<\/div>\n\n\n\n<div class=\"ss-table-row\">\n<p class=\"gb-text\">Huso horario<\/p>\n\n\n\n<p class=\"gb-text\">UTC+2<\/p>\n<\/div>\n\n\n\n<div class=\"ss-table-row\">\n<p class=\"gb-text\">Referente<\/p>\n\n\n\n<p class=\"gb-text\">Hermana Blandina<\/p>\n<\/div>\n\n\n\n<div class=\"ss-table-row\">\n<p class=\"gb-text\">Superiora General<\/p>\n\n\n\n<p class=\"gb-text\">Hermana Florence Bande<\/p>\n<\/div>\n\n\n\n<div class=\"ss-table-row\">\n<p class=\"gb-text\">Sitio web<\/p>\n\n\n\n<p class=\"gb-text\"><a href=\"https:\/\/www.hhcj.it\/\" target=\"_blank\" rel=\"noreferrer noopener\" title=\"hhcj.it\">hhcj.it<\/a><\/p>\n<\/div>\n<\/div>\n\n\n\n<div class=\"ss-project-table\">\n<div class=\"ss-table-section-title\">\n<h3 id=\"entidad-de-formacion\" class=\"gb-text\">ENTIDAD DE FORMACI\u00d3N<\/h3>\n<\/div>\n\n\n\n<div class=\"ss-table-row\">\n<p class=\"gb-text\">Nombre<\/p>\n\n\n\n<p class=\"gb-text\">Fondazione | RSA SS. Annunziata<\/p>\n<\/div>\n\n\n\n<div class=\"ss-table-row\">\n<p class=\"gb-text\">Lugar<\/p>\n\n\n\n<p class=\"gb-text\">Firenzuola (FI)<\/p>\n<\/div>\n\n\n\n<div class=\"ss-table-row\">\n<p class=\"gb-text\">Pa\u00eds<\/p>\n\n\n\n<p class=\"gb-text\">Italia<\/p>\n<\/div>\n\n\n\n<div class=\"ss-table-row\">\n<p class=\"gb-text\">Continente<\/p>\n\n\n\n<p class=\"gb-text\">Europa<\/p>\n<\/div>\n\n\n\n<div class=\"ss-table-row\">\n<p class=\"gb-text\">Coordenadas GPS<\/p>\n\n\n\n<p class=\"gb-text\">44.11910 11.37958<\/p>\n<\/div>\n\n\n\n<div class=\"ss-table-row\">\n<p class=\"gb-text\">Huso horario<\/p>\n\n\n\n<p class=\"gb-text\">UTC+1<\/p>\n<\/div>\n\n\n\n<div class=\"ss-table-row\">\n<p class=\"gb-text\">Fecha de inicio<\/p>\n\n\n\n<p class=\"gb-text\">Agosto de 2025<\/p>\n<\/div>\n\n\n\n<div class=\"ss-table-row\">\n<p class=\"gb-text\">Fecha de finalizaci\u00f3n<\/p>\n\n\n\n<p class=\"gb-text\">30\/08\/2025<\/p>\n<\/div>\n\n\n\n<div class=\"ss-table-row\">\n<p class=\"gb-text\">Tutor<\/p>\n\n\n\n<p class=\"gb-text\">Claudio Corbatti<\/p>\n<\/div>\n<\/div>\n\n\n\n<div class=\"ss-project-table\">\n<div class=\"ss-table-section-title\">\n<h3 id=\"espacio-real\" class=\"gb-text\">ESPACIO REAL<\/h3>\n<\/div>\n\n\n\n<div class=\"ss-table-row\">\n<p class=\"gb-text\">Responsable del proyecto<\/p>\n\n\n\n<p class=\"gb-text\">Hermana Blandina<\/p>\n<\/div>\n\n\n\n<div class=\"ss-table-row\">\n<p class=\"gb-text\">Fecha de inicio<\/p>\n\n\n\n<p class=\"gb-text\"><\/p>\n<\/div>\n\n\n\n<div class=\"ss-table-row\">\n<p class=\"gb-text\">Tipolog\u00eda<\/p>\n\n\n\n<p class=\"gb-text\"><strong>Pan de Misericordia<\/strong><\/p>\n<\/div>\n<\/div>\n\n\n<\/div>\n<\/div>\n\n\n\n<div class=\"gb-element-6ad95ea8\">\n<div class=\"gb-element-e34063a6 ss-project-intro\"><div class=\"wp-block-image imgText\">\n<figure class=\"alignright size-full is-resized\"><img decoding=\"async\" alt=\"Hermana Blandina\" src=\"https:\/\/spaziospadoni.org\/wp-content\/uploads\/2026\/05\/IMG-20250201-WA0013-300x225.jpg\" style=\"width:217px;height:auto\"\/><figcaption class=\"wp-element-caption\">Pan de Misericordia<\/figcaption><\/figure>\n<\/div>\n\n\n<p class=\"wp-block-paragraph\"><strong>Las Presentation of the Virgin Mary Sisters desean crear la \u00abDedza Farm\u00bb, un centro agroalimentario establecido para apoyar a los ni\u00f1os hu\u00e9rfanos, a los j\u00f3venes y a los ancianos vulnerables de la comunidad. La explotaci\u00f3n pretende crear una empresa agr\u00edcola autosuficiente que genere ingresos y, al mismo tiempo, mejore la seguridad alimentaria, el empoderamiento econ\u00f3mico y el desarrollo de la comunidad. El proyecto se ajusta a la misi\u00f3n m\u00e1s amplia de las hermanas en materia de educaci\u00f3n, salud y asistencia social, garantizando que los beneficios de las actividades agr\u00edcolas apoyen a la comunidad, a la propia empresa y a los pobres. A la espera de que la hermana Blandina llegue a Italia, spazio + spadoni acoge y eval\u00faa la propuesta del proyecto para estudiarla m\u00e1s a fondo con la hermana cuando llegue.<\/strong> La hermana Blandina lleg\u00f3 a Firenzuola en los \u00faltimos d\u00edas de agosto de 2025. Todos los miembros de la Fondazione RSA SS. Annunziata que la acogieron se esforzaron para que pudiera recibir una formaci\u00f3n completa y \u00fatil cuando regresara a Malaui. Mientras tanto, Luigi Spadoni mantuvo un encuentro en Roma con el obispo de Dedza, di\u00f3cesis en la que vive la hermana Blandina, para coordinar el compromiso de la hermana con la difusi\u00f3n de las Obras de Misericordia y crear una oficina diocesana dedicada espec\u00edficamente a ello. <strong>M\u00e1s informaci\u00f3n<\/strong> <a href=\"https:\/\/spaziospadoni.org\/opere-di-misericordia\/opera-m-di-spaziospadoni\/malawi-il-progetto-di-opera-m-con-suor-blandina-nel-mugello\/\" rel=\"noreferrer noopener\" target=\"_blank\" title=\"Malaui: el proyecto Opera M con la hermana Blandina en Mugello\">Malaui: el proyecto Opera M con la hermana Blandina en Mugello<\/a> <a href=\"https:\/\/spaziospadoni.org\/spazio-missionario\/hic-sum\/malawi-un-altro-passo-importante-per-la-rievoluzione-delle-opere-di-misericordia\/\" rel=\"noreferrer noopener\" target=\"_blank\" title=\"Malaui | Otro paso importante para la riEvoluzione de las Obras de Misericordia\">Malaui | Otro paso importante para la riEvoluzione de las Obras de Misericordia<\/a> <a href=\"https:\/\/spaziospadoni.org\/opere-di-misericordia\/opera-m-di-spaziospadoni\/malawi-spazio-spadoni-e-opere-di-misericordia-novita-in-arrivo\/\" rel=\"noreferrer noopener\" target=\"_blank\" title=\"Malaui, spazio + spadoni y Obras de Misericordia | Pr\u00f3ximas novedades\">Malaui, spazio + spadoni y Obras de Misericordia | Pr\u00f3ximas novedades<\/a><\/p>\n\n<\/div>\n<\/div>\n\n\n\n\n<div>\n\n<h2 id=\"cronologia\" class=\"gb-text gb-text-8179e40a\">Cronolog\u00eda<\/h2>\n\n\n\n\n\n<div class=\"ss-timeline\">\n\n<h3 id=\"2025\" class=\"gb-text\">2025<\/h3>\n\n\n\n\n\n<div class=\"ss-timeline-item\">\n\n<h4 id=\"1002-envio-del-proyecto\" class=\"gb-text\">10.02 | Env\u00edo del proyecto<\/h4>\n\n\n\n\n<p class=\"wp-block-paragraph\">La Congregaci\u00f3n presenta un proyecto para crear una empresa social agroalimentaria. A partir de aqu\u00ed se desarrolla el di\u00e1logo para crear un proyecto HIC SUM<\/p>\n\n\n<\/div>\n\n\n\n\n<div class=\"ss-timeline-item\">\n\n<h4 id=\"2508-llegada-de-la-hermana\" class=\"gb-text\">25.08 | Llegada de la hermana<\/h4>\n\n\n\n\n<p class=\"wp-block-paragraph\">La hermana Blandina llega a Italia, acogida por todo el personal de la Fondazione RSA Firenzuola, por las Suore Stabilite nella Carit\u00e0 y por Claudio Corbatti, s\u00e9nior de spazio + spadoni<\/p>\n\n\n\n<figure class=\"wp-block-gallery has-nested-images columns-1 is-cropped ss-lightbox wp-block-gallery-1 is-layout-flex wp-block-gallery-is-layout-flex\">\n\n<figure class=\"wp-block-image size-large\"><img decoding=\"async\" src=\"https:\/\/spaziospadoni.org\/wp-content\/uploads\/2026\/05\/2025-agosto_25_suorBlandina_Malawi_arrivo_firenzuola_rsa_progetto_hic_sum_spazio_spadoni-3.jpeg\" alt=\"2025 agosto 25 Hermana Blandina Malaui llegada firenzuola rsa proyecto HIC SUM spazio spadoni 3\"\/><figcaption class=\"wp-element-caption\">25.08 | Llegada de la hermana<\/figcaption><\/figure>\n\n\n<figure class=\"wp-block-image size-large\"><img decoding=\"async\" src=\"https:\/\/spaziospadoni.org\/wp-content\/uploads\/2026\/05\/2025-agosto_25_suorBlandina_Malawi_arrivo_firenzuola_rsa_progetto_hic_sum_spazio_spadoni-1.jpeg\" alt=\"2025 agosto 25 Hermana Blandina Malaui llegada firenzuola rsa proyecto HIC SUM spazio spadoni 1\"\/><figcaption class=\"wp-element-caption\">25.08 | Llegada de la hermana<\/figcaption><\/figure>\n\n<\/figure>\n\n\n<\/div>\n\n\n\n\n<div class=\"ss-timeline-item\">\n\n<h4 id=\"0409-visita-de-spazio-spadoni\" class=\"gb-text\">04.09 | Visita de spazio + spadoni<\/h4>\n\n\n\n\n<p class=\"wp-block-paragraph\">Luigi Spadoni visita a la hermana Blandina en la comunidad de Firenzuola<\/p>\n\n\n\n<figure class=\"wp-block-gallery has-nested-images columns-1 is-cropped ss-lightbox wp-block-gallery-2 is-layout-flex wp-block-gallery-is-layout-flex\">\n\n<figure class=\"wp-block-image size-large\"><img decoding=\"async\" src=\"https:\/\/spaziospadoni.org\/wp-content\/uploads\/2026\/05\/2025_settembre_4_suor_Blandina_rsa_firenzuola_incontro_luigi_spadonispazio_opere_misericordia-6.jpg\" alt=\"2025 septiembre 4 Hermana Blandina rsa firenzuola encuentro luigi Spadoni spazio Obras de Misericordia 6\"\/><figcaption class=\"wp-element-caption\">04.09 | Visita de spazio + spadoni<\/figcaption><\/figure>\n\n<\/figure>\n\n\n<\/div>\n\n\n\n\n<div class=\"ss-timeline-item\">\n\n<h4 id=\"2009-visita-de-spazio-spadoni\" class=\"gb-text\">20.09 | Visita de spazio + spadoni<\/h4>\n\n\n\n\n<p class=\"wp-block-paragraph\">Luigi Spadoni visita a la hermana Blandina en la comunidad de Firenzuola<\/p>\n\n\n<\/div>\n\n\n\n\n<div class=\"ss-timeline-item\">\n\n<h4 id=\"0110-formacion-en-ganaderia\" class=\"gb-text\">01.10 | Formaci\u00f3n en ganader\u00eda<\/h4>\n\n\n\n\n<p class=\"wp-block-paragraph\">La hermana Blandina comienza su formaci\u00f3n en una empresa dedicada a la ganader\u00eda<\/p>\n\n\n\n<figure class=\"wp-block-gallery has-nested-images columns-1 is-cropped ss-lightbox wp-block-gallery-3 is-layout-flex wp-block-gallery-is-layout-flex\">\n\n<figure class=\"wp-block-image size-large\"><img decoding=\"async\" src=\"https:\/\/spaziospadoni.org\/wp-content\/uploads\/2026\/05\/2025_ottobre_1_forazione_suor_blandina_firenzuola_progetto_hic_sum_spazio_spadoni-1.jpeg\" alt=\"2025 octubre 1 formaci\u00f3n Hermana Blandina firenzuola proyecto HIC SUM spazio spadoni 1\"\/><figcaption class=\"wp-element-caption\">01.10 | Formaci\u00f3n en ganader\u00eda<\/figcaption><\/figure>\n\n<\/figure>\n\n\n<\/div>\n\n\n\n\n<div class=\"ss-timeline-item\">\n\n<h4 id=\"0810-formacion-en-queseria\" class=\"gb-text\">08.10 | Formaci\u00f3n en queser\u00eda<\/h4>\n\n\n\n\n<p class=\"wp-block-paragraph\">La hermana Blandina comienza su formaci\u00f3n en una queser\u00eda para aprender a elaborar quesos<\/p>\n\n\n\n<figure class=\"wp-block-gallery has-nested-images columns-1 is-cropped ss-lightbox wp-block-gallery-4 is-layout-flex wp-block-gallery-is-layout-flex\">\n\n<figure class=\"wp-block-image size-large\"><img decoding=\"async\" src=\"https:\/\/spaziospadoni.org\/wp-content\/uploads\/2026\/05\/2025_ottobre_8_formazione_suor_blandina_firenzuola_casaificio_formaggi_progetto_hic_sum_spazio_spadoni-42.jpeg\" alt=\"2025 octubre 8 formaci\u00f3n Hermana Blandina firenzuola queser\u00eda quesos proyecto HIC SUM spazio spadoni 42\"\/><figcaption class=\"wp-element-caption\">08.10 | Formaci\u00f3n en queser\u00eda<\/figcaption><\/figure>\n\n\n<figure class=\"wp-block-image size-large\"><img decoding=\"async\" src=\"https:\/\/spaziospadoni.org\/wp-content\/uploads\/2026\/05\/2025_ottobre_8_formazione_suor_blandina_firenzuola_casaificio_formaggi_progetto_hic_sum_spazio_spadoni-50.jpeg\" alt=\"2025 octubre 8 formaci\u00f3n Hermana Blandina firenzuola queser\u00eda quesos proyecto HIC SUM spazio spadoni 50\"\/><figcaption class=\"wp-element-caption\">08.10 | Formaci\u00f3n en queser\u00eda<\/figcaption><\/figure>\n\n<\/figure>\n\n\n<\/div>\n\n\n\n\n<div class=\"ss-timeline-item\">\n\n<h4 id=\"222310-formacion-en-san-cerbone\" class=\"gb-text\">22-23.10 | Formaci\u00f3n en San Cerbone<\/h4>\n\n\n\n\n<p class=\"wp-block-paragraph\">Formaci\u00f3n t\u00e9cnica de spazio + spadoni en el Convento di San Cerbone (LU)<\/p>\n\n\n\n<figure class=\"wp-block-gallery has-nested-images columns-1 is-cropped ss-lightbox wp-block-gallery-5 is-layout-flex wp-block-gallery-is-layout-flex\">\n\n<figure class=\"wp-block-image size-large\"><img decoding=\"async\" src=\"https:\/\/spaziospadoni.org\/wp-content\/uploads\/2026\/05\/2025_ottobre_21_24_suor_blandina_san_cerbone_spazio_spadoni_progetto_hic_sum_formazione-6-scaled-1.jpg\" alt=\"2025 octubre 21 24 Hermana Blandina san cerbone spazio spadoni proyecto HIC SUM formaci\u00f3n 6 scaled\"\/><figcaption class=\"wp-element-caption\">22-23.10 | Formaci\u00f3n en San Cerbone<\/figcaption><\/figure>\n\n<\/figure>\n\n\n<\/div>\n\n\n\n\n<div class=\"ss-timeline-item\">\n\n<h4 id=\"2610-jubileo-de-la-esperanza\" class=\"gb-text\">26.10 | Jubileo de la Esperanza<\/h4>\n\n\n\n\n<p class=\"wp-block-paragraph\">La hermana Blandina cruza la Puerta Santa de la Bas\u00edlica de San Pedro durante el a\u00f1o del Jubileo de la Esperanza<\/p>\n\n\n\n<figure class=\"wp-block-gallery has-nested-images columns-1 is-cropped ss-lightbox wp-block-gallery-6 is-layout-flex wp-block-gallery-is-layout-flex\">\n\n<figure class=\"wp-block-image size-large\"><img decoding=\"async\" src=\"https:\/\/spaziospadoni.org\/wp-content\/uploads\/2026\/05\/2025_ottobre_25_26_suor_blandina_roma_porta_santa_giubileo_speranza-2.jpeg\" alt=\"2025 octubre 25 26 Hermana Blandina roma Puerta Santa Jubileo Esperanza 2\"\/><figcaption class=\"wp-element-caption\">26.10 | Jubileo de la Esperanza<\/figcaption><\/figure>\n\n<\/figure>\n\n\n<\/div>\n\n\n\n\n<div class=\"ss-timeline-item\">\n\n<h4 id=\"0811-salida-de-la-hermana\" class=\"gb-text\">08.11 | Salida de la hermana<\/h4>\n\n\n\n\n<p class=\"wp-block-paragraph\">La hermana Blandina parte para regresar a Malaui<\/p>\n\n\n\n<figure class=\"wp-block-gallery has-nested-images columns-1 is-cropped ss-lightbox wp-block-gallery-7 is-layout-flex wp-block-gallery-is-layout-flex\">\n\n<figure class=\"wp-block-image size-large\"><img decoding=\"async\" src=\"https:\/\/spaziospadoni.org\/wp-content\/uploads\/2026\/05\/2025_movembre_8_partenza_suor_blandina_spazio_spadoni_progetto_hic_sum_operam-3.jpeg\" alt=\"2025 noviembre 8 salida Hermana Blandina spazio spadoni proyecto HIC SUM OPERA M 3\"\/><figcaption class=\"wp-element-caption\">08.11 | Salida de la hermana<\/figcaption><\/figure>\n\n<\/figure>\n\n\n<\/div>\n\n\n\n\n<div class=\"ss-timeline-item\">\n\n<h4 id=\"diciembre-formacion-sobre-las-obras-de-misericordia\" class=\"gb-text\">Diciembre | Formaci\u00f3n sobre las Obras de Misericordia<\/h4>\n\n\n\n\n<p class=\"wp-block-paragraph\">La hermana Blandina se re\u00fane con las comunidades de Malaui para hablar de las Obras de Misericordia<\/p>\n\n\n<\/div>\n\n\n<\/div>\n\n\n\n\n<div class=\"ss-timeline\">\n\n<h3 id=\"evaluaciones-del-proyecto\" class=\"gb-text\">Evaluaciones del Proyecto<\/h3>\n\n\n\n\n\n<div class=\"ss-timeline-item\">\n\n<h4 id=\"febrero-de-2025-envio\" class=\"gb-text\">Febrero de 2025 Env\u00edo<\/h4>\n\n\n\n\n<p class=\"wp-block-paragraph\">proyecto<\/p>\n\n\n<\/div>\n\n\n\n\n<div class=\"ss-timeline-item\">\n\n<h4 id=\"septiembre-de-2025-debate-sobre-la-viabilidad\" class=\"gb-text\">Septiembre de 2025 Debate sobre la viabilidad<\/h4>\n\n\n\n\n<p class=\"wp-block-paragraph\">del proyecto presentado<\/p>\n\n\n<\/div>\n\n\n\n\n<div class=\"ss-timeline-item\">\n\n<h4 id=\"octubre-de-2025-identificacion-de-proyectos\" class=\"gb-text\">Octubre de 2025 Identificaci\u00f3n de proyectos<\/h4>\n\n\n\n\n<p class=\"wp-block-paragraph\">cr\u00eda de pollos o cr\u00eda de cerdos<\/p>\n\n\n<\/div>\n\n\n<\/div>\n\n\n<\/div>\n\n\n\n<div class=\"ss-project-media\">\n<h2 id=\"fotos-y-videos\" class=\"gb-text gb-text-d7bd8be8\">Fotos y v\u00eddeos<\/h2>\n\n\n<div class=\"ss-media-filters\">\n\n<a class=\"gb-text ss-media-filter active\" data-filter=\"*\" title=\"Todo\">Todo<\/a>\n\n\n<a class=\"gb-text ss-media-filter\" data-filter=\".malawi\" title=\"Malaui\">Malaui<\/a>\n\n\n<a class=\"gb-text ss-media-filter\" data-filter=\".formazione\" title=\"Formaci\u00f3n\">Formaci\u00f3n<\/a>\n\n\n<a class=\"gb-text ss-media-filter\" data-filter=\".video\" title=\"V\u00eddeo\">V\u00eddeo<\/a>\n\n<\/div>\n\n\n<div class=\"ss-media-grid\">\n<div>\n<figure class=\"wp-block-gallery has-nested-images columns-1 is-cropped ss-lightbox wp-block-gallery-8 is-layout-flex wp-block-gallery-is-layout-flex\">\n\n<figure class=\"wp-block-image size-large malawi\"><img decoding=\"async\" alt=\"2025 febrero Hermana Blandina Malaui proyecto HIC SUM spazio spadoni 9 300x300\" src=\"https:\/\/spaziospadoni.org\/wp-content\/uploads\/2026\/05\/2025_febbraio_suor_blandina_malawi_progetto_hic_sum_spazio_spadoni-9-300x300.jpg\"\/><\/figure>\n\n\n<figure class=\"wp-block-image size-large malawi\"><img decoding=\"async\" alt=\"2025 febrero Hermana Blandina Malaui proyecto HIC SUM spazio spadoni 6 225x300\" src=\"https:\/\/spaziospadoni.org\/wp-content\/uploads\/2026\/05\/2025_febbraio_suor_blandina_malawi_progetto_hic_sum_spazio_spadoni-6-225x300.jpg\"\/><\/figure>\n\n\n<figure class=\"wp-block-image size-large malawi\"><img decoding=\"async\" alt=\"2025 febrero Hermana Blandina Malaui proyecto HIC SUM spazio spadoni 1 300x225\" src=\"https:\/\/spaziospadoni.org\/wp-content\/uploads\/2026\/05\/2025_febbraio_suor_blandina_malawi_progetto_hic_sum_spazio_spadoni-1-300x225.jpg\"\/><\/figure>\n\n\n<figure class=\"wp-block-image size-large malawi\"><img decoding=\"async\" alt=\"2025 febrero Hermana Blandina Malaui proyecto HIC SUM spazio spadoni 7 225x300\" src=\"https:\/\/spaziospadoni.org\/wp-content\/uploads\/2026\/05\/2025_febbraio_suor_blandina_malawi_progetto_hic_sum_spazio_spadoni-7-225x300.jpg\"\/><\/figure>\n\n\n<figure class=\"wp-block-image size-large malawi\"><img decoding=\"async\" alt=\"2025 febrero Hermana Blandina Malaui proyecto HIC SUM spazio spadoni 3 226x300\" src=\"https:\/\/spaziospadoni.org\/wp-content\/uploads\/2026\/05\/2025_febbraio_suor_blandina_malawi_progetto_hic_sum_spazio_spadoni-3-226x300.jpg\"\/><\/figure>\n\n\n<figure class=\"wp-block-image size-large malawi\"><img decoding=\"async\" alt=\"IMG 20250201 WA0013 300x225\" src=\"https:\/\/spaziospadoni.org\/wp-content\/uploads\/2026\/05\/IMG-20250201-WA0013-300x225.jpg\"\/><\/figure>\n\n\n<figure class=\"wp-block-image size-large malawi\"><img decoding=\"async\" alt=\"2025 febrero Hermana Blandina Malaui proyecto HIC SUM spazio spadoni 14 300x225\" src=\"https:\/\/spaziospadoni.org\/wp-content\/uploads\/2026\/05\/2025_febbraio_suor_blandina_malawi_progetto_hic_sum_spazio_spadoni-14-300x225.jpg\"\/><\/figure>\n\n\n<figure class=\"wp-block-image size-large malawi\"><img decoding=\"async\" alt=\"2025 febrero Hermana Blandina Malaui proyecto HIC SUM spazio spadoni 15 300x225\" src=\"https:\/\/spaziospadoni.org\/wp-content\/uploads\/2026\/05\/2025_febbraio_suor_blandina_malawi_progetto_hic_sum_spazio_spadoni-15-300x225.jpg\"\/><\/figure>\n\n\n<figure class=\"wp-block-image size-large malawi\"><img decoding=\"async\" alt=\"2025 agosto 25 Hermana Blandina Malaui llegada firenzuola rsa proyecto HIC SUM spazio spadoni 3\" src=\"https:\/\/spaziospadoni.org\/wp-content\/uploads\/2026\/05\/2025-agosto_25_suorBlandina_Malawi_arrivo_firenzuola_rsa_progetto_hic_sum_spazio_spadoni-3.jpeg\"\/><\/figure>\n\n\n<figure class=\"wp-block-image size-large malawi\"><img decoding=\"async\" alt=\"2025 agosto 25 Hermana Blandina Malaui llegada firenzuola rsa proyecto HIC SUM spazio spadoni 2 copia\" src=\"https:\/\/spaziospadoni.org\/wp-content\/uploads\/2026\/05\/2025-agosto_25_suorBlandina_Malawi_arrivo_firenzuola_rsa_progetto_hic_sum_spazio_spadoni-2-copia.jpg\"\/><\/figure>\n\n\n<figure class=\"wp-block-image size-large malawi\"><img decoding=\"async\" alt=\"2025 agosto 25 Hermana Blandina Malaui llegada firenzuola rsa proyecto HIC SUM spazio spadoni 1\" src=\"https:\/\/spaziospadoni.org\/wp-content\/uploads\/2026\/05\/2025-agosto_25_suorBlandina_Malawi_arrivo_firenzuola_rsa_progetto_hic_sum_spazio_spadoni-1.jpeg\"\/><\/figure>\n\n\n<figure class=\"wp-block-image size-large formazione\"><img decoding=\"async\" alt=\"2025 septiembre 4 Hermana Blandina rsa firenzuola encuentro luigi Spadoni spazio Obras de Misericordia 6\" src=\"https:\/\/spaziospadoni.org\/wp-content\/uploads\/2026\/05\/2025_settembre_4_suor_Blandina_rsa_firenzuola_incontro_luigi_spadonispazio_opere_misericordia-6.jpg\"\/><\/figure>\n\n\n<figure class=\"wp-block-image size-large formazione\"><img decoding=\"async\" alt=\"2025 septiembre 4 Hermana Blandina rsa firenzuola encuentro luigi Spadoni spazio Obras de Misericordia 3\" src=\"https:\/\/spaziospadoni.org\/wp-content\/uploads\/2026\/05\/2025_settembre_4_suor_Blandina_rsa_firenzuola_incontro_luigi_spadonispazio_opere_misericordia-3.jpg\"\/><\/figure>\n\n\n<figure class=\"wp-block-image size-large formazione\"><img decoding=\"async\" alt=\"2025 septiembre 4 Hermana Blandina rsa firenzuola encuentro luigi Spadoni spazio Obras de Misericordia 7\" src=\"https:\/\/spaziospadoni.org\/wp-content\/uploads\/2026\/05\/2025_settembre_4_suor_Blandina_rsa_firenzuola_incontro_luigi_spadonispazio_opere_misericordia-7.jpg\"\/><\/figure>\n\n\n<figure class=\"wp-block-image size-large formazione\"><img decoding=\"async\" alt=\"2025 septiembre 4 Hermana Blandina rsa firenzuola encuentro luigi Spadoni spazio Obras de Misericordia 8\" src=\"https:\/\/spaziospadoni.org\/wp-content\/uploads\/2026\/05\/2025_settembre_4_suor_Blandina_rsa_firenzuola_incontro_luigi_spadonispazio_opere_misericordia-8.jpg\"\/><\/figure>\n\n\n<figure class=\"wp-block-image size-large formazione\"><img decoding=\"async\" alt=\"2025 octubre 1 formaci\u00f3n Hermana Blandina firenzuola proyecto HIC SUM spazio spadoni 1 copia\" src=\"https:\/\/spaziospadoni.org\/wp-content\/uploads\/2026\/05\/2025_ottobre_1_forazione_suor_blandina_firenzuola_progetto_hic_sum_spazio_spadoni-1-copia.jpg\"\/><\/figure>\n\n\n<figure class=\"wp-block-image size-large formazione\"><img decoding=\"async\" alt=\"2025 octubre 1 formaci\u00f3n Hermana Blandina firenzuola proyecto HIC SUM spazio spadoni 2\" src=\"https:\/\/spaziospadoni.org\/wp-content\/uploads\/2026\/05\/2025_ottobre_1_forazione_suor_blandina_firenzuola_progetto_hic_sum_spazio_spadoni-2.jpeg\"\/><\/figure>\n\n\n<figure class=\"wp-block-image size-large formazione\"><img decoding=\"async\" alt=\"2025 octubre 8 formaci\u00f3n Hermana Blandina firenzuola queser\u00eda quesos proyecto HIC SUM spazio spadoni 39\" src=\"https:\/\/spaziospadoni.org\/wp-content\/uploads\/2026\/05\/2025_ottobre_8_formazione_suor_blandina_firenzuola_casaificio_formaggi_progetto_hic_sum_spazio_spadoni-39.jpeg\"\/><\/figure>\n\n\n<figure class=\"wp-block-image size-large formazione\"><img decoding=\"async\" alt=\"2025 octubre 8 formaci\u00f3n Hermana Blandina firenzuola queser\u00eda quesos proyecto HIC SUM spazio spadoni 31\" src=\"https:\/\/spaziospadoni.org\/wp-content\/uploads\/2026\/05\/2025_ottobre_8_formazione_suor_blandina_firenzuola_casaificio_formaggi_progetto_hic_sum_spazio_spadoni-31.jpeg\"\/><\/figure>\n\n\n<figure class=\"wp-block-image size-large formazione\"><img decoding=\"async\" alt=\"2025 octubre 8 formaci\u00f3n Hermana Blandina firenzuola queser\u00eda quesos proyecto HIC SUM spazio spadoni 19\" src=\"https:\/\/spaziospadoni.org\/wp-content\/uploads\/2026\/05\/2025_ottobre_8_formazione_suor_blandina_firenzuola_casaificio_formaggi_progetto_hic_sum_spazio_spadoni-19.jpeg\"\/><\/figure>\n\n\n<figure class=\"wp-block-image size-large formazione\"><img decoding=\"async\" alt=\"2025 octubre 8 formaci\u00f3n Hermana Blandina firenzuola queser\u00eda quesos proyecto HIC SUM spazio spadoni 28\" src=\"https:\/\/spaziospadoni.org\/wp-content\/uploads\/2026\/05\/2025_ottobre_8_formazione_suor_blandina_firenzuola_casaificio_formaggi_progetto_hic_sum_spazio_spadoni-28.jpeg\"\/><\/figure>\n\n\n<figure class=\"wp-block-image size-large formazione\"><img decoding=\"async\" alt=\"2025 octubre 8 formaci\u00f3n Hermana Blandina firenzuola queser\u00eda quesos proyecto HIC SUM spazio spadoni 41\" src=\"https:\/\/spaziospadoni.org\/wp-content\/uploads\/2026\/05\/2025_ottobre_8_formazione_suor_blandina_firenzuola_casaificio_formaggi_progetto_hic_sum_spazio_spadoni-41.jpeg\"\/><\/figure>\n\n\n<figure class=\"wp-block-image size-large formazione\"><img decoding=\"async\" alt=\"2025 octubre 8 formaci\u00f3n Hermana Blandina firenzuola queser\u00eda quesos proyecto HIC SUM spazio spadoni 16\" src=\"https:\/\/spaziospadoni.org\/wp-content\/uploads\/2026\/05\/2025_ottobre_8_formazione_suor_blandina_firenzuola_casaificio_formaggi_progetto_hic_sum_spazio_spadoni-16.jpeg\"\/><\/figure>\n\n\n<figure class=\"wp-block-image size-large formazione\"><img decoding=\"async\" alt=\"2025 octubre 8 formaci\u00f3n Hermana Blandina firenzuola queser\u00eda quesos proyecto HIC SUM spazio spadoni 15\" src=\"https:\/\/spaziospadoni.org\/wp-content\/uploads\/2026\/05\/2025_ottobre_8_formazione_suor_blandina_firenzuola_casaificio_formaggi_progetto_hic_sum_spazio_spadoni-15.jpeg\"\/><\/figure>\n\n\n<figure class=\"wp-block-image size-large formazione\"><img decoding=\"async\" alt=\"2025 octubre 8 formaci\u00f3n Hermana Blandina firenzuola queser\u00eda quesos proyecto HIC SUM spazio spadoni 14\" src=\"https:\/\/spaziospadoni.org\/wp-content\/uploads\/2026\/05\/2025_ottobre_8_formazione_suor_blandina_firenzuola_casaificio_formaggi_progetto_hic_sum_spazio_spadoni-14.jpeg\"\/><\/figure>\n\n\n<figure class=\"wp-block-image size-large formazione\"><img decoding=\"async\" alt=\"2025 octubre 8 formaci\u00f3n Hermana Blandina firenzuola queser\u00eda quesos proyecto HIC SUM spazio spadoni 8\" src=\"https:\/\/spaziospadoni.org\/wp-content\/uploads\/2026\/05\/2025_ottobre_8_formazione_suor_blandina_firenzuola_casaificio_formaggi_progetto_hic_sum_spazio_spadoni-8.jpeg\"\/><\/figure>\n\n\n<figure class=\"wp-block-image size-large formazione\"><img decoding=\"async\" alt=\"2025 octubre 8 formaci\u00f3n Hermana Blandina firenzuola queser\u00eda quesos proyecto HIC SUM spazio spadoni 6\" src=\"https:\/\/spaziospadoni.org\/wp-content\/uploads\/2026\/05\/2025_ottobre_8_formazione_suor_blandina_firenzuola_casaificio_formaggi_progetto_hic_sum_spazio_spadoni-6.jpeg\"\/><\/figure>\n\n\n<figure class=\"wp-block-image size-large formazione\"><img decoding=\"async\" alt=\"2025 octubre 8 formaci\u00f3n Hermana Blandina firenzuola queser\u00eda quesos proyecto HIC SUM spazio spadoni 1\" src=\"https:\/\/spaziospadoni.org\/wp-content\/uploads\/2026\/05\/2025_ottobre_8_formazione_suor_blandina_firenzuola_casaificio_formaggi_progetto_hic_sum_spazio_spadoni-1.jpeg\"\/><\/figure>\n\n\n<figure class=\"wp-block-image size-large formazione\"><img decoding=\"async\" alt=\"2025 octubre 10 Hermana Blandina rsa firenzuola formaci\u00f3n proyecto HIC SUM spazio spadoni 2\" src=\"https:\/\/spaziospadoni.org\/wp-content\/uploads\/2026\/05\/20025_ottobre_10_suor_blandina_rsa_firenzuola_formazione_progetto_hic_sum_spazio_spadoni-2.jpeg\"\/><\/figure>\n\n\n<figure class=\"wp-block-image size-large formazione\"><img decoding=\"async\" alt=\"2025 octubre 10 Hermana Blandina rsa firenzuola formaci\u00f3n proyecto HIC SUM spazio spadoni 1\" src=\"https:\/\/spaziospadoni.org\/wp-content\/uploads\/2026\/05\/20025_ottobre_10_suor_blandina_rsa_firenzuola_formazione_progetto_hic_sum_spazio_spadoni-1.jpeg\"\/><\/figure>\n\n\n<figure class=\"wp-block-image size-large formazione\"><img decoding=\"async\" alt=\"2025 octubre 14 Hermana Blandina proyecto HIC SUM spazio spadoni firenzuola 3\" src=\"https:\/\/spaziospadoni.org\/wp-content\/uploads\/2026\/05\/2025_ottobre_14_suor_blandina_progetto_huc_sum_spazio_spadoni_firenzuola-3.jpeg\"\/><\/figure>\n\n\n<figure class=\"wp-block-image size-large formazione\"><img decoding=\"async\" alt=\"2025 octubre 21 24 Hermana Blandina san cerbone spazio spadoni proyecto HIC SUM formaci\u00f3n 4 scaled\" src=\"https:\/\/spaziospadoni.org\/wp-content\/uploads\/2026\/05\/2025_ottobre_21_24_suor_blandina_san_cerbone_spazio_spadoni_progetto_hic_sum_formazione-4-scaled-1.jpg\"\/><\/figure>\n\n\n<figure class=\"wp-block-image size-large formazione\"><img decoding=\"async\" alt=\"2025 octubre 21 24 Hermana Blandina san cerbone spazio spadoni proyecto HIC SUM formaci\u00f3n 6 scaled copia\" src=\"https:\/\/spaziospadoni.org\/wp-content\/uploads\/2026\/05\/2025_ottobre_21_24_suor_blandina_san_cerbone_spazio_spadoni_progetto_hic_sum_formazione-6-scaled-copia.jpg\"\/><\/figure>\n\n\n<figure class=\"wp-block-image size-large formazione\"><img decoding=\"async\" alt=\"2025 octubre 21 24 Hermana Blandina san cerbone spazio spadoni proyecto HIC SUM formaci\u00f3n 9 scaled\" src=\"https:\/\/spaziospadoni.org\/wp-content\/uploads\/2026\/05\/2025_ottobre_21_24_suor_blandina_san_cerbone_spazio_spadoni_progetto_hic_sum_formazione-9-scaled-1.jpg\"\/><\/figure>\n\n\n<figure class=\"wp-block-image size-large formazione\"><img decoding=\"async\" alt=\"2025 octubre 21 24 Hermana Blandina san cerbone spazio spadoni proyecto HIC SUM formaci\u00f3n 14 scaled\" src=\"https:\/\/spaziospadoni.org\/wp-content\/uploads\/2026\/05\/2025_ottobre_21_24_suor_blandina_san_cerbone_spazio_spadoni_progetto_hic_sum_formazione-14-scaled-1.jpg\"\/><\/figure>\n\n\n<figure class=\"wp-block-image size-large formazione\"><img decoding=\"async\" alt=\"2025 octubre 21 24 Hermana Blandina san cerbone spazio spadoni proyecto HIC SUM formaci\u00f3n 11 scaled\" src=\"https:\/\/spaziospadoni.org\/wp-content\/uploads\/2026\/05\/2025_ottobre_21_24_suor_blandina_san_cerbone_spazio_spadoni_progetto_hic_sum_formazione-11-scaled-1.jpg\"\/><\/figure>\n\n\n<figure class=\"wp-block-image size-large formazione\"><img decoding=\"async\" alt=\"2025 octubre 21 24 Hermana Blandina san cerbone spazio spadoni proyecto HIC SUM formaci\u00f3n 16 scaled\" src=\"https:\/\/spaziospadoni.org\/wp-content\/uploads\/2026\/05\/2025_ottobre_21_24_suor_blandina_san_cerbone_spazio_spadoni_progetto_hic_sum_formazione-16-scaled-1.jpg\"\/><\/figure>\n\n\n<figure class=\"wp-block-image size-large formazione\"><img decoding=\"async\" alt=\"2025 octubre 21 24 Hermana Blandina san cerbone spazio spadoni proyecto HIC SUM formaci\u00f3n 20 scaled\" src=\"https:\/\/spaziospadoni.org\/wp-content\/uploads\/2026\/05\/2025_ottobre_21_24_suor_blandina_san_cerbone_spazio_spadoni_progetto_hic_sum_formazione-20-scaled-1.jpg\"\/><\/figure>\n\n\n<figure class=\"wp-block-image size-large formazione\"><img decoding=\"async\" alt=\"2025 octubre 21 24 Hermana Blandina san cerbone spazio spadoni proyecto HIC SUM formaci\u00f3n 21 scaled\" src=\"https:\/\/spaziospadoni.org\/wp-content\/uploads\/2026\/05\/2025_ottobre_21_24_suor_blandina_san_cerbone_spazio_spadoni_progetto_hic_sum_formazione-21-scaled-1.jpg\"\/><\/figure>\n\n\n<figure class=\"wp-block-image size-large formazione\"><img decoding=\"async\" alt=\"2025 octubre 21 24 Hermana Blandina san cerbone spazio spadoni proyecto HIC SUM formaci\u00f3n 1 scaled copia\" src=\"https:\/\/spaziospadoni.org\/wp-content\/uploads\/2026\/05\/2025_ottobre_21_24_suor_blandina_san_cerbone_spazio_spadoni_progetto_hic_sum_formazione-1-scaled-copia.jpg\"\/><\/figure>\n\n\n<figure class=\"wp-block-image size-large formazione\"><img decoding=\"async\" alt=\"2025 octubre 21 24 Hermana Blandina san cerbone spazio spadoni proyecto HIC SUM formaci\u00f3n 25 scaled\" src=\"https:\/\/spaziospadoni.org\/wp-content\/uploads\/2026\/05\/2025_ottobre_21_24_suor_blandina_san_cerbone_spazio_spadoni_progetto_hic_sum_formazione-25-scaled-1.jpg\"\/><\/figure>\n\n\n<figure class=\"wp-block-image size-large formazione\"><img decoding=\"async\" alt=\"2025 octubre 21 24 Hermana Blandina san cerbone spazio spadoni proyecto HIC SUM formaci\u00f3n 24 scaled\" src=\"https:\/\/spaziospadoni.org\/wp-content\/uploads\/2026\/05\/2025_ottobre_21_24_suor_blandina_san_cerbone_spazio_spadoni_progetto_hic_sum_formazione-24-scaled-1.jpg\"\/><\/figure>\n\n\n<figure class=\"wp-block-image size-large formazione\"><img decoding=\"async\" alt=\"2025 octubre 21 24 Hermana Blandina san cerbone spazio spadoni proyecto HIC SUM formaci\u00f3n 23 scaled\" src=\"https:\/\/spaziospadoni.org\/wp-content\/uploads\/2026\/05\/2025_ottobre_21_24_suor_blandina_san_cerbone_spazio_spadoni_progetto_hic_sum_formazione-23-scaled-1.jpg\"\/><\/figure>\n\n\n<figure class=\"wp-block-image size-large formazione\"><img decoding=\"async\" alt=\"2025 octubre 21 24 Hermana Blandina san cerbone spazio spadoni proyecto HIC SUM formaci\u00f3n 26 scaled\" src=\"https:\/\/spaziospadoni.org\/wp-content\/uploads\/2026\/05\/2025_ottobre_21_24_suor_blandina_san_cerbone_spazio_spadoni_progetto_hic_sum_formazione-26-scaled-1.jpg\"\/><\/figure>\n\n\n<figure class=\"wp-block-image size-large formazione\"><img decoding=\"async\" alt=\"2025 octubre 21 24 Hermana Blandina san cerbone spazio spadoni proyecto HIC SUM formaci\u00f3n 27 scaled\" src=\"https:\/\/spaziospadoni.org\/wp-content\/uploads\/2026\/05\/2025_ottobre_21_24_suor_blandina_san_cerbone_spazio_spadoni_progetto_hic_sum_formazione-27-scaled-1.jpg\"\/><\/figure>\n\n\n<figure class=\"wp-block-image size-large formazione\"><img decoding=\"async\" alt=\"2025 octubre 21 24 Hermana Blandina san cerbone spazio spadoni proyecto HIC SUM formaci\u00f3n 30 scaled\" src=\"https:\/\/spaziospadoni.org\/wp-content\/uploads\/2026\/05\/2025_ottobre_21_24_suor_blandina_san_cerbone_spazio_spadoni_progetto_hic_sum_formazione-30-scaled-1.jpg\"\/><\/figure>\n\n\n<figure class=\"wp-block-image size-large formazione\"><img decoding=\"async\" alt=\"2025 septiembre 4 Hermana Blandina rsa firenzuola encuentro luigi Spadoni spazio Obras de Misericordia 10\" src=\"https:\/\/spaziospadoni.org\/wp-content\/uploads\/2026\/05\/2025_settembre_4_suor_Blandina_rsa_firenzuola_incontro_luigi_spadonispazio_opere_misericordia-10.jpg\"\/><\/figure>\n\n\n<figure class=\"wp-block-image size-large formazione\"><img decoding=\"async\" alt=\"2025 septiembre 4 Hermana Blandina rsa firenzuola encuentro luigi Spadoni spazio Obras de Misericordia 11\" src=\"https:\/\/spaziospadoni.org\/wp-content\/uploads\/2026\/05\/2025_settembre_4_suor_Blandina_rsa_firenzuola_incontro_luigi_spadonispazio_opere_misericordia-11.jpg\"\/><\/figure>\n\n\n<figure class=\"wp-block-image size-large formazione\"><img decoding=\"async\" alt=\"2025 octubre 25 26 Hermana Blandina roma Puerta Santa Jubileo Esperanza 8\" src=\"https:\/\/spaziospadoni.org\/wp-content\/uploads\/2026\/05\/2025_ottobre_25_26_suor_blandina_roma_porta_santa_giubileo_speranza-8.jpeg\"\/><\/figure>\n\n\n<figure class=\"wp-block-image size-large formazione\"><img decoding=\"async\" alt=\"2025 octubre 25 26 Hermana Blandina roma Puerta Santa Jubileo Esperanza 2\" src=\"https:\/\/spaziospadoni.org\/wp-content\/uploads\/2026\/05\/2025_ottobre_25_26_suor_blandina_roma_porta_santa_giubileo_speranza-2.jpeg\"\/><\/figure>\n\n\n<figure class=\"wp-block-image size-large formazione\"><img decoding=\"async\" alt=\"2025 octubre 25 26 Hermana Blandina roma Puerta Santa Jubileo Esperanza 9\" src=\"https:\/\/spaziospadoni.org\/wp-content\/uploads\/2026\/05\/2025_ottobre_25_26_suor_blandina_roma_porta_santa_giubileo_speranza-9.jpeg\"\/><\/figure>\n\n\n<figure class=\"wp-block-image size-large formazione\"><img decoding=\"async\" alt=\"2025 octubre 25 26 Hermana Blandina roma Puerta Santa Jubileo Esperanza 4\" src=\"https:\/\/spaziospadoni.org\/wp-content\/uploads\/2026\/05\/2025_ottobre_25_26_suor_blandina_roma_porta_santa_giubileo_speranza-4.jpeg\"\/><\/figure>\n\n\n<figure class=\"wp-block-image size-large formazione\"><img decoding=\"async\" alt=\"2025 octubre 25 26 Hermana Blandina roma Puerta Santa Jubileo Esperanza 3\" src=\"https:\/\/spaziospadoni.org\/wp-content\/uploads\/2026\/05\/2025_ottobre_25_26_suor_blandina_roma_porta_santa_giubileo_speranza-3.jpeg\"\/><\/figure>\n\n\n<figure class=\"wp-block-image size-large formazione\"><img decoding=\"async\" alt=\"2025 noviembre 7 despedida Hermana Blandina rsa firenzuola spazio spadoni proyecto HIC SUM OPERA M pa\u00f1uelo 3\" src=\"https:\/\/spaziospadoni.org\/wp-content\/uploads\/2026\/05\/2025_novembre_7_saluto_suor_blandina_rsa_firenzuola_spazio_spadoni_progetto_huic_sum_operam_foulard-3.jpeg\"\/><\/figure>\n\n\n<figure class=\"wp-block-image size-large formazione\"><img decoding=\"async\" alt=\"2025 noviembre 7 despedida Hermana Blandina rsa firenzuola spazio spadoni proyecto HIC SUM OPERA M 2\" src=\"https:\/\/spaziospadoni.org\/wp-content\/uploads\/2026\/05\/2025_novembre_7_saluto_suor_blandina_rsa_firenzuola_spazio_spadoni_progetto_huic_sum_operam-2.jpeg\"\/><\/figure>\n\n\n<figure class=\"wp-block-image size-large formazione\"><img decoding=\"async\" alt=\"2025 noviembre 8 salida Hermana Blandina spazio spadoni proyecto HIC SUM OPERA M 3\" src=\"https:\/\/spaziospadoni.org\/wp-content\/uploads\/2026\/05\/2025_movembre_8_partenza_suor_blandina_spazio_spadoni_progetto_hic_sum_operam-3.jpeg\"\/><\/figure>\n\n\n<figure class=\"wp-block-image size-large malawi\"><img decoding=\"async\" alt=\"2025 noviembre 8 salida Hermana Blandina spazio spadoni proyecto HIC SUM OPERA M 2\" src=\"https:\/\/spaziospadoni.org\/wp-content\/uploads\/2026\/05\/2025_movembre_8_partenza_suor_blandina_spazio_spadoni_progetto_hic_sum_operam-2.jpeg\"\/><\/figure>\n\n\n<figure class=\"wp-block-image size-large malawi\"><img decoding=\"async\" alt=\"2025 noviembre 8 salida Hermana Blandina spazio spadoni proyecto HIC SUM OPERA M 1\" src=\"https:\/\/spaziospadoni.org\/wp-content\/uploads\/2026\/05\/2025_movembre_8_partenza_suor_blandina_spazio_spadoni_progetto_hic_sum_operam-1.jpeg\"\/><\/figure>\n\n\n<figure class=\"wp-block-image size-large malawi\"><img decoding=\"async\" alt=\"2025 diciembre Hermana Blandina Malaui formaci\u00f3n Obras de Misericordia spazio spadoni OPERA M 1\" src=\"https:\/\/spaziospadoni.org\/wp-content\/uploads\/2026\/05\/2025_dicembre_suor_blandina_malawi_formazione_opere_misericordia_spazio_spadoni_operam-1.jpeg\"\/><\/figure>\n\n\n<figure class=\"wp-block-image size-large malawi\"><img decoding=\"async\" alt=\"2025 diciembre Hermana Blandina Malaui formaci\u00f3n Obras de Misericordia spazio spadoni OPERA M 2\" src=\"https:\/\/spaziospadoni.org\/wp-content\/uploads\/2026\/05\/2025_dicembre_suor_blandina_malawi_formazione_opere_misericordia_spazio_spadoni_operam-2.jpeg\"\/><\/figure>\n\n\n<figure class=\"wp-block-image size-large malawi\"><img decoding=\"async\" alt=\"2025 diciembre Hermana Blandina Malaui formaci\u00f3n Obras de Misericordia spazio spadoni OPERA M 3\" src=\"https:\/\/spaziospadoni.org\/wp-content\/uploads\/2026\/05\/2025_dicembre_suor_blandina_malawi_formazione_opere_misericordia_spazio_spadoni_operam-3.jpeg\"\/><\/figure>\n\n\n<figure class=\"wp-block-image size-large malawi\"><img decoding=\"async\" alt=\"2025 diciembre Hermana Blandina Malaui formaci\u00f3n Obras de Misericordia spazio spadoni OPERA M 5\" src=\"https:\/\/spaziospadoni.org\/wp-content\/uploads\/2026\/05\/2025_dicembre_suor_blandina_malawi_formazione_opere_misericordia_spazio_spadoni_operam-5.jpeg\"\/><\/figure>\n\n<\/figure>\n\n\n<div class=\"gb-element-b24bbf5e ss-media-videos\">\n\n<figure class=\"wp-block-video video\"><video controls=\"\" src=\"https:\/\/spaziospadoni.org\/wp-content\/uploads\/2026\/05\/2025_ottobre_1_forazione_suor_blandina_firenzuola_progetto_hic_sum_spazio_spadoni-2.mp4\"><\/video><figcaption class=\"wp-element-caption\">2025 octubre 1 formaci\u00f3n Hermana Blandina firenzuola proyecto HIC SUM spazio spadoni 2<\/figcaption><\/figure>\n\n\n<figure class=\"wp-block-video video\"><video controls=\"\" src=\"https:\/\/spaziospadoni.org\/wp-content\/uploads\/2026\/05\/2025_novembre_7_saluto_suor_blandina_rsa_firenzuola_spazio_spadoni_progetto_huic_sum_operam_foulard-2.mp4\"><\/video><figcaption class=\"wp-element-caption\">2025 noviembre 7 despedida Hermana Blandina rsa firenzuola spazio spadoni proyecto HIC SUM OPERA M pa\u00f1uelo 2<\/figcaption><\/figure>\n\n\n<figure class=\"wp-block-video video\"><video controls=\"\" src=\"https:\/\/spaziospadoni.org\/wp-content\/uploads\/2026\/05\/2025_novembre_7_saluto_suor_blandina_rsa_firenzuola_spazio_spadoni_progetto_huic_sum_operam_foulard-1.mp4\"><\/video><figcaption class=\"wp-element-caption\">2025 noviembre 7 despedida Hermana Blandina rsa firenzuola spazio spadoni proyecto HIC SUM OPERA M pa\u00f1uelo 1<\/figcaption><\/figure>\n\n\n<figure class=\"wp-block-video video\"><video controls=\"\" src=\"https:\/\/spaziospadoni.org\/wp-content\/uploads\/2026\/05\/2025_novembre_7_saluto_suor_blandina_rsa_firenzuola_spazio_spadoni_progetto_huic_sum_operam_foulard-3.mp4\"><\/video><figcaption class=\"wp-element-caption\">2025 noviembre 7 despedida Hermana Blandina rsa firenzuola spazio spadoni proyecto HIC SUM OPERA M pa\u00f1uelo 3<\/figcaption><\/figure>\n\n\n<figure class=\"wp-block-video video\"><video controls=\"\" src=\"https:\/\/spaziospadoni.org\/wp-content\/uploads\/2026\/05\/22-dicembre-2025-formazione-alle-sorelle-Malawi.mp4\"><\/video><figcaption class=\"wp-element-caption\">22 de diciembre de 2025 formaci\u00f3n para las hermanas de Malaui<\/figcaption><\/figure>\n\n<\/div>\n\n<\/div>\n\n<\/div>\n\n<\/div>\n\n","protected":false},"excerpt":{"rendered":"<p>Hermana Blandina &#8211; Dedza (Malaui) PROYECTO 48 de 72 MISI\u00d3N Lugar Dedza Di\u00f3cesis Dedza Pa\u00eds Malaui Continente \u00c1frica Coordenadas GPS -14.38197 34.32502 Huso horario UTC+2 CONGREGACI\u00d3N Congregaci\u00f3n Presentation of the Virgin Mary Sisters Casa Madre Dedza, Malaui Di\u00f3cesis Dedza Pa\u00eds Malaui Continente \u00c1frica Fiesta de la Congregaci\u00f3n 21 de noviembre Coordenadas GPS -14.37888 34.33407 Huso &#8230; <a title=\"Malaui &#8211; \u00c1frica | Proyecto #48 de 72\" class=\"read-more\" href=\"https:\/\/spaziospadoni.org\/es\/hic-sum\/malaui-africa-proyecto-48-de-72\/\" aria-label=\"Read more about Malaui &#8211; \u00c1frica | Proyecto #48 de 72\">Leer m\u00e1s<\/a><\/p>\n","protected":false},"author":102,"featured_media":0,"parent":63319,"menu_order":0,"comment_status":"closed","ping_status":"closed","template":"","meta":{"_sitemap_exclude":false,"_sitemap_priority":"","_sitemap_frequency":"","footnotes":""},"class_list":["post-66006","page","type-page","status-publish","infinite-scroll-item"],"yoast_head":"<!-- This site is optimized with the Yoast SEO plugin v28.4 - https:\/\/yoast.com\/product\/yoast-seo-wordpress\/ -->\n<title>Malaui - \u00c1frica | Proyecto #48 de 72 | Spazio Spadoni<\/title>\n<meta name=\"description\" content=\"Hermana Blandina - Dedza (Malaui) PROYECTO 48 de 72 MISI\u00d3N Lugar Dedza Di\u00f3cesis Dedza Pa\u00eds Malaui Continente \u00c1frica Coordenadas GPS -14.38197 34.32502\" \/>\n<meta name=\"robots\" content=\"index, follow, max-snippet:-1, max-image-preview:large, max-video-preview:-1\" \/>\n<link rel=\"canonical\" href=\"https:\/\/spaziospadoni.org\/es\/hic-sum\/malaui-africa-proyecto-48-de-72\/\" \/>\n<meta property=\"og:locale\" content=\"es_ES\" \/>\n<meta property=\"og:type\" content=\"article\" \/>\n<meta property=\"og:title\" content=\"Malaui - \u00c1frica | Proyecto #48 de 72 | Spazio Spadoni\" \/>\n<meta property=\"og:description\" content=\"Hermana Blandina - Dedza (Malaui) PROYECTO 48 de 72 MISI\u00d3N Lugar Dedza Di\u00f3cesis Dedza Pa\u00eds Malaui Continente \u00c1frica Coordenadas GPS -14.38197 34.32502\" \/>\n<meta property=\"og:url\" content=\"https:\/\/spaziospadoni.org\/es\/hic-sum\/malaui-africa-proyecto-48-de-72\/\" \/>\n<meta property=\"og:site_name\" content=\"spazio + spadoni\" \/>\n<meta property=\"article:publisher\" content=\"https:\/\/www.facebook.com\/SpazioSpadoni\/\" \/>\n<meta property=\"article:modified_time\" content=\"2026-07-21T14:11:06+00:00\" \/>\n<meta property=\"og:image\" content=\"https:\/\/spaziospadoni.org\/wp-content\/uploads\/2026\/05\/hicsum_23_malawi-spaziospadoni-2-scaled.png\" \/>\n<meta name=\"twitter:card\" content=\"summary_large_image\" \/>\n<meta name=\"twitter:label1\" content=\"Est. reading time\" \/>\n\t<meta name=\"twitter:data1\" content=\"19 minutes\" \/>\n<script type=\"application\/ld+json\" class=\"yoast-schema-graph\">{\"@context\":\"https:\\\/\\\/schema.org\",\"@graph\":[{\"@type\":\"WebPage\",\"@id\":\"https:\\\/\\\/spaziospadoni.org\\\/es\\\/hic-sum\\\/malaui-africa-proyecto-48-de-72\\\/\",\"url\":\"https:\\\/\\\/spaziospadoni.org\\\/es\\\/hic-sum\\\/malaui-africa-proyecto-48-de-72\\\/\",\"name\":\"Malaui - \u00c1frica | Proyecto #48 de 72 | Spazio Spadoni\",\"isPartOf\":{\"@id\":\"https:\\\/\\\/spaziospadoni.org\\\/es\\\/#website\"},\"primaryImageOfPage\":{\"@id\":\"https:\\\/\\\/spaziospadoni.org\\\/es\\\/hic-sum\\\/malaui-africa-proyecto-48-de-72\\\/#primaryimage\"},\"image\":{\"@id\":\"https:\\\/\\\/spaziospadoni.org\\\/es\\\/hic-sum\\\/malaui-africa-proyecto-48-de-72\\\/#primaryimage\"},\"thumbnailUrl\":\"https:\\\/\\\/spaziospadoni.org\\\/wp-content\\\/uploads\\\/2026\\\/05\\\/hicsum_23_malawi-spaziospadoni-2-scaled.png\",\"datePublished\":\"2026-05-15T13:55:58+00:00\",\"dateModified\":\"2026-07-21T14:11:06+00:00\",\"description\":\"Hermana Blandina - Dedza (Malaui) PROYECTO 48 de 72 MISI\u00d3N Lugar Dedza Di\u00f3cesis Dedza Pa\u00eds Malaui Continente \u00c1frica Coordenadas GPS -14.38197 34.32502\",\"breadcrumb\":{\"@id\":\"https:\\\/\\\/spaziospadoni.org\\\/es\\\/hic-sum\\\/malaui-africa-proyecto-48-de-72\\\/#breadcrumb\"},\"inLanguage\":\"es-ES\",\"potentialAction\":[{\"@type\":\"ReadAction\",\"target\":[\"https:\\\/\\\/spaziospadoni.org\\\/es\\\/hic-sum\\\/malaui-africa-proyecto-48-de-72\\\/\"]}]},{\"@type\":\"ImageObject\",\"inLanguage\":\"es-ES\",\"@id\":\"https:\\\/\\\/spaziospadoni.org\\\/es\\\/hic-sum\\\/malaui-africa-proyecto-48-de-72\\\/#primaryimage\",\"url\":\"https:\\\/\\\/spaziospadoni.org\\\/wp-content\\\/uploads\\\/2026\\\/05\\\/hicsum_23_malawi-spaziospadoni-2-scaled.png\",\"contentUrl\":\"https:\\\/\\\/spaziospadoni.org\\\/wp-content\\\/uploads\\\/2026\\\/05\\\/hicsum_23_malawi-spaziospadoni-2-scaled.png\"},{\"@type\":\"BreadcrumbList\",\"@id\":\"https:\\\/\\\/spaziospadoni.org\\\/es\\\/hic-sum\\\/malaui-africa-proyecto-48-de-72\\\/#breadcrumb\",\"itemListElement\":[{\"@type\":\"ListItem\",\"position\":1,\"name\":\"Home\",\"item\":\"https:\\\/\\\/spaziospadoni.org\\\/es\\\/\"},{\"@type\":\"ListItem\",\"position\":2,\"name\":\"Proyectos misioneros &#8211; Hic Sum\",\"item\":\"https:\\\/\\\/spaziospadoni.org\\\/es\\\/hic-sum\\\/\"},{\"@type\":\"ListItem\",\"position\":3,\"name\":\"Malaui &#8211; \u00c1frica | Proyecto #48 de 72\"}]},{\"@type\":\"WebSite\",\"@id\":\"https:\\\/\\\/spaziospadoni.org\\\/es\\\/#website\",\"url\":\"https:\\\/\\\/spaziospadoni.org\\\/es\\\/\",\"name\":\"spazio + spadoni\",\"description\":\"Generazione di misericordia e missione nel mondo\",\"publisher\":{\"@id\":\"https:\\\/\\\/spaziospadoni.org\\\/es\\\/#organization\"},\"alternateName\":\"spaziospadoni.org\",\"potentialAction\":[{\"@type\":\"SearchAction\",\"target\":{\"@type\":\"EntryPoint\",\"urlTemplate\":\"https:\\\/\\\/spaziospadoni.org\\\/es\\\/?s={search_term_string}\"},\"query-input\":{\"@type\":\"PropertyValueSpecification\",\"valueRequired\":true,\"valueName\":\"search_term_string\"}}],\"inLanguage\":\"es-ES\"},{\"@type\":\"Organization\",\"@id\":\"https:\\\/\\\/spaziospadoni.org\\\/es\\\/#organization\",\"name\":\"spazio + spadoni\",\"alternateName\":\"spaziospadoni.org\",\"url\":\"https:\\\/\\\/spaziospadoni.org\\\/es\\\/\",\"logo\":{\"@type\":\"ImageObject\",\"inLanguage\":\"es-ES\",\"@id\":\"https:\\\/\\\/spaziospadoni.org\\\/es\\\/#\\\/schema\\\/logo\\\/image\\\/\",\"url\":\"https:\\\/\\\/spaziospadoni.org\\\/wp-content\\\/uploads\\\/2026\\\/05\\\/spazio-spadoni-logo-100x100-1.webp\",\"contentUrl\":\"https:\\\/\\\/spaziospadoni.org\\\/wp-content\\\/uploads\\\/2026\\\/05\\\/spazio-spadoni-logo-100x100-1.webp\",\"width\":100,\"height\":100,\"caption\":\"spazio + spadoni\"},\"image\":{\"@id\":\"https:\\\/\\\/spaziospadoni.org\\\/es\\\/#\\\/schema\\\/logo\\\/image\\\/\"},\"sameAs\":[\"https:\\\/\\\/www.facebook.com\\\/SpazioSpadoni\\\/\",\"https:\\\/\\\/www.instagram.com\\\/spaziospadoni\\\/\",\"https:\\\/\\\/www.youtube.com\\\/@spaziospadoni\\\/playlists\"]}]}<\/script>\n<!-- \/ Yoast SEO plugin. -->","yoast_head_json":{"title":"Malaui - \u00c1frica | Proyecto #48 de 72 | Spazio Spadoni","description":"Hermana Blandina - Dedza (Malaui) PROYECTO 48 de 72 MISI\u00d3N Lugar Dedza Di\u00f3cesis Dedza Pa\u00eds Malaui Continente \u00c1frica Coordenadas GPS -14.38197 34.32502","robots":{"index":"index","follow":"follow","max-snippet":"max-snippet:-1","max-image-preview":"max-image-preview:large","max-video-preview":"max-video-preview:-1"},"canonical":"https:\/\/spaziospadoni.org\/es\/hic-sum\/malaui-africa-proyecto-48-de-72\/","og_locale":"es_ES","og_type":"article","og_title":"Malaui - \u00c1frica | Proyecto #48 de 72 | Spazio Spadoni","og_description":"Hermana Blandina - Dedza (Malaui) PROYECTO 48 de 72 MISI\u00d3N Lugar Dedza Di\u00f3cesis Dedza Pa\u00eds Malaui Continente \u00c1frica Coordenadas GPS -14.38197 34.32502","og_url":"https:\/\/spaziospadoni.org\/es\/hic-sum\/malaui-africa-proyecto-48-de-72\/","og_site_name":"spazio + spadoni","article_publisher":"https:\/\/www.facebook.com\/SpazioSpadoni\/","article_modified_time":"2026-07-21T14:11:06+00:00","og_image":[{"url":"https:\/\/spaziospadoni.org\/wp-content\/uploads\/2026\/05\/hicsum_23_malawi-spaziospadoni-2-scaled.png","type":"","width":"","height":""}],"twitter_card":"summary_large_image","twitter_misc":{"Est. reading time":"19 minutes"},"schema":{"@context":"https:\/\/schema.org","@graph":[{"@type":"WebPage","@id":"https:\/\/spaziospadoni.org\/es\/hic-sum\/malaui-africa-proyecto-48-de-72\/","url":"https:\/\/spaziospadoni.org\/es\/hic-sum\/malaui-africa-proyecto-48-de-72\/","name":"Malaui - \u00c1frica | Proyecto #48 de 72 | Spazio Spadoni","isPartOf":{"@id":"https:\/\/spaziospadoni.org\/es\/#website"},"primaryImageOfPage":{"@id":"https:\/\/spaziospadoni.org\/es\/hic-sum\/malaui-africa-proyecto-48-de-72\/#primaryimage"},"image":{"@id":"https:\/\/spaziospadoni.org\/es\/hic-sum\/malaui-africa-proyecto-48-de-72\/#primaryimage"},"thumbnailUrl":"https:\/\/spaziospadoni.org\/wp-content\/uploads\/2026\/05\/hicsum_23_malawi-spaziospadoni-2-scaled.png","datePublished":"2026-05-15T13:55:58+00:00","dateModified":"2026-07-21T14:11:06+00:00","description":"Hermana Blandina - Dedza (Malaui) PROYECTO 48 de 72 MISI\u00d3N Lugar Dedza Di\u00f3cesis Dedza Pa\u00eds Malaui Continente \u00c1frica Coordenadas GPS -14.38197 34.32502","breadcrumb":{"@id":"https:\/\/spaziospadoni.org\/es\/hic-sum\/malaui-africa-proyecto-48-de-72\/#breadcrumb"},"inLanguage":"es-ES","potentialAction":[{"@type":"ReadAction","target":["https:\/\/spaziospadoni.org\/es\/hic-sum\/malaui-africa-proyecto-48-de-72\/"]}]},{"@type":"ImageObject","inLanguage":"es-ES","@id":"https:\/\/spaziospadoni.org\/es\/hic-sum\/malaui-africa-proyecto-48-de-72\/#primaryimage","url":"https:\/\/spaziospadoni.org\/wp-content\/uploads\/2026\/05\/hicsum_23_malawi-spaziospadoni-2-scaled.png","contentUrl":"https:\/\/spaziospadoni.org\/wp-content\/uploads\/2026\/05\/hicsum_23_malawi-spaziospadoni-2-scaled.png"},{"@type":"BreadcrumbList","@id":"https:\/\/spaziospadoni.org\/es\/hic-sum\/malaui-africa-proyecto-48-de-72\/#breadcrumb","itemListElement":[{"@type":"ListItem","position":1,"name":"Home","item":"https:\/\/spaziospadoni.org\/es\/"},{"@type":"ListItem","position":2,"name":"Proyectos misioneros &#8211; Hic Sum","item":"https:\/\/spaziospadoni.org\/es\/hic-sum\/"},{"@type":"ListItem","position":3,"name":"Malaui &#8211; \u00c1frica | Proyecto #48 de 72"}]},{"@type":"WebSite","@id":"https:\/\/spaziospadoni.org\/es\/#website","url":"https:\/\/spaziospadoni.org\/es\/","name":"spazio + spadoni","description":"Generazione di misericordia e missione nel mondo","publisher":{"@id":"https:\/\/spaziospadoni.org\/es\/#organization"},"alternateName":"spaziospadoni.org","potentialAction":[{"@type":"SearchAction","target":{"@type":"EntryPoint","urlTemplate":"https:\/\/spaziospadoni.org\/es\/?s={search_term_string}"},"query-input":{"@type":"PropertyValueSpecification","valueRequired":true,"valueName":"search_term_string"}}],"inLanguage":"es-ES"},{"@type":"Organization","@id":"https:\/\/spaziospadoni.org\/es\/#organization","name":"spazio + spadoni","alternateName":"spaziospadoni.org","url":"https:\/\/spaziospadoni.org\/es\/","logo":{"@type":"ImageObject","inLanguage":"es-ES","@id":"https:\/\/spaziospadoni.org\/es\/#\/schema\/logo\/image\/","url":"https:\/\/spaziospadoni.org\/wp-content\/uploads\/2026\/05\/spazio-spadoni-logo-100x100-1.webp","contentUrl":"https:\/\/spaziospadoni.org\/wp-content\/uploads\/2026\/05\/spazio-spadoni-logo-100x100-1.webp","width":100,"height":100,"caption":"spazio + spadoni"},"image":{"@id":"https:\/\/spaziospadoni.org\/es\/#\/schema\/logo\/image\/"},"sameAs":["https:\/\/www.facebook.com\/SpazioSpadoni\/","https:\/\/www.instagram.com\/spaziospadoni\/","https:\/\/www.youtube.com\/@spaziospadoni\/playlists"]}]}},"_links":{"self":[{"href":"https:\/\/spaziospadoni.org\/es\/wp-json\/wp\/v2\/pages\/66006","targetHints":{"allow":["GET"]}}],"collection":[{"href":"https:\/\/spaziospadoni.org\/es\/wp-json\/wp\/v2\/pages"}],"about":[{"href":"https:\/\/spaziospadoni.org\/es\/wp-json\/wp\/v2\/types\/page"}],"author":[{"embeddable":true,"href":"https:\/\/spaziospadoni.org\/es\/wp-json\/wp\/v2\/users\/102"}],"replies":[{"embeddable":true,"href":"https:\/\/spaziospadoni.org\/es\/wp-json\/wp\/v2\/comments?post=66006"}],"version-history":[{"count":0,"href":"https:\/\/spaziospadoni.org\/es\/wp-json\/wp\/v2\/pages\/66006\/revisions"}],"up":[{"embeddable":true,"href":"https:\/\/spaziospadoni.org\/es\/wp-json\/wp\/v2\/pages\/63319"}],"wp:attachment":[{"href":"https:\/\/spaziospadoni.org\/es\/wp-json\/wp\/v2\/media?parent=66006"}],"curies":[{"name":"wp","href":"https:\/\/api.w.org\/{rel}","templated":true}]}}