{"id":66304,"date":"2026-05-15T15:14:15","date_gmt":"2026-05-15T14:14:15","guid":{"rendered":"https:\/\/spaziospadoni.org\/hic-sum\/nigeria-africa-progetto-47-di-72\/"},"modified":"2026-07-21T15:10:56","modified_gmt":"2026-07-21T14:10:56","slug":"nigeria-africa-proyecto-47-de-72","status":"publish","type":"page","link":"https:\/\/spaziospadoni.org\/es\/hic-sum\/nigeria-africa-proyecto-47-de-72\/","title":{"rendered":"Nigeria &#8211; \u00c1frica | Proyecto #47 de 72"},"content":{"rendered":"\n<div class=\"ss-project-hero-card\">\n<h2 id=\"hermana-theresa-imo-nigeria\" class=\"gb-text gb-text-62a95885\">Hermana Theresa &#8211; Imo (Nigeria)<\/h2>\n\n\n\n<div class=\"gb-element-f60f2409\">\n<div class=\"gb-element-90a85740 ss-project-sidebar\">\n<h2 id=\"proyecto-47-de-72\" class=\"gb-text ss-project-title\">PROYECTO 47 de 72<\/h2>\n\n\n\n<figure class=\"wp-block-image size-large\"><img decoding=\"async\" src=\"https:\/\/spaziospadoni.org\/wp-content\/uploads\/2026\/05\/hicsum_5_nigeria-spaziospadoni-scaled.png\" alt=\"HIC SUM 5 Nigeria spaziospadoni 400x277\"\/><\/figure>\n\n\n\n<div class=\"ss-project-table\">\n<div class=\"ss-table-section-title\">\n<h3 id=\"mision\" class=\"gb-text\">MISI\u00d3N<\/h3>\n<\/div>\n\n\n\n<div class=\"ss-table-row\">\n<p class=\"gb-text\">Lugar<\/p>\n\n\n\n<p class=\"gb-text\"><a href=\"https:\/\/www.google.it\/maps\/place\/Imo,+Nigeria\/@5.6341652,6.9775423,31897m\/data=!3m1!1e3!4m6!3m5!1s0x10428e19657129ff:0x9431a596167553d9!8m2!3d5.5720122!4d7.0588219!16zL20vMDJramoy?hl=it&#038;entry=ttu&#038;g_ep=EgoyMDI1MDgwNC4wIKXMDSoASAFQAw%3D%3D\" rel=\"noreferrer noopener\" target=\"_blank\" title=\"Imo\">Imo<\/a><\/p>\n<\/div>\n\n\n\n<div class=\"ss-table-row\">\n<p class=\"gb-text\">Di\u00f3cesis<\/p>\n\n\n\n<p class=\"gb-text\">Ahiara<\/p>\n<\/div>\n\n\n\n<div class=\"ss-table-row\">\n<p class=\"gb-text\">Pa\u00eds<\/p>\n\n\n\n<p class=\"gb-text\"><strong>Nigeria<\/strong><\/p>\n<\/div>\n\n\n\n<div class=\"ss-table-row\">\n<p class=\"gb-text\">Continente<\/p>\n\n\n\n<p class=\"gb-text\">\u00c1frica<\/p>\n<\/div>\n\n\n\n<div class=\"ss-table-row\">\n<p class=\"gb-text\">Coordenadas GPS<\/p>\n\n\n\n<p class=\"gb-text\">5.57118 7.006226<\/p>\n<\/div>\n\n\n\n<div class=\"ss-table-row\">\n<p class=\"gb-text\">Huso horario<\/p>\n\n\n\n<p class=\"gb-text\">UTC+1<\/p>\n<\/div>\n<\/div>\n\n\n\n<div class=\"ss-project-table\">\n<div class=\"ss-table-section-title\">\n<h3 id=\"congregacion\" class=\"gb-text\">CONGREGACI\u00d3N<\/h3>\n<\/div>\n\n\n\n<div class=\"ss-table-row\">\n<p class=\"gb-text\">Congregaci\u00f3n<\/p>\n\n\n\n<p class=\"gb-text\">Congregazione del Sacro Cuore di Ges\u00f9 di Ragusa<\/p>\n<\/div>\n\n\n\n<div class=\"ss-table-row\">\n<p class=\"gb-text\">Casa Madre<\/p>\n\n\n\n<p class=\"gb-text\">Roma<\/p>\n<\/div>\n\n\n\n<div class=\"ss-table-row\">\n<p class=\"gb-text\">Di\u00f3cesis<\/p>\n\n\n\n<p class=\"gb-text\">Roma<\/p>\n<\/div>\n\n\n\n<div class=\"ss-table-row\">\n<p class=\"gb-text\">Pa\u00eds<\/p>\n\n\n\n<p class=\"gb-text\">Italia<\/p>\n<\/div>\n\n\n\n<div class=\"ss-table-row\">\n<p class=\"gb-text\">Continente<\/p>\n\n\n\n<p class=\"gb-text\">Europa<\/p>\n<\/div>\n\n\n\n<div class=\"ss-table-row\">\n<p class=\"gb-text\">Fiesta de la Congregaci\u00f3n<\/p>\n\n\n\n<p class=\"gb-text\">09 de mayo<\/p>\n<\/div>\n\n\n\n<div class=\"ss-table-row\">\n<p class=\"gb-text\">Coordenadas GPS<\/p>\n\n\n\n<p class=\"gb-text\">42.00863 12.38072<\/p>\n<\/div>\n\n\n\n<div class=\"ss-table-row\">\n<p class=\"gb-text\">Huso horario<\/p>\n\n\n\n<p class=\"gb-text\">UTC+1<\/p>\n<\/div>\n\n\n\n<div class=\"ss-table-row\">\n<p class=\"gb-text\">Referente<\/p>\n\n\n\n<p class=\"gb-text\">Hermana Theresa<\/p>\n<\/div>\n\n\n\n<div class=\"ss-table-row\">\n<p class=\"gb-text\">Superiora General<\/p>\n\n\n\n<p class=\"gb-text\">Hermana Mayla Juri<\/p>\n<\/div>\n\n\n\n<div class=\"ss-table-row\">\n<p class=\"gb-text\">Sitio web<\/p>\n\n\n\n<p class=\"gb-text\"><a href=\"https:\/\/www.hhcj.it\/\" target=\"_blank\" rel=\"noreferrer noopener\" title=\"hhcj.it\">hhcj.it<\/a><\/p>\n<\/div>\n<\/div>\n\n\n\n<div class=\"ss-project-table\">\n<div class=\"ss-table-section-title\">\n<h3 id=\"entidad-de-formacion\" class=\"gb-text\">ENTIDAD DE FORMACI\u00d3N<\/h3>\n<\/div>\n\n\n\n<div class=\"ss-table-row\">\n<p class=\"gb-text\">Nombre<\/p>\n\n\n\n<p class=\"gb-text\">Misericordia di Adrano e Misericordia di Bompietro<\/p>\n<\/div>\n\n\n\n<div class=\"ss-table-row\">\n<p class=\"gb-text\">Lugar<\/p>\n\n\n\n<p class=\"gb-text\">Adrano (CT) Bompietro (PA)<\/p>\n<\/div>\n\n\n\n<div class=\"ss-table-row\">\n<p class=\"gb-text\">Pa\u00eds<\/p>\n\n\n\n<p class=\"gb-text\">Italia<\/p>\n<\/div>\n\n\n\n<div class=\"ss-table-row\">\n<p class=\"gb-text\">Continente<\/p>\n\n\n\n<p class=\"gb-text\">Europa<\/p>\n<\/div>\n\n\n\n<div class=\"ss-table-row\">\n<p class=\"gb-text\">Coordenadas GPS<\/p>\n\n\n\n<p class=\"gb-text\">37.67787 \/ 14.83608 37.74845 \/ 14.10126<\/p>\n<\/div>\n\n\n\n<div class=\"ss-table-row\">\n<p class=\"gb-text\">Huso horario<\/p>\n\n\n\n<p class=\"gb-text\">UTC+1<\/p>\n<\/div>\n\n\n\n<div class=\"ss-table-row\">\n<p class=\"gb-text\">Fecha de inicio<\/p>\n\n\n\n<p class=\"gb-text\">27\/02\/2025<\/p>\n<\/div>\n\n\n\n<div class=\"ss-table-row\">\n<p class=\"gb-text\">Fecha de finalizaci\u00f3n<\/p>\n\n\n\n<p class=\"gb-text\">30\/08\/2025<\/p>\n<\/div>\n\n\n\n<div class=\"ss-table-row\">\n<p class=\"gb-text\">Tutor<\/p>\n\n\n\n<p class=\"gb-text\">Pietro Branchina Mario Riggio<\/p>\n<\/div>\n<\/div>\n\n\n\n<div class=\"ss-project-table\">\n<div class=\"ss-table-section-title\">\n<h3 id=\"espacio-real\" class=\"gb-text\">ESPACIO REAL<\/h3>\n<\/div>\n\n\n\n<div class=\"ss-table-row\">\n<p class=\"gb-text\">Responsable del proyecto<\/p>\n\n\n\n<p class=\"gb-text\">Hermana Theresa<\/p>\n<\/div>\n\n\n\n<div class=\"ss-table-row\">\n<p class=\"gb-text\">Fecha de inicio<\/p>\n\n\n\n<p class=\"gb-text\"><\/p>\n<\/div>\n\n\n\n<div class=\"ss-table-row\">\n<p class=\"gb-text\">Tipolog\u00eda<\/p>\n\n\n\n<p class=\"gb-text\"><strong>Pan de Misericordia<\/strong><\/p>\n<\/div>\n<\/div>\n\n\n<\/div>\n<\/div>\n\n\n\n<div class=\"gb-element-6ad95ea8\">\n<div class=\"gb-element-e34063a6 ss-project-intro\"><div class=\"wp-block-image imgText\">\n<figure class=\"alignleft size-full is-resized\"><img decoding=\"async\" alt=\"Hermana Theresa - Nigeria\" src=\"https:\/\/spaziospadoni.org\/wp-content\/uploads\/2026\/05\/Suor-Theresa-150x150.jpg\" style=\"width:150px;height:auto\"\/><figcaption class=\"wp-element-caption\">Pan de Misericordia<\/figcaption><\/figure>\n<\/div>\n\n\n<p class=\"wp-block-paragraph\"><strong>La comunidad de la hermana Theresa, y por tanto el lugar donde tambi\u00e9n se desarrollar\u00e1 la empresa social, se encuentra en Imo, en la di\u00f3cesis de Ahiara, Nigeria. Es un territorio marcado por una gran inestabilidad que tambi\u00e9n repercute en los sacerdotes, las religiosas y sus actividades. <\/strong> <strong>Sin embargo, con la esperanza de apoyar a la comunidad y ayudar a la poblaci\u00f3n local, la hermana Theresa y su Congregaci\u00f3n presentaron a spazio + spadoni tres proyectos: cr\u00eda de pollos, cr\u00eda de cerdos y piscicultura. <\/strong> <strong>Tras una detenida reflexi\u00f3n sobre la viabilidad de los proyectos, se decidi\u00f3 desarrollar una granja porcina. Por el momento, la empresa a\u00fan no ha comenzado; los plazos se han alargado un poco debido a una reorganizaci\u00f3n interna de la Congregaci\u00f3n.<\/strong> La hermana Theresa pertenece a las Suore del Sacro Cuore di Ges\u00f9 di Ragusa, con las que spazio + spadoni inici\u00f3 una colaboraci\u00f3n en mayo de 2023, que continu\u00f3 en la primavera de 2024 con la llegada de dos hermanas para un proyecto en Madagascar. La hermana Theresa lleg\u00f3 a Italia desde Nigeria en febrero de 2025 y fue acogida primero por Misericordia di Adrano, la misma que hab\u00eda hospedado a las hermanas de Madagascar, y despu\u00e9s por Misericordia di Bompietro. La experiencia en Italia fue enriquecedora no solo desde el punto de vista formativo, sino tambi\u00e9n en cuanto a las relaciones humanas, v\u00ednculos que se crearon y que siguen vivos a pesar de la distancia.<\/p>\n\n\n\n<p class=\"wp-block-paragraph\">El 24 de junio de 2025 se firm\u00f3 un acuerdo entre spazio + spadoni y el obispo de la di\u00f3cesis de Ahiara, Mons. Simeon Okezuo Nwobi, para crear una sede de OPERA M en la propia di\u00f3cesis y desarrollar as\u00ed una actividad estructurada destinada a difundir las Obras de Misericordia.<\/p>\n\n\n\n<p class=\"wp-block-paragraph\"><strong>M\u00e1s informaci\u00f3n<\/strong> <a href=\"https:\/\/spaziospadoni.org\/spazio-missionario\/hic-sum\/un-unico-cuore-nel-cuore-di-gesu-per-le-opere-di-misericordia\/\" rel=\"noreferrer noopener\" target=\"_blank\" title=\"\u00abUn solo coraz\u00f3n en el Coraz\u00f3n de Jes\u00fas\u00bb por las Obras de Misericordia\">\u00abUn solo coraz\u00f3n en el Coraz\u00f3n de Jes\u00fas\u00bb por las Obras de Misericordia<\/a> <a href=\"https:\/\/spaziospadoni.org\/spazio-missionario\/notizie-dal-mondo\/la-crisi-dei-rapimenti-in-nigeria\/\" rel=\"noreferrer noopener\" target=\"_blank\" title=\"La crisis de los secuestros en Nigeria: un duro golpe para la misi\u00f3n y la misericordia\">La crisis de los secuestros en Nigeria: un duro golpe para la misi\u00f3n y la misericordia<\/a><\/p>\n\n<\/div>\n<\/div>\n\n\n\n\n<div>\n\n<h2 id=\"cronologia\" class=\"gb-text gb-text-8179e40a\">Cronolog\u00eda<\/h2>\n\n\n\n\n\n<div class=\"ss-timeline\">\n\n<h3 id=\"2023\" class=\"gb-text\">2023<\/h3>\n\n\n\n\n\n<div class=\"ss-timeline-item\">\n\n<h4 id=\"mayo-inicio-de-la-relacion-con-la-congregacion\" class=\"gb-text\">Mayo | Inicio de la relaci\u00f3n con la Congregaci\u00f3n<\/h4>\n\n\n\n\n<p class=\"wp-block-paragraph\">Se establece la relaci\u00f3n entre la Congregazione delle Suore del Sacro Cuore di Ragusa y spazio + spadoni<\/p>\n\n\n<\/div>\n\n\n<\/div>\n\n\n\n\n<div class=\"ss-timeline\">\n\n<h3 id=\"2025\" class=\"gb-text\">2025<\/h3>\n\n\n\n\n\n<div class=\"ss-timeline-item\">\n\n<h4 id=\"2702-llegada-de-la-hermana\" class=\"gb-text\">27.02 | Llegada de la hermana<\/h4>\n\n\n\n\n<p class=\"wp-block-paragraph\">La hermana Theresa llega a Italia desde Nigeria, acogida por Misericordia di Adrano y Misericordia di Bompietro<\/p>\n\n\n\n<figure class=\"wp-block-gallery has-nested-images columns-1 is-cropped ss-lightbox wp-block-gallery-1 is-layout-flex wp-block-gallery-is-layout-flex\">\n\n<figure class=\"wp-block-image size-large\"><img decoding=\"async\" src=\"https:\/\/spaziospadoni.org\/wp-content\/uploads\/2026\/05\/2025_febbraio_27_suor_theresa_arrivo_italia_nigeria_progetto_hic_sum_spazio_spadoni-1-150x150.jpg\" alt=\"2025 febrero 27 Hermana Theresa llegada Italia Nigeria proyecto HIC SUM spazio spadoni 1 150x150\"\/><figcaption class=\"wp-element-caption\">27.02 | Llegada de la hermana<\/figcaption><\/figure>\n\n\n<figure class=\"wp-block-image size-large\"><img decoding=\"async\" src=\"https:\/\/spaziospadoni.org\/wp-content\/uploads\/2026\/05\/2025_febbraio_27_suor_theresa_arrivo_italia_nigeria_progetto_hic_sum_spazio_spadoni-5-150x150.jpg\" alt=\"2025 febrero 27 Hermana Theresa llegada Italia Nigeria proyecto HIC SUM spazio spadoni 5 150x150\"\/><figcaption class=\"wp-element-caption\">27.02 | Llegada de la hermana<\/figcaption><\/figure>\n\n<\/figure>\n\n\n<\/div>\n\n\n\n\n<div class=\"ss-timeline-item\">\n\n<h4 id=\"0203-misa-de-presentacion\" class=\"gb-text\">02.03 | Misa de presentaci\u00f3n<\/h4>\n\n\n\n\n<p class=\"wp-block-paragraph\">La hermana Theresa es presentada a la comunidad durante una misa<\/p>\n\n\n\n<figure class=\"wp-block-gallery has-nested-images columns-1 is-cropped ss-lightbox wp-block-gallery-2 is-layout-flex wp-block-gallery-is-layout-flex\">\n\n<figure class=\"wp-block-image size-large\"><img decoding=\"async\" src=\"https:\/\/spaziospadoni.org\/wp-content\/uploads\/2026\/05\/2025_marzo_2_santa_messa_accoglienza_suor_theresa_spazio_spadoni_progetto_hic_sum-9-150x150.jpg\" alt=\"2025 marzo 2 misa acogida Hermana Theresa spazio spadoni proyecto HIC SUM 9 150x150\"\/><figcaption class=\"wp-element-caption\">02.03 | Misa de presentaci\u00f3n<\/figcaption><\/figure>\n\n<\/figure>\n\n\n<\/div>\n\n\n\n\n<div class=\"ss-timeline-item\">\n\n<h4 id=\"marzo-formacion\" class=\"gb-text\">Marzo | Formaci\u00f3n<\/h4>\n\n\n\n\n<p class=\"wp-block-paragraph\">La hermana Theresa realiza un curso de primeros auxilios<\/p>\n\n\n<\/div>\n\n\n\n\n<div class=\"ss-timeline-item\">\n\n<h4 id=\"2204-llegada-a-misericordia-di-bompietro\" class=\"gb-text\">22.04| Llegada a Misericordia di Bompietro<\/h4>\n\n\n\n\n<p class=\"wp-block-paragraph\">La hermana Theresa es acogida en Misericordia di Bompietro, donde realizar\u00e1 un periodo de formaci\u00f3n<\/p>\n\n\n\n<figure class=\"wp-block-gallery has-nested-images columns-1 is-cropped ss-lightbox wp-block-gallery-3 is-layout-flex wp-block-gallery-is-layout-flex\">\n\n<figure class=\"wp-block-image size-large\"><img decoding=\"async\" src=\"https:\/\/spaziospadoni.org\/wp-content\/uploads\/2026\/05\/2025_aprile_22_misericordia_bompietro_arrivo_suor_theresa_spazio_spadoni_progetto_hic_sum-1-150x150.jpg\" alt=\"2025 abril 22 misericordia bompietro llegada Hermana Theresa spazio spadoni proyecto HIC SUM 1 150x150\"\/><figcaption class=\"wp-element-caption\">22.04| Llegada a Misericordia di Bompietro<\/figcaption><\/figure>\n\n<\/figure>\n\n\n<\/div>\n\n\n\n\n<div class=\"ss-timeline-item\">\n\n<h4 id=\"2804-formacion\" class=\"gb-text\">28.04 | Formaci\u00f3n<\/h4>\n\n\n\n\n<p class=\"wp-block-paragraph\">La hermana Theresa es acompa\u00f1ada a una queser\u00eda para aprender el orde\u00f1o y la transformaci\u00f3n de la leche<\/p>\n\n\n\n<figure class=\"wp-block-gallery has-nested-images columns-1 is-cropped ss-lightbox wp-block-gallery-4 is-layout-flex wp-block-gallery-is-layout-flex\">\n\n<figure class=\"wp-block-image size-large\"><img decoding=\"async\" src=\"https:\/\/spaziospadoni.org\/wp-content\/uploads\/2026\/05\/2025_aprile_28_suor_theresa_formazione_mungitura_spazio_spadoni_hic_sum-7-150x150.jpg\" alt=\"2025 abril 28 Hermana Theresa formaci\u00f3n orde\u00f1o spazio spadoni HIC SUM 7 150x150\"\/><figcaption class=\"wp-element-caption\">28.04 | Formaci\u00f3n<\/figcaption><\/figure>\n\n<\/figure>\n\n\n<\/div>\n\n\n\n\n<div class=\"ss-timeline-item\">\n\n<h4 id=\"mayo-formacion\" class=\"gb-text\">Mayo | Formaci\u00f3n<\/h4>\n\n\n\n\n<p class=\"wp-block-paragraph\">La hermana Theresa realiza una formaci\u00f3n en una granja porcina<\/p>\n\n\n<\/div>\n\n\n\n\n<div class=\"ss-timeline-item\">\n\n<h4 id=\"1506-fiesta-de-despedida\" class=\"gb-text\">15.06 | Fiesta de despedida<\/h4>\n\n\n\n\n<p class=\"wp-block-paragraph\">Misericordia di Adrano y Misericordia di Bompietro organizan una fiesta para despedir a la hermana Theresa y permitirle despedirse de la comunidad<\/p>\n\n\n\n<figure class=\"wp-block-gallery has-nested-images columns-1 is-cropped ss-lightbox wp-block-gallery-5 is-layout-flex wp-block-gallery-is-layout-flex\">\n\n<figure class=\"wp-block-image size-large\"><img decoding=\"async\" src=\"https:\/\/spaziospadoni.org\/wp-content\/uploads\/2026\/05\/giugno_2025_festa_saluto_ringraziamento_suor_theresa_hic_sum_spazio_spadoni_misericordia_adrano_bompietro_sicilia-13-150x150.jpg\" alt=\"junio 2025 fiesta de despedida agradecimiento Hermana Theresa HIC SUM spazio spadoni misericordia adrano bompietro Sicilia 13 150x150\"\/><figcaption class=\"wp-element-caption\">15.06 | Fiesta de despedida<\/figcaption><\/figure>\n\n\n<figure class=\"wp-block-image size-large\"><img decoding=\"async\" src=\"https:\/\/spaziospadoni.org\/wp-content\/uploads\/2026\/05\/giugno_2025_festa_saluto_ringraziamento_suor_theresa_hic_sum_spazio_spadoni_misericordia_adrano_bompietro_sicilia-12-150x150.jpg\" alt=\"junio 2025 fiesta de despedida agradecimiento Hermana Theresa HIC SUM spazio spadoni misericordia adrano bompietro Sicilia 12 150x150\"\/><figcaption class=\"wp-element-caption\">15.06 | Fiesta de despedida<\/figcaption><\/figure>\n\n<\/figure>\n\n\n<\/div>\n\n\n\n\n<div class=\"ss-timeline-item\">\n\n<h4 id=\"1806-salida-de-la-hermana\" class=\"gb-text\">18.06 | Salida de la hermana<\/h4>\n\n\n\n\n<p class=\"wp-block-paragraph\">La hermana Theresa deja Sicilia para regresar a Nigeria<\/p>\n\n\n<\/div>\n\n\n\n\n<div class=\"ss-timeline-item\">\n\n<h4 id=\"2406-acuerdo-con-la-diocesis-de-ahiara\" class=\"gb-text\">24.06| Acuerdo con la di\u00f3cesis de Ahiara<\/h4>\n\n\n\n\n<p class=\"wp-block-paragraph\">Luigi Spadoni se re\u00fane en Roma con Mons. Simeon Okezuo Nwobi, obispo de Ahiara, y firman un acuerdo para crear una sede de OPERA M de spazio + spadoni en la di\u00f3cesis<\/p>\n\n\n<\/div>\n\n\n\n\n<div class=\"ss-timeline-item\">\n\n<h4 id=\"0208-spazio-spadoni-participa-en-el-capitulo-general\" class=\"gb-text\">02.08 | spazio + spadoni participa en el Cap\u00edtulo General<\/h4>\n\n\n\n\n<p class=\"wp-block-paragraph\">Luigi Spadoni es invitado especial a la Asamblea del Cap\u00edtulo General de las Suore del Sacro Cuore di Ragusa para profundizar en HIC SUM y OPERA M<\/p>\n\n\n\n<figure class=\"wp-block-gallery has-nested-images columns-1 is-cropped ss-lightbox wp-block-gallery-6 is-layout-flex wp-block-gallery-is-layout-flex\">\n\n<figure class=\"wp-block-image size-large\"><img decoding=\"async\" src=\"https:\/\/spaziospadoni.org\/wp-content\/uploads\/2026\/05\/2025_agosto_2_spazio_spadoni_capitolo_generale_suore_sacro_cuore_ragusa_madagascar_esther_hic_su-14-150x150.jpg\" alt=\"2025 agosto 2 spazio spadoni capitolo generale suore sacro cuore ragusa madagascar esther HIC SUM 14 150x150\"\/><figcaption class=\"wp-element-caption\">02.08 | spazio + spadoni participa en el Cap\u00edtulo General<\/figcaption><\/figure>\n\n\n<figure class=\"wp-block-image size-large\"><img decoding=\"async\" src=\"https:\/\/spaziospadoni.org\/wp-content\/uploads\/2026\/05\/2025_agosto_2_spazio_spadoni_capitolo_generale_suore_sacro_cuore_ragusa_madagascar_esther_hic_su-15-150x150.jpg\" alt=\"2025 agosto 2 spazio spadoni capitolo generale suore sacro cuore ragusa madagascar esther HIC SUM 15 150x150\"\/><figcaption class=\"wp-element-caption\">02.08 | spazio + spadoni participa en el Cap\u00edtulo General<\/figcaption><\/figure>\n\n<\/figure>\n\n\n<\/div>\n\n\n\n\n<div class=\"ss-timeline-item\">\n\n<h4 id=\"1712-suspension-del-proyecto\" class=\"gb-text\">17.12 | Suspensi\u00f3n del proyecto<\/h4>\n\n\n\n\n<p class=\"wp-block-paragraph\">La reci\u00e9n elegida Superiora General ha decidido suspender el proyecto; spazio + spadoni permanece disponible y abierto a una futura colaboraci\u00f3n.<\/p>\n\n\n<\/div>\n\n\n<\/div>\n\n\n\n\n<div class=\"ss-timeline\">\n\n<h3 id=\"evaluaciones-del-proyecto\" class=\"gb-text\">Evaluaciones del Proyecto<\/h3>\n\n\n\n\n\n<div class=\"ss-timeline-item\">\n\n<h4 id=\"marzo-de-2025-se-evalua-que-proyecto-se-podria\" class=\"gb-text\">Marzo de 2025 Se eval\u00faa qu\u00e9 proyecto se podr\u00eda<\/h4>\n\n\n\n\n<p class=\"wp-block-paragraph\">desarrollar en el territorio nigeriano<\/p>\n\n\n<\/div>\n\n\n\n\n<div class=\"ss-timeline-item\">\n\n<h4 id=\"agosto-de-2025-los-proyectos-presentados-son\" class=\"gb-text\">Agosto de 2025 Los proyectos presentados son<\/h4>\n\n\n\n\n<p class=\"wp-block-paragraph\">3<\/p>\n\n\n<\/div>\n\n\n<\/div>\n\n\n<\/div>\n\n\n\n<div class=\"ss-project-media\">\n<h2 id=\"fotos-y-videos\" class=\"gb-text gb-text-d7bd8be8\">Fotos y v\u00eddeos<\/h2>\n\n\n<div class=\"ss-media-filters\">\n\n<a class=\"gb-text ss-media-filter active\" data-filter=\"*\" title=\"Todo\">Todo<\/a>\n\n\n<a class=\"gb-text ss-media-filter\" data-filter=\".formazione\" title=\"Formaci\u00f3n\">Formaci\u00f3n<\/a>\n\n\n<a class=\"gb-text ss-media-filter\" data-filter=\".video\" title=\"V\u00eddeo\">V\u00eddeo<\/a>\n\n<\/div>\n\n\n<div class=\"ss-media-grid\">\n<div>\n<figure class=\"wp-block-gallery has-nested-images columns-1 is-cropped ss-lightbox wp-block-gallery-7 is-layout-flex wp-block-gallery-is-layout-flex\">\n\n<figure class=\"wp-block-image size-large formazione\"><img decoding=\"async\" alt=\"2025 febrero 27 llegada Hermana Theresa proyecto HIC SUM spazio spadoni 2 300x169\" src=\"https:\/\/spaziospadoni.org\/wp-content\/uploads\/2026\/05\/2025_febbraio_27_arrivo_suor_theresa_progetto_hic_sum_spazio_spadoni-2-300x169.jpg\"\/><\/figure>\n\n\n<figure class=\"wp-block-image size-large formazione\"><img decoding=\"async\" alt=\"2025 febrero 27 llegada Hermana Theresa proyecto HIC SUM spazio spadoni 1 300x169\" src=\"https:\/\/spaziospadoni.org\/wp-content\/uploads\/2026\/05\/2025_febbraio_27_arrivo_suor_theresa_progetto_hic_sum_spazio_spadoni-1-300x169.jpg\"\/><\/figure>\n\n\n<figure class=\"wp-block-image size-large formazione\"><img decoding=\"async\" alt=\"2025 febrero 27 llegada Hermana Theresa proyecto HIC SUM spazio spadoni 3 300x169\" src=\"https:\/\/spaziospadoni.org\/wp-content\/uploads\/2026\/05\/2025_febbraio_27_arrivo_suor_theresa_progetto_hic_sum_spazio_spadoni-3-300x169.jpg\"\/><\/figure>\n\n\n<figure class=\"wp-block-image size-large formazione\"><img decoding=\"async\" alt=\"2025 marzo 2 misa acogida Hermana Theresa spazio spadoni proyecto HIC SUM 10 300x169\" src=\"https:\/\/spaziospadoni.org\/wp-content\/uploads\/2026\/05\/2025_marzo_2_santa_messa_accoglienza_suor_theresa_spazio_spadoni_progetto_hic_sum-10-300x169.jpg\"\/><\/figure>\n\n\n<figure class=\"wp-block-image size-large formazione\"><img decoding=\"async\" alt=\"2025 marzo 2 misa acogida Hermana Theresa spazio spadoni proyecto HIC SUM 9 300x169\" src=\"https:\/\/spaziospadoni.org\/wp-content\/uploads\/2026\/05\/2025_marzo_2_santa_messa_accoglienza_suor_theresa_spazio_spadoni_progetto_hic_sum-9-300x169.jpg\"\/><\/figure>\n\n\n<figure class=\"wp-block-image size-large formazione\"><img decoding=\"async\" alt=\"2025 marzo 2 misa acogida Hermana Theresa spazio spadoni proyecto HIC SUM 2 300x169\" src=\"https:\/\/spaziospadoni.org\/wp-content\/uploads\/2026\/05\/2025_marzo_2_santa_messa_accoglienza_suor_theresa_spazio_spadoni_progetto_hic_sum-2-300x169.jpg\"\/><\/figure>\n\n\n<figure class=\"wp-block-image size-large formazione\"><img decoding=\"async\" alt=\"2025 marzo 2 misa acogida Hermana Theresa spazio spadoni proyecto HIC SUM 3 300x169\" src=\"https:\/\/spaziospadoni.org\/wp-content\/uploads\/2026\/05\/2025_marzo_2_santa_messa_accoglienza_suor_theresa_spazio_spadoni_progetto_hic_sum-3-300x169.jpg\"\/><\/figure>\n\n\n<figure class=\"wp-block-image size-large formazione\"><img decoding=\"async\" alt=\"2025 marzo 2 misa acogida Hermana Theresa spazio spadoni proyecto HIC SUM 5 169x300\" src=\"https:\/\/spaziospadoni.org\/wp-content\/uploads\/2026\/05\/2025_marzo_2_santa_messa_accoglienza_suor_theresa_spazio_spadoni_progetto_hic_sum-5-169x300.jpg\"\/><\/figure>\n\n\n<figure class=\"wp-block-image size-large formazione\"><img decoding=\"async\" alt=\"2025 marzo 2 misa acogida Hermana Theresa spazio spadoni proyecto HIC SUM 4 169x300\" src=\"https:\/\/spaziospadoni.org\/wp-content\/uploads\/2026\/05\/2025_marzo_2_santa_messa_accoglienza_suor_theresa_spazio_spadoni_progetto_hic_sum-4-169x300.jpg\"\/><\/figure>\n\n\n<figure class=\"wp-block-image size-large formazione\"><img decoding=\"async\" alt=\"2025 marzo 2 misa acogida Hermana Theresa spazio spadoni proyecto HIC SUM 8 300x169\" src=\"https:\/\/spaziospadoni.org\/wp-content\/uploads\/2026\/05\/2025_marzo_2_santa_messa_accoglienza_suor_theresa_spazio_spadoni_progetto_hic_sum-8-300x169.jpg\"\/><\/figure>\n\n\n<figure class=\"wp-block-image size-large formazione\"><img decoding=\"async\" alt=\"2025 marzo 2 misa acogida Hermana Theresa spazio spadoni proyecto HIC SUM 7 300x169\" src=\"https:\/\/spaziospadoni.org\/wp-content\/uploads\/2026\/05\/2025_marzo_2_santa_messa_accoglienza_suor_theresa_spazio_spadoni_progetto_hic_sum-7-300x169.jpg\"\/><\/figure>\n\n\n<figure class=\"wp-block-image size-large formazione\"><img decoding=\"async\" alt=\"2025 marzo 2 misa acogida Hermana Theresa spazio spadoni proyecto HIC SUM 6 300x169\" src=\"https:\/\/spaziospadoni.org\/wp-content\/uploads\/2026\/05\/2025_marzo_2_santa_messa_accoglienza_suor_theresa_spazio_spadoni_progetto_hic_sum-6-300x169.jpg\"\/><\/figure>\n\n\n<figure class=\"wp-block-image size-large formazione\"><img decoding=\"async\" alt=\"2025 abril 22 misericordia bompietro llegada Hermana Theresa spazio spadoni proyecto HIC SUM 1 300x169\" src=\"https:\/\/spaziospadoni.org\/wp-content\/uploads\/2026\/05\/2025_aprile_22_misericordia_bompietro_arrivo_suor_theresa_spazio_spadoni_progetto_hic_sum-1-300x169.jpg\"\/><\/figure>\n\n\n<figure class=\"wp-block-image size-large formazione\"><img decoding=\"async\" alt=\"2025 abril 22 misericordia bompietro llegada Hermana Theresa spazio spadoni proyecto HIC SUM 3 300x169\" src=\"https:\/\/spaziospadoni.org\/wp-content\/uploads\/2026\/05\/2025_aprile_22_misericordia_bompietro_arrivo_suor_theresa_spazio_spadoni_progetto_hic_sum-3-300x169.jpg\"\/><\/figure>\n\n\n<figure class=\"wp-block-image size-large formazione\"><img decoding=\"async\" alt=\"2025 abril 28 Hermana Theresa formaci\u00f3n orde\u00f1o spazio spadoni HIC SUM 5 169x300\" src=\"https:\/\/spaziospadoni.org\/wp-content\/uploads\/2026\/05\/2025_aprile_28_suor_theresa_formazione_mungitura_spazio_spadoni_hic_sum-5-169x300.jpg\"\/><\/figure>\n\n\n<figure class=\"wp-block-image size-large formazione\"><img decoding=\"async\" alt=\"2025 abril 28 Hermana Theresa formaci\u00f3n orde\u00f1o spazio spadoni HIC SUM 7 169x300\" src=\"https:\/\/spaziospadoni.org\/wp-content\/uploads\/2026\/05\/2025_aprile_28_suor_theresa_formazione_mungitura_spazio_spadoni_hic_sum-7-169x300.jpg\"\/><\/figure>\n\n\n<figure class=\"wp-block-image size-large formazione\"><img decoding=\"async\" alt=\"2025 abril 28 Hermana Theresa formaci\u00f3n orde\u00f1o spazio spadoni HIC SUM 1 225x300\" src=\"https:\/\/spaziospadoni.org\/wp-content\/uploads\/2026\/05\/2025_aprile_28_suor_theresa_formazione_mungitura_spazio_spadoni_hic_sum-1-225x300.jpg\"\/><\/figure>\n\n\n<figure class=\"wp-block-image size-large formazione\"><img decoding=\"async\" alt=\"2025 abril 28 Hermana Theresa formaci\u00f3n orde\u00f1o spazio spadoni HIC SUM 4 169x300\" src=\"https:\/\/spaziospadoni.org\/wp-content\/uploads\/2026\/05\/2025_aprile_28_suor_theresa_formazione_mungitura_spazio_spadoni_hic_sum-4-169x300.jpg\"\/><\/figure>\n\n\n<figure class=\"wp-block-image size-large formazione\"><img decoding=\"async\" alt=\"2025 febrero 28 fiesta de Carnaval Hermana Theresa spazio spadoni proyecto HIC SUM 6 300x225\" src=\"https:\/\/spaziospadoni.org\/wp-content\/uploads\/2026\/05\/2025_febbraio_28_festa_carnevale_suor_theresa_spazio_spadoni_progetto_hic_sum-6-300x225.jpg\"\/><\/figure>\n\n\n<figure class=\"wp-block-image size-large formazione\"><img decoding=\"async\" alt=\"2025 febrero 28 fiesta de Carnaval Hermana Theresa spazio spadoni proyecto HIC SUM 1 169x300\" src=\"https:\/\/spaziospadoni.org\/wp-content\/uploads\/2026\/05\/2025_febbraio_28_festa_carnevale_suor_theresa_spazio_spadoni_progetto_hic_sum-1-169x300.jpg\"\/><\/figure>\n\n\n<figure class=\"wp-block-image size-large formazione\"><img decoding=\"async\" alt=\"2025 febrero 28 fiesta de Carnaval Hermana Theresa spazio spadoni proyecto HIC SUM 2 300x135\" src=\"https:\/\/spaziospadoni.org\/wp-content\/uploads\/2026\/05\/2025_febbraio_28_festa_carnevale_suor_theresa_spazio_spadoni_progetto_hic_sum-2-300x135.jpg\"\/><\/figure>\n\n\n<figure class=\"wp-block-image size-large formazione\"><img decoding=\"async\" alt=\"2025 febrero 28 fiesta de Carnaval Hermana Theresa spazio spadoni proyecto HIC SUM 3 300x135\" src=\"https:\/\/spaziospadoni.org\/wp-content\/uploads\/2026\/05\/2025_febbraio_28_festa_carnevale_suor_theresa_spazio_spadoni_progetto_hic_sum-3-300x135.jpg\"\/><\/figure>\n\n\n<figure class=\"wp-block-image size-large formazione\"><img decoding=\"async\" alt=\"2025 febrero 28 fiesta de Carnaval Hermana Theresa spazio spadoni proyecto HIC SUM 4 135x300\" src=\"https:\/\/spaziospadoni.org\/wp-content\/uploads\/2026\/05\/2025_febbraio_28_festa_carnevale_suor_theresa_spazio_spadoni_progetto_hic_sum-4-135x300.jpg\"\/><\/figure>\n\n\n<figure class=\"wp-block-image size-large formazione\"><img decoding=\"async\" alt=\"2025 febrero 28 fiesta de Carnaval Hermana Theresa spazio spadoni proyecto HIC SUM 5 135x300\" src=\"https:\/\/spaziospadoni.org\/wp-content\/uploads\/2026\/05\/2025_febbraio_28_festa_carnevale_suor_theresa_spazio_spadoni_progetto_hic_sum-5-135x300.jpg\"\/><\/figure>\n\n\n<figure class=\"wp-block-image size-large formazione\"><img decoding=\"async\" alt=\"2025 marzo formaci\u00f3n primeros auxilios Hermana Theresa spazio spadoni proyecto HIC SUM 3 300x169\" src=\"https:\/\/spaziospadoni.org\/wp-content\/uploads\/2026\/05\/2025_marzo_formazione_primo_soccorso_suor_theresa_spazio_spadoni_progetto_hic_sum-3-300x169.jpg\"\/><\/figure>\n\n\n<figure class=\"wp-block-image size-large formazione\"><img decoding=\"async\" alt=\"2025 marzo formaci\u00f3n primeros auxilios Hermana Theresa spazio spadoni proyecto HIC SUM 1 169x300\" src=\"https:\/\/spaziospadoni.org\/wp-content\/uploads\/2026\/05\/2025_marzo_formazione_primo_soccorso_suor_theresa_spazio_spadoni_progetto_hic_sum-1-169x300.jpg\"\/><\/figure>\n\n\n<figure class=\"wp-block-image size-large formazione\"><img decoding=\"async\" alt=\"2025 marzo formaci\u00f3n primeros auxilios Hermana Theresa spazio spadoni proyecto HIC SUM 2 300x169\" src=\"https:\/\/spaziospadoni.org\/wp-content\/uploads\/2026\/05\/2025_marzo_formazione_primo_soccorso_suor_theresa_spazio_spadoni_progetto_hic_sum-2-300x169.jpg\"\/><\/figure>\n\n\n<figure class=\"wp-block-image size-large formazione\"><img decoding=\"async\" alt=\"2025 mayo Hermana Theresa spazio spadoni proyecto HIC SUM 1 225x300\" src=\"https:\/\/spaziospadoni.org\/wp-content\/uploads\/2026\/05\/2025_maggio_suor_theresa_spazio_spadoni_progetto_hic_sum-1-225x300.jpg\"\/><\/figure>\n\n\n<figure class=\"wp-block-image size-large formazione\"><img decoding=\"async\" alt=\"2025 mayo Hermana Theresa spazio spadoni proyecto HIC SUM 12 225x300\" src=\"https:\/\/spaziospadoni.org\/wp-content\/uploads\/2026\/05\/2025_maggio_suor_theresa_spazio_spadoni_progetto_hic_sum-12-225x300.jpg\"\/><\/figure>\n\n\n<figure class=\"wp-block-image size-large formazione\"><img decoding=\"async\" alt=\"2025 mayo Hermana Theresa spazio spadoni proyecto HIC SUM 11 225x300\" src=\"https:\/\/spaziospadoni.org\/wp-content\/uploads\/2026\/05\/2025_maggio_suor_theresa_spazio_spadoni_progetto_hic_sum-11-225x300.jpg\"\/><\/figure>\n\n\n<figure class=\"wp-block-image size-large formazione\"><img decoding=\"async\" alt=\"2025 mayo Hermana Theresa spazio spadoni proyecto HIC SUM 9 225x300\" src=\"https:\/\/spaziospadoni.org\/wp-content\/uploads\/2026\/05\/2025_maggio_suor_theresa_spazio_spadoni_progetto_hic_sum-9-225x300.jpg\"\/><\/figure>\n\n\n<figure class=\"wp-block-image size-large formazione\"><img decoding=\"async\" alt=\"2025 mayo Hermana Theresa spazio spadoni proyecto HIC SUM 8 300x225\" src=\"https:\/\/spaziospadoni.org\/wp-content\/uploads\/2026\/05\/2025_maggio_suor_theresa_spazio_spadoni_progetto_hic_sum-8-300x225.jpg\"\/><\/figure>\n\n\n<figure class=\"wp-block-image size-large formazione\"><img decoding=\"async\" alt=\"2025 mayo Hermana Theresa spazio spadoni proyecto HIC SUM 28 225x300\" src=\"https:\/\/spaziospadoni.org\/wp-content\/uploads\/2026\/05\/2025_maggio_suor_theresa_spazio_spadoni_progetto_hic_sum-28-225x300.jpg\"\/><\/figure>\n\n\n<figure class=\"wp-block-image size-large formazione\"><img decoding=\"async\" alt=\"2025 mayo Hermana Theresa spazio spadoni proyecto HIC SUM 54\" src=\"https:\/\/spaziospadoni.org\/wp-content\/uploads\/2026\/05\/2025_maggio_suor_theresa_spazio_spadoni_progetto_hic_sum-54.jpg\"\/><\/figure>\n\n\n<figure class=\"wp-block-image size-large formazione\"><img decoding=\"async\" alt=\"2025 mayo Hermana Theresa spazio spadoni proyecto HIC SUM 26 225x300\" src=\"https:\/\/spaziospadoni.org\/wp-content\/uploads\/2026\/05\/2025_maggio_suor_theresa_spazio_spadoni_progetto_hic_sum-26-225x300.jpg\"\/><\/figure>\n\n\n<figure class=\"wp-block-image size-large formazione\"><img decoding=\"async\" alt=\"2025 mayo Hermana Theresa spazio spadoni proyecto HIC SUM 19 225x300\" src=\"https:\/\/spaziospadoni.org\/wp-content\/uploads\/2026\/05\/2025_maggio_suor_theresa_spazio_spadoni_progetto_hic_sum-19-225x300.jpg\"\/><\/figure>\n\n\n<figure class=\"wp-block-image size-large formazione\"><img decoding=\"async\" alt=\"2025 mayo Hermana Theresa spazio spadoni proyecto HIC SUM 22 225x300\" src=\"https:\/\/spaziospadoni.org\/wp-content\/uploads\/2026\/05\/2025_maggio_suor_theresa_spazio_spadoni_progetto_hic_sum-22-225x300.jpg\"\/><\/figure>\n\n\n<figure class=\"wp-block-image size-large formazione\"><img decoding=\"async\" alt=\"2025 mayo Hermana Theresa spazio spadoni proyecto HIC SUM 13 225x300\" src=\"https:\/\/spaziospadoni.org\/wp-content\/uploads\/2026\/05\/2025_maggio_suor_theresa_spazio_spadoni_progetto_hic_sum-13-225x300.jpg\"\/><\/figure>\n\n\n<figure class=\"wp-block-image size-large formazione\"><img decoding=\"async\" alt=\"2025 mayo Hermana Theresa spazio spadoni proyecto HIC SUM 59 225x300\" src=\"https:\/\/spaziospadoni.org\/wp-content\/uploads\/2026\/05\/2025_maggio_suor_theresa_spazio_spadoni_progetto_hic_sum-59-225x300.jpg\"\/><\/figure>\n\n\n<figure class=\"wp-block-image size-large formazione\"><img decoding=\"async\" alt=\"2025 mayo Hermana Theresa spazio spadoni proyecto HIC SUM 48 225x300\" src=\"https:\/\/spaziospadoni.org\/wp-content\/uploads\/2026\/05\/2025_maggio_suor_theresa_spazio_spadoni_progetto_hic_sum-48-225x300.jpg\"\/><\/figure>\n\n\n<figure class=\"wp-block-image size-large formazione\"><img decoding=\"async\" alt=\"2025 mayo Hermana Theresa spazio spadoni proyecto HIC SUM 45 225x300\" src=\"https:\/\/spaziospadoni.org\/wp-content\/uploads\/2026\/05\/2025_maggio_suor_theresa_spazio_spadoni_progetto_hic_sum-45-225x300.jpg\"\/><\/figure>\n\n\n<figure class=\"wp-block-image size-large formazione\"><img decoding=\"async\" alt=\"junio 2025 fiesta de despedida agradecimiento Hermana Theresa HIC SUM spazio spadoni misericordia adrano bompietro Sicilia 1 300x169\" src=\"https:\/\/spaziospadoni.org\/wp-content\/uploads\/2026\/05\/giugno_2025_festa_saluto_ringraziamento_suor_theresa_hic_sum_spazio_spadoni_misericordia_adrano_bompietro_sicilia-1-300x169.jpg\"\/><\/figure>\n\n\n<figure class=\"wp-block-image size-large formazione\"><img decoding=\"async\" alt=\"junio 2025 fiesta de despedida agradecimiento Hermana Theresa HIC SUM spazio spadoni misericordia adrano bompietro Sicilia 2 300x169\" src=\"https:\/\/spaziospadoni.org\/wp-content\/uploads\/2026\/05\/giugno_2025_festa_saluto_ringraziamento_suor_theresa_hic_sum_spazio_spadoni_misericordia_adrano_bompietro_sicilia-2-300x169.jpg\"\/><\/figure>\n\n\n<figure class=\"wp-block-image size-large formazione\"><img decoding=\"async\" alt=\"junio 2025 fiesta de despedida agradecimiento Hermana Theresa HIC SUM spazio spadoni misericordia adrano bompietro Sicilia 3 300x169\" src=\"https:\/\/spaziospadoni.org\/wp-content\/uploads\/2026\/05\/giugno_2025_festa_saluto_ringraziamento_suor_theresa_hic_sum_spazio_spadoni_misericordia_adrano_bompietro_sicilia-3-300x169.jpg\"\/><\/figure>\n\n\n<figure class=\"wp-block-image size-large formazione\"><img decoding=\"async\" alt=\"junio 2025 fiesta de despedida agradecimiento Hermana Theresa HIC SUM spazio spadoni misericordia adrano bompietro Sicilia 7 300x169\" src=\"https:\/\/spaziospadoni.org\/wp-content\/uploads\/2026\/05\/giugno_2025_festa_saluto_ringraziamento_suor_theresa_hic_sum_spazio_spadoni_misericordia_adrano_bompietro_sicilia-7-300x169.jpg\"\/><\/figure>\n\n\n<figure class=\"wp-block-image size-large formazione\"><img decoding=\"async\" alt=\"junio 2025 fiesta de despedida agradecimiento Hermana Theresa HIC SUM spazio spadoni misericordia adrano bompietro Sicilia 10 300x169\" src=\"https:\/\/spaziospadoni.org\/wp-content\/uploads\/2026\/05\/giugno_2025_festa_saluto_ringraziamento_suor_theresa_hic_sum_spazio_spadoni_misericordia_adrano_bompietro_sicilia-10-300x169.jpg\"\/><\/figure>\n\n\n<figure class=\"wp-block-image size-large formazione\"><img decoding=\"async\" alt=\"junio 2025 fiesta de despedida agradecimiento Hermana Theresa HIC SUM spazio spadoni misericordia adrano bompietro Sicilia 11 300x169\" src=\"https:\/\/spaziospadoni.org\/wp-content\/uploads\/2026\/05\/giugno_2025_festa_saluto_ringraziamento_suor_theresa_hic_sum_spazio_spadoni_misericordia_adrano_bompietro_sicilia-11-300x169.jpg\"\/><\/figure>\n\n\n<figure class=\"wp-block-image size-large formazione\"><img decoding=\"async\" alt=\"junio 2025 fiesta de despedida agradecimiento Hermana Theresa HIC SUM spazio spadoni misericordia adrano bompietro Sicilia 12 300x169\" src=\"https:\/\/spaziospadoni.org\/wp-content\/uploads\/2026\/05\/giugno_2025_festa_saluto_ringraziamento_suor_theresa_hic_sum_spazio_spadoni_misericordia_adrano_bompietro_sicilia-12-300x169.jpg\"\/><\/figure>\n\n\n<figure class=\"wp-block-image size-large formazione\"><img decoding=\"async\" alt=\"junio 2025 fiesta de despedida agradecimiento Hermana Theresa HIC SUM spazio spadoni misericordia adrano bompietro Sicilia 14 300x169\" src=\"https:\/\/spaziospadoni.org\/wp-content\/uploads\/2026\/05\/giugno_2025_festa_saluto_ringraziamento_suor_theresa_hic_sum_spazio_spadoni_misericordia_adrano_bompietro_sicilia-14-300x169.jpg\"\/><\/figure>\n\n\n<figure class=\"wp-block-image size-large formazione\"><img decoding=\"async\" alt=\"junio 2025 fiesta de despedida agradecimiento Hermana Theresa HIC SUM spazio spadoni misericordia adrano bompietro Sicilia 13 300x169\" src=\"https:\/\/spaziospadoni.org\/wp-content\/uploads\/2026\/05\/giugno_2025_festa_saluto_ringraziamento_suor_theresa_hic_sum_spazio_spadoni_misericordia_adrano_bompietro_sicilia-13-300x169.jpg\"\/><\/figure>\n\n\n<figure class=\"wp-block-image size-large formazione\"><img decoding=\"async\" alt=\"junio 2025 fiesta de despedida agradecimiento Hermana Theresa HIC SUM spazio spadoni misericordia adrano bompietro Sicilia 15 300x169\" src=\"https:\/\/spaziospadoni.org\/wp-content\/uploads\/2026\/05\/giugno_2025_festa_saluto_ringraziamento_suor_theresa_hic_sum_spazio_spadoni_misericordia_adrano_bompietro_sicilia-15-300x169.jpg\"\/><\/figure>\n\n\n<figure class=\"wp-block-image size-large formazione\"><img decoding=\"async\" alt=\"junio 2025 fiesta de despedida agradecimiento Hermana Theresa HIC SUM spazio spadoni misericordia adrano bompietro Sicilia 16 300x212\" src=\"https:\/\/spaziospadoni.org\/wp-content\/uploads\/2026\/05\/giugno_2025_festa_saluto_ringraziamento_suor_theresa_hic_sum_spazio_spadoni_misericordia_adrano_bompietro_sicilia-16-300x212.jpg\"\/><\/figure>\n\n<\/figure>\n\n\n<div class=\"gb-element-b24bbf5e ss-media-videos\">\n\n<figure class=\"wp-block-video video\"><video controls=\"\" src=\"https:\/\/spaziospadoni.org\/wp-content\/uploads\/2026\/05\/2025_febbraio_27_arrivo_suor_theresa_progetto_hic_sum_spazio_spadoni-1.mp4\"><\/video><figcaption class=\"wp-element-caption\">2025 febrero 27 llegada Hermana Theresa proyecto HIC SUM spazio spadoni 1<\/figcaption><\/figure>\n\n\n<figure class=\"wp-block-video video\"><video controls=\"\" src=\"https:\/\/spaziospadoni.org\/wp-content\/uploads\/2026\/05\/2025_aprile_28_suor_theresa_formazione_mungitura_spazio_spadoni_hic_sum-1.mp4\"><\/video><figcaption class=\"wp-element-caption\">2025 abril 28 Hermana Theresa formaci\u00f3n orde\u00f1o spazio spadoni HIC SUM 1<\/figcaption><\/figure>\n\n\n<figure class=\"wp-block-video video\"><video controls=\"\" src=\"https:\/\/spaziospadoni.org\/wp-content\/uploads\/2026\/05\/2025_aprile_28_suor_theresa_formazione_mungitura_spazio_spadoni_hic_sum-2.mp4\"><\/video><figcaption class=\"wp-element-caption\">2025 abril 28 Hermana Theresa formaci\u00f3n orde\u00f1o spazio spadoni HIC SUM 2<\/figcaption><\/figure>\n\n\n<figure class=\"wp-block-video video\"><video controls=\"\" src=\"https:\/\/spaziospadoni.org\/wp-content\/uploads\/2026\/05\/2025_aprile_28_suor_theresa_formazione_mungitura_spazio_spadoni_hic_sum-3.mp4\"><\/video><figcaption class=\"wp-element-caption\">2025 abril 28 Hermana Theresa formaci\u00f3n orde\u00f1o spazio spadoni HIC SUM 3<\/figcaption><\/figure>\n\n\n<figure class=\"wp-block-video video\"><video controls=\"\" src=\"https:\/\/spaziospadoni.org\/wp-content\/uploads\/2026\/05\/29-marzo-visita-allevamento-maiali.mp4\"><\/video><figcaption class=\"wp-element-caption\">29 de marzo visita a la granja porcina<\/figcaption><\/figure>\n\n\n<figure class=\"wp-block-video video\"><video controls=\"\" src=\"https:\/\/spaziospadoni.org\/wp-content\/uploads\/2026\/05\/giugno_2025_festa_saluto_ringraziamento_suor_theresa_hic_sum_spazio_spadoni_misericordia_adrano_bompietro_sicilia-1.mp4\"><\/video><figcaption class=\"wp-element-caption\">junio 2025 fiesta de despedida agradecimiento Hermana Theresa HIC SUM spazio spadoni misericordia adrano bompietro Sicilia 1<\/figcaption><\/figure>\n\n\n<figure class=\"wp-block-video video\"><video controls=\"\" src=\"https:\/\/spaziospadoni.org\/wp-content\/uploads\/2026\/05\/giugno_2025_festa_saluto_ringraziamento_suor_theresa_hic_sum_spazio_spadoni_misericordia_adrano_bompietro_sicilia-2.mp4\"><\/video><figcaption class=\"wp-element-caption\">junio 2025 fiesta de despedida agradecimiento Hermana Theresa HIC SUM spazio spadoni misericordia adrano bompietro Sicilia 2<\/figcaption><\/figure>\n\n<\/div>\n\n<\/div>\n\n<\/div>\n\n<\/div>\n\n","protected":false},"excerpt":{"rendered":"<p>Hermana Theresa &#8211; Imo (Nigeria) PROYECTO 47 de 72 MISI\u00d3N Lugar Imo Di\u00f3cesis Ahiara Pa\u00eds Nigeria Continente \u00c1frica Coordenadas GPS 5.57118 7.006226 Huso horario UTC+1 CONGREGACI\u00d3N Congregaci\u00f3n Congregazione del Sacro Cuore di Ges\u00f9 di Ragusa Casa Madre Roma Di\u00f3cesis Roma Pa\u00eds Italia Continente Europa Fiesta de la Congregaci\u00f3n 09 de mayo Coordenadas GPS 42.00863 12.38072 &#8230; <a title=\"Nigeria &#8211; \u00c1frica | Proyecto #47 de 72\" class=\"read-more\" href=\"https:\/\/spaziospadoni.org\/es\/hic-sum\/nigeria-africa-proyecto-47-de-72\/\" aria-label=\"Read more about Nigeria &#8211; \u00c1frica | Proyecto #47 de 72\">Leer m\u00e1s<\/a><\/p>\n","protected":false},"author":102,"featured_media":0,"parent":63319,"menu_order":0,"comment_status":"closed","ping_status":"closed","template":"","meta":{"_sitemap_exclude":false,"_sitemap_priority":"","_sitemap_frequency":"","footnotes":""},"class_list":["post-66304","page","type-page","status-publish","infinite-scroll-item"],"yoast_head":"<!-- This site is optimized with the Yoast SEO plugin v28.4 - https:\/\/yoast.com\/product\/yoast-seo-wordpress\/ -->\n<title>Nigeria - \u00c1frica | Proyecto #47 de 72 | Spazio Spadoni<\/title>\n<meta name=\"description\" content=\"Hermana Theresa - Imo (Nigeria) PROYECTO 47 de 72 MISI\u00d3N Lugar Imo Di\u00f3cesis Ahiara Pa\u00eds Nigeria Continente \u00c1frica Coordenadas GPS 5.57118 7.006226 Huso\" \/>\n<meta name=\"robots\" content=\"index, follow, max-snippet:-1, max-image-preview:large, max-video-preview:-1\" \/>\n<link rel=\"canonical\" href=\"https:\/\/spaziospadoni.org\/es\/hic-sum\/nigeria-africa-proyecto-47-de-72\/\" \/>\n<meta property=\"og:locale\" content=\"es_ES\" \/>\n<meta property=\"og:type\" content=\"article\" \/>\n<meta property=\"og:title\" content=\"Nigeria - \u00c1frica | Proyecto #47 de 72 | Spazio Spadoni\" \/>\n<meta property=\"og:description\" content=\"Hermana Theresa - Imo (Nigeria) PROYECTO 47 de 72 MISI\u00d3N Lugar Imo Di\u00f3cesis Ahiara Pa\u00eds Nigeria Continente \u00c1frica Coordenadas GPS 5.57118 7.006226 Huso\" \/>\n<meta property=\"og:url\" content=\"https:\/\/spaziospadoni.org\/es\/hic-sum\/nigeria-africa-proyecto-47-de-72\/\" \/>\n<meta property=\"og:site_name\" content=\"spazio + spadoni\" \/>\n<meta property=\"article:publisher\" content=\"https:\/\/www.facebook.com\/SpazioSpadoni\/\" \/>\n<meta property=\"article:modified_time\" content=\"2026-07-21T14:10:56+00:00\" \/>\n<meta property=\"og:image\" content=\"https:\/\/spaziospadoni.org\/wp-content\/uploads\/2026\/05\/hicsum_5_nigeria-spaziospadoni-scaled.png\" \/>\n<meta name=\"twitter:card\" content=\"summary_large_image\" \/>\n<meta name=\"twitter:label1\" content=\"Est. reading time\" \/>\n\t<meta name=\"twitter:data1\" content=\"18 minutes\" \/>\n<script type=\"application\/ld+json\" class=\"yoast-schema-graph\">{\"@context\":\"https:\\\/\\\/schema.org\",\"@graph\":[{\"@type\":\"WebPage\",\"@id\":\"https:\\\/\\\/spaziospadoni.org\\\/es\\\/hic-sum\\\/nigeria-africa-proyecto-47-de-72\\\/\",\"url\":\"https:\\\/\\\/spaziospadoni.org\\\/es\\\/hic-sum\\\/nigeria-africa-proyecto-47-de-72\\\/\",\"name\":\"Nigeria - \u00c1frica | Proyecto #47 de 72 | Spazio Spadoni\",\"isPartOf\":{\"@id\":\"https:\\\/\\\/spaziospadoni.org\\\/es\\\/#website\"},\"primaryImageOfPage\":{\"@id\":\"https:\\\/\\\/spaziospadoni.org\\\/es\\\/hic-sum\\\/nigeria-africa-proyecto-47-de-72\\\/#primaryimage\"},\"image\":{\"@id\":\"https:\\\/\\\/spaziospadoni.org\\\/es\\\/hic-sum\\\/nigeria-africa-proyecto-47-de-72\\\/#primaryimage\"},\"thumbnailUrl\":\"https:\\\/\\\/spaziospadoni.org\\\/wp-content\\\/uploads\\\/2026\\\/05\\\/hicsum_5_nigeria-spaziospadoni-scaled.png\",\"datePublished\":\"2026-05-15T14:14:15+00:00\",\"dateModified\":\"2026-07-21T14:10:56+00:00\",\"description\":\"Hermana Theresa - Imo (Nigeria) PROYECTO 47 de 72 MISI\u00d3N Lugar Imo Di\u00f3cesis Ahiara Pa\u00eds Nigeria Continente \u00c1frica Coordenadas GPS 5.57118 7.006226 Huso\",\"breadcrumb\":{\"@id\":\"https:\\\/\\\/spaziospadoni.org\\\/es\\\/hic-sum\\\/nigeria-africa-proyecto-47-de-72\\\/#breadcrumb\"},\"inLanguage\":\"es-ES\",\"potentialAction\":[{\"@type\":\"ReadAction\",\"target\":[\"https:\\\/\\\/spaziospadoni.org\\\/es\\\/hic-sum\\\/nigeria-africa-proyecto-47-de-72\\\/\"]}]},{\"@type\":\"ImageObject\",\"inLanguage\":\"es-ES\",\"@id\":\"https:\\\/\\\/spaziospadoni.org\\\/es\\\/hic-sum\\\/nigeria-africa-proyecto-47-de-72\\\/#primaryimage\",\"url\":\"https:\\\/\\\/spaziospadoni.org\\\/wp-content\\\/uploads\\\/2026\\\/05\\\/hicsum_5_nigeria-spaziospadoni-scaled.png\",\"contentUrl\":\"https:\\\/\\\/spaziospadoni.org\\\/wp-content\\\/uploads\\\/2026\\\/05\\\/hicsum_5_nigeria-spaziospadoni-scaled.png\"},{\"@type\":\"BreadcrumbList\",\"@id\":\"https:\\\/\\\/spaziospadoni.org\\\/es\\\/hic-sum\\\/nigeria-africa-proyecto-47-de-72\\\/#breadcrumb\",\"itemListElement\":[{\"@type\":\"ListItem\",\"position\":1,\"name\":\"Home\",\"item\":\"https:\\\/\\\/spaziospadoni.org\\\/es\\\/\"},{\"@type\":\"ListItem\",\"position\":2,\"name\":\"Proyectos misioneros &#8211; Hic Sum\",\"item\":\"https:\\\/\\\/spaziospadoni.org\\\/es\\\/hic-sum\\\/\"},{\"@type\":\"ListItem\",\"position\":3,\"name\":\"Nigeria &#8211; \u00c1frica | Proyecto #47 de 72\"}]},{\"@type\":\"WebSite\",\"@id\":\"https:\\\/\\\/spaziospadoni.org\\\/es\\\/#website\",\"url\":\"https:\\\/\\\/spaziospadoni.org\\\/es\\\/\",\"name\":\"spazio + spadoni\",\"description\":\"Generazione di misericordia e missione nel mondo\",\"publisher\":{\"@id\":\"https:\\\/\\\/spaziospadoni.org\\\/es\\\/#organization\"},\"alternateName\":\"spaziospadoni.org\",\"potentialAction\":[{\"@type\":\"SearchAction\",\"target\":{\"@type\":\"EntryPoint\",\"urlTemplate\":\"https:\\\/\\\/spaziospadoni.org\\\/es\\\/?s={search_term_string}\"},\"query-input\":{\"@type\":\"PropertyValueSpecification\",\"valueRequired\":true,\"valueName\":\"search_term_string\"}}],\"inLanguage\":\"es-ES\"},{\"@type\":\"Organization\",\"@id\":\"https:\\\/\\\/spaziospadoni.org\\\/es\\\/#organization\",\"name\":\"spazio + spadoni\",\"alternateName\":\"spaziospadoni.org\",\"url\":\"https:\\\/\\\/spaziospadoni.org\\\/es\\\/\",\"logo\":{\"@type\":\"ImageObject\",\"inLanguage\":\"es-ES\",\"@id\":\"https:\\\/\\\/spaziospadoni.org\\\/es\\\/#\\\/schema\\\/logo\\\/image\\\/\",\"url\":\"https:\\\/\\\/spaziospadoni.org\\\/wp-content\\\/uploads\\\/2026\\\/05\\\/spazio-spadoni-logo-100x100-1.webp\",\"contentUrl\":\"https:\\\/\\\/spaziospadoni.org\\\/wp-content\\\/uploads\\\/2026\\\/05\\\/spazio-spadoni-logo-100x100-1.webp\",\"width\":100,\"height\":100,\"caption\":\"spazio + spadoni\"},\"image\":{\"@id\":\"https:\\\/\\\/spaziospadoni.org\\\/es\\\/#\\\/schema\\\/logo\\\/image\\\/\"},\"sameAs\":[\"https:\\\/\\\/www.facebook.com\\\/SpazioSpadoni\\\/\",\"https:\\\/\\\/www.instagram.com\\\/spaziospadoni\\\/\",\"https:\\\/\\\/www.youtube.com\\\/@spaziospadoni\\\/playlists\"]}]}<\/script>\n<!-- \/ Yoast SEO plugin. -->","yoast_head_json":{"title":"Nigeria - \u00c1frica | Proyecto #47 de 72 | Spazio Spadoni","description":"Hermana Theresa - Imo (Nigeria) PROYECTO 47 de 72 MISI\u00d3N Lugar Imo Di\u00f3cesis Ahiara Pa\u00eds Nigeria Continente \u00c1frica Coordenadas GPS 5.57118 7.006226 Huso","robots":{"index":"index","follow":"follow","max-snippet":"max-snippet:-1","max-image-preview":"max-image-preview:large","max-video-preview":"max-video-preview:-1"},"canonical":"https:\/\/spaziospadoni.org\/es\/hic-sum\/nigeria-africa-proyecto-47-de-72\/","og_locale":"es_ES","og_type":"article","og_title":"Nigeria - \u00c1frica | Proyecto #47 de 72 | Spazio Spadoni","og_description":"Hermana Theresa - Imo (Nigeria) PROYECTO 47 de 72 MISI\u00d3N Lugar Imo Di\u00f3cesis Ahiara Pa\u00eds Nigeria Continente \u00c1frica Coordenadas GPS 5.57118 7.006226 Huso","og_url":"https:\/\/spaziospadoni.org\/es\/hic-sum\/nigeria-africa-proyecto-47-de-72\/","og_site_name":"spazio + spadoni","article_publisher":"https:\/\/www.facebook.com\/SpazioSpadoni\/","article_modified_time":"2026-07-21T14:10:56+00:00","og_image":[{"url":"https:\/\/spaziospadoni.org\/wp-content\/uploads\/2026\/05\/hicsum_5_nigeria-spaziospadoni-scaled.png","type":"","width":"","height":""}],"twitter_card":"summary_large_image","twitter_misc":{"Est. reading time":"18 minutes"},"schema":{"@context":"https:\/\/schema.org","@graph":[{"@type":"WebPage","@id":"https:\/\/spaziospadoni.org\/es\/hic-sum\/nigeria-africa-proyecto-47-de-72\/","url":"https:\/\/spaziospadoni.org\/es\/hic-sum\/nigeria-africa-proyecto-47-de-72\/","name":"Nigeria - \u00c1frica | Proyecto #47 de 72 | Spazio Spadoni","isPartOf":{"@id":"https:\/\/spaziospadoni.org\/es\/#website"},"primaryImageOfPage":{"@id":"https:\/\/spaziospadoni.org\/es\/hic-sum\/nigeria-africa-proyecto-47-de-72\/#primaryimage"},"image":{"@id":"https:\/\/spaziospadoni.org\/es\/hic-sum\/nigeria-africa-proyecto-47-de-72\/#primaryimage"},"thumbnailUrl":"https:\/\/spaziospadoni.org\/wp-content\/uploads\/2026\/05\/hicsum_5_nigeria-spaziospadoni-scaled.png","datePublished":"2026-05-15T14:14:15+00:00","dateModified":"2026-07-21T14:10:56+00:00","description":"Hermana Theresa - Imo (Nigeria) PROYECTO 47 de 72 MISI\u00d3N Lugar Imo Di\u00f3cesis Ahiara Pa\u00eds Nigeria Continente \u00c1frica Coordenadas GPS 5.57118 7.006226 Huso","breadcrumb":{"@id":"https:\/\/spaziospadoni.org\/es\/hic-sum\/nigeria-africa-proyecto-47-de-72\/#breadcrumb"},"inLanguage":"es-ES","potentialAction":[{"@type":"ReadAction","target":["https:\/\/spaziospadoni.org\/es\/hic-sum\/nigeria-africa-proyecto-47-de-72\/"]}]},{"@type":"ImageObject","inLanguage":"es-ES","@id":"https:\/\/spaziospadoni.org\/es\/hic-sum\/nigeria-africa-proyecto-47-de-72\/#primaryimage","url":"https:\/\/spaziospadoni.org\/wp-content\/uploads\/2026\/05\/hicsum_5_nigeria-spaziospadoni-scaled.png","contentUrl":"https:\/\/spaziospadoni.org\/wp-content\/uploads\/2026\/05\/hicsum_5_nigeria-spaziospadoni-scaled.png"},{"@type":"BreadcrumbList","@id":"https:\/\/spaziospadoni.org\/es\/hic-sum\/nigeria-africa-proyecto-47-de-72\/#breadcrumb","itemListElement":[{"@type":"ListItem","position":1,"name":"Home","item":"https:\/\/spaziospadoni.org\/es\/"},{"@type":"ListItem","position":2,"name":"Proyectos misioneros &#8211; Hic Sum","item":"https:\/\/spaziospadoni.org\/es\/hic-sum\/"},{"@type":"ListItem","position":3,"name":"Nigeria &#8211; \u00c1frica | Proyecto #47 de 72"}]},{"@type":"WebSite","@id":"https:\/\/spaziospadoni.org\/es\/#website","url":"https:\/\/spaziospadoni.org\/es\/","name":"spazio + spadoni","description":"Generazione di misericordia e missione nel mondo","publisher":{"@id":"https:\/\/spaziospadoni.org\/es\/#organization"},"alternateName":"spaziospadoni.org","potentialAction":[{"@type":"SearchAction","target":{"@type":"EntryPoint","urlTemplate":"https:\/\/spaziospadoni.org\/es\/?s={search_term_string}"},"query-input":{"@type":"PropertyValueSpecification","valueRequired":true,"valueName":"search_term_string"}}],"inLanguage":"es-ES"},{"@type":"Organization","@id":"https:\/\/spaziospadoni.org\/es\/#organization","name":"spazio + spadoni","alternateName":"spaziospadoni.org","url":"https:\/\/spaziospadoni.org\/es\/","logo":{"@type":"ImageObject","inLanguage":"es-ES","@id":"https:\/\/spaziospadoni.org\/es\/#\/schema\/logo\/image\/","url":"https:\/\/spaziospadoni.org\/wp-content\/uploads\/2026\/05\/spazio-spadoni-logo-100x100-1.webp","contentUrl":"https:\/\/spaziospadoni.org\/wp-content\/uploads\/2026\/05\/spazio-spadoni-logo-100x100-1.webp","width":100,"height":100,"caption":"spazio + spadoni"},"image":{"@id":"https:\/\/spaziospadoni.org\/es\/#\/schema\/logo\/image\/"},"sameAs":["https:\/\/www.facebook.com\/SpazioSpadoni\/","https:\/\/www.instagram.com\/spaziospadoni\/","https:\/\/www.youtube.com\/@spaziospadoni\/playlists"]}]}},"_links":{"self":[{"href":"https:\/\/spaziospadoni.org\/es\/wp-json\/wp\/v2\/pages\/66304","targetHints":{"allow":["GET"]}}],"collection":[{"href":"https:\/\/spaziospadoni.org\/es\/wp-json\/wp\/v2\/pages"}],"about":[{"href":"https:\/\/spaziospadoni.org\/es\/wp-json\/wp\/v2\/types\/page"}],"author":[{"embeddable":true,"href":"https:\/\/spaziospadoni.org\/es\/wp-json\/wp\/v2\/users\/102"}],"replies":[{"embeddable":true,"href":"https:\/\/spaziospadoni.org\/es\/wp-json\/wp\/v2\/comments?post=66304"}],"version-history":[{"count":0,"href":"https:\/\/spaziospadoni.org\/es\/wp-json\/wp\/v2\/pages\/66304\/revisions"}],"up":[{"embeddable":true,"href":"https:\/\/spaziospadoni.org\/es\/wp-json\/wp\/v2\/pages\/63319"}],"wp:attachment":[{"href":"https:\/\/spaziospadoni.org\/es\/wp-json\/wp\/v2\/media?parent=66304"}],"curies":[{"name":"wp","href":"https:\/\/api.w.org\/{rel}","templated":true}]}}