{"id":67690,"date":"2026-05-15T15:32:56","date_gmt":"2026-05-15T14:32:56","guid":{"rendered":"https:\/\/spaziospadoni.org\/hic-sum\/repubblica-democratica-del-congo-africa-progetto-16-di-72\/"},"modified":"2026-07-21T15:57:53","modified_gmt":"2026-07-21T14:57:53","slug":"republica-democratica-del-congo-africa-proyecto-16-de-72","status":"publish","type":"page","link":"https:\/\/spaziospadoni.org\/es\/hic-sum\/republica-democratica-del-congo-africa-proyecto-16-de-72\/","title":{"rendered":"Rep\u00fablica Democr\u00e1tica del Congo &#8211; \u00c1frica | Proyecto #16 de 72"},"content":{"rendered":"\n<div class=\"ss-project-hero-card\">\n<h2 id=\"hermana-perpetue-isiro-republica-democratica-del-congo\" class=\"gb-text gb-text-62a95885\">Hermana Perpetue &#8211; Isiro (Rep\u00fablica Democr\u00e1tica del Congo)<\/h2>\n\n\n\n<div class=\"gb-element-f60f2409\">\n<div class=\"gb-element-90a85740 ss-project-sidebar\">\n<h2 id=\"proyecto-16-de-72\" class=\"gb-text ss-project-title\">PROYECTO 16 de 72<\/h2>\n\n\n\n<figure class=\"wp-block-image size-large\"><img decoding=\"async\" src=\"https:\/\/spaziospadoni.org\/wp-content\/uploads\/2026\/05\/hicsum_16_congo-spaziospadoni-1-1024x709.png\" alt=\"HIC SUM 16 congo spazio + spadoni 1 1024x709\" class=\"wp-image-43007\"\/><\/figure>\n\n\n\n<div class=\"ss-project-table\">\n<div class=\"ss-table-section-title\">\n<h3 id=\"mision\" class=\"gb-text\">MISI\u00d3N<\/h3>\n<\/div>\n\n\n\n<div class=\"ss-table-row\">\n<p class=\"gb-text\">Lugar<\/p>\n\n\n\n<p class=\"gb-text\"><a href=\"https:\/\/www.google.it\/maps\/place\/Isiro,+Repubblica+Democratica+del+Congo\/@2.7721069,27.6002309,14z\/data=!3m1!4b1!4m6!3m5!1s0x1743a0e84ebef593:0xfe64bab5f64b6c62!8m2!3d2.7722364!4d27.6082774!16zL20vMGJmcjNu?entry=ttu&amp;g_ep=EgoyMDI1MDMyNS4xIKXMDSoJLDEwMjExNjM5SAFQAw%3D%3D\" rel=\"noreferrer noopener\" target=\"_blank\" title=\"Isiro\">Isiro<\/a><\/p>\n<\/div>\n\n\n\n<div class=\"ss-table-row\">\n<p class=\"gb-text\">Di\u00f3cesis<\/p>\n\n\n\n<p class=\"gb-text\">Isiro<\/p>\n<\/div>\n\n\n\n<div class=\"ss-table-row\">\n<p class=\"gb-text\">Pa\u00eds<\/p>\n\n\n\n<p class=\"gb-text\"><strong>Rep\u00fablica Democr\u00e1tica del Congo<\/strong><\/p>\n<\/div>\n\n\n\n<div class=\"ss-table-row\">\n<p class=\"gb-text\">Continente<\/p>\n\n\n\n<p class=\"gb-text\">Africa<\/p>\n<\/div>\n\n\n\n<div class=\"ss-table-row\">\n<p class=\"gb-text\">Coordenadas GPS<\/p>\n\n\n\n<p class=\"gb-text\">2.462388 27.37066<\/p>\n<\/div>\n\n\n\n<div class=\"ss-table-row\">\n<p class=\"gb-text\">Zona horaria<\/p>\n\n\n\n<p class=\"gb-text\">UTC+2<\/p>\n<\/div>\n<\/div>\n\n\n\n<div class=\"ss-project-table\">\n<div class=\"ss-table-section-title\">\n<h3 id=\"congregacion\" class=\"gb-text\">CONGREGACI\u00d3N<\/h3>\n<\/div>\n\n\n\n<div class=\"ss-table-row\">\n<p class=\"gb-text\">Congregaci\u00f3n<\/p>\n\n\n\n<p class=\"gb-text\">S\u0153urs Dominicaines Filles de Sainte Catherine de Sienne<\/p>\n<\/div>\n\n\n\n<div class=\"ss-table-row\">\n<p class=\"gb-text\">Casa Madre<\/p>\n\n\n\n<p class=\"gb-text\">Isiro<\/p>\n<\/div>\n\n\n\n<div class=\"ss-table-row\">\n<p class=\"gb-text\">Di\u00f3cesis<\/p>\n\n\n\n<p class=\"gb-text\">Isiro-Niangara<\/p>\n<\/div>\n\n\n\n<div class=\"ss-table-row\">\n<p class=\"gb-text\">Pa\u00eds<\/p>\n\n\n\n<p class=\"gb-text\">Rep\u00fablica Democr\u00e1tica del Congo<\/p>\n<\/div>\n\n\n\n<div class=\"ss-table-row\">\n<p class=\"gb-text\">Continente<\/p>\n\n\n\n<p class=\"gb-text\">Africa<\/p>\n<\/div>\n\n\n\n<div class=\"ss-table-row\">\n<p class=\"gb-text\">Fiesta de la Congregaci\u00f3n<\/p>\n\n\n\n<p class=\"gb-text\">29 de abril<\/p>\n<\/div>\n\n\n\n<div class=\"ss-table-row\">\n<p class=\"gb-text\">Coordenadas GPS<\/p>\n\n\n\n<p class=\"gb-text\">2.462388 27.37066<\/p>\n<\/div>\n\n\n\n<div class=\"ss-table-row\">\n<p class=\"gb-text\">Zona horaria<\/p>\n\n\n\n<p class=\"gb-text\">UTC+2<\/p>\n<\/div>\n\n\n\n<div class=\"ss-table-row\">\n<p class=\"gb-text\">Persona de contacto<\/p>\n\n\n\n<p class=\"gb-text\">Hermana Perpetue<\/p>\n<\/div>\n\n\n\n<div class=\"ss-table-row\">\n<p class=\"gb-text\">Madre General<\/p>\n\n\n\n<p class=\"gb-text\">Hermana Celestine Sumanende<\/p>\n<\/div>\n\n\n\n<div class=\"ss-table-row\">\n<p class=\"gb-text\">Sitio web<\/p>\n\n\n\n<p class=\"gb-text\"><a href=\"https:\/\/www.hhcj.it\/\" target=\"_blank\" rel=\"noreferrer noopener\" title=\"hhcj.it\">hhcj.it<\/a><\/p>\n<\/div>\n<\/div>\n\n\n\n<div class=\"ss-project-table\">\n<div class=\"ss-table-section-title\">\n<h3 id=\"entidad-de-formacion\" class=\"gb-text\">ENTIDAD DE FORMACI\u00d3N<\/h3>\n<\/div>\n\n\n\n<div class=\"ss-table-row\">\n<p class=\"gb-text\">Nombre<\/p>\n\n\n\n<p class=\"gb-text\">Misericordia Orta Nova<\/p>\n<\/div>\n\n\n\n<div class=\"ss-table-row\">\n<p class=\"gb-text\">Lugar<\/p>\n\n\n\n<p class=\"gb-text\">Orta Nova (FG)<\/p>\n<\/div>\n\n\n\n<div class=\"ss-table-row\">\n<p class=\"gb-text\">Pa\u00eds<\/p>\n\n\n\n<p class=\"gb-text\">Italia<\/p>\n<\/div>\n\n\n\n<div class=\"ss-table-row\">\n<p class=\"gb-text\">Continente<\/p>\n\n\n\n<p class=\"gb-text\">Europa<\/p>\n<\/div>\n\n\n\n<div class=\"ss-table-row\">\n<p class=\"gb-text\">Coordenadas GPS<\/p>\n\n\n\n<p class=\"gb-text\">41.33331 15.71010<\/p>\n<\/div>\n\n\n\n<div class=\"ss-table-row\">\n<p class=\"gb-text\">Zona horaria<\/p>\n\n\n\n<p class=\"gb-text\">UTC+1<\/p>\n<\/div>\n\n\n\n<div class=\"ss-table-row\">\n<p class=\"gb-text\">Fecha de inicio<\/p>\n\n\n\n<p class=\"gb-text\">15\/08\/2021<\/p>\n<\/div>\n\n\n\n<div class=\"ss-table-row\">\n<p class=\"gb-text\">Fecha de finalizaci\u00f3n<\/p>\n\n\n\n<p class=\"gb-text\">Marzo de 2022<\/p>\n<\/div>\n\n\n\n<div class=\"ss-table-row\">\n<p class=\"gb-text\">Tutor<\/p>\n\n\n\n<p class=\"gb-text\">Gaetano Volpe<\/p>\n<\/div>\n<\/div>\n\n\n\n<div class=\"ss-project-table\">\n<div class=\"ss-table-section-title\">\n<h3 id=\"espacio-real\" class=\"gb-text\">ESPACIO REAL<\/h3>\n<\/div>\n\n\n\n<div class=\"ss-table-row\">\n<p class=\"gb-text\">Responsable del proyecto<\/p>\n\n\n\n<p class=\"gb-text\">Hermana Perpetue<\/p>\n<\/div>\n\n\n\n<div class=\"ss-table-row\">\n<p class=\"gb-text\">Fecha de inicio<\/p>\n\n\n\n<p class=\"gb-text\">29 2022<\/p>\n<\/div>\n\n\n\n<div class=\"ss-table-row\">\n<p class=\"gb-text\">Tipolog\u00eda<\/p>\n\n\n\n<p class=\"gb-text\"><strong>Pane di Misericordia<\/strong><\/p>\n<\/div>\n<\/div>\n<\/div>\n<\/div>\n\n\n\n<div class=\"gb-element-6ad95ea8\">\n<div class=\"gb-element-e34063a6 ss-project-intro\"><div class=\"wp-block-image imgText\">\n<figure class=\"alignright size-full is-resized\"><img decoding=\"async\" alt=\"espacio real congo Isiro gallinero hermana perpetue misericordia proyecto HIC SUM spazio + spadoni\" src=\"https:\/\/spaziospadoni.org\/wp-content\/uploads\/2026\/05\/spazio-reale-F-sr-3-copia-300x225.jpg\" style=\"width:256px;height:auto\"\/><figcaption class=\"wp-element-caption\">Pane di Misericordia<\/figcaption><\/figure>\n<\/div>\n\n<div class=\"wp-block-image imgText\">\n<figure class=\"alignleft size-full is-resized\"><img decoding=\"async\" alt=\"hermana perpetue-spazio + spadoni\" src=\"https:\/\/spaziospadoni.org\/wp-content\/uploads\/2026\/05\/suor_perpetue-spaziospadoni-300x300.jpg\" style=\"width:194px;height:auto\"\/><figcaption class=\"wp-element-caption\">suor_perpetue-spaziospadoni<\/figcaption><\/figure>\n<\/div>\n\n\n<p class=\"wp-block-paragraph\"><strong>El proyecto en el que participa la hermana Perpetue se refiere a la cr\u00eda de pollos. En el terreno de 65 hect\u00e1reas donde se ha terminado de construir el gallinero, tambi\u00e9n cultivan cacahuetes, ma\u00edz, arroz y palmeras aceiteras. El objetivo de la Congregaci\u00f3n es ense\u00f1ar a los habitantes de las aldeas a criar pollos para que puedan ser aut\u00f3nomos.<\/strong><\/p>\n\n\n\n<p class=\"wp-block-paragraph\">La hermana Perpetue pertenece a la Congregaci\u00f3n de las Hermanas Dominicas Hijas de Santa Catalina de Siena. En septiembre de 2021 lleg\u00f3 a Apulia, a la Misericordia di Orta Nova, para comenzar su formaci\u00f3n. All\u00ed permaneci\u00f3 seis meses antes de regresar a Isiro, en la Rep\u00fablica Democr\u00e1tica del Congo.<\/p>\n\n\n\n<p class=\"wp-block-paragraph\">Isiro, capital de la provincia de Alto Uele, es una ciudad de unos 200.000 habitantes. Est\u00e1 situada en el noreste del Congo, en la frontera entre la selva tropical y la sabana. Debido al mal estado de las carreteras, no es f\u00e1cilmente accesible; por eso los costes comerciales son muy elevados y hay pocas oportunidades de trabajo. La comunidad de Isiro est\u00e1 formada por unas diez hermanas: algunas trabajan en la iglesia de la Congregaci\u00f3n y otras en la escuela. Antes de llegar a Italia, la hermana Perpetue dirig\u00eda la casa de acogida y era asistente de psicolog\u00eda en la universidad. Tambi\u00e9n trabajaba en el comit\u00e9 diocesano de j\u00f3venes. Actualmente es secretaria de la Congregaci\u00f3n.<\/p>\n\n\n\n<p class=\"wp-block-paragraph\">Despu\u00e9s de su primera experiencia en la Misericordia di Orta Nova, la hermana Perpetue regres\u00f3 a Italia en noviembre de 2022 para participar en el curso sobre las Obras de Misericordia y la Econom\u00eda de Comuni\u00f3n, organizado por spazio + spadoni y celebrado en Loppiano (FI). Al finalizar la experiencia, la hermana Perpetue volvi\u00f3 durante aproximadamente un mes a la Misericordia di Orta Nova para pasar las fiestas de Navidad con los voluntarios que la esperaban con los brazos abiertos, se\u00f1al tanto del v\u00ednculo interpersonal como del testimonio positivo que Perpetue dej\u00f3 en la comunidad de Foggia.<\/p>\n\n\n\n<p class=\"wp-block-paragraph\"><strong>M\u00e1s informaci\u00f3n<\/strong> <a href=\"https:\/\/spaziospadoni.org\/vita-della-chiesa\/vita-consacrata\/intervista-alla-madre-generale-celestine-repubblica-democratica-del-congo\/\" rel=\"noreferrer noopener\" target=\"_blank\" title=\"Entrevista a la Madre General Celestine (Rep\u00fablica Democr\u00e1tica del Congo)\">Entrevista a la Madre General Celestine (Rep\u00fablica Democr\u00e1tica del Congo)<\/a><\/p>\n<\/div>\n<\/div>\n\n\n\n<div>\n<h2 id=\"cronologia\" class=\"gb-text gb-text-8179e40a\">Cronolog\u00eda<\/h2>\n\n\n\n<div class=\"ss-timeline\">\n<h3 id=\"2021\" class=\"gb-text\">2021<\/h3>\n\n\n\n<div class=\"ss-timeline-item\">\n<h4 id=\"enero-inicio-de-la-relacion\" class=\"gb-text\">Enero | Inicio de la relaci\u00f3n<\/h4>\n\n\n\n<p class=\"wp-block-paragraph\">Comienza la colaboraci\u00f3n entre spazio + spadoni, la Misericordia di Orta Nova y las Hermanas Dominicas Hijas de Santa Catalina de Siena<\/p>\n<\/div>\n\n\n\n<div class=\"ss-timeline-item\">\n<h4 id=\"1508-llegada-de-la-hermana\" class=\"gb-text\">15.08 | Llegada de la hermana<\/h4>\n\n\n\n<p class=\"wp-block-paragraph\">La hermana Perpetue llega a Italia, acogida por la Misericordia di Orta Nova<\/p>\n\n\n\n<figure class=\"wp-block-gallery has-nested-images columns-1 is-cropped ss-lightbox wp-block-gallery-1 is-layout-flex wp-block-gallery-is-layout-flex\">\n<figure class=\"wp-block-image size-large\"><img decoding=\"async\" src=\"https:\/\/spaziospadoni.org\/wp-content\/uploads\/2026\/05\/arrivo-partenza-1-300x241.jpg\" alt=\"llegada partida 1 300x241\"\/><figcaption class=\"wp-element-caption\">15.08 | Llegada de la hermana<\/figcaption><\/figure>\n<\/figure>\n<\/div>\n\n\n\n<div class=\"ss-timeline-item\">\n<h4 id=\"1710-club-de-lectura\" class=\"gb-text\">17.10 | Club de lectura<\/h4>\n\n\n\n<figure class=\"wp-block-gallery has-nested-images columns-1 is-cropped ss-lightbox wp-block-gallery-2 is-layout-flex wp-block-gallery-is-layout-flex\">\n<figure class=\"wp-block-image size-large\"><img decoding=\"async\" src=\"https:\/\/spaziospadoni.org\/wp-content\/uploads\/2026\/05\/formazione-F-sr-celeste-296x300.jpg\" alt=\"formaci\u00f3n F hermana celeste 296x300\"\/><figcaption class=\"wp-element-caption\">17.10 | Club de lectura<\/figcaption><\/figure>\n\n\n\n<figure class=\"wp-block-image size-large\"><img decoding=\"async\" src=\"https:\/\/spaziospadoni.org\/wp-content\/uploads\/2026\/05\/fomrazione-bookclub-F-sr-copia-300x140.jpg\" alt=\"formaci\u00f3n bookclub F hermana copia 300x140\"\/><figcaption class=\"wp-element-caption\">17.10 | Club de lectura<\/figcaption><\/figure>\n<\/figure>\n<\/div>\n\n\n\n<div class=\"ss-timeline-item\">\n<h4 id=\"2910-formacion\" class=\"gb-text\">29.10 | Formaci\u00f3n<\/h4>\n\n\n\n<p class=\"wp-block-paragraph\">Profundizaci\u00f3n del proyecto HIC SUM. La formaci\u00f3n se realiza en l\u00ednea<\/p>\n\n\n\n<figure class=\"wp-block-gallery has-nested-images columns-1 is-cropped ss-lightbox wp-block-gallery-3 is-layout-flex wp-block-gallery-is-layout-flex\">\n<figure class=\"wp-block-image size-large\"><img decoding=\"async\" src=\"https:\/\/spaziospadoni.org\/wp-content\/uploads\/2026\/05\/formazione-F-sr-perpetue-copia-1-300x133.jpg\" alt=\"formaci\u00f3n F hermana perpetue copia 1 300x133\"\/><figcaption class=\"wp-element-caption\">29.10 | Formaci\u00f3n<\/figcaption><\/figure>\n<\/figure>\n<\/div>\n\n\n\n<div class=\"ss-timeline-item\">\n<h4 id=\"1508-3112-formacion\" class=\"gb-text\">15.08 &#8211; 31.12 | Formaci\u00f3n<\/h4>\n\n\n\n<p class=\"wp-block-paragraph\">Durante su estancia en la Misericordia, la hermana Perpetue sigui\u00f3 cursos t\u00e9cnicos de primeros auxilios, panader\u00eda y cr\u00eda de animales <\/p>\n<\/div>\n<\/div>\n\n\n\n<div class=\"ss-timeline\">\n<h3 id=\"2022\" class=\"gb-text\">2022<\/h3>\n\n\n\n<div class=\"ss-timeline-item\">\n<h4 id=\"1901-formacion\" class=\"gb-text\">19.01 | Formaci\u00f3n<\/h4>\n\n\n\n<p class=\"wp-block-paragraph\">Formaci\u00f3n t\u00e9cnica de spazio + spadoni en la Misericordia di Orta Nova<\/p>\n<\/div>\n\n\n\n<div class=\"ss-timeline-item\">\n<h4 id=\"2302-formacion\" class=\"gb-text\">23.02 | Formaci\u00f3n<\/h4>\n\n\n\n<p class=\"wp-block-paragraph\">Formaci\u00f3n t\u00e9cnica de spazio + spadoni en el Convento di San Cerbone <\/p>\n\n\n\n<figure class=\"wp-block-gallery has-nested-images columns-1 is-cropped ss-lightbox wp-block-gallery-4 is-layout-flex wp-block-gallery-is-layout-flex\">\n<figure class=\"wp-block-image size-large\"><img decoding=\"async\" src=\"https:\/\/spaziospadoni.org\/wp-content\/uploads\/2026\/05\/formazione-visita-febbraio-.J-300x179.jpg\" alt=\"formaci\u00f3n visita febrero .J 300x179\"\/><figcaption class=\"wp-element-caption\">23.02 | Formaci\u00f3n<\/figcaption><\/figure>\n\n\n\n<figure class=\"wp-block-image size-large\"><img decoding=\"async\" src=\"https:\/\/spaziospadoni.org\/wp-content\/uploads\/2026\/05\/formazione-visita-febbraio-.JP_-1-287x300.jpg\" alt=\"formaci\u00f3n visita febrero .JP 1 287x300\"\/><figcaption class=\"wp-element-caption\">23.02 | Formaci\u00f3n<\/figcaption><\/figure>\n\n\n\n<figure class=\"wp-block-image size-large\"><img decoding=\"async\" src=\"https:\/\/spaziospadoni.org\/wp-content\/uploads\/2026\/05\/formazione-visita-febbraio-1-3-300x283.jpg\" alt=\"formaci\u00f3n visita febrero 1 3 300x283\"\/><figcaption class=\"wp-element-caption\">23.02 | Formaci\u00f3n<\/figcaption><\/figure>\n\n\n\n<figure class=\"wp-block-image size-large\"><img decoding=\"async\" src=\"https:\/\/spaziospadoni.org\/wp-content\/uploads\/2026\/05\/formazione-visita-febbraio-F-sergio-copia-1-300x141.jpg\" alt=\"formaci\u00f3n visita febrero F sergio copia 1 300x141\"\/><figcaption class=\"wp-element-caption\">23.02 | Formaci\u00f3n<\/figcaption><\/figure>\n\n\n\n<figure class=\"wp-block-image size-large\"><img decoding=\"async\" src=\"https:\/\/spaziospadoni.org\/wp-content\/uploads\/2026\/05\/formazione-visita-febbraio-1-4-238x300.jpg\" alt=\"formaci\u00f3n visita febrero 1 4 238x300\"\/><figcaption class=\"wp-element-caption\">23.02 | Formaci\u00f3n<\/figcaption><\/figure>\n\n\n\n<figure class=\"wp-block-image size-large\"><img decoding=\"async\" src=\"https:\/\/spaziospadoni.org\/wp-content\/uploads\/2026\/05\/formazione-visita-febbraio-F-tutte-e-3-copia-3-300x160.jpg\" alt=\"formaci\u00f3n visita febrero F las tres copia 3 300x160\"\/><figcaption class=\"wp-element-caption\">23.02 | Formaci\u00f3n<\/figcaption><\/figure>\n\n\n\n<figure class=\"wp-block-image size-large\"><img decoding=\"async\" src=\"https:\/\/spaziospadoni.org\/wp-content\/uploads\/2026\/05\/formazione-visita-febbraio-2-300x211.jpg\" alt=\"formaci\u00f3n visita febrero 2 300x211\"\/><figcaption class=\"wp-element-caption\">23.02 | Formaci\u00f3n<\/figcaption><\/figure>\n<\/figure>\n<\/div>\n\n\n\n<div class=\"ss-timeline-item\">\n<h4 id=\"0603-partida-de-la-hermana\" class=\"gb-text\">06.03 | Partida de la hermana<\/h4>\n\n\n\n<p class=\"wp-block-paragraph\">La hermana Perpetue regresa a Isiro, en la Rep\u00fablica Democr\u00e1tica del Congo<\/p>\n\n\n\n<figure class=\"wp-block-gallery has-nested-images columns-1 is-cropped ss-lightbox wp-block-gallery-5 is-layout-flex wp-block-gallery-is-layout-flex\">\n<figure class=\"wp-block-image size-large\"><img decoding=\"async\" src=\"https:\/\/spaziospadoni.org\/wp-content\/uploads\/2026\/05\/partenza-arrivo-300x210.jpeg\" alt=\"partida llegada 300x210\"\/><figcaption class=\"wp-element-caption\">06.03 | Partida de la hermana<\/figcaption><\/figure>\n\n\n\n<figure class=\"wp-block-image size-large\"><img decoding=\"async\" src=\"https:\/\/spaziospadoni.org\/wp-content\/uploads\/2026\/05\/visita-uroms--300x214.jpg\" alt=\"visita uroms 300x214\"\/><figcaption class=\"wp-element-caption\">06.03 | Partida de la hermana<\/figcaption><\/figure>\n<\/figure>\n<\/div>\n\n\n\n<div class=\"ss-timeline-item\">\n<h4 id=\"3004-encuentro-con-la-madre-general\" class=\"gb-text\">30.04 | Encuentro con la Madre General<\/h4>\n\n\n\n<p class=\"wp-block-paragraph\">Encuentro de spazio + spadoni con la Superiora General en Roma para hablar del proyecto<\/p>\n\n\n\n<figure class=\"wp-block-gallery has-nested-images columns-1 is-cropped ss-lightbox wp-block-gallery-6 is-layout-flex wp-block-gallery-is-layout-flex\">\n<figure class=\"wp-block-image size-large\"><img decoding=\"async\" src=\"https:\/\/spaziospadoni.org\/wp-content\/uploads\/2026\/05\/spadoni-visita-madre--300x238.jpg\" alt=\"spazio + spadoni visita madre 300x238\"\/><figcaption class=\"wp-element-caption\">30.04 | Encuentro con la Madre General<\/figcaption><\/figure>\n<\/figure>\n<\/div>\n\n\n\n<div class=\"ss-timeline-item\">\n<h4 id=\"1911-regreso-de-la-hermana-a-italia\" class=\"gb-text\">19.11 | Regreso de la hermana a Italia<\/h4>\n\n\n\n<p class=\"wp-block-paragraph\">La hermana Perpetue regresa a Italia para asistir al Curso sobre las Obras de Misericordia organizado por spazio + spadoni. El curso termina el 16 de diciembre y ese mismo d\u00eda Perpetue vuelve a la Misericordia di Orta Nova, donde permanecer\u00e1 hasta febrero de 2023<\/p>\n<\/div>\n\n\n\n<div class=\"ss-timeline-item\">\n<h4 id=\"2111-1612-formacion\" class=\"gb-text\">21.11 &#8211; 16.12 | Formaci\u00f3n<\/h4>\n\n\n\n<p class=\"wp-block-paragraph\">Junto con otras religiosas, participa en el curso concebido y promovido por spazio + spadoni sobre las Obras de Misericordia y la Econom\u00eda de Comuni\u00f3n en Loppiano (FI)<\/p>\n\n\n\n<figure class=\"wp-block-gallery has-nested-images columns-1 is-cropped ss-lightbox wp-block-gallery-7 is-layout-flex wp-block-gallery-is-layout-flex\">\n<figure class=\"wp-block-image size-large\"><img decoding=\"async\" src=\"https:\/\/spaziospadoni.org\/wp-content\/uploads\/2026\/05\/WhatsApp-Image-2022-12-16-at-18.01.01-225x300.jpeg\" alt=\"WhatsApp Image 2022 12 16 at 18.01.01 225x300\"\/><figcaption class=\"wp-element-caption\">21.11 &#8211; 16.12 | Formaci\u00f3n<\/figcaption><\/figure>\n\n\n\n<figure class=\"wp-block-image size-large\"><img decoding=\"async\" src=\"https:\/\/spaziospadoni.org\/wp-content\/uploads\/2026\/05\/9-300x161.jpeg\" alt=\"9 300x161\"\/><figcaption class=\"wp-element-caption\">21.11 &#8211; 16.12 | Formaci\u00f3n<\/figcaption><\/figure>\n\n\n\n<figure class=\"wp-block-image size-large\"><img decoding=\"async\" src=\"https:\/\/spaziospadoni.org\/wp-content\/uploads\/2026\/05\/formazione-F-nino-copia-300x273.jpg\" alt=\"formaci\u00f3n F nino copia 300x273\"\/><figcaption class=\"wp-element-caption\">21.11 &#8211; 16.12 | Formaci\u00f3n<\/figcaption><\/figure>\n<\/figure>\n<\/div>\n\n\n\n<div class=\"ss-timeline-item\">\n<h4 id=\"2911-primera-financiacion-concedida\" class=\"gb-text\">29.11 | Primera financiaci\u00f3n concedida<\/h4>\n\n\n\n<p class=\"wp-block-paragraph\">La financiaci\u00f3n est\u00e1 destinada al inicio de las obras de construcci\u00f3n del gallinero<\/p>\n<\/div>\n\n\n\n<div class=\"ss-timeline-item\">\n<h4 id=\"0101-0603-formacion\" class=\"gb-text\">01.01 &#8211; 06.03 | Formaci\u00f3n<\/h4>\n\n\n\n<p class=\"wp-block-paragraph\">Durante su estancia en la Misericordia, la hermana Perpetue sigui\u00f3 cursos t\u00e9cnicos de primeros auxilios, panader\u00eda y cr\u00eda de animales<\/p>\n\n\n\n<figure class=\"wp-block-gallery has-nested-images columns-1 is-cropped ss-lightbox wp-block-gallery-8 is-layout-flex wp-block-gallery-is-layout-flex\">\n<figure class=\"wp-block-image size-large\"><img decoding=\"async\" src=\"https:\/\/spaziospadoni.org\/wp-content\/uploads\/2026\/05\/formazione-F-sr-c-copia-300x177.jpg\" alt=\"formaci\u00f3n F hermana c copia 300x177\"\/><figcaption class=\"wp-element-caption\">01.01 &#8211; 06.03 | Formaci\u00f3n<\/figcaption><\/figure>\n\n\n\n<figure class=\"wp-block-image size-large\"><img decoding=\"async\" src=\"https:\/\/spaziospadoni.org\/wp-content\/uploads\/2026\/05\/formazione-F-sr-copia-1-300x132.jpg\" alt=\"formaci\u00f3n F hermana copia 1 300x132\"\/><figcaption class=\"wp-element-caption\">01.01 &#8211; 06.03 | Formaci\u00f3n<\/figcaption><\/figure>\n\n\n\n<figure class=\"wp-block-image size-large\"><img decoding=\"async\" src=\"https:\/\/spaziospadoni.org\/wp-content\/uploads\/2026\/05\/formazione-1-300x189.jpeg\" alt=\"formaci\u00f3n 1 300x189\"\/><figcaption class=\"wp-element-caption\">01.01 &#8211; 06.03 | Formaci\u00f3n<\/figcaption><\/figure>\n\n\n\n<figure class=\"wp-block-image size-large\"><img decoding=\"async\" src=\"https:\/\/spaziospadoni.org\/wp-content\/uploads\/2026\/05\/formazione-8-127x300.jpg\" alt=\"formaci\u00f3n 8 127x300\"\/><figcaption class=\"wp-element-caption\">01.01 &#8211; 06.03 | Formaci\u00f3n<\/figcaption><\/figure>\n\n\n\n<figure class=\"wp-block-image size-large\"><img decoding=\"async\" src=\"https:\/\/spaziospadoni.org\/wp-content\/uploads\/2026\/05\/gaetano-e-vescivo.jpg\" alt=\"gaetano e obispo\"\/><figcaption class=\"wp-element-caption\">01.01 &#8211; 06.03 | Formaci\u00f3n<\/figcaption><\/figure>\n\n\n\n<figure class=\"wp-block-image size-large\"><img decoding=\"async\" src=\"https:\/\/spaziospadoni.org\/wp-content\/uploads\/2026\/05\/in-servixzio-F-sr-copia-167x300.jpg\" alt=\"in servicio F hermana copia 167x300\"\/><figcaption class=\"wp-element-caption\">01.01 &#8211; 06.03 | Formaci\u00f3n<\/figcaption><\/figure>\n\n\n\n<figure class=\"wp-block-image size-large\"><img decoding=\"async\" src=\"https:\/\/spaziospadoni.org\/wp-content\/uploads\/2026\/05\/mon-fabio-ciollaro-vescovo-cerignola-207x300.jpg\" alt=\"mon fabio ciollaro obispo cerignola 207x300\"\/><figcaption class=\"wp-element-caption\">01.01 &#8211; 06.03 | Formaci\u00f3n<\/figcaption><\/figure>\n\n\n\n<figure class=\"wp-block-image size-large\"><img decoding=\"async\" src=\"https:\/\/spaziospadoni.org\/wp-content\/uploads\/2026\/05\/perpetue-F-a-sr-copia-300x132.jpg\" alt=\"perpetue F a hermana copia 300x132\"\/><figcaption class=\"wp-element-caption\">01.01 &#8211; 06.03 | Formaci\u00f3n<\/figcaption><\/figure>\n\n\n\n<figure class=\"wp-block-image size-large\"><img decoding=\"async\" src=\"https:\/\/spaziospadoni.org\/wp-content\/uploads\/2026\/05\/perpetue-ritorna-F-a-tutte-e-due-copia-210x300.jpg\" alt=\"perpetue regresa F a ambas copia 210x300\"\/><figcaption class=\"wp-element-caption\">01.01 &#8211; 06.03 | Formaci\u00f3n<\/figcaption><\/figure>\n\n\n\n<figure class=\"wp-block-image size-large\"><img decoding=\"async\" src=\"https:\/\/spaziospadoni.org\/wp-content\/uploads\/2026\/05\/vescovo-agosatinelli-correttore-nazionale-misericordie-visita-spadoni-orta-nova-settembre-2023-inaugurazione-casa-divina-misericordia-294x300.jpg\" alt=\"obispo Agostinelli correttore nazionale misericordie visita spadoni orta nova septiembre 2023 inauguraci\u00f3n casa divina misericordia 294x300\"\/><figcaption class=\"wp-element-caption\">01.01 &#8211; 06.03 | Formaci\u00f3n<\/figcaption><\/figure>\n\n\n\n<figure class=\"wp-block-image size-large\"><img decoding=\"async\" src=\"https:\/\/spaziospadoni.org\/wp-content\/uploads\/2026\/05\/formazione-F-gaetano-e-noemi-copia-300x111.jpg\" alt=\"formaci\u00f3n F gaetano y Noemi copia 300x111\"\/><figcaption class=\"wp-element-caption\">01.01 &#8211; 06.03 | Formaci\u00f3n<\/figcaption><\/figure>\n<\/figure>\n<\/div>\n<\/div>\n\n\n\n<div class=\"ss-timeline\">\n<h3 id=\"2023\" class=\"gb-text\">2023<\/h3>\n\n\n\n<div class=\"ss-timeline-item\">\n<h4 id=\"0902-partida-de-la-hermana\" class=\"gb-text\">09.02 | Partida de la hermana<\/h4>\n\n\n\n<p class=\"wp-block-paragraph\">La hermana Perpetue regresa a Isiro, en la Rep\u00fablica Democr\u00e1tica del Congo<\/p>\n<\/div>\n\n\n\n<div class=\"ss-timeline-item\">\n<h4 id=\"1603-testimonio\" class=\"gb-text\">16.03 | Testimonio<\/h4>\n\n\n\n<figure class=\"wp-block-gallery has-nested-images columns-1 is-cropped ss-lightbox wp-block-gallery-9 is-layout-flex wp-block-gallery-is-layout-flex\">\n<figure class=\"wp-block-image size-large\"><img decoding=\"async\" src=\"https:\/\/spaziospadoni.org\/wp-content\/uploads\/2026\/05\/formazione-congo-mettere-2-F-copia-300x185.jpg\" alt=\"formaci\u00f3n congo a\u00f1adir 2 F copia 300x185\"\/><figcaption class=\"wp-element-caption\">16.03 | Testimonio<\/figcaption><\/figure>\n<\/figure>\n<\/div>\n\n\n\n<div class=\"ss-timeline-item\">\n<h4 id=\"0404-segunda-financiacion-concedida\" class=\"gb-text\">04.04 | Segunda financiaci\u00f3n concedida<\/h4>\n\n\n\n<p class=\"wp-block-paragraph\">La financiaci\u00f3n est\u00e1 destinada a continuar las obras de construcci\u00f3n del gallinero<\/p>\n<\/div>\n\n\n\n<div class=\"ss-timeline-item\">\n<h4 id=\"1406-tercera-financiacion-concedida\" class=\"gb-text\">14.06 | Tercera financiaci\u00f3n concedida<\/h4>\n\n\n\n<p class=\"wp-block-paragraph\">Tercer tramo de financiaci\u00f3n para la construcci\u00f3n del gallinero<\/p>\n<\/div>\n\n\n\n<div class=\"ss-timeline-item\">\n<h4 id=\"septiembre-spazio-spadoni-en-orta-nova\" class=\"gb-text\">Septiembre | spazio + spadoni en Orta Nova<\/h4>\n\n\n\n<figure class=\"wp-block-gallery has-nested-images columns-1 is-cropped ss-lightbox wp-block-gallery-10 is-layout-flex wp-block-gallery-is-layout-flex\">\n<figure class=\"wp-block-image size-large\"><img decoding=\"async\" src=\"https:\/\/spaziospadoni.org\/wp-content\/uploads\/2026\/05\/spadoni-visita-ortas-nova-F-sparsi-copia-300x134.jpg\" alt=\"spazio + spadoni visita Orta Nova F varias copia 300x134\"\/><figcaption class=\"wp-element-caption\">Septiembre | spazio + spadoni en Orta Nova<\/figcaption><\/figure>\n\n\n\n<figure class=\"wp-block-image size-large\"><img decoding=\"async\" src=\"https:\/\/spaziospadoni.org\/wp-content\/uploads\/2026\/05\/spadoni-visita-ortas-nova-F-sparsi.jpg1-copia-300x148.jpg\" alt=\"spazio + spadoni visita Orta Nova F varias.jpg1 copia 300x148\"\/><figcaption class=\"wp-element-caption\">Septiembre | spazio + spadoni en Orta Nova<\/figcaption><\/figure>\n\n\n\n<figure class=\"wp-block-image size-large\"><img decoding=\"async\" src=\"https:\/\/spaziospadoni.org\/wp-content\/uploads\/2026\/05\/spadoni-visita-ortas-nova-185x300.jpg\" alt=\"spazio + spadoni visita Orta Nova 185x300\"\/><figcaption class=\"wp-element-caption\">Septiembre | spazio + spadoni en Orta Nova<\/figcaption><\/figure>\n\n\n\n<figure class=\"wp-block-image size-large\"><img decoding=\"async\" src=\"https:\/\/spaziospadoni.org\/wp-content\/uploads\/2026\/05\/spadoni-visita-ortas-nova1-300x108.jpg\" alt=\"spazio + spadoni visita Orta Nova1 300x108\"\/><figcaption class=\"wp-element-caption\">Septiembre | spazio + spadoni en Orta Nova<\/figcaption><\/figure>\n\n\n\n<figure class=\"wp-block-image size-large\"><img decoding=\"async\" src=\"https:\/\/spaziospadoni.org\/wp-content\/uploads\/2026\/05\/spazoni-settembre-2023-visita-orta-nova-F-sr-copia-256x300.jpg\" alt=\"spazio + spadoni septiembre 2023 visita orta nova F hermana copia 256x300\"\/><figcaption class=\"wp-element-caption\">Septiembre | spazio + spadoni en Orta Nova<\/figcaption><\/figure>\n\n\n\n<figure class=\"wp-block-image size-large\"><img decoding=\"async\" src=\"https:\/\/spaziospadoni.org\/wp-content\/uploads\/2026\/05\/visita-vescovo-settembre-2023-divina-misericordia--300x135.jpg\" alt=\"visita obispo septiembre 2023 divina misericordia 300x135\"\/><figcaption class=\"wp-element-caption\">Septiembre | spazio + spadoni en Orta Nova<\/figcaption><\/figure>\n<\/figure>\n<\/div>\n\n\n\n<div class=\"ss-timeline-item\">\n<h4 id=\"1411-cuarta-financiacion-concedida\" class=\"gb-text\">14.11 | Cuarta financiaci\u00f3n concedida<\/h4>\n\n\n\n<p class=\"wp-block-paragraph\">Financiaci\u00f3n para finalizar las obras de construcci\u00f3n del gallinero y comprar los pollos<\/p>\n<\/div>\n<\/div>\n\n\n\n<div class=\"ss-timeline\">\n<h3 id=\"2024\" class=\"gb-text\">2024<\/h3>\n\n\n\n<div class=\"ss-timeline-item\">\n<h4 id=\"febrero-inicio-de-la-produccion\" class=\"gb-text\">Febrero | Inicio de la producci\u00f3n<\/h4>\n\n\n\n<p class=\"wp-block-paragraph\">Ha comenzado la cr\u00eda de pollos a pesar de las grandes dificultades de transporte debidas al estado de la carretera<\/p>\n\n\n\n<figure class=\"wp-block-gallery has-nested-images columns-1 is-cropped ss-lightbox wp-block-gallery-11 is-layout-flex wp-block-gallery-is-layout-flex\">\n<figure class=\"wp-block-image size-large\"><img decoding=\"async\" src=\"https:\/\/spaziospadoni.org\/wp-content\/uploads\/2026\/05\/2024_marzo_15_hicsum_16_congo_spazio_spadoni_sr_perpetue_Domenicane_Figlie_Santa_Caterina_Siena_misericordia_orta_nova_impresa_sociale_pulcini_14_giorni-2-225x300.jpg\" alt=\"2024 marzo 15 HIC SUM 16 congo spazio + spadoni hermana perpetue Domenicane Figlie Santa Caterina Siena Misericordia di Orta Nova empresa social pollitos 14 d\u00edas 2 225x300\"\/><figcaption class=\"wp-element-caption\">Febrero | Inicio de la producci\u00f3n<\/figcaption><\/figure>\n<\/figure>\n<\/div>\n<\/div>\n\n\n\n<div class=\"ss-timeline\">\n<h3 id=\"2025\" class=\"gb-text\">2025<\/h3>\n\n\n\n<div class=\"ss-timeline-item\">\n<h4 id=\"0405-encuentro-con-la-madre-general\" class=\"gb-text\">04.05| Encuentro con la Madre General<\/h4>\n\n\n\n<p class=\"wp-block-paragraph\">Con motivo de la Asamblea de la UISG, celebrada en Roma del 5 al 9 de mayo, spazio + spadoni se reuni\u00f3 con la Madre Celestine, a quien aloj\u00f3 durante todo el congreso en la Casa Madre de las Hermanas Hijas de Mar\u00eda Misioneras<\/p>\n\n\n\n<figure class=\"wp-block-gallery has-nested-images columns-1 is-cropped ss-lightbox wp-block-gallery-12 is-layout-flex wp-block-gallery-is-layout-flex\">\n<figure class=\"wp-block-image size-large\"><img decoding=\"async\" src=\"https:\/\/spaziospadoni.org\/wp-content\/uploads\/2026\/05\/2025_maggio_assemblea_uisg_roma_spazio_spadoni_opere_misericordia_superiore_generali_suore-137-300x225.jpg\" alt=\"2025 mayo assemblea uisg roma spazio + spadoni obras de misericordia superiore generali hermanas 137 300x225\"\/><figcaption class=\"wp-element-caption\">04.05| Encuentro con la Madre General<\/figcaption><\/figure>\n\n\n\n<figure class=\"wp-block-image size-large\"><img decoding=\"async\" src=\"https:\/\/spaziospadoni.org\/wp-content\/uploads\/2026\/05\/2025_maggio_assemblea_uisg_roma_spazio_spadoni_opere_misericordia_superiore_generali_suore-133-300x225.jpg\" alt=\"2025 mayo assemblea uisg roma spazio + spadoni obras de misericordia superiore generali hermanas 133 300x225\"\/><figcaption class=\"wp-element-caption\">04.05| Encuentro con la Madre General<\/figcaption><\/figure>\n<\/figure>\n<\/div>\n<\/div>\n\n\n\n<div class=\"ss-timeline\">\n<h3 id=\"evaluaciones-del-proyecto\" class=\"gb-text\">Evaluaciones del proyecto<\/h3>\n\n\n\n<div class=\"ss-timeline-item\">\n<h4 id=\"enero-de-2022-el-proyecto-que-la-hermana-perpetue\" class=\"gb-text\">Enero de 2022 El proyecto que la hermana Perpetue<\/h4>\n\n\n\n<p class=\"wp-block-paragraph\">quiere desarrollar a su regreso a la Rep\u00fablica Democr\u00e1tica del Congo ser\u00e1 la cr\u00eda de pollos<\/p>\n<\/div>\n\n\n\n<div class=\"ss-timeline-item\">\n<h4 id=\"agosto-de-2022-se-envia-un-nuevo\" class=\"gb-text\">Agosto de 2022 Se env\u00eda un nuevo<\/h4>\n\n\n\n<p class=\"wp-block-paragraph\">presupuesto<\/p>\n<\/div>\n\n\n\n<div class=\"ss-timeline-item\">\n<h4 id=\"diciembre-de-2022\" class=\"gb-text\">Diciembre de 2022<\/h4>\n\n\n\n<p class=\"wp-block-paragraph\">Seguimiento<\/p>\n<\/div>\n\n\n\n<div class=\"ss-timeline-item\">\n<h4 id=\"marzo-de-2023-se-envia-el-informe-de-las\" class=\"gb-text\">Marzo de 2023 Se env\u00eda el informe de las<\/h4>\n\n\n\n<p class=\"wp-block-paragraph\">actividades<\/p>\n<\/div>\n\n\n\n<div class=\"ss-timeline-item\">\n<h4 id=\"marzo-de-2023\" class=\"gb-text\">Marzo de 2023<\/h4>\n\n\n\n<p class=\"wp-block-paragraph\">Seguimiento<\/p>\n<\/div>\n\n\n\n<div class=\"ss-timeline-item\">\n<h4 id=\"mayo-de-2023-analisis-del-informe\" class=\"gb-text\">Mayo de 2023 An\u00e1lisis del informe<\/h4>\n\n\n\n<p class=\"wp-block-paragraph\">enviado<\/p>\n<\/div>\n\n\n\n<div class=\"ss-timeline-item\">\n<h4 id=\"agosto-de-2023-seguimiento-de-las-obras-de\" class=\"gb-text\">Agosto de 2023 Seguimiento de las obras de<\/h4>\n\n\n\n<p class=\"wp-block-paragraph\">construcci\u00f3n del gallinero<\/p>\n<\/div>\n\n\n\n<div class=\"ss-timeline-item\">\n<h4 id=\"septiembre-de-2023-nuevo-analisis-de\" class=\"gb-text\">Septiembre de 2023 Nuevo an\u00e1lisis de<\/h4>\n\n\n\n<p class=\"wp-block-paragraph\">mercado<\/p>\n<\/div>\n<\/div>\n<\/div>\n\n\n\n<div class=\"ss-project-media\">\n<h2 id=\"fotos-y-videos\" class=\"gb-text gb-text-d7bd8be8\">Fotos y v\u00eddeos<\/h2>\n\n\n\n<div class=\"ss-media-filters\">\n<a class=\"gb-text ss-media-filter active\" data-filter=\"*\" title=\"Todo\">Todo<\/a>\n\n\n\n<a class=\"gb-text ss-media-filter\" data-filter=\".formazione\" title=\"Formaci\u00f3n\">Formaci\u00f3n<\/a>\n\n\n\n<a class=\"gb-text ss-media-filter\" data-filter=\".repubblica-democratica-del-congo\" title=\"Rep\u00fablica Democr\u00e1tica del Congo\">Rep\u00fablica Democr\u00e1tica del Congo<\/a>\n\n\n\n<a class=\"gb-text ss-media-filter\" data-filter=\".pane-di-misericordia\" title=\"Pane di Misericordia\">Pane di Misericordia<\/a>\n\n\n\n<a class=\"gb-text ss-media-filter\" data-filter=\".video\" title=\"V\u00eddeo\">V\u00eddeo<\/a>\n<\/div>\n\n\n\n<div class=\"ss-media-grid\">\n<div>\n<figure class=\"wp-block-gallery has-nested-images columns-1 is-cropped ss-lightbox wp-block-gallery-13 is-layout-flex wp-block-gallery-is-layout-flex\">\n<figure class=\"wp-block-image size-large formazione\"><img decoding=\"async\" src=\"https:\/\/spaziospadoni.org\/wp-content\/uploads\/2026\/05\/2022_dicembre_hicsum_39_fossato_vico_misericordia_spazio_spadoni_sr_zitha_bene_mariya_loppiano_formazione-6-300x225.jpg\" alt=\"2022 diciembre HIC SUM 39 fossato vico misericordia spazio + spadoni hermana zitha bene mariya loppiano formaci\u00f3n 6 300x225\"\/><\/figure>\n\n\n\n<figure class=\"wp-block-image size-large formazione\"><img decoding=\"async\" src=\"https:\/\/spaziospadoni.org\/wp-content\/uploads\/2026\/05\/2022_dicembre_hicsum_39_fossato_vico_misericordia_spazio_spadoni_sr_zitha_bene_mariya_loppiano_formazione-2-300x225.jpg\" alt=\"2022 diciembre HIC SUM 39 fossato vico misericordia spazio + spadoni hermana zitha bene mariya loppiano formaci\u00f3n 2 300x225\"\/><\/figure>\n\n\n\n<figure class=\"wp-block-image size-large formazione\"><img decoding=\"async\" src=\"https:\/\/spaziospadoni.org\/wp-content\/uploads\/2026\/05\/a609f401-47a0-4b19-a824-437c6f48412c-225x300.jpg\" alt=\"a609f401 47a0 4b19 a824 437c6f48412c 225x300\"\/><\/figure>\n\n\n\n<figure class=\"wp-block-image size-large formazione\"><img decoding=\"async\" src=\"https:\/\/spaziospadoni.org\/wp-content\/uploads\/2026\/05\/2021_dicembre_24_hicsum_16_italia_spazio_spadoni_misericordia_orta_nova_suor_perpetue_laboratorio_bambini-300x178.jpg\" alt=\"2021 diciembre 24 HIC SUM 16 Italia spazio + spadoni Misericordia di Orta Nova hermana perpetue taller infantil 300x178\"\/><\/figure>\n\n\n\n<figure class=\"wp-block-image size-large formazione\"><img decoding=\"async\" src=\"https:\/\/spaziospadoni.org\/wp-content\/uploads\/2026\/05\/2021_hicsum_16_italia_spazio_spadoni_Luigi_Madre_Celestine_Generale_Domenicane_Figlie_Santa_Caterina_Siena-300x225.jpg\" alt=\"2021 HIC SUM 16 Italia spazio + spadoni Luigi Madre Celestine Generale Domenicane Figlie Santa Caterina Siena 300x225\"\/><\/figure>\n\n\n\n<figure class=\"wp-block-image size-large formazione\"><img decoding=\"async\" src=\"https:\/\/spaziospadoni.org\/wp-content\/uploads\/2026\/05\/2021_hicsum_16_italia_spazio_spadoni_Luigi_Selene_Madre_Celestine_Generale_Domenicane_Figlie_Santa_Caterina_Siena-225x300.jpg\" alt=\"2021 HIC SUM 16 Italia spazio + spadoni Luigi Selene Madre Celestine Generale Domenicane Figlie Santa Caterina Siena 225x300\"\/><\/figure>\n\n\n\n<figure class=\"wp-block-image size-large formazione\"><img decoding=\"async\" src=\"https:\/\/spaziospadoni.org\/wp-content\/uploads\/2026\/05\/2021_hicsum_16_italia_spazio_spadoni_Madre_Celestine_Generale_Domenicane_Figlie_Santa_Caterina_Siena-225x300.jpg\" alt=\"2021 HIC SUM 16 Italia spazio + spadoni Madre Celestine Generale Domenicane Figlie Santa Caterina Siena 225x300\"\/><\/figure>\n\n\n\n<figure class=\"wp-block-image size-large formazione\"><img decoding=\"async\" src=\"https:\/\/spaziospadoni.org\/wp-content\/uploads\/2026\/05\/2021_hicsum_16_italia_spazio_spadoni_misericordia_orta_nova_suor_perpetue_primo_piano-225x300.jpg\" alt=\"2021 HIC SUM 16 Italia spazio + spadoni Misericordia di Orta Nova hermana perpetue primer plano 225x300\"\/><\/figure>\n\n\n\n<figure class=\"wp-block-image size-large formazione\"><img decoding=\"async\" src=\"https:\/\/spaziospadoni.org\/wp-content\/uploads\/2026\/05\/2021_hicsum_16_italia_spazio_spadoni_suor_perpetue_misericordia_orta_nova_formazione-135x300.jpg\" alt=\"2021 HIC SUM 16 Italia spazio + spadoni hermana perpetue Misericordia di Orta Nova formaci\u00f3n 135x300\"\/><\/figure>\n\n\n\n<figure class=\"wp-block-image size-large formazione\"><img decoding=\"async\" src=\"https:\/\/spaziospadoni.org\/wp-content\/uploads\/2026\/05\/2021_hicsum_16_italia_spazio_spadoni_suor_perpetue_misericordia_orta_nova_primo_giorno_servizio-139x300.jpg\" alt=\"2021 HIC SUM 16 Italia spazio + spadoni hermana perpetue Misericordia di Orta Nova primer d\u00eda servicio 139x300\"\/><\/figure>\n\n\n\n<figure class=\"wp-block-image size-large formazione\"><img decoding=\"async\" src=\"https:\/\/spaziospadoni.org\/wp-content\/uploads\/2026\/05\/2021_hicsum_16_italia_suor_perpetue_spazio_spadoni_volontari_misericordia_orta_nova-2-300x225.jpg\" alt=\"2021 HIC SUM 16 Italia hermana perpetue spazio + spadoni voluntarios Misericordia di Orta Nova 2 300x225\"\/><\/figure>\n\n\n\n<figure class=\"wp-block-image size-large formazione\"><img decoding=\"async\" src=\"https:\/\/spaziospadoni.org\/wp-content\/uploads\/2026\/05\/2021_hicsum_16_italia_suor_perpetue_spazio_spadoni_volontari_misericordia_orta_nova-3-300x225.jpg\" alt=\"2021 HIC SUM 16 Italia hermana perpetue spazio + spadoni voluntarios Misericordia di Orta Nova 3 300x225\"\/><\/figure>\n\n\n\n<figure class=\"wp-block-image size-large formazione\"><img decoding=\"async\" src=\"https:\/\/spaziospadoni.org\/wp-content\/uploads\/2026\/05\/2021_hicsum_16_italia_suor_perpetue_spazio_spadoni_volontari_misericordia_orta_nova-146x300.jpg\" alt=\"2021 HIC SUM 16 Italia hermana perpetue spazio + spadoni voluntarios Misericordia di Orta Nova 146x300\"\/><\/figure>\n\n\n\n<figure class=\"wp-block-image size-large formazione\"><img decoding=\"async\" src=\"https:\/\/spaziospadoni.org\/wp-content\/uploads\/2026\/05\/2021_hicsum_16_italia_suor_perpetue_spazio_spadoni_volontari_misericordia_orta_nova_bambin_Gesu-300x225.jpg\" alt=\"2021 HIC SUM 16 Italia hermana perpetue spazio + spadoni voluntarios Misericordia di Orta Nova Bambino Ges\u00f9 300x225\"\/><\/figure>\n\n\n\n<figure class=\"wp-block-image size-large formazione\"><img decoding=\"async\" src=\"https:\/\/spaziospadoni.org\/wp-content\/uploads\/2026\/05\/2021_novembre_21_hicsum_16_italia_spazio_spadoni_misericordia_orta_nova_suor_perpetue_ragazzi-300x135.jpg\" alt=\"2021 noviembre 21 HIC SUM 16 Italia spazio + spadoni Misericordia di Orta Nova hermana perpetue j\u00f3venes 300x135\"\/><\/figure>\n\n\n\n<figure class=\"wp-block-image size-large formazione\"><img decoding=\"async\" src=\"https:\/\/spaziospadoni.org\/wp-content\/uploads\/2026\/05\/2021_ottobre_6_hicsum_16_italia_suor_perpetue_spazio_spadoni_pranzo_volontari_misericordia_orta_nova-300x225.jpg\" alt=\"2021 octubre 6 HIC SUM 16 Italia hermana perpetue spazio + spadoni almuerzo voluntarios Misericordia di Orta Nova 300x225\"\/><\/figure>\n\n\n\n<figure class=\"wp-block-image size-large formazione\"><img decoding=\"async\" src=\"https:\/\/spaziospadoni.org\/wp-content\/uploads\/2026\/05\/formazione-F-sr-perpetue-copia-1-300x133.jpg\" alt=\"formaci\u00f3n F hermana perpetue copia 1 300x133\"\/><\/figure>\n\n\n\n<figure class=\"wp-block-image size-large formazione\"><img decoding=\"async\" src=\"https:\/\/spaziospadoni.org\/wp-content\/uploads\/2026\/05\/2021_ottobre_16_hicsum_16_italia_spazio_spadoni_misericordia_orta_nova_suor_perpetue-300x135.jpg\" alt=\"2021 octubre 16 HIC SUM 16 Italia spazio + spadoni Misericordia di Orta Nova hermana perpetue 300x135\"\/><\/figure>\n\n\n\n<figure class=\"wp-block-image size-large formazione\"><img decoding=\"async\" src=\"https:\/\/spaziospadoni.org\/wp-content\/uploads\/2026\/05\/2021_ottobre_17_hicsum_16_italia_spazio_spadoni_misericordia_orta_nova_bookclub_suor_perpetue-2-296x300.jpg\" alt=\"2021 octubre 17 HIC SUM 16 Italia spazio + spadoni Misericordia di Orta Nova bookclub hermana perpetue 2 296x300\"\/><\/figure>\n\n\n\n<figure class=\"wp-block-image size-large formazione\"><img decoding=\"async\" src=\"https:\/\/spaziospadoni.org\/wp-content\/uploads\/2026\/05\/2021_ottobre_17_hicsum_16_italia_spazio_spadoni_misericordia_orta_nova_bookclub_suor_perpetue-3-300x225.jpg\" alt=\"2021 octubre 17 HIC SUM 16 Italia spazio + spadoni Misericordia di Orta Nova bookclub hermana perpetue 3 300x225\"\/><\/figure>\n\n\n\n<figure class=\"wp-block-image size-large formazione\"><img decoding=\"async\" src=\"https:\/\/spaziospadoni.org\/wp-content\/uploads\/2026\/05\/fomrazione-bookclub-F-sr-copia-300x140.jpg\" alt=\"formaci\u00f3n bookclub F hermana copia 300x140\"\/><\/figure>\n\n\n\n<figure class=\"wp-block-image size-large formazione\"><img decoding=\"async\" src=\"https:\/\/spaziospadoni.org\/wp-content\/uploads\/2026\/05\/2021_ottobre_20_hicsum_16_italia_spazio_spadoni_misericordia_orta_nova_suor_perpetue_corrida_volontari-2-300x225.jpg\" alt=\"2021 octubre 20 HIC SUM 16 Italia spazio + spadoni Misericordia di Orta Nova hermana perpetue corrida voluntarios 2 300x225\"\/><\/figure>\n\n\n\n<figure class=\"wp-block-image size-large formazione\"><img decoding=\"async\" src=\"https:\/\/spaziospadoni.org\/wp-content\/uploads\/2026\/05\/2021_ottobre_20_hicsum_16_italia_spazio_spadoni_misericordia_orta_nova_suor_perpetue_corrida_volontari-3-300x248.jpg\" alt=\"2021 octubre 20 HIC SUM 16 Italia spazio + spadoni Misericordia di Orta Nova hermana perpetue corrida voluntarios 3 300x248\"\/><\/figure>\n\n\n\n<figure class=\"wp-block-image size-large formazione\"><img decoding=\"async\" src=\"https:\/\/spaziospadoni.org\/wp-content\/uploads\/2026\/05\/2021_ottobre_20_hicsum_16_italia_spazio_spadoni_misericordia_orta_nova_suor_perpetue_corrida_volontari-300x169.jpg\" alt=\"2021 octubre 20 HIC SUM 16 Italia spazio + spadoni Misericordia di Orta Nova hermana perpetue corrida voluntarios 300x169\"\/><\/figure>\n\n\n\n<figure class=\"wp-block-image size-large formazione\"><img decoding=\"async\" src=\"https:\/\/spaziospadoni.org\/wp-content\/uploads\/2026\/05\/2021_ottobre_hicsum_16_italia_spazio_spadoni_misericordia_orta_nova_suor_perpetue_formazione-1-300x225.jpg\" alt=\"2021 octubre HIC SUM 16 Italia spazio + spadoni Misericordia di Orta Nova hermana perpetue formaci\u00f3n 1 300x225\"\/><\/figure>\n\n\n\n<figure class=\"wp-block-image size-large formazione\"><img decoding=\"async\" src=\"https:\/\/spaziospadoni.org\/wp-content\/uploads\/2026\/05\/2021_ottobre_hicsum_16_italia_spazio_spadoni_misericordia_orta_nova_suor_perpetue_formazione_primo_soccorso-2-225x300.jpg\" alt=\"2021 octubre HIC SUM 16 Italia spazio + spadoni Misericordia di Orta Nova hermana perpetue formaci\u00f3n primeros auxilios 2 225x300\"\/><\/figure>\n\n\n\n<figure class=\"wp-block-image size-large formazione\"><img decoding=\"async\" src=\"https:\/\/spaziospadoni.org\/wp-content\/uploads\/2026\/05\/2021_ottobre_hicsum_16_italia_spazio_spadoni_misericordia_orta_nova_suor_perpetue_formazione_primo_soccorso-3-225x300.jpg\" alt=\"2021 octubre HIC SUM 16 Italia spazio + spadoni Misericordia di Orta Nova hermana perpetue formaci\u00f3n primeros auxilios 3 225x300\"\/><\/figure>\n\n\n\n<figure class=\"wp-block-image size-large formazione\"><img decoding=\"async\" src=\"https:\/\/spaziospadoni.org\/wp-content\/uploads\/2026\/05\/2021_ottobre_hicsum_16_italia_spazio_spadoni_misericordia_orta_nova_suor_perpetue_formazione_primo_soccorso-225x300.jpg\" alt=\"2021 octubre HIC SUM 16 Italia spazio + spadoni Misericordia di Orta Nova hermana perpetue formaci\u00f3n primeros auxilios 225x300\"\/><\/figure>\n\n\n\n<figure class=\"wp-block-image size-large repubblica-democratica-del-congo\"><img decoding=\"async\" src=\"https:\/\/spaziospadoni.org\/wp-content\/uploads\/2026\/05\/2021_settembre_14_hicsum_16_italia_spazio_spadoni_suor_perpetue_-partenza-225x300.jpg\" alt=\"2021 septiembre 14 HIC SUM 16 Italia spazio + spadoni hermana perpetue partida 225x300\"\/><\/figure>\n\n\n\n<figure class=\"wp-block-image size-large formazione\"><img decoding=\"async\" src=\"https:\/\/spaziospadoni.org\/wp-content\/uploads\/2026\/05\/banco-alimentare-F-sr-copia-300x137.jpg\" alt=\"banco de alimentos F hermana copia 300x137\"\/><\/figure>\n\n\n\n<figure class=\"wp-block-image size-large formazione\"><img decoding=\"async\" src=\"https:\/\/spaziospadoni.org\/wp-content\/uploads\/2026\/05\/in-servixzio-F-sr-copia-167x300.jpg\" alt=\"in servicio F hermana copia 167x300\"\/><\/figure>\n\n\n\n<figure class=\"wp-block-image size-large formazione\"><img decoding=\"async\" src=\"https:\/\/spaziospadoni.org\/wp-content\/uploads\/2026\/05\/formazione-F-nino-copia-300x273.jpg\" alt=\"formaci\u00f3n F nino copia 300x273\"\/><\/figure>\n\n\n\n<figure class=\"wp-block-image size-large formazione\"><img decoding=\"async\" src=\"https:\/\/spaziospadoni.org\/wp-content\/uploads\/2026\/05\/2022_dicembre_15_hicsum_16_italia_spazio_spadoni_suor_perpetue_selene_pera_misericordia_orta_nova_brindisi-225x300.jpeg\" alt=\"2022 diciembre 15 HIC SUM 16 Italia spazio + spadoni hermana perpetue selene pera Misericordia di Orta Nova brindisi 225x300\"\/><\/figure>\n\n\n\n<figure class=\"wp-block-image size-large formazione\"><img decoding=\"async\" src=\"https:\/\/spaziospadoni.org\/wp-content\/uploads\/2026\/05\/2022_dicembre_17_hicsum_16_italia_spazio_spadoni_misericordia_orta_nova_suor_perpetue-300x225.jpeg\" alt=\"2022 diciembre 17 HIC SUM 16 Italia spazio + spadoni Misericordia di Orta Nova hermana perpetue 300x225\"\/><\/figure>\n\n\n\n<figure class=\"wp-block-image size-large formazione\"><img decoding=\"async\" src=\"https:\/\/spaziospadoni.org\/wp-content\/uploads\/2026\/05\/perpetue-ritorna-F-a-tutte-e-due-copia-210x300.jpg\" alt=\"perpetue regresa F a ambas copia 210x300\"\/><\/figure>\n\n\n\n<figure class=\"wp-block-image size-large formazione\"><img decoding=\"async\" src=\"https:\/\/spaziospadoni.org\/wp-content\/uploads\/2026\/05\/formazione-F-sr-copia-1-300x132.jpg\" alt=\"formaci\u00f3n F hermana copia 1 300x132\"\/><\/figure>\n\n\n\n<figure class=\"wp-block-image size-large repubblica-democratica-del-congo\"><img decoding=\"async\" src=\"https:\/\/spaziospadoni.org\/wp-content\/uploads\/2026\/05\/2023_marzo_23_hicsum_16_isiro_congo_spazio_spadoni_suor_perpetue_pollaio-4-225x300.jpeg\" alt=\"2023 marzo 23 HIC SUM 16 isiro congo spazio + spadoni hermana perpetue gallinero 4 225x300\"\/><\/figure>\n\n\n\n<figure class=\"wp-block-image size-large formazione\"><img decoding=\"async\" src=\"https:\/\/spaziospadoni.org\/wp-content\/uploads\/2026\/05\/formazione-F-gaetano-e-noemi-copia-300x111.jpg\" alt=\"formaci\u00f3n F gaetano y Noemi copia 300x111\"\/><\/figure>\n\n\n\n<figure class=\"wp-block-image size-large formazione\"><img decoding=\"async\" src=\"https:\/\/spaziospadoni.org\/wp-content\/uploads\/2026\/05\/2022_dicembre_21_hicsum_16_italia_spazio_spadoni_misericordia_orta_nova_suor_perpetue_arrivo_sr_assumpta-169x300.jpeg\" alt=\"2022 diciembre 21 HIC SUM 16 Italia spazio + spadoni Misericordia di Orta Nova hermana perpetue llegada hermana assumpta 169x300\"\/><\/figure>\n\n\n\n<figure class=\"wp-block-image size-large formazione\"><img decoding=\"async\" src=\"https:\/\/spaziospadoni.org\/wp-content\/uploads\/2026\/05\/2022_dicembre_22_hicsum_16_italia_spazio_spadoni_suor_perpetue_assumpta_misericordia_orta_nova_biliardino-300x135.jpeg\" alt=\"2022 diciembre 22 HIC SUM 16 Italia spazio + spadoni hermana perpetue assumpta Misericordia di Orta Nova biliardino 300x135\"\/><\/figure>\n\n\n\n<figure class=\"wp-block-image size-large formazione\"><img decoding=\"async\" src=\"https:\/\/spaziospadoni.org\/wp-content\/uploads\/2026\/05\/formazione-F-sr-c-copia-300x177.jpg\" alt=\"formaci\u00f3n F hermana c copia 300x177\"\/><\/figure>\n\n\n\n<figure class=\"wp-block-image size-large formazione\"><img decoding=\"async\" src=\"https:\/\/spaziospadoni.org\/wp-content\/uploads\/2026\/05\/2022_dicembre_23_hicsum_16_italia_spazio_spadoni_suor_perpetue_assumpta_misericordia_orta_nova_partenza_per_otranto-3-224x300.jpeg\" alt=\"2022 diciembre 23 HIC SUM 16 Italia spazio + spadoni hermana perpetue assumpta Misericordia di Orta Nova partida per otranto 3 224x300\"\/><\/figure>\n\n\n\n<figure class=\"wp-block-image size-large formazione\"><img decoding=\"async\" src=\"https:\/\/spaziospadoni.org\/wp-content\/uploads\/2026\/05\/2022_dicembre_23_hicsum_16_italia_spazio_spadoni_suor_perpetue_assumpta_misericordia_orta_nova_partenza_per_otranto-169x300.jpeg\" alt=\"2022 diciembre 23 HIC SUM 16 Italia spazio + spadoni hermana perpetue assumpta Misericordia di Orta Nova partida per otranto 169x300\"\/><\/figure>\n\n\n\n<figure class=\"wp-block-image size-large repubblica-democratica-del-congo\"><img decoding=\"async\" src=\"https:\/\/spaziospadoni.org\/wp-content\/uploads\/2026\/05\/2023_marzo_23_hicsum_16_isiro_congo_spazio_spadoni_suor_perpetue_pollaio-2-135x300.jpeg\" alt=\"2023 marzo 23 HIC SUM 16 isiro congo spazio + spadoni hermana perpetue gallinero 2 135x300\"\/><\/figure>\n\n\n\n<figure class=\"wp-block-image size-large formazione\"><img decoding=\"async\" src=\"https:\/\/spaziospadoni.org\/wp-content\/uploads\/2026\/05\/2022_dicembre_24_hicsum_16_italia_misericordia_orta_nova_suor_perpetue_pasta_spazio_spadoni-225x300.jpeg\" alt=\"2022 diciembre 24 HIC SUM 16 Italia Misericordia di Orta Nova hermana perpetue pasta spazio + spadoni 225x300\"\/><\/figure>\n\n\n\n<figure class=\"wp-block-image size-large formazione\"><img decoding=\"async\" src=\"https:\/\/spaziospadoni.org\/wp-content\/uploads\/2026\/05\/2022_dicembre_28_hicsum_16_italia_spazio_spadoni_suor_perpetue_misericordia_orta_nova_pranzo_indigenti-300x225.jpeg\" alt=\"2022 diciembre 28 HIC SUM 16 Italia spazio + spadoni hermana perpetue Misericordia di Orta Nova almuerzo personas necesitadas 300x225\"\/><\/figure>\n\n\n\n<figure class=\"wp-block-image size-large formazione\"><img decoding=\"async\" src=\"https:\/\/spaziospadoni.org\/wp-content\/uploads\/2026\/05\/2022_dicembre_29_hicsum_16_italia_spazio_spadoni_misericordia_orta_nova_suor_perpetue_natale-300x169.jpeg\" alt=\"2022 diciembre 29 HIC SUM 16 Italia spazio + spadoni Misericordia di Orta Nova hermana perpetue Navidad 300x169\"\/><\/figure>\n\n\n\n<figure class=\"wp-block-image size-large formazione\"><img decoding=\"async\" src=\"https:\/\/spaziospadoni.org\/wp-content\/uploads\/2026\/05\/2022_dicembre_29_hicsum_16_italia_spazio_spadoni_misericordia_orta_nova_suor_perpetue_pranzo_indigenti-2-169x300.jpeg\" alt=\"2022 diciembre 29 HIC SUM 16 Italia spazio + spadoni Misericordia di Orta Nova hermana perpetue almuerzo personas necesitadas 2 169x300\"\/><\/figure>\n\n\n\n<figure class=\"wp-block-image size-large formazione\"><img decoding=\"async\" src=\"https:\/\/spaziospadoni.org\/wp-content\/uploads\/2026\/05\/2022_dicembre_29_hicsum_16_italia_spazio_spadoni_misericordia_orta_nova_suor_perpetue_pranzo_indigenti-3-225x300.jpeg\" alt=\"2022 diciembre 29 HIC SUM 16 Italia spazio + spadoni Misericordia di Orta Nova hermana perpetue almuerzo personas necesitadas 3 225x300\"\/><\/figure>\n\n\n\n<figure class=\"wp-block-image size-large formazione\"><img decoding=\"async\" src=\"https:\/\/spaziospadoni.org\/wp-content\/uploads\/2026\/05\/2022_dicembre_29_hicsum_16_italia_spazio_spadoni_misericordia_orta_nova_suor_perpetue_pranzo_indigenti-4-300x225.jpeg\" alt=\"2022 diciembre 29 HIC SUM 16 Italia spazio + spadoni Misericordia di Orta Nova hermana perpetue almuerzo personas necesitadas 4 300x225\"\/><\/figure>\n\n\n\n<figure class=\"wp-block-image size-large formazione\"><img decoding=\"async\" src=\"https:\/\/spaziospadoni.org\/wp-content\/uploads\/2026\/05\/2022_dicembre_29_hicsum_16_italia_spazio_spadoni_misericordia_orta_nova_suor_perpetue_pranzo_indigenti-5-300x225.jpeg\" alt=\"2022 diciembre 29 HIC SUM 16 Italia spazio + spadoni Misericordia di Orta Nova hermana perpetue almuerzo personas necesitadas 5 300x225\"\/><\/figure>\n\n\n\n<figure class=\"wp-block-image size-large formazione\"><img decoding=\"async\" src=\"https:\/\/spaziospadoni.org\/wp-content\/uploads\/2026\/05\/2022_dicembre_29_hicsum_16_italia_spazio_spadoni_misericordia_orta_nova_suor_perpetue_pranzo_indigenti-6-225x300.jpeg\" alt=\"2022 diciembre 29 HIC SUM 16 Italia spazio + spadoni Misericordia di Orta Nova hermana perpetue almuerzo personas necesitadas 6 225x300\"\/><\/figure>\n\n\n\n<figure class=\"wp-block-image size-large formazione\"><img decoding=\"async\" src=\"https:\/\/spaziospadoni.org\/wp-content\/uploads\/2026\/05\/2022_dicembre_hicsum_16_italia_spazio_spadoni_suor_perpetue_misericordia_orta_nova_natale-169x300.jpeg\" alt=\"2022 diciembre HIC SUM 16 Italia spazio + spadoni hermana perpetue Misericordia di Orta Nova Navidad 169x300\"\/><\/figure>\n\n\n\n<figure class=\"wp-block-image size-large formazione\"><img decoding=\"async\" src=\"https:\/\/spaziospadoni.org\/wp-content\/uploads\/2026\/05\/2022_dicembre_29_hicsum_16_italia_spazio_spadoni_misericordia_orta_nova_suor_perpetue_tombola-300x225.jpeg\" alt=\"2022 diciembre 29 HIC SUM 16 Italia spazio + spadoni Misericordia di Orta Nova hermana perpetue tombola 300x225\"\/><\/figure>\n\n\n\n<figure class=\"wp-block-image size-large formazione\"><img decoding=\"async\" src=\"https:\/\/spaziospadoni.org\/wp-content\/uploads\/2026\/05\/2022_febbraio_14_hicsum_16_italia_suor_perpetue_joan_misericordia_orta_nova_spazio_spadoni_san_valentino-4-300x225.jpg\" alt=\"2022 febrero 14 HIC SUM 16 Italia hermana perpetue joan Misericordia di Orta Nova spazio + spadoni san valentino 4 300x225\"\/><\/figure>\n\n\n\n<figure class=\"wp-block-image size-large formazione\"><img decoding=\"async\" src=\"https:\/\/spaziospadoni.org\/wp-content\/uploads\/2026\/05\/2022_febbraio_14_hicsum_16_italia_suor_perpetue_joan_misericordia_orta_nova_spazio_spadoni_san_valentino-5-225x300.jpg\" alt=\"2022 febrero 14 HIC SUM 16 Italia hermana perpetue joan Misericordia di Orta Nova spazio + spadoni san valentino 5 225x300\"\/><\/figure>\n\n\n\n<figure class=\"wp-block-image size-large formazione\"><img decoding=\"async\" src=\"https:\/\/spaziospadoni.org\/wp-content\/uploads\/2026\/05\/2022_febbraio_14_hicsum_16_italia_suor_perpetue_joan_misericordia_orta_nova_spazio_spadoni_san_valentino-6-169x300.jpg\" alt=\"2022 febrero 14 HIC SUM 16 Italia hermana perpetue joan Misericordia di Orta Nova spazio + spadoni san valentino 6 169x300\"\/><\/figure>\n\n\n\n<figure class=\"wp-block-image size-large formazione\"><img decoding=\"async\" src=\"https:\/\/spaziospadoni.org\/wp-content\/uploads\/2026\/05\/2022_febbraio_14_hicsum_16_italia_suor_perpetue_joan_misericordia_orta_nova_spazio_spadoni_san_valentino-7-225x300.jpg\" alt=\"2022 febrero 14 HIC SUM 16 Italia hermana perpetue joan Misericordia di Orta Nova spazio + spadoni san valentino 7 225x300\"\/><\/figure>\n\n\n\n<figure class=\"wp-block-image size-large formazione\"><img decoding=\"async\" src=\"https:\/\/spaziospadoni.org\/wp-content\/uploads\/2026\/05\/2022_febbraio_14_hicsum_16_italia_suor_perpetue_joan_misericordia_orta_nova_spazio_spadoni_san_valentino_volontari-2-225x300.jpg\" alt=\"2022 febrero 14 HIC SUM 16 Italia hermana perpetue joan Misericordia di Orta Nova spazio + spadoni san valentino voluntarios 2 225x300\"\/><\/figure>\n\n\n\n<figure class=\"wp-block-image size-large formazione\"><img decoding=\"async\" src=\"https:\/\/spaziospadoni.org\/wp-content\/uploads\/2026\/05\/2022_febbraio_23_hicsum_16_italia_san_cerbone__lucca_spazio_spadoni_luigi_misericordia_orta_nova-6-300x225.jpg\" alt=\"2022 febrero 23 HIC SUM 16 Italia san cerbone lucca spazio + spadoni luigi Misericordia di Orta Nova 6 300x225\"\/><\/figure>\n\n\n\n<figure class=\"wp-block-image size-large repubblica-democratica-del-congo\"><img decoding=\"async\" src=\"https:\/\/spaziospadoni.org\/wp-content\/uploads\/2026\/05\/2023_marzo_23_hicsum_16_isiro_congo_spazio_spadoni_suor_perpetue_pollaio-3-135x300.jpeg\" alt=\"2023 marzo 23 HIC SUM 16 isiro congo spazio + spadoni hermana perpetue gallinero 3 135x300\"\/><\/figure>\n\n\n\n<figure class=\"wp-block-image size-large formazione\"><img decoding=\"async\" src=\"https:\/\/spaziospadoni.org\/wp-content\/uploads\/2026\/05\/formazione-visita-febbraio.JPG-F-sr-e-sparesi-copia-1-230x300.jpg\" alt=\"formaci\u00f3n visita febrero.JPG F hermana y Sparesi copia 1 230x300\"\/><\/figure>\n\n\n\n<figure class=\"wp-block-image size-large formazione\"><img decoding=\"async\" src=\"https:\/\/spaziospadoni.org\/wp-content\/uploads\/2026\/05\/formazione-visita-febbraio-F-sergio-copia-300x141.jpg\" alt=\"formaci\u00f3n visita febrero F sergio copia 300x141\"\/><\/figure>\n\n\n\n<figure class=\"wp-block-image size-large formazione\"><img decoding=\"async\" src=\"https:\/\/spaziospadoni.org\/wp-content\/uploads\/2026\/05\/2022_febbraio_23_hicsum_16_italia_san_cerbone_spazio_spadoni_luigi_misericordia_orta_nova-4-225x300.jpg\" alt=\"2022 febrero 23 HIC SUM 16 Italia san cerbone spazio + spadoni luigi Misericordia di Orta Nova 4 225x300\"\/><\/figure>\n\n\n\n<figure class=\"wp-block-image size-large formazione\"><img decoding=\"async\" src=\"https:\/\/spaziospadoni.org\/wp-content\/uploads\/2026\/05\/2022_febbraio_23_hicsum_16_italia_san_cerbone_spazio_spadoni_luigi_misericordia_orta_nova_suore_san_francesco_di_sales_suor_perpetue_joan-2-300x225.jpg\" alt=\"2022 febrero 23 HIC SUM 16 Italia san cerbone spazio + spadoni luigi Misericordia di Orta Nova hermanas san francesco di sales hermana perpetue joan 2 300x225\"\/><\/figure>\n\n\n\n<figure class=\"wp-block-image size-large formazione\"><img decoding=\"async\" src=\"https:\/\/spaziospadoni.org\/wp-content\/uploads\/2026\/05\/2022_febbraio_23_hicsum_16_italia_san_cerbone_spazio_spadoni_misericordia_orta_nova-5-225x300.jpg\" alt=\"2022 febrero 23 HIC SUM 16 Italia san cerbone spazio + spadoni Misericordia di Orta Nova 5 225x300\"\/><\/figure>\n\n\n\n<figure class=\"wp-block-image size-large formazione\"><img decoding=\"async\" src=\"https:\/\/spaziospadoni.org\/wp-content\/uploads\/2026\/05\/2022_febbraio_23_hicsum_16_italia_san_cerbone_spazio_spadoni_misericordia_orta_nova_celebrazione_messa-2-225x300.jpg\" alt=\"2022 febrero 23 HIC SUM 16 Italia san cerbone spazio + spadoni Misericordia di Orta Nova celebraci\u00f3n de la misa 2 225x300\"\/><\/figure>\n\n\n\n<figure class=\"wp-block-image size-large formazione\"><img decoding=\"async\" src=\"https:\/\/spaziospadoni.org\/wp-content\/uploads\/2026\/05\/2022_febbraio_23_hicsum_16_italia_san_cerbone_spazio_spadoni_misericordia_orta_nova_suor_perpetue_joan_partenza-225x300.jpg\" alt=\"2022 febrero 23 HIC SUM 16 Italia san cerbone spazio + spadoni Misericordia di Orta Nova hermana perpetue joan partida 225x300\"\/><\/figure>\n\n\n\n<figure class=\"wp-block-image size-large formazione\"><img decoding=\"async\" src=\"https:\/\/spaziospadoni.org\/wp-content\/uploads\/2026\/05\/formazione-visita-febbraio-F-tutte-e-3-copia-1-300x160.jpg\" alt=\"formaci\u00f3n visita febrero F las tres copia 1 300x160\"\/><\/figure>\n\n\n\n<figure class=\"wp-block-image size-large formazione\"><img decoding=\"async\" src=\"https:\/\/spaziospadoni.org\/wp-content\/uploads\/2026\/05\/2022_febbraio_23_hicsum_16_italia_san_cerbone_spazio_spadoni_suor_elisabeth_marguerite_angele_joan-225x300.jpg\" alt=\"2022 febrero 23 HIC SUM 16 Italia san cerbone spazio + spadoni hermana elisabeth marguerite angele joan 225x300\"\/><\/figure>\n\n\n\n<figure class=\"wp-block-image size-large formazione\"><img decoding=\"async\" src=\"https:\/\/spaziospadoni.org\/wp-content\/uploads\/2026\/05\/formazione-visita-febbraio-F-a-tutte-sr-copia-1-300x186.jpg\" alt=\"formaci\u00f3n visita febrero F con todas hermana copia 1 300x186\"\/><\/figure>\n\n\n\n<figure class=\"wp-block-image size-large formazione\"><img decoding=\"async\" src=\"https:\/\/spaziospadoni.org\/wp-content\/uploads\/2026\/05\/2022_febbraio_23_hicsum_16_italia_san_cerbone_spazio_spadoni_suor_marguerite_angele_elisabeth_perpetue_joan-2-225x300.jpg\" alt=\"2022 febrero 23 HIC SUM 16 Italia san cerbone spazio + spadoni hermana marguerite angele elisabeth perpetue joan 2 225x300\"\/><\/figure>\n\n\n\n<figure class=\"wp-block-image size-large formazione\"><img decoding=\"async\" src=\"https:\/\/spaziospadoni.org\/wp-content\/uploads\/2026\/05\/2022_febbraio_23_hicsum_16_italia_san_cerbone_spazio_spadoni_suor_perpetue_canto-225x300.jpg\" alt=\"2022 febrero 23 HIC SUM 16 Italia san cerbone spazio + spadoni hermana perpetue canto 225x300\"\/><\/figure>\n\n\n\n<figure class=\"wp-block-image size-large formazione\"><img decoding=\"async\" src=\"https:\/\/spaziospadoni.org\/wp-content\/uploads\/2026\/05\/2022_febbraio_23_hicsum_16_italia_san_cerbone_spazio_spadoni_suor_perpetue_elisabeth_joan_marguerite_angele_misericordia_orta_nova-2-224x300.jpg\" alt=\"2022 febrero 23 HIC SUM 16 Italia san cerbone spazio + spadoni hermana perpetue elisabeth joan marguerite angele Misericordia di Orta Nova 2 224x300\"\/><\/figure>\n\n\n\n<figure class=\"wp-block-image size-large formazione\"><img decoding=\"async\" src=\"https:\/\/spaziospadoni.org\/wp-content\/uploads\/2026\/05\/2022_febbraio_23_hicsum_16_italia_san_cerbone_spazio_spadoni_suor_perpetue_elisabeth_joan_marguerite_angele_misericordia_orta_nova-12-300x225.jpg\" alt=\"2022 febrero 23 HIC SUM 16 Italia san cerbone spazio + spadoni hermana perpetue elisabeth joan marguerite angele Misericordia di Orta Nova 12 300x225\"\/><\/figure>\n\n\n\n<figure class=\"wp-block-image size-large formazione\"><img decoding=\"async\" src=\"https:\/\/spaziospadoni.org\/wp-content\/uploads\/2026\/05\/2022_febbraio_23_hicsum_16_italia_san_cerbone_spazio_spadoni_suor_perpetue_elisabeth_joan_marguerite_angele_misericordia_orta_nova_arrivo-2-300x225.jpg\" alt=\"2022 febrero 23 HIC SUM 16 Italia san cerbone spazio + spadoni hermana perpetue elisabeth joan marguerite angele Misericordia di Orta Nova llegada 2 300x225\"\/><\/figure>\n\n\n\n<figure class=\"wp-block-image size-large formazione\"><img decoding=\"async\" src=\"https:\/\/spaziospadoni.org\/wp-content\/uploads\/2026\/05\/formazione-pane-F-sr-copia-177x300.jpg\" alt=\"formaci\u00f3n en panader\u00eda F hermana copia 177x300\"\/><\/figure>\n\n\n\n<figure class=\"wp-block-image size-large formazione\"><img decoding=\"async\" src=\"https:\/\/spaziospadoni.org\/wp-content\/uploads\/2026\/05\/2022_hicsum_16_italia_spazio_spadoni_misericordia_orta_nova_suor_perpetue_joan-300x135.jpg\" alt=\"2022 HIC SUM 16 Italia spazio + spadoni Misericordia di Orta Nova hermana perpetue joan 300x135\"\/><\/figure>\n\n\n\n<figure class=\"wp-block-image size-large repubblica-democratica-del-congo\"><img decoding=\"async\" src=\"https:\/\/spaziospadoni.org\/wp-content\/uploads\/2026\/05\/2023_marzo_23_hicsum_16_isiro_congo_spazio_spadoni_suor_perpetue_pollaio-6-300x135.jpeg\" alt=\"2023 marzo 23 HIC SUM 16 isiro congo spazio + spadoni hermana perpetue gallinero 6 300x135\"\/><\/figure>\n\n\n\n<figure class=\"wp-block-image size-large formazione\"><img decoding=\"async\" src=\"https:\/\/spaziospadoni.org\/wp-content\/uploads\/2026\/05\/2023_febbraio_4_hicsum_16_italia_suor_perpetue_spazio_spadoni_misericordia_orta_nova-300x225.jpeg\" alt=\"2023 febrero 4 HIC SUM 16 Italia hermana perpetue spazio + spadoni Misericordia di Orta Nova 300x225\"\/><\/figure>\n\n\n\n<figure class=\"wp-block-image size-large formazione\"><img decoding=\"async\" src=\"https:\/\/spaziospadoni.org\/wp-content\/uploads\/2026\/05\/2023_febbraio_9_hicsum_16_italia_suor_perpetue_spazio_spadoni_misericordia_orta_nova_partenza-300x225.jpeg\" alt=\"2023 febrero 9 HIC SUM 16 Italia hermana perpetue spazio + spadoni Misericordia di Orta Nova partida 300x225\"\/><\/figure>\n\n\n\n<figure class=\"wp-block-image size-large formazione\"><img decoding=\"async\" src=\"https:\/\/spaziospadoni.org\/wp-content\/uploads\/2026\/05\/2023_gennaio_20_hicsum_16_italia_spazio_spadoni_suor_perpetue_misericordia_orta_nova-2-225x300.jpeg\" alt=\"2023 enero 20 HIC SUM 16 Italia spazio + spadoni hermana perpetue Misericordia di Orta Nova 2 225x300\"\/><\/figure>\n\n\n\n<figure class=\"wp-block-image size-large formazione\"><img decoding=\"async\" src=\"https:\/\/spaziospadoni.org\/wp-content\/uploads\/2026\/05\/2023_gennaio_20_hicsum_16_italia_spazio_spadoni_suor_perpetue_misericordia_orta_nova-3-225x300.jpeg\" alt=\"2023 enero 20 HIC SUM 16 Italia spazio + spadoni hermana perpetue Misericordia di Orta Nova 3 225x300\"\/><\/figure>\n\n\n\n<figure class=\"wp-block-image size-large formazione\"><img decoding=\"async\" src=\"https:\/\/spaziospadoni.org\/wp-content\/uploads\/2026\/05\/2023_gennaio_20_hicsum_16_italia_spazio_spadoni_suor_perpetue_misericordia_orta_nova-4-225x300.jpeg\" alt=\"2023 enero 20 HIC SUM 16 Italia spazio + spadoni hermana perpetue Misericordia di Orta Nova 4 225x300\"\/><\/figure>\n\n\n\n<figure class=\"wp-block-image size-large formazione\"><img decoding=\"async\" src=\"https:\/\/spaziospadoni.org\/wp-content\/uploads\/2026\/05\/2023_gennaio_20_hicsum_16_italia_spazio_spadoni_suor_perpetue_misericordia_orta_nova-5-169x300.jpeg\" alt=\"2023 enero 20 HIC SUM 16 Italia spazio + spadoni hermana perpetue Misericordia di Orta Nova 5 169x300\"\/><\/figure>\n\n\n\n<figure class=\"wp-block-image size-large formazione\"><img decoding=\"async\" src=\"https:\/\/spaziospadoni.org\/wp-content\/uploads\/2026\/05\/2023_gennaio_20_hicsum_16_italia_spazio_spadoni_suor_perpetue_misericordia_orta_nova-225x300.jpeg\" alt=\"2023 enero 20 HIC SUM 16 Italia spazio + spadoni hermana perpetue Misericordia di Orta Nova 225x300\"\/><\/figure>\n\n\n\n<figure class=\"wp-block-image size-large formazione\"><img decoding=\"async\" src=\"https:\/\/spaziospadoni.org\/wp-content\/uploads\/2026\/05\/2023_gennaio_20_hicsum_16_italia_spazio_spadoni_suor_perpetue_misericordia_orta_nova_volantino-169x300.jpeg\" alt=\"2023 enero 20 HIC SUM 16 Italia spazio + spadoni hermana perpetue Misericordia di Orta Nova folleto 169x300\"\/><\/figure>\n\n\n\n<figure class=\"wp-block-image size-large formazione\"><img decoding=\"async\" src=\"https:\/\/spaziospadoni.org\/wp-content\/uploads\/2026\/05\/2023_settembre_24_hicsum_16_italia_spazio_spadoni_misericordia_orta_nova_inaugurazione_casa_divina_provvidenza_foulard-2-169x300.jpg\" alt=\"2023 septiembre 24 HIC SUM 16 Italia spazio + spadoni Misericordia di Orta Nova inauguraci\u00f3n Casa de la Divina Providencia foulard 2 169x300\"\/><\/figure>\n\n\n\n<figure class=\"wp-block-image size-large formazione\"><img decoding=\"async\" src=\"https:\/\/spaziospadoni.org\/wp-content\/uploads\/2026\/05\/2023_settembre_24_hicsum_16_italia_spazio_spadoni_misericordia_orta_nova_inaugurazione_casa_divina_provvidenza_foulard-225x300.jpg\" alt=\"2023 septiembre 24 HIC SUM 16 Italia spazio + spadoni Misericordia di Orta Nova inauguraci\u00f3n Casa de la Divina Providencia foulard 225x300\"\/><\/figure>\n\n\n\n<figure class=\"wp-block-image size-large formazione\"><img decoding=\"async\" src=\"https:\/\/spaziospadoni.org\/wp-content\/uploads\/2026\/05\/2023_settembre_24_hicsum_16_italia_spazio_spadoni_misericordia_orta_nova_inaugurazione_casa_divina_provvidenza_striscione-300x169.jpg\" alt=\"2023 septiembre 24 HIC SUM 16 Italia spazio + spadoni Misericordia di Orta Nova inauguraci\u00f3n Casa de la Divina Providencia pancarta 300x169\"\/><\/figure>\n\n\n\n<figure class=\"wp-block-image size-large formazione\"><img decoding=\"async\" src=\"https:\/\/spaziospadoni.org\/wp-content\/uploads\/2026\/05\/spadoni-visita-ortas-nova-F-sparsi.jpg1-copia-300x148.jpg\" alt=\"spazio + spadoni visita Orta Nova F varias.jpg1 copia 300x148\"\/><\/figure>\n\n\n\n<figure class=\"wp-block-image size-large formazione\"><img decoding=\"async\" src=\"https:\/\/spaziospadoni.org\/wp-content\/uploads\/2026\/05\/2023_settembre_24_hicsum_16_italia_spazio_spadoni_misericordia_orta_nova_inaugurazione_casa_divina_provvidenza_visita_vescovo-300x225.jpg\" alt=\"2023 septiembre 24 HIC SUM 16 Italia spazio + spadoni Misericordia di Orta Nova inauguraci\u00f3n Casa de la Divina Providencia visita obispo 300x225\"\/><\/figure>\n\n\n\n<figure class=\"wp-block-image size-large formazione\"><img decoding=\"async\" src=\"https:\/\/spaziospadoni.org\/wp-content\/uploads\/2026\/05\/spazoni-settembre-2023-visita-orta-nova-F-sr-copia-256x300.jpg\" alt=\"spazio + spadoni septiembre 2023 visita orta nova F hermana copia 256x300\"\/><\/figure>\n\n\n\n<figure class=\"wp-block-image size-large formazione\"><img decoding=\"async\" src=\"https:\/\/spaziospadoni.org\/wp-content\/uploads\/2026\/05\/spadoni-visita-ortas-nova-F-sparsi-copia-300x134.jpg\" alt=\"spazio + spadoni visita Orta Nova F varias copia 300x134\"\/><\/figure>\n\n\n\n<figure class=\"wp-block-image size-large formazione\"><img decoding=\"async\" src=\"https:\/\/spaziospadoni.org\/wp-content\/uploads\/2026\/05\/2023_settembre_24_hicsum_16_italia_spazio_spadoni_misericordia_orta_nova_inaugurazione_casa_divina_provvidenza-2-300x225.jpg\" alt=\"2023 septiembre 24 HIC SUM 16 Italia spazio + spadoni Misericordia di Orta Nova inauguraci\u00f3n Casa de la Divina Providencia 2 300x225\"\/><\/figure>\n\n\n\n<figure class=\"wp-block-image size-large repubblica-democratica-del-congo\"><img decoding=\"async\" src=\"https:\/\/spaziospadoni.org\/wp-content\/uploads\/2026\/05\/2023_marzo_23_hicsum_16_isiro_congo_spazio_spadoni_suor_perpetue_pollaio-9-135x300.jpeg\" alt=\"2023 marzo 23 HIC SUM 16 isiro congo spazio + spadoni hermana perpetue gallinero 9 135x300\"\/><\/figure>\n\n\n\n<figure class=\"wp-block-image size-large repubblica-democratica-del-congo\"><img decoding=\"async\" src=\"https:\/\/spaziospadoni.org\/wp-content\/uploads\/2026\/05\/2023_marzo_23_hicsum_16_isiro_congo_spazio_spadoni_suor_perpetue_pollaio-5-225x300.jpeg\" alt=\"2023 marzo 23 HIC SUM 16 isiro congo spazio + spadoni hermana perpetue gallinero 5 225x300\"\/><\/figure>\n\n\n\n<figure class=\"wp-block-image size-large repubblica-democratica-del-congo\"><img decoding=\"async\" src=\"https:\/\/spaziospadoni.org\/wp-content\/uploads\/2026\/05\/2023_marzo_23_hicsum_16_isiro_congo_spazio_spadoni_suor_perpetue_pollaio-10-300x135.jpeg\" alt=\"2023 marzo 23 HIC SUM 16 isiro congo spazio + spadoni hermana perpetue gallinero 10 300x135\"\/><\/figure>\n\n\n\n<figure class=\"wp-block-image size-large repubblica-democratica-del-congo\"><img decoding=\"async\" src=\"https:\/\/spaziospadoni.org\/wp-content\/uploads\/2026\/05\/2023_marzo_23_hicsum_16_isiro_congo_spazio_spadoni_suor_perpetue_pollaio-8-300x135.jpeg\" alt=\"2023 marzo 23 HIC SUM 16 isiro congo spazio + spadoni hermana perpetue gallinero 8 300x135\"\/><\/figure>\n\n\n\n<figure class=\"wp-block-image size-large repubblica-democratica-del-congo\"><img decoding=\"async\" src=\"https:\/\/spaziospadoni.org\/wp-content\/uploads\/2026\/05\/2023_marzo_23_hicsum_16_isiro_congo_spazio_spadoni_suor_perpetue_pollaio-135x300.jpeg\" alt=\"2023 marzo 23 HIC SUM 16 isiro congo spazio + spadoni hermana perpetue gallinero 135x300\"\/><\/figure>\n\n\n\n<figure class=\"wp-block-image size-large repubblica-democratica-del-congo\"><img decoding=\"async\" src=\"https:\/\/spaziospadoni.org\/wp-content\/uploads\/2026\/05\/2023_marzo_23_hicsum_16_isiro_congo_spazio_spadoni_suor_perpetue_pollaio-11-135x300.jpeg\" alt=\"2023 marzo 23 HIC SUM 16 isiro congo spazio + spadoni hermana perpetue gallinero 11 135x300\"\/><\/figure>\n\n\n\n<figure class=\"wp-block-image size-large repubblica-democratica-del-congo\"><img decoding=\"async\" src=\"https:\/\/spaziospadoni.org\/wp-content\/uploads\/2026\/05\/formazione-congo-mettere-2-F-copia-300x185.jpg\" alt=\"formaci\u00f3n congo a\u00f1adir 2 F copia 300x185\"\/><\/figure>\n\n\n\n<figure class=\"wp-block-image size-large repubblica-democratica-del-congo\"><img decoding=\"async\" src=\"https:\/\/spaziospadoni.org\/wp-content\/uploads\/2026\/05\/2023_maggio_hic_sum_16_congo_isiro_suor_perpetue_pane_misericordia_orta_nova_pollaio_impresa_sociale_spazio_spadoni-4-300x225.jpg\" alt=\"2023 mayo HIC SUM 16 congo isiro hermana perpetue Pane di Misericordia Orta Nova gallinero empresa social spazio + spadoni 4 300x225\"\/><\/figure>\n\n\n\n<figure class=\"wp-block-image size-large repubblica-democratica-del-congo\"><img decoding=\"async\" src=\"https:\/\/spaziospadoni.org\/wp-content\/uploads\/2026\/05\/spazio-reale-F-sr-3-copia-300x225.jpg\" alt=\"espacio real F hermana 3 copia 300x225\"\/><\/figure>\n\n\n\n<figure class=\"wp-block-image size-large repubblica-democratica-del-congo\"><img decoding=\"async\" src=\"https:\/\/spaziospadoni.org\/wp-content\/uploads\/2026\/05\/2023_maggio_hic_sum_16_congo_isiro_suor_perpetue_pane_misericordia_orta_nova_pollaio_impresa_sociale_spazio_spadoni-2-300x225.jpg\" alt=\"2023 mayo HIC SUM 16 congo isiro hermana perpetue Pane di Misericordia Orta Nova gallinero empresa social spazio + spadoni 2 300x225\"\/><\/figure>\n\n\n\n<figure class=\"wp-block-image size-large repubblica-democratica-del-congo\"><img decoding=\"async\" src=\"https:\/\/spaziospadoni.org\/wp-content\/uploads\/2026\/05\/2023_maggio_hic_sum_16_congo_isiro_suor_perpetue_pane_misericordia_orta_nova_pollaio_impresa_sociale_spazio_spadoni-5-225x300.jpg\" alt=\"2023 mayo HIC SUM 16 congo isiro hermana perpetue Pane di Misericordia Orta Nova gallinero empresa social spazio + spadoni 5 225x300\"\/><\/figure>\n\n\n\n<figure class=\"wp-block-image size-large repubblica-democratica-del-congo\"><img decoding=\"async\" src=\"https:\/\/spaziospadoni.org\/wp-content\/uploads\/2026\/05\/2022_aprile_3_hicsum_16_isiro_suor_perpetue_spazio_spadoni_spiega_progetto_suore-3-300x225.jpg\" alt=\"2022 abril 3 HIC SUM 16 isiro hermana perpetue spazio + spadoni explica el proyecto hermanas 3 300x225\"\/><\/figure>\n\n\n\n<figure class=\"wp-block-image size-large repubblica-democratica-del-congo\"><img decoding=\"async\" src=\"https:\/\/spaziospadoni.org\/wp-content\/uploads\/2026\/05\/2022_aprile_3_hicsum_16_isiro_suor_perpetue_spazio_spadoni_spiega_progetto_suore-300x225.jpg\" alt=\"2022 abril 3 HIC SUM 16 isiro hermana perpetue spazio + spadoni explica el proyecto hermanas 300x225\"\/><\/figure>\n\n\n\n<figure class=\"wp-block-image size-large formazione\"><img decoding=\"async\" src=\"https:\/\/spaziospadoni.org\/wp-content\/uploads\/2026\/05\/2022_Novembre_dicembre_hicsum_16_loppiano_spazio_spadoni_suor_perpetue_corso_opere_misericordia_economia_comunione-2-225x300.jpeg\" alt=\"2022 noviembre diciembre HIC SUM 16 loppiano spazio + spadoni hermana perpetue curso obras de misericordia econom\u00eda de comuni\u00f3n 2 225x300\"\/><\/figure>\n\n\n\n<figure class=\"wp-block-image size-large formazione\"><img decoding=\"async\" src=\"https:\/\/spaziospadoni.org\/wp-content\/uploads\/2026\/05\/2022_Novembre_dicembre_hicsum_16_loppiano_spazio_spadoni_suor_perpetue_corso_opere_misericordia_economia_comunione-3-225x300.jpeg\" alt=\"2022 noviembre diciembre HIC SUM 16 loppiano spazio + spadoni hermana perpetue curso obras de misericordia econom\u00eda de comuni\u00f3n 3 225x300\"\/><\/figure>\n\n\n\n<figure class=\"wp-block-image size-large formazione\"><img decoding=\"async\" src=\"https:\/\/spaziospadoni.org\/wp-content\/uploads\/2026\/05\/2022_Novembre_dicembre_hicsum_16_loppiano_spazio_spadoni_suor_perpetue_corso_opere_misericordia_economia_comunione-4-300x161.jpeg\" alt=\"2022 noviembre diciembre HIC SUM 16 loppiano spazio + spadoni hermana perpetue curso obras de misericordia econom\u00eda de comuni\u00f3n 4 300x161\"\/><\/figure>\n\n\n\n<figure class=\"wp-block-image size-large formazione\"><img decoding=\"async\" src=\"https:\/\/spaziospadoni.org\/wp-content\/uploads\/2026\/05\/2022_Novembre_dicembre_hicsum_16_loppiano_spazio_spadoni_suor_perpetue_corso_opere_misericordia_economia_comunione-5-300x225.jpeg\" alt=\"2022 noviembre diciembre HIC SUM 16 loppiano spazio + spadoni hermana perpetue curso obras de misericordia econom\u00eda de comuni\u00f3n 5 300x225\"\/><\/figure>\n\n\n\n<figure class=\"wp-block-image size-large formazione\"><img decoding=\"async\" src=\"https:\/\/spaziospadoni.org\/wp-content\/uploads\/2026\/05\/2022_Novembre_dicembre_hicsum_16_loppiano_spazio_spadoni_suor_perpetue_corso_opere_misericordia_economia_comunione-6-267x300.jpeg\" alt=\"2022 noviembre diciembre HIC SUM 16 loppiano spazio + spadoni hermana perpetue curso obras de misericordia econom\u00eda de comuni\u00f3n 6 267x300\"\/><\/figure>\n\n\n\n<figure class=\"wp-block-image size-large formazione\"><img decoding=\"async\" src=\"https:\/\/spaziospadoni.org\/wp-content\/uploads\/2026\/05\/2022_Novembre_dicembre_hicsum_16_loppiano_spazio_spadoni_suor_perpetue_corso_opere_misericordia_economia_comunione-225x300.jpeg\" alt=\"2022 noviembre diciembre HIC SUM 16 loppiano spazio + spadoni hermana perpetue curso obras de misericordia econom\u00eda de comuni\u00f3n 225x300\"\/><\/figure>\n\n\n\n<figure class=\"wp-block-image size-large repubblica-democratica-del-congo pane-di-misericordia\"><img decoding=\"async\" src=\"https:\/\/spaziospadoni.org\/wp-content\/uploads\/2026\/05\/2024_marzo_15_hicsum_16_congo_spazio_spadoni_sr_perpetue_Domenicane_Figlie_Santa_Caterina_Siena_misericordia_orta_nova_impresa_sociale_pulcini_14_giorni-2-225x300.jpg\" alt=\"2024 marzo 15 HIC SUM 16 congo spazio + spadoni hermana perpetue Domenicane Figlie Santa Caterina Siena Misericordia di Orta Nova empresa social pollitos 14 d\u00edas 2 225x300\"\/><\/figure>\n\n\n\n<figure class=\"wp-block-image size-large repubblica-democratica-del-congo pane-di-misericordia\"><img decoding=\"async\" src=\"https:\/\/spaziospadoni.org\/wp-content\/uploads\/2026\/05\/2024_marzo_15_hicsum_16_congo_spazio_spadoni_sr_perpetue_Domenicane_Figlie_Santa_Caterina_Siena_misericordia_orta_nova_impresa_sociale_pulcini_14_giorni-3-225x300.jpg\" alt=\"2024 marzo 15 HIC SUM 16 congo spazio + spadoni hermana perpetue Domenicane Figlie Santa Caterina Siena Misericordia di Orta Nova empresa social pollitos 14 d\u00edas 3 225x300\"\/><\/figure>\n\n\n\n<figure class=\"wp-block-image size-large repubblica-democratica-del-congo pane-di-misericordia\"><img decoding=\"async\" src=\"https:\/\/spaziospadoni.org\/wp-content\/uploads\/2026\/05\/spazio-reale-F-lui-1-copia-225x300.jpg\" alt=\"espacio real F \u00e9l 1 copia 225x300\"\/><\/figure>\n\n\n\n<figure class=\"wp-block-image size-large repubblica-democratica-del-congo pane-di-misericordia\"><img decoding=\"async\" src=\"https:\/\/spaziospadoni.org\/wp-content\/uploads\/2026\/05\/2024_marzo_15_hicsum_16_congo_spazio_spadoni_sr_perpetue_Domenicane_Figlie_Santa_Caterina_Siena_misericordia_orta_nova_impresa_sociale_pulcini_14_giorni-5-225x300.jpg\" alt=\"2024 marzo 15 HIC SUM 16 congo spazio + spadoni hermana perpetue Domenicane Figlie Santa Caterina Siena Misericordia di Orta Nova empresa social pollitos 14 d\u00edas 5 225x300\"\/><\/figure>\n\n\n\n<figure class=\"wp-block-image size-large repubblica-democratica-del-congo pane-di-misericordia\"><img decoding=\"async\" src=\"https:\/\/spaziospadoni.org\/wp-content\/uploads\/2026\/05\/2024_marzo_15_hicsum_16_congo_spazio_spadoni_sr_perpetue_Domenicane_Figlie_Santa_Caterina_Siena_misericordia_orta_nova_impresa_sociale_pulcini_14_giorni-225x300.jpg\" alt=\"2024 marzo 15 HIC SUM 16 congo spazio + spadoni hermana perpetue Domenicane Figlie Santa Caterina Siena Misericordia di Orta Nova empresa social pollitos 14 d\u00edas 225x300\"\/><\/figure>\n\n\n\n<figure class=\"wp-block-image size-large repubblica-democratica-del-congo pane-di-misericordia\"><img decoding=\"async\" src=\"https:\/\/spaziospadoni.org\/wp-content\/uploads\/2026\/05\/2025_maggio_assemblea_uisg_roma_spazio_spadoni_opere_misericordia_superiore_generali_suore-137-300x225.jpg\" alt=\"2025 mayo assemblea uisg roma spazio + spadoni obras de misericordia superiore generali hermanas 137 300x225\"\/><\/figure>\n\n\n\n<figure class=\"wp-block-image size-large repubblica-democratica-del-congo pane-di-misericordia\"><img decoding=\"async\" src=\"https:\/\/spaziospadoni.org\/wp-content\/uploads\/2026\/05\/2025_maggio_assemblea_uisg_roma_spazio_spadoni_opere_misericordia_superiore_generali_suore-138-300x225.jpg\" alt=\"2025 mayo assemblea uisg roma spazio + spadoni obras de misericordia superiore generali hermanas 138 300x225\"\/><\/figure>\n\n\n\n<figure class=\"wp-block-image size-large repubblica-democratica-del-congo pane-di-misericordia\"><img decoding=\"async\" src=\"https:\/\/spaziospadoni.org\/wp-content\/uploads\/2026\/05\/2025_maggio_assemblea_uisg_roma_spazio_spadoni_opere_misericordia_superiore_generali_suore-133-300x225.jpg\" alt=\"2025 mayo assemblea uisg roma spazio + spadoni obras de misericordia superiore generali hermanas 133 300x225\"\/><\/figure>\n<\/figure>\n\n\n\n<div class=\"gb-element-b24bbf5e ss-media-videos\">\n<figure class=\"wp-block-video video\"><video controls src=\"https:\/\/spaziospadoni.org\/wp-content\/uploads\/2026\/05\/formazione_panificio_suor_perpetue.mov\"><\/video><figcaption class=\"wp-element-caption\">formaci\u00f3n en panader\u00eda de la hermana Perpetue<\/figcaption><\/figure>\n\n\n\n<figure class=\"wp-block-video video\"><video controls src=\"https:\/\/spaziospadoni.org\/wp-content\/uploads\/2026\/05\/febbraio_2022_san_cerbone.mov\"><\/video><figcaption class=\"wp-element-caption\">febrero de 2022 San Cerbone<\/figcaption><\/figure>\n\n\n\n<figure class=\"wp-block-video video\"><video controls src=\"https:\/\/spaziospadoni.org\/wp-content\/uploads\/2026\/05\/2022_febbraio_san_cerbone_suor_perpetue.mov\"><\/video><figcaption class=\"wp-element-caption\">febrero de 2022 San Cerbone hermana Perpetue<\/figcaption><\/figure>\n\n\n\n<figure class=\"wp-block-video video\"><video controls src=\"https:\/\/spaziospadoni.org\/wp-content\/uploads\/2026\/05\/Festa-Misericordia.mp4\"><\/video><figcaption class=\"wp-element-caption\">Fiesta de la Misericordia<\/figcaption><\/figure>\n\n\n\n<figure class=\"wp-block-video video\"><video controls src=\"https:\/\/spaziospadoni.org\/wp-content\/uploads\/2026\/05\/settembre_2023_Casa_misericordia.mp4\"><\/video><figcaption class=\"wp-element-caption\">septiembre de 2023 Casa Misericordia<\/figcaption><\/figure>\n\n\n\n<figure class=\"wp-block-video video\"><video controls src=\"https:\/\/spaziospadoni.org\/wp-content\/uploads\/2026\/05\/2024_pane_misericordia_progetto_allevamento_polli.mp4\"><\/video><figcaption class=\"wp-element-caption\">2024 Pane di Misericordia proyecto de cr\u00eda de pollos<\/figcaption><\/figure>\n\n\n\n<figure class=\"wp-block-video video\"><video controls src=\"https:\/\/spaziospadoni.org\/wp-content\/uploads\/2026\/05\/2022_san_valentino_festa_orta_nova-2.mp4\"><\/video><figcaption class=\"wp-element-caption\">2022 fiesta de San Valent\u00edn Orta Nova 2<\/figcaption><\/figure>\n\n\n\n<figure class=\"wp-block-video video\"><video controls src=\"https:\/\/spaziospadoni.org\/wp-content\/uploads\/2026\/05\/2022_san_valentino_festa_orta_nova-1.mp4\"><\/video><figcaption class=\"wp-element-caption\">2022 fiesta de San Valent\u00edn Orta Nova 1<\/figcaption><\/figure>\n\n\n\n<figure class=\"wp-block-video video\"><video controls src=\"https:\/\/spaziospadoni.org\/wp-content\/uploads\/2026\/05\/formazione_suor_perpetue_congo.mp4\"><\/video><figcaption class=\"wp-element-caption\">formaci\u00f3n de la hermana Perpetue Congo<\/figcaption><\/figure>\n<\/div>\n<\/div>\n<\/div>\n<\/div>\n<\/div>\n","protected":false},"excerpt":{"rendered":"<p>Hermana Perpetue &#8211; Isiro (Rep\u00fablica Democr\u00e1tica del Congo) PROYECTO 16 de 72 MISI\u00d3N Lugar Isiro Di\u00f3cesis Isiro Pa\u00eds Rep\u00fablica Democr\u00e1tica del Congo Continente Africa Coordenadas GPS 2.462388 27.37066 Zona horaria UTC+2 CONGREGACI\u00d3N Congregaci\u00f3n S\u0153urs Dominicaines Filles de Sainte Catherine de Sienne Casa Madre Isiro Di\u00f3cesis Isiro-Niangara Pa\u00eds Rep\u00fablica Democr\u00e1tica del Congo Continente Africa Fiesta de &#8230; <a title=\"Rep\u00fablica Democr\u00e1tica del Congo &#8211; \u00c1frica | Proyecto #16 de 72\" class=\"read-more\" href=\"https:\/\/spaziospadoni.org\/es\/hic-sum\/republica-democratica-del-congo-africa-proyecto-16-de-72\/\" aria-label=\"Read more about Rep\u00fablica Democr\u00e1tica del Congo &#8211; \u00c1frica | Proyecto #16 de 72\">Leer m\u00e1s<\/a><\/p>\n","protected":false},"author":102,"featured_media":0,"parent":63319,"menu_order":0,"comment_status":"closed","ping_status":"closed","template":"","meta":{"_sitemap_exclude":false,"_sitemap_priority":"","_sitemap_frequency":"","footnotes":""},"class_list":["post-67690","page","type-page","status-publish","infinite-scroll-item"],"yoast_head":"<!-- This site is optimized with the Yoast SEO plugin v28.4 - https:\/\/yoast.com\/product\/yoast-seo-wordpress\/ -->\n<title>Rep\u00fablica Democr\u00e1tica del Congo - \u00c1frica | Proyecto #16 de 72 | Spazio Spadoni<\/title>\n<meta name=\"description\" content=\"Hermana Perpetue - Isiro (Rep\u00fablica Democr\u00e1tica del Congo) PROYECTO 16 de 72 MISI\u00d3N Lugar Isiro Di\u00f3cesis Isiro Pa\u00eds Rep\u00fablica Democr\u00e1tica del Congo\" \/>\n<meta name=\"robots\" content=\"index, follow, max-snippet:-1, max-image-preview:large, max-video-preview:-1\" \/>\n<link rel=\"canonical\" href=\"https:\/\/spaziospadoni.org\/es\/hic-sum\/republica-democratica-del-congo-africa-proyecto-16-de-72\/\" \/>\n<meta property=\"og:locale\" content=\"es_ES\" \/>\n<meta property=\"og:type\" content=\"article\" \/>\n<meta property=\"og:title\" content=\"Rep\u00fablica Democr\u00e1tica del Congo - \u00c1frica | Proyecto #16 de 72 | Spazio Spadoni\" \/>\n<meta property=\"og:description\" content=\"Hermana Perpetue - Isiro (Rep\u00fablica Democr\u00e1tica del Congo) PROYECTO 16 de 72 MISI\u00d3N Lugar Isiro Di\u00f3cesis Isiro Pa\u00eds Rep\u00fablica Democr\u00e1tica del Congo\" \/>\n<meta property=\"og:url\" content=\"https:\/\/spaziospadoni.org\/es\/hic-sum\/republica-democratica-del-congo-africa-proyecto-16-de-72\/\" \/>\n<meta property=\"og:site_name\" content=\"spazio + spadoni\" \/>\n<meta property=\"article:publisher\" content=\"https:\/\/www.facebook.com\/SpazioSpadoni\/\" \/>\n<meta property=\"article:modified_time\" content=\"2026-07-21T14:57:53+00:00\" \/>\n<meta property=\"og:image\" content=\"https:\/\/spaziospadoni.org\/wp-content\/uploads\/2026\/05\/hicsum_1_congo-spaziospadoni-scaled.png\" \/>\n\t<meta property=\"og:image:width\" content=\"2560\" \/>\n\t<meta property=\"og:image:height\" content=\"1771\" \/>\n\t<meta property=\"og:image:type\" content=\"image\/png\" \/>\n<meta name=\"twitter:card\" content=\"summary_large_image\" \/>\n<meta name=\"twitter:label1\" content=\"Est. reading time\" \/>\n\t<meta name=\"twitter:data1\" content=\"40 minutes\" \/>\n<script type=\"application\/ld+json\" class=\"yoast-schema-graph\">{\"@context\":\"https:\\\/\\\/schema.org\",\"@graph\":[{\"@type\":\"WebPage\",\"@id\":\"https:\\\/\\\/spaziospadoni.org\\\/es\\\/hic-sum\\\/republica-democratica-del-congo-africa-proyecto-16-de-72\\\/\",\"url\":\"https:\\\/\\\/spaziospadoni.org\\\/es\\\/hic-sum\\\/republica-democratica-del-congo-africa-proyecto-16-de-72\\\/\",\"name\":\"Rep\u00fablica Democr\u00e1tica del Congo - \u00c1frica | Proyecto #16 de 72 | Spazio Spadoni\",\"isPartOf\":{\"@id\":\"https:\\\/\\\/spaziospadoni.org\\\/es\\\/#website\"},\"primaryImageOfPage\":{\"@id\":\"https:\\\/\\\/spaziospadoni.org\\\/es\\\/hic-sum\\\/republica-democratica-del-congo-africa-proyecto-16-de-72\\\/#primaryimage\"},\"image\":{\"@id\":\"https:\\\/\\\/spaziospadoni.org\\\/es\\\/hic-sum\\\/republica-democratica-del-congo-africa-proyecto-16-de-72\\\/#primaryimage\"},\"thumbnailUrl\":\"https:\\\/\\\/spaziospadoni.org\\\/wp-content\\\/uploads\\\/2026\\\/05\\\/hicsum_16_congo-spaziospadoni-1-1024x709.png\",\"datePublished\":\"2026-05-15T14:32:56+00:00\",\"dateModified\":\"2026-07-21T14:57:53+00:00\",\"description\":\"Hermana Perpetue - Isiro (Rep\u00fablica Democr\u00e1tica del Congo) PROYECTO 16 de 72 MISI\u00d3N Lugar Isiro Di\u00f3cesis Isiro Pa\u00eds Rep\u00fablica Democr\u00e1tica del Congo\",\"breadcrumb\":{\"@id\":\"https:\\\/\\\/spaziospadoni.org\\\/es\\\/hic-sum\\\/republica-democratica-del-congo-africa-proyecto-16-de-72\\\/#breadcrumb\"},\"inLanguage\":\"es-ES\",\"potentialAction\":[{\"@type\":\"ReadAction\",\"target\":[\"https:\\\/\\\/spaziospadoni.org\\\/es\\\/hic-sum\\\/republica-democratica-del-congo-africa-proyecto-16-de-72\\\/\"]}]},{\"@type\":\"ImageObject\",\"inLanguage\":\"es-ES\",\"@id\":\"https:\\\/\\\/spaziospadoni.org\\\/es\\\/hic-sum\\\/republica-democratica-del-congo-africa-proyecto-16-de-72\\\/#primaryimage\",\"url\":\"https:\\\/\\\/spaziospadoni.org\\\/wp-content\\\/uploads\\\/2026\\\/05\\\/hicsum_16_congo-spaziospadoni-1-1024x709.png\",\"contentUrl\":\"https:\\\/\\\/spaziospadoni.org\\\/wp-content\\\/uploads\\\/2026\\\/05\\\/hicsum_16_congo-spaziospadoni-1-1024x709.png\"},{\"@type\":\"BreadcrumbList\",\"@id\":\"https:\\\/\\\/spaziospadoni.org\\\/es\\\/hic-sum\\\/republica-democratica-del-congo-africa-proyecto-16-de-72\\\/#breadcrumb\",\"itemListElement\":[{\"@type\":\"ListItem\",\"position\":1,\"name\":\"Home\",\"item\":\"https:\\\/\\\/spaziospadoni.org\\\/es\\\/\"},{\"@type\":\"ListItem\",\"position\":2,\"name\":\"Proyectos misioneros &#8211; Hic Sum\",\"item\":\"https:\\\/\\\/spaziospadoni.org\\\/es\\\/hic-sum\\\/\"},{\"@type\":\"ListItem\",\"position\":3,\"name\":\"Rep\u00fablica Democr\u00e1tica del Congo &#8211; \u00c1frica | Proyecto #16 de 72\"}]},{\"@type\":\"WebSite\",\"@id\":\"https:\\\/\\\/spaziospadoni.org\\\/es\\\/#website\",\"url\":\"https:\\\/\\\/spaziospadoni.org\\\/es\\\/\",\"name\":\"spazio + spadoni\",\"description\":\"Generazione di misericordia e missione nel mondo\",\"publisher\":{\"@id\":\"https:\\\/\\\/spaziospadoni.org\\\/es\\\/#organization\"},\"alternateName\":\"spaziospadoni.org\",\"potentialAction\":[{\"@type\":\"SearchAction\",\"target\":{\"@type\":\"EntryPoint\",\"urlTemplate\":\"https:\\\/\\\/spaziospadoni.org\\\/es\\\/?s={search_term_string}\"},\"query-input\":{\"@type\":\"PropertyValueSpecification\",\"valueRequired\":true,\"valueName\":\"search_term_string\"}}],\"inLanguage\":\"es-ES\"},{\"@type\":\"Organization\",\"@id\":\"https:\\\/\\\/spaziospadoni.org\\\/es\\\/#organization\",\"name\":\"spazio + spadoni\",\"alternateName\":\"spaziospadoni.org\",\"url\":\"https:\\\/\\\/spaziospadoni.org\\\/es\\\/\",\"logo\":{\"@type\":\"ImageObject\",\"inLanguage\":\"es-ES\",\"@id\":\"https:\\\/\\\/spaziospadoni.org\\\/es\\\/#\\\/schema\\\/logo\\\/image\\\/\",\"url\":\"https:\\\/\\\/spaziospadoni.org\\\/wp-content\\\/uploads\\\/2026\\\/05\\\/spazio-spadoni-logo-100x100-1.webp\",\"contentUrl\":\"https:\\\/\\\/spaziospadoni.org\\\/wp-content\\\/uploads\\\/2026\\\/05\\\/spazio-spadoni-logo-100x100-1.webp\",\"width\":100,\"height\":100,\"caption\":\"spazio + spadoni\"},\"image\":{\"@id\":\"https:\\\/\\\/spaziospadoni.org\\\/es\\\/#\\\/schema\\\/logo\\\/image\\\/\"},\"sameAs\":[\"https:\\\/\\\/www.facebook.com\\\/SpazioSpadoni\\\/\",\"https:\\\/\\\/www.instagram.com\\\/spaziospadoni\\\/\",\"https:\\\/\\\/www.youtube.com\\\/@spaziospadoni\\\/playlists\"]}]}<\/script>\n<!-- \/ Yoast SEO plugin. -->","yoast_head_json":{"title":"Rep\u00fablica Democr\u00e1tica del Congo - \u00c1frica | Proyecto #16 de 72 | Spazio Spadoni","description":"Hermana Perpetue - Isiro (Rep\u00fablica Democr\u00e1tica del Congo) PROYECTO 16 de 72 MISI\u00d3N Lugar Isiro Di\u00f3cesis Isiro Pa\u00eds Rep\u00fablica Democr\u00e1tica del Congo","robots":{"index":"index","follow":"follow","max-snippet":"max-snippet:-1","max-image-preview":"max-image-preview:large","max-video-preview":"max-video-preview:-1"},"canonical":"https:\/\/spaziospadoni.org\/es\/hic-sum\/republica-democratica-del-congo-africa-proyecto-16-de-72\/","og_locale":"es_ES","og_type":"article","og_title":"Rep\u00fablica Democr\u00e1tica del Congo - \u00c1frica | Proyecto #16 de 72 | Spazio Spadoni","og_description":"Hermana Perpetue - Isiro (Rep\u00fablica Democr\u00e1tica del Congo) PROYECTO 16 de 72 MISI\u00d3N Lugar Isiro Di\u00f3cesis Isiro Pa\u00eds Rep\u00fablica Democr\u00e1tica del Congo","og_url":"https:\/\/spaziospadoni.org\/es\/hic-sum\/republica-democratica-del-congo-africa-proyecto-16-de-72\/","og_site_name":"spazio + spadoni","article_publisher":"https:\/\/www.facebook.com\/SpazioSpadoni\/","article_modified_time":"2026-07-21T14:57:53+00:00","og_image":[{"width":2560,"height":1771,"url":"https:\/\/spaziospadoni.org\/wp-content\/uploads\/2026\/05\/hicsum_1_congo-spaziospadoni-scaled.png","type":"image\/png"}],"twitter_card":"summary_large_image","twitter_misc":{"Est. reading time":"40 minutes"},"schema":{"@context":"https:\/\/schema.org","@graph":[{"@type":"WebPage","@id":"https:\/\/spaziospadoni.org\/es\/hic-sum\/republica-democratica-del-congo-africa-proyecto-16-de-72\/","url":"https:\/\/spaziospadoni.org\/es\/hic-sum\/republica-democratica-del-congo-africa-proyecto-16-de-72\/","name":"Rep\u00fablica Democr\u00e1tica del Congo - \u00c1frica | Proyecto #16 de 72 | Spazio Spadoni","isPartOf":{"@id":"https:\/\/spaziospadoni.org\/es\/#website"},"primaryImageOfPage":{"@id":"https:\/\/spaziospadoni.org\/es\/hic-sum\/republica-democratica-del-congo-africa-proyecto-16-de-72\/#primaryimage"},"image":{"@id":"https:\/\/spaziospadoni.org\/es\/hic-sum\/republica-democratica-del-congo-africa-proyecto-16-de-72\/#primaryimage"},"thumbnailUrl":"https:\/\/spaziospadoni.org\/wp-content\/uploads\/2026\/05\/hicsum_16_congo-spaziospadoni-1-1024x709.png","datePublished":"2026-05-15T14:32:56+00:00","dateModified":"2026-07-21T14:57:53+00:00","description":"Hermana Perpetue - Isiro (Rep\u00fablica Democr\u00e1tica del Congo) PROYECTO 16 de 72 MISI\u00d3N Lugar Isiro Di\u00f3cesis Isiro Pa\u00eds Rep\u00fablica Democr\u00e1tica del Congo","breadcrumb":{"@id":"https:\/\/spaziospadoni.org\/es\/hic-sum\/republica-democratica-del-congo-africa-proyecto-16-de-72\/#breadcrumb"},"inLanguage":"es-ES","potentialAction":[{"@type":"ReadAction","target":["https:\/\/spaziospadoni.org\/es\/hic-sum\/republica-democratica-del-congo-africa-proyecto-16-de-72\/"]}]},{"@type":"ImageObject","inLanguage":"es-ES","@id":"https:\/\/spaziospadoni.org\/es\/hic-sum\/republica-democratica-del-congo-africa-proyecto-16-de-72\/#primaryimage","url":"https:\/\/spaziospadoni.org\/wp-content\/uploads\/2026\/05\/hicsum_16_congo-spaziospadoni-1-1024x709.png","contentUrl":"https:\/\/spaziospadoni.org\/wp-content\/uploads\/2026\/05\/hicsum_16_congo-spaziospadoni-1-1024x709.png"},{"@type":"BreadcrumbList","@id":"https:\/\/spaziospadoni.org\/es\/hic-sum\/republica-democratica-del-congo-africa-proyecto-16-de-72\/#breadcrumb","itemListElement":[{"@type":"ListItem","position":1,"name":"Home","item":"https:\/\/spaziospadoni.org\/es\/"},{"@type":"ListItem","position":2,"name":"Proyectos misioneros &#8211; Hic Sum","item":"https:\/\/spaziospadoni.org\/es\/hic-sum\/"},{"@type":"ListItem","position":3,"name":"Rep\u00fablica Democr\u00e1tica del Congo &#8211; \u00c1frica | Proyecto #16 de 72"}]},{"@type":"WebSite","@id":"https:\/\/spaziospadoni.org\/es\/#website","url":"https:\/\/spaziospadoni.org\/es\/","name":"spazio + spadoni","description":"Generazione di misericordia e missione nel mondo","publisher":{"@id":"https:\/\/spaziospadoni.org\/es\/#organization"},"alternateName":"spaziospadoni.org","potentialAction":[{"@type":"SearchAction","target":{"@type":"EntryPoint","urlTemplate":"https:\/\/spaziospadoni.org\/es\/?s={search_term_string}"},"query-input":{"@type":"PropertyValueSpecification","valueRequired":true,"valueName":"search_term_string"}}],"inLanguage":"es-ES"},{"@type":"Organization","@id":"https:\/\/spaziospadoni.org\/es\/#organization","name":"spazio + spadoni","alternateName":"spaziospadoni.org","url":"https:\/\/spaziospadoni.org\/es\/","logo":{"@type":"ImageObject","inLanguage":"es-ES","@id":"https:\/\/spaziospadoni.org\/es\/#\/schema\/logo\/image\/","url":"https:\/\/spaziospadoni.org\/wp-content\/uploads\/2026\/05\/spazio-spadoni-logo-100x100-1.webp","contentUrl":"https:\/\/spaziospadoni.org\/wp-content\/uploads\/2026\/05\/spazio-spadoni-logo-100x100-1.webp","width":100,"height":100,"caption":"spazio + spadoni"},"image":{"@id":"https:\/\/spaziospadoni.org\/es\/#\/schema\/logo\/image\/"},"sameAs":["https:\/\/www.facebook.com\/SpazioSpadoni\/","https:\/\/www.instagram.com\/spaziospadoni\/","https:\/\/www.youtube.com\/@spaziospadoni\/playlists"]}]}},"_links":{"self":[{"href":"https:\/\/spaziospadoni.org\/es\/wp-json\/wp\/v2\/pages\/67690","targetHints":{"allow":["GET"]}}],"collection":[{"href":"https:\/\/spaziospadoni.org\/es\/wp-json\/wp\/v2\/pages"}],"about":[{"href":"https:\/\/spaziospadoni.org\/es\/wp-json\/wp\/v2\/types\/page"}],"author":[{"embeddable":true,"href":"https:\/\/spaziospadoni.org\/es\/wp-json\/wp\/v2\/users\/102"}],"replies":[{"embeddable":true,"href":"https:\/\/spaziospadoni.org\/es\/wp-json\/wp\/v2\/comments?post=67690"}],"version-history":[{"count":0,"href":"https:\/\/spaziospadoni.org\/es\/wp-json\/wp\/v2\/pages\/67690\/revisions"}],"up":[{"embeddable":true,"href":"https:\/\/spaziospadoni.org\/es\/wp-json\/wp\/v2\/pages\/63319"}],"wp:attachment":[{"href":"https:\/\/spaziospadoni.org\/es\/wp-json\/wp\/v2\/media?parent=67690"}],"curies":[{"name":"wp","href":"https:\/\/api.w.org\/{rel}","templated":true}]}}