{"id":68790,"date":"2026-05-15T15:38:48","date_gmt":"2026-05-15T14:38:48","guid":{"rendered":"https:\/\/spaziospadoni.org\/hic-sum\/repubblica-democratica-del-congo-africa-progetto-17-di-72\/"},"modified":"2026-08-01T18:23:03","modified_gmt":"2026-08-01T17:23:03","slug":"republica-democratica-del-congo-africa-proyecto-17-de-72","status":"publish","type":"page","link":"https:\/\/spaziospadoni.org\/es\/hic-sum\/republica-democratica-del-congo-africa-proyecto-17-de-72\/","title":{"rendered":"Rep\u00fablica Democr\u00e1tica del Congo &#8211; \u00c1frica | Proyecto #17 de 72"},"content":{"rendered":"\n<div class=\"ss-project-hero-card\">\n<h2 id=\"hermana-elisabeth-wamba-republica-democratica-del-congo\" class=\"gb-text gb-text-62a95885\">Hermana Elisabeth &#8211; Wamba (Rep\u00fablica Democr\u00e1tica del Congo)<\/h2>\n\n\n\n<div class=\"gb-element-f60f2409\">\n<div class=\"gb-element-90a85740 ss-project-sidebar\">\n<h2 id=\"proyecto-17-de-72\" class=\"gb-text ss-project-title\">PROYECTO 17 de 72<\/h2>\n\n\n\n<figure class=\"wp-block-image size-large\"><img decoding=\"async\" src=\"https:\/\/spaziospadoni.org\/wp-content\/uploads\/2026\/05\/hicsum_17_congo-spaziospadoni-scaled.png\" alt=\"HIC SUM 17 congo spazio + spadoni 400x277\" class=\"wp-image-43007\"\/><\/figure>\n\n\n\n<div class=\"ss-project-table\">\n<div class=\"ss-table-section-title\">\n<h3 id=\"mision\" class=\"gb-text\">MISI\u00d3N<\/h3>\n<\/div>\n\n\n\n<div class=\"ss-table-row\">\n<p class=\"gb-text\">Lugar<\/p>\n\n\n\n<p class=\"gb-text\"><a href=\"https:\/\/www.google.it\/maps\/place\/Wamba+City,+Repubblica+Democratica+del+Congo\/@2.1481306,27.9754731,13z\/data=!3m1!4b1!4m6!3m5!1s0x175d2b5e7d27cf21:0x13d8e6926206ed8b!8m2!3d2.1553394!4d27.9951862!16s%2Fm%2F0h95bfv?entry=ttu&amp;g_ep=EgoyMDI1MDMyNS4xIKXMDSoJLDEwMjExNjM5SAFQAw%3D%3D\" rel=\"noreferrer noopener\" target=\"_blank\" title=\"Wamba\">Wamba<\/a><\/p>\n<\/div>\n\n\n\n<div class=\"ss-table-row\">\n<p class=\"gb-text\">Di\u00f3cesis<\/p>\n\n\n\n<p class=\"gb-text\">Wamba<\/p>\n<\/div>\n\n\n\n<div class=\"ss-table-row\">\n<p class=\"gb-text\">Pa\u00eds<\/p>\n\n\n\n<p class=\"gb-text\"><strong>Rep\u00fablica Democr\u00e1tica del Congo<\/strong><\/p>\n<\/div>\n\n\n\n<div class=\"ss-table-row\">\n<p class=\"gb-text\">Continente<\/p>\n\n\n\n<p class=\"gb-text\">Africa<\/p>\n<\/div>\n\n\n\n<div class=\"ss-table-row\">\n<p class=\"gb-text\">Coordenadas GPS<\/p>\n\n\n\n<p class=\"gb-text\">2.14711 27.98453<\/p>\n<\/div>\n\n\n\n<div class=\"ss-table-row\">\n<p class=\"gb-text\">Zona horaria<\/p>\n\n\n\n<p class=\"gb-text\">UTC+2<\/p>\n<\/div>\n<\/div>\n\n\n\n<div class=\"ss-project-table\">\n<div class=\"ss-table-section-title\">\n<h3 id=\"congregacion\" class=\"gb-text\">CONGREGACI\u00d3N<\/h3>\n<\/div>\n\n\n\n<div class=\"ss-table-row\">\n<p class=\"gb-text\">Congregaci\u00f3n<\/p>\n\n\n\n<p class=\"gb-text\">Petites S\u0153urs de l\u2019Evang\u00e9lisation<\/p>\n<\/div>\n\n\n\n<div class=\"ss-table-row\">\n<p class=\"gb-text\">Casa Madre<\/p>\n\n\n\n<p class=\"gb-text\">Wamba<\/p>\n<\/div>\n\n\n\n<div class=\"ss-table-row\">\n<p class=\"gb-text\">Di\u00f3cesis<\/p>\n\n\n\n<p class=\"gb-text\">Wamba<\/p>\n<\/div>\n\n\n\n<div class=\"ss-table-row\">\n<p class=\"gb-text\">Pa\u00eds<\/p>\n\n\n\n<p class=\"gb-text\">Rep\u00fablica Democr\u00e1tica del Congo<\/p>\n<\/div>\n\n\n\n<div class=\"ss-table-row\">\n<p class=\"gb-text\">Continente<\/p>\n\n\n\n<p class=\"gb-text\">Africa<\/p>\n<\/div>\n\n\n\n<div class=\"ss-table-row\">\n<p class=\"gb-text\">Fiesta de la Congregaci\u00f3n<\/p>\n\n\n\n<p class=\"gb-text\">Jornada Mundial de las Misiones<\/p>\n<\/div>\n\n\n\n<div class=\"ss-table-row\">\n<p class=\"gb-text\">Coordenadas GPS<\/p>\n\n\n\n<p class=\"gb-text\">2.14711 27.98453<\/p>\n<\/div>\n\n\n\n<div class=\"ss-table-row\">\n<p class=\"gb-text\">Zona horaria<\/p>\n\n\n\n<p class=\"gb-text\">UTC+2<\/p>\n<\/div>\n\n\n\n<div class=\"ss-table-row\">\n<p class=\"gb-text\">Persona de contacto<\/p>\n\n\n\n<p class=\"gb-text\">Hermana Elisabeth<\/p>\n<\/div>\n\n\n\n<div class=\"ss-table-row\">\n<p class=\"gb-text\">Madre General<\/p>\n\n\n\n<p class=\"gb-text\">Hermana Marie Gustave Atua<\/p>\n<\/div>\n\n\n\n<div class=\"ss-table-row\">\n<p class=\"gb-text\">Sitio web<\/p>\n\n\n\n<p class=\"gb-text\"><a href=\"https:\/\/www.hhcj.it\/\" target=\"_blank\" rel=\"noreferrer noopener\" title=\"hhcj.it\">hhcj.it<\/a><\/p>\n<\/div>\n<\/div>\n\n\n\n<div class=\"ss-project-table\">\n<div class=\"ss-table-section-title\">\n<h3 id=\"entidad-de-formacion\" class=\"gb-text\">ENTIDAD DE FORMACI\u00d3N<\/h3>\n<\/div>\n\n\n\n<div class=\"ss-table-row\">\n<p class=\"gb-text\">Nombre<\/p>\n\n\n\n<p class=\"gb-text\">Misericordia Alfero<\/p>\n<\/div>\n\n\n\n<div class=\"ss-table-row\">\n<p class=\"gb-text\">Lugar<\/p>\n\n\n\n<p class=\"gb-text\">Alfero (FC)<\/p>\n<\/div>\n\n\n\n<div class=\"ss-table-row\">\n<p class=\"gb-text\">Pa\u00eds<\/p>\n\n\n\n<p class=\"gb-text\">Italia<\/p>\n<\/div>\n\n\n\n<div class=\"ss-table-row\">\n<p class=\"gb-text\">Continente<\/p>\n\n\n\n<p class=\"gb-text\">Europa<\/p>\n<\/div>\n\n\n\n<div class=\"ss-table-row\">\n<p class=\"gb-text\">Coordenadas GPS<\/p>\n\n\n\n<p class=\"gb-text\">43.84624 12.05733<\/p>\n<\/div>\n\n\n\n<div class=\"ss-table-row\">\n<p class=\"gb-text\">Zona horaria<\/p>\n\n\n\n<p class=\"gb-text\">UTC+1<\/p>\n<\/div>\n\n\n\n<div class=\"ss-table-row\">\n<p class=\"gb-text\">Fecha de inicio<\/p>\n\n\n\n<p class=\"gb-text\">15\/09\/2021<\/p>\n<\/div>\n\n\n\n<div class=\"ss-table-row\">\n<p class=\"gb-text\">Fecha de finalizaci\u00f3n<\/p>\n\n\n\n<p class=\"gb-text\">Marzo de 2022<\/p>\n<\/div>\n\n\n\n<div class=\"ss-table-row\">\n<p class=\"gb-text\">Tutor<\/p>\n\n\n\n<p class=\"gb-text\">Roberta Giangrandi<\/p>\n<\/div>\n<\/div>\n\n\n\n<div class=\"ss-project-table\">\n<div class=\"ss-table-section-title\">\n<h3 id=\"espacio-real\" class=\"gb-text\">ESPACIO REAL<\/h3>\n<\/div>\n\n\n\n<div class=\"ss-table-row\">\n<p class=\"gb-text\">Responsable del proyecto<\/p>\n\n\n\n<p class=\"gb-text\">Hermana Elisabeth<\/p>\n<\/div>\n\n\n\n<div class=\"ss-table-row\">\n<p class=\"gb-text\">Fecha de inicio<\/p>\n\n\n\n<p class=\"gb-text\">30 2022<\/p>\n<\/div>\n\n\n\n<div class=\"ss-table-row\">\n<p class=\"gb-text\">Tipolog\u00eda<\/p>\n\n\n\n<p class=\"gb-text\"><strong>Pane di Misericordia<\/strong><\/p>\n<\/div>\n<\/div>\n<\/div>\n<\/div>\n\n\n\n<div class=\"gb-element-6ad95ea8\">\n<div class=\"gb-element-e34063a6 ss-project-intro\"><div class=\"wp-block-image imgText\">\n<figure class=\"alignright size-full is-resized\"><img decoding=\"async\" alt=\"hermana Elisabeth e la piscicultura\" src=\"https:\/\/spaziospadoni.org\/wp-content\/uploads\/2026\/05\/Suor-Elisabeth-e-la-piscicoltura-300x225.jpg\" style=\"width:300px;height:auto\"\/><figcaption class=\"wp-element-caption\">Pane di Misericordia<\/figcaption><\/figure>\n<\/div>\n\n<div class=\"wp-block-image imgText\">\n<figure class=\"alignleft size-full is-resized\"><img decoding=\"async\" alt=\"hermana elisabeth sengina kpokpolo-spazio + spadoni\" src=\"https:\/\/spaziospadoni.org\/wp-content\/uploads\/2026\/05\/suor_elisabeth_sengina_kpokpolo-spaziospadoni-300x300.png\" style=\"width:166px;height:auto\"\/><figcaption class=\"wp-element-caption\">suor_elisabeth_sengina_kpokpolo-spaziospadoni<\/figcaption><\/figure>\n<\/div>\n\n\n<p class=\"wp-block-paragraph\"><strong>La empresa social que ha desarrollado la hermana Elisabeth se dedica a la piscicultura. La cr\u00eda de peces, financiada por spazio + spadoni, se lleva a cabo en la gran extensi\u00f3n de terreno propiedad de la Congregaci\u00f3n. All\u00ed, con la ayuda de un ingeniero t\u00e9cnico, ha acondicionado los estanques. El equipo, formado por las hermanas de Elisabeth, ha comenzado a vender los peces.<\/strong><\/p>\n\n\n\n<p class=\"wp-block-paragraph\">La Misericordia di Alfero acogi\u00f3 para el proyecto HIC SUM a la hermana Elisabeth, religiosa de las Petites S\u0153urs de l\u2019Evang\u00e9lisation (PSE). El 6 de marzo de 2022 regres\u00f3 a la Rep\u00fablica Democr\u00e1tica del Congo, a la comunidad de Wamba, una peque\u00f1a ciudad de la provincia de Haut-U\u00e9l\u00e9.<\/p>\n\n\n\n<p class=\"wp-block-paragraph\">La comunidad, formada por seis hermanas, se encuentra en una aldea y dispone de agua, pero el suministro el\u00e9ctrico es muy inestable. Las hermanas se dedican a la ganader\u00eda y la agricultura, y viven las Obras de Misericordia visitando y asistiendo a los pobres.<\/p>\n<\/div>\n<\/div>\n\n\n\n<div>\n<h2 id=\"cronologia\" class=\"gb-text gb-text-8179e40a\">Cronolog\u00eda<\/h2>\n\n\n\n<div class=\"ss-timeline\">\n<h3 id=\"2020\" class=\"gb-text\">2020<\/h3>\n\n\n\n<div class=\"ss-timeline-item\">\n<h4 id=\"noviembre-inicio-de-la-relacion\" class=\"gb-text\">Noviembre | Inicio de la relaci\u00f3n<\/h4>\n\n\n\n<p class=\"wp-block-paragraph\">Comienza la colaboraci\u00f3n entre spazio + spadoni, la Misericordia di Alfero y las Petites S\u0153urs de l\u2019Evang\u00e9lisation (PSE)<\/p>\n<\/div>\n<\/div>\n\n\n\n<div class=\"ss-timeline\">\n<h3 id=\"2021\" class=\"gb-text\">2021<\/h3>\n\n\n\n<div class=\"ss-timeline-item\">\n<h4 id=\"010203-formacion\" class=\"gb-text\">01-02-03 | Formaci\u00f3n<\/h4>\n\n\n\n<p class=\"wp-block-paragraph\">La hermana Elisabeth realiza un curso de lengua italiana en la Rep\u00fablica Democr\u00e1tica del Congo<\/p>\n<\/div>\n\n\n\n<div class=\"ss-timeline-item\">\n<h4 id=\"1509-llegada-de-la-hermana\" class=\"gb-text\">15.09 | Llegada de la hermana<\/h4>\n\n\n\n<p class=\"wp-block-paragraph\">La hermana Elisabeth llega a Italia, acogida por la Misericordia di Alfero<\/p>\n\n\n\n<figure class=\"wp-block-gallery has-nested-images columns-1 is-cropped ss-lightbox wp-block-gallery-1 is-layout-flex wp-block-gallery-is-layout-flex\">\n<figure class=\"wp-block-image size-large\"><img decoding=\"async\" src=\"https:\/\/spaziospadoni.org\/wp-content\/uploads\/2026\/05\/arrivbo-in-italia-197x300.jpg\" alt=\"llegada en Italia 197x300\"\/><figcaption class=\"wp-element-caption\">15.09 | Llegada de la hermana<\/figcaption><\/figure>\n\n\n\n<figure class=\"wp-block-image size-large\"><img decoding=\"async\" src=\"https:\/\/spaziospadoni.org\/wp-content\/uploads\/2026\/05\/madre-gustave-partenza-arrivo-200x300.jpg\" alt=\"madre gustave partida llegada 200x300\"\/><figcaption class=\"wp-element-caption\">15.09 | Llegada de la hermana<\/figcaption><\/figure>\n<\/figure>\n<\/div>\n\n\n\n<div class=\"ss-timeline-item\">\n<h4 id=\"3010-formacion\" class=\"gb-text\">30.10 | Formaci\u00f3n<\/h4>\n\n\n\n<p class=\"wp-block-paragraph\">La hermana Elisabeth recibe formaci\u00f3n en panader\u00eda en Alfero<\/p>\n\n\n\n<figure class=\"wp-block-gallery has-nested-images columns-1 is-cropped ss-lightbox wp-block-gallery-2 is-layout-flex wp-block-gallery-is-layout-flex\">\n<figure class=\"wp-block-image size-large\"><img decoding=\"async\" src=\"https:\/\/spaziospadoni.org\/wp-content\/uploads\/2026\/05\/corso-pane-copia-300x284.jpg\" alt=\"curso pan copia 300x284\"\/><figcaption class=\"wp-element-caption\">30.10 | Formaci\u00f3n<\/figcaption><\/figure>\n<\/figure>\n<\/div>\n<\/div>\n\n\n\n<div class=\"ss-timeline\">\n<h3 id=\"2022\" class=\"gb-text\">2022<\/h3>\n\n\n\n<div class=\"ss-timeline-item\">\n<h4 id=\"2801-traslado-de-la-hermana\" class=\"gb-text\">28.01 | Traslado de la hermana<\/h4>\n\n\n\n<p class=\"wp-block-paragraph\">La hermana Elisabeth, que necesita atenci\u00f3n m\u00e9dica, se traslada a Lucca con las Hermanas de Santa Gemma; spazio + spadoni tiene as\u00ed la oportunidad de acompa\u00f1arla y seguir de cerca su tratamiento m\u00e9dico<\/p>\n\n\n\n<figure class=\"wp-block-gallery has-nested-images columns-1 is-cropped ss-lightbox wp-block-gallery-3 is-layout-flex wp-block-gallery-is-layout-flex\">\n<figure class=\"wp-block-image size-large\"><img decoding=\"async\" src=\"https:\/\/spaziospadoni.org\/wp-content\/uploads\/2026\/05\/saluto-sr-elisabeth-santa-gemma-F-elisase-copia-300x121.jpg\" alt=\"saludo hermana elisabeth santa gemma F elisase copia 300x121\"\/><figcaption class=\"wp-element-caption\">28.01 | Traslado de la hermana<\/figcaption><\/figure>\n<\/figure>\n<\/div>\n\n\n\n<div class=\"ss-timeline-item\">\n<h4 id=\"febrero-formacion\" class=\"gb-text\">Febrero| Formaci\u00f3n<\/h4>\n\n\n\n<p class=\"wp-block-paragraph\">Formaci\u00f3n en t\u00e9cnicas de primeros auxilios <\/p>\n<\/div>\n\n\n\n<div class=\"ss-timeline-item\">\n<h4 id=\"1302-formacion\" class=\"gb-text\">13.02 | Formaci\u00f3n<\/h4>\n\n\n\n<p class=\"wp-block-paragraph\">Conocimiento del territorio. Visita al Santuario de Montenero (LI)<\/p>\n\n\n\n<figure class=\"wp-block-gallery has-nested-images columns-1 is-cropped ss-lightbox wp-block-gallery-4 is-layout-flex wp-block-gallery-is-layout-flex\">\n<figure class=\"wp-block-image size-large\"><img decoding=\"async\" src=\"https:\/\/spaziospadoni.org\/wp-content\/uploads\/2026\/05\/dettaglio-mani-300x239.jpg\" alt=\"detalle de las manos 300x239\"\/><figcaption class=\"wp-element-caption\">13.02 | Formaci\u00f3n<\/figcaption><\/figure>\n<\/figure>\n<\/div>\n\n\n\n<div class=\"ss-timeline-item\">\n<h4 id=\"1602-formacion\" class=\"gb-text\">16.02 | Formaci\u00f3n<\/h4>\n\n\n\n<p class=\"wp-block-paragraph\">Formaci\u00f3n t\u00e9cnica de spazio + spadoni en el Convento di San Cerbone (LU)<\/p>\n\n\n\n<figure class=\"wp-block-gallery has-nested-images columns-1 is-cropped ss-lightbox wp-block-gallery-5 is-layout-flex wp-block-gallery-is-layout-flex\">\n<figure class=\"wp-block-image size-large\"><img decoding=\"async\" src=\"https:\/\/spaziospadoni.org\/wp-content\/uploads\/2026\/05\/formazione-F-sr-roberta-copia-300x133.jpg\" alt=\"formaci\u00f3n F hermana roberta copia 300x133\"\/><figcaption class=\"wp-element-caption\">16.02 | Formaci\u00f3n<\/figcaption><\/figure>\n\n\n\n<figure class=\"wp-block-image size-large\"><img decoding=\"async\" src=\"https:\/\/spaziospadoni.org\/wp-content\/uploads\/2026\/05\/formazione-F-sr-roberta.JPG1-copia-300x184.jpg\" alt=\"formaci\u00f3n F hermana roberta.JPG1 copia 300x184\"\/><figcaption class=\"wp-element-caption\">16.02 | Formaci\u00f3n<\/figcaption><\/figure>\n\n\n\n<figure class=\"wp-block-image size-large\"><img decoding=\"async\" src=\"https:\/\/spaziospadoni.org\/wp-content\/uploads\/2026\/05\/formazione-san-cerboine-F-rosemary-copia-300x164.jpg\" alt=\"formaci\u00f3n san cerbone F rosemary copia 300x164\"\/><figcaption class=\"wp-element-caption\">16.02 | Formaci\u00f3n<\/figcaption><\/figure>\n\n\n\n<figure class=\"wp-block-image size-large\"><img decoding=\"async\" src=\"https:\/\/spaziospadoni.org\/wp-content\/uploads\/2026\/05\/fomrazione-s-gemma-300x230.jpg\" alt=\"formaci\u00f3n s gemma 300x230\"\/><figcaption class=\"wp-element-caption\">16.02 | Formaci\u00f3n<\/figcaption><\/figure>\n\n\n\n<figure class=\"wp-block-image size-large\"><img decoding=\"async\" src=\"https:\/\/spaziospadoni.org\/wp-content\/uploads\/2026\/05\/formazione-cloratore-154x300.jpg\" alt=\"formaci\u00f3n clorador 154x300\"\/><figcaption class=\"wp-element-caption\">16.02 | Formaci\u00f3n<\/figcaption><\/figure>\n<\/figure>\n<\/div>\n\n\n\n<div class=\"ss-timeline-item\">\n<h4 id=\"2302-formacion\" class=\"gb-text\">23.02 | Formaci\u00f3n<\/h4>\n\n\n\n<p class=\"wp-block-paragraph\">La hermana Elisabeth realiza un curso de cocina italiana con las Hermanas de Santa Gemma<\/p>\n<\/div>\n\n\n\n<div class=\"ss-timeline-item\">\n<h4 id=\"0303-formacion\" class=\"gb-text\">03.03 | Formaci\u00f3n<\/h4>\n\n\n\n<p class=\"wp-block-paragraph\">Formaci\u00f3n de spazio + spadoni sobre la empresa social en el Convento di San Cerbone (LU)<\/p>\n\n\n\n<figure class=\"wp-block-gallery has-nested-images columns-1 is-cropped ss-lightbox wp-block-gallery-6 is-layout-flex wp-block-gallery-is-layout-flex\">\n<figure class=\"wp-block-image size-large\"><img decoding=\"async\" src=\"https:\/\/spaziospadoni.org\/wp-content\/uploads\/2026\/05\/formazione-san-cerboine-F-sr-copia-166x300.jpg\" alt=\"formaci\u00f3n san cerbone F hermana copia 166x300\"\/><figcaption class=\"wp-element-caption\">03.03 | Formaci\u00f3n<\/figcaption><\/figure>\n\n\n\n<figure class=\"wp-block-image size-large\"><img decoding=\"async\" src=\"https:\/\/spaziospadoni.org\/wp-content\/uploads\/2026\/05\/formazione-san-cerbone-212x300.jpg\" alt=\"formaci\u00f3n san cerbone 212x300\"\/><figcaption class=\"wp-element-caption\">03.03 | Formaci\u00f3n<\/figcaption><\/figure>\n\n\n\n<figure class=\"wp-block-image size-large\"><img decoding=\"async\" src=\"https:\/\/spaziospadoni.org\/wp-content\/uploads\/2026\/05\/formazione-san-cerboine-F-sr.JPG1-copia-2-300x225.jpg\" alt=\"formaci\u00f3n san cerbone F hermana.JPG1 copia 2 300x225\"\/><figcaption class=\"wp-element-caption\">03.03 | Formaci\u00f3n<\/figcaption><\/figure>\n<\/figure>\n<\/div>\n\n\n\n<div class=\"ss-timeline-item\">\n<h4 id=\"0603-partida-de-la-hermana\" class=\"gb-text\">06.03 | Partida de la hermana<\/h4>\n\n\n\n<p class=\"wp-block-paragraph\">La hermana Elisabeth regresa a Wamba, en la Rep\u00fablica Democr\u00e1tica del Congo<\/p>\n\n\n\n<figure class=\"wp-block-gallery has-nested-images columns-1 is-cropped ss-lightbox wp-block-gallery-7 is-layout-flex wp-block-gallery-is-layout-flex\">\n<figure class=\"wp-block-image size-large\"><img decoding=\"async\" src=\"https:\/\/spaziospadoni.org\/wp-content\/uploads\/2026\/05\/partenza-arrivo-165x300.jpg\" alt=\"partida llegada 165x300\"\/><figcaption class=\"wp-element-caption\">06.03 | Partida de la hermana<\/figcaption><\/figure>\n\n\n\n<figure class=\"wp-block-image size-large\"><img decoding=\"async\" src=\"https:\/\/spaziospadoni.org\/wp-content\/uploads\/2026\/05\/partenza-arrivo.JPG1_-220x300.jpg\" alt=\"partida llegada.JPG1 220x300\"\/><figcaption class=\"wp-element-caption\">06.03 | Partida de la hermana<\/figcaption><\/figure>\n\n\n\n<figure class=\"wp-block-image size-large\"><img decoding=\"async\" src=\"https:\/\/spaziospadoni.org\/wp-content\/uploads\/2026\/05\/partenza-arrivo.JPG11-254x300.jpg\" alt=\"partida llegada.JPG11 254x300\"\/><figcaption class=\"wp-element-caption\">06.03 | Partida de la hermana<\/figcaption><\/figure>\n\n\n\n<figure class=\"wp-block-image size-large\"><img decoding=\"async\" src=\"https:\/\/spaziospadoni.org\/wp-content\/uploads\/2026\/05\/partenza-arrivo.JPG12-206x300.jpg\" alt=\"partida llegada.JPG12 206x300\"\/><figcaption class=\"wp-element-caption\">06.03 | Partida de la hermana<\/figcaption><\/figure>\n<\/figure>\n<\/div>\n\n\n\n<div class=\"ss-timeline-item\">\n<h4 id=\"0105-encuentro-con-la-madre-general\" class=\"gb-text\">01.05 | Encuentro con la Madre General<\/h4>\n\n\n\n<p class=\"wp-block-paragraph\">spazio + spadoni se re\u00fane en Roma con la Superiora General de las PSE, Madre Gustave<\/p>\n\n\n\n<figure class=\"wp-block-gallery has-nested-images columns-1 is-cropped ss-lightbox wp-block-gallery-8 is-layout-flex wp-block-gallery-is-layout-flex\">\n<figure class=\"wp-block-image size-large\"><img decoding=\"async\" src=\"https:\/\/spaziospadoni.org\/wp-content\/uploads\/2026\/05\/spazio-spadoni-visita-madre-gustave-300x255.jpg\" alt=\"spazio + spadoni visita madre gustave 300x255\"\/><figcaption class=\"wp-element-caption\">01.05 | Encuentro con la Madre General<\/figcaption><\/figure>\n<\/figure>\n<\/div>\n\n\n\n<div class=\"ss-timeline-item\">\n<h4 id=\"3009-primera-financiacion-concedida\" class=\"gb-text\">30.09 | Primera financiaci\u00f3n concedida<\/h4>\n\n\n\n<p class=\"wp-block-paragraph\">Destinado al inicio de los trabajos de preparaci\u00f3n del terreno para instalar los estanques, la compra de dos estanques y la compra de los peces<\/p>\n<\/div>\n\n\n\n<div class=\"ss-timeline-item\">\n<h4 id=\"1511-formacion\" class=\"gb-text\">15.11 | Formaci\u00f3n<\/h4>\n\n\n\n<figure class=\"wp-block-gallery has-nested-images columns-1 is-cropped ss-lightbox wp-block-gallery-9 is-layout-flex wp-block-gallery-is-layout-flex\">\n<figure class=\"wp-block-image size-large\"><img decoding=\"async\" src=\"https:\/\/spaziospadoni.org\/wp-content\/uploads\/2026\/05\/fomrazione-la-300x225.jpg\" alt=\"formaci\u00f3n la 300x225\"\/><figcaption class=\"wp-element-caption\">15.11 | Formaci\u00f3n<\/figcaption><\/figure>\n\n\n\n<figure class=\"wp-block-image size-large\"><img decoding=\"async\" src=\"https:\/\/spaziospadoni.org\/wp-content\/uploads\/2026\/05\/fomrazione-la.JPG1_-225x300.jpg\" alt=\"formaci\u00f3n la.JPG1 225x300\"\/><figcaption class=\"wp-element-caption\">15.11 | Formaci\u00f3n<\/figcaption><\/figure>\n\n\n\n<figure class=\"wp-block-image size-large\"><img decoding=\"async\" src=\"https:\/\/spaziospadoni.org\/wp-content\/uploads\/2026\/05\/fomrazione-la.JPG2_-300x247.jpg\" alt=\"formaci\u00f3n la.JPG2 300x247\"\/><figcaption class=\"wp-element-caption\">15.11 | Formaci\u00f3n<\/figcaption><\/figure>\n\n\n\n<figure class=\"wp-block-image size-large\"><img decoding=\"async\" src=\"https:\/\/spaziospadoni.org\/wp-content\/uploads\/2026\/05\/formazione-F-copia-1-1.jpg\" alt=\"formaci\u00f3n F copia 1\"\/><figcaption class=\"wp-element-caption\">15.11 | Formaci\u00f3n<\/figcaption><\/figure>\n<\/figure>\n<\/div>\n<\/div>\n\n\n\n<div class=\"ss-timeline\">\n<h3 id=\"2023\" class=\"gb-text\">2023<\/h3>\n\n\n\n<div class=\"ss-timeline-item\">\n<h4 id=\"1601-segunda-financiacion-concedida\" class=\"gb-text\">16.01 | Segunda financiaci\u00f3n concedida<\/h4>\n\n\n\n<p class=\"wp-block-paragraph\">La financiaci\u00f3n est\u00e1 destinada a aumentar el n\u00famero de estanques, comprar m\u00e1s peces y pagar a los empleados<\/p>\n<\/div>\n\n\n\n<div class=\"ss-timeline-item\">\n<h4 id=\"1003-desarrollo-de-la-empresa-social\" class=\"gb-text\">10.03 | Desarrollo de la empresa social<\/h4>\n\n\n\n<p class=\"wp-block-paragraph\">Los estanques est\u00e1n listos y se introducen los peces<\/p>\n<\/div>\n\n\n\n<div class=\"ss-timeline-item\">\n<h4 id=\"diciembre-spazio-spadoni-se-reune-con-la-hermana-elisabeth\" class=\"gb-text\">Diciembre | spazio + spadoni se re\u00fane con la hermana Elisabeth<\/h4>\n\n\n\n<p class=\"wp-block-paragraph\">Durante un viaje misionero a la Rep\u00fablica Democr\u00e1tica del Congo, Selene se desplaza a Goma, donde la hermana Elisabeth est\u00e1 siguiendo un programa de rehabilitaci\u00f3n, para encontrarse con ella y saludarla.<\/p>\n\n\n\n<figure class=\"wp-block-gallery has-nested-images columns-1 is-cropped ss-lightbox wp-block-gallery-10 is-layout-flex wp-block-gallery-is-layout-flex\">\n<figure class=\"wp-block-image size-large\"><img decoding=\"async\" src=\"https:\/\/spaziospadoni.org\/wp-content\/uploads\/2026\/05\/sele-visita-elisabeth-300x215.jpeg\" alt=\"sele visita elisabeth 300x215\"\/><figcaption class=\"wp-element-caption\">Diciembre | spazio + spadoni se re\u00fane con la hermana Elisabeth<\/figcaption><\/figure>\n<\/figure>\n<\/div>\n\n\n\n<div class=\"ss-timeline-item\">\n<h4 id=\"0805-tercera-financiacion-concedida\" class=\"gb-text\">08.05 | Tercera financiaci\u00f3n concedida<\/h4>\n\n\n\n<p class=\"wp-block-paragraph\">La financiaci\u00f3n est\u00e1 destinada a comprar alimento para los peces y fortalecer la empresa social<\/p>\n<\/div>\n<\/div>\n\n\n\n<div class=\"ss-timeline\">\n<h3 id=\"2024\" class=\"gb-text\">2024<\/h3>\n\n\n\n<div class=\"ss-timeline-item\">\n<h4 id=\"1905-la-madre-general-visita-la-empresa-social\" class=\"gb-text\">19.05 | La Madre General visita la empresa social<\/h4>\n\n\n\n<p class=\"wp-block-paragraph\">La Madre Gustave visita la empresa social y eval\u00faa su evoluci\u00f3n<\/p>\n\n\n\n<figure class=\"wp-block-gallery has-nested-images columns-1 is-cropped ss-lightbox wp-block-gallery-11 is-layout-flex wp-block-gallery-is-layout-flex\">\n<figure class=\"wp-block-image size-large\"><img decoding=\"async\" src=\"https:\/\/spaziospadoni.org\/wp-content\/uploads\/2026\/05\/2024_maggio_suor_gustave_madre_generale_congo_spazio_spadoni_impresa_sociale_piscicoltura-2-300x252.jpg\" alt=\"2024 mayo hermana gustave Madre General congo spazio + spadoni empresa social piscicultura 2 300x252\"\/><figcaption class=\"wp-element-caption\">19.05 | La Madre General visita la empresa social<\/figcaption><\/figure>\n\n\n\n<figure class=\"wp-block-image size-large\"><img decoding=\"async\" src=\"https:\/\/spaziospadoni.org\/wp-content\/uploads\/2026\/05\/2024_maggio_suor_gustave_madre_generale_congo_spazio_spadoni_impresa_sociale_piscicoltura-1-232x300.jpg\" alt=\"2024 mayo hermana gustave Madre General congo spazio + spadoni empresa social piscicultura 1 232x300\"\/><figcaption class=\"wp-element-caption\">19.05 | La Madre General visita la empresa social<\/figcaption><\/figure>\n\n\n\n<figure class=\"wp-block-image size-large\"><img decoding=\"async\" src=\"https:\/\/spaziospadoni.org\/wp-content\/uploads\/2026\/05\/2024_maggio_suor_gustave_madre_generale_congo_spazio_spadoni_impresa_sociale_piscicoltura-3-211x300.jpg\" alt=\"2024 mayo hermana gustave Madre General congo spazio + spadoni empresa social piscicultura 3 211x300\"\/><figcaption class=\"wp-element-caption\">19.05 | La Madre General visita la empresa social<\/figcaption><\/figure>\n<\/figure>\n<\/div>\n\n\n\n<div class=\"ss-timeline-item\">\n<h4 id=\"0608-cuarta-financiacion-concedida\" class=\"gb-text\">06.08| Cuarta financiaci\u00f3n concedida<\/h4>\n\n\n\n<p class=\"wp-block-paragraph\">La financiaci\u00f3n est\u00e1 destinada a comprar un congelador para conservar los peces antes de la venta y un panel solar que garantice su funcionamiento incluso cuando no haya electricidad  spazio + spadoni<\/p>\n\n\n\n<figure class=\"wp-block-gallery has-nested-images columns-1 is-cropped ss-lightbox wp-block-gallery-12 is-layout-flex wp-block-gallery-is-layout-flex\">\n<figure class=\"wp-block-image size-large\"><img decoding=\"async\" src=\"https:\/\/spaziospadoni.org\/wp-content\/uploads\/2026\/05\/2024_setttembre_suor_elisabeth_congo_piscicoltura_impresa_sociale_progetto_hic_sum_spazio_spadoni-3-300x226-1.jpg\" alt=\"2024 septiembre hermana elisabeth congo piscicultura empresa social proyecto HIC SUM spazio + spadoni 3 300x226 1\"\/><figcaption class=\"wp-element-caption\">06.08| Cuarta financiaci\u00f3n concedida<\/figcaption><\/figure>\n\n\n\n<figure class=\"wp-block-image size-large\"><img decoding=\"async\" src=\"https:\/\/spaziospadoni.org\/wp-content\/uploads\/2026\/05\/2024_setttembre_suor_elisabeth_congo_piscicoltura_impresa_sociale_progetto_hic_sum_spazio_spadoni-1-226x300.jpg\" alt=\"2024 septiembre hermana elisabeth congo piscicultura empresa social proyecto HIC SUM spazio + spadoni 1 226x300\"\/><figcaption class=\"wp-element-caption\">06.08| Cuarta financiaci\u00f3n concedida<\/figcaption><\/figure>\n\n\n\n<figure class=\"wp-block-image size-large\"><img decoding=\"async\" src=\"https:\/\/spaziospadoni.org\/wp-content\/uploads\/2026\/05\/2024_setttembre_suor_elisabeth_congo_piscicoltura_impresa_sociale_progetto_hic_sum_spazio_spadoni-2-226x300.jpg\" alt=\"2024 septiembre hermana elisabeth congo piscicultura empresa social proyecto HIC SUM spazio + spadoni 2 226x300\"\/><figcaption class=\"wp-element-caption\">06.08| Cuarta financiaci\u00f3n concedida<\/figcaption><\/figure>\n<\/figure>\n<\/div>\n<\/div>\n\n\n\n<div class=\"ss-timeline\">\n<h3 id=\"evaluaciones-del-proyecto\" class=\"gb-text\">Evaluaciones del proyecto<\/h3>\n\n\n\n<div class=\"ss-timeline-item\">\n<h4 id=\"noviembre-de-2021-encuentro-en-linea-con-la-madre\" class=\"gb-text\">Noviembre de 2021 Encuentro en l\u00ednea con la Madre<\/h4>\n\n\n\n<p class=\"wp-block-paragraph\">General<\/p>\n<\/div>\n\n\n\n<div class=\"ss-timeline-item\">\n<h4 id=\"diciembre-de-2021-el-proyecto-que-la-hermana-elisabeth\" class=\"gb-text\">Diciembre de 2021 El proyecto que la hermana Elisabeth<\/h4>\n\n\n\n<p class=\"wp-block-paragraph\">quiere desarrollar a su regreso a la Rep\u00fablica Democr\u00e1tica del Congo es la piscicultura<\/p>\n<\/div>\n\n\n\n<div class=\"ss-timeline-item\">\n<h4 id=\"septiembre-de-2022-actualizacion-y-envio-de\" class=\"gb-text\">Septiembre de 2022 Actualizaci\u00f3n y env\u00edo de<\/h4>\n\n\n\n<p class=\"wp-block-paragraph\">presupuestos<\/p>\n<\/div>\n\n\n\n<div class=\"ss-timeline-item\">\n<h4 id=\"septiembre-de-2022-spazio-spadoni-envia-a-un\" class=\"gb-text\">Septiembre de 2022 spazio + spadoni env\u00eda a un<\/h4>\n\n\n\n<p class=\"wp-block-paragraph\">experto a Wamba<\/p>\n<\/div>\n\n\n\n<div class=\"ss-timeline-item\">\n<h4 id=\"septiembre-de-2022-analisis-de\" class=\"gb-text\">Septiembre de 2022 An\u00e1lisis de<\/h4>\n\n\n\n<p class=\"wp-block-paragraph\">mercado<\/p>\n<\/div>\n\n\n\n<div class=\"ss-timeline-item\">\n<h4 id=\"febrero-de-2023\" class=\"gb-text\">Febrero de 2023<\/h4>\n\n\n\n<p class=\"wp-block-paragraph\">Seguimiento<\/p>\n<\/div>\n\n\n\n<div class=\"ss-timeline-item\">\n<h4 id=\"febrero-de-2023-seguimiento-del-avance-de-los\" class=\"gb-text\">Febrero de 2023 Seguimiento del avance de los<\/h4>\n\n\n\n<p class=\"wp-block-paragraph\">trabajos<\/p>\n<\/div>\n\n\n\n<div class=\"ss-timeline-item\">\n<h4 id=\"marzo-de-2023-cronograma-de-las\" class=\"gb-text\">Marzo de 2023 Cronograma de las<\/h4>\n\n\n\n<p class=\"wp-block-paragraph\">actividades<\/p>\n<\/div>\n\n\n\n<div class=\"ss-timeline-item\">\n<h4 id=\"agosto-de-2023-seguimiento-de-las\" class=\"gb-text\">Agosto de 2023 Seguimiento de las<\/h4>\n\n\n\n<p class=\"wp-block-paragraph\">actividades<\/p>\n<\/div>\n\n\n\n<div class=\"ss-timeline-item\">\n<h4 id=\"marzo-de-2024-dialogo-con-la-madre-general\" class=\"gb-text\">Marzo de 2024 Di\u00e1logo con la Madre General<\/h4>\n\n\n\n<p class=\"wp-block-paragraph\">sobre las Obras de Misericordia<\/p>\n<\/div>\n\n\n\n<div class=\"ss-timeline-item\">\n<h4 id=\"mayo-de-2024-envio-del-plan-de-negocio-y-llamada-con\" class=\"gb-text\">Mayo de 2024 Env\u00edo del plan de negocio y llamada con<\/h4>\n\n\n\n<p class=\"wp-block-paragraph\">Madre Gustave<\/p>\n<\/div>\n\n\n\n<div class=\"ss-timeline-item\">\n<h4 id=\"julio-de-2024\" class=\"gb-text\">Julio de 2024<\/h4>\n\n\n\n<p class=\"wp-block-paragraph\">Seguimiento<\/p>\n<\/div>\n<\/div>\n<\/div>\n\n\n\n<div class=\"ss-project-media\">\n<h2 id=\"fotos-y-videos\" class=\"gb-text gb-text-d7bd8be8\">Fotos y v\u00eddeos<\/h2>\n\n\n\n<div class=\"ss-media-filters\">\n<a class=\"gb-text ss-media-filter active\" data-filter=\"*\" title=\"Todo\">Todo<\/a>\n\n\n\n<a class=\"gb-text ss-media-filter\" data-filter=\".formazione\" title=\"Formaci\u00f3n\">Formaci\u00f3n<\/a>\n\n\n\n<a class=\"gb-text ss-media-filter\" data-filter=\".repubblica-democratica-del-congo\" title=\"Rep\u00fablica Democr\u00e1tica del Congo\">Rep\u00fablica Democr\u00e1tica del Congo<\/a>\n\n\n\n<a class=\"gb-text ss-media-filter\" data-filter=\".pane-di-misericordia\" title=\"Pane di Misericordia\">Pane di Misericordia<\/a>\n\n\n\n<a class=\"gb-text ss-media-filter\" data-filter=\".video\" title=\"V\u00eddeo\">V\u00eddeo<\/a>\n<\/div>\n\n\n\n<div class=\"ss-media-grid\">\n<div>\n<figure class=\"wp-block-gallery has-nested-images columns-1 is-cropped ss-lightbox wp-block-gallery-13 is-layout-flex wp-block-gallery-is-layout-flex\">\n<figure class=\"wp-block-image size-large formazione\"><img decoding=\"async\" src=\"https:\/\/spaziospadoni.org\/wp-content\/uploads\/2026\/05\/corso-pane-copia-300x284.jpg\" alt=\"curso pan copia 300x284\"\/><\/figure>\n\n\n\n<figure class=\"wp-block-image size-large formazione\"><img decoding=\"async\" src=\"https:\/\/spaziospadoni.org\/wp-content\/uploads\/2026\/05\/formazione-san-cerboine-F-sr-copia-166x300.jpg\" alt=\"formaci\u00f3n san cerbone F hermana copia 166x300\"\/><\/figure>\n\n\n\n<figure class=\"wp-block-image size-large formazione\"><img decoding=\"async\" src=\"https:\/\/spaziospadoni.org\/wp-content\/uploads\/2026\/05\/2022_marzo_6_hicsum_17_italia_spazio_spadoni_suor_elisabeth_partenza_saluto_aeroporto-6-225x300.jpg\" alt=\"2022 marzo 6 HIC SUM 17 Italia spazio + spadoni hermana elisabeth partida saludo aeropuerto 6 225x300\"\/><\/figure>\n\n\n\n<figure class=\"wp-block-image size-large formazione\"><img decoding=\"async\" src=\"https:\/\/spaziospadoni.org\/wp-content\/uploads\/2026\/05\/2022_marzo_6_hicsum_17_italia_spazio_spadoni_suor_elisabeth_partenza_saluto_aeroporto-2-225x300.jpg\" alt=\"2022 marzo 6 HIC SUM 17 Italia spazio + spadoni hermana elisabeth partida saludo aeropuerto 2 225x300\"\/><\/figure>\n\n\n\n<figure class=\"wp-block-image size-large formazione\"><img decoding=\"async\" src=\"https:\/\/spaziospadoni.org\/wp-content\/uploads\/2026\/05\/hicsum_17_italia_spazio_spadoni_Madre_Gustave_Generale_PSE_luigi_roma-225x300.jpg\" alt=\"HIC SUM 17 Italia spazio + spadoni Madre Gustave General PSE luigi roma 225x300\"\/><\/figure>\n\n\n\n<figure class=\"wp-block-image size-large formazione\"><img decoding=\"async\" src=\"https:\/\/spaziospadoni.org\/wp-content\/uploads\/2026\/05\/2022_hicsum_17_italia_spazio_spadoni_suore_santa_gemma_saluto_suor_elisabeth_madre_elisabetta_giussani-6-300x135.jpg\" alt=\"2022 HIC SUM 17 Italia spazio + spadoni hermanas santa gemma saludo hermana elisabeth madre elisabetta giussani 6 300x135\"\/><\/figure>\n\n\n\n<figure class=\"wp-block-image size-large formazione\"><img decoding=\"async\" src=\"https:\/\/spaziospadoni.org\/wp-content\/uploads\/2026\/05\/2022_hicsum_17_italia_spazio_spadoni_suore_santa_gemma_saluto_suor_elisabeth-225x300.jpg\" alt=\"2022 HIC SUM 17 Italia spazio + spadoni hermanas santa gemma saludo hermana elisabeth 225x300\"\/><\/figure>\n\n\n\n<figure class=\"wp-block-image size-large formazione\"><img decoding=\"async\" src=\"https:\/\/spaziospadoni.org\/wp-content\/uploads\/2026\/05\/saluto-sr-elisabeth-santa-gemma-F-elisase-copia-300x121.jpg\" alt=\"saludo hermana elisabeth santa gemma F elisase copia 300x121\"\/><\/figure>\n\n\n\n<figure class=\"wp-block-image size-large formazione\"><img decoding=\"async\" src=\"https:\/\/spaziospadoni.org\/wp-content\/uploads\/2026\/05\/formazione-F-sr-roberta.JPG1-copia-1-300x184.jpg\" alt=\"formaci\u00f3n F hermana roberta.JPG1 copia 1 300x184\"\/><\/figure>\n\n\n\n<figure class=\"wp-block-image size-large formazione\"><img decoding=\"async\" src=\"https:\/\/spaziospadoni.org\/wp-content\/uploads\/2026\/05\/2022_hicsum_17_italia_spazio_spadoni_formazione_opere_suor_elisabeth_luigi_abbraccio-2-225x300.jpg\" alt=\"2022 HIC SUM 17 Italia spazio + spadoni formaci\u00f3n obras hermana elisabeth luigi abrazo 2 225x300\"\/><\/figure>\n\n\n\n<figure class=\"wp-block-image size-large formazione\"><img decoding=\"async\" src=\"https:\/\/spaziospadoni.org\/wp-content\/uploads\/2026\/05\/2022_febbraio_hicsum_17_italia_spazio_spadoni_lucca_suor_elisabeth_santa_gemma_formazione_sr_marguerite_angele-5-300x225.jpg\" alt=\"2022 febrero HIC SUM 17 Italia spazio + spadoni lucca hermana elisabeth santa gemma formaci\u00f3n hermana marguerite angele 5 300x225\"\/><\/figure>\n\n\n\n<figure class=\"wp-block-image size-large formazione\"><img decoding=\"async\" src=\"https:\/\/spaziospadoni.org\/wp-content\/uploads\/2026\/05\/2022_febbraio_hicsum_17_italia_spazio_spadoni_lucca_san_cerbone_suor_elisabeth_formazione_primo_soccorso_gabriele_ciuffi-10-225x300.jpg\" alt=\"2022 febrero HIC SUM 17 Italia spazio + spadoni lucca san cerbone hermana elisabeth formaci\u00f3n primeros auxilios gabriele ciuffi 10 225x300\"\/><\/figure>\n\n\n\n<figure class=\"wp-block-image size-large formazione\"><img decoding=\"async\" src=\"https:\/\/spaziospadoni.org\/wp-content\/uploads\/2026\/05\/2022_febbraio_hicsum_17_italia_spazio_spadoni_lucca_san_cerbone_suor_elisabeth_formazione_primo_soccorso_gabriele_ciuffi-9-225x300.jpg\" alt=\"2022 febrero HIC SUM 17 Italia spazio + spadoni lucca san cerbone hermana elisabeth formaci\u00f3n primeros auxilios gabriele ciuffi 9 225x300\"\/><\/figure>\n\n\n\n<figure class=\"wp-block-image size-large formazione\"><img decoding=\"async\" src=\"https:\/\/spaziospadoni.org\/wp-content\/uploads\/2026\/05\/2022_febbraio_hicsum_17_italia_spazio_spadoni_lucca_san_cerbone_suor_elisabeth_formazione_primo_soccorso_gabriele_ciuffi-4-225x300.jpg\" alt=\"2022 febrero HIC SUM 17 Italia spazio + spadoni lucca san cerbone hermana elisabeth formaci\u00f3n primeros auxilios gabriele ciuffi 4 225x300\"\/><\/figure>\n\n\n\n<figure class=\"wp-block-image size-large formazione\"><img decoding=\"async\" src=\"https:\/\/spaziospadoni.org\/wp-content\/uploads\/2026\/05\/2022_febbraio_hicsum_17_italia_spazio_spadoni_lucca_san_cerbone_suor_elisabeth_formazione_primo_soccorso_gabriele_ciuffi-2-225x300.jpg\" alt=\"2022 febrero HIC SUM 17 Italia spazio + spadoni lucca san cerbone hermana elisabeth formaci\u00f3n primeros auxilios gabriele ciuffi 2 225x300\"\/><\/figure>\n\n\n\n<figure class=\"wp-block-image size-large formazione\"><img decoding=\"async\" src=\"https:\/\/spaziospadoni.org\/wp-content\/uploads\/2026\/05\/2022_febbraio_hicsum_17_italia_spazio_spadoni_lucca_san_cerbone_suor_elisabeth_formazione_cloratore-2-225x300.jpg\" alt=\"2022 febrero HIC SUM 17 Italia spazio + spadoni lucca san cerbone hermana elisabeth formaci\u00f3n clorador 2 225x300\"\/><\/figure>\n\n\n\n<figure class=\"wp-block-image size-large formazione\"><img decoding=\"async\" src=\"https:\/\/spaziospadoni.org\/wp-content\/uploads\/2026\/05\/formazione-san-cerboine-F-sr.JPG1-copia-300x225.jpg\" alt=\"formaci\u00f3n san cerbone F hermana.JPG1 copia 300x225\"\/><\/figure>\n\n\n\n<figure class=\"wp-block-image size-large formazione\"><img decoding=\"async\" src=\"https:\/\/spaziospadoni.org\/wp-content\/uploads\/2026\/05\/formazione-san-cerboine-F-rosemary-copia-300x164.jpg\" alt=\"formaci\u00f3n san cerbone F rosemary copia 300x164\"\/><\/figure>\n\n\n\n<figure class=\"wp-block-image size-large formazione\"><img decoding=\"async\" src=\"https:\/\/spaziospadoni.org\/wp-content\/uploads\/2026\/05\/formazione-visita-febbraio-F-tutte-e-3-copia-1-300x160.jpg\" alt=\"formaci\u00f3n visita febrero F las tres copia 1 300x160\"\/><\/figure>\n\n\n\n<figure class=\"wp-block-image size-large formazione\"><img decoding=\"async\" src=\"https:\/\/spaziospadoni.org\/wp-content\/uploads\/2026\/05\/2022_febbraio_14_hicsum_17_italia_spazio_spadoni_lucca_suor_elisabeth_san_martino-225x300.jpg\" alt=\"2022 febrero 14 HIC SUM 17 Italia spazio + spadoni lucca hermana elisabeth san martino 225x300\"\/><\/figure>\n\n\n\n<figure class=\"wp-block-image size-large formazione\"><img decoding=\"async\" src=\"https:\/\/spaziospadoni.org\/wp-content\/uploads\/2026\/05\/2022_febbraio_14_hicsum_17_italia_spazio_spadoni_lucca_suor_elisabeth_piazza_san_michele-225x300.jpg\" alt=\"2022 febrero 14 HIC SUM 17 Italia spazio + spadoni lucca hermana elisabeth plaza san michele 225x300\"\/><\/figure>\n\n\n\n<figure class=\"wp-block-image size-large formazione\"><img decoding=\"async\" src=\"https:\/\/spaziospadoni.org\/wp-content\/uploads\/2026\/05\/2022_febbraio_14_hicsum_17_italia_spazio_spadoni_lucca_suor_elisabeth_piazza_san_frediano-225x300.jpg\" alt=\"2022 febrero 14 HIC SUM 17 Italia spazio + spadoni lucca hermana elisabeth plaza san frediano 225x300\"\/><\/figure>\n\n\n\n<figure class=\"wp-block-image size-large formazione\"><img decoding=\"async\" src=\"https:\/\/spaziospadoni.org\/wp-content\/uploads\/2026\/05\/2022_febbraio_14_hicsum_17_italia_spazio_spadoni_lucca_suor_elisabeth_piazza_anfiteatro-225x300.jpg\" alt=\"2022 febrero 14 HIC SUM 17 Italia spazio + spadoni lucca hermana elisabeth plaza anfiteatro 225x300\"\/><\/figure>\n\n\n\n<figure class=\"wp-block-image size-large formazione\"><img decoding=\"async\" src=\"https:\/\/spaziospadoni.org\/wp-content\/uploads\/2026\/05\/2022_febbraio_14_hicsum_17_italia_spazio_spadoni_lucca_suor_elisabeth_mura-225x300.jpg\" alt=\"2022 febrero 14 HIC SUM 17 Italia spazio + spadoni lucca hermana elisabeth murallas 225x300\"\/><\/figure>\n\n\n\n<figure class=\"wp-block-image size-large formazione\"><img decoding=\"async\" src=\"https:\/\/spaziospadoni.org\/wp-content\/uploads\/2026\/05\/2022_febbraio_14_hicsum_17_italia_spazio_spadoni_lucca_suor_elisabeth_campanile_san_martino-225x300.jpg\" alt=\"2022 febrero 14 HIC SUM 17 Italia spazio + spadoni lucca hermana elisabeth campanario san martino 225x300\"\/><\/figure>\n\n\n\n<figure class=\"wp-block-image size-large formazione\"><img decoding=\"async\" src=\"https:\/\/spaziospadoni.org\/wp-content\/uploads\/2026\/05\/2022_febbraio_13_hicsum_17_italia_spazio_spadoni_montenero_santuario_suor_elisabeth_selene_roberta-2-225x300.jpg\" alt=\"2022 febrero 13 HIC SUM 17 Italia spazio + spadoni montenero santuario hermana elisabeth selene roberta 2 225x300\"\/><\/figure>\n\n\n\n<figure class=\"wp-block-image size-large formazione\"><img decoding=\"async\" src=\"https:\/\/spaziospadoni.org\/wp-content\/uploads\/2026\/05\/2022_marzo_6_hicsum_17_italia_spazio_spadoni_suor_elisabeth_partenza_saluto_aeroporto_selene-225x300.jpg\" alt=\"2022 marzo 6 HIC SUM 17 Italia spazio + spadoni hermana elisabeth partida saludo aeropuerto selene 225x300\"\/><\/figure>\n\n\n\n<figure class=\"wp-block-image size-large formazione\"><img decoding=\"async\" src=\"https:\/\/spaziospadoni.org\/wp-content\/uploads\/2026\/05\/2022_febbraio_13_hicsum_17_italia_spazio_spadoni_montenero_santuario_suor_elisabeth_preghiera-225x300.jpg\" alt=\"2022 febrero 13 HIC SUM 17 Italia spazio + spadoni montenero santuario hermana elisabeth oraci\u00f3n 225x300\"\/><\/figure>\n\n\n\n<figure class=\"wp-block-image size-large formazione\"><img decoding=\"async\" src=\"https:\/\/spaziospadoni.org\/wp-content\/uploads\/2026\/05\/2022_febbraio_13_hicsum_17_italia_spazio_spadoni_montenero_santuario_suor_elisabeth_katia-225x300.jpg\" alt=\"2022 febrero 13 HIC SUM 17 Italia spazio + spadoni montenero santuario hermana elisabeth katia 225x300\"\/><\/figure>\n\n\n\n<figure class=\"wp-block-image size-large formazione\"><img decoding=\"async\" src=\"https:\/\/spaziospadoni.org\/wp-content\/uploads\/2026\/05\/2022_febbraio_13_hicsum_17_italia_spazio_spadoni_montenero_santuario_suor_elisabeth_firma-2-225x300.jpg\" alt=\"2022 febrero 13 HIC SUM 17 Italia spazio + spadoni montenero santuario hermana elisabeth firma 2 225x300\"\/><\/figure>\n\n\n\n<figure class=\"wp-block-image size-large formazione\"><img decoding=\"async\" src=\"https:\/\/spaziospadoni.org\/wp-content\/uploads\/2026\/05\/2021_settembre_hicsum_17_italia_spazio_spadoni_suor_elisabeth_misericordia_alfero_formazione_cucina-225x300.jpg\" alt=\"2021 septiembre HIC SUM 17 Italia spazio + spadoni hermana elisabeth Misericordia di Alfero formaci\u00f3n cocina 225x300\"\/><\/figure>\n\n\n\n<figure class=\"wp-block-image size-large formazione\"><img decoding=\"async\" src=\"https:\/\/spaziospadoni.org\/wp-content\/uploads\/2026\/05\/2022_febbraio_13_hicsum_17_italia_spazio_spadoni_montenero_santuario_suor_elisabeth_brigidini-225x300.jpg\" alt=\"2022 febrero 13 HIC SUM 17 Italia spazio + spadoni montenero santuario hermana elisabeth brigidini 225x300\"\/><\/figure>\n\n\n\n<figure class=\"wp-block-image size-large formazione\"><img decoding=\"async\" src=\"https:\/\/spaziospadoni.org\/wp-content\/uploads\/2026\/05\/2021_settembre_hicsum_17_italia_spazio_spadoni_suor_elisabeth_misericordia_alfero-225x300.jpg\" alt=\"2021 septiembre HIC SUM 17 Italia spazio + spadoni hermana elisabeth Misericordia di Alfero 225x300\"\/><\/figure>\n\n\n\n<figure class=\"wp-block-image size-large formazione\"><img decoding=\"async\" src=\"https:\/\/spaziospadoni.org\/wp-content\/uploads\/2026\/05\/2021_settembre_15_hicsum_17_spazio_spadoni_suor_elisabeth_arrivo_in_italia-169x300.jpg\" alt=\"2021 septiembre 15 HIC SUM 17 spazio + spadoni hermana elisabeth llegada en Italia 169x300\"\/><\/figure>\n\n\n\n<figure class=\"wp-block-image size-large formazione\"><img decoding=\"async\" src=\"https:\/\/spaziospadoni.org\/wp-content\/uploads\/2026\/05\/2021_hicsum_17_italia_spazio_spadoni_suor_elisabeth_misericordia_alfero_mortadella-225x300.jpg\" alt=\"2021 HIC SUM 17 Italia spazio + spadoni hermana elisabeth Misericordia di Alfero mortadella 225x300\"\/><\/figure>\n\n\n\n<figure class=\"wp-block-image size-large formazione\"><img decoding=\"async\" src=\"https:\/\/spaziospadoni.org\/wp-content\/uploads\/2026\/05\/formazione-visita-febbraio-F-a-tutte-sr-copia-1-300x186.jpg\" alt=\"formaci\u00f3n visita febrero F con todas hermana copia 1 300x186\"\/><\/figure>\n\n\n\n<figure class=\"wp-block-image size-large repubblica-democratica-del-congo\"><img decoding=\"async\" src=\"https:\/\/spaziospadoni.org\/wp-content\/uploads\/2026\/05\/69a62db0-9889-42a4-9412-9678ef78e495-225x300.jpg\" alt=\"69a62db0 9889 42a4 9412 9678ef78e495 225x300\"\/><\/figure>\n\n\n\n<figure class=\"wp-block-image size-large repubblica-democratica-del-congo\"><img decoding=\"async\" src=\"https:\/\/spaziospadoni.org\/wp-content\/uploads\/2026\/05\/2021_settembre_14_hicsum_17_congo_spazio_spadoni_suor_elisabeth_partenza_per_italia-225x300.jpg\" alt=\"2021 septiembre 14 HIC SUM 17 congo spazio + spadoni hermana elisabeth partida hacia Italia 225x300\"\/><\/figure>\n\n\n\n<figure class=\"wp-block-image size-large repubblica-democratica-del-congo\"><img decoding=\"async\" src=\"https:\/\/spaziospadoni.org\/wp-content\/uploads\/2026\/05\/2022_dicembre_21_hicsum_wamba_spazio_spadoni_suor_elisabeth_piscicultura_progetto_terreno_vasche_volontari-2-225x300.jpeg\" alt=\"2022 diciembre 21 HIC SUM wamba spazio + spadoni hermana elisabeth piscicultura proyecto terreno estanques voluntarios 2 225x300\"\/><\/figure>\n\n\n\n<figure class=\"wp-block-image size-large repubblica-democratica-del-congo\"><img decoding=\"async\" src=\"https:\/\/spaziospadoni.org\/wp-content\/uploads\/2026\/05\/2022_dicembre_21_hicsum_wamba_spazio_spadoni_suor_elisabeth_piscicultura_progetto_terreno_vasche_volontari-300x225.jpeg\" alt=\"2022 diciembre 21 HIC SUM wamba spazio + spadoni hermana elisabeth piscicultura proyecto terreno estanques voluntarios 300x225\"\/><\/figure>\n\n\n\n<figure class=\"wp-block-image size-large repubblica-democratica-del-congo\"><img decoding=\"async\" src=\"https:\/\/spaziospadoni.org\/wp-content\/uploads\/2026\/05\/2022_hicsum_17_congo_spazio_spadoni_suor_elisabeth_arrivo_Isiro-225x300.jpg\" alt=\"2022 HIC SUM 17 congo spazio + spadoni hermana elisabeth llegada Isiro 225x300\"\/><\/figure>\n\n\n\n<figure class=\"wp-block-image size-large repubblica-democratica-del-congo\"><img decoding=\"async\" src=\"https:\/\/spaziospadoni.org\/wp-content\/uploads\/2026\/05\/2022_hicsum_17_wamba_spazio_spadoni_suor_elisabeth_missione_PSE-3-300x225.jpg\" alt=\"2022 HIC SUM 17 wamba spazio + spadoni hermana elisabeth misi\u00f3n PSE 3 300x225\"\/><\/figure>\n\n\n\n<figure class=\"wp-block-image size-large repubblica-democratica-del-congo\"><img decoding=\"async\" src=\"https:\/\/spaziospadoni.org\/wp-content\/uploads\/2026\/05\/2022_hicsum_17_wamba_spazio_spadoni_suor_elisabeth_missione_PSE-4-300x225.jpg\" alt=\"2022 HIC SUM 17 wamba spazio + spadoni hermana elisabeth misi\u00f3n PSE 4 300x225\"\/><\/figure>\n\n\n\n<figure class=\"wp-block-image size-large repubblica-democratica-del-congo\"><img decoding=\"async\" src=\"https:\/\/spaziospadoni.org\/wp-content\/uploads\/2026\/05\/2022_hicsum_17_wamba_spazio_spadoni_suor_elisabeth_missione_PSE-5-225x300.jpg\" alt=\"2022 HIC SUM 17 wamba spazio + spadoni hermana elisabeth misi\u00f3n PSE 5 225x300\"\/><\/figure>\n\n\n\n<figure class=\"wp-block-image size-large formazione\"><img decoding=\"async\" src=\"https:\/\/spaziospadoni.org\/wp-content\/uploads\/2026\/05\/2022_marzo_6_hicsum_17_italia_spazio_spadoni_suor_elisabeth_partenza_saluto_aeroporto_selene_katia-2-300x225.jpg\" alt=\"2022 marzo 6 HIC SUM 17 Italia spazio + spadoni hermana elisabeth partida saludo aeropuerto selene katia 2 300x225\"\/><\/figure>\n\n\n\n<figure class=\"wp-block-image size-large repubblica-democratica-del-congo\"><img decoding=\"async\" src=\"https:\/\/spaziospadoni.org\/wp-content\/uploads\/2026\/05\/2022_hicsum_17_wamba_spazio_spadoni_suor_elisabeth_missione_PSE_bambini_pc-300x225.jpg\" alt=\"2022 HIC SUM 17 wamba spazio + spadoni hermana elisabeth misi\u00f3n PSE ni\u00f1os pc 300x225\"\/><\/figure>\n\n\n\n<figure class=\"wp-block-image size-large repubblica-democratica-del-congo\"><img decoding=\"async\" src=\"https:\/\/spaziospadoni.org\/wp-content\/uploads\/2026\/05\/2022_hicsum_17_wamba_spazio_spadoni_suor_elisabeth_missione_PSE_congregazione-300x225.jpg\" alt=\"2022 HIC SUM 17 wamba spazio + spadoni hermana elisabeth misi\u00f3n PSE congregaci\u00f3n 300x225\"\/><\/figure>\n\n\n\n<figure class=\"wp-block-image size-large repubblica-democratica-del-congo\"><img decoding=\"async\" src=\"https:\/\/spaziospadoni.org\/wp-content\/uploads\/2026\/05\/2022_hicsum_17_wamba_spazio_spadoni_suor_elisabeth_missione_PSE_sacchi_grano-280x300.jpg\" alt=\"2022 HIC SUM 17 wamba spazio + spadoni hermana elisabeth misi\u00f3n PSE sacos de trigo 280x300\"\/><\/figure>\n\n\n\n<figure class=\"wp-block-image size-large repubblica-democratica-del-congo\"><img decoding=\"async\" src=\"https:\/\/spaziospadoni.org\/wp-content\/uploads\/2026\/05\/2023_aprile_19_hicsum_wamba_spazio_spadoni_suor_elisabeth_piscicultura_progetto-225x300.jpeg\" alt=\"2023 abril 19 HIC SUM wamba spazio + spadoni hermana elisabeth piscicultura proyecto 225x300\"\/><\/figure>\n\n\n\n<figure class=\"wp-block-image size-large repubblica-democratica-del-congo\"><img decoding=\"async\" src=\"https:\/\/spaziospadoni.org\/wp-content\/uploads\/2026\/05\/2023_gennaio_1_hicsum_wamba_spazio_spadoni_suor_elisabeth_piscicultura_progetto_terreno_vasche-225x300.jpeg\" alt=\"2023 enero 1 HIC SUM wamba spazio + spadoni hermana elisabeth piscicultura proyecto terreno estanques 225x300\"\/><\/figure>\n\n\n\n<figure class=\"wp-block-image size-large repubblica-democratica-del-congo\"><img decoding=\"async\" src=\"https:\/\/spaziospadoni.org\/wp-content\/uploads\/2026\/05\/2023_gennaio_1_hicsum_wamba_spazio_spadoni_suor_elisabeth_piscicultura_progetto_terreno_vasche_volontari-2-225x300.jpeg\" alt=\"2023 enero 1 HIC SUM wamba spazio + spadoni hermana elisabeth piscicultura proyecto terreno estanques voluntarios 2 225x300\"\/><\/figure>\n\n\n\n<figure class=\"wp-block-image size-large repubblica-democratica-del-congo\"><img decoding=\"async\" src=\"https:\/\/spaziospadoni.org\/wp-content\/uploads\/2026\/05\/2023_maggio_hicsum_17_wamba_spazio_spadoni_suor_elisabeth_comunita-300x225.jpg\" alt=\"2023 mayo HIC SUM 17 wamba spazio + spadoni hermana elisabeth comunidad 300x225\"\/><\/figure>\n\n\n\n<figure class=\"wp-block-image size-large repubblica-democratica-del-congo\"><img decoding=\"async\" src=\"https:\/\/spaziospadoni.org\/wp-content\/uploads\/2026\/05\/2023_maggio_hicsum_17_wamba_spazio_spadoni_suor_elisabeth_piscicultura_progetto_pane_misericordia-225x300.jpg\" alt=\"2023 mayo HIC SUM 17 wamba spazio + spadoni hermana elisabeth piscicultura proyecto pan misericordia 225x300\"\/><\/figure>\n\n\n\n<figure class=\"wp-block-image size-large repubblica-democratica-del-congo\"><img decoding=\"async\" src=\"https:\/\/spaziospadoni.org\/wp-content\/uploads\/2026\/05\/2023_maggio_hicsum_17_wamba_spazio_spadoni_suor_elisabeth_piscicultura_progetto_pane_misericordia_volontari-2-225x300.jpg\" alt=\"2023 mayo HIC SUM 17 wamba spazio + spadoni hermana elisabeth piscicultura proyecto pan misericordia voluntarios 2 225x300\"\/><\/figure>\n\n\n\n<figure class=\"wp-block-image size-large repubblica-democratica-del-congo\"><img decoding=\"async\" src=\"https:\/\/spaziospadoni.org\/wp-content\/uploads\/2026\/05\/2023_maggio_hicsum_17_wamba_spazio_spadoni_suor_elisabeth_piscicultura_progetto_pane_misericordia_volontari-225x300.jpg\" alt=\"2023 mayo HIC SUM 17 wamba spazio + spadoni hermana elisabeth piscicultura proyecto pan misericordia voluntarios 225x300\"\/><\/figure>\n\n\n\n<figure class=\"wp-block-image size-large repubblica-democratica-del-congo\"><img decoding=\"async\" src=\"https:\/\/spaziospadoni.org\/wp-content\/uploads\/2026\/05\/2023_maggio_hicsum_17_wamba_spazio_spadoni_suor_elisabeth_piscicultura_progetto_pane_misericordia_volontario-2-225x300.jpg\" alt=\"2023 mayo HIC SUM 17 wamba spazio + spadoni hermana elisabeth piscicultura proyecto pan misericordia voluntario 2 225x300\"\/><\/figure>\n\n\n\n<figure class=\"wp-block-image size-large repubblica-democratica-del-congo\"><img decoding=\"async\" src=\"https:\/\/spaziospadoni.org\/wp-content\/uploads\/2026\/05\/2023_maggio_hicsum_17_wamba_spazio_spadoni_suor_elisabeth_piscicultura_progetto_pane_misericordia_volontario-225x300.jpg\" alt=\"2023 mayo HIC SUM 17 wamba spazio + spadoni hermana elisabeth piscicultura proyecto pan misericordia voluntario 225x300\"\/><\/figure>\n\n\n\n<figure class=\"wp-block-image size-large repubblica-democratica-del-congo\"><img decoding=\"async\" src=\"https:\/\/spaziospadoni.org\/wp-content\/uploads\/2026\/05\/2023_maggio_hicsum_17_wamba_spazio_spadoni_suor_elisabeth_piscicultura_progetto_terreno_vasche-300x225.jpg\" alt=\"2023 mayo HIC SUM 17 wamba spazio + spadoni hermana elisabeth piscicultura proyecto terreno estanques 300x225\"\/><\/figure>\n\n\n\n<figure class=\"wp-block-image size-large pane-di-misericordia\"><img decoding=\"async\" src=\"https:\/\/spaziospadoni.org\/wp-content\/uploads\/2026\/05\/2022_dicembre_21_hicsum_wamba_spazio_spadoni_suor_elisabeth_piscicultura_progetto_terreno_vasche_volontari-2-225x300.jpeg\" alt=\"2022 diciembre 21 HIC SUM wamba spazio + spadoni hermana elisabeth piscicultura proyecto terreno estanques voluntarios 2 225x300\"\/><\/figure>\n\n\n\n<figure class=\"wp-block-image size-large pane-di-misericordia\"><img decoding=\"async\" src=\"https:\/\/spaziospadoni.org\/wp-content\/uploads\/2026\/05\/2023_aprile_19_hicsum_wamba_spazio_spadoni_suor_elisabeth_piscicultura_progetto-225x300.jpeg\" alt=\"2023 abril 19 HIC SUM wamba spazio + spadoni hermana elisabeth piscicultura proyecto 225x300\"\/><\/figure>\n\n\n\n<figure class=\"wp-block-image size-large pane-di-misericordia\"><img decoding=\"async\" src=\"https:\/\/spaziospadoni.org\/wp-content\/uploads\/2026\/05\/Suor-Elisabeth-e-la-piscicoltura-300x225.jpg\" alt=\"hermana Elisabeth e la piscicultura 300x225\"\/><\/figure>\n\n\n\n<figure class=\"wp-block-image size-large pane-di-misericordia\"><img decoding=\"async\" src=\"https:\/\/spaziospadoni.org\/wp-content\/uploads\/2026\/05\/2023_gennaio_1_hicsum_wamba_spazio_spadoni_suor_elisabeth_piscicultura_progetto_terreno_vasche_volontari-2-225x300.jpeg\" alt=\"2023 enero 1 HIC SUM wamba spazio + spadoni hermana elisabeth piscicultura proyecto terreno estanques voluntarios 2 225x300\"\/><\/figure>\n\n\n\n<figure class=\"wp-block-image size-large pane-di-misericordia\"><img decoding=\"async\" src=\"https:\/\/spaziospadoni.org\/wp-content\/uploads\/2026\/05\/2024_maggio_suor_gustave_madre_generale_congo_spazio_spadoni_impresa_sociale_piscicoltura-2-300x252.jpg\" alt=\"2024 mayo hermana gustave Madre General congo spazio + spadoni empresa social piscicultura 2 300x252\"\/><\/figure>\n\n\n\n<figure class=\"wp-block-image size-large pane-di-misericordia\"><img decoding=\"async\" src=\"https:\/\/spaziospadoni.org\/wp-content\/uploads\/2026\/05\/2024_maggio_suor_gustave_madre_generale_congo_spazio_spadoni_impresa_sociale_piscicoltura-1-232x300.jpg\" alt=\"2024 mayo hermana gustave Madre General congo spazio + spadoni empresa social piscicultura 1 232x300\"\/><\/figure>\n\n\n\n<figure class=\"wp-block-image size-large pane-di-misericordia\"><img decoding=\"async\" src=\"https:\/\/spaziospadoni.org\/wp-content\/uploads\/2026\/05\/2023_maggio_suor_elisabeth_progetto_hic_sum_congo_piscicoltura_impresa_sociale_spazio_spadoni-1-225x300.jpg\" alt=\"2023 mayo hermana elisabeth proyecto HIC SUM congo piscicultura empresa social spazio + spadoni 1 225x300\"\/><\/figure>\n\n\n\n<figure class=\"wp-block-image size-large pane-di-misericordia\"><img decoding=\"async\" src=\"https:\/\/spaziospadoni.org\/wp-content\/uploads\/2026\/05\/2023_maggio_suor_elisabeth_progetto_hic_sum_congo_piscicoltura_impresa_sociale_spazio_spadoni-12-300x225.jpg\" alt=\"2023 mayo hermana elisabeth proyecto HIC SUM congo piscicultura empresa social spazio + spadoni 12 300x225\"\/><\/figure>\n\n\n\n<figure class=\"wp-block-image size-large pane-di-misericordia\"><img decoding=\"async\" src=\"https:\/\/spaziospadoni.org\/wp-content\/uploads\/2026\/05\/2023_maggio_suor_elisabeth_progetto_hic_sum_congo_piscicoltura_impresa_sociale_spazio_spadoni-7-300x225.jpg\" alt=\"2023 mayo hermana elisabeth proyecto HIC SUM congo piscicultura empresa social spazio + spadoni 7 300x225\"\/><\/figure>\n\n\n\n<figure class=\"wp-block-image size-large pane-di-misericordia\"><img decoding=\"async\" src=\"https:\/\/spaziospadoni.org\/wp-content\/uploads\/2026\/05\/2023_maggio_suor_elisabeth_progetto_hic_sum_congo_piscicoltura_impresa_sociale_spazio_spadoni-5-300x225.jpg\" alt=\"2023 mayo hermana elisabeth proyecto HIC SUM congo piscicultura empresa social spazio + spadoni 5 300x225\"\/><\/figure>\n\n\n\n<figure class=\"wp-block-image size-large pane-di-misericordia\"><img decoding=\"async\" src=\"https:\/\/spaziospadoni.org\/wp-content\/uploads\/2026\/05\/2023_maggio_suor_elisabeth_progetto_hic_sum_congo_piscicoltura_impresa_sociale_spazio_spadoni-3-225x300.jpg\" alt=\"2023 mayo hermana elisabeth proyecto HIC SUM congo piscicultura empresa social spazio + spadoni 3 225x300\"\/><\/figure>\n\n\n\n<figure class=\"wp-block-image size-large pane-di-misericordia\"><img decoding=\"async\" src=\"https:\/\/spaziospadoni.org\/wp-content\/uploads\/2026\/05\/2023_maggio_suor_elisabeth_progetto_hic_sum_congo_piscicoltura_impresa_sociale_spazio_spadoni-2-225x300.jpg\" alt=\"2023 mayo hermana elisabeth proyecto HIC SUM congo piscicultura empresa social spazio + spadoni 2 225x300\"\/><\/figure>\n\n\n\n<figure class=\"wp-block-image size-large pane-di-misericordia\"><img decoding=\"async\" src=\"https:\/\/spaziospadoni.org\/wp-content\/uploads\/2026\/05\/2023_maggio_suor_elisabeth_progetto_hic_sum_congo_piscicoltura_impresa_sociale_spazio_spadoni-6-300x225.jpg\" alt=\"2023 mayo hermana elisabeth proyecto HIC SUM congo piscicultura empresa social spazio + spadoni 6 300x225\"\/><\/figure>\n\n\n\n<figure class=\"wp-block-image size-large pane-di-misericordia\"><img decoding=\"async\" src=\"https:\/\/spaziospadoni.org\/wp-content\/uploads\/2026\/05\/2024_setttembre_suor_elisabeth_congo_piscicoltura_impresa_sociale_progetto_hic_sum_spazio_spadoni-1-226x300.jpg\" alt=\"2024 septiembre hermana elisabeth congo piscicultura empresa social proyecto HIC SUM spazio + spadoni 1 226x300\"\/><\/figure>\n\n\n\n<figure class=\"wp-block-image size-large pane-di-misericordia\"><img decoding=\"async\" src=\"https:\/\/spaziospadoni.org\/wp-content\/uploads\/2026\/05\/2024_setttembre_suor_elisabeth_congo_piscicoltura_impresa_sociale_progetto_hic_sum_spazio_spadoni-2-226x300.jpg\" alt=\"2024 septiembre hermana elisabeth congo piscicultura empresa social proyecto HIC SUM spazio + spadoni 2 226x300\"\/><\/figure>\n\n\n\n<figure class=\"wp-block-image size-large pane-di-misericordia\"><img decoding=\"async\" src=\"https:\/\/spaziospadoni.org\/wp-content\/uploads\/2026\/05\/2024_setttembre_suor_elisabeth_congo_piscicoltura_impresa_sociale_progetto_hic_sum_spazio_spadoni-3-300x226-1.jpg\" alt=\"2024 septiembre hermana elisabeth congo piscicultura empresa social proyecto HIC SUM spazio + spadoni 3 300x226 1\"\/><\/figure>\n\n\n\n<figure class=\"wp-block-image size-large pane-di-misericordia\"><img decoding=\"async\" src=\"https:\/\/spaziospadoni.org\/wp-content\/uploads\/2026\/05\/2026_aprile_progetto_piscicoltura_congo_suor_elisabeth_spazio_spadoni_hic_sum-1.jpeg\" alt=\"2026 abril proyecto piscicultura congo hermana elisabeth spazio + spadoni HIC SUM 1\"\/><\/figure>\n<\/figure>\n\n\n\n<div class=\"gb-element-b24bbf5e ss-media-videos\">\n<figure class=\"wp-block-video video\"><video controls src=\"https:\/\/spaziospadoni.org\/wp-content\/uploads\/2026\/05\/IMG_7164.mov\"><\/video><figcaption class=\"wp-element-caption\">IMG 7164<\/figcaption><\/figure>\n\n\n\n<figure class=\"wp-block-video video\"><video controls src=\"https:\/\/spaziospadoni.org\/wp-content\/uploads\/2026\/05\/gennaio_2023_impresa_sociale_repubblica_democratica_congo_progetti_hic_sum_pesci_spazio_spadoni.mp4\"><\/video><figcaption class=\"wp-element-caption\">enero de 2023 empresa social Rep\u00fablica Democr\u00e1tica del Congo proyectos HIC SUM peces spazio + spadoni<\/figcaption><\/figure>\n\n\n\n<figure class=\"wp-block-video video\"><video controls src=\"https:\/\/spaziospadoni.org\/wp-content\/uploads\/2026\/05\/2023_maggio_suor_elisabeth_progetto_hic_sum_congo_piscicoltura_impresa_sociale_spazio_spadoni-1-1.mp4\"><\/video><figcaption class=\"wp-element-caption\">mayo de 2023 hermana Elisabeth proyecto HIC SUM Congo piscicultura empresa social spazio + spadoni 1 1<\/figcaption><\/figure>\n\n\n\n<figure class=\"wp-block-video video\"><video controls src=\"https:\/\/spaziospadoni.org\/wp-content\/uploads\/2026\/05\/2026_aprile_progetto_piscicoltura_congo_suor_elisabeth_spazio_spadoni_hic_sum-2.mp4\"><\/video><figcaption class=\"wp-element-caption\">abril de 2026 proyecto de piscicultura Congo hermana Elisabeth spazio + spadoni HIC SUM 2<\/figcaption><\/figure>\n\n\n\n<figure class=\"wp-block-video video\"><video controls src=\"https:\/\/spaziospadoni.org\/wp-content\/uploads\/2026\/05\/2026_aprile_progetto_piscicoltura_congo_suor_elisabeth_spazio_spadoni_hic_sum-1.mp4\"><\/video><figcaption class=\"wp-element-caption\">abril de 2026 proyecto de piscicultura Congo hermana Elisabeth spazio + spadoni HIC SUM 1<\/figcaption><\/figure>\n<\/div>\n<\/div>\n<\/div>\n<\/div>\n<\/div>\n","protected":false},"excerpt":{"rendered":"<p>Hermana Elisabeth &#8211; Wamba (Rep\u00fablica Democr\u00e1tica del Congo) PROYECTO 17 de 72 MISI\u00d3N Lugar Wamba Di\u00f3cesis Wamba Pa\u00eds Rep\u00fablica Democr\u00e1tica del Congo Continente Africa Coordenadas GPS 2.14711 27.98453 Zona horaria UTC+2 CONGREGACI\u00d3N Congregaci\u00f3n Petites S\u0153urs de l\u2019Evang\u00e9lisation Casa Madre Wamba Di\u00f3cesis Wamba Pa\u00eds Rep\u00fablica Democr\u00e1tica del Congo Continente Africa Fiesta de la Congregaci\u00f3n Jornada Mundial &#8230; <a title=\"Rep\u00fablica Democr\u00e1tica del Congo &#8211; \u00c1frica | Proyecto #17 de 72\" class=\"read-more\" href=\"https:\/\/spaziospadoni.org\/es\/hic-sum\/republica-democratica-del-congo-africa-proyecto-17-de-72\/\" aria-label=\"Read more about Rep\u00fablica Democr\u00e1tica del Congo &#8211; \u00c1frica | Proyecto #17 de 72\">Leer m\u00e1s<\/a><\/p>\n","protected":false},"author":102,"featured_media":0,"parent":63319,"menu_order":0,"comment_status":"closed","ping_status":"closed","template":"","meta":{"_sitemap_exclude":false,"_sitemap_priority":"","_sitemap_frequency":"","footnotes":""},"class_list":["post-68790","page","type-page","status-publish","infinite-scroll-item"],"yoast_head":"<!-- This site is optimized with the Yoast SEO plugin v28.4 - https:\/\/yoast.com\/product\/yoast-seo-wordpress\/ -->\n<title>Rep\u00fablica Democr\u00e1tica del Congo - \u00c1frica | Proyecto #17 de 72 | Spazio Spadoni<\/title>\n<meta name=\"description\" content=\"Hermana Elisabeth - Wamba (Rep\u00fablica Democr\u00e1tica del Congo) PROYECTO 17 de 72 MISI\u00d3N Lugar Wamba Di\u00f3cesis Wamba Pa\u00eds Rep\u00fablica Democr\u00e1tica del Congo\" \/>\n<meta name=\"robots\" content=\"index, follow, max-snippet:-1, max-image-preview:large, max-video-preview:-1\" \/>\n<link rel=\"canonical\" href=\"https:\/\/spaziospadoni.org\/es\/hic-sum\/republica-democratica-del-congo-africa-proyecto-17-de-72\/\" \/>\n<meta property=\"og:locale\" content=\"es_ES\" \/>\n<meta property=\"og:type\" content=\"article\" \/>\n<meta property=\"og:title\" content=\"Rep\u00fablica Democr\u00e1tica del Congo - \u00c1frica | Proyecto #17 de 72 | Spazio Spadoni\" \/>\n<meta property=\"og:description\" content=\"Hermana Elisabeth - Wamba (Rep\u00fablica Democr\u00e1tica del Congo) PROYECTO 17 de 72 MISI\u00d3N Lugar Wamba Di\u00f3cesis Wamba Pa\u00eds Rep\u00fablica Democr\u00e1tica del Congo\" \/>\n<meta property=\"og:url\" content=\"https:\/\/spaziospadoni.org\/es\/hic-sum\/republica-democratica-del-congo-africa-proyecto-17-de-72\/\" \/>\n<meta property=\"og:site_name\" content=\"spazio + spadoni\" \/>\n<meta property=\"article:publisher\" content=\"https:\/\/www.facebook.com\/SpazioSpadoni\/\" \/>\n<meta property=\"article:modified_time\" content=\"2026-08-01T17:23:03+00:00\" \/>\n<meta property=\"og:image\" content=\"https:\/\/spaziospadoni.org\/wp-content\/uploads\/2026\/05\/hicsum_1_congo-spaziospadoni-scaled.png\" \/>\n\t<meta property=\"og:image:width\" content=\"2560\" \/>\n\t<meta property=\"og:image:height\" content=\"1771\" \/>\n\t<meta property=\"og:image:type\" content=\"image\/png\" \/>\n<meta name=\"twitter:card\" content=\"summary_large_image\" \/>\n<meta name=\"twitter:label1\" content=\"Est. reading time\" \/>\n\t<meta name=\"twitter:data1\" content=\"27 minutes\" \/>\n<script type=\"application\/ld+json\" class=\"yoast-schema-graph\">{\"@context\":\"https:\\\/\\\/schema.org\",\"@graph\":[{\"@type\":\"WebPage\",\"@id\":\"https:\\\/\\\/spaziospadoni.org\\\/es\\\/hic-sum\\\/republica-democratica-del-congo-africa-proyecto-17-de-72\\\/\",\"url\":\"https:\\\/\\\/spaziospadoni.org\\\/es\\\/hic-sum\\\/republica-democratica-del-congo-africa-proyecto-17-de-72\\\/\",\"name\":\"Rep\u00fablica Democr\u00e1tica del Congo - \u00c1frica | Proyecto #17 de 72 | Spazio Spadoni\",\"isPartOf\":{\"@id\":\"https:\\\/\\\/spaziospadoni.org\\\/es\\\/#website\"},\"primaryImageOfPage\":{\"@id\":\"https:\\\/\\\/spaziospadoni.org\\\/es\\\/hic-sum\\\/republica-democratica-del-congo-africa-proyecto-17-de-72\\\/#primaryimage\"},\"image\":{\"@id\":\"https:\\\/\\\/spaziospadoni.org\\\/es\\\/hic-sum\\\/republica-democratica-del-congo-africa-proyecto-17-de-72\\\/#primaryimage\"},\"thumbnailUrl\":\"https:\\\/\\\/spaziospadoni.org\\\/wp-content\\\/uploads\\\/2026\\\/05\\\/hicsum_17_congo-spaziospadoni-scaled.png\",\"datePublished\":\"2026-05-15T14:38:48+00:00\",\"dateModified\":\"2026-08-01T17:23:03+00:00\",\"description\":\"Hermana Elisabeth - Wamba (Rep\u00fablica Democr\u00e1tica del Congo) PROYECTO 17 de 72 MISI\u00d3N Lugar Wamba Di\u00f3cesis Wamba Pa\u00eds Rep\u00fablica Democr\u00e1tica del Congo\",\"breadcrumb\":{\"@id\":\"https:\\\/\\\/spaziospadoni.org\\\/es\\\/hic-sum\\\/republica-democratica-del-congo-africa-proyecto-17-de-72\\\/#breadcrumb\"},\"inLanguage\":\"es-ES\",\"potentialAction\":[{\"@type\":\"ReadAction\",\"target\":[\"https:\\\/\\\/spaziospadoni.org\\\/es\\\/hic-sum\\\/republica-democratica-del-congo-africa-proyecto-17-de-72\\\/\"]}]},{\"@type\":\"ImageObject\",\"inLanguage\":\"es-ES\",\"@id\":\"https:\\\/\\\/spaziospadoni.org\\\/es\\\/hic-sum\\\/republica-democratica-del-congo-africa-proyecto-17-de-72\\\/#primaryimage\",\"url\":\"https:\\\/\\\/spaziospadoni.org\\\/wp-content\\\/uploads\\\/2026\\\/05\\\/hicsum_17_congo-spaziospadoni-scaled.png\",\"contentUrl\":\"https:\\\/\\\/spaziospadoni.org\\\/wp-content\\\/uploads\\\/2026\\\/05\\\/hicsum_17_congo-spaziospadoni-scaled.png\"},{\"@type\":\"BreadcrumbList\",\"@id\":\"https:\\\/\\\/spaziospadoni.org\\\/es\\\/hic-sum\\\/republica-democratica-del-congo-africa-proyecto-17-de-72\\\/#breadcrumb\",\"itemListElement\":[{\"@type\":\"ListItem\",\"position\":1,\"name\":\"Home\",\"item\":\"https:\\\/\\\/spaziospadoni.org\\\/es\\\/\"},{\"@type\":\"ListItem\",\"position\":2,\"name\":\"Proyectos misioneros &#8211; Hic Sum\",\"item\":\"https:\\\/\\\/spaziospadoni.org\\\/es\\\/hic-sum\\\/\"},{\"@type\":\"ListItem\",\"position\":3,\"name\":\"Rep\u00fablica Democr\u00e1tica del Congo &#8211; \u00c1frica | Proyecto #17 de 72\"}]},{\"@type\":\"WebSite\",\"@id\":\"https:\\\/\\\/spaziospadoni.org\\\/es\\\/#website\",\"url\":\"https:\\\/\\\/spaziospadoni.org\\\/es\\\/\",\"name\":\"spazio + spadoni\",\"description\":\"Generazione di misericordia e missione nel mondo\",\"publisher\":{\"@id\":\"https:\\\/\\\/spaziospadoni.org\\\/es\\\/#organization\"},\"alternateName\":\"spaziospadoni.org\",\"potentialAction\":[{\"@type\":\"SearchAction\",\"target\":{\"@type\":\"EntryPoint\",\"urlTemplate\":\"https:\\\/\\\/spaziospadoni.org\\\/es\\\/?s={search_term_string}\"},\"query-input\":{\"@type\":\"PropertyValueSpecification\",\"valueRequired\":true,\"valueName\":\"search_term_string\"}}],\"inLanguage\":\"es-ES\"},{\"@type\":\"Organization\",\"@id\":\"https:\\\/\\\/spaziospadoni.org\\\/es\\\/#organization\",\"name\":\"spazio + spadoni\",\"alternateName\":\"spaziospadoni.org\",\"url\":\"https:\\\/\\\/spaziospadoni.org\\\/es\\\/\",\"logo\":{\"@type\":\"ImageObject\",\"inLanguage\":\"es-ES\",\"@id\":\"https:\\\/\\\/spaziospadoni.org\\\/es\\\/#\\\/schema\\\/logo\\\/image\\\/\",\"url\":\"https:\\\/\\\/spaziospadoni.org\\\/wp-content\\\/uploads\\\/2026\\\/05\\\/spazio-spadoni-logo-100x100-1.webp\",\"contentUrl\":\"https:\\\/\\\/spaziospadoni.org\\\/wp-content\\\/uploads\\\/2026\\\/05\\\/spazio-spadoni-logo-100x100-1.webp\",\"width\":100,\"height\":100,\"caption\":\"spazio + spadoni\"},\"image\":{\"@id\":\"https:\\\/\\\/spaziospadoni.org\\\/es\\\/#\\\/schema\\\/logo\\\/image\\\/\"},\"sameAs\":[\"https:\\\/\\\/www.facebook.com\\\/SpazioSpadoni\\\/\",\"https:\\\/\\\/www.instagram.com\\\/spaziospadoni\\\/\",\"https:\\\/\\\/www.youtube.com\\\/@spaziospadoni\\\/playlists\"]}]}<\/script>\n<!-- \/ Yoast SEO plugin. -->","yoast_head_json":{"title":"Rep\u00fablica Democr\u00e1tica del Congo - \u00c1frica | Proyecto #17 de 72 | Spazio Spadoni","description":"Hermana Elisabeth - Wamba (Rep\u00fablica Democr\u00e1tica del Congo) PROYECTO 17 de 72 MISI\u00d3N Lugar Wamba Di\u00f3cesis Wamba Pa\u00eds Rep\u00fablica Democr\u00e1tica del Congo","robots":{"index":"index","follow":"follow","max-snippet":"max-snippet:-1","max-image-preview":"max-image-preview:large","max-video-preview":"max-video-preview:-1"},"canonical":"https:\/\/spaziospadoni.org\/es\/hic-sum\/republica-democratica-del-congo-africa-proyecto-17-de-72\/","og_locale":"es_ES","og_type":"article","og_title":"Rep\u00fablica Democr\u00e1tica del Congo - \u00c1frica | Proyecto #17 de 72 | Spazio Spadoni","og_description":"Hermana Elisabeth - Wamba (Rep\u00fablica Democr\u00e1tica del Congo) PROYECTO 17 de 72 MISI\u00d3N Lugar Wamba Di\u00f3cesis Wamba Pa\u00eds Rep\u00fablica Democr\u00e1tica del Congo","og_url":"https:\/\/spaziospadoni.org\/es\/hic-sum\/republica-democratica-del-congo-africa-proyecto-17-de-72\/","og_site_name":"spazio + spadoni","article_publisher":"https:\/\/www.facebook.com\/SpazioSpadoni\/","article_modified_time":"2026-08-01T17:23:03+00:00","og_image":[{"width":2560,"height":1771,"url":"https:\/\/spaziospadoni.org\/wp-content\/uploads\/2026\/05\/hicsum_1_congo-spaziospadoni-scaled.png","type":"image\/png"}],"twitter_card":"summary_large_image","twitter_misc":{"Est. reading time":"27 minutes"},"schema":{"@context":"https:\/\/schema.org","@graph":[{"@type":"WebPage","@id":"https:\/\/spaziospadoni.org\/es\/hic-sum\/republica-democratica-del-congo-africa-proyecto-17-de-72\/","url":"https:\/\/spaziospadoni.org\/es\/hic-sum\/republica-democratica-del-congo-africa-proyecto-17-de-72\/","name":"Rep\u00fablica Democr\u00e1tica del Congo - \u00c1frica | Proyecto #17 de 72 | Spazio Spadoni","isPartOf":{"@id":"https:\/\/spaziospadoni.org\/es\/#website"},"primaryImageOfPage":{"@id":"https:\/\/spaziospadoni.org\/es\/hic-sum\/republica-democratica-del-congo-africa-proyecto-17-de-72\/#primaryimage"},"image":{"@id":"https:\/\/spaziospadoni.org\/es\/hic-sum\/republica-democratica-del-congo-africa-proyecto-17-de-72\/#primaryimage"},"thumbnailUrl":"https:\/\/spaziospadoni.org\/wp-content\/uploads\/2026\/05\/hicsum_17_congo-spaziospadoni-scaled.png","datePublished":"2026-05-15T14:38:48+00:00","dateModified":"2026-08-01T17:23:03+00:00","description":"Hermana Elisabeth - Wamba (Rep\u00fablica Democr\u00e1tica del Congo) PROYECTO 17 de 72 MISI\u00d3N Lugar Wamba Di\u00f3cesis Wamba Pa\u00eds Rep\u00fablica Democr\u00e1tica del Congo","breadcrumb":{"@id":"https:\/\/spaziospadoni.org\/es\/hic-sum\/republica-democratica-del-congo-africa-proyecto-17-de-72\/#breadcrumb"},"inLanguage":"es-ES","potentialAction":[{"@type":"ReadAction","target":["https:\/\/spaziospadoni.org\/es\/hic-sum\/republica-democratica-del-congo-africa-proyecto-17-de-72\/"]}]},{"@type":"ImageObject","inLanguage":"es-ES","@id":"https:\/\/spaziospadoni.org\/es\/hic-sum\/republica-democratica-del-congo-africa-proyecto-17-de-72\/#primaryimage","url":"https:\/\/spaziospadoni.org\/wp-content\/uploads\/2026\/05\/hicsum_17_congo-spaziospadoni-scaled.png","contentUrl":"https:\/\/spaziospadoni.org\/wp-content\/uploads\/2026\/05\/hicsum_17_congo-spaziospadoni-scaled.png"},{"@type":"BreadcrumbList","@id":"https:\/\/spaziospadoni.org\/es\/hic-sum\/republica-democratica-del-congo-africa-proyecto-17-de-72\/#breadcrumb","itemListElement":[{"@type":"ListItem","position":1,"name":"Home","item":"https:\/\/spaziospadoni.org\/es\/"},{"@type":"ListItem","position":2,"name":"Proyectos misioneros &#8211; Hic Sum","item":"https:\/\/spaziospadoni.org\/es\/hic-sum\/"},{"@type":"ListItem","position":3,"name":"Rep\u00fablica Democr\u00e1tica del Congo &#8211; \u00c1frica | Proyecto #17 de 72"}]},{"@type":"WebSite","@id":"https:\/\/spaziospadoni.org\/es\/#website","url":"https:\/\/spaziospadoni.org\/es\/","name":"spazio + spadoni","description":"Generazione di misericordia e missione nel mondo","publisher":{"@id":"https:\/\/spaziospadoni.org\/es\/#organization"},"alternateName":"spaziospadoni.org","potentialAction":[{"@type":"SearchAction","target":{"@type":"EntryPoint","urlTemplate":"https:\/\/spaziospadoni.org\/es\/?s={search_term_string}"},"query-input":{"@type":"PropertyValueSpecification","valueRequired":true,"valueName":"search_term_string"}}],"inLanguage":"es-ES"},{"@type":"Organization","@id":"https:\/\/spaziospadoni.org\/es\/#organization","name":"spazio + spadoni","alternateName":"spaziospadoni.org","url":"https:\/\/spaziospadoni.org\/es\/","logo":{"@type":"ImageObject","inLanguage":"es-ES","@id":"https:\/\/spaziospadoni.org\/es\/#\/schema\/logo\/image\/","url":"https:\/\/spaziospadoni.org\/wp-content\/uploads\/2026\/05\/spazio-spadoni-logo-100x100-1.webp","contentUrl":"https:\/\/spaziospadoni.org\/wp-content\/uploads\/2026\/05\/spazio-spadoni-logo-100x100-1.webp","width":100,"height":100,"caption":"spazio + spadoni"},"image":{"@id":"https:\/\/spaziospadoni.org\/es\/#\/schema\/logo\/image\/"},"sameAs":["https:\/\/www.facebook.com\/SpazioSpadoni\/","https:\/\/www.instagram.com\/spaziospadoni\/","https:\/\/www.youtube.com\/@spaziospadoni\/playlists"]}]}},"_links":{"self":[{"href":"https:\/\/spaziospadoni.org\/es\/wp-json\/wp\/v2\/pages\/68790","targetHints":{"allow":["GET"]}}],"collection":[{"href":"https:\/\/spaziospadoni.org\/es\/wp-json\/wp\/v2\/pages"}],"about":[{"href":"https:\/\/spaziospadoni.org\/es\/wp-json\/wp\/v2\/types\/page"}],"author":[{"embeddable":true,"href":"https:\/\/spaziospadoni.org\/es\/wp-json\/wp\/v2\/users\/102"}],"replies":[{"embeddable":true,"href":"https:\/\/spaziospadoni.org\/es\/wp-json\/wp\/v2\/comments?post=68790"}],"version-history":[{"count":0,"href":"https:\/\/spaziospadoni.org\/es\/wp-json\/wp\/v2\/pages\/68790\/revisions"}],"up":[{"embeddable":true,"href":"https:\/\/spaziospadoni.org\/es\/wp-json\/wp\/v2\/pages\/63319"}],"wp:attachment":[{"href":"https:\/\/spaziospadoni.org\/es\/wp-json\/wp\/v2\/media?parent=68790"}],"curies":[{"name":"wp","href":"https:\/\/api.w.org\/{rel}","templated":true}]}}