{"id":71634,"date":"2026-05-15T15:50:31","date_gmt":"2026-05-15T14:50:31","guid":{"rendered":"https:\/\/spaziospadoni.org\/hic-sum\/repubblica-democratica-del-congo-africa-progetto-24-di-72\/"},"modified":"2026-07-22T09:08:15","modified_gmt":"2026-07-22T08:08:15","slug":"republica-democratica-del-congo-africa-proyecto-24-de-72","status":"publish","type":"page","link":"https:\/\/spaziospadoni.org\/es\/hic-sum\/republica-democratica-del-congo-africa-proyecto-24-de-72\/","title":{"rendered":"Rep\u00fablica Democr\u00e1tica del Congo &#8211; \u00c1frica | Proyecto #24 de 72"},"content":{"rendered":"\n<div class=\"ss-project-hero-card\">\n<h2 id=\"hermana-adele-goma-republica-democratica-del-congo\" class=\"gb-text gb-text-62a95885\">Hermana Adele &#8211; Goma (Rep\u00fablica Democr\u00e1tica del Congo)<\/h2>\n\n\n\n<div class=\"gb-element-f60f2409\">\n<div class=\"gb-element-90a85740 ss-project-sidebar\">\n<h2 id=\"proyecto-24-de-72\" class=\"gb-text ss-project-title\">PROYECTO 24 de 72<\/h2>\n\n\n\n<figure class=\"wp-block-image size-large\"><img decoding=\"async\" src=\"https:\/\/spaziospadoni.org\/wp-content\/uploads\/2026\/05\/hicsum_24_congo-spaziospadoni-scaled.png\" alt=\"HIC SUM 24 congo spazio + spadoni 400x277\" class=\"wp-image-43007\"\/><\/figure>\n\n\n\n<div class=\"ss-project-table\">\n<div class=\"ss-table-section-title\">\n<h3 id=\"mision\" class=\"gb-text\">MISI\u00d3N<\/h3>\n<\/div>\n\n\n\n<div class=\"ss-table-row\">\n<p class=\"gb-text\">Lugar<\/p>\n\n\n\n<p class=\"gb-text\"><a href=\"https:\/\/www.google.it\/maps\/place\/Goma,+Repubblica+Democratica+del+Congo\/@-1.6586834,29.1669089,13z\/data=!3m1!4b1!4m6!3m5!1s0x19dd0f5ff03ccf71:0x8702d152f9f905e7!8m2!3d-1.658501!4d29.2204548!16zL20vMDRoa255?entry=ttu&amp;g_ep=EgoyMDI1MDMyNS4xIKXMDSoJLDEwMjExNjM5SAFQAw%3D%3D\" rel=\"noreferrer noopener\" target=\"_blank\" title=\"Goma\">Goma<\/a><\/p>\n<\/div>\n\n\n\n<div class=\"ss-table-row\">\n<p class=\"gb-text\">Di\u00f3cesis<\/p>\n\n\n\n<p class=\"gb-text\">Goma<\/p>\n<\/div>\n\n\n\n<div class=\"ss-table-row\">\n<p class=\"gb-text\">Pa\u00eds<\/p>\n\n\n\n<p class=\"gb-text\"><strong>Rep\u00fablica Democr\u00e1tica del Congo<\/strong><\/p>\n<\/div>\n\n\n\n<div class=\"ss-table-row\">\n<p class=\"gb-text\">Continente<\/p>\n\n\n\n<p class=\"gb-text\">Africa<\/p>\n<\/div>\n\n\n\n<div class=\"ss-table-row\">\n<p class=\"gb-text\">Coordenadas GPS<\/p>\n\n\n\n<p class=\"gb-text\">-1.65928 29.21995<\/p>\n<\/div>\n\n\n\n<div class=\"ss-table-row\">\n<p class=\"gb-text\">Zona horaria<\/p>\n\n\n\n<p class=\"gb-text\">UTC+2<\/p>\n<\/div>\n<\/div>\n\n\n\n<div class=\"ss-project-table\">\n<div class=\"ss-table-section-title\">\n<h3 id=\"congregacion\" class=\"gb-text\">CONGREGACI\u00d3N<\/h3>\n<\/div>\n\n\n\n<div class=\"ss-table-row\">\n<p class=\"gb-text\">Congregaci\u00f3n<\/p>\n\n\n\n<p class=\"gb-text\">Religieuses de la Sainte Famille D\u2019Helmet<\/p>\n<\/div>\n\n\n\n<div class=\"ss-table-row\">\n<p class=\"gb-text\">Casa Madre<\/p>\n\n\n\n<p class=\"gb-text\">Bruselas<\/p>\n<\/div>\n\n\n\n<div class=\"ss-table-row\">\n<p class=\"gb-text\">Di\u00f3cesis<\/p>\n\n\n\n<p class=\"gb-text\">Bruselas<\/p>\n<\/div>\n\n\n\n<div class=\"ss-table-row\">\n<p class=\"gb-text\">Pa\u00eds<\/p>\n\n\n\n<p class=\"gb-text\">B\u00e9lgica<\/p>\n<\/div>\n\n\n\n<div class=\"ss-table-row\">\n<p class=\"gb-text\">Continente<\/p>\n\n\n\n<p class=\"gb-text\">Africa<\/p>\n<\/div>\n\n\n\n<div class=\"ss-table-row\">\n<p class=\"gb-text\">Fiesta de la Congregaci\u00f3n<\/p>\n\n\n\n<p class=\"gb-text\">3 de junio<\/p>\n<\/div>\n\n\n\n<div class=\"ss-table-row\">\n<p class=\"gb-text\">Coordenadas GPS<\/p>\n\n\n\n<p class=\"gb-text\">50.87798 4.38780<\/p>\n<\/div>\n\n\n\n<div class=\"ss-table-row\">\n<p class=\"gb-text\">Zona horaria<\/p>\n\n\n\n<p class=\"gb-text\">UTC+1<\/p>\n<\/div>\n\n\n\n<div class=\"ss-table-row\">\n<p class=\"gb-text\">Persona de contacto<\/p>\n\n\n\n<p class=\"gb-text\">Hermana Adele y hermana Brigitte<\/p>\n<\/div>\n\n\n\n<div class=\"ss-table-row\">\n<p class=\"gb-text\">Madre General<\/p>\n\n\n\n<p class=\"gb-text\">Hermana Em\u00e9rence Mwambusa<\/p>\n<\/div>\n\n\n\n<div class=\"ss-table-row\">\n<p class=\"gb-text\">Sitio web<\/p>\n\n\n\n<p class=\"gb-text\"><a href=\"https:\/\/www.sainte-famille.be\/les-religieuses\/\" rel=\"noreferrer noopener\" target=\"_blank\" title=\"sainte-famille.be\">sainte-famille.be<\/a><\/p>\n<\/div>\n<\/div>\n\n\n\n<div class=\"ss-project-table\">\n<div class=\"ss-table-section-title\">\n<h3 id=\"entidad-de-formacion\" class=\"gb-text\">ENTIDAD DE FORMACI\u00d3N<\/h3>\n<\/div>\n\n\n\n<div class=\"ss-table-row\">\n<p class=\"gb-text\">Nombre<\/p>\n\n\n\n<p class=\"gb-text\">Misericordia di Assisi<\/p>\n<\/div>\n\n\n\n<div class=\"ss-table-row\">\n<p class=\"gb-text\">Lugar<\/p>\n\n\n\n<p class=\"gb-text\">Assisi (PG)<\/p>\n<\/div>\n\n\n\n<div class=\"ss-table-row\">\n<p class=\"gb-text\">Pa\u00eds<\/p>\n\n\n\n<p class=\"gb-text\">Italia<\/p>\n<\/div>\n\n\n\n<div class=\"ss-table-row\">\n<p class=\"gb-text\">Continente<\/p>\n\n\n\n<p class=\"gb-text\">Europa<\/p>\n<\/div>\n\n\n\n<div class=\"ss-table-row\">\n<p class=\"gb-text\">Coordenadas GPS<\/p>\n\n\n\n<p class=\"gb-text\">43.09657 12.57170<\/p>\n<\/div>\n\n\n\n<div class=\"ss-table-row\">\n<p class=\"gb-text\">Zona horaria<\/p>\n\n\n\n<p class=\"gb-text\">UTC+1<\/p>\n<\/div>\n\n\n\n<div class=\"ss-table-row\">\n<p class=\"gb-text\">Fecha de inicio<\/p>\n\n\n\n<p class=\"gb-text\">27\/12\/2021<\/p>\n<\/div>\n\n\n\n<div class=\"ss-table-row\">\n<p class=\"gb-text\">Fecha de finalizaci\u00f3n<\/p>\n\n\n\n<p class=\"gb-text\">Julio de 2022<\/p>\n<\/div>\n\n\n\n<div class=\"ss-table-row\">\n<p class=\"gb-text\">Tutor<\/p>\n\n\n\n<p class=\"gb-text\">Don Maurizio Biagioni<\/p>\n<\/div>\n<\/div>\n\n\n\n<div class=\"ss-project-table\">\n<div class=\"ss-table-section-title\">\n<h3 id=\"espacio-real\" class=\"gb-text\">ESPACIO REAL<\/h3>\n<\/div>\n\n\n\n<div class=\"ss-table-row\">\n<p class=\"gb-text\">Responsable del proyecto<\/p>\n\n\n\n<p class=\"gb-text\">Hermana Adele y hermana Brigitte<\/p>\n<\/div>\n\n\n\n<div class=\"ss-table-row\">\n<p class=\"gb-text\">Fecha de inicio<\/p>\n\n\n\n<p class=\"gb-text\">29 2022<\/p>\n<\/div>\n\n\n\n<div class=\"ss-table-row\">\n<p class=\"gb-text\">Tipolog\u00eda<\/p>\n\n\n\n<p class=\"gb-text\"><strong>Pane di Misericordia<\/strong><\/p>\n<\/div>\n<\/div>\n<\/div>\n<\/div>\n\n\n\n<div class=\"gb-element-6ad95ea8\">\n<div class=\"gb-element-e34063a6 ss-project-intro\"><div class=\"wp-block-image imgText\">\n<figure class=\"alignright size-full is-resized\"><img decoding=\"async\" alt=\"2023 mayo HIC SUM 24 congo goma hermana adele assisi spazio + spadoni Obras de Misericordia ayuda por la guerra (7) copia\" src=\"https:\/\/spaziospadoni.org\/wp-content\/uploads\/2026\/05\/2023_maggio_hic_sum_24_congo_goma_suor_adele_assisi_spazio_spadoni_opere_misericordia_aiuti_guerra-7-copia-300x255.jpg\" style=\"width:209px;height:auto\"\/><figcaption class=\"wp-element-caption\">Pane di Misericordia<\/figcaption><\/figure>\n<\/div>\n\n<div class=\"wp-block-image imgText\">\n<figure class=\"alignleft size-full is-resized\"><img decoding=\"async\" alt=\"hermana adele-spazio + spadoni\" src=\"https:\/\/spaziospadoni.org\/wp-content\/uploads\/2026\/05\/suor_adele-spaziospadoni-300x300.jpg\" style=\"width:174px;height:auto\"\/><figcaption class=\"wp-element-caption\">suor_adele-spaziospadoni<\/figcaption><\/figure>\n<\/div>\n\n\n<p class=\"wp-block-paragraph\"><strong>Tras considerar tambi\u00e9n la posibilidad de desarrollar una granja av\u00edcola, las hermanas decidieron instalar una peque\u00f1a panader\u00eda cerca del mercado del barrio. A pesar de una primera financiaci\u00f3n de spazio + spadoni, la empresa a\u00fan no ha podido ponerse en marcha debido a la dif\u00edcil situaci\u00f3n geopol\u00edtica de la ciudad de Goma.<\/strong><\/p>\n\n\n\n<p class=\"wp-block-paragraph\">La hermana Adele, de la Congregaci\u00f3n Religieuses de la Sainte Famille D\u2019Helmet, realiz\u00f3 su per\u00edodo de formaci\u00f3n en la Misericordia di Assisi, de diciembre de 2021 a julio de 2022. Su formaci\u00f3n se centr\u00f3 principalmente en aprender t\u00e9cnicas de panader\u00eda y cr\u00eda de pollos. Tambi\u00e9n profundiz\u00f3 en primeros auxilios, las Obras de Misericordia, las t\u00e9cnicas de cultivo \u2014gracias al huerto de la Misericordia\u2014, el carisma del voluntariado y la vida de san Francisco de As\u00eds.<\/p>\n\n\n\n<p class=\"wp-block-paragraph\">Al finalizar su experiencia en Italia, regres\u00f3 a Goma, en la Rep\u00fablica Democr\u00e1tica del Congo. Goma es una ciudad situada en la parte oriental del pa\u00eds, en la orilla septentrional del lago Kivu; es la capital de la provincia de Kivu del Norte y tiene una poblaci\u00f3n de unos 250.000 habitantes. La comunidad de la hermana Adele se encuentra en la ciudad y cuenta con nueve hermanas que trabajan en el hospital y en su escuela.<\/p>\n\n\n\n<p class=\"wp-block-paragraph\"><strong>M\u00e1s informaci\u00f3n<\/strong> <a href=\"https:\/\/spaziospadoni.org\/spazio-missionario\/hic-sum\/suor-adele-vivere-le-opere-di-misericordia-per-le-strade-di-goma\/\" rel=\"noreferrer noopener\" target=\"_blank\" title=\"Hermana Adele, vivir las Obras de Misericordia por las calles de Goma\">Hermana Adele, vivir las Obras de Misericordia por las calles de Goma<\/a><\/p>\n<\/div>\n<\/div>\n\n\n\n<div>\n<h2 id=\"cronologia\" class=\"gb-text gb-text-8179e40a\">Cronolog\u00eda<\/h2>\n\n\n\n<div class=\"ss-timeline\">\n<h3 id=\"2021\" class=\"gb-text\">2021<\/h3>\n\n\n\n<div class=\"ss-timeline-item\">\n<h4 id=\"0503-inicio-de-la-relacion-con-la-congregacion\" class=\"gb-text\">05.03 | Inicio de la relaci\u00f3n con la Congregaci\u00f3n<\/h4>\n\n\n\n<p class=\"wp-block-paragraph\">La Congregaci\u00f3n solicita a spazio + spadoni poder realizar el proyecto HIC SUM<\/p>\n<\/div>\n\n\n\n<div class=\"ss-timeline-item\">\n<h4 id=\"040506-formacion\" class=\"gb-text\">04-05-06 | Formaci\u00f3n<\/h4>\n\n\n\n<p class=\"wp-block-paragraph\">La hermana Adele realiza el curso de italiano en Goma<\/p>\n<\/div>\n\n\n\n<div class=\"ss-timeline-item\">\n<h4 id=\"0908-inicio-de-la-relacion-con-la-misericordia\" class=\"gb-text\">09.08 | Inicio de la relaci\u00f3n con la Misericordia<\/h4>\n\n\n\n<p class=\"wp-block-paragraph\">La Misericordia di Assisi se ofrece a participar en el proyecto HIC SUM<\/p>\n<\/div>\n\n\n\n<div class=\"ss-timeline-item\">\n<h4 id=\"2712-llegada-de-la-hermana\" class=\"gb-text\">27.12 | Llegada de la hermana<\/h4>\n\n\n\n<p class=\"wp-block-paragraph\">La hermana Adele es acogida por la Misericordia di Assisi<\/p>\n\n\n\n<figure class=\"wp-block-gallery has-nested-images columns-1 is-cropped ss-lightbox wp-block-gallery-1 is-layout-flex wp-block-gallery-is-layout-flex\">\n<figure class=\"wp-block-image size-large\"><img decoding=\"async\" src=\"https:\/\/spaziospadoni.org\/wp-content\/uploads\/2026\/05\/2021_dicembre_27_hicsum_24_italia_assisi_spazio_spadoni_suor_adele_arrivo_misericordia_volontari-3-300x257.jpg\" alt=\"2021 diciembre 27 HIC SUM 24 Italia assisi spazio + spadoni hermana adele llegada misericordia voluntarios 3 300x257\"\/><figcaption class=\"wp-element-caption\">27.12 | Llegada de la hermana<\/figcaption><\/figure>\n\n\n\n<figure class=\"wp-block-image size-large\"><img decoding=\"async\" src=\"https:\/\/spaziospadoni.org\/wp-content\/uploads\/2026\/05\/2022_gennaio_hicsum_24_italia_assisi_spazio_spadoni_suor_adele_misericordia_presentazione_comunita-2-copia-300x128.jpg\" alt=\"2022 enero HIC SUM 24 Italia assisi spazio + spadoni hermana adele misericordia presentaci\u00f3n a la comunidad 2 copia 300x128\"\/><figcaption class=\"wp-element-caption\">27.12 | Llegada de la hermana<\/figcaption><\/figure>\n<\/figure>\n<\/div>\n<\/div>\n\n\n\n<div class=\"ss-timeline\">\n<h3 id=\"2022\" class=\"gb-text\">2022<\/h3>\n\n\n\n<div class=\"ss-timeline-item\">\n<h4 id=\"encuentro-con-el-obispo\" class=\"gb-text\">Encuentro con el obispo<\/h4>\n\n\n\n<p class=\"wp-block-paragraph\">S. E. R. Mons. Domenico Sorrentino<\/p>\n\n\n\n<figure class=\"wp-block-gallery has-nested-images columns-1 is-cropped ss-lightbox wp-block-gallery-2 is-layout-flex wp-block-gallery-is-layout-flex\">\n<figure class=\"wp-block-image size-large\"><img decoding=\"async\" src=\"https:\/\/spaziospadoni.org\/wp-content\/uploads\/2026\/05\/2022_giugno_hicsum_24_italia_assisi_spazio_spadoni_suor_adele_annie_famille_helmet_suore_don_maurizio_biagioni_vesovo_domenico_sorrentino_incontro-copia-300x175.jpg\" alt=\"2022 junio HIC SUM 24 Italia assisi spazio + spadoni hermana adele annie famille helmet hermanas don maurizio biagioni obispo domenico sorrentino encuentro copia 300x175\"\/><figcaption class=\"wp-element-caption\">Encuentro con el obispo<\/figcaption><\/figure>\n<\/figure>\n<\/div>\n\n\n\n<div class=\"ss-timeline-item\">\n<h4 id=\"3101-formacion\" class=\"gb-text\">31.01 | Formaci\u00f3n<\/h4>\n\n\n\n<p class=\"wp-block-paragraph\">Visita t\u00e9cnica de spazio + spadoni a As\u00eds <\/p>\n<\/div>\n\n\n\n<div class=\"ss-timeline-item\">\n<h4 id=\"04-formacion\" class=\"gb-text\">04 | Formaci\u00f3n<\/h4>\n\n\n\n<p class=\"wp-block-paragraph\">Cursos de formaci\u00f3n espec\u00edfica sobre cr\u00eda de pollos y panader\u00eda <\/p>\n<\/div>\n\n\n\n<div class=\"ss-timeline-item\">\n<h4 id=\"0105-encuentro-con-la-madre-general\" class=\"gb-text\">01.05 | Encuentro con la Madre General<\/h4>\n\n\n\n<p class=\"wp-block-paragraph\">spazio + spadoni se re\u00fane en Roma con la Madre Emerence, Superiora de la Congregaci\u00f3n Religieuses de la Sainte Famille D\u2019Helmet<\/p>\n\n\n\n<figure class=\"wp-block-gallery has-nested-images columns-1 is-cropped ss-lightbox wp-block-gallery-3 is-layout-flex wp-block-gallery-is-layout-flex\">\n<figure class=\"wp-block-image size-large\"><img decoding=\"async\" src=\"https:\/\/spaziospadoni.org\/wp-content\/uploads\/2026\/05\/F-tutta-a-dx-e-spilla-sele2022_hicsum_24_italia_assisi_spazio_spadoni_selene_Madre_Emerence_Sr_Gisele_Luigi-2-copia-300x196.jpg\" alt=\"F completamente a la derecha e pin sele2022 HIC SUM 24 Italia assisi spazio + spadoni selene Madre Emerence hermana Gisele Luigi 2 copia 300x196\"\/><figcaption class=\"wp-element-caption\">01.05 | Encuentro con la Madre General<\/figcaption><\/figure>\n<\/figure>\n<\/div>\n\n\n\n<div class=\"ss-timeline-item\">\n<h4 id=\"060906-formacion\" class=\"gb-text\">06-09.06 | Formaci\u00f3n<\/h4>\n\n\n\n<p class=\"wp-block-paragraph\">Formaci\u00f3n t\u00e9cnica del proyecto HIC SUM en el Convento di San Cerbone (LU) <\/p>\n<\/div>\n\n\n\n<div class=\"ss-timeline-item\">\n<h4 id=\"0107-partida-de-la-hermana\" class=\"gb-text\">01.07 | Partida de la hermana<\/h4>\n\n\n\n<p class=\"wp-block-paragraph\">La hermana Adele regresa a Goma, en la Rep\u00fablica Democr\u00e1tica del Congo<\/p>\n\n\n\n<figure class=\"wp-block-gallery has-nested-images columns-1 is-cropped ss-lightbox wp-block-gallery-4 is-layout-flex wp-block-gallery-is-layout-flex\">\n<figure class=\"wp-block-image size-large\"><img decoding=\"async\" src=\"https:\/\/spaziospadoni.org\/wp-content\/uploads\/2026\/05\/2022_hicsum_24_italia_assisi_spazio_spadoni_suor_adele_visita_madre_misericordia_don_maurizio-copia-300x191.jpg\" alt=\"2022 HIC SUM 24 Italia assisi spazio + spadoni hermana adele visita madre misericordia don maurizio copia 300x191\"\/><figcaption class=\"wp-element-caption\">01.07 | Partida de la hermana<\/figcaption><\/figure>\n<\/figure>\n<\/div>\n\n\n\n<div class=\"ss-timeline-item\">\n<h4 id=\"2911-primera-financiacion-concedida\" class=\"gb-text\">29.11 | Primera financiaci\u00f3n concedida<\/h4>\n\n\n\n<p class=\"wp-block-paragraph\">Financiaci\u00f3n destinada a comprar los materiales necesarios para poner en marcha la empresa social<\/p>\n<\/div>\n<\/div>\n\n\n\n<div class=\"ss-timeline\">\n<h3 id=\"2025\" class=\"gb-text\">2025<\/h3>\n\n\n\n<div class=\"ss-timeline-item\">\n<h4 id=\"enero-estallido-de-las-tensiones\" class=\"gb-text\">Enero | Estallido de las tensiones<\/h4>\n\n\n\n<p class=\"wp-block-paragraph\">La situaci\u00f3n en Goma empeora debido al estallido de la guerra. En un contexto tan cr\u00edtico es imposible plantear un proyecto<\/p>\n<\/div>\n\n\n\n<div class=\"ss-timeline-item\">\n<h4 id=\"0805-encuentro-con-la-madre-general\" class=\"gb-text\">08.05 | Encuentro con la Madre General<\/h4>\n\n\n\n<p class=\"wp-block-paragraph\">Con motivo de la Asamblea de la UISG, celebrada en Roma del 5 al 9 de mayo, spazio + spadoni se reuni\u00f3 con la Superiora General<\/p>\n\n\n\n<figure class=\"wp-block-gallery has-nested-images columns-1 is-cropped ss-lightbox wp-block-gallery-5 is-layout-flex wp-block-gallery-is-layout-flex\">\n<figure class=\"wp-block-image size-large\"><img decoding=\"async\" src=\"https:\/\/spaziospadoni.org\/wp-content\/uploads\/2026\/05\/2025_maggio_assemblea_uisg_roma_spazio_spadoni_opere_misericordia_superiore_generali_suore-177-300x225.jpg\" alt=\"2025 mayo assemblea uisg roma spazio + spadoni Obras de Misericordia superiore generali hermanas 177 300x225\"\/><figcaption class=\"wp-element-caption\">08.05 | Encuentro con la Madre General<\/figcaption><\/figure>\n<\/figure>\n<\/div>\n<\/div>\n\n\n\n<div class=\"ss-timeline\">\n<h3 id=\"evaluaciones-del-proyecto\" class=\"gb-text\">Evaluaciones del proyecto<\/h3>\n\n\n\n<div class=\"ss-timeline-item\">\n<h4 id=\"febrero-de-2022-se-debate-el-proyecto-que-se-va-a\" class=\"gb-text\">Febrero de 2022 Se debate el proyecto que se va a<\/h4>\n\n\n\n<p class=\"wp-block-paragraph\">desarrollar<\/p>\n<\/div>\n\n\n\n<div class=\"ss-timeline-item\">\n<h4 id=\"marzo-de-2022-el-proyecto-que-la-hermana-adele-pretende\" class=\"gb-text\">Marzo de 2022 El proyecto que la hermana Adele pretende<\/h4>\n\n\n\n<p class=\"wp-block-paragraph\">desarrollar consiste en crear una peque\u00f1a panader\u00eda<\/p>\n<\/div>\n\n\n\n<div class=\"ss-timeline-item\">\n<h4 id=\"abril-de-2022-con-la-misericordia-y-la\" class=\"gb-text\">Abril de 2022 Con la Misericordia y la<\/h4>\n\n\n\n<p class=\"wp-block-paragraph\">Congregaci\u00f3n se analizan las actividades que la hermana Adele est\u00e1 realizando en Italia<\/p>\n<\/div>\n\n\n\n<div class=\"ss-timeline-item\">\n<h4 id=\"abril-de-2022-junto-con-la-congregacion-y\" class=\"gb-text\">Abril de 2022 Junto con la Congregaci\u00f3n y<\/h4>\n\n\n\n<p class=\"wp-block-paragraph\">un ingeniero de Goma se debate la sostenibilidad del proyecto<\/p>\n<\/div>\n\n\n\n<div class=\"ss-timeline-item\">\n<h4 id=\"abril-de-2022-revision-de-los\" class=\"gb-text\">Abril de 2022 Revisi\u00f3n de los<\/h4>\n\n\n\n<p class=\"wp-block-paragraph\">costes<\/p>\n<\/div>\n\n\n\n<div class=\"ss-timeline-item\">\n<h4 id=\"mayo-de-2022-un-tecnico-de-spazio-spadoni\" class=\"gb-text\">Mayo de 2022 Un t\u00e9cnico de spazio + spadoni<\/h4>\n\n\n\n<p class=\"wp-block-paragraph\">visita la misi\u00f3n de Goma donde se desarrollar\u00e1 el proyecto<\/p>\n<\/div>\n\n\n\n<div class=\"ss-timeline-item\">\n<h4 id=\"octubre-de-2022-un-tecnico-de-spazio-spadoni\" class=\"gb-text\">Octubre de 2022 Un t\u00e9cnico de spazio + spadoni<\/h4>\n\n\n\n<p class=\"wp-block-paragraph\">visita a la hermana Adele<\/p>\n<\/div>\n\n\n\n<div class=\"ss-timeline-item\">\n<h4 id=\"noviembre-de-2022-definicion-del-presupuesto\" class=\"gb-text\">Noviembre de 2022 Definici\u00f3n del presupuesto<\/h4>\n\n\n\n<p class=\"wp-block-paragraph\">total<\/p>\n<\/div>\n\n\n\n<div class=\"ss-timeline-item\">\n<h4 id=\"mayo-de-2023-planificacion-del-inicio-del\" class=\"gb-text\">Mayo de 2023 Planificaci\u00f3n del inicio del<\/h4>\n\n\n\n<p class=\"wp-block-paragraph\">proyecto<\/p>\n<\/div>\n\n\n\n<div class=\"ss-timeline-item\">\n<h4 id=\"noviembre-de-2023-selene-durante-un\" class=\"gb-text\">Noviembre de 2023 Selene, durante un<\/h4>\n\n\n\n<p class=\"wp-block-paragraph\">viaje misionero a la Rep\u00fablica Democr\u00e1tica del Congo, visita la comunidad de la hermana Adele y la hermana Gaudence<\/p>\n<\/div>\n\n\n\n<div class=\"ss-timeline-item\">\n<h4 id=\"enero-de-2024-seguimiento-y-organizacion\" class=\"gb-text\">Enero de 2024 Seguimiento y organizaci\u00f3n<\/h4>\n\n\n\n<p class=\"wp-block-paragraph\">de la difusi\u00f3n de las Obras de Misericordia<\/p>\n<\/div>\n<\/div>\n<\/div>\n\n\n\n<div class=\"ss-project-media\">\n<h2 id=\"fotos-y-videos\" class=\"gb-text gb-text-d7bd8be8\">Fotos y v\u00eddeos<\/h2>\n\n\n\n<div class=\"ss-media-filters\">\n<a class=\"gb-text ss-media-filter active\" data-filter=\"*\" title=\"Todo\">Todo<\/a>\n\n\n\n<a class=\"gb-text ss-media-filter\" data-filter=\".formazione\" title=\"Formaci\u00f3n\">Formaci\u00f3n<\/a>\n\n\n\n<a class=\"gb-text ss-media-filter\" data-filter=\".repubblica-democratica-del-congo\" title=\"Rep\u00fablica Democr\u00e1tica del Congo\">Rep\u00fablica Democr\u00e1tica del Congo<\/a>\n\n\n\n<a class=\"gb-text ss-media-filter\" data-filter=\".pane-di-misericordia\" title=\"Pane di Misericordia\">Pane di Misericordia<\/a>\n\n\n\n<a class=\"gb-text ss-media-filter\" data-filter=\".video\" title=\"V\u00eddeo\">V\u00eddeo<\/a>\n<\/div>\n\n\n\n<div class=\"ss-media-grid\">\n<div>\n<figure class=\"wp-block-gallery has-nested-images columns-1 is-cropped ss-lightbox wp-block-gallery-6 is-layout-flex wp-block-gallery-is-layout-flex\">\n<figure class=\"wp-block-image size-large formazione\"><img decoding=\"async\" src=\"https:\/\/spaziospadoni.org\/wp-content\/uploads\/2026\/05\/2021_dicembre_27_hicsum_24_italia_assisi_spazio_spadoni_suor_adele_arrivo_misericordia_volontari-2-225x300.jpg\" alt=\"2021 diciembre 27 HIC SUM 24 Italia assisi spazio + spadoni hermana adele llegada misericordia voluntarios 2 225x300\"\/><\/figure>\n\n\n\n<figure class=\"wp-block-image size-large formazione\"><img decoding=\"async\" src=\"https:\/\/spaziospadoni.org\/wp-content\/uploads\/2026\/05\/2022_febbraio_hicsum_24_italia_assisi_spazio_spadoni_luigi_suor_adele_famille_helmet_suore_selene_pera_formazione_rosita_di_michele-300x225.jpg\" alt=\"2022 febrero HIC SUM 24 Italia assisi spazio + spadoni luigi hermana adele famille helmet hermanas selene pera formaci\u00f3n rosita di michele 300x225\"\/><\/figure>\n\n\n\n<figure class=\"wp-block-image size-large formazione\"><img decoding=\"async\" src=\"https:\/\/spaziospadoni.org\/wp-content\/uploads\/2026\/05\/2022_febbraio_hicsum_24_italia_assisi_spazio_spadoni_luigi_suor_adele_famille_helmet_suore_selene_pera_formazione-copia-300x191.jpg\" alt=\"2022 febrero HIC SUM 24 Italia assisi spazio + spadoni luigi hermana adele famille helmet hermanas selene pera formaci\u00f3n copia 300x191\"\/><\/figure>\n\n\n\n<figure class=\"wp-block-image size-large formazione\"><img decoding=\"async\" src=\"https:\/\/spaziospadoni.org\/wp-content\/uploads\/2026\/05\/2022_febbraio_hicsum_24_italia_assisi_spazio_spadoni_luigi_suor_adele_famille_helmet_suore_selene_pera_formazione-3-300x225.jpg\" alt=\"2022 febrero HIC SUM 24 Italia assisi spazio + spadoni luigi hermana adele famille helmet hermanas selene pera formaci\u00f3n 3 300x225\"\/><\/figure>\n\n\n\n<figure class=\"wp-block-image size-large formazione\"><img decoding=\"async\" src=\"https:\/\/spaziospadoni.org\/wp-content\/uploads\/2026\/05\/2022_giugno_hicsum_24_italia_assisi_spazio_spadoni_suor_adele_famille_helmet_suore_volontari_misericordia_formazione-250x300.jpg\" alt=\"2022 junio HIC SUM 24 Italia assisi spazio + spadoni hermana adele famille helmet hermanas voluntarios misericordia formaci\u00f3n 250x300\"\/><\/figure>\n\n\n\n<figure class=\"wp-block-image size-large formazione\"><img decoding=\"async\" src=\"https:\/\/spaziospadoni.org\/wp-content\/uploads\/2026\/05\/2022_febbraio_hicsum_24_italia_assisi_spazio_spadoni_luigi_suor_adele_famille_helmet_suore_selene_pera_formazione-2-225x300.jpg\" alt=\"2022 febrero HIC SUM 24 Italia assisi spazio + spadoni luigi hermana adele famille helmet hermanas selene pera formaci\u00f3n 2 225x300\"\/><\/figure>\n\n\n\n<figure class=\"wp-block-image size-large formazione\"><img decoding=\"async\" src=\"https:\/\/spaziospadoni.org\/wp-content\/uploads\/2026\/05\/2022_giugno_hicsum_24_italia_assisi_spazio_spadoni_suor_adele_famille_helmet_suore_don_maurizio_biagioni_consegna_attestato-225x300.jpg\" alt=\"2022 junio HIC SUM 24 Italia assisi spazio + spadoni hermana adele famille helmet hermanas don maurizio biagioni entrega del certificado 225x300\"\/><\/figure>\n\n\n\n<figure class=\"wp-block-image size-large formazione\"><img decoding=\"async\" src=\"https:\/\/spaziospadoni.org\/wp-content\/uploads\/2026\/05\/2022_giugno_hicsum_24_italia_assisi_spazio_spadoni_suor_adele_annie_famille_helmet_suore_formazione-225x300.jpg\" alt=\"2022 junio HIC SUM 24 Italia assisi spazio + spadoni hermana adele annie famille helmet hermanas formaci\u00f3n 225x300\"\/><\/figure>\n\n\n\n<figure class=\"wp-block-image size-large formazione\"><img decoding=\"async\" src=\"https:\/\/spaziospadoni.org\/wp-content\/uploads\/2026\/05\/2024_marzo_hicsum_24_italia_assisi_spazio_spadoni_suor_adele_famille_helmet_suore_don_maurizio_biagioni_consegna_zaino-225x300.jpg\" alt=\"2024 marzo HIC SUM 24 Italia assisi spazio + spadoni hermana adele famille helmet hermanas don maurizio biagioni entrega de la mochila 225x300\"\/><\/figure>\n\n\n\n<figure class=\"wp-block-image size-large formazione\"><img decoding=\"async\" src=\"https:\/\/spaziospadoni.org\/wp-content\/uploads\/2026\/05\/2022_febbraio_hicsum_24_italia_assisi_spazio_spadoni_luigi_suor_adele_famille_helmet_suore_formazione-copia-300x225.jpg\" alt=\"2022 febrero HIC SUM 24 Italia assisi spazio + spadoni luigi hermana adele famille helmet hermanas formaci\u00f3n copia 300x225\"\/><\/figure>\n\n\n\n<figure class=\"wp-block-image size-large formazione\"><img decoding=\"async\" src=\"https:\/\/spaziospadoni.org\/wp-content\/uploads\/2026\/05\/2022_giugno_hicsum_24_italia_assisi_spazio_spadoni_suor_adele_annie_famille_helmet_suore_don_maurizio_biagioni_vesovo_domenico_sorrentino_incontro-copia-300x175.jpg\" alt=\"2022 junio HIC SUM 24 Italia assisi spazio + spadoni hermana adele annie famille helmet hermanas don maurizio biagioni obispo domenico sorrentino encuentro copia 300x175\"\/><\/figure>\n\n\n\n<figure class=\"wp-block-image size-large formazione\"><img decoding=\"async\" src=\"https:\/\/spaziospadoni.org\/wp-content\/uploads\/2026\/05\/2022_febbraio_hicsum_24_italia_assisi_spazio_spadoni_luigi_suor_adele_famille_helmet_suore_don_maurizio_biagioni_formazione-300x225.jpg\" alt=\"2022 febrero HIC SUM 24 Italia assisi spazio + spadoni luigi hermana adele famille helmet hermanas don maurizio biagioni formaci\u00f3n 300x225\"\/><\/figure>\n\n\n\n<figure class=\"wp-block-image size-large formazione\"><img decoding=\"async\" src=\"https:\/\/spaziospadoni.org\/wp-content\/uploads\/2026\/05\/2022_febbraio_hicsum_24_italia_assisi_spazio_spadoni_luigi_don_maurizio_biagioni_suor_adele_famille_helmet_suore_formazione-300x226.jpg\" alt=\"2022 febrero HIC SUM 24 Italia assisi spazio + spadoni luigi don maurizio biagioni hermana adele famille helmet hermanas formaci\u00f3n 300x226\"\/><\/figure>\n\n\n\n<figure class=\"wp-block-image size-large formazione\"><img decoding=\"async\" src=\"https:\/\/spaziospadoni.org\/wp-content\/uploads\/2026\/05\/2021_dicembre_27_hicsum_24_italia_assisi_spazio_spadoni_suor_adele_arrivo_misericordia_volontari-4-224x300.jpg\" alt=\"2021 diciembre 27 HIC SUM 24 Italia assisi spazio + spadoni hermana adele llegada misericordia voluntarios 4 224x300\"\/><\/figure>\n\n\n\n<figure class=\"wp-block-image size-large formazione\"><img decoding=\"async\" src=\"https:\/\/spaziospadoni.org\/wp-content\/uploads\/2026\/05\/2021_dicembre_27_hicsum_24_italia_assisi_spazio_spadoni_suor_adele_arrivo_misericordia_volontari-6-224x300.jpg\" alt=\"2021 diciembre 27 HIC SUM 24 Italia assisi spazio + spadoni hermana adele llegada misericordia voluntarios 6 224x300\"\/><\/figure>\n\n\n\n<figure class=\"wp-block-image size-large formazione\"><img decoding=\"async\" src=\"https:\/\/spaziospadoni.org\/wp-content\/uploads\/2026\/05\/2022_hicsum_24_italia_assisi_spazio_spadoni_Madre_Emerence_Sr_Gisele_Luigi-282x300.jpg\" alt=\"2022 HIC SUM 24 Italia assisi spazio + spadoni Madre Emerence hermana Gisele Luigi 282x300\"\/><\/figure>\n\n\n\n<figure class=\"wp-block-image size-large formazione\"><img decoding=\"async\" src=\"https:\/\/spaziospadoni.org\/wp-content\/uploads\/2026\/05\/2022_dicembre_10_hicsum_24_italia_suor_gaudance_assisi_spazio_spadoni_maurizio-2-225x300.jpeg\" alt=\"2022 diciembre 10 HIC SUM 24 Italia hermana Gaudence assisi spazio + spadoni maurizio 2 225x300\"\/><\/figure>\n\n\n\n<figure class=\"wp-block-image size-large formazione\"><img decoding=\"async\" src=\"https:\/\/spaziospadoni.org\/wp-content\/uploads\/2026\/05\/2022_gennaio_hicsum_24_italia_assisi_spazio_spadoni_suor_adele_misericordia_presentazione_comunita-2-copia-300x128.jpg\" alt=\"2022 enero HIC SUM 24 Italia assisi spazio + spadoni hermana adele misericordia presentaci\u00f3n a la comunidad 2 copia 300x128\"\/><\/figure>\n\n\n\n<figure class=\"wp-block-image size-large formazione\"><img decoding=\"async\" src=\"https:\/\/spaziospadoni.org\/wp-content\/uploads\/2026\/05\/2022_gennaio_hicsum_24_italia_assisi_spazio_spadoni_suor_adele_misericordia_presentazione_comunita-3-225x300.jpg\" alt=\"2022 enero HIC SUM 24 Italia assisi spazio + spadoni hermana adele misericordia presentaci\u00f3n a la comunidad 3 225x300\"\/><\/figure>\n\n\n\n<figure class=\"wp-block-image size-large formazione\"><img decoding=\"async\" src=\"https:\/\/spaziospadoni.org\/wp-content\/uploads\/2026\/05\/2022_gennaio_hicsum_24_italia_assisi_spazio_spadoni_suor_adele_misericordia_presentazione_comunita-4-225x300.jpg\" alt=\"2022 enero HIC SUM 24 Italia assisi spazio + spadoni hermana adele misericordia presentaci\u00f3n a la comunidad 4 225x300\"\/><\/figure>\n\n\n\n<figure class=\"wp-block-image size-large formazione\"><img decoding=\"async\" src=\"https:\/\/spaziospadoni.org\/wp-content\/uploads\/2026\/05\/F-tutta-a-dx-e-spilla-sele2022_hicsum_24_italia_assisi_spazio_spadoni_selene_Madre_Emerence_Sr_Gisele_Luigi-2-copia-300x196.jpg\" alt=\"F completamente a la derecha e pin sele2022 HIC SUM 24 Italia assisi spazio + spadoni selene Madre Emerence hermana Gisele Luigi 2 copia 300x196\"\/><\/figure>\n\n\n\n<figure class=\"wp-block-image size-large formazione\"><img decoding=\"async\" src=\"https:\/\/spaziospadoni.org\/wp-content\/uploads\/2026\/05\/2022_hicsum_24_italia_assisi_spazio_spadoni_suor_adele_annie_formazione_panificazione_pane_misericordia-4-300x225.jpg\" alt=\"2022 HIC SUM 24 Italia assisi spazio + spadoni hermana adele annie formaci\u00f3n panader\u00eda Pane di Misericordia 4 300x225\"\/><\/figure>\n\n\n\n<figure class=\"wp-block-image size-large formazione\"><img decoding=\"async\" src=\"https:\/\/spaziospadoni.org\/wp-content\/uploads\/2026\/05\/2022_hicsum_24_italia_assisi_spazio_spadoni_suor_adele_annie_formazione_panificazione_pane_misericordia-5-225x300.jpg\" alt=\"2022 HIC SUM 24 Italia assisi spazio + spadoni hermana adele annie formaci\u00f3n panader\u00eda Pane di Misericordia 5 225x300\"\/><\/figure>\n\n\n\n<figure class=\"wp-block-image size-large formazione\"><img decoding=\"async\" src=\"https:\/\/spaziospadoni.org\/wp-content\/uploads\/2026\/05\/2022_hicsum_24_italia_assisi_spazio_spadoni_suor_adele_annie_formazione_panificazione_pane_misericordia-copia-161x300.jpg\" alt=\"2022 HIC SUM 24 Italia assisi spazio + spadoni hermana adele annie formaci\u00f3n panader\u00eda Pane di Misericordia copia 161x300\"\/><\/figure>\n\n\n\n<figure class=\"wp-block-image size-large formazione\"><img decoding=\"async\" src=\"https:\/\/spaziospadoni.org\/wp-content\/uploads\/2026\/05\/2022_hicsum_24_italia_assisi_spazio_spadoni_suor_adele_annie_misericordia_formazione_orto-3-225x300.jpg\" alt=\"2022 HIC SUM 24 Italia assisi spazio + spadoni hermana adele annie misericordia formaci\u00f3n huerto 3 225x300\"\/><\/figure>\n\n\n\n<figure class=\"wp-block-image size-large formazione\"><img decoding=\"async\" src=\"https:\/\/spaziospadoni.org\/wp-content\/uploads\/2026\/05\/2022_hicsum_24_italia_assisi_spazio_spadoni_suor_adele_annie_misericordia_formazione_orto-4-225x300.jpg\" alt=\"2022 HIC SUM 24 Italia assisi spazio + spadoni hermana adele annie misericordia formaci\u00f3n huerto 4 225x300\"\/><\/figure>\n\n\n\n<figure class=\"wp-block-image size-large formazione\"><img decoding=\"async\" src=\"https:\/\/spaziospadoni.org\/wp-content\/uploads\/2026\/05\/Spilla-2022_hicsum_24_italia_assisi_spazio_spadoni_suor_adele_annie_misericordia_formazione_panificazione-copia-300x256.jpg\" alt=\"pin 2022 HIC SUM 24 Italia assisi spazio + spadoni hermana adele annie misericordia formaci\u00f3n panader\u00eda copia 300x256\"\/><\/figure>\n\n\n\n<figure class=\"wp-block-image size-large formazione\"><img decoding=\"async\" src=\"https:\/\/spaziospadoni.org\/wp-content\/uploads\/2026\/05\/2022_hicsum_24_italia_assisi_spazio_spadoni_suor_adele_annie_misericordia_formazione_preparazione_doni-225x300.jpg\" alt=\"2022 HIC SUM 24 Italia assisi spazio + spadoni hermana adele annie misericordia formaci\u00f3n preparaci\u00f3n de regalos 225x300\"\/><\/figure>\n\n\n\n<figure class=\"wp-block-image size-large formazione\"><img decoding=\"async\" src=\"https:\/\/spaziospadoni.org\/wp-content\/uploads\/2026\/05\/2022_hicsum_24_italia_assisi_spazio_spadoni_suor_adele_annie_misericordia_regalo_macchina_pasta-3-240x300.jpg\" alt=\"2022 HIC SUM 24 Italia assisi spazio + spadoni hermana adele annie misericordia regalo de una m\u00e1quina para pasta 3 240x300\"\/><\/figure>\n\n\n\n<figure class=\"wp-block-image size-large formazione\"><img decoding=\"async\" src=\"https:\/\/spaziospadoni.org\/wp-content\/uploads\/2026\/05\/2022_hicsum_24_italia_assisi_spazio_spadoni_suor_adele_annie_misericordia_regalo_macchina_pasta-4-240x300.jpg\" alt=\"2022 HIC SUM 24 Italia assisi spazio + spadoni hermana adele annie misericordia regalo de una m\u00e1quina para pasta 4 240x300\"\/><\/figure>\n\n\n\n<figure class=\"wp-block-image size-large formazione\"><img decoding=\"async\" src=\"https:\/\/spaziospadoni.org\/wp-content\/uploads\/2026\/05\/2022_hicsum_24_italia_assisi_spazio_spadoni_suor_adele_porziuncola_giornata_malato_misericordia-2-225x300.jpg\" alt=\"2022 HIC SUM 24 Italia assisi spazio + spadoni hermana adele porziuncola jornada del enfermo misericordia 2 225x300\"\/><\/figure>\n\n\n\n<figure class=\"wp-block-image size-large formazione\"><img decoding=\"async\" src=\"https:\/\/spaziospadoni.org\/wp-content\/uploads\/2026\/05\/2022_hicsum_24_italia_assisi_spazio_spadoni_suor_adele_porziuncola_giornata_malato_misericordia-225x300.jpg\" alt=\"2022 HIC SUM 24 Italia assisi spazio + spadoni hermana adele porziuncola jornada del enfermo misericordia 225x300\"\/><\/figure>\n\n\n\n<figure class=\"wp-block-image size-large formazione\"><img decoding=\"async\" src=\"https:\/\/spaziospadoni.org\/wp-content\/uploads\/2026\/05\/2022_hicsum_24_italia_assisi_spazio_spadoni_suor_adele_porziuncola_giornata_malato_misericordia_volontari-300x225.jpg\" alt=\"2022 HIC SUM 24 Italia assisi spazio + spadoni hermana adele porziuncola jornada del enfermo misericordia voluntarios 300x225\"\/><\/figure>\n\n\n\n<figure class=\"wp-block-image size-large formazione\"><img decoding=\"async\" src=\"https:\/\/spaziospadoni.org\/wp-content\/uploads\/2026\/05\/2022_hicsum_24_italia_assisi_spazio_spadoni_suor_adele_visita_madre_misericordia-2-300x135.jpg\" alt=\"2022 HIC SUM 24 Italia assisi spazio + spadoni hermana adele visita madre misericordia 2 300x135\"\/><\/figure>\n\n\n\n<figure class=\"wp-block-image size-large formazione\"><img decoding=\"async\" src=\"https:\/\/spaziospadoni.org\/wp-content\/uploads\/2026\/05\/2022_hicsum_24_italia_assisi_spazio_spadoni_suor_adele_visita_madre_misericordia-300x135.jpg\" alt=\"2022 HIC SUM 24 Italia assisi spazio + spadoni hermana adele visita madre misericordia 300x135\"\/><\/figure>\n\n\n\n<figure class=\"wp-block-image size-large formazione\"><img decoding=\"async\" src=\"https:\/\/spaziospadoni.org\/wp-content\/uploads\/2026\/05\/2022_hicsum_24_italia_assisi_spazio_spadoni_suor_adele_visita_madre_misericordia_don_maurizio-2-300x225.jpg\" alt=\"2022 HIC SUM 24 Italia assisi spazio + spadoni hermana adele visita madre misericordia don maurizio 2 300x225\"\/><\/figure>\n\n\n\n<figure class=\"wp-block-image size-large formazione\"><img decoding=\"async\" src=\"https:\/\/spaziospadoni.org\/wp-content\/uploads\/2026\/05\/2022_hicsum_24_italia_assisi_spazio_spadoni_suor_adele_visita_madre_misericordia_don_maurizio-copia-300x191.jpg\" alt=\"2022 HIC SUM 24 Italia assisi spazio + spadoni hermana adele visita madre misericordia don maurizio copia 300x191\"\/><\/figure>\n\n\n\n<figure class=\"wp-block-image size-large formazione\"><img decoding=\"async\" src=\"https:\/\/spaziospadoni.org\/wp-content\/uploads\/2026\/05\/2022_hicsum_24_italia_monte_san_savino_assisi_spazio_spadoni_suor_adele_joan_formazione_polli_pane_misericordia-3-300x225.jpg\" alt=\"2022 HIC SUM 24 Italia monte san savino assisi spazio + spadoni hermana adele joan formaci\u00f3n pollos Pane di Misericordia 3 300x225\"\/><\/figure>\n\n\n\n<figure class=\"wp-block-image size-large formazione\"><img decoding=\"async\" src=\"https:\/\/spaziospadoni.org\/wp-content\/uploads\/2026\/05\/2022_hicsum_24_italia_monte_san_savino_assisi_spazio_spadoni_suor_adele_joan_formazione_polli_pane_misericordia-4-copia-264x300.jpg\" alt=\"2022 HIC SUM 24 Italia monte san savino assisi spazio + spadoni hermana adele joan formaci\u00f3n pollos Pane di Misericordia 4 copia 264x300\"\/><\/figure>\n\n\n\n<figure class=\"wp-block-image size-large formazione\"><img decoding=\"async\" src=\"https:\/\/spaziospadoni.org\/wp-content\/uploads\/2026\/05\/2022_hicsum_24_italia_monte_san_savino_assisi_spazio_spadoni_suor_adele_joan_formazione_polli_pane_misericordia-5-300x225.jpg\" alt=\"2022 HIC SUM 24 Italia monte san savino assisi spazio + spadoni hermana adele joan formaci\u00f3n pollos Pane di Misericordia 5 300x225\"\/><\/figure>\n\n\n\n<figure class=\"wp-block-image size-large formazione\"><img decoding=\"async\" src=\"https:\/\/spaziospadoni.org\/wp-content\/uploads\/2026\/05\/2022_hicsum_24_italia_monte_san_savino_assisi_spazio_spadoni_suor_adele_joan_formazione_polli_pane_misericordia-7-300x225.jpg\" alt=\"2022 HIC SUM 24 Italia monte san savino assisi spazio + spadoni hermana adele joan formaci\u00f3n pollos Pane di Misericordia 7 300x225\"\/><\/figure>\n\n\n\n<figure class=\"wp-block-image size-large formazione\"><img decoding=\"async\" src=\"https:\/\/spaziospadoni.org\/wp-content\/uploads\/2026\/05\/2022_hicsum_24_italia_monte_san_savino_assisi_spazio_spadoni_suor_adele_joan_formazione_polli_pane_misericordia-8-copia-300x241.jpg\" alt=\"2022 HIC SUM 24 Italia monte san savino assisi spazio + spadoni hermana adele joan formaci\u00f3n pollos Pane di Misericordia 8 copia 300x241\"\/><\/figure>\n\n\n\n<figure class=\"wp-block-image size-large formazione\"><img decoding=\"async\" src=\"https:\/\/spaziospadoni.org\/wp-content\/uploads\/2026\/05\/2022_hicsum_24_italia_monte_san_savino_assisi_spazio_spadoni_suor_adele_joan_formazione_polli_pane_misericordia-22-copia-262x300.jpg\" alt=\"2022 HIC SUM 24 Italia monte san savino assisi spazio + spadoni hermana adele joan formaci\u00f3n pollos Pane di Misericordia 22 copia 262x300\"\/><\/figure>\n\n\n\n<figure class=\"wp-block-image size-large formazione\"><img decoding=\"async\" src=\"https:\/\/spaziospadoni.org\/wp-content\/uploads\/2026\/05\/2022_hicsum_24_italia_monte_san_savino_assisi_spazio_spadoni_suor_adele_joan_formazione_polli_pane_misericordia-18-300x225.jpg\" alt=\"2022 HIC SUM 24 Italia monte san savino assisi spazio + spadoni hermana adele joan formaci\u00f3n pollos Pane di Misericordia 18 300x225\"\/><\/figure>\n\n\n\n<figure class=\"wp-block-image size-large formazione\"><img decoding=\"async\" src=\"https:\/\/spaziospadoni.org\/wp-content\/uploads\/2026\/05\/2022_marzo_hicsum_24_italia_assisi_spazio_spadoni_suor_adele_annie_misericordia_formazione_polli-2-225x300.jpg\" alt=\"2022 marzo HIC SUM 24 Italia assisi spazio + spadoni hermana adele annie misericordia formaci\u00f3n pollos 2 225x300\"\/><\/figure>\n\n\n\n<figure class=\"wp-block-image size-large formazione\"><img decoding=\"async\" src=\"https:\/\/spaziospadoni.org\/wp-content\/uploads\/2026\/05\/2022_marzo_hicsum_24_italia_assisi_spazio_spadoni_suor_adele_misericordia_formazione-225x300.jpg\" alt=\"2022 marzo HIC SUM 24 Italia assisi spazio + spadoni hermana adele misericordia formaci\u00f3n 225x300\"\/><\/figure>\n\n\n\n<figure class=\"wp-block-image size-large formazione\"><img decoding=\"async\" src=\"https:\/\/spaziospadoni.org\/wp-content\/uploads\/2026\/05\/2022_marzo_hicsum_24_italia_assisi_spazio_spadoni_suor_adele_misericordia_formazione_polli-2-225x300.jpg\" alt=\"2022 marzo HIC SUM 24 Italia assisi spazio + spadoni hermana adele misericordia formaci\u00f3n pollos 2 225x300\"\/><\/figure>\n\n\n\n<figure class=\"wp-block-image size-large formazione\"><img decoding=\"async\" src=\"https:\/\/spaziospadoni.org\/wp-content\/uploads\/2026\/05\/2022_marzo_hicsum_24_italia_assisi_spazio_spadoni_suor_annie_adele_misericordia_formazione-3-225x300.jpg\" alt=\"2022 marzo HIC SUM 24 Italia assisi spazio + spadoni hermana annie adele misericordia formaci\u00f3n 3 225x300\"\/><\/figure>\n\n\n\n<figure class=\"wp-block-image size-large formazione\"><img decoding=\"async\" src=\"https:\/\/spaziospadoni.org\/wp-content\/uploads\/2026\/05\/2022_marzo_hicsum_24_italia_assisi_spazio_spadoni_suor_annie_misericordia_don_maurizio-copia-300x151.jpg\" alt=\"2022 marzo HIC SUM 24 Italia assisi spazio + spadoni hermana annie misericordia don maurizio copia 300x151\"\/><\/figure>\n\n\n\n<figure class=\"wp-block-image size-large formazione\"><img decoding=\"async\" src=\"https:\/\/spaziospadoni.org\/wp-content\/uploads\/2026\/05\/hicsum_24_italia_assisi_spazio_spadoni_suor_adele_arrivo-225x300.jpg\" alt=\"HIC SUM 24 Italia assisi spazio + spadoni hermana adele llegada 225x300\"\/><\/figure>\n\n\n\n<figure class=\"wp-block-image size-large repubblica-democratica-del-congo pane-di-misericordia\"><img decoding=\"async\" src=\"https:\/\/spaziospadoni.org\/wp-content\/uploads\/2026\/05\/2022_ottobre_6_hicsum_24_congo_goma_suor_adele_assisi_spazio_spadoni_visita_panifici_rodrigue_pane_misericordia-2-copia-300x145.jpg\" alt=\"2022 octubre 6 HIC SUM 24 congo goma hermana adele assisi spazio + spadoni visita a panader\u00edas rodrigue Pane di Misericordia 2 copia 300x145\"\/><\/figure>\n\n\n\n<figure class=\"wp-block-image size-large repubblica-democratica-del-congo pane-di-misericordia\"><img decoding=\"async\" src=\"https:\/\/spaziospadoni.org\/wp-content\/uploads\/2026\/05\/2022_ottobre_6_hicsum_24_congo_goma_suor_adele_assisi_spazio_spadoni_visita_panifici_rodrigue_pane_misericordia-3-131x300.jpeg\" alt=\"2022 octubre 6 HIC SUM 24 congo goma hermana adele assisi spazio + spadoni visita a panader\u00edas rodrigue Pane di Misericordia 3 131x300\"\/><\/figure>\n\n\n\n<figure class=\"wp-block-image size-large repubblica-democratica-del-congo pane-di-misericordia\"><img decoding=\"async\" src=\"https:\/\/spaziospadoni.org\/wp-content\/uploads\/2026\/05\/2022_ottobre_6_hicsum_24_congo_goma_suor_adele_assisi_spazio_spadoni_visita_panifici_rodrigue_pane_misericordia-copia-125x300.jpg\" alt=\"2022 octubre 6 HIC SUM 24 congo goma hermana adele assisi spazio + spadoni visita a panader\u00edas rodrigue Pane di Misericordia copia 125x300\"\/><\/figure>\n\n\n\n<figure class=\"wp-block-image size-large repubblica-democratica-del-congo\"><img decoding=\"async\" src=\"https:\/\/spaziospadoni.org\/wp-content\/uploads\/2026\/05\/2023_dicembre_7_hicsum_24_congo_goma_suor_adele_assisi_spazio_spadoni_opere_misericordia_selene_pera_visita-225x300.jpg\" alt=\"2023 diciembre 7 HIC SUM 24 congo goma hermana adele assisi spazio + spadoni Obras de Misericordia selene pera visita 225x300\"\/><\/figure>\n\n\n\n<figure class=\"wp-block-image size-large repubblica-democratica-del-congo\"><img decoding=\"async\" src=\"https:\/\/spaziospadoni.org\/wp-content\/uploads\/2026\/05\/Spilla-a-sele-2023_novembre_hicsum_24_italia_goma_spazio_spadoni_suor_adele_famille_helmet_suore_selene_pera_visita_congregazione-copia-300x275.jpg\" alt=\"pin a Selene 2023 noviembre HIC SUM 24 Italia goma spazio + spadoni hermana adele famille helmet hermanas selene pera visita congregaci\u00f3n copia 300x275\"\/><\/figure>\n\n\n\n<figure class=\"wp-block-image size-large repubblica-democratica-del-congo\"><img decoding=\"async\" src=\"https:\/\/spaziospadoni.org\/wp-content\/uploads\/2026\/05\/mettere-F-o-S-copia-300x292.jpg\" alt=\"a\u00f1adir F o S copia 300x292\"\/><\/figure>\n\n\n\n<figure class=\"wp-block-image size-large repubblica-democratica-del-congo\"><img decoding=\"async\" src=\"https:\/\/spaziospadoni.org\/wp-content\/uploads\/2026\/05\/2023_maggio_1_hicsum_24_congo_goma_suor_adele_assisi_spazio_spadoni_opere_misericordia_sostegno_aiuti_guerra_san_giuseppe_lavoratore-4-225x300.jpeg\" alt=\"2023 mayo 1 HIC SUM 24 congo goma hermana adele assisi spazio + spadoni Obras de Misericordia apoyo ayuda por la guerra san giuseppe lavoratore 4 225x300\"\/><\/figure>\n\n\n\n<figure class=\"wp-block-image size-large repubblica-democratica-del-congo\"><img decoding=\"async\" src=\"https:\/\/spaziospadoni.org\/wp-content\/uploads\/2026\/05\/2023_maggio_23_hicsum_24_goma_congo_assisi_spazio_spadoni_suor_adele_visita_rodrigue_famiglia-300x300.jpg\" alt=\"2023 mayo 23 HIC SUM 24 goma congo assisi spazio + spadoni hermana adele visita rodrigue familia 300x300\"\/><\/figure>\n\n\n\n<figure class=\"wp-block-image size-large repubblica-democratica-del-congo\"><img decoding=\"async\" src=\"https:\/\/spaziospadoni.org\/wp-content\/uploads\/2026\/05\/2023_maggio_hic_sum_24_congo_goma_suor_adele_assisi_spazio_spadoni_opere_misericordia_aiuti_guerra-1-copia-300x206.jpg\" alt=\"2023 mayo HIC SUM 24 congo goma hermana adele assisi spazio + spadoni Obras de Misericordia ayuda por la guerra 1 copia 300x206\"\/><\/figure>\n\n\n\n<figure class=\"wp-block-image size-large repubblica-democratica-del-congo\"><img decoding=\"async\" src=\"https:\/\/spaziospadoni.org\/wp-content\/uploads\/2026\/05\/2023_maggio_hic_sum_24_congo_goma_suor_adele_assisi_spazio_spadoni_opere_misericordia_aiuti_guerra-7-copia-300x255.jpg\" alt=\"2023 mayo HIC SUM 24 congo goma hermana adele assisi spazio + spadoni Obras de Misericordia ayuda por la guerra 7 copia 300x255\"\/><\/figure>\n\n\n\n<figure class=\"wp-block-image size-large repubblica-democratica-del-congo\"><img decoding=\"async\" src=\"https:\/\/spaziospadoni.org\/wp-content\/uploads\/2026\/05\/2023_maggio_hic_sum_24_congo_goma_suor_adele_assisi_spazio_spadoni_opere_misericordia_aiuti_guerra-8-copia-300x181.jpg\" alt=\"2023 mayo HIC SUM 24 congo goma hermana adele assisi spazio + spadoni Obras de Misericordia ayuda por la guerra 8 copia 300x181\"\/><\/figure>\n\n\n\n<figure class=\"wp-block-image size-large repubblica-democratica-del-congo\"><img decoding=\"async\" src=\"https:\/\/spaziospadoni.org\/wp-content\/uploads\/2026\/05\/2023_maggio_hic_sum_24_congo_goma_suor_adele_assisi_spazio_spadoni_opere_misericordia_aiuti_guerra-9-225x300.jpg\" alt=\"2023 mayo HIC SUM 24 congo goma hermana adele assisi spazio + spadoni Obras de Misericordia ayuda por la guerra 9 225x300\"\/><\/figure>\n\n\n\n<figure class=\"wp-block-image size-large repubblica-democratica-del-congo\"><img decoding=\"async\" src=\"https:\/\/spaziospadoni.org\/wp-content\/uploads\/2026\/05\/2023_maggio_hic_sum_24_congo_goma_suor_adele_assisi_spazio_spadoni_opere_misericordia_aiuti_guerra-14-300x225.jpg\" alt=\"2023 mayo HIC SUM 24 congo goma hermana adele assisi spazio + spadoni Obras de Misericordia ayuda por la guerra 14 300x225\"\/><\/figure>\n\n\n\n<figure class=\"wp-block-image size-large repubblica-democratica-del-congo\"><img decoding=\"async\" src=\"https:\/\/spaziospadoni.org\/wp-content\/uploads\/2026\/05\/2025_maggio_assemblea_uisg_roma_spazio_spadoni_opere_misericordia_superiore_generali_suore-177-300x225.jpg\" alt=\"2025 mayo assemblea uisg roma spazio + spadoni Obras de Misericordia superiore generali hermanas 177 300x225\"\/><\/figure>\n<\/figure>\n\n\n\n<div class=\"gb-element-b24bbf5e ss-media-videos\">\n<figure class=\"wp-block-video video\"><video controls src=\"https:\/\/spaziospadoni.org\/wp-content\/uploads\/2026\/05\/2023_maggio_hic_sum_24_congo_goma_suor_adele_assisi_spazio_spadoni_opere_misericordia_aiuti_guerra-1.mp4\"><\/video><figcaption class=\"wp-element-caption\">mayo de 2023 HIC SUM 24 Congo Goma hermana Adele As\u00eds spazio + spadoni Obras de Misericordia ayuda por la guerra 1<\/figcaption><\/figure>\n\n\n\n<figure class=\"wp-block-video video\"><video controls src=\"https:\/\/spaziospadoni.org\/wp-content\/uploads\/2026\/05\/2023_maggio_hic_sum_24_congo_goma_suor_adele_assisi_spazio_spadoni_opere_misericordia_aiuti_guerra-2.mp4\"><\/video><figcaption class=\"wp-element-caption\">mayo de 2023 HIC SUM 24 Congo Goma hermana Adele As\u00eds spazio + spadoni Obras de Misericordia ayuda por la guerra 2<\/figcaption><\/figure>\n<\/div>\n<\/div>\n<\/div>\n<\/div>\n<\/div>\n","protected":false},"excerpt":{"rendered":"<p>Hermana Adele &#8211; Goma (Rep\u00fablica Democr\u00e1tica del Congo) PROYECTO 24 de 72 MISI\u00d3N Lugar Goma Di\u00f3cesis Goma Pa\u00eds Rep\u00fablica Democr\u00e1tica del Congo Continente Africa Coordenadas GPS -1.65928 29.21995 Zona horaria UTC+2 CONGREGACI\u00d3N Congregaci\u00f3n Religieuses de la Sainte Famille D\u2019Helmet Casa Madre Bruselas Di\u00f3cesis Bruselas Pa\u00eds B\u00e9lgica Continente Africa Fiesta de la Congregaci\u00f3n 3 de junio &#8230; <a title=\"Rep\u00fablica Democr\u00e1tica del Congo &#8211; \u00c1frica | Proyecto #24 de 72\" class=\"read-more\" href=\"https:\/\/spaziospadoni.org\/es\/hic-sum\/republica-democratica-del-congo-africa-proyecto-24-de-72\/\" aria-label=\"Read more about Rep\u00fablica Democr\u00e1tica del Congo &#8211; \u00c1frica | Proyecto #24 de 72\">Leer m\u00e1s<\/a><\/p>\n","protected":false},"author":102,"featured_media":0,"parent":63319,"menu_order":0,"comment_status":"closed","ping_status":"closed","template":"","meta":{"_sitemap_exclude":false,"_sitemap_priority":"","_sitemap_frequency":"","footnotes":""},"class_list":["post-71634","page","type-page","status-publish","infinite-scroll-item"],"yoast_head":"<!-- This site is optimized with the Yoast SEO plugin v28.4 - https:\/\/yoast.com\/product\/yoast-seo-wordpress\/ -->\n<title>Rep\u00fablica Democr\u00e1tica del Congo - \u00c1frica | Proyecto #24 de 72 | Spazio Spadoni<\/title>\n<meta name=\"description\" content=\"Hermana Adele - Goma (Rep\u00fablica Democr\u00e1tica del Congo) PROYECTO 24 de 72 MISI\u00d3N Lugar Goma Di\u00f3cesis Goma Pa\u00eds Rep\u00fablica Democr\u00e1tica del Congo Continente\" \/>\n<meta name=\"robots\" content=\"index, follow, max-snippet:-1, max-image-preview:large, max-video-preview:-1\" \/>\n<link rel=\"canonical\" href=\"https:\/\/spaziospadoni.org\/es\/hic-sum\/republica-democratica-del-congo-africa-proyecto-24-de-72\/\" \/>\n<meta property=\"og:locale\" content=\"es_ES\" \/>\n<meta property=\"og:type\" content=\"article\" \/>\n<meta property=\"og:title\" content=\"Rep\u00fablica Democr\u00e1tica del Congo - \u00c1frica | Proyecto #24 de 72 | Spazio Spadoni\" \/>\n<meta property=\"og:description\" content=\"Hermana Adele - Goma (Rep\u00fablica Democr\u00e1tica del Congo) PROYECTO 24 de 72 MISI\u00d3N Lugar Goma Di\u00f3cesis Goma Pa\u00eds Rep\u00fablica Democr\u00e1tica del Congo Continente\" \/>\n<meta property=\"og:url\" content=\"https:\/\/spaziospadoni.org\/es\/hic-sum\/republica-democratica-del-congo-africa-proyecto-24-de-72\/\" \/>\n<meta property=\"og:site_name\" content=\"spazio + spadoni\" \/>\n<meta property=\"article:publisher\" content=\"https:\/\/www.facebook.com\/SpazioSpadoni\/\" \/>\n<meta property=\"article:modified_time\" content=\"2026-07-22T08:08:15+00:00\" \/>\n<meta property=\"og:image\" content=\"https:\/\/spaziospadoni.org\/wp-content\/uploads\/2026\/05\/hicsum_1_congo-spaziospadoni-scaled.png\" \/>\n\t<meta property=\"og:image:width\" content=\"2560\" \/>\n\t<meta property=\"og:image:height\" content=\"1771\" \/>\n\t<meta property=\"og:image:type\" content=\"image\/png\" \/>\n<meta name=\"twitter:card\" content=\"summary_large_image\" \/>\n<meta name=\"twitter:label1\" content=\"Est. reading time\" \/>\n\t<meta name=\"twitter:data1\" content=\"19 minutes\" \/>\n<script type=\"application\/ld+json\" class=\"yoast-schema-graph\">{\"@context\":\"https:\\\/\\\/schema.org\",\"@graph\":[{\"@type\":\"WebPage\",\"@id\":\"https:\\\/\\\/spaziospadoni.org\\\/es\\\/hic-sum\\\/republica-democratica-del-congo-africa-proyecto-24-de-72\\\/\",\"url\":\"https:\\\/\\\/spaziospadoni.org\\\/es\\\/hic-sum\\\/republica-democratica-del-congo-africa-proyecto-24-de-72\\\/\",\"name\":\"Rep\u00fablica Democr\u00e1tica del Congo - \u00c1frica | Proyecto #24 de 72 | Spazio Spadoni\",\"isPartOf\":{\"@id\":\"https:\\\/\\\/spaziospadoni.org\\\/es\\\/#website\"},\"primaryImageOfPage\":{\"@id\":\"https:\\\/\\\/spaziospadoni.org\\\/es\\\/hic-sum\\\/republica-democratica-del-congo-africa-proyecto-24-de-72\\\/#primaryimage\"},\"image\":{\"@id\":\"https:\\\/\\\/spaziospadoni.org\\\/es\\\/hic-sum\\\/republica-democratica-del-congo-africa-proyecto-24-de-72\\\/#primaryimage\"},\"thumbnailUrl\":\"https:\\\/\\\/spaziospadoni.org\\\/wp-content\\\/uploads\\\/2026\\\/05\\\/hicsum_24_congo-spaziospadoni-scaled.png\",\"datePublished\":\"2026-05-15T14:50:31+00:00\",\"dateModified\":\"2026-07-22T08:08:15+00:00\",\"description\":\"Hermana Adele - Goma (Rep\u00fablica Democr\u00e1tica del Congo) PROYECTO 24 de 72 MISI\u00d3N Lugar Goma Di\u00f3cesis Goma Pa\u00eds Rep\u00fablica Democr\u00e1tica del Congo Continente\",\"breadcrumb\":{\"@id\":\"https:\\\/\\\/spaziospadoni.org\\\/es\\\/hic-sum\\\/republica-democratica-del-congo-africa-proyecto-24-de-72\\\/#breadcrumb\"},\"inLanguage\":\"es-ES\",\"potentialAction\":[{\"@type\":\"ReadAction\",\"target\":[\"https:\\\/\\\/spaziospadoni.org\\\/es\\\/hic-sum\\\/republica-democratica-del-congo-africa-proyecto-24-de-72\\\/\"]}]},{\"@type\":\"ImageObject\",\"inLanguage\":\"es-ES\",\"@id\":\"https:\\\/\\\/spaziospadoni.org\\\/es\\\/hic-sum\\\/republica-democratica-del-congo-africa-proyecto-24-de-72\\\/#primaryimage\",\"url\":\"https:\\\/\\\/spaziospadoni.org\\\/wp-content\\\/uploads\\\/2026\\\/05\\\/hicsum_24_congo-spaziospadoni-scaled.png\",\"contentUrl\":\"https:\\\/\\\/spaziospadoni.org\\\/wp-content\\\/uploads\\\/2026\\\/05\\\/hicsum_24_congo-spaziospadoni-scaled.png\"},{\"@type\":\"BreadcrumbList\",\"@id\":\"https:\\\/\\\/spaziospadoni.org\\\/es\\\/hic-sum\\\/republica-democratica-del-congo-africa-proyecto-24-de-72\\\/#breadcrumb\",\"itemListElement\":[{\"@type\":\"ListItem\",\"position\":1,\"name\":\"Home\",\"item\":\"https:\\\/\\\/spaziospadoni.org\\\/es\\\/\"},{\"@type\":\"ListItem\",\"position\":2,\"name\":\"Proyectos misioneros &#8211; Hic Sum\",\"item\":\"https:\\\/\\\/spaziospadoni.org\\\/es\\\/hic-sum\\\/\"},{\"@type\":\"ListItem\",\"position\":3,\"name\":\"Rep\u00fablica Democr\u00e1tica del Congo &#8211; \u00c1frica | Proyecto #24 de 72\"}]},{\"@type\":\"WebSite\",\"@id\":\"https:\\\/\\\/spaziospadoni.org\\\/es\\\/#website\",\"url\":\"https:\\\/\\\/spaziospadoni.org\\\/es\\\/\",\"name\":\"spazio + spadoni\",\"description\":\"Generazione di misericordia e missione nel mondo\",\"publisher\":{\"@id\":\"https:\\\/\\\/spaziospadoni.org\\\/es\\\/#organization\"},\"alternateName\":\"spaziospadoni.org\",\"potentialAction\":[{\"@type\":\"SearchAction\",\"target\":{\"@type\":\"EntryPoint\",\"urlTemplate\":\"https:\\\/\\\/spaziospadoni.org\\\/es\\\/?s={search_term_string}\"},\"query-input\":{\"@type\":\"PropertyValueSpecification\",\"valueRequired\":true,\"valueName\":\"search_term_string\"}}],\"inLanguage\":\"es-ES\"},{\"@type\":\"Organization\",\"@id\":\"https:\\\/\\\/spaziospadoni.org\\\/es\\\/#organization\",\"name\":\"spazio + spadoni\",\"alternateName\":\"spaziospadoni.org\",\"url\":\"https:\\\/\\\/spaziospadoni.org\\\/es\\\/\",\"logo\":{\"@type\":\"ImageObject\",\"inLanguage\":\"es-ES\",\"@id\":\"https:\\\/\\\/spaziospadoni.org\\\/es\\\/#\\\/schema\\\/logo\\\/image\\\/\",\"url\":\"https:\\\/\\\/spaziospadoni.org\\\/wp-content\\\/uploads\\\/2026\\\/05\\\/spazio-spadoni-logo-100x100-1.webp\",\"contentUrl\":\"https:\\\/\\\/spaziospadoni.org\\\/wp-content\\\/uploads\\\/2026\\\/05\\\/spazio-spadoni-logo-100x100-1.webp\",\"width\":100,\"height\":100,\"caption\":\"spazio + spadoni\"},\"image\":{\"@id\":\"https:\\\/\\\/spaziospadoni.org\\\/es\\\/#\\\/schema\\\/logo\\\/image\\\/\"},\"sameAs\":[\"https:\\\/\\\/www.facebook.com\\\/SpazioSpadoni\\\/\",\"https:\\\/\\\/www.instagram.com\\\/spaziospadoni\\\/\",\"https:\\\/\\\/www.youtube.com\\\/@spaziospadoni\\\/playlists\"]}]}<\/script>\n<!-- \/ Yoast SEO plugin. -->","yoast_head_json":{"title":"Rep\u00fablica Democr\u00e1tica del Congo - \u00c1frica | Proyecto #24 de 72 | Spazio Spadoni","description":"Hermana Adele - Goma (Rep\u00fablica Democr\u00e1tica del Congo) PROYECTO 24 de 72 MISI\u00d3N Lugar Goma Di\u00f3cesis Goma Pa\u00eds Rep\u00fablica Democr\u00e1tica del Congo Continente","robots":{"index":"index","follow":"follow","max-snippet":"max-snippet:-1","max-image-preview":"max-image-preview:large","max-video-preview":"max-video-preview:-1"},"canonical":"https:\/\/spaziospadoni.org\/es\/hic-sum\/republica-democratica-del-congo-africa-proyecto-24-de-72\/","og_locale":"es_ES","og_type":"article","og_title":"Rep\u00fablica Democr\u00e1tica del Congo - \u00c1frica | Proyecto #24 de 72 | Spazio Spadoni","og_description":"Hermana Adele - Goma (Rep\u00fablica Democr\u00e1tica del Congo) PROYECTO 24 de 72 MISI\u00d3N Lugar Goma Di\u00f3cesis Goma Pa\u00eds Rep\u00fablica Democr\u00e1tica del Congo Continente","og_url":"https:\/\/spaziospadoni.org\/es\/hic-sum\/republica-democratica-del-congo-africa-proyecto-24-de-72\/","og_site_name":"spazio + spadoni","article_publisher":"https:\/\/www.facebook.com\/SpazioSpadoni\/","article_modified_time":"2026-07-22T08:08:15+00:00","og_image":[{"width":2560,"height":1771,"url":"https:\/\/spaziospadoni.org\/wp-content\/uploads\/2026\/05\/hicsum_1_congo-spaziospadoni-scaled.png","type":"image\/png"}],"twitter_card":"summary_large_image","twitter_misc":{"Est. reading time":"19 minutes"},"schema":{"@context":"https:\/\/schema.org","@graph":[{"@type":"WebPage","@id":"https:\/\/spaziospadoni.org\/es\/hic-sum\/republica-democratica-del-congo-africa-proyecto-24-de-72\/","url":"https:\/\/spaziospadoni.org\/es\/hic-sum\/republica-democratica-del-congo-africa-proyecto-24-de-72\/","name":"Rep\u00fablica Democr\u00e1tica del Congo - \u00c1frica | Proyecto #24 de 72 | Spazio Spadoni","isPartOf":{"@id":"https:\/\/spaziospadoni.org\/es\/#website"},"primaryImageOfPage":{"@id":"https:\/\/spaziospadoni.org\/es\/hic-sum\/republica-democratica-del-congo-africa-proyecto-24-de-72\/#primaryimage"},"image":{"@id":"https:\/\/spaziospadoni.org\/es\/hic-sum\/republica-democratica-del-congo-africa-proyecto-24-de-72\/#primaryimage"},"thumbnailUrl":"https:\/\/spaziospadoni.org\/wp-content\/uploads\/2026\/05\/hicsum_24_congo-spaziospadoni-scaled.png","datePublished":"2026-05-15T14:50:31+00:00","dateModified":"2026-07-22T08:08:15+00:00","description":"Hermana Adele - Goma (Rep\u00fablica Democr\u00e1tica del Congo) PROYECTO 24 de 72 MISI\u00d3N Lugar Goma Di\u00f3cesis Goma Pa\u00eds Rep\u00fablica Democr\u00e1tica del Congo Continente","breadcrumb":{"@id":"https:\/\/spaziospadoni.org\/es\/hic-sum\/republica-democratica-del-congo-africa-proyecto-24-de-72\/#breadcrumb"},"inLanguage":"es-ES","potentialAction":[{"@type":"ReadAction","target":["https:\/\/spaziospadoni.org\/es\/hic-sum\/republica-democratica-del-congo-africa-proyecto-24-de-72\/"]}]},{"@type":"ImageObject","inLanguage":"es-ES","@id":"https:\/\/spaziospadoni.org\/es\/hic-sum\/republica-democratica-del-congo-africa-proyecto-24-de-72\/#primaryimage","url":"https:\/\/spaziospadoni.org\/wp-content\/uploads\/2026\/05\/hicsum_24_congo-spaziospadoni-scaled.png","contentUrl":"https:\/\/spaziospadoni.org\/wp-content\/uploads\/2026\/05\/hicsum_24_congo-spaziospadoni-scaled.png"},{"@type":"BreadcrumbList","@id":"https:\/\/spaziospadoni.org\/es\/hic-sum\/republica-democratica-del-congo-africa-proyecto-24-de-72\/#breadcrumb","itemListElement":[{"@type":"ListItem","position":1,"name":"Home","item":"https:\/\/spaziospadoni.org\/es\/"},{"@type":"ListItem","position":2,"name":"Proyectos misioneros &#8211; Hic Sum","item":"https:\/\/spaziospadoni.org\/es\/hic-sum\/"},{"@type":"ListItem","position":3,"name":"Rep\u00fablica Democr\u00e1tica del Congo &#8211; \u00c1frica | Proyecto #24 de 72"}]},{"@type":"WebSite","@id":"https:\/\/spaziospadoni.org\/es\/#website","url":"https:\/\/spaziospadoni.org\/es\/","name":"spazio + spadoni","description":"Generazione di misericordia e missione nel mondo","publisher":{"@id":"https:\/\/spaziospadoni.org\/es\/#organization"},"alternateName":"spaziospadoni.org","potentialAction":[{"@type":"SearchAction","target":{"@type":"EntryPoint","urlTemplate":"https:\/\/spaziospadoni.org\/es\/?s={search_term_string}"},"query-input":{"@type":"PropertyValueSpecification","valueRequired":true,"valueName":"search_term_string"}}],"inLanguage":"es-ES"},{"@type":"Organization","@id":"https:\/\/spaziospadoni.org\/es\/#organization","name":"spazio + spadoni","alternateName":"spaziospadoni.org","url":"https:\/\/spaziospadoni.org\/es\/","logo":{"@type":"ImageObject","inLanguage":"es-ES","@id":"https:\/\/spaziospadoni.org\/es\/#\/schema\/logo\/image\/","url":"https:\/\/spaziospadoni.org\/wp-content\/uploads\/2026\/05\/spazio-spadoni-logo-100x100-1.webp","contentUrl":"https:\/\/spaziospadoni.org\/wp-content\/uploads\/2026\/05\/spazio-spadoni-logo-100x100-1.webp","width":100,"height":100,"caption":"spazio + spadoni"},"image":{"@id":"https:\/\/spaziospadoni.org\/es\/#\/schema\/logo\/image\/"},"sameAs":["https:\/\/www.facebook.com\/SpazioSpadoni\/","https:\/\/www.instagram.com\/spaziospadoni\/","https:\/\/www.youtube.com\/@spaziospadoni\/playlists"]}]}},"_links":{"self":[{"href":"https:\/\/spaziospadoni.org\/es\/wp-json\/wp\/v2\/pages\/71634","targetHints":{"allow":["GET"]}}],"collection":[{"href":"https:\/\/spaziospadoni.org\/es\/wp-json\/wp\/v2\/pages"}],"about":[{"href":"https:\/\/spaziospadoni.org\/es\/wp-json\/wp\/v2\/types\/page"}],"author":[{"embeddable":true,"href":"https:\/\/spaziospadoni.org\/es\/wp-json\/wp\/v2\/users\/102"}],"replies":[{"embeddable":true,"href":"https:\/\/spaziospadoni.org\/es\/wp-json\/wp\/v2\/comments?post=71634"}],"version-history":[{"count":0,"href":"https:\/\/spaziospadoni.org\/es\/wp-json\/wp\/v2\/pages\/71634\/revisions"}],"up":[{"embeddable":true,"href":"https:\/\/spaziospadoni.org\/es\/wp-json\/wp\/v2\/pages\/63319"}],"wp:attachment":[{"href":"https:\/\/spaziospadoni.org\/es\/wp-json\/wp\/v2\/media?parent=71634"}],"curies":[{"name":"wp","href":"https:\/\/api.w.org\/{rel}","templated":true}]}}