{"id":72005,"date":"2026-05-15T16:10:21","date_gmt":"2026-05-15T15:10:21","guid":{"rendered":"https:\/\/spaziospadoni.org\/hic-sum\/repubblica-democratica-del-congo-africa-progetto-44-di-72\/"},"modified":"2026-07-22T10:20:51","modified_gmt":"2026-07-22T09:20:51","slug":"republica-democratica-del-congo-africa-proyecto-44-de-72","status":"publish","type":"page","link":"https:\/\/spaziospadoni.org\/es\/hic-sum\/republica-democratica-del-congo-africa-proyecto-44-de-72\/","title":{"rendered":"Rep\u00fablica Democr\u00e1tica del Congo &#8211; \u00c1frica | Proyecto #44 de 72"},"content":{"rendered":"\n<div class=\"ss-project-hero-card\">\n<h2 id=\"hermana-francine-goma-republica-democratica-del-congo\" class=\"gb-text gb-text-62a95885\">Hermana Francine &#8211; Goma (Rep\u00fablica Democr\u00e1tica del Congo)<\/h2>\n\n\n\n<div class=\"gb-element-f60f2409\">\n<div class=\"gb-element-90a85740 ss-project-sidebar\">\n<h2 id=\"proyecto-44-de-72\" class=\"gb-text ss-project-title\">PROYECTO 44 de 72<\/h2>\n\n\n\n<figure class=\"wp-block-image size-large\"><img decoding=\"async\" src=\"https:\/\/spaziospadoni.org\/wp-content\/uploads\/2026\/05\/hicsum_17_congo-spaziospadoni-scaled.png\" alt=\"hicsum 17 Congo spaziospadoni 400x277\"\/><\/figure>\n\n\n\n<div class=\"ss-project-table\">\n<div class=\"ss-table-section-title\">\n<h3 id=\"mision\" class=\"gb-text\">MISI\u00d3N<\/h3>\n<\/div>\n\n\n\n<div class=\"ss-table-row\">\n<p class=\"gb-text\">Lugar<\/p>\n\n\n\n<p class=\"gb-text\"><a href=\"https:\/\/www.google.it\/maps\/place\/Bunia,+Repubblica+Democratica+del+Congo\/@1.5676261,30.2050795,13433m\/data=!3m2!1e3!4b1!4m6!3m5!1s0x17642b5e630902fd:0x761881f3260dc950!8m2!3d1.574278!4d30.2397336!16zL20vMDY2a3I0?hl=it&#038;entry=ttu&#038;g_ep=EgoyMDI1MDcyMS4wIKXMDSoASAFQAw%3D%3D\" rel=\"noreferrer noopener\" target=\"_blank\" title=\"Bunia\">Bunia<\/a><\/p>\n<\/div>\n\n\n\n<div class=\"ss-table-row\">\n<p class=\"gb-text\">Di\u00f3cesis<\/p>\n\n\n\n<p class=\"gb-text\">Bunia<\/p>\n<\/div>\n\n\n\n<div class=\"ss-table-row\">\n<p class=\"gb-text\">Pa\u00eds<\/p>\n\n\n\n<p class=\"gb-text\"><strong>Rep\u00fablica Democr\u00e1tica del Congo<\/strong><\/p>\n<\/div>\n\n\n\n<div class=\"ss-table-row\">\n<p class=\"gb-text\">Continente<\/p>\n\n\n\n<p class=\"gb-text\">Africa<\/p>\n<\/div>\n\n\n\n<div class=\"ss-table-row\">\n<p class=\"gb-text\">Coordenadas GPS<\/p>\n\n\n\n<p class=\"gb-text\">1.57500 30.24104<\/p>\n<\/div>\n\n\n\n<div class=\"ss-table-row\">\n<p class=\"gb-text\">Zona horaria<\/p>\n\n\n\n<p class=\"gb-text\">UTC+2<\/p>\n<\/div>\n<\/div>\n\n\n\n<div class=\"ss-project-table\">\n<div class=\"ss-table-section-title\">\n<h3 id=\"congregacion\" class=\"gb-text\">CONGREGACI\u00d3N<\/h3>\n<\/div>\n\n\n\n<div class=\"ss-table-row\">\n<p class=\"gb-text\">Congregaci\u00f3n<\/p>\n\n\n\n<p class=\"gb-text\">Religieuses de l\u2019Instruction Chr\u00e9tienne<\/p>\n<\/div>\n\n\n\n<div class=\"ss-table-row\">\n<p class=\"gb-text\">Casa Madre<\/p>\n\n\n\n<p class=\"gb-text\">Lieja, B\u00e9lgica<\/p>\n<\/div>\n\n\n\n<div class=\"ss-table-row\">\n<p class=\"gb-text\">Di\u00f3cesis<\/p>\n\n\n\n<p class=\"gb-text\">Li\u00e8ge<\/p>\n<\/div>\n\n\n\n<div class=\"ss-table-row\">\n<p class=\"gb-text\">Pa\u00eds<\/p>\n\n\n\n<p class=\"gb-text\">B\u00e9lgica<\/p>\n<\/div>\n\n\n\n<div class=\"ss-table-row\">\n<p class=\"gb-text\">Continente<\/p>\n\n\n\n<p class=\"gb-text\">Europa<\/p>\n<\/div>\n\n\n\n<div class=\"ss-table-row\">\n<p class=\"gb-text\">Fiesta de la Congregaci\u00f3n<\/p>\n\n\n\n<p class=\"gb-text\">25 de marzo<\/p>\n<\/div>\n\n\n\n<div class=\"ss-table-row\">\n<p class=\"gb-text\">Coordenadas GPS<\/p>\n\n\n\n<p class=\"gb-text\">50.63960 5.57009<\/p>\n<\/div>\n\n\n\n<div class=\"ss-table-row\">\n<p class=\"gb-text\">Zona horaria<\/p>\n\n\n\n<p class=\"gb-text\">UTC+1<\/p>\n<\/div>\n\n\n\n<div class=\"ss-table-row\">\n<p class=\"gb-text\">Persona de contacto<\/p>\n\n\n\n<p class=\"gb-text\">Hermana Anuarite<\/p>\n<\/div>\n\n\n\n<div class=\"ss-table-row\">\n<p class=\"gb-text\">Madre General<\/p>\n\n\n\n<p class=\"gb-text\">Hermana Irma Eulalia Maria Wanderley de Lima<\/p>\n<\/div>\n\n\n\n<div class=\"ss-table-row\">\n<p class=\"gb-text\">Sitio web<\/p>\n\n\n\n<p class=\"gb-text\"><a href=\"https:\/\/www.hhcj.it\/\" target=\"_blank\" rel=\"noreferrer noopener\" title=\"hhcj.it\">hhcj.it<\/a><\/p>\n<\/div>\n<\/div>\n\n\n\n<div class=\"ss-project-table\">\n<div class=\"ss-table-section-title\">\n<h3 id=\"entidad-de-formacion\" class=\"gb-text\">ENTIDAD DE FORMACI\u00d3N<\/h3>\n<\/div>\n\n\n\n<div class=\"ss-table-row\">\n<p class=\"gb-text\">Nombre<\/p>\n\n\n\n<p class=\"gb-text\">Comunit\u00e0 Parrocchiale Santa Gemma<\/p>\n<\/div>\n\n\n\n<div class=\"ss-table-row\">\n<p class=\"gb-text\">Lugar<\/p>\n\n\n\n<p class=\"gb-text\">Camigliano Santa Gemma (LU)<\/p>\n<\/div>\n\n\n\n<div class=\"ss-table-row\">\n<p class=\"gb-text\">Pa\u00eds<\/p>\n\n\n\n<p class=\"gb-text\">Italia<\/p>\n<\/div>\n\n\n\n<div class=\"ss-table-row\">\n<p class=\"gb-text\">Continente<\/p>\n\n\n\n<p class=\"gb-text\">Europa<\/p>\n<\/div>\n\n\n\n<div class=\"ss-table-row\">\n<p class=\"gb-text\">Coordenadas GPS<\/p>\n\n\n\n<p class=\"gb-text\">43.86621 10.60469<\/p>\n<\/div>\n\n\n\n<div class=\"ss-table-row\">\n<p class=\"gb-text\">Zona horaria<\/p>\n\n\n\n<p class=\"gb-text\">UTC+1<\/p>\n<\/div>\n\n\n\n<div class=\"ss-table-row\">\n<p class=\"gb-text\">Fecha de inicio<\/p>\n\n\n\n<p class=\"gb-text\">16\/11\/2023<\/p>\n<\/div>\n\n\n\n<div class=\"ss-table-row\">\n<p class=\"gb-text\">Fecha de finalizaci\u00f3n<\/p>\n\n\n\n<p class=\"gb-text\">30\/08\/2021<\/p>\n<\/div>\n\n\n\n<div class=\"ss-table-row\">\n<p class=\"gb-text\">Tutora<\/p>\n\n\n\n<p class=\"gb-text\">Hermana Gloriose Nshimirimana<\/p>\n<\/div>\n<\/div>\n\n\n\n<div class=\"ss-project-table\">\n<div class=\"ss-table-section-title\">\n<h3 id=\"espacio-real\" class=\"gb-text\">ESPACIO REAL<\/h3>\n<\/div>\n\n\n\n<div class=\"ss-table-row\">\n<p class=\"gb-text\">Responsable del proyecto<\/p>\n\n\n\n<p class=\"gb-text\">Hermana Anuarite<\/p>\n<\/div>\n\n\n\n<div class=\"ss-table-row\">\n<p class=\"gb-text\">Fecha de inicio<\/p>\n\n\n\n<p class=\"gb-text\">14 2023<\/p>\n<\/div>\n\n\n\n<div class=\"ss-table-row\">\n<p class=\"gb-text\">Tipo<\/p>\n\n\n\n<p class=\"gb-text\"><strong>Pan de Misericordia<\/strong><\/p>\n<\/div>\n<\/div>\n\n\n<\/div>\n<\/div>\n\n\n\n<div class=\"gb-element-6ad95ea8\">\n<div class=\"gb-element-e34063a6 ss-project-intro\"><div class=\"wp-block-image imgText\">\n<figure class=\"alignright size-full is-resized\"><img decoding=\"async\" alt=\"hermana Francine\" src=\"https:\/\/spaziospadoni.org\/wp-content\/uploads\/2026\/05\/Suor-Francine-300x300.jpg\" style=\"width:201px;height:auto\"\/><figcaption class=\"wp-element-caption\">Pan de Misericordia<\/figcaption><\/figure>\n<\/div>\n\n\n<p class=\"wp-block-paragraph\"><strong>Aunque se encuentra en Goma, la hermana Francine, con la ayuda de la hermana Marie Odette, est\u00e1 intentando poner en marcha en Bunia, en la Rep\u00fablica Democr\u00e1tica del Congo, una granja av\u00edcola financiada por spazio + spadoni. Tambi\u00e9n fue preparada para esta actividad por los feligreses de la Comunit\u00e0 Santa Gemma, que la llevaron a visitar varias granjas de la zona y le explicaron las t\u00e9cnicas necesarias para lograr buenos resultados. La realizaci\u00f3n no es sencilla y avanza muy lentamente debido a la situaci\u00f3n de inestabilidad y guerrilla en la zona. En Goma, la hermana Francine se est\u00e1 dedicando a la difusi\u00f3n de las Obras de Misericordia &#8211; OPERA M.<\/strong><\/p>\n\n\n\n<p class=\"wp-block-paragraph\">La hermana Francine lleg\u00f3 a Italia en noviembre de 2023, acogida por la Comunit\u00e0 Parrocchiale Santa Gemma y la Congregazione Missionaria delle Sorelle di Santa Gemma, que la alojaron en su Casa Madre durante todo el tiempo que pas\u00f3 en Italia.<\/p>\n\n\n\n<p class=\"wp-block-paragraph\">Dentro de la Comunidad Parroquial se integr\u00f3 bien y con facilidad gracias a su dominio de la lengua italiana, fruto de meses de estudio anteriores a su llegada. Cada d\u00eda, la hermana Francine particip\u00f3 en distintas actividades: apoyo escolar con los j\u00f3venes, oratorio creativo, preparaci\u00f3n de alimentos para el comedor de los pobres y curso de primeros auxilios en la Misericordia di Santa Gemma. En la comunidad, con las dem\u00e1s hermanas, pudo aprender algunas recetas de cocina italiana, realiz\u00f3 un curso de corte y confecci\u00f3n y una formaci\u00f3n sobre las Obras de Misericordia.<\/p>\n\n\n\n<p class=\"wp-block-paragraph\"><strong>M\u00e1s informaci\u00f3n<\/strong> <a href=\"https:\/\/spaziospadoni.org\/opere-di-misericordia\/opera-m-di-spaziospadoni\/domenica-della-misericordia-di-dio-grazia-divina-offerta-di-fronte-alla-disperazione\/\" rel=\"noreferrer noopener\" target=\"_blank\" title=\"Domingo de la Divina Misericordia. Gracia Divina ofrecida ante la Desesperaci\u00f3n\">Domingo de la Divina Misericordia. Gracia Divina ofrecida ante la Desesperaci\u00f3n<\/a> <a href=\"https:\/\/spaziospadoni.org\/vita-della-chiesa\/giubileo-2025\/la-misericordia-apre-le-porte-alla-speranza-diocesi-di-goma-rdc-2\/\" rel=\"noreferrer noopener\" target=\"_blank\" title=\"\u00abLa misericordia abre las puertas a la esperanza\u00bb | DI\u00d3CESIS DE GOMA (RDC)\">\u00abLa misericordia abre las puertas a la esperanza\u00bb | DI\u00d3CESIS DE GOMA (RDC)<\/a> <a href=\"https:\/\/spaziospadoni.org\/opere-di-misericordia\/opera-m-di-spaziospadoni\/insegnamenti-sulle-opere-di-misericordia-nella-comunita-ecclesiale-di-goma\/\" rel=\"noreferrer noopener\" target=\"_blank\" title=\"Ense\u00f1anzas sobre las Obras de Misericordia en la Comunidad Eclesial de Goma\">Ense\u00f1anzas sobre las Obras de Misericordia en la Comunidad Eclesial de Goma<\/a> <a href=\"https:\/\/spaziospadoni.org\/opere-di-misericordia\/misericordia-allopera-m\/rallegratevi-e-fate-del-bene-le-opere-di-misericordia-incarnate-nel-motto-delle-religiose-dellistruzione-cristiana\/\" rel=\"noreferrer noopener\" target=\"_blank\" title=\"\u00abAlegraos y haced el bien\u00bb. Las Obras de Misericordia encarnadas en el lema de las Religiosas de la Instrucci\u00f3n Cristiana\">\u00abAlegraos y haced el bien\u00bb. Las Obras de Misericordia encarnadas en el lema de las Religiosas de la Instrucci\u00f3n Cristiana<\/a> <a href=\"https:\/\/spaziospadoni.org\/spazio-missionario\/notizie-dal-mondo\/missionarie-delle-opere-di-misericordia\/\" rel=\"noreferrer noopener\" target=\"_blank\" title=\"Misioneras de las Obras de Misericordia\">Misioneras de las Obras de Misericordia<\/a> <a href=\"https:\/\/spaziospadoni.org\/opere-di-misericordia\/opera-m-dal-mondo\/il-congo-e-le-conseguenze-della-guerra\/\" rel=\"noreferrer noopener\" target=\"_blank\" title=\"El Congo y las consecuencias de la guerra\">El Congo y las consecuencias de la guerra<\/a> <a href=\"https:\/\/spaziospadoni.org\/opere-di-misericordia\/opera-m-di-spaziospadoni\/lavoro-giovanile-parrocchiale-in-italia\/\" rel=\"noreferrer noopener\" target=\"_blank\" title=\"Las Obras de Misericordia a trav\u00e9s del trabajo juvenil parroquial en Italia\">Las Obras de Misericordia a trav\u00e9s del trabajo juvenil parroquial en Italia<\/a> <a href=\"https:\/\/spaziospadoni.org\/spazio-missionario\/hic-sum\/lesperienza-missionaria-delle-opere-di-misericordia-in-italia\/\" rel=\"noreferrer noopener\" target=\"_blank\" title=\"La experiencia misionera de las Obras de Misericordia en Italia\">La experiencia misionera de las Obras de Misericordia en Italia<\/a><\/p>\n\n<\/div>\n<\/div>\n\n\n\n\n<div>\n\n<h2 id=\"cronologia\" class=\"gb-text gb-text-8179e40a\">Cronolog\u00eda<\/h2>\n\n\n\n\n\n<div class=\"ss-timeline\">\n\n<h3 id=\"2023\" class=\"gb-text\">2023<\/h3>\n\n\n\n\n\n<div class=\"ss-timeline-item\">\n\n<h4 id=\"2102-inicio-de-la-relacion-con-la-congregacion\" class=\"gb-text\">21.02 | Inicio de la relaci\u00f3n con la Congregaci\u00f3n<\/h4>\n\n\n\n\n<p class=\"wp-block-paragraph\">Se establece el primer contacto con la Congregaci\u00f3n<\/p>\n\n\n<\/div>\n\n\n\n\n<div class=\"ss-timeline-item\">\n\n<h4 id=\"172807-hermana-anuarite-en-italia\" class=\"gb-text\">17-28.07 | Hermana Anuarite en Italia<\/h4>\n\n\n\n\n<p class=\"wp-block-paragraph\">La hermana Anuarite viene a Italia para participar en una formaci\u00f3n sobre las Obras de Misericordia organizada por spazio + spadoni<\/p>\n\n\n<\/div>\n\n\n\n\n<div class=\"ss-timeline-item\">\n\n<h4 id=\"0808-inicio-de-la-relacion-con-la-comunidad-parroquial\" class=\"gb-text\">08.08 | Inicio de la relaci\u00f3n con la Comunidad Parroquial<\/h4>\n\n\n\n\n<p class=\"wp-block-paragraph\">La Comunidad Parroquial decide llevar a cabo el proyecto HIC SUM<\/p>\n\n\n<\/div>\n\n\n\n\n<div class=\"ss-timeline-item\">\n\n<h4 id=\"1411-primera-financiacion-desembolsada\" class=\"gb-text\">14.11| Primera financiaci\u00f3n desembolsada<\/h4>\n\n\n\n\n<p class=\"wp-block-paragraph\">La financiaci\u00f3n est\u00e1 destinada al inicio de la construcci\u00f3n del gallinero<\/p>\n\n\n<\/div>\n\n\n\n\n<div class=\"ss-timeline-item\">\n\n<h4 id=\"1611-llegada-de-la-hermana\" class=\"gb-text\">16.11 | Llegada de la hermana<\/h4>\n\n\n\n\n<p class=\"wp-block-paragraph\">La hermana Francine llega a Italia, acogida por la Congregazione Missionaria Santa Gemma y la Comunit\u00e0 Parrocchiale Santa Gemma<\/p>\n\n\n\n<figure class=\"wp-block-gallery has-nested-images columns-1 is-cropped ss-lightbox wp-block-gallery-1 is-layout-flex wp-block-gallery-is-layout-flex\">\n\n<figure class=\"wp-block-image size-large\"><img decoding=\"async\" src=\"https:\/\/spaziospadoni.org\/wp-content\/uploads\/2026\/05\/2023_novembre_19_hicsum_44_suor_francine_spazio_spadoni_sorelle_santa_gemma_presentazione_comunita-3-225x300.jpg\" alt=\"2023 noviembre 19 hicsum 44 hermana francine spazio spadoni hermanas santa gemma presentaci\u00f3n comunidad 3 225x300\"\/><figcaption class=\"wp-element-caption\">16.11 | Llegada de la hermana<\/figcaption><\/figure>\n\n<\/figure>\n\n\n<\/div>\n\n\n\n\n<div class=\"ss-timeline-item\">\n\n<h4 id=\"0712-formacion\" class=\"gb-text\">07.12 | Formaci\u00f3n<\/h4>\n\n\n\n\n<p class=\"wp-block-paragraph\">Formaci\u00f3n t\u00e9cnica de spazio + spadoni en Casa Madre Sorelle di Santa Gemma<\/p>\n\n\n\n<figure class=\"wp-block-gallery has-nested-images columns-1 is-cropped ss-lightbox wp-block-gallery-2 is-layout-flex wp-block-gallery-is-layout-flex\">\n\n<figure class=\"wp-block-image size-large\"><img decoding=\"async\" src=\"https:\/\/spaziospadoni.org\/wp-content\/uploads\/2026\/05\/2024_marzo_hicsum_44_italia_suor_francine_religieuses_instruction_chretienne_spazio_spadoni_sorelle_santa_gemma_misericordia_comunita_pastorale_san_cerbone_luigi-225x300.jpg\" alt=\"2024 marzo hicsum 44 Italia hermana francine religieuses instruction chretienne spazio spadoni hermanas santa gemma misericordia comunidad pastoral san cerbone luigi 225x300\"\/><figcaption class=\"wp-element-caption\">07.12 | Formaci\u00f3n<\/figcaption><\/figure>\n\n<\/figure>\n\n\n<\/div>\n\n\n\n\n<div class=\"ss-timeline-item\">\n\n<h4 id=\"diciembre-spazio-spadoni-se-reune-con-la-comunidad-de-goma\" class=\"gb-text\">Diciembre | spazio + spadoni se re\u00fane con la comunidad de Goma<\/h4>\n\n\n\n\n<p class=\"wp-block-paragraph\">Con motivo de un viaje misionero a la Rep\u00fablica Democr\u00e1tica del Congo, Selene viaja a Goma y se aloja en la comunidad de la hermana Francine, que mientras tanto se encuentra en Italia. Es acogida por la Superiora Provincial, hermana Anuarite<\/p>\n\n\n\n<figure class=\"wp-block-gallery has-nested-images columns-1 is-cropped ss-lightbox wp-block-gallery-3 is-layout-flex wp-block-gallery-is-layout-flex\">\n\n<figure class=\"wp-block-image size-large\"><img decoding=\"async\" src=\"https:\/\/spaziospadoni.org\/wp-content\/uploads\/2026\/05\/2023_dicembre_6_hicsum_44_suor_francine_spazio_spadoni_sorelle_santa_gemma_selene_pera_goma_superiora_provinciale-225x300.jpg\" alt=\"2023 diciembre 6 hicsum 44 hermana francine spazio spadoni hermanas santa gemma selene pera Goma superiora provincial 225x300\"\/><figcaption class=\"wp-element-caption\">Diciembre | spazio + spadoni se re\u00fane con la comunidad de Goma<\/figcaption><\/figure>\n\n<\/figure>\n\n\n<\/div>\n\n\n\n\n<div class=\"ss-timeline-item\">\n\n<h4 id=\"noviembre-diciembre-formacion\" class=\"gb-text\">Noviembre &#8211; Diciembre | Formaci\u00f3n<\/h4>\n\n\n\n\n<p class=\"wp-block-paragraph\">Curso de primeros auxilios en la Misericordia Santa Gemma, apoyo escolar parroquial, oratorio creativo, formaci\u00f3n sobre las Obras de Misericordia y comedor social.<\/p>\n\n\n<\/div>\n\n\n\n\n<div class=\"ss-timeline-item\">\n\n<h4 id=\"diciembre-formacion\" class=\"gb-text\">Diciembre | Formaci\u00f3n<\/h4>\n\n\n\n\n<p class=\"wp-block-paragraph\">Curso de corte y confecci\u00f3n<\/p>\n\n\n<\/div>\n\n\n<\/div>\n\n\n\n\n<div class=\"ss-timeline\">\n\n<h3 id=\"2024\" class=\"gb-text\">2024<\/h3>\n\n\n\n\n\n<div class=\"ss-timeline-item\">\n\n<h4 id=\"enero-marzo-formacion-en-primeros-auxilios\" class=\"gb-text\">Enero &#8211; Marzo | Formaci\u00f3n en primeros auxilios<\/h4>\n\n\n\n\n<p class=\"wp-block-paragraph\">Curso de primeros auxilios en la Misericordia Santa Gemma<\/p>\n\n\n\n<figure class=\"wp-block-gallery has-nested-images columns-1 is-cropped ss-lightbox wp-block-gallery-4 is-layout-flex wp-block-gallery-is-layout-flex\">\n\n<figure class=\"wp-block-image size-large\"><img decoding=\"async\" src=\"https:\/\/spaziospadoni.org\/wp-content\/uploads\/2026\/05\/2024_marzo_3_hicsum_44_suor_francine_religieuses_instruction_chretienne_spazio_spadoni_sorelle_santa_gemma_misericordia_comunita_pastorale_formazione-1-169x300.jpg\" alt=\"2024 marzo 3 hicsum 44 hermana francine religieuses instruction chretienne spazio spadoni hermanas santa gemma misericordia comunidad pastoral formaci\u00f3n 1 169x300\"\/><figcaption class=\"wp-element-caption\">Enero &#8211; Marzo | Formaci\u00f3n en primeros auxilios<\/figcaption><\/figure>\n\n<\/figure>\n\n\n<\/div>\n\n\n\n\n<div class=\"ss-timeline-item\">\n\n<h4 id=\"enero-marzo-formacion-en-corte-y-confeccion\" class=\"gb-text\">Enero &#8211; Marzo | Formaci\u00f3n en corte y confecci\u00f3n<\/h4>\n\n\n\n\n<p class=\"wp-block-paragraph\">Curso de corte y confecci\u00f3n<\/p>\n\n\n\n<figure class=\"wp-block-gallery has-nested-images columns-1 is-cropped ss-lightbox wp-block-gallery-5 is-layout-flex wp-block-gallery-is-layout-flex\">\n\n<figure class=\"wp-block-image size-large\"><img decoding=\"async\" src=\"https:\/\/spaziospadoni.org\/wp-content\/uploads\/2026\/05\/2024_febbraio_18_hicsum_44_suor_francine_spazio_spadoni_sorelle_santa_gemma_misericordia_uncinetto-225x300.jpg\" alt=\"2024 febrero 18 hicsum 44 hermana francine spazio spadoni hermanas santa gemma misericordia uncinetto 225x300\"\/><figcaption class=\"wp-element-caption\">Enero &#8211; Marzo | Formaci\u00f3n en corte y confecci\u00f3n<\/figcaption><\/figure>\n\n<\/figure>\n\n\n<\/div>\n\n\n\n\n<div class=\"ss-timeline-item\">\n\n<h4 id=\"enero-marzo-actividades-parroquiales-y-comunitarias\" class=\"gb-text\">Enero &#8211; Marzo | Actividades parroquiales y comunitarias<\/h4>\n\n\n\n\n<p class=\"wp-block-paragraph\">Apoyo escolar, oratorio creativo, formaci\u00f3n sobre las Obras de Misericordia, comedor social<\/p>\n\n\n<\/div>\n\n\n\n\n<div class=\"ss-timeline-item\">\n\n<h4 id=\"2001-formacion-en-voluntariado\" class=\"gb-text\">20.01 | Formaci\u00f3n en voluntariado<\/h4>\n\n\n\n\n<p class=\"wp-block-paragraph\">Formaci\u00f3n sobre el carisma del voluntariado<\/p>\n\n\n<\/div>\n\n\n\n\n<div class=\"ss-timeline-item\">\n\n<h4 id=\"0602-formacion-en-empresa-social\" class=\"gb-text\">06.02 | Formaci\u00f3n en empresa social<\/h4>\n\n\n\n\n<p class=\"wp-block-paragraph\">Formaci\u00f3n para la cr\u00eda de pollos<\/p>\n\n\n\n<figure class=\"wp-block-gallery has-nested-images columns-1 is-cropped ss-lightbox wp-block-gallery-6 is-layout-flex wp-block-gallery-is-layout-flex\">\n\n<figure class=\"wp-block-image size-large\"><img decoding=\"async\" src=\"https:\/\/spaziospadoni.org\/wp-content\/uploads\/2026\/05\/2024_febbraio_5_hicsum_44_suor_francine_spazio_spadoni_sorelle_santa_gemma_misericordia_concetti_allevamento_agricoltura-5-169x300.jpg\" alt=\"2024 febrero 5 hicsum 44 hermana francine spazio spadoni hermanas santa gemma misericordia concetti cr\u00eda agricultura 5 169x300\"\/><figcaption class=\"wp-element-caption\">06.02 | Formaci\u00f3n en empresa social<\/figcaption><\/figure>\n\n\n<figure class=\"wp-block-image size-large\"><img decoding=\"async\" src=\"https:\/\/spaziospadoni.org\/wp-content\/uploads\/2026\/05\/2024_febbraio_5_hicsum_44_suor_francine_spazio_spadoni_sorelle_santa_gemma_misericordia_concetti_allevamento_agricoltura-4-169x300.jpg\" alt=\"2024 febrero 5 hicsum 44 hermana francine spazio spadoni hermanas santa gemma misericordia concetti cr\u00eda agricultura 4 169x300\"\/><figcaption class=\"wp-element-caption\">06.02 | Formaci\u00f3n en empresa social<\/figcaption><\/figure>\n\n<\/figure>\n\n\n<\/div>\n\n\n\n\n<div class=\"ss-timeline-item\">\n\n<h4 id=\"1802-formacion-en-empresa-social\" class=\"gb-text\">18.02 | Formaci\u00f3n en empresa social<\/h4>\n\n\n\n\n<p class=\"wp-block-paragraph\">Formaci\u00f3n para la cr\u00eda de pollos<\/p>\n\n\n\n<figure class=\"wp-block-gallery has-nested-images columns-1 is-cropped ss-lightbox wp-block-gallery-7 is-layout-flex wp-block-gallery-is-layout-flex\">\n\n<figure class=\"wp-block-image size-large\"><img decoding=\"async\" src=\"https:\/\/spaziospadoni.org\/wp-content\/uploads\/2026\/05\/2024_febbraio_5_hicsum_44_suor_francine_spazio_spadoni_sorelle_santa_gemma_misericordia_concetti_allevamento_agricoltura-5-169x300.jpg\" alt=\"2024 febrero 5 hicsum 44 hermana francine spazio spadoni hermanas santa gemma misericordia concetti cr\u00eda agricultura 5 169x300\"\/><figcaption class=\"wp-element-caption\">18.02 | Formaci\u00f3n en empresa social<\/figcaption><\/figure>\n\n\n<figure class=\"wp-block-image size-large\"><img decoding=\"async\" src=\"https:\/\/spaziospadoni.org\/wp-content\/uploads\/2026\/05\/2024_febbraio_5_hicsum_44_suor_francine_spazio_spadoni_sorelle_santa_gemma_misericordia_concetti_allevamento_agricoltura-4-169x300.jpg\" alt=\"2024 febrero 5 hicsum 44 hermana francine spazio spadoni hermanas santa gemma misericordia concetti cr\u00eda agricultura 4 169x300\"\/><figcaption class=\"wp-element-caption\">18.02 | Formaci\u00f3n en empresa social<\/figcaption><\/figure>\n\n<\/figure>\n\n\n<\/div>\n\n\n\n\n<div class=\"ss-timeline-item\">\n\n<h4 id=\"0203-curso-de-panaderia\" class=\"gb-text\">02.03 | Curso de panader\u00eda<\/h4>\n\n\n\n\n<figure class=\"wp-block-gallery has-nested-images columns-1 is-cropped ss-lightbox wp-block-gallery-8 is-layout-flex wp-block-gallery-is-layout-flex\">\n\n<figure class=\"wp-block-image size-large\"><img decoding=\"async\" src=\"https:\/\/spaziospadoni.org\/wp-content\/uploads\/2026\/05\/2024_marzo_hicsum_44_italia_suor_francine_religieuses_instruction_chretienne_spazio_spadoni_sorelle_santa_gemma_misericordia_comunita_pastorale_visita_pistoia-4-300x225.jpg\" alt=\"2024 marzo hicsum 44 Italia hermana francine religieuses instruction chretienne spazio spadoni hermanas santa gemma misericordia comunidad pastoral visita pistoia 4 300x225\"\/><figcaption class=\"wp-element-caption\">02.03 | Curso de panader\u00eda<\/figcaption><\/figure>\n\n<\/figure>\n\n\n<\/div>\n\n\n\n\n<div class=\"ss-timeline-item\">\n\n<h4 id=\"0403-formacion\" class=\"gb-text\">04.03 | Formaci\u00f3n<\/h4>\n\n\n\n\n<p class=\"wp-block-paragraph\">Formaci\u00f3n t\u00e9cnica de spazio + spadoni en el Convento di San Cerbone<\/p>\n\n\n<\/div>\n\n\n\n\n<div class=\"ss-timeline-item\">\n\n<h4 id=\"0803-formacion-en-cocina\" class=\"gb-text\">08.03 | Formaci\u00f3n en cocina<\/h4>\n\n\n\n\n<p class=\"wp-block-paragraph\">Aprendizaje de cocina italiana<\/p>\n\n\n<\/div>\n\n\n\n\n<div class=\"ss-timeline-item\">\n\n<h4 id=\"1403-peregrinacion-a-asis\" class=\"gb-text\">14.03 | Peregrinaci\u00f3n a As\u00eds<\/h4>\n\n\n\n\n<p class=\"wp-block-paragraph\">La hermana Francine es acompa\u00f1ada a As\u00eds<\/p>\n\n\n\n<figure class=\"wp-block-gallery has-nested-images columns-1 is-cropped ss-lightbox wp-block-gallery-9 is-layout-flex wp-block-gallery-is-layout-flex\">\n\n<figure class=\"wp-block-image size-large\"><img decoding=\"async\" src=\"https:\/\/spaziospadoni.org\/wp-content\/uploads\/2026\/05\/2024_marzo_hicsum_44_italia_suor_francine_religieuses_instruction_chretienne_spazio_spadoni_sorelle_santa_gemma_misericordia_comunita_pastorale_visita_assisi-3-225x300.jpg\" alt=\"2024 marzo hicsum 44 Italia hermana francine religieuses instruction chretienne spazio spadoni hermanas santa gemma misericordia comunidad pastoral visita assisi 3 225x300\"\/><figcaption class=\"wp-element-caption\">14.03 | Peregrinaci\u00f3n a As\u00eds<\/figcaption><\/figure>\n\n<\/figure>\n\n\n<\/div>\n\n\n\n\n<div class=\"ss-timeline-item\">\n\n<h4 id=\"2403-salida-de-la-hermana\" class=\"gb-text\">24.03 | Salida de la hermana<\/h4>\n\n\n\n\n<p class=\"wp-block-paragraph\">La hermana Francine adelanta su regreso al Congo debido a algunos compromisos con la universidad en la que trabaja<\/p>\n\n\n\n<figure class=\"wp-block-gallery has-nested-images columns-1 is-cropped ss-lightbox wp-block-gallery-10 is-layout-flex wp-block-gallery-is-layout-flex\">\n\n<figure class=\"wp-block-image size-large\"><img decoding=\"async\" src=\"https:\/\/spaziospadoni.org\/wp-content\/uploads\/2026\/05\/2024_marzo_24_hicsum_44_suor_francine_religieuses_instruction_chretienne_spazio_spadoni_sorelle_santa_gemma_misericordia_comunita_pastorale_partenza_congo-225x300.jpg\" alt=\"2024 marzo 24 hicsum 44 hermana francine religieuses instruction chretienne spazio spadoni hermanas santa gemma misericordia comunidad pastoral salida Congo 225x300\"\/><figcaption class=\"wp-element-caption\">24.03 | Salida de la hermana<\/figcaption><\/figure>\n\n<\/figure>\n\n\n<\/div>\n\n\n<\/div>\n\n\n\n\n<div class=\"ss-timeline\">\n\n<h3 id=\"2025\" class=\"gb-text\">2025<\/h3>\n\n\n\n\n\n<div class=\"ss-timeline-item\">\n\n<h4 id=\"121310-encuentro-con-spazio-spadoni\" class=\"gb-text\">12-13.10 | Encuentro con spazio + spadoni<\/h4>\n\n\n\n\n<p class=\"wp-block-paragraph\">Encuentro en Roma entre spazio + spadoni, la hermana Francine, la hermana Anuarite y la Congregaci\u00f3n. Las hermanas se encontraban en Italia tanto para una reuni\u00f3n general de la Congregaci\u00f3n como para participar en el Jubileo; fue la ocasi\u00f3n adecuada para un encuentro y un intercambio sobre las actividades apoyadas por spazio + spadoni<\/p>\n\n\n\n<figure class=\"wp-block-gallery has-nested-images columns-1 is-cropped ss-lightbox wp-block-gallery-11 is-layout-flex wp-block-gallery-is-layout-flex\">\n\n<figure class=\"wp-block-image size-large\"><img decoding=\"async\" src=\"https:\/\/spaziospadoni.org\/wp-content\/uploads\/2026\/05\/2025_ottobre_13_suor_francine_anuarite_roma_italia_incontro_luigi_spadoni_opere_misericordia_hic_sum-2.jpg\" alt=\"2025 octubre 13 hermana francine anuarite roma Italia encuentro luigi spadoni obras misericordia hic sum 2\"\/><figcaption class=\"wp-element-caption\">12-13.10 | Encuentro con spazio + spadoni<\/figcaption><\/figure>\n\n\n<figure class=\"wp-block-image size-large\"><img decoding=\"async\" src=\"https:\/\/spaziospadoni.org\/wp-content\/uploads\/2026\/05\/2025_ottobre_12_incontro_suor_gloriose_francine_anuarite_selene_roma_incontro_spazio_spadoni-1.jpeg\" alt=\"2025 octubre 12 encuentro hermana gloriose francine anuarite selene roma encuentro spazio spadoni 1\"\/><figcaption class=\"wp-element-caption\">12-13.10 | Encuentro con spazio + spadoni<\/figcaption><\/figure>\n\n<\/figure>\n\n\n<\/div>\n\n\n<\/div>\n\n\n\n\n<div class=\"ss-timeline\">\n\n<h3 id=\"evaluaciones-del-proyecto\" class=\"gb-text\">Evaluaciones del proyecto<\/h3>\n\n\n\n\n\n<div class=\"ss-timeline-item\">\n\n<h4 id=\"enero-de-2024-la-congregacion-propone-dos\" class=\"gb-text\">Enero de 2024 La Congregaci\u00f3n propone dos<\/h4>\n\n\n\n\n<p class=\"wp-block-paragraph\">proyectos: cr\u00eda de pollos y corte y confecci\u00f3n<\/p>\n\n\n<\/div>\n\n\n\n\n<div class=\"ss-timeline-item\">\n\n<h4 id=\"enero-de-2024-debate-sobre-los-proyectos\" class=\"gb-text\">Enero de 2024 Debate sobre los proyectos<\/h4>\n\n\n\n\n<p class=\"wp-block-paragraph\">propuestos<\/p>\n\n\n<\/div>\n\n\n\n\n<div class=\"ss-timeline-item\">\n\n<h4 id=\"febrero-de-2024-la-congregacion-decide\" class=\"gb-text\">Febrero de 2024 La Congregaci\u00f3n decide<\/h4>\n\n\n\n\n<p class=\"wp-block-paragraph\">realizar el proyecto de cr\u00eda de pollos, dejando de lado el de corte y confecci\u00f3n<\/p>\n\n\n<\/div>\n\n\n\n\n<div class=\"ss-timeline-item\">\n\n<h4 id=\"mayo-de-2024\" class=\"gb-text\">Mayo de 2024<\/h4>\n\n\n\n\n<p class=\"wp-block-paragraph\">Seguimiento<\/p>\n\n\n<\/div>\n\n\n\n\n<div class=\"ss-timeline-item\">\n\n<h4 id=\"septiembre-de-2024\" class=\"gb-text\">Septiembre de 2024<\/h4>\n\n\n\n\n<p class=\"wp-block-paragraph\">Seguimiento<\/p>\n\n\n<\/div>\n\n\n\n\n<div class=\"ss-timeline-item\">\n\n<h4 id=\"enerodiciembre-de-2025-seguimiento-de-la-difusion\" class=\"gb-text\">Enero-diciembre de 2025 Seguimiento de la difusi\u00f3n<\/h4>\n\n\n\n\n<p class=\"wp-block-paragraph\">de las Obras de Misericordia y de la Empresa Social ante la grave situaci\u00f3n que afecta precisamente a ese territorio<\/p>\n\n\n<\/div>\n\n\n<\/div>\n\n\n<\/div>\n\n\n\n<div class=\"ss-project-media\">\n<h2 id=\"fotos-y-videos\" class=\"gb-text gb-text-d7bd8be8\">Fotos y v\u00eddeos<\/h2>\n\n\n<div class=\"ss-media-filters\">\n\n<a class=\"gb-text ss-media-filter active\" data-filter=\"*\" title=\"Todo\">Todo<\/a>\n\n\n<a class=\"gb-text ss-media-filter\" data-filter=\".formazione\" title=\"Formaci\u00f3n\">Formaci\u00f3n<\/a>\n\n\n<a class=\"gb-text ss-media-filter\" data-filter=\".repubblica-democratica-del-congo\" title=\"Rep\u00fablica Democr\u00e1tica del Congo\">Rep\u00fablica Democr\u00e1tica del Congo<\/a>\n\n\n<a class=\"gb-text ss-media-filter\" data-filter=\".video\" title=\"V\u00eddeo\">V\u00eddeo<\/a>\n\n<\/div>\n\n\n<div class=\"ss-media-grid\">\n<div>\n<figure class=\"wp-block-gallery has-nested-images columns-1 is-cropped ss-lightbox wp-block-gallery-12 is-layout-flex wp-block-gallery-is-layout-flex\">\n\n<figure class=\"wp-block-image size-large formazione\"><img decoding=\"async\" alt=\"2023 noviembre 19 hicsum 44 hermana francine spazio spadoni hermanas santa gemma presentaci\u00f3n comunidad 3 225x300\" src=\"https:\/\/spaziospadoni.org\/wp-content\/uploads\/2026\/05\/2023_novembre_19_hicsum_44_suor_francine_spazio_spadoni_sorelle_santa_gemma_presentazione_comunita-3-225x300.jpg\"\/><\/figure>\n\n\n<figure class=\"wp-block-image size-large formazione\"><img decoding=\"async\" alt=\"2023 Navidad hermana francine milia hermanas santa gemma formaci\u00f3n hic sum spazio spadoni 7 300x225\" src=\"https:\/\/spaziospadoni.org\/wp-content\/uploads\/2026\/05\/2023_natale_suor_francine_milia_sorelle_santa_gemma_formazione_hic_sum_spazio_spadoni-7-300x225.jpg\"\/><\/figure>\n\n\n<figure class=\"wp-block-image size-large formazione\"><img decoding=\"async\" alt=\"2023 Navidad hermana francine milia hermanas santa gemma formaci\u00f3n hic sum spazio spadoni 6 169x300\" src=\"https:\/\/spaziospadoni.org\/wp-content\/uploads\/2026\/05\/2023_natale_suor_francine_milia_sorelle_santa_gemma_formazione_hic_sum_spazio_spadoni-6-169x300.jpg\"\/><\/figure>\n\n\n<figure class=\"wp-block-image size-large formazione\"><img decoding=\"async\" alt=\"2023 Navidad hermana francine milia hermanas santa gemma formaci\u00f3n hic sum spazio spadoni 5 169x300\" src=\"https:\/\/spaziospadoni.org\/wp-content\/uploads\/2026\/05\/2023_natale_suor_francine_milia_sorelle_santa_gemma_formazione_hic_sum_spazio_spadoni-5-169x300.jpg\"\/><\/figure>\n\n\n<figure class=\"wp-block-image size-large formazione\"><img decoding=\"async\" alt=\"2023 Navidad hermana francine milia hermanas santa gemma formaci\u00f3n hic sum spazio spadoni 2 225x300\" src=\"https:\/\/spaziospadoni.org\/wp-content\/uploads\/2026\/05\/2023_natale_suor_francine_milia_sorelle_santa_gemma_formazione_hic_sum_spazio_spadoni-2-225x300.jpg\"\/><\/figure>\n\n\n<figure class=\"wp-block-image size-large formazione\"><img decoding=\"async\" alt=\"2023 Navidad hermana francine milia hermanas santa gemma formaci\u00f3n hic sum spazio spadoni 12 169x300\" src=\"https:\/\/spaziospadoni.org\/wp-content\/uploads\/2026\/05\/2023_natale_suor_francine_milia_sorelle_santa_gemma_formazione_hic_sum_spazio_spadoni-12-169x300.jpg\"\/><\/figure>\n\n\n<figure class=\"wp-block-image size-large formazione\"><img decoding=\"async\" alt=\"2023 Navidad hermana francine milia hermanas santa gemma formaci\u00f3n hic sum spazio spadoni 10 169x300\" src=\"https:\/\/spaziospadoni.org\/wp-content\/uploads\/2026\/05\/2023_natale_suor_francine_milia_sorelle_santa_gemma_formazione_hic_sum_spazio_spadoni-10-169x300.jpg\"\/><\/figure>\n\n\n<figure class=\"wp-block-image size-large formazione\"><img decoding=\"async\" alt=\"2023 Navidad hermana francine milia hermanas santa gemma formaci\u00f3n hic sum spazio spadoni 8 225x300\" src=\"https:\/\/spaziospadoni.org\/wp-content\/uploads\/2026\/05\/2023_natale_suor_francine_milia_sorelle_santa_gemma_formazione_hic_sum_spazio_spadoni-8-225x300.jpg\"\/><\/figure>\n\n\n<figure class=\"wp-block-image size-large repubblica-democratica-del-congo\"><img decoding=\"async\" alt=\"2023 agosto hermana francine obras misericordia spazio spadoni 4 300x135\" src=\"https:\/\/spaziospadoni.org\/wp-content\/uploads\/2026\/05\/2023_agosto_suor_francine_opere_misericordia_spazio_spadoni_-4-300x135.jpg\"\/><\/figure>\n\n\n<figure class=\"wp-block-image size-large repubblica-democratica-del-congo\"><img decoding=\"async\" alt=\"2023 agosto hermana francine obras misericordia spazio spadoni 3 300x135\" src=\"https:\/\/spaziospadoni.org\/wp-content\/uploads\/2026\/05\/2023_agosto_suor_francine_opere_misericordia_spazio_spadoni_-3-300x135.jpg\"\/><\/figure>\n\n\n<figure class=\"wp-block-image size-large repubblica-democratica-del-congo\"><img decoding=\"async\" alt=\"2023 agosto hermana francine obras misericordia spazio spadoni 2 300x135\" src=\"https:\/\/spaziospadoni.org\/wp-content\/uploads\/2026\/05\/2023_agosto_suor_francine_opere_misericordia_spazio_spadoni_-2-300x135.jpg\"\/><\/figure>\n\n\n<figure class=\"wp-block-image size-large repubblica-democratica-del-congo\"><img decoding=\"async\" alt=\"2023 agosto hermana francine obras misericordia spazio spadoni 1 135x300\" src=\"https:\/\/spaziospadoni.org\/wp-content\/uploads\/2026\/05\/2023_agosto_suor_francine_opere_misericordia_spazio_spadoni_-1-135x300.jpg\"\/><\/figure>\n\n\n<figure class=\"wp-block-image size-large formazione\"><img decoding=\"async\" alt=\"2024 febrero 15 suorfrancine Italia luigi spadoni formaci\u00f3n proyecto hic sum 2 225x300\" src=\"https:\/\/spaziospadoni.org\/wp-content\/uploads\/2026\/05\/2024_febbraio_15_suorfrancine_italia_luigi_spadoni_formazione_progetto_hic_sum-2-225x300.jpg\"\/><\/figure>\n\n\n<figure class=\"wp-block-image size-large formazione\"><img decoding=\"async\" alt=\"2024 febrero 15 suorfrancine Italia luigi spadoni formaci\u00f3n proyecto hic sum 1 225x300\" src=\"https:\/\/spaziospadoni.org\/wp-content\/uploads\/2026\/05\/2024_febbraio_15_suorfrancine_italia_luigi_spadoni_formazione_progetto_hic_sum-1-225x300.jpg\"\/><\/figure>\n\n\n<figure class=\"wp-block-image size-large formazione\"><img decoding=\"async\" alt=\"2024 marzo formaci\u00f3n obras misericordia proyecto hic sum hermana francibe spazio spadoni 1 169x300\" src=\"https:\/\/spaziospadoni.org\/wp-content\/uploads\/2026\/05\/2024_marzo_formazione_opere_misericordia_progetto_hic_sum_suor_francibe_spazio_spadoni-1-169x300.jpg\"\/><\/figure>\n\n\n<figure class=\"wp-block-image size-large formazione\"><img decoding=\"async\" alt=\"2024 marzo formaci\u00f3n obras misericordia proyecto hic sum hermana francibe spazio spadoni 5 169x300\" src=\"https:\/\/spaziospadoni.org\/wp-content\/uploads\/2026\/05\/2024_marzo_formazione_opere_misericordia_progetto_hic_sum_suor_francibe_spazio_spadoni-5-169x300.jpg\"\/><\/figure>\n\n\n<figure class=\"wp-block-image size-large formazione\"><img decoding=\"async\" alt=\"2024 marzo formaci\u00f3n obras misericordia proyecto hic sum hermana francibe spazio spadoni 13 225x300\" src=\"https:\/\/spaziospadoni.org\/wp-content\/uploads\/2026\/05\/2024_marzo_formazione_opere_misericordia_progetto_hic_sum_suor_francibe_spazio_spadoni-13-225x300.jpg\"\/><\/figure>\n\n\n<figure class=\"wp-block-image size-large formazione\"><img decoding=\"async\" alt=\"2024 marzo formaci\u00f3n obras misericordia proyecto hic sum hermana francibe spazio spadoni 15 225x300\" src=\"https:\/\/spaziospadoni.org\/wp-content\/uploads\/2026\/05\/2024_marzo_formazione_opere_misericordia_progetto_hic_sum_suor_francibe_spazio_spadoni-15-225x300.jpg\"\/><\/figure>\n\n\n<figure class=\"wp-block-image size-large formazione\"><img decoding=\"async\" alt=\"2024 marzo formaci\u00f3n obras misericordia proyecto hic sum hermana francibe spazio spadoni 17 225x300\" src=\"https:\/\/spaziospadoni.org\/wp-content\/uploads\/2026\/05\/2024_marzo_formazione_opere_misericordia_progetto_hic_sum_suor_francibe_spazio_spadoni-17-225x300.jpg\"\/><\/figure>\n\n\n<figure class=\"wp-block-image size-large formazione\"><img decoding=\"async\" alt=\"2024 marzo formaci\u00f3n obras misericordia proyecto hic sum hermana francibe spazio spadoni 29 225x300\" src=\"https:\/\/spaziospadoni.org\/wp-content\/uploads\/2026\/05\/2024_marzo_formazione_opere_misericordia_progetto_hic_sum_suor_francibe_spazio_spadoni-29-225x300.jpg\"\/><\/figure>\n\n\n<figure class=\"wp-block-image size-large formazione\"><img decoding=\"async\" alt=\"2024 marzo formaci\u00f3n obras misericordia proyecto hic sum hermana francibe spazio spadoni 31 300x225\" src=\"https:\/\/spaziospadoni.org\/wp-content\/uploads\/2026\/05\/2024_marzo_formazione_opere_misericordia_progetto_hic_sum_suor_francibe_spazio_spadoni-31-300x225.jpg\"\/><\/figure>\n\n\n<figure class=\"wp-block-image size-large formazione\"><img decoding=\"async\" alt=\"2024 marzo formaci\u00f3n obras misericordia proyecto hic sum hermana francibe spazio spadoni 35 225x300\" src=\"https:\/\/spaziospadoni.org\/wp-content\/uploads\/2026\/05\/2024_marzo_formazione_opere_misericordia_progetto_hic_sum_suor_francibe_spazio_spadoni-35-225x300.jpg\"\/><\/figure>\n\n\n<figure class=\"wp-block-image size-large formazione\"><img decoding=\"async\" alt=\"2024 marzo formaci\u00f3n obras misericordia proyecto hic sum hermana francibe spazio spadoni 37 225x300\" src=\"https:\/\/spaziospadoni.org\/wp-content\/uploads\/2026\/05\/2024_marzo_formazione_opere_misericordia_progetto_hic_sum_suor_francibe_spazio_spadoni-37-225x300.jpg\"\/><\/figure>\n\n\n<figure class=\"wp-block-image size-large formazione\"><img decoding=\"async\" alt=\"2024 marzo formaci\u00f3n obras misericordia proyecto hic sum hermana francibe spazio spadoni 41 225x300\" src=\"https:\/\/spaziospadoni.org\/wp-content\/uploads\/2026\/05\/2024_marzo_formazione_opere_misericordia_progetto_hic_sum_suor_francibe_spazio_spadoni-41-225x300.jpg\"\/><\/figure>\n\n\n<figure class=\"wp-block-image size-large formazione\"><img decoding=\"async\" alt=\"2024 marzo formaci\u00f3n obras misericordia proyecto hic sum hermana francibe spazio spadoni 42 169x300\" src=\"https:\/\/spaziospadoni.org\/wp-content\/uploads\/2026\/05\/2024_marzo_formazione_opere_misericordia_progetto_hic_sum_suor_francibe_spazio_spadoni-42-169x300.jpg\"\/><\/figure>\n\n\n<figure class=\"wp-block-image size-large formazione\"><img decoding=\"async\" alt=\"2024 marzo formaci\u00f3n obras misericordia proyecto hic sum hermana francibe spazio spadoni 44 300x169\" src=\"https:\/\/spaziospadoni.org\/wp-content\/uploads\/2026\/05\/2024_marzo_formazione_opere_misericordia_progetto_hic_sum_suor_francibe_spazio_spadoni-44-300x169.jpg\"\/><\/figure>\n\n\n<figure class=\"wp-block-image size-large formazione\"><img decoding=\"async\" alt=\"2024 marzo formaci\u00f3n obras misericordia proyecto hic sum hermana francibe spazio spadoni 45 198x300\" src=\"https:\/\/spaziospadoni.org\/wp-content\/uploads\/2026\/05\/2024_marzo_formazione_opere_misericordia_progetto_hic_sum_suor_francibe_spazio_spadoni-45-198x300.jpg\"\/><\/figure>\n\n\n<figure class=\"wp-block-image size-large formazione\"><img decoding=\"async\" alt=\"2024 febrero 5 hermana francine visita gallinero formaci\u00f3n empresa social hic sum spazio spadoni 8 169x300\" src=\"https:\/\/spaziospadoni.org\/wp-content\/uploads\/2026\/05\/2024_febbraio_5_suor_francine_visita_pollaio_formazione_impresa_sociale_hic_sum_spazio_spadoni-8-169x300.jpg\"\/><\/figure>\n\n\n<figure class=\"wp-block-image size-large formazione\"><img decoding=\"async\" alt=\"2024 febrero 5 hermana francine visita gallinero formaci\u00f3n empresa social hic sum spazio spadoni 9 169x300\" src=\"https:\/\/spaziospadoni.org\/wp-content\/uploads\/2026\/05\/2024_febbraio_5_suor_francine_visita_pollaio_formazione_impresa_sociale_hic_sum_spazio_spadoni-9-169x300.jpg\"\/><\/figure>\n\n\n<figure class=\"wp-block-image size-large formazione\"><img decoding=\"async\" alt=\"2024 febrero 5 hermana francine visita gallinero formaci\u00f3n empresa social hic sum spazio spadoni 11 169x300\" src=\"https:\/\/spaziospadoni.org\/wp-content\/uploads\/2026\/05\/2024_febbraio_5_suor_francine_visita_pollaio_formazione_impresa_sociale_hic_sum_spazio_spadoni-11-169x300.jpg\"\/><\/figure>\n\n\n<figure class=\"wp-block-image size-large formazione\"><img decoding=\"async\" alt=\"2024 febrero 5 hermana francine proyecto hic sum spazio spadoni visita pisa 1 225x300\" src=\"https:\/\/spaziospadoni.org\/wp-content\/uploads\/2026\/05\/2024_febbraio_5_suor_francine_progetto_hic_sum_spazio_spadoni_visita_pisa-1-225x300.jpg\"\/><\/figure>\n\n\n<figure class=\"wp-block-image size-large formazione\"><img decoding=\"async\" alt=\"2024 febrero 5 hermana francine proyecto hic sum spazio spadoni visita pisa 2 225x300\" src=\"https:\/\/spaziospadoni.org\/wp-content\/uploads\/2026\/05\/2024_febbraio_5_suor_francine_progetto_hic_sum_spazio_spadoni_visita_pisa-2-225x300.jpg\"\/><\/figure>\n\n\n<figure class=\"wp-block-image size-large formazione\"><img decoding=\"async\" alt=\"2024 febrero 5 hermana francine proyecto hic sum spazio spadoni visita pisa 4 300x225\" src=\"https:\/\/spaziospadoni.org\/wp-content\/uploads\/2026\/05\/2024_febbraio_5_suor_francine_progetto_hic_sum_spazio_spadoni_visita_pisa-4-300x225.jpg\"\/><\/figure>\n\n\n<figure class=\"wp-block-image size-large formazione\"><img decoding=\"async\" alt=\"francine 2 1 225x300\" src=\"https:\/\/spaziospadoni.org\/wp-content\/uploads\/2026\/05\/francine-2-1-225x300.jpg\"\/><\/figure>\n\n\n<figure class=\"wp-block-image size-large formazione\"><img decoding=\"async\" alt=\"francine 3 1 300x135\" src=\"https:\/\/spaziospadoni.org\/wp-content\/uploads\/2026\/05\/francine-3-1-300x135.jpg\"\/><\/figure>\n\n\n<figure class=\"wp-block-image size-large formazione\"><img decoding=\"async\" alt=\"francine 5 1 225x300\" src=\"https:\/\/spaziospadoni.org\/wp-content\/uploads\/2026\/05\/francine-5-1-225x300.jpg\"\/><\/figure>\n\n\n<figure class=\"wp-block-image size-large formazione\"><img decoding=\"async\" alt=\"francine 1 1 300x225\" src=\"https:\/\/spaziospadoni.org\/wp-content\/uploads\/2026\/05\/francine-1-1-300x225.jpg\"\/><\/figure>\n\n\n<figure class=\"wp-block-image size-large formazione\"><img decoding=\"async\" alt=\"1 300x273\" src=\"https:\/\/spaziospadoni.org\/wp-content\/uploads\/2026\/05\/1-1.jpg\"\/><\/figure>\n\n\n<figure class=\"wp-block-image size-large formazione\"><img decoding=\"async\" alt=\"2 300x221\" src=\"https:\/\/spaziospadoni.org\/wp-content\/uploads\/2026\/05\/2-1.jpg\"\/><\/figure>\n\n\n<figure class=\"wp-block-image size-large formazione\"><img decoding=\"async\" alt=\"4 e1708506872593 300x244\" src=\"https:\/\/spaziospadoni.org\/wp-content\/uploads\/2026\/05\/4-e1708506872593-300x244.jpg\"\/><\/figure>\n\n\n<figure class=\"wp-block-image size-large formazione\"><img decoding=\"async\" alt=\"5 135x300\" src=\"https:\/\/spaziospadoni.org\/wp-content\/uploads\/2026\/05\/5-135x300.jpg\"\/><\/figure>\n\n\n<figure class=\"wp-block-image size-large repubblica-democratica-del-congo\"><img decoding=\"async\" alt=\"2023 diciembre 6 hicsum 44 hermana francine spazio spadoni hermanas santa gemma selene pera Goma superiora provincial 225x300\" src=\"https:\/\/spaziospadoni.org\/wp-content\/uploads\/2026\/05\/2023_dicembre_6_hicsum_44_suor_francine_spazio_spadoni_sorelle_santa_gemma_selene_pera_goma_superiora_provinciale-225x300.jpg\"\/><\/figure>\n\n\n<figure class=\"wp-block-image size-large formazione\"><img decoding=\"async\" alt=\"2023 diciembre 25 hicsum 44 hermana francine spazio spadoni hermanas santa gemma misericordia celebraciones Navidad 2 300x135\" src=\"https:\/\/spaziospadoni.org\/wp-content\/uploads\/2026\/05\/2023_dicembre_25_hicsum_44_suor_francine_spazio_spadoni_sorelle_santa_gemma_misericordia_festeggiamenti_natale-2-300x135.jpg\"\/><\/figure>\n\n\n<figure class=\"wp-block-image size-large formazione\"><img decoding=\"async\" alt=\"2023 noviembre 19 hicsum 44 hermana francine spazio spadoni hermanas santa gemma presentaci\u00f3n comunidad 225x300\" src=\"https:\/\/spaziospadoni.org\/wp-content\/uploads\/2026\/05\/2023_novembre_19_hicsum_44_suor_francine_spazio_spadoni_sorelle_santa_gemma_presentazione_comunita-225x300.jpg\"\/><\/figure>\n\n\n<figure class=\"wp-block-image size-large formazione\"><img decoding=\"async\" alt=\"2023 noviembre 22 hicsum 44 hermana francine spazio spadoni hermanas santa gemma formaci\u00f3n misericordia camigliano 225x300\" src=\"https:\/\/spaziospadoni.org\/wp-content\/uploads\/2026\/05\/2023_novembre_22_hicsum_44_suor_francine_spazio_spadoni_sorelle_santa_gemma_formazione_misericordia_camigliano-225x300.jpg\"\/><\/figure>\n\n\n<figure class=\"wp-block-image size-large formazione\"><img decoding=\"async\" alt=\"2024 febrero 10 hicsum 44 hermana francine spazio spadoni hermanas santa gemma misericordia obras misericordia catequesis ni\u00f1os comedor pobres visita enfermos 6 221x300\" src=\"https:\/\/spaziospadoni.org\/wp-content\/uploads\/2026\/05\/2024_febbraio_10_hicsum_44_suor_francine_spazio_spadoni_sorelle_santa_gemma_misericordia_opere_misericordia_catechesi_bambini_mensa_poveri_visita_ammalati-6-221x300.jpg\"\/><\/figure>\n\n\n<figure class=\"wp-block-image size-large formazione\"><img decoding=\"async\" alt=\"2024 febrero 18 hicsum 44 hermana francine spazio spadoni hermanas santa gemma misericordia uncinetto 2 225x300\" src=\"https:\/\/spaziospadoni.org\/wp-content\/uploads\/2026\/05\/2024_febbraio_18_hicsum_44_suor_francine_spazio_spadoni_sorelle_santa_gemma_misericordia_uncinetto-2-225x300.jpg\"\/><\/figure>\n\n\n<figure class=\"wp-block-image size-large formazione\"><img decoding=\"async\" alt=\"2024 febrero 18 hicsum 44 hermana francine spazio spadoni hermanas santa gemma misericordia uncinetto 3 300x225\" src=\"https:\/\/spaziospadoni.org\/wp-content\/uploads\/2026\/05\/2024_febbraio_18_hicsum_44_suor_francine_spazio_spadoni_sorelle_santa_gemma_misericordia_uncinetto-3-300x225.jpg\"\/><\/figure>\n\n\n<figure class=\"wp-block-image size-large formazione\"><img decoding=\"async\" alt=\"2024 febrero 18 hicsum 44 hermana francine spazio spadoni hermanas santa gemma misericordia uncinetto 225x300\" src=\"https:\/\/spaziospadoni.org\/wp-content\/uploads\/2026\/05\/2024_febbraio_18_hicsum_44_suor_francine_spazio_spadoni_sorelle_santa_gemma_misericordia_uncinetto-225x300.jpg\"\/><\/figure>\n\n\n<figure class=\"wp-block-image size-large formazione\"><img decoding=\"async\" alt=\"2024 febrero 22 hicsum 44 hermana francine religieuses instruction chretienne spazio spadoni hermanas santa gemma misericordia comunidad pastoral entrega uniforme 2 225x300\" src=\"https:\/\/spaziospadoni.org\/wp-content\/uploads\/2026\/05\/2024_febbraio_22_hicsum_44_suor_francine_religieuses_instruction_chretienne_spazio_spadoni_sorelle_santa_gemma_misericordia_comunita_pastorale_consegna_divisa-2-225x300.jpg\"\/><\/figure>\n\n\n<figure class=\"wp-block-image size-large formazione\"><img decoding=\"async\" alt=\"2024 febrero 22 hicsum 44 hermana francine religieuses instruction chretienne spazio spadoni hermanas santa gemma misericordia comunidad pastoral entrega uniforme 225x300\" src=\"https:\/\/spaziospadoni.org\/wp-content\/uploads\/2026\/05\/2024_febbraio_22_hicsum_44_suor_francine_religieuses_instruction_chretienne_spazio_spadoni_sorelle_santa_gemma_misericordia_comunita_pastorale_consegna_divisa-225x300.jpg\"\/><\/figure>\n\n\n<figure class=\"wp-block-image size-large formazione\"><img decoding=\"async\" alt=\"2024 enero 7 hicsum 44 hermana francine spazio spadoni hermanas santa gemma misericordia comedor pobres 2 135x300\" src=\"https:\/\/spaziospadoni.org\/wp-content\/uploads\/2026\/05\/2024_gennaio_7_hicsum_44_suor_francine_spazio_spadoni_sorelle_santa_gemma_misericordia_mensa_poveri-2-135x300.jpg\"\/><\/figure>\n\n\n<figure class=\"wp-block-image size-large formazione\"><img decoding=\"async\" alt=\"2024 enero 7 hicsum 44 hermana francine spazio spadoni hermanas santa gemma misericordia comedor pobres 300x135\" src=\"https:\/\/spaziospadoni.org\/wp-content\/uploads\/2026\/05\/2024_gennaio_7_hicsum_44_suor_francine_spazio_spadoni_sorelle_santa_gemma_misericordia_mensa_poveri-300x135.jpg\"\/><\/figure>\n\n\n<figure class=\"wp-block-image size-large formazione\"><img decoding=\"async\" alt=\"2024 enero 13 hicsum 44 hermana francine spazio spadoni hermanas santa gemma misericordia encuentro vestizione messa 300x225\" src=\"https:\/\/spaziospadoni.org\/wp-content\/uploads\/2026\/05\/2024_gennaio_13_hicsum_44_suor_francine_spazio_spadoni_sorelle_santa_gemma_misericordia_incontro_vestizione_messa-300x225.jpg\"\/><\/figure>\n\n\n<figure class=\"wp-block-image size-large formazione\"><img decoding=\"async\" alt=\"2024 marzo 3 hicsum 44 hermana francine religieuses instruction chretienne spazio spadoni hermanas santa gemma misericordia comunidad pastoral formaci\u00f3n 169x300\" src=\"https:\/\/spaziospadoni.org\/wp-content\/uploads\/2026\/05\/2024_marzo_3_hicsum_44_suor_francine_religieuses_instruction_chretienne_spazio_spadoni_sorelle_santa_gemma_misericordia_comunita_pastorale_formazione-169x300.jpg\"\/><\/figure>\n\n\n<figure class=\"wp-block-image size-large formazione\"><img decoding=\"async\" alt=\"2024 marzo 15 hicsum 44 hermana francine religieuses instruction chretienne spazio spadoni hermanas santa gemma misericordia comunidad pastoral encuentro vescovo giulietti 225x300\" src=\"https:\/\/spaziospadoni.org\/wp-content\/uploads\/2026\/05\/2024_marzo_15_hicsum_44_suor_francine_religieuses_instruction_chretienne_spazio_spadoni_sorelle_santa_gemma_misericordia_comunita_pastorale_incontro_vescovo_giulietti-225x300.jpg\"\/><\/figure>\n\n\n<figure class=\"wp-block-image size-large formazione\"><img decoding=\"async\" alt=\"2024 marzo 24 hicsum 44 Italia hermana francine religieuses instruction chretienne spazio spadoni hermanas santa gemma misericordia comunidad pastoral despedida salida 4 300x225\" src=\"https:\/\/spaziospadoni.org\/wp-content\/uploads\/2026\/05\/2024_marzo_24_hicsum_44_italia_suor_francine_religieuses_instruction_chretienne_spazio_spadoni_sorelle_santa_gemma_misericordia_comunita_pastorale_saluto_partenza-4-300x225.jpg\"\/><\/figure>\n\n\n<figure class=\"wp-block-image size-large formazione\"><img decoding=\"async\" alt=\"2024 marzo 24 hicsum 44 Italia hermana francine religieuses instruction chretienne spazio spadoni hermanas santa gemma misericordia comunidad pastoral despedida salida 6 135x300\" src=\"https:\/\/spaziospadoni.org\/wp-content\/uploads\/2026\/05\/2024_marzo_24_hicsum_44_italia_suor_francine_religieuses_instruction_chretienne_spazio_spadoni_sorelle_santa_gemma_misericordia_comunita_pastorale_saluto_partenza-6-135x300.jpg\"\/><\/figure>\n\n\n<figure class=\"wp-block-image size-large formazione\"><img decoding=\"async\" alt=\"2024 marzo 24 hicsum 44 Italia hermana francine religieuses instruction chretienne spazio spadoni hermanas santa gemma misericordia comunidad pastoral despedida salida 225x300\" src=\"https:\/\/spaziospadoni.org\/wp-content\/uploads\/2026\/05\/2024_marzo_24_hicsum_44_italia_suor_francine_religieuses_instruction_chretienne_spazio_spadoni_sorelle_santa_gemma_misericordia_comunita_pastorale_saluto_partenza-225x300.jpg\"\/><\/figure>\n\n\n<figure class=\"wp-block-image size-large formazione\"><img decoding=\"async\" alt=\"2024 marzo 24 hicsum 44 hermana francine religieuses instruction chretienne spazio spadoni hermanas santa gemma misericordia comunidad pastoral salida Congo 225x300\" src=\"https:\/\/spaziospadoni.org\/wp-content\/uploads\/2026\/05\/2024_marzo_24_hicsum_44_suor_francine_religieuses_instruction_chretienne_spazio_spadoni_sorelle_santa_gemma_misericordia_comunita_pastorale_partenza_congo-225x300.jpg\"\/><\/figure>\n\n\n<figure class=\"wp-block-image size-large formazione\"><img decoding=\"async\" alt=\"2024 marzo hicsum 44 Italia hermana francine religieuses instruction chretienne spazio spadoni hermanas santa gemma misericordia comunidad pastoral san cerbone luigi 225x300\" src=\"https:\/\/spaziospadoni.org\/wp-content\/uploads\/2026\/05\/2024_marzo_hicsum_44_italia_suor_francine_religieuses_instruction_chretienne_spazio_spadoni_sorelle_santa_gemma_misericordia_comunita_pastorale_san_cerbone_luigi-225x300.jpg\"\/><\/figure>\n\n\n<figure class=\"wp-block-image size-large formazione\"><img decoding=\"async\" alt=\"2024 marzo hicsum 44 Italia hermana francine religieuses instruction chretienne spazio spadoni hermanas santa gemma misericordia comunidad pastoral visita pistoia 2 225x300\" src=\"https:\/\/spaziospadoni.org\/wp-content\/uploads\/2026\/05\/2024_marzo_hicsum_44_italia_suor_francine_religieuses_instruction_chretienne_spazio_spadoni_sorelle_santa_gemma_misericordia_comunita_pastorale_visita_pistoia-2-225x300.jpg\"\/><\/figure>\n\n\n<figure class=\"wp-block-image size-large formazione\"><img decoding=\"async\" alt=\"2024 marzo hicsum 44 Italia hermana francine religieuses instruction chretienne spazio spadoni hermanas santa gemma misericordia comunidad pastoral visita assisi 2 225x300\" src=\"https:\/\/spaziospadoni.org\/wp-content\/uploads\/2026\/05\/2024_marzo_hicsum_44_italia_suor_francine_religieuses_instruction_chretienne_spazio_spadoni_sorelle_santa_gemma_misericordia_comunita_pastorale_visita_assisi-2-225x300.jpg\"\/><\/figure>\n\n\n<figure class=\"wp-block-image size-large formazione\"><img decoding=\"async\" alt=\"2024 marzo hicsum 44 Italia hermana francine religieuses instruction chretienne spazio spadoni hermanas santa gemma misericordia comunidad pastoral visita assisi 3 225x300\" src=\"https:\/\/spaziospadoni.org\/wp-content\/uploads\/2026\/05\/2024_marzo_hicsum_44_italia_suor_francine_religieuses_instruction_chretienne_spazio_spadoni_sorelle_santa_gemma_misericordia_comunita_pastorale_visita_assisi-3-225x300.jpg\"\/><\/figure>\n\n\n<figure class=\"wp-block-image size-large formazione\"><img decoding=\"async\" alt=\"2024 marzo hicsum 44 Italia hermana francine religieuses instruction chretienne spazio spadoni hermanas santa gemma misericordia comunidad pastoral visita assisi 4 225x300\" src=\"https:\/\/spaziospadoni.org\/wp-content\/uploads\/2026\/05\/2024_marzo_hicsum_44_italia_suor_francine_religieuses_instruction_chretienne_spazio_spadoni_sorelle_santa_gemma_misericordia_comunita_pastorale_visita_assisi-4-225x300.jpg\"\/><\/figure>\n\n\n<figure class=\"wp-block-image size-large formazione\"><img decoding=\"async\" alt=\"2024 marzo hicsum 44 Italia hermana francine religieuses instruction chretienne spazio spadoni hermanas santa gemma misericordia comunidad pastoral visita assisi 5 300x225\" src=\"https:\/\/spaziospadoni.org\/wp-content\/uploads\/2026\/05\/2024_marzo_hicsum_44_italia_suor_francine_religieuses_instruction_chretienne_spazio_spadoni_sorelle_santa_gemma_misericordia_comunita_pastorale_visita_assisi-5-300x225.jpg\"\/><\/figure>\n\n\n<figure class=\"wp-block-image size-large formazione\"><img decoding=\"async\" alt=\"2024 marzo hicsum 44 Italia hermana francine religieuses instruction chretienne spazio spadoni hermanas santa gemma misericordia comunidad pastoral visita assisi 225x300\" src=\"https:\/\/spaziospadoni.org\/wp-content\/uploads\/2026\/05\/2024_marzo_hicsum_44_italia_suor_francine_religieuses_instruction_chretienne_spazio_spadoni_sorelle_santa_gemma_misericordia_comunita_pastorale_visita_assisi-225x300.jpg\"\/><\/figure>\n\n\n<figure class=\"wp-block-image size-large formazione\"><img decoding=\"async\" alt=\"2024 marzo 24 hicsum 44 hermana francine religieuses instruction chretienne spazio spadoni hermanas santa gemma misericordia comunidad pastoral salida Congo 1 225x300\" src=\"https:\/\/spaziospadoni.org\/wp-content\/uploads\/2026\/05\/2024_marzo_24_hicsum_44_suor_francine_religieuses_instruction_chretienne_spazio_spadoni_sorelle_santa_gemma_misericordia_comunita_pastorale_partenza_congo-1-225x300.jpg\"\/><\/figure>\n\n\n<figure class=\"wp-block-image size-large repubblica-democratica-del-congo\"><img decoding=\"async\" alt=\"religiosas instrucci\u00f3n cristiana Goma e1715152664668 300x192\" src=\"https:\/\/spaziospadoni.org\/wp-content\/uploads\/2026\/05\/Religiose-Istruzione-Cristiana-Goma-e1715152664668-300x192.jpg\"\/><\/figure>\n\n\n<figure class=\"wp-block-image size-large formazione\"><img decoding=\"async\" alt=\"2025 octubre 13 hermana francine anuarite roma Italia encuentro luigi spadoni obras misericordia hic sum 2\" src=\"https:\/\/spaziospadoni.org\/wp-content\/uploads\/2026\/05\/2025_ottobre_13_suor_francine_anuarite_roma_italia_incontro_luigi_spadoni_opere_misericordia_hic_sum-2.jpg\"\/><\/figure>\n\n\n<figure class=\"wp-block-image size-large formazione\"><img decoding=\"async\" alt=\"2025 octubre 12 encuentro hermana gloriose francine anuarite selene roma encuentro spazio spadoni 1\" src=\"https:\/\/spaziospadoni.org\/wp-content\/uploads\/2026\/05\/2025_ottobre_12_incontro_suor_gloriose_francine_anuarite_selene_roma_incontro_spazio_spadoni-1.jpeg\"\/><\/figure>\n\n\n<figure class=\"wp-block-image size-large formazione\"><img decoding=\"async\" alt=\"2025 octubre 12 encuentro hermana gloriose francine anuarite selene roma encuentro spazio spadoni 2\" src=\"https:\/\/spaziospadoni.org\/wp-content\/uploads\/2026\/05\/2025_ottobre_12_incontro_suor_gloriose_francine_anuarite_selene_roma_incontro_spazio_spadoni-2.jpeg\"\/><\/figure>\n\n<\/figure>\n\n\n<div class=\"gb-element-b24bbf5e ss-media-videos\">\n\n<figure class=\"wp-block-video video\"><video controls=\"\" src=\"https:\/\/spaziospadoni.org\/wp-content\/uploads\/2026\/05\/2024_febbraio_5_suor_francine_visita_pollaio_formazione_impresa_sociale_hic_sum_spazio_spadoni-3.mp4\"><\/video><figcaption class=\"wp-element-caption\">2024 febrero 5 hermana francine visita gallinero formaci\u00f3n empresa social hic sum spazio spadoni 3<\/figcaption><\/figure>\n\n\n<figure class=\"wp-block-video video\"><video controls=\"\" src=\"https:\/\/spaziospadoni.org\/wp-content\/uploads\/2026\/05\/Suor-Francine_marzo_2024.mp4\"><\/video><figcaption class=\"wp-element-caption\">Hermana Francine marzo de 2024<\/figcaption><\/figure>\n\n\n<figure class=\"wp-block-video video\"><video controls=\"\" src=\"https:\/\/spaziospadoni.org\/wp-content\/uploads\/2026\/05\/2026_gennaio_suor_francine_progetto_hic_sum_spazio-spadoni_congo_allevamento_polli.mp4\"><\/video><figcaption class=\"wp-element-caption\">2026 enero hermana francine proyecto hic sum spazio spadoni Congo cr\u00eda polli<\/figcaption><\/figure>\n\n<\/div>\n\n<\/div>\n\n<\/div>\n\n<\/div>\n\n","protected":false},"excerpt":{"rendered":"<p>Hermana Francine &#8211; Goma (Rep\u00fablica Democr\u00e1tica del Congo) PROYECTO 44 de 72 MISI\u00d3N Lugar Bunia Di\u00f3cesis Bunia Pa\u00eds Rep\u00fablica Democr\u00e1tica del Congo Continente Africa Coordenadas GPS 1.57500 30.24104 Zona horaria UTC+2 CONGREGACI\u00d3N Congregaci\u00f3n Religieuses de l\u2019Instruction Chr\u00e9tienne Casa Madre Lieja, B\u00e9lgica Di\u00f3cesis Li\u00e8ge Pa\u00eds B\u00e9lgica Continente Europa Fiesta de la Congregaci\u00f3n 25 de marzo Coordenadas &#8230; <a title=\"Rep\u00fablica Democr\u00e1tica del Congo &#8211; \u00c1frica | Proyecto #44 de 72\" class=\"read-more\" href=\"https:\/\/spaziospadoni.org\/es\/hic-sum\/republica-democratica-del-congo-africa-proyecto-44-de-72\/\" aria-label=\"Read more about Rep\u00fablica Democr\u00e1tica del Congo &#8211; \u00c1frica | Proyecto #44 de 72\">Leer m\u00e1s<\/a><\/p>\n","protected":false},"author":102,"featured_media":0,"parent":63319,"menu_order":0,"comment_status":"closed","ping_status":"closed","template":"","meta":{"_sitemap_exclude":false,"_sitemap_priority":"","_sitemap_frequency":"","footnotes":""},"class_list":["post-72005","page","type-page","status-publish","infinite-scroll-item"],"yoast_head":"<!-- This site is optimized with the Yoast SEO plugin v28.4 - https:\/\/yoast.com\/product\/yoast-seo-wordpress\/ -->\n<title>Rep\u00fablica Democr\u00e1tica del Congo - \u00c1frica | Proyecto #44 de 72 | Spazio Spadoni<\/title>\n<meta name=\"description\" content=\"Hermana Francine - Goma (Rep\u00fablica Democr\u00e1tica del Congo) PROYECTO 44 de 72 MISI\u00d3N Lugar Bunia Di\u00f3cesis Bunia Pa\u00eds Rep\u00fablica Democr\u00e1tica del Congo\" \/>\n<meta name=\"robots\" content=\"index, follow, max-snippet:-1, max-image-preview:large, max-video-preview:-1\" \/>\n<link rel=\"canonical\" href=\"https:\/\/spaziospadoni.org\/es\/hic-sum\/republica-democratica-del-congo-africa-proyecto-44-de-72\/\" \/>\n<meta property=\"og:locale\" content=\"es_ES\" \/>\n<meta property=\"og:type\" content=\"article\" \/>\n<meta property=\"og:title\" content=\"Rep\u00fablica Democr\u00e1tica del Congo - \u00c1frica | Proyecto #44 de 72 | Spazio Spadoni\" \/>\n<meta property=\"og:description\" content=\"Hermana Francine - Goma (Rep\u00fablica Democr\u00e1tica del Congo) PROYECTO 44 de 72 MISI\u00d3N Lugar Bunia Di\u00f3cesis Bunia Pa\u00eds Rep\u00fablica Democr\u00e1tica del Congo\" \/>\n<meta property=\"og:url\" content=\"https:\/\/spaziospadoni.org\/es\/hic-sum\/republica-democratica-del-congo-africa-proyecto-44-de-72\/\" \/>\n<meta property=\"og:site_name\" content=\"spazio + spadoni\" \/>\n<meta property=\"article:publisher\" content=\"https:\/\/www.facebook.com\/SpazioSpadoni\/\" \/>\n<meta property=\"article:modified_time\" content=\"2026-07-22T09:20:51+00:00\" \/>\n<meta property=\"og:image\" content=\"https:\/\/spaziospadoni.org\/wp-content\/uploads\/2026\/05\/hicsum_17_congo-spaziospadoni-scaled.png\" \/>\n<meta name=\"twitter:card\" content=\"summary_large_image\" \/>\n<meta name=\"twitter:label1\" content=\"Est. reading time\" \/>\n\t<meta name=\"twitter:data1\" content=\"24 minutes\" \/>\n<script type=\"application\/ld+json\" class=\"yoast-schema-graph\">{\"@context\":\"https:\\\/\\\/schema.org\",\"@graph\":[{\"@type\":\"WebPage\",\"@id\":\"https:\\\/\\\/spaziospadoni.org\\\/es\\\/hic-sum\\\/republica-democratica-del-congo-africa-proyecto-44-de-72\\\/\",\"url\":\"https:\\\/\\\/spaziospadoni.org\\\/es\\\/hic-sum\\\/republica-democratica-del-congo-africa-proyecto-44-de-72\\\/\",\"name\":\"Rep\u00fablica Democr\u00e1tica del Congo - \u00c1frica | Proyecto #44 de 72 | Spazio Spadoni\",\"isPartOf\":{\"@id\":\"https:\\\/\\\/spaziospadoni.org\\\/es\\\/#website\"},\"primaryImageOfPage\":{\"@id\":\"https:\\\/\\\/spaziospadoni.org\\\/es\\\/hic-sum\\\/republica-democratica-del-congo-africa-proyecto-44-de-72\\\/#primaryimage\"},\"image\":{\"@id\":\"https:\\\/\\\/spaziospadoni.org\\\/es\\\/hic-sum\\\/republica-democratica-del-congo-africa-proyecto-44-de-72\\\/#primaryimage\"},\"thumbnailUrl\":\"https:\\\/\\\/spaziospadoni.org\\\/wp-content\\\/uploads\\\/2026\\\/05\\\/hicsum_17_congo-spaziospadoni-scaled.png\",\"datePublished\":\"2026-05-15T15:10:21+00:00\",\"dateModified\":\"2026-07-22T09:20:51+00:00\",\"description\":\"Hermana Francine - Goma (Rep\u00fablica Democr\u00e1tica del Congo) PROYECTO 44 de 72 MISI\u00d3N Lugar Bunia Di\u00f3cesis Bunia Pa\u00eds Rep\u00fablica Democr\u00e1tica del Congo\",\"breadcrumb\":{\"@id\":\"https:\\\/\\\/spaziospadoni.org\\\/es\\\/hic-sum\\\/republica-democratica-del-congo-africa-proyecto-44-de-72\\\/#breadcrumb\"},\"inLanguage\":\"es-ES\",\"potentialAction\":[{\"@type\":\"ReadAction\",\"target\":[\"https:\\\/\\\/spaziospadoni.org\\\/es\\\/hic-sum\\\/republica-democratica-del-congo-africa-proyecto-44-de-72\\\/\"]}]},{\"@type\":\"ImageObject\",\"inLanguage\":\"es-ES\",\"@id\":\"https:\\\/\\\/spaziospadoni.org\\\/es\\\/hic-sum\\\/republica-democratica-del-congo-africa-proyecto-44-de-72\\\/#primaryimage\",\"url\":\"https:\\\/\\\/spaziospadoni.org\\\/wp-content\\\/uploads\\\/2026\\\/05\\\/hicsum_17_congo-spaziospadoni-scaled.png\",\"contentUrl\":\"https:\\\/\\\/spaziospadoni.org\\\/wp-content\\\/uploads\\\/2026\\\/05\\\/hicsum_17_congo-spaziospadoni-scaled.png\"},{\"@type\":\"BreadcrumbList\",\"@id\":\"https:\\\/\\\/spaziospadoni.org\\\/es\\\/hic-sum\\\/republica-democratica-del-congo-africa-proyecto-44-de-72\\\/#breadcrumb\",\"itemListElement\":[{\"@type\":\"ListItem\",\"position\":1,\"name\":\"Home\",\"item\":\"https:\\\/\\\/spaziospadoni.org\\\/es\\\/\"},{\"@type\":\"ListItem\",\"position\":2,\"name\":\"Proyectos misioneros &#8211; Hic Sum\",\"item\":\"https:\\\/\\\/spaziospadoni.org\\\/es\\\/hic-sum\\\/\"},{\"@type\":\"ListItem\",\"position\":3,\"name\":\"Rep\u00fablica Democr\u00e1tica del Congo &#8211; \u00c1frica | Proyecto #44 de 72\"}]},{\"@type\":\"WebSite\",\"@id\":\"https:\\\/\\\/spaziospadoni.org\\\/es\\\/#website\",\"url\":\"https:\\\/\\\/spaziospadoni.org\\\/es\\\/\",\"name\":\"spazio + spadoni\",\"description\":\"Generazione di misericordia e missione nel mondo\",\"publisher\":{\"@id\":\"https:\\\/\\\/spaziospadoni.org\\\/es\\\/#organization\"},\"alternateName\":\"spaziospadoni.org\",\"potentialAction\":[{\"@type\":\"SearchAction\",\"target\":{\"@type\":\"EntryPoint\",\"urlTemplate\":\"https:\\\/\\\/spaziospadoni.org\\\/es\\\/?s={search_term_string}\"},\"query-input\":{\"@type\":\"PropertyValueSpecification\",\"valueRequired\":true,\"valueName\":\"search_term_string\"}}],\"inLanguage\":\"es-ES\"},{\"@type\":\"Organization\",\"@id\":\"https:\\\/\\\/spaziospadoni.org\\\/es\\\/#organization\",\"name\":\"spazio + spadoni\",\"alternateName\":\"spaziospadoni.org\",\"url\":\"https:\\\/\\\/spaziospadoni.org\\\/es\\\/\",\"logo\":{\"@type\":\"ImageObject\",\"inLanguage\":\"es-ES\",\"@id\":\"https:\\\/\\\/spaziospadoni.org\\\/es\\\/#\\\/schema\\\/logo\\\/image\\\/\",\"url\":\"https:\\\/\\\/spaziospadoni.org\\\/wp-content\\\/uploads\\\/2026\\\/05\\\/spazio-spadoni-logo-100x100-1.webp\",\"contentUrl\":\"https:\\\/\\\/spaziospadoni.org\\\/wp-content\\\/uploads\\\/2026\\\/05\\\/spazio-spadoni-logo-100x100-1.webp\",\"width\":100,\"height\":100,\"caption\":\"spazio + spadoni\"},\"image\":{\"@id\":\"https:\\\/\\\/spaziospadoni.org\\\/es\\\/#\\\/schema\\\/logo\\\/image\\\/\"},\"sameAs\":[\"https:\\\/\\\/www.facebook.com\\\/SpazioSpadoni\\\/\",\"https:\\\/\\\/www.instagram.com\\\/spaziospadoni\\\/\",\"https:\\\/\\\/www.youtube.com\\\/@spaziospadoni\\\/playlists\"]}]}<\/script>\n<!-- \/ Yoast SEO plugin. -->","yoast_head_json":{"title":"Rep\u00fablica Democr\u00e1tica del Congo - \u00c1frica | Proyecto #44 de 72 | Spazio Spadoni","description":"Hermana Francine - Goma (Rep\u00fablica Democr\u00e1tica del Congo) PROYECTO 44 de 72 MISI\u00d3N Lugar Bunia Di\u00f3cesis Bunia Pa\u00eds Rep\u00fablica Democr\u00e1tica del Congo","robots":{"index":"index","follow":"follow","max-snippet":"max-snippet:-1","max-image-preview":"max-image-preview:large","max-video-preview":"max-video-preview:-1"},"canonical":"https:\/\/spaziospadoni.org\/es\/hic-sum\/republica-democratica-del-congo-africa-proyecto-44-de-72\/","og_locale":"es_ES","og_type":"article","og_title":"Rep\u00fablica Democr\u00e1tica del Congo - \u00c1frica | Proyecto #44 de 72 | Spazio Spadoni","og_description":"Hermana Francine - Goma (Rep\u00fablica Democr\u00e1tica del Congo) PROYECTO 44 de 72 MISI\u00d3N Lugar Bunia Di\u00f3cesis Bunia Pa\u00eds Rep\u00fablica Democr\u00e1tica del Congo","og_url":"https:\/\/spaziospadoni.org\/es\/hic-sum\/republica-democratica-del-congo-africa-proyecto-44-de-72\/","og_site_name":"spazio + spadoni","article_publisher":"https:\/\/www.facebook.com\/SpazioSpadoni\/","article_modified_time":"2026-07-22T09:20:51+00:00","og_image":[{"url":"https:\/\/spaziospadoni.org\/wp-content\/uploads\/2026\/05\/hicsum_17_congo-spaziospadoni-scaled.png","type":"","width":"","height":""}],"twitter_card":"summary_large_image","twitter_misc":{"Est. reading time":"24 minutes"},"schema":{"@context":"https:\/\/schema.org","@graph":[{"@type":"WebPage","@id":"https:\/\/spaziospadoni.org\/es\/hic-sum\/republica-democratica-del-congo-africa-proyecto-44-de-72\/","url":"https:\/\/spaziospadoni.org\/es\/hic-sum\/republica-democratica-del-congo-africa-proyecto-44-de-72\/","name":"Rep\u00fablica Democr\u00e1tica del Congo - \u00c1frica | Proyecto #44 de 72 | Spazio Spadoni","isPartOf":{"@id":"https:\/\/spaziospadoni.org\/es\/#website"},"primaryImageOfPage":{"@id":"https:\/\/spaziospadoni.org\/es\/hic-sum\/republica-democratica-del-congo-africa-proyecto-44-de-72\/#primaryimage"},"image":{"@id":"https:\/\/spaziospadoni.org\/es\/hic-sum\/republica-democratica-del-congo-africa-proyecto-44-de-72\/#primaryimage"},"thumbnailUrl":"https:\/\/spaziospadoni.org\/wp-content\/uploads\/2026\/05\/hicsum_17_congo-spaziospadoni-scaled.png","datePublished":"2026-05-15T15:10:21+00:00","dateModified":"2026-07-22T09:20:51+00:00","description":"Hermana Francine - Goma (Rep\u00fablica Democr\u00e1tica del Congo) PROYECTO 44 de 72 MISI\u00d3N Lugar Bunia Di\u00f3cesis Bunia Pa\u00eds Rep\u00fablica Democr\u00e1tica del Congo","breadcrumb":{"@id":"https:\/\/spaziospadoni.org\/es\/hic-sum\/republica-democratica-del-congo-africa-proyecto-44-de-72\/#breadcrumb"},"inLanguage":"es-ES","potentialAction":[{"@type":"ReadAction","target":["https:\/\/spaziospadoni.org\/es\/hic-sum\/republica-democratica-del-congo-africa-proyecto-44-de-72\/"]}]},{"@type":"ImageObject","inLanguage":"es-ES","@id":"https:\/\/spaziospadoni.org\/es\/hic-sum\/republica-democratica-del-congo-africa-proyecto-44-de-72\/#primaryimage","url":"https:\/\/spaziospadoni.org\/wp-content\/uploads\/2026\/05\/hicsum_17_congo-spaziospadoni-scaled.png","contentUrl":"https:\/\/spaziospadoni.org\/wp-content\/uploads\/2026\/05\/hicsum_17_congo-spaziospadoni-scaled.png"},{"@type":"BreadcrumbList","@id":"https:\/\/spaziospadoni.org\/es\/hic-sum\/republica-democratica-del-congo-africa-proyecto-44-de-72\/#breadcrumb","itemListElement":[{"@type":"ListItem","position":1,"name":"Home","item":"https:\/\/spaziospadoni.org\/es\/"},{"@type":"ListItem","position":2,"name":"Proyectos misioneros &#8211; Hic Sum","item":"https:\/\/spaziospadoni.org\/es\/hic-sum\/"},{"@type":"ListItem","position":3,"name":"Rep\u00fablica Democr\u00e1tica del Congo &#8211; \u00c1frica | Proyecto #44 de 72"}]},{"@type":"WebSite","@id":"https:\/\/spaziospadoni.org\/es\/#website","url":"https:\/\/spaziospadoni.org\/es\/","name":"spazio + spadoni","description":"Generazione di misericordia e missione nel mondo","publisher":{"@id":"https:\/\/spaziospadoni.org\/es\/#organization"},"alternateName":"spaziospadoni.org","potentialAction":[{"@type":"SearchAction","target":{"@type":"EntryPoint","urlTemplate":"https:\/\/spaziospadoni.org\/es\/?s={search_term_string}"},"query-input":{"@type":"PropertyValueSpecification","valueRequired":true,"valueName":"search_term_string"}}],"inLanguage":"es-ES"},{"@type":"Organization","@id":"https:\/\/spaziospadoni.org\/es\/#organization","name":"spazio + spadoni","alternateName":"spaziospadoni.org","url":"https:\/\/spaziospadoni.org\/es\/","logo":{"@type":"ImageObject","inLanguage":"es-ES","@id":"https:\/\/spaziospadoni.org\/es\/#\/schema\/logo\/image\/","url":"https:\/\/spaziospadoni.org\/wp-content\/uploads\/2026\/05\/spazio-spadoni-logo-100x100-1.webp","contentUrl":"https:\/\/spaziospadoni.org\/wp-content\/uploads\/2026\/05\/spazio-spadoni-logo-100x100-1.webp","width":100,"height":100,"caption":"spazio + spadoni"},"image":{"@id":"https:\/\/spaziospadoni.org\/es\/#\/schema\/logo\/image\/"},"sameAs":["https:\/\/www.facebook.com\/SpazioSpadoni\/","https:\/\/www.instagram.com\/spaziospadoni\/","https:\/\/www.youtube.com\/@spaziospadoni\/playlists"]}]}},"_links":{"self":[{"href":"https:\/\/spaziospadoni.org\/es\/wp-json\/wp\/v2\/pages\/72005","targetHints":{"allow":["GET"]}}],"collection":[{"href":"https:\/\/spaziospadoni.org\/es\/wp-json\/wp\/v2\/pages"}],"about":[{"href":"https:\/\/spaziospadoni.org\/es\/wp-json\/wp\/v2\/types\/page"}],"author":[{"embeddable":true,"href":"https:\/\/spaziospadoni.org\/es\/wp-json\/wp\/v2\/users\/102"}],"replies":[{"embeddable":true,"href":"https:\/\/spaziospadoni.org\/es\/wp-json\/wp\/v2\/comments?post=72005"}],"version-history":[{"count":0,"href":"https:\/\/spaziospadoni.org\/es\/wp-json\/wp\/v2\/pages\/72005\/revisions"}],"up":[{"embeddable":true,"href":"https:\/\/spaziospadoni.org\/es\/wp-json\/wp\/v2\/pages\/63319"}],"wp:attachment":[{"href":"https:\/\/spaziospadoni.org\/es\/wp-json\/wp\/v2\/media?parent=72005"}],"curies":[{"name":"wp","href":"https:\/\/api.w.org\/{rel}","templated":true}]}}