{"id":72726,"date":"2026-05-15T16:06:05","date_gmt":"2026-05-15T15:06:05","guid":{"rendered":"https:\/\/spaziospadoni.org\/hic-sum\/repubblica-democratica-del-congo-africa-progetto-40-41-di-72\/"},"modified":"2026-07-22T10:58:12","modified_gmt":"2026-07-22T09:58:12","slug":"republica-democratica-del-congo-africa-proyecto-40-41-de-72","status":"publish","type":"page","link":"https:\/\/spaziospadoni.org\/es\/hic-sum\/republica-democratica-del-congo-africa-proyecto-40-41-de-72\/","title":{"rendered":"Rep\u00fablica Democr\u00e1tica del Congo &#8211; \u00c1frica | Proyecto #40-41 de 72"},"content":{"rendered":"\n<div class=\"ss-project-hero-card\">\n<h2 id=\"hermana-yvette-y-hermana-caroline-buta-republica-democratica-del-congo\" class=\"gb-text gb-text-62a95885\">Hermana Yvette y Hermana Caroline &#8211; Buta (Rep\u00fablica Democr\u00e1tica del Congo)<\/h2>\n\n\n\n<div class=\"gb-element-f60f2409\">\n<div class=\"gb-element-90a85740 ss-project-sidebar\">\n<h2 id=\"proyecto-4041-de-72\" class=\"gb-text ss-project-title\">PROYECTO 40-41 de 72<\/h2>\n\n\n\n<figure class=\"wp-block-image size-large\"><img decoding=\"async\" src=\"https:\/\/spaziospadoni.org\/wp-content\/uploads\/2026\/05\/hicsum_40_congo-spaziospadoni-scaled.png\" alt=\"hicsum 40 congo spaziospadoni 400x277\"\/><\/figure>\n\n\n\n<div class=\"ss-project-table\">\n<div class=\"ss-table-section-title\">\n<h3 id=\"mision\" class=\"gb-text\">MISI\u00d3N<\/h3>\n<\/div>\n\n\n\n<div class=\"ss-table-row\">\n<p class=\"gb-text\">Lugar<\/p>\n\n\n\n<p class=\"gb-text\"><a href=\"https:\/\/www.google.it\/maps\/place\/Bondo,+Repubblica+Democratica+del+Congo\/@3.8153765,23.6822748,15z\/data=!3m1!4b1!4m6!3m5!1s0x174bb938983b3435:0xf6d76cca3250844!8m2!3d3.8164718!4d23.697829!16s%2Fm%2F02vyf_p?entry=ttu&#038;g_ep=EgoyMDI1MDMyNS4xIKXMDSoJLDEwMjExNjM5SAFQAw%3D%3D\" rel=\"noreferrer noopener\" target=\"_blank\" title=\"Bondo\">Bondo<\/a><\/p>\n<\/div>\n\n\n\n<div class=\"ss-table-row\">\n<p class=\"gb-text\">Di\u00f3cesis<\/p>\n\n\n\n<p class=\"gb-text\">Bondo<\/p>\n<\/div>\n\n\n\n<div class=\"ss-table-row\">\n<p class=\"gb-text\">Pa\u00eds<\/p>\n\n\n\n<p class=\"gb-text\"><strong>Rep\u00fablica Democr\u00e1tica del Congo<\/strong><\/p>\n<\/div>\n\n\n\n<div class=\"ss-table-row\">\n<p class=\"gb-text\">Continente<\/p>\n\n\n\n<p class=\"gb-text\">Africa<\/p>\n<\/div>\n\n\n\n<div class=\"ss-table-row\">\n<p class=\"gb-text\">Coordenadas GPS<\/p>\n\n\n\n<p class=\"gb-text\">3.81673 23.69695<\/p>\n<\/div>\n\n\n\n<div class=\"ss-table-row\">\n<p class=\"gb-text\">Zona horaria<\/p>\n\n\n\n<p class=\"gb-text\">UTC+1<\/p>\n<\/div>\n<\/div>\n\n\n\n<div class=\"ss-project-table\">\n<div class=\"ss-table-section-title\">\n<h3 id=\"congregacion\" class=\"gb-text\">CONGREGACI\u00d3N<\/h3>\n<\/div>\n\n\n\n<div class=\"ss-table-row\">\n<p class=\"gb-text\">Congregaci\u00f3n<\/p>\n\n\n\n<p class=\"gb-text\">S\u0153urs de J\u00e9sus Educateur<\/p>\n<\/div>\n\n\n\n<div class=\"ss-table-row\">\n<p class=\"gb-text\">Casa Madre<\/p>\n\n\n\n<p class=\"gb-text\">Bondo<\/p>\n<\/div>\n\n\n\n<div class=\"ss-table-row\">\n<p class=\"gb-text\">Di\u00f3cesis<\/p>\n\n\n\n<p class=\"gb-text\">Bondo<\/p>\n<\/div>\n\n\n\n<div class=\"ss-table-row\">\n<p class=\"gb-text\">Pa\u00eds<\/p>\n\n\n\n<p class=\"gb-text\">Rep\u00fablica Democr\u00e1tica del Congo<\/p>\n<\/div>\n\n\n\n<div class=\"ss-table-row\">\n<p class=\"gb-text\">Continente<\/p>\n\n\n\n<p class=\"gb-text\">Africa<\/p>\n<\/div>\n\n\n\n<div class=\"ss-table-row\">\n<p class=\"gb-text\">Fiesta de la Congregaci\u00f3n<\/p>\n\n\n\n<p class=\"gb-text\">Fiesta de Cristo Rey<\/p>\n<\/div>\n\n\n\n<div class=\"ss-table-row\">\n<p class=\"gb-text\">Coordenadas GPS<\/p>\n\n\n\n<p class=\"gb-text\">3.81673 23.69695<\/p>\n<\/div>\n\n\n\n<div class=\"ss-table-row\">\n<p class=\"gb-text\">Zona horaria<\/p>\n\n\n\n<p class=\"gb-text\">UTC+1<\/p>\n<\/div>\n\n\n\n<div class=\"ss-table-row\">\n<p class=\"gb-text\">Persona de contacto<\/p>\n\n\n\n<p class=\"gb-text\">Hermana Yvette y Hermana Caroline<\/p>\n<\/div>\n\n\n\n<div class=\"ss-table-row\">\n<p class=\"gb-text\">Madre General<\/p>\n\n\n\n<p class=\"gb-text\">Hermana Caroline Wongba Yabusa<\/p>\n<\/div>\n\n\n\n<div class=\"ss-table-row\">\n<p class=\"gb-text\">Sitio web<\/p>\n\n\n\n<p class=\"gb-text\"><a href=\"https:\/\/www.hhcj.it\/\" target=\"_blank\" rel=\"noreferrer noopener\" title=\"hhcj.it\">hhcj.it<\/a><\/p>\n<\/div>\n<\/div>\n\n\n\n<div class=\"ss-project-table\">\n<div class=\"ss-table-section-title\">\n<h3 id=\"entidad-de-formacion\" class=\"gb-text\">ENTIDAD DE FORMACI\u00d3N<\/h3>\n<\/div>\n\n\n\n<div class=\"ss-table-row\">\n<p class=\"gb-text\">Nombre<\/p>\n\n\n\n<p class=\"gb-text\">Misericordia Ponente Soccorso<\/p>\n<\/div>\n\n\n\n<div class=\"ss-table-row\">\n<p class=\"gb-text\">Lugar<\/p>\n\n\n\n<p class=\"gb-text\">G\u00e9nova (GE)<\/p>\n<\/div>\n\n\n\n<div class=\"ss-table-row\">\n<p class=\"gb-text\">Pa\u00eds<\/p>\n\n\n\n<p class=\"gb-text\">Italia<\/p>\n<\/div>\n\n\n\n<div class=\"ss-table-row\">\n<p class=\"gb-text\">Continente<\/p>\n\n\n\n<p class=\"gb-text\">Europa<\/p>\n<\/div>\n\n\n\n<div class=\"ss-table-row\">\n<p class=\"gb-text\">Coordenadas GPS<\/p>\n\n\n\n<p class=\"gb-text\">44.43144 8.76452<\/p>\n<\/div>\n\n\n\n<div class=\"ss-table-row\">\n<p class=\"gb-text\">Zona horaria<\/p>\n\n\n\n<p class=\"gb-text\">UTC+1<\/p>\n<\/div>\n\n\n\n<div class=\"ss-table-row\">\n<p class=\"gb-text\">Fecha de inicio<\/p>\n\n\n\n<p class=\"gb-text\">08\/10\/2022<\/p>\n<\/div>\n\n\n\n<div class=\"ss-table-row\">\n<p class=\"gb-text\">Fecha de finalizaci\u00f3n<\/p>\n\n\n\n<p class=\"gb-text\">Mayo de 2023<\/p>\n<\/div>\n\n\n\n<div class=\"ss-table-row\">\n<p class=\"gb-text\">Tutor<\/p>\n\n\n\n<p class=\"gb-text\">Mirko<\/p>\n<\/div>\n<\/div>\n\n\n\n<div class=\"ss-project-table\">\n<div class=\"ss-table-section-title\">\n<h3 id=\"espacio-real\" class=\"gb-text\">ESPACIO REAL<\/h3>\n<\/div>\n\n\n\n<div class=\"ss-table-row\">\n<p class=\"gb-text\">Responsable del proyecto<\/p>\n\n\n\n<p class=\"gb-text\">Hermana Yvette y Hermana Caroline<\/p>\n<\/div>\n\n\n\n<div class=\"ss-table-row\">\n<p class=\"gb-text\">Fecha de inicio<\/p>\n\n\n\n<p class=\"gb-text\">Enero de 2023<\/p>\n<\/div>\n\n\n\n<div class=\"ss-table-row\">\n<p class=\"gb-text\">Tipo<\/p>\n\n\n\n<p class=\"gb-text\"><strong>Pan de Misericordia<\/strong><\/p>\n<\/div>\n<\/div>\n\n\n<\/div>\n<\/div>\n\n\n\n<div class=\"gb-element-6ad95ea8\">\n<div class=\"gb-element-e34063a6 ss-project-intro\"><div class=\"wp-block-image imgText\">\n<figure class=\"alignright size-full is-resized\"><img decoding=\"async\" alt=\"24 04 2024 actividad agricultura hermana yvette plant\u00f3 3 tipos (8)\" src=\"https:\/\/spaziospadoni.org\/wp-content\/uploads\/2026\/05\/24-04-2024-attivita-agricoltura-sr-yvette-piantato-3-tipi-8-225x300.jpg\" style=\"width:149px;height:auto\"\/><figcaption class=\"wp-element-caption\">Pan de Misericordia<\/figcaption><\/figure>\n<\/div>\n\n<div class=\"wp-block-image imgText\">\n<figure class=\"alignleft size-full is-resized\"><img decoding=\"async\" alt=\"Hermana Yvette\" src=\"https:\/\/spaziospadoni.org\/wp-content\/uploads\/2026\/05\/Suor-Yvette-300x300.png\" style=\"width:143px;height:auto\"\/><figcaption class=\"wp-element-caption\">Hermana Yvette<\/figcaption><\/figure>\n<\/div>\n\n<div class=\"wp-block-image imgText\">\n<figure class=\"alignright size-full is-resized\"><img decoding=\"async\" alt=\"suor_caroline_mite-spaziospadoni\" src=\"https:\/\/spaziospadoni.org\/wp-content\/uploads\/2026\/05\/suor_caroline_mite-spaziospadoni-300x300.jpg\" style=\"width:161px;height:auto\"\/><figcaption class=\"wp-element-caption\">suor_caroline_mite-spaziospadoni<\/figcaption><\/figure>\n<\/div>\n\n\n<p class=\"wp-block-paragraph\">No fue f\u00e1cil determinar qu\u00e9 proyecto pod\u00eda ser adecuado para el territorio donde viven la hermana Yvette y la hermana Caroline. Tras varias conversaciones con la Madre General y un t\u00e9cnico local, la Congregaci\u00f3n decidi\u00f3 llevar adelante un proyecto agr\u00edcola para mejorar la alimentaci\u00f3n apoyando a la poblaci\u00f3n local. De acuerdo con el Instituto, se decidi\u00f3 que, una vez comprobado el buen rendimiento del primer proyecto, se pondr\u00eda en marcha un segundo.<\/p>\n\n\n\n<p class=\"wp-block-paragraph\">La hermana Yvette y la hermana Caroline llegan a Italia en octubre de 2022. Las hermanas, de la Congregaci\u00f3n congole\u00f1a de Jes\u00fas Educador, tambi\u00e9n tienen una comunidad en Italia, en la provincia de G\u00e9nova, lo que facilit\u00f3 su integraci\u00f3n en la Misericordia y redujo la barrera ling\u00fc\u00edstica.<\/p>\n\n\n\n<p class=\"wp-block-paragraph\">Los j\u00f3venes voluntarios de la Misericordia di Ponente Soccorso acogieron a las hermanas con gran entusiasmo. Les mostraron cuidado y atenci\u00f3n, fruto de una preparaci\u00f3n atenta y minuciosa para el proyecto HIC SUM. La hermana Yvette y la hermana Caroline participaron en la vida de la asociaci\u00f3n, enriqueci\u00e9ndola con su testimonio de vida y fe. Realizaron varios cursos, como corte y confecci\u00f3n, clases de cocina, primeros auxilios y bricolaje. En noviembre del mismo a\u00f1o participaron en un curso de formaci\u00f3n de un mes sobre las Obras de Misericordia, organizado y promovido por spazio + spadoni en Loppiano.<\/p>\n\n\n\n<p class=\"wp-block-paragraph\">Las hermanas regresan a Buta, en la di\u00f3cesis de Bondo, en la Rep\u00fablica Democr\u00e1tica del Congo, el 2 de mayo de 2023<\/p>\n\n<\/div>\n<\/div>\n\n\n\n\n<div>\n\n<h2 id=\"cronologia\" class=\"gb-text gb-text-8179e40a\">Cronolog\u00eda<\/h2>\n\n\n\n\n\n<div class=\"ss-timeline\">\n\n<h3 id=\"2021\" class=\"gb-text\">2021<\/h3>\n\n\n\n\n\n<div class=\"ss-timeline-item\">\n\n<h4 id=\"febrero-inicio-de-la-relacion-con-la-misericordia\" class=\"gb-text\">Febrero | Inicio de la relaci\u00f3n con la Misericordia<\/h4>\n\n\n\n\n<p class=\"wp-block-paragraph\">spazio + spadoni establece los primeros contactos con la Misericordia di Ponente Soccorso<\/p>\n\n\n<\/div>\n\n\n\n\n<div class=\"ss-timeline-item\">\n\n<h4 id=\"marzo-inicio-de-la-relacion-con-la-congregacion\" class=\"gb-text\">Marzo | Inicio de la relaci\u00f3n con la Congregaci\u00f3n<\/h4>\n\n\n\n\n<p class=\"wp-block-paragraph\">spazio + spadoni inicia la colaboraci\u00f3n con las Hermanas de Jes\u00fas Educador<\/p>\n\n\n<\/div>\n\n\n<\/div>\n\n\n\n\n<div class=\"ss-timeline\">\n\n<h3 id=\"2022\" class=\"gb-text\">2022<\/h3>\n\n\n\n\n\n<div class=\"ss-timeline-item\">\n\n<h4 id=\"15161705-encuentro-con-la-madre-general\" class=\"gb-text\">15-16-17.05 | Encuentro con la Madre General<\/h4>\n\n\n\n\n<p class=\"wp-block-paragraph\">La Madre Julienne visita spazio + spadoni en su sede de San Cerbone, en Lucca<\/p>\n\n\n\n<figure class=\"wp-block-gallery has-nested-images columns-1 is-cropped ss-lightbox wp-block-gallery-1 is-layout-flex wp-block-gallery-is-layout-flex\">\n\n<figure class=\"wp-block-image size-large\"><img decoding=\"async\" src=\"https:\/\/spaziospadoni.org\/wp-content\/uploads\/2026\/05\/2022_maggio_suor_yvette_caroline_madre_julienne_san_cerbone_spazio_spadoni-1-225x300.jpg\" alt=\"2022 mayo hermana yvette caroline madre julienne san cerbone spazio spadoni 1 225x300\"\/><figcaption class=\"wp-element-caption\">15-16-17.05 | Encuentro con la Madre General<\/figcaption><\/figure>\n\n\n<figure class=\"wp-block-image size-large\"><img decoding=\"async\" src=\"https:\/\/spaziospadoni.org\/wp-content\/uploads\/2026\/05\/2022_maggio_suor_yvette_caroline_madre_julienne_san_cerbone_spazio_spadoni-2-225x300.jpg\" alt=\"2022 mayo hermana yvette caroline madre julienne san cerbone spazio spadoni 2 225x300\"\/><figcaption class=\"wp-element-caption\">15-16-17.05 | Encuentro con la Madre General<\/figcaption><\/figure>\n\n<\/figure>\n\n\n<\/div>\n\n\n\n\n<div class=\"ss-timeline-item\">\n\n<h4 id=\"071109-convention-fare-spazio-al-coraggio\" class=\"gb-text\">07-11.09 | Convention Fare Spazio al Coraggio<\/h4>\n\n\n\n\n<p class=\"wp-block-paragraph\">La hermana Baldovina y la Misericordia di Ponente Soccorso participan en la Convention ideada y promovida por spazio + spadoni en el Convento di San Cerbone (LU)<\/p>\n\n\n\n<figure class=\"wp-block-gallery has-nested-images columns-1 is-cropped ss-lightbox wp-block-gallery-2 is-layout-flex wp-block-gallery-is-layout-flex\">\n\n<figure class=\"wp-block-image size-large\"><img decoding=\"async\" src=\"https:\/\/spaziospadoni.org\/wp-content\/uploads\/2026\/05\/IMG_5384-300x169.jpg\" alt=\"IMG 5384 300x169\"\/><figcaption class=\"wp-element-caption\">07-11.09 | Convention Fare Spazio al Coraggio<\/figcaption><\/figure>\n\n<\/figure>\n\n\n<\/div>\n\n\n\n\n<div class=\"ss-timeline-item\">\n\n<h4 id=\"0810-llegada-de-las-hermanas\" class=\"gb-text\">08.10 | Llegada de las hermanas<\/h4>\n\n\n\n\n<p class=\"wp-block-paragraph\">La hermana Yvette y la hermana Caroline llegan a Italia y comienzan su formaci\u00f3n en la Misericordia di Ponente Soccorso<\/p>\n\n\n<\/div>\n\n\n\n\n<div class=\"ss-timeline-item\">\n\n<h4 id=\"0211-formacion\" class=\"gb-text\">02.11 | Formaci\u00f3n<\/h4>\n\n\n\n\n<p class=\"wp-block-paragraph\">Comienzan el curso &#x27;de italiano&#8217; organizado por la Comunidad de Sant&#x27;Egidio<\/p>\n\n\n<\/div>\n\n\n\n\n<div class=\"ss-timeline-item\">\n\n<h4 id=\"21111612-formacion\" class=\"gb-text\">21.11-16.12 | Formaci\u00f3n<\/h4>\n\n\n\n\n<p class=\"wp-block-paragraph\">La hermana Yvette y la hermana Caroline participan en el curso de formaci\u00f3n sobre las Obras de Misericordia y la Econom\u00eda de Comuni\u00f3n en Loppiano (FI)<\/p>\n\n\n\n<figure class=\"wp-block-gallery has-nested-images columns-1 is-cropped ss-lightbox wp-block-gallery-3 is-layout-flex wp-block-gallery-is-layout-flex\">\n\n<figure class=\"wp-block-image size-large\"><img decoding=\"async\" src=\"https:\/\/spaziospadoni.org\/wp-content\/uploads\/2026\/05\/WhatsApp-Image-2022-12-17-at-06.31.04-4-300x225.jpeg\" alt=\"WhatsApp Image 2022 12 17 at 06.31.04 4 300x225\"\/><figcaption class=\"wp-element-caption\">21.11-16.12 | Formaci\u00f3n<\/figcaption><\/figure>\n\n<\/figure>\n\n\n<\/div>\n\n\n<\/div>\n\n\n\n\n<div class=\"ss-timeline\">\n\n<h3 id=\"2023\" class=\"gb-text\">2023<\/h3>\n\n\n\n\n\n<div class=\"ss-timeline-item\">\n\n<h4 id=\"0105-primera-financiacion-desembolsada\" class=\"gb-text\">01.05 | Primera financiaci\u00f3n desembolsada<\/h4>\n\n\n\n\n<p class=\"wp-block-paragraph\">La Misericordia di Ponente Soccorso se hizo cargo de la financiaci\u00f3n del primer a\u00f1o previsto para la realizaci\u00f3n de la &#x27;Empresa Social<\/p>\n\n\n<\/div>\n\n\n\n\n<div class=\"ss-timeline-item\">\n\n<h4 id=\"0205-salida-de-las-hermanas\" class=\"gb-text\">02.05 | Salida de las hermanas<\/h4>\n\n\n\n\n<p class=\"wp-block-paragraph\">La hermana Yvette y la hermana Caroline regresan a la Rep\u00fablica Democr\u00e1tica del Congo<\/p>\n\n\n<\/div>\n\n\n<\/div>\n\n\n\n\n<div class=\"ss-timeline\">\n\n<h3 id=\"2025\" class=\"gb-text\">2025<\/h3>\n\n\n\n\n\n<div class=\"ss-timeline-item\">\n\n<h4 id=\"0805-encuentro-con-la-madre-general\" class=\"gb-text\">08.05 | Encuentro con la Madre General<\/h4>\n\n\n\n\n<p class=\"wp-block-paragraph\">Con motivo de la &#x27;Asamblea de la UISG en Roma, spazio + spadoni se re\u00fane con la nueva Madre General, la hermana Caroline<\/p>\n\n\n\n<figure class=\"wp-block-gallery has-nested-images columns-1 is-cropped ss-lightbox wp-block-gallery-4 is-layout-flex wp-block-gallery-is-layout-flex\">\n\n<figure class=\"wp-block-image size-large\"><img decoding=\"async\" src=\"https:\/\/spaziospadoni.org\/wp-content\/uploads\/2026\/05\/2025_maggio_assemblea_uisg_roma_spazio_spadoni_opere_misericordia_superiore_generali_suore-13-1-225x300.jpg\" alt=\"2025 mayo assemblea uisg roma spazio spadoni obras misericordia superioras generales hermanas 13 1 225x300\"\/><figcaption class=\"wp-element-caption\">08.05 | Encuentro con la Madre General<\/figcaption><\/figure>\n\n<\/figure>\n\n\n<\/div>\n\n\n<\/div>\n\n\n\n\n<div class=\"ss-timeline\">\n\n<h3 id=\"evaluaciones-del-proyecto\" class=\"gb-text\">Evaluaciones del proyecto<\/h3>\n\n\n\n\n\n<div class=\"ss-timeline-item\">\n\n<h4 id=\"octubre-de-2021-la-congregacion-y-spazio\" class=\"gb-text\">Octubre de 2021 La Congregaci\u00f3n y spazio +<\/h4>\n\n\n\n\n<p class=\"wp-block-paragraph\">spadoni estudian c\u00f3mo estructurar un proyecto HIC SUM<\/p>\n\n\n<\/div>\n\n\n\n\n<div class=\"ss-timeline-item\">\n\n<h4 id=\"mayo-de-2022-con-la-misericordia-di-ponente\" class=\"gb-text\">Mayo de 2022 Con la Misericordia di Ponente<\/h4>\n\n\n\n\n<p class=\"wp-block-paragraph\">Soccorso, se organiza la acogida de las hermanas<\/p>\n\n\n<\/div>\n\n\n\n\n<div class=\"ss-timeline-item\">\n\n<h4 id=\"junio-de-2022-el-proyecto-se-evalua-en\" class=\"gb-text\">Junio de 2022 El proyecto se eval\u00faa en<\/h4>\n\n\n\n\n<p class=\"wp-block-paragraph\">presencia de las hermanas y de la Misericordia<\/p>\n\n\n<\/div>\n\n\n\n\n<div class=\"ss-timeline-item\">\n\n<h4 id=\"febrero-de-2023-envio-del-borrador-del-proyecto\" class=\"gb-text\">Febrero de 2023 Env\u00edo del borrador del proyecto<\/h4>\n\n\n\n\n<p class=\"wp-block-paragraph\">agr\u00edcola<\/p>\n\n\n<\/div>\n\n\n\n\n<div class=\"ss-timeline-item\">\n\n<h4 id=\"abril-de-2023-se-debate-el-proyecto-agricola\" class=\"gb-text\">Abril de 2023 Se debate el proyecto agr\u00edcola.<\/h4>\n\n\n\n\n<p class=\"wp-block-paragraph\">Participan spazio + spadoni, la Misericordia, la Congregaci\u00f3n y Boris, experto en planificaci\u00f3n de proyectos<\/p>\n\n\n<\/div>\n\n\n\n\n<div class=\"ss-timeline-item\">\n\n<h4 id=\"abril-de-2023-se-debate-el-proyecto-agricola\" class=\"gb-text\">Abril de 2023 Se debate el proyecto agr\u00edcola.<\/h4>\n\n\n\n\n<p class=\"wp-block-paragraph\">Participan spazio + spadoni, la Misericordia, la Congregaci\u00f3n y Boris, experto en planificaci\u00f3n de proyectos<\/p>\n\n\n<\/div>\n\n\n\n\n<div class=\"ss-timeline-item\">\n\n<h4 id=\"mayo-de-2023\" class=\"gb-text\">Mayo de 2023<\/h4>\n\n\n\n\n<p class=\"wp-block-paragraph\">Seguimiento<\/p>\n\n\n<\/div>\n\n\n<\/div>\n\n\n<\/div>\n\n\n\n<div class=\"ss-project-media\">\n<h2 id=\"fotos-y-videos\" class=\"gb-text gb-text-d7bd8be8\">Fotos y v\u00eddeos<\/h2>\n\n\n<div class=\"ss-media-filters\">\n\n<a class=\"gb-text ss-media-filter active\" data-filter=\"*\" title=\"Todo\">Todo<\/a>\n\n\n<a class=\"gb-text ss-media-filter\" data-filter=\".formazione\" title=\"Formaci\u00f3n\">Formaci\u00f3n<\/a>\n\n\n<a class=\"gb-text ss-media-filter\" data-filter=\".repubblica-democratica-del-congo\" title=\"Rep\u00fablica Democr\u00e1tica del Congo\">Rep\u00fablica Democr\u00e1tica del Congo<\/a>\n\n\n<a class=\"gb-text ss-media-filter\" data-filter=\".video\" title=\"V\u00eddeo\">V\u00eddeo<\/a>\n\n<\/div>\n\n\n<div class=\"ss-media-grid\">\n<div>\n<figure class=\"wp-block-gallery has-nested-images columns-1 is-cropped ss-lightbox wp-block-gallery-5 is-layout-flex wp-block-gallery-is-layout-flex\">\n\n<figure class=\"wp-block-image size-large formazione\"><img decoding=\"async\" alt=\"HIC SUM 40 e 41 Ponente Soccorso17 diciembre 2022 Rendez vous Loppiano 3 225x300\" src=\"https:\/\/spaziospadoni.org\/wp-content\/uploads\/2026\/05\/HIC-SUM-40-e-41-Ponente-Soccorso17-dicembre-2022-Rendez-vous-Loppiano-3-225x300.jpeg\"\/><\/figure>\n\n\n<figure class=\"wp-block-image size-large formazione\"><img decoding=\"async\" alt=\"HIC SUM 40 e 41 Ponente Soccorso17 diciembre 2022 Rendez vous Loppiano 2 300x225\" src=\"https:\/\/spaziospadoni.org\/wp-content\/uploads\/2026\/05\/HIC-SUM-40-e-41-Ponente-Soccorso17-dicembre-2022-Rendez-vous-Loppiano-2-300x225.jpeg\"\/><\/figure>\n\n\n<figure class=\"wp-block-image size-large formazione\"><img decoding=\"async\" alt=\"2022 mayo hermana yvette caroline madre julienne san cerbone spazio spadoni 3 225x300\" src=\"https:\/\/spaziospadoni.org\/wp-content\/uploads\/2026\/05\/2022_maggio_suor_yvette_caroline_madre_julienne_san_cerbone_spazio_spadoni-3-225x300.jpg\"\/><\/figure>\n\n\n<figure class=\"wp-block-image size-large formazione\"><img decoding=\"async\" alt=\"HIC SUM 40 e 41 Ponente Soccorso15 noviembre 2022 cumplea\u00f1os Caroline 2 225x300\" src=\"https:\/\/spaziospadoni.org\/wp-content\/uploads\/2026\/05\/HIC-SUM-40-e-41-Ponente-Soccorso15-novembre-2022-compleanno-Caroline-2-225x300.jpeg\"\/><\/figure>\n\n\n<figure class=\"wp-block-image size-large formazione\"><img decoding=\"async\" alt=\"HIC SUM 40 e 41 Ponente Soccorso12 marzo 2023 cumplea\u00f1os hermana Yvette 7 225x300\" src=\"https:\/\/spaziospadoni.org\/wp-content\/uploads\/2026\/05\/HIC-SUM-40-e-41-Ponente-Soccorso12-marzo-2023-compleanno-sr-Yvette-7-225x300.jpeg\"\/><\/figure>\n\n\n<figure class=\"wp-block-image size-large formazione\"><img decoding=\"async\" alt=\"HIC SUM 40 e 41 Ponente Soccorso12 marzo 2023 cumplea\u00f1os hermana Yvette 5 169x300\" src=\"https:\/\/spaziospadoni.org\/wp-content\/uploads\/2026\/05\/HIC-SUM-40-e-41-Ponente-Soccorso12-marzo-2023-compleanno-sr-Yvette-5-169x300.jpeg\"\/><\/figure>\n\n\n<figure class=\"wp-block-image size-large formazione\"><img decoding=\"async\" alt=\"HIC SUM 40 e 41 Ponente Soccorso12 marzo 2023 cumplea\u00f1os hermana Yvette 2 300x169\" src=\"https:\/\/spaziospadoni.org\/wp-content\/uploads\/2026\/05\/HIC-SUM-40-e-41-Ponente-Soccorso12-marzo-2023-compleanno-sr-Yvette-2-300x169.jpeg\"\/><\/figure>\n\n\n<figure class=\"wp-block-image size-large formazione\"><img decoding=\"async\" alt=\"2022 mayo hermana yvette caroline madre julienne san cerbone spazio spadoni 1 225x300\" src=\"https:\/\/spaziospadoni.org\/wp-content\/uploads\/2026\/05\/2022_maggio_suor_yvette_caroline_madre_julienne_san_cerbone_spazio_spadoni-1-225x300.jpg\"\/><\/figure>\n\n\n<figure class=\"wp-block-image size-large formazione\"><img decoding=\"async\" alt=\"2022 mayo hermana yvette caroline madre julienne san cerbone spazio spadoni 2 225x300\" src=\"https:\/\/spaziospadoni.org\/wp-content\/uploads\/2026\/05\/2022_maggio_suor_yvette_caroline_madre_julienne_san_cerbone_spazio_spadoni-2-225x300.jpg\"\/><\/figure>\n\n\n<figure class=\"wp-block-image size-large formazione\"><img decoding=\"async\" alt=\"HIC SUM 40 e 41 Ponente auxilios 12 noviembre 2022 da Baldovina 21 300x169\" src=\"https:\/\/spaziospadoni.org\/wp-content\/uploads\/2026\/05\/HIC-SUM-40-e-41-Ponente-Soccorso-12-novembre-2022-da-Baldovina-21-300x169.jpeg\"\/><\/figure>\n\n\n<figure class=\"wp-block-image size-large formazione\"><img decoding=\"async\" alt=\"HIC SUM 40 e 41 Ponente auxilios 12 noviembre 2022 da Baldovina 18 300x169\" src=\"https:\/\/spaziospadoni.org\/wp-content\/uploads\/2026\/05\/HIC-SUM-40-e-41-Ponente-Soccorso-12-novembre-2022-da-Baldovina-18-300x169.jpeg\"\/><\/figure>\n\n\n<figure class=\"wp-block-image size-large formazione\"><img decoding=\"async\" alt=\"HIC SUM 40 e 41 Ponente auxilios 12 noviembre 2022 da Baldovina 15 225x300\" src=\"https:\/\/spaziospadoni.org\/wp-content\/uploads\/2026\/05\/HIC-SUM-40-e-41-Ponente-Soccorso-12-novembre-2022-da-Baldovina-15-225x300.jpeg\"\/><\/figure>\n\n\n<figure class=\"wp-block-image size-large formazione\"><img decoding=\"async\" alt=\"HIC SUM 40 e 41 Ponente auxilios 12 noviembre 2022 da Baldovina 10 300x225\" src=\"https:\/\/spaziospadoni.org\/wp-content\/uploads\/2026\/05\/HIC-SUM-40-e-41-Ponente-Soccorso-12-novembre-2022-da-Baldovina-10-300x225.jpeg\"\/><\/figure>\n\n\n<figure class=\"wp-block-image size-large formazione\"><img decoding=\"async\" alt=\"IMG 5384 300x169\" src=\"https:\/\/spaziospadoni.org\/wp-content\/uploads\/2026\/05\/IMG_5384-300x169.jpg\"\/><\/figure>\n\n\n<figure class=\"wp-block-image size-large formazione\"><img decoding=\"async\" alt=\"HIC SUM 40 e 41 Ponente auxilios 12 noviembre 2022 da Baldovina 4 300x225\" src=\"https:\/\/spaziospadoni.org\/wp-content\/uploads\/2026\/05\/HIC-SUM-40-e-41-Ponente-Soccorso-12-novembre-2022-da-Baldovina-4-300x225.jpeg\"\/><\/figure>\n\n\n<figure class=\"wp-block-image size-large formazione\"><img decoding=\"async\" alt=\"HIC SUM 40 e 41 Ponente auxilios 10 octubre 2022 llegada hermanas 6 300x225\" src=\"https:\/\/spaziospadoni.org\/wp-content\/uploads\/2026\/05\/HIC-SUM-40-e-41-Ponente-Soccorso-10-ottobre-2022-arrivo-sorelle-6-300x225.jpeg\"\/><\/figure>\n\n\n<figure class=\"wp-block-image size-large formazione\"><img decoding=\"async\" alt=\"HIC SUM 40 e 41 Ponente auxilios 10 octubre 2022 llegada hermanas 5 300x225\" src=\"https:\/\/spaziospadoni.org\/wp-content\/uploads\/2026\/05\/HIC-SUM-40-e-41-Ponente-Soccorso-10-ottobre-2022-arrivo-sorelle-5-300x225.jpeg\"\/><\/figure>\n\n\n<figure class=\"wp-block-image size-large formazione\"><img decoding=\"async\" alt=\"HIC SUM 40 e 41 Ponente auxilios 10 octubre 2022 llegada hermanas 4 300x225\" src=\"https:\/\/spaziospadoni.org\/wp-content\/uploads\/2026\/05\/HIC-SUM-40-e-41-Ponente-Soccorso-10-ottobre-2022-arrivo-sorelle-4-300x225.jpeg\"\/><\/figure>\n\n\n<figure class=\"wp-block-image size-large formazione\"><img decoding=\"async\" alt=\"HIC SUM 40 e 41 Ponente auxilios 10 octubre 2022 llegada hermanas 3 300x225\" src=\"https:\/\/spaziospadoni.org\/wp-content\/uploads\/2026\/05\/HIC-SUM-40-e-41-Ponente-Soccorso-10-ottobre-2022-arrivo-sorelle-3-300x225.jpeg\"\/><\/figure>\n\n\n<figure class=\"wp-block-image size-large formazione\"><img decoding=\"async\" alt=\"HIC SUM 40 e 41 Ponente auxilios 10 octubre 2022 llegada hermanas 2 300x225\" src=\"https:\/\/spaziospadoni.org\/wp-content\/uploads\/2026\/05\/HIC-SUM-40-e-41-Ponente-Soccorso-10-ottobre-2022-arrivo-sorelle-2-300x225.jpeg\"\/><\/figure>\n\n\n<figure class=\"wp-block-image size-large formazione\"><img decoding=\"async\" alt=\"HIC SUM 40 e 41 Ponente auxilios 10 octubre 2022 llegada hermanas 1 169x300\" src=\"https:\/\/spaziospadoni.org\/wp-content\/uploads\/2026\/05\/HIC-SUM-40-e-41-Ponente-Soccorso-10-ottobre-2022-arrivo-sorelle-1-169x300.jpeg\"\/><\/figure>\n\n\n<figure class=\"wp-block-image size-large formazione\"><img decoding=\"async\" alt=\"formaci\u00f3n primeros auxilios marzo 2023 169x300\" src=\"https:\/\/spaziospadoni.org\/wp-content\/uploads\/2026\/05\/Formazione-primo-soccorso-marzo-2023-169x300.jpeg\"\/><\/figure>\n\n\n<figure class=\"wp-block-image size-large formazione\"><img decoding=\"async\" alt=\"FFotoHIC SUM 40 e 41 Ponente Soccorso19 noviembre 2022 hermanas entran a Stradella 8 300x225\" src=\"https:\/\/spaziospadoni.org\/wp-content\/uploads\/2026\/05\/FFotoHIC-SUM-40-e-41-Ponente-Soccorso19-novembre-2022-suore-entrano-a-Stradella-8-300x225.jpeg\"\/><\/figure>\n\n\n<figure class=\"wp-block-image size-large formazione\"><img decoding=\"async\" alt=\"FFotoHIC SUM 40 e 41 Ponente Soccorso19 noviembre 2022 hermanas entran a Stradella 5 135x300\" src=\"https:\/\/spaziospadoni.org\/wp-content\/uploads\/2026\/05\/FFotoHIC-SUM-40-e-41-Ponente-Soccorso19-novembre-2022-suore-entrano-a-Stradella-5-135x300.jpeg\"\/><\/figure>\n\n\n<figure class=\"wp-block-image size-large formazione\"><img decoding=\"async\" alt=\"diciembre 2022 300x225\" src=\"https:\/\/spaziospadoni.org\/wp-content\/uploads\/2026\/05\/Dicembre-2022-300x225.jpeg\"\/><\/figure>\n\n\n<figure class=\"wp-block-image size-large formazione\"><img decoding=\"async\" alt=\"abril 2023 misi\u00f3n salud 3 300x225\" src=\"https:\/\/spaziospadoni.org\/wp-content\/uploads\/2026\/05\/Aprile-2023-Missione-salute-3-300x225.jpeg\"\/><\/figure>\n\n\n<figure class=\"wp-block-image size-large formazione\"><img decoding=\"async\" alt=\"abril 2023 misi\u00f3n salud 2 300x225\" src=\"https:\/\/spaziospadoni.org\/wp-content\/uploads\/2026\/05\/Aprile-2023-Missione-salute-2-300x225.jpeg\"\/><\/figure>\n\n\n<figure class=\"wp-block-image size-large formazione\"><img decoding=\"async\" alt=\"abril 2023 misi\u00f3n salud 2 300x225\" src=\"https:\/\/spaziospadoni.org\/wp-content\/uploads\/2026\/05\/Aprile-2023-Missione-salute-2-300x225.jpeg\"\/><\/figure>\n\n\n<figure class=\"wp-block-image size-large formazione\"><img decoding=\"async\" alt=\"abril 2023 misi\u00f3n salud 1 300x135\" src=\"https:\/\/spaziospadoni.org\/wp-content\/uploads\/2026\/05\/Aprile-2023-Missione-salute-1-300x135.jpeg\"\/><\/figure>\n\n\n<figure class=\"wp-block-image size-large formazione\"><img decoding=\"async\" alt=\"28 abril 2023 despedida alle hermanas 2 300x225\" src=\"https:\/\/spaziospadoni.org\/wp-content\/uploads\/2026\/05\/28-aprile-2023-saluto-alle-suore-2-300x225.jpeg\"\/><\/figure>\n\n\n<figure class=\"wp-block-image size-large formazione\"><img decoding=\"async\" alt=\"20 octubre 7 300x225\" src=\"https:\/\/spaziospadoni.org\/wp-content\/uploads\/2026\/05\/20-ottobre-7-300x225.jpeg\"\/><\/figure>\n\n\n<figure class=\"wp-block-image size-large formazione\"><img decoding=\"async\" alt=\"20 octubre 6 225x300\" src=\"https:\/\/spaziospadoni.org\/wp-content\/uploads\/2026\/05\/20-ottobre-6-225x300.jpeg\"\/><\/figure>\n\n\n<figure class=\"wp-block-image size-large formazione\"><img decoding=\"async\" alt=\"20 octubre 5 300x225\" src=\"https:\/\/spaziospadoni.org\/wp-content\/uploads\/2026\/05\/20-ottobre-5-300x225.jpeg\"\/><\/figure>\n\n\n<figure class=\"wp-block-image size-large formazione\"><img decoding=\"async\" alt=\"20 octubre 2 300x225\" src=\"https:\/\/spaziospadoni.org\/wp-content\/uploads\/2026\/05\/20-ottobre-2-300x225.jpeg\"\/><\/figure>\n\n\n<figure class=\"wp-block-image size-large formazione\"><img decoding=\"async\" alt=\"15 octubre 2022 5 300x135\" src=\"https:\/\/spaziospadoni.org\/wp-content\/uploads\/2026\/05\/15-ottobre-2022-5-300x135.jpeg\"\/><\/figure>\n\n\n<figure class=\"wp-block-image size-large formazione\"><img decoding=\"async\" alt=\"15 octubre 2022 3 300x225\" src=\"https:\/\/spaziospadoni.org\/wp-content\/uploads\/2026\/05\/15-ottobre-2022-3-300x225.jpeg\"\/><\/figure>\n\n\n<figure class=\"wp-block-image size-large formazione\"><img decoding=\"async\" alt=\"2 mayo 2023 salida hermanas 300x225\" src=\"https:\/\/spaziospadoni.org\/wp-content\/uploads\/2026\/05\/2-maggio-2023-partenza-suore-300x225.jpeg\"\/><\/figure>\n\n\n<figure class=\"wp-block-image size-large formazione\"><img decoding=\"async\" alt=\"15 octubre 2022 2 300x225\" src=\"https:\/\/spaziospadoni.org\/wp-content\/uploads\/2026\/05\/15-ottobre-2022-2-300x225.jpeg\"\/><\/figure>\n\n\n<figure class=\"wp-block-image size-large repubblica-democratica-del-congo\"><img decoding=\"async\" alt=\"Fango viaje madre mayo 2023 135x300\" src=\"https:\/\/spaziospadoni.org\/wp-content\/uploads\/2026\/05\/Fango-viaggio-madre-maggio-2023-135x300.jpg\"\/><\/figure>\n\n\n<figure class=\"wp-block-image size-large repubblica-democratica-del-congo\"><img decoding=\"async\" alt=\"Fango viaje madre mayo 2023 2 135x300\" src=\"https:\/\/spaziospadoni.org\/wp-content\/uploads\/2026\/05\/Fango-viaggio-madre-maggio-2023-2-135x300.jpg\"\/><\/figure>\n\n\n<figure class=\"wp-block-image size-large repubblica-democratica-del-congo\"><img decoding=\"async\" alt=\"28 mayo 2023 hermana Yvette e Caroline llegan a Bondo 11 300x135\" src=\"https:\/\/spaziospadoni.org\/wp-content\/uploads\/2026\/05\/28-maggio-2023-sr-Yvette-e-Caroline-arrivano-a-Bondo-11-300x135.jpeg\"\/><\/figure>\n\n\n<figure class=\"wp-block-image size-large repubblica-democratica-del-congo\"><img decoding=\"async\" alt=\"28 mayo 2023 hermana Yvette e Caroline llegan a Bondo 9 300x135\" src=\"https:\/\/spaziospadoni.org\/wp-content\/uploads\/2026\/05\/28-maggio-2023-sr-Yvette-e-Caroline-arrivano-a-Bondo-9-300x135.jpeg\"\/><\/figure>\n\n\n<figure class=\"wp-block-image size-large repubblica-democratica-del-congo\"><img decoding=\"async\" alt=\"28 mayo 2023 hermana Yvette e Caroline llegan a Bondo 6 300x135\" src=\"https:\/\/spaziospadoni.org\/wp-content\/uploads\/2026\/05\/28-maggio-2023-sr-Yvette-e-Caroline-arrivano-a-Bondo-6-300x135.jpeg\"\/><\/figure>\n\n\n<figure class=\"wp-block-image size-large repubblica-democratica-del-congo\"><img decoding=\"async\" alt=\"28 mayo 2023 hermana Yvette e Caroline llegan a Bondo 3 135x300\" src=\"https:\/\/spaziospadoni.org\/wp-content\/uploads\/2026\/05\/28-maggio-2023-sr-Yvette-e-Caroline-arrivano-a-Bondo-3-135x300.jpeg\"\/><\/figure>\n\n\n<figure class=\"wp-block-image size-large repubblica-democratica-del-congo\"><img decoding=\"async\" alt=\"28 mayo 2023 hermana Yvette e Caroline llegan a Bondo 2 300x135\" src=\"https:\/\/spaziospadoni.org\/wp-content\/uploads\/2026\/05\/28-maggio-2023-sr-Yvette-e-Caroline-arrivano-a-Bondo-2-300x135.jpeg\"\/><\/figure>\n\n\n<figure class=\"wp-block-image size-large repubblica-democratica-del-congo\"><img decoding=\"async\" alt=\"28 mayo 2023 hermana Yvette e Caroline llegan a Bondo 1 135x300\" src=\"https:\/\/spaziospadoni.org\/wp-content\/uploads\/2026\/05\/28-maggio-2023-sr-Yvette-e-Caroline-arrivano-a-Bondo-1-135x300.jpeg\"\/><\/figure>\n\n\n<figure class=\"wp-block-image size-large repubblica-democratica-del-congo\"><img decoding=\"async\" alt=\"28 mayo 2023 hermanas llegadas a casa 2 300x132\" src=\"https:\/\/spaziospadoni.org\/wp-content\/uploads\/2026\/05\/28-maggio-2023-sorelle-arrivate-a-casa-2-300x132.jpg\"\/><\/figure>\n\n\n<figure class=\"wp-block-image size-large repubblica-democratica-del-congo\"><img decoding=\"async\" alt=\"28 mayo 2023 hermanas llegadas a casa 1 135x300\" src=\"https:\/\/spaziospadoni.org\/wp-content\/uploads\/2026\/05\/28-maggio-2023-sorelle-arrivate-a-casa-1-135x300.jpg\"\/><\/figure>\n\n\n<figure class=\"wp-block-image size-large repubblica-democratica-del-congo\"><img decoding=\"async\" alt=\"24 04 2024 actividad agricultura hermana yvette plant\u00f3 3 tipos berenjenas 2 di amaranto apio col pimientos zanahorias ci sn 5 trabaja 1 300x225\" src=\"https:\/\/spaziospadoni.org\/wp-content\/uploads\/2026\/05\/24-04-2024-attivita-agricoltura-sr-yvette-piantato-3-tipi-melanzane-2-di-amaranto-sedano-cavolo-peperoni-carote-ci-sn-5-lavora-1-300x225.jpg\"\/><\/figure>\n\n\n<figure class=\"wp-block-image size-large repubblica-democratica-del-congo\"><img decoding=\"async\" alt=\"24 04 2024 actividad agricultura hermana yvette plant\u00f3 3 tipos 9 300x225\" src=\"https:\/\/spaziospadoni.org\/wp-content\/uploads\/2026\/05\/24-04-2024-attivita-agricoltura-sr-yvette-piantato-3-tipi-9-300x225.jpg\"\/><\/figure>\n\n\n<figure class=\"wp-block-image size-large repubblica-democratica-del-congo\"><img decoding=\"async\" alt=\"24 04 2024 actividad agricultura hermana yvette plant\u00f3 3 tipos 8 225x300\" src=\"https:\/\/spaziospadoni.org\/wp-content\/uploads\/2026\/05\/24-04-2024-attivita-agricoltura-sr-yvette-piantato-3-tipi-8-225x300.jpg\"\/><\/figure>\n\n\n<figure class=\"wp-block-image size-large repubblica-democratica-del-congo\"><img decoding=\"async\" alt=\"24 04 2024 actividad agricultura hermana yvette plant\u00f3 3 tipos 7 300x225\" src=\"https:\/\/spaziospadoni.org\/wp-content\/uploads\/2026\/05\/24-04-2024-attivita-agricoltura-sr-yvette-piantato-3-tipi-7-300x225.jpg\"\/><\/figure>\n\n\n<figure class=\"wp-block-image size-large repubblica-democratica-del-congo\"><img decoding=\"async\" alt=\"24 04 2024 actividad agricultura hermana yvette plant\u00f3 3 tipos 6 135x300\" src=\"https:\/\/spaziospadoni.org\/wp-content\/uploads\/2026\/05\/24-04-2024-attivita-agricoltura-sr-yvette-piantato-3-tipi-6-135x300.jpg\"\/><\/figure>\n\n\n<figure class=\"wp-block-image size-large repubblica-democratica-del-congo\"><img decoding=\"async\" alt=\"24 04 2024 actividad agricultura hermana yvette plant\u00f3 3 tipos 5 225x300\" src=\"https:\/\/spaziospadoni.org\/wp-content\/uploads\/2026\/05\/24-04-2024-attivita-agricoltura-sr-yvette-piantato-3-tipi-5-225x300.jpg\"\/><\/figure>\n\n\n<figure class=\"wp-block-image size-large repubblica-democratica-del-congo\"><img decoding=\"async\" alt=\"24 04 2024 actividad agricultura hermana yvette plant\u00f3 3 tipos 4 300x225\" src=\"https:\/\/spaziospadoni.org\/wp-content\/uploads\/2026\/05\/24-04-2024-attivita-agricoltura-sr-yvette-piantato-3-tipi-4-300x225.jpg\"\/><\/figure>\n\n\n<figure class=\"wp-block-image size-large formazione\"><img decoding=\"async\" alt=\"13 300x146\" src=\"https:\/\/spaziospadoni.org\/wp-content\/uploads\/2026\/05\/13-300x146.jpeg\"\/><\/figure>\n\n\n<figure class=\"wp-block-image size-large formazione\"><img decoding=\"async\" alt=\"Loppiano 2022 300x300\" src=\"https:\/\/spaziospadoni.org\/wp-content\/uploads\/2026\/05\/Loppiano-2022-300x300.jpeg\"\/><\/figure>\n\n\n<figure class=\"wp-block-image size-large formazione\"><img decoding=\"async\" alt=\"yvette 300x161\" src=\"https:\/\/spaziospadoni.org\/wp-content\/uploads\/2026\/05\/yvette-300x161.jpeg\"\/><\/figure>\n\n\n<figure class=\"wp-block-image size-large formazione\"><img decoding=\"async\" alt=\"WhatsApp Image 2022 12 17 at 06.31.04 4 300x225\" src=\"https:\/\/spaziospadoni.org\/wp-content\/uploads\/2026\/05\/WhatsApp-Image-2022-12-17-at-06.31.04-4-300x225.jpeg\"\/><\/figure>\n\n\n<figure class=\"wp-block-image size-large formazione\"><img decoding=\"async\" alt=\"WhatsApp Image 2022 11 24 at 12.38.04 1 300x225\" src=\"https:\/\/spaziospadoni.org\/wp-content\/uploads\/2026\/05\/WhatsApp-Image-2022-11-24-at-12.38.04-1-300x225.jpeg\"\/><\/figure>\n\n\n<figure class=\"wp-block-image size-large formazione\"><img decoding=\"async\" alt=\"WhatsApp Image 2022 11 23 at 21.56.03 300x225\" src=\"https:\/\/spaziospadoni.org\/wp-content\/uploads\/2026\/05\/WhatsApp-Image-2022-11-23-at-21.56.03-300x225.jpeg\"\/><\/figure>\n\n\n<figure class=\"wp-block-image size-large formazione\"><img decoding=\"async\" alt=\"WhatsApp Image 2022 11 21 at 09.14.35 300x225\" src=\"https:\/\/spaziospadoni.org\/wp-content\/uploads\/2026\/05\/WhatsApp-Image-2022-11-21-at-09.14.35-300x225.jpeg\"\/><\/figure>\n\n\n<figure class=\"wp-block-image size-large formazione\"><img decoding=\"async\" alt=\"2025 mayo assemblea uisg roma spazio spadoni obras misericordia superioras generales hermanas 13 1 225x300\" src=\"https:\/\/spaziospadoni.org\/wp-content\/uploads\/2026\/05\/2025_maggio_assemblea_uisg_roma_spazio_spadoni_opere_misericordia_superiore_generali_suore-13-1-225x300.jpg\"\/><\/figure>\n\n<\/figure>\n\n\n<div class=\"gb-element-b24bbf5e ss-media-videos\">\n\n<figure class=\"wp-block-video video\"><video controls=\"\" src=\"https:\/\/spaziospadoni.org\/wp-content\/uploads\/2026\/05\/2023_maggio_strada_bondo_repubblica_democratica_congo_spazio_spadoni_progetto_hic_sum.mp4\"><\/video><figcaption class=\"wp-element-caption\">mayo de 2023 carretera a Bondo Rep\u00fablica Democr\u00e1tica del Congo spazio spadoni proyecto HIC SUM<\/figcaption><\/figure>\n\n<\/div>\n\n<\/div>\n\n<\/div>\n\n<\/div>\n\n ","protected":false},"excerpt":{"rendered":"<p>Hermana Yvette y Hermana Caroline &#8211; Buta (Rep\u00fablica Democr\u00e1tica del Congo) PROYECTO 40-41 de 72 MISI\u00d3N Lugar Bondo Di\u00f3cesis Bondo Pa\u00eds Rep\u00fablica Democr\u00e1tica del Congo Continente Africa Coordenadas GPS 3.81673 23.69695 Zona horaria UTC+1 CONGREGACI\u00d3N Congregaci\u00f3n S\u0153urs de J\u00e9sus Educateur Casa Madre Bondo Di\u00f3cesis Bondo Pa\u00eds Rep\u00fablica Democr\u00e1tica del Congo Continente Africa Fiesta de la &#8230; <a title=\"Rep\u00fablica Democr\u00e1tica del Congo &#8211; \u00c1frica | Proyecto #40-41 de 72\" class=\"read-more\" href=\"https:\/\/spaziospadoni.org\/es\/hic-sum\/republica-democratica-del-congo-africa-proyecto-40-41-de-72\/\" aria-label=\"Read more about Rep\u00fablica Democr\u00e1tica del Congo &#8211; \u00c1frica | Proyecto #40-41 de 72\">Leer m\u00e1s<\/a><\/p>\n","protected":false},"author":102,"featured_media":0,"parent":63319,"menu_order":0,"comment_status":"closed","ping_status":"closed","template":"","meta":{"_sitemap_exclude":false,"_sitemap_priority":"","_sitemap_frequency":"","footnotes":""},"class_list":["post-72726","page","type-page","status-publish","infinite-scroll-item"],"yoast_head":"<!-- This site is optimized with the Yoast SEO plugin v28.4 - https:\/\/yoast.com\/product\/yoast-seo-wordpress\/ -->\n<title>Rep\u00fablica Democr\u00e1tica del Congo - \u00c1frica | Proyecto #40-41 de 72 | Spazio Spadoni<\/title>\n<meta name=\"description\" content=\"Hermana Yvette y Hermana Caroline - Buta (Rep\u00fablica Democr\u00e1tica del Congo) PROYECTO 40-41 de 72 MISI\u00d3N Lugar Bondo Di\u00f3cesis Bondo Pa\u00eds Rep\u00fablica\" \/>\n<meta name=\"robots\" content=\"index, follow, max-snippet:-1, max-image-preview:large, max-video-preview:-1\" \/>\n<link rel=\"canonical\" href=\"https:\/\/spaziospadoni.org\/es\/hic-sum\/republica-democratica-del-congo-africa-proyecto-40-41-de-72\/\" \/>\n<meta property=\"og:locale\" content=\"es_ES\" \/>\n<meta property=\"og:type\" content=\"article\" \/>\n<meta property=\"og:title\" content=\"Rep\u00fablica Democr\u00e1tica del Congo - \u00c1frica | Proyecto #40-41 de 72 | Spazio Spadoni\" \/>\n<meta property=\"og:description\" content=\"Hermana Yvette y Hermana Caroline - Buta (Rep\u00fablica Democr\u00e1tica del Congo) PROYECTO 40-41 de 72 MISI\u00d3N Lugar Bondo Di\u00f3cesis Bondo Pa\u00eds Rep\u00fablica\" \/>\n<meta property=\"og:url\" content=\"https:\/\/spaziospadoni.org\/es\/hic-sum\/republica-democratica-del-congo-africa-proyecto-40-41-de-72\/\" \/>\n<meta property=\"og:site_name\" content=\"spazio + spadoni\" \/>\n<meta property=\"article:publisher\" content=\"https:\/\/www.facebook.com\/SpazioSpadoni\/\" \/>\n<meta property=\"article:modified_time\" content=\"2026-07-22T09:58:12+00:00\" \/>\n<meta property=\"og:image\" content=\"https:\/\/spaziospadoni.org\/wp-content\/uploads\/2026\/05\/hicsum_40_congo-spaziospadoni-scaled.png\" \/>\n<meta name=\"twitter:card\" content=\"summary_large_image\" \/>\n<meta name=\"twitter:label1\" content=\"Est. reading time\" \/>\n\t<meta name=\"twitter:data1\" content=\"19 minutes\" \/>\n<script type=\"application\/ld+json\" class=\"yoast-schema-graph\">{\"@context\":\"https:\\\/\\\/schema.org\",\"@graph\":[{\"@type\":\"WebPage\",\"@id\":\"https:\\\/\\\/spaziospadoni.org\\\/es\\\/hic-sum\\\/republica-democratica-del-congo-africa-proyecto-40-41-de-72\\\/\",\"url\":\"https:\\\/\\\/spaziospadoni.org\\\/es\\\/hic-sum\\\/republica-democratica-del-congo-africa-proyecto-40-41-de-72\\\/\",\"name\":\"Rep\u00fablica Democr\u00e1tica del Congo - \u00c1frica | Proyecto #40-41 de 72 | Spazio Spadoni\",\"isPartOf\":{\"@id\":\"https:\\\/\\\/spaziospadoni.org\\\/es\\\/#website\"},\"primaryImageOfPage\":{\"@id\":\"https:\\\/\\\/spaziospadoni.org\\\/es\\\/hic-sum\\\/republica-democratica-del-congo-africa-proyecto-40-41-de-72\\\/#primaryimage\"},\"image\":{\"@id\":\"https:\\\/\\\/spaziospadoni.org\\\/es\\\/hic-sum\\\/republica-democratica-del-congo-africa-proyecto-40-41-de-72\\\/#primaryimage\"},\"thumbnailUrl\":\"https:\\\/\\\/spaziospadoni.org\\\/wp-content\\\/uploads\\\/2026\\\/05\\\/hicsum_40_congo-spaziospadoni-scaled.png\",\"datePublished\":\"2026-05-15T15:06:05+00:00\",\"dateModified\":\"2026-07-22T09:58:12+00:00\",\"description\":\"Hermana Yvette y Hermana Caroline - Buta (Rep\u00fablica Democr\u00e1tica del Congo) PROYECTO 40-41 de 72 MISI\u00d3N Lugar Bondo Di\u00f3cesis Bondo Pa\u00eds Rep\u00fablica\",\"breadcrumb\":{\"@id\":\"https:\\\/\\\/spaziospadoni.org\\\/es\\\/hic-sum\\\/republica-democratica-del-congo-africa-proyecto-40-41-de-72\\\/#breadcrumb\"},\"inLanguage\":\"es-ES\",\"potentialAction\":[{\"@type\":\"ReadAction\",\"target\":[\"https:\\\/\\\/spaziospadoni.org\\\/es\\\/hic-sum\\\/republica-democratica-del-congo-africa-proyecto-40-41-de-72\\\/\"]}]},{\"@type\":\"ImageObject\",\"inLanguage\":\"es-ES\",\"@id\":\"https:\\\/\\\/spaziospadoni.org\\\/es\\\/hic-sum\\\/republica-democratica-del-congo-africa-proyecto-40-41-de-72\\\/#primaryimage\",\"url\":\"https:\\\/\\\/spaziospadoni.org\\\/wp-content\\\/uploads\\\/2026\\\/05\\\/hicsum_40_congo-spaziospadoni-scaled.png\",\"contentUrl\":\"https:\\\/\\\/spaziospadoni.org\\\/wp-content\\\/uploads\\\/2026\\\/05\\\/hicsum_40_congo-spaziospadoni-scaled.png\"},{\"@type\":\"BreadcrumbList\",\"@id\":\"https:\\\/\\\/spaziospadoni.org\\\/es\\\/hic-sum\\\/republica-democratica-del-congo-africa-proyecto-40-41-de-72\\\/#breadcrumb\",\"itemListElement\":[{\"@type\":\"ListItem\",\"position\":1,\"name\":\"Home\",\"item\":\"https:\\\/\\\/spaziospadoni.org\\\/es\\\/\"},{\"@type\":\"ListItem\",\"position\":2,\"name\":\"Proyectos misioneros &#8211; Hic Sum\",\"item\":\"https:\\\/\\\/spaziospadoni.org\\\/es\\\/hic-sum\\\/\"},{\"@type\":\"ListItem\",\"position\":3,\"name\":\"Rep\u00fablica Democr\u00e1tica del Congo &#8211; \u00c1frica | Proyecto #40-41 de 72\"}]},{\"@type\":\"WebSite\",\"@id\":\"https:\\\/\\\/spaziospadoni.org\\\/es\\\/#website\",\"url\":\"https:\\\/\\\/spaziospadoni.org\\\/es\\\/\",\"name\":\"spazio + spadoni\",\"description\":\"Generazione di misericordia e missione nel mondo\",\"publisher\":{\"@id\":\"https:\\\/\\\/spaziospadoni.org\\\/es\\\/#organization\"},\"alternateName\":\"spaziospadoni.org\",\"potentialAction\":[{\"@type\":\"SearchAction\",\"target\":{\"@type\":\"EntryPoint\",\"urlTemplate\":\"https:\\\/\\\/spaziospadoni.org\\\/es\\\/?s={search_term_string}\"},\"query-input\":{\"@type\":\"PropertyValueSpecification\",\"valueRequired\":true,\"valueName\":\"search_term_string\"}}],\"inLanguage\":\"es-ES\"},{\"@type\":\"Organization\",\"@id\":\"https:\\\/\\\/spaziospadoni.org\\\/es\\\/#organization\",\"name\":\"spazio + spadoni\",\"alternateName\":\"spaziospadoni.org\",\"url\":\"https:\\\/\\\/spaziospadoni.org\\\/es\\\/\",\"logo\":{\"@type\":\"ImageObject\",\"inLanguage\":\"es-ES\",\"@id\":\"https:\\\/\\\/spaziospadoni.org\\\/es\\\/#\\\/schema\\\/logo\\\/image\\\/\",\"url\":\"https:\\\/\\\/spaziospadoni.org\\\/wp-content\\\/uploads\\\/2026\\\/05\\\/spazio-spadoni-logo-100x100-1.webp\",\"contentUrl\":\"https:\\\/\\\/spaziospadoni.org\\\/wp-content\\\/uploads\\\/2026\\\/05\\\/spazio-spadoni-logo-100x100-1.webp\",\"width\":100,\"height\":100,\"caption\":\"spazio + spadoni\"},\"image\":{\"@id\":\"https:\\\/\\\/spaziospadoni.org\\\/es\\\/#\\\/schema\\\/logo\\\/image\\\/\"},\"sameAs\":[\"https:\\\/\\\/www.facebook.com\\\/SpazioSpadoni\\\/\",\"https:\\\/\\\/www.instagram.com\\\/spaziospadoni\\\/\",\"https:\\\/\\\/www.youtube.com\\\/@spaziospadoni\\\/playlists\"]}]}<\/script>\n<!-- \/ Yoast SEO plugin. -->","yoast_head_json":{"title":"Rep\u00fablica Democr\u00e1tica del Congo - \u00c1frica | Proyecto #40-41 de 72 | Spazio Spadoni","description":"Hermana Yvette y Hermana Caroline - Buta (Rep\u00fablica Democr\u00e1tica del Congo) PROYECTO 40-41 de 72 MISI\u00d3N Lugar Bondo Di\u00f3cesis Bondo Pa\u00eds Rep\u00fablica","robots":{"index":"index","follow":"follow","max-snippet":"max-snippet:-1","max-image-preview":"max-image-preview:large","max-video-preview":"max-video-preview:-1"},"canonical":"https:\/\/spaziospadoni.org\/es\/hic-sum\/republica-democratica-del-congo-africa-proyecto-40-41-de-72\/","og_locale":"es_ES","og_type":"article","og_title":"Rep\u00fablica Democr\u00e1tica del Congo - \u00c1frica | Proyecto #40-41 de 72 | Spazio Spadoni","og_description":"Hermana Yvette y Hermana Caroline - Buta (Rep\u00fablica Democr\u00e1tica del Congo) PROYECTO 40-41 de 72 MISI\u00d3N Lugar Bondo Di\u00f3cesis Bondo Pa\u00eds Rep\u00fablica","og_url":"https:\/\/spaziospadoni.org\/es\/hic-sum\/republica-democratica-del-congo-africa-proyecto-40-41-de-72\/","og_site_name":"spazio + spadoni","article_publisher":"https:\/\/www.facebook.com\/SpazioSpadoni\/","article_modified_time":"2026-07-22T09:58:12+00:00","og_image":[{"url":"https:\/\/spaziospadoni.org\/wp-content\/uploads\/2026\/05\/hicsum_40_congo-spaziospadoni-scaled.png","type":"","width":"","height":""}],"twitter_card":"summary_large_image","twitter_misc":{"Est. reading time":"19 minutes"},"schema":{"@context":"https:\/\/schema.org","@graph":[{"@type":"WebPage","@id":"https:\/\/spaziospadoni.org\/es\/hic-sum\/republica-democratica-del-congo-africa-proyecto-40-41-de-72\/","url":"https:\/\/spaziospadoni.org\/es\/hic-sum\/republica-democratica-del-congo-africa-proyecto-40-41-de-72\/","name":"Rep\u00fablica Democr\u00e1tica del Congo - \u00c1frica | Proyecto #40-41 de 72 | Spazio Spadoni","isPartOf":{"@id":"https:\/\/spaziospadoni.org\/es\/#website"},"primaryImageOfPage":{"@id":"https:\/\/spaziospadoni.org\/es\/hic-sum\/republica-democratica-del-congo-africa-proyecto-40-41-de-72\/#primaryimage"},"image":{"@id":"https:\/\/spaziospadoni.org\/es\/hic-sum\/republica-democratica-del-congo-africa-proyecto-40-41-de-72\/#primaryimage"},"thumbnailUrl":"https:\/\/spaziospadoni.org\/wp-content\/uploads\/2026\/05\/hicsum_40_congo-spaziospadoni-scaled.png","datePublished":"2026-05-15T15:06:05+00:00","dateModified":"2026-07-22T09:58:12+00:00","description":"Hermana Yvette y Hermana Caroline - Buta (Rep\u00fablica Democr\u00e1tica del Congo) PROYECTO 40-41 de 72 MISI\u00d3N Lugar Bondo Di\u00f3cesis Bondo Pa\u00eds Rep\u00fablica","breadcrumb":{"@id":"https:\/\/spaziospadoni.org\/es\/hic-sum\/republica-democratica-del-congo-africa-proyecto-40-41-de-72\/#breadcrumb"},"inLanguage":"es-ES","potentialAction":[{"@type":"ReadAction","target":["https:\/\/spaziospadoni.org\/es\/hic-sum\/republica-democratica-del-congo-africa-proyecto-40-41-de-72\/"]}]},{"@type":"ImageObject","inLanguage":"es-ES","@id":"https:\/\/spaziospadoni.org\/es\/hic-sum\/republica-democratica-del-congo-africa-proyecto-40-41-de-72\/#primaryimage","url":"https:\/\/spaziospadoni.org\/wp-content\/uploads\/2026\/05\/hicsum_40_congo-spaziospadoni-scaled.png","contentUrl":"https:\/\/spaziospadoni.org\/wp-content\/uploads\/2026\/05\/hicsum_40_congo-spaziospadoni-scaled.png"},{"@type":"BreadcrumbList","@id":"https:\/\/spaziospadoni.org\/es\/hic-sum\/republica-democratica-del-congo-africa-proyecto-40-41-de-72\/#breadcrumb","itemListElement":[{"@type":"ListItem","position":1,"name":"Home","item":"https:\/\/spaziospadoni.org\/es\/"},{"@type":"ListItem","position":2,"name":"Proyectos misioneros &#8211; Hic Sum","item":"https:\/\/spaziospadoni.org\/es\/hic-sum\/"},{"@type":"ListItem","position":3,"name":"Rep\u00fablica Democr\u00e1tica del Congo &#8211; \u00c1frica | Proyecto #40-41 de 72"}]},{"@type":"WebSite","@id":"https:\/\/spaziospadoni.org\/es\/#website","url":"https:\/\/spaziospadoni.org\/es\/","name":"spazio + spadoni","description":"Generazione di misericordia e missione nel mondo","publisher":{"@id":"https:\/\/spaziospadoni.org\/es\/#organization"},"alternateName":"spaziospadoni.org","potentialAction":[{"@type":"SearchAction","target":{"@type":"EntryPoint","urlTemplate":"https:\/\/spaziospadoni.org\/es\/?s={search_term_string}"},"query-input":{"@type":"PropertyValueSpecification","valueRequired":true,"valueName":"search_term_string"}}],"inLanguage":"es-ES"},{"@type":"Organization","@id":"https:\/\/spaziospadoni.org\/es\/#organization","name":"spazio + spadoni","alternateName":"spaziospadoni.org","url":"https:\/\/spaziospadoni.org\/es\/","logo":{"@type":"ImageObject","inLanguage":"es-ES","@id":"https:\/\/spaziospadoni.org\/es\/#\/schema\/logo\/image\/","url":"https:\/\/spaziospadoni.org\/wp-content\/uploads\/2026\/05\/spazio-spadoni-logo-100x100-1.webp","contentUrl":"https:\/\/spaziospadoni.org\/wp-content\/uploads\/2026\/05\/spazio-spadoni-logo-100x100-1.webp","width":100,"height":100,"caption":"spazio + spadoni"},"image":{"@id":"https:\/\/spaziospadoni.org\/es\/#\/schema\/logo\/image\/"},"sameAs":["https:\/\/www.facebook.com\/SpazioSpadoni\/","https:\/\/www.instagram.com\/spaziospadoni\/","https:\/\/www.youtube.com\/@spaziospadoni\/playlists"]}]}},"_links":{"self":[{"href":"https:\/\/spaziospadoni.org\/es\/wp-json\/wp\/v2\/pages\/72726","targetHints":{"allow":["GET"]}}],"collection":[{"href":"https:\/\/spaziospadoni.org\/es\/wp-json\/wp\/v2\/pages"}],"about":[{"href":"https:\/\/spaziospadoni.org\/es\/wp-json\/wp\/v2\/types\/page"}],"author":[{"embeddable":true,"href":"https:\/\/spaziospadoni.org\/es\/wp-json\/wp\/v2\/users\/102"}],"replies":[{"embeddable":true,"href":"https:\/\/spaziospadoni.org\/es\/wp-json\/wp\/v2\/comments?post=72726"}],"version-history":[{"count":0,"href":"https:\/\/spaziospadoni.org\/es\/wp-json\/wp\/v2\/pages\/72726\/revisions"}],"up":[{"embeddable":true,"href":"https:\/\/spaziospadoni.org\/es\/wp-json\/wp\/v2\/pages\/63319"}],"wp:attachment":[{"href":"https:\/\/spaziospadoni.org\/es\/wp-json\/wp\/v2\/media?parent=72726"}],"curies":[{"name":"wp","href":"https:\/\/api.w.org\/{rel}","templated":true}]}}