{"id":75373,"date":"2026-05-15T16:21:58","date_gmt":"2026-05-15T15:21:58","guid":{"rendered":"https:\/\/spaziospadoni.org\/hic-sum\/rwanda-africa-progetto-28-di-72\/"},"modified":"2026-07-22T12:34:49","modified_gmt":"2026-07-22T11:34:49","slug":"ruanda-africa-proyecto-28-de-72","status":"publish","type":"page","link":"https:\/\/spaziospadoni.org\/es\/hic-sum\/ruanda-africa-proyecto-28-de-72\/","title":{"rendered":"Ruanda &#8211; \u00c1frica | Proyecto #28 de 72"},"content":{"rendered":"\n<div class=\"ss-project-hero-card\">\n<h2 id=\"hermana-agnes-butare-ruanda\" class=\"gb-text gb-text-62a95885\">Hermana Agnes &#8211; Butare (Ruanda)<\/h2>\n\n\n\n<div class=\"gb-element-f60f2409\">\n<div class=\"gb-element-90a85740 ss-project-sidebar\">\n<h2 id=\"proyecto-28-de-72\" class=\"gb-text ss-project-title\">PROYECTO 28 de 72<\/h2>\n\n\n\n<figure class=\"wp-block-image size-large\"><img decoding=\"async\" src=\"https:\/\/spaziospadoni.org\/wp-content\/uploads\/2026\/05\/hicsum_28_rwanda-spaziospadoni-scaled.png\" alt=\"HIC SUM 28 ruanda spazio + spadoni 400x277\" class=\"wp-image-43007\"\/><\/figure>\n\n\n\n<div class=\"ss-project-table\">\n<div class=\"ss-table-section-title\">\n<h3 id=\"mision\" class=\"gb-text\">MISI\u00d3N<\/h3>\n<\/div>\n\n\n\n<div class=\"ss-table-row\">\n<p class=\"gb-text\">Lugar<\/p>\n\n\n\n<p class=\"gb-text\"><a href=\"https:\/\/www.google.it\/maps\/place\/Butare,+Ruanda\/@-2.6273755,29.6869257,13z\/data=!3m1!4b1!4m6!3m5!1s0x19c30e87584c8b97:0x71fbfafce20bdc47!8m2!3d-2.6005173!4d29.7419201!16zL20vMDk3eHZs?entry=ttu&amp;g_ep=EgoyMDI1MDMyNS4xIKXMDSoJLDEwMjExNjM5SAFQAw%3D%3D\" rel=\"noreferrer noopener\" target=\"_blank\" title=\"Butare\">Butare<\/a><\/p>\n<\/div>\n\n\n\n<div class=\"ss-table-row\">\n<p class=\"gb-text\">Di\u00f3cesis<\/p>\n\n\n\n<p class=\"gb-text\">Butare<\/p>\n<\/div>\n\n\n\n<div class=\"ss-table-row\">\n<p class=\"gb-text\">Naci\u00f3n<\/p>\n\n\n\n<p class=\"gb-text\"><strong>Ruanda<\/strong><\/p>\n<\/div>\n\n\n\n<div class=\"ss-table-row\">\n<p class=\"gb-text\">Continente<\/p>\n\n\n\n<p class=\"gb-text\">\u00c1frica<\/p>\n<\/div>\n\n\n\n<div class=\"ss-table-row\">\n<p class=\"gb-text\">Coordenadas GPS<\/p>\n\n\n\n<p class=\"gb-text\">-2.60697 29.74359<\/p>\n<\/div>\n\n\n\n<div class=\"ss-table-row\">\n<p class=\"gb-text\">Descompensaci\u00f3n horaria<\/p>\n\n\n\n<p class=\"gb-text\">UTC+2<\/p>\n<\/div>\n<\/div>\n\n\n\n<div class=\"ss-project-table\">\n<div class=\"ss-table-section-title\">\n<h3 id=\"congregacion\" class=\"gb-text\">CONGREGACI\u00d3N<\/h3>\n<\/div>\n\n\n\n<div class=\"ss-table-row\">\n<p class=\"gb-text\">Congregaci\u00f3n<\/p>\n\n\n\n<p class=\"gb-text\">Fraternit\u00e9 des Consacres de la Communaut\u00e9 Ingoro Y\u2019Urukundo (Demeure de la Charit\u00e9)<\/p>\n<\/div>\n\n\n\n<div class=\"ss-table-row\">\n<p class=\"gb-text\">Casa Madre<\/p>\n\n\n\n<p class=\"gb-text\">Huye<\/p>\n<\/div>\n\n\n\n<div class=\"ss-table-row\">\n<p class=\"gb-text\">Di\u00f3cesis<\/p>\n\n\n\n<p class=\"gb-text\">Butare<\/p>\n<\/div>\n\n\n\n<div class=\"ss-table-row\">\n<p class=\"gb-text\">Naci\u00f3n<\/p>\n\n\n\n<p class=\"gb-text\">Ruanda<\/p>\n<\/div>\n\n\n\n<div class=\"ss-table-row\">\n<p class=\"gb-text\">Continente<\/p>\n\n\n\n<p class=\"gb-text\">\u00c1frica<\/p>\n<\/div>\n\n\n\n<div class=\"ss-table-row\">\n<p class=\"gb-text\">Celebraci\u00f3n congregacional<\/p>\n\n\n\n<p class=\"gb-text\">Fiesta de Pentecost\u00e9s<\/p>\n<\/div>\n\n\n\n<div class=\"ss-table-row\">\n<p class=\"gb-text\">Coordenadas GPS<\/p>\n\n\n\n<p class=\"gb-text\">-2.60697 29.74359<\/p>\n<\/div>\n\n\n\n<div class=\"ss-table-row\">\n<p class=\"gb-text\">Descompensaci\u00f3n horaria<\/p>\n\n\n\n<p class=\"gb-text\">UTC+2<\/p>\n<\/div>\n\n\n\n<div class=\"ss-table-row\">\n<p class=\"gb-text\">Referente<\/p>\n\n\n\n<p class=\"gb-text\">Hermana Agnes y Hermana Esperance<\/p>\n<\/div>\n\n\n\n<div class=\"ss-table-row\">\n<p class=\"gb-text\">Madre General<\/p>\n\n\n\n<p class=\"gb-text\">Hermana Germaine Mukamugema<\/p>\n<\/div>\n\n\n\n<div class=\"ss-table-row\">\n<p class=\"gb-text\">Sitio web<\/p>\n\n\n\n<p class=\"gb-text\"><a href=\"https:\/\/www.hhcj.it\/\" target=\"_blank\" rel=\"noreferrer noopener\" title=\"hhcj.it\">hhcj.it<\/a><\/p>\n<\/div>\n<\/div>\n\n\n\n<div class=\"ss-project-table\">\n<div class=\"ss-table-section-title\">\n<h3 id=\"institucion-de-formacion\" class=\"gb-text\">INSTITUCI\u00d3N DE FORMACI\u00d3N<\/h3>\n<\/div>\n\n\n\n<div class=\"ss-table-row\">\n<p class=\"gb-text\">Nombre<\/p>\n\n\n\n<p class=\"gb-text\">Misericordia di Stiava<\/p>\n<\/div>\n\n\n\n<div class=\"ss-table-row\">\n<p class=\"gb-text\">Lugar<\/p>\n\n\n\n<p class=\"gb-text\">Stiav\u00e1 (LU)<\/p>\n<\/div>\n\n\n\n<div class=\"ss-table-row\">\n<p class=\"gb-text\">Naci\u00f3n<\/p>\n\n\n\n<p class=\"gb-text\">Italia<\/p>\n<\/div>\n\n\n\n<div class=\"ss-table-row\">\n<p class=\"gb-text\">Continente<\/p>\n\n\n\n<p class=\"gb-text\">Europa<\/p>\n<\/div>\n\n\n\n<div class=\"ss-table-row\">\n<p class=\"gb-text\">Coordenadas GPS<\/p>\n\n\n\n<p class=\"gb-text\">43.89840 10.31859<\/p>\n<\/div>\n\n\n\n<div class=\"ss-table-row\">\n<p class=\"gb-text\">Descompensaci\u00f3n horaria<\/p>\n\n\n\n<p class=\"gb-text\">UTC+1<\/p>\n<\/div>\n\n\n\n<div class=\"ss-table-row\">\n<p class=\"gb-text\">Fecha de inicio<\/p>\n\n\n\n<p class=\"gb-text\">21\/02\/2022<\/p>\n<\/div>\n\n\n\n<div class=\"ss-table-row\">\n<p class=\"gb-text\">Fecha de finalizaci\u00f3n<\/p>\n\n\n\n<p class=\"gb-text\">agosto 2022<\/p>\n<\/div>\n\n\n\n<div class=\"ss-table-row\">\n<p class=\"gb-text\">Tutores<\/p>\n\n\n\n<p class=\"gb-text\">Emma Tommasi<\/p>\n<\/div>\n<\/div>\n\n\n\n<div class=\"ss-project-table\">\n<div class=\"ss-table-section-title\">\n<h3 id=\"espacio-real\" class=\"gb-text\">ESPACIO REAL<\/h3>\n<\/div>\n\n\n\n<div class=\"ss-table-row\">\n<p class=\"gb-text\">Gerente de proyecto<\/p>\n\n\n\n<p class=\"gb-text\">Hermana Agnes y Hermana Esperance<\/p>\n<\/div>\n\n\n\n<div class=\"ss-table-row\">\n<p class=\"gb-text\">Fecha de inicio<\/p>\n\n\n\n<p class=\"gb-text\">15 2022<\/p>\n<\/div>\n\n\n\n<div class=\"ss-table-row\">\n<p class=\"gb-text\">Tipolog\u00eda<\/p>\n\n\n\n<p class=\"gb-text\"><strong>Pane di Misericordia<\/strong><\/p>\n<\/div>\n<\/div>\n<\/div>\n<\/div>\n\n\n\n<div class=\"gb-element-6ad95ea8\">\n<div class=\"gb-element-e34063a6 ss-project-intro\"><div class=\"wp-block-image imgText\">\n<figure class=\"alignright size-full is-resized\"><img decoding=\"async\" alt=\"2023_noviembre_19_hicsum_28_italia_rwanda_spazio_spadoni_misericordia_stiava_sr_agnes_selene_pera_visita\" src=\"https:\/\/spaziospadoni.org\/wp-content\/uploads\/2026\/05\/2023_novembre_19_hicsum_28_italia_rwanda_spazio_spadoni_misericordia_stiava_sr_agnes_selene_pera_visita-9-copia-293x300.jpg\" style=\"width:212px;height:auto\"\/><figcaption class=\"wp-element-caption\">Pane di Misericordia<\/figcaption><\/figure>\n<\/div>\n\n<div class=\"wp-block-image imgText\">\n<figure class=\"alignleft size-full is-resized\"><img decoding=\"async\" alt=\"hermana_agnes_kamanyana-spazio + spadoni\" src=\"https:\/\/spaziospadoni.org\/wp-content\/uploads\/2026\/05\/suor_agnes_kamanyana-spaziospadoni-300x300.png\" style=\"width:196px;height:auto\"\/><figcaption class=\"wp-element-caption\">hermana_agnes_kamanyana-spazio + spadoni<\/figcaption><\/figure>\n<\/div>\n\n\n<p class=\"wp-block-paragraph\"><strong>En Butare, la hermana Agnes, gracias al apoyo de spazio + spadoni, ha desarrollado la empresa social que se traduce en una peque\u00f1a panader\u00eda en la que produce pan y productos de confiter\u00eda para vender a la poblaci\u00f3n. Parte de los ingresos se utiliza para apoyar a la comunidad religiosa y otra parte se dona a los pobres. La actividad se ha convertido as\u00ed tambi\u00e9n en una respuesta activa a la gran pobreza de esta regi\u00f3n. Ante el \u00e9xito de la actividad, se activ\u00f3 un segundo mini proyecto en el \u00e1mbito de la costura y el bordado. La hermana Agnes asisti\u00f3 a un curso que dur\u00f3 varios meses y ahora tambi\u00e9n produce vestimentas sagradas.<\/strong><\/p>\n\n\n\n<p class=\"wp-block-paragraph\">La hermana Agnes llega a Italia el 21 de febrero de 2022 y es recibida con gran entusiasmo por Misericordia di Stiava. El peque\u00f1o tama\u00f1o de la aldea permite a la hermana Agnes integrarse exitosamente en la comunidad. Varias organizaciones est\u00e1n tomando medidas para ofrecerle una formaci\u00f3n polifac\u00e9tica. Intenta mejorar su italiano gracias a las lecciones del personal voluntario, sigue un curso de panificaci\u00f3n, costura, primeros auxilios y se desplaza por la zona visitando los lugares de mayor inter\u00e9s.<\/p>\n\n\n\n<p class=\"wp-block-paragraph\">El 22 de agosto de 2022, la hermana Agnes regres\u00f3 a Ruanda, a la di\u00f3cesis de Butare. Butare es un pueblo de casi 90.000 habitantes. En las dif\u00edciles condiciones econ\u00f3mico-sociales en las que se encuentra este territorio, act\u00faan las Hermanas Dimora della Carit\u00e0 que se ocupan principalmente de la educaci\u00f3n de ni\u00f1os y j\u00f3venes, la acogida y formaci\u00f3n de las mujeres a trav\u00e9s de cursos profesionales y de asistencia m\u00e9dica.<\/p>\n\n\n\n<p class=\"wp-block-paragraph\"><strong>Leer m\u00e1s<\/strong> <a href=\"https:\/\/spaziospadoni.org\/spazio-missionario\/storie\/monsignor-blaise-forissier\/\" rel=\"noreferrer noopener\" target=\"_blank\" title=\"Monse\u00f1or Blaise Forissier\">Monse\u00f1or Blaise Forissier<\/a><\/p>\n<\/div>\n<\/div>\n\n\n\n<div>\n<h2 id=\"linea-de-tiempo\" class=\"gb-text gb-text-8179e40a\">L\u00ednea de tiempo<\/h2>\n\n\n\n<div class=\"ss-timeline\">\n<h3 id=\"2021\" class=\"gb-text\">2021<\/h3>\n\n\n\n<div class=\"ss-timeline-item\">\n<h4 id=\"0302-inicio-del-informe\" class=\"gb-text\">03.02 | Inicio del informe<\/h4>\n\n\n\n<p class=\"wp-block-paragraph\">La Congregaci\u00f3n se suma al proyecto HIC SUM<\/p>\n<\/div>\n<\/div>\n\n\n\n<div class=\"ss-timeline\">\n<h3 id=\"2022\" class=\"gb-text\">2022<\/h3>\n\n\n\n<div class=\"ss-timeline-item\">\n<h4 id=\"2102-monja-de-llegada\" class=\"gb-text\">21.02 | monja de llegada<\/h4>\n\n\n\n<p class=\"wp-block-paragraph\">La hermana Agnes llega a Italia y es inmediatamente recibida por Misericordia di Stiava.<\/p>\n\n\n\n<figure class=\"wp-block-gallery has-nested-images columns-1 is-cropped ss-lightbox wp-block-gallery-1 is-layout-flex wp-block-gallery-is-layout-flex\">\n<figure class=\"wp-block-image size-large\"><img decoding=\"async\" src=\"https:\/\/spaziospadoni.org\/wp-content\/uploads\/2026\/05\/2022_aprile_5_hicsum_28_italia_rwanda_spazio_spadoni_misericordia_stiava_sr_agnes_formazione_volontari-copia-300x147.jpg\" alt=\"2022 5 de abril HIC SUM 28 Italia Ruanda spazio + spadoni Misericordia Stiva sr agnes Copia de capacitaci\u00f3n de voluntariado 300x147\"\/><figcaption class=\"wp-element-caption\">21.02 | monja de llegada<\/figcaption><\/figure>\n<\/figure>\n<\/div>\n\n\n\n<div class=\"ss-timeline-item\">\n<h4 id=\"040305-capacitacion\" class=\"gb-text\">04-03-05 | Capacitaci\u00f3n<\/h4>\n\n\n\n<p class=\"wp-block-paragraph\">La hermana Agnes sigue diversas formaciones y cursos espec\u00edficos sobre primeros auxilios, panificaci\u00f3n, corte y costura, Obras de Misericordia<\/p>\n\n\n\n<figure class=\"wp-block-gallery has-nested-images columns-1 is-cropped ss-lightbox wp-block-gallery-2 is-layout-flex wp-block-gallery-is-layout-flex\">\n<figure class=\"wp-block-image size-large\"><img decoding=\"async\" src=\"https:\/\/spaziospadoni.org\/wp-content\/uploads\/2026\/05\/2022_hicsum_28_italia_rwanda_spazio_spadoni_misericordia_stiava_sr_agnes_formazione-10-copia-300x189.jpg\" alt=\"2022 HIC SUM 28 Italia Ruanda spazio + spadoni misericordia Stiva sr agnes entrenamiento 10 copia 300x189\"\/><figcaption class=\"wp-element-caption\">04-03-05 | Capacitaci\u00f3n<\/figcaption><\/figure>\n\n\n\n<figure class=\"wp-block-image size-large\"><img decoding=\"async\" src=\"https:\/\/spaziospadoni.org\/wp-content\/uploads\/2026\/05\/2022_hicsum_28_italia_rwanda_spazio_spadoni_misericordia_stiava_sr_agnes_formazione.jpg\" alt=\"2022 HIC SUM 28 italia ruanda spazio + spadoni misericordia Stiva sr agnes entrenamiento\"\/><figcaption class=\"wp-element-caption\">04-03-05 | Capacitaci\u00f3n<\/figcaption><\/figure>\n\n\n\n<figure class=\"wp-block-image size-large\"><img decoding=\"async\" src=\"https:\/\/spaziospadoni.org\/wp-content\/uploads\/2026\/05\/2022_hicsum_28_italia_rwanda_spazio_spadoni_misericordia_stiava_sr_agnes_formazione_pane_pizza-225x300.jpg\" alt=\"2022 HIC SUM 28 Italia Ruanda spazio + spadoni misericordia Stiva sr agnes formaci\u00f3n de pan de pizza 225x300\"\/><figcaption class=\"wp-element-caption\">04-03-05 | Capacitaci\u00f3n<\/figcaption><\/figure>\n<\/figure>\n<\/div>\n\n\n\n<div class=\"ss-timeline-item\">\n<h4 id=\"060906-capacitacion\" class=\"gb-text\">06-09.06 | Capacitaci\u00f3n<\/h4>\n\n\n\n<p class=\"wp-block-paragraph\">Formaci\u00f3n t\u00e9cnica del proyecto HIC SUM en el Convento de San Cerbone (LU) <\/p>\n<\/div>\n\n\n\n<div class=\"ss-timeline-item\">\n<h4 id=\"2208-monja-de-salida\" class=\"gb-text\">22.08 | monja de salida<\/h4>\n\n\n\n<p class=\"wp-block-paragraph\">La hermana Agnes regresa a Butare, Ruanda<\/p>\n<\/div>\n\n\n\n<div class=\"ss-timeline-item\">\n<h4 id=\"1512-primer-prestamo-desembolsado\" class=\"gb-text\">15.12 | Primer pr\u00e9stamo desembolsado<\/h4>\n\n\n\n<p class=\"wp-block-paragraph\">La financiaci\u00f3n est\u00e1 destinada a la compra del horno, el frigor\u00edfico y un grupo electr\u00f3geno.<\/p>\n<\/div>\n<\/div>\n\n\n\n<div class=\"ss-timeline\">\n<h3 id=\"2023\" class=\"gb-text\">2023<\/h3>\n\n\n\n<div class=\"ss-timeline-item\">\n<h4 id=\"febrero-inicio-de-venta\" class=\"gb-text\">febrero | Inicio de venta<\/h4>\n\n\n\n<p class=\"wp-block-paragraph\">La hermana Agnes comienza a vender los productos que produce <\/p>\n<\/div>\n\n\n\n<div class=\"ss-timeline-item\">\n<h4 id=\"2009-segundo-prestamo-desembolsado\" class=\"gb-text\">20.09 | Segundo pr\u00e9stamo desembolsado<\/h4>\n\n\n\n<p class=\"wp-block-paragraph\">El financiamiento est\u00e1 destinado al pago del curso de costura <\/p>\n<\/div>\n\n\n\n<div class=\"ss-timeline-item\">\n<h4 id=\"octubre-capacitacion\" class=\"gb-text\">Octubre | Capacitaci\u00f3n<\/h4>\n\n\n\n<p class=\"wp-block-paragraph\">Con el dinero obtenido con la venta de los productos de la Empresa Social, la Congregaci\u00f3n decide apoyar la capacitaci\u00f3n en profundidad en costura y bordado de la Hermana Agnes<\/p>\n\n\n\n<figure class=\"wp-block-gallery has-nested-images columns-1 is-cropped ss-lightbox wp-block-gallery-3 is-layout-flex wp-block-gallery-is-layout-flex\">\n<figure class=\"wp-block-image size-large\"><img decoding=\"async\" src=\"https:\/\/spaziospadoni.org\/wp-content\/uploads\/2026\/05\/2023_novembre_19_hicsum_28_italia_rwanda_spazio_spadoni_misericordia_stiava_sr_agnes_selene_pera_visita-19.jpg\" alt=\"2023 19 de noviembre HIC SUM 28 italia ruanda spazio + spadoni Misericordia Stiva sr agnes selene pera visita 19 239x300\"\/><figcaption class=\"wp-element-caption\">Octubre | Capacitaci\u00f3n<\/figcaption><\/figure>\n\n\n\n<figure class=\"wp-block-image size-large\"><img decoding=\"async\" src=\"https:\/\/spaziospadoni.org\/wp-content\/uploads\/2026\/05\/2023_novembre_19_hicsum_28_italia_rwanda_spazio_spadoni_misericordia_stiava_sr_agnes_selene_pera_visita-22.jpg\" alt=\"2023 19 de noviembre HIC SUM 28 italia ruanda spazio + spadoni Misericordia Stiva sr agnes selene pera visita 22 175x300\"\/><figcaption class=\"wp-element-caption\">Octubre | Capacitaci\u00f3n<\/figcaption><\/figure>\n\n\n\n<figure class=\"wp-block-image size-large\"><img decoding=\"async\" src=\"https:\/\/spaziospadoni.org\/wp-content\/uploads\/2026\/05\/2023_ottobre_6_hicsum_28_italia_rwanda_spazio_spadoni_misericordia_stiava_sr_agnes_corso_cucito_formazione-2-copia-300x192.jpg\" alt=\"2023 6 de octubre HIC SUM 28 Italia Ruanda spazio + spadoni Miseria Stiva sr agnes Curso de formaci\u00f3n en costura 2 copia 300x192\"\/><figcaption class=\"wp-element-caption\">Octubre | Capacitaci\u00f3n<\/figcaption><\/figure>\n<\/figure>\n<\/div>\n\n\n\n<div class=\"ss-timeline-item\">\n<h4 id=\"noviembre-spazio-spadoni-se-encuentra-con-las-monjas-en-ruanda\" class=\"gb-text\">noviembre | spazio + spadoni se encuentra con las monjas en Ruanda<\/h4>\n\n\n\n<p class=\"wp-block-paragraph\">Con motivo de un viaje misionero a la Rep\u00fablica Democr\u00e1tica del Congo, Selene viaja a Ruanda, Butare y Rwamagana para encontrar y saludar a la hermana Agnes, a la hermana Esperance y a la hermana Luminatha <\/p>\n<\/div>\n<\/div>\n\n\n\n<div class=\"ss-timeline\">\n<h3 id=\"2025\" class=\"gb-text\">2025<\/h3>\n\n\n\n<div class=\"ss-timeline-item\">\n<h4 id=\"0405-obras-de-misericordia-con-voluntarios\" class=\"gb-text\">04.05 | Obras de Misericordia con voluntarios<\/h4>\n\n\n\n<p class=\"wp-block-paragraph\">Peri\u00f3dicamente, la hermana Agnes y voluntarios van a hacer apostolado al hospital de Kabutare<\/p>\n<\/div>\n\n\n\n<div class=\"ss-timeline-item\">\n<h4 id=\"1006-obras-de-misericordia-con-voluntarios\" class=\"gb-text\">10.06 | Obras de Misericordia con voluntarios<\/h4>\n\n\n\n<p class=\"wp-block-paragraph\">Peri\u00f3dicamente, la Hermana Agnes y voluntarios van a hacer apostolado al hospital Kabutare <\/p>\n<\/div>\n\n\n\n<div class=\"ss-timeline-item\">\n<h4 id=\"0810-tercer-prestamo-desembolsado\" class=\"gb-text\">08.10 | Tercer pr\u00e9stamo desembolsado<\/h4>\n\n\n\n<p class=\"wp-block-paragraph\">La financiaci\u00f3n va dirigida a potenciar la actividad de catering que ya desarrollan las hermanas<\/p>\n<\/div>\n\n\n\n<div class=\"ss-timeline-item\">\n<h4 id=\"1810-obras-de-misericordia-con-voluntarios\" class=\"gb-text\">18.10 | Obras de Misericordia con voluntarios<\/h4>\n\n\n\n<p class=\"wp-block-paragraph\">Peri\u00f3dicamente la Hermana Agnes y los voluntarios van a hacer apostolado al hospital <\/p>\n<\/div>\n\n\n\n<div class=\"ss-timeline-item\">\n<h4 id=\"2311-fiesta-de-voluntarios-de-rwamagana\" class=\"gb-text\">23.11 | Fiesta de voluntarios de Rwamagana<\/h4>\n\n\n\n<p class=\"wp-block-paragraph\">Una delegaci\u00f3n de los grupos de voluntariado de Butare se desplaza a Rwamagana con motivo de la celebraci\u00f3n del voluntariado de Sor Luminatha <\/p>\n<\/div>\n<\/div>\n\n\n\n<div class=\"ss-timeline\">\n<h3 id=\"evaluaciones-de-proyectos\" class=\"gb-text\">Evaluaciones de proyectos<\/h3>\n\n\n\n<div class=\"ss-timeline-item\">\n<h4 id=\"abril-de-2022-la-congregacion-presenta\" class=\"gb-text\">Abril de 2022 La Congregaci\u00f3n presenta<\/h4>\n\n\n\n<p class=\"wp-block-paragraph\">a spazio + spadoni el proyecto de Empresa Social<\/p>\n<\/div>\n\n\n\n<div class=\"ss-timeline-item\">\n<h4 id=\"2022-mayo-el-proyecto-empresa-social\" class=\"gb-text\">2022 mayo El proyecto Empresa Social<\/h4>\n\n\n\n<p class=\"wp-block-paragraph\">Consiste en la instalaci\u00f3n de una peque\u00f1a panader\u00eda.<\/p>\n<\/div>\n\n\n\n<div class=\"ss-timeline-item\">\n<h4 id=\"2022-diciembre-con-la-hermana-esperance-economa\" class=\"gb-text\">2022 Diciembre Con la Hermana Esperance, Ec\u00f3noma<\/h4>\n\n\n\n<p class=\"wp-block-paragraph\">General de la Congregaci\u00f3n, que estuvo en Italia para un curso sobre las Obras de Misericordia promovido por spazio + spadoni, se comentan los resultados obtenidos del proyecto de la Hermana Agnes<\/p>\n<\/div>\n\n\n\n<div class=\"ss-timeline-item\">\n<h4 id=\"junio-de-2023-la-hermana-esperance-informa\" class=\"gb-text\">Junio de 2023 La hermana Esperance informa<\/h4>\n\n\n\n<p class=\"wp-block-paragraph\">sobre el desempe\u00f1o de la Empresa Social<\/p>\n<\/div>\n\n\n\n<div class=\"ss-timeline-item\">\n<h4 id=\"2023-julio\" class=\"gb-text\">2023 julio<\/h4>\n\n\n\n<p class=\"wp-block-paragraph\">Escucha<\/p>\n<\/div>\n\n\n\n<div class=\"ss-timeline-item\">\n<h4 id=\"2024-enero-seguimiento-del-proyecto-en\" class=\"gb-text\">2024 Enero Seguimiento del proyecto en<\/h4>\n\n\n\n<p class=\"wp-block-paragraph\">modo en l\u00ednea<\/p>\n<\/div>\n<\/div>\n<\/div>\n\n\n\n<div class=\"ss-project-media\">\n<h2 id=\"fotos-y-videos\" class=\"gb-text gb-text-d7bd8be8\">Fotos y v\u00eddeos<\/h2>\n\n\n\n<div class=\"ss-media-filters\">\n<a class=\"gb-text ss-media-filter active\" data-filter=\"*\" title=\"Todo\">Todo<\/a>\n\n\n\n<a class=\"gb-text ss-media-filter\" data-filter=\".formazione\" title=\"Formaci\u00f3n\">Formaci\u00f3n<\/a>\n\n\n\n<a class=\"gb-text ss-media-filter\" data-filter=\".rwanda\" title=\"Ruanda\">Ruanda<\/a>\n\n\n\n<a class=\"gb-text ss-media-filter\" data-filter=\".video\" title=\"Video\">Video<\/a>\n<\/div>\n\n\n\n<div class=\"ss-media-grid\">\n<div>\n<figure class=\"wp-block-gallery has-nested-images columns-1 is-cropped ss-lightbox wp-block-gallery-4 is-layout-flex wp-block-gallery-is-layout-flex\">\n<figure class=\"wp-block-image size-large formazione\"><img decoding=\"async\" src=\"https:\/\/spaziospadoni.org\/wp-content\/uploads\/2026\/05\/2022_aprile_5_hicsum_28_italia_rwanda_spazio_spadoni_misericordia_stiava_sr_agnes_formazione_volontari-3-225x300.jpg\" alt=\"2022 5 de abril HIC SUM 28 Italia Ruanda spazio + spadoni Misericordia Stiva sr agnes Formaci\u00f3n de voluntariado 3 225x300\"\/><\/figure>\n\n\n\n<figure class=\"wp-block-image size-large formazione\"><img decoding=\"async\" src=\"https:\/\/spaziospadoni.org\/wp-content\/uploads\/2026\/05\/2022_aprile_5_hicsum_28_italia_rwanda_spazio_spadoni_misericordia_stiava_sr_agnes_formazione_volontari-4-300x225.jpg\" alt=\"2022 5 de abril HIC SUM 28 Italia Ruanda spazio + spadoni Misericordia Stiva sr agnes Formaci\u00f3n de voluntariado 4 300x225\"\/><\/figure>\n\n\n\n<figure class=\"wp-block-image size-large formazione\"><img decoding=\"async\" src=\"https:\/\/spaziospadoni.org\/wp-content\/uploads\/2026\/05\/2022_aprile_5_hicsum_28_italia_rwanda_spazio_spadoni_misericordia_stiava_sr_agnes_formazione_volontari-copia-300x147.jpg\" alt=\"2022 5 de abril HIC SUM 28 Italia Ruanda spazio + spadoni Misericordia Stiva sr agnes Copia de capacitaci\u00f3n de voluntariado 300x147\"\/><\/figure>\n\n\n\n<figure class=\"wp-block-image size-large formazione\"><img decoding=\"async\" src=\"https:\/\/spaziospadoni.org\/wp-content\/uploads\/2026\/05\/2022_hicsum_28_italia_rwanda_spazio_spadoni_misericordia_stiava_sr_agnes_formazione-2-225x300.jpg\" alt=\"2022 HIC SUM 28 italia ruanda spazio + spadoni misericordia Stiva sr agnes entrenamiento 2 225x300\"\/><\/figure>\n\n\n\n<figure class=\"wp-block-image size-large formazione\"><img decoding=\"async\" src=\"https:\/\/spaziospadoni.org\/wp-content\/uploads\/2026\/05\/2022_hicsum_28_italia_rwanda_spazio_spadoni_misericordia_stiava_sr_agnes_formazione-3-225x300.jpg\" alt=\"2022 HIC SUM 28 italia ruanda spazio + spadoni misericordia Stiva sr agnes entrenamiento 3 225x300\"\/><\/figure>\n\n\n\n<figure class=\"wp-block-image size-large formazione\"><img decoding=\"async\" src=\"https:\/\/spaziospadoni.org\/wp-content\/uploads\/2026\/05\/2022_hicsum_28_italia_rwanda_spazio_spadoni_misericordia_stiava_sr_agnes_formazione-4-225x300.jpg\" alt=\"2022 HIC SUM 28 italia ruanda spazio + spadoni misericordia Stiva sr agnes entrenamiento 4 225x300\"\/><\/figure>\n\n\n\n<figure class=\"wp-block-image size-large formazione\"><img decoding=\"async\" src=\"https:\/\/spaziospadoni.org\/wp-content\/uploads\/2026\/05\/2022_hicsum_28_italia_rwanda_spazio_spadoni_misericordia_stiava_sr_agnes_formazione-5-225x300.jpg\" alt=\"2022 HIC SUM 28 italia ruanda spazio + spadoni misericordia Stiva sr agnes entrenamiento 5 225x300\"\/><\/figure>\n\n\n\n<figure class=\"wp-block-image size-large formazione\"><img decoding=\"async\" src=\"https:\/\/spaziospadoni.org\/wp-content\/uploads\/2026\/05\/2022_hicsum_28_italia_rwanda_spazio_spadoni_misericordia_stiava_sr_agnes_formazione-6-225x300.jpg\" alt=\"2022 HIC SUM 28 italia ruanda spazio + spadoni misericordia Stiva sr agnes entrenamiento 6 225x300\"\/><\/figure>\n\n\n\n<figure class=\"wp-block-image size-large formazione\"><img decoding=\"async\" src=\"https:\/\/spaziospadoni.org\/wp-content\/uploads\/2026\/05\/2022_hicsum_28_italia_rwanda_spazio_spadoni_misericordia_stiava_sr_agnes_formazione-7-225x300.jpg\" alt=\"2022 HIC SUM 28 italia ruanda spazio + spadoni misericordia Stiva sr agnes entrenamiento 7 225x300\"\/><\/figure>\n\n\n\n<figure class=\"wp-block-image size-large formazione\"><img decoding=\"async\" src=\"https:\/\/spaziospadoni.org\/wp-content\/uploads\/2026\/05\/2022_hicsum_28_italia_rwanda_spazio_spadoni_misericordia_stiava_sr_agnes_formazione-8-225x300.jpg\" alt=\"2022 HIC SUM 28 italia ruanda spazio + spadoni misericordia Stiva sr agnes entrenamiento 8 225x300\"\/><\/figure>\n\n\n\n<figure class=\"wp-block-image size-large formazione\"><img decoding=\"async\" src=\"https:\/\/spaziospadoni.org\/wp-content\/uploads\/2026\/05\/2022_hicsum_28_italia_rwanda_spazio_spadoni_misericordia_stiava_sr_agnes_formazione-9-300x225.jpg\" alt=\"2022 HIC SUM 28 italia ruanda spazio + spadoni misericordia Stiva sr agnes entrenamiento 9 300x225\"\/><\/figure>\n\n\n\n<figure class=\"wp-block-image size-large formazione\"><img decoding=\"async\" src=\"https:\/\/spaziospadoni.org\/wp-content\/uploads\/2026\/05\/2022_hicsum_28_italia_rwanda_spazio_spadoni_misericordia_stiava_sr_agnes_formazione-10-copia-300x189.jpg\" alt=\"2022 HIC SUM 28 Italia Ruanda spazio + spadoni misericordia Stiva sr agnes entrenamiento 10 copia 300x189\"\/><\/figure>\n\n\n\n<figure class=\"wp-block-image size-large formazione\"><img decoding=\"async\" src=\"https:\/\/spaziospadoni.org\/wp-content\/uploads\/2026\/05\/2022_hicsum_28_italia_rwanda_spazio_spadoni_misericordia_stiava_sr_agnes_formazione-225x300.jpg\" alt=\"2022 HIC SUM 28 italia ruanda spazio + spadoni misericordia Stiva sr agnes entrenamiento 225x300\"\/><\/figure>\n\n\n\n<figure class=\"wp-block-image size-large formazione\"><img decoding=\"async\" src=\"https:\/\/spaziospadoni.org\/wp-content\/uploads\/2026\/05\/2022_hicsum_28_italia_rwanda_spazio_spadoni_misericordia_stiava_sr_agnes_formazione_pane_pizza-2-225x300.jpg\" alt=\"2022 HIC SUM 28 Italia Ruanda spazio + spadoni misericordia Stiva sr agnes formaci\u00f3n de pan de pizza 2 225x300\"\/><\/figure>\n\n\n\n<figure class=\"wp-block-image size-large formazione\"><img decoding=\"async\" src=\"https:\/\/spaziospadoni.org\/wp-content\/uploads\/2026\/05\/2022_hicsum_28_italia_rwanda_spazio_spadoni_misericordia_stiava_sr_agnes_formazione_pane_pizza-5-225x300.jpg\" alt=\"2022 HIC SUM 28 italia ruanda spazio + spadoni misericordia Stiva sr agnes entrenamiento pan pizza 5 225x300\"\/><\/figure>\n\n\n\n<figure class=\"wp-block-image size-large formazione\"><img decoding=\"async\" src=\"https:\/\/spaziospadoni.org\/wp-content\/uploads\/2026\/05\/2022_hicsum_28_italia_rwanda_spazio_spadoni_misericordia_stiava_sr_agnes_formazione_pane_pizza-6-225x300.jpg\" alt=\"2022 HIC SUM 28 italia ruanda spazio + spadoni misericordia Stiva sr agnes formaci\u00f3n de pan de pizza 6 225x300\"\/><\/figure>\n\n\n\n<figure class=\"wp-block-image size-large formazione\"><img decoding=\"async\" src=\"https:\/\/spaziospadoni.org\/wp-content\/uploads\/2026\/05\/2022_hicsum_28_italia_rwanda_spazio_spadoni_misericordia_stiava_sr_agnes_formazione_pane_pizza-7-225x300.jpg\" alt=\"2022 HIC SUM 28 Italia Ruanda spazio + spadoni misericordia Stiva sr agnes formaci\u00f3n de pan de pizza 7 225x300\"\/><\/figure>\n\n\n\n<figure class=\"wp-block-image size-large formazione\"><img decoding=\"async\" src=\"https:\/\/spaziospadoni.org\/wp-content\/uploads\/2026\/05\/2022_marzo_hicsum_28_italia_rwanda_spazio_spadoni_misericordia_stiava_sr_agnes_formazione_volontari-2-300x300.jpg\" alt=\"2022 marzo HIC SUM 28 italia ruanda spazio + spadoni misericordia Stiva sr agnes entrenamiento voluntario 2 300x300\"\/><\/figure>\n\n\n\n<figure class=\"wp-block-image size-large formazione\"><img decoding=\"async\" src=\"https:\/\/spaziospadoni.org\/wp-content\/uploads\/2026\/05\/2022_marzo_hicsum_28_italia_rwanda_spazio_spadoni_misericordia_stiava_sr_agnes_formazione_volontari-3-300x169.jpg\" alt=\"2022 marzo HIC SUM 28 Italia Ruanda spazio + spadoni Miseria Stiva sr agnes formaci\u00f3n voluntaria 3 300x169\"\/><\/figure>\n\n\n\n<figure class=\"wp-block-image size-large formazione\"><img decoding=\"async\" src=\"https:\/\/spaziospadoni.org\/wp-content\/uploads\/2026\/05\/2022_marzo_hicsum_28_italia_rwanda_spazio_spadoni_misericordia_stiava_sr_agnes_formazione_volontari-4-225x300.jpg\" alt=\"2022 Marzo HIC SUM 28 Italia Ruanda spazio + spadoni Miseria Stiva sr agnes Formaci\u00f3n de voluntariado 4 225x300\"\/><\/figure>\n\n\n\n<figure class=\"wp-block-image size-large formazione\"><img decoding=\"async\" src=\"https:\/\/spaziospadoni.org\/wp-content\/uploads\/2026\/05\/2022_marzo_hicsum_28_italia_rwanda_spazio_spadoni_misericordia_stiava_sr_agnes_formazione_volontari-5-300x169.jpg\" alt=\"2022 marzo HIC SUM 28 Italia Ruanda spazio + spadoni Miseria Stiva sr agnes formaci\u00f3n voluntaria 5 300x169\"\/><\/figure>\n\n\n\n<figure class=\"wp-block-image size-large formazione\"><img decoding=\"async\" src=\"https:\/\/spaziospadoni.org\/wp-content\/uploads\/2026\/05\/2022_marzo_hicsum_28_italia_rwanda_spazio_spadoni_misericordia_stiava_sr_agnes_formazione_volontari-240x300.jpg\" alt=\"2022 marzo HIC SUM 28 Italia Ruanda spazio + spadoni Miseria Stiva sr agnes formaci\u00f3n voluntaria 240x300\"\/><\/figure>\n\n\n\n<figure class=\"wp-block-image size-large rwanda\"><img decoding=\"async\" src=\"https:\/\/spaziospadoni.org\/wp-content\/uploads\/2026\/05\/2023_agosto_4_hicsum_28_italia_rwanda_spazio_spadoni_misericordia_stiava_sr_agnes_incontro_volontari_pianificazione_opere-300x135.jpg\" alt=\"2023 4 de agosto HIC SUM 28 Italia Ruanda spazio + spadoni Mercy Stiva sr agnes Trabajos de planificaci\u00f3n de reuniones de voluntarios 300x135\"\/><\/figure>\n\n\n\n<figure class=\"wp-block-image size-large rwanda\"><img decoding=\"async\" src=\"https:\/\/spaziospadoni.org\/wp-content\/uploads\/2026\/05\/2023_febbraio_2_hicsum_28_rwanda_spazio_spadoni_misericordia_stiava_sr_agnes_kigali_incontro_comunita-3-300x225.jpeg\" alt=\"2023 2 de febrero HIC SUM 28 ruanda spazio + spadoni misericordia Stiva sr agnes reuni\u00f3n comunitaria de kigali 3 300x225\"\/><\/figure>\n\n\n\n<figure class=\"wp-block-image size-large rwanda\"><img decoding=\"async\" src=\"https:\/\/spaziospadoni.org\/wp-content\/uploads\/2026\/05\/2023_febbraio_2_hicsum_28_rwanda_spazio_spadoni_misericordia_stiava_sr_agnes_kigali_incontro_comunita-4-225x300.jpeg\" alt=\"2023 2 de febrero HIC SUM 28 Ruanda spazio + spadoni misericordia Stiva sr agnes reuni\u00f3n comunitaria de Kigali 4 225x300\"\/><\/figure>\n\n\n\n<figure class=\"wp-block-image size-large rwanda\"><img decoding=\"async\" src=\"https:\/\/spaziospadoni.org\/wp-content\/uploads\/2026\/05\/2023_novembre_19_hicsum_28_italia_rwanda_spazio_spadoni_misericordia_stiava_sr_agnes_selene_pera_visita-2-225x300.jpg\" alt=\"2023 19 de noviembre HIC SUM 28 italia ruanda spazio + spadoni Misericordia Stiva sr agnes selene pera visita 2 225x300\"\/><\/figure>\n\n\n\n<figure class=\"wp-block-image size-large rwanda\"><img decoding=\"async\" src=\"https:\/\/spaziospadoni.org\/wp-content\/uploads\/2026\/05\/2023_febbraio_2_hicsum_28_rwanda_spazio_spadoni_misericordia_stiava_sr_agnes_kigali_incontro_comunita-5-135x300.jpeg\" alt=\"2023 2 de febrero HIC SUM 28 ruanda spazio + spadoni misericordia Stiva sr agnes reuni\u00f3n comunitaria de kigali 5 135x300\"\/><\/figure>\n\n\n\n<figure class=\"wp-block-image size-large rwanda\"><img decoding=\"async\" src=\"https:\/\/spaziospadoni.org\/wp-content\/uploads\/2026\/05\/2023_febbraio_2_hicsum_28_rwanda_spazio_spadoni_misericordia_stiava_sr_agnes_kigali_incontro_comunita-225x300.jpeg\" alt=\"2023 2 de febrero HIC SUM 28 Ruanda spazio + spadoni misericordia Stiva sr agnes reuni\u00f3n comunitaria de Kigali 225x300\"\/><\/figure>\n\n\n\n<figure class=\"wp-block-image size-large rwanda\"><img decoding=\"async\" src=\"https:\/\/spaziospadoni.org\/wp-content\/uploads\/2026\/05\/2023_febbraio_22_hicsum_28_rwanda_spazio_spadoni_misericordia_stiava_sr_agnes_quaresima_pane_carcerati_ospedale-2-225x300.jpeg\" alt=\"2023 22 de febrero HIC SUM 28 Ruanda spazio + spadoni misericordia Stiva sr agnes pan prestado hospital de prisioneros 2 225x300\"\/><\/figure>\n\n\n\n<figure class=\"wp-block-image size-large rwanda\"><img decoding=\"async\" src=\"https:\/\/spaziospadoni.org\/wp-content\/uploads\/2026\/05\/2023_febbraio_22_hicsum_28_rwanda_spazio_spadoni_misericordia_stiava_sr_agnes_quaresima_pane_carcerati_ospedale-3-225x300.jpeg\" alt=\"2023 22 de febrero HIC SUM 28 Ruanda spazio + spadoni misericordia Stiva sr agnes pan prestado hospital de prisioneros 3 225x300\"\/><\/figure>\n\n\n\n<figure class=\"wp-block-image size-large rwanda\"><img decoding=\"async\" src=\"https:\/\/spaziospadoni.org\/wp-content\/uploads\/2026\/05\/2023_novembre_17_hicsum_28_italia_rwanda_spazio_spadoni_misericordia_stiava_sr_agnes_pane_impresa_sociale-225x300.jpg\" alt=\"2023 17 de noviembre HIC SUM 28 Italia Ruanda spazio + spadoni Misericordia Stiva sr agnes pan empresa social 225x300\"\/><\/figure>\n\n\n\n<figure class=\"wp-block-image size-large rwanda\"><img decoding=\"async\" src=\"https:\/\/spaziospadoni.org\/wp-content\/uploads\/2026\/05\/2023_febbraio_22_hicsum_28_rwanda_spazio_spadoni_misericordia_stiava_sr_agnes_quaresima_pane_carcerati_ospedale-225x300.jpeg\" alt=\"2023 22 de febrero HIC SUM 28 Ruanda spazio + spadoni misericordia Stiva sr agnes pan prestado hospital de prisioneros 225x300\"\/><\/figure>\n\n\n\n<figure class=\"wp-block-image size-large rwanda\"><img decoding=\"async\" src=\"https:\/\/spaziospadoni.org\/wp-content\/uploads\/2026\/05\/2023_novembre_19_hicsum_28_italia_rwanda_spazio_spadoni_misericordia_stiava_sr_agnes_selene_pera_visita-9-copia-293x300.jpg\" alt=\"2023 19 de noviembre HIC SUM 28 italia ruanda spazio + spadoni Misericordia Stiva sr agnes selene pera visita 9 copia 293x300\"\/><\/figure>\n\n\n\n<figure class=\"wp-block-image size-large rwanda\"><img decoding=\"async\" src=\"https:\/\/spaziospadoni.org\/wp-content\/uploads\/2026\/05\/2023_novembre_17_hicsum_28_italia_rwanda_spazio_spadoni_misericordia_stiava_sr_agnes_selene_pera_visita-225x300.jpg\" alt=\"2023 17 de noviembre HIC SUM 28 italia ruanda spazio + spadoni Misericordia Stiva sr agnes selene pera visita 225x300\"\/><\/figure>\n\n\n\n<figure class=\"wp-block-image size-large rwanda\"><img decoding=\"async\" src=\"https:\/\/spaziospadoni.org\/wp-content\/uploads\/2026\/05\/2023_novembre_19_hicsum_28_italia_rwanda_spazio_spadoni_misericordia_stiava_sr_agnes_selene_pera_visita-10-225x300.jpg\" alt=\"2023 19 de noviembre HIC SUM 28 italia ruanda spazio + spadoni Misericordia Stiva sr agnes selene pera visita 10 225x300\"\/><\/figure>\n\n\n\n<figure class=\"wp-block-image size-large rwanda\"><img decoding=\"async\" src=\"https:\/\/spaziospadoni.org\/wp-content\/uploads\/2026\/05\/2023_novembre_19_hicsum_28_italia_rwanda_spazio_spadoni_misericordia_stiava_sr_agnes_selene_pera_visita-14-225x300.jpg\" alt=\"2023 19 de noviembre HIC SUM 28 italia ruanda spazio + spadoni Misericordia Stiva sr agnes selene pera visita 14 225x300\"\/><\/figure>\n\n\n\n<figure class=\"wp-block-image size-large rwanda\"><img decoding=\"async\" src=\"https:\/\/spaziospadoni.org\/wp-content\/uploads\/2026\/05\/2023_novembre_19_hicsum_28_italia_rwanda_spazio_spadoni_misericordia_stiava_sr_agnes_selene_pera_visita-15-copia-193x300.jpg\" alt=\"2023 19 de noviembre HIC SUM 28 italia ruanda spazio + spadoni Misericordia Stiva sr agnes selene pera visita 15 copia 193x300\"\/><\/figure>\n\n\n\n<figure class=\"wp-block-image size-large rwanda\"><img decoding=\"async\" src=\"https:\/\/spaziospadoni.org\/wp-content\/uploads\/2026\/05\/2023_novembre_19_hicsum_28_italia_rwanda_spazio_spadoni_misericordia_stiava_sr_agnes_selene_pera_visita-16-225x300.jpg\" alt=\"2023 19 de noviembre HIC SUM 28 Italia Ruanda spazio + spadoni Misericordia Stiva sr agnes selene Pera Visita 16 225x300\"\/><\/figure>\n\n\n\n<figure class=\"wp-block-image size-large rwanda\"><img decoding=\"async\" src=\"https:\/\/spaziospadoni.org\/wp-content\/uploads\/2026\/05\/2023_novembre_19_hicsum_28_italia_rwanda_spazio_spadoni_misericordia_stiava_sr_agnes_selene_pera_visita-18-225x300.jpg\" alt=\"2023 19 de noviembre HIC SUM 28 italia ruanda spazio + spadoni Misericordia Stiva sr agnes selene pera visita 18 225x300\"\/><\/figure>\n\n\n\n<figure class=\"wp-block-image size-large rwanda\"><img decoding=\"async\" src=\"https:\/\/spaziospadoni.org\/wp-content\/uploads\/2026\/05\/2023_novembre_19_hicsum_28_italia_rwanda_spazio_spadoni_misericordia_stiava_sr_agnes_selene_pera_visita-19.jpg\" alt=\"2023 19 de noviembre HIC SUM 28 italia ruanda spazio + spadoni Misericordia Stiva sr agnes selene pera visita 19 239x300\"\/><\/figure>\n\n\n\n<figure class=\"wp-block-image size-large rwanda\"><img decoding=\"async\" src=\"https:\/\/spaziospadoni.org\/wp-content\/uploads\/2026\/05\/2023_novembre_19_hicsum_28_italia_rwanda_spazio_spadoni_misericordia_stiava_sr_agnes_selene_pera_visita-22-225x300.jpg\" alt=\"2023 19 de noviembre HIC SUM 28 italia ruanda spazio + spadoni Misericordia Stiva sr agnes selene pera visita 22 225x300\"\/><\/figure>\n\n\n\n<figure class=\"wp-block-image size-large rwanda\"><img decoding=\"async\" src=\"https:\/\/spaziospadoni.org\/wp-content\/uploads\/2026\/05\/2023_novembre_19_hicsum_28_italia_rwanda_spazio_spadoni_misericordia_stiava_sr_agnes_selene_pera_visita-27-225x300.jpg\" alt=\"2023 19 de noviembre HIC SUM 28 italia ruanda spazio + spadoni Misericordia Stiva sr agnes selene pera visita 27 225x300\"\/><\/figure>\n\n\n\n<figure class=\"wp-block-image size-large rwanda\"><img decoding=\"async\" src=\"https:\/\/spaziospadoni.org\/wp-content\/uploads\/2026\/05\/2023_ottobre_6_hicsum_28_italia_rwanda_spazio_spadoni_misericordia_stiava_sr_agnes_corso_cucito_formazione-2-copia-300x192.jpg\" alt=\"2023 6 de octubre HIC SUM 28 Italia Ruanda spazio + spadoni Miseria Stiva sr agnes Curso de formaci\u00f3n en costura 2 copia 300x192\"\/><\/figure>\n\n\n\n<figure class=\"wp-block-image size-large rwanda\"><img decoding=\"async\" src=\"https:\/\/spaziospadoni.org\/wp-content\/uploads\/2026\/05\/2023_ottobre_6_hicsum_28_italia_rwanda_spazio_spadoni_misericordia_stiava_sr_agnes_corso_cucito_formazione-225x300.jpg\" alt=\"2023 6 de octubre HIC SUM 28 Italia Ruanda spazio + spadoni Mercy Stiva sr agnes Curso de formaci\u00f3n en costura 225x300\"\/><\/figure>\n\n\n\n<figure class=\"wp-block-image size-large rwanda\"><img decoding=\"async\" src=\"https:\/\/spaziospadoni.org\/wp-content\/uploads\/2026\/05\/2023_ottobre_6_hicsum_28_italia_rwanda_spazio_spadoni_misericordia_stiava_sr_agnes_corso_panificazione_formazione-4-copia-169x300.jpg\" alt=\"2023 6 de octubre HIC SUM 28 Italia Ruanda spazio + spadoni Mercy Stiva sr agnes Curso de formaci\u00f3n en panificaci\u00f3n 4 copias 169x300\"\/><\/figure>\n\n\n\n<figure class=\"wp-block-image size-large rwanda\"><img decoding=\"async\" src=\"https:\/\/spaziospadoni.org\/wp-content\/uploads\/2026\/05\/2022_ottobre_10_hicsum_28_rwanda_spazio_spadoni_misericordia_stiava_sr_agnes_dimora_della_carita_formazione_cucito-300x225.jpeg\" alt=\"2022 10 de octubre HIC SUM 28 Ruanda spazio + spadoni Mercy Stiva Sr. agnes Residencia de caridad Capacitaci\u00f3n en costura 300x225\"\/><\/figure>\n\n\n\n<figure class=\"wp-block-image size-large rwanda\"><img decoding=\"async\" src=\"https:\/\/spaziospadoni.org\/wp-content\/uploads\/2026\/05\/2023_dicembre_hicsum_28_rwanda_spazio_spadoni_misericordia_stiava_sr_agnes_dimora_della_carita_OPERAM-300x143.jpg\" alt=\"2023 diciembre HIC SUM 28 Ruanda spazio + spadoni misericordia Stiva sr agnes morada de la caridad OPERA M 300x143\"\/><\/figure>\n\n\n\n<figure class=\"wp-block-image size-large rwanda\"><img decoding=\"async\" src=\"https:\/\/spaziospadoni.org\/wp-content\/uploads\/2026\/05\/2023_settembre_26_hicsum_28_rwanda_spazio_spadoni_misericordia_stiava_sr_agnes_consorella-225x300.jpg\" alt=\"2023 26 de septiembre HIC SUM 28 Ruanda spazio + spadoni Misericordia Stiva sr agnes hermana 225x300\"\/><\/figure>\n\n\n\n<figure class=\"wp-block-image size-large formazione\"><img decoding=\"async\" src=\"https:\/\/spaziospadoni.org\/wp-content\/uploads\/2026\/05\/2022_agosto_18_hicsum_28_italia_spazio_spadoni_misericordia_stiava_sr_agnes_dimora_della_carita_formazione-2-225x300.jpg\" alt=\"2022 18 de agosto HIC SUM 28 Italia spazio + spadoni misericordia Stiva sr agnes residencia de formaci\u00f3n ben\u00e9fica 2 225x300\"\/><\/figure>\n\n\n\n<figure class=\"wp-block-image size-large formazione\"><img decoding=\"async\" src=\"https:\/\/spaziospadoni.org\/wp-content\/uploads\/2026\/05\/2022_agosto_18_hicsum_28_italia_spazio_spadoni_misericordia_stiava_sr_agnes_dimora_della_carita_formazione-300x225.jpg\" alt=\"2022 18 de agosto HIC SUM 28 Italia spazio + spadoni misericordia Stiva sr agnes residencia de formaci\u00f3n ben\u00e9fica 300x225\"\/><\/figure>\n\n\n\n<figure class=\"wp-block-image size-large formazione\"><img decoding=\"async\" src=\"https:\/\/spaziospadoni.org\/wp-content\/uploads\/2026\/05\/2022_dicembre_8_hicsum_28_italia_spazio_spadoni_misericordia_stiava_sr_agnes_dimora_della_carita_formazione_volontari_alberto_annalisa-300x225.jpeg\" alt=\"2022 8 de diciembre HIC SUM 28 Italia spazio + spadoni misericordia Stiva sr agnes residencia de voluntarios de formaci\u00f3n ben\u00e9fica alberto annalisa 300x225\"\/><\/figure>\n\n\n\n<figure class=\"wp-block-image size-large formazione\"><img decoding=\"async\" src=\"https:\/\/spaziospadoni.org\/wp-content\/uploads\/2026\/05\/2022_giugno_hicsum_28_italia_spazio_spadoni_misericordia_stiava_sr_agnes_dimora_della_carita_formazione_san_cerbone-2-300x225.jpg\" alt=\"2022 junio HIC SUM 28 Italia spazio + spadoni misericordia Stiva sr agnes morada de caridad formaci\u00f3n san cerbone 2 300x225\"\/><\/figure>\n\n\n\n<figure class=\"wp-block-image size-large formazione\"><img decoding=\"async\" src=\"https:\/\/spaziospadoni.org\/wp-content\/uploads\/2026\/05\/2022_giugno_hicsum_28_italia_spazio_spadoni_misericordia_stiava_sr_agnes_dimora_della_carita_formazione_san_cerbone-3-300x225.jpg\" alt=\"2022 junio HIC SUM 28 Italia spazio + spadoni misericordia Stiva sr agnes morada de caridad formaci\u00f3n san cerbone 3 300x225\"\/><\/figure>\n\n\n\n<figure class=\"wp-block-image size-large formazione\"><img decoding=\"async\" src=\"https:\/\/spaziospadoni.org\/wp-content\/uploads\/2026\/05\/2022_giugno_hicsum_28_italia_spazio_spadoni_misericordia_stiava_sr_agnes_dimora_della_carita_formazione_san_cerbone-4-225x300.jpg\" alt=\"2022 junio HIC SUM 28 Italia spazio + spadoni misericordia Stiva sr agnes morada de caridad formaci\u00f3n san cerbone 4 225x300\"\/><\/figure>\n\n\n\n<figure class=\"wp-block-image size-large formazione\"><img decoding=\"async\" src=\"https:\/\/spaziospadoni.org\/wp-content\/uploads\/2026\/05\/2022_giugno_hicsum_28_italia_spazio_spadoni_misericordia_stiava_sr_agnes_dimora_della_carita_formazione_san_cerbone-5-143x300.jpg\" alt=\"2022 junio HIC SUM 28 Italia spazio + spadoni misericordia Stiva sr agnes morada de caridad formaci\u00f3n san cerbone 5 143x300\"\/><\/figure>\n\n\n\n<figure class=\"wp-block-image size-large formazione\"><img decoding=\"async\" src=\"https:\/\/spaziospadoni.org\/wp-content\/uploads\/2026\/05\/2022_giugno_hicsum_28_italia_spazio_spadoni_misericordia_stiava_sr_agnes_dimora_della_carita_formazione_san_cerbone-6-225x300.jpg\" alt=\"2022 junio HIC SUM 28 Italia spazio + spadoni misericordia Stiva sr agnes morada de caridad formaci\u00f3n san cerbone 6 225x300\"\/><\/figure>\n\n\n\n<figure class=\"wp-block-image size-large formazione\"><img decoding=\"async\" src=\"https:\/\/spaziospadoni.org\/wp-content\/uploads\/2026\/05\/2022_giugno_hicsum_28_italia_spazio_spadoni_misericordia_stiava_sr_agnes_dimora_della_carita_formazione_san_cerbone-7-300x225.jpg\" alt=\"2022 junio HIC SUM 28 Italia spazio + spadoni misericordia Stiva sr agnes morada de caridad formaci\u00f3n san cerbone 7 300x225\"\/><\/figure>\n\n\n\n<figure class=\"wp-block-image size-large formazione\"><img decoding=\"async\" src=\"https:\/\/spaziospadoni.org\/wp-content\/uploads\/2026\/05\/2022_giugno_hicsum_28_italia_spazio_spadoni_misericordia_stiava_sr_agnes_dimora_della_carita_formazione_san_cerbone-8-225x300.jpg\" alt=\"2022 junio HIC SUM 28 Italia spazio + spadoni misericordia Stiva sr agnes morada de caridad formaci\u00f3n san cerbone 8 225x300\"\/><\/figure>\n\n\n\n<figure class=\"wp-block-image size-large formazione\"><img decoding=\"async\" src=\"https:\/\/spaziospadoni.org\/wp-content\/uploads\/2026\/05\/spille-copia-300x225.jpg\" alt=\"copiar pines 300x225\"\/><\/figure>\n\n\n\n<figure class=\"wp-block-image size-large formazione\"><img decoding=\"async\" src=\"https:\/\/spaziospadoni.org\/wp-content\/uploads\/2026\/05\/2022_giugno_hicsum_28_italia_spazio_spadoni_misericordia_stiava_sr_agnes_dimora_della_carita_formazione_san_cerbone-225x300.jpg\" alt=\"2022 junio HIC SUM 28 Italia spazio + spadoni misericordia Stiva sr agnes morada de caridad formaci\u00f3n san cerbone 225x300\"\/><\/figure>\n\n\n\n<figure class=\"wp-block-image size-large formazione\"><img decoding=\"async\" src=\"https:\/\/spaziospadoni.org\/wp-content\/uploads\/2026\/05\/2022_hicsum_28_italia_spazio_spadoni_misericordia_stiava_sr_agnes_dimora_della_carita_formazione_panificazione_pizza-225x300.jpg\" alt=\"2022 HIC SUM 28 Italia spazio + spadoni Misericordia Stiva sr agnes Residencia de Caridad Formaci\u00f3n en panificaci\u00f3n de pizza 225x300\"\/><\/figure>\n\n\n\n<figure class=\"wp-block-image size-large rwanda\"><img decoding=\"async\" src=\"https:\/\/spaziospadoni.org\/wp-content\/uploads\/2026\/05\/neraa23a76cc-863b-448b-a516-6a434c7dfea0-copia-183x300.jpg\" alt=\"neraa23a76cc 863b 448b a516 6a434c7dfea0 copiar 183x300\"\/><\/figure>\n\n\n\n<figure class=\"wp-block-image size-large rwanda\"><img decoding=\"async\" src=\"https:\/\/spaziospadoni.org\/wp-content\/uploads\/2026\/05\/4692938f-bd8d-4620-a9fa-7020f90b4ef4-300x103.jpg\" alt=\"4692938f bd8d 4620 a9fa 7020f90b4ef4 300x103\"\/><\/figure>\n\n\n\n<figure class=\"wp-block-image size-large rwanda\"><img decoding=\"async\" src=\"https:\/\/spaziospadoni.org\/wp-content\/uploads\/2026\/05\/2023_marzo_suor_agnes_formazione_spazio_spadoni_ruanda_hic_sum_operam-300x225.jpg\" alt=\"2023 Marzo hermana agnes entrenamiento spazio + spadoni Ruanda HIC SUM OPERA M 300x225\"\/><\/figure>\n\n\n\n<figure class=\"wp-block-image size-large rwanda\"><img decoding=\"async\" src=\"https:\/\/spaziospadoni.org\/wp-content\/uploads\/2026\/05\/2023_novembre_19_hicsum_28_italia_rwanda_spazio_spadoni_misericordia_stiava_sr_agnes_selene_pera_visita-4-225x300.jpg\" alt=\"2023 19 de noviembre HIC SUM 28 italia ruanda spazio + spadoni Misericordia Stiva sr agnes selene pera visita 4 225x300\"\/><\/figure>\n\n\n\n<figure class=\"wp-block-image size-large rwanda\"><img decoding=\"async\" src=\"https:\/\/spaziospadoni.org\/wp-content\/uploads\/2026\/05\/2023_novembre_19_hicsum_28_italia_rwanda_spazio_spadoni_misericordia_stiava_sr_agnes_selene_pera_visita-3-175x300.jpg\" alt=\"2023 19 de noviembre HIC SUM 28 italia ruanda spazio + spadoni Misericordia Stiva sr agnes selene pera visita 3 175x300\"\/><\/figure>\n\n\n\n<figure class=\"wp-block-image size-large rwanda\"><img decoding=\"async\" src=\"https:\/\/spaziospadoni.org\/wp-content\/uploads\/2026\/05\/2023_novembre_19_hicsum_28_italia_rwanda_spazio_spadoni_misericordia_stiava_sr_agnes_selene_pera_visita-2.jpg\" alt=\"2023 19 de noviembre HIC SUM 28 italia ruanda spazio + spadoni Misericordia Stiva sr agnes selene pera visita 2 219x300\"\/><\/figure>\n\n\n\n<figure class=\"wp-block-image size-large rwanda\"><img decoding=\"async\" src=\"https:\/\/spaziospadoni.org\/wp-content\/uploads\/2026\/05\/2023_ottobre_6_hicsum_28_italia_rwanda_spazio_spadoni_misericordia_stiava_sr_agnes_corso_panificazione_formazione-4-copia-169x300.jpg\" alt=\"2023 6 de octubre HIC SUM 28 Italia Ruanda spazio + spadoni Mercy Stiva sr agnes Curso de formaci\u00f3n en panificaci\u00f3n 4 copias 169x300\"\/><\/figure>\n\n\n\n<figure class=\"wp-block-image size-large rwanda\"><img decoding=\"async\" src=\"https:\/\/spaziospadoni.org\/wp-content\/uploads\/2026\/05\/3-giugno-2024-in-occasione-del-corpus-domini-sr-agnes-ed-il-gruppo-carismatico-della-parr-3-142x300.jpg\" alt=\"3 de junio de 2024 con motivo del corpus domini sr agnes y el carism\u00e1tico grupo de parr 3 142x300\"\/><\/figure>\n\n\n\n<figure class=\"wp-block-image size-large rwanda\"><img decoding=\"async\" src=\"https:\/\/spaziospadoni.org\/wp-content\/uploads\/2026\/05\/3-giugno-2024-in-occasione-del-corpus-domini-sr-agnes-ed-il-gruppo-carismatico-della-parr-6-142x300.jpg\" alt=\"3 de junio de 2024 con motivo del corpus domini sr agnes y el grupo carism\u00e1tico del parr 6 142x300\"\/><\/figure>\n\n\n\n<figure class=\"wp-block-image size-large rwanda\"><img decoding=\"async\" src=\"https:\/\/spaziospadoni.org\/wp-content\/uploads\/2026\/05\/3-giugno-2024-in-occasione-del-corpus-domini-sr-agnes-ed-il-gruppo-carismatico-della-parr-5-142x300.jpg\" alt=\"3 de junio de 2024 con motivo del corpus domini sr agnes y el grupo carism\u00e1tico del parr 5 142x300\"\/><\/figure>\n\n\n\n<figure class=\"wp-block-image size-large rwanda\"><img decoding=\"async\" src=\"https:\/\/spaziospadoni.org\/wp-content\/uploads\/2026\/05\/3-giugno-2024-in-occasione-del-corpus-domini-sr-agnes-ed-il-gruppo-carismatico-della-parr-142x300.jpg\" alt=\"3 de junio de 2024 con motivo del corpus domini sr agnes y el carism\u00e1tico grupo de parr 142x300\"\/><\/figure>\n\n\n\n<figure class=\"wp-block-image size-large rwanda\"><img decoding=\"async\" src=\"https:\/\/spaziospadoni.org\/wp-content\/uploads\/2026\/05\/3-giugno-2024-in-occasione-del-corpus-domini-sr-agnes-ed-il-gruppo-carismatico-della-parroc-1-142x300.jpg\" alt=\"3 de junio de 2024 con motivo del corpus domini sr agnes y el grupo carism\u00e1tico de la parroquia 1 142x300\"\/><\/figure>\n\n\n\n<figure class=\"wp-block-image size-large rwanda\"><img decoding=\"async\" src=\"https:\/\/spaziospadoni.org\/wp-content\/uploads\/2026\/05\/giugno-2025_suor-Agnes_hicsum_rwanda_spaziospadoni_opere_di_misericordia_volontari_volontariato_operam-1.jpg\" alt=\"Junio \u200b\u200bde 2025 hermana Agnes HIC SUM ruanda spazio + spadoni obras de misericordia voluntarios voluntariado OPERA M 1\"\/><\/figure>\n\n\n\n<figure class=\"wp-block-image size-large rwanda\"><img decoding=\"async\" src=\"https:\/\/spaziospadoni.org\/wp-content\/uploads\/2026\/05\/giugno-2025_suor-Agnes_hicsum_rwanda_spaziospadoni_opere_di_misericordia_volontari_volontariato_operam-2.jpg\" alt=\"Junio \u200b\u200bde 2025 hermana Agnes HIC SUM ruanda spazio + spadoni obras de misericordia voluntarios voluntariado OPERA M 2\"\/><\/figure>\n\n\n\n<figure class=\"wp-block-image size-large rwanda\"><img decoding=\"async\" src=\"https:\/\/spaziospadoni.org\/wp-content\/uploads\/2026\/05\/2024_agosto_5_spazio_spadoni_suor_agnes_opere_misericordia_volontari_operam-300x225.jpg\" alt=\"2024 5 de agosto spazio + spadoni hermana agnes voluntarios de obras de misericordia OPERA M 300x225\"\/><\/figure>\n\n\n\n<figure class=\"wp-block-image size-large rwanda\"><img decoding=\"async\" src=\"https:\/\/spaziospadoni.org\/wp-content\/uploads\/2026\/05\/2025_ottobre_18_suor_agnes_esperance_rwanda_opere_misericordia_volontari_ospedale-3-300x135.jpg\" alt=\"2025 18 de octubre hermana agnes esperance ruanda obras de misericordia voluntarios hospital 3 300x135\"\/><\/figure>\n\n\n\n<figure class=\"wp-block-image size-large rwanda\"><img decoding=\"async\" src=\"https:\/\/spaziospadoni.org\/wp-content\/uploads\/2026\/05\/2025_ottobre_18_suor_agnes_esperance_rwanda_opere_misericordia_volontari_ospedale-4-300x135.jpg\" alt=\"2025 18 de octubre hermana agnes esperance ruanda obras de misericordia voluntarios hospital 4 300x135\"\/><\/figure>\n\n\n\n<figure class=\"wp-block-image size-large rwanda\"><img decoding=\"async\" src=\"https:\/\/spaziospadoni.org\/wp-content\/uploads\/2026\/05\/2025_ottobre_18_suor_agnes_esperance_rwanda_opere_misericordia_volontari_ospedale-6-300x135.jpg\" alt=\"2025 18 de octubre hermana agnes esperance ruanda obras de misericordia voluntarios hospital 6 300x135\"\/><\/figure>\n\n\n\n<figure class=\"wp-block-image size-large rwanda\"><img decoding=\"async\" src=\"https:\/\/spaziospadoni.org\/wp-content\/uploads\/2026\/05\/2025_ottobre_18_suor_agnes_esperance_rwanda_opere_misericordia_volontari_ospedale-7-300x135.jpg\" alt=\"2025 18 de octubre hermana agnes esperance ruanda obras de misericordia voluntarios hospital 7 300x135\"\/><\/figure>\n\n\n\n<figure class=\"wp-block-image size-large rwanda\"><img decoding=\"async\" src=\"https:\/\/spaziospadoni.org\/wp-content\/uploads\/2026\/05\/2025_ottobre_18_suor_agnes_esperance_rwanda_opere_misericordia_volontari_ospedale-1-300x135.jpg\" alt=\"2025 18 de octubre hermana agnes esperance ruanda obras de misericordia voluntarios hospital 1 300x135\"\/><\/figure>\n\n\n\n<figure class=\"wp-block-image size-large rwanda\"><img decoding=\"async\" src=\"https:\/\/spaziospadoni.org\/wp-content\/uploads\/2026\/05\/2025_novembre_volontari_suor_luminatha_agnes_esperance_festa_volontari_misericordia_spazio_spadoni-2-300x225.jpeg\" alt=\"2025 Noviembre Hermanas voluntarias luminatha agnes esperance Fiesta de voluntarias de la Misericordia spazio + spadoni 2 300x225\"\/><\/figure>\n\n\n\n<figure class=\"wp-block-image size-large rwanda\"><img decoding=\"async\" src=\"https:\/\/spaziospadoni.org\/wp-content\/uploads\/2026\/05\/2025_novembre_volontari_suor_luminatha_agnes_esperance_festa_volontari_misericordia_spazio_spadoni-1-300x135.jpeg\" alt=\"2025 Noviembre voluntarios hermana luminatha agnes esperance fiesta de voluntarios de la misericordia spazio + spadoni 1 300x135\"\/><\/figure>\n<\/figure>\n\n\n\n<div class=\"gb-element-b24bbf5e ss-media-videos\">\n<figure class=\"wp-block-video video\"><video controls src=\"https:\/\/spaziospadoni.org\/wp-content\/uploads\/2026\/05\/Panificio_1.mp4\"><\/video><figcaption class=\"wp-element-caption\">Panader\u00eda 1<\/figcaption><\/figure>\n\n\n\n<figure class=\"wp-block-video video\"><video controls src=\"https:\/\/spaziospadoni.org\/wp-content\/uploads\/2026\/05\/2022_dicembre_suor_agnes-2.mp4\"><\/video><figcaption class=\"wp-element-caption\">Diciembre de 2022 Hermana agnes 2<\/figcaption><\/figure>\n\n\n\n<figure class=\"wp-block-video video\"><video controls src=\"https:\/\/spaziospadoni.org\/wp-content\/uploads\/2026\/05\/2022_dicembre_suor_agnes-1.mp4\"><\/video><figcaption class=\"wp-element-caption\">Diciembre de 2022 Hermana agnes 1<\/figcaption><\/figure>\n\n\n\n<figure class=\"wp-block-video video\"><video controls src=\"https:\/\/spaziospadoni.org\/wp-content\/uploads\/2026\/05\/2023_febbraio_incontro_suor_agnes_formazione_spazio_spadoni_opere_misericordia_progetto_hic_sum_rwanda-1.mp4\"><\/video><figcaption class=\"wp-element-caption\">2023 febrero reuni\u00f3n hermana agnes capacitaci\u00f3n spazio + spadoni proyecto de obras de misericordia HIC SUM ruanda 1<\/figcaption><\/figure>\n\n\n\n<figure class=\"wp-block-video video\"><video controls src=\"https:\/\/spaziospadoni.org\/wp-content\/uploads\/2026\/05\/2023_febbraio_incontro_suor_agnes_formazione_spazio_spadoni_opere_misericordia_progetto_hic_sum_rwanda-2.mp4\"><\/video><figcaption class=\"wp-element-caption\">2023 febrero reuni\u00f3n hermana agnes capacitaci\u00f3n spazio + spadoni proyecto de obras de misericordia HIC SUM ruanda 2<\/figcaption><\/figure>\n\n\n\n<figure class=\"wp-block-video video\"><video controls src=\"https:\/\/spaziospadoni.org\/wp-content\/uploads\/2026\/05\/ottobre_2023_apostolato_ospedale_rwanda_opere_misericordia_operam_spazio_spadoni_suor_agnes.mp4\"><\/video><figcaption class=\"wp-element-caption\">Octubre 2023 apostolado hospital ruanda obras de misericordia OPERA M spazio + spadoni hermana agnes<\/figcaption><\/figure>\n\n\n\n<figure class=\"wp-block-video video\"><video controls src=\"https:\/\/spaziospadoni.org\/wp-content\/uploads\/2026\/05\/maggio_2025_apostolato_ospedale_operam_opere_misericordia_rwanda_suor_agnes_spazio_spadoni-2.mp4\"><\/video><figcaption class=\"wp-element-caption\">Mayo 2025 apostolado hospitalario OPERA M obras de misericordia ruanda hermana agnes spazio + spadoni 2<\/figcaption><\/figure>\n\n\n\n<figure class=\"wp-block-video video\"><video controls src=\"https:\/\/spaziospadoni.org\/wp-content\/uploads\/2026\/05\/maggio_2025_apostolato_ospedale_operam_opere_misericordia_rwanda_suor_agnes_spazio_spadoni-3.mp4\"><\/video><figcaption class=\"wp-element-caption\">Mayo 2025 apostolado hospitalario OPERA M obras de misericordia ruanda hermana agnes spazio + spadoni 3<\/figcaption><\/figure>\n\n\n\n<figure class=\"wp-block-video video\"><video controls src=\"https:\/\/spaziospadoni.org\/wp-content\/uploads\/2026\/05\/maggio_2025_apostolato_ospedale_operam_opere_misericordia_rwanda_suor_agnes_spazio_spadoni-1.mp4\"><\/video><figcaption class=\"wp-element-caption\">Mayo 2025 apostolado hospitalario OPERA M obras de misericordia ruanda hermana agnes spazio + spadoni 1<\/figcaption><\/figure>\n\n\n\n<figure class=\"wp-block-video video\"><video controls src=\"https:\/\/spaziospadoni.org\/wp-content\/uploads\/2026\/05\/2025_aprile_operam_opere_misericordia_spazio_spadoni_butare_ruanda_volontari.mp4\"><\/video><figcaption class=\"wp-element-caption\">2025 abril OPERA M obras de misericordia spazio + spadoni butare ruanda voluntarios<\/figcaption><\/figure>\n\n\n\n<figure class=\"wp-block-video video\"><video controls src=\"https:\/\/spaziospadoni.org\/wp-content\/uploads\/2026\/05\/2025_novembre_6_suor_agnes_cucito_abiti_sacerdoti_paramenti_sacri_spazio_spadoni_progetto_hic_sum-2.mp4\"><\/video><figcaption class=\"wp-element-caption\">2025 6 de noviembre hermana agnes cosiendo ropa sacerdotes vestiduras sagradas spazio + spadoni proyecto HIC SUM 2<\/figcaption><\/figure>\n\n\n\n<figure class=\"wp-block-video video\"><video controls src=\"https:\/\/spaziospadoni.org\/wp-content\/uploads\/2026\/05\/2025_novembre_6_suor_agnes_cucito_abiti_sacerdoti_paramenti_sacri_spazio_spadoni_progetto_hic_sum-1.mp4\"><\/video><figcaption class=\"wp-element-caption\">2025 6 de noviembre hermana agnes cosiendo ropa sacerdotes vestiduras sagradas spazio + spadoni proyecto HIC SUM 1<\/figcaption><\/figure>\n\n\n\n<figure class=\"wp-block-video video\"><video controls src=\"https:\/\/spaziospadoni.org\/wp-content\/uploads\/2026\/05\/2025_ottobre_18_suor_agnes_esperance_rwanda_opere_misericordia_volontari_ospedale-1.mp4\"><\/video><figcaption class=\"wp-element-caption\">2025 18 de octubre hermana agnes esperance ruanda obras de misericordia hospital voluntarios 1<\/figcaption><\/figure>\n<\/div>\n<\/div>\n<\/div>\n<\/div>\n<\/div>\n","protected":false},"excerpt":{"rendered":"<p>Hermana Agnes &#8211; Butare (Ruanda) PROYECTO 28 de 72 MISI\u00d3N Lugar Butare Di\u00f3cesis Butare Naci\u00f3n Ruanda Continente \u00c1frica Coordenadas GPS -2.60697 29.74359 Descompensaci\u00f3n horaria UTC+2 CONGREGACI\u00d3N Congregaci\u00f3n Fraternit\u00e9 des Consacres de la Communaut\u00e9 Ingoro Y\u2019Urukundo (Demeure de la Charit\u00e9) Casa Madre Huye Di\u00f3cesis Butare Naci\u00f3n Ruanda Continente \u00c1frica Celebraci\u00f3n congregacional Fiesta de Pentecost\u00e9s Coordenadas GPS &#8230; <a title=\"Ruanda &#8211; \u00c1frica | Proyecto #28 de 72\" class=\"read-more\" href=\"https:\/\/spaziospadoni.org\/es\/hic-sum\/ruanda-africa-proyecto-28-de-72\/\" aria-label=\"Read more about Ruanda &#8211; \u00c1frica | Proyecto #28 de 72\">Leer m\u00e1s<\/a><\/p>\n","protected":false},"author":102,"featured_media":0,"parent":63319,"menu_order":0,"comment_status":"closed","ping_status":"closed","template":"","meta":{"_sitemap_exclude":false,"_sitemap_priority":"","_sitemap_frequency":"","footnotes":""},"class_list":["post-75373","page","type-page","status-publish","infinite-scroll-item"],"yoast_head":"<!-- This site is optimized with the Yoast SEO plugin v28.4 - https:\/\/yoast.com\/product\/yoast-seo-wordpress\/ -->\n<title>Ruanda - \u00c1frica | Proyecto #28 de 72 | Spazio Spadoni<\/title>\n<meta name=\"description\" content=\"Hermana Agnes - Butare (Ruanda) PROYECTO 28 de 72 MISI\u00d3N Lugar Butare Di\u00f3cesis Butare Naci\u00f3n Ruanda Continente \u00c1frica Coordenadas GPS -2.60697 29.74359\" \/>\n<meta name=\"robots\" content=\"index, follow, max-snippet:-1, max-image-preview:large, max-video-preview:-1\" \/>\n<link rel=\"canonical\" href=\"https:\/\/spaziospadoni.org\/es\/hic-sum\/ruanda-africa-proyecto-28-de-72\/\" \/>\n<meta property=\"og:locale\" content=\"es_ES\" \/>\n<meta property=\"og:type\" content=\"article\" \/>\n<meta property=\"og:title\" content=\"Ruanda - \u00c1frica | Proyecto #28 de 72 | Spazio Spadoni\" \/>\n<meta property=\"og:description\" content=\"Hermana Agnes - Butare (Ruanda) PROYECTO 28 de 72 MISI\u00d3N Lugar Butare Di\u00f3cesis Butare Naci\u00f3n Ruanda Continente \u00c1frica Coordenadas GPS -2.60697 29.74359\" \/>\n<meta property=\"og:url\" content=\"https:\/\/spaziospadoni.org\/es\/hic-sum\/ruanda-africa-proyecto-28-de-72\/\" \/>\n<meta property=\"og:site_name\" content=\"spazio + spadoni\" \/>\n<meta property=\"article:publisher\" content=\"https:\/\/www.facebook.com\/SpazioSpadoni\/\" \/>\n<meta property=\"article:modified_time\" content=\"2026-07-22T11:34:49+00:00\" \/>\n<meta property=\"og:image\" content=\"https:\/\/spaziospadoni.org\/wp-content\/uploads\/2026\/05\/hicsum_1_congo-spaziospadoni-scaled.png\" \/>\n\t<meta property=\"og:image:width\" content=\"2560\" \/>\n\t<meta property=\"og:image:height\" content=\"1771\" \/>\n\t<meta property=\"og:image:type\" content=\"image\/png\" \/>\n<meta name=\"twitter:card\" content=\"summary_large_image\" \/>\n<meta name=\"twitter:label1\" content=\"Est. reading time\" \/>\n\t<meta name=\"twitter:data1\" content=\"25 minutes\" \/>\n<script type=\"application\/ld+json\" class=\"yoast-schema-graph\">{\"@context\":\"https:\\\/\\\/schema.org\",\"@graph\":[{\"@type\":\"WebPage\",\"@id\":\"https:\\\/\\\/spaziospadoni.org\\\/es\\\/hic-sum\\\/ruanda-africa-proyecto-28-de-72\\\/\",\"url\":\"https:\\\/\\\/spaziospadoni.org\\\/es\\\/hic-sum\\\/ruanda-africa-proyecto-28-de-72\\\/\",\"name\":\"Ruanda - \u00c1frica | Proyecto #28 de 72 | Spazio Spadoni\",\"isPartOf\":{\"@id\":\"https:\\\/\\\/spaziospadoni.org\\\/es\\\/#website\"},\"primaryImageOfPage\":{\"@id\":\"https:\\\/\\\/spaziospadoni.org\\\/es\\\/hic-sum\\\/ruanda-africa-proyecto-28-de-72\\\/#primaryimage\"},\"image\":{\"@id\":\"https:\\\/\\\/spaziospadoni.org\\\/es\\\/hic-sum\\\/ruanda-africa-proyecto-28-de-72\\\/#primaryimage\"},\"thumbnailUrl\":\"https:\\\/\\\/spaziospadoni.org\\\/wp-content\\\/uploads\\\/2026\\\/05\\\/hicsum_28_rwanda-spaziospadoni-scaled.png\",\"datePublished\":\"2026-05-15T15:21:58+00:00\",\"dateModified\":\"2026-07-22T11:34:49+00:00\",\"description\":\"Hermana Agnes - Butare (Ruanda) PROYECTO 28 de 72 MISI\u00d3N Lugar Butare Di\u00f3cesis Butare Naci\u00f3n Ruanda Continente \u00c1frica Coordenadas GPS -2.60697 29.74359\",\"breadcrumb\":{\"@id\":\"https:\\\/\\\/spaziospadoni.org\\\/es\\\/hic-sum\\\/ruanda-africa-proyecto-28-de-72\\\/#breadcrumb\"},\"inLanguage\":\"es-ES\",\"potentialAction\":[{\"@type\":\"ReadAction\",\"target\":[\"https:\\\/\\\/spaziospadoni.org\\\/es\\\/hic-sum\\\/ruanda-africa-proyecto-28-de-72\\\/\"]}]},{\"@type\":\"ImageObject\",\"inLanguage\":\"es-ES\",\"@id\":\"https:\\\/\\\/spaziospadoni.org\\\/es\\\/hic-sum\\\/ruanda-africa-proyecto-28-de-72\\\/#primaryimage\",\"url\":\"https:\\\/\\\/spaziospadoni.org\\\/wp-content\\\/uploads\\\/2026\\\/05\\\/hicsum_28_rwanda-spaziospadoni-scaled.png\",\"contentUrl\":\"https:\\\/\\\/spaziospadoni.org\\\/wp-content\\\/uploads\\\/2026\\\/05\\\/hicsum_28_rwanda-spaziospadoni-scaled.png\"},{\"@type\":\"BreadcrumbList\",\"@id\":\"https:\\\/\\\/spaziospadoni.org\\\/es\\\/hic-sum\\\/ruanda-africa-proyecto-28-de-72\\\/#breadcrumb\",\"itemListElement\":[{\"@type\":\"ListItem\",\"position\":1,\"name\":\"Home\",\"item\":\"https:\\\/\\\/spaziospadoni.org\\\/es\\\/\"},{\"@type\":\"ListItem\",\"position\":2,\"name\":\"Proyectos misioneros &#8211; Hic Sum\",\"item\":\"https:\\\/\\\/spaziospadoni.org\\\/es\\\/hic-sum\\\/\"},{\"@type\":\"ListItem\",\"position\":3,\"name\":\"Ruanda &#8211; \u00c1frica | Proyecto #28 de 72\"}]},{\"@type\":\"WebSite\",\"@id\":\"https:\\\/\\\/spaziospadoni.org\\\/es\\\/#website\",\"url\":\"https:\\\/\\\/spaziospadoni.org\\\/es\\\/\",\"name\":\"spazio + spadoni\",\"description\":\"Generazione di misericordia e missione nel mondo\",\"publisher\":{\"@id\":\"https:\\\/\\\/spaziospadoni.org\\\/es\\\/#organization\"},\"alternateName\":\"spaziospadoni.org\",\"potentialAction\":[{\"@type\":\"SearchAction\",\"target\":{\"@type\":\"EntryPoint\",\"urlTemplate\":\"https:\\\/\\\/spaziospadoni.org\\\/es\\\/?s={search_term_string}\"},\"query-input\":{\"@type\":\"PropertyValueSpecification\",\"valueRequired\":true,\"valueName\":\"search_term_string\"}}],\"inLanguage\":\"es-ES\"},{\"@type\":\"Organization\",\"@id\":\"https:\\\/\\\/spaziospadoni.org\\\/es\\\/#organization\",\"name\":\"spazio + spadoni\",\"alternateName\":\"spaziospadoni.org\",\"url\":\"https:\\\/\\\/spaziospadoni.org\\\/es\\\/\",\"logo\":{\"@type\":\"ImageObject\",\"inLanguage\":\"es-ES\",\"@id\":\"https:\\\/\\\/spaziospadoni.org\\\/es\\\/#\\\/schema\\\/logo\\\/image\\\/\",\"url\":\"https:\\\/\\\/spaziospadoni.org\\\/wp-content\\\/uploads\\\/2026\\\/05\\\/spazio-spadoni-logo-100x100-1.webp\",\"contentUrl\":\"https:\\\/\\\/spaziospadoni.org\\\/wp-content\\\/uploads\\\/2026\\\/05\\\/spazio-spadoni-logo-100x100-1.webp\",\"width\":100,\"height\":100,\"caption\":\"spazio + spadoni\"},\"image\":{\"@id\":\"https:\\\/\\\/spaziospadoni.org\\\/es\\\/#\\\/schema\\\/logo\\\/image\\\/\"},\"sameAs\":[\"https:\\\/\\\/www.facebook.com\\\/SpazioSpadoni\\\/\",\"https:\\\/\\\/www.instagram.com\\\/spaziospadoni\\\/\",\"https:\\\/\\\/www.youtube.com\\\/@spaziospadoni\\\/playlists\"]}]}<\/script>\n<!-- \/ Yoast SEO plugin. -->","yoast_head_json":{"title":"Ruanda - \u00c1frica | Proyecto #28 de 72 | Spazio Spadoni","description":"Hermana Agnes - Butare (Ruanda) PROYECTO 28 de 72 MISI\u00d3N Lugar Butare Di\u00f3cesis Butare Naci\u00f3n Ruanda Continente \u00c1frica Coordenadas GPS -2.60697 29.74359","robots":{"index":"index","follow":"follow","max-snippet":"max-snippet:-1","max-image-preview":"max-image-preview:large","max-video-preview":"max-video-preview:-1"},"canonical":"https:\/\/spaziospadoni.org\/es\/hic-sum\/ruanda-africa-proyecto-28-de-72\/","og_locale":"es_ES","og_type":"article","og_title":"Ruanda - \u00c1frica | Proyecto #28 de 72 | Spazio Spadoni","og_description":"Hermana Agnes - Butare (Ruanda) PROYECTO 28 de 72 MISI\u00d3N Lugar Butare Di\u00f3cesis Butare Naci\u00f3n Ruanda Continente \u00c1frica Coordenadas GPS -2.60697 29.74359","og_url":"https:\/\/spaziospadoni.org\/es\/hic-sum\/ruanda-africa-proyecto-28-de-72\/","og_site_name":"spazio + spadoni","article_publisher":"https:\/\/www.facebook.com\/SpazioSpadoni\/","article_modified_time":"2026-07-22T11:34:49+00:00","og_image":[{"width":2560,"height":1771,"url":"https:\/\/spaziospadoni.org\/wp-content\/uploads\/2026\/05\/hicsum_1_congo-spaziospadoni-scaled.png","type":"image\/png"}],"twitter_card":"summary_large_image","twitter_misc":{"Est. reading time":"25 minutes"},"schema":{"@context":"https:\/\/schema.org","@graph":[{"@type":"WebPage","@id":"https:\/\/spaziospadoni.org\/es\/hic-sum\/ruanda-africa-proyecto-28-de-72\/","url":"https:\/\/spaziospadoni.org\/es\/hic-sum\/ruanda-africa-proyecto-28-de-72\/","name":"Ruanda - \u00c1frica | Proyecto #28 de 72 | Spazio Spadoni","isPartOf":{"@id":"https:\/\/spaziospadoni.org\/es\/#website"},"primaryImageOfPage":{"@id":"https:\/\/spaziospadoni.org\/es\/hic-sum\/ruanda-africa-proyecto-28-de-72\/#primaryimage"},"image":{"@id":"https:\/\/spaziospadoni.org\/es\/hic-sum\/ruanda-africa-proyecto-28-de-72\/#primaryimage"},"thumbnailUrl":"https:\/\/spaziospadoni.org\/wp-content\/uploads\/2026\/05\/hicsum_28_rwanda-spaziospadoni-scaled.png","datePublished":"2026-05-15T15:21:58+00:00","dateModified":"2026-07-22T11:34:49+00:00","description":"Hermana Agnes - Butare (Ruanda) PROYECTO 28 de 72 MISI\u00d3N Lugar Butare Di\u00f3cesis Butare Naci\u00f3n Ruanda Continente \u00c1frica Coordenadas GPS -2.60697 29.74359","breadcrumb":{"@id":"https:\/\/spaziospadoni.org\/es\/hic-sum\/ruanda-africa-proyecto-28-de-72\/#breadcrumb"},"inLanguage":"es-ES","potentialAction":[{"@type":"ReadAction","target":["https:\/\/spaziospadoni.org\/es\/hic-sum\/ruanda-africa-proyecto-28-de-72\/"]}]},{"@type":"ImageObject","inLanguage":"es-ES","@id":"https:\/\/spaziospadoni.org\/es\/hic-sum\/ruanda-africa-proyecto-28-de-72\/#primaryimage","url":"https:\/\/spaziospadoni.org\/wp-content\/uploads\/2026\/05\/hicsum_28_rwanda-spaziospadoni-scaled.png","contentUrl":"https:\/\/spaziospadoni.org\/wp-content\/uploads\/2026\/05\/hicsum_28_rwanda-spaziospadoni-scaled.png"},{"@type":"BreadcrumbList","@id":"https:\/\/spaziospadoni.org\/es\/hic-sum\/ruanda-africa-proyecto-28-de-72\/#breadcrumb","itemListElement":[{"@type":"ListItem","position":1,"name":"Home","item":"https:\/\/spaziospadoni.org\/es\/"},{"@type":"ListItem","position":2,"name":"Proyectos misioneros &#8211; Hic Sum","item":"https:\/\/spaziospadoni.org\/es\/hic-sum\/"},{"@type":"ListItem","position":3,"name":"Ruanda &#8211; \u00c1frica | Proyecto #28 de 72"}]},{"@type":"WebSite","@id":"https:\/\/spaziospadoni.org\/es\/#website","url":"https:\/\/spaziospadoni.org\/es\/","name":"spazio + spadoni","description":"Generazione di misericordia e missione nel mondo","publisher":{"@id":"https:\/\/spaziospadoni.org\/es\/#organization"},"alternateName":"spaziospadoni.org","potentialAction":[{"@type":"SearchAction","target":{"@type":"EntryPoint","urlTemplate":"https:\/\/spaziospadoni.org\/es\/?s={search_term_string}"},"query-input":{"@type":"PropertyValueSpecification","valueRequired":true,"valueName":"search_term_string"}}],"inLanguage":"es-ES"},{"@type":"Organization","@id":"https:\/\/spaziospadoni.org\/es\/#organization","name":"spazio + spadoni","alternateName":"spaziospadoni.org","url":"https:\/\/spaziospadoni.org\/es\/","logo":{"@type":"ImageObject","inLanguage":"es-ES","@id":"https:\/\/spaziospadoni.org\/es\/#\/schema\/logo\/image\/","url":"https:\/\/spaziospadoni.org\/wp-content\/uploads\/2026\/05\/spazio-spadoni-logo-100x100-1.webp","contentUrl":"https:\/\/spaziospadoni.org\/wp-content\/uploads\/2026\/05\/spazio-spadoni-logo-100x100-1.webp","width":100,"height":100,"caption":"spazio + spadoni"},"image":{"@id":"https:\/\/spaziospadoni.org\/es\/#\/schema\/logo\/image\/"},"sameAs":["https:\/\/www.facebook.com\/SpazioSpadoni\/","https:\/\/www.instagram.com\/spaziospadoni\/","https:\/\/www.youtube.com\/@spaziospadoni\/playlists"]}]}},"_links":{"self":[{"href":"https:\/\/spaziospadoni.org\/es\/wp-json\/wp\/v2\/pages\/75373","targetHints":{"allow":["GET"]}}],"collection":[{"href":"https:\/\/spaziospadoni.org\/es\/wp-json\/wp\/v2\/pages"}],"about":[{"href":"https:\/\/spaziospadoni.org\/es\/wp-json\/wp\/v2\/types\/page"}],"author":[{"embeddable":true,"href":"https:\/\/spaziospadoni.org\/es\/wp-json\/wp\/v2\/users\/102"}],"replies":[{"embeddable":true,"href":"https:\/\/spaziospadoni.org\/es\/wp-json\/wp\/v2\/comments?post=75373"}],"version-history":[{"count":0,"href":"https:\/\/spaziospadoni.org\/es\/wp-json\/wp\/v2\/pages\/75373\/revisions"}],"up":[{"embeddable":true,"href":"https:\/\/spaziospadoni.org\/es\/wp-json\/wp\/v2\/pages\/63319"}],"wp:attachment":[{"href":"https:\/\/spaziospadoni.org\/es\/wp-json\/wp\/v2\/media?parent=75373"}],"curies":[{"name":"wp","href":"https:\/\/api.w.org\/{rel}","templated":true}]}}