{"id":77391,"date":"2026-05-15T10:16:15","date_gmt":"2026-05-15T09:16:15","guid":{"rendered":"https:\/\/spaziospadoni.org\/hic-sum\/burkina-faso-africa-progetto-31-di-72\/"},"modified":"2026-07-22T14:37:30","modified_gmt":"2026-07-22T13:37:30","slug":"burkina-faso-africa-proyecto-31-de-72","status":"publish","type":"page","link":"https:\/\/spaziospadoni.org\/es\/hic-sum\/burkina-faso-africa-proyecto-31-de-72\/","title":{"rendered":"Burkina Faso &#8211; \u00c1frica | Proyecto #31 de 72"},"content":{"rendered":"\n<div class=\"ss-project-hero-card\">\n<h2 id=\"sor-odette-leo-burkina-faso\" class=\"gb-text gb-text-62a95885\">Sor Odette &#8211; L\u00e9o (Burkina Faso)<\/h2>\n\n\n\n<div class=\"gb-element-f60f2409\">\n<div class=\"gb-element-90a85740 ss-project-sidebar\">\n<h2 id=\"proyecto-31-de-72\" class=\"gb-text ss-project-title\">PROYECTO 31 de 72<\/h2>\n\n\n\n<figure class=\"wp-block-image size-large\"><img decoding=\"async\" src=\"https:\/\/spaziospadoni.org\/wp-content\/uploads\/2026\/05\/hicsum_31_burkina_faso-spaziospadoni-scaled.png\" alt=\"hicsum 31 burkina faso spaziospadoni 400x277\"\/><\/figure>\n\n\n\n<div class=\"ss-project-table\">\n<div class=\"ss-table-section-title\">\n<h3 id=\"mision\" class=\"gb-text\">MISI\u00d3N<\/h3>\n<\/div>\n\n\n\n<div class=\"ss-table-row\">\n<p class=\"gb-text\">Lugar<\/p>\n\n\n\n<p class=\"gb-text\"><a href=\"https:\/\/www.google.it\/maps\/place\/L%C3%A9o,+Burkina+Faso\/@11.0926321,-2.133472,14z\/data=!3m1!4b1!4m6!3m5!1s0xe2d13bb5de7d2b9:0x7c5349708c365b74!8m2!3d11.0978809!4d-2.0959429!16s%2Fm%2F0464753?entry=ttu&#038;g_ep=EgoyMDI1MDMyNS4xIKXMDSoJLDEwMjExNjM5SAFQAw%3D%3D\" rel=\"noreferrer noopener\" target=\"_blank\" title=\"L\u00e9o\">L\u00e9o<\/a><\/p>\n<\/div>\n\n\n\n<div class=\"ss-table-row\">\n<p class=\"gb-text\">Di\u00f3cesis<\/p>\n\n\n\n<p class=\"gb-text\">Ouagadougou<\/p>\n<\/div>\n\n\n\n<div class=\"ss-table-row\">\n<p class=\"gb-text\">Pa\u00eds<\/p>\n\n\n\n<p class=\"gb-text\"><strong>Burkina Faso<\/strong><\/p>\n<\/div>\n\n\n\n<div class=\"ss-table-row\">\n<p class=\"gb-text\">Continente<\/p>\n\n\n\n<p class=\"gb-text\">\u00c1frica<\/p>\n<\/div>\n\n\n\n<div class=\"ss-table-row\">\n<p class=\"gb-text\">Coordenadas GPS<\/p>\n\n\n\n<p class=\"gb-text\">12.23854 -1.56155<\/p>\n<\/div>\n\n\n\n<div class=\"ss-table-row\">\n<p class=\"gb-text\">Huso horario<\/p>\n\n\n\n<p class=\"gb-text\">UTC+0<\/p>\n<\/div>\n<\/div>\n\n\n\n<div class=\"ss-project-table\">\n<div class=\"ss-table-section-title\">\n<h3 id=\"congregacion\" class=\"gb-text\">CONGREGACI\u00d3N<\/h3>\n<\/div>\n\n\n\n<div class=\"ss-table-row\">\n<p class=\"gb-text\">Congregaci\u00f3n<\/p>\n\n\n\n<p class=\"gb-text\">S\u0153urs de l\u2019Immacul\u00e9e Conception de Ouagadougou (SIC)<\/p>\n<\/div>\n\n\n\n<div class=\"ss-table-row\">\n<p class=\"gb-text\">Casa Madre<\/p>\n\n\n\n<p class=\"gb-text\">Ouagadougou<\/p>\n<\/div>\n\n\n\n<div class=\"ss-table-row\">\n<p class=\"gb-text\">Di\u00f3cesis<\/p>\n\n\n\n<p class=\"gb-text\">Ouagadougou<\/p>\n<\/div>\n\n\n\n<div class=\"ss-table-row\">\n<p class=\"gb-text\">Pa\u00eds<\/p>\n\n\n\n<p class=\"gb-text\">Burkina Faso<\/p>\n<\/div>\n\n\n\n<div class=\"ss-table-row\">\n<p class=\"gb-text\">Continente<\/p>\n\n\n\n<p class=\"gb-text\">\u00c1frica<\/p>\n<\/div>\n\n\n\n<div class=\"ss-table-row\">\n<p class=\"gb-text\">Fiesta de la Congregaci\u00f3n<\/p>\n\n\n\n<p class=\"gb-text\">8 de diciembre<\/p>\n<\/div>\n\n\n\n<div class=\"ss-table-row\">\n<p class=\"gb-text\">Coordenadas GPS<\/p>\n\n\n\n<p class=\"gb-text\">12.36787 -1.50183<\/p>\n<\/div>\n\n\n\n<div class=\"ss-table-row\">\n<p class=\"gb-text\">Huso horario<\/p>\n\n\n\n<p class=\"gb-text\">UTC+0<\/p>\n<\/div>\n\n\n\n<div class=\"ss-table-row\">\n<p class=\"gb-text\">Responsable<\/p>\n\n\n\n<p class=\"gb-text\">Sor Odette<\/p>\n<\/div>\n\n\n\n<div class=\"ss-table-row\">\n<p class=\"gb-text\">Madre General<\/p>\n\n\n\n<p class=\"gb-text\">Pauline Sawadogo<\/p>\n<\/div>\n\n\n\n<div class=\"ss-table-row\">\n<p class=\"gb-text\">Sitio web<\/p>\n\n\n\n<p class=\"gb-text\"><a href=\"https:\/\/www.hhcj.it\/\" target=\"_blank\" rel=\"noreferrer noopener\" title=\"hhcj.it\">hhcj.it<\/a><\/p>\n<\/div>\n<\/div>\n\n\n\n<div class=\"ss-project-table\">\n<div class=\"ss-table-section-title\">\n<h3 id=\"entidad-de-formacion\" class=\"gb-text\">ENTIDAD DE FORMACI\u00d3N<\/h3>\n<\/div>\n\n\n\n<div class=\"ss-table-row\">\n<p class=\"gb-text\">Nombre<\/p>\n\n\n\n<p class=\"gb-text\">spazio + spadoni<\/p>\n<\/div>\n\n\n\n<div class=\"ss-table-row\">\n<p class=\"gb-text\">Lugar<\/p>\n\n\n\n<p class=\"gb-text\">Lucca (LU)<\/p>\n<\/div>\n\n\n\n<div class=\"ss-table-row\">\n<p class=\"gb-text\">Pa\u00eds<\/p>\n\n\n\n<p class=\"gb-text\">Italia<\/p>\n<\/div>\n\n\n\n<div class=\"ss-table-row\">\n<p class=\"gb-text\">Continente<\/p>\n\n\n\n<p class=\"gb-text\">Europa<\/p>\n<\/div>\n\n\n\n<div class=\"ss-table-row\">\n<p class=\"gb-text\">Coordenadas GPS<\/p>\n\n\n\n<p class=\"gb-text\">43.81134 10.47286<\/p>\n<\/div>\n\n\n\n<div class=\"ss-table-row\">\n<p class=\"gb-text\">Huso horario<\/p>\n\n\n\n<p class=\"gb-text\">UTC+1<\/p>\n<\/div>\n\n\n\n<div class=\"ss-table-row\">\n<p class=\"gb-text\">Fecha de inicio<\/p>\n\n\n\n<p class=\"gb-text\">03\/01\/2022<\/p>\n<\/div>\n\n\n\n<div class=\"ss-table-row\">\n<p class=\"gb-text\">Fecha de finalizaci\u00f3n<\/p>\n\n\n\n<p class=\"gb-text\">Noviembre de 2024<\/p>\n<\/div>\n\n\n\n<div class=\"ss-table-row\">\n<p class=\"gb-text\">Tutor<\/p>\n\n\n\n<p class=\"gb-text\">Francesca Di Carmine<\/p>\n<\/div>\n<\/div>\n\n\n\n<div class=\"ss-project-table\">\n<div class=\"ss-table-section-title\">\n<h3 id=\"espacio-real\" class=\"gb-text\">ESPACIO REAL<\/h3>\n<\/div>\n\n\n\n<div class=\"ss-table-row\">\n<p class=\"gb-text\">Responsable del proyecto<\/p>\n\n\n\n<p class=\"gb-text\">Sor Odette<\/p>\n<\/div>\n\n\n\n<div class=\"ss-table-row\">\n<p class=\"gb-text\">Fecha de inicio<\/p>\n\n\n\n<p class=\"gb-text\">30 2022<\/p>\n<\/div>\n\n\n\n<div class=\"ss-table-row\">\n<p class=\"gb-text\">Tipo<\/p>\n\n\n\n<p class=\"gb-text\"><strong>Pan de Misericordia<\/strong><\/p>\n<\/div>\n<\/div>\n\n\n<\/div>\n<\/div>\n\n\n\n<div class=\"gb-element-6ad95ea8\">\n<div class=\"gb-element-e34063a6 ss-project-intro\"><div class=\"wp-block-image imgText\">\n<figure class=\"alignright size-full is-resized\"><img decoding=\"async\" alt=\"2022_noviembre_28_hicsum_31_burkina_faso_espacio_spadoni_sr_odette_sic_hermanas_inmaculada_formaci\u00f3n_apicultura_colmenas_listas\" src=\"https:\/\/spaziospadoni.org\/wp-content\/uploads\/2026\/05\/2022_novembre_28_hicsum_31_burkina_faso_spazio_spadoni_sr_odette_sic_suore_immacolata_formazione_apicoltura_arnie_pronte-4-225x300.jpeg\" style=\"width:154px;height:auto\"\/><figcaption class=\"wp-element-caption\">Pan de Misericordia<\/figcaption><\/figure>\n<\/div>\n\n<div class=\"wp-block-image imgText\">\n<figure class=\"alignleft size-full is-resized\"><img decoding=\"async\" alt=\"sor_odette-spaziospadoni\" src=\"https:\/\/spaziospadoni.org\/wp-content\/uploads\/2026\/05\/suor_odette-spaziospadoni-300x300.png\" style=\"width:184px;height:auto\"\/><figcaption class=\"wp-element-caption\">sor_odette-spaziospadoni<\/figcaption><\/figure>\n<\/div>\n\n\n<p class=\"wp-block-paragraph\"><strong>A trav\u00e9s de algunos contactos con un joven miembro de Economy of Francesco, spazio + spadoni y la Congregaci\u00f3n decidieron desarrollar un proyecto de empresa social para la producci\u00f3n de miel que implicara a todo el Instituto. Entre 2022 y los primeros meses de 2023, spazio + spadoni apoy\u00f3 una formaci\u00f3n en Burkina Faso en la que participaron laicos y hermanas de distintas comunidades SIC; comenzaron a producir miel y lo vendieron por primera vez en el verano de 2023. El objetivo es formar en la producci\u00f3n de miel a todas las comunidades de las Suore Immacolata Concezione presentes en Burkina Faso. La empresa social est\u00e1 supervisada por sor Raissa, mientras que sor Odette se encuentra en Burkina Faso, pero en otra comunidad que se ocupa de la acogida.<\/strong><\/p>\n\n\n\n<p class=\"wp-block-paragraph\">Sor Odette pertenece a la Congregaci\u00f3n SIC (Suore Immacolata Concezione), una Congregaci\u00f3n de Burkina Faso. spazio + spadoni conoci\u00f3 por primera vez a las hermanas en enero de 2022 en su comunidad de Incisa Valdarno (FI). Las hermanas identificaron inmediatamente a sor Odette como la hermana que deb\u00eda realizar el proyecto HIC SUM. Puesto que su presencia era necesaria para apoyar las actividades de la comunidad y de la parroquia, se dise\u00f1\u00f3 para sor Odette una formaci\u00f3n a medida que no la mantuviera alejada de Incisa durante demasiado tiempo. Entre otras actividades, realiz\u00f3 una formaci\u00f3n de aproximadamente un mes en la Misericordia di Orta Nova. <strong>M\u00e1s informaci\u00f3n<\/strong> <a href=\"https:\/\/spaziospadoni.org\/spazio-missionario\/hic-sum\/suor-odette-un-grande-bisogno-di-misericordia\/\" rel=\"noreferrer noopener\" target=\"_blank\" title=\"Sor Odette: \u00abUna gran necesidad de misericordia\u00bb\">Sor Odette: \u00abUna gran necesidad de misericordia\u00bb<\/a> <a href=\"https:\/\/spaziospadoni.org\/spazio-missionario\/hic-sum\/lapicoltura-come-percorso-di-sviluppo-e-solidarieta-in-burkina-faso\/\" rel=\"noreferrer noopener\" target=\"_blank\" title=\"La apicultura como v\u00eda de desarrollo y solidaridad en Burkina Faso\">La apicultura como v\u00eda de desarrollo y solidaridad en Burkina Faso<\/a><\/p>\n\n<\/div>\n<\/div>\n\n\n\n\n<div>\n\n<h2 id=\"cronologia\" class=\"gb-text gb-text-8179e40a\">Cronolog\u00eda<\/h2>\n\n\n\n\n\n<div class=\"ss-timeline\">\n\n<h3 id=\"2022\" class=\"gb-text\">2022<\/h3>\n\n\n\n\n\n<div class=\"ss-timeline-item\">\n\n<h4 id=\"0301-inicio-de-la-relacion-con-la-congregacion\" class=\"gb-text\">03.01 | Inicio de la relaci\u00f3n con la Congregaci\u00f3n<\/h4>\n\n\n\n\n<p class=\"wp-block-paragraph\">Comienza la colaboraci\u00f3n entre spazio + spadoni y las Hermanas SIC \u2013 Suore Immacolata Concezione<\/p>\n\n\n\n<figure class=\"wp-block-gallery has-nested-images columns-1 is-cropped ss-lightbox wp-block-gallery-1 is-layout-flex wp-block-gallery-is-layout-flex\">\n\n<figure class=\"wp-block-image size-large\"><img decoding=\"async\" src=\"https:\/\/spaziospadoni.org\/wp-content\/uploads\/2026\/05\/Suore-SIC-Incisa-4-Gennaio-2022-300x209.jpg\" alt=\"hermanas SIC Incisa 4 enero 2022 300x209\"\/><figcaption class=\"wp-element-caption\">03.01 | Inicio de la relaci\u00f3n con la Congregaci\u00f3n<\/figcaption><\/figure>\n\n<\/figure>\n\n\n<\/div>\n\n\n\n\n<div class=\"ss-timeline-item\">\n\n<h4 id=\"3103-formacion\" class=\"gb-text\">31.03 | Formaci\u00f3n<\/h4>\n\n\n\n\n<p class=\"wp-block-paragraph\">spazio + spadoni se desplaza a Incisa Valdarno para planificar con las hermanas la formaci\u00f3n de los pr\u00f3ximos meses<\/p>\n\n\n\n<figure class=\"wp-block-gallery has-nested-images columns-1 is-cropped ss-lightbox wp-block-gallery-2 is-layout-flex wp-block-gallery-is-layout-flex\">\n\n<figure class=\"wp-block-image size-large\"><img decoding=\"async\" src=\"https:\/\/spaziospadoni.org\/wp-content\/uploads\/2026\/05\/2022_maggio_19_hicsum_31_incisa_spazio_spadoni_sr_odette_sic_suore_immacolata_incontro_luigi_spadoni-copia-247x300.jpg\" alt=\"2022 mayo 19 hicsum 31 incisa spazio + spadoni sr odette sic suore immacolata encuentro luigi spadoni copia 247x300\"\/><figcaption class=\"wp-element-caption\">31.03 | Formaci\u00f3n<\/figcaption><\/figure>\n\n\n<figure class=\"wp-block-image size-large\"><img decoding=\"async\" src=\"https:\/\/spaziospadoni.org\/wp-content\/uploads\/2026\/05\/2022_maggio_19_hicsum_31_incisa_spazio_spadoni_sr_odette_sic_suore_immacolata_incontro_luigi_spadoni-5-copia-300x169.jpg\" alt=\"2022 mayo 19 hicsum 31 incisa spazio + spadoni sr odette sic suore immacolata encuentro luigi spadoni 5 copia 300x169\"\/><figcaption class=\"wp-element-caption\">31.03 | Formaci\u00f3n<\/figcaption><\/figure>\n\n<\/figure>\n\n\n<\/div>\n\n\n\n\n<div class=\"ss-timeline-item\">\n\n<h4 id=\"2004-formacion\" class=\"gb-text\">20.04 | Formaci\u00f3n<\/h4>\n\n\n\n\n<p class=\"wp-block-paragraph\">Formaci\u00f3n presencial del proyecto HIC SUM en la Casa Madre della Congregazione Missionaria Sorelle di Santa Gemma (LU)<\/p>\n\n\n\n<figure class=\"wp-block-gallery has-nested-images columns-1 is-cropped ss-lightbox wp-block-gallery-3 is-layout-flex wp-block-gallery-is-layout-flex\">\n\n<figure class=\"wp-block-image size-large\"><img decoding=\"async\" src=\"https:\/\/spaziospadoni.org\/wp-content\/uploads\/2026\/05\/spilla-a-odette-e-ansila-F-a-devothye-e-oliver-tagliare-copia-300x147.jpg\" alt=\"spilla a odette e ansila F a devothye e oliver tagliare copia 300x147\"\/><figcaption class=\"wp-element-caption\">20.04 | Formaci\u00f3n<\/figcaption><\/figure>\n\n<\/figure>\n\n\n<\/div>\n\n\n\n\n<div class=\"ss-timeline-item\">\n\n<h4 id=\"060906-formacion\" class=\"gb-text\">06-09.06 | Formaci\u00f3n<\/h4>\n\n\n\n\n<p class=\"wp-block-paragraph\">Formaci\u00f3n t\u00e9cnica de spazio + spadoni en el Convento di San Cerbone (LU) <\/p>\n\n\n<\/div>\n\n\n\n\n<div class=\"ss-timeline-item\">\n\n<h4 id=\"0808-formacion\" class=\"gb-text\">08.08 | Formaci\u00f3n<\/h4>\n\n\n\n\n<p class=\"wp-block-paragraph\">Sor Odette comienza una formaci\u00f3n de aproximadamente un mes en la Misericordia di Orta Nova<\/p>\n\n\n<\/div>\n\n\n\n\n<div class=\"ss-timeline-item\">\n\n<h4 id=\"071109-convencion-fare-spazio-al-coraggio\" class=\"gb-text\">07-11.09 | Convenci\u00f3n Fare Spazio al Coraggio<\/h4>\n\n\n\n\n<p class=\"wp-block-paragraph\">Sor Odette participa en la Convenci\u00f3n concebida y promovida por spazio + spadoni en el Convento di San Cerbone (LU) <\/p>\n\n\n<\/div>\n\n\n\n\n<div class=\"ss-timeline-item\">\n\n<h4 id=\"222409-economy-of-francesco\" class=\"gb-text\">22-24.09 | Economy of Francesco<\/h4>\n\n\n\n\n<p class=\"wp-block-paragraph\">Sor Odette, junto con el equipo de spazio + spadoni, participa en el evento mundial Economy of Francesco en As\u00eds <\/p>\n\n\n<\/div>\n\n\n\n\n<div class=\"ss-timeline-item\">\n\n<h4 id=\"3009-primera-financiacion-concedida\" class=\"gb-text\">30.09 | Primera financiaci\u00f3n concedida<\/h4>\n\n\n\n\n<p class=\"wp-block-paragraph\">Financiaci\u00f3n necesaria para iniciar la formaci\u00f3n sobre producci\u00f3n de miel<\/p>\n\n\n<\/div>\n\n\n\n\n<div class=\"ss-timeline-item\">\n\n<h4 id=\"0810-formacion\" class=\"gb-text\">08.10 | Formaci\u00f3n<\/h4>\n\n\n\n\n<p class=\"wp-block-paragraph\">Comienza en Burkina Faso la formaci\u00f3n sobre producci\u00f3n de miel, en la que participan hermanas de distintas comunidades SIC. La formaci\u00f3n continuar\u00e1 durante varios meses y conducir\u00e1 a la producci\u00f3n de miel en mayo\/junio de 2023 <\/p>\n\n\n<\/div>\n\n\n\n\n<div class=\"ss-timeline-item\">\n\n<h4 id=\"1411-segunda-financiacion-concedida\" class=\"gb-text\">14.11 | Segunda financiaci\u00f3n concedida<\/h4>\n\n\n\n\n<p class=\"wp-block-paragraph\">Financiaci\u00f3n necesaria para comprar los equipos destinados a la producci\u00f3n de miel<\/p>\n\n\n<\/div>\n\n\n\n\n<div class=\"ss-timeline-item\">\n\n<h4 id=\"21111612-formacion\" class=\"gb-text\">21.11-16.12 | Formaci\u00f3n<\/h4>\n\n\n\n\n<p class=\"wp-block-paragraph\">Sor Odette participa en el curso de formaci\u00f3n sobre las Obras de Misericordia y la Econom\u00eda de Comuni\u00f3n en Loppiano (FI) <\/p>\n\n\n<\/div>\n\n\n\n\n<div class=\"ss-timeline-item\">\n\n<h4 id=\"2911-tercera-financiacion-concedida\" class=\"gb-text\">29.11 | Tercera financiaci\u00f3n concedida<\/h4>\n\n\n\n\n<p class=\"wp-block-paragraph\">La financiaci\u00f3n est\u00e1 destinada al pago de la segunda y \u00faltima cuota del curso sobre producci\u00f3n de miel<\/p>\n\n\n\n<figure class=\"wp-block-gallery has-nested-images columns-1 is-cropped ss-lightbox wp-block-gallery-4 is-layout-flex wp-block-gallery-is-layout-flex\">\n\n<figure class=\"wp-block-image size-large\"><img decoding=\"async\" src=\"https:\/\/spaziospadoni.org\/wp-content\/uploads\/2026\/05\/3-novembre-2022-formazione-sullapicoltura-1-300x220.jpg\" alt=\"3 noviembre 2022 formaci\u00f3n sullapicoltura 1 300x220\"\/><figcaption class=\"wp-element-caption\">29.11 | Tercera financiaci\u00f3n concedida<\/figcaption><\/figure>\n\n\n<figure class=\"wp-block-image size-large\"><img decoding=\"async\" src=\"https:\/\/spaziospadoni.org\/wp-content\/uploads\/2026\/05\/3-novembre-2022-formazione-sullapicoltura-2-300x131.jpg\" alt=\"3 noviembre 2022 formaci\u00f3n sullapicoltura 2 300x131\"\/><figcaption class=\"wp-element-caption\">29.11 | Tercera financiaci\u00f3n concedida<\/figcaption><\/figure>\n\n\n<figure class=\"wp-block-image size-large\"><img decoding=\"async\" src=\"https:\/\/spaziospadoni.org\/wp-content\/uploads\/2026\/05\/3-novembre-2022-formazione-sullapicoltura-3-300x194.jpg\" alt=\"3 noviembre 2022 formaci\u00f3n sullapicoltura 3 300x194\"\/><figcaption class=\"wp-element-caption\">29.11 | Tercera financiaci\u00f3n concedida<\/figcaption><\/figure>\n\n\n<figure class=\"wp-block-image size-large\"><img decoding=\"async\" src=\"https:\/\/spaziospadoni.org\/wp-content\/uploads\/2026\/05\/3-novembre-2022-formazione-sullapicoltura-169x300.jpg\" alt=\"3 noviembre 2022 formaci\u00f3n sullapicoltura 169x300\"\/><figcaption class=\"wp-element-caption\">29.11 | Tercera financiaci\u00f3n concedida<\/figcaption><\/figure>\n\n\n<figure class=\"wp-block-image size-large\"><img decoding=\"async\" src=\"https:\/\/spaziospadoni.org\/wp-content\/uploads\/2026\/05\/28-novembre-2022-arnie-pronte-in-Burkina-2-300x196.jpeg\" alt=\"28 noviembre 2022 colmenas listas in Burkina 2 300x196\"\/><figcaption class=\"wp-element-caption\">29.11 | Tercera financiaci\u00f3n concedida<\/figcaption><\/figure>\n\n\n<figure class=\"wp-block-image size-large\"><img decoding=\"async\" src=\"https:\/\/spaziospadoni.org\/wp-content\/uploads\/2026\/05\/28-novembre-2022-arnie-pronte-in-Burkina-2-300x175.jpg\" alt=\"28 noviembre 2022 colmenas listas in Burkina 2 300x175\"\/><figcaption class=\"wp-element-caption\">29.11 | Tercera financiaci\u00f3n concedida<\/figcaption><\/figure>\n\n\n<figure class=\"wp-block-image size-large\"><img decoding=\"async\" src=\"https:\/\/spaziospadoni.org\/wp-content\/uploads\/2026\/05\/28-novembre-2022-arnie-pronte-in-Burkina-1-300x143.jpg\" alt=\"28 noviembre 2022 colmenas listas in Burkina 1 300x143\"\/><figcaption class=\"wp-element-caption\">29.11 | Tercera financiaci\u00f3n concedida<\/figcaption><\/figure>\n\n\n<figure class=\"wp-block-image size-large\"><img decoding=\"async\" src=\"https:\/\/spaziospadoni.org\/wp-content\/uploads\/2026\/05\/28-novembre-2022-arnie-pronte-in-Burkina-260x300.jpg\" alt=\"28 noviembre 2022 colmenas listas in Burkina 260x300\"\/><figcaption class=\"wp-element-caption\">29.11 | Tercera financiaci\u00f3n concedida<\/figcaption><\/figure>\n\n<\/figure>\n\n\n<\/div>\n\n\n<\/div>\n\n\n\n\n<div class=\"ss-timeline\">\n\n<h3 id=\"2023\" class=\"gb-text\">2023<\/h3>\n\n\n\n\n\n<div class=\"ss-timeline-item\">\n\n<h4 id=\"01-inicio-de-la-produccion\" class=\"gb-text\">01 | Inicio de la producci\u00f3n<\/h4>\n\n\n\n\n<p class=\"wp-block-paragraph\">Tras los primeros meses de formaci\u00f3n, las hermanas comienzan la actividad pr\u00e1ctica de producci\u00f3n de miel, siempre acompa\u00f1adas por el equipo de formaci\u00f3n<\/p>\n\n\n<\/div>\n\n\n\n\n<div class=\"ss-timeline-item\">\n\n<h4 id=\"1406-cuarta-financiacion-concedida\" class=\"gb-text\">14.06 | Cuarta financiaci\u00f3n concedida<\/h4>\n\n\n\n\n<p class=\"wp-block-paragraph\">La financiaci\u00f3n est\u00e1 destinada a cubrir todos los gastos presupuestados para la Empresa Social en Burkina Faso<\/p>\n\n\n<\/div>\n\n\n<\/div>\n\n\n\n\n<div class=\"ss-timeline\">\n\n<h3 id=\"2024\" class=\"gb-text\">2024<\/h3>\n\n\n\n\n\n<div class=\"ss-timeline-item\">\n\n<h4 id=\"0303-formacion\" class=\"gb-text\">03.03 | Formaci\u00f3n<\/h4>\n\n\n\n\n<p class=\"wp-block-paragraph\">Contin\u00faa la formaci\u00f3n sobre la &#x27;apicultura\u2019<\/p>\n\n\n\n<figure class=\"wp-block-gallery has-nested-images columns-1 is-cropped ss-lightbox wp-block-gallery-5 is-layout-flex wp-block-gallery-is-layout-flex\">\n\n<figure class=\"wp-block-image size-large\"><img decoding=\"async\" src=\"https:\/\/spaziospadoni.org\/wp-content\/uploads\/2026\/05\/Marzo-2024-formazione-apicoltura-135x300.jpg\" alt=\"marzo 2024 formaci\u00f3n apicultura 135x300\"\/><figcaption class=\"wp-element-caption\">03.03 | Formaci\u00f3n<\/figcaption><\/figure>\n\n<\/figure>\n\n\n<\/div>\n\n\n\n\n<div class=\"ss-timeline-item\">\n\n<h4 id=\"3004-visita-tecnica-de-spazio-spadoni\" class=\"gb-text\">30.04 | Visita t\u00e9cnica de spazio + spadoni<\/h4>\n\n\n\n\n<p class=\"wp-block-paragraph\">Bernard, linker para Burkina Faso, visit\u00f3 el proyecto de las hermanas SIC en L\u00e9o<\/p>\n\n\n\n<figure class=\"wp-block-gallery has-nested-images columns-1 is-cropped ss-lightbox wp-block-gallery-6 is-layout-flex wp-block-gallery-is-layout-flex\">\n\n<figure class=\"wp-block-image size-large\"><img decoding=\"async\" src=\"https:\/\/spaziospadoni.org\/wp-content\/uploads\/2026\/05\/2023_luglio_hicsum_31_leo_burkina_faso_spazio_spadoni_sr_odette_sic_suore_immacolata_visita_bernard-3-225x300.jpg\" alt=\"2023 julio hicsum 31 L\u00e9o burkina faso spazio + spadoni sr odette sic suore immacolata visita bernard 3 225x300\"\/><figcaption class=\"wp-element-caption\">30.04 | Visita t\u00e9cnica de spazio + spadoni<\/figcaption><\/figure>\n\n\n<figure class=\"wp-block-image size-large\"><img decoding=\"async\" src=\"https:\/\/spaziospadoni.org\/wp-content\/uploads\/2026\/05\/2023_luglio_hicsum_31_leo_burkina_faso_spazio_spadoni_sr_odette_sic_suore_immacolata_visita_bernard-4-300x225.jpg\" alt=\"2023 julio hicsum 31 L\u00e9o burkina faso spazio + spadoni sr odette sic suore immacolata visita bernard 4 300x225\"\/><figcaption class=\"wp-element-caption\">30.04 | Visita t\u00e9cnica de spazio + spadoni<\/figcaption><\/figure>\n\n<\/figure>\n\n\n<\/div>\n\n\n<\/div>\n\n\n\n\n<div class=\"ss-timeline\">\n\n<h3 id=\"evaluaciones-del-proyecto\" class=\"gb-text\">Evaluaciones del Proyecto<\/h3>\n\n\n\n\n\n<div class=\"ss-timeline-item\">\n\n<h4 id=\"mayo-de-2022-las-hermanas-presentan-un-proyecto\" class=\"gb-text\">Mayo de 2022 Las hermanas presentan un proyecto<\/h4>\n\n\n\n\n<p class=\"wp-block-paragraph\">para poner en marcha una panader\u00eda. Tras los debates y las evaluaciones, se desarrollar\u00e1 un proyecto relativo a la producci\u00f3n de miel<\/p>\n\n\n<\/div>\n\n\n\n\n<div class=\"ss-timeline-item\">\n\n<h4 id=\"junio-de-2022-la-presencia-de-sor-odette\" class=\"gb-text\">Junio de 2022 La presencia de sor Odette<\/h4>\n\n\n\n\n<p class=\"wp-block-paragraph\">en San Cerbone brinda la oportunidad de debatir la organizaci\u00f3n de la Empresa Social<\/p>\n\n\n<\/div>\n\n\n\n\n<div class=\"ss-timeline-item\">\n\n<h4 id=\"julio-de-2022-evaluacion-de-los\" class=\"gb-text\">Julio de 2022 Evaluaci\u00f3n de los<\/h4>\n\n\n\n\n<p class=\"wp-block-paragraph\">presupuestos<\/p>\n\n\n<\/div>\n\n\n\n\n<div class=\"ss-timeline-item\">\n\n<h4 id=\"septiembre-de-2022-se-definen-las-modalidades-de\" class=\"gb-text\">Septiembre de 2022 Se definen las modalidades de<\/h4>\n\n\n\n\n<p class=\"wp-block-paragraph\">financiaci\u00f3n<\/p>\n\n\n<\/div>\n\n\n\n\n<div class=\"ss-timeline-item\">\n\n<h4 id=\"marzo-de-2023\" class=\"gb-text\">Marzo de 2023<\/h4>\n\n\n\n\n<p class=\"wp-block-paragraph\">Seguimiento<\/p>\n\n\n<\/div>\n\n\n\n\n<div class=\"ss-timeline-item\">\n\n<h4 id=\"marzo-de-2023-envio-del-informe-de-los-primeros-6\" class=\"gb-text\">Marzo de 2023 Env\u00edo del informe de los primeros 6<\/h4>\n\n\n\n\n<p class=\"wp-block-paragraph\">meses<\/p>\n\n\n<\/div>\n\n\n\n\n<div class=\"ss-timeline-item\">\n\n<h4 id=\"enero-de-2024-envio-del-informe-sobre\" class=\"gb-text\">Enero de 2024 Env\u00edo del informe sobre<\/h4>\n\n\n\n\n<p class=\"wp-block-paragraph\">las ventas<\/p>\n\n\n<\/div>\n\n\n\n\n<div class=\"ss-timeline-item\">\n\n<h4 id=\"febrero-de-2024-en-linea-spazio\" class=\"gb-text\">Febrero de 2024 En l\u00ednea, spazio +<\/h4>\n\n\n\n\n<p class=\"wp-block-paragraph\">spadoni se re\u00fane con sor Odette y sor Raissa para recibir informaci\u00f3n actualizada sobre la Empresa Social y definir c\u00f3mo difundir las Obras de Misericordia \u2013 OPERA M<\/p>\n\n\n<\/div>\n\n\n<\/div>\n\n\n<\/div>\n\n\n\n<div class=\"ss-project-media\">\n<h2 id=\"fotos-y-videos\" class=\"gb-text gb-text-d7bd8be8\">Fotos y v\u00eddeos<\/h2>\n\n\n<div class=\"ss-media-filters\">\n\n<a class=\"gb-text ss-media-filter active\" data-filter=\"*\" title=\"Todo\">Todo<\/a>\n\n\n<a class=\"gb-text ss-media-filter\" data-filter=\".formazione\" title=\"Formaci\u00f3n\">Formaci\u00f3n<\/a>\n\n\n<a class=\"gb-text ss-media-filter\" data-filter=\".burkina-faso\" title=\"Burkina Faso\">Burkina Faso<\/a>\n\n\n<a class=\"gb-text ss-media-filter\" data-filter=\".pane-di-misericordia\" title=\"Pan de Misericordia\">Pan de Misericordia<\/a>\n\n\n<a class=\"gb-text ss-media-filter\" data-filter=\".video\" title=\"V\u00eddeo\">V\u00eddeo<\/a>\n\n<\/div>\n\n\n<div class=\"ss-media-grid\">\n<div>\n<figure class=\"wp-block-gallery has-nested-images columns-1 is-cropped ss-lightbox wp-block-gallery-7 is-layout-flex wp-block-gallery-is-layout-flex\">\n\n<figure class=\"wp-block-image size-large formazione\"><img decoding=\"async\" alt=\"2022 diciembre assisi hicsum 31 Italia spazio + spadoni sr odette sic suore immacolata concezione formaci\u00f3n Obras de misericordia 2 300x225\" src=\"https:\/\/spaziospadoni.org\/wp-content\/uploads\/2026\/05\/2022_dicembre_assisi_hicsum_31_italia_spazio_spadoni_sr_odette_sic_suore_immacolata_concezione_formazione_opere_misericordia-2-300x225.jpeg\"\/><\/figure>\n\n\n<figure class=\"wp-block-image size-large formazione\"><img decoding=\"async\" alt=\"2022 septiembre assisi hicsum 31 Italia spazio + spadoni sr odette sic suore immacolata concezione evento economy of francesco 211x300\" src=\"https:\/\/spaziospadoni.org\/wp-content\/uploads\/2026\/05\/2022_settembre_assisi_hicsum_31_italia_spazio_spadoni_sr_odette_sic_suore_immacolata_concezione_evento_economy_of_francesco-211x300.jpg\"\/><\/figure>\n\n\n<figure class=\"wp-block-image size-large formazione\"><img decoding=\"async\" alt=\"2022 septiembre assisi hicsum 31 Italia spazio + spadoni sr odette sic suore immacolata concezione evento economy of francesco 2 300x225\" src=\"https:\/\/spaziospadoni.org\/wp-content\/uploads\/2026\/05\/2022_settembre_assisi_hicsum_31_italia_spazio_spadoni_sr_odette_sic_suore_immacolata_concezione_evento_economy_of_francesco-2-300x225.jpg\"\/><\/figure>\n\n\n<figure class=\"wp-block-image size-large formazione\"><img decoding=\"async\" alt=\"2022 junio hicsum 31 Italia spazio + spadoni sr odette sic suore immacolata concezione formaci\u00f3n san cerbone luigi 300x225\" src=\"https:\/\/spaziospadoni.org\/wp-content\/uploads\/2026\/05\/2022_giugno_hicsum_31_italia_spazio_spadoni_sr_odette_sic_suore_immacolata_concezione_formazione_san_cerbone_luigi-300x225.jpg\"\/><\/figure>\n\n\n<figure class=\"wp-block-image size-large formazione\"><img decoding=\"async\" alt=\"2022 junio hicsum 31 Italia spazio + spadoni sr odette sic suore immacolata concezione formaci\u00f3n san cerbone annalisa lugani 300x225\" src=\"https:\/\/spaziospadoni.org\/wp-content\/uploads\/2026\/05\/2022_giugno_hicsum_31_italia_spazio_spadoni_sr_odette_sic_suore_immacolata_concezione_formazione_san_cerbone_annalisa_lugani-300x225.jpg\"\/><\/figure>\n\n\n<figure class=\"wp-block-image size-large formazione\"><img decoding=\"async\" alt=\"2022 diciembre hicsum 31 Italia spazio + spadoni sr odette sic suore immacolata concezione formaci\u00f3n Obras de misericordia loppiano 5 225x300\" src=\"https:\/\/spaziospadoni.org\/wp-content\/uploads\/2026\/05\/2022_dicembre_hicsum_31_italia_spazio_spadoni_sr_odette_sic_suore_immacolata_concezione_formazione_opere_misericordia_loppiano-5-225x300.jpeg\"\/><\/figure>\n\n\n<figure class=\"wp-block-image size-large formazione\"><img decoding=\"async\" alt=\"2022 diciembre assisi hicsum 31 Italia spazio + spadoni sr odette sic suore immacolata concezione formaci\u00f3n Obras de misericordia 300x225\" src=\"https:\/\/spaziospadoni.org\/wp-content\/uploads\/2026\/05\/2022_dicembre_assisi_hicsum_31_italia_spazio_spadoni_sr_odette_sic_suore_immacolata_concezione_formazione_opere_misericordia-300x225.jpeg\"\/><\/figure>\n\n\n<figure class=\"wp-block-image size-large formazione\"><img decoding=\"async\" alt=\"formaci\u00f3n OPERA M a Loppiano noviembre diciembre 2022 3 300x156\" src=\"https:\/\/spaziospadoni.org\/wp-content\/uploads\/2026\/05\/Formazione-OPERA-M-a-Loppiano-novembre-dicembre-2022-3-300x156.jpg\"\/><\/figure>\n\n\n<figure class=\"wp-block-image size-large formazione\"><img decoding=\"async\" alt=\"2022 diciembre hicsum 31 Italia spazio + spadoni sr odette sic suore immacolata concezione formaci\u00f3n Obras de misericordia loppiano 3 300x225\" src=\"https:\/\/spaziospadoni.org\/wp-content\/uploads\/2026\/05\/2022_dicembre_hicsum_31_italia_spazio_spadoni_sr_odette_sic_suore_immacolata_concezione_formazione_opere_misericordia_loppiano-3-300x225.jpeg\"\/><\/figure>\n\n\n<figure class=\"wp-block-image size-large formazione\"><img decoding=\"async\" alt=\"2022 enero 4 hicsum 31 incisa spazio + spadoni sr odette sic suore immacolata formaci\u00f3n luigi 300x225\" src=\"https:\/\/spaziospadoni.org\/wp-content\/uploads\/2026\/05\/2022_gennaio_4_hicsum_31_incisa_spazio_spadoni_sr_odette_sic_suore_immacolata_formazione_luigi-300x225.jpg\"\/><\/figure>\n\n\n<figure class=\"wp-block-image size-large formazione\"><img decoding=\"async\" alt=\"2022 diciembre hicsum 31 Italia spazio + spadoni sr odette sic suore immacolata concezione formaci\u00f3n Obras de misericordia loppiano 4 252x300\" src=\"https:\/\/spaziospadoni.org\/wp-content\/uploads\/2026\/05\/2022_dicembre_hicsum_31_italia_spazio_spadoni_sr_odette_sic_suore_immacolata_concezione_formazione_opere_misericordia_loppiano-4-252x300.jpeg\"\/><\/figure>\n\n\n<figure class=\"wp-block-image size-large formazione\"><img decoding=\"async\" alt=\"2022 diciembre hicsum 31 Italia spazio + spadoni sr odette sic suore immacolata concezione formaci\u00f3n Obras de misericordia loppiano 6 300x225\" src=\"https:\/\/spaziospadoni.org\/wp-content\/uploads\/2026\/05\/2022_dicembre_hicsum_31_italia_spazio_spadoni_sr_odette_sic_suore_immacolata_concezione_formazione_opere_misericordia_loppiano-6-300x225.jpeg\"\/><\/figure>\n\n\n<figure class=\"wp-block-image size-large formazione\"><img decoding=\"async\" alt=\"formaci\u00f3n OPERA M a Loppiano noviembre diciembre 2022 4 300x123\" src=\"https:\/\/spaziospadoni.org\/wp-content\/uploads\/2026\/05\/Formazione-OPERA-M-a-Loppiano-novembre-dicembre-2022-4-300x123.jpg\"\/><\/figure>\n\n\n<figure class=\"wp-block-image size-large formazione\"><img decoding=\"async\" alt=\"spilla a odette e ansila F a devothye e oliver tagliare copia 300x147\" src=\"https:\/\/spaziospadoni.org\/wp-content\/uploads\/2026\/05\/spilla-a-odette-e-ansila-F-a-devothye-e-oliver-tagliare-copia-300x147.jpg\"\/><\/figure>\n\n\n<figure class=\"wp-block-image size-large formazione\"><img decoding=\"async\" alt=\"2022 junio hicsum 31 Italia spazio + spadoni sr odette sic suore immacolata concezione formaci\u00f3n san cerbone 225x300\" src=\"https:\/\/spaziospadoni.org\/wp-content\/uploads\/2026\/05\/2022_giugno_hicsum_31_italia_spazio_spadoni_sr_odette_sic_suore_immacolata_concezione_formazione_san_cerbone-225x300.jpg\"\/><\/figure>\n\n\n<figure class=\"wp-block-image size-large formazione\"><img decoding=\"async\" alt=\"2022 diciembre hicsum 31 Italia spazio + spadoni sr odette sic suore immacolata concezione formaci\u00f3n Obras de misericordia loppiano 7 300x225\" src=\"https:\/\/spaziospadoni.org\/wp-content\/uploads\/2026\/05\/2022_dicembre_hicsum_31_italia_spazio_spadoni_sr_odette_sic_suore_immacolata_concezione_formazione_opere_misericordia_loppiano-7-300x225.jpeg\"\/><\/figure>\n\n\n<figure class=\"wp-block-image size-large formazione\"><img decoding=\"async\" alt=\"2022 diciembre hicsum 31 Italia spazio + spadoni sr odette sic suore immacolata concezione formaci\u00f3n Obras de misericordia loppiano 225x300\" src=\"https:\/\/spaziospadoni.org\/wp-content\/uploads\/2026\/05\/2022_dicembre_hicsum_31_italia_spazio_spadoni_sr_odette_sic_suore_immacolata_concezione_formazione_opere_misericordia_loppiano-225x300.jpeg\"\/><\/figure>\n\n\n<figure class=\"wp-block-image size-large formazione\"><img decoding=\"async\" alt=\"2022 diciembre hicsum 31 Italia spazio + spadoni sr odette sic suore immacolata concezione visita Roma 300x225\" src=\"https:\/\/spaziospadoni.org\/wp-content\/uploads\/2026\/05\/2022_dicembre_hicsum_31_italia_spazio_spadoni_sr_odette_sic_suore_immacolata_concezione_visita_roma-300x225.jpeg\"\/><\/figure>\n\n\n<figure class=\"wp-block-image size-large formazione\"><img decoding=\"async\" alt=\"2022 enero 4 hicsum 31 incisa spazio + spadoni sr odette sic suore immacolata formaci\u00f3n luigi selene pera 300x225\" src=\"https:\/\/spaziospadoni.org\/wp-content\/uploads\/2026\/05\/2022_gennaio_4_hicsum_31_incisa_spazio_spadoni_sr_odette_sic_suore_immacolata_formazione_luigi_selene_pera-300x225.jpg\"\/><\/figure>\n\n\n<figure class=\"wp-block-image size-large formazione\"><img decoding=\"async\" alt=\"2022 junio hicsum 31 Italia spazio + spadoni sr odette sic suore immacolata concezione formaci\u00f3n san cerbone 3 225x300\" src=\"https:\/\/spaziospadoni.org\/wp-content\/uploads\/2026\/05\/2022_giugno_hicsum_31_italia_spazio_spadoni_sr_odette_sic_suore_immacolata_concezione_formazione_san_cerbone-3-225x300.jpg\"\/><\/figure>\n\n\n<figure class=\"wp-block-image size-large formazione\"><img decoding=\"async\" alt=\"formaci\u00f3n OPERA M a Loppiano noviembre diciembre 2022 2 218x300\" src=\"https:\/\/spaziospadoni.org\/wp-content\/uploads\/2026\/05\/Formazione-OPERA-M-a-Loppiano-novembre-dicembre-2022-2-218x300.jpg\"\/><\/figure>\n\n\n<figure class=\"wp-block-image size-large formazione\"><img decoding=\"async\" alt=\"formaci\u00f3n OPERA M a Loppiano noviembre diciembre 2022 2 129x300\" src=\"https:\/\/spaziospadoni.org\/wp-content\/uploads\/2026\/05\/Formazione-OPERA-M-a-Loppiano-novembre-dicembre-2022-2-129x300.jpeg\"\/><\/figure>\n\n\n<figure class=\"wp-block-image size-large formazione\"><img decoding=\"async\" alt=\"2022 junio hicsum 31 Italia spazio + spadoni sr odette sic suore immacolata concezione formaci\u00f3n san cerbone 4 225x300\" src=\"https:\/\/spaziospadoni.org\/wp-content\/uploads\/2026\/05\/2022_giugno_hicsum_31_italia_spazio_spadoni_sr_odette_sic_suore_immacolata_concezione_formazione_san_cerbone-4-225x300.jpg\"\/><\/figure>\n\n\n<figure class=\"wp-block-image size-large formazione\"><img decoding=\"async\" alt=\"2022 hicsum 31 Italia spazio + spadoni sr odette sic suore immacolata concezione primer plano 225x300\" src=\"https:\/\/spaziospadoni.org\/wp-content\/uploads\/2026\/05\/2022_hicsum_31_italia_spazio_spadoni_sr_odette_sic_suore_immacolata_concezione_primo_piano-225x300.jpg\"\/><\/figure>\n\n\n<figure class=\"wp-block-image size-large formazione\"><img decoding=\"async\" alt=\"2022 mayo 19 hicsum 31 incisa spazio + spadoni sr odette sic suore immacolata encuentro luigi spadoni copia 247x300\" src=\"https:\/\/spaziospadoni.org\/wp-content\/uploads\/2026\/05\/2022_maggio_19_hicsum_31_incisa_spazio_spadoni_sr_odette_sic_suore_immacolata_incontro_luigi_spadoni-copia-247x300.jpg\"\/><\/figure>\n\n\n<figure class=\"wp-block-image size-large formazione\"><img decoding=\"async\" alt=\"2022 mayo 19 hicsum 31 incisa spazio + spadoni sr odette sic suore immacolata encuentro luigi spadoni 2 300x225\" src=\"https:\/\/spaziospadoni.org\/wp-content\/uploads\/2026\/05\/2022_maggio_19_hicsum_31_incisa_spazio_spadoni_sr_odette_sic_suore_immacolata_incontro_luigi_spadoni-2-300x225.jpg\"\/><\/figure>\n\n\n<figure class=\"wp-block-image size-large formazione\"><img decoding=\"async\" alt=\"2022 mayo 19 hicsum 31 incisa spazio + spadoni sr odette sic suore immacolata encuentro luigi spadoni 6 copia 300x127\" src=\"https:\/\/spaziospadoni.org\/wp-content\/uploads\/2026\/05\/2022_maggio_19_hicsum_31_incisa_spazio_spadoni_sr_odette_sic_suore_immacolata_incontro_luigi_spadoni-6-copia-300x127.jpg\"\/><\/figure>\n\n\n<figure class=\"wp-block-image size-large formazione\"><img decoding=\"async\" alt=\"Fare Spazio al Coraggio Convention spazio + spadoni 2022 en il Convento di San Cerbone 2 300x173\" src=\"https:\/\/spaziospadoni.org\/wp-content\/uploads\/2026\/05\/Fare-spazio-al-Coraggio-Convention-Spazio-Spadoni-2022-presso-il-Convento-di-San-Cerbone-2-300x173.jpg\"\/><\/figure>\n\n\n<figure class=\"wp-block-image size-large formazione\"><img decoding=\"async\" alt=\"Fare Spazio al Coraggio Convention spazio + spadoni 2022 en il Convento di San Cerbone 4 223x300\" src=\"https:\/\/spaziospadoni.org\/wp-content\/uploads\/2026\/05\/Fare-spazio-al-Coraggio-Convention-Spazio-Spadoni-2022-presso-il-Convento-di-San-Cerbone-4-223x300.jpg\"\/><\/figure>\n\n\n<figure class=\"wp-block-image size-large formazione\"><img decoding=\"async\" alt=\"2022 septiembre hicsum 31 Italia spazio + spadoni sr odette sic suore immacolata concezione convention hacer espacio convento san cerbone gaetano volpe 225x300\" src=\"https:\/\/spaziospadoni.org\/wp-content\/uploads\/2026\/05\/2022_settembre_hicsum_31_italia_spazio_spadoni_sr_odette_sic_suore_immacolata_concezione_convention_fare_spazio_convento_san_cerbone_gaetano_volpe-225x300.jpg\"\/><\/figure>\n\n\n<figure class=\"wp-block-image size-large formazione\"><img decoding=\"async\" alt=\"2022 septiembre hicsum 31 Italia spazio + spadoni sr odette sic suore immacolata concezione convention hacer espacio convento san cerbone selene pera noemi guglielmo sr rolande 300x225\" src=\"https:\/\/spaziospadoni.org\/wp-content\/uploads\/2026\/05\/2022_settembre_hicsum_31_italia_spazio_spadoni_sr_odette_sic_suore_immacolata_concezione_convention_fare_spazio_convento_san_cerbone_selene_pera_noemi_guglielmo_sr_rolande-300x225.jpg\"\/><\/figure>\n\n\n<figure class=\"wp-block-image size-large formazione\"><img decoding=\"async\" alt=\"2024 enero 14 hicsum 31 incisa spazio + spadoni sr odette sic suore immacolata concezione fiesta 100 a\u00f1os 2 300x225\" src=\"https:\/\/spaziospadoni.org\/wp-content\/uploads\/2026\/05\/2024_gennaio_14_hicsum_31_incisa_spazio_spadoni_sr_odette_sic_suore_immacolata_concezione_festa_100_anni-2-300x225.jpg\"\/><\/figure>\n\n\n<figure class=\"wp-block-image size-large formazione\"><img decoding=\"async\" alt=\"Fare Spazio al Coraggio Convention spazio + spadoni 2022 en il Convento di San Cerbone 3 300x234\" src=\"https:\/\/spaziospadoni.org\/wp-content\/uploads\/2026\/05\/Fare-spazio-al-Coraggio-Convention-Spazio-Spadoni-2022-presso-il-Convento-di-San-Cerbone-3-300x234.jpg\"\/><\/figure>\n\n\n<figure class=\"wp-block-image size-large formazione\"><img decoding=\"async\" alt=\"formaci\u00f3n OPERA M a Loppiano noviembre diciembre 2022 300x204\" src=\"https:\/\/spaziospadoni.org\/wp-content\/uploads\/2026\/05\/Formazione-OPERA-M-a-Loppiano-novembre-dicembre-2022-300x204.jpg\"\/><\/figure>\n\n\n<figure class=\"wp-block-image size-large formazione\"><img decoding=\"async\" alt=\"2023 octubre 14 hicsum 31 incisa spazio + spadoni sr odette sic suore immacolata concezione selfie selene pera 225x300\" src=\"https:\/\/spaziospadoni.org\/wp-content\/uploads\/2026\/05\/2023_ottobre_14_hicsum_31_incisa_spazio_spadoni_sr_odette_sic_suore_immacolata_concezione_selfie_selene_pera-225x300.jpg\"\/><\/figure>\n\n\n<figure class=\"wp-block-image size-large formazione\"><img decoding=\"async\" alt=\"2024 enero 14 hicsum 31 incisa spazio + spadoni sr odette sic suore immacolata concezione fiesta 100 a\u00f1os 3 300x225\" src=\"https:\/\/spaziospadoni.org\/wp-content\/uploads\/2026\/05\/2024_gennaio_14_hicsum_31_incisa_spazio_spadoni_sr_odette_sic_suore_immacolata_concezione_festa_100_anni-3-300x225.jpg\"\/><\/figure>\n\n\n<figure class=\"wp-block-image size-large formazione\"><img decoding=\"async\" alt=\"2024 enero 14 hicsum 31 incisa spazio + spadoni sr odette sic suore immacolata concezione fiesta 100 a\u00f1os 4 225x300\" src=\"https:\/\/spaziospadoni.org\/wp-content\/uploads\/2026\/05\/2024_gennaio_14_hicsum_31_incisa_spazio_spadoni_sr_odette_sic_suore_immacolata_concezione_festa_100_anni-4-225x300.jpg\"\/><\/figure>\n\n\n<figure class=\"wp-block-image size-large formazione\"><img decoding=\"async\" alt=\"2024 enero 14 hicsum 31 incisa spazio + spadoni sr odette sic suore immacolata concezione fiesta 100 a\u00f1os 300x225\" src=\"https:\/\/spaziospadoni.org\/wp-content\/uploads\/2026\/05\/2024_gennaio_14_hicsum_31_incisa_spazio_spadoni_sr_odette_sic_suore_immacolata_concezione_festa_100_anni-300x225.jpg\"\/><\/figure>\n\n\n<figure class=\"wp-block-image size-large burkina-faso pane-di-misericordia\"><img decoding=\"async\" alt=\"2022 mayo 28 hicsum 31 burkina faso spazio + spadoni sr odette sic suore immacolata formaci\u00f3n apicultura miel 2 135x300\" src=\"https:\/\/spaziospadoni.org\/wp-content\/uploads\/2026\/05\/2022_maggio_28_hicsum_31_burkina_faso_spazio_spadoni_sr_odette_sic_suore_immacolata_formazione_apicoltura_miele-2-135x300.jpeg\"\/><\/figure>\n\n\n<figure class=\"wp-block-image size-large burkina-faso pane-di-misericordia\"><img decoding=\"async\" alt=\"2022 mayo 28 hicsum 31 burkina faso spazio + spadoni sr odette sic suore immacolata formaci\u00f3n apicultura miel 3 135x300\" src=\"https:\/\/spaziospadoni.org\/wp-content\/uploads\/2026\/05\/2022_maggio_28_hicsum_31_burkina_faso_spazio_spadoni_sr_odette_sic_suore_immacolata_formazione_apicoltura_miele-3-135x300.jpeg\"\/><\/figure>\n\n\n<figure class=\"wp-block-image size-large burkina-faso pane-di-misericordia\"><img decoding=\"async\" alt=\"2022 mayo 28 hicsum 31 burkina faso spazio + spadoni sr odette sic suore immacolata formaci\u00f3n apicultura miel copia 163x300\" src=\"https:\/\/spaziospadoni.org\/wp-content\/uploads\/2026\/05\/2022_maggio_28_hicsum_31_burkina_faso_spazio_spadoni_sr_odette_sic_suore_immacolata_formazione_apicoltura_miele-copia-163x300.jpg\"\/><\/figure>\n\n\n<figure class=\"wp-block-image size-large burkina-faso pane-di-misericordia\"><img decoding=\"async\" alt=\"3 noviembre 2022 formaci\u00f3n sullapicoltura 2 300x131\" src=\"https:\/\/spaziospadoni.org\/wp-content\/uploads\/2026\/05\/3-novembre-2022-formazione-sullapicoltura-2-300x131.jpg\"\/><\/figure>\n\n\n<figure class=\"wp-block-image size-large burkina-faso pane-di-misericordia\"><img decoding=\"async\" alt=\"3 noviembre 2022 formaci\u00f3n sullapicoltura 3 300x194\" src=\"https:\/\/spaziospadoni.org\/wp-content\/uploads\/2026\/05\/3-novembre-2022-formazione-sullapicoltura-3-300x194.jpg\"\/><\/figure>\n\n\n<figure class=\"wp-block-image size-large burkina-faso pane-di-misericordia\"><img decoding=\"async\" alt=\"2022 noviembre 3 hicsum 31 burkina faso spazio + spadoni sr odette sic suore immacolata concezione formaci\u00f3n apicultura 4 132x300\" src=\"https:\/\/spaziospadoni.org\/wp-content\/uploads\/2026\/05\/2022_novembre_3_hicsum_31_burkina_faso_spazio_spadoni_sr_odette_sic_suore_immacolata_concezione_formazione_apicoltura-4-132x300.jpeg\"\/><\/figure>\n\n\n<figure class=\"wp-block-image size-large burkina-faso pane-di-misericordia\"><img decoding=\"async\" alt=\"28 noviembre 2022 colmenas listas in Burkina 1 300x143\" src=\"https:\/\/spaziospadoni.org\/wp-content\/uploads\/2026\/05\/28-novembre-2022-arnie-pronte-in-Burkina-1-300x143.jpg\"\/><\/figure>\n\n\n<figure class=\"wp-block-image size-large burkina-faso pane-di-misericordia\"><img decoding=\"async\" alt=\"3 noviembre 2022 formaci\u00f3n sullapicoltura 1 300x220\" src=\"https:\/\/spaziospadoni.org\/wp-content\/uploads\/2026\/05\/3-novembre-2022-formazione-sullapicoltura-1-300x220.jpg\"\/><\/figure>\n\n\n<figure class=\"wp-block-image size-large burkina-faso pane-di-misericordia\"><img decoding=\"async\" alt=\"28 noviembre 2022 colmenas listas in Burkina 2 300x175\" src=\"https:\/\/spaziospadoni.org\/wp-content\/uploads\/2026\/05\/28-novembre-2022-arnie-pronte-in-Burkina-2-300x175.jpg\"\/><\/figure>\n\n\n<figure class=\"wp-block-image size-large burkina-faso pane-di-misericordia\"><img decoding=\"async\" alt=\"2022 noviembre 3 hicsum 31 burkina faso spazio + spadoni sr odette sic suore immacolata concezione formaci\u00f3n apicultura 131x300\" src=\"https:\/\/spaziospadoni.org\/wp-content\/uploads\/2026\/05\/2022_novembre_3_hicsum_31_burkina_faso_spazio_spadoni_sr_odette_sic_suore_immacolata_concezione_formazione_apicoltura-131x300.jpeg\"\/><\/figure>\n\n\n<figure class=\"wp-block-image size-large burkina-faso pane-di-misericordia\"><img decoding=\"async\" alt=\"2022 noviembre 28 hicsum 31 burkina faso spazio + spadoni sr odette sic suore immacolata formaci\u00f3n apicultura colmenas listas 2 225x300\" src=\"https:\/\/spaziospadoni.org\/wp-content\/uploads\/2026\/05\/2022_novembre_28_hicsum_31_burkina_faso_spazio_spadoni_sr_odette_sic_suore_immacolata_formazione_apicoltura_arnie_pronte-2-225x300.jpeg\"\/><\/figure>\n\n\n<figure class=\"wp-block-image size-large burkina-faso pane-di-misericordia\"><img decoding=\"async\" alt=\"2022 noviembre 28 hicsum 31 burkina faso spazio + spadoni sr odette sic suore immacolata formaci\u00f3n apicultura colmenas listas 3 300x225\" src=\"https:\/\/spaziospadoni.org\/wp-content\/uploads\/2026\/05\/2022_novembre_28_hicsum_31_burkina_faso_spazio_spadoni_sr_odette_sic_suore_immacolata_formazione_apicoltura_arnie_pronte-3-300x225.jpeg\"\/><\/figure>\n\n\n<figure class=\"wp-block-image size-large burkina-faso pane-di-misericordia\"><img decoding=\"async\" alt=\"2022 noviembre 28 hicsum 31 burkina faso spazio + spadoni sr odette sic suore immacolata formaci\u00f3n apicultura colmenas listas 4 225x300\" src=\"https:\/\/spaziospadoni.org\/wp-content\/uploads\/2026\/05\/2022_novembre_28_hicsum_31_burkina_faso_spazio_spadoni_sr_odette_sic_suore_immacolata_formazione_apicoltura_arnie_pronte-4-225x300.jpeg\"\/><\/figure>\n\n\n<figure class=\"wp-block-image size-large burkina-faso pane-di-misericordia\"><img decoding=\"async\" alt=\"28 noviembre 2022 colmenas listas in Burkina 260x300\" src=\"https:\/\/spaziospadoni.org\/wp-content\/uploads\/2026\/05\/28-novembre-2022-arnie-pronte-in-Burkina-260x300.jpg\"\/><\/figure>\n\n\n<figure class=\"wp-block-image size-large burkina-faso pane-di-misericordia\"><img decoding=\"async\" alt=\"2022 noviembre 28 hicsum 31 burkina faso spazio + spadoni sr odette sic suore immacolata formaci\u00f3n apicultura colmenas listas 6 225x300\" src=\"https:\/\/spaziospadoni.org\/wp-content\/uploads\/2026\/05\/2022_novembre_28_hicsum_31_burkina_faso_spazio_spadoni_sr_odette_sic_suore_immacolata_formazione_apicoltura_arnie_pronte-6-225x300.jpeg\"\/><\/figure>\n\n\n<figure class=\"wp-block-image size-large burkina-faso pane-di-misericordia\"><img decoding=\"async\" alt=\"2022 noviembre 28 hicsum 31 burkina faso spazio + spadoni sr odette sic suore immacolata formaci\u00f3n apicultura colmenas listas 7 300x225\" src=\"https:\/\/spaziospadoni.org\/wp-content\/uploads\/2026\/05\/2022_novembre_28_hicsum_31_burkina_faso_spazio_spadoni_sr_odette_sic_suore_immacolata_formazione_apicoltura_arnie_pronte-7-300x225.jpeg\"\/><\/figure>\n\n\n<figure class=\"wp-block-image size-large burkina-faso pane-di-misericordia\"><img decoding=\"async\" alt=\"2022 noviembre 28 hicsum 31 burkina faso spazio + spadoni sr odette sic suore immacolata formaci\u00f3n apicultura colmenas listas 8 225x300\" src=\"https:\/\/spaziospadoni.org\/wp-content\/uploads\/2026\/05\/2022_novembre_28_hicsum_31_burkina_faso_spazio_spadoni_sr_odette_sic_suore_immacolata_formazione_apicoltura_arnie_pronte-8-225x300.jpeg\"\/><\/figure>\n\n\n<figure class=\"wp-block-image size-large burkina-faso pane-di-misericordia\"><img decoding=\"async\" alt=\"2022 noviembre 28 hicsum 31 burkina faso spazio + spadoni sr odette sic suore immacolata formaci\u00f3n apicultura colmenas listas 169x300\" src=\"https:\/\/spaziospadoni.org\/wp-content\/uploads\/2026\/05\/2022_novembre_28_hicsum_31_burkina_faso_spazio_spadoni_sr_odette_sic_suore_immacolata_formazione_apicoltura_arnie_pronte-169x300.jpeg\"\/><\/figure>\n\n\n<figure class=\"wp-block-image size-large burkina-faso pane-di-misericordia\"><img decoding=\"async\" alt=\"2023 julio hicsum 31 L\u00e9o burkina faso spazio + spadoni sr odette sic suore immacolata visita bernard 2 300x225\" src=\"https:\/\/spaziospadoni.org\/wp-content\/uploads\/2026\/05\/2023_luglio_hicsum_31_leo_burkina_faso_spazio_spadoni_sr_odette_sic_suore_immacolata_visita_bernard-2-300x225.jpg\"\/><\/figure>\n\n\n<figure class=\"wp-block-image size-large burkina-faso pane-di-misericordia\"><img decoding=\"async\" alt=\"2023 julio hicsum 31 L\u00e9o burkina faso spazio + spadoni sr odette sic suore immacolata visita bernard 3 225x300\" src=\"https:\/\/spaziospadoni.org\/wp-content\/uploads\/2026\/05\/2023_luglio_hicsum_31_leo_burkina_faso_spazio_spadoni_sr_odette_sic_suore_immacolata_visita_bernard-3-225x300.jpg\"\/><\/figure>\n\n\n<figure class=\"wp-block-image size-large burkina-faso pane-di-misericordia\"><img decoding=\"async\" alt=\"2023 julio hicsum 31 L\u00e9o burkina faso spazio + spadoni sr odette sic suore immacolata visita bernard 4 300x225\" src=\"https:\/\/spaziospadoni.org\/wp-content\/uploads\/2026\/05\/2023_luglio_hicsum_31_leo_burkina_faso_spazio_spadoni_sr_odette_sic_suore_immacolata_visita_bernard-4-300x225.jpg\"\/><\/figure>\n\n\n<figure class=\"wp-block-image size-large burkina-faso pane-di-misericordia\"><img decoding=\"async\" alt=\"2023 julio hicsum 31 L\u00e9o burkina faso spazio + spadoni sr odette sic suore immacolata visita bernard 300x225\" src=\"https:\/\/spaziospadoni.org\/wp-content\/uploads\/2026\/05\/2023_luglio_hicsum_31_leo_burkina_faso_spazio_spadoni_sr_odette_sic_suore_immacolata_visita_bernard-300x225.jpg\"\/><\/figure>\n\n\n<figure class=\"wp-block-image size-large burkina-faso pane-di-misericordia\"><img decoding=\"async\" alt=\"2024 marzo 3 hicsum 31 burkina faso spazio + spadoni sr odette sic suore immacolata concezione formaci\u00f3n apicultura empresa 2 300x135\" src=\"https:\/\/spaziospadoni.org\/wp-content\/uploads\/2026\/05\/2024_marzo_3_hicsum_31_burkina_faso_spazio_spadoni_sr_odette_sic_suore_immacolata_concezione_formazione_apicoltura_impresa-2-300x135.jpg\"\/><\/figure>\n\n\n<figure class=\"wp-block-image size-large burkina-faso pane-di-misericordia\"><img decoding=\"async\" alt=\"marzo 2024 formaci\u00f3n apicultura 135x300\" src=\"https:\/\/spaziospadoni.org\/wp-content\/uploads\/2026\/05\/Marzo-2024-formazione-apicoltura-135x300.jpg\"\/><\/figure>\n\n\n<figure class=\"wp-block-image size-large formazione\"><img decoding=\"async\" alt=\"octubre 2024 encuentro incisa valdarno Italia sic Obras de misericordia pa\u00f1uelo sor odette spazio + spadoni 1 300x225\" src=\"https:\/\/spaziospadoni.org\/wp-content\/uploads\/2026\/05\/ottobre_2024_incontro_incisa_valdarno_italia_sic_opere_misericordia_foulard_suor_odette_spazio_spadoni-1-300x225.jpg\"\/><\/figure>\n\n\n<figure class=\"wp-block-image size-large formazione\"><img decoding=\"async\" alt=\"octubre 2024 encuentro incisa valdarno Italia sic Obras de misericordia pa\u00f1uelo sor odette spazio + spadoni 2 225x300\" src=\"https:\/\/spaziospadoni.org\/wp-content\/uploads\/2026\/05\/ottobre_2024_incontro_incisa_valdarno_italia_sic_opere_misericordia_foulard_suor_odette_spazio_spadoni-2-225x300.jpg\"\/><\/figure>\n\n\n<figure class=\"wp-block-image size-large formazione\"><img decoding=\"async\" alt=\"octubre 2024 encuentro incisa valdarno Italia sic Obras de misericordia pa\u00f1uelo sor odette spazio + spadoni 3 300x225\" src=\"https:\/\/spaziospadoni.org\/wp-content\/uploads\/2026\/05\/ottobre_2024_incontro_incisa_valdarno_italia_sic_opere_misericordia_foulard_suor_odette_spazio_spadoni-3-300x225.jpg\"\/><\/figure>\n\n\n<figure class=\"wp-block-image size-large formazione\"><img decoding=\"async\" alt=\"octubre 2024 encuentro incisa valdarno Italia sic Obras de misericordia pa\u00f1uelo sor odette spazio + spadoni 4 300x225\" src=\"https:\/\/spaziospadoni.org\/wp-content\/uploads\/2026\/05\/ottobre_2024_incontro_incisa_valdarno_italia_sic_opere_misericordia_foulard_suor_odette_spazio_spadoni-4-300x225.jpg\"\/><\/figure>\n\n\n<figure class=\"wp-block-image size-large burkina-faso\"><img decoding=\"async\" alt=\"2025 mayo burkina faso placa OPERA M Obras de misericordia spazio + spadoni sor odette 1 135x300\" src=\"https:\/\/spaziospadoni.org\/wp-content\/uploads\/2026\/05\/2025_maggio_burkina_faso_targa_operam_opere_misericordia_spazio_spadoni_suor_odette-1-135x300.jpg\"\/><\/figure>\n\n\n<figure class=\"wp-block-image size-large burkina-faso\"><img decoding=\"async\" alt=\"2025 mayo burkina faso placa OPERA M Obras de misericordia spazio + spadoni sor odette 2 225x300\" src=\"https:\/\/spaziospadoni.org\/wp-content\/uploads\/2026\/05\/2025_maggio_burkina_faso_targa_operam_opere_misericordia_spazio_spadoni_suor_odette-2-225x300.jpg\"\/><\/figure>\n\n\n<figure class=\"wp-block-image size-large burkina-faso\"><img decoding=\"async\" alt=\"2025 mayo burkina faso placa OPERA M Obras de misericordia spazio + spadoni sor odette 5 225x300\" src=\"https:\/\/spaziospadoni.org\/wp-content\/uploads\/2026\/05\/2025_maggio_burkina_faso_targa_operam_opere_misericordia_spazio_spadoni_suor_odette-5-225x300.jpg\"\/><\/figure>\n\n\n<figure class=\"wp-block-image size-large burkina-faso\"><img decoding=\"async\" alt=\"2025 mayo burkina faso placa OPERA M Obras de misericordia spazio + spadoni sor odette 6 135x300\" src=\"https:\/\/spaziospadoni.org\/wp-content\/uploads\/2026\/05\/2025_maggio_burkina_faso_targa_operam_opere_misericordia_spazio_spadoni_suor_odette-6-135x300.jpg\"\/><\/figure>\n\n<\/figure>\n\n\n<div class=\"gb-element-b24bbf5e ss-media-videos\">\n\n<figure class=\"wp-block-video video\"><video controls=\"\" src=\"https:\/\/spaziospadoni.org\/wp-content\/uploads\/2026\/05\/novembre_2022_arnie_api_impresa_sociale_burkina_faso_suor_odette_progetto_hic_sum_spazio_spadoni.mp4\"><\/video><figcaption class=\"wp-element-caption\">noviembre 2022 colmenas abejas empresa social burkina faso sor odette proyecto hic sum spazio + spadoni<\/figcaption><\/figure>\n\n\n<figure class=\"wp-block-video video\"><video controls=\"\" src=\"https:\/\/spaziospadoni.org\/wp-content\/uploads\/2026\/05\/marzo_2024_burkina_faso_arnie_api_miele_progetto_hic_sum_spazio_spadoni-1.mp4\"><\/video><figcaption class=\"wp-element-caption\">marzo 2024 burkina faso colmenas abejas miel proyecto hic sum spazio + spadoni 1<\/figcaption><\/figure>\n\n\n<figure class=\"wp-block-video video\"><video controls=\"\" src=\"https:\/\/spaziospadoni.org\/wp-content\/uploads\/2026\/05\/marzo_2024_burkina_faso_arnie_api_miele_progetto_hic_sum_spazio_spadoni-2.mp4\"><\/video><figcaption class=\"wp-element-caption\">marzo 2024 burkina faso colmenas abejas miel proyecto hic sum spazio + spadoni 2<\/figcaption><\/figure>\n\n\n<figure class=\"wp-block-video video\"><video controls=\"\" src=\"https:\/\/spaziospadoni.org\/wp-content\/uploads\/2026\/05\/gennaio_2024_italia_festa_100_anni_congregazione-2.mp4\"><\/video><figcaption class=\"wp-element-caption\">enero 2024 Italia fiesta 100 a\u00f1os congregazione 2<\/figcaption><\/figure>\n\n\n<figure class=\"wp-block-video video\"><video controls=\"\" src=\"https:\/\/spaziospadoni.org\/wp-content\/uploads\/2026\/05\/gennaio_2024_italia_festa_100_anni_congregazione-1.mp4\"><\/video><figcaption class=\"wp-element-caption\">enero 2024 Italia fiesta 100 a\u00f1os congregazione 1<\/figcaption><\/figure>\n\n\n<figure class=\"wp-block-video video\"><video controls=\"\" src=\"https:\/\/spaziospadoni.org\/wp-content\/uploads\/2026\/05\/gennaio_2024_italia_festa_100_anni_congregazione-3.mp4\"><\/video><figcaption class=\"wp-element-caption\">enero 2024 Italia fiesta 100 a\u00f1os congregazione 3<\/figcaption><\/figure>\n\n<\/div>\n\n<\/div>\n\n<\/div>\n\n<\/div>\n\n","protected":false},"excerpt":{"rendered":"<p>Sor Odette &#8211; L\u00e9o (Burkina Faso) PROYECTO 31 de 72 MISI\u00d3N Lugar L\u00e9o Di\u00f3cesis Ouagadougou Pa\u00eds Burkina Faso Continente \u00c1frica Coordenadas GPS 12.23854 -1.56155 Huso horario UTC+0 CONGREGACI\u00d3N Congregaci\u00f3n S\u0153urs de l\u2019Immacul\u00e9e Conception de Ouagadougou (SIC) Casa Madre Ouagadougou Di\u00f3cesis Ouagadougou Pa\u00eds Burkina Faso Continente \u00c1frica Fiesta de la Congregaci\u00f3n 8 de diciembre Coordenadas GPS &#8230; <a title=\"Burkina Faso &#8211; \u00c1frica | Proyecto #31 de 72\" class=\"read-more\" href=\"https:\/\/spaziospadoni.org\/es\/hic-sum\/burkina-faso-africa-proyecto-31-de-72\/\" aria-label=\"Read more about Burkina Faso &#8211; \u00c1frica | Proyecto #31 de 72\">Leer m\u00e1s<\/a><\/p>\n","protected":false},"author":102,"featured_media":0,"parent":63319,"menu_order":0,"comment_status":"closed","ping_status":"closed","template":"","meta":{"_sitemap_exclude":false,"_sitemap_priority":"","_sitemap_frequency":"","footnotes":""},"class_list":["post-77391","page","type-page","status-publish","infinite-scroll-item"],"yoast_head":"<!-- This site is optimized with the Yoast SEO plugin v28.4 - https:\/\/yoast.com\/product\/yoast-seo-wordpress\/ -->\n<title>Burkina Faso - \u00c1frica | Proyecto #31 de 72 | Spazio Spadoni<\/title>\n<meta name=\"description\" content=\"Sor Odette - L\u00e9o (Burkina Faso) PROYECTO 31 de 72 MISI\u00d3N Lugar L\u00e9o Di\u00f3cesis Ouagadougou Pa\u00eds Burkina Faso Continente \u00c1frica Coordenadas GPS 12.23854\" \/>\n<meta name=\"robots\" content=\"index, follow, max-snippet:-1, max-image-preview:large, max-video-preview:-1\" \/>\n<link rel=\"canonical\" href=\"https:\/\/spaziospadoni.org\/es\/hic-sum\/burkina-faso-africa-proyecto-31-de-72\/\" \/>\n<meta property=\"og:locale\" content=\"es_ES\" \/>\n<meta property=\"og:type\" content=\"article\" \/>\n<meta property=\"og:title\" content=\"Burkina Faso - \u00c1frica | Proyecto #31 de 72 | Spazio Spadoni\" \/>\n<meta property=\"og:description\" content=\"Sor Odette - L\u00e9o (Burkina Faso) PROYECTO 31 de 72 MISI\u00d3N Lugar L\u00e9o Di\u00f3cesis Ouagadougou Pa\u00eds Burkina Faso Continente \u00c1frica Coordenadas GPS 12.23854\" \/>\n<meta property=\"og:url\" content=\"https:\/\/spaziospadoni.org\/es\/hic-sum\/burkina-faso-africa-proyecto-31-de-72\/\" \/>\n<meta property=\"og:site_name\" content=\"spazio + spadoni\" \/>\n<meta property=\"article:publisher\" content=\"https:\/\/www.facebook.com\/SpazioSpadoni\/\" \/>\n<meta property=\"article:modified_time\" content=\"2026-07-22T13:37:30+00:00\" \/>\n<meta property=\"og:image\" content=\"https:\/\/spaziospadoni.org\/wp-content\/uploads\/2026\/05\/hicsum_31_burkina_faso-spaziospadoni-scaled.png\" \/>\n<meta name=\"twitter:card\" content=\"summary_large_image\" \/>\n<meta name=\"twitter:label1\" content=\"Est. reading time\" \/>\n\t<meta name=\"twitter:data1\" content=\"23 minutes\" \/>\n<script type=\"application\/ld+json\" class=\"yoast-schema-graph\">{\"@context\":\"https:\\\/\\\/schema.org\",\"@graph\":[{\"@type\":\"WebPage\",\"@id\":\"https:\\\/\\\/spaziospadoni.org\\\/es\\\/hic-sum\\\/burkina-faso-africa-proyecto-31-de-72\\\/\",\"url\":\"https:\\\/\\\/spaziospadoni.org\\\/es\\\/hic-sum\\\/burkina-faso-africa-proyecto-31-de-72\\\/\",\"name\":\"Burkina Faso - \u00c1frica | Proyecto #31 de 72 | Spazio Spadoni\",\"isPartOf\":{\"@id\":\"https:\\\/\\\/spaziospadoni.org\\\/es\\\/#website\"},\"primaryImageOfPage\":{\"@id\":\"https:\\\/\\\/spaziospadoni.org\\\/es\\\/hic-sum\\\/burkina-faso-africa-proyecto-31-de-72\\\/#primaryimage\"},\"image\":{\"@id\":\"https:\\\/\\\/spaziospadoni.org\\\/es\\\/hic-sum\\\/burkina-faso-africa-proyecto-31-de-72\\\/#primaryimage\"},\"thumbnailUrl\":\"https:\\\/\\\/spaziospadoni.org\\\/wp-content\\\/uploads\\\/2026\\\/05\\\/hicsum_31_burkina_faso-spaziospadoni-scaled.png\",\"datePublished\":\"2026-05-15T09:16:15+00:00\",\"dateModified\":\"2026-07-22T13:37:30+00:00\",\"description\":\"Sor Odette - L\u00e9o (Burkina Faso) PROYECTO 31 de 72 MISI\u00d3N Lugar L\u00e9o Di\u00f3cesis Ouagadougou Pa\u00eds Burkina Faso Continente \u00c1frica Coordenadas GPS 12.23854\",\"breadcrumb\":{\"@id\":\"https:\\\/\\\/spaziospadoni.org\\\/es\\\/hic-sum\\\/burkina-faso-africa-proyecto-31-de-72\\\/#breadcrumb\"},\"inLanguage\":\"es-ES\",\"potentialAction\":[{\"@type\":\"ReadAction\",\"target\":[\"https:\\\/\\\/spaziospadoni.org\\\/es\\\/hic-sum\\\/burkina-faso-africa-proyecto-31-de-72\\\/\"]}]},{\"@type\":\"ImageObject\",\"inLanguage\":\"es-ES\",\"@id\":\"https:\\\/\\\/spaziospadoni.org\\\/es\\\/hic-sum\\\/burkina-faso-africa-proyecto-31-de-72\\\/#primaryimage\",\"url\":\"https:\\\/\\\/spaziospadoni.org\\\/wp-content\\\/uploads\\\/2026\\\/05\\\/hicsum_31_burkina_faso-spaziospadoni-scaled.png\",\"contentUrl\":\"https:\\\/\\\/spaziospadoni.org\\\/wp-content\\\/uploads\\\/2026\\\/05\\\/hicsum_31_burkina_faso-spaziospadoni-scaled.png\"},{\"@type\":\"BreadcrumbList\",\"@id\":\"https:\\\/\\\/spaziospadoni.org\\\/es\\\/hic-sum\\\/burkina-faso-africa-proyecto-31-de-72\\\/#breadcrumb\",\"itemListElement\":[{\"@type\":\"ListItem\",\"position\":1,\"name\":\"Home\",\"item\":\"https:\\\/\\\/spaziospadoni.org\\\/es\\\/\"},{\"@type\":\"ListItem\",\"position\":2,\"name\":\"Proyectos misioneros &#8211; Hic Sum\",\"item\":\"https:\\\/\\\/spaziospadoni.org\\\/es\\\/hic-sum\\\/\"},{\"@type\":\"ListItem\",\"position\":3,\"name\":\"Burkina Faso &#8211; \u00c1frica | Proyecto #31 de 72\"}]},{\"@type\":\"WebSite\",\"@id\":\"https:\\\/\\\/spaziospadoni.org\\\/es\\\/#website\",\"url\":\"https:\\\/\\\/spaziospadoni.org\\\/es\\\/\",\"name\":\"spazio + spadoni\",\"description\":\"Generazione di misericordia e missione nel mondo\",\"publisher\":{\"@id\":\"https:\\\/\\\/spaziospadoni.org\\\/es\\\/#organization\"},\"alternateName\":\"spaziospadoni.org\",\"potentialAction\":[{\"@type\":\"SearchAction\",\"target\":{\"@type\":\"EntryPoint\",\"urlTemplate\":\"https:\\\/\\\/spaziospadoni.org\\\/es\\\/?s={search_term_string}\"},\"query-input\":{\"@type\":\"PropertyValueSpecification\",\"valueRequired\":true,\"valueName\":\"search_term_string\"}}],\"inLanguage\":\"es-ES\"},{\"@type\":\"Organization\",\"@id\":\"https:\\\/\\\/spaziospadoni.org\\\/es\\\/#organization\",\"name\":\"spazio + spadoni\",\"alternateName\":\"spaziospadoni.org\",\"url\":\"https:\\\/\\\/spaziospadoni.org\\\/es\\\/\",\"logo\":{\"@type\":\"ImageObject\",\"inLanguage\":\"es-ES\",\"@id\":\"https:\\\/\\\/spaziospadoni.org\\\/es\\\/#\\\/schema\\\/logo\\\/image\\\/\",\"url\":\"https:\\\/\\\/spaziospadoni.org\\\/wp-content\\\/uploads\\\/2026\\\/05\\\/spazio-spadoni-logo-100x100-1.webp\",\"contentUrl\":\"https:\\\/\\\/spaziospadoni.org\\\/wp-content\\\/uploads\\\/2026\\\/05\\\/spazio-spadoni-logo-100x100-1.webp\",\"width\":100,\"height\":100,\"caption\":\"spazio + spadoni\"},\"image\":{\"@id\":\"https:\\\/\\\/spaziospadoni.org\\\/es\\\/#\\\/schema\\\/logo\\\/image\\\/\"},\"sameAs\":[\"https:\\\/\\\/www.facebook.com\\\/SpazioSpadoni\\\/\",\"https:\\\/\\\/www.instagram.com\\\/spaziospadoni\\\/\",\"https:\\\/\\\/www.youtube.com\\\/@spaziospadoni\\\/playlists\"]}]}<\/script>\n<!-- \/ Yoast SEO plugin. -->","yoast_head_json":{"title":"Burkina Faso - \u00c1frica | Proyecto #31 de 72 | Spazio Spadoni","description":"Sor Odette - L\u00e9o (Burkina Faso) PROYECTO 31 de 72 MISI\u00d3N Lugar L\u00e9o Di\u00f3cesis Ouagadougou Pa\u00eds Burkina Faso Continente \u00c1frica Coordenadas GPS 12.23854","robots":{"index":"index","follow":"follow","max-snippet":"max-snippet:-1","max-image-preview":"max-image-preview:large","max-video-preview":"max-video-preview:-1"},"canonical":"https:\/\/spaziospadoni.org\/es\/hic-sum\/burkina-faso-africa-proyecto-31-de-72\/","og_locale":"es_ES","og_type":"article","og_title":"Burkina Faso - \u00c1frica | Proyecto #31 de 72 | Spazio Spadoni","og_description":"Sor Odette - L\u00e9o (Burkina Faso) PROYECTO 31 de 72 MISI\u00d3N Lugar L\u00e9o Di\u00f3cesis Ouagadougou Pa\u00eds Burkina Faso Continente \u00c1frica Coordenadas GPS 12.23854","og_url":"https:\/\/spaziospadoni.org\/es\/hic-sum\/burkina-faso-africa-proyecto-31-de-72\/","og_site_name":"spazio + spadoni","article_publisher":"https:\/\/www.facebook.com\/SpazioSpadoni\/","article_modified_time":"2026-07-22T13:37:30+00:00","og_image":[{"url":"https:\/\/spaziospadoni.org\/wp-content\/uploads\/2026\/05\/hicsum_31_burkina_faso-spaziospadoni-scaled.png","type":"","width":"","height":""}],"twitter_card":"summary_large_image","twitter_misc":{"Est. reading time":"23 minutes"},"schema":{"@context":"https:\/\/schema.org","@graph":[{"@type":"WebPage","@id":"https:\/\/spaziospadoni.org\/es\/hic-sum\/burkina-faso-africa-proyecto-31-de-72\/","url":"https:\/\/spaziospadoni.org\/es\/hic-sum\/burkina-faso-africa-proyecto-31-de-72\/","name":"Burkina Faso - \u00c1frica | Proyecto #31 de 72 | Spazio Spadoni","isPartOf":{"@id":"https:\/\/spaziospadoni.org\/es\/#website"},"primaryImageOfPage":{"@id":"https:\/\/spaziospadoni.org\/es\/hic-sum\/burkina-faso-africa-proyecto-31-de-72\/#primaryimage"},"image":{"@id":"https:\/\/spaziospadoni.org\/es\/hic-sum\/burkina-faso-africa-proyecto-31-de-72\/#primaryimage"},"thumbnailUrl":"https:\/\/spaziospadoni.org\/wp-content\/uploads\/2026\/05\/hicsum_31_burkina_faso-spaziospadoni-scaled.png","datePublished":"2026-05-15T09:16:15+00:00","dateModified":"2026-07-22T13:37:30+00:00","description":"Sor Odette - L\u00e9o (Burkina Faso) PROYECTO 31 de 72 MISI\u00d3N Lugar L\u00e9o Di\u00f3cesis Ouagadougou Pa\u00eds Burkina Faso Continente \u00c1frica Coordenadas GPS 12.23854","breadcrumb":{"@id":"https:\/\/spaziospadoni.org\/es\/hic-sum\/burkina-faso-africa-proyecto-31-de-72\/#breadcrumb"},"inLanguage":"es-ES","potentialAction":[{"@type":"ReadAction","target":["https:\/\/spaziospadoni.org\/es\/hic-sum\/burkina-faso-africa-proyecto-31-de-72\/"]}]},{"@type":"ImageObject","inLanguage":"es-ES","@id":"https:\/\/spaziospadoni.org\/es\/hic-sum\/burkina-faso-africa-proyecto-31-de-72\/#primaryimage","url":"https:\/\/spaziospadoni.org\/wp-content\/uploads\/2026\/05\/hicsum_31_burkina_faso-spaziospadoni-scaled.png","contentUrl":"https:\/\/spaziospadoni.org\/wp-content\/uploads\/2026\/05\/hicsum_31_burkina_faso-spaziospadoni-scaled.png"},{"@type":"BreadcrumbList","@id":"https:\/\/spaziospadoni.org\/es\/hic-sum\/burkina-faso-africa-proyecto-31-de-72\/#breadcrumb","itemListElement":[{"@type":"ListItem","position":1,"name":"Home","item":"https:\/\/spaziospadoni.org\/es\/"},{"@type":"ListItem","position":2,"name":"Proyectos misioneros &#8211; Hic Sum","item":"https:\/\/spaziospadoni.org\/es\/hic-sum\/"},{"@type":"ListItem","position":3,"name":"Burkina Faso &#8211; \u00c1frica | Proyecto #31 de 72"}]},{"@type":"WebSite","@id":"https:\/\/spaziospadoni.org\/es\/#website","url":"https:\/\/spaziospadoni.org\/es\/","name":"spazio + spadoni","description":"Generazione di misericordia e missione nel mondo","publisher":{"@id":"https:\/\/spaziospadoni.org\/es\/#organization"},"alternateName":"spaziospadoni.org","potentialAction":[{"@type":"SearchAction","target":{"@type":"EntryPoint","urlTemplate":"https:\/\/spaziospadoni.org\/es\/?s={search_term_string}"},"query-input":{"@type":"PropertyValueSpecification","valueRequired":true,"valueName":"search_term_string"}}],"inLanguage":"es-ES"},{"@type":"Organization","@id":"https:\/\/spaziospadoni.org\/es\/#organization","name":"spazio + spadoni","alternateName":"spaziospadoni.org","url":"https:\/\/spaziospadoni.org\/es\/","logo":{"@type":"ImageObject","inLanguage":"es-ES","@id":"https:\/\/spaziospadoni.org\/es\/#\/schema\/logo\/image\/","url":"https:\/\/spaziospadoni.org\/wp-content\/uploads\/2026\/05\/spazio-spadoni-logo-100x100-1.webp","contentUrl":"https:\/\/spaziospadoni.org\/wp-content\/uploads\/2026\/05\/spazio-spadoni-logo-100x100-1.webp","width":100,"height":100,"caption":"spazio + spadoni"},"image":{"@id":"https:\/\/spaziospadoni.org\/es\/#\/schema\/logo\/image\/"},"sameAs":["https:\/\/www.facebook.com\/SpazioSpadoni\/","https:\/\/www.instagram.com\/spaziospadoni\/","https:\/\/www.youtube.com\/@spaziospadoni\/playlists"]}]}},"_links":{"self":[{"href":"https:\/\/spaziospadoni.org\/es\/wp-json\/wp\/v2\/pages\/77391","targetHints":{"allow":["GET"]}}],"collection":[{"href":"https:\/\/spaziospadoni.org\/es\/wp-json\/wp\/v2\/pages"}],"about":[{"href":"https:\/\/spaziospadoni.org\/es\/wp-json\/wp\/v2\/types\/page"}],"author":[{"embeddable":true,"href":"https:\/\/spaziospadoni.org\/es\/wp-json\/wp\/v2\/users\/102"}],"replies":[{"embeddable":true,"href":"https:\/\/spaziospadoni.org\/es\/wp-json\/wp\/v2\/comments?post=77391"}],"version-history":[{"count":0,"href":"https:\/\/spaziospadoni.org\/es\/wp-json\/wp\/v2\/pages\/77391\/revisions"}],"up":[{"embeddable":true,"href":"https:\/\/spaziospadoni.org\/es\/wp-json\/wp\/v2\/pages\/63319"}],"wp:attachment":[{"href":"https:\/\/spaziospadoni.org\/es\/wp-json\/wp\/v2\/media?parent=77391"}],"curies":[{"name":"wp","href":"https:\/\/api.w.org\/{rel}","templated":true}]}}