{"id":77867,"date":"2026-05-20T13:12:46","date_gmt":"2026-05-20T12:12:46","guid":{"rendered":"https:\/\/spaziospadoni.org\/entidades-de-formacion\/arciconfraternita-di-misericordia-di-arezzo\/"},"modified":"2026-08-21T14:45:49","modified_gmt":"2026-08-21T13:45:49","slug":"archicofradia-de-la-misericordia-de-arezzo","status":"publish","type":"page","link":"https:\/\/spaziospadoni.org\/es\/entidades-de-formacion\/archicofradia-de-la-misericordia-de-arezzo\/","title":{"rendered":"Archicofrad\u00eda de la Misericordia de Arezzo"},"content":{"rendered":"\n<p class=\"wp-block-paragraph\">La Archicofrad\u00eda de la Misericordia de Arezzo es una asociaci\u00f3n de voluntariado que forma parte del Movimiento de las Cofrad\u00edas de la Misericordia, fundado en Florencia en 1244 por Pietro da Verona, m\u00e1s tarde san Pedro M\u00e1rtir. Actualmente, las Cofrad\u00edas de la Misericordia est\u00e1n presentes en Italia y en el extranjero, con m\u00e1s de 700 cofrad\u00edas.<\/p>\n\n\n<div class=\"wp-block-image\">\n<figure class=\"aligncenter size-full is-resized\"><img decoding=\"async\" width=\"184\" height=\"184\" src=\"https:\/\/spaziospadoni.org\/wp-content\/uploads\/2026\/05\/Misericordia-di-Arezzo-Logo.jpg\" alt=\"Logotipo de la Archicofrad\u00eda de la Misericordia de Arezzo\" class=\"wp-image-45510\" style=\"width:274px;height:auto\" srcset=\"https:\/\/spaziospadoni.org\/wp-content\/uploads\/2026\/05\/Misericordia-di-Arezzo-Logo.jpg 184w, https:\/\/spaziospadoni.org\/wp-content\/uploads\/2026\/05\/Misericordia-di-Arezzo-Logo-150x150.jpg 150w\" sizes=\"(max-width: 184px) 100vw, 184px\" \/><\/figure>\n<\/div>\n\n\n<h2 id=\"h-storia\" class=\"wp-block-heading\"><strong>Historia<\/strong><\/h2>\n\n\n\n<p class=\"wp-block-paragraph\">La actividad de la Archicofrad\u00eda de la Misericordia de Arezzo se remonta al 25 de agosto de 1315, cuando Guido Tarlati, obispo de Arezzo, autoriz\u00f3 la creaci\u00f3n de la \u00abCompa\u00f1\u00eda de la Sant\u00edsima Trinidad\u00bb, decretando su supremac\u00eda sobre todas las dem\u00e1s compa\u00f1\u00edas existentes. En 1348, la \u00abSocietas SS. Trinitatis \u00bb hab\u00eda adquirido casas y terrenos para establecer su sede definitiva, que sigue siendo<br>su sede actual.<\/p>\n\n\n\n<p class=\"wp-block-paragraph\">La Compa\u00f1\u00eda de la Sant\u00edsima Trinidad continu\u00f3 funcionando como tal hasta 1785, a\u00f1o en que el gran duque de Toscana Pietro Leopoldo decret\u00f3 la supresi\u00f3n de todas las cofrad\u00edas y compa\u00f1\u00edas.<\/p>\n\n\n\n<p class=\"wp-block-paragraph\">Sin embargo, dado que, de acuerdo con el rescripto del Gran Duque, las compa\u00f1\u00edas suprimidas deb\u00edan ser sustituidas en cada parroquia<br>por una \u00abCompa\u00f1\u00eda de Caridad\u00bb, cuya finalidad era \u00abadem\u00e1s de las pr\u00e1cticas religiosas y la ense\u00f1anza de la Doctrina Cristiana, asistir a los enfermos y trasladarlos al hospital, llevar a los muertos a la sepultura y proporcionar y distribuir ayudas caritativas a los necesitados\u00bb, la disuelta Compa\u00f1\u00eda de la<br>Trinidad se reconstituy\u00f3 en la Catedral como \u00abCompa\u00f1\u00eda de Caridad de la Catedral\u00bb. Al constatar que no se hab\u00edan constituido otras Compa\u00f1\u00edas de Caridad en Arezzo, en 1792 se solicit\u00f3 al \u00abTrono Real\u00bb<br>autorizaci\u00f3n para que la \u00abCompa\u00f1\u00eda de Caridad de la Catedral\u00bb, con el nuevo nombre de \u00abCompa\u00f1\u00eda de la Misericordia y de la Muerte\u00bb, se trasladara a la cercana iglesia de San Sebasti\u00e1n y pudiera admitir tambi\u00e9n a hermanos ajenos a la parroquia de la Catedral. La solicitud, que sancionaba de hecho el renacimiento de la antigua Compa\u00f1\u00eda, aunque con otro nombre, fue aprobada mediante<br>\u00abrescriptos de la Secretar\u00eda del Derecho Regio de 30 de junio y 27 de julio de 1792\u00bb. La Cofrad\u00eda tiene como patrona a Mar\u00eda Auxiliadora y, en lo relativo a los valores morales, \u00e9ticos y religiosos, depende de la Autoridad Diocesana, representada por un Corrector, Asistente Eclesi\u00e1stico nombrado por el Ordinario Diocesano competente en el territorio.<\/p>\n\n\n\n<h2 id=\"h-attivita\" class=\"wp-block-heading\"><strong>Actividades<\/strong><\/h2>\n\n\n\n<ul class=\"wp-block-list\">\n<li>TRANSPORTE SANITARIO ORDINARIO<\/li>\n\n\n\n<li>TRANSPORTE SANITARIO DE EMERGENCIA<\/li>\n\n\n\n<li>TRANSPORTE SOCIAL<\/li>\n\n\n\n<li>TRANSPORTE FUNERARIO<\/li>\n\n\n\n<li>ASISTENCIA A PERSONAS MAYORES Y PERSONAS CON DISCAPACIDAD<\/li>\n\n\n\n<li>SERVICIOS DEPORTIVOS PARA EVENTOS<\/li>\n\n\n\n<li>CENTRO DE ESCUCHA CONTRA LA USURA<\/li>\n\n\n\n<li>RECOGIDA Y POSTERIOR ENTREGA DE ROPA A PERSONAS NECESITADAS<\/li>\n\n\n\n<li>PROTECCI\u00d3N CIVIL<\/li>\n\n\n\n<li>TELEASISTENCIA<\/li>\n\n\n\n<li>GRUPO DE DONANTES DE SANGRE FRATRES<\/li>\n\n\n\n<li>GRUPO DE DONANTES DE \u00d3RGANOS AIDO<\/li>\n<\/ul>\n\n\n\n<h2 id=\"h-contatti\" class=\"wp-block-heading\"><strong>Contactos<\/strong><\/h2>\n\n\n\n<p class=\"wp-block-paragraph\">Via Garibaldi, 143 \u2013 52100 Arezzo (AR)<\/p>\n\n\n\n<p class=\"wp-block-paragraph\">Tel. +39 0575 24242<\/p>\n\n\n\n<p class=\"wp-block-paragraph\"><a href=\"https:\/\/www.misericordiadiarezzo.it\/wp\" target=\"_blank\" rel=\"noreferrer noopener nofollow\" title=\"https:\/\/www.misericordiadiarezzo.it\/wp\">https:\/\/www.misericordiadiarezzo.it\/wp<\/a><\/p>\n\n\n\n<p class=\"wp-block-paragraph\"><a href=\"mailto:info@misericordiaarezzo.it\" target=\"_blank\" rel=\"noreferrer noopener\" title=\"info@misericordiaarezzo.it\">info@misericordiaarezzo.it<\/a><\/p>\n","protected":false},"excerpt":{"rendered":"<p>La Archicofrad\u00eda de la Misericordia de Arezzo es una asociaci\u00f3n de voluntariado que forma parte del Movimiento de las Cofrad\u00edas de la Misericordia, fundado en Florencia en 1244 por Pietro da Verona, m\u00e1s tarde san Pedro M\u00e1rtir. Actualmente, las Cofrad\u00edas de la Misericordia est\u00e1n presentes en Italia y en el extranjero, con m\u00e1s de 700 &#8230; <a title=\"Archicofrad\u00eda de la Misericordia de Arezzo\" class=\"read-more\" href=\"https:\/\/spaziospadoni.org\/es\/entidades-de-formacion\/archicofradia-de-la-misericordia-de-arezzo\/\" aria-label=\"Read more about Archicofrad\u00eda de la Misericordia de Arezzo\">Leer m\u00e1s<\/a><\/p>\n","protected":false},"author":102,"featured_media":0,"parent":73247,"menu_order":0,"comment_status":"closed","ping_status":"closed","template":"","meta":{"_sitemap_exclude":false,"_sitemap_priority":"","_sitemap_frequency":"","footnotes":""},"class_list":["post-77867","page","type-page","status-publish","infinite-scroll-item"],"yoast_head":"<!-- This site is optimized with the Yoast SEO plugin v28.4 - https:\/\/yoast.com\/product\/yoast-seo-wordpress\/ -->\n<title>Archicofrad\u00eda de la Misericordia de Arezzo | Spazio Spadoni<\/title>\n<meta name=\"description\" content=\"La Archicofrad\u00eda de la Misericordia de Arezzo es una asociaci\u00f3n de voluntariado que forma parte del Movimiento de las Cofrad\u00edas de la Misericordia,\" \/>\n<meta name=\"robots\" content=\"index, follow, max-snippet:-1, max-image-preview:large, max-video-preview:-1\" \/>\n<link rel=\"canonical\" href=\"https:\/\/spaziospadoni.org\/es\/entidades-de-formacion\/archicofradia-de-la-misericordia-de-arezzo\/\" \/>\n<meta property=\"og:locale\" content=\"es_ES\" \/>\n<meta property=\"og:type\" content=\"article\" \/>\n<meta property=\"og:title\" content=\"Archicofrad\u00eda de la Misericordia de Arezzo | Spazio Spadoni\" \/>\n<meta property=\"og:description\" content=\"La Archicofrad\u00eda de la Misericordia de Arezzo es una asociaci\u00f3n de voluntariado que forma parte del Movimiento de las Cofrad\u00edas de la Misericordia,\" \/>\n<meta property=\"og:url\" content=\"https:\/\/spaziospadoni.org\/es\/entidades-de-formacion\/archicofradia-de-la-misericordia-de-arezzo\/\" \/>\n<meta property=\"og:site_name\" content=\"spazio + spadoni\" \/>\n<meta property=\"article:publisher\" content=\"https:\/\/www.facebook.com\/SpazioSpadoni\/\" \/>\n<meta property=\"article:modified_time\" content=\"2026-08-21T13:45:49+00:00\" \/>\n<meta property=\"og:image\" content=\"https:\/\/spaziospadoni.org\/wp-content\/uploads\/2026\/05\/Misericordia-di-Arezzo-Logo.jpg\" \/>\n\t<meta property=\"og:image:width\" content=\"184\" \/>\n\t<meta property=\"og:image:height\" content=\"184\" \/>\n\t<meta property=\"og:image:type\" content=\"image\/jpeg\" \/>\n<meta name=\"twitter:card\" content=\"summary_large_image\" \/>\n<meta name=\"twitter:label1\" content=\"Est. reading time\" \/>\n\t<meta name=\"twitter:data1\" content=\"3 minutes\" \/>\n<script type=\"application\/ld+json\" class=\"yoast-schema-graph\">{\"@context\":\"https:\\\/\\\/schema.org\",\"@graph\":[{\"@type\":\"WebPage\",\"@id\":\"https:\\\/\\\/spaziospadoni.org\\\/es\\\/entidades-de-formacion\\\/archicofradia-de-la-misericordia-de-arezzo\\\/\",\"url\":\"https:\\\/\\\/spaziospadoni.org\\\/es\\\/entidades-de-formacion\\\/archicofradia-de-la-misericordia-de-arezzo\\\/\",\"name\":\"Archicofrad\u00eda de la Misericordia de Arezzo | Spazio Spadoni\",\"isPartOf\":{\"@id\":\"https:\\\/\\\/spaziospadoni.org\\\/es\\\/#website\"},\"primaryImageOfPage\":{\"@id\":\"https:\\\/\\\/spaziospadoni.org\\\/es\\\/entidades-de-formacion\\\/archicofradia-de-la-misericordia-de-arezzo\\\/#primaryimage\"},\"image\":{\"@id\":\"https:\\\/\\\/spaziospadoni.org\\\/es\\\/entidades-de-formacion\\\/archicofradia-de-la-misericordia-de-arezzo\\\/#primaryimage\"},\"thumbnailUrl\":\"https:\\\/\\\/spaziospadoni.org\\\/wp-content\\\/uploads\\\/2026\\\/05\\\/Misericordia-di-Arezzo-Logo.jpg\",\"datePublished\":\"2026-05-20T12:12:46+00:00\",\"dateModified\":\"2026-08-21T13:45:49+00:00\",\"description\":\"La Archicofrad\u00eda de la Misericordia de Arezzo es una asociaci\u00f3n de voluntariado que forma parte del Movimiento de las Cofrad\u00edas de la Misericordia,\",\"breadcrumb\":{\"@id\":\"https:\\\/\\\/spaziospadoni.org\\\/es\\\/entidades-de-formacion\\\/archicofradia-de-la-misericordia-de-arezzo\\\/#breadcrumb\"},\"inLanguage\":\"es-ES\",\"potentialAction\":[{\"@type\":\"ReadAction\",\"target\":[\"https:\\\/\\\/spaziospadoni.org\\\/es\\\/entidades-de-formacion\\\/archicofradia-de-la-misericordia-de-arezzo\\\/\"]}]},{\"@type\":\"ImageObject\",\"inLanguage\":\"es-ES\",\"@id\":\"https:\\\/\\\/spaziospadoni.org\\\/es\\\/entidades-de-formacion\\\/archicofradia-de-la-misericordia-de-arezzo\\\/#primaryimage\",\"url\":\"https:\\\/\\\/spaziospadoni.org\\\/wp-content\\\/uploads\\\/2026\\\/05\\\/Misericordia-di-Arezzo-Logo.jpg\",\"contentUrl\":\"https:\\\/\\\/spaziospadoni.org\\\/wp-content\\\/uploads\\\/2026\\\/05\\\/Misericordia-di-Arezzo-Logo.jpg\"},{\"@type\":\"BreadcrumbList\",\"@id\":\"https:\\\/\\\/spaziospadoni.org\\\/es\\\/entidades-de-formacion\\\/archicofradia-de-la-misericordia-de-arezzo\\\/#breadcrumb\",\"itemListElement\":[{\"@type\":\"ListItem\",\"position\":1,\"name\":\"Home\",\"item\":\"https:\\\/\\\/spaziospadoni.org\\\/es\\\/\"},{\"@type\":\"ListItem\",\"position\":2,\"name\":\"Entidades de formaci\u00f3n\",\"item\":\"https:\\\/\\\/spaziospadoni.org\\\/es\\\/entidades-de-formacion\\\/\"},{\"@type\":\"ListItem\",\"position\":3,\"name\":\"Archicofrad\u00eda de la Misericordia de Arezzo\"}]},{\"@type\":\"WebSite\",\"@id\":\"https:\\\/\\\/spaziospadoni.org\\\/es\\\/#website\",\"url\":\"https:\\\/\\\/spaziospadoni.org\\\/es\\\/\",\"name\":\"spazio + spadoni\",\"description\":\"Generazione di misericordia e missione nel mondo\",\"publisher\":{\"@id\":\"https:\\\/\\\/spaziospadoni.org\\\/es\\\/#organization\"},\"alternateName\":\"spaziospadoni.org\",\"potentialAction\":[{\"@type\":\"SearchAction\",\"target\":{\"@type\":\"EntryPoint\",\"urlTemplate\":\"https:\\\/\\\/spaziospadoni.org\\\/es\\\/?s={search_term_string}\"},\"query-input\":{\"@type\":\"PropertyValueSpecification\",\"valueRequired\":true,\"valueName\":\"search_term_string\"}}],\"inLanguage\":\"es-ES\"},{\"@type\":\"Organization\",\"@id\":\"https:\\\/\\\/spaziospadoni.org\\\/es\\\/#organization\",\"name\":\"spazio + spadoni\",\"alternateName\":\"spaziospadoni.org\",\"url\":\"https:\\\/\\\/spaziospadoni.org\\\/es\\\/\",\"logo\":{\"@type\":\"ImageObject\",\"inLanguage\":\"es-ES\",\"@id\":\"https:\\\/\\\/spaziospadoni.org\\\/es\\\/#\\\/schema\\\/logo\\\/image\\\/\",\"url\":\"https:\\\/\\\/spaziospadoni.org\\\/wp-content\\\/uploads\\\/2026\\\/05\\\/spazio-spadoni-logo-100x100-1.webp\",\"contentUrl\":\"https:\\\/\\\/spaziospadoni.org\\\/wp-content\\\/uploads\\\/2026\\\/05\\\/spazio-spadoni-logo-100x100-1.webp\",\"width\":100,\"height\":100,\"caption\":\"spazio + spadoni\"},\"image\":{\"@id\":\"https:\\\/\\\/spaziospadoni.org\\\/es\\\/#\\\/schema\\\/logo\\\/image\\\/\"},\"sameAs\":[\"https:\\\/\\\/www.facebook.com\\\/SpazioSpadoni\\\/\",\"https:\\\/\\\/www.instagram.com\\\/spaziospadoni\\\/\",\"https:\\\/\\\/www.youtube.com\\\/@spaziospadoni\\\/playlists\"]}]}<\/script>\n<!-- \/ Yoast SEO plugin. -->","yoast_head_json":{"title":"Archicofrad\u00eda de la Misericordia de Arezzo | Spazio Spadoni","description":"La Archicofrad\u00eda de la Misericordia de Arezzo es una asociaci\u00f3n de voluntariado que forma parte del Movimiento de las Cofrad\u00edas de la Misericordia,","robots":{"index":"index","follow":"follow","max-snippet":"max-snippet:-1","max-image-preview":"max-image-preview:large","max-video-preview":"max-video-preview:-1"},"canonical":"https:\/\/spaziospadoni.org\/es\/entidades-de-formacion\/archicofradia-de-la-misericordia-de-arezzo\/","og_locale":"es_ES","og_type":"article","og_title":"Archicofrad\u00eda de la Misericordia de Arezzo | Spazio Spadoni","og_description":"La Archicofrad\u00eda de la Misericordia de Arezzo es una asociaci\u00f3n de voluntariado que forma parte del Movimiento de las Cofrad\u00edas de la Misericordia,","og_url":"https:\/\/spaziospadoni.org\/es\/entidades-de-formacion\/archicofradia-de-la-misericordia-de-arezzo\/","og_site_name":"spazio + spadoni","article_publisher":"https:\/\/www.facebook.com\/SpazioSpadoni\/","article_modified_time":"2026-08-21T13:45:49+00:00","og_image":[{"width":184,"height":184,"url":"https:\/\/spaziospadoni.org\/wp-content\/uploads\/2026\/05\/Misericordia-di-Arezzo-Logo.jpg","type":"image\/jpeg"}],"twitter_card":"summary_large_image","twitter_misc":{"Est. reading time":"3 minutes"},"schema":{"@context":"https:\/\/schema.org","@graph":[{"@type":"WebPage","@id":"https:\/\/spaziospadoni.org\/es\/entidades-de-formacion\/archicofradia-de-la-misericordia-de-arezzo\/","url":"https:\/\/spaziospadoni.org\/es\/entidades-de-formacion\/archicofradia-de-la-misericordia-de-arezzo\/","name":"Archicofrad\u00eda de la Misericordia de Arezzo | Spazio Spadoni","isPartOf":{"@id":"https:\/\/spaziospadoni.org\/es\/#website"},"primaryImageOfPage":{"@id":"https:\/\/spaziospadoni.org\/es\/entidades-de-formacion\/archicofradia-de-la-misericordia-de-arezzo\/#primaryimage"},"image":{"@id":"https:\/\/spaziospadoni.org\/es\/entidades-de-formacion\/archicofradia-de-la-misericordia-de-arezzo\/#primaryimage"},"thumbnailUrl":"https:\/\/spaziospadoni.org\/wp-content\/uploads\/2026\/05\/Misericordia-di-Arezzo-Logo.jpg","datePublished":"2026-05-20T12:12:46+00:00","dateModified":"2026-08-21T13:45:49+00:00","description":"La Archicofrad\u00eda de la Misericordia de Arezzo es una asociaci\u00f3n de voluntariado que forma parte del Movimiento de las Cofrad\u00edas de la Misericordia,","breadcrumb":{"@id":"https:\/\/spaziospadoni.org\/es\/entidades-de-formacion\/archicofradia-de-la-misericordia-de-arezzo\/#breadcrumb"},"inLanguage":"es-ES","potentialAction":[{"@type":"ReadAction","target":["https:\/\/spaziospadoni.org\/es\/entidades-de-formacion\/archicofradia-de-la-misericordia-de-arezzo\/"]}]},{"@type":"ImageObject","inLanguage":"es-ES","@id":"https:\/\/spaziospadoni.org\/es\/entidades-de-formacion\/archicofradia-de-la-misericordia-de-arezzo\/#primaryimage","url":"https:\/\/spaziospadoni.org\/wp-content\/uploads\/2026\/05\/Misericordia-di-Arezzo-Logo.jpg","contentUrl":"https:\/\/spaziospadoni.org\/wp-content\/uploads\/2026\/05\/Misericordia-di-Arezzo-Logo.jpg"},{"@type":"BreadcrumbList","@id":"https:\/\/spaziospadoni.org\/es\/entidades-de-formacion\/archicofradia-de-la-misericordia-de-arezzo\/#breadcrumb","itemListElement":[{"@type":"ListItem","position":1,"name":"Home","item":"https:\/\/spaziospadoni.org\/es\/"},{"@type":"ListItem","position":2,"name":"Entidades de formaci\u00f3n","item":"https:\/\/spaziospadoni.org\/es\/entidades-de-formacion\/"},{"@type":"ListItem","position":3,"name":"Archicofrad\u00eda de la Misericordia de Arezzo"}]},{"@type":"WebSite","@id":"https:\/\/spaziospadoni.org\/es\/#website","url":"https:\/\/spaziospadoni.org\/es\/","name":"spazio + spadoni","description":"Generazione di misericordia e missione nel mondo","publisher":{"@id":"https:\/\/spaziospadoni.org\/es\/#organization"},"alternateName":"spaziospadoni.org","potentialAction":[{"@type":"SearchAction","target":{"@type":"EntryPoint","urlTemplate":"https:\/\/spaziospadoni.org\/es\/?s={search_term_string}"},"query-input":{"@type":"PropertyValueSpecification","valueRequired":true,"valueName":"search_term_string"}}],"inLanguage":"es-ES"},{"@type":"Organization","@id":"https:\/\/spaziospadoni.org\/es\/#organization","name":"spazio + spadoni","alternateName":"spaziospadoni.org","url":"https:\/\/spaziospadoni.org\/es\/","logo":{"@type":"ImageObject","inLanguage":"es-ES","@id":"https:\/\/spaziospadoni.org\/es\/#\/schema\/logo\/image\/","url":"https:\/\/spaziospadoni.org\/wp-content\/uploads\/2026\/05\/spazio-spadoni-logo-100x100-1.webp","contentUrl":"https:\/\/spaziospadoni.org\/wp-content\/uploads\/2026\/05\/spazio-spadoni-logo-100x100-1.webp","width":100,"height":100,"caption":"spazio + spadoni"},"image":{"@id":"https:\/\/spaziospadoni.org\/es\/#\/schema\/logo\/image\/"},"sameAs":["https:\/\/www.facebook.com\/SpazioSpadoni\/","https:\/\/www.instagram.com\/spaziospadoni\/","https:\/\/www.youtube.com\/@spaziospadoni\/playlists"]}]}},"_links":{"self":[{"href":"https:\/\/spaziospadoni.org\/es\/wp-json\/wp\/v2\/pages\/77867","targetHints":{"allow":["GET"]}}],"collection":[{"href":"https:\/\/spaziospadoni.org\/es\/wp-json\/wp\/v2\/pages"}],"about":[{"href":"https:\/\/spaziospadoni.org\/es\/wp-json\/wp\/v2\/types\/page"}],"author":[{"embeddable":true,"href":"https:\/\/spaziospadoni.org\/es\/wp-json\/wp\/v2\/users\/102"}],"replies":[{"embeddable":true,"href":"https:\/\/spaziospadoni.org\/es\/wp-json\/wp\/v2\/comments?post=77867"}],"version-history":[{"count":1,"href":"https:\/\/spaziospadoni.org\/es\/wp-json\/wp\/v2\/pages\/77867\/revisions"}],"predecessor-version":[{"id":91574,"href":"https:\/\/spaziospadoni.org\/es\/wp-json\/wp\/v2\/pages\/77867\/revisions\/91574"}],"up":[{"embeddable":true,"href":"https:\/\/spaziospadoni.org\/es\/wp-json\/wp\/v2\/pages\/73247"}],"wp:attachment":[{"href":"https:\/\/spaziospadoni.org\/es\/wp-json\/wp\/v2\/media?parent=77867"}],"curies":[{"name":"wp","href":"https:\/\/api.w.org\/{rel}","templated":true}]}}