{"id":78410,"date":"2026-05-20T14:05:31","date_gmt":"2026-05-20T13:05:31","guid":{"rendered":"https:\/\/spaziospadoni.org\/entidades-de-formacion\/confraternita-di-misericordia-di-orta-nova\/"},"modified":"2026-08-22T09:05:13","modified_gmt":"2026-08-22T08:05:13","slug":"cofradia-de-la-misericordia-de-orta-nova","status":"publish","type":"page","link":"https:\/\/spaziospadoni.org\/es\/entidades-de-formacion\/cofradia-de-la-misericordia-de-orta-nova\/","title":{"rendered":"Cofrad\u00eda de la Misericordia de Orta Nova"},"content":{"rendered":"\n<p class=\"wp-block-paragraph\">La Cofrad\u00eda de la Misericordia de Orta Nova es una asociaci\u00f3n de voluntariado que forma parte del Movimiento de las Cofrad\u00edas de la Misericordia, nacido en 1244 en Florencia por Pietro da Verona, despu\u00e9s san Pedro M\u00e1rtir. Actualmente las Cofrad\u00edas de la Misericordia est\u00e1n presentes en Italia y en el extranjero con m\u00e1s de 700 cofrad\u00edas.<\/p>\n\n\n<div class=\"wp-block-image\">\n<figure class=\"aligncenter size-full is-resized\"><img decoding=\"async\" width=\"1200\" height=\"1200\" src=\"https:\/\/spaziospadoni.org\/wp-content\/uploads\/2026\/05\/Logo-Misericordia-Orta-NOVA.jpg\" alt=\"Logotipo de la Cofrad\u00eda de la Misericordia de Orta Nova\" class=\"wp-image-45157\" style=\"width:344px;height:auto\" srcset=\"https:\/\/spaziospadoni.org\/wp-content\/uploads\/2026\/05\/Logo-Misericordia-Orta-NOVA.jpg 1200w, https:\/\/spaziospadoni.org\/wp-content\/uploads\/2026\/05\/Logo-Misericordia-Orta-NOVA-300x300.jpg 300w, https:\/\/spaziospadoni.org\/wp-content\/uploads\/2026\/05\/Logo-Misericordia-Orta-NOVA-1024x1024.jpg 1024w, https:\/\/spaziospadoni.org\/wp-content\/uploads\/2026\/05\/Logo-Misericordia-Orta-NOVA-150x150.jpg 150w, https:\/\/spaziospadoni.org\/wp-content\/uploads\/2026\/05\/Logo-Misericordia-Orta-NOVA-768x768.jpg 768w\" sizes=\"(max-width: 1200px) 100vw, 1200px\" \/><\/figure>\n<\/div>\n\n\n<h2 id=\"historianbsp\" class=\"wp-block-heading\"><strong>Historia<\/strong> <\/h2>\n\n\n\n<p class=\"wp-block-paragraph\">La Cofrad\u00eda de la Misericordia de Orta Nova nace el 12 de diciembre de 1992, por voluntad de algunos socios, ya protagonistas de una asociaci\u00f3n no religiosa anterior. La Cofrad\u00eda de la Misericordia de Orta Nova es reconocida como Cofrad\u00eda por el Obispo de la Di\u00f3cesis de Cerignola-Ascoli Satriano, que asigna como Padre Corrector al p\u00e1rroco de la iglesia de la Bienaventurada Virgen Mar\u00eda de Lourdes de Orta Nova.&nbsp;<\/p>\n\n\n\n<p class=\"wp-block-paragraph\">El primer paso se refiere a la transformaci\u00f3n del complejo que alberga la Cofrad\u00eda de la Misericordia, de una ruina abandonada, deteriorada, refugio de animales y malas hierbas, en una estructura bien organizada y eficiente, con una central operativa y salas para formaci\u00f3n y cursos.&nbsp;<\/p>\n\n\n\n<p class=\"wp-block-paragraph\">De 1993 a 1996, durante el per\u00edodo de verano, la Cofrad\u00eda de la Misericordia acoge a m\u00e1s de 150 personas extracomunitarias al a\u00f1o, a las que se les ofrece una cama, una comida caliente, el uso de ba\u00f1os con duchas y un espacio para rezar seg\u00fan su religi\u00f3n, devolvi\u00e9ndoles la dignidad de seres humanos. Mientras tanto, son muchas las manifestaciones destinadas a recoger apoyos entre los m\u00e1s j\u00f3venes, futuros voluntarios, objetores de conciencia y socios de la Cofrad\u00eda de la Misericordia, como la organizaci\u00f3n de cursos de prevenci\u00f3n y de primeros auxilios en escuelas secundarias de primer y segundo grado y recaudaciones de fondos destinados a obras de beneficencia.&nbsp;<\/p>\n\n\n\n<p class=\"wp-block-paragraph\">En 2001, despu\u00e9s de numerosos esfuerzos, la Cofrad\u00eda llega a la Vestici\u00f3n solemne.<\/p>\n\n\n<div class=\"wp-block-image\">\n<figure class=\"aligncenter size-large is-resized\"><img decoding=\"async\" width=\"1024\" height=\"768\" src=\"https:\/\/spaziospadoni.org\/wp-content\/uploads\/2026\/05\/mettere-come-foto-a-Miserifcordia-oltre-il-logo-1024x768.jpg\" alt=\"Fotograf\u00eda adicional de la Cofrad\u00eda de la Misericordia de Orta Nova\" class=\"wp-image-45158\" style=\"width:325px;height:auto\" srcset=\"https:\/\/spaziospadoni.org\/wp-content\/uploads\/2026\/05\/mettere-come-foto-a-Miserifcordia-oltre-il-logo-1024x768.jpg 1024w, https:\/\/spaziospadoni.org\/wp-content\/uploads\/2026\/05\/mettere-come-foto-a-Miserifcordia-oltre-il-logo-300x225.jpg 300w, https:\/\/spaziospadoni.org\/wp-content\/uploads\/2026\/05\/mettere-come-foto-a-Miserifcordia-oltre-il-logo-768x576.jpg 768w, https:\/\/spaziospadoni.org\/wp-content\/uploads\/2026\/05\/mettere-come-foto-a-Miserifcordia-oltre-il-logo-1536x1152.jpg 1536w, https:\/\/spaziospadoni.org\/wp-content\/uploads\/2026\/05\/mettere-come-foto-a-Miserifcordia-oltre-il-logo.jpg 2048w\" sizes=\"(max-width: 1024px) 100vw, 1024px\" \/><\/figure>\n<\/div>\n\n\n<p class=\"wp-block-paragraph\">Por primera vez&nbsp;en la historia de la Cofrad\u00eda de la Misericordia de Orta Nova, 21 voluntarios visten el h\u00e1bito hist\u00f3rico y, en aquella ocasi\u00f3n, se consagra y bendice la estatua de la Virgen Mar\u00eda y su capillita construida en el jard\u00edn de la sede. Cada a\u00f1o, a los voluntarios m\u00e1s meritorios se les ofrece un viaje a Lourdes y\/o la participaci\u00f3n en la JMJ para agradecerles el trabajo realizado.&nbsp;<\/p>\n\n\n\n<p class=\"wp-block-paragraph\">Desde hace diez a\u00f1os, la Cofrad\u00eda de la Misericordia organiza un campamento-escuela de verano de 5 d\u00edas de duraci\u00f3n, donde los ni\u00f1os y j\u00f3venes recuperan el contacto con la naturaleza y se les presentan algunos conceptos sobre emergencias y Protecci\u00f3n Civil, a trav\u00e9s de encuentros con los Bomberos, la Marina Militar y el Destacamento Aeron\u00e1utico Jacotenente.&nbsp;<\/p>\n\n\n\n<p class=\"wp-block-paragraph\">La Cofrad\u00eda de la Misericordia de Orta Nova tiene la suerte de contar con un paisano suyo, don Gaetano Di Pierro, que parti\u00f3 como misionero a Madagascar hace ya 50 a\u00f1os. El 24 de abril de 2001, el Papa Juan Pablo II lo nombra Obispo; en 2006, el Papa Benedicto XVI lo llama como Obispo de Moramanga y en 2018, con el Papa Francisco, se convierte en Obispo de Farafangana. Desde Madagascar, el Obispo permanece en estrecho contacto con la Cofrad\u00eda de la Misericordia y, durante sus visitas a Italia, no pierde ocasi\u00f3n de encontrarse con la Cofrad\u00eda. La presencia de don Gaetano ofrece la oportunidad de organizar catequesis y formaciones que tambi\u00e9n han vinculado personalmente a los voluntarios a esta misi\u00f3n, tanto que en 2022 muchos se movilizaron a ra\u00edz de las inundaciones que golpearon a la poblaci\u00f3n malgache.\u00a0<\/p>\n\n\n\n<h2 id=\"actividadesnbsp\" class=\"wp-block-heading\"><strong>Actividades<\/strong> <\/h2>\n\n\n\n<ul class=\"wp-block-list\">\n<li>Transportes sanitarios en ambulancia&nbsp;<\/li>\n\n\n\n<li>Transportes sanitarios con veh\u00edculo para personas con discapacidad&nbsp;<\/li>\n\n\n\n<li>Transporte para personas indigentes&nbsp;<\/li>\n\n\n\n<li>Banco de Alimentos&nbsp;&nbsp;<\/li>\n\n\n\n<li>Banco de ropa&nbsp;<\/li>\n\n\n\n<li>Banco de ayudas t\u00e9cnicas (camas ortop\u00e9dicas, sillas de ruedas, etc.)&nbsp;<\/li>\n\n\n\n<li>Banco farmac\u00e9utico&nbsp;&nbsp;<\/li>\n\n\n\n<li>Secretariado social&nbsp;<\/li>\n\n\n\n<li>Punto de escucha con pedagoga y psic\u00f3loga&nbsp;<\/li>\n\n\n\n<li>Protecci\u00f3n Civil&nbsp;<\/li>\n\n\n\n<li>Clownterapia&nbsp;<\/li>\n\n\n\n<li>Proyectos socioeducativos de verano e invierno&nbsp;<\/li>\n\n\n\n<li>Proyectos de apoyo escolar&nbsp;<\/li>\n\n\n\n<li>Asistencia a ancianos&nbsp;<\/li>\n\n\n\n<li>Asistencia a enfermos terminales&nbsp;<\/li>\n\n\n\n<li>Actividades l\u00fadicas en el Convento de San Arcisio&nbsp;<\/li>\n\n\n\n<li>Apoyo al comedor ciudadano&nbsp;<\/li>\n\n\n\n<li>Recogida de alimentos sobrantes de comedores de empresa y actividades gastron\u00f3micas&nbsp;<\/li>\n\n\n\n<li>Alquiler de bicicletas&nbsp;<\/li>\n\n\n\n<li>Proyectos sobre legalidad&nbsp;<\/li>\n\n\n\n<li>Apoyo a Mons. Gaetano Di Pierro, Obispo en Madagascar&nbsp;<\/li>\n<\/ul>\n\n\n\n<h2 id=\"experiencias-misionerasnbsp\" class=\"wp-block-heading\"><strong>Experiencias misioneras<\/strong> <\/h2>\n\n\n\n<p class=\"wp-block-paragraph\">Desde hace varios a\u00f1os, la Cofrad\u00eda de la Misericordia de Orta Nova acoge el testimonio y apoya la obra de Mons. Gaetano di Pierro, Obispo de Farafangana, en Madagascar.&nbsp;<\/p>\n\n\n\n<h2 id=\"contactosnbsp\" class=\"wp-block-heading\"><strong>Contactos<\/strong> <\/h2>\n\n\n\n<p class=\"wp-block-paragraph\">&nbsp;Via Puglie s.n. -71045 Orta Nova (FG)&nbsp;<\/p>\n\n\n\n<p class=\"wp-block-paragraph\">Tel. +390885783015&nbsp;<\/p>\n\n\n\n<p class=\"wp-block-paragraph\"><a href=\"http:\/\/www.misericordiaon.it\/\" target=\"_blank\" rel=\"noreferrer noopener nofollow\" title=\"http:\/\/www.misericordiaon.it\/\">http:\/\/www.misericordiaon.it\/<\/a>&nbsp;<\/p>\n\n\n\n<p class=\"wp-block-paragraph\"><a href=\"https:\/\/www.facebook.com\/misericordia.ortanova\" target=\"_blank\" rel=\"noreferrer noopener nofollow\" title=\"https:\/\/www.facebook.com\/misericordia.ortanova\">https:\/\/www.facebook.com\/misericordia.ortanova<\/a><\/p>\n","protected":false},"excerpt":{"rendered":"<p>La Cofrad\u00eda de la Misericordia de Orta Nova es una asociaci\u00f3n de voluntariado que forma parte del Movimiento de las Cofrad\u00edas de la Misericordia, nacido en 1244 en Florencia por Pietro da Verona, despu\u00e9s san Pedro M\u00e1rtir. Actualmente las Cofrad\u00edas de la Misericordia est\u00e1n presentes en Italia y en el extranjero con m\u00e1s de 700 &#8230; <a title=\"Cofrad\u00eda de la Misericordia de Orta Nova\" class=\"read-more\" href=\"https:\/\/spaziospadoni.org\/es\/entidades-de-formacion\/cofradia-de-la-misericordia-de-orta-nova\/\" aria-label=\"Read more about Cofrad\u00eda de la Misericordia de Orta Nova\">Leer m\u00e1s<\/a><\/p>\n","protected":false},"author":102,"featured_media":0,"parent":73247,"menu_order":0,"comment_status":"closed","ping_status":"closed","template":"","meta":{"_sitemap_exclude":false,"_sitemap_priority":"","_sitemap_frequency":"","footnotes":""},"class_list":["post-78410","page","type-page","status-publish","infinite-scroll-item"],"yoast_head":"<!-- This site is optimized with the Yoast SEO plugin v28.4 - https:\/\/yoast.com\/product\/yoast-seo-wordpress\/ -->\n<title>Cofrad\u00eda de la Misericordia de Orta Nova | Spazio Spadoni<\/title>\n<meta name=\"description\" content=\"La Cofrad\u00eda de la Misericordia de Orta Nova es una asociaci\u00f3n de voluntariado que forma parte del Movimiento de las Cofrad\u00edas de la Misericordia, nacido\" \/>\n<meta name=\"robots\" content=\"index, follow, max-snippet:-1, max-image-preview:large, max-video-preview:-1\" \/>\n<link rel=\"canonical\" href=\"https:\/\/spaziospadoni.org\/es\/entidades-de-formacion\/cofradia-de-la-misericordia-de-orta-nova\/\" \/>\n<meta property=\"og:locale\" content=\"es_ES\" \/>\n<meta property=\"og:type\" content=\"article\" \/>\n<meta property=\"og:title\" content=\"Cofrad\u00eda de la Misericordia de Orta Nova | Spazio Spadoni\" \/>\n<meta property=\"og:description\" content=\"La Cofrad\u00eda de la Misericordia de Orta Nova es una asociaci\u00f3n de voluntariado que forma parte del Movimiento de las Cofrad\u00edas de la Misericordia, nacido\" \/>\n<meta property=\"og:url\" content=\"https:\/\/spaziospadoni.org\/es\/entidades-de-formacion\/cofradia-de-la-misericordia-de-orta-nova\/\" \/>\n<meta property=\"og:site_name\" content=\"spazio + spadoni\" \/>\n<meta property=\"article:publisher\" content=\"https:\/\/www.facebook.com\/SpazioSpadoni\/\" \/>\n<meta property=\"article:modified_time\" content=\"2026-08-22T08:05:13+00:00\" \/>\n<meta property=\"og:image\" content=\"https:\/\/spaziospadoni.org\/wp-content\/uploads\/2026\/05\/Logo-Misericordia-Orta-NOVA.jpg\" \/>\n\t<meta property=\"og:image:width\" content=\"1200\" \/>\n\t<meta property=\"og:image:height\" content=\"1200\" \/>\n\t<meta property=\"og:image:type\" content=\"image\/jpeg\" \/>\n<meta name=\"twitter:card\" content=\"summary_large_image\" \/>\n<meta name=\"twitter:label1\" content=\"Est. reading time\" \/>\n\t<meta name=\"twitter:data1\" content=\"5 minutes\" \/>\n<script type=\"application\/ld+json\" class=\"yoast-schema-graph\">{\"@context\":\"https:\\\/\\\/schema.org\",\"@graph\":[{\"@type\":\"WebPage\",\"@id\":\"https:\\\/\\\/spaziospadoni.org\\\/es\\\/entidades-de-formacion\\\/cofradia-de-la-misericordia-de-orta-nova\\\/\",\"url\":\"https:\\\/\\\/spaziospadoni.org\\\/es\\\/entidades-de-formacion\\\/cofradia-de-la-misericordia-de-orta-nova\\\/\",\"name\":\"Cofrad\u00eda de la Misericordia de Orta Nova | Spazio Spadoni\",\"isPartOf\":{\"@id\":\"https:\\\/\\\/spaziospadoni.org\\\/es\\\/#website\"},\"primaryImageOfPage\":{\"@id\":\"https:\\\/\\\/spaziospadoni.org\\\/es\\\/entidades-de-formacion\\\/cofradia-de-la-misericordia-de-orta-nova\\\/#primaryimage\"},\"image\":{\"@id\":\"https:\\\/\\\/spaziospadoni.org\\\/es\\\/entidades-de-formacion\\\/cofradia-de-la-misericordia-de-orta-nova\\\/#primaryimage\"},\"thumbnailUrl\":\"https:\\\/\\\/spaziospadoni.org\\\/wp-content\\\/uploads\\\/2026\\\/05\\\/Logo-Misericordia-Orta-NOVA.jpg\",\"datePublished\":\"2026-05-20T13:05:31+00:00\",\"dateModified\":\"2026-08-22T08:05:13+00:00\",\"description\":\"La Cofrad\u00eda de la Misericordia de Orta Nova es una asociaci\u00f3n de voluntariado que forma parte del Movimiento de las Cofrad\u00edas de la Misericordia, nacido\",\"breadcrumb\":{\"@id\":\"https:\\\/\\\/spaziospadoni.org\\\/es\\\/entidades-de-formacion\\\/cofradia-de-la-misericordia-de-orta-nova\\\/#breadcrumb\"},\"inLanguage\":\"es-ES\",\"potentialAction\":[{\"@type\":\"ReadAction\",\"target\":[\"https:\\\/\\\/spaziospadoni.org\\\/es\\\/entidades-de-formacion\\\/cofradia-de-la-misericordia-de-orta-nova\\\/\"]}]},{\"@type\":\"ImageObject\",\"inLanguage\":\"es-ES\",\"@id\":\"https:\\\/\\\/spaziospadoni.org\\\/es\\\/entidades-de-formacion\\\/cofradia-de-la-misericordia-de-orta-nova\\\/#primaryimage\",\"url\":\"https:\\\/\\\/spaziospadoni.org\\\/wp-content\\\/uploads\\\/2026\\\/05\\\/Logo-Misericordia-Orta-NOVA.jpg\",\"contentUrl\":\"https:\\\/\\\/spaziospadoni.org\\\/wp-content\\\/uploads\\\/2026\\\/05\\\/Logo-Misericordia-Orta-NOVA.jpg\"},{\"@type\":\"BreadcrumbList\",\"@id\":\"https:\\\/\\\/spaziospadoni.org\\\/es\\\/entidades-de-formacion\\\/cofradia-de-la-misericordia-de-orta-nova\\\/#breadcrumb\",\"itemListElement\":[{\"@type\":\"ListItem\",\"position\":1,\"name\":\"Home\",\"item\":\"https:\\\/\\\/spaziospadoni.org\\\/es\\\/\"},{\"@type\":\"ListItem\",\"position\":2,\"name\":\"Entidades de formaci\u00f3n\",\"item\":\"https:\\\/\\\/spaziospadoni.org\\\/es\\\/entidades-de-formacion\\\/\"},{\"@type\":\"ListItem\",\"position\":3,\"name\":\"Cofrad\u00eda de la Misericordia de Orta Nova\"}]},{\"@type\":\"WebSite\",\"@id\":\"https:\\\/\\\/spaziospadoni.org\\\/es\\\/#website\",\"url\":\"https:\\\/\\\/spaziospadoni.org\\\/es\\\/\",\"name\":\"spazio + spadoni\",\"description\":\"Generazione di misericordia e missione nel mondo\",\"publisher\":{\"@id\":\"https:\\\/\\\/spaziospadoni.org\\\/es\\\/#organization\"},\"alternateName\":\"spaziospadoni.org\",\"potentialAction\":[{\"@type\":\"SearchAction\",\"target\":{\"@type\":\"EntryPoint\",\"urlTemplate\":\"https:\\\/\\\/spaziospadoni.org\\\/es\\\/?s={search_term_string}\"},\"query-input\":{\"@type\":\"PropertyValueSpecification\",\"valueRequired\":true,\"valueName\":\"search_term_string\"}}],\"inLanguage\":\"es-ES\"},{\"@type\":\"Organization\",\"@id\":\"https:\\\/\\\/spaziospadoni.org\\\/es\\\/#organization\",\"name\":\"spazio + spadoni\",\"alternateName\":\"spaziospadoni.org\",\"url\":\"https:\\\/\\\/spaziospadoni.org\\\/es\\\/\",\"logo\":{\"@type\":\"ImageObject\",\"inLanguage\":\"es-ES\",\"@id\":\"https:\\\/\\\/spaziospadoni.org\\\/es\\\/#\\\/schema\\\/logo\\\/image\\\/\",\"url\":\"https:\\\/\\\/spaziospadoni.org\\\/wp-content\\\/uploads\\\/2026\\\/05\\\/spazio-spadoni-logo-100x100-1.webp\",\"contentUrl\":\"https:\\\/\\\/spaziospadoni.org\\\/wp-content\\\/uploads\\\/2026\\\/05\\\/spazio-spadoni-logo-100x100-1.webp\",\"width\":100,\"height\":100,\"caption\":\"spazio + spadoni\"},\"image\":{\"@id\":\"https:\\\/\\\/spaziospadoni.org\\\/es\\\/#\\\/schema\\\/logo\\\/image\\\/\"},\"sameAs\":[\"https:\\\/\\\/www.facebook.com\\\/SpazioSpadoni\\\/\",\"https:\\\/\\\/www.instagram.com\\\/spaziospadoni\\\/\",\"https:\\\/\\\/www.youtube.com\\\/@spaziospadoni\\\/playlists\"]}]}<\/script>\n<!-- \/ Yoast SEO plugin. -->","yoast_head_json":{"title":"Cofrad\u00eda de la Misericordia de Orta Nova | Spazio Spadoni","description":"La Cofrad\u00eda de la Misericordia de Orta Nova es una asociaci\u00f3n de voluntariado que forma parte del Movimiento de las Cofrad\u00edas de la Misericordia, nacido","robots":{"index":"index","follow":"follow","max-snippet":"max-snippet:-1","max-image-preview":"max-image-preview:large","max-video-preview":"max-video-preview:-1"},"canonical":"https:\/\/spaziospadoni.org\/es\/entidades-de-formacion\/cofradia-de-la-misericordia-de-orta-nova\/","og_locale":"es_ES","og_type":"article","og_title":"Cofrad\u00eda de la Misericordia de Orta Nova | Spazio Spadoni","og_description":"La Cofrad\u00eda de la Misericordia de Orta Nova es una asociaci\u00f3n de voluntariado que forma parte del Movimiento de las Cofrad\u00edas de la Misericordia, nacido","og_url":"https:\/\/spaziospadoni.org\/es\/entidades-de-formacion\/cofradia-de-la-misericordia-de-orta-nova\/","og_site_name":"spazio + spadoni","article_publisher":"https:\/\/www.facebook.com\/SpazioSpadoni\/","article_modified_time":"2026-08-22T08:05:13+00:00","og_image":[{"width":1200,"height":1200,"url":"https:\/\/spaziospadoni.org\/wp-content\/uploads\/2026\/05\/Logo-Misericordia-Orta-NOVA.jpg","type":"image\/jpeg"}],"twitter_card":"summary_large_image","twitter_misc":{"Est. reading time":"5 minutes"},"schema":{"@context":"https:\/\/schema.org","@graph":[{"@type":"WebPage","@id":"https:\/\/spaziospadoni.org\/es\/entidades-de-formacion\/cofradia-de-la-misericordia-de-orta-nova\/","url":"https:\/\/spaziospadoni.org\/es\/entidades-de-formacion\/cofradia-de-la-misericordia-de-orta-nova\/","name":"Cofrad\u00eda de la Misericordia de Orta Nova | Spazio Spadoni","isPartOf":{"@id":"https:\/\/spaziospadoni.org\/es\/#website"},"primaryImageOfPage":{"@id":"https:\/\/spaziospadoni.org\/es\/entidades-de-formacion\/cofradia-de-la-misericordia-de-orta-nova\/#primaryimage"},"image":{"@id":"https:\/\/spaziospadoni.org\/es\/entidades-de-formacion\/cofradia-de-la-misericordia-de-orta-nova\/#primaryimage"},"thumbnailUrl":"https:\/\/spaziospadoni.org\/wp-content\/uploads\/2026\/05\/Logo-Misericordia-Orta-NOVA.jpg","datePublished":"2026-05-20T13:05:31+00:00","dateModified":"2026-08-22T08:05:13+00:00","description":"La Cofrad\u00eda de la Misericordia de Orta Nova es una asociaci\u00f3n de voluntariado que forma parte del Movimiento de las Cofrad\u00edas de la Misericordia, nacido","breadcrumb":{"@id":"https:\/\/spaziospadoni.org\/es\/entidades-de-formacion\/cofradia-de-la-misericordia-de-orta-nova\/#breadcrumb"},"inLanguage":"es-ES","potentialAction":[{"@type":"ReadAction","target":["https:\/\/spaziospadoni.org\/es\/entidades-de-formacion\/cofradia-de-la-misericordia-de-orta-nova\/"]}]},{"@type":"ImageObject","inLanguage":"es-ES","@id":"https:\/\/spaziospadoni.org\/es\/entidades-de-formacion\/cofradia-de-la-misericordia-de-orta-nova\/#primaryimage","url":"https:\/\/spaziospadoni.org\/wp-content\/uploads\/2026\/05\/Logo-Misericordia-Orta-NOVA.jpg","contentUrl":"https:\/\/spaziospadoni.org\/wp-content\/uploads\/2026\/05\/Logo-Misericordia-Orta-NOVA.jpg"},{"@type":"BreadcrumbList","@id":"https:\/\/spaziospadoni.org\/es\/entidades-de-formacion\/cofradia-de-la-misericordia-de-orta-nova\/#breadcrumb","itemListElement":[{"@type":"ListItem","position":1,"name":"Home","item":"https:\/\/spaziospadoni.org\/es\/"},{"@type":"ListItem","position":2,"name":"Entidades de formaci\u00f3n","item":"https:\/\/spaziospadoni.org\/es\/entidades-de-formacion\/"},{"@type":"ListItem","position":3,"name":"Cofrad\u00eda de la Misericordia de Orta Nova"}]},{"@type":"WebSite","@id":"https:\/\/spaziospadoni.org\/es\/#website","url":"https:\/\/spaziospadoni.org\/es\/","name":"spazio + spadoni","description":"Generazione di misericordia e missione nel mondo","publisher":{"@id":"https:\/\/spaziospadoni.org\/es\/#organization"},"alternateName":"spaziospadoni.org","potentialAction":[{"@type":"SearchAction","target":{"@type":"EntryPoint","urlTemplate":"https:\/\/spaziospadoni.org\/es\/?s={search_term_string}"},"query-input":{"@type":"PropertyValueSpecification","valueRequired":true,"valueName":"search_term_string"}}],"inLanguage":"es-ES"},{"@type":"Organization","@id":"https:\/\/spaziospadoni.org\/es\/#organization","name":"spazio + spadoni","alternateName":"spaziospadoni.org","url":"https:\/\/spaziospadoni.org\/es\/","logo":{"@type":"ImageObject","inLanguage":"es-ES","@id":"https:\/\/spaziospadoni.org\/es\/#\/schema\/logo\/image\/","url":"https:\/\/spaziospadoni.org\/wp-content\/uploads\/2026\/05\/spazio-spadoni-logo-100x100-1.webp","contentUrl":"https:\/\/spaziospadoni.org\/wp-content\/uploads\/2026\/05\/spazio-spadoni-logo-100x100-1.webp","width":100,"height":100,"caption":"spazio + spadoni"},"image":{"@id":"https:\/\/spaziospadoni.org\/es\/#\/schema\/logo\/image\/"},"sameAs":["https:\/\/www.facebook.com\/SpazioSpadoni\/","https:\/\/www.instagram.com\/spaziospadoni\/","https:\/\/www.youtube.com\/@spaziospadoni\/playlists"]}]}},"_links":{"self":[{"href":"https:\/\/spaziospadoni.org\/es\/wp-json\/wp\/v2\/pages\/78410","targetHints":{"allow":["GET"]}}],"collection":[{"href":"https:\/\/spaziospadoni.org\/es\/wp-json\/wp\/v2\/pages"}],"about":[{"href":"https:\/\/spaziospadoni.org\/es\/wp-json\/wp\/v2\/types\/page"}],"author":[{"embeddable":true,"href":"https:\/\/spaziospadoni.org\/es\/wp-json\/wp\/v2\/users\/102"}],"replies":[{"embeddable":true,"href":"https:\/\/spaziospadoni.org\/es\/wp-json\/wp\/v2\/comments?post=78410"}],"version-history":[{"count":1,"href":"https:\/\/spaziospadoni.org\/es\/wp-json\/wp\/v2\/pages\/78410\/revisions"}],"predecessor-version":[{"id":91729,"href":"https:\/\/spaziospadoni.org\/es\/wp-json\/wp\/v2\/pages\/78410\/revisions\/91729"}],"up":[{"embeddable":true,"href":"https:\/\/spaziospadoni.org\/es\/wp-json\/wp\/v2\/pages\/73247"}],"wp:attachment":[{"href":"https:\/\/spaziospadoni.org\/es\/wp-json\/wp\/v2\/media?parent=78410"}],"curies":[{"name":"wp","href":"https:\/\/api.w.org\/{rel}","templated":true}]}}