{"id":78420,"date":"2026-05-20T13:34:18","date_gmt":"2026-05-20T12:34:18","guid":{"rendered":"https:\/\/spaziospadoni.org\/entidades-de-formacion\/confraternita-di-misericordia-di-portopalo-di-capo-passero\/"},"modified":"2026-08-22T09:33:50","modified_gmt":"2026-08-22T08:33:50","slug":"cofradia-de-la-misericordia-de-portopalo-di-capo-passero","status":"publish","type":"page","link":"https:\/\/spaziospadoni.org\/es\/entidades-de-formacion\/cofradia-de-la-misericordia-de-portopalo-di-capo-passero\/","title":{"rendered":"Cofrad\u00eda de la Misericordia de Portopalo di Capo Passero"},"content":{"rendered":"\n<p class=\"wp-block-paragraph\">La Cofrad\u00eda de la Misericordia de Portopalo di Capo Passero es una asociaci\u00f3n de voluntariado que forma parte del Movimiento de las Cofrad\u00edas de la Misericordia, fundado en Florencia en 1244 por Pietro da Verona, posteriormente san Pedro M\u00e1rtir. Actualmente, las Cofrad\u00edas de la Misericordia est\u00e1n presentes en Italia y en el extranjero con m\u00e1s de 700 cofrad\u00edas.<\/p>\n\n\n<div class=\"wp-block-image\">\n<figure class=\"aligncenter size-full is-resized\"><img decoding=\"async\" width=\"237\" height=\"251\" src=\"https:\/\/spaziospadoni.org\/wp-content\/uploads\/2026\/05\/Logo-Misericordia-Portopalo.jpg\" alt=\"Cofrad\u00eda de la Misericordia de Portopalo di Capo Passero\" class=\"wp-image-48204\" style=\"aspect-ratio:0.9442431509527409;width:262px;height:auto\"\/><\/figure>\n<\/div>\n\n\n<h2 id=\"h-storia-nbsp\" class=\"wp-block-heading\"><strong>Historia<\/strong> <\/h2>\n\n\n\n<p class=\"wp-block-paragraph\">La Cofrad\u00eda de la Misericordia de Portopalo naci\u00f3 en 1996 a ra\u00edz de un tr\u00e1gico suceso en el que el retraso de los servicios de emergencia convirti\u00f3 una situaci\u00f3n cr\u00edtica en un drama mortal. Este episodio conmocion\u00f3 profundamente a la comunidad y puso de manifiesto la urgente necesidad de contar con un servicio de intervenci\u00f3n inmediata eficaz y permanente.<\/p>\n\n\n\n<p class=\"wp-block-paragraph\">El p\u00e1rroco de entonces, Don Calogero Palacino, profundamente afectado por lo ocurrido, decidi\u00f3 reunir a un grupo de voluntarios animados por un esp\u00edritu de solidaridad y servicio a la comunidad de Portopalo. As\u00ed naci\u00f3 la Cofrad\u00eda de la Misericordia y comenz\u00f3 su actividad. En mayo de 2001 se formaliz\u00f3 su adhesi\u00f3n a las Cofrad\u00edas de la Misericordia de Florencia mediante el acta constitutiva otorgada ante el notario Dr. Filippo Morello.<\/p>\n\n\n\n<p class=\"wp-block-paragraph\">Para adquirir una ambulancia se organiz\u00f3 una petici\u00f3n popular y la contribuci\u00f3n de los ciudadanos de Portopalo hizo posible su compra.<\/p>\n\n\n\n<p class=\"wp-block-paragraph\">El primer gobernador fue Francesco Pappalardo y la sede inicial se estableci\u00f3 en el Oratorio Don Bosco.<\/p>\n\n\n\n<p class=\"wp-block-paragraph\">Desde el principio, la Cofrad\u00eda de la Misericordia ofreci\u00f3 servicios esenciales como:<\/p>\n\n\n\n<p class=\"wp-block-paragraph\">\u2013 servicio de urgencias las 24 horas<\/p>\n\n\n\n<p class=\"wp-block-paragraph\">\u2013 asistencia a la comunidad.<\/p>\n\n\n\n<p class=\"wp-block-paragraph\">En los a\u00f1os siguientes aumentaron las necesidades de la poblaci\u00f3n y, para atenderlas, fue necesario adquirir un veh\u00edculo especial Dobl\u00f2 adaptado para el transporte de personas con discapacidad.<\/p>\n\n\n\n<p class=\"wp-block-paragraph\">En 2019 se retir\u00f3 la ambulancia que estaba en servicio y se adquiri\u00f3 una nueva.<\/p>\n\n\n\n<p class=\"wp-block-paragraph\">En 2019, para suplir la falta de transporte escolar hacia los centros de ense\u00f1anza secundaria de Pachino, nuestra Cofrad\u00eda de la Misericordia puso en marcha un servicio de autob\u00fas lanzadera.<\/p>\n\n\n\n<p class=\"wp-block-paragraph\">Desde 2019 se han reactivado el Servicio Civil Universal y la Garant\u00eda Juvenil para ofrecer a los j\u00f3venes de Portopalo la oportunidad de vivir y participar activamente en la realidad de la asistencia y de los servicios destinados a las personas mayores y a quienes m\u00e1s ayuda necesitan.<\/p>\n\n\n\n<p class=\"wp-block-paragraph\">En 2023, la Cofrad\u00eda se adhiri\u00f3 al proyecto \u201dHIC SUM\u201d de spazio + spadoni.<\/p>\n\n\n\n<p class=\"wp-block-paragraph\">En 2024 se adquiri\u00f3 otro minib\u00fas para el transporte escolar.<\/p>\n\n\n\n<p class=\"wp-block-paragraph\">La Cofrad\u00eda de la Misericordia de Portopalo colabora con la Caritas parroquial y, en coordinaci\u00f3n con ella, distribuye paquetes de alimentos a las personas necesitadas.<\/p>\n\n\n\n<p class=\"wp-block-paragraph\">Quienes acuden a la Cofrad\u00eda son principalmente personas con problemas de salud, dificultades para caminar, situaciones de vulnerabilidad y condiciones econ\u00f3micas precarias, que encuentran en la Cofrad\u00eda de la Misericordia un punto de referencia constante y fiable.<\/p>\n\n\n\n<p class=\"wp-block-paragraph\">Nuestra Cofrad\u00eda de la Misericordia, nacida del dolor de una p\u00e9rdida, se ha convertido en s\u00edmbolo de esperanza y punto de referencia para la ciudadan\u00eda.<\/p>\n\n\n\n<h2 id=\"h-attivita-nbsp\" class=\"wp-block-heading\"><strong>Actividades<\/strong> <\/h2>\n\n\n\n<ul class=\"wp-block-list\">\n<li>TRANSPORTE SANITARIO<\/li>\n\n\n\n<li>ASISTENCIA SOCIAL<\/li>\n\n\n\n<li>ASISTENCIA A PERSONAS MAYORES Y CON DISCAPACIDAD<\/li>\n\n\n\n<li>ASISTENCIA DURANTE EL DESEMBARCO DE REFUGIADOS<\/li>\n\n\n\n<li>CURSOS DE CAPACITACI\u00d3N EN PRIMEROS AUXILIOS CON INSTRUCTOR BLSD<\/li>\n\n\n\n<li>RECOGIDA DE BIENES DE PRIMERA NECESIDAD PARA LA POBLACI\u00d3N UCRANIANA<\/li>\n\n\n\n<li>RECOGIDA Y ENV\u00cdO DE AYUDA HUMANITARIA DE PRIMERA NECESIDAD PARA LOS NI\u00d1OS HOSPITALIZADOS EN SENEGAL<\/li>\n\n\n\n<li>CAMPAMENTO DE VERANO (VERANO EN MISE 2.0 SUE\u00d1OS DE MISERICORDIA)<\/li>\n\n\n\n<li>COLABORACI\u00d3N CON CENTROS HOSPITALARIOS EN EL PROYECTO ITAMA_CAP PARA ORGANIZAR JORNADAS GRATUITAS DE PREVENCI\u00d3N PARA LA POBLACI\u00d3N<\/li>\n\n\n\n<li>COLABORACI\u00d3N CON LA ASOCIACI\u00d3N AVO PARA ENTREGAR JUGUETES EN LAS UNIDADES HOSPITALARIAS DE ONCOLOG\u00cdA Y NEONATOLOG\u00cdA<\/li>\n\n\n\n<li>PROYECTO CON EL AYUNTAMIENTO DE PORTOPALO PARA PRESTAR ASISTENCIA EN LA PLAYA A PERSONAS CON DISCAPACIDAD MEDIANTE NUESTROS VOLUNTARIOS Y UNA SILLA JOB<\/li>\n\n\n\n<li>TRANSPORTE ESCOLAR<\/li>\n\n\n\n<li>AUTOB\u00daS LANZADERA AL CEMENTERIO (ANUALMENTE) CON MOTIVO DE LA CONMEMORACI\u00d3N DE LOS DIFUNTOS EN EL CEMENTERIO DE PACHINO<\/li>\n\n\n\n<li>COLABORACI\u00d3N DURANTE LA PANDEMIA CON EL CENTRO DE VACUNACI\u00d3N DE PORTOPALO DI CAPO PASSERO<\/li>\n\n\n\n<li>RECOGIDA Y ENTREGA A DOMICILIO DE MEDICAMENTOS\/ALIMENTOS DURANTE LA COVID-19<\/li>\n\n\n\n<li>PROTOCOLO DE COLABORACI\u00d3N CON EL AYUNTAMIENTO PARA RECOGER PLANES TERAP\u00c9UTICOS EN LAS FARMACIAS LOCALES<\/li>\n\n\n\n<li>TRANSPORTE DE PERSONAS MAYORES AL CENTRO DE ALZHEIMER DE PACHINO<\/li>\n\n\n\n<li>RECAUDACI\u00d3N DE FONDOS EN COLABORACI\u00d3N CON TELETHON<\/li>\n\n\n\n<li>PROYECTO SOBRE RESIDUOS MARINOS SenHar Interreg ITALIA-MALTA CON INVESTIGADORES DEL DISTeM UNIPA \u2013 UNIVERSIDAD DE PALERMO<\/li>\n\n\n\n<li>PROYECTO Interreg ITALIA-MALTA UNIPA \u2013 UNIVERSIDAD DE PALERMO \u2013 TERMOBLITZ PARA RECOPILAR DATOS SOBRE LA BIODIVERSIDAD MARINA<\/li>\n\n\n\n<li>ASISTENCIA EN ACTOS LITERARIOS CON MOTIVO DEL D\u00cdA CONTRA LA VIOLENCIA DE G\u00c9NERO \u2013 PRESENTACI\u00d3N DEL LIBRO \u201cVITE RUBATE\u201d, ESCRITO POR LA DRA. MANOLA D\u2019AMATO<\/li>\n\n\n\n<li>ASISTENCIA EN MANIFESTACIONES DEPORTIVAS<\/li>\n\n\n\n<li>ASISTENCIA EN EVENTOS<\/li>\n\n\n\n<li>SERVICIO DE PROTECCI\u00d3N CIVIL<br>&nbsp;<\/li>\n<\/ul>\n\n\n\n<h2 id=\"h-contatti-nbsp-nbsp\" class=\"wp-block-heading\"><strong>Contactos <\/strong> <\/h2>\n\n\n\n<p class=\"wp-block-paragraph\">Via G. Garibaldi 53, 96010, Portopalo di Capo Passero (SR)<\/p>\n\n\n\n<p class=\"wp-block-paragraph\">Tel.&nbsp;+39 0931 843040<\/p>\n\n\n\n<p class=\"wp-block-paragraph\">portopalo@misericordie.org<\/p>\n\n\n\n<p class=\"wp-block-paragraph\"><a href=\"https:\/\/www.facebook.com\/misericordiaportopalo\/?locale=it_IT\" target=\"_blank\" rel=\"noreferrer noopener nofollow\" title=\"https:\/\/www.facebook.com\/misericordiaportopalo\/?locale=it_IT\">https:\/\/www.facebook.com\/misericordiaportopalo\/?locale=it_IT<\/a><\/p>\n","protected":false},"excerpt":{"rendered":"<p>La Cofrad\u00eda de la Misericordia de Portopalo di Capo Passero es una asociaci\u00f3n de voluntariado que forma parte del Movimiento de las Cofrad\u00edas de la Misericordia, fundado en Florencia en 1244 por Pietro da Verona, posteriormente san Pedro M\u00e1rtir. Actualmente, las Cofrad\u00edas de la Misericordia est\u00e1n presentes en Italia y en el extranjero con m\u00e1s &#8230; <a title=\"Cofrad\u00eda de la Misericordia de Portopalo di Capo Passero\" class=\"read-more\" href=\"https:\/\/spaziospadoni.org\/es\/entidades-de-formacion\/cofradia-de-la-misericordia-de-portopalo-di-capo-passero\/\" aria-label=\"Read more about Cofrad\u00eda de la Misericordia de Portopalo di Capo Passero\">Leer m\u00e1s<\/a><\/p>\n","protected":false},"author":102,"featured_media":0,"parent":73247,"menu_order":0,"comment_status":"closed","ping_status":"closed","template":"","meta":{"_sitemap_exclude":false,"_sitemap_priority":"","_sitemap_frequency":"","footnotes":""},"class_list":["post-78420","page","type-page","status-publish","infinite-scroll-item"],"yoast_head":"<!-- This site is optimized with the Yoast SEO plugin v28.4 - https:\/\/yoast.com\/product\/yoast-seo-wordpress\/ -->\n<title>Cofrad\u00eda de la Misericordia de Portopalo di Capo Passero | Spazio Spadoni<\/title>\n<meta name=\"description\" content=\"La Cofrad\u00eda de la Misericordia de Portopalo di Capo Passero es una asociaci\u00f3n de voluntariado que forma parte del Movimiento de las Cofrad\u00edas de la\" \/>\n<meta name=\"robots\" content=\"index, follow, max-snippet:-1, max-image-preview:large, max-video-preview:-1\" \/>\n<link rel=\"canonical\" href=\"https:\/\/spaziospadoni.org\/es\/entidades-de-formacion\/cofradia-de-la-misericordia-de-portopalo-di-capo-passero\/\" \/>\n<meta property=\"og:locale\" content=\"es_ES\" \/>\n<meta property=\"og:type\" content=\"article\" \/>\n<meta property=\"og:title\" content=\"Cofrad\u00eda de la Misericordia de Portopalo di Capo Passero | Spazio Spadoni\" \/>\n<meta property=\"og:description\" content=\"La Cofrad\u00eda de la Misericordia de Portopalo di Capo Passero es una asociaci\u00f3n de voluntariado que forma parte del Movimiento de las Cofrad\u00edas de la\" \/>\n<meta property=\"og:url\" content=\"https:\/\/spaziospadoni.org\/es\/entidades-de-formacion\/cofradia-de-la-misericordia-de-portopalo-di-capo-passero\/\" \/>\n<meta property=\"og:site_name\" content=\"spazio + spadoni\" \/>\n<meta property=\"article:publisher\" content=\"https:\/\/www.facebook.com\/SpazioSpadoni\/\" \/>\n<meta property=\"article:modified_time\" content=\"2026-08-22T08:33:50+00:00\" \/>\n<meta property=\"og:image\" content=\"https:\/\/spaziospadoni.org\/wp-content\/uploads\/2026\/05\/Logo-Misericordia-Portopalo.jpg\" \/>\n\t<meta property=\"og:image:width\" content=\"237\" \/>\n\t<meta property=\"og:image:height\" content=\"251\" \/>\n\t<meta property=\"og:image:type\" content=\"image\/jpeg\" \/>\n<meta name=\"twitter:card\" content=\"summary_large_image\" \/>\n<meta name=\"twitter:label1\" content=\"Est. reading time\" \/>\n\t<meta name=\"twitter:data1\" content=\"5 minutes\" \/>\n<script type=\"application\/ld+json\" class=\"yoast-schema-graph\">{\"@context\":\"https:\\\/\\\/schema.org\",\"@graph\":[{\"@type\":\"WebPage\",\"@id\":\"https:\\\/\\\/spaziospadoni.org\\\/es\\\/entidades-de-formacion\\\/cofradia-de-la-misericordia-de-portopalo-di-capo-passero\\\/\",\"url\":\"https:\\\/\\\/spaziospadoni.org\\\/es\\\/entidades-de-formacion\\\/cofradia-de-la-misericordia-de-portopalo-di-capo-passero\\\/\",\"name\":\"Cofrad\u00eda de la Misericordia de Portopalo di Capo Passero | Spazio Spadoni\",\"isPartOf\":{\"@id\":\"https:\\\/\\\/spaziospadoni.org\\\/es\\\/#website\"},\"primaryImageOfPage\":{\"@id\":\"https:\\\/\\\/spaziospadoni.org\\\/es\\\/entidades-de-formacion\\\/cofradia-de-la-misericordia-de-portopalo-di-capo-passero\\\/#primaryimage\"},\"image\":{\"@id\":\"https:\\\/\\\/spaziospadoni.org\\\/es\\\/entidades-de-formacion\\\/cofradia-de-la-misericordia-de-portopalo-di-capo-passero\\\/#primaryimage\"},\"thumbnailUrl\":\"https:\\\/\\\/spaziospadoni.org\\\/wp-content\\\/uploads\\\/2026\\\/05\\\/Logo-Misericordia-Portopalo.jpg\",\"datePublished\":\"2026-05-20T12:34:18+00:00\",\"dateModified\":\"2026-08-22T08:33:50+00:00\",\"description\":\"La Cofrad\u00eda de la Misericordia de Portopalo di Capo Passero es una asociaci\u00f3n de voluntariado que forma parte del Movimiento de las Cofrad\u00edas de la\",\"breadcrumb\":{\"@id\":\"https:\\\/\\\/spaziospadoni.org\\\/es\\\/entidades-de-formacion\\\/cofradia-de-la-misericordia-de-portopalo-di-capo-passero\\\/#breadcrumb\"},\"inLanguage\":\"es-ES\",\"potentialAction\":[{\"@type\":\"ReadAction\",\"target\":[\"https:\\\/\\\/spaziospadoni.org\\\/es\\\/entidades-de-formacion\\\/cofradia-de-la-misericordia-de-portopalo-di-capo-passero\\\/\"]}]},{\"@type\":\"ImageObject\",\"inLanguage\":\"es-ES\",\"@id\":\"https:\\\/\\\/spaziospadoni.org\\\/es\\\/entidades-de-formacion\\\/cofradia-de-la-misericordia-de-portopalo-di-capo-passero\\\/#primaryimage\",\"url\":\"https:\\\/\\\/spaziospadoni.org\\\/wp-content\\\/uploads\\\/2026\\\/05\\\/Logo-Misericordia-Portopalo.jpg\",\"contentUrl\":\"https:\\\/\\\/spaziospadoni.org\\\/wp-content\\\/uploads\\\/2026\\\/05\\\/Logo-Misericordia-Portopalo.jpg\"},{\"@type\":\"BreadcrumbList\",\"@id\":\"https:\\\/\\\/spaziospadoni.org\\\/es\\\/entidades-de-formacion\\\/cofradia-de-la-misericordia-de-portopalo-di-capo-passero\\\/#breadcrumb\",\"itemListElement\":[{\"@type\":\"ListItem\",\"position\":1,\"name\":\"Home\",\"item\":\"https:\\\/\\\/spaziospadoni.org\\\/es\\\/\"},{\"@type\":\"ListItem\",\"position\":2,\"name\":\"Entidades de formaci\u00f3n\",\"item\":\"https:\\\/\\\/spaziospadoni.org\\\/es\\\/entidades-de-formacion\\\/\"},{\"@type\":\"ListItem\",\"position\":3,\"name\":\"Cofrad\u00eda de la Misericordia de Portopalo di Capo Passero\"}]},{\"@type\":\"WebSite\",\"@id\":\"https:\\\/\\\/spaziospadoni.org\\\/es\\\/#website\",\"url\":\"https:\\\/\\\/spaziospadoni.org\\\/es\\\/\",\"name\":\"spazio + spadoni\",\"description\":\"Generazione di misericordia e missione nel mondo\",\"publisher\":{\"@id\":\"https:\\\/\\\/spaziospadoni.org\\\/es\\\/#organization\"},\"alternateName\":\"spaziospadoni.org\",\"potentialAction\":[{\"@type\":\"SearchAction\",\"target\":{\"@type\":\"EntryPoint\",\"urlTemplate\":\"https:\\\/\\\/spaziospadoni.org\\\/es\\\/?s={search_term_string}\"},\"query-input\":{\"@type\":\"PropertyValueSpecification\",\"valueRequired\":true,\"valueName\":\"search_term_string\"}}],\"inLanguage\":\"es-ES\"},{\"@type\":\"Organization\",\"@id\":\"https:\\\/\\\/spaziospadoni.org\\\/es\\\/#organization\",\"name\":\"spazio + spadoni\",\"alternateName\":\"spaziospadoni.org\",\"url\":\"https:\\\/\\\/spaziospadoni.org\\\/es\\\/\",\"logo\":{\"@type\":\"ImageObject\",\"inLanguage\":\"es-ES\",\"@id\":\"https:\\\/\\\/spaziospadoni.org\\\/es\\\/#\\\/schema\\\/logo\\\/image\\\/\",\"url\":\"https:\\\/\\\/spaziospadoni.org\\\/wp-content\\\/uploads\\\/2026\\\/05\\\/spazio-spadoni-logo-100x100-1.webp\",\"contentUrl\":\"https:\\\/\\\/spaziospadoni.org\\\/wp-content\\\/uploads\\\/2026\\\/05\\\/spazio-spadoni-logo-100x100-1.webp\",\"width\":100,\"height\":100,\"caption\":\"spazio + spadoni\"},\"image\":{\"@id\":\"https:\\\/\\\/spaziospadoni.org\\\/es\\\/#\\\/schema\\\/logo\\\/image\\\/\"},\"sameAs\":[\"https:\\\/\\\/www.facebook.com\\\/SpazioSpadoni\\\/\",\"https:\\\/\\\/www.instagram.com\\\/spaziospadoni\\\/\",\"https:\\\/\\\/www.youtube.com\\\/@spaziospadoni\\\/playlists\"]}]}<\/script>\n<!-- \/ Yoast SEO plugin. -->","yoast_head_json":{"title":"Cofrad\u00eda de la Misericordia de Portopalo di Capo Passero | Spazio Spadoni","description":"La Cofrad\u00eda de la Misericordia de Portopalo di Capo Passero es una asociaci\u00f3n de voluntariado que forma parte del Movimiento de las Cofrad\u00edas de la","robots":{"index":"index","follow":"follow","max-snippet":"max-snippet:-1","max-image-preview":"max-image-preview:large","max-video-preview":"max-video-preview:-1"},"canonical":"https:\/\/spaziospadoni.org\/es\/entidades-de-formacion\/cofradia-de-la-misericordia-de-portopalo-di-capo-passero\/","og_locale":"es_ES","og_type":"article","og_title":"Cofrad\u00eda de la Misericordia de Portopalo di Capo Passero | Spazio Spadoni","og_description":"La Cofrad\u00eda de la Misericordia de Portopalo di Capo Passero es una asociaci\u00f3n de voluntariado que forma parte del Movimiento de las Cofrad\u00edas de la","og_url":"https:\/\/spaziospadoni.org\/es\/entidades-de-formacion\/cofradia-de-la-misericordia-de-portopalo-di-capo-passero\/","og_site_name":"spazio + spadoni","article_publisher":"https:\/\/www.facebook.com\/SpazioSpadoni\/","article_modified_time":"2026-08-22T08:33:50+00:00","og_image":[{"width":237,"height":251,"url":"https:\/\/spaziospadoni.org\/wp-content\/uploads\/2026\/05\/Logo-Misericordia-Portopalo.jpg","type":"image\/jpeg"}],"twitter_card":"summary_large_image","twitter_misc":{"Est. reading time":"5 minutes"},"schema":{"@context":"https:\/\/schema.org","@graph":[{"@type":"WebPage","@id":"https:\/\/spaziospadoni.org\/es\/entidades-de-formacion\/cofradia-de-la-misericordia-de-portopalo-di-capo-passero\/","url":"https:\/\/spaziospadoni.org\/es\/entidades-de-formacion\/cofradia-de-la-misericordia-de-portopalo-di-capo-passero\/","name":"Cofrad\u00eda de la Misericordia de Portopalo di Capo Passero | Spazio Spadoni","isPartOf":{"@id":"https:\/\/spaziospadoni.org\/es\/#website"},"primaryImageOfPage":{"@id":"https:\/\/spaziospadoni.org\/es\/entidades-de-formacion\/cofradia-de-la-misericordia-de-portopalo-di-capo-passero\/#primaryimage"},"image":{"@id":"https:\/\/spaziospadoni.org\/es\/entidades-de-formacion\/cofradia-de-la-misericordia-de-portopalo-di-capo-passero\/#primaryimage"},"thumbnailUrl":"https:\/\/spaziospadoni.org\/wp-content\/uploads\/2026\/05\/Logo-Misericordia-Portopalo.jpg","datePublished":"2026-05-20T12:34:18+00:00","dateModified":"2026-08-22T08:33:50+00:00","description":"La Cofrad\u00eda de la Misericordia de Portopalo di Capo Passero es una asociaci\u00f3n de voluntariado que forma parte del Movimiento de las Cofrad\u00edas de la","breadcrumb":{"@id":"https:\/\/spaziospadoni.org\/es\/entidades-de-formacion\/cofradia-de-la-misericordia-de-portopalo-di-capo-passero\/#breadcrumb"},"inLanguage":"es-ES","potentialAction":[{"@type":"ReadAction","target":["https:\/\/spaziospadoni.org\/es\/entidades-de-formacion\/cofradia-de-la-misericordia-de-portopalo-di-capo-passero\/"]}]},{"@type":"ImageObject","inLanguage":"es-ES","@id":"https:\/\/spaziospadoni.org\/es\/entidades-de-formacion\/cofradia-de-la-misericordia-de-portopalo-di-capo-passero\/#primaryimage","url":"https:\/\/spaziospadoni.org\/wp-content\/uploads\/2026\/05\/Logo-Misericordia-Portopalo.jpg","contentUrl":"https:\/\/spaziospadoni.org\/wp-content\/uploads\/2026\/05\/Logo-Misericordia-Portopalo.jpg"},{"@type":"BreadcrumbList","@id":"https:\/\/spaziospadoni.org\/es\/entidades-de-formacion\/cofradia-de-la-misericordia-de-portopalo-di-capo-passero\/#breadcrumb","itemListElement":[{"@type":"ListItem","position":1,"name":"Home","item":"https:\/\/spaziospadoni.org\/es\/"},{"@type":"ListItem","position":2,"name":"Entidades de formaci\u00f3n","item":"https:\/\/spaziospadoni.org\/es\/entidades-de-formacion\/"},{"@type":"ListItem","position":3,"name":"Cofrad\u00eda de la Misericordia de Portopalo di Capo Passero"}]},{"@type":"WebSite","@id":"https:\/\/spaziospadoni.org\/es\/#website","url":"https:\/\/spaziospadoni.org\/es\/","name":"spazio + spadoni","description":"Generazione di misericordia e missione nel mondo","publisher":{"@id":"https:\/\/spaziospadoni.org\/es\/#organization"},"alternateName":"spaziospadoni.org","potentialAction":[{"@type":"SearchAction","target":{"@type":"EntryPoint","urlTemplate":"https:\/\/spaziospadoni.org\/es\/?s={search_term_string}"},"query-input":{"@type":"PropertyValueSpecification","valueRequired":true,"valueName":"search_term_string"}}],"inLanguage":"es-ES"},{"@type":"Organization","@id":"https:\/\/spaziospadoni.org\/es\/#organization","name":"spazio + spadoni","alternateName":"spaziospadoni.org","url":"https:\/\/spaziospadoni.org\/es\/","logo":{"@type":"ImageObject","inLanguage":"es-ES","@id":"https:\/\/spaziospadoni.org\/es\/#\/schema\/logo\/image\/","url":"https:\/\/spaziospadoni.org\/wp-content\/uploads\/2026\/05\/spazio-spadoni-logo-100x100-1.webp","contentUrl":"https:\/\/spaziospadoni.org\/wp-content\/uploads\/2026\/05\/spazio-spadoni-logo-100x100-1.webp","width":100,"height":100,"caption":"spazio + spadoni"},"image":{"@id":"https:\/\/spaziospadoni.org\/es\/#\/schema\/logo\/image\/"},"sameAs":["https:\/\/www.facebook.com\/SpazioSpadoni\/","https:\/\/www.instagram.com\/spaziospadoni\/","https:\/\/www.youtube.com\/@spaziospadoni\/playlists"]}]}},"_links":{"self":[{"href":"https:\/\/spaziospadoni.org\/es\/wp-json\/wp\/v2\/pages\/78420","targetHints":{"allow":["GET"]}}],"collection":[{"href":"https:\/\/spaziospadoni.org\/es\/wp-json\/wp\/v2\/pages"}],"about":[{"href":"https:\/\/spaziospadoni.org\/es\/wp-json\/wp\/v2\/types\/page"}],"author":[{"embeddable":true,"href":"https:\/\/spaziospadoni.org\/es\/wp-json\/wp\/v2\/users\/102"}],"replies":[{"embeddable":true,"href":"https:\/\/spaziospadoni.org\/es\/wp-json\/wp\/v2\/comments?post=78420"}],"version-history":[{"count":1,"href":"https:\/\/spaziospadoni.org\/es\/wp-json\/wp\/v2\/pages\/78420\/revisions"}],"predecessor-version":[{"id":91737,"href":"https:\/\/spaziospadoni.org\/es\/wp-json\/wp\/v2\/pages\/78420\/revisions\/91737"}],"up":[{"embeddable":true,"href":"https:\/\/spaziospadoni.org\/es\/wp-json\/wp\/v2\/pages\/73247"}],"wp:attachment":[{"href":"https:\/\/spaziospadoni.org\/es\/wp-json\/wp\/v2\/media?parent=78420"}],"curies":[{"name":"wp","href":"https:\/\/api.w.org\/{rel}","templated":true}]}}