{"id":78438,"date":"2026-05-20T13:35:56","date_gmt":"2026-05-20T12:35:56","guid":{"rendered":"https:\/\/spaziospadoni.org\/entidades-de-formacion\/confraternita-di-misericordia-di-roccasecca\/"},"modified":"2026-08-22T10:11:57","modified_gmt":"2026-08-22T09:11:57","slug":"cofradia-de-la-misericordia-de-roccasecca","status":"publish","type":"page","link":"https:\/\/spaziospadoni.org\/es\/entidades-de-formacion\/cofradia-de-la-misericordia-de-roccasecca\/","title":{"rendered":"Cofrad\u00eda de la Misericordia de Roccasecca"},"content":{"rendered":"\n<p class=\"wp-block-paragraph\">La Cofrad\u00eda de la Misericordia de Roccasecca es una asociaci\u00f3n de voluntariado que forma parte del Movimiento de las Cofrad\u00edas de la Misericordia, fundado en Florencia en 1244 por Pietro da Verona, posteriormente san Pedro M\u00e1rtir. Actualmente, las Cofrad\u00edas de la Misericordia est\u00e1n presentes en Italia y en el extranjero con m\u00e1s de 700 cofrad\u00edas.<\/p>\n\n\n<div class=\"wp-block-image\">\n<figure class=\"aligncenter size-full is-resized\"><img decoding=\"async\" width=\"1504\" height=\"1504\" src=\"https:\/\/spaziospadoni.org\/wp-content\/uploads\/2026\/05\/Logo-Misericordia.jpg\" alt=\"Cofrad\u00eda de la Misericordia de Roccasecca\" class=\"wp-image-48699\" style=\"width:270px;height:auto\" srcset=\"https:\/\/spaziospadoni.org\/wp-content\/uploads\/2026\/05\/Logo-Misericordia.jpg 1504w, https:\/\/spaziospadoni.org\/wp-content\/uploads\/2026\/05\/Logo-Misericordia-300x300.jpg 300w, https:\/\/spaziospadoni.org\/wp-content\/uploads\/2026\/05\/Logo-Misericordia-1024x1024.jpg 1024w, https:\/\/spaziospadoni.org\/wp-content\/uploads\/2026\/05\/Logo-Misericordia-150x150.jpg 150w, https:\/\/spaziospadoni.org\/wp-content\/uploads\/2026\/05\/Logo-Misericordia-768x768.jpg 768w\" sizes=\"(max-width: 1504px) 100vw, 1504px\" \/><\/figure>\n<\/div>\n\n\n<h2 id=\"h-storia\" class=\"wp-block-heading\"><strong>Historia<\/strong><\/h2>\n\n\n\n<p class=\"wp-block-paragraph\">La Cofrad\u00eda de la Misericordia de Roccasecca naci\u00f3 en septiembre de 1993 y desde entonces desarrolla actividades de voluntariado en los \u00e1mbitos sociosanitario y de Protecci\u00f3n Civil, utilizando los veh\u00edculos de que dispone, como ambulancias y veh\u00edculos multifuncionales. Cuenta con dos sedes propias. Se ocupa principalmente del transporte de enfermos, traslados desde centros hospitalarios, transporte para pruebas diagn\u00f3sticas, asistencia en actos y competiciones, apoyo sanitario en operaciones de Protecci\u00f3n Civil y asistencia a personas necesitadas.&nbsp;<\/p>\n\n\n\n<p class=\"wp-block-paragraph\">Desarrolla su labor junto a las Instituciones, la Di\u00f3cesis, la comunidad parroquial y los dem\u00e1s recursos presentes en el territorio, con el prop\u00f3sito de responder adecuadamente a las necesidades emergentes. Para ello, moviliza sus recursos y medios, dando vida a iniciativas y servicios de car\u00e1cter social y sociosanitario, convencida de que el mundo del voluntariado y la realidad del tercer sector desempe\u00f1an un papel primordial ante una sociedad cada vez m\u00e1s compleja y marcada por nuevas tensiones y problemas sociales.&nbsp;<\/p>\n\n\n\n<h2 id=\"h-attivita-nbsp\" class=\"wp-block-heading\"><strong>Actividades<\/strong> <\/h2>\n\n\n\n<ul class=\"wp-block-list\">\n<li>TRASLADO DE ENFERMOS TANTO EN SITUACIONES DE EMERGENCIA COMO DE URGENCIA Y DE PACIENTES EN DI\u00c1LISIS&nbsp;<\/li>\n\n\n\n<li>ASISTENCIA EN ACTOS Y COMPETICIONES (asistencia a los peregrinos durante los funerales del papa Juan Pablo II y servicio a los peregrinos con motivo de la canonizaci\u00f3n de Padre P\u00edo en Pietrelcina)&nbsp;<\/li>\n\n\n\n<li>ASISTENCIA A PERSONAS MAYORES Y CON DISCAPACIDAD&nbsp;<\/li>\n\n\n\n<li>PROTECCI\u00d3N CIVIL (simulacros en colaboraci\u00f3n con las instituciones; asistencia durante los terremotos de Umbr\u00eda y Las Marcas, L\u2019Aquila y Amatrice; coordinaci\u00f3n de las labores de socorro durante el accidente ferroviario en la estaci\u00f3n de Roccasecca. En 2005, la Cofrad\u00eda de la Misericordia de Roccasecca, en reconocimiento a su abnegaci\u00f3n y r\u00e1pida respuesta ante la tragedia ferroviaria, recibi\u00f3 del Presidente de la Rep\u00fablica Napolitano la Medalla de Oro al Valor Civil de la Rep\u00fablica Italiana)&nbsp;<\/li>\n\n\n\n<li>ASISTENCIA A PERSONAS NECESITADAS&nbsp;<\/li>\n\n\n\n<li>PROYECTO I CARE&nbsp;<\/li>\n\n\n\n<li>FORMACI\u00d3N&nbsp;<\/li>\n\n\n\n<li>INICIATIVA \u201cLOS JARDINES DE LA MISERICORDIA\u201d&nbsp;<\/li>\n\n\n\n<li>ACTIVIDADES ASISTENCIALES Y CULTURALES dirigidas principalmente a ni\u00f1os, j\u00f3venes y personas mayores&nbsp;<\/li>\n\n\n\n<li>ORGANIZACI\u00d3N DE TALLERES de cer\u00e1mica, ingl\u00e9s y cocina&nbsp;<\/li>\n\n\n\n<li>APOYO Y ASISTENCIA A LA POBLACI\u00d3N DURANTE LA PANDEMIA&nbsp;<\/li>\n<\/ul>\n\n\n\n<h2 id=\"h-contatti-nbsp\" class=\"wp-block-heading\"><strong>Contactos<\/strong> <\/h2>\n\n\n\n<p class=\"wp-block-paragraph\">Via Alcide De Gasperi 17 \u2013 Roccasecca (FR)&nbsp;<\/p>\n\n\n\n<p class=\"wp-block-paragraph\">Via Adige 23 \u2013 Roccasecca (FR)&nbsp;<\/p>\n\n\n\n<p class=\"wp-block-paragraph\">+39 0776 566000&nbsp;&nbsp;<\/p>\n\n\n\n<p class=\"wp-block-paragraph\">+39 338 1092196&nbsp;<\/p>\n\n\n\n<p class=\"wp-block-paragraph\"><a href=\"https:\/\/www.misericordiaroccasecca.com\" target=\"_blank\" rel=\"noreferrer noopener nofollow\" title=\"https:\/\/www.misericordiaroccasecca.com\">https:\/\/www.misericordiaroccasecca.com<\/a><\/p>\n\n\n\n<p class=\"wp-block-paragraph\"><a href=\"https:\/\/www.facebook.com\/profile.php?id=100064446469696\" target=\"_blank\" rel=\"noreferrer noopener nofollow\" title=\"https:\/\/www.facebook.com\/profile.php?id=100064446469696\">https:\/\/www.facebook.com\/profile.php?id=100064446469696<\/a><\/p>\n","protected":false},"excerpt":{"rendered":"<p>La Cofrad\u00eda de la Misericordia de Roccasecca es una asociaci\u00f3n de voluntariado que forma parte del Movimiento de las Cofrad\u00edas de la Misericordia, fundado en Florencia en 1244 por Pietro da Verona, posteriormente san Pedro M\u00e1rtir. Actualmente, las Cofrad\u00edas de la Misericordia est\u00e1n presentes en Italia y en el extranjero con m\u00e1s de 700 cofrad\u00edas. &#8230; <a title=\"Cofrad\u00eda de la Misericordia de Roccasecca\" class=\"read-more\" href=\"https:\/\/spaziospadoni.org\/es\/entidades-de-formacion\/cofradia-de-la-misericordia-de-roccasecca\/\" aria-label=\"Read more about Cofrad\u00eda de la Misericordia de Roccasecca\">Leer m\u00e1s<\/a><\/p>\n","protected":false},"author":102,"featured_media":0,"parent":73247,"menu_order":0,"comment_status":"closed","ping_status":"closed","template":"","meta":{"_sitemap_exclude":false,"_sitemap_priority":"","_sitemap_frequency":"","footnotes":""},"class_list":["post-78438","page","type-page","status-publish","infinite-scroll-item"],"yoast_head":"<!-- This site is optimized with the Yoast SEO plugin v28.4 - https:\/\/yoast.com\/product\/yoast-seo-wordpress\/ -->\n<title>Cofrad\u00eda de la Misericordia de Roccasecca | Spazio Spadoni<\/title>\n<meta name=\"description\" content=\"La Cofrad\u00eda de la Misericordia de Roccasecca es una asociaci\u00f3n de voluntariado que forma parte del Movimiento de las Cofrad\u00edas de la Misericordia, fundado\" \/>\n<meta name=\"robots\" content=\"index, follow, max-snippet:-1, max-image-preview:large, max-video-preview:-1\" \/>\n<link rel=\"canonical\" href=\"https:\/\/spaziospadoni.org\/es\/entidades-de-formacion\/cofradia-de-la-misericordia-de-roccasecca\/\" \/>\n<meta property=\"og:locale\" content=\"es_ES\" \/>\n<meta property=\"og:type\" content=\"article\" \/>\n<meta property=\"og:title\" content=\"Cofrad\u00eda de la Misericordia de Roccasecca | Spazio Spadoni\" \/>\n<meta property=\"og:description\" content=\"La Cofrad\u00eda de la Misericordia de Roccasecca es una asociaci\u00f3n de voluntariado que forma parte del Movimiento de las Cofrad\u00edas de la Misericordia, fundado\" \/>\n<meta property=\"og:url\" content=\"https:\/\/spaziospadoni.org\/es\/entidades-de-formacion\/cofradia-de-la-misericordia-de-roccasecca\/\" \/>\n<meta property=\"og:site_name\" content=\"spazio + spadoni\" \/>\n<meta property=\"article:publisher\" content=\"https:\/\/www.facebook.com\/SpazioSpadoni\/\" \/>\n<meta property=\"article:modified_time\" content=\"2026-08-22T09:11:57+00:00\" \/>\n<meta property=\"og:image\" content=\"https:\/\/spaziospadoni.org\/wp-content\/uploads\/2026\/05\/Logo-Misericordia.jpg\" \/>\n\t<meta property=\"og:image:width\" content=\"1504\" \/>\n\t<meta property=\"og:image:height\" content=\"1504\" \/>\n\t<meta property=\"og:image:type\" content=\"image\/jpeg\" \/>\n<meta name=\"twitter:card\" content=\"summary_large_image\" \/>\n<meta name=\"twitter:label1\" content=\"Est. reading time\" \/>\n\t<meta name=\"twitter:data1\" content=\"3 minutes\" \/>\n<script type=\"application\/ld+json\" class=\"yoast-schema-graph\">{\"@context\":\"https:\\\/\\\/schema.org\",\"@graph\":[{\"@type\":\"WebPage\",\"@id\":\"https:\\\/\\\/spaziospadoni.org\\\/es\\\/entidades-de-formacion\\\/cofradia-de-la-misericordia-de-roccasecca\\\/\",\"url\":\"https:\\\/\\\/spaziospadoni.org\\\/es\\\/entidades-de-formacion\\\/cofradia-de-la-misericordia-de-roccasecca\\\/\",\"name\":\"Cofrad\u00eda de la Misericordia de Roccasecca | Spazio Spadoni\",\"isPartOf\":{\"@id\":\"https:\\\/\\\/spaziospadoni.org\\\/es\\\/#website\"},\"primaryImageOfPage\":{\"@id\":\"https:\\\/\\\/spaziospadoni.org\\\/es\\\/entidades-de-formacion\\\/cofradia-de-la-misericordia-de-roccasecca\\\/#primaryimage\"},\"image\":{\"@id\":\"https:\\\/\\\/spaziospadoni.org\\\/es\\\/entidades-de-formacion\\\/cofradia-de-la-misericordia-de-roccasecca\\\/#primaryimage\"},\"thumbnailUrl\":\"https:\\\/\\\/spaziospadoni.org\\\/wp-content\\\/uploads\\\/2026\\\/05\\\/Logo-Misericordia.jpg\",\"datePublished\":\"2026-05-20T12:35:56+00:00\",\"dateModified\":\"2026-08-22T09:11:57+00:00\",\"description\":\"La Cofrad\u00eda de la Misericordia de Roccasecca es una asociaci\u00f3n de voluntariado que forma parte del Movimiento de las Cofrad\u00edas de la Misericordia, fundado\",\"breadcrumb\":{\"@id\":\"https:\\\/\\\/spaziospadoni.org\\\/es\\\/entidades-de-formacion\\\/cofradia-de-la-misericordia-de-roccasecca\\\/#breadcrumb\"},\"inLanguage\":\"es-ES\",\"potentialAction\":[{\"@type\":\"ReadAction\",\"target\":[\"https:\\\/\\\/spaziospadoni.org\\\/es\\\/entidades-de-formacion\\\/cofradia-de-la-misericordia-de-roccasecca\\\/\"]}]},{\"@type\":\"ImageObject\",\"inLanguage\":\"es-ES\",\"@id\":\"https:\\\/\\\/spaziospadoni.org\\\/es\\\/entidades-de-formacion\\\/cofradia-de-la-misericordia-de-roccasecca\\\/#primaryimage\",\"url\":\"https:\\\/\\\/spaziospadoni.org\\\/wp-content\\\/uploads\\\/2026\\\/05\\\/Logo-Misericordia.jpg\",\"contentUrl\":\"https:\\\/\\\/spaziospadoni.org\\\/wp-content\\\/uploads\\\/2026\\\/05\\\/Logo-Misericordia.jpg\"},{\"@type\":\"BreadcrumbList\",\"@id\":\"https:\\\/\\\/spaziospadoni.org\\\/es\\\/entidades-de-formacion\\\/cofradia-de-la-misericordia-de-roccasecca\\\/#breadcrumb\",\"itemListElement\":[{\"@type\":\"ListItem\",\"position\":1,\"name\":\"Home\",\"item\":\"https:\\\/\\\/spaziospadoni.org\\\/es\\\/\"},{\"@type\":\"ListItem\",\"position\":2,\"name\":\"Entidades de formaci\u00f3n\",\"item\":\"https:\\\/\\\/spaziospadoni.org\\\/es\\\/entidades-de-formacion\\\/\"},{\"@type\":\"ListItem\",\"position\":3,\"name\":\"Cofrad\u00eda de la Misericordia de Roccasecca\"}]},{\"@type\":\"WebSite\",\"@id\":\"https:\\\/\\\/spaziospadoni.org\\\/es\\\/#website\",\"url\":\"https:\\\/\\\/spaziospadoni.org\\\/es\\\/\",\"name\":\"spazio + spadoni\",\"description\":\"Generazione di misericordia e missione nel mondo\",\"publisher\":{\"@id\":\"https:\\\/\\\/spaziospadoni.org\\\/es\\\/#organization\"},\"alternateName\":\"spaziospadoni.org\",\"potentialAction\":[{\"@type\":\"SearchAction\",\"target\":{\"@type\":\"EntryPoint\",\"urlTemplate\":\"https:\\\/\\\/spaziospadoni.org\\\/es\\\/?s={search_term_string}\"},\"query-input\":{\"@type\":\"PropertyValueSpecification\",\"valueRequired\":true,\"valueName\":\"search_term_string\"}}],\"inLanguage\":\"es-ES\"},{\"@type\":\"Organization\",\"@id\":\"https:\\\/\\\/spaziospadoni.org\\\/es\\\/#organization\",\"name\":\"spazio + spadoni\",\"alternateName\":\"spaziospadoni.org\",\"url\":\"https:\\\/\\\/spaziospadoni.org\\\/es\\\/\",\"logo\":{\"@type\":\"ImageObject\",\"inLanguage\":\"es-ES\",\"@id\":\"https:\\\/\\\/spaziospadoni.org\\\/es\\\/#\\\/schema\\\/logo\\\/image\\\/\",\"url\":\"https:\\\/\\\/spaziospadoni.org\\\/wp-content\\\/uploads\\\/2026\\\/05\\\/spazio-spadoni-logo-100x100-1.webp\",\"contentUrl\":\"https:\\\/\\\/spaziospadoni.org\\\/wp-content\\\/uploads\\\/2026\\\/05\\\/spazio-spadoni-logo-100x100-1.webp\",\"width\":100,\"height\":100,\"caption\":\"spazio + spadoni\"},\"image\":{\"@id\":\"https:\\\/\\\/spaziospadoni.org\\\/es\\\/#\\\/schema\\\/logo\\\/image\\\/\"},\"sameAs\":[\"https:\\\/\\\/www.facebook.com\\\/SpazioSpadoni\\\/\",\"https:\\\/\\\/www.instagram.com\\\/spaziospadoni\\\/\",\"https:\\\/\\\/www.youtube.com\\\/@spaziospadoni\\\/playlists\"]}]}<\/script>\n<!-- \/ Yoast SEO plugin. -->","yoast_head_json":{"title":"Cofrad\u00eda de la Misericordia de Roccasecca | Spazio Spadoni","description":"La Cofrad\u00eda de la Misericordia de Roccasecca es una asociaci\u00f3n de voluntariado que forma parte del Movimiento de las Cofrad\u00edas de la Misericordia, fundado","robots":{"index":"index","follow":"follow","max-snippet":"max-snippet:-1","max-image-preview":"max-image-preview:large","max-video-preview":"max-video-preview:-1"},"canonical":"https:\/\/spaziospadoni.org\/es\/entidades-de-formacion\/cofradia-de-la-misericordia-de-roccasecca\/","og_locale":"es_ES","og_type":"article","og_title":"Cofrad\u00eda de la Misericordia de Roccasecca | Spazio Spadoni","og_description":"La Cofrad\u00eda de la Misericordia de Roccasecca es una asociaci\u00f3n de voluntariado que forma parte del Movimiento de las Cofrad\u00edas de la Misericordia, fundado","og_url":"https:\/\/spaziospadoni.org\/es\/entidades-de-formacion\/cofradia-de-la-misericordia-de-roccasecca\/","og_site_name":"spazio + spadoni","article_publisher":"https:\/\/www.facebook.com\/SpazioSpadoni\/","article_modified_time":"2026-08-22T09:11:57+00:00","og_image":[{"width":1504,"height":1504,"url":"https:\/\/spaziospadoni.org\/wp-content\/uploads\/2026\/05\/Logo-Misericordia.jpg","type":"image\/jpeg"}],"twitter_card":"summary_large_image","twitter_misc":{"Est. reading time":"3 minutes"},"schema":{"@context":"https:\/\/schema.org","@graph":[{"@type":"WebPage","@id":"https:\/\/spaziospadoni.org\/es\/entidades-de-formacion\/cofradia-de-la-misericordia-de-roccasecca\/","url":"https:\/\/spaziospadoni.org\/es\/entidades-de-formacion\/cofradia-de-la-misericordia-de-roccasecca\/","name":"Cofrad\u00eda de la Misericordia de Roccasecca | Spazio Spadoni","isPartOf":{"@id":"https:\/\/spaziospadoni.org\/es\/#website"},"primaryImageOfPage":{"@id":"https:\/\/spaziospadoni.org\/es\/entidades-de-formacion\/cofradia-de-la-misericordia-de-roccasecca\/#primaryimage"},"image":{"@id":"https:\/\/spaziospadoni.org\/es\/entidades-de-formacion\/cofradia-de-la-misericordia-de-roccasecca\/#primaryimage"},"thumbnailUrl":"https:\/\/spaziospadoni.org\/wp-content\/uploads\/2026\/05\/Logo-Misericordia.jpg","datePublished":"2026-05-20T12:35:56+00:00","dateModified":"2026-08-22T09:11:57+00:00","description":"La Cofrad\u00eda de la Misericordia de Roccasecca es una asociaci\u00f3n de voluntariado que forma parte del Movimiento de las Cofrad\u00edas de la Misericordia, fundado","breadcrumb":{"@id":"https:\/\/spaziospadoni.org\/es\/entidades-de-formacion\/cofradia-de-la-misericordia-de-roccasecca\/#breadcrumb"},"inLanguage":"es-ES","potentialAction":[{"@type":"ReadAction","target":["https:\/\/spaziospadoni.org\/es\/entidades-de-formacion\/cofradia-de-la-misericordia-de-roccasecca\/"]}]},{"@type":"ImageObject","inLanguage":"es-ES","@id":"https:\/\/spaziospadoni.org\/es\/entidades-de-formacion\/cofradia-de-la-misericordia-de-roccasecca\/#primaryimage","url":"https:\/\/spaziospadoni.org\/wp-content\/uploads\/2026\/05\/Logo-Misericordia.jpg","contentUrl":"https:\/\/spaziospadoni.org\/wp-content\/uploads\/2026\/05\/Logo-Misericordia.jpg"},{"@type":"BreadcrumbList","@id":"https:\/\/spaziospadoni.org\/es\/entidades-de-formacion\/cofradia-de-la-misericordia-de-roccasecca\/#breadcrumb","itemListElement":[{"@type":"ListItem","position":1,"name":"Home","item":"https:\/\/spaziospadoni.org\/es\/"},{"@type":"ListItem","position":2,"name":"Entidades de formaci\u00f3n","item":"https:\/\/spaziospadoni.org\/es\/entidades-de-formacion\/"},{"@type":"ListItem","position":3,"name":"Cofrad\u00eda de la Misericordia de Roccasecca"}]},{"@type":"WebSite","@id":"https:\/\/spaziospadoni.org\/es\/#website","url":"https:\/\/spaziospadoni.org\/es\/","name":"spazio + spadoni","description":"Generazione di misericordia e missione nel mondo","publisher":{"@id":"https:\/\/spaziospadoni.org\/es\/#organization"},"alternateName":"spaziospadoni.org","potentialAction":[{"@type":"SearchAction","target":{"@type":"EntryPoint","urlTemplate":"https:\/\/spaziospadoni.org\/es\/?s={search_term_string}"},"query-input":{"@type":"PropertyValueSpecification","valueRequired":true,"valueName":"search_term_string"}}],"inLanguage":"es-ES"},{"@type":"Organization","@id":"https:\/\/spaziospadoni.org\/es\/#organization","name":"spazio + spadoni","alternateName":"spaziospadoni.org","url":"https:\/\/spaziospadoni.org\/es\/","logo":{"@type":"ImageObject","inLanguage":"es-ES","@id":"https:\/\/spaziospadoni.org\/es\/#\/schema\/logo\/image\/","url":"https:\/\/spaziospadoni.org\/wp-content\/uploads\/2026\/05\/spazio-spadoni-logo-100x100-1.webp","contentUrl":"https:\/\/spaziospadoni.org\/wp-content\/uploads\/2026\/05\/spazio-spadoni-logo-100x100-1.webp","width":100,"height":100,"caption":"spazio + spadoni"},"image":{"@id":"https:\/\/spaziospadoni.org\/es\/#\/schema\/logo\/image\/"},"sameAs":["https:\/\/www.facebook.com\/SpazioSpadoni\/","https:\/\/www.instagram.com\/spaziospadoni\/","https:\/\/www.youtube.com\/@spaziospadoni\/playlists"]}]}},"_links":{"self":[{"href":"https:\/\/spaziospadoni.org\/es\/wp-json\/wp\/v2\/pages\/78438","targetHints":{"allow":["GET"]}}],"collection":[{"href":"https:\/\/spaziospadoni.org\/es\/wp-json\/wp\/v2\/pages"}],"about":[{"href":"https:\/\/spaziospadoni.org\/es\/wp-json\/wp\/v2\/types\/page"}],"author":[{"embeddable":true,"href":"https:\/\/spaziospadoni.org\/es\/wp-json\/wp\/v2\/users\/102"}],"replies":[{"embeddable":true,"href":"https:\/\/spaziospadoni.org\/es\/wp-json\/wp\/v2\/comments?post=78438"}],"version-history":[{"count":1,"href":"https:\/\/spaziospadoni.org\/es\/wp-json\/wp\/v2\/pages\/78438\/revisions"}],"predecessor-version":[{"id":91747,"href":"https:\/\/spaziospadoni.org\/es\/wp-json\/wp\/v2\/pages\/78438\/revisions\/91747"}],"up":[{"embeddable":true,"href":"https:\/\/spaziospadoni.org\/es\/wp-json\/wp\/v2\/pages\/73247"}],"wp:attachment":[{"href":"https:\/\/spaziospadoni.org\/es\/wp-json\/wp\/v2\/media?parent=78438"}],"curies":[{"name":"wp","href":"https:\/\/api.w.org\/{rel}","templated":true}]}}