{"id":79784,"date":"2026-05-18T11:24:52","date_gmt":"2026-05-18T10:24:52","guid":{"rendered":"https:\/\/spaziospadoni.org\/obras-de-misericordia\/camerun-africa-progetto-m29\/"},"modified":"2026-07-29T13:45:45","modified_gmt":"2026-07-29T12:45:45","slug":"africa-proyecto-m29","status":"publish","type":"page","link":"https:\/\/spaziospadoni.org\/es\/opera-m\/africa-proyecto-m29\/","title":{"rendered":"\u00c1frica | Proyecto M29"},"content":{"rendered":"\n<div class=\"ss-project-hero-card\">\n<h2 id=\"bafia-bafia-camerun\" class=\"gb-text gb-text-62a95885\">Bafia | Bafia (Camer\u00fan)<\/h2>\n\n\n\n<div class=\"gb-element-f60f2409\">\n<div class=\"gb-element-90a85740 ss-project-sidebar\">\n<h2 id=\"opera-m29\" class=\"gb-text ss-project-title\">OPERA M29<\/h2>\n\n\n\n<figure class=\"wp-block-image size-large\"><img decoding=\"async\" src=\"https:\/\/spaziospadoni.org\/wp-content\/uploads\/2026\/05\/hicsum_28_rwanda-spaziospadoni-scaled.png\" alt=\"hicsum 28 rwanda spaziospadoni 150x150\" class=\"wp-image-43007\"\/><\/figure>\n\n\n\n<div class=\"ss-project-table\">\n<div class=\"ss-table-section-title\">\n<h3 id=\"mision\" class=\"gb-text\">MISI\u00d3N<\/h3>\n<\/div>\n\n\n\n<div class=\"ss-table-row\">\n<p class=\"gb-text\">Lugar<\/p>\n\n\n\n<p class=\"gb-text\"><a href=\"https:\/\/www.google.com\/maps\/place\/Bafia,+Camerun\/@4.7506824,11.2091443,14z\/data=!3m1!4b1!4m6!3m5!1s0x108adbc81ff9a7e5:0x8df0f92b13e044c8!8m2!3d4.7546039!4d11.2240441!16zL20vMGIycWx0?entry=ttu&#038;g_ep=EgoyMDI2MDUwMi4wIKXMDSoASAFQAw%3D%3D\" rel=\"noreferrer noopener\" target=\"_blank\" title=\"Bafia\">Bafia<\/a><\/p>\n<\/div>\n\n\n\n<div class=\"ss-table-row\">\n<p class=\"gb-text\">Di\u00f3cesis<\/p>\n\n\n\n<p class=\"gb-text\">Bafia<\/p>\n<\/div>\n\n\n\n<div class=\"ss-table-row\">\n<p class=\"gb-text\">Pa\u00eds<\/p>\n\n\n\n<p class=\"gb-text\"><strong>Camer\u00fan<\/strong><\/p>\n<\/div>\n\n\n\n<div class=\"ss-table-row\">\n<p class=\"gb-text\">Continente<\/p>\n\n\n\n<p class=\"gb-text\">\u00c1frica<\/p>\n<\/div>\n\n\n\n<div class=\"ss-table-row\">\n<p class=\"gb-text\">Coordenadas GPS<\/p>\n\n\n\n<p class=\"gb-text\">4.75463 11.22425<\/p>\n<\/div>\n\n\n\n<div class=\"ss-table-row\">\n<p class=\"gb-text\">Zona horaria<\/p>\n\n\n\n<p class=\"gb-text\">UTC+1<\/p>\n<\/div>\n<\/div>\n\n\n\n<div class=\"ss-project-table\">\n<div class=\"ss-table-section-title\">\n<h3 id=\"organizador\" class=\"gb-text\">ORGANIZADOR<\/h3>\n<\/div>\n\n\n\n<div class=\"ss-table-row\">\n<p class=\"gb-text\">Congregaci\u00f3n<\/p>\n\n\n\n<p class=\"gb-text\"><a href=\"https:\/\/spaziospadoni.org\/es\/congregaciones\/congregacion-de-las-hermanas-de-santa-gemma\/\" title=\"Congregazione Missionaria Sorelle di Santa Gemma\">Congregazione Missionaria Sorelle di Santa Gemma<\/a><\/p>\n<\/div>\n\n\n\n<div class=\"ss-table-row\">\n<p class=\"gb-text\">Casa Madre<\/p>\n\n\n\n<p class=\"gb-text\">Camigliano Santa Gemma (LU)<\/p>\n<\/div>\n\n\n\n<div class=\"ss-table-row\">\n<p class=\"gb-text\">Di\u00f3cesis<\/p>\n\n\n\n<p class=\"gb-text\">Di\u00f3cesis de Bafia<\/p>\n<\/div>\n\n\n\n<div class=\"ss-table-row\">\n<p class=\"gb-text\">Pa\u00eds<\/p>\n\n\n\n<p class=\"gb-text\">Camer\u00fan<\/p>\n<\/div>\n\n\n\n<div class=\"ss-table-row\">\n<p class=\"gb-text\">Continente<\/p>\n\n\n\n<p class=\"gb-text\">\u00c1frica<\/p>\n<\/div>\n\n\n\n<div class=\"ss-table-row\">\n<p class=\"gb-text\">Fiesta de la Congregaci\u00f3n<\/p>\n\n\n\n<p class=\"gb-text\">26 de agosto<\/p>\n<\/div>\n\n\n\n<div class=\"ss-table-row\">\n<p class=\"gb-text\">Coordenadas GPS<\/p>\n\n\n\n<p class=\"gb-text\">43.86272 10.61067<\/p>\n<\/div>\n\n\n\n<div class=\"ss-table-row\">\n<p class=\"gb-text\">Zona horaria<\/p>\n\n\n\n<p class=\"gb-text\">UTC+1<\/p>\n<\/div>\n\n\n\n<div class=\"ss-table-row\">\n<p class=\"gb-text\">Persona de contacto<\/p>\n\n\n\n<p class=\"gb-text\">Hermana Marie Noelle Messini<\/p>\n<\/div>\n\n\n\n<div class=\"ss-table-row\">\n<p class=\"gb-text\">Superiora General<\/p>\n\n\n\n<p class=\"gb-text\">Hermana Elisabetta Giussani<\/p>\n<\/div>\n\n\n\n<div class=\"ss-table-row\">\n<p class=\"gb-text\">Sitio web<\/p>\n\n\n\n<p class=\"gb-text\"><a href=\"https:\/\/www.suoresantagemma.it\/\" target=\"_blank\" rel=\"noreferrer noopener\" title=\"suoresantagemma.it\">suoresantagemma.it<\/a><\/p>\n<\/div>\n<\/div>\n\n\n\n<div class=\"ss-project-table\">\n<a class=\"gb-element-e1766596 ss-table-section-button\" href=\"#\" title=\"OPERA M &#8211; PROYECTO M29\">\n<span class=\"gb-text\">OPERA M &#8211; PROYECTO M29<\/span>\n<\/a>\n<\/div>\n<\/div>\n<\/div>\n\n\n\n<div class=\"gb-element-6ad95ea8\">\n<div class=\"gb-element-e34063a6 ss-project-intro\">\n<p class=\"wp-block-paragraph\">OPERA M es la revoluci\u00f3n de las obras de misericordia. Es el instrumento permanente para desarrollar un pensamiento s\u00f3lido y renovado sobre las obras en el mundo.<\/p>\n\n\n\n<p class=\"wp-block-paragraph\">Nace de una necesidad urgente, profundamente sentida por spazio + spadoni, de r<strong>E<\/strong>volucionar el concepto de obra de misericordia como un camino que es siempre humano y divino al mismo tiempo y, por tanto, siempre espiritual adem\u00e1s de pr\u00e1ctico (o corporal). El redescubrimiento, o mejor dicho, la verdadera r<strong>E<\/strong>voluci\u00f3n de las obras, debe recuperarse dentro de esta s\u00edntesis entre la dimensi\u00f3n espiritual y el acto pr\u00e1ctico. La acci\u00f3n material debe estar siempre impregnada por el esp\u00edritu.<\/p>\n\n\n\n<p class=\"wp-block-paragraph\">OPERA M se basa en cinco acciones que definen su m\u00e9todo: INVOCA, llama al Esp\u00edritu ESCUCHA, guarda silencio para abrirte a la escucha ENCUENTRA, permanece entre la gente ACTUEMOS, actuar por las obras INUNDEMOS, llevemos a todos a las Obras de Misericordia <strong>Obras de Misericordia espirituales<\/strong> Aconsejar a quienes dudan Ense\u00f1ar a quienes no saben Corregir a los pecadores Consolar a los afligidos Perdonar las ofensas Soportar con paciencia a las personas molestas Rogar a Dios por los vivos y los muertos <strong>Obras de Misericordia corporales<\/strong> Dar de comer al hambriento Dar de beber al sediento Vestir al desnudo Dar alojamiento a los peregrinos Visitar a los enfermos Visitar a los presos Enterrar a los muertos<\/p>\n\n<\/div>\n<\/div>\n\n\n\n\n<div>\n\n<h2 id=\"cronologia\" class=\"gb-text gb-text-8179e40a\">Cronolog\u00eda<\/h2>\n\n\n\n\n\n<div class=\"ss-timeline\">\n\n<h3 id=\"2023\" class=\"gb-text\">2023<\/h3>\n\n\n\n\n\n<div class=\"ss-timeline-item\">\n\n<h4 id=\"25-de-octubre-primer-contacto\" class=\"gb-text\">25 de octubre | Primer contacto<\/h4>\n\n\n\n\n<p class=\"wp-block-paragraph\">La hermana Marie Noelle, que se encontraba entonces en Italia, y Luigi Spadoni se conocen y empiezan a pensar en un posible desarrollo de las Obras de Misericordia cuando la hermana regrese a Camer\u00fan<\/p>\n\n\n<\/div>\n\n\n<\/div>\n\n\n\n\n<div class=\"ss-timeline\">\n\n<h3 id=\"2024\" class=\"gb-text\">2024<\/h3>\n\n\n\n\n\n<div class=\"ss-timeline-item\">\n\n<h4 id=\"16-de-abril-planificacion-del-foro\" class=\"gb-text\">16 de abril | Planificaci\u00f3n del Foro<\/h4>\n\n\n\n\n<p class=\"wp-block-paragraph\">Junto con el obispo Mons. Emmanuel Dassi Youfang se planifica el Foro sobre la rEvoluci\u00f3n de las Obras de Misericordia en la Di\u00f3cesis de Bafia<\/p>\n\n\n<\/div>\n\n\n\n\n<div class=\"ss-timeline-item\">\n\n<h4 id=\"2829-de-junio-foro-sobre-las-obras-de-misericordia\" class=\"gb-text\">28-29 de junio | Foro sobre las Obras de Misericordia<\/h4>\n\n\n\n\n<p class=\"wp-block-paragraph\">Se celebra el Foro sobre la rEvoluci\u00f3n de las Obras de Misericordia para la Di\u00f3cesis de Bafia<\/p>\n\n\n\n<figure class=\"wp-block-gallery has-nested-images columns-1 is-cropped ss-lightbox wp-block-gallery-1 is-layout-flex wp-block-gallery-is-layout-flex\">\n\n<figure class=\"wp-block-image size-large\"><img decoding=\"async\" src=\"https:\/\/spaziospadoni.org\/wp-content\/uploads\/2026\/05\/2024_giugno_forum_camerun_opere_misericordia_diocesi_bafia_spazio_spadoni_operam-7.jpg\" alt=\"2024 giugno forum camerun opere misericordia diocesi bafia spazio spadoni operam 7\"\/><figcaption class=\"wp-element-caption\">28-29 de junio | Foro sobre las Obras de Misericordia<\/figcaption><\/figure>\n\n<\/figure>\n\n\n<\/div>\n\n\n<\/div>\n\n\n\n\n<div class=\"ss-timeline\">\n\n<h3 id=\"2025\" class=\"gb-text\">2025<\/h3>\n\n\n\n\n\n<div class=\"ss-timeline-item\">\n\n<h4 id=\"26-de-febrero-nombramiento-de-la-embajadora-de-las-obras-de-misericordia\" class=\"gb-text\">26 de febrero | Nombramiento de la Embajadora de las Obras de Misericordia<\/h4>\n\n\n\n\n<p class=\"wp-block-paragraph\">El obispo Mons. Emmanuel Dassi Youfang nombra a la hermana Marie Noelle Messini Embajadora de las Obras de Misericordia para la Di\u00f3cesis de Bafia<\/p>\n\n\n<\/div>\n\n\n\n\n<div class=\"ss-timeline-item\">\n\n<h4 id=\"marzo-oficina-diocesana-de-las-obras-de-misericordia\" class=\"gb-text\">Marzo | Oficina Diocesana de las Obras de Misericordia<\/h4>\n\n\n\n\n<p class=\"wp-block-paragraph\">El obispo de Bafia crea la primera Oficina Diocesana de las Obras de Misericordia del mundo. La oficina est\u00e1 dirigida por &#x27;la hermana Marie Noelle&#8217;<\/p>\n\n\n\n<figure class=\"wp-block-gallery has-nested-images columns-1 is-cropped ss-lightbox wp-block-gallery-2 is-layout-flex wp-block-gallery-is-layout-flex\">\n\n<figure class=\"wp-block-image size-large\"><img decoding=\"async\" src=\"https:\/\/spaziospadoni.org\/wp-content\/uploads\/2026\/05\/image-e1778055798235.png\" alt=\"image e1778055798235\"\/><figcaption class=\"wp-element-caption\">Marzo | Oficina Diocesana de las Obras de Misericordia<\/figcaption><\/figure>\n\n<\/figure>\n\n\n<\/div>\n\n\n\n\n<div class=\"ss-timeline-item\">\n\n<h4 id=\"18-de-marzo-envio-del-proyecto\" class=\"gb-text\">18 de marzo | Env\u00edo del proyecto<\/h4>\n\n\n\n\n<p class=\"wp-block-paragraph\">La Di\u00f3cesis de Bafia presenta tres peque\u00f1os proyectos de empresa social y se selecciona el relativo a la producci\u00f3n de ma\u00edz<\/p>\n\n\n<\/div>\n\n\n\n\n<div class=\"ss-timeline-item\">\n\n<h4 id=\"23-de-marzo-sensibilizacion-sobre-las-obras-de-misericordia\" class=\"gb-text\">23 de marzo | Sensibilizaci\u00f3n sobre las Obras de Misericordia<\/h4>\n\n\n\n\n<p class=\"wp-block-paragraph\">La hermana Marie Noelle fue invitada por los p\u00e1rrocos don Valerye y don Sergenella a la Parrocchia di San Benoit de la Di\u00f3cesis de Bafia para una actividad de sensibilizaci\u00f3n sobre las Obras de Misericordia<\/p>\n\n\n\n<figure class=\"wp-block-gallery has-nested-images columns-1 is-cropped ss-lightbox wp-block-gallery-3 is-layout-flex wp-block-gallery-is-layout-flex\">\n\n<figure class=\"wp-block-image size-large\"><img decoding=\"async\" src=\"https:\/\/spaziospadoni.org\/wp-content\/uploads\/2026\/05\/2025_suor_marie_noelle_diocesi_bafia_sensibilizzazione_opere_misericordia_spazio_spadoni_operam-8.jpg\" alt=\"2025 suor marie noelle diocesi bafia sensibilizzazione opere misericordia spazio spadoni operam 8\"\/><figcaption class=\"wp-element-caption\">23 de marzo | Sensibilizaci\u00f3n sobre las Obras de Misericordia<\/figcaption><\/figure>\n\n<\/figure>\n\n\n<\/div>\n\n\n\n\n<div class=\"ss-timeline-item\">\n\n<h4 id=\"30-de-marzo-catequesis-sobre-las-obras-de-misericordia\" class=\"gb-text\">30 de marzo | Catequesis sobre las Obras de Misericordia<\/h4>\n\n\n\n\n<p class=\"wp-block-paragraph\">La hermana Marie Noelle imparte una catequesis sobre las Obras de Misericordia en la Parrocchia Saint S\u00e9bastien de la Di\u00f3cesis de Bafia<\/p>\n\n\n<\/div>\n\n\n\n\n<div class=\"ss-timeline-item\">\n\n<h4 id=\"31-de-octubre-sensibilizacion-sobre-las-obras-de-misericordia\" class=\"gb-text\">31 de octubre | Sensibilizaci\u00f3n sobre las Obras de Misericordia<\/h4>\n\n\n\n\n<p class=\"wp-block-paragraph\">Campa\u00f1a de sensibilizaci\u00f3n sobre las Obras de Misericordia con los catequistas y los trabajadores de Caritas de la Parrocchia Santa Teresa di Nikoutou<\/p>\n\n\n\n<figure class=\"wp-block-gallery has-nested-images columns-1 is-cropped ss-lightbox wp-block-gallery-4 is-layout-flex wp-block-gallery-is-layout-flex\">\n\n<figure class=\"wp-block-image size-large\"><img decoding=\"async\" src=\"https:\/\/spaziospadoni.org\/wp-content\/uploads\/2026\/05\/2025_31_ottobre_suor_marie_noelle_sensibilizzazione_opere_misericordia_diocesi_bafia_spazio_spadoni_operam-1.jpg\" alt=\"2025 31 ottobre suor marie noelle sensibilizzazione opere misericordia diocesi bafia spazio spadoni operam 1\"\/><figcaption class=\"wp-element-caption\">31 de octubre | Sensibilizaci\u00f3n sobre las Obras de Misericordia<\/figcaption><\/figure>\n\n<\/figure>\n\n\n<\/div>\n\n\n<\/div>\n\n\n\n\n<div class=\"ss-timeline\">\n\n<h3 id=\"2026\" class=\"gb-text\">2026<\/h3>\n\n\n\n\n\n<div class=\"ss-timeline-item\">\n\n<h4 id=\"23-de-febrero-visitar-a-los-presos\" class=\"gb-text\">23 de febrero | Visitar a los presos<\/h4>\n\n\n\n\n<p class=\"wp-block-paragraph\">La hermana Marie Noelle visita la prisi\u00f3n de Bafia<\/p>\n\n\n\n<figure class=\"wp-block-gallery has-nested-images columns-1 is-cropped ss-lightbox wp-block-gallery-5 is-layout-flex wp-block-gallery-is-layout-flex\">\n\n<figure class=\"wp-block-image size-large\"><img decoding=\"async\" src=\"https:\/\/spaziospadoni.org\/wp-content\/uploads\/2026\/05\/2026_febbraio_23_suor_marie_noelle_incontra_prigione_bafia_visitare_opera_misericordia_spazio_spadoni-1.jpeg\" alt=\"2026 febbraio 23 suor marie noelle incontra prigione bafia visitare opera misericordia spazio spadoni 1\"\/><figcaption class=\"wp-element-caption\">23 de febrero | Visitar a los presos<\/figcaption><\/figure>\n\n<\/figure>\n\n\n<\/div>\n\n\n\n\n<div class=\"ss-timeline-item\">\n\n<h4 id=\"9-de-abril-formacion-opera-m\" class=\"gb-text\">9 de abril | Formaci\u00f3n OPERA M<\/h4>\n\n\n\n\n<p class=\"wp-block-paragraph\">Encuentro y formaci\u00f3n con los consejeros pastorales de la Parrocchia di Sant&#x27;Attanasio en la Di\u00f3cesis de Bafia<\/p>\n\n\n<\/div>\n\n\n\n\n<div class=\"ss-timeline-item\">\n\n<h4 id=\"2-de-mayo-formacion-opera-m\" class=\"gb-text\">2 de mayo | Formaci\u00f3n OPERA M<\/h4>\n\n\n\n\n<p class=\"wp-block-paragraph\">La hermana Marie Noelle se re\u00fane con los feligreses de Doum\u00e9 e imparte una formaci\u00f3n sobre las Obras de Misericordia<\/p>\n\n\n\n<figure class=\"wp-block-gallery has-nested-images columns-1 is-cropped ss-lightbox wp-block-gallery-6 is-layout-flex wp-block-gallery-is-layout-flex\">\n\n<figure class=\"wp-block-image size-large\"><img decoding=\"async\" src=\"https:\/\/spaziospadoni.org\/wp-content\/uploads\/2026\/05\/2026_maggio_2_suor_marie_noelle_opere_misericordia_camerun_doume_spazio_spadoni_operam-4.jpeg\" alt=\"2026 maggio 2 suor marie noelle opere misericordia camerun doume spazio spadoni operam 4\"\/><figcaption class=\"wp-element-caption\">2 de mayo | Formaci\u00f3n OPERA M<\/figcaption><\/figure>\n\n<\/figure>\n\n\n<\/div>\n\n\n<\/div>\n\n\n<\/div>\n\n\n\n<div class=\"ss-project-reports\">\n<h2 id=\"informes-sobre-las-obras-de-misericordia\" class=\"gb-text gb-text-75c3218d\">Informes sobre las Obras de Misericordia<\/h2>\n\n\n<ul class=\"wp-block-list ss-report-list\">\n\n<li><a href=\"https:\/\/spaziospadoni.org\/wp-content\/uploads\/2026\/05\/Osservatore-Romano_Ufficio-Diocesano-Opere-Misericordia_Camerun.pdf\" target=\"_blank\" rel=\"noreferrer noopener\" title=\"Osservatore Romano_Ufficio Diocesano Opere Misericordia_Camerun\">Osservatore Romano_Ufficio Diocesano Opere Misericordia_Camerun<\/a><\/li>\n\n\n<li><a href=\"https:\/\/spaziospadoni.org\/wp-content\/uploads\/2026\/05\/Progetto-mais.pdf\" target=\"_blank\" rel=\"noreferrer noopener\" title=\"Proyecto de producci\u00f3n de ma\u00edz\">Proyecto de producci\u00f3n de ma\u00edz<\/a><\/li>\n\n<\/ul>\n\n<\/div>\n\n\n\n<div class=\"ss-project-media\">\n<h2 id=\"fotos-y-videos\" class=\"gb-text gb-text-d7bd8be8\">Fotos y v\u00eddeos<\/h2>\n\n\n<div class=\"ss-media-filters\">\n\n<a class=\"gb-text ss-media-filter active\" data-filter=\"*\" title=\"Todo\">Todo<\/a>\n\n\n<a class=\"gb-text ss-media-filter\" data-filter=\".forum-bafia\" title=\"Foro de Bafia\">Foro de Bafia<\/a>\n\n\n<a class=\"gb-text ss-media-filter\" data-filter=\".formazione\" title=\"Formaci\u00f3n\">Formaci\u00f3n<\/a>\n\n\n<a class=\"gb-text ss-media-filter\" data-filter=\".video\" title=\"V\u00eddeo\">V\u00eddeo<\/a>\n\n<\/div>\n\n\n<div class=\"ss-media-grid\">\n<div>\n<figure class=\"wp-block-gallery has-nested-images columns-1 is-cropped ss-lightbox wp-block-gallery-7 is-layout-flex wp-block-gallery-is-layout-flex\">\n\n<figure class=\"wp-block-image size-large forum-bafia\"><img decoding=\"async\" alt=\"2024 11 giugno forum bafia camerun comitato spazio spadoni opere misericordia 1\" src=\"https:\/\/spaziospadoni.org\/wp-content\/uploads\/2026\/05\/2024_11_giugno_forum_bafia_camerun_comitato_spazio_spadoni_opere_misericordia-1.jpg\"\/><\/figure>\n\n\n<figure class=\"wp-block-image size-large forum-bafia\"><img decoding=\"async\" alt=\"2024 giugno forum camerun opere misericordia diocesi bafia spazio spadoni operam 1\" src=\"https:\/\/spaziospadoni.org\/wp-content\/uploads\/2026\/05\/2024_giugno_forum_camerun_opere_misericordia_diocesi_bafia_spazio_spadoni_operam-1.jpg\"\/><\/figure>\n\n\n<figure class=\"wp-block-image size-large forum-bafia\"><img decoding=\"async\" alt=\"2024 giugno forum camerun opere misericordia diocesi bafia spazio spadoni operam 7\" src=\"https:\/\/spaziospadoni.org\/wp-content\/uploads\/2026\/05\/2024_giugno_forum_camerun_opere_misericordia_diocesi_bafia_spazio_spadoni_operam-7.jpg\"\/><\/figure>\n\n\n<figure class=\"wp-block-image size-large forum-bafia\"><img decoding=\"async\" alt=\"2024 giugno forum camerun opere misericordia diocesi bafia spazio spadoni operam 3\" src=\"https:\/\/spaziospadoni.org\/wp-content\/uploads\/2026\/05\/2024_giugno_forum_camerun_opere_misericordia_diocesi_bafia_spazio_spadoni_operam-3.jpg\"\/><\/figure>\n\n\n<figure class=\"wp-block-image size-large forum-bafia\"><img decoding=\"async\" alt=\"2024 giugno forum camerun opere misericordia diocesi bafia spazio spadoni operam 2\" src=\"https:\/\/spaziospadoni.org\/wp-content\/uploads\/2026\/05\/2024_giugno_forum_camerun_opere_misericordia_diocesi_bafia_spazio_spadoni_operam-2.jpg\"\/><\/figure>\n\n\n<figure class=\"wp-block-image size-large forum-bafia\"><img decoding=\"async\" alt=\"2024 giugno forum camerun opere misericordia diocesi bafia spazio spadoni operam 4\" src=\"https:\/\/spaziospadoni.org\/wp-content\/uploads\/2026\/05\/2024_giugno_forum_camerun_opere_misericordia_diocesi_bafia_spazio_spadoni_operam-4.jpg\"\/><\/figure>\n\n\n<figure class=\"wp-block-image size-large forum-bafia\"><img decoding=\"async\" alt=\"2024 giugno forum camerun opere misericordia diocesi bafia spazio spadoni operam 5\" src=\"https:\/\/spaziospadoni.org\/wp-content\/uploads\/2026\/05\/2024_giugno_forum_camerun_opere_misericordia_diocesi_bafia_spazio_spadoni_operam-5.jpg\"\/><\/figure>\n\n\n<figure class=\"wp-block-image size-large forum-bafia\"><img decoding=\"async\" alt=\"2024 giugno forum camerun opere misericordia diocesi bafia spazio spadoni operam 6\" src=\"https:\/\/spaziospadoni.org\/wp-content\/uploads\/2026\/05\/2024_giugno_forum_camerun_opere_misericordia_diocesi_bafia_spazio_spadoni_operam-6.jpg\"\/><\/figure>\n\n\n<figure class=\"wp-block-image size-large forum-bafia\"><img decoding=\"async\" alt=\"2024 giugno forum camerun opere misericordia diocesi bafia spazio spadoni operam 6\" src=\"https:\/\/spaziospadoni.org\/wp-content\/uploads\/2026\/05\/2024_giugno_forum_camerun_opere_misericordia_diocesi_bafia_spazio_spadoni_operam-6.jpg\"\/><\/figure>\n\n\n<figure class=\"wp-block-image size-large forum-bafia\"><img decoding=\"async\" alt=\"2024 forum opere misericordia bafia camerun spazio spadoni 1\" src=\"https:\/\/spaziospadoni.org\/wp-content\/uploads\/2026\/05\/2024_forum_opere_misericordia_bafia_camerun_spazio_spadoni-1.jpg\"\/><\/figure>\n\n\n<figure class=\"wp-block-image size-large forum-bafia\"><img decoding=\"async\" alt=\"2024 forum opere misericordia bafia camerun spazio spadoni 2\" src=\"https:\/\/spaziospadoni.org\/wp-content\/uploads\/2026\/05\/2024_forum_opere_misericordia_bafia_camerun_spazio_spadoni-2.jpg\"\/><\/figure>\n\n\n<figure class=\"wp-block-image size-large forum-bafia\"><img decoding=\"async\" alt=\"2024 forum opere misericordia bafia camerun spazio spadoni 3\" src=\"https:\/\/spaziospadoni.org\/wp-content\/uploads\/2026\/05\/2024_forum_opere_misericordia_bafia_camerun_spazio_spadoni-3.jpg\"\/><\/figure>\n\n\n<figure class=\"wp-block-image size-large forum-bafia\"><img decoding=\"async\" alt=\"2024 forum opere misericordia bafia camerun spazio spadoni 4\" src=\"https:\/\/spaziospadoni.org\/wp-content\/uploads\/2026\/05\/2024_forum_opere_misericordia_bafia_camerun_spazio_spadoni-4.jpg\"\/><\/figure>\n\n\n<figure class=\"wp-block-image size-large forum-bafia\"><img decoding=\"async\" alt=\"2024 forum opere misericordia bafia camerun spazio spadoni 5\" src=\"https:\/\/spaziospadoni.org\/wp-content\/uploads\/2026\/05\/2024_forum_opere_misericordia_bafia_camerun_spazio_spadoni-5.jpg\"\/><\/figure>\n\n\n<figure class=\"wp-block-image size-large forum-bafia\"><img decoding=\"async\" alt=\"2024 forum opere misericordia bafia camerun spazio spadoni 7\" src=\"https:\/\/spaziospadoni.org\/wp-content\/uploads\/2026\/05\/2024_forum_opere_misericordia_bafia_camerun_spazio_spadoni-7.jpg\"\/><\/figure>\n\n\n<figure class=\"wp-block-image size-large forum-bafia\"><img decoding=\"async\" alt=\"image e1778055798235\" src=\"https:\/\/spaziospadoni.org\/wp-content\/uploads\/2026\/05\/image-e1778055798235.png\"\/><\/figure>\n\n\n<figure class=\"wp-block-image size-large formazione\"><img decoding=\"async\" alt=\"2025 suor marie noelle diocesi bafia sensibilizzazione opere misericordia spazio spadoni operam 8\" src=\"https:\/\/spaziospadoni.org\/wp-content\/uploads\/2026\/05\/2025_suor_marie_noelle_diocesi_bafia_sensibilizzazione_opere_misericordia_spazio_spadoni_operam-8.jpg\"\/><\/figure>\n\n\n<figure class=\"wp-block-image size-large formazione\"><img decoding=\"async\" alt=\"2025 suor marie noelle diocesi bafia sensibilizzazione opere misericordia spazio spadoni operam 6\" src=\"https:\/\/spaziospadoni.org\/wp-content\/uploads\/2026\/05\/2025_suor_marie_noelle_diocesi_bafia_sensibilizzazione_opere_misericordia_spazio_spadoni_operam-6.jpg\"\/><\/figure>\n\n\n<figure class=\"wp-block-image size-large formazione\"><img decoding=\"async\" alt=\"2025 suor marie noelle diocesi bafia sensibilizzazione opere misericordia spazio spadoni operam 7\" src=\"https:\/\/spaziospadoni.org\/wp-content\/uploads\/2026\/05\/2025_suor_marie_noelle_diocesi_bafia_sensibilizzazione_opere_misericordia_spazio_spadoni_operam-7.jpg\"\/><\/figure>\n\n\n<figure class=\"wp-block-image size-large formazione\"><img decoding=\"async\" alt=\"2025 suor marie noelle diocesi bafia sensibilizzazione opere misericordia spazio spadoni operam 5\" src=\"https:\/\/spaziospadoni.org\/wp-content\/uploads\/2026\/05\/2025_suor_marie_noelle_diocesi_bafia_sensibilizzazione_opere_misericordia_spazio_spadoni_operam-5.jpg\"\/><\/figure>\n\n\n<figure class=\"wp-block-image size-large formazione\"><img decoding=\"async\" alt=\"2025 suor marie noelle diocesi bafia sensibilizzazione opere misericordia spazio spadoni operam 3\" src=\"https:\/\/spaziospadoni.org\/wp-content\/uploads\/2026\/05\/2025_suor_marie_noelle_diocesi_bafia_sensibilizzazione_opere_misericordia_spazio_spadoni_operam-3.jpg\"\/><\/figure>\n\n\n<figure class=\"wp-block-image size-large formazione\"><img decoding=\"async\" alt=\"2025 suor marie noelle diocesi bafia sensibilizzazione opere misericordia spazio spadoni operam 1\" src=\"https:\/\/spaziospadoni.org\/wp-content\/uploads\/2026\/05\/2025_suor_marie_noelle_diocesi_bafia_sensibilizzazione_opere_misericordia_spazio_spadoni_operam-1.jpg\"\/><\/figure>\n\n\n<figure class=\"wp-block-image size-large formazione\"><img decoding=\"async\" alt=\"2025 suor marie noelle diocesi bafia sensibilizzazione opere misericordia spazio spadoni operam 2\" src=\"https:\/\/spaziospadoni.org\/wp-content\/uploads\/2026\/05\/2025_suor_marie_noelle_diocesi_bafia_sensibilizzazione_opere_misericordia_spazio_spadoni_operam-2.jpg\"\/><\/figure>\n\n\n<figure class=\"wp-block-image size-large formazione\"><img decoding=\"async\" alt=\"2025 capo vocazionale opere misericordia spazio spadoni suor marie nielle operam camerunmp4 2\" src=\"https:\/\/spaziospadoni.org\/wp-content\/uploads\/2026\/05\/2025_capo_vocazionale_opere_misericordia_spazio_spadoni_suor_marie_nielle_operam_camerunmp4-2.jpg\"\/><\/figure>\n\n\n<figure class=\"wp-block-image size-large formazione\"><img decoding=\"async\" alt=\"2025 capo vocazionale opere misericordia spazio spadoni suor marie nielle operam camerunmp4 3\" src=\"https:\/\/spaziospadoni.org\/wp-content\/uploads\/2026\/05\/2025_capo_vocazionale_opere_misericordia_spazio_spadoni_suor_marie_nielle_operam_camerunmp4-3.jpg\"\/><\/figure>\n\n\n<figure class=\"wp-block-image size-large formazione\"><img decoding=\"async\" alt=\"2025 marzo 30 suor marie noelle pastorale parrocchia Saint Sebastien diocesi Bafia spaziospadoni opere misericordia\" src=\"https:\/\/spaziospadoni.org\/wp-content\/uploads\/2026\/05\/2025_marzo_30_suor_marie_noelle_pastorale_parrocchia_Saint-Sebastien-diocesi-Bafia_spaziospadoni_opere_misericordia.jpg\"\/><\/figure>\n\n\n<figure class=\"wp-block-image size-large formazione\"><img decoding=\"async\" alt=\"2025 31 ottobre suor marie noelle sensibilizzazione opere misericordia diocesi bafia spazio spadoni operam 2\" src=\"https:\/\/spaziospadoni.org\/wp-content\/uploads\/2026\/05\/2025_31_ottobre_suor_marie_noelle_sensibilizzazione_opere_misericordia_diocesi_bafia_spazio_spadoni_operam-2.jpg\"\/><\/figure>\n\n\n<figure class=\"wp-block-image size-large formazione\"><img decoding=\"async\" alt=\"2025 31 ottobre suor marie noelle sensibilizzazione opere misericordia diocesi bafia spazio spadoni operam 1\" src=\"https:\/\/spaziospadoni.org\/wp-content\/uploads\/2026\/05\/2025_31_ottobre_suor_marie_noelle_sensibilizzazione_opere_misericordia_diocesi_bafia_spazio_spadoni_operam-1.jpg\"\/><\/figure>\n\n\n<figure class=\"wp-block-image size-large formazione\"><img decoding=\"async\" alt=\"2025 31 ottobre suor marie noelle sensibilizzazione opere misericordia diocesi bafia spazio spadoni operam 3\" src=\"https:\/\/spaziospadoni.org\/wp-content\/uploads\/2026\/05\/2025_31_ottobre_suor_marie_noelle_sensibilizzazione_opere_misericordia_diocesi_bafia_spazio_spadoni_operam-3.jpg\"\/><\/figure>\n\n\n<figure class=\"wp-block-image size-large formazione\"><img decoding=\"async\" alt=\"2026 febbraio 23 suor marie noelle incontra prigione bafia visitare opera misericordia spazio spadoni 1\" src=\"https:\/\/spaziospadoni.org\/wp-content\/uploads\/2026\/05\/2026_febbraio_23_suor_marie_noelle_incontra_prigione_bafia_visitare_opera_misericordia_spazio_spadoni-1.jpeg\"\/><\/figure>\n\n\n<figure class=\"wp-block-image size-large formazione\"><img decoding=\"async\" alt=\"2026 A2\" src=\"https:\/\/spaziospadoni.org\/wp-content\/uploads\/2026\/05\/2026_A2.jpe\"\/><\/figure>\n\n\n<figure class=\"wp-block-image size-large formazione\"><img decoding=\"async\" alt=\"2026 A1\" src=\"https:\/\/spaziospadoni.org\/wp-content\/uploads\/2026\/05\/2026_A1.jpe\"\/><\/figure>\n\n\n<figure class=\"wp-block-image size-large formazione\"><img decoding=\"async\" alt=\"2026 maggio 2 suor marie noelle opere misericordia camerun doume spazio spadoni operam 7\" src=\"https:\/\/spaziospadoni.org\/wp-content\/uploads\/2026\/05\/2026_maggio_2_suor_marie_noelle_opere_misericordia_camerun_doume_spazio_spadoni_operam-7.jpeg\"\/><\/figure>\n\n\n<figure class=\"wp-block-image size-large formazione\"><img decoding=\"async\" alt=\"2026 maggio 2 suor marie noelle opere misericordia camerun doume spazio spadoni operam 6\" src=\"https:\/\/spaziospadoni.org\/wp-content\/uploads\/2026\/05\/2026_maggio_2_suor_marie_noelle_opere_misericordia_camerun_doume_spazio_spadoni_operam-6.jpeg\"\/><\/figure>\n\n\n<figure class=\"wp-block-image size-large formazione\"><img decoding=\"async\" alt=\"2026 maggio 2 suor marie noelle opere misericordia camerun doume spazio spadoni operam 5\" src=\"https:\/\/spaziospadoni.org\/wp-content\/uploads\/2026\/05\/2026_maggio_2_suor_marie_noelle_opere_misericordia_camerun_doume_spazio_spadoni_operam-5.jpeg\"\/><\/figure>\n\n\n<figure class=\"wp-block-image size-large formazione\"><img decoding=\"async\" alt=\"2026 maggio 2 suor marie noelle opere misericordia camerun doume spazio spadoni operam 4\" src=\"https:\/\/spaziospadoni.org\/wp-content\/uploads\/2026\/05\/2026_maggio_2_suor_marie_noelle_opere_misericordia_camerun_doume_spazio_spadoni_operam-4.jpeg\"\/><\/figure>\n\n\n<figure class=\"wp-block-image size-large formazione\"><img decoding=\"async\" alt=\"2026 maggio 2 suor marie noelle opere misericordia camerun doume spazio spadoni operam 3\" src=\"https:\/\/spaziospadoni.org\/wp-content\/uploads\/2026\/05\/2026_maggio_2_suor_marie_noelle_opere_misericordia_camerun_doume_spazio_spadoni_operam-3.jpeg\"\/><\/figure>\n\n\n<figure class=\"wp-block-image size-large formazione\"><img decoding=\"async\" alt=\"2026 maggio 2 suor marie noelle opere misericordia camerun doume spazio spadoni operam 2\" src=\"https:\/\/spaziospadoni.org\/wp-content\/uploads\/2026\/05\/2026_maggio_2_suor_marie_noelle_opere_misericordia_camerun_doume_spazio_spadoni_operam-2.jpeg\"\/><\/figure>\n\n\n<figure class=\"wp-block-image size-large formazione\"><img decoding=\"async\" alt=\"2026 maggio 2 suor marie noelle opere misericordia camerun doume spazio spadoni operam 1\" src=\"https:\/\/spaziospadoni.org\/wp-content\/uploads\/2026\/05\/2026_maggio_2_suor_marie_noelle_opere_misericordia_camerun_doume_spazio_spadoni_operam-1.jpeg\"\/><\/figure>\n\n<\/figure>\n\n\n<div class=\"gb-element-b24bbf5e ss-media-videos\">\n\n<figure class=\"wp-block-video video\"><video controls=\"\" src=\"https:\/\/spaziospadoni.org\/wp-content\/uploads\/2026\/05\/2025_capo_vocazionale_opere_misericordia_spazio_spadoni_suor_marie_nielle_operam_camerunmp4-1.mp4\"><\/video><figcaption class=\"wp-element-caption\">2025 capo vocazionale opere misericordia spazio spadoni suor marie nielle operam camerunmp4 1<\/figcaption><\/figure>\n\n\n<figure class=\"wp-block-video video\"><video controls=\"\" src=\"https:\/\/spaziospadoni.org\/wp-content\/uploads\/2026\/05\/2025_suor_marie_noelle_diocesi_bafia_sensibilizzazione_opere_misericordia_spazio_spadoni_operam-1.mp4\"><\/video><figcaption class=\"wp-element-caption\">2025 suor marie noelle diocesi bafia sensibilizzazione opere misericordia spazio spadoni operam 1<\/figcaption><\/figure>\n\n\n<figure class=\"wp-block-video video\"><video controls=\"\" src=\"https:\/\/spaziospadoni.org\/wp-content\/uploads\/2026\/05\/2026_febbraio_23_suor_marie_noelle_incontra_prigione_bafia_visitare_opera_misericordia_spazio_spadoni-2.mp4\"><\/video><figcaption class=\"wp-element-caption\">2026 febbraio 23 suor marie noelle incontra prigione bafia visitare opera misericordia spazio spadoni 2<\/figcaption><\/figure>\n\n\n<figure class=\"wp-block-video video\"><video controls=\"\" src=\"https:\/\/spaziospadoni.org\/wp-content\/uploads\/2026\/05\/2026_febbraio_23_suor_marie_noelle_incontra_prigione_bafia_visitare_opera_misericordia_spazio_spadoni-1.mp4\"><\/video><figcaption class=\"wp-element-caption\">2026 febbraio 23 suor marie noelle incontra prigione bafia visitare opera misericordia spazio spadoni 1<\/figcaption><\/figure>\n\n\n<figure class=\"wp-block-video video\"><video controls=\"\" src=\"https:\/\/spaziospadoni.org\/wp-content\/uploads\/2026\/05\/2026_A1.mp4\"><\/video><figcaption class=\"wp-element-caption\">2026 A1<\/figcaption><\/figure>\n\n\n<figure class=\"wp-block-video video\"><video controls=\"\" src=\"https:\/\/spaziospadoni.org\/wp-content\/uploads\/2026\/05\/2026_A2.mp4\"><\/video><figcaption class=\"wp-element-caption\">2026 A2<\/figcaption><\/figure>\n\n<\/div>\n\n<\/div>\n\n<\/div>\n\n<\/div>\n\n","protected":false},"excerpt":{"rendered":"<p>Bafia | Bafia (Camer\u00fan) OPERA M29 MISI\u00d3N Lugar Bafia Di\u00f3cesis Bafia Pa\u00eds Camer\u00fan Continente \u00c1frica Coordenadas GPS 4.75463 11.22425 Zona horaria UTC+1 ORGANIZADOR Congregaci\u00f3n Congregazione Missionaria Sorelle di Santa Gemma Casa Madre Camigliano Santa Gemma (LU) Di\u00f3cesis Di\u00f3cesis de Bafia Pa\u00eds Camer\u00fan Continente \u00c1frica Fiesta de la Congregaci\u00f3n 26 de agosto Coordenadas GPS 43.86272 10.61067 &#8230; <a title=\"\u00c1frica | Proyecto M29\" class=\"read-more\" href=\"https:\/\/spaziospadoni.org\/es\/opera-m\/africa-proyecto-m29\/\" aria-label=\"Read more about \u00c1frica | Proyecto M29\">Leer m\u00e1s<\/a><\/p>\n","protected":false},"author":102,"featured_media":0,"parent":89580,"menu_order":0,"comment_status":"closed","ping_status":"closed","template":"","meta":{"_sitemap_exclude":false,"_sitemap_priority":"","_sitemap_frequency":"","footnotes":""},"class_list":["post-79784","page","type-page","status-publish","infinite-scroll-item"],"yoast_head":"<!-- This site is optimized with the Yoast SEO plugin v28.4 - https:\/\/yoast.com\/product\/yoast-seo-wordpress\/ -->\n<title>\u00c1frica | Proyecto M29 | Spazio Spadoni<\/title>\n<meta name=\"description\" content=\"Bafia | Bafia (Camer\u00fan) OPERA M29 MISI\u00d3N Lugar Bafia Di\u00f3cesis Bafia Pa\u00eds Camer\u00fan Continente \u00c1frica Coordenadas GPS 4.75463 11.22425 Zona horaria UTC+1\" \/>\n<meta name=\"robots\" content=\"index, follow, max-snippet:-1, max-image-preview:large, max-video-preview:-1\" \/>\n<link rel=\"canonical\" href=\"https:\/\/spaziospadoni.org\/es\/opera-m\/africa-proyecto-m29\/\" \/>\n<meta property=\"og:locale\" content=\"es_ES\" \/>\n<meta property=\"og:type\" content=\"article\" \/>\n<meta property=\"og:title\" content=\"\u00c1frica | Proyecto M29 | Spazio Spadoni\" \/>\n<meta property=\"og:description\" content=\"Bafia | Bafia (Camer\u00fan) OPERA M29 MISI\u00d3N Lugar Bafia Di\u00f3cesis Bafia Pa\u00eds Camer\u00fan Continente \u00c1frica Coordenadas GPS 4.75463 11.22425 Zona horaria UTC+1\" \/>\n<meta property=\"og:url\" content=\"https:\/\/spaziospadoni.org\/es\/opera-m\/africa-proyecto-m29\/\" \/>\n<meta property=\"og:site_name\" content=\"spazio + spadoni\" \/>\n<meta property=\"article:publisher\" content=\"https:\/\/www.facebook.com\/SpazioSpadoni\/\" \/>\n<meta property=\"article:modified_time\" content=\"2026-07-29T12:45:45+00:00\" \/>\n<meta property=\"og:image\" content=\"https:\/\/spaziospadoni.org\/wp-content\/uploads\/2026\/05\/hicsum_1_congo-spaziospadoni-scaled.png\" \/>\n\t<meta property=\"og:image:width\" content=\"2560\" \/>\n\t<meta property=\"og:image:height\" content=\"1771\" \/>\n\t<meta property=\"og:image:type\" content=\"image\/png\" \/>\n<meta name=\"twitter:card\" content=\"summary_large_image\" \/>\n<meta name=\"twitter:label1\" content=\"Est. reading time\" \/>\n\t<meta name=\"twitter:data1\" content=\"14 minutes\" \/>\n<script type=\"application\/ld+json\" class=\"yoast-schema-graph\">{\"@context\":\"https:\\\/\\\/schema.org\",\"@graph\":[{\"@type\":\"WebPage\",\"@id\":\"https:\\\/\\\/spaziospadoni.org\\\/es\\\/opera-m\\\/africa-proyecto-m29\\\/\",\"url\":\"https:\\\/\\\/spaziospadoni.org\\\/es\\\/opera-m\\\/africa-proyecto-m29\\\/\",\"name\":\"\u00c1frica | Proyecto M29 | Spazio Spadoni\",\"isPartOf\":{\"@id\":\"https:\\\/\\\/spaziospadoni.org\\\/es\\\/#website\"},\"primaryImageOfPage\":{\"@id\":\"https:\\\/\\\/spaziospadoni.org\\\/es\\\/opera-m\\\/africa-proyecto-m29\\\/#primaryimage\"},\"image\":{\"@id\":\"https:\\\/\\\/spaziospadoni.org\\\/es\\\/opera-m\\\/africa-proyecto-m29\\\/#primaryimage\"},\"thumbnailUrl\":\"https:\\\/\\\/spaziospadoni.org\\\/wp-content\\\/uploads\\\/2026\\\/05\\\/hicsum_28_rwanda-spaziospadoni-scaled.png\",\"datePublished\":\"2026-05-18T10:24:52+00:00\",\"dateModified\":\"2026-07-29T12:45:45+00:00\",\"description\":\"Bafia | Bafia (Camer\u00fan) OPERA M29 MISI\u00d3N Lugar Bafia Di\u00f3cesis Bafia Pa\u00eds Camer\u00fan Continente \u00c1frica Coordenadas GPS 4.75463 11.22425 Zona horaria UTC+1\",\"breadcrumb\":{\"@id\":\"https:\\\/\\\/spaziospadoni.org\\\/es\\\/opera-m\\\/africa-proyecto-m29\\\/#breadcrumb\"},\"inLanguage\":\"es-ES\",\"potentialAction\":[{\"@type\":\"ReadAction\",\"target\":[\"https:\\\/\\\/spaziospadoni.org\\\/es\\\/opera-m\\\/africa-proyecto-m29\\\/\"]}]},{\"@type\":\"ImageObject\",\"inLanguage\":\"es-ES\",\"@id\":\"https:\\\/\\\/spaziospadoni.org\\\/es\\\/opera-m\\\/africa-proyecto-m29\\\/#primaryimage\",\"url\":\"https:\\\/\\\/spaziospadoni.org\\\/wp-content\\\/uploads\\\/2026\\\/05\\\/hicsum_28_rwanda-spaziospadoni-scaled.png\",\"contentUrl\":\"https:\\\/\\\/spaziospadoni.org\\\/wp-content\\\/uploads\\\/2026\\\/05\\\/hicsum_28_rwanda-spaziospadoni-scaled.png\"},{\"@type\":\"BreadcrumbList\",\"@id\":\"https:\\\/\\\/spaziospadoni.org\\\/es\\\/opera-m\\\/africa-proyecto-m29\\\/#breadcrumb\",\"itemListElement\":[{\"@type\":\"ListItem\",\"position\":1,\"name\":\"Home\",\"item\":\"https:\\\/\\\/spaziospadoni.org\\\/es\\\/\"},{\"@type\":\"ListItem\",\"position\":2,\"name\":\"Obras de Misericordia\",\"item\":\"https:\\\/\\\/spaziospadoni.org\\\/es\\\/obras-de-misericordia\\\/\"},{\"@type\":\"ListItem\",\"position\":3,\"name\":\"\u00c1frica | Proyecto M29\"}]},{\"@type\":\"WebSite\",\"@id\":\"https:\\\/\\\/spaziospadoni.org\\\/es\\\/#website\",\"url\":\"https:\\\/\\\/spaziospadoni.org\\\/es\\\/\",\"name\":\"spazio + spadoni\",\"description\":\"Generazione di misericordia e missione nel mondo\",\"publisher\":{\"@id\":\"https:\\\/\\\/spaziospadoni.org\\\/es\\\/#organization\"},\"alternateName\":\"spaziospadoni.org\",\"potentialAction\":[{\"@type\":\"SearchAction\",\"target\":{\"@type\":\"EntryPoint\",\"urlTemplate\":\"https:\\\/\\\/spaziospadoni.org\\\/es\\\/?s={search_term_string}\"},\"query-input\":{\"@type\":\"PropertyValueSpecification\",\"valueRequired\":true,\"valueName\":\"search_term_string\"}}],\"inLanguage\":\"es-ES\"},{\"@type\":\"Organization\",\"@id\":\"https:\\\/\\\/spaziospadoni.org\\\/es\\\/#organization\",\"name\":\"spazio + spadoni\",\"alternateName\":\"spaziospadoni.org\",\"url\":\"https:\\\/\\\/spaziospadoni.org\\\/es\\\/\",\"logo\":{\"@type\":\"ImageObject\",\"inLanguage\":\"es-ES\",\"@id\":\"https:\\\/\\\/spaziospadoni.org\\\/es\\\/#\\\/schema\\\/logo\\\/image\\\/\",\"url\":\"https:\\\/\\\/spaziospadoni.org\\\/wp-content\\\/uploads\\\/2026\\\/05\\\/spazio-spadoni-logo-100x100-1.webp\",\"contentUrl\":\"https:\\\/\\\/spaziospadoni.org\\\/wp-content\\\/uploads\\\/2026\\\/05\\\/spazio-spadoni-logo-100x100-1.webp\",\"width\":100,\"height\":100,\"caption\":\"spazio + spadoni\"},\"image\":{\"@id\":\"https:\\\/\\\/spaziospadoni.org\\\/es\\\/#\\\/schema\\\/logo\\\/image\\\/\"},\"sameAs\":[\"https:\\\/\\\/www.facebook.com\\\/SpazioSpadoni\\\/\",\"https:\\\/\\\/www.instagram.com\\\/spaziospadoni\\\/\",\"https:\\\/\\\/www.youtube.com\\\/@spaziospadoni\\\/playlists\"]}]}<\/script>\n<!-- \/ Yoast SEO plugin. -->","yoast_head_json":{"title":"\u00c1frica | Proyecto M29 | Spazio Spadoni","description":"Bafia | Bafia (Camer\u00fan) OPERA M29 MISI\u00d3N Lugar Bafia Di\u00f3cesis Bafia Pa\u00eds Camer\u00fan Continente \u00c1frica Coordenadas GPS 4.75463 11.22425 Zona horaria UTC+1","robots":{"index":"index","follow":"follow","max-snippet":"max-snippet:-1","max-image-preview":"max-image-preview:large","max-video-preview":"max-video-preview:-1"},"canonical":"https:\/\/spaziospadoni.org\/es\/opera-m\/africa-proyecto-m29\/","og_locale":"es_ES","og_type":"article","og_title":"\u00c1frica | Proyecto M29 | Spazio Spadoni","og_description":"Bafia | Bafia (Camer\u00fan) OPERA M29 MISI\u00d3N Lugar Bafia Di\u00f3cesis Bafia Pa\u00eds Camer\u00fan Continente \u00c1frica Coordenadas GPS 4.75463 11.22425 Zona horaria UTC+1","og_url":"https:\/\/spaziospadoni.org\/es\/opera-m\/africa-proyecto-m29\/","og_site_name":"spazio + spadoni","article_publisher":"https:\/\/www.facebook.com\/SpazioSpadoni\/","article_modified_time":"2026-07-29T12:45:45+00:00","og_image":[{"width":2560,"height":1771,"url":"https:\/\/spaziospadoni.org\/wp-content\/uploads\/2026\/05\/hicsum_1_congo-spaziospadoni-scaled.png","type":"image\/png"}],"twitter_card":"summary_large_image","twitter_misc":{"Est. reading time":"14 minutes"},"schema":{"@context":"https:\/\/schema.org","@graph":[{"@type":"WebPage","@id":"https:\/\/spaziospadoni.org\/es\/opera-m\/africa-proyecto-m29\/","url":"https:\/\/spaziospadoni.org\/es\/opera-m\/africa-proyecto-m29\/","name":"\u00c1frica | Proyecto M29 | Spazio Spadoni","isPartOf":{"@id":"https:\/\/spaziospadoni.org\/es\/#website"},"primaryImageOfPage":{"@id":"https:\/\/spaziospadoni.org\/es\/opera-m\/africa-proyecto-m29\/#primaryimage"},"image":{"@id":"https:\/\/spaziospadoni.org\/es\/opera-m\/africa-proyecto-m29\/#primaryimage"},"thumbnailUrl":"https:\/\/spaziospadoni.org\/wp-content\/uploads\/2026\/05\/hicsum_28_rwanda-spaziospadoni-scaled.png","datePublished":"2026-05-18T10:24:52+00:00","dateModified":"2026-07-29T12:45:45+00:00","description":"Bafia | Bafia (Camer\u00fan) OPERA M29 MISI\u00d3N Lugar Bafia Di\u00f3cesis Bafia Pa\u00eds Camer\u00fan Continente \u00c1frica Coordenadas GPS 4.75463 11.22425 Zona horaria UTC+1","breadcrumb":{"@id":"https:\/\/spaziospadoni.org\/es\/opera-m\/africa-proyecto-m29\/#breadcrumb"},"inLanguage":"es-ES","potentialAction":[{"@type":"ReadAction","target":["https:\/\/spaziospadoni.org\/es\/opera-m\/africa-proyecto-m29\/"]}]},{"@type":"ImageObject","inLanguage":"es-ES","@id":"https:\/\/spaziospadoni.org\/es\/opera-m\/africa-proyecto-m29\/#primaryimage","url":"https:\/\/spaziospadoni.org\/wp-content\/uploads\/2026\/05\/hicsum_28_rwanda-spaziospadoni-scaled.png","contentUrl":"https:\/\/spaziospadoni.org\/wp-content\/uploads\/2026\/05\/hicsum_28_rwanda-spaziospadoni-scaled.png"},{"@type":"BreadcrumbList","@id":"https:\/\/spaziospadoni.org\/es\/opera-m\/africa-proyecto-m29\/#breadcrumb","itemListElement":[{"@type":"ListItem","position":1,"name":"Home","item":"https:\/\/spaziospadoni.org\/es\/"},{"@type":"ListItem","position":2,"name":"Obras de Misericordia","item":"https:\/\/spaziospadoni.org\/es\/obras-de-misericordia\/"},{"@type":"ListItem","position":3,"name":"\u00c1frica | Proyecto M29"}]},{"@type":"WebSite","@id":"https:\/\/spaziospadoni.org\/es\/#website","url":"https:\/\/spaziospadoni.org\/es\/","name":"spazio + spadoni","description":"Generazione di misericordia e missione nel mondo","publisher":{"@id":"https:\/\/spaziospadoni.org\/es\/#organization"},"alternateName":"spaziospadoni.org","potentialAction":[{"@type":"SearchAction","target":{"@type":"EntryPoint","urlTemplate":"https:\/\/spaziospadoni.org\/es\/?s={search_term_string}"},"query-input":{"@type":"PropertyValueSpecification","valueRequired":true,"valueName":"search_term_string"}}],"inLanguage":"es-ES"},{"@type":"Organization","@id":"https:\/\/spaziospadoni.org\/es\/#organization","name":"spazio + spadoni","alternateName":"spaziospadoni.org","url":"https:\/\/spaziospadoni.org\/es\/","logo":{"@type":"ImageObject","inLanguage":"es-ES","@id":"https:\/\/spaziospadoni.org\/es\/#\/schema\/logo\/image\/","url":"https:\/\/spaziospadoni.org\/wp-content\/uploads\/2026\/05\/spazio-spadoni-logo-100x100-1.webp","contentUrl":"https:\/\/spaziospadoni.org\/wp-content\/uploads\/2026\/05\/spazio-spadoni-logo-100x100-1.webp","width":100,"height":100,"caption":"spazio + spadoni"},"image":{"@id":"https:\/\/spaziospadoni.org\/es\/#\/schema\/logo\/image\/"},"sameAs":["https:\/\/www.facebook.com\/SpazioSpadoni\/","https:\/\/www.instagram.com\/spaziospadoni\/","https:\/\/www.youtube.com\/@spaziospadoni\/playlists"]}]}},"_links":{"self":[{"href":"https:\/\/spaziospadoni.org\/es\/wp-json\/wp\/v2\/pages\/79784","targetHints":{"allow":["GET"]}}],"collection":[{"href":"https:\/\/spaziospadoni.org\/es\/wp-json\/wp\/v2\/pages"}],"about":[{"href":"https:\/\/spaziospadoni.org\/es\/wp-json\/wp\/v2\/types\/page"}],"author":[{"embeddable":true,"href":"https:\/\/spaziospadoni.org\/es\/wp-json\/wp\/v2\/users\/102"}],"replies":[{"embeddable":true,"href":"https:\/\/spaziospadoni.org\/es\/wp-json\/wp\/v2\/comments?post=79784"}],"version-history":[{"count":0,"href":"https:\/\/spaziospadoni.org\/es\/wp-json\/wp\/v2\/pages\/79784\/revisions"}],"up":[{"embeddable":true,"href":"https:\/\/spaziospadoni.org\/es\/wp-json\/wp\/v2\/pages\/89580"}],"wp:attachment":[{"href":"https:\/\/spaziospadoni.org\/es\/wp-json\/wp\/v2\/media?parent=79784"}],"curies":[{"name":"wp","href":"https:\/\/api.w.org\/{rel}","templated":true}]}}