{"id":80168,"date":"2026-05-18T11:30:38","date_gmt":"2026-05-18T10:30:38","guid":{"rendered":"https:\/\/spaziospadoni.org\/obras-de-misericordia\/costa-davorio-africa-progetto-m5\/"},"modified":"2026-07-30T10:46:10","modified_gmt":"2026-07-30T09:46:10","slug":"costa-de-marfil-africa-proyecto-m5","status":"publish","type":"page","link":"https:\/\/spaziospadoni.org\/es\/opera-m\/costa-de-marfil-africa-proyecto-m5\/","title":{"rendered":"Costa de Marfil &#8211; \u00c1frica | Proyecto M5"},"content":{"rendered":"\n<div class=\"ss-project-hero-card\">\n<h2 id=\"sago-san-pedro-cote-dx27ivoire\" class=\"gb-text gb-text-62a95885\">Sago | San P\u00e9dro (C\u00f4te d&#x27;Ivoire)<\/h2>\n\n\n\n<div class=\"gb-element-f60f2409\">\n<div class=\"gb-element-90a85740 ss-project-sidebar\">\n<h2 id=\"opera-m5\" class=\"gb-text ss-project-title\">OPERA M5<\/h2>\n\n\n\n<figure class=\"wp-block-image size-large\"><img decoding=\"async\" src=\"https:\/\/spaziospadoni.org\/wp-content\/uploads\/2026\/05\/hicsum_9_costa_davorio-spaziospadoni-scaled.png\" alt=\"hicsum 9 costa davorio spaziospadoni 400x277\" class=\"wp-image-43007\"\/><\/figure>\n\n\n\n<div class=\"ss-project-table\">\n<div class=\"ss-table-section-title\">\n<h3 id=\"mision\" class=\"gb-text\">MISI\u00d3N<\/h3>\n<\/div>\n\n\n\n<div class=\"ss-table-row\">\n<p class=\"gb-text\">Lugar<\/p>\n\n\n\n<p class=\"gb-text\"><a href=\"https:\/\/www.google.it\/maps\/place\/San+P%C3%A9dro,+Costa+d'Avorio\/@4.7588968,-6.6958886,13z\/data=!3m1!4b1!4m6!3m5!1s0xf9613979c0479b5:0xb818c2a383cc2f8f!8m2!3d4.7483699!4d-6.6357778!16zL20vMDU2a3Jk?entry=ttu&#038;g_ep=EgoyMDI1MDMyNS4xIKXMDSoJLDEwMjExNjM5SAFQAw%3D%3D\" rel=\"noreferrer noopener\" target=\"_blank\" title=\"Sago\">Sago<\/a><\/p>\n<\/div>\n\n\n\n<div class=\"ss-table-row\">\n<p class=\"gb-text\">Di\u00f3cesis<\/p>\n\n\n\n<p class=\"gb-text\">San P\u00e9dro<\/p>\n<\/div>\n\n\n\n<div class=\"ss-table-row\">\n<p class=\"gb-text\">Pa\u00eds<\/p>\n\n\n\n<p class=\"gb-text\"><strong>Costa de Marfil<\/strong><\/p>\n<\/div>\n\n\n\n<div class=\"ss-table-row\">\n<p class=\"gb-text\">Continente<\/p>\n\n\n\n<p class=\"gb-text\">Africa<\/p>\n<\/div>\n\n\n\n<div class=\"ss-table-row\">\n<p class=\"gb-text\">Coordenadas GPS<\/p>\n\n\n\n<p class=\"gb-text\">4.94709 -6.08767<\/p>\n<\/div>\n\n\n\n<div class=\"ss-table-row\">\n<p class=\"gb-text\">Huso horario<\/p>\n\n\n\n<p class=\"gb-text\">UTC+0<\/p>\n<\/div>\n<\/div>\n\n\n\n<div class=\"ss-project-table\">\n<div class=\"ss-table-section-title\">\n<h3 id=\"organizador\" class=\"gb-text\">ORGANIZADOR<\/h3>\n<\/div>\n\n\n\n<div class=\"ss-table-row\">\n<p class=\"gb-text\">Congregaci\u00f3n<\/p>\n\n\n\n<p class=\"gb-text\">Congregazione Missionaria Sorelle di Santa Gemma<\/p>\n<\/div>\n\n\n\n<div class=\"ss-table-row\">\n<p class=\"gb-text\">Casa Madre<\/p>\n\n\n\n<p class=\"gb-text\">Camigliano Santa Gemma (LU)<\/p>\n<\/div>\n\n\n\n<div class=\"ss-table-row\">\n<p class=\"gb-text\">Di\u00f3cesis<\/p>\n\n\n\n<p class=\"gb-text\">Lucca<\/p>\n<\/div>\n\n\n\n<div class=\"ss-table-row\">\n<p class=\"gb-text\">Pa\u00eds<\/p>\n\n\n\n<p class=\"gb-text\">Italia<\/p>\n<\/div>\n\n\n\n<div class=\"ss-table-row\">\n<p class=\"gb-text\">Continente<\/p>\n\n\n\n<p class=\"gb-text\">Europa<\/p>\n<\/div>\n\n\n\n<div class=\"ss-table-row\">\n<p class=\"gb-text\">Fiesta de la Congregaci\u00f3n<\/p>\n\n\n\n<p class=\"gb-text\">26 de agosto<\/p>\n<\/div>\n\n\n\n<div class=\"ss-table-row\">\n<p class=\"gb-text\">Coordenadas GPS<\/p>\n\n\n\n<p class=\"gb-text\">43.86272 10.61067<\/p>\n<\/div>\n\n\n\n<div class=\"ss-table-row\">\n<p class=\"gb-text\">Huso horario<\/p>\n\n\n\n<p class=\"gb-text\">UTC+1<\/p>\n<\/div>\n\n\n\n<div class=\"ss-table-row\">\n<p class=\"gb-text\">Persona de referencia<\/p>\n\n\n\n<p class=\"gb-text\">Hermana Bernadette Wasso<\/p>\n<\/div>\n\n\n\n<div class=\"ss-table-row\">\n<p class=\"gb-text\">Madre General<\/p>\n\n\n\n<p class=\"gb-text\">Hermana Elisabetta Giussani<\/p>\n<\/div>\n\n\n\n<div class=\"ss-table-row\">\n<p class=\"gb-text\">Sitio web<\/p>\n\n\n\n<p class=\"gb-text\"><a href=\"https:\/\/www.suoresantagemma.it\/\" target=\"_blank\" rel=\"noreferrer noopener\" title=\"suoresantagemma.it\">suoresantagemma.it<\/a><\/p>\n<\/div>\n<\/div>\n\n\n\n<div class=\"ss-project-table\">\n<a class=\"gb-element-e1766596 ss-table-section-button\" href=\"#\" title=\"OPERA M &#8211; PROYECTO M5\">\n<span class=\"gb-text\">OPERA M &#8211; PROYECTO M5<\/span>\n<\/a>\n<\/div>\n<\/div>\n<\/div>\n\n\n\n<div class=\"gb-element-6ad95ea8\">\n<div class=\"gb-element-e34063a6 ss-project-intro\">\n<p class=\"wp-block-paragraph\">OPERA M es la revoluci\u00f3n de las obras de misericordia. Es el instrumento permanente para desarrollar un pensamiento s\u00f3lido y renovado sobre las obras en el mundo.<\/p>\n\n\n\n<p class=\"wp-block-paragraph\">Nace de una necesidad profundamente sentida por spazio + spadoni de r<strong>E<\/strong>volucionar el concepto de obra de misericordia como un camino que es siempre humano y divino al mismo tiempo y, por tanto, siempre espiritual adem\u00e1s de pr\u00e1ctico (o corporal). El redescubrimiento, m\u00e1s a\u00fan, la verdadera r<strong>E<\/strong>voluci\u00f3n de las obras debe reencontrarse dentro de esta s\u00edntesis entre el aspecto espiritual y el acto pr\u00e1ctico. La acci\u00f3n material siempre debe estar impregnada por el esp\u00edritu.<\/p>\n\n\n\n<p class=\"wp-block-paragraph\">OPERA M se basa en cinco acciones que definen su m\u00e9todo: INVOCA, llama al Esp\u00edritu ESCUCHA, guarda silencio para abrirte a la escucha ENCUENTRA, permanece entre la gente ACTUEMOS, actuar por las obras INUNDEMOS, llevemos a todos a las Obras de Misericordia <strong>Obras de Misericordia espirituales<\/strong> Dar consejo al que lo necesita Ense\u00f1ar al que no sabe Corregir al que se equivoca Consolar al triste Perdonar las ofensas Sufrir con paciencia los defectos de los dem\u00e1s Rogar a Dios por los vivos y los difuntos <strong>Obras de Misericordia corporales<\/strong> Dar de comer al hambriento Dar de beber al sediento Vestir al desnudo Dar posada al peregrino Visitar a los enfermos Visitar a los presos Enterrar a los muertos<\/p>\n\n<\/div>\n<\/div>\n\n\n\n\n<div>\n\n<h2 id=\"timeline\" class=\"gb-text gb-text-8179e40a\">Timeline<\/h2>\n\n\n\n\n\n<div class=\"ss-timeline\">\n\n<h3 id=\"2020\" class=\"gb-text\">2020<\/h3>\n\n\n\n\n\n<div class=\"ss-timeline-item\">\n\n<h4 id=\"30-de-noviembre-inicio-de-la-formacion\" class=\"gb-text\">30 de noviembre | Inicio de la formaci\u00f3n<\/h4>\n\n\n\n\n<p class=\"wp-block-paragraph\">Lazzarino, el misionero laico, comienza su periodo de formaci\u00f3n en la Misericordia di Pian di Coreglia, en la provincia de Lucca. Debido a los problemas relacionados con la pandemia, continuar\u00e1 la formaci\u00f3n en la Misericordia di Marlia<\/p>\n\n\n\n<figure class=\"wp-block-gallery has-nested-images columns-1 is-cropped ss-lightbox wp-block-gallery-1 is-layout-flex wp-block-gallery-is-layout-flex\">\n\n<figure class=\"wp-block-image size-large\"><img decoding=\"async\" src=\"https:\/\/spaziospadoni.org\/wp-content\/uploads\/2026\/05\/2020_novembre_hic_sum_9_lazzarino_sorelle_santa_gemma_misericordia_marlia_formazione_pronto_soccorso_spazio_spadoni-3-300x225.jpg\" alt=\"2020 novembre hic sum 9 lazzarino sorelle santa gemma misericordia marlia formazione pronto soccorso spazio spadoni 3 300x225\"\/><figcaption class=\"wp-element-caption\">30 de noviembre | Inicio de la formaci\u00f3n<\/figcaption><\/figure>\n\n<\/figure>\n\n\n<\/div>\n\n\n\n\n<div class=\"ss-timeline-item\">\n\n<h4 id=\"noviembre-y-diciembre-formacion\" class=\"gb-text\">Noviembre y diciembre | Formaci\u00f3n<\/h4>\n\n\n\n\n<p class=\"wp-block-paragraph\">De noviembre de 2020 a abril de 2021, Lazzarino centr\u00f3 toda su formaci\u00f3n en aprender el carisma del voluntariado propio de las Misericordie italianas, las Obras de Misericordia y la misi\u00f3n de spazio + spadoni y de OPERA M. Adem\u00e1s, profundiz\u00f3 en algunos aspectos t\u00e9cnicos del proyecto HIC SUM y en las t\u00e9cnicas de primeros auxilios.<\/p>\n\n\n<\/div>\n\n\n<\/div>\n\n\n\n\n<div class=\"ss-timeline\">\n\n<h3 id=\"2021\" class=\"gb-text\">2021<\/h3>\n\n\n\n\n\n<div class=\"ss-timeline-item\">\n\n<h4 id=\"15-de-julio-partida-del-misionero-laico\" class=\"gb-text\">15 de julio | Partida del misionero laico<\/h4>\n\n\n\n\n<p class=\"wp-block-paragraph\">Lazzarino llega a Sago, en Costa de Marfil, a la comunidad de las Sorelle di Santa Gemma<\/p>\n\n\n<\/div>\n\n\n\n\n<div class=\"ss-timeline-item\">\n\n<h4 id=\"07-de-octubre-regreso-del-misionero-laico\" class=\"gb-text\">07 de octubre | Regreso del misionero laico<\/h4>\n\n\n\n\n<p class=\"wp-block-paragraph\">Lazzarino regresa a Italia<\/p>\n\n\n<\/div>\n\n\n<\/div>\n\n\n\n\n<div class=\"ss-timeline\">\n\n<h3 id=\"2024\" class=\"gb-text\">2024<\/h3>\n\n\n\n\n\n<div class=\"ss-timeline-item\">\n\n<h4 id=\"junio-lema-de-spazio-spadoni\" class=\"gb-text\">Junio | Lema de spazio + spadoni<\/h4>\n\n\n\n\n<p class=\"wp-block-paragraph\">La presencia de la Madre General en Sago es l&#x27;oportunidad para dar a conocer a los miembros de spazio + spadoni el lema del Movimiento &quot;La misericordia de Dios est\u00e1 en l&#x27;acci\u00f3n&#8230; \u00a1Siempre!&quot;<\/p>\n\n\n<\/div>\n\n\n\n\n<div class=\"ss-timeline-item\">\n\n<h4 id=\"noviembre-miembros-de-spazio-spadoni\" class=\"gb-text\">Noviembre | Miembros de spazio + spadoni<\/h4>\n\n\n\n\n<p class=\"wp-block-paragraph\">Los miembros de spazio + spadoni, junto con Selene, que se encuentra en Sago durante un mes, se re\u00fanen como cada semana y viven las Obras de Misericordia en el pueblo a trav\u00e9s d&#x27;el apostolado<\/p>\n\n\n\n<figure class=\"wp-block-gallery has-nested-images columns-1 is-cropped ss-lightbox wp-block-gallery-2 is-layout-flex wp-block-gallery-is-layout-flex\">\n\n<figure class=\"wp-block-image size-large\"><img decoding=\"async\" src=\"https:\/\/spaziospadoni.org\/wp-content\/uploads\/2026\/05\/novembre_2024_costa_avorio_sago_apostolato_volontari_volontariato_opere_misericordia_suore_santa_gemma_spazio_spadoni-2-scaled.jpg\" alt=\"novembre 2024 costa avorio sago apostolato volontari volontariato opere misericordia suore santa gemma spazio spadoni 2 scaled\"\/><figcaption class=\"wp-element-caption\">Noviembre | Miembros de spazio + spadoni<\/figcaption><\/figure>\n\n<\/figure>\n\n\n<\/div>\n\n\n<\/div>\n\n\n\n\n<div class=\"ss-timeline\">\n\n<h3 id=\"2025\" class=\"gb-text\">2025<\/h3>\n\n\n\n\n\n<div class=\"ss-timeline-item\">\n\n<h4 id=\"07-de-enero-placa-de-spazio-spadoni\" class=\"gb-text\">07 de enero | Placa de spazio + spadoni<\/h4>\n\n\n\n\n<p class=\"wp-block-paragraph\">La colocaci\u00f3n de la placa de OPERA M es un signo distintivo d&#x27;el compromiso de la Congregaci\u00f3n y de todos los miembros de spazio + spadoni en Sago por difundir las Obras de Misericordia, darlas a conocer y practicarlas a trav\u00e9s d&#x27;el apostolado<\/p>\n\n\n\n<figure class=\"wp-block-gallery has-nested-images columns-1 is-cropped ss-lightbox wp-block-gallery-3 is-layout-flex wp-block-gallery-is-layout-flex\">\n\n<figure class=\"wp-block-image size-large\"><img decoding=\"async\" src=\"https:\/\/spaziospadoni.org\/wp-content\/uploads\/2026\/05\/2025_opere_misericordia_operam_spazio_spadoni_costa_avorio_targa.jpg\" alt=\"2025 opere misericordia operam spazio spadoni costa avorio targa\"\/><figcaption class=\"wp-element-caption\">07 de enero | Placa de spazio + spadoni<\/figcaption><\/figure>\n\n<\/figure>\n\n\n<\/div>\n\n\n<\/div>\n\n\n<\/div>\n\n\n\n<div class=\"ss-project-reports\">\n<h2 id=\"informes-sobre-las-obras-de-misericordia\" class=\"gb-text gb-text-75c3218d\">Informes sobre las Obras de Misericordia<\/h2>\n\n\n<ul class=\"wp-block-list ss-report-list\">\n\n<li><a href=\"https:\/\/spaziospadoni.org\/wp-content\/uploads\/2026\/05\/Spazio-Reale_suor-Hyacinthe_1.pdf\" target=\"_blank\" rel=\"noreferrer noopener\" title=\"Spazio Reale_suor Hyacinthe_1\">Spazio Reale_suor Hyacinthe_1<\/a><\/li>\n\n\n<li><a href=\"https:\/\/spaziospadoni.org\/wp-content\/uploads\/2026\/05\/Spazio-Reale_sr-Hyacinthe_OPERA-M-1.pdf\" target=\"_blank\" rel=\"noreferrer noopener\" title=\"Spazio Reale_sr Hyacinthe_OPERA M\">Spazio Reale_sr Hyacinthe_OPERA M<\/a><\/li>\n\n<\/ul>\n\n<\/div>\n\n\n\n<div class=\"ss-project-media\">\n<h2 id=\"fotos-y-videos\" class=\"gb-text gb-text-d7bd8be8\">Fotos y v\u00eddeos<\/h2>\n\n\n<div class=\"ss-media-filters\">\n\n<a class=\"gb-text ss-media-filter active\" data-filter=\"*\" title=\"Todo\">Todo<\/a>\n\n\n<a class=\"gb-text ss-media-filter\" data-filter=\".formazione\" title=\"Formaci\u00f3n\">Formaci\u00f3n<\/a>\n\n\n<a class=\"gb-text ss-media-filter\" data-filter=\".sago-costa-d-avorio\" title=\"Sago C\u00f4te d&#x27;Ivoire\">Sago C\u00f4te d&#x27;Ivoire<\/a>\n\n\n<a class=\"gb-text ss-media-filter\" data-filter=\".video\" title=\"V\u00eddeos\">V\u00eddeos<\/a>\n\n<\/div>\n\n\n<div class=\"ss-media-grid\">\n<div>\n<figure class=\"wp-block-gallery has-nested-images columns-1 is-cropped ss-lightbox wp-block-gallery-4 is-layout-flex wp-block-gallery-is-layout-flex\">\n\n<figure class=\"wp-block-image size-large formazione\"><img decoding=\"async\" alt=\"2020 novembre hic sum 9 lazzarino sorelle santa gemma misericordia marlia formazione pronto soccorso spazio spadoni 2 300x225\" src=\"https:\/\/spaziospadoni.org\/wp-content\/uploads\/2026\/05\/2020_novembre_hic_sum_9_lazzarino_sorelle_santa_gemma_misericordia_marlia_formazione_pronto_soccorso_spazio_spadoni-2-300x225.jpg\"\/><\/figure>\n\n\n<figure class=\"wp-block-image size-large formazione\"><img decoding=\"async\" alt=\"2020 novembre hic sum 9 lazzarino sorelle santa gemma misericordia marlia formazione pronto soccorso spazio spadoni 3 300x225\" src=\"https:\/\/spaziospadoni.org\/wp-content\/uploads\/2026\/05\/2020_novembre_hic_sum_9_lazzarino_sorelle_santa_gemma_misericordia_marlia_formazione_pronto_soccorso_spazio_spadoni-3-300x225.jpg\"\/><\/figure>\n\n\n<figure class=\"wp-block-image size-large formazione\"><img decoding=\"async\" alt=\"2020 novembre hic sum 9 lazzarino sorelle santa gemma misericordia marlia formazione pronto soccorso spazio spadoni 4 225x300\" src=\"https:\/\/spaziospadoni.org\/wp-content\/uploads\/2026\/05\/2020_novembre_hic_sum_9_lazzarino_sorelle_santa_gemma_misericordia_marlia_formazione_pronto_soccorso_spazio_spadoni-4-225x300.jpg\"\/><\/figure>\n\n\n<figure class=\"wp-block-image size-large formazione\"><img decoding=\"async\" alt=\"2020 novembre hic sum 9 lazzarino sorelle santa gemma misericordia pian coreglia formazione spazio spadoni 3 169x300\" src=\"https:\/\/spaziospadoni.org\/wp-content\/uploads\/2026\/05\/2020_novembre_hic_sum_9_lazzarino_sorelle_santa_gemma_misericordia_pian_coreglia_formazione_spazio_spadoni-3-169x300.jpg\"\/><\/figure>\n\n\n<figure class=\"wp-block-image size-large formazione\"><img decoding=\"async\" alt=\"2020 novembre hic sum 9 lazzarino sorelle santa gemma misericordia pian coreglia formazione spazio spadoni 4 300x169\" src=\"https:\/\/spaziospadoni.org\/wp-content\/uploads\/2026\/05\/2020_novembre_hic_sum_9_lazzarino_sorelle_santa_gemma_misericordia_pian_coreglia_formazione_spazio_spadoni-4-300x169.jpg\"\/><\/figure>\n\n\n<figure class=\"wp-block-image size-large formazione\"><img decoding=\"async\" alt=\"2020 novembre hic sum 9 lazzarino sorelle santa gemma misericordia pian coreglia formazione spazio spadoni 6 300x225\" src=\"https:\/\/spaziospadoni.org\/wp-content\/uploads\/2026\/05\/2020_novembre_hic_sum_9_lazzarino_sorelle_santa_gemma_misericordia_pian_coreglia_formazione_spazio_spadoni-6-300x225.jpg\"\/><\/figure>\n\n\n<figure class=\"wp-block-image size-large formazione\"><img decoding=\"async\" alt=\"2020 novembre hic sum 9 lazzarino sorelle santa gemma misericordia pian coreglia formazione spazio spadoni 7 300x225\" src=\"https:\/\/spaziospadoni.org\/wp-content\/uploads\/2026\/05\/2020_novembre_hic_sum_9_lazzarino_sorelle_santa_gemma_misericordia_pian_coreglia_formazione_spazio_spadoni-7-300x225.jpg\"\/><\/figure>\n\n\n<figure class=\"wp-block-image size-large formazione\"><img decoding=\"async\" alt=\"2021 italia sorelle santa gemma hic sum lazzarino spazio spadoni formazione 300x225\" src=\"https:\/\/spaziospadoni.org\/wp-content\/uploads\/2026\/05\/2021_italia_sorelle_santa_gemma_hic_sum_lazzarino_spazio_spadoni_formazione-300x225.jpg\"\/><\/figure>\n\n\n<figure class=\"wp-block-image size-large formazione\"><img decoding=\"async\" alt=\"2021 luglio hic sum 9 lazzarino sorelle santa gemma mandato missionario italia costa avorio spazio spadoni 1 300x225\" src=\"https:\/\/spaziospadoni.org\/wp-content\/uploads\/2026\/05\/2021_luglio_hic_sum_9_lazzarino_sorelle_santa_gemma_mandato_missionario_italia_costa_avorio_spazio_spadoni-1-300x225.jpg\"\/><\/figure>\n\n\n<figure class=\"wp-block-image size-large formazione\"><img decoding=\"async\" alt=\"2021 luglio hic sum 9 lazzarino sorelle santa gemma mandato missionario italia costa avorio spazio spadoni 2 225x300\" src=\"https:\/\/spaziospadoni.org\/wp-content\/uploads\/2026\/05\/2021_luglio_hic_sum_9_lazzarino_sorelle_santa_gemma_mandato_missionario_italia_costa_avorio_spazio_spadoni-2-225x300.jpg\"\/><\/figure>\n\n\n<figure class=\"wp-block-image size-large sago-costa-d-avorio\"><img decoding=\"async\" alt=\"formazione cioccolato costa avorio spazio spadoni 1 300x225\" src=\"https:\/\/spaziospadoni.org\/wp-content\/uploads\/2026\/05\/formazione_cioccolato_costa_avorio_spazio_spadoni-1-300x225.jpg\"\/><\/figure>\n\n\n<figure class=\"wp-block-image size-large sago-costa-d-avorio\"><img decoding=\"async\" alt=\"novembre 2024 costa avorio sago apostolato volontari volontariato opere misericordia suore santa gemma spazio spadoni 1 225x300\" src=\"https:\/\/spaziospadoni.org\/wp-content\/uploads\/2026\/05\/novembre_2024_costa_avorio_sago_apostolato_volontari_volontariato_opere_misericordia_suore_santa_gemma_spazio_spadoni-1-225x300.jpg\"\/><\/figure>\n\n\n<figure class=\"wp-block-image size-large sago-costa-d-avorio\"><img decoding=\"async\" alt=\"novembre 2024 costa avorio sago apostolato volontari volontariato opere misericordia suore santa gemma spazio spadoni 2 300x225\" src=\"https:\/\/spaziospadoni.org\/wp-content\/uploads\/2026\/05\/novembre_2024_costa_avorio_sago_apostolato_volontari_volontariato_opere_misericordia_suore_santa_gemma_spazio_spadoni-2-300x225.jpg\"\/><\/figure>\n\n\n<figure class=\"wp-block-image size-large sago-costa-d-avorio\"><img decoding=\"async\" alt=\"novembre 2024 costa avorio sago apostolato volontari volontariato opere misericordia suore santa gemma spazio spadoni 3 225x300\" src=\"https:\/\/spaziospadoni.org\/wp-content\/uploads\/2026\/05\/novembre_2024_costa_avorio_sago_apostolato_volontari_volontariato_opere_misericordia_suore_santa_gemma_spazio_spadoni-3-225x300.jpg\"\/><\/figure>\n\n\n<figure class=\"wp-block-image size-large sago-costa-d-avorio\"><img decoding=\"async\" alt=\"novembre 2024 costa avorio sago apostolato volontari volontariato opere misericordia suore santa gemma spazio spadoni 4 300x225\" src=\"https:\/\/spaziospadoni.org\/wp-content\/uploads\/2026\/05\/novembre_2024_costa_avorio_sago_apostolato_volontari_volontariato_opere_misericordia_suore_santa_gemma_spazio_spadoni-4-300x225.jpg\"\/><\/figure>\n\n\n<figure class=\"wp-block-image size-large sago-costa-d-avorio\"><img decoding=\"async\" alt=\"2025 opere misericordia operam spazio spadoni costa avorio targa 225x300\" src=\"https:\/\/spaziospadoni.org\/wp-content\/uploads\/2026\/05\/2025_opere_misericordia_operam_spazio_spadoni_costa_avorio_targa-225x300.jpg\"\/><\/figure>\n\n<\/figure>\n\n\n<div class=\"gb-element-b24bbf5e ss-media-videos\">\n\n<figure class=\"wp-block-video video\"><video controls=\"\" src=\"https:\/\/spaziospadoni.org\/wp-content\/uploads\/2026\/05\/giugno_2024_costa_avorio_sago_africa_operam_volontari_volontariato_spazio_spadoni_opere_misericordia.mp4\"><\/video><figcaption class=\"wp-element-caption\">giugno 2024 costa avorio sago africa operam volontari volontariato spazio spadoni opere misericordia<\/figcaption><\/figure>\n\n<\/div>\n\n<\/div>\n\n<\/div>\n\n<\/div>\n\n","protected":false},"excerpt":{"rendered":"<p>Sago | San P\u00e9dro (C\u00f4te d&#x27;Ivoire) OPERA M5 MISI\u00d3N Lugar Sago Di\u00f3cesis San P\u00e9dro Pa\u00eds Costa de Marfil Continente Africa Coordenadas GPS 4.94709 -6.08767 Huso horario UTC+0 ORGANIZADOR Congregaci\u00f3n Congregazione Missionaria Sorelle di Santa Gemma Casa Madre Camigliano Santa Gemma (LU) Di\u00f3cesis Lucca Pa\u00eds Italia Continente Europa Fiesta de la Congregaci\u00f3n 26 de agosto Coordenadas &#8230; <a title=\"Costa de Marfil &#8211; \u00c1frica | Proyecto M5\" class=\"read-more\" href=\"https:\/\/spaziospadoni.org\/es\/opera-m\/costa-de-marfil-africa-proyecto-m5\/\" aria-label=\"Read more about Costa de Marfil &#8211; \u00c1frica | Proyecto M5\">Leer m\u00e1s<\/a><\/p>\n","protected":false},"author":102,"featured_media":0,"parent":89580,"menu_order":0,"comment_status":"closed","ping_status":"closed","template":"","meta":{"_sitemap_exclude":false,"_sitemap_priority":"","_sitemap_frequency":"","footnotes":""},"class_list":["post-80168","page","type-page","status-publish","infinite-scroll-item"],"yoast_head":"<!-- This site is optimized with the Yoast SEO plugin v28.4 - https:\/\/yoast.com\/product\/yoast-seo-wordpress\/ -->\n<title>Costa de Marfil - \u00c1frica | Proyecto M5 | Spazio Spadoni<\/title>\n<meta name=\"description\" content=\"Sago | San P\u00e9dro (C\u00f4te d&#x27;Ivoire) OPERA M5 MISI\u00d3N Lugar Sago Di\u00f3cesis San P\u00e9dro Pa\u00eds Costa de Marfil Continente Africa Coordenadas GPS 4.94709\" \/>\n<meta name=\"robots\" content=\"index, follow, max-snippet:-1, max-image-preview:large, max-video-preview:-1\" \/>\n<link rel=\"canonical\" href=\"https:\/\/spaziospadoni.org\/es\/opera-m\/costa-de-marfil-africa-proyecto-m5\/\" \/>\n<meta property=\"og:locale\" content=\"es_ES\" \/>\n<meta property=\"og:type\" content=\"article\" \/>\n<meta property=\"og:title\" content=\"Costa de Marfil - \u00c1frica | Proyecto M5 | Spazio Spadoni\" \/>\n<meta property=\"og:description\" content=\"Sago | San P\u00e9dro (C\u00f4te d&#x27;Ivoire) OPERA M5 MISI\u00d3N Lugar Sago Di\u00f3cesis San P\u00e9dro Pa\u00eds Costa de Marfil Continente Africa Coordenadas GPS 4.94709\" \/>\n<meta property=\"og:url\" content=\"https:\/\/spaziospadoni.org\/es\/opera-m\/costa-de-marfil-africa-proyecto-m5\/\" \/>\n<meta property=\"og:site_name\" content=\"spazio + spadoni\" \/>\n<meta property=\"article:publisher\" content=\"https:\/\/www.facebook.com\/SpazioSpadoni\/\" \/>\n<meta property=\"article:modified_time\" content=\"2026-07-30T09:46:10+00:00\" \/>\n<meta property=\"og:image\" content=\"https:\/\/spaziospadoni.org\/wp-content\/uploads\/2026\/05\/hicsum_1_congo-spaziospadoni-scaled.png\" \/>\n\t<meta property=\"og:image:width\" content=\"2560\" \/>\n\t<meta property=\"og:image:height\" content=\"1771\" \/>\n\t<meta property=\"og:image:type\" content=\"image\/png\" \/>\n<meta name=\"twitter:card\" content=\"summary_large_image\" \/>\n<meta name=\"twitter:label1\" content=\"Est. reading time\" \/>\n\t<meta name=\"twitter:data1\" content=\"8 minutes\" \/>\n<script type=\"application\/ld+json\" class=\"yoast-schema-graph\">{\"@context\":\"https:\\\/\\\/schema.org\",\"@graph\":[{\"@type\":\"WebPage\",\"@id\":\"https:\\\/\\\/spaziospadoni.org\\\/es\\\/opera-m\\\/costa-de-marfil-africa-proyecto-m5\\\/\",\"url\":\"https:\\\/\\\/spaziospadoni.org\\\/es\\\/opera-m\\\/costa-de-marfil-africa-proyecto-m5\\\/\",\"name\":\"Costa de Marfil - \u00c1frica | Proyecto M5 | Spazio Spadoni\",\"isPartOf\":{\"@id\":\"https:\\\/\\\/spaziospadoni.org\\\/es\\\/#website\"},\"primaryImageOfPage\":{\"@id\":\"https:\\\/\\\/spaziospadoni.org\\\/es\\\/opera-m\\\/costa-de-marfil-africa-proyecto-m5\\\/#primaryimage\"},\"image\":{\"@id\":\"https:\\\/\\\/spaziospadoni.org\\\/es\\\/opera-m\\\/costa-de-marfil-africa-proyecto-m5\\\/#primaryimage\"},\"thumbnailUrl\":\"https:\\\/\\\/spaziospadoni.org\\\/wp-content\\\/uploads\\\/2026\\\/05\\\/hicsum_9_costa_davorio-spaziospadoni-scaled.png\",\"datePublished\":\"2026-05-18T10:30:38+00:00\",\"dateModified\":\"2026-07-30T09:46:10+00:00\",\"description\":\"Sago | San P\u00e9dro (C\u00f4te d&#x27;Ivoire) OPERA M5 MISI\u00d3N Lugar Sago Di\u00f3cesis San P\u00e9dro Pa\u00eds Costa de Marfil Continente Africa Coordenadas GPS 4.94709\",\"breadcrumb\":{\"@id\":\"https:\\\/\\\/spaziospadoni.org\\\/es\\\/opera-m\\\/costa-de-marfil-africa-proyecto-m5\\\/#breadcrumb\"},\"inLanguage\":\"es-ES\",\"potentialAction\":[{\"@type\":\"ReadAction\",\"target\":[\"https:\\\/\\\/spaziospadoni.org\\\/es\\\/opera-m\\\/costa-de-marfil-africa-proyecto-m5\\\/\"]}]},{\"@type\":\"ImageObject\",\"inLanguage\":\"es-ES\",\"@id\":\"https:\\\/\\\/spaziospadoni.org\\\/es\\\/opera-m\\\/costa-de-marfil-africa-proyecto-m5\\\/#primaryimage\",\"url\":\"https:\\\/\\\/spaziospadoni.org\\\/wp-content\\\/uploads\\\/2026\\\/05\\\/hicsum_9_costa_davorio-spaziospadoni-scaled.png\",\"contentUrl\":\"https:\\\/\\\/spaziospadoni.org\\\/wp-content\\\/uploads\\\/2026\\\/05\\\/hicsum_9_costa_davorio-spaziospadoni-scaled.png\"},{\"@type\":\"BreadcrumbList\",\"@id\":\"https:\\\/\\\/spaziospadoni.org\\\/es\\\/opera-m\\\/costa-de-marfil-africa-proyecto-m5\\\/#breadcrumb\",\"itemListElement\":[{\"@type\":\"ListItem\",\"position\":1,\"name\":\"Home\",\"item\":\"https:\\\/\\\/spaziospadoni.org\\\/es\\\/\"},{\"@type\":\"ListItem\",\"position\":2,\"name\":\"Obras de Misericordia\",\"item\":\"https:\\\/\\\/spaziospadoni.org\\\/es\\\/obras-de-misericordia\\\/\"},{\"@type\":\"ListItem\",\"position\":3,\"name\":\"Costa de Marfil &#8211; \u00c1frica | Proyecto M5\"}]},{\"@type\":\"WebSite\",\"@id\":\"https:\\\/\\\/spaziospadoni.org\\\/es\\\/#website\",\"url\":\"https:\\\/\\\/spaziospadoni.org\\\/es\\\/\",\"name\":\"spazio + spadoni\",\"description\":\"Generazione di misericordia e missione nel mondo\",\"publisher\":{\"@id\":\"https:\\\/\\\/spaziospadoni.org\\\/es\\\/#organization\"},\"alternateName\":\"spaziospadoni.org\",\"potentialAction\":[{\"@type\":\"SearchAction\",\"target\":{\"@type\":\"EntryPoint\",\"urlTemplate\":\"https:\\\/\\\/spaziospadoni.org\\\/es\\\/?s={search_term_string}\"},\"query-input\":{\"@type\":\"PropertyValueSpecification\",\"valueRequired\":true,\"valueName\":\"search_term_string\"}}],\"inLanguage\":\"es-ES\"},{\"@type\":\"Organization\",\"@id\":\"https:\\\/\\\/spaziospadoni.org\\\/es\\\/#organization\",\"name\":\"spazio + spadoni\",\"alternateName\":\"spaziospadoni.org\",\"url\":\"https:\\\/\\\/spaziospadoni.org\\\/es\\\/\",\"logo\":{\"@type\":\"ImageObject\",\"inLanguage\":\"es-ES\",\"@id\":\"https:\\\/\\\/spaziospadoni.org\\\/es\\\/#\\\/schema\\\/logo\\\/image\\\/\",\"url\":\"https:\\\/\\\/spaziospadoni.org\\\/wp-content\\\/uploads\\\/2026\\\/05\\\/spazio-spadoni-logo-100x100-1.webp\",\"contentUrl\":\"https:\\\/\\\/spaziospadoni.org\\\/wp-content\\\/uploads\\\/2026\\\/05\\\/spazio-spadoni-logo-100x100-1.webp\",\"width\":100,\"height\":100,\"caption\":\"spazio + spadoni\"},\"image\":{\"@id\":\"https:\\\/\\\/spaziospadoni.org\\\/es\\\/#\\\/schema\\\/logo\\\/image\\\/\"},\"sameAs\":[\"https:\\\/\\\/www.facebook.com\\\/SpazioSpadoni\\\/\",\"https:\\\/\\\/www.instagram.com\\\/spaziospadoni\\\/\",\"https:\\\/\\\/www.youtube.com\\\/@spaziospadoni\\\/playlists\"]}]}<\/script>\n<!-- \/ Yoast SEO plugin. -->","yoast_head_json":{"title":"Costa de Marfil - \u00c1frica | Proyecto M5 | Spazio Spadoni","description":"Sago | San P\u00e9dro (C\u00f4te d&#x27;Ivoire) OPERA M5 MISI\u00d3N Lugar Sago Di\u00f3cesis San P\u00e9dro Pa\u00eds Costa de Marfil Continente Africa Coordenadas GPS 4.94709","robots":{"index":"index","follow":"follow","max-snippet":"max-snippet:-1","max-image-preview":"max-image-preview:large","max-video-preview":"max-video-preview:-1"},"canonical":"https:\/\/spaziospadoni.org\/es\/opera-m\/costa-de-marfil-africa-proyecto-m5\/","og_locale":"es_ES","og_type":"article","og_title":"Costa de Marfil - \u00c1frica | Proyecto M5 | Spazio Spadoni","og_description":"Sago | San P\u00e9dro (C\u00f4te d&#x27;Ivoire) OPERA M5 MISI\u00d3N Lugar Sago Di\u00f3cesis San P\u00e9dro Pa\u00eds Costa de Marfil Continente Africa Coordenadas GPS 4.94709","og_url":"https:\/\/spaziospadoni.org\/es\/opera-m\/costa-de-marfil-africa-proyecto-m5\/","og_site_name":"spazio + spadoni","article_publisher":"https:\/\/www.facebook.com\/SpazioSpadoni\/","article_modified_time":"2026-07-30T09:46:10+00:00","og_image":[{"width":2560,"height":1771,"url":"https:\/\/spaziospadoni.org\/wp-content\/uploads\/2026\/05\/hicsum_1_congo-spaziospadoni-scaled.png","type":"image\/png"}],"twitter_card":"summary_large_image","twitter_misc":{"Est. reading time":"8 minutes"},"schema":{"@context":"https:\/\/schema.org","@graph":[{"@type":"WebPage","@id":"https:\/\/spaziospadoni.org\/es\/opera-m\/costa-de-marfil-africa-proyecto-m5\/","url":"https:\/\/spaziospadoni.org\/es\/opera-m\/costa-de-marfil-africa-proyecto-m5\/","name":"Costa de Marfil - \u00c1frica | Proyecto M5 | Spazio Spadoni","isPartOf":{"@id":"https:\/\/spaziospadoni.org\/es\/#website"},"primaryImageOfPage":{"@id":"https:\/\/spaziospadoni.org\/es\/opera-m\/costa-de-marfil-africa-proyecto-m5\/#primaryimage"},"image":{"@id":"https:\/\/spaziospadoni.org\/es\/opera-m\/costa-de-marfil-africa-proyecto-m5\/#primaryimage"},"thumbnailUrl":"https:\/\/spaziospadoni.org\/wp-content\/uploads\/2026\/05\/hicsum_9_costa_davorio-spaziospadoni-scaled.png","datePublished":"2026-05-18T10:30:38+00:00","dateModified":"2026-07-30T09:46:10+00:00","description":"Sago | San P\u00e9dro (C\u00f4te d&#x27;Ivoire) OPERA M5 MISI\u00d3N Lugar Sago Di\u00f3cesis San P\u00e9dro Pa\u00eds Costa de Marfil Continente Africa Coordenadas GPS 4.94709","breadcrumb":{"@id":"https:\/\/spaziospadoni.org\/es\/opera-m\/costa-de-marfil-africa-proyecto-m5\/#breadcrumb"},"inLanguage":"es-ES","potentialAction":[{"@type":"ReadAction","target":["https:\/\/spaziospadoni.org\/es\/opera-m\/costa-de-marfil-africa-proyecto-m5\/"]}]},{"@type":"ImageObject","inLanguage":"es-ES","@id":"https:\/\/spaziospadoni.org\/es\/opera-m\/costa-de-marfil-africa-proyecto-m5\/#primaryimage","url":"https:\/\/spaziospadoni.org\/wp-content\/uploads\/2026\/05\/hicsum_9_costa_davorio-spaziospadoni-scaled.png","contentUrl":"https:\/\/spaziospadoni.org\/wp-content\/uploads\/2026\/05\/hicsum_9_costa_davorio-spaziospadoni-scaled.png"},{"@type":"BreadcrumbList","@id":"https:\/\/spaziospadoni.org\/es\/opera-m\/costa-de-marfil-africa-proyecto-m5\/#breadcrumb","itemListElement":[{"@type":"ListItem","position":1,"name":"Home","item":"https:\/\/spaziospadoni.org\/es\/"},{"@type":"ListItem","position":2,"name":"Obras de Misericordia","item":"https:\/\/spaziospadoni.org\/es\/obras-de-misericordia\/"},{"@type":"ListItem","position":3,"name":"Costa de Marfil &#8211; \u00c1frica | Proyecto M5"}]},{"@type":"WebSite","@id":"https:\/\/spaziospadoni.org\/es\/#website","url":"https:\/\/spaziospadoni.org\/es\/","name":"spazio + spadoni","description":"Generazione di misericordia e missione nel mondo","publisher":{"@id":"https:\/\/spaziospadoni.org\/es\/#organization"},"alternateName":"spaziospadoni.org","potentialAction":[{"@type":"SearchAction","target":{"@type":"EntryPoint","urlTemplate":"https:\/\/spaziospadoni.org\/es\/?s={search_term_string}"},"query-input":{"@type":"PropertyValueSpecification","valueRequired":true,"valueName":"search_term_string"}}],"inLanguage":"es-ES"},{"@type":"Organization","@id":"https:\/\/spaziospadoni.org\/es\/#organization","name":"spazio + spadoni","alternateName":"spaziospadoni.org","url":"https:\/\/spaziospadoni.org\/es\/","logo":{"@type":"ImageObject","inLanguage":"es-ES","@id":"https:\/\/spaziospadoni.org\/es\/#\/schema\/logo\/image\/","url":"https:\/\/spaziospadoni.org\/wp-content\/uploads\/2026\/05\/spazio-spadoni-logo-100x100-1.webp","contentUrl":"https:\/\/spaziospadoni.org\/wp-content\/uploads\/2026\/05\/spazio-spadoni-logo-100x100-1.webp","width":100,"height":100,"caption":"spazio + spadoni"},"image":{"@id":"https:\/\/spaziospadoni.org\/es\/#\/schema\/logo\/image\/"},"sameAs":["https:\/\/www.facebook.com\/SpazioSpadoni\/","https:\/\/www.instagram.com\/spaziospadoni\/","https:\/\/www.youtube.com\/@spaziospadoni\/playlists"]}]}},"_links":{"self":[{"href":"https:\/\/spaziospadoni.org\/es\/wp-json\/wp\/v2\/pages\/80168","targetHints":{"allow":["GET"]}}],"collection":[{"href":"https:\/\/spaziospadoni.org\/es\/wp-json\/wp\/v2\/pages"}],"about":[{"href":"https:\/\/spaziospadoni.org\/es\/wp-json\/wp\/v2\/types\/page"}],"author":[{"embeddable":true,"href":"https:\/\/spaziospadoni.org\/es\/wp-json\/wp\/v2\/users\/102"}],"replies":[{"embeddable":true,"href":"https:\/\/spaziospadoni.org\/es\/wp-json\/wp\/v2\/comments?post=80168"}],"version-history":[{"count":0,"href":"https:\/\/spaziospadoni.org\/es\/wp-json\/wp\/v2\/pages\/80168\/revisions"}],"up":[{"embeddable":true,"href":"https:\/\/spaziospadoni.org\/es\/wp-json\/wp\/v2\/pages\/89580"}],"wp:attachment":[{"href":"https:\/\/spaziospadoni.org\/es\/wp-json\/wp\/v2\/media?parent=80168"}],"curies":[{"name":"wp","href":"https:\/\/api.w.org\/{rel}","templated":true}]}}