{"id":81112,"date":"2026-05-18T12:03:38","date_gmt":"2026-05-18T11:03:38","guid":{"rendered":"https:\/\/spaziospadoni.org\/obras-de-misericordia\/malawi-africa-progetto-m26\/"},"modified":"2026-07-30T13:57:32","modified_gmt":"2026-07-30T12:57:32","slug":"malaui-africa-proyecto-m26","status":"publish","type":"page","link":"https:\/\/spaziospadoni.org\/es\/opera-m\/malaui-africa-proyecto-m26\/","title":{"rendered":"Malaui &#8211; \u00c1frica | Proyecto M26"},"content":{"rendered":"\n<div class=\"ss-project-hero-card\">\n<h2 id=\"dedza-dedza-malaui\" class=\"gb-text gb-text-62a95885\">Dedza | Dedza (Malaui)<\/h2>\n\n\n\n<div class=\"gb-element-f60f2409\">\n<div class=\"gb-element-90a85740 ss-project-sidebar\">\n<h2 id=\"opera-m26\" class=\"gb-text ss-project-title\">OPERA M26<\/h2>\n\n\n\n<figure class=\"wp-block-image size-large\"><img decoding=\"async\" src=\"https:\/\/spaziospadoni.org\/wp-content\/uploads\/2026\/05\/hicsum_23_malawi-spaziospadoni-2-scaled.png\" alt=\"HIC SUM 23 Malaui spaziospadoni 2 150x150\" class=\"wp-image-43007\"\/><\/figure>\n\n\n\n<div class=\"ss-project-table\">\n<div class=\"ss-table-section-title\">\n<h3 id=\"mision\" class=\"gb-text\">MISI\u00d3N<\/h3>\n<\/div>\n\n\n\n<div class=\"ss-table-row\">\n<p class=\"gb-text\">Lugar<\/p>\n\n\n\n<p class=\"gb-text\"><a href=\"https:\/\/www.google.com\/maps\/place\/Dedza,+Malawi\/@-14.38505,34.3037793,14z\/data=!3m1!4b1!4m6!3m5!1s0x19207d2b1f698a41:0x4f78b7eadb893ef!8m2!3d-14.3816618!4d34.3254842!16zL20vMDJ6djdu?entry=ttu&#038;g_ep=EgoyMDI2MDExOS4wIKXMDSoASAFQAw%3D%3D\" rel=\"noreferrer noopener\" target=\"_blank\" title=\"Dedza\">Dedza<\/a><\/p>\n<\/div>\n\n\n\n<div class=\"ss-table-row\">\n<p class=\"gb-text\">Di\u00f3cesis<\/p>\n\n\n\n<p class=\"gb-text\">Dedza<\/p>\n<\/div>\n\n\n\n<div class=\"ss-table-row\">\n<p class=\"gb-text\">Pa\u00eds<\/p>\n\n\n\n<p class=\"gb-text\"><strong>Malaui<\/strong><\/p>\n<\/div>\n\n\n\n<div class=\"ss-table-row\">\n<p class=\"gb-text\">Continente<\/p>\n\n\n\n<p class=\"gb-text\">\u00c1frica<\/p>\n<\/div>\n\n\n\n<div class=\"ss-table-row\">\n<p class=\"gb-text\">Coordenadas GPS<\/p>\n\n\n\n<p class=\"gb-text\">-14.38197 34.32502<\/p>\n<\/div>\n\n\n\n<div class=\"ss-table-row\">\n<p class=\"gb-text\">Huso horario<\/p>\n\n\n\n<p class=\"gb-text\">UTC+2<\/p>\n<\/div>\n<\/div>\n\n\n\n<div class=\"ss-project-table\">\n<div class=\"ss-table-section-title\">\n<h3 id=\"organizador\" class=\"gb-text\">ORGANIZADOR<\/h3>\n<\/div>\n\n\n\n<div class=\"ss-table-row\">\n<p class=\"gb-text\">Congregaci\u00f3n<\/p>\n\n\n\n<p class=\"gb-text\">Presentation of the Virgin Mary Sisters<\/p>\n<\/div>\n\n\n\n<div class=\"ss-table-row\">\n<p class=\"gb-text\">Casa Madre<\/p>\n\n\n\n<p class=\"gb-text\">Dedza, Malaui<\/p>\n<\/div>\n\n\n\n<div class=\"ss-table-row\">\n<p class=\"gb-text\">Di\u00f3cesis<\/p>\n\n\n\n<p class=\"gb-text\">Dedza<\/p>\n<\/div>\n\n\n\n<div class=\"ss-table-row\">\n<p class=\"gb-text\">Pa\u00eds<\/p>\n\n\n\n<p class=\"gb-text\">Malaui<\/p>\n<\/div>\n\n\n\n<div class=\"ss-table-row\">\n<p class=\"gb-text\">Continente<\/p>\n\n\n\n<p class=\"gb-text\">\u00c1frica<\/p>\n<\/div>\n\n\n\n<div class=\"ss-table-row\">\n<p class=\"gb-text\">Fiesta de la Congregaci\u00f3n<\/p>\n\n\n\n<p class=\"gb-text\">21 de noviembre<\/p>\n<\/div>\n\n\n\n<div class=\"ss-table-row\">\n<p class=\"gb-text\">Coordenadas GPS<\/p>\n\n\n\n<p class=\"gb-text\">-14.37888 34.33407<\/p>\n<\/div>\n\n\n\n<div class=\"ss-table-row\">\n<p class=\"gb-text\">Huso horario<\/p>\n\n\n\n<p class=\"gb-text\">UTC+2<\/p>\n<\/div>\n\n\n\n<div class=\"ss-table-row\">\n<p class=\"gb-text\">Referente<\/p>\n\n\n\n<p class=\"gb-text\">Hermana M. Blandina Kamba<\/p>\n<\/div>\n\n\n\n<div class=\"ss-table-row\">\n<p class=\"gb-text\">Superiora General<\/p>\n\n\n\n<p class=\"gb-text\">Hermana Florence Bande<\/p>\n<\/div>\n\n\n\n<div class=\"ss-table-row\">\n<p class=\"gb-text\">Sitio web<\/p>\n\n\n\n<p class=\"gb-text\"><a href=\"https:\/\/www.suoresantagemma.it\/\" target=\"_blank\" rel=\"noreferrer noopener\" title=\"suoresantagemma.it\">suoresantagemma.it<\/a><\/p>\n<\/div>\n<\/div>\n\n\n\n<div class=\"ss-project-table\">\n<a class=\"gb-element-e1766596 ss-table-section-button\" href=\"#\" title=\"OPERA M &#8211; PROYECTO M26\">\n<span class=\"gb-text\">OPERA M &#8211; PROYECTO M26<\/span>\n<\/a>\n<\/div>\n<\/div>\n<\/div>\n\n\n\n<div class=\"gb-element-6ad95ea8\">\n<div class=\"gb-element-e34063a6 ss-project-intro\">\n<p class=\"wp-block-paragraph\">OPERA M es la revoluci\u00f3n de las obras de misericordia. Es el instrumento permanente para desarrollar una visi\u00f3n s\u00f3lida y renovada de las obras en el mundo.<\/p>\n\n\n\n<p class=\"wp-block-paragraph\">Nace de una necesidad urgente, profundamente sentida por spazio + spadoni, de re<strong>E<\/strong>volucionar el concepto de obra de misericordia como un camino que es siempre, al mismo tiempo, humano y divino y, por tanto, siempre espiritual adem\u00e1s de pr\u00e1ctico (o corporal). El redescubrimiento, o mejor dicho, la verdadera re<strong>E<\/strong>voluci\u00f3n de las obras debe redescubrirse dentro de esta s\u00edntesis entre el aspecto espiritual y el acto pr\u00e1ctico. La acci\u00f3n material debe estar siempre impregnada por el esp\u00edritu.<\/p>\n\n\n\n<p class=\"wp-block-paragraph\">OPERA M se basa en cinco acciones que definen su m\u00e9todo: INVOCA, llama al Esp\u00edritu ESCUCHA, guarda silencio para abrirte a la escucha ENCUENTRA, permanece entre la gente ACTUEMOS, actuemos por las obras INUNDEMOS, llevemos a todos a las Obras de Misericordia <strong>Obras de Misericordia espirituales<\/strong> Aconsejar a los que dudan Ense\u00f1ar a los ignorantes Amonestar a los pecadores Consolar a los afligidos Perdonar las ofensas Soportar con paciencia a las personas molestas Rogar a Dios por los vivos y los difuntos <strong>Obras de Misericordia corporales<\/strong> Dar de comer al hambriento Dar de beber al sediento Vestir al desnudo Dar posada al peregrino Visitar al enfermo Visitar a los presos Enterrar a los muertos<\/p>\n\n<\/div>\n<\/div>\n\n\n\n\n<div>\n\n<h2 id=\"cronologia\" class=\"gb-text gb-text-8179e40a\">Cronolog\u00eda<\/h2>\n\n\n\n\n\n<div class=\"ss-timeline\">\n\n<h3 id=\"2025\" class=\"gb-text\">2025<\/h3>\n\n\n\n\n\n<div class=\"ss-timeline-item\">\n\n<h4 id=\"10-de-febrero-inicio-de-la-relacion\" class=\"gb-text\">10 de febrero | Inicio de la relaci\u00f3n<\/h4>\n\n\n\n\n<p class=\"wp-block-paragraph\">La Congregaci\u00f3n presenta un proyecto para crear una empresa social agroalimentaria. A partir de aqu\u00ed se desarrolla el di\u00e1logo entre la Congregaci\u00f3n y spazio + spadoni.<\/p>\n\n\n<\/div>\n\n\n\n\n<div class=\"ss-timeline-item\">\n\n<h4 id=\"25-de-agosto-llegada-de-la-hermana\" class=\"gb-text\">25 de agosto| Llegada de la hermana<\/h4>\n\n\n\n\n<p class=\"wp-block-paragraph\">La hermana Blandina llega a Italia, acogida por todo el personal de la Fondazione RSA Firenzuola, por las Suore Stabilite nella Carit\u00e0 y por Claudio Corbatti, s\u00e9nior de spazio + spadoni<\/p>\n\n\n\n<figure class=\"wp-block-gallery has-nested-images columns-1 is-cropped ss-lightbox wp-block-gallery-1 is-layout-flex wp-block-gallery-is-layout-flex\">\n\n<figure class=\"wp-block-image size-large\"><img decoding=\"async\" src=\"https:\/\/spaziospadoni.org\/wp-content\/uploads\/2026\/05\/2025-agosto_25_suorBlandina_Malawi_arrivo_firenzuola_rsa_progetto_hic_sum_spazio_spadoni-3.jpeg\" alt=\"2025 agosto 25 Hermana Blandina Malaui llegada firenzuola rsa proyecto HIC SUM spazio spadoni 3\"\/><figcaption class=\"wp-element-caption\">25 de agosto| Llegada de la hermana<\/figcaption><\/figure>\n\n\n<figure class=\"wp-block-image size-large\"><img decoding=\"async\" src=\"https:\/\/spaziospadoni.org\/wp-content\/uploads\/2026\/05\/2025-agosto_25_suorBlandina_Malawi_arrivo_firenzuola_rsa_progetto_hic_sum_spazio_spadoni-1.jpeg\" alt=\"2025 agosto 25 Hermana Blandina Malaui llegada firenzuola rsa proyecto HIC SUM spazio spadoni 1\"\/><figcaption class=\"wp-element-caption\">25 de agosto| Llegada de la hermana<\/figcaption><\/figure>\n\n<\/figure>\n\n\n<\/div>\n\n\n\n\n<div class=\"ss-timeline-item\">\n\n<h4 id=\"04-de-septiembre-visita-de-spazio-spadoni\" class=\"gb-text\">04 de septiembre | Visita de spazio + spadoni<\/h4>\n\n\n\n\n<p class=\"wp-block-paragraph\">Luigi Spadoni visita a la hermana Blandina en la comunidad de Firenzuola<\/p>\n\n\n\n<figure class=\"wp-block-gallery has-nested-images columns-1 is-cropped ss-lightbox wp-block-gallery-2 is-layout-flex wp-block-gallery-is-layout-flex\">\n\n<figure class=\"wp-block-image size-large\"><img decoding=\"async\" src=\"https:\/\/spaziospadoni.org\/wp-content\/uploads\/2026\/05\/2025_settembre_4_suor_Blandina_rsa_firenzuola_incontro_luigi_spadonispazio_opere_misericordia-6.jpg\" alt=\"2025 septiembre 4 Hermana Blandina rsa firenzuola encuentro luigi Spadoni spazio Obras de Misericordia 6\"\/><figcaption class=\"wp-element-caption\">04 de septiembre | Visita de spazio + spadoni<\/figcaption><\/figure>\n\n<\/figure>\n\n\n<\/div>\n\n\n\n\n<div class=\"ss-timeline-item\">\n\n<h4 id=\"20-de-septiembre-visita-de-spazio-spadoni\" class=\"gb-text\">20 de septiembre | Visita de spazio + spadoni<\/h4>\n\n\n\n\n<p class=\"wp-block-paragraph\">Luigi Spadoni visita a la hermana Blandina en la comunidad de Firenzuola<\/p>\n\n\n<\/div>\n\n\n\n\n<div class=\"ss-timeline-item\">\n\n<h4 id=\"2223-de-octubre-formacion-en-san-cerbone\" class=\"gb-text\">22-23 de octubre | Formaci\u00f3n en San Cerbone<\/h4>\n\n\n\n\n<p class=\"wp-block-paragraph\">Formaci\u00f3n t\u00e9cnica de spazio + spadoni sobre el proyecto HIC SUM y el desarrollo de las Obras de Misericordia en Malaui, en el Convento di San Cerbone (LU)<\/p>\n\n\n\n<figure class=\"wp-block-gallery has-nested-images columns-1 is-cropped ss-lightbox wp-block-gallery-3 is-layout-flex wp-block-gallery-is-layout-flex\">\n\n<figure class=\"wp-block-image size-large\"><img decoding=\"async\" src=\"https:\/\/spaziospadoni.org\/wp-content\/uploads\/2026\/05\/2025_ottobre_21_24_suor_blandina_san_cerbone_spazio_spadoni_progetto_hic_sum_formazione-6-scaled-1.jpg\" alt=\"2025 octubre 21 24 Hermana Blandina san cerbone spazio spadoni proyecto HIC SUM formaci\u00f3n 6 scaled\"\/><figcaption class=\"wp-element-caption\">22-23 de octubre | Formaci\u00f3n en San Cerbone<\/figcaption><\/figure>\n\n<\/figure>\n\n\n<\/div>\n\n\n\n\n<div class=\"ss-timeline-item\">\n\n<h4 id=\"26-de-octubre-jubileo-de-la-esperanza\" class=\"gb-text\">26 de octubre | Jubileo de la Esperanza<\/h4>\n\n\n\n\n<p class=\"wp-block-paragraph\">La hermana Blandina cruza la Puerta Santa de la Bas\u00edlica de San Pedro durante el a\u00f1o del Jubileo de la Esperanza<\/p>\n\n\n\n<figure class=\"wp-block-gallery has-nested-images columns-1 is-cropped ss-lightbox wp-block-gallery-4 is-layout-flex wp-block-gallery-is-layout-flex\">\n\n<figure class=\"wp-block-image size-large\"><img decoding=\"async\" src=\"https:\/\/spaziospadoni.org\/wp-content\/uploads\/2026\/05\/2025_ottobre_25_26_suor_blandina_roma_porta_santa_giubileo_speranza-2.jpeg\" alt=\"2025 octubre 25 26 Hermana Blandina roma Puerta Santa Jubileo Esperanza 2\"\/><figcaption class=\"wp-element-caption\">26 de octubre | Jubileo de la Esperanza<\/figcaption><\/figure>\n\n<\/figure>\n\n\n<\/div>\n\n\n\n\n<div class=\"ss-timeline-item\">\n\n<h4 id=\"08-de-noviembre-salida-de-la-hermana\" class=\"gb-text\">08 de noviembre | Salida de la hermana<\/h4>\n\n\n\n\n<p class=\"wp-block-paragraph\">La hermana Blandina parte para regresar a Malaui<\/p>\n\n\n\n<figure class=\"wp-block-gallery has-nested-images columns-1 is-cropped ss-lightbox wp-block-gallery-5 is-layout-flex wp-block-gallery-is-layout-flex\">\n\n<figure class=\"wp-block-image size-large\"><img decoding=\"async\" src=\"https:\/\/spaziospadoni.org\/wp-content\/uploads\/2026\/05\/2025_movembre_8_partenza_suor_blandina_spazio_spadoni_progetto_hic_sum_operam-3.jpeg\" alt=\"2025 noviembre 8 salida Hermana Blandina spazio spadoni proyecto HIC SUM OPERA M 3\"\/><figcaption class=\"wp-element-caption\">08 de noviembre | Salida de la hermana<\/figcaption><\/figure>\n\n<\/figure>\n\n\n<\/div>\n\n\n\n\n<div class=\"ss-timeline-item\">\n\n<h4 id=\"31-de-diciembre-formacion-sobre-las-obras-de-misericordia\" class=\"gb-text\">31 de diciembre | Formaci\u00f3n sobre las Obras de Misericordia<\/h4>\n\n\n\n\n<p class=\"wp-block-paragraph\">La hermana Blandina se re\u00fane con las comunidades de Malaui para hablar de las Obras de Misericordia<\/p>\n\n\n<\/div>\n\n\n<\/div>\n\n\n<\/div>\n\n\n\n<div class=\"ss-project-media\">\n<h2 id=\"fotos-y-videos\" class=\"gb-text gb-text-d7bd8be8\">Fotos y v\u00eddeos<\/h2>\n\n\n<div class=\"ss-media-filters\">\n\n<a class=\"gb-text ss-media-filter active\" data-filter=\"*\" title=\"Todo\">Todo<\/a>\n\n\n<a class=\"gb-text ss-media-filter\" data-filter=\".malawi\" title=\"Malaui\">Malaui<\/a>\n\n\n<a class=\"gb-text ss-media-filter\" data-filter=\".formazione\" title=\"Formaci\u00f3n\">Formaci\u00f3n<\/a>\n\n\n<a class=\"gb-text ss-media-filter\" data-filter=\".video\" title=\"V\u00eddeo\">V\u00eddeo<\/a>\n\n<\/div>\n\n\n<div class=\"ss-media-grid\">\n<div>\n<figure class=\"wp-block-gallery has-nested-images columns-1 is-cropped ss-lightbox wp-block-gallery-6 is-layout-flex wp-block-gallery-is-layout-flex\">\n\n<figure class=\"wp-block-image size-large malawi\"><img decoding=\"async\" alt=\"2025 febrero Hermana Blandina Malaui proyecto HIC SUM spazio spadoni 9 300x300\" src=\"https:\/\/spaziospadoni.org\/wp-content\/uploads\/2026\/05\/2025_febbraio_suor_blandina_malawi_progetto_hic_sum_spazio_spadoni-9-300x300.jpg\"\/><\/figure>\n\n\n<figure class=\"wp-block-image size-large malawi\"><img decoding=\"async\" alt=\"2025 febrero Hermana Blandina Malaui proyecto HIC SUM spazio spadoni 6 225x300\" src=\"https:\/\/spaziospadoni.org\/wp-content\/uploads\/2026\/05\/2025_febbraio_suor_blandina_malawi_progetto_hic_sum_spazio_spadoni-6-225x300.jpg\"\/><\/figure>\n\n\n<figure class=\"wp-block-image size-large malawi\"><img decoding=\"async\" alt=\"2025 febrero Hermana Blandina Malaui proyecto HIC SUM spazio spadoni 7 225x300\" src=\"https:\/\/spaziospadoni.org\/wp-content\/uploads\/2026\/05\/2025_febbraio_suor_blandina_malawi_progetto_hic_sum_spazio_spadoni-7-225x300.jpg\"\/><\/figure>\n\n\n<figure class=\"wp-block-image size-large malawi\"><img decoding=\"async\" alt=\"2025 febrero Hermana Blandina Malaui proyecto HIC SUM spazio spadoni 3 226x300\" src=\"https:\/\/spaziospadoni.org\/wp-content\/uploads\/2026\/05\/2025_febbraio_suor_blandina_malawi_progetto_hic_sum_spazio_spadoni-3-226x300.jpg\"\/><\/figure>\n\n\n<figure class=\"wp-block-image size-large malawi\"><img decoding=\"async\" alt=\"2025 agosto 25 Hermana Blandina Malaui llegada firenzuola rsa proyecto HIC SUM spazio spadoni 3\" src=\"https:\/\/spaziospadoni.org\/wp-content\/uploads\/2026\/05\/2025-agosto_25_suorBlandina_Malawi_arrivo_firenzuola_rsa_progetto_hic_sum_spazio_spadoni-3.jpeg\"\/><\/figure>\n\n\n<figure class=\"wp-block-image size-large malawi\"><img decoding=\"async\" alt=\"2025 agosto 25 Hermana Blandina Malaui llegada firenzuola rsa proyecto HIC SUM spazio spadoni 2\" src=\"https:\/\/spaziospadoni.org\/wp-content\/uploads\/2026\/05\/2025-agosto_25_suorBlandina_Malawi_arrivo_firenzuola_rsa_progetto_hic_sum_spazio_spadoni-2.jpeg\"\/><\/figure>\n\n\n<figure class=\"wp-block-image size-large malawi\"><img decoding=\"async\" alt=\"2025 agosto 25 Hermana Blandina Malaui llegada firenzuola rsa proyecto HIC SUM spazio spadoni 1\" src=\"https:\/\/spaziospadoni.org\/wp-content\/uploads\/2026\/05\/2025-agosto_25_suorBlandina_Malawi_arrivo_firenzuola_rsa_progetto_hic_sum_spazio_spadoni-1.jpeg\"\/><\/figure>\n\n\n<figure class=\"wp-block-image size-large formazione\"><img decoding=\"async\" alt=\"2025 septiembre 4 Hermana Blandina rsa firenzuola encuentro luigi Spadoni spazio Obras de Misericordia 6\" src=\"https:\/\/spaziospadoni.org\/wp-content\/uploads\/2026\/05\/2025_settembre_4_suor_Blandina_rsa_firenzuola_incontro_luigi_spadonispazio_opere_misericordia-6.jpg\"\/><\/figure>\n\n\n<figure class=\"wp-block-image size-large formazione\"><img decoding=\"async\" alt=\"2025 septiembre 4 Hermana Blandina rsa firenzuola encuentro luigi Spadoni spazio Obras de Misericordia 3\" src=\"https:\/\/spaziospadoni.org\/wp-content\/uploads\/2026\/05\/2025_settembre_4_suor_Blandina_rsa_firenzuola_incontro_luigi_spadonispazio_opere_misericordia-3.jpg\"\/><\/figure>\n\n\n<figure class=\"wp-block-image size-large formazione\"><img decoding=\"async\" alt=\"2025 septiembre 4 Hermana Blandina rsa firenzuola encuentro luigi Spadoni spazio Obras de Misericordia 7\" src=\"https:\/\/spaziospadoni.org\/wp-content\/uploads\/2026\/05\/2025_settembre_4_suor_Blandina_rsa_firenzuola_incontro_luigi_spadonispazio_opere_misericordia-7.jpg\"\/><\/figure>\n\n\n<figure class=\"wp-block-image size-large formazione\"><img decoding=\"async\" alt=\"2025 septiembre 4 Hermana Blandina rsa firenzuola encuentro luigi Spadoni spazio Obras de Misericordia 8\" src=\"https:\/\/spaziospadoni.org\/wp-content\/uploads\/2026\/05\/2025_settembre_4_suor_Blandina_rsa_firenzuola_incontro_luigi_spadonispazio_opere_misericordia-8.jpg\"\/><\/figure>\n\n\n<figure class=\"wp-block-image size-large formazione\"><img decoding=\"async\" alt=\"2025 octubre 14 Hermana Blandina proyecto HIC SUM spazio spadoni firenzuola 3\" src=\"https:\/\/spaziospadoni.org\/wp-content\/uploads\/2026\/05\/2025_ottobre_14_suor_blandina_progetto_huc_sum_spazio_spadoni_firenzuola-3.jpeg\"\/><\/figure>\n\n\n<figure class=\"wp-block-image size-large formazione\"><img decoding=\"async\" alt=\"2025 octubre 21 24 Hermana Blandina san cerbone spazio spadoni proyecto HIC SUM formaci\u00f3n 4 scaled\" src=\"https:\/\/spaziospadoni.org\/wp-content\/uploads\/2026\/05\/2025_ottobre_21_24_suor_blandina_san_cerbone_spazio_spadoni_progetto_hic_sum_formazione-4-scaled-1.jpg\"\/><\/figure>\n\n\n<figure class=\"wp-block-image size-large formazione\"><img decoding=\"async\" alt=\"2025 octubre 21 24 Hermana Blandina san cerbone spazio spadoni proyecto HIC SUM formaci\u00f3n 6 scaled\" src=\"https:\/\/spaziospadoni.org\/wp-content\/uploads\/2026\/05\/2025_ottobre_21_24_suor_blandina_san_cerbone_spazio_spadoni_progetto_hic_sum_formazione-6-scaled-1.jpg\"\/><\/figure>\n\n\n<figure class=\"wp-block-image size-large formazione\"><img decoding=\"async\" alt=\"2025 octubre 21 24 Hermana Blandina san cerbone spazio spadoni proyecto HIC SUM formaci\u00f3n 9 scaled\" src=\"https:\/\/spaziospadoni.org\/wp-content\/uploads\/2026\/05\/2025_ottobre_21_24_suor_blandina_san_cerbone_spazio_spadoni_progetto_hic_sum_formazione-9-scaled-1.jpg\"\/><\/figure>\n\n\n<figure class=\"wp-block-image size-large formazione\"><img decoding=\"async\" alt=\"2025 octubre 21 24 Hermana Blandina san cerbone spazio spadoni proyecto HIC SUM formaci\u00f3n 14 scaled\" src=\"https:\/\/spaziospadoni.org\/wp-content\/uploads\/2026\/05\/2025_ottobre_21_24_suor_blandina_san_cerbone_spazio_spadoni_progetto_hic_sum_formazione-14-scaled-1.jpg\"\/><\/figure>\n\n\n<figure class=\"wp-block-image size-large formazione\"><img decoding=\"async\" alt=\"2025 octubre 21 24 Hermana Blandina san cerbone spazio spadoni proyecto HIC SUM formaci\u00f3n 11 scaled\" src=\"https:\/\/spaziospadoni.org\/wp-content\/uploads\/2026\/05\/2025_ottobre_21_24_suor_blandina_san_cerbone_spazio_spadoni_progetto_hic_sum_formazione-11-scaled-1.jpg\"\/><\/figure>\n\n\n<figure class=\"wp-block-image size-large formazione\"><img decoding=\"async\" alt=\"2025 octubre 21 24 Hermana Blandina san cerbone spazio spadoni proyecto HIC SUM formaci\u00f3n 16 scaled\" src=\"https:\/\/spaziospadoni.org\/wp-content\/uploads\/2026\/05\/2025_ottobre_21_24_suor_blandina_san_cerbone_spazio_spadoni_progetto_hic_sum_formazione-16-scaled-1.jpg\"\/><\/figure>\n\n\n<figure class=\"wp-block-image size-large formazione\"><img decoding=\"async\" alt=\"2025 octubre 21 24 Hermana Blandina san cerbone spazio spadoni proyecto HIC SUM formaci\u00f3n 20 scaled\" src=\"https:\/\/spaziospadoni.org\/wp-content\/uploads\/2026\/05\/2025_ottobre_21_24_suor_blandina_san_cerbone_spazio_spadoni_progetto_hic_sum_formazione-20-scaled-1.jpg\"\/><\/figure>\n\n\n<figure class=\"wp-block-image size-large formazione\"><img decoding=\"async\" alt=\"2025 octubre 21 24 Hermana Blandina san cerbone spazio spadoni proyecto HIC SUM formaci\u00f3n 21 scaled\" src=\"https:\/\/spaziospadoni.org\/wp-content\/uploads\/2026\/05\/2025_ottobre_21_24_suor_blandina_san_cerbone_spazio_spadoni_progetto_hic_sum_formazione-21-scaled-1.jpg\"\/><\/figure>\n\n\n<figure class=\"wp-block-image size-large formazione\"><img decoding=\"async\" alt=\"2025 octubre 21 24 Hermana Blandina san cerbone spazio spadoni proyecto HIC SUM formaci\u00f3n 1 scaled\" src=\"https:\/\/spaziospadoni.org\/wp-content\/uploads\/2026\/05\/2025_ottobre_21_24_suor_blandina_san_cerbone_spazio_spadoni_progetto_hic_sum_formazione-1-scaled-1.jpg\"\/><\/figure>\n\n\n<figure class=\"wp-block-image size-large formazione\"><img decoding=\"async\" alt=\"2025 octubre 21 24 Hermana Blandina san cerbone spazio spadoni proyecto HIC SUM formaci\u00f3n 25 scaled\" src=\"https:\/\/spaziospadoni.org\/wp-content\/uploads\/2026\/05\/2025_ottobre_21_24_suor_blandina_san_cerbone_spazio_spadoni_progetto_hic_sum_formazione-25-scaled-1.jpg\"\/><\/figure>\n\n\n<figure class=\"wp-block-image size-large formazione\"><img decoding=\"async\" alt=\"2025 octubre 21 24 Hermana Blandina san cerbone spazio spadoni proyecto HIC SUM formaci\u00f3n 24 scaled\" src=\"https:\/\/spaziospadoni.org\/wp-content\/uploads\/2026\/05\/2025_ottobre_21_24_suor_blandina_san_cerbone_spazio_spadoni_progetto_hic_sum_formazione-24-scaled-1.jpg\"\/><\/figure>\n\n\n<figure class=\"wp-block-image size-large formazione\"><img decoding=\"async\" alt=\"2025 octubre 21 24 Hermana Blandina san cerbone spazio spadoni proyecto HIC SUM formaci\u00f3n 23 scaled\" src=\"https:\/\/spaziospadoni.org\/wp-content\/uploads\/2026\/05\/2025_ottobre_21_24_suor_blandina_san_cerbone_spazio_spadoni_progetto_hic_sum_formazione-23-scaled-1.jpg\"\/><\/figure>\n\n\n<figure class=\"wp-block-image size-large formazione\"><img decoding=\"async\" alt=\"2025 octubre 21 24 Hermana Blandina san cerbone spazio spadoni proyecto HIC SUM formaci\u00f3n 26 scaled\" src=\"https:\/\/spaziospadoni.org\/wp-content\/uploads\/2026\/05\/2025_ottobre_21_24_suor_blandina_san_cerbone_spazio_spadoni_progetto_hic_sum_formazione-26-scaled-1.jpg\"\/><\/figure>\n\n\n<figure class=\"wp-block-image size-large formazione\"><img decoding=\"async\" alt=\"2025 octubre 21 24 Hermana Blandina san cerbone spazio spadoni proyecto HIC SUM formaci\u00f3n 27 scaled\" src=\"https:\/\/spaziospadoni.org\/wp-content\/uploads\/2026\/05\/2025_ottobre_21_24_suor_blandina_san_cerbone_spazio_spadoni_progetto_hic_sum_formazione-27-scaled-1.jpg\"\/><\/figure>\n\n\n<figure class=\"wp-block-image size-large formazione\"><img decoding=\"async\" alt=\"2025 octubre 21 24 Hermana Blandina san cerbone spazio spadoni proyecto HIC SUM formaci\u00f3n 30 scaled\" src=\"https:\/\/spaziospadoni.org\/wp-content\/uploads\/2026\/05\/2025_ottobre_21_24_suor_blandina_san_cerbone_spazio_spadoni_progetto_hic_sum_formazione-30-scaled-1.jpg\"\/><\/figure>\n\n\n<figure class=\"wp-block-image size-large formazione\"><img decoding=\"async\" alt=\"2025 septiembre 4 Hermana Blandina rsa firenzuola encuentro luigi Spadoni spazio Obras de Misericordia 10\" src=\"https:\/\/spaziospadoni.org\/wp-content\/uploads\/2026\/05\/2025_settembre_4_suor_Blandina_rsa_firenzuola_incontro_luigi_spadonispazio_opere_misericordia-10.jpg\"\/><\/figure>\n\n\n<figure class=\"wp-block-image size-large formazione\"><img decoding=\"async\" alt=\"2025 septiembre 4 Hermana Blandina rsa firenzuola encuentro luigi Spadoni spazio Obras de Misericordia 11\" src=\"https:\/\/spaziospadoni.org\/wp-content\/uploads\/2026\/05\/2025_settembre_4_suor_Blandina_rsa_firenzuola_incontro_luigi_spadonispazio_opere_misericordia-11.jpg\"\/><\/figure>\n\n\n<figure class=\"wp-block-image size-large formazione\"><img decoding=\"async\" alt=\"2025 octubre 25 26 Hermana Blandina roma Puerta Santa Jubileo Esperanza 8\" src=\"https:\/\/spaziospadoni.org\/wp-content\/uploads\/2026\/05\/2025_ottobre_25_26_suor_blandina_roma_porta_santa_giubileo_speranza-8.jpeg\"\/><\/figure>\n\n\n<figure class=\"wp-block-image size-large formazione\"><img decoding=\"async\" alt=\"2025 octubre 25 26 Hermana Blandina roma Puerta Santa Jubileo Esperanza 2\" src=\"https:\/\/spaziospadoni.org\/wp-content\/uploads\/2026\/05\/2025_ottobre_25_26_suor_blandina_roma_porta_santa_giubileo_speranza-2.jpeg\"\/><\/figure>\n\n\n<figure class=\"wp-block-image size-large formazione\"><img decoding=\"async\" alt=\"2025 octubre 25 26 Hermana Blandina roma Puerta Santa Jubileo Esperanza 9\" src=\"https:\/\/spaziospadoni.org\/wp-content\/uploads\/2026\/05\/2025_ottobre_25_26_suor_blandina_roma_porta_santa_giubileo_speranza-9.jpeg\"\/><\/figure>\n\n\n<figure class=\"wp-block-image size-large formazione\"><img decoding=\"async\" alt=\"2025 octubre 25 26 Hermana Blandina roma Puerta Santa Jubileo Esperanza 4\" src=\"https:\/\/spaziospadoni.org\/wp-content\/uploads\/2026\/05\/2025_ottobre_25_26_suor_blandina_roma_porta_santa_giubileo_speranza-4.jpeg\"\/><\/figure>\n\n\n<figure class=\"wp-block-image size-large formazione\"><img decoding=\"async\" alt=\"2025 octubre 25 26 Hermana Blandina roma Puerta Santa Jubileo Esperanza 3\" src=\"https:\/\/spaziospadoni.org\/wp-content\/uploads\/2026\/05\/2025_ottobre_25_26_suor_blandina_roma_porta_santa_giubileo_speranza-3.jpeg\"\/><\/figure>\n\n\n<figure class=\"wp-block-image size-large formazione\"><img decoding=\"async\" alt=\"2025 noviembre 7 despedida Hermana Blandina rsa firenzuola spazio spadoni proyecto HIC SUM OPERA M pa\u00f1uelo 3\" src=\"https:\/\/spaziospadoni.org\/wp-content\/uploads\/2026\/05\/2025_novembre_7_saluto_suor_blandina_rsa_firenzuola_spazio_spadoni_progetto_huic_sum_operam_foulard-3.jpeg\"\/><\/figure>\n\n\n<figure class=\"wp-block-image size-large formazione\"><img decoding=\"async\" alt=\"2025 noviembre 7 despedida Hermana Blandina rsa firenzuola spazio spadoni proyecto HIC SUM OPERA M 2\" src=\"https:\/\/spaziospadoni.org\/wp-content\/uploads\/2026\/05\/2025_novembre_7_saluto_suor_blandina_rsa_firenzuola_spazio_spadoni_progetto_huic_sum_operam-2.jpeg\"\/><\/figure>\n\n\n<figure class=\"wp-block-image size-large malawi\"><img decoding=\"async\" alt=\"2025 noviembre 8 salida Hermana Blandina spazio spadoni proyecto HIC SUM OPERA M 2\" src=\"https:\/\/spaziospadoni.org\/wp-content\/uploads\/2026\/05\/2025_movembre_8_partenza_suor_blandina_spazio_spadoni_progetto_hic_sum_operam-2.jpeg\"\/><\/figure>\n\n\n<figure class=\"wp-block-image size-large malawi\"><img decoding=\"async\" alt=\"2025 noviembre 8 salida Hermana Blandina spazio spadoni proyecto HIC SUM OPERA M 1\" src=\"https:\/\/spaziospadoni.org\/wp-content\/uploads\/2026\/05\/2025_movembre_8_partenza_suor_blandina_spazio_spadoni_progetto_hic_sum_operam-1.jpeg\"\/><\/figure>\n\n\n<figure class=\"wp-block-image size-large malawi\"><img decoding=\"async\" alt=\"2025 diciembre Hermana Blandina Malaui formaci\u00f3n Obras de Misericordia spazio spadoni OPERA M 1\" src=\"https:\/\/spaziospadoni.org\/wp-content\/uploads\/2026\/05\/2025_dicembre_suor_blandina_malawi_formazione_opere_misericordia_spazio_spadoni_operam-1.jpeg\"\/><\/figure>\n\n\n<figure class=\"wp-block-image size-large malawi\"><img decoding=\"async\" alt=\"2025 diciembre Hermana Blandina Malaui formaci\u00f3n Obras de Misericordia spazio spadoni OPERA M 2\" src=\"https:\/\/spaziospadoni.org\/wp-content\/uploads\/2026\/05\/2025_dicembre_suor_blandina_malawi_formazione_opere_misericordia_spazio_spadoni_operam-2.jpeg\"\/><\/figure>\n\n\n<figure class=\"wp-block-image size-large malawi\"><img decoding=\"async\" alt=\"2025 diciembre Hermana Blandina Malaui formaci\u00f3n Obras de Misericordia spazio spadoni OPERA M 3\" src=\"https:\/\/spaziospadoni.org\/wp-content\/uploads\/2026\/05\/2025_dicembre_suor_blandina_malawi_formazione_opere_misericordia_spazio_spadoni_operam-3.jpeg\"\/><\/figure>\n\n\n<figure class=\"wp-block-image size-large malawi\"><img decoding=\"async\" alt=\"2025 diciembre Hermana Blandina Malaui formaci\u00f3n Obras de Misericordia spazio spadoni OPERA M 5\" src=\"https:\/\/spaziospadoni.org\/wp-content\/uploads\/2026\/05\/2025_dicembre_suor_blandina_malawi_formazione_opere_misericordia_spazio_spadoni_operam-5.jpeg\"\/><\/figure>\n\n<\/figure>\n\n\n<div class=\"gb-element-b24bbf5e ss-media-videos\">\n\n<figure class=\"wp-block-video video\"><video controls=\"\" src=\"https:\/\/spaziospadoni.org\/wp-content\/uploads\/2026\/05\/2023_marzo_san_giuseppe_suor_agnes_spiega_opere_misericordia.mp4\"><\/video><figcaption class=\"wp-element-caption\">2023 marzo san giuseppe Hermana Agnes explica Obras de Misericordia<\/figcaption><\/figure>\n\n\n<figure class=\"wp-block-video video\"><video controls=\"\" src=\"https:\/\/spaziospadoni.org\/wp-content\/uploads\/2026\/05\/ottobre_2023_apostolato_ospedale_rwanda_opere_misericordia_operam_spazio_spadoni_suor_agnes.mp4\"><\/video><figcaption class=\"wp-element-caption\">octubre 2023 apostolado hospitalario Ruanda Obras de Misericordia OPERA M spazio spadoni Hermana Agnes<\/figcaption><\/figure>\n\n\n<figure class=\"wp-block-video video\"><video controls=\"\" src=\"https:\/\/spaziospadoni.org\/wp-content\/uploads\/2026\/05\/maggio_2025_apostolato_ospedale_operam_opere_misericordia_rwanda_suor_agnes_spazio_spadoni-2.mp4\"><\/video><figcaption class=\"wp-element-caption\">mayo 2025 apostolado hospitalario OPERA M Obras de Misericordia Ruanda Hermana Agnes spazio spadoni 2<\/figcaption><\/figure>\n\n\n<figure class=\"wp-block-video video\"><video controls=\"\" src=\"https:\/\/spaziospadoni.org\/wp-content\/uploads\/2026\/05\/maggio_2025_apostolato_ospedale_operam_opere_misericordia_rwanda_suor_agnes_spazio_spadoni-1.mp4\"><\/video><figcaption class=\"wp-element-caption\">mayo 2025 apostolado hospitalario OPERA M Obras de Misericordia Ruanda Hermana Agnes spazio spadoni 1<\/figcaption><\/figure>\n\n\n<figure class=\"wp-block-video video\"><video controls=\"\" src=\"https:\/\/spaziospadoni.org\/wp-content\/uploads\/2026\/05\/13.09.2025.mp4\"><\/video><figcaption class=\"wp-element-caption\">13.09.2025<\/figcaption><\/figure>\n\n\n<figure class=\"wp-block-video video\"><video controls=\"\" src=\"https:\/\/spaziospadoni.org\/wp-content\/uploads\/2026\/05\/2025_aprile_operam_opere_misericordia_spazio_spadoni_butare_ruanda_volontari.mp4\"><\/video><figcaption class=\"wp-element-caption\">2025 abril OPERA M Obras de Misericordia spazio spadoni butare Ruanda voluntarios<\/figcaption><\/figure>\n\n\n<figure class=\"wp-block-video video\"><video controls=\"\" src=\"https:\/\/spaziospadoni.org\/wp-content\/uploads\/2026\/05\/2025_ottobre_18_suor_agnes_esperance_rwanda_opere_misericordia_volontari_ospedale-1.mp4\"><\/video><figcaption class=\"wp-element-caption\">2025 octubre 18 Hermana Agnes esperance Ruanda Obras de Misericordia voluntarios ospedale 1<\/figcaption><\/figure>\n\n<\/div>\n\n<\/div>\n\n<\/div>\n\n<\/div>\n\n","protected":false},"excerpt":{"rendered":"<p>Dedza | Dedza (Malaui) OPERA M26 MISI\u00d3N Lugar Dedza Di\u00f3cesis Dedza Pa\u00eds Malaui Continente \u00c1frica Coordenadas GPS -14.38197 34.32502 Huso horario UTC+2 ORGANIZADOR Congregaci\u00f3n Presentation of the Virgin Mary Sisters Casa Madre Dedza, Malaui Di\u00f3cesis Dedza Pa\u00eds Malaui Continente \u00c1frica Fiesta de la Congregaci\u00f3n 21 de noviembre Coordenadas GPS -14.37888 34.33407 Huso horario UTC+2 Referente &#8230; <a title=\"Malaui &#8211; \u00c1frica | Proyecto M26\" class=\"read-more\" href=\"https:\/\/spaziospadoni.org\/es\/opera-m\/malaui-africa-proyecto-m26\/\" aria-label=\"Read more about Malaui &#8211; \u00c1frica | Proyecto M26\">Leer m\u00e1s<\/a><\/p>\n","protected":false},"author":102,"featured_media":0,"parent":89580,"menu_order":0,"comment_status":"closed","ping_status":"closed","template":"","meta":{"_sitemap_exclude":false,"_sitemap_priority":"","_sitemap_frequency":"","footnotes":""},"class_list":["post-81112","page","type-page","status-publish","infinite-scroll-item"],"yoast_head":"<!-- This site is optimized with the Yoast SEO plugin v28.4 - https:\/\/yoast.com\/product\/yoast-seo-wordpress\/ -->\n<title>Malaui - \u00c1frica | Proyecto M26 | Spazio Spadoni<\/title>\n<meta name=\"description\" content=\"Dedza | Dedza (Malaui) OPERA M26 MISI\u00d3N Lugar Dedza Di\u00f3cesis Dedza Pa\u00eds Malaui Continente \u00c1frica Coordenadas GPS -14.38197 34.32502 Huso horario UTC+2\" \/>\n<meta name=\"robots\" content=\"index, follow, max-snippet:-1, max-image-preview:large, max-video-preview:-1\" \/>\n<link rel=\"canonical\" href=\"https:\/\/spaziospadoni.org\/es\/opera-m\/malaui-africa-proyecto-m26\/\" \/>\n<meta property=\"og:locale\" content=\"es_ES\" \/>\n<meta property=\"og:type\" content=\"article\" \/>\n<meta property=\"og:title\" content=\"Malaui - \u00c1frica | Proyecto M26 | Spazio Spadoni\" \/>\n<meta property=\"og:description\" content=\"Dedza | Dedza (Malaui) OPERA M26 MISI\u00d3N Lugar Dedza Di\u00f3cesis Dedza Pa\u00eds Malaui Continente \u00c1frica Coordenadas GPS -14.38197 34.32502 Huso horario UTC+2\" \/>\n<meta property=\"og:url\" content=\"https:\/\/spaziospadoni.org\/es\/opera-m\/malaui-africa-proyecto-m26\/\" \/>\n<meta property=\"og:site_name\" content=\"spazio + spadoni\" \/>\n<meta property=\"article:publisher\" content=\"https:\/\/www.facebook.com\/SpazioSpadoni\/\" \/>\n<meta property=\"article:modified_time\" content=\"2026-07-30T12:57:32+00:00\" \/>\n<meta property=\"og:image\" content=\"https:\/\/spaziospadoni.org\/wp-content\/uploads\/2026\/05\/hicsum_1_congo-spaziospadoni-scaled.png\" \/>\n\t<meta property=\"og:image:width\" content=\"2560\" \/>\n\t<meta property=\"og:image:height\" content=\"1771\" \/>\n\t<meta property=\"og:image:type\" content=\"image\/png\" \/>\n<meta name=\"twitter:card\" content=\"summary_large_image\" \/>\n<meta name=\"twitter:label1\" content=\"Est. reading time\" \/>\n\t<meta name=\"twitter:data1\" content=\"14 minutes\" \/>\n<script type=\"application\/ld+json\" class=\"yoast-schema-graph\">{\"@context\":\"https:\\\/\\\/schema.org\",\"@graph\":[{\"@type\":\"WebPage\",\"@id\":\"https:\\\/\\\/spaziospadoni.org\\\/es\\\/opera-m\\\/malaui-africa-proyecto-m26\\\/\",\"url\":\"https:\\\/\\\/spaziospadoni.org\\\/es\\\/opera-m\\\/malaui-africa-proyecto-m26\\\/\",\"name\":\"Malaui - \u00c1frica | Proyecto M26 | Spazio Spadoni\",\"isPartOf\":{\"@id\":\"https:\\\/\\\/spaziospadoni.org\\\/es\\\/#website\"},\"primaryImageOfPage\":{\"@id\":\"https:\\\/\\\/spaziospadoni.org\\\/es\\\/opera-m\\\/malaui-africa-proyecto-m26\\\/#primaryimage\"},\"image\":{\"@id\":\"https:\\\/\\\/spaziospadoni.org\\\/es\\\/opera-m\\\/malaui-africa-proyecto-m26\\\/#primaryimage\"},\"thumbnailUrl\":\"https:\\\/\\\/spaziospadoni.org\\\/wp-content\\\/uploads\\\/2026\\\/05\\\/hicsum_23_malawi-spaziospadoni-2-scaled.png\",\"datePublished\":\"2026-05-18T11:03:38+00:00\",\"dateModified\":\"2026-07-30T12:57:32+00:00\",\"description\":\"Dedza | Dedza (Malaui) OPERA M26 MISI\u00d3N Lugar Dedza Di\u00f3cesis Dedza Pa\u00eds Malaui Continente \u00c1frica Coordenadas GPS -14.38197 34.32502 Huso horario UTC+2\",\"breadcrumb\":{\"@id\":\"https:\\\/\\\/spaziospadoni.org\\\/es\\\/opera-m\\\/malaui-africa-proyecto-m26\\\/#breadcrumb\"},\"inLanguage\":\"es-ES\",\"potentialAction\":[{\"@type\":\"ReadAction\",\"target\":[\"https:\\\/\\\/spaziospadoni.org\\\/es\\\/opera-m\\\/malaui-africa-proyecto-m26\\\/\"]}]},{\"@type\":\"ImageObject\",\"inLanguage\":\"es-ES\",\"@id\":\"https:\\\/\\\/spaziospadoni.org\\\/es\\\/opera-m\\\/malaui-africa-proyecto-m26\\\/#primaryimage\",\"url\":\"https:\\\/\\\/spaziospadoni.org\\\/wp-content\\\/uploads\\\/2026\\\/05\\\/hicsum_23_malawi-spaziospadoni-2-scaled.png\",\"contentUrl\":\"https:\\\/\\\/spaziospadoni.org\\\/wp-content\\\/uploads\\\/2026\\\/05\\\/hicsum_23_malawi-spaziospadoni-2-scaled.png\"},{\"@type\":\"BreadcrumbList\",\"@id\":\"https:\\\/\\\/spaziospadoni.org\\\/es\\\/opera-m\\\/malaui-africa-proyecto-m26\\\/#breadcrumb\",\"itemListElement\":[{\"@type\":\"ListItem\",\"position\":1,\"name\":\"Home\",\"item\":\"https:\\\/\\\/spaziospadoni.org\\\/es\\\/\"},{\"@type\":\"ListItem\",\"position\":2,\"name\":\"Obras de Misericordia\",\"item\":\"https:\\\/\\\/spaziospadoni.org\\\/es\\\/obras-de-misericordia\\\/\"},{\"@type\":\"ListItem\",\"position\":3,\"name\":\"Malaui &#8211; \u00c1frica | Proyecto M26\"}]},{\"@type\":\"WebSite\",\"@id\":\"https:\\\/\\\/spaziospadoni.org\\\/es\\\/#website\",\"url\":\"https:\\\/\\\/spaziospadoni.org\\\/es\\\/\",\"name\":\"spazio + spadoni\",\"description\":\"Generazione di misericordia e missione nel mondo\",\"publisher\":{\"@id\":\"https:\\\/\\\/spaziospadoni.org\\\/es\\\/#organization\"},\"alternateName\":\"spaziospadoni.org\",\"potentialAction\":[{\"@type\":\"SearchAction\",\"target\":{\"@type\":\"EntryPoint\",\"urlTemplate\":\"https:\\\/\\\/spaziospadoni.org\\\/es\\\/?s={search_term_string}\"},\"query-input\":{\"@type\":\"PropertyValueSpecification\",\"valueRequired\":true,\"valueName\":\"search_term_string\"}}],\"inLanguage\":\"es-ES\"},{\"@type\":\"Organization\",\"@id\":\"https:\\\/\\\/spaziospadoni.org\\\/es\\\/#organization\",\"name\":\"spazio + spadoni\",\"alternateName\":\"spaziospadoni.org\",\"url\":\"https:\\\/\\\/spaziospadoni.org\\\/es\\\/\",\"logo\":{\"@type\":\"ImageObject\",\"inLanguage\":\"es-ES\",\"@id\":\"https:\\\/\\\/spaziospadoni.org\\\/es\\\/#\\\/schema\\\/logo\\\/image\\\/\",\"url\":\"https:\\\/\\\/spaziospadoni.org\\\/wp-content\\\/uploads\\\/2026\\\/05\\\/spazio-spadoni-logo-100x100-1.webp\",\"contentUrl\":\"https:\\\/\\\/spaziospadoni.org\\\/wp-content\\\/uploads\\\/2026\\\/05\\\/spazio-spadoni-logo-100x100-1.webp\",\"width\":100,\"height\":100,\"caption\":\"spazio + spadoni\"},\"image\":{\"@id\":\"https:\\\/\\\/spaziospadoni.org\\\/es\\\/#\\\/schema\\\/logo\\\/image\\\/\"},\"sameAs\":[\"https:\\\/\\\/www.facebook.com\\\/SpazioSpadoni\\\/\",\"https:\\\/\\\/www.instagram.com\\\/spaziospadoni\\\/\",\"https:\\\/\\\/www.youtube.com\\\/@spaziospadoni\\\/playlists\"]}]}<\/script>\n<!-- \/ Yoast SEO plugin. -->","yoast_head_json":{"title":"Malaui - \u00c1frica | Proyecto M26 | Spazio Spadoni","description":"Dedza | Dedza (Malaui) OPERA M26 MISI\u00d3N Lugar Dedza Di\u00f3cesis Dedza Pa\u00eds Malaui Continente \u00c1frica Coordenadas GPS -14.38197 34.32502 Huso horario UTC+2","robots":{"index":"index","follow":"follow","max-snippet":"max-snippet:-1","max-image-preview":"max-image-preview:large","max-video-preview":"max-video-preview:-1"},"canonical":"https:\/\/spaziospadoni.org\/es\/opera-m\/malaui-africa-proyecto-m26\/","og_locale":"es_ES","og_type":"article","og_title":"Malaui - \u00c1frica | Proyecto M26 | Spazio Spadoni","og_description":"Dedza | Dedza (Malaui) OPERA M26 MISI\u00d3N Lugar Dedza Di\u00f3cesis Dedza Pa\u00eds Malaui Continente \u00c1frica Coordenadas GPS -14.38197 34.32502 Huso horario UTC+2","og_url":"https:\/\/spaziospadoni.org\/es\/opera-m\/malaui-africa-proyecto-m26\/","og_site_name":"spazio + spadoni","article_publisher":"https:\/\/www.facebook.com\/SpazioSpadoni\/","article_modified_time":"2026-07-30T12:57:32+00:00","og_image":[{"width":2560,"height":1771,"url":"https:\/\/spaziospadoni.org\/wp-content\/uploads\/2026\/05\/hicsum_1_congo-spaziospadoni-scaled.png","type":"image\/png"}],"twitter_card":"summary_large_image","twitter_misc":{"Est. reading time":"14 minutes"},"schema":{"@context":"https:\/\/schema.org","@graph":[{"@type":"WebPage","@id":"https:\/\/spaziospadoni.org\/es\/opera-m\/malaui-africa-proyecto-m26\/","url":"https:\/\/spaziospadoni.org\/es\/opera-m\/malaui-africa-proyecto-m26\/","name":"Malaui - \u00c1frica | Proyecto M26 | Spazio Spadoni","isPartOf":{"@id":"https:\/\/spaziospadoni.org\/es\/#website"},"primaryImageOfPage":{"@id":"https:\/\/spaziospadoni.org\/es\/opera-m\/malaui-africa-proyecto-m26\/#primaryimage"},"image":{"@id":"https:\/\/spaziospadoni.org\/es\/opera-m\/malaui-africa-proyecto-m26\/#primaryimage"},"thumbnailUrl":"https:\/\/spaziospadoni.org\/wp-content\/uploads\/2026\/05\/hicsum_23_malawi-spaziospadoni-2-scaled.png","datePublished":"2026-05-18T11:03:38+00:00","dateModified":"2026-07-30T12:57:32+00:00","description":"Dedza | Dedza (Malaui) OPERA M26 MISI\u00d3N Lugar Dedza Di\u00f3cesis Dedza Pa\u00eds Malaui Continente \u00c1frica Coordenadas GPS -14.38197 34.32502 Huso horario UTC+2","breadcrumb":{"@id":"https:\/\/spaziospadoni.org\/es\/opera-m\/malaui-africa-proyecto-m26\/#breadcrumb"},"inLanguage":"es-ES","potentialAction":[{"@type":"ReadAction","target":["https:\/\/spaziospadoni.org\/es\/opera-m\/malaui-africa-proyecto-m26\/"]}]},{"@type":"ImageObject","inLanguage":"es-ES","@id":"https:\/\/spaziospadoni.org\/es\/opera-m\/malaui-africa-proyecto-m26\/#primaryimage","url":"https:\/\/spaziospadoni.org\/wp-content\/uploads\/2026\/05\/hicsum_23_malawi-spaziospadoni-2-scaled.png","contentUrl":"https:\/\/spaziospadoni.org\/wp-content\/uploads\/2026\/05\/hicsum_23_malawi-spaziospadoni-2-scaled.png"},{"@type":"BreadcrumbList","@id":"https:\/\/spaziospadoni.org\/es\/opera-m\/malaui-africa-proyecto-m26\/#breadcrumb","itemListElement":[{"@type":"ListItem","position":1,"name":"Home","item":"https:\/\/spaziospadoni.org\/es\/"},{"@type":"ListItem","position":2,"name":"Obras de Misericordia","item":"https:\/\/spaziospadoni.org\/es\/obras-de-misericordia\/"},{"@type":"ListItem","position":3,"name":"Malaui &#8211; \u00c1frica | Proyecto M26"}]},{"@type":"WebSite","@id":"https:\/\/spaziospadoni.org\/es\/#website","url":"https:\/\/spaziospadoni.org\/es\/","name":"spazio + spadoni","description":"Generazione di misericordia e missione nel mondo","publisher":{"@id":"https:\/\/spaziospadoni.org\/es\/#organization"},"alternateName":"spaziospadoni.org","potentialAction":[{"@type":"SearchAction","target":{"@type":"EntryPoint","urlTemplate":"https:\/\/spaziospadoni.org\/es\/?s={search_term_string}"},"query-input":{"@type":"PropertyValueSpecification","valueRequired":true,"valueName":"search_term_string"}}],"inLanguage":"es-ES"},{"@type":"Organization","@id":"https:\/\/spaziospadoni.org\/es\/#organization","name":"spazio + spadoni","alternateName":"spaziospadoni.org","url":"https:\/\/spaziospadoni.org\/es\/","logo":{"@type":"ImageObject","inLanguage":"es-ES","@id":"https:\/\/spaziospadoni.org\/es\/#\/schema\/logo\/image\/","url":"https:\/\/spaziospadoni.org\/wp-content\/uploads\/2026\/05\/spazio-spadoni-logo-100x100-1.webp","contentUrl":"https:\/\/spaziospadoni.org\/wp-content\/uploads\/2026\/05\/spazio-spadoni-logo-100x100-1.webp","width":100,"height":100,"caption":"spazio + spadoni"},"image":{"@id":"https:\/\/spaziospadoni.org\/es\/#\/schema\/logo\/image\/"},"sameAs":["https:\/\/www.facebook.com\/SpazioSpadoni\/","https:\/\/www.instagram.com\/spaziospadoni\/","https:\/\/www.youtube.com\/@spaziospadoni\/playlists"]}]}},"_links":{"self":[{"href":"https:\/\/spaziospadoni.org\/es\/wp-json\/wp\/v2\/pages\/81112","targetHints":{"allow":["GET"]}}],"collection":[{"href":"https:\/\/spaziospadoni.org\/es\/wp-json\/wp\/v2\/pages"}],"about":[{"href":"https:\/\/spaziospadoni.org\/es\/wp-json\/wp\/v2\/types\/page"}],"author":[{"embeddable":true,"href":"https:\/\/spaziospadoni.org\/es\/wp-json\/wp\/v2\/users\/102"}],"replies":[{"embeddable":true,"href":"https:\/\/spaziospadoni.org\/es\/wp-json\/wp\/v2\/comments?post=81112"}],"version-history":[{"count":0,"href":"https:\/\/spaziospadoni.org\/es\/wp-json\/wp\/v2\/pages\/81112\/revisions"}],"up":[{"embeddable":true,"href":"https:\/\/spaziospadoni.org\/es\/wp-json\/wp\/v2\/pages\/89580"}],"wp:attachment":[{"href":"https:\/\/spaziospadoni.org\/es\/wp-json\/wp\/v2\/media?parent=81112"}],"curies":[{"name":"wp","href":"https:\/\/api.w.org\/{rel}","templated":true}]}}