{"id":81371,"date":"2026-05-18T12:15:26","date_gmt":"2026-05-18T11:15:26","guid":{"rendered":"https:\/\/spaziospadoni.org\/obras-de-misericordia\/messico-america-progetto-m11\/"},"modified":"2026-07-30T14:36:22","modified_gmt":"2026-07-30T13:36:22","slug":"mexico-america-proyecto-m11","status":"publish","type":"page","link":"https:\/\/spaziospadoni.org\/es\/opera-m\/mexico-america-proyecto-m11\/","title":{"rendered":"M\u00e9xico &#8211; Am\u00e9rica | Proyecto M11"},"content":{"rendered":"\n<div class=\"ss-project-hero-card\">\n<h2 id=\"puebla-puebla-mexico\" class=\"gb-text gb-text-62a95885\">Puebla | Puebla (M\u00e9xico)<\/h2>\n\n\n\n<div class=\"gb-element-f60f2409\">\n<div class=\"gb-element-90a85740 ss-project-sidebar\">\n<h2 id=\"opera-m11\" class=\"gb-text ss-project-title\">OPERA M11<\/h2>\n\n\n\n<figure class=\"wp-block-image size-large\"><img decoding=\"async\" src=\"https:\/\/spaziospadoni.org\/wp-content\/uploads\/2026\/05\/hicsum_20_messico-spaziospadoni.png\" alt=\"HIC SUM 20 M\u00e9xico spaziospadoni\" class=\"wp-image-43007\"\/><\/figure>\n\n\n\n<div class=\"ss-project-table\">\n<div class=\"ss-table-section-title\">\n<h3 id=\"mision\" class=\"gb-text\">MISI\u00d3N<\/h3>\n<\/div>\n\n\n\n<div class=\"ss-table-row\">\n<p class=\"gb-text\">Lugar<\/p>\n\n\n\n<p class=\"gb-text\"><a href=\"https:\/\/www.google.it\/maps\/place\/Puebla,+Messico\/@19.0401912,-98.2745832,12z\/data=!3m1!4b1!4m6!3m5!1s0x85cfc0bd5ebc7a3b:0x48a6461de494ad95!8m2!3d19.0414398!4d-98.2062727!16zL20vMDE4M3pf?entry=ttu&#038;g_ep=EgoyMDI1MDMyNS4xIKXMDSoJLDEwMjExNjM5SAFQAw%3D%3D\" rel=\"noreferrer noopener\" target=\"_blank\" title=\"Puebla\">Puebla<\/a><\/p>\n<\/div>\n\n\n\n<div class=\"ss-table-row\">\n<p class=\"gb-text\">Di\u00f3cesis<\/p>\n\n\n\n<p class=\"gb-text\">Puebla<\/p>\n<\/div>\n\n\n\n<div class=\"ss-table-row\">\n<p class=\"gb-text\">Pa\u00eds<\/p>\n\n\n\n<p class=\"gb-text\"><strong>M\u00e9xico<\/strong><\/p>\n<\/div>\n\n\n\n<div class=\"ss-table-row\">\n<p class=\"gb-text\">Continente<\/p>\n\n\n\n<p class=\"gb-text\">Am\u00e9rica<\/p>\n<\/div>\n\n\n\n<div class=\"ss-table-row\">\n<p class=\"gb-text\">Coordenadas GPS<\/p>\n\n\n\n<p class=\"gb-text\">18.49349 -98.24490<\/p>\n<\/div>\n\n\n\n<div class=\"ss-table-row\">\n<p class=\"gb-text\">Huso horario<\/p>\n\n\n\n<p class=\"gb-text\">UTC-6<\/p>\n<\/div>\n<\/div>\n\n\n\n<div class=\"ss-project-table\">\n<div class=\"ss-table-section-title\">\n<h3 id=\"organizador\" class=\"gb-text\">ORGANIZADOR<\/h3>\n<\/div>\n\n\n\n<div class=\"ss-table-row\">\n<p class=\"gb-text\">Congregaci\u00f3n<\/p>\n\n\n\n<p class=\"gb-text\">Misioneras Catequistas de los Sagrados Corazones de Jes\u00fas y de Mar\u00eda<\/p>\n<\/div>\n\n\n\n<div class=\"ss-table-row\">\n<p class=\"gb-text\">Casa Madre<\/p>\n\n\n\n<p class=\"gb-text\">Ciudad de M\u00e9xico<\/p>\n<\/div>\n\n\n\n<div class=\"ss-table-row\">\n<p class=\"gb-text\">Di\u00f3cesis<\/p>\n\n\n\n<p class=\"gb-text\">Ciudad de M\u00e9xico<\/p>\n<\/div>\n\n\n\n<div class=\"ss-table-row\">\n<p class=\"gb-text\">Pa\u00eds<\/p>\n\n\n\n<p class=\"gb-text\">M\u00e9xico<\/p>\n<\/div>\n\n\n\n<div class=\"ss-table-row\">\n<p class=\"gb-text\">Continente<\/p>\n\n\n\n<p class=\"gb-text\">Am\u00e9rica<\/p>\n<\/div>\n\n\n\n<div class=\"ss-table-row\">\n<p class=\"gb-text\">Fiesta de la Congregaci\u00f3n<\/p>\n\n\n\n<p class=\"gb-text\">Sagrado Coraz\u00f3n de Jes\u00fas y Sagrado Coraz\u00f3n de Mar\u00eda<\/p>\n<\/div>\n\n\n\n<div class=\"ss-table-row\">\n<p class=\"gb-text\">Coordenadas GPS<\/p>\n\n\n\n<p class=\"gb-text\">19.43211 -99.14912<\/p>\n<\/div>\n\n\n\n<div class=\"ss-table-row\">\n<p class=\"gb-text\">Huso horario<\/p>\n\n\n\n<p class=\"gb-text\">UTC-6<\/p>\n<\/div>\n\n\n\n<div class=\"ss-table-row\">\n<p class=\"gb-text\">Referente<\/p>\n\n\n\n<p class=\"gb-text\">Hermana Perla Helena Hernandez Alvarado<\/p>\n<\/div>\n\n\n\n<div class=\"ss-table-row\">\n<p class=\"gb-text\">Superiora General<\/p>\n\n\n\n<p class=\"gb-text\">Hermana Irene Solano Gonzales<\/p>\n<\/div>\n\n\n\n<div class=\"ss-table-row\">\n<p class=\"gb-text\">Sitio web<\/p>\n\n\n\n<p class=\"gb-text\"><a href=\"https:\/\/www.suoresantagemma.it\/\" target=\"_blank\" rel=\"noreferrer noopener\" title=\"suoresantagemma.it\">suoresantagemma.it<\/a><\/p>\n<\/div>\n<\/div>\n\n\n\n<div class=\"ss-project-table\">\n<a class=\"gb-element-e1766596 ss-table-section-button\" href=\"#\" title=\"OPERA M &#8211; PROYECTO M11\">\n<span class=\"gb-text\">OPERA M &#8211; PROYECTO M11<\/span>\n<\/a>\n<\/div>\n<\/div>\n<\/div>\n\n\n\n<div class=\"gb-element-6ad95ea8\">\n<div class=\"gb-element-e34063a6 ss-project-intro\">\n<p class=\"wp-block-paragraph\">OPERA M es la revoluci\u00f3n de las obras de misericordia. Es el instrumento permanente para desarrollar una visi\u00f3n s\u00f3lida y renovada de las obras en el mundo.<\/p>\n\n\n\n<p class=\"wp-block-paragraph\">Nace de una necesidad urgente, profundamente sentida por spazio + spadoni, de re<strong>E<\/strong>volucionar el concepto de obra de misericordia como un camino que es siempre, al mismo tiempo, humano y divino y, por tanto, siempre espiritual adem\u00e1s de pr\u00e1ctico (o corporal). El redescubrimiento, o mejor dicho, la verdadera re<strong>E<\/strong>voluci\u00f3n de las obras debe redescubrirse dentro de esta s\u00edntesis entre el aspecto espiritual y el acto pr\u00e1ctico. La acci\u00f3n material debe estar siempre impregnada por el esp\u00edritu.<\/p>\n\n\n\n<p class=\"wp-block-paragraph\">OPERA M se basa en cinco acciones que definen su m\u00e9todo: INVOCA, llama al Esp\u00edritu ESCUCHA, guarda silencio para abrirte a la escucha ENCUENTRA, permanece entre la gente ACTUEMOS, actuemos por las obras INUNDEMOS, llevemos a todos a las Obras de Misericordia <strong>Obras de Misericordia espirituales<\/strong> Aconsejar a los que dudan Ense\u00f1ar a los ignorantes Amonestar a los pecadores Consolar a los afligidos Perdonar las ofensas Soportar con paciencia a las personas molestas Rogar a Dios por los vivos y los difuntos <strong>Obras de Misericordia corporales<\/strong> Dar de comer al hambriento Dar de beber al sediento Vestir al desnudo Dar posada al peregrino Visitar al enfermo Visitar a los presos Enterrar a los muertos<\/p>\n\n<\/div>\n<\/div>\n\n\n\n\n<div>\n\n<h2 id=\"cronologia\" class=\"gb-text gb-text-8179e40a\">Cronolog\u00eda<\/h2>\n\n\n\n\n\n<div class=\"ss-timeline\">\n\n<h3 id=\"2021\" class=\"gb-text\">2021<\/h3>\n\n\n\n\n\n<div class=\"ss-timeline-item\">\n\n<h4 id=\"05-de-agosto-inicio-de-la-relacion\" class=\"gb-text\">05 de agosto | Inicio de la relaci\u00f3n<\/h4>\n\n\n\n\n<p class=\"wp-block-paragraph\">Tiene lugar la primera llamada entre spazio + spadoni, las Misioneras Catequistas de los Sagrados Corazones de Jes\u00fas y de Mar\u00eda y Misericordia di Rosolini<\/p>\n\n\n<\/div>\n\n\n<\/div>\n\n\n\n\n<div class=\"ss-timeline\">\n\n<h3 id=\"2022\" class=\"gb-text\">2022<\/h3>\n\n\n\n\n\n<div class=\"ss-timeline-item\">\n\n<h4 id=\"28-de-abril-llegada-de-las-hermanas-a-italia\" class=\"gb-text\">28 de abril | Llegada de las hermanas a Italia<\/h4>\n\n\n\n\n<p class=\"wp-block-paragraph\">La hermana Perla y la hermana Angelica llegan a Italia y son acogidas por Misericordia di Rosolini<\/p>\n\n\n\n<figure class=\"wp-block-gallery has-nested-images columns-1 is-cropped ss-lightbox wp-block-gallery-1 is-layout-flex wp-block-gallery-is-layout-flex\">\n\n<figure class=\"wp-block-image size-large\"><img decoding=\"async\" src=\"https:\/\/spaziospadoni.org\/wp-content\/uploads\/2026\/05\/Arrivo-300x225.jpeg\" alt=\"Llegada 300x225\"\/><figcaption class=\"wp-element-caption\">28 de abril | Llegada de las hermanas a Italia<\/figcaption><\/figure>\n\n\n<figure class=\"wp-block-image size-large\"><img decoding=\"async\" src=\"https:\/\/spaziospadoni.org\/wp-content\/uploads\/2026\/05\/nino-e-perla-spilla-copia-300x187.jpg\" alt=\"nino e perla insignia copia 300x187\"\/><figcaption class=\"wp-element-caption\">28 de abril | Llegada de las hermanas a Italia<\/figcaption><\/figure>\n\n<\/figure>\n\n\n<\/div>\n\n\n\n\n<div class=\"ss-timeline-item\">\n\n<h4 id=\"0609-de-junio-formacion-en-san-cerbone\" class=\"gb-text\">06-09 de junio | Formaci\u00f3n en San Cerbone<\/h4>\n\n\n\n\n<p class=\"wp-block-paragraph\">Formaci\u00f3n t\u00e9cnica de spazio + spadoni sobre el proyecto HIC SUM y OPERA M en el Convento di San Cerbone (LU)<\/p>\n\n\n\n<figure class=\"wp-block-gallery has-nested-images columns-1 is-cropped ss-lightbox wp-block-gallery-2 is-layout-flex wp-block-gallery-is-layout-flex\">\n\n<figure class=\"wp-block-image size-large\"><img decoding=\"async\" src=\"https:\/\/spaziospadoni.org\/wp-content\/uploads\/2026\/05\/mettere-qualcvhe-spilla-copia-300x122.jpg\" alt=\"poner qualche insignia copia 300x122\"\/><figcaption class=\"wp-element-caption\">06-09 de junio | Formaci\u00f3n en San Cerbone<\/figcaption><\/figure>\n\n\n<figure class=\"wp-block-image size-large\"><img decoding=\"async\" src=\"https:\/\/spaziospadoni.org\/wp-content\/uploads\/2026\/05\/spille-copia-300x225.jpg\" alt=\"insignias copia 300x225\"\/><figcaption class=\"wp-element-caption\">06-09 de junio | Formaci\u00f3n en San Cerbone<\/figcaption><\/figure>\n\n<\/figure>\n\n\n<\/div>\n\n\n\n\n<div class=\"ss-timeline-item\">\n\n<h4 id=\"15-de-junio-formacion\" class=\"gb-text\">15 de junio | Formaci\u00f3n<\/h4>\n\n\n\n\n<p class=\"wp-block-paragraph\">Visita t\u00e9cnica de spazio + spadoni a Misericordia di Rosolini y formaci\u00f3n HIC SUM y OPERA M<\/p>\n\n\n<\/div>\n\n\n\n\n<div class=\"ss-timeline-item\">\n\n<h4 id=\"0711-de-noviembre-convencion-fare-spazio-al-coraggio\" class=\"gb-text\">07-11 de noviembre| Convenci\u00f3n Fare Spazio al Coraggio<\/h4>\n\n\n\n\n<p class=\"wp-block-paragraph\">La hermana Perla y la hermana Angelica participan en la Convenci\u00f3n ideada y promovida por spazio + spadoni en el Convento di San Cerbone (LU) <\/p>\n\n\n<\/div>\n\n\n\n\n<div class=\"ss-timeline-item\">\n\n<h4 id=\"10-de-noviembre-formacion\" class=\"gb-text\">10 de noviembre| Formaci\u00f3n<\/h4>\n\n\n\n\n<p class=\"wp-block-paragraph\">Visita t\u00e9cnica de spazio + spadoni a Misericordia di Rosolini y formaci\u00f3n sobre HIC SUM y las Obras de Misericordia<\/p>\n\n\n\n<figure class=\"wp-block-gallery has-nested-images columns-1 is-cropped ss-lightbox wp-block-gallery-3 is-layout-flex wp-block-gallery-is-layout-flex\">\n\n<figure class=\"wp-block-image size-large\"><img decoding=\"async\" src=\"https:\/\/spaziospadoni.org\/wp-content\/uploads\/2026\/05\/2022_dicembre_12_hicsum_20_rosolini_misericordia_spazio_spadoni_sr_angelica_perla_formazione_paola_amaddio_fabio_figura_luigi_bongiovanni.jpg\" alt=\"2022 diciembre 12 HIC SUM 20 rosolini misericordia spazio spadoni sr angelica perla formaci\u00f3n paola amaddio fabio figura luigi bongiovanni 300x286\"\/><figcaption class=\"wp-element-caption\">10 de noviembre| Formaci\u00f3n<\/figcaption><\/figure>\n\n<\/figure>\n\n\n<\/div>\n\n\n<\/div>\n\n\n\n\n<div class=\"ss-timeline\">\n\n<h3 id=\"2023\" class=\"gb-text\">2023<\/h3>\n\n\n\n\n\n<div class=\"ss-timeline-item\">\n\n<h4 id=\"encuentro-con-el-obispo\" class=\"gb-text\">Encuentro con el obispo<\/h4>\n\n\n\n\n<p class=\"wp-block-paragraph\">S.E. Mons. Salvatore Rumeo con spazio + spadoni y los miembros de Misericordia di Rosolini<\/p>\n\n\n\n<figure class=\"wp-block-gallery has-nested-images columns-1 is-cropped ss-lightbox wp-block-gallery-4 is-layout-flex wp-block-gallery-is-layout-flex\">\n\n<figure class=\"wp-block-image size-large\"><img decoding=\"async\" src=\"https:\/\/spaziospadoni.org\/wp-content\/uploads\/2026\/05\/2023_hicsum_20_rosolini_misericordia_spazio_spadoni_sr_angelica_perla_luigi_spadoni_vescovo_rumeo_sindaco.jpg\" alt=\"2023 HIC SUM 20 rosolini misericordia spazio spadoni sr angelica perla luigi spadoni vescovo rumeo sindaco 300x244\"\/><figcaption class=\"wp-element-caption\">Encuentro con el obispo<\/figcaption><\/figure>\n\n\n<figure class=\"wp-block-image size-large\"><img decoding=\"async\" src=\"https:\/\/spaziospadoni.org\/wp-content\/uploads\/2026\/05\/22-aprile-2023hicsum_20_rosolini_misericordia_spazio_spadoni_sr_angelica_perla_volontari_vescovo_rumeo_visita_misericordia_rosolini-300x236.jpg\" alt=\"22 abril 2023hicsum 20 rosolini misericordia spazio spadoni sr angelica perla voluntarios vescovo rumeo visita misericordia rosolini 300x236\"\/><figcaption class=\"wp-element-caption\">Encuentro con el obispo<\/figcaption><\/figure>\n\n\n<figure class=\"wp-block-image size-large\"><img decoding=\"async\" src=\"https:\/\/spaziospadoni.org\/wp-content\/uploads\/2026\/05\/22-aprile-2023-nino-rumeo-carmelo-di-martino-salvatore-magri-spilla-a-destra-copia-300x264.jpg\" alt=\"22 abril 2023 nino rumeo carmelo di martino salvatore magri insignia a la derecha copia 300x264\"\/><figcaption class=\"wp-element-caption\">Encuentro con el obispo<\/figcaption><\/figure>\n\n<\/figure>\n\n\n<\/div>\n\n\n\n\n<div class=\"ss-timeline-item\">\n\n<h4 id=\"07-de-febrero-renovacion-de-votos\" class=\"gb-text\">07 de febrero | Renovaci\u00f3n de votos<\/h4>\n\n\n\n\n<figure class=\"wp-block-gallery has-nested-images columns-1 is-cropped ss-lightbox wp-block-gallery-5 is-layout-flex wp-block-gallery-is-layout-flex\">\n\n<figure class=\"wp-block-image size-large\"><img decoding=\"async\" src=\"https:\/\/spaziospadoni.org\/wp-content\/uploads\/2026\/05\/F-perla2023_febbraio_7_hicsum_20_rosolini_misericordia_spazio_spadoni_sr_angelica_perla_rinnovo_voti_chiesa_madre-6-copia-300x191.jpg\" alt=\"F perla2023 febrero 7 HIC SUM 20 rosolini misericordia spazio spadoni sr angelica perla renovaci\u00f3n de votos iglesia Madre 6 copia 300x191\"\/><figcaption class=\"wp-element-caption\">07 de febrero | Renovaci\u00f3n de votos<\/figcaption><\/figure>\n\n<\/figure>\n\n\n<\/div>\n\n\n\n\n<div class=\"ss-timeline-item\">\n\n<h4 id=\"10-de-marzo-gran-gala\" class=\"gb-text\">10 de marzo | Gran Gala<\/h4>\n\n\n\n\n<p class=\"wp-block-paragraph\">Misericordia di Rosolini organiza una velada de gala en los Giardini della Contea de Modica para despedir a la hermana Perla y a la hermana Angelica <\/p>\n\n\n<\/div>\n\n\n\n\n<div class=\"ss-timeline-item\">\n\n<h4 id=\"11-de-marzo-formacion\" class=\"gb-text\">11 de marzo | Formaci\u00f3n<\/h4>\n\n\n\n\n<p class=\"wp-block-paragraph\">visita tecnica di spazio + spadoni presso la Misericordia di Rosolini e formaci\u00f3n sulle Opere di Misericordia<\/p>\n\n\n\n<figure class=\"wp-block-gallery has-nested-images columns-1 is-cropped ss-lightbox wp-block-gallery-6 is-layout-flex wp-block-gallery-is-layout-flex\">\n\n<figure class=\"wp-block-image size-large\"><img decoding=\"async\" src=\"https:\/\/spaziospadoni.org\/wp-content\/uploads\/2026\/05\/spilla-a-tutte-e-due-2022_hicsum_20_rosolini_misericordia_messico_spazio_spadoni_sr_angelica_perla_formazione-2-copia-300x242.jpg\" alt=\"insignia a las dos 2022 HIC SUM 20 rosolini misericordia M\u00e9xico spazio spadoni sr angelica perla formaci\u00f3n 2 copia 300x242\"\/><figcaption class=\"wp-element-caption\">11 de marzo | Formaci\u00f3n<\/figcaption><\/figure>\n\n<\/figure>\n\n\n<\/div>\n\n\n\n\n<div class=\"ss-timeline-item\">\n\n<h4 id=\"25-de-marzo-salida-de-las-hermanas\" class=\"gb-text\">25 de marzo | Salida de las hermanas<\/h4>\n\n\n\n\n<p class=\"wp-block-paragraph\">La hermana Perla y la hermana Angelica regresan a M\u00e9xico<\/p>\n\n\n\n<figure class=\"wp-block-gallery has-nested-images columns-1 is-cropped ss-lightbox wp-block-gallery-7 is-layout-flex wp-block-gallery-is-layout-flex\">\n\n<figure class=\"wp-block-image size-large\"><img decoding=\"async\" src=\"https:\/\/spaziospadoni.org\/wp-content\/uploads\/2026\/05\/hicsum_20_rosolini_misericordia_spazio_spadoni_sr_angelica_perla-1.jpg\" alt=\"HIC SUM 20 rosolini misericordia spazio spadoni sr angelica perla 280x300\"\/><figcaption class=\"wp-element-caption\">25 de marzo | Salida de las hermanas<\/figcaption><\/figure>\n\n\n<figure class=\"wp-block-image size-large\"><img decoding=\"async\" src=\"https:\/\/spaziospadoni.org\/wp-content\/uploads\/2026\/05\/mettere-F-a-una-delle-due2023_marzo_26_hicsum_20_rosolini_misericordia_messico_spazio_spadoni_sr_angelica_perla_arrivo_suore_messico-4-copia-300x166.jpg\" alt=\"poner F a una delle due2023 marzo 26 HIC SUM 20 rosolini misericordia M\u00e9xico spazio spadoni sr angelica perla llegada de las hermanas M\u00e9xico 4 copia 300x166\"\/><figcaption class=\"wp-element-caption\">25 de marzo | Salida de las hermanas<\/figcaption><\/figure>\n\n<\/figure>\n\n\n<\/div>\n\n\n\n\n<div class=\"ss-timeline-item\">\n\n<h4 id=\"03-de-mayo-formacion-en-linea\" class=\"gb-text\">03 de mayo | Formaci\u00f3n en l\u00ednea<\/h4>\n\n\n\n\n<p class=\"wp-block-paragraph\">Las hermanas Violette, spazio + spadoni y Misericordia di Rosolini se conectan para una formaci\u00f3n sobre las Obras de Misericordia y para \u00abhacer el primer Click\u00bb<\/p>\n\n\n\n<figure class=\"wp-block-gallery has-nested-images columns-1 is-cropped ss-lightbox wp-block-gallery-8 is-layout-flex wp-block-gallery-is-layout-flex\">\n\n<figure class=\"wp-block-image size-large\"><img decoding=\"async\" src=\"https:\/\/spaziospadoni.org\/wp-content\/uploads\/2026\/05\/29-aprile-2024-giorno-del-click-spille-msparse-copia-300x143.jpg\" alt=\"29 abril 2024 d\u00eda del Click insignias msparse copia 300x143\"\/><figcaption class=\"wp-element-caption\">03 de mayo | Formaci\u00f3n en l\u00ednea<\/figcaption><\/figure>\n\n<\/figure>\n\n\n<\/div>\n\n\n\n\n<div class=\"ss-timeline-item\">\n\n<h4 id=\"1517-de-septiembre-convencion-fare-spazio-alla-rievoluzione-delle-opere-di-misericordia\" class=\"gb-text\">15-17 de septiembre | Convenci\u00f3n Fare Spazio alla riEvoluzione delle Opere di Misericordia<\/h4>\n\n\n\n\n<p class=\"wp-block-paragraph\">Convenci\u00f3n ideada y promovida por spazio + spadoni en el Santuario della Madonna della Scala de Noto (SR)<\/p>\n\n\n\n<figure class=\"wp-block-gallery has-nested-images columns-1 is-cropped ss-lightbox wp-block-gallery-9 is-layout-flex wp-block-gallery-is-layout-flex\">\n\n<figure class=\"wp-block-image size-large\"><img decoding=\"async\" src=\"https:\/\/spaziospadoni.org\/wp-content\/uploads\/2026\/05\/2023_settembre_17_hicsum_20_messico_rosolini_misericordia_spazio_spadoni_sr_angelica_perla_convention_rievoluzione_opere_noto_nino_savarino-6-300x207.jpg\" alt=\"2023 septiembre 17 HIC SUM 20 M\u00e9xico rosolini misericordia spazio spadoni sr angelica perla convention rievoluzione opere noto nino savarino 6 300x207\"\/><figcaption class=\"wp-element-caption\">15-17 de septiembre | Convenci\u00f3n Fare Spazio alla riEvoluzione delle Opere di Misericordia<\/figcaption><\/figure>\n\n\n<figure class=\"wp-block-image size-large\"><img decoding=\"async\" src=\"https:\/\/spaziospadoni.org\/wp-content\/uploads\/2026\/05\/Convention-noto-300x279.jpg\" alt=\"Convenci\u00f3n de Noto 300x279\"\/><figcaption class=\"wp-element-caption\">15-17 de septiembre | Convenci\u00f3n Fare Spazio alla riEvoluzione delle Opere di Misericordia<\/figcaption><\/figure>\n\n<\/figure>\n\n\n<\/div>\n\n\n<\/div>\n\n\n\n\n<div class=\"ss-timeline\">\n\n<h3 id=\"2024\" class=\"gb-text\">2024<\/h3>\n\n\n\n\n\n<div class=\"ss-timeline-item\">\n\n<h4 id=\"encuentro-con-el-obispo\" class=\"gb-text\">Encuentro con el obispo<\/h4>\n\n\n\n\n<p class=\"wp-block-paragraph\">S.E. Mons. Salvatore Rumeo durante la jornada diocesana de la juventud en Pozzallo<\/p>\n\n\n\n<figure class=\"wp-block-gallery has-nested-images columns-1 is-cropped ss-lightbox wp-block-gallery-10 is-layout-flex wp-block-gallery-is-layout-flex\">\n\n<figure class=\"wp-block-image size-large\"><img decoding=\"async\" src=\"https:\/\/spaziospadoni.org\/wp-content\/uploads\/2026\/05\/21-aprile-2024-giornata-diocesana-della-gioventu-a-pozzallo-300x122.jpg\" alt=\"21 abril 2024 jornada diocesana de la juventud a pozzallo 300x122\"\/><figcaption class=\"wp-element-caption\">Encuentro con el obispo<\/figcaption><\/figure>\n\n\n<figure class=\"wp-block-image size-large\"><img decoding=\"async\" src=\"https:\/\/spaziospadoni.org\/wp-content\/uploads\/2026\/05\/incontro-vescovo-2024-spilla-a-luigi-su-coccodrillo-copia-300x169.jpg\" alt=\"encuentro con el obispo 2024 insignia a luigi sobre cocodrilo copia 300x169\"\/><figcaption class=\"wp-element-caption\">Encuentro con el obispo<\/figcaption><\/figure>\n\n\n<figure class=\"wp-block-image size-large\"><img decoding=\"async\" src=\"https:\/\/spaziospadoni.org\/wp-content\/uploads\/2026\/05\/incontro-vescovo-spilla-a-luigi-su-coccodrillo-copia-300x110.jpg\" alt=\"encuentro con el obispo insignia a luigi sobre cocodrilo copia 300x110\"\/><figcaption class=\"wp-element-caption\">Encuentro con el obispo<\/figcaption><\/figure>\n\n<\/figure>\n\n\n<\/div>\n\n\n<\/div>\n\n\n\n\n<div class=\"ss-timeline\">\n\n<h3 id=\"2025\" class=\"gb-text\">2025<\/h3>\n\n\n\n\n\n<div class=\"ss-timeline-item\">\n\n<h4 id=\"04-de-mayo-encuentro-con-la-superiora-general\" class=\"gb-text\">04 de mayo | Encuentro con la Superiora General<\/h4>\n\n\n\n\n<p class=\"wp-block-paragraph\">Con ocasi\u00f3n de la Asamblea de la UISG celebrada en Roma del 5 al 9 de mayo, spazio + spadoni se reuni\u00f3 con la Madre Irene, que los hosped\u00f3 durante todo el congreso en la Casa Madre de las Suore Figlie di Maria Missionarie<\/p>\n\n\n\n<figure class=\"wp-block-gallery has-nested-images columns-1 is-cropped ss-lightbox wp-block-gallery-11 is-layout-flex wp-block-gallery-is-layout-flex\">\n\n<figure class=\"wp-block-image size-large\"><img decoding=\"async\" src=\"https:\/\/spaziospadoni.org\/wp-content\/uploads\/2026\/05\/2025_maggio_assemblea_uisg_roma_spazio_spadoni_opere_misericordia_superiore_generali_suore-105-225x300.jpg\" alt=\"2025 mayo assemblea uisg roma spazio spadoni Obras de Misericordia superiore generali hermanas 105 225x300\"\/><figcaption class=\"wp-element-caption\">04 de mayo | Encuentro con la Superiora General<\/figcaption><\/figure>\n\n\n<figure class=\"wp-block-image size-large\"><img decoding=\"async\" src=\"https:\/\/spaziospadoni.org\/wp-content\/uploads\/2026\/05\/2025_maggio_assemblea_uisg_roma_spazio_spadoni_opere_misericordia_superiore_generali_suore-103-300x225.jpg\" alt=\"2025 mayo assemblea uisg roma spazio spadoni Obras de Misericordia superiore generali hermanas 103 300x225\"\/><figcaption class=\"wp-element-caption\">04 de mayo | Encuentro con la Superiora General<\/figcaption><\/figure>\n\n\n<figure class=\"wp-block-image size-large\"><img decoding=\"async\" src=\"https:\/\/spaziospadoni.org\/wp-content\/uploads\/2026\/05\/2025_maggio_assemblea_uisg_roma_spazio_spadoni_opere_misericordia_superiore_generali_suore-114-300x225.jpg\" alt=\"2025 mayo assemblea uisg roma spazio spadoni Obras de Misericordia superiore generali hermanas 114 300x225\"\/><figcaption class=\"wp-element-caption\">04 de mayo | Encuentro con la Superiora General<\/figcaption><\/figure>\n\n<\/figure>\n\n\n<\/div>\n\n\n\n\n<div class=\"ss-timeline-item\">\n\n<h4 id=\"03-de-junio-la-hermana-perla-y-la-hermana-angelica-regresan-a-misericordia-di-rosolini\" class=\"gb-text\">03 de junio | La hermana Perla y la hermana Angelica regresan a Misericordia di Rosolini<\/h4>\n\n\n\n\n<figure class=\"wp-block-gallery has-nested-images columns-1 is-cropped ss-lightbox wp-block-gallery-12 is-layout-flex wp-block-gallery-is-layout-flex\">\n\n<figure class=\"wp-block-image size-large\"><img decoding=\"async\" src=\"https:\/\/spaziospadoni.org\/wp-content\/uploads\/2026\/05\/2025_giugno_suor_perla_angelica_tornano_misericordia_Rosolini_spazio_spadoni_progetto_hic_sum-7-300x169.jpg\" alt=\"2025 junio Hermana Perla angelica tornano misericordia Rosolini spazio spadoni proyecto HIC SUM 7 300x169\"\/><figcaption class=\"wp-element-caption\">03 de junio | La hermana Perla y la hermana Angelica regresan a Misericordia di Rosolini<\/figcaption><\/figure>\n\n\n<figure class=\"wp-block-image size-large\"><img decoding=\"async\" src=\"https:\/\/spaziospadoni.org\/wp-content\/uploads\/2026\/05\/2025_giugno_suor_perla_angelica_tornano_misericordia_Rosolini_spazio_spadoni_progetto_hic_sum-1-300x169.jpg\" alt=\"2025 junio Hermana Perla angelica tornano misericordia Rosolini spazio spadoni proyecto HIC SUM 1 300x169\"\/><figcaption class=\"wp-element-caption\">03 de junio | La hermana Perla y la hermana Angelica regresan a Misericordia di Rosolini<\/figcaption><\/figure>\n\n\n<figure class=\"wp-block-image size-large\"><img decoding=\"async\" src=\"https:\/\/spaziospadoni.org\/wp-content\/uploads\/2026\/05\/2025_giugno_suor_perla_angelica_tornano_misericordia_Rosolini_spazio_spadoni_progetto_hic_sum-6-300x169.jpg\" alt=\"2025 junio Hermana Perla angelica tornano misericordia Rosolini spazio spadoni proyecto HIC SUM 6 300x169\"\/><figcaption class=\"wp-element-caption\">03 de junio | La hermana Perla y la hermana Angelica regresan a Misericordia di Rosolini<\/figcaption><\/figure>\n\n<\/figure>\n\n\n<\/div>\n\n\n\n\n<div class=\"ss-timeline-item\">\n\n<h4 id=\"07-de-junio-spazio-spadoni-en-rosolini\" class=\"gb-text\">07 de junio | spazio + spadoni en Rosolini<\/h4>\n\n\n\n\n<p class=\"wp-block-paragraph\">Luigi Spadoni visita Rosolini con ocasi\u00f3n de la fiesta de la Misericordia y de la presencia de la hermana Perla y la hermana Angelica<\/p>\n\n\n\n<figure class=\"wp-block-gallery has-nested-images columns-1 is-cropped ss-lightbox wp-block-gallery-13 is-layout-flex wp-block-gallery-is-layout-flex\">\n\n<figure class=\"wp-block-image size-large\"><img decoding=\"async\" src=\"https:\/\/spaziospadoni.org\/wp-content\/uploads\/2026\/05\/2025_giugno_rosolini_sicilia_spazio_spadoni_suor_perla_angelica_progetto_hic_sum_festa-14-300x169.jpg\" alt=\"2025 junio rosolini Sicilia spazio spadoni Hermana Perla angelica proyecto HIC SUM fiesta 14 300x169\"\/><figcaption class=\"wp-element-caption\">07 de junio | spazio + spadoni en Rosolini<\/figcaption><\/figure>\n\n\n<figure class=\"wp-block-image size-large\"><img decoding=\"async\" src=\"https:\/\/spaziospadoni.org\/wp-content\/uploads\/2026\/05\/2025_giugno_rosolini_sicilia_spazio_spadoni_suor_perla_angelica_progetto_hic_sum_festa-7-300x200.jpg\" alt=\"2025 junio rosolini Sicilia spazio spadoni Hermana Perla angelica proyecto HIC SUM fiesta 7 300x200\"\/><figcaption class=\"wp-element-caption\">07 de junio | spazio + spadoni en Rosolini<\/figcaption><\/figure>\n\n\n<figure class=\"wp-block-image size-large\"><img decoding=\"async\" src=\"https:\/\/spaziospadoni.org\/wp-content\/uploads\/2026\/05\/2025_giugno_rosolini_sicilia_spazio_spadoni_suor_perla_angelica_progetto_hic_sum_festa-2-300x200.jpg\" alt=\"2025 junio rosolini Sicilia spazio spadoni Hermana Perla angelica proyecto HIC SUM fiesta 2 300x200\"\/><figcaption class=\"wp-element-caption\">07 de junio | spazio + spadoni en Rosolini<\/figcaption><\/figure>\n\n\n<figure class=\"wp-block-image size-large\"><img decoding=\"async\" src=\"https:\/\/spaziospadoni.org\/wp-content\/uploads\/2026\/05\/2025_giugno_rosolini_sicilia_spazio_spadoni_suor_perla_angelica_progetto_hic_sum_festa-3-300x200.jpg\" alt=\"2025 junio rosolini Sicilia spazio spadoni Hermana Perla angelica proyecto HIC SUM fiesta 3 300x200\"\/><figcaption class=\"wp-element-caption\">07 de junio | spazio + spadoni en Rosolini<\/figcaption><\/figure>\n\n<\/figure>\n\n\n<\/div>\n\n\n\n\n<div class=\"ss-timeline-item\">\n\n<h4 id=\"23-de-junio-gran-gala\" class=\"gb-text\">23 de junio | Gran Gala<\/h4>\n\n\n\n\n<p class=\"wp-block-paragraph\">La Misericordia organiza otra Gran Gala en la que tambi\u00e9n participan la hermana Perla y la hermana Angelica<\/p>\n\n\n\n<figure class=\"wp-block-gallery has-nested-images columns-1 is-cropped ss-lightbox wp-block-gallery-14 is-layout-flex wp-block-gallery-is-layout-flex\">\n\n<figure class=\"wp-block-image size-large\"><img decoding=\"async\" src=\"https:\/\/spaziospadoni.org\/wp-content\/uploads\/2026\/05\/2025_23_giugno_gran-Gala-4-300x169.jpg\" alt=\"2025 23 junio gran Gala 4 300x169\"\/><figcaption class=\"wp-element-caption\">23 de junio | Gran Gala<\/figcaption><\/figure>\n\n\n<figure class=\"wp-block-image size-large\"><img decoding=\"async\" src=\"https:\/\/spaziospadoni.org\/wp-content\/uploads\/2026\/05\/2025_23_giugno_gran-Gala-6-300x169.jpg\" alt=\"2025 23 junio gran Gala 6 300x169\"\/><figcaption class=\"wp-element-caption\">23 de junio | Gran Gala<\/figcaption><\/figure>\n\n<\/figure>\n\n\n<\/div>\n\n\n\n\n<div class=\"ss-timeline-item\">\n\n<h4 id=\"2324-de-julio-visita-a-roma-y-asis\" class=\"gb-text\">23-24 de julio | Visita a Roma y As\u00eds<\/h4>\n\n\n\n\n<p class=\"wp-block-paragraph\">La hermana Perla y la hermana Angelica, junto con Nino Savarino y Nino Armeri, visitan As\u00eds y Roma durante el a\u00f1o del Jubileo de la Esperanza<\/p>\n\n\n\n<figure class=\"wp-block-gallery has-nested-images columns-1 is-cropped ss-lightbox wp-block-gallery-15 is-layout-flex wp-block-gallery-is-layout-flex\">\n\n<figure class=\"wp-block-image size-large\"><img decoding=\"async\" src=\"https:\/\/spaziospadoni.org\/wp-content\/uploads\/2026\/05\/2025_luglio_23_24_suor_perla_angelica_visita_roma_assisi_misericordia_rosolini_spazio_spadoni_progetto_hic_sum_opere_misericordia-3.jpg\" alt=\"2025 julio 23 24 Hermana Perla angelica visita roma assisi misericordia rosolini spazio spadoni proyecto HIC SUM Obras de Misericordia 3\"\/><figcaption class=\"wp-element-caption\">23-24 de julio | Visita a Roma y As\u00eds<\/figcaption><\/figure>\n\n\n<figure class=\"wp-block-image size-large\"><img decoding=\"async\" src=\"https:\/\/spaziospadoni.org\/wp-content\/uploads\/2026\/05\/2025_luglio_23_24_suor_perla_angelica_visita_roma_assisi_misericordia_rosolini_spazio_spadoni_progetto_hic_sum_opere_misericordia-1.jpg\" alt=\"2025 julio 23 24 Hermana Perla angelica visita roma assisi misericordia rosolini spazio spadoni proyecto HIC SUM Obras de Misericordia 1\"\/><figcaption class=\"wp-element-caption\">23-24 de julio | Visita a Roma y As\u00eds<\/figcaption><\/figure>\n\n<\/figure>\n\n\n<\/div>\n\n\n\n\n<div class=\"ss-timeline-item\">\n\n<h4 id=\"05-de-agosto-la-hermana-perla-y-la-hermana-angelica-regresan-a-mexico\" class=\"gb-text\">05 de agosto | La hermana Perla y la hermana Angelica regresan a M\u00e9xico<\/h4>\n\n\n\n\n<p class=\"wp-block-paragraph\">Despu\u00e9s de dos meses en Rosolini, la hermana Perla y la hermana Angelica regresaron a M\u00e9xico<\/p>\n\n\n<\/div>\n\n\n\n\n<div class=\"ss-timeline-item\">\n\n<h4 id=\"13-de-septiembre-visita-al-obispo-de-puebla\" class=\"gb-text\">13 de septiembre | Visita al obispo de Puebla<\/h4>\n\n\n\n\n<p class=\"wp-block-paragraph\">La hermana Perla y la Madre Irene visitan al obispo de Puebla para presentar tambi\u00e9n su compromiso con la difusi\u00f3n de las Obras de Misericordia<\/p>\n\n\n\n<figure class=\"wp-block-gallery has-nested-images columns-1 is-cropped ss-lightbox wp-block-gallery-16 is-layout-flex wp-block-gallery-is-layout-flex\">\n\n<figure class=\"wp-block-image size-large\"><img decoding=\"async\" src=\"https:\/\/spaziospadoni.org\/wp-content\/uploads\/2026\/05\/2025_settembre_13_suor_perla_madre_irene_visita_vescovo_puebla_messico_opere_misericordia_spazio_spadoni.jpeg\" alt=\"2025 septiembre 13 Hermana Perla Madre irene visita vescovo puebla M\u00e9xico Obras de Misericordia spazio spadoni\"\/><figcaption class=\"wp-element-caption\">13 de septiembre | Visita al obispo de Puebla<\/figcaption><\/figure>\n\n<\/figure>\n\n\n<\/div>\n\n\n\n\n<div class=\"ss-timeline-item\">\n\n<h4 id=\"17-de-septiembre-encuentro-entre-misericordia-rosolini-y-los-voluntarios-de-mexico\" class=\"gb-text\">17 de septiembre | Encuentro entre Misericordia Rosolini y los voluntarios de M\u00e9xico<\/h4>\n\n\n\n\n<p class=\"wp-block-paragraph\">Nino Savarino se re\u00fane en l\u00ednea con la hermana Perla, Enrique Arellano Bravo y No\u00e9 Ortega Hern\u00e1ndez de la asociaci\u00f3n &quot;Marcial \u00c1guila Gonz\u00e1lez&quot;, con la que spazio + spadoni inicia una colaboraci\u00f3n para difundir las Obras de Misericordia<\/p>\n\n\n\n<figure class=\"wp-block-gallery has-nested-images columns-1 is-cropped ss-lightbox wp-block-gallery-17 is-layout-flex wp-block-gallery-is-layout-flex\">\n\n<figure class=\"wp-block-image size-large\"><img decoding=\"async\" src=\"https:\/\/spaziospadoni.org\/wp-content\/uploads\/2026\/05\/2025_settembre_17_incontro_misericordia_rosolini_suor_perla_associazione_messico_opere_misericordia_spazio_spadoni.jpeg\" alt=\"2025 septiembre 17 encuentro misericordia rosolini Hermana Perla associazione M\u00e9xico Obras de Misericordia spazio spadoni\"\/><figcaption class=\"wp-element-caption\">17 de septiembre | Encuentro entre Misericordia Rosolini y los voluntarios de M\u00e9xico<\/figcaption><\/figure>\n\n<\/figure>\n\n\n<\/div>\n\n\n<\/div>\n\n\n\n\n<div class=\"ss-timeline\">\n\n<h3 id=\"2026\" class=\"gb-text\">2026<\/h3>\n\n\n\n\n\n<div class=\"ss-timeline-item\">\n\n<h4 id=\"25-de-enero-formacion-opera-m\" class=\"gb-text\">25 de enero | Formaci\u00f3n OPERA M<\/h4>\n\n\n\n\n<p class=\"wp-block-paragraph\">La hermana Perla, en Puebla, M\u00e9xico, imparte una formaci\u00f3n sobre las Obras de Misericordia<\/p>\n\n\n\n<figure class=\"wp-block-gallery has-nested-images columns-1 is-cropped ss-lightbox wp-block-gallery-18 is-layout-flex wp-block-gallery-is-layout-flex\">\n\n<figure class=\"wp-block-image size-large\"><img decoding=\"async\" src=\"https:\/\/spaziospadoni.org\/wp-content\/uploads\/2026\/05\/2026_gennaio_25_formazione_opere_misericordia_puebla_messico_suor_perla_progetto_hic_sum_operam_spazio_spadoni-2.jpeg\" alt=\"2026 enero 25 formaci\u00f3n Obras de Misericordia puebla M\u00e9xico Hermana Perla proyecto HIC SUM OPERA M spazio spadoni 2\"\/><figcaption class=\"wp-element-caption\">25 de enero | Formaci\u00f3n OPERA M<\/figcaption><\/figure>\n\n<\/figure>\n\n\n<\/div>\n\n\n\n\n<div class=\"ss-timeline-item\">\n\n<h4 id=\"19-de-marzo-rievoluzione-de-las-obras-de-misericordia\" class=\"gb-text\">19 de marzo | RiEvoluzione de las Obras de Misericordia<\/h4>\n\n\n\n\n<p class=\"wp-block-paragraph\">Los miembros de spazio + spadoni recorren Puebla llevando ayuda y consuelo a quienes viven y duermen en la calle<\/p>\n\n\n\n<figure class=\"wp-block-gallery has-nested-images columns-1 is-cropped ss-lightbox wp-block-gallery-19 is-layout-flex wp-block-gallery-is-layout-flex\">\n\n<figure class=\"wp-block-image size-large\"><img decoding=\"async\" src=\"https:\/\/spaziospadoni.org\/wp-content\/uploads\/2026\/05\/2026_marzo_19_abitanti_spazio_spadoni_puebla_opere_misericordia_operam-17.jpeg\" alt=\"2026 marzo 19 habitantes spazio spadoni puebla Obras de Misericordia OPERA M 17\"\/><figcaption class=\"wp-element-caption\">19 de marzo | RiEvoluzione de las Obras de Misericordia<\/figcaption><\/figure>\n\n\n<figure class=\"wp-block-image size-large\"><img decoding=\"async\" src=\"https:\/\/spaziospadoni.org\/wp-content\/uploads\/2026\/05\/2026_marzo_19_abitanti_spazio_spadoni_puebla_opere_misericordia_operam-1.jpeg\" alt=\"2026 marzo 19 habitantes spazio spadoni puebla Obras de Misericordia OPERA M 1\"\/><figcaption class=\"wp-element-caption\">19 de marzo | RiEvoluzione de las Obras de Misericordia<\/figcaption><\/figure>\n\n<\/figure>\n\n\n<\/div>\n\n\n<\/div>\n\n\n<\/div>\n\n\n\n<div class=\"ss-project-reports\">\n<h2 id=\"informe-sobre-las-obras-de-misericordia\" class=\"gb-text gb-text-75c3218d\">Informe sobre las Obras de Misericordia<\/h2>\n\n\n<ul class=\"wp-block-list ss-report-list\">\n\n<li><a href=\"https:\/\/spaziospadoni.org\/wp-content\/uploads\/2026\/05\/OperaM_sr-Perla_Messico.pdf\" target=\"_blank\" rel=\"noreferrer noopener\" title=\"OPERA M_Hermana Perla_M\u00e9xico\">OPERA M_Hermana Perla_M\u00e9xico<\/a><\/li>\n\n<\/ul>\n\n<\/div>\n\n\n\n<div class=\"ss-project-media\">\n<h2 id=\"fotos-y-videos\" class=\"gb-text gb-text-d7bd8be8\">Fotos y v\u00eddeos<\/h2>\n\n\n<div class=\"ss-media-filters\">\n\n<a class=\"gb-text ss-media-filter active\" data-filter=\"*\" title=\"Todo\">Todo<\/a>\n\n\n<a class=\"gb-text ss-media-filter\" data-filter=\".formazione\" title=\"Formaci\u00f3n\">Formaci\u00f3n<\/a>\n\n\n<a class=\"gb-text ss-media-filter\" data-filter=\".messico\" title=\"M\u00e9xico\">M\u00e9xico<\/a>\n\n\n<a class=\"gb-text ss-media-filter\" data-filter=\".video\" title=\"V\u00eddeo\">V\u00eddeo<\/a>\n\n<\/div>\n\n\n<div class=\"ss-media-grid\">\n<div>\n<figure class=\"wp-block-gallery has-nested-images columns-1 is-cropped ss-lightbox wp-block-gallery-20 is-layout-flex wp-block-gallery-is-layout-flex\">\n\n<figure class=\"wp-block-image size-large formazione\"><img decoding=\"async\" alt=\"HIC SUM 20 rosolini misericordia spazio spadoni sr angelica perla voluntarios vescovo 300x225\" src=\"https:\/\/spaziospadoni.org\/wp-content\/uploads\/2026\/05\/hicsum_20_rosolini_misericordia_spazio_spadoni_sr_angelica_perla_volontari_vescovo-300x225.jpg\"\/><\/figure>\n\n\n<figure class=\"wp-block-image size-large formazione\"><img decoding=\"async\" alt=\"2022 septiembre HIC SUM spazio spadoni Italia convento san cerbone misericordia convention fare spazio coraggio sr 12 225x300\" src=\"https:\/\/spaziospadoni.org\/wp-content\/uploads\/2026\/05\/2022_settembre_hicsum_spazio_spadoni_italia_convento_san_cerbone_misericordia_convention_fare_spazio_coraggio_sr_-12-225x300.jpg\"\/><\/figure>\n\n\n<figure class=\"wp-block-image size-large formazione\"><img decoding=\"async\" alt=\"F dispersos copia 300x84\" src=\"https:\/\/spaziospadoni.org\/wp-content\/uploads\/2026\/05\/F-sparsi-copia-300x84.jpg\"\/><\/figure>\n\n\n<figure class=\"wp-block-image size-large formazione\"><img decoding=\"async\" alt=\"F perla e odette copia 300x176\" src=\"https:\/\/spaziospadoni.org\/wp-content\/uploads\/2026\/05\/F-perla-e-odette-copia-300x176.jpg\"\/><\/figure>\n\n\n<figure class=\"wp-block-image size-large formazione\"><img decoding=\"async\" alt=\"F perla copia 300x267\" src=\"https:\/\/spaziospadoni.org\/wp-content\/uploads\/2026\/05\/F-perla-copia-300x267.jpg\"\/><\/figure>\n\n\n<figure class=\"wp-block-image size-large formazione\"><img decoding=\"async\" alt=\"insignias copia 300x225\" src=\"https:\/\/spaziospadoni.org\/wp-content\/uploads\/2026\/05\/spille-copia-300x225.jpg\"\/><\/figure>\n\n\n<figure class=\"wp-block-image size-large formazione\"><img decoding=\"async\" alt=\"poner qualche insignia copia 300x122\" src=\"https:\/\/spaziospadoni.org\/wp-content\/uploads\/2026\/05\/mettere-qualcvhe-spilla-copia-300x122.jpg\"\/><\/figure>\n\n\n<figure class=\"wp-block-image size-large formazione\"><img decoding=\"async\" alt=\"2022 septiembre HIC SUM 20 spazio spadoni Italia convento san cerbone misericordia convention fare spazio coraggio sr angelica misioneras catequistas de los sagrados corazones de jesus maria 225x300\" src=\"https:\/\/spaziospadoni.org\/wp-content\/uploads\/2026\/05\/2022_settembre_hicsum_20_spazio_spadoni_italia_convento_san_cerbone_misericordia_convention_fare_spazio_coraggio_sr_angelica_misioneras_catequistas_de_los_sagrados_corazones_de_jesus_maria-225x300.jpg\"\/><\/figure>\n\n\n<figure class=\"wp-block-image size-large formazione\"><img decoding=\"async\" alt=\"HIC SUM 20 rosolini misericordia spazio spadoni sr angelica perla 300x225\" src=\"https:\/\/spaziospadoni.org\/wp-content\/uploads\/2026\/05\/hicsum_20_rosolini_misericordia_spazio_spadoni_sr_angelica_perla-300x225.jpg\"\/><\/figure>\n\n\n<figure class=\"wp-block-image size-large formazione\"><img decoding=\"async\" alt=\"HIC SUM 20 rosolini misericordia spazio spadoni sr angelica perla formaci\u00f3n click 300x192\" src=\"https:\/\/spaziospadoni.org\/wp-content\/uploads\/2026\/05\/hicsum_20_rosolini_misericordia_spazio_spadoni_sr_angelica_perla_formazione_click-300x192.jpg\"\/><\/figure>\n\n\n<figure class=\"wp-block-image size-large formazione\"><img decoding=\"async\" alt=\"HIC SUM 20 rosolini misericordia spazio spadoni sr angelica perla nino savarino sede 300x225\" src=\"https:\/\/spaziospadoni.org\/wp-content\/uploads\/2026\/05\/hicsum_20_rosolini_misericordia_spazio_spadoni_sr_angelica_perla_nino_savarino_sede-300x225.jpg\"\/><\/figure>\n\n\n<figure class=\"wp-block-image size-large formazione\"><img decoding=\"async\" alt=\"HIC SUM 20 rosolini misericordia spazio spadoni sr angelica perla sindaco 300x225\" src=\"https:\/\/spaziospadoni.org\/wp-content\/uploads\/2026\/05\/hicsum_20_rosolini_misericordia_spazio_spadoni_sr_angelica_perla_sindaco-300x225.jpg\"\/><\/figure>\n\n\n<figure class=\"wp-block-image size-large formazione\"><img decoding=\"async\" alt=\"2023 marzo 10 HIC SUM 20 rosolini misericordia spazio spadoni sr angelica perla gran gala luigi 4 300x200\" src=\"https:\/\/spaziospadoni.org\/wp-content\/uploads\/2026\/05\/2023_marzo_10_hicsum_20_rosolini_misericordia_spazio_spadoni_sr_angelica_perla_gran_gala_luigi-4-300x200.jpeg\"\/><\/figure>\n\n\n<figure class=\"wp-block-image size-large formazione\"><img decoding=\"async\" alt=\"2023 marzo 10 HIC SUM 20 rosolini misericordia spazio spadoni sr angelica perla gran gala luigi 300x249\" src=\"https:\/\/spaziospadoni.org\/wp-content\/uploads\/2026\/05\/2023_marzo_10_hicsum_20_rosolini_misericordia_spazio_spadoni_sr_angelica_perla_gran_gala_luigi-300x249.jpg\"\/><\/figure>\n\n\n<figure class=\"wp-block-image size-large formazione\"><img decoding=\"async\" alt=\"2023 marzo 10 HIC SUM 20 rosolini misericordia spazio spadoni sr angelica perla gran gala nino savarino selene pera 300x200\" src=\"https:\/\/spaziospadoni.org\/wp-content\/uploads\/2026\/05\/2023_marzo_10_hicsum_20_rosolini_misericordia_spazio_spadoni_sr_angelica_perla_gran_gala_nino_savarino_selene_pera-300x200.jpg\"\/><\/figure>\n\n\n<figure class=\"wp-block-image size-large formazione\"><img decoding=\"async\" alt=\"2022 abril 22 HIC SUM 20 rosolini misericordia M\u00e9xico spazio spadoni sr angelica perla voluntarios foto de grupo monsignor rumeo 300x125\" src=\"https:\/\/spaziospadoni.org\/wp-content\/uploads\/2026\/05\/2022_aprile_22_hicsum_20_rosolini_misericordia_messico_spazio_spadoni_sr_angelica_perla_volontari_foto_gruppo_monsignor_rumeo-300x125.jpg\"\/><\/figure>\n\n\n<figure class=\"wp-block-image size-large formazione\"><img decoding=\"async\" alt=\"2022 abril 22 HIC SUM 20 rosolini misericordia M\u00e9xico spazio spadoni sr angelica perla voluntarios foto de grupo monsignor rumeo giorgio armenia luigi vizzini nino savarino 300x225\" src=\"https:\/\/spaziospadoni.org\/wp-content\/uploads\/2026\/05\/2022_aprile_22_hicsum_20_rosolini_misericordia_messico_spazio_spadoni_sr_angelica_perla_volontari_foto_gruppo_monsignor_rumeo_giorgio_armenia_luigi_vizzini_nino-savarino-300x225.jpg\"\/><\/figure>\n\n\n<figure class=\"wp-block-image size-large formazione\"><img decoding=\"async\" alt=\"2022 diciembre 6 HIC SUM 20 M\u00e9xico rosolini misericordia spazio spadoni viaggio governatore nino savarino firenze encuentro luigi 300x225\" src=\"https:\/\/spaziospadoni.org\/wp-content\/uploads\/2026\/05\/2022_dicembre_6_hicsum_20_messico_rosolini_misericordia_spazio_spadoni_viaggio_governatore_nino_savarino_firenze_incontro_luigi-300x225.jpeg\"\/><\/figure>\n\n\n<figure class=\"wp-block-image size-large formazione\"><img decoding=\"async\" alt=\"2022 diciembre 12 HIC SUM 20 rosolini misericordia spazio spadoni sr angelica perla formaci\u00f3n carmelo di martino don matteo buggea cetty giannone nino savarino 300x225\" src=\"https:\/\/spaziospadoni.org\/wp-content\/uploads\/2026\/05\/2022_dicembre_12_hicsum_20_rosolini_misericordia_spazio_spadoni_sr_angelica_perla_formazione_carmelo_di_martino_don_matteo_buggea_cetty_giannone_nino_savarino-300x225.jpg\"\/><\/figure>\n\n\n<figure class=\"wp-block-image size-large formazione\"><img decoding=\"async\" alt=\"2023 marzo 10 HIC SUM 20 rosolini misericordia spazio spadoni sr angelica perla gran gala luigi 6 225x300\" src=\"https:\/\/spaziospadoni.org\/wp-content\/uploads\/2026\/05\/2023_marzo_10_hicsum_20_rosolini_misericordia_spazio_spadoni_sr_angelica_perla_gran_gala_luigi-6-225x300.jpeg\"\/><\/figure>\n\n\n<figure class=\"wp-block-image size-large formazione\"><img decoding=\"async\" alt=\"insignia a nino e la persona que est\u00e1 a su lado copia 300x151\" src=\"https:\/\/spaziospadoni.org\/wp-content\/uploads\/2026\/05\/Spilla-a-nino-e-quello-accanto-copia-300x151.jpg\"\/><\/figure>\n\n\n<figure class=\"wp-block-image size-large formazione\"><img decoding=\"async\" alt=\"2022 diciembre 12 HIC SUM 20 rosolini misericordia spazio spadoni sr angelica perla formaci\u00f3n carmelo di martino nino donato matassa sebastiano scala don alessandro matteo buggea 300x225\" src=\"https:\/\/spaziospadoni.org\/wp-content\/uploads\/2026\/05\/2022_dicembre_12_hicsum_20_rosolini_misericordia_spazio_spadoni_sr_angelica_perla_formazione_carmelo_di_martino_nino_donato_matassa_sebastiano_scala_don_alessandro_matteo_buggea-300x225.jpg\"\/><\/figure>\n\n\n<figure class=\"wp-block-image size-large formazione\"><img decoding=\"async\" alt=\"2022 diciembre 12 HIC SUM 20 rosolini misericordia spazio spadoni sr angelica perla formaci\u00f3n paola amaddio fabio figura luigi bongiovanni 300x225\" src=\"https:\/\/spaziospadoni.org\/wp-content\/uploads\/2026\/05\/2022_dicembre_12_hicsum_20_rosolini_misericordia_spazio_spadoni_sr_angelica_perla_formazione_paola_amaddio_fabio_figura_luigi_bongiovanni-300x225.jpg\"\/><\/figure>\n\n\n<figure class=\"wp-block-image size-large formazione\"><img decoding=\"async\" alt=\"2023 marzo 10 HIC SUM 20 rosolini misericordia spazio spadoni sr angelica perla gran gala nino savarino luigi 300x200\" src=\"https:\/\/spaziospadoni.org\/wp-content\/uploads\/2026\/05\/2023_marzo_10_hicsum_20_rosolini_misericordia_spazio_spadoni_sr_angelica_perla_gran_gala_nino_savarino_luigi-300x200.jpg\"\/><\/figure>\n\n\n<figure class=\"wp-block-image size-large formazione\"><img decoding=\"async\" alt=\"2022 HIC SUM 20 rosolini misericordia M\u00e9xico spazio spadoni sr angelica perla formaci\u00f3n 5 300x225\" src=\"https:\/\/spaziospadoni.org\/wp-content\/uploads\/2026\/05\/2022_hicsum_20_rosolini_misericordia_messico_spazio_spadoni_sr_angelica_perla_formazione-5-300x225.jpg\"\/><\/figure>\n\n\n<figure class=\"wp-block-image size-large formazione\"><img decoding=\"async\" alt=\"2022 HIC SUM 20 rosolini misericordia M\u00e9xico spazio spadoni sr angelica perla formaci\u00f3n 6 300x225\" src=\"https:\/\/spaziospadoni.org\/wp-content\/uploads\/2026\/05\/2022_hicsum_20_rosolini_misericordia_messico_spazio_spadoni_sr_angelica_perla_formazione-6-300x225.jpg\"\/><\/figure>\n\n\n<figure class=\"wp-block-image size-large formazione\"><img decoding=\"async\" alt=\"2023 marzo 10 HIC SUM 20 rosolini misericordia spazio spadoni sr angelica perla gran gala 2 300x200\" src=\"https:\/\/spaziospadoni.org\/wp-content\/uploads\/2026\/05\/2023_marzo_10_hicsum_20_rosolini_misericordia_spazio_spadoni_sr_angelica_perla_gran_gala-2-300x200.jpg\"\/><\/figure>\n\n\n<figure class=\"wp-block-image size-large formazione\"><img decoding=\"async\" alt=\"2022 HIC SUM 20 rosolini misericordia M\u00e9xico spazio spadoni sr angelica perla formaci\u00f3n 8 225x300\" src=\"https:\/\/spaziospadoni.org\/wp-content\/uploads\/2026\/05\/2022_hicsum_20_rosolini_misericordia_messico_spazio_spadoni_sr_angelica_perla_formazione-8-225x300.jpg\"\/><\/figure>\n\n\n<figure class=\"wp-block-image size-large formazione\"><img decoding=\"async\" alt=\"2023 marzo 10 HIC SUM 20 rosolini misericordia spazio spadoni sr angelica perla gran gala luigi 5 300x200\" src=\"https:\/\/spaziospadoni.org\/wp-content\/uploads\/2026\/05\/2023_marzo_10_hicsum_20_rosolini_misericordia_spazio_spadoni_sr_angelica_perla_gran_gala_luigi-5-300x200.jpeg\"\/><\/figure>\n\n\n<figure class=\"wp-block-image size-large formazione\"><img decoding=\"async\" alt=\"2023 mayo HIC SUM 20 rosolini misericordia spazio spadoni sr angelica perla ciudadan\u00eda honoraria luigi 2 300x225\" src=\"https:\/\/spaziospadoni.org\/wp-content\/uploads\/2026\/05\/2023_maggio_hicsum_20_rosolini_misericordia_spazio_spadoni_sr_angelica_perla_cittadinanza_onoraria_luigi-2-300x225.jpg\"\/><\/figure>\n\n\n<figure class=\"wp-block-image size-large formazione\"><img decoding=\"async\" alt=\"2022 HIC SUM 20 rosolini misericordia M\u00e9xico spazio spadoni sr angelica perla formaci\u00f3n 10 300x225\" src=\"https:\/\/spaziospadoni.org\/wp-content\/uploads\/2026\/05\/2022_hicsum_20_rosolini_misericordia_messico_spazio_spadoni_sr_angelica_perla_formazione-10-300x225.jpg\"\/><\/figure>\n\n\n<figure class=\"wp-block-image size-large formazione\"><img decoding=\"async\" alt=\"2022 HIC SUM 20 rosolini misericordia M\u00e9xico spazio spadoni sr angelica perla formaci\u00f3n 12 300x225\" src=\"https:\/\/spaziospadoni.org\/wp-content\/uploads\/2026\/05\/2022_hicsum_20_rosolini_misericordia_messico_spazio_spadoni_sr_angelica_perla_formazione-12-300x225.jpg\"\/><\/figure>\n\n\n<figure class=\"wp-block-image size-large formazione\"><img decoding=\"async\" alt=\"2022 HIC SUM 20 rosolini misericordia M\u00e9xico spazio spadoni sr angelica perla formaci\u00f3n 13 300x225\" src=\"https:\/\/spaziospadoni.org\/wp-content\/uploads\/2026\/05\/2022_hicsum_20_rosolini_misericordia_messico_spazio_spadoni_sr_angelica_perla_formazione-13-300x225.jpg\"\/><\/figure>\n\n\n<figure class=\"wp-block-image size-large formazione\"><img decoding=\"async\" alt=\"2022 HIC SUM 20 rosolini misericordia M\u00e9xico spazio spadoni sr angelica perla formaci\u00f3n 17 300x225\" src=\"https:\/\/spaziospadoni.org\/wp-content\/uploads\/2026\/05\/2022_hicsum_20_rosolini_misericordia_messico_spazio_spadoni_sr_angelica_perla_formazione-17-300x225.jpg\"\/><\/figure>\n\n\n<figure class=\"wp-block-image size-large formazione\"><img decoding=\"async\" alt=\"2023 mayo HIC SUM 20 rosolini misericordia spazio spadoni sr angelica perla ciudadan\u00eda honoraria luigi 4 300x225\" src=\"https:\/\/spaziospadoni.org\/wp-content\/uploads\/2026\/05\/2023_maggio_hicsum_20_rosolini_misericordia_spazio_spadoni_sr_angelica_perla_cittadinanza_onoraria_luigi-4-300x225.jpg\"\/><\/figure>\n\n\n<figure class=\"wp-block-image size-large formazione\"><img decoding=\"async\" alt=\"2023 marzo 10 HIC SUM 20 rosolini misericordia spazio spadoni sr angelica perla gran gala 3 300x200\" src=\"https:\/\/spaziospadoni.org\/wp-content\/uploads\/2026\/05\/2023_marzo_10_hicsum_20_rosolini_misericordia_spazio_spadoni_sr_angelica_perla_gran_gala-3-300x200.jpg\"\/><\/figure>\n\n\n<figure class=\"wp-block-image size-large formazione\"><img decoding=\"async\" alt=\"2023 marzo 10 HIC SUM 20 rosolini misericordia spazio spadoni sr angelica perla gran gala luigi 8 300x200\" src=\"https:\/\/spaziospadoni.org\/wp-content\/uploads\/2026\/05\/2023_marzo_10_hicsum_20_rosolini_misericordia_spazio_spadoni_sr_angelica_perla_gran_gala_luigi-8-300x200.jpeg\"\/><\/figure>\n\n\n<figure class=\"wp-block-image size-large formazione\"><img decoding=\"async\" alt=\"2023 marzo 10 HIC SUM 20 rosolini misericordia spazio spadoni sr angelica perla gran gala 300x200\" src=\"https:\/\/spaziospadoni.org\/wp-content\/uploads\/2026\/05\/2023_marzo_10_hicsum_20_rosolini_misericordia_spazio_spadoni_sr_angelica_perla_gran_gala-300x200.jpg\"\/><\/figure>\n\n\n<figure class=\"wp-block-image size-large formazione\"><img decoding=\"async\" alt=\"2022 octubre HIC SUM 20 rosolini misericordia M\u00e9xico spazio spadoni sr angelica perla Madre irene 300x225\" src=\"https:\/\/spaziospadoni.org\/wp-content\/uploads\/2026\/05\/2022_ottobre_hicsum_20_rosolini_misericordia_messico_spazio_spadoni_sr_angelica_perla_madre_irene-300x225.jpg\"\/><\/figure>\n\n\n<figure class=\"wp-block-image size-large formazione\"><img decoding=\"async\" alt=\"2022 octubre HIC SUM 20 rosolini misericordia M\u00e9xico spazio spadoni sr angelica perla nino armeri Madre irene arrivo aeroporto 169x300\" src=\"https:\/\/spaziospadoni.org\/wp-content\/uploads\/2026\/05\/2022_ottobre_hicsum_20_rosolini_misericordia_messico_spazio_spadoni_sr_angelica_perla_nino_armeri_madre_irene_arrivo_aeroporto-169x300.jpg\"\/><\/figure>\n\n\n<figure class=\"wp-block-image size-large formazione\"><img decoding=\"async\" alt=\"2022 octubre HIC SUM 20 rosolini misericordia M\u00e9xico spazio spadoni sr angelica perla nino savarino encuentro 300x225\" src=\"https:\/\/spaziospadoni.org\/wp-content\/uploads\/2026\/05\/2022_ottobre_hicsum_20_rosolini_misericordia_messico_spazio_spadoni_sr_angelica_perla_nino_savarino_incontro-300x225.jpeg\"\/><\/figure>\n\n\n<figure class=\"wp-block-image size-large formazione\"><img decoding=\"async\" alt=\"2023 marzo 10 HIC SUM 20 rosolini misericordia spazio spadoni sr angelica perla gran gala luigi nino savarino 300x200\" src=\"https:\/\/spaziospadoni.org\/wp-content\/uploads\/2026\/05\/2023_marzo_10_hicsum_20_rosolini_misericordia_spazio_spadoni_sr_angelica_perla_gran_gala_luigi_nino_savarino-300x200.jpeg\"\/><\/figure>\n\n\n<figure class=\"wp-block-image size-large formazione\"><img decoding=\"async\" alt=\"F perla2023 febrero 7 HIC SUM 20 rosolini misericordia spazio spadoni sr angelica perla renovaci\u00f3n de votos iglesia Madre 6 copia 300x191\" src=\"https:\/\/spaziospadoni.org\/wp-content\/uploads\/2026\/05\/F-perla2023_febbraio_7_hicsum_20_rosolini_misericordia_spazio_spadoni_sr_angelica_perla_rinnovo_voti_chiesa_madre-6-copia-300x191.jpg\"\/><\/figure>\n\n\n<figure class=\"wp-block-image size-large formazione\"><img decoding=\"async\" alt=\"nino e perla insignia copia 300x187\" src=\"https:\/\/spaziospadoni.org\/wp-content\/uploads\/2026\/05\/nino-e-perla-spilla-copia-300x187.jpg\"\/><\/figure>\n\n\n<figure class=\"wp-block-image size-large formazione\"><img decoding=\"async\" alt=\"2023 febrero 7 HIC SUM 20 rosolini misericordia spazio spadoni sr angelica perla renovaci\u00f3n de votos iglesia Madre 9 300x225\" src=\"https:\/\/spaziospadoni.org\/wp-content\/uploads\/2026\/05\/2023_febbraio_7_hicsum_20_rosolini_misericordia_spazio_spadoni_sr_angelica_perla_rinnovo_voti_chiesa_madre-9-300x225.jpeg\"\/><\/figure>\n\n\n<figure class=\"wp-block-image size-large formazione\"><img decoding=\"async\" alt=\"2023 febrero 7 HIC SUM 20 rosolini misericordia spazio spadoni sr angelica perla renovaci\u00f3n de votos iglesia Madre 300x225\" src=\"https:\/\/spaziospadoni.org\/wp-content\/uploads\/2026\/05\/2023_febbraio_7_hicsum_20_rosolini_misericordia_spazio_spadoni_sr_angelica_perla_rinnovo_voti_chiesa_madre-300x225.jpeg\"\/><\/figure>\n\n\n<figure class=\"wp-block-image size-large formazione\"><img decoding=\"async\" alt=\"2023 febrero HIC SUM 20 rosolini misericordia M\u00e9xico spazio spadoni sr angelica perla visita roma 3 300x225\" src=\"https:\/\/spaziospadoni.org\/wp-content\/uploads\/2026\/05\/2023_febbraio_hicsum_20_rosolini_misericordia_messico_spazio_spadoni_sr_angelica_perla_visita_roma-3-300x225.jpeg\"\/><\/figure>\n\n\n<figure class=\"wp-block-image size-large formazione\"><img decoding=\"async\" alt=\"2023 febrero HIC SUM 20 rosolini misericordia M\u00e9xico spazio spadoni sr angelica perla visita roma 4 300x225\" src=\"https:\/\/spaziospadoni.org\/wp-content\/uploads\/2026\/05\/2023_febbraio_hicsum_20_rosolini_misericordia_messico_spazio_spadoni_sr_angelica_perla_visita_roma-4-300x225.jpeg\"\/><\/figure>\n\n\n<figure class=\"wp-block-image size-large formazione\"><img decoding=\"async\" alt=\"2023 febrero HIC SUM 20 rosolini misericordia M\u00e9xico spazio spadoni sr angelica perla visita roma 5 225x300\" src=\"https:\/\/spaziospadoni.org\/wp-content\/uploads\/2026\/05\/2023_febbraio_hicsum_20_rosolini_misericordia_messico_spazio_spadoni_sr_angelica_perla_visita_roma-5-225x300.jpeg\"\/><\/figure>\n\n\n<figure class=\"wp-block-image size-large formazione\"><img decoding=\"async\" alt=\"2023 marzo 24 HIC SUM 20 rosolini misericordia M\u00e9xico spazio spadoni sr angelica perla salida 300x225\" src=\"https:\/\/spaziospadoni.org\/wp-content\/uploads\/2026\/05\/2023_marzo_24_hicsum_20_rosolini_misericordia_messico_spazio_spadoni_sr_angelica_perla_partenza-300x225.jpeg\"\/><\/figure>\n\n\n<figure class=\"wp-block-image size-large messico\"><img decoding=\"async\" alt=\"2023 mayo 3 HIC SUM 20 M\u00e9xico rosolini misericordia spazio spadoni sr angelica perla fiesta de la Santa Cruz 5 300x225\" src=\"https:\/\/spaziospadoni.org\/wp-content\/uploads\/2026\/05\/2023_maggio_3_hicsum_20_messico_rosolini_misericordia_spazio_spadoni_sr_angelica_perla_festa_santa_croce-5-300x225.jpeg\"\/><\/figure>\n\n\n<figure class=\"wp-block-image size-large messico\"><img decoding=\"async\" alt=\"2023 mayo 3 HIC SUM 20 M\u00e9xico rosolini misericordia spazio spadoni sr angelica perla fiesta de la Santa Cruz 7 300x225\" src=\"https:\/\/spaziospadoni.org\/wp-content\/uploads\/2026\/05\/2023_maggio_3_hicsum_20_messico_rosolini_misericordia_spazio_spadoni_sr_angelica_perla_festa_santa_croce-7-300x225.jpeg\"\/><\/figure>\n\n\n<figure class=\"wp-block-image size-large messico\"><img decoding=\"async\" alt=\"2023 mayo 3 HIC SUM 20 M\u00e9xico rosolini misericordia spazio spadoni sr angelica perla fiesta de la Santa Cruz 8 300x225\" src=\"https:\/\/spaziospadoni.org\/wp-content\/uploads\/2026\/05\/2023_maggio_3_hicsum_20_messico_rosolini_misericordia_spazio_spadoni_sr_angelica_perla_festa_santa_croce-8-300x225.jpeg\"\/><\/figure>\n\n\n<figure class=\"wp-block-image size-large messico\"><img decoding=\"async\" alt=\"2023 marzo 26 HIC SUM 20 rosolini misericordia M\u00e9xico spazio spadoni sr angelica perla llegada de las hermanas M\u00e9xico 2 300x225\" src=\"https:\/\/spaziospadoni.org\/wp-content\/uploads\/2026\/05\/2023_marzo_26_hicsum_20_rosolini_misericordia_messico_spazio_spadoni_sr_angelica_perla_arrivo_suore_messico-2-300x225.jpeg\"\/><\/figure>\n\n\n<figure class=\"wp-block-image size-large messico\"><img decoding=\"async\" alt=\"poner F a una delle due2023 marzo 26 HIC SUM 20 rosolini misericordia M\u00e9xico spazio spadoni sr angelica perla llegada de las hermanas M\u00e9xico 4 copia 300x166\" src=\"https:\/\/spaziospadoni.org\/wp-content\/uploads\/2026\/05\/mettere-F-a-una-delle-due2023_marzo_26_hicsum_20_rosolini_misericordia_messico_spazio_spadoni_sr_angelica_perla_arrivo_suore_messico-4-copia-300x166.jpg\"\/><\/figure>\n\n\n<figure class=\"wp-block-image size-large messico\"><img decoding=\"async\" alt=\"2023 marzo 27 HIC SUM 20 rosolini misericordia M\u00e9xico spazio spadoni sr angelica perla bienvenida a las hermanas regreso a casa 5 225x300\" src=\"https:\/\/spaziospadoni.org\/wp-content\/uploads\/2026\/05\/2023_marzo_27_hicsum_20_rosolini_misericordia_messico_spazio_spadoni_sr_angelica_perla_benvenuto_suore_rientro_casa-5-225x300.jpeg\"\/><\/figure>\n\n\n<figure class=\"wp-block-image size-large messico\"><img decoding=\"async\" alt=\"2023 marzo 27 HIC SUM 20 rosolini misericordia M\u00e9xico spazio spadoni sr angelica perla bienvenida a las hermanas regreso a casa 6 225x300\" src=\"https:\/\/spaziospadoni.org\/wp-content\/uploads\/2026\/05\/2023_marzo_27_hicsum_20_rosolini_misericordia_messico_spazio_spadoni_sr_angelica_perla_benvenuto_suore_rientro_casa-6-225x300.jpeg\"\/><\/figure>\n\n\n<figure class=\"wp-block-image size-large messico\"><img decoding=\"async\" alt=\"2023 marzo 27 HIC SUM 20 rosolini misericordia M\u00e9xico spazio spadoni sr angelica perla bienvenida a las hermanas regreso a casa 7 300x225\" src=\"https:\/\/spaziospadoni.org\/wp-content\/uploads\/2026\/05\/2023_marzo_27_hicsum_20_rosolini_misericordia_messico_spazio_spadoni_sr_angelica_perla_benvenuto_suore_rientro_casa-7-300x225.jpeg\"\/><\/figure>\n\n\n<figure class=\"wp-block-image size-large messico\"><img decoding=\"async\" alt=\"2023 marzo 27 HIC SUM 20 rosolini misericordia M\u00e9xico spazio spadoni sr angelica perla bienvenida a las hermanas regreso a casa 300x225\" src=\"https:\/\/spaziospadoni.org\/wp-content\/uploads\/2026\/05\/2023_marzo_27_hicsum_20_rosolini_misericordia_messico_spazio_spadoni_sr_angelica_perla_benvenuto_suore_rientro_casa-300x225.jpeg\"\/><\/figure>\n\n\n<figure class=\"wp-block-image size-large messico\"><img decoding=\"async\" alt=\"2023 marzo 27 HIC SUM 20 rosolini misericordia M\u00e9xico spazio spadoni sr angelica perla bienvenida a las hermanas regreso a casa 8 225x300\" src=\"https:\/\/spaziospadoni.org\/wp-content\/uploads\/2026\/05\/2023_marzo_27_hicsum_20_rosolini_misericordia_messico_spazio_spadoni_sr_angelica_perla_benvenuto_suore_rientro_casa-8-225x300.jpeg\"\/><\/figure>\n\n\n<figure class=\"wp-block-image size-large messico\"><img decoding=\"async\" alt=\"29 abril 2024 d\u00eda del Click insignias msparse copia 300x143\" src=\"https:\/\/spaziospadoni.org\/wp-content\/uploads\/2026\/05\/29-aprile-2024-giorno-del-click-spille-msparse-copia-300x143.jpg\"\/><\/figure>\n\n\n<figure class=\"wp-block-image size-large messico\"><img decoding=\"async\" alt=\"2024 abril M\u00e9xico Hermana Perla angelica asamblea de la Congregaci\u00f3n fiesta 9 300x169\" src=\"https:\/\/spaziospadoni.org\/wp-content\/uploads\/2026\/05\/2024_aprile_messico_suor_perla_angelica_assemblea_congregazione_festa-9-300x169.jpg\"\/><\/figure>\n\n\n<figure class=\"wp-block-image size-large messico\"><img decoding=\"async\" alt=\"2024 abril M\u00e9xico Hermana Perla angelica asamblea de la Congregaci\u00f3n fiesta 8 169x300\" src=\"https:\/\/spaziospadoni.org\/wp-content\/uploads\/2026\/05\/2024_aprile_messico_suor_perla_angelica_assemblea_congregazione_festa-8-169x300.jpg\"\/><\/figure>\n\n\n<figure class=\"wp-block-image size-large messico\"><img decoding=\"async\" alt=\"2024 abril M\u00e9xico Hermana Perla angelica asamblea de la Congregaci\u00f3n fiesta 7 300x169\" src=\"https:\/\/spaziospadoni.org\/wp-content\/uploads\/2026\/05\/2024_aprile_messico_suor_perla_angelica_assemblea_congregazione_festa-7-300x169.jpg\"\/><\/figure>\n\n\n<figure class=\"wp-block-image size-large messico\"><img decoding=\"async\" alt=\"2024 abril M\u00e9xico Hermana Perla angelica asamblea de la Congregaci\u00f3n fiesta 6 300x169\" src=\"https:\/\/spaziospadoni.org\/wp-content\/uploads\/2026\/05\/2024_aprile_messico_suor_perla_angelica_assemblea_congregazione_festa-6-300x169.jpg\"\/><\/figure>\n\n\n<figure class=\"wp-block-image size-large messico\"><img decoding=\"async\" alt=\"2024 abril M\u00e9xico Hermana Perla angelica asamblea de la Congregaci\u00f3n fiesta 4 300x169\" src=\"https:\/\/spaziospadoni.org\/wp-content\/uploads\/2026\/05\/2024_aprile_messico_suor_perla_angelica_assemblea_congregazione_festa-4-300x169.jpg\"\/><\/figure>\n\n\n<figure class=\"wp-block-image size-large messico\"><img decoding=\"async\" alt=\"2024 abril M\u00e9xico Hermana Perla angelica asamblea de la Congregaci\u00f3n fiesta 3 169x300\" src=\"https:\/\/spaziospadoni.org\/wp-content\/uploads\/2026\/05\/2024_aprile_messico_suor_perla_angelica_assemblea_congregazione_festa-3-169x300.jpg\"\/><\/figure>\n\n\n<figure class=\"wp-block-image size-large messico\"><img decoding=\"async\" alt=\"2024 abril M\u00e9xico Hermana Perla angelica asamblea de la Congregaci\u00f3n fiesta 2 169x300\" src=\"https:\/\/spaziospadoni.org\/wp-content\/uploads\/2026\/05\/2024_aprile_messico_suor_perla_angelica_assemblea_congregazione_festa-2-169x300.jpg\"\/><\/figure>\n\n\n<figure class=\"wp-block-image size-large messico\"><img decoding=\"async\" alt=\"2024 abril M\u00e9xico Hermana Perla angelica asamblea de la Congregaci\u00f3n fiesta 1 300x169\" src=\"https:\/\/spaziospadoni.org\/wp-content\/uploads\/2026\/05\/2024_aprile_messico_suor_perla_angelica_assemblea_congregazione_festa-1-300x169.jpg\"\/><\/figure>\n\n\n<figure class=\"wp-block-image size-large messico\"><img decoding=\"async\" alt=\"2024 abril M\u00e9xico Hermana Perla angelica asamblea de la Congregaci\u00f3n fiesta 10 300x169\" src=\"https:\/\/spaziospadoni.org\/wp-content\/uploads\/2026\/05\/2024_aprile_messico_suor_perla_angelica_assemblea_congregazione_festa-10-300x169.jpg\"\/><\/figure>\n\n\n<figure class=\"wp-block-image size-large formazione\"><img decoding=\"async\" alt=\"2023 septiembre 17 HIC SUM 20 M\u00e9xico rosolini misericordia spazio spadoni sr angelica perla convention rievoluzione opere noto nino armeri 3 225x300\" src=\"https:\/\/spaziospadoni.org\/wp-content\/uploads\/2026\/05\/2023_settembre_17_hicsum_20_messico_rosolini_misericordia_spazio_spadoni_sr_angelica_perla_convention_rievoluzione_opere_noto_nino_armeri-3-225x300.jpg\"\/><\/figure>\n\n\n<figure class=\"wp-block-image size-large formazione\"><img decoding=\"async\" alt=\"2023 septiembre 17 HIC SUM 20 M\u00e9xico rosolini misericordia spazio spadoni sr angelica perla convention rievoluzione opere noto nino armeri 4 225x300\" src=\"https:\/\/spaziospadoni.org\/wp-content\/uploads\/2026\/05\/2023_settembre_17_hicsum_20_messico_rosolini_misericordia_spazio_spadoni_sr_angelica_perla_convention_rievoluzione_opere_noto_nino_armeri-4-225x300.jpg\"\/><\/figure>\n\n\n<figure class=\"wp-block-image size-large formazione\"><img decoding=\"async\" alt=\"2023 septiembre 17 HIC SUM 20 M\u00e9xico rosolini misericordia spazio spadoni sr angelica perla convention rievoluzione opere noto nino savarino 4 225x300\" src=\"https:\/\/spaziospadoni.org\/wp-content\/uploads\/2026\/05\/2023_settembre_17_hicsum_20_messico_rosolini_misericordia_spazio_spadoni_sr_angelica_perla_convention_rievoluzione_opere_noto_nino_savarino-4-225x300.jpg\"\/><\/figure>\n\n\n<figure class=\"wp-block-image size-large formazione\"><img decoding=\"async\" alt=\"2023 mayo HIC SUM 20 rosolini misericordia spazio spadoni sr angelica perla ciudadan\u00eda honoraria luigi 3 300x225\" src=\"https:\/\/spaziospadoni.org\/wp-content\/uploads\/2026\/05\/2023_maggio_hicsum_20_rosolini_misericordia_spazio_spadoni_sr_angelica_perla_cittadinanza_onoraria_luigi-3-300x225.jpg\"\/><\/figure>\n\n\n<figure class=\"wp-block-image size-large formazione\"><img decoding=\"async\" alt=\"2023 HIC SUM 20 rosolini misericordia spazio spadoni sr angelica perla luigi spadoni vescovo rumeo sindaco 300x169\" src=\"https:\/\/spaziospadoni.org\/wp-content\/uploads\/2026\/05\/2023_hicsum_20_rosolini_misericordia_spazio_spadoni_sr_angelica_perla_luigi_spadoni_vescovo_rumeo_sindaco-300x169.jpg\"\/><\/figure>\n\n\n<figure class=\"wp-block-image size-large formazione\"><img decoding=\"async\" alt=\"2023 HIC SUM 20 rosolini misericordia spazio spadoni sr angelica perla luigi spadoni umberto banchi sergio mura selene pera andrea del bianco nino savarino armeni 300x169\" src=\"https:\/\/spaziospadoni.org\/wp-content\/uploads\/2026\/05\/2023_hicsum_20_rosolini_misericordia_spazio_spadoni_sr_angelica_perla_luigi_spadoni_umberto_banchi_sergio_mura_selene_pera_andrea_del_bianco_nino_savarino_armeni-300x169.jpg\"\/><\/figure>\n\n\n<figure class=\"wp-block-image size-large formazione\"><img decoding=\"async\" alt=\"enero 2025 targa OPERA M M\u00e9xico Obras de Misericordia spazio spadoni 2 169x300\" src=\"https:\/\/spaziospadoni.org\/wp-content\/uploads\/2026\/05\/gennaio_2025_targa_operam_messico_opere_misericordia_spazio_spadoni-2-169x300.jpg\"\/><\/figure>\n\n\n<figure class=\"wp-block-image size-large formazione\"><img decoding=\"async\" alt=\"enero 2025 targa OPERA M M\u00e9xico Obras de Misericordia spazio spadoni 3 169x300\" src=\"https:\/\/spaziospadoni.org\/wp-content\/uploads\/2026\/05\/gennaio_2025_targa_operam_messico_opere_misericordia_spazio_spadoni-3-169x300.jpg\"\/><\/figure>\n\n\n<figure class=\"wp-block-image size-large formazione\"><img decoding=\"async\" alt=\"enero 2025 targa OPERA M M\u00e9xico Obras de Misericordia spazio spadoni 1 225x300\" src=\"https:\/\/spaziospadoni.org\/wp-content\/uploads\/2026\/05\/gennaio_2025_targa_operam_messico_opere_misericordia_spazio_spadoni-1-225x300.jpg\"\/><\/figure>\n\n\n<figure class=\"wp-block-image size-large formazione\"><img decoding=\"async\" alt=\"encuentro con el obispo 2024 insignia a luigi sobre cocodrilo copia 300x169\" src=\"https:\/\/spaziospadoni.org\/wp-content\/uploads\/2026\/05\/incontro-vescovo-2024-spilla-a-luigi-su-coccodrillo-copia-300x169.jpg\"\/><\/figure>\n\n\n<figure class=\"wp-block-image size-large formazione\"><img decoding=\"async\" alt=\"2025 mayo assemblea uisg roma spazio spadoni Obras de Misericordia superiore generali hermanas 102 225x300\" src=\"https:\/\/spaziospadoni.org\/wp-content\/uploads\/2026\/05\/2025_maggio_assemblea_uisg_roma_spazio_spadoni_opere_misericordia_superiore_generali_suore-102-225x300.jpg\"\/><\/figure>\n\n\n<figure class=\"wp-block-image size-large formazione\"><img decoding=\"async\" alt=\"2025 mayo assemblea uisg roma spazio spadoni Obras de Misericordia superiore generali hermanas 103 300x225\" src=\"https:\/\/spaziospadoni.org\/wp-content\/uploads\/2026\/05\/2025_maggio_assemblea_uisg_roma_spazio_spadoni_opere_misericordia_superiore_generali_suore-103-300x225.jpg\"\/><\/figure>\n\n\n<figure class=\"wp-block-image size-large formazione\"><img decoding=\"async\" alt=\"2025 mayo assemblea uisg roma spazio spadoni Obras de Misericordia superiore generali hermanas 105 225x300\" src=\"https:\/\/spaziospadoni.org\/wp-content\/uploads\/2026\/05\/2025_maggio_assemblea_uisg_roma_spazio_spadoni_opere_misericordia_superiore_generali_suore-105-225x300.jpg\"\/><\/figure>\n\n\n<figure class=\"wp-block-image size-large formazione\"><img decoding=\"async\" alt=\"2025 mayo assemblea uisg roma spazio spadoni Obras de Misericordia superiore generali hermanas 104 300x225\" src=\"https:\/\/spaziospadoni.org\/wp-content\/uploads\/2026\/05\/2025_maggio_assemblea_uisg_roma_spazio_spadoni_opere_misericordia_superiore_generali_suore-104-300x225.jpg\"\/><\/figure>\n\n\n<figure class=\"wp-block-image size-large formazione\"><img decoding=\"async\" alt=\"2025 mayo assemblea uisg roma spazio spadoni Obras de Misericordia superiore generali hermanas 107 225x300\" src=\"https:\/\/spaziospadoni.org\/wp-content\/uploads\/2026\/05\/2025_maggio_assemblea_uisg_roma_spazio_spadoni_opere_misericordia_superiore_generali_suore-107-225x300.jpg\"\/><\/figure>\n\n\n<figure class=\"wp-block-image size-large formazione\"><img decoding=\"async\" alt=\"2025 mayo assemblea uisg roma spazio spadoni Obras de Misericordia superiore generali hermanas 114 300x225\" src=\"https:\/\/spaziospadoni.org\/wp-content\/uploads\/2026\/05\/2025_maggio_assemblea_uisg_roma_spazio_spadoni_opere_misericordia_superiore_generali_suore-114-300x225.jpg\"\/><\/figure>\n\n\n<figure class=\"wp-block-image size-large formazione\"><img decoding=\"async\" alt=\"2025 junio Hermana Perla angelica tornano misericordia Rosolini spazio spadoni proyecto HIC SUM 7 300x169\" src=\"https:\/\/spaziospadoni.org\/wp-content\/uploads\/2026\/05\/2025_giugno_suor_perla_angelica_tornano_misericordia_Rosolini_spazio_spadoni_progetto_hic_sum-7-300x169.jpg\"\/><\/figure>\n\n\n<figure class=\"wp-block-image size-large formazione\"><img decoding=\"async\" alt=\"2025 junio Hermana Perla angelica tornano misericordia Rosolini spazio spadoni proyecto HIC SUM 1 300x169\" src=\"https:\/\/spaziospadoni.org\/wp-content\/uploads\/2026\/05\/2025_giugno_suor_perla_angelica_tornano_misericordia_Rosolini_spazio_spadoni_progetto_hic_sum-1-300x169.jpg\"\/><\/figure>\n\n\n<figure class=\"wp-block-image size-large formazione\"><img decoding=\"async\" alt=\"2025 junio Hermana Perla angelica tornano misericordia Rosolini spazio spadoni proyecto HIC SUM 26 300x169\" src=\"https:\/\/spaziospadoni.org\/wp-content\/uploads\/2026\/05\/2025_giugno_suor_perla_angelica_tornano_misericordia_Rosolini_spazio_spadoni_progetto_hic_sum-26-300x169.jpg\"\/><\/figure>\n\n\n<figure class=\"wp-block-image size-large formazione\"><img decoding=\"async\" alt=\"junio 2025 fiesta 30.\u00ba aniversario Misericordia rosolini Hermana Perla angelica spazio spadoni Italia 1 269x300\" src=\"https:\/\/spaziospadoni.org\/wp-content\/uploads\/2026\/05\/Giugno-2025_festa_trentennale_misericodia_rosolini_suor_perla_angelica_spazio_spadoni_italia-1-269x300.jpg\"\/><\/figure>\n\n\n<figure class=\"wp-block-image size-large formazione\"><img decoding=\"async\" alt=\"junio 2025 fiesta 30.\u00ba aniversario Misericordia rosolini Hermana Perla angelica spazio spadoni Italia 8 225x300\" src=\"https:\/\/spaziospadoni.org\/wp-content\/uploads\/2026\/05\/Giugno-2025_festa_trentennale_misericodia_rosolini_suor_perla_angelica_spazio_spadoni_italia-8-225x300.jpg\"\/><\/figure>\n\n\n<figure class=\"wp-block-image size-large formazione\"><img decoding=\"async\" alt=\"junio 2025 fiesta 30.\u00ba aniversario Misericordia rosolini Hermana Perla angelica spazio spadoni Italia 9 300x226\" src=\"https:\/\/spaziospadoni.org\/wp-content\/uploads\/2026\/05\/Giugno-2025_festa_trentennale_misericodia_rosolini_suor_perla_angelica_spazio_spadoni_italia-9-300x226.jpg\"\/><\/figure>\n\n\n<figure class=\"wp-block-image size-large formazione\"><img decoding=\"async\" alt=\"junio 2025 fiesta 30.\u00ba aniversario Misericordia rosolini Hermana Perla angelica spazio spadoni Italia 10 300x225\" src=\"https:\/\/spaziospadoni.org\/wp-content\/uploads\/2026\/05\/Giugno-2025_festa_trentennale_misericodia_rosolini_suor_perla_angelica_spazio_spadoni_italia-10-300x225.jpg\"\/><\/figure>\n\n\n<figure class=\"wp-block-image size-large formazione\"><img decoding=\"async\" alt=\"junio 2025 fiesta 30.\u00ba aniversario Misericordia rosolini Hermana Perla angelica spazio spadoni Italia 11 300x225\" src=\"https:\/\/spaziospadoni.org\/wp-content\/uploads\/2026\/05\/Giugno-2025_festa_trentennale_misericodia_rosolini_suor_perla_angelica_spazio_spadoni_italia-11-300x225.jpg\"\/><\/figure>\n\n\n<figure class=\"wp-block-image size-large formazione\"><img decoding=\"async\" alt=\"junio 2025 fiesta 30.\u00ba aniversario Misericordia rosolini Hermana Perla angelica spazio spadoni Italia 12 300x169\" src=\"https:\/\/spaziospadoni.org\/wp-content\/uploads\/2026\/05\/Giugno-2025_festa_trentennale_misericodia_rosolini_suor_perla_angelica_spazio_spadoni_italia-12-300x169.jpg\"\/><\/figure>\n\n\n<figure class=\"wp-block-image size-large formazione\"><img decoding=\"async\" alt=\"junio 2025 fiesta 30.\u00ba aniversario Misericordia rosolini Hermana Perla angelica spazio spadoni Italia 15 300x225\" src=\"https:\/\/spaziospadoni.org\/wp-content\/uploads\/2026\/05\/Giugno-2025_festa_trentennale_misericodia_rosolini_suor_perla_angelica_spazio_spadoni_italia-15-300x225.jpg\"\/><\/figure>\n\n\n<figure class=\"wp-block-image size-large formazione\"><img decoding=\"async\" alt=\"junio 2025 fiesta 30.\u00ba aniversario Misericordia rosolini Hermana Perla angelica spazio spadoni Italia 16 300x200\" src=\"https:\/\/spaziospadoni.org\/wp-content\/uploads\/2026\/05\/Giugno-2025_festa_trentennale_misericodia_rosolini_suor_perla_angelica_spazio_spadoni_italia-16-300x200.jpg\"\/><\/figure>\n\n\n<figure class=\"wp-block-image size-large formazione\"><img decoding=\"async\" alt=\"junio 2025 fiesta 30.\u00ba aniversario Misericordia rosolini Hermana Perla angelica spazio spadoni Italia 18 300x169\" src=\"https:\/\/spaziospadoni.org\/wp-content\/uploads\/2026\/05\/Giugno-2025_festa_trentennale_misericodia_rosolini_suor_perla_angelica_spazio_spadoni_italia-18-300x169.jpg\"\/><\/figure>\n\n\n<figure class=\"wp-block-image size-large formazione\"><img decoding=\"async\" alt=\"junio 2025 fiesta 30.\u00ba aniversario Misericordia rosolini Hermana Perla angelica spazio spadoni Italia 23 300x169\" src=\"https:\/\/spaziospadoni.org\/wp-content\/uploads\/2026\/05\/Giugno-2025_festa_trentennale_misericodia_rosolini_suor_perla_angelica_spazio_spadoni_italia-23-300x169.jpg\"\/><\/figure>\n\n\n<figure class=\"wp-block-image size-large formazione\"><img decoding=\"async\" alt=\"junio 2025 fiesta 30.\u00ba aniversario Misericordia rosolini Hermana Perla angelica spazio spadoni Italia 26 300x225\" src=\"https:\/\/spaziospadoni.org\/wp-content\/uploads\/2026\/05\/Giugno-2025_festa_trentennale_misericodia_rosolini_suor_perla_angelica_spazio_spadoni_italia-26-300x225.jpg\"\/><\/figure>\n\n\n<figure class=\"wp-block-image size-large formazione\"><img decoding=\"async\" alt=\"junio 2025 fiesta 30.\u00ba aniversario Misericordia rosolini Hermana Perla angelica spazio spadoni Italia 28 225x300\" src=\"https:\/\/spaziospadoni.org\/wp-content\/uploads\/2026\/05\/Giugno-2025_festa_trentennale_misericodia_rosolini_suor_perla_angelica_spazio_spadoni_italia-28-225x300.jpg\"\/><\/figure>\n\n\n<figure class=\"wp-block-image size-large formazione\"><img decoding=\"async\" alt=\"junio 2025 fiesta 30.\u00ba aniversario Misericordia rosolini Hermana Perla angelica spazio spadoni Italia 34 300x169\" src=\"https:\/\/spaziospadoni.org\/wp-content\/uploads\/2026\/05\/Giugno-2025_festa_trentennale_misericodia_rosolini_suor_perla_angelica_spazio_spadoni_italia-34-300x169.jpg\"\/><\/figure>\n\n\n<figure class=\"wp-block-image size-large formazione\"><img decoding=\"async\" alt=\"junio 2025 fiesta 30.\u00ba aniversario Misericordia rosolini Hermana Perla angelica spazio spadoni Italia 35 300x200\" src=\"https:\/\/spaziospadoni.org\/wp-content\/uploads\/2026\/05\/Giugno-2025_festa_trentennale_misericodia_rosolini_suor_perla_angelica_spazio_spadoni_italia-35-300x200.jpg\"\/><\/figure>\n\n\n<figure class=\"wp-block-image size-large formazione\"><img decoding=\"async\" alt=\"2025 junio rosolini Sicilia spazio spadoni Hermana Perla angelica proyecto HIC SUM fiesta 24 300x200\" src=\"https:\/\/spaziospadoni.org\/wp-content\/uploads\/2026\/05\/2025_giugno_rosolini_sicilia_spazio_spadoni_suor_perla_angelica_progetto_hic_sum_festa-24-300x200.jpg\"\/><\/figure>\n\n\n<figure class=\"wp-block-image size-large formazione\"><img decoding=\"async\" alt=\"2025 junio rosolini Sicilia spazio spadoni Hermana Perla angelica proyecto HIC SUM fiesta 1 300x200\" src=\"https:\/\/spaziospadoni.org\/wp-content\/uploads\/2026\/05\/2025_giugno_rosolini_sicilia_spazio_spadoni_suor_perla_angelica_progetto_hic_sum_festa-1-300x200.jpg\"\/><\/figure>\n\n\n<figure class=\"wp-block-image size-large formazione\"><img decoding=\"async\" alt=\"2025 junio rosolini Sicilia spazio spadoni Hermana Perla angelica proyecto HIC SUM fiesta 2 300x200\" src=\"https:\/\/spaziospadoni.org\/wp-content\/uploads\/2026\/05\/2025_giugno_rosolini_sicilia_spazio_spadoni_suor_perla_angelica_progetto_hic_sum_festa-2-300x200.jpg\"\/><\/figure>\n\n\n<figure class=\"wp-block-image size-large formazione\"><img decoding=\"async\" alt=\"2025 junio rosolini Sicilia spazio spadoni Hermana Perla angelica proyecto HIC SUM fiesta 10 300x200\" src=\"https:\/\/spaziospadoni.org\/wp-content\/uploads\/2026\/05\/2025_giugno_rosolini_sicilia_spazio_spadoni_suor_perla_angelica_progetto_hic_sum_festa-10-300x200.jpg\"\/><\/figure>\n\n\n<figure class=\"wp-block-image size-large formazione\"><img decoding=\"async\" alt=\"2025 junio rosolini Sicilia spazio spadoni Hermana Perla angelica proyecto HIC SUM fiesta 11 300x200\" src=\"https:\/\/spaziospadoni.org\/wp-content\/uploads\/2026\/05\/2025_giugno_rosolini_sicilia_spazio_spadoni_suor_perla_angelica_progetto_hic_sum_festa-11-300x200.jpg\"\/><\/figure>\n\n\n<figure class=\"wp-block-image size-large formazione\"><img decoding=\"async\" alt=\"2025 junio rosolini Sicilia spazio spadoni Hermana Perla angelica proyecto HIC SUM fiesta 12 300x200\" src=\"https:\/\/spaziospadoni.org\/wp-content\/uploads\/2026\/05\/2025_giugno_rosolini_sicilia_spazio_spadoni_suor_perla_angelica_progetto_hic_sum_festa-12-300x200.jpg\"\/><\/figure>\n\n\n<figure class=\"wp-block-image size-large formazione\"><img decoding=\"async\" alt=\"2025 junio rosolini Sicilia spazio spadoni Hermana Perla angelica proyecto HIC SUM fiesta 13 300x200\" src=\"https:\/\/spaziospadoni.org\/wp-content\/uploads\/2026\/05\/2025_giugno_rosolini_sicilia_spazio_spadoni_suor_perla_angelica_progetto_hic_sum_festa-13-300x200.jpg\"\/><\/figure>\n\n\n<figure class=\"wp-block-image size-large formazione\"><img decoding=\"async\" alt=\"2025 junio rosolini Sicilia spazio spadoni Hermana Perla angelica proyecto HIC SUM fiesta 14 300x169\" src=\"https:\/\/spaziospadoni.org\/wp-content\/uploads\/2026\/05\/2025_giugno_rosolini_sicilia_spazio_spadoni_suor_perla_angelica_progetto_hic_sum_festa-14-300x169.jpg\"\/><\/figure>\n\n\n<figure class=\"wp-block-image size-large formazione\"><img decoding=\"async\" alt=\"2025 junio rosolini Sicilia spazio spadoni Hermana Perla angelica proyecto HIC SUM fiesta 15 300x200\" src=\"https:\/\/spaziospadoni.org\/wp-content\/uploads\/2026\/05\/2025_giugno_rosolini_sicilia_spazio_spadoni_suor_perla_angelica_progetto_hic_sum_festa-15-300x200.jpg\"\/><\/figure>\n\n\n<figure class=\"wp-block-image size-large formazione\"><img decoding=\"async\" alt=\"2025 junio rosolini Sicilia spazio spadoni Hermana Perla angelica proyecto HIC SUM fiesta 16 200x300\" src=\"https:\/\/spaziospadoni.org\/wp-content\/uploads\/2026\/05\/2025_giugno_rosolini_sicilia_spazio_spadoni_suor_perla_angelica_progetto_hic_sum_festa-16-200x300.jpg\"\/><\/figure>\n\n\n<figure class=\"wp-block-image size-large formazione\"><img decoding=\"async\" alt=\"2025 junio rosolini Sicilia spazio spadoni Hermana Perla angelica proyecto HIC SUM fiesta 17 300x200\" src=\"https:\/\/spaziospadoni.org\/wp-content\/uploads\/2026\/05\/2025_giugno_rosolini_sicilia_spazio_spadoni_suor_perla_angelica_progetto_hic_sum_festa-17-300x200.jpg\"\/><\/figure>\n\n\n<figure class=\"wp-block-image size-large formazione\"><img decoding=\"async\" alt=\"2025 junio rosolini Sicilia spazio spadoni Hermana Perla angelica proyecto HIC SUM fiesta 18 300x200\" src=\"https:\/\/spaziospadoni.org\/wp-content\/uploads\/2026\/05\/2025_giugno_rosolini_sicilia_spazio_spadoni_suor_perla_angelica_progetto_hic_sum_festa-18-300x200.jpg\"\/><\/figure>\n\n\n<figure class=\"wp-block-image size-large formazione\"><img decoding=\"async\" alt=\"2025 junio rosolini Sicilia spazio spadoni Hermana Perla angelica proyecto HIC SUM fiesta 19 300x200\" src=\"https:\/\/spaziospadoni.org\/wp-content\/uploads\/2026\/05\/2025_giugno_rosolini_sicilia_spazio_spadoni_suor_perla_angelica_progetto_hic_sum_festa-19-300x200.jpg\"\/><\/figure>\n\n\n<figure class=\"wp-block-image size-large formazione\"><img decoding=\"async\" alt=\"2025 junio rosolini Sicilia spazio spadoni Hermana Perla angelica proyecto HIC SUM fiesta 20 300x200\" src=\"https:\/\/spaziospadoni.org\/wp-content\/uploads\/2026\/05\/2025_giugno_rosolini_sicilia_spazio_spadoni_suor_perla_angelica_progetto_hic_sum_festa-20-300x200.jpg\"\/><\/figure>\n\n\n<figure class=\"wp-block-image size-large formazione\"><img decoding=\"async\" alt=\"2025 junio rosolini Sicilia spazio spadoni Hermana Perla angelica proyecto HIC SUM fiesta 21 300x200\" src=\"https:\/\/spaziospadoni.org\/wp-content\/uploads\/2026\/05\/2025_giugno_rosolini_sicilia_spazio_spadoni_suor_perla_angelica_progetto_hic_sum_festa-21-300x200.jpg\"\/><\/figure>\n\n\n<figure class=\"wp-block-image size-large formazione\"><img decoding=\"async\" alt=\"2025 junio rosolini Sicilia spazio spadoni Hermana Perla angelica proyecto HIC SUM fiesta 22 200x300\" src=\"https:\/\/spaziospadoni.org\/wp-content\/uploads\/2026\/05\/2025_giugno_rosolini_sicilia_spazio_spadoni_suor_perla_angelica_progetto_hic_sum_festa-22-200x300.jpg\"\/><\/figure>\n\n\n<figure class=\"wp-block-image size-large formazione\"><img decoding=\"async\" alt=\"2025 junio rosolini Sicilia spazio spadoni Hermana Perla angelica proyecto HIC SUM fiesta 23 300x200\" src=\"https:\/\/spaziospadoni.org\/wp-content\/uploads\/2026\/05\/2025_giugno_rosolini_sicilia_spazio_spadoni_suor_perla_angelica_progetto_hic_sum_festa-23-300x200.jpg\"\/><\/figure>\n\n\n<figure class=\"wp-block-image size-large formazione\"><img decoding=\"async\" alt=\"2025 julio 23 24 Hermana Perla angelica visita roma assisi misericordia rosolini spazio spadoni proyecto HIC SUM Obras de Misericordia 3\" src=\"https:\/\/spaziospadoni.org\/wp-content\/uploads\/2026\/05\/2025_luglio_23_24_suor_perla_angelica_visita_roma_assisi_misericordia_rosolini_spazio_spadoni_progetto_hic_sum_opere_misericordia-3.jpg\"\/><\/figure>\n\n\n<figure class=\"wp-block-image size-large formazione\"><img decoding=\"async\" alt=\"2025 julio 23 24 Hermana Perla angelica visita roma assisi misericordia rosolini spazio spadoni proyecto HIC SUM Obras de Misericordia 1\" src=\"https:\/\/spaziospadoni.org\/wp-content\/uploads\/2026\/05\/2025_luglio_23_24_suor_perla_angelica_visita_roma_assisi_misericordia_rosolini_spazio_spadoni_progetto_hic_sum_opere_misericordia-1.jpg\"\/><\/figure>\n\n\n<figure class=\"wp-block-image size-large messico\"><img decoding=\"async\" alt=\"2025 septiembre 13 Hermana Perla Madre irene visita vescovo puebla M\u00e9xico Obras de Misericordia spazio spadoni\" src=\"https:\/\/spaziospadoni.org\/wp-content\/uploads\/2026\/05\/2025_settembre_13_suor_perla_madre_irene_visita_vescovo_puebla_messico_opere_misericordia_spazio_spadoni.jpeg\"\/><\/figure>\n\n\n<figure class=\"wp-block-image size-large messico\"><img decoding=\"async\" alt=\"2025 septiembre 17 encuentro misericordia rosolini Hermana Perla associazione M\u00e9xico Obras de Misericordia spazio spadoni\" src=\"https:\/\/spaziospadoni.org\/wp-content\/uploads\/2026\/05\/2025_settembre_17_incontro_misericordia_rosolini_suor_perla_associazione_messico_opere_misericordia_spazio_spadoni.jpeg\"\/><\/figure>\n\n\n<figure class=\"wp-block-image size-large messico\"><img decoding=\"async\" alt=\"2025 septiembre 27 74 anniversario congregazione Hermana Perla Hermana Angelica M\u00e9xico spazio spadoni 1 400x300\" src=\"https:\/\/spaziospadoni.org\/wp-content\/uploads\/2026\/05\/2025_settembre_27_74_anniversario_congregazione_suor_perla_suor_angelica_messico_spazio_spadoni-1.jpeg\"\/><\/figure>\n\n\n<figure class=\"wp-block-image size-large messico\"><img decoding=\"async\" alt=\"2025 septiembre 27 74 anniversario congregazione Hermana Perla Hermana Angelica M\u00e9xico spazio spadoni 31 300x225\" src=\"https:\/\/spaziospadoni.org\/wp-content\/uploads\/2026\/05\/2025_settembre_27_74_anniversario_congregazione_suor_perla_suor_angelica_messico_spazio_spadoni-31-300x225.jpeg\"\/><\/figure>\n\n\n<figure class=\"wp-block-image size-large messico\"><img decoding=\"async\" alt=\"2026 enero 13 Obras de Misericordia spazio spadoni M\u00e9xico Hermana Perla angelica misericordia rosolini 3 225x300\" src=\"https:\/\/spaziospadoni.org\/wp-content\/uploads\/2026\/05\/2026_gennaio_13_opere_misericordia_spazio_spadoni_messico_suor_perla_angelica_misericordia_rosolini-3-225x300.jpeg\"\/><\/figure>\n\n\n<figure class=\"wp-block-image size-large messico\"><img decoding=\"async\" alt=\"2026 enero 13 Obras de Misericordia spazio spadoni M\u00e9xico Hermana Perla angelica misericordia rosolini 2 300x225\" src=\"https:\/\/spaziospadoni.org\/wp-content\/uploads\/2026\/05\/2026_gennaio_13_opere_misericordia_spazio_spadoni_messico_suor_perla_angelica_misericordia_rosolini-2-300x225.jpeg\"\/><\/figure>\n\n\n<figure class=\"wp-block-image size-large messico\"><img decoding=\"async\" alt=\"2026 enero 13 Obras de Misericordia spazio spadoni M\u00e9xico Hermana Perla angelica misericordia rosolini 1 300x225\" src=\"https:\/\/spaziospadoni.org\/wp-content\/uploads\/2026\/05\/2026_gennaio_13_opere_misericordia_spazio_spadoni_messico_suor_perla_angelica_misericordia_rosolini-1-300x225.jpeg\"\/><\/figure>\n\n\n<figure class=\"wp-block-image size-large messico\"><img decoding=\"async\" alt=\"2026 enero 13 Obras de Misericordia spazio spadoni M\u00e9xico Hermana Perla angelica misericordia rosolini 6 300x225\" src=\"https:\/\/spaziospadoni.org\/wp-content\/uploads\/2026\/05\/2026_gennaio_13_opere_misericordia_spazio_spadoni_messico_suor_perla_angelica_misericordia_rosolini-6-300x225.jpeg\"\/><\/figure>\n\n\n<figure class=\"wp-block-image size-large messico\"><img decoding=\"async\" alt=\"2026 enero 25 formaci\u00f3n Obras de Misericordia puebla M\u00e9xico Hermana Perla proyecto HIC SUM OPERA M spazio spadoni 2\" src=\"https:\/\/spaziospadoni.org\/wp-content\/uploads\/2026\/05\/2026_gennaio_25_formazione_opere_misericordia_puebla_messico_suor_perla_progetto_hic_sum_operam_spazio_spadoni-2.jpeg\"\/><\/figure>\n\n\n<figure class=\"wp-block-image size-large messico\"><img decoding=\"async\" alt=\"2026 enero 25 formaci\u00f3n Obras de Misericordia puebla M\u00e9xico Hermana Perla proyecto HIC SUM OPERA M spazio spadoni 5\" src=\"https:\/\/spaziospadoni.org\/wp-content\/uploads\/2026\/05\/2026_gennaio_25_formazione_opere_misericordia_puebla_messico_suor_perla_progetto_hic_sum_operam_spazio_spadoni-5.jpeg\"\/><\/figure>\n\n\n<figure class=\"wp-block-image size-large messico\"><img decoding=\"async\" alt=\"2026 enero 25 formaci\u00f3n Obras de Misericordia puebla M\u00e9xico Hermana Perla proyecto HIC SUM OPERA M spazio spadoni 4\" src=\"https:\/\/spaziospadoni.org\/wp-content\/uploads\/2026\/05\/2026_gennaio_25_formazione_opere_misericordia_puebla_messico_suor_perla_progetto_hic_sum_operam_spazio_spadoni-4.jpeg\"\/><\/figure>\n\n\n<figure class=\"wp-block-image size-large messico\"><img decoding=\"async\" alt=\"2026 marzo 19 habitantes spazio spadoni puebla Obras de Misericordia OPERA M 14\" src=\"https:\/\/spaziospadoni.org\/wp-content\/uploads\/2026\/05\/2026_marzo_19_abitanti_spazio_spadoni_puebla_opere_misericordia_operam-14.jpeg\"\/><\/figure>\n\n\n<figure class=\"wp-block-image size-large messico\"><img decoding=\"async\" alt=\"2026 marzo 19 habitantes spazio spadoni puebla Obras de Misericordia OPERA M 12\" src=\"https:\/\/spaziospadoni.org\/wp-content\/uploads\/2026\/05\/2026_marzo_19_abitanti_spazio_spadoni_puebla_opere_misericordia_operam-12.jpeg\"\/><\/figure>\n\n\n<figure class=\"wp-block-image size-large messico\"><img decoding=\"async\" alt=\"2026 marzo 19 habitantes spazio spadoni puebla Obras de Misericordia OPERA M 13\" src=\"https:\/\/spaziospadoni.org\/wp-content\/uploads\/2026\/05\/2026_marzo_19_abitanti_spazio_spadoni_puebla_opere_misericordia_operam-13.jpeg\"\/><\/figure>\n\n\n<figure class=\"wp-block-image size-large messico\"><img decoding=\"async\" alt=\"2026 marzo 19 habitantes spazio spadoni puebla Obras de Misericordia OPERA M 16\" src=\"https:\/\/spaziospadoni.org\/wp-content\/uploads\/2026\/05\/2026_marzo_19_abitanti_spazio_spadoni_puebla_opere_misericordia_operam-16.jpeg\"\/><\/figure>\n\n\n<figure class=\"wp-block-image size-large messico\"><img decoding=\"async\" alt=\"2026 marzo 19 habitantes spazio spadoni puebla Obras de Misericordia OPERA M 17\" src=\"https:\/\/spaziospadoni.org\/wp-content\/uploads\/2026\/05\/2026_marzo_19_abitanti_spazio_spadoni_puebla_opere_misericordia_operam-17.jpeg\"\/><\/figure>\n\n\n<figure class=\"wp-block-image size-large messico\"><img decoding=\"async\" alt=\"2026 marzo 19 habitantes spazio spadoni puebla Obras de Misericordia OPERA M 18\" src=\"https:\/\/spaziospadoni.org\/wp-content\/uploads\/2026\/05\/2026_marzo_19_abitanti_spazio_spadoni_puebla_opere_misericordia_operam-18.jpeg\"\/><\/figure>\n\n\n<figure class=\"wp-block-image size-large messico\"><img decoding=\"async\" alt=\"2026 marzo 19 habitantes spazio spadoni puebla Obras de Misericordia OPERA M 20\" src=\"https:\/\/spaziospadoni.org\/wp-content\/uploads\/2026\/05\/2026_marzo_19_abitanti_spazio_spadoni_puebla_opere_misericordia_operam-20.jpeg\"\/><\/figure>\n\n\n<figure class=\"wp-block-image size-large messico\"><img decoding=\"async\" alt=\"2026 marzo 19 habitantes spazio spadoni puebla Obras de Misericordia OPERA M 22\" src=\"https:\/\/spaziospadoni.org\/wp-content\/uploads\/2026\/05\/2026_marzo_19_abitanti_spazio_spadoni_puebla_opere_misericordia_operam-22.jpeg\"\/><\/figure>\n\n\n<figure class=\"wp-block-image size-large messico\"><img decoding=\"async\" alt=\"2026 marzo 19 habitantes spazio spadoni puebla Obras de Misericordia OPERA M 23\" src=\"https:\/\/spaziospadoni.org\/wp-content\/uploads\/2026\/05\/2026_marzo_19_abitanti_spazio_spadoni_puebla_opere_misericordia_operam-23.jpeg\"\/><\/figure>\n\n\n<figure class=\"wp-block-image size-large messico\"><img decoding=\"async\" alt=\"2026 marzo 19 habitantes spazio spadoni puebla Obras de Misericordia OPERA M 1\" src=\"https:\/\/spaziospadoni.org\/wp-content\/uploads\/2026\/05\/2026_marzo_19_abitanti_spazio_spadoni_puebla_opere_misericordia_operam-1.jpeg\"\/><\/figure>\n\n\n<figure class=\"wp-block-image size-large messico\"><img decoding=\"async\" alt=\"2026 marzo 19 habitantes spazio spadoni puebla Obras de Misericordia OPERA M 2\" src=\"https:\/\/spaziospadoni.org\/wp-content\/uploads\/2026\/05\/2026_marzo_19_abitanti_spazio_spadoni_puebla_opere_misericordia_operam-2.jpeg\"\/><\/figure>\n\n\n<figure class=\"wp-block-image size-large messico\"><img decoding=\"async\" alt=\"2026 marzo 19 habitantes spazio spadoni puebla Obras de Misericordia OPERA M 3\" src=\"https:\/\/spaziospadoni.org\/wp-content\/uploads\/2026\/05\/2026_marzo_19_abitanti_spazio_spadoni_puebla_opere_misericordia_operam-3.jpeg\"\/><\/figure>\n\n\n<figure class=\"wp-block-image size-large messico\"><img decoding=\"async\" alt=\"2026 marzo 19 habitantes spazio spadoni puebla Obras de Misericordia OPERA M 4\" src=\"https:\/\/spaziospadoni.org\/wp-content\/uploads\/2026\/05\/2026_marzo_19_abitanti_spazio_spadoni_puebla_opere_misericordia_operam-4.jpeg\"\/><\/figure>\n\n\n<figure class=\"wp-block-image size-large messico\"><img decoding=\"async\" alt=\"2026 marzo 19 habitantes spazio spadoni puebla Obras de Misericordia OPERA M 5\" src=\"https:\/\/spaziospadoni.org\/wp-content\/uploads\/2026\/05\/2026_marzo_19_abitanti_spazio_spadoni_puebla_opere_misericordia_operam-5.jpeg\"\/><\/figure>\n\n\n<figure class=\"wp-block-image size-large messico\"><img decoding=\"async\" alt=\"2026 marzo 19 habitantes spazio spadoni puebla Obras de Misericordia OPERA M 6\" src=\"https:\/\/spaziospadoni.org\/wp-content\/uploads\/2026\/05\/2026_marzo_19_abitanti_spazio_spadoni_puebla_opere_misericordia_operam-6.jpeg\"\/><\/figure>\n\n\n<figure class=\"wp-block-image size-large messico\"><img decoding=\"async\" alt=\"2026 marzo 19 habitantes spazio spadoni puebla Obras de Misericordia OPERA M 7\" src=\"https:\/\/spaziospadoni.org\/wp-content\/uploads\/2026\/05\/2026_marzo_19_abitanti_spazio_spadoni_puebla_opere_misericordia_operam-7.jpeg\"\/><\/figure>\n\n\n<figure class=\"wp-block-image size-large messico\"><img decoding=\"async\" alt=\"2026 marzo 19 habitantes spazio spadoni puebla Obras de Misericordia OPERA M 8\" src=\"https:\/\/spaziospadoni.org\/wp-content\/uploads\/2026\/05\/2026_marzo_19_abitanti_spazio_spadoni_puebla_opere_misericordia_operam-8.jpeg\"\/><\/figure>\n\n\n<figure class=\"wp-block-image size-large messico\"><img decoding=\"async\" alt=\"2026 marzo 19 habitantes spazio spadoni puebla Obras de Misericordia OPERA M 9\" src=\"https:\/\/spaziospadoni.org\/wp-content\/uploads\/2026\/05\/2026_marzo_19_abitanti_spazio_spadoni_puebla_opere_misericordia_operam-9.jpeg\"\/><\/figure>\n\n\n<figure class=\"wp-block-image size-large messico\"><img decoding=\"async\" alt=\"2026 marzo 19 habitantes spazio spadoni puebla Obras de Misericordia OPERA M 10\" src=\"https:\/\/spaziospadoni.org\/wp-content\/uploads\/2026\/05\/2026_marzo_19_abitanti_spazio_spadoni_puebla_opere_misericordia_operam-10.jpeg\"\/><\/figure>\n\n\n<figure class=\"wp-block-image size-large messico\"><img decoding=\"async\" alt=\"2026 marzo 19 habitantes spazio spadoni puebla Obras de Misericordia OPERA M 11\" src=\"https:\/\/spaziospadoni.org\/wp-content\/uploads\/2026\/05\/2026_marzo_19_abitanti_spazio_spadoni_puebla_opere_misericordia_operam-11.jpeg\"\/><\/figure>\n\n\n<figure class=\"wp-block-image size-large messico\"><img decoding=\"async\" alt=\"2026 abril 1 M\u00e9xico puebla tienda de art\u00edculos religiosos spazio spadoni Obras de Misericordia OPERA M 2\" src=\"https:\/\/spaziospadoni.org\/wp-content\/uploads\/2026\/05\/2026_aprile_1_messico_puebla_negozio_articoli_religiosi_spazio_spadoni_opere_misericordia_operam-2.jpeg\"\/><\/figure>\n\n\n<figure class=\"wp-block-image size-large messico\"><img decoding=\"async\" alt=\"2026 abril 1 M\u00e9xico puebla tienda de art\u00edculos religiosos spazio spadoni Obras de Misericordia OPERA M 9\" src=\"https:\/\/spaziospadoni.org\/wp-content\/uploads\/2026\/05\/2026_aprile_1_messico_puebla_negozio_articoli_religiosi_spazio_spadoni_opere_misericordia_operam-9.jpeg\"\/><\/figure>\n\n\n<figure class=\"wp-block-image size-large messico\"><img decoding=\"async\" alt=\"2026 abril 1 M\u00e9xico puebla tienda de art\u00edculos religiosos spazio spadoni Obras de Misericordia OPERA M 11\" src=\"https:\/\/spaziospadoni.org\/wp-content\/uploads\/2026\/05\/2026_aprile_1_messico_puebla_negozio_articoli_religiosi_spazio_spadoni_opere_misericordia_operam-11.jpeg\"\/><\/figure>\n\n\n<figure class=\"wp-block-image size-large messico\"><img decoding=\"async\" alt=\"2026 abril 1 M\u00e9xico puebla tienda de art\u00edculos religiosos spazio spadoni Obras de Misericordia OPERA M 15\" src=\"https:\/\/spaziospadoni.org\/wp-content\/uploads\/2026\/05\/2026_aprile_1_messico_puebla_negozio_articoli_religiosi_spazio_spadoni_opere_misericordia_operam-15.jpeg\"\/><\/figure>\n\n<\/figure>\n\n\n<div class=\"gb-element-b24bbf5e ss-media-videos\">\n\n<figure class=\"wp-block-video video\"><video controls=\"\" src=\"https:\/\/spaziospadoni.org\/wp-content\/uploads\/2026\/05\/novembre_2022_compleanno_suor_angelica.mp4\"><\/video><figcaption class=\"wp-element-caption\">noviembre 2022 cumplea\u00f1os Hermana Angelica<\/figcaption><\/figure>\n\n\n<figure class=\"wp-block-video video\"><video controls=\"\" src=\"https:\/\/spaziospadoni.org\/wp-content\/uploads\/2026\/05\/avvento-2022.mp4\"><\/video><figcaption class=\"wp-element-caption\">Adviento 2022<\/figcaption><\/figure>\n\n\n<figure class=\"wp-block-video video\"><video controls=\"\" src=\"https:\/\/spaziospadoni.org\/wp-content\/uploads\/2026\/05\/dicembre_2022_suor_perla_angelica-2.mp4\"><\/video><figcaption class=\"wp-element-caption\">diciembre 2022 Hermana Perla angelica 2<\/figcaption><\/figure>\n\n\n<figure class=\"wp-block-video video\"><video controls=\"\" src=\"https:\/\/spaziospadoni.org\/wp-content\/uploads\/2026\/05\/gennaio_2023_suor_perla_angelica_misericordia_rosolini.mp4\"><\/video><figcaption class=\"wp-element-caption\">enero 2023 Hermana Perla angelica misericordia rosolini<\/figcaption><\/figure>\n\n\n<figure class=\"wp-block-video video\"><video controls=\"\" src=\"https:\/\/spaziospadoni.org\/wp-content\/uploads\/2026\/05\/Formazione_Rosolin_canznone.mp4\"><\/video><figcaption class=\"wp-element-caption\">formaci\u00f3n Rosolin canci\u00f3n<\/figcaption><\/figure>\n\n\n<figure class=\"wp-block-video video\"><video controls=\"\" src=\"https:\/\/spaziospadoni.org\/wp-content\/uploads\/2026\/05\/febbraio_2023_rinnovo_voti_suor_perla_angelica_rosolini.mp4\"><\/video><figcaption class=\"wp-element-caption\">febrero 2023 renovaci\u00f3n de votos Hermana Perla angelica rosolini<\/figcaption><\/figure>\n\n\n<figure class=\"wp-block-video video\"><video controls=\"\" src=\"https:\/\/spaziospadoni.org\/wp-content\/uploads\/2026\/05\/2022_dicembre_suor_perla_angelica_rosolini_italia_misericordia_spazio_spadoni-2.mp4\"><\/video><figcaption class=\"wp-element-caption\">2022 diciembre Hermana Perla angelica rosolini Italia misericordia spazio spadoni 2<\/figcaption><\/figure>\n\n\n<figure class=\"wp-block-video video\"><video controls=\"\" src=\"https:\/\/spaziospadoni.org\/wp-content\/uploads\/2026\/05\/2022_dicembre_suor_perla_angelica_rosolini_italia_misericordia_spazio_spadoni-1.mp4\"><\/video><figcaption class=\"wp-element-caption\">2022 diciembre Hermana Perla angelica rosolini Italia misericordia spazio spadoni 1<\/figcaption><\/figure>\n\n\n<figure class=\"wp-block-video video\"><video controls=\"\" src=\"https:\/\/spaziospadoni.org\/wp-content\/uploads\/2026\/05\/marzo_2023_gran_gala_suor_perla_angelica_misericordia_rosolini.mp4\"><\/video><figcaption class=\"wp-element-caption\">marzo 2023 gran gala Hermana Perla angelica misericordia rosolini<\/figcaption><\/figure>\n\n\n<figure class=\"wp-block-video video\"><video controls=\"\" src=\"https:\/\/spaziospadoni.org\/wp-content\/uploads\/2026\/05\/marzo_2023_rosolini.mp4\"><\/video><figcaption class=\"wp-element-caption\">marzo 2023 rosolini<\/figcaption><\/figure>\n\n\n<figure class=\"wp-block-video video\"><video controls=\"\" src=\"https:\/\/spaziospadoni.org\/wp-content\/uploads\/2026\/05\/marzo_2023_anziani_saluto.mp4\"><\/video><figcaption class=\"wp-element-caption\">marzo 2023 ancianos despedida<\/figcaption><\/figure>\n\n\n<figure class=\"wp-block-video video\"><video controls=\"\" src=\"https:\/\/spaziospadoni.org\/wp-content\/uploads\/2026\/05\/Video-WhatsApp-2023-07-02-ore-21.56.17.mp4\"><\/video><figcaption class=\"wp-element-caption\">V\u00eddeo de WhatsApp 2023 07 02 a las 21.56.17<\/figcaption><\/figure>\n\n\n<figure class=\"wp-block-video video\"><video controls=\"\" src=\"https:\/\/spaziospadoni.org\/wp-content\/uploads\/2026\/05\/2024_aprile_messico_suor_perla_angelica_assemblea_congregazione_festa-2.mp4\"><\/video><figcaption class=\"wp-element-caption\">2024 abril M\u00e9xico Hermana Perla angelica asamblea de la Congregaci\u00f3n fiesta 2<\/figcaption><\/figure>\n\n\n<figure class=\"wp-block-video video\"><video controls=\"\" src=\"https:\/\/spaziospadoni.org\/wp-content\/uploads\/2026\/05\/2024_aprile_messico_suor_perla_angelica_assemblea_congregazione_festa-3.mp4\"><\/video><figcaption class=\"wp-element-caption\">2024 abril M\u00e9xico Hermana Perla angelica asamblea de la Congregaci\u00f3n fiesta 3<\/figcaption><\/figure>\n\n\n<figure class=\"wp-block-video video\"><video controls=\"\" src=\"https:\/\/spaziospadoni.org\/wp-content\/uploads\/2026\/05\/2024_aprile_messico_suor_perla_angelica_assemblea_congregazione_festa-1.mp4\"><\/video><figcaption class=\"wp-element-caption\">2024 abril M\u00e9xico Hermana Perla angelica asamblea de la Congregaci\u00f3n fiesta 1<\/figcaption><\/figure>\n\n\n<figure class=\"wp-block-video video\"><video controls=\"\" src=\"https:\/\/spaziospadoni.org\/wp-content\/uploads\/2026\/05\/2025_settembre_27_74_anniversario_congregazione_suor_perla_suor_angelica_messico_spazio_spadoni-31.mp4\"><\/video><figcaption class=\"wp-element-caption\">2025 septiembre 27 74 anniversario congregazione Hermana Perla Hermana Angelica M\u00e9xico spazio spadoni 31<\/figcaption><\/figure>\n\n\n<figure class=\"wp-block-video video\"><video controls=\"\" src=\"https:\/\/spaziospadoni.org\/wp-content\/uploads\/2026\/05\/2026_gennaio_25_formazione_opere_misericordia_puebla_messico_suor_perla_progetto_hic_sum_operam_spazio_spadoni-1.mp4\"><\/video><figcaption class=\"wp-element-caption\">2026 enero 25 formaci\u00f3n Obras de Misericordia puebla M\u00e9xico Hermana Perla proyecto HIC SUM OPERA M spazio spadoni 1<\/figcaption><\/figure>\n\n<\/div>\n\n<\/div>\n\n<\/div>\n\n<\/div>\n\n","protected":false},"excerpt":{"rendered":"<p>Puebla | Puebla (M\u00e9xico) OPERA M11 MISI\u00d3N Lugar Puebla Di\u00f3cesis Puebla Pa\u00eds M\u00e9xico Continente Am\u00e9rica Coordenadas GPS 18.49349 -98.24490 Huso horario UTC-6 ORGANIZADOR Congregaci\u00f3n Misioneras Catequistas de los Sagrados Corazones de Jes\u00fas y de Mar\u00eda Casa Madre Ciudad de M\u00e9xico Di\u00f3cesis Ciudad de M\u00e9xico Pa\u00eds M\u00e9xico Continente Am\u00e9rica Fiesta de la Congregaci\u00f3n Sagrado Coraz\u00f3n de &#8230; <a title=\"M\u00e9xico &#8211; Am\u00e9rica | Proyecto M11\" class=\"read-more\" href=\"https:\/\/spaziospadoni.org\/es\/opera-m\/mexico-america-proyecto-m11\/\" aria-label=\"Read more about M\u00e9xico &#8211; Am\u00e9rica | Proyecto M11\">Leer m\u00e1s<\/a><\/p>\n","protected":false},"author":102,"featured_media":0,"parent":89580,"menu_order":0,"comment_status":"closed","ping_status":"closed","template":"","meta":{"_sitemap_exclude":false,"_sitemap_priority":"","_sitemap_frequency":"","footnotes":""},"class_list":["post-81371","page","type-page","status-publish","infinite-scroll-item"],"yoast_head":"<!-- This site is optimized with the Yoast SEO plugin v28.4 - https:\/\/yoast.com\/product\/yoast-seo-wordpress\/ -->\n<title>M\u00e9xico - Am\u00e9rica | Proyecto M11 | Spazio Spadoni<\/title>\n<meta name=\"description\" content=\"Puebla | Puebla (M\u00e9xico) OPERA M11 MISI\u00d3N Lugar Puebla Di\u00f3cesis Puebla Pa\u00eds M\u00e9xico Continente Am\u00e9rica Coordenadas GPS 18.49349 -98.24490 Huso horario\" \/>\n<meta name=\"robots\" content=\"index, follow, max-snippet:-1, max-image-preview:large, max-video-preview:-1\" \/>\n<link rel=\"canonical\" href=\"https:\/\/spaziospadoni.org\/es\/opera-m\/mexico-america-proyecto-m11\/\" \/>\n<meta property=\"og:locale\" content=\"es_ES\" \/>\n<meta property=\"og:type\" content=\"article\" \/>\n<meta property=\"og:title\" content=\"M\u00e9xico - Am\u00e9rica | Proyecto M11 | Spazio Spadoni\" \/>\n<meta property=\"og:description\" content=\"Puebla | Puebla (M\u00e9xico) OPERA M11 MISI\u00d3N Lugar Puebla Di\u00f3cesis Puebla Pa\u00eds M\u00e9xico Continente Am\u00e9rica Coordenadas GPS 18.49349 -98.24490 Huso horario\" \/>\n<meta property=\"og:url\" content=\"https:\/\/spaziospadoni.org\/es\/opera-m\/mexico-america-proyecto-m11\/\" \/>\n<meta property=\"og:site_name\" content=\"spazio + spadoni\" \/>\n<meta property=\"article:publisher\" content=\"https:\/\/www.facebook.com\/SpazioSpadoni\/\" \/>\n<meta property=\"article:modified_time\" content=\"2026-07-30T13:36:22+00:00\" \/>\n<meta property=\"og:image\" content=\"https:\/\/spaziospadoni.org\/wp-content\/uploads\/2026\/05\/hicsum_1_congo-spaziospadoni-scaled.png\" \/>\n\t<meta property=\"og:image:width\" content=\"2560\" \/>\n\t<meta property=\"og:image:height\" content=\"1771\" \/>\n\t<meta property=\"og:image:type\" content=\"image\/png\" \/>\n<meta name=\"twitter:card\" content=\"summary_large_image\" \/>\n<meta name=\"twitter:label1\" content=\"Est. reading time\" \/>\n\t<meta name=\"twitter:data1\" content=\"47 minutes\" \/>\n<script type=\"application\/ld+json\" class=\"yoast-schema-graph\">{\"@context\":\"https:\\\/\\\/schema.org\",\"@graph\":[{\"@type\":\"WebPage\",\"@id\":\"https:\\\/\\\/spaziospadoni.org\\\/es\\\/opera-m\\\/mexico-america-proyecto-m11\\\/\",\"url\":\"https:\\\/\\\/spaziospadoni.org\\\/es\\\/opera-m\\\/mexico-america-proyecto-m11\\\/\",\"name\":\"M\u00e9xico - Am\u00e9rica | Proyecto M11 | Spazio Spadoni\",\"isPartOf\":{\"@id\":\"https:\\\/\\\/spaziospadoni.org\\\/es\\\/#website\"},\"primaryImageOfPage\":{\"@id\":\"https:\\\/\\\/spaziospadoni.org\\\/es\\\/opera-m\\\/mexico-america-proyecto-m11\\\/#primaryimage\"},\"image\":{\"@id\":\"https:\\\/\\\/spaziospadoni.org\\\/es\\\/opera-m\\\/mexico-america-proyecto-m11\\\/#primaryimage\"},\"thumbnailUrl\":\"https:\\\/\\\/spaziospadoni.org\\\/wp-content\\\/uploads\\\/2026\\\/05\\\/hicsum_20_messico-spaziospadoni.png\",\"datePublished\":\"2026-05-18T11:15:26+00:00\",\"dateModified\":\"2026-07-30T13:36:22+00:00\",\"description\":\"Puebla | Puebla (M\u00e9xico) OPERA M11 MISI\u00d3N Lugar Puebla Di\u00f3cesis Puebla Pa\u00eds M\u00e9xico Continente Am\u00e9rica Coordenadas GPS 18.49349 -98.24490 Huso horario\",\"breadcrumb\":{\"@id\":\"https:\\\/\\\/spaziospadoni.org\\\/es\\\/opera-m\\\/mexico-america-proyecto-m11\\\/#breadcrumb\"},\"inLanguage\":\"es-ES\",\"potentialAction\":[{\"@type\":\"ReadAction\",\"target\":[\"https:\\\/\\\/spaziospadoni.org\\\/es\\\/opera-m\\\/mexico-america-proyecto-m11\\\/\"]}]},{\"@type\":\"ImageObject\",\"inLanguage\":\"es-ES\",\"@id\":\"https:\\\/\\\/spaziospadoni.org\\\/es\\\/opera-m\\\/mexico-america-proyecto-m11\\\/#primaryimage\",\"url\":\"https:\\\/\\\/spaziospadoni.org\\\/wp-content\\\/uploads\\\/2026\\\/05\\\/hicsum_20_messico-spaziospadoni.png\",\"contentUrl\":\"https:\\\/\\\/spaziospadoni.org\\\/wp-content\\\/uploads\\\/2026\\\/05\\\/hicsum_20_messico-spaziospadoni.png\"},{\"@type\":\"BreadcrumbList\",\"@id\":\"https:\\\/\\\/spaziospadoni.org\\\/es\\\/opera-m\\\/mexico-america-proyecto-m11\\\/#breadcrumb\",\"itemListElement\":[{\"@type\":\"ListItem\",\"position\":1,\"name\":\"Home\",\"item\":\"https:\\\/\\\/spaziospadoni.org\\\/es\\\/\"},{\"@type\":\"ListItem\",\"position\":2,\"name\":\"Obras de Misericordia\",\"item\":\"https:\\\/\\\/spaziospadoni.org\\\/es\\\/obras-de-misericordia\\\/\"},{\"@type\":\"ListItem\",\"position\":3,\"name\":\"M\u00e9xico &#8211; Am\u00e9rica | Proyecto M11\"}]},{\"@type\":\"WebSite\",\"@id\":\"https:\\\/\\\/spaziospadoni.org\\\/es\\\/#website\",\"url\":\"https:\\\/\\\/spaziospadoni.org\\\/es\\\/\",\"name\":\"spazio + spadoni\",\"description\":\"Generazione di misericordia e missione nel mondo\",\"publisher\":{\"@id\":\"https:\\\/\\\/spaziospadoni.org\\\/es\\\/#organization\"},\"alternateName\":\"spaziospadoni.org\",\"potentialAction\":[{\"@type\":\"SearchAction\",\"target\":{\"@type\":\"EntryPoint\",\"urlTemplate\":\"https:\\\/\\\/spaziospadoni.org\\\/es\\\/?s={search_term_string}\"},\"query-input\":{\"@type\":\"PropertyValueSpecification\",\"valueRequired\":true,\"valueName\":\"search_term_string\"}}],\"inLanguage\":\"es-ES\"},{\"@type\":\"Organization\",\"@id\":\"https:\\\/\\\/spaziospadoni.org\\\/es\\\/#organization\",\"name\":\"spazio + spadoni\",\"alternateName\":\"spaziospadoni.org\",\"url\":\"https:\\\/\\\/spaziospadoni.org\\\/es\\\/\",\"logo\":{\"@type\":\"ImageObject\",\"inLanguage\":\"es-ES\",\"@id\":\"https:\\\/\\\/spaziospadoni.org\\\/es\\\/#\\\/schema\\\/logo\\\/image\\\/\",\"url\":\"https:\\\/\\\/spaziospadoni.org\\\/wp-content\\\/uploads\\\/2026\\\/05\\\/spazio-spadoni-logo-100x100-1.webp\",\"contentUrl\":\"https:\\\/\\\/spaziospadoni.org\\\/wp-content\\\/uploads\\\/2026\\\/05\\\/spazio-spadoni-logo-100x100-1.webp\",\"width\":100,\"height\":100,\"caption\":\"spazio + spadoni\"},\"image\":{\"@id\":\"https:\\\/\\\/spaziospadoni.org\\\/es\\\/#\\\/schema\\\/logo\\\/image\\\/\"},\"sameAs\":[\"https:\\\/\\\/www.facebook.com\\\/SpazioSpadoni\\\/\",\"https:\\\/\\\/www.instagram.com\\\/spaziospadoni\\\/\",\"https:\\\/\\\/www.youtube.com\\\/@spaziospadoni\\\/playlists\"]}]}<\/script>\n<!-- \/ Yoast SEO plugin. -->","yoast_head_json":{"title":"M\u00e9xico - Am\u00e9rica | Proyecto M11 | Spazio Spadoni","description":"Puebla | Puebla (M\u00e9xico) OPERA M11 MISI\u00d3N Lugar Puebla Di\u00f3cesis Puebla Pa\u00eds M\u00e9xico Continente Am\u00e9rica Coordenadas GPS 18.49349 -98.24490 Huso horario","robots":{"index":"index","follow":"follow","max-snippet":"max-snippet:-1","max-image-preview":"max-image-preview:large","max-video-preview":"max-video-preview:-1"},"canonical":"https:\/\/spaziospadoni.org\/es\/opera-m\/mexico-america-proyecto-m11\/","og_locale":"es_ES","og_type":"article","og_title":"M\u00e9xico - Am\u00e9rica | Proyecto M11 | Spazio Spadoni","og_description":"Puebla | Puebla (M\u00e9xico) OPERA M11 MISI\u00d3N Lugar Puebla Di\u00f3cesis Puebla Pa\u00eds M\u00e9xico Continente Am\u00e9rica Coordenadas GPS 18.49349 -98.24490 Huso horario","og_url":"https:\/\/spaziospadoni.org\/es\/opera-m\/mexico-america-proyecto-m11\/","og_site_name":"spazio + spadoni","article_publisher":"https:\/\/www.facebook.com\/SpazioSpadoni\/","article_modified_time":"2026-07-30T13:36:22+00:00","og_image":[{"width":2560,"height":1771,"url":"https:\/\/spaziospadoni.org\/wp-content\/uploads\/2026\/05\/hicsum_1_congo-spaziospadoni-scaled.png","type":"image\/png"}],"twitter_card":"summary_large_image","twitter_misc":{"Est. reading time":"47 minutes"},"schema":{"@context":"https:\/\/schema.org","@graph":[{"@type":"WebPage","@id":"https:\/\/spaziospadoni.org\/es\/opera-m\/mexico-america-proyecto-m11\/","url":"https:\/\/spaziospadoni.org\/es\/opera-m\/mexico-america-proyecto-m11\/","name":"M\u00e9xico - Am\u00e9rica | Proyecto M11 | Spazio Spadoni","isPartOf":{"@id":"https:\/\/spaziospadoni.org\/es\/#website"},"primaryImageOfPage":{"@id":"https:\/\/spaziospadoni.org\/es\/opera-m\/mexico-america-proyecto-m11\/#primaryimage"},"image":{"@id":"https:\/\/spaziospadoni.org\/es\/opera-m\/mexico-america-proyecto-m11\/#primaryimage"},"thumbnailUrl":"https:\/\/spaziospadoni.org\/wp-content\/uploads\/2026\/05\/hicsum_20_messico-spaziospadoni.png","datePublished":"2026-05-18T11:15:26+00:00","dateModified":"2026-07-30T13:36:22+00:00","description":"Puebla | Puebla (M\u00e9xico) OPERA M11 MISI\u00d3N Lugar Puebla Di\u00f3cesis Puebla Pa\u00eds M\u00e9xico Continente Am\u00e9rica Coordenadas GPS 18.49349 -98.24490 Huso horario","breadcrumb":{"@id":"https:\/\/spaziospadoni.org\/es\/opera-m\/mexico-america-proyecto-m11\/#breadcrumb"},"inLanguage":"es-ES","potentialAction":[{"@type":"ReadAction","target":["https:\/\/spaziospadoni.org\/es\/opera-m\/mexico-america-proyecto-m11\/"]}]},{"@type":"ImageObject","inLanguage":"es-ES","@id":"https:\/\/spaziospadoni.org\/es\/opera-m\/mexico-america-proyecto-m11\/#primaryimage","url":"https:\/\/spaziospadoni.org\/wp-content\/uploads\/2026\/05\/hicsum_20_messico-spaziospadoni.png","contentUrl":"https:\/\/spaziospadoni.org\/wp-content\/uploads\/2026\/05\/hicsum_20_messico-spaziospadoni.png"},{"@type":"BreadcrumbList","@id":"https:\/\/spaziospadoni.org\/es\/opera-m\/mexico-america-proyecto-m11\/#breadcrumb","itemListElement":[{"@type":"ListItem","position":1,"name":"Home","item":"https:\/\/spaziospadoni.org\/es\/"},{"@type":"ListItem","position":2,"name":"Obras de Misericordia","item":"https:\/\/spaziospadoni.org\/es\/obras-de-misericordia\/"},{"@type":"ListItem","position":3,"name":"M\u00e9xico &#8211; Am\u00e9rica | Proyecto M11"}]},{"@type":"WebSite","@id":"https:\/\/spaziospadoni.org\/es\/#website","url":"https:\/\/spaziospadoni.org\/es\/","name":"spazio + spadoni","description":"Generazione di misericordia e missione nel mondo","publisher":{"@id":"https:\/\/spaziospadoni.org\/es\/#organization"},"alternateName":"spaziospadoni.org","potentialAction":[{"@type":"SearchAction","target":{"@type":"EntryPoint","urlTemplate":"https:\/\/spaziospadoni.org\/es\/?s={search_term_string}"},"query-input":{"@type":"PropertyValueSpecification","valueRequired":true,"valueName":"search_term_string"}}],"inLanguage":"es-ES"},{"@type":"Organization","@id":"https:\/\/spaziospadoni.org\/es\/#organization","name":"spazio + spadoni","alternateName":"spaziospadoni.org","url":"https:\/\/spaziospadoni.org\/es\/","logo":{"@type":"ImageObject","inLanguage":"es-ES","@id":"https:\/\/spaziospadoni.org\/es\/#\/schema\/logo\/image\/","url":"https:\/\/spaziospadoni.org\/wp-content\/uploads\/2026\/05\/spazio-spadoni-logo-100x100-1.webp","contentUrl":"https:\/\/spaziospadoni.org\/wp-content\/uploads\/2026\/05\/spazio-spadoni-logo-100x100-1.webp","width":100,"height":100,"caption":"spazio + spadoni"},"image":{"@id":"https:\/\/spaziospadoni.org\/es\/#\/schema\/logo\/image\/"},"sameAs":["https:\/\/www.facebook.com\/SpazioSpadoni\/","https:\/\/www.instagram.com\/spaziospadoni\/","https:\/\/www.youtube.com\/@spaziospadoni\/playlists"]}]}},"_links":{"self":[{"href":"https:\/\/spaziospadoni.org\/es\/wp-json\/wp\/v2\/pages\/81371","targetHints":{"allow":["GET"]}}],"collection":[{"href":"https:\/\/spaziospadoni.org\/es\/wp-json\/wp\/v2\/pages"}],"about":[{"href":"https:\/\/spaziospadoni.org\/es\/wp-json\/wp\/v2\/types\/page"}],"author":[{"embeddable":true,"href":"https:\/\/spaziospadoni.org\/es\/wp-json\/wp\/v2\/users\/102"}],"replies":[{"embeddable":true,"href":"https:\/\/spaziospadoni.org\/es\/wp-json\/wp\/v2\/comments?post=81371"}],"version-history":[{"count":0,"href":"https:\/\/spaziospadoni.org\/es\/wp-json\/wp\/v2\/pages\/81371\/revisions"}],"up":[{"embeddable":true,"href":"https:\/\/spaziospadoni.org\/es\/wp-json\/wp\/v2\/pages\/89580"}],"wp:attachment":[{"href":"https:\/\/spaziospadoni.org\/es\/wp-json\/wp\/v2\/media?parent=81371"}],"curies":[{"name":"wp","href":"https:\/\/api.w.org\/{rel}","templated":true}]}}