{"id":81917,"date":"2026-05-18T13:57:06","date_gmt":"2026-05-18T12:57:06","guid":{"rendered":"https:\/\/spaziospadoni.org\/obras-de-misericordia\/nigeria-africa-progetto-m2\/"},"modified":"2026-07-30T14:55:13","modified_gmt":"2026-07-30T13:55:13","slug":"nigeria-africa-proyecto-m2","status":"publish","type":"page","link":"https:\/\/spaziospadoni.org\/es\/opera-m\/nigeria-africa-proyecto-m2\/","title":{"rendered":"Nigeria &#8211; \u00c1frica | Proyecto M2"},"content":{"rendered":"\n<div class=\"ss-project-hero-card\">\n<h2 id=\"ibiono-ibom-uyo-nigeria\" class=\"gb-text gb-text-62a95885\">Ibiono Ibom | Uyo (Nigeria)<\/h2>\n\n\n\n<div class=\"gb-element-f60f2409\">\n<div class=\"gb-element-90a85740 ss-project-sidebar\">\n<h2 id=\"opera-m2\" class=\"gb-text ss-project-title\">OPERA M2<\/h2>\n\n\n\n<figure class=\"wp-block-image size-large\"><img decoding=\"async\" src=\"https:\/\/spaziospadoni.org\/wp-content\/uploads\/2026\/05\/hicsum_5_nigeria-spaziospadoni-scaled.png\" alt=\"HIC SUM 5 Nigeria spaziospadoni 400x277\" class=\"wp-image-43007\"\/><\/figure>\n\n\n\n<div class=\"ss-project-table\">\n<div class=\"ss-table-section-title\">\n<h3 id=\"mision\" class=\"gb-text\">MISI\u00d3N<\/h3>\n<\/div>\n\n\n\n<div class=\"ss-table-row\">\n<p class=\"gb-text\">Lugar<\/p>\n\n\n\n<p class=\"gb-text\"><a href=\"https:\/\/www.google.it\/maps\/place\/Uyo,+Akwa+Ibom,+Nigeria\/@5.0213788,7.8468114,26773m\/data=!3m2!1e3!4b1!4m6!3m5!1s0x105d57c1f8da6a51:0xe71e33ab2276d451!8m2!3d5.0377396!4d7.9127945!16zL20vMDVwMjYw?hl=it&#038;entry=ttu&#038;g_ep=EgoyMDI1MDYxNy4wIKXMDSoASAFQAw%3D%3D\" rel=\"noreferrer noopener\" target=\"_blank\" title=\"Ibiono Ibom\">Ibiono Ibom<\/a><\/p>\n<\/div>\n\n\n\n<div class=\"ss-table-row\">\n<p class=\"gb-text\">Di\u00f3cesis<\/p>\n\n\n\n<p class=\"gb-text\">Uyo<\/p>\n<\/div>\n\n\n\n<div class=\"ss-table-row\">\n<p class=\"gb-text\">Pa\u00eds<\/p>\n\n\n\n<p class=\"gb-text\"><strong>Nigeria<\/strong><\/p>\n<\/div>\n\n\n\n<div class=\"ss-table-row\">\n<p class=\"gb-text\">Continente<\/p>\n\n\n\n<p class=\"gb-text\">\u00c1frica<\/p>\n<\/div>\n\n\n\n<div class=\"ss-table-row\">\n<p class=\"gb-text\">Coordenadas GPS<\/p>\n\n\n\n<p class=\"gb-text\">5.03643 7.91221<\/p>\n<\/div>\n\n\n\n<div class=\"ss-table-row\">\n<p class=\"gb-text\">Huso horario<\/p>\n\n\n\n<p class=\"gb-text\">UTC+1<\/p>\n<\/div>\n<\/div>\n\n\n\n<div class=\"ss-project-table\">\n<div class=\"ss-table-section-title\">\n<h3 id=\"organizador\" class=\"gb-text\">ORGANIZADOR<\/h3>\n<\/div>\n\n\n\n<div class=\"ss-table-row\">\n<p class=\"gb-text\">Congregaci\u00f3n<\/p>\n\n\n\n<p class=\"gb-text\">Ancelle del Santo Bambino Ges\u00f9<\/p>\n<\/div>\n\n\n\n<div class=\"ss-table-row\">\n<p class=\"gb-text\">Casa Madre<\/p>\n\n\n\n<p class=\"gb-text\">Ikot Ekpene, Nigeria<\/p>\n<\/div>\n\n\n\n<div class=\"ss-table-row\">\n<p class=\"gb-text\">Di\u00f3cesis<\/p>\n\n\n\n<p class=\"gb-text\">Uyo<\/p>\n<\/div>\n\n\n\n<div class=\"ss-table-row\">\n<p class=\"gb-text\">Pa\u00eds<\/p>\n\n\n\n<p class=\"gb-text\">Nigeria<\/p>\n<\/div>\n\n\n\n<div class=\"ss-table-row\">\n<p class=\"gb-text\">Continente<\/p>\n\n\n\n<p class=\"gb-text\">\u00c1frica<\/p>\n<\/div>\n\n\n\n<div class=\"ss-table-row\">\n<p class=\"gb-text\">Fiesta de la Congregaci\u00f3n<\/p>\n\n\n\n<p class=\"gb-text\">Con ocasi\u00f3n de la Fiesta de la Anunciaci\u00f3n<\/p>\n<\/div>\n\n\n\n<div class=\"ss-table-row\">\n<p class=\"gb-text\">Coordenadas GPS<\/p>\n\n\n\n<p class=\"gb-text\">5.17553 7.72157<\/p>\n<\/div>\n\n\n\n<div class=\"ss-table-row\">\n<p class=\"gb-text\">Huso horario<\/p>\n\n\n\n<p class=\"gb-text\">UTC+1<\/p>\n<\/div>\n\n\n\n<div class=\"ss-table-row\">\n<p class=\"gb-text\">Referente<\/p>\n\n\n\n<p class=\"gb-text\">Hermana Beatrice<\/p>\n<\/div>\n\n\n\n<div class=\"ss-table-row\">\n<p class=\"gb-text\">Superiora General<\/p>\n\n\n\n<p class=\"gb-text\">Hermana Germaine Ocansey<\/p>\n<\/div>\n\n\n\n<div class=\"ss-table-row\">\n<p class=\"gb-text\">Sitio web<\/p>\n\n\n\n<p class=\"gb-text\"><a href=\"https:\/\/www.suoresantagemma.it\/\" target=\"_blank\" rel=\"noreferrer noopener\" title=\"suoresantagemma.it\">suoresantagemma.it<\/a><\/p>\n<\/div>\n<\/div>\n\n\n\n<div class=\"ss-project-table\">\n<div class=\"ss-table-section-title\">\n<h3 id=\"espacio-real\" class=\"gb-text\">ESPACIO REAL<\/h3>\n<\/div>\n\n\n\n<div class=\"ss-table-row\">\n<p class=\"gb-text\">Responsable del proyecto<\/p>\n\n\n\n<p class=\"gb-text\">Hermana Beatrice<\/p>\n<\/div>\n\n\n\n<div class=\"ss-table-row\">\n<p class=\"gb-text\">Fecha de inicio<\/p>\n\n\n\n<p class=\"gb-text\">22\/02\/2022<\/p>\n<\/div>\n\n\n\n<div class=\"ss-table-row\">\n<p class=\"gb-text\">Tipolog\u00eda<\/p>\n\n\n\n<p class=\"gb-text\"><strong>Corte y confecci\u00f3n<\/strong><\/p>\n<\/div>\n<\/div>\n\n\n\n<div class=\"ss-project-table\">\n<a class=\"gb-element-e1766596 ss-table-section-button\" href=\"#\" title=\"OPERA M &#8211; PROYECTO M2\">\n<span class=\"gb-text\">OPERA M &#8211; PROYECTO M2<\/span>\n<\/a>\n<\/div>\n<\/div>\n<\/div>\n\n\n\n<div class=\"gb-element-6ad95ea8\">\n<div class=\"gb-element-e34063a6 ss-project-intro\">\n<p class=\"wp-block-paragraph\">OPERA M es la revoluci\u00f3n de las obras de misericordia. Es el instrumento permanente para desarrollar una visi\u00f3n s\u00f3lida y renovada de las obras en el mundo.<\/p>\n\n\n\n<p class=\"wp-block-paragraph\">Nace de una necesidad urgente, profundamente sentida por spazio + spadoni, de re<strong>E<\/strong>volucionar el concepto de obra de misericordia como un camino que es siempre, al mismo tiempo, humano y divino y, por tanto, siempre espiritual adem\u00e1s de pr\u00e1ctico (o corporal). El redescubrimiento, o mejor dicho, la verdadera re<strong>E<\/strong>voluci\u00f3n de las obras debe redescubrirse dentro de esta s\u00edntesis entre el aspecto espiritual y el acto pr\u00e1ctico. La acci\u00f3n material debe estar siempre impregnada por el esp\u00edritu.<\/p>\n\n\n\n<p class=\"wp-block-paragraph\">OPERA M se basa en cinco acciones que definen su m\u00e9todo: INVOCA, llama al Esp\u00edritu ESCUCHA, guarda silencio para abrirte a la escucha ENCUENTRA, permanece entre la gente ACTUEMOS, actuemos por las obras INUNDEMOS, llevemos a todos a las Obras de Misericordia <strong>Obras de Misericordia espirituales<\/strong> Aconsejar a los que dudan Ense\u00f1ar a los ignorantes Amonestar a los pecadores Consolar a los afligidos Perdonar las ofensas Soportar con paciencia a las personas molestas Rogar a Dios por los vivos y los difuntos <strong>Obras de Misericordia corporales<\/strong> Dar de comer al hambriento Dar de beber al sediento Vestir al desnudo Dar posada al peregrino Visitar al enfermo Visitar a los presos Enterrar a los muertos<\/p>\n\n<\/div>\n<\/div>\n\n\n\n\n<div>\n\n<h2 id=\"cronologia\" class=\"gb-text gb-text-8179e40a\">Cronolog\u00eda<\/h2>\n\n\n\n\n\n<div class=\"ss-timeline\">\n\n<h3 id=\"2020\" class=\"gb-text\">2020<\/h3>\n\n\n\n\n\n<div class=\"ss-timeline-item\">\n\n<h4 id=\"19-de-agosto-inicio-de-la-relacion\" class=\"gb-text\">19 de agosto | Inicio de la relaci\u00f3n<\/h4>\n\n\n\n\n<p class=\"wp-block-paragraph\">Comienza la colaboraci\u00f3n entre spazio + spadoni y las Ancelle del Santo Bambino Ges\u00f9<\/p>\n\n\n<\/div>\n\n\n\n\n<div class=\"ss-timeline-item\">\n\n<h4 id=\"18-de-septiembre-inicio-del-proyecto\" class=\"gb-text\">18 de septiembre | Inicio del proyecto<\/h4>\n\n\n\n\n<p class=\"wp-block-paragraph\">La hermana Beatrice, que viv\u00eda en Roma desde hac\u00eda a\u00f1os, comienza su experiencia en Misericordia di Villa Adriana<\/p>\n\n\n\n<figure class=\"wp-block-gallery has-nested-images columns-1 is-cropped ss-lightbox wp-block-gallery-1 is-layout-flex wp-block-gallery-is-layout-flex\">\n\n<figure class=\"wp-block-image size-large\"><img decoding=\"async\" src=\"https:\/\/spaziospadoni.org\/wp-content\/uploads\/2026\/05\/Inizio-progetto-suor-Beatrice-300x294.jpg\" alt=\"Inicio del proyecto de la hermana Beatrice 300x294\"\/><figcaption class=\"wp-element-caption\">18 de septiembre | Inicio del proyecto<\/figcaption><\/figure>\n\n<\/figure>\n\n\n<\/div>\n\n\n\n\n<div class=\"ss-timeline-item\">\n\n<h4 id=\"septiembre-formacion\" class=\"gb-text\">Septiembre | Formaci\u00f3n<\/h4>\n\n\n\n\n<p class=\"wp-block-paragraph\">Visita t\u00e9cnica de spazio + spadoni y formaci\u00f3n para el proyecto HIC SUM y OPERA M en Misericordia di Villa Adriana<\/p>\n\n\n\n<figure class=\"wp-block-gallery has-nested-images columns-1 is-cropped ss-lightbox wp-block-gallery-2 is-layout-flex wp-block-gallery-is-layout-flex\">\n\n<figure class=\"wp-block-image size-large\"><img decoding=\"async\" src=\"https:\/\/spaziospadoni.org\/wp-content\/uploads\/2026\/05\/2020_ottobre_hic_sum_2_italia_sr_beatrice_villa_adriana_formazione_spazio_spadoni-20.jpg-278x300.jpg\" alt=\"2020 octubre HIC SUM 2 Italia Hermana Beatrice villa adriana formaci\u00f3n spazio spadoni 20.jpg 278x300\"\/><figcaption class=\"wp-element-caption\">Septiembre | Formaci\u00f3n<\/figcaption><\/figure>\n\n\n<figure class=\"wp-block-image size-large\"><img decoding=\"async\" src=\"https:\/\/spaziospadoni.org\/wp-content\/uploads\/2026\/05\/2020_ottobre_hic_sum_2_italia_sr_beatrice_villa_adriana_formazione_spazio_spadoni-4.jpg-300x190.jpg\" alt=\"2020 octubre HIC SUM 2 Italia Hermana Beatrice villa adriana formaci\u00f3n spazio spadoni 4.jpg 300x190\"\/><figcaption class=\"wp-element-caption\">Septiembre | Formaci\u00f3n<\/figcaption><\/figure>\n\n\n<figure class=\"wp-block-image size-large\"><img decoding=\"async\" src=\"https:\/\/spaziospadoni.org\/wp-content\/uploads\/2026\/05\/Nigeria-F-suor-Beatrice-214x300.jpg\" alt=\"Nigeria F Hermana Beatrice 214x300\"\/><figcaption class=\"wp-element-caption\">Septiembre | Formaci\u00f3n<\/figcaption><\/figure>\n\n<\/figure>\n\n\n<\/div>\n\n\n<\/div>\n\n\n\n\n<div class=\"ss-timeline\">\n\n<h3 id=\"2021\" class=\"gb-text\">2021<\/h3>\n\n\n\n\n\n<div class=\"ss-timeline-item\">\n\n<h4 id=\"30-de-agosto-salida-de-la-hermana\" class=\"gb-text\">30 de agosto | Salida de la hermana<\/h4>\n\n\n\n\n<p class=\"wp-block-paragraph\">La hermana Beatrice regresa a su comunidad en Ibiono Ibom, Nigeria<\/p>\n\n\n<\/div>\n\n\n<\/div>\n\n\n\n\n<div class=\"ss-timeline\">\n\n<h3 id=\"2022\" class=\"gb-text\">2022<\/h3>\n\n\n\n\n\n<div class=\"ss-timeline-item\">\n\n<h4 id=\"2202-primera-financiacion-desembolsada\" class=\"gb-text\">22.02 | Primera financiaci\u00f3n desembolsada<\/h4>\n\n\n\n\n<p class=\"wp-block-paragraph\">La financiaci\u00f3n est\u00e1 destinada a poner en marcha y desarrollar la empresa social: limpieza del terreno, compra de semillas, compra de herramientas de trabajo, alquiler de un tractor y anticipo de los salarios de los trabajadores<\/p>\n\n\n\n<figure class=\"wp-block-gallery has-nested-images columns-1 is-cropped ss-lightbox wp-block-gallery-3 is-layout-flex wp-block-gallery-is-layout-flex\">\n\n<figure class=\"wp-block-image size-large\"><img decoding=\"async\" src=\"https:\/\/spaziospadoni.org\/wp-content\/uploads\/2026\/05\/2022_aprile_hic_sum_2_Nigeria_Uyo_sr_beatrice_villa_adriana_pane_misericordia_agricoltura_impresa_sociale_spazio_spadoni-25-225x300.jpeg\" alt=\"2022 aprile HIC SUM 2 Nigeria Uyo Hermana Beatrice villa adriana Pan de Misericordia agricultura empresa social spazio spadoni 25 225x300\"\/><figcaption class=\"wp-element-caption\">22.02 | Primera financiaci\u00f3n desembolsada<\/figcaption><\/figure>\n\n\n<figure class=\"wp-block-image size-large\"><img decoding=\"async\" src=\"https:\/\/spaziospadoni.org\/wp-content\/uploads\/2026\/05\/2022_giugno_hic_sum_2_nigeria_uyo_sr_beatrice_volontari_pane_misericordia_agricoltura_spazio_spadoni-13.jpg-300x217.jpg\" alt=\"2022 junio HIC SUM 2 Nigeria uyo Hermana Beatrice voluntarios Pan de Misericordia agricultura spazio spadoni 13.jpg 300x217\"\/><figcaption class=\"wp-element-caption\">22.02 | Primera financiaci\u00f3n desembolsada<\/figcaption><\/figure>\n\n<\/figure>\n\n\n<\/div>\n\n\n<\/div>\n\n\n\n\n<div class=\"ss-timeline\">\n\n<h3 id=\"2024\" class=\"gb-text\">2024<\/h3>\n\n\n\n\n\n<div class=\"ss-timeline-item\">\n\n<h4 id=\"10-de-diciembre-informe-sobre-las-actividades-de-los-voluntarios-y-las-obras-de-misericordia\" class=\"gb-text\">10 de diciembre | Informe sobre las actividades de los voluntarios y las Obras de Misericordia<\/h4>\n\n\n\n\n<p class=\"wp-block-paragraph\">Actualizaci\u00f3n sobre las actividades<\/p>\n\n\n\n<figure class=\"wp-block-gallery has-nested-images columns-1 is-cropped ss-lightbox wp-block-gallery-4 is-layout-flex wp-block-gallery-is-layout-flex\">\n\n<figure class=\"wp-block-image size-large\"><img decoding=\"async\" src=\"https:\/\/spaziospadoni.org\/wp-content\/uploads\/2026\/05\/2024_opere_misericordia_suor_beatrice_nigeria_volontari_spazio_spadoni-2-300x225.jpg\" alt=\"2024 Obras de Misericordia Hermana Beatrice Nigeria voluntarios spazio spadoni 2 300x225\"\/><figcaption class=\"wp-element-caption\">10 de diciembre | Informe sobre las actividades de los voluntarios y las Obras de Misericordia<\/figcaption><\/figure>\n\n\n<figure class=\"wp-block-image size-large\"><img decoding=\"async\" src=\"https:\/\/spaziospadoni.org\/wp-content\/uploads\/2026\/05\/2024_opere_misericordia_suor_beatrice_nigeria_volontari_spazio_spadoni-1-300x225.jpg\" alt=\"2024 Obras de Misericordia Hermana Beatrice Nigeria voluntarios spazio spadoni 1 300x225\"\/><figcaption class=\"wp-element-caption\">10 de diciembre | Informe sobre las actividades de los voluntarios y las Obras de Misericordia<\/figcaption><\/figure>\n\n\n<figure class=\"wp-block-image size-large\"><img decoding=\"async\" src=\"https:\/\/spaziospadoni.org\/wp-content\/uploads\/2026\/05\/2024_opere_misericordia_suor_beatrice_nigeria_volontari_spazio_spadoni-3-225x300.jpg\" alt=\"2024 Obras de Misericordia Hermana Beatrice Nigeria voluntarios spazio spadoni 3 225x300\"\/><figcaption class=\"wp-element-caption\">10 de diciembre | Informe sobre las actividades de los voluntarios y las Obras de Misericordia<\/figcaption><\/figure>\n\n<\/figure>\n\n\n<\/div>\n\n\n<\/div>\n\n\n\n\n<div class=\"ss-timeline\">\n\n<h3 id=\"2025\" class=\"gb-text\">2025<\/h3>\n\n\n\n\n\n<div class=\"ss-timeline-item\">\n\n<h4 id=\"08-de-diciembre-bendicion-e-inicio-de-las-actividades\" class=\"gb-text\">08 de diciembre | Bendici\u00f3n e inicio de las actividades<\/h4>\n\n\n\n\n<p class=\"wp-block-paragraph\">La bendici\u00f3n del local marca el inicio de las actividades del taller de confecci\u00f3n<\/p>\n\n\n\n<figure class=\"wp-block-gallery has-nested-images columns-1 is-cropped ss-lightbox wp-block-gallery-5 is-layout-flex wp-block-gallery-is-layout-flex\">\n\n<figure class=\"wp-block-image size-large\"><img decoding=\"async\" src=\"https:\/\/spaziospadoni.org\/wp-content\/uploads\/2026\/05\/Immagine-WhatsApp-2025-12-08-ore-15.46.39_98cc20f9.jpg\" alt=\"Imagen de WhatsApp 2025 12 08 a las 15.46.39 98cc20f9\"\/><figcaption class=\"wp-element-caption\">08 de diciembre | Bendici\u00f3n e inicio de las actividades<\/figcaption><\/figure>\n\n\n<figure class=\"wp-block-image size-large\"><img decoding=\"async\" src=\"https:\/\/spaziospadoni.org\/wp-content\/uploads\/2026\/05\/WhatsApp-Image-2025-12-31-at-10.20.51.jpeg\" alt=\"WhatsApp Image 2025 12 31 at 10.20.51\"\/><figcaption class=\"wp-element-caption\">08 de diciembre | Bendici\u00f3n e inicio de las actividades<\/figcaption><\/figure>\n\n<\/figure>\n\n\n<\/div>\n\n\n<\/div>\n\n\n\n\n<div class=\"ss-timeline\">\n\n<h3 id=\"evaluaciones-del-proyecto\" class=\"gb-text\">Evaluaciones del Proyecto<\/h3>\n\n\n\n\n\n<div class=\"ss-timeline-item\">\n\n<h4 id=\"noviembre-de-2020-el-proyecto-que-la-hermana-beatrice\" class=\"gb-text\">Noviembre de 2020 El proyecto que la hermana Beatrice<\/h4>\n\n\n\n\n<p class=\"wp-block-paragraph\">desea desarrollar al regresar a su comunidad en Nigeria es la agricultura<\/p>\n\n\n<\/div>\n\n\n\n\n<div class=\"ss-timeline-item\">\n\n<h4 id=\"abril-de-2022-seguimiento-del-proyecto-en\" class=\"gb-text\">Abril de 2022 Seguimiento del proyecto en<\/h4>\n\n\n\n\n<p class=\"wp-block-paragraph\">curso<\/p>\n\n\n<\/div>\n\n\n\n\n<div class=\"ss-timeline-item\">\n\n<h4 id=\"julio-de-2023-seguimiento-de-la-produccion-y\" class=\"gb-text\">Julio de 2023 Seguimiento de la producci\u00f3n y<\/h4>\n\n\n\n\n<p class=\"wp-block-paragraph\">venta<\/p>\n\n\n<\/div>\n\n\n\n\n<div class=\"ss-timeline-item\">\n\n<h4 id=\"octubre-de-2023-la-hermana-beatrice-presenta-un-nuevo\" class=\"gb-text\">Octubre de 2023 La hermana Beatrice presenta un nuevo<\/h4>\n\n\n\n\n<p class=\"wp-block-paragraph\">proyecto de confecci\u00f3n<\/p>\n\n\n<\/div>\n\n\n\n\n<div class=\"ss-timeline-item\">\n\n<h4 id=\"enero-de-2024-la-hermana-beatrice-presenta-la-idea\" class=\"gb-text\">Enero de 2024 La hermana Beatrice presenta la idea<\/h4>\n\n\n\n\n<p class=\"wp-block-paragraph\">del proyecto de corte y confecci\u00f3n<\/p>\n\n\n<\/div>\n\n\n\n\n<div class=\"ss-timeline-item\">\n\n<h4 id=\"abril-de-2024-evaluacion-de-la-viabilidad-del\" class=\"gb-text\">Abril de 2024 Evaluaci\u00f3n de la viabilidad del<\/h4>\n\n\n\n\n<p class=\"wp-block-paragraph\">proyecto<\/p>\n\n\n<\/div>\n\n\n\n\n<div class=\"ss-timeline-item\">\n\n<h4 id=\"mayo-de-2024-envio-del-presupuesto-para\" class=\"gb-text\">Mayo de 2024 Env\u00edo del presupuesto para<\/h4>\n\n\n\n\n<p class=\"wp-block-paragraph\">poner en marcha el taller de confecci\u00f3n<\/p>\n\n\n<\/div>\n\n\n\n\n<div class=\"ss-timeline-item\">\n\n<h4 id=\"agosto-de-2024-actualizacion-sobre-las\" class=\"gb-text\">Agosto de 2024 Actualizaci\u00f3n sobre las<\/h4>\n\n\n\n\n<p class=\"wp-block-paragraph\">actividades<\/p>\n\n\n<\/div>\n\n\n<\/div>\n\n\n<\/div>\n\n\n\n<div class=\"ss-project-media\">\n<h2 id=\"fotos-y-videos\" class=\"gb-text gb-text-d7bd8be8\">Fotos y v\u00eddeos<\/h2>\n\n\n<div class=\"ss-media-filters\">\n\n<a class=\"gb-text ss-media-filter active\" data-filter=\"*\" title=\"Todo\">Todo<\/a>\n\n\n<a class=\"gb-text ss-media-filter\" data-filter=\".formazione\" title=\"Formaci\u00f3n\">Formaci\u00f3n<\/a>\n\n\n<a class=\"gb-text ss-media-filter\" data-filter=\".nigeria\" title=\"Nigeria\">Nigeria<\/a>\n\n\n<a class=\"gb-text ss-media-filter\" data-filter=\".video\" title=\"V\u00eddeo\">V\u00eddeo<\/a>\n\n<\/div>\n\n\n<div class=\"ss-media-grid\">\n<div>\n<figure class=\"wp-block-gallery has-nested-images columns-1 is-cropped ss-lightbox wp-block-gallery-6 is-layout-flex wp-block-gallery-is-layout-flex\">\n\n<figure class=\"wp-block-image size-large formazione\"><img decoding=\"async\" alt=\"2020 octubre HIC SUM 2 Italia Hermana Beatrice villa adriana formaci\u00f3n spazio spadoni 2\" src=\"https:\/\/spaziospadoni.org\/wp-content\/uploads\/2026\/05\/2020_ottobre_hic_sum_2_italia_sr_beatrice_villa_adriana_formazione_spazio_spadoni-2.jpg\"\/><\/figure>\n\n\n<figure class=\"wp-block-image size-large formazione\"><img decoding=\"async\" alt=\"2020 octubre HIC SUM 2 Italia Hermana Beatrice villa adriana formaci\u00f3n spazio spadoni 3.jpg 225x300\" src=\"https:\/\/spaziospadoni.org\/wp-content\/uploads\/2026\/05\/2020_ottobre_hic_sum_2_italia_sr_beatrice_villa_adriana_formazione_spazio_spadoni-3.jpg-225x300.jpg\"\/><\/figure>\n\n\n<figure class=\"wp-block-image size-large formazione\"><img decoding=\"async\" alt=\"2020 octubre HIC SUM 2 Italia Hermana Beatrice villa adriana formaci\u00f3n spazio spadoni 4.jpg 300x190\" src=\"https:\/\/spaziospadoni.org\/wp-content\/uploads\/2026\/05\/2020_ottobre_hic_sum_2_italia_sr_beatrice_villa_adriana_formazione_spazio_spadoni-4.jpg-300x190.jpg\"\/><\/figure>\n\n\n<figure class=\"wp-block-image size-large formazione\"><img decoding=\"async\" alt=\"2020 octubre HIC SUM 2 Italia Hermana Beatrice villa adriana formaci\u00f3n spazio spadoni 11.jpg 300x271\" src=\"https:\/\/spaziospadoni.org\/wp-content\/uploads\/2026\/05\/2020_ottobre_hic_sum_2_italia_sr_beatrice_villa_adriana_formazione_spazio_spadoni-11.jpg-300x271.jpg\"\/><\/figure>\n\n\n<figure class=\"wp-block-image size-large formazione\"><img decoding=\"async\" alt=\"2020 octubre HIC SUM 2 Italia Hermana Beatrice villa adriana formaci\u00f3n spazio spadoni 20.jpg 278x300\" src=\"https:\/\/spaziospadoni.org\/wp-content\/uploads\/2026\/05\/2020_ottobre_hic_sum_2_italia_sr_beatrice_villa_adriana_formazione_spazio_spadoni-20.jpg-278x300.jpg\"\/><\/figure>\n\n\n<figure class=\"wp-block-image size-large formazione\"><img decoding=\"async\" alt=\"2020 septiembre HIC SUM 2 Italia Hermana Beatrice villa adriana inicio de la formaci\u00f3n spazio spadoni inizio 48.jpg 300x239\" src=\"https:\/\/spaziospadoni.org\/wp-content\/uploads\/2026\/05\/2020_settembre_hic_sum_2_italia_sr_beatrice_villa_adriana_inizio_formazione_spazio_spadoni_inizio-48.jpg-300x239.jpg\"\/><\/figure>\n\n\n<figure class=\"wp-block-image size-large formazione\"><img decoding=\"async\" alt=\"2020 septiembre HIC SUM 2 Italia Hermana Beatrice villa adriana inicio de la formaci\u00f3n spazio spadoni inizio 53 scaled\" src=\"https:\/\/spaziospadoni.org\/wp-content\/uploads\/2026\/05\/2020_settembre_hic_sum_2_italia_sr_beatrice_villa_adriana_inizio_formazione_spazio_spadoni_inizio-53-scaled-1.jpg\"\/><\/figure>\n\n\n<figure class=\"wp-block-image size-large formazione\"><img decoding=\"async\" alt=\"2020 septiembre HIC SUM 2 Italia Hermana Beatrice villa adriana inicio de la formaci\u00f3n spazio spadoni inizio 70 scaled\" src=\"https:\/\/spaziospadoni.org\/wp-content\/uploads\/2026\/05\/2020_settembre_hic_sum_2_italia_sr_beatrice_villa_adriana_inizio_formazione_spazio_spadoni_inizio-70-scaled-1.jpg\"\/><\/figure>\n\n\n<figure class=\"wp-block-image size-large formazione\"><img decoding=\"async\" alt=\"Nigeria F Hermana Beatrice 214x300\" src=\"https:\/\/spaziospadoni.org\/wp-content\/uploads\/2026\/05\/Nigeria-F-suor-Beatrice-214x300.jpg\"\/><\/figure>\n\n\n<figure class=\"wp-block-image size-large formazione\"><img decoding=\"async\" alt=\"2021 mayo HIC SUM 2 Italia Hermana Beatrice villa adriana formaci\u00f3n pane spazio spadoni 9.jpg 300x244\" src=\"https:\/\/spaziospadoni.org\/wp-content\/uploads\/2026\/05\/2021_maggio_hic_sum_2_italia_sr_beatrice_villa_adriana_formazione_pane_spazio_spadoni-9.jpg-300x244.jpg\"\/><\/figure>\n\n\n<figure class=\"wp-block-image size-large nigeria\"><img decoding=\"async\" alt=\"2021 octubre HIC SUM 2 Nigeria uyo Hermana Beatrice voluntarios misericordia formaci\u00f3n spazio spadoni 3\" src=\"https:\/\/spaziospadoni.org\/wp-content\/uploads\/2026\/05\/2021_ottobre_hic_sum_2_nigeria_uyo_sr_beatrice_volontari_misericordia_formazione_spazio_spadoni-3.jpg\"\/><\/figure>\n\n\n<figure class=\"wp-block-image size-large nigeria\"><img decoding=\"async\" alt=\"2021 octubre HIC SUM 2 Nigeria uyo Hermana Beatrice voluntarios misericordia formaci\u00f3n spazio spadoni 4.jpg 300x169\" src=\"https:\/\/spaziospadoni.org\/wp-content\/uploads\/2026\/05\/2021_ottobre_hic_sum_2_nigeria_uyo_sr_beatrice_volontari_misericordia_formazione_spazio_spadoni-4.jpg-300x169.jpg\"\/><\/figure>\n\n\n<figure class=\"wp-block-image size-large nigeria\"><img decoding=\"async\" alt=\"2021 octubre HIC SUM 2 Nigeria uyo Hermana Beatrice voluntarios misericordia spazio spadoni 5\" src=\"https:\/\/spaziospadoni.org\/wp-content\/uploads\/2026\/05\/2021_ottobre_hic_sum_2_nigeria_uyo_sr_beatrice_volontari_misericordia_spazio_spadoni-5.jpg\"\/><\/figure>\n\n\n<figure class=\"wp-block-image size-large nigeria\"><img decoding=\"async\" alt=\"2022 aprile HIC SUM 2 Nigeria Uyo Hermana Beatrice villa adriana Pan de Misericordia agricultura empresa social spazio spadoni 37.jpeg 225x300\" src=\"https:\/\/spaziospadoni.org\/wp-content\/uploads\/2026\/05\/2022_aprile_hic_sum_2_Nigeria_Uyo_sr_beatrice_villa_adriana_pane_misericordia_agricoltura_impresa_sociale_spazio_spadoni-37.jpeg-225x300.jpg\"\/><\/figure>\n\n\n<figure class=\"wp-block-image size-large nigeria\"><img decoding=\"async\" alt=\"2022 febrero HIC SUM 2 Nigeria uyo Hermana Beatrice voluntarios Obras de Misericordia formaci\u00f3n spazio spadoni 1.jpg 300x293\" src=\"https:\/\/spaziospadoni.org\/wp-content\/uploads\/2026\/05\/2022_febbraio_hic_sum_2_nigeria_uyo_sr_beatrice_volontari_opere_misericordia_formazione_spazio_spadoni-1.jpg-300x293.jpg\"\/><\/figure>\n\n\n<figure class=\"wp-block-image size-large nigeria\"><img decoding=\"async\" alt=\"2022 febrero HIC SUM 2 Nigeria uyo Hermana Beatrice voluntarios Obras de Misericordia formaci\u00f3n spazio spadoni 2\" src=\"https:\/\/spaziospadoni.org\/wp-content\/uploads\/2026\/05\/2022_febbraio_hic_sum_2_nigeria_uyo_sr_beatrice_volontari_opere_misericordia_formazione_spazio_spadoni-2.jpg\"\/><\/figure>\n\n\n<figure class=\"wp-block-image size-large nigeria\"><img decoding=\"async\" alt=\"2022 febrero HIC SUM 2 Nigeria uyo Hermana Beatrice voluntarios Obras de Misericordia formaci\u00f3n spazio spadoni 7\" src=\"https:\/\/spaziospadoni.org\/wp-content\/uploads\/2026\/05\/2022_febbraio_hic_sum_2_nigeria_uyo_sr_beatrice_volontari_opere_misericordia_formazione_spazio_spadoni-7.jpg\"\/><\/figure>\n\n\n<figure class=\"wp-block-image size-large nigeria\"><img decoding=\"async\" alt=\"2022 febrero HIC SUM 2 Nigeria uyo Hermana Beatrice voluntarios Obras de Misericordia formaci\u00f3n spazio spadoni 8\" src=\"https:\/\/spaziospadoni.org\/wp-content\/uploads\/2026\/05\/2022_febbraio_hic_sum_2_nigeria_uyo_sr_beatrice_volontari_opere_misericordia_formazione_spazio_spadoni-8.jpg\"\/><\/figure>\n\n\n<figure class=\"wp-block-image size-large nigeria\"><img decoding=\"async\" alt=\"2022 febrero HIC SUM 2 Nigeria uyo Hermana Beatrice voluntarios Obras de Misericordia formaci\u00f3n spazio spadoni 9\" src=\"https:\/\/spaziospadoni.org\/wp-content\/uploads\/2026\/05\/2022_febbraio_hic_sum_2_nigeria_uyo_sr_beatrice_volontari_opere_misericordia_formazione_spazio_spadoni-9.jpg\"\/><\/figure>\n\n\n<figure class=\"wp-block-image size-large nigeria\"><img decoding=\"async\" alt=\"2022 febrero HIC SUM 2 Nigeria uyo Hermana Beatrice voluntarios Obras de Misericordia formaci\u00f3n spazio spadoni 10\" src=\"https:\/\/spaziospadoni.org\/wp-content\/uploads\/2026\/05\/2022_febbraio_hic_sum_2_nigeria_uyo_sr_beatrice_volontari_opere_misericordia_formazione_spazio_spadoni-10.jpg\"\/><\/figure>\n\n\n<figure class=\"wp-block-image size-large formazione\"><img decoding=\"async\" alt=\"2021 junio Italia campi bisenzio firenze asamblea nacional de las Misericordie presentaci\u00f3n spazio spadoni HIC SUM 2 Hermana Beatrice francesca 225x300\" src=\"https:\/\/spaziospadoni.org\/wp-content\/uploads\/2026\/05\/2021_giugno_italia_campi_bisenzio_firenze_assemblea_nazionale_misericordie_presentazione_spazio_spadoni_hic_sum_2_suor_beatrice_francesca-225x300.jpg\"\/><\/figure>\n\n\n<figure class=\"wp-block-image size-large nigeria\"><img decoding=\"async\" alt=\"2024 marzo 10 HIC SUM 2 Nigeria uyo Hermana Beatrice ancelle santo bambino gesu misericordia villa adriana spazio spadoni difusi\u00f3n opere misericord 2 225x300\" src=\"https:\/\/spaziospadoni.org\/wp-content\/uploads\/2026\/05\/2024_marzo_10_hic_sum_2_nigeria_uyo_sr_beatrice_ancelle_santo_bambino_gesu_misericordia_villa_adriana_spazio_spadoni_diffusione_opere_misericord-2-225x300.jpg\"\/><\/figure>\n\n\n<figure class=\"wp-block-image size-large nigeria\"><img decoding=\"async\" alt=\"2024 marzo 10 HIC SUM 2 Nigeria uyo Hermana Beatrice ancelle santo bambino gesu misericordia villa adriana spazio spadoni difusi\u00f3n opere misericord 3 225x300\" src=\"https:\/\/spaziospadoni.org\/wp-content\/uploads\/2026\/05\/2024_marzo_10_hic_sum_2_nigeria_uyo_sr_beatrice_ancelle_santo_bambino_gesu_misericordia_villa_adriana_spazio_spadoni_diffusione_opere_misericord-3-225x300.jpg\"\/><\/figure>\n\n\n<figure class=\"wp-block-image size-large nigeria\"><img decoding=\"async\" alt=\"2024 marzo 10 HIC SUM 2 Nigeria uyo Hermana Beatrice ancelle santo bambino gesu misericordia villa adriana spazio spadoni difusi\u00f3n opere misericord 4 225x300\" src=\"https:\/\/spaziospadoni.org\/wp-content\/uploads\/2026\/05\/2024_marzo_10_hic_sum_2_nigeria_uyo_sr_beatrice_ancelle_santo_bambino_gesu_misericordia_villa_adriana_spazio_spadoni_diffusione_opere_misericord-4-225x300.jpg\"\/><\/figure>\n\n\n<figure class=\"wp-block-image size-large nigeria\"><img decoding=\"async\" alt=\"2024 marzo 10 HIC SUM 2 Nigeria uyo Hermana Beatrice ancelle santo bambino gesu misericordia villa adriana spazio spadoni difusi\u00f3n opere misericord 300x225\" src=\"https:\/\/spaziospadoni.org\/wp-content\/uploads\/2026\/05\/2024_marzo_10_hic_sum_2_nigeria_uyo_sr_beatrice_ancelle_santo_bambino_gesu_misericordia_villa_adriana_spazio_spadoni_diffusione_opere_misericord-300x225.jpg\"\/><\/figure>\n\n\n<figure class=\"wp-block-image size-large nigeria\"><img decoding=\"async\" alt=\"2024 marzo 10 HIC SUM 2 Nigeria uyo Hermana Beatrice ancelle santo bambino gesu misericordia villa adriana spazio spadoni difusi\u00f3n Obras de Misericordia 300x225\" src=\"https:\/\/spaziospadoni.org\/wp-content\/uploads\/2026\/05\/2024_marzo_10_hic_sum_2_nigeria_uyo_sr_beatrice_ancelle_santo_bambino_gesu_misericordia_villa_adriana_spazio_spadoni_diffusione_opere_misericordia-300x225.jpg\"\/><\/figure>\n\n\n<figure class=\"wp-block-image size-large nigeria\"><img decoding=\"async\" alt=\"2024 M2 225x300\" src=\"https:\/\/spaziospadoni.org\/wp-content\/uploads\/2026\/05\/2024_M2-225x300.jpg\"\/><\/figure>\n\n\n<figure class=\"wp-block-image size-large nigeria\"><img decoding=\"async\" alt=\"Imagen de WhatsApp 2025 12 08 a las 15.46.39 98cc20f9\" src=\"https:\/\/spaziospadoni.org\/wp-content\/uploads\/2026\/05\/Immagine-WhatsApp-2025-12-08-ore-15.46.39_98cc20f9.jpg\"\/><\/figure>\n\n\n<figure class=\"wp-block-image size-large nigeria\"><img decoding=\"async\" alt=\"WhatsApp Image 2025 12 31 at 10.20.51\" src=\"https:\/\/spaziospadoni.org\/wp-content\/uploads\/2026\/05\/WhatsApp-Image-2025-12-31-at-10.20.51.jpeg\"\/><\/figure>\n\n<\/figure>\n\n\n<div class=\"gb-element-b24bbf5e ss-media-videos\">\n\n<figure class=\"wp-block-video video\"><video controls=\"\" src=\"https:\/\/spaziospadoni.org\/wp-content\/uploads\/2026\/05\/Video-WhatsApp-2024-03-07-ore-19.15.09_2a2ef4a8.mp4\"><\/video><figcaption class=\"wp-element-caption\">V\u00eddeo de WhatsApp 2024 03 07 a las 19.15.09 2a2ef4a8<\/figcaption><\/figure>\n\n\n<figure class=\"wp-block-video video\"><video controls=\"\" src=\"https:\/\/spaziospadoni.org\/wp-content\/uploads\/2026\/05\/2021_ottobre_hic_sum_2_nigeria_uyo_sr_beatrice_volontari_misericordia_spazio_spadoni-1.mp4\"><\/video><figcaption class=\"wp-element-caption\">2021 octubre HIC SUM 2 Nigeria uyo Hermana Beatrice voluntarios misericordia spazio spadoni 1<\/figcaption><\/figure>\n\n<\/div>\n\n<\/div>\n\n<\/div>\n\n<\/div>\n\n","protected":false},"excerpt":{"rendered":"<p>Ibiono Ibom | Uyo (Nigeria) OPERA M2 MISI\u00d3N Lugar Ibiono Ibom Di\u00f3cesis Uyo Pa\u00eds Nigeria Continente \u00c1frica Coordenadas GPS 5.03643 7.91221 Huso horario UTC+1 ORGANIZADOR Congregaci\u00f3n Ancelle del Santo Bambino Ges\u00f9 Casa Madre Ikot Ekpene, Nigeria Di\u00f3cesis Uyo Pa\u00eds Nigeria Continente \u00c1frica Fiesta de la Congregaci\u00f3n Con ocasi\u00f3n de la Fiesta de la Anunciaci\u00f3n Coordenadas &#8230; <a title=\"Nigeria &#8211; \u00c1frica | Proyecto M2\" class=\"read-more\" href=\"https:\/\/spaziospadoni.org\/es\/opera-m\/nigeria-africa-proyecto-m2\/\" aria-label=\"Read more about Nigeria &#8211; \u00c1frica | Proyecto M2\">Leer m\u00e1s<\/a><\/p>\n","protected":false},"author":102,"featured_media":0,"parent":89580,"menu_order":0,"comment_status":"closed","ping_status":"closed","template":"","meta":{"_sitemap_exclude":false,"_sitemap_priority":"","_sitemap_frequency":"","footnotes":""},"class_list":["post-81917","page","type-page","status-publish","infinite-scroll-item"],"yoast_head":"<!-- This site is optimized with the Yoast SEO plugin v28.4 - https:\/\/yoast.com\/product\/yoast-seo-wordpress\/ -->\n<title>Nigeria - \u00c1frica | Proyecto M2 | Spazio Spadoni<\/title>\n<meta name=\"description\" content=\"Ibiono Ibom | Uyo (Nigeria) OPERA M2 MISI\u00d3N Lugar Ibiono Ibom Di\u00f3cesis Uyo Pa\u00eds Nigeria Continente \u00c1frica Coordenadas GPS 5.03643 7.91221 Huso horario\" \/>\n<meta name=\"robots\" content=\"index, follow, max-snippet:-1, max-image-preview:large, max-video-preview:-1\" \/>\n<link rel=\"canonical\" href=\"https:\/\/spaziospadoni.org\/es\/opera-m\/nigeria-africa-proyecto-m2\/\" \/>\n<meta property=\"og:locale\" content=\"es_ES\" \/>\n<meta property=\"og:type\" content=\"article\" \/>\n<meta property=\"og:title\" content=\"Nigeria - \u00c1frica | Proyecto M2 | Spazio Spadoni\" \/>\n<meta property=\"og:description\" content=\"Ibiono Ibom | Uyo (Nigeria) OPERA M2 MISI\u00d3N Lugar Ibiono Ibom Di\u00f3cesis Uyo Pa\u00eds Nigeria Continente \u00c1frica Coordenadas GPS 5.03643 7.91221 Huso horario\" \/>\n<meta property=\"og:url\" content=\"https:\/\/spaziospadoni.org\/es\/opera-m\/nigeria-africa-proyecto-m2\/\" \/>\n<meta property=\"og:site_name\" content=\"spazio + spadoni\" \/>\n<meta property=\"article:publisher\" content=\"https:\/\/www.facebook.com\/SpazioSpadoni\/\" \/>\n<meta property=\"article:modified_time\" content=\"2026-07-30T13:55:13+00:00\" \/>\n<meta property=\"og:image\" content=\"https:\/\/spaziospadoni.org\/wp-content\/uploads\/2026\/05\/hicsum_1_congo-spaziospadoni-scaled.png\" \/>\n\t<meta property=\"og:image:width\" content=\"2560\" \/>\n\t<meta property=\"og:image:height\" content=\"1771\" \/>\n\t<meta property=\"og:image:type\" content=\"image\/png\" \/>\n<meta name=\"twitter:card\" content=\"summary_large_image\" \/>\n<meta name=\"twitter:label1\" content=\"Est. reading time\" \/>\n\t<meta name=\"twitter:data1\" content=\"12 minutes\" \/>\n<script type=\"application\/ld+json\" class=\"yoast-schema-graph\">{\"@context\":\"https:\\\/\\\/schema.org\",\"@graph\":[{\"@type\":\"WebPage\",\"@id\":\"https:\\\/\\\/spaziospadoni.org\\\/es\\\/opera-m\\\/nigeria-africa-proyecto-m2\\\/\",\"url\":\"https:\\\/\\\/spaziospadoni.org\\\/es\\\/opera-m\\\/nigeria-africa-proyecto-m2\\\/\",\"name\":\"Nigeria - \u00c1frica | Proyecto M2 | Spazio Spadoni\",\"isPartOf\":{\"@id\":\"https:\\\/\\\/spaziospadoni.org\\\/es\\\/#website\"},\"primaryImageOfPage\":{\"@id\":\"https:\\\/\\\/spaziospadoni.org\\\/es\\\/opera-m\\\/nigeria-africa-proyecto-m2\\\/#primaryimage\"},\"image\":{\"@id\":\"https:\\\/\\\/spaziospadoni.org\\\/es\\\/opera-m\\\/nigeria-africa-proyecto-m2\\\/#primaryimage\"},\"thumbnailUrl\":\"https:\\\/\\\/spaziospadoni.org\\\/wp-content\\\/uploads\\\/2026\\\/05\\\/hicsum_5_nigeria-spaziospadoni-scaled.png\",\"datePublished\":\"2026-05-18T12:57:06+00:00\",\"dateModified\":\"2026-07-30T13:55:13+00:00\",\"description\":\"Ibiono Ibom | Uyo (Nigeria) OPERA M2 MISI\u00d3N Lugar Ibiono Ibom Di\u00f3cesis Uyo Pa\u00eds Nigeria Continente \u00c1frica Coordenadas GPS 5.03643 7.91221 Huso horario\",\"breadcrumb\":{\"@id\":\"https:\\\/\\\/spaziospadoni.org\\\/es\\\/opera-m\\\/nigeria-africa-proyecto-m2\\\/#breadcrumb\"},\"inLanguage\":\"es-ES\",\"potentialAction\":[{\"@type\":\"ReadAction\",\"target\":[\"https:\\\/\\\/spaziospadoni.org\\\/es\\\/opera-m\\\/nigeria-africa-proyecto-m2\\\/\"]}]},{\"@type\":\"ImageObject\",\"inLanguage\":\"es-ES\",\"@id\":\"https:\\\/\\\/spaziospadoni.org\\\/es\\\/opera-m\\\/nigeria-africa-proyecto-m2\\\/#primaryimage\",\"url\":\"https:\\\/\\\/spaziospadoni.org\\\/wp-content\\\/uploads\\\/2026\\\/05\\\/hicsum_5_nigeria-spaziospadoni-scaled.png\",\"contentUrl\":\"https:\\\/\\\/spaziospadoni.org\\\/wp-content\\\/uploads\\\/2026\\\/05\\\/hicsum_5_nigeria-spaziospadoni-scaled.png\"},{\"@type\":\"BreadcrumbList\",\"@id\":\"https:\\\/\\\/spaziospadoni.org\\\/es\\\/opera-m\\\/nigeria-africa-proyecto-m2\\\/#breadcrumb\",\"itemListElement\":[{\"@type\":\"ListItem\",\"position\":1,\"name\":\"Home\",\"item\":\"https:\\\/\\\/spaziospadoni.org\\\/es\\\/\"},{\"@type\":\"ListItem\",\"position\":2,\"name\":\"Obras de Misericordia\",\"item\":\"https:\\\/\\\/spaziospadoni.org\\\/es\\\/obras-de-misericordia\\\/\"},{\"@type\":\"ListItem\",\"position\":3,\"name\":\"Nigeria &#8211; \u00c1frica | Proyecto M2\"}]},{\"@type\":\"WebSite\",\"@id\":\"https:\\\/\\\/spaziospadoni.org\\\/es\\\/#website\",\"url\":\"https:\\\/\\\/spaziospadoni.org\\\/es\\\/\",\"name\":\"spazio + spadoni\",\"description\":\"Generazione di misericordia e missione nel mondo\",\"publisher\":{\"@id\":\"https:\\\/\\\/spaziospadoni.org\\\/es\\\/#organization\"},\"alternateName\":\"spaziospadoni.org\",\"potentialAction\":[{\"@type\":\"SearchAction\",\"target\":{\"@type\":\"EntryPoint\",\"urlTemplate\":\"https:\\\/\\\/spaziospadoni.org\\\/es\\\/?s={search_term_string}\"},\"query-input\":{\"@type\":\"PropertyValueSpecification\",\"valueRequired\":true,\"valueName\":\"search_term_string\"}}],\"inLanguage\":\"es-ES\"},{\"@type\":\"Organization\",\"@id\":\"https:\\\/\\\/spaziospadoni.org\\\/es\\\/#organization\",\"name\":\"spazio + spadoni\",\"alternateName\":\"spaziospadoni.org\",\"url\":\"https:\\\/\\\/spaziospadoni.org\\\/es\\\/\",\"logo\":{\"@type\":\"ImageObject\",\"inLanguage\":\"es-ES\",\"@id\":\"https:\\\/\\\/spaziospadoni.org\\\/es\\\/#\\\/schema\\\/logo\\\/image\\\/\",\"url\":\"https:\\\/\\\/spaziospadoni.org\\\/wp-content\\\/uploads\\\/2026\\\/05\\\/spazio-spadoni-logo-100x100-1.webp\",\"contentUrl\":\"https:\\\/\\\/spaziospadoni.org\\\/wp-content\\\/uploads\\\/2026\\\/05\\\/spazio-spadoni-logo-100x100-1.webp\",\"width\":100,\"height\":100,\"caption\":\"spazio + spadoni\"},\"image\":{\"@id\":\"https:\\\/\\\/spaziospadoni.org\\\/es\\\/#\\\/schema\\\/logo\\\/image\\\/\"},\"sameAs\":[\"https:\\\/\\\/www.facebook.com\\\/SpazioSpadoni\\\/\",\"https:\\\/\\\/www.instagram.com\\\/spaziospadoni\\\/\",\"https:\\\/\\\/www.youtube.com\\\/@spaziospadoni\\\/playlists\"]}]}<\/script>\n<!-- \/ Yoast SEO plugin. -->","yoast_head_json":{"title":"Nigeria - \u00c1frica | Proyecto M2 | Spazio Spadoni","description":"Ibiono Ibom | Uyo (Nigeria) OPERA M2 MISI\u00d3N Lugar Ibiono Ibom Di\u00f3cesis Uyo Pa\u00eds Nigeria Continente \u00c1frica Coordenadas GPS 5.03643 7.91221 Huso horario","robots":{"index":"index","follow":"follow","max-snippet":"max-snippet:-1","max-image-preview":"max-image-preview:large","max-video-preview":"max-video-preview:-1"},"canonical":"https:\/\/spaziospadoni.org\/es\/opera-m\/nigeria-africa-proyecto-m2\/","og_locale":"es_ES","og_type":"article","og_title":"Nigeria - \u00c1frica | Proyecto M2 | Spazio Spadoni","og_description":"Ibiono Ibom | Uyo (Nigeria) OPERA M2 MISI\u00d3N Lugar Ibiono Ibom Di\u00f3cesis Uyo Pa\u00eds Nigeria Continente \u00c1frica Coordenadas GPS 5.03643 7.91221 Huso horario","og_url":"https:\/\/spaziospadoni.org\/es\/opera-m\/nigeria-africa-proyecto-m2\/","og_site_name":"spazio + spadoni","article_publisher":"https:\/\/www.facebook.com\/SpazioSpadoni\/","article_modified_time":"2026-07-30T13:55:13+00:00","og_image":[{"width":2560,"height":1771,"url":"https:\/\/spaziospadoni.org\/wp-content\/uploads\/2026\/05\/hicsum_1_congo-spaziospadoni-scaled.png","type":"image\/png"}],"twitter_card":"summary_large_image","twitter_misc":{"Est. reading time":"12 minutes"},"schema":{"@context":"https:\/\/schema.org","@graph":[{"@type":"WebPage","@id":"https:\/\/spaziospadoni.org\/es\/opera-m\/nigeria-africa-proyecto-m2\/","url":"https:\/\/spaziospadoni.org\/es\/opera-m\/nigeria-africa-proyecto-m2\/","name":"Nigeria - \u00c1frica | Proyecto M2 | Spazio Spadoni","isPartOf":{"@id":"https:\/\/spaziospadoni.org\/es\/#website"},"primaryImageOfPage":{"@id":"https:\/\/spaziospadoni.org\/es\/opera-m\/nigeria-africa-proyecto-m2\/#primaryimage"},"image":{"@id":"https:\/\/spaziospadoni.org\/es\/opera-m\/nigeria-africa-proyecto-m2\/#primaryimage"},"thumbnailUrl":"https:\/\/spaziospadoni.org\/wp-content\/uploads\/2026\/05\/hicsum_5_nigeria-spaziospadoni-scaled.png","datePublished":"2026-05-18T12:57:06+00:00","dateModified":"2026-07-30T13:55:13+00:00","description":"Ibiono Ibom | Uyo (Nigeria) OPERA M2 MISI\u00d3N Lugar Ibiono Ibom Di\u00f3cesis Uyo Pa\u00eds Nigeria Continente \u00c1frica Coordenadas GPS 5.03643 7.91221 Huso horario","breadcrumb":{"@id":"https:\/\/spaziospadoni.org\/es\/opera-m\/nigeria-africa-proyecto-m2\/#breadcrumb"},"inLanguage":"es-ES","potentialAction":[{"@type":"ReadAction","target":["https:\/\/spaziospadoni.org\/es\/opera-m\/nigeria-africa-proyecto-m2\/"]}]},{"@type":"ImageObject","inLanguage":"es-ES","@id":"https:\/\/spaziospadoni.org\/es\/opera-m\/nigeria-africa-proyecto-m2\/#primaryimage","url":"https:\/\/spaziospadoni.org\/wp-content\/uploads\/2026\/05\/hicsum_5_nigeria-spaziospadoni-scaled.png","contentUrl":"https:\/\/spaziospadoni.org\/wp-content\/uploads\/2026\/05\/hicsum_5_nigeria-spaziospadoni-scaled.png"},{"@type":"BreadcrumbList","@id":"https:\/\/spaziospadoni.org\/es\/opera-m\/nigeria-africa-proyecto-m2\/#breadcrumb","itemListElement":[{"@type":"ListItem","position":1,"name":"Home","item":"https:\/\/spaziospadoni.org\/es\/"},{"@type":"ListItem","position":2,"name":"Obras de Misericordia","item":"https:\/\/spaziospadoni.org\/es\/obras-de-misericordia\/"},{"@type":"ListItem","position":3,"name":"Nigeria &#8211; \u00c1frica | Proyecto M2"}]},{"@type":"WebSite","@id":"https:\/\/spaziospadoni.org\/es\/#website","url":"https:\/\/spaziospadoni.org\/es\/","name":"spazio + spadoni","description":"Generazione di misericordia e missione nel mondo","publisher":{"@id":"https:\/\/spaziospadoni.org\/es\/#organization"},"alternateName":"spaziospadoni.org","potentialAction":[{"@type":"SearchAction","target":{"@type":"EntryPoint","urlTemplate":"https:\/\/spaziospadoni.org\/es\/?s={search_term_string}"},"query-input":{"@type":"PropertyValueSpecification","valueRequired":true,"valueName":"search_term_string"}}],"inLanguage":"es-ES"},{"@type":"Organization","@id":"https:\/\/spaziospadoni.org\/es\/#organization","name":"spazio + spadoni","alternateName":"spaziospadoni.org","url":"https:\/\/spaziospadoni.org\/es\/","logo":{"@type":"ImageObject","inLanguage":"es-ES","@id":"https:\/\/spaziospadoni.org\/es\/#\/schema\/logo\/image\/","url":"https:\/\/spaziospadoni.org\/wp-content\/uploads\/2026\/05\/spazio-spadoni-logo-100x100-1.webp","contentUrl":"https:\/\/spaziospadoni.org\/wp-content\/uploads\/2026\/05\/spazio-spadoni-logo-100x100-1.webp","width":100,"height":100,"caption":"spazio + spadoni"},"image":{"@id":"https:\/\/spaziospadoni.org\/es\/#\/schema\/logo\/image\/"},"sameAs":["https:\/\/www.facebook.com\/SpazioSpadoni\/","https:\/\/www.instagram.com\/spaziospadoni\/","https:\/\/www.youtube.com\/@spaziospadoni\/playlists"]}]}},"_links":{"self":[{"href":"https:\/\/spaziospadoni.org\/es\/wp-json\/wp\/v2\/pages\/81917","targetHints":{"allow":["GET"]}}],"collection":[{"href":"https:\/\/spaziospadoni.org\/es\/wp-json\/wp\/v2\/pages"}],"about":[{"href":"https:\/\/spaziospadoni.org\/es\/wp-json\/wp\/v2\/types\/page"}],"author":[{"embeddable":true,"href":"https:\/\/spaziospadoni.org\/es\/wp-json\/wp\/v2\/users\/102"}],"replies":[{"embeddable":true,"href":"https:\/\/spaziospadoni.org\/es\/wp-json\/wp\/v2\/comments?post=81917"}],"version-history":[{"count":0,"href":"https:\/\/spaziospadoni.org\/es\/wp-json\/wp\/v2\/pages\/81917\/revisions"}],"up":[{"embeddable":true,"href":"https:\/\/spaziospadoni.org\/es\/wp-json\/wp\/v2\/pages\/89580"}],"wp:attachment":[{"href":"https:\/\/spaziospadoni.org\/es\/wp-json\/wp\/v2\/media?parent=81917"}],"curies":[{"name":"wp","href":"https:\/\/api.w.org\/{rel}","templated":true}]}}