{"id":82862,"date":"2026-05-18T14:10:23","date_gmt":"2026-05-18T13:10:23","guid":{"rendered":"https:\/\/spaziospadoni.org\/obras-de-misericordia\/repubblica-democratica-del-congo-africa-progetto-m1\/"},"modified":"2026-07-31T10:17:03","modified_gmt":"2026-07-31T09:17:03","slug":"republica-democratica-del-congo-africa-proyecto-m1","status":"publish","type":"page","link":"https:\/\/spaziospadoni.org\/es\/opera-m\/republica-democratica-del-congo-africa-proyecto-m1\/","title":{"rendered":"Rep\u00fablica Democr\u00e1tica del Congo &#8211; \u00c1frica | Proyecto M1"},"content":{"rendered":"\n<div class=\"ss-project-hero-card\">\n<h2 id=\"kavimvira-uvira-republica-democratica-del-congo\" class=\"gb-text gb-text-62a95885\">Kavimvira | Uvira (Rep\u00fablica Democr\u00e1tica del Congo)<\/h2>\n\n\n\n<div class=\"gb-element-f60f2409\">\n<div class=\"gb-element-90a85740 ss-project-sidebar\">\n<h2 id=\"opera-m1\" class=\"gb-text ss-project-title\">OPERA M1<\/h2>\n\n\n\n<figure class=\"wp-block-image size-large\"><img decoding=\"async\" src=\"https:\/\/spaziospadoni.org\/wp-content\/uploads\/2026\/05\/hicsum_1_congo-spaziospadoni.png\" alt=\"hicsum 1 congo spaziospadoni\" class=\"wp-image-43007\"\/><\/figure>\n\n\n\n<div class=\"ss-project-table\">\n<div class=\"ss-table-section-title\">\n<h3 id=\"mision\" class=\"gb-text\">MISI\u00d3N<\/h3>\n<\/div>\n\n\n\n<div class=\"ss-table-row\">\n<p class=\"gb-text\">Lugar<\/p>\n\n\n\n<p class=\"gb-text\"><a href=\"https:\/\/www.google.it\/maps\/place\/Kavimvira\/@-3.3535618,29.1452961,16z\/data=!3m1!4b1!4m6!3m5!1s0x19c18ebbbf4c181b:0xe507a9b857d4f36f!8m2!3d-3.3535027!4d29.1529655!16s%2Fg%2F11bxjcbnmn?entry=ttu&#038;g_ep=EgoyMDI1MDMyNS4xIKXMDSoJLDEwMjExNjM5SAFQAw%3D%3D\" rel=\"noreferrer noopener\" target=\"_blank\" title=\"Kavimvira\">Kavimvira<\/a><\/p>\n<\/div>\n\n\n\n<div class=\"ss-table-row\">\n<p class=\"gb-text\">Di\u00f3cesis<\/p>\n\n\n\n<p class=\"gb-text\">Uvira<\/p>\n<\/div>\n\n\n\n<div class=\"ss-table-row\">\n<p class=\"gb-text\">Pa\u00eds<\/p>\n\n\n\n<p class=\"gb-text\"><strong>Rep\u00fablica Democr\u00e1tica del Congo<\/strong><\/p>\n<\/div>\n\n\n\n<div class=\"ss-table-row\">\n<p class=\"gb-text\">Continente<\/p>\n\n\n\n<p class=\"gb-text\">\u00c1frica<\/p>\n<\/div>\n\n\n\n<div class=\"ss-table-row\">\n<p class=\"gb-text\">Coordenadas GPS<\/p>\n\n\n\n<p class=\"gb-text\">-3.35207 29.15180<\/p>\n<\/div>\n\n\n\n<div class=\"ss-table-row\">\n<p class=\"gb-text\">Zona horaria<\/p>\n\n\n\n<p class=\"gb-text\">UTC+2<\/p>\n<\/div>\n<\/div>\n\n\n\n<div class=\"ss-project-table\">\n<div class=\"ss-table-section-title\">\n<h3 id=\"organizador\" class=\"gb-text\">ORGANIZADOR<\/h3>\n<\/div>\n\n\n\n<div class=\"ss-table-row\">\n<p class=\"gb-text\">Congregaci\u00f3n<\/p>\n\n\n\n<p class=\"gb-text\">Congregazione Missionaria Sorelle di Santa Gemma<\/p>\n<\/div>\n\n\n\n<div class=\"ss-table-row\">\n<p class=\"gb-text\">Casa Madre<\/p>\n\n\n\n<p class=\"gb-text\">Camigliano Santa Gemma (LU)<\/p>\n<\/div>\n\n\n\n<div class=\"ss-table-row\">\n<p class=\"gb-text\">Di\u00f3cesis<\/p>\n\n\n\n<p class=\"gb-text\">Lucca<\/p>\n<\/div>\n\n\n\n<div class=\"ss-table-row\">\n<p class=\"gb-text\">Pa\u00eds<\/p>\n\n\n\n<p class=\"gb-text\">Italia<\/p>\n<\/div>\n\n\n\n<div class=\"ss-table-row\">\n<p class=\"gb-text\">Continente<\/p>\n\n\n\n<p class=\"gb-text\">Europa<\/p>\n<\/div>\n\n\n\n<div class=\"ss-table-row\">\n<p class=\"gb-text\">Fiesta de la Congregaci\u00f3n<\/p>\n\n\n\n<p class=\"gb-text\">26 de agosto<\/p>\n<\/div>\n\n\n\n<div class=\"ss-table-row\">\n<p class=\"gb-text\">Coordenadas GPS<\/p>\n\n\n\n<p class=\"gb-text\">43.86272 10.61067<\/p>\n<\/div>\n\n\n\n<div class=\"ss-table-row\">\n<p class=\"gb-text\">Zona horaria<\/p>\n\n\n\n<p class=\"gb-text\">UTC+1<\/p>\n<\/div>\n\n\n\n<div class=\"ss-table-row\">\n<p class=\"gb-text\">Persona de contacto<\/p>\n\n\n\n<p class=\"gb-text\">Hermana Audacieuse Kahababo<\/p>\n<\/div>\n\n\n\n<div class=\"ss-table-row\">\n<p class=\"gb-text\">Madre General<\/p>\n\n\n\n<p class=\"gb-text\">Hermana Elisabetta Giussani<\/p>\n<\/div>\n\n\n\n<div class=\"ss-table-row\">\n<p class=\"gb-text\">Sitio web<\/p>\n\n\n\n<p class=\"gb-text\"><a href=\"https:\/\/www.suoresantagemma.it\/\" target=\"_blank\" rel=\"noreferrer noopener\" title=\"suoresantagemma.it\">suoresantagemma.it<\/a><\/p>\n<\/div>\n<\/div>\n\n\n\n<div class=\"ss-project-table\">\n<a class=\"gb-element-e1766596 ss-table-section-button\" href=\"#\" title=\"OPERA M &#8211; PROYECTO M1\">\n<span class=\"gb-text\">OPERA M &#8211; PROYECTO M1<\/span>\n<\/a>\n<\/div>\n<\/div>\n<\/div>\n\n\n\n<div class=\"gb-element-6ad95ea8\">\n<div class=\"gb-element-e34063a6 ss-project-intro\">\n<p class=\"wp-block-paragraph\">OPERA M es la revoluci\u00f3n de las obras de misericordia. Es el instrumento permanente para desarrollar un pensamiento fuerte y renovado sobre las obras en el mundo.<\/p>\n\n\n\n<p class=\"wp-block-paragraph\">Nace de una urgencia fuertemente sentida por spazio + spadoni de r<strong>E<\/strong>volucionar el concepto de obra de misericordia como un camino que es siempre humano y divino al mismo tiempo y, por tanto, siempre espiritual adem\u00e1s de pr\u00e1ctico (o corporal). El redescubrimiento, es m\u00e1s, la verdadera r<strong>E<\/strong>voluci\u00f3n de las obras debe redescubrirse dentro de esta s\u00edntesis entre el aspecto espiritual y el acto pr\u00e1ctico. El obrar material debe estar siempre impregnado por el esp\u00edritu.<\/p>\n\n\n\n<p class=\"wp-block-paragraph\">OPERA M se basa en cinco acciones que definen su m\u00e9todo: INVOCA, llama al Esp\u00edritu ESCUCHA, guarda silencio para abrirte a la escucha ENCUENTRA, permanece entre la gente ACTUEMOS, actuar por las obras INUNDEMOS, llevemos a todos a las Obras de Misericordia <strong>Obras de Misericordia espirituales<\/strong> Aconsejar a los que dudan Ense\u00f1ar a los ignorantes Amonestar a los pecadores Consolar a los afligidos Perdonar las ofensas Soportar con paciencia a las personas molestas Rogar a Dios por los vivos y por los difuntos <strong>Obras de Misericordia corporales<\/strong> Dar de comer al hambriento Dar de beber al sediento Vestir al desnudo Dar posada al peregrino Visitar a los enfermos Visitar a los presos Enterrar a los muertos<\/p>\n\n<\/div>\n<\/div>\n\n\n\n\n<div>\n\n<h2 id=\"cronologia\" class=\"gb-text gb-text-8179e40a\">Cronolog\u00eda<\/h2>\n\n\n\n\n\n<div class=\"ss-timeline\">\n\n<h3 id=\"2020\" class=\"gb-text\">2020<\/h3>\n\n\n\n\n\n<div class=\"ss-timeline-item\">\n\n<h4 id=\"31-de-agosto-inicio-de-la-relacion\" class=\"gb-text\">31 de agosto | Inicio de la relaci\u00f3n<\/h4>\n\n\n\n\n<p class=\"wp-block-paragraph\">Adhesi\u00f3n al proyecto HIC SUM por parte de las Sorelle di Santa Gemma y de la Misericordia Santa Gemma<\/p>\n\n\n\n<figure class=\"wp-block-gallery has-nested-images columns-1 is-cropped ss-lightbox wp-block-gallery-1 is-layout-flex wp-block-gallery-is-layout-flex\">\n\n<figure class=\"wp-block-image size-large\"><img decoding=\"async\" src=\"https:\/\/spaziospadoni.org\/wp-content\/uploads\/2026\/05\/Timeline-inizio-rapporto-F-suora-e-Don-D-copia-300x297.jpg\" alt=\"Timeline inizio rapporto F suora e Don D copia 300x297\"\/><figcaption class=\"wp-element-caption\">31 de agosto | Inicio de la relaci\u00f3n<\/figcaption><\/figure>\n\n\n<figure class=\"wp-block-image size-large\"><img decoding=\"async\" src=\"https:\/\/spaziospadoni.org\/wp-content\/uploads\/2026\/05\/Timiline-inizio-rapporto-F-suora-copia-277x300.jpg\" alt=\"Timiline inizio rapporto F suora copia 277x300\"\/><figcaption class=\"wp-element-caption\">31 de agosto | Inicio de la relaci\u00f3n<\/figcaption><\/figure>\n\n\n<figure class=\"wp-block-image size-large\"><img decoding=\"async\" src=\"https:\/\/spaziospadoni.org\/wp-content\/uploads\/2026\/05\/Timeline-inizio-rapporto-F-suora-Luigi-e-Gloriosa-copia-2-300x126.jpg\" alt=\"Timeline inizio rapporto F suora Luigi e Gloriosa copia 2 300x126\"\/><figcaption class=\"wp-element-caption\">31 de agosto | Inicio de la relaci\u00f3n<\/figcaption><\/figure>\n\n<\/figure>\n\n\n<\/div>\n\n\n\n\n<div class=\"ss-timeline-item\">\n\n<h4 id=\"04-de-septiembre-inicio-del-proyecto\" class=\"gb-text\">04 de septiembre | Inicio del proyecto<\/h4>\n\n\n\n\n<p class=\"wp-block-paragraph\">La hermana Jacqueline comienza su formaci\u00f3n en la Misericordia Santa Gemma<\/p>\n\n\n<\/div>\n\n\n<\/div>\n\n\n\n\n<div class=\"ss-timeline\">\n\n<h3 id=\"2021\" class=\"gb-text\">2021<\/h3>\n\n\n\n\n\n<div class=\"ss-timeline-item\">\n\n<h4 id=\"abril-formacion-especifica-hic-sum-y-opera-m\" class=\"gb-text\">Abril | Formaci\u00f3n espec\u00edfica HIC SUM y OPERA M<\/h4>\n\n\n\n\n<figure class=\"wp-block-gallery has-nested-images columns-1 is-cropped ss-lightbox wp-block-gallery-2 is-layout-flex wp-block-gallery-is-layout-flex\">\n\n<figure class=\"wp-block-image size-large\"><img decoding=\"async\" src=\"https:\/\/spaziospadoni.org\/wp-content\/uploads\/2026\/05\/Timeline-formazione-aprile-F-suora-copia-300x248.jpg\" alt=\"Timeline formazione aprile F suora copia 300x248\"\/><figcaption class=\"wp-element-caption\">Abril | Formaci\u00f3n espec\u00edfica HIC SUM y OPERA M<\/figcaption><\/figure>\n\n<\/figure>\n\n\n<\/div>\n\n\n\n\n<div class=\"ss-timeline-item\">\n\n<h4 id=\"10-de-agosto-salida-de-la-hermana\" class=\"gb-text\">10 de agosto | Salida de la hermana<\/h4>\n\n\n\n\n<p class=\"wp-block-paragraph\">La hermana Jacqueline regresa a su comunidad en Kavimvira, en la Rep\u00fablica Democr\u00e1tica del Congo<\/p>\n\n\n\n<figure class=\"wp-block-gallery has-nested-images columns-1 is-cropped ss-lightbox wp-block-gallery-3 is-layout-flex wp-block-gallery-is-layout-flex\">\n\n<figure class=\"wp-block-image size-large\"><img decoding=\"async\" src=\"https:\/\/spaziospadoni.org\/wp-content\/uploads\/2026\/05\/Timeline-partenza-suora-F-suora-mandato-e-un-altra-suora-a-caso-copia-300x160.jpg\" alt=\"Timeline partenza suora F suora mandato e un altra suora a caso copia 300x160\"\/><figcaption class=\"wp-element-caption\">10 de agosto | Salida de la hermana<\/figcaption><\/figure>\n\n\n<figure class=\"wp-block-image size-large\"><img decoding=\"async\" src=\"https:\/\/spaziospadoni.org\/wp-content\/uploads\/2026\/05\/Timeline-partenza-suora-F-suora-Luigi-e-volontaria-copia-300x162.jpg\" alt=\"Timeline partenza suora F suora Luigi e volontaria copia 300x162\"\/><figcaption class=\"wp-element-caption\">10 de agosto | Salida de la hermana<\/figcaption><\/figure>\n\n<\/figure>\n\n\n<\/div>\n\n\n\n\n<div class=\"ss-timeline-item\">\n\n<h4 id=\"29-de-septiembre-captacion-de-voluntarios-locales\" class=\"gb-text\">29 de septiembre | Captaci\u00f3n de voluntarios locales<\/h4>\n\n\n\n\n<p class=\"wp-block-paragraph\">La hermana Jacqueline re\u00fane a varios voluntarios con quienes comienza a realizar Obras de Misericordia en Kavimvira y en los pueblos cercanos<\/p>\n\n\n\n<figure class=\"wp-block-gallery has-nested-images columns-1 is-cropped ss-lightbox wp-block-gallery-4 is-layout-flex wp-block-gallery-is-layout-flex\">\n\n<figure class=\"wp-block-image size-large\"><img decoding=\"async\" src=\"https:\/\/spaziospadoni.org\/wp-content\/uploads\/2026\/05\/Timeline-reclutamento-volontari-F-a-tutti-e-due-copia-264x300.jpg\" alt=\"Timeline reclutamento volontari F a tutti e due copia 264x300\"\/><figcaption class=\"wp-element-caption\">29 de septiembre | Captaci\u00f3n de voluntarios locales<\/figcaption><\/figure>\n\n\n<figure class=\"wp-block-image size-large\"><img decoding=\"async\" src=\"https:\/\/spaziospadoni.org\/wp-content\/uploads\/2026\/05\/Timeline-reclutamento-volontari-F-a-1-uomo-1-donna-copia-300x142.jpg\" alt=\"Timeline reclutamento volontari F a 1 uomo 1 donna copia 300x142\"\/><figcaption class=\"wp-element-caption\">29 de septiembre | Captaci\u00f3n de voluntarios locales<\/figcaption><\/figure>\n\n\n<figure class=\"wp-block-image size-large\"><img decoding=\"async\" src=\"https:\/\/spaziospadoni.org\/wp-content\/uploads\/2026\/05\/Timeline-reclutamento-volontari-F-sparsi-copia-300x146.jpg\" alt=\"Timeline reclutamento volontari F sparsi copia 300x146\"\/><figcaption class=\"wp-element-caption\">29 de septiembre | Captaci\u00f3n de voluntarios locales<\/figcaption><\/figure>\n\n\n<figure class=\"wp-block-image size-large\"><img decoding=\"async\" src=\"https:\/\/spaziospadoni.org\/wp-content\/uploads\/2026\/05\/Timeline-reclutamento-volontari-F-suora-e-persona-di-spalle-con-maglia-nera-copia-300x225.jpg\" alt=\"Timeline reclutamento volontari F suora e persona di spalle con maglia nera copia 300x225\"\/><figcaption class=\"wp-element-caption\">29 de septiembre | Captaci\u00f3n de voluntarios locales<\/figcaption><\/figure>\n\n<\/figure>\n\n\n<\/div>\n\n\n<\/div>\n\n\n\n\n<div class=\"ss-timeline\">\n\n<h3 id=\"2022\" class=\"gb-text\">2022<\/h3>\n\n\n\n\n\n<div class=\"ss-timeline-item\">\n\n<h4 id=\"27-de-enero-formacion-en-linea-hic-sum-y-opera-m\" class=\"gb-text\">27 de enero | Formaci\u00f3n en l\u00ednea HIC SUM y OPERA M<\/h4>\n\n\n\n\n<figure class=\"wp-block-gallery has-nested-images columns-1 is-cropped ss-lightbox wp-block-gallery-5 is-layout-flex wp-block-gallery-is-layout-flex\">\n\n<figure class=\"wp-block-image size-large\"><img decoding=\"async\" src=\"https:\/\/spaziospadoni.org\/wp-content\/uploads\/2026\/05\/Timeline-primo-viaggio-paolo-F-paolo-copia-281x300.jpg\" alt=\"Timeline primo viaggio paolo F paolo copia 281x300\"\/><figcaption class=\"wp-element-caption\">27 de enero | Formaci\u00f3n en l\u00ednea HIC SUM y OPERA M<\/figcaption><\/figure>\n\n\n<figure class=\"wp-block-image size-large\"><img decoding=\"async\" src=\"https:\/\/spaziospadoni.org\/wp-content\/uploads\/2026\/05\/Timeline-primo-viaggio-paolo-F-suora-300x167.jpeg\" alt=\"Timeline primo viaggio paolo F suora 300x167\"\/><figcaption class=\"wp-element-caption\">27 de enero | Formaci\u00f3n en l\u00ednea HIC SUM y OPERA M<\/figcaption><\/figure>\n\n\n<figure class=\"wp-block-image size-large\"><img decoding=\"async\" src=\"https:\/\/spaziospadoni.org\/wp-content\/uploads\/2026\/05\/Timeline-primo-viaggio-paolo-F-paolo-suora-donna-a-destra-in-pp-copia-300x138.jpg\" alt=\"Timeline primo viaggio paolo F paolo suora donna a destra in pp copia 300x138\"\/><figcaption class=\"wp-element-caption\">27 de enero | Formaci\u00f3n en l\u00ednea HIC SUM y OPERA M<\/figcaption><\/figure>\n\n\n<figure class=\"wp-block-image size-large\"><img decoding=\"async\" src=\"https:\/\/spaziospadoni.org\/wp-content\/uploads\/2026\/05\/Timeline-primo-viaggio-paolo-F-tutti-copia-2-235x300.jpg\" alt=\"Timeline primo viaggio paolo F tutti copia 2 235x300\"\/><figcaption class=\"wp-element-caption\">27 de enero | Formaci\u00f3n en l\u00ednea HIC SUM y OPERA M<\/figcaption><\/figure>\n\n\n<figure class=\"wp-block-image size-large\"><img decoding=\"async\" src=\"https:\/\/spaziospadoni.org\/wp-content\/uploads\/2026\/05\/Timeline-primo-viaggio-paolo-2-271x300.jpeg\" alt=\"Timeline primo viaggio paolo 2 271x300\"\/><figcaption class=\"wp-element-caption\">27 de enero | Formaci\u00f3n en l\u00ednea HIC SUM y OPERA M<\/figcaption><\/figure>\n\n\n<figure class=\"wp-block-image size-large\"><img decoding=\"async\" src=\"https:\/\/spaziospadoni.org\/wp-content\/uploads\/2026\/05\/Timeline-primo-viaggio-paolo-135x300.jpeg\" alt=\"Timeline primo viaggio paolo 135x300\"\/><figcaption class=\"wp-element-caption\">27 de enero | Formaci\u00f3n en l\u00ednea HIC SUM y OPERA M<\/figcaption><\/figure>\n\n<\/figure>\n\n\n<\/div>\n\n\n\n\n<div class=\"ss-timeline-item\">\n\n<h4 id=\"noviembre-informe-de-las-actividades-de-los-voluntarios-y-las-obras-de-misericordia\" class=\"gb-text\">Noviembre | Informe de las actividades de los voluntarios y las Obras de Misericordia<\/h4>\n\n\n\n\n<p class=\"wp-block-paragraph\">Actualizaci\u00f3n de las actividades de los voluntarios en la difusi\u00f3n de las Obras de Misericordia<\/p>\n\n\n<\/div>\n\n\n<\/div>\n\n\n\n\n<div class=\"ss-timeline\">\n\n<h3 id=\"2023\" class=\"gb-text\">2023<\/h3>\n\n\n\n\n\n<div class=\"ss-timeline-item\">\n\n<h4 id=\"01-de-febrero-segundo-viaje-de-paolo\" class=\"gb-text\">01 de febrero | Segundo viaje de Paolo<\/h4>\n\n\n\n\n<p class=\"wp-block-paragraph\">Paolo vuela a Kavimvira por segunda vez<\/p>\n\n\n\n<figure class=\"wp-block-gallery has-nested-images columns-1 is-cropped ss-lightbox wp-block-gallery-6 is-layout-flex wp-block-gallery-is-layout-flex\">\n\n<figure class=\"wp-block-image size-large\"><img decoding=\"async\" src=\"https:\/\/spaziospadoni.org\/wp-content\/uploads\/2026\/05\/Timeline-secondo-viaggio-paolo-F-paolo-copia-240x300.jpg\" alt=\"Timeline secondo viaggio paolo F paolo copia 240x300\"\/><figcaption class=\"wp-element-caption\">01 de febrero | Segundo viaje de Paolo<\/figcaption><\/figure>\n\n\n<figure class=\"wp-block-image size-large\"><img decoding=\"async\" src=\"https:\/\/spaziospadoni.org\/wp-content\/uploads\/2026\/05\/Timeline-secondo-viaggio-paolo-2-300x264.jpeg\" alt=\"Timeline secondo viaggio paolo 2 300x264\"\/><figcaption class=\"wp-element-caption\">01 de febrero | Segundo viaje de Paolo<\/figcaption><\/figure>\n\n\n<figure class=\"wp-block-image size-large\"><img decoding=\"async\" src=\"https:\/\/spaziospadoni.org\/wp-content\/uploads\/2026\/05\/Timeline-secondo-viaggio-paolo-F-volontaria-2-copia-135x300.jpg\" alt=\"Timeline secondo viaggio paolo F volontaria 2 copia 135x300\"\/><figcaption class=\"wp-element-caption\">01 de febrero | Segundo viaje de Paolo<\/figcaption><\/figure>\n\n\n<figure class=\"wp-block-image size-large\"><img decoding=\"async\" src=\"https:\/\/spaziospadoni.org\/wp-content\/uploads\/2026\/05\/Timeline-secondo-viaggio-paolo-F-donna-con-stampella-prima-a-destra-273x300.jpeg\" alt=\"Timeline secondo viaggio paolo F donna con stampella prima a destra 273x300\"\/><figcaption class=\"wp-element-caption\">01 de febrero | Segundo viaje de Paolo<\/figcaption><\/figure>\n\n\n<figure class=\"wp-block-image size-large\"><img decoding=\"async\" src=\"https:\/\/spaziospadoni.org\/wp-content\/uploads\/2026\/05\/Timeline-secondo-viaggio-paolo-F-volontaria-151x300.jpeg\" alt=\"Timeline secondo viaggio paolo F volontaria 151x300\"\/><figcaption class=\"wp-element-caption\">01 de febrero | Segundo viaje de Paolo<\/figcaption><\/figure>\n\n\n<figure class=\"wp-block-image size-large\"><img decoding=\"async\" src=\"https:\/\/spaziospadoni.org\/wp-content\/uploads\/2026\/05\/Timeline-secondo-viaggio-paolo-156x300.jpeg\" alt=\"Timeline secondo viaggio paolo 156x300\"\/><figcaption class=\"wp-element-caption\">01 de febrero | Segundo viaje de Paolo<\/figcaption><\/figure>\n\n<\/figure>\n\n\n<\/div>\n\n\n\n\n<div class=\"ss-timeline-item\">\n\n<h4 id=\"01-de-abril-informe-de-las-actividades-de-los-voluntarios-y-las-obras-de-misericordia\" class=\"gb-text\">01 de abril | Informe de las actividades de los voluntarios y las Obras de Misericordia<\/h4>\n\n\n\n\n<p class=\"wp-block-paragraph\">Actualizaci\u00f3n de las actividades de los voluntarios en la difusi\u00f3n de las Obras de Misericordia<\/p>\n\n\n\n<figure class=\"wp-block-gallery has-nested-images columns-1 is-cropped ss-lightbox wp-block-gallery-7 is-layout-flex wp-block-gallery-is-layout-flex\">\n\n<figure class=\"wp-block-image size-large\"><img decoding=\"async\" src=\"https:\/\/spaziospadoni.org\/wp-content\/uploads\/2026\/05\/2023_marzo_hicsum_1_congo_kavimvira_sr_jacqueline_santa_gemma_inaugurazione_casa_indigente_spazio_spadoni-25.jpeg\" alt=\"2023 marzo hicsum 1 congo kavimvira sr jacqueline santa gemma inaugurazione casa indigente spazio spadoni 25\"\/><figcaption class=\"wp-element-caption\">01 de abril | Informe de las actividades de los voluntarios y las Obras de Misericordia<\/figcaption><\/figure>\n\n<\/figure>\n\n\n<\/div>\n\n\n\n\n<div class=\"ss-timeline-item\">\n\n<h4 id=\"04-de-septiembre-informe-de-las-actividades-de-los-voluntarios-y-las-obras-de-misericordia\" class=\"gb-text\">04 de septiembre | Informe de las actividades de los voluntarios y las Obras de Misericordia<\/h4>\n\n\n\n\n<p class=\"wp-block-paragraph\">Actualizaci\u00f3n de las actividades de los voluntarios en la difusi\u00f3n de las Obras de Misericordia<\/p>\n\n\n<\/div>\n\n\n<\/div>\n\n\n\n\n<div class=\"ss-timeline\">\n\n<h3 id=\"2024\" class=\"gb-text\">2024<\/h3>\n\n\n\n\n\n<div class=\"ss-timeline-item\">\n\n<h4 id=\"20-de-marzo-informe-de-las-actividades-de-los-voluntarios-y-las-obras-de-misericordia\" class=\"gb-text\">20 de marzo | Informe de las actividades de los voluntarios y las Obras de Misericordia<\/h4>\n\n\n\n\n<p class=\"wp-block-paragraph\">Actualizaci\u00f3n de las actividades de los voluntarios en la difusi\u00f3n de las Obras de Misericordia<\/p>\n\n\n\n<figure class=\"wp-block-gallery has-nested-images columns-1 is-cropped ss-lightbox wp-block-gallery-8 is-layout-flex wp-block-gallery-is-layout-flex\">\n\n<figure class=\"wp-block-image size-large\"><img decoding=\"async\" src=\"https:\/\/spaziospadoni.org\/wp-content\/uploads\/2026\/05\/2024_congo_suor_jacqueline_opere_misericordia_volontari_operam_spazio_spadoni-6-300x225.jpg\" alt=\"2024 congo suor jacqueline opere misericordia volontari operam spazio spadoni 6 300x225\"\/><figcaption class=\"wp-element-caption\">20 de marzo | Informe de las actividades de los voluntarios y las Obras de Misericordia<\/figcaption><\/figure>\n\n\n<figure class=\"wp-block-image size-large\"><img decoding=\"async\" src=\"https:\/\/spaziospadoni.org\/wp-content\/uploads\/2026\/05\/2024_congo_suor_jacqueline_opere_misericordia_volontari_operam_spazio_spadoni-3-300x225.jpg\" alt=\"2024 congo suor jacqueline opere misericordia volontari operam spazio spadoni 3 300x225\"\/><figcaption class=\"wp-element-caption\">20 de marzo | Informe de las actividades de los voluntarios y las Obras de Misericordia<\/figcaption><\/figure>\n\n<\/figure>\n\n\n<\/div>\n\n\n\n\n<div class=\"ss-timeline-item\">\n\n<h4 id=\"diciembre-traslado-de-la-hermana-jacqueline\" class=\"gb-text\">Diciembre | Traslado de la hermana Jacqueline<\/h4>\n\n\n\n\n<p class=\"wp-block-paragraph\">En diciembre de &#x27;24, la hermana Jacqueline es trasladada a una comunidad en Costa de Marfil. La hermana Audacieuse continuar\u00e1 el proyecto con los voluntarios en Kavimvira.<\/p>\n\n\n<\/div>\n\n\n<\/div>\n\n\n\n\n<div class=\"ss-timeline\">\n\n<h3 id=\"2025\" class=\"gb-text\">2025<\/h3>\n\n\n\n\n\n<div class=\"ss-timeline-item\">\n\n<h4 id=\"05-de-marzo-informe-de-las-actividades-de-los-voluntarios-y-las-obras-de-misericordia\" class=\"gb-text\">05 de marzo | Informe de las actividades de los voluntarios y las Obras de Misericordia<\/h4>\n\n\n\n\n<p class=\"wp-block-paragraph\">Actualizaci\u00f3n de las actividades de los voluntarios en la difusi\u00f3n de las Obras de Misericordia<\/p>\n\n\n\n<figure class=\"wp-block-gallery has-nested-images columns-1 is-cropped ss-lightbox wp-block-gallery-9 is-layout-flex wp-block-gallery-is-layout-flex\">\n\n<figure class=\"wp-block-image size-large\"><img decoding=\"async\" src=\"https:\/\/spaziospadoni.org\/wp-content\/uploads\/2026\/05\/2025_marzo_volontari_opere_misericordia_spazio_spadoni_congo_uvira_kavimvira-3-225x300.jpg\" alt=\"2025 marzo volontari opere misericordia spazio spadoni congo uvira kavimvira 3 225x300\"\/><figcaption class=\"wp-element-caption\">05 de marzo | Informe de las actividades de los voluntarios y las Obras de Misericordia<\/figcaption><\/figure>\n\n\n<figure class=\"wp-block-image size-large\"><img decoding=\"async\" src=\"https:\/\/spaziospadoni.org\/wp-content\/uploads\/2026\/05\/2025_marzo_volontari_opere_misericordia_spazio_spadoni_congo_uvira_kavimvira-2-225x300.jpg\" alt=\"2025 marzo volontari opere misericordia spazio spadoni congo uvira kavimvira 2 225x300\"\/><figcaption class=\"wp-element-caption\">05 de marzo | Informe de las actividades de los voluntarios y las Obras de Misericordia<\/figcaption><\/figure>\n\n<\/figure>\n\n\n<\/div>\n\n\n<\/div>\n\n\n<\/div>\n\n\n\n<div class=\"ss-project-reports\">\n<h2 id=\"informes-sobre-las-obras-de-misericordia\" class=\"gb-text gb-text-75c3218d\">Informes sobre las Obras de Misericordia<\/h2>\n\n\n<ul class=\"wp-block-list ss-report-list\">\n\n<li><a href=\"https:\/\/spaziospadoni.org\/wp-content\/uploads\/2026\/05\/agosto-2023_Report-OdM_Kavimvira.pdf\" target=\"_blank\" rel=\"noreferrer noopener\" title=\"agosto 2023_Informe Obras de Misericordia_Kavimvira\">agosto 2023_Informe Obras de Misericordia_Kavimvira<\/a><\/li>\n\n\n<li><a href=\"https:\/\/spaziospadoni.org\/wp-content\/uploads\/2026\/05\/dicembre-2021_Report-OdM_Kavimvira.pdf\" target=\"_blank\" rel=\"noreferrer noopener\" title=\"diciembre 2021_Informe Obras de Misericordia_Kavimvira\">diciembre 2021_Informe Obras de Misericordia_Kavimvira<\/a><\/li>\n\n<\/ul>\n\n<\/div>\n\n\n\n<div class=\"ss-project-media\">\n<h2 id=\"fotos-y-videos\" class=\"gb-text gb-text-d7bd8be8\">Fotos y v\u00eddeos<\/h2>\n\n\n<div class=\"ss-media-filters\">\n\n<a class=\"gb-text ss-media-filter active\" data-filter=\"*\" title=\"Todo\">Todo<\/a>\n\n\n<a class=\"gb-text ss-media-filter\" data-filter=\".formazione\" title=\"Formaci\u00f3n\">Formaci\u00f3n<\/a>\n\n\n<a class=\"gb-text ss-media-filter\" data-filter=\".repubblica-democratica-del-congo\" title=\"Rep\u00fablica Democr\u00e1tica del Congo\">Rep\u00fablica Democr\u00e1tica del Congo<\/a>\n\n\n<a class=\"gb-text ss-media-filter\" data-filter=\".mandato\" title=\"Mandato\">Mandato<\/a>\n\n\n<a class=\"gb-text ss-media-filter\" data-filter=\".viaggio-paolo-2022\" title=\"Viaje de Paolo 2022\">Viaje de Paolo 2022<\/a>\n\n\n<a class=\"gb-text ss-media-filter\" data-filter=\".viaggio-paolo-2023\" title=\"Viaje de Paolo 2023\">Viaje de Paolo 2023<\/a>\n\n\n<a class=\"gb-text ss-media-filter\" data-filter=\".video\" title=\"V\u00eddeos\">V\u00eddeos<\/a>\n\n<\/div>\n\n\n<div class=\"ss-media-grid\">\n<div>\n<figure class=\"wp-block-gallery has-nested-images columns-1 is-cropped ss-lightbox wp-block-gallery-10 is-layout-flex wp-block-gallery-is-layout-flex\">\n\n<figure class=\"wp-block-image size-large formazione\"><img decoding=\"async\" alt=\"Acquerello di suor Jacqueline 245x300\" src=\"https:\/\/spaziospadoni.org\/wp-content\/uploads\/2026\/05\/Acquerello-di-suor-Jacqueline-245x300.jpg\"\/><\/figure>\n\n\n<figure class=\"wp-block-image size-large formazione\"><img decoding=\"async\" alt=\"2020 settembre hicsum italia suor jacqueline santa gemma formazione spazio spadoni 2 scaled\" src=\"https:\/\/spaziospadoni.org\/wp-content\/uploads\/2026\/05\/2020_settembre_hicsum_italia_suor_jacqueline_santa_gemma__formazione_spazio_spadoni-2-scaled-1.jpg\"\/><\/figure>\n\n\n<figure class=\"wp-block-image size-large formazione\"><img decoding=\"async\" alt=\"Timeline inizio rapporto F suora e Don D copia 300x297\" src=\"https:\/\/spaziospadoni.org\/wp-content\/uploads\/2026\/05\/Timeline-inizio-rapporto-F-suora-e-Don-D-copia-300x297.jpg\"\/><\/figure>\n\n\n<figure class=\"wp-block-image size-large formazione\"><img decoding=\"async\" alt=\"Timeline formazione aprile F suora copia 300x248\" src=\"https:\/\/spaziospadoni.org\/wp-content\/uploads\/2026\/05\/Timeline-formazione-aprile-F-suora-copia-300x248.jpg\"\/><\/figure>\n\n\n<figure class=\"wp-block-image size-large formazione\"><img decoding=\"async\" alt=\"Timiline inizio rapporto F suora copia 277x300\" src=\"https:\/\/spaziospadoni.org\/wp-content\/uploads\/2026\/05\/Timiline-inizio-rapporto-F-suora-copia-277x300.jpg\"\/><\/figure>\n\n\n<figure class=\"wp-block-image size-large formazione\"><img decoding=\"async\" alt=\"Timeline partenza suora F suora Luigi e volontaria copia 300x162\" src=\"https:\/\/spaziospadoni.org\/wp-content\/uploads\/2026\/05\/Timeline-partenza-suora-F-suora-Luigi-e-volontaria-copia-300x162.jpg\"\/><\/figure>\n\n\n<figure class=\"wp-block-image size-large repubblica-democratica-del-congo\"><img decoding=\"async\" alt=\"2021 dicembre hicsum congo kavimvira sr jacqueline santa gemma misericordia spazio spadoni 1\" src=\"https:\/\/spaziospadoni.org\/wp-content\/uploads\/2026\/05\/2021_dicembre_hicsum_congo_kavimvira_sr_jacqueline_santa_gemma_misericordia_spazio_spadoni-1.jpg\"\/><\/figure>\n\n\n<figure class=\"wp-block-image size-large repubblica-democratica-del-congo\"><img decoding=\"async\" alt=\"2021 dicembre hicsum congo kavimvira sr jacqueline santa gemma misericordia spazio spadoni 1\" src=\"https:\/\/spaziospadoni.org\/wp-content\/uploads\/2026\/05\/2021_dicembre_hicsum_congo_kavimvira_sr_jacqueline_santa_gemma_misericordia_spazio_spadoni-1.jpg\"\/><\/figure>\n\n\n<figure class=\"wp-block-image size-large repubblica-democratica-del-congo\"><img decoding=\"async\" alt=\"2021 dicembre hicsum congo kavimvira sr jacqueline santa gemma misericordia spazio spadoni 2\" src=\"https:\/\/spaziospadoni.org\/wp-content\/uploads\/2026\/05\/2021_dicembre_hicsum_congo_kavimvira_sr_jacqueline_santa_gemma_misericordia_spazio_spadoni-2.jpg\"\/><\/figure>\n\n\n<figure class=\"wp-block-image size-large repubblica-democratica-del-congo\"><img decoding=\"async\" alt=\"2021 dicembre hicsum congo kavimvira sr jacqueline santa gemma misericordia spazio spadoni 3\" src=\"https:\/\/spaziospadoni.org\/wp-content\/uploads\/2026\/05\/2021_dicembre_hicsum_congo_kavimvira_sr_jacqueline_santa_gemma_misericordia_spazio_spadoni-3.jpg\"\/><\/figure>\n\n\n<figure class=\"wp-block-image size-large repubblica-democratica-del-congo\"><img decoding=\"async\" alt=\"2021 dicembre hicsum congo kavimvira sr jacqueline santa gemma misericordia spazio spadoni 4\" src=\"https:\/\/spaziospadoni.org\/wp-content\/uploads\/2026\/05\/2021_dicembre_hicsum_congo_kavimvira_sr_jacqueline_santa_gemma_misericordia_spazio_spadoni-4.jpg\"\/><\/figure>\n\n\n<figure class=\"wp-block-image size-large repubblica-democratica-del-congo\"><img decoding=\"async\" alt=\"2021 dicembre hicsum congo kavimvira sr jacqueline santa gemma misericordia spazio spadoni 5\" src=\"https:\/\/spaziospadoni.org\/wp-content\/uploads\/2026\/05\/2021_dicembre_hicsum_congo_kavimvira_sr_jacqueline_santa_gemma_misericordia_spazio_spadoni-5.jpg\"\/><\/figure>\n\n\n<figure class=\"wp-block-image size-large repubblica-democratica-del-congo\"><img decoding=\"async\" alt=\"2021 dicembre hicsum congo kavimvira sr jacqueline santa gemma misericordia spazio spadoni 7\" src=\"https:\/\/spaziospadoni.org\/wp-content\/uploads\/2026\/05\/2021_dicembre_hicsum_congo_kavimvira_sr_jacqueline_santa_gemma_misericordia_spazio_spadoni-7.jpg\"\/><\/figure>\n\n\n<figure class=\"wp-block-image size-large repubblica-democratica-del-congo\"><img decoding=\"async\" alt=\"2021 dicembre hicsum congo kavimvira sr jacqueline santa gemma misericordia spazio spadoni 9\" src=\"https:\/\/spaziospadoni.org\/wp-content\/uploads\/2026\/05\/2021_dicembre_hicsum_congo_kavimvira_sr_jacqueline_santa_gemma_misericordia_spazio_spadoni-9.jpg\"\/><\/figure>\n\n\n<figure class=\"wp-block-image size-large mandato\"><img decoding=\"async\" alt=\"Timeline partenza suora F suora mandato e un altra suora a caso copia 300x160\" src=\"https:\/\/spaziospadoni.org\/wp-content\/uploads\/2026\/05\/Timeline-partenza-suora-F-suora-mandato-e-un-altra-suora-a-caso-copia-300x160.jpg\"\/><\/figure>\n\n\n<figure class=\"wp-block-image size-large repubblica-democratica-del-congo\"><img decoding=\"async\" alt=\"2022 aprile hicsum congo kavimvira sr jacqueline santa gemma spazio spadoni orfanotrofio 1\" src=\"https:\/\/spaziospadoni.org\/wp-content\/uploads\/2026\/05\/2022_aprile_hicsum_congo_kavimvira_sr_jacqueline_santa_gemma_spazio_spadoni_orfanotrofio-1.jpeg\"\/><\/figure>\n\n\n<figure class=\"wp-block-image size-large repubblica-democratica-del-congo\"><img decoding=\"async\" alt=\"2022 aprile hicsum congo kavimvira sr jacqueline santa gemma spazio spadoni orfanotrofio 2\" src=\"https:\/\/spaziospadoni.org\/wp-content\/uploads\/2026\/05\/2022_aprile_hicsum_congo_kavimvira_sr_jacqueline_santa_gemma_spazio_spadoni_orfanotrofio-2.jpeg\"\/><\/figure>\n\n\n<figure class=\"wp-block-image size-large repubblica-democratica-del-congo\"><img decoding=\"async\" alt=\"2022 aprile hicsum congo kavimvira sr jacqueline santa gemma spazio spadoni orfanotrofio 3\" src=\"https:\/\/spaziospadoni.org\/wp-content\/uploads\/2026\/05\/2022_aprile_hicsum_congo_kavimvira_sr_jacqueline_santa_gemma_spazio_spadoni_orfanotrofio-3.jpeg\"\/><\/figure>\n\n\n<figure class=\"wp-block-image size-large repubblica-democratica-del-congo\"><img decoding=\"async\" alt=\"2022 aprile hicsum congo kavimvira sr jacqueline santa gemma spazio spadoni orfanotrofio 4\" src=\"https:\/\/spaziospadoni.org\/wp-content\/uploads\/2026\/05\/2022_aprile_hicsum_congo_kavimvira_sr_jacqueline_santa_gemma_spazio_spadoni_orfanotrofio-4.jpeg\"\/><\/figure>\n\n\n<figure class=\"wp-block-image size-large repubblica-democratica-del-congo\"><img decoding=\"async\" alt=\"2022 aprile hicsum congo kavimvira sr jacqueline santa gemma spazio spadoni orfanotrofio 5\" src=\"https:\/\/spaziospadoni.org\/wp-content\/uploads\/2026\/05\/2022_aprile_hicsum_congo_kavimvira_sr_jacqueline_santa_gemma_spazio_spadoni_orfanotrofio-5.jpeg\"\/><\/figure>\n\n\n<figure class=\"wp-block-image size-large repubblica-democratica-del-congo\"><img decoding=\"async\" alt=\"2022 aprile hicsum congo kavimvira sr jacqueline santa gemma spazio spadoni orfanotrofio 7\" src=\"https:\/\/spaziospadoni.org\/wp-content\/uploads\/2026\/05\/2022_aprile_hicsum_congo_kavimvira_sr_jacqueline_santa_gemma_spazio_spadoni_orfanotrofio-7.jpeg\"\/><\/figure>\n\n\n<figure class=\"wp-block-image size-large repubblica-democratica-del-congo\"><img decoding=\"async\" alt=\"2022 febbraio hicsum 1 congo kavimvira uvira suor jacqueline sorelle santa gemma misericordia spazio spadoni 1\" src=\"https:\/\/spaziospadoni.org\/wp-content\/uploads\/2026\/05\/2022_febbraio_hicsum_1_congo_kavimvira_uvira_suor_jacqueline_sorelle_santa_gemma_misericordia_spazio_spadoni-1.jpeg\"\/><\/figure>\n\n\n<figure class=\"wp-block-image size-large repubblica-democratica-del-congo\"><img decoding=\"async\" alt=\"2022 febbraio hicsum 1 congo kavimvira uvira suor jacqueline sorelle santa gemma misericordia spazio spadoni 2\" src=\"https:\/\/spaziospadoni.org\/wp-content\/uploads\/2026\/05\/2022_febbraio_hicsum_1_congo_kavimvira_uvira_suor_jacqueline_sorelle_santa_gemma_misericordia_spazio_spadoni-2.jpeg\"\/><\/figure>\n\n\n<figure class=\"wp-block-image size-large repubblica-democratica-del-congo\"><img decoding=\"async\" alt=\"2022 febbraio hicsum 1 congo kavimvira uvira suor jacqueline sorelle santa gemma misericordia spazio spadoni 3\" src=\"https:\/\/spaziospadoni.org\/wp-content\/uploads\/2026\/05\/2022_febbraio_hicsum_1_congo_kavimvira_uvira_suor_jacqueline_sorelle_santa_gemma_misericordia_spazio_spadoni-3.jpeg\"\/><\/figure>\n\n\n<figure class=\"wp-block-image size-large repubblica-democratica-del-congo\"><img decoding=\"async\" alt=\"2022 febbraio hicsum 1 congo kavimvira uvira suor jacqueline sorelle santa gemma misericordia spazio spadoni 4\" src=\"https:\/\/spaziospadoni.org\/wp-content\/uploads\/2026\/05\/2022_febbraio_hicsum_1_congo_kavimvira_uvira_suor_jacqueline_sorelle_santa_gemma_misericordia_spazio_spadoni-4.jpeg\"\/><\/figure>\n\n\n<figure class=\"wp-block-image size-large repubblica-democratica-del-congo\"><img decoding=\"async\" alt=\"2022 febbraio hicsum 1 congo kavimvira uvira suor jacqueline sorelle santa gemma misericordia spazio spadoni 5\" src=\"https:\/\/spaziospadoni.org\/wp-content\/uploads\/2026\/05\/2022_febbraio_hicsum_1_congo_kavimvira_uvira_suor_jacqueline_sorelle_santa_gemma_misericordia_spazio_spadoni-5.jpeg\"\/><\/figure>\n\n\n<figure class=\"wp-block-image size-large repubblica-democratica-del-congo\"><img decoding=\"async\" alt=\"2022 febbraio hicsum 1 congo kavimvira uvira suor jacqueline sorelle santa gemma misericordia spazio spadoni 6\" src=\"https:\/\/spaziospadoni.org\/wp-content\/uploads\/2026\/05\/2022_febbraio_hicsum_1_congo_kavimvira_uvira_suor_jacqueline_sorelle_santa_gemma_misericordia_spazio_spadoni-6.jpeg\"\/><\/figure>\n\n\n<figure class=\"wp-block-image size-large repubblica-democratica-del-congo\"><img decoding=\"async\" alt=\"2022 febbraio hicsum 1 congo kavimvira uvira suor jacqueline sorelle santa gemma misericordia spazio spadoni 7\" src=\"https:\/\/spaziospadoni.org\/wp-content\/uploads\/2026\/05\/2022_febbraio_hicsum_1_congo_kavimvira_uvira_suor_jacqueline_sorelle_santa_gemma_misericordia_spazio_spadoni-7.jpeg\"\/><\/figure>\n\n\n<figure class=\"wp-block-image size-large repubblica-democratica-del-congo\"><img decoding=\"async\" alt=\"2022 febbraio hicsum 1 congo kavimvira uvira suor jacqueline sorelle santa gemma misericordia spazio spadoni 8\" src=\"https:\/\/spaziospadoni.org\/wp-content\/uploads\/2026\/05\/2022_febbraio_hicsum_1_congo_kavimvira_uvira_suor_jacqueline_sorelle_santa_gemma_misericordia_spazio_spadoni-8.jpeg\"\/><\/figure>\n\n\n<figure class=\"wp-block-image size-large repubblica-democratica-del-congo\"><img decoding=\"async\" alt=\"2022 febbraio hicsum 1 congo kavimvira uvira suor jacqueline sorelle santa gemma misericordia spazio spadoni 10\" src=\"https:\/\/spaziospadoni.org\/wp-content\/uploads\/2026\/05\/2022_febbraio_hicsum_1_congo_kavimvira_uvira_suor_jacqueline_sorelle_santa_gemma_misericordia_spazio_spadoni-10.jpeg\"\/><\/figure>\n\n\n<figure class=\"wp-block-image size-large repubblica-democratica-del-congo\"><img decoding=\"async\" alt=\"2022 febbraio hicsum 1 congo kavimvira uvira suor jacqueline sorelle santa gemma misericordia spazio spadoni 11\" src=\"https:\/\/spaziospadoni.org\/wp-content\/uploads\/2026\/05\/2022_febbraio_hicsum_1_congo_kavimvira_uvira_suor_jacqueline_sorelle_santa_gemma_misericordia_spazio_spadoni-11.jpeg\"\/><\/figure>\n\n\n<figure class=\"wp-block-image size-large repubblica-democratica-del-congo\"><img decoding=\"async\" alt=\"2022 febbraio hicsum 1 congo kavimvira uvira suor jacqueline sorelle santa gemma misericordia spazio spadoni 12\" src=\"https:\/\/spaziospadoni.org\/wp-content\/uploads\/2026\/05\/2022_febbraio_hicsum_1_congo_kavimvira_uvira_suor_jacqueline_sorelle_santa_gemma_misericordia_spazio_spadoni-12.jpeg\"\/><\/figure>\n\n\n<figure class=\"wp-block-image size-large repubblica-democratica-del-congo\"><img decoding=\"async\" alt=\"2022 febbraio hicsum 1 congo kavimvira uvira suor jacqueline sorelle santa gemma misericordia spazio spadoni 13\" src=\"https:\/\/spaziospadoni.org\/wp-content\/uploads\/2026\/05\/2022_febbraio_hicsum_1_congo_kavimvira_uvira_suor_jacqueline_sorelle_santa_gemma_misericordia_spazio_spadoni-13.jpeg\"\/><\/figure>\n\n\n<figure class=\"wp-block-image size-large repubblica-democratica-del-congo\"><img decoding=\"async\" alt=\"2022 febbraio hicsum 1 congo kavimvira uvira suor jacqueline sorelle santa gemma misericordia spazio spadoni 14\" src=\"https:\/\/spaziospadoni.org\/wp-content\/uploads\/2026\/05\/2022_febbraio_hicsum_1_congo_kavimvira_uvira_suor_jacqueline_sorelle_santa_gemma_misericordia_spazio_spadoni-14.jpeg\"\/><\/figure>\n\n\n<figure class=\"wp-block-image size-large repubblica-democratica-del-congo\"><img decoding=\"async\" alt=\"2022 febbraio hicsum 1 congo kavimvira uvira suor jacqueline sorelle santa gemma misericordia spazio spadoni 15\" src=\"https:\/\/spaziospadoni.org\/wp-content\/uploads\/2026\/05\/2022_febbraio_hicsum_1_congo_kavimvira_uvira_suor_jacqueline_sorelle_santa_gemma_misericordia_spazio_spadoni-15.jpeg\"\/><\/figure>\n\n\n<figure class=\"wp-block-image size-large repubblica-democratica-del-congo\"><img decoding=\"async\" alt=\"2022 settembre hicsum congo kavimvira suor jacqueline santa gemma dispensario spazio spadoni 1\" src=\"https:\/\/spaziospadoni.org\/wp-content\/uploads\/2026\/05\/2022_settembre_hicsum_congo_kavimvira_suor_jacqueline_santa_gemma_dispensario_spazio_spadoni-1.jpg\"\/><\/figure>\n\n\n<figure class=\"wp-block-image size-large repubblica-democratica-del-congo\"><img decoding=\"async\" alt=\"2022 settembre hicsum congo kavimvira uvira suor jacqueline sorelle mise santa gemma anniversario fondazione spazio spadoni\" src=\"https:\/\/spaziospadoni.org\/wp-content\/uploads\/2026\/05\/2022_settembre_hicsum_congo_kavimvira_uvira_suor_jacqueline_sorelle_mise_santa_gemma_anniversario_fondazione_spazio_spadoni.jpg\"\/><\/figure>\n\n\n<figure class=\"wp-block-image size-large repubblica-democratica-del-congo\"><img decoding=\"async\" alt=\"2023 gennaio hicsum 1 congo kavimvira uvira suor jacqueline sorelle santa gemma mise santa gemma apostolato spazio spadoni 6\" src=\"https:\/\/spaziospadoni.org\/wp-content\/uploads\/2026\/05\/2023_gennaio_hicsum_1_congo_kavimvira_uvira_suor_jacqueline_sorelle_santa_gemma_mise_santa_gemma_apostolato_spazio_spadoni-6.jpeg\"\/><\/figure>\n\n\n<figure class=\"wp-block-image size-large repubblica-democratica-del-congo\"><img decoding=\"async\" alt=\"2023 marzo hicsum 1 congo kavimvira uvira suor jacqueline sorelle santa gemma mise santa gemma spazio spadoni 4\" src=\"https:\/\/spaziospadoni.org\/wp-content\/uploads\/2026\/05\/2023_marzo_hicsum_1_congo_kavimvira_uvira_suor_jacqueline_sorelle_santa_gemma_mise_santa_gemma_spazio_spadoni-4.jpeg\"\/><\/figure>\n\n\n<figure class=\"wp-block-image size-large repubblica-democratica-del-congo\"><img decoding=\"async\" alt=\"2023 gennaio hicsum 1 congo kavimvira uvira suor jacqueline sorelle santa gemma mise santa gemma apostolato spazio spadoni 5\" src=\"https:\/\/spaziospadoni.org\/wp-content\/uploads\/2026\/05\/2023_gennaio_hicsum_1_congo_kavimvira_uvira_suor_jacqueline_sorelle_santa_gemma_mise_santa_gemma_apostolato_spazio_spadoni-5.jpeg\"\/><\/figure>\n\n\n<figure class=\"wp-block-image size-large repubblica-democratica-del-congo\"><img decoding=\"async\" alt=\"2023 gennaio hicsum 1 congo kavimvira uvira suor jacqueline sorelle santa gemma mise santa gemma apostolato spazio spadoni 3\" src=\"https:\/\/spaziospadoni.org\/wp-content\/uploads\/2026\/05\/2023_gennaio_hicsum_1_congo_kavimvira_uvira_suor_jacqueline_sorelle_santa_gemma_mise_santa_gemma_apostolato_spazio_spadoni-3.jpeg\"\/><\/figure>\n\n\n<figure class=\"wp-block-image size-large repubblica-democratica-del-congo\"><img decoding=\"async\" alt=\"2023 aprile hicsum 1 congo kavimvira uvira suor jacqueline sorelle santa gemma mise santa gemma pasqua dei bambini spazio spadoni 8\" src=\"https:\/\/spaziospadoni.org\/wp-content\/uploads\/2026\/05\/2023_aprile_hicsum_1_congo_kavimvira_uvira_suor_jacqueline_sorelle_santa_gemma_mise_santa_gemma_pasqua_dei_bambini_spazio_spadoni-8.jpeg\"\/><\/figure>\n\n\n<figure class=\"wp-block-image size-large repubblica-democratica-del-congo\"><img decoding=\"async\" alt=\"2023 aprile hicsum 1 congo kavimvira uvira suor jacqueline sorelle santa gemma mise santa gemma pasqua dei bambini spazio spadoni 2\" src=\"https:\/\/spaziospadoni.org\/wp-content\/uploads\/2026\/05\/2023_aprile_hicsum_1_congo_kavimvira_uvira_suor_jacqueline_sorelle_santa_gemma_mise_santa_gemma_pasqua_dei_bambini_spazio_spadoni-2.jpeg\"\/><\/figure>\n\n\n<figure class=\"wp-block-image size-large repubblica-democratica-del-congo viaggio-paolo-2022\"><img decoding=\"async\" alt=\"2022 novembre congo kavimvira sr jacqueline santa gemma malnutrizione spazio spadoni 9 2\" src=\"https:\/\/spaziospadoni.org\/wp-content\/uploads\/2026\/05\/2022_novembre_congo_kavimvira_sr_jacqueline_santa_gemma_malnutrizione_spazio_spadoni-9-2.jpeg\"\/><\/figure>\n\n\n<figure class=\"wp-block-image size-large repubblica-democratica-del-congo viaggio-paolo-2022\"><img decoding=\"async\" alt=\"2022 ottobre hicsum congo kavimvira suor jacqueline professione suore spazio spadoni 22 1\" src=\"https:\/\/spaziospadoni.org\/wp-content\/uploads\/2026\/05\/2022_ottobre_hicsum_congo_kavimvira_suor_jacqueline_professione_suore_spazio_spadoni-22-1.jpeg\"\/><\/figure>\n\n\n<figure class=\"wp-block-image size-large repubblica-democratica-del-congo viaggio-paolo-2022\"><img decoding=\"async\" alt=\"2022 ottobre hicsum congo kavimvira sr jacqueline accoglienza spazio spadoni 10 1\" src=\"https:\/\/spaziospadoni.org\/wp-content\/uploads\/2026\/05\/2022_ottobre_hicsum_congo_kavimvira_sr_jacqueline_accoglienza_spazio_spadoni-10-1.jpeg\"\/><\/figure>\n\n\n<figure class=\"wp-block-image size-large viaggio-paolo-2022\"><img decoding=\"async\" alt=\"Timeline primo viaggio paolo F paolo copia 281x300\" src=\"https:\/\/spaziospadoni.org\/wp-content\/uploads\/2026\/05\/Timeline-primo-viaggio-paolo-F-paolo-copia-281x300.jpg\"\/><\/figure>\n\n\n<figure class=\"wp-block-image size-large viaggio-paolo-2022\"><img decoding=\"async\" alt=\"2022 ottobre hicsum italia suor jacqueline viaggio paolo mandato spazio spadoni 5\" src=\"https:\/\/spaziospadoni.org\/wp-content\/uploads\/2026\/05\/2022_ottobre_hicsum_italia_suor_jacqueline_viaggio_paolo_mandato_spazio_spadoni-5.jpeg\"\/><\/figure>\n\n\n<figure class=\"wp-block-image size-large viaggio-paolo-2022\"><img decoding=\"async\" alt=\"Timeline secondo viaggio paolo F paolo copia 240x300\" src=\"https:\/\/spaziospadoni.org\/wp-content\/uploads\/2026\/05\/Timeline-secondo-viaggio-paolo-F-paolo-copia-240x300.jpg\"\/><\/figure>\n\n\n<figure class=\"wp-block-image size-large repubblica-democratica-del-congo viaggio-paolo-2022\"><img decoding=\"async\" alt=\"2022 ottobre hicsum congo kavimvira sr jacqueline accoglienza spazio spadoni 5\" src=\"https:\/\/spaziospadoni.org\/wp-content\/uploads\/2026\/05\/2022_ottobre_hicsum_congo_kavimvira_sr_jacqueline_accoglienza_spazio_spadoni-5.jpeg\"\/><\/figure>\n\n\n<figure class=\"wp-block-image size-large repubblica-democratica-del-congo viaggio-paolo-2022\"><img decoding=\"async\" alt=\"2022 ottobre hicsum congo kavimvira sr jacqueline accoglienza spazio spadoni 11\" src=\"https:\/\/spaziospadoni.org\/wp-content\/uploads\/2026\/05\/2022_ottobre_hicsum_congo_kavimvira_sr_jacqueline_accoglienza_spazio_spadoni-11.jpeg\"\/><\/figure>\n\n\n<figure class=\"wp-block-image size-large repubblica-democratica-del-congo viaggio-paolo-2022\"><img decoding=\"async\" alt=\"2022 ottobre hicsum 1 italia lucca suor jacqueline viaggio paolo spazio spadoni 6\" src=\"https:\/\/spaziospadoni.org\/wp-content\/uploads\/2026\/05\/2022_ottobre_hicsum_1_italia_lucca_suor_jacqueline_viaggio_paolo_spazio_spadoni-6.jpeg\"\/><\/figure>\n\n\n<figure class=\"wp-block-image size-large repubblica-democratica-del-congo viaggio-paolo-2022\"><img decoding=\"async\" alt=\"2022 ottobre hicsum 1 congo kavimvira suor jacqueline progetto spazio spadoni 10\" src=\"https:\/\/spaziospadoni.org\/wp-content\/uploads\/2026\/05\/2022_ottobre_hicsum_1_congo_kavimvira_suor_jacqueline_progetto_spazio_spadoni-10.jpeg\"\/><\/figure>\n\n\n<figure class=\"wp-block-image size-large repubblica-democratica-del-congo viaggio-paolo-2022\"><img decoding=\"async\" alt=\"2022 ottobre hicsum 1 congo kavimvira suor jacqueline progetto spazio spadoni 3\" src=\"https:\/\/spaziospadoni.org\/wp-content\/uploads\/2026\/05\/2022_ottobre_hicsum_1_congo_kavimvira_suor_jacqueline_progetto_spazio_spadoni-3.jpeg\"\/><\/figure>\n\n\n<figure class=\"wp-block-image size-large repubblica-democratica-del-congo viaggio-paolo-2022\"><img decoding=\"async\" alt=\"2022 ottobre hicsum 1 congo kavimvira suor jacqueline misericordia spazio spadoni 13\" src=\"https:\/\/spaziospadoni.org\/wp-content\/uploads\/2026\/05\/2022_ottobre_hicsum_1_congo_kavimvira_suor_jacqueline_misericordia_spazio_spadoni-13.jpeg\"\/><\/figure>\n\n\n<figure class=\"wp-block-image size-large repubblica-democratica-del-congo viaggio-paolo-2022\"><img decoding=\"async\" alt=\"2022 ottobre hicsum 1 congo kavimvira suor jacqueline misericordia spazio spadoni 2\" src=\"https:\/\/spaziospadoni.org\/wp-content\/uploads\/2026\/05\/2022_ottobre_hicsum_1_congo_kavimvira_suor_jacqueline_misericordia_spazio_spadoni-2.jpeg\"\/><\/figure>\n\n\n<figure class=\"wp-block-image size-large repubblica-democratica-del-congo viaggio-paolo-2022\"><img decoding=\"async\" alt=\"2022 ottobre hicsum 1 congo kavimvira suor jacqueline celebrazione spazio spadoni 6\" src=\"https:\/\/spaziospadoni.org\/wp-content\/uploads\/2026\/05\/2022_ottobre_hicsum_1_congo_kavimvira_suor_jacqueline_celebrazione_spazio_spadoni-6.jpeg\"\/><\/figure>\n\n\n<figure class=\"wp-block-image size-large repubblica-democratica-del-congo viaggio-paolo-2022\"><img decoding=\"async\" alt=\"2022 ottobre hicsum 1 congo kavimvira suor jacqueline celebrazione spazio spadoni 5\" src=\"https:\/\/spaziospadoni.org\/wp-content\/uploads\/2026\/05\/2022_ottobre_hicsum_1_congo_kavimvira_suor_jacqueline_celebrazione_spazio_spadoni-5.jpeg\"\/><\/figure>\n\n\n<figure class=\"wp-block-image size-large viaggio-paolo-2022\"><img decoding=\"async\" alt=\"2022 novembre italia santa gemma testimonianza misericordia spazio spadoni 7\" src=\"https:\/\/spaziospadoni.org\/wp-content\/uploads\/2026\/05\/2022_novembre_italia_santa_gemma_testimonianza_misericordia_spazio_spadoni-7.jpeg\"\/><\/figure>\n\n\n<figure class=\"wp-block-image size-large viaggio-paolo-2022\"><img decoding=\"async\" alt=\"2022 novembre italia santa gemma testimonianza misericordia spazio spadoni 14\" src=\"https:\/\/spaziospadoni.org\/wp-content\/uploads\/2026\/05\/2022_novembre_italia_santa_gemma_testimonianza_misericordia_spazio_spadoni-14.jpeg\"\/><\/figure>\n\n\n<figure class=\"wp-block-image size-large viaggio-paolo-2022\"><img decoding=\"async\" alt=\"2022 novembre italia santa gemma testimonianza misericordia spazio spadoni 16\" src=\"https:\/\/spaziospadoni.org\/wp-content\/uploads\/2026\/05\/2022_novembre_italia_santa_gemma_testimonianza_misericordia_spazio_spadoni-16.jpeg\"\/><\/figure>\n\n\n<figure class=\"wp-block-image size-large repubblica-democratica-del-congo viaggio-paolo-2022\"><img decoding=\"async\" alt=\"2022 ottobre hicsum 1 congo kavimvira suor jacqueline celebrazione spazio spadoni 2\" src=\"https:\/\/spaziospadoni.org\/wp-content\/uploads\/2026\/05\/2022_ottobre_hicsum_1_congo_kavimvira_suor_jacqueline_celebrazione_spazio_spadoni-2.jpeg\"\/><\/figure>\n\n\n<figure class=\"wp-block-image size-large repubblica-democratica-del-congo viaggio-paolo-2022\"><img decoding=\"async\" alt=\"Timeline dove ci sono poche foto mettere spilla su F copia 295x300\" src=\"https:\/\/spaziospadoni.org\/wp-content\/uploads\/2026\/05\/Timeline-dove-ci-sono-poche-foto-mettere-spilla-su-F-copia-295x300.jpg\"\/><\/figure>\n\n\n<figure class=\"wp-block-image size-large viaggio-paolo-2022\"><img decoding=\"async\" alt=\"2022 novembre italia santa gemma testimonianza misericordia spazio spadoni 5\" src=\"https:\/\/spaziospadoni.org\/wp-content\/uploads\/2026\/05\/2022_novembre_italia_santa_gemma_testimonianza_misericordia_spazio_spadoni-5.jpeg\"\/><\/figure>\n\n\n<figure class=\"wp-block-image size-large viaggio-paolo-2022\"><img decoding=\"async\" alt=\"2022 novembre italia santa gemma testimonianza misericordia spazio spadoni 3\" src=\"https:\/\/spaziospadoni.org\/wp-content\/uploads\/2026\/05\/2022_novembre_italia_santa_gemma_testimonianza_misericordia_spazio_spadoni-3.jpeg\"\/><\/figure>\n\n\n<figure class=\"wp-block-image size-large viaggio-paolo-2022\"><img decoding=\"async\" alt=\"2022 novembre italia santa gemma testimonianza misericordia spazio spadoni 1\" src=\"https:\/\/spaziospadoni.org\/wp-content\/uploads\/2026\/05\/2022_novembre_italia_santa_gemma_testimonianza_misericordia_spazio_spadoni-1.jpeg\"\/><\/figure>\n\n\n<figure class=\"wp-block-image size-large repubblica-democratica-del-congo viaggio-paolo-2022\"><img decoding=\"async\" alt=\"Timeline reclutamento volontari F sparsi copia 300x146\" src=\"https:\/\/spaziospadoni.org\/wp-content\/uploads\/2026\/05\/Timeline-reclutamento-volontari-F-sparsi-copia-300x146.jpg\"\/><\/figure>\n\n\n<figure class=\"wp-block-image size-large repubblica-democratica-del-congo viaggio-paolo-2022\"><img decoding=\"async\" alt=\"Timeline reclutamento volontari F a tutti e due copia 264x300\" src=\"https:\/\/spaziospadoni.org\/wp-content\/uploads\/2026\/05\/Timeline-reclutamento-volontari-F-a-tutti-e-due-copia-264x300.jpg\"\/><\/figure>\n\n\n<figure class=\"wp-block-image size-large repubblica-democratica-del-congo viaggio-paolo-2022\"><img decoding=\"async\" alt=\"2022 novembre congo sr jacqueline piccole figlie sacro cuore spazio spadoni 5\" src=\"https:\/\/spaziospadoni.org\/wp-content\/uploads\/2026\/05\/2022_novembre_congo_sr_jacqueline_piccole_figlie_sacro_cuore_spazio_spadoni-5.jpeg\"\/><\/figure>\n\n\n<figure class=\"wp-block-image size-large repubblica-democratica-del-congo viaggio-paolo-2022\"><img decoding=\"async\" alt=\"2022 novembre congo uvira viaggio paolo visitare prigionieri 1\" src=\"https:\/\/spaziospadoni.org\/wp-content\/uploads\/2026\/05\/2022_novembre_congo_uvira_viaggio_paolo_visitare_prigionieri-1.jpeg\"\/><\/figure>\n\n\n<figure class=\"wp-block-image size-large repubblica-democratica-del-congo viaggio-paolo-2022\"><img decoding=\"async\" alt=\"2022 novembre congo uvira viaggio paolo visitare prigionieri 2\" src=\"https:\/\/spaziospadoni.org\/wp-content\/uploads\/2026\/05\/2022_novembre_congo_uvira_viaggio_paolo_visitare_prigionieri-2.jpeg\"\/><\/figure>\n\n\n<figure class=\"wp-block-image size-large repubblica-democratica-del-congo viaggio-paolo-2022\"><img decoding=\"async\" alt=\"2022 novembre congo kavimvira sr jacqueline visitare prigionieri spazio spadoni 6\" src=\"https:\/\/spaziospadoni.org\/wp-content\/uploads\/2026\/05\/2022_novembre_congo_kavimvira_sr_jacqueline_visitare_prigionieri_spazio_spadoni-6.jpeg\"\/><\/figure>\n\n\n<figure class=\"wp-block-image size-large repubblica-democratica-del-congo viaggio-paolo-2022\"><img decoding=\"async\" alt=\"2022 novembre congo kavimvira sr jacqueline visitare prigionieri spazio spadoni 1\" src=\"https:\/\/spaziospadoni.org\/wp-content\/uploads\/2026\/05\/2022_novembre_congo_kavimvira_sr_jacqueline_visitare_prigionieri_spazio_spadoni-1.jpeg\"\/><\/figure>\n\n\n<figure class=\"wp-block-image size-large repubblica-democratica-del-congo viaggio-paolo-2022\"><img decoding=\"async\" alt=\"2022 novembre congo kavimvira sr jacqueline viaggio paolo apostolato misericordia spazio spadon\" src=\"https:\/\/spaziospadoni.org\/wp-content\/uploads\/2026\/05\/2022_novembre_congo_kavimvira_sr_jacqueline_viaggio_paolo_apostolato_misericordia_spazio_spadon.jpeg\"\/><\/figure>\n\n\n<figure class=\"wp-block-image size-large repubblica-democratica-del-congo viaggio-paolo-2022\"><img decoding=\"async\" alt=\"2022 novembre congo kavimvira sr jacqueline viaggio catechismo spazio spadoni 2\" src=\"https:\/\/spaziospadoni.org\/wp-content\/uploads\/2026\/05\/2022_novembre_congo_kavimvira_sr_jacqueline_viaggio_catechismo_spazio_spadoni-2.jpeg\"\/><\/figure>\n\n\n<figure class=\"wp-block-image size-large repubblica-democratica-del-congo viaggio-paolo-2022\"><img decoding=\"async\" alt=\"2022 novembre congo kavimvira sr jacqueline santa gemma volontari spazio spadoni 9\" src=\"https:\/\/spaziospadoni.org\/wp-content\/uploads\/2026\/05\/2022_novembre_congo_kavimvira_sr_jacqueline_santa_gemma_volontari_spazio_spadoni-9.jpeg\"\/><\/figure>\n\n\n<figure class=\"wp-block-image size-large repubblica-democratica-del-congo viaggio-paolo-2022\"><img decoding=\"async\" alt=\"2022 novembre congo kavimvira sr jacqueline santa gemma volontari spazio spadoni 7\" src=\"https:\/\/spaziospadoni.org\/wp-content\/uploads\/2026\/05\/2022_novembre_congo_kavimvira_sr_jacqueline_santa_gemma_volontari_spazio_spadoni-7.jpeg\"\/><\/figure>\n\n\n<figure class=\"wp-block-image size-large repubblica-democratica-del-congo viaggio-paolo-2022\"><img decoding=\"async\" alt=\"2022 novembre congo kavimvira sr jacqueline santa gemma volontari spazio spadoni 4\" src=\"https:\/\/spaziospadoni.org\/wp-content\/uploads\/2026\/05\/2022_novembre_congo_kavimvira_sr_jacqueline_santa_gemma_volontari_spazio_spadoni-4.jpeg\"\/><\/figure>\n\n\n<figure class=\"wp-block-image size-large repubblica-democratica-del-congo viaggio-paolo-2022\"><img decoding=\"async\" alt=\"2022 novembre congo kavimvira sr jacqueline santa gemma volontari spazio spadoni 3\" src=\"https:\/\/spaziospadoni.org\/wp-content\/uploads\/2026\/05\/2022_novembre_congo_kavimvira_sr_jacqueline_santa_gemma_volontari_spazio_spadoni-3.jpeg\"\/><\/figure>\n\n\n<figure class=\"wp-block-image size-large repubblica-democratica-del-congo viaggio-paolo-2022\"><img decoding=\"async\" alt=\"2022 novembre congo kavimvira sr jacqueline riunione volontari spazio spadoni 9\" src=\"https:\/\/spaziospadoni.org\/wp-content\/uploads\/2026\/05\/2022_novembre_congo_kavimvira_sr_jacqueline_riunione_volontari_spazio_spadoni-9.jpeg\"\/><\/figure>\n\n\n<figure class=\"wp-block-image size-large repubblica-democratica-del-congo viaggio-paolo-2022\"><img decoding=\"async\" alt=\"2022 novembre congo kavimvira sr jacqueline santa gemma malnutrizione spazio spadoni 6\" src=\"https:\/\/spaziospadoni.org\/wp-content\/uploads\/2026\/05\/2022_novembre_congo_kavimvira_sr_jacqueline_santa_gemma_malnutrizione_spazio_spadoni-6.jpeg\"\/><\/figure>\n\n\n<figure class=\"wp-block-image size-large repubblica-democratica-del-congo viaggio-paolo-2022\"><img decoding=\"async\" alt=\"2022 novembre congo kavimvira sr jacqueline santa gemma malnutrizione spazio spadoni 8\" src=\"https:\/\/spaziospadoni.org\/wp-content\/uploads\/2026\/05\/2022_novembre_congo_kavimvira_sr_jacqueline_santa_gemma_malnutrizione_spazio_spadoni-8.jpeg\"\/><\/figure>\n\n\n<figure class=\"wp-block-image size-large repubblica-democratica-del-congo viaggio-paolo-2022\"><img decoding=\"async\" alt=\"2022 novembre congo kavimvira sr jacqueline santa gemma volontari spazio spadoni 1\" src=\"https:\/\/spaziospadoni.org\/wp-content\/uploads\/2026\/05\/2022_novembre_congo_kavimvira_sr_jacqueline_santa_gemma_volontari_spazio_spadoni-1.jpeg\"\/><\/figure>\n\n\n<figure class=\"wp-block-image size-large repubblica-democratica-del-congo viaggio-paolo-2022\"><img decoding=\"async\" alt=\"Timeline primo viaggio paolo F paolo suora donna a destra in pp copia 300x138\" src=\"https:\/\/spaziospadoni.org\/wp-content\/uploads\/2026\/05\/Timeline-primo-viaggio-paolo-F-paolo-suora-donna-a-destra-in-pp-copia-300x138.jpg\"\/><\/figure>\n\n\n<figure class=\"wp-block-image size-large repubblica-democratica-del-congo viaggio-paolo-2022\"><img decoding=\"async\" alt=\"2022 novembre congo kavimvira sr jacqueline ritorno santa gemma spazio spadoni 5\" src=\"https:\/\/spaziospadoni.org\/wp-content\/uploads\/2026\/05\/2022_novembre_congo_kavimvira_sr_jacqueline_ritorno_santa_gemma_spazio_spadoni-5.jpeg\"\/><\/figure>\n\n\n<figure class=\"wp-block-image size-large viaggio-paolo-2022\"><img decoding=\"async\" alt=\"2022 novembre congo kavimvira sr jacqueline report misericordia spazio spadoni 1\" src=\"https:\/\/spaziospadoni.org\/wp-content\/uploads\/2026\/05\/2022_novembre_congo_kavimvira_sr_jacqueline_report_misericordia_spazio_spadoni-1.jpeg\"\/><\/figure>\n\n\n<figure class=\"wp-block-image size-large viaggio-paolo-2022\"><img decoding=\"async\" alt=\"2022 novembre congo kavimvira sr jacqueline malnutrizione dispensario spazio spadoni 6\" src=\"https:\/\/spaziospadoni.org\/wp-content\/uploads\/2026\/05\/2022_novembre_congo_kavimvira_sr_jacqueline_malnutrizione_dispensario_spazio_spadoni-6.jpeg\"\/><\/figure>\n\n\n<figure class=\"wp-block-image size-large viaggio-paolo-2022\"><img decoding=\"async\" alt=\"2022 novembre congo kavimvira sr jacqueline malnutrizione dispensario spazio spadoni\" src=\"https:\/\/spaziospadoni.org\/wp-content\/uploads\/2026\/05\/2022_novembre_congo_kavimvira_sr_jacqueline_malnutrizione_dispensario_spazio_spadoni-.jpeg\"\/><\/figure>\n\n\n<figure class=\"wp-block-image size-large viaggio-paolo-2022\"><img decoding=\"async\" alt=\"2022 novembre congo kavimvira sr jacqueline paolo costruzione casa spazio spadoni 1\" src=\"https:\/\/spaziospadoni.org\/wp-content\/uploads\/2026\/05\/2022_novembre_congo_kavimvira_sr_jacqueline_paolo_costruzione_casa_spazio_spadoni-1.jpeg\"\/><\/figure>\n\n\n<figure class=\"wp-block-image size-large viaggio-paolo-2022\"><img decoding=\"async\" alt=\"2022 novembre congo kavimvira sr jacqueline paolo costruzione casa spazio spadoni 2\" src=\"https:\/\/spaziospadoni.org\/wp-content\/uploads\/2026\/05\/2022_novembre_congo_kavimvira_sr_jacqueline_paolo_costruzione_casa_spazio_spadoni-2.jpeg\"\/><\/figure>\n\n\n<figure class=\"wp-block-image size-large viaggio-paolo-2022\"><img decoding=\"async\" alt=\"2022 novembre congo kavimvira sr jacqueline paolo costruzione casa spazio spadoni 3\" src=\"https:\/\/spaziospadoni.org\/wp-content\/uploads\/2026\/05\/2022_novembre_congo_kavimvira_sr_jacqueline_paolo_costruzione_casa_spazio_spadoni-3.jpeg\"\/><\/figure>\n\n\n<figure class=\"wp-block-image size-large viaggio-paolo-2022\"><img decoding=\"async\" alt=\"2022 novembre congo kavimvira sr jacqueline famiglia congolese spazio spadoni 10\" src=\"https:\/\/spaziospadoni.org\/wp-content\/uploads\/2026\/05\/2022_novembre_congo_kavimvira_sr_jacqueline_famiglia_congolese_spazio_spadoni-10.jpeg\"\/><\/figure>\n\n\n<figure class=\"wp-block-image size-large viaggio-paolo-2022\"><img decoding=\"async\" alt=\"2022 novembre congo kavimvira sr jacqueline bambini malnutriti spazio spadoni 11\" src=\"https:\/\/spaziospadoni.org\/wp-content\/uploads\/2026\/05\/2022_novembre_congo_kavimvira_sr_jacqueline_bambini_malnutriti_spazio_spadoni-11.jpeg\"\/><\/figure>\n\n\n<figure class=\"wp-block-image size-large viaggio-paolo-2022\"><img decoding=\"async\" alt=\"2022 novembre congo kavimvira sr jacqueline bambini malnutriti spazio spadoni 10\" src=\"https:\/\/spaziospadoni.org\/wp-content\/uploads\/2026\/05\/2022_novembre_congo_kavimvira_sr_jacqueline_bambini_malnutriti_spazio_spadoni-10.jpeg\"\/><\/figure>\n\n\n<figure class=\"wp-block-image size-large viaggio-paolo-2022\"><img decoding=\"async\" alt=\"2022 novembr congo kavimvira sr jacqueline santa gemma apostolato spazio spadoni 21\" src=\"https:\/\/spaziospadoni.org\/wp-content\/uploads\/2026\/05\/2022_novembr_congo_kavimvira_sr_jacqueline_santa_gemma_apostolato_spazio_spadoni-21.jpeg\"\/><\/figure>\n\n\n<figure class=\"wp-block-image size-large viaggio-paolo-2022\"><img decoding=\"async\" alt=\"2022 novembr congo kavimvira sr jacqueline santa gemma apostolato spazio spadoni 22\" src=\"https:\/\/spaziospadoni.org\/wp-content\/uploads\/2026\/05\/2022_novembr_congo_kavimvira_sr_jacqueline_santa_gemma_apostolato_spazio_spadoni-22.jpeg\"\/><\/figure>\n\n\n<figure class=\"wp-block-image size-large viaggio-paolo-2022\"><img decoding=\"async\" alt=\"2022 novembre congo kavimvira sr jacqueline bambini malnutriti spazio spadoni 1\" src=\"https:\/\/spaziospadoni.org\/wp-content\/uploads\/2026\/05\/2022_novembre_congo_kavimvira_sr_jacqueline_bambini_malnutriti_spazio_spadoni-1.jpeg\"\/><\/figure>\n\n\n<figure class=\"wp-block-image size-large viaggio-paolo-2022\"><img decoding=\"async\" alt=\"2022 novembre congo kavimvira sr jacqueline bambini malnutriti spazio spadoni 4\" src=\"https:\/\/spaziospadoni.org\/wp-content\/uploads\/2026\/05\/2022_novembre_congo_kavimvira_sr_jacqueline_bambini_malnutriti_spazio_spadoni-4.jpeg\"\/><\/figure>\n\n\n<figure class=\"wp-block-image size-large viaggio-paolo-2022\"><img decoding=\"async\" alt=\"2022 novembre congo kavimvira sr jacqueline bambini malnutriti spazio spadoni 5\" src=\"https:\/\/spaziospadoni.org\/wp-content\/uploads\/2026\/05\/2022_novembre_congo_kavimvira_sr_jacqueline_bambini_malnutriti_spazio_spadoni-5.jpeg\"\/><\/figure>\n\n\n<figure class=\"wp-block-image size-large viaggio-paolo-2022\"><img decoding=\"async\" alt=\"2022 novembr congo kavimvira sr jacqueline santa gemma apostolato spazio spadoni 19\" src=\"https:\/\/spaziospadoni.org\/wp-content\/uploads\/2026\/05\/2022_novembr_congo_kavimvira_sr_jacqueline_santa_gemma_apostolato_spazio_spadoni-19.jpeg\"\/><\/figure>\n\n\n<figure class=\"wp-block-image size-large viaggio-paolo-2022\"><img decoding=\"async\" alt=\"2022 novembr congo kavimvira sr jacqueline santa gemma apostolato spazio spadoni 18\" src=\"https:\/\/spaziospadoni.org\/wp-content\/uploads\/2026\/05\/2022_novembr_congo_kavimvira_sr_jacqueline_santa_gemma_apostolato_spazio_spadoni-18.jpeg\"\/><\/figure>\n\n\n<figure class=\"wp-block-image size-large viaggio-paolo-2022\"><img decoding=\"async\" alt=\"2022 novembr congo kavimvira sr jacqueline santa gemma apostolato spazio spadoni 17\" src=\"https:\/\/spaziospadoni.org\/wp-content\/uploads\/2026\/05\/2022_novembr_congo_kavimvira_sr_jacqueline_santa_gemma_apostolato_spazio_spadoni-17.jpeg\"\/><\/figure>\n\n\n<figure class=\"wp-block-image size-large viaggio-paolo-2022\"><img decoding=\"async\" alt=\"2022 novembr congo kavimvira sr jacqueline santa gemma apostolato spazio spadoni 15\" src=\"https:\/\/spaziospadoni.org\/wp-content\/uploads\/2026\/05\/2022_novembr_congo_kavimvira_sr_jacqueline_santa_gemma_apostolato_spazio_spadoni-15.jpeg\"\/><\/figure>\n\n\n<figure class=\"wp-block-image size-large viaggio-paolo-2022\"><img decoding=\"async\" alt=\"2022 novembr congo kavimvira sr jacqueline santa gemma apostolato spazio spadoni 12\" src=\"https:\/\/spaziospadoni.org\/wp-content\/uploads\/2026\/05\/2022_novembr_congo_kavimvira_sr_jacqueline_santa_gemma_apostolato_spazio_spadoni-12.jpeg\"\/><\/figure>\n\n\n<figure class=\"wp-block-image size-large viaggio-paolo-2022\"><img decoding=\"async\" alt=\"2022 novembr congo kavimvira sr jacqueline santa gemma apostolato spazio spadoni 7\" src=\"https:\/\/spaziospadoni.org\/wp-content\/uploads\/2026\/05\/2022_novembr_congo_kavimvira_sr_jacqueline_santa_gemma_apostolato_spazio_spadoni-7.jpeg\"\/><\/figure>\n\n\n<figure class=\"wp-block-image size-large viaggio-paolo-2022\"><img decoding=\"async\" alt=\"2022 novembr congo kavimvira sr jacqueline santa gemma apostolato spazio spadoni 8\" src=\"https:\/\/spaziospadoni.org\/wp-content\/uploads\/2026\/05\/2022_novembr_congo_kavimvira_sr_jacqueline_santa_gemma_apostolato_spazio_spadoni-8.jpeg\"\/><\/figure>\n\n\n<figure class=\"wp-block-image size-large viaggio-paolo-2022\"><img decoding=\"async\" alt=\"Foto progetto F suora copia 300x295\" src=\"https:\/\/spaziospadoni.org\/wp-content\/uploads\/2026\/05\/Foto-progetto-F-suora-copia-300x295.jpg\"\/><\/figure>\n\n\n<figure class=\"wp-block-image size-large viaggio-paolo-2022\"><img decoding=\"async\" alt=\"2022 novembr congo kavimvira sr jacqueline santa gemma apostolato spazio spadoni 11\" src=\"https:\/\/spaziospadoni.org\/wp-content\/uploads\/2026\/05\/2022_novembr_congo_kavimvira_sr_jacqueline_santa_gemma_apostolato_spazio_spadoni-11.jpeg\"\/><\/figure>\n\n\n<figure class=\"wp-block-image size-large viaggio-paolo-2022\"><img decoding=\"async\" alt=\"2022 novembr congo kavimvira sr jacqueline santa gemma apostolato spazio spadoni 6\" src=\"https:\/\/spaziospadoni.org\/wp-content\/uploads\/2026\/05\/2022_novembr_congo_kavimvira_sr_jacqueline_santa_gemma_apostolato_spazio_spadoni-6.jpeg\"\/><\/figure>\n\n\n<figure class=\"wp-block-image size-large viaggio-paolo-2022\"><img decoding=\"async\" alt=\"2022 novembr congo kavimvira sr jacqueline santa gemma apostolato spazio spadoni 4\" src=\"https:\/\/spaziospadoni.org\/wp-content\/uploads\/2026\/05\/2022_novembr_congo_kavimvira_sr_jacqueline_santa_gemma_apostolato_spazio_spadoni-4.jpeg\"\/><\/figure>\n\n\n<figure class=\"wp-block-image size-large viaggio-paolo-2022\"><img decoding=\"async\" alt=\"2022 novembr congo kavimvira sr jacqueline santa gemma apostolato spazio spadoni 3\" src=\"https:\/\/spaziospadoni.org\/wp-content\/uploads\/2026\/05\/2022_novembr_congo_kavimvira_sr_jacqueline_santa_gemma_apostolato_spazio_spadoni-3.jpeg\"\/><\/figure>\n\n\n<figure class=\"wp-block-image size-large viaggio-paolo-2022\"><img decoding=\"async\" alt=\"Timeline primo viaggio paolo F tutti copia 235x300\" src=\"https:\/\/spaziospadoni.org\/wp-content\/uploads\/2026\/05\/Timeline-primo-viaggio-paolo-F-tutti-copia-235x300.jpg\"\/><\/figure>\n\n\n<figure class=\"wp-block-image size-large viaggio-paolo-2023\"><img decoding=\"async\" alt=\"2023 aprile hicsum 1 congo kavimvira suor jacqueline santa gemma saluto spazio spadoni 1\" src=\"https:\/\/spaziospadoni.org\/wp-content\/uploads\/2026\/05\/2023_aprile_hicsum_1_congo_kavimvira_suor_jacqueline_santa_gemma_saluto_spazio_spadoni-1.jpeg\"\/><\/figure>\n\n\n<figure class=\"wp-block-image size-large viaggio-paolo-2023\"><img decoding=\"async\" alt=\"2023 aprile hicsum 1 congo kavimvira suor jacqueline santa gemma saluto spazio spadoni 4\" src=\"https:\/\/spaziospadoni.org\/wp-content\/uploads\/2026\/05\/2023_aprile_hicsum_1_congo_kavimvira_suor_jacqueline_santa_gemma_saluto_spazio_spadoni-4.jpeg\"\/><\/figure>\n\n\n<figure class=\"wp-block-image size-large viaggio-paolo-2023\"><img decoding=\"async\" alt=\"2023 aprile hicsum 1 congo kavimvira suor jacqueline santa gemma saluto spazio spadoni 5\" src=\"https:\/\/spaziospadoni.org\/wp-content\/uploads\/2026\/05\/2023_aprile_hicsum_1_congo_kavimvira_suor_jacqueline_santa_gemma_saluto_spazio_spadoni-5.jpeg\"\/><\/figure>\n\n\n<figure class=\"wp-block-image size-large viaggio-paolo-2023\"><img decoding=\"async\" alt=\"2023 aprile hicsum 1 congo kavimvira suor jacqueline santa gemma saluto spazio spadoni 7\" src=\"https:\/\/spaziospadoni.org\/wp-content\/uploads\/2026\/05\/2023_aprile_hicsum_1_congo_kavimvira_suor_jacqueline_santa_gemma_saluto_spazio_spadoni-7.jpeg\"\/><\/figure>\n\n\n<figure class=\"wp-block-image size-large viaggio-paolo-2023\"><img decoding=\"async\" alt=\"2023 aprile hicsum 1 italia suor jacqueline santa gemma viaggio paolo rientro spazio spadoni\" src=\"https:\/\/spaziospadoni.org\/wp-content\/uploads\/2026\/05\/2023_aprile_hicsum_1_italia_suor_jacqueline_santa_gemma_viaggio_paolo_rientro_spazio_spadoni.jpeg\"\/><\/figure>\n\n\n<figure class=\"wp-block-image size-large viaggio-paolo-2023\"><img decoding=\"async\" alt=\"2023 febbraio hicsum 1 congo kavimvira sr jacqueline santa gemma viaggio paolo servizio parrocchia spazio spadoni 3\" src=\"https:\/\/spaziospadoni.org\/wp-content\/uploads\/2026\/05\/2023_febbraio_hicsum_1_congo_kavimvira_sr_jacqueline_santa_gemma_viaggio_paolo_servizio_parrocchia_spazio_spadoni-3.jpeg\"\/><\/figure>\n\n\n<figure class=\"wp-block-image size-large viaggio-paolo-2023\"><img decoding=\"async\" alt=\"2023 febbraio hicsum 1 congo kavimvira sr jacqueline santa gemma viaggio paolo servizio parrocchia spazio spadoni 5\" src=\"https:\/\/spaziospadoni.org\/wp-content\/uploads\/2026\/05\/2023_febbraio_hicsum_1_congo_kavimvira_sr_jacqueline_santa_gemma_viaggio_paolo_servizio_parrocchia_spazio_spadoni-5.jpeg\"\/><\/figure>\n\n\n<figure class=\"wp-block-image size-large viaggio-paolo-2023\"><img decoding=\"async\" alt=\"2023 febbraio hicsum 1 congo kavimvira sr jacqueline santa gemma viaggio paolo servizio parrocchia spazio spadoni 15\" src=\"https:\/\/spaziospadoni.org\/wp-content\/uploads\/2026\/05\/2023_febbraio_hicsum_1_congo_kavimvira_sr_jacqueline_santa_gemma_viaggio_paolo_servizio_parrocchia_spazio_spadoni-15.jpeg\"\/><\/figure>\n\n\n<figure class=\"wp-block-image size-large viaggio-paolo-2023\"><img decoding=\"async\" alt=\"2023 febbraio hicsum 1 congo kavimvira sr jacqueline sorelle santa gemma mise santa gemma apostolato spazio spadoni 2\" src=\"https:\/\/spaziospadoni.org\/wp-content\/uploads\/2026\/05\/2023_febbraio_hicsum_1_congo_kavimvira_sr_jacqueline_sorelle_santa_gemma_mise_santa_gemma_apostolato_spazio_spadoni-2.jpeg\"\/><\/figure>\n\n\n<figure class=\"wp-block-image size-large viaggio-paolo-2023\"><img decoding=\"async\" alt=\"2023 febbraio hicsum 1 congo kavimvira sr jacqueline sorelle santa gemma mise santa gemma apostolato spazio spadoni 3\" src=\"https:\/\/spaziospadoni.org\/wp-content\/uploads\/2026\/05\/2023_febbraio_hicsum_1_congo_kavimvira_sr_jacqueline_sorelle_santa_gemma_mise_santa_gemma_apostolato_spazio_spadoni-3.jpeg\"\/><\/figure>\n\n\n<figure class=\"wp-block-image size-large viaggio-paolo-2023\"><img decoding=\"async\" alt=\"2023 febbraio hicsum 1 congo kavimvira sr jacqueline sorelle santa gemma mise santa gemma apostolato spazio spadoni 4\" src=\"https:\/\/spaziospadoni.org\/wp-content\/uploads\/2026\/05\/2023_febbraio_hicsum_1_congo_kavimvira_sr_jacqueline_sorelle_santa_gemma_mise_santa_gemma_apostolato_spazio_spadoni-4.jpeg\"\/><\/figure>\n\n\n<figure class=\"wp-block-image size-large viaggio-paolo-2023\"><img decoding=\"async\" alt=\"2023 febbraio hicsum 1 congo kavimvira sr jacqueline sorelle santa gemma mise santa gemma apostolato spazio spadoni 5\" src=\"https:\/\/spaziospadoni.org\/wp-content\/uploads\/2026\/05\/2023_febbraio_hicsum_1_congo_kavimvira_sr_jacqueline_sorelle_santa_gemma_mise_santa_gemma_apostolato_spazio_spadoni-5.jpeg\"\/><\/figure>\n\n\n<figure class=\"wp-block-image size-large viaggio-paolo-2023\"><img decoding=\"async\" alt=\"2023 febbraio hicsum 1 congo kavimvira sr jacqueline sorelle santa gemma mise santa gemma apostolato spazio spadoni 6\" src=\"https:\/\/spaziospadoni.org\/wp-content\/uploads\/2026\/05\/2023_febbraio_hicsum_1_congo_kavimvira_sr_jacqueline_sorelle_santa_gemma_mise_santa_gemma_apostolato_spazio_spadoni-6.jpeg\"\/><\/figure>\n\n\n<figure class=\"wp-block-image size-large viaggio-paolo-2023\"><img decoding=\"async\" alt=\"2023 febbraio hicsum 1 congo kavimvira sr jacqueline sorelle santa gemma mise santa gemma apostolato spazio spadoni 8\" src=\"https:\/\/spaziospadoni.org\/wp-content\/uploads\/2026\/05\/2023_febbraio_hicsum_1_congo_kavimvira_sr_jacqueline_sorelle_santa_gemma_mise_santa_gemma_apostolato_spazio_spadoni-8.jpeg\"\/><\/figure>\n\n\n<figure class=\"wp-block-image size-large viaggio-paolo-2023\"><img decoding=\"async\" alt=\"2023 febbraio hicsum 1 congo kavimvira sr jacqueline sorelle santa gemma mise santa gemma celebrazione spazio spadoni 3\" src=\"https:\/\/spaziospadoni.org\/wp-content\/uploads\/2026\/05\/2023_febbraio_hicsum_1_congo_kavimvira_sr_jacqueline_sorelle_santa_gemma_mise_santa_gemma_celebrazione_spazio_spadoni-3.jpeg\"\/><\/figure>\n\n\n<figure class=\"wp-block-image size-large viaggio-paolo-2023\"><img decoding=\"async\" alt=\"2023 febbraio hicsum 1 congo kavimvira sr jacqueline sorelle santa gemma mise santa gemma celebrazione spazio spadoni 4\" src=\"https:\/\/spaziospadoni.org\/wp-content\/uploads\/2026\/05\/2023_febbraio_hicsum_1_congo_kavimvira_sr_jacqueline_sorelle_santa_gemma_mise_santa_gemma_celebrazione_spazio_spadoni-4.jpeg\"\/><\/figure>\n\n\n<figure class=\"wp-block-image size-large viaggio-paolo-2023\"><img decoding=\"async\" alt=\"2023 febbraio hicsum 1 congo kavimvira sr jacqueline sorelle santa gemma mise santa gemma celebrazione spazio spadoni 5\" src=\"https:\/\/spaziospadoni.org\/wp-content\/uploads\/2026\/05\/2023_febbraio_hicsum_1_congo_kavimvira_sr_jacqueline_sorelle_santa_gemma_mise_santa_gemma_celebrazione_spazio_spadoni-5.jpeg\"\/><\/figure>\n\n\n<figure class=\"wp-block-image size-large viaggio-paolo-2023\"><img decoding=\"async\" alt=\"2023 febbraio hicsum 1 congo kavimvira sr jacqueline sorelle santa gemma mise santa gemma celebrazione spazio spadoni 6\" src=\"https:\/\/spaziospadoni.org\/wp-content\/uploads\/2026\/05\/2023_febbraio_hicsum_1_congo_kavimvira_sr_jacqueline_sorelle_santa_gemma_mise_santa_gemma_celebrazione_spazio_spadoni-6.jpeg\"\/><\/figure>\n\n\n<figure class=\"wp-block-image size-large viaggio-paolo-2023\"><img decoding=\"async\" alt=\"2023 febbraio hicsum 1 congo kavimvira sr jacqueline sorelle santa gemma misericordia casa indigente spazio spadoni 3\" src=\"https:\/\/spaziospadoni.org\/wp-content\/uploads\/2026\/05\/2023_febbraio_hicsum_1_congo_kavimvira_sr_jacqueline_sorelle_santa_gemma_misericordia_casa_indigente_spazio_spadoni-3.jpeg\"\/><\/figure>\n\n\n<figure class=\"wp-block-image size-large viaggio-paolo-2023\"><img decoding=\"async\" alt=\"2023 febbraio hicsum 1 congo kavimvira sr jacqueline sorelle santa gemma misericordia casa indigente spazio spadoni 5\" src=\"https:\/\/spaziospadoni.org\/wp-content\/uploads\/2026\/05\/2023_febbraio_hicsum_1_congo_kavimvira_sr_jacqueline_sorelle_santa_gemma_misericordia_casa_indigente_spazio_spadoni-5.jpeg\"\/><\/figure>\n\n\n<figure class=\"wp-block-image size-large viaggio-paolo-2023\"><img decoding=\"async\" alt=\"2023 febbraio hicsum 1 congo kavimvira sr jacqueline sorelle santa gemma misericordia casa indigente spazio spadoni 12\" src=\"https:\/\/spaziospadoni.org\/wp-content\/uploads\/2026\/05\/2023_febbraio_hicsum_1_congo_kavimvira_sr_jacqueline_sorelle_santa_gemma_misericordia_casa_indigente_spazio_spadoni-12.jpeg\"\/><\/figure>\n\n\n<figure class=\"wp-block-image size-large viaggio-paolo-2023\"><img decoding=\"async\" alt=\"2023 febbraio hicsum 1 congo kavimvira sr jacqueline sorelle santa gemma misericordia riunione volontari spazio spadoni 1 3\" src=\"https:\/\/spaziospadoni.org\/wp-content\/uploads\/2026\/05\/2023_febbraio_hicsum_1_congo_kavimvira_sr_jacqueline_sorelle_santa_gemma_misericordia_riunione_volontari_spazio_spadoni-1-3.jpeg\"\/><\/figure>\n\n\n<figure class=\"wp-block-image size-large viaggio-paolo-2023\"><img decoding=\"async\" alt=\"2023 febbraio hicsum 1 congo suor jacqueline sorelle santa gemma mise santa gemma viaggio paolo spazio spadoni 1\" src=\"https:\/\/spaziospadoni.org\/wp-content\/uploads\/2026\/05\/2023_febbraio_hicsum_1_congo_suor_jacqueline_sorelle_santa_gemma_mise_santa_gemma_viaggio_paolo_spazio_spadoni-1.jpeg\"\/><\/figure>\n\n\n<figure class=\"wp-block-image size-large viaggio-paolo-2023\"><img decoding=\"async\" alt=\"2023 marzo hicsum 1 congo kavimvira sr jacqueline santa gemma casa indigente ingresso spazio spadoni 2\" src=\"https:\/\/spaziospadoni.org\/wp-content\/uploads\/2026\/05\/2023_marzo_hicsum_1_congo_kavimvira_sr_jacqueline_santa_gemma_casa_indigente_ingresso_spazio_spadoni-2.jpeg\"\/><\/figure>\n\n\n<figure class=\"wp-block-image size-large viaggio-paolo-2023\"><img decoding=\"async\" alt=\"2023 marzo hicsum 1 congo kavimvira sr jacqueline santa gemma casa indigente ingresso spazio spadoni 5\" src=\"https:\/\/spaziospadoni.org\/wp-content\/uploads\/2026\/05\/2023_marzo_hicsum_1_congo_kavimvira_sr_jacqueline_santa_gemma_casa_indigente_ingresso_spazio_spadoni-5.jpeg\"\/><\/figure>\n\n\n<figure class=\"wp-block-image size-large viaggio-paolo-2023\"><img decoding=\"async\" alt=\"2023 marzo hicsum 1 congo kavimvira sr jacqueline santa gemma casa indigente ingresso spazio spadoni 12\" src=\"https:\/\/spaziospadoni.org\/wp-content\/uploads\/2026\/05\/2023_marzo_hicsum_1_congo_kavimvira_sr_jacqueline_santa_gemma_casa_indigente_ingresso_spazio_spadoni-12.jpeg\"\/><\/figure>\n\n\n<figure class=\"wp-block-image size-large viaggio-paolo-2023\"><img decoding=\"async\" alt=\"2023 marzo hicsum 1 congo kavimvira sr jacqueline santa gemma costruzione casa indigente spazio spadoni 3\" src=\"https:\/\/spaziospadoni.org\/wp-content\/uploads\/2026\/05\/2023_marzo_hicsum_1_congo_kavimvira_sr_jacqueline_santa_gemma_costruzione_casa_indigente_spazio_spadoni-3.jpeg\"\/><\/figure>\n\n\n<figure class=\"wp-block-image size-large viaggio-paolo-2023\"><img decoding=\"async\" alt=\"2023 marzo hicsum 1 congo kavimvira sr jacqueline santa gemma costruzione casa indigente spazio spadoni 4\" src=\"https:\/\/spaziospadoni.org\/wp-content\/uploads\/2026\/05\/2023_marzo_hicsum_1_congo_kavimvira_sr_jacqueline_santa_gemma_costruzione_casa_indigente_spazio_spadoni-4.jpeg\"\/><\/figure>\n\n\n<figure class=\"wp-block-image size-large viaggio-paolo-2023\"><img decoding=\"async\" alt=\"2023 marzo hicsum 1 congo kavimvira sr jacqueline santa gemma costruzione casa indigente spazio spadoni 13\" src=\"https:\/\/spaziospadoni.org\/wp-content\/uploads\/2026\/05\/2023_marzo_hicsum_1_congo_kavimvira_sr_jacqueline_santa_gemma_costruzione_casa_indigente_spazio_spadoni-13.jpeg\"\/><\/figure>\n\n\n<figure class=\"wp-block-image size-large viaggio-paolo-2023\"><img decoding=\"async\" alt=\"2023 marzo hicsum 1 congo kavimvira sr jacqueline santa gemma costruzione casa misericordia spazio spadoni 2\" src=\"https:\/\/spaziospadoni.org\/wp-content\/uploads\/2026\/05\/2023_marzo_hicsum_1_congo_kavimvira_sr_jacqueline_santa_gemma_costruzione_casa_misericordia_spazio_spadoni-2.jpeg\"\/><\/figure>\n\n\n<figure class=\"wp-block-image size-large viaggio-paolo-2023\"><img decoding=\"async\" alt=\"2023 marzo hicsum 1 congo kavimvira sr jacqueline santa gemma costruzione casa misericordia spazio spadoni 3\" src=\"https:\/\/spaziospadoni.org\/wp-content\/uploads\/2026\/05\/2023_marzo_hicsum_1_congo_kavimvira_sr_jacqueline_santa_gemma_costruzione_casa_misericordia_spazio_spadoni-3.jpeg\"\/><\/figure>\n\n\n<figure class=\"wp-block-image size-large viaggio-paolo-2023\"><img decoding=\"async\" alt=\"2023 marzo hicsum 1 congo kavimvira sr jacqueline santa gemma costruzione casa misericordia spazio spadoni 4\" src=\"https:\/\/spaziospadoni.org\/wp-content\/uploads\/2026\/05\/2023_marzo_hicsum_1_congo_kavimvira_sr_jacqueline_santa_gemma_costruzione_casa_misericordia_spazio_spadoni-4.jpeg\"\/><\/figure>\n\n\n<figure class=\"wp-block-image size-large viaggio-paolo-2023\"><img decoding=\"async\" alt=\"2023 marzo hicsum 1 congo kavimvira sr jacqueline santa gemma costruzione casa misericordia spazio spadoni 5\" src=\"https:\/\/spaziospadoni.org\/wp-content\/uploads\/2026\/05\/2023_marzo_hicsum_1_congo_kavimvira_sr_jacqueline_santa_gemma_costruzione_casa_misericordia_spazio_spadoni-5.jpeg\"\/><\/figure>\n\n\n<figure class=\"wp-block-image size-large viaggio-paolo-2023\"><img decoding=\"async\" alt=\"2023 marzo hicsum 1 congo kavimvira sr jacqueline santa gemma inaugurazione casa indigente spazio spadoni 7\" src=\"https:\/\/spaziospadoni.org\/wp-content\/uploads\/2026\/05\/2023_marzo_hicsum_1_congo_kavimvira_sr_jacqueline_santa_gemma_inaugurazione_casa_indigente_spazio_spadoni-7.jpeg\"\/><\/figure>\n\n\n<figure class=\"wp-block-image size-large viaggio-paolo-2023\"><img decoding=\"async\" alt=\"2023 marzo hicsum 1 congo kavimvira sr jacqueline santa gemma inaugurazione casa indigente spazio spadoni 15\" src=\"https:\/\/spaziospadoni.org\/wp-content\/uploads\/2026\/05\/2023_marzo_hicsum_1_congo_kavimvira_sr_jacqueline_santa_gemma_inaugurazione_casa_indigente_spazio_spadoni-15.jpeg\"\/><\/figure>\n\n\n<figure class=\"wp-block-image size-large viaggio-paolo-2023\"><img decoding=\"async\" alt=\"Timeline secondo viaggio paolo F volontaria 2 copia 135x300\" src=\"https:\/\/spaziospadoni.org\/wp-content\/uploads\/2026\/05\/Timeline-secondo-viaggio-paolo-F-volontaria-2-copia-135x300.jpg\"\/><\/figure>\n\n\n<figure class=\"wp-block-image size-large viaggio-paolo-2023\"><img decoding=\"async\" alt=\"2023 marzo hicsum 1 congo kavimvira sr jacqueline santa gemma inaugurazione casa indigente spazio spadoni 17\" src=\"https:\/\/spaziospadoni.org\/wp-content\/uploads\/2026\/05\/2023_marzo_hicsum_1_congo_kavimvira_sr_jacqueline_santa_gemma_inaugurazione_casa_indigente_spazio_spadoni-17.jpeg\"\/><\/figure>\n\n\n<figure class=\"wp-block-image size-large viaggio-paolo-2023\"><img decoding=\"async\" alt=\"2023 marzo hicsum 1 congo kavimvira sr jacqueline santa gemma inaugurazione casa indigente spazio spadoni 20\" src=\"https:\/\/spaziospadoni.org\/wp-content\/uploads\/2026\/05\/2023_marzo_hicsum_1_congo_kavimvira_sr_jacqueline_santa_gemma_inaugurazione_casa_indigente_spazio_spadoni-20.jpeg\"\/><\/figure>\n\n\n<figure class=\"wp-block-image size-large viaggio-paolo-2023\"><img decoding=\"async\" alt=\"2023 marzo hicsum 1 congo kavimvira sr jacqueline santa gemma inaugurazione casa indigente spazio spadoni 27\" src=\"https:\/\/spaziospadoni.org\/wp-content\/uploads\/2026\/05\/2023_marzo_hicsum_1_congo_kavimvira_sr_jacqueline_santa_gemma_inaugurazione_casa_indigente_spazio_spadoni-27.jpeg\"\/><\/figure>\n\n\n<figure class=\"wp-block-image size-large viaggio-paolo-2023\"><img decoding=\"async\" alt=\"2023 marzo hicsum 1 congo kavimvira sr jacqueline santa gemma misericordia costruzione casa spazio spadoni 2\" src=\"https:\/\/spaziospadoni.org\/wp-content\/uploads\/2026\/05\/2023_marzo_hicsum_1_congo_kavimvira_sr_jacqueline_santa_gemma_misericordia_costruzione_casa_spazio_spadoni-2.jpeg\"\/><\/figure>\n\n\n<figure class=\"wp-block-image size-large viaggio-paolo-2023\"><img decoding=\"async\" alt=\"2023 marzo hicsum 1 congo kavimvira sr jacqueline santa gemma misericordia costruzione casa spazio spadoni 7\" src=\"https:\/\/spaziospadoni.org\/wp-content\/uploads\/2026\/05\/2023_marzo_hicsum_1_congo_kavimvira_sr_jacqueline_santa_gemma_misericordia_costruzione_casa_spazio_spadoni-7.jpeg\"\/><\/figure>\n\n\n<figure class=\"wp-block-image size-large viaggio-paolo-2023\"><img decoding=\"async\" alt=\"2023 marzo hicsum 1 congo kavimvira sr jacqueline santa gemma misericordia costruzione casa spazio spadoni 10\" src=\"https:\/\/spaziospadoni.org\/wp-content\/uploads\/2026\/05\/2023_marzo_hicsum_1_congo_kavimvira_sr_jacqueline_santa_gemma_misericordia_costruzione_casa_spazio_spadoni-10.jpeg\"\/><\/figure>\n\n\n<figure class=\"wp-block-image size-large viaggio-paolo-2023\"><img decoding=\"async\" alt=\"2023 marzo hicsum 1 congo kavimvira sr jacqueline santa gemma misericordia costruzione casa spazio spadoni 14\" src=\"https:\/\/spaziospadoni.org\/wp-content\/uploads\/2026\/05\/2023_marzo_hicsum_1_congo_kavimvira_sr_jacqueline_santa_gemma_misericordia_costruzione_casa_spazio_spadoni-14.jpeg\"\/><\/figure>\n\n\n<figure class=\"wp-block-image size-large viaggio-paolo-2023\"><img decoding=\"async\" alt=\"2023 marzo hicsum 1 congo kavimvira suor jacqueline misercordia santa gemma apostolato spazio spadoni 1\" src=\"https:\/\/spaziospadoni.org\/wp-content\/uploads\/2026\/05\/2023_marzo_hicsum_1_congo_kavimvira_suor_jacqueline_misercordia_santa_gemma_apostolato_spazio_spadoni-1.jpeg\"\/><\/figure>\n\n\n<figure class=\"wp-block-image size-large viaggio-paolo-2023\"><img decoding=\"async\" alt=\"2023 marzo hicsum 1 congo kavimvira suor jacqueline misercordia santa gemma apostolato spazio spadoni 4\" src=\"https:\/\/spaziospadoni.org\/wp-content\/uploads\/2026\/05\/2023_marzo_hicsum_1_congo_kavimvira_suor_jacqueline_misercordia_santa_gemma_apostolato_spazio_spadoni-4.jpeg\"\/><\/figure>\n\n\n<figure class=\"wp-block-image size-large viaggio-paolo-2023\"><img decoding=\"async\" alt=\"2023 marzo hicsum 1 congo suor jacqueline santa gemma villaggio kahororho spazio spadoni 23\" src=\"https:\/\/spaziospadoni.org\/wp-content\/uploads\/2026\/05\/2023_marzo_hicsum_1_congo_suor_jacqueline_santa_gemma_villaggio_kahororho_spazio_spadoni-23.jpeg\"\/><\/figure>\n\n\n<figure class=\"wp-block-image size-large viaggio-paolo-2023\"><img decoding=\"async\" alt=\"2023 marzo hicsum 1 congo kavimvira sr jacqueline santa gemma inaugurazione casa indigente spazio spadoni 25\" src=\"https:\/\/spaziospadoni.org\/wp-content\/uploads\/2026\/05\/2023_marzo_hicsum_1_congo_kavimvira_sr_jacqueline_santa_gemma_inaugurazione_casa_indigente_spazio_spadoni-25.jpeg\"\/><\/figure>\n\n\n<figure class=\"wp-block-image size-large viaggio-paolo-2023\"><img decoding=\"async\" alt=\"2023 marzo hicsum 1 congo kavimvira sr jacqueline santa gemma misericordia costruzione casa spazio spadoni 9\" src=\"https:\/\/spaziospadoni.org\/wp-content\/uploads\/2026\/05\/2023_marzo_hicsum_1_congo_kavimvira_sr_jacqueline_santa_gemma_misericordia_costruzione_casa_spazio_spadoni-9.jpeg\"\/><\/figure>\n\n\n<figure class=\"wp-block-image size-large viaggio-paolo-2023\"><img decoding=\"async\" alt=\"2023 marzo hicsum 1 congo suor jacqueline santa gemma villaggio kahororho spazio spadoni 8\" src=\"https:\/\/spaziospadoni.org\/wp-content\/uploads\/2026\/05\/2023_marzo_hicsum_1_congo_suor_jacqueline_santa_gemma_villaggio_kahororho_spazio_spadoni-8.jpeg\"\/><\/figure>\n\n\n<figure class=\"wp-block-image size-large formazione\"><img decoding=\"async\" alt=\"Timeline inizio rapporto F suora Luigi e Gloriosa copia 2 300x126\" src=\"https:\/\/spaziospadoni.org\/wp-content\/uploads\/2026\/05\/Timeline-inizio-rapporto-F-suora-Luigi-e-Gloriosa-copia-2-300x126.jpg\"\/><\/figure>\n\n\n<figure class=\"wp-block-image size-large repubblica-democratica-del-congo\"><img decoding=\"async\" alt=\"2023 agosto 31 hicsum 1 congo kavimvira suor jacqueline sorelle santa gemma misericordia rappresentanza spazio spadoni 300x225\" src=\"https:\/\/spaziospadoni.org\/wp-content\/uploads\/2026\/05\/2023_agosto_31_hicsum_1_congo_kavimvira_suor_jacqueline_sorelle_santa_gemma_misericordia_rappresentanza_spazio_spadoni-300x225.jpg\"\/><\/figure>\n\n\n<figure class=\"wp-block-image size-large repubblica-democratica-del-congo\"><img decoding=\"async\" alt=\"2023 ottobre hicsum 1 repubblica democratica congo kavimvira suor jacqueline sorelle santa gemma misericordia volontari spazio spadoni 2 225x300\" src=\"https:\/\/spaziospadoni.org\/wp-content\/uploads\/2026\/05\/2023_ottobre_hicsum_1_repubblica_democratica_congo_kavimvira_suor_jacqueline_sorelle_santa_gemma_misericordia_volontari_spazio_spadoni-2-225x300.jpg\"\/><\/figure>\n\n\n<figure class=\"wp-block-image size-large repubblica-democratica-del-congo\"><img decoding=\"async\" alt=\"2023 ottobre hicsum 1 repubblica democratica congo kavimvira suor jacqueline sorelle santa gemma misericordia volontari spazio spadoni 2 225x300\" src=\"https:\/\/spaziospadoni.org\/wp-content\/uploads\/2026\/05\/2023_ottobre_hicsum_1_repubblica_democratica_congo_kavimvira_suor_jacqueline_sorelle_santa_gemma_misericordia_volontari_spazio_spadoni-2-225x300.jpg\"\/><\/figure>\n\n\n<figure class=\"wp-block-image size-large repubblica-democratica-del-congo\"><img decoding=\"async\" alt=\"2023 ottobre hicsum 1 repubblica democratica congo kavimvira suor jacqueline sorelle santa gemma misericordia volontari spazio spadoni 3 300x225\" src=\"https:\/\/spaziospadoni.org\/wp-content\/uploads\/2026\/05\/2023_ottobre_hicsum_1_repubblica_democratica_congo_kavimvira_suor_jacqueline_sorelle_santa_gemma_misericordia_volontari_spazio_spadoni-3-300x225.jpg\"\/><\/figure>\n\n\n<figure class=\"wp-block-image size-large repubblica-democratica-del-congo\"><img decoding=\"async\" alt=\"2023 ottobre hicsum 1 repubblica democratica congo kavimvira suor jacqueline sorelle santa gemma misericordia volontari spazio spadoni 4 225x300\" src=\"https:\/\/spaziospadoni.org\/wp-content\/uploads\/2026\/05\/2023_ottobre_hicsum_1_repubblica_democratica_congo_kavimvira_suor_jacqueline_sorelle_santa_gemma_misericordia_volontari_spazio_spadoni-4-225x300.jpg\"\/><\/figure>\n\n\n<figure class=\"wp-block-image size-large repubblica-democratica-del-congo\"><img decoding=\"async\" alt=\"2023 ottobre hicsum 1 repubblica democratica congo kavimvira suor jacqueline sorelle santa gemma misericordia volontari spazio spadoni2 225x300\" src=\"https:\/\/spaziospadoni.org\/wp-content\/uploads\/2026\/05\/2023_ottobre_hicsum_1_repubblica_democratica_congo_kavimvira_suor_jacqueline_sorelle_santa_gemma_misericordia_volontari_spazio_spadoni2-225x300.jpg\"\/><\/figure>\n\n\n<figure class=\"wp-block-image size-large repubblica-democratica-del-congo\"><img decoding=\"async\" alt=\"2023 ottobre hicsum 1 repubblica democratica congo kavimvira suor jacqueline sorelle santa gemma misericordia volontari spazio spadoni 225x300\" src=\"https:\/\/spaziospadoni.org\/wp-content\/uploads\/2026\/05\/2023_ottobre_hicsum_1_repubblica_democratica_congo_kavimvira_suor_jacqueline_sorelle_santa_gemma_misericordia_volontari_spazio_spadoni-225x300.jpg\"\/><\/figure>\n\n\n<figure class=\"wp-block-image size-large repubblica-democratica-del-congo\"><img decoding=\"async\" alt=\"2023 ottobre hicsum 1 repubblica democratica congo kavimvira suor jacqueline sorelle santa gemma misericordia volontari spazio spadoni consegna foulard selene pera 225x300\" src=\"https:\/\/spaziospadoni.org\/wp-content\/uploads\/2026\/05\/2023_ottobre_hicsum_1_repubblica_democratica_congo_kavimvira_suor_jacqueline_sorelle_santa_gemma_misericordia_volontari_spazio_spadoni_consegna_foulard_selene_pera-225x300.jpg\"\/><\/figure>\n\n\n<figure class=\"wp-block-image size-large formazione\"><img decoding=\"async\" alt=\"2020 settembre italia lucca convento san cerbone inaugurazione spazio spadoni convegno hic sum 1 suor jacqueline luigi 1 300x225\" src=\"https:\/\/spaziospadoni.org\/wp-content\/uploads\/2026\/05\/2020_settembre_italia_lucca_convento_san_cerbone_inaugurazione_spazio_spadoni_convegno_hic_sum_1_suor_jacqueline_luigi-1-300x225.jpg\"\/><\/figure>\n\n\n<figure class=\"wp-block-image size-large formazione\"><img decoding=\"async\" alt=\"2020 settembre italia lucca convento san cerbone inaugurazione spazio spadoni convegno hic sum 1 suor jacqueline luigi 2 225x300\" src=\"https:\/\/spaziospadoni.org\/wp-content\/uploads\/2026\/05\/2020_settembre_italia_lucca_convento_san_cerbone_inaugurazione_spazio_spadoni_convegno_hic_sum_1_suor_jacqueline_luigi-2-225x300.jpg\"\/><\/figure>\n\n\n<figure class=\"wp-block-image size-large formazione\"><img decoding=\"async\" alt=\"2021 maggio italia lucca formazione hic sum 1 3 9 suor jacqueline lizia lazzarino formazione cioccolato spazio spadoni 1 300x225\" src=\"https:\/\/spaziospadoni.org\/wp-content\/uploads\/2026\/05\/2021_maggio_italia_lucca_formazione_hic_sum_1_3_9_suor_jacqueline_lizia_lazzarino_formazione_cioccolato_spazio_spadoni-1-300x225.jpg\"\/><\/figure>\n\n\n<figure class=\"wp-block-image size-large formazione\"><img decoding=\"async\" alt=\"2021 maggio italia lucca formazione hic sum 1 3 9 suor jacqueline lizia lazzarino formazione cioccolato spazio spadoni 2 300x225\" src=\"https:\/\/spaziospadoni.org\/wp-content\/uploads\/2026\/05\/2021_maggio_italia_lucca_formazione_hic_sum_1_3_9_suor_jacqueline_lizia_lazzarino_formazione_cioccolato_spazio_spadoni-2-300x225.jpg\"\/><\/figure>\n\n\n<figure class=\"wp-block-image size-large formazione\"><img decoding=\"async\" alt=\"2021 maggio italia lucca formazione hic sum 1 3 9 suor jacqueline lizia lazzarino formazione cioccolato spazio spadoni 3 225x300\" src=\"https:\/\/spaziospadoni.org\/wp-content\/uploads\/2026\/05\/2021_maggio_italia_lucca_formazione_hic_sum_1_3_9_suor_jacqueline_lizia_lazzarino_formazione_cioccolato_spazio_spadoni-3-225x300.jpg\"\/><\/figure>\n\n\n<figure class=\"wp-block-image size-large repubblica-democratica-del-congo\"><img decoding=\"async\" alt=\"2024 marzo 28 hicsum 1 repubblica democratica congo sorelle santa gemma kavimvira suor jacqueline misericordia giovedi santo volontari pranzo offerto poveri 2 300x225\" src=\"https:\/\/spaziospadoni.org\/wp-content\/uploads\/2026\/05\/2024_marzo_28_hicsum_1_repubblica_democratica_congo_sorelle_santa_gemma_kavimvira_suor_jacqueline_misericordia_giovedi_santo_volontari_pranzo_offerto_poveri-2-300x225.jpg\"\/><\/figure>\n\n\n<figure class=\"wp-block-image size-large repubblica-democratica-del-congo\"><img decoding=\"async\" alt=\"2024 marzo 28 hicsum 1 repubblica democratica congo sorelle santa gemma kavimvira suor jacqueline misericordia giovedi santo volontari pranzo offerto poveri 3 300x225\" src=\"https:\/\/spaziospadoni.org\/wp-content\/uploads\/2026\/05\/2024_marzo_28_hicsum_1_repubblica_democratica_congo_sorelle_santa_gemma_kavimvira_suor_jacqueline_misericordia_giovedi_santo_volontari_pranzo_offerto_poveri-3-300x225.jpg\"\/><\/figure>\n\n\n<figure class=\"wp-block-image size-large repubblica-democratica-del-congo\"><img decoding=\"async\" alt=\"2024 marzo 28 hicsum 1 repubblica democratica congo sorelle santa gemma kavimvira suor jacqueline misericordia giovedi santo volontari pranzo offerto poveri 4 300x169\" src=\"https:\/\/spaziospadoni.org\/wp-content\/uploads\/2026\/05\/2024_marzo_28_hicsum_1_repubblica_democratica_congo_sorelle_santa_gemma_kavimvira_suor_jacqueline_misericordia_giovedi_santo_volontari_pranzo_offerto_poveri-4-300x169.jpg\"\/><\/figure>\n\n\n<figure class=\"wp-block-image size-large repubblica-democratica-del-congo\"><img decoding=\"async\" alt=\"2024 marzo 28 hicsum 1 repubblica democratica congo sorelle santa gemma kavimvira suor jacqueline misericordia giovedi santo volontari pranzo offerto poveri 300x225\" src=\"https:\/\/spaziospadoni.org\/wp-content\/uploads\/2026\/05\/2024_marzo_28_hicsum_1_repubblica_democratica_congo_sorelle_santa_gemma_kavimvira_suor_jacqueline_misericordia_giovedi_santo_volontari_pranzo_offerto_poveri-300x225.jpg\"\/><\/figure>\n\n\n<figure class=\"wp-block-image size-large repubblica-democratica-del-congo\"><img decoding=\"async\" alt=\"2024 marzo 28 hicsum 1 repubblica democratica congo sorelle santa gemma kavimvira suor jacqueline misericordia giovedi santo volontari pranzo offerto poveri 5 300x225\" src=\"https:\/\/spaziospadoni.org\/wp-content\/uploads\/2026\/05\/2024_marzo_28_hicsum_1_repubblica_democratica_congo_sorelle_santa_gemma_kavimvira_suor_jacqueline_misericordia_giovedi_santo_volontari_pranzo_offerto_poveri-5-300x225.jpg\"\/><\/figure>\n\n\n<figure class=\"wp-block-image size-large repubblica-democratica-del-congo\"><img decoding=\"async\" alt=\"2024 marzo 28 hicsum 1 repubblica democratica congo sorelle santa gemma kavimvira suor jacqueline misericordia giovedi santo volontari pranzo offerto poveri 6 300x169\" src=\"https:\/\/spaziospadoni.org\/wp-content\/uploads\/2026\/05\/2024_marzo_28_hicsum_1_repubblica_democratica_congo_sorelle_santa_gemma_kavimvira_suor_jacqueline_misericordia_giovedi_santo_volontari_pranzo_offerto_poveri-6-300x169.jpg\"\/><\/figure>\n\n\n<figure class=\"wp-block-image size-large repubblica-democratica-del-congo\"><img decoding=\"async\" alt=\"2025 marzo volontari opere misericordia spazio spadoni congo uvira kavimvira 3 225x300\" src=\"https:\/\/spaziospadoni.org\/wp-content\/uploads\/2026\/05\/2025_marzo_volontari_opere_misericordia_spazio_spadoni_congo_uvira_kavimvira-3-225x300.jpg\"\/><\/figure>\n\n\n<figure class=\"wp-block-image size-large repubblica-democratica-del-congo\"><img decoding=\"async\" alt=\"2025 marzo volontari opere misericordia spazio spadoni congo uvira kavimvira 2 225x300\" src=\"https:\/\/spaziospadoni.org\/wp-content\/uploads\/2026\/05\/2025_marzo_volontari_opere_misericordia_spazio_spadoni_congo_uvira_kavimvira-2-225x300.jpg\"\/><\/figure>\n\n\n<figure class=\"wp-block-image size-large repubblica-democratica-del-congo\"><img decoding=\"async\" alt=\"2025 marzo volontari opere misericordia spazio spadoni congo uvira kavimvira 4 225x300\" src=\"https:\/\/spaziospadoni.org\/wp-content\/uploads\/2026\/05\/2025_marzo_volontari_opere_misericordia_spazio_spadoni_congo_uvira_kavimvira-4-225x300.jpg\"\/><\/figure>\n\n\n<figure class=\"wp-block-image size-large repubblica-democratica-del-congo\"><img decoding=\"async\" alt=\"2025 marzo volontari opere misericordia spazio spadoni congo uvira kavimvira 1 300x225\" src=\"https:\/\/spaziospadoni.org\/wp-content\/uploads\/2026\/05\/2025_marzo_volontari_opere_misericordia_spazio_spadoni_congo_uvira_kavimvira-1-300x225.jpg\"\/><\/figure>\n\n\n<figure class=\"wp-block-image size-large repubblica-democratica-del-congo\"><img decoding=\"async\" alt=\"WhatsApp Image 2026 02 04 at 08.41.57. gennaio volontari uvira opere misericordia congo spazio spadoni foulard 2\" src=\"https:\/\/spaziospadoni.org\/wp-content\/uploads\/2026\/05\/WhatsApp-Image-2026-02-04-at-08.41.57._gennaio_volontari_uvira_opere_misericordia_congo_spazio_spadoni_foulard-2.jpeg\"\/><\/figure>\n\n\n<figure class=\"wp-block-image size-large repubblica-democratica-del-congo\"><img decoding=\"async\" alt=\"WhatsApp Image 2026 02 04 at 08.41.57. gennaio volontari uvira opere misericordia congo spazio spadoni foulard 1\" src=\"https:\/\/spaziospadoni.org\/wp-content\/uploads\/2026\/05\/WhatsApp-Image-2026-02-04-at-08.41.57._gennaio_volontari_uvira_opere_misericordia_congo_spazio_spadoni_foulard-1.jpeg\"\/><\/figure>\n\n<\/figure>\n\n\n<div class=\"gb-element-b24bbf5e ss-media-videos\">\n\n<figure class=\"wp-block-video video\"><video controls=\"\" src=\"https:\/\/spaziospadoni.org\/wp-content\/uploads\/2026\/05\/2022_aprile_hicsum_congo_kavimvira_sr_jacqueline_santa_gemma_spazio_spadoni_orfanotrofio-1.mp4\"><\/video><figcaption class=\"wp-element-caption\">2022 aprile hicsum congo kavimvira sr jacqueline santa gemma spazio spadoni orfanotrofio 1<\/figcaption><\/figure>\n\n\n<figure class=\"wp-block-video video\"><video controls=\"\" src=\"https:\/\/spaziospadoni.org\/wp-content\/uploads\/2026\/05\/2022_settembre_hicsum_congo_kavimvira_uvira_suor_jacqueline_sorelle_mise_santa_gemma_anniversario_fondazione_spazio_spadoni-2.mp4\"><\/video><figcaption class=\"wp-element-caption\">2022 settembre hicsum congo kavimvira uvira suor jacqueline sorelle mise santa gemma anniversario fondazione spazio spadoni 2<\/figcaption><\/figure>\n\n\n<figure class=\"wp-block-video video\"><video controls=\"\" src=\"https:\/\/spaziospadoni.org\/wp-content\/uploads\/2026\/05\/2022_ottobre_hicsum_congo_kavimvira_sr_jacqueline_accoglienza_spazio_spadoni-2.mp4\"><\/video><figcaption class=\"wp-element-caption\">2022 ottobre hicsum congo kavimvira sr jacqueline accoglienza spazio spadoni 2<\/figcaption><\/figure>\n\n\n<figure class=\"wp-block-video video\"><video controls=\"\" src=\"https:\/\/spaziospadoni.org\/wp-content\/uploads\/2026\/05\/2022_ottobre_hicsum_congo_kavimvira_suor_jacqueline_professione_suore_spazio_spadoni-.mp4\"><\/video><figcaption class=\"wp-element-caption\">2022 ottobre hicsum congo kavimvira suor jacqueline professione suore spazio spadoni<\/figcaption><\/figure>\n\n\n<figure class=\"wp-block-video video\"><video controls=\"\" src=\"https:\/\/spaziospadoni.org\/wp-content\/uploads\/2026\/05\/2022_ottobre_hicsum_congo_kavimvira_suor_jacqueline_professione_suore_spazio_spadoni-1.mp4\"><\/video><figcaption class=\"wp-element-caption\">2022 ottobre hicsum congo kavimvira suor jacqueline professione suore spazio spadoni 1<\/figcaption><\/figure>\n\n\n<figure class=\"wp-block-video video\"><video controls=\"\" src=\"https:\/\/spaziospadoni.org\/wp-content\/uploads\/2026\/05\/2022_novembr_congo_kavimvira_sr_jacqueline_santa_gemma_apostolato_spazio_spadoni-1.mp4\"><\/video><figcaption class=\"wp-element-caption\">2022 novembr congo kavimvira sr jacqueline santa gemma apostolato spazio spadoni 1<\/figcaption><\/figure>\n\n\n<figure class=\"wp-block-video video\"><video controls=\"\" src=\"https:\/\/spaziospadoni.org\/wp-content\/uploads\/2026\/05\/2022_novembr_congo_kavimvira_sr_jacqueline_santa_gemma_apostolato_spazio_spadoni-2.mp4\"><\/video><figcaption class=\"wp-element-caption\">2022 novembr congo kavimvira sr jacqueline santa gemma apostolato spazio spadoni 2<\/figcaption><\/figure>\n\n\n<figure class=\"wp-block-video video\"><video controls=\"\" src=\"https:\/\/spaziospadoni.org\/wp-content\/uploads\/2026\/05\/2022_novembr_congo_kavimvira_sr_jacqueline_santa_gemma_apostolato_spazio_spadoni-3.mp4\"><\/video><figcaption class=\"wp-element-caption\">2022 novembr congo kavimvira sr jacqueline santa gemma apostolato spazio spadoni 3<\/figcaption><\/figure>\n\n\n<figure class=\"wp-block-video video\"><video controls=\"\" src=\"https:\/\/spaziospadoni.org\/wp-content\/uploads\/2026\/05\/2022_novembre_congo_kavimvira_sr_jacqueline_primo_soccorso_spazio_spadoni.mp4\"><\/video><figcaption class=\"wp-element-caption\">2022 novembre congo kavimvira sr jacqueline primo soccorso spazio spadoni<\/figcaption><\/figure>\n\n\n<figure class=\"wp-block-video video\"><video controls=\"\" src=\"https:\/\/spaziospadoni.org\/wp-content\/uploads\/2026\/05\/novembre_2022_testimonianza_paolo_misericordia_santa_gemma.mp4\"><\/video><figcaption class=\"wp-element-caption\">novembre 2022 testimonianza paolo misericordia santa gemma<\/figcaption><\/figure>\n\n\n<figure class=\"wp-block-video video\"><video controls=\"\" src=\"https:\/\/spaziospadoni.org\/wp-content\/uploads\/2026\/05\/2023_marzo_hicsum_1_congo_kavimvira_sr_jacqueline_santa_gemma_inaugurazione_casa_indigente_spazio_spadoni-1.mp4\"><\/video><figcaption class=\"wp-element-caption\">2023 marzo hicsum 1 congo kavimvira sr jacqueline santa gemma inaugurazione casa indigente spazio spadoni 1<\/figcaption><\/figure>\n\n\n<figure class=\"wp-block-video video\"><video controls=\"\" src=\"https:\/\/spaziospadoni.org\/wp-content\/uploads\/2026\/05\/2023_aprile_hicsum_1_congo_kavimvira_uvira_suor_jacqueline_sorelle_santa_gemma_mise_santa_gemma_domenica_delle_palme_spazio_spadoni.mp4\"><\/video><figcaption class=\"wp-element-caption\">2023 aprile hicsum 1 congo kavimvira uvira suor jacqueline sorelle santa gemma mise santa gemma domenica delle palme spazio spadoni<\/figcaption><\/figure>\n\n\n<figure class=\"wp-block-video video\"><video controls=\"\" src=\"https:\/\/spaziospadoni.org\/wp-content\/uploads\/2026\/05\/16-maggio-2023-Bukavu-festa-liturgica-Santa-gemma-2.mp4\"><\/video><figcaption class=\"wp-element-caption\">16 maggio 2023 Bukavu festa liturgica Santa gemma 2<\/figcaption><\/figure>\n\n\n<figure class=\"wp-block-video video\"><video controls=\"\" src=\"https:\/\/spaziospadoni.org\/wp-content\/uploads\/2026\/05\/WhatsApp-Image-2026-02-04-at-08.41.57._gennaio_volontari_uvira_opere_misericordia_congo_spazio_spadoni_foulard-1.mp4\"><\/video><figcaption class=\"wp-element-caption\">WhatsApp Image 2026 02 04 at 08.41.57. gennaio volontari uvira opere misericordia congo spazio spadoni foulard 1<\/figcaption><\/figure>\n\n<\/div>\n\n<\/div>\n\n<\/div>\n\n<\/div>\n\n","protected":false},"excerpt":{"rendered":"<p>Kavimvira | Uvira (Rep\u00fablica Democr\u00e1tica del Congo) OPERA M1 MISI\u00d3N Lugar Kavimvira Di\u00f3cesis Uvira Pa\u00eds Rep\u00fablica Democr\u00e1tica del Congo Continente \u00c1frica Coordenadas GPS -3.35207 29.15180 Zona horaria UTC+2 ORGANIZADOR Congregaci\u00f3n Congregazione Missionaria Sorelle di Santa Gemma Casa Madre Camigliano Santa Gemma (LU) Di\u00f3cesis Lucca Pa\u00eds Italia Continente Europa Fiesta de la Congregaci\u00f3n 26 de agosto &#8230; <a title=\"Rep\u00fablica Democr\u00e1tica del Congo &#8211; \u00c1frica | Proyecto M1\" class=\"read-more\" href=\"https:\/\/spaziospadoni.org\/es\/opera-m\/republica-democratica-del-congo-africa-proyecto-m1\/\" aria-label=\"Read more about Rep\u00fablica Democr\u00e1tica del Congo &#8211; \u00c1frica | Proyecto M1\">Leer m\u00e1s<\/a><\/p>\n","protected":false},"author":102,"featured_media":0,"parent":89580,"menu_order":0,"comment_status":"closed","ping_status":"closed","template":"","meta":{"_sitemap_exclude":false,"_sitemap_priority":"","_sitemap_frequency":"","footnotes":""},"class_list":["post-82862","page","type-page","status-publish","infinite-scroll-item"],"yoast_head":"<!-- This site is optimized with the Yoast SEO plugin v28.4 - https:\/\/yoast.com\/product\/yoast-seo-wordpress\/ -->\n<title>Rep\u00fablica Democr\u00e1tica del Congo - \u00c1frica | Proyecto M1 | Spazio Spadoni<\/title>\n<meta name=\"description\" content=\"Kavimvira | Uvira (Rep\u00fablica Democr\u00e1tica del Congo) OPERA M1 MISI\u00d3N Lugar Kavimvira Di\u00f3cesis Uvira Pa\u00eds Rep\u00fablica Democr\u00e1tica del Congo Continente \u00c1frica\" \/>\n<meta name=\"robots\" content=\"index, follow, max-snippet:-1, max-image-preview:large, max-video-preview:-1\" \/>\n<link rel=\"canonical\" href=\"https:\/\/spaziospadoni.org\/es\/opera-m\/republica-democratica-del-congo-africa-proyecto-m1\/\" \/>\n<meta property=\"og:locale\" content=\"es_ES\" \/>\n<meta property=\"og:type\" content=\"article\" \/>\n<meta property=\"og:title\" content=\"Rep\u00fablica Democr\u00e1tica del Congo - \u00c1frica | Proyecto M1 | Spazio Spadoni\" \/>\n<meta property=\"og:description\" content=\"Kavimvira | Uvira (Rep\u00fablica Democr\u00e1tica del Congo) OPERA M1 MISI\u00d3N Lugar Kavimvira Di\u00f3cesis Uvira Pa\u00eds Rep\u00fablica Democr\u00e1tica del Congo Continente \u00c1frica\" \/>\n<meta property=\"og:url\" content=\"https:\/\/spaziospadoni.org\/es\/opera-m\/republica-democratica-del-congo-africa-proyecto-m1\/\" \/>\n<meta property=\"og:site_name\" content=\"spazio + spadoni\" \/>\n<meta property=\"article:publisher\" content=\"https:\/\/www.facebook.com\/SpazioSpadoni\/\" \/>\n<meta property=\"article:modified_time\" content=\"2026-07-31T09:17:03+00:00\" \/>\n<meta property=\"og:image\" content=\"https:\/\/spaziospadoni.org\/wp-content\/uploads\/2026\/05\/hicsum_1_congo-spaziospadoni-scaled.png\" \/>\n\t<meta property=\"og:image:width\" content=\"2560\" \/>\n\t<meta property=\"og:image:height\" content=\"1771\" \/>\n\t<meta property=\"og:image:type\" content=\"image\/png\" \/>\n<meta name=\"twitter:card\" content=\"summary_large_image\" \/>\n<meta name=\"twitter:label1\" content=\"Est. reading time\" \/>\n\t<meta name=\"twitter:data1\" content=\"49 minutes\" \/>\n<script type=\"application\/ld+json\" class=\"yoast-schema-graph\">{\"@context\":\"https:\\\/\\\/schema.org\",\"@graph\":[{\"@type\":\"WebPage\",\"@id\":\"https:\\\/\\\/spaziospadoni.org\\\/es\\\/opera-m\\\/republica-democratica-del-congo-africa-proyecto-m1\\\/\",\"url\":\"https:\\\/\\\/spaziospadoni.org\\\/es\\\/opera-m\\\/republica-democratica-del-congo-africa-proyecto-m1\\\/\",\"name\":\"Rep\u00fablica Democr\u00e1tica del Congo - \u00c1frica | Proyecto M1 | Spazio Spadoni\",\"isPartOf\":{\"@id\":\"https:\\\/\\\/spaziospadoni.org\\\/es\\\/#website\"},\"primaryImageOfPage\":{\"@id\":\"https:\\\/\\\/spaziospadoni.org\\\/es\\\/opera-m\\\/republica-democratica-del-congo-africa-proyecto-m1\\\/#primaryimage\"},\"image\":{\"@id\":\"https:\\\/\\\/spaziospadoni.org\\\/es\\\/opera-m\\\/republica-democratica-del-congo-africa-proyecto-m1\\\/#primaryimage\"},\"thumbnailUrl\":\"https:\\\/\\\/spaziospadoni.org\\\/wp-content\\\/uploads\\\/2026\\\/05\\\/hicsum_1_congo-spaziospadoni.png\",\"datePublished\":\"2026-05-18T13:10:23+00:00\",\"dateModified\":\"2026-07-31T09:17:03+00:00\",\"description\":\"Kavimvira | Uvira (Rep\u00fablica Democr\u00e1tica del Congo) OPERA M1 MISI\u00d3N Lugar Kavimvira Di\u00f3cesis Uvira Pa\u00eds Rep\u00fablica Democr\u00e1tica del Congo Continente \u00c1frica\",\"breadcrumb\":{\"@id\":\"https:\\\/\\\/spaziospadoni.org\\\/es\\\/opera-m\\\/republica-democratica-del-congo-africa-proyecto-m1\\\/#breadcrumb\"},\"inLanguage\":\"es-ES\",\"potentialAction\":[{\"@type\":\"ReadAction\",\"target\":[\"https:\\\/\\\/spaziospadoni.org\\\/es\\\/opera-m\\\/republica-democratica-del-congo-africa-proyecto-m1\\\/\"]}]},{\"@type\":\"ImageObject\",\"inLanguage\":\"es-ES\",\"@id\":\"https:\\\/\\\/spaziospadoni.org\\\/es\\\/opera-m\\\/republica-democratica-del-congo-africa-proyecto-m1\\\/#primaryimage\",\"url\":\"https:\\\/\\\/spaziospadoni.org\\\/wp-content\\\/uploads\\\/2026\\\/05\\\/hicsum_1_congo-spaziospadoni.png\",\"contentUrl\":\"https:\\\/\\\/spaziospadoni.org\\\/wp-content\\\/uploads\\\/2026\\\/05\\\/hicsum_1_congo-spaziospadoni.png\"},{\"@type\":\"BreadcrumbList\",\"@id\":\"https:\\\/\\\/spaziospadoni.org\\\/es\\\/opera-m\\\/republica-democratica-del-congo-africa-proyecto-m1\\\/#breadcrumb\",\"itemListElement\":[{\"@type\":\"ListItem\",\"position\":1,\"name\":\"Home\",\"item\":\"https:\\\/\\\/spaziospadoni.org\\\/es\\\/\"},{\"@type\":\"ListItem\",\"position\":2,\"name\":\"Obras de Misericordia\",\"item\":\"https:\\\/\\\/spaziospadoni.org\\\/es\\\/obras-de-misericordia\\\/\"},{\"@type\":\"ListItem\",\"position\":3,\"name\":\"Rep\u00fablica Democr\u00e1tica del Congo &#8211; \u00c1frica | Proyecto M1\"}]},{\"@type\":\"WebSite\",\"@id\":\"https:\\\/\\\/spaziospadoni.org\\\/es\\\/#website\",\"url\":\"https:\\\/\\\/spaziospadoni.org\\\/es\\\/\",\"name\":\"spazio + spadoni\",\"description\":\"Generazione di misericordia e missione nel mondo\",\"publisher\":{\"@id\":\"https:\\\/\\\/spaziospadoni.org\\\/es\\\/#organization\"},\"alternateName\":\"spaziospadoni.org\",\"potentialAction\":[{\"@type\":\"SearchAction\",\"target\":{\"@type\":\"EntryPoint\",\"urlTemplate\":\"https:\\\/\\\/spaziospadoni.org\\\/es\\\/?s={search_term_string}\"},\"query-input\":{\"@type\":\"PropertyValueSpecification\",\"valueRequired\":true,\"valueName\":\"search_term_string\"}}],\"inLanguage\":\"es-ES\"},{\"@type\":\"Organization\",\"@id\":\"https:\\\/\\\/spaziospadoni.org\\\/es\\\/#organization\",\"name\":\"spazio + spadoni\",\"alternateName\":\"spaziospadoni.org\",\"url\":\"https:\\\/\\\/spaziospadoni.org\\\/es\\\/\",\"logo\":{\"@type\":\"ImageObject\",\"inLanguage\":\"es-ES\",\"@id\":\"https:\\\/\\\/spaziospadoni.org\\\/es\\\/#\\\/schema\\\/logo\\\/image\\\/\",\"url\":\"https:\\\/\\\/spaziospadoni.org\\\/wp-content\\\/uploads\\\/2026\\\/05\\\/spazio-spadoni-logo-100x100-1.webp\",\"contentUrl\":\"https:\\\/\\\/spaziospadoni.org\\\/wp-content\\\/uploads\\\/2026\\\/05\\\/spazio-spadoni-logo-100x100-1.webp\",\"width\":100,\"height\":100,\"caption\":\"spazio + spadoni\"},\"image\":{\"@id\":\"https:\\\/\\\/spaziospadoni.org\\\/es\\\/#\\\/schema\\\/logo\\\/image\\\/\"},\"sameAs\":[\"https:\\\/\\\/www.facebook.com\\\/SpazioSpadoni\\\/\",\"https:\\\/\\\/www.instagram.com\\\/spaziospadoni\\\/\",\"https:\\\/\\\/www.youtube.com\\\/@spaziospadoni\\\/playlists\"]}]}<\/script>\n<!-- \/ Yoast SEO plugin. -->","yoast_head_json":{"title":"Rep\u00fablica Democr\u00e1tica del Congo - \u00c1frica | Proyecto M1 | Spazio Spadoni","description":"Kavimvira | Uvira (Rep\u00fablica Democr\u00e1tica del Congo) OPERA M1 MISI\u00d3N Lugar Kavimvira Di\u00f3cesis Uvira Pa\u00eds Rep\u00fablica Democr\u00e1tica del Congo Continente \u00c1frica","robots":{"index":"index","follow":"follow","max-snippet":"max-snippet:-1","max-image-preview":"max-image-preview:large","max-video-preview":"max-video-preview:-1"},"canonical":"https:\/\/spaziospadoni.org\/es\/opera-m\/republica-democratica-del-congo-africa-proyecto-m1\/","og_locale":"es_ES","og_type":"article","og_title":"Rep\u00fablica Democr\u00e1tica del Congo - \u00c1frica | Proyecto M1 | Spazio Spadoni","og_description":"Kavimvira | Uvira (Rep\u00fablica Democr\u00e1tica del Congo) OPERA M1 MISI\u00d3N Lugar Kavimvira Di\u00f3cesis Uvira Pa\u00eds Rep\u00fablica Democr\u00e1tica del Congo Continente \u00c1frica","og_url":"https:\/\/spaziospadoni.org\/es\/opera-m\/republica-democratica-del-congo-africa-proyecto-m1\/","og_site_name":"spazio + spadoni","article_publisher":"https:\/\/www.facebook.com\/SpazioSpadoni\/","article_modified_time":"2026-07-31T09:17:03+00:00","og_image":[{"width":2560,"height":1771,"url":"https:\/\/spaziospadoni.org\/wp-content\/uploads\/2026\/05\/hicsum_1_congo-spaziospadoni-scaled.png","type":"image\/png"}],"twitter_card":"summary_large_image","twitter_misc":{"Est. reading time":"49 minutes"},"schema":{"@context":"https:\/\/schema.org","@graph":[{"@type":"WebPage","@id":"https:\/\/spaziospadoni.org\/es\/opera-m\/republica-democratica-del-congo-africa-proyecto-m1\/","url":"https:\/\/spaziospadoni.org\/es\/opera-m\/republica-democratica-del-congo-africa-proyecto-m1\/","name":"Rep\u00fablica Democr\u00e1tica del Congo - \u00c1frica | Proyecto M1 | Spazio Spadoni","isPartOf":{"@id":"https:\/\/spaziospadoni.org\/es\/#website"},"primaryImageOfPage":{"@id":"https:\/\/spaziospadoni.org\/es\/opera-m\/republica-democratica-del-congo-africa-proyecto-m1\/#primaryimage"},"image":{"@id":"https:\/\/spaziospadoni.org\/es\/opera-m\/republica-democratica-del-congo-africa-proyecto-m1\/#primaryimage"},"thumbnailUrl":"https:\/\/spaziospadoni.org\/wp-content\/uploads\/2026\/05\/hicsum_1_congo-spaziospadoni.png","datePublished":"2026-05-18T13:10:23+00:00","dateModified":"2026-07-31T09:17:03+00:00","description":"Kavimvira | Uvira (Rep\u00fablica Democr\u00e1tica del Congo) OPERA M1 MISI\u00d3N Lugar Kavimvira Di\u00f3cesis Uvira Pa\u00eds Rep\u00fablica Democr\u00e1tica del Congo Continente \u00c1frica","breadcrumb":{"@id":"https:\/\/spaziospadoni.org\/es\/opera-m\/republica-democratica-del-congo-africa-proyecto-m1\/#breadcrumb"},"inLanguage":"es-ES","potentialAction":[{"@type":"ReadAction","target":["https:\/\/spaziospadoni.org\/es\/opera-m\/republica-democratica-del-congo-africa-proyecto-m1\/"]}]},{"@type":"ImageObject","inLanguage":"es-ES","@id":"https:\/\/spaziospadoni.org\/es\/opera-m\/republica-democratica-del-congo-africa-proyecto-m1\/#primaryimage","url":"https:\/\/spaziospadoni.org\/wp-content\/uploads\/2026\/05\/hicsum_1_congo-spaziospadoni.png","contentUrl":"https:\/\/spaziospadoni.org\/wp-content\/uploads\/2026\/05\/hicsum_1_congo-spaziospadoni.png"},{"@type":"BreadcrumbList","@id":"https:\/\/spaziospadoni.org\/es\/opera-m\/republica-democratica-del-congo-africa-proyecto-m1\/#breadcrumb","itemListElement":[{"@type":"ListItem","position":1,"name":"Home","item":"https:\/\/spaziospadoni.org\/es\/"},{"@type":"ListItem","position":2,"name":"Obras de Misericordia","item":"https:\/\/spaziospadoni.org\/es\/obras-de-misericordia\/"},{"@type":"ListItem","position":3,"name":"Rep\u00fablica Democr\u00e1tica del Congo &#8211; \u00c1frica | Proyecto M1"}]},{"@type":"WebSite","@id":"https:\/\/spaziospadoni.org\/es\/#website","url":"https:\/\/spaziospadoni.org\/es\/","name":"spazio + spadoni","description":"Generazione di misericordia e missione nel mondo","publisher":{"@id":"https:\/\/spaziospadoni.org\/es\/#organization"},"alternateName":"spaziospadoni.org","potentialAction":[{"@type":"SearchAction","target":{"@type":"EntryPoint","urlTemplate":"https:\/\/spaziospadoni.org\/es\/?s={search_term_string}"},"query-input":{"@type":"PropertyValueSpecification","valueRequired":true,"valueName":"search_term_string"}}],"inLanguage":"es-ES"},{"@type":"Organization","@id":"https:\/\/spaziospadoni.org\/es\/#organization","name":"spazio + spadoni","alternateName":"spaziospadoni.org","url":"https:\/\/spaziospadoni.org\/es\/","logo":{"@type":"ImageObject","inLanguage":"es-ES","@id":"https:\/\/spaziospadoni.org\/es\/#\/schema\/logo\/image\/","url":"https:\/\/spaziospadoni.org\/wp-content\/uploads\/2026\/05\/spazio-spadoni-logo-100x100-1.webp","contentUrl":"https:\/\/spaziospadoni.org\/wp-content\/uploads\/2026\/05\/spazio-spadoni-logo-100x100-1.webp","width":100,"height":100,"caption":"spazio + spadoni"},"image":{"@id":"https:\/\/spaziospadoni.org\/es\/#\/schema\/logo\/image\/"},"sameAs":["https:\/\/www.facebook.com\/SpazioSpadoni\/","https:\/\/www.instagram.com\/spaziospadoni\/","https:\/\/www.youtube.com\/@spaziospadoni\/playlists"]}]}},"_links":{"self":[{"href":"https:\/\/spaziospadoni.org\/es\/wp-json\/wp\/v2\/pages\/82862","targetHints":{"allow":["GET"]}}],"collection":[{"href":"https:\/\/spaziospadoni.org\/es\/wp-json\/wp\/v2\/pages"}],"about":[{"href":"https:\/\/spaziospadoni.org\/es\/wp-json\/wp\/v2\/types\/page"}],"author":[{"embeddable":true,"href":"https:\/\/spaziospadoni.org\/es\/wp-json\/wp\/v2\/users\/102"}],"replies":[{"embeddable":true,"href":"https:\/\/spaziospadoni.org\/es\/wp-json\/wp\/v2\/comments?post=82862"}],"version-history":[{"count":0,"href":"https:\/\/spaziospadoni.org\/es\/wp-json\/wp\/v2\/pages\/82862\/revisions"}],"up":[{"embeddable":true,"href":"https:\/\/spaziospadoni.org\/es\/wp-json\/wp\/v2\/pages\/89580"}],"wp:attachment":[{"href":"https:\/\/spaziospadoni.org\/es\/wp-json\/wp\/v2\/media?parent=82862"}],"curies":[{"name":"wp","href":"https:\/\/api.w.org\/{rel}","templated":true}]}}