{"id":83572,"date":"2026-05-18T14:17:39","date_gmt":"2026-05-18T13:17:39","guid":{"rendered":"https:\/\/spaziospadoni.org\/obras-de-misericordia\/repubblica-democratica-del-congo-africa-progetto-m35\/"},"modified":"2026-07-31T10:54:14","modified_gmt":"2026-07-31T09:54:14","slug":"republica-democratica-del-congo-africa-proyecto-m35","status":"publish","type":"page","link":"https:\/\/spaziospadoni.org\/es\/opera-m\/republica-democratica-del-congo-africa-proyecto-m35\/","title":{"rendered":"Rep\u00fablica Democr\u00e1tica del Congo &#8211; \u00c1frica | Proyecto M35"},"content":{"rendered":"\n<div class=\"ss-project-hero-card\">\n<h2 id=\"goma-goma-republica-democratica-del-congo\" class=\"gb-text gb-text-62a95885\">Goma | Goma (Rep\u00fablica Democr\u00e1tica del Congo)<\/h2>\n\n\n\n<div class=\"gb-element-f60f2409\">\n<div class=\"gb-element-90a85740 ss-project-sidebar\">\n<h2 id=\"opera-m35\" class=\"gb-text ss-project-title\">OPERA M35<\/h2>\n\n\n\n<figure class=\"wp-block-image size-large\"><img decoding=\"async\" src=\"https:\/\/spaziospadoni.org\/wp-content\/uploads\/2026\/05\/hicsum_1_congo-spaziospadoni.png\" alt=\"hicsum 1 congo spaziospadoni\" class=\"wp-image-43007\"\/><\/figure>\n\n\n\n<div class=\"ss-project-table\">\n<div class=\"ss-table-section-title\">\n<h3 id=\"mision\" class=\"gb-text\">MISI\u00d3N<\/h3>\n<\/div>\n\n\n\n<div class=\"ss-table-row\">\n<p class=\"gb-text\">Lugar<\/p>\n\n\n\n<p class=\"gb-text\"><a href=\"https:\/\/www.google.com\/maps\/place\/Goma,+Repubblica+Democratica+del+Congo\/@-1.6587692,29.1669085,13z\/data=!3m1!4b1!4m6!3m5!1s0x19dd0f5ff03ccf71:0x8702d152f9f905e7!8m2!3d-1.658501!4d29.2204548!16zL20vMDRoa255?entry=ttu&#038;g_ep=EgoyMDI2MDMyMy4xIKXMDSoASAFQAw%3D%3D\" rel=\"noreferrer noopener\" target=\"_blank\" title=\"Goma\">Goma<\/a><\/p>\n<\/div>\n\n\n\n<div class=\"ss-table-row\">\n<p class=\"gb-text\">Di\u00f3cesis<\/p>\n\n\n\n<p class=\"gb-text\">Goma<\/p>\n<\/div>\n\n\n\n<div class=\"ss-table-row\">\n<p class=\"gb-text\">Pa\u00eds<\/p>\n\n\n\n<p class=\"gb-text\"><strong>Rep\u00fablica Democr\u00e1tica del Congo<\/strong><\/p>\n<\/div>\n\n\n\n<div class=\"ss-table-row\">\n<p class=\"gb-text\">Continente<\/p>\n\n\n\n<p class=\"gb-text\">\u00c1frica<\/p>\n<\/div>\n\n\n\n<div class=\"ss-table-row\">\n<p class=\"gb-text\">Coordenadas GPS<\/p>\n\n\n\n<p class=\"gb-text\">-1.65843 29.2223<\/p>\n<\/div>\n\n\n\n<div class=\"ss-table-row\">\n<p class=\"gb-text\">Zona horaria<\/p>\n\n\n\n<p class=\"gb-text\">UTC+2<\/p>\n<\/div>\n<\/div>\n\n\n\n<div class=\"ss-project-table\">\n<div class=\"ss-table-section-title\">\n<h3 id=\"organizador\" class=\"gb-text\">ORGANIZADOR<\/h3>\n<\/div>\n\n\n\n<div class=\"ss-table-row\">\n<p class=\"gb-text\">Congregaci\u00f3n<\/p>\n\n\n\n<p class=\"gb-text\">Religieuses de l\u2019Instruction Chr\u00e9tienne<\/p>\n<\/div>\n\n\n\n<div class=\"ss-table-row\">\n<p class=\"gb-text\">Casa Madre<\/p>\n\n\n\n<p class=\"gb-text\">Lieja, B\u00e9lgica<\/p>\n<\/div>\n\n\n\n<div class=\"ss-table-row\">\n<p class=\"gb-text\">Di\u00f3cesis<\/p>\n\n\n\n<p class=\"gb-text\">Li\u00e8ge<\/p>\n<\/div>\n\n\n\n<div class=\"ss-table-row\">\n<p class=\"gb-text\">Pa\u00eds<\/p>\n\n\n\n<p class=\"gb-text\">B\u00e9lgica<\/p>\n<\/div>\n\n\n\n<div class=\"ss-table-row\">\n<p class=\"gb-text\">Continente<\/p>\n\n\n\n<p class=\"gb-text\">Europa<\/p>\n<\/div>\n\n\n\n<div class=\"ss-table-row\">\n<p class=\"gb-text\">Fiesta de la Congregaci\u00f3n<\/p>\n\n\n\n<p class=\"gb-text\">25 de marzo<\/p>\n<\/div>\n\n\n\n<div class=\"ss-table-row\">\n<p class=\"gb-text\">Coordenadas GPS<\/p>\n\n\n\n<p class=\"gb-text\">50.63960 5.57009<\/p>\n<\/div>\n\n\n\n<div class=\"ss-table-row\">\n<p class=\"gb-text\">Zona horaria<\/p>\n\n\n\n<p class=\"gb-text\">UTC+1<\/p>\n<\/div>\n\n\n\n<div class=\"ss-table-row\">\n<p class=\"gb-text\">Persona de contacto<\/p>\n\n\n\n<p class=\"gb-text\">Hermana Francine Mave Ditsove<\/p>\n<\/div>\n\n\n\n<div class=\"ss-table-row\">\n<p class=\"gb-text\">Madre General<\/p>\n\n\n\n<p class=\"gb-text\">Hermana Anuarite Mandesi Bodha<\/p>\n<\/div>\n\n\n\n<div class=\"ss-table-row\">\n<p class=\"gb-text\">Sitio web<\/p>\n\n\n\n<p class=\"gb-text\"><a href=\"https:\/\/www.suoresantagemma.it\/\" target=\"_blank\" rel=\"noreferrer noopener\" title=\"suoresantagemma.it\">suoresantagemma.it<\/a><\/p>\n<\/div>\n<\/div>\n\n\n\n<div class=\"ss-project-table\">\n<a class=\"gb-element-e1766596 ss-table-section-button\" href=\"#\" title=\"OPERA M &#8211; PROYECTO M35\">\n<span class=\"gb-text\">OPERA M &#8211; PROYECTO M35<\/span>\n<\/a>\n<\/div>\n<\/div>\n<\/div>\n\n\n\n<div class=\"gb-element-6ad95ea8\">\n<div class=\"gb-element-e34063a6 ss-project-intro\">\n<p class=\"wp-block-paragraph\">OPERA M es la revoluci\u00f3n de las obras de misericordia. Es el instrumento permanente para desarrollar un pensamiento fuerte y renovado sobre las obras en el mundo.<\/p>\n\n\n\n<p class=\"wp-block-paragraph\">Nace de una urgencia fuertemente sentida por spazio + spadoni de r<strong>E<\/strong>volucionar el concepto de obra de misericordia como un camino que es siempre humano y divino al mismo tiempo y, por tanto, siempre espiritual adem\u00e1s de pr\u00e1ctico (o corporal). El redescubrimiento, es m\u00e1s, la verdadera r<strong>E<\/strong>voluci\u00f3n de las obras debe redescubrirse dentro de esta s\u00edntesis entre el aspecto espiritual y el acto pr\u00e1ctico. El obrar material debe estar siempre impregnado por el esp\u00edritu.<\/p>\n\n\n\n<p class=\"wp-block-paragraph\">OPERA M se basa en cinco acciones que definen su m\u00e9todo: INVOCA, llama al Esp\u00edritu ESCUCHA, guarda silencio para abrirte a la escucha ENCUENTRA, permanece entre la gente ACTUEMOS, actuar por las obras INUNDEMOS, llevemos a todos a las Obras de Misericordia <strong>Obras de Misericordia espirituales<\/strong> Aconsejar a los que dudan Ense\u00f1ar a los ignorantes Amonestar a los pecadores Consolar a los afligidos Perdonar las ofensas Soportar con paciencia a las personas molestas Rogar a Dios por los vivos y por los difuntos <strong>Obras de Misericordia corporales<\/strong> Dar de comer al hambriento Dar de beber al sediento Vestir al desnudo Dar posada al peregrino Visitar a los enfermos Visitar a los presos Enterrar a los muertos<\/p>\n\n<\/div>\n<\/div>\n\n\n\n\n<div>\n\n<h2 id=\"cronologia\" class=\"gb-text gb-text-8179e40a\">Cronolog\u00eda<\/h2>\n\n\n\n\n\n<div class=\"ss-timeline\">\n\n<h3 id=\"2023\" class=\"gb-text\">2023<\/h3>\n\n\n\n\n\n<div class=\"ss-timeline-item\">\n\n<h4 id=\"21-de-febrero-inicio-de-la-relacion-con-la-congregacion\" class=\"gb-text\">21 de febrero | Inicio de la relaci\u00f3n con la Congregaci\u00f3n<\/h4>\n\n\n\n\n<p class=\"wp-block-paragraph\">En febrero de &#x27;23 se establece el primer contacto con la Congregaci\u00f3n, que marca el inicio de la colaboraci\u00f3n con spazio + spadoni<\/p>\n\n\n<\/div>\n\n\n\n\n<div class=\"ss-timeline-item\">\n\n<h4 id=\"1728-de-julio-formacion-sobre-las-obras-de-misericordia\" class=\"gb-text\">17-28 de julio | Formaci\u00f3n sobre las Obras de Misericordia<\/h4>\n\n\n\n\n<p class=\"wp-block-paragraph\">En julio de &#x27;23, la hermana Anuarite, Superiora Provincial de la Congregaci\u00f3n, viene a Italia para participar en una formaci\u00f3n dedicada a los Embajadores y a los Linkers de las Obras de Misericordia, promovida por spazio + spadoni en el marco de la rEvoluci\u00f3n de las Obras de Misericordia &#8211; OPERA M<\/p>\n\n\n\n<figure class=\"wp-block-gallery has-nested-images columns-1 is-cropped ss-lightbox wp-block-gallery-1 is-layout-flex wp-block-gallery-is-layout-flex\">\n\n<figure class=\"wp-block-image size-large\"><img decoding=\"async\" src=\"https:\/\/spaziospadoni.org\/wp-content\/uploads\/2026\/05\/IMG_9654-scaled-1.jpg\" alt=\"IMG 9654 scaled\"\/><figcaption class=\"wp-element-caption\">17-28 de julio | Formaci\u00f3n sobre las Obras de Misericordia<\/figcaption><\/figure>\n\n<\/figure>\n\n\n<\/div>\n\n\n\n\n<div class=\"ss-timeline-item\">\n\n<h4 id=\"16-de-noviembre-llegada-de-la-hermana\" class=\"gb-text\">16 de noviembre | Llegada de la hermana<\/h4>\n\n\n\n\n<p class=\"wp-block-paragraph\">La hermana Francine llega a Italia, acogida por la Congregazione Missionaria Santa Gemma y la Comunit\u00e0 Parrocchiale Santa Gemma, para llevar a cabo el proyecto HIC SUM y profundizar en el conocimiento de las Obras de Misericordia seg\u00fan el carisma OPERA M promovido por spazio + spadoni<\/p>\n\n\n\n<figure class=\"wp-block-gallery has-nested-images columns-1 is-cropped ss-lightbox wp-block-gallery-2 is-layout-flex wp-block-gallery-is-layout-flex\">\n\n<figure class=\"wp-block-image size-large\"><img decoding=\"async\" src=\"https:\/\/spaziospadoni.org\/wp-content\/uploads\/2026\/05\/2023_novembre_19_hicsum_44_suor_francine_spazio_spadoni_sorelle_santa_gemma_presentazione_comunita-3-225x300.jpg\" alt=\"2023 novembre 19 hicsum 44 suor francine spazio spadoni sorelle santa gemma presentazione comunita 3 225x300\"\/><figcaption class=\"wp-element-caption\">16 de noviembre | Llegada de la hermana<\/figcaption><\/figure>\n\n<\/figure>\n\n\n<\/div>\n\n\n\n\n<div class=\"ss-timeline-item\">\n\n<h4 id=\"07-de-diciembre-formacion-opera-m\" class=\"gb-text\">07 de diciembre | Formaci\u00f3n OPERA M<\/h4>\n\n\n\n\n<p class=\"wp-block-paragraph\">En diciembre de &#x27;23, Luigi Spadoni se re\u00fane con la hermana Francine para una jornada de formaci\u00f3n sobre la importancia de difundir las Obras de Misericordia y sobre la estructuraci\u00f3n de OPERA M una vez que haya regresado al Congo<\/p>\n\n\n\n<figure class=\"wp-block-gallery has-nested-images columns-1 is-cropped ss-lightbox wp-block-gallery-3 is-layout-flex wp-block-gallery-is-layout-flex\">\n\n<figure class=\"wp-block-image size-large\"><img decoding=\"async\" src=\"https:\/\/spaziospadoni.org\/wp-content\/uploads\/2026\/05\/2024_marzo_hicsum_44_italia_suor_francine_religieuses_instruction_chretienne_spazio_spadoni_sorelle_santa_gemma_misericordia_comunita_pastorale_san_cerbone_luigi-225x300.jpg\" alt=\"2024 marzo hicsum 44 italia suor francine religieuses instruction chretienne spazio spadoni sorelle santa gemma misericordia comunita pastorale san cerbone luigi 225x300\"\/><figcaption class=\"wp-element-caption\">07 de diciembre | Formaci\u00f3n OPERA M<\/figcaption><\/figure>\n\n<\/figure>\n\n\n<\/div>\n\n\n\n\n<div class=\"ss-timeline-item\">\n\n<h4 id=\"diciembre-spazio-spadoni-se-reune-con-la-comunidad-de-goma\" class=\"gb-text\">Diciembre | spazio + spadoni se re\u00fane con la comunidad de Goma<\/h4>\n\n\n\n\n<p class=\"wp-block-paragraph\">Con motivo de un viaje misionero a la Rep\u00fablica Democr\u00e1tica del Congo, Selene viaja a Goma y se aloja en la comunidad de la hermana Anuarite y de la hermana Francine, que mientras tanto se encuentra en Italia. Es acogida por la Superiora Provincial, la hermana Anuarite<\/p>\n\n\n\n<figure class=\"wp-block-gallery has-nested-images columns-1 is-cropped ss-lightbox wp-block-gallery-4 is-layout-flex wp-block-gallery-is-layout-flex\">\n\n<figure class=\"wp-block-image size-large\"><img decoding=\"async\" src=\"https:\/\/spaziospadoni.org\/wp-content\/uploads\/2026\/05\/2023_dicembre_6_hicsum_44_suor_francine_spazio_spadoni_sorelle_santa_gemma_selene_pera_goma_superiora_provinciale-225x300.jpg\" alt=\"2023 dicembre 6 hicsum 44 suor francine spazio spadoni sorelle santa gemma selene pera goma superiora provinciale 225x300\"\/><figcaption class=\"wp-element-caption\">Diciembre | spazio + spadoni se re\u00fane con la comunidad de Goma<\/figcaption><\/figure>\n\n<\/figure>\n\n\n<\/div>\n\n\n\n\n<div class=\"ss-timeline-item\">\n\n<h4 id=\"noviembre-diciembre-formacion\" class=\"gb-text\">Noviembre &#8211; Diciembre | Formaci\u00f3n<\/h4>\n\n\n\n\n<p class=\"wp-block-paragraph\">En noviembre y diciembre, la formaci\u00f3n de la hermana Francine en Italia se centra principalmente en las Obras de Misericordia<\/p>\n\n\n<\/div>\n\n\n<\/div>\n\n\n\n\n<div class=\"ss-timeline\">\n\n<h3 id=\"2024\" class=\"gb-text\">2024<\/h3>\n\n\n\n\n\n<div class=\"ss-timeline-item\">\n\n<h4 id=\"enero-marzo-actividades-parroquiales-y-comunitarias\" class=\"gb-text\">Enero &#8211; Marzo | Actividades parroquiales y comunitarias<\/h4>\n\n\n\n\n<p class=\"wp-block-paragraph\">Formaci\u00f3n de la hermana Francine: actividades extraescolares, oratorio creativo, formaci\u00f3n sobre las Obras de Misericordia, comedor ben\u00e9fico<\/p>\n\n\n\n<figure class=\"wp-block-gallery has-nested-images columns-1 is-cropped ss-lightbox wp-block-gallery-5 is-layout-flex wp-block-gallery-is-layout-flex\">\n\n<figure class=\"wp-block-image size-large\"><img decoding=\"async\" src=\"https:\/\/spaziospadoni.org\/wp-content\/uploads\/2026\/05\/2024_marzo_3_hicsum_44_suor_francine_religieuses_instruction_chretienne_spazio_spadoni_sorelle_santa_gemma_misericordia_comunita_pastorale_formazione.jpg\" alt=\"2024 marzo 3 hicsum 44 suor francine religieuses instruction chretienne spazio spadoni sorelle santa gemma misericordia comunita pastorale formazione\"\/><figcaption class=\"wp-element-caption\">Enero &#8211; Marzo | Actividades parroquiales y comunitarias<\/figcaption><\/figure>\n\n<\/figure>\n\n\n<\/div>\n\n\n\n\n<div class=\"ss-timeline-item\">\n\n<h4 id=\"15-de-febrero-formacion-opera-m\" class=\"gb-text\">15 de febrero | Formaci\u00f3n OPERA M<\/h4>\n\n\n\n\n<p class=\"wp-block-paragraph\">Luigi Spadoni se re\u00fane con la hermana Francine para impartir una formaci\u00f3n sobre la rEvoluci\u00f3n de las Obras de Misericordia<\/p>\n\n\n\n<figure class=\"wp-block-gallery has-nested-images columns-1 is-cropped ss-lightbox wp-block-gallery-6 is-layout-flex wp-block-gallery-is-layout-flex\">\n\n<figure class=\"wp-block-image size-large\"><img decoding=\"async\" src=\"https:\/\/spaziospadoni.org\/wp-content\/uploads\/2026\/05\/2024_febbraio_15_suorfrancine_italia_luigi_spadoni_formazione_progetto_hic_sum-2.jpg\" alt=\"2024 febbraio 15 suorfrancine italia luigi spadoni formazione progetto hic sum 2\"\/><figcaption class=\"wp-element-caption\">15 de febrero | Formaci\u00f3n OPERA M<\/figcaption><\/figure>\n\n<\/figure>\n\n\n<\/div>\n\n\n\n\n<div class=\"ss-timeline-item\">\n\n<h4 id=\"03-de-marzo-formacion-sobre-las-obras-de-misericordia\" class=\"gb-text\">03 de marzo | Formaci\u00f3n sobre las Obras de Misericordia<\/h4>\n\n\n\n\n<p class=\"wp-block-paragraph\">Formaci\u00f3n sobre las Obras de Misericordia con la hermana Gloriose y visita a Pistoia<\/p>\n\n\n\n<figure class=\"wp-block-gallery has-nested-images columns-1 is-cropped ss-lightbox wp-block-gallery-7 is-layout-flex wp-block-gallery-is-layout-flex\">\n\n<figure class=\"wp-block-image size-large\"><img decoding=\"async\" src=\"https:\/\/spaziospadoni.org\/wp-content\/uploads\/2026\/05\/2024_marzo_hicsum_44_italia_suor_francine_religieuses_instruction_chretienne_spazio_spadoni_sorelle_santa_gemma_misericordia_comunita_pastorale_visita_pistoia-4-300x225.jpg\" alt=\"2024 marzo hicsum 44 italia suor francine religieuses instruction chretienne spazio spadoni sorelle santa gemma misericordia comunita pastorale visita pistoia 4 300x225\"\/><figcaption class=\"wp-element-caption\">03 de marzo | Formaci\u00f3n sobre las Obras de Misericordia<\/figcaption><\/figure>\n\n<\/figure>\n\n\n<\/div>\n\n\n\n\n<div class=\"ss-timeline-item\">\n\n<h4 id=\"24-de-marzo-salida-de-la-hermana\" class=\"gb-text\">24 de marzo | Salida de la hermana<\/h4>\n\n\n\n\n<p class=\"wp-block-paragraph\">La hermana Francine adelanta su regreso al Congo debido a algunos compromisos con la universidad en la que trabaja<\/p>\n\n\n\n<figure class=\"wp-block-gallery has-nested-images columns-1 is-cropped ss-lightbox wp-block-gallery-8 is-layout-flex wp-block-gallery-is-layout-flex\">\n\n<figure class=\"wp-block-image size-large\"><img decoding=\"async\" src=\"https:\/\/spaziospadoni.org\/wp-content\/uploads\/2026\/05\/2024_marzo_24_hicsum_44_suor_francine_religieuses_instruction_chretienne_spazio_spadoni_sorelle_santa_gemma_misericordia_comunita_pastorale_partenza_congo-225x300.jpg\" alt=\"2024 marzo 24 hicsum 44 suor francine religieuses instruction chretienne spazio spadoni sorelle santa gemma misericordia comunita pastorale partenza congo 225x300\"\/><figcaption class=\"wp-element-caption\">24 de marzo | Salida de la hermana<\/figcaption><\/figure>\n\n<\/figure>\n\n\n<\/div>\n\n\n<\/div>\n\n\n\n\n<div class=\"ss-timeline\">\n\n<h3 id=\"2025\" class=\"gb-text\">2025<\/h3>\n\n\n\n\n\n<div class=\"ss-timeline-item\">\n\n<h4 id=\"febrero-diciembre-obras-de-misericordia-con-refugiados\" class=\"gb-text\">Febrero &#8211; Diciembre | Obras de Misericordia con refugiados<\/h4>\n\n\n\n\n<p class=\"wp-block-paragraph\">En &#x27;25, debido al recrudecimiento de la guerra en la Rep\u00fablica Democr\u00e1tica del Congo, las hermanas de la Congregaci\u00f3n se ven obligadas a revisar el programa de difusi\u00f3n de las Obras de Misericordia que hab\u00edan preparado. En &#x27;25, en Goma, la hermana Francine, la hermana Anuarite y la comunidad forman a sus hermanas y ayudan a sus conciudadanos en la emergencia de la guerra. En Bunia, tambi\u00e9n en &#x27;25, donde se encuentra otra comunidad, las hermanas forman y practican las Obras de Misericordia en los campos de refugiados.<\/p>\n\n\n<\/div>\n\n\n\n\n<div class=\"ss-timeline-item\">\n\n<h4 id=\"1213-de-octubre-encuentro-con-spazio-spadoni\" class=\"gb-text\">12-13 de octubre | Encuentro con spazio + spadoni<\/h4>\n\n\n\n\n<p class=\"wp-block-paragraph\">Encuentro en Roma entre spazio + spadoni, la hermana Francine, la hermana Anuarite y la Congregaci\u00f3n. Las hermanas se encontraban en Italia tanto para una reuni\u00f3n general de la Congregaci\u00f3n como para participar en el Jubileo. En octubre de &#x27;25 fue la ocasi\u00f3n adecuada para reunirse y dialogar sobre las actividades apoyadas por spazio + spadoni<\/p>\n\n\n\n<figure class=\"wp-block-gallery has-nested-images columns-1 is-cropped ss-lightbox wp-block-gallery-9 is-layout-flex wp-block-gallery-is-layout-flex\">\n\n<figure class=\"wp-block-image size-large\"><img decoding=\"async\" src=\"https:\/\/spaziospadoni.org\/wp-content\/uploads\/2026\/05\/2025_ottobre_13_suor_francine_anuarite_roma_italia_incontro_luigi_spadoni_opere_misericordia_hic_sum-2.jpg\" alt=\"2025 ottobre 13 suor francine anuarite roma italia incontro luigi spadoni opere misericordia hic sum 2\"\/><figcaption class=\"wp-element-caption\">12-13 de octubre | Encuentro con spazio + spadoni<\/figcaption><\/figure>\n\n\n<figure class=\"wp-block-image size-large\"><img decoding=\"async\" src=\"https:\/\/spaziospadoni.org\/wp-content\/uploads\/2026\/05\/2025_ottobre_12_incontro_suor_gloriose_francine_anuarite_selene_roma_incontro_spazio_spadoni-1.jpeg\" alt=\"2025 ottobre 12 incontro suor gloriose francine anuarite selene roma incontro spazio spadoni 1\"\/><figcaption class=\"wp-element-caption\">12-13 de octubre | Encuentro con spazio + spadoni<\/figcaption><\/figure>\n\n<\/figure>\n\n\n<\/div>\n\n\n<\/div>\n\n\n<\/div>\n\n\n\n<div class=\"ss-project-reports\">\n<h2 id=\"informes-sobre-las-obras-de-misericordia\" class=\"gb-text gb-text-75c3218d\">Informes sobre las Obras de Misericordia<\/h2>\n\n\n<ul class=\"wp-block-list ss-report-list\">\n\n<li><a href=\"https:\/\/spaziospadoni.org\/wp-content\/uploads\/2026\/05\/Febbraio-2026_Opere-di-Misericordia.pdf\" target=\"_blank\" rel=\"noreferrer noopener\" title=\"febrero 2026_Obras de Misericordia\">febrero 2026_Obras de Misericordia<\/a><\/li>\n\n<\/ul>\n\n<\/div>\n\n\n\n<div class=\"ss-project-media\">\n<h2 id=\"fotos-y-videos\" class=\"gb-text gb-text-d7bd8be8\">Fotos y v\u00eddeos<\/h2>\n\n\n<div class=\"ss-media-filters\">\n\n<a class=\"gb-text ss-media-filter active\" data-filter=\"*\" title=\"Todo\">Todo<\/a>\n\n\n<a class=\"gb-text ss-media-filter\" data-filter=\".formazione-opera-m\" title=\"Formaci\u00f3n OPERA M\">Formaci\u00f3n OPERA M<\/a>\n\n\n<a class=\"gb-text ss-media-filter\" data-filter=\".italia\" title=\"Italia\">Italia<\/a>\n\n\n<a class=\"gb-text ss-media-filter\" data-filter=\".repubblica-democratica-del-congo\" title=\"Rep\u00fablica Democr\u00e1tica del Congo\">Rep\u00fablica Democr\u00e1tica del Congo<\/a>\n\n\n<a class=\"gb-text ss-media-filter\" data-filter=\".formazione\" title=\"Formaci\u00f3n\">Formaci\u00f3n<\/a>\n\n\n<a class=\"gb-text ss-media-filter\" data-filter=\".video\" title=\"V\u00eddeos\">V\u00eddeos<\/a>\n\n<\/div>\n\n\n<div class=\"ss-media-grid\">\n<div>\n<figure class=\"wp-block-gallery has-nested-images columns-1 is-cropped ss-lightbox wp-block-gallery-10 is-layout-flex wp-block-gallery-is-layout-flex\">\n\n<figure class=\"wp-block-image size-large formazione-opera-m\"><img decoding=\"async\" alt=\"IMG 9654 scaled\" src=\"https:\/\/spaziospadoni.org\/wp-content\/uploads\/2026\/05\/IMG_9654-scaled-1.jpg\"\/><\/figure>\n\n\n<figure class=\"wp-block-image size-large formazione-opera-m\"><img decoding=\"async\" alt=\"2023 lulgio formazione spazio spadoni opere misericordia italia lucca operam suor anuarite 1 scaled\" src=\"https:\/\/spaziospadoni.org\/wp-content\/uploads\/2026\/05\/2023_lulgio_formazione_spazio_spadoni_opere_misericordia_italia_lucca_operam_suor_anuarite-1-scaled-1.jpg\"\/><\/figure>\n\n\n<figure class=\"wp-block-image size-large formazione-opera-m\"><img decoding=\"async\" alt=\"2023 lulgio formazione spazio spadoni opere misericordia italia lucca operam suor anuarite 5 scaled\" src=\"https:\/\/spaziospadoni.org\/wp-content\/uploads\/2026\/05\/2023_lulgio_formazione_spazio_spadoni_opere_misericordia_italia_lucca_operam_suor_anuarite-5-scaled-1.jpg\"\/><\/figure>\n\n\n<figure class=\"wp-block-image size-large formazione-opera-m\"><img decoding=\"async\" alt=\"2023 lulgio formazione spazio spadoni opere misericordia italia lucca operam suor anuarite 4 scaled\" src=\"https:\/\/spaziospadoni.org\/wp-content\/uploads\/2026\/05\/2023_lulgio_formazione_spazio_spadoni_opere_misericordia_italia_lucca_operam_suor_anuarite-4-scaled-1.jpg\"\/><\/figure>\n\n\n<figure class=\"wp-block-image size-large formazione-opera-m\"><img decoding=\"async\" alt=\"2023 lulgio formazione spazio spadoni opere misericordia italia lucca operam suor anuarite 6 scaled\" src=\"https:\/\/spaziospadoni.org\/wp-content\/uploads\/2026\/05\/2023_lulgio_formazione_spazio_spadoni_opere_misericordia_italia_lucca_operam_suor_anuarite-6-scaled-1.jpg\"\/><\/figure>\n\n\n<figure class=\"wp-block-image size-large formazione-opera-m\"><img decoding=\"async\" alt=\"2023 lulgio formazione spazio spadoni opere misericordia italia lucca operam suor anuarite 2 scaled\" src=\"https:\/\/spaziospadoni.org\/wp-content\/uploads\/2026\/05\/2023_lulgio_formazione_spazio_spadoni_opere_misericordia_italia_lucca_operam_suor_anuarite-2-scaled-1.jpg\"\/><\/figure>\n\n\n<figure class=\"wp-block-image size-large formazione-opera-m\"><img decoding=\"async\" alt=\"2023 lulgio formazione spazio spadoni opere misericordia italia lucca operam suor anuarite 3 scaled\" src=\"https:\/\/spaziospadoni.org\/wp-content\/uploads\/2026\/05\/2023_lulgio_formazione_spazio_spadoni_opere_misericordia_italia_lucca_operam_suor_anuarite-3-scaled-1.jpg\"\/><\/figure>\n\n\n<figure class=\"wp-block-image size-large formazione-opera-m\"><img decoding=\"async\" alt=\"2023 lulgio formazione spazio spadoni opere misericordia italia lucca operam suor anuarite 7 scaled\" src=\"https:\/\/spaziospadoni.org\/wp-content\/uploads\/2026\/05\/2023_lulgio_formazione_spazio_spadoni_opere_misericordia_italia_lucca_operam_suor_anuarite-7-scaled-1.jpg\"\/><\/figure>\n\n\n<figure class=\"wp-block-image size-large italia\"><img decoding=\"async\" alt=\"2023 novembre 19 hicsum 44 suor francine spazio spadoni sorelle santa gemma presentazione comunita 3 225x300\" src=\"https:\/\/spaziospadoni.org\/wp-content\/uploads\/2026\/05\/2023_novembre_19_hicsum_44_suor_francine_spazio_spadoni_sorelle_santa_gemma_presentazione_comunita-3-225x300.jpg\"\/><\/figure>\n\n\n<figure class=\"wp-block-image size-large italia\"><img decoding=\"async\" alt=\"2023 natale suor francine milia sorelle santa gemma formazione hic sum spazio spadoni 5 169x300\" src=\"https:\/\/spaziospadoni.org\/wp-content\/uploads\/2026\/05\/2023_natale_suor_francine_milia_sorelle_santa_gemma_formazione_hic_sum_spazio_spadoni-5-169x300.jpg\"\/><\/figure>\n\n\n<figure class=\"wp-block-image size-large italia\"><img decoding=\"async\" alt=\"2023 natale suor francine milia sorelle santa gemma formazione hic sum spazio spadoni 2 225x300\" src=\"https:\/\/spaziospadoni.org\/wp-content\/uploads\/2026\/05\/2023_natale_suor_francine_milia_sorelle_santa_gemma_formazione_hic_sum_spazio_spadoni-2-225x300.jpg\"\/><\/figure>\n\n\n<figure class=\"wp-block-image size-large italia\"><img decoding=\"async\" alt=\"2023 natale suor francine milia sorelle santa gemma formazione hic sum spazio spadoni 12 169x300\" src=\"https:\/\/spaziospadoni.org\/wp-content\/uploads\/2026\/05\/2023_natale_suor_francine_milia_sorelle_santa_gemma_formazione_hic_sum_spazio_spadoni-12-169x300.jpg\"\/><\/figure>\n\n\n<figure class=\"wp-block-image size-large italia\"><img decoding=\"async\" alt=\"2023 natale suor francine milia sorelle santa gemma formazione hic sum spazio spadoni 10 169x300\" src=\"https:\/\/spaziospadoni.org\/wp-content\/uploads\/2026\/05\/2023_natale_suor_francine_milia_sorelle_santa_gemma_formazione_hic_sum_spazio_spadoni-10-169x300.jpg\"\/><\/figure>\n\n\n<figure class=\"wp-block-image size-large italia\"><img decoding=\"async\" alt=\"2023 natale suor francine milia sorelle santa gemma formazione hic sum spazio spadoni 8 225x300\" src=\"https:\/\/spaziospadoni.org\/wp-content\/uploads\/2026\/05\/2023_natale_suor_francine_milia_sorelle_santa_gemma_formazione_hic_sum_spazio_spadoni-8-225x300.jpg\"\/><\/figure>\n\n\n<figure class=\"wp-block-image size-large repubblica-democratica-del-congo\"><img decoding=\"async\" alt=\"2023 agosto suor francine opere misericordia spazio spadoni 4 300x135\" src=\"https:\/\/spaziospadoni.org\/wp-content\/uploads\/2026\/05\/2023_agosto_suor_francine_opere_misericordia_spazio_spadoni_-4-300x135.jpg\"\/><\/figure>\n\n\n<figure class=\"wp-block-image size-large repubblica-democratica-del-congo\"><img decoding=\"async\" alt=\"2023 agosto suor francine opere misericordia spazio spadoni 3 300x135\" src=\"https:\/\/spaziospadoni.org\/wp-content\/uploads\/2026\/05\/2023_agosto_suor_francine_opere_misericordia_spazio_spadoni_-3-300x135.jpg\"\/><\/figure>\n\n\n<figure class=\"wp-block-image size-large repubblica-democratica-del-congo\"><img decoding=\"async\" alt=\"2023 agosto suor francine opere misericordia spazio spadoni 2 300x135\" src=\"https:\/\/spaziospadoni.org\/wp-content\/uploads\/2026\/05\/2023_agosto_suor_francine_opere_misericordia_spazio_spadoni_-2-300x135.jpg\"\/><\/figure>\n\n\n<figure class=\"wp-block-image size-large repubblica-democratica-del-congo\"><img decoding=\"async\" alt=\"2023 agosto suor francine opere misericordia spazio spadoni 1 135x300\" src=\"https:\/\/spaziospadoni.org\/wp-content\/uploads\/2026\/05\/2023_agosto_suor_francine_opere_misericordia_spazio_spadoni_-1-135x300.jpg\"\/><\/figure>\n\n\n<figure class=\"wp-block-image size-large formazione-opera-m\"><img decoding=\"async\" alt=\"2024 febbraio 15 suorfrancine italia luigi spadoni formazione progetto hic sum 2 225x300\" src=\"https:\/\/spaziospadoni.org\/wp-content\/uploads\/2026\/05\/2024_febbraio_15_suorfrancine_italia_luigi_spadoni_formazione_progetto_hic_sum-2-225x300.jpg\"\/><\/figure>\n\n\n<figure class=\"wp-block-image size-large formazione-opera-m\"><img decoding=\"async\" alt=\"2024 febbraio 15 suorfrancine italia luigi spadoni formazione progetto hic sum 1 225x300\" src=\"https:\/\/spaziospadoni.org\/wp-content\/uploads\/2026\/05\/2024_febbraio_15_suorfrancine_italia_luigi_spadoni_formazione_progetto_hic_sum-1-225x300.jpg\"\/><\/figure>\n\n\n<figure class=\"wp-block-image size-large formazione-opera-m\"><img decoding=\"async\" alt=\"2024 marzo formazione opere misericordia progetto hic sum suor francibe spazio spadoni 5 169x300\" src=\"https:\/\/spaziospadoni.org\/wp-content\/uploads\/2026\/05\/2024_marzo_formazione_opere_misericordia_progetto_hic_sum_suor_francibe_spazio_spadoni-5-169x300.jpg\"\/><\/figure>\n\n\n<figure class=\"wp-block-image size-large formazione-opera-m\"><img decoding=\"async\" alt=\"2024 marzo formazione opere misericordia progetto hic sum suor francibe spazio spadoni 13 225x300\" src=\"https:\/\/spaziospadoni.org\/wp-content\/uploads\/2026\/05\/2024_marzo_formazione_opere_misericordia_progetto_hic_sum_suor_francibe_spazio_spadoni-13-225x300.jpg\"\/><\/figure>\n\n\n<figure class=\"wp-block-image size-large formazione-opera-m\"><img decoding=\"async\" alt=\"2024 marzo formazione opere misericordia progetto hic sum suor francibe spazio spadoni 15 225x300\" src=\"https:\/\/spaziospadoni.org\/wp-content\/uploads\/2026\/05\/2024_marzo_formazione_opere_misericordia_progetto_hic_sum_suor_francibe_spazio_spadoni-15-225x300.jpg\"\/><\/figure>\n\n\n<figure class=\"wp-block-image size-large formazione-opera-m\"><img decoding=\"async\" alt=\"2024 marzo formazione opere misericordia progetto hic sum suor francibe spazio spadoni 17 225x300\" src=\"https:\/\/spaziospadoni.org\/wp-content\/uploads\/2026\/05\/2024_marzo_formazione_opere_misericordia_progetto_hic_sum_suor_francibe_spazio_spadoni-17-225x300.jpg\"\/><\/figure>\n\n\n<figure class=\"wp-block-image size-large formazione-opera-m\"><img decoding=\"async\" alt=\"2024 marzo formazione opere misericordia progetto hic sum suor francibe spazio spadoni 29 225x300\" src=\"https:\/\/spaziospadoni.org\/wp-content\/uploads\/2026\/05\/2024_marzo_formazione_opere_misericordia_progetto_hic_sum_suor_francibe_spazio_spadoni-29-225x300.jpg\"\/><\/figure>\n\n\n<figure class=\"wp-block-image size-large formazione-opera-m\"><img decoding=\"async\" alt=\"2024 marzo formazione opere misericordia progetto hic sum suor francibe spazio spadoni 31 300x225\" src=\"https:\/\/spaziospadoni.org\/wp-content\/uploads\/2026\/05\/2024_marzo_formazione_opere_misericordia_progetto_hic_sum_suor_francibe_spazio_spadoni-31-300x225.jpg\"\/><\/figure>\n\n\n<figure class=\"wp-block-image size-large formazione\"><img decoding=\"async\" alt=\"2024 marzo formazione opere misericordia progetto hic sum suor francibe spazio spadoni 35 225x300\" src=\"https:\/\/spaziospadoni.org\/wp-content\/uploads\/2026\/05\/2024_marzo_formazione_opere_misericordia_progetto_hic_sum_suor_francibe_spazio_spadoni-35-225x300.jpg\"\/><\/figure>\n\n\n<figure class=\"wp-block-image size-large formazione-opera-m\"><img decoding=\"async\" alt=\"2024 marzo formazione opere misericordia progetto hic sum suor francibe spazio spadoni 37 225x300\" src=\"https:\/\/spaziospadoni.org\/wp-content\/uploads\/2026\/05\/2024_marzo_formazione_opere_misericordia_progetto_hic_sum_suor_francibe_spazio_spadoni-37-225x300.jpg\"\/><\/figure>\n\n\n<figure class=\"wp-block-image size-large formazione-opera-m\"><img decoding=\"async\" alt=\"2024 marzo formazione opere misericordia progetto hic sum suor francibe spazio spadoni 41 225x300\" src=\"https:\/\/spaziospadoni.org\/wp-content\/uploads\/2026\/05\/2024_marzo_formazione_opere_misericordia_progetto_hic_sum_suor_francibe_spazio_spadoni-41-225x300.jpg\"\/><\/figure>\n\n\n<figure class=\"wp-block-image size-large italia\"><img decoding=\"async\" alt=\"2024 marzo formazione opere misericordia progetto hic sum suor francibe spazio spadoni 42 169x300\" src=\"https:\/\/spaziospadoni.org\/wp-content\/uploads\/2026\/05\/2024_marzo_formazione_opere_misericordia_progetto_hic_sum_suor_francibe_spazio_spadoni-42-169x300.jpg\"\/><\/figure>\n\n\n<figure class=\"wp-block-image size-large italia\"><img decoding=\"async\" alt=\"2024 marzo formazione opere misericordia progetto hic sum suor francibe spazio spadoni 44 300x169\" src=\"https:\/\/spaziospadoni.org\/wp-content\/uploads\/2026\/05\/2024_marzo_formazione_opere_misericordia_progetto_hic_sum_suor_francibe_spazio_spadoni-44-300x169.jpg\"\/><\/figure>\n\n\n<figure class=\"wp-block-image size-large italia\"><img decoding=\"async\" alt=\"2024 febbraio 5 suor francine progetto hic sum spazio spadoni visita pisa 1 225x300\" src=\"https:\/\/spaziospadoni.org\/wp-content\/uploads\/2026\/05\/2024_febbraio_5_suor_francine_progetto_hic_sum_spazio_spadoni_visita_pisa-1-225x300.jpg\"\/><\/figure>\n\n\n<figure class=\"wp-block-image size-large italia\"><img decoding=\"async\" alt=\"2024 febbraio 5 suor francine progetto hic sum spazio spadoni visita pisa 2 225x300\" src=\"https:\/\/spaziospadoni.org\/wp-content\/uploads\/2026\/05\/2024_febbraio_5_suor_francine_progetto_hic_sum_spazio_spadoni_visita_pisa-2-225x300.jpg\"\/><\/figure>\n\n\n<figure class=\"wp-block-image size-large italia\"><img decoding=\"async\" alt=\"2024 febbraio 5 suor francine progetto hic sum spazio spadoni visita pisa 4 300x225\" src=\"https:\/\/spaziospadoni.org\/wp-content\/uploads\/2026\/05\/2024_febbraio_5_suor_francine_progetto_hic_sum_spazio_spadoni_visita_pisa-4-300x225.jpg\"\/><\/figure>\n\n\n<figure class=\"wp-block-image size-large italia\"><img decoding=\"async\" alt=\"francine 5 1 225x300\" src=\"https:\/\/spaziospadoni.org\/wp-content\/uploads\/2026\/05\/francine-5-1-225x300.jpg\"\/><\/figure>\n\n\n<figure class=\"wp-block-image size-large italia\"><img decoding=\"async\" alt=\"francine 1 1 300x225\" src=\"https:\/\/spaziospadoni.org\/wp-content\/uploads\/2026\/05\/francine-1-1-300x225.jpg\"\/><\/figure>\n\n\n<figure class=\"wp-block-image size-large italia\"><img decoding=\"async\" alt=\"1 300x273\" src=\"https:\/\/spaziospadoni.org\/wp-content\/uploads\/2026\/05\/1-1.jpg\"\/><\/figure>\n\n\n<figure class=\"wp-block-image size-large italia\"><img decoding=\"async\" alt=\"4 e1708506872593 300x244\" src=\"https:\/\/spaziospadoni.org\/wp-content\/uploads\/2026\/05\/4-e1708506872593-300x244.jpg\"\/><\/figure>\n\n\n<figure class=\"wp-block-image size-large repubblica-democratica-del-congo\"><img decoding=\"async\" alt=\"2023 dicembre 6 hicsum 44 suor francine spazio spadoni sorelle santa gemma selene pera goma superiora provinciale 225x300\" src=\"https:\/\/spaziospadoni.org\/wp-content\/uploads\/2026\/05\/2023_dicembre_6_hicsum_44_suor_francine_spazio_spadoni_sorelle_santa_gemma_selene_pera_goma_superiora_provinciale-225x300.jpg\"\/><\/figure>\n\n\n<figure class=\"wp-block-image size-large italia\"><img decoding=\"async\" alt=\"2023 dicembre 25 hicsum 44 suor francine spazio spadoni sorelle santa gemma misericordia festeggiamenti natale 2 300x135\" src=\"https:\/\/spaziospadoni.org\/wp-content\/uploads\/2026\/05\/2023_dicembre_25_hicsum_44_suor_francine_spazio_spadoni_sorelle_santa_gemma_misericordia_festeggiamenti_natale-2-300x135.jpg\"\/><\/figure>\n\n\n<figure class=\"wp-block-image size-large italia\"><img decoding=\"async\" alt=\"2023 novembre 19 hicsum 44 suor francine spazio spadoni sorelle santa gemma presentazione comunita 225x300\" src=\"https:\/\/spaziospadoni.org\/wp-content\/uploads\/2026\/05\/2023_novembre_19_hicsum_44_suor_francine_spazio_spadoni_sorelle_santa_gemma_presentazione_comunita-225x300.jpg\"\/><\/figure>\n\n\n<figure class=\"wp-block-image size-large italia\"><img decoding=\"async\" alt=\"2024 febbraio 22 hicsum 44 suor francine religieuses instruction chretienne spazio spadoni sorelle santa gemma misericordia comunita pastorale consegna divisa 2 225x300\" src=\"https:\/\/spaziospadoni.org\/wp-content\/uploads\/2026\/05\/2024_febbraio_22_hicsum_44_suor_francine_religieuses_instruction_chretienne_spazio_spadoni_sorelle_santa_gemma_misericordia_comunita_pastorale_consegna_divisa-2-225x300.jpg\"\/><\/figure>\n\n\n<figure class=\"wp-block-image size-large italia\"><img decoding=\"async\" alt=\"2024 febbraio 22 hicsum 44 suor francine religieuses instruction chretienne spazio spadoni sorelle santa gemma misericordia comunita pastorale consegna divisa 225x300\" src=\"https:\/\/spaziospadoni.org\/wp-content\/uploads\/2026\/05\/2024_febbraio_22_hicsum_44_suor_francine_religieuses_instruction_chretienne_spazio_spadoni_sorelle_santa_gemma_misericordia_comunita_pastorale_consegna_divisa-225x300.jpg\"\/><\/figure>\n\n\n<figure class=\"wp-block-image size-large italia\"><img decoding=\"async\" alt=\"2024 marzo 3 hicsum 44 suor francine religieuses instruction chretienne spazio spadoni sorelle santa gemma misericordia comunita pastorale formazione 169x300\" src=\"https:\/\/spaziospadoni.org\/wp-content\/uploads\/2026\/05\/2024_marzo_3_hicsum_44_suor_francine_religieuses_instruction_chretienne_spazio_spadoni_sorelle_santa_gemma_misericordia_comunita_pastorale_formazione-169x300.jpg\"\/><\/figure>\n\n\n<figure class=\"wp-block-image size-large italia\"><img decoding=\"async\" alt=\"2024 marzo 15 hicsum 44 suor francine religieuses instruction chretienne spazio spadoni sorelle santa gemma misericordia comunita pastorale incontro vescovo giulietti 225x300\" src=\"https:\/\/spaziospadoni.org\/wp-content\/uploads\/2026\/05\/2024_marzo_15_hicsum_44_suor_francine_religieuses_instruction_chretienne_spazio_spadoni_sorelle_santa_gemma_misericordia_comunita_pastorale_incontro_vescovo_giulietti-225x300.jpg\"\/><\/figure>\n\n\n<figure class=\"wp-block-image size-large italia\"><img decoding=\"async\" alt=\"2024 marzo 24 hicsum 44 italia suor francine religieuses instruction chretienne spazio spadoni sorelle santa gemma misericordia comunita pastorale saluto partenza 4 300x225\" src=\"https:\/\/spaziospadoni.org\/wp-content\/uploads\/2026\/05\/2024_marzo_24_hicsum_44_italia_suor_francine_religieuses_instruction_chretienne_spazio_spadoni_sorelle_santa_gemma_misericordia_comunita_pastorale_saluto_partenza-4-300x225.jpg\"\/><\/figure>\n\n\n<figure class=\"wp-block-image size-large italia\"><img decoding=\"async\" alt=\"2024 marzo 24 hicsum 44 italia suor francine religieuses instruction chretienne spazio spadoni sorelle santa gemma misericordia comunita pastorale saluto partenza 6 135x300\" src=\"https:\/\/spaziospadoni.org\/wp-content\/uploads\/2026\/05\/2024_marzo_24_hicsum_44_italia_suor_francine_religieuses_instruction_chretienne_spazio_spadoni_sorelle_santa_gemma_misericordia_comunita_pastorale_saluto_partenza-6-135x300.jpg\"\/><\/figure>\n\n\n<figure class=\"wp-block-image size-large italia\"><img decoding=\"async\" alt=\"2024 marzo 24 hicsum 44 italia suor francine religieuses instruction chretienne spazio spadoni sorelle santa gemma misericordia comunita pastorale saluto partenza 225x300\" src=\"https:\/\/spaziospadoni.org\/wp-content\/uploads\/2026\/05\/2024_marzo_24_hicsum_44_italia_suor_francine_religieuses_instruction_chretienne_spazio_spadoni_sorelle_santa_gemma_misericordia_comunita_pastorale_saluto_partenza-225x300.jpg\"\/><\/figure>\n\n\n<figure class=\"wp-block-image size-large formazione\"><img decoding=\"async\" alt=\"2024 marzo 24 hicsum 44 suor francine religieuses instruction chretienne spazio spadoni sorelle santa gemma misericordia comunita pastorale partenza congo 225x300\" src=\"https:\/\/spaziospadoni.org\/wp-content\/uploads\/2026\/05\/2024_marzo_24_hicsum_44_suor_francine_religieuses_instruction_chretienne_spazio_spadoni_sorelle_santa_gemma_misericordia_comunita_pastorale_partenza_congo-225x300.jpg\"\/><\/figure>\n\n\n<figure class=\"wp-block-image size-large italia\"><img decoding=\"async\" alt=\"2024 marzo hicsum 44 italia suor francine religieuses instruction chretienne spazio spadoni sorelle santa gemma misericordia comunita pastorale san cerbone luigi 225x300\" src=\"https:\/\/spaziospadoni.org\/wp-content\/uploads\/2026\/05\/2024_marzo_hicsum_44_italia_suor_francine_religieuses_instruction_chretienne_spazio_spadoni_sorelle_santa_gemma_misericordia_comunita_pastorale_san_cerbone_luigi-225x300.jpg\"\/><\/figure>\n\n\n<figure class=\"wp-block-image size-large formazione-opera-m\"><img decoding=\"async\" alt=\"2024 marzo hicsum 44 italia suor francine religieuses instruction chretienne spazio spadoni sorelle santa gemma misericordia comunita pastorale visita pistoia 2 225x300\" src=\"https:\/\/spaziospadoni.org\/wp-content\/uploads\/2026\/05\/2024_marzo_hicsum_44_italia_suor_francine_religieuses_instruction_chretienne_spazio_spadoni_sorelle_santa_gemma_misericordia_comunita_pastorale_visita_pistoia-2-225x300.jpg\"\/><\/figure>\n\n\n<figure class=\"wp-block-image size-large repubblica-democratica-del-congo\"><img decoding=\"async\" alt=\"Religiose Istruzione Cristiana Goma e1715152664668 300x192\" src=\"https:\/\/spaziospadoni.org\/wp-content\/uploads\/2026\/05\/Religiose-Istruzione-Cristiana-Goma-e1715152664668-300x192.jpg\"\/><\/figure>\n\n\n<figure class=\"wp-block-image size-large italia\"><img decoding=\"async\" alt=\"2025 ottobre 13 suor francine anuarite roma italia incontro luigi spadoni opere misericordia hic sum 2\" src=\"https:\/\/spaziospadoni.org\/wp-content\/uploads\/2026\/05\/2025_ottobre_13_suor_francine_anuarite_roma_italia_incontro_luigi_spadoni_opere_misericordia_hic_sum-2.jpg\"\/><\/figure>\n\n\n<figure class=\"wp-block-image size-large italia\"><img decoding=\"async\" alt=\"2025 ottobre 12 incontro suor gloriose francine anuarite selene roma incontro spazio spadoni 1\" src=\"https:\/\/spaziospadoni.org\/wp-content\/uploads\/2026\/05\/2025_ottobre_12_incontro_suor_gloriose_francine_anuarite_selene_roma_incontro_spazio_spadoni-1.jpeg\"\/><\/figure>\n\n\n<figure class=\"wp-block-image size-large italia\"><img decoding=\"async\" alt=\"2025 ottobre 12 incontro suor gloriose francine anuarite selene roma incontro spazio spadoni 2\" src=\"https:\/\/spaziospadoni.org\/wp-content\/uploads\/2026\/05\/2025_ottobre_12_incontro_suor_gloriose_francine_anuarite_selene_roma_incontro_spazio_spadoni-2.jpeg\"\/><\/figure>\n\n<\/figure>\n\n\n<div class=\"gb-element-b24bbf5e ss-media-videos\">\n\n<figure class=\"wp-block-video video\"><video controls=\"\" src=\"https:\/\/spaziospadoni.org\/wp-content\/uploads\/2026\/05\/Suor-Francine_marzo_2024.mp4\"><\/video><figcaption class=\"wp-element-caption\">Suor Francine marzo 2024<\/figcaption><\/figure>\n\n<\/div>\n\n<\/div>\n\n<\/div>\n\n<\/div>\n\n","protected":false},"excerpt":{"rendered":"<p>Goma | Goma (Rep\u00fablica Democr\u00e1tica del Congo) OPERA M35 MISI\u00d3N Lugar Goma Di\u00f3cesis Goma Pa\u00eds Rep\u00fablica Democr\u00e1tica del Congo Continente \u00c1frica Coordenadas GPS -1.65843 29.2223 Zona horaria UTC+2 ORGANIZADOR Congregaci\u00f3n Religieuses de l\u2019Instruction Chr\u00e9tienne Casa Madre Lieja, B\u00e9lgica Di\u00f3cesis Li\u00e8ge Pa\u00eds B\u00e9lgica Continente Europa Fiesta de la Congregaci\u00f3n 25 de marzo Coordenadas GPS 50.63960 5.57009 &#8230; <a title=\"Rep\u00fablica Democr\u00e1tica del Congo &#8211; \u00c1frica | Proyecto M35\" class=\"read-more\" href=\"https:\/\/spaziospadoni.org\/es\/opera-m\/republica-democratica-del-congo-africa-proyecto-m35\/\" aria-label=\"Read more about Rep\u00fablica Democr\u00e1tica del Congo &#8211; \u00c1frica | Proyecto M35\">Leer m\u00e1s<\/a><\/p>\n","protected":false},"author":102,"featured_media":0,"parent":89580,"menu_order":0,"comment_status":"closed","ping_status":"closed","template":"","meta":{"_sitemap_exclude":false,"_sitemap_priority":"","_sitemap_frequency":"","footnotes":""},"class_list":["post-83572","page","type-page","status-publish","infinite-scroll-item"],"yoast_head":"<!-- This site is optimized with the Yoast SEO plugin v28.4 - https:\/\/yoast.com\/product\/yoast-seo-wordpress\/ -->\n<title>Rep\u00fablica Democr\u00e1tica del Congo - \u00c1frica | Proyecto M35 | Spazio Spadoni<\/title>\n<meta name=\"description\" content=\"Goma | Goma (Rep\u00fablica Democr\u00e1tica del Congo) OPERA M35 MISI\u00d3N Lugar Goma Di\u00f3cesis Goma Pa\u00eds Rep\u00fablica Democr\u00e1tica del Congo Continente \u00c1frica Coordenadas\" \/>\n<meta name=\"robots\" content=\"index, follow, max-snippet:-1, max-image-preview:large, max-video-preview:-1\" \/>\n<link rel=\"canonical\" href=\"https:\/\/spaziospadoni.org\/es\/opera-m\/republica-democratica-del-congo-africa-proyecto-m35\/\" \/>\n<meta property=\"og:locale\" content=\"es_ES\" \/>\n<meta property=\"og:type\" content=\"article\" \/>\n<meta property=\"og:title\" content=\"Rep\u00fablica Democr\u00e1tica del Congo - \u00c1frica | Proyecto M35 | Spazio Spadoni\" \/>\n<meta property=\"og:description\" content=\"Goma | Goma (Rep\u00fablica Democr\u00e1tica del Congo) OPERA M35 MISI\u00d3N Lugar Goma Di\u00f3cesis Goma Pa\u00eds Rep\u00fablica Democr\u00e1tica del Congo Continente \u00c1frica Coordenadas\" \/>\n<meta property=\"og:url\" content=\"https:\/\/spaziospadoni.org\/es\/opera-m\/republica-democratica-del-congo-africa-proyecto-m35\/\" \/>\n<meta property=\"og:site_name\" content=\"spazio + spadoni\" \/>\n<meta property=\"article:publisher\" content=\"https:\/\/www.facebook.com\/SpazioSpadoni\/\" \/>\n<meta property=\"article:modified_time\" content=\"2026-07-31T09:54:14+00:00\" \/>\n<meta property=\"og:image\" content=\"https:\/\/spaziospadoni.org\/wp-content\/uploads\/2026\/05\/hicsum_1_congo-spaziospadoni-scaled.png\" \/>\n\t<meta property=\"og:image:width\" content=\"2560\" \/>\n\t<meta property=\"og:image:height\" content=\"1771\" \/>\n\t<meta property=\"og:image:type\" content=\"image\/png\" \/>\n<meta name=\"twitter:card\" content=\"summary_large_image\" \/>\n<meta name=\"twitter:label1\" content=\"Est. reading time\" \/>\n\t<meta name=\"twitter:data1\" content=\"19 minutes\" \/>\n<script type=\"application\/ld+json\" class=\"yoast-schema-graph\">{\"@context\":\"https:\\\/\\\/schema.org\",\"@graph\":[{\"@type\":\"WebPage\",\"@id\":\"https:\\\/\\\/spaziospadoni.org\\\/es\\\/opera-m\\\/republica-democratica-del-congo-africa-proyecto-m35\\\/\",\"url\":\"https:\\\/\\\/spaziospadoni.org\\\/es\\\/opera-m\\\/republica-democratica-del-congo-africa-proyecto-m35\\\/\",\"name\":\"Rep\u00fablica Democr\u00e1tica del Congo - \u00c1frica | Proyecto M35 | Spazio Spadoni\",\"isPartOf\":{\"@id\":\"https:\\\/\\\/spaziospadoni.org\\\/es\\\/#website\"},\"primaryImageOfPage\":{\"@id\":\"https:\\\/\\\/spaziospadoni.org\\\/es\\\/opera-m\\\/republica-democratica-del-congo-africa-proyecto-m35\\\/#primaryimage\"},\"image\":{\"@id\":\"https:\\\/\\\/spaziospadoni.org\\\/es\\\/opera-m\\\/republica-democratica-del-congo-africa-proyecto-m35\\\/#primaryimage\"},\"thumbnailUrl\":\"https:\\\/\\\/spaziospadoni.org\\\/wp-content\\\/uploads\\\/2026\\\/05\\\/hicsum_1_congo-spaziospadoni.png\",\"datePublished\":\"2026-05-18T13:17:39+00:00\",\"dateModified\":\"2026-07-31T09:54:14+00:00\",\"description\":\"Goma | Goma (Rep\u00fablica Democr\u00e1tica del Congo) OPERA M35 MISI\u00d3N Lugar Goma Di\u00f3cesis Goma Pa\u00eds Rep\u00fablica Democr\u00e1tica del Congo Continente \u00c1frica Coordenadas\",\"breadcrumb\":{\"@id\":\"https:\\\/\\\/spaziospadoni.org\\\/es\\\/opera-m\\\/republica-democratica-del-congo-africa-proyecto-m35\\\/#breadcrumb\"},\"inLanguage\":\"es-ES\",\"potentialAction\":[{\"@type\":\"ReadAction\",\"target\":[\"https:\\\/\\\/spaziospadoni.org\\\/es\\\/opera-m\\\/republica-democratica-del-congo-africa-proyecto-m35\\\/\"]}]},{\"@type\":\"ImageObject\",\"inLanguage\":\"es-ES\",\"@id\":\"https:\\\/\\\/spaziospadoni.org\\\/es\\\/opera-m\\\/republica-democratica-del-congo-africa-proyecto-m35\\\/#primaryimage\",\"url\":\"https:\\\/\\\/spaziospadoni.org\\\/wp-content\\\/uploads\\\/2026\\\/05\\\/hicsum_1_congo-spaziospadoni.png\",\"contentUrl\":\"https:\\\/\\\/spaziospadoni.org\\\/wp-content\\\/uploads\\\/2026\\\/05\\\/hicsum_1_congo-spaziospadoni.png\"},{\"@type\":\"BreadcrumbList\",\"@id\":\"https:\\\/\\\/spaziospadoni.org\\\/es\\\/opera-m\\\/republica-democratica-del-congo-africa-proyecto-m35\\\/#breadcrumb\",\"itemListElement\":[{\"@type\":\"ListItem\",\"position\":1,\"name\":\"Home\",\"item\":\"https:\\\/\\\/spaziospadoni.org\\\/es\\\/\"},{\"@type\":\"ListItem\",\"position\":2,\"name\":\"Obras de Misericordia\",\"item\":\"https:\\\/\\\/spaziospadoni.org\\\/es\\\/obras-de-misericordia\\\/\"},{\"@type\":\"ListItem\",\"position\":3,\"name\":\"Rep\u00fablica Democr\u00e1tica del Congo &#8211; \u00c1frica | Proyecto M35\"}]},{\"@type\":\"WebSite\",\"@id\":\"https:\\\/\\\/spaziospadoni.org\\\/es\\\/#website\",\"url\":\"https:\\\/\\\/spaziospadoni.org\\\/es\\\/\",\"name\":\"spazio + spadoni\",\"description\":\"Generazione di misericordia e missione nel mondo\",\"publisher\":{\"@id\":\"https:\\\/\\\/spaziospadoni.org\\\/es\\\/#organization\"},\"alternateName\":\"spaziospadoni.org\",\"potentialAction\":[{\"@type\":\"SearchAction\",\"target\":{\"@type\":\"EntryPoint\",\"urlTemplate\":\"https:\\\/\\\/spaziospadoni.org\\\/es\\\/?s={search_term_string}\"},\"query-input\":{\"@type\":\"PropertyValueSpecification\",\"valueRequired\":true,\"valueName\":\"search_term_string\"}}],\"inLanguage\":\"es-ES\"},{\"@type\":\"Organization\",\"@id\":\"https:\\\/\\\/spaziospadoni.org\\\/es\\\/#organization\",\"name\":\"spazio + spadoni\",\"alternateName\":\"spaziospadoni.org\",\"url\":\"https:\\\/\\\/spaziospadoni.org\\\/es\\\/\",\"logo\":{\"@type\":\"ImageObject\",\"inLanguage\":\"es-ES\",\"@id\":\"https:\\\/\\\/spaziospadoni.org\\\/es\\\/#\\\/schema\\\/logo\\\/image\\\/\",\"url\":\"https:\\\/\\\/spaziospadoni.org\\\/wp-content\\\/uploads\\\/2026\\\/05\\\/spazio-spadoni-logo-100x100-1.webp\",\"contentUrl\":\"https:\\\/\\\/spaziospadoni.org\\\/wp-content\\\/uploads\\\/2026\\\/05\\\/spazio-spadoni-logo-100x100-1.webp\",\"width\":100,\"height\":100,\"caption\":\"spazio + spadoni\"},\"image\":{\"@id\":\"https:\\\/\\\/spaziospadoni.org\\\/es\\\/#\\\/schema\\\/logo\\\/image\\\/\"},\"sameAs\":[\"https:\\\/\\\/www.facebook.com\\\/SpazioSpadoni\\\/\",\"https:\\\/\\\/www.instagram.com\\\/spaziospadoni\\\/\",\"https:\\\/\\\/www.youtube.com\\\/@spaziospadoni\\\/playlists\"]}]}<\/script>\n<!-- \/ Yoast SEO plugin. -->","yoast_head_json":{"title":"Rep\u00fablica Democr\u00e1tica del Congo - \u00c1frica | Proyecto M35 | Spazio Spadoni","description":"Goma | Goma (Rep\u00fablica Democr\u00e1tica del Congo) OPERA M35 MISI\u00d3N Lugar Goma Di\u00f3cesis Goma Pa\u00eds Rep\u00fablica Democr\u00e1tica del Congo Continente \u00c1frica Coordenadas","robots":{"index":"index","follow":"follow","max-snippet":"max-snippet:-1","max-image-preview":"max-image-preview:large","max-video-preview":"max-video-preview:-1"},"canonical":"https:\/\/spaziospadoni.org\/es\/opera-m\/republica-democratica-del-congo-africa-proyecto-m35\/","og_locale":"es_ES","og_type":"article","og_title":"Rep\u00fablica Democr\u00e1tica del Congo - \u00c1frica | Proyecto M35 | Spazio Spadoni","og_description":"Goma | Goma (Rep\u00fablica Democr\u00e1tica del Congo) OPERA M35 MISI\u00d3N Lugar Goma Di\u00f3cesis Goma Pa\u00eds Rep\u00fablica Democr\u00e1tica del Congo Continente \u00c1frica Coordenadas","og_url":"https:\/\/spaziospadoni.org\/es\/opera-m\/republica-democratica-del-congo-africa-proyecto-m35\/","og_site_name":"spazio + spadoni","article_publisher":"https:\/\/www.facebook.com\/SpazioSpadoni\/","article_modified_time":"2026-07-31T09:54:14+00:00","og_image":[{"width":2560,"height":1771,"url":"https:\/\/spaziospadoni.org\/wp-content\/uploads\/2026\/05\/hicsum_1_congo-spaziospadoni-scaled.png","type":"image\/png"}],"twitter_card":"summary_large_image","twitter_misc":{"Est. reading time":"19 minutes"},"schema":{"@context":"https:\/\/schema.org","@graph":[{"@type":"WebPage","@id":"https:\/\/spaziospadoni.org\/es\/opera-m\/republica-democratica-del-congo-africa-proyecto-m35\/","url":"https:\/\/spaziospadoni.org\/es\/opera-m\/republica-democratica-del-congo-africa-proyecto-m35\/","name":"Rep\u00fablica Democr\u00e1tica del Congo - \u00c1frica | Proyecto M35 | Spazio Spadoni","isPartOf":{"@id":"https:\/\/spaziospadoni.org\/es\/#website"},"primaryImageOfPage":{"@id":"https:\/\/spaziospadoni.org\/es\/opera-m\/republica-democratica-del-congo-africa-proyecto-m35\/#primaryimage"},"image":{"@id":"https:\/\/spaziospadoni.org\/es\/opera-m\/republica-democratica-del-congo-africa-proyecto-m35\/#primaryimage"},"thumbnailUrl":"https:\/\/spaziospadoni.org\/wp-content\/uploads\/2026\/05\/hicsum_1_congo-spaziospadoni.png","datePublished":"2026-05-18T13:17:39+00:00","dateModified":"2026-07-31T09:54:14+00:00","description":"Goma | Goma (Rep\u00fablica Democr\u00e1tica del Congo) OPERA M35 MISI\u00d3N Lugar Goma Di\u00f3cesis Goma Pa\u00eds Rep\u00fablica Democr\u00e1tica del Congo Continente \u00c1frica Coordenadas","breadcrumb":{"@id":"https:\/\/spaziospadoni.org\/es\/opera-m\/republica-democratica-del-congo-africa-proyecto-m35\/#breadcrumb"},"inLanguage":"es-ES","potentialAction":[{"@type":"ReadAction","target":["https:\/\/spaziospadoni.org\/es\/opera-m\/republica-democratica-del-congo-africa-proyecto-m35\/"]}]},{"@type":"ImageObject","inLanguage":"es-ES","@id":"https:\/\/spaziospadoni.org\/es\/opera-m\/republica-democratica-del-congo-africa-proyecto-m35\/#primaryimage","url":"https:\/\/spaziospadoni.org\/wp-content\/uploads\/2026\/05\/hicsum_1_congo-spaziospadoni.png","contentUrl":"https:\/\/spaziospadoni.org\/wp-content\/uploads\/2026\/05\/hicsum_1_congo-spaziospadoni.png"},{"@type":"BreadcrumbList","@id":"https:\/\/spaziospadoni.org\/es\/opera-m\/republica-democratica-del-congo-africa-proyecto-m35\/#breadcrumb","itemListElement":[{"@type":"ListItem","position":1,"name":"Home","item":"https:\/\/spaziospadoni.org\/es\/"},{"@type":"ListItem","position":2,"name":"Obras de Misericordia","item":"https:\/\/spaziospadoni.org\/es\/obras-de-misericordia\/"},{"@type":"ListItem","position":3,"name":"Rep\u00fablica Democr\u00e1tica del Congo &#8211; \u00c1frica | Proyecto M35"}]},{"@type":"WebSite","@id":"https:\/\/spaziospadoni.org\/es\/#website","url":"https:\/\/spaziospadoni.org\/es\/","name":"spazio + spadoni","description":"Generazione di misericordia e missione nel mondo","publisher":{"@id":"https:\/\/spaziospadoni.org\/es\/#organization"},"alternateName":"spaziospadoni.org","potentialAction":[{"@type":"SearchAction","target":{"@type":"EntryPoint","urlTemplate":"https:\/\/spaziospadoni.org\/es\/?s={search_term_string}"},"query-input":{"@type":"PropertyValueSpecification","valueRequired":true,"valueName":"search_term_string"}}],"inLanguage":"es-ES"},{"@type":"Organization","@id":"https:\/\/spaziospadoni.org\/es\/#organization","name":"spazio + spadoni","alternateName":"spaziospadoni.org","url":"https:\/\/spaziospadoni.org\/es\/","logo":{"@type":"ImageObject","inLanguage":"es-ES","@id":"https:\/\/spaziospadoni.org\/es\/#\/schema\/logo\/image\/","url":"https:\/\/spaziospadoni.org\/wp-content\/uploads\/2026\/05\/spazio-spadoni-logo-100x100-1.webp","contentUrl":"https:\/\/spaziospadoni.org\/wp-content\/uploads\/2026\/05\/spazio-spadoni-logo-100x100-1.webp","width":100,"height":100,"caption":"spazio + spadoni"},"image":{"@id":"https:\/\/spaziospadoni.org\/es\/#\/schema\/logo\/image\/"},"sameAs":["https:\/\/www.facebook.com\/SpazioSpadoni\/","https:\/\/www.instagram.com\/spaziospadoni\/","https:\/\/www.youtube.com\/@spaziospadoni\/playlists"]}]}},"_links":{"self":[{"href":"https:\/\/spaziospadoni.org\/es\/wp-json\/wp\/v2\/pages\/83572","targetHints":{"allow":["GET"]}}],"collection":[{"href":"https:\/\/spaziospadoni.org\/es\/wp-json\/wp\/v2\/pages"}],"about":[{"href":"https:\/\/spaziospadoni.org\/es\/wp-json\/wp\/v2\/types\/page"}],"author":[{"embeddable":true,"href":"https:\/\/spaziospadoni.org\/es\/wp-json\/wp\/v2\/users\/102"}],"replies":[{"embeddable":true,"href":"https:\/\/spaziospadoni.org\/es\/wp-json\/wp\/v2\/comments?post=83572"}],"version-history":[{"count":0,"href":"https:\/\/spaziospadoni.org\/es\/wp-json\/wp\/v2\/pages\/83572\/revisions"}],"up":[{"embeddable":true,"href":"https:\/\/spaziospadoni.org\/es\/wp-json\/wp\/v2\/pages\/89580"}],"wp:attachment":[{"href":"https:\/\/spaziospadoni.org\/es\/wp-json\/wp\/v2\/media?parent=83572"}],"curies":[{"name":"wp","href":"https:\/\/api.w.org\/{rel}","templated":true}]}}