{"id":87891,"date":"2026-05-18T14:20:26","date_gmt":"2026-05-18T13:20:26","guid":{"rendered":"https:\/\/spaziospadoni.org\/obras-de-misericordia\/repubblica-democratica-del-congo-africa-progetto-m44\/"},"modified":"2026-08-03T13:34:43","modified_gmt":"2026-08-03T12:34:43","slug":"republica-democratica-del-congo-africa-proyecto-m44","status":"publish","type":"page","link":"https:\/\/spaziospadoni.org\/es\/opera-m\/republica-democratica-del-congo-africa-proyecto-m44\/","title":{"rendered":"Rep\u00fablica Democr\u00e1tica del Congo &#8211; \u00c1frica | Proyecto M44"},"content":{"rendered":"\n<div class=\"ss-project-hero-card\">\n<h2 id=\"basankusu-basankusu-republica-democratica-del-congo\" class=\"gb-text gb-text-62a95885\">Basankusu | Basankusu (Rep\u00fablica Democr\u00e1tica del Congo)<\/h2>\n\n\n\n<div class=\"gb-element-f60f2409\">\n<div class=\"gb-element-90a85740 ss-project-sidebar\">\n<h2 id=\"opera-m44\" class=\"gb-text ss-project-title\">OPERA M44<\/h2>\n\n\n\n<figure class=\"wp-block-image size-large\"><img decoding=\"async\" src=\"https:\/\/spaziospadoni.org\/wp-content\/uploads\/2026\/05\/hicsum_1_congo-spaziospadoni.png\" alt=\"hicsum 1 congo spaziospadoni\" class=\"wp-image-43007\"\/><\/figure>\n\n\n\n<div class=\"ss-project-table\">\n<div class=\"ss-table-section-title\">\n<h3 id=\"mision\" class=\"gb-text\">MISI\u00d3N<\/h3>\n<\/div>\n\n\n\n<div class=\"ss-table-row\">\n<p class=\"gb-text\">Lugar<\/p>\n\n\n\n<p class=\"gb-text\"><a href=\"https:\/\/www.google.com\/maps\/place\/Basankusu,+Repubblica+Democratica+del+Congo\/@1.2185751,19.7896385,15z\/data=!3m1!4b1!4m6!3m5!1s0x10af4e65a005ae71:0x1b1ee0f328e43495!8m2!3d1.2174408!4d19.8008384!16zL20vMGNiaGhk?entry=ttu&#038;g_ep=EgoyMDI2MDQwOC4wIKXMDSoASAFQAw%3D%3D\" rel=\"noreferrer noopener\" target=\"_blank\" title=\"Basankusu\">Basankusu<\/a><\/p>\n<\/div>\n\n\n\n<div class=\"ss-table-row\">\n<p class=\"gb-text\">Di\u00f3cesis<\/p>\n\n\n\n<p class=\"gb-text\">Basankusu<\/p>\n<\/div>\n\n\n\n<div class=\"ss-table-row\">\n<p class=\"gb-text\">Pa\u00eds<\/p>\n\n\n\n<p class=\"gb-text\"><strong>Rep\u00fablica Democr\u00e1tica del Congo<\/strong><\/p>\n<\/div>\n\n\n\n<div class=\"ss-table-row\">\n<p class=\"gb-text\">Continente<\/p>\n\n\n\n<p class=\"gb-text\">\u00c1frica<\/p>\n<\/div>\n\n\n\n<div class=\"ss-table-row\">\n<p class=\"gb-text\">Coordenadas GPS<\/p>\n\n\n\n<p class=\"gb-text\">1.21725 19.80178<\/p>\n<\/div>\n\n\n\n<div class=\"ss-table-row\">\n<p class=\"gb-text\">Zona horaria<\/p>\n\n\n\n<p class=\"gb-text\">UTC+1<\/p>\n<\/div>\n<\/div>\n\n\n\n<div class=\"ss-project-table\">\n<div class=\"ss-table-section-title\">\n<h3 id=\"organizador\" class=\"gb-text\">ORGANIZADOR<\/h3>\n<\/div>\n\n\n\n<div class=\"ss-table-row\">\n<p class=\"gb-text\">Congregaci\u00f3n<\/p>\n\n\n\n<p class=\"gb-text\">S\u0153urs de Sainte Th\u00e9r\u00e8se de l&#8217;Enfant J\u00e9sus de Basankusu<\/p>\n<\/div>\n\n\n\n<div class=\"ss-table-row\">\n<p class=\"gb-text\">Casa Madre<\/p>\n\n\n\n<p class=\"gb-text\">Basankusu<\/p>\n<\/div>\n\n\n\n<div class=\"ss-table-row\">\n<p class=\"gb-text\">Di\u00f3cesis<\/p>\n\n\n\n<p class=\"gb-text\">Basankusu<\/p>\n<\/div>\n\n\n\n<div class=\"ss-table-row\">\n<p class=\"gb-text\">Pa\u00eds<\/p>\n\n\n\n<p class=\"gb-text\">Rep\u00fablica Democr\u00e1tica del Congo<\/p>\n<\/div>\n\n\n\n<div class=\"ss-table-row\">\n<p class=\"gb-text\">Continente<\/p>\n\n\n\n<p class=\"gb-text\">\u00c1frica<\/p>\n<\/div>\n\n\n\n<div class=\"ss-table-row\">\n<p class=\"gb-text\">Fiesta de la Congregaci\u00f3n<\/p>\n\n\n\n<p class=\"gb-text\">15 de agosto<\/p>\n<\/div>\n\n\n\n<div class=\"ss-table-row\">\n<p class=\"gb-text\">Coordenadas GPS<\/p>\n\n\n\n<p class=\"gb-text\">1.21725 19.80178<\/p>\n<\/div>\n\n\n\n<div class=\"ss-table-row\">\n<p class=\"gb-text\">Zona horaria<\/p>\n\n\n\n<p class=\"gb-text\">UTC+1<\/p>\n<\/div>\n\n\n\n<div class=\"ss-table-row\">\n<p class=\"gb-text\">Persona de contacto<\/p>\n\n\n\n<p class=\"gb-text\">Hermana F\u00e9licit\u00e9 Mbombe<\/p>\n<\/div>\n\n\n\n<div class=\"ss-table-row\">\n<p class=\"gb-text\">Madre General<\/p>\n\n\n\n<p class=\"gb-text\">Hermana F\u00e9licit\u00e9 Mbombe<\/p>\n<\/div>\n\n\n\n<div class=\"ss-table-row\">\n<p class=\"gb-text\">Sitio web<\/p>\n\n\n\n<p class=\"gb-text\"><a href=\"https:\/\/www.suoresantagemma.it\/\" target=\"_blank\" rel=\"noreferrer noopener\" title=\"suoresantagemma.it\">suoresantagemma.it<\/a><\/p>\n<\/div>\n<\/div>\n\n\n\n<div class=\"ss-project-table\">\n<div class=\"ss-table-section-title\">\n<h3 id=\"spazio-reale\" class=\"gb-text\">SPAZIO REALE<\/h3>\n<\/div>\n\n\n\n<div class=\"ss-table-row\">\n<p class=\"gb-text\">Responsable del proyecto<\/p>\n\n\n\n<p class=\"gb-text\">Hermana F\u00e9licit\u00e9 Mbombe<\/p>\n<\/div>\n\n\n\n<div class=\"ss-table-row\">\n<p class=\"gb-text\">Fecha de inicio<\/p>\n\n\n\n<p class=\"gb-text\"><\/p>\n<\/div>\n\n\n\n<div class=\"ss-table-row\">\n<p class=\"gb-text\">Tipolog\u00eda<\/p>\n\n\n\n<p class=\"gb-text\"><strong>Corte y confecci\u00f3n<\/strong><\/p>\n<\/div>\n<\/div>\n\n\n\n<div class=\"ss-project-table\">\n<a class=\"gb-element-e1766596 ss-table-section-button\" href=\"#\" title=\"OPERA M &#8211; PROYECTO M44\">\n<span class=\"gb-text\">OPERA M &#8211; PROYECTO M44<\/span>\n<\/a>\n<\/div>\n<\/div>\n<\/div>\n\n\n\n<div class=\"gb-element-6ad95ea8\">\n<div class=\"gb-element-e34063a6 ss-project-intro\">\n<p class=\"wp-block-paragraph\">OPERA M es la revoluci\u00f3n de las obras de misericordia. Es el instrumento permanente para desarrollar un pensamiento fuerte y renovado sobre las obras en el mundo.<\/p>\n\n\n\n<p class=\"wp-block-paragraph\">Nace de una urgencia fuertemente sentida por spazio + spadoni de r<strong>E<\/strong>volucionar el concepto de obra de misericordia como un camino que es siempre humano y divino al mismo tiempo y, por tanto, siempre espiritual adem\u00e1s de pr\u00e1ctico (o corporal). El redescubrimiento, es m\u00e1s, la verdadera r<strong>E<\/strong>voluci\u00f3n de las obras debe redescubrirse dentro de esta s\u00edntesis entre el aspecto espiritual y el acto pr\u00e1ctico. El obrar material debe estar siempre impregnado por el esp\u00edritu.<\/p>\n\n\n\n<p class=\"wp-block-paragraph\">OPERA M se basa en cinco acciones que definen su m\u00e9todo: INVOCA, llama al Esp\u00edritu ESCUCHA, guarda silencio para abrirte a la escucha ENCUENTRA, permanece entre la gente ACTUEMOS, actuar por las obras INUNDEMOS, llevemos a todos a las Obras de Misericordia <strong>Obras de Misericordia espirituales<\/strong> Aconsejar a los que dudan Ense\u00f1ar a los ignorantes Amonestar a los pecadores Consolar a los afligidos Perdonar las ofensas Soportar con paciencia a las personas molestas Rogar a Dios por los vivos y por los difuntos <strong>Obras de Misericordia corporales<\/strong> Dar de comer al hambriento Dar de beber al sediento Vestir al desnudo Dar posada al peregrino Visitar a los enfermos Visitar a los presos Enterrar a los muertos<\/p>\n\n<\/div>\n<\/div>\n\n\n\n\n<div>\n\n<h2 id=\"cronologia\" class=\"gb-text gb-text-8179e40a\">Cronolog\u00eda<\/h2>\n\n\n\n\n\n<div class=\"ss-timeline\">\n\n<h3 id=\"2025\" class=\"gb-text\">2025<\/h3>\n\n\n\n\n\n<div class=\"ss-timeline-item\">\n\n<h4 id=\"mayo-encuentro-en-roma\" class=\"gb-text\">Mayo | Encuentro en Roma<\/h4>\n\n\n\n\n<p class=\"wp-block-paragraph\">En mayo de &#x27;25, la hermana F\u00e9licit\u00e9, que se encontraba en Roma con motivo de la Asamblea de la UISG, conoce spazio + spadoni. La Madre tiene la oportunidad de hablar con Luigi Spadoni. Desde mayo de &#x27;25 comienza la colaboraci\u00f3n, totalmente centrada en el compromiso con la difusi\u00f3n de las Obras de Misericordia &#8211; OPERA M.<\/p>\n\n\n<\/div>\n\n\n\n\n<div class=\"ss-timeline-item\">\n\n<h4 id=\"9-de-junio-revolucion-de-las-obras-de-misericordia\" class=\"gb-text\">9 de junio | Revoluci\u00f3n de las Obras de Misericordia<\/h4>\n\n\n\n\n<p class=\"wp-block-paragraph\">La Madre F\u00e9licit\u00e9 comunica que la Congregaci\u00f3n pretende comprometerse a dar a conocer la rEvoluci\u00f3n de las Obras de Misericordia promovida por spazio + spadoni<\/p>\n\n\n<\/div>\n\n\n\n\n<div class=\"ss-timeline-item\">\n\n<h4 id=\"8-de-agosto-envio-del-proyecto\" class=\"gb-text\">8 de agosto | Env\u00edo del proyecto<\/h4>\n\n\n\n\n<p class=\"wp-block-paragraph\">En agosto de &#x27;25, la Congregaci\u00f3n presenta un proyecto de apoyo a la actividad de corte y confecci\u00f3n<\/p>\n\n\n<\/div>\n\n\n\n\n<div class=\"ss-timeline-item\">\n\n<h4 id=\"19-de-septiembre-embajadora-de-las-obras-de-misericordia\" class=\"gb-text\">19 de septiembre | Embajadora de las Obras de Misericordia<\/h4>\n\n\n\n\n<p class=\"wp-block-paragraph\">Durante un encuentro en l\u00ednea, la hermana F\u00e9licit\u00e9 comunica que la hermana elegida para ser Embajadora de las Obras de Misericordia es la hermana Baudouine<\/p>\n\n\n<\/div>\n\n\n\n\n<div class=\"ss-timeline-item\">\n\n<h4 id=\"14-de-octubre-encuentro-en-roma\" class=\"gb-text\">14 de octubre | Encuentro en Roma<\/h4>\n\n\n\n\n<p class=\"wp-block-paragraph\">En octubre de &#x27;25, la hermana F\u00e9licit\u00e9, que se encuentra en Roma con motivo del Jubileo, se re\u00fane con Luigi Spadoni y juntos sientan las bases concretas para desarrollar la colaboraci\u00f3n tanto en lo que respecta a OPERA M como a la empresa social<\/p>\n\n\n\n<figure class=\"wp-block-gallery has-nested-images columns-1 is-cropped ss-lightbox wp-block-gallery-1 is-layout-flex wp-block-gallery-is-layout-flex\">\n\n<figure class=\"wp-block-image size-large\"><img decoding=\"async\" src=\"https:\/\/spaziospadoni.org\/wp-content\/uploads\/2026\/05\/2025_ottobre_suor_felicite_luigi_spadoni_roma_incontro_formazione_opere_misericordia_operam-4.jpg\" alt=\"2025 ottobre suor felicite luigi spadoni roma incontro formazione opere misericordia operam 4\"\/><figcaption class=\"wp-element-caption\">14 de octubre | Encuentro en Roma<\/figcaption><\/figure>\n\n<\/figure>\n\n\n<\/div>\n\n\n\n\n<div class=\"ss-timeline-item\">\n\n<h4 id=\"11-de-diciembre-reevaluacion-del-proyecto\" class=\"gb-text\">11 de diciembre | Reevaluaci\u00f3n del proyecto<\/h4>\n\n\n\n\n<p class=\"wp-block-paragraph\">En diciembre de &#x27;25, despu\u00e9s de dialogar con Luigi, la Congregaci\u00f3n decide cambiar de proyecto y sustituir el proyecto de corte y confecci\u00f3n presentado anteriormente por uno relacionado con la cr\u00eda de aves<\/p>\n\n\n<\/div>\n\n\n<\/div>\n\n\n\n\n<div class=\"ss-timeline\">\n\n<h3 id=\"2026\" class=\"gb-text\">2026<\/h3>\n\n\n\n\n\n<div class=\"ss-timeline-item\">\n\n<h4 id=\"14-de-enero-encuentro-diocesano-opera-m\" class=\"gb-text\">14 de enero | Encuentro diocesano OPERA M<\/h4>\n\n\n\n\n<p class=\"wp-block-paragraph\">En enero de &#x27;26, el encuentro fue organizado por el padre Corneille Bolenga, rector de la Catedral, para los responsables de las peque\u00f1as comunidades locales de los cuatro sectores pastorales de la ciudad de Basankusu. Se ofreci\u00f3 una formaci\u00f3n sobre las Obras de Misericordia (corporales y espirituales) a m\u00e1s de 100 personas. En enero de &#x27;26 se distribuy\u00f3 el pa\u00f1uelo de spazio + spadoni. Los participantes mostraron gran inter\u00e9s por la formaci\u00f3n.<\/p>\n\n\n\n<figure class=\"wp-block-gallery has-nested-images columns-1 is-cropped ss-lightbox wp-block-gallery-2 is-layout-flex wp-block-gallery-is-layout-flex\">\n\n<figure class=\"wp-block-image size-large\"><img decoding=\"async\" src=\"https:\/\/spaziospadoni.org\/wp-content\/uploads\/2026\/05\/2026_gennaio_suor_felicita_congo_incontro_diocesi_basankuso_opere_misericordia_operam_spazio_spadoni.jpeg\" alt=\"2026 gennaio suor felicita congo incontro diocesi basankuso opere misericordia operam spazio spadoni\"\/><figcaption class=\"wp-element-caption\">14 de enero | Encuentro diocesano OPERA M<\/figcaption><\/figure>\n\n<\/figure>\n\n\n<\/div>\n\n\n\n\n<div class=\"ss-timeline-item\">\n\n<h4 id=\"2-de-marzo-congregacion-en-opera-m\" class=\"gb-text\">2 de marzo | Congregaci\u00f3n en OPERA M<\/h4>\n\n\n\n\n<p class=\"wp-block-paragraph\">La hermana F\u00e9licit\u00e9 env\u00eda una lista de hermanas que, en cada una de sus comunidades, se encargar\u00e1n de difundir las Obras de Misericordia. Lista de las C\u00f3nsules.<\/p>\n\n\n<\/div>\n\n\n\n\n<div class=\"ss-timeline-item\">\n\n<h4 id=\"25-de-marzo-comite-del-foro\" class=\"gb-text\">25 de marzo | Comit\u00e9 del Foro<\/h4>\n\n\n\n\n<p class=\"wp-block-paragraph\">La hermana F\u00e9licit\u00e9 presenta el comit\u00e9 que se encargar\u00e1 de organizar el Foro de las Obras de Misericordia en la di\u00f3cesis de Basankusu<\/p>\n\n\n<\/div>\n\n\n\n\n<div class=\"ss-timeline-item\">\n\n<h4 id=\"12-de-abril-confeccion-de-panuelos\" class=\"gb-text\">12 de abril | Confecci\u00f3n de pa\u00f1uelos<\/h4>\n\n\n\n\n<p class=\"wp-block-paragraph\">Se confeccionaron pa\u00f1uelos para distribuirlos entre los miembros de spazio + spadoni<\/p>\n\n\n\n<figure class=\"wp-block-gallery has-nested-images columns-1 is-cropped ss-lightbox wp-block-gallery-3 is-layout-flex wp-block-gallery-is-layout-flex\">\n\n<figure class=\"wp-block-image size-large\"><img decoding=\"async\" src=\"https:\/\/spaziospadoni.org\/wp-content\/uploads\/2026\/05\/2026_12_aprile_foulard_spazio_spadoni_abitanti_basankusu_congo_suor_felicite_opere_misericordia_operam-1.jpeg\" alt=\"2026 12 aprile foulard spazio spadoni abitanti basankusu congo suor felicite opere misericordia operam 1\"\/><figcaption class=\"wp-element-caption\">12 de abril | Confecci\u00f3n de pa\u00f1uelos<\/figcaption><\/figure>\n\n<\/figure>\n\n\n<\/div>\n\n\n\n\n<div class=\"ss-timeline-item\">\n\n<h4 id=\"13-de-mayo-formacion-de-novicias\" class=\"gb-text\">13 de mayo | Formaci\u00f3n de novicias<\/h4>\n\n\n\n\n<p class=\"wp-block-paragraph\">La hermana Baudouine Ekomba, Embajadora de la Misericordia, imparte a las novicias una formaci\u00f3n sobre la rEvoluci\u00f3n de las Obras de Misericordia. Pronto partir\u00e1n para realizar sus pr\u00e1cticas en las distintas comunidades, donde compartir\u00e1n la formaci\u00f3n recibida.<\/p>\n\n\n\n<figure class=\"wp-block-gallery has-nested-images columns-1 is-cropped ss-lightbox wp-block-gallery-4 is-layout-flex wp-block-gallery-is-layout-flex\">\n\n<figure class=\"wp-block-image size-large\"><img decoding=\"async\" src=\"https:\/\/spaziospadoni.org\/wp-content\/uploads\/2026\/05\/2026_maggio_13_suor_felicite_ambasciatrice_opere_misericordia_formazione_novizie_congo_spazio_spadoni_operam-3.jpeg\" alt=\"2026 maggio 13 suor felicite ambasciatrice opere misericordia formazione novizie congo spazio spadoni operam 3\"\/><figcaption class=\"wp-element-caption\">13 de mayo | Formaci\u00f3n de novicias<\/figcaption><\/figure>\n\n<\/figure>\n\n\n<\/div>\n\n\n<\/div>\n\n\n<\/div>\n\n\n\n<div class=\"ss-project-reports\">\n<h2 id=\"informes-sobre-las-obras-de-misericordia\" class=\"gb-text gb-text-75c3218d\">Informes sobre las Obras de Misericordia<\/h2>\n\n\n<ul class=\"wp-block-list ss-report-list\">\n\n<li><a href=\"https:\/\/spaziospadoni.org\/wp-content\/uploads\/2026\/05\/Progetto-Impresa-Sociale-Soeurs-de-Sainte-Therese-de-lEnfant-Jesus-de-Basankusu.pdf\" target=\"_blank\" rel=\"noreferrer noopener\" title=\"Proyecto de Empresa Social &#8211; S\u0153urs de Sainte Th\u00e9r\u00e8se de l\u2019Enfant J\u00e9sus de Basankusu\">Proyecto de Empresa Social &#8211; S\u0153urs de Sainte Th\u00e9r\u00e8se de l\u2019Enfant J\u00e9sus de Basankusu<\/a><\/li>\n\n<\/ul>\n\n<\/div>\n\n\n\n<div class=\"ss-project-media\">\n<h2 id=\"fotos-y-videos\" class=\"gb-text gb-text-d7bd8be8\">Fotos y v\u00eddeos<\/h2>\n\n\n<div class=\"ss-media-filters\">\n\n<a class=\"gb-text ss-media-filter active\" data-filter=\"*\" title=\"Todo\">Todo<\/a>\n\n\n<a class=\"gb-text ss-media-filter\" data-filter=\".italia\" title=\"Italia\">Italia<\/a>\n\n\n<a class=\"gb-text ss-media-filter\" data-filter=\".basankusu\" title=\"Basankusu\">Basankusu<\/a>\n\n<\/div>\n\n\n<div class=\"ss-media-grid\">\n<div>\n<figure class=\"wp-block-gallery has-nested-images columns-1 is-cropped ss-lightbox wp-block-gallery-5 is-layout-flex wp-block-gallery-is-layout-flex\">\n\n<figure class=\"wp-block-image size-large italia\"><img decoding=\"async\" alt=\"2025 ottobre suor felicite luigi spadoni roma incontro formazione opere misericordia operam 4\" src=\"https:\/\/spaziospadoni.org\/wp-content\/uploads\/2026\/05\/2025_ottobre_suor_felicite_luigi_spadoni_roma_incontro_formazione_opere_misericordia_operam-4.jpg\"\/><\/figure>\n\n\n<figure class=\"wp-block-image size-large italia\"><img decoding=\"async\" alt=\"2025 ottobre suor felicite luigi spadoni roma incontro formazione opere misericordia operam 3\" src=\"https:\/\/spaziospadoni.org\/wp-content\/uploads\/2026\/05\/2025_ottobre_suor_felicite_luigi_spadoni_roma_incontro_formazione_opere_misericordia_operam-3.jpg\"\/><\/figure>\n\n\n<figure class=\"wp-block-image size-large basankusu\"><img decoding=\"async\" alt=\"2026 gennaio suor felicita congo incontro diocesi basankuso opere misericordia operam spazio spadoni\" src=\"https:\/\/spaziospadoni.org\/wp-content\/uploads\/2026\/05\/2026_gennaio_suor_felicita_congo_incontro_diocesi_basankuso_opere_misericordia_operam_spazio_spadoni.jpeg\"\/><\/figure>\n\n\n<figure class=\"wp-block-image size-large basankusu\"><img decoding=\"async\" alt=\"2026 12 aprile foulard spazio spadoni abitanti basankusu congo suor felicite opere misericordia operam 5\" src=\"https:\/\/spaziospadoni.org\/wp-content\/uploads\/2026\/05\/2026_12_aprile_foulard_spazio_spadoni_abitanti_basankusu_congo_suor_felicite_opere_misericordia_operam-5.jpeg\"\/><\/figure>\n\n\n<figure class=\"wp-block-image size-large basankusu\"><img decoding=\"async\" alt=\"2026 12 aprile foulard spazio spadoni abitanti basankusu congo suor felicite opere misericordia operam 1\" src=\"https:\/\/spaziospadoni.org\/wp-content\/uploads\/2026\/05\/2026_12_aprile_foulard_spazio_spadoni_abitanti_basankusu_congo_suor_felicite_opere_misericordia_operam-1.jpeg\"\/><\/figure>\n\n\n<figure class=\"wp-block-image size-large basankusu\"><img decoding=\"async\" alt=\"2026 12 aprile foulard spazio spadoni abitanti basankusu congo suor felicite opere misericordia operam 4\" src=\"https:\/\/spaziospadoni.org\/wp-content\/uploads\/2026\/05\/2026_12_aprile_foulard_spazio_spadoni_abitanti_basankusu_congo_suor_felicite_opere_misericordia_operam-4.jpeg\"\/><\/figure>\n\n\n<figure class=\"wp-block-image size-large basankusu\"><img decoding=\"async\" alt=\"2026 12 aprile foulard spazio spadoni abitanti basankusu congo suor felicite opere misericordia operam 3\" src=\"https:\/\/spaziospadoni.org\/wp-content\/uploads\/2026\/05\/2026_12_aprile_foulard_spazio_spadoni_abitanti_basankusu_congo_suor_felicite_opere_misericordia_operam-3.jpeg\"\/><\/figure>\n\n\n<figure class=\"wp-block-image size-large basankusu\"><img decoding=\"async\" alt=\"2026 12 aprile foulard spazio spadoni abitanti basankusu congo suor felicite opere misericordia operam 6\" src=\"https:\/\/spaziospadoni.org\/wp-content\/uploads\/2026\/05\/2026_12_aprile_foulard_spazio_spadoni_abitanti_basankusu_congo_suor_felicite_opere_misericordia_operam-6.jpeg\"\/><\/figure>\n\n\n<figure class=\"wp-block-image size-large basankusu\"><img decoding=\"async\" alt=\"2026 12 aprile foulard spazio spadoni abitanti basankusu congo suor felicite opere misericordia operam 7\" src=\"https:\/\/spaziospadoni.org\/wp-content\/uploads\/2026\/05\/2026_12_aprile_foulard_spazio_spadoni_abitanti_basankusu_congo_suor_felicite_opere_misericordia_operam-7.jpeg\"\/><\/figure>\n\n\n<figure class=\"wp-block-image size-large basankusu\"><img decoding=\"async\" alt=\"2026 maggio 13 suor felicite ambasciatrice opere misericordia formazione novizie congo spazio spadoni operam 1\" src=\"https:\/\/spaziospadoni.org\/wp-content\/uploads\/2026\/05\/2026_maggio_13_suor_felicite_ambasciatrice_opere_misericordia_formazione_novizie_congo_spazio_spadoni_operam-1.jpeg\"\/><\/figure>\n\n\n<figure class=\"wp-block-image size-large basankusu\"><img decoding=\"async\" alt=\"2026 maggio 13 suor felicite ambasciatrice opere misericordia formazione novizie congo spazio spadoni operam 2\" src=\"https:\/\/spaziospadoni.org\/wp-content\/uploads\/2026\/05\/2026_maggio_13_suor_felicite_ambasciatrice_opere_misericordia_formazione_novizie_congo_spazio_spadoni_operam-2.jpeg\"\/><\/figure>\n\n\n<figure class=\"wp-block-image size-large basankusu\"><img decoding=\"async\" alt=\"2026 maggio 13 suor felicite ambasciatrice opere misericordia formazione novizie congo spazio spadoni operam 3\" src=\"https:\/\/spaziospadoni.org\/wp-content\/uploads\/2026\/05\/2026_maggio_13_suor_felicite_ambasciatrice_opere_misericordia_formazione_novizie_congo_spazio_spadoni_operam-3.jpeg\"\/><\/figure>\n\n\n<figure class=\"wp-block-image size-large basankusu\"><img decoding=\"async\" alt=\"2026 maggio 13 suor felicite ambasciatrice opere misericordia formazione novizie congo spazio spadoni operam 4\" src=\"https:\/\/spaziospadoni.org\/wp-content\/uploads\/2026\/05\/2026_maggio_13_suor_felicite_ambasciatrice_opere_misericordia_formazione_novizie_congo_spazio_spadoni_operam-4.jpeg\"\/><\/figure>\n\n<\/figure>\n\n<\/div>\n\n<\/div>\n\n<\/div>\n\n","protected":false},"excerpt":{"rendered":"<p>Basankusu | Basankusu (Rep\u00fablica Democr\u00e1tica del Congo) OPERA M44 MISI\u00d3N Lugar Basankusu Di\u00f3cesis Basankusu Pa\u00eds Rep\u00fablica Democr\u00e1tica del Congo Continente \u00c1frica Coordenadas GPS 1.21725 19.80178 Zona horaria UTC+1 ORGANIZADOR Congregaci\u00f3n S\u0153urs de Sainte Th\u00e9r\u00e8se de l&#8217;Enfant J\u00e9sus de Basankusu Casa Madre Basankusu Di\u00f3cesis Basankusu Pa\u00eds Rep\u00fablica Democr\u00e1tica del Congo Continente \u00c1frica Fiesta de la Congregaci\u00f3n &#8230; <a title=\"Rep\u00fablica Democr\u00e1tica del Congo &#8211; \u00c1frica | Proyecto M44\" class=\"read-more\" href=\"https:\/\/spaziospadoni.org\/es\/opera-m\/republica-democratica-del-congo-africa-proyecto-m44\/\" aria-label=\"Read more about Rep\u00fablica Democr\u00e1tica del Congo &#8211; \u00c1frica | Proyecto M44\">Leer m\u00e1s<\/a><\/p>\n","protected":false},"author":102,"featured_media":0,"parent":89580,"menu_order":0,"comment_status":"closed","ping_status":"closed","template":"","meta":{"_sitemap_exclude":false,"_sitemap_priority":"","_sitemap_frequency":"","footnotes":""},"class_list":["post-87891","page","type-page","status-publish","infinite-scroll-item"],"yoast_head":"<!-- This site is optimized with the Yoast SEO plugin v28.4 - https:\/\/yoast.com\/product\/yoast-seo-wordpress\/ -->\n<title>Rep\u00fablica Democr\u00e1tica del Congo - \u00c1frica | Proyecto M44 | Spazio Spadoni<\/title>\n<meta name=\"description\" content=\"Basankusu | Basankusu (Rep\u00fablica Democr\u00e1tica del Congo) OPERA M44 MISI\u00d3N Lugar Basankusu Di\u00f3cesis Basankusu Pa\u00eds Rep\u00fablica Democr\u00e1tica del Congo\" \/>\n<meta name=\"robots\" content=\"index, follow, max-snippet:-1, max-image-preview:large, max-video-preview:-1\" \/>\n<link rel=\"canonical\" href=\"https:\/\/spaziospadoni.org\/es\/opera-m\/republica-democratica-del-congo-africa-proyecto-m44\/\" \/>\n<meta property=\"og:locale\" content=\"es_ES\" \/>\n<meta property=\"og:type\" content=\"article\" \/>\n<meta property=\"og:title\" content=\"Rep\u00fablica Democr\u00e1tica del Congo - \u00c1frica | Proyecto M44 | Spazio Spadoni\" \/>\n<meta property=\"og:description\" content=\"Basankusu | Basankusu (Rep\u00fablica Democr\u00e1tica del Congo) OPERA M44 MISI\u00d3N Lugar Basankusu Di\u00f3cesis Basankusu Pa\u00eds Rep\u00fablica Democr\u00e1tica del Congo\" \/>\n<meta property=\"og:url\" content=\"https:\/\/spaziospadoni.org\/es\/opera-m\/republica-democratica-del-congo-africa-proyecto-m44\/\" \/>\n<meta property=\"og:site_name\" content=\"spazio + spadoni\" \/>\n<meta property=\"article:publisher\" content=\"https:\/\/www.facebook.com\/SpazioSpadoni\/\" \/>\n<meta property=\"article:modified_time\" content=\"2026-08-03T12:34:43+00:00\" \/>\n<meta property=\"og:image\" content=\"https:\/\/spaziospadoni.org\/wp-content\/uploads\/2026\/05\/hicsum_1_congo-spaziospadoni-scaled.png\" \/>\n\t<meta property=\"og:image:width\" content=\"2560\" \/>\n\t<meta property=\"og:image:height\" content=\"1771\" \/>\n\t<meta property=\"og:image:type\" content=\"image\/png\" \/>\n<meta name=\"twitter:card\" content=\"summary_large_image\" \/>\n<meta name=\"twitter:label1\" content=\"Est. reading time\" \/>\n\t<meta name=\"twitter:data1\" content=\"8 minutes\" \/>\n<script type=\"application\/ld+json\" class=\"yoast-schema-graph\">{\"@context\":\"https:\\\/\\\/schema.org\",\"@graph\":[{\"@type\":\"WebPage\",\"@id\":\"https:\\\/\\\/spaziospadoni.org\\\/es\\\/opera-m\\\/republica-democratica-del-congo-africa-proyecto-m44\\\/\",\"url\":\"https:\\\/\\\/spaziospadoni.org\\\/es\\\/opera-m\\\/republica-democratica-del-congo-africa-proyecto-m44\\\/\",\"name\":\"Rep\u00fablica Democr\u00e1tica del Congo - \u00c1frica | Proyecto M44 | Spazio Spadoni\",\"isPartOf\":{\"@id\":\"https:\\\/\\\/spaziospadoni.org\\\/es\\\/#website\"},\"primaryImageOfPage\":{\"@id\":\"https:\\\/\\\/spaziospadoni.org\\\/es\\\/opera-m\\\/republica-democratica-del-congo-africa-proyecto-m44\\\/#primaryimage\"},\"image\":{\"@id\":\"https:\\\/\\\/spaziospadoni.org\\\/es\\\/opera-m\\\/republica-democratica-del-congo-africa-proyecto-m44\\\/#primaryimage\"},\"thumbnailUrl\":\"https:\\\/\\\/spaziospadoni.org\\\/wp-content\\\/uploads\\\/2026\\\/05\\\/hicsum_1_congo-spaziospadoni.png\",\"datePublished\":\"2026-05-18T13:20:26+00:00\",\"dateModified\":\"2026-08-03T12:34:43+00:00\",\"description\":\"Basankusu | Basankusu (Rep\u00fablica Democr\u00e1tica del Congo) OPERA M44 MISI\u00d3N Lugar Basankusu Di\u00f3cesis Basankusu Pa\u00eds Rep\u00fablica Democr\u00e1tica del Congo\",\"breadcrumb\":{\"@id\":\"https:\\\/\\\/spaziospadoni.org\\\/es\\\/opera-m\\\/republica-democratica-del-congo-africa-proyecto-m44\\\/#breadcrumb\"},\"inLanguage\":\"es-ES\",\"potentialAction\":[{\"@type\":\"ReadAction\",\"target\":[\"https:\\\/\\\/spaziospadoni.org\\\/es\\\/opera-m\\\/republica-democratica-del-congo-africa-proyecto-m44\\\/\"]}]},{\"@type\":\"ImageObject\",\"inLanguage\":\"es-ES\",\"@id\":\"https:\\\/\\\/spaziospadoni.org\\\/es\\\/opera-m\\\/republica-democratica-del-congo-africa-proyecto-m44\\\/#primaryimage\",\"url\":\"https:\\\/\\\/spaziospadoni.org\\\/wp-content\\\/uploads\\\/2026\\\/05\\\/hicsum_1_congo-spaziospadoni.png\",\"contentUrl\":\"https:\\\/\\\/spaziospadoni.org\\\/wp-content\\\/uploads\\\/2026\\\/05\\\/hicsum_1_congo-spaziospadoni.png\"},{\"@type\":\"BreadcrumbList\",\"@id\":\"https:\\\/\\\/spaziospadoni.org\\\/es\\\/opera-m\\\/republica-democratica-del-congo-africa-proyecto-m44\\\/#breadcrumb\",\"itemListElement\":[{\"@type\":\"ListItem\",\"position\":1,\"name\":\"Home\",\"item\":\"https:\\\/\\\/spaziospadoni.org\\\/es\\\/\"},{\"@type\":\"ListItem\",\"position\":2,\"name\":\"Obras de Misericordia\",\"item\":\"https:\\\/\\\/spaziospadoni.org\\\/es\\\/obras-de-misericordia\\\/\"},{\"@type\":\"ListItem\",\"position\":3,\"name\":\"Rep\u00fablica Democr\u00e1tica del Congo &#8211; \u00c1frica | Proyecto M44\"}]},{\"@type\":\"WebSite\",\"@id\":\"https:\\\/\\\/spaziospadoni.org\\\/es\\\/#website\",\"url\":\"https:\\\/\\\/spaziospadoni.org\\\/es\\\/\",\"name\":\"spazio + spadoni\",\"description\":\"Generazione di misericordia e missione nel mondo\",\"publisher\":{\"@id\":\"https:\\\/\\\/spaziospadoni.org\\\/es\\\/#organization\"},\"alternateName\":\"spaziospadoni.org\",\"potentialAction\":[{\"@type\":\"SearchAction\",\"target\":{\"@type\":\"EntryPoint\",\"urlTemplate\":\"https:\\\/\\\/spaziospadoni.org\\\/es\\\/?s={search_term_string}\"},\"query-input\":{\"@type\":\"PropertyValueSpecification\",\"valueRequired\":true,\"valueName\":\"search_term_string\"}}],\"inLanguage\":\"es-ES\"},{\"@type\":\"Organization\",\"@id\":\"https:\\\/\\\/spaziospadoni.org\\\/es\\\/#organization\",\"name\":\"spazio + spadoni\",\"alternateName\":\"spaziospadoni.org\",\"url\":\"https:\\\/\\\/spaziospadoni.org\\\/es\\\/\",\"logo\":{\"@type\":\"ImageObject\",\"inLanguage\":\"es-ES\",\"@id\":\"https:\\\/\\\/spaziospadoni.org\\\/es\\\/#\\\/schema\\\/logo\\\/image\\\/\",\"url\":\"https:\\\/\\\/spaziospadoni.org\\\/wp-content\\\/uploads\\\/2026\\\/05\\\/spazio-spadoni-logo-100x100-1.webp\",\"contentUrl\":\"https:\\\/\\\/spaziospadoni.org\\\/wp-content\\\/uploads\\\/2026\\\/05\\\/spazio-spadoni-logo-100x100-1.webp\",\"width\":100,\"height\":100,\"caption\":\"spazio + spadoni\"},\"image\":{\"@id\":\"https:\\\/\\\/spaziospadoni.org\\\/es\\\/#\\\/schema\\\/logo\\\/image\\\/\"},\"sameAs\":[\"https:\\\/\\\/www.facebook.com\\\/SpazioSpadoni\\\/\",\"https:\\\/\\\/www.instagram.com\\\/spaziospadoni\\\/\",\"https:\\\/\\\/www.youtube.com\\\/@spaziospadoni\\\/playlists\"]}]}<\/script>\n<!-- \/ Yoast SEO plugin. -->","yoast_head_json":{"title":"Rep\u00fablica Democr\u00e1tica del Congo - \u00c1frica | Proyecto M44 | Spazio Spadoni","description":"Basankusu | Basankusu (Rep\u00fablica Democr\u00e1tica del Congo) OPERA M44 MISI\u00d3N Lugar Basankusu Di\u00f3cesis Basankusu Pa\u00eds Rep\u00fablica Democr\u00e1tica del Congo","robots":{"index":"index","follow":"follow","max-snippet":"max-snippet:-1","max-image-preview":"max-image-preview:large","max-video-preview":"max-video-preview:-1"},"canonical":"https:\/\/spaziospadoni.org\/es\/opera-m\/republica-democratica-del-congo-africa-proyecto-m44\/","og_locale":"es_ES","og_type":"article","og_title":"Rep\u00fablica Democr\u00e1tica del Congo - \u00c1frica | Proyecto M44 | Spazio Spadoni","og_description":"Basankusu | Basankusu (Rep\u00fablica Democr\u00e1tica del Congo) OPERA M44 MISI\u00d3N Lugar Basankusu Di\u00f3cesis Basankusu Pa\u00eds Rep\u00fablica Democr\u00e1tica del Congo","og_url":"https:\/\/spaziospadoni.org\/es\/opera-m\/republica-democratica-del-congo-africa-proyecto-m44\/","og_site_name":"spazio + spadoni","article_publisher":"https:\/\/www.facebook.com\/SpazioSpadoni\/","article_modified_time":"2026-08-03T12:34:43+00:00","og_image":[{"width":2560,"height":1771,"url":"https:\/\/spaziospadoni.org\/wp-content\/uploads\/2026\/05\/hicsum_1_congo-spaziospadoni-scaled.png","type":"image\/png"}],"twitter_card":"summary_large_image","twitter_misc":{"Est. reading time":"8 minutes"},"schema":{"@context":"https:\/\/schema.org","@graph":[{"@type":"WebPage","@id":"https:\/\/spaziospadoni.org\/es\/opera-m\/republica-democratica-del-congo-africa-proyecto-m44\/","url":"https:\/\/spaziospadoni.org\/es\/opera-m\/republica-democratica-del-congo-africa-proyecto-m44\/","name":"Rep\u00fablica Democr\u00e1tica del Congo - \u00c1frica | Proyecto M44 | Spazio Spadoni","isPartOf":{"@id":"https:\/\/spaziospadoni.org\/es\/#website"},"primaryImageOfPage":{"@id":"https:\/\/spaziospadoni.org\/es\/opera-m\/republica-democratica-del-congo-africa-proyecto-m44\/#primaryimage"},"image":{"@id":"https:\/\/spaziospadoni.org\/es\/opera-m\/republica-democratica-del-congo-africa-proyecto-m44\/#primaryimage"},"thumbnailUrl":"https:\/\/spaziospadoni.org\/wp-content\/uploads\/2026\/05\/hicsum_1_congo-spaziospadoni.png","datePublished":"2026-05-18T13:20:26+00:00","dateModified":"2026-08-03T12:34:43+00:00","description":"Basankusu | Basankusu (Rep\u00fablica Democr\u00e1tica del Congo) OPERA M44 MISI\u00d3N Lugar Basankusu Di\u00f3cesis Basankusu Pa\u00eds Rep\u00fablica Democr\u00e1tica del Congo","breadcrumb":{"@id":"https:\/\/spaziospadoni.org\/es\/opera-m\/republica-democratica-del-congo-africa-proyecto-m44\/#breadcrumb"},"inLanguage":"es-ES","potentialAction":[{"@type":"ReadAction","target":["https:\/\/spaziospadoni.org\/es\/opera-m\/republica-democratica-del-congo-africa-proyecto-m44\/"]}]},{"@type":"ImageObject","inLanguage":"es-ES","@id":"https:\/\/spaziospadoni.org\/es\/opera-m\/republica-democratica-del-congo-africa-proyecto-m44\/#primaryimage","url":"https:\/\/spaziospadoni.org\/wp-content\/uploads\/2026\/05\/hicsum_1_congo-spaziospadoni.png","contentUrl":"https:\/\/spaziospadoni.org\/wp-content\/uploads\/2026\/05\/hicsum_1_congo-spaziospadoni.png"},{"@type":"BreadcrumbList","@id":"https:\/\/spaziospadoni.org\/es\/opera-m\/republica-democratica-del-congo-africa-proyecto-m44\/#breadcrumb","itemListElement":[{"@type":"ListItem","position":1,"name":"Home","item":"https:\/\/spaziospadoni.org\/es\/"},{"@type":"ListItem","position":2,"name":"Obras de Misericordia","item":"https:\/\/spaziospadoni.org\/es\/obras-de-misericordia\/"},{"@type":"ListItem","position":3,"name":"Rep\u00fablica Democr\u00e1tica del Congo &#8211; \u00c1frica | Proyecto M44"}]},{"@type":"WebSite","@id":"https:\/\/spaziospadoni.org\/es\/#website","url":"https:\/\/spaziospadoni.org\/es\/","name":"spazio + spadoni","description":"Generazione di misericordia e missione nel mondo","publisher":{"@id":"https:\/\/spaziospadoni.org\/es\/#organization"},"alternateName":"spaziospadoni.org","potentialAction":[{"@type":"SearchAction","target":{"@type":"EntryPoint","urlTemplate":"https:\/\/spaziospadoni.org\/es\/?s={search_term_string}"},"query-input":{"@type":"PropertyValueSpecification","valueRequired":true,"valueName":"search_term_string"}}],"inLanguage":"es-ES"},{"@type":"Organization","@id":"https:\/\/spaziospadoni.org\/es\/#organization","name":"spazio + spadoni","alternateName":"spaziospadoni.org","url":"https:\/\/spaziospadoni.org\/es\/","logo":{"@type":"ImageObject","inLanguage":"es-ES","@id":"https:\/\/spaziospadoni.org\/es\/#\/schema\/logo\/image\/","url":"https:\/\/spaziospadoni.org\/wp-content\/uploads\/2026\/05\/spazio-spadoni-logo-100x100-1.webp","contentUrl":"https:\/\/spaziospadoni.org\/wp-content\/uploads\/2026\/05\/spazio-spadoni-logo-100x100-1.webp","width":100,"height":100,"caption":"spazio + spadoni"},"image":{"@id":"https:\/\/spaziospadoni.org\/es\/#\/schema\/logo\/image\/"},"sameAs":["https:\/\/www.facebook.com\/SpazioSpadoni\/","https:\/\/www.instagram.com\/spaziospadoni\/","https:\/\/www.youtube.com\/@spaziospadoni\/playlists"]}]}},"_links":{"self":[{"href":"https:\/\/spaziospadoni.org\/es\/wp-json\/wp\/v2\/pages\/87891","targetHints":{"allow":["GET"]}}],"collection":[{"href":"https:\/\/spaziospadoni.org\/es\/wp-json\/wp\/v2\/pages"}],"about":[{"href":"https:\/\/spaziospadoni.org\/es\/wp-json\/wp\/v2\/types\/page"}],"author":[{"embeddable":true,"href":"https:\/\/spaziospadoni.org\/es\/wp-json\/wp\/v2\/users\/102"}],"replies":[{"embeddable":true,"href":"https:\/\/spaziospadoni.org\/es\/wp-json\/wp\/v2\/comments?post=87891"}],"version-history":[{"count":0,"href":"https:\/\/spaziospadoni.org\/es\/wp-json\/wp\/v2\/pages\/87891\/revisions"}],"up":[{"embeddable":true,"href":"https:\/\/spaziospadoni.org\/es\/wp-json\/wp\/v2\/pages\/89580"}],"wp:attachment":[{"href":"https:\/\/spaziospadoni.org\/es\/wp-json\/wp\/v2\/media?parent=87891"}],"curies":[{"name":"wp","href":"https:\/\/api.w.org\/{rel}","templated":true}]}}