{"id":87947,"date":"2026-05-18T14:30:43","date_gmt":"2026-05-18T13:30:43","guid":{"rendered":"https:\/\/spaziospadoni.org\/obras-de-misericordia\/repubblica-democratica-del-congo-africa-progetto-m8\/"},"modified":"2026-08-03T13:44:13","modified_gmt":"2026-08-03T12:44:13","slug":"republica-democratica-del-congo-africa-proyecto-m8","status":"publish","type":"page","link":"https:\/\/spaziospadoni.org\/es\/opera-m\/republica-democratica-del-congo-africa-proyecto-m8\/","title":{"rendered":"Rep\u00fablica Democr\u00e1tica del Congo &#8211; \u00c1frica | Proyecto M8"},"content":{"rendered":"\n<div class=\"ss-project-hero-card\">\n<h2 id=\"isiro-isiro-republica-democratica-del-congo\" class=\"gb-text gb-text-62a95885\">Isiro | Isiro (Rep\u00fablica Democr\u00e1tica del Congo)<\/h2>\n\n\n\n<div class=\"gb-element-f60f2409\">\n<div class=\"gb-element-90a85740 ss-project-sidebar\">\n<h2 id=\"opera-m8\" class=\"gb-text ss-project-title\">OPERA M8<\/h2>\n\n\n\n<figure class=\"wp-block-image size-large\"><img decoding=\"async\" src=\"https:\/\/spaziospadoni.org\/wp-content\/uploads\/2026\/05\/hicsum_16_congo-spaziospadoni-1-1024x709.png\" alt=\"hicsum 16 congo spaziospadoni 1 1024x709\" class=\"wp-image-43007\"\/><\/figure>\n\n\n\n<div class=\"ss-project-table\">\n<div class=\"ss-table-section-title\">\n<h3 id=\"mision\" class=\"gb-text\">MISI\u00d3N<\/h3>\n<\/div>\n\n\n\n<div class=\"ss-table-row\">\n<p class=\"gb-text\">Lugar<\/p>\n\n\n\n<p class=\"gb-text\"><a href=\"https:\/\/www.google.it\/maps\/place\/Isiro,+Repubblica+Democratica+del+Congo\/@2.7721069,27.6002309,14z\/data=!3m1!4b1!4m6!3m5!1s0x1743a0e84ebef593:0xfe64bab5f64b6c62!8m2!3d2.7722364!4d27.6082774!16zL20vMGJmcjNu?entry=ttu&#038;g_ep=EgoyMDI1MDMyNS4xIKXMDSoJLDEwMjExNjM5SAFQAw%3D%3D\" rel=\"noreferrer noopener\" target=\"_blank\" title=\"Isiro\">Isiro<\/a><\/p>\n<\/div>\n\n\n\n<div class=\"ss-table-row\">\n<p class=\"gb-text\">Di\u00f3cesis<\/p>\n\n\n\n<p class=\"gb-text\">Isiro<\/p>\n<\/div>\n\n\n\n<div class=\"ss-table-row\">\n<p class=\"gb-text\">Pa\u00eds<\/p>\n\n\n\n<p class=\"gb-text\"><strong>Rep\u00fablica Democr\u00e1tica del Congo<\/strong><\/p>\n<\/div>\n\n\n\n<div class=\"ss-table-row\">\n<p class=\"gb-text\">Continente<\/p>\n\n\n\n<p class=\"gb-text\">\u00c1frica<\/p>\n<\/div>\n\n\n\n<div class=\"ss-table-row\">\n<p class=\"gb-text\">Coordenadas GPS<\/p>\n\n\n\n<p class=\"gb-text\">2.462388 27.37066<\/p>\n<\/div>\n\n\n\n<div class=\"ss-table-row\">\n<p class=\"gb-text\">Zona horaria<\/p>\n\n\n\n<p class=\"gb-text\">UTC+2<\/p>\n<\/div>\n<\/div>\n\n\n\n<div class=\"ss-project-table\">\n<div class=\"ss-table-section-title\">\n<h3 id=\"organizador\" class=\"gb-text\">ORGANIZADOR<\/h3>\n<\/div>\n\n\n\n<div class=\"ss-table-row\">\n<p class=\"gb-text\">Congregaci\u00f3n<\/p>\n\n\n\n<p class=\"gb-text\">S\u0153urs Dominicaines Filles de Sainte Catherine de Sienne<\/p>\n<\/div>\n\n\n\n<div class=\"ss-table-row\">\n<p class=\"gb-text\">Casa Madre<\/p>\n\n\n\n<p class=\"gb-text\">Isiro<\/p>\n<\/div>\n\n\n\n<div class=\"ss-table-row\">\n<p class=\"gb-text\">Di\u00f3cesis<\/p>\n\n\n\n<p class=\"gb-text\">Isiro-Niangara<\/p>\n<\/div>\n\n\n\n<div class=\"ss-table-row\">\n<p class=\"gb-text\">Pa\u00eds<\/p>\n\n\n\n<p class=\"gb-text\">Rep\u00fablica Democr\u00e1tica del Congo<\/p>\n<\/div>\n\n\n\n<div class=\"ss-table-row\">\n<p class=\"gb-text\">Continente<\/p>\n\n\n\n<p class=\"gb-text\">\u00c1frica<\/p>\n<\/div>\n\n\n\n<div class=\"ss-table-row\">\n<p class=\"gb-text\">Fiesta de la Congregaci\u00f3n<\/p>\n\n\n\n<p class=\"gb-text\">29 de abril<\/p>\n<\/div>\n\n\n\n<div class=\"ss-table-row\">\n<p class=\"gb-text\">Coordenadas GPS<\/p>\n\n\n\n<p class=\"gb-text\">2.462388 27.37066<\/p>\n<\/div>\n\n\n\n<div class=\"ss-table-row\">\n<p class=\"gb-text\">Zona horaria<\/p>\n\n\n\n<p class=\"gb-text\">UTC+2<\/p>\n<\/div>\n\n\n\n<div class=\"ss-table-row\">\n<p class=\"gb-text\">Persona de contacto<\/p>\n\n\n\n<p class=\"gb-text\">Hermana Perpetue Marie Tongolo Siamu<\/p>\n<\/div>\n\n\n\n<div class=\"ss-table-row\">\n<p class=\"gb-text\">Madre General<\/p>\n\n\n\n<p class=\"gb-text\">Hermana Celestine Sumanende<\/p>\n<\/div>\n\n\n\n<div class=\"ss-table-row\">\n<p class=\"gb-text\">Sitio web<\/p>\n\n\n\n<p class=\"gb-text\"><a href=\"https:\/\/www.suoresantagemma.it\/\" target=\"_blank\" rel=\"noreferrer noopener\" title=\"suoresantagemma.it\">suoresantagemma.it<\/a><\/p>\n<\/div>\n<\/div>\n\n\n\n<div class=\"ss-project-table\">\n<div class=\"ss-table-section-title\">\n<h3 id=\"spazio-reale\" class=\"gb-text\">SPAZIO REALE<\/h3>\n<\/div>\n\n\n\n<div class=\"ss-table-row\">\n<p class=\"gb-text\">Responsable del proyecto<\/p>\n\n\n\n<p class=\"gb-text\">Hermana Perpetue Marie Tongolo Siamu<\/p>\n<\/div>\n\n\n\n<div class=\"ss-table-row\">\n<p class=\"gb-text\">Fecha de inicio<\/p>\n\n\n\n<p class=\"gb-text\"><\/p>\n<\/div>\n\n\n\n<div class=\"ss-table-row\">\n<p class=\"gb-text\">Tipolog\u00eda<\/p>\n\n\n\n<p class=\"gb-text\"><strong>Pane di Misericordia<\/strong><\/p>\n<\/div>\n<\/div>\n\n\n\n<div class=\"ss-project-table\">\n<a class=\"gb-element-e1766596 ss-table-section-button\" href=\"#\" title=\"OPERA M &#8211; PROYECTO M8\">\n<span class=\"gb-text\">OPERA M &#8211; PROYECTO M8<\/span>\n<\/a>\n<\/div>\n<\/div>\n<\/div>\n\n\n\n<div class=\"gb-element-6ad95ea8\">\n<div class=\"gb-element-e34063a6 ss-project-intro\">\n<p class=\"wp-block-paragraph\">OPERA M es la revoluci\u00f3n de las obras de misericordia. Es el instrumento permanente para desarrollar un pensamiento fuerte y renovado sobre las obras en el mundo.<\/p>\n\n\n\n<p class=\"wp-block-paragraph\">Nace de una urgencia fuertemente sentida por spazio + spadoni de r<strong>E<\/strong>volucionar el concepto de obra de misericordia como un camino que es siempre humano y divino al mismo tiempo y, por tanto, siempre espiritual adem\u00e1s de pr\u00e1ctico (o corporal). El redescubrimiento, es m\u00e1s, la verdadera r<strong>E<\/strong>voluci\u00f3n de las obras debe redescubrirse dentro de esta s\u00edntesis entre el aspecto espiritual y el acto pr\u00e1ctico. El obrar material debe estar siempre impregnado por el esp\u00edritu.<\/p>\n\n\n\n<p class=\"wp-block-paragraph\">OPERA M se basa en cinco acciones que definen su m\u00e9todo: INVOCA, llama al Esp\u00edritu ESCUCHA, guarda silencio para abrirte a la escucha ENCUENTRA, permanece entre la gente ACTUEMOS, actuar por las obras INUNDEMOS, llevemos a todos a las Obras de Misericordia <strong>Obras de Misericordia espirituales<\/strong> Aconsejar a los que dudan Ense\u00f1ar a los ignorantes Amonestar a los pecadores Consolar a los afligidos Perdonar las ofensas Soportar con paciencia a las personas molestas Rogar a Dios por los vivos y por los difuntos <strong>Obras de Misericordia corporales<\/strong> Dar de comer al hambriento Dar de beber al sediento Vestir al desnudo Dar posada al peregrino Visitar a los enfermos Visitar a los presos Enterrar a los muertos<\/p>\n\n<\/div>\n<\/div>\n\n\n\n\n<div>\n\n<h2 id=\"cronologia\" class=\"gb-text gb-text-8179e40a\">Cronolog\u00eda<\/h2>\n\n\n\n\n\n<div class=\"ss-timeline\">\n\n<h3 id=\"2021\" class=\"gb-text\">2021<\/h3>\n\n\n\n\n\n<div class=\"ss-timeline-item\">\n\n<h4 id=\"enero-inicio-de-la-relacion\" class=\"gb-text\">Enero | Inicio de la relaci\u00f3n<\/h4>\n\n\n\n\n<p class=\"wp-block-paragraph\">Comienza la colaboraci\u00f3n entre spazio + spadoni, Misericordia di Orta Nova y Suore Domenicane Figlie di Santa Caterina da Siena<\/p>\n\n\n<\/div>\n\n\n\n\n<div class=\"ss-timeline-item\">\n\n<h4 id=\"15-de-agosto-llegada-de-la-hermana\" class=\"gb-text\">15 de agosto | Llegada de la hermana<\/h4>\n\n\n\n\n<p class=\"wp-block-paragraph\">La hermana Perpetue llega a Italia, acogida por Misericordia di Orta Nova<\/p>\n\n\n\n<figure class=\"wp-block-gallery has-nested-images columns-1 is-cropped ss-lightbox wp-block-gallery-1 is-layout-flex wp-block-gallery-is-layout-flex\">\n\n<figure class=\"wp-block-image size-large\"><img decoding=\"async\" src=\"https:\/\/spaziospadoni.org\/wp-content\/uploads\/2026\/05\/arrivo-partenza-1-300x241.jpg\" alt=\"arrivo partenza 1 300x241\"\/><figcaption class=\"wp-element-caption\">15 de agosto | Llegada de la hermana<\/figcaption><\/figure>\n\n<\/figure>\n\n\n<\/div>\n\n\n\n\n<div class=\"ss-timeline-item\">\n\n<h4 id=\"29-de-octubre-formacion\" class=\"gb-text\">29 de octubre | Formaci\u00f3n<\/h4>\n\n\n\n\n<p class=\"wp-block-paragraph\">Profundizaci\u00f3n en el proyecto HIC SUM y OPERA M. La formaci\u00f3n se realiza en l\u00ednea<\/p>\n\n\n\n<figure class=\"wp-block-gallery has-nested-images columns-1 is-cropped ss-lightbox wp-block-gallery-2 is-layout-flex wp-block-gallery-is-layout-flex\">\n\n<figure class=\"wp-block-image size-large\"><img decoding=\"async\" src=\"https:\/\/spaziospadoni.org\/wp-content\/uploads\/2026\/05\/formazione-F-sr-perpetue-copia-1-300x133.jpg\" alt=\"formazione F sr perpetue copia 1 300x133\"\/><figcaption class=\"wp-element-caption\">29 de octubre | Formaci\u00f3n<\/figcaption><\/figure>\n\n<\/figure>\n\n\n<\/div>\n\n\n<\/div>\n\n\n\n\n<div class=\"ss-timeline\">\n\n<h3 id=\"2022\" class=\"gb-text\">2022<\/h3>\n\n\n\n\n\n<div class=\"ss-timeline-item\">\n\n<h4 id=\"19-de-enero-formacion\" class=\"gb-text\">19 de enero | Formaci\u00f3n<\/h4>\n\n\n\n\n<p class=\"wp-block-paragraph\">Formaci\u00f3n t\u00e9cnica de spazio + spadoni sobre el proyecto HIC SUM y las Obras de Misericordia en Misericordia Orta Nova<\/p>\n\n\n<\/div>\n\n\n\n\n<div class=\"ss-timeline-item\">\n\n<h4 id=\"23-de-febrero-formacion\" class=\"gb-text\">23 de febrero | Formaci\u00f3n<\/h4>\n\n\n\n\n<p class=\"wp-block-paragraph\">Formaci\u00f3n t\u00e9cnica de spazio + spadoni sobre el proyecto HIC SUM y las Obras de Misericordia en el Convento di San Cerbone <\/p>\n\n\n\n<figure class=\"wp-block-gallery has-nested-images columns-1 is-cropped ss-lightbox wp-block-gallery-3 is-layout-flex wp-block-gallery-is-layout-flex\">\n\n<figure class=\"wp-block-image size-large\"><img decoding=\"async\" src=\"https:\/\/spaziospadoni.org\/wp-content\/uploads\/2026\/05\/formazione-visita-febbraio-.J-300x179.jpg\" alt=\"formazione visita febbraio .J 300x179\"\/><figcaption class=\"wp-element-caption\">23 de febrero | Formaci\u00f3n<\/figcaption><\/figure>\n\n\n<figure class=\"wp-block-image size-large\"><img decoding=\"async\" src=\"https:\/\/spaziospadoni.org\/wp-content\/uploads\/2026\/05\/formazione-visita-febbraio-.JP_-1-287x300.jpg\" alt=\"formazione visita febbraio .JP 1 287x300\"\/><figcaption class=\"wp-element-caption\">23 de febrero | Formaci\u00f3n<\/figcaption><\/figure>\n\n\n<figure class=\"wp-block-image size-large\"><img decoding=\"async\" src=\"https:\/\/spaziospadoni.org\/wp-content\/uploads\/2026\/05\/formazione-visita-febbraio-1-3-300x283.jpg\" alt=\"formazione visita febbraio 1 3 300x283\"\/><figcaption class=\"wp-element-caption\">23 de febrero | Formaci\u00f3n<\/figcaption><\/figure>\n\n\n<figure class=\"wp-block-image size-large\"><img decoding=\"async\" src=\"https:\/\/spaziospadoni.org\/wp-content\/uploads\/2026\/05\/formazione-visita-febbraio-F-sergio-copia-1-300x141.jpg\" alt=\"formazione visita febbraio F sergio copia 1 300x141\"\/><figcaption class=\"wp-element-caption\">23 de febrero | Formaci\u00f3n<\/figcaption><\/figure>\n\n\n<figure class=\"wp-block-image size-large\"><img decoding=\"async\" src=\"https:\/\/spaziospadoni.org\/wp-content\/uploads\/2026\/05\/formazione-visita-febbraio-1-4-238x300.jpg\" alt=\"formazione visita febbraio 1 4 238x300\"\/><figcaption class=\"wp-element-caption\">23 de febrero | Formaci\u00f3n<\/figcaption><\/figure>\n\n\n<figure class=\"wp-block-image size-large\"><img decoding=\"async\" src=\"https:\/\/spaziospadoni.org\/wp-content\/uploads\/2026\/05\/formazione-visita-febbraio-F-tutte-e-3-copia-3-300x160.jpg\" alt=\"formazione visita febbraio F tutte e 3 copia 3 300x160\"\/><figcaption class=\"wp-element-caption\">23 de febrero | Formaci\u00f3n<\/figcaption><\/figure>\n\n\n<figure class=\"wp-block-image size-large\"><img decoding=\"async\" src=\"https:\/\/spaziospadoni.org\/wp-content\/uploads\/2026\/05\/formazione-visita-febbraio-2-300x211.jpg\" alt=\"formazione visita febbraio 2 300x211\"\/><figcaption class=\"wp-element-caption\">23 de febrero | Formaci\u00f3n<\/figcaption><\/figure>\n\n<\/figure>\n\n\n<\/div>\n\n\n\n\n<div class=\"ss-timeline-item\">\n\n<h4 id=\"06-de-marzo-salida-de-la-hermana\" class=\"gb-text\">06 de marzo | Salida de la hermana<\/h4>\n\n\n\n\n<p class=\"wp-block-paragraph\">La hermana Perpetue regresa a Isiro, en la Rep\u00fablica Democr\u00e1tica del Congo<\/p>\n\n\n\n<figure class=\"wp-block-gallery has-nested-images columns-1 is-cropped ss-lightbox wp-block-gallery-4 is-layout-flex wp-block-gallery-is-layout-flex\">\n\n<figure class=\"wp-block-image size-large\"><img decoding=\"async\" src=\"https:\/\/spaziospadoni.org\/wp-content\/uploads\/2026\/05\/partenza-arrivo-300x210.jpeg\" alt=\"partenza arrivo 300x210\"\/><figcaption class=\"wp-element-caption\">06 de marzo | Salida de la hermana<\/figcaption><\/figure>\n\n<\/figure>\n\n\n<\/div>\n\n\n\n\n<div class=\"ss-timeline-item\">\n\n<h4 id=\"3004-encuentro-con-la-madre-general\" class=\"gb-text\">30.04 | Encuentro con la Madre General<\/h4>\n\n\n\n\n<p class=\"wp-block-paragraph\">Encuentro de spazio + spadoni con la Superiora General en Roma para debatir el proyecto<\/p>\n\n\n\n<figure class=\"wp-block-gallery has-nested-images columns-1 is-cropped ss-lightbox wp-block-gallery-5 is-layout-flex wp-block-gallery-is-layout-flex\">\n\n<figure class=\"wp-block-image size-large\"><img decoding=\"async\" src=\"https:\/\/spaziospadoni.org\/wp-content\/uploads\/2026\/05\/spadoni-visita-madre--300x238.jpg\" alt=\"spadoni visita madre 300x238\"\/><figcaption class=\"wp-element-caption\">30.04 | Encuentro con la Madre General<\/figcaption><\/figure>\n\n<\/figure>\n\n\n<\/div>\n\n\n\n\n<div class=\"ss-timeline-item\">\n\n<h4 id=\"1911-regreso-de-la-hermana-a-italia\" class=\"gb-text\">19.11 | Regreso de la hermana a Italia<\/h4>\n\n\n\n\n<p class=\"wp-block-paragraph\">La hermana Perpetue regresa a Italia para asistir al Curso sobre las Obras de Misericordia organizado por spazio + spadoni. El curso termina el 16 de diciembre y ese mismo d\u00eda Perpetue regresa a Misericordia di Orta Nova, donde permanecer\u00e1 hasta febrero de 2023<\/p>\n\n\n<\/div>\n\n\n\n\n<div class=\"ss-timeline-item\">\n\n<h4 id=\"21-de-noviembre-16-de-diciembre-formacion-sobre-las-obras-de-misericordia\" class=\"gb-text\">21 de noviembre &#8211; 16 de diciembre | Formaci\u00f3n sobre las Obras de Misericordia<\/h4>\n\n\n\n\n<p class=\"wp-block-paragraph\">Junto con otras religiosas, participa en el curso sobre las Obras de Misericordia y la Econom\u00eda de Comuni\u00f3n en Loppiano (FI), concebido y promovido por spazio + spadoni<\/p>\n\n\n\n<figure class=\"wp-block-gallery has-nested-images columns-1 is-cropped ss-lightbox wp-block-gallery-6 is-layout-flex wp-block-gallery-is-layout-flex\">\n\n<figure class=\"wp-block-image size-large\"><img decoding=\"async\" src=\"https:\/\/spaziospadoni.org\/wp-content\/uploads\/2026\/05\/WhatsApp-Image-2022-12-16-at-18.01.01-225x300.jpeg\" alt=\"WhatsApp Image 2022 12 16 at 18.01.01 225x300\"\/><figcaption class=\"wp-element-caption\">21 de noviembre &#8211; 16 de diciembre | Formaci\u00f3n sobre las Obras de Misericordia<\/figcaption><\/figure>\n\n\n<figure class=\"wp-block-image size-large\"><img decoding=\"async\" src=\"https:\/\/spaziospadoni.org\/wp-content\/uploads\/2026\/05\/9-300x161.jpeg\" alt=\"9 300x161\"\/><figcaption class=\"wp-element-caption\">21 de noviembre &#8211; 16 de diciembre | Formaci\u00f3n sobre las Obras de Misericordia<\/figcaption><\/figure>\n\n\n<figure class=\"wp-block-image size-large\"><img decoding=\"async\" src=\"https:\/\/spaziospadoni.org\/wp-content\/uploads\/2026\/05\/formazione-F-nino-copia-300x273.jpg\" alt=\"formazione F nino copia 300x273\"\/><figcaption class=\"wp-element-caption\">21 de noviembre &#8211; 16 de diciembre | Formaci\u00f3n sobre las Obras de Misericordia<\/figcaption><\/figure>\n\n<\/figure>\n\n\n<\/div>\n\n\n<\/div>\n\n\n\n\n<div class=\"ss-timeline\">\n\n<h3 id=\"2023\" class=\"gb-text\">2023<\/h3>\n\n\n\n\n\n<div class=\"ss-timeline-item\">\n\n<h4 id=\"09-de-febrero-salida-de-la-hermana\" class=\"gb-text\">09 de febrero | Salida de la hermana<\/h4>\n\n\n\n\n<p class=\"wp-block-paragraph\">La hermana Perpetue regresa a Isiro, en la Rep\u00fablica Democr\u00e1tica del Congo<\/p>\n\n\n<\/div>\n\n\n\n\n<div class=\"ss-timeline-item\">\n\n<h4 id=\"16-de-marzo-testimonio-sobre-las-obras-de-misericordia\" class=\"gb-text\">16 de marzo | Testimonio sobre las Obras de Misericordia<\/h4>\n\n\n\n\n<figure class=\"wp-block-gallery has-nested-images columns-1 is-cropped ss-lightbox wp-block-gallery-7 is-layout-flex wp-block-gallery-is-layout-flex\">\n\n<figure class=\"wp-block-image size-large\"><img decoding=\"async\" src=\"https:\/\/spaziospadoni.org\/wp-content\/uploads\/2026\/05\/formazione-congo-mettere-2-F-copia-300x185.jpg\" alt=\"formazione congo mettere 2 F copia 300x185\"\/><figcaption class=\"wp-element-caption\">16 de marzo | Testimonio sobre las Obras de Misericordia<\/figcaption><\/figure>\n\n<\/figure>\n\n\n<\/div>\n\n\n\n\n<div class=\"ss-timeline-item\">\n\n<h4 id=\"septiembre-spazio-spadoni-en-orta-nova\" class=\"gb-text\">Septiembre | spazio + spadoni en Orta Nova<\/h4>\n\n\n\n\n<figure class=\"wp-block-gallery has-nested-images columns-1 is-cropped ss-lightbox wp-block-gallery-8 is-layout-flex wp-block-gallery-is-layout-flex\">\n\n<figure class=\"wp-block-image size-large\"><img decoding=\"async\" src=\"https:\/\/spaziospadoni.org\/wp-content\/uploads\/2026\/05\/spadoni-visita-ortas-nova-F-sparsi-copia-300x134.jpg\" alt=\"spadoni visita ortas nova F sparsi copia 300x134\"\/><figcaption class=\"wp-element-caption\">Septiembre | spazio + spadoni en Orta Nova<\/figcaption><\/figure>\n\n\n<figure class=\"wp-block-image size-large\"><img decoding=\"async\" src=\"https:\/\/spaziospadoni.org\/wp-content\/uploads\/2026\/05\/spadoni-visita-ortas-nova-F-sparsi.jpg1-copia-300x148.jpg\" alt=\"spadoni visita ortas nova F sparsi.jpg1 copia 300x148\"\/><figcaption class=\"wp-element-caption\">Septiembre | spazio + spadoni en Orta Nova<\/figcaption><\/figure>\n\n\n<figure class=\"wp-block-image size-large\"><img decoding=\"async\" src=\"https:\/\/spaziospadoni.org\/wp-content\/uploads\/2026\/05\/spadoni-visita-ortas-nova-185x300.jpg\" alt=\"spadoni visita ortas nova 185x300\"\/><figcaption class=\"wp-element-caption\">Septiembre | spazio + spadoni en Orta Nova<\/figcaption><\/figure>\n\n\n<figure class=\"wp-block-image size-large\"><img decoding=\"async\" src=\"https:\/\/spaziospadoni.org\/wp-content\/uploads\/2026\/05\/spadoni-visita-ortas-nova1-300x108.jpg\" alt=\"spadoni visita ortas nova1 300x108\"\/><figcaption class=\"wp-element-caption\">Septiembre | spazio + spadoni en Orta Nova<\/figcaption><\/figure>\n\n\n<figure class=\"wp-block-image size-large\"><img decoding=\"async\" src=\"https:\/\/spaziospadoni.org\/wp-content\/uploads\/2026\/05\/spazoni-settembre-2023-visita-orta-nova-F-sr-copia-256x300.jpg\" alt=\"spazoni settembre 2023 visita orta nova F sr copia 256x300\"\/><figcaption class=\"wp-element-caption\">Septiembre | spazio + spadoni en Orta Nova<\/figcaption><\/figure>\n\n\n<figure class=\"wp-block-image size-large\"><img decoding=\"async\" src=\"https:\/\/spaziospadoni.org\/wp-content\/uploads\/2026\/05\/visita-vescovo-settembre-2023-divina-misericordia--300x135.jpg\" alt=\"visita vescovo settembre 2023 divina misericordia 300x135\"\/><figcaption class=\"wp-element-caption\">Septiembre | spazio + spadoni en Orta Nova<\/figcaption><\/figure>\n\n<\/figure>\n\n\n<\/div>\n\n\n<\/div>\n\n\n\n\n<div class=\"ss-timeline\">\n\n<h3 id=\"2025\" class=\"gb-text\">2025<\/h3>\n\n\n\n\n\n<div class=\"ss-timeline-item\">\n\n<h4 id=\"04-de-mayo-encuentro-con-la-madre-general\" class=\"gb-text\">04 de mayo | Encuentro con la Madre General<\/h4>\n\n\n\n\n<p class=\"wp-block-paragraph\">Con motivo de la Asamblea de la UISG celebrada en Roma del 5 al 9 de mayo, spazio + spadoni se reuni\u00f3 con la Madre Celestine, a quien aloj\u00f3 durante todo el Congreso en la Casa Madre de Figlie di Maria Missionarie<\/p>\n\n\n\n<figure class=\"wp-block-gallery has-nested-images columns-1 is-cropped ss-lightbox wp-block-gallery-9 is-layout-flex wp-block-gallery-is-layout-flex\">\n\n<figure class=\"wp-block-image size-large\"><img decoding=\"async\" src=\"https:\/\/spaziospadoni.org\/wp-content\/uploads\/2026\/05\/2025_maggio_assemblea_uisg_roma_spazio_spadoni_opere_misericordia_superiore_generali_suore-137-300x225.jpg\" alt=\"2025 maggio assemblea uisg roma spazio spadoni opere misericordia superiore generali suore 137 300x225\"\/><figcaption class=\"wp-element-caption\">04 de mayo | Encuentro con la Madre General<\/figcaption><\/figure>\n\n\n<figure class=\"wp-block-image size-large\"><img decoding=\"async\" src=\"https:\/\/spaziospadoni.org\/wp-content\/uploads\/2026\/05\/2025_maggio_assemblea_uisg_roma_spazio_spadoni_opere_misericordia_superiore_generali_suore-133-300x225.jpg\" alt=\"2025 maggio assemblea uisg roma spazio spadoni opere misericordia superiore generali suore 133 300x225\"\/><figcaption class=\"wp-element-caption\">04 de mayo | Encuentro con la Madre General<\/figcaption><\/figure>\n\n<\/figure>\n\n\n<\/div>\n\n\n<\/div>\n\n\n<\/div>\n\n\n\n<div class=\"ss-project-media\">\n<h2 id=\"fotos-y-videos\" class=\"gb-text gb-text-d7bd8be8\">Fotos y v\u00eddeos<\/h2>\n\n\n<div class=\"ss-media-filters\">\n\n<a class=\"gb-text ss-media-filter active\" data-filter=\"*\" title=\"Todo\">Todo<\/a>\n\n\n<a class=\"gb-text ss-media-filter\" data-filter=\".formazione\" title=\"Formaci\u00f3n\">Formaci\u00f3n<\/a>\n\n\n<a class=\"gb-text ss-media-filter\" data-filter=\".repubblica-democratica-del-congo\" title=\"Rep\u00fablica Democr\u00e1tica del Congo\">Rep\u00fablica Democr\u00e1tica del Congo<\/a>\n\n\n<a class=\"gb-text ss-media-filter\" data-filter=\".pane-di-misericordia\" title=\"Pane di Misericordia\">Pane di Misericordia<\/a>\n\n\n<a class=\"gb-text ss-media-filter\" data-filter=\".video\" title=\"V\u00eddeos\">V\u00eddeos<\/a>\n\n<\/div>\n\n\n<div class=\"ss-media-grid\">\n<div>\n<figure class=\"wp-block-gallery has-nested-images columns-1 is-cropped ss-lightbox wp-block-gallery-10 is-layout-flex wp-block-gallery-is-layout-flex\">\n\n<figure class=\"wp-block-image size-large formazione\"><img decoding=\"async\" alt=\"2022 dicembre hicsum 39 fossato vico misericordia spazio spadoni sr zitha bene mariya loppiano formazione 6 300x225\" src=\"https:\/\/spaziospadoni.org\/wp-content\/uploads\/2026\/05\/2022_dicembre_hicsum_39_fossato_vico_misericordia_spazio_spadoni_sr_zitha_bene_mariya_loppiano_formazione-6-300x225.jpg\"\/><\/figure>\n\n\n<figure class=\"wp-block-image size-large formazione\"><img decoding=\"async\" alt=\"2022 dicembre hicsum 39 fossato vico misericordia spazio spadoni sr zitha bene mariya loppiano formazione 2 300x225\" src=\"https:\/\/spaziospadoni.org\/wp-content\/uploads\/2026\/05\/2022_dicembre_hicsum_39_fossato_vico_misericordia_spazio_spadoni_sr_zitha_bene_mariya_loppiano_formazione-2-300x225.jpg\"\/><\/figure>\n\n\n<figure class=\"wp-block-image size-large formazione\"><img decoding=\"async\" alt=\"a609f401 47a0 4b19 a824 437c6f48412c 225x300\" src=\"https:\/\/spaziospadoni.org\/wp-content\/uploads\/2026\/05\/a609f401-47a0-4b19-a824-437c6f48412c-225x300.jpg\"\/><\/figure>\n\n\n<figure class=\"wp-block-image size-large formazione\"><img decoding=\"async\" alt=\"2021 hicsum 16 italia spazio spadoni Luigi Madre Celestine Generale Domenicane Figlie Santa Caterina Siena 300x225\" src=\"https:\/\/spaziospadoni.org\/wp-content\/uploads\/2026\/05\/2021_hicsum_16_italia_spazio_spadoni_Luigi_Madre_Celestine_Generale_Domenicane_Figlie_Santa_Caterina_Siena-300x225.jpg\"\/><\/figure>\n\n\n<figure class=\"wp-block-image size-large formazione\"><img decoding=\"async\" alt=\"2021 hicsum 16 italia spazio spadoni Luigi Selene Madre Celestine Generale Domenicane Figlie Santa Caterina Siena 225x300\" src=\"https:\/\/spaziospadoni.org\/wp-content\/uploads\/2026\/05\/2021_hicsum_16_italia_spazio_spadoni_Luigi_Selene_Madre_Celestine_Generale_Domenicane_Figlie_Santa_Caterina_Siena-225x300.jpg\"\/><\/figure>\n\n\n<figure class=\"wp-block-image size-large formazione\"><img decoding=\"async\" alt=\"2021 hicsum 16 italia spazio spadoni Madre Celestine Generale Domenicane Figlie Santa Caterina Siena 225x300\" src=\"https:\/\/spaziospadoni.org\/wp-content\/uploads\/2026\/05\/2021_hicsum_16_italia_spazio_spadoni_Madre_Celestine_Generale_Domenicane_Figlie_Santa_Caterina_Siena-225x300.jpg\"\/><\/figure>\n\n\n<figure class=\"wp-block-image size-large formazione\"><img decoding=\"async\" alt=\"2021 hicsum 16 italia spazio spadoni misericordia orta nova suor perpetue primo piano 225x300\" src=\"https:\/\/spaziospadoni.org\/wp-content\/uploads\/2026\/05\/2021_hicsum_16_italia_spazio_spadoni_misericordia_orta_nova_suor_perpetue_primo_piano-225x300.jpg\"\/><\/figure>\n\n\n<figure class=\"wp-block-image size-large formazione\"><img decoding=\"async\" alt=\"2021 hicsum 16 italia spazio spadoni suor perpetue misericordia orta nova formazione 135x300\" src=\"https:\/\/spaziospadoni.org\/wp-content\/uploads\/2026\/05\/2021_hicsum_16_italia_spazio_spadoni_suor_perpetue_misericordia_orta_nova_formazione-135x300.jpg\"\/><\/figure>\n\n\n<figure class=\"wp-block-image size-large formazione\"><img decoding=\"async\" alt=\"2021 hicsum 16 italia spazio spadoni suor perpetue misericordia orta nova primo giorno servizio 139x300\" src=\"https:\/\/spaziospadoni.org\/wp-content\/uploads\/2026\/05\/2021_hicsum_16_italia_spazio_spadoni_suor_perpetue_misericordia_orta_nova_primo_giorno_servizio-139x300.jpg\"\/><\/figure>\n\n\n<figure class=\"wp-block-image size-large formazione\"><img decoding=\"async\" alt=\"2021 ottobre 16 hicsum 16 italia spazio spadoni misericordia orta nova suor perpetue 300x135\" src=\"https:\/\/spaziospadoni.org\/wp-content\/uploads\/2026\/05\/2021_ottobre_16_hicsum_16_italia_spazio_spadoni_misericordia_orta_nova_suor_perpetue-300x135.jpg\"\/><\/figure>\n\n\n<figure class=\"wp-block-image size-large formazione\"><img decoding=\"async\" alt=\"fomrazione bookclub F sr copia 300x140\" src=\"https:\/\/spaziospadoni.org\/wp-content\/uploads\/2026\/05\/fomrazione-bookclub-F-sr-copia-300x140.jpg\"\/><\/figure>\n\n\n<figure class=\"wp-block-image size-large repubblica-democratica-del-congo\"><img decoding=\"async\" alt=\"2021 settembre 14 hicsum 16 italia spazio spadoni suor perpetue partenza 225x300\" src=\"https:\/\/spaziospadoni.org\/wp-content\/uploads\/2026\/05\/2021_settembre_14_hicsum_16_italia_spazio_spadoni_suor_perpetue_-partenza-225x300.jpg\"\/><\/figure>\n\n\n<figure class=\"wp-block-image size-large formazione\"><img decoding=\"async\" alt=\"banco alimentare F sr copia 300x137\" src=\"https:\/\/spaziospadoni.org\/wp-content\/uploads\/2026\/05\/banco-alimentare-F-sr-copia-300x137.jpg\"\/><\/figure>\n\n\n<figure class=\"wp-block-image size-large formazione\"><img decoding=\"async\" alt=\"in servixzio F sr copia 167x300\" src=\"https:\/\/spaziospadoni.org\/wp-content\/uploads\/2026\/05\/in-servixzio-F-sr-copia-167x300.jpg\"\/><\/figure>\n\n\n<figure class=\"wp-block-image size-large formazione\"><img decoding=\"async\" alt=\"formazione F nino copia 300x273\" src=\"https:\/\/spaziospadoni.org\/wp-content\/uploads\/2026\/05\/formazione-F-nino-copia-300x273.jpg\"\/><\/figure>\n\n\n<figure class=\"wp-block-image size-large formazione\"><img decoding=\"async\" alt=\"2022 dicembre 15 hicsum 16 italia spazio spadoni suor perpetue selene pera misericordia orta nova brindisi 225x300\" src=\"https:\/\/spaziospadoni.org\/wp-content\/uploads\/2026\/05\/2022_dicembre_15_hicsum_16_italia_spazio_spadoni_suor_perpetue_selene_pera_misericordia_orta_nova_brindisi-225x300.jpeg\"\/><\/figure>\n\n\n<figure class=\"wp-block-image size-large formazione\"><img decoding=\"async\" alt=\"2022 dicembre 17 hicsum 16 italia spazio spadoni misericordia orta nova suor perpetue 300x225\" src=\"https:\/\/spaziospadoni.org\/wp-content\/uploads\/2026\/05\/2022_dicembre_17_hicsum_16_italia_spazio_spadoni_misericordia_orta_nova_suor_perpetue-300x225.jpeg\"\/><\/figure>\n\n\n<figure class=\"wp-block-image size-large formazione\"><img decoding=\"async\" alt=\"perpetue ritorna F a tutte e due copia 210x300\" src=\"https:\/\/spaziospadoni.org\/wp-content\/uploads\/2026\/05\/perpetue-ritorna-F-a-tutte-e-due-copia-210x300.jpg\"\/><\/figure>\n\n\n<figure class=\"wp-block-image size-large formazione\"><img decoding=\"async\" alt=\"formazione F sr copia 1 300x132\" src=\"https:\/\/spaziospadoni.org\/wp-content\/uploads\/2026\/05\/formazione-F-sr-copia-1-300x132.jpg\"\/><\/figure>\n\n\n<figure class=\"wp-block-image size-large formazione\"><img decoding=\"async\" alt=\"formazione F gaetano e noemi copia 300x111\" src=\"https:\/\/spaziospadoni.org\/wp-content\/uploads\/2026\/05\/formazione-F-gaetano-e-noemi-copia-300x111.jpg\"\/><\/figure>\n\n\n<figure class=\"wp-block-image size-large formazione\"><img decoding=\"async\" alt=\"2022 febbraio 23 hicsum 16 italia san cerbone lucca spazio spadoni luigi misericordia orta nova 6 300x225\" src=\"https:\/\/spaziospadoni.org\/wp-content\/uploads\/2026\/05\/2022_febbraio_23_hicsum_16_italia_san_cerbone__lucca_spazio_spadoni_luigi_misericordia_orta_nova-6-300x225.jpg\"\/><\/figure>\n\n\n<figure class=\"wp-block-image size-large formazione\"><img decoding=\"async\" alt=\"formazione visita febbraio.JPG F sr e sparesi copia 1 230x300\" src=\"https:\/\/spaziospadoni.org\/wp-content\/uploads\/2026\/05\/formazione-visita-febbraio.JPG-F-sr-e-sparesi-copia-1-230x300.jpg\"\/><\/figure>\n\n\n<figure class=\"wp-block-image size-large formazione\"><img decoding=\"async\" alt=\"formazione visita febbraio F sergio copia 300x141\" src=\"https:\/\/spaziospadoni.org\/wp-content\/uploads\/2026\/05\/formazione-visita-febbraio-F-sergio-copia-300x141.jpg\"\/><\/figure>\n\n\n<figure class=\"wp-block-image size-large formazione\"><img decoding=\"async\" alt=\"2022 febbraio 23 hicsum 16 italia san cerbone spazio spadoni luigi misericordia orta nova 4 225x300\" src=\"https:\/\/spaziospadoni.org\/wp-content\/uploads\/2026\/05\/2022_febbraio_23_hicsum_16_italia_san_cerbone_spazio_spadoni_luigi_misericordia_orta_nova-4-225x300.jpg\"\/><\/figure>\n\n\n<figure class=\"wp-block-image size-large formazione\"><img decoding=\"async\" alt=\"2022 febbraio 23 hicsum 16 italia san cerbone spazio spadoni luigi misericordia orta nova suore san francesco di sales suor perpetue joan 2 300x225\" src=\"https:\/\/spaziospadoni.org\/wp-content\/uploads\/2026\/05\/2022_febbraio_23_hicsum_16_italia_san_cerbone_spazio_spadoni_luigi_misericordia_orta_nova_suore_san_francesco_di_sales_suor_perpetue_joan-2-300x225.jpg\"\/><\/figure>\n\n\n<figure class=\"wp-block-image size-large formazione\"><img decoding=\"async\" alt=\"2022 febbraio 23 hicsum 16 italia san cerbone spazio spadoni misericordia orta nova suor perpetue joan partenza 225x300\" src=\"https:\/\/spaziospadoni.org\/wp-content\/uploads\/2026\/05\/2022_febbraio_23_hicsum_16_italia_san_cerbone_spazio_spadoni_misericordia_orta_nova_suor_perpetue_joan_partenza-225x300.jpg\"\/><\/figure>\n\n\n<figure class=\"wp-block-image size-large formazione\"><img decoding=\"async\" alt=\"formazione visita febbraio F tutte e 3 copia 1 300x160\" src=\"https:\/\/spaziospadoni.org\/wp-content\/uploads\/2026\/05\/formazione-visita-febbraio-F-tutte-e-3-copia-1-300x160.jpg\"\/><\/figure>\n\n\n<figure class=\"wp-block-image size-large formazione\"><img decoding=\"async\" alt=\"2022 febbraio 23 hicsum 16 italia san cerbone spazio spadoni suor elisabeth marguerite angele joan 225x300\" src=\"https:\/\/spaziospadoni.org\/wp-content\/uploads\/2026\/05\/2022_febbraio_23_hicsum_16_italia_san_cerbone_spazio_spadoni_suor_elisabeth_marguerite_angele_joan-225x300.jpg\"\/><\/figure>\n\n\n<figure class=\"wp-block-image size-large formazione\"><img decoding=\"async\" alt=\"formazione visita febbraio F a tutte sr copia 1 300x186\" src=\"https:\/\/spaziospadoni.org\/wp-content\/uploads\/2026\/05\/formazione-visita-febbraio-F-a-tutte-sr-copia-1-300x186.jpg\"\/><\/figure>\n\n\n<figure class=\"wp-block-image size-large formazione\"><img decoding=\"async\" alt=\"2022 febbraio 23 hicsum 16 italia san cerbone spazio spadoni suor marguerite angele elisabeth perpetue joan 2 225x300\" src=\"https:\/\/spaziospadoni.org\/wp-content\/uploads\/2026\/05\/2022_febbraio_23_hicsum_16_italia_san_cerbone_spazio_spadoni_suor_marguerite_angele_elisabeth_perpetue_joan-2-225x300.jpg\"\/><\/figure>\n\n\n<figure class=\"wp-block-image size-large formazione\"><img decoding=\"async\" alt=\"2022 febbraio 23 hicsum 16 italia san cerbone spazio spadoni suor perpetue canto 225x300\" src=\"https:\/\/spaziospadoni.org\/wp-content\/uploads\/2026\/05\/2022_febbraio_23_hicsum_16_italia_san_cerbone_spazio_spadoni_suor_perpetue_canto-225x300.jpg\"\/><\/figure>\n\n\n<figure class=\"wp-block-image size-large formazione\"><img decoding=\"async\" alt=\"2022 febbraio 23 hicsum 16 italia san cerbone spazio spadoni suor perpetue elisabeth joan marguerite angele misericordia orta nova 2 224x300\" src=\"https:\/\/spaziospadoni.org\/wp-content\/uploads\/2026\/05\/2022_febbraio_23_hicsum_16_italia_san_cerbone_spazio_spadoni_suor_perpetue_elisabeth_joan_marguerite_angele_misericordia_orta_nova-2-224x300.jpg\"\/><\/figure>\n\n\n<figure class=\"wp-block-image size-large formazione\"><img decoding=\"async\" alt=\"2022 febbraio 23 hicsum 16 italia san cerbone spazio spadoni suor perpetue elisabeth joan marguerite angele misericordia orta nova 12 300x225\" src=\"https:\/\/spaziospadoni.org\/wp-content\/uploads\/2026\/05\/2022_febbraio_23_hicsum_16_italia_san_cerbone_spazio_spadoni_suor_perpetue_elisabeth_joan_marguerite_angele_misericordia_orta_nova-12-300x225.jpg\"\/><\/figure>\n\n\n<figure class=\"wp-block-image size-large formazione\"><img decoding=\"async\" alt=\"2022 febbraio 23 hicsum 16 italia san cerbone spazio spadoni suor perpetue elisabeth joan marguerite angele misericordia orta nova arrivo 2 300x225\" src=\"https:\/\/spaziospadoni.org\/wp-content\/uploads\/2026\/05\/2022_febbraio_23_hicsum_16_italia_san_cerbone_spazio_spadoni_suor_perpetue_elisabeth_joan_marguerite_angele_misericordia_orta_nova_arrivo-2-300x225.jpg\"\/><\/figure>\n\n\n<figure class=\"wp-block-image size-large formazione\"><img decoding=\"async\" alt=\"2022 hicsum 16 italia spazio spadoni misericordia orta nova suor perpetue joan 300x135\" src=\"https:\/\/spaziospadoni.org\/wp-content\/uploads\/2026\/05\/2022_hicsum_16_italia_spazio_spadoni_misericordia_orta_nova_suor_perpetue_joan-300x135.jpg\"\/><\/figure>\n\n\n<figure class=\"wp-block-image size-large formazione\"><img decoding=\"async\" alt=\"2023 gennaio 20 hicsum 16 italia spazio spadoni suor perpetue misericordia orta nova volantino 169x300\" src=\"https:\/\/spaziospadoni.org\/wp-content\/uploads\/2026\/05\/2023_gennaio_20_hicsum_16_italia_spazio_spadoni_suor_perpetue_misericordia_orta_nova_volantino-169x300.jpeg\"\/><\/figure>\n\n\n<figure class=\"wp-block-image size-large formazione\"><img decoding=\"async\" alt=\"2023 settembre 24 hicsum 16 italia spazio spadoni misericordia orta nova inaugurazione casa divina provvidenza foulard 2 169x300\" src=\"https:\/\/spaziospadoni.org\/wp-content\/uploads\/2026\/05\/2023_settembre_24_hicsum_16_italia_spazio_spadoni_misericordia_orta_nova_inaugurazione_casa_divina_provvidenza_foulard-2-169x300.jpg\"\/><\/figure>\n\n\n<figure class=\"wp-block-image size-large formazione\"><img decoding=\"async\" alt=\"2023 settembre 24 hicsum 16 italia spazio spadoni misericordia orta nova inaugurazione casa divina provvidenza foulard 225x300\" src=\"https:\/\/spaziospadoni.org\/wp-content\/uploads\/2026\/05\/2023_settembre_24_hicsum_16_italia_spazio_spadoni_misericordia_orta_nova_inaugurazione_casa_divina_provvidenza_foulard-225x300.jpg\"\/><\/figure>\n\n\n<figure class=\"wp-block-image size-large formazione\"><img decoding=\"async\" alt=\"2023 settembre 24 hicsum 16 italia spazio spadoni misericordia orta nova inaugurazione casa divina provvidenza striscione 300x169\" src=\"https:\/\/spaziospadoni.org\/wp-content\/uploads\/2026\/05\/2023_settembre_24_hicsum_16_italia_spazio_spadoni_misericordia_orta_nova_inaugurazione_casa_divina_provvidenza_striscione-300x169.jpg\"\/><\/figure>\n\n\n<figure class=\"wp-block-image size-large formazione\"><img decoding=\"async\" alt=\"spadoni visita ortas nova F sparsi.jpg1 copia 300x148\" src=\"https:\/\/spaziospadoni.org\/wp-content\/uploads\/2026\/05\/spadoni-visita-ortas-nova-F-sparsi.jpg1-copia-300x148.jpg\"\/><\/figure>\n\n\n<figure class=\"wp-block-image size-large formazione\"><img decoding=\"async\" alt=\"2023 settembre 24 hicsum 16 italia spazio spadoni misericordia orta nova inaugurazione casa divina provvidenza visita vescovo 300x225\" src=\"https:\/\/spaziospadoni.org\/wp-content\/uploads\/2026\/05\/2023_settembre_24_hicsum_16_italia_spazio_spadoni_misericordia_orta_nova_inaugurazione_casa_divina_provvidenza_visita_vescovo-300x225.jpg\"\/><\/figure>\n\n\n<figure class=\"wp-block-image size-large formazione\"><img decoding=\"async\" alt=\"spazoni settembre 2023 visita orta nova F sr copia 256x300\" src=\"https:\/\/spaziospadoni.org\/wp-content\/uploads\/2026\/05\/spazoni-settembre-2023-visita-orta-nova-F-sr-copia-256x300.jpg\"\/><\/figure>\n\n\n<figure class=\"wp-block-image size-large formazione\"><img decoding=\"async\" alt=\"spadoni visita ortas nova F sparsi copia 300x134\" src=\"https:\/\/spaziospadoni.org\/wp-content\/uploads\/2026\/05\/spadoni-visita-ortas-nova-F-sparsi-copia-300x134.jpg\"\/><\/figure>\n\n\n<figure class=\"wp-block-image size-large formazione\"><img decoding=\"async\" alt=\"2023 settembre 24 hicsum 16 italia spazio spadoni misericordia orta nova inaugurazione casa divina provvidenza 2 300x225\" src=\"https:\/\/spaziospadoni.org\/wp-content\/uploads\/2026\/05\/2023_settembre_24_hicsum_16_italia_spazio_spadoni_misericordia_orta_nova_inaugurazione_casa_divina_provvidenza-2-300x225.jpg\"\/><\/figure>\n\n\n<figure class=\"wp-block-image size-large repubblica-democratica-del-congo\"><img decoding=\"async\" alt=\"formazione congo mettere 2 F copia 300x185\" src=\"https:\/\/spaziospadoni.org\/wp-content\/uploads\/2026\/05\/formazione-congo-mettere-2-F-copia-300x185.jpg\"\/><\/figure>\n\n\n<figure class=\"wp-block-image size-large repubblica-democratica-del-congo\"><img decoding=\"async\" alt=\"2022 aprile 3 hicsum 16 isiro suor perpetue spazio spadoni spiega progetto suore 3 300x225\" src=\"https:\/\/spaziospadoni.org\/wp-content\/uploads\/2026\/05\/2022_aprile_3_hicsum_16_isiro_suor_perpetue_spazio_spadoni_spiega_progetto_suore-3-300x225.jpg\"\/><\/figure>\n\n\n<figure class=\"wp-block-image size-large repubblica-democratica-del-congo\"><img decoding=\"async\" alt=\"2022 aprile 3 hicsum 16 isiro suor perpetue spazio spadoni spiega progetto suore 300x225\" src=\"https:\/\/spaziospadoni.org\/wp-content\/uploads\/2026\/05\/2022_aprile_3_hicsum_16_isiro_suor_perpetue_spazio_spadoni_spiega_progetto_suore-300x225.jpg\"\/><\/figure>\n\n\n<figure class=\"wp-block-image size-large formazione\"><img decoding=\"async\" alt=\"2022 Novembre dicembre hicsum 16 loppiano spazio spadoni suor perpetue corso opere misericordia economia comunione 2 225x300\" src=\"https:\/\/spaziospadoni.org\/wp-content\/uploads\/2026\/05\/2022_Novembre_dicembre_hicsum_16_loppiano_spazio_spadoni_suor_perpetue_corso_opere_misericordia_economia_comunione-2-225x300.jpeg\"\/><\/figure>\n\n\n<figure class=\"wp-block-image size-large formazione\"><img decoding=\"async\" alt=\"2022 Novembre dicembre hicsum 16 loppiano spazio spadoni suor perpetue corso opere misericordia economia comunione 3 225x300\" src=\"https:\/\/spaziospadoni.org\/wp-content\/uploads\/2026\/05\/2022_Novembre_dicembre_hicsum_16_loppiano_spazio_spadoni_suor_perpetue_corso_opere_misericordia_economia_comunione-3-225x300.jpeg\"\/><\/figure>\n\n\n<figure class=\"wp-block-image size-large repubblica-democratica-del-congo pane-di-misericordia\"><img decoding=\"async\" alt=\"2025 maggio assemblea uisg roma spazio spadoni opere misericordia superiore generali suore 137 300x225\" src=\"https:\/\/spaziospadoni.org\/wp-content\/uploads\/2026\/05\/2025_maggio_assemblea_uisg_roma_spazio_spadoni_opere_misericordia_superiore_generali_suore-137-300x225.jpg\"\/><\/figure>\n\n\n<figure class=\"wp-block-image size-large repubblica-democratica-del-congo pane-di-misericordia\"><img decoding=\"async\" alt=\"2025 maggio assemblea uisg roma spazio spadoni opere misericordia superiore generali suore 138 300x225\" src=\"https:\/\/spaziospadoni.org\/wp-content\/uploads\/2026\/05\/2025_maggio_assemblea_uisg_roma_spazio_spadoni_opere_misericordia_superiore_generali_suore-138-300x225.jpg\"\/><\/figure>\n\n\n<figure class=\"wp-block-image size-large repubblica-democratica-del-congo pane-di-misericordia\"><img decoding=\"async\" alt=\"2025 maggio assemblea uisg roma spazio spadoni opere misericordia superiore generali suore 133 300x225\" src=\"https:\/\/spaziospadoni.org\/wp-content\/uploads\/2026\/05\/2025_maggio_assemblea_uisg_roma_spazio_spadoni_opere_misericordia_superiore_generali_suore-133-300x225.jpg\"\/><\/figure>\n\n<\/figure>\n\n\n<div class=\"gb-element-b24bbf5e ss-media-videos\">\n\n<figure class=\"wp-block-video video\"><video controls=\"\" src=\"https:\/\/spaziospadoni.org\/wp-content\/uploads\/2026\/05\/febbraio_2022_san_cerbone.mov\"><\/video><figcaption class=\"wp-element-caption\">febbraio 2022 san cerbone<\/figcaption><\/figure>\n\n\n<figure class=\"wp-block-video video\"><video controls=\"\" src=\"https:\/\/spaziospadoni.org\/wp-content\/uploads\/2026\/05\/2022_febbraio_san_cerbone_suor_perpetue.mov\"><\/video><figcaption class=\"wp-element-caption\">2022 febbraio san cerbone suor perpetue<\/figcaption><\/figure>\n\n\n<figure class=\"wp-block-video video\"><video controls=\"\" src=\"https:\/\/spaziospadoni.org\/wp-content\/uploads\/2026\/05\/Festa-Misericordia.mp4\"><\/video><figcaption class=\"wp-element-caption\">Festa Misericordia<\/figcaption><\/figure>\n\n\n<figure class=\"wp-block-video video\"><video controls=\"\" src=\"https:\/\/spaziospadoni.org\/wp-content\/uploads\/2026\/05\/settembre_2023_Casa_misericordia.mp4\"><\/video><figcaption class=\"wp-element-caption\">settembre 2023 Casa misericordia<\/figcaption><\/figure>\n\n\n<figure class=\"wp-block-video video\"><video controls=\"\" src=\"https:\/\/spaziospadoni.org\/wp-content\/uploads\/2026\/05\/2022_san_valentino_festa_orta_nova-2.mp4\"><\/video><figcaption class=\"wp-element-caption\">2022 san valentino festa orta nova 2<\/figcaption><\/figure>\n\n<\/div>\n\n<\/div>\n\n<\/div>\n\n<\/div>\n\n","protected":false},"excerpt":{"rendered":"<p>Isiro | Isiro (Rep\u00fablica Democr\u00e1tica del Congo) OPERA M8 MISI\u00d3N Lugar Isiro Di\u00f3cesis Isiro Pa\u00eds Rep\u00fablica Democr\u00e1tica del Congo Continente \u00c1frica Coordenadas GPS 2.462388 27.37066 Zona horaria UTC+2 ORGANIZADOR Congregaci\u00f3n S\u0153urs Dominicaines Filles de Sainte Catherine de Sienne Casa Madre Isiro Di\u00f3cesis Isiro-Niangara Pa\u00eds Rep\u00fablica Democr\u00e1tica del Congo Continente \u00c1frica Fiesta de la Congregaci\u00f3n 29 &#8230; <a title=\"Rep\u00fablica Democr\u00e1tica del Congo &#8211; \u00c1frica | Proyecto M8\" class=\"read-more\" href=\"https:\/\/spaziospadoni.org\/es\/opera-m\/republica-democratica-del-congo-africa-proyecto-m8\/\" aria-label=\"Read more about Rep\u00fablica Democr\u00e1tica del Congo &#8211; \u00c1frica | Proyecto M8\">Leer m\u00e1s<\/a><\/p>\n","protected":false},"author":102,"featured_media":0,"parent":89580,"menu_order":0,"comment_status":"closed","ping_status":"closed","template":"","meta":{"_sitemap_exclude":false,"_sitemap_priority":"","_sitemap_frequency":"","footnotes":""},"class_list":["post-87947","page","type-page","status-publish","infinite-scroll-item"],"yoast_head":"<!-- This site is optimized with the Yoast SEO plugin v28.4 - https:\/\/yoast.com\/product\/yoast-seo-wordpress\/ -->\n<title>Rep\u00fablica Democr\u00e1tica del Congo - \u00c1frica | Proyecto M8 | Spazio Spadoni<\/title>\n<meta name=\"description\" content=\"Isiro | Isiro (Rep\u00fablica Democr\u00e1tica del Congo) OPERA M8 MISI\u00d3N Lugar Isiro Di\u00f3cesis Isiro Pa\u00eds Rep\u00fablica Democr\u00e1tica del Congo Continente \u00c1frica\" \/>\n<meta name=\"robots\" content=\"index, follow, max-snippet:-1, max-image-preview:large, max-video-preview:-1\" \/>\n<link rel=\"canonical\" href=\"https:\/\/spaziospadoni.org\/es\/opera-m\/republica-democratica-del-congo-africa-proyecto-m8\/\" \/>\n<meta property=\"og:locale\" content=\"es_ES\" \/>\n<meta property=\"og:type\" content=\"article\" \/>\n<meta property=\"og:title\" content=\"Rep\u00fablica Democr\u00e1tica del Congo - \u00c1frica | Proyecto M8 | Spazio Spadoni\" \/>\n<meta property=\"og:description\" content=\"Isiro | Isiro (Rep\u00fablica Democr\u00e1tica del Congo) OPERA M8 MISI\u00d3N Lugar Isiro Di\u00f3cesis Isiro Pa\u00eds Rep\u00fablica Democr\u00e1tica del Congo Continente \u00c1frica\" \/>\n<meta property=\"og:url\" content=\"https:\/\/spaziospadoni.org\/es\/opera-m\/republica-democratica-del-congo-africa-proyecto-m8\/\" \/>\n<meta property=\"og:site_name\" content=\"spazio + spadoni\" \/>\n<meta property=\"article:publisher\" content=\"https:\/\/www.facebook.com\/SpazioSpadoni\/\" \/>\n<meta property=\"article:modified_time\" content=\"2026-08-03T12:44:13+00:00\" \/>\n<meta property=\"og:image\" content=\"https:\/\/spaziospadoni.org\/wp-content\/uploads\/2026\/05\/hicsum_1_congo-spaziospadoni-scaled.png\" \/>\n\t<meta property=\"og:image:width\" content=\"2560\" \/>\n\t<meta property=\"og:image:height\" content=\"1771\" \/>\n\t<meta property=\"og:image:type\" content=\"image\/png\" \/>\n<meta name=\"twitter:card\" content=\"summary_large_image\" \/>\n<meta name=\"twitter:label1\" content=\"Est. reading time\" \/>\n\t<meta name=\"twitter:data1\" content=\"20 minutes\" \/>\n<script type=\"application\/ld+json\" class=\"yoast-schema-graph\">{\"@context\":\"https:\\\/\\\/schema.org\",\"@graph\":[{\"@type\":\"WebPage\",\"@id\":\"https:\\\/\\\/spaziospadoni.org\\\/es\\\/opera-m\\\/republica-democratica-del-congo-africa-proyecto-m8\\\/\",\"url\":\"https:\\\/\\\/spaziospadoni.org\\\/es\\\/opera-m\\\/republica-democratica-del-congo-africa-proyecto-m8\\\/\",\"name\":\"Rep\u00fablica Democr\u00e1tica del Congo - \u00c1frica | Proyecto M8 | Spazio Spadoni\",\"isPartOf\":{\"@id\":\"https:\\\/\\\/spaziospadoni.org\\\/es\\\/#website\"},\"primaryImageOfPage\":{\"@id\":\"https:\\\/\\\/spaziospadoni.org\\\/es\\\/opera-m\\\/republica-democratica-del-congo-africa-proyecto-m8\\\/#primaryimage\"},\"image\":{\"@id\":\"https:\\\/\\\/spaziospadoni.org\\\/es\\\/opera-m\\\/republica-democratica-del-congo-africa-proyecto-m8\\\/#primaryimage\"},\"thumbnailUrl\":\"https:\\\/\\\/spaziospadoni.org\\\/wp-content\\\/uploads\\\/2026\\\/05\\\/hicsum_16_congo-spaziospadoni-1-1024x709.png\",\"datePublished\":\"2026-05-18T13:30:43+00:00\",\"dateModified\":\"2026-08-03T12:44:13+00:00\",\"description\":\"Isiro | Isiro (Rep\u00fablica Democr\u00e1tica del Congo) OPERA M8 MISI\u00d3N Lugar Isiro Di\u00f3cesis Isiro Pa\u00eds Rep\u00fablica Democr\u00e1tica del Congo Continente \u00c1frica\",\"breadcrumb\":{\"@id\":\"https:\\\/\\\/spaziospadoni.org\\\/es\\\/opera-m\\\/republica-democratica-del-congo-africa-proyecto-m8\\\/#breadcrumb\"},\"inLanguage\":\"es-ES\",\"potentialAction\":[{\"@type\":\"ReadAction\",\"target\":[\"https:\\\/\\\/spaziospadoni.org\\\/es\\\/opera-m\\\/republica-democratica-del-congo-africa-proyecto-m8\\\/\"]}]},{\"@type\":\"ImageObject\",\"inLanguage\":\"es-ES\",\"@id\":\"https:\\\/\\\/spaziospadoni.org\\\/es\\\/opera-m\\\/republica-democratica-del-congo-africa-proyecto-m8\\\/#primaryimage\",\"url\":\"https:\\\/\\\/spaziospadoni.org\\\/wp-content\\\/uploads\\\/2026\\\/05\\\/hicsum_16_congo-spaziospadoni-1-1024x709.png\",\"contentUrl\":\"https:\\\/\\\/spaziospadoni.org\\\/wp-content\\\/uploads\\\/2026\\\/05\\\/hicsum_16_congo-spaziospadoni-1-1024x709.png\"},{\"@type\":\"BreadcrumbList\",\"@id\":\"https:\\\/\\\/spaziospadoni.org\\\/es\\\/opera-m\\\/republica-democratica-del-congo-africa-proyecto-m8\\\/#breadcrumb\",\"itemListElement\":[{\"@type\":\"ListItem\",\"position\":1,\"name\":\"Home\",\"item\":\"https:\\\/\\\/spaziospadoni.org\\\/es\\\/\"},{\"@type\":\"ListItem\",\"position\":2,\"name\":\"Obras de Misericordia\",\"item\":\"https:\\\/\\\/spaziospadoni.org\\\/es\\\/obras-de-misericordia\\\/\"},{\"@type\":\"ListItem\",\"position\":3,\"name\":\"Rep\u00fablica Democr\u00e1tica del Congo &#8211; \u00c1frica | Proyecto M8\"}]},{\"@type\":\"WebSite\",\"@id\":\"https:\\\/\\\/spaziospadoni.org\\\/es\\\/#website\",\"url\":\"https:\\\/\\\/spaziospadoni.org\\\/es\\\/\",\"name\":\"spazio + spadoni\",\"description\":\"Generazione di misericordia e missione nel mondo\",\"publisher\":{\"@id\":\"https:\\\/\\\/spaziospadoni.org\\\/es\\\/#organization\"},\"alternateName\":\"spaziospadoni.org\",\"potentialAction\":[{\"@type\":\"SearchAction\",\"target\":{\"@type\":\"EntryPoint\",\"urlTemplate\":\"https:\\\/\\\/spaziospadoni.org\\\/es\\\/?s={search_term_string}\"},\"query-input\":{\"@type\":\"PropertyValueSpecification\",\"valueRequired\":true,\"valueName\":\"search_term_string\"}}],\"inLanguage\":\"es-ES\"},{\"@type\":\"Organization\",\"@id\":\"https:\\\/\\\/spaziospadoni.org\\\/es\\\/#organization\",\"name\":\"spazio + spadoni\",\"alternateName\":\"spaziospadoni.org\",\"url\":\"https:\\\/\\\/spaziospadoni.org\\\/es\\\/\",\"logo\":{\"@type\":\"ImageObject\",\"inLanguage\":\"es-ES\",\"@id\":\"https:\\\/\\\/spaziospadoni.org\\\/es\\\/#\\\/schema\\\/logo\\\/image\\\/\",\"url\":\"https:\\\/\\\/spaziospadoni.org\\\/wp-content\\\/uploads\\\/2026\\\/05\\\/spazio-spadoni-logo-100x100-1.webp\",\"contentUrl\":\"https:\\\/\\\/spaziospadoni.org\\\/wp-content\\\/uploads\\\/2026\\\/05\\\/spazio-spadoni-logo-100x100-1.webp\",\"width\":100,\"height\":100,\"caption\":\"spazio + spadoni\"},\"image\":{\"@id\":\"https:\\\/\\\/spaziospadoni.org\\\/es\\\/#\\\/schema\\\/logo\\\/image\\\/\"},\"sameAs\":[\"https:\\\/\\\/www.facebook.com\\\/SpazioSpadoni\\\/\",\"https:\\\/\\\/www.instagram.com\\\/spaziospadoni\\\/\",\"https:\\\/\\\/www.youtube.com\\\/@spaziospadoni\\\/playlists\"]}]}<\/script>\n<!-- \/ Yoast SEO plugin. -->","yoast_head_json":{"title":"Rep\u00fablica Democr\u00e1tica del Congo - \u00c1frica | Proyecto M8 | Spazio Spadoni","description":"Isiro | Isiro (Rep\u00fablica Democr\u00e1tica del Congo) OPERA M8 MISI\u00d3N Lugar Isiro Di\u00f3cesis Isiro Pa\u00eds Rep\u00fablica Democr\u00e1tica del Congo Continente \u00c1frica","robots":{"index":"index","follow":"follow","max-snippet":"max-snippet:-1","max-image-preview":"max-image-preview:large","max-video-preview":"max-video-preview:-1"},"canonical":"https:\/\/spaziospadoni.org\/es\/opera-m\/republica-democratica-del-congo-africa-proyecto-m8\/","og_locale":"es_ES","og_type":"article","og_title":"Rep\u00fablica Democr\u00e1tica del Congo - \u00c1frica | Proyecto M8 | Spazio Spadoni","og_description":"Isiro | Isiro (Rep\u00fablica Democr\u00e1tica del Congo) OPERA M8 MISI\u00d3N Lugar Isiro Di\u00f3cesis Isiro Pa\u00eds Rep\u00fablica Democr\u00e1tica del Congo Continente \u00c1frica","og_url":"https:\/\/spaziospadoni.org\/es\/opera-m\/republica-democratica-del-congo-africa-proyecto-m8\/","og_site_name":"spazio + spadoni","article_publisher":"https:\/\/www.facebook.com\/SpazioSpadoni\/","article_modified_time":"2026-08-03T12:44:13+00:00","og_image":[{"width":2560,"height":1771,"url":"https:\/\/spaziospadoni.org\/wp-content\/uploads\/2026\/05\/hicsum_1_congo-spaziospadoni-scaled.png","type":"image\/png"}],"twitter_card":"summary_large_image","twitter_misc":{"Est. reading time":"20 minutes"},"schema":{"@context":"https:\/\/schema.org","@graph":[{"@type":"WebPage","@id":"https:\/\/spaziospadoni.org\/es\/opera-m\/republica-democratica-del-congo-africa-proyecto-m8\/","url":"https:\/\/spaziospadoni.org\/es\/opera-m\/republica-democratica-del-congo-africa-proyecto-m8\/","name":"Rep\u00fablica Democr\u00e1tica del Congo - \u00c1frica | Proyecto M8 | Spazio Spadoni","isPartOf":{"@id":"https:\/\/spaziospadoni.org\/es\/#website"},"primaryImageOfPage":{"@id":"https:\/\/spaziospadoni.org\/es\/opera-m\/republica-democratica-del-congo-africa-proyecto-m8\/#primaryimage"},"image":{"@id":"https:\/\/spaziospadoni.org\/es\/opera-m\/republica-democratica-del-congo-africa-proyecto-m8\/#primaryimage"},"thumbnailUrl":"https:\/\/spaziospadoni.org\/wp-content\/uploads\/2026\/05\/hicsum_16_congo-spaziospadoni-1-1024x709.png","datePublished":"2026-05-18T13:30:43+00:00","dateModified":"2026-08-03T12:44:13+00:00","description":"Isiro | Isiro (Rep\u00fablica Democr\u00e1tica del Congo) OPERA M8 MISI\u00d3N Lugar Isiro Di\u00f3cesis Isiro Pa\u00eds Rep\u00fablica Democr\u00e1tica del Congo Continente \u00c1frica","breadcrumb":{"@id":"https:\/\/spaziospadoni.org\/es\/opera-m\/republica-democratica-del-congo-africa-proyecto-m8\/#breadcrumb"},"inLanguage":"es-ES","potentialAction":[{"@type":"ReadAction","target":["https:\/\/spaziospadoni.org\/es\/opera-m\/republica-democratica-del-congo-africa-proyecto-m8\/"]}]},{"@type":"ImageObject","inLanguage":"es-ES","@id":"https:\/\/spaziospadoni.org\/es\/opera-m\/republica-democratica-del-congo-africa-proyecto-m8\/#primaryimage","url":"https:\/\/spaziospadoni.org\/wp-content\/uploads\/2026\/05\/hicsum_16_congo-spaziospadoni-1-1024x709.png","contentUrl":"https:\/\/spaziospadoni.org\/wp-content\/uploads\/2026\/05\/hicsum_16_congo-spaziospadoni-1-1024x709.png"},{"@type":"BreadcrumbList","@id":"https:\/\/spaziospadoni.org\/es\/opera-m\/republica-democratica-del-congo-africa-proyecto-m8\/#breadcrumb","itemListElement":[{"@type":"ListItem","position":1,"name":"Home","item":"https:\/\/spaziospadoni.org\/es\/"},{"@type":"ListItem","position":2,"name":"Obras de Misericordia","item":"https:\/\/spaziospadoni.org\/es\/obras-de-misericordia\/"},{"@type":"ListItem","position":3,"name":"Rep\u00fablica Democr\u00e1tica del Congo &#8211; \u00c1frica | Proyecto M8"}]},{"@type":"WebSite","@id":"https:\/\/spaziospadoni.org\/es\/#website","url":"https:\/\/spaziospadoni.org\/es\/","name":"spazio + spadoni","description":"Generazione di misericordia e missione nel mondo","publisher":{"@id":"https:\/\/spaziospadoni.org\/es\/#organization"},"alternateName":"spaziospadoni.org","potentialAction":[{"@type":"SearchAction","target":{"@type":"EntryPoint","urlTemplate":"https:\/\/spaziospadoni.org\/es\/?s={search_term_string}"},"query-input":{"@type":"PropertyValueSpecification","valueRequired":true,"valueName":"search_term_string"}}],"inLanguage":"es-ES"},{"@type":"Organization","@id":"https:\/\/spaziospadoni.org\/es\/#organization","name":"spazio + spadoni","alternateName":"spaziospadoni.org","url":"https:\/\/spaziospadoni.org\/es\/","logo":{"@type":"ImageObject","inLanguage":"es-ES","@id":"https:\/\/spaziospadoni.org\/es\/#\/schema\/logo\/image\/","url":"https:\/\/spaziospadoni.org\/wp-content\/uploads\/2026\/05\/spazio-spadoni-logo-100x100-1.webp","contentUrl":"https:\/\/spaziospadoni.org\/wp-content\/uploads\/2026\/05\/spazio-spadoni-logo-100x100-1.webp","width":100,"height":100,"caption":"spazio + spadoni"},"image":{"@id":"https:\/\/spaziospadoni.org\/es\/#\/schema\/logo\/image\/"},"sameAs":["https:\/\/www.facebook.com\/SpazioSpadoni\/","https:\/\/www.instagram.com\/spaziospadoni\/","https:\/\/www.youtube.com\/@spaziospadoni\/playlists"]}]}},"_links":{"self":[{"href":"https:\/\/spaziospadoni.org\/es\/wp-json\/wp\/v2\/pages\/87947","targetHints":{"allow":["GET"]}}],"collection":[{"href":"https:\/\/spaziospadoni.org\/es\/wp-json\/wp\/v2\/pages"}],"about":[{"href":"https:\/\/spaziospadoni.org\/es\/wp-json\/wp\/v2\/types\/page"}],"author":[{"embeddable":true,"href":"https:\/\/spaziospadoni.org\/es\/wp-json\/wp\/v2\/users\/102"}],"replies":[{"embeddable":true,"href":"https:\/\/spaziospadoni.org\/es\/wp-json\/wp\/v2\/comments?post=87947"}],"version-history":[{"count":0,"href":"https:\/\/spaziospadoni.org\/es\/wp-json\/wp\/v2\/pages\/87947\/revisions"}],"up":[{"embeddable":true,"href":"https:\/\/spaziospadoni.org\/es\/wp-json\/wp\/v2\/pages\/89580"}],"wp:attachment":[{"href":"https:\/\/spaziospadoni.org\/es\/wp-json\/wp\/v2\/media?parent=87947"}],"curies":[{"name":"wp","href":"https:\/\/api.w.org\/{rel}","templated":true}]}}