{"id":88119,"date":"2026-05-18T14:32:57","date_gmt":"2026-05-18T13:32:57","guid":{"rendered":"https:\/\/spaziospadoni.org\/obras-de-misericordia\/rwanda-africa-progetto-m15\/"},"modified":"2026-08-19T13:33:25","modified_gmt":"2026-08-19T12:33:25","slug":"ruanda-africa-proyecto-m15","status":"publish","type":"page","link":"https:\/\/spaziospadoni.org\/es\/opera-m\/ruanda-africa-proyecto-m15\/","title":{"rendered":"Ruanda &#8211; \u00c1frica | Proyecto M15"},"content":{"rendered":"\n<div class=\"ss-project-hero-card\">\n<h2 id=\"huye-butare-butare-ruanda\" class=\"gb-text gb-text-62a95885\">Huye &#8211; Butare | Butare (Ruanda)<\/h2>\n\n\n\n<div class=\"gb-element-f60f2409\">\n<div class=\"gb-element-90a85740 ss-project-sidebar\">\n<h2 id=\"opera-m15\" class=\"gb-text ss-project-title\">OPERA M15<\/h2>\n\n\n\n<figure class=\"wp-block-image size-large\"><img decoding=\"async\" src=\"https:\/\/spaziospadoni.org\/wp-content\/uploads\/2026\/05\/hicsum_28_rwanda-spaziospadoni-scaled.png\" alt=\"hicsum 28 Ruanda spaziospadoni 150x150\" class=\"wp-image-43007\"\/><\/figure>\n\n\n\n<div class=\"ss-project-table\">\n<div class=\"ss-table-section-title\">\n<h3 id=\"mision\" class=\"gb-text\">MISI\u00d3N<\/h3>\n<\/div>\n\n\n\n<div class=\"ss-table-row\">\n<p class=\"gb-text\">Lugar<\/p>\n\n\n\n<p class=\"gb-text\"><a href=\"https:\/\/www.google.it\/maps\/place\/Butare,+Ruanda\/@-2.6274613,29.6869256,13z\/data=!3m1!4b1!4m6!3m5!1s0x19c30e87584c8b97:0x71fbfafce20bdc47!8m2!3d-2.6005173!4d29.7419201!16zL20vMDk3eHZs?hl=it&#038;entry=ttu&#038;g_ep=EgoyMDI1MTAyOS4yIKXMDSoASAFQAw%3D%3D\" rel=\"noreferrer noopener\" target=\"_blank\" title=\"Huye &#8211; Butare\">Huye &#8211; Butare<\/a><\/p>\n<\/div>\n\n\n\n<div class=\"ss-table-row\">\n<p class=\"gb-text\">Di\u00f3cesis<\/p>\n\n\n\n<p class=\"gb-text\">Butare<\/p>\n<\/div>\n\n\n\n<div class=\"ss-table-row\">\n<p class=\"gb-text\">Pa\u00eds<\/p>\n\n\n\n<p class=\"gb-text\"><strong>Ruanda<\/strong><\/p>\n<\/div>\n\n\n\n<div class=\"ss-table-row\">\n<p class=\"gb-text\">Continente<\/p>\n\n\n\n<p class=\"gb-text\">Africa<\/p>\n<\/div>\n\n\n\n<div class=\"ss-table-row\">\n<p class=\"gb-text\">Coordenadas GPS<\/p>\n\n\n\n<p class=\"gb-text\">-2.60697 29.74359<\/p>\n<\/div>\n\n\n\n<div class=\"ss-table-row\">\n<p class=\"gb-text\">Huso horario<\/p>\n\n\n\n<p class=\"gb-text\">UTC+2<\/p>\n<\/div>\n<\/div>\n\n\n\n<div class=\"ss-project-table\">\n<div class=\"ss-table-section-title\">\n<h3 id=\"organizador\" class=\"gb-text\">ORGANIZADOR<\/h3>\n<\/div>\n\n\n\n<div class=\"ss-table-row\">\n<p class=\"gb-text\">Congregaci\u00f3n<\/p>\n\n\n\n<p class=\"gb-text\">Fraternit\u00e9 des Consacres de la Communaut\u00e9 Ingoro Y&#8217;Urukundo (Demeure de la Charit\u00e9)<\/p>\n<\/div>\n\n\n\n<div class=\"ss-table-row\">\n<p class=\"gb-text\">Casa madre<\/p>\n\n\n\n<p class=\"gb-text\">Huye &#8211; Butare<\/p>\n<\/div>\n\n\n\n<div class=\"ss-table-row\">\n<p class=\"gb-text\">Di\u00f3cesis<\/p>\n\n\n\n<p class=\"gb-text\">Butare<\/p>\n<\/div>\n\n\n\n<div class=\"ss-table-row\">\n<p class=\"gb-text\">Pa\u00eds<\/p>\n\n\n\n<p class=\"gb-text\">Ruanda<\/p>\n<\/div>\n\n\n\n<div class=\"ss-table-row\">\n<p class=\"gb-text\">Continente<\/p>\n\n\n\n<p class=\"gb-text\">Africa<\/p>\n<\/div>\n\n\n\n<div class=\"ss-table-row\">\n<p class=\"gb-text\">Fiesta de la Congregaci\u00f3n<\/p>\n\n\n\n<p class=\"gb-text\">Fiesta de Pentecost\u00e9s<\/p>\n<\/div>\n\n\n\n<div class=\"ss-table-row\">\n<p class=\"gb-text\">Coordenadas GPS<\/p>\n\n\n\n<p class=\"gb-text\">-2.60697, 29.74359<\/p>\n<\/div>\n\n\n\n<div class=\"ss-table-row\">\n<p class=\"gb-text\">Huso horario<\/p>\n\n\n\n<p class=\"gb-text\">UTC+2<\/p>\n<\/div>\n\n\n\n<div class=\"ss-table-row\">\n<p class=\"gb-text\">Persona de contacto<\/p>\n\n\n\n<p class=\"gb-text\">Hermana Esperance Nyirasafari<\/p>\n<\/div>\n\n\n\n<div class=\"ss-table-row\">\n<p class=\"gb-text\">Madre general<\/p>\n\n\n\n<p class=\"gb-text\">Hermana Germaine Mukamugema<\/p>\n<\/div>\n<\/div>\n\n\n\n<div class=\"ss-project-table\">\n<a class=\"gb-element-e1766596 ss-table-section-button\" href=\"#\" title=\"OPERA M &#8211; PROYECTO M15\">\n<span class=\"gb-text\">OPERA M &#8211; PROYECTO M15<\/span>\n<\/a>\n<\/div>\n<\/div>\n<\/div>\n\n\n\n<div class=\"gb-element-6ad95ea8\">\n<div class=\"gb-element-e34063a6 ss-project-intro\">\n<p class=\"wp-block-paragraph\">OPERA M es la revoluci\u00f3n de las Obras de Misericordia. Es el instrumento permanente para desarrollar un pensamiento firme y renovado sobre las obras en el mundo.<\/p>\n\n\n\n<p class=\"wp-block-paragraph\">Nace de una urgencia profundamente sentida por spazio + spadoni de r<strong>E<\/strong>volucionar el concepto de obra de misericordia como un camino que es siempre humano y divino a la vez y, por tanto, siempre espiritual adem\u00e1s de pr\u00e1ctico (o corporal). El redescubrimiento, o mejor dicho, la verdadera r<strong>E<\/strong>voluci\u00f3n de las obras debe recuperarse dentro de esta s\u00edntesis entre dimensi\u00f3n espiritual y acto pr\u00e1ctico. La acci\u00f3n material siempre debe estar impregnada por el esp\u00edritu.<\/p>\n\n\n\n<p class=\"wp-block-paragraph\">OPERA M se basa en cinco acciones que definen su m\u00e9todo: INVOCA, llama al Esp\u00edritu ESCUCHA, guarda silencio para abrirte a la escucha ENCUENTRA, permanece entre la gente ACTUEMOS, actuar por las obras INUNDEMOS, llevemos a todos a las Obras de Misericordia <strong>Obras de Misericordia espirituales<\/strong> Aconsejar al que duda Ense\u00f1ar al que no sabe Corregir al que se equivoca Consolar al triste Perdonar las ofensas Sufrir con paciencia los defectos de los dem\u00e1s Rogar a Dios por los vivos y por los difuntos <strong>Obras de Misericordia corporales<\/strong> Dar de comer al hambriento Dar de beber al sediento Vestir al desnudo Dar posada al peregrino Visitar al enfermo Visitar a los presos Enterrar a los muertos<\/p>\n\n<\/div>\n<\/div>\n\n\n\n\n<div>\n\n<h2 id=\"cronologia\" class=\"gb-text gb-text-8179e40a\">Cronolog\u00eda<\/h2>\n\n\n\n\n\n<div class=\"ss-timeline\">\n\n<h3 id=\"2023\" class=\"gb-text\">2023<\/h3>\n\n\n\n\n\n<div class=\"ss-timeline-item\">\n\n<h4 id=\"12-de-febrero-creacion-del-grupo\" class=\"gb-text\">12 de febrero | Creaci\u00f3n del grupo<\/h4>\n\n\n\n\n<p class=\"wp-block-paragraph\">Creaci\u00f3n del grupo de voluntarios, que se re\u00fane por primera vez<\/p>\n\n\n<\/div>\n\n\n\n\n<div class=\"ss-timeline-item\">\n\n<h4 id=\"22-de-febrero-obras-de-misericordia-en-el-hospital\" class=\"gb-text\">22 de febrero | Obras de Misericordia en el hospital<\/h4>\n\n\n\n\n<p class=\"wp-block-paragraph\">Obras de Misericordia con los presos hospitalizados<\/p>\n\n\n<\/div>\n\n\n\n\n<div class=\"ss-timeline-item\">\n\n<h4 id=\"18-de-marzo-revolucion\" class=\"gb-text\">18 de marzo | rEvoluci\u00f3n<\/h4>\n\n\n\n\n<p class=\"wp-block-paragraph\">Con motivo de las celebraciones de San Jos\u00e9, la hermana Agnes presenta la rEvoluci\u00f3n de las Obras de Misericordia a toda la Congregaci\u00f3n<\/p>\n\n\n<\/div>\n\n\n\n\n<div class=\"ss-timeline-item\">\n\n<h4 id=\"6-de-octubre-obras-de-misericordia-en-el-hospital\" class=\"gb-text\">6 de octubre | Obras de Misericordia en el hospital<\/h4>\n\n\n\n\n<p class=\"wp-block-paragraph\">Obras de Misericordia en el hospital<\/p>\n\n\n<\/div>\n\n\n<\/div>\n\n\n\n\n<div class=\"ss-timeline\">\n\n<h3 id=\"2024\" class=\"gb-text\">2024<\/h3>\n\n\n\n\n\n<div class=\"ss-timeline-item\">\n\n<h4 id=\"03-de-enero-obras-de-misericordia-con-personas-mayores\" class=\"gb-text\">03 de enero | Obras de Misericordia con personas mayores<\/h4>\n\n\n\n\n<p class=\"wp-block-paragraph\">Obras de Misericordia con personas mayores enfermas<\/p>\n\n\n<\/div>\n\n\n\n\n<div class=\"ss-timeline-item\">\n\n<h4 id=\"24-de-febrero-obras-de-misericordia-con-personas-mayores\" class=\"gb-text\">24 de febrero | Obras de Misericordia con personas mayores<\/h4>\n\n\n\n\n<p class=\"wp-block-paragraph\">Obras de Misericordia con personas mayores enfermas<\/p>\n\n\n<\/div>\n\n\n\n\n<div class=\"ss-timeline-item\">\n\n<h4 id=\"23-de-marzo-revolucion\" class=\"gb-text\">23 de marzo | rEvoluci\u00f3n<\/h4>\n\n\n\n\n<p class=\"wp-block-paragraph\">Encuentro formativo dirigido por la hermana Agnes<\/p>\n\n\n<\/div>\n\n\n\n\n<div class=\"ss-timeline-item\">\n\n<h4 id=\"28-de-abril-obras-de-misericordia-con-los-enfermos\" class=\"gb-text\">28 de abril | Obras de Misericordia con los enfermos<\/h4>\n\n\n\n\n<p class=\"wp-block-paragraph\">Obras de Misericordia entre las personas mayores y los enfermos<\/p>\n\n\n<\/div>\n\n\n\n\n<div class=\"ss-timeline-item\">\n\n<h4 id=\"25-de-mayo-voluntarios\" class=\"gb-text\">25 de mayo | Voluntarios<\/h4>\n\n\n\n\n<p class=\"wp-block-paragraph\">Obras de Misericordia con los voluntarios<\/p>\n\n\n<\/div>\n\n\n\n\n<div class=\"ss-timeline-item\">\n\n<h4 id=\"28-de-junio-voluntarios\" class=\"gb-text\">28 de junio | Voluntarios<\/h4>\n\n\n\n\n<p class=\"wp-block-paragraph\">Obras de Misericordia con los voluntarios<\/p>\n\n\n<\/div>\n\n\n\n\n<div class=\"ss-timeline-item\">\n\n<h4 id=\"27-de-julio-obras-de-misericordia\" class=\"gb-text\">27 de julio | Obras de Misericordia<\/h4>\n\n\n\n\n<p class=\"wp-block-paragraph\">Obras de Misericordia con los voluntarios<\/p>\n\n\n<\/div>\n\n\n\n\n<div class=\"ss-timeline-item\">\n\n<h4 id=\"05-de-agosto-obras-de-misericordia\" class=\"gb-text\">05 de agosto | Obras de Misericordia<\/h4>\n\n\n\n\n<p class=\"wp-block-paragraph\">Obras de Misericordia con los voluntarios<\/p>\n\n\n<\/div>\n\n\n\n\n<div class=\"ss-timeline-item\">\n\n<h4 id=\"24-de-agosto-obras-de-misericordia-rezar\" class=\"gb-text\">24 de agosto | Obras de Misericordia: rezar<\/h4>\n\n\n\n\n<p class=\"wp-block-paragraph\">Obras de Misericordia con los voluntarios, rezar con los enfermos<\/p>\n\n\n<\/div>\n\n\n\n\n<div class=\"ss-timeline-item\">\n\n<h4 id=\"28-de-septiembre-obras-de-misericordia\" class=\"gb-text\">28 de septiembre | Obras de Misericordia<\/h4>\n\n\n\n\n<p class=\"wp-block-paragraph\">Obras de Misericordia con los voluntarios<\/p>\n\n\n<\/div>\n\n\n\n\n<div class=\"ss-timeline-item\">\n\n<h4 id=\"26-de-octubre-voluntarios\" class=\"gb-text\">26 de octubre | Voluntarios<\/h4>\n\n\n\n\n<p class=\"wp-block-paragraph\">Obras de Misericordia con los voluntarios<\/p>\n\n\n<\/div>\n\n\n\n\n<div class=\"ss-timeline-item\">\n\n<h4 id=\"30-de-noviembre-obras-de-misericordia\" class=\"gb-text\">30 de noviembre | Obras de Misericordia<\/h4>\n\n\n\n\n<p class=\"wp-block-paragraph\">Obras de Misericordia con los voluntarios<\/p>\n\n\n<\/div>\n\n\n\n\n<div class=\"ss-timeline-item\">\n\n<h4 id=\"28-de-diciembre-voluntarios\" class=\"gb-text\">28 de diciembre | Voluntarios<\/h4>\n\n\n\n\n<p class=\"wp-block-paragraph\">Obras de Misericordia con los voluntarios<\/p>\n\n\n<\/div>\n\n\n<\/div>\n\n\n\n\n<div class=\"ss-timeline\">\n\n<h3 id=\"2025\" class=\"gb-text\">2025<\/h3>\n\n\n\n\n\n<div class=\"ss-timeline-item\">\n\n<h4 id=\"26-de-enero-obras-de-misericordia-con-personas-mayores\" class=\"gb-text\">26 de enero | Obras de Misericordia con personas mayores<\/h4>\n\n\n\n\n<p class=\"wp-block-paragraph\">Obras de Misericordia con los voluntarios en los hogares de las personas mayores y los enfermos<\/p>\n\n\n<\/div>\n\n\n\n\n<div class=\"ss-timeline-item\">\n\n<h4 id=\"23-de-febrero-obras-de-misericordia-en-consultorios-medicos\" class=\"gb-text\">23 de febrero | Obras de Misericordia en consultorios m\u00e9dicos<\/h4>\n\n\n\n\n<p class=\"wp-block-paragraph\">Obras de Misericordia con los voluntarios en consultorios m\u00e9dicos<\/p>\n\n\n<\/div>\n\n\n\n\n<div class=\"ss-timeline-item\">\n\n<h4 id=\"4-de-mayo-obras-de-misericordia-en-el-hospital\" class=\"gb-text\">4 de mayo | Obras de Misericordia en el hospital<\/h4>\n\n\n\n\n<p class=\"wp-block-paragraph\">Obras de Misericordia en el hospital<\/p>\n\n\n<\/div>\n\n\n\n\n<div class=\"ss-timeline-item\">\n\n<h4 id=\"10-de-junio-obras-de-misericordia-en-el-hospital\" class=\"gb-text\">10 de junio | Obras de Misericordia en el hospital<\/h4>\n\n\n\n\n<p class=\"wp-block-paragraph\">Obras de Misericordia en el hospital<\/p>\n\n\n<\/div>\n\n\n\n\n<div class=\"ss-timeline-item\">\n\n<h4 id=\"18-de-octubre-obras-de-misericordia\" class=\"gb-text\">18 de octubre | Obras de Misericordia<\/h4>\n\n\n\n\n<p class=\"wp-block-paragraph\">Obras de Misericordia en el hospital<\/p>\n\n\n<\/div>\n\n\n<\/div>\n\n\n<\/div>\n\n\n\n<div class=\"ss-project-reports\">\n<h2 id=\"informes-de-las-obras-de-misericordia\" class=\"gb-text gb-text-75c3218d\">Informes de las Obras de Misericordia<\/h2>\n\n\n<ul class=\"wp-block-list ss-report-list\">\n\n<li><a href=\"https:\/\/spaziospadoni.org\/wp-content\/uploads\/2026\/05\/2023-Luglio_Report-OPERA-M_sr-Agnes_Suore-Dimora-della-Carita.pdf\" target=\"_blank\" rel=\"noreferrer noopener\" title=\"Julio de 2023_Informe OPERA M_Hermana Agnes_Suore Dimora della Carit\u00e0\">Julio de 2023_Informe OPERA M_Hermana Agnes_Suore Dimora della Carit\u00e0<\/a><\/li>\n\n\n<li><a href=\"https:\/\/spaziospadoni.org\/wp-content\/uploads\/2026\/05\/2025-Marzo_Report-OPERA-M_sr-Agnes_Suore-Dimora-della-Carita.pdf\" target=\"_blank\" rel=\"noreferrer noopener\" title=\"Marzo de 2025_Informe OPERA M_Hermana Agnes_Suore Dimora della Carit\u00e0\">Marzo de 2025_Informe OPERA M_Hermana Agnes_Suore Dimora della Carit\u00e0<\/a><\/li>\n\n\n<li><a href=\"https:\/\/spaziospadoni.org\/wp-content\/uploads\/2026\/05\/Elenco-volontari_gruppi_sr.-Agnes.pdf\" target=\"_blank\" rel=\"noreferrer noopener\" title=\"Lista de voluntarios_grupos_Hermana Agnes\">Lista de voluntarios_grupos_Hermana Agnes<\/a><\/li>\n\n<\/ul>\n\n<\/div>\n\n\n\n<div class=\"ss-project-media\">\n<h2 id=\"fotos-y-videos\" class=\"gb-text gb-text-d7bd8be8\">Fotos y v\u00eddeos<\/h2>\n\n\n<div class=\"ss-media-filters\">\n\n<a class=\"gb-text ss-media-filter active\" data-filter=\"*\" title=\"Todo\">Todo<\/a>\n\n\n<a class=\"gb-text ss-media-filter\" data-filter=\".volontari\" title=\"Voluntarios\">Voluntarios<\/a>\n\n\n<a class=\"gb-text ss-media-filter\" data-filter=\".video\" title=\"V\u00eddeos\">V\u00eddeos<\/a>\n\n<\/div>\n\n\n<div class=\"ss-media-grid\">\n<div>\n<figure class=\"wp-block-gallery has-nested-images columns-1 is-cropped ss-lightbox wp-block-gallery-1 is-layout-flex wp-block-gallery-is-layout-flex\">\n\n<figure class=\"wp-block-image size-large volontari\"><img decoding=\"async\" alt=\"2023 noviembre 19 hicsum 28 Italia Ruanda spazio spadoni misericordia stiava hermana agnes selene pera visita 2\" src=\"https:\/\/spaziospadoni.org\/wp-content\/uploads\/2026\/05\/2023_novembre_19_hicsum_28_italia_rwanda_spazio_spadoni_misericordia_stiava_sr_agnes_selene_pera_visita-2.jpg\"\/><\/figure>\n\n\n<figure class=\"wp-block-image size-large volontari\"><img decoding=\"async\" alt=\"2023 noviembre 19 hicsum 28 Italia Ruanda spazio spadoni misericordia stiava hermana agnes selene pera visita 3\" src=\"https:\/\/spaziospadoni.org\/wp-content\/uploads\/2026\/05\/2023_novembre_19_hicsum_28_italia_rwanda_spazio_spadoni_misericordia_stiava_sr_agnes_selene_pera_visita-3.jpg\"\/><\/figure>\n\n\n<figure class=\"wp-block-image size-large volontari\"><img decoding=\"async\" alt=\"junio 2025 hermana Agnes hicsum Ruanda spaziospadoni Obras de misericordia voluntarios voluntariado operam 1\" src=\"https:\/\/spaziospadoni.org\/wp-content\/uploads\/2026\/05\/giugno-2025_suor-Agnes_hicsum_rwanda_spaziospadoni_opere_di_misericordia_volontari_volontariato_operam-1.jpg\"\/><\/figure>\n\n\n<figure class=\"wp-block-image size-large volontari\"><img decoding=\"async\" alt=\"2024 agosto 5 spazio spadoni hermana agnes Obras de misericordia voluntarios operam\" src=\"https:\/\/spaziospadoni.org\/wp-content\/uploads\/2026\/05\/2024_agosto_5_spazio_spadoni_suor_agnes_opere_misericordia_volontari_operam.jpg\"\/><\/figure>\n\n\n<figure class=\"wp-block-image size-large volontari\"><img decoding=\"async\" alt=\"junio 2025 hermana Agnes hicsum Ruanda spaziospadoni Obras de misericordia voluntarios voluntariado operam 2\" src=\"https:\/\/spaziospadoni.org\/wp-content\/uploads\/2026\/05\/giugno-2025_suor-Agnes_hicsum_rwanda_spaziospadoni_opere_di_misericordia_volontari_volontariato_operam-2.jpg\"\/><\/figure>\n\n\n<figure class=\"wp-block-image size-large volontari\"><img decoding=\"async\" alt=\"2025 octubre 18 hermana agnes esperance Ruanda Obras de misericordia voluntarios hospital 8\" src=\"https:\/\/spaziospadoni.org\/wp-content\/uploads\/2026\/05\/2025_ottobre_18_suor_agnes_esperance_rwanda_opere_misericordia_volontari_ospedale-8.jpg\"\/><\/figure>\n\n\n<figure class=\"wp-block-image size-large volontari\"><img decoding=\"async\" alt=\"2025 octubre 18 hermana agnes esperance Ruanda Obras de misericordia voluntarios hospital 9\" src=\"https:\/\/spaziospadoni.org\/wp-content\/uploads\/2026\/05\/2025_ottobre_18_suor_agnes_esperance_rwanda_opere_misericordia_volontari_ospedale-9.jpg\"\/><\/figure>\n\n\n<figure class=\"wp-block-image size-large volontari\"><img decoding=\"async\" alt=\"2025 octubre 18 hermana agnes esperance Ruanda Obras de misericordia voluntarios hospital 10\" src=\"https:\/\/spaziospadoni.org\/wp-content\/uploads\/2026\/05\/2025_ottobre_18_suor_agnes_esperance_rwanda_opere_misericordia_volontari_ospedale-10.jpg\"\/><\/figure>\n\n\n<figure class=\"wp-block-image size-large volontari\"><img decoding=\"async\" alt=\"2025 octubre 18 hermana agnes esperance Ruanda Obras de misericordia voluntarios hospital 1\" src=\"https:\/\/spaziospadoni.org\/wp-content\/uploads\/2026\/05\/2025_ottobre_18_suor_agnes_esperance_rwanda_opere_misericordia_volontari_ospedale-1.jpg\"\/><\/figure>\n\n\n<figure class=\"wp-block-image size-large volontari\"><img decoding=\"async\" alt=\"2025 octubre 18 hermana agnes esperance Ruanda Obras de misericordia voluntarios hospital 3\" src=\"https:\/\/spaziospadoni.org\/wp-content\/uploads\/2026\/05\/2025_ottobre_18_suor_agnes_esperance_rwanda_opere_misericordia_volontari_ospedale-3.jpg\"\/><\/figure>\n\n\n<figure class=\"wp-block-image size-large volontari\"><img decoding=\"async\" alt=\"2025 octubre 18 hermana agnes esperance Ruanda Obras de misericordia voluntarios hospital 4\" src=\"https:\/\/spaziospadoni.org\/wp-content\/uploads\/2026\/05\/2025_ottobre_18_suor_agnes_esperance_rwanda_opere_misericordia_volontari_ospedale-4.jpg\"\/><\/figure>\n\n\n<figure class=\"wp-block-image size-large volontari\"><img decoding=\"async\" alt=\"2025 octubre 18 hermana agnes esperance Ruanda Obras de misericordia voluntarios hospital 5\" src=\"https:\/\/spaziospadoni.org\/wp-content\/uploads\/2026\/05\/2025_ottobre_18_suor_agnes_esperance_rwanda_opere_misericordia_volontari_ospedale-5.jpg\"\/><\/figure>\n\n\n<figure class=\"wp-block-image size-large volontari\"><img decoding=\"async\" alt=\"2025 octubre 18 hermana agnes esperance Ruanda Obras de misericordia voluntarios hospital 6\" src=\"https:\/\/spaziospadoni.org\/wp-content\/uploads\/2026\/05\/2025_ottobre_18_suor_agnes_esperance_rwanda_opere_misericordia_volontari_ospedale-6.jpg\"\/><\/figure>\n\n\n<figure class=\"wp-block-image size-large volontari\"><img decoding=\"async\" alt=\"2025 octubre 18 hermana agnes esperance Ruanda Obras de misericordia voluntarios hospital 6\" src=\"https:\/\/spaziospadoni.org\/wp-content\/uploads\/2026\/05\/2025_ottobre_18_suor_agnes_esperance_rwanda_opere_misericordia_volontari_ospedale-6.jpg\"\/><\/figure>\n\n\n<figure class=\"wp-block-image size-large volontari\"><img decoding=\"async\" alt=\"2024 agosto 5 spazio spadoni hermana agnes Obras de misericordia voluntarios operam\" src=\"https:\/\/spaziospadoni.org\/wp-content\/uploads\/2026\/05\/2024_agosto_5_spazio_spadoni_suor_agnes_opere_misericordia_volontari_operam.jpg\"\/><\/figure>\n\n<\/figure>\n\n\n<div class=\"gb-element-b24bbf5e ss-media-videos\">\n\n<figure class=\"wp-block-video video\"><video controls=\"\" src=\"https:\/\/spaziospadoni.org\/wp-content\/uploads\/2026\/05\/2023_marzo_san_giuseppe_suor_agnes_spiega_opere_misericordia.mp4\"><\/video><figcaption class=\"wp-element-caption\">2023 marzo san Jos\u00e9 hermana agnes explica Obras de misericordia<\/figcaption><\/figure>\n\n\n<figure class=\"wp-block-video video\"><video controls=\"\" src=\"https:\/\/spaziospadoni.org\/wp-content\/uploads\/2026\/05\/ottobre_2023_apostolato_ospedale_rwanda_opere_misericordia_operam_spazio_spadoni_suor_agnes.mp4\"><\/video><figcaption class=\"wp-element-caption\">octubre 2023 apostolado hospital Ruanda Obras de misericordia operam spazio spadoni hermana agnes<\/figcaption><\/figure>\n\n\n<figure class=\"wp-block-video video\"><video controls=\"\" src=\"https:\/\/spaziospadoni.org\/wp-content\/uploads\/2026\/05\/maggio_2025_apostolato_ospedale_operam_opere_misericordia_rwanda_suor_agnes_spazio_spadoni-2.mp4\"><\/video><figcaption class=\"wp-element-caption\">mayo 2025 apostolado hospital operam Obras de misericordia Ruanda hermana agnes spazio spadoni 2<\/figcaption><\/figure>\n\n\n<figure class=\"wp-block-video video\"><video controls=\"\" src=\"https:\/\/spaziospadoni.org\/wp-content\/uploads\/2026\/05\/maggio_2025_apostolato_ospedale_operam_opere_misericordia_rwanda_suor_agnes_spazio_spadoni-1.mp4\"><\/video><figcaption class=\"wp-element-caption\">mayo 2025 apostolado hospital operam Obras de misericordia Ruanda hermana agnes spazio spadoni 1<\/figcaption><\/figure>\n\n\n<figure class=\"wp-block-video video\"><video controls=\"\" src=\"https:\/\/spaziospadoni.org\/wp-content\/uploads\/2026\/05\/13.09.2025.mp4\"><\/video><figcaption class=\"wp-element-caption\">13.09.2025<\/figcaption><\/figure>\n\n\n<figure class=\"wp-block-video video\"><video controls=\"\" src=\"https:\/\/spaziospadoni.org\/wp-content\/uploads\/2026\/05\/2025_aprile_operam_opere_misericordia_spazio_spadoni_butare_ruanda_volontari.mp4\"><\/video><figcaption class=\"wp-element-caption\">2025 abril operam Obras de misericordia spazio spadoni butare Ruanda voluntarios<\/figcaption><\/figure>\n\n\n<figure class=\"wp-block-video video\"><video controls=\"\" src=\"https:\/\/spaziospadoni.org\/wp-content\/uploads\/2026\/05\/2025_ottobre_18_suor_agnes_esperance_rwanda_opere_misericordia_volontari_ospedale-1.mp4\"><\/video><figcaption class=\"wp-element-caption\">2025 octubre 18 hermana agnes esperance Ruanda Obras de misericordia voluntarios hospital 1<\/figcaption><\/figure>\n\n<\/div>\n\n<\/div>\n\n<\/div>\n\n<\/div>\n\n","protected":false},"excerpt":{"rendered":"<p>Huye &#8211; Butare | Butare (Ruanda) OPERA M15 MISI\u00d3N Lugar Huye &#8211; Butare Di\u00f3cesis Butare Pa\u00eds Ruanda Continente Africa Coordenadas GPS -2.60697 29.74359 Huso horario UTC+2 ORGANIZADOR Congregaci\u00f3n Fraternit\u00e9 des Consacres de la Communaut\u00e9 Ingoro Y&#8217;Urukundo (Demeure de la Charit\u00e9) Casa madre Huye &#8211; Butare Di\u00f3cesis Butare Pa\u00eds Ruanda Continente Africa Fiesta de la Congregaci\u00f3n &#8230; <a title=\"Ruanda &#8211; \u00c1frica | Proyecto M15\" class=\"read-more\" href=\"https:\/\/spaziospadoni.org\/es\/opera-m\/ruanda-africa-proyecto-m15\/\" aria-label=\"Read more about Ruanda &#8211; \u00c1frica | Proyecto M15\">Leer m\u00e1s<\/a><\/p>\n","protected":false},"author":102,"featured_media":0,"parent":89580,"menu_order":0,"comment_status":"closed","ping_status":"closed","template":"","meta":{"_sitemap_exclude":false,"_sitemap_priority":"","_sitemap_frequency":"","footnotes":""},"class_list":["post-88119","page","type-page","status-publish","infinite-scroll-item"],"yoast_head":"<!-- This site is optimized with the Yoast SEO plugin v28.4 - https:\/\/yoast.com\/product\/yoast-seo-wordpress\/ -->\n<title>Ruanda - \u00c1frica | Proyecto M15 | Spazio Spadoni<\/title>\n<meta name=\"description\" content=\"Huye - Butare | Butare (Ruanda) OPERA M15 MISI\u00d3N Lugar Huye - Butare Di\u00f3cesis Butare Pa\u00eds Ruanda Continente Africa Coordenadas GPS -2.60697 29.74359 Huso\" \/>\n<meta name=\"robots\" content=\"index, follow, max-snippet:-1, max-image-preview:large, max-video-preview:-1\" \/>\n<link rel=\"canonical\" href=\"https:\/\/spaziospadoni.org\/es\/opera-m\/ruanda-africa-proyecto-m15\/\" \/>\n<meta property=\"og:locale\" content=\"es_ES\" \/>\n<meta property=\"og:type\" content=\"article\" \/>\n<meta property=\"og:title\" content=\"Ruanda - \u00c1frica | Proyecto M15 | Spazio Spadoni\" \/>\n<meta property=\"og:description\" content=\"Huye - Butare | Butare (Ruanda) OPERA M15 MISI\u00d3N Lugar Huye - Butare Di\u00f3cesis Butare Pa\u00eds Ruanda Continente Africa Coordenadas GPS -2.60697 29.74359 Huso\" \/>\n<meta property=\"og:url\" content=\"https:\/\/spaziospadoni.org\/es\/opera-m\/ruanda-africa-proyecto-m15\/\" \/>\n<meta property=\"og:site_name\" content=\"spazio + spadoni\" \/>\n<meta property=\"article:publisher\" content=\"https:\/\/www.facebook.com\/SpazioSpadoni\/\" \/>\n<meta property=\"article:modified_time\" content=\"2026-08-19T12:33:25+00:00\" \/>\n<meta property=\"og:image\" content=\"https:\/\/spaziospadoni.org\/wp-content\/uploads\/2026\/05\/hicsum_1_congo-spaziospadoni-scaled.png\" \/>\n\t<meta property=\"og:image:width\" content=\"2560\" \/>\n\t<meta property=\"og:image:height\" content=\"1771\" \/>\n\t<meta property=\"og:image:type\" content=\"image\/png\" \/>\n<meta name=\"twitter:card\" content=\"summary_large_image\" \/>\n<meta name=\"twitter:label1\" content=\"Est. reading time\" \/>\n\t<meta name=\"twitter:data1\" content=\"8 minutes\" \/>\n<script type=\"application\/ld+json\" class=\"yoast-schema-graph\">{\"@context\":\"https:\\\/\\\/schema.org\",\"@graph\":[{\"@type\":\"WebPage\",\"@id\":\"https:\\\/\\\/spaziospadoni.org\\\/es\\\/opera-m\\\/ruanda-africa-proyecto-m15\\\/\",\"url\":\"https:\\\/\\\/spaziospadoni.org\\\/es\\\/opera-m\\\/ruanda-africa-proyecto-m15\\\/\",\"name\":\"Ruanda - \u00c1frica | Proyecto M15 | Spazio Spadoni\",\"isPartOf\":{\"@id\":\"https:\\\/\\\/spaziospadoni.org\\\/es\\\/#website\"},\"primaryImageOfPage\":{\"@id\":\"https:\\\/\\\/spaziospadoni.org\\\/es\\\/opera-m\\\/ruanda-africa-proyecto-m15\\\/#primaryimage\"},\"image\":{\"@id\":\"https:\\\/\\\/spaziospadoni.org\\\/es\\\/opera-m\\\/ruanda-africa-proyecto-m15\\\/#primaryimage\"},\"thumbnailUrl\":\"https:\\\/\\\/spaziospadoni.org\\\/wp-content\\\/uploads\\\/2026\\\/05\\\/hicsum_28_rwanda-spaziospadoni-scaled.png\",\"datePublished\":\"2026-05-18T13:32:57+00:00\",\"dateModified\":\"2026-08-19T12:33:25+00:00\",\"description\":\"Huye - Butare | Butare (Ruanda) OPERA M15 MISI\u00d3N Lugar Huye - Butare Di\u00f3cesis Butare Pa\u00eds Ruanda Continente Africa Coordenadas GPS -2.60697 29.74359 Huso\",\"breadcrumb\":{\"@id\":\"https:\\\/\\\/spaziospadoni.org\\\/es\\\/opera-m\\\/ruanda-africa-proyecto-m15\\\/#breadcrumb\"},\"inLanguage\":\"es-ES\",\"potentialAction\":[{\"@type\":\"ReadAction\",\"target\":[\"https:\\\/\\\/spaziospadoni.org\\\/es\\\/opera-m\\\/ruanda-africa-proyecto-m15\\\/\"]}]},{\"@type\":\"ImageObject\",\"inLanguage\":\"es-ES\",\"@id\":\"https:\\\/\\\/spaziospadoni.org\\\/es\\\/opera-m\\\/ruanda-africa-proyecto-m15\\\/#primaryimage\",\"url\":\"https:\\\/\\\/spaziospadoni.org\\\/wp-content\\\/uploads\\\/2026\\\/05\\\/hicsum_28_rwanda-spaziospadoni-scaled.png\",\"contentUrl\":\"https:\\\/\\\/spaziospadoni.org\\\/wp-content\\\/uploads\\\/2026\\\/05\\\/hicsum_28_rwanda-spaziospadoni-scaled.png\"},{\"@type\":\"BreadcrumbList\",\"@id\":\"https:\\\/\\\/spaziospadoni.org\\\/es\\\/opera-m\\\/ruanda-africa-proyecto-m15\\\/#breadcrumb\",\"itemListElement\":[{\"@type\":\"ListItem\",\"position\":1,\"name\":\"Home\",\"item\":\"https:\\\/\\\/spaziospadoni.org\\\/es\\\/\"},{\"@type\":\"ListItem\",\"position\":2,\"name\":\"Opera M\",\"item\":\"https:\\\/\\\/spaziospadoni.org\\\/es\\\/opera-m\\\/\"},{\"@type\":\"ListItem\",\"position\":3,\"name\":\"Ruanda &#8211; \u00c1frica | Proyecto M15\"}]},{\"@type\":\"WebSite\",\"@id\":\"https:\\\/\\\/spaziospadoni.org\\\/es\\\/#website\",\"url\":\"https:\\\/\\\/spaziospadoni.org\\\/es\\\/\",\"name\":\"spazio + spadoni\",\"description\":\"Generazione di misericordia e missione nel mondo\",\"publisher\":{\"@id\":\"https:\\\/\\\/spaziospadoni.org\\\/es\\\/#organization\"},\"alternateName\":\"spaziospadoni.org\",\"potentialAction\":[{\"@type\":\"SearchAction\",\"target\":{\"@type\":\"EntryPoint\",\"urlTemplate\":\"https:\\\/\\\/spaziospadoni.org\\\/es\\\/?s={search_term_string}\"},\"query-input\":{\"@type\":\"PropertyValueSpecification\",\"valueRequired\":true,\"valueName\":\"search_term_string\"}}],\"inLanguage\":\"es-ES\"},{\"@type\":\"Organization\",\"@id\":\"https:\\\/\\\/spaziospadoni.org\\\/es\\\/#organization\",\"name\":\"spazio + spadoni\",\"alternateName\":\"spaziospadoni.org\",\"url\":\"https:\\\/\\\/spaziospadoni.org\\\/es\\\/\",\"logo\":{\"@type\":\"ImageObject\",\"inLanguage\":\"es-ES\",\"@id\":\"https:\\\/\\\/spaziospadoni.org\\\/es\\\/#\\\/schema\\\/logo\\\/image\\\/\",\"url\":\"https:\\\/\\\/spaziospadoni.org\\\/wp-content\\\/uploads\\\/2026\\\/05\\\/spazio-spadoni-logo-100x100-1.webp\",\"contentUrl\":\"https:\\\/\\\/spaziospadoni.org\\\/wp-content\\\/uploads\\\/2026\\\/05\\\/spazio-spadoni-logo-100x100-1.webp\",\"width\":100,\"height\":100,\"caption\":\"spazio + spadoni\"},\"image\":{\"@id\":\"https:\\\/\\\/spaziospadoni.org\\\/es\\\/#\\\/schema\\\/logo\\\/image\\\/\"},\"sameAs\":[\"https:\\\/\\\/www.facebook.com\\\/SpazioSpadoni\\\/\",\"https:\\\/\\\/www.instagram.com\\\/spaziospadoni\\\/\",\"https:\\\/\\\/www.youtube.com\\\/@spaziospadoni\\\/playlists\"]}]}<\/script>\n<!-- \/ Yoast SEO plugin. -->","yoast_head_json":{"title":"Ruanda - \u00c1frica | Proyecto M15 | Spazio Spadoni","description":"Huye - Butare | Butare (Ruanda) OPERA M15 MISI\u00d3N Lugar Huye - Butare Di\u00f3cesis Butare Pa\u00eds Ruanda Continente Africa Coordenadas GPS -2.60697 29.74359 Huso","robots":{"index":"index","follow":"follow","max-snippet":"max-snippet:-1","max-image-preview":"max-image-preview:large","max-video-preview":"max-video-preview:-1"},"canonical":"https:\/\/spaziospadoni.org\/es\/opera-m\/ruanda-africa-proyecto-m15\/","og_locale":"es_ES","og_type":"article","og_title":"Ruanda - \u00c1frica | Proyecto M15 | Spazio Spadoni","og_description":"Huye - Butare | Butare (Ruanda) OPERA M15 MISI\u00d3N Lugar Huye - Butare Di\u00f3cesis Butare Pa\u00eds Ruanda Continente Africa Coordenadas GPS -2.60697 29.74359 Huso","og_url":"https:\/\/spaziospadoni.org\/es\/opera-m\/ruanda-africa-proyecto-m15\/","og_site_name":"spazio + spadoni","article_publisher":"https:\/\/www.facebook.com\/SpazioSpadoni\/","article_modified_time":"2026-08-19T12:33:25+00:00","og_image":[{"width":2560,"height":1771,"url":"https:\/\/spaziospadoni.org\/wp-content\/uploads\/2026\/05\/hicsum_1_congo-spaziospadoni-scaled.png","type":"image\/png"}],"twitter_card":"summary_large_image","twitter_misc":{"Est. reading time":"8 minutes"},"schema":{"@context":"https:\/\/schema.org","@graph":[{"@type":"WebPage","@id":"https:\/\/spaziospadoni.org\/es\/opera-m\/ruanda-africa-proyecto-m15\/","url":"https:\/\/spaziospadoni.org\/es\/opera-m\/ruanda-africa-proyecto-m15\/","name":"Ruanda - \u00c1frica | Proyecto M15 | Spazio Spadoni","isPartOf":{"@id":"https:\/\/spaziospadoni.org\/es\/#website"},"primaryImageOfPage":{"@id":"https:\/\/spaziospadoni.org\/es\/opera-m\/ruanda-africa-proyecto-m15\/#primaryimage"},"image":{"@id":"https:\/\/spaziospadoni.org\/es\/opera-m\/ruanda-africa-proyecto-m15\/#primaryimage"},"thumbnailUrl":"https:\/\/spaziospadoni.org\/wp-content\/uploads\/2026\/05\/hicsum_28_rwanda-spaziospadoni-scaled.png","datePublished":"2026-05-18T13:32:57+00:00","dateModified":"2026-08-19T12:33:25+00:00","description":"Huye - Butare | Butare (Ruanda) OPERA M15 MISI\u00d3N Lugar Huye - Butare Di\u00f3cesis Butare Pa\u00eds Ruanda Continente Africa Coordenadas GPS -2.60697 29.74359 Huso","breadcrumb":{"@id":"https:\/\/spaziospadoni.org\/es\/opera-m\/ruanda-africa-proyecto-m15\/#breadcrumb"},"inLanguage":"es-ES","potentialAction":[{"@type":"ReadAction","target":["https:\/\/spaziospadoni.org\/es\/opera-m\/ruanda-africa-proyecto-m15\/"]}]},{"@type":"ImageObject","inLanguage":"es-ES","@id":"https:\/\/spaziospadoni.org\/es\/opera-m\/ruanda-africa-proyecto-m15\/#primaryimage","url":"https:\/\/spaziospadoni.org\/wp-content\/uploads\/2026\/05\/hicsum_28_rwanda-spaziospadoni-scaled.png","contentUrl":"https:\/\/spaziospadoni.org\/wp-content\/uploads\/2026\/05\/hicsum_28_rwanda-spaziospadoni-scaled.png"},{"@type":"BreadcrumbList","@id":"https:\/\/spaziospadoni.org\/es\/opera-m\/ruanda-africa-proyecto-m15\/#breadcrumb","itemListElement":[{"@type":"ListItem","position":1,"name":"Home","item":"https:\/\/spaziospadoni.org\/es\/"},{"@type":"ListItem","position":2,"name":"Opera M","item":"https:\/\/spaziospadoni.org\/es\/opera-m\/"},{"@type":"ListItem","position":3,"name":"Ruanda &#8211; \u00c1frica | Proyecto M15"}]},{"@type":"WebSite","@id":"https:\/\/spaziospadoni.org\/es\/#website","url":"https:\/\/spaziospadoni.org\/es\/","name":"spazio + spadoni","description":"Generazione di misericordia e missione nel mondo","publisher":{"@id":"https:\/\/spaziospadoni.org\/es\/#organization"},"alternateName":"spaziospadoni.org","potentialAction":[{"@type":"SearchAction","target":{"@type":"EntryPoint","urlTemplate":"https:\/\/spaziospadoni.org\/es\/?s={search_term_string}"},"query-input":{"@type":"PropertyValueSpecification","valueRequired":true,"valueName":"search_term_string"}}],"inLanguage":"es-ES"},{"@type":"Organization","@id":"https:\/\/spaziospadoni.org\/es\/#organization","name":"spazio + spadoni","alternateName":"spaziospadoni.org","url":"https:\/\/spaziospadoni.org\/es\/","logo":{"@type":"ImageObject","inLanguage":"es-ES","@id":"https:\/\/spaziospadoni.org\/es\/#\/schema\/logo\/image\/","url":"https:\/\/spaziospadoni.org\/wp-content\/uploads\/2026\/05\/spazio-spadoni-logo-100x100-1.webp","contentUrl":"https:\/\/spaziospadoni.org\/wp-content\/uploads\/2026\/05\/spazio-spadoni-logo-100x100-1.webp","width":100,"height":100,"caption":"spazio + spadoni"},"image":{"@id":"https:\/\/spaziospadoni.org\/es\/#\/schema\/logo\/image\/"},"sameAs":["https:\/\/www.facebook.com\/SpazioSpadoni\/","https:\/\/www.instagram.com\/spaziospadoni\/","https:\/\/www.youtube.com\/@spaziospadoni\/playlists"]}]}},"_links":{"self":[{"href":"https:\/\/spaziospadoni.org\/es\/wp-json\/wp\/v2\/pages\/88119","targetHints":{"allow":["GET"]}}],"collection":[{"href":"https:\/\/spaziospadoni.org\/es\/wp-json\/wp\/v2\/pages"}],"about":[{"href":"https:\/\/spaziospadoni.org\/es\/wp-json\/wp\/v2\/types\/page"}],"author":[{"embeddable":true,"href":"https:\/\/spaziospadoni.org\/es\/wp-json\/wp\/v2\/users\/102"}],"replies":[{"embeddable":true,"href":"https:\/\/spaziospadoni.org\/es\/wp-json\/wp\/v2\/comments?post=88119"}],"version-history":[{"count":1,"href":"https:\/\/spaziospadoni.org\/es\/wp-json\/wp\/v2\/pages\/88119\/revisions"}],"predecessor-version":[{"id":90857,"href":"https:\/\/spaziospadoni.org\/es\/wp-json\/wp\/v2\/pages\/88119\/revisions\/90857"}],"up":[{"embeddable":true,"href":"https:\/\/spaziospadoni.org\/es\/wp-json\/wp\/v2\/pages\/89580"}],"wp:attachment":[{"href":"https:\/\/spaziospadoni.org\/es\/wp-json\/wp\/v2\/media?parent=88119"}],"curies":[{"name":"wp","href":"https:\/\/api.w.org\/{rel}","templated":true}]}}