{"id":91557,"date":"2026-08-05T10:51:42","date_gmt":"2026-08-05T09:51:42","guid":{"rendered":"https:\/\/spaziospadoni.org\/?page_id=91557"},"modified":"2026-08-21T13:24:51","modified_gmt":"2026-08-21T12:24:51","slug":"hoja-de-ruta","status":"publish","type":"page","link":"https:\/\/spaziospadoni.org\/es\/hoja-de-ruta\/","title":{"rendered":"Hoja de ruta"},"content":{"rendered":"\n<div class=\"timelineSpazioSpadoni\">\n<h2 id=\"las-etapas-de-spazio-spadoni-desde-2020-hasta-hoy\" class=\"gb-text gb-text-697b0451\">Las etapas de spazio + spadoni desde 2020 hasta hoy<\/h2>\n\n\n\n<p class=\"wp-block-paragraph\">Desde 2020 hasta hoy, repasamos <strong>las principales etapas de spazio + spadoni<\/strong>: proyectos HIC SUM, encuentros, actividades formativas e iniciativas dedicadas a las Obras de Misericordia en Italia y en el mundo.<\/p>\n\n\n\n<details class=\"wp-block-details ss-timeline is-layout-flow wp-block-details-is-layout-flow\"><summary><span class=\"ss-timeline-year\">2020<\/span><span class=\"ss-timeline-count\">13 etapas<\/span><\/summary>\n\n\n<div class=\"ss-timeline-item ss-cat-evento\">\n<p class=\"gb-text\">15.07 | <span class=\"ss-category-label\">Evento<\/span> G.eMMe \u2013 J\u00f3venes de las Cofrad\u00edas de la Misericordia de Versilia en San Cerbonio<\/p>\n<\/div>\n\n\n\n<div class=\"ss-timeline-item ss-cat-hic\">\n<p class=\"gb-text\">04.09 | <span class=\"ss-category-label\">HIC SUM<\/span> <a href=\"https:\/\/spaziospadoni.org\/es\/hic-sum\/republica-democratica-del-congo-africa-proyecto-1-de-72\/\" title=\"Proyecto HIC SUM n.\u00ba 1 \u2013 Rep\u00fablica Democr\u00e1tica del Congo: detalles y objetivos\">Inicio del proyecto HIC SUM n.\u00ba 1<\/a><\/p>\n<\/div>\n\n\n\n<div class=\"ss-timeline-item ss-cat-evento\">\n<p class=\"gb-text\">05.09 | <span class=\"ss-category-label\">Evento<\/span> J\u00f3venes animadores de las Cofrad\u00edas de la Misericordia en San Cerbonio<\/p>\n<\/div>\n\n\n\n<div class=\"ss-timeline-item ss-cat-evento\">\n<p class=\"gb-text\">11.09 | <span class=\"ss-category-label\">Evento<\/span> Inauguraci\u00f3n de spazio + spadoni<\/p>\n<\/div>\n\n\n\n<div class=\"ss-timeline-item ss-cat-hic\">\n<p class=\"gb-text\">18.09 | <span class=\"ss-category-label\">HIC SUM<\/span> <a href=\"https:\/\/spaziospadoni.org\/es\/hic-sum\/nigeria-africa-proyecto-2-de-72\/\" title=\"Proyecto HIC SUM n.\u00ba 2 \u2013 Nigeria: detalles y objetivos\">Inicio del proyecto HIC SUM n.\u00ba 2<\/a><\/p>\n<\/div>\n\n\n\n<div class=\"ss-timeline-item ss-cat-evento\">\n<p class=\"gb-text\">03\u201304.10 | <span class=\"ss-category-label\">Evento<\/span> Ejercicios espirituales de la Cofrad\u00eda de la Misericordia de Lido di Camaiore en San Cerbonio<\/p>\n<\/div>\n\n\n\n<div class=\"ss-timeline-item ss-cat-hic\">\n<p class=\"gb-text\">07.10 | <span class=\"ss-category-label\">HIC SUM<\/span> <a href=\"https:\/\/spaziospadoni.org\/es\/hic-sum\/brasil-america-proyecto-3-de-72\/\" title=\"Proyecto HIC SUM n.\u00ba 3 \u2013 Brasil: detalles y objetivos\">Inicio del proyecto HIC SUM n.\u00ba 3<\/a><\/p>\n<\/div>\n\n\n\n<div class=\"ss-timeline-item ss-cat-evento\">\n<p class=\"gb-text\">18.10 | <span class=\"ss-category-label\">Evento<\/span> Vigilia misionera en San Cerbonio<\/p>\n<\/div>\n\n\n\n<div class=\"ss-timeline-item ss-cat-evento\">\n<p class=\"gb-text\">06.11 | <span class=\"ss-category-label\">Evento<\/span> Formaci\u00f3n para impartir formaci\u00f3n en l\u00ednea<\/p>\n<\/div>\n\n\n\n<div class=\"ss-timeline-item ss-cat-evento\">\n<p class=\"gb-text\">22.11 | <span class=\"ss-category-label\">Evento<\/span> Grabaci\u00f3n del anuncio misionero con NoiTv<\/p>\n<\/div>\n\n\n\n<div class=\"ss-timeline-item ss-cat-evento\">\n<p class=\"gb-text\">28.11 | <span class=\"ss-category-label\">Evento<\/span> Grabaci\u00f3n del anuncio de Navidad con las Cofrad\u00edas de la Misericordia y NoiTv<\/p>\n<\/div>\n\n\n\n<div class=\"ss-timeline-item ss-cat-hic\">\n<p class=\"gb-text\">30.11 | <span class=\"ss-category-label\">HIC SUM<\/span> <a href=\"https:\/\/spaziospadoni.org\/es\/hic-sum\/costa-de-marfil-africa-proyecto-9-de-72\/\" title=\"Proyecto HIC SUM n.\u00ba 9 \u2013 Costa de Marfil: detalles y objetivos\">Inicio del proyecto HIC SUM n.\u00ba 9<\/a><\/p>\n<\/div>\n\n\n\n<div class=\"ss-timeline-item ss-cat-incontro\">\n<p class=\"gb-text\">15.12 | <span class=\"ss-category-label\">Encuentro<\/span> Encuentros misioneros en l\u00ednea \u00abLos martes de spazio + spadoni\u00bb \u2013 Marta Avesani<\/p>\n<\/div>\n\n<\/details>\n\n\n\n<details class=\"wp-block-details ss-timeline is-layout-flow wp-block-details-is-layout-flow\"><summary><span class=\"ss-timeline-year\">2021<\/span><span class=\"ss-timeline-count\">28 etapas<\/span><\/summary>\n\n\n<div class=\"ss-timeline-item ss-cat-incontro\">\n<p class=\"gb-text\">12.01 | <span class=\"ss-category-label\">Encuentro<\/span> Encuentros misioneros en l\u00ednea \u00abLos martes de spazio + spadoni\u00bb \u2013 Hermano Francesco D\u2019Aiuto \u2013 Brasil<\/p>\n<\/div>\n\n\n\n<div class=\"ss-timeline-item ss-cat-evento\">\n<p class=\"gb-text\">20.01 | <span class=\"ss-category-label\">Evento<\/span> Sor Laura Gemignani en San Cerbonio<\/p>\n<\/div>\n\n\n\n<div class=\"ss-timeline-item ss-cat-incontro\">\n<p class=\"gb-text\">02.02 | <span class=\"ss-category-label\">Encuentro<\/span> Encuentros misioneros en l\u00ednea \u00abLos martes de spazio + spadoni\u00bb \u2013 Diego Dalle Carbonare \u2013 Sud\u00e1n<\/p>\n<\/div>\n\n\n\n<div class=\"ss-timeline-item ss-cat-hic\">\n<p class=\"gb-text\">13.02 | <span class=\"ss-category-label\">HIC SUM<\/span> <a href=\"https:\/\/spaziospadoni.org\/es\/hic-sum\/nigeria-africa-proyecto-5-de-72\/\" title=\"Proyecto HIC SUM n.\u00ba 5 \u2013 Nigeria: detalles y objetivos\">Inicio del proyecto HIC SUM n.\u00ba 5<\/a><\/p>\n<\/div>\n\n\n\n<div class=\"ss-timeline-item ss-cat-incontro\">\n<p class=\"gb-text\">23.02 | <span class=\"ss-category-label\">Encuentro<\/span> Encuentros misioneros en l\u00ednea \u00abLos martes de spazio + spadoni\u00bb \u2013 Sor Hyacinthe \u2013 Burundi<\/p>\n<\/div>\n\n\n\n<div class=\"ss-timeline-item ss-cat-hic\">\n<p class=\"gb-text\">27.04 | <span class=\"ss-category-label\">HIC SUM<\/span> <a href=\"https:\/\/spaziospadoni.org\/es\/hic-sum\/togo-africa-proyecto-6-de-72\/\" title=\"Proyecto HIC SUM n.\u00ba 6 \u2013 Togo: detalles y objetivos\">Inicio del proyecto HIC SUM n.\u00ba 6<\/a><\/p>\n<\/div>\n\n\n\n<div class=\"ss-timeline-item ss-cat-hic\">\n<p class=\"gb-text\">10.05 | <span class=\"ss-category-label\">HIC SUM<\/span> <a href=\"https:\/\/spaziospadoni.org\/es\/hic-sum\/india-asia-proyecto-8-de-72\/\" title=\"Proyecto HIC SUM n.\u00ba 8 \u2013 India: detalles y objetivos\">Inicio del proyecto HIC SUM n.\u00ba 8<\/a><\/p>\n<\/div>\n\n\n\n<div class=\"ss-timeline-item ss-cat-incontro\">\n<p class=\"gb-text\">25.01 | <span class=\"ss-category-label\">Encuentro<\/span> Encuentros misioneros en l\u00ednea \u00abLos martes de spazio + spadoni\u00bb \u2013 Sor Elisa Schiavo \u2013 Chad<\/p>\n<\/div>\n\n\n\n<div class=\"ss-timeline-item ss-cat-evento\">\n<p class=\"gb-text\">03\u201304.06 | <span class=\"ss-category-label\">Evento<\/span> Formaci\u00f3n para religiosas en San Cerbonio<\/p>\n<\/div>\n\n\n\n<div class=\"ss-timeline-item ss-cat-evento\">\n<p class=\"gb-text\">12.06 | <span class=\"ss-category-label\">Evento<\/span> spazio + spadoni en la Coordinaci\u00f3n de las Cofrad\u00edas de la Misericordia de Umbr\u00eda<\/p>\n<\/div>\n\n\n\n<div class=\"ss-timeline-item ss-cat-evento\">\n<p class=\"gb-text\">19.06 | <span class=\"ss-category-label\">Evento<\/span> Intervenci\u00f3n de spazio + spadoni en la Asamblea Nacional de las Cofrad\u00edas de la Misericordia<\/p>\n<\/div>\n\n\n\n<div class=\"ss-timeline-item ss-cat-evento\">\n<p class=\"gb-text\">22.06 | <span class=\"ss-category-label\">Evento<\/span> Luigino Bruni en San Cerbonio<\/p>\n<\/div>\n\n\n\n<div class=\"ss-timeline-item ss-cat-hic\">\n<p class=\"gb-text\">18.07 | <span class=\"ss-category-label\">HIC SUM<\/span> Inizio progetti HIC SUM \u2013 n\u00b0<a href=\"https:\/\/spaziospadoni.org\/es\/hic-sum\/burundi-africa-proyecto-10-de-72\/\" title=\"Proyecto HIC SUM n.\u00ba 10 \u2013 Burundi: detalles y objetivos\">10<\/a> \u2013 n.\u00ba<a href=\"https:\/\/spaziospadoni.org\/es\/hic-sum\/burundi-africa-proyecto-14-de-72\/\" title=\"Proyecto HIC SUM n.\u00ba 14 \u2013 Burundi: detalles y objetivos\">14<\/a> \u2013 n.\u00ba<a href=\"https:\/\/spaziospadoni.org\/es\/hic-sum\/burundi-africa-proyecto-15-de-72\/\" title=\"Proyecto HIC SUM n.\u00ba 15 \u2013 Burundi: detalles y objetivos\">15<\/a><\/p>\n<\/div>\n\n\n\n<div class=\"ss-timeline-item ss-cat-evento\">\n<p class=\"gb-text\">25.07 | <span class=\"ss-category-label\">Evento<\/span> Las religiosas de spazio + spadoni destacan la importancia del D\u00eda de los Abuelos con fotos y actividades<\/p>\n<\/div>\n\n\n\n<div class=\"ss-timeline-item ss-cat-hic\">\n<p class=\"gb-text\">02.08 | <span class=\"ss-category-label\">HIC SUM<\/span> Inizio progetti HIC SUM \u2013 n\u00b0<a href=\"https:\/\/spaziospadoni.org\/es\/hic-sum\/nigeria-africa-proyecto-7-de-72\/\" title=\"Proyecto HIC SUM n.\u00ba 7 \u2013 Nigeria: detalles y objetivos\">7<\/a> \u2013 n.\u00ba<a href=\"https:\/\/spaziospadoni.org\/es\/hic-sum\/nigeria-africa-proyecto-13-de-72\/\" title=\"Proyecto HIC SUM n.\u00ba 13 \u2013 Nigeria: detalles y objetivos\">13<\/a><\/p>\n<\/div>\n\n\n\n<div class=\"ss-timeline-item ss-cat-evento\">\n<p class=\"gb-text\">06\u201311.09 | <span class=\"ss-category-label\">Evento<\/span> Convenci\u00f3n spazio + spadoni \u00abHacer espacio a la reciprocidad\u00bb en San Cerbonio<\/p>\n<\/div>\n\n\n\n<div class=\"ss-timeline-item ss-cat-hic\">\n<p class=\"gb-text\">13.09 | <span class=\"ss-category-label\">HIC SUM<\/span> <a href=\"https:\/\/spaziospadoni.org\/es\/hic-sum\/nigeria-africa-proyecto-4-de-72\/\" title=\"Proyecto HIC SUM n.\u00ba 4 \u2013 Nigeria: detalles y objetivos\">Inicio del proyecto HIC SUM n.\u00ba 4<\/a><\/p>\n<\/div>\n\n\n\n<div class=\"ss-timeline-item ss-cat-hic\">\n<p class=\"gb-text\">15.09 | <span class=\"ss-category-label\">HIC SUM<\/span> Inizio progetti HIC SUM \u2013 n\u00b0<a href=\"https:\/\/spaziospadoni.org\/es\/hic-sum\/republica-democratica-del-congo-africa-proyecto-16-de-72\/\" title=\"Proyecto HIC SUM n.\u00ba 16 \u2013 Rep\u00fablica Democr\u00e1tica del Congo: detalles y objetivos\">16<\/a> \u2013 n.\u00ba<a href=\"https:\/\/spaziospadoni.org\/es\/hic-sum\/republica-democratica-del-congo-africa-proyecto-17-de-72\/\" title=\"Proyecto HIC SUM n.\u00ba 17 \u2013 Rep\u00fablica Democr\u00e1tica del Congo: detalles y objetivos\">17<\/a><\/p>\n<\/div>\n\n\n\n<div class=\"ss-timeline-item ss-cat-evento\">\n<p class=\"gb-text\">15.09 | <span class=\"ss-category-label\">Evento<\/span> spazio + spadoni es recibido por el cardenal Bassetti<\/p>\n<\/div>\n\n\n\n<div class=\"ss-timeline-item ss-cat-hic\">\n<p class=\"gb-text\">02.10 | <span class=\"ss-category-label\">HIC SUM<\/span> <a href=\"https:\/\/spaziospadoni.org\/es\/hic-sum\/republica-democratica-del-congo-africa-proyecto-18-y-19-de-72\/\" title=\"Proyecto HIC SUM n.\u00ba 18\u201319 \u2013 Rep\u00fablica Democr\u00e1tica del Congo: detalles y objetivos\">Inicio de los proyectos HIC SUM n.\u00ba 18 y 19<\/a><\/p>\n<\/div>\n\n\n\n<div class=\"ss-timeline-item ss-cat-incontro\">\n<p class=\"gb-text\">12\u201313.10 | <span class=\"ss-category-label\">Encuentro<\/span> El padre Jacques Mourad, obispo de Homs desde 2023, se re\u00fane con spazio + spadoni en San Cerbonio<\/p>\n<\/div>\n\n\n\n<div class=\"ss-timeline-item ss-cat-evento\">\n<p class=\"gb-text\">13.10 | <span class=\"ss-category-label\">Evento<\/span> Sor Hyacinthe visita San Cerbonio<\/p>\n<\/div>\n\n\n\n<div class=\"ss-timeline-item ss-cat-hic\">\n<p class=\"gb-text\">27.10 | <span class=\"ss-category-label\">HIC SUM<\/span> <a href=\"https:\/\/spaziospadoni.org\/es\/hic-sum\/tanzania-africa-proyecto-21-de-72\/\" title=\"Proyecto HIC SUM n.\u00ba 21 \u2013 Tanzania: detalles y objetivos\">Inicio del proyecto HIC SUM n.\u00ba 21<\/a><\/p>\n<\/div>\n\n\n\n<div class=\"ss-timeline-item ss-cat-hic\">\n<p class=\"gb-text\">17.11 | <span class=\"ss-category-label\">HIC SUM<\/span> Inizio progetti HIC SUM \u2013 n\u00b0<a href=\"https:\/\/spaziospadoni.org\/es\/hic-sum\/tanzania-africa-proyecto-22-de-72\/\" title=\"Proyecto HIC SUM n.\u00ba 22 \u2013 Tanzania: detalles y objetivos\">22<\/a> \u2013 n.\u00ba<a href=\"https:\/\/spaziospadoni.org\/es\/hic-sum\/malawi-africa-proyecto-23-de-72\/\" title=\"Proyecto HIC SUM n.\u00ba 23 \u2013 Malaui: detalles y objetivos\">23<\/a><\/p>\n<\/div>\n\n\n\n<div class=\"ss-timeline-item ss-cat-incontro\">\n<p class=\"gb-text\">30.11 | <span class=\"ss-category-label\">Encuentro<\/span> Encuentros misioneros en l\u00ednea \u00abLos martes de spazio + spadoni\u00bb \u2013 Padre Jacques Mourad \u2013 Siria<\/p>\n<\/div>\n\n\n\n<div class=\"ss-timeline-item ss-cat-evento\">\n<p class=\"gb-text\">18.12 | <span class=\"ss-category-label\">Evento<\/span> Luz de Bel\u00e9n en San Cerbonio<\/p>\n<\/div>\n\n\n\n<div class=\"ss-timeline-item ss-cat-evento\">\n<p class=\"gb-text\">21.12 | <span class=\"ss-category-label\">Evento<\/span> Brindis de Navidad<\/p>\n<\/div>\n\n\n\n<div class=\"ss-timeline-item ss-cat-hic\">\n<p class=\"gb-text\">27.12 | <span class=\"ss-category-label\">HIC SUM<\/span> <a href=\"https:\/\/spaziospadoni.org\/es\/hic-sum\/republica-democratica-del-congo-africa-proyecto-24-de-72\/\" title=\"Proyecto HIC SUM n.\u00ba 24 \u2013 Rep\u00fablica Democr\u00e1tica del Congo: detalles y objetivos\">Inicio del proyecto HIC SUM n.\u00ba 24<\/a><\/p>\n<\/div>\n\n<\/details>\n\n\n\n<details class=\"wp-block-details ss-timeline is-layout-flow wp-block-details-is-layout-flow\"><summary><span class=\"ss-timeline-year\">2022<\/span><span class=\"ss-timeline-count\">31 etapas<\/span><\/summary>\n\n\n<div class=\"ss-timeline-item ss-cat-hic\">\n<p class=\"gb-text\">03.01 | <span class=\"ss-category-label\">HIC SUM<\/span> <a href=\"https:\/\/spaziospadoni.org\/es\/hic-sum\/burkina-faso-africa-proyecto-31-de-72\/\" title=\"Proyecto HIC SUM n.\u00ba 31 \u2013 Burkina Faso: detalles y objetivos\">Inicio del proyecto HIC SUM n.\u00ba 31<\/a><\/p>\n<\/div>\n\n\n\n<div class=\"ss-timeline-item ss-cat-hic\">\n<p class=\"gb-text\">08.01 | <span class=\"ss-category-label\">HIC SUM<\/span> <a href=\"https:\/\/spaziospadoni.org\/es\/hic-sum\/uganda-africa-proyecto-26-de-72\/\" title=\"Proyecto HIC SUM n.\u00ba 26 \u2013 Uganda: detalles y objetivos\">Inicio del proyecto HIC SUM n.\u00ba 26<\/a><\/p>\n<\/div>\n\n\n\n<div class=\"ss-timeline-item ss-cat-hic\">\n<p class=\"gb-text\">10.01 | <span class=\"ss-category-label\">HIC SUM<\/span> <a href=\"https:\/\/spaziospadoni.org\/es\/hic-sum\/kenia-africa-proyecto-27-de-72\/\" title=\"Proyecto HIC SUM n.\u00ba 27 \u2013 Kenia: detalles y objetivos\">Inicio del proyecto HIC SUM n.\u00ba 27<\/a><\/p>\n<\/div>\n\n\n\n<div class=\"ss-timeline-item ss-cat-incontro\">\n<p class=\"gb-text\">25.01 | <span class=\"ss-category-label\">Encuentro<\/span> Encuentros misioneros en l\u00ednea \u00abLos martes de spazio + spadoni\u00bb \u2013 Sor Laura Gemignani \u2013 Uganda<\/p>\n<\/div>\n\n\n\n<div class=\"ss-timeline-item ss-cat-hic\">\n<p class=\"gb-text\">04.02 | <span class=\"ss-category-label\">HIC SUM<\/span> Inicio del proyecto HIC SUM n.\u00ba 25<\/p>\n<\/div>\n\n\n\n<div class=\"ss-timeline-item ss-cat-hic\">\n<p class=\"gb-text\">21.02 | <span class=\"ss-category-label\">HIC SUM<\/span> Inizio progetti HIC SUM \u2013 n\u00b0<a href=\"https:\/\/spaziospadoni.org\/es\/hic-sum\/ruanda-africa-proyecto-28-de-72\/\" title=\"Proyecto HIC SUM n.\u00ba 28 \u2013 Ruanda: detalles y objetivos\">28<\/a> \u2013 n.\u00ba<a href=\"https:\/\/spaziospadoni.org\/es\/hic-sum\/republica-democratica-del-congo-africa-proyecto-29-de-72\/\" title=\"Proyecto HIC SUM n.\u00ba 29 \u2013 Rep\u00fablica Democr\u00e1tica del Congo: detalles y objetivos\">29<\/a><\/p>\n<\/div>\n\n\n\n<div class=\"ss-timeline-item ss-cat-incontro\">\n<p class=\"gb-text\">22.02 | <span class=\"ss-category-label\">Encuentro<\/span> Encuentros misioneros en l\u00ednea \u00abLos martes de spazio + spadoni\u00bb \u2013 Sor Perpetue \u2013 Rep\u00fablica Democr\u00e1tica del Congo<\/p>\n<\/div>\n\n\n\n<div class=\"ss-timeline-item ss-cat-hic\">\n<p class=\"gb-text\">22.03 | <span class=\"ss-category-label\">HIC SUM<\/span> <a href=\"https:\/\/spaziospadoni.org\/es\/hic-sum\/tanzania-africa-proyecto-30-de-72\/\" title=\"Proyecto HIC SUM n.\u00ba 30 \u2013 Tanzania: detalles y objetivos\">Inicio del proyecto HIC SUM n.\u00ba 30<\/a><\/p>\n<\/div>\n\n\n\n<div class=\"ss-timeline-item ss-cat-hic\">\n<p class=\"gb-text\">29.03 | <span class=\"ss-category-label\">HIC SUM<\/span> <a href=\"https:\/\/spaziospadoni.org\/es\/hic-sum\/timor-oriental-asia-proyecto-33-de-72\/\" title=\"Proyecto HIC SUM n.\u00ba 33 \u2013 Timor Oriental: detalles y objetivos\">Inicio del proyecto HIC SUM n.\u00ba 33<\/a><\/p>\n<\/div>\n\n\n\n<div class=\"ss-timeline-item ss-cat-incontro\">\n<p class=\"gb-text\">29.03 | <span class=\"ss-category-label\">Encuentro<\/span> Encuentros misioneros en l\u00ednea \u00abLos martes de spazio + spadoni\u00bb \u2013 Luigi Butori \u2013 Tailandia y Vietnam<\/p>\n<\/div>\n\n\n\n<div class=\"ss-timeline-item ss-cat-hic\">\n<p class=\"gb-text\">19.04 | <span class=\"ss-category-label\">HIC SUM<\/span> <a href=\"https:\/\/spaziospadoni.org\/es\/hic-sum\/india-asia-proyecto-32-de-72\/\" title=\"Proyecto HIC SUM n.\u00ba 32 \u2013 India: detalles y objetivos\">Inicio del proyecto HIC SUM n.\u00ba 32<\/a><\/p>\n<\/div>\n\n\n\n<div class=\"ss-timeline-item ss-cat-hic\">\n<p class=\"gb-text\">26.04 | <span class=\"ss-category-label\">HIC SUM<\/span> <a href=\"https:\/\/spaziospadoni.org\/es\/hic-sum\/peru-america-proyecto-11-de-72\/\" title=\"Proyecto HIC SUM n.\u00ba 11 \u2013 Per\u00fa: detalles y objetivos\">Inicio del proyecto HIC SUM n.\u00ba 11<\/a><\/p>\n<\/div>\n\n\n\n<div class=\"ss-timeline-item ss-cat-incontro\">\n<p class=\"gb-text\">26.04 | <span class=\"ss-category-label\">Encuentro<\/span> Encuentros misioneros en l\u00ednea \u00abLos martes de spazio + spadoni\u00bb \u2013 Sor Maria Mabel De Luna Melo &amp; Sor Claudiane Serra Braga \u2013 Brasil<\/p>\n<\/div>\n\n\n\n<div class=\"ss-timeline-item ss-cat-hic\">\n<p class=\"gb-text\">28.04 | <span class=\"ss-category-label\">HIC SUM<\/span> <a href=\"https:\/\/spaziospadoni.org\/es\/hic-sum\/mexico-america-proyecto-20-de-72\/\" title=\"Proyecto HIC SUM n.\u00ba 20 \u2013 M\u00e9xico: detalles y objetivos\">Inicio del proyecto HIC SUM n.\u00ba 20<\/a><\/p>\n<\/div>\n\n\n\n<div class=\"ss-timeline-item ss-cat-hic\">\n<p class=\"gb-text\">03.05 | <span class=\"ss-category-label\">HIC SUM<\/span> Inizio progetti HIC SUM \u2013 n\u00b0<a href=\"https:\/\/spaziospadoni.org\/es\/hic-sum\/republica-democratica-del-congo-africa-proyecto-34-de-72\/\" title=\"Proyecto HIC SUM n.\u00ba 34 \u2013 Rep\u00fablica Democr\u00e1tica del Congo: detalles y objetivos\">34<\/a> \u2013 n.\u00ba<a href=\"https:\/\/spaziospadoni.org\/es\/hic-sum\/republica-democratica-del-congo-africa-proyecto-35-de-72\/\" title=\"Proyecto HIC SUM n.\u00ba 35 \u2013 Rep\u00fablica Democr\u00e1tica del Congo: detalles y objetivos\">35<\/a><\/p>\n<\/div>\n\n\n\n<div class=\"ss-timeline-item ss-cat-incontro\">\n<p class=\"gb-text\">16.05 | <span class=\"ss-category-label\">Encuentro<\/span> Las Madres Generales de las Hermanitas de la Evangelizaci\u00f3n y de las Hermanas de Jes\u00fas Educador, ambas congole\u00f1as, se re\u00fanen en San Cerbonio<\/p>\n<\/div>\n\n\n\n<div class=\"ss-timeline-item ss-cat-hic\">\n<p class=\"gb-text\">20\u201322.05 | <span class=\"ss-category-label\">HIC SUM<\/span> Formaci\u00f3n misionera HIC SUM para j\u00f3venes y voluntarios interesados en partir a las misiones<\/p>\n<\/div>\n\n\n\n<div class=\"ss-timeline-item ss-cat-incontro\">\n<p class=\"gb-text\">24.05 | <span class=\"ss-category-label\">Encuentro<\/span> Encuentros misioneros en l\u00ednea \u00abLos martes de spazio + spadoni\u00bb \u2013 Sor Odette Maria Kabarere \u2013 Ruanda<\/p>\n<\/div>\n\n\n\n<div class=\"ss-timeline-item ss-cat-incontro\">\n<p class=\"gb-text\">29.04\u201301.05 | <span class=\"ss-category-label\">Encuentro<\/span> spazio + spadoni se re\u00fane en Roma con varias Madres Generales que asisten a la Asamblea Plenaria de la UISG<\/p>\n<\/div>\n\n\n\n<div class=\"ss-timeline-item ss-cat-hic\">\n<p class=\"gb-text\">31.05 | <span class=\"ss-category-label\">HIC SUM<\/span> <a href=\"https:\/\/spaziospadoni.org\/es\/hic-sum\/kenia-africa-proyecto-12-de-72\/\" title=\"Proyecto HIC SUM n.\u00ba 12 \u2013 Kenia: detalles y objetivos\">Inicio del proyecto HIC SUM n.\u00ba 12<\/a><\/p>\n<\/div>\n\n\n\n<div class=\"ss-timeline-item ss-cat-evento\">\n<p class=\"gb-text\">06\u201309.06 | <span class=\"ss-category-label\">Evento<\/span> Formaci\u00f3n para religiosas en San Cerbonio<\/p>\n<\/div>\n\n\n\n<div class=\"ss-timeline-item ss-cat-hic\">\n<p class=\"gb-text\">06.06 | <span class=\"ss-category-label\">HIC SUM<\/span> <a href=\"https:\/\/spaziospadoni.org\/es\/hic-sum\/ruanda-africa-proyecto-36-de-72\/\" title=\"Proyecto HIC SUM n.\u00ba 36 \u2013 Ruanda: detalles y objetivos\">Inicio del proyecto HIC SUM n.\u00ba 36<\/a><\/p>\n<\/div>\n\n\n\n<div class=\"ss-timeline-item ss-cat-hic\">\n<p class=\"gb-text\">25.07 | <span class=\"ss-category-label\">HIC SUM<\/span> <a href=\"https:\/\/spaziospadoni.org\/es\/hic-sum\/filipinas-asia-proyecto-37-de-72\/\" title=\"Proyecto HIC SUM n.\u00ba 37 \u2013 Filipinas: detalles y objetivos\">Inicio del proyecto HIC SUM n.\u00ba 37<\/a><\/p>\n<\/div>\n\n\n\n<div class=\"ss-timeline-item ss-cat-hic\">\n<p class=\"gb-text\">04.08 | <span class=\"ss-category-label\">HIC SUM<\/span> <a href=\"https:\/\/spaziospadoni.org\/es\/hic-sum\/tanzania-africa-proyecto-38-de-72\/\" title=\"Proyecto HIC SUM n.\u00ba 38 \u2013 Tanzania: detalles y objetivos\">Inicio del proyecto HIC SUM n.\u00ba 38<\/a><\/p>\n<\/div>\n\n\n\n<div class=\"ss-timeline-item ss-cat-hic\">\n<p class=\"gb-text\">10.08 | <span class=\"ss-category-label\">HIC SUM<\/span> <a href=\"https:\/\/spaziospadoni.org\/es\/hic-sum\/tanzania-africa-proyecto-39-de-72\/\" title=\"Proyecto HIC SUM n.\u00ba 39 \u2013 Tanzania: detalles y objetivos\">Inicio del proyecto HIC SUM n.\u00ba 39<\/a><\/p>\n<\/div>\n\n\n\n<div class=\"ss-timeline-item ss-cat-evento\">\n<p class=\"gb-text\">07\u201311.09 | <span class=\"ss-category-label\">Evento<\/span> Convenci\u00f3n spazio + spadoni \u00abHacer espacio al valor\u00bb en San Cerbonio<\/p>\n<\/div>\n\n\n\n<div class=\"ss-timeline-item ss-cat-evento\">\n<p class=\"gb-text\">22\u201324.09 | <span class=\"ss-category-label\">Evento<\/span> spazio + spadoni es socio y participa en el evento mundial organizado en As\u00eds por Economy of Francesco<\/p>\n<\/div>\n\n\n\n<div class=\"ss-timeline-item ss-cat-evento\">\n<p class=\"gb-text\">29.09\u201302.10 | <span class=\"ss-category-label\">Evento<\/span> spazio + spadoni es socio y participa en el Festival della Missione de Mil\u00e1n<\/p>\n<\/div>\n\n\n\n<div class=\"ss-timeline-item ss-cat-hic\">\n<p class=\"gb-text\">08.10 | <span class=\"ss-category-label\">HIC SUM<\/span> <a href=\"https:\/\/spaziospadoni.org\/es\/hic-sum\/republica-democratica-del-congo-africa-proyecto-40-41-de-72\/\" title=\"Proyecto HIC SUM n.\u00ba 40\u201341 \u2013 Rep\u00fablica Democr\u00e1tica del Congo: detalles y objetivos\">Inicio de los proyectos HIC SUM n.\u00ba 40 y 41<\/a><\/p>\n<\/div>\n\n\n\n<div class=\"ss-timeline-item ss-cat-opera\">\n<p class=\"gb-text\">21.11\u201316.12 | <span class=\"ss-category-label\">OPERA M<\/span> Curso sobre las Obras de Misericordia para religiosas franc\u00f3fonas en Loppiano<\/p>\n<\/div>\n\n\n\n<div class=\"ss-timeline-item ss-cat-evento\">\n<p class=\"gb-text\">15.12 | <span class=\"ss-category-label\">Evento<\/span> Intercambio de felicitaciones navide\u00f1as en l\u00ednea<\/p>\n<\/div>\n\n<\/details>\n\n\n\n<details class=\"wp-block-details ss-timeline is-layout-flow wp-block-details-is-layout-flow\"><summary><span class=\"ss-timeline-year\">2023<\/span><span class=\"ss-timeline-count\">12 etapas<\/span><\/summary>\n\n\n<div class=\"ss-timeline-item ss-cat-opera\">\n<p class=\"gb-text\">01\u201310.02 | <span class=\"ss-category-label\">OPERA M<\/span> Curso sobre las Obras de Misericordia para religiosas angl\u00f3fonas en San Cerbonio<\/p>\n<\/div>\n\n\n\n<div class=\"ss-timeline-item ss-cat-evento\">\n<p class=\"gb-text\">02.05 | <span class=\"ss-category-label\">Evento<\/span> Luigi Spadoni recibe la ciudadan\u00eda honoraria de Rosolini<\/p>\n<\/div>\n\n\n\n<div class=\"ss-timeline-item ss-cat-incontro\">\n<p class=\"gb-text\">12.06 | <span class=\"ss-category-label\">Encuentro<\/span> Luigi Spadoni interviene en \u00abEl segundo lunes del mes\u00bb, encuentros promovidos por el Centro Nacional del Voluntariado<\/p>\n<\/div>\n\n\n\n<div class=\"ss-timeline-item ss-cat-evento\">\n<p class=\"gb-text\">24.07 | <span class=\"ss-category-label\">Evento<\/span> Luigi Spadoni recibe la Palma de Plata en Acireale<\/p>\n<\/div>\n\n\n\n<div class=\"ss-timeline-item ss-cat-opera\">\n<p class=\"gb-text\">17\u201328.07 | <span class=\"ss-category-label\">OPERA M<\/span> Encuentro celebrado en Lucca titulado \u00abDifundamos las Obras de Misericordia\u00bb para Embajadores y Linkers<\/p>\n<\/div>\n\n\n\n<div class=\"ss-timeline-item ss-cat-hic\">\n<p class=\"gb-text\">08.09 | <span class=\"ss-category-label\">HIC SUM<\/span> <a href=\"https:\/\/spaziospadoni.org\/es\/hic-sum\/tanzania-africa-proyecto-43-de-72\/\" title=\"Proyecto HIC SUM n.\u00ba 43 \u2013 Tanzania: detalles y objetivos\">Inicio del proyecto HIC SUM n.\u00ba 43<\/a><\/p>\n<\/div>\n\n\n\n<div class=\"ss-timeline-item ss-cat-opera\">\n<p class=\"gb-text\">15\u201317.09 | <span class=\"ss-category-label\">OPERA M<\/span> Convenci\u00f3n spazio + spadoni \u00abHacer espacio a la reEvoluci\u00f3n de las Obras de Misericordia\u00bb en Noto<\/p>\n<\/div>\n\n\n\n<div class=\"ss-timeline-item ss-cat-incontro\">\n<p class=\"gb-text\">29.09 | <span class=\"ss-category-label\">Encuentro<\/span> Mons. \u00c9mile Mushosho Matabaro, obispo de Doruma en la Rep\u00fablica Democr\u00e1tica del Congo, se re\u00fane con spazio + spadoni en San Cerbonio<\/p>\n<\/div>\n\n\n\n<div class=\"ss-timeline-item ss-cat-hic\">\n<p class=\"gb-text\">10.10 | <span class=\"ss-category-label\">HIC SUM<\/span> <a href=\"https:\/\/spaziospadoni.org\/es\/hic-sum\/tanzania-africa-42-de-72\/\" title=\"Proyecto HIC SUM n.\u00ba 42 \u2013 Tanzania: detalles y objetivos\">Inicio del proyecto HIC SUM n.\u00ba 42<\/a><\/p>\n<\/div>\n\n\n\n<div class=\"ss-timeline-item ss-cat-hic\">\n<p class=\"gb-text\">16.11 | <span class=\"ss-category-label\">HIC SUM<\/span> <a href=\"https:\/\/spaziospadoni.org\/es\/hic-sum\/republica-democratica-del-congo-africa-proyecto-44-de-72\/\" title=\"Proyecto HIC SUM n.\u00ba 44 \u2013 Rep\u00fablica Democr\u00e1tica del Congo: detalles y objetivos\">Inicio del proyecto HIC SUM n.\u00ba 44<\/a><\/p>\n<\/div>\n\n\n\n<div class=\"ss-timeline-item ss-cat-forum\">\n<p class=\"gb-text\">25\u201326.11 | <span class=\"ss-category-label\">Foro<\/span> Foro sobre la reEvoluci\u00f3n de las Obras de Misericordia en Coton\u00fa, Ben\u00edn<\/p>\n<\/div>\n\n\n\n<div class=\"ss-timeline-item ss-cat-forum\">\n<p class=\"gb-text\">02\u201303.12 | <span class=\"ss-category-label\">Foro<\/span> Foro sobre la reEvoluci\u00f3n de las Obras de Misericordia en Bobo-Dioulasso, Burkina Faso<\/p>\n<\/div>\n\n<\/details>\n\n\n\n<details class=\"wp-block-details ss-timeline is-layout-flow wp-block-details-is-layout-flow\"><summary><span class=\"ss-timeline-year\">2024<\/span><span class=\"ss-timeline-count\">9 etapas<\/span><\/summary>\n\n\n<div class=\"ss-timeline-item ss-cat-incontro\">\n<p class=\"gb-text\">09.03 | <span class=\"ss-category-label\">Encuentro<\/span> spazio + spadoni se re\u00fane con las religiosas que estudian en Castel Gandolfo<\/p>\n<\/div>\n\n\n\n<div class=\"ss-timeline-item ss-cat-hic\">\n<p class=\"gb-text\">13.03 | <span class=\"ss-category-label\">HIC SUM<\/span> <a href=\"https:\/\/spaziospadoni.org\/es\/hic-sum\/madagascar-africa-proyecto-45-de-72\/\" title=\"Proyecto HIC SUM n.\u00ba 45 \u2013 Madagascar: detalles y objetivos\">Inicio del proyecto HIC SUM n.\u00ba 45<\/a><\/p>\n<\/div>\n\n\n\n<div class=\"ss-timeline-item ss-cat-incontro\">\n<p class=\"gb-text\">28.04 | <span class=\"ss-category-label\">Encuentro<\/span> Luigi Spadoni se re\u00fane en Lucca con Mons. Fortunatus Nwachukwu, secretario de la Secci\u00f3n para la Primera Evangelizaci\u00f3n y las Nuevas Iglesias Particulares del Dicasterio para la Evangelizaci\u00f3n<\/p>\n<\/div>\n\n\n\n<div class=\"ss-timeline-item ss-cat-hic\">\n<p class=\"gb-text\">03.05 | <span class=\"ss-category-label\">HIC SUM<\/span> <a href=\"https:\/\/spaziospadoni.org\/es\/hic-sum\/republica-democratica-del-congo-africa-proyecto-46-de-72\/\" title=\"Proyecto HIC SUM n.\u00ba 46 \u2013 Rep\u00fablica Democr\u00e1tica del Congo: detalles y objetivos\">Inicio del proyecto HIC SUM n.\u00ba 46<\/a><\/p>\n<\/div>\n\n\n\n<div class=\"ss-timeline-item ss-cat-forum\">\n<p class=\"gb-text\">28\u201329.06 | <span class=\"ss-category-label\">Foro<\/span> Foro sobre la reEvoluci\u00f3n de las Obras de Misericordia en Bafia, Camer\u00fan<\/p>\n<\/div>\n\n\n\n<div class=\"ss-timeline-item ss-cat-opera\">\n<p class=\"gb-text\">06\u201311.07 | <span class=\"ss-category-label\">OPERA M<\/span> Formaci\u00f3n sobre la reEvoluci\u00f3n de las Obras de Misericordia en Roma<\/p>\n<\/div>\n\n\n\n<div class=\"ss-timeline-item ss-cat-incontro\">\n<p class=\"gb-text\">11.08 | <span class=\"ss-category-label\">Encuentro<\/span> Luigi Spadoni se re\u00fane con el padre Francesco Zambotti<\/p>\n<\/div>\n\n\n\n<div class=\"ss-timeline-item ss-cat-forum\">\n<p class=\"gb-text\">31.08\u201301.09 | <span class=\"ss-category-label\">Foro<\/span> Foro sobre la reEvoluci\u00f3n de las Obras de Misericordia en Nairobi, Kenia<\/p>\n<\/div>\n\n\n\n<div class=\"ss-timeline-item ss-cat-forum\">\n<p class=\"gb-text\">18\u201320.09 | <span class=\"ss-category-label\">Foro<\/span> Foro sobre la reEvoluci\u00f3n de las Obras de Misericordia en Kisangani, Rep\u00fablica Democr\u00e1tica del Congo<\/p>\n<\/div>\n\n<\/details>\n\n\n\n<details class=\"wp-block-details ss-timeline is-layout-flow wp-block-details-is-layout-flow\"><summary><span class=\"ss-timeline-year\">2025<\/span><span class=\"ss-timeline-count\">16 etapas<\/span><\/summary>\n\n\n<div class=\"ss-timeline-item ss-cat-opera\">\n<p class=\"gb-text\">26.02 | <span class=\"ss-category-label\">OPERA M<\/span> El obispo de Bafia, Camer\u00fan, Emmanuel Dassi Youfang, nombra a Sor Marie Noelle Messini responsable de la primera Oficina Diocesana de las Obras de Misericordia del mundo<\/p>\n<\/div>\n\n\n\n<div class=\"ss-timeline-item ss-cat-hic\">\n<p class=\"gb-text\">27.02 | <span class=\"ss-category-label\">HIC SUM<\/span> <a href=\"https:\/\/spaziospadoni.org\/es\/hic-sum\/nigeria-africa-proyecto-47-de-72\/\" title=\"Proyecto HIC SUM n.\u00ba 47 \u2013 Nigeria: detalles y objetivos\">Inicio del proyecto HIC SUM n.\u00ba 47<\/a><\/p>\n<\/div>\n\n\n\n<div class=\"ss-timeline-item ss-cat-hic\">\n<p class=\"gb-text\">14\u201330.03 | <span class=\"ss-category-label\">HIC SUM<\/span> Tres voluntarios de la Cofrad\u00eda de la Misericordia de Adrano viajan a Madagascar para visitar las comunidades de las Hermanas del Sagrado Coraz\u00f3n de Jes\u00fas de Ragusa en el marco del proyecto HIC SUM<\/p>\n<\/div>\n\n\n\n<div class=\"ss-timeline-item ss-cat-evento\">\n<p class=\"gb-text\">05\u201309.05 | <span class=\"ss-category-label\">Evento<\/span> spazio + spadoni participa con un estand en la Asamblea Plenaria de la UISG y acoge a varias Madres Generales en la Casa General de las Hijas de Mar\u00eda Misioneras<\/p>\n<\/div>\n\n\n\n<div class=\"ss-timeline-item ss-cat-forum\">\n<p class=\"gb-text\">19.06 | <span class=\"ss-category-label\">Foro<\/span> Foro sobre la reEvoluci\u00f3n de las Obras de Misericordia en Lom\u00e9, Togo<\/p>\n<\/div>\n\n\n\n<div class=\"ss-timeline-item ss-cat-forum\">\n<p class=\"gb-text\">27\u201328.06 | <span class=\"ss-category-label\">Foro<\/span> Foro sobre la reEvoluci\u00f3n de las Obras de Misericordia en Bangui, Rep\u00fablica Centroafricana<\/p>\n<\/div>\n\n\n\n<div class=\"ss-timeline-item ss-cat-forum\">\n<p class=\"gb-text\">19.07 | <span class=\"ss-category-label\">Foro<\/span> Foro sobre la reEvoluci\u00f3n de las Obras de Misericordia en Bossemb\u00e9l\u00e9, Rep\u00fablica Centroafricana<\/p>\n<\/div>\n\n\n\n<div class=\"ss-timeline-item ss-cat-hic\">\n<p class=\"gb-text\">23.07 | <span class=\"ss-category-label\">HIC SUM<\/span> <a href=\"https:\/\/spaziospadoni.org\/es\/hic-sum\/indonesia-asia-proyecto-49-de-72\/\" title=\"Proyecto HIC SUM n.\u00ba 49 \u2013 Indonesia: detalles y objetivos\">Inicio del proyecto HIC SUM n.\u00ba 49<\/a><\/p>\n<\/div>\n\n\n\n<div class=\"ss-timeline-item ss-cat-incontro\">\n<p class=\"gb-text\">30.07 | <span class=\"ss-category-label\">Encuentro<\/span> spazio + spadoni se re\u00fane con la Fundaci\u00f3n San Gennaro en el Rione Sanit\u00e0 de N\u00e1poles<\/p>\n<\/div>\n\n\n\n<div class=\"ss-timeline-item ss-cat-hic\">\n<p class=\"gb-text\">25.08 | <span class=\"ss-category-label\">HIC SUM<\/span> <a href=\"https:\/\/spaziospadoni.org\/es\/hic-sum\/malaui-africa-proyecto-48-de-72\/\" title=\"Proyecto HIC SUM n.\u00ba 48 \u2013 Malaui: detalles y objetivos\">Inicio del proyecto HIC SUM n.\u00ba 48<\/a><\/p>\n<\/div>\n\n\n\n<div class=\"ss-timeline-item ss-cat-forum\">\n<p class=\"gb-text\">13\u201314.09 | <span class=\"ss-category-label\">Foro<\/span> Foro sobre la reEvoluci\u00f3n de las Obras de Misericordia en Mbarara, Uganda<\/p>\n<\/div>\n\n\n\n<div class=\"ss-timeline-item ss-cat-evento\">\n<p class=\"gb-text\">09\u201312.10 | <span class=\"ss-category-label\">Evento<\/span> spazio + spadoni es socio y participa en el Festival della Missione de Tur\u00edn<\/p>\n<\/div>\n\n\n\n<div class=\"ss-timeline-item ss-cat-incontro\">\n<p class=\"gb-text\">14.10 | <span class=\"ss-category-label\">Encuentro<\/span> Luigi Spadoni se re\u00fane en Roma con Sor M. F\u00e9licit\u00e9 Mbombe, Superiora General de las Hermanas de Santa Teresa de Basankusu \u2013 Rep\u00fablica Democr\u00e1tica del Congo<\/p>\n<\/div>\n\n\n\n<div class=\"ss-timeline-item ss-cat-incontro\">\n<p class=\"gb-text\">14.10 | <span class=\"ss-category-label\">Encuentro<\/span> Luigi Spadoni se re\u00fane en Roma con Sor Fran\u00e7oise Bobile Mulasi, Superiora General de las Misioneras de Jes\u00fas Emmanuel \u2013 Kisantu, Rep\u00fablica Democr\u00e1tica del Congo<\/p>\n<\/div>\n\n\n\n<div class=\"ss-timeline-item ss-cat-forum\">\n<p class=\"gb-text\">13.12 | <span class=\"ss-category-label\">Foro<\/span> Foro sobre la reEvoluci\u00f3n de las Obras de Misericordia en Bouar, Rep\u00fablica Centroafricana<\/p>\n<\/div>\n\n\n\n<div class=\"ss-timeline-item ss-cat-hic\">\n<p class=\"gb-text\">15.12 | <span class=\"ss-category-label\">HIC SUM<\/span> <a href=\"https:\/\/spaziospadoni.org\/it\/hic-sum\/benin-africa-progetto-50-di-72\/\" title=\"Proyecto HIC SUM n.\u00ba 50 \u2013 Ben\u00edn: detalles y objetivos\">Inicio del proyecto HIC SUM n.\u00ba 50<\/a><\/p>\n<\/div>\n\n<\/details>\n\n\n\n<details class=\"wp-block-details ss-timeline is-layout-flow wp-block-details-is-layout-flow\"><summary><span class=\"ss-timeline-year\">2026<\/span><span class=\"ss-timeline-count\">4 etapas<\/span><\/summary>\n\n\n<div class=\"ss-timeline-item ss-cat-forum\">\n<p class=\"gb-text\">22\u201323.01 | <span class=\"ss-category-label\">Foro<\/span> Foro sobre la reEvoluci\u00f3n de las Obras de Misericordia en Ambatondrazaka, Madagascar<\/p>\n<\/div>\n\n\n\n<div class=\"ss-timeline-item ss-cat-incontro\">\n<p class=\"gb-text\">24.02 | <span class=\"ss-category-label\">Encuentro<\/span> Rafael Baciano Sapato, sacerdote mozambique\u00f1o y exdirector del Secretariado de IMBISA (Reuni\u00f3n Interregional de los Obispos de \u00c1frica Austral), se re\u00fane con spazio + spadoni en San Cerbonio<\/p>\n<\/div>\n\n\n\n<div class=\"ss-timeline-item ss-cat-forum\">\n<p class=\"gb-text\">08.04 | <span class=\"ss-category-label\">Foro<\/span> Foro sobre la reEvoluci\u00f3n de las Obras de Misericordia para catequistas en Ambatondrazaka, Madagascar<\/p>\n<\/div>\n\n\n\n<div class=\"ss-timeline-item ss-cat-evento\">\n<p class=\"gb-text\">22.05 | <span class=\"ss-category-label\">Evento<\/span> Luigi Spadoni interviene en la mesa redonda \u00abLa cultura del don: un v\u00ednculo que nos une\u00bb de la Asamblea Nacional de FRATRES<\/p>\n<\/div>\n\n<\/details>\n<\/div>\n\n","protected":false},"excerpt":{"rendered":"<p>Las etapas de spazio + spadoni desde 2020 hasta hoy Desde 2020 hasta hoy, repasamos las principales etapas de spazio + spadoni: proyectos HIC SUM, encuentros, actividades formativas e iniciativas dedicadas a las Obras de Misericordia en Italia y en el mundo.<\/p>\n","protected":false},"author":107,"featured_media":0,"parent":0,"menu_order":0,"comment_status":"closed","ping_status":"closed","template":"","meta":{"_sitemap_exclude":false,"_sitemap_priority":"","_sitemap_frequency":"","footnotes":""},"class_list":["post-91557","page","type-page","status-publish","infinite-scroll-item"],"yoast_head":"<!-- This site is optimized with the Yoast SEO plugin v28.4 - https:\/\/yoast.com\/product\/yoast-seo-wordpress\/ -->\n<title>Hoja de ruta | Spazio Spadoni<\/title>\n<meta name=\"description\" content=\"Las etapas de spazio + spadoni desde 2020 hasta hoy Desde 2020 hasta hoy, repasamos las principales etapas de spazio + spadoni: proyectos HIC SUM,\" \/>\n<meta name=\"robots\" content=\"index, follow, max-snippet:-1, max-image-preview:large, max-video-preview:-1\" \/>\n<link rel=\"canonical\" href=\"https:\/\/spaziospadoni.org\/es\/hoja-de-ruta\/\" \/>\n<meta property=\"og:locale\" content=\"es_ES\" \/>\n<meta property=\"og:type\" content=\"article\" \/>\n<meta property=\"og:title\" content=\"Hoja de ruta | Spazio Spadoni\" \/>\n<meta property=\"og:description\" content=\"Las etapas de spazio + spadoni desde 2020 hasta hoy Desde 2020 hasta hoy, repasamos las principales etapas de spazio + spadoni: proyectos HIC SUM,\" \/>\n<meta property=\"og:url\" content=\"https:\/\/spaziospadoni.org\/es\/hoja-de-ruta\/\" \/>\n<meta property=\"og:site_name\" content=\"spazio + spadoni\" \/>\n<meta property=\"article:publisher\" content=\"https:\/\/www.facebook.com\/SpazioSpadoni\/\" \/>\n<meta property=\"article:modified_time\" content=\"2026-08-21T12:24:51+00:00\" \/>\n<meta property=\"og:image\" content=\"https:\/\/spaziospadoni.org\/wp-content\/uploads\/2026\/05\/logo-opera-m-no-sito-scritta-bianca-scaled-1.png\" \/>\n\t<meta property=\"og:image:width\" content=\"2560\" \/>\n\t<meta property=\"og:image:height\" content=\"2555\" \/>\n\t<meta property=\"og:image:type\" content=\"image\/png\" \/>\n<meta name=\"twitter:card\" content=\"summary_large_image\" \/>\n<meta name=\"twitter:label1\" content=\"Est. reading time\" \/>\n\t<meta name=\"twitter:data1\" content=\"10 minutes\" \/>\n<script type=\"application\/ld+json\" class=\"yoast-schema-graph\">{\"@context\":\"https:\\\/\\\/schema.org\",\"@graph\":[{\"@type\":\"WebPage\",\"@id\":\"https:\\\/\\\/spaziospadoni.org\\\/es\\\/hoja-de-ruta\\\/\",\"url\":\"https:\\\/\\\/spaziospadoni.org\\\/es\\\/hoja-de-ruta\\\/\",\"name\":\"Hoja de ruta | Spazio Spadoni\",\"isPartOf\":{\"@id\":\"https:\\\/\\\/spaziospadoni.org\\\/es\\\/#website\"},\"datePublished\":\"2026-08-05T09:51:42+00:00\",\"dateModified\":\"2026-08-21T12:24:51+00:00\",\"description\":\"Las etapas de spazio + spadoni desde 2020 hasta hoy Desde 2020 hasta hoy, repasamos las principales etapas de spazio + spadoni: proyectos HIC SUM,\",\"breadcrumb\":{\"@id\":\"https:\\\/\\\/spaziospadoni.org\\\/es\\\/hoja-de-ruta\\\/#breadcrumb\"},\"inLanguage\":\"es-ES\",\"potentialAction\":[{\"@type\":\"ReadAction\",\"target\":[\"https:\\\/\\\/spaziospadoni.org\\\/es\\\/hoja-de-ruta\\\/\"]}]},{\"@type\":\"BreadcrumbList\",\"@id\":\"https:\\\/\\\/spaziospadoni.org\\\/es\\\/hoja-de-ruta\\\/#breadcrumb\",\"itemListElement\":[{\"@type\":\"ListItem\",\"position\":1,\"name\":\"Home\",\"item\":\"https:\\\/\\\/spaziospadoni.org\\\/es\\\/\"},{\"@type\":\"ListItem\",\"position\":2,\"name\":\"Hoja de ruta\"}]},{\"@type\":\"WebSite\",\"@id\":\"https:\\\/\\\/spaziospadoni.org\\\/es\\\/#website\",\"url\":\"https:\\\/\\\/spaziospadoni.org\\\/es\\\/\",\"name\":\"spazio + spadoni\",\"description\":\"Generazione di misericordia e missione nel mondo\",\"publisher\":{\"@id\":\"https:\\\/\\\/spaziospadoni.org\\\/es\\\/#organization\"},\"alternateName\":\"spaziospadoni.org\",\"potentialAction\":[{\"@type\":\"SearchAction\",\"target\":{\"@type\":\"EntryPoint\",\"urlTemplate\":\"https:\\\/\\\/spaziospadoni.org\\\/es\\\/?s={search_term_string}\"},\"query-input\":{\"@type\":\"PropertyValueSpecification\",\"valueRequired\":true,\"valueName\":\"search_term_string\"}}],\"inLanguage\":\"es-ES\"},{\"@type\":\"Organization\",\"@id\":\"https:\\\/\\\/spaziospadoni.org\\\/es\\\/#organization\",\"name\":\"spazio + spadoni\",\"alternateName\":\"spaziospadoni.org\",\"url\":\"https:\\\/\\\/spaziospadoni.org\\\/es\\\/\",\"logo\":{\"@type\":\"ImageObject\",\"inLanguage\":\"es-ES\",\"@id\":\"https:\\\/\\\/spaziospadoni.org\\\/es\\\/#\\\/schema\\\/logo\\\/image\\\/\",\"url\":\"https:\\\/\\\/spaziospadoni.org\\\/wp-content\\\/uploads\\\/2026\\\/05\\\/spazio-spadoni-logo-100x100-1.webp\",\"contentUrl\":\"https:\\\/\\\/spaziospadoni.org\\\/wp-content\\\/uploads\\\/2026\\\/05\\\/spazio-spadoni-logo-100x100-1.webp\",\"width\":100,\"height\":100,\"caption\":\"spazio + spadoni\"},\"image\":{\"@id\":\"https:\\\/\\\/spaziospadoni.org\\\/es\\\/#\\\/schema\\\/logo\\\/image\\\/\"},\"sameAs\":[\"https:\\\/\\\/www.facebook.com\\\/SpazioSpadoni\\\/\",\"https:\\\/\\\/www.instagram.com\\\/spaziospadoni\\\/\",\"https:\\\/\\\/www.youtube.com\\\/@spaziospadoni\\\/playlists\"]}]}<\/script>\n<!-- \/ Yoast SEO plugin. -->","yoast_head_json":{"title":"Hoja de ruta | Spazio Spadoni","description":"Las etapas de spazio + spadoni desde 2020 hasta hoy Desde 2020 hasta hoy, repasamos las principales etapas de spazio + spadoni: proyectos HIC SUM,","robots":{"index":"index","follow":"follow","max-snippet":"max-snippet:-1","max-image-preview":"max-image-preview:large","max-video-preview":"max-video-preview:-1"},"canonical":"https:\/\/spaziospadoni.org\/es\/hoja-de-ruta\/","og_locale":"es_ES","og_type":"article","og_title":"Hoja de ruta | Spazio Spadoni","og_description":"Las etapas de spazio + spadoni desde 2020 hasta hoy Desde 2020 hasta hoy, repasamos las principales etapas de spazio + spadoni: proyectos HIC SUM,","og_url":"https:\/\/spaziospadoni.org\/es\/hoja-de-ruta\/","og_site_name":"spazio + spadoni","article_publisher":"https:\/\/www.facebook.com\/SpazioSpadoni\/","article_modified_time":"2026-08-21T12:24:51+00:00","og_image":[{"width":2560,"height":2555,"url":"https:\/\/spaziospadoni.org\/wp-content\/uploads\/2026\/05\/logo-opera-m-no-sito-scritta-bianca-scaled-1.png","type":"image\/png"}],"twitter_card":"summary_large_image","twitter_misc":{"Est. reading time":"10 minutes"},"schema":{"@context":"https:\/\/schema.org","@graph":[{"@type":"WebPage","@id":"https:\/\/spaziospadoni.org\/es\/hoja-de-ruta\/","url":"https:\/\/spaziospadoni.org\/es\/hoja-de-ruta\/","name":"Hoja de ruta | Spazio Spadoni","isPartOf":{"@id":"https:\/\/spaziospadoni.org\/es\/#website"},"datePublished":"2026-08-05T09:51:42+00:00","dateModified":"2026-08-21T12:24:51+00:00","description":"Las etapas de spazio + spadoni desde 2020 hasta hoy Desde 2020 hasta hoy, repasamos las principales etapas de spazio + spadoni: proyectos HIC SUM,","breadcrumb":{"@id":"https:\/\/spaziospadoni.org\/es\/hoja-de-ruta\/#breadcrumb"},"inLanguage":"es-ES","potentialAction":[{"@type":"ReadAction","target":["https:\/\/spaziospadoni.org\/es\/hoja-de-ruta\/"]}]},{"@type":"BreadcrumbList","@id":"https:\/\/spaziospadoni.org\/es\/hoja-de-ruta\/#breadcrumb","itemListElement":[{"@type":"ListItem","position":1,"name":"Home","item":"https:\/\/spaziospadoni.org\/es\/"},{"@type":"ListItem","position":2,"name":"Hoja de ruta"}]},{"@type":"WebSite","@id":"https:\/\/spaziospadoni.org\/es\/#website","url":"https:\/\/spaziospadoni.org\/es\/","name":"spazio + spadoni","description":"Generazione di misericordia e missione nel mondo","publisher":{"@id":"https:\/\/spaziospadoni.org\/es\/#organization"},"alternateName":"spaziospadoni.org","potentialAction":[{"@type":"SearchAction","target":{"@type":"EntryPoint","urlTemplate":"https:\/\/spaziospadoni.org\/es\/?s={search_term_string}"},"query-input":{"@type":"PropertyValueSpecification","valueRequired":true,"valueName":"search_term_string"}}],"inLanguage":"es-ES"},{"@type":"Organization","@id":"https:\/\/spaziospadoni.org\/es\/#organization","name":"spazio + spadoni","alternateName":"spaziospadoni.org","url":"https:\/\/spaziospadoni.org\/es\/","logo":{"@type":"ImageObject","inLanguage":"es-ES","@id":"https:\/\/spaziospadoni.org\/es\/#\/schema\/logo\/image\/","url":"https:\/\/spaziospadoni.org\/wp-content\/uploads\/2026\/05\/spazio-spadoni-logo-100x100-1.webp","contentUrl":"https:\/\/spaziospadoni.org\/wp-content\/uploads\/2026\/05\/spazio-spadoni-logo-100x100-1.webp","width":100,"height":100,"caption":"spazio + spadoni"},"image":{"@id":"https:\/\/spaziospadoni.org\/es\/#\/schema\/logo\/image\/"},"sameAs":["https:\/\/www.facebook.com\/SpazioSpadoni\/","https:\/\/www.instagram.com\/spaziospadoni\/","https:\/\/www.youtube.com\/@spaziospadoni\/playlists"]}]}},"_links":{"self":[{"href":"https:\/\/spaziospadoni.org\/es\/wp-json\/wp\/v2\/pages\/91557","targetHints":{"allow":["GET"]}}],"collection":[{"href":"https:\/\/spaziospadoni.org\/es\/wp-json\/wp\/v2\/pages"}],"about":[{"href":"https:\/\/spaziospadoni.org\/es\/wp-json\/wp\/v2\/types\/page"}],"author":[{"embeddable":true,"href":"https:\/\/spaziospadoni.org\/es\/wp-json\/wp\/v2\/users\/107"}],"replies":[{"embeddable":true,"href":"https:\/\/spaziospadoni.org\/es\/wp-json\/wp\/v2\/comments?post=91557"}],"version-history":[{"count":1,"href":"https:\/\/spaziospadoni.org\/es\/wp-json\/wp\/v2\/pages\/91557\/revisions"}],"predecessor-version":[{"id":91558,"href":"https:\/\/spaziospadoni.org\/es\/wp-json\/wp\/v2\/pages\/91557\/revisions\/91558"}],"wp:attachment":[{"href":"https:\/\/spaziospadoni.org\/es\/wp-json\/wp\/v2\/media?parent=91557"}],"curies":[{"name":"wp","href":"https:\/\/api.w.org\/{rel}","templated":true}]}}