{"id":58364,"date":"2026-05-18T11:24:52","date_gmt":"2026-05-18T10:24:52","guid":{"rendered":"https:\/\/spaziospadoni.org\/oeuvres-de-misericorde\/cameroun-afrique-projet-m29\/"},"modified":"2026-08-17T12:15:52","modified_gmt":"2026-08-17T11:15:52","slug":"cameroun-afrique-projet-m29","status":"publish","type":"page","link":"https:\/\/spaziospadoni.org\/fr\/opera-m\/cameroun-afrique-projet-m29\/","title":{"rendered":"Cameroun &#8211; Afrique | Projet M29"},"content":{"rendered":"\n<div class=\"ss-project-hero-card\">\n<h2 id=\"bafia-bafia-cameroun\" class=\"gb-text gb-text-62a95885\">Bafia | Bafia (Cameroun)<\/h2>\n\n\n\n<div class=\"gb-element-f60f2409\">\n<div class=\"gb-element-90a85740 ss-project-sidebar\">\n<h2 id=\"opera-m29\" class=\"gb-text ss-project-title\">OPERA M29<\/h2>\n\n\n\n<figure class=\"wp-block-image size-large\"><img decoding=\"async\" src=\"https:\/\/spaziospadoni.org\/wp-content\/uploads\/2026\/05\/hicsum_28_rwanda-spaziospadoni-scaled.png\" alt=\"hicsum 28 rwanda spaziospadoni 150x150\" class=\"wp-image-43007\"\/><\/figure>\n\n\n\n<div class=\"ss-project-table\">\n<div class=\"ss-table-section-title\">\n<h3 id=\"mission\" class=\"gb-text\">MISSION<\/h3>\n<\/div>\n\n\n\n<div class=\"ss-table-row\">\n<p class=\"gb-text\">Lieu<\/p>\n\n\n\n<p class=\"gb-text\"><a href=\"https:\/\/www.google.com\/maps\/place\/Bafia,+Camerun\/@4.7506824,11.2091443,14z\/data=!3m1!4b1!4m6!3m5!1s0x108adbc81ff9a7e5:0x8df0f92b13e044c8!8m2!3d4.7546039!4d11.2240441!16zL20vMGIycWx0?entry=ttu&#038;g_ep=EgoyMDI2MDUwMi4wIKXMDSoASAFQAw%3D%3D\" rel=\"noreferrer noopener\" target=\"_blank\" title=\"Bafia\">Bafia<\/a><\/p>\n<\/div>\n\n\n\n<div class=\"ss-table-row\">\n<p class=\"gb-text\">Dioc\u00e8se<\/p>\n\n\n\n<p class=\"gb-text\">Bafia<\/p>\n<\/div>\n\n\n\n<div class=\"ss-table-row\">\n<p class=\"gb-text\">Nation<\/p>\n\n\n\n<p class=\"gb-text\"><strong>Cameroun<\/strong><\/p>\n<\/div>\n\n\n\n<div class=\"ss-table-row\">\n<p class=\"gb-text\">Continent<\/p>\n\n\n\n<p class=\"gb-text\">Afrique<\/p>\n<\/div>\n\n\n\n<div class=\"ss-table-row\">\n<p class=\"gb-text\">Coordonn\u00e9es GPS<\/p>\n\n\n\n<p class=\"gb-text\">4.75463 11.22425<\/p>\n<\/div>\n\n\n\n<div class=\"ss-table-row\">\n<p class=\"gb-text\">Fuseau horaire<\/p>\n\n\n\n<p class=\"gb-text\">UTC+1<\/p>\n<\/div>\n<\/div>\n\n\n\n<div class=\"ss-project-table\">\n<div class=\"ss-table-section-title\">\n<h3 id=\"organizzatore\" class=\"gb-text\">ORGANIZZATORE<\/h3>\n<\/div>\n\n\n\n<div class=\"ss-table-row\">\n<p class=\"gb-text\">Congr\u00e9gation<\/p>\n\n\n\n<p class=\"gb-text\"><a href=\"https:\/\/spaziospadoni.org\/fr\/congregations\/congregazione-sorelle-di-santa-gemma\/\" title=\"Congr\u00e9gation Missionnaire des S\u0153urs de Sainte Gemma\">Congr\u00e9gation Missionnaire des S\u0153urs de Sainte Gemma<\/a><\/p>\n<\/div>\n\n\n\n<div class=\"ss-table-row\">\n<p class=\"gb-text\">Maison M\u00e8re<\/p>\n\n\n\n<p class=\"gb-text\">Camigliano Santa Gemma (LU)<\/p>\n<\/div>\n\n\n\n<div class=\"ss-table-row\">\n<p class=\"gb-text\">Dioc\u00e8se<\/p>\n\n\n\n<p class=\"gb-text\">Dioc\u00e8se de Bafia<\/p>\n<\/div>\n\n\n\n<div class=\"ss-table-row\">\n<p class=\"gb-text\">Nation<\/p>\n\n\n\n<p class=\"gb-text\">Cameroun<\/p>\n<\/div>\n\n\n\n<div class=\"ss-table-row\">\n<p class=\"gb-text\">Continent<\/p>\n\n\n\n<p class=\"gb-text\">Afrique<\/p>\n<\/div>\n\n\n\n<div class=\"ss-table-row\">\n<p class=\"gb-text\">F\u00eate de la Congr\u00e9gation<\/p>\n\n\n\n<p class=\"gb-text\">26 ao\u00fbt<\/p>\n<\/div>\n\n\n\n<div class=\"ss-table-row\">\n<p class=\"gb-text\">Coordonn\u00e9es GPS<\/p>\n\n\n\n<p class=\"gb-text\">43.86272 10.61067<\/p>\n<\/div>\n\n\n\n<div class=\"ss-table-row\">\n<p class=\"gb-text\">Fuseau horaire<\/p>\n\n\n\n<p class=\"gb-text\">UTC+1<\/p>\n<\/div>\n\n\n\n<div class=\"ss-table-row\">\n<p class=\"gb-text\">R\u00e9f\u00e9rent<\/p>\n\n\n\n<p class=\"gb-text\">S\u0153ur Marie Noelle Messini<\/p>\n<\/div>\n\n\n\n<div class=\"ss-table-row\">\n<p class=\"gb-text\">M\u00e8re G\u00e9n\u00e9rale<\/p>\n\n\n\n<p class=\"gb-text\">S\u0153ur Elisabetta Giussani<\/p>\n<\/div>\n\n\n\n<div class=\"ss-table-row\">\n<p class=\"gb-text\">Site Internet<\/p>\n\n\n\n<p class=\"gb-text\"><a href=\"https:\/\/www.suoresantagemma.it\/\" target=\"_blank\" rel=\"noreferrer noopener\" title=\"suoresantagemma.it\">suoresantagemma.it<\/a><\/p>\n<\/div>\n<\/div>\n\n\n\n<div class=\"ss-project-table\">\n<a class=\"gb-element-e1766596 ss-table-section-button\" href=\"#\" title=\"OPERA M &#8211; PROJET M29\">\n<span class=\"gb-text\">OPERA M &#8211; PROJET M29<\/span>\n<\/a>\n<\/div>\n<\/div>\n<\/div>\n\n\n\n<div class=\"gb-element-6ad95ea8\">\n<div class=\"gb-element-e34063a6 ss-project-intro\">\n<p class=\"wp-block-paragraph\">OPERA M est la r\u00e9volution des \u0153uvres de mis\u00e9ricorde. C&rsquo;est l&rsquo;instrument permanent de d\u00e9veloppement d&rsquo;une pens\u00e9e forte et renouvel\u00e9e des \u0153uvres dans le monde. <\/p>\n\n\n\n<p class=\"wp-block-paragraph\">Il na\u00eet d&rsquo;une urgence fortement ressentie par spazio + spadoni de faire r\u00e9<strong>\u00c9<\/strong>voluer le concept d&rsquo;\u0153uvre de mis\u00e9ricorde comme un chemin qui est toujours \u00e0 la fois humain et divin, et donc, toujours spirituel en plus d&rsquo;\u00eatre pratique (ou corporel). La red\u00e9couverte, voire la v\u00e9ritable r\u00e9<strong>\u00c9<\/strong>volution des \u0153uvres doit \u00eatre retrouv\u00e9e au sein de cette synth\u00e8se entre aspect spirituel et acte pratique. L&rsquo;agir mat\u00e9riel doit toujours \u00eatre impr\u00e9gn\u00e9 de l&rsquo;esprit.  <\/p>\n\n\n\n<p class=\"wp-block-paragraph\">OPERA M se fonde sur cinq actions qui en d\u00e9finissent la m\u00e9thode : INVOQUE, appelle l&rsquo;Esprit \u00c9COUTE, fais silence pour t&rsquo;ouvrir \u00e0 l&rsquo;\u00e9coute RENCONTRE, sois au milieu des gens AGISSONS, agir pour les \u0153uvres INONDONS, portons tout le monde aux \u0153uvres de mis\u00e9ricorde <strong>\u0152uvres de mis\u00e9ricorde spirituelles<\/strong> Conseiller ceux qui doutent Enseigner les ignorants Avertir les p\u00e9cheurs Consoler les afflig\u00e9s Pardonner les offenses Supporter patiemment les personnes importunes Prier Dieu pour les vivants et pour les morts <strong>\u0152uvres de mis\u00e9ricorde corporelles<\/strong> Donner \u00e0 manger aux affam\u00e9s Donner \u00e0 boire aux assoiff\u00e9s V\u00eatir les nus Loger les p\u00e8lerins Visiter les malades Visiter les prisonniers Ensevelir les morts<\/p>\n\n<\/div>\n<\/div>\n\n\n\n\n<div>\n\n<h2 id=\"chronologie\" class=\"gb-text gb-text-8179e40a\">Chronologie<\/h2>\n\n\n\n\n\n<div class=\"ss-timeline\">\n\n<h3 id=\"2023\" class=\"gb-text\">2023<\/h3>\n\n\n\n\n\n<div class=\"ss-timeline-item\">\n\n<h4 id=\"25-octobre-premier-contact\" class=\"gb-text\">25 octobre | Premier contact<\/h4>\n\n\n\n\n<p class=\"wp-block-paragraph\">S\u0153ur Marie Noelle, alors en Italie, et Luigi Spadoni se rencontrent et commencent \u00e0 penser \u00e0 un d\u00e9veloppement possible des \u0153uvres de mis\u00e9ricorde lorsque la s\u0153ur retournera au Cameroun<\/p>\n\n\n<\/div>\n\n\n<\/div>\n\n\n\n\n<div class=\"ss-timeline\">\n\n<h3 id=\"2024\" class=\"gb-text\">2024<\/h3>\n\n\n\n\n\n<div class=\"ss-timeline-item\">\n\n<h4 id=\"16-avril-programmation-du-forum\" class=\"gb-text\">16 avril | Programmation du Forum<\/h4>\n\n\n\n\n<p class=\"wp-block-paragraph\">Avec l&rsquo;\u00c9v\u00eaque Mgr Emmanuel Dassi Youfang, le Forum sur la r\u00e9\u00c9volution des \u0153uvres de mis\u00e9ricorde dans le dioc\u00e8se de Bafia est programm\u00e9<\/p>\n\n\n<\/div>\n\n\n\n\n<div class=\"ss-timeline-item\">\n\n<h4 id=\"2829-juin-forum-sur-les-oeuvres-de-misericorde\" class=\"gb-text\">28-29 juin | Forum sur les \u0153uvres de mis\u00e9ricorde<\/h4>\n\n\n\n\n<p class=\"wp-block-paragraph\">Le Forum sur la r\u00e9\u00c9volution des \u0153uvres de mis\u00e9ricorde pour le dioc\u00e8se de Bafia se d\u00e9roule<\/p>\n\n\n\n<figure class=\"wp-block-gallery has-nested-images columns-1 is-cropped ss-lightbox wp-block-gallery-1 is-layout-flex wp-block-gallery-is-layout-flex\">\n\n<figure class=\"wp-block-image size-large\"><img decoding=\"async\" src=\"https:\/\/spaziospadoni.org\/wp-content\/uploads\/2026\/05\/2024_giugno_forum_camerun_opere_misericordia_diocesi_bafia_spazio_spadoni_operam-7.jpg\" alt=\"2024 juin forum cameroun &#x153;uvres de mis&#xE9;ricorde dioc&#xE8;se bafia spazio + spadoni operam 7\"\/><figcaption class=\"wp-element-caption\">28-29 juin | Forum sur les \u0153uvres de mis\u00e9ricorde<\/figcaption><\/figure>\n\n<\/figure>\n\n\n<\/div>\n\n\n<\/div>\n\n\n\n\n<div class=\"ss-timeline\">\n\n<h3 id=\"2025\" class=\"gb-text\">2025<\/h3>\n\n\n\n\n\n<div class=\"ss-timeline-item\">\n\n<h4 id=\"26-fevrier-nomination-de-lambassadrice-des-oeuvres-de-misericorde\" class=\"gb-text\">26 f\u00e9vrier | Nomination de l&rsquo;Ambassadrice des \u0153uvres de mis\u00e9ricorde<\/h4>\n\n\n\n\n<p class=\"wp-block-paragraph\">L&rsquo;\u00c9v\u00eaque Mgr Emmanuel Dassi Youfang nomme s\u0153ur Marie Noelle Messini Ambassadrice des \u0153uvres de mis\u00e9ricorde pour le dioc\u00e8se de Bafia<\/p>\n\n\n<\/div>\n\n\n\n\n<div class=\"ss-timeline-item\">\n\n<h4 id=\"mars-bureau-diocesain-des-oeuvres-de-misericorde\" class=\"gb-text\">Mars | Bureau dioc\u00e9sain des \u0153uvres de mis\u00e9ricorde<\/h4>\n\n\n\n\n<p class=\"wp-block-paragraph\">L&rsquo;\u00c9v\u00eaque de Bafia donne vie au premier Bureau dioc\u00e9sain des \u0153uvres de mis\u00e9ricorde au monde. \u00c0 sa t\u00eate se trouve s\u0153ur Marie Noelle <\/p>\n\n\n\n<figure class=\"wp-block-gallery has-nested-images columns-1 is-cropped ss-lightbox wp-block-gallery-2 is-layout-flex wp-block-gallery-is-layout-flex\">\n\n<figure class=\"wp-block-image size-large\"><img decoding=\"async\" src=\"https:\/\/spaziospadoni.org\/wp-content\/uploads\/2026\/05\/image-e1778055798235.png\" alt=\"image e1778055798235\"\/><figcaption class=\"wp-element-caption\">Mars | Bureau dioc\u00e9sain des \u0153uvres de mis\u00e9ricorde<\/figcaption><\/figure>\n\n<\/figure>\n\n\n<\/div>\n\n\n\n\n<div class=\"ss-timeline-item\">\n\n<h4 id=\"18-mars-envoi-du-projet\" class=\"gb-text\">18 mars | Envoi du projet<\/h4>\n\n\n\n\n<p class=\"wp-block-paragraph\">Le dioc\u00e8se de Bafia envoie trois petits projets d&rsquo;entreprise sociale et, parmi tous, celui qui concerne la production de ma\u00efs est choisi<\/p>\n\n\n<\/div>\n\n\n\n\n<div class=\"ss-timeline-item\">\n\n<h4 id=\"23-mars-sensibilisation-aux-oeuvres-de-misericorde\" class=\"gb-text\">23 mars | Sensibilisation aux \u0153uvres de mis\u00e9ricorde<\/h4>\n\n\n\n\n<p class=\"wp-block-paragraph\">S\u0153ur Marie Noelle a \u00e9t\u00e9 invit\u00e9e par les cur\u00e9s don Valerye don Sergenella dans la paroisse de Saint-Beno\u00eet du dioc\u00e8se de Bafia pour la sensibilisation aux \u0153uvres de mis\u00e9ricorde<\/p>\n\n\n\n<figure class=\"wp-block-gallery has-nested-images columns-1 is-cropped ss-lightbox wp-block-gallery-3 is-layout-flex wp-block-gallery-is-layout-flex\">\n\n<figure class=\"wp-block-image size-large\"><img decoding=\"async\" src=\"https:\/\/spaziospadoni.org\/wp-content\/uploads\/2026\/05\/2025_suor_marie_noelle_diocesi_bafia_sensibilizzazione_opere_misericordia_spazio_spadoni_operam-8.jpg\" alt=\"2025 s&#x153;ur marie noelle dioc&#xE8;se bafia sensibilisation &#x153;uvres de mis&#xE9;ricorde spazio + spadoni operam 8\"\/><figcaption class=\"wp-element-caption\">23 mars | Sensibilisation aux \u0153uvres de mis\u00e9ricorde<\/figcaption><\/figure>\n\n<\/figure>\n\n\n<\/div>\n\n\n\n\n<div class=\"ss-timeline-item\">\n\n<h4 id=\"30-mars-catechese-sur-les-oeuvres-de-misericorde\" class=\"gb-text\">30 mars | Cat\u00e9ch\u00e8se sur les \u0153uvres de mis\u00e9ricorde<\/h4>\n\n\n\n\n<p class=\"wp-block-paragraph\">S\u0153ur Marie Noelle donne une cat\u00e9ch\u00e8se sur les \u0153uvres de mis\u00e9ricorde dans la paroisse Saint-S\u00e9bastien du dioc\u00e8se de Bafia<\/p>\n\n\n<\/div>\n\n\n\n\n<div class=\"ss-timeline-item\">\n\n<h4 id=\"31-octobre-sensibilisation-aux-oeuvres-de-misericorde\" class=\"gb-text\">31 octobre | Sensibilisation aux \u0153uvres de mis\u00e9ricorde<\/h4>\n\n\n\n\n<p class=\"wp-block-paragraph\">Campagne de sensibilisation aux \u0153uvres de mis\u00e9ricorde avec les cat\u00e9chistes et les agents de la Caritas de la paroisse Sainte-Th\u00e9r\u00e8se de Nikoutou<\/p>\n\n\n\n<figure class=\"wp-block-gallery has-nested-images columns-1 is-cropped ss-lightbox wp-block-gallery-4 is-layout-flex wp-block-gallery-is-layout-flex\">\n\n<figure class=\"wp-block-image size-large\"><img decoding=\"async\" src=\"https:\/\/spaziospadoni.org\/wp-content\/uploads\/2026\/05\/2025_31_ottobre_suor_marie_noelle_sensibilizzazione_opere_misericordia_diocesi_bafia_spazio_spadoni_operam-1.jpg\" alt=\"2025 31 octobre s&#x153;ur marie noelle sensibilisation &#x153;uvres de mis&#xE9;ricorde dioc&#xE8;se bafia spazio + spadoni operam 1\"\/><figcaption class=\"wp-element-caption\">31 octobre | Sensibilisation aux \u0153uvres de mis\u00e9ricorde<\/figcaption><\/figure>\n\n<\/figure>\n\n\n<\/div>\n\n\n<\/div>\n\n\n\n\n<div class=\"ss-timeline\">\n\n<h3 id=\"2026\" class=\"gb-text\">2026<\/h3>\n\n\n\n\n\n<div class=\"ss-timeline-item\">\n\n<h4 id=\"23-fevrier-visiter-les-prisonniers\" class=\"gb-text\">23 f\u00e9vrier | Visiter les prisonniers<\/h4>\n\n\n\n\n<p class=\"wp-block-paragraph\">S\u0153ur Marie Noelle visite la prison de Bafia<\/p>\n\n\n\n<figure class=\"wp-block-gallery has-nested-images columns-1 is-cropped ss-lightbox wp-block-gallery-5 is-layout-flex wp-block-gallery-is-layout-flex\">\n\n<figure class=\"wp-block-image size-large\"><img decoding=\"async\" src=\"https:\/\/spaziospadoni.org\/wp-content\/uploads\/2026\/05\/2026_febbraio_23_suor_marie_noelle_incontra_prigione_bafia_visitare_opera_misericordia_spazio_spadoni-1.jpeg\" alt=\"2026 f&#xE9;vrier 23 s&#x153;ur marie noelle rencontre prison bafia visiter &#x153;uvre de mis&#xE9;ricorde spazio + spadoni 1\"\/><figcaption class=\"wp-element-caption\">23 f\u00e9vrier | Visiter les prisonniers<\/figcaption><\/figure>\n\n<\/figure>\n\n\n<\/div>\n\n\n\n\n<div class=\"ss-timeline-item\">\n\n<h4 id=\"9-avril-formation-opera-m\" class=\"gb-text\">9 avril | Formation OPERA M<\/h4>\n\n\n\n\n<p class=\"wp-block-paragraph\">Rencontre et formation avec les conseillers pastoraux de la paroisse de Saint-Athanase dans le dioc\u00e8se de Bafia<\/p>\n\n\n<\/div>\n\n\n\n\n<div class=\"ss-timeline-item\">\n\n<h4 id=\"2-mai-formation-opera-m\" class=\"gb-text\">2 mai | Formation OPERA M<\/h4>\n\n\n\n\n<p class=\"wp-block-paragraph\">S\u0153ur Marie Noelle rencontre et donne une formation sur les \u0153uvres de mis\u00e9ricorde avec les paroissiens de Doum\u00e9<\/p>\n\n\n\n<figure class=\"wp-block-gallery has-nested-images columns-1 is-cropped ss-lightbox wp-block-gallery-6 is-layout-flex wp-block-gallery-is-layout-flex\">\n\n<figure class=\"wp-block-image size-large\"><img decoding=\"async\" src=\"https:\/\/spaziospadoni.org\/wp-content\/uploads\/2026\/05\/2026_maggio_2_suor_marie_noelle_opere_misericordia_camerun_doume_spazio_spadoni_operam-4.jpeg\" alt=\"2026 mai 2 s&#x153;ur marie noelle &#x153;uvres de mis&#xE9;ricorde cameroun doum&#xE9; spazio + spadoni operam 4\"\/><figcaption class=\"wp-element-caption\">2 mai | Formation OPERA M<\/figcaption><\/figure>\n\n<\/figure>\n\n\n<\/div>\n\n\n<\/div>\n\n\n<\/div>\n\n\n\n<div class=\"ss-project-reports\">\n<h2 id=\"rapport-des-oeuvres-de-misericorde\" class=\"gb-text gb-text-75c3218d\">Rapport des \u0152uvres de Mis\u00e9ricorde<\/h2>\n\n\n<ul class=\"wp-block-list ss-report-list\">\n\n<li><a href=\"https:\/\/spaziospadoni.org\/wp-content\/uploads\/2026\/05\/Osservatore-Romano_Ufficio-Diocesano-Opere-Misericordia_Camerun.pdf\" target=\"_blank\" rel=\"noreferrer noopener\" title=\"Osservatore Romano_Bureau dioc\u00e9sain des \u0153uvres de mis\u00e9ricorde_Cameroun\">Osservatore Romano_Bureau dioc\u00e9sain des \u0153uvres de mis\u00e9ricorde_Cameroun<\/a><\/li>\n\n\n<li><a href=\"https:\/\/spaziospadoni.org\/wp-content\/uploads\/2026\/05\/Progetto-mais.pdf\" target=\"_blank\" rel=\"noreferrer noopener\" title=\"Projet ma\u00efs\">Projet ma\u00efs<\/a><\/li>\n\n<\/ul>\n\n<\/div>\n\n\n\n<div class=\"ss-project-media\">\n<h2 id=\"photos-et-videos\" class=\"gb-text gb-text-d7bd8be8\">Photos et vid\u00e9os<\/h2>\n\n\n<div class=\"ss-media-filters\">\n\n<a class=\"gb-text ss-media-filter active\" data-filter=\"*\" title=\"Tout\">Tout<\/a>\n\n\n<a class=\"gb-text ss-media-filter\" data-filter=\".forum-bafia\" title=\"Forum Bafia\">Forum Bafia<\/a>\n\n\n<a class=\"gb-text ss-media-filter\" data-filter=\".formazione\" title=\"Formation\">Formation<\/a>\n\n\n<a class=\"gb-text ss-media-filter\" data-filter=\".video\" title=\"Vid\u00e9o\">Vid\u00e9o<\/a>\n\n<\/div>\n\n\n<div class=\"ss-media-grid\">\n<div>\n<figure class=\"wp-block-gallery has-nested-images columns-1 is-cropped ss-lightbox wp-block-gallery-7 is-layout-flex wp-block-gallery-is-layout-flex\">\n\n<figure class=\"wp-block-image size-large forum-bafia\"><img decoding=\"async\" alt=\"2024 11 juin forum bafia cameroun comit&#xE9; spazio + spadoni &#x153;uvres de mis&#xE9;ricorde 1\" src=\"https:\/\/spaziospadoni.org\/wp-content\/uploads\/2026\/05\/2024_11_giugno_forum_bafia_camerun_comitato_spazio_spadoni_opere_misericordia-1.jpg\"\/><\/figure>\n\n\n<figure class=\"wp-block-image size-large forum-bafia\"><img decoding=\"async\" alt=\"2024 juin forum cameroun &#x153;uvres de mis&#xE9;ricorde dioc&#xE8;se bafia spazio + spadoni operam 1\" src=\"https:\/\/spaziospadoni.org\/wp-content\/uploads\/2026\/05\/2024_giugno_forum_camerun_opere_misericordia_diocesi_bafia_spazio_spadoni_operam-1.jpg\"\/><\/figure>\n\n\n<figure class=\"wp-block-image size-large forum-bafia\"><img decoding=\"async\" alt=\"2024 juin forum cameroun &#x153;uvres de mis&#xE9;ricorde dioc&#xE8;se bafia spazio + spadoni operam 7\" src=\"https:\/\/spaziospadoni.org\/wp-content\/uploads\/2026\/05\/2024_giugno_forum_camerun_opere_misericordia_diocesi_bafia_spazio_spadoni_operam-7.jpg\"\/><\/figure>\n\n\n<figure class=\"wp-block-image size-large forum-bafia\"><img decoding=\"async\" alt=\"2024 juin forum cameroun &#x153;uvres de mis&#xE9;ricorde dioc&#xE8;se bafia spazio + spadoni operam 3\" src=\"https:\/\/spaziospadoni.org\/wp-content\/uploads\/2026\/05\/2024_giugno_forum_camerun_opere_misericordia_diocesi_bafia_spazio_spadoni_operam-3.jpg\"\/><\/figure>\n\n\n<figure class=\"wp-block-image size-large forum-bafia\"><img decoding=\"async\" alt=\"2024 juin forum cameroun &#x153;uvres de mis&#xE9;ricorde dioc&#xE8;se bafia spazio + spadoni operam 2\" src=\"https:\/\/spaziospadoni.org\/wp-content\/uploads\/2026\/05\/2024_giugno_forum_camerun_opere_misericordia_diocesi_bafia_spazio_spadoni_operam-2.jpg\"\/><\/figure>\n\n\n<figure class=\"wp-block-image size-large forum-bafia\"><img decoding=\"async\" alt=\"2024 juin forum cameroun &#x153;uvres de mis&#xE9;ricorde dioc&#xE8;se bafia spazio + spadoni operam 4\" src=\"https:\/\/spaziospadoni.org\/wp-content\/uploads\/2026\/05\/2024_giugno_forum_camerun_opere_misericordia_diocesi_bafia_spazio_spadoni_operam-4.jpg\"\/><\/figure>\n\n\n<figure class=\"wp-block-image size-large forum-bafia\"><img decoding=\"async\" alt=\"2024 juin forum cameroun &#x153;uvres de mis&#xE9;ricorde dioc&#xE8;se bafia spazio + spadoni operam 5\" src=\"https:\/\/spaziospadoni.org\/wp-content\/uploads\/2026\/05\/2024_giugno_forum_camerun_opere_misericordia_diocesi_bafia_spazio_spadoni_operam-5.jpg\"\/><\/figure>\n\n\n<figure class=\"wp-block-image size-large forum-bafia\"><img decoding=\"async\" alt=\"2024 juin forum cameroun &#x153;uvres de mis&#xE9;ricorde dioc&#xE8;se bafia spazio + spadoni operam 6\" src=\"https:\/\/spaziospadoni.org\/wp-content\/uploads\/2026\/05\/2024_giugno_forum_camerun_opere_misericordia_diocesi_bafia_spazio_spadoni_operam-6.jpg\"\/><\/figure>\n\n\n<figure class=\"wp-block-image size-large forum-bafia\"><img decoding=\"async\" alt=\"2024 juin forum cameroun &#x153;uvres de mis&#xE9;ricorde dioc&#xE8;se bafia spazio + spadoni operam 6\" src=\"https:\/\/spaziospadoni.org\/wp-content\/uploads\/2026\/05\/2024_giugno_forum_camerun_opere_misericordia_diocesi_bafia_spazio_spadoni_operam-6.jpg\"\/><\/figure>\n\n\n<figure class=\"wp-block-image size-large forum-bafia\"><img decoding=\"async\" alt=\"2024 forum &#x153;uvres de mis&#xE9;ricorde bafia cameroun spazio + spadoni 1\" src=\"https:\/\/spaziospadoni.org\/wp-content\/uploads\/2026\/05\/2024_forum_opere_misericordia_bafia_camerun_spazio_spadoni-1.jpg\"\/><\/figure>\n\n\n<figure class=\"wp-block-image size-large forum-bafia\"><img decoding=\"async\" alt=\"2024 forum &#x153;uvres de mis&#xE9;ricorde bafia cameroun spazio + spadoni 2\" src=\"https:\/\/spaziospadoni.org\/wp-content\/uploads\/2026\/05\/2024_forum_opere_misericordia_bafia_camerun_spazio_spadoni-2.jpg\"\/><\/figure>\n\n\n<figure class=\"wp-block-image size-large forum-bafia\"><img decoding=\"async\" alt=\"2024 forum &#x153;uvres de mis&#xE9;ricorde bafia cameroun spazio + spadoni 3\" src=\"https:\/\/spaziospadoni.org\/wp-content\/uploads\/2026\/05\/2024_forum_opere_misericordia_bafia_camerun_spazio_spadoni-3.jpg\"\/><\/figure>\n\n\n<figure class=\"wp-block-image size-large forum-bafia\"><img decoding=\"async\" alt=\"2024 forum &#x153;uvres de mis&#xE9;ricorde bafia cameroun spazio + spadoni 4\" src=\"https:\/\/spaziospadoni.org\/wp-content\/uploads\/2026\/05\/2024_forum_opere_misericordia_bafia_camerun_spazio_spadoni-4.jpg\"\/><\/figure>\n\n\n<figure class=\"wp-block-image size-large forum-bafia\"><img decoding=\"async\" alt=\"2024 forum &#x153;uvres de mis&#xE9;ricorde bafia cameroun spazio + spadoni 5\" src=\"https:\/\/spaziospadoni.org\/wp-content\/uploads\/2026\/05\/2024_forum_opere_misericordia_bafia_camerun_spazio_spadoni-5.jpg\"\/><\/figure>\n\n\n<figure class=\"wp-block-image size-large forum-bafia\"><img decoding=\"async\" alt=\"2024 forum &#x153;uvres de mis&#xE9;ricorde bafia cameroun spazio + spadoni 7\" src=\"https:\/\/spaziospadoni.org\/wp-content\/uploads\/2026\/05\/2024_forum_opere_misericordia_bafia_camerun_spazio_spadoni-7.jpg\"\/><\/figure>\n\n\n<figure class=\"wp-block-image size-large forum-bafia\"><img decoding=\"async\" alt=\"image e1778055798235\" src=\"https:\/\/spaziospadoni.org\/wp-content\/uploads\/2026\/05\/image-e1778055798235.png\"\/><\/figure>\n\n\n<figure class=\"wp-block-image size-large formazione\"><img decoding=\"async\" alt=\"2025 s&#x153;ur marie noelle dioc&#xE8;se bafia sensibilisation &#x153;uvres de mis&#xE9;ricorde spazio + spadoni operam 8\" src=\"https:\/\/spaziospadoni.org\/wp-content\/uploads\/2026\/05\/2025_suor_marie_noelle_diocesi_bafia_sensibilizzazione_opere_misericordia_spazio_spadoni_operam-8.jpg\"\/><\/figure>\n\n\n<figure class=\"wp-block-image size-large formazione\"><img decoding=\"async\" alt=\"2025 s&#x153;ur marie noelle dioc&#xE8;se bafia sensibilisation &#x153;uvres de mis&#xE9;ricorde spazio + spadoni operam 6\" src=\"https:\/\/spaziospadoni.org\/wp-content\/uploads\/2026\/05\/2025_suor_marie_noelle_diocesi_bafia_sensibilizzazione_opere_misericordia_spazio_spadoni_operam-6.jpg\"\/><\/figure>\n\n\n<figure class=\"wp-block-image size-large formazione\"><img decoding=\"async\" alt=\"2025 s&#x153;ur marie noelle dioc&#xE8;se bafia sensibilisation &#x153;uvres de mis&#xE9;ricorde spazio + spadoni operam 7\" src=\"https:\/\/spaziospadoni.org\/wp-content\/uploads\/2026\/05\/2025_suor_marie_noelle_diocesi_bafia_sensibilizzazione_opere_misericordia_spazio_spadoni_operam-7.jpg\"\/><\/figure>\n\n\n<figure class=\"wp-block-image size-large formazione\"><img decoding=\"async\" alt=\"2025 s&#x153;ur marie noelle dioc&#xE8;se bafia sensibilisation &#x153;uvres de mis&#xE9;ricorde spazio + spadoni operam 5\" src=\"https:\/\/spaziospadoni.org\/wp-content\/uploads\/2026\/05\/2025_suor_marie_noelle_diocesi_bafia_sensibilizzazione_opere_misericordia_spazio_spadoni_operam-5.jpg\"\/><\/figure>\n\n\n<figure class=\"wp-block-image size-large formazione\"><img decoding=\"async\" alt=\"2025 s&#x153;ur marie noelle dioc&#xE8;se bafia sensibilisation &#x153;uvres de mis&#xE9;ricorde spazio + spadoni operam 3\" src=\"https:\/\/spaziospadoni.org\/wp-content\/uploads\/2026\/05\/2025_suor_marie_noelle_diocesi_bafia_sensibilizzazione_opere_misericordia_spazio_spadoni_operam-3.jpg\"\/><\/figure>\n\n\n<figure class=\"wp-block-image size-large formazione\"><img decoding=\"async\" alt=\"2025 s&#x153;ur marie noelle dioc&#xE8;se bafia sensibilisation &#x153;uvres de mis&#xE9;ricorde spazio + spadoni operam 1\" src=\"https:\/\/spaziospadoni.org\/wp-content\/uploads\/2026\/05\/2025_suor_marie_noelle_diocesi_bafia_sensibilizzazione_opere_misericordia_spazio_spadoni_operam-1.jpg\"\/><\/figure>\n\n\n<figure class=\"wp-block-image size-large formazione\"><img decoding=\"async\" alt=\"2025 s&#x153;ur marie noelle dioc&#xE8;se bafia sensibilisation &#x153;uvres de mis&#xE9;ricorde spazio + spadoni operam 2\" src=\"https:\/\/spaziospadoni.org\/wp-content\/uploads\/2026\/05\/2025_suor_marie_noelle_diocesi_bafia_sensibilizzazione_opere_misericordia_spazio_spadoni_operam-2.jpg\"\/><\/figure>\n\n\n<figure class=\"wp-block-image size-large formazione\"><img decoding=\"async\" alt=\"2025 responsable vocationnel &#x153;uvres de mis&#xE9;ricorde spazio + spadoni s&#x153;ur marie noelle operam camerounmp4 2\" src=\"https:\/\/spaziospadoni.org\/wp-content\/uploads\/2026\/05\/2025_capo_vocazionale_opere_misericordia_spazio_spadoni_suor_marie_nielle_operam_camerunmp4-2.jpg\"\/><\/figure>\n\n\n<figure class=\"wp-block-image size-large formazione\"><img decoding=\"async\" alt=\"2025 responsable vocationnel &#x153;uvres de mis&#xE9;ricorde spazio + spadoni s&#x153;ur marie noelle operam camerounmp4 3\" src=\"https:\/\/spaziospadoni.org\/wp-content\/uploads\/2026\/05\/2025_capo_vocazionale_opere_misericordia_spazio_spadoni_suor_marie_nielle_operam_camerunmp4-3.jpg\"\/><\/figure>\n\n\n<figure class=\"wp-block-image size-large formazione\"><img decoding=\"async\" alt=\"2025 mars 30 s&#x153;ur marie noelle pastorale paroisse Saint-S&#xE9;bastien dioc&#xE8;se de Bafia spazio + spadoni &#x153;uvres de mis&#xE9;ricorde\" src=\"https:\/\/spaziospadoni.org\/wp-content\/uploads\/2026\/05\/2025_marzo_30_suor_marie_noelle_pastorale_parrocchia_Saint-Sebastien-diocesi-Bafia_spaziospadoni_opere_misericordia.jpg\"\/><\/figure>\n\n\n<figure class=\"wp-block-image size-large formazione\"><img decoding=\"async\" alt=\"2025 31 octobre s&#x153;ur marie noelle sensibilisation &#x153;uvres de mis&#xE9;ricorde dioc&#xE8;se bafia spazio + spadoni operam 2\" src=\"https:\/\/spaziospadoni.org\/wp-content\/uploads\/2026\/05\/2025_31_ottobre_suor_marie_noelle_sensibilizzazione_opere_misericordia_diocesi_bafia_spazio_spadoni_operam-2.jpg\"\/><\/figure>\n\n\n<figure class=\"wp-block-image size-large formazione\"><img decoding=\"async\" alt=\"2025 31 octobre s&#x153;ur marie noelle sensibilisation &#x153;uvres de mis&#xE9;ricorde dioc&#xE8;se bafia spazio + spadoni operam 1\" src=\"https:\/\/spaziospadoni.org\/wp-content\/uploads\/2026\/05\/2025_31_ottobre_suor_marie_noelle_sensibilizzazione_opere_misericordia_diocesi_bafia_spazio_spadoni_operam-1.jpg\"\/><\/figure>\n\n\n<figure class=\"wp-block-image size-large formazione\"><img decoding=\"async\" alt=\"2025 31 octobre s&#x153;ur marie noelle sensibilisation &#x153;uvres de mis&#xE9;ricorde dioc&#xE8;se bafia spazio + spadoni operam 3\" src=\"https:\/\/spaziospadoni.org\/wp-content\/uploads\/2026\/05\/2025_31_ottobre_suor_marie_noelle_sensibilizzazione_opere_misericordia_diocesi_bafia_spazio_spadoni_operam-3.jpg\"\/><\/figure>\n\n\n<figure class=\"wp-block-image size-large formazione\"><img decoding=\"async\" alt=\"2026 f&#xE9;vrier 23 s&#x153;ur marie noelle rencontre prison bafia visiter &#x153;uvre de mis&#xE9;ricorde spazio + spadoni 1\" src=\"https:\/\/spaziospadoni.org\/wp-content\/uploads\/2026\/05\/2026_febbraio_23_suor_marie_noelle_incontra_prigione_bafia_visitare_opera_misericordia_spazio_spadoni-1.jpeg\"\/><\/figure>\n\n\n<figure class=\"wp-block-image size-large formazione\"><img decoding=\"async\" alt=\"2026 A2\" src=\"https:\/\/spaziospadoni.org\/wp-content\/uploads\/2026\/05\/2026_A2.jpe\"\/><\/figure>\n\n\n<figure class=\"wp-block-image size-large formazione\"><img decoding=\"async\" alt=\"2026 A1\" src=\"https:\/\/spaziospadoni.org\/wp-content\/uploads\/2026\/05\/2026_A1.jpe\"\/><\/figure>\n\n\n<figure class=\"wp-block-image size-large formazione\"><img decoding=\"async\" alt=\"2026 mai 2 s&#x153;ur marie noelle &#x153;uvres de mis&#xE9;ricorde cameroun doum&#xE9; spazio + spadoni operam 7\" src=\"https:\/\/spaziospadoni.org\/wp-content\/uploads\/2026\/05\/2026_maggio_2_suor_marie_noelle_opere_misericordia_camerun_doume_spazio_spadoni_operam-7.jpeg\"\/><\/figure>\n\n\n<figure class=\"wp-block-image size-large formazione\"><img decoding=\"async\" alt=\"2026 mai 2 s&#x153;ur marie noelle &#x153;uvres de mis&#xE9;ricorde cameroun doum&#xE9; spazio + spadoni operam 6\" src=\"https:\/\/spaziospadoni.org\/wp-content\/uploads\/2026\/05\/2026_maggio_2_suor_marie_noelle_opere_misericordia_camerun_doume_spazio_spadoni_operam-6.jpeg\"\/><\/figure>\n\n\n<figure class=\"wp-block-image size-large formazione\"><img decoding=\"async\" alt=\"2026 mai 2 s&#x153;ur marie noelle &#x153;uvres de mis&#xE9;ricorde cameroun doum&#xE9; spazio + spadoni operam 5\" src=\"https:\/\/spaziospadoni.org\/wp-content\/uploads\/2026\/05\/2026_maggio_2_suor_marie_noelle_opere_misericordia_camerun_doume_spazio_spadoni_operam-5.jpeg\"\/><\/figure>\n\n\n<figure class=\"wp-block-image size-large formazione\"><img decoding=\"async\" alt=\"2026 mai 2 s&#x153;ur marie noelle &#x153;uvres de mis&#xE9;ricorde cameroun doum&#xE9; spazio + spadoni operam 4\" src=\"https:\/\/spaziospadoni.org\/wp-content\/uploads\/2026\/05\/2026_maggio_2_suor_marie_noelle_opere_misericordia_camerun_doume_spazio_spadoni_operam-4.jpeg\"\/><\/figure>\n\n\n<figure class=\"wp-block-image size-large formazione\"><img decoding=\"async\" alt=\"2026 mai 2 s&#x153;ur marie noelle &#x153;uvres de mis&#xE9;ricorde cameroun doum&#xE9; spazio + spadoni operam 3\" src=\"https:\/\/spaziospadoni.org\/wp-content\/uploads\/2026\/05\/2026_maggio_2_suor_marie_noelle_opere_misericordia_camerun_doume_spazio_spadoni_operam-3.jpeg\"\/><\/figure>\n\n\n<figure class=\"wp-block-image size-large formazione\"><img decoding=\"async\" alt=\"2026 mai 2 s&#x153;ur marie noelle &#x153;uvres de mis&#xE9;ricorde cameroun doum&#xE9; spazio + spadoni operam 2\" src=\"https:\/\/spaziospadoni.org\/wp-content\/uploads\/2026\/05\/2026_maggio_2_suor_marie_noelle_opere_misericordia_camerun_doume_spazio_spadoni_operam-2.jpeg\"\/><\/figure>\n\n\n<figure class=\"wp-block-image size-large formazione\"><img decoding=\"async\" alt=\"2026 mai 2 s&#x153;ur marie noelle &#x153;uvres de mis&#xE9;ricorde cameroun doum&#xE9; spazio + spadoni operam 1\" src=\"https:\/\/spaziospadoni.org\/wp-content\/uploads\/2026\/05\/2026_maggio_2_suor_marie_noelle_opere_misericordia_camerun_doume_spazio_spadoni_operam-1.jpeg\"\/><\/figure>\n\n<\/figure>\n\n\n<div class=\"gb-element-b24bbf5e ss-media-videos\">\n\n<figure class=\"wp-block-video video\"><video controls=\"\" src=\"https:\/\/spaziospadoni.org\/wp-content\/uploads\/2026\/05\/2025_capo_vocazionale_opere_misericordia_spazio_spadoni_suor_marie_nielle_operam_camerunmp4-1.mp4\"><\/video><figcaption class=\"wp-element-caption\">2025 responsable vocationnel \u0153uvres de mis\u00e9ricorde spazio + spadoni s\u0153ur marie noelle operam camerounmp4 1<\/figcaption><\/figure>\n\n\n<figure class=\"wp-block-video video\"><video controls=\"\" src=\"https:\/\/spaziospadoni.org\/wp-content\/uploads\/2026\/05\/2025_suor_marie_noelle_diocesi_bafia_sensibilizzazione_opere_misericordia_spazio_spadoni_operam-1.mp4\"><\/video><figcaption class=\"wp-element-caption\">2025 s\u0153ur marie noelle dioc\u00e8se bafia sensibilisation \u0153uvres de mis\u00e9ricorde spazio + spadoni operam 1<\/figcaption><\/figure>\n\n\n<figure class=\"wp-block-video video\"><video controls=\"\" src=\"https:\/\/spaziospadoni.org\/wp-content\/uploads\/2026\/05\/2026_febbraio_23_suor_marie_noelle_incontra_prigione_bafia_visitare_opera_misericordia_spazio_spadoni-2.mp4\"><\/video><figcaption class=\"wp-element-caption\">2026 f\u00e9vrier 23 s\u0153ur marie noelle rencontre prison bafia visiter \u0153uvre de mis\u00e9ricorde spazio + spadoni 2<\/figcaption><\/figure>\n\n\n<figure class=\"wp-block-video video\"><video controls=\"\" src=\"https:\/\/spaziospadoni.org\/wp-content\/uploads\/2026\/05\/2026_febbraio_23_suor_marie_noelle_incontra_prigione_bafia_visitare_opera_misericordia_spazio_spadoni-1.mp4\"><\/video><figcaption class=\"wp-element-caption\">2026 f\u00e9vrier 23 s\u0153ur marie noelle rencontre prison bafia visiter \u0153uvre de mis\u00e9ricorde spazio + spadoni 1<\/figcaption><\/figure>\n\n\n<figure class=\"wp-block-video video\"><video controls=\"\" src=\"https:\/\/spaziospadoni.org\/wp-content\/uploads\/2026\/05\/2026_A1.mp4\"><\/video><figcaption class=\"wp-element-caption\">2026 A1<\/figcaption><\/figure>\n\n\n<figure class=\"wp-block-video video\"><video controls=\"\" src=\"https:\/\/spaziospadoni.org\/wp-content\/uploads\/2026\/05\/2026_A2.mp4\"><\/video><figcaption class=\"wp-element-caption\">2026 A2<\/figcaption><\/figure>\n\n<\/div>\n\n<\/div>\n\n<\/div>\n\n<\/div>\n\n","protected":false},"excerpt":{"rendered":"<p>Bafia | Bafia (Cameroun) OPERA M29 MISSION Lieu Bafia Dioc\u00e8se Bafia Nation Cameroun Continent Afrique Coordonn\u00e9es GPS 4.75463 11.22425 Fuseau horaire UTC+1 ORGANIZZATORE Congr\u00e9gation Congr\u00e9gation Missionnaire des S\u0153urs de Sainte Gemma Maison M\u00e8re Camigliano Santa Gemma (LU) Dioc\u00e8se Dioc\u00e8se de Bafia Nation Cameroun Continent Afrique F\u00eate de la Congr\u00e9gation 26 ao\u00fbt Coordonn\u00e9es GPS 43.86272 10.61067 &#8230; <a title=\"Cameroun &#8211; Afrique | Projet M29\" class=\"read-more\" href=\"https:\/\/spaziospadoni.org\/fr\/opera-m\/cameroun-afrique-projet-m29\/\" aria-label=\"Read more about Cameroun &#8211; Afrique | Projet M29\">Lire plus<\/a><\/p>\n","protected":false},"author":102,"featured_media":0,"parent":89581,"menu_order":0,"comment_status":"closed","ping_status":"closed","template":"","meta":{"_sitemap_exclude":false,"_sitemap_priority":"","_sitemap_frequency":"","footnotes":""},"class_list":["post-58364","page","type-page","status-publish","infinite-scroll-item"],"yoast_head":"<!-- This site is optimized with the Yoast SEO plugin v28.4 - https:\/\/yoast.com\/product\/yoast-seo-wordpress\/ -->\n<title>Cameroun - Afrique | Projet M29 | Spazio Spadoni<\/title>\n<meta name=\"description\" content=\"Bafia | Bafia (Cameroun) OPERA M29 MISSION Lieu Bafia Dioc\u00e8se Bafia Nation Cameroun Continent Afrique Coordonn\u00e9es GPS 4.75463 11.22425 Fuseau horaire\" \/>\n<meta name=\"robots\" content=\"index, follow, max-snippet:-1, max-image-preview:large, max-video-preview:-1\" \/>\n<link rel=\"canonical\" href=\"https:\/\/spaziospadoni.org\/fr\/opera-m\/cameroun-afrique-projet-m29\/\" \/>\n<meta property=\"og:locale\" content=\"fr_FR\" \/>\n<meta property=\"og:type\" content=\"article\" \/>\n<meta property=\"og:title\" content=\"Cameroun - Afrique | Projet M29 | Spazio Spadoni\" \/>\n<meta property=\"og:description\" content=\"Bafia | Bafia (Cameroun) OPERA M29 MISSION Lieu Bafia Dioc\u00e8se Bafia Nation Cameroun Continent Afrique Coordonn\u00e9es GPS 4.75463 11.22425 Fuseau horaire\" \/>\n<meta property=\"og:url\" content=\"https:\/\/spaziospadoni.org\/fr\/opera-m\/cameroun-afrique-projet-m29\/\" \/>\n<meta property=\"og:site_name\" content=\"spazio + spadoni\" \/>\n<meta property=\"article:publisher\" content=\"https:\/\/www.facebook.com\/SpazioSpadoni\/\" \/>\n<meta property=\"article:modified_time\" content=\"2026-08-17T11:15:52+00:00\" \/>\n<meta property=\"og:image\" content=\"https:\/\/spaziospadoni.org\/wp-content\/uploads\/2026\/05\/hicsum_1_congo-spaziospadoni-scaled.png\" \/>\n\t<meta property=\"og:image:width\" content=\"2560\" \/>\n\t<meta property=\"og:image:height\" content=\"1771\" \/>\n\t<meta property=\"og:image:type\" content=\"image\/png\" \/>\n<meta name=\"twitter:card\" content=\"summary_large_image\" \/>\n<meta name=\"twitter:label1\" content=\"Est. reading time\" \/>\n\t<meta name=\"twitter:data1\" content=\"4 minutes\" \/>\n<script type=\"application\/ld+json\" class=\"yoast-schema-graph\">{\"@context\":\"https:\\\/\\\/schema.org\",\"@graph\":[{\"@type\":\"WebPage\",\"@id\":\"https:\\\/\\\/spaziospadoni.org\\\/fr\\\/opera-m\\\/cameroun-afrique-projet-m29\\\/\",\"url\":\"https:\\\/\\\/spaziospadoni.org\\\/fr\\\/opera-m\\\/cameroun-afrique-projet-m29\\\/\",\"name\":\"Cameroun - Afrique | Projet M29 | Spazio Spadoni\",\"isPartOf\":{\"@id\":\"https:\\\/\\\/spaziospadoni.org\\\/fr\\\/#website\"},\"primaryImageOfPage\":{\"@id\":\"https:\\\/\\\/spaziospadoni.org\\\/fr\\\/opera-m\\\/cameroun-afrique-projet-m29\\\/#primaryimage\"},\"image\":{\"@id\":\"https:\\\/\\\/spaziospadoni.org\\\/fr\\\/opera-m\\\/cameroun-afrique-projet-m29\\\/#primaryimage\"},\"thumbnailUrl\":\"https:\\\/\\\/spaziospadoni.org\\\/wp-content\\\/uploads\\\/2026\\\/05\\\/hicsum_28_rwanda-spaziospadoni-scaled.png\",\"datePublished\":\"2026-05-18T10:24:52+00:00\",\"dateModified\":\"2026-08-17T11:15:52+00:00\",\"description\":\"Bafia | Bafia (Cameroun) OPERA M29 MISSION Lieu Bafia Dioc\u00e8se Bafia Nation Cameroun Continent Afrique Coordonn\u00e9es GPS 4.75463 11.22425 Fuseau horaire\",\"breadcrumb\":{\"@id\":\"https:\\\/\\\/spaziospadoni.org\\\/fr\\\/opera-m\\\/cameroun-afrique-projet-m29\\\/#breadcrumb\"},\"inLanguage\":\"fr-FR\",\"potentialAction\":[{\"@type\":\"ReadAction\",\"target\":[\"https:\\\/\\\/spaziospadoni.org\\\/fr\\\/opera-m\\\/cameroun-afrique-projet-m29\\\/\"]}]},{\"@type\":\"ImageObject\",\"inLanguage\":\"fr-FR\",\"@id\":\"https:\\\/\\\/spaziospadoni.org\\\/fr\\\/opera-m\\\/cameroun-afrique-projet-m29\\\/#primaryimage\",\"url\":\"https:\\\/\\\/spaziospadoni.org\\\/wp-content\\\/uploads\\\/2026\\\/05\\\/hicsum_28_rwanda-spaziospadoni-scaled.png\",\"contentUrl\":\"https:\\\/\\\/spaziospadoni.org\\\/wp-content\\\/uploads\\\/2026\\\/05\\\/hicsum_28_rwanda-spaziospadoni-scaled.png\"},{\"@type\":\"BreadcrumbList\",\"@id\":\"https:\\\/\\\/spaziospadoni.org\\\/fr\\\/opera-m\\\/cameroun-afrique-projet-m29\\\/#breadcrumb\",\"itemListElement\":[{\"@type\":\"ListItem\",\"position\":1,\"name\":\"Home\",\"item\":\"https:\\\/\\\/spaziospadoni.org\\\/fr\\\/\"},{\"@type\":\"ListItem\",\"position\":2,\"name\":\"Opera M\",\"item\":\"https:\\\/\\\/spaziospadoni.org\\\/fr\\\/opera-m\\\/\"},{\"@type\":\"ListItem\",\"position\":3,\"name\":\"Cameroun &#8211; Afrique | Projet M29\"}]},{\"@type\":\"WebSite\",\"@id\":\"https:\\\/\\\/spaziospadoni.org\\\/fr\\\/#website\",\"url\":\"https:\\\/\\\/spaziospadoni.org\\\/fr\\\/\",\"name\":\"spazio + spadoni\",\"description\":\"Generazione di misericordia e missione nel mondo\",\"publisher\":{\"@id\":\"https:\\\/\\\/spaziospadoni.org\\\/fr\\\/#organization\"},\"alternateName\":\"spaziospadoni.org\",\"potentialAction\":[{\"@type\":\"SearchAction\",\"target\":{\"@type\":\"EntryPoint\",\"urlTemplate\":\"https:\\\/\\\/spaziospadoni.org\\\/fr\\\/?s={search_term_string}\"},\"query-input\":{\"@type\":\"PropertyValueSpecification\",\"valueRequired\":true,\"valueName\":\"search_term_string\"}}],\"inLanguage\":\"fr-FR\"},{\"@type\":\"Organization\",\"@id\":\"https:\\\/\\\/spaziospadoni.org\\\/fr\\\/#organization\",\"name\":\"spazio + spadoni\",\"alternateName\":\"spaziospadoni.org\",\"url\":\"https:\\\/\\\/spaziospadoni.org\\\/fr\\\/\",\"logo\":{\"@type\":\"ImageObject\",\"inLanguage\":\"fr-FR\",\"@id\":\"https:\\\/\\\/spaziospadoni.org\\\/fr\\\/#\\\/schema\\\/logo\\\/image\\\/\",\"url\":\"https:\\\/\\\/spaziospadoni.org\\\/wp-content\\\/uploads\\\/2026\\\/05\\\/spazio-spadoni-logo-100x100-1.webp\",\"contentUrl\":\"https:\\\/\\\/spaziospadoni.org\\\/wp-content\\\/uploads\\\/2026\\\/05\\\/spazio-spadoni-logo-100x100-1.webp\",\"width\":100,\"height\":100,\"caption\":\"spazio + spadoni\"},\"image\":{\"@id\":\"https:\\\/\\\/spaziospadoni.org\\\/fr\\\/#\\\/schema\\\/logo\\\/image\\\/\"},\"sameAs\":[\"https:\\\/\\\/www.facebook.com\\\/SpazioSpadoni\\\/\",\"https:\\\/\\\/www.instagram.com\\\/spaziospadoni\\\/\",\"https:\\\/\\\/www.youtube.com\\\/@spaziospadoni\\\/playlists\"]}]}<\/script>\n<!-- \/ Yoast SEO plugin. -->","yoast_head_json":{"title":"Cameroun - Afrique | Projet M29 | Spazio Spadoni","description":"Bafia | Bafia (Cameroun) OPERA M29 MISSION Lieu Bafia Dioc\u00e8se Bafia Nation Cameroun Continent Afrique Coordonn\u00e9es GPS 4.75463 11.22425 Fuseau horaire","robots":{"index":"index","follow":"follow","max-snippet":"max-snippet:-1","max-image-preview":"max-image-preview:large","max-video-preview":"max-video-preview:-1"},"canonical":"https:\/\/spaziospadoni.org\/fr\/opera-m\/cameroun-afrique-projet-m29\/","og_locale":"fr_FR","og_type":"article","og_title":"Cameroun - Afrique | Projet M29 | Spazio Spadoni","og_description":"Bafia | Bafia (Cameroun) OPERA M29 MISSION Lieu Bafia Dioc\u00e8se Bafia Nation Cameroun Continent Afrique Coordonn\u00e9es GPS 4.75463 11.22425 Fuseau horaire","og_url":"https:\/\/spaziospadoni.org\/fr\/opera-m\/cameroun-afrique-projet-m29\/","og_site_name":"spazio + spadoni","article_publisher":"https:\/\/www.facebook.com\/SpazioSpadoni\/","article_modified_time":"2026-08-17T11:15:52+00:00","og_image":[{"width":2560,"height":1771,"url":"https:\/\/spaziospadoni.org\/wp-content\/uploads\/2026\/05\/hicsum_1_congo-spaziospadoni-scaled.png","type":"image\/png"}],"twitter_card":"summary_large_image","twitter_misc":{"Est. reading time":"4 minutes"},"schema":{"@context":"https:\/\/schema.org","@graph":[{"@type":"WebPage","@id":"https:\/\/spaziospadoni.org\/fr\/opera-m\/cameroun-afrique-projet-m29\/","url":"https:\/\/spaziospadoni.org\/fr\/opera-m\/cameroun-afrique-projet-m29\/","name":"Cameroun - Afrique | Projet M29 | Spazio Spadoni","isPartOf":{"@id":"https:\/\/spaziospadoni.org\/fr\/#website"},"primaryImageOfPage":{"@id":"https:\/\/spaziospadoni.org\/fr\/opera-m\/cameroun-afrique-projet-m29\/#primaryimage"},"image":{"@id":"https:\/\/spaziospadoni.org\/fr\/opera-m\/cameroun-afrique-projet-m29\/#primaryimage"},"thumbnailUrl":"https:\/\/spaziospadoni.org\/wp-content\/uploads\/2026\/05\/hicsum_28_rwanda-spaziospadoni-scaled.png","datePublished":"2026-05-18T10:24:52+00:00","dateModified":"2026-08-17T11:15:52+00:00","description":"Bafia | Bafia (Cameroun) OPERA M29 MISSION Lieu Bafia Dioc\u00e8se Bafia Nation Cameroun Continent Afrique Coordonn\u00e9es GPS 4.75463 11.22425 Fuseau horaire","breadcrumb":{"@id":"https:\/\/spaziospadoni.org\/fr\/opera-m\/cameroun-afrique-projet-m29\/#breadcrumb"},"inLanguage":"fr-FR","potentialAction":[{"@type":"ReadAction","target":["https:\/\/spaziospadoni.org\/fr\/opera-m\/cameroun-afrique-projet-m29\/"]}]},{"@type":"ImageObject","inLanguage":"fr-FR","@id":"https:\/\/spaziospadoni.org\/fr\/opera-m\/cameroun-afrique-projet-m29\/#primaryimage","url":"https:\/\/spaziospadoni.org\/wp-content\/uploads\/2026\/05\/hicsum_28_rwanda-spaziospadoni-scaled.png","contentUrl":"https:\/\/spaziospadoni.org\/wp-content\/uploads\/2026\/05\/hicsum_28_rwanda-spaziospadoni-scaled.png"},{"@type":"BreadcrumbList","@id":"https:\/\/spaziospadoni.org\/fr\/opera-m\/cameroun-afrique-projet-m29\/#breadcrumb","itemListElement":[{"@type":"ListItem","position":1,"name":"Home","item":"https:\/\/spaziospadoni.org\/fr\/"},{"@type":"ListItem","position":2,"name":"Opera M","item":"https:\/\/spaziospadoni.org\/fr\/opera-m\/"},{"@type":"ListItem","position":3,"name":"Cameroun &#8211; Afrique | Projet M29"}]},{"@type":"WebSite","@id":"https:\/\/spaziospadoni.org\/fr\/#website","url":"https:\/\/spaziospadoni.org\/fr\/","name":"spazio + spadoni","description":"Generazione di misericordia e missione nel mondo","publisher":{"@id":"https:\/\/spaziospadoni.org\/fr\/#organization"},"alternateName":"spaziospadoni.org","potentialAction":[{"@type":"SearchAction","target":{"@type":"EntryPoint","urlTemplate":"https:\/\/spaziospadoni.org\/fr\/?s={search_term_string}"},"query-input":{"@type":"PropertyValueSpecification","valueRequired":true,"valueName":"search_term_string"}}],"inLanguage":"fr-FR"},{"@type":"Organization","@id":"https:\/\/spaziospadoni.org\/fr\/#organization","name":"spazio + spadoni","alternateName":"spaziospadoni.org","url":"https:\/\/spaziospadoni.org\/fr\/","logo":{"@type":"ImageObject","inLanguage":"fr-FR","@id":"https:\/\/spaziospadoni.org\/fr\/#\/schema\/logo\/image\/","url":"https:\/\/spaziospadoni.org\/wp-content\/uploads\/2026\/05\/spazio-spadoni-logo-100x100-1.webp","contentUrl":"https:\/\/spaziospadoni.org\/wp-content\/uploads\/2026\/05\/spazio-spadoni-logo-100x100-1.webp","width":100,"height":100,"caption":"spazio + spadoni"},"image":{"@id":"https:\/\/spaziospadoni.org\/fr\/#\/schema\/logo\/image\/"},"sameAs":["https:\/\/www.facebook.com\/SpazioSpadoni\/","https:\/\/www.instagram.com\/spaziospadoni\/","https:\/\/www.youtube.com\/@spaziospadoni\/playlists"]}]}},"_links":{"self":[{"href":"https:\/\/spaziospadoni.org\/fr\/wp-json\/wp\/v2\/pages\/58364","targetHints":{"allow":["GET"]}}],"collection":[{"href":"https:\/\/spaziospadoni.org\/fr\/wp-json\/wp\/v2\/pages"}],"about":[{"href":"https:\/\/spaziospadoni.org\/fr\/wp-json\/wp\/v2\/types\/page"}],"author":[{"embeddable":true,"href":"https:\/\/spaziospadoni.org\/fr\/wp-json\/wp\/v2\/users\/102"}],"replies":[{"embeddable":true,"href":"https:\/\/spaziospadoni.org\/fr\/wp-json\/wp\/v2\/comments?post=58364"}],"version-history":[{"count":2,"href":"https:\/\/spaziospadoni.org\/fr\/wp-json\/wp\/v2\/pages\/58364\/revisions"}],"predecessor-version":[{"id":90278,"href":"https:\/\/spaziospadoni.org\/fr\/wp-json\/wp\/v2\/pages\/58364\/revisions\/90278"}],"up":[{"embeddable":true,"href":"https:\/\/spaziospadoni.org\/fr\/wp-json\/wp\/v2\/pages\/89581"}],"wp:attachment":[{"href":"https:\/\/spaziospadoni.org\/fr\/wp-json\/wp\/v2\/media?parent=58364"}],"curies":[{"name":"wp","href":"https:\/\/api.w.org\/{rel}","templated":true}]}}