{"id":58390,"date":"2026-05-18T11:30:38","date_gmt":"2026-05-18T10:30:38","guid":{"rendered":"https:\/\/spaziospadoni.org\/oeuvres-de-misericorde\/cote-divoire-afrique-projet-m5\/"},"modified":"2026-08-17T12:16:26","modified_gmt":"2026-08-17T11:16:26","slug":"cote-divoire-afrique-projet-m5","status":"publish","type":"page","link":"https:\/\/spaziospadoni.org\/fr\/opera-m\/cote-divoire-afrique-projet-m5\/","title":{"rendered":"C\u00f4te d&rsquo;Ivoire &#8211; Afrique | Projet M5"},"content":{"rendered":"\n<div class=\"ss-project-hero-card\">\n<h2 id=\"sago-san-pedro-cote-divoire\" class=\"gb-text gb-text-62a95885\">Sago | San P\u00e9dro (C\u00f4te d&rsquo;Ivoire)<\/h2>\n\n\n\n<div class=\"gb-element-f60f2409\">\n<div class=\"gb-element-90a85740 ss-project-sidebar\">\n<h2 id=\"opera-m5\" class=\"gb-text ss-project-title\">OPERA M5<\/h2>\n\n\n\n<figure class=\"wp-block-image size-large\"><img decoding=\"async\" src=\"https:\/\/spaziospadoni.org\/wp-content\/uploads\/2026\/05\/hicsum_9_costa_davorio-spaziospadoni-scaled.png\" alt=\"hicsum 9 c&#xF4;te d'ivoire spazio + spadoni 400x277\" class=\"wp-image-43007\"\/><\/figure>\n\n\n\n<div class=\"ss-project-table\">\n<div class=\"ss-table-section-title\">\n<h3 id=\"mission\" class=\"gb-text\">MISSION<\/h3>\n<\/div>\n\n\n\n<div class=\"ss-table-row\">\n<p class=\"gb-text\">Lieu<\/p>\n\n\n\n<p class=\"gb-text\"><a href=\"https:\/\/www.google.it\/maps\/place\/San+P%C3%A9dro,+Costa+d'Avorio\/@4.7588968,-6.6958886,13z\/data=!3m1!4b1!4m6!3m5!1s0xf9613979c0479b5:0xb818c2a383cc2f8f!8m2!3d4.7483699!4d-6.6357778!16zL20vMDU2a3Jk?entry=ttu&#038;g_ep=EgoyMDI1MDMyNS4xIKXMDSoJLDEwMjExNjM5SAFQAw%3D%3D\" rel=\"noreferrer noopener\" target=\"_blank\" title=\"Sago\">Sago<\/a><\/p>\n<\/div>\n\n\n\n<div class=\"ss-table-row\">\n<p class=\"gb-text\">Dioc\u00e8se<\/p>\n\n\n\n<p class=\"gb-text\">San P\u00e9dro<\/p>\n<\/div>\n\n\n\n<div class=\"ss-table-row\">\n<p class=\"gb-text\">Nation<\/p>\n\n\n\n<p class=\"gb-text\"><strong>C\u00f4te d&rsquo;Ivoire<\/strong><\/p>\n<\/div>\n\n\n\n<div class=\"ss-table-row\">\n<p class=\"gb-text\">Continent<\/p>\n\n\n\n<p class=\"gb-text\">Afrique<\/p>\n<\/div>\n\n\n\n<div class=\"ss-table-row\">\n<p class=\"gb-text\">Coordonn\u00e9es GPS<\/p>\n\n\n\n<p class=\"gb-text\">4.94709 -6.08767<\/p>\n<\/div>\n\n\n\n<div class=\"ss-table-row\">\n<p class=\"gb-text\">Fuseau horaire<\/p>\n\n\n\n<p class=\"gb-text\">UTC+0<\/p>\n<\/div>\n<\/div>\n\n\n\n<div class=\"ss-project-table\">\n<div class=\"ss-table-section-title\">\n<h3 id=\"organizzatore\" class=\"gb-text\">ORGANIZZATORE<\/h3>\n<\/div>\n\n\n\n<div class=\"ss-table-row\">\n<p class=\"gb-text\">Congr\u00e9gation<\/p>\n\n\n\n<p class=\"gb-text\">Congr\u00e9gation Missionnaire des S\u0153urs de Sainte Gemma<\/p>\n<\/div>\n\n\n\n<div class=\"ss-table-row\">\n<p class=\"gb-text\">Maison M\u00e8re<\/p>\n\n\n\n<p class=\"gb-text\">Camigliano Santa Gemma (LU)<\/p>\n<\/div>\n\n\n\n<div class=\"ss-table-row\">\n<p class=\"gb-text\">Dioc\u00e8se<\/p>\n\n\n\n<p class=\"gb-text\">Lucca<\/p>\n<\/div>\n\n\n\n<div class=\"ss-table-row\">\n<p class=\"gb-text\">Nation<\/p>\n\n\n\n<p class=\"gb-text\">Italie<\/p>\n<\/div>\n\n\n\n<div class=\"ss-table-row\">\n<p class=\"gb-text\">Continent<\/p>\n\n\n\n<p class=\"gb-text\">Europe<\/p>\n<\/div>\n\n\n\n<div class=\"ss-table-row\">\n<p class=\"gb-text\">F\u00eate de la Congr\u00e9gation<\/p>\n\n\n\n<p class=\"gb-text\">26 ao\u00fbt<\/p>\n<\/div>\n\n\n\n<div class=\"ss-table-row\">\n<p class=\"gb-text\">Coordonn\u00e9es GPS<\/p>\n\n\n\n<p class=\"gb-text\">43.86272 10.61067<\/p>\n<\/div>\n\n\n\n<div class=\"ss-table-row\">\n<p class=\"gb-text\">Fuseau horaire<\/p>\n\n\n\n<p class=\"gb-text\">UTC+1<\/p>\n<\/div>\n\n\n\n<div class=\"ss-table-row\">\n<p class=\"gb-text\">R\u00e9f\u00e9rent<\/p>\n\n\n\n<p class=\"gb-text\">S\u0153ur Bernadette Wasso<\/p>\n<\/div>\n\n\n\n<div class=\"ss-table-row\">\n<p class=\"gb-text\">M\u00e8re G\u00e9n\u00e9rale<\/p>\n\n\n\n<p class=\"gb-text\">S\u0153ur Elisabetta Giussani<\/p>\n<\/div>\n\n\n\n<div class=\"ss-table-row\">\n<p class=\"gb-text\">Site Internet<\/p>\n\n\n\n<p class=\"gb-text\"><a href=\"https:\/\/www.suoresantagemma.it\/\" target=\"_blank\" rel=\"noreferrer noopener\" title=\"suoresantagemma.it\">suoresantagemma.it<\/a><\/p>\n<\/div>\n<\/div>\n\n\n\n<div class=\"ss-project-table\">\n<a class=\"gb-element-e1766596 ss-table-section-button\" href=\"#\" title=\"OPERA M &#8211; PROJET M5\">\n<span class=\"gb-text\">OPERA M &#8211; PROJET M5<\/span>\n<\/a>\n<\/div>\n<\/div>\n<\/div>\n\n\n\n<div class=\"gb-element-6ad95ea8\">\n<div class=\"gb-element-e34063a6 ss-project-intro\">\n<p class=\"wp-block-paragraph\">OPERA M est la r\u00e9volution des \u0153uvres de mis\u00e9ricorde. C&rsquo;est l&rsquo;instrument permanent de d\u00e9veloppement d&rsquo;une pens\u00e9e forte et renouvel\u00e9e des \u0153uvres dans le monde. <\/p>\n\n\n\n<p class=\"wp-block-paragraph\">Il na\u00eet d&rsquo;une urgence fortement ressentie par spazio + spadoni de faire r\u00e9<strong>\u00c9<\/strong>voluer le concept d&rsquo;\u0153uvre de mis\u00e9ricorde comme un chemin qui est toujours \u00e0 la fois humain et divin, et donc, toujours spirituel en plus d&rsquo;\u00eatre pratique (ou corporel). La red\u00e9couverte, voire la v\u00e9ritable r\u00e9<strong>\u00c9<\/strong>volution des \u0153uvres doit \u00eatre retrouv\u00e9e au sein de cette synth\u00e8se entre aspect spirituel et acte pratique. L&rsquo;agir mat\u00e9riel doit toujours \u00eatre impr\u00e9gn\u00e9 de l&rsquo;esprit.  <\/p>\n\n\n\n<p class=\"wp-block-paragraph\">OPERA M se fonde sur cinq actions qui en d\u00e9finissent la m\u00e9thode : INVOQUE, appelle l&rsquo;Esprit \u00c9COUTE, fais silence pour t&rsquo;ouvrir \u00e0 l&rsquo;\u00e9coute RENCONTRE, sois au milieu des gens AGISSONS, agir pour les \u0153uvres INONDONS, portons tout le monde aux \u0153uvres de mis\u00e9ricorde <strong>\u0152uvres de mis\u00e9ricorde spirituelles<\/strong> Conseiller ceux qui doutent Enseigner les ignorants Avertir les p\u00e9cheurs Consoler les afflig\u00e9s Pardonner les offenses Supporter patiemment les personnes importunes Prier Dieu pour les vivants et pour les morts <strong>\u0152uvres de mis\u00e9ricorde corporelles<\/strong> Donner \u00e0 manger aux affam\u00e9s Donner \u00e0 boire aux assoiff\u00e9s V\u00eatir les nus Loger les p\u00e8lerins Visiter les malades Visiter les prisonniers Ensevelir les morts<\/p>\n\n<\/div>\n<\/div>\n\n\n\n\n<div>\n\n<h2 id=\"chronologie\" class=\"gb-text gb-text-8179e40a\">Chronologie<\/h2>\n\n\n\n\n\n<div class=\"ss-timeline\">\n\n<h3 id=\"2020\" class=\"gb-text\">2020<\/h3>\n\n\n\n\n\n<div class=\"ss-timeline-item\">\n\n<h4 id=\"30-novembre-debut-de-la-formation\" class=\"gb-text\">30 novembre | D\u00e9but de la formation<\/h4>\n\n\n\n\n<p class=\"wp-block-paragraph\">Lazzarino, le la\u00efc missionnaire, commence sa p\u00e9riode de formation \u00e0 la Misericordia de Pian di Coreglia, dans la province de Lucques. En raison des probl\u00e8mes li\u00e9s \u00e0 la pand\u00e9mie, il continuera sa formation \u00e0 la Misericordia de Marlia <\/p>\n\n\n\n<figure class=\"wp-block-gallery has-nested-images columns-1 is-cropped ss-lightbox wp-block-gallery-1 is-layout-flex wp-block-gallery-is-layout-flex\">\n\n<figure class=\"wp-block-image size-large\"><img decoding=\"async\" src=\"https:\/\/spaziospadoni.org\/wp-content\/uploads\/2026\/05\/2020_novembre_hic_sum_9_lazzarino_sorelle_santa_gemma_misericordia_marlia_formazione_pronto_soccorso_spazio_spadoni-3-300x225.jpg\" alt=\"2020 novembre hic sum 9 lazzarino s&#x153;urs de sainte-gemme misericordia marlia formation premiers secours spazio + spadoni 3 300x225\"\/><figcaption class=\"wp-element-caption\">30 novembre | D\u00e9but de la formation<\/figcaption><\/figure>\n\n<\/figure>\n\n\n<\/div>\n\n\n\n\n<div class=\"ss-timeline-item\">\n\n<h4 id=\"novembre-et-decembre-formation\" class=\"gb-text\">Novembre et d\u00e9cembre | Formation<\/h4>\n\n\n\n\n<p class=\"wp-block-paragraph\">De novembre 2020 \u00e0 avril 2021, Lazzarino a concentr\u00e9 toute sa formation sur l&rsquo;apprentissage du charisme du b\u00e9n\u00e9volat typique des Misericordie italiennes, des \u0153uvres de mis\u00e9ricorde et de la mission de spazio + spadoni et d&rsquo;OPERA M. En plus de cela, il a approfondi certains aspects techniques du projet HIC SUM. et dans l&rsquo;approfondissement des techniques de premiers secours. <\/p>\n\n\n<\/div>\n\n\n<\/div>\n\n\n\n\n<div class=\"ss-timeline\">\n\n<h3 id=\"2021\" class=\"gb-text\">2021<\/h3>\n\n\n\n\n\n<div class=\"ss-timeline-item\">\n\n<h4 id=\"15-juillet-depart-du-laic\" class=\"gb-text\">15 juillet | D\u00e9part du la\u00efc<\/h4>\n\n\n\n\n<p class=\"wp-block-paragraph\">Lazzarino arrive \u00e0 Sago, en C\u00f4te d&rsquo;Ivoire, dans la communaut\u00e9 des S\u0153urs de Sainte-Gemme<\/p>\n\n\n<\/div>\n\n\n\n\n<div class=\"ss-timeline-item\">\n\n<h4 id=\"07-octobre-retour-du-laic\" class=\"gb-text\">07 octobre | Retour du la\u00efc<\/h4>\n\n\n\n\n<p class=\"wp-block-paragraph\">Lazzarino rentre en Italie<\/p>\n\n\n<\/div>\n\n\n<\/div>\n\n\n\n\n<div class=\"ss-timeline\">\n\n<h3 id=\"2024\" class=\"gb-text\">2024<\/h3>\n\n\n\n\n\n<div class=\"ss-timeline-item\">\n\n<h4 id=\"juin-devise-de-spazio-spadoni\" class=\"gb-text\">Juin | Devise de spazio + spadoni<\/h4>\n\n\n\n\n<p class=\"wp-block-paragraph\">La pr\u00e9sence de la M\u00e8re G\u00e9n\u00e9rale \u00e0 Sago est l&rsquo;occasion de faire conna\u00eetre aux habitants de spazio + spadoni la devise du Mouvement \u00ab\u00a0La mis\u00e9ricorde de Dieu est \u00e0 l&rsquo;\u0153uvre&#8230; Toujours !\u00a0\u00bb<\/p>\n\n\n<\/div>\n\n\n\n\n<div class=\"ss-timeline-item\">\n\n<h4 id=\"novembre-habitants-de-spazio-spadoni\" class=\"gb-text\">Novembre | Habitants de spazio + spadoni<\/h4>\n\n\n\n\n<p class=\"wp-block-paragraph\">Les habitants de spazio + spadoni, aux c\u00f4t\u00e9s de Selene qui se trouve \u00e0 Sago pour un mois, se retrouvent comme chaque semaine et vivent les \u0153uvres de mis\u00e9ricorde dans le village \u00e0 travers l&rsquo;apostolat<\/p>\n\n\n\n<figure class=\"wp-block-gallery has-nested-images columns-1 is-cropped ss-lightbox wp-block-gallery-2 is-layout-flex wp-block-gallery-is-layout-flex\">\n\n<figure class=\"wp-block-image size-large\"><img decoding=\"async\" src=\"https:\/\/spaziospadoni.org\/wp-content\/uploads\/2026\/05\/novembre_2024_costa_avorio_sago_apostolato_volontari_volontariato_opere_misericordia_suore_santa_gemma_spazio_spadoni-2-scaled.jpg\" alt=\"novembre 2024 c&#xF4;te d'ivoire sago apostolat b&#xE9;n&#xE9;voles b&#xE9;n&#xE9;volat &#x153;uvres de mis&#xE9;ricorde s&#x153;urs de sainte-gemme spazio + spadoni 2 scaled\"\/><figcaption class=\"wp-element-caption\">Novembre | Habitants de spazio + spadoni<\/figcaption><\/figure>\n\n<\/figure>\n\n\n<\/div>\n\n\n<\/div>\n\n\n\n\n<div class=\"ss-timeline\">\n\n<h3 id=\"2025\" class=\"gb-text\">2025<\/h3>\n\n\n\n\n\n<div class=\"ss-timeline-item\">\n\n<h4 id=\"07-janvier-plaque-de-spazio-spadoni\" class=\"gb-text\">07 janvier | Plaque de spazio + spadoni<\/h4>\n\n\n\n\n<p class=\"wp-block-paragraph\">L&rsquo;installation de la plaque d&rsquo;OPERA M est un signe distinctif de l&rsquo;engagement de la Congr\u00e9gation et de tous les habitants de spazio + spadoni \u00e0 Sago, \u00e0 diffuser les \u0153uvres de mis\u00e9ricorde, en les faisant conna\u00eetre et en les pratiquant \u00e0 travers l&rsquo;apostolat<\/p>\n\n\n\n<figure class=\"wp-block-gallery has-nested-images columns-1 is-cropped ss-lightbox wp-block-gallery-3 is-layout-flex wp-block-gallery-is-layout-flex\">\n\n<figure class=\"wp-block-image size-large\"><img decoding=\"async\" src=\"https:\/\/spaziospadoni.org\/wp-content\/uploads\/2026\/05\/2025_opere_misericordia_operam_spazio_spadoni_costa_avorio_targa.jpg\" alt=\"2025 &#x153;uvres de mis&#xE9;ricorde operam spazio + spadoni c&#xF4;te d'ivoire plaque\"\/><figcaption class=\"wp-element-caption\">07 janvier | Plaque de spazio + spadoni<\/figcaption><\/figure>\n\n<\/figure>\n\n\n<\/div>\n\n\n<\/div>\n\n\n<\/div>\n\n\n\n<div class=\"ss-project-reports\">\n<h2 id=\"rapport-des-oeuvres-de-misericorde\" class=\"gb-text gb-text-75c3218d\">Rapport des \u0152uvres de Mis\u00e9ricorde<\/h2>\n\n\n<ul class=\"wp-block-list ss-report-list\">\n\n<li><a href=\"https:\/\/spaziospadoni.org\/wp-content\/uploads\/2026\/05\/Spazio-Reale_suor-Hyacinthe_1.pdf\" target=\"_blank\" rel=\"noreferrer noopener\" title=\"Spazio Reale_suor Hyacinthe_1\">Spazio Reale_suor Hyacinthe_1<\/a><\/li>\n\n\n<li><a href=\"https:\/\/spaziospadoni.org\/wp-content\/uploads\/2026\/05\/Spazio-Reale_sr-Hyacinthe_OPERA-M-1.pdf\" target=\"_blank\" rel=\"noreferrer noopener\" title=\"Spazio Reale_sr Hyacinthe_OPERA M\">Spazio Reale_sr Hyacinthe_OPERA M<\/a><\/li>\n\n<\/ul>\n\n<\/div>\n\n\n\n<div class=\"ss-project-media\">\n<h2 id=\"photos-et-videos\" class=\"gb-text gb-text-d7bd8be8\">Photos et vid\u00e9os<\/h2>\n\n\n<div class=\"ss-media-filters\">\n\n<a class=\"gb-text ss-media-filter active\" data-filter=\"*\" title=\"Tout\">Tout<\/a>\n\n\n<a class=\"gb-text ss-media-filter\" data-filter=\".formazione\" title=\"Formation\">Formation<\/a>\n\n\n<a class=\"gb-text ss-media-filter\" data-filter=\".sago-costa-d-avorio\" title=\"Sago C\u00f4te d&rsquo;Ivoire\">Sago C\u00f4te d&rsquo;Ivoire<\/a>\n\n\n<a class=\"gb-text ss-media-filter\" data-filter=\".video\" title=\"Vid\u00e9o\">Vid\u00e9o<\/a>\n\n<\/div>\n\n\n<div class=\"ss-media-grid\">\n<div>\n<figure class=\"wp-block-gallery has-nested-images columns-1 is-cropped ss-lightbox wp-block-gallery-4 is-layout-flex wp-block-gallery-is-layout-flex\">\n\n<figure class=\"wp-block-image size-large formazione\"><img decoding=\"async\" alt=\"2020 novembre hic sum 9 lazzarino s&#x153;urs de sainte-gemme misericordia marlia formation premiers secours spazio + spadoni 2 300x225\" src=\"https:\/\/spaziospadoni.org\/wp-content\/uploads\/2026\/05\/2020_novembre_hic_sum_9_lazzarino_sorelle_santa_gemma_misericordia_marlia_formazione_pronto_soccorso_spazio_spadoni-2-300x225.jpg\"\/><\/figure>\n\n\n<figure class=\"wp-block-image size-large formazione\"><img decoding=\"async\" alt=\"2020 novembre hic sum 9 lazzarino s&#x153;urs de sainte-gemme misericordia marlia formation premiers secours spazio + spadoni 3 300x225\" src=\"https:\/\/spaziospadoni.org\/wp-content\/uploads\/2026\/05\/2020_novembre_hic_sum_9_lazzarino_sorelle_santa_gemma_misericordia_marlia_formazione_pronto_soccorso_spazio_spadoni-3-300x225.jpg\"\/><\/figure>\n\n\n<figure class=\"wp-block-image size-large formazione\"><img decoding=\"async\" alt=\"2020 novembre hic sum 9 lazzarino s&#x153;urs de sainte-gemme misericordia marlia formation premiers secours spazio + spadoni 4 225x300\" src=\"https:\/\/spaziospadoni.org\/wp-content\/uploads\/2026\/05\/2020_novembre_hic_sum_9_lazzarino_sorelle_santa_gemma_misericordia_marlia_formazione_pronto_soccorso_spazio_spadoni-4-225x300.jpg\"\/><\/figure>\n\n\n<figure class=\"wp-block-image size-large formazione\"><img decoding=\"async\" alt=\"2020 novembre hic sum 9 lazzarino s&#x153;urs de sainte-gemme misericordia pian coreglia formation spazio + spadoni 3 169x300\" src=\"https:\/\/spaziospadoni.org\/wp-content\/uploads\/2026\/05\/2020_novembre_hic_sum_9_lazzarino_sorelle_santa_gemma_misericordia_pian_coreglia_formazione_spazio_spadoni-3-169x300.jpg\"\/><\/figure>\n\n\n<figure class=\"wp-block-image size-large formazione\"><img decoding=\"async\" alt=\"2020 novembre hic sum 9 lazzarino s&#x153;urs de sainte-gemme misericordia pian coreglia formation spazio + spadoni 4 300x169\" src=\"https:\/\/spaziospadoni.org\/wp-content\/uploads\/2026\/05\/2020_novembre_hic_sum_9_lazzarino_sorelle_santa_gemma_misericordia_pian_coreglia_formazione_spazio_spadoni-4-300x169.jpg\"\/><\/figure>\n\n\n<figure class=\"wp-block-image size-large formazione\"><img decoding=\"async\" alt=\"2020 novembre hic sum 9 lazzarino s&#x153;urs de sainte-gemme misericordia pian coreglia formation spazio + spadoni 6 300x225\" src=\"https:\/\/spaziospadoni.org\/wp-content\/uploads\/2026\/05\/2020_novembre_hic_sum_9_lazzarino_sorelle_santa_gemma_misericordia_pian_coreglia_formazione_spazio_spadoni-6-300x225.jpg\"\/><\/figure>\n\n\n<figure class=\"wp-block-image size-large formazione\"><img decoding=\"async\" alt=\"2020 novembre hic sum 9 lazzarino s&#x153;urs de sainte-gemme misericordia pian coreglia formation spazio + spadoni 7 300x225\" src=\"https:\/\/spaziospadoni.org\/wp-content\/uploads\/2026\/05\/2020_novembre_hic_sum_9_lazzarino_sorelle_santa_gemma_misericordia_pian_coreglia_formazione_spazio_spadoni-7-300x225.jpg\"\/><\/figure>\n\n\n<figure class=\"wp-block-image size-large formazione\"><img decoding=\"async\" alt=\"2021 italie s&#x153;urs de sainte-gemme hic sum lazzarino spazio + spadoni formation 300x225\" src=\"https:\/\/spaziospadoni.org\/wp-content\/uploads\/2026\/05\/2021_italia_sorelle_santa_gemma_hic_sum_lazzarino_spazio_spadoni_formazione-300x225.jpg\"\/><\/figure>\n\n\n<figure class=\"wp-block-image size-large formazione\"><img decoding=\"async\" alt=\"2021 juillet hic sum 9 lazzarino s&#x153;urs de sainte-gemme mandat missionnaire italie c&#xF4;te d'ivoire spazio + spadoni 1 300x225\" src=\"https:\/\/spaziospadoni.org\/wp-content\/uploads\/2026\/05\/2021_luglio_hic_sum_9_lazzarino_sorelle_santa_gemma_mandato_missionario_italia_costa_avorio_spazio_spadoni-1-300x225.jpg\"\/><\/figure>\n\n\n<figure class=\"wp-block-image size-large formazione\"><img decoding=\"async\" alt=\"2021 juillet hic sum 9 lazzarino s&#x153;urs de sainte-gemme mandat missionnaire italie c&#xF4;te d'ivoire spazio + spadoni 2 225x300\" src=\"https:\/\/spaziospadoni.org\/wp-content\/uploads\/2026\/05\/2021_luglio_hic_sum_9_lazzarino_sorelle_santa_gemma_mandato_missionario_italia_costa_avorio_spazio_spadoni-2-225x300.jpg\"\/><\/figure>\n\n\n<figure class=\"wp-block-image size-large sago-costa-d-avorio\"><img decoding=\"async\" alt=\"formation chocolat c&#xF4;te d'ivoire spazio + spadoni 1 300x225\" src=\"https:\/\/spaziospadoni.org\/wp-content\/uploads\/2026\/05\/formazione_cioccolato_costa_avorio_spazio_spadoni-1-300x225.jpg\"\/><\/figure>\n\n\n<figure class=\"wp-block-image size-large sago-costa-d-avorio\"><img decoding=\"async\" alt=\"novembre 2024 c&#xF4;te d'ivoire sago apostolat b&#xE9;n&#xE9;voles b&#xE9;n&#xE9;volat &#x153;uvres de mis&#xE9;ricorde s&#x153;urs de sainte-gemme spazio + spadoni 1 225x300\" src=\"https:\/\/spaziospadoni.org\/wp-content\/uploads\/2026\/05\/novembre_2024_costa_avorio_sago_apostolato_volontari_volontariato_opere_misericordia_suore_santa_gemma_spazio_spadoni-1-225x300.jpg\"\/><\/figure>\n\n\n<figure class=\"wp-block-image size-large sago-costa-d-avorio\"><img decoding=\"async\" alt=\"novembre 2024 c&#xF4;te d'ivoire sago apostolat b&#xE9;n&#xE9;voles b&#xE9;n&#xE9;volat &#x153;uvres de mis&#xE9;ricorde s&#x153;urs de sainte-gemme spazio + spadoni 2 300x225\" src=\"https:\/\/spaziospadoni.org\/wp-content\/uploads\/2026\/05\/novembre_2024_costa_avorio_sago_apostolato_volontari_volontariato_opere_misericordia_suore_santa_gemma_spazio_spadoni-2-300x225.jpg\"\/><\/figure>\n\n\n<figure class=\"wp-block-image size-large sago-costa-d-avorio\"><img decoding=\"async\" alt=\"novembre 2024 c&#xF4;te d'ivoire sago apostolat b&#xE9;n&#xE9;voles b&#xE9;n&#xE9;volat &#x153;uvres de mis&#xE9;ricorde s&#x153;urs de sainte-gemme spazio + spadoni 3 225x300\" src=\"https:\/\/spaziospadoni.org\/wp-content\/uploads\/2026\/05\/novembre_2024_costa_avorio_sago_apostolato_volontari_volontariato_opere_misericordia_suore_santa_gemma_spazio_spadoni-3-225x300.jpg\"\/><\/figure>\n\n\n<figure class=\"wp-block-image size-large sago-costa-d-avorio\"><img decoding=\"async\" alt=\"novembre 2024 c&#xF4;te d'ivoire sago apostolat b&#xE9;n&#xE9;voles b&#xE9;n&#xE9;volat &#x153;uvres de mis&#xE9;ricorde s&#x153;urs de sainte-gemme spazio + spadoni 4 225x300\" src=\"https:\/\/spaziospadoni.org\/wp-content\/uploads\/2026\/05\/novembre_2024_costa_avorio_sago_apostolato_volontari_volontariato_opere_misericordia_suore_santa_gemma_spazio_spadoni-4-300x225.jpg\"\/><\/figure>\n\n\n<figure class=\"wp-block-image size-large sago-costa-d-avorio\"><img decoding=\"async\" alt=\"2025 &#x153;uvres de mis&#xE9;ricorde operam spazio + spadoni c&#xF4;te d'ivoire plaque 225x300\" src=\"https:\/\/spaziospadoni.org\/wp-content\/uploads\/2026\/05\/2025_opere_misericordia_operam_spazio_spadoni_costa_avorio_targa-225x300.jpg\"\/><\/figure>\n\n<\/figure>\n\n\n<div class=\"gb-element-b24bbf5e ss-media-videos\">\n\n<figure class=\"wp-block-video video\"><video controls=\"\" src=\"https:\/\/spaziospadoni.org\/wp-content\/uploads\/2026\/05\/giugno_2024_costa_avorio_sago_africa_operam_volontari_volontariato_spazio_spadoni_opere_misericordia.mp4\"><\/video><figcaption class=\"wp-element-caption\">juin 2024 c\u00f4te d&rsquo;ivoire sago afrique operam b\u00e9n\u00e9voles b\u00e9n\u00e9volat spazio + spadoni \u0153uvres de mis\u00e9ricorde<\/figcaption><\/figure>\n\n<\/div>\n\n<\/div>\n\n<\/div>\n\n<\/div>\n\n","protected":false},"excerpt":{"rendered":"<p>Sago | San P\u00e9dro (C\u00f4te d&rsquo;Ivoire) OPERA M5 MISSION Lieu Sago Dioc\u00e8se San P\u00e9dro Nation C\u00f4te d&rsquo;Ivoire Continent Afrique Coordonn\u00e9es GPS 4.94709 -6.08767 Fuseau horaire UTC+0 ORGANIZZATORE Congr\u00e9gation Congr\u00e9gation Missionnaire des S\u0153urs de Sainte Gemma Maison M\u00e8re Camigliano Santa Gemma (LU) Dioc\u00e8se Lucca Nation Italie Continent Europe F\u00eate de la Congr\u00e9gation 26 ao\u00fbt Coordonn\u00e9es GPS &#8230; <a title=\"C\u00f4te d&rsquo;Ivoire &#8211; Afrique | Projet M5\" class=\"read-more\" href=\"https:\/\/spaziospadoni.org\/fr\/opera-m\/cote-divoire-afrique-projet-m5\/\" aria-label=\"Read more about C\u00f4te d&rsquo;Ivoire &#8211; Afrique | Projet M5\">Lire plus<\/a><\/p>\n","protected":false},"author":102,"featured_media":0,"parent":89581,"menu_order":0,"comment_status":"closed","ping_status":"closed","template":"","meta":{"_sitemap_exclude":false,"_sitemap_priority":"","_sitemap_frequency":"","footnotes":""},"class_list":["post-58390","page","type-page","status-publish","infinite-scroll-item"],"yoast_head":"<!-- This site is optimized with the Yoast SEO plugin v28.4 - https:\/\/yoast.com\/product\/yoast-seo-wordpress\/ -->\n<title>C\u00f4te d&#039;Ivoire - Afrique | Projet M5 | Spazio Spadoni<\/title>\n<meta name=\"description\" content=\"Sago | San P\u00e9dro (C\u00f4te d&#039;Ivoire) OPERA M5 MISSION Lieu Sago Dioc\u00e8se San P\u00e9dro Nation C\u00f4te d&#039;Ivoire Continent Afrique Coordonn\u00e9es GPS 4.94709 -6.08767\" \/>\n<meta name=\"robots\" content=\"index, follow, max-snippet:-1, max-image-preview:large, max-video-preview:-1\" \/>\n<link rel=\"canonical\" href=\"https:\/\/spaziospadoni.org\/fr\/opera-m\/cote-divoire-afrique-projet-m5\/\" \/>\n<meta property=\"og:locale\" content=\"fr_FR\" \/>\n<meta property=\"og:type\" content=\"article\" \/>\n<meta property=\"og:title\" content=\"C\u00f4te d&#039;Ivoire - Afrique | Projet M5 | Spazio Spadoni\" \/>\n<meta property=\"og:description\" content=\"Sago | San P\u00e9dro (C\u00f4te d&#039;Ivoire) OPERA M5 MISSION Lieu Sago Dioc\u00e8se San P\u00e9dro Nation C\u00f4te d&#039;Ivoire Continent Afrique Coordonn\u00e9es GPS 4.94709 -6.08767\" \/>\n<meta property=\"og:url\" content=\"https:\/\/spaziospadoni.org\/fr\/opera-m\/cote-divoire-afrique-projet-m5\/\" \/>\n<meta property=\"og:site_name\" content=\"spazio + spadoni\" \/>\n<meta property=\"article:publisher\" content=\"https:\/\/www.facebook.com\/SpazioSpadoni\/\" \/>\n<meta property=\"article:modified_time\" content=\"2026-08-17T11:16:26+00:00\" \/>\n<meta property=\"og:image\" content=\"https:\/\/spaziospadoni.org\/wp-content\/uploads\/2026\/05\/hicsum_1_congo-spaziospadoni-scaled.png\" \/>\n\t<meta property=\"og:image:width\" content=\"2560\" \/>\n\t<meta property=\"og:image:height\" content=\"1771\" \/>\n\t<meta property=\"og:image:type\" content=\"image\/png\" \/>\n<meta name=\"twitter:card\" content=\"summary_large_image\" \/>\n<meta name=\"twitter:label1\" content=\"Est. reading time\" \/>\n\t<meta name=\"twitter:data1\" content=\"3 minutes\" \/>\n<script type=\"application\/ld+json\" class=\"yoast-schema-graph\">{\"@context\":\"https:\\\/\\\/schema.org\",\"@graph\":[{\"@type\":\"WebPage\",\"@id\":\"https:\\\/\\\/spaziospadoni.org\\\/fr\\\/opera-m\\\/cote-divoire-afrique-projet-m5\\\/\",\"url\":\"https:\\\/\\\/spaziospadoni.org\\\/fr\\\/opera-m\\\/cote-divoire-afrique-projet-m5\\\/\",\"name\":\"C\u00f4te d'Ivoire - Afrique | Projet M5 | Spazio Spadoni\",\"isPartOf\":{\"@id\":\"https:\\\/\\\/spaziospadoni.org\\\/fr\\\/#website\"},\"primaryImageOfPage\":{\"@id\":\"https:\\\/\\\/spaziospadoni.org\\\/fr\\\/opera-m\\\/cote-divoire-afrique-projet-m5\\\/#primaryimage\"},\"image\":{\"@id\":\"https:\\\/\\\/spaziospadoni.org\\\/fr\\\/opera-m\\\/cote-divoire-afrique-projet-m5\\\/#primaryimage\"},\"thumbnailUrl\":\"https:\\\/\\\/spaziospadoni.org\\\/wp-content\\\/uploads\\\/2026\\\/05\\\/hicsum_9_costa_davorio-spaziospadoni-scaled.png\",\"datePublished\":\"2026-05-18T10:30:38+00:00\",\"dateModified\":\"2026-08-17T11:16:26+00:00\",\"description\":\"Sago | San P\u00e9dro (C\u00f4te d'Ivoire) OPERA M5 MISSION Lieu Sago Dioc\u00e8se San P\u00e9dro Nation C\u00f4te d'Ivoire Continent Afrique Coordonn\u00e9es GPS 4.94709 -6.08767\",\"breadcrumb\":{\"@id\":\"https:\\\/\\\/spaziospadoni.org\\\/fr\\\/opera-m\\\/cote-divoire-afrique-projet-m5\\\/#breadcrumb\"},\"inLanguage\":\"fr-FR\",\"potentialAction\":[{\"@type\":\"ReadAction\",\"target\":[\"https:\\\/\\\/spaziospadoni.org\\\/fr\\\/opera-m\\\/cote-divoire-afrique-projet-m5\\\/\"]}]},{\"@type\":\"ImageObject\",\"inLanguage\":\"fr-FR\",\"@id\":\"https:\\\/\\\/spaziospadoni.org\\\/fr\\\/opera-m\\\/cote-divoire-afrique-projet-m5\\\/#primaryimage\",\"url\":\"https:\\\/\\\/spaziospadoni.org\\\/wp-content\\\/uploads\\\/2026\\\/05\\\/hicsum_9_costa_davorio-spaziospadoni-scaled.png\",\"contentUrl\":\"https:\\\/\\\/spaziospadoni.org\\\/wp-content\\\/uploads\\\/2026\\\/05\\\/hicsum_9_costa_davorio-spaziospadoni-scaled.png\"},{\"@type\":\"BreadcrumbList\",\"@id\":\"https:\\\/\\\/spaziospadoni.org\\\/fr\\\/opera-m\\\/cote-divoire-afrique-projet-m5\\\/#breadcrumb\",\"itemListElement\":[{\"@type\":\"ListItem\",\"position\":1,\"name\":\"Home\",\"item\":\"https:\\\/\\\/spaziospadoni.org\\\/fr\\\/\"},{\"@type\":\"ListItem\",\"position\":2,\"name\":\"Opera M\",\"item\":\"https:\\\/\\\/spaziospadoni.org\\\/fr\\\/opera-m\\\/\"},{\"@type\":\"ListItem\",\"position\":3,\"name\":\"C\u00f4te d&#8217;Ivoire &#8211; Afrique | Projet M5\"}]},{\"@type\":\"WebSite\",\"@id\":\"https:\\\/\\\/spaziospadoni.org\\\/fr\\\/#website\",\"url\":\"https:\\\/\\\/spaziospadoni.org\\\/fr\\\/\",\"name\":\"spazio + spadoni\",\"description\":\"Generazione di misericordia e missione nel mondo\",\"publisher\":{\"@id\":\"https:\\\/\\\/spaziospadoni.org\\\/fr\\\/#organization\"},\"alternateName\":\"spaziospadoni.org\",\"potentialAction\":[{\"@type\":\"SearchAction\",\"target\":{\"@type\":\"EntryPoint\",\"urlTemplate\":\"https:\\\/\\\/spaziospadoni.org\\\/fr\\\/?s={search_term_string}\"},\"query-input\":{\"@type\":\"PropertyValueSpecification\",\"valueRequired\":true,\"valueName\":\"search_term_string\"}}],\"inLanguage\":\"fr-FR\"},{\"@type\":\"Organization\",\"@id\":\"https:\\\/\\\/spaziospadoni.org\\\/fr\\\/#organization\",\"name\":\"spazio + spadoni\",\"alternateName\":\"spaziospadoni.org\",\"url\":\"https:\\\/\\\/spaziospadoni.org\\\/fr\\\/\",\"logo\":{\"@type\":\"ImageObject\",\"inLanguage\":\"fr-FR\",\"@id\":\"https:\\\/\\\/spaziospadoni.org\\\/fr\\\/#\\\/schema\\\/logo\\\/image\\\/\",\"url\":\"https:\\\/\\\/spaziospadoni.org\\\/wp-content\\\/uploads\\\/2026\\\/05\\\/spazio-spadoni-logo-100x100-1.webp\",\"contentUrl\":\"https:\\\/\\\/spaziospadoni.org\\\/wp-content\\\/uploads\\\/2026\\\/05\\\/spazio-spadoni-logo-100x100-1.webp\",\"width\":100,\"height\":100,\"caption\":\"spazio + spadoni\"},\"image\":{\"@id\":\"https:\\\/\\\/spaziospadoni.org\\\/fr\\\/#\\\/schema\\\/logo\\\/image\\\/\"},\"sameAs\":[\"https:\\\/\\\/www.facebook.com\\\/SpazioSpadoni\\\/\",\"https:\\\/\\\/www.instagram.com\\\/spaziospadoni\\\/\",\"https:\\\/\\\/www.youtube.com\\\/@spaziospadoni\\\/playlists\"]}]}<\/script>\n<!-- \/ Yoast SEO plugin. -->","yoast_head_json":{"title":"C\u00f4te d'Ivoire - Afrique | Projet M5 | Spazio Spadoni","description":"Sago | San P\u00e9dro (C\u00f4te d'Ivoire) OPERA M5 MISSION Lieu Sago Dioc\u00e8se San P\u00e9dro Nation C\u00f4te d'Ivoire Continent Afrique Coordonn\u00e9es GPS 4.94709 -6.08767","robots":{"index":"index","follow":"follow","max-snippet":"max-snippet:-1","max-image-preview":"max-image-preview:large","max-video-preview":"max-video-preview:-1"},"canonical":"https:\/\/spaziospadoni.org\/fr\/opera-m\/cote-divoire-afrique-projet-m5\/","og_locale":"fr_FR","og_type":"article","og_title":"C\u00f4te d'Ivoire - Afrique | Projet M5 | Spazio Spadoni","og_description":"Sago | San P\u00e9dro (C\u00f4te d'Ivoire) OPERA M5 MISSION Lieu Sago Dioc\u00e8se San P\u00e9dro Nation C\u00f4te d'Ivoire Continent Afrique Coordonn\u00e9es GPS 4.94709 -6.08767","og_url":"https:\/\/spaziospadoni.org\/fr\/opera-m\/cote-divoire-afrique-projet-m5\/","og_site_name":"spazio + spadoni","article_publisher":"https:\/\/www.facebook.com\/SpazioSpadoni\/","article_modified_time":"2026-08-17T11:16:26+00:00","og_image":[{"width":2560,"height":1771,"url":"https:\/\/spaziospadoni.org\/wp-content\/uploads\/2026\/05\/hicsum_1_congo-spaziospadoni-scaled.png","type":"image\/png"}],"twitter_card":"summary_large_image","twitter_misc":{"Est. reading time":"3 minutes"},"schema":{"@context":"https:\/\/schema.org","@graph":[{"@type":"WebPage","@id":"https:\/\/spaziospadoni.org\/fr\/opera-m\/cote-divoire-afrique-projet-m5\/","url":"https:\/\/spaziospadoni.org\/fr\/opera-m\/cote-divoire-afrique-projet-m5\/","name":"C\u00f4te d'Ivoire - Afrique | Projet M5 | Spazio Spadoni","isPartOf":{"@id":"https:\/\/spaziospadoni.org\/fr\/#website"},"primaryImageOfPage":{"@id":"https:\/\/spaziospadoni.org\/fr\/opera-m\/cote-divoire-afrique-projet-m5\/#primaryimage"},"image":{"@id":"https:\/\/spaziospadoni.org\/fr\/opera-m\/cote-divoire-afrique-projet-m5\/#primaryimage"},"thumbnailUrl":"https:\/\/spaziospadoni.org\/wp-content\/uploads\/2026\/05\/hicsum_9_costa_davorio-spaziospadoni-scaled.png","datePublished":"2026-05-18T10:30:38+00:00","dateModified":"2026-08-17T11:16:26+00:00","description":"Sago | San P\u00e9dro (C\u00f4te d'Ivoire) OPERA M5 MISSION Lieu Sago Dioc\u00e8se San P\u00e9dro Nation C\u00f4te d'Ivoire Continent Afrique Coordonn\u00e9es GPS 4.94709 -6.08767","breadcrumb":{"@id":"https:\/\/spaziospadoni.org\/fr\/opera-m\/cote-divoire-afrique-projet-m5\/#breadcrumb"},"inLanguage":"fr-FR","potentialAction":[{"@type":"ReadAction","target":["https:\/\/spaziospadoni.org\/fr\/opera-m\/cote-divoire-afrique-projet-m5\/"]}]},{"@type":"ImageObject","inLanguage":"fr-FR","@id":"https:\/\/spaziospadoni.org\/fr\/opera-m\/cote-divoire-afrique-projet-m5\/#primaryimage","url":"https:\/\/spaziospadoni.org\/wp-content\/uploads\/2026\/05\/hicsum_9_costa_davorio-spaziospadoni-scaled.png","contentUrl":"https:\/\/spaziospadoni.org\/wp-content\/uploads\/2026\/05\/hicsum_9_costa_davorio-spaziospadoni-scaled.png"},{"@type":"BreadcrumbList","@id":"https:\/\/spaziospadoni.org\/fr\/opera-m\/cote-divoire-afrique-projet-m5\/#breadcrumb","itemListElement":[{"@type":"ListItem","position":1,"name":"Home","item":"https:\/\/spaziospadoni.org\/fr\/"},{"@type":"ListItem","position":2,"name":"Opera M","item":"https:\/\/spaziospadoni.org\/fr\/opera-m\/"},{"@type":"ListItem","position":3,"name":"C\u00f4te d&#8217;Ivoire &#8211; Afrique | Projet M5"}]},{"@type":"WebSite","@id":"https:\/\/spaziospadoni.org\/fr\/#website","url":"https:\/\/spaziospadoni.org\/fr\/","name":"spazio + spadoni","description":"Generazione di misericordia e missione nel mondo","publisher":{"@id":"https:\/\/spaziospadoni.org\/fr\/#organization"},"alternateName":"spaziospadoni.org","potentialAction":[{"@type":"SearchAction","target":{"@type":"EntryPoint","urlTemplate":"https:\/\/spaziospadoni.org\/fr\/?s={search_term_string}"},"query-input":{"@type":"PropertyValueSpecification","valueRequired":true,"valueName":"search_term_string"}}],"inLanguage":"fr-FR"},{"@type":"Organization","@id":"https:\/\/spaziospadoni.org\/fr\/#organization","name":"spazio + spadoni","alternateName":"spaziospadoni.org","url":"https:\/\/spaziospadoni.org\/fr\/","logo":{"@type":"ImageObject","inLanguage":"fr-FR","@id":"https:\/\/spaziospadoni.org\/fr\/#\/schema\/logo\/image\/","url":"https:\/\/spaziospadoni.org\/wp-content\/uploads\/2026\/05\/spazio-spadoni-logo-100x100-1.webp","contentUrl":"https:\/\/spaziospadoni.org\/wp-content\/uploads\/2026\/05\/spazio-spadoni-logo-100x100-1.webp","width":100,"height":100,"caption":"spazio + spadoni"},"image":{"@id":"https:\/\/spaziospadoni.org\/fr\/#\/schema\/logo\/image\/"},"sameAs":["https:\/\/www.facebook.com\/SpazioSpadoni\/","https:\/\/www.instagram.com\/spaziospadoni\/","https:\/\/www.youtube.com\/@spaziospadoni\/playlists"]}]}},"_links":{"self":[{"href":"https:\/\/spaziospadoni.org\/fr\/wp-json\/wp\/v2\/pages\/58390","targetHints":{"allow":["GET"]}}],"collection":[{"href":"https:\/\/spaziospadoni.org\/fr\/wp-json\/wp\/v2\/pages"}],"about":[{"href":"https:\/\/spaziospadoni.org\/fr\/wp-json\/wp\/v2\/types\/page"}],"author":[{"embeddable":true,"href":"https:\/\/spaziospadoni.org\/fr\/wp-json\/wp\/v2\/users\/102"}],"replies":[{"embeddable":true,"href":"https:\/\/spaziospadoni.org\/fr\/wp-json\/wp\/v2\/comments?post=58390"}],"version-history":[{"count":2,"href":"https:\/\/spaziospadoni.org\/fr\/wp-json\/wp\/v2\/pages\/58390\/revisions"}],"predecessor-version":[{"id":90281,"href":"https:\/\/spaziospadoni.org\/fr\/wp-json\/wp\/v2\/pages\/58390\/revisions\/90281"}],"up":[{"embeddable":true,"href":"https:\/\/spaziospadoni.org\/fr\/wp-json\/wp\/v2\/pages\/89581"}],"wp:attachment":[{"href":"https:\/\/spaziospadoni.org\/fr\/wp-json\/wp\/v2\/media?parent=58390"}],"curies":[{"name":"wp","href":"https:\/\/api.w.org\/{rel}","templated":true}]}}