{"id":58796,"date":"2026-05-18T12:03:38","date_gmt":"2026-05-18T11:03:38","guid":{"rendered":"https:\/\/spaziospadoni.org\/oeuvres-de-misericorde\/malawi-afrique-projet-m26\/"},"modified":"2026-08-17T12:18:08","modified_gmt":"2026-08-17T11:18:08","slug":"malawi-afrique-projet-m26","status":"publish","type":"page","link":"https:\/\/spaziospadoni.org\/fr\/opera-m\/malawi-afrique-projet-m26\/","title":{"rendered":"Malawi &#8211; Afrique | Projet M26"},"content":{"rendered":"\n<div class=\"ss-project-hero-card\">\n<h2 id=\"dedza-dedza-malawi\" class=\"gb-text gb-text-62a95885\">Dedza | Dedza (Malawi)<\/h2>\n\n\n\n<div class=\"gb-element-f60f2409\">\n<div class=\"gb-element-90a85740 ss-project-sidebar\">\n<h2 id=\"opera-m26\" class=\"gb-text ss-project-title\">OPERA M26<\/h2>\n\n\n\n<figure class=\"wp-block-image size-large\"><img decoding=\"async\" src=\"https:\/\/spaziospadoni.org\/wp-content\/uploads\/2026\/05\/hicsum_23_malawi-spaziospadoni-2-scaled.png\" alt=\"hicsum 23 malawi spaziospadoni 2 150x150\" class=\"wp-image-43007\"\/><\/figure>\n\n\n\n<div class=\"ss-project-table\">\n<div class=\"ss-table-section-title\">\n<h3 id=\"mission\" class=\"gb-text\">MISSION<\/h3>\n<\/div>\n\n\n\n<div class=\"ss-table-row\">\n<p class=\"gb-text\">Lieu<\/p>\n\n\n\n<p class=\"gb-text\"><a href=\"https:\/\/www.google.com\/maps\/place\/Dedza,+Malawi\/@-14.38505,34.3037793,14z\/data=!3m1!4b1!4m6!3m5!1s0x19207d2b1f698a41:0x4f78b7eadb893ef!8m2!3d-14.3816618!4d34.3254842!16zL20vMDJ6djdu?entry=ttu&#038;g_ep=EgoyMDI2MDExOS4wIKXMDSoASAFQAw%3D%3D\" rel=\"noreferrer noopener\" target=\"_blank\" title=\"Dedza\">Dedza<\/a><\/p>\n<\/div>\n\n\n\n<div class=\"ss-table-row\">\n<p class=\"gb-text\">Dioc\u00e8se<\/p>\n\n\n\n<p class=\"gb-text\">Dedza<\/p>\n<\/div>\n\n\n\n<div class=\"ss-table-row\">\n<p class=\"gb-text\">Nation<\/p>\n\n\n\n<p class=\"gb-text\"><strong>Malawi<\/strong><\/p>\n<\/div>\n\n\n\n<div class=\"ss-table-row\">\n<p class=\"gb-text\">Continent<\/p>\n\n\n\n<p class=\"gb-text\">Afrique<\/p>\n<\/div>\n\n\n\n<div class=\"ss-table-row\">\n<p class=\"gb-text\">Coordonn\u00e9es GPS<\/p>\n\n\n\n<p class=\"gb-text\">-14.38197 34.32502<\/p>\n<\/div>\n\n\n\n<div class=\"ss-table-row\">\n<p class=\"gb-text\">Fuseau horaire<\/p>\n\n\n\n<p class=\"gb-text\">UTC+2<\/p>\n<\/div>\n<\/div>\n\n\n\n<div class=\"ss-project-table\">\n<div class=\"ss-table-section-title\">\n<h3 id=\"organizzatore\" class=\"gb-text\">ORGANIZZATORE<\/h3>\n<\/div>\n\n\n\n<div class=\"ss-table-row\">\n<p class=\"gb-text\">Congr\u00e9gation<\/p>\n\n\n\n<p class=\"gb-text\">Presentation of the Virgin Mary Sisters<\/p>\n<\/div>\n\n\n\n<div class=\"ss-table-row\">\n<p class=\"gb-text\">Maison M\u00e8re<\/p>\n\n\n\n<p class=\"gb-text\">Dedza, Malawi<\/p>\n<\/div>\n\n\n\n<div class=\"ss-table-row\">\n<p class=\"gb-text\">Dioc\u00e8se<\/p>\n\n\n\n<p class=\"gb-text\">Dedza<\/p>\n<\/div>\n\n\n\n<div class=\"ss-table-row\">\n<p class=\"gb-text\">Nation<\/p>\n\n\n\n<p class=\"gb-text\">Malawi<\/p>\n<\/div>\n\n\n\n<div class=\"ss-table-row\">\n<p class=\"gb-text\">Continent<\/p>\n\n\n\n<p class=\"gb-text\">Afrique<\/p>\n<\/div>\n\n\n\n<div class=\"ss-table-row\">\n<p class=\"gb-text\">F\u00eate de la Congr\u00e9gation<\/p>\n\n\n\n<p class=\"gb-text\">21 novembre<\/p>\n<\/div>\n\n\n\n<div class=\"ss-table-row\">\n<p class=\"gb-text\">Coordonn\u00e9es GPS<\/p>\n\n\n\n<p class=\"gb-text\">-14.37888 34.33407<\/p>\n<\/div>\n\n\n\n<div class=\"ss-table-row\">\n<p class=\"gb-text\">Fuseau horaire<\/p>\n\n\n\n<p class=\"gb-text\">UTC+2<\/p>\n<\/div>\n\n\n\n<div class=\"ss-table-row\">\n<p class=\"gb-text\">R\u00e9f\u00e9rent<\/p>\n\n\n\n<p class=\"gb-text\">S\u0153ur M. Blandina Kamba<\/p>\n<\/div>\n\n\n\n<div class=\"ss-table-row\">\n<p class=\"gb-text\">M\u00e8re G\u00e9n\u00e9rale<\/p>\n\n\n\n<p class=\"gb-text\">S\u0153ur Florence Bande<\/p>\n<\/div>\n\n\n\n<div class=\"ss-table-row\">\n<p class=\"gb-text\">Site Internet<\/p>\n\n\n\n<p class=\"gb-text\"><a href=\"https:\/\/www.suoresantagemma.it\/\" target=\"_blank\" rel=\"noreferrer noopener\" title=\"suoresantagemma.it\">suoresantagemma.it<\/a><\/p>\n<\/div>\n<\/div>\n\n\n\n<div class=\"ss-project-table\">\n<a class=\"gb-element-e1766596 ss-table-section-button\" href=\"#\" title=\"OPERA M &#8211; PROJET M26\">\n<span class=\"gb-text\">OPERA M &#8211; PROJET M26<\/span>\n<\/a>\n<\/div>\n<\/div>\n<\/div>\n\n\n\n<div class=\"gb-element-6ad95ea8\">\n<div class=\"gb-element-e34063a6 ss-project-intro\">\n<p class=\"wp-block-paragraph\">OPERA M est la r\u00e9volution des \u0153uvres de mis\u00e9ricorde. C&rsquo;est l&rsquo;instrument permanent de d\u00e9veloppement d&rsquo;une pens\u00e9e forte et renouvel\u00e9e des \u0153uvres dans le monde. <\/p>\n\n\n\n<p class=\"wp-block-paragraph\">Il na\u00eet d&rsquo;une urgence fortement ressentie par spazio + spadoni de faire r\u00e9<strong>\u00c9<\/strong>voluer le concept d&rsquo;\u0153uvre de mis\u00e9ricorde comme un chemin qui est toujours \u00e0 la fois humain et divin, et donc, toujours spirituel en plus d&rsquo;\u00eatre pratique (ou corporel). La red\u00e9couverte, voire la v\u00e9ritable r\u00e9<strong>\u00c9<\/strong>volution des \u0153uvres doit \u00eatre retrouv\u00e9e au sein de cette synth\u00e8se entre aspect spirituel et acte pratique. L&rsquo;agir mat\u00e9riel doit toujours \u00eatre impr\u00e9gn\u00e9 de l&rsquo;esprit.  <\/p>\n\n\n\n<p class=\"wp-block-paragraph\">OPERA M se fonde sur cinq actions qui en d\u00e9finissent la m\u00e9thode : INVOQUE, appelle l&rsquo;Esprit \u00c9COUTE, fais silence pour t&rsquo;ouvrir \u00e0 l&rsquo;\u00e9coute RENCONTRE, sois au milieu des gens AGISSONS, agir pour les \u0153uvres INONDONS, portons tout le monde aux \u0153uvres de mis\u00e9ricorde <strong>\u0152uvres de mis\u00e9ricorde spirituelles<\/strong> Conseiller ceux qui doutent Enseigner les ignorants Avertir les p\u00e9cheurs Consoler les afflig\u00e9s Pardonner les offenses Supporter patiemment les personnes importunes Prier Dieu pour les vivants et pour les morts <strong>\u0152uvres de mis\u00e9ricorde corporelles<\/strong> Donner \u00e0 manger aux affam\u00e9s Donner \u00e0 boire aux assoiff\u00e9s V\u00eatir les nus Loger les p\u00e8lerins Visiter les malades Visiter les prisonniers Ensevelir les morts<\/p>\n\n<\/div>\n<\/div>\n\n\n\n\n<div>\n\n<h2 id=\"chronologie\" class=\"gb-text gb-text-8179e40a\">Chronologie<\/h2>\n\n\n\n\n\n<div class=\"ss-timeline\">\n\n<h3 id=\"2025\" class=\"gb-text\">2025<\/h3>\n\n\n\n\n\n<div class=\"ss-timeline-item\">\n\n<h4 id=\"10-fevrier-debut-de-la-relation\" class=\"gb-text\">10 f\u00e9vrier | D\u00e9but de la relation<\/h4>\n\n\n\n\n<p class=\"wp-block-paragraph\">La Congr\u00e9gation envoie un projet pour donner vie \u00e0 une entreprise sociale agroalimentaire. De l\u00e0 se d\u00e9veloppe le dialogue entre la Congr\u00e9gation et spazio + spadoni. <\/p>\n\n\n<\/div>\n\n\n\n\n<div class=\"ss-timeline-item\">\n\n<h4 id=\"25-aout-arrivee-de-la-soeur\" class=\"gb-text\">25 ao\u00fbt | Arriv\u00e9e de la s\u0153ur<\/h4>\n\n\n\n\n<p class=\"wp-block-paragraph\">S\u0153ur Blandina arrive en Italie, accueillie par toute l&rsquo;\u00e9quipe de la Fondazione RSA Firenzuola, par les S\u0153urs Stabilite nella Carit\u00e0 et par Claudio Corbatti, senior de spazio + spadoni<\/p>\n\n\n\n<figure class=\"wp-block-gallery has-nested-images columns-1 is-cropped ss-lightbox wp-block-gallery-1 is-layout-flex wp-block-gallery-is-layout-flex\">\n\n<figure class=\"wp-block-image size-large\"><img decoding=\"async\" src=\"https:\/\/spaziospadoni.org\/wp-content\/uploads\/2026\/05\/2025-agosto_25_suorBlandina_Malawi_arrivo_firenzuola_rsa_progetto_hic_sum_spazio_spadoni-3.jpeg\" alt=\"2025 ao&#xFB;t 25 s&#x153;ur Blandina Malawi arriv&#xE9;e firenzuola rsa projet hic sum spazio + spadoni 3\"\/><figcaption class=\"wp-element-caption\">25 ao\u00fbt | Arriv\u00e9e de la s\u0153ur<\/figcaption><\/figure>\n\n\n<figure class=\"wp-block-image size-large\"><img decoding=\"async\" src=\"https:\/\/spaziospadoni.org\/wp-content\/uploads\/2026\/05\/2025-agosto_25_suorBlandina_Malawi_arrivo_firenzuola_rsa_progetto_hic_sum_spazio_spadoni-1.jpeg\" alt=\"2025 ao&#xFB;t 25 s&#x153;ur Blandina Malawi arriv&#xE9;e firenzuola rsa projet hic sum spazio + spadoni 1\"\/><figcaption class=\"wp-element-caption\">25 ao\u00fbt | Arriv\u00e9e de la s\u0153ur<\/figcaption><\/figure>\n\n<\/figure>\n\n\n<\/div>\n\n\n\n\n<div class=\"ss-timeline-item\">\n\n<h4 id=\"04-septembre-visite-de-spazio-spadoni\" class=\"gb-text\">04 septembre | Visite de spazio + spadoni<\/h4>\n\n\n\n\n<p class=\"wp-block-paragraph\">Luigi Spadoni rend visite \u00e0 s\u0153ur Blandina dans la communaut\u00e9 de Firenzuola<\/p>\n\n\n\n<figure class=\"wp-block-gallery has-nested-images columns-1 is-cropped ss-lightbox wp-block-gallery-2 is-layout-flex wp-block-gallery-is-layout-flex\">\n\n<figure class=\"wp-block-image size-large\"><img decoding=\"async\" src=\"https:\/\/spaziospadoni.org\/wp-content\/uploads\/2026\/05\/2025_settembre_4_suor_Blandina_rsa_firenzuola_incontro_luigi_spadonispazio_opere_misericordia-6.jpg\" alt=\"2025 septembre 4 s&#x153;ur Blandina rsa firenzuola rencontre luigi spadoni spazio + spadoni &#x153;uvres de mis&#xE9;ricorde 6\"\/><figcaption class=\"wp-element-caption\">04 septembre | Visite de spazio + spadoni<\/figcaption><\/figure>\n\n<\/figure>\n\n\n<\/div>\n\n\n\n\n<div class=\"ss-timeline-item\">\n\n<h4 id=\"20-septembre-visite-de-spazio-spadoni\" class=\"gb-text\">20 septembre | Visite de spazio + spadoni<\/h4>\n\n\n\n\n<p class=\"wp-block-paragraph\">Luigi Spadoni rend visite \u00e0 s\u0153ur Blandina dans la communaut\u00e9 de Firenzuola<\/p>\n\n\n<\/div>\n\n\n\n\n<div class=\"ss-timeline-item\">\n\n<h4 id=\"2223-octobre-formation-san-cerbone\" class=\"gb-text\">22-23 octobre | Formation San Cerbone<\/h4>\n\n\n\n\n<p class=\"wp-block-paragraph\">Formation technique de spazio + spadoni sur le projet HIC SUM et sur le d\u00e9veloppement des \u0153uvres de mis\u00e9ricorde au Malawi, au couvent de San Cerbone (LU)<\/p>\n\n\n\n<figure class=\"wp-block-gallery has-nested-images columns-1 is-cropped ss-lightbox wp-block-gallery-3 is-layout-flex wp-block-gallery-is-layout-flex\">\n\n<figure class=\"wp-block-image size-large\"><img decoding=\"async\" src=\"https:\/\/spaziospadoni.org\/wp-content\/uploads\/2026\/05\/2025_ottobre_21_24_suor_blandina_san_cerbone_spazio_spadoni_progetto_hic_sum_formazione-6-scaled-1.jpg\" alt=\"2025 octobre 21 24 s&#x153;ur blandina san cerbone spazio + spadoni projet hic sum formation 6 scaled\"\/><figcaption class=\"wp-element-caption\">22-23 octobre | Formation San Cerbone<\/figcaption><\/figure>\n\n<\/figure>\n\n\n<\/div>\n\n\n\n\n<div class=\"ss-timeline-item\">\n\n<h4 id=\"26-octobre-jubile-de-lesperance\" class=\"gb-text\">26 octobre | Jubil\u00e9 de l&rsquo;Esp\u00e9rance<\/h4>\n\n\n\n\n<p class=\"wp-block-paragraph\">S\u0153ur Blandina traverse la Porte Sainte de la Basilique Saint-Pierre en l&rsquo;ann\u00e9e du Jubil\u00e9 de l&rsquo;Esp\u00e9rance<\/p>\n\n\n\n<figure class=\"wp-block-gallery has-nested-images columns-1 is-cropped ss-lightbox wp-block-gallery-4 is-layout-flex wp-block-gallery-is-layout-flex\">\n\n<figure class=\"wp-block-image size-large\"><img decoding=\"async\" src=\"https:\/\/spaziospadoni.org\/wp-content\/uploads\/2026\/05\/2025_ottobre_25_26_suor_blandina_roma_porta_santa_giubileo_speranza-2.jpeg\" alt=\"2025 octobre 25 26 s&#x153;ur blandina rome porte sainte jubil&#xE9; de l'esp&#xE9;rance 2\"\/><figcaption class=\"wp-element-caption\">26 octobre | Jubil\u00e9 de l&rsquo;Esp\u00e9rance<\/figcaption><\/figure>\n\n<\/figure>\n\n\n<\/div>\n\n\n\n\n<div class=\"ss-timeline-item\">\n\n<h4 id=\"08-novembre-depart-de-la-soeur\" class=\"gb-text\">08 novembre | D\u00e9part de la s\u0153ur<\/h4>\n\n\n\n\n<p class=\"wp-block-paragraph\">S\u0153ur Blandina repart pour retourner au Malawi<\/p>\n\n\n\n<figure class=\"wp-block-gallery has-nested-images columns-1 is-cropped ss-lightbox wp-block-gallery-5 is-layout-flex wp-block-gallery-is-layout-flex\">\n\n<figure class=\"wp-block-image size-large\"><img decoding=\"async\" src=\"https:\/\/spaziospadoni.org\/wp-content\/uploads\/2026\/05\/2025_movembre_8_partenza_suor_blandina_spazio_spadoni_progetto_hic_sum_operam-3.jpeg\" alt=\"2025 novembre 8 d&#xE9;part s&#x153;ur blandina spazio + spadoni projet hic sum operam 3\"\/><figcaption class=\"wp-element-caption\">08 novembre | D\u00e9part de la s\u0153ur<\/figcaption><\/figure>\n\n<\/figure>\n\n\n<\/div>\n\n\n\n\n<div class=\"ss-timeline-item\">\n\n<h4 id=\"31-decembre-formation-oeuvres-de-misericorde\" class=\"gb-text\">31 d\u00e9cembre | Formation \u0153uvres de mis\u00e9ricorde<\/h4>\n\n\n\n\n<p class=\"wp-block-paragraph\">S\u0153ur Blandina rencontre les communaut\u00e9s au Malawi pour parler des \u0153uvres de mis\u00e9ricorde<\/p>\n\n\n<\/div>\n\n\n<\/div>\n\n\n<\/div>\n\n\n\n<div class=\"ss-project-media\">\n<h2 id=\"photos-et-videos\" class=\"gb-text gb-text-d7bd8be8\">Photos et vid\u00e9os<\/h2>\n\n\n<div class=\"ss-media-filters\">\n\n<a class=\"gb-text ss-media-filter active\" data-filter=\"*\" title=\"Tout\">Tout<\/a>\n\n\n<a class=\"gb-text ss-media-filter\" data-filter=\".malawi\" title=\"Malawi\">Malawi<\/a>\n\n\n<a class=\"gb-text ss-media-filter\" data-filter=\".formazione\" title=\"Formation\">Formation<\/a>\n\n\n<a class=\"gb-text ss-media-filter\" data-filter=\".video\" title=\"Vid\u00e9o\">Vid\u00e9o<\/a>\n\n<\/div>\n\n\n<div class=\"ss-media-grid\">\n<div>\n<figure class=\"wp-block-gallery has-nested-images columns-1 is-cropped ss-lightbox wp-block-gallery-6 is-layout-flex wp-block-gallery-is-layout-flex\">\n\n<figure class=\"wp-block-image size-large malawi\"><img decoding=\"async\" alt=\"2025 f&#xE9;vrier s&#x153;ur blandina malawi projet hic sum spazio + spadoni 9 300x300\" src=\"https:\/\/spaziospadoni.org\/wp-content\/uploads\/2026\/05\/2025_febbraio_suor_blandina_malawi_progetto_hic_sum_spazio_spadoni-9-300x300.jpg\"\/><\/figure>\n\n\n<figure class=\"wp-block-image size-large malawi\"><img decoding=\"async\" alt=\"2025 f&#xE9;vrier s&#x153;ur blandina malawi projet hic sum spazio + spadoni 6 225x300\" src=\"https:\/\/spaziospadoni.org\/wp-content\/uploads\/2026\/05\/2025_febbraio_suor_blandina_malawi_progetto_hic_sum_spazio_spadoni-6-225x300.jpg\"\/><\/figure>\n\n\n<figure class=\"wp-block-image size-large malawi\"><img decoding=\"async\" alt=\"2025 f&#xE9;vrier s&#x153;ur blandina malawi projet hic sum spazio + spadoni 7 225x300\" src=\"https:\/\/spaziospadoni.org\/wp-content\/uploads\/2026\/05\/2025_febbraio_suor_blandina_malawi_progetto_hic_sum_spazio_spadoni-7-225x300.jpg\"\/><\/figure>\n\n\n<figure class=\"wp-block-image size-large malawi\"><img decoding=\"async\" alt=\"2025 f&#xE9;vrier s&#x153;ur blandina malawi projet hic sum spazio + spadoni 3 226x300\" src=\"https:\/\/spaziospadoni.org\/wp-content\/uploads\/2026\/05\/2025_febbraio_suor_blandina_malawi_progetto_hic_sum_spazio_spadoni-3-226x300.jpg\"\/><\/figure>\n\n\n<figure class=\"wp-block-image size-large malawi\"><img decoding=\"async\" alt=\"2025 ao&#xFB;t 25 s&#x153;ur Blandina Malawi arriv&#xE9;e firenzuola rsa projet hic sum spazio + spadoni 3\" src=\"https:\/\/spaziospadoni.org\/wp-content\/uploads\/2026\/05\/2025-agosto_25_suorBlandina_Malawi_arrivo_firenzuola_rsa_progetto_hic_sum_spazio_spadoni-3.jpeg\"\/><\/figure>\n\n\n<figure class=\"wp-block-image size-large malawi\"><img decoding=\"async\" alt=\"2025 ao&#xFB;t 25 s&#x153;ur Blandina Malawi arriv&#xE9;e firenzuola rsa projet hic sum spazio + spadoni 2\" src=\"https:\/\/spaziospadoni.org\/wp-content\/uploads\/2026\/05\/2025-agosto_25_suorBlandina_Malawi_arrivo_firenzuola_rsa_progetto_hic_sum_spazio_spadoni-2.jpeg\"\/><\/figure>\n\n\n<figure class=\"wp-block-image size-large malawi\"><img decoding=\"async\" alt=\"2025 ao&#xFB;t 25 s&#x153;ur Blandina Malawi arriv&#xE9;e firenzuola rsa projet hic sum spazio + spadoni 1\" src=\"https:\/\/spaziospadoni.org\/wp-content\/uploads\/2026\/05\/2025-agosto_25_suorBlandina_Malawi_arrivo_firenzuola_rsa_progetto_hic_sum_spazio_spadoni-1.jpeg\"\/><\/figure>\n\n\n<figure class=\"wp-block-image size-large formazione\"><img decoding=\"async\" alt=\"2025 septembre 4 s&#x153;ur Blandina rsa firenzuola rencontre luigi spadoni spazio + spadoni &#x153;uvres de mis&#xE9;ricorde 6\" src=\"https:\/\/spaziospadoni.org\/wp-content\/uploads\/2026\/05\/2025_settembre_4_suor_Blandina_rsa_firenzuola_incontro_luigi_spadonispazio_opere_misericordia-6.jpg\"\/><\/figure>\n\n\n<figure class=\"wp-block-image size-large formazione\"><img decoding=\"async\" alt=\"2025 septembre 4 s&#x153;ur Blandina rsa firenzuola rencontre luigi spadoni spazio + spadoni &#x153;uvres de mis&#xE9;ricorde 3\" src=\"https:\/\/spaziospadoni.org\/wp-content\/uploads\/2026\/05\/2025_settembre_4_suor_Blandina_rsa_firenzuola_incontro_luigi_spadonispazio_opere_misericordia-3.jpg\"\/><\/figure>\n\n\n<figure class=\"wp-block-image size-large formazione\"><img decoding=\"async\" alt=\"2025 septembre 4 s&#x153;ur Blandina rsa firenzuola rencontre luigi spadoni spazio + spadoni &#x153;uvres de mis&#xE9;ricorde 7\" src=\"https:\/\/spaziospadoni.org\/wp-content\/uploads\/2026\/05\/2025_settembre_4_suor_Blandina_rsa_firenzuola_incontro_luigi_spadonispazio_opere_misericordia-7.jpg\"\/><\/figure>\n\n\n<figure class=\"wp-block-image size-large formazione\"><img decoding=\"async\" alt=\"2025 septembre 4 s&#x153;ur Blandina rsa firenzuola rencontre luigi spadoni spazio + spadoni &#x153;uvres de mis&#xE9;ricorde 8\" src=\"https:\/\/spaziospadoni.org\/wp-content\/uploads\/2026\/05\/2025_settembre_4_suor_Blandina_rsa_firenzuola_incontro_luigi_spadonispazio_opere_misericordia-8.jpg\"\/><\/figure>\n\n\n<figure class=\"wp-block-image size-large formazione\"><img decoding=\"async\" alt=\"2025 octobre 14 s&#x153;ur blandina projet hic sum spazio + spadoni firenzuola 3\" src=\"https:\/\/spaziospadoni.org\/wp-content\/uploads\/2026\/05\/2025_ottobre_14_suor_blandina_progetto_huc_sum_spazio_spadoni_firenzuola-3.jpeg\"\/><\/figure>\n\n\n<figure class=\"wp-block-image size-large formazione\"><img decoding=\"async\" alt=\"2025 octobre 21 24 s&#x153;ur blandina san cerbone spazio + spadoni projet hic sum formation 4 scaled\" src=\"https:\/\/spaziospadoni.org\/wp-content\/uploads\/2026\/05\/2025_ottobre_21_24_suor_blandina_san_cerbone_spazio_spadoni_progetto_hic_sum_formazione-4-scaled-1.jpg\"\/><\/figure>\n\n\n<figure class=\"wp-block-image size-large formazione\"><img decoding=\"async\" alt=\"2025 octobre 21 24 s&#x153;ur blandina san cerbone spazio + spadoni projet hic sum formation 6 scaled\" src=\"https:\/\/spaziospadoni.org\/wp-content\/uploads\/2026\/05\/2025_ottobre_21_24_suor_blandina_san_cerbone_spazio_spadoni_progetto_hic_sum_formazione-6-scaled-1.jpg\"\/><\/figure>\n\n\n<figure class=\"wp-block-image size-large formazione\"><img decoding=\"async\" alt=\"2025 octobre 21 24 s&#x153;ur blandina san cerbone spazio + spadoni projet hic sum formation 9 scaled\" src=\"https:\/\/spaziospadoni.org\/wp-content\/uploads\/2026\/05\/2025_ottobre_21_24_suor_blandina_san_cerbone_spazio_spadoni_progetto_hic_sum_formazione-9-scaled-1.jpg\"\/><\/figure>\n\n\n<figure class=\"wp-block-image size-large formazione\"><img decoding=\"async\" alt=\"2025 octobre 21 24 s&#x153;ur blandina san cerbone spazio + spadoni projet hic sum formation 14 scaled\" src=\"https:\/\/spaziospadoni.org\/wp-content\/uploads\/2026\/05\/2025_ottobre_21_24_suor_blandina_san_cerbone_spazio_spadoni_progetto_hic_sum_formazione-14-scaled-1.jpg\"\/><\/figure>\n\n\n<figure class=\"wp-block-image size-large formazione\"><img decoding=\"async\" alt=\"2025 octobre 21 24 s&#x153;ur blandina san cerbone spazio + spadoni projet hic sum formation 11 scaled\" src=\"https:\/\/spaziospadoni.org\/wp-content\/uploads\/2026\/05\/2025_ottobre_21_24_suor_blandina_san_cerbone_spazio_spadoni_progetto_hic_sum_formazione-11-scaled-1.jpg\"\/><\/figure>\n\n\n<figure class=\"wp-block-image size-large formazione\"><img decoding=\"async\" alt=\"2025 octobre 21 24 s&#x153;ur blandina san cerbone spazio + spadoni projet hic sum formation 16 scaled\" src=\"https:\/\/spaziospadoni.org\/wp-content\/uploads\/2026\/05\/2025_ottobre_21_24_suor_blandina_san_cerbone_spazio_spadoni_progetto_hic_sum_formazione-16-scaled-1.jpg\"\/><\/figure>\n\n\n<figure class=\"wp-block-image size-large formazione\"><img decoding=\"async\" alt=\"2025 octobre 21 24 s&#x153;ur blandina san cerbone spazio + spadoni projet hic sum formation 20 scaled\" src=\"https:\/\/spaziospadoni.org\/wp-content\/uploads\/2026\/05\/2025_ottobre_21_24_suor_blandina_san_cerbone_spazio_spadoni_progetto_hic_sum_formazione-20-scaled-1.jpg\"\/><\/figure>\n\n\n<figure class=\"wp-block-image size-large formazione\"><img decoding=\"async\" alt=\"2025 octobre 21 24 s&#x153;ur blandina san cerbone spazio + spadoni projet hic sum formation 21 scaled\" src=\"https:\/\/spaziospadoni.org\/wp-content\/uploads\/2026\/05\/2025_ottobre_21_24_suor_blandina_san_cerbone_spazio_spadoni_progetto_hic_sum_formazione-21-scaled-1.jpg\"\/><\/figure>\n\n\n<figure class=\"wp-block-image size-large formazione\"><img decoding=\"async\" alt=\"2025 octobre 21 24 s&#x153;ur blandina san cerbone spazio + spadoni projet hic sum formation 1 scaled\" src=\"https:\/\/spaziospadoni.org\/wp-content\/uploads\/2026\/05\/2025_ottobre_21_24_suor_blandina_san_cerbone_spazio_spadoni_progetto_hic_sum_formazione-1-scaled-1.jpg\"\/><\/figure>\n\n\n<figure class=\"wp-block-image size-large formazione\"><img decoding=\"async\" alt=\"2025 octobre 21 24 s&#x153;ur blandina san cerbone spazio + spadoni projet hic sum formation 25 scaled\" src=\"https:\/\/spaziospadoni.org\/wp-content\/uploads\/2026\/05\/2025_ottobre_21_24_suor_blandina_san_cerbone_spazio_spadoni_progetto_hic_sum_formazione-25-scaled-1.jpg\"\/><\/figure>\n\n\n<figure class=\"wp-block-image size-large formazione\"><img decoding=\"async\" alt=\"2025 octobre 21 24 s&#x153;ur blandina san cerbone spazio + spadoni projet hic sum formation 24 scaled\" src=\"https:\/\/spaziospadoni.org\/wp-content\/uploads\/2026\/05\/2025_ottobre_21_24_suor_blandina_san_cerbone_spazio_spadoni_progetto_hic_sum_formazione-24-scaled-1.jpg\"\/><\/figure>\n\n\n<figure class=\"wp-block-image size-large formazione\"><img decoding=\"async\" alt=\"2025 octobre 21 24 s&#x153;ur blandina san cerbone spazio + spadoni projet hic sum formation 23 scaled\" src=\"https:\/\/spaziospadoni.org\/wp-content\/uploads\/2026\/05\/2025_ottobre_21_24_suor_blandina_san_cerbone_spazio_spadoni_progetto_hic_sum_formazione-23-scaled-1.jpg\"\/><\/figure>\n\n\n<figure class=\"wp-block-image size-large formazione\"><img decoding=\"async\" alt=\"2025 octobre 21 24 s&#x153;ur blandina san cerbone spazio + spadoni projet hic sum formation 26 scaled\" src=\"https:\/\/spaziospadoni.org\/wp-content\/uploads\/2026\/05\/2025_ottobre_21_24_suor_blandina_san_cerbone_spazio_spadoni_progetto_hic_sum_formazione-26-scaled-1.jpg\"\/><\/figure>\n\n\n<figure class=\"wp-block-image size-large formazione\"><img decoding=\"async\" alt=\"2025 octobre 21 24 s&#x153;ur blandina san cerbone spazio + spadoni projet hic sum formation 27 scaled\" src=\"https:\/\/spaziospadoni.org\/wp-content\/uploads\/2026\/05\/2025_ottobre_21_24_suor_blandina_san_cerbone_spazio_spadoni_progetto_hic_sum_formazione-27-scaled-1.jpg\"\/><\/figure>\n\n\n<figure class=\"wp-block-image size-large formazione\"><img decoding=\"async\" alt=\"2025 octobre 21 24 s&#x153;ur blandina san cerbone spazio + spadoni projet hic sum formation 30 scaled\" src=\"https:\/\/spaziospadoni.org\/wp-content\/uploads\/2026\/05\/2025_ottobre_21_24_suor_blandina_san_cerbone_spazio_spadoni_progetto_hic_sum_formazione-30-scaled-1.jpg\"\/><\/figure>\n\n\n<figure class=\"wp-block-image size-large formazione\"><img decoding=\"async\" alt=\"2025 septembre 4 s&#x153;ur Blandina rsa firenzuola rencontre luigi spadoni spazio + spadoni &#x153;uvres de mis&#xE9;ricorde 10\" src=\"https:\/\/spaziospadoni.org\/wp-content\/uploads\/2026\/05\/2025_settembre_4_suor_Blandina_rsa_firenzuola_incontro_luigi_spadonispazio_opere_misericordia-10.jpg\"\/><\/figure>\n\n\n<figure class=\"wp-block-image size-large formazione\"><img decoding=\"async\" alt=\"2025 septembre 4 s&#x153;ur Blandina rsa firenzuola rencontre luigi spadoni spazio + spadoni &#x153;uvres de mis&#xE9;ricorde 11\" src=\"https:\/\/spaziospadoni.org\/wp-content\/uploads\/2026\/05\/2025_settembre_4_suor_Blandina_rsa_firenzuola_incontro_luigi_spadonispazio_opere_misericordia-11.jpg\"\/><\/figure>\n\n\n<figure class=\"wp-block-image size-large formazione\"><img decoding=\"async\" alt=\"2025 octobre 25 26 s&#x153;ur blandina rome porte sainte jubil&#xE9; de l'esp&#xE9;rance 8\" src=\"https:\/\/spaziospadoni.org\/wp-content\/uploads\/2026\/05\/2025_ottobre_25_26_suor_blandina_roma_porta_santa_giubileo_speranza-8.jpeg\"\/><\/figure>\n\n\n<figure class=\"wp-block-image size-large formazione\"><img decoding=\"async\" alt=\"2025 octobre 25 26 s&#x153;ur blandina rome porte sainte jubil&#xE9; de l'esp&#xE9;rance 2\" src=\"https:\/\/spaziospadoni.org\/wp-content\/uploads\/2026\/05\/2025_ottobre_25_26_suor_blandina_roma_porta_santa_giubileo_speranza-2.jpeg\"\/><\/figure>\n\n\n<figure class=\"wp-block-image size-large formazione\"><img decoding=\"async\" alt=\"2025 octobre 25 26 s&#x153;ur blandina rome porte sainte jubil&#xE9; de l'esp&#xE9;rance 9\" src=\"https:\/\/spaziospadoni.org\/wp-content\/uploads\/2026\/05\/2025_ottobre_25_26_suor_blandina_roma_porta_santa_giubileo_speranza-9.jpeg\"\/><\/figure>\n\n\n<figure class=\"wp-block-image size-large formazione\"><img decoding=\"async\" alt=\"2025 octobre 25 26 s&#x153;ur blandina rome porte sainte jubil&#xE9; de l'esp&#xE9;rance 4\" src=\"https:\/\/spaziospadoni.org\/wp-content\/uploads\/2026\/05\/2025_ottobre_25_26_suor_blandina_roma_porta_santa_giubileo_speranza-4.jpeg\"\/><\/figure>\n\n\n<figure class=\"wp-block-image size-large formazione\"><img decoding=\"async\" alt=\"2025 octobre 25 26 s&#x153;ur blandina rome porte sainte jubil&#xE9; de l'esp&#xE9;rance 3\" src=\"https:\/\/spaziospadoni.org\/wp-content\/uploads\/2026\/05\/2025_ottobre_25_26_suor_blandina_roma_porta_santa_giubileo_speranza-3.jpeg\"\/><\/figure>\n\n\n<figure class=\"wp-block-image size-large formazione\"><img decoding=\"async\" alt=\"2025 novembre 7 salut s&#x153;ur blandina rsa firenzuola spazio + spadoni projet hic sum operam foulard 3\" src=\"https:\/\/spaziospadoni.org\/wp-content\/uploads\/2026\/05\/2025_novembre_7_saluto_suor_blandina_rsa_firenzuola_spazio_spadoni_progetto_huic_sum_operam_foulard-3.jpeg\"\/><\/figure>\n\n\n<figure class=\"wp-block-image size-large formazione\"><img decoding=\"async\" alt=\"2025 novembre 7 salut s&#x153;ur blandina rsa firenzuola spazio + spadoni projet hic sum operam 2\" src=\"https:\/\/spaziospadoni.org\/wp-content\/uploads\/2026\/05\/2025_novembre_7_saluto_suor_blandina_rsa_firenzuola_spazio_spadoni_progetto_huic_sum_operam-2.jpeg\"\/><\/figure>\n\n\n<figure class=\"wp-block-image size-large malawi\"><img decoding=\"async\" alt=\"2025 novembre 8 d&#xE9;part s&#x153;ur blandina spazio + spadoni projet hic sum operam 2\" src=\"https:\/\/spaziospadoni.org\/wp-content\/uploads\/2026\/05\/2025_movembre_8_partenza_suor_blandina_spazio_spadoni_progetto_hic_sum_operam-2.jpeg\"\/><\/figure>\n\n\n<figure class=\"wp-block-image size-large malawi\"><img decoding=\"async\" alt=\"2025 novembre 8 d&#xE9;part s&#x153;ur blandina spazio + spadoni projet hic sum operam 1\" src=\"https:\/\/spaziospadoni.org\/wp-content\/uploads\/2026\/05\/2025_movembre_8_partenza_suor_blandina_spazio_spadoni_progetto_hic_sum_operam-1.jpeg\"\/><\/figure>\n\n\n<figure class=\"wp-block-image size-large malawi\"><img decoding=\"async\" alt=\"2025 d&#xE9;cembre s&#x153;ur blandina malawi formation &#x153;uvres de mis&#xE9;ricorde spazio + spadoni operam 1\" src=\"https:\/\/spaziospadoni.org\/wp-content\/uploads\/2026\/05\/2025_dicembre_suor_blandina_malawi_formazione_opere_misericordia_spazio_spadoni_operam-1.jpeg\"\/><\/figure>\n\n\n<figure class=\"wp-block-image size-large malawi\"><img decoding=\"async\" alt=\"2025 d&#xE9;cembre s&#x153;ur blandina malawi formation &#x153;uvres de mis&#xE9;ricorde spazio + spadoni operam 2\" src=\"https:\/\/spaziospadoni.org\/wp-content\/uploads\/2026\/05\/2025_dicembre_suor_blandina_malawi_formazione_opere_misericordia_spazio_spadoni_operam-2.jpeg\"\/><\/figure>\n\n\n<figure class=\"wp-block-image size-large malawi\"><img decoding=\"async\" alt=\"2025 d&#xE9;cembre s&#x153;ur blandina malawi formation &#x153;uvres de mis&#xE9;ricorde spazio + spadoni operam 3\" src=\"https:\/\/spaziospadoni.org\/wp-content\/uploads\/2026\/05\/2025_dicembre_suor_blandina_malawi_formazione_opere_misericordia_spazio_spadoni_operam-3.jpeg\"\/><\/figure>\n\n\n<figure class=\"wp-block-image size-large malawi\"><img decoding=\"async\" alt=\"2025 d&#xE9;cembre s&#x153;ur blandina malawi formation &#x153;uvres de mis&#xE9;ricorde spazio + spadoni operam 5\" src=\"https:\/\/spaziospadoni.org\/wp-content\/uploads\/2026\/05\/2025_dicembre_suor_blandina_malawi_formazione_opere_misericordia_spazio_spadoni_operam-5.jpeg\"\/><\/figure>\n\n<\/figure>\n\n\n<div class=\"gb-element-b24bbf5e ss-media-videos\">\n\n<figure class=\"wp-block-video video\"><video controls=\"\" src=\"https:\/\/spaziospadoni.org\/wp-content\/uploads\/2026\/05\/2023_marzo_san_giuseppe_suor_agnes_spiega_opere_misericordia.mp4\"><\/video><figcaption class=\"wp-element-caption\">2023 mars saint joseph s\u0153ur agnes explique les \u0153uvres de mis\u00e9ricorde<\/figcaption><\/figure>\n\n\n<figure class=\"wp-block-video video\"><video controls=\"\" src=\"https:\/\/spaziospadoni.org\/wp-content\/uploads\/2026\/05\/ottobre_2023_apostolato_ospedale_rwanda_opere_misericordia_operam_spazio_spadoni_suor_agnes.mp4\"><\/video><figcaption class=\"wp-element-caption\">octobre 2023 apostolat h\u00f4pital rwanda \u0153uvres de mis\u00e9ricorde operam spazio + spadoni s\u0153ur agnes<\/figcaption><\/figure>\n\n\n<figure class=\"wp-block-video video\"><video controls=\"\" src=\"https:\/\/spaziospadoni.org\/wp-content\/uploads\/2026\/05\/maggio_2025_apostolato_ospedale_operam_opere_misericordia_rwanda_suor_agnes_spazio_spadoni-2.mp4\"><\/video><figcaption class=\"wp-element-caption\">mai 2025 apostolat h\u00f4pital operam \u0153uvres de mis\u00e9ricorde rwanda s\u0153ur agnes spazio + spadoni 2<\/figcaption><\/figure>\n\n\n<figure class=\"wp-block-video video\"><video controls=\"\" src=\"https:\/\/spaziospadoni.org\/wp-content\/uploads\/2026\/05\/maggio_2025_apostolato_ospedale_operam_opere_misericordia_rwanda_suor_agnes_spazio_spadoni-1.mp4\"><\/video><figcaption class=\"wp-element-caption\">mai 2025 apostolat h\u00f4pital operam \u0153uvres de mis\u00e9ricorde rwanda s\u0153ur agnes spazio + spadoni 1<\/figcaption><\/figure>\n\n\n<figure class=\"wp-block-video video\"><video controls=\"\" src=\"https:\/\/spaziospadoni.org\/wp-content\/uploads\/2026\/05\/13.09.2025.mp4\"><\/video><figcaption class=\"wp-element-caption\">13.09.2025<\/figcaption><\/figure>\n\n\n<figure class=\"wp-block-video video\"><video controls=\"\" src=\"https:\/\/spaziospadoni.org\/wp-content\/uploads\/2026\/05\/2025_aprile_operam_opere_misericordia_spazio_spadoni_butare_ruanda_volontari.mp4\"><\/video><figcaption class=\"wp-element-caption\">2025 avril operam \u0153uvres de mis\u00e9ricorde spazio + spadoni butare rwanda volontaires<\/figcaption><\/figure>\n\n\n<figure class=\"wp-block-video video\"><video controls=\"\" src=\"https:\/\/spaziospadoni.org\/wp-content\/uploads\/2026\/05\/2025_ottobre_18_suor_agnes_esperance_rwanda_opere_misericordia_volontari_ospedale-1.mp4\"><\/video><figcaption class=\"wp-element-caption\">2025 octobre 18 s\u0153ur agnes esperance rwanda \u0153uvres de mis\u00e9ricorde volontaires h\u00f4pital 1<\/figcaption><\/figure>\n\n<\/div>\n\n<\/div>\n\n<\/div>\n\n<\/div>\n\n","protected":false},"excerpt":{"rendered":"<p>Dedza | Dedza (Malawi) OPERA M26 MISSION Lieu Dedza Dioc\u00e8se Dedza Nation Malawi Continent Afrique Coordonn\u00e9es GPS -14.38197 34.32502 Fuseau horaire UTC+2 ORGANIZZATORE Congr\u00e9gation Presentation of the Virgin Mary Sisters Maison M\u00e8re Dedza, Malawi Dioc\u00e8se Dedza Nation Malawi Continent Afrique F\u00eate de la Congr\u00e9gation 21 novembre Coordonn\u00e9es GPS -14.37888 34.33407 Fuseau horaire UTC+2 R\u00e9f\u00e9rent S\u0153ur &#8230; <a title=\"Malawi &#8211; Afrique | Projet M26\" class=\"read-more\" href=\"https:\/\/spaziospadoni.org\/fr\/opera-m\/malawi-afrique-projet-m26\/\" aria-label=\"Read more about Malawi &#8211; Afrique | Projet M26\">Lire plus<\/a><\/p>\n","protected":false},"author":102,"featured_media":0,"parent":89581,"menu_order":0,"comment_status":"closed","ping_status":"closed","template":"","meta":{"_sitemap_exclude":false,"_sitemap_priority":"","_sitemap_frequency":"","footnotes":""},"class_list":["post-58796","page","type-page","status-publish","infinite-scroll-item"],"yoast_head":"<!-- This site is optimized with the Yoast SEO plugin v28.4 - https:\/\/yoast.com\/product\/yoast-seo-wordpress\/ -->\n<title>Malawi - Afrique | Projet M26 | Spazio Spadoni<\/title>\n<meta name=\"description\" content=\"Dedza | Dedza (Malawi) OPERA M26 MISSION Lieu Dedza Dioc\u00e8se Dedza Nation Malawi Continent Afrique Coordonn\u00e9es GPS -14.38197 34.32502 Fuseau horaire UTC+2\" \/>\n<meta name=\"robots\" content=\"index, follow, max-snippet:-1, max-image-preview:large, max-video-preview:-1\" \/>\n<link rel=\"canonical\" href=\"https:\/\/spaziospadoni.org\/fr\/opera-m\/malawi-afrique-projet-m26\/\" \/>\n<meta property=\"og:locale\" content=\"fr_FR\" \/>\n<meta property=\"og:type\" content=\"article\" \/>\n<meta property=\"og:title\" content=\"Malawi - Afrique | Projet M26 | Spazio Spadoni\" \/>\n<meta property=\"og:description\" content=\"Dedza | Dedza (Malawi) OPERA M26 MISSION Lieu Dedza Dioc\u00e8se Dedza Nation Malawi Continent Afrique Coordonn\u00e9es GPS -14.38197 34.32502 Fuseau horaire UTC+2\" \/>\n<meta property=\"og:url\" content=\"https:\/\/spaziospadoni.org\/fr\/opera-m\/malawi-afrique-projet-m26\/\" \/>\n<meta property=\"og:site_name\" content=\"spazio + spadoni\" \/>\n<meta property=\"article:publisher\" content=\"https:\/\/www.facebook.com\/SpazioSpadoni\/\" \/>\n<meta property=\"article:modified_time\" content=\"2026-08-17T11:18:08+00:00\" \/>\n<meta property=\"og:image\" content=\"https:\/\/spaziospadoni.org\/wp-content\/uploads\/2026\/05\/hicsum_1_congo-spaziospadoni-scaled.png\" \/>\n\t<meta property=\"og:image:width\" content=\"2560\" \/>\n\t<meta property=\"og:image:height\" content=\"1771\" \/>\n\t<meta property=\"og:image:type\" content=\"image\/png\" \/>\n<meta name=\"twitter:card\" content=\"summary_large_image\" \/>\n<meta name=\"twitter:label1\" content=\"Est. reading time\" \/>\n\t<meta name=\"twitter:data1\" content=\"3 minutes\" \/>\n<script type=\"application\/ld+json\" class=\"yoast-schema-graph\">{\"@context\":\"https:\\\/\\\/schema.org\",\"@graph\":[{\"@type\":\"WebPage\",\"@id\":\"https:\\\/\\\/spaziospadoni.org\\\/fr\\\/opera-m\\\/malawi-afrique-projet-m26\\\/\",\"url\":\"https:\\\/\\\/spaziospadoni.org\\\/fr\\\/opera-m\\\/malawi-afrique-projet-m26\\\/\",\"name\":\"Malawi - Afrique | Projet M26 | Spazio Spadoni\",\"isPartOf\":{\"@id\":\"https:\\\/\\\/spaziospadoni.org\\\/fr\\\/#website\"},\"primaryImageOfPage\":{\"@id\":\"https:\\\/\\\/spaziospadoni.org\\\/fr\\\/opera-m\\\/malawi-afrique-projet-m26\\\/#primaryimage\"},\"image\":{\"@id\":\"https:\\\/\\\/spaziospadoni.org\\\/fr\\\/opera-m\\\/malawi-afrique-projet-m26\\\/#primaryimage\"},\"thumbnailUrl\":\"https:\\\/\\\/spaziospadoni.org\\\/wp-content\\\/uploads\\\/2026\\\/05\\\/hicsum_23_malawi-spaziospadoni-2-scaled.png\",\"datePublished\":\"2026-05-18T11:03:38+00:00\",\"dateModified\":\"2026-08-17T11:18:08+00:00\",\"description\":\"Dedza | Dedza (Malawi) OPERA M26 MISSION Lieu Dedza Dioc\u00e8se Dedza Nation Malawi Continent Afrique Coordonn\u00e9es GPS -14.38197 34.32502 Fuseau horaire UTC+2\",\"breadcrumb\":{\"@id\":\"https:\\\/\\\/spaziospadoni.org\\\/fr\\\/opera-m\\\/malawi-afrique-projet-m26\\\/#breadcrumb\"},\"inLanguage\":\"fr-FR\",\"potentialAction\":[{\"@type\":\"ReadAction\",\"target\":[\"https:\\\/\\\/spaziospadoni.org\\\/fr\\\/opera-m\\\/malawi-afrique-projet-m26\\\/\"]}]},{\"@type\":\"ImageObject\",\"inLanguage\":\"fr-FR\",\"@id\":\"https:\\\/\\\/spaziospadoni.org\\\/fr\\\/opera-m\\\/malawi-afrique-projet-m26\\\/#primaryimage\",\"url\":\"https:\\\/\\\/spaziospadoni.org\\\/wp-content\\\/uploads\\\/2026\\\/05\\\/hicsum_23_malawi-spaziospadoni-2-scaled.png\",\"contentUrl\":\"https:\\\/\\\/spaziospadoni.org\\\/wp-content\\\/uploads\\\/2026\\\/05\\\/hicsum_23_malawi-spaziospadoni-2-scaled.png\"},{\"@type\":\"BreadcrumbList\",\"@id\":\"https:\\\/\\\/spaziospadoni.org\\\/fr\\\/opera-m\\\/malawi-afrique-projet-m26\\\/#breadcrumb\",\"itemListElement\":[{\"@type\":\"ListItem\",\"position\":1,\"name\":\"Home\",\"item\":\"https:\\\/\\\/spaziospadoni.org\\\/fr\\\/\"},{\"@type\":\"ListItem\",\"position\":2,\"name\":\"Opera M\",\"item\":\"https:\\\/\\\/spaziospadoni.org\\\/fr\\\/opera-m\\\/\"},{\"@type\":\"ListItem\",\"position\":3,\"name\":\"Malawi &#8211; Afrique | Projet M26\"}]},{\"@type\":\"WebSite\",\"@id\":\"https:\\\/\\\/spaziospadoni.org\\\/fr\\\/#website\",\"url\":\"https:\\\/\\\/spaziospadoni.org\\\/fr\\\/\",\"name\":\"spazio + spadoni\",\"description\":\"Generazione di misericordia e missione nel mondo\",\"publisher\":{\"@id\":\"https:\\\/\\\/spaziospadoni.org\\\/fr\\\/#organization\"},\"alternateName\":\"spaziospadoni.org\",\"potentialAction\":[{\"@type\":\"SearchAction\",\"target\":{\"@type\":\"EntryPoint\",\"urlTemplate\":\"https:\\\/\\\/spaziospadoni.org\\\/fr\\\/?s={search_term_string}\"},\"query-input\":{\"@type\":\"PropertyValueSpecification\",\"valueRequired\":true,\"valueName\":\"search_term_string\"}}],\"inLanguage\":\"fr-FR\"},{\"@type\":\"Organization\",\"@id\":\"https:\\\/\\\/spaziospadoni.org\\\/fr\\\/#organization\",\"name\":\"spazio + spadoni\",\"alternateName\":\"spaziospadoni.org\",\"url\":\"https:\\\/\\\/spaziospadoni.org\\\/fr\\\/\",\"logo\":{\"@type\":\"ImageObject\",\"inLanguage\":\"fr-FR\",\"@id\":\"https:\\\/\\\/spaziospadoni.org\\\/fr\\\/#\\\/schema\\\/logo\\\/image\\\/\",\"url\":\"https:\\\/\\\/spaziospadoni.org\\\/wp-content\\\/uploads\\\/2026\\\/05\\\/spazio-spadoni-logo-100x100-1.webp\",\"contentUrl\":\"https:\\\/\\\/spaziospadoni.org\\\/wp-content\\\/uploads\\\/2026\\\/05\\\/spazio-spadoni-logo-100x100-1.webp\",\"width\":100,\"height\":100,\"caption\":\"spazio + spadoni\"},\"image\":{\"@id\":\"https:\\\/\\\/spaziospadoni.org\\\/fr\\\/#\\\/schema\\\/logo\\\/image\\\/\"},\"sameAs\":[\"https:\\\/\\\/www.facebook.com\\\/SpazioSpadoni\\\/\",\"https:\\\/\\\/www.instagram.com\\\/spaziospadoni\\\/\",\"https:\\\/\\\/www.youtube.com\\\/@spaziospadoni\\\/playlists\"]}]}<\/script>\n<!-- \/ Yoast SEO plugin. -->","yoast_head_json":{"title":"Malawi - Afrique | Projet M26 | Spazio Spadoni","description":"Dedza | Dedza (Malawi) OPERA M26 MISSION Lieu Dedza Dioc\u00e8se Dedza Nation Malawi Continent Afrique Coordonn\u00e9es GPS -14.38197 34.32502 Fuseau horaire UTC+2","robots":{"index":"index","follow":"follow","max-snippet":"max-snippet:-1","max-image-preview":"max-image-preview:large","max-video-preview":"max-video-preview:-1"},"canonical":"https:\/\/spaziospadoni.org\/fr\/opera-m\/malawi-afrique-projet-m26\/","og_locale":"fr_FR","og_type":"article","og_title":"Malawi - Afrique | Projet M26 | Spazio Spadoni","og_description":"Dedza | Dedza (Malawi) OPERA M26 MISSION Lieu Dedza Dioc\u00e8se Dedza Nation Malawi Continent Afrique Coordonn\u00e9es GPS -14.38197 34.32502 Fuseau horaire UTC+2","og_url":"https:\/\/spaziospadoni.org\/fr\/opera-m\/malawi-afrique-projet-m26\/","og_site_name":"spazio + spadoni","article_publisher":"https:\/\/www.facebook.com\/SpazioSpadoni\/","article_modified_time":"2026-08-17T11:18:08+00:00","og_image":[{"width":2560,"height":1771,"url":"https:\/\/spaziospadoni.org\/wp-content\/uploads\/2026\/05\/hicsum_1_congo-spaziospadoni-scaled.png","type":"image\/png"}],"twitter_card":"summary_large_image","twitter_misc":{"Est. reading time":"3 minutes"},"schema":{"@context":"https:\/\/schema.org","@graph":[{"@type":"WebPage","@id":"https:\/\/spaziospadoni.org\/fr\/opera-m\/malawi-afrique-projet-m26\/","url":"https:\/\/spaziospadoni.org\/fr\/opera-m\/malawi-afrique-projet-m26\/","name":"Malawi - Afrique | Projet M26 | Spazio Spadoni","isPartOf":{"@id":"https:\/\/spaziospadoni.org\/fr\/#website"},"primaryImageOfPage":{"@id":"https:\/\/spaziospadoni.org\/fr\/opera-m\/malawi-afrique-projet-m26\/#primaryimage"},"image":{"@id":"https:\/\/spaziospadoni.org\/fr\/opera-m\/malawi-afrique-projet-m26\/#primaryimage"},"thumbnailUrl":"https:\/\/spaziospadoni.org\/wp-content\/uploads\/2026\/05\/hicsum_23_malawi-spaziospadoni-2-scaled.png","datePublished":"2026-05-18T11:03:38+00:00","dateModified":"2026-08-17T11:18:08+00:00","description":"Dedza | Dedza (Malawi) OPERA M26 MISSION Lieu Dedza Dioc\u00e8se Dedza Nation Malawi Continent Afrique Coordonn\u00e9es GPS -14.38197 34.32502 Fuseau horaire UTC+2","breadcrumb":{"@id":"https:\/\/spaziospadoni.org\/fr\/opera-m\/malawi-afrique-projet-m26\/#breadcrumb"},"inLanguage":"fr-FR","potentialAction":[{"@type":"ReadAction","target":["https:\/\/spaziospadoni.org\/fr\/opera-m\/malawi-afrique-projet-m26\/"]}]},{"@type":"ImageObject","inLanguage":"fr-FR","@id":"https:\/\/spaziospadoni.org\/fr\/opera-m\/malawi-afrique-projet-m26\/#primaryimage","url":"https:\/\/spaziospadoni.org\/wp-content\/uploads\/2026\/05\/hicsum_23_malawi-spaziospadoni-2-scaled.png","contentUrl":"https:\/\/spaziospadoni.org\/wp-content\/uploads\/2026\/05\/hicsum_23_malawi-spaziospadoni-2-scaled.png"},{"@type":"BreadcrumbList","@id":"https:\/\/spaziospadoni.org\/fr\/opera-m\/malawi-afrique-projet-m26\/#breadcrumb","itemListElement":[{"@type":"ListItem","position":1,"name":"Home","item":"https:\/\/spaziospadoni.org\/fr\/"},{"@type":"ListItem","position":2,"name":"Opera M","item":"https:\/\/spaziospadoni.org\/fr\/opera-m\/"},{"@type":"ListItem","position":3,"name":"Malawi &#8211; Afrique | Projet M26"}]},{"@type":"WebSite","@id":"https:\/\/spaziospadoni.org\/fr\/#website","url":"https:\/\/spaziospadoni.org\/fr\/","name":"spazio + spadoni","description":"Generazione di misericordia e missione nel mondo","publisher":{"@id":"https:\/\/spaziospadoni.org\/fr\/#organization"},"alternateName":"spaziospadoni.org","potentialAction":[{"@type":"SearchAction","target":{"@type":"EntryPoint","urlTemplate":"https:\/\/spaziospadoni.org\/fr\/?s={search_term_string}"},"query-input":{"@type":"PropertyValueSpecification","valueRequired":true,"valueName":"search_term_string"}}],"inLanguage":"fr-FR"},{"@type":"Organization","@id":"https:\/\/spaziospadoni.org\/fr\/#organization","name":"spazio + spadoni","alternateName":"spaziospadoni.org","url":"https:\/\/spaziospadoni.org\/fr\/","logo":{"@type":"ImageObject","inLanguage":"fr-FR","@id":"https:\/\/spaziospadoni.org\/fr\/#\/schema\/logo\/image\/","url":"https:\/\/spaziospadoni.org\/wp-content\/uploads\/2026\/05\/spazio-spadoni-logo-100x100-1.webp","contentUrl":"https:\/\/spaziospadoni.org\/wp-content\/uploads\/2026\/05\/spazio-spadoni-logo-100x100-1.webp","width":100,"height":100,"caption":"spazio + spadoni"},"image":{"@id":"https:\/\/spaziospadoni.org\/fr\/#\/schema\/logo\/image\/"},"sameAs":["https:\/\/www.facebook.com\/SpazioSpadoni\/","https:\/\/www.instagram.com\/spaziospadoni\/","https:\/\/www.youtube.com\/@spaziospadoni\/playlists"]}]}},"_links":{"self":[{"href":"https:\/\/spaziospadoni.org\/fr\/wp-json\/wp\/v2\/pages\/58796","targetHints":{"allow":["GET"]}}],"collection":[{"href":"https:\/\/spaziospadoni.org\/fr\/wp-json\/wp\/v2\/pages"}],"about":[{"href":"https:\/\/spaziospadoni.org\/fr\/wp-json\/wp\/v2\/types\/page"}],"author":[{"embeddable":true,"href":"https:\/\/spaziospadoni.org\/fr\/wp-json\/wp\/v2\/users\/102"}],"replies":[{"embeddable":true,"href":"https:\/\/spaziospadoni.org\/fr\/wp-json\/wp\/v2\/comments?post=58796"}],"version-history":[{"count":2,"href":"https:\/\/spaziospadoni.org\/fr\/wp-json\/wp\/v2\/pages\/58796\/revisions"}],"predecessor-version":[{"id":90293,"href":"https:\/\/spaziospadoni.org\/fr\/wp-json\/wp\/v2\/pages\/58796\/revisions\/90293"}],"up":[{"embeddable":true,"href":"https:\/\/spaziospadoni.org\/fr\/wp-json\/wp\/v2\/pages\/89581"}],"wp:attachment":[{"href":"https:\/\/spaziospadoni.org\/fr\/wp-json\/wp\/v2\/media?parent=58796"}],"curies":[{"name":"wp","href":"https:\/\/api.w.org\/{rel}","templated":true}]}}