{"id":59016,"date":"2026-05-18T12:15:26","date_gmt":"2026-05-18T11:15:26","guid":{"rendered":"https:\/\/spaziospadoni.org\/oeuvres-de-misericorde\/mexique-amerique-projet-m11\/"},"modified":"2026-08-17T12:18:38","modified_gmt":"2026-08-17T11:18:38","slug":"mexique-amerique-projet-m11","status":"publish","type":"page","link":"https:\/\/spaziospadoni.org\/fr\/opera-m\/mexique-amerique-projet-m11\/","title":{"rendered":"Mexique &#8211; Am\u00e9rique | Projet M11"},"content":{"rendered":"\n<div class=\"ss-project-hero-card\">\n<h2 id=\"puebla-puebla-mexique\" class=\"gb-text gb-text-62a95885\">Puebla | Puebla (Mexique)<\/h2>\n\n\n\n<div class=\"gb-element-f60f2409\">\n<div class=\"gb-element-90a85740 ss-project-sidebar\">\n<h2 id=\"opera-m11\" class=\"gb-text ss-project-title\">OPERA M11<\/h2>\n\n\n\n<figure class=\"wp-block-image size-large\"><img decoding=\"async\" src=\"https:\/\/spaziospadoni.org\/wp-content\/uploads\/2026\/05\/hicsum_20_messico-spaziospadoni.png\" alt=\"hic sum 20 mexique spazio + spadoni\" class=\"wp-image-43007\"\/><\/figure>\n\n\n\n<div class=\"ss-project-table\">\n<div class=\"ss-table-section-title\">\n<h3 id=\"mission\" class=\"gb-text\">MISSION<\/h3>\n<\/div>\n\n\n\n<div class=\"ss-table-row\">\n<p class=\"gb-text\">Lieu<\/p>\n\n\n\n<p class=\"gb-text\"><a href=\"https:\/\/www.google.it\/maps\/place\/Puebla,+Messico\/@19.0401912,-98.2745832,12z\/data=!3m1!4b1!4m6!3m5!1s0x85cfc0bd5ebc7a3b:0x48a6461de494ad95!8m2!3d19.0414398!4d-98.2062727!16zL20vMDE4M3pf?entry=ttu&#038;g_ep=EgoyMDI1MDMyNS4xIKXMDSoJLDEwMjExNjM5SAFQAw%3D%3D\" rel=\"noreferrer noopener\" target=\"_blank\" title=\"Puebla\">Puebla<\/a><\/p>\n<\/div>\n\n\n\n<div class=\"ss-table-row\">\n<p class=\"gb-text\">Dioc\u00e8se<\/p>\n\n\n\n<p class=\"gb-text\">Puebla<\/p>\n<\/div>\n\n\n\n<div class=\"ss-table-row\">\n<p class=\"gb-text\">Nation<\/p>\n\n\n\n<p class=\"gb-text\"><strong>Mexico<\/strong><\/p>\n<\/div>\n\n\n\n<div class=\"ss-table-row\">\n<p class=\"gb-text\">Continent<\/p>\n\n\n\n<p class=\"gb-text\">Am\u00e9rique<\/p>\n<\/div>\n\n\n\n<div class=\"ss-table-row\">\n<p class=\"gb-text\">Coordonn\u00e9es GPS<\/p>\n\n\n\n<p class=\"gb-text\">18.49349 -98.24490<\/p>\n<\/div>\n\n\n\n<div class=\"ss-table-row\">\n<p class=\"gb-text\">Fuseau horaire<\/p>\n\n\n\n<p class=\"gb-text\">UTC-6<\/p>\n<\/div>\n<\/div>\n\n\n\n<div class=\"ss-project-table\">\n<div class=\"ss-table-section-title\">\n<h3 id=\"organisateur\" class=\"gb-text\">ORGANISATEUR<\/h3>\n<\/div>\n\n\n\n<div class=\"ss-table-row\">\n<p class=\"gb-text\">Congr\u00e9gation<\/p>\n\n\n\n<p class=\"gb-text\">Misioneras Catequistas de los Sagrados Corazones de Jes\u00f9s y de Mar\u00eca<\/p>\n<\/div>\n\n\n\n<div class=\"ss-table-row\">\n<p class=\"gb-text\">Maison M\u00e8re<\/p>\n\n\n\n<p class=\"gb-text\">Citt\u00e0 del Messico<\/p>\n<\/div>\n\n\n\n<div class=\"ss-table-row\">\n<p class=\"gb-text\">Dioc\u00e8se<\/p>\n\n\n\n<p class=\"gb-text\">Citt\u00e0 del Messico<\/p>\n<\/div>\n\n\n\n<div class=\"ss-table-row\">\n<p class=\"gb-text\">Nation<\/p>\n\n\n\n<p class=\"gb-text\">Mexico<\/p>\n<\/div>\n\n\n\n<div class=\"ss-table-row\">\n<p class=\"gb-text\">Continent<\/p>\n\n\n\n<p class=\"gb-text\">Am\u00e9rique<\/p>\n<\/div>\n\n\n\n<div class=\"ss-table-row\">\n<p class=\"gb-text\">F\u00eate de la Congr\u00e9gation<\/p>\n\n\n\n<p class=\"gb-text\">Sacr\u00e9-C\u0153ur de J\u00e9sus et Sacr\u00e9-C\u0153ur de Marie<\/p>\n<\/div>\n\n\n\n<div class=\"ss-table-row\">\n<p class=\"gb-text\">Coordonn\u00e9es GPS<\/p>\n\n\n\n<p class=\"gb-text\">19.43211 -99.14912<\/p>\n<\/div>\n\n\n\n<div class=\"ss-table-row\">\n<p class=\"gb-text\">Fuseau horaire<\/p>\n\n\n\n<p class=\"gb-text\">UTC-6<\/p>\n<\/div>\n\n\n\n<div class=\"ss-table-row\">\n<p class=\"gb-text\">R\u00e9f\u00e9rent<\/p>\n\n\n\n<p class=\"gb-text\">S\u0153ur Perla Helena Hernandez Alvarado<\/p>\n<\/div>\n\n\n\n<div class=\"ss-table-row\">\n<p class=\"gb-text\">M\u00e8re G\u00e9n\u00e9rale<\/p>\n\n\n\n<p class=\"gb-text\">S\u0153ur Irene Solano Gonzales<\/p>\n<\/div>\n\n\n\n<div class=\"ss-table-row\">\n<p class=\"gb-text\">Site Internet<\/p>\n\n\n\n<p class=\"gb-text\"><a href=\"https:\/\/www.suoresantagemma.it\/\" target=\"_blank\" rel=\"noreferrer noopener\" title=\"suoresantagemma.it\">suoresantagemma.it<\/a><\/p>\n<\/div>\n<\/div>\n\n\n\n<div class=\"ss-project-table\">\n<a class=\"gb-element-e1766596 ss-table-section-button\" href=\"#\" title=\"OPERA M &#8211; PROJET M11\">\n<span class=\"gb-text\">OPERA M &#8211; PROJET M11<\/span>\n<\/a>\n<\/div>\n<\/div>\n<\/div>\n\n\n\n<div class=\"gb-element-6ad95ea8\">\n<div class=\"gb-element-e34063a6 ss-project-intro\">\n<p class=\"wp-block-paragraph\">OPERA M est la r\u00e9volution des \u0153uvres de mis\u00e9ricorde. C&rsquo;est l&rsquo;instrument permanent de d\u00e9veloppement d&rsquo;une pens\u00e9e forte et renouvel\u00e9e des \u0153uvres dans le monde. <\/p>\n\n\n\n<p class=\"wp-block-paragraph\">Il na\u00eet d&rsquo;une urgence fortement ressentie par spazio + spadoni de faire r\u00e9<strong>\u00c9<\/strong>voluer le concept d&rsquo;\u0153uvre de mis\u00e9ricorde comme un chemin qui est toujours \u00e0 la fois humain et divin, et donc, toujours spirituel en plus d&rsquo;\u00eatre pratique (ou corporel). La red\u00e9couverte, voire la v\u00e9ritable r\u00e9<strong>\u00c9<\/strong>volution des \u0153uvres doit \u00eatre retrouv\u00e9e au sein de cette synth\u00e8se entre aspect spirituel et acte pratique. L&rsquo;agir mat\u00e9riel doit toujours \u00eatre impr\u00e9gn\u00e9 de l&rsquo;esprit.  <\/p>\n\n\n\n<p class=\"wp-block-paragraph\">OPERA M se fonde sur cinq actions qui en d\u00e9finissent la m\u00e9thode : INVOQUE, appelle l&rsquo;Esprit \u00c9COUTE, fais silence pour t&rsquo;ouvrir \u00e0 l&rsquo;\u00e9coute RENCONTRE, sois au milieu des gens AGISSONS, agir pour les \u0153uvres INONDONS, portons tout le monde aux \u0153uvres de mis\u00e9ricorde <strong>\u0152uvres de mis\u00e9ricorde spirituelles<\/strong> Conseiller ceux qui doutent Enseigner les ignorants Avertir les p\u00e9cheurs Consoler les afflig\u00e9s Pardonner les offenses Supporter patiemment les personnes importunes Prier Dieu pour les vivants et pour les morts <strong>\u0152uvres de mis\u00e9ricorde corporelles<\/strong> Donner \u00e0 manger aux affam\u00e9s Donner \u00e0 boire aux assoiff\u00e9s V\u00eatir les nus Loger les p\u00e8lerins Visiter les malades Visiter les prisonniers Ensevelir les morts<\/p>\n\n<\/div>\n<\/div>\n\n\n\n\n<div>\n\n<h2 id=\"chronologie\" class=\"gb-text gb-text-8179e40a\">Chronologie<\/h2>\n\n\n\n\n\n<div class=\"ss-timeline\">\n\n<h3 id=\"2021\" class=\"gb-text\">2021<\/h3>\n\n\n\n\n\n<div class=\"ss-timeline-item\">\n\n<h4 id=\"05-aout-debut-de-la-relation\" class=\"gb-text\">05 ao\u00fbt | D\u00e9but de la relation<\/h4>\n\n\n\n\n<p class=\"wp-block-paragraph\">Le premier appel se d\u00e9roule entre spazio + spadoni, les S\u0153urs Missionnaires Cat\u00e9chistes des Sacr\u00e9s-C\u0153urs de J\u00e9sus et de Marie et la Misericordia de Rosolini<\/p>\n\n\n<\/div>\n\n\n<\/div>\n\n\n\n\n<div class=\"ss-timeline\">\n\n<h3 id=\"2022\" class=\"gb-text\">2022<\/h3>\n\n\n\n\n\n<div class=\"ss-timeline-item\">\n\n<h4 id=\"28-avril-arrivee-des-soeurs-en-italie\" class=\"gb-text\">28 avril | Arriv\u00e9e des s\u0153urs en Italie<\/h4>\n\n\n\n\n<p class=\"wp-block-paragraph\">S\u0153ur Perla et s\u0153ur Angelica arrivent en Italie et sont accueillies par la Misericordia de Rosolini<\/p>\n\n\n\n<figure class=\"wp-block-gallery has-nested-images columns-1 is-cropped ss-lightbox wp-block-gallery-1 is-layout-flex wp-block-gallery-is-layout-flex\">\n\n<figure class=\"wp-block-image size-large\"><img decoding=\"async\" src=\"https:\/\/spaziospadoni.org\/wp-content\/uploads\/2026\/05\/Arrivo-300x225.jpeg\" alt=\"Arriv&#xE9;e 300x225\"\/><figcaption class=\"wp-element-caption\">28 avril | Arriv\u00e9e des s\u0153urs en Italie<\/figcaption><\/figure>\n\n\n<figure class=\"wp-block-image size-large\"><img decoding=\"async\" src=\"https:\/\/spaziospadoni.org\/wp-content\/uploads\/2026\/05\/nino-e-perla-spilla-copia-300x187.jpg\" alt=\"nino et perla broche copie 300x187\"\/><figcaption class=\"wp-element-caption\">28 avril | Arriv\u00e9e des s\u0153urs en Italie<\/figcaption><\/figure>\n\n<\/figure>\n\n\n<\/div>\n\n\n\n\n<div class=\"ss-timeline-item\">\n\n<h4 id=\"0609-juin-formation-san-cerbone\" class=\"gb-text\">06-09 juin | Formation San Cerbone<\/h4>\n\n\n\n\n<p class=\"wp-block-paragraph\">Formation technique de spazio + spadoni sur le projet HIC SUM et sur OPERA M au couvent de San Cerbone (LU)<\/p>\n\n\n\n<figure class=\"wp-block-gallery has-nested-images columns-1 is-cropped ss-lightbox wp-block-gallery-2 is-layout-flex wp-block-gallery-is-layout-flex\">\n\n<figure class=\"wp-block-image size-large\"><img decoding=\"async\" src=\"https:\/\/spaziospadoni.org\/wp-content\/uploads\/2026\/05\/mettere-qualcvhe-spilla-copia-300x122.jpg\" alt=\"mettre quelques broches copie 300x122\"\/><figcaption class=\"wp-element-caption\">06-09 juin | Formation San Cerbone<\/figcaption><\/figure>\n\n\n<figure class=\"wp-block-image size-large\"><img decoding=\"async\" src=\"https:\/\/spaziospadoni.org\/wp-content\/uploads\/2026\/05\/spille-copia-300x225.jpg\" alt=\"broches copie 300x225\"\/><figcaption class=\"wp-element-caption\">06-09 juin | Formation San Cerbone<\/figcaption><\/figure>\n\n<\/figure>\n\n\n<\/div>\n\n\n\n\n<div class=\"ss-timeline-item\">\n\n<h4 id=\"15-juin-formation\" class=\"gb-text\">15 juin | Formation<\/h4>\n\n\n\n\n<p class=\"wp-block-paragraph\">Visite technique de spazio + spadoni \u00e0 la Misericordia de Rosolini et formation HIC SUM et OPERA M<\/p>\n\n\n<\/div>\n\n\n\n\n<div class=\"ss-timeline-item\">\n\n<h4 id=\"0711-novembre-convention-fare-spazio-al-coraggio\" class=\"gb-text\">07-11 novembre | Convention Fare Spazio al Coraggio<\/h4>\n\n\n\n\n<p class=\"wp-block-paragraph\">S\u0153ur Perla et s\u0153ur Angelica participent \u00e0 la Convention con\u00e7ue et promue par spazio + spadoni au couvent de San Cerbone (LU) <\/p>\n\n\n<\/div>\n\n\n\n\n<div class=\"ss-timeline-item\">\n\n<h4 id=\"10-novembre-formation\" class=\"gb-text\">10 novembre | Formation<\/h4>\n\n\n\n\n<p class=\"wp-block-paragraph\">Visite technique de spazio + spadoni \u00e0 la Misericordia de Rosolini et formation sur HIC SUM et sur les \u0153uvres de mis\u00e9ricorde<\/p>\n\n\n\n<figure class=\"wp-block-gallery has-nested-images columns-1 is-cropped ss-lightbox wp-block-gallery-3 is-layout-flex wp-block-gallery-is-layout-flex\">\n\n<figure class=\"wp-block-image size-large\"><img decoding=\"async\" src=\"https:\/\/spaziospadoni.org\/wp-content\/uploads\/2026\/05\/2022_dicembre_12_hicsum_20_rosolini_misericordia_spazio_spadoni_sr_angelica_perla_formazione_paola_amaddio_fabio_figura_luigi_bongiovanni.jpg\" alt=\"2022 d&#xE9;cembre 12 hic sum 20 rosolini misericordia spazio + spadoni s&#x153;ur angelica perla formation paola amaddio fabio figura luigi bongiovanni 300x286\"\/><figcaption class=\"wp-element-caption\">10 novembre | Formation<\/figcaption><\/figure>\n\n<\/figure>\n\n\n<\/div>\n\n\n<\/div>\n\n\n\n\n<div class=\"ss-timeline\">\n\n<h3 id=\"2023\" class=\"gb-text\">2023<\/h3>\n\n\n\n\n\n<div class=\"ss-timeline-item\">\n\n<h4 id=\"rencontre-avec-leveque\" class=\"gb-text\">Rencontre avec l&rsquo;\u00e9v\u00eaque<\/h4>\n\n\n\n\n<p class=\"wp-block-paragraph\">S.E.R. Mgr Salvatore Rumeo avec spazio + spadoni et les confr\u00e8res de la Misericordia de Rosolini<\/p>\n\n\n\n<figure class=\"wp-block-gallery has-nested-images columns-1 is-cropped ss-lightbox wp-block-gallery-4 is-layout-flex wp-block-gallery-is-layout-flex\">\n\n<figure class=\"wp-block-image size-large\"><img decoding=\"async\" src=\"https:\/\/spaziospadoni.org\/wp-content\/uploads\/2026\/05\/2023_hicsum_20_rosolini_misericordia_spazio_spadoni_sr_angelica_perla_luigi_spadoni_vescovo_rumeo_sindaco.jpg\" alt=\"2023 hic sum 20 rosolini misericordia spazio + spadoni s&#x153;ur angelica perla luigi spadoni &#xE9;v&#xEA;que rumeo maire 300x244\"\/><figcaption class=\"wp-element-caption\">Rencontre avec l&rsquo;\u00e9v\u00eaque<\/figcaption><\/figure>\n\n\n<figure class=\"wp-block-image size-large\"><img decoding=\"async\" src=\"https:\/\/spaziospadoni.org\/wp-content\/uploads\/2026\/05\/22-aprile-2023hicsum_20_rosolini_misericordia_spazio_spadoni_sr_angelica_perla_volontari_vescovo_rumeo_visita_misericordia_rosolini-300x236.jpg\" alt=\"22 avril 2023 hic sum 20 rosolini misericordia spazio + spadoni s&#x153;ur angelica perla volontaires &#xE9;v&#xEA;que rumeo visite misericordia rosolini 300x236\"\/><figcaption class=\"wp-element-caption\">Rencontre avec l&rsquo;\u00e9v\u00eaque<\/figcaption><\/figure>\n\n\n<figure class=\"wp-block-image size-large\"><img decoding=\"async\" src=\"https:\/\/spaziospadoni.org\/wp-content\/uploads\/2026\/05\/22-aprile-2023-nino-rumeo-carmelo-di-martino-salvatore-magri-spilla-a-destra-copia-300x264.jpg\" alt=\"22 avril 2023 nino rumeo carmelo di martino salvatore magri broche &#xE0; droite copie 300x264\"\/><figcaption class=\"wp-element-caption\">Rencontre avec l&rsquo;\u00e9v\u00eaque<\/figcaption><\/figure>\n\n<\/figure>\n\n\n<\/div>\n\n\n\n\n<div class=\"ss-timeline-item\">\n\n<h4 id=\"07-fevrier-renouvellement-des-voeux\" class=\"gb-text\">07 f\u00e9vrier | Renouvellement des v\u0153ux<\/h4>\n\n\n\n\n<figure class=\"wp-block-gallery has-nested-images columns-1 is-cropped ss-lightbox wp-block-gallery-5 is-layout-flex wp-block-gallery-is-layout-flex\">\n\n<figure class=\"wp-block-image size-large\"><img decoding=\"async\" src=\"https:\/\/spaziospadoni.org\/wp-content\/uploads\/2026\/05\/F-perla2023_febbraio_7_hicsum_20_rosolini_misericordia_spazio_spadoni_sr_angelica_perla_rinnovo_voti_chiesa_madre-6-copia-300x191.jpg\" alt=\"F perla 2023 f&#xE9;vrier 7 hic sum 20 rosolini misericordia spazio + spadoni s&#x153;ur angelica perla renouvellement des v&#x153;ux &#xE9;glise m&#xE8;re 6 copie 300x191\"\/><figcaption class=\"wp-element-caption\">07 f\u00e9vrier | Renouvellement des v\u0153ux<\/figcaption><\/figure>\n\n<\/figure>\n\n\n<\/div>\n\n\n\n\n<div class=\"ss-timeline-item\">\n\n<h4 id=\"10-mars-grand-gala\" class=\"gb-text\">10 mars | Grand Gala<\/h4>\n\n\n\n\n<p class=\"wp-block-paragraph\">La Misericordia di Rosolini organise une soir\u00e9e de Gala aux Giardini della Contea di Modica pour saluer s\u0153ur Perla et s\u0153ur Angelica <\/p>\n\n\n<\/div>\n\n\n\n\n<div class=\"ss-timeline-item\">\n\n<h4 id=\"11-mars-formation\" class=\"gb-text\">11 mars | Formation<\/h4>\n\n\n\n\n<p class=\"wp-block-paragraph\">Visite technique de spazio + spadoni \u00e0 la Misericordia de Rosolini et formation sur les \u0153uvres de mis\u00e9ricorde<\/p>\n\n\n\n<figure class=\"wp-block-gallery has-nested-images columns-1 is-cropped ss-lightbox wp-block-gallery-6 is-layout-flex wp-block-gallery-is-layout-flex\">\n\n<figure class=\"wp-block-image size-large\"><img decoding=\"async\" src=\"https:\/\/spaziospadoni.org\/wp-content\/uploads\/2026\/05\/spilla-a-tutte-e-due-2022_hicsum_20_rosolini_misericordia_messico_spazio_spadoni_sr_angelica_perla_formazione-2-copia-300x242.jpg\" alt=\"broche &#xE0; toutes les deux 2022 hic sum 20 rosolini misericordia mexique spazio + spadoni s&#x153;ur angelica perla formation 2 copie 300x242\"\/><figcaption class=\"wp-element-caption\">11 mars | Formation<\/figcaption><\/figure>\n\n<\/figure>\n\n\n<\/div>\n\n\n\n\n<div class=\"ss-timeline-item\">\n\n<h4 id=\"25-mars-depart-des-soeurs\" class=\"gb-text\">25 mars | D\u00e9part des s\u0153urs<\/h4>\n\n\n\n\n<p class=\"wp-block-paragraph\">S\u0153ur Perla et s\u0153ur Angelica retournent au Mexique<\/p>\n\n\n\n<figure class=\"wp-block-gallery has-nested-images columns-1 is-cropped ss-lightbox wp-block-gallery-7 is-layout-flex wp-block-gallery-is-layout-flex\">\n\n<figure class=\"wp-block-image size-large\"><img decoding=\"async\" src=\"https:\/\/spaziospadoni.org\/wp-content\/uploads\/2026\/05\/hicsum_20_rosolini_misericordia_spazio_spadoni_sr_angelica_perla-1.jpg\" alt=\"hic sum 20 rosolini misericordia spazio + spadoni s&#x153;ur angelica perla 280x300\"\/><figcaption class=\"wp-element-caption\">25 mars | D\u00e9part des s\u0153urs<\/figcaption><\/figure>\n\n\n<figure class=\"wp-block-image size-large\"><img decoding=\"async\" src=\"https:\/\/spaziospadoni.org\/wp-content\/uploads\/2026\/05\/mettere-F-a-una-delle-due2023_marzo_26_hicsum_20_rosolini_misericordia_messico_spazio_spadoni_sr_angelica_perla_arrivo_suore_messico-4-copia-300x166.jpg\" alt=\"mettre F &#xE0; l'une des deux2023 mars 26 hic sum 20 rosolini misericordia mexique spazio + spadoni s&#x153;ur angelica perla arriv&#xE9;e s&#x153;urs mexique 4 copie 300x166\"\/><figcaption class=\"wp-element-caption\">25 mars | D\u00e9part des s\u0153urs<\/figcaption><\/figure>\n\n<\/figure>\n\n\n<\/div>\n\n\n\n\n<div class=\"ss-timeline-item\">\n\n<h4 id=\"03-mai-formation-en-ligne\" class=\"gb-text\">03 mai | Formation en ligne<\/h4>\n\n\n\n\n<p class=\"wp-block-paragraph\">Les s\u0153urs Violettes, spazio + spadoni et la Misericordia de Rosolini en liaison pour une formation sur les \u0153uvres de mis\u00e9ricorde et pour \u00ab faire le premier Click \u00bb<\/p>\n\n\n\n<figure class=\"wp-block-gallery has-nested-images columns-1 is-cropped ss-lightbox wp-block-gallery-8 is-layout-flex wp-block-gallery-is-layout-flex\">\n\n<figure class=\"wp-block-image size-large\"><img decoding=\"async\" src=\"https:\/\/spaziospadoni.org\/wp-content\/uploads\/2026\/05\/29-aprile-2024-giorno-del-click-spille-msparse-copia-300x143.jpg\" alt=\"29 avril 2024 jour du click broches m dispers&#xE9;es copie 300x143\"\/><figcaption class=\"wp-element-caption\">03 mai | Formation en ligne<\/figcaption><\/figure>\n\n<\/figure>\n\n\n<\/div>\n\n\n\n\n<div class=\"ss-timeline-item\">\n\n<h4 id=\"1517-septembre-convention-fare-spazio-alla-rievolution-des-oeuvres-de-misericorde\" class=\"gb-text\">15-17 septembre | Convention Fare Spazio alla ri\u00c9volution des \u0153uvres de mis\u00e9ricorde<\/h4>\n\n\n\n\n<p class=\"wp-block-paragraph\">Convention con\u00e7ue et promue par spazio + spadoni au sanctuaire de la Madonna della Scala \u00e0 Noto (SR)<\/p>\n\n\n\n<figure class=\"wp-block-gallery has-nested-images columns-1 is-cropped ss-lightbox wp-block-gallery-9 is-layout-flex wp-block-gallery-is-layout-flex\">\n\n<figure class=\"wp-block-image size-large\"><img decoding=\"async\" src=\"https:\/\/spaziospadoni.org\/wp-content\/uploads\/2026\/05\/2023_settembre_17_hicsum_20_messico_rosolini_misericordia_spazio_spadoni_sr_angelica_perla_convention_rievoluzione_opere_noto_nino_savarino-6-300x207.jpg\" alt=\"2023 septembre 17 hic sum 20 mexique rosolini misericordia spazio + spadoni s&#x153;ur angelica perla convention ri&#xE9;volution &#x153;uvres noto nino savarino 6 300x207\"\/><figcaption class=\"wp-element-caption\">15-17 septembre | Convention Fare Spazio alla ri\u00c9volution des \u0153uvres de mis\u00e9ricorde<\/figcaption><\/figure>\n\n\n<figure class=\"wp-block-image size-large\"><img decoding=\"async\" src=\"https:\/\/spaziospadoni.org\/wp-content\/uploads\/2026\/05\/Convention-noto-300x279.jpg\" alt=\"Convention noto 300x279\"\/><figcaption class=\"wp-element-caption\">15-17 septembre | Convention Fare Spazio alla ri\u00c9volution des \u0153uvres de mis\u00e9ricorde<\/figcaption><\/figure>\n\n<\/figure>\n\n\n<\/div>\n\n\n<\/div>\n\n\n\n\n<div class=\"ss-timeline\">\n\n<h3 id=\"2024\" class=\"gb-text\">2024<\/h3>\n\n\n\n\n\n<div class=\"ss-timeline-item\">\n\n<h4 id=\"rencontre-avec-leveque\" class=\"gb-text\">Rencontre avec l&rsquo;\u00e9v\u00eaque<\/h4>\n\n\n\n\n<p class=\"wp-block-paragraph\">S.E.R. Mgr Salvatore Rumeo durant la journ\u00e9e dioc\u00e9saine de la jeunesse \u00e0 Pozzallo<\/p>\n\n\n\n<figure class=\"wp-block-gallery has-nested-images columns-1 is-cropped ss-lightbox wp-block-gallery-10 is-layout-flex wp-block-gallery-is-layout-flex\">\n\n<figure class=\"wp-block-image size-large\"><img decoding=\"async\" src=\"https:\/\/spaziospadoni.org\/wp-content\/uploads\/2026\/05\/21-aprile-2024-giornata-diocesana-della-gioventu-a-pozzallo-300x122.jpg\" alt=\"21 avril 2024 journ&#xE9;e dioc&#xE9;saine de la jeunesse &#xE0; pozzallo 300x122\"\/><figcaption class=\"wp-element-caption\">Rencontre avec l&rsquo;\u00e9v\u00eaque<\/figcaption><\/figure>\n\n\n<figure class=\"wp-block-image size-large\"><img decoding=\"async\" src=\"https:\/\/spaziospadoni.org\/wp-content\/uploads\/2026\/05\/incontro-vescovo-2024-spilla-a-luigi-su-coccodrillo-copia-300x169.jpg\" alt=\"rencontre &#xE9;v&#xEA;que 2024 broche &#xE0; luigi sur crocodile copie 300x169\"\/><figcaption class=\"wp-element-caption\">Rencontre avec l&rsquo;\u00e9v\u00eaque<\/figcaption><\/figure>\n\n\n<figure class=\"wp-block-image size-large\"><img decoding=\"async\" src=\"https:\/\/spaziospadoni.org\/wp-content\/uploads\/2026\/05\/incontro-vescovo-spilla-a-luigi-su-coccodrillo-copia-300x110.jpg\" alt=\"rencontre &#xE9;v&#xEA;que broche &#xE0; luigi sur crocodile copie 300x110\"\/><figcaption class=\"wp-element-caption\">Rencontre avec l&rsquo;\u00e9v\u00eaque<\/figcaption><\/figure>\n\n<\/figure>\n\n\n<\/div>\n\n\n<\/div>\n\n\n\n\n<div class=\"ss-timeline\">\n\n<h3 id=\"2025\" class=\"gb-text\">2025<\/h3>\n\n\n\n\n\n<div class=\"ss-timeline-item\">\n\n<h4 id=\"04-avril-rencontre-avec-la-mere-generale\" class=\"gb-text\">04 avril | Rencontre avec la M\u00e8re g\u00e9n\u00e9rale<\/h4>\n\n\n\n\n<p class=\"wp-block-paragraph\">\u00c0 l&rsquo;occasion de l&rsquo;Assembl\u00e9e de l&rsquo;UISG qui s&rsquo;est d\u00e9roul\u00e9e \u00e0 Rome du 5 au 9 mai, spazio + spadoni a rencontr\u00e9 M\u00e8re Irene qui l&rsquo;a accueilli pour toute la dur\u00e9e du congr\u00e8s \u00e0 la Maison M\u00e8re des s\u0153urs Filles de Marie Missionnaires<\/p>\n\n\n\n<figure class=\"wp-block-gallery has-nested-images columns-1 is-cropped ss-lightbox wp-block-gallery-11 is-layout-flex wp-block-gallery-is-layout-flex\">\n\n<figure class=\"wp-block-image size-large\"><img decoding=\"async\" src=\"https:\/\/spaziospadoni.org\/wp-content\/uploads\/2026\/05\/2025_maggio_assemblea_uisg_roma_spazio_spadoni_opere_misericordia_superiore_generali_suore-105-225x300.jpg\" alt=\"2025 mai assembl&#xE9;e uisg rome spazio + spadoni &#x153;uvres de mis&#xE9;ricorde sup&#xE9;rieures g&#xE9;n&#xE9;rales s&#x153;urs 105 225x300\"\/><figcaption class=\"wp-element-caption\">04 avril | Rencontre avec la M\u00e8re g\u00e9n\u00e9rale<\/figcaption><\/figure>\n\n\n<figure class=\"wp-block-image size-large\"><img decoding=\"async\" src=\"https:\/\/spaziospadoni.org\/wp-content\/uploads\/2026\/05\/2025_maggio_assemblea_uisg_roma_spazio_spadoni_opere_misericordia_superiore_generali_suore-103-300x225.jpg\" alt=\"2025 mai assembl&#xE9;e uisg rome spazio + spadoni &#x153;uvres de mis&#xE9;ricorde sup&#xE9;rieures g&#xE9;n&#xE9;rales s&#x153;urs 103 300x225\"\/><figcaption class=\"wp-element-caption\">04 avril | Rencontre avec la M\u00e8re g\u00e9n\u00e9rale<\/figcaption><\/figure>\n\n\n<figure class=\"wp-block-image size-large\"><img decoding=\"async\" src=\"https:\/\/spaziospadoni.org\/wp-content\/uploads\/2026\/05\/2025_maggio_assemblea_uisg_roma_spazio_spadoni_opere_misericordia_superiore_generali_suore-114-300x225.jpg\" alt=\"2025 mai assembl&#xE9;e uisg rome spazio + spadoni &#x153;uvres de mis&#xE9;ricorde sup&#xE9;rieures g&#xE9;n&#xE9;rales s&#x153;urs 114 300x225\"\/><figcaption class=\"wp-element-caption\">04 avril | Rencontre avec la M\u00e8re g\u00e9n\u00e9rale<\/figcaption><\/figure>\n\n<\/figure>\n\n\n<\/div>\n\n\n\n\n<div class=\"ss-timeline-item\">\n\n<h4 id=\"03-juin-soeur-perla-et-soeur-angelica-retournent-a-la-misericordia-de-rosolini\" class=\"gb-text\">03 juin | S\u0153ur Perla et s\u0153ur Angelica retournent \u00e0 la Misericordia de Rosolini<\/h4>\n\n\n\n\n<figure class=\"wp-block-gallery has-nested-images columns-1 is-cropped ss-lightbox wp-block-gallery-12 is-layout-flex wp-block-gallery-is-layout-flex\">\n\n<figure class=\"wp-block-image size-large\"><img decoding=\"async\" src=\"https:\/\/spaziospadoni.org\/wp-content\/uploads\/2026\/05\/2025_giugno_suor_perla_angelica_tornano_misericordia_Rosolini_spazio_spadoni_progetto_hic_sum-7-300x169.jpg\" alt=\"2025 juin s&#x153;ur perla angelica retournent misericordia Rosolini spazio + spadoni projet hic sum 7 300x169\"\/><figcaption class=\"wp-element-caption\">03 juin | S\u0153ur Perla et s\u0153ur Angelica retournent \u00e0 la Misericordia de Rosolini<\/figcaption><\/figure>\n\n\n<figure class=\"wp-block-image size-large\"><img decoding=\"async\" src=\"https:\/\/spaziospadoni.org\/wp-content\/uploads\/2026\/05\/2025_giugno_suor_perla_angelica_tornano_misericordia_Rosolini_spazio_spadoni_progetto_hic_sum-1-300x169.jpg\" alt=\"2025 juin s&#x153;ur perla angelica retournent misericordia Rosolini spazio + spadoni projet hic sum 1 300x169\"\/><figcaption class=\"wp-element-caption\">03 juin | S\u0153ur Perla et s\u0153ur Angelica retournent \u00e0 la Misericordia de Rosolini<\/figcaption><\/figure>\n\n\n<figure class=\"wp-block-image size-large\"><img decoding=\"async\" src=\"https:\/\/spaziospadoni.org\/wp-content\/uploads\/2026\/05\/2025_giugno_suor_perla_angelica_tornano_misericordia_Rosolini_spazio_spadoni_progetto_hic_sum-6-300x169.jpg\" alt=\"2025 juin s&#x153;ur perla angelica retournent misericordia Rosolini spazio + spadoni projet hic sum 6 300x169\"\/><figcaption class=\"wp-element-caption\">03 juin | S\u0153ur Perla et s\u0153ur Angelica retournent \u00e0 la Misericordia de Rosolini<\/figcaption><\/figure>\n\n<\/figure>\n\n\n<\/div>\n\n\n\n\n<div class=\"ss-timeline-item\">\n\n<h4 id=\"07-juin-spazio-spadoni-a-rosolini\" class=\"gb-text\">07 juin | spazio + spadoni \u00e0 Rosolini<\/h4>\n\n\n\n\n<p class=\"wp-block-paragraph\">Luigi Spadoni rend visite \u00e0 Rosolini \u00e0 l&rsquo;occasion de la f\u00eate de la Misericordia et de la pr\u00e9sence de s\u0153ur Perla et s\u0153ur Angelica<\/p>\n\n\n\n<figure class=\"wp-block-gallery has-nested-images columns-1 is-cropped ss-lightbox wp-block-gallery-13 is-layout-flex wp-block-gallery-is-layout-flex\">\n\n<figure class=\"wp-block-image size-large\"><img decoding=\"async\" src=\"https:\/\/spaziospadoni.org\/wp-content\/uploads\/2026\/05\/2025_giugno_rosolini_sicilia_spazio_spadoni_suor_perla_angelica_progetto_hic_sum_festa-14-300x169.jpg\" alt=\"2025 juin rosolini sicile spazio + spadoni s&#x153;ur perla angelica projet hic sum f&#xEA;te 14 300x169\"\/><figcaption class=\"wp-element-caption\">07 juin | spazio + spadoni \u00e0 Rosolini<\/figcaption><\/figure>\n\n\n<figure class=\"wp-block-image size-large\"><img decoding=\"async\" src=\"https:\/\/spaziospadoni.org\/wp-content\/uploads\/2026\/05\/2025_giugno_rosolini_sicilia_spazio_spadoni_suor_perla_angelica_progetto_hic_sum_festa-7-300x200.jpg\" alt=\"2025 juin rosolini sicile spazio + spadoni s&#x153;ur perla angelica projet hic sum f&#xEA;te 7 300x200\"\/><figcaption class=\"wp-element-caption\">07 juin | spazio + spadoni \u00e0 Rosolini<\/figcaption><\/figure>\n\n\n<figure class=\"wp-block-image size-large\"><img decoding=\"async\" src=\"https:\/\/spaziospadoni.org\/wp-content\/uploads\/2026\/05\/2025_giugno_rosolini_sicilia_spazio_spadoni_suor_perla_angelica_progetto_hic_sum_festa-2-300x200.jpg\" alt=\"2025 juin rosolini sicile spazio + spadoni s&#x153;ur perla angelica projet hic sum f&#xEA;te 2 300x200\"\/><figcaption class=\"wp-element-caption\">07 juin | spazio + spadoni \u00e0 Rosolini<\/figcaption><\/figure>\n\n\n<figure class=\"wp-block-image size-large\"><img decoding=\"async\" src=\"https:\/\/spaziospadoni.org\/wp-content\/uploads\/2026\/05\/2025_giugno_rosolini_sicilia_spazio_spadoni_suor_perla_angelica_progetto_hic_sum_festa-3-300x200.jpg\" alt=\"2025 juin rosolini sicile spazio + spadoni s&#x153;ur perla angelica projet hic sum f&#xEA;te 3 300x200\"\/><figcaption class=\"wp-element-caption\">07 juin | spazio + spadoni \u00e0 Rosolini<\/figcaption><\/figure>\n\n<\/figure>\n\n\n<\/div>\n\n\n\n\n<div class=\"ss-timeline-item\">\n\n<h4 id=\"23-juin-grand-gala\" class=\"gb-text\">23 juin | Grand Gala<\/h4>\n\n\n\n\n<p class=\"wp-block-paragraph\">La Misericordia organise un autre Grand Gala auquel participent \u00e9galement s\u0153ur Perla et s\u0153ur Angelica<\/p>\n\n\n\n<figure class=\"wp-block-gallery has-nested-images columns-1 is-cropped ss-lightbox wp-block-gallery-14 is-layout-flex wp-block-gallery-is-layout-flex\">\n\n<figure class=\"wp-block-image size-large\"><img decoding=\"async\" src=\"https:\/\/spaziospadoni.org\/wp-content\/uploads\/2026\/05\/2025_23_giugno_gran-Gala-4-300x169.jpg\" alt=\"2025 23 juin grand Gala 4 300x169\"\/><figcaption class=\"wp-element-caption\">23 juin | Grand Gala<\/figcaption><\/figure>\n\n\n<figure class=\"wp-block-image size-large\"><img decoding=\"async\" src=\"https:\/\/spaziospadoni.org\/wp-content\/uploads\/2026\/05\/2025_23_giugno_gran-Gala-6-300x169.jpg\" alt=\"2025 23 juin grand Gala 6 300x169\"\/><figcaption class=\"wp-element-caption\">23 juin | Grand Gala<\/figcaption><\/figure>\n\n<\/figure>\n\n\n<\/div>\n\n\n\n\n<div class=\"ss-timeline-item\">\n\n<h4 id=\"2324-juillet-visite-rome-et-assise\" class=\"gb-text\">23-24 juillet | Visite Rome et Assise<\/h4>\n\n\n\n\n<p class=\"wp-block-paragraph\">S\u0153ur Perla et s\u0153ur Angelica, avec Nino Savarino et Nino Armeri, visitent Assise et Rome en l&rsquo;ann\u00e9e du Jubil\u00e9 de l&rsquo;Esp\u00e9rance<\/p>\n\n\n\n<figure class=\"wp-block-gallery has-nested-images columns-1 is-cropped ss-lightbox wp-block-gallery-15 is-layout-flex wp-block-gallery-is-layout-flex\">\n\n<figure class=\"wp-block-image size-large\"><img decoding=\"async\" src=\"https:\/\/spaziospadoni.org\/wp-content\/uploads\/2026\/05\/2025_luglio_23_24_suor_perla_angelica_visita_roma_assisi_misericordia_rosolini_spazio_spadoni_progetto_hic_sum_opere_misericordia-3.jpg\" alt=\"2025 juillet 23 24 s&#x153;ur perla angelica visite rome assise misericordia rosolini spazio + spadoni projet hic sum &#x153;uvres de mis&#xE9;ricorde 3\"\/><figcaption class=\"wp-element-caption\">23-24 luglio | Visita Roma e Assisi<\/figcaption><\/figure>\n\n\n<figure class=\"wp-block-image size-large\"><img decoding=\"async\" src=\"https:\/\/spaziospadoni.org\/wp-content\/uploads\/2026\/05\/2025_luglio_23_24_suor_perla_angelica_visita_roma_assisi_misericordia_rosolini_spazio_spadoni_progetto_hic_sum_opere_misericordia-1.jpg\" alt=\"2025 juillet 23 24 s&#x153;ur perla angelica visite rome assise misericordia rosolini spazio + spadoni projet hic sum &#x153;uvres de mis&#xE9;ricorde 1\"\/><figcaption class=\"wp-element-caption\">23-24 luglio | Visita Roma e Assisi<\/figcaption><\/figure>\n\n<\/figure>\n\n\n<\/div>\n\n\n\n\n<div class=\"ss-timeline-item\">\n\n<h4 id=\"05-aout-soeur-perla-et-soeur-angelica-retournent-au-mexique\" class=\"gb-text\">05 ao\u00fbt | S\u0153ur Perla et s\u0153ur Angelica retournent au Mexique<\/h4>\n\n\n\n\n<p class=\"wp-block-paragraph\">Apr\u00e8s deux mois de s\u00e9jour \u00e0 Rosolini, s\u0153ur Perla et s\u0153ur Angelica sont retourn\u00e9es au Mexique<\/p>\n\n\n<\/div>\n\n\n\n\n<div class=\"ss-timeline-item\">\n\n<h4 id=\"13-septembre-visite-a-leveque-de-puebla\" class=\"gb-text\">13 septembre | Visite \u00e0 l&rsquo;\u00e9v\u00eaque de Puebla<\/h4>\n\n\n\n\n<p class=\"wp-block-paragraph\">S\u0153ur Perla et la M\u00e8re Irene rendent visite \u00e0 l&rsquo;\u00e9v\u00eaque de Puebla \u00e9galement pour pr\u00e9senter leur engagement dans la diffusion des \u0153uvres de mis\u00e9ricorde<\/p>\n\n\n\n<figure class=\"wp-block-gallery has-nested-images columns-1 is-cropped ss-lightbox wp-block-gallery-16 is-layout-flex wp-block-gallery-is-layout-flex\">\n\n<figure class=\"wp-block-image size-large\"><img decoding=\"async\" src=\"https:\/\/spaziospadoni.org\/wp-content\/uploads\/2026\/05\/2025_settembre_13_suor_perla_madre_irene_visita_vescovo_puebla_messico_opere_misericordia_spazio_spadoni.jpeg\" alt=\"2025 septembre 13 s&#x153;ur perla m&#xE8;re irene visite &#xE9;v&#xEA;que puebla mexique &#x153;uvres de mis&#xE9;ricorde spazio + spadoni\"\/><figcaption class=\"wp-element-caption\">13 septembre | Visite \u00e0 l&rsquo;\u00e9v\u00eaque de Puebla<\/figcaption><\/figure>\n\n<\/figure>\n\n\n<\/div>\n\n\n\n\n<div class=\"ss-timeline-item\">\n\n<h4 id=\"17-septembre-rencontre-misericordia-rosolini-et-volontaires-mexique\" class=\"gb-text\">17 septembre | Rencontre Misericordia Rosolini et volontaires Mexique<\/h4>\n\n\n\n\n<p class=\"wp-block-paragraph\">Nino Savarino rencontre en ligne s\u0153ur Perla, Enrique Arellano Bravo et No\u00e8 Ortega Hern\u00e0ndez de l&rsquo;association \u00ab Marcial \u00c0guila Gonz\u00e0les \u00bb avec laquelle spazio + spadoni commence une collaboration pour la diffusion des \u0153uvres de mis\u00e9ricorde<\/p>\n\n\n\n<figure class=\"wp-block-gallery has-nested-images columns-1 is-cropped ss-lightbox wp-block-gallery-17 is-layout-flex wp-block-gallery-is-layout-flex\">\n\n<figure class=\"wp-block-image size-large\"><img decoding=\"async\" src=\"https:\/\/spaziospadoni.org\/wp-content\/uploads\/2026\/05\/2025_settembre_17_incontro_misericordia_rosolini_suor_perla_associazione_messico_opere_misericordia_spazio_spadoni.jpeg\" alt=\"2025 septembre 17 rencontre misericordia rosolini s&#x153;ur perla association mexique &#x153;uvres de mis&#xE9;ricorde spazio + spadoni\"\/><figcaption class=\"wp-element-caption\">17 septembre | Rencontre Misericordia Rosolini et volontaires Mexique<\/figcaption><\/figure>\n\n<\/figure>\n\n\n<\/div>\n\n\n<\/div>\n\n\n\n\n<div class=\"ss-timeline\">\n\n<h3 id=\"2026\" class=\"gb-text\">2026<\/h3>\n\n\n\n\n\n<div class=\"ss-timeline-item\">\n\n<h4 id=\"25-janvier-formation-opera-m\" class=\"gb-text\">25 janvier | Formation OPERA M<\/h4>\n\n\n\n\n<p class=\"wp-block-paragraph\">S\u0153ur Perla, \u00e0 Puebla, au Mexique, anime une formation sur les \u0153uvres de mis\u00e9ricordeSuor Perla, a Publa, in Messico, tiene una formazione sulle Opere di Misericordia<\/p>\n\n\n\n<figure class=\"wp-block-gallery has-nested-images columns-1 is-cropped ss-lightbox wp-block-gallery-18 is-layout-flex wp-block-gallery-is-layout-flex\">\n\n<figure class=\"wp-block-image size-large\"><img decoding=\"async\" src=\"https:\/\/spaziospadoni.org\/wp-content\/uploads\/2026\/05\/2026_gennaio_25_formazione_opere_misericordia_puebla_messico_suor_perla_progetto_hic_sum_operam_spazio_spadoni-2.jpeg\" alt=\"2026 janvier 25 formation &#x153;uvres de mis&#xE9;ricorde puebla mexique s&#x153;ur perla projet hic sum operam spazio + spadoni 2\"\/><figcaption class=\"wp-element-caption\">25 janvier | Formation OPERA M<\/figcaption><\/figure>\n\n<\/figure>\n\n\n<\/div>\n\n\n\n\n<div class=\"ss-timeline-item\">\n\n<h4 id=\"19-marzo-rievoluzione-opere-di-misericordia\" class=\"gb-text\">19 marzo | RiEvoluzione Opere di Misericordia<\/h4>\n\n\n\n\n<p class=\"wp-block-paragraph\">Les habitants de spazio + spadoni \u00e0 travers Puebla pour apporter de l&rsquo;aide et du r\u00e9confort \u00e0 ceux qui vivent et dorment dans la rue<\/p>\n\n\n\n<figure class=\"wp-block-gallery has-nested-images columns-1 is-cropped ss-lightbox wp-block-gallery-19 is-layout-flex wp-block-gallery-is-layout-flex\">\n\n<figure class=\"wp-block-image size-large\"><img decoding=\"async\" src=\"https:\/\/spaziospadoni.org\/wp-content\/uploads\/2026\/05\/2026_marzo_19_abitanti_spazio_spadoni_puebla_opere_misericordia_operam-17.jpeg\" alt=\"19 mars 2026 habitants spazio + spadoni puebla &#x153;uvres de mis&#xE9;ricorde operam 17\"\/><figcaption class=\"wp-element-caption\">19 mars | Ri\u00c9volution des \u0153uvres de mis\u00e9ricorde<\/figcaption><\/figure>\n\n\n<figure class=\"wp-block-image size-large\"><img decoding=\"async\" src=\"https:\/\/spaziospadoni.org\/wp-content\/uploads\/2026\/05\/2026_marzo_19_abitanti_spazio_spadoni_puebla_opere_misericordia_operam-1.jpeg\" alt=\"19 mars 2026 habitants spazio + spadoni puebla &#x153;uvres de mis&#xE9;ricorde operam 1\"\/><figcaption class=\"wp-element-caption\">19 mars | Ri\u00c9volution des \u0153uvres de mis\u00e9ricorde<\/figcaption><\/figure>\n\n<\/figure>\n\n\n<\/div>\n\n\n<\/div>\n\n\n<\/div>\n\n\n\n<div class=\"ss-project-reports\">\n<h2 id=\"rapport-des-oeuvres-de-misericorde\" class=\"gb-text gb-text-75c3218d\">Rapport des \u0152uvres de Mis\u00e9ricorde<\/h2>\n\n\n<ul class=\"wp-block-list ss-report-list\">\n\n<li><a href=\"https:\/\/spaziospadoni.org\/wp-content\/uploads\/2026\/05\/OperaM_sr-Perla_Messico.pdf\" target=\"_blank\" rel=\"noreferrer noopener\" title=\"OperaM_s\u0153ur Perla_Mexique\">OperaM_s\u0153ur Perla_Mexique<\/a><\/li>\n\n<\/ul>\n\n<\/div>\n\n\n\n<div class=\"ss-project-media\">\n<h2 id=\"photos-et-videos\" class=\"gb-text gb-text-d7bd8be8\">Photos et vid\u00e9os<\/h2>\n\n\n<div class=\"ss-media-filters\">\n\n<a class=\"gb-text ss-media-filter active\" data-filter=\"*\" title=\"Tout\">Tout<\/a>\n\n\n<a class=\"gb-text ss-media-filter\" data-filter=\".formazione\" title=\"Formation\">Formation<\/a>\n\n\n<a class=\"gb-text ss-media-filter\" data-filter=\".messico\" title=\"Mexico\">Mexico<\/a>\n\n\n<a class=\"gb-text ss-media-filter\" data-filter=\".video\" title=\"Vid\u00e9o\">Vid\u00e9o<\/a>\n\n<\/div>\n\n\n<div class=\"ss-media-grid\">\n<div>\n<figure class=\"wp-block-gallery has-nested-images columns-1 is-cropped ss-lightbox wp-block-gallery-20 is-layout-flex wp-block-gallery-is-layout-flex\">\n\n<figure class=\"wp-block-image size-large formazione\"><img decoding=\"async\" alt=\"hic sum 20 rosolini misericordia spazio + spadoni s&#x153;ur angelica perla volontaires &#xE9;v&#xEA;que 300x225\" src=\"https:\/\/spaziospadoni.org\/wp-content\/uploads\/2026\/05\/hicsum_20_rosolini_misericordia_spazio_spadoni_sr_angelica_perla_volontari_vescovo-300x225.jpg\"\/><\/figure>\n\n\n<figure class=\"wp-block-image size-large formazione\"><img decoding=\"async\" alt=\"2022 septembre hic sum spazio + spadoni italie couvent de san cerbone misericordia convention fare spazio coraggio s&#x153;ur 12 225x300\" src=\"https:\/\/spaziospadoni.org\/wp-content\/uploads\/2026\/05\/2022_settembre_hicsum_spazio_spadoni_italia_convento_san_cerbone_misericordia_convention_fare_spazio_coraggio_sr_-12-225x300.jpg\"\/><\/figure>\n\n\n<figure class=\"wp-block-image size-large formazione\"><img decoding=\"async\" alt=\"F dispers&#xE9;s copie 300x84\" src=\"https:\/\/spaziospadoni.org\/wp-content\/uploads\/2026\/05\/F-sparsi-copia-300x84.jpg\"\/><\/figure>\n\n\n<figure class=\"wp-block-image size-large formazione\"><img decoding=\"async\" alt=\"F perla et odette copie 300x176\" src=\"https:\/\/spaziospadoni.org\/wp-content\/uploads\/2026\/05\/F-perla-e-odette-copia-300x176.jpg\"\/><\/figure>\n\n\n<figure class=\"wp-block-image size-large formazione\"><img decoding=\"async\" alt=\"F perla copie 300x267\" src=\"https:\/\/spaziospadoni.org\/wp-content\/uploads\/2026\/05\/F-perla-copia-300x267.jpg\"\/><\/figure>\n\n\n<figure class=\"wp-block-image size-large formazione\"><img decoding=\"async\" alt=\"broches copie 300x225\" src=\"https:\/\/spaziospadoni.org\/wp-content\/uploads\/2026\/05\/spille-copia-300x225.jpg\"\/><\/figure>\n\n\n<figure class=\"wp-block-image size-large formazione\"><img decoding=\"async\" alt=\"mettre quelques broches copie 300x122\" src=\"https:\/\/spaziospadoni.org\/wp-content\/uploads\/2026\/05\/mettere-qualcvhe-spilla-copia-300x122.jpg\"\/><\/figure>\n\n\n<figure class=\"wp-block-image size-large formazione\"><img decoding=\"async\" alt=\"2022 septembre hic sum 20 spazio + spadoni italie couvent de san cerbone misericordia convention fare spazio coraggio s&#x153;ur angelica missionnaires cat&#xE9;chistes des sacr&#xE9;s-c&#x153;urs de j&#xE9;sus et de marie 225x300\" src=\"https:\/\/spaziospadoni.org\/wp-content\/uploads\/2026\/05\/2022_settembre_hicsum_20_spazio_spadoni_italia_convento_san_cerbone_misericordia_convention_fare_spazio_coraggio_sr_angelica_misioneras_catequistas_de_los_sagrados_corazones_de_jesus_maria-225x300.jpg\"\/><\/figure>\n\n\n<figure class=\"wp-block-image size-large formazione\"><img decoding=\"async\" alt=\"hic sum 20 rosolini misericordia spazio + spadoni s&#x153;ur angelica perla 300x225\" src=\"https:\/\/spaziospadoni.org\/wp-content\/uploads\/2026\/05\/hicsum_20_rosolini_misericordia_spazio_spadoni_sr_angelica_perla-300x225.jpg\"\/><\/figure>\n\n\n<figure class=\"wp-block-image size-large formazione\"><img decoding=\"async\" alt=\"hic sum 20 rosolini misericordia spazio + spadoni s&#x153;ur angelica perla formation click 300x192\" src=\"https:\/\/spaziospadoni.org\/wp-content\/uploads\/2026\/05\/hicsum_20_rosolini_misericordia_spazio_spadoni_sr_angelica_perla_formazione_click-300x192.jpg\"\/><\/figure>\n\n\n<figure class=\"wp-block-image size-large formazione\"><img decoding=\"async\" alt=\"hic sum 20 rosolini misericordia spazio + spadoni s&#x153;ur angelica perla nino savarino si&#xE8;ge 300x225\" src=\"https:\/\/spaziospadoni.org\/wp-content\/uploads\/2026\/05\/hicsum_20_rosolini_misericordia_spazio_spadoni_sr_angelica_perla_nino_savarino_sede-300x225.jpg\"\/><\/figure>\n\n\n<figure class=\"wp-block-image size-large formazione\"><img decoding=\"async\" alt=\"hic sum 20 rosolini misericordia spazio + spadoni s&#x153;ur angelica perla maire 300x225\" src=\"https:\/\/spaziospadoni.org\/wp-content\/uploads\/2026\/05\/hicsum_20_rosolini_misericordia_spazio_spadoni_sr_angelica_perla_sindaco-300x225.jpg\"\/><\/figure>\n\n\n<figure class=\"wp-block-image size-large formazione\"><img decoding=\"async\" alt=\"2023 mars 10 hic sum 20 rosolini misericordia spazio + spadoni s&#x153;ur angelica perla grand gala luigi 4 300x200\" src=\"https:\/\/spaziospadoni.org\/wp-content\/uploads\/2026\/05\/2023_marzo_10_hicsum_20_rosolini_misericordia_spazio_spadoni_sr_angelica_perla_gran_gala_luigi-4-300x200.jpeg\"\/><\/figure>\n\n\n<figure class=\"wp-block-image size-large formazione\"><img decoding=\"async\" alt=\"2023 mars 10 hic sum 20 rosolini misericordia spazio + spadoni s&#x153;ur angelica perla grand gala luigi 300x249\" src=\"https:\/\/spaziospadoni.org\/wp-content\/uploads\/2026\/05\/2023_marzo_10_hicsum_20_rosolini_misericordia_spazio_spadoni_sr_angelica_perla_gran_gala_luigi-300x249.jpg\"\/><\/figure>\n\n\n<figure class=\"wp-block-image size-large formazione\"><img decoding=\"async\" alt=\"2023 mars 10 hic sum 20 rosolini misericordia spazio + spadoni s&#x153;ur angelica perla grand gala nino savarino selene pera 300x200\" src=\"https:\/\/spaziospadoni.org\/wp-content\/uploads\/2026\/05\/2023_marzo_10_hicsum_20_rosolini_misericordia_spazio_spadoni_sr_angelica_perla_gran_gala_nino_savarino_selene_pera-300x200.jpg\"\/><\/figure>\n\n\n<figure class=\"wp-block-image size-large formazione\"><img decoding=\"async\" alt=\"2022 avril 22 hic sum 20 rosolini misericordia mexique spazio + spadoni s&#x153;ur angelica perla volontaires photo de groupe monseigneur rumeo 300x125\" src=\"https:\/\/spaziospadoni.org\/wp-content\/uploads\/2026\/05\/2022_aprile_22_hicsum_20_rosolini_misericordia_messico_spazio_spadoni_sr_angelica_perla_volontari_foto_gruppo_monsignor_rumeo-300x125.jpg\"\/><\/figure>\n\n\n<figure class=\"wp-block-image size-large formazione\"><img decoding=\"async\" alt=\"2022 avril 22 hic sum 20 rosolini misericordia mexique spazio + spadoni s&#x153;ur angelica perla volontaires photo de groupe monseigneur rumeo giorgio armenia luigi vizzini nino savarino 300x225\" src=\"https:\/\/spaziospadoni.org\/wp-content\/uploads\/2026\/05\/2022_aprile_22_hicsum_20_rosolini_misericordia_messico_spazio_spadoni_sr_angelica_perla_volontari_foto_gruppo_monsignor_rumeo_giorgio_armenia_luigi_vizzini_nino-savarino-300x225.jpg\"\/><\/figure>\n\n\n<figure class=\"wp-block-image size-large formazione\"><img decoding=\"async\" alt=\"2022 d&#xE9;cembre 6 hic sum 20 mexique rosolini misericordia spazio + spadoni voyage gouverneur nino savarino florence rencontre luigi 300x225\" src=\"https:\/\/spaziospadoni.org\/wp-content\/uploads\/2026\/05\/2022_dicembre_6_hicsum_20_messico_rosolini_misericordia_spazio_spadoni_viaggio_governatore_nino_savarino_firenze_incontro_luigi-300x225.jpeg\"\/><\/figure>\n\n\n<figure class=\"wp-block-image size-large formazione\"><img decoding=\"async\" alt=\"2022 d&#xE9;cembre 12 hic sum 20 rosolini misericordia spazio + spadoni s&#x153;ur angelica perla formation carmelo di martino don matteo buggea cetty giannone nino savarino 300x225\" src=\"https:\/\/spaziospadoni.org\/wp-content\/uploads\/2026\/05\/2022_dicembre_12_hicsum_20_rosolini_misericordia_spazio_spadoni_sr_angelica_perla_formazione_carmelo_di_martino_don_matteo_buggea_cetty_giannone_nino_savarino-300x225.jpg\"\/><\/figure>\n\n\n<figure class=\"wp-block-image size-large formazione\"><img decoding=\"async\" alt=\"2023 mars 10 hic sum 20 rosolini misericordia spazio + spadoni s&#x153;ur angelica perla grand gala luigi 6 225x300\" src=\"https:\/\/spaziospadoni.org\/wp-content\/uploads\/2026\/05\/2023_marzo_10_hicsum_20_rosolini_misericordia_spazio_spadoni_sr_angelica_perla_gran_gala_luigi-6-225x300.jpeg\"\/><\/figure>\n\n\n<figure class=\"wp-block-image size-large formazione\"><img decoding=\"async\" alt=\"Broche &#xE0; nino et celui d'&#xE0; c&#xF4;t&#xE9; copie 300x151\" src=\"https:\/\/spaziospadoni.org\/wp-content\/uploads\/2026\/05\/Spilla-a-nino-e-quello-accanto-copia-300x151.jpg\"\/><\/figure>\n\n\n<figure class=\"wp-block-image size-large formazione\"><img decoding=\"async\" alt=\"2022 d&#xE9;cembre 12 hic sum 20 rosolini misericordia spazio + spadoni s&#x153;ur angelica perla formation carmelo di martino nino donato matassa sebastiano scala don alessandro matteo buggea 300x225\" src=\"https:\/\/spaziospadoni.org\/wp-content\/uploads\/2026\/05\/2022_dicembre_12_hicsum_20_rosolini_misericordia_spazio_spadoni_sr_angelica_perla_formazione_carmelo_di_martino_nino_donato_matassa_sebastiano_scala_don_alessandro_matteo_buggea-300x225.jpg\"\/><\/figure>\n\n\n<figure class=\"wp-block-image size-large formazione\"><img decoding=\"async\" alt=\"2022 d&#xE9;cembre 12 hic sum 20 rosolini misericordia spazio + spadoni s&#x153;ur angelica perla formation paola amaddio fabio figura luigi bongiovanni 300x225\" src=\"https:\/\/spaziospadoni.org\/wp-content\/uploads\/2026\/05\/2022_dicembre_12_hicsum_20_rosolini_misericordia_spazio_spadoni_sr_angelica_perla_formazione_paola_amaddio_fabio_figura_luigi_bongiovanni-300x225.jpg\"\/><\/figure>\n\n\n<figure class=\"wp-block-image size-large formazione\"><img decoding=\"async\" alt=\"2023 mars 10 hic sum 20 rosolini misericordia spazio + spadoni s&#x153;ur angelica perla grand gala nino savarino luigi 300x200\" src=\"https:\/\/spaziospadoni.org\/wp-content\/uploads\/2026\/05\/2023_marzo_10_hicsum_20_rosolini_misericordia_spazio_spadoni_sr_angelica_perla_gran_gala_nino_savarino_luigi-300x200.jpg\"\/><\/figure>\n\n\n<figure class=\"wp-block-image size-large formazione\"><img decoding=\"async\" alt=\"2022 hic sum 20 rosolini misericordia mexique spazio + spadoni s&#x153;ur angelica perla formation 5 300x225\" src=\"https:\/\/spaziospadoni.org\/wp-content\/uploads\/2026\/05\/2022_hicsum_20_rosolini_misericordia_messico_spazio_spadoni_sr_angelica_perla_formazione-5-300x225.jpg\"\/><\/figure>\n\n\n<figure class=\"wp-block-image size-large formazione\"><img decoding=\"async\" alt=\"2022 hic sum 20 rosolini misericordia mexique spazio + spadoni s&#x153;ur angelica perla formation 6 300x225\" src=\"https:\/\/spaziospadoni.org\/wp-content\/uploads\/2026\/05\/2022_hicsum_20_rosolini_misericordia_messico_spazio_spadoni_sr_angelica_perla_formazione-6-300x225.jpg\"\/><\/figure>\n\n\n<figure class=\"wp-block-image size-large formazione\"><img decoding=\"async\" alt=\"2023 mars 10 hic sum 20 rosolini misericordia spazio + spadoni s&#x153;ur angelica perla grand gala 2 300x200\" src=\"https:\/\/spaziospadoni.org\/wp-content\/uploads\/2026\/05\/2023_marzo_10_hicsum_20_rosolini_misericordia_spazio_spadoni_sr_angelica_perla_gran_gala-2-300x200.jpg\"\/><\/figure>\n\n\n<figure class=\"wp-block-image size-large formazione\"><img decoding=\"async\" alt=\"2022 hic sum 20 rosolini misericordia mexique spazio + spadoni s&#x153;ur angelica perla formation 8 225x300\" src=\"https:\/\/spaziospadoni.org\/wp-content\/uploads\/2026\/05\/2022_hicsum_20_rosolini_misericordia_messico_spazio_spadoni_sr_angelica_perla_formazione-8-225x300.jpg\"\/><\/figure>\n\n\n<figure class=\"wp-block-image size-large formazione\"><img decoding=\"async\" alt=\"2023 mars 10 hic sum 20 rosolini misericordia spazio + spadoni s&#x153;ur angelica perla grand gala luigi 5 300x200\" src=\"https:\/\/spaziospadoni.org\/wp-content\/uploads\/2026\/05\/2023_marzo_10_hicsum_20_rosolini_misericordia_spazio_spadoni_sr_angelica_perla_gran_gala_luigi-5-300x200.jpeg\"\/><\/figure>\n\n\n<figure class=\"wp-block-image size-large formazione\"><img decoding=\"async\" alt=\"2023 mai hic sum 20 rosolini misericordia spazio + spadoni s&#x153;ur angelica perla citoyennet&#xE9; d'honneur luigi 2 300x225\" src=\"https:\/\/spaziospadoni.org\/wp-content\/uploads\/2026\/05\/2023_maggio_hicsum_20_rosolini_misericordia_spazio_spadoni_sr_angelica_perla_cittadinanza_onoraria_luigi-2-300x225.jpg\"\/><\/figure>\n\n\n<figure class=\"wp-block-image size-large formazione\"><img decoding=\"async\" alt=\"2022 hic sum 20 rosolini misericordia mexique spazio + spadoni s&#x153;ur angelica perla formation 10 300x225\" src=\"https:\/\/spaziospadoni.org\/wp-content\/uploads\/2026\/05\/2022_hicsum_20_rosolini_misericordia_messico_spazio_spadoni_sr_angelica_perla_formazione-10-300x225.jpg\"\/><\/figure>\n\n\n<figure class=\"wp-block-image size-large formazione\"><img decoding=\"async\" alt=\"2022 hic sum 20 rosolini misericordia mexique spazio + spadoni s&#x153;ur angelica perla formation 12 300x225\" src=\"https:\/\/spaziospadoni.org\/wp-content\/uploads\/2026\/05\/2022_hicsum_20_rosolini_misericordia_messico_spazio_spadoni_sr_angelica_perla_formazione-12-300x225.jpg\"\/><\/figure>\n\n\n<figure class=\"wp-block-image size-large formazione\"><img decoding=\"async\" alt=\"2022 hic sum 20 rosolini misericordia mexique spazio + spadoni s&#x153;ur angelica perla formation 13 300x225\" src=\"https:\/\/spaziospadoni.org\/wp-content\/uploads\/2026\/05\/2022_hicsum_20_rosolini_misericordia_messico_spazio_spadoni_sr_angelica_perla_formazione-13-300x225.jpg\"\/><\/figure>\n\n\n<figure class=\"wp-block-image size-large formazione\"><img decoding=\"async\" alt=\"2022 hic sum 20 rosolini misericordia mexique spazio + spadoni s&#x153;ur angelica perla formation 17 300x225\" src=\"https:\/\/spaziospadoni.org\/wp-content\/uploads\/2026\/05\/2022_hicsum_20_rosolini_misericordia_messico_spazio_spadoni_sr_angelica_perla_formazione-17-300x225.jpg\"\/><\/figure>\n\n\n<figure class=\"wp-block-image size-large formazione\"><img decoding=\"async\" alt=\"2023 mai hic sum 20 rosolini misericordia spazio + spadoni s&#x153;ur angelica perla citoyennet&#xE9; d'honneur luigi 4 300x225\" src=\"https:\/\/spaziospadoni.org\/wp-content\/uploads\/2026\/05\/2023_maggio_hicsum_20_rosolini_misericordia_spazio_spadoni_sr_angelica_perla_cittadinanza_onoraria_luigi-4-300x225.jpg\"\/><\/figure>\n\n\n<figure class=\"wp-block-image size-large formazione\"><img decoding=\"async\" alt=\"2023 mars 10 hic sum 20 rosolini misericordia spazio + spadoni s&#x153;ur angelica perla grand gala 3 300x200\" src=\"https:\/\/spaziospadoni.org\/wp-content\/uploads\/2026\/05\/2023_marzo_10_hicsum_20_rosolini_misericordia_spazio_spadoni_sr_angelica_perla_gran_gala-3-300x200.jpg\"\/><\/figure>\n\n\n<figure class=\"wp-block-image size-large formazione\"><img decoding=\"async\" alt=\"2023 mars 10 hic sum 20 rosolini misericordia spazio + spadoni s&#x153;ur angelica perla grand gala luigi 8 300x200\" src=\"https:\/\/spaziospadoni.org\/wp-content\/uploads\/2026\/05\/2023_marzo_10_hicsum_20_rosolini_misericordia_spazio_spadoni_sr_angelica_perla_gran_gala_luigi-8-300x200.jpeg\"\/><\/figure>\n\n\n<figure class=\"wp-block-image size-large formazione\"><img decoding=\"async\" alt=\"2023 mars 10 hic sum 20 rosolini misericordia spazio + spadoni s&#x153;ur angelica perla grand gala 300x200\" src=\"https:\/\/spaziospadoni.org\/wp-content\/uploads\/2026\/05\/2023_marzo_10_hicsum_20_rosolini_misericordia_spazio_spadoni_sr_angelica_perla_gran_gala-300x200.jpg\"\/><\/figure>\n\n\n<figure class=\"wp-block-image size-large formazione\"><img decoding=\"async\" alt=\"2022 octobre hic sum 20 rosolini misericordia mexique spazio + spadoni s&#x153;ur angelica perla m&#xE8;re irene 300x225\" src=\"https:\/\/spaziospadoni.org\/wp-content\/uploads\/2026\/05\/2022_ottobre_hicsum_20_rosolini_misericordia_messico_spazio_spadoni_sr_angelica_perla_madre_irene-300x225.jpg\"\/><\/figure>\n\n\n<figure class=\"wp-block-image size-large formazione\"><img decoding=\"async\" alt=\"2022 octobre hic sum 20 rosolini misericordia mexique spazio + spadoni s&#x153;ur angelica perla nino armeri m&#xE8;re irene arriv&#xE9;e a&#xE9;roport 169x300\" src=\"https:\/\/spaziospadoni.org\/wp-content\/uploads\/2026\/05\/2022_ottobre_hicsum_20_rosolini_misericordia_messico_spazio_spadoni_sr_angelica_perla_nino_armeri_madre_irene_arrivo_aeroporto-169x300.jpg\"\/><\/figure>\n\n\n<figure class=\"wp-block-image size-large formazione\"><img decoding=\"async\" alt=\"2022 octobre hic sum 20 rosolini misericordia mexique spazio + spadoni s&#x153;ur angelica perla nino savarino rencontre 300x225\" src=\"https:\/\/spaziospadoni.org\/wp-content\/uploads\/2026\/05\/2022_ottobre_hicsum_20_rosolini_misericordia_messico_spazio_spadoni_sr_angelica_perla_nino_savarino_incontro-300x225.jpeg\"\/><\/figure>\n\n\n<figure class=\"wp-block-image size-large formazione\"><img decoding=\"async\" alt=\"2023 mars 10 hic sum 20 rosolini misericordia spazio + spadoni s&#x153;ur angelica perla grand gala luigi nino savarino 300x200\" src=\"https:\/\/spaziospadoni.org\/wp-content\/uploads\/2026\/05\/2023_marzo_10_hicsum_20_rosolini_misericordia_spazio_spadoni_sr_angelica_perla_gran_gala_luigi_nino_savarino-300x200.jpeg\"\/><\/figure>\n\n\n<figure class=\"wp-block-image size-large formazione\"><img decoding=\"async\" alt=\"F perla 2023 f&#xE9;vrier 7 hic sum 20 rosolini misericordia spazio + spadoni s&#x153;ur angelica perla renouvellement des v&#x153;ux &#xE9;glise m&#xE8;re 6 copie 300x191\" src=\"https:\/\/spaziospadoni.org\/wp-content\/uploads\/2026\/05\/F-perla2023_febbraio_7_hicsum_20_rosolini_misericordia_spazio_spadoni_sr_angelica_perla_rinnovo_voti_chiesa_madre-6-copia-300x191.jpg\"\/><\/figure>\n\n\n<figure class=\"wp-block-image size-large formazione\"><img decoding=\"async\" alt=\"nino et perla broche copie 300x187\" src=\"https:\/\/spaziospadoni.org\/wp-content\/uploads\/2026\/05\/nino-e-perla-spilla-copia-300x187.jpg\"\/><\/figure>\n\n\n<figure class=\"wp-block-image size-large formazione\"><img decoding=\"async\" alt=\"2023 f&#xE9;vrier 7 hic sum 20 rosolini misericordia spazio + spadoni s&#x153;ur angelica perla renouvellement des v&#x153;ux &#xE9;glise m&#xE8;re 9 300x225\" src=\"https:\/\/spaziospadoni.org\/wp-content\/uploads\/2026\/05\/2023_febbraio_7_hicsum_20_rosolini_misericordia_spazio_spadoni_sr_angelica_perla_rinnovo_voti_chiesa_madre-9-300x225.jpeg\"\/><\/figure>\n\n\n<figure class=\"wp-block-image size-large formazione\"><img decoding=\"async\" alt=\"2023 f&#xE9;vrier 7 hic sum 20 rosolini misericordia spazio + spadoni s&#x153;ur angelica perla renouvellement des v&#x153;ux &#xE9;glise m&#xE8;re 300x225\" src=\"https:\/\/spaziospadoni.org\/wp-content\/uploads\/2026\/05\/2023_febbraio_7_hicsum_20_rosolini_misericordia_spazio_spadoni_sr_angelica_perla_rinnovo_voti_chiesa_madre-300x225.jpeg\"\/><\/figure>\n\n\n<figure class=\"wp-block-image size-large formazione\"><img decoding=\"async\" alt=\"2023 f&#xE9;vrier hic sum 20 rosolini misericordia mexique spazio + spadoni s&#x153;ur angelica perla visite rome 3 300x225\" src=\"https:\/\/spaziospadoni.org\/wp-content\/uploads\/2026\/05\/2023_febbraio_hicsum_20_rosolini_misericordia_messico_spazio_spadoni_sr_angelica_perla_visita_roma-3-300x225.jpeg\"\/><\/figure>\n\n\n<figure class=\"wp-block-image size-large formazione\"><img decoding=\"async\" alt=\"2023 f&#xE9;vrier hic sum 20 rosolini misericordia mexique spazio + spadoni s&#x153;ur angelica perla visite rome 4 300x225\" src=\"https:\/\/spaziospadoni.org\/wp-content\/uploads\/2026\/05\/2023_febbraio_hicsum_20_rosolini_misericordia_messico_spazio_spadoni_sr_angelica_perla_visita_roma-4-300x225.jpeg\"\/><\/figure>\n\n\n<figure class=\"wp-block-image size-large formazione\"><img decoding=\"async\" alt=\"2023 f&#xE9;vrier hic sum 20 rosolini misericordia mexique spazio + spadoni s&#x153;ur angelica perla visite rome 5 225x300\" src=\"https:\/\/spaziospadoni.org\/wp-content\/uploads\/2026\/05\/2023_febbraio_hicsum_20_rosolini_misericordia_messico_spazio_spadoni_sr_angelica_perla_visita_roma-5-225x300.jpeg\"\/><\/figure>\n\n\n<figure class=\"wp-block-image size-large formazione\"><img decoding=\"async\" alt=\"2023 mars 24 hic sum 20 rosolini misericordia mexique spazio + spadoni s&#x153;ur angelica perla d&#xE9;part 300x225\" src=\"https:\/\/spaziospadoni.org\/wp-content\/uploads\/2026\/05\/2023_marzo_24_hicsum_20_rosolini_misericordia_messico_spazio_spadoni_sr_angelica_perla_partenza-300x225.jpeg\"\/><\/figure>\n\n\n<figure class=\"wp-block-image size-large messico\"><img decoding=\"async\" alt=\"2023 mai 3 hic sum 20 mexique rosolini misericordia spazio + spadoni s&#x153;ur angelica perla f&#xEA;te sainte croix 5 300x225\" src=\"https:\/\/spaziospadoni.org\/wp-content\/uploads\/2026\/05\/2023_maggio_3_hicsum_20_messico_rosolini_misericordia_spazio_spadoni_sr_angelica_perla_festa_santa_croce-5-300x225.jpeg\"\/><\/figure>\n\n\n<figure class=\"wp-block-image size-large messico\"><img decoding=\"async\" alt=\"2023 mai 3 hic sum 20 mexique rosolini misericordia spazio + spadoni s&#x153;ur angelica perla f&#xEA;te sainte croix 7 300x225\" src=\"https:\/\/spaziospadoni.org\/wp-content\/uploads\/2026\/05\/2023_maggio_3_hicsum_20_messico_rosolini_misericordia_spazio_spadoni_sr_angelica_perla_festa_santa_croce-7-300x225.jpeg\"\/><\/figure>\n\n\n<figure class=\"wp-block-image size-large messico\"><img decoding=\"async\" alt=\"2023 mai 3 hic sum 20 mexique rosolini misericordia spazio + spadoni s&#x153;ur angelica perla f&#xEA;te sainte croix 8 300x225\" src=\"https:\/\/spaziospadoni.org\/wp-content\/uploads\/2026\/05\/2023_maggio_3_hicsum_20_messico_rosolini_misericordia_spazio_spadoni_sr_angelica_perla_festa_santa_croce-8-300x225.jpeg\"\/><\/figure>\n\n\n<figure class=\"wp-block-image size-large messico\"><img decoding=\"async\" alt=\"2023 mars 26 hic sum 20 rosolini misericordia mexique spazio + spadoni s&#x153;ur angelica perla arriv&#xE9;e s&#x153;urs mexique 2 300x225\" src=\"https:\/\/spaziospadoni.org\/wp-content\/uploads\/2026\/05\/2023_marzo_26_hicsum_20_rosolini_misericordia_messico_spazio_spadoni_sr_angelica_perla_arrivo_suore_messico-2-300x225.jpeg\"\/><\/figure>\n\n\n<figure class=\"wp-block-image size-large messico\"><img decoding=\"async\" alt=\"mettre F &#xE0; l'une des deux2023 mars 26 hic sum 20 rosolini misericordia mexique spazio + spadoni s&#x153;ur angelica perla arriv&#xE9;e s&#x153;urs mexique 4 copie 300x166\" src=\"https:\/\/spaziospadoni.org\/wp-content\/uploads\/2026\/05\/mettere-F-a-una-delle-due2023_marzo_26_hicsum_20_rosolini_misericordia_messico_spazio_spadoni_sr_angelica_perla_arrivo_suore_messico-4-copia-300x166.jpg\"\/><\/figure>\n\n\n<figure class=\"wp-block-image size-large messico\"><img decoding=\"async\" alt=\"2023 mars 27 hic sum 20 rosolini misericordia mexique spazio + spadoni s&#x153;ur angelica perla bienvenue s&#x153;urs retour maison 5 225x300\" src=\"https:\/\/spaziospadoni.org\/wp-content\/uploads\/2026\/05\/2023_marzo_27_hicsum_20_rosolini_misericordia_messico_spazio_spadoni_sr_angelica_perla_benvenuto_suore_rientro_casa-5-225x300.jpeg\"\/><\/figure>\n\n\n<figure class=\"wp-block-image size-large messico\"><img decoding=\"async\" alt=\"2023 mars 27 hic sum 20 rosolini misericordia mexique spazio + spadoni s&#x153;ur angelica perla bienvenue s&#x153;urs retour maison 6 225x300\" src=\"https:\/\/spaziospadoni.org\/wp-content\/uploads\/2026\/05\/2023_marzo_27_hicsum_20_rosolini_misericordia_messico_spazio_spadoni_sr_angelica_perla_benvenuto_suore_rientro_casa-6-225x300.jpeg\"\/><\/figure>\n\n\n<figure class=\"wp-block-image size-large messico\"><img decoding=\"async\" alt=\"2023 mars 27 hic sum 20 rosolini misericordia mexique spazio + spadoni s&#x153;ur angelica perla bienvenue s&#x153;urs retour maison 7 300x225\" src=\"https:\/\/spaziospadoni.org\/wp-content\/uploads\/2026\/05\/2023_marzo_27_hicsum_20_rosolini_misericordia_messico_spazio_spadoni_sr_angelica_perla_benvenuto_suore_rientro_casa-7-300x225.jpeg\"\/><\/figure>\n\n\n<figure class=\"wp-block-image size-large messico\"><img decoding=\"async\" alt=\"2023 mars 27 hic sum 20 rosolini misericordia mexique spazio + spadoni s&#x153;ur angelica perla bienvenue s&#x153;urs retour maison 300x225\" src=\"https:\/\/spaziospadoni.org\/wp-content\/uploads\/2026\/05\/2023_marzo_27_hicsum_20_rosolini_misericordia_messico_spazio_spadoni_sr_angelica_perla_benvenuto_suore_rientro_casa-300x225.jpeg\"\/><\/figure>\n\n\n<figure class=\"wp-block-image size-large messico\"><img decoding=\"async\" alt=\"2023 mars 27 hic sum 20 rosolini misericordia mexique spazio + spadoni s&#x153;ur angelica perla bienvenue s&#x153;urs retour maison 8 225x300\" src=\"https:\/\/spaziospadoni.org\/wp-content\/uploads\/2026\/05\/2023_marzo_27_hicsum_20_rosolini_misericordia_messico_spazio_spadoni_sr_angelica_perla_benvenuto_suore_rientro_casa-8-225x300.jpeg\"\/><\/figure>\n\n\n<figure class=\"wp-block-image size-large messico\"><img decoding=\"async\" alt=\"29 avril 2024 jour du click broches m dispers&#xE9;es copie 300x143\" src=\"https:\/\/spaziospadoni.org\/wp-content\/uploads\/2026\/05\/29-aprile-2024-giorno-del-click-spille-msparse-copia-300x143.jpg\"\/><\/figure>\n\n\n<figure class=\"wp-block-image size-large messico\"><img decoding=\"async\" alt=\"2024 avril mexique s&#x153;ur perla angelica assembl&#xE9;e congr&#xE9;gation f&#xEA;te 9 300x169\" src=\"https:\/\/spaziospadoni.org\/wp-content\/uploads\/2026\/05\/2024_aprile_messico_suor_perla_angelica_assemblea_congregazione_festa-9-300x169.jpg\"\/><\/figure>\n\n\n<figure class=\"wp-block-image size-large messico\"><img decoding=\"async\" alt=\"2024 avril mexique s&#x153;ur perla angelica assembl&#xE9;e congr&#xE9;gation f&#xEA;te 8 169x300\" src=\"https:\/\/spaziospadoni.org\/wp-content\/uploads\/2026\/05\/2024_aprile_messico_suor_perla_angelica_assemblea_congregazione_festa-8-169x300.jpg\"\/><\/figure>\n\n\n<figure class=\"wp-block-image size-large messico\"><img decoding=\"async\" alt=\"2024 avril mexique s&#x153;ur perla angelica assembl&#xE9;e congr&#xE9;gation f&#xEA;te 7 300x169\" src=\"https:\/\/spaziospadoni.org\/wp-content\/uploads\/2026\/05\/2024_aprile_messico_suor_perla_angelica_assemblea_congregazione_festa-7-300x169.jpg\"\/><\/figure>\n\n\n<figure class=\"wp-block-image size-large messico\"><img decoding=\"async\" alt=\"2024 avril mexique s&#x153;ur perla angelica assembl&#xE9;e congr&#xE9;gation f&#xEA;te 6 300x169\" src=\"https:\/\/spaziospadoni.org\/wp-content\/uploads\/2026\/05\/2024_aprile_messico_suor_perla_angelica_assemblea_congregazione_festa-6-300x169.jpg\"\/><\/figure>\n\n\n<figure class=\"wp-block-image size-large messico\"><img decoding=\"async\" alt=\"2024 avril mexique s&#x153;ur perla angelica assembl&#xE9;e congr&#xE9;gation f&#xEA;te 4 300x169\" src=\"https:\/\/spaziospadoni.org\/wp-content\/uploads\/2026\/05\/2024_aprile_messico_suor_perla_angelica_assemblea_congregazione_festa-4-300x169.jpg\"\/><\/figure>\n\n\n<figure class=\"wp-block-image size-large messico\"><img decoding=\"async\" alt=\"2024 avril mexique s&#x153;ur perla angelica assembl&#xE9;e congr&#xE9;gation f&#xEA;te 3 169x300\" src=\"https:\/\/spaziospadoni.org\/wp-content\/uploads\/2026\/05\/2024_aprile_messico_suor_perla_angelica_assemblea_congregazione_festa-3-169x300.jpg\"\/><\/figure>\n\n\n<figure class=\"wp-block-image size-large messico\"><img decoding=\"async\" alt=\"2024 avril mexique s&#x153;ur perla angelica assembl&#xE9;e congr&#xE9;gation f&#xEA;te 2 169x300\" src=\"https:\/\/spaziospadoni.org\/wp-content\/uploads\/2026\/05\/2024_aprile_messico_suor_perla_angelica_assemblea_congregazione_festa-2-169x300.jpg\"\/><\/figure>\n\n\n<figure class=\"wp-block-image size-large messico\"><img decoding=\"async\" alt=\"2024 avril mexique s&#x153;ur perla angelica assembl&#xE9;e congr&#xE9;gation f&#xEA;te 1 300x169\" src=\"https:\/\/spaziospadoni.org\/wp-content\/uploads\/2026\/05\/2024_aprile_messico_suor_perla_angelica_assemblea_congregazione_festa-1-300x169.jpg\"\/><\/figure>\n\n\n<figure class=\"wp-block-image size-large messico\"><img decoding=\"async\" alt=\"2024 avril mexique s&#x153;ur perla angelica assembl&#xE9;e congr&#xE9;gation f&#xEA;te 10 300x169\" src=\"https:\/\/spaziospadoni.org\/wp-content\/uploads\/2026\/05\/2024_aprile_messico_suor_perla_angelica_assemblea_congregazione_festa-10-300x169.jpg\"\/><\/figure>\n\n\n<figure class=\"wp-block-image size-large formazione\"><img decoding=\"async\" alt=\"2023 septembre 17 hic sum 20 mexique rosolini misericordia spazio + spadoni s&#x153;ur angelica perla convention ri&#xE9;volution &#x153;uvres noto nino armeri 3 225x300\" src=\"https:\/\/spaziospadoni.org\/wp-content\/uploads\/2026\/05\/2023_settembre_17_hicsum_20_messico_rosolini_misericordia_spazio_spadoni_sr_angelica_perla_convention_rievoluzione_opere_noto_nino_armeri-3-225x300.jpg\"\/><\/figure>\n\n\n<figure class=\"wp-block-image size-large formazione\"><img decoding=\"async\" alt=\"2023 septembre 17 hic sum 20 mexique rosolini misericordia spazio + spadoni s&#x153;ur angelica perla convention ri&#xE9;volution &#x153;uvres noto nino armeri 4 225x300\" src=\"https:\/\/spaziospadoni.org\/wp-content\/uploads\/2026\/05\/2023_settembre_17_hicsum_20_messico_rosolini_misericordia_spazio_spadoni_sr_angelica_perla_convention_rievoluzione_opere_noto_nino_armeri-4-225x300.jpg\"\/><\/figure>\n\n\n<figure class=\"wp-block-image size-large formazione\"><img decoding=\"async\" alt=\"2023 septembre 17 hic sum 20 mexique rosolini misericordia spazio + spadoni s&#x153;ur angelica perla convention ri&#xE9;volution &#x153;uvres noto nino armeri 4 225x300\" src=\"https:\/\/spaziospadoni.org\/wp-content\/uploads\/2026\/05\/2023_settembre_17_hicsum_20_messico_rosolini_misericordia_spazio_spadoni_sr_angelica_perla_convention_rievoluzione_opere_noto_nino_savarino-4-225x300.jpg\"\/><\/figure>\n\n\n<figure class=\"wp-block-image size-large formazione\"><img decoding=\"async\" alt=\"2023 mai hic sum 20 rosolini misericordia spazio + spadoni s&#x153;ur angelica perla citoyennet&#xE9; d'honneur luigi 3 300x225\" src=\"https:\/\/spaziospadoni.org\/wp-content\/uploads\/2026\/05\/2023_maggio_hicsum_20_rosolini_misericordia_spazio_spadoni_sr_angelica_perla_cittadinanza_onoraria_luigi-3-300x225.jpg\"\/><\/figure>\n\n\n<figure class=\"wp-block-image size-large formazione\"><img decoding=\"async\" alt=\"2023 hic sum 20 rosolini misericordia spazio + spadoni s&#x153;ur angelica perla luigi spadoni &#xE9;v&#xEA;que rumeo maire 300x169\" src=\"https:\/\/spaziospadoni.org\/wp-content\/uploads\/2026\/05\/2023_hicsum_20_rosolini_misericordia_spazio_spadoni_sr_angelica_perla_luigi_spadoni_vescovo_rumeo_sindaco-300x169.jpg\"\/><\/figure>\n\n\n<figure class=\"wp-block-image size-large formazione\"><img decoding=\"async\" alt=\"2023 hic sum 20 rosolini misericordia spazio + spadoni s&#x153;ur angelica perla luigi spadoni umberto banchi sergio mura selene pera andrea del bianco nino savarino armeni 300x169\" src=\"https:\/\/spaziospadoni.org\/wp-content\/uploads\/2026\/05\/2023_hicsum_20_rosolini_misericordia_spazio_spadoni_sr_angelica_perla_luigi_spadoni_umberto_banchi_sergio_mura_selene_pera_andrea_del_bianco_nino_savarino_armeni-300x169.jpg\"\/><\/figure>\n\n\n<figure class=\"wp-block-image size-large formazione\"><img decoding=\"async\" alt=\"janvier 2025 plaque operam mexique &#x153;uvres de mis&#xE9;ricorde spazio + spadoni 2 169x300\" src=\"https:\/\/spaziospadoni.org\/wp-content\/uploads\/2026\/05\/gennaio_2025_targa_operam_messico_opere_misericordia_spazio_spadoni-2-169x300.jpg\"\/><\/figure>\n\n\n<figure class=\"wp-block-image size-large formazione\"><img decoding=\"async\" alt=\"janvier 2025 plaque operam mexique &#x153;uvres de mis&#xE9;ricorde spazio + spadoni 3 169x300\" src=\"https:\/\/spaziospadoni.org\/wp-content\/uploads\/2026\/05\/gennaio_2025_targa_operam_messico_opere_misericordia_spazio_spadoni-3-169x300.jpg\"\/><\/figure>\n\n\n<figure class=\"wp-block-image size-large formazione\"><img decoding=\"async\" alt=\"janvier 2025 plaque operam mexique &#x153;uvres de mis&#xE9;ricorde spazio + spadoni 1 225x300\" src=\"https:\/\/spaziospadoni.org\/wp-content\/uploads\/2026\/05\/gennaio_2025_targa_operam_messico_opere_misericordia_spazio_spadoni-1-225x300.jpg\"\/><\/figure>\n\n\n<figure class=\"wp-block-image size-large formazione\"><img decoding=\"async\" alt=\"rencontre &#xE9;v&#xEA;que 2024 broche &#xE0; luigi sur crocodile copie 300x169\" src=\"https:\/\/spaziospadoni.org\/wp-content\/uploads\/2026\/05\/incontro-vescovo-2024-spilla-a-luigi-su-coccodrillo-copia-300x169.jpg\"\/><\/figure>\n\n\n<figure class=\"wp-block-image size-large formazione\"><img decoding=\"async\" alt=\"2025 mai assembl&#xE9;e uisg rome spazio + spadoni &#x153;uvres de mis&#xE9;ricorde sup&#xE9;rieures g&#xE9;n&#xE9;rales s&#x153;urs 102 225x300\" src=\"https:\/\/spaziospadoni.org\/wp-content\/uploads\/2026\/05\/2025_maggio_assemblea_uisg_roma_spazio_spadoni_opere_misericordia_superiore_generali_suore-102-225x300.jpg\"\/><\/figure>\n\n\n<figure class=\"wp-block-image size-large formazione\"><img decoding=\"async\" alt=\"2025 mai assembl&#xE9;e uisg rome spazio + spadoni &#x153;uvres de mis&#xE9;ricorde sup&#xE9;rieures g&#xE9;n&#xE9;rales s&#x153;urs 103 300x225\" src=\"https:\/\/spaziospadoni.org\/wp-content\/uploads\/2026\/05\/2025_maggio_assemblea_uisg_roma_spazio_spadoni_opere_misericordia_superiore_generali_suore-103-300x225.jpg\"\/><\/figure>\n\n\n<figure class=\"wp-block-image size-large formazione\"><img decoding=\"async\" alt=\"2025 mai assembl&#xE9;e uisg rome spazio + spadoni &#x153;uvres de mis&#xE9;ricorde sup&#xE9;rieures g&#xE9;n&#xE9;rales s&#x153;urs 105 225x300\" src=\"https:\/\/spaziospadoni.org\/wp-content\/uploads\/2026\/05\/2025_maggio_assemblea_uisg_roma_spazio_spadoni_opere_misericordia_superiore_generali_suore-105-225x300.jpg\"\/><\/figure>\n\n\n<figure class=\"wp-block-image size-large formazione\"><img decoding=\"async\" alt=\"2025 mai assembl&#xE9;e uisg rome spazio + spadoni &#x153;uvres de mis&#xE9;ricorde sup&#xE9;rieures g&#xE9;n&#xE9;rales s&#x153;urs 104 300x225\" src=\"https:\/\/spaziospadoni.org\/wp-content\/uploads\/2026\/05\/2025_maggio_assemblea_uisg_roma_spazio_spadoni_opere_misericordia_superiore_generali_suore-104-300x225.jpg\"\/><\/figure>\n\n\n<figure class=\"wp-block-image size-large formazione\"><img decoding=\"async\" alt=\"2025 mai assembl&#xE9;e uisg rome spazio + spadoni &#x153;uvres de mis&#xE9;ricorde sup&#xE9;rieures g&#xE9;n&#xE9;rales s&#x153;urs 107 225x300\" src=\"https:\/\/spaziospadoni.org\/wp-content\/uploads\/2026\/05\/2025_maggio_assemblea_uisg_roma_spazio_spadoni_opere_misericordia_superiore_generali_suore-107-225x300.jpg\"\/><\/figure>\n\n\n<figure class=\"wp-block-image size-large formazione\"><img decoding=\"async\" alt=\"2025 mai assembl&#xE9;e uisg rome spazio + spadoni &#x153;uvres de mis&#xE9;ricorde sup&#xE9;rieures g&#xE9;n&#xE9;rales s&#x153;urs 114 300x225\" src=\"https:\/\/spaziospadoni.org\/wp-content\/uploads\/2026\/05\/2025_maggio_assemblea_uisg_roma_spazio_spadoni_opere_misericordia_superiore_generali_suore-114-300x225.jpg\"\/><\/figure>\n\n\n<figure class=\"wp-block-image size-large formazione\"><img decoding=\"async\" alt=\"2025 juin s&#x153;ur perla angelica retournent misericordia Rosolini spazio + spadoni projet hic sum 7 300x169\" src=\"https:\/\/spaziospadoni.org\/wp-content\/uploads\/2026\/05\/2025_giugno_suor_perla_angelica_tornano_misericordia_Rosolini_spazio_spadoni_progetto_hic_sum-7-300x169.jpg\"\/><\/figure>\n\n\n<figure class=\"wp-block-image size-large formazione\"><img decoding=\"async\" alt=\"2025 juin s&#x153;ur perla angelica retournent misericordia Rosolini spazio + spadoni projet hic sum 1 300x169\" src=\"https:\/\/spaziospadoni.org\/wp-content\/uploads\/2026\/05\/2025_giugno_suor_perla_angelica_tornano_misericordia_Rosolini_spazio_spadoni_progetto_hic_sum-1-300x169.jpg\"\/><\/figure>\n\n\n<figure class=\"wp-block-image size-large formazione\"><img decoding=\"async\" alt=\"2025 juin s&#x153;ur perla angelica retournent misericordia Rosolini spazio + spadoni projet hic sum 26 300x169\" src=\"https:\/\/spaziospadoni.org\/wp-content\/uploads\/2026\/05\/2025_giugno_suor_perla_angelica_tornano_misericordia_Rosolini_spazio_spadoni_progetto_hic_sum-26-300x169.jpg\"\/><\/figure>\n\n\n<figure class=\"wp-block-image size-large formazione\"><img decoding=\"async\" alt=\"Juin 2025 f&#xEA;te du trentenaire misericordia rosolini s&#x153;ur perla angelica spazio + spadoni italie 1 269x300\" src=\"https:\/\/spaziospadoni.org\/wp-content\/uploads\/2026\/05\/Giugno-2025_festa_trentennale_misericodia_rosolini_suor_perla_angelica_spazio_spadoni_italia-1-269x300.jpg\"\/><\/figure>\n\n\n<figure class=\"wp-block-image size-large formazione\"><img decoding=\"async\" alt=\"Juin 2025 f&#xEA;te du trentenaire misericordia rosolini s&#x153;ur perla angelica spazio + spadoni italie 8 225x300\" src=\"https:\/\/spaziospadoni.org\/wp-content\/uploads\/2026\/05\/Giugno-2025_festa_trentennale_misericodia_rosolini_suor_perla_angelica_spazio_spadoni_italia-8-225x300.jpg\"\/><\/figure>\n\n\n<figure class=\"wp-block-image size-large formazione\"><img decoding=\"async\" alt=\"Juin 2025 f&#xEA;te du trentenaire misericordia rosolini s&#x153;ur perla angelica spazio + spadoni italie 9 300x226\" src=\"https:\/\/spaziospadoni.org\/wp-content\/uploads\/2026\/05\/Giugno-2025_festa_trentennale_misericodia_rosolini_suor_perla_angelica_spazio_spadoni_italia-9-300x226.jpg\"\/><\/figure>\n\n\n<figure class=\"wp-block-image size-large formazione\"><img decoding=\"async\" alt=\"Juin 2025 f&#xEA;te du trentenaire misericordia rosolini s&#x153;ur perla angelica spazio + spadoni italie 10 300x225\" src=\"https:\/\/spaziospadoni.org\/wp-content\/uploads\/2026\/05\/Giugno-2025_festa_trentennale_misericodia_rosolini_suor_perla_angelica_spazio_spadoni_italia-10-300x225.jpg\"\/><\/figure>\n\n\n<figure class=\"wp-block-image size-large formazione\"><img decoding=\"async\" alt=\"Juin 2025 f&#xEA;te du trentenaire misericordia rosolini s&#x153;ur perla angelica spazio + spadoni italie 11 300x225\" src=\"https:\/\/spaziospadoni.org\/wp-content\/uploads\/2026\/05\/Giugno-2025_festa_trentennale_misericodia_rosolini_suor_perla_angelica_spazio_spadoni_italia-11-300x225.jpg\"\/><\/figure>\n\n\n<figure class=\"wp-block-image size-large formazione\"><img decoding=\"async\" alt=\"Juin 2025 f&#xEA;te du trentenaire misericordia rosolini s&#x153;ur perla angelica spazio + spadoni italie 12 300x169\" src=\"https:\/\/spaziospadoni.org\/wp-content\/uploads\/2026\/05\/Giugno-2025_festa_trentennale_misericodia_rosolini_suor_perla_angelica_spazio_spadoni_italia-12-300x169.jpg\"\/><\/figure>\n\n\n<figure class=\"wp-block-image size-large formazione\"><img decoding=\"async\" alt=\"Juin 2025 f&#xEA;te du trentenaire misericordia rosolini s&#x153;ur perla angelica spazio + spadoni italie 15 300x225\" src=\"https:\/\/spaziospadoni.org\/wp-content\/uploads\/2026\/05\/Giugno-2025_festa_trentennale_misericodia_rosolini_suor_perla_angelica_spazio_spadoni_italia-15-300x225.jpg\"\/><\/figure>\n\n\n<figure class=\"wp-block-image size-large formazione\"><img decoding=\"async\" alt=\"Juin 2025 f&#xEA;te du trentenaire misericordia rosolini s&#x153;ur perla angelica spazio + spadoni italie 16 300x200\" src=\"https:\/\/spaziospadoni.org\/wp-content\/uploads\/2026\/05\/Giugno-2025_festa_trentennale_misericodia_rosolini_suor_perla_angelica_spazio_spadoni_italia-16-300x200.jpg\"\/><\/figure>\n\n\n<figure class=\"wp-block-image size-large formazione\"><img decoding=\"async\" alt=\"Juin 2025 f&#xEA;te du trentenaire misericordia rosolini s&#x153;ur perla angelica spazio + spadoni italie 18 300x169\" src=\"https:\/\/spaziospadoni.org\/wp-content\/uploads\/2026\/05\/Giugno-2025_festa_trentennale_misericodia_rosolini_suor_perla_angelica_spazio_spadoni_italia-18-300x169.jpg\"\/><\/figure>\n\n\n<figure class=\"wp-block-image size-large formazione\"><img decoding=\"async\" alt=\"Juin 2025 f&#xEA;te du trentenaire misericordia rosolini s&#x153;ur perla angelica spazio + spadoni italie 23 300x169\" src=\"https:\/\/spaziospadoni.org\/wp-content\/uploads\/2026\/05\/Giugno-2025_festa_trentennale_misericodia_rosolini_suor_perla_angelica_spazio_spadoni_italia-23-300x169.jpg\"\/><\/figure>\n\n\n<figure class=\"wp-block-image size-large formazione\"><img decoding=\"async\" alt=\"Juin 2025 f&#xEA;te du trentenaire misericordia rosolini s&#x153;ur perla angelica spazio + spadoni italie 26 300x225\" src=\"https:\/\/spaziospadoni.org\/wp-content\/uploads\/2026\/05\/Giugno-2025_festa_trentennale_misericodia_rosolini_suor_perla_angelica_spazio_spadoni_italia-26-300x225.jpg\"\/><\/figure>\n\n\n<figure class=\"wp-block-image size-large formazione\"><img decoding=\"async\" alt=\"Juin 2025 f&#xEA;te du trentenaire misericordia rosolini s&#x153;ur perla angelica spazio + spadoni italie 28 225x300\" src=\"https:\/\/spaziospadoni.org\/wp-content\/uploads\/2026\/05\/Giugno-2025_festa_trentennale_misericodia_rosolini_suor_perla_angelica_spazio_spadoni_italia-28-225x300.jpg\"\/><\/figure>\n\n\n<figure class=\"wp-block-image size-large formazione\"><img decoding=\"async\" alt=\"Juin 2025 f&#xEA;te du trentenaire misericordia rosolini s&#x153;ur perla angelica spazio + spadoni italie 34 300x169\" src=\"https:\/\/spaziospadoni.org\/wp-content\/uploads\/2026\/05\/Giugno-2025_festa_trentennale_misericodia_rosolini_suor_perla_angelica_spazio_spadoni_italia-34-300x169.jpg\"\/><\/figure>\n\n\n<figure class=\"wp-block-image size-large formazione\"><img decoding=\"async\" alt=\"Juin 2025 f&#xEA;te du trentenaire misericordia rosolini s&#x153;ur perla angelica spazio + spadoni italie 35 300x200\" src=\"https:\/\/spaziospadoni.org\/wp-content\/uploads\/2026\/05\/Giugno-2025_festa_trentennale_misericodia_rosolini_suor_perla_angelica_spazio_spadoni_italia-35-300x200.jpg\"\/><\/figure>\n\n\n<figure class=\"wp-block-image size-large formazione\"><img decoding=\"async\" alt=\"2025 juin rosolini sicile spazio + spadoni s&#x153;ur perla angelica projet hic sum f&#xEA;te 24 300x200\" src=\"https:\/\/spaziospadoni.org\/wp-content\/uploads\/2026\/05\/2025_giugno_rosolini_sicilia_spazio_spadoni_suor_perla_angelica_progetto_hic_sum_festa-24-300x200.jpg\"\/><\/figure>\n\n\n<figure class=\"wp-block-image size-large formazione\"><img decoding=\"async\" alt=\"2025 juin rosolini sicile spazio + spadoni s&#x153;ur perla angelica projet hic sum f&#xEA;te 1 300x200\" src=\"https:\/\/spaziospadoni.org\/wp-content\/uploads\/2026\/05\/2025_giugno_rosolini_sicilia_spazio_spadoni_suor_perla_angelica_progetto_hic_sum_festa-1-300x200.jpg\"\/><\/figure>\n\n\n<figure class=\"wp-block-image size-large formazione\"><img decoding=\"async\" alt=\"2025 juin rosolini sicile spazio + spadoni s&#x153;ur perla angelica projet hic sum f&#xEA;te 2 300x200\" src=\"https:\/\/spaziospadoni.org\/wp-content\/uploads\/2026\/05\/2025_giugno_rosolini_sicilia_spazio_spadoni_suor_perla_angelica_progetto_hic_sum_festa-2-300x200.jpg\"\/><\/figure>\n\n\n<figure class=\"wp-block-image size-large formazione\"><img decoding=\"async\" alt=\"2025 juin rosolini sicile spazio + spadoni s&#x153;ur perla angelica projet hic sum f&#xEA;te 10 300x200\" src=\"https:\/\/spaziospadoni.org\/wp-content\/uploads\/2026\/05\/2025_giugno_rosolini_sicilia_spazio_spadoni_suor_perla_angelica_progetto_hic_sum_festa-10-300x200.jpg\"\/><\/figure>\n\n\n<figure class=\"wp-block-image size-large formazione\"><img decoding=\"async\" alt=\"2025 juin rosolini sicile spazio + spadoni s&#x153;ur perla angelica projet hic sum f&#xEA;te 11 300x200\" src=\"https:\/\/spaziospadoni.org\/wp-content\/uploads\/2026\/05\/2025_giugno_rosolini_sicilia_spazio_spadoni_suor_perla_angelica_progetto_hic_sum_festa-11-300x200.jpg\"\/><\/figure>\n\n\n<figure class=\"wp-block-image size-large formazione\"><img decoding=\"async\" alt=\"2025 juin rosolini sicile spazio + spadoni s&#x153;ur perla angelica projet hic sum f&#xEA;te 12 300x200\" src=\"https:\/\/spaziospadoni.org\/wp-content\/uploads\/2026\/05\/2025_giugno_rosolini_sicilia_spazio_spadoni_suor_perla_angelica_progetto_hic_sum_festa-12-300x200.jpg\"\/><\/figure>\n\n\n<figure class=\"wp-block-image size-large formazione\"><img decoding=\"async\" alt=\"2025 juin rosolini sicile spazio + spadoni s&#x153;ur perla angelica projet hic sum f&#xEA;te 13 300x200\" src=\"https:\/\/spaziospadoni.org\/wp-content\/uploads\/2026\/05\/2025_giugno_rosolini_sicilia_spazio_spadoni_suor_perla_angelica_progetto_hic_sum_festa-13-300x200.jpg\"\/><\/figure>\n\n\n<figure class=\"wp-block-image size-large formazione\"><img decoding=\"async\" alt=\"2025 juin rosolini sicile spazio + spadoni s&#x153;ur perla angelica projet hic sum f&#xEA;te 14 300x169\" src=\"https:\/\/spaziospadoni.org\/wp-content\/uploads\/2026\/05\/2025_giugno_rosolini_sicilia_spazio_spadoni_suor_perla_angelica_progetto_hic_sum_festa-14-300x169.jpg\"\/><\/figure>\n\n\n<figure class=\"wp-block-image size-large formazione\"><img decoding=\"async\" alt=\"2025 juin rosolini sicile spazio + spadoni s&#x153;ur perla angelica projet hic sum f&#xEA;te 15 300x200\" src=\"https:\/\/spaziospadoni.org\/wp-content\/uploads\/2026\/05\/2025_giugno_rosolini_sicilia_spazio_spadoni_suor_perla_angelica_progetto_hic_sum_festa-15-300x200.jpg\"\/><\/figure>\n\n\n<figure class=\"wp-block-image size-large formazione\"><img decoding=\"async\" alt=\"2025 juin rosolini sicile spazio + spadoni s&#x153;ur perla angelica projet hic sum f&#xEA;te 16 300x200\" src=\"https:\/\/spaziospadoni.org\/wp-content\/uploads\/2026\/05\/2025_giugno_rosolini_sicilia_spazio_spadoni_suor_perla_angelica_progetto_hic_sum_festa-16-200x300.jpg\"\/><\/figure>\n\n\n<figure class=\"wp-block-image size-large formazione\"><img decoding=\"async\" alt=\"2025 juin rosolini sicile spazio + spadoni s&#x153;ur perla angelica projet hic sum f&#xEA;te 17 300x200\" src=\"https:\/\/spaziospadoni.org\/wp-content\/uploads\/2026\/05\/2025_giugno_rosolini_sicilia_spazio_spadoni_suor_perla_angelica_progetto_hic_sum_festa-17-300x200.jpg\"\/><\/figure>\n\n\n<figure class=\"wp-block-image size-large formazione\"><img decoding=\"async\" alt=\"2025 juin rosolini sicile spazio + spadoni s&#x153;ur perla angelica projet hic sum f&#xEA;te 18 300x200\" src=\"https:\/\/spaziospadoni.org\/wp-content\/uploads\/2026\/05\/2025_giugno_rosolini_sicilia_spazio_spadoni_suor_perla_angelica_progetto_hic_sum_festa-18-300x200.jpg\"\/><\/figure>\n\n\n<figure class=\"wp-block-image size-large formazione\"><img decoding=\"async\" alt=\"2025 juin rosolini sicile spazio + spadoni s&#x153;ur perla angelica projet hic sum f&#xEA;te 19 300x200\" src=\"https:\/\/spaziospadoni.org\/wp-content\/uploads\/2026\/05\/2025_giugno_rosolini_sicilia_spazio_spadoni_suor_perla_angelica_progetto_hic_sum_festa-19-300x200.jpg\"\/><\/figure>\n\n\n<figure class=\"wp-block-image size-large formazione\"><img decoding=\"async\" alt=\"2025 juin rosolini sicile spazio + spadoni s&#x153;ur perla angelica projet hic sum f&#xEA;te 20 300x200\" src=\"https:\/\/spaziospadoni.org\/wp-content\/uploads\/2026\/05\/2025_giugno_rosolini_sicilia_spazio_spadoni_suor_perla_angelica_progetto_hic_sum_festa-20-300x200.jpg\"\/><\/figure>\n\n\n<figure class=\"wp-block-image size-large formazione\"><img decoding=\"async\" alt=\"2025 juin rosolini sicile spazio + spadoni s&#x153;ur perla angelica projet hic sum f&#xEA;te 21 300x200\" src=\"https:\/\/spaziospadoni.org\/wp-content\/uploads\/2026\/05\/2025_giugno_rosolini_sicilia_spazio_spadoni_suor_perla_angelica_progetto_hic_sum_festa-21-300x200.jpg\"\/><\/figure>\n\n\n<figure class=\"wp-block-image size-large formazione\"><img decoding=\"async\" alt=\"2025 juin rosolini sicile spazio + spadoni s&#x153;ur perla angelica projet hic sum f&#xEA;te 22 200x300\" src=\"https:\/\/spaziospadoni.org\/wp-content\/uploads\/2026\/05\/2025_giugno_rosolini_sicilia_spazio_spadoni_suor_perla_angelica_progetto_hic_sum_festa-22-200x300.jpg\"\/><\/figure>\n\n\n<figure class=\"wp-block-image size-large formazione\"><img decoding=\"async\" alt=\"2025 juin rosolini sicile spazio + spadoni s&#x153;ur perla angelica projet hic sum f&#xEA;te 23 300x200\" src=\"https:\/\/spaziospadoni.org\/wp-content\/uploads\/2026\/05\/2025_giugno_rosolini_sicilia_spazio_spadoni_suor_perla_angelica_progetto_hic_sum_festa-23-300x200.jpg\"\/><\/figure>\n\n\n<figure class=\"wp-block-image size-large formazione\"><img decoding=\"async\" alt=\"2025 juillet 23 24 s&#x153;ur perla angelica visite rome assise misericordia rosolini spazio + spadoni projet hic sum &#x153;uvres de mis&#xE9;ricorde 3\" src=\"https:\/\/spaziospadoni.org\/wp-content\/uploads\/2026\/05\/2025_luglio_23_24_suor_perla_angelica_visita_roma_assisi_misericordia_rosolini_spazio_spadoni_progetto_hic_sum_opere_misericordia-3.jpg\"\/><\/figure>\n\n\n<figure class=\"wp-block-image size-large formazione\"><img decoding=\"async\" alt=\"2025 juillet 23 24 s&#x153;ur perla angelica visite rome assise misericordia rosolini spazio + spadoni projet hic sum &#x153;uvres de mis&#xE9;ricorde 1\" src=\"https:\/\/spaziospadoni.org\/wp-content\/uploads\/2026\/05\/2025_luglio_23_24_suor_perla_angelica_visita_roma_assisi_misericordia_rosolini_spazio_spadoni_progetto_hic_sum_opere_misericordia-1.jpg\"\/><\/figure>\n\n\n<figure class=\"wp-block-image size-large messico\"><img decoding=\"async\" alt=\"2025 septembre 13 s&#x153;ur perla m&#xE8;re irene visite &#xE9;v&#xEA;que puebla mexique &#x153;uvres de mis&#xE9;ricorde spazio + spadoni\" src=\"https:\/\/spaziospadoni.org\/wp-content\/uploads\/2026\/05\/2025_settembre_13_suor_perla_madre_irene_visita_vescovo_puebla_messico_opere_misericordia_spazio_spadoni.jpeg\"\/><\/figure>\n\n\n<figure class=\"wp-block-image size-large messico\"><img decoding=\"async\" alt=\"2025 septembre 17 rencontre misericordia rosolini s&#x153;ur perla association mexique &#x153;uvres de mis&#xE9;ricorde spazio + spadoni\" src=\"https:\/\/spaziospadoni.org\/wp-content\/uploads\/2026\/05\/2025_settembre_17_incontro_misericordia_rosolini_suor_perla_associazione_messico_opere_misericordia_spazio_spadoni.jpeg\"\/><\/figure>\n\n\n<figure class=\"wp-block-image size-large messico\"><img decoding=\"async\" alt=\"2025 septembre 27 74 anniversaire congr&#xE9;gation s&#x153;ur perla s&#x153;ur angelica mexique spazio + spadoni 1 400x300\" src=\"https:\/\/spaziospadoni.org\/wp-content\/uploads\/2026\/05\/2025_settembre_27_74_anniversario_congregazione_suor_perla_suor_angelica_messico_spazio_spadoni-1.jpeg\"\/><\/figure>\n\n\n<figure class=\"wp-block-image size-large messico\"><img decoding=\"async\" alt=\"2025 septembre 27 74 anniversaire congr&#xE9;gation s&#x153;ur perla s&#x153;ur angelica mexique spazio + spadoni 31 300x225\" src=\"https:\/\/spaziospadoni.org\/wp-content\/uploads\/2026\/05\/2025_settembre_27_74_anniversario_congregazione_suor_perla_suor_angelica_messico_spazio_spadoni-31-300x225.jpeg\"\/><\/figure>\n\n\n<figure class=\"wp-block-image size-large messico\"><img decoding=\"async\" alt=\"2026 janvier 13 &#x153;uvres de mis&#xE9;ricorde spazio + spadoni mexique s&#x153;ur perla angelica misericordia rosolini 3 225x300\" src=\"https:\/\/spaziospadoni.org\/wp-content\/uploads\/2026\/05\/2026_gennaio_13_opere_misericordia_spazio_spadoni_messico_suor_perla_angelica_misericordia_rosolini-3-225x300.jpeg\"\/><\/figure>\n\n\n<figure class=\"wp-block-image size-large messico\"><img decoding=\"async\" alt=\"2026 janvier 13 &#x153;uvres de mis&#xE9;ricorde spazio + spadoni mexique s&#x153;ur perla angelica misericordia rosolini 2 300x225\" src=\"https:\/\/spaziospadoni.org\/wp-content\/uploads\/2026\/05\/2026_gennaio_13_opere_misericordia_spazio_spadoni_messico_suor_perla_angelica_misericordia_rosolini-2-300x225.jpeg\"\/><\/figure>\n\n\n<figure class=\"wp-block-image size-large messico\"><img decoding=\"async\" alt=\"2026 janvier 13 &#x153;uvres de mis&#xE9;ricorde spazio + spadoni mexique s&#x153;ur perla angelica misericordia rosolini 1 300x225\" src=\"https:\/\/spaziospadoni.org\/wp-content\/uploads\/2026\/05\/2026_gennaio_13_opere_misericordia_spazio_spadoni_messico_suor_perla_angelica_misericordia_rosolini-1-300x225.jpeg\"\/><\/figure>\n\n\n<figure class=\"wp-block-image size-large messico\"><img decoding=\"async\" alt=\"2026 janvier 13 &#x153;uvres de mis&#xE9;ricorde spazio + spadoni mexique s&#x153;ur perla angelica misericordia rosolini 6 300x225\" src=\"https:\/\/spaziospadoni.org\/wp-content\/uploads\/2026\/05\/2026_gennaio_13_opere_misericordia_spazio_spadoni_messico_suor_perla_angelica_misericordia_rosolini-6-300x225.jpeg\"\/><\/figure>\n\n\n<figure class=\"wp-block-image size-large messico\"><img decoding=\"async\" alt=\"2026 janvier 25 formation &#x153;uvres de mis&#xE9;ricorde puebla mexique s&#x153;ur perla projet hic sum operam spazio + spadoni 2\" src=\"https:\/\/spaziospadoni.org\/wp-content\/uploads\/2026\/05\/2026_gennaio_25_formazione_opere_misericordia_puebla_messico_suor_perla_progetto_hic_sum_operam_spazio_spadoni-2.jpeg\"\/><\/figure>\n\n\n<figure class=\"wp-block-image size-large messico\"><img decoding=\"async\" alt=\"2026 janvier 25 formation &#x153;uvres de mis&#xE9;ricorde puebla mexique s&#x153;ur perla projet hic sum operam spazio + spadoni 5\" src=\"https:\/\/spaziospadoni.org\/wp-content\/uploads\/2026\/05\/2026_gennaio_25_formazione_opere_misericordia_puebla_messico_suor_perla_progetto_hic_sum_operam_spazio_spadoni-5.jpeg\"\/><\/figure>\n\n\n<figure class=\"wp-block-image size-large messico\"><img decoding=\"async\" alt=\"2026 janvier 25 formation &#x153;uvres de mis&#xE9;ricorde puebla mexique s&#x153;ur perla projet hic sum operam spazio + spadoni 4\" src=\"https:\/\/spaziospadoni.org\/wp-content\/uploads\/2026\/05\/2026_gennaio_25_formazione_opere_misericordia_puebla_messico_suor_perla_progetto_hic_sum_operam_spazio_spadoni-4.jpeg\"\/><\/figure>\n\n\n<figure class=\"wp-block-image size-large messico\"><img decoding=\"async\" alt=\"19 mars 2026 habitants spazio + spadoni puebla &#x153;uvres de mis&#xE9;ricorde operam 14\" src=\"https:\/\/spaziospadoni.org\/wp-content\/uploads\/2026\/05\/2026_marzo_19_abitanti_spazio_spadoni_puebla_opere_misericordia_operam-14.jpeg\"\/><\/figure>\n\n\n<figure class=\"wp-block-image size-large messico\"><img decoding=\"async\" alt=\"19 mars 2026 habitants spazio + spadoni puebla &#x153;uvres de mis&#xE9;ricorde operam 12\" src=\"https:\/\/spaziospadoni.org\/wp-content\/uploads\/2026\/05\/2026_marzo_19_abitanti_spazio_spadoni_puebla_opere_misericordia_operam-12.jpeg\"\/><\/figure>\n\n\n<figure class=\"wp-block-image size-large messico\"><img decoding=\"async\" alt=\"19 mars 2026 habitants spazio + spadoni puebla &#x153;uvres de mis&#xE9;ricorde operam 13\" src=\"https:\/\/spaziospadoni.org\/wp-content\/uploads\/2026\/05\/2026_marzo_19_abitanti_spazio_spadoni_puebla_opere_misericordia_operam-13.jpeg\"\/><\/figure>\n\n\n<figure class=\"wp-block-image size-large messico\"><img decoding=\"async\" alt=\"19 mars 2026 habitants spazio + spadoni puebla &#x153;uvres de mis&#xE9;ricorde operam 16\" src=\"https:\/\/spaziospadoni.org\/wp-content\/uploads\/2026\/05\/2026_marzo_19_abitanti_spazio_spadoni_puebla_opere_misericordia_operam-16.jpeg\"\/><\/figure>\n\n\n<figure class=\"wp-block-image size-large messico\"><img decoding=\"async\" alt=\"19 mars 2026 habitants spazio + spadoni puebla &#x153;uvres de mis&#xE9;ricorde operam 17\" src=\"https:\/\/spaziospadoni.org\/wp-content\/uploads\/2026\/05\/2026_marzo_19_abitanti_spazio_spadoni_puebla_opere_misericordia_operam-17.jpeg\"\/><\/figure>\n\n\n<figure class=\"wp-block-image size-large messico\"><img decoding=\"async\" alt=\"19 mars 2026 habitants spazio + spadoni puebla &#x153;uvres de mis&#xE9;ricorde operam 18\" src=\"https:\/\/spaziospadoni.org\/wp-content\/uploads\/2026\/05\/2026_marzo_19_abitanti_spazio_spadoni_puebla_opere_misericordia_operam-18.jpeg\"\/><\/figure>\n\n\n<figure class=\"wp-block-image size-large messico\"><img decoding=\"async\" alt=\"19 mars 2026 habitants spazio + spadoni puebla &#x153;uvres de mis&#xE9;ricorde operam 20\" src=\"https:\/\/spaziospadoni.org\/wp-content\/uploads\/2026\/05\/2026_marzo_19_abitanti_spazio_spadoni_puebla_opere_misericordia_operam-20.jpeg\"\/><\/figure>\n\n\n<figure class=\"wp-block-image size-large messico\"><img decoding=\"async\" alt=\"19 mars 2026 habitants spazio + spadoni puebla &#x153;uvres de mis&#xE9;ricorde operam 22\" src=\"https:\/\/spaziospadoni.org\/wp-content\/uploads\/2026\/05\/2026_marzo_19_abitanti_spazio_spadoni_puebla_opere_misericordia_operam-22.jpeg\"\/><\/figure>\n\n\n<figure class=\"wp-block-image size-large messico\"><img decoding=\"async\" alt=\"19 mars 2026 habitants spazio + spadoni puebla &#x153;uvres de mis&#xE9;ricorde operam 23\" src=\"https:\/\/spaziospadoni.org\/wp-content\/uploads\/2026\/05\/2026_marzo_19_abitanti_spazio_spadoni_puebla_opere_misericordia_operam-23.jpeg\"\/><\/figure>\n\n\n<figure class=\"wp-block-image size-large messico\"><img decoding=\"async\" alt=\"19 mars 2026 habitants spazio + spadoni puebla &#x153;uvres de mis&#xE9;ricorde operam 1\" src=\"https:\/\/spaziospadoni.org\/wp-content\/uploads\/2026\/05\/2026_marzo_19_abitanti_spazio_spadoni_puebla_opere_misericordia_operam-1.jpeg\"\/><\/figure>\n\n\n<figure class=\"wp-block-image size-large messico\"><img decoding=\"async\" alt=\"19 mars 2026 habitants spazio + spadoni puebla &#x153;uvres de mis&#xE9;ricorde operam 2\" src=\"https:\/\/spaziospadoni.org\/wp-content\/uploads\/2026\/05\/2026_marzo_19_abitanti_spazio_spadoni_puebla_opere_misericordia_operam-2.jpeg\"\/><\/figure>\n\n\n<figure class=\"wp-block-image size-large messico\"><img decoding=\"async\" alt=\"19 mars 2026 habitants spazio + spadoni puebla &#x153;uvres de mis&#xE9;ricorde operam 3\" src=\"https:\/\/spaziospadoni.org\/wp-content\/uploads\/2026\/05\/2026_marzo_19_abitanti_spazio_spadoni_puebla_opere_misericordia_operam-3.jpeg\"\/><\/figure>\n\n\n<figure class=\"wp-block-image size-large messico\"><img decoding=\"async\" alt=\"19 mars 2026 habitants spazio + spadoni puebla &#x153;uvres de mis&#xE9;ricorde operam 4\" src=\"https:\/\/spaziospadoni.org\/wp-content\/uploads\/2026\/05\/2026_marzo_19_abitanti_spazio_spadoni_puebla_opere_misericordia_operam-4.jpeg\"\/><\/figure>\n\n\n<figure class=\"wp-block-image size-large messico\"><img decoding=\"async\" alt=\"19 mars 2026 habitants spazio + spadoni puebla &#x153;uvres de mis&#xE9;ricorde operam 5\" src=\"https:\/\/spaziospadoni.org\/wp-content\/uploads\/2026\/05\/2026_marzo_19_abitanti_spazio_spadoni_puebla_opere_misericordia_operam-5.jpeg\"\/><\/figure>\n\n\n<figure class=\"wp-block-image size-large messico\"><img decoding=\"async\" alt=\"19 mars 2026 habitants spazio + spadoni puebla &#x153;uvres de mis&#xE9;ricorde operam 6\" src=\"https:\/\/spaziospadoni.org\/wp-content\/uploads\/2026\/05\/2026_marzo_19_abitanti_spazio_spadoni_puebla_opere_misericordia_operam-6.jpeg\"\/><\/figure>\n\n\n<figure class=\"wp-block-image size-large messico\"><img decoding=\"async\" alt=\"19 mars 2026 habitants spazio + spadoni puebla &#x153;uvres de mis&#xE9;ricorde operam 7\" src=\"https:\/\/spaziospadoni.org\/wp-content\/uploads\/2026\/05\/2026_marzo_19_abitanti_spazio_spadoni_puebla_opere_misericordia_operam-7.jpeg\"\/><\/figure>\n\n\n<figure class=\"wp-block-image size-large messico\"><img decoding=\"async\" alt=\"19 mars 2026 habitants spazio + spadoni puebla &#x153;uvres de mis&#xE9;ricorde operam 8\" src=\"https:\/\/spaziospadoni.org\/wp-content\/uploads\/2026\/05\/2026_marzo_19_abitanti_spazio_spadoni_puebla_opere_misericordia_operam-8.jpeg\"\/><\/figure>\n\n\n<figure class=\"wp-block-image size-large messico\"><img decoding=\"async\" alt=\"19 mars 2026 habitants spazio + spadoni puebla &#x153;uvres de mis&#xE9;ricorde operam 9\" src=\"https:\/\/spaziospadoni.org\/wp-content\/uploads\/2026\/05\/2026_marzo_19_abitanti_spazio_spadoni_puebla_opere_misericordia_operam-9.jpeg\"\/><\/figure>\n\n\n<figure class=\"wp-block-image size-large messico\"><img decoding=\"async\" alt=\"19 mars 2026 habitants spazio + spadoni puebla &#x153;uvres de mis&#xE9;ricorde operam 10\" src=\"https:\/\/spaziospadoni.org\/wp-content\/uploads\/2026\/05\/2026_marzo_19_abitanti_spazio_spadoni_puebla_opere_misericordia_operam-10.jpeg\"\/><\/figure>\n\n\n<figure class=\"wp-block-image size-large messico\"><img decoding=\"async\" alt=\"19 mars 2026 habitants spazio + spadoni puebla &#x153;uvres de mis&#xE9;ricorde operam 11\" src=\"https:\/\/spaziospadoni.org\/wp-content\/uploads\/2026\/05\/2026_marzo_19_abitanti_spazio_spadoni_puebla_opere_misericordia_operam-11.jpeg\"\/><\/figure>\n\n\n<figure class=\"wp-block-image size-large messico\"><img decoding=\"async\" alt=\"2026 avril 1 mexique puebla magasin d'articles religieux spazio + spadoni &#x153;uvres de mis&#xE9;ricorde operam 2\" src=\"https:\/\/spaziospadoni.org\/wp-content\/uploads\/2026\/05\/2026_aprile_1_messico_puebla_negozio_articoli_religiosi_spazio_spadoni_opere_misericordia_operam-2.jpeg\"\/><\/figure>\n\n\n<figure class=\"wp-block-image size-large messico\"><img decoding=\"async\" alt=\"2026 avril 1 mexique puebla magasin d'articles religieux spazio + spadoni &#x153;uvres de mis&#xE9;ricorde operam 9\" src=\"https:\/\/spaziospadoni.org\/wp-content\/uploads\/2026\/05\/2026_aprile_1_messico_puebla_negozio_articoli_religiosi_spazio_spadoni_opere_misericordia_operam-9.jpeg\"\/><\/figure>\n\n\n<figure class=\"wp-block-image size-large messico\"><img decoding=\"async\" alt=\"2026 avril 1 mexique puebla magasin d'articles religieux spazio + spadoni &#x153;uvres de mis&#xE9;ricorde operam 11\" src=\"https:\/\/spaziospadoni.org\/wp-content\/uploads\/2026\/05\/2026_aprile_1_messico_puebla_negozio_articoli_religiosi_spazio_spadoni_opere_misericordia_operam-11.jpeg\"\/><\/figure>\n\n\n<figure class=\"wp-block-image size-large messico\"><img decoding=\"async\" alt=\"2026 avril 1 mexique puebla magasin d'articles religieux spazio + spadoni &#x153;uvres de mis&#xE9;ricorde operam 15\" src=\"https:\/\/spaziospadoni.org\/wp-content\/uploads\/2026\/05\/2026_aprile_1_messico_puebla_negozio_articoli_religiosi_spazio_spadoni_opere_misericordia_operam-15.jpeg\"\/><\/figure>\n\n<\/figure>\n\n\n<div class=\"gb-element-b24bbf5e ss-media-videos\">\n\n<figure class=\"wp-block-video video\"><video controls=\"\" src=\"https:\/\/spaziospadoni.org\/wp-content\/uploads\/2026\/05\/novembre_2022_compleanno_suor_angelica.mp4\"><\/video><figcaption class=\"wp-element-caption\">novembre 2022 anniversaire s\u0153ur angelica<\/figcaption><\/figure>\n\n\n<figure class=\"wp-block-video video\"><video controls=\"\" src=\"https:\/\/spaziospadoni.org\/wp-content\/uploads\/2026\/05\/avvento-2022.mp4\"><\/video><figcaption class=\"wp-element-caption\">avent 2022<\/figcaption><\/figure>\n\n\n<figure class=\"wp-block-video video\"><video controls=\"\" src=\"https:\/\/spaziospadoni.org\/wp-content\/uploads\/2026\/05\/dicembre_2022_suor_perla_angelica-2.mp4\"><\/video><figcaption class=\"wp-element-caption\">d\u00e9cembre 2022 s\u0153ur perla angelica 2<\/figcaption><\/figure>\n\n\n<figure class=\"wp-block-video video\"><video controls=\"\" src=\"https:\/\/spaziospadoni.org\/wp-content\/uploads\/2026\/05\/gennaio_2023_suor_perla_angelica_misericordia_rosolini.mp4\"><\/video><figcaption class=\"wp-element-caption\">janvier 2023 s\u0153ur perla angelica misericordia rosolini<\/figcaption><\/figure>\n\n\n<figure class=\"wp-block-video video\"><video controls=\"\" src=\"https:\/\/spaziospadoni.org\/wp-content\/uploads\/2026\/05\/Formazione_Rosolin_canznone.mp4\"><\/video><figcaption class=\"wp-element-caption\">Formation Rosolini chanson<\/figcaption><\/figure>\n\n\n<figure class=\"wp-block-video video\"><video controls=\"\" src=\"https:\/\/spaziospadoni.org\/wp-content\/uploads\/2026\/05\/febbraio_2023_rinnovo_voti_suor_perla_angelica_rosolini.mp4\"><\/video><figcaption class=\"wp-element-caption\">f\u00e9vrier 2023 renouvellement des v\u0153ux s\u0153ur perla angelica rosolini<\/figcaption><\/figure>\n\n\n<figure class=\"wp-block-video video\"><video controls=\"\" src=\"https:\/\/spaziospadoni.org\/wp-content\/uploads\/2026\/05\/2022_dicembre_suor_perla_angelica_rosolini_italia_misericordia_spazio_spadoni-2.mp4\"><\/video><figcaption class=\"wp-element-caption\">2022 d\u00e9cembre s\u0153ur perla angelica rosolini italie misericordia spazio + spadoni 2<\/figcaption><\/figure>\n\n\n<figure class=\"wp-block-video video\"><video controls=\"\" src=\"https:\/\/spaziospadoni.org\/wp-content\/uploads\/2026\/05\/2022_dicembre_suor_perla_angelica_rosolini_italia_misericordia_spazio_spadoni-1.mp4\"><\/video><figcaption class=\"wp-element-caption\">2022 d\u00e9cembre s\u0153ur perla angelica rosolini italie misericordia spazio + spadoni 1<\/figcaption><\/figure>\n\n\n<figure class=\"wp-block-video video\"><video controls=\"\" src=\"https:\/\/spaziospadoni.org\/wp-content\/uploads\/2026\/05\/marzo_2023_gran_gala_suor_perla_angelica_misericordia_rosolini.mp4\"><\/video><figcaption class=\"wp-element-caption\">mars 2023 grand gala s\u0153ur perla angelica misericordia rosolini<\/figcaption><\/figure>\n\n\n<figure class=\"wp-block-video video\"><video controls=\"\" src=\"https:\/\/spaziospadoni.org\/wp-content\/uploads\/2026\/05\/marzo_2023_rosolini.mp4\"><\/video><figcaption class=\"wp-element-caption\">mars 2023 rosolini<\/figcaption><\/figure>\n\n\n<figure class=\"wp-block-video video\"><video controls=\"\" src=\"https:\/\/spaziospadoni.org\/wp-content\/uploads\/2026\/05\/marzo_2023_anziani_saluto.mp4\"><\/video><figcaption class=\"wp-element-caption\">mars 2023 salutations aux a\u00een\u00e9s<\/figcaption><\/figure>\n\n\n<figure class=\"wp-block-video video\"><video controls=\"\" src=\"https:\/\/spaziospadoni.org\/wp-content\/uploads\/2026\/05\/Video-WhatsApp-2023-07-02-ore-21.56.17.mp4\"><\/video><figcaption class=\"wp-element-caption\">Video WhatsApp 2023 07 02 ore 21.56.17<\/figcaption><\/figure>\n\n\n<figure class=\"wp-block-video video\"><video controls=\"\" src=\"https:\/\/spaziospadoni.org\/wp-content\/uploads\/2026\/05\/2024_aprile_messico_suor_perla_angelica_assemblea_congregazione_festa-2.mp4\"><\/video><figcaption class=\"wp-element-caption\">2024 avril mexique s\u0153ur perla angelica assembl\u00e9e congr\u00e9gation f\u00eate 2<\/figcaption><\/figure>\n\n\n<figure class=\"wp-block-video video\"><video controls=\"\" src=\"https:\/\/spaziospadoni.org\/wp-content\/uploads\/2026\/05\/2024_aprile_messico_suor_perla_angelica_assemblea_congregazione_festa-3.mp4\"><\/video><figcaption class=\"wp-element-caption\">2024 avril mexique s\u0153ur perla angelica assembl\u00e9e congr\u00e9gation f\u00eate 3<\/figcaption><\/figure>\n\n\n<figure class=\"wp-block-video video\"><video controls=\"\" src=\"https:\/\/spaziospadoni.org\/wp-content\/uploads\/2026\/05\/2024_aprile_messico_suor_perla_angelica_assemblea_congregazione_festa-1.mp4\"><\/video><figcaption class=\"wp-element-caption\">2024 avril mexique s\u0153ur perla angelica assembl\u00e9e congr\u00e9gation f\u00eate 1<\/figcaption><\/figure>\n\n\n<figure class=\"wp-block-video video\"><video controls=\"\" src=\"https:\/\/spaziospadoni.org\/wp-content\/uploads\/2026\/05\/2025_settembre_27_74_anniversario_congregazione_suor_perla_suor_angelica_messico_spazio_spadoni-31.mp4\"><\/video><figcaption class=\"wp-element-caption\">2025 septembre 27 74 anniversaire congr\u00e9gation s\u0153ur perla s\u0153ur angelica mexique spazio + spadoni 31<\/figcaption><\/figure>\n\n\n<figure class=\"wp-block-video video\"><video controls=\"\" src=\"https:\/\/spaziospadoni.org\/wp-content\/uploads\/2026\/05\/2026_gennaio_25_formazione_opere_misericordia_puebla_messico_suor_perla_progetto_hic_sum_operam_spazio_spadoni-1.mp4\"><\/video><figcaption class=\"wp-element-caption\">2026 janvier 25 formation \u0153uvres de mis\u00e9ricorde puebla mexique s\u0153ur perla projet hic sum operam spazio + spadoni 1<\/figcaption><\/figure>\n\n<\/div>\n\n<\/div>\n\n<\/div>\n\n<\/div>\n\n","protected":false},"excerpt":{"rendered":"<p>Puebla | Puebla (Mexique) OPERA M11 MISSION Lieu Puebla Dioc\u00e8se Puebla Nation Mexico Continent Am\u00e9rique Coordonn\u00e9es GPS 18.49349 -98.24490 Fuseau horaire UTC-6 ORGANISATEUR Congr\u00e9gation Misioneras Catequistas de los Sagrados Corazones de Jes\u00f9s y de Mar\u00eca Maison M\u00e8re Citt\u00e0 del Messico Dioc\u00e8se Citt\u00e0 del Messico Nation Mexico Continent Am\u00e9rique F\u00eate de la Congr\u00e9gation Sacr\u00e9-C\u0153ur de J\u00e9sus &#8230; <a title=\"Mexique &#8211; Am\u00e9rique | Projet M11\" class=\"read-more\" href=\"https:\/\/spaziospadoni.org\/fr\/opera-m\/mexique-amerique-projet-m11\/\" aria-label=\"Read more about Mexique &#8211; Am\u00e9rique | Projet M11\">Lire plus<\/a><\/p>\n","protected":false},"author":102,"featured_media":0,"parent":89581,"menu_order":0,"comment_status":"closed","ping_status":"closed","template":"","meta":{"_sitemap_exclude":false,"_sitemap_priority":"","_sitemap_frequency":"","footnotes":""},"class_list":["post-59016","page","type-page","status-publish","infinite-scroll-item"],"yoast_head":"<!-- This site is optimized with the Yoast SEO plugin v28.4 - https:\/\/yoast.com\/product\/yoast-seo-wordpress\/ -->\n<title>Mexique - Am\u00e9rique | Projet M11 | Spazio Spadoni<\/title>\n<meta name=\"description\" content=\"Puebla | Puebla (Mexique) OPERA M11 MISSION Lieu Puebla Dioc\u00e8se Puebla Nation Mexico Continent Am\u00e9rique Coordonn\u00e9es GPS 18.49349 -98.24490 Fuseau horaire\" \/>\n<meta name=\"robots\" content=\"index, follow, max-snippet:-1, max-image-preview:large, max-video-preview:-1\" \/>\n<link rel=\"canonical\" href=\"https:\/\/spaziospadoni.org\/fr\/opera-m\/mexique-amerique-projet-m11\/\" \/>\n<meta property=\"og:locale\" content=\"fr_FR\" \/>\n<meta property=\"og:type\" content=\"article\" \/>\n<meta property=\"og:title\" content=\"Mexique - Am\u00e9rique | Projet M11 | Spazio Spadoni\" \/>\n<meta property=\"og:description\" content=\"Puebla | Puebla (Mexique) OPERA M11 MISSION Lieu Puebla Dioc\u00e8se Puebla Nation Mexico Continent Am\u00e9rique Coordonn\u00e9es GPS 18.49349 -98.24490 Fuseau horaire\" \/>\n<meta property=\"og:url\" content=\"https:\/\/spaziospadoni.org\/fr\/opera-m\/mexique-amerique-projet-m11\/\" \/>\n<meta property=\"og:site_name\" content=\"spazio + spadoni\" \/>\n<meta property=\"article:publisher\" content=\"https:\/\/www.facebook.com\/SpazioSpadoni\/\" \/>\n<meta property=\"article:modified_time\" content=\"2026-08-17T11:18:38+00:00\" \/>\n<meta property=\"og:image\" content=\"https:\/\/spaziospadoni.org\/wp-content\/uploads\/2026\/05\/hicsum_1_congo-spaziospadoni-scaled.png\" \/>\n\t<meta property=\"og:image:width\" content=\"2560\" \/>\n\t<meta property=\"og:image:height\" content=\"1771\" \/>\n\t<meta property=\"og:image:type\" content=\"image\/png\" \/>\n<meta name=\"twitter:card\" content=\"summary_large_image\" \/>\n<meta name=\"twitter:label1\" content=\"Est. reading time\" \/>\n\t<meta name=\"twitter:data1\" content=\"7 minutes\" \/>\n<script type=\"application\/ld+json\" class=\"yoast-schema-graph\">{\"@context\":\"https:\\\/\\\/schema.org\",\"@graph\":[{\"@type\":\"WebPage\",\"@id\":\"https:\\\/\\\/spaziospadoni.org\\\/fr\\\/opera-m\\\/mexique-amerique-projet-m11\\\/\",\"url\":\"https:\\\/\\\/spaziospadoni.org\\\/fr\\\/opera-m\\\/mexique-amerique-projet-m11\\\/\",\"name\":\"Mexique - Am\u00e9rique | Projet M11 | Spazio Spadoni\",\"isPartOf\":{\"@id\":\"https:\\\/\\\/spaziospadoni.org\\\/fr\\\/#website\"},\"primaryImageOfPage\":{\"@id\":\"https:\\\/\\\/spaziospadoni.org\\\/fr\\\/opera-m\\\/mexique-amerique-projet-m11\\\/#primaryimage\"},\"image\":{\"@id\":\"https:\\\/\\\/spaziospadoni.org\\\/fr\\\/opera-m\\\/mexique-amerique-projet-m11\\\/#primaryimage\"},\"thumbnailUrl\":\"https:\\\/\\\/spaziospadoni.org\\\/wp-content\\\/uploads\\\/2026\\\/05\\\/hicsum_20_messico-spaziospadoni.png\",\"datePublished\":\"2026-05-18T11:15:26+00:00\",\"dateModified\":\"2026-08-17T11:18:38+00:00\",\"description\":\"Puebla | Puebla (Mexique) OPERA M11 MISSION Lieu Puebla Dioc\u00e8se Puebla Nation Mexico Continent Am\u00e9rique Coordonn\u00e9es GPS 18.49349 -98.24490 Fuseau horaire\",\"breadcrumb\":{\"@id\":\"https:\\\/\\\/spaziospadoni.org\\\/fr\\\/opera-m\\\/mexique-amerique-projet-m11\\\/#breadcrumb\"},\"inLanguage\":\"fr-FR\",\"potentialAction\":[{\"@type\":\"ReadAction\",\"target\":[\"https:\\\/\\\/spaziospadoni.org\\\/fr\\\/opera-m\\\/mexique-amerique-projet-m11\\\/\"]}]},{\"@type\":\"ImageObject\",\"inLanguage\":\"fr-FR\",\"@id\":\"https:\\\/\\\/spaziospadoni.org\\\/fr\\\/opera-m\\\/mexique-amerique-projet-m11\\\/#primaryimage\",\"url\":\"https:\\\/\\\/spaziospadoni.org\\\/wp-content\\\/uploads\\\/2026\\\/05\\\/hicsum_20_messico-spaziospadoni.png\",\"contentUrl\":\"https:\\\/\\\/spaziospadoni.org\\\/wp-content\\\/uploads\\\/2026\\\/05\\\/hicsum_20_messico-spaziospadoni.png\"},{\"@type\":\"BreadcrumbList\",\"@id\":\"https:\\\/\\\/spaziospadoni.org\\\/fr\\\/opera-m\\\/mexique-amerique-projet-m11\\\/#breadcrumb\",\"itemListElement\":[{\"@type\":\"ListItem\",\"position\":1,\"name\":\"Home\",\"item\":\"https:\\\/\\\/spaziospadoni.org\\\/fr\\\/\"},{\"@type\":\"ListItem\",\"position\":2,\"name\":\"Opera M\",\"item\":\"https:\\\/\\\/spaziospadoni.org\\\/fr\\\/opera-m\\\/\"},{\"@type\":\"ListItem\",\"position\":3,\"name\":\"Mexique &#8211; Am\u00e9rique | Projet M11\"}]},{\"@type\":\"WebSite\",\"@id\":\"https:\\\/\\\/spaziospadoni.org\\\/fr\\\/#website\",\"url\":\"https:\\\/\\\/spaziospadoni.org\\\/fr\\\/\",\"name\":\"spazio + spadoni\",\"description\":\"Generazione di misericordia e missione nel mondo\",\"publisher\":{\"@id\":\"https:\\\/\\\/spaziospadoni.org\\\/fr\\\/#organization\"},\"alternateName\":\"spaziospadoni.org\",\"potentialAction\":[{\"@type\":\"SearchAction\",\"target\":{\"@type\":\"EntryPoint\",\"urlTemplate\":\"https:\\\/\\\/spaziospadoni.org\\\/fr\\\/?s={search_term_string}\"},\"query-input\":{\"@type\":\"PropertyValueSpecification\",\"valueRequired\":true,\"valueName\":\"search_term_string\"}}],\"inLanguage\":\"fr-FR\"},{\"@type\":\"Organization\",\"@id\":\"https:\\\/\\\/spaziospadoni.org\\\/fr\\\/#organization\",\"name\":\"spazio + spadoni\",\"alternateName\":\"spaziospadoni.org\",\"url\":\"https:\\\/\\\/spaziospadoni.org\\\/fr\\\/\",\"logo\":{\"@type\":\"ImageObject\",\"inLanguage\":\"fr-FR\",\"@id\":\"https:\\\/\\\/spaziospadoni.org\\\/fr\\\/#\\\/schema\\\/logo\\\/image\\\/\",\"url\":\"https:\\\/\\\/spaziospadoni.org\\\/wp-content\\\/uploads\\\/2026\\\/05\\\/spazio-spadoni-logo-100x100-1.webp\",\"contentUrl\":\"https:\\\/\\\/spaziospadoni.org\\\/wp-content\\\/uploads\\\/2026\\\/05\\\/spazio-spadoni-logo-100x100-1.webp\",\"width\":100,\"height\":100,\"caption\":\"spazio + spadoni\"},\"image\":{\"@id\":\"https:\\\/\\\/spaziospadoni.org\\\/fr\\\/#\\\/schema\\\/logo\\\/image\\\/\"},\"sameAs\":[\"https:\\\/\\\/www.facebook.com\\\/SpazioSpadoni\\\/\",\"https:\\\/\\\/www.instagram.com\\\/spaziospadoni\\\/\",\"https:\\\/\\\/www.youtube.com\\\/@spaziospadoni\\\/playlists\"]}]}<\/script>\n<!-- \/ Yoast SEO plugin. -->","yoast_head_json":{"title":"Mexique - Am\u00e9rique | Projet M11 | Spazio Spadoni","description":"Puebla | Puebla (Mexique) OPERA M11 MISSION Lieu Puebla Dioc\u00e8se Puebla Nation Mexico Continent Am\u00e9rique Coordonn\u00e9es GPS 18.49349 -98.24490 Fuseau horaire","robots":{"index":"index","follow":"follow","max-snippet":"max-snippet:-1","max-image-preview":"max-image-preview:large","max-video-preview":"max-video-preview:-1"},"canonical":"https:\/\/spaziospadoni.org\/fr\/opera-m\/mexique-amerique-projet-m11\/","og_locale":"fr_FR","og_type":"article","og_title":"Mexique - Am\u00e9rique | Projet M11 | Spazio Spadoni","og_description":"Puebla | Puebla (Mexique) OPERA M11 MISSION Lieu Puebla Dioc\u00e8se Puebla Nation Mexico Continent Am\u00e9rique Coordonn\u00e9es GPS 18.49349 -98.24490 Fuseau horaire","og_url":"https:\/\/spaziospadoni.org\/fr\/opera-m\/mexique-amerique-projet-m11\/","og_site_name":"spazio + spadoni","article_publisher":"https:\/\/www.facebook.com\/SpazioSpadoni\/","article_modified_time":"2026-08-17T11:18:38+00:00","og_image":[{"width":2560,"height":1771,"url":"https:\/\/spaziospadoni.org\/wp-content\/uploads\/2026\/05\/hicsum_1_congo-spaziospadoni-scaled.png","type":"image\/png"}],"twitter_card":"summary_large_image","twitter_misc":{"Est. reading time":"7 minutes"},"schema":{"@context":"https:\/\/schema.org","@graph":[{"@type":"WebPage","@id":"https:\/\/spaziospadoni.org\/fr\/opera-m\/mexique-amerique-projet-m11\/","url":"https:\/\/spaziospadoni.org\/fr\/opera-m\/mexique-amerique-projet-m11\/","name":"Mexique - Am\u00e9rique | Projet M11 | Spazio Spadoni","isPartOf":{"@id":"https:\/\/spaziospadoni.org\/fr\/#website"},"primaryImageOfPage":{"@id":"https:\/\/spaziospadoni.org\/fr\/opera-m\/mexique-amerique-projet-m11\/#primaryimage"},"image":{"@id":"https:\/\/spaziospadoni.org\/fr\/opera-m\/mexique-amerique-projet-m11\/#primaryimage"},"thumbnailUrl":"https:\/\/spaziospadoni.org\/wp-content\/uploads\/2026\/05\/hicsum_20_messico-spaziospadoni.png","datePublished":"2026-05-18T11:15:26+00:00","dateModified":"2026-08-17T11:18:38+00:00","description":"Puebla | Puebla (Mexique) OPERA M11 MISSION Lieu Puebla Dioc\u00e8se Puebla Nation Mexico Continent Am\u00e9rique Coordonn\u00e9es GPS 18.49349 -98.24490 Fuseau horaire","breadcrumb":{"@id":"https:\/\/spaziospadoni.org\/fr\/opera-m\/mexique-amerique-projet-m11\/#breadcrumb"},"inLanguage":"fr-FR","potentialAction":[{"@type":"ReadAction","target":["https:\/\/spaziospadoni.org\/fr\/opera-m\/mexique-amerique-projet-m11\/"]}]},{"@type":"ImageObject","inLanguage":"fr-FR","@id":"https:\/\/spaziospadoni.org\/fr\/opera-m\/mexique-amerique-projet-m11\/#primaryimage","url":"https:\/\/spaziospadoni.org\/wp-content\/uploads\/2026\/05\/hicsum_20_messico-spaziospadoni.png","contentUrl":"https:\/\/spaziospadoni.org\/wp-content\/uploads\/2026\/05\/hicsum_20_messico-spaziospadoni.png"},{"@type":"BreadcrumbList","@id":"https:\/\/spaziospadoni.org\/fr\/opera-m\/mexique-amerique-projet-m11\/#breadcrumb","itemListElement":[{"@type":"ListItem","position":1,"name":"Home","item":"https:\/\/spaziospadoni.org\/fr\/"},{"@type":"ListItem","position":2,"name":"Opera M","item":"https:\/\/spaziospadoni.org\/fr\/opera-m\/"},{"@type":"ListItem","position":3,"name":"Mexique &#8211; Am\u00e9rique | Projet M11"}]},{"@type":"WebSite","@id":"https:\/\/spaziospadoni.org\/fr\/#website","url":"https:\/\/spaziospadoni.org\/fr\/","name":"spazio + spadoni","description":"Generazione di misericordia e missione nel mondo","publisher":{"@id":"https:\/\/spaziospadoni.org\/fr\/#organization"},"alternateName":"spaziospadoni.org","potentialAction":[{"@type":"SearchAction","target":{"@type":"EntryPoint","urlTemplate":"https:\/\/spaziospadoni.org\/fr\/?s={search_term_string}"},"query-input":{"@type":"PropertyValueSpecification","valueRequired":true,"valueName":"search_term_string"}}],"inLanguage":"fr-FR"},{"@type":"Organization","@id":"https:\/\/spaziospadoni.org\/fr\/#organization","name":"spazio + spadoni","alternateName":"spaziospadoni.org","url":"https:\/\/spaziospadoni.org\/fr\/","logo":{"@type":"ImageObject","inLanguage":"fr-FR","@id":"https:\/\/spaziospadoni.org\/fr\/#\/schema\/logo\/image\/","url":"https:\/\/spaziospadoni.org\/wp-content\/uploads\/2026\/05\/spazio-spadoni-logo-100x100-1.webp","contentUrl":"https:\/\/spaziospadoni.org\/wp-content\/uploads\/2026\/05\/spazio-spadoni-logo-100x100-1.webp","width":100,"height":100,"caption":"spazio + spadoni"},"image":{"@id":"https:\/\/spaziospadoni.org\/fr\/#\/schema\/logo\/image\/"},"sameAs":["https:\/\/www.facebook.com\/SpazioSpadoni\/","https:\/\/www.instagram.com\/spaziospadoni\/","https:\/\/www.youtube.com\/@spaziospadoni\/playlists"]}]}},"_links":{"self":[{"href":"https:\/\/spaziospadoni.org\/fr\/wp-json\/wp\/v2\/pages\/59016","targetHints":{"allow":["GET"]}}],"collection":[{"href":"https:\/\/spaziospadoni.org\/fr\/wp-json\/wp\/v2\/pages"}],"about":[{"href":"https:\/\/spaziospadoni.org\/fr\/wp-json\/wp\/v2\/types\/page"}],"author":[{"embeddable":true,"href":"https:\/\/spaziospadoni.org\/fr\/wp-json\/wp\/v2\/users\/102"}],"replies":[{"embeddable":true,"href":"https:\/\/spaziospadoni.org\/fr\/wp-json\/wp\/v2\/comments?post=59016"}],"version-history":[{"count":2,"href":"https:\/\/spaziospadoni.org\/fr\/wp-json\/wp\/v2\/pages\/59016\/revisions"}],"predecessor-version":[{"id":90296,"href":"https:\/\/spaziospadoni.org\/fr\/wp-json\/wp\/v2\/pages\/59016\/revisions\/90296"}],"up":[{"embeddable":true,"href":"https:\/\/spaziospadoni.org\/fr\/wp-json\/wp\/v2\/pages\/89581"}],"wp:attachment":[{"href":"https:\/\/spaziospadoni.org\/fr\/wp-json\/wp\/v2\/media?parent=59016"}],"curies":[{"name":"wp","href":"https:\/\/api.w.org\/{rel}","templated":true}]}}