{"id":59058,"date":"2026-05-18T13:57:06","date_gmt":"2026-05-18T12:57:06","guid":{"rendered":"https:\/\/spaziospadoni.org\/oeuvres-de-misericorde\/nigeria-afrique-projet-m2\/"},"modified":"2026-08-17T12:27:17","modified_gmt":"2026-08-17T11:27:17","slug":"nigeria-afrique-projet-m2","status":"publish","type":"page","link":"https:\/\/spaziospadoni.org\/fr\/opera-m\/nigeria-afrique-projet-m2\/","title":{"rendered":"Nigeria &#8211; Afrique | Projet M2"},"content":{"rendered":"\n<div class=\"ss-project-hero-card\">\n<h2 id=\"ibono-ibom-uyo-nigeria\" class=\"gb-text gb-text-62a95885\">Ibono Ibom | Uyo (Nig\u00e9ria)<\/h2>\n\n\n\n<div class=\"gb-element-f60f2409\">\n<div class=\"gb-element-90a85740 ss-project-sidebar\">\n<h2 id=\"opera-m2\" class=\"gb-text ss-project-title\">OPERA M2<\/h2>\n\n\n\n<figure class=\"wp-block-image size-large\"><img decoding=\"async\" src=\"https:\/\/spaziospadoni.org\/wp-content\/uploads\/2026\/05\/hicsum_5_nigeria-spaziospadoni-scaled.png\" alt=\"hic sum 5 nigeria spazio + spadoni 400x277\" class=\"wp-image-43007\"\/><\/figure>\n\n\n\n<div class=\"ss-project-table\">\n<div class=\"ss-table-section-title\">\n<h3 id=\"mission\" class=\"gb-text\">MISSION<\/h3>\n<\/div>\n\n\n\n<div class=\"ss-table-row\">\n<p class=\"gb-text\">Lieu<\/p>\n\n\n\n<p class=\"gb-text\"><a href=\"https:\/\/www.google.it\/maps\/place\/Uyo,+Akwa+Ibom,+Nigeria\/@5.0213788,7.8468114,26773m\/data=!3m2!1e3!4b1!4m6!3m5!1s0x105d57c1f8da6a51:0xe71e33ab2276d451!8m2!3d5.0377396!4d7.9127945!16zL20vMDVwMjYw?hl=it&#038;entry=ttu&#038;g_ep=EgoyMDI1MDYxNy4wIKXMDSoASAFQAw%3D%3D\" rel=\"noreferrer noopener\" target=\"_blank\" title=\"Ibono Ibom\">Ibono Ibom<\/a><\/p>\n<\/div>\n\n\n\n<div class=\"ss-table-row\">\n<p class=\"gb-text\">Dioc\u00e8se<\/p>\n\n\n\n<p class=\"gb-text\">Uyo<\/p>\n<\/div>\n\n\n\n<div class=\"ss-table-row\">\n<p class=\"gb-text\">Nation<\/p>\n\n\n\n<p class=\"gb-text\"><strong>Nig\u00e9ria<\/strong><\/p>\n<\/div>\n\n\n\n<div class=\"ss-table-row\">\n<p class=\"gb-text\">Continent<\/p>\n\n\n\n<p class=\"gb-text\">Afrique<\/p>\n<\/div>\n\n\n\n<div class=\"ss-table-row\">\n<p class=\"gb-text\">Coordonn\u00e9es GPS<\/p>\n\n\n\n<p class=\"gb-text\">5.03643 7.91221<\/p>\n<\/div>\n\n\n\n<div class=\"ss-table-row\">\n<p class=\"gb-text\">Fuseau horaire<\/p>\n\n\n\n<p class=\"gb-text\">UTC+1<\/p>\n<\/div>\n<\/div>\n\n\n\n<div class=\"ss-project-table\">\n<div class=\"ss-table-section-title\">\n<h3 id=\"organisateur\" class=\"gb-text\">ORGANISATEUR<\/h3>\n<\/div>\n\n\n\n<div class=\"ss-table-row\">\n<p class=\"gb-text\">Congr\u00e9gation<\/p>\n\n\n\n<p class=\"gb-text\">Servantes du Saint Enfant J\u00e9sus<\/p>\n<\/div>\n\n\n\n<div class=\"ss-table-row\">\n<p class=\"gb-text\">Maison M\u00e8re<\/p>\n\n\n\n<p class=\"gb-text\">Ikot Ekpene, Nig\u00e9ria<\/p>\n<\/div>\n\n\n\n<div class=\"ss-table-row\">\n<p class=\"gb-text\">Dioc\u00e8se<\/p>\n\n\n\n<p class=\"gb-text\">Uyo<\/p>\n<\/div>\n\n\n\n<div class=\"ss-table-row\">\n<p class=\"gb-text\">Nation<\/p>\n\n\n\n<p class=\"gb-text\">Nig\u00e9ria<\/p>\n<\/div>\n\n\n\n<div class=\"ss-table-row\">\n<p class=\"gb-text\">Continent<\/p>\n\n\n\n<p class=\"gb-text\">Afrique<\/p>\n<\/div>\n\n\n\n<div class=\"ss-table-row\">\n<p class=\"gb-text\">F\u00eate de la Congr\u00e9gation<\/p>\n\n\n\n<p class=\"gb-text\">\u00c0 l&rsquo;occasion de la f\u00eate de l&rsquo;Annonciation<\/p>\n<\/div>\n\n\n\n<div class=\"ss-table-row\">\n<p class=\"gb-text\">Coordonn\u00e9es GPS<\/p>\n\n\n\n<p class=\"gb-text\">5.17553 7.72157<\/p>\n<\/div>\n\n\n\n<div class=\"ss-table-row\">\n<p class=\"gb-text\">Fuseau horaire<\/p>\n\n\n\n<p class=\"gb-text\">UTC+2<\/p>\n<\/div>\n\n\n\n<div class=\"ss-table-row\">\n<p class=\"gb-text\">R\u00e9f\u00e9rent<\/p>\n\n\n\n<p class=\"gb-text\">S\u0153ur B\u00e9atrice<\/p>\n<\/div>\n\n\n\n<div class=\"ss-table-row\">\n<p class=\"gb-text\">M\u00e8re G\u00e9n\u00e9rale<\/p>\n\n\n\n<p class=\"gb-text\">S\u0153ur Germaine Ocansey<\/p>\n<\/div>\n\n\n\n<div class=\"ss-table-row\">\n<p class=\"gb-text\">Site Internet<\/p>\n\n\n\n<p class=\"gb-text\"><a href=\"https:\/\/www.suoresantagemma.it\/\" target=\"_blank\" rel=\"noreferrer noopener\" title=\"suoresantagemma.it\">suoresantagemma.it<\/a><\/p>\n<\/div>\n<\/div>\n\n\n\n<div class=\"ss-project-table\">\n<div class=\"ss-table-section-title\">\n<h3 id=\"spazio-reale\" class=\"gb-text\">SPAZIO REALE<\/h3>\n<\/div>\n\n\n\n<div class=\"ss-table-row\">\n<p class=\"gb-text\">Responsable du projet<\/p>\n\n\n\n<p class=\"gb-text\">S\u0153ur B\u00e9atrice<\/p>\n<\/div>\n\n\n\n<div class=\"ss-table-row\">\n<p class=\"gb-text\">Date de d\u00e9but<\/p>\n\n\n\n<p class=\"gb-text\">22 2022<\/p>\n<\/div>\n\n\n\n<div class=\"ss-table-row\">\n<p class=\"gb-text\">Typologie<\/p>\n\n\n\n<p class=\"gb-text\"><strong>Coupe et couture<\/strong><\/p>\n<\/div>\n<\/div>\n\n\n\n<div class=\"ss-project-table\">\n<a class=\"gb-element-e1766596 ss-table-section-button\" href=\"#\" title=\"OPERA M &#8211; PROJET M2\">\n<span class=\"gb-text\">OPERA M &#8211; PROJET M2<\/span>\n<\/a>\n<\/div>\n<\/div>\n<\/div>\n\n\n\n<div class=\"gb-element-6ad95ea8\">\n<div class=\"gb-element-e34063a6 ss-project-intro\">\n<p class=\"wp-block-paragraph\">OPERA M est la r\u00e9volution des \u0153uvres de mis\u00e9ricorde. C&rsquo;est l&rsquo;instrument permanent de d\u00e9veloppement d&rsquo;une pens\u00e9e forte et renouvel\u00e9e des \u0153uvres dans le monde. <\/p>\n\n\n\n<p class=\"wp-block-paragraph\">Il na\u00eet d&rsquo;une urgence fortement ressentie par spazio + spadoni de faire r\u00e9<strong>\u00c9<\/strong>voluer le concept d&rsquo;\u0153uvre de mis\u00e9ricorde comme un chemin qui est toujours \u00e0 la fois humain et divin, et donc, toujours spirituel en plus d&rsquo;\u00eatre pratique (ou corporel). La red\u00e9couverte, voire la v\u00e9ritable r\u00e9<strong>\u00c9<\/strong>volution des \u0153uvres doit \u00eatre retrouv\u00e9e au sein de cette synth\u00e8se entre aspect spirituel et acte pratique. L&rsquo;agir mat\u00e9riel doit toujours \u00eatre impr\u00e9gn\u00e9 de l&rsquo;esprit.  <\/p>\n\n\n\n<p class=\"wp-block-paragraph\">OPERA M se fonde sur cinq actions qui en d\u00e9finissent la m\u00e9thode : INVOQUE, appelle l&rsquo;Esprit \u00c9COUTE, fais silence pour t&rsquo;ouvrir \u00e0 l&rsquo;\u00e9coute RENCONTRE, sois au milieu des gens AGISSONS, agir pour les \u0153uvres INONDONS, portons tout le monde aux \u0153uvres de mis\u00e9ricorde <strong>\u0152uvres de mis\u00e9ricorde spirituelles<\/strong> Conseiller ceux qui doutent Enseigner les ignorants Avertir les p\u00e9cheurs Consoler les afflig\u00e9s Pardonner les offenses Supporter patiemment les personnes importunes Prier Dieu pour les vivants et pour les morts <strong>\u0152uvres de mis\u00e9ricorde corporelles<\/strong> Donner \u00e0 manger aux affam\u00e9s Donner \u00e0 boire aux assoiff\u00e9s V\u00eatir les nus Loger les p\u00e8lerins Visiter les malades Visiter les prisonniers Ensevelir les morts<\/p>\n\n<\/div>\n<\/div>\n\n\n\n\n<div>\n\n<h2 id=\"chronologie\" class=\"gb-text gb-text-8179e40a\">Chronologie<\/h2>\n\n\n\n\n\n<div class=\"ss-timeline\">\n\n<h3 id=\"2020\" class=\"gb-text\">2020<\/h3>\n\n\n\n\n\n<div class=\"ss-timeline-item\">\n\n<h4 id=\"19-aout-debut-de-la-relation\" class=\"gb-text\">19 ao\u00fbt | D\u00e9but de la relation<\/h4>\n\n\n\n\n<p class=\"wp-block-paragraph\">La collaboration commence entre spazio + spadoni et les Servantes du Saint Enfant J\u00e9sus<\/p>\n\n\n<\/div>\n\n\n\n\n<div class=\"ss-timeline-item\">\n\n<h4 id=\"18-septembre-debut-du-projet\" class=\"gb-text\">18 septembre | D\u00e9but du projet<\/h4>\n\n\n\n\n<p class=\"wp-block-paragraph\">L&rsquo;exp\u00e9rience de s\u0153ur Beatrice, qui vivait \u00e0 Rome depuis des ann\u00e9es, commence aupr\u00e8s de la Misericordia de Villa Adriana<\/p>\n\n\n\n<figure class=\"wp-block-gallery has-nested-images columns-1 is-cropped ss-lightbox wp-block-gallery-1 is-layout-flex wp-block-gallery-is-layout-flex\">\n\n<figure class=\"wp-block-image size-large\"><img decoding=\"async\" src=\"https:\/\/spaziospadoni.org\/wp-content\/uploads\/2026\/05\/Inizio-progetto-suor-Beatrice-300x294.jpg\" alt=\"D&#xE9;but du projet s&#x153;ur Beatrice 300x294\"\/><figcaption class=\"wp-element-caption\">18 septembre | D\u00e9but du projet<\/figcaption><\/figure>\n\n<\/figure>\n\n\n<\/div>\n\n\n\n\n<div class=\"ss-timeline-item\">\n\n<h4 id=\"septembre-formation\" class=\"gb-text\">Septembre | Formation<\/h4>\n\n\n\n\n<p class=\"wp-block-paragraph\">Visite technique de spazio + spadoni et formation pour le projet HIC SUM et OPERA M aupr\u00e8s de la Misericordia de Villa Adriana<\/p>\n\n\n\n<figure class=\"wp-block-gallery has-nested-images columns-1 is-cropped ss-lightbox wp-block-gallery-2 is-layout-flex wp-block-gallery-is-layout-flex\">\n\n<figure class=\"wp-block-image size-large\"><img decoding=\"async\" src=\"https:\/\/spaziospadoni.org\/wp-content\/uploads\/2026\/05\/2020_ottobre_hic_sum_2_italia_sr_beatrice_villa_adriana_formazione_spazio_spadoni-20.jpg-278x300.jpg\" alt=\"2020 octobre hic sum 2 italie s&#x153;ur beatrice villa adriana formation spazio + spadoni 20.jpg 278x300\"\/><figcaption class=\"wp-element-caption\">Septembre | Formation<\/figcaption><\/figure>\n\n\n<figure class=\"wp-block-image size-large\"><img decoding=\"async\" src=\"https:\/\/spaziospadoni.org\/wp-content\/uploads\/2026\/05\/2020_ottobre_hic_sum_2_italia_sr_beatrice_villa_adriana_formazione_spazio_spadoni-4.jpg-300x190.jpg\" alt=\"2020 octobre hic sum 2 italie s&#x153;ur beatrice villa adriana formation spazio + spadoni 4.jpg 300x190\"\/><figcaption class=\"wp-element-caption\">Septembre | Formation<\/figcaption><\/figure>\n\n\n<figure class=\"wp-block-image size-large\"><img decoding=\"async\" src=\"https:\/\/spaziospadoni.org\/wp-content\/uploads\/2026\/05\/Nigeria-F-suor-Beatrice-214x300.jpg\" alt=\"Nig&#xE9;ria F s&#x153;ur Beatrice 214x300\"\/><figcaption class=\"wp-element-caption\">Septembre | Formation<\/figcaption><\/figure>\n\n<\/figure>\n\n\n<\/div>\n\n\n<\/div>\n\n\n\n\n<div class=\"ss-timeline\">\n\n<h3 id=\"2021\" class=\"gb-text\">2021<\/h3>\n\n\n\n\n\n<div class=\"ss-timeline-item\">\n\n<h4 id=\"30-aout-depart-de-la-soeur\" class=\"gb-text\">30 ao\u00fbt | D\u00e9part de la s\u0153ur<\/h4>\n\n\n\n\n<p class=\"wp-block-paragraph\">S\u0153ur Beatrice retourne dans sa communaut\u00e9 \u00e0 Ibiono Ibom au Nigeria<\/p>\n\n\n<\/div>\n\n\n<\/div>\n\n\n\n\n<div class=\"ss-timeline\">\n\n<h3 id=\"2022\" class=\"gb-text\">2022<\/h3>\n\n\n\n\n\n<div class=\"ss-timeline-item\">\n\n<h4 id=\"2202-premier-financement-verse\" class=\"gb-text\">22.02 | Premier financement vers\u00e9<\/h4>\n\n\n\n\n<p class=\"wp-block-paragraph\">Le financement est destin\u00e9 au d\u00e9marrage et au d\u00e9veloppement de l&rsquo;entreprise sociale : nettoyage du terrain, achat de semences, achat d&rsquo;\u00e9quipements de travail, location d&rsquo;un tracteur, avance sur les salaires des travailleurs<\/p>\n\n\n\n<figure class=\"wp-block-gallery has-nested-images columns-1 is-cropped ss-lightbox wp-block-gallery-3 is-layout-flex wp-block-gallery-is-layout-flex\">\n\n<figure class=\"wp-block-image size-large\"><img decoding=\"async\" src=\"https:\/\/spaziospadoni.org\/wp-content\/uploads\/2026\/05\/2022_aprile_hic_sum_2_Nigeria_Uyo_sr_beatrice_villa_adriana_pane_misericordia_agricoltura_impresa_sociale_spazio_spadoni-25-225x300.jpeg\" alt=\"2022 avril hic sum 2 Nig&#xE9;ria Uyo s&#x153;ur beatrice villa adriana pain de la mis&#xE9;ricorde agriculture entreprise sociale spazio + spadoni 25 225x300\"\/><figcaption class=\"wp-element-caption\">22.02 | Premier financement vers\u00e9<\/figcaption><\/figure>\n\n\n<figure class=\"wp-block-image size-large\"><img decoding=\"async\" src=\"https:\/\/spaziospadoni.org\/wp-content\/uploads\/2026\/05\/2022_giugno_hic_sum_2_nigeria_uyo_sr_beatrice_volontari_pane_misericordia_agricoltura_spazio_spadoni-13.jpg-300x217.jpg\" alt=\"2022 juin hic sum 2 nig&#xE9;ria uyo s&#x153;ur beatrice b&#xE9;n&#xE9;voles pain de la mis&#xE9;ricorde agriculture spazio + spadoni 13.jpg 300x217\"\/><figcaption class=\"wp-element-caption\">22.02 | Premier financement vers\u00e9<\/figcaption><\/figure>\n\n<\/figure>\n\n\n<\/div>\n\n\n<\/div>\n\n\n\n\n<div class=\"ss-timeline\">\n\n<h3 id=\"2024\" class=\"gb-text\">2024<\/h3>\n\n\n\n\n\n<div class=\"ss-timeline-item\">\n\n<h4 id=\"10-decembre-rapport-dactivite-des-benevoles-et-oeuvres-de-misericorde\" class=\"gb-text\">10 d\u00e9cembre | Rapport d&rsquo;activit\u00e9 des b\u00e9n\u00e9voles et \u0153uvres de mis\u00e9ricorde<\/h4>\n\n\n\n\n<p class=\"wp-block-paragraph\">Mise \u00e0 jour sur les activit\u00e9s<\/p>\n\n\n\n<figure class=\"wp-block-gallery has-nested-images columns-1 is-cropped ss-lightbox wp-block-gallery-4 is-layout-flex wp-block-gallery-is-layout-flex\">\n\n<figure class=\"wp-block-image size-large\"><img decoding=\"async\" src=\"https:\/\/spaziospadoni.org\/wp-content\/uploads\/2026\/05\/2024_opere_misericordia_suor_beatrice_nigeria_volontari_spazio_spadoni-2-300x225.jpg\" alt=\"2024 &#x153;uvres de mis&#xE9;ricorde s&#x153;ur beatrice nig&#xE9;ria b&#xE9;n&#xE9;voles spazio + spadoni 2 300x225\"\/><figcaption class=\"wp-element-caption\">10 d\u00e9cembre | Rapport d&rsquo;activit\u00e9 des b\u00e9n\u00e9voles et \u0153uvres de mis\u00e9ricorde<\/figcaption><\/figure>\n\n\n<figure class=\"wp-block-image size-large\"><img decoding=\"async\" src=\"https:\/\/spaziospadoni.org\/wp-content\/uploads\/2026\/05\/2024_opere_misericordia_suor_beatrice_nigeria_volontari_spazio_spadoni-1-300x225.jpg\" alt=\"2024 &#x153;uvres de mis&#xE9;ricorde s&#x153;ur beatrice nig&#xE9;ria b&#xE9;n&#xE9;voles spazio + spadoni 1 300x225\"\/><figcaption class=\"wp-element-caption\">10 d\u00e9cembre | Rapport d&rsquo;activit\u00e9 des b\u00e9n\u00e9voles et \u0153uvres de mis\u00e9ricorde<\/figcaption><\/figure>\n\n\n<figure class=\"wp-block-image size-large\"><img decoding=\"async\" src=\"https:\/\/spaziospadoni.org\/wp-content\/uploads\/2026\/05\/2024_opere_misericordia_suor_beatrice_nigeria_volontari_spazio_spadoni-3-225x300.jpg\" alt=\"2024 &#x153;uvres de mis&#xE9;ricorde s&#x153;ur beatrice nig&#xE9;ria b&#xE9;n&#xE9;voles spazio + spadoni 3 225x300\"\/><figcaption class=\"wp-element-caption\">10 d\u00e9cembre | Rapport d&rsquo;activit\u00e9 des b\u00e9n\u00e9voles et \u0153uvres de mis\u00e9ricorde<\/figcaption><\/figure>\n\n<\/figure>\n\n\n<\/div>\n\n\n<\/div>\n\n\n\n\n<div class=\"ss-timeline\">\n\n<h3 id=\"2025\" class=\"gb-text\">2025<\/h3>\n\n\n\n\n\n<div class=\"ss-timeline-item\">\n\n<h4 id=\"08-decembre-benediction-et-demarrage-de-lactivite\" class=\"gb-text\">08 d\u00e9cembre | B\u00e9n\u00e9diction et d\u00e9marrage de l&rsquo;activit\u00e9<\/h4>\n\n\n\n\n<p class=\"wp-block-paragraph\">La b\u00e9n\u00e9diction du local marque le d\u00e9but de l&rsquo;activit\u00e9 de l&rsquo;atelier de couture<\/p>\n\n\n\n<figure class=\"wp-block-gallery has-nested-images columns-1 is-cropped ss-lightbox wp-block-gallery-5 is-layout-flex wp-block-gallery-is-layout-flex\">\n\n<figure class=\"wp-block-image size-large\"><img decoding=\"async\" src=\"https:\/\/spaziospadoni.org\/wp-content\/uploads\/2026\/05\/Immagine-WhatsApp-2025-12-08-ore-15.46.39_98cc20f9.jpg\" alt=\"Image WhatsApp 2025 12 08 ore 15.46.39 98cc20f9\"\/><figcaption class=\"wp-element-caption\">08 d\u00e9cembre | B\u00e9n\u00e9diction et d\u00e9marrage de l&rsquo;activit\u00e9<\/figcaption><\/figure>\n\n\n<figure class=\"wp-block-image size-large\"><img decoding=\"async\" src=\"https:\/\/spaziospadoni.org\/wp-content\/uploads\/2026\/05\/WhatsApp-Image-2025-12-31-at-10.20.51.jpeg\" alt=\"WhatsApp Image 2025 12 31 at 10.20.51\"\/><figcaption class=\"wp-element-caption\">08 d\u00e9cembre | B\u00e9n\u00e9diction et d\u00e9marrage de l&rsquo;activit\u00e9<\/figcaption><\/figure>\n\n<\/figure>\n\n\n<\/div>\n\n\n<\/div>\n\n\n\n\n<div class=\"ss-timeline\">\n\n<h3 id=\"evaluations-du-projet\" class=\"gb-text\">\u00c9valuations du projet<\/h3>\n\n\n\n\n\n<div class=\"ss-timeline-item\">\n\n<h4 id=\"2020-novembre-le-projet-que-soeur-beatrice\" class=\"gb-text\">2020 novembre Le projet que s\u0153ur Beatrice<\/h4>\n\n\n\n\n<p class=\"wp-block-paragraph\">souhaite d\u00e9velopper \u00e0 son retour dans sa communaut\u00e9 au Nigeria est l\u2019agriculture<\/p>\n\n\n<\/div>\n\n\n\n\n<div class=\"ss-timeline-item\">\n\n<h4 id=\"2022-avril-suivi-du-projet\" class=\"gb-text\">2022 avril Suivi du projet<\/h4>\n\n\n\n\n<p class=\"wp-block-paragraph\">en cours<\/p>\n\n\n<\/div>\n\n\n\n\n<div class=\"ss-timeline-item\">\n\n<h4 id=\"2023-juillet-suivi-de-la-production-et\" class=\"gb-text\">2023 juillet Suivi de la production et<\/h4>\n\n\n\n\n<p class=\"wp-block-paragraph\">de la vente<\/p>\n\n\n<\/div>\n\n\n\n\n<div class=\"ss-timeline-item\">\n\n<h4 id=\"2023-octobre-soeur-beatrice-presente-un-nouveau\" class=\"gb-text\">2023 octobre S\u0153ur Beatrice pr\u00e9sente un nouveau<\/h4>\n\n\n\n\n<p class=\"wp-block-paragraph\">projet de couture<\/p>\n\n\n<\/div>\n\n\n\n\n<div class=\"ss-timeline-item\">\n\n<h4 id=\"2024-janvier-soeur-beatrice-presente-lidee\" class=\"gb-text\">2024 janvier S\u0153ur Beatrice pr\u00e9sente l&rsquo;id\u00e9e<\/h4>\n\n\n\n\n<p class=\"wp-block-paragraph\">de projet de coupe et couture<\/p>\n\n\n<\/div>\n\n\n\n\n<div class=\"ss-timeline-item\">\n\n<h4 id=\"2024-avril-evaluation-de-la-faisabilite-du\" class=\"gb-text\">2024 avril \u00c9valuation de la faisabilit\u00e9 du<\/h4>\n\n\n\n\n<p class=\"wp-block-paragraph\">progetto<\/p>\n\n\n<\/div>\n\n\n\n\n<div class=\"ss-timeline-item\">\n\n<h4 id=\"2024-mai-envoi-du-devis-pour\" class=\"gb-text\">2024 mai Envoi du devis pour<\/h4>\n\n\n\n\n<p class=\"wp-block-paragraph\">l&rsquo;activation de l&rsquo;atelier de couture<\/p>\n\n\n<\/div>\n\n\n\n\n<div class=\"ss-timeline-item\">\n\n<h4 id=\"2024-aout-mise-a-jour-sur-les\" class=\"gb-text\">2024 ao\u00fbt Mise \u00e0 jour sur les<\/h4>\n\n\n\n\n<p class=\"wp-block-paragraph\">activit\u00e9s<\/p>\n\n\n<\/div>\n\n\n<\/div>\n\n\n<\/div>\n\n\n\n<div class=\"ss-project-media\">\n<h2 id=\"photos-et-videos\" class=\"gb-text gb-text-d7bd8be8\">Photos et vid\u00e9os<\/h2>\n\n\n<div class=\"ss-media-filters\">\n\n<a class=\"gb-text ss-media-filter active\" data-filter=\"*\" title=\"Tout\">Tout<\/a>\n\n\n<a class=\"gb-text ss-media-filter\" data-filter=\".formazione\" title=\"Formation\">Formation<\/a>\n\n\n<a class=\"gb-text ss-media-filter\" data-filter=\".nigeria\" title=\"Nig\u00e9ria\">Nig\u00e9ria<\/a>\n\n\n<a class=\"gb-text ss-media-filter\" data-filter=\".video\" title=\"Vid\u00e9o\">Vid\u00e9o<\/a>\n\n<\/div>\n\n\n<div class=\"ss-media-grid\">\n<div>\n<figure class=\"wp-block-gallery has-nested-images columns-1 is-cropped ss-lightbox wp-block-gallery-6 is-layout-flex wp-block-gallery-is-layout-flex\">\n\n<figure class=\"wp-block-image size-large formazione\"><img decoding=\"async\" alt=\"2020 octobre hic sum 2 italie s&#x153;ur beatrice villa adriana formation spazio + spadoni 2\" src=\"https:\/\/spaziospadoni.org\/wp-content\/uploads\/2026\/05\/2020_ottobre_hic_sum_2_italia_sr_beatrice_villa_adriana_formazione_spazio_spadoni-2.jpg\"\/><\/figure>\n\n\n<figure class=\"wp-block-image size-large formazione\"><img decoding=\"async\" alt=\"2020 octobre hic sum 2 italie s&#x153;ur beatrice villa adriana formation spazio + spadoni 3.jpg 225x300\" src=\"https:\/\/spaziospadoni.org\/wp-content\/uploads\/2026\/05\/2020_ottobre_hic_sum_2_italia_sr_beatrice_villa_adriana_formazione_spazio_spadoni-3.jpg-225x300.jpg\"\/><\/figure>\n\n\n<figure class=\"wp-block-image size-large formazione\"><img decoding=\"async\" alt=\"2020 octobre hic sum 2 italie s&#x153;ur beatrice villa adriana formation spazio + spadoni 4.jpg 300x190\" src=\"https:\/\/spaziospadoni.org\/wp-content\/uploads\/2026\/05\/2020_ottobre_hic_sum_2_italia_sr_beatrice_villa_adriana_formazione_spazio_spadoni-4.jpg-300x190.jpg\"\/><\/figure>\n\n\n<figure class=\"wp-block-image size-large formazione\"><img decoding=\"async\" alt=\"2020 octobre hic sum 2 italie s&#x153;ur beatrice villa adriana formation spazio + spadoni 11.jpg 300x271\" src=\"https:\/\/spaziospadoni.org\/wp-content\/uploads\/2026\/05\/2020_ottobre_hic_sum_2_italia_sr_beatrice_villa_adriana_formazione_spazio_spadoni-11.jpg-300x271.jpg\"\/><\/figure>\n\n\n<figure class=\"wp-block-image size-large formazione\"><img decoding=\"async\" alt=\"2020 octobre hic sum 2 italie s&#x153;ur beatrice villa adriana formation spazio + spadoni 20.jpg 278x300\" src=\"https:\/\/spaziospadoni.org\/wp-content\/uploads\/2026\/05\/2020_ottobre_hic_sum_2_italia_sr_beatrice_villa_adriana_formazione_spazio_spadoni-20.jpg-278x300.jpg\"\/><\/figure>\n\n\n<figure class=\"wp-block-image size-large formazione\"><img decoding=\"async\" alt=\"2020 septembre hic sum 2 italie s&#x153;ur beatrice villa adriana d&#xE9;but formation spazio + spadoni d&#xE9;but 48.jpg 300x239\" src=\"https:\/\/spaziospadoni.org\/wp-content\/uploads\/2026\/05\/2020_settembre_hic_sum_2_italia_sr_beatrice_villa_adriana_inizio_formazione_spazio_spadoni_inizio-48.jpg-300x239.jpg\"\/><\/figure>\n\n\n<figure class=\"wp-block-image size-large formazione\"><img decoding=\"async\" alt=\"2020 septembre hic sum 2 italie s&#x153;ur beatrice villa adriana d&#xE9;but formation spazio + spadoni d&#xE9;but 53 scaled\" src=\"https:\/\/spaziospadoni.org\/wp-content\/uploads\/2026\/05\/2020_settembre_hic_sum_2_italia_sr_beatrice_villa_adriana_inizio_formazione_spazio_spadoni_inizio-53-scaled-1.jpg\"\/><\/figure>\n\n\n<figure class=\"wp-block-image size-large formazione\"><img decoding=\"async\" alt=\"2020 septembre hic sum 2 italie s&#x153;ur beatrice villa adriana d&#xE9;but formation spazio + spadoni d&#xE9;but 70 scaled\" src=\"https:\/\/spaziospadoni.org\/wp-content\/uploads\/2026\/05\/2020_settembre_hic_sum_2_italia_sr_beatrice_villa_adriana_inizio_formazione_spazio_spadoni_inizio-70-scaled-1.jpg\"\/><\/figure>\n\n\n<figure class=\"wp-block-image size-large formazione\"><img decoding=\"async\" alt=\"Nig&#xE9;ria F s&#x153;ur Beatrice 214x300\" src=\"https:\/\/spaziospadoni.org\/wp-content\/uploads\/2026\/05\/Nigeria-F-suor-Beatrice-214x300.jpg\"\/><\/figure>\n\n\n<figure class=\"wp-block-image size-large formazione\"><img decoding=\"async\" alt=\"2021 mai hic sum 2 italie s&#x153;ur beatrice villa adriana formation pain spazio + spadoni 9.jpg 300x244\" src=\"https:\/\/spaziospadoni.org\/wp-content\/uploads\/2026\/05\/2021_maggio_hic_sum_2_italia_sr_beatrice_villa_adriana_formazione_pane_spazio_spadoni-9.jpg-300x244.jpg\"\/><\/figure>\n\n\n<figure class=\"wp-block-image size-large nigeria\"><img decoding=\"async\" alt=\"2021 octobre hic sum 2 nig&#xE9;ria uyo s&#x153;ur beatrice b&#xE9;n&#xE9;voles misericordia formation spazio + spadoni 3\" src=\"https:\/\/spaziospadoni.org\/wp-content\/uploads\/2026\/05\/2021_ottobre_hic_sum_2_nigeria_uyo_sr_beatrice_volontari_misericordia_formazione_spazio_spadoni-3.jpg\"\/><\/figure>\n\n\n<figure class=\"wp-block-image size-large nigeria\"><img decoding=\"async\" alt=\"2021 octobre hic sum 2 nig&#xE9;ria uyo s&#x153;ur beatrice b&#xE9;n&#xE9;voles misericordia formation spazio + spadoni 4.jpg 300x169\" src=\"https:\/\/spaziospadoni.org\/wp-content\/uploads\/2026\/05\/2021_ottobre_hic_sum_2_nigeria_uyo_sr_beatrice_volontari_misericordia_formazione_spazio_spadoni-4.jpg-300x169.jpg\"\/><\/figure>\n\n\n<figure class=\"wp-block-image size-large nigeria\"><img decoding=\"async\" alt=\"2021 octobre hic sum 2 nig&#xE9;ria uyo s&#x153;ur beatrice b&#xE9;n&#xE9;voles misericordia spazio + spadoni 5\" src=\"https:\/\/spaziospadoni.org\/wp-content\/uploads\/2026\/05\/2021_ottobre_hic_sum_2_nigeria_uyo_sr_beatrice_volontari_misericordia_spazio_spadoni-5.jpg\"\/><\/figure>\n\n\n<figure class=\"wp-block-image size-large nigeria\"><img decoding=\"async\" alt=\"2022 avril hic sum 2 nig&#xE9;ria uyo s&#x153;ur beatrice villa adriana pain de la mis&#xE9;ricorde agriculture entreprise sociale spazio + spadoni 37.jpeg 225x300\" src=\"https:\/\/spaziospadoni.org\/wp-content\/uploads\/2026\/05\/2022_aprile_hic_sum_2_Nigeria_Uyo_sr_beatrice_villa_adriana_pane_misericordia_agricoltura_impresa_sociale_spazio_spadoni-37.jpeg-225x300.jpg\"\/><\/figure>\n\n\n<figure class=\"wp-block-image size-large nigeria\"><img decoding=\"async\" alt=\"2022 f&#xE9;vrier hic sum 2 nig&#xE9;ria uyo s&#x153;ur beatrice b&#xE9;n&#xE9;voles &#x153;uvres de mis&#xE9;ricorde formation spazio + spadoni 1.jpg 300x293\" src=\"https:\/\/spaziospadoni.org\/wp-content\/uploads\/2026\/05\/2022_febbraio_hic_sum_2_nigeria_uyo_sr_beatrice_volontari_opere_misericordia_formazione_spazio_spadoni-1.jpg-300x293.jpg\"\/><\/figure>\n\n\n<figure class=\"wp-block-image size-large nigeria\"><img decoding=\"async\" alt=\"2022 f&#xE9;vrier hic sum 2 nig&#xE9;ria uyo s&#x153;ur beatrice b&#xE9;n&#xE9;voles &#x153;uvres de mis&#xE9;ricorde formation spazio + spadoni 2\" src=\"https:\/\/spaziospadoni.org\/wp-content\/uploads\/2026\/05\/2022_febbraio_hic_sum_2_nigeria_uyo_sr_beatrice_volontari_opere_misericordia_formazione_spazio_spadoni-2.jpg\"\/><\/figure>\n\n\n<figure class=\"wp-block-image size-large nigeria\"><img decoding=\"async\" alt=\"2022 f&#xE9;vrier hic sum 2 nig&#xE9;ria uyo s&#x153;ur beatrice b&#xE9;n&#xE9;voles &#x153;uvres de mis&#xE9;ricorde formation spazio + spadoni 7\" src=\"https:\/\/spaziospadoni.org\/wp-content\/uploads\/2026\/05\/2022_febbraio_hic_sum_2_nigeria_uyo_sr_beatrice_volontari_opere_misericordia_formazione_spazio_spadoni-7.jpg\"\/><\/figure>\n\n\n<figure class=\"wp-block-image size-large nigeria\"><img decoding=\"async\" alt=\"2022 f&#xE9;vrier hic sum 2 nig&#xE9;ria uyo s&#x153;ur beatrice b&#xE9;n&#xE9;voles &#x153;uvres de mis&#xE9;ricorde formation spazio + spadoni 8\" src=\"https:\/\/spaziospadoni.org\/wp-content\/uploads\/2026\/05\/2022_febbraio_hic_sum_2_nigeria_uyo_sr_beatrice_volontari_opere_misericordia_formazione_spazio_spadoni-8.jpg\"\/><\/figure>\n\n\n<figure class=\"wp-block-image size-large nigeria\"><img decoding=\"async\" alt=\"2022 f&#xE9;vrier hic sum 2 nig&#xE9;ria uyo s&#x153;ur beatrice b&#xE9;n&#xE9;voles &#x153;uvres de mis&#xE9;ricorde formation spazio + spadoni 9\" src=\"https:\/\/spaziospadoni.org\/wp-content\/uploads\/2026\/05\/2022_febbraio_hic_sum_2_nigeria_uyo_sr_beatrice_volontari_opere_misericordia_formazione_spazio_spadoni-9.jpg\"\/><\/figure>\n\n\n<figure class=\"wp-block-image size-large nigeria\"><img decoding=\"async\" alt=\"2022 f&#xE9;vrier hic sum 2 nig&#xE9;ria uyo s&#x153;ur beatrice b&#xE9;n&#xE9;voles &#x153;uvres de mis&#xE9;ricorde formation spazio + spadoni 10\" src=\"https:\/\/spaziospadoni.org\/wp-content\/uploads\/2026\/05\/2022_febbraio_hic_sum_2_nigeria_uyo_sr_beatrice_volontari_opere_misericordia_formazione_spazio_spadoni-10.jpg\"\/><\/figure>\n\n\n<figure class=\"wp-block-image size-large formazione\"><img decoding=\"async\" alt=\"2021 juin italie campi bisenzio florence assembl&#xE9;e nationale misericordia pr&#xE9;sentation spazio + spadoni hic sum 2 s&#x153;ur beatrice francesca 225x300\" src=\"https:\/\/spaziospadoni.org\/wp-content\/uploads\/2026\/05\/2021_giugno_italia_campi_bisenzio_firenze_assemblea_nazionale_misericordie_presentazione_spazio_spadoni_hic_sum_2_suor_beatrice_francesca-225x300.jpg\"\/><\/figure>\n\n\n<figure class=\"wp-block-image size-large nigeria\"><img decoding=\"async\" alt=\"2024 mars 10 hic sum 2 nig&#xE9;ria uyo s&#x153;ur beatrice servantes du saint enfant j&#xE9;sus misericordia villa adriana spazio + spadoni diffusion &#x153;uvres de mis&#xE9;ricorde 2 225x300\" src=\"https:\/\/spaziospadoni.org\/wp-content\/uploads\/2026\/05\/2024_marzo_10_hic_sum_2_nigeria_uyo_sr_beatrice_ancelle_santo_bambino_gesu_misericordia_villa_adriana_spazio_spadoni_diffusione_opere_misericord-2-225x300.jpg\"\/><\/figure>\n\n\n<figure class=\"wp-block-image size-large nigeria\"><img decoding=\"async\" alt=\"2024 mars 10 hic sum 2 nig&#xE9;ria uyo s&#x153;ur beatrice servantes du saint enfant j&#xE9;sus misericordia villa adriana spazio + spadoni diffusion &#x153;uvres de mis&#xE9;ricorde 3 225x300\" src=\"https:\/\/spaziospadoni.org\/wp-content\/uploads\/2026\/05\/2024_marzo_10_hic_sum_2_nigeria_uyo_sr_beatrice_ancelle_santo_bambino_gesu_misericordia_villa_adriana_spazio_spadoni_diffusione_opere_misericord-3-225x300.jpg\"\/><\/figure>\n\n\n<figure class=\"wp-block-image size-large nigeria\"><img decoding=\"async\" alt=\"2024 mars 10 hic sum 2 nig&#xE9;ria uyo s&#x153;ur beatrice servantes du saint enfant j&#xE9;sus misericordia villa adriana spazio + spadoni diffusion &#x153;uvres de mis&#xE9;ricorde 4 225x300\" src=\"https:\/\/spaziospadoni.org\/wp-content\/uploads\/2026\/05\/2024_marzo_10_hic_sum_2_nigeria_uyo_sr_beatrice_ancelle_santo_bambino_gesu_misericordia_villa_adriana_spazio_spadoni_diffusione_opere_misericord-4-225x300.jpg\"\/><\/figure>\n\n\n<figure class=\"wp-block-image size-large nigeria\"><img decoding=\"async\" alt=\"2024 mars 10 hic sum 2 nig&#xE9;ria uyo s&#x153;ur beatrice servantes du saint enfant j&#xE9;sus misericordia villa adriana spazio + spadoni diffusion &#x153;uvres de mis&#xE9;ricorde 300x225\" src=\"https:\/\/spaziospadoni.org\/wp-content\/uploads\/2026\/05\/2024_marzo_10_hic_sum_2_nigeria_uyo_sr_beatrice_ancelle_santo_bambino_gesu_misericordia_villa_adriana_spazio_spadoni_diffusione_opere_misericord-300x225.jpg\"\/><\/figure>\n\n\n<figure class=\"wp-block-image size-large nigeria\"><img decoding=\"async\" alt=\"2024 mars 10 hic sum 2 nig&#xE9;ria uyo s&#x153;ur beatrice servantes du saint enfant j&#xE9;sus misericordia villa adriana spazio + spadoni diffusion &#x153;uvres de mis&#xE9;ricorde 300x225\" src=\"https:\/\/spaziospadoni.org\/wp-content\/uploads\/2026\/05\/2024_marzo_10_hic_sum_2_nigeria_uyo_sr_beatrice_ancelle_santo_bambino_gesu_misericordia_villa_adriana_spazio_spadoni_diffusione_opere_misericordia-300x225.jpg\"\/><\/figure>\n\n\n<figure class=\"wp-block-image size-large nigeria\"><img decoding=\"async\" alt=\"2024 M2 225x300\" src=\"https:\/\/spaziospadoni.org\/wp-content\/uploads\/2026\/05\/2024_M2-225x300.jpg\"\/><\/figure>\n\n\n<figure class=\"wp-block-image size-large nigeria\"><img decoding=\"async\" alt=\"Image WhatsApp 2025 12 08 ore 15.46.39 98cc20f9\" src=\"https:\/\/spaziospadoni.org\/wp-content\/uploads\/2026\/05\/Immagine-WhatsApp-2025-12-08-ore-15.46.39_98cc20f9.jpg\"\/><\/figure>\n\n\n<figure class=\"wp-block-image size-large nigeria\"><img decoding=\"async\" alt=\"WhatsApp Image 2025 12 31 at 10.20.51\" src=\"https:\/\/spaziospadoni.org\/wp-content\/uploads\/2026\/05\/WhatsApp-Image-2025-12-31-at-10.20.51.jpeg\"\/><\/figure>\n\n<\/figure>\n\n\n<div class=\"gb-element-b24bbf5e ss-media-videos\">\n\n<figure class=\"wp-block-video video\"><video controls=\"\" src=\"https:\/\/spaziospadoni.org\/wp-content\/uploads\/2026\/05\/Video-WhatsApp-2024-03-07-ore-19.15.09_2a2ef4a8.mp4\"><\/video><figcaption class=\"wp-element-caption\">Video WhatsApp 2024 03 07 19.15.09 2a2ef4a8<\/figcaption><\/figure>\n\n\n<figure class=\"wp-block-video video\"><video controls=\"\" src=\"https:\/\/spaziospadoni.org\/wp-content\/uploads\/2026\/05\/2021_ottobre_hic_sum_2_nigeria_uyo_sr_beatrice_volontari_misericordia_spazio_spadoni-1.mp4\"><\/video><figcaption class=\"wp-element-caption\">2021 octobre hic sum 2 nig\u00e9ria uyo s\u0153ur beatrice b\u00e9n\u00e9voles misericordia spazio + spadoni 1<\/figcaption><\/figure>\n\n<\/div>\n\n<\/div>\n\n<\/div>\n\n<\/div>\n\n","protected":false},"excerpt":{"rendered":"<p>Ibono Ibom | Uyo (Nig\u00e9ria) OPERA M2 MISSION Lieu Ibono Ibom Dioc\u00e8se Uyo Nation Nig\u00e9ria Continent Afrique Coordonn\u00e9es GPS 5.03643 7.91221 Fuseau horaire UTC+1 ORGANISATEUR Congr\u00e9gation Servantes du Saint Enfant J\u00e9sus Maison M\u00e8re Ikot Ekpene, Nig\u00e9ria Dioc\u00e8se Uyo Nation Nig\u00e9ria Continent Afrique F\u00eate de la Congr\u00e9gation \u00c0 l&rsquo;occasion de la f\u00eate de l&rsquo;Annonciation Coordonn\u00e9es GPS &#8230; <a title=\"Nigeria &#8211; Afrique | Projet M2\" class=\"read-more\" href=\"https:\/\/spaziospadoni.org\/fr\/opera-m\/nigeria-afrique-projet-m2\/\" aria-label=\"Read more about Nigeria &#8211; Afrique | Projet M2\">Lire plus<\/a><\/p>\n","protected":false},"author":102,"featured_media":0,"parent":89581,"menu_order":0,"comment_status":"closed","ping_status":"closed","template":"","meta":{"_sitemap_exclude":false,"_sitemap_priority":"","_sitemap_frequency":"","footnotes":""},"class_list":["post-59058","page","type-page","status-publish","infinite-scroll-item"],"yoast_head":"<!-- This site is optimized with the Yoast SEO plugin v28.4 - https:\/\/yoast.com\/product\/yoast-seo-wordpress\/ -->\n<title>Nigeria - Afrique | Projet M2 | Spazio Spadoni<\/title>\n<meta name=\"description\" content=\"Ibono Ibom | Uyo (Nig\u00e9ria) OPERA M2 MISSION Lieu Ibono Ibom Dioc\u00e8se Uyo Nation Nig\u00e9ria Continent Afrique Coordonn\u00e9es GPS 5.03643 7.91221 Fuseau horaire\" \/>\n<meta name=\"robots\" content=\"index, follow, max-snippet:-1, max-image-preview:large, max-video-preview:-1\" \/>\n<link rel=\"canonical\" href=\"https:\/\/spaziospadoni.org\/fr\/opera-m\/nigeria-afrique-projet-m2\/\" \/>\n<meta property=\"og:locale\" content=\"fr_FR\" \/>\n<meta property=\"og:type\" content=\"article\" \/>\n<meta property=\"og:title\" content=\"Nigeria - Afrique | Projet M2 | Spazio Spadoni\" \/>\n<meta property=\"og:description\" content=\"Ibono Ibom | Uyo (Nig\u00e9ria) OPERA M2 MISSION Lieu Ibono Ibom Dioc\u00e8se Uyo Nation Nig\u00e9ria Continent Afrique Coordonn\u00e9es GPS 5.03643 7.91221 Fuseau horaire\" \/>\n<meta property=\"og:url\" content=\"https:\/\/spaziospadoni.org\/fr\/opera-m\/nigeria-afrique-projet-m2\/\" \/>\n<meta property=\"og:site_name\" content=\"spazio + spadoni\" \/>\n<meta property=\"article:publisher\" content=\"https:\/\/www.facebook.com\/SpazioSpadoni\/\" \/>\n<meta property=\"article:modified_time\" content=\"2026-08-17T11:27:17+00:00\" \/>\n<meta property=\"og:image\" content=\"https:\/\/spaziospadoni.org\/wp-content\/uploads\/2026\/05\/hicsum_1_congo-spaziospadoni-scaled.png\" \/>\n\t<meta property=\"og:image:width\" content=\"2560\" \/>\n\t<meta property=\"og:image:height\" content=\"1771\" \/>\n\t<meta property=\"og:image:type\" content=\"image\/png\" \/>\n<meta name=\"twitter:card\" content=\"summary_large_image\" \/>\n<meta name=\"twitter:label1\" content=\"Est. reading time\" \/>\n\t<meta name=\"twitter:data1\" content=\"4 minutes\" \/>\n<script type=\"application\/ld+json\" class=\"yoast-schema-graph\">{\"@context\":\"https:\\\/\\\/schema.org\",\"@graph\":[{\"@type\":\"WebPage\",\"@id\":\"https:\\\/\\\/spaziospadoni.org\\\/fr\\\/opera-m\\\/nigeria-afrique-projet-m2\\\/\",\"url\":\"https:\\\/\\\/spaziospadoni.org\\\/fr\\\/opera-m\\\/nigeria-afrique-projet-m2\\\/\",\"name\":\"Nigeria - Afrique | Projet M2 | Spazio Spadoni\",\"isPartOf\":{\"@id\":\"https:\\\/\\\/spaziospadoni.org\\\/fr\\\/#website\"},\"primaryImageOfPage\":{\"@id\":\"https:\\\/\\\/spaziospadoni.org\\\/fr\\\/opera-m\\\/nigeria-afrique-projet-m2\\\/#primaryimage\"},\"image\":{\"@id\":\"https:\\\/\\\/spaziospadoni.org\\\/fr\\\/opera-m\\\/nigeria-afrique-projet-m2\\\/#primaryimage\"},\"thumbnailUrl\":\"https:\\\/\\\/spaziospadoni.org\\\/wp-content\\\/uploads\\\/2026\\\/05\\\/hicsum_5_nigeria-spaziospadoni-scaled.png\",\"datePublished\":\"2026-05-18T12:57:06+00:00\",\"dateModified\":\"2026-08-17T11:27:17+00:00\",\"description\":\"Ibono Ibom | Uyo (Nig\u00e9ria) OPERA M2 MISSION Lieu Ibono Ibom Dioc\u00e8se Uyo Nation Nig\u00e9ria Continent Afrique Coordonn\u00e9es GPS 5.03643 7.91221 Fuseau horaire\",\"breadcrumb\":{\"@id\":\"https:\\\/\\\/spaziospadoni.org\\\/fr\\\/opera-m\\\/nigeria-afrique-projet-m2\\\/#breadcrumb\"},\"inLanguage\":\"fr-FR\",\"potentialAction\":[{\"@type\":\"ReadAction\",\"target\":[\"https:\\\/\\\/spaziospadoni.org\\\/fr\\\/opera-m\\\/nigeria-afrique-projet-m2\\\/\"]}]},{\"@type\":\"ImageObject\",\"inLanguage\":\"fr-FR\",\"@id\":\"https:\\\/\\\/spaziospadoni.org\\\/fr\\\/opera-m\\\/nigeria-afrique-projet-m2\\\/#primaryimage\",\"url\":\"https:\\\/\\\/spaziospadoni.org\\\/wp-content\\\/uploads\\\/2026\\\/05\\\/hicsum_5_nigeria-spaziospadoni-scaled.png\",\"contentUrl\":\"https:\\\/\\\/spaziospadoni.org\\\/wp-content\\\/uploads\\\/2026\\\/05\\\/hicsum_5_nigeria-spaziospadoni-scaled.png\"},{\"@type\":\"BreadcrumbList\",\"@id\":\"https:\\\/\\\/spaziospadoni.org\\\/fr\\\/opera-m\\\/nigeria-afrique-projet-m2\\\/#breadcrumb\",\"itemListElement\":[{\"@type\":\"ListItem\",\"position\":1,\"name\":\"Home\",\"item\":\"https:\\\/\\\/spaziospadoni.org\\\/fr\\\/\"},{\"@type\":\"ListItem\",\"position\":2,\"name\":\"Opera M\",\"item\":\"https:\\\/\\\/spaziospadoni.org\\\/fr\\\/opera-m\\\/\"},{\"@type\":\"ListItem\",\"position\":3,\"name\":\"Nigeria &#8211; Afrique | Projet M2\"}]},{\"@type\":\"WebSite\",\"@id\":\"https:\\\/\\\/spaziospadoni.org\\\/fr\\\/#website\",\"url\":\"https:\\\/\\\/spaziospadoni.org\\\/fr\\\/\",\"name\":\"spazio + spadoni\",\"description\":\"Generazione di misericordia e missione nel mondo\",\"publisher\":{\"@id\":\"https:\\\/\\\/spaziospadoni.org\\\/fr\\\/#organization\"},\"alternateName\":\"spaziospadoni.org\",\"potentialAction\":[{\"@type\":\"SearchAction\",\"target\":{\"@type\":\"EntryPoint\",\"urlTemplate\":\"https:\\\/\\\/spaziospadoni.org\\\/fr\\\/?s={search_term_string}\"},\"query-input\":{\"@type\":\"PropertyValueSpecification\",\"valueRequired\":true,\"valueName\":\"search_term_string\"}}],\"inLanguage\":\"fr-FR\"},{\"@type\":\"Organization\",\"@id\":\"https:\\\/\\\/spaziospadoni.org\\\/fr\\\/#organization\",\"name\":\"spazio + spadoni\",\"alternateName\":\"spaziospadoni.org\",\"url\":\"https:\\\/\\\/spaziospadoni.org\\\/fr\\\/\",\"logo\":{\"@type\":\"ImageObject\",\"inLanguage\":\"fr-FR\",\"@id\":\"https:\\\/\\\/spaziospadoni.org\\\/fr\\\/#\\\/schema\\\/logo\\\/image\\\/\",\"url\":\"https:\\\/\\\/spaziospadoni.org\\\/wp-content\\\/uploads\\\/2026\\\/05\\\/spazio-spadoni-logo-100x100-1.webp\",\"contentUrl\":\"https:\\\/\\\/spaziospadoni.org\\\/wp-content\\\/uploads\\\/2026\\\/05\\\/spazio-spadoni-logo-100x100-1.webp\",\"width\":100,\"height\":100,\"caption\":\"spazio + spadoni\"},\"image\":{\"@id\":\"https:\\\/\\\/spaziospadoni.org\\\/fr\\\/#\\\/schema\\\/logo\\\/image\\\/\"},\"sameAs\":[\"https:\\\/\\\/www.facebook.com\\\/SpazioSpadoni\\\/\",\"https:\\\/\\\/www.instagram.com\\\/spaziospadoni\\\/\",\"https:\\\/\\\/www.youtube.com\\\/@spaziospadoni\\\/playlists\"]}]}<\/script>\n<!-- \/ Yoast SEO plugin. -->","yoast_head_json":{"title":"Nigeria - Afrique | Projet M2 | Spazio Spadoni","description":"Ibono Ibom | Uyo (Nig\u00e9ria) OPERA M2 MISSION Lieu Ibono Ibom Dioc\u00e8se Uyo Nation Nig\u00e9ria Continent Afrique Coordonn\u00e9es GPS 5.03643 7.91221 Fuseau horaire","robots":{"index":"index","follow":"follow","max-snippet":"max-snippet:-1","max-image-preview":"max-image-preview:large","max-video-preview":"max-video-preview:-1"},"canonical":"https:\/\/spaziospadoni.org\/fr\/opera-m\/nigeria-afrique-projet-m2\/","og_locale":"fr_FR","og_type":"article","og_title":"Nigeria - Afrique | Projet M2 | Spazio Spadoni","og_description":"Ibono Ibom | Uyo (Nig\u00e9ria) OPERA M2 MISSION Lieu Ibono Ibom Dioc\u00e8se Uyo Nation Nig\u00e9ria Continent Afrique Coordonn\u00e9es GPS 5.03643 7.91221 Fuseau horaire","og_url":"https:\/\/spaziospadoni.org\/fr\/opera-m\/nigeria-afrique-projet-m2\/","og_site_name":"spazio + spadoni","article_publisher":"https:\/\/www.facebook.com\/SpazioSpadoni\/","article_modified_time":"2026-08-17T11:27:17+00:00","og_image":[{"width":2560,"height":1771,"url":"https:\/\/spaziospadoni.org\/wp-content\/uploads\/2026\/05\/hicsum_1_congo-spaziospadoni-scaled.png","type":"image\/png"}],"twitter_card":"summary_large_image","twitter_misc":{"Est. reading time":"4 minutes"},"schema":{"@context":"https:\/\/schema.org","@graph":[{"@type":"WebPage","@id":"https:\/\/spaziospadoni.org\/fr\/opera-m\/nigeria-afrique-projet-m2\/","url":"https:\/\/spaziospadoni.org\/fr\/opera-m\/nigeria-afrique-projet-m2\/","name":"Nigeria - Afrique | Projet M2 | Spazio Spadoni","isPartOf":{"@id":"https:\/\/spaziospadoni.org\/fr\/#website"},"primaryImageOfPage":{"@id":"https:\/\/spaziospadoni.org\/fr\/opera-m\/nigeria-afrique-projet-m2\/#primaryimage"},"image":{"@id":"https:\/\/spaziospadoni.org\/fr\/opera-m\/nigeria-afrique-projet-m2\/#primaryimage"},"thumbnailUrl":"https:\/\/spaziospadoni.org\/wp-content\/uploads\/2026\/05\/hicsum_5_nigeria-spaziospadoni-scaled.png","datePublished":"2026-05-18T12:57:06+00:00","dateModified":"2026-08-17T11:27:17+00:00","description":"Ibono Ibom | Uyo (Nig\u00e9ria) OPERA M2 MISSION Lieu Ibono Ibom Dioc\u00e8se Uyo Nation Nig\u00e9ria Continent Afrique Coordonn\u00e9es GPS 5.03643 7.91221 Fuseau horaire","breadcrumb":{"@id":"https:\/\/spaziospadoni.org\/fr\/opera-m\/nigeria-afrique-projet-m2\/#breadcrumb"},"inLanguage":"fr-FR","potentialAction":[{"@type":"ReadAction","target":["https:\/\/spaziospadoni.org\/fr\/opera-m\/nigeria-afrique-projet-m2\/"]}]},{"@type":"ImageObject","inLanguage":"fr-FR","@id":"https:\/\/spaziospadoni.org\/fr\/opera-m\/nigeria-afrique-projet-m2\/#primaryimage","url":"https:\/\/spaziospadoni.org\/wp-content\/uploads\/2026\/05\/hicsum_5_nigeria-spaziospadoni-scaled.png","contentUrl":"https:\/\/spaziospadoni.org\/wp-content\/uploads\/2026\/05\/hicsum_5_nigeria-spaziospadoni-scaled.png"},{"@type":"BreadcrumbList","@id":"https:\/\/spaziospadoni.org\/fr\/opera-m\/nigeria-afrique-projet-m2\/#breadcrumb","itemListElement":[{"@type":"ListItem","position":1,"name":"Home","item":"https:\/\/spaziospadoni.org\/fr\/"},{"@type":"ListItem","position":2,"name":"Opera M","item":"https:\/\/spaziospadoni.org\/fr\/opera-m\/"},{"@type":"ListItem","position":3,"name":"Nigeria &#8211; Afrique | Projet M2"}]},{"@type":"WebSite","@id":"https:\/\/spaziospadoni.org\/fr\/#website","url":"https:\/\/spaziospadoni.org\/fr\/","name":"spazio + spadoni","description":"Generazione di misericordia e missione nel mondo","publisher":{"@id":"https:\/\/spaziospadoni.org\/fr\/#organization"},"alternateName":"spaziospadoni.org","potentialAction":[{"@type":"SearchAction","target":{"@type":"EntryPoint","urlTemplate":"https:\/\/spaziospadoni.org\/fr\/?s={search_term_string}"},"query-input":{"@type":"PropertyValueSpecification","valueRequired":true,"valueName":"search_term_string"}}],"inLanguage":"fr-FR"},{"@type":"Organization","@id":"https:\/\/spaziospadoni.org\/fr\/#organization","name":"spazio + spadoni","alternateName":"spaziospadoni.org","url":"https:\/\/spaziospadoni.org\/fr\/","logo":{"@type":"ImageObject","inLanguage":"fr-FR","@id":"https:\/\/spaziospadoni.org\/fr\/#\/schema\/logo\/image\/","url":"https:\/\/spaziospadoni.org\/wp-content\/uploads\/2026\/05\/spazio-spadoni-logo-100x100-1.webp","contentUrl":"https:\/\/spaziospadoni.org\/wp-content\/uploads\/2026\/05\/spazio-spadoni-logo-100x100-1.webp","width":100,"height":100,"caption":"spazio + spadoni"},"image":{"@id":"https:\/\/spaziospadoni.org\/fr\/#\/schema\/logo\/image\/"},"sameAs":["https:\/\/www.facebook.com\/SpazioSpadoni\/","https:\/\/www.instagram.com\/spaziospadoni\/","https:\/\/www.youtube.com\/@spaziospadoni\/playlists"]}]}},"_links":{"self":[{"href":"https:\/\/spaziospadoni.org\/fr\/wp-json\/wp\/v2\/pages\/59058","targetHints":{"allow":["GET"]}}],"collection":[{"href":"https:\/\/spaziospadoni.org\/fr\/wp-json\/wp\/v2\/pages"}],"about":[{"href":"https:\/\/spaziospadoni.org\/fr\/wp-json\/wp\/v2\/types\/page"}],"author":[{"embeddable":true,"href":"https:\/\/spaziospadoni.org\/fr\/wp-json\/wp\/v2\/users\/102"}],"replies":[{"embeddable":true,"href":"https:\/\/spaziospadoni.org\/fr\/wp-json\/wp\/v2\/comments?post=59058"}],"version-history":[{"count":2,"href":"https:\/\/spaziospadoni.org\/fr\/wp-json\/wp\/v2\/pages\/59058\/revisions"}],"predecessor-version":[{"id":90341,"href":"https:\/\/spaziospadoni.org\/fr\/wp-json\/wp\/v2\/pages\/59058\/revisions\/90341"}],"up":[{"embeddable":true,"href":"https:\/\/spaziospadoni.org\/fr\/wp-json\/wp\/v2\/pages\/89581"}],"wp:attachment":[{"href":"https:\/\/spaziospadoni.org\/fr\/wp-json\/wp\/v2\/media?parent=59058"}],"curies":[{"name":"wp","href":"https:\/\/api.w.org\/{rel}","templated":true}]}}