{"id":59086,"date":"2026-05-18T13:59:43","date_gmt":"2026-05-18T12:59:43","guid":{"rendered":"https:\/\/spaziospadoni.org\/oeuvres-de-misericorde\/nigeria-afrique-progetto-m3\/"},"modified":"2026-08-17T12:18:55","modified_gmt":"2026-08-17T11:18:55","slug":"nigeria-afrique-progetto-m3","status":"publish","type":"page","link":"https:\/\/spaziospadoni.org\/fr\/opera-m\/nigeria-afrique-progetto-m3\/","title":{"rendered":"Nig\u00e9ria &#8211; Afrique | Projet M3"},"content":{"rendered":"\n<div class=\"ss-project-hero-card\">\n<h2 id=\"omagba-onitsha-omagba-onitsha-nigeria\" class=\"gb-text gb-text-62a95885\">Omagba Onitsha | Omagba Onitsha (Nig\u00e9ria)<\/h2>\n\n\n\n<div class=\"gb-element-f60f2409\">\n<div class=\"gb-element-90a85740 ss-project-sidebar\">\n<h2 id=\"opera-m3\" class=\"gb-text ss-project-title\">OPERA M3<\/h2>\n\n\n\n<figure class=\"wp-block-image size-large\"><img decoding=\"async\" src=\"https:\/\/spaziospadoni.org\/wp-content\/uploads\/2026\/05\/hicsum_5_nigeria-spaziospadoni-scaled.png\" alt=\"hic sum 5 nig&#xE9;ria spazio + spadoni 400x277\" class=\"wp-image-43007\"\/><\/figure>\n\n\n\n<div class=\"ss-project-table\">\n<div class=\"ss-table-section-title\">\n<h3 id=\"mission\" class=\"gb-text\">MISSION<\/h3>\n<\/div>\n\n\n\n<div class=\"ss-table-row\">\n<p class=\"gb-text\">Lieu<\/p>\n\n\n\n<p class=\"gb-text\"><a href=\"https:\/\/www.google.it\/maps\/place\/Onitsha,+Anambra,+Nigeria\/@6.1397777,6.7790483,13z\/data=!3m1!4b1!4m6!3m5!1s0x104393bed6cb93b7:0xd75544d3750782f7!8m2!3d6.1329419!4d6.7923994!16zL20vMDJ3cTVx?entry=ttu&#038;g_ep=EgoyMDI1MDMyNS4xIKXMDSoJLDEwMjExNjM5SAFQAw%3D%3D\" rel=\"noreferrer noopener\" target=\"_blank\" title=\"Omagba Onitsha\">Omagba Onitsha<\/a><\/p>\n<\/div>\n\n\n\n<div class=\"ss-table-row\">\n<p class=\"gb-text\">Dioc\u00e8se<\/p>\n\n\n\n<p class=\"gb-text\">Omagba Onitsha<\/p>\n<\/div>\n\n\n\n<div class=\"ss-table-row\">\n<p class=\"gb-text\">Nation<\/p>\n\n\n\n<p class=\"gb-text\"><strong>Nig\u00e9ria<\/strong><\/p>\n<\/div>\n\n\n\n<div class=\"ss-table-row\">\n<p class=\"gb-text\">Continent<\/p>\n\n\n\n<p class=\"gb-text\">Afrique<\/p>\n<\/div>\n\n\n\n<div class=\"ss-table-row\">\n<p class=\"gb-text\">Coordonn\u00e9es GPS<\/p>\n\n\n\n<p class=\"gb-text\">6.13218 6.79192<\/p>\n<\/div>\n\n\n\n<div class=\"ss-table-row\">\n<p class=\"gb-text\">Fuseau horaire<\/p>\n\n\n\n<p class=\"gb-text\">UTC+1<\/p>\n<\/div>\n<\/div>\n\n\n\n<div class=\"ss-project-table\">\n<div class=\"ss-table-section-title\">\n<h3 id=\"organisateur\" class=\"gb-text\">ORGANISATEUR<\/h3>\n<\/div>\n\n\n\n<div class=\"ss-table-row\">\n<p class=\"gb-text\">Congr\u00e9gation<\/p>\n\n\n\n<p class=\"gb-text\">Servantes du Saint Enfant J\u00e9sus<\/p>\n<\/div>\n\n\n\n<div class=\"ss-table-row\">\n<p class=\"gb-text\">Maison M\u00e8re<\/p>\n\n\n\n<p class=\"gb-text\">Ikot Ekpene, Nig\u00e9ria<\/p>\n<\/div>\n\n\n\n<div class=\"ss-table-row\">\n<p class=\"gb-text\">Dioc\u00e8se<\/p>\n\n\n\n<p class=\"gb-text\">Onitsha<\/p>\n<\/div>\n\n\n\n<div class=\"ss-table-row\">\n<p class=\"gb-text\">Nation<\/p>\n\n\n\n<p class=\"gb-text\">Nig\u00e9ria<\/p>\n<\/div>\n\n\n\n<div class=\"ss-table-row\">\n<p class=\"gb-text\">Continent<\/p>\n\n\n\n<p class=\"gb-text\">Afrique<\/p>\n<\/div>\n\n\n\n<div class=\"ss-table-row\">\n<p class=\"gb-text\">F\u00eate de la Congr\u00e9gation<\/p>\n\n\n\n<p class=\"gb-text\">\u00c0 l&rsquo;occasion de la f\u00eate de l&rsquo;Annonciation<\/p>\n<\/div>\n\n\n\n<div class=\"ss-table-row\">\n<p class=\"gb-text\">Coordonn\u00e9es GPS<\/p>\n\n\n\n<p class=\"gb-text\">5.17553 7.72157<\/p>\n<\/div>\n\n\n\n<div class=\"ss-table-row\">\n<p class=\"gb-text\">Fuseau horaire<\/p>\n\n\n\n<p class=\"gb-text\">UTC+1<\/p>\n<\/div>\n\n\n\n<div class=\"ss-table-row\">\n<p class=\"gb-text\">R\u00e9f\u00e9rent<\/p>\n\n\n\n<p class=\"gb-text\">S\u0153ur Justina Obiageli Udebunjo<\/p>\n<\/div>\n\n\n\n<div class=\"ss-table-row\">\n<p class=\"gb-text\">M\u00e8re G\u00e9n\u00e9rale<\/p>\n\n\n\n<p class=\"gb-text\">S\u0153ur Germaine Ocansey<\/p>\n<\/div>\n\n\n\n<div class=\"ss-table-row\">\n<p class=\"gb-text\">Site Internet<\/p>\n\n\n\n<p class=\"gb-text\"><a href=\"https:\/\/www.suoresantagemma.it\/\" target=\"_blank\" rel=\"noreferrer noopener\" title=\"suoresantagemma.it\">suoresantagemma.it<\/a><\/p>\n<\/div>\n<\/div>\n\n\n\n<div class=\"ss-project-table\">\n<a class=\"gb-element-e1766596 ss-table-section-button\" href=\"#\" title=\"OPERA M &#8211; PROJET M3\">\n<span class=\"gb-text\">OPERA M &#8211; PROJET M3<\/span>\n<\/a>\n<\/div>\n<\/div>\n<\/div>\n\n\n\n<div class=\"gb-element-6ad95ea8\">\n<div class=\"gb-element-e34063a6 ss-project-intro\">\n<p class=\"wp-block-paragraph\">OPERA M est la r\u00e9volution des \u0153uvres de mis\u00e9ricorde. C&rsquo;est l&rsquo;instrument permanent de d\u00e9veloppement d&rsquo;une pens\u00e9e forte et renouvel\u00e9e des \u0153uvres dans le monde. <\/p>\n\n\n\n<p class=\"wp-block-paragraph\">Il na\u00eet d&rsquo;une urgence fortement ressentie par spazio + spadoni de faire r\u00e9<strong>\u00c9<\/strong>voluer le concept d&rsquo;\u0153uvre de mis\u00e9ricorde comme un chemin qui est toujours \u00e0 la fois humain et divin, et donc, toujours spirituel en plus d&rsquo;\u00eatre pratique (ou corporel). La red\u00e9couverte, voire la v\u00e9ritable r\u00e9<strong>\u00c9<\/strong>volution des \u0153uvres doit \u00eatre retrouv\u00e9e au sein de cette synth\u00e8se entre aspect spirituel et acte pratique. L&rsquo;agir mat\u00e9riel doit toujours \u00eatre impr\u00e9gn\u00e9 de l&rsquo;esprit.  <\/p>\n\n\n\n<p class=\"wp-block-paragraph\">OPERA M se fonde sur cinq actions qui en d\u00e9finissent la m\u00e9thode : INVOQUE, appelle l&rsquo;Esprit \u00c9COUTE, fais silence pour t&rsquo;ouvrir \u00e0 l&rsquo;\u00e9coute RENCONTRE, sois au milieu des gens AGISSONS, agir pour les \u0153uvres INONDONS, portons tout le monde aux \u0153uvres de mis\u00e9ricorde <strong>\u0152uvres de mis\u00e9ricorde spirituelles<\/strong> Conseiller ceux qui doutent Enseigner les ignorants Avertir les p\u00e9cheurs Consoler les afflig\u00e9s Pardonner les offenses Supporter patiemment les personnes importunes Prier Dieu pour les vivants et pour les morts <strong>\u0152uvres de mis\u00e9ricorde corporelles<\/strong> Donner \u00e0 manger aux affam\u00e9s Donner \u00e0 boire aux assoiff\u00e9s V\u00eatir les nus Loger les p\u00e8lerins Visiter les malades Visiter les prisonniers Ensevelir les morts<\/p>\n\n<\/div>\n<\/div>\n\n\n\n\n<div>\n\n<h2 id=\"chronologie\" class=\"gb-text gb-text-8179e40a\">Chronologie<\/h2>\n\n\n\n\n\n<div class=\"ss-timeline\">\n\n<h3 id=\"2020\" class=\"gb-text\">2020<\/h3>\n\n\n\n\n\n<div class=\"ss-timeline-item\">\n\n<h4 id=\"19-aout-debut-de-la-relation\" class=\"gb-text\">19 ao\u00fbt | D\u00e9but de la relation<\/h4>\n\n\n\n\n<p class=\"wp-block-paragraph\">La collaboration commence entre spazio + spadoni et les Servantes du Saint Enfant J\u00e9sus<\/p>\n\n\n<\/div>\n\n\n<\/div>\n\n\n\n\n<div class=\"ss-timeline\">\n\n<h3 id=\"2021\" class=\"gb-text\">2021<\/h3>\n\n\n\n\n\n<div class=\"ss-timeline-item\">\n\n<h4 id=\"11-janvier-arrivee-de-la-soeur\" class=\"gb-text\">11 janvier | Arriv\u00e9e de la s\u0153ur<\/h4>\n\n\n\n\n<p class=\"wp-block-paragraph\">S\u0153ur Justina est accompagn\u00e9e aupr\u00e8s de la Misericordia de Castelnuovo Garfagnana et quelques jours apr\u00e8s son arriv\u00e9e, elle commence \u00e0 \u00e9tudier la langue italienne avec les b\u00e9n\u00e9voles<\/p>\n\n\n\n<figure class=\"wp-block-gallery has-nested-images columns-1 is-cropped ss-lightbox wp-block-gallery-1 is-layout-flex wp-block-gallery-is-layout-flex\">\n\n<figure class=\"wp-block-image size-large\"><img decoding=\"async\" src=\"https:\/\/spaziospadoni.org\/wp-content\/uploads\/2026\/05\/Arrivo-F-giannotti-copia-266x300.jpg\" alt=\"Arriv&#xE9;e F giannotti copie 266x300\"\/><figcaption class=\"wp-element-caption\">11 gennaio | Arrivo suora<\/figcaption><\/figure>\n\n\n<figure class=\"wp-block-image size-large\"><img decoding=\"async\" src=\"https:\/\/spaziospadoni.org\/wp-content\/uploads\/2026\/05\/Arrivo-F-sr-F-giannotti-copia-300x153.jpg\" alt=\"Arriv&#xE9;e F s&#x153;ur F giannotti copie 300x153\"\/><figcaption class=\"wp-element-caption\">11 gennaio | Arrivo suora<\/figcaption><\/figure>\n\n<\/figure>\n\n\n<\/div>\n\n\n\n\n<div class=\"ss-timeline-item\">\n\n<h4 id=\"23-juillet-formation\" class=\"gb-text\">23 juillet | Formation<\/h4>\n\n\n\n\n<figure class=\"wp-block-gallery has-nested-images columns-1 is-cropped ss-lightbox wp-block-gallery-2 is-layout-flex wp-block-gallery-is-layout-flex\">\n\n<figure class=\"wp-block-image size-large\"><img decoding=\"async\" src=\"https:\/\/spaziospadoni.org\/wp-content\/uploads\/2026\/05\/fomraizone-F-a-justina-copia-300x238.jpg\" alt=\"formation F &#xE0; justina copie 300x238\"\/><figcaption class=\"wp-element-caption\">23 juillet | Formation<\/figcaption><\/figure>\n\n\n<figure class=\"wp-block-image size-large\"><img decoding=\"async\" src=\"https:\/\/spaziospadoni.org\/wp-content\/uploads\/2026\/05\/formazione-F-a-tutti-copia-300x109.jpg\" alt=\"formation F &#xE0; tous copie 300x109\"\/><figcaption class=\"wp-element-caption\">23 juillet | Formation<\/figcaption><\/figure>\n\n\n<figure class=\"wp-block-image size-large\"><img decoding=\"async\" src=\"https:\/\/spaziospadoni.org\/wp-content\/uploads\/2026\/05\/formazione-F-alle-2-sr-copia-300x188.jpg\" alt=\"formation F aux 2 s&#x153;urs copie 300x188\"\/><figcaption class=\"wp-element-caption\">23 juillet | Formation<\/figcaption><\/figure>\n\n\n<figure class=\"wp-block-image size-large\"><img decoding=\"async\" src=\"https:\/\/spaziospadoni.org\/wp-content\/uploads\/2026\/05\/fomraizone-F-sr-copia-225x300.jpg\" alt=\"formation F s&#x153;ur copie 225x300\"\/><figcaption class=\"wp-element-caption\">23 juillet | Formation<\/figcaption><\/figure>\n\n\n<figure class=\"wp-block-image size-large\"><img decoding=\"async\" src=\"https:\/\/spaziospadoni.org\/wp-content\/uploads\/2026\/05\/Formazione-F-a-tutte-le-sr-copia-300x225.jpg\" alt=\"Formation F &#xE0; toutes les s&#x153;urs copie 300x225\"\/><figcaption class=\"wp-element-caption\">23 juillet | Formation<\/figcaption><\/figure>\n\n\n<figure class=\"wp-block-image size-large\"><img decoding=\"async\" src=\"https:\/\/spaziospadoni.org\/wp-content\/uploads\/2026\/05\/formazione-F-a-sr-copia-300x171.jpg\" alt=\"formation F &#xE0; s&#x153;ur copie 300x171\"\/><figcaption class=\"wp-element-caption\">23 juillet | Formation<\/figcaption><\/figure>\n\n\n<figure class=\"wp-block-image size-large\"><img decoding=\"async\" src=\"https:\/\/spaziospadoni.org\/wp-content\/uploads\/2026\/05\/Formazione-no-F-300x137.jpg\" alt=\"Formation sans F 300x137\"\/><figcaption class=\"wp-element-caption\">23 juillet | Formation<\/figcaption><\/figure>\n\n<\/figure>\n\n\n<\/div>\n\n\n\n\n<div class=\"ss-timeline-item\">\n\n<h4 id=\"611-septembre-convention-faire-de-la-place-a-la-reciprocite\" class=\"gb-text\">6-11 septembre | Convention Faire de la place \u00e0 la r\u00e9ciprocit\u00e9<\/h4>\n\n\n\n\n<p class=\"wp-block-paragraph\">S\u0153ur Justina participe \u00e0 la Convention de spazio + spadoni organis\u00e9e au couvent de San Cerbone (LU)<\/p>\n\n\n\n<figure class=\"wp-block-gallery has-nested-images columns-1 is-cropped ss-lightbox wp-block-gallery-3 is-layout-flex wp-block-gallery-is-layout-flex\">\n\n<figure class=\"wp-block-image size-large\"><img decoding=\"async\" src=\"https:\/\/spaziospadoni.org\/wp-content\/uploads\/2026\/05\/Convention-1-2.jpg\" alt=\"Convention 1\"\/><figcaption class=\"wp-element-caption\">6-11 septembre | Convention Faire de la place \u00e0 la r\u00e9ciprocit\u00e9<\/figcaption><\/figure>\n\n\n<figure class=\"wp-block-image size-large\"><img decoding=\"async\" src=\"https:\/\/spaziospadoni.org\/wp-content\/uploads\/2026\/05\/Convention-2-2.jpg\" alt=\"Convention 2\"\/><figcaption class=\"wp-element-caption\">6-11 septembre | Convention Faire de la place \u00e0 la r\u00e9ciprocit\u00e9<\/figcaption><\/figure>\n\n\n<figure class=\"wp-block-image size-large\"><img decoding=\"async\" src=\"https:\/\/spaziospadoni.org\/wp-content\/uploads\/2026\/05\/Convention-F-a-justina-copia-176x300.jpg\" alt=\"Convention F &#xE0; justina copie 176x300\"\/><figcaption class=\"wp-element-caption\">6-11 septembre | Convention Faire de la place \u00e0 la r\u00e9ciprocit\u00e9<\/figcaption><\/figure>\n\n\n<figure class=\"wp-block-image size-large\"><img decoding=\"async\" src=\"https:\/\/spaziospadoni.org\/wp-content\/uploads\/2026\/05\/Convention-F-sr-copia-300x258.jpg\" alt=\"Convention F s&#x153;ur copie 300x258\"\/><figcaption class=\"wp-element-caption\">6-11 septembre | Convention Faire de la place \u00e0 la r\u00e9ciprocit\u00e9<\/figcaption><\/figure>\n\n\n<figure class=\"wp-block-image size-large\"><img decoding=\"async\" src=\"https:\/\/spaziospadoni.org\/wp-content\/uploads\/2026\/05\/Convention-4-scaled.jpg\" alt=\"Convention\"\/><figcaption class=\"wp-element-caption\">6-11 septembre | Convention Faire de la place \u00e0 la r\u00e9ciprocit\u00e9<\/figcaption><\/figure>\n\n<\/figure>\n\n\n<\/div>\n\n\n\n\n<div class=\"ss-timeline-item\">\n\n<h4 id=\"21-octobre-formation-hic-sum-et-opera-m\" class=\"gb-text\">21 octobre | Formation HIC SUM et OPERA M<\/h4>\n\n\n\n\n<p class=\"wp-block-paragraph\">Formation sur le projet HIC SUM et sur les \u0153uvres de mis\u00e9ricorde r\u00e9alis\u00e9e au couvent de San Cerbone (LU)<\/p>\n\n\n\n<figure class=\"wp-block-gallery has-nested-images columns-1 is-cropped ss-lightbox wp-block-gallery-4 is-layout-flex wp-block-gallery-is-layout-flex\">\n\n<figure class=\"wp-block-image size-large\"><img decoding=\"async\" src=\"https:\/\/spaziospadoni.org\/wp-content\/uploads\/2026\/05\/fomraizone-F-a-tutte-e-due-copia-280x300.jpg\" alt=\"formation F &#xE0; toutes les deux copie 280x300\"\/><figcaption class=\"wp-element-caption\">21 octobre | Formation HIC SUM et OPERA M<\/figcaption><\/figure>\n\n<\/figure>\n\n\n<\/div>\n\n\n\n\n<div class=\"ss-timeline-item\">\n\n<h4 id=\"10-novembre-depart-de-la-soeur\" class=\"gb-text\">10 novembre | D\u00e9part de la s\u0153ur<\/h4>\n\n\n\n\n<p class=\"wp-block-paragraph\">S\u0153ur Justina retourne \u00e0 Nunya au Nigeria<\/p>\n\n\n\n<figure class=\"wp-block-gallery has-nested-images columns-1 is-cropped ss-lightbox wp-block-gallery-5 is-layout-flex wp-block-gallery-is-layout-flex\">\n\n<figure class=\"wp-block-image size-large\"><img decoding=\"async\" src=\"https:\/\/spaziospadoni.org\/wp-content\/uploads\/2026\/05\/partenza-arrivo-F-a-justina-1-copia-300x147.jpg\" alt=\"d&#xE9;part arriv&#xE9;e F &#xE0; justina 1 copie 300x147\"\/><figcaption class=\"wp-element-caption\">10 novembre | D\u00e9part de la s\u0153ur<\/figcaption><\/figure>\n\n\n<figure class=\"wp-block-image size-large\"><img decoding=\"async\" src=\"https:\/\/spaziospadoni.org\/wp-content\/uploads\/2026\/05\/partenza-sr-mettere-F-che-sbuca-da-zaino-169x300.jpg\" alt=\"d&#xE9;part s&#x153;ur mettre F qui sort du sac &#xE0; dos 169x300\"\/><figcaption class=\"wp-element-caption\">10 novembre | D\u00e9part de la s\u0153ur<\/figcaption><\/figure>\n\n\n<figure class=\"wp-block-image size-large\"><img decoding=\"async\" src=\"https:\/\/spaziospadoni.org\/wp-content\/uploads\/2026\/05\/partenza-arrivo-F-a-justina-copia-300x183.jpg\" alt=\"d&#xE9;part arriv&#xE9;e F &#xE0; justina copie 300x183\"\/><figcaption class=\"wp-element-caption\">10 novembre | D\u00e9part de la s\u0153ur<\/figcaption><\/figure>\n\n\n<figure class=\"wp-block-image size-large\"><img decoding=\"async\" src=\"https:\/\/spaziospadoni.org\/wp-content\/uploads\/2026\/05\/partenza-arrivo-sr-F-justina-copia-300x294.jpg\" alt=\"d&#xE9;part arriv&#xE9;e s&#x153;ur F justina copie 300x294\"\/><figcaption class=\"wp-element-caption\">10 novembre | D\u00e9part de la s\u0153ur<\/figcaption><\/figure>\n\n\n<figure class=\"wp-block-image size-large\"><img decoding=\"async\" src=\"https:\/\/spaziospadoni.org\/wp-content\/uploads\/2026\/05\/partenza-sr-F-a-tutti-e-duer-copia-300x263.jpg\" alt=\"d&#xE9;part s&#x153;ur F &#xE0; toutes les deux copie 300x263\"\/><figcaption class=\"wp-element-caption\">10 novembre | D\u00e9part de la s\u0153ur<\/figcaption><\/figure>\n\n<\/figure>\n\n\n<\/div>\n\n\n<\/div>\n\n\n\n\n<div class=\"ss-timeline\">\n\n<h3 id=\"2023\" class=\"gb-text\">2023<\/h3>\n\n\n\n\n\n<div class=\"ss-timeline-item\">\n\n<h4 id=\"14-avril-opera-m\" class=\"gb-text\">14 avril | OPERA M<\/h4>\n\n\n\n\n<p class=\"wp-block-paragraph\">S\u0153ur Justina pratique les \u0153uvres de mis\u00e9ricorde \u00e0 travers l&rsquo;apostolat exerc\u00e9 aupr\u00e8s des enfants<\/p>\n\n\n\n<figure class=\"wp-block-gallery has-nested-images columns-1 is-cropped ss-lightbox wp-block-gallery-6 is-layout-flex wp-block-gallery-is-layout-flex\">\n\n<figure class=\"wp-block-image size-large\"><img decoding=\"async\" src=\"https:\/\/spaziospadoni.org\/wp-content\/uploads\/2026\/05\/aggiungere-in-timeline-apostolato-F-sr-copia-118x300.jpg\" alt=\"ajouter &#xE0; la timeline apostolat F s&#x153;ur copie 118x300\"\/><figcaption class=\"wp-element-caption\">14 avril | OPERA M<\/figcaption><\/figure>\n\n<\/figure>\n\n\n<\/div>\n\n\n\n\n<div class=\"ss-timeline-item\">\n\n<h4 id=\"25-aout-transfert\" class=\"gb-text\">25 ao\u00fbt | Transfert<\/h4>\n\n\n\n\n<p class=\"wp-block-paragraph\">S\u0153ur Justina est transf\u00e9r\u00e9e au couvent H.H.C.J Holy Spirit Parish Omagba Onitsha. Anambra State. Nig\u00e9ria  <\/p>\n\n\n<\/div>\n\n\n<\/div>\n\n\n<\/div>\n\n\n\n<div class=\"ss-project-media\">\n<h2 id=\"photos-et-videos\" class=\"gb-text gb-text-d7bd8be8\">Photos et vid\u00e9os<\/h2>\n\n\n<div class=\"ss-media-filters\">\n\n<a class=\"gb-text ss-media-filter active\" data-filter=\"*\" title=\"Tout\">Tout<\/a>\n\n\n<a class=\"gb-text ss-media-filter\" data-filter=\".formazione\" title=\"Formation\">Formation<\/a>\n\n\n<a class=\"gb-text ss-media-filter\" data-filter=\".nigeria\" title=\"Nig\u00e9ria\">Nig\u00e9ria<\/a>\n\n\n<a class=\"gb-text ss-media-filter\" data-filter=\".video\" title=\"Vid\u00e9o\">Vid\u00e9o<\/a>\n\n<\/div>\n\n\n<div class=\"ss-media-grid\">\n<div>\n<figure class=\"wp-block-gallery has-nested-images columns-1 is-cropped ss-lightbox wp-block-gallery-7 is-layout-flex wp-block-gallery-is-layout-flex\">\n\n<figure class=\"wp-block-image size-large formazione\"><img decoding=\"async\" alt=\"Formation F &#xE0; toutes les s&#x153;urs copie 300x225\" src=\"https:\/\/spaziospadoni.org\/wp-content\/uploads\/2026\/05\/Formazione-F-a-tutte-le-sr-copia-300x225.jpg\"\/><\/figure>\n\n\n<figure class=\"wp-block-image size-large formazione\"><img decoding=\"async\" alt=\"formation F &#xE0; tous copie 300x109\" src=\"https:\/\/spaziospadoni.org\/wp-content\/uploads\/2026\/05\/formazione-F-a-tutti-copia-300x109.jpg\"\/><\/figure>\n\n\n<figure class=\"wp-block-image size-large formazione\"><img decoding=\"async\" alt=\"formation F &#xE0; toutes les deux copie 280x300\" src=\"https:\/\/spaziospadoni.org\/wp-content\/uploads\/2026\/05\/fomraizone-F-a-tutte-e-due-copia-280x300.jpg\"\/><\/figure>\n\n\n<figure class=\"wp-block-image size-large formazione\"><img decoding=\"async\" alt=\"formation borgo copie 300x139\" src=\"https:\/\/spaziospadoni.org\/wp-content\/uploads\/2026\/05\/fomrazione-borgo-copia-300x139.jpg\"\/><\/figure>\n\n\n<figure class=\"wp-block-image size-large formazione\"><img decoding=\"async\" alt=\"formation F s&#x153;ur copie 225x300\" src=\"https:\/\/spaziospadoni.org\/wp-content\/uploads\/2026\/05\/fomraizone-F-sr-copia-225x300.jpg\"\/><\/figure>\n\n\n<figure class=\"wp-block-image size-large formazione\"><img decoding=\"async\" alt=\"formation F &#xE0; justina copie 300x238\" src=\"https:\/\/spaziospadoni.org\/wp-content\/uploads\/2026\/05\/fomraizone-F-a-justina-copia-300x238.jpg\"\/><\/figure>\n\n\n<figure class=\"wp-block-image size-large formazione\"><img decoding=\"async\" alt=\"Arriv&#xE9;e F giannotti copie 266x300\" src=\"https:\/\/spaziospadoni.org\/wp-content\/uploads\/2026\/05\/Arrivo-F-giannotti-copia-266x300.jpg\"\/><\/figure>\n\n\n<figure class=\"wp-block-image size-large formazione\"><img decoding=\"async\" alt=\"2021 ao&#xFB;t hic sum 5 italie misericordia castelnuovo garfagnana lucca s&#x153;ur justina servantes anniversaire profession spazio + spadoni 4\" src=\"https:\/\/spaziospadoni.org\/wp-content\/uploads\/2026\/05\/2021_agosto_hic_sum_5_italia_misericordia_castelnuovo_garfagnana_lucca_suor_justina_ancelle_anniversario_professione_spazio_spadoni-4.jpg\"\/><\/figure>\n\n\n<figure class=\"wp-block-image size-large formazione\"><img decoding=\"async\" alt=\"Arriv&#xE9;e F s&#x153;ur F giannotti copie 300x153\" src=\"https:\/\/spaziospadoni.org\/wp-content\/uploads\/2026\/05\/Arrivo-F-sr-F-giannotti-copia-300x153.jpg\"\/><\/figure>\n\n\n<figure class=\"wp-block-image size-large formazione\"><img decoding=\"async\" alt=\"d&#xE9;part s&#x153;ur F &#xE0; toutes les deux copie 300x263\" src=\"https:\/\/spaziospadoni.org\/wp-content\/uploads\/2026\/05\/partenza-sr-F-a-tutti-e-duer-copia-300x263.jpg\"\/><\/figure>\n\n\n<figure class=\"wp-block-image size-large nigeria\"><img decoding=\"async\" alt=\"d&#xE9;part arriv&#xE9;e s&#x153;ur F justina copie 300x294\" src=\"https:\/\/spaziospadoni.org\/wp-content\/uploads\/2026\/05\/partenza-arrivo-sr-F-justina-copia-300x294.jpg\"\/><\/figure>\n\n\n<figure class=\"wp-block-image size-large formazione\"><img decoding=\"async\" alt=\"2021 mai hic sum 5 s&#x153;ur justina italie castelnuovo garfagnana lucca misericordia formation spazio + spadoni 1 scaled\" src=\"https:\/\/spaziospadoni.org\/wp-content\/uploads\/2026\/05\/2021_maggio_hic_sum_5_suor_justina_italia_castelnuovo_garfagnana_lucca_misericordia_formazione_spazio_spadoni-1-scaled-1.jpg\"\/><\/figure>\n\n\n<figure class=\"wp-block-image size-large formazione\"><img decoding=\"async\" alt=\"Convention F s&#x153;ur copie 300x258\" src=\"https:\/\/spaziospadoni.org\/wp-content\/uploads\/2026\/05\/Convention-F-sr-copia-300x258.jpg\"\/><\/figure>\n\n\n<figure class=\"wp-block-image size-large formazione\"><img decoding=\"async\" alt=\"formation F aux 2 s&#x153;urs copie 300x188\" src=\"https:\/\/spaziospadoni.org\/wp-content\/uploads\/2026\/05\/formazione-F-alle-2-sr-copia-300x188.jpg\"\/><\/figure>\n\n\n<figure class=\"wp-block-image size-large formazione\"><img decoding=\"async\" alt=\"Convention F &#xE0; justina copie 176x300\" src=\"https:\/\/spaziospadoni.org\/wp-content\/uploads\/2026\/05\/Convention-F-a-justina-copia-176x300.jpg\"\/><\/figure>\n\n\n<figure class=\"wp-block-image size-large formazione\"><img decoding=\"async\" alt=\"2021 octobre hic sum 5 s&#x153;ur justina italie castelnuovo garfagnana lucca misericordia formation spazio + spadoni 20 scaled\" src=\"https:\/\/spaziospadoni.org\/wp-content\/uploads\/2026\/05\/2021_ottobre_hic_sum_5_suor_justina_italia_castelnuovo_garfagnana_lucca_misericordia_formazione_spazio_spadoni-20-scaled-1.jpg\"\/><\/figure>\n\n\n<figure class=\"wp-block-image size-large formazione\"><img decoding=\"async\" alt=\"2021 octobre hic sum 5 s&#x153;ur justina italie castelnuovo garfagnana lucca misericordia formation spazio + spadoni 23 scaled\" src=\"https:\/\/spaziospadoni.org\/wp-content\/uploads\/2026\/05\/2021_ottobre_hic_sum_5_suor_justina_italia_castelnuovo_garfagnana_lucca_misericordia_formazione_spazio_spadoni-23-scaled-1.jpg\"\/><\/figure>\n\n\n<figure class=\"wp-block-image size-large formazione\"><img decoding=\"async\" alt=\"2021 octobre hic sum 5 s&#x153;ur justina italie castelnuovo garfagnana lucca misericordia formation spazio + spadoni 24 scaled\" src=\"https:\/\/spaziospadoni.org\/wp-content\/uploads\/2026\/05\/2021_ottobre_hic_sum_5_suor_justina_italia_castelnuovo_garfagnana_lucca_misericordia_formazione_spazio_spadoni-24-scaled-1.jpg\"\/><\/figure>\n\n\n<figure class=\"wp-block-image size-large formazione\"><img decoding=\"async\" alt=\"2021 octobre hic sum 5 s&#x153;ur justina italie castelnuovo garfagnana lucca misericordia formation spazio + spadoni 31 scaled\" src=\"https:\/\/spaziospadoni.org\/wp-content\/uploads\/2026\/05\/2021_ottobre_hic_sum_5_suor_justina_italia_castelnuovo_garfagnana_lucca_misericordia_formazione_spazio_spadoni-31-scaled-1.jpg\"\/><\/figure>\n\n\n<figure class=\"wp-block-image size-large formazione\"><img decoding=\"async\" alt=\"2021 octobre hic sum 5 s&#x153;ur justina italie castelnuovo garfagnana lucca misericordia formation spazio + spadoni 45 scaled\" src=\"https:\/\/spaziospadoni.org\/wp-content\/uploads\/2026\/05\/2021_ottobre_hic_sum_5_suor_justina_italia_castelnuovo_garfagnana_lucca_misericordia_formazione_spazio_spadoni-45-scaled-1.jpg\"\/><\/figure>\n\n\n<figure class=\"wp-block-image size-large formazione\"><img decoding=\"async\" alt=\"formation F &#xE0; s&#x153;ur copie 300x171\" src=\"https:\/\/spaziospadoni.org\/wp-content\/uploads\/2026\/05\/formazione-F-a-sr-copia-300x171.jpg\"\/><\/figure>\n\n\n<figure class=\"wp-block-image size-large formazione\"><img decoding=\"async\" alt=\"2021 septembre hic sum 5 s&#x153;ur justina italie castelnuovo garfagnana lucca misericordia formation convention r&#xE9;ciprocit&#xE9; spazio + spadoni scaled\" src=\"https:\/\/spaziospadoni.org\/wp-content\/uploads\/2026\/05\/2021_settembre_hic_sum_5_suor_justina_italia_castelnuovo_garfagnana_lucca_misericordia_formazione_convention_reciprocita_spazio_spadoni-scaled-1.jpg\"\/><\/figure>\n\n\n<figure class=\"wp-block-image size-large nigeria\"><img decoding=\"async\" alt=\"d&#xE9;part arriv&#xE9;e F &#xE0; justina copie 300x183\" src=\"https:\/\/spaziospadoni.org\/wp-content\/uploads\/2026\/05\/partenza-arrivo-F-a-justina-copia-300x183.jpg\"\/><\/figure>\n\n\n<figure class=\"wp-block-image size-large nigeria\"><img decoding=\"async\" alt=\"2022 avril hic sum 5 nig&#xE9;ria nunya nnewi s&#x153;ur justina misericordia castelnuovo garfagnana c&#xE9;l&#xE9;bration de P&#xE2;ques spazio + spadoni 3\" src=\"https:\/\/spaziospadoni.org\/wp-content\/uploads\/2026\/05\/2022_aprile_hic_sum_5_nigeria_nunya_nnewi_suor_justina_misericordia_castelnuovo_garfagnana_celebrazione_pasqua_spazio_spadoni-3.jpg\"\/><\/figure>\n\n<\/figure>\n\n\n<div class=\"gb-element-b24bbf5e ss-media-videos\">\n\n<figure class=\"wp-block-video video\"><video controls=\"\" src=\"https:\/\/spaziospadoni.org\/wp-content\/uploads\/2026\/05\/2022_marzo_hic_sum_5_nigeria_nunya_nnewi_suor_justina_pane_misericordia_castelnuovo_garfagnana__mercat_impresa_sociale_spazio_spadoni-2.mp4\"><\/video><figcaption class=\"wp-element-caption\">2022 mars hic sum 5 nig\u00e9ria nunya nnewi s\u0153ur justina pain de la mis\u00e9ricorde castelnuovo garfagnana march\u00e9 entreprise sociale spazio + spadoni 2<\/figcaption><\/figure>\n\n\n<figure class=\"wp-block-video video\"><video controls=\"\" src=\"https:\/\/spaziospadoni.org\/wp-content\/uploads\/2026\/05\/2022_marzo_hic_sum_5_nigeria_nunya_nnewi_suor_justina_pane_misericordia_castelnuovo_garfagnana__mercat_impresa_sociale_spazio_spadoni-1.mov\"><\/video><figcaption class=\"wp-element-caption\">2022 mars hic sum 5 nig\u00e9ria nunya nnewi s\u0153ur justina pain de la mis\u00e9ricorde castelnuovo garfagnana march\u00e9 entreprise sociale spazio + spadoni 1<\/figcaption><\/figure>\n\n<\/div>\n\n<\/div>\n\n<\/div>\n\n<\/div>\n\n","protected":false},"excerpt":{"rendered":"<p>Omagba Onitsha | Omagba Onitsha (Nig\u00e9ria) OPERA M3 MISSION Lieu Omagba Onitsha Dioc\u00e8se Omagba Onitsha Nation Nig\u00e9ria Continent Afrique Coordonn\u00e9es GPS 6.13218 6.79192 Fuseau horaire UTC+1 ORGANISATEUR Congr\u00e9gation Servantes du Saint Enfant J\u00e9sus Maison M\u00e8re Ikot Ekpene, Nig\u00e9ria Dioc\u00e8se Onitsha Nation Nig\u00e9ria Continent Afrique F\u00eate de la Congr\u00e9gation \u00c0 l&rsquo;occasion de la f\u00eate de l&rsquo;Annonciation &#8230; <a title=\"Nig\u00e9ria &#8211; Afrique | Projet M3\" class=\"read-more\" href=\"https:\/\/spaziospadoni.org\/fr\/opera-m\/nigeria-afrique-progetto-m3\/\" aria-label=\"Read more about Nig\u00e9ria &#8211; Afrique | Projet M3\">Lire plus<\/a><\/p>\n","protected":false},"author":102,"featured_media":0,"parent":89581,"menu_order":0,"comment_status":"closed","ping_status":"closed","template":"","meta":{"_sitemap_exclude":false,"_sitemap_priority":"","_sitemap_frequency":"","footnotes":""},"class_list":["post-59086","page","type-page","status-publish","infinite-scroll-item"],"yoast_head":"<!-- This site is optimized with the Yoast SEO plugin v28.4 - https:\/\/yoast.com\/product\/yoast-seo-wordpress\/ -->\n<title>Nig\u00e9ria - Afrique | Projet M3 | Spazio Spadoni<\/title>\n<meta name=\"description\" content=\"Omagba Onitsha | Omagba Onitsha (Nig\u00e9ria) OPERA M3 MISSION Lieu Omagba Onitsha Dioc\u00e8se Omagba Onitsha Nation Nig\u00e9ria Continent Afrique Coordonn\u00e9es GPS\" \/>\n<meta name=\"robots\" content=\"index, follow, max-snippet:-1, max-image-preview:large, max-video-preview:-1\" \/>\n<link rel=\"canonical\" href=\"https:\/\/spaziospadoni.org\/fr\/opera-m\/nigeria-afrique-progetto-m3\/\" \/>\n<meta property=\"og:locale\" content=\"fr_FR\" \/>\n<meta property=\"og:type\" content=\"article\" \/>\n<meta property=\"og:title\" content=\"Nig\u00e9ria - Afrique | Projet M3 | Spazio Spadoni\" \/>\n<meta property=\"og:description\" content=\"Omagba Onitsha | Omagba Onitsha (Nig\u00e9ria) OPERA M3 MISSION Lieu Omagba Onitsha Dioc\u00e8se Omagba Onitsha Nation Nig\u00e9ria Continent Afrique Coordonn\u00e9es GPS\" \/>\n<meta property=\"og:url\" content=\"https:\/\/spaziospadoni.org\/fr\/opera-m\/nigeria-afrique-progetto-m3\/\" \/>\n<meta property=\"og:site_name\" content=\"spazio + spadoni\" \/>\n<meta property=\"article:publisher\" content=\"https:\/\/www.facebook.com\/SpazioSpadoni\/\" \/>\n<meta property=\"article:modified_time\" content=\"2026-08-17T11:18:55+00:00\" \/>\n<meta property=\"og:image\" content=\"https:\/\/spaziospadoni.org\/wp-content\/uploads\/2026\/05\/hicsum_1_congo-spaziospadoni-scaled.png\" \/>\n\t<meta property=\"og:image:width\" content=\"2560\" \/>\n\t<meta property=\"og:image:height\" content=\"1771\" \/>\n\t<meta property=\"og:image:type\" content=\"image\/png\" \/>\n<meta name=\"twitter:card\" content=\"summary_large_image\" \/>\n<meta name=\"twitter:label1\" content=\"Est. reading time\" \/>\n\t<meta name=\"twitter:data1\" content=\"3 minutes\" \/>\n<script type=\"application\/ld+json\" class=\"yoast-schema-graph\">{\"@context\":\"https:\\\/\\\/schema.org\",\"@graph\":[{\"@type\":\"WebPage\",\"@id\":\"https:\\\/\\\/spaziospadoni.org\\\/fr\\\/opera-m\\\/nigeria-afrique-progetto-m3\\\/\",\"url\":\"https:\\\/\\\/spaziospadoni.org\\\/fr\\\/opera-m\\\/nigeria-afrique-progetto-m3\\\/\",\"name\":\"Nig\u00e9ria - Afrique | Projet M3 | Spazio Spadoni\",\"isPartOf\":{\"@id\":\"https:\\\/\\\/spaziospadoni.org\\\/fr\\\/#website\"},\"primaryImageOfPage\":{\"@id\":\"https:\\\/\\\/spaziospadoni.org\\\/fr\\\/opera-m\\\/nigeria-afrique-progetto-m3\\\/#primaryimage\"},\"image\":{\"@id\":\"https:\\\/\\\/spaziospadoni.org\\\/fr\\\/opera-m\\\/nigeria-afrique-progetto-m3\\\/#primaryimage\"},\"thumbnailUrl\":\"https:\\\/\\\/spaziospadoni.org\\\/wp-content\\\/uploads\\\/2026\\\/05\\\/hicsum_5_nigeria-spaziospadoni-scaled.png\",\"datePublished\":\"2026-05-18T12:59:43+00:00\",\"dateModified\":\"2026-08-17T11:18:55+00:00\",\"description\":\"Omagba Onitsha | Omagba Onitsha (Nig\u00e9ria) OPERA M3 MISSION Lieu Omagba Onitsha Dioc\u00e8se Omagba Onitsha Nation Nig\u00e9ria Continent Afrique Coordonn\u00e9es GPS\",\"breadcrumb\":{\"@id\":\"https:\\\/\\\/spaziospadoni.org\\\/fr\\\/opera-m\\\/nigeria-afrique-progetto-m3\\\/#breadcrumb\"},\"inLanguage\":\"fr-FR\",\"potentialAction\":[{\"@type\":\"ReadAction\",\"target\":[\"https:\\\/\\\/spaziospadoni.org\\\/fr\\\/opera-m\\\/nigeria-afrique-progetto-m3\\\/\"]}]},{\"@type\":\"ImageObject\",\"inLanguage\":\"fr-FR\",\"@id\":\"https:\\\/\\\/spaziospadoni.org\\\/fr\\\/opera-m\\\/nigeria-afrique-progetto-m3\\\/#primaryimage\",\"url\":\"https:\\\/\\\/spaziospadoni.org\\\/wp-content\\\/uploads\\\/2026\\\/05\\\/hicsum_5_nigeria-spaziospadoni-scaled.png\",\"contentUrl\":\"https:\\\/\\\/spaziospadoni.org\\\/wp-content\\\/uploads\\\/2026\\\/05\\\/hicsum_5_nigeria-spaziospadoni-scaled.png\"},{\"@type\":\"BreadcrumbList\",\"@id\":\"https:\\\/\\\/spaziospadoni.org\\\/fr\\\/opera-m\\\/nigeria-afrique-progetto-m3\\\/#breadcrumb\",\"itemListElement\":[{\"@type\":\"ListItem\",\"position\":1,\"name\":\"Home\",\"item\":\"https:\\\/\\\/spaziospadoni.org\\\/fr\\\/\"},{\"@type\":\"ListItem\",\"position\":2,\"name\":\"Opera M\",\"item\":\"https:\\\/\\\/spaziospadoni.org\\\/fr\\\/opera-m\\\/\"},{\"@type\":\"ListItem\",\"position\":3,\"name\":\"Nig\u00e9ria &#8211; Afrique | Projet M3\"}]},{\"@type\":\"WebSite\",\"@id\":\"https:\\\/\\\/spaziospadoni.org\\\/fr\\\/#website\",\"url\":\"https:\\\/\\\/spaziospadoni.org\\\/fr\\\/\",\"name\":\"spazio + spadoni\",\"description\":\"Generazione di misericordia e missione nel mondo\",\"publisher\":{\"@id\":\"https:\\\/\\\/spaziospadoni.org\\\/fr\\\/#organization\"},\"alternateName\":\"spaziospadoni.org\",\"potentialAction\":[{\"@type\":\"SearchAction\",\"target\":{\"@type\":\"EntryPoint\",\"urlTemplate\":\"https:\\\/\\\/spaziospadoni.org\\\/fr\\\/?s={search_term_string}\"},\"query-input\":{\"@type\":\"PropertyValueSpecification\",\"valueRequired\":true,\"valueName\":\"search_term_string\"}}],\"inLanguage\":\"fr-FR\"},{\"@type\":\"Organization\",\"@id\":\"https:\\\/\\\/spaziospadoni.org\\\/fr\\\/#organization\",\"name\":\"spazio + spadoni\",\"alternateName\":\"spaziospadoni.org\",\"url\":\"https:\\\/\\\/spaziospadoni.org\\\/fr\\\/\",\"logo\":{\"@type\":\"ImageObject\",\"inLanguage\":\"fr-FR\",\"@id\":\"https:\\\/\\\/spaziospadoni.org\\\/fr\\\/#\\\/schema\\\/logo\\\/image\\\/\",\"url\":\"https:\\\/\\\/spaziospadoni.org\\\/wp-content\\\/uploads\\\/2026\\\/05\\\/spazio-spadoni-logo-100x100-1.webp\",\"contentUrl\":\"https:\\\/\\\/spaziospadoni.org\\\/wp-content\\\/uploads\\\/2026\\\/05\\\/spazio-spadoni-logo-100x100-1.webp\",\"width\":100,\"height\":100,\"caption\":\"spazio + spadoni\"},\"image\":{\"@id\":\"https:\\\/\\\/spaziospadoni.org\\\/fr\\\/#\\\/schema\\\/logo\\\/image\\\/\"},\"sameAs\":[\"https:\\\/\\\/www.facebook.com\\\/SpazioSpadoni\\\/\",\"https:\\\/\\\/www.instagram.com\\\/spaziospadoni\\\/\",\"https:\\\/\\\/www.youtube.com\\\/@spaziospadoni\\\/playlists\"]}]}<\/script>\n<!-- \/ Yoast SEO plugin. -->","yoast_head_json":{"title":"Nig\u00e9ria - Afrique | Projet M3 | Spazio Spadoni","description":"Omagba Onitsha | Omagba Onitsha (Nig\u00e9ria) OPERA M3 MISSION Lieu Omagba Onitsha Dioc\u00e8se Omagba Onitsha Nation Nig\u00e9ria Continent Afrique Coordonn\u00e9es GPS","robots":{"index":"index","follow":"follow","max-snippet":"max-snippet:-1","max-image-preview":"max-image-preview:large","max-video-preview":"max-video-preview:-1"},"canonical":"https:\/\/spaziospadoni.org\/fr\/opera-m\/nigeria-afrique-progetto-m3\/","og_locale":"fr_FR","og_type":"article","og_title":"Nig\u00e9ria - Afrique | Projet M3 | Spazio Spadoni","og_description":"Omagba Onitsha | Omagba Onitsha (Nig\u00e9ria) OPERA M3 MISSION Lieu Omagba Onitsha Dioc\u00e8se Omagba Onitsha Nation Nig\u00e9ria Continent Afrique Coordonn\u00e9es GPS","og_url":"https:\/\/spaziospadoni.org\/fr\/opera-m\/nigeria-afrique-progetto-m3\/","og_site_name":"spazio + spadoni","article_publisher":"https:\/\/www.facebook.com\/SpazioSpadoni\/","article_modified_time":"2026-08-17T11:18:55+00:00","og_image":[{"width":2560,"height":1771,"url":"https:\/\/spaziospadoni.org\/wp-content\/uploads\/2026\/05\/hicsum_1_congo-spaziospadoni-scaled.png","type":"image\/png"}],"twitter_card":"summary_large_image","twitter_misc":{"Est. reading time":"3 minutes"},"schema":{"@context":"https:\/\/schema.org","@graph":[{"@type":"WebPage","@id":"https:\/\/spaziospadoni.org\/fr\/opera-m\/nigeria-afrique-progetto-m3\/","url":"https:\/\/spaziospadoni.org\/fr\/opera-m\/nigeria-afrique-progetto-m3\/","name":"Nig\u00e9ria - Afrique | Projet M3 | Spazio Spadoni","isPartOf":{"@id":"https:\/\/spaziospadoni.org\/fr\/#website"},"primaryImageOfPage":{"@id":"https:\/\/spaziospadoni.org\/fr\/opera-m\/nigeria-afrique-progetto-m3\/#primaryimage"},"image":{"@id":"https:\/\/spaziospadoni.org\/fr\/opera-m\/nigeria-afrique-progetto-m3\/#primaryimage"},"thumbnailUrl":"https:\/\/spaziospadoni.org\/wp-content\/uploads\/2026\/05\/hicsum_5_nigeria-spaziospadoni-scaled.png","datePublished":"2026-05-18T12:59:43+00:00","dateModified":"2026-08-17T11:18:55+00:00","description":"Omagba Onitsha | Omagba Onitsha (Nig\u00e9ria) OPERA M3 MISSION Lieu Omagba Onitsha Dioc\u00e8se Omagba Onitsha Nation Nig\u00e9ria Continent Afrique Coordonn\u00e9es GPS","breadcrumb":{"@id":"https:\/\/spaziospadoni.org\/fr\/opera-m\/nigeria-afrique-progetto-m3\/#breadcrumb"},"inLanguage":"fr-FR","potentialAction":[{"@type":"ReadAction","target":["https:\/\/spaziospadoni.org\/fr\/opera-m\/nigeria-afrique-progetto-m3\/"]}]},{"@type":"ImageObject","inLanguage":"fr-FR","@id":"https:\/\/spaziospadoni.org\/fr\/opera-m\/nigeria-afrique-progetto-m3\/#primaryimage","url":"https:\/\/spaziospadoni.org\/wp-content\/uploads\/2026\/05\/hicsum_5_nigeria-spaziospadoni-scaled.png","contentUrl":"https:\/\/spaziospadoni.org\/wp-content\/uploads\/2026\/05\/hicsum_5_nigeria-spaziospadoni-scaled.png"},{"@type":"BreadcrumbList","@id":"https:\/\/spaziospadoni.org\/fr\/opera-m\/nigeria-afrique-progetto-m3\/#breadcrumb","itemListElement":[{"@type":"ListItem","position":1,"name":"Home","item":"https:\/\/spaziospadoni.org\/fr\/"},{"@type":"ListItem","position":2,"name":"Opera M","item":"https:\/\/spaziospadoni.org\/fr\/opera-m\/"},{"@type":"ListItem","position":3,"name":"Nig\u00e9ria &#8211; Afrique | Projet M3"}]},{"@type":"WebSite","@id":"https:\/\/spaziospadoni.org\/fr\/#website","url":"https:\/\/spaziospadoni.org\/fr\/","name":"spazio + spadoni","description":"Generazione di misericordia e missione nel mondo","publisher":{"@id":"https:\/\/spaziospadoni.org\/fr\/#organization"},"alternateName":"spaziospadoni.org","potentialAction":[{"@type":"SearchAction","target":{"@type":"EntryPoint","urlTemplate":"https:\/\/spaziospadoni.org\/fr\/?s={search_term_string}"},"query-input":{"@type":"PropertyValueSpecification","valueRequired":true,"valueName":"search_term_string"}}],"inLanguage":"fr-FR"},{"@type":"Organization","@id":"https:\/\/spaziospadoni.org\/fr\/#organization","name":"spazio + spadoni","alternateName":"spaziospadoni.org","url":"https:\/\/spaziospadoni.org\/fr\/","logo":{"@type":"ImageObject","inLanguage":"fr-FR","@id":"https:\/\/spaziospadoni.org\/fr\/#\/schema\/logo\/image\/","url":"https:\/\/spaziospadoni.org\/wp-content\/uploads\/2026\/05\/spazio-spadoni-logo-100x100-1.webp","contentUrl":"https:\/\/spaziospadoni.org\/wp-content\/uploads\/2026\/05\/spazio-spadoni-logo-100x100-1.webp","width":100,"height":100,"caption":"spazio + spadoni"},"image":{"@id":"https:\/\/spaziospadoni.org\/fr\/#\/schema\/logo\/image\/"},"sameAs":["https:\/\/www.facebook.com\/SpazioSpadoni\/","https:\/\/www.instagram.com\/spaziospadoni\/","https:\/\/www.youtube.com\/@spaziospadoni\/playlists"]}]}},"_links":{"self":[{"href":"https:\/\/spaziospadoni.org\/fr\/wp-json\/wp\/v2\/pages\/59086","targetHints":{"allow":["GET"]}}],"collection":[{"href":"https:\/\/spaziospadoni.org\/fr\/wp-json\/wp\/v2\/pages"}],"about":[{"href":"https:\/\/spaziospadoni.org\/fr\/wp-json\/wp\/v2\/types\/page"}],"author":[{"embeddable":true,"href":"https:\/\/spaziospadoni.org\/fr\/wp-json\/wp\/v2\/users\/102"}],"replies":[{"embeddable":true,"href":"https:\/\/spaziospadoni.org\/fr\/wp-json\/wp\/v2\/comments?post=59086"}],"version-history":[{"count":4,"href":"https:\/\/spaziospadoni.org\/fr\/wp-json\/wp\/v2\/pages\/59086\/revisions"}],"predecessor-version":[{"id":90301,"href":"https:\/\/spaziospadoni.org\/fr\/wp-json\/wp\/v2\/pages\/59086\/revisions\/90301"}],"up":[{"embeddable":true,"href":"https:\/\/spaziospadoni.org\/fr\/wp-json\/wp\/v2\/pages\/89581"}],"wp:attachment":[{"href":"https:\/\/spaziospadoni.org\/fr\/wp-json\/wp\/v2\/media?parent=59086"}],"curies":[{"name":"wp","href":"https:\/\/api.w.org\/{rel}","templated":true}]}}