{"id":59163,"date":"2026-05-18T14:04:05","date_gmt":"2026-05-18T13:04:05","guid":{"rendered":"https:\/\/spaziospadoni.org\/oeuvres-de-misericorde\/republique-centrafricaine-afrique-projet-m33\/"},"modified":"2026-08-17T12:20:18","modified_gmt":"2026-08-17T11:20:18","slug":"republique-centrafricaine-afrique-projet-m33","status":"publish","type":"page","link":"https:\/\/spaziospadoni.org\/fr\/opera-m\/republique-centrafricaine-afrique-projet-m33\/","title":{"rendered":"R\u00e9publique centrafricaine &#8211; Afrique | Projet M33"},"content":{"rendered":"\n<div class=\"ss-project-hero-card\">\n<h2 id=\"bouca-bonsangoa-republique-centrafricaine\" class=\"gb-text gb-text-62a95885\">Bouca | Bonsangoa (R\u00e9publique centrafricaine)<\/h2>\n\n\n\n<div class=\"gb-element-f60f2409\">\n<div class=\"gb-element-90a85740 ss-project-sidebar\">\n<h2 id=\"opera-m33\" class=\"gb-text ss-project-title\">OPERA M33<\/h2>\n\n\n\n<figure class=\"wp-block-image size-large\"><img decoding=\"async\" src=\"https:\/\/spaziospadoni.org\/wp-content\/uploads\/2026\/05\/hicsum_10_burundi-spaziospadoni-scaled.png\" alt=\"hicsum 10 burundi spaziospadoni 400x277\" class=\"wp-image-43007\"\/><\/figure>\n\n\n\n<div class=\"ss-project-table\">\n<div class=\"ss-table-section-title\">\n<h3 id=\"mission\" class=\"gb-text\">MISSION<\/h3>\n<\/div>\n\n\n\n<div class=\"ss-table-row\">\n<p class=\"gb-text\">Lieu<\/p>\n\n\n\n<p class=\"gb-text\"><a href=\"https:\/\/www.google.com\/maps\/place\/Bouca,+Repubblica+Centrafricana\/@6.5073925,18.2570239,15z\/data=!3m1!4b1!4m6!3m5!1s0x10c46e6380d8e7af:0x26630e9ec4285599!8m2!3d6.5060695!4d18.2763069!16zL20vMDl2YnFq?entry=ttu&#038;g_ep=EgoyMDI2MDEyMC4wIKXMDSoASAFQAw%3D%3D\" rel=\"noreferrer noopener\" target=\"_blank\" title=\"Bouca\">Bouca<\/a><\/p>\n<\/div>\n\n\n\n<div class=\"ss-table-row\">\n<p class=\"gb-text\">Dioc\u00e8se<\/p>\n\n\n\n<p class=\"gb-text\">Bonsangoa<\/p>\n<\/div>\n\n\n\n<div class=\"ss-table-row\">\n<p class=\"gb-text\">Nation<\/p>\n\n\n\n<p class=\"gb-text\"><strong>R\u00e9publique centrafricaine<\/strong><\/p>\n<\/div>\n\n\n\n<div class=\"ss-table-row\">\n<p class=\"gb-text\">Continent<\/p>\n\n\n\n<p class=\"gb-text\">Afrique<\/p>\n<\/div>\n\n\n\n<div class=\"ss-table-row\">\n<p class=\"gb-text\">Coordonn\u00e9es GPS<\/p>\n\n\n\n<p class=\"gb-text\">6.60507 18.27627<\/p>\n<\/div>\n\n\n\n<div class=\"ss-table-row\">\n<p class=\"gb-text\">Fuseau horaire<\/p>\n\n\n\n<p class=\"gb-text\">UTC+1<\/p>\n<\/div>\n<\/div>\n\n\n\n<div class=\"ss-project-table\">\n<div class=\"ss-table-section-title\">\n<h3 id=\"organisateur\" class=\"gb-text\">ORGANISATEUR<\/h3>\n<\/div>\n\n\n\n<div class=\"ss-table-row\">\n<p class=\"gb-text\">Congr\u00e9gation<\/p>\n\n\n\n<p class=\"gb-text\">Filles de Marie Missionnaires<\/p>\n<\/div>\n\n\n\n<div class=\"ss-table-row\">\n<p class=\"gb-text\">Maison M\u00e8re<\/p>\n\n\n\n<p class=\"gb-text\">Pigna<\/p>\n<\/div>\n\n\n\n<div class=\"ss-table-row\">\n<p class=\"gb-text\">Dioc\u00e8se<\/p>\n\n\n\n<p class=\"gb-text\">Ventimiglia<\/p>\n<\/div>\n\n\n\n<div class=\"ss-table-row\">\n<p class=\"gb-text\">Nation<\/p>\n\n\n\n<p class=\"gb-text\">Italie<\/p>\n<\/div>\n\n\n\n<div class=\"ss-table-row\">\n<p class=\"gb-text\">Continent<\/p>\n\n\n\n<p class=\"gb-text\">Europe<\/p>\n<\/div>\n\n\n\n<div class=\"ss-table-row\">\n<p class=\"gb-text\">F\u00eate de la Congr\u00e9gation<\/p>\n\n\n\n<p class=\"gb-text\">C\u0153ur Immacul\u00e9 de Marie<\/p>\n<\/div>\n\n\n\n<div class=\"ss-table-row\">\n<p class=\"gb-text\">Coordonn\u00e9es GPS<\/p>\n\n\n\n<p class=\"gb-text\">-2.90648 29.82039<\/p>\n<\/div>\n\n\n\n<div class=\"ss-table-row\">\n<p class=\"gb-text\">Fuseau horaire<\/p>\n\n\n\n<p class=\"gb-text\">UTC+2<\/p>\n<\/div>\n\n\n\n<div class=\"ss-table-row\">\n<p class=\"gb-text\">R\u00e9f\u00e9rent<\/p>\n\n\n\n<p class=\"gb-text\">S\u0153ur Myriam Bengba<\/p>\n<\/div>\n\n\n\n<div class=\"ss-table-row\">\n<p class=\"gb-text\">M\u00e8re G\u00e9n\u00e9rale<\/p>\n\n\n\n<p class=\"gb-text\">Neusa da Concei\u00e7\u00e3o Vale<\/p>\n<\/div>\n\n\n\n<div class=\"ss-table-row\">\n<p class=\"gb-text\">Site Internet<\/p>\n\n\n\n<p class=\"gb-text\"><a href=\"https:\/\/www.suoresantagemma.it\/\" target=\"_blank\" rel=\"noreferrer noopener\" title=\"suoresantagemma.it\">suoresantagemma.it<\/a><\/p>\n<\/div>\n<\/div>\n\n\n\n<div class=\"ss-project-table\">\n<a class=\"gb-element-e1766596 ss-table-section-button\" href=\"#\" title=\"OPERA M &#8211; PROJET M33\">\n<span class=\"gb-text\">OPERA M &#8211; PROJET M33<\/span>\n<\/a>\n<\/div>\n<\/div>\n<\/div>\n\n\n\n<div class=\"gb-element-6ad95ea8\">\n<div class=\"gb-element-e34063a6 ss-project-intro\">\n<p class=\"wp-block-paragraph\">OPERA M est la r\u00e9volution des \u0153uvres de mis\u00e9ricorde. C&rsquo;est l&rsquo;instrument permanent de d\u00e9veloppement d&rsquo;une pens\u00e9e forte et renouvel\u00e9e des \u0153uvres dans le monde. <\/p>\n\n\n\n<p class=\"wp-block-paragraph\">Il na\u00eet d&rsquo;une urgence fortement ressentie par spazio + spadoni de faire r\u00e9<strong>\u00c9<\/strong>voluer le concept d&rsquo;\u0153uvre de mis\u00e9ricorde comme un chemin qui est toujours \u00e0 la fois humain et divin, et donc, toujours spirituel en plus d&rsquo;\u00eatre pratique (ou corporel). La red\u00e9couverte, voire la v\u00e9ritable r\u00e9<strong>\u00c9<\/strong>volution des \u0153uvres doit \u00eatre retrouv\u00e9e au sein de cette synth\u00e8se entre aspect spirituel et acte pratique. L&rsquo;agir mat\u00e9riel doit toujours \u00eatre impr\u00e9gn\u00e9 de l&rsquo;esprit.  <\/p>\n\n\n\n<p class=\"wp-block-paragraph\">OPERA M se fonde sur cinq actions qui en d\u00e9finissent la m\u00e9thode : INVOQUE, appelle l&rsquo;Esprit \u00c9COUTE, fais silence pour t&rsquo;ouvrir \u00e0 l&rsquo;\u00e9coute RENCONTRE, sois au milieu des gens AGISSONS, agir pour les \u0153uvres INONDONS, portons tout le monde aux \u0153uvres de mis\u00e9ricorde <strong>\u0152uvres de mis\u00e9ricorde spirituelles<\/strong> Conseiller ceux qui doutent Enseigner les ignorants Avertir les p\u00e9cheurs Consoler les afflig\u00e9s Pardonner les offenses Supporter patiemment les personnes importunes Prier Dieu pour les vivants et pour les morts <strong>\u0152uvres de mis\u00e9ricorde corporelles<\/strong> Donner \u00e0 manger aux affam\u00e9s Donner \u00e0 boire aux assoiff\u00e9s V\u00eatir les nus Loger les p\u00e8lerins Visiter les malades Visiter les prisonniers Ensevelir les morts<\/p>\n\n<\/div>\n<\/div>\n\n\n\n\n<div>\n\n<h2 id=\"chronologie\" class=\"gb-text gb-text-8179e40a\">Chronologie<\/h2>\n\n\n\n\n\n<div class=\"ss-timeline\">\n\n<h3 id=\"2020\" class=\"gb-text\">2020<\/h3>\n\n\n\n\n\n<div class=\"ss-timeline-item\">\n\n<h4 id=\"octobre-debut-de-la-collaboration\" class=\"gb-text\">Octobre | D\u00e9but de la collaboration<\/h4>\n\n\n\n\n<p class=\"wp-block-paragraph\">Les s\u0153urs Filles de Marie Missionnaires et le mouvement spazio + spadoni commencent \u00e0 collaborer et \u00e0 concevoir des projets ensemble<\/p>\n\n\n<\/div>\n\n\n<\/div>\n\n\n\n\n<div class=\"ss-timeline\">\n\n<h3 id=\"2022\" class=\"gb-text\">2022<\/h3>\n\n\n\n\n\n<div class=\"ss-timeline-item\">\n\n<h4 id=\"21-novembre-16-decembre-formation-oeuvres-de-misericorde\" class=\"gb-text\">21 novembre &#8211; 16 d\u00e9cembre | Formation \u0153uvres de mis\u00e9ricorde<\/h4>\n\n\n\n\n<p class=\"wp-block-paragraph\">S\u0153ur Myriam, avec 3 autres s\u0153urs de la Congr\u00e9gation, participe au cours de formation sur les \u0153uvres de mis\u00e9ricorde et l&rsquo;\u00e9conomie de communion promu et soutenu par spazio + spadoni \u00e0 Loppiano (FI)<\/p>\n\n\n\n<figure class=\"wp-block-gallery has-nested-images columns-1 is-cropped ss-lightbox wp-block-gallery-1 is-layout-flex wp-block-gallery-is-layout-flex\">\n\n<figure class=\"wp-block-image size-large\"><img decoding=\"async\" src=\"https:\/\/spaziospadoni.org\/wp-content\/uploads\/2026\/05\/Loppiano-2022.jpeg\" alt=\"Loppiano 2022\"\/><figcaption class=\"wp-element-caption\">21 novembre &#8211; 16 d\u00e9cembre | Formation \u0153uvres de mis\u00e9ricorde<\/figcaption><\/figure>\n\n\n<figure class=\"wp-block-image size-large\"><img decoding=\"async\" src=\"https:\/\/spaziospadoni.org\/wp-content\/uploads\/2026\/05\/WhatsApp-Image-2022-12-17-at-06.31.05-1.jpeg\" alt=\"WhatsApp Image 2022 12 17 at 06.31.05 1\"\/><figcaption class=\"wp-element-caption\">21 novembre &#8211; 16 d\u00e9cembre | Formation \u0153uvres de mis\u00e9ricorde<\/figcaption><\/figure>\n\n<\/figure>\n\n\n<\/div>\n\n\n<\/div>\n\n\n\n\n<div class=\"ss-timeline\">\n\n<h3 id=\"2023\" class=\"gb-text\">2023<\/h3>\n\n\n\n\n\n<div class=\"ss-timeline-item\">\n\n<h4 id=\"10-juillet-rencontre-spazio-spadoni\" class=\"gb-text\">10 juillet | Rencontre spazio + spadoni<\/h4>\n\n\n\n\n<p class=\"wp-block-paragraph\">S\u0153ur Gloriose rend visite \u00e0 s\u0153ur Myriam et s\u0153ur Maradone \u00e0 la Maison g\u00e9n\u00e9rale de Rome pour \u00e9changer sur le d\u00e9veloppement des \u0153uvres de mis\u00e9ricorde<\/p>\n\n\n\n<figure class=\"wp-block-gallery has-nested-images columns-1 is-cropped ss-lightbox wp-block-gallery-2 is-layout-flex wp-block-gallery-is-layout-flex\">\n\n<figure class=\"wp-block-image size-large\"><img decoding=\"async\" src=\"https:\/\/spaziospadoni.org\/wp-content\/uploads\/2026\/05\/2023_luglio_17_incontro_suor_myrima_gloriose_maradone_roma_formazione_opere_misericordia_spazio_spadoni.jpeg\" alt=\"2023 juillet 17 rencontre s&#x153;ur myriam gloriose maradone rome formation &#x153;uvres de mis&#xE9;ricorde spazio + spadoni\"\/><figcaption class=\"wp-element-caption\">10 juillet | Rencontre spazio + spadoni<\/figcaption><\/figure>\n\n<\/figure>\n\n\n<\/div>\n\n\n<\/div>\n\n\n\n\n<div class=\"ss-timeline\">\n\n<h3 id=\"2024\" class=\"gb-text\">2024<\/h3>\n\n\n\n\n\n<div class=\"ss-timeline-item\">\n\n<h4 id=\"21-octobre-25e-anniversaire-de-profession-religieuse\" class=\"gb-text\">21 octobre | 25e anniversaire de profession religieuse<\/h4>\n\n\n\n\n<p class=\"wp-block-paragraph\">S\u0153ur Myriam c\u00e9l\u00e8bre son 25e anniversaire de profession religieuse<\/p>\n\n\n\n<figure class=\"wp-block-gallery has-nested-images columns-1 is-cropped ss-lightbox wp-block-gallery-3 is-layout-flex wp-block-gallery-is-layout-flex\">\n\n<figure class=\"wp-block-image size-large\"><img decoding=\"async\" src=\"https:\/\/spaziospadoni.org\/wp-content\/uploads\/2026\/05\/2024_ottobre_25_anni_professione_religiosa_suor_myriam_centrafrica_figlie_maria_missionarie_spazio_spadoni-4.jpg\" alt=\"2024 octobre 25 ans profession religieuse s&#x153;ur myriam centrafrique filles de marie missionnaires spazio + spadoni 4\"\/><figcaption class=\"wp-element-caption\">21 octobre | 25e anniversaire de profession religieuse<\/figcaption><\/figure>\n\n<\/figure>\n\n\n<\/div>\n\n\n<\/div>\n\n\n\n\n<div class=\"ss-timeline\">\n\n<h3 id=\"2025\" class=\"gb-text\">2025<\/h3>\n\n\n\n\n\n<div class=\"ss-timeline-item\">\n\n<h4 id=\"10-juillet-rencontre-spazio-spadoni\" class=\"gb-text\">10 juillet | Rencontre spazio + spadoni<\/h4>\n\n\n\n\n<p class=\"wp-block-paragraph\">S\u0153ur Gloriose rend visite \u00e0 s\u0153ur Myriam qui se trouve pour une p\u00e9riode \u00e0 la Maison g\u00e9n\u00e9rale de Rome et \u00e9change avec elle sur le d\u00e9veloppement des \u0153uvres de mis\u00e9ricorde \u00e0 Bouca<\/p>\n\n\n\n<figure class=\"wp-block-gallery has-nested-images columns-1 is-cropped ss-lightbox wp-block-gallery-4 is-layout-flex wp-block-gallery-is-layout-flex\">\n\n<figure class=\"wp-block-image size-large\"><img decoding=\"async\" src=\"https:\/\/spaziospadoni.org\/wp-content\/uploads\/2026\/05\/202_ottobre_11_suor_myriam_lucie_gloriose-roma_spazio_spadoni_centrafrica_foulard_opere_misericordia-4.jpeg\" alt=\"202 octobre 11 s&#x153;ur myriam lucie gloriose rome spazio + spadoni centrafrique foulard &#x153;uvres de mis&#xE9;ricorde 4\"\/><figcaption class=\"wp-element-caption\">10 juillet | Rencontre spazio + spadoni<\/figcaption><\/figure>\n\n<\/figure>\n\n\n<\/div>\n\n\n\n\n<div class=\"ss-timeline-item\">\n\n<h4 id=\"1-novembre-envoi-du-projet\" class=\"gb-text\">1 novembre | Envoi du projet<\/h4>\n\n\n\n\n<p class=\"wp-block-paragraph\">S\u0153ur Myriam envoie un projet pour le d\u00e9veloppement d&rsquo;une entreprise sociale<\/p>\n\n\n<\/div>\n\n\n<\/div>\n\n\n\n\n<div class=\"ss-timeline\">\n\n<h3 id=\"2026\" class=\"gb-text\">2026<\/h3>\n\n\n\n\n\n<div class=\"ss-timeline-item\">\n\n<h4 id=\"05-fevrier-premier-virement-effectue\" class=\"gb-text\">05 f\u00e9vrier | Premier virement effectu\u00e9<\/h4>\n\n\n\n\n<p class=\"wp-block-paragraph\">Le virement est destin\u00e9 \u00e0 activer le projet agricole propos\u00e9<\/p>\n\n\n<\/div>\n\n\n\n\n<div class=\"ss-timeline-item\">\n\n<h4 id=\"01-avril-les-habitants-de-spazio-spadoni\" class=\"gb-text\">01 avril | Les habitants de spazio + spadoni<\/h4>\n\n\n\n\n<p class=\"wp-block-paragraph\">S\u0153ur Myriam a r\u00e9alis\u00e9 la plaque OPERA M qu&rsquo;elle a suspendue \u00e0 l&rsquo;ext\u00e9rieur de la communaut\u00e9. De plus, elle a fait r\u00e9aliser les foulards qu&rsquo;elle a distribu\u00e9s aux habitants de spazio + spadoni. Leur engagement \u00e0 diffuser les \u0153uvres de mis\u00e9ricorde s&rsquo;\u00e9tend \u00e9galement aux \u00e9coles locales.  <\/p>\n\n\n\n<figure class=\"wp-block-gallery has-nested-images columns-1 is-cropped ss-lightbox wp-block-gallery-5 is-layout-flex wp-block-gallery-is-layout-flex\">\n\n<figure class=\"wp-block-image size-large\"><img decoding=\"async\" src=\"https:\/\/spaziospadoni.org\/wp-content\/uploads\/2026\/05\/2026_aprile_1_targa_foulard_abitanti_spazio_spadoni_suor_myriam_centrafrica_boucha_opere_misericordia_operam-9.jpeg\" alt=\"2026 avril 1 plaque foulard habitants spazio + spadoni s&#x153;ur myriam centrafrique bouca &#x153;uvres de mis&#xE9;ricorde operam 9\"\/><figcaption class=\"wp-element-caption\">01 avril | Les habitants de spazio + spadoni<\/figcaption><\/figure>\n\n<\/figure>\n\n\n<\/div>\n\n\n\n\n<div class=\"ss-timeline-item\">\n\n<h4 id=\"25-avril-catechese-oeuvres-de-misericorde\" class=\"gb-text\">25 avril | Cat\u00e9ch\u00e8se \u0153uvres de mis\u00e9ricorde<\/h4>\n\n\n\n\n<p class=\"wp-block-paragraph\">Samedi 25 avril, s\u0153ur Myriam a rencontr\u00e9 \u00e0 Bouca les jeunes filles qui r\u00e9fl\u00e9chissent \u00e0 leur vocation et leur a donn\u00e9 une cat\u00e9ch\u00e8se sur les \u0153uvres de mis\u00e9ricorde et sur le message du Pape L\u00e9on \u00e0 l&rsquo;occasion de la Journ\u00e9e mondiale de pri\u00e8re pour les vocations c\u00e9l\u00e9br\u00e9e ensemble le dimanche 26 avril.<\/p>\n\n\n\n<figure class=\"wp-block-gallery has-nested-images columns-1 is-cropped ss-lightbox wp-block-gallery-6 is-layout-flex wp-block-gallery-is-layout-flex\">\n\n<figure class=\"wp-block-image size-large\"><img decoding=\"async\" src=\"https:\/\/spaziospadoni.org\/wp-content\/uploads\/2026\/05\/2026_aprile_26_giornata_vocazionale_bouca_centrafrica_suor_myriam_opere_misericordia_spazio_spadoni-1.jpeg\" alt=\"2026 avril 26 journ&#xE9;e vocationnelle bouca centrafrique s&#x153;ur myriam &#x153;uvres de mis&#xE9;ricorde spazio + spadoni 1\"\/><figcaption class=\"wp-element-caption\">25 avril | Cat\u00e9ch\u00e8se \u0153uvres de mis\u00e9ricorde<\/figcaption><\/figure>\n\n<\/figure>\n\n\n<\/div>\n\n\n<\/div>\n\n\n<\/div>\n\n\n\n<div class=\"ss-project-reports\">\n<h2 id=\"rapport-des-oeuvres-de-misericorde\" class=\"gb-text gb-text-75c3218d\">Rapport des \u0152uvres de Mis\u00e9ricorde<\/h2>\n\n\n<ul class=\"wp-block-list ss-report-list\">\n\n<li><a href=\"https:\/\/spaziospadoni.org\/wp-content\/uploads\/2026\/05\/Progetto-suor-Myriam-1-novembre-2025.pdf\" target=\"_blank\" rel=\"noreferrer noopener\" title=\"Projet s\u0153ur Myriam 1er novembre 2025\">Projet s\u0153ur Myriam 1er novembre 2025<\/a><\/li>\n\n<\/ul>\n\n<\/div>\n\n\n\n<div class=\"ss-project-media\">\n<h2 id=\"photos-et-videos\" class=\"gb-text gb-text-d7bd8be8\">Photos et vid\u00e9os<\/h2>\n\n\n<div class=\"ss-media-filters\">\n\n<a class=\"gb-text ss-media-filter active\" data-filter=\"*\" title=\"Tout\">Tout<\/a>\n\n\n<a class=\"gb-text ss-media-filter\" data-filter=\".formazione\" title=\"Formation\">Formation<\/a>\n\n\n<a class=\"gb-text ss-media-filter\" data-filter=\".repubblica-centrafricana\" title=\"R\u00e9publique centrafricaine\">R\u00e9publique centrafricaine<\/a>\n\n\n<a class=\"gb-text ss-media-filter\" data-filter=\".video\" title=\"Vid\u00e9o\">Vid\u00e9o<\/a>\n\n<\/div>\n\n\n<div class=\"ss-media-grid\">\n<div>\n<figure class=\"wp-block-gallery has-nested-images columns-1 is-cropped ss-lightbox wp-block-gallery-7 is-layout-flex wp-block-gallery-is-layout-flex\">\n\n<figure class=\"wp-block-image size-large formazione\"><img decoding=\"async\" alt=\"WhatsApp Image 2022 12 17 at 06.31.05 1\" src=\"https:\/\/spaziospadoni.org\/wp-content\/uploads\/2026\/05\/WhatsApp-Image-2022-12-17-at-06.31.05-1.jpeg\"\/><\/figure>\n\n\n<figure class=\"wp-block-image size-large formazione\"><img decoding=\"async\" alt=\"Loppiano 2022\" src=\"https:\/\/spaziospadoni.org\/wp-content\/uploads\/2026\/05\/Loppiano-2022.jpeg\"\/><\/figure>\n\n\n<figure class=\"wp-block-image size-large formazione\"><img decoding=\"async\" alt=\"2022 d&#xE9;cembre hicsum 39 fossato vico misericordia spazio + spadoni s&#x153;ur zitha bene mariya loppiano formation 6\" src=\"https:\/\/spaziospadoni.org\/wp-content\/uploads\/2026\/05\/2022_dicembre_hicsum_39_fossato_vico_misericordia_spazio_spadoni_sr_zitha_bene_mariya_loppiano_formazione-6.jpg\"\/><\/figure>\n\n\n<figure class=\"wp-block-image size-large formazione\"><img decoding=\"async\" alt=\"Formation OPERA M &#xE0; Loppiano novembre d&#xE9;cembre 2022 4\" src=\"https:\/\/spaziospadoni.org\/wp-content\/uploads\/2026\/05\/Formazione-OPERA-M-a-Loppiano-novembre-dicembre-2022-4.jpg\"\/><\/figure>\n\n\n<figure class=\"wp-block-image size-large formazione\"><img decoding=\"async\" alt=\"8\" src=\"https:\/\/spaziospadoni.org\/wp-content\/uploads\/2026\/05\/8.jpeg\"\/><\/figure>\n\n\n<figure class=\"wp-block-image size-large formazione\"><img decoding=\"async\" alt=\"WhatsApp Image 2022 12 16 at 18.00.38 1\" src=\"https:\/\/spaziospadoni.org\/wp-content\/uploads\/2026\/05\/WhatsApp-Image-2022-12-16-at-18.00.38-1.jpeg\"\/><\/figure>\n\n\n<figure class=\"wp-block-image size-large formazione\"><img decoding=\"async\" alt=\"WhatsApp Image 2022 12 09 at 12.24.30\" src=\"https:\/\/spaziospadoni.org\/wp-content\/uploads\/2026\/05\/WhatsApp-Image-2022-12-09-at-12.24.30.jpeg\"\/><\/figure>\n\n\n<figure class=\"wp-block-image size-large formazione\"><img decoding=\"async\" alt=\"2023 juillet 17 rencontre s&#x153;ur myriam gloriose maradone rome formation &#x153;uvres de mis&#xE9;ricorde spazio + spadoni\" src=\"https:\/\/spaziospadoni.org\/wp-content\/uploads\/2026\/05\/2023_luglio_17_incontro_suor_myrima_gloriose_maradone_roma_formazione_opere_misericordia_spazio_spadoni.jpeg\"\/><\/figure>\n\n\n<figure class=\"wp-block-image size-large repubblica-centrafricana\"><img decoding=\"async\" alt=\"2024 octobre 25 ans profession religieuse s&#x153;ur myriam centrafrique filles de marie missionnaires spazio + spadoni 2\" src=\"https:\/\/spaziospadoni.org\/wp-content\/uploads\/2026\/05\/2024_ottobre_25_anni_professione_religiosa_suor_myriam_centrafrica_figlie_maria_missionarie_spazio_spadoni-2.jpg\"\/><\/figure>\n\n\n<figure class=\"wp-block-image size-large repubblica-centrafricana\"><img decoding=\"async\" alt=\"2024 octobre 25 ans profession religieuse s&#x153;ur myriam centrafrique filles de marie missionnaires spazio + spadoni 3\" src=\"https:\/\/spaziospadoni.org\/wp-content\/uploads\/2026\/05\/2024_ottobre_25_anni_professione_religiosa_suor_myriam_centrafrica_figlie_maria_missionarie_spazio_spadoni-3.jpg\"\/><\/figure>\n\n\n<figure class=\"wp-block-image size-large repubblica-centrafricana\"><img decoding=\"async\" alt=\"2024 octobre 25 ans profession religieuse s&#x153;ur myriam centrafrique filles de marie missionnaires spazio + spadoni 4\" src=\"https:\/\/spaziospadoni.org\/wp-content\/uploads\/2026\/05\/2024_ottobre_25_anni_professione_religiosa_suor_myriam_centrafrica_figlie_maria_missionarie_spazio_spadoni-4.jpg\"\/><\/figure>\n\n\n<figure class=\"wp-block-image size-large repubblica-centrafricana\"><img decoding=\"async\" alt=\"2024 octobre 25 ans profession religieuse s&#x153;ur myriam centrafrique filles de marie missionnaires spazio + spadoni 1\" src=\"https:\/\/spaziospadoni.org\/wp-content\/uploads\/2026\/05\/2024_ottobre_25_anni_professione_religiosa_suor_myriam_centrafrica_figlie_maria_missionarie_spazio_spadoni-1.jpg\"\/><\/figure>\n\n\n<figure class=\"wp-block-image size-large repubblica-centrafricana\"><img decoding=\"async\" alt=\"2025 juin 6 r&#xE9;colte b&#xE9;n&#xE9;voles arachides s&#x153;ur myriam spazio + spadoni centrafrique 1\" src=\"https:\/\/spaziospadoni.org\/wp-content\/uploads\/2026\/05\/2025_giugno_6_raccolta_volontari_arachidi_suor_myriam_spazio_spadoni_centrafrica-1.jpg\"\/><\/figure>\n\n\n<figure class=\"wp-block-image size-large repubblica-centrafricana\"><img decoding=\"async\" alt=\"2025 juin 6 r&#xE9;colte b&#xE9;n&#xE9;voles arachides s&#x153;ur myriam spazio + spadoni centrafrique 2\" src=\"https:\/\/spaziospadoni.org\/wp-content\/uploads\/2026\/05\/2025_giugno_6_raccolta_volontari_arachidi_suor_myriam_spazio_spadoni_centrafrica-2.jpg\"\/><\/figure>\n\n\n<figure class=\"wp-block-image size-large repubblica-centrafricana\"><img decoding=\"async\" alt=\"2025 juin 6 r&#xE9;colte b&#xE9;n&#xE9;voles arachides s&#x153;ur myriam spazio + spadoni centrafrique 3\" src=\"https:\/\/spaziospadoni.org\/wp-content\/uploads\/2026\/05\/2025_giugno_6_raccolta_volontari_arachidi_suor_myriam_spazio_spadoni_centrafrica-3.jpg\"\/><\/figure>\n\n\n<figure class=\"wp-block-image size-large repubblica-centrafricana\"><img decoding=\"async\" alt=\"2025 juin 6 r&#xE9;colte b&#xE9;n&#xE9;voles arachides s&#x153;ur myriam spazio + spadoni centrafrique 11\" src=\"https:\/\/spaziospadoni.org\/wp-content\/uploads\/2026\/05\/2025_giugno_6_raccolta_volontari_arachidi_suor_myriam_spazio_spadoni_centrafrica-11.jpg\"\/><\/figure>\n\n\n<figure class=\"wp-block-image size-large repubblica-centrafricana\"><img decoding=\"async\" alt=\"2025 juin 6 r&#xE9;colte b&#xE9;n&#xE9;voles arachides s&#x153;ur myriam spazio + spadoni centrafrique 4\" src=\"https:\/\/spaziospadoni.org\/wp-content\/uploads\/2026\/05\/2025_giugno_6_raccolta_volontari_arachidi_suor_myriam_spazio_spadoni_centrafrica-4.jpg\"\/><\/figure>\n\n\n<figure class=\"wp-block-image size-large repubblica-centrafricana\"><img decoding=\"async\" alt=\"2025 juin 6 r&#xE9;colte b&#xE9;n&#xE9;voles arachides s&#x153;ur myriam spazio + spadoni centrafrique 5\" src=\"https:\/\/spaziospadoni.org\/wp-content\/uploads\/2026\/05\/2025_giugno_6_raccolta_volontari_arachidi_suor_myriam_spazio_spadoni_centrafrica-5.jpg\"\/><\/figure>\n\n\n<figure class=\"wp-block-image size-large repubblica-centrafricana\"><img decoding=\"async\" alt=\"2025 juin 6 r&#xE9;colte b&#xE9;n&#xE9;voles arachides s&#x153;ur myriam spazio + spadoni centrafrique 6\" src=\"https:\/\/spaziospadoni.org\/wp-content\/uploads\/2026\/05\/2025_giugno_6_raccolta_volontari_arachidi_suor_myriam_spazio_spadoni_centrafrica-6.jpg\"\/><\/figure>\n\n\n<figure class=\"wp-block-image size-large repubblica-centrafricana\"><img decoding=\"async\" alt=\"2025 juin 6 r&#xE9;colte b&#xE9;n&#xE9;voles arachides s&#x153;ur myriam spazio + spadoni centrafrique 7\" src=\"https:\/\/spaziospadoni.org\/wp-content\/uploads\/2026\/05\/2025_giugno_6_raccolta_volontari_arachidi_suor_myriam_spazio_spadoni_centrafrica-7.jpg\"\/><\/figure>\n\n\n<figure class=\"wp-block-image size-large repubblica-centrafricana\"><img decoding=\"async\" alt=\"2025 juin 6 r&#xE9;colte b&#xE9;n&#xE9;voles arachides s&#x153;ur myriam spazio + spadoni centrafrique 8\" src=\"https:\/\/spaziospadoni.org\/wp-content\/uploads\/2026\/05\/2025_giugno_6_raccolta_volontari_arachidi_suor_myriam_spazio_spadoni_centrafrica-8.jpg\"\/><\/figure>\n\n\n<figure class=\"wp-block-image size-large repubblica-centrafricana\"><img decoding=\"async\" alt=\"2025 juin 6 r&#xE9;colte b&#xE9;n&#xE9;voles arachides s&#x153;ur myriam spazio + spadoni centrafrique 9\" src=\"https:\/\/spaziospadoni.org\/wp-content\/uploads\/2026\/05\/2025_giugno_6_raccolta_volontari_arachidi_suor_myriam_spazio_spadoni_centrafrica-9.jpg\"\/><\/figure>\n\n\n<figure class=\"wp-block-image size-large repubblica-centrafricana\"><img decoding=\"async\" alt=\"2025 juin 6 r&#xE9;colte b&#xE9;n&#xE9;voles arachides s&#x153;ur myriam spazio + spadoni centrafrique 10\" src=\"https:\/\/spaziospadoni.org\/wp-content\/uploads\/2026\/05\/2025_giugno_6_raccolta_volontari_arachidi_suor_myriam_spazio_spadoni_centrafrica-10.jpg\"\/><\/figure>\n\n\n<figure class=\"wp-block-image size-large formazione\"><img decoding=\"async\" alt=\"202 octobre 11 s&#x153;ur myriam lucie gloriose rome spazio + spadoni centrafrique foulard &#x153;uvres de mis&#xE9;ricorde 2\" src=\"https:\/\/spaziospadoni.org\/wp-content\/uploads\/2026\/05\/202_ottobre_11_suor_myriam_lucie_gloriose-roma_spazio_spadoni_centrafrica_foulard_opere_misericordia-2.jpeg\"\/><\/figure>\n\n\n<figure class=\"wp-block-image size-large formazione\"><img decoding=\"async\" alt=\"202 octobre 11 s&#x153;ur myriam lucie gloriose rome spazio + spadoni centrafrique foulard &#x153;uvres de mis&#xE9;ricorde 3\" src=\"https:\/\/spaziospadoni.org\/wp-content\/uploads\/2026\/05\/202_ottobre_11_suor_myriam_lucie_gloriose-roma_spazio_spadoni_centrafrica_foulard_opere_misericordia-3.jpeg\"\/><\/figure>\n\n\n<figure class=\"wp-block-image size-large formazione\"><img decoding=\"async\" alt=\"202 octobre 11 s&#x153;ur myriam lucie gloriose rome spazio + spadoni centrafrique foulard &#x153;uvres de mis&#xE9;ricorde 4\" src=\"https:\/\/spaziospadoni.org\/wp-content\/uploads\/2026\/05\/202_ottobre_11_suor_myriam_lucie_gloriose-roma_spazio_spadoni_centrafrica_foulard_opere_misericordia-4.jpeg\"\/><\/figure>\n\n\n<figure class=\"wp-block-image size-large formazione\"><img decoding=\"async\" alt=\"202 octobre 11 s&#x153;ur myriam lucie gloriose rome spazio + spadoni centrafrique foulard &#x153;uvres de mis&#xE9;ricorde 5\" src=\"https:\/\/spaziospadoni.org\/wp-content\/uploads\/2026\/05\/202_ottobre_11_suor_myriam_lucie_gloriose-roma_spazio_spadoni_centrafrica_foulard_opere_misericordia-5.jpeg\"\/><\/figure>\n\n\n<figure class=\"wp-block-image size-large formazione\"><img decoding=\"async\" alt=\"202 octobre 11 s&#x153;ur myriam lucie gloriose rome spazio + spadoni centrafrique foulard &#x153;uvres de mis&#xE9;ricorde 1\" src=\"https:\/\/spaziospadoni.org\/wp-content\/uploads\/2026\/05\/202_ottobre_11_suor_myriam_lucie_gloriose-roma_spazio_spadoni_centrafrica_foulard_opere_misericordia-1.jpeg\"\/><\/figure>\n\n\n<figure class=\"wp-block-image size-large repubblica-centrafricana\"><img decoding=\"async\" alt=\"2025 s&#x153;ur myriam r&#xE9;publique centrafricaine &#x153;uvres de mis&#xE9;ricorde foulard spazio + spadoni 11\" src=\"https:\/\/spaziospadoni.org\/wp-content\/uploads\/2026\/05\/2025_suor_myriam_repubblica_centrafricana_opere_misericordia_foulard_spaio_spadoni-11.jpeg\"\/><\/figure>\n\n\n<figure class=\"wp-block-image size-large repubblica-centrafricana\"><img decoding=\"async\" alt=\"2025 s&#x153;ur myriam r&#xE9;publique centrafricaine &#x153;uvres de mis&#xE9;ricorde foulard spazio + spadoni 8\" src=\"https:\/\/spaziospadoni.org\/wp-content\/uploads\/2026\/05\/2025_suor_myriam_repubblica_centrafricana_opere_misericordia_foulard_spaio_spadoni-8.jpeg\"\/><\/figure>\n\n\n<figure class=\"wp-block-image size-large repubblica-centrafricana\"><img decoding=\"async\" alt=\"2025 s&#x153;ur myriam r&#xE9;publique centrafricaine &#x153;uvres de mis&#xE9;ricorde foulard spazio + spadoni 10 pivot&#xE9;e\" src=\"https:\/\/spaziospadoni.org\/wp-content\/uploads\/2026\/05\/2025_suor_myriam_repubblica_centrafricana_opere_misericordia_foulard_spaio_spadoni-10-rotated-1.jpeg\"\/><\/figure>\n\n\n<figure class=\"wp-block-image size-large repubblica-centrafricana\"><img decoding=\"async\" alt=\"2025 s&#x153;ur myriam r&#xE9;publique centrafricaine &#x153;uvres de mis&#xE9;ricorde foulard spazio + spadoni 4\" src=\"https:\/\/spaziospadoni.org\/wp-content\/uploads\/2026\/05\/2025_suor_myriam_repubblica_centrafricana_opere_misericordia_foulard_spaio_spadoni-4.jpeg\"\/><\/figure>\n\n\n<figure class=\"wp-block-image size-large repubblica-centrafricana\"><img decoding=\"async\" alt=\"2025 s&#x153;ur myriam r&#xE9;publique centrafricaine &#x153;uvres de mis&#xE9;ricorde foulard spazio + spadoni 1\" src=\"https:\/\/spaziospadoni.org\/wp-content\/uploads\/2026\/05\/2025_suor_myriam_repubblica_centrafricana_opere_misericordia_foulard_spaio_spadoni-1.jpeg\"\/><\/figure>\n\n\n<figure class=\"wp-block-image size-large repubblica-centrafricana\"><img decoding=\"async\" alt=\"2025 s&#x153;ur myriam r&#xE9;publique centrafricaine &#x153;uvres de mis&#xE9;ricorde foulard spazio + spadoni 2\" src=\"https:\/\/spaziospadoni.org\/wp-content\/uploads\/2026\/05\/2025_suor_myriam_repubblica_centrafricana_opere_misericordia_foulard_spaio_spadoni-2.jpeg\"\/><\/figure>\n\n\n<figure class=\"wp-block-image size-large repubblica-centrafricana\"><img decoding=\"async\" alt=\"2025 s&#x153;ur myriam r&#xE9;publique centrafricaine &#x153;uvres de mis&#xE9;ricorde foulard spazio + spadoni 3\" src=\"https:\/\/spaziospadoni.org\/wp-content\/uploads\/2026\/05\/2025_suor_myriam_repubblica_centrafricana_opere_misericordia_foulard_spaio_spadoni-3.jpeg\"\/><\/figure>\n\n\n<figure class=\"wp-block-image size-large repubblica-centrafricana\"><img decoding=\"async\" alt=\"2025 s&#x153;ur myriam r&#xE9;publique centrafricaine &#x153;uvres de mis&#xE9;ricorde foulard spazio + spadoni 9\" src=\"https:\/\/spaziospadoni.org\/wp-content\/uploads\/2026\/05\/2025_suor_myriam_repubblica_centrafricana_opere_misericordia_foulard_spaio_spadoni-9.jpeg\"\/><\/figure>\n\n\n<figure class=\"wp-block-image size-large repubblica-centrafricana\"><img decoding=\"async\" alt=\"2025 s&#x153;ur myriam r&#xE9;publique centrafricaine &#x153;uvres de mis&#xE9;ricorde foulard spazio + spadoni 13\" src=\"https:\/\/spaziospadoni.org\/wp-content\/uploads\/2026\/05\/2025_suor_myriam_repubblica_centrafricana_opere_misericordia_foulard_spaio_spadoni-13.jpeg\"\/><\/figure>\n\n\n<figure class=\"wp-block-image size-large repubblica-centrafricana\"><img decoding=\"async\" alt=\"2026 avril 1 plaque foulard habitants spazio + spadoni s&#x153;ur myriam centrafrique bouca &#x153;uvres de mis&#xE9;ricorde operam 9\" src=\"https:\/\/spaziospadoni.org\/wp-content\/uploads\/2026\/05\/2026_aprile_1_targa_foulard_abitanti_spazio_spadoni_suor_myriam_centrafrica_boucha_opere_misericordia_operam-9.jpeg\"\/><\/figure>\n\n\n<figure class=\"wp-block-image size-large repubblica-centrafricana\"><img decoding=\"async\" alt=\"2026 avril 1 plaque foulard habitants spazio + spadoni s&#x153;ur myriam centrafrique bouca &#x153;uvres de mis&#xE9;ricorde operam 10\" src=\"https:\/\/spaziospadoni.org\/wp-content\/uploads\/2026\/05\/2026_aprile_1_targa_foulard_abitanti_spazio_spadoni_suor_myriam_centrafrica_boucha_opere_misericordia_operam-10.jpeg\"\/><\/figure>\n\n\n<figure class=\"wp-block-image size-large repubblica-centrafricana\"><img decoding=\"async\" alt=\"2026 avril 1 plaque foulard habitants spazio + spadoni s&#x153;ur myriam centrafrique bouca &#x153;uvres de mis&#xE9;ricorde operam 11\" src=\"https:\/\/spaziospadoni.org\/wp-content\/uploads\/2026\/05\/2026_aprile_1_targa_foulard_abitanti_spazio_spadoni_suor_myriam_centrafrica_boucha_opere_misericordia_operam-11.jpeg\"\/><\/figure>\n\n\n<figure class=\"wp-block-image size-large repubblica-centrafricana\"><img decoding=\"async\" alt=\"2026 avril 1 plaque foulard habitants spazio + spadoni s&#x153;ur myriam centrafrique bouca &#x153;uvres de mis&#xE9;ricorde operam 12\" src=\"https:\/\/spaziospadoni.org\/wp-content\/uploads\/2026\/05\/2026_aprile_1_targa_foulard_abitanti_spazio_spadoni_suor_myriam_centrafrica_boucha_opere_misericordia_operam-12.jpeg\"\/><\/figure>\n\n\n<figure class=\"wp-block-image size-large repubblica-centrafricana\"><img decoding=\"async\" alt=\"2026 avril 1 plaque foulard habitants spazio + spadoni s&#x153;ur myriam centrafrique bouca &#x153;uvres de mis&#xE9;ricorde operam 13\" src=\"https:\/\/spaziospadoni.org\/wp-content\/uploads\/2026\/05\/2026_aprile_1_targa_foulard_abitanti_spazio_spadoni_suor_myriam_centrafrica_boucha_opere_misericordia_operam-13.jpeg\"\/><\/figure>\n\n\n<figure class=\"wp-block-image size-large repubblica-centrafricana\"><img decoding=\"async\" alt=\"2026 avril 1 plaque foulard habitants spazio + spadoni s&#x153;ur myriam centrafrique bouca &#x153;uvres de mis&#xE9;ricorde operam 1\" src=\"https:\/\/spaziospadoni.org\/wp-content\/uploads\/2026\/05\/2026_aprile_1_targa_foulard_abitanti_spazio_spadoni_suor_myriam_centrafrica_boucha_opere_misericordia_operam-1.jpeg\"\/><\/figure>\n\n\n<figure class=\"wp-block-image size-large repubblica-centrafricana\"><img decoding=\"async\" alt=\"2026 avril 1 plaque foulard habitants spazio + spadoni s&#x153;ur myriam centrafrique bouca &#x153;uvres de mis&#xE9;ricorde operam 2\" src=\"https:\/\/spaziospadoni.org\/wp-content\/uploads\/2026\/05\/2026_aprile_1_targa_foulard_abitanti_spazio_spadoni_suor_myriam_centrafrica_boucha_opere_misericordia_operam-2.jpeg\"\/><\/figure>\n\n\n<figure class=\"wp-block-image size-large repubblica-centrafricana\"><img decoding=\"async\" alt=\"2026 avril 1 plaque foulard habitants spazio + spadoni s&#x153;ur myriam centrafrique bouca &#x153;uvres de mis&#xE9;ricorde operam 4\" src=\"https:\/\/spaziospadoni.org\/wp-content\/uploads\/2026\/05\/2026_aprile_1_targa_foulard_abitanti_spazio_spadoni_suor_myriam_centrafrica_boucha_opere_misericordia_operam-4.jpeg\"\/><\/figure>\n\n\n<figure class=\"wp-block-image size-large repubblica-centrafricana\"><img decoding=\"async\" alt=\"2026 avril 1 plaque foulard habitants spazio + spadoni s&#x153;ur myriam centrafrique bouca &#x153;uvres de mis&#xE9;ricorde operam 5\" src=\"https:\/\/spaziospadoni.org\/wp-content\/uploads\/2026\/05\/2026_aprile_1_targa_foulard_abitanti_spazio_spadoni_suor_myriam_centrafrica_boucha_opere_misericordia_operam-5.jpeg\"\/><\/figure>\n\n\n<figure class=\"wp-block-image size-large repubblica-centrafricana\"><img decoding=\"async\" alt=\"2026 avril 1 plaque foulard habitants spazio + spadoni s&#x153;ur myriam centrafrique bouca &#x153;uvres de mis&#xE9;ricorde operam 6\" src=\"https:\/\/spaziospadoni.org\/wp-content\/uploads\/2026\/05\/2026_aprile_1_targa_foulard_abitanti_spazio_spadoni_suor_myriam_centrafrica_boucha_opere_misericordia_operam-6.jpeg\"\/><\/figure>\n\n\n<figure class=\"wp-block-image size-large repubblica-centrafricana\"><img decoding=\"async\" alt=\"2026 avril 1 plaque foulard habitants spazio + spadoni s&#x153;ur myriam centrafrique bouca &#x153;uvres de mis&#xE9;ricorde operam 8\" src=\"https:\/\/spaziospadoni.org\/wp-content\/uploads\/2026\/05\/2026_aprile_1_targa_foulard_abitanti_spazio_spadoni_suor_myriam_centrafrica_boucha_opere_misericordia_operam-8.jpeg\"\/><\/figure>\n\n\n<figure class=\"wp-block-image size-large repubblica-centrafricana\"><img decoding=\"async\" alt=\"2026 avril 26 journ&#xE9;e vocationnelle bouca centrafrique s&#x153;ur myriam &#x153;uvres de mis&#xE9;ricorde spazio + spadoni 3\" src=\"https:\/\/spaziospadoni.org\/wp-content\/uploads\/2026\/05\/2026_aprile_26_giornata_vocazionale_bouca_centrafrica_suor_myriam_opere_misericordia_spazio_spadoni-3.jpeg\"\/><\/figure>\n\n\n<figure class=\"wp-block-image size-large repubblica-centrafricana\"><img decoding=\"async\" alt=\"2026 avril 26 journ&#xE9;e vocationnelle bouca centrafrique s&#x153;ur myriam &#x153;uvres de mis&#xE9;ricorde spazio + spadoni 2\" src=\"https:\/\/spaziospadoni.org\/wp-content\/uploads\/2026\/05\/2026_aprile_26_giornata_vocazionale_bouca_centrafrica_suor_myriam_opere_misericordia_spazio_spadoni-2.jpeg\"\/><\/figure>\n\n\n<figure class=\"wp-block-image size-large repubblica-centrafricana\"><img decoding=\"async\" alt=\"2026 mai journ&#xE9;e des vocations bouca centrafrique s&#x153;ur myriam &#x153;uvres de mis&#xE9;ricorde spazio + spadoni operam 5\" src=\"https:\/\/spaziospadoni.org\/wp-content\/uploads\/2026\/05\/2026_maggio_giornata_vocazioni_bouca_centrafrica_suor_myriam_opere_misericordia_spazio_spadoni_operam-5.jpeg\"\/><\/figure>\n\n\n<figure class=\"wp-block-image size-large repubblica-centrafricana\"><img decoding=\"async\" alt=\"2026 mai journ&#xE9;e des vocations bouca centrafrique s&#x153;ur myriam &#x153;uvres de mis&#xE9;ricorde spazio + spadoni operam 7\" src=\"https:\/\/spaziospadoni.org\/wp-content\/uploads\/2026\/05\/2026_maggio_giornata_vocazioni_bouca_centrafrica_suor_myriam_opere_misericordia_spazio_spadoni_operam-7.jpeg\"\/><\/figure>\n\n<\/figure>\n\n\n<div class=\"gb-element-b24bbf5e ss-media-videos\">\n\n<figure class=\"wp-block-video video\"><video controls=\"\" src=\"https:\/\/spaziospadoni.org\/wp-content\/uploads\/2026\/05\/2024_ottobre_25_anni_professione_religiosa_suor_myriam_centrafrica_figlie_maria_missionarie_spazio_spadoni-1.mp4\"><\/video><figcaption class=\"wp-element-caption\">2024 octobre 25 ans profession religieuse s\u0153ur myriam centrafrique filles de marie missionnaires spazio + spadoni 1<\/figcaption><\/figure>\n\n\n<figure class=\"wp-block-video video\"><video controls=\"\" src=\"https:\/\/spaziospadoni.org\/wp-content\/uploads\/2026\/05\/2026_maggio_giornata_vocazioni_bouca_centrafrica_suor_myriam_opere_misericordia_spazio_spadoni_operam-3.mp4\"><\/video><figcaption class=\"wp-element-caption\">2026 mai journ\u00e9e des vocations bouca centrafrique s\u0153ur myriam \u0153uvres de mis\u00e9ricorde spazio + spadoni operam 3<\/figcaption><\/figure>\n\n\n<figure class=\"wp-block-video video\"><video controls=\"\" src=\"https:\/\/spaziospadoni.org\/wp-content\/uploads\/2026\/05\/2026_maggio_giornata_vocazioni_bouca_centrafrica_suor_myriam_opere_misericordia_spazio_spadoni_operam-4.mp4\"><\/video><figcaption class=\"wp-element-caption\">2026 mai journ\u00e9e des vocations bouca centrafrique s\u0153ur myriam \u0153uvres de mis\u00e9ricorde spazio + spadoni operam 4<\/figcaption><\/figure>\n\n<\/div>\n\n<\/div>\n\n<\/div>\n\n<\/div>\n\n","protected":false},"excerpt":{"rendered":"<p>Bouca | Bonsangoa (R\u00e9publique centrafricaine) OPERA M33 MISSION Lieu Bouca Dioc\u00e8se Bonsangoa Nation R\u00e9publique centrafricaine Continent Afrique Coordonn\u00e9es GPS 6.60507 18.27627 Fuseau horaire UTC+1 ORGANISATEUR Congr\u00e9gation Filles de Marie Missionnaires Maison M\u00e8re Pigna Dioc\u00e8se Ventimiglia Nation Italie Continent Europe F\u00eate de la Congr\u00e9gation C\u0153ur Immacul\u00e9 de Marie Coordonn\u00e9es GPS -2.90648 29.82039 Fuseau horaire UTC+2 R\u00e9f\u00e9rent &#8230; <a title=\"R\u00e9publique centrafricaine &#8211; Afrique | Projet M33\" class=\"read-more\" href=\"https:\/\/spaziospadoni.org\/fr\/opera-m\/republique-centrafricaine-afrique-projet-m33\/\" aria-label=\"Read more about R\u00e9publique centrafricaine &#8211; Afrique | Projet M33\">Lire plus<\/a><\/p>\n","protected":false},"author":102,"featured_media":0,"parent":89581,"menu_order":0,"comment_status":"closed","ping_status":"closed","template":"","meta":{"_sitemap_exclude":false,"_sitemap_priority":"","_sitemap_frequency":"","footnotes":""},"class_list":["post-59163","page","type-page","status-publish","infinite-scroll-item"],"yoast_head":"<!-- This site is optimized with the Yoast SEO plugin v28.4 - https:\/\/yoast.com\/product\/yoast-seo-wordpress\/ -->\n<title>R\u00e9publique centrafricaine - Afrique | Projet M33 | Spazio Spadoni<\/title>\n<meta name=\"description\" content=\"Bouca | Bonsangoa (R\u00e9publique centrafricaine) OPERA M33 MISSION Lieu Bouca Dioc\u00e8se Bonsangoa Nation R\u00e9publique centrafricaine Continent Afrique\" \/>\n<meta name=\"robots\" content=\"index, follow, max-snippet:-1, max-image-preview:large, max-video-preview:-1\" \/>\n<link rel=\"canonical\" href=\"https:\/\/spaziospadoni.org\/fr\/opera-m\/republique-centrafricaine-afrique-projet-m33\/\" \/>\n<meta property=\"og:locale\" content=\"fr_FR\" \/>\n<meta property=\"og:type\" content=\"article\" \/>\n<meta property=\"og:title\" content=\"R\u00e9publique centrafricaine - Afrique | Projet M33 | Spazio Spadoni\" \/>\n<meta property=\"og:description\" content=\"Bouca | Bonsangoa (R\u00e9publique centrafricaine) OPERA M33 MISSION Lieu Bouca Dioc\u00e8se Bonsangoa Nation R\u00e9publique centrafricaine Continent Afrique\" \/>\n<meta property=\"og:url\" content=\"https:\/\/spaziospadoni.org\/fr\/opera-m\/republique-centrafricaine-afrique-projet-m33\/\" \/>\n<meta property=\"og:site_name\" content=\"spazio + spadoni\" \/>\n<meta property=\"article:publisher\" content=\"https:\/\/www.facebook.com\/SpazioSpadoni\/\" \/>\n<meta property=\"article:modified_time\" content=\"2026-08-17T11:20:18+00:00\" \/>\n<meta property=\"og:image\" content=\"https:\/\/spaziospadoni.org\/wp-content\/uploads\/2026\/05\/hicsum_1_congo-spaziospadoni-scaled.png\" \/>\n\t<meta property=\"og:image:width\" content=\"2560\" \/>\n\t<meta property=\"og:image:height\" content=\"1771\" \/>\n\t<meta property=\"og:image:type\" content=\"image\/png\" \/>\n<meta name=\"twitter:card\" content=\"summary_large_image\" \/>\n<meta name=\"twitter:label1\" content=\"Est. reading time\" \/>\n\t<meta name=\"twitter:data1\" content=\"4 minutes\" \/>\n<script type=\"application\/ld+json\" class=\"yoast-schema-graph\">{\"@context\":\"https:\\\/\\\/schema.org\",\"@graph\":[{\"@type\":\"WebPage\",\"@id\":\"https:\\\/\\\/spaziospadoni.org\\\/fr\\\/opera-m\\\/republique-centrafricaine-afrique-projet-m33\\\/\",\"url\":\"https:\\\/\\\/spaziospadoni.org\\\/fr\\\/opera-m\\\/republique-centrafricaine-afrique-projet-m33\\\/\",\"name\":\"R\u00e9publique centrafricaine - Afrique | Projet M33 | Spazio Spadoni\",\"isPartOf\":{\"@id\":\"https:\\\/\\\/spaziospadoni.org\\\/fr\\\/#website\"},\"primaryImageOfPage\":{\"@id\":\"https:\\\/\\\/spaziospadoni.org\\\/fr\\\/opera-m\\\/republique-centrafricaine-afrique-projet-m33\\\/#primaryimage\"},\"image\":{\"@id\":\"https:\\\/\\\/spaziospadoni.org\\\/fr\\\/opera-m\\\/republique-centrafricaine-afrique-projet-m33\\\/#primaryimage\"},\"thumbnailUrl\":\"https:\\\/\\\/spaziospadoni.org\\\/wp-content\\\/uploads\\\/2026\\\/05\\\/hicsum_10_burundi-spaziospadoni-scaled.png\",\"datePublished\":\"2026-05-18T13:04:05+00:00\",\"dateModified\":\"2026-08-17T11:20:18+00:00\",\"description\":\"Bouca | Bonsangoa (R\u00e9publique centrafricaine) OPERA M33 MISSION Lieu Bouca Dioc\u00e8se Bonsangoa Nation R\u00e9publique centrafricaine Continent Afrique\",\"breadcrumb\":{\"@id\":\"https:\\\/\\\/spaziospadoni.org\\\/fr\\\/opera-m\\\/republique-centrafricaine-afrique-projet-m33\\\/#breadcrumb\"},\"inLanguage\":\"fr-FR\",\"potentialAction\":[{\"@type\":\"ReadAction\",\"target\":[\"https:\\\/\\\/spaziospadoni.org\\\/fr\\\/opera-m\\\/republique-centrafricaine-afrique-projet-m33\\\/\"]}]},{\"@type\":\"ImageObject\",\"inLanguage\":\"fr-FR\",\"@id\":\"https:\\\/\\\/spaziospadoni.org\\\/fr\\\/opera-m\\\/republique-centrafricaine-afrique-projet-m33\\\/#primaryimage\",\"url\":\"https:\\\/\\\/spaziospadoni.org\\\/wp-content\\\/uploads\\\/2026\\\/05\\\/hicsum_10_burundi-spaziospadoni-scaled.png\",\"contentUrl\":\"https:\\\/\\\/spaziospadoni.org\\\/wp-content\\\/uploads\\\/2026\\\/05\\\/hicsum_10_burundi-spaziospadoni-scaled.png\"},{\"@type\":\"BreadcrumbList\",\"@id\":\"https:\\\/\\\/spaziospadoni.org\\\/fr\\\/opera-m\\\/republique-centrafricaine-afrique-projet-m33\\\/#breadcrumb\",\"itemListElement\":[{\"@type\":\"ListItem\",\"position\":1,\"name\":\"Home\",\"item\":\"https:\\\/\\\/spaziospadoni.org\\\/fr\\\/\"},{\"@type\":\"ListItem\",\"position\":2,\"name\":\"Opera M\",\"item\":\"https:\\\/\\\/spaziospadoni.org\\\/fr\\\/opera-m\\\/\"},{\"@type\":\"ListItem\",\"position\":3,\"name\":\"R\u00e9publique centrafricaine &#8211; Afrique | Projet M33\"}]},{\"@type\":\"WebSite\",\"@id\":\"https:\\\/\\\/spaziospadoni.org\\\/fr\\\/#website\",\"url\":\"https:\\\/\\\/spaziospadoni.org\\\/fr\\\/\",\"name\":\"spazio + spadoni\",\"description\":\"Generazione di misericordia e missione nel mondo\",\"publisher\":{\"@id\":\"https:\\\/\\\/spaziospadoni.org\\\/fr\\\/#organization\"},\"alternateName\":\"spaziospadoni.org\",\"potentialAction\":[{\"@type\":\"SearchAction\",\"target\":{\"@type\":\"EntryPoint\",\"urlTemplate\":\"https:\\\/\\\/spaziospadoni.org\\\/fr\\\/?s={search_term_string}\"},\"query-input\":{\"@type\":\"PropertyValueSpecification\",\"valueRequired\":true,\"valueName\":\"search_term_string\"}}],\"inLanguage\":\"fr-FR\"},{\"@type\":\"Organization\",\"@id\":\"https:\\\/\\\/spaziospadoni.org\\\/fr\\\/#organization\",\"name\":\"spazio + spadoni\",\"alternateName\":\"spaziospadoni.org\",\"url\":\"https:\\\/\\\/spaziospadoni.org\\\/fr\\\/\",\"logo\":{\"@type\":\"ImageObject\",\"inLanguage\":\"fr-FR\",\"@id\":\"https:\\\/\\\/spaziospadoni.org\\\/fr\\\/#\\\/schema\\\/logo\\\/image\\\/\",\"url\":\"https:\\\/\\\/spaziospadoni.org\\\/wp-content\\\/uploads\\\/2026\\\/05\\\/spazio-spadoni-logo-100x100-1.webp\",\"contentUrl\":\"https:\\\/\\\/spaziospadoni.org\\\/wp-content\\\/uploads\\\/2026\\\/05\\\/spazio-spadoni-logo-100x100-1.webp\",\"width\":100,\"height\":100,\"caption\":\"spazio + spadoni\"},\"image\":{\"@id\":\"https:\\\/\\\/spaziospadoni.org\\\/fr\\\/#\\\/schema\\\/logo\\\/image\\\/\"},\"sameAs\":[\"https:\\\/\\\/www.facebook.com\\\/SpazioSpadoni\\\/\",\"https:\\\/\\\/www.instagram.com\\\/spaziospadoni\\\/\",\"https:\\\/\\\/www.youtube.com\\\/@spaziospadoni\\\/playlists\"]}]}<\/script>\n<!-- \/ Yoast SEO plugin. -->","yoast_head_json":{"title":"R\u00e9publique centrafricaine - Afrique | Projet M33 | Spazio Spadoni","description":"Bouca | Bonsangoa (R\u00e9publique centrafricaine) OPERA M33 MISSION Lieu Bouca Dioc\u00e8se Bonsangoa Nation R\u00e9publique centrafricaine Continent Afrique","robots":{"index":"index","follow":"follow","max-snippet":"max-snippet:-1","max-image-preview":"max-image-preview:large","max-video-preview":"max-video-preview:-1"},"canonical":"https:\/\/spaziospadoni.org\/fr\/opera-m\/republique-centrafricaine-afrique-projet-m33\/","og_locale":"fr_FR","og_type":"article","og_title":"R\u00e9publique centrafricaine - Afrique | Projet M33 | Spazio Spadoni","og_description":"Bouca | Bonsangoa (R\u00e9publique centrafricaine) OPERA M33 MISSION Lieu Bouca Dioc\u00e8se Bonsangoa Nation R\u00e9publique centrafricaine Continent Afrique","og_url":"https:\/\/spaziospadoni.org\/fr\/opera-m\/republique-centrafricaine-afrique-projet-m33\/","og_site_name":"spazio + spadoni","article_publisher":"https:\/\/www.facebook.com\/SpazioSpadoni\/","article_modified_time":"2026-08-17T11:20:18+00:00","og_image":[{"width":2560,"height":1771,"url":"https:\/\/spaziospadoni.org\/wp-content\/uploads\/2026\/05\/hicsum_1_congo-spaziospadoni-scaled.png","type":"image\/png"}],"twitter_card":"summary_large_image","twitter_misc":{"Est. reading time":"4 minutes"},"schema":{"@context":"https:\/\/schema.org","@graph":[{"@type":"WebPage","@id":"https:\/\/spaziospadoni.org\/fr\/opera-m\/republique-centrafricaine-afrique-projet-m33\/","url":"https:\/\/spaziospadoni.org\/fr\/opera-m\/republique-centrafricaine-afrique-projet-m33\/","name":"R\u00e9publique centrafricaine - Afrique | Projet M33 | Spazio Spadoni","isPartOf":{"@id":"https:\/\/spaziospadoni.org\/fr\/#website"},"primaryImageOfPage":{"@id":"https:\/\/spaziospadoni.org\/fr\/opera-m\/republique-centrafricaine-afrique-projet-m33\/#primaryimage"},"image":{"@id":"https:\/\/spaziospadoni.org\/fr\/opera-m\/republique-centrafricaine-afrique-projet-m33\/#primaryimage"},"thumbnailUrl":"https:\/\/spaziospadoni.org\/wp-content\/uploads\/2026\/05\/hicsum_10_burundi-spaziospadoni-scaled.png","datePublished":"2026-05-18T13:04:05+00:00","dateModified":"2026-08-17T11:20:18+00:00","description":"Bouca | Bonsangoa (R\u00e9publique centrafricaine) OPERA M33 MISSION Lieu Bouca Dioc\u00e8se Bonsangoa Nation R\u00e9publique centrafricaine Continent Afrique","breadcrumb":{"@id":"https:\/\/spaziospadoni.org\/fr\/opera-m\/republique-centrafricaine-afrique-projet-m33\/#breadcrumb"},"inLanguage":"fr-FR","potentialAction":[{"@type":"ReadAction","target":["https:\/\/spaziospadoni.org\/fr\/opera-m\/republique-centrafricaine-afrique-projet-m33\/"]}]},{"@type":"ImageObject","inLanguage":"fr-FR","@id":"https:\/\/spaziospadoni.org\/fr\/opera-m\/republique-centrafricaine-afrique-projet-m33\/#primaryimage","url":"https:\/\/spaziospadoni.org\/wp-content\/uploads\/2026\/05\/hicsum_10_burundi-spaziospadoni-scaled.png","contentUrl":"https:\/\/spaziospadoni.org\/wp-content\/uploads\/2026\/05\/hicsum_10_burundi-spaziospadoni-scaled.png"},{"@type":"BreadcrumbList","@id":"https:\/\/spaziospadoni.org\/fr\/opera-m\/republique-centrafricaine-afrique-projet-m33\/#breadcrumb","itemListElement":[{"@type":"ListItem","position":1,"name":"Home","item":"https:\/\/spaziospadoni.org\/fr\/"},{"@type":"ListItem","position":2,"name":"Opera M","item":"https:\/\/spaziospadoni.org\/fr\/opera-m\/"},{"@type":"ListItem","position":3,"name":"R\u00e9publique centrafricaine &#8211; Afrique | Projet M33"}]},{"@type":"WebSite","@id":"https:\/\/spaziospadoni.org\/fr\/#website","url":"https:\/\/spaziospadoni.org\/fr\/","name":"spazio + spadoni","description":"Generazione di misericordia e missione nel mondo","publisher":{"@id":"https:\/\/spaziospadoni.org\/fr\/#organization"},"alternateName":"spaziospadoni.org","potentialAction":[{"@type":"SearchAction","target":{"@type":"EntryPoint","urlTemplate":"https:\/\/spaziospadoni.org\/fr\/?s={search_term_string}"},"query-input":{"@type":"PropertyValueSpecification","valueRequired":true,"valueName":"search_term_string"}}],"inLanguage":"fr-FR"},{"@type":"Organization","@id":"https:\/\/spaziospadoni.org\/fr\/#organization","name":"spazio + spadoni","alternateName":"spaziospadoni.org","url":"https:\/\/spaziospadoni.org\/fr\/","logo":{"@type":"ImageObject","inLanguage":"fr-FR","@id":"https:\/\/spaziospadoni.org\/fr\/#\/schema\/logo\/image\/","url":"https:\/\/spaziospadoni.org\/wp-content\/uploads\/2026\/05\/spazio-spadoni-logo-100x100-1.webp","contentUrl":"https:\/\/spaziospadoni.org\/wp-content\/uploads\/2026\/05\/spazio-spadoni-logo-100x100-1.webp","width":100,"height":100,"caption":"spazio + spadoni"},"image":{"@id":"https:\/\/spaziospadoni.org\/fr\/#\/schema\/logo\/image\/"},"sameAs":["https:\/\/www.facebook.com\/SpazioSpadoni\/","https:\/\/www.instagram.com\/spaziospadoni\/","https:\/\/www.youtube.com\/@spaziospadoni\/playlists"]}]}},"_links":{"self":[{"href":"https:\/\/spaziospadoni.org\/fr\/wp-json\/wp\/v2\/pages\/59163","targetHints":{"allow":["GET"]}}],"collection":[{"href":"https:\/\/spaziospadoni.org\/fr\/wp-json\/wp\/v2\/pages"}],"about":[{"href":"https:\/\/spaziospadoni.org\/fr\/wp-json\/wp\/v2\/types\/page"}],"author":[{"embeddable":true,"href":"https:\/\/spaziospadoni.org\/fr\/wp-json\/wp\/v2\/users\/102"}],"replies":[{"embeddable":true,"href":"https:\/\/spaziospadoni.org\/fr\/wp-json\/wp\/v2\/comments?post=59163"}],"version-history":[{"count":2,"href":"https:\/\/spaziospadoni.org\/fr\/wp-json\/wp\/v2\/pages\/59163\/revisions"}],"predecessor-version":[{"id":90307,"href":"https:\/\/spaziospadoni.org\/fr\/wp-json\/wp\/v2\/pages\/59163\/revisions\/90307"}],"up":[{"embeddable":true,"href":"https:\/\/spaziospadoni.org\/fr\/wp-json\/wp\/v2\/pages\/89581"}],"wp:attachment":[{"href":"https:\/\/spaziospadoni.org\/fr\/wp-json\/wp\/v2\/media?parent=59163"}],"curies":[{"name":"wp","href":"https:\/\/api.w.org\/{rel}","templated":true}]}}