{"id":59378,"date":"2026-05-18T14:10:23","date_gmt":"2026-05-18T13:10:23","guid":{"rendered":"https:\/\/spaziospadoni.org\/oeuvres-de-misericorde\/republique-democratique-du-congo-afrique-projet-m1\/"},"modified":"2026-08-17T12:20:51","modified_gmt":"2026-08-17T11:20:51","slug":"republique-democratique-du-congo-afrique-projet-m1","status":"publish","type":"page","link":"https:\/\/spaziospadoni.org\/fr\/opera-m\/republique-democratique-du-congo-afrique-projet-m1\/","title":{"rendered":"R\u00e9publique d\u00e9mocratique du Congo &#8211; Afrique | Projet M1"},"content":{"rendered":"\n<div class=\"ss-project-hero-card\">\n<h2 id=\"kavimvira-uvira-republique-democratique-du-congo\" class=\"gb-text gb-text-62a95885\">Kavimvira | Uvira (R\u00e9publique d\u00e9mocratique du Congo)<\/h2>\n\n\n\n<div class=\"gb-element-f60f2409\">\n<div class=\"gb-element-90a85740 ss-project-sidebar\">\n<h2 id=\"opera-m1\" class=\"gb-text ss-project-title\">OPERA M1<\/h2>\n\n\n\n<figure class=\"wp-block-image size-large\"><img decoding=\"async\" src=\"https:\/\/spaziospadoni.org\/wp-content\/uploads\/2026\/05\/hicsum_1_congo-spaziospadoni.png\" alt=\"hicsum 1 congo spaziospadoni\" class=\"wp-image-43007\"\/><\/figure>\n\n\n\n<div class=\"ss-project-table\">\n<div class=\"ss-table-section-title\">\n<h3 id=\"mission\" class=\"gb-text\">MISSION<\/h3>\n<\/div>\n\n\n\n<div class=\"ss-table-row\">\n<p class=\"gb-text\">Lieu<\/p>\n\n\n\n<p class=\"gb-text\"><a href=\"https:\/\/www.google.it\/maps\/place\/Kavimvira\/@-3.3535618,29.1452961,16z\/data=!3m1!4b1!4m6!3m5!1s0x19c18ebbbf4c181b:0xe507a9b857d4f36f!8m2!3d-3.3535027!4d29.1529655!16s%2Fg%2F11bxjcbnmn?entry=ttu&#038;g_ep=EgoyMDI1MDMyNS4xIKXMDSoJLDEwMjExNjM5SAFQAw%3D%3D\" rel=\"noreferrer noopener\" target=\"_blank\" title=\"Kavimvira\">Kavimvira<\/a><\/p>\n<\/div>\n\n\n\n<div class=\"ss-table-row\">\n<p class=\"gb-text\">Dioc\u00e8se<\/p>\n\n\n\n<p class=\"gb-text\">Uvira<\/p>\n<\/div>\n\n\n\n<div class=\"ss-table-row\">\n<p class=\"gb-text\">Nation<\/p>\n\n\n\n<p class=\"gb-text\"><strong>R\u00e9publique d\u00e9mocratique du Congo<\/strong><\/p>\n<\/div>\n\n\n\n<div class=\"ss-table-row\">\n<p class=\"gb-text\">Continent<\/p>\n\n\n\n<p class=\"gb-text\">Afrique<\/p>\n<\/div>\n\n\n\n<div class=\"ss-table-row\">\n<p class=\"gb-text\">Coordonn\u00e9es GPS<\/p>\n\n\n\n<p class=\"gb-text\">-3.35207 29.15180<\/p>\n<\/div>\n\n\n\n<div class=\"ss-table-row\">\n<p class=\"gb-text\">Fuseau horaire<\/p>\n\n\n\n<p class=\"gb-text\">UTC+2<\/p>\n<\/div>\n<\/div>\n\n\n\n<div class=\"ss-project-table\">\n<div class=\"ss-table-section-title\">\n<h3 id=\"organisateur\" class=\"gb-text\">ORGANISATEUR<\/h3>\n<\/div>\n\n\n\n<div class=\"ss-table-row\">\n<p class=\"gb-text\">Congr\u00e9gation<\/p>\n\n\n\n<p class=\"gb-text\">Congr\u00e9gation Missionnaire des S\u0153urs de Sainte Gemma<\/p>\n<\/div>\n\n\n\n<div class=\"ss-table-row\">\n<p class=\"gb-text\">Maison M\u00e8re<\/p>\n\n\n\n<p class=\"gb-text\">Camigliano Santa Gemma (LU)<\/p>\n<\/div>\n\n\n\n<div class=\"ss-table-row\">\n<p class=\"gb-text\">Dioc\u00e8se<\/p>\n\n\n\n<p class=\"gb-text\">Lucca<\/p>\n<\/div>\n\n\n\n<div class=\"ss-table-row\">\n<p class=\"gb-text\">Nation<\/p>\n\n\n\n<p class=\"gb-text\">Italie<\/p>\n<\/div>\n\n\n\n<div class=\"ss-table-row\">\n<p class=\"gb-text\">Continent<\/p>\n\n\n\n<p class=\"gb-text\">Europe<\/p>\n<\/div>\n\n\n\n<div class=\"ss-table-row\">\n<p class=\"gb-text\">F\u00eate de la Congr\u00e9gation<\/p>\n\n\n\n<p class=\"gb-text\">26 ao\u00fbt<\/p>\n<\/div>\n\n\n\n<div class=\"ss-table-row\">\n<p class=\"gb-text\">Coordonn\u00e9es GPS<\/p>\n\n\n\n<p class=\"gb-text\">43.86272 10.61067<\/p>\n<\/div>\n\n\n\n<div class=\"ss-table-row\">\n<p class=\"gb-text\">Fuseau horaire<\/p>\n\n\n\n<p class=\"gb-text\">UTC+1<\/p>\n<\/div>\n\n\n\n<div class=\"ss-table-row\">\n<p class=\"gb-text\">R\u00e9f\u00e9rent<\/p>\n\n\n\n<p class=\"gb-text\">S\u0153ur Audacieuse Kahababo<\/p>\n<\/div>\n\n\n\n<div class=\"ss-table-row\">\n<p class=\"gb-text\">M\u00e8re G\u00e9n\u00e9rale<\/p>\n\n\n\n<p class=\"gb-text\">S\u0153ur Elisabetta Giussani<\/p>\n<\/div>\n\n\n\n<div class=\"ss-table-row\">\n<p class=\"gb-text\">Site Internet<\/p>\n\n\n\n<p class=\"gb-text\"><a href=\"https:\/\/www.suoresantagemma.it\/\" target=\"_blank\" rel=\"noreferrer noopener\" title=\"suoresantagemma.it\">suoresantagemma.it<\/a><\/p>\n<\/div>\n<\/div>\n\n\n\n<div class=\"ss-project-table\">\n<a class=\"gb-element-e1766596 ss-table-section-button\" href=\"#\" title=\"OPERA M &#8211; PROJET M1\">\n<span class=\"gb-text\">OPERA M &#8211; PROJET M1<\/span>\n<\/a>\n<\/div>\n<\/div>\n<\/div>\n\n\n\n<div class=\"gb-element-6ad95ea8\">\n<div class=\"gb-element-e34063a6 ss-project-intro\">\n<p class=\"wp-block-paragraph\">OPERA M est la r\u00e9volution des \u0153uvres de mis\u00e9ricorde. C&rsquo;est l&rsquo;instrument permanent de d\u00e9veloppement d&rsquo;une pens\u00e9e forte et renouvel\u00e9e des \u0153uvres dans le monde. <\/p>\n\n\n\n<p class=\"wp-block-paragraph\">Il na\u00eet d&rsquo;une urgence fortement ressentie par spazio + spadoni de faire r\u00e9<strong>\u00c9<\/strong>voluer le concept d&rsquo;\u0153uvre de mis\u00e9ricorde comme un chemin qui est toujours \u00e0 la fois humain et divin, et donc, toujours spirituel en plus d&rsquo;\u00eatre pratique (ou corporel). La red\u00e9couverte, voire la v\u00e9ritable r\u00e9<strong>\u00c9<\/strong>volution des \u0153uvres doit \u00eatre retrouv\u00e9e au sein de cette synth\u00e8se entre aspect spirituel et acte pratique. L&rsquo;agir mat\u00e9riel doit toujours \u00eatre impr\u00e9gn\u00e9 de l&rsquo;esprit.  <\/p>\n\n\n\n<p class=\"wp-block-paragraph\">OPERA M se fonde sur cinq actions qui en d\u00e9finissent la m\u00e9thode : INVOQUE, appelle l&rsquo;Esprit \u00c9COUTE, fais silence pour t&rsquo;ouvrir \u00e0 l&rsquo;\u00e9coute RENCONTRE, sois au milieu des gens AGISSONS, agir pour les \u0153uvres INONDONS, portons tout le monde aux \u0153uvres de mis\u00e9ricorde <strong>\u0152uvres de mis\u00e9ricorde spirituelles<\/strong> Conseiller ceux qui doutent Enseigner les ignorants Avertir les p\u00e9cheurs Consoler les afflig\u00e9s Pardonner les offenses Supporter patiemment les personnes importunes Prier Dieu pour les vivants et pour les morts <strong>\u0152uvres de mis\u00e9ricorde corporelles<\/strong> Donner \u00e0 manger aux affam\u00e9s Donner \u00e0 boire aux assoiff\u00e9s V\u00eatir les nus Loger les p\u00e8lerins Visiter les malades Visiter les prisonniers Ensevelir les morts<\/p>\n\n<\/div>\n<\/div>\n\n\n\n\n<div>\n\n<h2 id=\"chronologie\" class=\"gb-text gb-text-8179e40a\">Chronologie<\/h2>\n\n\n\n\n\n<div class=\"ss-timeline\">\n\n<h3 id=\"2020\" class=\"gb-text\">2020<\/h3>\n\n\n\n\n\n<div class=\"ss-timeline-item\">\n\n<h4 id=\"31-aout-debut-de-la-collaboration\" class=\"gb-text\">31 ao\u00fbt | D\u00e9but de la collaboration<\/h4>\n\n\n\n\n<p class=\"wp-block-paragraph\">Adh\u00e9sion au projet HIC SUM par les S\u0153urs de Santa Gemma et la Misericordia Santa Gemma<\/p>\n\n\n\n<figure class=\"wp-block-gallery has-nested-images columns-1 is-cropped ss-lightbox wp-block-gallery-1 is-layout-flex wp-block-gallery-is-layout-flex\">\n\n<figure class=\"wp-block-image size-large\"><img decoding=\"async\" src=\"https:\/\/spaziospadoni.org\/wp-content\/uploads\/2026\/05\/Timeline-inizio-rapporto-F-suora-e-Don-D-copia-300x297.jpg\" alt=\"Timeline d&#xE9;but de la collaboration F s&#x153;ur et Don D copie 300x297\"\/><figcaption class=\"wp-element-caption\">31 ao\u00fbt | D\u00e9but de la collaboration<\/figcaption><\/figure>\n\n\n<figure class=\"wp-block-image size-large\"><img decoding=\"async\" src=\"https:\/\/spaziospadoni.org\/wp-content\/uploads\/2026\/05\/Timiline-inizio-rapporto-F-suora-copia-277x300.jpg\" alt=\"Timeline d&#xE9;but de la collaboration F s&#x153;ur copie 277x300\"\/><figcaption class=\"wp-element-caption\">31 ao\u00fbt | D\u00e9but de la collaboration<\/figcaption><\/figure>\n\n\n<figure class=\"wp-block-image size-large\"><img decoding=\"async\" src=\"https:\/\/spaziospadoni.org\/wp-content\/uploads\/2026\/05\/Timeline-inizio-rapporto-F-suora-Luigi-e-Gloriosa-copia-2-300x126.jpg\" alt=\"Timeline d&#xE9;but de la collaboration F s&#x153;ur Luigi et Gloriosa copie 2 300x126\"\/><figcaption class=\"wp-element-caption\">31 ao\u00fbt | D\u00e9but de la collaboration<\/figcaption><\/figure>\n\n<\/figure>\n\n\n<\/div>\n\n\n\n\n<div class=\"ss-timeline-item\">\n\n<h4 id=\"04-septembre-debut-du-projet\" class=\"gb-text\">04 septembre | D\u00e9but du projet<\/h4>\n\n\n\n\n<p class=\"wp-block-paragraph\">S\u0153ur Jacqueline commence sa formation aupr\u00e8s de la Misericordia Santa Gemma<\/p>\n\n\n<\/div>\n\n\n<\/div>\n\n\n\n\n<div class=\"ss-timeline\">\n\n<h3 id=\"2021\" class=\"gb-text\">2021<\/h3>\n\n\n\n\n\n<div class=\"ss-timeline-item\">\n\n<h4 id=\"avril-formation-specifique-hic-sum-et-opera-m\" class=\"gb-text\">Avril | Formation sp\u00e9cifique HIC SUM et OPERA M<\/h4>\n\n\n\n\n<figure class=\"wp-block-gallery has-nested-images columns-1 is-cropped ss-lightbox wp-block-gallery-2 is-layout-flex wp-block-gallery-is-layout-flex\">\n\n<figure class=\"wp-block-image size-large\"><img decoding=\"async\" src=\"https:\/\/spaziospadoni.org\/wp-content\/uploads\/2026\/05\/Timeline-formazione-aprile-F-suora-copia-300x248.jpg\" alt=\"Timeline formation avril F s&#x153;ur copie 300x248\"\/><figcaption class=\"wp-element-caption\">Avril | Formation sp\u00e9cifique HIC SUM et OPERA M<\/figcaption><\/figure>\n\n<\/figure>\n\n\n<\/div>\n\n\n\n\n<div class=\"ss-timeline-item\">\n\n<h4 id=\"10-aout-depart-de-la-soeur\" class=\"gb-text\">10 ao\u00fbt | D\u00e9part de la s\u0153ur<\/h4>\n\n\n\n\n<p class=\"wp-block-paragraph\">S\u0153ur Jacqueline rentre dans sa communaut\u00e9 \u00e0 Kavimvira, en R\u00e9publique d\u00e9mocratique du Congo<\/p>\n\n\n\n<figure class=\"wp-block-gallery has-nested-images columns-1 is-cropped ss-lightbox wp-block-gallery-3 is-layout-flex wp-block-gallery-is-layout-flex\">\n\n<figure class=\"wp-block-image size-large\"><img decoding=\"async\" src=\"https:\/\/spaziospadoni.org\/wp-content\/uploads\/2026\/05\/Timeline-partenza-suora-F-suora-mandato-e-un-altra-suora-a-caso-copia-300x160.jpg\" alt=\"Timeline d&#xE9;part de la s&#x153;ur F s&#x153;ur mandat et une autre s&#x153;ur au hasard copie 300x160\"\/><figcaption class=\"wp-element-caption\">10 ao\u00fbt | D\u00e9part de la s\u0153ur<\/figcaption><\/figure>\n\n\n<figure class=\"wp-block-image size-large\"><img decoding=\"async\" src=\"https:\/\/spaziospadoni.org\/wp-content\/uploads\/2026\/05\/Timeline-partenza-suora-F-suora-Luigi-e-volontaria-copia-300x162.jpg\" alt=\"Timeline d&#xE9;part de la s&#x153;ur F s&#x153;ur Luigi et b&#xE9;n&#xE9;vole copie 300x162\"\/><figcaption class=\"wp-element-caption\">10 ao\u00fbt | D\u00e9part de la s\u0153ur<\/figcaption><\/figure>\n\n<\/figure>\n\n\n<\/div>\n\n\n\n\n<div class=\"ss-timeline-item\">\n\n<h4 id=\"29-septembre-recrutement-de-benevoles-locaux\" class=\"gb-text\">29 septembre | Recrutement de b\u00e9n\u00e9voles locaux<\/h4>\n\n\n\n\n<p class=\"wp-block-paragraph\">S\u0153ur Jacqueline rassemble quelques b\u00e9n\u00e9voles avec lesquels elle commence \u00e0 accomplir des \u0153uvres de mis\u00e9ricorde \u00e0 Kavimvira et dans les villages voisins<\/p>\n\n\n\n<figure class=\"wp-block-gallery has-nested-images columns-1 is-cropped ss-lightbox wp-block-gallery-4 is-layout-flex wp-block-gallery-is-layout-flex\">\n\n<figure class=\"wp-block-image size-large\"><img decoding=\"async\" src=\"https:\/\/spaziospadoni.org\/wp-content\/uploads\/2026\/05\/Timeline-reclutamento-volontari-F-a-tutti-e-due-copia-264x300.jpg\" alt=\"Timeline recrutement b&#xE9;n&#xE9;voles F &#xE0; tous les deux copie 264x300\"\/><figcaption class=\"wp-element-caption\">29 septembre | Recrutement de b\u00e9n\u00e9voles locaux<\/figcaption><\/figure>\n\n\n<figure class=\"wp-block-image size-large\"><img decoding=\"async\" src=\"https:\/\/spaziospadoni.org\/wp-content\/uploads\/2026\/05\/Timeline-reclutamento-volontari-F-a-1-uomo-1-donna-copia-300x142.jpg\" alt=\"Timeline recrutement b&#xE9;n&#xE9;voles F &#xE0; 1 homme 1 femme copie 300x142\"\/><figcaption class=\"wp-element-caption\">29 septembre | Recrutement de b\u00e9n\u00e9voles locaux<\/figcaption><\/figure>\n\n\n<figure class=\"wp-block-image size-large\"><img decoding=\"async\" src=\"https:\/\/spaziospadoni.org\/wp-content\/uploads\/2026\/05\/Timeline-reclutamento-volontari-F-sparsi-copia-300x146.jpg\" alt=\"Timeline recrutement b&#xE9;n&#xE9;voles F &#xE9;parpill&#xE9;s copie 300x146\"\/><figcaption class=\"wp-element-caption\">29 septembre | Recrutement de b\u00e9n\u00e9voles locaux<\/figcaption><\/figure>\n\n\n<figure class=\"wp-block-image size-large\"><img decoding=\"async\" src=\"https:\/\/spaziospadoni.org\/wp-content\/uploads\/2026\/05\/Timeline-reclutamento-volontari-F-suora-e-persona-di-spalle-con-maglia-nera-copia-300x225.jpg\" alt=\"Timeline recrutement b&#xE9;n&#xE9;voles F s&#x153;ur et personne de dos avec un t-shirt noir copie 300x225\"\/><figcaption class=\"wp-element-caption\">29 septembre | Recrutement de b\u00e9n\u00e9voles locaux<\/figcaption><\/figure>\n\n<\/figure>\n\n\n<\/div>\n\n\n<\/div>\n\n\n\n\n<div class=\"ss-timeline\">\n\n<h3 id=\"2022\" class=\"gb-text\">2022<\/h3>\n\n\n\n\n\n<div class=\"ss-timeline-item\">\n\n<h4 id=\"27-janvier-formation-en-ligne-hic-sum-et-opera-m\" class=\"gb-text\">27 janvier | Formation en ligne HIC SUM et OPERA M<\/h4>\n\n\n\n\n<figure class=\"wp-block-gallery has-nested-images columns-1 is-cropped ss-lightbox wp-block-gallery-5 is-layout-flex wp-block-gallery-is-layout-flex\">\n\n<figure class=\"wp-block-image size-large\"><img decoding=\"async\" src=\"https:\/\/spaziospadoni.org\/wp-content\/uploads\/2026\/05\/Timeline-primo-viaggio-paolo-F-paolo-copia-281x300.jpg\" alt=\"Timeline premier voyage paolo F paolo copie 281x300\"\/><figcaption class=\"wp-element-caption\">27 janvier | Formation en ligne HIC SUM et OPERA M<\/figcaption><\/figure>\n\n\n<figure class=\"wp-block-image size-large\"><img decoding=\"async\" src=\"https:\/\/spaziospadoni.org\/wp-content\/uploads\/2026\/05\/Timeline-primo-viaggio-paolo-F-suora-300x167.jpeg\" alt=\"Timeline premier voyage paolo F s&#x153;ur 300x167\"\/><figcaption class=\"wp-element-caption\">27 janvier | Formation en ligne HIC SUM et OPERA M<\/figcaption><\/figure>\n\n\n<figure class=\"wp-block-image size-large\"><img decoding=\"async\" src=\"https:\/\/spaziospadoni.org\/wp-content\/uploads\/2026\/05\/Timeline-primo-viaggio-paolo-F-paolo-suora-donna-a-destra-in-pp-copia-300x138.jpg\" alt=\"Timeline premier voyage paolo F paolo s&#x153;ur femme &#xE0; droite en pp copie 300x138\"\/><figcaption class=\"wp-element-caption\">27 janvier | Formation en ligne HIC SUM et OPERA M<\/figcaption><\/figure>\n\n\n<figure class=\"wp-block-image size-large\"><img decoding=\"async\" src=\"https:\/\/spaziospadoni.org\/wp-content\/uploads\/2026\/05\/Timeline-primo-viaggio-paolo-F-tutti-copia-2-235x300.jpg\" alt=\"Timeline premier voyage paolo F tous copie 2 235x300\"\/><figcaption class=\"wp-element-caption\">27 janvier | Formation en ligne HIC SUM et OPERA M<\/figcaption><\/figure>\n\n\n<figure class=\"wp-block-image size-large\"><img decoding=\"async\" src=\"https:\/\/spaziospadoni.org\/wp-content\/uploads\/2026\/05\/Timeline-primo-viaggio-paolo-2-271x300.jpeg\" alt=\"Timeline premier voyage paolo 2 271x300\"\/><figcaption class=\"wp-element-caption\">27 janvier | Formation en ligne HIC SUM et OPERA M<\/figcaption><\/figure>\n\n\n<figure class=\"wp-block-image size-large\"><img decoding=\"async\" src=\"https:\/\/spaziospadoni.org\/wp-content\/uploads\/2026\/05\/Timeline-primo-viaggio-paolo-135x300.jpeg\" alt=\"Timeline premier voyage paolo 271x300\"\/><figcaption class=\"wp-element-caption\">27 janvier | Formation en ligne HIC SUM et OPERA M<\/figcaption><\/figure>\n\n<\/figure>\n\n\n<\/div>\n\n\n\n\n<div class=\"ss-timeline-item\">\n\n<h4 id=\"novembre-rapport-dactivite-des-benevoles-et-oeuvres-de-misericorde\" class=\"gb-text\">Novembre | Rapport d&rsquo;activit\u00e9 des b\u00e9n\u00e9voles et \u0153uvres de mis\u00e9ricorde<\/h4>\n\n\n\n\n<p class=\"wp-block-paragraph\">Mise \u00e0 jour des activit\u00e9s des b\u00e9n\u00e9voles dans la diffusion des \u0153uvres de mis\u00e9ricorde<\/p>\n\n\n<\/div>\n\n\n<\/div>\n\n\n\n\n<div class=\"ss-timeline\">\n\n<h3 id=\"2023\" class=\"gb-text\">2023<\/h3>\n\n\n\n\n\n<div class=\"ss-timeline-item\">\n\n<h4 id=\"01-fevrier-second-voyage-de-paolo\" class=\"gb-text\">01 f\u00e9vrier | Second voyage de Paolo<\/h4>\n\n\n\n\n<p class=\"wp-block-paragraph\">Paolo s&rsquo;envole pour la deuxi\u00e8me fois vers Kavimvira<\/p>\n\n\n\n<figure class=\"wp-block-gallery has-nested-images columns-1 is-cropped ss-lightbox wp-block-gallery-6 is-layout-flex wp-block-gallery-is-layout-flex\">\n\n<figure class=\"wp-block-image size-large\"><img decoding=\"async\" src=\"https:\/\/spaziospadoni.org\/wp-content\/uploads\/2026\/05\/Timeline-secondo-viaggio-paolo-F-paolo-copia-240x300.jpg\" alt=\"Timeline second voyage paolo F paolo copie 240x300\"\/><figcaption class=\"wp-element-caption\">01 f\u00e9vrier | Second voyage de Paolo<\/figcaption><\/figure>\n\n\n<figure class=\"wp-block-image size-large\"><img decoding=\"async\" src=\"https:\/\/spaziospadoni.org\/wp-content\/uploads\/2026\/05\/Timeline-secondo-viaggio-paolo-2-300x264.jpeg\" alt=\"Timeline second voyage paolo 2 300x264\"\/><figcaption class=\"wp-element-caption\">01 f\u00e9vrier | Second voyage de Paolo<\/figcaption><\/figure>\n\n\n<figure class=\"wp-block-image size-large\"><img decoding=\"async\" src=\"https:\/\/spaziospadoni.org\/wp-content\/uploads\/2026\/05\/Timeline-secondo-viaggio-paolo-F-volontaria-2-copia-135x300.jpg\" alt=\"Timeline second voyage paolo F b&#xE9;n&#xE9;vole 2 copie 135x300\"\/><figcaption class=\"wp-element-caption\">01 f\u00e9vrier | Second voyage de Paolo<\/figcaption><\/figure>\n\n\n<figure class=\"wp-block-image size-large\"><img decoding=\"async\" src=\"https:\/\/spaziospadoni.org\/wp-content\/uploads\/2026\/05\/Timeline-secondo-viaggio-paolo-F-donna-con-stampella-prima-a-destra-273x300.jpeg\" alt=\"Timeline second voyage paolo F femme avec b&#xE9;quille premi&#xE8;re &#xE0; droite 273x300\"\/><figcaption class=\"wp-element-caption\">01 f\u00e9vrier | Second voyage de Paolo<\/figcaption><\/figure>\n\n\n<figure class=\"wp-block-image size-large\"><img decoding=\"async\" src=\"https:\/\/spaziospadoni.org\/wp-content\/uploads\/2026\/05\/Timeline-secondo-viaggio-paolo-F-volontaria-151x300.jpeg\" alt=\"Timeline second voyage paolo F b&#xE9;n&#xE9;vole 151x300\"\/><figcaption class=\"wp-element-caption\">01 f\u00e9vrier | Second voyage de Paolo<\/figcaption><\/figure>\n\n\n<figure class=\"wp-block-image size-large\"><img decoding=\"async\" src=\"https:\/\/spaziospadoni.org\/wp-content\/uploads\/2026\/05\/Timeline-secondo-viaggio-paolo-156x300.jpeg\" alt=\"Timeline second voyage paolo 156x300\"\/><figcaption class=\"wp-element-caption\">01 f\u00e9vrier | Second voyage de Paolo<\/figcaption><\/figure>\n\n<\/figure>\n\n\n<\/div>\n\n\n\n\n<div class=\"ss-timeline-item\">\n\n<h4 id=\"01-avril-rapport-dactivite-des-benevoles-et-oeuvres-de-misericorde\" class=\"gb-text\">01 avril | Rapport d&rsquo;activit\u00e9 des b\u00e9n\u00e9voles et \u0153uvres de mis\u00e9ricorde<\/h4>\n\n\n\n\n<p class=\"wp-block-paragraph\">Mise \u00e0 jour des activit\u00e9s des b\u00e9n\u00e9voles dans la diffusion des \u0153uvres de mis\u00e9ricorde<\/p>\n\n\n\n<figure class=\"wp-block-gallery has-nested-images columns-1 is-cropped ss-lightbox wp-block-gallery-7 is-layout-flex wp-block-gallery-is-layout-flex\">\n\n<figure class=\"wp-block-image size-large\"><img decoding=\"async\" src=\"https:\/\/spaziospadoni.org\/wp-content\/uploads\/2026\/05\/2023_marzo_hicsum_1_congo_kavimvira_sr_jacqueline_santa_gemma_inaugurazione_casa_indigente_spazio_spadoni-25.jpeg\" alt=\"2023 mars hicsum 1 congo kavimvira s&#x153;ur jacqueline santa gemma inauguration maison d'indigent spazio + spadoni 25\"\/><figcaption class=\"wp-element-caption\">01 avril | Rapport d&rsquo;activit\u00e9 des b\u00e9n\u00e9voles et \u0153uvres de mis\u00e9ricorde<\/figcaption><\/figure>\n\n<\/figure>\n\n\n<\/div>\n\n\n\n\n<div class=\"ss-timeline-item\">\n\n<h4 id=\"04-septembre-rapport-dactivite-des-benevoles-et-oeuvres-de-misericorde\" class=\"gb-text\">04 septembre | Rapport d&rsquo;activit\u00e9 des b\u00e9n\u00e9voles et \u0153uvres de mis\u00e9ricorde<\/h4>\n\n\n\n\n<p class=\"wp-block-paragraph\">Mise \u00e0 jour des activit\u00e9s des b\u00e9n\u00e9voles dans la diffusion des \u0153uvres de mis\u00e9ricorde<\/p>\n\n\n<\/div>\n\n\n<\/div>\n\n\n\n\n<div class=\"ss-timeline\">\n\n<h3 id=\"2024\" class=\"gb-text\">2024<\/h3>\n\n\n\n\n\n<div class=\"ss-timeline-item\">\n\n<h4 id=\"20-mars-rapport-dactivite-des-benevoles-et-oeuvres-de-misericorde\" class=\"gb-text\">20 mars | Rapport d&rsquo;activit\u00e9 des b\u00e9n\u00e9voles et \u0153uvres de mis\u00e9ricorde<\/h4>\n\n\n\n\n<p class=\"wp-block-paragraph\">Mise \u00e0 jour des activit\u00e9s des b\u00e9n\u00e9voles dans la diffusion des \u0153uvres de mis\u00e9ricorde<\/p>\n\n\n\n<figure class=\"wp-block-gallery has-nested-images columns-1 is-cropped ss-lightbox wp-block-gallery-8 is-layout-flex wp-block-gallery-is-layout-flex\">\n\n<figure class=\"wp-block-image size-large\"><img decoding=\"async\" src=\"https:\/\/spaziospadoni.org\/wp-content\/uploads\/2026\/05\/2024_congo_suor_jacqueline_opere_misericordia_volontari_operam_spazio_spadoni-6-300x225.jpg\" alt=\"2024 congo s&#x153;ur jacqueline &#x153;uvres de mis&#xE9;ricorde b&#xE9;n&#xE9;voles operam spazio + spadoni 6 300x225\"\/><figcaption class=\"wp-element-caption\">20 mars | Rapport d&rsquo;activit\u00e9 des b\u00e9n\u00e9voles et \u0153uvres de mis\u00e9ricorde<\/figcaption><\/figure>\n\n\n<figure class=\"wp-block-image size-large\"><img decoding=\"async\" src=\"https:\/\/spaziospadoni.org\/wp-content\/uploads\/2026\/05\/2024_congo_suor_jacqueline_opere_misericordia_volontari_operam_spazio_spadoni-3-300x225.jpg\" alt=\"2024 congo s&#x153;ur jacqueline &#x153;uvres de mis&#xE9;ricorde b&#xE9;n&#xE9;voles operam spazio + spadoni 3 300x225\"\/><figcaption class=\"wp-element-caption\">20 mars | Rapport d&rsquo;activit\u00e9 des b\u00e9n\u00e9voles et \u0153uvres de mis\u00e9ricorde<\/figcaption><\/figure>\n\n<\/figure>\n\n\n<\/div>\n\n\n\n\n<div class=\"ss-timeline-item\">\n\n<h4 id=\"decembre-transfert-de-soeur-jacqueline\" class=\"gb-text\">D\u00e9cembre | Transfert de s\u0153ur Jacqueline<\/h4>\n\n\n\n\n<p class=\"wp-block-paragraph\">S\u0153ur Jacqueline est transf\u00e9r\u00e9e dans une communaut\u00e9 en C\u00f4te d&rsquo;Ivoire. S\u0153ur Audacieuse poursuivra le projet avec les b\u00e9n\u00e9voles \u00e0 Kavimvira. <\/p>\n\n\n<\/div>\n\n\n<\/div>\n\n\n\n\n<div class=\"ss-timeline\">\n\n<h3 id=\"2025\" class=\"gb-text\">2025<\/h3>\n\n\n\n\n\n<div class=\"ss-timeline-item\">\n\n<h4 id=\"05-mars-rapport-dactivite-des-benevoles-et-oeuvres-de-misericorde\" class=\"gb-text\">05 mars | Rapport d&rsquo;activit\u00e9 des b\u00e9n\u00e9voles et \u0153uvres de mis\u00e9ricorde<\/h4>\n\n\n\n\n<p class=\"wp-block-paragraph\">Mise \u00e0 jour des activit\u00e9s des b\u00e9n\u00e9voles dans la diffusion des \u0153uvres de mis\u00e9ricorde<\/p>\n\n\n\n<figure class=\"wp-block-gallery has-nested-images columns-1 is-cropped ss-lightbox wp-block-gallery-9 is-layout-flex wp-block-gallery-is-layout-flex\">\n\n<figure class=\"wp-block-image size-large\"><img decoding=\"async\" src=\"https:\/\/spaziospadoni.org\/wp-content\/uploads\/2026\/05\/2025_marzo_volontari_opere_misericordia_spazio_spadoni_congo_uvira_kavimvira-3-225x300.jpg\" alt=\"2025 mars b&#xE9;n&#xE9;voles &#x153;uvres de mis&#xE9;ricorde spazio + spadoni congo uvira kavimvira 3 225x300\"\/><figcaption class=\"wp-element-caption\">05 mars | Rapport d&rsquo;activit\u00e9 des b\u00e9n\u00e9voles et \u0153uvres de mis\u00e9ricorde<\/figcaption><\/figure>\n\n\n<figure class=\"wp-block-image size-large\"><img decoding=\"async\" src=\"https:\/\/spaziospadoni.org\/wp-content\/uploads\/2026\/05\/2025_marzo_volontari_opere_misericordia_spazio_spadoni_congo_uvira_kavimvira-2-225x300.jpg\" alt=\"2025 mars b&#xE9;n&#xE9;voles &#x153;uvres de mis&#xE9;ricorde spazio + spadoni congo uvira kavimvira 2 225x300\"\/><figcaption class=\"wp-element-caption\">05 mars | Rapport d&rsquo;activit\u00e9 des b\u00e9n\u00e9voles et \u0153uvres de mis\u00e9ricorde<\/figcaption><\/figure>\n\n<\/figure>\n\n\n<\/div>\n\n\n<\/div>\n\n\n<\/div>\n\n\n\n<div class=\"ss-project-reports\">\n<h2 id=\"rapport-des-oeuvres-de-misericorde\" class=\"gb-text gb-text-75c3218d\">Rapport des \u0152uvres de Mis\u00e9ricorde<\/h2>\n\n\n<ul class=\"wp-block-list ss-report-list\">\n\n<li><a href=\"https:\/\/spaziospadoni.org\/wp-content\/uploads\/2026\/05\/agosto-2023_Report-OdM_Kavimvira.pdf\" target=\"_blank\" rel=\"noreferrer noopener\" title=\"ao\u00fbt 2023_Rapport \u0153uvres de mis\u00e9ricorde_Kavimvira\">ao\u00fbt 2023_Rapport \u0153uvres de mis\u00e9ricorde_Kavimvira<\/a><\/li>\n\n\n<li><a href=\"https:\/\/spaziospadoni.org\/wp-content\/uploads\/2026\/05\/dicembre-2021_Report-OdM_Kavimvira.pdf\" target=\"_blank\" rel=\"noreferrer noopener\" title=\"d\u00e9cembre 2021_Rapport \u0153uvres de mis\u00e9ricorde_Kavimvira\">d\u00e9cembre 2021_Rapport \u0153uvres de mis\u00e9ricorde_Kavimvira<\/a><\/li>\n\n<\/ul>\n\n<\/div>\n\n\n\n<div class=\"ss-project-media\">\n<h2 id=\"photos-et-videos\" class=\"gb-text gb-text-d7bd8be8\">Photos et vid\u00e9os<\/h2>\n\n\n<div class=\"ss-media-filters\">\n\n<a class=\"gb-text ss-media-filter active\" data-filter=\"*\" title=\"Tout\">Tout<\/a>\n\n\n<a class=\"gb-text ss-media-filter\" data-filter=\".formazione\" title=\"Formation\">Formation<\/a>\n\n\n<a class=\"gb-text ss-media-filter\" data-filter=\".repubblica-democratica-del-congo\" title=\"R\u00e9publique d\u00e9mocratique du Congo\">R\u00e9publique d\u00e9mocratique du Congo<\/a>\n\n\n<a class=\"gb-text ss-media-filter\" data-filter=\".mandato\" title=\"Mandat\">Mandat<\/a>\n\n\n<a class=\"gb-text ss-media-filter\" data-filter=\".viaggio-paolo-2022\" title=\"Voyage de Paolo 2022\">Voyage de Paolo 2022<\/a>\n\n\n<a class=\"gb-text ss-media-filter\" data-filter=\".viaggio-paolo-2023\" title=\"Voyage de Paolo 2023\">Voyage de Paolo 2023<\/a>\n\n\n<a class=\"gb-text ss-media-filter\" data-filter=\".video\" title=\"Vid\u00e9o\">Vid\u00e9o<\/a>\n\n<\/div>\n\n\n<div class=\"ss-media-grid\">\n<div>\n<figure class=\"wp-block-gallery has-nested-images columns-1 is-cropped ss-lightbox wp-block-gallery-10 is-layout-flex wp-block-gallery-is-layout-flex\">\n\n<figure class=\"wp-block-image size-large formazione\"><img decoding=\"async\" alt=\"Aquarelle de s&#x153;ur Jacqueline 245x300\" src=\"https:\/\/spaziospadoni.org\/wp-content\/uploads\/2026\/05\/Acquerello-di-suor-Jacqueline-245x300.jpg\"\/><\/figure>\n\n\n<figure class=\"wp-block-image size-large formazione\"><img decoding=\"async\" alt=\"2020 septembre hicsum italie s&#x153;ur jacqueline santa gemma formation spazio + spadoni 2 scaled\" src=\"https:\/\/spaziospadoni.org\/wp-content\/uploads\/2026\/05\/2020_settembre_hicsum_italia_suor_jacqueline_santa_gemma__formazione_spazio_spadoni-2-scaled-1.jpg\"\/><\/figure>\n\n\n<figure class=\"wp-block-image size-large formazione\"><img decoding=\"async\" alt=\"Timeline d&#xE9;but de la collaboration F s&#x153;ur et Don D copie 300x297\" src=\"https:\/\/spaziospadoni.org\/wp-content\/uploads\/2026\/05\/Timeline-inizio-rapporto-F-suora-e-Don-D-copia-300x297.jpg\"\/><\/figure>\n\n\n<figure class=\"wp-block-image size-large formazione\"><img decoding=\"async\" alt=\"Timeline formation avril F s&#x153;ur copie 300x248\" src=\"https:\/\/spaziospadoni.org\/wp-content\/uploads\/2026\/05\/Timeline-formazione-aprile-F-suora-copia-300x248.jpg\"\/><\/figure>\n\n\n<figure class=\"wp-block-image size-large formazione\"><img decoding=\"async\" alt=\"Timeline d&#xE9;but de la collaboration F s&#x153;ur copie 277x300\" src=\"https:\/\/spaziospadoni.org\/wp-content\/uploads\/2026\/05\/Timiline-inizio-rapporto-F-suora-copia-277x300.jpg\"\/><\/figure>\n\n\n<figure class=\"wp-block-image size-large formazione\"><img decoding=\"async\" alt=\"Timeline d&#xE9;part de la s&#x153;ur F s&#x153;ur Luigi et b&#xE9;n&#xE9;vole copie 300x162\" src=\"https:\/\/spaziospadoni.org\/wp-content\/uploads\/2026\/05\/Timeline-partenza-suora-F-suora-Luigi-e-volontaria-copia-300x162.jpg\"\/><\/figure>\n\n\n<figure class=\"wp-block-image size-large repubblica-democratica-del-congo\"><img decoding=\"async\" alt=\"2021 d&#xE9;cembre hicsum congo kavimvira s&#x153;ur jacqueline santa gemma misericordia spazio + spadoni 1\" src=\"https:\/\/spaziospadoni.org\/wp-content\/uploads\/2026\/05\/2021_dicembre_hicsum_congo_kavimvira_sr_jacqueline_santa_gemma_misericordia_spazio_spadoni-1.jpg\"\/><\/figure>\n\n\n<figure class=\"wp-block-image size-large repubblica-democratica-del-congo\"><img decoding=\"async\" alt=\"2021 d&#xE9;cembre hicsum congo kavimvira s&#x153;ur jacqueline santa gemma misericordia spazio + spadoni 1\" src=\"https:\/\/spaziospadoni.org\/wp-content\/uploads\/2026\/05\/2021_dicembre_hicsum_congo_kavimvira_sr_jacqueline_santa_gemma_misericordia_spazio_spadoni-1.jpg\"\/><\/figure>\n\n\n<figure class=\"wp-block-image size-large repubblica-democratica-del-congo\"><img decoding=\"async\" alt=\"2021 d&#xE9;cembre hicsum congo kavimvira s&#x153;ur jacqueline santa gemma misericordia spazio + spadoni 2\" src=\"https:\/\/spaziospadoni.org\/wp-content\/uploads\/2026\/05\/2021_dicembre_hicsum_congo_kavimvira_sr_jacqueline_santa_gemma_misericordia_spazio_spadoni-2.jpg\"\/><\/figure>\n\n\n<figure class=\"wp-block-image size-large repubblica-democratica-del-congo\"><img decoding=\"async\" alt=\"2021 d&#xE9;cembre hicsum congo kavimvira s&#x153;ur jacqueline santa gemma misericordia spazio + spadoni 3\" src=\"https:\/\/spaziospadoni.org\/wp-content\/uploads\/2026\/05\/2021_dicembre_hicsum_congo_kavimvira_sr_jacqueline_santa_gemma_misericordia_spazio_spadoni-3.jpg\"\/><\/figure>\n\n\n<figure class=\"wp-block-image size-large repubblica-democratica-del-congo\"><img decoding=\"async\" alt=\"2021 d&#xE9;cembre hicsum congo kavimvira s&#x153;ur jacqueline santa gemma misericordia spazio + spadoni 4\" src=\"https:\/\/spaziospadoni.org\/wp-content\/uploads\/2026\/05\/2021_dicembre_hicsum_congo_kavimvira_sr_jacqueline_santa_gemma_misericordia_spazio_spadoni-4.jpg\"\/><\/figure>\n\n\n<figure class=\"wp-block-image size-large repubblica-democratica-del-congo\"><img decoding=\"async\" alt=\"2021 d&#xE9;cembre hicsum congo kavimvira s&#x153;ur jacqueline santa gemma misericordia spazio + spadoni 5\" src=\"https:\/\/spaziospadoni.org\/wp-content\/uploads\/2026\/05\/2021_dicembre_hicsum_congo_kavimvira_sr_jacqueline_santa_gemma_misericordia_spazio_spadoni-5.jpg\"\/><\/figure>\n\n\n<figure class=\"wp-block-image size-large repubblica-democratica-del-congo\"><img decoding=\"async\" alt=\"2021 d&#xE9;cembre hicsum congo kavimvira s&#x153;ur jacqueline santa gemma misericordia spazio + spadoni 7\" src=\"https:\/\/spaziospadoni.org\/wp-content\/uploads\/2026\/05\/2021_dicembre_hicsum_congo_kavimvira_sr_jacqueline_santa_gemma_misericordia_spazio_spadoni-7.jpg\"\/><\/figure>\n\n\n<figure class=\"wp-block-image size-large repubblica-democratica-del-congo\"><img decoding=\"async\" alt=\"2021 d&#xE9;cembre hicsum congo kavimvira s&#x153;ur jacqueline santa gemma misericordia spazio + spadoni 9\" src=\"https:\/\/spaziospadoni.org\/wp-content\/uploads\/2026\/05\/2021_dicembre_hicsum_congo_kavimvira_sr_jacqueline_santa_gemma_misericordia_spazio_spadoni-9.jpg\"\/><\/figure>\n\n\n<figure class=\"wp-block-image size-large mandato\"><img decoding=\"async\" alt=\"Timeline d&#xE9;part de la s&#x153;ur F s&#x153;ur mandat et une autre s&#x153;ur au hasard copie 300x160\" src=\"https:\/\/spaziospadoni.org\/wp-content\/uploads\/2026\/05\/Timeline-partenza-suora-F-suora-mandato-e-un-altra-suora-a-caso-copia-300x160.jpg\"\/><\/figure>\n\n\n<figure class=\"wp-block-image size-large repubblica-democratica-del-congo\"><img decoding=\"async\" alt=\"2022 avril hicsum congo kavimvira s&#x153;ur jacqueline santa gemma spazio + spadoni orphelinat 1\" src=\"https:\/\/spaziospadoni.org\/wp-content\/uploads\/2026\/05\/2022_aprile_hicsum_congo_kavimvira_sr_jacqueline_santa_gemma_spazio_spadoni_orfanotrofio-1.jpeg\"\/><\/figure>\n\n\n<figure class=\"wp-block-image size-large repubblica-democratica-del-congo\"><img decoding=\"async\" alt=\"2022 avril hicsum congo kavimvira s&#x153;ur jacqueline santa gemma spazio + spadoni orphelinat 2\" src=\"https:\/\/spaziospadoni.org\/wp-content\/uploads\/2026\/05\/2022_aprile_hicsum_congo_kavimvira_sr_jacqueline_santa_gemma_spazio_spadoni_orfanotrofio-2.jpeg\"\/><\/figure>\n\n\n<figure class=\"wp-block-image size-large repubblica-democratica-del-congo\"><img decoding=\"async\" alt=\"2022 avril hicsum congo kavimvira s&#x153;ur jacqueline santa gemma spazio + spadoni orphelinat 3\" src=\"https:\/\/spaziospadoni.org\/wp-content\/uploads\/2026\/05\/2022_aprile_hicsum_congo_kavimvira_sr_jacqueline_santa_gemma_spazio_spadoni_orfanotrofio-3.jpeg\"\/><\/figure>\n\n\n<figure class=\"wp-block-image size-large repubblica-democratica-del-congo\"><img decoding=\"async\" alt=\"2022 avril hicsum congo kavimvira s&#x153;ur jacqueline santa gemma spazio + spadoni orphelinat 4\" src=\"https:\/\/spaziospadoni.org\/wp-content\/uploads\/2026\/05\/2022_aprile_hicsum_congo_kavimvira_sr_jacqueline_santa_gemma_spazio_spadoni_orfanotrofio-4.jpeg\"\/><\/figure>\n\n\n<figure class=\"wp-block-image size-large repubblica-democratica-del-congo\"><img decoding=\"async\" alt=\"2022 avril hicsum congo kavimvira s&#x153;ur jacqueline santa gemma spazio + spadoni orphelinat 5\" src=\"https:\/\/spaziospadoni.org\/wp-content\/uploads\/2026\/05\/2022_aprile_hicsum_congo_kavimvira_sr_jacqueline_santa_gemma_spazio_spadoni_orfanotrofio-5.jpeg\"\/><\/figure>\n\n\n<figure class=\"wp-block-image size-large repubblica-democratica-del-congo\"><img decoding=\"async\" alt=\"2022 avril hicsum congo kavimvira s&#x153;ur jacqueline santa gemma spazio + spadoni orphelinat 7\" src=\"https:\/\/spaziospadoni.org\/wp-content\/uploads\/2026\/05\/2022_aprile_hicsum_congo_kavimvira_sr_jacqueline_santa_gemma_spazio_spadoni_orfanotrofio-7.jpeg\"\/><\/figure>\n\n\n<figure class=\"wp-block-image size-large repubblica-democratica-del-congo\"><img decoding=\"async\" alt=\"2022 f&#xE9;vrier hicsum 1 congo kavimvira uvira s&#x153;ur jacqueline s&#x153;urs de santa gemma misericordia spazio + spadoni 1\" src=\"https:\/\/spaziospadoni.org\/wp-content\/uploads\/2026\/05\/2022_febbraio_hicsum_1_congo_kavimvira_uvira_suor_jacqueline_sorelle_santa_gemma_misericordia_spazio_spadoni-1.jpeg\"\/><\/figure>\n\n\n<figure class=\"wp-block-image size-large repubblica-democratica-del-congo\"><img decoding=\"async\" alt=\"2022 f&#xE9;vrier hicsum 1 congo kavimvira uvira s&#x153;ur jacqueline s&#x153;urs de santa gemma misericordia spazio + spadoni 2\" src=\"https:\/\/spaziospadoni.org\/wp-content\/uploads\/2026\/05\/2022_febbraio_hicsum_1_congo_kavimvira_uvira_suor_jacqueline_sorelle_santa_gemma_misericordia_spazio_spadoni-2.jpeg\"\/><\/figure>\n\n\n<figure class=\"wp-block-image size-large repubblica-democratica-del-congo\"><img decoding=\"async\" alt=\"2022 f&#xE9;vrier hicsum 1 congo kavimvira uvira s&#x153;ur jacqueline s&#x153;urs de santa gemma misericordia spazio + spadoni 3\" src=\"https:\/\/spaziospadoni.org\/wp-content\/uploads\/2026\/05\/2022_febbraio_hicsum_1_congo_kavimvira_uvira_suor_jacqueline_sorelle_santa_gemma_misericordia_spazio_spadoni-3.jpeg\"\/><\/figure>\n\n\n<figure class=\"wp-block-image size-large repubblica-democratica-del-congo\"><img decoding=\"async\" alt=\"2022 f&#xE9;vrier hicsum 1 congo kavimvira uvira s&#x153;ur jacqueline s&#x153;urs de santa gemma misericordia spazio + spadoni 4\" src=\"https:\/\/spaziospadoni.org\/wp-content\/uploads\/2026\/05\/2022_febbraio_hicsum_1_congo_kavimvira_uvira_suor_jacqueline_sorelle_santa_gemma_misericordia_spazio_spadoni-4.jpeg\"\/><\/figure>\n\n\n<figure class=\"wp-block-image size-large repubblica-democratica-del-congo\"><img decoding=\"async\" alt=\"2022 f&#xE9;vrier hicsum 1 congo kavimvira uvira s&#x153;ur jacqueline s&#x153;urs de santa gemma misericordia spazio + spadoni 5\" src=\"https:\/\/spaziospadoni.org\/wp-content\/uploads\/2026\/05\/2022_febbraio_hicsum_1_congo_kavimvira_uvira_suor_jacqueline_sorelle_santa_gemma_misericordia_spazio_spadoni-5.jpeg\"\/><\/figure>\n\n\n<figure class=\"wp-block-image size-large repubblica-democratica-del-congo\"><img decoding=\"async\" alt=\"2022 f&#xE9;vrier hicsum 1 congo kavimvira uvira s&#x153;ur jacqueline s&#x153;urs de santa gemma misericordia spazio + spadoni 6\" src=\"https:\/\/spaziospadoni.org\/wp-content\/uploads\/2026\/05\/2022_febbraio_hicsum_1_congo_kavimvira_uvira_suor_jacqueline_sorelle_santa_gemma_misericordia_spazio_spadoni-6.jpeg\"\/><\/figure>\n\n\n<figure class=\"wp-block-image size-large repubblica-democratica-del-congo\"><img decoding=\"async\" alt=\"2022 f&#xE9;vrier hicsum 1 congo kavimvira uvira s&#x153;ur jacqueline s&#x153;urs de santa gemma misericordia spazio + spadoni 7\" src=\"https:\/\/spaziospadoni.org\/wp-content\/uploads\/2026\/05\/2022_febbraio_hicsum_1_congo_kavimvira_uvira_suor_jacqueline_sorelle_santa_gemma_misericordia_spazio_spadoni-7.jpeg\"\/><\/figure>\n\n\n<figure class=\"wp-block-image size-large repubblica-democratica-del-congo\"><img decoding=\"async\" alt=\"2022 f&#xE9;vrier hicsum 1 congo kavimvira uvira s&#x153;ur jacqueline s&#x153;urs de santa gemma misericordia spazio + spadoni 8\" src=\"https:\/\/spaziospadoni.org\/wp-content\/uploads\/2026\/05\/2022_febbraio_hicsum_1_congo_kavimvira_uvira_suor_jacqueline_sorelle_santa_gemma_misericordia_spazio_spadoni-8.jpeg\"\/><\/figure>\n\n\n<figure class=\"wp-block-image size-large repubblica-democratica-del-congo\"><img decoding=\"async\" alt=\"2022 f&#xE9;vrier hicsum 1 congo kavimvira uvira s&#x153;ur jacqueline s&#x153;urs de santa gemma misericordia spazio + spadoni 10\" src=\"https:\/\/spaziospadoni.org\/wp-content\/uploads\/2026\/05\/2022_febbraio_hicsum_1_congo_kavimvira_uvira_suor_jacqueline_sorelle_santa_gemma_misericordia_spazio_spadoni-10.jpeg\"\/><\/figure>\n\n\n<figure class=\"wp-block-image size-large repubblica-democratica-del-congo\"><img decoding=\"async\" alt=\"2022 f&#xE9;vrier hicsum 1 congo kavimvira uvira s&#x153;ur jacqueline s&#x153;urs de santa gemma misericordia spazio + spadoni 11\" src=\"https:\/\/spaziospadoni.org\/wp-content\/uploads\/2026\/05\/2022_febbraio_hicsum_1_congo_kavimvira_uvira_suor_jacqueline_sorelle_santa_gemma_misericordia_spazio_spadoni-11.jpeg\"\/><\/figure>\n\n\n<figure class=\"wp-block-image size-large repubblica-democratica-del-congo\"><img decoding=\"async\" alt=\"2022 f&#xE9;vrier hicsum 1 congo kavimvira uvira s&#x153;ur jacqueline s&#x153;urs de santa gemma misericordia spazio + spadoni 12\" src=\"https:\/\/spaziospadoni.org\/wp-content\/uploads\/2026\/05\/2022_febbraio_hicsum_1_congo_kavimvira_uvira_suor_jacqueline_sorelle_santa_gemma_misericordia_spazio_spadoni-12.jpeg\"\/><\/figure>\n\n\n<figure class=\"wp-block-image size-large repubblica-democratica-del-congo\"><img decoding=\"async\" alt=\"2022 f&#xE9;vrier hicsum 1 congo kavimvira uvira s&#x153;ur jacqueline s&#x153;urs de santa gemma misericordia spazio + spadoni 13\" src=\"https:\/\/spaziospadoni.org\/wp-content\/uploads\/2026\/05\/2022_febbraio_hicsum_1_congo_kavimvira_uvira_suor_jacqueline_sorelle_santa_gemma_misericordia_spazio_spadoni-13.jpeg\"\/><\/figure>\n\n\n<figure class=\"wp-block-image size-large repubblica-democratica-del-congo\"><img decoding=\"async\" alt=\"2022 f&#xE9;vrier hicsum 1 congo kavimvira uvira s&#x153;ur jacqueline s&#x153;urs de santa gemma misericordia spazio + spadoni 14\" src=\"https:\/\/spaziospadoni.org\/wp-content\/uploads\/2026\/05\/2022_febbraio_hicsum_1_congo_kavimvira_uvira_suor_jacqueline_sorelle_santa_gemma_misericordia_spazio_spadoni-14.jpeg\"\/><\/figure>\n\n\n<figure class=\"wp-block-image size-large repubblica-democratica-del-congo\"><img decoding=\"async\" alt=\"2022 f&#xE9;vrier hicsum 1 congo kavimvira uvira s&#x153;ur jacqueline s&#x153;urs de santa gemma misericordia spazio + spadoni 15\" src=\"https:\/\/spaziospadoni.org\/wp-content\/uploads\/2026\/05\/2022_febbraio_hicsum_1_congo_kavimvira_uvira_suor_jacqueline_sorelle_santa_gemma_misericordia_spazio_spadoni-15.jpeg\"\/><\/figure>\n\n\n<figure class=\"wp-block-image size-large repubblica-democratica-del-congo\"><img decoding=\"async\" alt=\"2022 septembre hicsum congo kavimvira s&#x153;ur jacqueline santa gemma dispensaire spazio + spadoni 1\" src=\"https:\/\/spaziospadoni.org\/wp-content\/uploads\/2026\/05\/2022_settembre_hicsum_congo_kavimvira_suor_jacqueline_santa_gemma_dispensario_spazio_spadoni-1.jpg\"\/><\/figure>\n\n\n<figure class=\"wp-block-image size-large repubblica-democratica-del-congo\"><img decoding=\"async\" alt=\"2022 septembre hicsum congo kavimvira uvira s&#x153;ur jacqueline s&#x153;urs de la misericordia santa gemma anniversaire de fondation spazio + spadoni\" src=\"https:\/\/spaziospadoni.org\/wp-content\/uploads\/2026\/05\/2022_settembre_hicsum_congo_kavimvira_uvira_suor_jacqueline_sorelle_mise_santa_gemma_anniversario_fondazione_spazio_spadoni.jpg\"\/><\/figure>\n\n\n<figure class=\"wp-block-image size-large repubblica-democratica-del-congo\"><img decoding=\"async\" alt=\"2023 janvier hicsum 1 congo kavimvira uvira s&#x153;ur jacqueline s&#x153;urs de santa gemma misericordia santa gemma apostolat spazio + spadoni 6\" src=\"https:\/\/spaziospadoni.org\/wp-content\/uploads\/2026\/05\/2023_gennaio_hicsum_1_congo_kavimvira_uvira_suor_jacqueline_sorelle_santa_gemma_mise_santa_gemma_apostolato_spazio_spadoni-6.jpeg\"\/><\/figure>\n\n\n<figure class=\"wp-block-image size-large repubblica-democratica-del-congo\"><img decoding=\"async\" alt=\"2023 mars hicsum 1 congo kavimvira uvira s&#x153;ur jacqueline s&#x153;urs de santa gemma misericordia santa gemma spazio + spadoni 4\" src=\"https:\/\/spaziospadoni.org\/wp-content\/uploads\/2026\/05\/2023_marzo_hicsum_1_congo_kavimvira_uvira_suor_jacqueline_sorelle_santa_gemma_mise_santa_gemma_spazio_spadoni-4.jpeg\"\/><\/figure>\n\n\n<figure class=\"wp-block-image size-large repubblica-democratica-del-congo\"><img decoding=\"async\" alt=\"2023 janvier hicsum 1 congo kavimvira uvira s&#x153;ur jacqueline s&#x153;urs de santa gemma misericordia santa gemma apostolat spazio + spadoni 5\" src=\"https:\/\/spaziospadoni.org\/wp-content\/uploads\/2026\/05\/2023_gennaio_hicsum_1_congo_kavimvira_uvira_suor_jacqueline_sorelle_santa_gemma_mise_santa_gemma_apostolato_spazio_spadoni-5.jpeg\"\/><\/figure>\n\n\n<figure class=\"wp-block-image size-large repubblica-democratica-del-congo\"><img decoding=\"async\" alt=\"2023 janvier hicsum 1 congo kavimvira uvira s&#x153;ur jacqueline s&#x153;urs de santa gemma misericordia santa gemma apostolat spazio + spadoni 3\" src=\"https:\/\/spaziospadoni.org\/wp-content\/uploads\/2026\/05\/2023_gennaio_hicsum_1_congo_kavimvira_uvira_suor_jacqueline_sorelle_santa_gemma_mise_santa_gemma_apostolato_spazio_spadoni-3.jpeg\"\/><\/figure>\n\n\n<figure class=\"wp-block-image size-large repubblica-democratica-del-congo\"><img decoding=\"async\" alt=\"2023 avril hicsum 1 congo kavimvira uvira s&#x153;ur jacqueline s&#x153;urs de santa gemma misericordia santa gemma p&#xE2;ques des enfants spazio + spadoni 8\" src=\"https:\/\/spaziospadoni.org\/wp-content\/uploads\/2026\/05\/2023_aprile_hicsum_1_congo_kavimvira_uvira_suor_jacqueline_sorelle_santa_gemma_mise_santa_gemma_pasqua_dei_bambini_spazio_spadoni-8.jpeg\"\/><\/figure>\n\n\n<figure class=\"wp-block-image size-large repubblica-democratica-del-congo\"><img decoding=\"async\" alt=\"2023 avril hicsum 1 congo kavimvira uvira s&#x153;ur jacqueline s&#x153;urs de santa gemma misericordia santa gemma p&#xE2;ques des enfants spazio + spadoni 2\" src=\"https:\/\/spaziospadoni.org\/wp-content\/uploads\/2026\/05\/2023_aprile_hicsum_1_congo_kavimvira_uvira_suor_jacqueline_sorelle_santa_gemma_mise_santa_gemma_pasqua_dei_bambini_spazio_spadoni-2.jpeg\"\/><\/figure>\n\n\n<figure class=\"wp-block-image size-large repubblica-democratica-del-congo viaggio-paolo-2022\"><img decoding=\"async\" alt=\"2022 novembre congo kavimvira s&#x153;ur jacqueline santa gemma malnutrition spazio + spadoni 9 2\" src=\"https:\/\/spaziospadoni.org\/wp-content\/uploads\/2026\/05\/2022_novembre_congo_kavimvira_sr_jacqueline_santa_gemma_malnutrizione_spazio_spadoni-9-2.jpeg\"\/><\/figure>\n\n\n<figure class=\"wp-block-image size-large repubblica-democratica-del-congo viaggio-paolo-2022\"><img decoding=\"async\" alt=\"2022 octobre hicsum congo kavimvira s&#x153;ur jacqueline profession des s&#x153;urs spazio + spadoni 22 1\" src=\"https:\/\/spaziospadoni.org\/wp-content\/uploads\/2026\/05\/2022_ottobre_hicsum_congo_kavimvira_suor_jacqueline_professione_suore_spazio_spadoni-22-1.jpeg\"\/><\/figure>\n\n\n<figure class=\"wp-block-image size-large repubblica-democratica-del-congo viaggio-paolo-2022\"><img decoding=\"async\" alt=\"2022 octobre hicsum congo kavimvira s&#x153;ur jacqueline accueil spazio + spadoni 10 1\" src=\"https:\/\/spaziospadoni.org\/wp-content\/uploads\/2026\/05\/2022_ottobre_hicsum_congo_kavimvira_sr_jacqueline_accoglienza_spazio_spadoni-10-1.jpeg\"\/><\/figure>\n\n\n<figure class=\"wp-block-image size-large viaggio-paolo-2022\"><img decoding=\"async\" alt=\"Timeline premier voyage paolo F paolo copie 281x300\" src=\"https:\/\/spaziospadoni.org\/wp-content\/uploads\/2026\/05\/Timeline-primo-viaggio-paolo-F-paolo-copia-281x300.jpg\"\/><\/figure>\n\n\n<figure class=\"wp-block-image size-large viaggio-paolo-2022\"><img decoding=\"async\" alt=\"2022 octobre hicsum italie s&#x153;ur jacqueline voyage paolo mandat spazio + spadoni 5\" src=\"https:\/\/spaziospadoni.org\/wp-content\/uploads\/2026\/05\/2022_ottobre_hicsum_italia_suor_jacqueline_viaggio_paolo_mandato_spazio_spadoni-5.jpeg\"\/><\/figure>\n\n\n<figure class=\"wp-block-image size-large viaggio-paolo-2022\"><img decoding=\"async\" alt=\"Timeline second voyage paolo F paolo copie 240x300\" src=\"https:\/\/spaziospadoni.org\/wp-content\/uploads\/2026\/05\/Timeline-secondo-viaggio-paolo-F-paolo-copia-240x300.jpg\"\/><\/figure>\n\n\n<figure class=\"wp-block-image size-large repubblica-democratica-del-congo viaggio-paolo-2022\"><img decoding=\"async\" alt=\"2022 octobre hicsum congo kavimvira s&#x153;ur jacqueline accueil spazio + spadoni 5\" src=\"https:\/\/spaziospadoni.org\/wp-content\/uploads\/2026\/05\/2022_ottobre_hicsum_congo_kavimvira_sr_jacqueline_accoglienza_spazio_spadoni-5.jpeg\"\/><\/figure>\n\n\n<figure class=\"wp-block-image size-large repubblica-democratica-del-congo viaggio-paolo-2022\"><img decoding=\"async\" alt=\"2022 octobre hicsum congo kavimvira s&#x153;ur jacqueline accueil spazio + spadoni 11\" src=\"https:\/\/spaziospadoni.org\/wp-content\/uploads\/2026\/05\/2022_ottobre_hicsum_congo_kavimvira_sr_jacqueline_accoglienza_spazio_spadoni-11.jpeg\"\/><\/figure>\n\n\n<figure class=\"wp-block-image size-large repubblica-democratica-del-congo viaggio-paolo-2022\"><img decoding=\"async\" alt=\"2022 octobre hicsum 1 italie lucca s&#x153;ur jacqueline voyage paolo spazio + spadoni 6\" src=\"https:\/\/spaziospadoni.org\/wp-content\/uploads\/2026\/05\/2022_ottobre_hicsum_1_italia_lucca_suor_jacqueline_viaggio_paolo_spazio_spadoni-6.jpeg\"\/><\/figure>\n\n\n<figure class=\"wp-block-image size-large repubblica-democratica-del-congo viaggio-paolo-2022\"><img decoding=\"async\" alt=\"2022 octobre hicsum 1 congo kavimvira s&#x153;ur jacqueline projet spazio + spadoni 10\" src=\"https:\/\/spaziospadoni.org\/wp-content\/uploads\/2026\/05\/2022_ottobre_hicsum_1_congo_kavimvira_suor_jacqueline_progetto_spazio_spadoni-10.jpeg\"\/><\/figure>\n\n\n<figure class=\"wp-block-image size-large repubblica-democratica-del-congo viaggio-paolo-2022\"><img decoding=\"async\" alt=\"2022 octobre hicsum 1 congo kavimvira s&#x153;ur jacqueline projet spazio + spadoni 3\" src=\"https:\/\/spaziospadoni.org\/wp-content\/uploads\/2026\/05\/2022_ottobre_hicsum_1_congo_kavimvira_suor_jacqueline_progetto_spazio_spadoni-3.jpeg\"\/><\/figure>\n\n\n<figure class=\"wp-block-image size-large repubblica-democratica-del-congo viaggio-paolo-2022\"><img decoding=\"async\" alt=\"2022 octobre hicsum 1 congo kavimvira s&#x153;ur jacqueline mis&#xE9;ricorde spazio + spadoni 13\" src=\"https:\/\/spaziospadoni.org\/wp-content\/uploads\/2026\/05\/2022_ottobre_hicsum_1_congo_kavimvira_suor_jacqueline_misericordia_spazio_spadoni-13.jpeg\"\/><\/figure>\n\n\n<figure class=\"wp-block-image size-large repubblica-democratica-del-congo viaggio-paolo-2022\"><img decoding=\"async\" alt=\"2022 octobre hicsum 1 congo kavimvira s&#x153;ur jacqueline mis&#xE9;ricorde spazio + spadoni 2\" src=\"https:\/\/spaziospadoni.org\/wp-content\/uploads\/2026\/05\/2022_ottobre_hicsum_1_congo_kavimvira_suor_jacqueline_misericordia_spazio_spadoni-2.jpeg\"\/><\/figure>\n\n\n<figure class=\"wp-block-image size-large repubblica-democratica-del-congo viaggio-paolo-2022\"><img decoding=\"async\" alt=\"2022 octobre hicsum 1 congo kavimvira s&#x153;ur jacqueline c&#xE9;l&#xE9;bration spazio + spadoni 6\" src=\"https:\/\/spaziospadoni.org\/wp-content\/uploads\/2026\/05\/2022_ottobre_hicsum_1_congo_kavimvira_suor_jacqueline_celebrazione_spazio_spadoni-6.jpeg\"\/><\/figure>\n\n\n<figure class=\"wp-block-image size-large repubblica-democratica-del-congo viaggio-paolo-2022\"><img decoding=\"async\" alt=\"2022 octobre hicsum 1 congo kavimvira s&#x153;ur jacqueline c&#xE9;l&#xE9;bration spazio + spadoni 5\" src=\"https:\/\/spaziospadoni.org\/wp-content\/uploads\/2026\/05\/2022_ottobre_hicsum_1_congo_kavimvira_suor_jacqueline_celebrazione_spazio_spadoni-5.jpeg\"\/><\/figure>\n\n\n<figure class=\"wp-block-image size-large viaggio-paolo-2022\"><img decoding=\"async\" alt=\"2022 novembre italie santa gemma t&#xE9;moignage mis&#xE9;ricorde spazio + spadoni 7\" src=\"https:\/\/spaziospadoni.org\/wp-content\/uploads\/2026\/05\/2022_novembre_italia_santa_gemma_testimonianza_misericordia_spazio_spadoni-7.jpeg\"\/><\/figure>\n\n\n<figure class=\"wp-block-image size-large viaggio-paolo-2022\"><img decoding=\"async\" alt=\"2022 novembre italie santa gemma t&#xE9;moignage mis&#xE9;ricorde spazio + spadoni 14\" src=\"https:\/\/spaziospadoni.org\/wp-content\/uploads\/2026\/05\/2022_novembre_italia_santa_gemma_testimonianza_misericordia_spazio_spadoni-14.jpeg\"\/><\/figure>\n\n\n<figure class=\"wp-block-image size-large viaggio-paolo-2022\"><img decoding=\"async\" alt=\"2022 novembre italie santa gemma t&#xE9;moignage mis&#xE9;ricorde spazio + spadoni 16\" src=\"https:\/\/spaziospadoni.org\/wp-content\/uploads\/2026\/05\/2022_novembre_italia_santa_gemma_testimonianza_misericordia_spazio_spadoni-16.jpeg\"\/><\/figure>\n\n\n<figure class=\"wp-block-image size-large repubblica-democratica-del-congo viaggio-paolo-2022\"><img decoding=\"async\" alt=\"2022 octobre hicsum 1 congo kavimvira s&#x153;ur jacqueline c&#xE9;l&#xE9;bration spazio + spadoni 2\" src=\"https:\/\/spaziospadoni.org\/wp-content\/uploads\/2026\/05\/2022_ottobre_hicsum_1_congo_kavimvira_suor_jacqueline_celebrazione_spazio_spadoni-2.jpeg\"\/><\/figure>\n\n\n<figure class=\"wp-block-image size-large repubblica-democratica-del-congo viaggio-paolo-2022\"><img decoding=\"async\" alt=\"Timeline o&#xF9; il y a peu de photos mettre l'&#xE9;pingle sur F copie 295x300\" src=\"https:\/\/spaziospadoni.org\/wp-content\/uploads\/2026\/05\/Timeline-dove-ci-sono-poche-foto-mettere-spilla-su-F-copia-295x300.jpg\"\/><\/figure>\n\n\n<figure class=\"wp-block-image size-large viaggio-paolo-2022\"><img decoding=\"async\" alt=\"2022 novembre italie santa gemma t&#xE9;moignage mis&#xE9;ricorde spazio + spadoni 5\" src=\"https:\/\/spaziospadoni.org\/wp-content\/uploads\/2026\/05\/2022_novembre_italia_santa_gemma_testimonianza_misericordia_spazio_spadoni-5.jpeg\"\/><\/figure>\n\n\n<figure class=\"wp-block-image size-large viaggio-paolo-2022\"><img decoding=\"async\" alt=\"2022 novembre italie santa gemma t&#xE9;moignage mis&#xE9;ricorde spazio + spadoni 3\" src=\"https:\/\/spaziospadoni.org\/wp-content\/uploads\/2026\/05\/2022_novembre_italia_santa_gemma_testimonianza_misericordia_spazio_spadoni-3.jpeg\"\/><\/figure>\n\n\n<figure class=\"wp-block-image size-large viaggio-paolo-2022\"><img decoding=\"async\" alt=\"2022 novembre italie santa gemma t&#xE9;moignage mis&#xE9;ricorde spazio + spadoni 1\" src=\"https:\/\/spaziospadoni.org\/wp-content\/uploads\/2026\/05\/2022_novembre_italia_santa_gemma_testimonianza_misericordia_spazio_spadoni-1.jpeg\"\/><\/figure>\n\n\n<figure class=\"wp-block-image size-large repubblica-democratica-del-congo viaggio-paolo-2022\"><img decoding=\"async\" alt=\"Timeline recrutement b&#xE9;n&#xE9;voles F &#xE9;parpill&#xE9;s copie 300x146\" src=\"https:\/\/spaziospadoni.org\/wp-content\/uploads\/2026\/05\/Timeline-reclutamento-volontari-F-sparsi-copia-300x146.jpg\"\/><\/figure>\n\n\n<figure class=\"wp-block-image size-large repubblica-democratica-del-congo viaggio-paolo-2022\"><img decoding=\"async\" alt=\"Timeline recrutement b&#xE9;n&#xE9;voles F &#xE0; tous les deux copie 264x300\" src=\"https:\/\/spaziospadoni.org\/wp-content\/uploads\/2026\/05\/Timeline-reclutamento-volontari-F-a-tutti-e-due-copia-264x300.jpg\"\/><\/figure>\n\n\n<figure class=\"wp-block-image size-large repubblica-democratica-del-congo viaggio-paolo-2022\"><img decoding=\"async\" alt=\"2022 novembre congo s&#x153;ur jacqueline petites filles sacr&#xE9;-c&#x153;ur spazio + spadoni 5\" src=\"https:\/\/spaziospadoni.org\/wp-content\/uploads\/2026\/05\/2022_novembre_congo_sr_jacqueline_piccole_figlie_sacro_cuore_spazio_spadoni-5.jpeg\"\/><\/figure>\n\n\n<figure class=\"wp-block-image size-large repubblica-democratica-del-congo viaggio-paolo-2022\"><img decoding=\"async\" alt=\"2022 novembre congo uvira voyage paolo visiter les prisonniers 1\" src=\"https:\/\/spaziospadoni.org\/wp-content\/uploads\/2026\/05\/2022_novembre_congo_uvira_viaggio_paolo_visitare_prigionieri-1.jpeg\"\/><\/figure>\n\n\n<figure class=\"wp-block-image size-large repubblica-democratica-del-congo viaggio-paolo-2022\"><img decoding=\"async\" alt=\"2022 novembre congo uvira voyage paolo visiter les prisonniers 2\" src=\"https:\/\/spaziospadoni.org\/wp-content\/uploads\/2026\/05\/2022_novembre_congo_uvira_viaggio_paolo_visitare_prigionieri-2.jpeg\"\/><\/figure>\n\n\n<figure class=\"wp-block-image size-large repubblica-democratica-del-congo viaggio-paolo-2022\"><img decoding=\"async\" alt=\"2022 novembre congo kavimvira s&#x153;ur jacqueline visiter les prisonniers spazio + spadoni 6\" src=\"https:\/\/spaziospadoni.org\/wp-content\/uploads\/2026\/05\/2022_novembre_congo_kavimvira_sr_jacqueline_visitare_prigionieri_spazio_spadoni-6.jpeg\"\/><\/figure>\n\n\n<figure class=\"wp-block-image size-large repubblica-democratica-del-congo viaggio-paolo-2022\"><img decoding=\"async\" alt=\"2022 novembre congo kavimvira s&#x153;ur jacqueline visiter les prisonniers spazio + spadoni 1\" src=\"https:\/\/spaziospadoni.org\/wp-content\/uploads\/2026\/05\/2022_novembre_congo_kavimvira_sr_jacqueline_visitare_prigionieri_spazio_spadoni-1.jpeg\"\/><\/figure>\n\n\n<figure class=\"wp-block-image size-large repubblica-democratica-del-congo viaggio-paolo-2022\"><img decoding=\"async\" alt=\"2022 novembre congo kavimvira s&#x153;ur jacqueline voyage paolo apostolat mis&#xE9;ricorde spazio + spadoni\" src=\"https:\/\/spaziospadoni.org\/wp-content\/uploads\/2026\/05\/2022_novembre_congo_kavimvira_sr_jacqueline_viaggio_paolo_apostolato_misericordia_spazio_spadon.jpeg\"\/><\/figure>\n\n\n<figure class=\"wp-block-image size-large repubblica-democratica-del-congo viaggio-paolo-2022\"><img decoding=\"async\" alt=\"2022 novembre congo kavimvira s&#x153;ur jacqueline voyage cat&#xE9;chisme spazio + spadoni 2\" src=\"https:\/\/spaziospadoni.org\/wp-content\/uploads\/2026\/05\/2022_novembre_congo_kavimvira_sr_jacqueline_viaggio_catechismo_spazio_spadoni-2.jpeg\"\/><\/figure>\n\n\n<figure class=\"wp-block-image size-large repubblica-democratica-del-congo viaggio-paolo-2022\"><img decoding=\"async\" alt=\"2022 novembre congo kavimvira s&#x153;ur jacqueline santa gemma b&#xE9;n&#xE9;voles spazio + spadoni 9\" src=\"https:\/\/spaziospadoni.org\/wp-content\/uploads\/2026\/05\/2022_novembre_congo_kavimvira_sr_jacqueline_santa_gemma_volontari_spazio_spadoni-9.jpeg\"\/><\/figure>\n\n\n<figure class=\"wp-block-image size-large repubblica-democratica-del-congo viaggio-paolo-2022\"><img decoding=\"async\" alt=\"2022 novembre congo kavimvira s&#x153;ur jacqueline santa gemma b&#xE9;n&#xE9;voles spazio + spadoni 7\" src=\"https:\/\/spaziospadoni.org\/wp-content\/uploads\/2026\/05\/2022_novembre_congo_kavimvira_sr_jacqueline_santa_gemma_volontari_spazio_spadoni-7.jpeg\"\/><\/figure>\n\n\n<figure class=\"wp-block-image size-large repubblica-democratica-del-congo viaggio-paolo-2022\"><img decoding=\"async\" alt=\"2022 novembre congo kavimvira s&#x153;ur jacqueline santa gemma b&#xE9;n&#xE9;voles spazio + spadoni 4\" src=\"https:\/\/spaziospadoni.org\/wp-content\/uploads\/2026\/05\/2022_novembre_congo_kavimvira_sr_jacqueline_santa_gemma_volontari_spazio_spadoni-4.jpeg\"\/><\/figure>\n\n\n<figure class=\"wp-block-image size-large repubblica-democratica-del-congo viaggio-paolo-2022\"><img decoding=\"async\" alt=\"2022 novembre congo kavimvira s&#x153;ur jacqueline santa gemma b&#xE9;n&#xE9;voles spazio + spadoni 3\" src=\"https:\/\/spaziospadoni.org\/wp-content\/uploads\/2026\/05\/2022_novembre_congo_kavimvira_sr_jacqueline_santa_gemma_volontari_spazio_spadoni-3.jpeg\"\/><\/figure>\n\n\n<figure class=\"wp-block-image size-large repubblica-democratica-del-congo viaggio-paolo-2022\"><img decoding=\"async\" alt=\"2022 novembre congo kavimvira s&#x153;ur jacqueline r&#xE9;union des b&#xE9;n&#xE9;voles spazio + spadoni 9\" src=\"https:\/\/spaziospadoni.org\/wp-content\/uploads\/2026\/05\/2022_novembre_congo_kavimvira_sr_jacqueline_riunione_volontari_spazio_spadoni-9.jpeg\"\/><\/figure>\n\n\n<figure class=\"wp-block-image size-large repubblica-democratica-del-congo viaggio-paolo-2022\"><img decoding=\"async\" alt=\"2022 novembre congo kavimvira s&#x153;ur jacqueline santa gemma malnutrition spazio + spadoni 6\" src=\"https:\/\/spaziospadoni.org\/wp-content\/uploads\/2026\/05\/2022_novembre_congo_kavimvira_sr_jacqueline_santa_gemma_malnutrizione_spazio_spadoni-6.jpeg\"\/><\/figure>\n\n\n<figure class=\"wp-block-image size-large repubblica-democratica-del-congo viaggio-paolo-2022\"><img decoding=\"async\" alt=\"2022 novembre congo kavimvira s&#x153;ur jacqueline santa gemma malnutrition spazio + spadoni 8\" src=\"https:\/\/spaziospadoni.org\/wp-content\/uploads\/2026\/05\/2022_novembre_congo_kavimvira_sr_jacqueline_santa_gemma_malnutrizione_spazio_spadoni-8.jpeg\"\/><\/figure>\n\n\n<figure class=\"wp-block-image size-large repubblica-democratica-del-congo viaggio-paolo-2022\"><img decoding=\"async\" alt=\"2022 novembre congo kavimvira s&#x153;ur jacqueline santa gemma b&#xE9;n&#xE9;voles spazio + spadoni 1\" src=\"https:\/\/spaziospadoni.org\/wp-content\/uploads\/2026\/05\/2022_novembre_congo_kavimvira_sr_jacqueline_santa_gemma_volontari_spazio_spadoni-1.jpeg\"\/><\/figure>\n\n\n<figure class=\"wp-block-image size-large repubblica-democratica-del-congo viaggio-paolo-2022\"><img decoding=\"async\" alt=\"Timeline premier voyage paolo F paolo s&#x153;ur femme &#xE0; droite en pp copie 300x138\" src=\"https:\/\/spaziospadoni.org\/wp-content\/uploads\/2026\/05\/Timeline-primo-viaggio-paolo-F-paolo-suora-donna-a-destra-in-pp-copia-300x138.jpg\"\/><\/figure>\n\n\n<figure class=\"wp-block-image size-large repubblica-democratica-del-congo viaggio-paolo-2022\"><img decoding=\"async\" alt=\"2022 novembre congo kavimvira s&#x153;ur jacqueline retour santa gemma spazio + spadoni 5\" src=\"https:\/\/spaziospadoni.org\/wp-content\/uploads\/2026\/05\/2022_novembre_congo_kavimvira_sr_jacqueline_ritorno_santa_gemma_spazio_spadoni-5.jpeg\"\/><\/figure>\n\n\n<figure class=\"wp-block-image size-large viaggio-paolo-2022\"><img decoding=\"async\" alt=\"2022 novembre congo kavimvira s&#x153;ur jacqueline rapport mis&#xE9;ricorde spazio + spadoni 1\" src=\"https:\/\/spaziospadoni.org\/wp-content\/uploads\/2026\/05\/2022_novembre_congo_kavimvira_sr_jacqueline_report_misericordia_spazio_spadoni-1.jpeg\"\/><\/figure>\n\n\n<figure class=\"wp-block-image size-large viaggio-paolo-2022\"><img decoding=\"async\" alt=\"2022 novembre congo kavimvira s&#x153;ur jacqueline malnutrition dispensaire spazio + spadoni 6\" src=\"https:\/\/spaziospadoni.org\/wp-content\/uploads\/2026\/05\/2022_novembre_congo_kavimvira_sr_jacqueline_malnutrizione_dispensario_spazio_spadoni-6.jpeg\"\/><\/figure>\n\n\n<figure class=\"wp-block-image size-large viaggio-paolo-2022\"><img decoding=\"async\" alt=\"2022 novembre congo kavimvira s&#x153;ur jacqueline malnutrition dispensaire spazio + spadoni\" src=\"https:\/\/spaziospadoni.org\/wp-content\/uploads\/2026\/05\/2022_novembre_congo_kavimvira_sr_jacqueline_malnutrizione_dispensario_spazio_spadoni-.jpeg\"\/><\/figure>\n\n\n<figure class=\"wp-block-image size-large viaggio-paolo-2022\"><img decoding=\"async\" alt=\"2022 novembre congo kavimvira s&#x153;ur jacqueline paolo construction maison spazio + spadoni 1\" src=\"https:\/\/spaziospadoni.org\/wp-content\/uploads\/2026\/05\/2022_novembre_congo_kavimvira_sr_jacqueline_paolo_costruzione_casa_spazio_spadoni-1.jpeg\"\/><\/figure>\n\n\n<figure class=\"wp-block-image size-large viaggio-paolo-2022\"><img decoding=\"async\" alt=\"2022 novembre congo kavimvira s&#x153;ur jacqueline paolo construction maison spazio + spadoni 2\" src=\"https:\/\/spaziospadoni.org\/wp-content\/uploads\/2026\/05\/2022_novembre_congo_kavimvira_sr_jacqueline_paolo_costruzione_casa_spazio_spadoni-2.jpeg\"\/><\/figure>\n\n\n<figure class=\"wp-block-image size-large viaggio-paolo-2022\"><img decoding=\"async\" alt=\"2022 novembre congo kavimvira s&#x153;ur jacqueline paolo construction maison spazio + spadoni 3\" src=\"https:\/\/spaziospadoni.org\/wp-content\/uploads\/2026\/05\/2022_novembre_congo_kavimvira_sr_jacqueline_paolo_costruzione_casa_spazio_spadoni-3.jpeg\"\/><\/figure>\n\n\n<figure class=\"wp-block-image size-large viaggio-paolo-2022\"><img decoding=\"async\" alt=\"2022 novembre congo kavimvira s&#x153;ur jacqueline famille congolaise spazio + spadoni 10\" src=\"https:\/\/spaziospadoni.org\/wp-content\/uploads\/2026\/05\/2022_novembre_congo_kavimvira_sr_jacqueline_famiglia_congolese_spazio_spadoni-10.jpeg\"\/><\/figure>\n\n\n<figure class=\"wp-block-image size-large viaggio-paolo-2022\"><img decoding=\"async\" alt=\"2022 novembre congo kavimvira s&#x153;ur jacqueline enfants malnutris spazio + spadoni 11\" src=\"https:\/\/spaziospadoni.org\/wp-content\/uploads\/2026\/05\/2022_novembre_congo_kavimvira_sr_jacqueline_bambini_malnutriti_spazio_spadoni-11.jpeg\"\/><\/figure>\n\n\n<figure class=\"wp-block-image size-large viaggio-paolo-2022\"><img decoding=\"async\" alt=\"2022 novembre congo kavimvira s&#x153;ur jacqueline enfants malnutris spazio + spadoni 10\" src=\"https:\/\/spaziospadoni.org\/wp-content\/uploads\/2026\/05\/2022_novembre_congo_kavimvira_sr_jacqueline_bambini_malnutriti_spazio_spadoni-10.jpeg\"\/><\/figure>\n\n\n<figure class=\"wp-block-image size-large viaggio-paolo-2022\"><img decoding=\"async\" alt=\"2022 novembre congo kavimvira s&#x153;ur jacqueline santa gemma apostolat spazio + spadoni 21\" src=\"https:\/\/spaziospadoni.org\/wp-content\/uploads\/2026\/05\/2022_novembr_congo_kavimvira_sr_jacqueline_santa_gemma_apostolato_spazio_spadoni-21.jpeg\"\/><\/figure>\n\n\n<figure class=\"wp-block-image size-large viaggio-paolo-2022\"><img decoding=\"async\" alt=\"2022 novembre congo kavimvira s&#x153;ur jacqueline santa gemma apostolat spazio + spadoni 22\" src=\"https:\/\/spaziospadoni.org\/wp-content\/uploads\/2026\/05\/2022_novembr_congo_kavimvira_sr_jacqueline_santa_gemma_apostolato_spazio_spadoni-22.jpeg\"\/><\/figure>\n\n\n<figure class=\"wp-block-image size-large viaggio-paolo-2022\"><img decoding=\"async\" alt=\"2022 novembre congo kavimvira s&#x153;ur jacqueline enfants malnutris spazio + spadoni 1\" src=\"https:\/\/spaziospadoni.org\/wp-content\/uploads\/2026\/05\/2022_novembre_congo_kavimvira_sr_jacqueline_bambini_malnutriti_spazio_spadoni-1.jpeg\"\/><\/figure>\n\n\n<figure class=\"wp-block-image size-large viaggio-paolo-2022\"><img decoding=\"async\" alt=\"2022 novembre congo kavimvira s&#x153;ur jacqueline enfants malnutris spazio + spadoni 4\" src=\"https:\/\/spaziospadoni.org\/wp-content\/uploads\/2026\/05\/2022_novembre_congo_kavimvira_sr_jacqueline_bambini_malnutriti_spazio_spadoni-4.jpeg\"\/><\/figure>\n\n\n<figure class=\"wp-block-image size-large viaggio-paolo-2022\"><img decoding=\"async\" alt=\"2022 novembre congo kavimvira s&#x153;ur jacqueline enfants malnutris spazio + spadoni 15\" src=\"https:\/\/spaziospadoni.org\/wp-content\/uploads\/2026\/05\/2022_novembre_congo_kavimvira_sr_jacqueline_bambini_malnutriti_spazio_spadoni-5.jpeg\"\/><\/figure>\n\n\n<figure class=\"wp-block-image size-large viaggio-paolo-2022\"><img decoding=\"async\" alt=\"2022 novembre congo kavimvira s&#x153;ur jacqueline santa gemma apostolat spazio + spadoni 19\" src=\"https:\/\/spaziospadoni.org\/wp-content\/uploads\/2026\/05\/2022_novembr_congo_kavimvira_sr_jacqueline_santa_gemma_apostolato_spazio_spadoni-19.jpeg\"\/><\/figure>\n\n\n<figure class=\"wp-block-image size-large viaggio-paolo-2022\"><img decoding=\"async\" alt=\"2022 novembre congo kavimvira s&#x153;ur jacqueline santa gemma apostolat spazio + spadoni 18\" src=\"https:\/\/spaziospadoni.org\/wp-content\/uploads\/2026\/05\/2022_novembr_congo_kavimvira_sr_jacqueline_santa_gemma_apostolato_spazio_spadoni-18.jpeg\"\/><\/figure>\n\n\n<figure class=\"wp-block-image size-large viaggio-paolo-2022\"><img decoding=\"async\" alt=\"2022 novembre congo kavimvira s&#x153;ur jacqueline santa gemma apostolat spazio + spadoni 17\" src=\"https:\/\/spaziospadoni.org\/wp-content\/uploads\/2026\/05\/2022_novembr_congo_kavimvira_sr_jacqueline_santa_gemma_apostolato_spazio_spadoni-17.jpeg\"\/><\/figure>\n\n\n<figure class=\"wp-block-image size-large viaggio-paolo-2022\"><img decoding=\"async\" alt=\"2022 novembre congo kavimvira s&#x153;ur jacqueline santa gemma apostolat spazio + spadoni 15\" src=\"https:\/\/spaziospadoni.org\/wp-content\/uploads\/2026\/05\/2022_novembr_congo_kavimvira_sr_jacqueline_santa_gemma_apostolato_spazio_spadoni-15.jpeg\"\/><\/figure>\n\n\n<figure class=\"wp-block-image size-large viaggio-paolo-2022\"><img decoding=\"async\" alt=\"2022 novembre congo kavimvira s&#x153;ur jacqueline santa gemma apostolat spazio + spadoni 12\" src=\"https:\/\/spaziospadoni.org\/wp-content\/uploads\/2026\/05\/2022_novembr_congo_kavimvira_sr_jacqueline_santa_gemma_apostolato_spazio_spadoni-12.jpeg\"\/><\/figure>\n\n\n<figure class=\"wp-block-image size-large viaggio-paolo-2022\"><img decoding=\"async\" alt=\"2022 novembre congo kavimvira s&#x153;ur jacqueline santa gemma apostolat spazio + spadoni 7\" src=\"https:\/\/spaziospadoni.org\/wp-content\/uploads\/2026\/05\/2022_novembr_congo_kavimvira_sr_jacqueline_santa_gemma_apostolato_spazio_spadoni-7.jpeg\"\/><\/figure>\n\n\n<figure class=\"wp-block-image size-large viaggio-paolo-2022\"><img decoding=\"async\" alt=\"2022 novembre congo kavimvira s&#x153;ur jacqueline santa gemma apostolat spazio + spadoni 8\" src=\"https:\/\/spaziospadoni.org\/wp-content\/uploads\/2026\/05\/2022_novembr_congo_kavimvira_sr_jacqueline_santa_gemma_apostolato_spazio_spadoni-8.jpeg\"\/><\/figure>\n\n\n<figure class=\"wp-block-image size-large viaggio-paolo-2022\"><img decoding=\"async\" alt=\"Photo projet F s&#x153;ur copie 300x295\" src=\"https:\/\/spaziospadoni.org\/wp-content\/uploads\/2026\/05\/Foto-progetto-F-suora-copia-300x295.jpg\"\/><\/figure>\n\n\n<figure class=\"wp-block-image size-large viaggio-paolo-2022\"><img decoding=\"async\" alt=\"2022 novembre congo kavimvira s&#x153;ur jacqueline santa gemma apostolat spazio + spadoni 11\" src=\"https:\/\/spaziospadoni.org\/wp-content\/uploads\/2026\/05\/2022_novembr_congo_kavimvira_sr_jacqueline_santa_gemma_apostolato_spazio_spadoni-11.jpeg\"\/><\/figure>\n\n\n<figure class=\"wp-block-image size-large viaggio-paolo-2022\"><img decoding=\"async\" alt=\"2022 novembre congo kavimvira s&#x153;ur jacqueline santa gemma apostolat spazio + spadoni 6\" src=\"https:\/\/spaziospadoni.org\/wp-content\/uploads\/2026\/05\/2022_novembr_congo_kavimvira_sr_jacqueline_santa_gemma_apostolato_spazio_spadoni-6.jpeg\"\/><\/figure>\n\n\n<figure class=\"wp-block-image size-large viaggio-paolo-2022\"><img decoding=\"async\" alt=\"2022 novembre congo kavimvira s&#x153;ur jacqueline santa gemma apostolat spazio + spadoni 4\" src=\"https:\/\/spaziospadoni.org\/wp-content\/uploads\/2026\/05\/2022_novembr_congo_kavimvira_sr_jacqueline_santa_gemma_apostolato_spazio_spadoni-4.jpeg\"\/><\/figure>\n\n\n<figure class=\"wp-block-image size-large viaggio-paolo-2022\"><img decoding=\"async\" alt=\"2022 novembre congo kavimvira s&#x153;ur jacqueline santa gemma apostolat spazio + spadoni 3\" src=\"https:\/\/spaziospadoni.org\/wp-content\/uploads\/2026\/05\/2022_novembr_congo_kavimvira_sr_jacqueline_santa_gemma_apostolato_spazio_spadoni-3.jpeg\"\/><\/figure>\n\n\n<figure class=\"wp-block-image size-large viaggio-paolo-2022\"><img decoding=\"async\" alt=\"Timeline premier voyage paolo F tous copie 235x300\" src=\"https:\/\/spaziospadoni.org\/wp-content\/uploads\/2026\/05\/Timeline-primo-viaggio-paolo-F-tutti-copia-235x300.jpg\"\/><\/figure>\n\n\n<figure class=\"wp-block-image size-large viaggio-paolo-2023\"><img decoding=\"async\" alt=\"2023 avril hicsum 1 congo kavimvira s&#x153;ur jacqueline santa gemma salut spazio + spadoni 1\" src=\"https:\/\/spaziospadoni.org\/wp-content\/uploads\/2026\/05\/2023_aprile_hicsum_1_congo_kavimvira_suor_jacqueline_santa_gemma_saluto_spazio_spadoni-1.jpeg\"\/><\/figure>\n\n\n<figure class=\"wp-block-image size-large viaggio-paolo-2023\"><img decoding=\"async\" alt=\"2023 avril hicsum 1 congo kavimvira s&#x153;ur jacqueline santa gemma salut spazio + spadoni 4\" src=\"https:\/\/spaziospadoni.org\/wp-content\/uploads\/2026\/05\/2023_aprile_hicsum_1_congo_kavimvira_suor_jacqueline_santa_gemma_saluto_spazio_spadoni-4.jpeg\"\/><\/figure>\n\n\n<figure class=\"wp-block-image size-large viaggio-paolo-2023\"><img decoding=\"async\" alt=\"2023 avril hicsum 1 congo kavimvira s&#x153;ur jacqueline santa gemma salut spazio + spadoni 5\" src=\"https:\/\/spaziospadoni.org\/wp-content\/uploads\/2026\/05\/2023_aprile_hicsum_1_congo_kavimvira_suor_jacqueline_santa_gemma_saluto_spazio_spadoni-5.jpeg\"\/><\/figure>\n\n\n<figure class=\"wp-block-image size-large viaggio-paolo-2023\"><img decoding=\"async\" alt=\"2023 avril hicsum 1 congo kavimvira s&#x153;ur jacqueline santa gemma salut spazio + spadoni 7\" src=\"https:\/\/spaziospadoni.org\/wp-content\/uploads\/2026\/05\/2023_aprile_hicsum_1_congo_kavimvira_suor_jacqueline_santa_gemma_saluto_spazio_spadoni-7.jpeg\"\/><\/figure>\n\n\n<figure class=\"wp-block-image size-large viaggio-paolo-2023\"><img decoding=\"async\" alt=\"2023 avril hicsum 1 italie s&#x153;ur jacqueline santa gemma voyage paolo retour spazio + spadoni\" src=\"https:\/\/spaziospadoni.org\/wp-content\/uploads\/2026\/05\/2023_aprile_hicsum_1_italia_suor_jacqueline_santa_gemma_viaggio_paolo_rientro_spazio_spadoni.jpeg\"\/><\/figure>\n\n\n<figure class=\"wp-block-image size-large viaggio-paolo-2023\"><img decoding=\"async\" alt=\"2023 f&#xE9;vrier hicsum 1 congo kavimvira s&#x153;ur jacqueline santa gemma voyage paolo service paroisse spazio + spadoni 3\" src=\"https:\/\/spaziospadoni.org\/wp-content\/uploads\/2026\/05\/2023_febbraio_hicsum_1_congo_kavimvira_sr_jacqueline_santa_gemma_viaggio_paolo_servizio_parrocchia_spazio_spadoni-3.jpeg\"\/><\/figure>\n\n\n<figure class=\"wp-block-image size-large viaggio-paolo-2023\"><img decoding=\"async\" alt=\"2023 f&#xE9;vrier hicsum 1 congo kavimvira s&#x153;ur jacqueline santa gemma voyage paolo service paroisse spazio + spadoni 5\" src=\"https:\/\/spaziospadoni.org\/wp-content\/uploads\/2026\/05\/2023_febbraio_hicsum_1_congo_kavimvira_sr_jacqueline_santa_gemma_viaggio_paolo_servizio_parrocchia_spazio_spadoni-5.jpeg\"\/><\/figure>\n\n\n<figure class=\"wp-block-image size-large viaggio-paolo-2023\"><img decoding=\"async\" alt=\"2023 f&#xE9;vrier hicsum 1 congo kavimvira s&#x153;ur jacqueline santa gemma voyage paolo service paroisse spazio + spadoni 15\" src=\"https:\/\/spaziospadoni.org\/wp-content\/uploads\/2026\/05\/2023_febbraio_hicsum_1_congo_kavimvira_sr_jacqueline_santa_gemma_viaggio_paolo_servizio_parrocchia_spazio_spadoni-15.jpeg\"\/><\/figure>\n\n\n<figure class=\"wp-block-image size-large viaggio-paolo-2023\"><img decoding=\"async\" alt=\"2023 f&#xE9;vrier hicsum 1 congo kavimvira s&#x153;ur jacqueline s&#x153;urs de santa gemma misericordia santa gemma apostolat spazio + spadoni 2\" src=\"https:\/\/spaziospadoni.org\/wp-content\/uploads\/2026\/05\/2023_febbraio_hicsum_1_congo_kavimvira_sr_jacqueline_sorelle_santa_gemma_mise_santa_gemma_apostolato_spazio_spadoni-2.jpeg\"\/><\/figure>\n\n\n<figure class=\"wp-block-image size-large viaggio-paolo-2023\"><img decoding=\"async\" alt=\"2023 f&#xE9;vrier hicsum 1 congo kavimvira s&#x153;ur jacqueline s&#x153;urs de santa gemma misericordia santa gemma apostolat spazio + spadoni 3\" src=\"https:\/\/spaziospadoni.org\/wp-content\/uploads\/2026\/05\/2023_febbraio_hicsum_1_congo_kavimvira_sr_jacqueline_sorelle_santa_gemma_mise_santa_gemma_apostolato_spazio_spadoni-3.jpeg\"\/><\/figure>\n\n\n<figure class=\"wp-block-image size-large viaggio-paolo-2023\"><img decoding=\"async\" alt=\"2023 f&#xE9;vrier hicsum 1 congo kavimvira s&#x153;ur jacqueline s&#x153;urs de santa gemma misericordia santa gemma apostolat spazio + spadoni 4\" src=\"https:\/\/spaziospadoni.org\/wp-content\/uploads\/2026\/05\/2023_febbraio_hicsum_1_congo_kavimvira_sr_jacqueline_sorelle_santa_gemma_mise_santa_gemma_apostolato_spazio_spadoni-4.jpeg\"\/><\/figure>\n\n\n<figure class=\"wp-block-image size-large viaggio-paolo-2023\"><img decoding=\"async\" alt=\"2023 f&#xE9;vrier hicsum 1 congo kavimvira s&#x153;ur jacqueline s&#x153;urs de santa gemma misericordia santa gemma apostolat spazio + spadoni 5\" src=\"https:\/\/spaziospadoni.org\/wp-content\/uploads\/2026\/05\/2023_febbraio_hicsum_1_congo_kavimvira_sr_jacqueline_sorelle_santa_gemma_mise_santa_gemma_apostolato_spazio_spadoni-5.jpeg\"\/><\/figure>\n\n\n<figure class=\"wp-block-image size-large viaggio-paolo-2023\"><img decoding=\"async\" alt=\"2023 f&#xE9;vrier hicsum 1 congo kavimvira s&#x153;ur jacqueline s&#x153;urs de santa gemma misericordia santa gemma apostolat spazio + spadoni 6\" src=\"https:\/\/spaziospadoni.org\/wp-content\/uploads\/2026\/05\/2023_febbraio_hicsum_1_congo_kavimvira_sr_jacqueline_sorelle_santa_gemma_mise_santa_gemma_apostolato_spazio_spadoni-6.jpeg\"\/><\/figure>\n\n\n<figure class=\"wp-block-image size-large viaggio-paolo-2023\"><img decoding=\"async\" alt=\"2023 f&#xE9;vrier hicsum 1 congo kavimvira s&#x153;ur jacqueline s&#x153;urs de santa gemma misericordia santa gemma apostolat spazio + spadoni 8\" src=\"https:\/\/spaziospadoni.org\/wp-content\/uploads\/2026\/05\/2023_febbraio_hicsum_1_congo_kavimvira_sr_jacqueline_sorelle_santa_gemma_mise_santa_gemma_apostolato_spazio_spadoni-8.jpeg\"\/><\/figure>\n\n\n<figure class=\"wp-block-image size-large viaggio-paolo-2023\"><img decoding=\"async\" alt=\"2023 f&#xE9;vrier hicsum 1 congo kavimvira s&#x153;ur jacqueline s&#x153;urs de santa gemma misericordia santa gemma apostolat spazio + spadoni 3\" src=\"https:\/\/spaziospadoni.org\/wp-content\/uploads\/2026\/05\/2023_febbraio_hicsum_1_congo_kavimvira_sr_jacqueline_sorelle_santa_gemma_mise_santa_gemma_celebrazione_spazio_spadoni-3.jpeg\"\/><\/figure>\n\n\n<figure class=\"wp-block-image size-large viaggio-paolo-2023\"><img decoding=\"async\" alt=\"2023 f&#xE9;vrier hicsum 1 congo kavimvira s&#x153;ur jacqueline s&#x153;urs de santa gemma misericordia santa gemma apostolat spazio + spadoni 4\" src=\"https:\/\/spaziospadoni.org\/wp-content\/uploads\/2026\/05\/2023_febbraio_hicsum_1_congo_kavimvira_sr_jacqueline_sorelle_santa_gemma_mise_santa_gemma_celebrazione_spazio_spadoni-4.jpeg\"\/><\/figure>\n\n\n<figure class=\"wp-block-image size-large viaggio-paolo-2023\"><img decoding=\"async\" alt=\"2023 f&#xE9;vrier hicsum 1 congo kavimvira s&#x153;ur jacqueline s&#x153;urs de santa gemma misericordia santa gemma apostolat spazio + spadoni 5\" src=\"https:\/\/spaziospadoni.org\/wp-content\/uploads\/2026\/05\/2023_febbraio_hicsum_1_congo_kavimvira_sr_jacqueline_sorelle_santa_gemma_mise_santa_gemma_celebrazione_spazio_spadoni-5.jpeg\"\/><\/figure>\n\n\n<figure class=\"wp-block-image size-large viaggio-paolo-2023\"><img decoding=\"async\" alt=\"2023 f&#xE9;vrier hicsum 1 congo kavimvira s&#x153;ur jacqueline s&#x153;urs de santa gemma misericordia santa gemma apostolat spazio + spadoni 6\" src=\"https:\/\/spaziospadoni.org\/wp-content\/uploads\/2026\/05\/2023_febbraio_hicsum_1_congo_kavimvira_sr_jacqueline_sorelle_santa_gemma_mise_santa_gemma_celebrazione_spazio_spadoni-6.jpeg\"\/><\/figure>\n\n\n<figure class=\"wp-block-image size-large viaggio-paolo-2023\"><img decoding=\"async\" alt=\"2023 f&#xE9;vrier hicsum 1 congo kavimvira s&#x153;ur jacqueline s&#x153;urs de santa gemma misericordia maison d'indigent spazio + spadoni 3\" src=\"https:\/\/spaziospadoni.org\/wp-content\/uploads\/2026\/05\/2023_febbraio_hicsum_1_congo_kavimvira_sr_jacqueline_sorelle_santa_gemma_misericordia_casa_indigente_spazio_spadoni-3.jpeg\"\/><\/figure>\n\n\n<figure class=\"wp-block-image size-large viaggio-paolo-2023\"><img decoding=\"async\" alt=\"2023 f&#xE9;vrier hicsum 1 congo kavimvira s&#x153;ur jacqueline s&#x153;urs de santa gemma misericordia maison d'indigent spazio + spadoni 5\" src=\"https:\/\/spaziospadoni.org\/wp-content\/uploads\/2026\/05\/2023_febbraio_hicsum_1_congo_kavimvira_sr_jacqueline_sorelle_santa_gemma_misericordia_casa_indigente_spazio_spadoni-5.jpeg\"\/><\/figure>\n\n\n<figure class=\"wp-block-image size-large viaggio-paolo-2023\"><img decoding=\"async\" alt=\"2023 f&#xE9;vrier hicsum 1 congo kavimvira s&#x153;ur jacqueline s&#x153;urs de santa gemma mis&#xE9;ricorde maison d'indigent spazio + spadoni 12\" src=\"https:\/\/spaziospadoni.org\/wp-content\/uploads\/2026\/05\/2023_febbraio_hicsum_1_congo_kavimvira_sr_jacqueline_sorelle_santa_gemma_misericordia_casa_indigente_spazio_spadoni-12.jpeg\"\/><\/figure>\n\n\n<figure class=\"wp-block-image size-large viaggio-paolo-2023\"><img decoding=\"async\" alt=\"2023 f&#xE9;vrier hicsum 1 congo kavimvira s&#x153;ur jacqueline s&#x153;urs de santa gemma misericordia r&#xE9;union des b&#xE9;n&#xE9;voles spazio + spadoni 1 3\" src=\"https:\/\/spaziospadoni.org\/wp-content\/uploads\/2026\/05\/2023_febbraio_hicsum_1_congo_kavimvira_sr_jacqueline_sorelle_santa_gemma_misericordia_riunione_volontari_spazio_spadoni-1-3.jpeg\"\/><\/figure>\n\n\n<figure class=\"wp-block-image size-large viaggio-paolo-2023\"><img decoding=\"async\" alt=\"2023 f&#xE9;vrier hicsum 1 congo s&#x153;ur jacqueline s&#x153;urs de santa gemma misericordia santa gemma voyage de paolo spazio + spadoni 1\" src=\"https:\/\/spaziospadoni.org\/wp-content\/uploads\/2026\/05\/2023_febbraio_hicsum_1_congo_suor_jacqueline_sorelle_santa_gemma_mise_santa_gemma_viaggio_paolo_spazio_spadoni-1.jpeg\"\/><\/figure>\n\n\n<figure class=\"wp-block-image size-large viaggio-paolo-2023\"><img decoding=\"async\" alt=\"2023 mars hicsum 1 congo kavimvira s&#x153;ur jacqueline santa gemma entr&#xE9;e maison d'indigent spazio + spadoni 2\" src=\"https:\/\/spaziospadoni.org\/wp-content\/uploads\/2026\/05\/2023_marzo_hicsum_1_congo_kavimvira_sr_jacqueline_santa_gemma_casa_indigente_ingresso_spazio_spadoni-2.jpeg\"\/><\/figure>\n\n\n<figure class=\"wp-block-image size-large viaggio-paolo-2023\"><img decoding=\"async\" alt=\"2023 mars hicsum 1 congo kavimvira s&#x153;ur jacqueline santa gemma entr&#xE9;e maison d'indigent spazio + spadoni 5\" src=\"https:\/\/spaziospadoni.org\/wp-content\/uploads\/2026\/05\/2023_marzo_hicsum_1_congo_kavimvira_sr_jacqueline_santa_gemma_casa_indigente_ingresso_spazio_spadoni-5.jpeg\"\/><\/figure>\n\n\n<figure class=\"wp-block-image size-large viaggio-paolo-2023\"><img decoding=\"async\" alt=\"2023 mars hicsum 1 congo kavimvira s&#x153;ur jacqueline santa gemma entr&#xE9;e maison d'indigent spazio + spadoni 12\" src=\"https:\/\/spaziospadoni.org\/wp-content\/uploads\/2026\/05\/2023_marzo_hicsum_1_congo_kavimvira_sr_jacqueline_santa_gemma_casa_indigente_ingresso_spazio_spadoni-12.jpeg\"\/><\/figure>\n\n\n<figure class=\"wp-block-image size-large viaggio-paolo-2023\"><img decoding=\"async\" alt=\"2023 mars hicsum 1 congo kavimvira s&#x153;ur jacqueline santa gemma construction maison d'indigent spazio + spadoni 3\" src=\"https:\/\/spaziospadoni.org\/wp-content\/uploads\/2026\/05\/2023_marzo_hicsum_1_congo_kavimvira_sr_jacqueline_santa_gemma_costruzione_casa_indigente_spazio_spadoni-3.jpeg\"\/><\/figure>\n\n\n<figure class=\"wp-block-image size-large viaggio-paolo-2023\"><img decoding=\"async\" alt=\"2023 mars hicsum 1 congo kavimvira s&#x153;ur jacqueline santa gemma entr&#xE9;e maison d'indigent spazio + spadoni 4\" src=\"https:\/\/spaziospadoni.org\/wp-content\/uploads\/2026\/05\/2023_marzo_hicsum_1_congo_kavimvira_sr_jacqueline_santa_gemma_costruzione_casa_indigente_spazio_spadoni-4.jpeg\"\/><\/figure>\n\n\n<figure class=\"wp-block-image size-large viaggio-paolo-2023\"><img decoding=\"async\" alt=\"2023 mars hicsum 1 congo kavimvira s&#x153;ur jacqueline santa gemma entr&#xE9;e maison d'indigent spazio + spadoni 13\" src=\"https:\/\/spaziospadoni.org\/wp-content\/uploads\/2026\/05\/2023_marzo_hicsum_1_congo_kavimvira_sr_jacqueline_santa_gemma_costruzione_casa_indigente_spazio_spadoni-13.jpeg\"\/><\/figure>\n\n\n<figure class=\"wp-block-image size-large viaggio-paolo-2023\"><img decoding=\"async\" alt=\"2023 mars hicsum 1 congo kavimvira s&#x153;ur jacqueline santa gemma construction maison misericordia spazio + spadoni 2\" src=\"https:\/\/spaziospadoni.org\/wp-content\/uploads\/2026\/05\/2023_marzo_hicsum_1_congo_kavimvira_sr_jacqueline_santa_gemma_costruzione_casa_misericordia_spazio_spadoni-2.jpeg\"\/><\/figure>\n\n\n<figure class=\"wp-block-image size-large viaggio-paolo-2023\"><img decoding=\"async\" alt=\"2023 mars hicsum 1 congo kavimvira s&#x153;ur jacqueline santa gemma construction maison misericordia spazio + spadoni 3\" src=\"https:\/\/spaziospadoni.org\/wp-content\/uploads\/2026\/05\/2023_marzo_hicsum_1_congo_kavimvira_sr_jacqueline_santa_gemma_costruzione_casa_misericordia_spazio_spadoni-3.jpeg\"\/><\/figure>\n\n\n<figure class=\"wp-block-image size-large viaggio-paolo-2023\"><img decoding=\"async\" alt=\"2023 mars hicsum 1 congo kavimvira s&#x153;ur jacqueline santa gemma construction maison misericordia spazio + spadoni 4\" src=\"https:\/\/spaziospadoni.org\/wp-content\/uploads\/2026\/05\/2023_marzo_hicsum_1_congo_kavimvira_sr_jacqueline_santa_gemma_costruzione_casa_misericordia_spazio_spadoni-4.jpeg\"\/><\/figure>\n\n\n<figure class=\"wp-block-image size-large viaggio-paolo-2023\"><img decoding=\"async\" alt=\"2023 mars hicsum 1 congo kavimvira s&#x153;ur jacqueline santa gemma construction maison misericordia spazio + spadoni 5\" src=\"https:\/\/spaziospadoni.org\/wp-content\/uploads\/2026\/05\/2023_marzo_hicsum_1_congo_kavimvira_sr_jacqueline_santa_gemma_costruzione_casa_misericordia_spazio_spadoni-5.jpeg\"\/><\/figure>\n\n\n<figure class=\"wp-block-image size-large viaggio-paolo-2023\"><img decoding=\"async\" alt=\"2023 mars hicsum 1 congo kavimvira s&#x153;ur jacqueline santa gemma construction maison misericordia spazio + spadoni 7\" src=\"https:\/\/spaziospadoni.org\/wp-content\/uploads\/2026\/05\/2023_marzo_hicsum_1_congo_kavimvira_sr_jacqueline_santa_gemma_inaugurazione_casa_indigente_spazio_spadoni-7.jpeg\"\/><\/figure>\n\n\n<figure class=\"wp-block-image size-large viaggio-paolo-2023\"><img decoding=\"async\" alt=\"2023 mars hicsum 1 congo kavimvira s&#x153;ur jacqueline santa gemma construction maison misericordia spazio + spadoni 15\" src=\"https:\/\/spaziospadoni.org\/wp-content\/uploads\/2026\/05\/2023_marzo_hicsum_1_congo_kavimvira_sr_jacqueline_santa_gemma_inaugurazione_casa_indigente_spazio_spadoni-15.jpeg\"\/><\/figure>\n\n\n<figure class=\"wp-block-image size-large viaggio-paolo-2023\"><img decoding=\"async\" alt=\"Timeline second voyage paolo F b&#xE9;n&#xE9;vole 2 copie 135x300\" src=\"https:\/\/spaziospadoni.org\/wp-content\/uploads\/2026\/05\/Timeline-secondo-viaggio-paolo-F-volontaria-2-copia-135x300.jpg\"\/><\/figure>\n\n\n<figure class=\"wp-block-image size-large viaggio-paolo-2023\"><img decoding=\"async\" alt=\"2023 mars hicsum 1 congo kavimvira s&#x153;ur jacqueline santa gemma construction maison misericordia spazio + spadoni 17\" src=\"https:\/\/spaziospadoni.org\/wp-content\/uploads\/2026\/05\/2023_marzo_hicsum_1_congo_kavimvira_sr_jacqueline_santa_gemma_inaugurazione_casa_indigente_spazio_spadoni-17.jpeg\"\/><\/figure>\n\n\n<figure class=\"wp-block-image size-large viaggio-paolo-2023\"><img decoding=\"async\" alt=\"2023 mars hicsum 1 congo kavimvira s&#x153;ur jacqueline santa gemma construction maison misericordia spazio + spadoni 20\" src=\"https:\/\/spaziospadoni.org\/wp-content\/uploads\/2026\/05\/2023_marzo_hicsum_1_congo_kavimvira_sr_jacqueline_santa_gemma_inaugurazione_casa_indigente_spazio_spadoni-20.jpeg\"\/><\/figure>\n\n\n<figure class=\"wp-block-image size-large viaggio-paolo-2023\"><img decoding=\"async\" alt=\"2023 mars hicsum 1 congo kavimvira s&#x153;ur jacqueline santa gemma construction maison misericordia spazio + spadoni 27\" src=\"https:\/\/spaziospadoni.org\/wp-content\/uploads\/2026\/05\/2023_marzo_hicsum_1_congo_kavimvira_sr_jacqueline_santa_gemma_inaugurazione_casa_indigente_spazio_spadoni-27.jpeg\"\/><\/figure>\n\n\n<figure class=\"wp-block-image size-large viaggio-paolo-2023\"><img decoding=\"async\" alt=\"2023 mars hicsum 1 congo kavimvira s&#x153;ur jacqueline misericordia construction maison spazio + spadoni 2\" src=\"https:\/\/spaziospadoni.org\/wp-content\/uploads\/2026\/05\/2023_marzo_hicsum_1_congo_kavimvira_sr_jacqueline_santa_gemma_misericordia_costruzione_casa_spazio_spadoni-2.jpeg\"\/><\/figure>\n\n\n<figure class=\"wp-block-image size-large viaggio-paolo-2023\"><img decoding=\"async\" alt=\"2023 mars hicsum 1 congo kavimvira s&#x153;ur jacqueline misericordia construction maison spazio + spadoni 7\" src=\"https:\/\/spaziospadoni.org\/wp-content\/uploads\/2026\/05\/2023_marzo_hicsum_1_congo_kavimvira_sr_jacqueline_santa_gemma_misericordia_costruzione_casa_spazio_spadoni-7.jpeg\"\/><\/figure>\n\n\n<figure class=\"wp-block-image size-large viaggio-paolo-2023\"><img decoding=\"async\" alt=\"2023 mars hicsum 1 congo kavimvira s&#x153;ur jacqueline santa gemma mis&#xE9;ricorde construction maison spazio + spadoni 10\" src=\"https:\/\/spaziospadoni.org\/wp-content\/uploads\/2026\/05\/2023_marzo_hicsum_1_congo_kavimvira_sr_jacqueline_santa_gemma_misericordia_costruzione_casa_spazio_spadoni-10.jpeg\"\/><\/figure>\n\n\n<figure class=\"wp-block-image size-large viaggio-paolo-2023\"><img decoding=\"async\" alt=\"2023 mars hicsum 1 congo kavimvira s&#x153;ur jacqueline misericordia construction maison spazio + spadoni 14\" src=\"https:\/\/spaziospadoni.org\/wp-content\/uploads\/2026\/05\/2023_marzo_hicsum_1_congo_kavimvira_sr_jacqueline_santa_gemma_misericordia_costruzione_casa_spazio_spadoni-14.jpeg\"\/><\/figure>\n\n\n<figure class=\"wp-block-image size-large viaggio-paolo-2023\"><img decoding=\"async\" alt=\"2023 mars hicsum 1 congo kavimvira s&#x153;ur jacqueline misericordia santa gemma apostolat spazio + spadoni 1\" src=\"https:\/\/spaziospadoni.org\/wp-content\/uploads\/2026\/05\/2023_marzo_hicsum_1_congo_kavimvira_suor_jacqueline_misercordia_santa_gemma_apostolato_spazio_spadoni-1.jpeg\"\/><\/figure>\n\n\n<figure class=\"wp-block-image size-large viaggio-paolo-2023\"><img decoding=\"async\" alt=\"2023 mars hicsum 1 congo kavimvira s&#x153;ur jacqueline mis&#xE9;ricorde santa gemma apostolat spazio + spadoni 4\" src=\"https:\/\/spaziospadoni.org\/wp-content\/uploads\/2026\/05\/2023_marzo_hicsum_1_congo_kavimvira_suor_jacqueline_misercordia_santa_gemma_apostolato_spazio_spadoni-4.jpeg\"\/><\/figure>\n\n\n<figure class=\"wp-block-image size-large viaggio-paolo-2023\"><img decoding=\"async\" alt=\"2023 mars hicsum 1 congo s&#x153;ur jacqueline santa gemma village kahororho spazio + spadoni 23\" src=\"https:\/\/spaziospadoni.org\/wp-content\/uploads\/2026\/05\/2023_marzo_hicsum_1_congo_suor_jacqueline_santa_gemma_villaggio_kahororho_spazio_spadoni-23.jpeg\"\/><\/figure>\n\n\n<figure class=\"wp-block-image size-large viaggio-paolo-2023\"><img decoding=\"async\" alt=\"2023 mars hicsum 1 congo kavimvira s&#x153;ur jacqueline santa gemma inauguration maison d'indigent spazio + spadoni 25\" src=\"https:\/\/spaziospadoni.org\/wp-content\/uploads\/2026\/05\/2023_marzo_hicsum_1_congo_kavimvira_sr_jacqueline_santa_gemma_inaugurazione_casa_indigente_spazio_spadoni-25.jpeg\"\/><\/figure>\n\n\n<figure class=\"wp-block-image size-large viaggio-paolo-2023\"><img decoding=\"async\" alt=\"2023 mars hicsum 1 congo kavimvira s&#x153;ur jacqueline santa gemma mis&#xE9;ricorde construction maison spazio + spadoni 9\" src=\"https:\/\/spaziospadoni.org\/wp-content\/uploads\/2026\/05\/2023_marzo_hicsum_1_congo_kavimvira_sr_jacqueline_santa_gemma_misericordia_costruzione_casa_spazio_spadoni-9.jpeg\"\/><\/figure>\n\n\n<figure class=\"wp-block-image size-large viaggio-paolo-2023\"><img decoding=\"async\" alt=\"2023 mars hicsum 1 congo s&#x153;ur jacqueline santa gemma village kahororho spazio + spadoni 8\" src=\"https:\/\/spaziospadoni.org\/wp-content\/uploads\/2026\/05\/2023_marzo_hicsum_1_congo_suor_jacqueline_santa_gemma_villaggio_kahororho_spazio_spadoni-8.jpeg\"\/><\/figure>\n\n\n<figure class=\"wp-block-image size-large formazione\"><img decoding=\"async\" alt=\"Timeline d&#xE9;but de la collaboration F s&#x153;ur Luigi et Gloriosa copie 2 300x126\" src=\"https:\/\/spaziospadoni.org\/wp-content\/uploads\/2026\/05\/Timeline-inizio-rapporto-F-suora-Luigi-e-Gloriosa-copia-2-300x126.jpg\"\/><\/figure>\n\n\n<figure class=\"wp-block-image size-large repubblica-democratica-del-congo\"><img decoding=\"async\" alt=\"2023 ao&#xFB;t 31 hicsum 1 congo kavimvira s&#x153;ur jacqueline s&#x153;urs de santa gemma misericordia repr&#xE9;sentation spazio + spadoni 300x225\" src=\"https:\/\/spaziospadoni.org\/wp-content\/uploads\/2026\/05\/2023_agosto_31_hicsum_1_congo_kavimvira_suor_jacqueline_sorelle_santa_gemma_misericordia_rappresentanza_spazio_spadoni-300x225.jpg\"\/><\/figure>\n\n\n<figure class=\"wp-block-image size-large repubblica-democratica-del-congo\"><img decoding=\"async\" alt=\"2023 octobre hicsum 1 r&#xE9;publique d&#xE9;mocratique du congo kavimvira s&#x153;ur jacqueline s&#x153;urs de santa gemma misericordia b&#xE9;n&#xE9;voles spazio + spadoni 2 225x300\" src=\"https:\/\/spaziospadoni.org\/wp-content\/uploads\/2026\/05\/2023_ottobre_hicsum_1_repubblica_democratica_congo_kavimvira_suor_jacqueline_sorelle_santa_gemma_misericordia_volontari_spazio_spadoni-2-225x300.jpg\"\/><\/figure>\n\n\n<figure class=\"wp-block-image size-large repubblica-democratica-del-congo\"><img decoding=\"async\" alt=\"2023 octobre hicsum 1 r&#xE9;publique d&#xE9;mocratique du congo kavimvira s&#x153;ur jacqueline s&#x153;urs de santa gemma misericordia b&#xE9;n&#xE9;voles spazio + spadoni 2 225x300\" src=\"https:\/\/spaziospadoni.org\/wp-content\/uploads\/2026\/05\/2023_ottobre_hicsum_1_repubblica_democratica_congo_kavimvira_suor_jacqueline_sorelle_santa_gemma_misericordia_volontari_spazio_spadoni-2-225x300.jpg\"\/><\/figure>\n\n\n<figure class=\"wp-block-image size-large repubblica-democratica-del-congo\"><img decoding=\"async\" alt=\"2023 octobre hicsum 1 r&#xE9;publique d&#xE9;mocratique du congo kavimvira s&#x153;ur jacqueline s&#x153;urs de santa gemma mis&#xE9;ricorde b&#xE9;n&#xE9;voles spazio + spadoni 3 300x225\" src=\"https:\/\/spaziospadoni.org\/wp-content\/uploads\/2026\/05\/2023_ottobre_hicsum_1_repubblica_democratica_congo_kavimvira_suor_jacqueline_sorelle_santa_gemma_misericordia_volontari_spazio_spadoni-3-300x225.jpg\"\/><\/figure>\n\n\n<figure class=\"wp-block-image size-large repubblica-democratica-del-congo\"><img decoding=\"async\" alt=\"2023 octobre hicsum 1 r&#xE9;publique d&#xE9;mocratique du congo kavimvira s&#x153;ur jacqueline s&#x153;urs de santa gemma mis&#xE9;ricorde b&#xE9;n&#xE9;voles spazio + spadoni 4 225x300\" src=\"https:\/\/spaziospadoni.org\/wp-content\/uploads\/2026\/05\/2023_ottobre_hicsum_1_repubblica_democratica_congo_kavimvira_suor_jacqueline_sorelle_santa_gemma_misericordia_volontari_spazio_spadoni-4-225x300.jpg\"\/><\/figure>\n\n\n<figure class=\"wp-block-image size-large repubblica-democratica-del-congo\"><img decoding=\"async\" alt=\"2023 octobre hicsum 1 r&#xE9;publique d&#xE9;mocratique du congo kavimvira s&#x153;ur jacqueline s&#x153;urs de santa gemma mis&#xE9;ricorde b&#xE9;n&#xE9;voles spazio + spadoni 2 225x300\" src=\"https:\/\/spaziospadoni.org\/wp-content\/uploads\/2026\/05\/2023_ottobre_hicsum_1_repubblica_democratica_congo_kavimvira_suor_jacqueline_sorelle_santa_gemma_misericordia_volontari_spazio_spadoni2-225x300.jpg\"\/><\/figure>\n\n\n<figure class=\"wp-block-image size-large repubblica-democratica-del-congo\"><img decoding=\"async\" alt=\"2023 octobre hicsum 1 r&#xE9;publique d&#xE9;mocratique du congo kavimvira s&#x153;ur jacqueline s&#x153;urs de santa gemma mis&#xE9;ricorde b&#xE9;n&#xE9;voles spazio + spadoni 225x300\" src=\"https:\/\/spaziospadoni.org\/wp-content\/uploads\/2026\/05\/2023_ottobre_hicsum_1_repubblica_democratica_congo_kavimvira_suor_jacqueline_sorelle_santa_gemma_misericordia_volontari_spazio_spadoni-225x300.jpg\"\/><\/figure>\n\n\n<figure class=\"wp-block-image size-large repubblica-democratica-del-congo\"><img decoding=\"async\" alt=\"2023 octobre hicsum 1 r&#xE9;publique d&#xE9;mocratique du congo kavimvira s&#x153;ur jacqueline s&#x153;urs de santa gemma mis&#xE9;ricorde b&#xE9;n&#xE9;voles spazio + spadoni remise de foulard selene pera 225x300\" src=\"https:\/\/spaziospadoni.org\/wp-content\/uploads\/2026\/05\/2023_ottobre_hicsum_1_repubblica_democratica_congo_kavimvira_suor_jacqueline_sorelle_santa_gemma_misericordia_volontari_spazio_spadoni_consegna_foulard_selene_pera-225x300.jpg\"\/><\/figure>\n\n\n<figure class=\"wp-block-image size-large formazione\"><img decoding=\"async\" alt=\"2020 septembre italie lucca couvent de san cerbone inauguration spazio + spadoni colloque hic sum 1 s&#x153;ur jacqueline luigi 1 300x225\" src=\"https:\/\/spaziospadoni.org\/wp-content\/uploads\/2026\/05\/2020_settembre_italia_lucca_convento_san_cerbone_inaugurazione_spazio_spadoni_convegno_hic_sum_1_suor_jacqueline_luigi-1-300x225.jpg\"\/><\/figure>\n\n\n<figure class=\"wp-block-image size-large formazione\"><img decoding=\"async\" alt=\"2020 septembre italie lucca couvent de san cerbone inauguration spazio + spadoni colloque hic sum 1 s&#x153;ur jacqueline luigi 2 225x300\" src=\"https:\/\/spaziospadoni.org\/wp-content\/uploads\/2026\/05\/2020_settembre_italia_lucca_convento_san_cerbone_inaugurazione_spazio_spadoni_convegno_hic_sum_1_suor_jacqueline_luigi-2-225x300.jpg\"\/><\/figure>\n\n\n<figure class=\"wp-block-image size-large formazione\"><img decoding=\"async\" alt=\"2021 mai italie lucca formation hic sum 1 3 9 s&#x153;ur jacqueline lizia lazzarino formation chocolat spazio + spadoni 1 300x225\" src=\"https:\/\/spaziospadoni.org\/wp-content\/uploads\/2026\/05\/2021_maggio_italia_lucca_formazione_hic_sum_1_3_9_suor_jacqueline_lizia_lazzarino_formazione_cioccolato_spazio_spadoni-1-300x225.jpg\"\/><\/figure>\n\n\n<figure class=\"wp-block-image size-large formazione\"><img decoding=\"async\" alt=\"2021 mai italie lucca formation hic sum 1 3 9 s&#x153;ur jacqueline lizia lazzarino formation chocolat spazio + spadoni 2 300x225\" src=\"https:\/\/spaziospadoni.org\/wp-content\/uploads\/2026\/05\/2021_maggio_italia_lucca_formazione_hic_sum_1_3_9_suor_jacqueline_lizia_lazzarino_formazione_cioccolato_spazio_spadoni-2-300x225.jpg\"\/><\/figure>\n\n\n<figure class=\"wp-block-image size-large formazione\"><img decoding=\"async\" alt=\"2021 mai italie lucca formation hic sum 1 3 9 s&#x153;ur jacqueline lizia lazzarino formation chocolat spazio + spadoni 3 225x300\" src=\"https:\/\/spaziospadoni.org\/wp-content\/uploads\/2026\/05\/2021_maggio_italia_lucca_formazione_hic_sum_1_3_9_suor_jacqueline_lizia_lazzarino_formazione_cioccolato_spazio_spadoni-3-225x300.jpg\"\/><\/figure>\n\n\n<figure class=\"wp-block-image size-large repubblica-democratica-del-congo\"><img decoding=\"async\" alt=\"2024 mars 28 hicsum 1 r&#xE9;publique d&#xE9;mocratique du congo s&#x153;urs de santa gemma kavimvira s&#x153;ur jacqueline mis&#xE9;ricorde jeudi saint b&#xE9;n&#xE9;voles repas offert aux pauvres 2 300x225\" src=\"https:\/\/spaziospadoni.org\/wp-content\/uploads\/2026\/05\/2024_marzo_28_hicsum_1_repubblica_democratica_congo_sorelle_santa_gemma_kavimvira_suor_jacqueline_misericordia_giovedi_santo_volontari_pranzo_offerto_poveri-2-300x225.jpg\"\/><\/figure>\n\n\n<figure class=\"wp-block-image size-large repubblica-democratica-del-congo\"><img decoding=\"async\" alt=\"2024 mars 28 hicsum 1 r&#xE9;publique d&#xE9;mocratique du congo s&#x153;urs de santa gemma kavimvira s&#x153;ur jacqueline mis&#xE9;ricorde jeudi saint b&#xE9;n&#xE9;voles repas offert aux pauvres 3 300x225\" src=\"https:\/\/spaziospadoni.org\/wp-content\/uploads\/2026\/05\/2024_marzo_28_hicsum_1_repubblica_democratica_congo_sorelle_santa_gemma_kavimvira_suor_jacqueline_misericordia_giovedi_santo_volontari_pranzo_offerto_poveri-3-300x225.jpg\"\/><\/figure>\n\n\n<figure class=\"wp-block-image size-large repubblica-democratica-del-congo\"><img decoding=\"async\" alt=\"2024 mars 28 hicsum 1 r&#xE9;publique d&#xE9;mocratique du congo s&#x153;urs de santa gemma kavimvira s&#x153;ur jacqueline mis&#xE9;ricorde jeudi saint b&#xE9;n&#xE9;voles repas offert aux pauvres 4 300x169\" src=\"https:\/\/spaziospadoni.org\/wp-content\/uploads\/2026\/05\/2024_marzo_28_hicsum_1_repubblica_democratica_congo_sorelle_santa_gemma_kavimvira_suor_jacqueline_misericordia_giovedi_santo_volontari_pranzo_offerto_poveri-4-300x169.jpg\"\/><\/figure>\n\n\n<figure class=\"wp-block-image size-large repubblica-democratica-del-congo\"><img decoding=\"async\" alt=\"2024 mars 28 hicsum 1 r&#xE9;publique d&#xE9;mocratique du congo s&#x153;urs de santa gemma kavimvira s&#x153;ur jacqueline mis&#xE9;ricorde jeudi saint b&#xE9;n&#xE9;voles repas offert aux pauvres 300x225\" src=\"https:\/\/spaziospadoni.org\/wp-content\/uploads\/2026\/05\/2024_marzo_28_hicsum_1_repubblica_democratica_congo_sorelle_santa_gemma_kavimvira_suor_jacqueline_misericordia_giovedi_santo_volontari_pranzo_offerto_poveri-300x225.jpg\"\/><\/figure>\n\n\n<figure class=\"wp-block-image size-large repubblica-democratica-del-congo\"><img decoding=\"async\" alt=\"2024 mars 28 hicsum 1 r&#xE9;publique d&#xE9;mocratique du congo s&#x153;urs de santa gemma kavimvira s&#x153;ur jacqueline mis&#xE9;ricorde jeudi saint b&#xE9;n&#xE9;voles repas offert aux pauvres 5 300x225\" src=\"https:\/\/spaziospadoni.org\/wp-content\/uploads\/2026\/05\/2024_marzo_28_hicsum_1_repubblica_democratica_congo_sorelle_santa_gemma_kavimvira_suor_jacqueline_misericordia_giovedi_santo_volontari_pranzo_offerto_poveri-5-300x225.jpg\"\/><\/figure>\n\n\n<figure class=\"wp-block-image size-large repubblica-democratica-del-congo\"><img decoding=\"async\" alt=\"2024 mars 28 hicsum 1 r&#xE9;publique d&#xE9;mocratique du congo s&#x153;urs de santa gemma kavimvira s&#x153;ur jacqueline mis&#xE9;ricorde jeudi saint b&#xE9;n&#xE9;voles repas offert aux pauvres 6 300x169\" src=\"https:\/\/spaziospadoni.org\/wp-content\/uploads\/2026\/05\/2024_marzo_28_hicsum_1_repubblica_democratica_congo_sorelle_santa_gemma_kavimvira_suor_jacqueline_misericordia_giovedi_santo_volontari_pranzo_offerto_poveri-6-300x169.jpg\"\/><\/figure>\n\n\n<figure class=\"wp-block-image size-large repubblica-democratica-del-congo\"><img decoding=\"async\" alt=\"2025 mars b&#xE9;n&#xE9;voles &#x153;uvres de mis&#xE9;ricorde spazio + spadoni congo uvira kavimvira 3 225x300\" src=\"https:\/\/spaziospadoni.org\/wp-content\/uploads\/2026\/05\/2025_marzo_volontari_opere_misericordia_spazio_spadoni_congo_uvira_kavimvira-3-225x300.jpg\"\/><\/figure>\n\n\n<figure class=\"wp-block-image size-large repubblica-democratica-del-congo\"><img decoding=\"async\" alt=\"2025 mars b&#xE9;n&#xE9;voles &#x153;uvres de mis&#xE9;ricorde spazio + spadoni congo uvira kavimvira 2 225x300\" src=\"https:\/\/spaziospadoni.org\/wp-content\/uploads\/2026\/05\/2025_marzo_volontari_opere_misericordia_spazio_spadoni_congo_uvira_kavimvira-2-225x300.jpg\"\/><\/figure>\n\n\n<figure class=\"wp-block-image size-large repubblica-democratica-del-congo\"><img decoding=\"async\" alt=\"2025 mars b&#xE9;n&#xE9;voles &#x153;uvres de mis&#xE9;ricorde spazio + spadoni congo uvira kavimvira 4 225x300\" src=\"https:\/\/spaziospadoni.org\/wp-content\/uploads\/2026\/05\/2025_marzo_volontari_opere_misericordia_spazio_spadoni_congo_uvira_kavimvira-4-225x300.jpg\"\/><\/figure>\n\n\n<figure class=\"wp-block-image size-large repubblica-democratica-del-congo\"><img decoding=\"async\" alt=\"2025 mars b&#xE9;n&#xE9;voles &#x153;uvres de mis&#xE9;ricorde spazio + spadoni congo uvira kavimvira 1 300x225\" src=\"https:\/\/spaziospadoni.org\/wp-content\/uploads\/2026\/05\/2025_marzo_volontari_opere_misericordia_spazio_spadoni_congo_uvira_kavimvira-1-300x225.jpg\"\/><\/figure>\n\n\n<figure class=\"wp-block-image size-large repubblica-democratica-del-congo\"><img decoding=\"async\" alt=\"WhatsApp Image 2026 02 04 at 08.41.57. janvier b&#xE9;n&#xE9;voles uvira &#x153;uvres de mis&#xE9;ricorde congo spazio + spadoni foulard 2 \" src=\"https:\/\/spaziospadoni.org\/wp-content\/uploads\/2026\/05\/WhatsApp-Image-2026-02-04-at-08.41.57._gennaio_volontari_uvira_opere_misericordia_congo_spazio_spadoni_foulard-2.jpeg\"\/><\/figure>\n\n\n<figure class=\"wp-block-image size-large repubblica-democratica-del-congo\"><img decoding=\"async\" alt=\"WhatsApp Image 2026 02 04 at 08.41.57. janvier b&#xE9;n&#xE9;voles uvira &#x153;uvres de mis&#xE9;ricorde congo spazio + spadoni foulard 1 \" src=\"https:\/\/spaziospadoni.org\/wp-content\/uploads\/2026\/05\/WhatsApp-Image-2026-02-04-at-08.41.57._gennaio_volontari_uvira_opere_misericordia_congo_spazio_spadoni_foulard-1.jpeg\"\/><\/figure>\n\n<\/figure>\n\n\n<div class=\"gb-element-b24bbf5e ss-media-videos\">\n\n<figure class=\"wp-block-video video\"><video controls=\"\" src=\"https:\/\/spaziospadoni.org\/wp-content\/uploads\/2026\/05\/2022_aprile_hicsum_congo_kavimvira_sr_jacqueline_santa_gemma_spazio_spadoni_orfanotrofio-1.mp4\"><\/video><figcaption class=\"wp-element-caption\">2022 avril hicsum congo kavimvira s\u0153ur jacqueline santa gemma spazio + spadoni orphelinat 1<\/figcaption><\/figure>\n\n\n<figure class=\"wp-block-video video\"><video controls=\"\" src=\"https:\/\/spaziospadoni.org\/wp-content\/uploads\/2026\/05\/2022_settembre_hicsum_congo_kavimvira_uvira_suor_jacqueline_sorelle_mise_santa_gemma_anniversario_fondazione_spazio_spadoni-2.mp4\"><\/video><figcaption class=\"wp-element-caption\">2022 septembre hicsum congo kavimvira uvira s\u0153ur jacqueline s\u0153urs de la mis\u00e9ricorde santa gemma anniversaire de fondation spazio + spadoni 2<\/figcaption><\/figure>\n\n\n<figure class=\"wp-block-video video\"><video controls=\"\" src=\"https:\/\/spaziospadoni.org\/wp-content\/uploads\/2026\/05\/2022_ottobre_hicsum_congo_kavimvira_sr_jacqueline_accoglienza_spazio_spadoni-2.mp4\"><\/video><figcaption class=\"wp-element-caption\">2022 octobre hicsum congo kavimvira s\u0153ur jacqueline accueil spazio + spadoni 2<\/figcaption><\/figure>\n\n\n<figure class=\"wp-block-video video\"><video controls=\"\" src=\"https:\/\/spaziospadoni.org\/wp-content\/uploads\/2026\/05\/2022_ottobre_hicsum_congo_kavimvira_suor_jacqueline_professione_suore_spazio_spadoni-.mp4\"><\/video><figcaption class=\"wp-element-caption\">2022 octobre hicsum congo kavimvira s\u0153ur jacqueline profession des s\u0153urs spazio + spadoni<\/figcaption><\/figure>\n\n\n<figure class=\"wp-block-video video\"><video controls=\"\" src=\"https:\/\/spaziospadoni.org\/wp-content\/uploads\/2026\/05\/2022_ottobre_hicsum_congo_kavimvira_suor_jacqueline_professione_suore_spazio_spadoni-1.mp4\"><\/video><figcaption class=\"wp-element-caption\">2022 octobre hicsum congo kavimvira s\u0153ur jacqueline profession des s\u0153urs spazio + spadoni 1<\/figcaption><\/figure>\n\n\n<figure class=\"wp-block-video video\"><video controls=\"\" src=\"https:\/\/spaziospadoni.org\/wp-content\/uploads\/2026\/05\/2022_novembr_congo_kavimvira_sr_jacqueline_santa_gemma_apostolato_spazio_spadoni-1.mp4\"><\/video><figcaption class=\"wp-element-caption\">2022 novembre congo kavimvira s\u0153ur jacqueline santa gemma apostolat spazio + spadoni 1<\/figcaption><\/figure>\n\n\n<figure class=\"wp-block-video video\"><video controls=\"\" src=\"https:\/\/spaziospadoni.org\/wp-content\/uploads\/2026\/05\/2022_novembr_congo_kavimvira_sr_jacqueline_santa_gemma_apostolato_spazio_spadoni-2.mp4\"><\/video><figcaption class=\"wp-element-caption\">2022 novembre congo kavimvira s\u0153ur jacqueline santa gemma apostolat spazio + spadoni 2<\/figcaption><\/figure>\n\n\n<figure class=\"wp-block-video video\"><video controls=\"\" src=\"https:\/\/spaziospadoni.org\/wp-content\/uploads\/2026\/05\/2022_novembr_congo_kavimvira_sr_jacqueline_santa_gemma_apostolato_spazio_spadoni-3.mp4\"><\/video><figcaption class=\"wp-element-caption\">2022 novembre congo kavimvira s\u0153ur jacqueline santa gemma apostolat spazio + spadoni 3<\/figcaption><\/figure>\n\n\n<figure class=\"wp-block-video video\"><video controls=\"\" src=\"https:\/\/spaziospadoni.org\/wp-content\/uploads\/2026\/05\/2022_novembre_congo_kavimvira_sr_jacqueline_primo_soccorso_spazio_spadoni.mp4\"><\/video><figcaption class=\"wp-element-caption\">2022 novembre congo kavimvira s\u0153ur jacqueline premiers secours spazio + spadoni<\/figcaption><\/figure>\n\n\n<figure class=\"wp-block-video video\"><video controls=\"\" src=\"https:\/\/spaziospadoni.org\/wp-content\/uploads\/2026\/05\/novembre_2022_testimonianza_paolo_misericordia_santa_gemma.mp4\"><\/video><figcaption class=\"wp-element-caption\">novembre 2022 t\u00e9moignage paolo mis\u00e9ricorde santa gemma<\/figcaption><\/figure>\n\n\n<figure class=\"wp-block-video video\"><video controls=\"\" src=\"https:\/\/spaziospadoni.org\/wp-content\/uploads\/2026\/05\/2023_marzo_hicsum_1_congo_kavimvira_sr_jacqueline_santa_gemma_inaugurazione_casa_indigente_spazio_spadoni-1.mp4\"><\/video><figcaption class=\"wp-element-caption\">2023 mars hicsum 1 congo kavimvira s\u0153ur jacqueline santa gemma inauguration maison d&rsquo;indigent spazio + spadoni 1<\/figcaption><\/figure>\n\n\n<figure class=\"wp-block-video video\"><video controls=\"\" src=\"https:\/\/spaziospadoni.org\/wp-content\/uploads\/2026\/05\/2023_aprile_hicsum_1_congo_kavimvira_uvira_suor_jacqueline_sorelle_santa_gemma_mise_santa_gemma_domenica_delle_palme_spazio_spadoni.mp4\"><\/video><figcaption class=\"wp-element-caption\">2023 avril hicsum 1 congo kavimvira uvira s\u0153ur jacqueline s\u0153urs de santa gemma mis\u00e9ricorde santa gemma dimanche des rameaux spazio + spadoni<\/figcaption><\/figure>\n\n\n<figure class=\"wp-block-video video\"><video controls=\"\" src=\"https:\/\/spaziospadoni.org\/wp-content\/uploads\/2026\/05\/16-maggio-2023-Bukavu-festa-liturgica-Santa-gemma-2.mp4\"><\/video><figcaption class=\"wp-element-caption\">16 mai 2023 Bukavu f\u00eate liturgique santa gemma 2<\/figcaption><\/figure>\n\n\n<figure class=\"wp-block-video video\"><video controls=\"\" src=\"https:\/\/spaziospadoni.org\/wp-content\/uploads\/2026\/05\/WhatsApp-Image-2026-02-04-at-08.41.57._gennaio_volontari_uvira_opere_misericordia_congo_spazio_spadoni_foulard-1.mp4\"><\/video><figcaption class=\"wp-element-caption\">WhatsApp Image 2026 02 04 at 08.41.57. janvier b\u00e9n\u00e9voles uvira \u0153uvres de mis\u00e9ricorde congo spazio + spadoni foulard 1 <\/figcaption><\/figure>\n\n<\/div>\n\n<\/div>\n\n<\/div>\n\n<\/div>\n\n","protected":false},"excerpt":{"rendered":"<p>Kavimvira | Uvira (R\u00e9publique d\u00e9mocratique du Congo) OPERA M1 MISSION Lieu Kavimvira Dioc\u00e8se Uvira Nation R\u00e9publique d\u00e9mocratique du Congo Continent Afrique Coordonn\u00e9es GPS -3.35207 29.15180 Fuseau horaire UTC+2 ORGANISATEUR Congr\u00e9gation Congr\u00e9gation Missionnaire des S\u0153urs de Sainte Gemma Maison M\u00e8re Camigliano Santa Gemma (LU) Dioc\u00e8se Lucca Nation Italie Continent Europe F\u00eate de la Congr\u00e9gation 26 ao\u00fbt &#8230; <a title=\"R\u00e9publique d\u00e9mocratique du Congo &#8211; Afrique | Projet M1\" class=\"read-more\" href=\"https:\/\/spaziospadoni.org\/fr\/opera-m\/republique-democratique-du-congo-afrique-projet-m1\/\" aria-label=\"Read more about R\u00e9publique d\u00e9mocratique du Congo &#8211; Afrique | Projet M1\">Lire plus<\/a><\/p>\n","protected":false},"author":102,"featured_media":0,"parent":89581,"menu_order":0,"comment_status":"closed","ping_status":"closed","template":"","meta":{"_sitemap_exclude":false,"_sitemap_priority":"","_sitemap_frequency":"","footnotes":""},"class_list":["post-59378","page","type-page","status-publish","infinite-scroll-item"],"yoast_head":"<!-- This site is optimized with the Yoast SEO plugin v28.4 - https:\/\/yoast.com\/product\/yoast-seo-wordpress\/ -->\n<title>R\u00e9publique d\u00e9mocratique du Congo - Afrique | Projet M1 | Spazio Spadoni<\/title>\n<meta name=\"description\" content=\"Kavimvira | Uvira (R\u00e9publique d\u00e9mocratique du Congo) OPERA M1 MISSION Lieu Kavimvira Dioc\u00e8se Uvira Nation R\u00e9publique d\u00e9mocratique du Congo Continent\" \/>\n<meta name=\"robots\" content=\"index, follow, max-snippet:-1, max-image-preview:large, max-video-preview:-1\" \/>\n<link rel=\"canonical\" href=\"https:\/\/spaziospadoni.org\/fr\/opera-m\/republique-democratique-du-congo-afrique-projet-m1\/\" \/>\n<meta property=\"og:locale\" content=\"fr_FR\" \/>\n<meta property=\"og:type\" content=\"article\" \/>\n<meta property=\"og:title\" content=\"R\u00e9publique d\u00e9mocratique du Congo - Afrique | Projet M1 | Spazio Spadoni\" \/>\n<meta property=\"og:description\" content=\"Kavimvira | Uvira (R\u00e9publique d\u00e9mocratique du Congo) OPERA M1 MISSION Lieu Kavimvira Dioc\u00e8se Uvira Nation R\u00e9publique d\u00e9mocratique du Congo Continent\" \/>\n<meta property=\"og:url\" content=\"https:\/\/spaziospadoni.org\/fr\/opera-m\/republique-democratique-du-congo-afrique-projet-m1\/\" \/>\n<meta property=\"og:site_name\" content=\"spazio + spadoni\" \/>\n<meta property=\"article:publisher\" content=\"https:\/\/www.facebook.com\/SpazioSpadoni\/\" \/>\n<meta property=\"article:modified_time\" content=\"2026-08-17T11:20:51+00:00\" \/>\n<meta property=\"og:image\" content=\"https:\/\/spaziospadoni.org\/wp-content\/uploads\/2026\/05\/hicsum_1_congo-spaziospadoni-scaled.png\" \/>\n\t<meta property=\"og:image:width\" content=\"2560\" \/>\n\t<meta property=\"og:image:height\" content=\"1771\" \/>\n\t<meta property=\"og:image:type\" content=\"image\/png\" \/>\n<meta name=\"twitter:card\" content=\"summary_large_image\" \/>\n<meta name=\"twitter:label1\" content=\"Est. reading time\" \/>\n\t<meta name=\"twitter:data1\" content=\"5 minutes\" \/>\n<script type=\"application\/ld+json\" class=\"yoast-schema-graph\">{\"@context\":\"https:\\\/\\\/schema.org\",\"@graph\":[{\"@type\":\"WebPage\",\"@id\":\"https:\\\/\\\/spaziospadoni.org\\\/fr\\\/opera-m\\\/republique-democratique-du-congo-afrique-projet-m1\\\/\",\"url\":\"https:\\\/\\\/spaziospadoni.org\\\/fr\\\/opera-m\\\/republique-democratique-du-congo-afrique-projet-m1\\\/\",\"name\":\"R\u00e9publique d\u00e9mocratique du Congo - Afrique | Projet M1 | Spazio Spadoni\",\"isPartOf\":{\"@id\":\"https:\\\/\\\/spaziospadoni.org\\\/fr\\\/#website\"},\"primaryImageOfPage\":{\"@id\":\"https:\\\/\\\/spaziospadoni.org\\\/fr\\\/opera-m\\\/republique-democratique-du-congo-afrique-projet-m1\\\/#primaryimage\"},\"image\":{\"@id\":\"https:\\\/\\\/spaziospadoni.org\\\/fr\\\/opera-m\\\/republique-democratique-du-congo-afrique-projet-m1\\\/#primaryimage\"},\"thumbnailUrl\":\"https:\\\/\\\/spaziospadoni.org\\\/wp-content\\\/uploads\\\/2026\\\/05\\\/hicsum_1_congo-spaziospadoni.png\",\"datePublished\":\"2026-05-18T13:10:23+00:00\",\"dateModified\":\"2026-08-17T11:20:51+00:00\",\"description\":\"Kavimvira | Uvira (R\u00e9publique d\u00e9mocratique du Congo) OPERA M1 MISSION Lieu Kavimvira Dioc\u00e8se Uvira Nation R\u00e9publique d\u00e9mocratique du Congo Continent\",\"breadcrumb\":{\"@id\":\"https:\\\/\\\/spaziospadoni.org\\\/fr\\\/opera-m\\\/republique-democratique-du-congo-afrique-projet-m1\\\/#breadcrumb\"},\"inLanguage\":\"fr-FR\",\"potentialAction\":[{\"@type\":\"ReadAction\",\"target\":[\"https:\\\/\\\/spaziospadoni.org\\\/fr\\\/opera-m\\\/republique-democratique-du-congo-afrique-projet-m1\\\/\"]}]},{\"@type\":\"ImageObject\",\"inLanguage\":\"fr-FR\",\"@id\":\"https:\\\/\\\/spaziospadoni.org\\\/fr\\\/opera-m\\\/republique-democratique-du-congo-afrique-projet-m1\\\/#primaryimage\",\"url\":\"https:\\\/\\\/spaziospadoni.org\\\/wp-content\\\/uploads\\\/2026\\\/05\\\/hicsum_1_congo-spaziospadoni.png\",\"contentUrl\":\"https:\\\/\\\/spaziospadoni.org\\\/wp-content\\\/uploads\\\/2026\\\/05\\\/hicsum_1_congo-spaziospadoni.png\"},{\"@type\":\"BreadcrumbList\",\"@id\":\"https:\\\/\\\/spaziospadoni.org\\\/fr\\\/opera-m\\\/republique-democratique-du-congo-afrique-projet-m1\\\/#breadcrumb\",\"itemListElement\":[{\"@type\":\"ListItem\",\"position\":1,\"name\":\"Home\",\"item\":\"https:\\\/\\\/spaziospadoni.org\\\/fr\\\/\"},{\"@type\":\"ListItem\",\"position\":2,\"name\":\"Opera M\",\"item\":\"https:\\\/\\\/spaziospadoni.org\\\/fr\\\/opera-m\\\/\"},{\"@type\":\"ListItem\",\"position\":3,\"name\":\"R\u00e9publique d\u00e9mocratique du Congo &#8211; Afrique | Projet M1\"}]},{\"@type\":\"WebSite\",\"@id\":\"https:\\\/\\\/spaziospadoni.org\\\/fr\\\/#website\",\"url\":\"https:\\\/\\\/spaziospadoni.org\\\/fr\\\/\",\"name\":\"spazio + spadoni\",\"description\":\"Generazione di misericordia e missione nel mondo\",\"publisher\":{\"@id\":\"https:\\\/\\\/spaziospadoni.org\\\/fr\\\/#organization\"},\"alternateName\":\"spaziospadoni.org\",\"potentialAction\":[{\"@type\":\"SearchAction\",\"target\":{\"@type\":\"EntryPoint\",\"urlTemplate\":\"https:\\\/\\\/spaziospadoni.org\\\/fr\\\/?s={search_term_string}\"},\"query-input\":{\"@type\":\"PropertyValueSpecification\",\"valueRequired\":true,\"valueName\":\"search_term_string\"}}],\"inLanguage\":\"fr-FR\"},{\"@type\":\"Organization\",\"@id\":\"https:\\\/\\\/spaziospadoni.org\\\/fr\\\/#organization\",\"name\":\"spazio + spadoni\",\"alternateName\":\"spaziospadoni.org\",\"url\":\"https:\\\/\\\/spaziospadoni.org\\\/fr\\\/\",\"logo\":{\"@type\":\"ImageObject\",\"inLanguage\":\"fr-FR\",\"@id\":\"https:\\\/\\\/spaziospadoni.org\\\/fr\\\/#\\\/schema\\\/logo\\\/image\\\/\",\"url\":\"https:\\\/\\\/spaziospadoni.org\\\/wp-content\\\/uploads\\\/2026\\\/05\\\/spazio-spadoni-logo-100x100-1.webp\",\"contentUrl\":\"https:\\\/\\\/spaziospadoni.org\\\/wp-content\\\/uploads\\\/2026\\\/05\\\/spazio-spadoni-logo-100x100-1.webp\",\"width\":100,\"height\":100,\"caption\":\"spazio + spadoni\"},\"image\":{\"@id\":\"https:\\\/\\\/spaziospadoni.org\\\/fr\\\/#\\\/schema\\\/logo\\\/image\\\/\"},\"sameAs\":[\"https:\\\/\\\/www.facebook.com\\\/SpazioSpadoni\\\/\",\"https:\\\/\\\/www.instagram.com\\\/spaziospadoni\\\/\",\"https:\\\/\\\/www.youtube.com\\\/@spaziospadoni\\\/playlists\"]}]}<\/script>\n<!-- \/ Yoast SEO plugin. -->","yoast_head_json":{"title":"R\u00e9publique d\u00e9mocratique du Congo - Afrique | Projet M1 | Spazio Spadoni","description":"Kavimvira | Uvira (R\u00e9publique d\u00e9mocratique du Congo) OPERA M1 MISSION Lieu Kavimvira Dioc\u00e8se Uvira Nation R\u00e9publique d\u00e9mocratique du Congo Continent","robots":{"index":"index","follow":"follow","max-snippet":"max-snippet:-1","max-image-preview":"max-image-preview:large","max-video-preview":"max-video-preview:-1"},"canonical":"https:\/\/spaziospadoni.org\/fr\/opera-m\/republique-democratique-du-congo-afrique-projet-m1\/","og_locale":"fr_FR","og_type":"article","og_title":"R\u00e9publique d\u00e9mocratique du Congo - Afrique | Projet M1 | Spazio Spadoni","og_description":"Kavimvira | Uvira (R\u00e9publique d\u00e9mocratique du Congo) OPERA M1 MISSION Lieu Kavimvira Dioc\u00e8se Uvira Nation R\u00e9publique d\u00e9mocratique du Congo Continent","og_url":"https:\/\/spaziospadoni.org\/fr\/opera-m\/republique-democratique-du-congo-afrique-projet-m1\/","og_site_name":"spazio + spadoni","article_publisher":"https:\/\/www.facebook.com\/SpazioSpadoni\/","article_modified_time":"2026-08-17T11:20:51+00:00","og_image":[{"width":2560,"height":1771,"url":"https:\/\/spaziospadoni.org\/wp-content\/uploads\/2026\/05\/hicsum_1_congo-spaziospadoni-scaled.png","type":"image\/png"}],"twitter_card":"summary_large_image","twitter_misc":{"Est. reading time":"5 minutes"},"schema":{"@context":"https:\/\/schema.org","@graph":[{"@type":"WebPage","@id":"https:\/\/spaziospadoni.org\/fr\/opera-m\/republique-democratique-du-congo-afrique-projet-m1\/","url":"https:\/\/spaziospadoni.org\/fr\/opera-m\/republique-democratique-du-congo-afrique-projet-m1\/","name":"R\u00e9publique d\u00e9mocratique du Congo - Afrique | Projet M1 | Spazio Spadoni","isPartOf":{"@id":"https:\/\/spaziospadoni.org\/fr\/#website"},"primaryImageOfPage":{"@id":"https:\/\/spaziospadoni.org\/fr\/opera-m\/republique-democratique-du-congo-afrique-projet-m1\/#primaryimage"},"image":{"@id":"https:\/\/spaziospadoni.org\/fr\/opera-m\/republique-democratique-du-congo-afrique-projet-m1\/#primaryimage"},"thumbnailUrl":"https:\/\/spaziospadoni.org\/wp-content\/uploads\/2026\/05\/hicsum_1_congo-spaziospadoni.png","datePublished":"2026-05-18T13:10:23+00:00","dateModified":"2026-08-17T11:20:51+00:00","description":"Kavimvira | Uvira (R\u00e9publique d\u00e9mocratique du Congo) OPERA M1 MISSION Lieu Kavimvira Dioc\u00e8se Uvira Nation R\u00e9publique d\u00e9mocratique du Congo Continent","breadcrumb":{"@id":"https:\/\/spaziospadoni.org\/fr\/opera-m\/republique-democratique-du-congo-afrique-projet-m1\/#breadcrumb"},"inLanguage":"fr-FR","potentialAction":[{"@type":"ReadAction","target":["https:\/\/spaziospadoni.org\/fr\/opera-m\/republique-democratique-du-congo-afrique-projet-m1\/"]}]},{"@type":"ImageObject","inLanguage":"fr-FR","@id":"https:\/\/spaziospadoni.org\/fr\/opera-m\/republique-democratique-du-congo-afrique-projet-m1\/#primaryimage","url":"https:\/\/spaziospadoni.org\/wp-content\/uploads\/2026\/05\/hicsum_1_congo-spaziospadoni.png","contentUrl":"https:\/\/spaziospadoni.org\/wp-content\/uploads\/2026\/05\/hicsum_1_congo-spaziospadoni.png"},{"@type":"BreadcrumbList","@id":"https:\/\/spaziospadoni.org\/fr\/opera-m\/republique-democratique-du-congo-afrique-projet-m1\/#breadcrumb","itemListElement":[{"@type":"ListItem","position":1,"name":"Home","item":"https:\/\/spaziospadoni.org\/fr\/"},{"@type":"ListItem","position":2,"name":"Opera M","item":"https:\/\/spaziospadoni.org\/fr\/opera-m\/"},{"@type":"ListItem","position":3,"name":"R\u00e9publique d\u00e9mocratique du Congo &#8211; Afrique | Projet M1"}]},{"@type":"WebSite","@id":"https:\/\/spaziospadoni.org\/fr\/#website","url":"https:\/\/spaziospadoni.org\/fr\/","name":"spazio + spadoni","description":"Generazione di misericordia e missione nel mondo","publisher":{"@id":"https:\/\/spaziospadoni.org\/fr\/#organization"},"alternateName":"spaziospadoni.org","potentialAction":[{"@type":"SearchAction","target":{"@type":"EntryPoint","urlTemplate":"https:\/\/spaziospadoni.org\/fr\/?s={search_term_string}"},"query-input":{"@type":"PropertyValueSpecification","valueRequired":true,"valueName":"search_term_string"}}],"inLanguage":"fr-FR"},{"@type":"Organization","@id":"https:\/\/spaziospadoni.org\/fr\/#organization","name":"spazio + spadoni","alternateName":"spaziospadoni.org","url":"https:\/\/spaziospadoni.org\/fr\/","logo":{"@type":"ImageObject","inLanguage":"fr-FR","@id":"https:\/\/spaziospadoni.org\/fr\/#\/schema\/logo\/image\/","url":"https:\/\/spaziospadoni.org\/wp-content\/uploads\/2026\/05\/spazio-spadoni-logo-100x100-1.webp","contentUrl":"https:\/\/spaziospadoni.org\/wp-content\/uploads\/2026\/05\/spazio-spadoni-logo-100x100-1.webp","width":100,"height":100,"caption":"spazio + spadoni"},"image":{"@id":"https:\/\/spaziospadoni.org\/fr\/#\/schema\/logo\/image\/"},"sameAs":["https:\/\/www.facebook.com\/SpazioSpadoni\/","https:\/\/www.instagram.com\/spaziospadoni\/","https:\/\/www.youtube.com\/@spaziospadoni\/playlists"]}]}},"_links":{"self":[{"href":"https:\/\/spaziospadoni.org\/fr\/wp-json\/wp\/v2\/pages\/59378","targetHints":{"allow":["GET"]}}],"collection":[{"href":"https:\/\/spaziospadoni.org\/fr\/wp-json\/wp\/v2\/pages"}],"about":[{"href":"https:\/\/spaziospadoni.org\/fr\/wp-json\/wp\/v2\/types\/page"}],"author":[{"embeddable":true,"href":"https:\/\/spaziospadoni.org\/fr\/wp-json\/wp\/v2\/users\/102"}],"replies":[{"embeddable":true,"href":"https:\/\/spaziospadoni.org\/fr\/wp-json\/wp\/v2\/comments?post=59378"}],"version-history":[{"count":2,"href":"https:\/\/spaziospadoni.org\/fr\/wp-json\/wp\/v2\/pages\/59378\/revisions"}],"predecessor-version":[{"id":90310,"href":"https:\/\/spaziospadoni.org\/fr\/wp-json\/wp\/v2\/pages\/59378\/revisions\/90310"}],"up":[{"embeddable":true,"href":"https:\/\/spaziospadoni.org\/fr\/wp-json\/wp\/v2\/pages\/89581"}],"wp:attachment":[{"href":"https:\/\/spaziospadoni.org\/fr\/wp-json\/wp\/v2\/media?parent=59378"}],"curies":[{"name":"wp","href":"https:\/\/api.w.org\/{rel}","templated":true}]}}