{"id":59452,"date":"2026-05-18T14:14:13","date_gmt":"2026-05-18T13:14:13","guid":{"rendered":"https:\/\/spaziospadoni.org\/oeuvres-de-misericorde\/republique-democratique-du-congo-afrique-projet-m16\/"},"modified":"2026-08-17T12:21:07","modified_gmt":"2026-08-17T11:21:07","slug":"republique-democratique-du-congo-afrique-projet-m16","status":"publish","type":"page","link":"https:\/\/spaziospadoni.org\/fr\/opera-m\/republique-democratique-du-congo-afrique-projet-m16\/","title":{"rendered":"R\u00e9publique D\u00e9mocratique du Congo &#8211; Afrique | Projet M16"},"content":{"rendered":"\n<div class=\"ss-project-hero-card\">\n<h2 id=\"soeur-annie-kisangani-republique-democratique-du-congo\" class=\"gb-text gb-text-62a95885\">S\u0153ur Annie &#8211; Kisangani (R\u00e9publique D\u00e9mocratique du Congo)<\/h2>\n\n\n\n<div class=\"gb-element-f60f2409\">\n<div class=\"gb-element-90a85740 ss-project-sidebar\">\n<h2 id=\"opera-m16\" class=\"gb-text ss-project-title\">OPERA M16<\/h2>\n\n\n\n<figure class=\"wp-block-image size-large\"><img decoding=\"async\" src=\"https:\/\/spaziospadoni.org\/wp-content\/uploads\/2026\/05\/hicsum_24_congo-spaziospadoni-scaled.png\" alt=\"hicsum 24 congo spaziospadoni 400x277\" class=\"wp-image-43007\"\/><\/figure>\n\n\n\n<div class=\"ss-project-table\">\n<div class=\"ss-table-section-title\">\n<h3 id=\"mission\" class=\"gb-text\">MISSION<\/h3>\n<\/div>\n\n\n\n<div class=\"ss-table-row\">\n<p class=\"gb-text\">Lieu<\/p>\n\n\n\n<p class=\"gb-text\"><a href=\"https:\/\/www.google.com\/maps\/place\/Kisangani,+Repubblica+Democratica+del+Congo\/@0.5236564,25.1508367,13z\/data=!3m1!4b1!4m6!3m5!1s0x1757a7333c4842bf:0xd0a33c1deddb9298!8m2!3d0.5185303!4d25.2007728!16zL20vMDJzdzJi?entry=ttu&#038;g_ep=EgoyMDI1MTIwOS4wIKXMDSoASAFQAw%3D%3D\" rel=\"noreferrer noopener\" target=\"_blank\" title=\"Kisangani\">Kisangani <\/a><\/p>\n<\/div>\n\n\n\n<div class=\"ss-table-row\">\n<p class=\"gb-text\">Dioc\u00e8se<\/p>\n\n\n\n<p class=\"gb-text\">Kisangani<\/p>\n<\/div>\n\n\n\n<div class=\"ss-table-row\">\n<p class=\"gb-text\">Nation<\/p>\n\n\n\n<p class=\"gb-text\"><strong>R\u00e9publique d\u00e9mocratique du Congo<\/strong><\/p>\n<\/div>\n\n\n\n<div class=\"ss-table-row\">\n<p class=\"gb-text\">Continent<\/p>\n\n\n\n<p class=\"gb-text\">Afrique<\/p>\n<\/div>\n\n\n\n<div class=\"ss-table-row\">\n<p class=\"gb-text\">Coordonn\u00e9es GPS<\/p>\n\n\n\n<p class=\"gb-text\">0.51851 25.19847<\/p>\n<\/div>\n\n\n\n<div class=\"ss-table-row\">\n<p class=\"gb-text\">Fuseau horaire<\/p>\n\n\n\n<p class=\"gb-text\">UTC+2<\/p>\n<\/div>\n<\/div>\n\n\n\n<div class=\"ss-project-table\">\n<div class=\"ss-table-section-title\">\n<h3 id=\"organisateur\" class=\"gb-text\">ORGANISATEUR<\/h3>\n<\/div>\n\n\n\n<div class=\"ss-table-row\">\n<p class=\"gb-text\">Congr\u00e9gation<\/p>\n\n\n\n<p class=\"gb-text\">Soeurs de la Sainte Famille de Kisangani<\/p>\n<\/div>\n\n\n\n<div class=\"ss-table-row\">\n<p class=\"gb-text\">Maison M\u00e8re<\/p>\n\n\n\n<p class=\"gb-text\">Kisangani<\/p>\n<\/div>\n\n\n\n<div class=\"ss-table-row\">\n<p class=\"gb-text\">Dioc\u00e8se<\/p>\n\n\n\n<p class=\"gb-text\">Kisangani<\/p>\n<\/div>\n\n\n\n<div class=\"ss-table-row\">\n<p class=\"gb-text\">Nation<\/p>\n\n\n\n<p class=\"gb-text\">R\u00e9publique d\u00e9mocratique du Congo<\/p>\n<\/div>\n\n\n\n<div class=\"ss-table-row\">\n<p class=\"gb-text\">Continent<\/p>\n\n\n\n<p class=\"gb-text\">Afrique<\/p>\n<\/div>\n\n\n\n<div class=\"ss-table-row\">\n<p class=\"gb-text\">F\u00eate de la Congr\u00e9gation<\/p>\n\n\n\n<p class=\"gb-text\">&#8212;<\/p>\n<\/div>\n\n\n\n<div class=\"ss-table-row\">\n<p class=\"gb-text\">Coordonn\u00e9es GPS<\/p>\n\n\n\n<p class=\"gb-text\">0.51851 25.19847<\/p>\n<\/div>\n\n\n\n<div class=\"ss-table-row\">\n<p class=\"gb-text\">Fuseau horaire<\/p>\n\n\n\n<p class=\"gb-text\">UTC+2<\/p>\n<\/div>\n\n\n\n<div class=\"ss-table-row\">\n<p class=\"gb-text\">R\u00e9f\u00e9rent<\/p>\n\n\n\n<p class=\"gb-text\">S\u0153ur Annie Mate Saliboko<\/p>\n<\/div>\n\n\n\n<div class=\"ss-table-row\">\n<p class=\"gb-text\">M\u00e8re G\u00e9n\u00e9rale<\/p>\n\n\n\n<p class=\"gb-text\">S\u0153ur Nathalie Muzee<\/p>\n<\/div>\n\n\n\n<div class=\"ss-table-row\">\n<p class=\"gb-text\">Site Internet<\/p>\n\n\n\n<p class=\"gb-text\"><a href=\"https:\/\/www.suoresantagemma.it\/\" target=\"_blank\" rel=\"noreferrer noopener\" title=\"suoresantagemma.it\">suoresantagemma.it<\/a><\/p>\n<\/div>\n<\/div>\n\n\n\n<div class=\"ss-project-table\">\n<div class=\"ss-table-section-title\">\n<h3 id=\"spazio-reale\" class=\"gb-text\">SPAZIO REALE<\/h3>\n<\/div>\n\n\n\n<div class=\"ss-table-row\">\n<p class=\"gb-text\">Responsable du projet<\/p>\n\n\n\n<p class=\"gb-text\">S\u0153ur Annie Mate Saliboko<\/p>\n<\/div>\n\n\n\n<div class=\"ss-table-row\">\n<p class=\"gb-text\">Date de d\u00e9but<\/p>\n\n\n\n<p class=\"gb-text\"><\/p>\n<\/div>\n\n\n\n<div class=\"ss-table-row\">\n<p class=\"gb-text\">Typologie<\/p>\n\n\n\n<p class=\"gb-text\"><strong>Pain de mis\u00e9ricorde<\/strong><\/p>\n<\/div>\n<\/div>\n\n\n\n<div class=\"ss-project-table\">\n<a class=\"gb-element-e1766596 ss-table-section-button\" href=\"#\" title=\"OPERA M &#8211; PROJET M16\">\n<span class=\"gb-text\">OPERA M &#8211; PROJET M16<\/span>\n<\/a>\n<\/div>\n<\/div>\n<\/div>\n\n\n\n<div class=\"gb-element-6ad95ea8\">\n<div class=\"gb-element-e34063a6 ss-project-intro\">\n<p class=\"wp-block-paragraph\">OPERA M est la r\u00e9volution des \u0153uvres de mis\u00e9ricorde. C&rsquo;est l&rsquo;instrument permanent de d\u00e9veloppement d&rsquo;une pens\u00e9e forte et renouvel\u00e9e des \u0153uvres dans le monde. <\/p>\n\n\n\n<p class=\"wp-block-paragraph\">Il na\u00eet d&rsquo;une urgence fortement ressentie par spazio + spadoni de faire r\u00e9<strong>\u00c9<\/strong>voluer le concept d&rsquo;\u0153uvre de mis\u00e9ricorde comme un chemin qui est toujours \u00e0 la fois humain et divin, et donc, toujours spirituel en plus d&rsquo;\u00eatre pratique (ou corporel). La red\u00e9couverte, voire la v\u00e9ritable r\u00e9<strong>\u00c9<\/strong>volution des \u0153uvres doit \u00eatre retrouv\u00e9e au sein de cette synth\u00e8se entre aspect spirituel et acte pratique. L&rsquo;agir mat\u00e9riel doit toujours \u00eatre impr\u00e9gn\u00e9 de l&rsquo;esprit.  <\/p>\n\n\n\n<p class=\"wp-block-paragraph\">OPERA M se fonde sur cinq actions qui en d\u00e9finissent la m\u00e9thode : INVOQUE, appelle l&rsquo;Esprit \u00c9COUTE, fais silence pour t&rsquo;ouvrir \u00e0 l&rsquo;\u00e9coute RENCONTRE, sois au milieu des gens AGISSONS, agir pour les \u0153uvres INONDONS, portons tout le monde aux \u0153uvres de mis\u00e9ricorde <strong>\u0152uvres de mis\u00e9ricorde spirituelles<\/strong> Conseiller ceux qui doutent Enseigner les ignorants Avertir les p\u00e9cheurs Consoler les afflig\u00e9s Pardonner les offenses Supporter patiemment les personnes importunes Prier Dieu pour les vivants et pour les morts <strong>\u0152uvres de mis\u00e9ricorde corporelles<\/strong> Donner \u00e0 manger aux affam\u00e9s Donner \u00e0 boire aux assoiff\u00e9s V\u00eatir les nus Loger les p\u00e8lerins Visiter les malades Visiter les prisonniers Ensevelir les morts<\/p>\n\n<\/div>\n<\/div>\n\n\n\n\n<div>\n\n<h2 id=\"chronologie\" class=\"gb-text gb-text-8179e40a\">Chronologie<\/h2>\n\n\n\n\n\n<div class=\"ss-timeline\">\n\n<h3 id=\"2022\" class=\"gb-text\">2022<\/h3>\n\n\n\n\n\n<div class=\"ss-timeline-item\">\n\n<h4 id=\"29-avril-rencontre-avec-la-mere-generale\" class=\"gb-text\">29 avril | Rencontre avec la M\u00e8re G\u00e9n\u00e9rale<\/h4>\n\n\n\n\n<p class=\"wp-block-paragraph\">spazio + spadoni rencontre \u00e0 Rome s\u0153ur Nathalie Muzee, Sup\u00e9rieure G\u00e9n\u00e9rale de la Congr\u00e9gation de s\u0153ur Annie spazio + spadoni<\/p>\n\n\n\n<figure class=\"wp-block-gallery has-nested-images columns-1 is-cropped ss-lightbox wp-block-gallery-1 is-layout-flex wp-block-gallery-is-layout-flex\">\n\n<figure class=\"wp-block-image size-large\"><img decoding=\"async\" src=\"https:\/\/spaziospadoni.org\/wp-content\/uploads\/2026\/05\/2022_hicsum_29_spazio_spadoni_itali_misericordia_assisi_sr_annie_madre_generale_nathalie_luigi_spadoni.jpg\" alt=\"2022 hicsum 29 spazio + spadoni italie mis&#xE9;ricorde assise s&#x153;ur annie m&#xE8;re g&#xE9;n&#xE9;rale nathalie luigi spadoni\"\/><figcaption class=\"wp-element-caption\">29 aprile | Incontro con Madre Generale<\/figcaption><\/figure>\n\n<\/figure>\n\n\n<\/div>\n\n\n\n\n<div class=\"ss-timeline-item\">\n\n<h4 id=\"21-novembre-16-decembre-formation-loppiano\" class=\"gb-text\">21 novembre &#8211; 16 d\u00e9cembre | Formation Loppiano<\/h4>\n\n\n\n\n<p class=\"wp-block-paragraph\">Formation promue par spazio + spadoni sur les \u0152uvres de Mis\u00e9ricorde et l&rsquo;\u00c9conomie de Communion \u00e0 Loppiano (FI)<\/p>\n\n\n\n<figure class=\"wp-block-gallery has-nested-images columns-1 is-cropped ss-lightbox wp-block-gallery-2 is-layout-flex wp-block-gallery-is-layout-flex\">\n\n<figure class=\"wp-block-image size-large\"><img decoding=\"async\" src=\"https:\/\/spaziospadoni.org\/wp-content\/uploads\/2026\/05\/12-300x156.jpeg\" alt=\"12 300x156\"\/><figcaption class=\"wp-element-caption\">21 novembre &#8211; 16 d\u00e9cembre | Formation Loppiano<\/figcaption><\/figure>\n\n<\/figure>\n\n\n<\/div>\n\n\n\n\n<div class=\"ss-timeline-item\">\n\n<h4 id=\"18-decembre-depart-de-la-soeur\" class=\"gb-text\">18 d\u00e9cembre| D\u00e9part de la s\u0153ur<\/h4>\n\n\n\n\n<p class=\"wp-block-paragraph\">La formation termin\u00e9e, s\u0153ur Annie retourne \u00e0 Kisangani<\/p>\n\n\n\n<figure class=\"wp-block-gallery has-nested-images columns-1 is-cropped ss-lightbox wp-block-gallery-3 is-layout-flex wp-block-gallery-is-layout-flex\">\n\n<figure class=\"wp-block-image size-large\"><img decoding=\"async\" src=\"https:\/\/spaziospadoni.org\/wp-content\/uploads\/2026\/05\/2022_dicembre_10_hicsum_29_spazio_spadoni_itali_misericordia_assisi_sr_annie_don_maurizio_biagioni-4-copia-225x300.jpg\" alt=\"2022 d&#xE9;cembre 10 hicsum 29 spazio + spadoni italie mis&#xE9;ricorde assise s&#x153;ur annie don maurizio biagioni 4 copie 225x300\"\/><figcaption class=\"wp-element-caption\">18 d\u00e9cembre| D\u00e9part de la s\u0153ur<\/figcaption><\/figure>\n\n<\/figure>\n\n\n<\/div>\n\n\n\n\n<div class=\"ss-timeline-item\">\n\n<h4 id=\"20-decembre-creation-du-groupe\" class=\"gb-text\">20 d\u00e9cembre| Cr\u00e9ation du groupe<\/h4>\n\n\n\n\n<p class=\"wp-block-paragraph\">La cr\u00e9ation du groupe de b\u00e9n\u00e9voles commence<\/p>\n\n\n<\/div>\n\n\n<\/div>\n\n\n\n\n<div class=\"ss-timeline\">\n\n<h3 id=\"2024\" class=\"gb-text\">2024<\/h3>\n\n\n\n\n\n<div class=\"ss-timeline-item\">\n\n<h4 id=\"18-20-septembre-forum-oeuvres-de-misericorde\" class=\"gb-text\">18 &#8211; 20 septembre| Forum \u0152uvres de Mis\u00e9ricorde<\/h4>\n\n\n\n\n<p class=\"wp-block-paragraph\">Du 18 au 20 septembre se d\u00e9roule dans le dioc\u00e8se de Kisangani le Forum sur la r\u00e9Evolution des \u0152uvres de Mis\u00e9ricorde promu par spazio + spadoni<\/p>\n\n\n<\/div>\n\n\n<\/div>\n\n\n\n\n<div class=\"ss-timeline\">\n\n<h3 id=\"2025\" class=\"gb-text\">2025<\/h3>\n\n\n\n\n\n<div class=\"ss-timeline-item\">\n\n<h4 id=\"03-mai-rencontre-avec-la-mere-generale\" class=\"gb-text\">03 mai | Rencontre avec la M\u00e8re G\u00e9n\u00e9rale<\/h4>\n\n\n\n\n<p class=\"wp-block-paragraph\">\u00c0 l&rsquo;occasion de l&rsquo;Assembl\u00e9e de l&rsquo;UISG qui s&rsquo;est d\u00e9roul\u00e9e \u00e0 Rome du 5 au 9 mai, spazio + spadoni a rencontr\u00e9 M\u00e8re Nathalie, qui l&rsquo;a accueillie pendant toute la dur\u00e9e du colloque \u00e0 la Maison M\u00e8re des s\u0153urs Filles de Marie Missionnaires<\/p>\n\n\n\n<figure class=\"wp-block-gallery has-nested-images columns-1 is-cropped ss-lightbox wp-block-gallery-4 is-layout-flex wp-block-gallery-is-layout-flex\">\n\n<figure class=\"wp-block-image size-large\"><img decoding=\"async\" src=\"https:\/\/spaziospadoni.org\/wp-content\/uploads\/2026\/05\/2025_maggio_assemblea_uisg_roma_spazio_spadoni_opere_misericordia_superiore_generali_suore-58-225x300.jpg\" alt=\"2025 mai assembl&#xE9;e uisg rome spazio + spadoni &#x153;uvres de mis&#xE9;ricorde sup&#xE9;rieures g&#xE9;n&#xE9;rales s&#x153;urs 58 225x300\"\/><figcaption class=\"wp-element-caption\">03 mai | Rencontre avec la M\u00e8re G\u00e9n\u00e9rale<\/figcaption><\/figure>\n\n\n<figure class=\"wp-block-image size-large\"><img decoding=\"async\" src=\"https:\/\/spaziospadoni.org\/wp-content\/uploads\/2026\/05\/2025_maggio_assemblea_uisg_roma_spazio_spadoni_opere_misericordia_superiore_generali_suore-55-225x300.jpg\" alt=\"2025 mai assembl&#xE9;e uisg rome spazio + spadoni &#x153;uvres de mis&#xE9;ricorde sup&#xE9;rieures g&#xE9;n&#xE9;rales s&#x153;urs 55 225x300\"\/><figcaption class=\"wp-element-caption\">03 mai | Rencontre avec la M\u00e8re G\u00e9n\u00e9rale<\/figcaption><\/figure>\n\n\n<figure class=\"wp-block-image size-large\"><img decoding=\"async\" src=\"https:\/\/spaziospadoni.org\/wp-content\/uploads\/2026\/05\/2025_maggio_assemblea_uisg_roma_spazio_spadoni_opere_misericordia_superiore_generali_suore-63-300x225.jpg\" alt=\"2025 mai assembl&#xE9;e uisg rome spazio + spadoni &#x153;uvres de mis&#xE9;ricorde sup&#xE9;rieures g&#xE9;n&#xE9;rales s&#x153;urs 63 300x225\"\/><figcaption class=\"wp-element-caption\">03 mai | Rencontre avec la M\u00e8re G\u00e9n\u00e9rale<\/figcaption><\/figure>\n\n<\/figure>\n\n\n<\/div>\n\n\n<\/div>\n\n\n<\/div>\n\n\n\n<div class=\"ss-project-media\">\n<h2 id=\"photos-et-videos\" class=\"gb-text gb-text-d7bd8be8\">Photos et vid\u00e9os<\/h2>\n\n\n<div class=\"ss-media-filters\">\n\n<a class=\"gb-text ss-media-filter active\" data-filter=\"*\" title=\"Tout\">Tout<\/a>\n\n\n<a class=\"gb-text ss-media-filter\" data-filter=\".formazione\" title=\"Formation\">Formation<\/a>\n\n\n<a class=\"gb-text ss-media-filter\" data-filter=\".repubblica-democratica-del-congo\" title=\"R\u00e9publique d\u00e9mocratique du Congo\">R\u00e9publique d\u00e9mocratique du Congo<\/a>\n\n\n<a class=\"gb-text ss-media-filter\" data-filter=\".pane-di-misericordia\" title=\"Pain de mis\u00e9ricorde\">Pain de mis\u00e9ricorde<\/a>\n\n\n<a class=\"gb-text ss-media-filter\" data-filter=\".video\" title=\"Vid\u00e9o\">Vid\u00e9o<\/a>\n\n<\/div>\n\n\n<div class=\"ss-media-grid\">\n<div>\n<figure class=\"wp-block-gallery has-nested-images columns-1 is-cropped ss-lightbox wp-block-gallery-5 is-layout-flex wp-block-gallery-is-layout-flex\">\n\n<figure class=\"wp-block-image size-large formazione\"><img decoding=\"async\" alt=\"2022 d&#xE9;cembre 10 hicsum 29 spazio + spadoni italie mis&#xE9;ricorde assise s&#x153;ur annie don maurizio biagioni 4 copie 225x300\" src=\"https:\/\/spaziospadoni.org\/wp-content\/uploads\/2026\/05\/2022_dicembre_10_hicsum_29_spazio_spadoni_itali_misericordia_assisi_sr_annie_don_maurizio_biagioni-4-copia-225x300.jpg\"\/><\/figure>\n\n\n<figure class=\"wp-block-image size-large formazione\"><img decoding=\"async\" alt=\"2022 hicsum 29 spazio + spadoni italie mis&#xE9;ricorde assise s&#x153;ur annie m&#xE8;re g&#xE9;n&#xE9;rale nathalie luigi spadoni 225x300\" src=\"https:\/\/spaziospadoni.org\/wp-content\/uploads\/2026\/05\/2022_hicsum_29_spazio_spadoni_itali_misericordia_assisi_sr_annie_madre_generale_nathalie_luigi_spadoni-225x300.jpg\"\/><\/figure>\n\n\n<figure class=\"wp-block-image size-large formazione\"><img decoding=\"async\" alt=\"2022 d&#xE9;cembre hicsum 29 spazio + spadoni italie mis&#xE9;ricorde assise s&#x153;ur annie sainte famille kisangani formation loppiano &#x153;uvres de mis&#xE9;ricorde luigi 225x300\" src=\"https:\/\/spaziospadoni.org\/wp-content\/uploads\/2026\/05\/2022_dicembre_hicsum_29_spazio_spadoni_itali_misericordia_assisi_sr_annie_sainte_famille_kisangani_formazione_loppiano_opere_misericordia_luigi-225x300.jpeg\"\/><\/figure>\n\n\n<figure class=\"wp-block-image size-large formazione\"><img decoding=\"async\" alt=\"2022 hicsum 29 spazio + spadoni italie mis&#xE9;ricorde assise s&#x153;ur annie m&#xE8;re g&#xE9;n&#xE9;rale nathalie selene pera 300x225\" src=\"https:\/\/spaziospadoni.org\/wp-content\/uploads\/2026\/05\/2022_hicsum_29_spazio_spadoni_itali_misericordia_assisi_sr_annie_madre_generale_nathalie_selene_pera-300x225.jpg\"\/><\/figure>\n\n\n<figure class=\"wp-block-image size-large formazione\"><img decoding=\"async\" alt=\"Luigi avec M&#xE8;re Nathalie G&#xE9;n&#xE9;rale Sainte Famille de Kisangani copie 288x300\" src=\"https:\/\/spaziospadoni.org\/wp-content\/uploads\/2026\/05\/Luigi-con-Madre-Nathalie-Generale-Sainte-Famille-de-Kisangani-copia-288x300.jpg\"\/><\/figure>\n\n\n<figure class=\"wp-block-image size-large formazione\"><img decoding=\"async\" alt=\"2022 juin hicsum 24 italie assise spazio + spadoni s&#x153;ur adele annie famille helmet s&#x153;urs don maurizio biagioni &#xE9;v&#xEA;que domenico sorrentino rencontre copie 300x175\" src=\"https:\/\/spaziospadoni.org\/wp-content\/uploads\/2026\/05\/2022_giugno_hicsum_24_italia_assisi_spazio_spadoni_suor_adele_annie_famille_helmet_suore_don_maurizio_biagioni_vesovo_domenico_sorrentino_incontro-copia-300x175.jpg\"\/><\/figure>\n\n\n<figure class=\"wp-block-image size-large repubblica-democratica-del-congo pane-di-misericordia\"><img decoding=\"async\" alt=\"2023 mars 16 hicsum 29 spazio + spadoni kisangani italie mis&#xE9;ricorde assise s&#x153;ur annie pain de la mis&#xE9;ricorde entreprise sociale pisciculture 2 copie 216x300\" src=\"https:\/\/spaziospadoni.org\/wp-content\/uploads\/2026\/05\/2023_marzo_16_hicsum_29_spazio_spadoni_kisangani_itali_misericordia_assisi_sr_annie_pane_misericordia_impresa_sociale_piscicoltura-2-copia-216x300.jpg\"\/><\/figure>\n\n\n<figure class=\"wp-block-image size-large formazione\"><img decoding=\"async\" alt=\"2022 d&#xE9;cembre hicsum 29 spazio + spadoni italie mis&#xE9;ricorde assise s&#x153;ur annie sainte famille kisangani formation assise 2 300x225\" src=\"https:\/\/spaziospadoni.org\/wp-content\/uploads\/2026\/05\/2022_dicembre_hicsum_29_spazio_spadoni_itali_misericordia_assisi_sr_annie_sainte_famille_kisangani_formazione_assisi-2-300x225.jpeg\"\/><\/figure>\n\n\n<figure class=\"wp-block-image size-large formazione\"><img decoding=\"async\" alt=\"2022 d&#xE9;cembre hicsum 29 spazio + spadoni italie mis&#xE9;ricorde assise s&#x153;ur annie sainte famille kisangani formation assise 300x225\" src=\"https:\/\/spaziospadoni.org\/wp-content\/uploads\/2026\/05\/2022_dicembre_hicsum_29_spazio_spadoni_itali_misericordia_assisi_sr_annie_sainte_famille_kisangani_formazione_assisi-300x225.jpeg\"\/><\/figure>\n\n\n<figure class=\"wp-block-image size-large formazione\"><img decoding=\"async\" alt=\"2022 d&#xE9;cembre hicsum 29 spazio + spadoni italie mis&#xE9;ricorde assise s&#x153;ur annie sainte famille kisangani formation loppiano &#x153;uvres de mis&#xE9;ricorde 2 300x300\" src=\"https:\/\/spaziospadoni.org\/wp-content\/uploads\/2026\/05\/2022_dicembre_hicsum_29_spazio_spadoni_itali_misericordia_assisi_sr_annie_sainte_famille_kisangani_formazione_loppiano_opere_misericordia-2-300x300.jpeg\"\/><\/figure>\n\n\n<figure class=\"wp-block-image size-large formazione\"><img decoding=\"async\" alt=\"2022 d&#xE9;cembre hicsum 29 spazio + spadoni italie mis&#xE9;ricorde assise s&#x153;ur annie sainte famille kisangani formation loppiano &#x153;uvres de mis&#xE9;ricorde 3 300x225\" src=\"https:\/\/spaziospadoni.org\/wp-content\/uploads\/2026\/05\/2022_dicembre_hicsum_29_spazio_spadoni_itali_misericordia_assisi_sr_annie_sainte_famille_kisangani_formazione_loppiano_opere_misericordia-3-300x225.jpeg\"\/><\/figure>\n\n\n<figure class=\"wp-block-image size-large formazione\"><img decoding=\"async\" alt=\"2022 d&#xE9;cembre hicsum 29 spazio + spadoni italie mis&#xE9;ricorde assise s&#x153;ur annie sainte famille kisangani formation loppiano &#x153;uvres de mis&#xE9;ricorde 4 300x225\" src=\"https:\/\/spaziospadoni.org\/wp-content\/uploads\/2026\/05\/2022_dicembre_hicsum_29_spazio_spadoni_itali_misericordia_assisi_sr_annie_sainte_famille_kisangani_formazione_loppiano_opere_misericordia-4-300x225.jpeg\"\/><\/figure>\n\n\n<figure class=\"wp-block-image size-large formazione\"><img decoding=\"async\" alt=\"2022 d&#xE9;cembre hicsum 29 spazio + spadoni italie mis&#xE9;ricorde assise s&#x153;ur annie sainte famille kisangani formation loppiano &#x153;uvres de mis&#xE9;ricorde 6 300x225\" src=\"https:\/\/spaziospadoni.org\/wp-content\/uploads\/2026\/05\/2022_dicembre_hicsum_29_spazio_spadoni_itali_misericordia_assisi_sr_annie_sainte_famille_kisangani_formazione_loppiano_opere_misericordia-6-300x225.jpeg\"\/><\/figure>\n\n\n<figure class=\"wp-block-image size-large formazione\"><img decoding=\"async\" alt=\"2022 d&#xE9;cembre hicsum 29 spazio + spadoni italie mis&#xE9;ricorde assise s&#x153;ur annie sainte famille kisangani formation loppiano &#x153;uvres de mis&#xE9;ricorde 5 300x225\" src=\"https:\/\/spaziospadoni.org\/wp-content\/uploads\/2026\/05\/2022_dicembre_hicsum_29_spazio_spadoni_itali_misericordia_assisi_sr_annie_sainte_famille_kisangani_formazione_loppiano_opere_misericordia-5-300x225.jpeg\"\/><\/figure>\n\n\n<figure class=\"wp-block-image size-large formazione\"><img decoding=\"async\" alt=\"2022 d&#xE9;cembre hicsum 29 spazio + spadoni italie mis&#xE9;ricorde assise s&#x153;ur annie sainte famille kisangani formation loppiano &#x153;uvres de mis&#xE9;ricorde 300x156\" src=\"https:\/\/spaziospadoni.org\/wp-content\/uploads\/2026\/05\/2022_dicembre_hicsum_29_spazio_spadoni_itali_misericordia_assisi_sr_annie_sainte_famille_kisangani_formazione_loppiano_opere_misericordia-300x156.jpeg\"\/><\/figure>\n\n\n<figure class=\"wp-block-image size-large formazione\"><img decoding=\"async\" alt=\"2022 juin hicsum 29 spazio + spadoni italie mis&#xE9;ricorde assise s&#x153;ur annie sainte famille kisangani formation san cerbone 2 225x300\" src=\"https:\/\/spaziospadoni.org\/wp-content\/uploads\/2026\/05\/2022_giugno_hicsum_29_spazio_spadoni_itali_misericordia_assisi_sr_annie_sainte_famille_kisangani_formazione_san_cerbone-2-225x300.jpg\"\/><\/figure>\n\n\n<figure class=\"wp-block-image size-large formazione\"><img decoding=\"async\" alt=\"2022 juin hicsum 29 spazio + spadoni italie mis&#xE9;ricorde assise s&#x153;ur annie sainte famille kisangani formation san cerbone 5 225x300\" src=\"https:\/\/spaziospadoni.org\/wp-content\/uploads\/2026\/05\/2022_giugno_hicsum_29_spazio_spadoni_itali_misericordia_assisi_sr_annie_sainte_famille_kisangani_formazione_san_cerbone-5-225x300.jpg\"\/><\/figure>\n\n\n<figure class=\"wp-block-image size-large formazione\"><img decoding=\"async\" alt=\"2022 juin hicsum 29 spazio + spadoni italie mis&#xE9;ricorde assise s&#x153;ur annie sainte famille kisangani formation san cerbone 3 225x300\" src=\"https:\/\/spaziospadoni.org\/wp-content\/uploads\/2026\/05\/2022_giugno_hicsum_29_spazio_spadoni_itali_misericordia_assisi_sr_annie_sainte_famille_kisangani_formazione_san_cerbone-3-300x225.jpg\"\/><\/figure>\n\n\n<figure class=\"wp-block-image size-large formazione\"><img decoding=\"async\" alt=\"2022 juin hicsum 29 spazio + spadoni italie mis&#xE9;ricorde assise s&#x153;ur annie sainte famille kisangani formation san cerbone 6 225x300\" src=\"https:\/\/spaziospadoni.org\/wp-content\/uploads\/2026\/05\/2022_giugno_hicsum_29_spazio_spadoni_itali_misericordia_assisi_sr_annie_sainte_famille_kisangani_formazione_san_cerbone-6-225x300.jpg\"\/><\/figure>\n\n\n<figure class=\"wp-block-image size-large formazione\"><img decoding=\"async\" alt=\"2022 juin hicsum 29 spazio + spadoni italie mis&#xE9;ricorde assise s&#x153;ur annie sainte famille kisangani formation san cerbone 4 225x300\" src=\"https:\/\/spaziospadoni.org\/wp-content\/uploads\/2026\/05\/2022_giugno_hicsum_29_spazio_spadoni_itali_misericordia_assisi_sr_annie_sainte_famille_kisangani_formazione_san_cerbone-4-225x300.jpg\"\/><\/figure>\n\n\n<figure class=\"wp-block-image size-large formazione\"><img decoding=\"async\" alt=\"2022 juin hicsum 29 spazio + spadoni italie mis&#xE9;ricorde assise s&#x153;ur annie sainte famille kisangani formation san cerbone 7 225x300\" src=\"https:\/\/spaziospadoni.org\/wp-content\/uploads\/2026\/05\/2022_giugno_hicsum_29_spazio_spadoni_itali_misericordia_assisi_sr_annie_sainte_famille_kisangani_formazione_san_cerbone-7-225x300.jpg\"\/><\/figure>\n\n\n<figure class=\"wp-block-image size-large repubblica-democratica-del-congo\"><img decoding=\"async\" alt=\"2024 juin b&#xE9;n&#xE9;voles spazio + spadoni s&#x153;ur annie &#x153;uvres de mis&#xE9;ricorde kisangani congo 2 300x225\" src=\"https:\/\/spaziospadoni.org\/wp-content\/uploads\/2026\/05\/2024_giugno_volontari_spazio_spadoni_suor_annie_opere_misericordia_kisangani_congo-2-300x225.jpg\"\/><\/figure>\n\n\n<figure class=\"wp-block-image size-large repubblica-democratica-del-congo\"><img decoding=\"async\" alt=\"2024 juin b&#xE9;n&#xE9;voles spazio + spadoni s&#x153;ur annie &#x153;uvres de mis&#xE9;ricorde kisangani congo 3 225x300\" src=\"https:\/\/spaziospadoni.org\/wp-content\/uploads\/2026\/05\/2024_giugno_volontari_spazio_spadoni_suor_annie_opere_misericordia_kisangani_congo-3-225x300.jpg\"\/><\/figure>\n\n\n<figure class=\"wp-block-image size-large repubblica-democratica-del-congo\"><img decoding=\"async\" alt=\"2024 juin b&#xE9;n&#xE9;voles spazio + spadoni s&#x153;ur annie &#x153;uvres de mis&#xE9;ricorde kisangani congo 4 300x225\" src=\"https:\/\/spaziospadoni.org\/wp-content\/uploads\/2026\/05\/2024_giugno_volontari_spazio_spadoni_suor_annie_opere_misericordia_kisangani_congo-4-300x225.jpg\"\/><\/figure>\n\n\n<figure class=\"wp-block-image size-large repubblica-democratica-del-congo\"><img decoding=\"async\" alt=\"F annie et rodrigue &#xE9;pingle sur maillot blanc copie 300x131\" src=\"https:\/\/spaziospadoni.org\/wp-content\/uploads\/2026\/05\/F-annie-e-rodrigue-spilla-a-maglia-bianca-copia-300x131.jpg\"\/><\/figure>\n\n\n<figure class=\"wp-block-image size-large repubblica-democratica-del-congo\"><img decoding=\"async\" alt=\"2024 juin b&#xE9;n&#xE9;voles spazio + spadoni s&#x153;ur annie &#x153;uvres de mis&#xE9;ricorde kisangani congo 6 225x300\" src=\"https:\/\/spaziospadoni.org\/wp-content\/uploads\/2026\/05\/2024_giugno_volontari_spazio_spadoni_suor_annie_opere_misericordia_kisangani_congo-6-225x300.jpg\"\/><\/figure>\n\n\n<figure class=\"wp-block-image size-large formazione\"><img decoding=\"async\" alt=\"2025 mai assembl&#xE9;e uisg rome spazio + spadoni &#x153;uvres de mis&#xE9;ricorde sup&#xE9;rieures g&#xE9;n&#xE9;rales s&#x153;urs 53 225x300\" src=\"https:\/\/spaziospadoni.org\/wp-content\/uploads\/2026\/05\/2025_maggio_assemblea_uisg_roma_spazio_spadoni_opere_misericordia_superiore_generali_suore-53-225x300.jpg\"\/><\/figure>\n\n\n<figure class=\"wp-block-image size-large formazione\"><img decoding=\"async\" alt=\"2025 mai assembl&#xE9;e uisg rome spazio + spadoni &#x153;uvres de mis&#xE9;ricorde sup&#xE9;rieures g&#xE9;n&#xE9;rales s&#x153;urs 55 225x300\" src=\"https:\/\/spaziospadoni.org\/wp-content\/uploads\/2026\/05\/2025_maggio_assemblea_uisg_roma_spazio_spadoni_opere_misericordia_superiore_generali_suore-55-225x300.jpg\"\/><\/figure>\n\n\n<figure class=\"wp-block-image size-large formazione\"><img decoding=\"async\" alt=\"2025 mai assembl&#xE9;e uisg rome spazio + spadoni &#x153;uvres de mis&#xE9;ricorde sup&#xE9;rieures g&#xE9;n&#xE9;rales s&#x153;urs 63 300x225\" src=\"https:\/\/spaziospadoni.org\/wp-content\/uploads\/2026\/05\/2025_maggio_assemblea_uisg_roma_spazio_spadoni_opere_misericordia_superiore_generali_suore-63-300x225.jpg\"\/><\/figure>\n\n\n<figure class=\"wp-block-image size-large formazione\"><img decoding=\"async\" alt=\"2025 mai assembl&#xE9;e uisg rome spazio + spadoni &#x153;uvres de mis&#xE9;ricorde sup&#xE9;rieures g&#xE9;n&#xE9;rales s&#x153;urs 67 300x225\" src=\"https:\/\/spaziospadoni.org\/wp-content\/uploads\/2026\/05\/2025_maggio_assemblea_uisg_roma_spazio_spadoni_opere_misericordia_superiore_generali_suore-67-300x225.jpg\"\/><\/figure>\n\n\n<figure class=\"wp-block-image size-large formazione\"><img decoding=\"async\" alt=\"2025 mai assembl&#xE9;e uisg rome spazio + spadoni &#x153;uvres de mis&#xE9;ricorde sup&#xE9;rieures g&#xE9;n&#xE9;rales s&#x153;urs 71 300x225\" src=\"https:\/\/spaziospadoni.org\/wp-content\/uploads\/2026\/05\/2025_maggio_assemblea_uisg_roma_spazio_spadoni_opere_misericordia_superiore_generali_suore-71-300x225.jpg\"\/><\/figure>\n\n\n<figure class=\"wp-block-image size-large formazione\"><img decoding=\"async\" alt=\"2025 mai assembl&#xE9;e uisg rome spazio + spadoni &#x153;uvres de mis&#xE9;ricorde sup&#xE9;rieures g&#xE9;n&#xE9;rales s&#x153;urs 72 300x225\" src=\"https:\/\/spaziospadoni.org\/wp-content\/uploads\/2026\/05\/2025_maggio_assemblea_uisg_roma_spazio_spadoni_opere_misericordia_superiore_generali_suore-72-300x225.jpg\"\/><\/figure>\n\n\n<figure class=\"wp-block-image size-large formazione\"><img decoding=\"async\" alt=\"2025 mai assembl&#xE9;e uisg rome spazio + spadoni &#x153;uvres de mis&#xE9;ricorde sup&#xE9;rieures g&#xE9;n&#xE9;rales s&#x153;urs 73 300x225\" src=\"https:\/\/spaziospadoni.org\/wp-content\/uploads\/2026\/05\/2025_maggio_assemblea_uisg_roma_spazio_spadoni_opere_misericordia_superiore_generali_suore-73-300x225.jpg\"\/><\/figure>\n\n<\/figure>\n\n\n<div class=\"gb-element-b24bbf5e ss-media-videos\">\n\n<figure class=\"wp-block-video video\"><video controls=\"\" src=\"https:\/\/spaziospadoni.org\/wp-content\/uploads\/2026\/05\/10-dicembre-2022-suor-Annie-ritorna-ad-Assisi.mp4\"><\/video><figcaption class=\"wp-element-caption\">10 d\u00e9cembre 2022 s\u0153ur Annie retourne \u00e0 Assise<\/figcaption><\/figure>\n\n<\/div>\n\n<\/div>\n\n<\/div>\n\n<\/div>\n\n","protected":false},"excerpt":{"rendered":"<p>S\u0153ur Annie &#8211; Kisangani (R\u00e9publique D\u00e9mocratique du Congo) OPERA M16 MISSION Lieu Kisangani Dioc\u00e8se Kisangani Nation R\u00e9publique d\u00e9mocratique du Congo Continent Afrique Coordonn\u00e9es GPS 0.51851 25.19847 Fuseau horaire UTC+2 ORGANISATEUR Congr\u00e9gation Soeurs de la Sainte Famille de Kisangani Maison M\u00e8re Kisangani Dioc\u00e8se Kisangani Nation R\u00e9publique d\u00e9mocratique du Congo Continent Afrique F\u00eate de la Congr\u00e9gation &#8212; &#8230; <a title=\"R\u00e9publique D\u00e9mocratique du Congo &#8211; Afrique | Projet M16\" class=\"read-more\" href=\"https:\/\/spaziospadoni.org\/fr\/opera-m\/republique-democratique-du-congo-afrique-projet-m16\/\" aria-label=\"Read more about R\u00e9publique D\u00e9mocratique du Congo &#8211; Afrique | Projet M16\">Lire plus<\/a><\/p>\n","protected":false},"author":102,"featured_media":0,"parent":89581,"menu_order":0,"comment_status":"closed","ping_status":"closed","template":"","meta":{"_sitemap_exclude":false,"_sitemap_priority":"","_sitemap_frequency":"","footnotes":""},"class_list":["post-59452","page","type-page","status-publish","infinite-scroll-item"],"yoast_head":"<!-- This site is optimized with the Yoast SEO plugin v28.4 - https:\/\/yoast.com\/product\/yoast-seo-wordpress\/ -->\n<title>R\u00e9publique D\u00e9mocratique du Congo - Afrique | Projet M16 | Spazio Spadoni<\/title>\n<meta name=\"description\" content=\"S\u0153ur Annie - Kisangani (R\u00e9publique D\u00e9mocratique du Congo) OPERA M16 MISSION Lieu Kisangani Dioc\u00e8se Kisangani Nation R\u00e9publique d\u00e9mocratique du Congo\" \/>\n<meta name=\"robots\" content=\"index, follow, max-snippet:-1, max-image-preview:large, max-video-preview:-1\" \/>\n<link rel=\"canonical\" href=\"https:\/\/spaziospadoni.org\/fr\/opera-m\/republique-democratique-du-congo-afrique-projet-m16\/\" \/>\n<meta property=\"og:locale\" content=\"fr_FR\" \/>\n<meta property=\"og:type\" content=\"article\" \/>\n<meta property=\"og:title\" content=\"R\u00e9publique D\u00e9mocratique du Congo - Afrique | Projet M16 | Spazio Spadoni\" \/>\n<meta property=\"og:description\" content=\"S\u0153ur Annie - Kisangani (R\u00e9publique D\u00e9mocratique du Congo) OPERA M16 MISSION Lieu Kisangani Dioc\u00e8se Kisangani Nation R\u00e9publique d\u00e9mocratique du Congo\" \/>\n<meta property=\"og:url\" content=\"https:\/\/spaziospadoni.org\/fr\/opera-m\/republique-democratique-du-congo-afrique-projet-m16\/\" \/>\n<meta property=\"og:site_name\" content=\"spazio + spadoni\" \/>\n<meta property=\"article:publisher\" content=\"https:\/\/www.facebook.com\/SpazioSpadoni\/\" \/>\n<meta property=\"article:modified_time\" content=\"2026-08-17T11:21:07+00:00\" \/>\n<meta property=\"og:image\" content=\"https:\/\/spaziospadoni.org\/wp-content\/uploads\/2026\/05\/hicsum_1_congo-spaziospadoni-scaled.png\" \/>\n\t<meta property=\"og:image:width\" content=\"2560\" \/>\n\t<meta property=\"og:image:height\" content=\"1771\" \/>\n\t<meta property=\"og:image:type\" content=\"image\/png\" \/>\n<meta name=\"twitter:card\" content=\"summary_large_image\" \/>\n<meta name=\"twitter:label1\" content=\"Est. reading time\" \/>\n\t<meta name=\"twitter:data1\" content=\"3 minutes\" \/>\n<script type=\"application\/ld+json\" class=\"yoast-schema-graph\">{\"@context\":\"https:\\\/\\\/schema.org\",\"@graph\":[{\"@type\":\"WebPage\",\"@id\":\"https:\\\/\\\/spaziospadoni.org\\\/fr\\\/opera-m\\\/republique-democratique-du-congo-afrique-projet-m16\\\/\",\"url\":\"https:\\\/\\\/spaziospadoni.org\\\/fr\\\/opera-m\\\/republique-democratique-du-congo-afrique-projet-m16\\\/\",\"name\":\"R\u00e9publique D\u00e9mocratique du Congo - Afrique | Projet M16 | Spazio Spadoni\",\"isPartOf\":{\"@id\":\"https:\\\/\\\/spaziospadoni.org\\\/fr\\\/#website\"},\"primaryImageOfPage\":{\"@id\":\"https:\\\/\\\/spaziospadoni.org\\\/fr\\\/opera-m\\\/republique-democratique-du-congo-afrique-projet-m16\\\/#primaryimage\"},\"image\":{\"@id\":\"https:\\\/\\\/spaziospadoni.org\\\/fr\\\/opera-m\\\/republique-democratique-du-congo-afrique-projet-m16\\\/#primaryimage\"},\"thumbnailUrl\":\"https:\\\/\\\/spaziospadoni.org\\\/wp-content\\\/uploads\\\/2026\\\/05\\\/hicsum_24_congo-spaziospadoni-scaled.png\",\"datePublished\":\"2026-05-18T13:14:13+00:00\",\"dateModified\":\"2026-08-17T11:21:07+00:00\",\"description\":\"S\u0153ur Annie - Kisangani (R\u00e9publique D\u00e9mocratique du Congo) OPERA M16 MISSION Lieu Kisangani Dioc\u00e8se Kisangani Nation R\u00e9publique d\u00e9mocratique du Congo\",\"breadcrumb\":{\"@id\":\"https:\\\/\\\/spaziospadoni.org\\\/fr\\\/opera-m\\\/republique-democratique-du-congo-afrique-projet-m16\\\/#breadcrumb\"},\"inLanguage\":\"fr-FR\",\"potentialAction\":[{\"@type\":\"ReadAction\",\"target\":[\"https:\\\/\\\/spaziospadoni.org\\\/fr\\\/opera-m\\\/republique-democratique-du-congo-afrique-projet-m16\\\/\"]}]},{\"@type\":\"ImageObject\",\"inLanguage\":\"fr-FR\",\"@id\":\"https:\\\/\\\/spaziospadoni.org\\\/fr\\\/opera-m\\\/republique-democratique-du-congo-afrique-projet-m16\\\/#primaryimage\",\"url\":\"https:\\\/\\\/spaziospadoni.org\\\/wp-content\\\/uploads\\\/2026\\\/05\\\/hicsum_24_congo-spaziospadoni-scaled.png\",\"contentUrl\":\"https:\\\/\\\/spaziospadoni.org\\\/wp-content\\\/uploads\\\/2026\\\/05\\\/hicsum_24_congo-spaziospadoni-scaled.png\"},{\"@type\":\"BreadcrumbList\",\"@id\":\"https:\\\/\\\/spaziospadoni.org\\\/fr\\\/opera-m\\\/republique-democratique-du-congo-afrique-projet-m16\\\/#breadcrumb\",\"itemListElement\":[{\"@type\":\"ListItem\",\"position\":1,\"name\":\"Home\",\"item\":\"https:\\\/\\\/spaziospadoni.org\\\/fr\\\/\"},{\"@type\":\"ListItem\",\"position\":2,\"name\":\"Opera M\",\"item\":\"https:\\\/\\\/spaziospadoni.org\\\/fr\\\/opera-m\\\/\"},{\"@type\":\"ListItem\",\"position\":3,\"name\":\"R\u00e9publique D\u00e9mocratique du Congo &#8211; Afrique | Projet M16\"}]},{\"@type\":\"WebSite\",\"@id\":\"https:\\\/\\\/spaziospadoni.org\\\/fr\\\/#website\",\"url\":\"https:\\\/\\\/spaziospadoni.org\\\/fr\\\/\",\"name\":\"spazio + spadoni\",\"description\":\"Generazione di misericordia e missione nel mondo\",\"publisher\":{\"@id\":\"https:\\\/\\\/spaziospadoni.org\\\/fr\\\/#organization\"},\"alternateName\":\"spaziospadoni.org\",\"potentialAction\":[{\"@type\":\"SearchAction\",\"target\":{\"@type\":\"EntryPoint\",\"urlTemplate\":\"https:\\\/\\\/spaziospadoni.org\\\/fr\\\/?s={search_term_string}\"},\"query-input\":{\"@type\":\"PropertyValueSpecification\",\"valueRequired\":true,\"valueName\":\"search_term_string\"}}],\"inLanguage\":\"fr-FR\"},{\"@type\":\"Organization\",\"@id\":\"https:\\\/\\\/spaziospadoni.org\\\/fr\\\/#organization\",\"name\":\"spazio + spadoni\",\"alternateName\":\"spaziospadoni.org\",\"url\":\"https:\\\/\\\/spaziospadoni.org\\\/fr\\\/\",\"logo\":{\"@type\":\"ImageObject\",\"inLanguage\":\"fr-FR\",\"@id\":\"https:\\\/\\\/spaziospadoni.org\\\/fr\\\/#\\\/schema\\\/logo\\\/image\\\/\",\"url\":\"https:\\\/\\\/spaziospadoni.org\\\/wp-content\\\/uploads\\\/2026\\\/05\\\/spazio-spadoni-logo-100x100-1.webp\",\"contentUrl\":\"https:\\\/\\\/spaziospadoni.org\\\/wp-content\\\/uploads\\\/2026\\\/05\\\/spazio-spadoni-logo-100x100-1.webp\",\"width\":100,\"height\":100,\"caption\":\"spazio + spadoni\"},\"image\":{\"@id\":\"https:\\\/\\\/spaziospadoni.org\\\/fr\\\/#\\\/schema\\\/logo\\\/image\\\/\"},\"sameAs\":[\"https:\\\/\\\/www.facebook.com\\\/SpazioSpadoni\\\/\",\"https:\\\/\\\/www.instagram.com\\\/spaziospadoni\\\/\",\"https:\\\/\\\/www.youtube.com\\\/@spaziospadoni\\\/playlists\"]}]}<\/script>\n<!-- \/ Yoast SEO plugin. -->","yoast_head_json":{"title":"R\u00e9publique D\u00e9mocratique du Congo - Afrique | Projet M16 | Spazio Spadoni","description":"S\u0153ur Annie - Kisangani (R\u00e9publique D\u00e9mocratique du Congo) OPERA M16 MISSION Lieu Kisangani Dioc\u00e8se Kisangani Nation R\u00e9publique d\u00e9mocratique du Congo","robots":{"index":"index","follow":"follow","max-snippet":"max-snippet:-1","max-image-preview":"max-image-preview:large","max-video-preview":"max-video-preview:-1"},"canonical":"https:\/\/spaziospadoni.org\/fr\/opera-m\/republique-democratique-du-congo-afrique-projet-m16\/","og_locale":"fr_FR","og_type":"article","og_title":"R\u00e9publique D\u00e9mocratique du Congo - Afrique | Projet M16 | Spazio Spadoni","og_description":"S\u0153ur Annie - Kisangani (R\u00e9publique D\u00e9mocratique du Congo) OPERA M16 MISSION Lieu Kisangani Dioc\u00e8se Kisangani Nation R\u00e9publique d\u00e9mocratique du Congo","og_url":"https:\/\/spaziospadoni.org\/fr\/opera-m\/republique-democratique-du-congo-afrique-projet-m16\/","og_site_name":"spazio + spadoni","article_publisher":"https:\/\/www.facebook.com\/SpazioSpadoni\/","article_modified_time":"2026-08-17T11:21:07+00:00","og_image":[{"width":2560,"height":1771,"url":"https:\/\/spaziospadoni.org\/wp-content\/uploads\/2026\/05\/hicsum_1_congo-spaziospadoni-scaled.png","type":"image\/png"}],"twitter_card":"summary_large_image","twitter_misc":{"Est. reading time":"3 minutes"},"schema":{"@context":"https:\/\/schema.org","@graph":[{"@type":"WebPage","@id":"https:\/\/spaziospadoni.org\/fr\/opera-m\/republique-democratique-du-congo-afrique-projet-m16\/","url":"https:\/\/spaziospadoni.org\/fr\/opera-m\/republique-democratique-du-congo-afrique-projet-m16\/","name":"R\u00e9publique D\u00e9mocratique du Congo - Afrique | Projet M16 | Spazio Spadoni","isPartOf":{"@id":"https:\/\/spaziospadoni.org\/fr\/#website"},"primaryImageOfPage":{"@id":"https:\/\/spaziospadoni.org\/fr\/opera-m\/republique-democratique-du-congo-afrique-projet-m16\/#primaryimage"},"image":{"@id":"https:\/\/spaziospadoni.org\/fr\/opera-m\/republique-democratique-du-congo-afrique-projet-m16\/#primaryimage"},"thumbnailUrl":"https:\/\/spaziospadoni.org\/wp-content\/uploads\/2026\/05\/hicsum_24_congo-spaziospadoni-scaled.png","datePublished":"2026-05-18T13:14:13+00:00","dateModified":"2026-08-17T11:21:07+00:00","description":"S\u0153ur Annie - Kisangani (R\u00e9publique D\u00e9mocratique du Congo) OPERA M16 MISSION Lieu Kisangani Dioc\u00e8se Kisangani Nation R\u00e9publique d\u00e9mocratique du Congo","breadcrumb":{"@id":"https:\/\/spaziospadoni.org\/fr\/opera-m\/republique-democratique-du-congo-afrique-projet-m16\/#breadcrumb"},"inLanguage":"fr-FR","potentialAction":[{"@type":"ReadAction","target":["https:\/\/spaziospadoni.org\/fr\/opera-m\/republique-democratique-du-congo-afrique-projet-m16\/"]}]},{"@type":"ImageObject","inLanguage":"fr-FR","@id":"https:\/\/spaziospadoni.org\/fr\/opera-m\/republique-democratique-du-congo-afrique-projet-m16\/#primaryimage","url":"https:\/\/spaziospadoni.org\/wp-content\/uploads\/2026\/05\/hicsum_24_congo-spaziospadoni-scaled.png","contentUrl":"https:\/\/spaziospadoni.org\/wp-content\/uploads\/2026\/05\/hicsum_24_congo-spaziospadoni-scaled.png"},{"@type":"BreadcrumbList","@id":"https:\/\/spaziospadoni.org\/fr\/opera-m\/republique-democratique-du-congo-afrique-projet-m16\/#breadcrumb","itemListElement":[{"@type":"ListItem","position":1,"name":"Home","item":"https:\/\/spaziospadoni.org\/fr\/"},{"@type":"ListItem","position":2,"name":"Opera M","item":"https:\/\/spaziospadoni.org\/fr\/opera-m\/"},{"@type":"ListItem","position":3,"name":"R\u00e9publique D\u00e9mocratique du Congo &#8211; Afrique | Projet M16"}]},{"@type":"WebSite","@id":"https:\/\/spaziospadoni.org\/fr\/#website","url":"https:\/\/spaziospadoni.org\/fr\/","name":"spazio + spadoni","description":"Generazione di misericordia e missione nel mondo","publisher":{"@id":"https:\/\/spaziospadoni.org\/fr\/#organization"},"alternateName":"spaziospadoni.org","potentialAction":[{"@type":"SearchAction","target":{"@type":"EntryPoint","urlTemplate":"https:\/\/spaziospadoni.org\/fr\/?s={search_term_string}"},"query-input":{"@type":"PropertyValueSpecification","valueRequired":true,"valueName":"search_term_string"}}],"inLanguage":"fr-FR"},{"@type":"Organization","@id":"https:\/\/spaziospadoni.org\/fr\/#organization","name":"spazio + spadoni","alternateName":"spaziospadoni.org","url":"https:\/\/spaziospadoni.org\/fr\/","logo":{"@type":"ImageObject","inLanguage":"fr-FR","@id":"https:\/\/spaziospadoni.org\/fr\/#\/schema\/logo\/image\/","url":"https:\/\/spaziospadoni.org\/wp-content\/uploads\/2026\/05\/spazio-spadoni-logo-100x100-1.webp","contentUrl":"https:\/\/spaziospadoni.org\/wp-content\/uploads\/2026\/05\/spazio-spadoni-logo-100x100-1.webp","width":100,"height":100,"caption":"spazio + spadoni"},"image":{"@id":"https:\/\/spaziospadoni.org\/fr\/#\/schema\/logo\/image\/"},"sameAs":["https:\/\/www.facebook.com\/SpazioSpadoni\/","https:\/\/www.instagram.com\/spaziospadoni\/","https:\/\/www.youtube.com\/@spaziospadoni\/playlists"]}]}},"_links":{"self":[{"href":"https:\/\/spaziospadoni.org\/fr\/wp-json\/wp\/v2\/pages\/59452","targetHints":{"allow":["GET"]}}],"collection":[{"href":"https:\/\/spaziospadoni.org\/fr\/wp-json\/wp\/v2\/pages"}],"about":[{"href":"https:\/\/spaziospadoni.org\/fr\/wp-json\/wp\/v2\/types\/page"}],"author":[{"embeddable":true,"href":"https:\/\/spaziospadoni.org\/fr\/wp-json\/wp\/v2\/users\/102"}],"replies":[{"embeddable":true,"href":"https:\/\/spaziospadoni.org\/fr\/wp-json\/wp\/v2\/comments?post=59452"}],"version-history":[{"count":2,"href":"https:\/\/spaziospadoni.org\/fr\/wp-json\/wp\/v2\/pages\/59452\/revisions"}],"predecessor-version":[{"id":90313,"href":"https:\/\/spaziospadoni.org\/fr\/wp-json\/wp\/v2\/pages\/59452\/revisions\/90313"}],"up":[{"embeddable":true,"href":"https:\/\/spaziospadoni.org\/fr\/wp-json\/wp\/v2\/pages\/89581"}],"wp:attachment":[{"href":"https:\/\/spaziospadoni.org\/fr\/wp-json\/wp\/v2\/media?parent=59452"}],"curies":[{"name":"wp","href":"https:\/\/api.w.org\/{rel}","templated":true}]}}