{"id":59502,"date":"2026-05-18T14:17:39","date_gmt":"2026-05-18T13:17:39","guid":{"rendered":"https:\/\/spaziospadoni.org\/oeuvres-de-misericorde\/republique-democratique-du-congo-afrique-projet-m35\/"},"modified":"2026-08-17T12:21:23","modified_gmt":"2026-08-17T11:21:23","slug":"republique-democratique-du-congo-afrique-projet-m35","status":"publish","type":"page","link":"https:\/\/spaziospadoni.org\/fr\/opera-m\/republique-democratique-du-congo-afrique-projet-m35\/","title":{"rendered":"R\u00e9publique D\u00e9mocratique du Congo &#8211; Afrique | Projet M35"},"content":{"rendered":"\n<div class=\"ss-project-hero-card\">\n<h2 id=\"goma-goma-republique-democratique-du-congo\" class=\"gb-text gb-text-62a95885\">Goma | Goma (R\u00e9publique D\u00e9mocratique du Congo)<\/h2>\n\n\n\n<div class=\"gb-element-f60f2409\">\n<div class=\"gb-element-90a85740 ss-project-sidebar\">\n<h2 id=\"opera-m35\" class=\"gb-text ss-project-title\">OPERA M35<\/h2>\n\n\n\n<figure class=\"wp-block-image size-large\"><img decoding=\"async\" src=\"https:\/\/spaziospadoni.org\/wp-content\/uploads\/2026\/05\/hicsum_1_congo-spaziospadoni.png\" alt=\"hicsum 1 congo spaziospadoni\" class=\"wp-image-43007\"\/><\/figure>\n\n\n\n<div class=\"ss-project-table\">\n<div class=\"ss-table-section-title\">\n<h3 id=\"mission\" class=\"gb-text\">MISSION<\/h3>\n<\/div>\n\n\n\n<div class=\"ss-table-row\">\n<p class=\"gb-text\">Lieu<\/p>\n\n\n\n<p class=\"gb-text\"><a href=\"https:\/\/www.google.com\/maps\/place\/Goma,+Repubblica+Democratica+del+Congo\/@-1.6587692,29.1669085,13z\/data=!3m1!4b1!4m6!3m5!1s0x19dd0f5ff03ccf71:0x8702d152f9f905e7!8m2!3d-1.658501!4d29.2204548!16zL20vMDRoa255?entry=ttu&#038;g_ep=EgoyMDI2MDMyMy4xIKXMDSoASAFQAw%3D%3D\" rel=\"noreferrer noopener\" target=\"_blank\" title=\"Goma\">Goma<\/a><\/p>\n<\/div>\n\n\n\n<div class=\"ss-table-row\">\n<p class=\"gb-text\">Dioc\u00e8se<\/p>\n\n\n\n<p class=\"gb-text\">Goma<\/p>\n<\/div>\n\n\n\n<div class=\"ss-table-row\">\n<p class=\"gb-text\">Nation<\/p>\n\n\n\n<p class=\"gb-text\"><strong>R\u00e9publique d\u00e9mocratique du Congo<\/strong><\/p>\n<\/div>\n\n\n\n<div class=\"ss-table-row\">\n<p class=\"gb-text\">Continent<\/p>\n\n\n\n<p class=\"gb-text\">Afrique<\/p>\n<\/div>\n\n\n\n<div class=\"ss-table-row\">\n<p class=\"gb-text\">Coordonn\u00e9es GPS<\/p>\n\n\n\n<p class=\"gb-text\">-1.65843 29.2223<\/p>\n<\/div>\n\n\n\n<div class=\"ss-table-row\">\n<p class=\"gb-text\">Fuseau horaire<\/p>\n\n\n\n<p class=\"gb-text\">UTC+2<\/p>\n<\/div>\n<\/div>\n\n\n\n<div class=\"ss-project-table\">\n<div class=\"ss-table-section-title\">\n<h3 id=\"organisateur\" class=\"gb-text\">ORGANISATEUR<\/h3>\n<\/div>\n\n\n\n<div class=\"ss-table-row\">\n<p class=\"gb-text\">Congr\u00e9gation<\/p>\n\n\n\n<p class=\"gb-text\">Religieuses de l\u2019Instruction Chr\u00e9tienne<\/p>\n<\/div>\n\n\n\n<div class=\"ss-table-row\">\n<p class=\"gb-text\">Maison M\u00e8re<\/p>\n\n\n\n<p class=\"gb-text\">Li\u00e8ge, Belgique<\/p>\n<\/div>\n\n\n\n<div class=\"ss-table-row\">\n<p class=\"gb-text\">Dioc\u00e8se<\/p>\n\n\n\n<p class=\"gb-text\">Li\u00e8ge<\/p>\n<\/div>\n\n\n\n<div class=\"ss-table-row\">\n<p class=\"gb-text\">Nation<\/p>\n\n\n\n<p class=\"gb-text\">Belgique<\/p>\n<\/div>\n\n\n\n<div class=\"ss-table-row\">\n<p class=\"gb-text\">Continent<\/p>\n\n\n\n<p class=\"gb-text\">Europe<\/p>\n<\/div>\n\n\n\n<div class=\"ss-table-row\">\n<p class=\"gb-text\">F\u00eate de la Congr\u00e9gation<\/p>\n\n\n\n<p class=\"gb-text\">25 mars<\/p>\n<\/div>\n\n\n\n<div class=\"ss-table-row\">\n<p class=\"gb-text\">Coordonn\u00e9es GPS<\/p>\n\n\n\n<p class=\"gb-text\">50.63960 5.57009<\/p>\n<\/div>\n\n\n\n<div class=\"ss-table-row\">\n<p class=\"gb-text\">Fuseau horaire<\/p>\n\n\n\n<p class=\"gb-text\">UTC+1<\/p>\n<\/div>\n\n\n\n<div class=\"ss-table-row\">\n<p class=\"gb-text\">R\u00e9f\u00e9rent<\/p>\n\n\n\n<p class=\"gb-text\">S\u0153ur Francine Mave Ditsove<\/p>\n<\/div>\n\n\n\n<div class=\"ss-table-row\">\n<p class=\"gb-text\">M\u00e8re G\u00e9n\u00e9rale<\/p>\n\n\n\n<p class=\"gb-text\">S\u0153ur Anuarite Mandesi Bodha<\/p>\n<\/div>\n\n\n\n<div class=\"ss-table-row\">\n<p class=\"gb-text\">Site Internet<\/p>\n\n\n\n<p class=\"gb-text\"><a href=\"https:\/\/www.suoresantagemma.it\/\" target=\"_blank\" rel=\"noreferrer noopener\" title=\"suoresantagemma.it\">suoresantagemma.it<\/a><\/p>\n<\/div>\n<\/div>\n\n\n\n<div class=\"ss-project-table\">\n<a class=\"gb-element-e1766596 ss-table-section-button\" href=\"#\" title=\"OPERA M &#8211; PROJET M35\">\n<span class=\"gb-text\">OPERA M &#8211; PROJET M35<\/span>\n<\/a>\n<\/div>\n<\/div>\n<\/div>\n\n\n\n<div class=\"gb-element-6ad95ea8\">\n<div class=\"gb-element-e34063a6 ss-project-intro\">\n<p class=\"wp-block-paragraph\">OPERA M est la r\u00e9volution des \u0153uvres de mis\u00e9ricorde. C&rsquo;est l&rsquo;instrument permanent de d\u00e9veloppement d&rsquo;une pens\u00e9e forte et renouvel\u00e9e des \u0153uvres dans le monde. <\/p>\n\n\n\n<p class=\"wp-block-paragraph\">Il na\u00eet d&rsquo;une urgence fortement ressentie par spazio + spadoni de faire r\u00e9<strong>\u00c9<\/strong>voluer le concept d&rsquo;\u0153uvre de mis\u00e9ricorde comme un chemin qui est toujours \u00e0 la fois humain et divin, et donc, toujours spirituel en plus d&rsquo;\u00eatre pratique (ou corporel). La red\u00e9couverte, voire la v\u00e9ritable r\u00e9<strong>\u00c9<\/strong>volution des \u0153uvres doit \u00eatre retrouv\u00e9e au sein de cette synth\u00e8se entre aspect spirituel et acte pratique. L&rsquo;agir mat\u00e9riel doit toujours \u00eatre impr\u00e9gn\u00e9 de l&rsquo;esprit.  <\/p>\n\n\n\n<p class=\"wp-block-paragraph\">OPERA M se fonde sur cinq actions qui en d\u00e9finissent la m\u00e9thode : INVOQUE, appelle l&rsquo;Esprit \u00c9COUTE, fais silence pour t&rsquo;ouvrir \u00e0 l&rsquo;\u00e9coute RENCONTRE, sois au milieu des gens AGISSONS, agir pour les \u0153uvres INONDONS, portons tout le monde aux \u0153uvres de mis\u00e9ricorde <strong>\u0152uvres de mis\u00e9ricorde spirituelles<\/strong> Conseiller ceux qui doutent Enseigner les ignorants Avertir les p\u00e9cheurs Consoler les afflig\u00e9s Pardonner les offenses Supporter patiemment les personnes importunes Prier Dieu pour les vivants et pour les morts <strong>\u0152uvres de mis\u00e9ricorde corporelles<\/strong> Donner \u00e0 manger aux affam\u00e9s Donner \u00e0 boire aux assoiff\u00e9s V\u00eatir les nus Loger les p\u00e8lerins Visiter les malades Visiter les prisonniers Ensevelir les morts<\/p>\n\n<\/div>\n<\/div>\n\n\n\n\n<div>\n\n<h2 id=\"chronologie\" class=\"gb-text gb-text-8179e40a\">Chronologie<\/h2>\n\n\n\n\n\n<div class=\"ss-timeline\">\n\n<h3 id=\"2023\" class=\"gb-text\">2023<\/h3>\n\n\n\n\n\n<div class=\"ss-timeline-item\">\n\n<h4 id=\"21-fevrier-debut-de-la-relation-avec-la-congregation\" class=\"gb-text\">21 f\u00e9vrier | D\u00e9but de la relation avec la Congr\u00e9gation<\/h4>\n\n\n\n\n<p class=\"wp-block-paragraph\">Le premier contact s&rsquo;\u00e9tablit avec la Congr\u00e9gation, marquant le d\u00e9but de la collaboration avec spazio + spadoni<\/p>\n\n\n<\/div>\n\n\n\n\n<div class=\"ss-timeline-item\">\n\n<h4 id=\"1728-juillet-formation-oeuvres-de-misericorde\" class=\"gb-text\">17-28 juillet | Formation \u0152uvres de Mis\u00e9ricorde<\/h4>\n\n\n\n\n<p class=\"wp-block-paragraph\">S\u0153ur Anuarite, Sup\u00e9rieure Provinciale de la Congr\u00e9gation, vient en Italie pour participer \u00e0 une formation d\u00e9di\u00e9e aux Ambassadeurs et aux Linkers des \u0152uvres de Mis\u00e9ricorde promue par spazio + spadoni dans le cadre de la r\u00e9Evolution des \u0152uvres de Mis\u00e9ricorde &#8211; OPERA M<\/p>\n\n\n\n<figure class=\"wp-block-gallery has-nested-images columns-1 is-cropped ss-lightbox wp-block-gallery-1 is-layout-flex wp-block-gallery-is-layout-flex\">\n\n<figure class=\"wp-block-image size-large\"><img decoding=\"async\" src=\"https:\/\/spaziospadoni.org\/wp-content\/uploads\/2026\/05\/IMG_9654-scaled-1.jpg\" alt=\"IMG 9654 scaled\"\/><figcaption class=\"wp-element-caption\">17-28 juillet | Formation \u0152uvres de Mis\u00e9ricorde<\/figcaption><\/figure>\n\n<\/figure>\n\n\n<\/div>\n\n\n\n\n<div class=\"ss-timeline-item\">\n\n<h4 id=\"16-novembre-arrivee-de-la-soeur\" class=\"gb-text\">16 novembre | Arriv\u00e9e de la s\u0153ur<\/h4>\n\n\n\n\n<p class=\"wp-block-paragraph\">S\u0153ur Francine arrive en Italie, accueillie par la Congr\u00e9gation Missionnaire Santa Gemma et par la Communaut\u00e9 Paroissiale Santa Gemma pour r\u00e9aliser le projet HIC SUM et approfondir la connaissance des \u0152uvres de Mis\u00e9ricorde selon le charisme OPERA M promu par spazio + spadoni<\/p>\n\n\n\n<figure class=\"wp-block-gallery has-nested-images columns-1 is-cropped ss-lightbox wp-block-gallery-2 is-layout-flex wp-block-gallery-is-layout-flex\">\n\n<figure class=\"wp-block-image size-large\"><img decoding=\"async\" src=\"https:\/\/spaziospadoni.org\/wp-content\/uploads\/2026\/05\/2023_novembre_19_hicsum_44_suor_francine_spazio_spadoni_sorelle_santa_gemma_presentazione_comunita-3-225x300.jpg\" alt=\"2023 novembre 19 hicsum 44 s&#x153;ur francine spazio + spadoni s&#x153;urs de santa gemma pr&#xE9;sentation communaut&#xE9; 3 225x300\"\/><figcaption class=\"wp-element-caption\">16 novembre | Arriv\u00e9e de la s\u0153ur<\/figcaption><\/figure>\n\n<\/figure>\n\n\n<\/div>\n\n\n\n\n<div class=\"ss-timeline-item\">\n\n<h4 id=\"07-decembre-formation-opera-m\" class=\"gb-text\">07 d\u00e9cembre | Formation OPERA M<\/h4>\n\n\n\n\n<p class=\"wp-block-paragraph\">Luigi Spadoni rencontre s\u0153ur Francine pour une journ\u00e9e de formation sur l&rsquo;importance de la diffusion des \u0152uvres de Mis\u00e9ricorde et sur la structuration d&rsquo;OPERA M une fois rentr\u00e9e au Congo<\/p>\n\n\n\n<figure class=\"wp-block-gallery has-nested-images columns-1 is-cropped ss-lightbox wp-block-gallery-3 is-layout-flex wp-block-gallery-is-layout-flex\">\n\n<figure class=\"wp-block-image size-large\"><img decoding=\"async\" src=\"https:\/\/spaziospadoni.org\/wp-content\/uploads\/2026\/05\/2024_marzo_hicsum_44_italia_suor_francine_religieuses_instruction_chretienne_spazio_spadoni_sorelle_santa_gemma_misericordia_comunita_pastorale_san_cerbone_luigi-225x300.jpg\" alt=\"2024 mars hicsum 44 italie s&#x153;ur francine religieuses instruction chr&#xE9;tienne spazio + spadoni s&#x153;urs de santa gemma mis&#xE9;ricorde communaut&#xE9; pastorale san cerbone luigi 225x300\"\/><figcaption class=\"wp-element-caption\">07 d\u00e9cembre | Formation OPERA M<\/figcaption><\/figure>\n\n<\/figure>\n\n\n<\/div>\n\n\n\n\n<div class=\"ss-timeline-item\">\n\n<h4 id=\"decembre-spazio-spadoni-rencontre-la-communaute-de-goma\" class=\"gb-text\">D\u00e9cembre | spazio + spadoni rencontre la communaut\u00e9 de Goma<\/h4>\n\n\n\n\n<p class=\"wp-block-paragraph\">\u00c0 l&rsquo;occasion d&rsquo;un voyage missionnaire en R\u00e9publique D\u00e9mocratique du Congo, Selene se rend \u00e0 Goma et loge dans la communaut\u00e9 de s\u0153ur Anuarite et de s\u0153ur Francine, qui se trouve entre-temps en Italie. Elle est accueillie par la Provinciale s\u0153ur Anuarite <\/p>\n\n\n\n<figure class=\"wp-block-gallery has-nested-images columns-1 is-cropped ss-lightbox wp-block-gallery-4 is-layout-flex wp-block-gallery-is-layout-flex\">\n\n<figure class=\"wp-block-image size-large\"><img decoding=\"async\" src=\"https:\/\/spaziospadoni.org\/wp-content\/uploads\/2026\/05\/2023_dicembre_6_hicsum_44_suor_francine_spazio_spadoni_sorelle_santa_gemma_selene_pera_goma_superiora_provinciale-225x300.jpg\" alt=\"2023 d&#xE9;cembre 6 hicsum 44 s&#x153;ur francine spazio + spadoni s&#x153;urs de santa gemma selene pera goma sup&#xE9;rieure provinciale 225x300\"\/><figcaption class=\"wp-element-caption\">D\u00e9cembre | spazio + spadoni rencontre la communaut\u00e9 de Goma<\/figcaption><\/figure>\n\n<\/figure>\n\n\n<\/div>\n\n\n\n\n<div class=\"ss-timeline-item\">\n\n<h4 id=\"novembre-decembre-formation\" class=\"gb-text\">Novembre &#8211; D\u00e9cembre | Formation<\/h4>\n\n\n\n\n<p class=\"wp-block-paragraph\">En novembre et d\u00e9cembre, la formation de s\u0153ur Francine en Italie se concentre principalement sur le th\u00e8me des \u0152uvres de Mis\u00e9ricorde<\/p>\n\n\n<\/div>\n\n\n<\/div>\n\n\n\n\n<div class=\"ss-timeline\">\n\n<h3 id=\"2024\" class=\"gb-text\">2024<\/h3>\n\n\n\n\n\n<div class=\"ss-timeline-item\">\n\n<h4 id=\"janvier-mars-activites-paroissiales-et-communautaires\" class=\"gb-text\">Janvier &#8211; Mars | Activit\u00e9s paroissiales et communautaires<\/h4>\n\n\n\n\n<p class=\"wp-block-paragraph\">Formation de s\u0153ur Francine : soutien scolaire, patronage cr\u00e9atif, formation sur les \u0152uvres de Mis\u00e9ricorde, cantine caritative<\/p>\n\n\n\n<figure class=\"wp-block-gallery has-nested-images columns-1 is-cropped ss-lightbox wp-block-gallery-5 is-layout-flex wp-block-gallery-is-layout-flex\">\n\n<figure class=\"wp-block-image size-large\"><img decoding=\"async\" src=\"https:\/\/spaziospadoni.org\/wp-content\/uploads\/2026\/05\/2024_marzo_3_hicsum_44_suor_francine_religieuses_instruction_chretienne_spazio_spadoni_sorelle_santa_gemma_misericordia_comunita_pastorale_formazione.jpg\" alt=\"2024 mars 3 hicsum 44 s&#x153;ur francine religieuses instruction chr&#xE9;tienne spazio + spadoni s&#x153;urs de santa gemma mis&#xE9;ricorde communaut&#xE9; pastorale formation\"\/><figcaption class=\"wp-element-caption\">Janvier &#8211; Mars | Activit\u00e9s paroissiales et communautaires<\/figcaption><\/figure>\n\n<\/figure>\n\n\n<\/div>\n\n\n\n\n<div class=\"ss-timeline-item\">\n\n<h4 id=\"15-fevrier-formation-opera-m\" class=\"gb-text\">15 f\u00e9vrier | Formation OPERA M<\/h4>\n\n\n\n\n<p class=\"wp-block-paragraph\">Luigi Spadoni rencontre s\u0153ur Francine pour animer une formation sur la r\u00e9Evolution des \u0152uvres de Mis\u00e9ricorde<\/p>\n\n\n\n<figure class=\"wp-block-gallery has-nested-images columns-1 is-cropped ss-lightbox wp-block-gallery-6 is-layout-flex wp-block-gallery-is-layout-flex\">\n\n<figure class=\"wp-block-image size-large\"><img decoding=\"async\" src=\"https:\/\/spaziospadoni.org\/wp-content\/uploads\/2026\/05\/2024_febbraio_15_suorfrancine_italia_luigi_spadoni_formazione_progetto_hic_sum-2.jpg\" alt=\"2024 f&#xE9;vrier 15 s&#x153;ur francine italie luigi spadoni formation projet hic sum 2\"\/><figcaption class=\"wp-element-caption\">15 f\u00e9vrier | Formation OPERA M<\/figcaption><\/figure>\n\n<\/figure>\n\n\n<\/div>\n\n\n\n\n<div class=\"ss-timeline-item\">\n\n<h4 id=\"03-mars-formation-oeuvres-de-misericorde\" class=\"gb-text\">03 mars | Formation \u0152uvres de Mis\u00e9ricorde<\/h4>\n\n\n\n\n<p class=\"wp-block-paragraph\">Formation \u0152uvres de Mis\u00e9ricorde avec s\u0153ur Gloriose et visite de Pistoia<\/p>\n\n\n\n<figure class=\"wp-block-gallery has-nested-images columns-1 is-cropped ss-lightbox wp-block-gallery-7 is-layout-flex wp-block-gallery-is-layout-flex\">\n\n<figure class=\"wp-block-image size-large\"><img decoding=\"async\" src=\"https:\/\/spaziospadoni.org\/wp-content\/uploads\/2026\/05\/2024_marzo_hicsum_44_italia_suor_francine_religieuses_instruction_chretienne_spazio_spadoni_sorelle_santa_gemma_misericordia_comunita_pastorale_visita_pistoia-4-300x225.jpg\" alt=\"2024 mars hicsum 44 italie s&#x153;ur francine religieuses instruction chr&#xE9;tienne spazio + spadoni s&#x153;urs de santa gemma mis&#xE9;ricorde communaut&#xE9; pastorale visite pistoia 4 300x225\"\/><figcaption class=\"wp-element-caption\">03 mars | Formation \u0152uvres de Mis\u00e9ricorde<\/figcaption><\/figure>\n\n<\/figure>\n\n\n<\/div>\n\n\n\n\n<div class=\"ss-timeline-item\">\n\n<h4 id=\"24-mars-depart-de-la-soeur\" class=\"gb-text\">24 mars | D\u00e9part de la s\u0153ur<\/h4>\n\n\n\n\n<p class=\"wp-block-paragraph\">S\u0153ur Francine avance son retour au Congo pour quelques engagements avec l&rsquo;universit\u00e9 avec laquelle elle travaille<\/p>\n\n\n\n<figure class=\"wp-block-gallery has-nested-images columns-1 is-cropped ss-lightbox wp-block-gallery-8 is-layout-flex wp-block-gallery-is-layout-flex\">\n\n<figure class=\"wp-block-image size-large\"><img decoding=\"async\" src=\"https:\/\/spaziospadoni.org\/wp-content\/uploads\/2026\/05\/2024_marzo_24_hicsum_44_suor_francine_religieuses_instruction_chretienne_spazio_spadoni_sorelle_santa_gemma_misericordia_comunita_pastorale_partenza_congo-225x300.jpg\" alt=\"2024 mars 24 hicsum 44 s&#x153;ur francine religieuses instruction chr&#xE9;tienne spazio + spadoni s&#x153;urs de santa gemma mis&#xE9;ricorde communaut&#xE9; pastorale d&#xE9;part pour le congo 225x300\"\/><figcaption class=\"wp-element-caption\">24 mars | D\u00e9part de la s\u0153ur<\/figcaption><\/figure>\n\n<\/figure>\n\n\n<\/div>\n\n\n<\/div>\n\n\n\n\n<div class=\"ss-timeline\">\n\n<h3 id=\"2025\" class=\"gb-text\">2025<\/h3>\n\n\n\n\n\n<div class=\"ss-timeline-item\">\n\n<h4 id=\"fevrier-decembre-oeuvres-de-misericorde-avec-les-refugies\" class=\"gb-text\">F\u00e9vrier &#8211; D\u00e9cembre | \u0152uvres de Mis\u00e9ricorde avec les r\u00e9fugi\u00e9s<\/h4>\n\n\n\n\n<p class=\"wp-block-paragraph\">En raison de l&rsquo;aggravation de la guerre en R\u00e9publique D\u00e9mocratique du Congo, les s\u0153urs de la Congr\u00e9gation se voient contraintes de revoir le programme de diffusion des \u0152uvres de Mis\u00e9ricorde qu&rsquo;elles avaient pr\u00e9par\u00e9. \u00c0 Goma, s\u0153ur Francine, s\u0153ur Anuarite et la communaut\u00e9 animent des formations avec leurs cons\u0153urs et aident leurs concitoyens face \u00e0 l&rsquo;urgence de la guerre. \u00c0 Bunia, o\u00f9 se trouve une autre communaut\u00e9, les s\u0153urs forment aux \u0152uvres de Mis\u00e9ricorde et les pratiquent dans les camps de r\u00e9fugi\u00e9s.  <\/p>\n\n\n<\/div>\n\n\n\n\n<div class=\"ss-timeline-item\">\n\n<h4 id=\"1213-octobre-rencontre-avec-spazio-spadoni\" class=\"gb-text\">12-13 octobre | Rencontre avec spazio + spadoni<\/h4>\n\n\n\n\n<p class=\"wp-block-paragraph\">Rencontre \u00e0 Rome entre spazio + spadoni, s\u0153ur Francine, s\u0153ur Anuarite et la Congr\u00e9gation. Les s\u0153urs se trouvaient en Italie tant pour une r\u00e9union g\u00e9n\u00e9rale de la Congr\u00e9gation que pour participer au Jubil\u00e9 ; ce fut l&rsquo;occasion id\u00e9ale pour une rencontre et un \u00e9change sur les activit\u00e9s soutenues par spazio + spadoni <\/p>\n\n\n\n<figure class=\"wp-block-gallery has-nested-images columns-1 is-cropped ss-lightbox wp-block-gallery-9 is-layout-flex wp-block-gallery-is-layout-flex\">\n\n<figure class=\"wp-block-image size-large\"><img decoding=\"async\" src=\"https:\/\/spaziospadoni.org\/wp-content\/uploads\/2026\/05\/2025_ottobre_13_suor_francine_anuarite_roma_italia_incontro_luigi_spadoni_opere_misericordia_hic_sum-2.jpg\" alt=\"2025 octobre 13 s&#x153;ur francine anuarite rome italie rencontre luigi spadoni &#x153;uvres de mis&#xE9;ricorde hic sum 2\"\/><figcaption class=\"wp-element-caption\">12-13 octobre | Rencontre avec spazio + spadoni<\/figcaption><\/figure>\n\n\n<figure class=\"wp-block-image size-large\"><img decoding=\"async\" src=\"https:\/\/spaziospadoni.org\/wp-content\/uploads\/2026\/05\/2025_ottobre_12_incontro_suor_gloriose_francine_anuarite_selene_roma_incontro_spazio_spadoni-1.jpeg\" alt=\"2025 octobre 12 rencontre s&#x153;ur gloriose francine anuarite selene rome rencontre spazio + spadoni 1\"\/><figcaption class=\"wp-element-caption\">12-13 octobre | Rencontre avec spazio + spadoni<\/figcaption><\/figure>\n\n<\/figure>\n\n\n<\/div>\n\n\n<\/div>\n\n\n<\/div>\n\n\n\n<div class=\"ss-project-reports\">\n<h2 id=\"rapport-des-oeuvres-de-misericorde\" class=\"gb-text gb-text-75c3218d\">Rapport des \u0152uvres de Mis\u00e9ricorde<\/h2>\n\n\n<ul class=\"wp-block-list ss-report-list\">\n\n<li><a href=\"https:\/\/spaziospadoni.org\/wp-content\/uploads\/2026\/05\/Febbraio-2026_Opere-di-Misericordia.pdf\" target=\"_blank\" rel=\"noreferrer noopener\" title=\"F\u00e9vrier 2026_\u0152uvres de Mis\u00e9ricorde\">F\u00e9vrier 2026_\u0152uvres de Mis\u00e9ricorde<\/a><\/li>\n\n<\/ul>\n\n<\/div>\n\n\n\n<div class=\"ss-project-media\">\n<h2 id=\"photos-et-videos\" class=\"gb-text gb-text-d7bd8be8\">Photos et vid\u00e9os<\/h2>\n\n\n<div class=\"ss-media-filters\">\n\n<a class=\"gb-text ss-media-filter active\" data-filter=\"*\" title=\"Tout\">Tout<\/a>\n\n\n<a class=\"gb-text ss-media-filter\" data-filter=\".formazione-opera-m\" title=\"Formation OPERA M\">Formation OPERA M<\/a>\n\n\n<a class=\"gb-text ss-media-filter\" data-filter=\".italia\" title=\"Italie\">Italie<\/a>\n\n\n<a class=\"gb-text ss-media-filter\" data-filter=\".repubblica-democratica-del-congo\" title=\"R\u00e9publique d\u00e9mocratique du Congo\">R\u00e9publique d\u00e9mocratique du Congo<\/a>\n\n\n<a class=\"gb-text ss-media-filter\" data-filter=\".formazione\" title=\"Formation\">Formation<\/a>\n\n\n<a class=\"gb-text ss-media-filter\" data-filter=\".video\" title=\"Vid\u00e9o\">Vid\u00e9o<\/a>\n\n<\/div>\n\n\n<div class=\"ss-media-grid\">\n<div>\n<figure class=\"wp-block-gallery has-nested-images columns-1 is-cropped ss-lightbox wp-block-gallery-10 is-layout-flex wp-block-gallery-is-layout-flex\">\n\n<figure class=\"wp-block-image size-large formazione-opera-m\"><img decoding=\"async\" alt=\"IMG 9654 scaled\" src=\"https:\/\/spaziospadoni.org\/wp-content\/uploads\/2026\/05\/IMG_9654-scaled-1.jpg\"\/><\/figure>\n\n\n<figure class=\"wp-block-image size-large formazione-opera-m\"><img decoding=\"async\" alt=\"2023 juillet formation spazio + spadoni &#x153;uvres de mis&#xE9;ricorde italie lucca opera m s&#x153;ur anuarite 1 scaled\" src=\"https:\/\/spaziospadoni.org\/wp-content\/uploads\/2026\/05\/2023_lulgio_formazione_spazio_spadoni_opere_misericordia_italia_lucca_operam_suor_anuarite-1-scaled-1.jpg\"\/><\/figure>\n\n\n<figure class=\"wp-block-image size-large formazione-opera-m\"><img decoding=\"async\" alt=\"2023 juillet formation spazio + spadoni &#x153;uvres de mis&#xE9;ricorde italie lucca opera m s&#x153;ur anuarite 5 scaled\" src=\"https:\/\/spaziospadoni.org\/wp-content\/uploads\/2026\/05\/2023_lulgio_formazione_spazio_spadoni_opere_misericordia_italia_lucca_operam_suor_anuarite-5-scaled-1.jpg\"\/><\/figure>\n\n\n<figure class=\"wp-block-image size-large formazione-opera-m\"><img decoding=\"async\" alt=\"2023 juillet formation spazio + spadoni &#x153;uvres de mis&#xE9;ricorde italie lucca opera m s&#x153;ur anuarite 4 scaled\" src=\"https:\/\/spaziospadoni.org\/wp-content\/uploads\/2026\/05\/2023_lulgio_formazione_spazio_spadoni_opere_misericordia_italia_lucca_operam_suor_anuarite-4-scaled-1.jpg\"\/><\/figure>\n\n\n<figure class=\"wp-block-image size-large formazione-opera-m\"><img decoding=\"async\" alt=\"2023 juillet formation spazio + spadoni &#x153;uvres de mis&#xE9;ricorde italie lucca opera m s&#x153;ur anuarite 6 scaled\" src=\"https:\/\/spaziospadoni.org\/wp-content\/uploads\/2026\/05\/2023_lulgio_formazione_spazio_spadoni_opere_misericordia_italia_lucca_operam_suor_anuarite-6-scaled-1.jpg\"\/><\/figure>\n\n\n<figure class=\"wp-block-image size-large formazione-opera-m\"><img decoding=\"async\" alt=\"2023 juillet formation spazio + spadoni &#x153;uvres de mis&#xE9;ricorde italie lucca opera m s&#x153;ur anuarite 2 scaled\" src=\"https:\/\/spaziospadoni.org\/wp-content\/uploads\/2026\/05\/2023_lulgio_formazione_spazio_spadoni_opere_misericordia_italia_lucca_operam_suor_anuarite-2-scaled-1.jpg\"\/><\/figure>\n\n\n<figure class=\"wp-block-image size-large formazione-opera-m\"><img decoding=\"async\" alt=\"2023 juillet formation spazio + spadoni &#x153;uvres de mis&#xE9;ricorde italie lucca opera m s&#x153;ur anuarite 3 scaled\" src=\"https:\/\/spaziospadoni.org\/wp-content\/uploads\/2026\/05\/2023_lulgio_formazione_spazio_spadoni_opere_misericordia_italia_lucca_operam_suor_anuarite-3-scaled-1.jpg\"\/><\/figure>\n\n\n<figure class=\"wp-block-image size-large formazione-opera-m\"><img decoding=\"async\" alt=\"2023 juillet formation spazio + spadoni &#x153;uvres de mis&#xE9;ricorde italie lucca opera m s&#x153;ur anuarite 7 scaled\" src=\"https:\/\/spaziospadoni.org\/wp-content\/uploads\/2026\/05\/2023_lulgio_formazione_spazio_spadoni_opere_misericordia_italia_lucca_operam_suor_anuarite-7-scaled-1.jpg\"\/><\/figure>\n\n\n<figure class=\"wp-block-image size-large italia\"><img decoding=\"async\" alt=\"2023 novembre 19 hicsum 44 s&#x153;ur francine spazio + spadoni s&#x153;urs de santa gemma pr&#xE9;sentation communaut&#xE9; 3 225x300\" src=\"https:\/\/spaziospadoni.org\/wp-content\/uploads\/2026\/05\/2023_novembre_19_hicsum_44_suor_francine_spazio_spadoni_sorelle_santa_gemma_presentazione_comunita-3-225x300.jpg\"\/><\/figure>\n\n\n<figure class=\"wp-block-image size-large italia\"><img decoding=\"async\" alt=\"2023 no&#xEB;l s&#x153;ur francine milia s&#x153;urs de santa gemma formation hic sum spazio + spadoni 5 169x300\" src=\"https:\/\/spaziospadoni.org\/wp-content\/uploads\/2026\/05\/2023_natale_suor_francine_milia_sorelle_santa_gemma_formazione_hic_sum_spazio_spadoni-5-169x300.jpg\"\/><\/figure>\n\n\n<figure class=\"wp-block-image size-large italia\"><img decoding=\"async\" alt=\"2023 no&#xEB;l s&#x153;ur francine milia s&#x153;urs de santa gemma formation hic sum spazio + spadoni 2 225x300\" src=\"https:\/\/spaziospadoni.org\/wp-content\/uploads\/2026\/05\/2023_natale_suor_francine_milia_sorelle_santa_gemma_formazione_hic_sum_spazio_spadoni-2-225x300.jpg\"\/><\/figure>\n\n\n<figure class=\"wp-block-image size-large italia\"><img decoding=\"async\" alt=\"2023 no&#xEB;l s&#x153;ur francine milia s&#x153;urs de santa gemma formation hic sum spazio + spadoni 12 169x300\" src=\"https:\/\/spaziospadoni.org\/wp-content\/uploads\/2026\/05\/2023_natale_suor_francine_milia_sorelle_santa_gemma_formazione_hic_sum_spazio_spadoni-12-169x300.jpg\"\/><\/figure>\n\n\n<figure class=\"wp-block-image size-large italia\"><img decoding=\"async\" alt=\"2023 no&#xEB;l s&#x153;ur francine milia s&#x153;urs de santa gemma formation hic sum spazio + spadoni 10 169x300\" src=\"https:\/\/spaziospadoni.org\/wp-content\/uploads\/2026\/05\/2023_natale_suor_francine_milia_sorelle_santa_gemma_formazione_hic_sum_spazio_spadoni-10-169x300.jpg\"\/><\/figure>\n\n\n<figure class=\"wp-block-image size-large italia\"><img decoding=\"async\" alt=\"2023 no&#xEB;l s&#x153;ur francine milia s&#x153;urs de santa gemma formation hic sum spazio + spadoni 8 225x300\" src=\"https:\/\/spaziospadoni.org\/wp-content\/uploads\/2026\/05\/2023_natale_suor_francine_milia_sorelle_santa_gemma_formazione_hic_sum_spazio_spadoni-8-225x300.jpg\"\/><\/figure>\n\n\n<figure class=\"wp-block-image size-large repubblica-democratica-del-congo\"><img decoding=\"async\" alt=\"2023 ao&#xFB;t s&#x153;ur francine &#x153;uvres de mis&#xE9;ricorde spazio + spadoni 4 300x135\" src=\"https:\/\/spaziospadoni.org\/wp-content\/uploads\/2026\/05\/2023_agosto_suor_francine_opere_misericordia_spazio_spadoni_-4-300x135.jpg\"\/><\/figure>\n\n\n<figure class=\"wp-block-image size-large repubblica-democratica-del-congo\"><img decoding=\"async\" alt=\"2023 ao&#xFB;t s&#x153;ur francine &#x153;uvres de mis&#xE9;ricorde spazio + spadoni 3 300x135\" src=\"https:\/\/spaziospadoni.org\/wp-content\/uploads\/2026\/05\/2023_agosto_suor_francine_opere_misericordia_spazio_spadoni_-3-300x135.jpg\"\/><\/figure>\n\n\n<figure class=\"wp-block-image size-large repubblica-democratica-del-congo\"><img decoding=\"async\" alt=\"2023 ao&#xFB;t s&#x153;ur francine &#x153;uvres de mis&#xE9;ricorde spazio + spadoni 2 300x135\" src=\"https:\/\/spaziospadoni.org\/wp-content\/uploads\/2026\/05\/2023_agosto_suor_francine_opere_misericordia_spazio_spadoni_-2-300x135.jpg\"\/><\/figure>\n\n\n<figure class=\"wp-block-image size-large repubblica-democratica-del-congo\"><img decoding=\"async\" alt=\"2023 ao&#xFB;t s&#x153;ur francine &#x153;uvres de mis&#xE9;ricorde spazio + spadoni 1 135x300\" src=\"https:\/\/spaziospadoni.org\/wp-content\/uploads\/2026\/05\/2023_agosto_suor_francine_opere_misericordia_spazio_spadoni_-1-135x300.jpg\"\/><\/figure>\n\n\n<figure class=\"wp-block-image size-large formazione-opera-m\"><img decoding=\"async\" alt=\"2024 f&#xE9;vrier 15 s&#x153;ur francine italie luigi spadoni formation projet hic sum 2 225x300\" src=\"https:\/\/spaziospadoni.org\/wp-content\/uploads\/2026\/05\/2024_febbraio_15_suorfrancine_italia_luigi_spadoni_formazione_progetto_hic_sum-2-225x300.jpg\"\/><\/figure>\n\n\n<figure class=\"wp-block-image size-large formazione-opera-m\"><img decoding=\"async\" alt=\"2024 f&#xE9;vrier 15 s&#x153;ur francine italie luigi spadoni formation projet hic sum 1 225x300\" src=\"https:\/\/spaziospadoni.org\/wp-content\/uploads\/2026\/05\/2024_febbraio_15_suorfrancine_italia_luigi_spadoni_formazione_progetto_hic_sum-1-225x300.jpg\"\/><\/figure>\n\n\n<figure class=\"wp-block-image size-large formazione-opera-m\"><img decoding=\"async\" alt=\"2024 mars formation &#x153;uvres de mis&#xE9;ricorde projet hic sum s&#x153;ur francibe spazio + spadoni 5 169x300\" src=\"https:\/\/spaziospadoni.org\/wp-content\/uploads\/2026\/05\/2024_marzo_formazione_opere_misericordia_progetto_hic_sum_suor_francibe_spazio_spadoni-5-169x300.jpg\"\/><\/figure>\n\n\n<figure class=\"wp-block-image size-large formazione-opera-m\"><img decoding=\"async\" alt=\"2024 mars formation &#x153;uvres de mis&#xE9;ricorde projet hic sum s&#x153;ur francibe spazio + spadoni 13 225x300\" src=\"https:\/\/spaziospadoni.org\/wp-content\/uploads\/2026\/05\/2024_marzo_formazione_opere_misericordia_progetto_hic_sum_suor_francibe_spazio_spadoni-13-225x300.jpg\"\/><\/figure>\n\n\n<figure class=\"wp-block-image size-large formazione-opera-m\"><img decoding=\"async\" alt=\"2024 mars formation &#x153;uvres de mis&#xE9;ricorde projet hic sum s&#x153;ur francibe spazio + spadoni 15 225x300\" src=\"https:\/\/spaziospadoni.org\/wp-content\/uploads\/2026\/05\/2024_marzo_formazione_opere_misericordia_progetto_hic_sum_suor_francibe_spazio_spadoni-15-225x300.jpg\"\/><\/figure>\n\n\n<figure class=\"wp-block-image size-large formazione-opera-m\"><img decoding=\"async\" alt=\"2024 mars formation &#x153;uvres de mis&#xE9;ricorde projet hic sum s&#x153;ur francibe spazio + spadoni 17 225x300\" src=\"https:\/\/spaziospadoni.org\/wp-content\/uploads\/2026\/05\/2024_marzo_formazione_opere_misericordia_progetto_hic_sum_suor_francibe_spazio_spadoni-17-225x300.jpg\"\/><\/figure>\n\n\n<figure class=\"wp-block-image size-large formazione-opera-m\"><img decoding=\"async\" alt=\"2024 mars formation &#x153;uvres de mis&#xE9;ricorde projet hic sum s&#x153;ur francibe spazio + spadoni 29 225x300\" src=\"https:\/\/spaziospadoni.org\/wp-content\/uploads\/2026\/05\/2024_marzo_formazione_opere_misericordia_progetto_hic_sum_suor_francibe_spazio_spadoni-29-225x300.jpg\"\/><\/figure>\n\n\n<figure class=\"wp-block-image size-large formazione-opera-m\"><img decoding=\"async\" alt=\"2024 mars formation &#x153;uvres de mis&#xE9;ricorde projet hic sum s&#x153;ur francibe spazio + spadoni 31 300x225\" src=\"https:\/\/spaziospadoni.org\/wp-content\/uploads\/2026\/05\/2024_marzo_formazione_opere_misericordia_progetto_hic_sum_suor_francibe_spazio_spadoni-31-300x225.jpg\"\/><\/figure>\n\n\n<figure class=\"wp-block-image size-large formazione\"><img decoding=\"async\" alt=\"2024 mars formation &#x153;uvres de mis&#xE9;ricorde projet hic sum s&#x153;ur francibe spazio + spadoni 35 225x300\" src=\"https:\/\/spaziospadoni.org\/wp-content\/uploads\/2026\/05\/2024_marzo_formazione_opere_misericordia_progetto_hic_sum_suor_francibe_spazio_spadoni-35-225x300.jpg\"\/><\/figure>\n\n\n<figure class=\"wp-block-image size-large formazione-opera-m\"><img decoding=\"async\" alt=\"2024 mars formation &#x153;uvres de mis&#xE9;ricorde projet hic sum s&#x153;ur francibe spazio + spadoni 37 225x300\" src=\"https:\/\/spaziospadoni.org\/wp-content\/uploads\/2026\/05\/2024_marzo_formazione_opere_misericordia_progetto_hic_sum_suor_francibe_spazio_spadoni-37-225x300.jpg\"\/><\/figure>\n\n\n<figure class=\"wp-block-image size-large formazione-opera-m\"><img decoding=\"async\" alt=\"2024 mars formation &#x153;uvres de mis&#xE9;ricorde projet hic sum s&#x153;ur francibe spazio + spadoni 41 225x300\" src=\"https:\/\/spaziospadoni.org\/wp-content\/uploads\/2026\/05\/2024_marzo_formazione_opere_misericordia_progetto_hic_sum_suor_francibe_spazio_spadoni-41-225x300.jpg\"\/><\/figure>\n\n\n<figure class=\"wp-block-image size-large italia\"><img decoding=\"async\" alt=\"2024 mars formation &#x153;uvres de mis&#xE9;ricorde projet hic sum s&#x153;ur francibe spazio + spadoni 42 169x300\" src=\"https:\/\/spaziospadoni.org\/wp-content\/uploads\/2026\/05\/2024_marzo_formazione_opere_misericordia_progetto_hic_sum_suor_francibe_spazio_spadoni-42-169x300.jpg\"\/><\/figure>\n\n\n<figure class=\"wp-block-image size-large italia\"><img decoding=\"async\" alt=\"2024 mars formation &#x153;uvres de mis&#xE9;ricorde projet hic sum s&#x153;ur francibe spazio + spadoni 44 300x169\" src=\"https:\/\/spaziospadoni.org\/wp-content\/uploads\/2026\/05\/2024_marzo_formazione_opere_misericordia_progetto_hic_sum_suor_francibe_spazio_spadoni-44-300x169.jpg\"\/><\/figure>\n\n\n<figure class=\"wp-block-image size-large italia\"><img decoding=\"async\" alt=\"2024 f&#xE9;vrier 5 s&#x153;ur francine projet hic sum spazio + spadoni visite pise 1 225x300\" src=\"https:\/\/spaziospadoni.org\/wp-content\/uploads\/2026\/05\/2024_febbraio_5_suor_francine_progetto_hic_sum_spazio_spadoni_visita_pisa-1-225x300.jpg\"\/><\/figure>\n\n\n<figure class=\"wp-block-image size-large italia\"><img decoding=\"async\" alt=\"2024 f&#xE9;vrier 5 s&#x153;ur francine projet hic sum spazio + spadoni visite pise 2 225x300\" src=\"https:\/\/spaziospadoni.org\/wp-content\/uploads\/2026\/05\/2024_febbraio_5_suor_francine_progetto_hic_sum_spazio_spadoni_visita_pisa-2-225x300.jpg\"\/><\/figure>\n\n\n<figure class=\"wp-block-image size-large italia\"><img decoding=\"async\" alt=\"2024 f&#xE9;vrier 5 s&#x153;ur francine projet hic sum spazio + spadoni visite pise 4 300x225\" src=\"https:\/\/spaziospadoni.org\/wp-content\/uploads\/2026\/05\/2024_febbraio_5_suor_francine_progetto_hic_sum_spazio_spadoni_visita_pisa-4-300x225.jpg\"\/><\/figure>\n\n\n<figure class=\"wp-block-image size-large italia\"><img decoding=\"async\" alt=\"francine 5 1 225x300\" src=\"https:\/\/spaziospadoni.org\/wp-content\/uploads\/2026\/05\/francine-5-1-225x300.jpg\"\/><\/figure>\n\n\n<figure class=\"wp-block-image size-large italia\"><img decoding=\"async\" alt=\"francine 1 1 300x225\" src=\"https:\/\/spaziospadoni.org\/wp-content\/uploads\/2026\/05\/francine-1-1-300x225.jpg\"\/><\/figure>\n\n\n<figure class=\"wp-block-image size-large italia\"><img decoding=\"async\" alt=\"1 300x273\" src=\"https:\/\/spaziospadoni.org\/wp-content\/uploads\/2026\/05\/1-1.jpg\"\/><\/figure>\n\n\n<figure class=\"wp-block-image size-large italia\"><img decoding=\"async\" alt=\"4 e1708506872593 300x244\" src=\"https:\/\/spaziospadoni.org\/wp-content\/uploads\/2026\/05\/4-e1708506872593-300x244.jpg\"\/><\/figure>\n\n\n<figure class=\"wp-block-image size-large repubblica-democratica-del-congo\"><img decoding=\"async\" alt=\"2023 d&#xE9;cembre 6 hicsum 44 s&#x153;ur francine spazio + spadoni s&#x153;urs de santa gemma selene pera goma sup&#xE9;rieure provinciale 225x300\" src=\"https:\/\/spaziospadoni.org\/wp-content\/uploads\/2026\/05\/2023_dicembre_6_hicsum_44_suor_francine_spazio_spadoni_sorelle_santa_gemma_selene_pera_goma_superiora_provinciale-225x300.jpg\"\/><\/figure>\n\n\n<figure class=\"wp-block-image size-large italia\"><img decoding=\"async\" alt=\"2023 d&#xE9;cembre 25 hicsum 44 s&#x153;ur francine spazio + spadoni s&#x153;urs de santa gemma mis&#xE9;ricorde festivit&#xE9;s de no&#xEB;l 2 300x135\" src=\"https:\/\/spaziospadoni.org\/wp-content\/uploads\/2026\/05\/2023_dicembre_25_hicsum_44_suor_francine_spazio_spadoni_sorelle_santa_gemma_misericordia_festeggiamenti_natale-2-300x135.jpg\"\/><\/figure>\n\n\n<figure class=\"wp-block-image size-large italia\"><img decoding=\"async\" alt=\"2023 novembre 19 hicsum 44 s&#x153;ur francine spazio + spadoni s&#x153;urs de santa gemma pr&#xE9;sentation communaut&#xE9; 225x300\" src=\"https:\/\/spaziospadoni.org\/wp-content\/uploads\/2026\/05\/2023_novembre_19_hicsum_44_suor_francine_spazio_spadoni_sorelle_santa_gemma_presentazione_comunita-225x300.jpg\"\/><\/figure>\n\n\n<figure class=\"wp-block-image size-large italia\"><img decoding=\"async\" alt=\"2024 f&#xE9;vrier 22 hicsum 44 s&#x153;ur francine religieuses instruction chr&#xE9;tienne spazio + spadoni s&#x153;urs de santa gemma mis&#xE9;ricorde communaut&#xE9; pastorale remise de l'uniforme 2 225x300\" src=\"https:\/\/spaziospadoni.org\/wp-content\/uploads\/2026\/05\/2024_febbraio_22_hicsum_44_suor_francine_religieuses_instruction_chretienne_spazio_spadoni_sorelle_santa_gemma_misericordia_comunita_pastorale_consegna_divisa-2-225x300.jpg\"\/><\/figure>\n\n\n<figure class=\"wp-block-image size-large italia\"><img decoding=\"async\" alt=\"2024 f&#xE9;vrier 22 hicsum 44 s&#x153;ur francine religieuses instruction chr&#xE9;tienne spazio + spadoni s&#x153;urs de santa gemma mis&#xE9;ricorde communaut&#xE9; pastorale remise de l'uniforme 225x300\" src=\"https:\/\/spaziospadoni.org\/wp-content\/uploads\/2026\/05\/2024_febbraio_22_hicsum_44_suor_francine_religieuses_instruction_chretienne_spazio_spadoni_sorelle_santa_gemma_misericordia_comunita_pastorale_consegna_divisa-225x300.jpg\"\/><\/figure>\n\n\n<figure class=\"wp-block-image size-large italia\"><img decoding=\"async\" alt=\"2024 mars 3 hicsum 44 s&#x153;ur francine religieuses instruction chr&#xE9;tienne spazio + spadoni s&#x153;urs de santa gemma mis&#xE9;ricorde communaut&#xE9; pastorale formation 169x300\" src=\"https:\/\/spaziospadoni.org\/wp-content\/uploads\/2026\/05\/2024_marzo_3_hicsum_44_suor_francine_religieuses_instruction_chretienne_spazio_spadoni_sorelle_santa_gemma_misericordia_comunita_pastorale_formazione-169x300.jpg\"\/><\/figure>\n\n\n<figure class=\"wp-block-image size-large italia\"><img decoding=\"async\" alt=\"2024 mars 15 hicsum 44 s&#x153;ur francine religieuses instruction chr&#xE9;tienne spazio + spadoni s&#x153;urs de santa gemma mis&#xE9;ricorde communaut&#xE9; pastorale rencontre avec l'&#xE9;v&#xEA;que giulietti 225x300\" src=\"https:\/\/spaziospadoni.org\/wp-content\/uploads\/2026\/05\/2024_marzo_15_hicsum_44_suor_francine_religieuses_instruction_chretienne_spazio_spadoni_sorelle_santa_gemma_misericordia_comunita_pastorale_incontro_vescovo_giulietti-225x300.jpg\"\/><\/figure>\n\n\n<figure class=\"wp-block-image size-large italia\"><img decoding=\"async\" alt=\"2024 mars 24 hicsum 44 italie s&#x153;ur francine religieuses instruction chr&#xE9;tienne spazio + spadoni s&#x153;urs de santa gemma mis&#xE9;ricorde communaut&#xE9; pastorale salut de d&#xE9;part 4 300x225\" src=\"https:\/\/spaziospadoni.org\/wp-content\/uploads\/2026\/05\/2024_marzo_24_hicsum_44_italia_suor_francine_religieuses_instruction_chretienne_spazio_spadoni_sorelle_santa_gemma_misericordia_comunita_pastorale_saluto_partenza-4-300x225.jpg\"\/><\/figure>\n\n\n<figure class=\"wp-block-image size-large italia\"><img decoding=\"async\" alt=\"2024 mars 24 hicsum 44 italie s&#x153;ur francine religieuses instruction chr&#xE9;tienne spazio + spadoni s&#x153;urs de santa gemma mis&#xE9;ricorde communaut&#xE9; pastorale salut de d&#xE9;part 6 135x300\" src=\"https:\/\/spaziospadoni.org\/wp-content\/uploads\/2026\/05\/2024_marzo_24_hicsum_44_italia_suor_francine_religieuses_instruction_chretienne_spazio_spadoni_sorelle_santa_gemma_misericordia_comunita_pastorale_saluto_partenza-6-135x300.jpg\"\/><\/figure>\n\n\n<figure class=\"wp-block-image size-large italia\"><img decoding=\"async\" alt=\"2024 mars 24 hicsum 44 italie s&#x153;ur francine religieuses instruction chr&#xE9;tienne spazio + spadoni s&#x153;urs de santa gemma mis&#xE9;ricorde communaut&#xE9; pastorale salut de d&#xE9;part 225x300\" src=\"https:\/\/spaziospadoni.org\/wp-content\/uploads\/2026\/05\/2024_marzo_24_hicsum_44_italia_suor_francine_religieuses_instruction_chretienne_spazio_spadoni_sorelle_santa_gemma_misericordia_comunita_pastorale_saluto_partenza-225x300.jpg\"\/><\/figure>\n\n\n<figure class=\"wp-block-image size-large formazione\"><img decoding=\"async\" alt=\"2024 mars 24 hicsum 44 s&#x153;ur francine religieuses instruction chr&#xE9;tienne spazio + spadoni s&#x153;urs de santa gemma mis&#xE9;ricorde communaut&#xE9; pastorale d&#xE9;part pour le congo 225x300\" src=\"https:\/\/spaziospadoni.org\/wp-content\/uploads\/2026\/05\/2024_marzo_24_hicsum_44_suor_francine_religieuses_instruction_chretienne_spazio_spadoni_sorelle_santa_gemma_misericordia_comunita_pastorale_partenza_congo-225x300.jpg\"\/><\/figure>\n\n\n<figure class=\"wp-block-image size-large italia\"><img decoding=\"async\" alt=\"2024 mars hicsum 44 italie s&#x153;ur francine religieuses instruction chr&#xE9;tienne spazio + spadoni s&#x153;urs de santa gemma mis&#xE9;ricorde communaut&#xE9; pastorale san cerbone luigi 225x300\" src=\"https:\/\/spaziospadoni.org\/wp-content\/uploads\/2026\/05\/2024_marzo_hicsum_44_italia_suor_francine_religieuses_instruction_chretienne_spazio_spadoni_sorelle_santa_gemma_misericordia_comunita_pastorale_san_cerbone_luigi-225x300.jpg\"\/><\/figure>\n\n\n<figure class=\"wp-block-image size-large formazione-opera-m\"><img decoding=\"async\" alt=\"2024 mars hicsum 44 italie s&#x153;ur francine religieuses instruction chr&#xE9;tienne spazio + spadoni s&#x153;urs de santa gemma mis&#xE9;ricorde communaut&#xE9; pastorale visite de pistoia 2 225x300\" src=\"https:\/\/spaziospadoni.org\/wp-content\/uploads\/2026\/05\/2024_marzo_hicsum_44_italia_suor_francine_religieuses_instruction_chretienne_spazio_spadoni_sorelle_santa_gemma_misericordia_comunita_pastorale_visita_pistoia-2-225x300.jpg\"\/><\/figure>\n\n\n<figure class=\"wp-block-image size-large repubblica-democratica-del-congo\"><img decoding=\"async\" alt=\"Religieuses de l'Instruction Chr&#xE9;tienne Goma e1715152664668 300x192\" src=\"https:\/\/spaziospadoni.org\/wp-content\/uploads\/2026\/05\/Religiose-Istruzione-Cristiana-Goma-e1715152664668-300x192.jpg\"\/><\/figure>\n\n\n<figure class=\"wp-block-image size-large italia\"><img decoding=\"async\" alt=\"2025 octobre 13 s&#x153;ur francine anuarite rome italie rencontre luigi spadoni &#x153;uvres de mis&#xE9;ricorde hic sum 2\" src=\"https:\/\/spaziospadoni.org\/wp-content\/uploads\/2026\/05\/2025_ottobre_13_suor_francine_anuarite_roma_italia_incontro_luigi_spadoni_opere_misericordia_hic_sum-2.jpg\"\/><\/figure>\n\n\n<figure class=\"wp-block-image size-large italia\"><img decoding=\"async\" alt=\"2025 octobre 12 rencontre s&#x153;ur gloriose francine anuarite selene rome rencontre spazio + spadoni 1\" src=\"https:\/\/spaziospadoni.org\/wp-content\/uploads\/2026\/05\/2025_ottobre_12_incontro_suor_gloriose_francine_anuarite_selene_roma_incontro_spazio_spadoni-1.jpeg\"\/><\/figure>\n\n\n<figure class=\"wp-block-image size-large italia\"><img decoding=\"async\" alt=\"2025 octobre 12 rencontre s&#x153;ur gloriose francine anuarite selene rome rencontre spazio + spadoni 2\" src=\"https:\/\/spaziospadoni.org\/wp-content\/uploads\/2026\/05\/2025_ottobre_12_incontro_suor_gloriose_francine_anuarite_selene_roma_incontro_spazio_spadoni-2.jpeg\"\/><\/figure>\n\n<\/figure>\n\n\n<div class=\"gb-element-b24bbf5e ss-media-videos\">\n\n<figure class=\"wp-block-video video\"><video controls=\"\" src=\"https:\/\/spaziospadoni.org\/wp-content\/uploads\/2026\/05\/Suor-Francine_marzo_2024.mp4\"><\/video><figcaption class=\"wp-element-caption\">S\u0153ur Francine mars 2024<\/figcaption><\/figure>\n\n<\/div>\n\n<\/div>\n\n<\/div>\n\n<\/div>\n\n","protected":false},"excerpt":{"rendered":"<p>Goma | Goma (R\u00e9publique D\u00e9mocratique du Congo) OPERA M35 MISSION Lieu Goma Dioc\u00e8se Goma Nation R\u00e9publique d\u00e9mocratique du Congo Continent Afrique Coordonn\u00e9es GPS -1.65843 29.2223 Fuseau horaire UTC+2 ORGANISATEUR Congr\u00e9gation Religieuses de l\u2019Instruction Chr\u00e9tienne Maison M\u00e8re Li\u00e8ge, Belgique Dioc\u00e8se Li\u00e8ge Nation Belgique Continent Europe F\u00eate de la Congr\u00e9gation 25 mars Coordonn\u00e9es GPS 50.63960 5.57009 Fuseau &#8230; <a title=\"R\u00e9publique D\u00e9mocratique du Congo &#8211; Afrique | Projet M35\" class=\"read-more\" href=\"https:\/\/spaziospadoni.org\/fr\/opera-m\/republique-democratique-du-congo-afrique-projet-m35\/\" aria-label=\"Read more about R\u00e9publique D\u00e9mocratique du Congo &#8211; Afrique | Projet M35\">Lire plus<\/a><\/p>\n","protected":false},"author":102,"featured_media":0,"parent":89581,"menu_order":0,"comment_status":"closed","ping_status":"closed","template":"","meta":{"_sitemap_exclude":false,"_sitemap_priority":"","_sitemap_frequency":"","footnotes":""},"class_list":["post-59502","page","type-page","status-publish","infinite-scroll-item"],"yoast_head":"<!-- This site is optimized with the Yoast SEO plugin v28.4 - https:\/\/yoast.com\/product\/yoast-seo-wordpress\/ -->\n<title>R\u00e9publique D\u00e9mocratique du Congo - Afrique | Projet M35 | Spazio Spadoni<\/title>\n<meta name=\"description\" content=\"Goma | Goma (R\u00e9publique D\u00e9mocratique du Congo) OPERA M35 MISSION Lieu Goma Dioc\u00e8se Goma Nation R\u00e9publique d\u00e9mocratique du Congo Continent Afrique\" \/>\n<meta name=\"robots\" content=\"index, follow, max-snippet:-1, max-image-preview:large, max-video-preview:-1\" \/>\n<link rel=\"canonical\" href=\"https:\/\/spaziospadoni.org\/fr\/opera-m\/republique-democratique-du-congo-afrique-projet-m35\/\" \/>\n<meta property=\"og:locale\" content=\"fr_FR\" \/>\n<meta property=\"og:type\" content=\"article\" \/>\n<meta property=\"og:title\" content=\"R\u00e9publique D\u00e9mocratique du Congo - Afrique | Projet M35 | Spazio Spadoni\" \/>\n<meta property=\"og:description\" content=\"Goma | Goma (R\u00e9publique D\u00e9mocratique du Congo) OPERA M35 MISSION Lieu Goma Dioc\u00e8se Goma Nation R\u00e9publique d\u00e9mocratique du Congo Continent Afrique\" \/>\n<meta property=\"og:url\" content=\"https:\/\/spaziospadoni.org\/fr\/opera-m\/republique-democratique-du-congo-afrique-projet-m35\/\" \/>\n<meta property=\"og:site_name\" content=\"spazio + spadoni\" \/>\n<meta property=\"article:publisher\" content=\"https:\/\/www.facebook.com\/SpazioSpadoni\/\" \/>\n<meta property=\"article:modified_time\" content=\"2026-08-17T11:21:23+00:00\" \/>\n<meta property=\"og:image\" content=\"https:\/\/spaziospadoni.org\/wp-content\/uploads\/2026\/05\/hicsum_1_congo-spaziospadoni-scaled.png\" \/>\n\t<meta property=\"og:image:width\" content=\"2560\" \/>\n\t<meta property=\"og:image:height\" content=\"1771\" \/>\n\t<meta property=\"og:image:type\" content=\"image\/png\" \/>\n<meta name=\"twitter:card\" content=\"summary_large_image\" \/>\n<meta name=\"twitter:label1\" content=\"Est. reading time\" \/>\n\t<meta name=\"twitter:data1\" content=\"5 minutes\" \/>\n<script type=\"application\/ld+json\" class=\"yoast-schema-graph\">{\"@context\":\"https:\\\/\\\/schema.org\",\"@graph\":[{\"@type\":\"WebPage\",\"@id\":\"https:\\\/\\\/spaziospadoni.org\\\/fr\\\/opera-m\\\/republique-democratique-du-congo-afrique-projet-m35\\\/\",\"url\":\"https:\\\/\\\/spaziospadoni.org\\\/fr\\\/opera-m\\\/republique-democratique-du-congo-afrique-projet-m35\\\/\",\"name\":\"R\u00e9publique D\u00e9mocratique du Congo - Afrique | Projet M35 | Spazio Spadoni\",\"isPartOf\":{\"@id\":\"https:\\\/\\\/spaziospadoni.org\\\/fr\\\/#website\"},\"primaryImageOfPage\":{\"@id\":\"https:\\\/\\\/spaziospadoni.org\\\/fr\\\/opera-m\\\/republique-democratique-du-congo-afrique-projet-m35\\\/#primaryimage\"},\"image\":{\"@id\":\"https:\\\/\\\/spaziospadoni.org\\\/fr\\\/opera-m\\\/republique-democratique-du-congo-afrique-projet-m35\\\/#primaryimage\"},\"thumbnailUrl\":\"https:\\\/\\\/spaziospadoni.org\\\/wp-content\\\/uploads\\\/2026\\\/05\\\/hicsum_1_congo-spaziospadoni.png\",\"datePublished\":\"2026-05-18T13:17:39+00:00\",\"dateModified\":\"2026-08-17T11:21:23+00:00\",\"description\":\"Goma | Goma (R\u00e9publique D\u00e9mocratique du Congo) OPERA M35 MISSION Lieu Goma Dioc\u00e8se Goma Nation R\u00e9publique d\u00e9mocratique du Congo Continent Afrique\",\"breadcrumb\":{\"@id\":\"https:\\\/\\\/spaziospadoni.org\\\/fr\\\/opera-m\\\/republique-democratique-du-congo-afrique-projet-m35\\\/#breadcrumb\"},\"inLanguage\":\"fr-FR\",\"potentialAction\":[{\"@type\":\"ReadAction\",\"target\":[\"https:\\\/\\\/spaziospadoni.org\\\/fr\\\/opera-m\\\/republique-democratique-du-congo-afrique-projet-m35\\\/\"]}]},{\"@type\":\"ImageObject\",\"inLanguage\":\"fr-FR\",\"@id\":\"https:\\\/\\\/spaziospadoni.org\\\/fr\\\/opera-m\\\/republique-democratique-du-congo-afrique-projet-m35\\\/#primaryimage\",\"url\":\"https:\\\/\\\/spaziospadoni.org\\\/wp-content\\\/uploads\\\/2026\\\/05\\\/hicsum_1_congo-spaziospadoni.png\",\"contentUrl\":\"https:\\\/\\\/spaziospadoni.org\\\/wp-content\\\/uploads\\\/2026\\\/05\\\/hicsum_1_congo-spaziospadoni.png\"},{\"@type\":\"BreadcrumbList\",\"@id\":\"https:\\\/\\\/spaziospadoni.org\\\/fr\\\/opera-m\\\/republique-democratique-du-congo-afrique-projet-m35\\\/#breadcrumb\",\"itemListElement\":[{\"@type\":\"ListItem\",\"position\":1,\"name\":\"Home\",\"item\":\"https:\\\/\\\/spaziospadoni.org\\\/fr\\\/\"},{\"@type\":\"ListItem\",\"position\":2,\"name\":\"Opera M\",\"item\":\"https:\\\/\\\/spaziospadoni.org\\\/fr\\\/opera-m\\\/\"},{\"@type\":\"ListItem\",\"position\":3,\"name\":\"R\u00e9publique D\u00e9mocratique du Congo &#8211; Afrique | Projet M35\"}]},{\"@type\":\"WebSite\",\"@id\":\"https:\\\/\\\/spaziospadoni.org\\\/fr\\\/#website\",\"url\":\"https:\\\/\\\/spaziospadoni.org\\\/fr\\\/\",\"name\":\"spazio + spadoni\",\"description\":\"Generazione di misericordia e missione nel mondo\",\"publisher\":{\"@id\":\"https:\\\/\\\/spaziospadoni.org\\\/fr\\\/#organization\"},\"alternateName\":\"spaziospadoni.org\",\"potentialAction\":[{\"@type\":\"SearchAction\",\"target\":{\"@type\":\"EntryPoint\",\"urlTemplate\":\"https:\\\/\\\/spaziospadoni.org\\\/fr\\\/?s={search_term_string}\"},\"query-input\":{\"@type\":\"PropertyValueSpecification\",\"valueRequired\":true,\"valueName\":\"search_term_string\"}}],\"inLanguage\":\"fr-FR\"},{\"@type\":\"Organization\",\"@id\":\"https:\\\/\\\/spaziospadoni.org\\\/fr\\\/#organization\",\"name\":\"spazio + spadoni\",\"alternateName\":\"spaziospadoni.org\",\"url\":\"https:\\\/\\\/spaziospadoni.org\\\/fr\\\/\",\"logo\":{\"@type\":\"ImageObject\",\"inLanguage\":\"fr-FR\",\"@id\":\"https:\\\/\\\/spaziospadoni.org\\\/fr\\\/#\\\/schema\\\/logo\\\/image\\\/\",\"url\":\"https:\\\/\\\/spaziospadoni.org\\\/wp-content\\\/uploads\\\/2026\\\/05\\\/spazio-spadoni-logo-100x100-1.webp\",\"contentUrl\":\"https:\\\/\\\/spaziospadoni.org\\\/wp-content\\\/uploads\\\/2026\\\/05\\\/spazio-spadoni-logo-100x100-1.webp\",\"width\":100,\"height\":100,\"caption\":\"spazio + spadoni\"},\"image\":{\"@id\":\"https:\\\/\\\/spaziospadoni.org\\\/fr\\\/#\\\/schema\\\/logo\\\/image\\\/\"},\"sameAs\":[\"https:\\\/\\\/www.facebook.com\\\/SpazioSpadoni\\\/\",\"https:\\\/\\\/www.instagram.com\\\/spaziospadoni\\\/\",\"https:\\\/\\\/www.youtube.com\\\/@spaziospadoni\\\/playlists\"]}]}<\/script>\n<!-- \/ Yoast SEO plugin. -->","yoast_head_json":{"title":"R\u00e9publique D\u00e9mocratique du Congo - Afrique | Projet M35 | Spazio Spadoni","description":"Goma | Goma (R\u00e9publique D\u00e9mocratique du Congo) OPERA M35 MISSION Lieu Goma Dioc\u00e8se Goma Nation R\u00e9publique d\u00e9mocratique du Congo Continent Afrique","robots":{"index":"index","follow":"follow","max-snippet":"max-snippet:-1","max-image-preview":"max-image-preview:large","max-video-preview":"max-video-preview:-1"},"canonical":"https:\/\/spaziospadoni.org\/fr\/opera-m\/republique-democratique-du-congo-afrique-projet-m35\/","og_locale":"fr_FR","og_type":"article","og_title":"R\u00e9publique D\u00e9mocratique du Congo - Afrique | Projet M35 | Spazio Spadoni","og_description":"Goma | Goma (R\u00e9publique D\u00e9mocratique du Congo) OPERA M35 MISSION Lieu Goma Dioc\u00e8se Goma Nation R\u00e9publique d\u00e9mocratique du Congo Continent Afrique","og_url":"https:\/\/spaziospadoni.org\/fr\/opera-m\/republique-democratique-du-congo-afrique-projet-m35\/","og_site_name":"spazio + spadoni","article_publisher":"https:\/\/www.facebook.com\/SpazioSpadoni\/","article_modified_time":"2026-08-17T11:21:23+00:00","og_image":[{"width":2560,"height":1771,"url":"https:\/\/spaziospadoni.org\/wp-content\/uploads\/2026\/05\/hicsum_1_congo-spaziospadoni-scaled.png","type":"image\/png"}],"twitter_card":"summary_large_image","twitter_misc":{"Est. reading time":"5 minutes"},"schema":{"@context":"https:\/\/schema.org","@graph":[{"@type":"WebPage","@id":"https:\/\/spaziospadoni.org\/fr\/opera-m\/republique-democratique-du-congo-afrique-projet-m35\/","url":"https:\/\/spaziospadoni.org\/fr\/opera-m\/republique-democratique-du-congo-afrique-projet-m35\/","name":"R\u00e9publique D\u00e9mocratique du Congo - Afrique | Projet M35 | Spazio Spadoni","isPartOf":{"@id":"https:\/\/spaziospadoni.org\/fr\/#website"},"primaryImageOfPage":{"@id":"https:\/\/spaziospadoni.org\/fr\/opera-m\/republique-democratique-du-congo-afrique-projet-m35\/#primaryimage"},"image":{"@id":"https:\/\/spaziospadoni.org\/fr\/opera-m\/republique-democratique-du-congo-afrique-projet-m35\/#primaryimage"},"thumbnailUrl":"https:\/\/spaziospadoni.org\/wp-content\/uploads\/2026\/05\/hicsum_1_congo-spaziospadoni.png","datePublished":"2026-05-18T13:17:39+00:00","dateModified":"2026-08-17T11:21:23+00:00","description":"Goma | Goma (R\u00e9publique D\u00e9mocratique du Congo) OPERA M35 MISSION Lieu Goma Dioc\u00e8se Goma Nation R\u00e9publique d\u00e9mocratique du Congo Continent Afrique","breadcrumb":{"@id":"https:\/\/spaziospadoni.org\/fr\/opera-m\/republique-democratique-du-congo-afrique-projet-m35\/#breadcrumb"},"inLanguage":"fr-FR","potentialAction":[{"@type":"ReadAction","target":["https:\/\/spaziospadoni.org\/fr\/opera-m\/republique-democratique-du-congo-afrique-projet-m35\/"]}]},{"@type":"ImageObject","inLanguage":"fr-FR","@id":"https:\/\/spaziospadoni.org\/fr\/opera-m\/republique-democratique-du-congo-afrique-projet-m35\/#primaryimage","url":"https:\/\/spaziospadoni.org\/wp-content\/uploads\/2026\/05\/hicsum_1_congo-spaziospadoni.png","contentUrl":"https:\/\/spaziospadoni.org\/wp-content\/uploads\/2026\/05\/hicsum_1_congo-spaziospadoni.png"},{"@type":"BreadcrumbList","@id":"https:\/\/spaziospadoni.org\/fr\/opera-m\/republique-democratique-du-congo-afrique-projet-m35\/#breadcrumb","itemListElement":[{"@type":"ListItem","position":1,"name":"Home","item":"https:\/\/spaziospadoni.org\/fr\/"},{"@type":"ListItem","position":2,"name":"Opera M","item":"https:\/\/spaziospadoni.org\/fr\/opera-m\/"},{"@type":"ListItem","position":3,"name":"R\u00e9publique D\u00e9mocratique du Congo &#8211; Afrique | Projet M35"}]},{"@type":"WebSite","@id":"https:\/\/spaziospadoni.org\/fr\/#website","url":"https:\/\/spaziospadoni.org\/fr\/","name":"spazio + spadoni","description":"Generazione di misericordia e missione nel mondo","publisher":{"@id":"https:\/\/spaziospadoni.org\/fr\/#organization"},"alternateName":"spaziospadoni.org","potentialAction":[{"@type":"SearchAction","target":{"@type":"EntryPoint","urlTemplate":"https:\/\/spaziospadoni.org\/fr\/?s={search_term_string}"},"query-input":{"@type":"PropertyValueSpecification","valueRequired":true,"valueName":"search_term_string"}}],"inLanguage":"fr-FR"},{"@type":"Organization","@id":"https:\/\/spaziospadoni.org\/fr\/#organization","name":"spazio + spadoni","alternateName":"spaziospadoni.org","url":"https:\/\/spaziospadoni.org\/fr\/","logo":{"@type":"ImageObject","inLanguage":"fr-FR","@id":"https:\/\/spaziospadoni.org\/fr\/#\/schema\/logo\/image\/","url":"https:\/\/spaziospadoni.org\/wp-content\/uploads\/2026\/05\/spazio-spadoni-logo-100x100-1.webp","contentUrl":"https:\/\/spaziospadoni.org\/wp-content\/uploads\/2026\/05\/spazio-spadoni-logo-100x100-1.webp","width":100,"height":100,"caption":"spazio + spadoni"},"image":{"@id":"https:\/\/spaziospadoni.org\/fr\/#\/schema\/logo\/image\/"},"sameAs":["https:\/\/www.facebook.com\/SpazioSpadoni\/","https:\/\/www.instagram.com\/spaziospadoni\/","https:\/\/www.youtube.com\/@spaziospadoni\/playlists"]}]}},"_links":{"self":[{"href":"https:\/\/spaziospadoni.org\/fr\/wp-json\/wp\/v2\/pages\/59502","targetHints":{"allow":["GET"]}}],"collection":[{"href":"https:\/\/spaziospadoni.org\/fr\/wp-json\/wp\/v2\/pages"}],"about":[{"href":"https:\/\/spaziospadoni.org\/fr\/wp-json\/wp\/v2\/types\/page"}],"author":[{"embeddable":true,"href":"https:\/\/spaziospadoni.org\/fr\/wp-json\/wp\/v2\/users\/102"}],"replies":[{"embeddable":true,"href":"https:\/\/spaziospadoni.org\/fr\/wp-json\/wp\/v2\/comments?post=59502"}],"version-history":[{"count":2,"href":"https:\/\/spaziospadoni.org\/fr\/wp-json\/wp\/v2\/pages\/59502\/revisions"}],"predecessor-version":[{"id":90316,"href":"https:\/\/spaziospadoni.org\/fr\/wp-json\/wp\/v2\/pages\/59502\/revisions\/90316"}],"up":[{"embeddable":true,"href":"https:\/\/spaziospadoni.org\/fr\/wp-json\/wp\/v2\/pages\/89581"}],"wp:attachment":[{"href":"https:\/\/spaziospadoni.org\/fr\/wp-json\/wp\/v2\/media?parent=59502"}],"curies":[{"name":"wp","href":"https:\/\/api.w.org\/{rel}","templated":true}]}}