{"id":59538,"date":"2026-05-18T14:20:26","date_gmt":"2026-05-18T13:20:26","guid":{"rendered":"https:\/\/spaziospadoni.org\/oeuvres-de-misericorde\/republique-democratique-du-congo-afrique-projet-m44\/"},"modified":"2026-08-17T12:21:35","modified_gmt":"2026-08-17T11:21:35","slug":"republique-democratique-du-congo-afrique-projet-m44","status":"publish","type":"page","link":"https:\/\/spaziospadoni.org\/fr\/opera-m\/republique-democratique-du-congo-afrique-projet-m44\/","title":{"rendered":"R\u00e9publique D\u00e9mocratique du Congo &#8211; Afrique | Projet M44"},"content":{"rendered":"\n<div class=\"ss-project-hero-card\">\n<h2 id=\"basankusu-basankusu-republique-democratique-du-congo\" class=\"gb-text gb-text-62a95885\">Basankusu | Basankusu (R\u00e9publique D\u00e9mocratique du Congo)<\/h2>\n\n\n\n<div class=\"gb-element-f60f2409\">\n<div class=\"gb-element-90a85740 ss-project-sidebar\">\n<h2 id=\"opera-m44\" class=\"gb-text ss-project-title\">OPERA M44<\/h2>\n\n\n\n<figure class=\"wp-block-image size-large\"><img decoding=\"async\" src=\"https:\/\/spaziospadoni.org\/wp-content\/uploads\/2026\/05\/hicsum_1_congo-spaziospadoni.png\" alt=\"hicsum 1 congo spaziospadoni\" class=\"wp-image-43007\"\/><\/figure>\n\n\n\n<div class=\"ss-project-table\">\n<div class=\"ss-table-section-title\">\n<h3 id=\"mission\" class=\"gb-text\">MISSION<\/h3>\n<\/div>\n\n\n\n<div class=\"ss-table-row\">\n<p class=\"gb-text\">Lieu<\/p>\n\n\n\n<p class=\"gb-text\"><a href=\"https:\/\/www.google.com\/maps\/place\/Basankusu,+Repubblica+Democratica+del+Congo\/@1.2185751,19.7896385,15z\/data=!3m1!4b1!4m6!3m5!1s0x10af4e65a005ae71:0x1b1ee0f328e43495!8m2!3d1.2174408!4d19.8008384!16zL20vMGNiaGhk?entry=ttu&#038;g_ep=EgoyMDI2MDQwOC4wIKXMDSoASAFQAw%3D%3D\" rel=\"noreferrer noopener\" target=\"_blank\" title=\"Basankusu\">Basankusu<\/a><\/p>\n<\/div>\n\n\n\n<div class=\"ss-table-row\">\n<p class=\"gb-text\">Dioc\u00e8se<\/p>\n\n\n\n<p class=\"gb-text\">Basankusu<\/p>\n<\/div>\n\n\n\n<div class=\"ss-table-row\">\n<p class=\"gb-text\">Nation<\/p>\n\n\n\n<p class=\"gb-text\"><strong>R\u00e9publique d\u00e9mocratique du Congo<\/strong><\/p>\n<\/div>\n\n\n\n<div class=\"ss-table-row\">\n<p class=\"gb-text\">Continent<\/p>\n\n\n\n<p class=\"gb-text\">Afrique<\/p>\n<\/div>\n\n\n\n<div class=\"ss-table-row\">\n<p class=\"gb-text\">Coordonn\u00e9es GPS<\/p>\n\n\n\n<p class=\"gb-text\">1.21725 19.80178<\/p>\n<\/div>\n\n\n\n<div class=\"ss-table-row\">\n<p class=\"gb-text\">Fuseau horaire<\/p>\n\n\n\n<p class=\"gb-text\">UTC+1<\/p>\n<\/div>\n<\/div>\n\n\n\n<div class=\"ss-project-table\">\n<div class=\"ss-table-section-title\">\n<h3 id=\"organisateur\" class=\"gb-text\">ORGANISATEUR<\/h3>\n<\/div>\n\n\n\n<div class=\"ss-table-row\">\n<p class=\"gb-text\">Congr\u00e9gation<\/p>\n\n\n\n<p class=\"gb-text\">S\u0153urs de Sainte Th\u00e9r\u00e8se de l&rsquo;Enfant J\u00e9sus de Basankusu<\/p>\n<\/div>\n\n\n\n<div class=\"ss-table-row\">\n<p class=\"gb-text\">Maison M\u00e8re<\/p>\n\n\n\n<p class=\"gb-text\">Basankusu<\/p>\n<\/div>\n\n\n\n<div class=\"ss-table-row\">\n<p class=\"gb-text\">Dioc\u00e8se<\/p>\n\n\n\n<p class=\"gb-text\">Basankusu<\/p>\n<\/div>\n\n\n\n<div class=\"ss-table-row\">\n<p class=\"gb-text\">Nation<\/p>\n\n\n\n<p class=\"gb-text\">R\u00e9publique d\u00e9mocratique du Congo<\/p>\n<\/div>\n\n\n\n<div class=\"ss-table-row\">\n<p class=\"gb-text\">Continent<\/p>\n\n\n\n<p class=\"gb-text\">Afrique<\/p>\n<\/div>\n\n\n\n<div class=\"ss-table-row\">\n<p class=\"gb-text\">F\u00eate de la Congr\u00e9gation<\/p>\n\n\n\n<p class=\"gb-text\">15 agosto<\/p>\n<\/div>\n\n\n\n<div class=\"ss-table-row\">\n<p class=\"gb-text\">Coordonn\u00e9es GPS<\/p>\n\n\n\n<p class=\"gb-text\">1.21725 19.80178<\/p>\n<\/div>\n\n\n\n<div class=\"ss-table-row\">\n<p class=\"gb-text\">Fuseau horaire<\/p>\n\n\n\n<p class=\"gb-text\">UTC+1<\/p>\n<\/div>\n\n\n\n<div class=\"ss-table-row\">\n<p class=\"gb-text\">R\u00e9f\u00e9rent<\/p>\n\n\n\n<p class=\"gb-text\">S\u0153ur F\u00e9licit\u00e9 Mbombe<\/p>\n<\/div>\n\n\n\n<div class=\"ss-table-row\">\n<p class=\"gb-text\">M\u00e8re G\u00e9n\u00e9rale<\/p>\n\n\n\n<p class=\"gb-text\">S\u0153ur F\u00e9licit\u00e9 Mbombe<\/p>\n<\/div>\n\n\n\n<div class=\"ss-table-row\">\n<p class=\"gb-text\">Site Internet<\/p>\n\n\n\n<p class=\"gb-text\"><a href=\"https:\/\/www.suoresantagemma.it\/\" target=\"_blank\" rel=\"noreferrer noopener\" title=\"suoresantagemma.it\">suoresantagemma.it<\/a><\/p>\n<\/div>\n<\/div>\n\n\n\n<div class=\"ss-project-table\">\n<div class=\"ss-table-section-title\">\n<h3 id=\"spazio-reale\" class=\"gb-text\">SPAZIO REALE<\/h3>\n<\/div>\n\n\n\n<div class=\"ss-table-row\">\n<p class=\"gb-text\">Responsable du projet<\/p>\n\n\n\n<p class=\"gb-text\">S\u0153ur F\u00e9licit\u00e9 Mbombe<\/p>\n<\/div>\n\n\n\n<div class=\"ss-table-row\">\n<p class=\"gb-text\">Date de d\u00e9but<\/p>\n\n\n\n<p class=\"gb-text\"><\/p>\n<\/div>\n\n\n\n<div class=\"ss-table-row\">\n<p class=\"gb-text\">Typologie<\/p>\n\n\n\n<p class=\"gb-text\"><strong>Coupe et couture<\/strong><\/p>\n<\/div>\n<\/div>\n\n\n\n<div class=\"ss-project-table\">\n<a class=\"gb-element-e1766596 ss-table-section-button\" href=\"#\" title=\"OPERA M &#8211; PROJET M44\">\n<span class=\"gb-text\">OPERA M &#8211; PROJET M44<\/span>\n<\/a>\n<\/div>\n<\/div>\n<\/div>\n\n\n\n<div class=\"gb-element-6ad95ea8\">\n<div class=\"gb-element-e34063a6 ss-project-intro\">\n<p class=\"wp-block-paragraph\">OPERA M est la r\u00e9volution des \u0153uvres de mis\u00e9ricorde. C&rsquo;est l&rsquo;instrument permanent de d\u00e9veloppement d&rsquo;une pens\u00e9e forte et renouvel\u00e9e des \u0153uvres dans le monde. <\/p>\n\n\n\n<p class=\"wp-block-paragraph\">Il na\u00eet d&rsquo;une urgence fortement ressentie par spazio + spadoni de faire r\u00e9<strong>\u00c9<\/strong>voluer le concept d&rsquo;\u0153uvre de mis\u00e9ricorde comme un chemin qui est toujours \u00e0 la fois humain et divin, et donc, toujours spirituel en plus d&rsquo;\u00eatre pratique (ou corporel). La red\u00e9couverte, voire la v\u00e9ritable r\u00e9<strong>\u00c9<\/strong>volution des \u0153uvres doit \u00eatre retrouv\u00e9e au sein de cette synth\u00e8se entre aspect spirituel et acte pratique. L&rsquo;agir mat\u00e9riel doit toujours \u00eatre impr\u00e9gn\u00e9 de l&rsquo;esprit.  <\/p>\n\n\n\n<p class=\"wp-block-paragraph\">OPERA M se fonde sur cinq actions qui en d\u00e9finissent la m\u00e9thode : INVOQUE, appelle l&rsquo;Esprit \u00c9COUTE, fais silence pour t&rsquo;ouvrir \u00e0 l&rsquo;\u00e9coute RENCONTRE, sois au milieu des gens AGISSONS, agir pour les \u0153uvres INONDONS, portons tout le monde aux \u0153uvres de mis\u00e9ricorde <strong>\u0152uvres de mis\u00e9ricorde spirituelles<\/strong> Conseiller ceux qui doutent Enseigner les ignorants Avertir les p\u00e9cheurs Consoler les afflig\u00e9s Pardonner les offenses Supporter patiemment les personnes importunes Prier Dieu pour les vivants et pour les morts <strong>\u0152uvres de mis\u00e9ricorde corporelles<\/strong> Donner \u00e0 manger aux affam\u00e9s Donner \u00e0 boire aux assoiff\u00e9s V\u00eatir les nus Loger les p\u00e8lerins Visiter les malades Visiter les prisonniers Ensevelir les morts<\/p>\n\n<\/div>\n<\/div>\n\n\n\n\n<div>\n\n<h2 id=\"chronologie\" class=\"gb-text gb-text-8179e40a\">Chronologie<\/h2>\n\n\n\n\n\n<div class=\"ss-timeline\">\n\n<h3 id=\"2025\" class=\"gb-text\">2025<\/h3>\n\n\n\n\n\n<div class=\"ss-timeline-item\">\n\n<h4 id=\"mai-rencontre-a-rome\" class=\"gb-text\">Mai | Rencontre \u00e0 Rome<\/h4>\n\n\n\n\n<p class=\"wp-block-paragraph\">En mai 2025, s\u0153ur F\u00e9licit\u00e8, qui se trouvait \u00e0 Rome \u00e0 l&rsquo;occasion de l&rsquo;Assembl\u00e9e de l&rsquo;UISG, fait la connaissance de spazio + spadoni. La M\u00e8re a l&rsquo;occasion de s&rsquo;entretenir avec Luigi Spadoni et, depuis ce jour, commence la collaboration enti\u00e8rement centr\u00e9e sur l&rsquo;engagement dans la diffusion des \u0153uvres de mis\u00e9ricorde &#8211; OPERA M. <\/p>\n\n\n<\/div>\n\n\n\n\n<div class=\"ss-timeline-item\">\n\n<h4 id=\"9-juin-reevolution-des-oeuvres-de-misericorde\" class=\"gb-text\">9 juin | R\u00e9Evolution des \u0153uvres de mis\u00e9ricorde<\/h4>\n\n\n\n\n<p class=\"wp-block-paragraph\">M\u00e8re F\u00e9licit\u00e8 communique que la Congr\u00e9gation a l&rsquo;intention de s&rsquo;engager \u00e0 faire conna\u00eetre la r\u00e9Evolution des \u0153uvres de mis\u00e9ricorde promue par spazio + spadoni<\/p>\n\n\n<\/div>\n\n\n\n\n<div class=\"ss-timeline-item\">\n\n<h4 id=\"8-aout-envoi-du-projet\" class=\"gb-text\">8 ao\u00fbt | Envoi du projet<\/h4>\n\n\n\n\n<p class=\"wp-block-paragraph\">La Congr\u00e9gation pr\u00e9sente un projet pour le soutien de l&rsquo;activit\u00e9 de coupe et couture<\/p>\n\n\n<\/div>\n\n\n\n\n<div class=\"ss-timeline-item\">\n\n<h4 id=\"19-septembre-ambassadrice-des-oeuvres-de-misericorde\" class=\"gb-text\">19 septembre | Ambassadrice des \u0153uvres de mis\u00e9ricorde<\/h4>\n\n\n\n\n<p class=\"wp-block-paragraph\">Lors d&rsquo;une rencontre en ligne, s\u0153ur F\u00e9licit\u00e8 communique que la s\u0153ur choisie pour \u00eatre Ambassadrice des \u0153uvres de mis\u00e9ricorde est s\u0153ur Baudouine<\/p>\n\n\n<\/div>\n\n\n\n\n<div class=\"ss-timeline-item\">\n\n<h4 id=\"14-octobre-rencontre-a-rome\" class=\"gb-text\">14 octobre | Rencontre \u00e0 Rome<\/h4>\n\n\n\n\n<p class=\"wp-block-paragraph\">S\u0153ur F\u00e9licit\u00e8, qui se trouve \u00e0 Rome \u00e0 l&rsquo;occasion du Jubil\u00e9, rencontre Luigi Spadoni et ensemble ils jettent les bases concr\u00e8tes du d\u00e9veloppement de la collaboration tant en ce qui concerne OPERA M que pour l&rsquo;entreprise sociale<\/p>\n\n\n\n<figure class=\"wp-block-gallery has-nested-images columns-1 is-cropped ss-lightbox wp-block-gallery-1 is-layout-flex wp-block-gallery-is-layout-flex\">\n\n<figure class=\"wp-block-image size-large\"><img decoding=\"async\" src=\"https:\/\/spaziospadoni.org\/wp-content\/uploads\/2026\/05\/2025_ottobre_suor_felicite_luigi_spadoni_roma_incontro_formazione_opere_misericordia_operam-4.jpg\" alt=\"2025 octobre s&#x153;ur f&#xE9;licit&#xE9; luigi spadoni rome rencontre formation &#x153;uvres de mis&#xE9;ricorde opera m 4\"\/><figcaption class=\"wp-element-caption\">14 octobre | Rencontre \u00e0 Rome<\/figcaption><\/figure>\n\n<\/figure>\n\n\n<\/div>\n\n\n\n\n<div class=\"ss-timeline-item\">\n\n<h4 id=\"11-decembre-reevaluation-du-projet\" class=\"gb-text\">11 d\u00e9cembre | R\u00e9\u00e9valuation du projet<\/h4>\n\n\n\n\n<p class=\"wp-block-paragraph\">Apr\u00e8s l&rsquo;\u00e9change avec Luigi, la Congr\u00e9gation choisit de changer de projet et de remplacer celui pr\u00e9c\u00e9demment pr\u00e9sent\u00e9 sur la coupe et couture par un projet concernant l&rsquo;\u00e9levage de volailles<\/p>\n\n\n<\/div>\n\n\n<\/div>\n\n\n\n\n<div class=\"ss-timeline\">\n\n<h3 id=\"2026\" class=\"gb-text\">2026<\/h3>\n\n\n\n\n\n<div class=\"ss-timeline-item\">\n\n<h4 id=\"14-janvier-rencontre-opera-m-diocese\" class=\"gb-text\">14 janvier | Rencontre OPERA M Dioc\u00e8se<\/h4>\n\n\n\n\n<p class=\"wp-block-paragraph\">La rencontre a \u00e9t\u00e9 organis\u00e9e par le P\u00e8re Corneille Bolenga, recteur de la Cath\u00e9drale, pour les responsables des petites communaut\u00e9s locales dans les quatre secteurs pastoraux de la ville de Basankusu. Une formation sur les \u0153uvres de mis\u00e9ricorde (corporelles et spirituelles) a \u00e9t\u00e9 propos\u00e9e \u00e0 plus de 100 personnes. \u00c0 cette occasion, le foulard de spazio + spadoni a \u00e9t\u00e9 distribu\u00e9. Les participants ont manifest\u00e9 un grand int\u00e9r\u00eat pour la formation.   <\/p>\n\n\n\n<figure class=\"wp-block-gallery has-nested-images columns-1 is-cropped ss-lightbox wp-block-gallery-2 is-layout-flex wp-block-gallery-is-layout-flex\">\n\n<figure class=\"wp-block-image size-large\"><img decoding=\"async\" src=\"https:\/\/spaziospadoni.org\/wp-content\/uploads\/2026\/05\/2026_gennaio_suor_felicita_congo_incontro_diocesi_basankuso_opere_misericordia_operam_spazio_spadoni.jpeg\" alt=\"2026 janvier s&#x153;ur f&#xE9;licit&#xE9; congo rencontre dioc&#xE8;se basankusu &#x153;uvres de mis&#xE9;ricorde opera m spazio + spadoni\"\/><figcaption class=\"wp-element-caption\">14 janvier | Rencontre OPERA M Dioc\u00e8se<\/figcaption><\/figure>\n\n<\/figure>\n\n\n<\/div>\n\n\n\n\n<div class=\"ss-timeline-item\">\n\n<h4 id=\"2-mars-congregation-dans-opera-m\" class=\"gb-text\">2 mars | Congr\u00e9gation dans OPERA M<\/h4>\n\n\n\n\n<p class=\"wp-block-paragraph\">S\u0153ur F\u00e9licit\u00e9 envoie une liste de s\u0153urs qui, pour chacune de leurs communaut\u00e9s, s&rsquo;occuperont de diffuser les \u0153uvres de mis\u00e9ricorde. Liste des Consules. <\/p>\n\n\n<\/div>\n\n\n\n\n<div class=\"ss-timeline-item\">\n\n<h4 id=\"25-mars-comite-forum\" class=\"gb-text\">25 mars | Comit\u00e9 Forum<\/h4>\n\n\n\n\n<p class=\"wp-block-paragraph\">S\u0153ur F\u00e9licit\u00e9 pr\u00e9sente le comit\u00e9 qui s&rsquo;occupera d&rsquo;organiser le Forum des \u0153uvres de mis\u00e9ricorde dans le dioc\u00e8se de Basankusu<\/p>\n\n\n<\/div>\n\n\n\n\n<div class=\"ss-timeline-item\">\n\n<h4 id=\"12-avril-realisation-des-foulards\" class=\"gb-text\">12 avril | R\u00e9alisation des foulards<\/h4>\n\n\n\n\n<p class=\"wp-block-paragraph\">Des foulards ont \u00e9t\u00e9 r\u00e9alis\u00e9s pour \u00eatre distribu\u00e9s aux habitants de spazio + spadoni<\/p>\n\n\n\n<figure class=\"wp-block-gallery has-nested-images columns-1 is-cropped ss-lightbox wp-block-gallery-3 is-layout-flex wp-block-gallery-is-layout-flex\">\n\n<figure class=\"wp-block-image size-large\"><img decoding=\"async\" src=\"https:\/\/spaziospadoni.org\/wp-content\/uploads\/2026\/05\/2026_12_aprile_foulard_spazio_spadoni_abitanti_basankusu_congo_suor_felicite_opere_misericordia_operam-1.jpeg\" alt=\"2026 12 avril foulard spazio + spadoni habitants basankusu congo s&#x153;ur f&#xE9;licit&#xE9; &#x153;uvres de mis&#xE9;ricorde opera m 1\"\/><figcaption class=\"wp-element-caption\">12 avril | R\u00e9alisation des foulards<\/figcaption><\/figure>\n\n<\/figure>\n\n\n<\/div>\n\n\n\n\n<div class=\"ss-timeline-item\">\n\n<h4 id=\"13-mai-formation-des-novices\" class=\"gb-text\">13 mai | Formation des novices<\/h4>\n\n\n\n\n<p class=\"wp-block-paragraph\">S\u0153ur Baudouine Ekomba, Ambassadrice de la Mis\u00e9ricorde, anime une formation pour les novices sur la r\u00e9Evolution des \u0153uvres de mis\u00e9ricorde. Elles partiront bient\u00f4t pour leurs stages dans les diff\u00e9rentes communaut\u00e9s, o\u00f9 elles partageront la formation re\u00e7ue. <\/p>\n\n\n\n<figure class=\"wp-block-gallery has-nested-images columns-1 is-cropped ss-lightbox wp-block-gallery-4 is-layout-flex wp-block-gallery-is-layout-flex\">\n\n<figure class=\"wp-block-image size-large\"><img decoding=\"async\" src=\"https:\/\/spaziospadoni.org\/wp-content\/uploads\/2026\/05\/2026_maggio_13_suor_felicite_ambasciatrice_opere_misericordia_formazione_novizie_congo_spazio_spadoni_operam-3.jpeg\" alt=\"2026 mai 13 s&#x153;ur f&#xE9;licit&#xE9; ambassadrice &#x153;uvres de mis&#xE9;ricorde formation novices congo spazio + spadoni opera m 3\"\/><figcaption class=\"wp-element-caption\">13 mai | Formation des novices<\/figcaption><\/figure>\n\n<\/figure>\n\n\n<\/div>\n\n\n<\/div>\n\n\n<\/div>\n\n\n\n<div class=\"ss-project-reports\">\n<h2 id=\"rapport-des-oeuvres-de-misericorde\" class=\"gb-text gb-text-75c3218d\">Rapport des \u0152uvres de Mis\u00e9ricorde<\/h2>\n\n\n<ul class=\"wp-block-list ss-report-list\">\n\n<li><a href=\"https:\/\/spaziospadoni.org\/wp-content\/uploads\/2026\/05\/Progetto-Impresa-Sociale-Soeurs-de-Sainte-Therese-de-lEnfant-Jesus-de-Basankusu.pdf\" target=\"_blank\" rel=\"noreferrer noopener\" title=\"Projet d&rsquo;Entreprise Sociale &#8211; S\u0153urs de Sainte Th\u00e9r\u00e8se de l\u2019Enfant J\u00e9sus de Basankusu\">Projet d&rsquo;Entreprise Sociale &#8211; S\u0153urs de Sainte Th\u00e9r\u00e8se de l\u2019Enfant J\u00e9sus de Basankusu<\/a><\/li>\n\n<\/ul>\n\n<\/div>\n\n\n\n<div class=\"ss-project-media\">\n<h2 id=\"photos-et-videos\" class=\"gb-text gb-text-d7bd8be8\">Photos et vid\u00e9os<\/h2>\n\n\n<div class=\"ss-media-filters\">\n\n<a class=\"gb-text ss-media-filter active\" data-filter=\"*\" title=\"Tout\">Tout<\/a>\n\n\n<a class=\"gb-text ss-media-filter\" data-filter=\".italia\" title=\"Italie\">Italie<\/a>\n\n\n<a class=\"gb-text ss-media-filter\" data-filter=\".basankusu\" title=\"Basankusu\">Basankusu<\/a>\n\n<\/div>\n\n\n<div class=\"ss-media-grid\">\n<div>\n<figure class=\"wp-block-gallery has-nested-images columns-1 is-cropped ss-lightbox wp-block-gallery-5 is-layout-flex wp-block-gallery-is-layout-flex\">\n\n<figure class=\"wp-block-image size-large italia\"><img decoding=\"async\" alt=\"2025 octobre s&#x153;ur f&#xE9;licit&#xE9; luigi spadoni rome rencontre formation &#x153;uvres de mis&#xE9;ricorde opera m 4\" src=\"https:\/\/spaziospadoni.org\/wp-content\/uploads\/2026\/05\/2025_ottobre_suor_felicite_luigi_spadoni_roma_incontro_formazione_opere_misericordia_operam-4.jpg\"\/><\/figure>\n\n\n<figure class=\"wp-block-image size-large italia\"><img decoding=\"async\" alt=\"2025 octobre s&#x153;ur f&#xE9;licit&#xE9; luigi spadoni rome rencontre formation &#x153;uvres de mis&#xE9;ricorde opera m 3\" src=\"https:\/\/spaziospadoni.org\/wp-content\/uploads\/2026\/05\/2025_ottobre_suor_felicite_luigi_spadoni_roma_incontro_formazione_opere_misericordia_operam-3.jpg\"\/><\/figure>\n\n\n<figure class=\"wp-block-image size-large basankusu\"><img decoding=\"async\" alt=\"2026 janvier s&#x153;ur f&#xE9;licit&#xE9; congo rencontre dioc&#xE8;se basankusu &#x153;uvres de mis&#xE9;ricorde opera m spazio + spadoni\" src=\"https:\/\/spaziospadoni.org\/wp-content\/uploads\/2026\/05\/2026_gennaio_suor_felicita_congo_incontro_diocesi_basankuso_opere_misericordia_operam_spazio_spadoni.jpeg\"\/><\/figure>\n\n\n<figure class=\"wp-block-image size-large basankusu\"><img decoding=\"async\" alt=\"2026 12 avril foulard spazio + spadoni habitants basankusu congo s&#x153;ur f&#xE9;licit&#xE9; &#x153;uvres de mis&#xE9;ricorde opera m 5\" src=\"https:\/\/spaziospadoni.org\/wp-content\/uploads\/2026\/05\/2026_12_aprile_foulard_spazio_spadoni_abitanti_basankusu_congo_suor_felicite_opere_misericordia_operam-5.jpeg\"\/><\/figure>\n\n\n<figure class=\"wp-block-image size-large basankusu\"><img decoding=\"async\" alt=\"2026 12 avril foulard spazio + spadoni habitants basankusu congo s&#x153;ur f&#xE9;licit&#xE9; &#x153;uvres de mis&#xE9;ricorde opera m 1\" src=\"https:\/\/spaziospadoni.org\/wp-content\/uploads\/2026\/05\/2026_12_aprile_foulard_spazio_spadoni_abitanti_basankusu_congo_suor_felicite_opere_misericordia_operam-1.jpeg\"\/><\/figure>\n\n\n<figure class=\"wp-block-image size-large basankusu\"><img decoding=\"async\" alt=\"2026 12 avril foulard spazio + spadoni habitants basankusu congo s&#x153;ur f&#xE9;licit&#xE9; &#x153;uvres de mis&#xE9;ricorde opera m 4\" src=\"https:\/\/spaziospadoni.org\/wp-content\/uploads\/2026\/05\/2026_12_aprile_foulard_spazio_spadoni_abitanti_basankusu_congo_suor_felicite_opere_misericordia_operam-4.jpeg\"\/><\/figure>\n\n\n<figure class=\"wp-block-image size-large basankusu\"><img decoding=\"async\" alt=\"2026 12 avril foulard spazio + spadoni habitants basankusu congo s&#x153;ur f&#xE9;licit&#xE9; &#x153;uvres de mis&#xE9;ricorde opera m 3\" src=\"https:\/\/spaziospadoni.org\/wp-content\/uploads\/2026\/05\/2026_12_aprile_foulard_spazio_spadoni_abitanti_basankusu_congo_suor_felicite_opere_misericordia_operam-3.jpeg\"\/><\/figure>\n\n\n<figure class=\"wp-block-image size-large basankusu\"><img decoding=\"async\" alt=\"2026 12 avril foulard spazio + spadoni habitants basankusu congo s&#x153;ur f&#xE9;licit&#xE9; &#x153;uvres de mis&#xE9;ricorde opera m 6\" src=\"https:\/\/spaziospadoni.org\/wp-content\/uploads\/2026\/05\/2026_12_aprile_foulard_spazio_spadoni_abitanti_basankusu_congo_suor_felicite_opere_misericordia_operam-6.jpeg\"\/><\/figure>\n\n\n<figure class=\"wp-block-image size-large basankusu\"><img decoding=\"async\" alt=\"2026 12 avril foulard spazio + spadoni habitants basankusu congo s&#x153;ur f&#xE9;licit&#xE9; &#x153;uvres de mis&#xE9;ricorde opera m 7\" src=\"https:\/\/spaziospadoni.org\/wp-content\/uploads\/2026\/05\/2026_12_aprile_foulard_spazio_spadoni_abitanti_basankusu_congo_suor_felicite_opere_misericordia_operam-7.jpeg\"\/><\/figure>\n\n\n<figure class=\"wp-block-image size-large basankusu\"><img decoding=\"async\" alt=\"2026 mai 13 s&#x153;ur f&#xE9;licit&#xE9; ambassadrice &#x153;uvres de mis&#xE9;ricorde formation novices congo spazio + spadoni opera m 1\" src=\"https:\/\/spaziospadoni.org\/wp-content\/uploads\/2026\/05\/2026_maggio_13_suor_felicite_ambasciatrice_opere_misericordia_formazione_novizie_congo_spazio_spadoni_operam-1.jpeg\"\/><\/figure>\n\n\n<figure class=\"wp-block-image size-large basankusu\"><img decoding=\"async\" alt=\"2026 mai 13 s&#x153;ur f&#xE9;licit&#xE9; ambassadrice &#x153;uvres de mis&#xE9;ricorde formation novices congo spazio + spadoni opera m 2\" src=\"https:\/\/spaziospadoni.org\/wp-content\/uploads\/2026\/05\/2026_maggio_13_suor_felicite_ambasciatrice_opere_misericordia_formazione_novizie_congo_spazio_spadoni_operam-2.jpeg\"\/><\/figure>\n\n\n<figure class=\"wp-block-image size-large basankusu\"><img decoding=\"async\" alt=\"2026 mai 13 s&#x153;ur f&#xE9;licit&#xE9; ambassadrice &#x153;uvres de mis&#xE9;ricorde formation novices congo spazio + spadoni opera m 3\" src=\"https:\/\/spaziospadoni.org\/wp-content\/uploads\/2026\/05\/2026_maggio_13_suor_felicite_ambasciatrice_opere_misericordia_formazione_novizie_congo_spazio_spadoni_operam-3.jpeg\"\/><\/figure>\n\n\n<figure class=\"wp-block-image size-large basankusu\"><img decoding=\"async\" alt=\"2026 mai 13 s&#x153;ur f&#xE9;licit&#xE9; ambassadrice &#x153;uvres de mis&#xE9;ricorde formation novices congo spazio + spadoni opera m 4\" src=\"https:\/\/spaziospadoni.org\/wp-content\/uploads\/2026\/05\/2026_maggio_13_suor_felicite_ambasciatrice_opere_misericordia_formazione_novizie_congo_spazio_spadoni_operam-4.jpeg\"\/><\/figure>\n\n<\/figure>\n\n<\/div>\n\n<\/div>\n\n<\/div>\n\n","protected":false},"excerpt":{"rendered":"<p>Basankusu | Basankusu (R\u00e9publique D\u00e9mocratique du Congo) OPERA M44 MISSION Lieu Basankusu Dioc\u00e8se Basankusu Nation R\u00e9publique d\u00e9mocratique du Congo Continent Afrique Coordonn\u00e9es GPS 1.21725 19.80178 Fuseau horaire UTC+1 ORGANISATEUR Congr\u00e9gation S\u0153urs de Sainte Th\u00e9r\u00e8se de l&rsquo;Enfant J\u00e9sus de Basankusu Maison M\u00e8re Basankusu Dioc\u00e8se Basankusu Nation R\u00e9publique d\u00e9mocratique du Congo Continent Afrique F\u00eate de la Congr\u00e9gation &#8230; <a title=\"R\u00e9publique D\u00e9mocratique du Congo &#8211; Afrique | Projet M44\" class=\"read-more\" href=\"https:\/\/spaziospadoni.org\/fr\/opera-m\/republique-democratique-du-congo-afrique-projet-m44\/\" aria-label=\"Read more about R\u00e9publique D\u00e9mocratique du Congo &#8211; Afrique | Projet M44\">Lire plus<\/a><\/p>\n","protected":false},"author":102,"featured_media":0,"parent":89581,"menu_order":0,"comment_status":"closed","ping_status":"closed","template":"","meta":{"_sitemap_exclude":false,"_sitemap_priority":"","_sitemap_frequency":"","footnotes":""},"class_list":["post-59538","page","type-page","status-publish","infinite-scroll-item"],"yoast_head":"<!-- This site is optimized with the Yoast SEO plugin v28.4 - https:\/\/yoast.com\/product\/yoast-seo-wordpress\/ -->\n<title>R\u00e9publique D\u00e9mocratique du Congo - Afrique | Projet M44 | Spazio Spadoni<\/title>\n<meta name=\"description\" content=\"Basankusu | Basankusu (R\u00e9publique D\u00e9mocratique du Congo) OPERA M44 MISSION Lieu Basankusu Dioc\u00e8se Basankusu Nation R\u00e9publique d\u00e9mocratique du Congo\" \/>\n<meta name=\"robots\" content=\"index, follow, max-snippet:-1, max-image-preview:large, max-video-preview:-1\" \/>\n<link rel=\"canonical\" href=\"https:\/\/spaziospadoni.org\/fr\/opera-m\/republique-democratique-du-congo-afrique-projet-m44\/\" \/>\n<meta property=\"og:locale\" content=\"fr_FR\" \/>\n<meta property=\"og:type\" content=\"article\" \/>\n<meta property=\"og:title\" content=\"R\u00e9publique D\u00e9mocratique du Congo - Afrique | Projet M44 | Spazio Spadoni\" \/>\n<meta property=\"og:description\" content=\"Basankusu | Basankusu (R\u00e9publique D\u00e9mocratique du Congo) OPERA M44 MISSION Lieu Basankusu Dioc\u00e8se Basankusu Nation R\u00e9publique d\u00e9mocratique du Congo\" \/>\n<meta property=\"og:url\" content=\"https:\/\/spaziospadoni.org\/fr\/opera-m\/republique-democratique-du-congo-afrique-projet-m44\/\" \/>\n<meta property=\"og:site_name\" content=\"spazio + spadoni\" \/>\n<meta property=\"article:publisher\" content=\"https:\/\/www.facebook.com\/SpazioSpadoni\/\" \/>\n<meta property=\"article:modified_time\" content=\"2026-08-17T11:21:35+00:00\" \/>\n<meta property=\"og:image\" content=\"https:\/\/spaziospadoni.org\/wp-content\/uploads\/2026\/05\/hicsum_1_congo-spaziospadoni-scaled.png\" \/>\n\t<meta property=\"og:image:width\" content=\"2560\" \/>\n\t<meta property=\"og:image:height\" content=\"1771\" \/>\n\t<meta property=\"og:image:type\" content=\"image\/png\" \/>\n<meta name=\"twitter:card\" content=\"summary_large_image\" \/>\n<meta name=\"twitter:label1\" content=\"Est. reading time\" \/>\n\t<meta name=\"twitter:data1\" content=\"4 minutes\" \/>\n<script type=\"application\/ld+json\" class=\"yoast-schema-graph\">{\"@context\":\"https:\\\/\\\/schema.org\",\"@graph\":[{\"@type\":\"WebPage\",\"@id\":\"https:\\\/\\\/spaziospadoni.org\\\/fr\\\/opera-m\\\/republique-democratique-du-congo-afrique-projet-m44\\\/\",\"url\":\"https:\\\/\\\/spaziospadoni.org\\\/fr\\\/opera-m\\\/republique-democratique-du-congo-afrique-projet-m44\\\/\",\"name\":\"R\u00e9publique D\u00e9mocratique du Congo - Afrique | Projet M44 | Spazio Spadoni\",\"isPartOf\":{\"@id\":\"https:\\\/\\\/spaziospadoni.org\\\/fr\\\/#website\"},\"primaryImageOfPage\":{\"@id\":\"https:\\\/\\\/spaziospadoni.org\\\/fr\\\/opera-m\\\/republique-democratique-du-congo-afrique-projet-m44\\\/#primaryimage\"},\"image\":{\"@id\":\"https:\\\/\\\/spaziospadoni.org\\\/fr\\\/opera-m\\\/republique-democratique-du-congo-afrique-projet-m44\\\/#primaryimage\"},\"thumbnailUrl\":\"https:\\\/\\\/spaziospadoni.org\\\/wp-content\\\/uploads\\\/2026\\\/05\\\/hicsum_1_congo-spaziospadoni.png\",\"datePublished\":\"2026-05-18T13:20:26+00:00\",\"dateModified\":\"2026-08-17T11:21:35+00:00\",\"description\":\"Basankusu | Basankusu (R\u00e9publique D\u00e9mocratique du Congo) OPERA M44 MISSION Lieu Basankusu Dioc\u00e8se Basankusu Nation R\u00e9publique d\u00e9mocratique du Congo\",\"breadcrumb\":{\"@id\":\"https:\\\/\\\/spaziospadoni.org\\\/fr\\\/opera-m\\\/republique-democratique-du-congo-afrique-projet-m44\\\/#breadcrumb\"},\"inLanguage\":\"fr-FR\",\"potentialAction\":[{\"@type\":\"ReadAction\",\"target\":[\"https:\\\/\\\/spaziospadoni.org\\\/fr\\\/opera-m\\\/republique-democratique-du-congo-afrique-projet-m44\\\/\"]}]},{\"@type\":\"ImageObject\",\"inLanguage\":\"fr-FR\",\"@id\":\"https:\\\/\\\/spaziospadoni.org\\\/fr\\\/opera-m\\\/republique-democratique-du-congo-afrique-projet-m44\\\/#primaryimage\",\"url\":\"https:\\\/\\\/spaziospadoni.org\\\/wp-content\\\/uploads\\\/2026\\\/05\\\/hicsum_1_congo-spaziospadoni.png\",\"contentUrl\":\"https:\\\/\\\/spaziospadoni.org\\\/wp-content\\\/uploads\\\/2026\\\/05\\\/hicsum_1_congo-spaziospadoni.png\"},{\"@type\":\"BreadcrumbList\",\"@id\":\"https:\\\/\\\/spaziospadoni.org\\\/fr\\\/opera-m\\\/republique-democratique-du-congo-afrique-projet-m44\\\/#breadcrumb\",\"itemListElement\":[{\"@type\":\"ListItem\",\"position\":1,\"name\":\"Home\",\"item\":\"https:\\\/\\\/spaziospadoni.org\\\/fr\\\/\"},{\"@type\":\"ListItem\",\"position\":2,\"name\":\"Opera M\",\"item\":\"https:\\\/\\\/spaziospadoni.org\\\/fr\\\/opera-m\\\/\"},{\"@type\":\"ListItem\",\"position\":3,\"name\":\"R\u00e9publique D\u00e9mocratique du Congo &#8211; Afrique | Projet M44\"}]},{\"@type\":\"WebSite\",\"@id\":\"https:\\\/\\\/spaziospadoni.org\\\/fr\\\/#website\",\"url\":\"https:\\\/\\\/spaziospadoni.org\\\/fr\\\/\",\"name\":\"spazio + spadoni\",\"description\":\"Generazione di misericordia e missione nel mondo\",\"publisher\":{\"@id\":\"https:\\\/\\\/spaziospadoni.org\\\/fr\\\/#organization\"},\"alternateName\":\"spaziospadoni.org\",\"potentialAction\":[{\"@type\":\"SearchAction\",\"target\":{\"@type\":\"EntryPoint\",\"urlTemplate\":\"https:\\\/\\\/spaziospadoni.org\\\/fr\\\/?s={search_term_string}\"},\"query-input\":{\"@type\":\"PropertyValueSpecification\",\"valueRequired\":true,\"valueName\":\"search_term_string\"}}],\"inLanguage\":\"fr-FR\"},{\"@type\":\"Organization\",\"@id\":\"https:\\\/\\\/spaziospadoni.org\\\/fr\\\/#organization\",\"name\":\"spazio + spadoni\",\"alternateName\":\"spaziospadoni.org\",\"url\":\"https:\\\/\\\/spaziospadoni.org\\\/fr\\\/\",\"logo\":{\"@type\":\"ImageObject\",\"inLanguage\":\"fr-FR\",\"@id\":\"https:\\\/\\\/spaziospadoni.org\\\/fr\\\/#\\\/schema\\\/logo\\\/image\\\/\",\"url\":\"https:\\\/\\\/spaziospadoni.org\\\/wp-content\\\/uploads\\\/2026\\\/05\\\/spazio-spadoni-logo-100x100-1.webp\",\"contentUrl\":\"https:\\\/\\\/spaziospadoni.org\\\/wp-content\\\/uploads\\\/2026\\\/05\\\/spazio-spadoni-logo-100x100-1.webp\",\"width\":100,\"height\":100,\"caption\":\"spazio + spadoni\"},\"image\":{\"@id\":\"https:\\\/\\\/spaziospadoni.org\\\/fr\\\/#\\\/schema\\\/logo\\\/image\\\/\"},\"sameAs\":[\"https:\\\/\\\/www.facebook.com\\\/SpazioSpadoni\\\/\",\"https:\\\/\\\/www.instagram.com\\\/spaziospadoni\\\/\",\"https:\\\/\\\/www.youtube.com\\\/@spaziospadoni\\\/playlists\"]}]}<\/script>\n<!-- \/ Yoast SEO plugin. -->","yoast_head_json":{"title":"R\u00e9publique D\u00e9mocratique du Congo - Afrique | Projet M44 | Spazio Spadoni","description":"Basankusu | Basankusu (R\u00e9publique D\u00e9mocratique du Congo) OPERA M44 MISSION Lieu Basankusu Dioc\u00e8se Basankusu Nation R\u00e9publique d\u00e9mocratique du Congo","robots":{"index":"index","follow":"follow","max-snippet":"max-snippet:-1","max-image-preview":"max-image-preview:large","max-video-preview":"max-video-preview:-1"},"canonical":"https:\/\/spaziospadoni.org\/fr\/opera-m\/republique-democratique-du-congo-afrique-projet-m44\/","og_locale":"fr_FR","og_type":"article","og_title":"R\u00e9publique D\u00e9mocratique du Congo - Afrique | Projet M44 | Spazio Spadoni","og_description":"Basankusu | Basankusu (R\u00e9publique D\u00e9mocratique du Congo) OPERA M44 MISSION Lieu Basankusu Dioc\u00e8se Basankusu Nation R\u00e9publique d\u00e9mocratique du Congo","og_url":"https:\/\/spaziospadoni.org\/fr\/opera-m\/republique-democratique-du-congo-afrique-projet-m44\/","og_site_name":"spazio + spadoni","article_publisher":"https:\/\/www.facebook.com\/SpazioSpadoni\/","article_modified_time":"2026-08-17T11:21:35+00:00","og_image":[{"width":2560,"height":1771,"url":"https:\/\/spaziospadoni.org\/wp-content\/uploads\/2026\/05\/hicsum_1_congo-spaziospadoni-scaled.png","type":"image\/png"}],"twitter_card":"summary_large_image","twitter_misc":{"Est. reading time":"4 minutes"},"schema":{"@context":"https:\/\/schema.org","@graph":[{"@type":"WebPage","@id":"https:\/\/spaziospadoni.org\/fr\/opera-m\/republique-democratique-du-congo-afrique-projet-m44\/","url":"https:\/\/spaziospadoni.org\/fr\/opera-m\/republique-democratique-du-congo-afrique-projet-m44\/","name":"R\u00e9publique D\u00e9mocratique du Congo - Afrique | Projet M44 | Spazio Spadoni","isPartOf":{"@id":"https:\/\/spaziospadoni.org\/fr\/#website"},"primaryImageOfPage":{"@id":"https:\/\/spaziospadoni.org\/fr\/opera-m\/republique-democratique-du-congo-afrique-projet-m44\/#primaryimage"},"image":{"@id":"https:\/\/spaziospadoni.org\/fr\/opera-m\/republique-democratique-du-congo-afrique-projet-m44\/#primaryimage"},"thumbnailUrl":"https:\/\/spaziospadoni.org\/wp-content\/uploads\/2026\/05\/hicsum_1_congo-spaziospadoni.png","datePublished":"2026-05-18T13:20:26+00:00","dateModified":"2026-08-17T11:21:35+00:00","description":"Basankusu | Basankusu (R\u00e9publique D\u00e9mocratique du Congo) OPERA M44 MISSION Lieu Basankusu Dioc\u00e8se Basankusu Nation R\u00e9publique d\u00e9mocratique du Congo","breadcrumb":{"@id":"https:\/\/spaziospadoni.org\/fr\/opera-m\/republique-democratique-du-congo-afrique-projet-m44\/#breadcrumb"},"inLanguage":"fr-FR","potentialAction":[{"@type":"ReadAction","target":["https:\/\/spaziospadoni.org\/fr\/opera-m\/republique-democratique-du-congo-afrique-projet-m44\/"]}]},{"@type":"ImageObject","inLanguage":"fr-FR","@id":"https:\/\/spaziospadoni.org\/fr\/opera-m\/republique-democratique-du-congo-afrique-projet-m44\/#primaryimage","url":"https:\/\/spaziospadoni.org\/wp-content\/uploads\/2026\/05\/hicsum_1_congo-spaziospadoni.png","contentUrl":"https:\/\/spaziospadoni.org\/wp-content\/uploads\/2026\/05\/hicsum_1_congo-spaziospadoni.png"},{"@type":"BreadcrumbList","@id":"https:\/\/spaziospadoni.org\/fr\/opera-m\/republique-democratique-du-congo-afrique-projet-m44\/#breadcrumb","itemListElement":[{"@type":"ListItem","position":1,"name":"Home","item":"https:\/\/spaziospadoni.org\/fr\/"},{"@type":"ListItem","position":2,"name":"Opera M","item":"https:\/\/spaziospadoni.org\/fr\/opera-m\/"},{"@type":"ListItem","position":3,"name":"R\u00e9publique D\u00e9mocratique du Congo &#8211; Afrique | Projet M44"}]},{"@type":"WebSite","@id":"https:\/\/spaziospadoni.org\/fr\/#website","url":"https:\/\/spaziospadoni.org\/fr\/","name":"spazio + spadoni","description":"Generazione di misericordia e missione nel mondo","publisher":{"@id":"https:\/\/spaziospadoni.org\/fr\/#organization"},"alternateName":"spaziospadoni.org","potentialAction":[{"@type":"SearchAction","target":{"@type":"EntryPoint","urlTemplate":"https:\/\/spaziospadoni.org\/fr\/?s={search_term_string}"},"query-input":{"@type":"PropertyValueSpecification","valueRequired":true,"valueName":"search_term_string"}}],"inLanguage":"fr-FR"},{"@type":"Organization","@id":"https:\/\/spaziospadoni.org\/fr\/#organization","name":"spazio + spadoni","alternateName":"spaziospadoni.org","url":"https:\/\/spaziospadoni.org\/fr\/","logo":{"@type":"ImageObject","inLanguage":"fr-FR","@id":"https:\/\/spaziospadoni.org\/fr\/#\/schema\/logo\/image\/","url":"https:\/\/spaziospadoni.org\/wp-content\/uploads\/2026\/05\/spazio-spadoni-logo-100x100-1.webp","contentUrl":"https:\/\/spaziospadoni.org\/wp-content\/uploads\/2026\/05\/spazio-spadoni-logo-100x100-1.webp","width":100,"height":100,"caption":"spazio + spadoni"},"image":{"@id":"https:\/\/spaziospadoni.org\/fr\/#\/schema\/logo\/image\/"},"sameAs":["https:\/\/www.facebook.com\/SpazioSpadoni\/","https:\/\/www.instagram.com\/spaziospadoni\/","https:\/\/www.youtube.com\/@spaziospadoni\/playlists"]}]}},"_links":{"self":[{"href":"https:\/\/spaziospadoni.org\/fr\/wp-json\/wp\/v2\/pages\/59538","targetHints":{"allow":["GET"]}}],"collection":[{"href":"https:\/\/spaziospadoni.org\/fr\/wp-json\/wp\/v2\/pages"}],"about":[{"href":"https:\/\/spaziospadoni.org\/fr\/wp-json\/wp\/v2\/types\/page"}],"author":[{"embeddable":true,"href":"https:\/\/spaziospadoni.org\/fr\/wp-json\/wp\/v2\/users\/102"}],"replies":[{"embeddable":true,"href":"https:\/\/spaziospadoni.org\/fr\/wp-json\/wp\/v2\/comments?post=59538"}],"version-history":[{"count":2,"href":"https:\/\/spaziospadoni.org\/fr\/wp-json\/wp\/v2\/pages\/59538\/revisions"}],"predecessor-version":[{"id":90319,"href":"https:\/\/spaziospadoni.org\/fr\/wp-json\/wp\/v2\/pages\/59538\/revisions\/90319"}],"up":[{"embeddable":true,"href":"https:\/\/spaziospadoni.org\/fr\/wp-json\/wp\/v2\/pages\/89581"}],"wp:attachment":[{"href":"https:\/\/spaziospadoni.org\/fr\/wp-json\/wp\/v2\/media?parent=59538"}],"curies":[{"name":"wp","href":"https:\/\/api.w.org\/{rel}","templated":true}]}}