{"id":59605,"date":"2026-05-18T14:30:43","date_gmt":"2026-05-18T13:30:43","guid":{"rendered":"https:\/\/spaziospadoni.org\/oeuvres-de-misericorde\/republique-democratique-du-congo-afrique-projet-m8\/"},"modified":"2026-08-17T12:21:54","modified_gmt":"2026-08-17T11:21:54","slug":"republique-democratique-du-congo-afrique-projet-m8","status":"publish","type":"page","link":"https:\/\/spaziospadoni.org\/fr\/opera-m\/republique-democratique-du-congo-afrique-projet-m8\/","title":{"rendered":"R\u00e9publique D\u00e9mocratique du Congo &#8211; Afrique | Projet M8"},"content":{"rendered":"\n<div class=\"ss-project-hero-card\">\n<h2 id=\"isiro-isiro-republique-democratique-du-congo\" class=\"gb-text gb-text-62a95885\">Isiro | Isiro (R\u00e9publique D\u00e9mocratique du Congo)<\/h2>\n\n\n\n<div class=\"gb-element-f60f2409\">\n<div class=\"gb-element-90a85740 ss-project-sidebar\">\n<h2 id=\"opera-m8\" class=\"gb-text ss-project-title\">OPERA M8<\/h2>\n\n\n\n<figure class=\"wp-block-image size-large\"><img decoding=\"async\" src=\"https:\/\/spaziospadoni.org\/wp-content\/uploads\/2026\/05\/hicsum_16_congo-spaziospadoni-1-1024x709.png\" alt=\"hicsum 16 congo spaziospadoni 1 1024x709\" class=\"wp-image-43007\"\/><\/figure>\n\n\n\n<div class=\"ss-project-table\">\n<div class=\"ss-table-section-title\">\n<h3 id=\"mission\" class=\"gb-text\">MISSION<\/h3>\n<\/div>\n\n\n\n<div class=\"ss-table-row\">\n<p class=\"gb-text\">Lieu<\/p>\n\n\n\n<p class=\"gb-text\"><a href=\"https:\/\/www.google.it\/maps\/place\/Isiro,+Repubblica+Democratica+del+Congo\/@2.7721069,27.6002309,14z\/data=!3m1!4b1!4m6!3m5!1s0x1743a0e84ebef593:0xfe64bab5f64b6c62!8m2!3d2.7722364!4d27.6082774!16zL20vMGJmcjNu?entry=ttu&#038;g_ep=EgoyMDI1MDMyNS4xIKXMDSoJLDEwMjExNjM5SAFQAw%3D%3D\" rel=\"noreferrer noopener\" target=\"_blank\" title=\"Isiro\">Isiro<\/a><\/p>\n<\/div>\n\n\n\n<div class=\"ss-table-row\">\n<p class=\"gb-text\">Dioc\u00e8se<\/p>\n\n\n\n<p class=\"gb-text\">Isiro<\/p>\n<\/div>\n\n\n\n<div class=\"ss-table-row\">\n<p class=\"gb-text\">Nation<\/p>\n\n\n\n<p class=\"gb-text\"><strong>R\u00e9publique d\u00e9mocratique du Congo<\/strong><\/p>\n<\/div>\n\n\n\n<div class=\"ss-table-row\">\n<p class=\"gb-text\">Continent<\/p>\n\n\n\n<p class=\"gb-text\">Afrique<\/p>\n<\/div>\n\n\n\n<div class=\"ss-table-row\">\n<p class=\"gb-text\">Coordonn\u00e9es GPS<\/p>\n\n\n\n<p class=\"gb-text\">2.462388 27.37066<\/p>\n<\/div>\n\n\n\n<div class=\"ss-table-row\">\n<p class=\"gb-text\">Fuseau horaire<\/p>\n\n\n\n<p class=\"gb-text\">UTC+2<\/p>\n<\/div>\n<\/div>\n\n\n\n<div class=\"ss-project-table\">\n<div class=\"ss-table-section-title\">\n<h3 id=\"organisateur\" class=\"gb-text\">ORGANISATEUR<\/h3>\n<\/div>\n\n\n\n<div class=\"ss-table-row\">\n<p class=\"gb-text\">Congr\u00e9gation<\/p>\n\n\n\n<p class=\"gb-text\">S\u0153urs Dominicaines Filles de Sainte Catherine de Sienne<\/p>\n<\/div>\n\n\n\n<div class=\"ss-table-row\">\n<p class=\"gb-text\">Maison M\u00e8re<\/p>\n\n\n\n<p class=\"gb-text\">Isiro<\/p>\n<\/div>\n\n\n\n<div class=\"ss-table-row\">\n<p class=\"gb-text\">Dioc\u00e8se<\/p>\n\n\n\n<p class=\"gb-text\">Isiro-Niangara<\/p>\n<\/div>\n\n\n\n<div class=\"ss-table-row\">\n<p class=\"gb-text\">Nation<\/p>\n\n\n\n<p class=\"gb-text\">R\u00e9publique d\u00e9mocratique du Congo<\/p>\n<\/div>\n\n\n\n<div class=\"ss-table-row\">\n<p class=\"gb-text\">Continent<\/p>\n\n\n\n<p class=\"gb-text\">Afrique<\/p>\n<\/div>\n\n\n\n<div class=\"ss-table-row\">\n<p class=\"gb-text\">F\u00eate de la Congr\u00e9gation<\/p>\n\n\n\n<p class=\"gb-text\">29 avril<\/p>\n<\/div>\n\n\n\n<div class=\"ss-table-row\">\n<p class=\"gb-text\">Coordonn\u00e9es GPS<\/p>\n\n\n\n<p class=\"gb-text\">2.462388 27.37066<\/p>\n<\/div>\n\n\n\n<div class=\"ss-table-row\">\n<p class=\"gb-text\">Fuseau horaire<\/p>\n\n\n\n<p class=\"gb-text\">UTC+2<\/p>\n<\/div>\n\n\n\n<div class=\"ss-table-row\">\n<p class=\"gb-text\">R\u00e9f\u00e9rent<\/p>\n\n\n\n<p class=\"gb-text\">S\u0153ur Perpetue Marie Tongolo Siamu<\/p>\n<\/div>\n\n\n\n<div class=\"ss-table-row\">\n<p class=\"gb-text\">M\u00e8re G\u00e9n\u00e9rale<\/p>\n\n\n\n<p class=\"gb-text\">S\u0153ur Celestine Sumanende<\/p>\n<\/div>\n\n\n\n<div class=\"ss-table-row\">\n<p class=\"gb-text\">Site Internet<\/p>\n\n\n\n<p class=\"gb-text\"><a href=\"https:\/\/www.suoresantagemma.it\/\" target=\"_blank\" rel=\"noreferrer noopener\" title=\"suoresantagemma.it\">suoresantagemma.it<\/a><\/p>\n<\/div>\n<\/div>\n\n\n\n<div class=\"ss-project-table\">\n<div class=\"ss-table-section-title\">\n<h3 id=\"spazio-reale\" class=\"gb-text\">SPAZIO REALE<\/h3>\n<\/div>\n\n\n\n<div class=\"ss-table-row\">\n<p class=\"gb-text\">Responsable du projet<\/p>\n\n\n\n<p class=\"gb-text\">S\u0153ur Perpetue Marie Tongolo Siamu<\/p>\n<\/div>\n\n\n\n<div class=\"ss-table-row\">\n<p class=\"gb-text\">Date de d\u00e9but<\/p>\n\n\n\n<p class=\"gb-text\"><\/p>\n<\/div>\n\n\n\n<div class=\"ss-table-row\">\n<p class=\"gb-text\">Typologie<\/p>\n\n\n\n<p class=\"gb-text\"><strong>Pain de mis\u00e9ricorde<\/strong><\/p>\n<\/div>\n<\/div>\n\n\n\n<div class=\"ss-project-table\">\n<a class=\"gb-element-e1766596 ss-table-section-button\" href=\"#\" title=\"OPERA M &#8211; PROJET M8\">\n<span class=\"gb-text\">OPERA M &#8211; PROJET M8<\/span>\n<\/a>\n<\/div>\n<\/div>\n<\/div>\n\n\n\n<div class=\"gb-element-6ad95ea8\">\n<div class=\"gb-element-e34063a6 ss-project-intro\">\n<p class=\"wp-block-paragraph\">OPERA M est la r\u00e9volution des \u0153uvres de mis\u00e9ricorde. C&rsquo;est l&rsquo;instrument permanent de d\u00e9veloppement d&rsquo;une pens\u00e9e forte et renouvel\u00e9e des \u0153uvres dans le monde. <\/p>\n\n\n\n<p class=\"wp-block-paragraph\">Il na\u00eet d&rsquo;une urgence fortement ressentie par spazio + spadoni de faire r\u00e9<strong>\u00c9<\/strong>voluer le concept d&rsquo;\u0153uvre de mis\u00e9ricorde comme un chemin qui est toujours \u00e0 la fois humain et divin, et donc, toujours spirituel en plus d&rsquo;\u00eatre pratique (ou corporel). La red\u00e9couverte, voire la v\u00e9ritable r\u00e9<strong>\u00c9<\/strong>volution des \u0153uvres doit \u00eatre retrouv\u00e9e au sein de cette synth\u00e8se entre aspect spirituel et acte pratique. L&rsquo;agir mat\u00e9riel doit toujours \u00eatre impr\u00e9gn\u00e9 de l&rsquo;esprit.  <\/p>\n\n\n\n<p class=\"wp-block-paragraph\">OPERA M se fonde sur cinq actions qui en d\u00e9finissent la m\u00e9thode : INVOQUE, appelle l&rsquo;Esprit \u00c9COUTE, fais silence pour t&rsquo;ouvrir \u00e0 l&rsquo;\u00e9coute RENCONTRE, sois au milieu des gens AGISSONS, agir pour les \u0153uvres INONDONS, portons tout le monde aux \u0153uvres de mis\u00e9ricorde <strong>\u0152uvres de mis\u00e9ricorde spirituelles<\/strong> Conseiller ceux qui doutent Enseigner les ignorants Avertir les p\u00e9cheurs Consoler les afflig\u00e9s Pardonner les offenses Supporter patiemment les personnes importunes Prier Dieu pour les vivants et pour les morts <strong>\u0152uvres de mis\u00e9ricorde corporelles<\/strong> Donner \u00e0 manger aux affam\u00e9s Donner \u00e0 boire aux assoiff\u00e9s V\u00eatir les nus Loger les p\u00e8lerins Visiter les malades Visiter les prisonniers Ensevelir les morts<\/p>\n\n<\/div>\n<\/div>\n\n\n\n\n<div>\n\n<h2 id=\"chronologie\" class=\"gb-text gb-text-8179e40a\">Chronologie<\/h2>\n\n\n\n\n\n<div class=\"ss-timeline\">\n\n<h3 id=\"2021\" class=\"gb-text\">2021<\/h3>\n\n\n\n\n\n<div class=\"ss-timeline-item\">\n\n<h4 id=\"janvier-debut-de-la-relation\" class=\"gb-text\">Janvier | D\u00e9but de la relation<\/h4>\n\n\n\n\n<p class=\"wp-block-paragraph\">La collaboration commence entre spazio + spadoni, la Mis\u00e9ricorde d&rsquo;Orta Nova et les S\u0153urs Dominicaines Filles de Sainte Catherine de Sienne<\/p>\n\n\n<\/div>\n\n\n\n\n<div class=\"ss-timeline-item\">\n\n<h4 id=\"15-aout-arrivee-de-la-soeur\" class=\"gb-text\">15 ao\u00fbt | Arriv\u00e9e de la s\u0153ur<\/h4>\n\n\n\n\n<p class=\"wp-block-paragraph\">S\u0153ur Perpetue arrive en Italie, accueillie par la Mis\u00e9ricorde d&rsquo;Orta Nova<\/p>\n\n\n\n<figure class=\"wp-block-gallery has-nested-images columns-1 is-cropped ss-lightbox wp-block-gallery-1 is-layout-flex wp-block-gallery-is-layout-flex\">\n\n<figure class=\"wp-block-image size-large\"><img decoding=\"async\" src=\"https:\/\/spaziospadoni.org\/wp-content\/uploads\/2026\/05\/arrivo-partenza-1-300x241.jpg\" alt=\"arriv&#xE9;e d&#xE9;part 1 300x241\"\/><figcaption class=\"wp-element-caption\">15 ao\u00fbt | Arriv\u00e9e de la s\u0153ur<\/figcaption><\/figure>\n\n<\/figure>\n\n\n<\/div>\n\n\n\n\n<div class=\"ss-timeline-item\">\n\n<h4 id=\"29-octobre-formation\" class=\"gb-text\">29 octobre | Formation<\/h4>\n\n\n\n\n<p class=\"wp-block-paragraph\">Approfondissement du projet HIC SUM et OPERA M. La formation se d\u00e9roule en ligne<\/p>\n\n\n\n<figure class=\"wp-block-gallery has-nested-images columns-1 is-cropped ss-lightbox wp-block-gallery-2 is-layout-flex wp-block-gallery-is-layout-flex\">\n\n<figure class=\"wp-block-image size-large\"><img decoding=\"async\" src=\"https:\/\/spaziospadoni.org\/wp-content\/uploads\/2026\/05\/formazione-F-sr-perpetue-copia-1-300x133.jpg\" alt=\"formation F sr perpetue copie 1 300x133\"\/><figcaption class=\"wp-element-caption\">29 octobre | Formation<\/figcaption><\/figure>\n\n<\/figure>\n\n\n<\/div>\n\n\n<\/div>\n\n\n\n\n<div class=\"ss-timeline\">\n\n<h3 id=\"2022\" class=\"gb-text\">2022<\/h3>\n\n\n\n\n\n<div class=\"ss-timeline-item\">\n\n<h4 id=\"19-janvier-formation\" class=\"gb-text\">19 janvier | Formation<\/h4>\n\n\n\n\n<p class=\"wp-block-paragraph\">Formation technique de spazio + spadoni sur le projet HIC SUM et sur les \u0153uvres de mis\u00e9ricorde aupr\u00e8s de la Mis\u00e9ricorde d&rsquo;Orta Nova<\/p>\n\n\n<\/div>\n\n\n\n\n<div class=\"ss-timeline-item\">\n\n<h4 id=\"23-fevrier-formation\" class=\"gb-text\">23 f\u00e9vrier | Formation<\/h4>\n\n\n\n\n<p class=\"wp-block-paragraph\">Formation technique de spazio + spadoni sur le projet HIC SUM et sur les \u0153uvres de mis\u00e9ricorde au Couvent de San Cerbone <\/p>\n\n\n\n<figure class=\"wp-block-gallery has-nested-images columns-1 is-cropped ss-lightbox wp-block-gallery-3 is-layout-flex wp-block-gallery-is-layout-flex\">\n\n<figure class=\"wp-block-image size-large\"><img decoding=\"async\" src=\"https:\/\/spaziospadoni.org\/wp-content\/uploads\/2026\/05\/formazione-visita-febbraio-.J-300x179.jpg\" alt=\"formation visite f&#xE9;vrier .J 300x179\"\/><figcaption class=\"wp-element-caption\">23 f\u00e9vrier | Formation<\/figcaption><\/figure>\n\n\n<figure class=\"wp-block-image size-large\"><img decoding=\"async\" src=\"https:\/\/spaziospadoni.org\/wp-content\/uploads\/2026\/05\/formazione-visita-febbraio-.JP_-1-287x300.jpg\" alt=\"formation visite f&#xE9;vrier .JP 1 287x300\"\/><figcaption class=\"wp-element-caption\">23 f\u00e9vrier | Formation<\/figcaption><\/figure>\n\n\n<figure class=\"wp-block-image size-large\"><img decoding=\"async\" src=\"https:\/\/spaziospadoni.org\/wp-content\/uploads\/2026\/05\/formazione-visita-febbraio-1-3-300x283.jpg\" alt=\"formation visite f&#xE9;vrier 1 3 300x283\"\/><figcaption class=\"wp-element-caption\">23 f\u00e9vrier | Formation<\/figcaption><\/figure>\n\n\n<figure class=\"wp-block-image size-large\"><img decoding=\"async\" src=\"https:\/\/spaziospadoni.org\/wp-content\/uploads\/2026\/05\/formazione-visita-febbraio-F-sergio-copia-1-300x141.jpg\" alt=\"formation visite f&#xE9;vrier F sergio copie 1 300x141\"\/><figcaption class=\"wp-element-caption\">23 f\u00e9vrier | Formation<\/figcaption><\/figure>\n\n\n<figure class=\"wp-block-image size-large\"><img decoding=\"async\" src=\"https:\/\/spaziospadoni.org\/wp-content\/uploads\/2026\/05\/formazione-visita-febbraio-1-4-238x300.jpg\" alt=\"formation visite f&#xE9;vrier 1 4 238x300\"\/><figcaption class=\"wp-element-caption\">23 f\u00e9vrier | Formation<\/figcaption><\/figure>\n\n\n<figure class=\"wp-block-image size-large\"><img decoding=\"async\" src=\"https:\/\/spaziospadoni.org\/wp-content\/uploads\/2026\/05\/formazione-visita-febbraio-F-tutte-e-3-copia-3-300x160.jpg\" alt=\"formation visite f&#xE9;vrier F toutes les 3 copie 3 300x160\"\/><figcaption class=\"wp-element-caption\">23 f\u00e9vrier | Formation<\/figcaption><\/figure>\n\n\n<figure class=\"wp-block-image size-large\"><img decoding=\"async\" src=\"https:\/\/spaziospadoni.org\/wp-content\/uploads\/2026\/05\/formazione-visita-febbraio-2-300x211.jpg\" alt=\"formation visite f&#xE9;vrier 2 300x211\"\/><figcaption class=\"wp-element-caption\">23 f\u00e9vrier | Formation<\/figcaption><\/figure>\n\n<\/figure>\n\n\n<\/div>\n\n\n\n\n<div class=\"ss-timeline-item\">\n\n<h4 id=\"06-mars-depart-de-la-soeur\" class=\"gb-text\">06 mars | D\u00e9part de la s\u0153ur<\/h4>\n\n\n\n\n<p class=\"wp-block-paragraph\">S\u0153ur Perpetue retourne \u00e0 Isiro en R\u00e9publique D\u00e9mocratique du Congo<\/p>\n\n\n\n<figure class=\"wp-block-gallery has-nested-images columns-1 is-cropped ss-lightbox wp-block-gallery-4 is-layout-flex wp-block-gallery-is-layout-flex\">\n\n<figure class=\"wp-block-image size-large\"><img decoding=\"async\" src=\"https:\/\/spaziospadoni.org\/wp-content\/uploads\/2026\/05\/partenza-arrivo-300x210.jpeg\" alt=\"d&#xE9;part arriv&#xE9;e 300x210\"\/><figcaption class=\"wp-element-caption\">06 mars | D\u00e9part de la s\u0153ur<\/figcaption><\/figure>\n\n<\/figure>\n\n\n<\/div>\n\n\n\n\n<div class=\"ss-timeline-item\">\n\n<h4 id=\"3004-rencontre-avec-la-mere-generale\" class=\"gb-text\">30.04 | Rencontre avec la M\u00e8re G\u00e9n\u00e9rale<\/h4>\n\n\n\n\n<p class=\"wp-block-paragraph\">Rencontre de spazio + spadoni avec la Sup\u00e9rieure G\u00e9n\u00e9rale \u00e0 Rome pour discuter du projet<\/p>\n\n\n\n<figure class=\"wp-block-gallery has-nested-images columns-1 is-cropped ss-lightbox wp-block-gallery-5 is-layout-flex wp-block-gallery-is-layout-flex\">\n\n<figure class=\"wp-block-image size-large\"><img decoding=\"async\" src=\"https:\/\/spaziospadoni.org\/wp-content\/uploads\/2026\/05\/spadoni-visita-madre--300x238.jpg\" alt=\"spadoni visite m&#xE8;re 300x238\"\/><figcaption class=\"wp-element-caption\">30.04 | Rencontre avec la M\u00e8re G\u00e9n\u00e9rale<\/figcaption><\/figure>\n\n<\/figure>\n\n\n<\/div>\n\n\n\n\n<div class=\"ss-timeline-item\">\n\n<h4 id=\"1911-retour-de-la-soeur-en-italie\" class=\"gb-text\">19.11 | Retour de la s\u0153ur en Italie<\/h4>\n\n\n\n\n<p class=\"wp-block-paragraph\">S\u0153ur Perpetue retourne en Italie pour suivre le cours sur les \u0153uvres de mis\u00e9ricorde organis\u00e9 par spazio + spadoni. Le cours se termine le 16 d\u00e9cembre et le m\u00eame jour Perpetue retourne \u00e0 la Mis\u00e9ricorde d&rsquo;Orta Nova o\u00f9 elle restera jusqu&rsquo;en f\u00e9vrier 2023 <\/p>\n\n\n<\/div>\n\n\n\n\n<div class=\"ss-timeline-item\">\n\n<h4 id=\"21-novembre-16-decembre-formation-oeuvres-de-misericorde\" class=\"gb-text\">21 novembre &#8211; 16 d\u00e9cembre | Formation \u0153uvres de mis\u00e9ricorde<\/h4>\n\n\n\n\n<p class=\"wp-block-paragraph\">Avec d&rsquo;autres religieuses, elle participe au cours con\u00e7u et promu par spazio + spadoni sur les \u0153uvres de mis\u00e9ricorde et sur l&rsquo;\u00e9conomie de communion \u00e0 Loppiano (FI)<\/p>\n\n\n\n<figure class=\"wp-block-gallery has-nested-images columns-1 is-cropped ss-lightbox wp-block-gallery-6 is-layout-flex wp-block-gallery-is-layout-flex\">\n\n<figure class=\"wp-block-image size-large\"><img decoding=\"async\" src=\"https:\/\/spaziospadoni.org\/wp-content\/uploads\/2026\/05\/WhatsApp-Image-2022-12-16-at-18.01.01-225x300.jpeg\" alt=\"WhatsApp Image 2022 12 16 at 18.01.01 225x300\"\/><figcaption class=\"wp-element-caption\">21 novembre &#8211; 16 d\u00e9cembre | Formation \u0153uvres de mis\u00e9ricorde<\/figcaption><\/figure>\n\n\n<figure class=\"wp-block-image size-large\"><img decoding=\"async\" src=\"https:\/\/spaziospadoni.org\/wp-content\/uploads\/2026\/05\/9-300x161.jpeg\" alt=\"9 300x161\"\/><figcaption class=\"wp-element-caption\">21 novembre &#8211; 16 d\u00e9cembre | Formation \u0153uvres de mis\u00e9ricorde<\/figcaption><\/figure>\n\n\n<figure class=\"wp-block-image size-large\"><img decoding=\"async\" src=\"https:\/\/spaziospadoni.org\/wp-content\/uploads\/2026\/05\/formazione-F-nino-copia-300x273.jpg\" alt=\"formation F nino copie 300x273\"\/><figcaption class=\"wp-element-caption\">21 novembre &#8211; 16 d\u00e9cembre | Formation \u0153uvres de mis\u00e9ricorde<\/figcaption><\/figure>\n\n<\/figure>\n\n\n<\/div>\n\n\n<\/div>\n\n\n\n\n<div class=\"ss-timeline\">\n\n<h3 id=\"2023\" class=\"gb-text\">2023<\/h3>\n\n\n\n\n\n<div class=\"ss-timeline-item\">\n\n<h4 id=\"09-fevrier-depart-de-la-soeur\" class=\"gb-text\">09 f\u00e9vrier | D\u00e9part de la s\u0153ur<\/h4>\n\n\n\n\n<p class=\"wp-block-paragraph\">S\u0153ur Perpetue retourne \u00e0 Isiro en R\u00e9publique D\u00e9mocratique du Congo<\/p>\n\n\n<\/div>\n\n\n\n\n<div class=\"ss-timeline-item\">\n\n<h4 id=\"16-mars-temoignage-oeuvres-de-misericorde\" class=\"gb-text\">16 mars | T\u00e9moignage \u0153uvres de mis\u00e9ricorde<\/h4>\n\n\n\n\n<figure class=\"wp-block-gallery has-nested-images columns-1 is-cropped ss-lightbox wp-block-gallery-7 is-layout-flex wp-block-gallery-is-layout-flex\">\n\n<figure class=\"wp-block-image size-large\"><img decoding=\"async\" src=\"https:\/\/spaziospadoni.org\/wp-content\/uploads\/2026\/05\/formazione-congo-mettere-2-F-copia-300x185.jpg\" alt=\"formation congo mettre 2 F copie 300x185\"\/><figcaption class=\"wp-element-caption\">16 mars | T\u00e9moignage \u0153uvres de mis\u00e9ricorde<\/figcaption><\/figure>\n\n<\/figure>\n\n\n<\/div>\n\n\n\n\n<div class=\"ss-timeline-item\">\n\n<h4 id=\"septembre-spazio-spadoni-a-orta-nova\" class=\"gb-text\">Septembre | spazio + spadoni \u00e0 Orta Nova<\/h4>\n\n\n\n\n<figure class=\"wp-block-gallery has-nested-images columns-1 is-cropped ss-lightbox wp-block-gallery-8 is-layout-flex wp-block-gallery-is-layout-flex\">\n\n<figure class=\"wp-block-image size-large\"><img decoding=\"async\" src=\"https:\/\/spaziospadoni.org\/wp-content\/uploads\/2026\/05\/spadoni-visita-ortas-nova-F-sparsi-copia-300x134.jpg\" alt=\"spadoni visite ortas nova F &#xE9;pars copie 300x134\"\/><figcaption class=\"wp-element-caption\">Septembre | spazio + spadoni \u00e0 Orta Nova<\/figcaption><\/figure>\n\n\n<figure class=\"wp-block-image size-large\"><img decoding=\"async\" src=\"https:\/\/spaziospadoni.org\/wp-content\/uploads\/2026\/05\/spadoni-visita-ortas-nova-F-sparsi.jpg1-copia-300x148.jpg\" alt=\"spadoni visite ortas nova F &#xE9;pars.jpg1 copie 300x148\"\/><figcaption class=\"wp-element-caption\">Septembre | spazio + spadoni \u00e0 Orta Nova<\/figcaption><\/figure>\n\n\n<figure class=\"wp-block-image size-large\"><img decoding=\"async\" src=\"https:\/\/spaziospadoni.org\/wp-content\/uploads\/2026\/05\/spadoni-visita-ortas-nova-185x300.jpg\" alt=\"spadoni visita ortas nova 185x300\"\/><figcaption class=\"wp-element-caption\">Septembre | spazio + spadoni \u00e0 Orta Nova<\/figcaption><\/figure>\n\n\n<figure class=\"wp-block-image size-large\"><img decoding=\"async\" src=\"https:\/\/spaziospadoni.org\/wp-content\/uploads\/2026\/05\/spadoni-visita-ortas-nova1-300x108.jpg\" alt=\"spadoni visita ortas nova1 300x108\"\/><figcaption class=\"wp-element-caption\">Septembre | spazio + spadoni \u00e0 Orta Nova<\/figcaption><\/figure>\n\n\n<figure class=\"wp-block-image size-large\"><img decoding=\"async\" src=\"https:\/\/spaziospadoni.org\/wp-content\/uploads\/2026\/05\/spazoni-settembre-2023-visita-orta-nova-F-sr-copia-256x300.jpg\" alt=\"spazoni septembre 2023 visite orta nova F sr copie 256x300\"\/><figcaption class=\"wp-element-caption\">Septembre | spazio + spadoni \u00e0 Orta Nova<\/figcaption><\/figure>\n\n\n<figure class=\"wp-block-image size-large\"><img decoding=\"async\" src=\"https:\/\/spaziospadoni.org\/wp-content\/uploads\/2026\/05\/visita-vescovo-settembre-2023-divina-misericordia--300x135.jpg\" alt=\"visite &#xE9;v&#xEA;que septembre 2023 divine mis&#xE9;ricorde 300x135\"\/><figcaption class=\"wp-element-caption\">Septembre | spazio + spadoni \u00e0 Orta Nova<\/figcaption><\/figure>\n\n<\/figure>\n\n\n<\/div>\n\n\n<\/div>\n\n\n\n\n<div class=\"ss-timeline\">\n\n<h3 id=\"2025\" class=\"gb-text\">2025<\/h3>\n\n\n\n\n\n<div class=\"ss-timeline-item\">\n\n<h4 id=\"04-mai-rencontre-avec-la-mere-generale\" class=\"gb-text\">04 mai | Rencontre avec la M\u00e8re G\u00e9n\u00e9rale<\/h4>\n\n\n\n\n<p class=\"wp-block-paragraph\">\u00c0 l&rsquo;occasion de l&rsquo;Assembl\u00e9e de l&rsquo;UISG qui s&rsquo;est tenue \u00e0 Rome du 5 au 9 mai, spazio + spadoni a rencontr\u00e9 M\u00e8re Celestine qu&rsquo;il a h\u00e9berg\u00e9e pendant toute la p\u00e9riode du Congr\u00e8s \u00e0 la Maison M\u00e8re des s\u0153urs Filles de Marie Missionnaires<\/p>\n\n\n\n<figure class=\"wp-block-gallery has-nested-images columns-1 is-cropped ss-lightbox wp-block-gallery-9 is-layout-flex wp-block-gallery-is-layout-flex\">\n\n<figure class=\"wp-block-image size-large\"><img decoding=\"async\" src=\"https:\/\/spaziospadoni.org\/wp-content\/uploads\/2026\/05\/2025_maggio_assemblea_uisg_roma_spazio_spadoni_opere_misericordia_superiore_generali_suore-137-300x225.jpg\" alt=\"2025 mai assembl&#xE9;e uisg rome spazio + spadoni &#x153;uvres de mis&#xE9;ricorde sup&#xE9;rieures g&#xE9;n&#xE9;rales s&#x153;urs 137 300x225\"\/><figcaption class=\"wp-element-caption\">04 mai | Rencontre avec la M\u00e8re G\u00e9n\u00e9rale<\/figcaption><\/figure>\n\n\n<figure class=\"wp-block-image size-large\"><img decoding=\"async\" src=\"https:\/\/spaziospadoni.org\/wp-content\/uploads\/2026\/05\/2025_maggio_assemblea_uisg_roma_spazio_spadoni_opere_misericordia_superiore_generali_suore-133-300x225.jpg\" alt=\"2025 mai assembl&#xE9;e uisg rome spazio + spadoni &#x153;uvres de mis&#xE9;ricorde sup&#xE9;rieures g&#xE9;n&#xE9;rales s&#x153;urs 133 300x225\"\/><figcaption class=\"wp-element-caption\">04 mai | Rencontre avec la M\u00e8re G\u00e9n\u00e9rale<\/figcaption><\/figure>\n\n<\/figure>\n\n\n<\/div>\n\n\n<\/div>\n\n\n<\/div>\n\n\n\n<div class=\"ss-project-media\">\n<h2 id=\"photos-et-videos\" class=\"gb-text gb-text-d7bd8be8\">Photos et vid\u00e9os<\/h2>\n\n\n<div class=\"ss-media-filters\">\n\n<a class=\"gb-text ss-media-filter active\" data-filter=\"*\" title=\"Tout\">Tout<\/a>\n\n\n<a class=\"gb-text ss-media-filter\" data-filter=\".formazione\" title=\"Formation\">Formation<\/a>\n\n\n<a class=\"gb-text ss-media-filter\" data-filter=\".repubblica-democratica-del-congo\" title=\"R\u00e9publique d\u00e9mocratique du Congo\">R\u00e9publique d\u00e9mocratique du Congo<\/a>\n\n\n<a class=\"gb-text ss-media-filter\" data-filter=\".pane-di-misericordia\" title=\"Pain de mis\u00e9ricorde\">Pain de mis\u00e9ricorde<\/a>\n\n\n<a class=\"gb-text ss-media-filter\" data-filter=\".video\" title=\"Vid\u00e9o\">Vid\u00e9o<\/a>\n\n<\/div>\n\n\n<div class=\"ss-media-grid\">\n<div>\n<figure class=\"wp-block-gallery has-nested-images columns-1 is-cropped ss-lightbox wp-block-gallery-10 is-layout-flex wp-block-gallery-is-layout-flex\">\n\n<figure class=\"wp-block-image size-large formazione\"><img decoding=\"async\" alt=\"2022 d&#xE9;cembre hicsum 39 fossato vico mis&#xE9;ricorde spazio + spadoni s&#x153;ur zitha bene mariya loppiano formation 6 300x225\" src=\"https:\/\/spaziospadoni.org\/wp-content\/uploads\/2026\/05\/2022_dicembre_hicsum_39_fossato_vico_misericordia_spazio_spadoni_sr_zitha_bene_mariya_loppiano_formazione-6-300x225.jpg\"\/><\/figure>\n\n\n<figure class=\"wp-block-image size-large formazione\"><img decoding=\"async\" alt=\"2022 d&#xE9;cembre hicsum 39 fossato vico mis&#xE9;ricorde spazio + spadoni s&#x153;ur zitha bene mariya loppiano formation 2 300x225\" src=\"https:\/\/spaziospadoni.org\/wp-content\/uploads\/2026\/05\/2022_dicembre_hicsum_39_fossato_vico_misericordia_spazio_spadoni_sr_zitha_bene_mariya_loppiano_formazione-2-300x225.jpg\"\/><\/figure>\n\n\n<figure class=\"wp-block-image size-large formazione\"><img decoding=\"async\" alt=\"a609f401 47a0 4b19 a824 437c6f48412c 225x300\" src=\"https:\/\/spaziospadoni.org\/wp-content\/uploads\/2026\/05\/a609f401-47a0-4b19-a824-437c6f48412c-225x300.jpg\"\/><\/figure>\n\n\n<figure class=\"wp-block-image size-large formazione\"><img decoding=\"async\" alt=\"2021 hicsum 16 italie spazio + spadoni Luigi M&#xE8;re Celestine G&#xE9;n&#xE9;rale Dominicaines Filles de Sainte Catherine de Sienne 300x225\" src=\"https:\/\/spaziospadoni.org\/wp-content\/uploads\/2026\/05\/2021_hicsum_16_italia_spazio_spadoni_Luigi_Madre_Celestine_Generale_Domenicane_Figlie_Santa_Caterina_Siena-300x225.jpg\"\/><\/figure>\n\n\n<figure class=\"wp-block-image size-large formazione\"><img decoding=\"async\" alt=\"2021 hicsum 16 italie spazio + spadoni Luigi Selene M&#xE8;re Celestine G&#xE9;n&#xE9;rale Dominicaines Filles de Sainte Catherine de Sienne 225x300\" src=\"https:\/\/spaziospadoni.org\/wp-content\/uploads\/2026\/05\/2021_hicsum_16_italia_spazio_spadoni_Luigi_Selene_Madre_Celestine_Generale_Domenicane_Figlie_Santa_Caterina_Siena-225x300.jpg\"\/><\/figure>\n\n\n<figure class=\"wp-block-image size-large formazione\"><img decoding=\"async\" alt=\"2021 hicsum 16 italie spazio + spadoni M&#xE8;re Celestine G&#xE9;n&#xE9;rale Dominicaines Filles de Sainte Catherine de Sienne 225x300\" src=\"https:\/\/spaziospadoni.org\/wp-content\/uploads\/2026\/05\/2021_hicsum_16_italia_spazio_spadoni_Madre_Celestine_Generale_Domenicane_Figlie_Santa_Caterina_Siena-225x300.jpg\"\/><\/figure>\n\n\n<figure class=\"wp-block-image size-large formazione\"><img decoding=\"async\" alt=\"2021 hicsum 16 italie spazio + spadoni mis&#xE9;ricorde orta nova s&#x153;ur perpetue gros plan 225x300\" src=\"https:\/\/spaziospadoni.org\/wp-content\/uploads\/2026\/05\/2021_hicsum_16_italia_spazio_spadoni_misericordia_orta_nova_suor_perpetue_primo_piano-225x300.jpg\"\/><\/figure>\n\n\n<figure class=\"wp-block-image size-large formazione\"><img decoding=\"async\" alt=\"2021 hicsum 16 italie spazio + spadoni s&#x153;ur perpetue mis&#xE9;ricorde orta nova formation 135x300\" src=\"https:\/\/spaziospadoni.org\/wp-content\/uploads\/2026\/05\/2021_hicsum_16_italia_spazio_spadoni_suor_perpetue_misericordia_orta_nova_formazione-135x300.jpg\"\/><\/figure>\n\n\n<figure class=\"wp-block-image size-large formazione\"><img decoding=\"async\" alt=\"2021 hicsum 16 italie spazio + spadoni s&#x153;ur perpetue mis&#xE9;ricorde orta nova premier jour de service 139x300\" src=\"https:\/\/spaziospadoni.org\/wp-content\/uploads\/2026\/05\/2021_hicsum_16_italia_spazio_spadoni_suor_perpetue_misericordia_orta_nova_primo_giorno_servizio-139x300.jpg\"\/><\/figure>\n\n\n<figure class=\"wp-block-image size-large formazione\"><img decoding=\"async\" alt=\"2021 octobre 16 hicsum 16 italie spazio + spadoni mis&#xE9;ricorde orta nova s&#x153;ur perpetue 300x135\" src=\"https:\/\/spaziospadoni.org\/wp-content\/uploads\/2026\/05\/2021_ottobre_16_hicsum_16_italia_spazio_spadoni_misericordia_orta_nova_suor_perpetue-300x135.jpg\"\/><\/figure>\n\n\n<figure class=\"wp-block-image size-large formazione\"><img decoding=\"async\" alt=\"formation bookclub F sr copie 300x140\" src=\"https:\/\/spaziospadoni.org\/wp-content\/uploads\/2026\/05\/fomrazione-bookclub-F-sr-copia-300x140.jpg\"\/><\/figure>\n\n\n<figure class=\"wp-block-image size-large repubblica-democratica-del-congo\"><img decoding=\"async\" alt=\"2021 septembre 14 hicsum 16 italie spazio + spadoni s&#x153;ur perpetue d&#xE9;part 225x300\" src=\"https:\/\/spaziospadoni.org\/wp-content\/uploads\/2026\/05\/2021_settembre_14_hicsum_16_italia_spazio_spadoni_suor_perpetue_-partenza-225x300.jpg\"\/><\/figure>\n\n\n<figure class=\"wp-block-image size-large formazione\"><img decoding=\"async\" alt=\"banque alimentaire F sr copie 300x137\" src=\"https:\/\/spaziospadoni.org\/wp-content\/uploads\/2026\/05\/banco-alimentare-F-sr-copia-300x137.jpg\"\/><\/figure>\n\n\n<figure class=\"wp-block-image size-large formazione\"><img decoding=\"async\" alt=\"en service F sr copie 167x300\" src=\"https:\/\/spaziospadoni.org\/wp-content\/uploads\/2026\/05\/in-servixzio-F-sr-copia-167x300.jpg\"\/><\/figure>\n\n\n<figure class=\"wp-block-image size-large formazione\"><img decoding=\"async\" alt=\"formation F nino copie 300x273\" src=\"https:\/\/spaziospadoni.org\/wp-content\/uploads\/2026\/05\/formazione-F-nino-copia-300x273.jpg\"\/><\/figure>\n\n\n<figure class=\"wp-block-image size-large formazione\"><img decoding=\"async\" alt=\"2022 d&#xE9;cembre 15 hicsum 16 italie spazio + spadoni s&#x153;ur perpetue selene pera mis&#xE9;ricorde orta nova brindisi 225x300\" src=\"https:\/\/spaziospadoni.org\/wp-content\/uploads\/2026\/05\/2022_dicembre_15_hicsum_16_italia_spazio_spadoni_suor_perpetue_selene_pera_misericordia_orta_nova_brindisi-225x300.jpeg\"\/><\/figure>\n\n\n<figure class=\"wp-block-image size-large formazione\"><img decoding=\"async\" alt=\"2022 d&#xE9;cembre 17 hicsum 16 italie spazio + spadoni mis&#xE9;ricorde orta nova s&#x153;ur perpetue 300x225\" src=\"https:\/\/spaziospadoni.org\/wp-content\/uploads\/2026\/05\/2022_dicembre_17_hicsum_16_italia_spazio_spadoni_misericordia_orta_nova_suor_perpetue-300x225.jpeg\"\/><\/figure>\n\n\n<figure class=\"wp-block-image size-large formazione\"><img decoding=\"async\" alt=\"perpetue retourne F &#xE0; toutes les deux copie 210x300\" src=\"https:\/\/spaziospadoni.org\/wp-content\/uploads\/2026\/05\/perpetue-ritorna-F-a-tutte-e-due-copia-210x300.jpg\"\/><\/figure>\n\n\n<figure class=\"wp-block-image size-large formazione\"><img decoding=\"async\" alt=\"formation F sr copie 1 300x132\" src=\"https:\/\/spaziospadoni.org\/wp-content\/uploads\/2026\/05\/formazione-F-sr-copia-1-300x132.jpg\"\/><\/figure>\n\n\n<figure class=\"wp-block-image size-large formazione\"><img decoding=\"async\" alt=\"formation F gaetano et noemi copie 300x111\" src=\"https:\/\/spaziospadoni.org\/wp-content\/uploads\/2026\/05\/formazione-F-gaetano-e-noemi-copia-300x111.jpg\"\/><\/figure>\n\n\n<figure class=\"wp-block-image size-large formazione\"><img decoding=\"async\" alt=\"2022 f&#xE9;vrier 23 hicsum 16 italie san cerbone lucca spazio + spadoni luigi mis&#xE9;ricorde orta nova 6 300x225\" src=\"https:\/\/spaziospadoni.org\/wp-content\/uploads\/2026\/05\/2022_febbraio_23_hicsum_16_italia_san_cerbone__lucca_spazio_spadoni_luigi_misericordia_orta_nova-6-300x225.jpg\"\/><\/figure>\n\n\n<figure class=\"wp-block-image size-large formazione\"><img decoding=\"async\" alt=\"formation visite f&#xE9;vrier.JPG F sr et sparesi copie 1 230x300\" src=\"https:\/\/spaziospadoni.org\/wp-content\/uploads\/2026\/05\/formazione-visita-febbraio.JPG-F-sr-e-sparesi-copia-1-230x300.jpg\"\/><\/figure>\n\n\n<figure class=\"wp-block-image size-large formazione\"><img decoding=\"async\" alt=\"formation visite f&#xE9;vrier F sergio copie 300x141\" src=\"https:\/\/spaziospadoni.org\/wp-content\/uploads\/2026\/05\/formazione-visita-febbraio-F-sergio-copia-300x141.jpg\"\/><\/figure>\n\n\n<figure class=\"wp-block-image size-large formazione\"><img decoding=\"async\" alt=\"2022 f&#xE9;vrier 23 hicsum 16 italie san cerbone spazio + spadoni luigi mis&#xE9;ricorde orta nova 4 225x300\" src=\"https:\/\/spaziospadoni.org\/wp-content\/uploads\/2026\/05\/2022_febbraio_23_hicsum_16_italia_san_cerbone_spazio_spadoni_luigi_misericordia_orta_nova-4-225x300.jpg\"\/><\/figure>\n\n\n<figure class=\"wp-block-image size-large formazione\"><img decoding=\"async\" alt=\"2022 f&#xE9;vrier 23 hicsum 16 italie san cerbone spazio + spadoni luigi mis&#xE9;ricorde orta nova s&#x153;urs de saint fran&#xE7;ois de sales s&#x153;ur perpetue joan 2 300x225\" src=\"https:\/\/spaziospadoni.org\/wp-content\/uploads\/2026\/05\/2022_febbraio_23_hicsum_16_italia_san_cerbone_spazio_spadoni_luigi_misericordia_orta_nova_suore_san_francesco_di_sales_suor_perpetue_joan-2-300x225.jpg\"\/><\/figure>\n\n\n<figure class=\"wp-block-image size-large formazione\"><img decoding=\"async\" alt=\"2022 f&#xE9;vrier 23 hicsum 16 italie san cerbone spazio + spadoni mis&#xE9;ricorde orta nova s&#x153;ur perpetue joan d&#xE9;part 225x300\" src=\"https:\/\/spaziospadoni.org\/wp-content\/uploads\/2026\/05\/2022_febbraio_23_hicsum_16_italia_san_cerbone_spazio_spadoni_misericordia_orta_nova_suor_perpetue_joan_partenza-225x300.jpg\"\/><\/figure>\n\n\n<figure class=\"wp-block-image size-large formazione\"><img decoding=\"async\" alt=\"formation visite f&#xE9;vrier F toutes les 3 copie 1 300x160\" src=\"https:\/\/spaziospadoni.org\/wp-content\/uploads\/2026\/05\/formazione-visita-febbraio-F-tutte-e-3-copia-1-300x160.jpg\"\/><\/figure>\n\n\n<figure class=\"wp-block-image size-large formazione\"><img decoding=\"async\" alt=\"2022 f&#xE9;vrier 23 hicsum 16 italie san cerbone spazio + spadoni s&#x153;ur elisabeth marguerite angele joan 225x300\" src=\"https:\/\/spaziospadoni.org\/wp-content\/uploads\/2026\/05\/2022_febbraio_23_hicsum_16_italia_san_cerbone_spazio_spadoni_suor_elisabeth_marguerite_angele_joan-225x300.jpg\"\/><\/figure>\n\n\n<figure class=\"wp-block-image size-large formazione\"><img decoding=\"async\" alt=\"formation visite f&#xE9;vrier F &#xE0; toutes sr copie 1 300x186\" src=\"https:\/\/spaziospadoni.org\/wp-content\/uploads\/2026\/05\/formazione-visita-febbraio-F-a-tutte-sr-copia-1-300x186.jpg\"\/><\/figure>\n\n\n<figure class=\"wp-block-image size-large formazione\"><img decoding=\"async\" alt=\"2022 f&#xE9;vrier 23 hicsum 16 italie san cerbone spazio + spadoni s&#x153;ur marguerite angele elisabeth perpetue joan 2 225x300\" src=\"https:\/\/spaziospadoni.org\/wp-content\/uploads\/2026\/05\/2022_febbraio_23_hicsum_16_italia_san_cerbone_spazio_spadoni_suor_marguerite_angele_elisabeth_perpetue_joan-2-225x300.jpg\"\/><\/figure>\n\n\n<figure class=\"wp-block-image size-large formazione\"><img decoding=\"async\" alt=\"2022 f&#xE9;vrier 23 hicsum 16 italie san cerbone spazio + spadoni s&#x153;ur perpetue chant 225x300\" src=\"https:\/\/spaziospadoni.org\/wp-content\/uploads\/2026\/05\/2022_febbraio_23_hicsum_16_italia_san_cerbone_spazio_spadoni_suor_perpetue_canto-225x300.jpg\"\/><\/figure>\n\n\n<figure class=\"wp-block-image size-large formazione\"><img decoding=\"async\" alt=\"2022 f&#xE9;vrier 23 hicsum 16 italie san cerbone spazio + spadoni s&#x153;ur perpetue elisabeth joan marguerite angele mis&#xE9;ricorde orta nova 2 224x300\" src=\"https:\/\/spaziospadoni.org\/wp-content\/uploads\/2026\/05\/2022_febbraio_23_hicsum_16_italia_san_cerbone_spazio_spadoni_suor_perpetue_elisabeth_joan_marguerite_angele_misericordia_orta_nova-2-224x300.jpg\"\/><\/figure>\n\n\n<figure class=\"wp-block-image size-large formazione\"><img decoding=\"async\" alt=\"2022 f&#xE9;vrier 23 hicsum 16 italie san cerbone spazio + spadoni s&#x153;ur perpetue elisabeth joan marguerite angele mis&#xE9;ricorde orta nova 12 300x225\" src=\"https:\/\/spaziospadoni.org\/wp-content\/uploads\/2026\/05\/2022_febbraio_23_hicsum_16_italia_san_cerbone_spazio_spadoni_suor_perpetue_elisabeth_joan_marguerite_angele_misericordia_orta_nova-12-300x225.jpg\"\/><\/figure>\n\n\n<figure class=\"wp-block-image size-large formazione\"><img decoding=\"async\" alt=\"2022 f&#xE9;vrier 23 hicsum 16 italie san cerbone spazio + spadoni s&#x153;ur perpetue elisabeth joan marguerite angele mis&#xE9;ricorde orta nova arriv&#xE9;e 2 300x225\" src=\"https:\/\/spaziospadoni.org\/wp-content\/uploads\/2026\/05\/2022_febbraio_23_hicsum_16_italia_san_cerbone_spazio_spadoni_suor_perpetue_elisabeth_joan_marguerite_angele_misericordia_orta_nova_arrivo-2-300x225.jpg\"\/><\/figure>\n\n\n<figure class=\"wp-block-image size-large formazione\"><img decoding=\"async\" alt=\"2022 hicsum 16 italie spazio + spadoni mis&#xE9;ricorde orta nova s&#x153;ur perpetue joan 300x135\" src=\"https:\/\/spaziospadoni.org\/wp-content\/uploads\/2026\/05\/2022_hicsum_16_italia_spazio_spadoni_misericordia_orta_nova_suor_perpetue_joan-300x135.jpg\"\/><\/figure>\n\n\n<figure class=\"wp-block-image size-large formazione\"><img decoding=\"async\" alt=\"2023 janvier 20 hicsum 16 italie spazio + spadoni s&#x153;ur perpetue mis&#xE9;ricorde orta nova d&#xE9;pliant 169x300\" src=\"https:\/\/spaziospadoni.org\/wp-content\/uploads\/2026\/05\/2023_gennaio_20_hicsum_16_italia_spazio_spadoni_suor_perpetue_misericordia_orta_nova_volantino-169x300.jpeg\"\/><\/figure>\n\n\n<figure class=\"wp-block-image size-large formazione\"><img decoding=\"async\" alt=\"2023 septembre 24 hicsum 16 italie spazio + spadoni mis&#xE9;ricorde orta nova inauguration maison divine providence foulard 2 169x300\" src=\"https:\/\/spaziospadoni.org\/wp-content\/uploads\/2026\/05\/2023_settembre_24_hicsum_16_italia_spazio_spadoni_misericordia_orta_nova_inaugurazione_casa_divina_provvidenza_foulard-2-169x300.jpg\"\/><\/figure>\n\n\n<figure class=\"wp-block-image size-large formazione\"><img decoding=\"async\" alt=\"2023 septembre 24 hicsum 16 italie spazio + spadoni mis&#xE9;ricorde orta nova inauguration maison divine providence foulard 225x300\" src=\"https:\/\/spaziospadoni.org\/wp-content\/uploads\/2026\/05\/2023_settembre_24_hicsum_16_italia_spazio_spadoni_misericordia_orta_nova_inaugurazione_casa_divina_provvidenza_foulard-225x300.jpg\"\/><\/figure>\n\n\n<figure class=\"wp-block-image size-large formazione\"><img decoding=\"async\" alt=\"2023 septembre 24 hicsum 16 italie spazio + spadoni mis&#xE9;ricorde orta nova inauguration maison divine providence banderole 300x169\" src=\"https:\/\/spaziospadoni.org\/wp-content\/uploads\/2026\/05\/2023_settembre_24_hicsum_16_italia_spazio_spadoni_misericordia_orta_nova_inaugurazione_casa_divina_provvidenza_striscione-300x169.jpg\"\/><\/figure>\n\n\n<figure class=\"wp-block-image size-large formazione\"><img decoding=\"async\" alt=\"spadoni visite ortas nova F &#xE9;pars.jpg1 copie 300x148\" src=\"https:\/\/spaziospadoni.org\/wp-content\/uploads\/2026\/05\/spadoni-visita-ortas-nova-F-sparsi.jpg1-copia-300x148.jpg\"\/><\/figure>\n\n\n<figure class=\"wp-block-image size-large formazione\"><img decoding=\"async\" alt=\"2023 septembre 24 hicsum 16 italie spazio + spadoni mis&#xE9;ricorde orta nova inauguration maison divine providence visite &#xE9;v&#xEA;que 300x225\" src=\"https:\/\/spaziospadoni.org\/wp-content\/uploads\/2026\/05\/2023_settembre_24_hicsum_16_italia_spazio_spadoni_misericordia_orta_nova_inaugurazione_casa_divina_provvidenza_visita_vescovo-300x225.jpg\"\/><\/figure>\n\n\n<figure class=\"wp-block-image size-large formazione\"><img decoding=\"async\" alt=\"spazoni septembre 2023 visite orta nova F sr copie 256x300\" src=\"https:\/\/spaziospadoni.org\/wp-content\/uploads\/2026\/05\/spazoni-settembre-2023-visita-orta-nova-F-sr-copia-256x300.jpg\"\/><\/figure>\n\n\n<figure class=\"wp-block-image size-large formazione\"><img decoding=\"async\" alt=\"spadoni visite ortas nova F &#xE9;pars copie 300x134\" src=\"https:\/\/spaziospadoni.org\/wp-content\/uploads\/2026\/05\/spadoni-visita-ortas-nova-F-sparsi-copia-300x134.jpg\"\/><\/figure>\n\n\n<figure class=\"wp-block-image size-large formazione\"><img decoding=\"async\" alt=\"2023 septembre 24 hicsum 16 italie spazio + spadoni mis&#xE9;ricorde orta nova inauguration maison divine providence 2 300x225\" src=\"https:\/\/spaziospadoni.org\/wp-content\/uploads\/2026\/05\/2023_settembre_24_hicsum_16_italia_spazio_spadoni_misericordia_orta_nova_inaugurazione_casa_divina_provvidenza-2-300x225.jpg\"\/><\/figure>\n\n\n<figure class=\"wp-block-image size-large repubblica-democratica-del-congo\"><img decoding=\"async\" alt=\"formation congo mettre 2 F copie 300x185\" src=\"https:\/\/spaziospadoni.org\/wp-content\/uploads\/2026\/05\/formazione-congo-mettere-2-F-copia-300x185.jpg\"\/><\/figure>\n\n\n<figure class=\"wp-block-image size-large repubblica-democratica-del-congo\"><img decoding=\"async\" alt=\"2022 avril 3 hicsum 16 isiro s&#x153;ur perpetue spazio + spadoni explique projet s&#x153;urs 3 300x225\" src=\"https:\/\/spaziospadoni.org\/wp-content\/uploads\/2026\/05\/2022_aprile_3_hicsum_16_isiro_suor_perpetue_spazio_spadoni_spiega_progetto_suore-3-300x225.jpg\"\/><\/figure>\n\n\n<figure class=\"wp-block-image size-large repubblica-democratica-del-congo\"><img decoding=\"async\" alt=\"2022 avril 3 hicsum 16 isiro s&#x153;ur perpetue spazio + spadoni explique projet s&#x153;urs 300x225\" src=\"https:\/\/spaziospadoni.org\/wp-content\/uploads\/2026\/05\/2022_aprile_3_hicsum_16_isiro_suor_perpetue_spazio_spadoni_spiega_progetto_suore-300x225.jpg\"\/><\/figure>\n\n\n<figure class=\"wp-block-image size-large formazione\"><img decoding=\"async\" alt=\"2022 novembre d&#xE9;cembre hicsum 16 loppiano spazio + spadoni s&#x153;ur perpetue cours &#x153;uvres de mis&#xE9;ricorde &#xE9;conomie de communion 2 225x300\" src=\"https:\/\/spaziospadoni.org\/wp-content\/uploads\/2026\/05\/2022_Novembre_dicembre_hicsum_16_loppiano_spazio_spadoni_suor_perpetue_corso_opere_misericordia_economia_comunione-2-225x300.jpeg\"\/><\/figure>\n\n\n<figure class=\"wp-block-image size-large formazione\"><img decoding=\"async\" alt=\"2022 novembre d&#xE9;cembre hicsum 16 loppiano spazio + spadoni s&#x153;ur perpetue cours &#x153;uvres de mis&#xE9;ricorde &#xE9;conomie de communion 3 225x300\" src=\"https:\/\/spaziospadoni.org\/wp-content\/uploads\/2026\/05\/2022_Novembre_dicembre_hicsum_16_loppiano_spazio_spadoni_suor_perpetue_corso_opere_misericordia_economia_comunione-3-225x300.jpeg\"\/><\/figure>\n\n\n<figure class=\"wp-block-image size-large repubblica-democratica-del-congo pane-di-misericordia\"><img decoding=\"async\" alt=\"2025 mai assembl&#xE9;e uisg rome spazio + spadoni &#x153;uvres de mis&#xE9;ricorde sup&#xE9;rieures g&#xE9;n&#xE9;rales s&#x153;urs 137 300x225\" src=\"https:\/\/spaziospadoni.org\/wp-content\/uploads\/2026\/05\/2025_maggio_assemblea_uisg_roma_spazio_spadoni_opere_misericordia_superiore_generali_suore-137-300x225.jpg\"\/><\/figure>\n\n\n<figure class=\"wp-block-image size-large repubblica-democratica-del-congo pane-di-misericordia\"><img decoding=\"async\" alt=\"2025 mai assembl&#xE9;e uisg rome spazio + spadoni &#x153;uvres de mis&#xE9;ricorde sup&#xE9;rieures g&#xE9;n&#xE9;rales s&#x153;urs 138 300x225\" src=\"https:\/\/spaziospadoni.org\/wp-content\/uploads\/2026\/05\/2025_maggio_assemblea_uisg_roma_spazio_spadoni_opere_misericordia_superiore_generali_suore-138-300x225.jpg\"\/><\/figure>\n\n\n<figure class=\"wp-block-image size-large repubblica-democratica-del-congo pane-di-misericordia\"><img decoding=\"async\" alt=\"2025 mai assembl&#xE9;e uisg rome spazio + spadoni &#x153;uvres de mis&#xE9;ricorde sup&#xE9;rieures g&#xE9;n&#xE9;rales s&#x153;urs 133 300x225\" src=\"https:\/\/spaziospadoni.org\/wp-content\/uploads\/2026\/05\/2025_maggio_assemblea_uisg_roma_spazio_spadoni_opere_misericordia_superiore_generali_suore-133-300x225.jpg\"\/><\/figure>\n\n<\/figure>\n\n\n<div class=\"gb-element-b24bbf5e ss-media-videos\">\n\n<figure class=\"wp-block-video video\"><video controls=\"\" src=\"https:\/\/spaziospadoni.org\/wp-content\/uploads\/2026\/05\/febbraio_2022_san_cerbone.mov\"><\/video><figcaption class=\"wp-element-caption\">f\u00e9vrier 2022 san cerbone<\/figcaption><\/figure>\n\n\n<figure class=\"wp-block-video video\"><video controls=\"\" src=\"https:\/\/spaziospadoni.org\/wp-content\/uploads\/2026\/05\/2022_febbraio_san_cerbone_suor_perpetue.mov\"><\/video><figcaption class=\"wp-element-caption\">2022 f\u00e9vrier san cerbone s\u0153ur perpetue<\/figcaption><\/figure>\n\n\n<figure class=\"wp-block-video video\"><video controls=\"\" src=\"https:\/\/spaziospadoni.org\/wp-content\/uploads\/2026\/05\/Festa-Misericordia.mp4\"><\/video><figcaption class=\"wp-element-caption\">F\u00eate de la Mis\u00e9ricorde<\/figcaption><\/figure>\n\n\n<figure class=\"wp-block-video video\"><video controls=\"\" src=\"https:\/\/spaziospadoni.org\/wp-content\/uploads\/2026\/05\/settembre_2023_Casa_misericordia.mp4\"><\/video><figcaption class=\"wp-element-caption\">septembre 2023 Maison de la mis\u00e9ricorde<\/figcaption><\/figure>\n\n\n<figure class=\"wp-block-video video\"><video controls=\"\" src=\"https:\/\/spaziospadoni.org\/wp-content\/uploads\/2026\/05\/2022_san_valentino_festa_orta_nova-2.mp4\"><\/video><figcaption class=\"wp-element-caption\">2022 saint valentin f\u00eate orta nova 2<\/figcaption><\/figure>\n\n<\/div>\n\n<\/div>\n\n<\/div>\n\n<\/div>\n\n","protected":false},"excerpt":{"rendered":"<p>Isiro | Isiro (R\u00e9publique D\u00e9mocratique du Congo) OPERA M8 MISSION Lieu Isiro Dioc\u00e8se Isiro Nation R\u00e9publique d\u00e9mocratique du Congo Continent Afrique Coordonn\u00e9es GPS 2.462388 27.37066 Fuseau horaire UTC+2 ORGANISATEUR Congr\u00e9gation S\u0153urs Dominicaines Filles de Sainte Catherine de Sienne Maison M\u00e8re Isiro Dioc\u00e8se Isiro-Niangara Nation R\u00e9publique d\u00e9mocratique du Congo Continent Afrique F\u00eate de la Congr\u00e9gation 29 &#8230; <a title=\"R\u00e9publique D\u00e9mocratique du Congo &#8211; Afrique | Projet M8\" class=\"read-more\" href=\"https:\/\/spaziospadoni.org\/fr\/opera-m\/republique-democratique-du-congo-afrique-projet-m8\/\" aria-label=\"Read more about R\u00e9publique D\u00e9mocratique du Congo &#8211; Afrique | Projet M8\">Lire plus<\/a><\/p>\n","protected":false},"author":102,"featured_media":0,"parent":89581,"menu_order":0,"comment_status":"closed","ping_status":"closed","template":"","meta":{"_sitemap_exclude":false,"_sitemap_priority":"","_sitemap_frequency":"","footnotes":""},"class_list":["post-59605","page","type-page","status-publish","infinite-scroll-item"],"yoast_head":"<!-- This site is optimized with the Yoast SEO plugin v28.4 - https:\/\/yoast.com\/product\/yoast-seo-wordpress\/ -->\n<title>R\u00e9publique D\u00e9mocratique du Congo - Afrique | Projet M8 | Spazio Spadoni<\/title>\n<meta name=\"description\" content=\"Isiro | Isiro (R\u00e9publique D\u00e9mocratique du Congo) OPERA M8 MISSION Lieu Isiro Dioc\u00e8se Isiro Nation R\u00e9publique d\u00e9mocratique du Congo Continent Afrique\" \/>\n<meta name=\"robots\" content=\"index, follow, max-snippet:-1, max-image-preview:large, max-video-preview:-1\" \/>\n<link rel=\"canonical\" href=\"https:\/\/spaziospadoni.org\/fr\/opera-m\/republique-democratique-du-congo-afrique-projet-m8\/\" \/>\n<meta property=\"og:locale\" content=\"fr_FR\" \/>\n<meta property=\"og:type\" content=\"article\" \/>\n<meta property=\"og:title\" content=\"R\u00e9publique D\u00e9mocratique du Congo - Afrique | Projet M8 | Spazio Spadoni\" \/>\n<meta property=\"og:description\" content=\"Isiro | Isiro (R\u00e9publique D\u00e9mocratique du Congo) OPERA M8 MISSION Lieu Isiro Dioc\u00e8se Isiro Nation R\u00e9publique d\u00e9mocratique du Congo Continent Afrique\" \/>\n<meta property=\"og:url\" content=\"https:\/\/spaziospadoni.org\/fr\/opera-m\/republique-democratique-du-congo-afrique-projet-m8\/\" \/>\n<meta property=\"og:site_name\" content=\"spazio + spadoni\" \/>\n<meta property=\"article:publisher\" content=\"https:\/\/www.facebook.com\/SpazioSpadoni\/\" \/>\n<meta property=\"article:modified_time\" content=\"2026-08-17T11:21:54+00:00\" \/>\n<meta property=\"og:image\" content=\"https:\/\/spaziospadoni.org\/wp-content\/uploads\/2026\/05\/hicsum_1_congo-spaziospadoni-scaled.png\" \/>\n\t<meta property=\"og:image:width\" content=\"2560\" \/>\n\t<meta property=\"og:image:height\" content=\"1771\" \/>\n\t<meta property=\"og:image:type\" content=\"image\/png\" \/>\n<meta name=\"twitter:card\" content=\"summary_large_image\" \/>\n<meta name=\"twitter:label1\" content=\"Est. reading time\" \/>\n\t<meta name=\"twitter:data1\" content=\"4 minutes\" \/>\n<script type=\"application\/ld+json\" class=\"yoast-schema-graph\">{\"@context\":\"https:\\\/\\\/schema.org\",\"@graph\":[{\"@type\":\"WebPage\",\"@id\":\"https:\\\/\\\/spaziospadoni.org\\\/fr\\\/opera-m\\\/republique-democratique-du-congo-afrique-projet-m8\\\/\",\"url\":\"https:\\\/\\\/spaziospadoni.org\\\/fr\\\/opera-m\\\/republique-democratique-du-congo-afrique-projet-m8\\\/\",\"name\":\"R\u00e9publique D\u00e9mocratique du Congo - Afrique | Projet M8 | Spazio Spadoni\",\"isPartOf\":{\"@id\":\"https:\\\/\\\/spaziospadoni.org\\\/fr\\\/#website\"},\"primaryImageOfPage\":{\"@id\":\"https:\\\/\\\/spaziospadoni.org\\\/fr\\\/opera-m\\\/republique-democratique-du-congo-afrique-projet-m8\\\/#primaryimage\"},\"image\":{\"@id\":\"https:\\\/\\\/spaziospadoni.org\\\/fr\\\/opera-m\\\/republique-democratique-du-congo-afrique-projet-m8\\\/#primaryimage\"},\"thumbnailUrl\":\"https:\\\/\\\/spaziospadoni.org\\\/wp-content\\\/uploads\\\/2026\\\/05\\\/hicsum_16_congo-spaziospadoni-1-1024x709.png\",\"datePublished\":\"2026-05-18T13:30:43+00:00\",\"dateModified\":\"2026-08-17T11:21:54+00:00\",\"description\":\"Isiro | Isiro (R\u00e9publique D\u00e9mocratique du Congo) OPERA M8 MISSION Lieu Isiro Dioc\u00e8se Isiro Nation R\u00e9publique d\u00e9mocratique du Congo Continent Afrique\",\"breadcrumb\":{\"@id\":\"https:\\\/\\\/spaziospadoni.org\\\/fr\\\/opera-m\\\/republique-democratique-du-congo-afrique-projet-m8\\\/#breadcrumb\"},\"inLanguage\":\"fr-FR\",\"potentialAction\":[{\"@type\":\"ReadAction\",\"target\":[\"https:\\\/\\\/spaziospadoni.org\\\/fr\\\/opera-m\\\/republique-democratique-du-congo-afrique-projet-m8\\\/\"]}]},{\"@type\":\"ImageObject\",\"inLanguage\":\"fr-FR\",\"@id\":\"https:\\\/\\\/spaziospadoni.org\\\/fr\\\/opera-m\\\/republique-democratique-du-congo-afrique-projet-m8\\\/#primaryimage\",\"url\":\"https:\\\/\\\/spaziospadoni.org\\\/wp-content\\\/uploads\\\/2026\\\/05\\\/hicsum_16_congo-spaziospadoni-1-1024x709.png\",\"contentUrl\":\"https:\\\/\\\/spaziospadoni.org\\\/wp-content\\\/uploads\\\/2026\\\/05\\\/hicsum_16_congo-spaziospadoni-1-1024x709.png\"},{\"@type\":\"BreadcrumbList\",\"@id\":\"https:\\\/\\\/spaziospadoni.org\\\/fr\\\/opera-m\\\/republique-democratique-du-congo-afrique-projet-m8\\\/#breadcrumb\",\"itemListElement\":[{\"@type\":\"ListItem\",\"position\":1,\"name\":\"Home\",\"item\":\"https:\\\/\\\/spaziospadoni.org\\\/fr\\\/\"},{\"@type\":\"ListItem\",\"position\":2,\"name\":\"Opera M\",\"item\":\"https:\\\/\\\/spaziospadoni.org\\\/fr\\\/opera-m\\\/\"},{\"@type\":\"ListItem\",\"position\":3,\"name\":\"R\u00e9publique D\u00e9mocratique du Congo &#8211; Afrique | Projet M8\"}]},{\"@type\":\"WebSite\",\"@id\":\"https:\\\/\\\/spaziospadoni.org\\\/fr\\\/#website\",\"url\":\"https:\\\/\\\/spaziospadoni.org\\\/fr\\\/\",\"name\":\"spazio + spadoni\",\"description\":\"Generazione di misericordia e missione nel mondo\",\"publisher\":{\"@id\":\"https:\\\/\\\/spaziospadoni.org\\\/fr\\\/#organization\"},\"alternateName\":\"spaziospadoni.org\",\"potentialAction\":[{\"@type\":\"SearchAction\",\"target\":{\"@type\":\"EntryPoint\",\"urlTemplate\":\"https:\\\/\\\/spaziospadoni.org\\\/fr\\\/?s={search_term_string}\"},\"query-input\":{\"@type\":\"PropertyValueSpecification\",\"valueRequired\":true,\"valueName\":\"search_term_string\"}}],\"inLanguage\":\"fr-FR\"},{\"@type\":\"Organization\",\"@id\":\"https:\\\/\\\/spaziospadoni.org\\\/fr\\\/#organization\",\"name\":\"spazio + spadoni\",\"alternateName\":\"spaziospadoni.org\",\"url\":\"https:\\\/\\\/spaziospadoni.org\\\/fr\\\/\",\"logo\":{\"@type\":\"ImageObject\",\"inLanguage\":\"fr-FR\",\"@id\":\"https:\\\/\\\/spaziospadoni.org\\\/fr\\\/#\\\/schema\\\/logo\\\/image\\\/\",\"url\":\"https:\\\/\\\/spaziospadoni.org\\\/wp-content\\\/uploads\\\/2026\\\/05\\\/spazio-spadoni-logo-100x100-1.webp\",\"contentUrl\":\"https:\\\/\\\/spaziospadoni.org\\\/wp-content\\\/uploads\\\/2026\\\/05\\\/spazio-spadoni-logo-100x100-1.webp\",\"width\":100,\"height\":100,\"caption\":\"spazio + spadoni\"},\"image\":{\"@id\":\"https:\\\/\\\/spaziospadoni.org\\\/fr\\\/#\\\/schema\\\/logo\\\/image\\\/\"},\"sameAs\":[\"https:\\\/\\\/www.facebook.com\\\/SpazioSpadoni\\\/\",\"https:\\\/\\\/www.instagram.com\\\/spaziospadoni\\\/\",\"https:\\\/\\\/www.youtube.com\\\/@spaziospadoni\\\/playlists\"]}]}<\/script>\n<!-- \/ Yoast SEO plugin. -->","yoast_head_json":{"title":"R\u00e9publique D\u00e9mocratique du Congo - Afrique | Projet M8 | Spazio Spadoni","description":"Isiro | Isiro (R\u00e9publique D\u00e9mocratique du Congo) OPERA M8 MISSION Lieu Isiro Dioc\u00e8se Isiro Nation R\u00e9publique d\u00e9mocratique du Congo Continent Afrique","robots":{"index":"index","follow":"follow","max-snippet":"max-snippet:-1","max-image-preview":"max-image-preview:large","max-video-preview":"max-video-preview:-1"},"canonical":"https:\/\/spaziospadoni.org\/fr\/opera-m\/republique-democratique-du-congo-afrique-projet-m8\/","og_locale":"fr_FR","og_type":"article","og_title":"R\u00e9publique D\u00e9mocratique du Congo - Afrique | Projet M8 | Spazio Spadoni","og_description":"Isiro | Isiro (R\u00e9publique D\u00e9mocratique du Congo) OPERA M8 MISSION Lieu Isiro Dioc\u00e8se Isiro Nation R\u00e9publique d\u00e9mocratique du Congo Continent Afrique","og_url":"https:\/\/spaziospadoni.org\/fr\/opera-m\/republique-democratique-du-congo-afrique-projet-m8\/","og_site_name":"spazio + spadoni","article_publisher":"https:\/\/www.facebook.com\/SpazioSpadoni\/","article_modified_time":"2026-08-17T11:21:54+00:00","og_image":[{"width":2560,"height":1771,"url":"https:\/\/spaziospadoni.org\/wp-content\/uploads\/2026\/05\/hicsum_1_congo-spaziospadoni-scaled.png","type":"image\/png"}],"twitter_card":"summary_large_image","twitter_misc":{"Est. reading time":"4 minutes"},"schema":{"@context":"https:\/\/schema.org","@graph":[{"@type":"WebPage","@id":"https:\/\/spaziospadoni.org\/fr\/opera-m\/republique-democratique-du-congo-afrique-projet-m8\/","url":"https:\/\/spaziospadoni.org\/fr\/opera-m\/republique-democratique-du-congo-afrique-projet-m8\/","name":"R\u00e9publique D\u00e9mocratique du Congo - Afrique | Projet M8 | Spazio Spadoni","isPartOf":{"@id":"https:\/\/spaziospadoni.org\/fr\/#website"},"primaryImageOfPage":{"@id":"https:\/\/spaziospadoni.org\/fr\/opera-m\/republique-democratique-du-congo-afrique-projet-m8\/#primaryimage"},"image":{"@id":"https:\/\/spaziospadoni.org\/fr\/opera-m\/republique-democratique-du-congo-afrique-projet-m8\/#primaryimage"},"thumbnailUrl":"https:\/\/spaziospadoni.org\/wp-content\/uploads\/2026\/05\/hicsum_16_congo-spaziospadoni-1-1024x709.png","datePublished":"2026-05-18T13:30:43+00:00","dateModified":"2026-08-17T11:21:54+00:00","description":"Isiro | Isiro (R\u00e9publique D\u00e9mocratique du Congo) OPERA M8 MISSION Lieu Isiro Dioc\u00e8se Isiro Nation R\u00e9publique d\u00e9mocratique du Congo Continent Afrique","breadcrumb":{"@id":"https:\/\/spaziospadoni.org\/fr\/opera-m\/republique-democratique-du-congo-afrique-projet-m8\/#breadcrumb"},"inLanguage":"fr-FR","potentialAction":[{"@type":"ReadAction","target":["https:\/\/spaziospadoni.org\/fr\/opera-m\/republique-democratique-du-congo-afrique-projet-m8\/"]}]},{"@type":"ImageObject","inLanguage":"fr-FR","@id":"https:\/\/spaziospadoni.org\/fr\/opera-m\/republique-democratique-du-congo-afrique-projet-m8\/#primaryimage","url":"https:\/\/spaziospadoni.org\/wp-content\/uploads\/2026\/05\/hicsum_16_congo-spaziospadoni-1-1024x709.png","contentUrl":"https:\/\/spaziospadoni.org\/wp-content\/uploads\/2026\/05\/hicsum_16_congo-spaziospadoni-1-1024x709.png"},{"@type":"BreadcrumbList","@id":"https:\/\/spaziospadoni.org\/fr\/opera-m\/republique-democratique-du-congo-afrique-projet-m8\/#breadcrumb","itemListElement":[{"@type":"ListItem","position":1,"name":"Home","item":"https:\/\/spaziospadoni.org\/fr\/"},{"@type":"ListItem","position":2,"name":"Opera M","item":"https:\/\/spaziospadoni.org\/fr\/opera-m\/"},{"@type":"ListItem","position":3,"name":"R\u00e9publique D\u00e9mocratique du Congo &#8211; Afrique | Projet M8"}]},{"@type":"WebSite","@id":"https:\/\/spaziospadoni.org\/fr\/#website","url":"https:\/\/spaziospadoni.org\/fr\/","name":"spazio + spadoni","description":"Generazione di misericordia e missione nel mondo","publisher":{"@id":"https:\/\/spaziospadoni.org\/fr\/#organization"},"alternateName":"spaziospadoni.org","potentialAction":[{"@type":"SearchAction","target":{"@type":"EntryPoint","urlTemplate":"https:\/\/spaziospadoni.org\/fr\/?s={search_term_string}"},"query-input":{"@type":"PropertyValueSpecification","valueRequired":true,"valueName":"search_term_string"}}],"inLanguage":"fr-FR"},{"@type":"Organization","@id":"https:\/\/spaziospadoni.org\/fr\/#organization","name":"spazio + spadoni","alternateName":"spaziospadoni.org","url":"https:\/\/spaziospadoni.org\/fr\/","logo":{"@type":"ImageObject","inLanguage":"fr-FR","@id":"https:\/\/spaziospadoni.org\/fr\/#\/schema\/logo\/image\/","url":"https:\/\/spaziospadoni.org\/wp-content\/uploads\/2026\/05\/spazio-spadoni-logo-100x100-1.webp","contentUrl":"https:\/\/spaziospadoni.org\/wp-content\/uploads\/2026\/05\/spazio-spadoni-logo-100x100-1.webp","width":100,"height":100,"caption":"spazio + spadoni"},"image":{"@id":"https:\/\/spaziospadoni.org\/fr\/#\/schema\/logo\/image\/"},"sameAs":["https:\/\/www.facebook.com\/SpazioSpadoni\/","https:\/\/www.instagram.com\/spaziospadoni\/","https:\/\/www.youtube.com\/@spaziospadoni\/playlists"]}]}},"_links":{"self":[{"href":"https:\/\/spaziospadoni.org\/fr\/wp-json\/wp\/v2\/pages\/59605","targetHints":{"allow":["GET"]}}],"collection":[{"href":"https:\/\/spaziospadoni.org\/fr\/wp-json\/wp\/v2\/pages"}],"about":[{"href":"https:\/\/spaziospadoni.org\/fr\/wp-json\/wp\/v2\/types\/page"}],"author":[{"embeddable":true,"href":"https:\/\/spaziospadoni.org\/fr\/wp-json\/wp\/v2\/users\/102"}],"replies":[{"embeddable":true,"href":"https:\/\/spaziospadoni.org\/fr\/wp-json\/wp\/v2\/comments?post=59605"}],"version-history":[{"count":2,"href":"https:\/\/spaziospadoni.org\/fr\/wp-json\/wp\/v2\/pages\/59605\/revisions"}],"predecessor-version":[{"id":90322,"href":"https:\/\/spaziospadoni.org\/fr\/wp-json\/wp\/v2\/pages\/59605\/revisions\/90322"}],"up":[{"embeddable":true,"href":"https:\/\/spaziospadoni.org\/fr\/wp-json\/wp\/v2\/pages\/89581"}],"wp:attachment":[{"href":"https:\/\/spaziospadoni.org\/fr\/wp-json\/wp\/v2\/media?parent=59605"}],"curies":[{"name":"wp","href":"https:\/\/api.w.org\/{rel}","templated":true}]}}