{"id":59642,"date":"2026-05-18T14:32:57","date_gmt":"2026-05-18T13:32:57","guid":{"rendered":"https:\/\/spaziospadoni.org\/oeuvres-de-misericorde\/rwanda-afrique-projet-m15\/"},"modified":"2026-08-19T13:33:06","modified_gmt":"2026-08-19T12:33:06","slug":"rwanda-afrique-projet-m15","status":"publish","type":"page","link":"https:\/\/spaziospadoni.org\/fr\/opera-m\/rwanda-afrique-projet-m15\/","title":{"rendered":"Rwanda &#8211; Afrique | Projet M15"},"content":{"rendered":"\n<div class=\"ss-project-hero-card\">\n<h2 id=\"huye-butare-butare-rwanda\" class=\"gb-text gb-text-62a95885\">Huye &#8211; Butare | Butare (Rwanda)<\/h2>\n\n\n\n<div class=\"gb-element-f60f2409\">\n<div class=\"gb-element-90a85740 ss-project-sidebar\">\n<h2 id=\"opera-m15\" class=\"gb-text ss-project-title\">OPERA M15<\/h2>\n\n\n\n<figure class=\"wp-block-image size-large\"><img decoding=\"async\" src=\"https:\/\/spaziospadoni.org\/wp-content\/uploads\/2026\/05\/hicsum_28_rwanda-spaziospadoni-scaled.png\" alt=\"hicsum 28 rwanda spaziospadoni 150x150\" class=\"wp-image-43007\"\/><\/figure>\n\n\n\n<div class=\"ss-project-table\">\n<div class=\"ss-table-section-title\">\n<h3 id=\"mission\" class=\"gb-text\">MISSION<\/h3>\n<\/div>\n\n\n\n<div class=\"ss-table-row\">\n<p class=\"gb-text\">Lieu<\/p>\n\n\n\n<p class=\"gb-text\"><a href=\"https:\/\/www.google.it\/maps\/place\/Butare,+Ruanda\/@-2.6274613,29.6869256,13z\/data=!3m1!4b1!4m6!3m5!1s0x19c30e87584c8b97:0x71fbfafce20bdc47!8m2!3d-2.6005173!4d29.7419201!16zL20vMDk3eHZs?hl=it&#038;entry=ttu&#038;g_ep=EgoyMDI1MTAyOS4yIKXMDSoASAFQAw%3D%3D\" rel=\"noreferrer noopener\" target=\"_blank\" title=\"Huye &#8211; Butare\">Huye &#8211; Butare<\/a><\/p>\n<\/div>\n\n\n\n<div class=\"ss-table-row\">\n<p class=\"gb-text\">Dioc\u00e8se<\/p>\n\n\n\n<p class=\"gb-text\">Butare<\/p>\n<\/div>\n\n\n\n<div class=\"ss-table-row\">\n<p class=\"gb-text\">Nation<\/p>\n\n\n\n<p class=\"gb-text\"><strong>Rwanda<\/strong><\/p>\n<\/div>\n\n\n\n<div class=\"ss-table-row\">\n<p class=\"gb-text\">Continent<\/p>\n\n\n\n<p class=\"gb-text\">Afrique<\/p>\n<\/div>\n\n\n\n<div class=\"ss-table-row\">\n<p class=\"gb-text\">Coordonn\u00e9es GPS<\/p>\n\n\n\n<p class=\"gb-text\">-2.60697 29.74359<\/p>\n<\/div>\n\n\n\n<div class=\"ss-table-row\">\n<p class=\"gb-text\">Fuseau horaire<\/p>\n\n\n\n<p class=\"gb-text\">UTC+2<\/p>\n<\/div>\n<\/div>\n\n\n\n<div class=\"ss-project-table\">\n<div class=\"ss-table-section-title\">\n<h3 id=\"organisateur\" class=\"gb-text\">ORGANISATEUR<\/h3>\n<\/div>\n\n\n\n<div class=\"ss-table-row\">\n<p class=\"gb-text\">Congr\u00e9gation<\/p>\n\n\n\n<p class=\"gb-text\">Fraternit\u00e9 des Consacres de la Communaut\u00e9 Ingoro Y&rsquo;Urukundo (Demeure de la Charit\u00e9)<\/p>\n<\/div>\n\n\n\n<div class=\"ss-table-row\">\n<p class=\"gb-text\">Maison M\u00e8re<\/p>\n\n\n\n<p class=\"gb-text\">Huye &#8211; Butare<\/p>\n<\/div>\n\n\n\n<div class=\"ss-table-row\">\n<p class=\"gb-text\">Dioc\u00e8se<\/p>\n\n\n\n<p class=\"gb-text\">Butare<\/p>\n<\/div>\n\n\n\n<div class=\"ss-table-row\">\n<p class=\"gb-text\">Nation<\/p>\n\n\n\n<p class=\"gb-text\">Rwanda<\/p>\n<\/div>\n\n\n\n<div class=\"ss-table-row\">\n<p class=\"gb-text\">Continent<\/p>\n\n\n\n<p class=\"gb-text\">Afrique<\/p>\n<\/div>\n\n\n\n<div class=\"ss-table-row\">\n<p class=\"gb-text\">F\u00eate de la Congr\u00e9gation<\/p>\n\n\n\n<p class=\"gb-text\">F\u00eate de la Pentec\u00f4te<\/p>\n<\/div>\n\n\n\n<div class=\"ss-table-row\">\n<p class=\"gb-text\">Coordonn\u00e9es GPS<\/p>\n\n\n\n<p class=\"gb-text\">-2.60697, 29.74359<\/p>\n<\/div>\n\n\n\n<div class=\"ss-table-row\">\n<p class=\"gb-text\">Fuseau horaire<\/p>\n\n\n\n<p class=\"gb-text\">UTC+2<\/p>\n<\/div>\n\n\n\n<div class=\"ss-table-row\">\n<p class=\"gb-text\">R\u00e9f\u00e9rent<\/p>\n\n\n\n<p class=\"gb-text\">S\u0153ur Esperance Nyirasafari<\/p>\n<\/div>\n\n\n\n<div class=\"ss-table-row\">\n<p class=\"gb-text\">M\u00e8re G\u00e9n\u00e9rale<\/p>\n\n\n\n<p class=\"gb-text\">S\u0153ur Germaine Mukamugema<\/p>\n<\/div>\n<\/div>\n\n\n\n<div class=\"ss-project-table\">\n<a class=\"gb-element-e1766596 ss-table-section-button\" href=\"#\" title=\"OPERA M &#8211; PROJET M15\">\n<span class=\"gb-text\">OPERA M &#8211; PROJET M15<\/span>\n<\/a>\n<\/div>\n<\/div>\n<\/div>\n\n\n\n<div class=\"gb-element-6ad95ea8\">\n<div class=\"gb-element-e34063a6 ss-project-intro\">\n<p class=\"wp-block-paragraph\">OPERA M est la r\u00e9volution des \u0153uvres de mis\u00e9ricorde. C&rsquo;est l&rsquo;instrument permanent de d\u00e9veloppement d&rsquo;une pens\u00e9e forte et renouvel\u00e9e des \u0153uvres dans le monde. <\/p>\n\n\n\n<p class=\"wp-block-paragraph\">Il na\u00eet d&rsquo;une urgence fortement ressentie par spazio + spadoni de faire r\u00e9<strong>\u00c9<\/strong>voluer le concept d&rsquo;\u0153uvre de mis\u00e9ricorde comme un chemin qui est toujours \u00e0 la fois humain et divin, et donc, toujours spirituel en plus d&rsquo;\u00eatre pratique (ou corporel). La red\u00e9couverte, voire la v\u00e9ritable r\u00e9<strong>\u00c9<\/strong>volution des \u0153uvres doit \u00eatre retrouv\u00e9e au sein de cette synth\u00e8se entre aspect spirituel et acte pratique. L&rsquo;agir mat\u00e9riel doit toujours \u00eatre impr\u00e9gn\u00e9 de l&rsquo;esprit.  <\/p>\n\n\n\n<p class=\"wp-block-paragraph\">OPERA M se fonde sur cinq actions qui en d\u00e9finissent la m\u00e9thode : INVOQUE, appelle l&rsquo;Esprit \u00c9COUTE, fais silence pour t&rsquo;ouvrir \u00e0 l&rsquo;\u00e9coute RENCONTRE, sois au milieu des gens AGISSONS, agir pour les \u0153uvres INONDONS, portons tout le monde aux \u0153uvres de mis\u00e9ricorde <strong>\u0152uvres de mis\u00e9ricorde spirituelles<\/strong> Conseiller ceux qui doutent Enseigner les ignorants Avertir les p\u00e9cheurs Consoler les afflig\u00e9s Pardonner les offenses Supporter patiemment les personnes importunes Prier Dieu pour les vivants et pour les morts <strong>\u0152uvres de mis\u00e9ricorde corporelles<\/strong> Donner \u00e0 manger aux affam\u00e9s Donner \u00e0 boire aux assoiff\u00e9s V\u00eatir les nus Loger les p\u00e8lerins Visiter les malades Visiter les prisonniers Ensevelir les morts<\/p>\n\n<\/div>\n<\/div>\n\n\n\n\n<div>\n\n<h2 id=\"chronologie\" class=\"gb-text gb-text-8179e40a\">Chronologie<\/h2>\n\n\n\n\n\n<div class=\"ss-timeline\">\n\n<h3 id=\"2023\" class=\"gb-text\">2023<\/h3>\n\n\n\n\n\n<div class=\"ss-timeline-item\">\n\n<h4 id=\"12-fevrier-creation-du-groupe\" class=\"gb-text\">12 f\u00e9vrier | Cr\u00e9ation du groupe<\/h4>\n\n\n\n\n<p class=\"wp-block-paragraph\">Cr\u00e9ation du groupe de b\u00e9n\u00e9voles qui se r\u00e9unit pour la premi\u00e8re fois<\/p>\n\n\n<\/div>\n\n\n\n\n<div class=\"ss-timeline-item\">\n\n<h4 id=\"22-fevrier-oeuvres-de-misericorde-a-lhopital\" class=\"gb-text\">22 f\u00e9vrier | \u0152uvres de mis\u00e9ricorde \u00e0 l&rsquo;h\u00f4pital<\/h4>\n\n\n\n\n<p class=\"wp-block-paragraph\">\u0152uvres de mis\u00e9ricorde avec les d\u00e9tenus hospitalis\u00e9s \u00e0 l&rsquo;h\u00f4pital<\/p>\n\n\n<\/div>\n\n\n\n\n<div class=\"ss-timeline-item\">\n\n<h4 id=\"18-mars-reevolution\" class=\"gb-text\">18 mars | R\u00e9\u00c9volution<\/h4>\n\n\n\n\n<p class=\"wp-block-paragraph\">\u00c0 l&rsquo;occasion des c\u00e9l\u00e9brations de Saint Joseph, s\u0153ur Agnes pr\u00e9sente la r\u00e9\u00c9volution des \u0153uvres de mis\u00e9ricorde \u00e0 toute la Congr\u00e9gation<\/p>\n\n\n<\/div>\n\n\n\n\n<div class=\"ss-timeline-item\">\n\n<h4 id=\"6-octobre-oeuvres-de-misericorde-a-lhopital\" class=\"gb-text\">6 octobre | \u0152uvres de mis\u00e9ricorde \u00e0 l&rsquo;h\u00f4pital<\/h4>\n\n\n\n\n<p class=\"wp-block-paragraph\">\u0152uvres de mis\u00e9ricorde \u00e0 l&rsquo;h\u00f4pital<\/p>\n\n\n<\/div>\n\n\n<\/div>\n\n\n\n\n<div class=\"ss-timeline\">\n\n<h3 id=\"2024\" class=\"gb-text\">2024<\/h3>\n\n\n\n\n\n<div class=\"ss-timeline-item\">\n\n<h4 id=\"03-janvier-oeuvres-de-misericorde-avec-les-personnes-agees\" class=\"gb-text\">03 janvier | \u0153uvres de mis\u00e9ricorde avec les personnes \u00e2g\u00e9es<\/h4>\n\n\n\n\n<p class=\"wp-block-paragraph\">\u0153uvres de mis\u00e9ricorde avec les personnes \u00e2g\u00e9es malades<\/p>\n\n\n<\/div>\n\n\n\n\n<div class=\"ss-timeline-item\">\n\n<h4 id=\"24-fevrier-oeuvres-de-misericorde-avec-les-personnes-agees\" class=\"gb-text\">24 f\u00e9vrier | \u0153uvres de mis\u00e9ricorde avec les personnes \u00e2g\u00e9es<\/h4>\n\n\n\n\n<p class=\"wp-block-paragraph\">\u0153uvres de mis\u00e9ricorde avec les personnes \u00e2g\u00e9es malades<\/p>\n\n\n<\/div>\n\n\n\n\n<div class=\"ss-timeline-item\">\n\n<h4 id=\"23-mars-reevolution\" class=\"gb-text\">23 mars | R\u00e9\u00c9volution<\/h4>\n\n\n\n\n<p class=\"wp-block-paragraph\">Rencontre de formation guid\u00e9e par s\u0153ur Agnes<\/p>\n\n\n<\/div>\n\n\n\n\n<div class=\"ss-timeline-item\">\n\n<h4 id=\"28-avril-oeuvres-de-misericorde-avec-les-malades\" class=\"gb-text\">28 avril | \u0153uvres de mis\u00e9ricorde avec les malades<\/h4>\n\n\n\n\n<p class=\"wp-block-paragraph\">\u0153uvres de mis\u00e9ricorde parmi les personnes \u00e2g\u00e9es et les malades<\/p>\n\n\n<\/div>\n\n\n\n\n<div class=\"ss-timeline-item\">\n\n<h4 id=\"25-mai-benevoles\" class=\"gb-text\">25 mai | B\u00e9n\u00e9voles<\/h4>\n\n\n\n\n<p class=\"wp-block-paragraph\">\u0152uvres de mis\u00e9ricorde avec les b\u00e9n\u00e9voles<\/p>\n\n\n<\/div>\n\n\n\n\n<div class=\"ss-timeline-item\">\n\n<h4 id=\"28-juin-benevoles\" class=\"gb-text\">28 juin | B\u00e9n\u00e9voles<\/h4>\n\n\n\n\n<p class=\"wp-block-paragraph\">\u0152uvres de mis\u00e9ricorde avec les b\u00e9n\u00e9voles<\/p>\n\n\n<\/div>\n\n\n\n\n<div class=\"ss-timeline-item\">\n\n<h4 id=\"27-juillet-oeuvres-de-misericorde\" class=\"gb-text\">27 juillet | \u0153uvres de mis\u00e9ricorde<\/h4>\n\n\n\n\n<p class=\"wp-block-paragraph\">\u0152uvres de mis\u00e9ricorde avec les b\u00e9n\u00e9voles<\/p>\n\n\n<\/div>\n\n\n\n\n<div class=\"ss-timeline-item\">\n\n<h4 id=\"05-aout-oeuvres-de-misericorde\" class=\"gb-text\">05 ao\u00fbt | \u0153uvres de mis\u00e9ricorde<\/h4>\n\n\n\n\n<p class=\"wp-block-paragraph\">\u0152uvres de mis\u00e9ricorde avec les b\u00e9n\u00e9voles<\/p>\n\n\n<\/div>\n\n\n\n\n<div class=\"ss-timeline-item\">\n\n<h4 id=\"24-aout-oeuvres-de-misericorde-prier\" class=\"gb-text\">24 ao\u00fbt | \u0153uvres de mis\u00e9ricorde prier<\/h4>\n\n\n\n\n<p class=\"wp-block-paragraph\">\u0152uvres de mis\u00e9ricorde avec les b\u00e9n\u00e9voles, prier avec les malades<\/p>\n\n\n<\/div>\n\n\n\n\n<div class=\"ss-timeline-item\">\n\n<h4 id=\"28-septembre-oeuvres-de-misericorde\" class=\"gb-text\">28 septembre | \u0153uvres de mis\u00e9ricorde<\/h4>\n\n\n\n\n<p class=\"wp-block-paragraph\">\u0152uvres de mis\u00e9ricorde avec les b\u00e9n\u00e9voles<\/p>\n\n\n<\/div>\n\n\n\n\n<div class=\"ss-timeline-item\">\n\n<h4 id=\"26-octobre-benevoles\" class=\"gb-text\">26 octobre | B\u00e9n\u00e9voles<\/h4>\n\n\n\n\n<p class=\"wp-block-paragraph\">\u0152uvres de mis\u00e9ricorde avec les b\u00e9n\u00e9voles<\/p>\n\n\n<\/div>\n\n\n\n\n<div class=\"ss-timeline-item\">\n\n<h4 id=\"30-novembre-oeuvres-de-misericorde\" class=\"gb-text\">30 novembre | \u0153uvres de mis\u00e9ricorde<\/h4>\n\n\n\n\n<p class=\"wp-block-paragraph\">\u0152uvres de mis\u00e9ricorde avec les b\u00e9n\u00e9voles<\/p>\n\n\n<\/div>\n\n\n\n\n<div class=\"ss-timeline-item\">\n\n<h4 id=\"28-decembre-benevoles\" class=\"gb-text\">28 d\u00e9cembre | B\u00e9n\u00e9voles<\/h4>\n\n\n\n\n<p class=\"wp-block-paragraph\">\u0152uvres de mis\u00e9ricorde avec les b\u00e9n\u00e9voles<\/p>\n\n\n<\/div>\n\n\n<\/div>\n\n\n\n\n<div class=\"ss-timeline\">\n\n<h3 id=\"2025\" class=\"gb-text\">2025<\/h3>\n\n\n\n\n\n<div class=\"ss-timeline-item\">\n\n<h4 id=\"26-janvier-oeuvres-de-misericorde-avec-les-personnes-agees\" class=\"gb-text\">26 janvier | \u0153uvres de mis\u00e9ricorde avec les personnes \u00e2g\u00e9es<\/h4>\n\n\n\n\n<p class=\"wp-block-paragraph\">\u0152uvres de mis\u00e9ricorde avec les b\u00e9n\u00e9voles dans les maisons des personnes \u00e2g\u00e9es et des malades<\/p>\n\n\n<\/div>\n\n\n\n\n<div class=\"ss-timeline-item\">\n\n<h4 id=\"23-fevrier-oeuvres-de-misericorde-cabinets-medicaux\" class=\"gb-text\">23 f\u00e9vrier | \u0153uvres de mis\u00e9ricorde cabinets m\u00e9dicaux<\/h4>\n\n\n\n\n<p class=\"wp-block-paragraph\">\u0152uvres de mis\u00e9ricorde avec les b\u00e9n\u00e9voles dans les cabinets m\u00e9dicaux<\/p>\n\n\n<\/div>\n\n\n\n\n<div class=\"ss-timeline-item\">\n\n<h4 id=\"4-mai-oeuvres-de-misericorde-a-lhopital\" class=\"gb-text\">4 mai | \u0153uvres de mis\u00e9ricorde \u00e0 l&rsquo;h\u00f4pital<\/h4>\n\n\n\n\n<p class=\"wp-block-paragraph\">\u0152uvres de mis\u00e9ricorde \u00e0 l&rsquo;h\u00f4pital<\/p>\n\n\n<\/div>\n\n\n\n\n<div class=\"ss-timeline-item\">\n\n<h4 id=\"10-juin-oeuvres-de-misericorde-a-lhopital\" class=\"gb-text\">10 juin | \u0153uvres de mis\u00e9ricorde \u00e0 l&rsquo;h\u00f4pital<\/h4>\n\n\n\n\n<p class=\"wp-block-paragraph\">\u0152uvres de mis\u00e9ricorde \u00e0 l&rsquo;h\u00f4pital<\/p>\n\n\n<\/div>\n\n\n\n\n<div class=\"ss-timeline-item\">\n\n<h4 id=\"18-octobre-oeuvres-de-misericorde\" class=\"gb-text\">18 octobre | \u0153uvres de mis\u00e9ricorde<\/h4>\n\n\n\n\n<p class=\"wp-block-paragraph\">\u0152uvres de mis\u00e9ricorde \u00e0 l&rsquo;h\u00f4pital<\/p>\n\n\n<\/div>\n\n\n<\/div>\n\n\n<\/div>\n\n\n\n<div class=\"ss-project-reports\">\n<h2 id=\"rapport-des-oeuvres-de-misericorde\" class=\"gb-text gb-text-75c3218d\">Rapport des \u0152uvres de Mis\u00e9ricorde<\/h2>\n\n\n<ul class=\"wp-block-list ss-report-list\">\n\n<li><a href=\"https:\/\/spaziospadoni.org\/wp-content\/uploads\/2026\/05\/2023-Luglio_Report-OPERA-M_sr-Agnes_Suore-Dimora-della-Carita.pdf\" target=\"_blank\" rel=\"noreferrer noopener\" title=\"2023 Juillet_Rapport OPERA M_sr Agnes_S\u0153urs Demeure de la Charit\u00e9\">2023 Juillet_Rapport OPERA M_sr Agnes_S\u0153urs Demeure de la Charit\u00e9<\/a><\/li>\n\n\n<li><a href=\"https:\/\/spaziospadoni.org\/wp-content\/uploads\/2026\/05\/2025-Marzo_Report-OPERA-M_sr-Agnes_Suore-Dimora-della-Carita.pdf\" target=\"_blank\" rel=\"noreferrer noopener\" title=\"2025 Mars_Rapport OPERA M_sr Agnes_S\u0153urs Demeure de la Charit\u00e9\">2025 Mars_Rapport OPERA M_sr Agnes_S\u0153urs Demeure de la Charit\u00e9<\/a><\/li>\n\n\n<li><a href=\"https:\/\/spaziospadoni.org\/wp-content\/uploads\/2026\/05\/Elenco-volontari_gruppi_sr.-Agnes.pdf\" target=\"_blank\" rel=\"noreferrer noopener\" title=\"Liste b\u00e9n\u00e9voles_groupes_sr Agnes\">Liste b\u00e9n\u00e9voles_groupes_sr Agnes <\/a><\/li>\n\n<\/ul>\n\n<\/div>\n\n\n\n<div class=\"ss-project-media\">\n<h2 id=\"photos-et-videos\" class=\"gb-text gb-text-d7bd8be8\">Photos et vid\u00e9os<\/h2>\n\n\n<div class=\"ss-media-filters\">\n\n<a class=\"gb-text ss-media-filter active\" data-filter=\"*\" title=\"Tout\">Tout<\/a>\n\n\n<a class=\"gb-text ss-media-filter\" data-filter=\".volontari\" title=\"B\u00e9n\u00e9voles\">B\u00e9n\u00e9voles<\/a>\n\n\n<a class=\"gb-text ss-media-filter\" data-filter=\".video\" title=\"Vid\u00e9o\">Vid\u00e9o<\/a>\n\n<\/div>\n\n\n<div class=\"ss-media-grid\">\n<div>\n<figure class=\"wp-block-gallery has-nested-images columns-1 is-cropped ss-lightbox wp-block-gallery-1 is-layout-flex wp-block-gallery-is-layout-flex\">\n\n<figure class=\"wp-block-image size-large volontari\"><img decoding=\"async\" alt=\"2023 novembre 19 hicsum 28 italie rwanda spazio + spadoni mis&#xE9;ricorde stiava sr agnes selene pera visite 2\" src=\"https:\/\/spaziospadoni.org\/wp-content\/uploads\/2026\/05\/2023_novembre_19_hicsum_28_italia_rwanda_spazio_spadoni_misericordia_stiava_sr_agnes_selene_pera_visita-2.jpg\"\/><\/figure>\n\n\n<figure class=\"wp-block-image size-large volontari\"><img decoding=\"async\" alt=\"2023 novembre 19 hicsum 28 italie rwanda spazio + spadoni mis&#xE9;ricorde stiava sr agnes selene pera visite 3\" src=\"https:\/\/spaziospadoni.org\/wp-content\/uploads\/2026\/05\/2023_novembre_19_hicsum_28_italia_rwanda_spazio_spadoni_misericordia_stiava_sr_agnes_selene_pera_visita-3.jpg\"\/><\/figure>\n\n\n<figure class=\"wp-block-image size-large volontari\"><img decoding=\"async\" alt=\"juin 2025 s&#x153;ur Agnes hicsum rwanda spazio + spadoni &#x153;uvres de mis&#xE9;ricorde b&#xE9;n&#xE9;voles b&#xE9;n&#xE9;volat operam 1\" src=\"https:\/\/spaziospadoni.org\/wp-content\/uploads\/2026\/05\/giugno-2025_suor-Agnes_hicsum_rwanda_spaziospadoni_opere_di_misericordia_volontari_volontariato_operam-1.jpg\"\/><\/figure>\n\n\n<figure class=\"wp-block-image size-large volontari\"><img decoding=\"async\" alt=\"2024 ao&#xFB;t 5 spazio + spadoni s&#x153;ur agnes &#x153;uvres de mis&#xE9;ricorde b&#xE9;n&#xE9;voles operam\" src=\"https:\/\/spaziospadoni.org\/wp-content\/uploads\/2026\/05\/2024_agosto_5_spazio_spadoni_suor_agnes_opere_misericordia_volontari_operam.jpg\"\/><\/figure>\n\n\n<figure class=\"wp-block-image size-large volontari\"><img decoding=\"async\" alt=\"juin 2025 s&#x153;ur Agnes hicsum rwanda spazio + spadoni &#x153;uvres de mis&#xE9;ricorde b&#xE9;n&#xE9;voles b&#xE9;n&#xE9;volat operam 2\" src=\"https:\/\/spaziospadoni.org\/wp-content\/uploads\/2026\/05\/giugno-2025_suor-Agnes_hicsum_rwanda_spaziospadoni_opere_di_misericordia_volontari_volontariato_operam-2.jpg\"\/><\/figure>\n\n\n<figure class=\"wp-block-image size-large volontari\"><img decoding=\"async\" alt=\"2025 octobre 18 s&#x153;ur agnes esperance rwanda &#x153;uvres de mis&#xE9;ricorde volontaires h&#xF4;pital 8\" src=\"https:\/\/spaziospadoni.org\/wp-content\/uploads\/2026\/05\/2025_ottobre_18_suor_agnes_esperance_rwanda_opere_misericordia_volontari_ospedale-8.jpg\"\/><\/figure>\n\n\n<figure class=\"wp-block-image size-large volontari\"><img decoding=\"async\" alt=\"2025 octobre 18 s&#x153;ur agnes esperance rwanda &#x153;uvres de mis&#xE9;ricorde volontaires h&#xF4;pital 9\" src=\"https:\/\/spaziospadoni.org\/wp-content\/uploads\/2026\/05\/2025_ottobre_18_suor_agnes_esperance_rwanda_opere_misericordia_volontari_ospedale-9.jpg\"\/><\/figure>\n\n\n<figure class=\"wp-block-image size-large volontari\"><img decoding=\"async\" alt=\"2025 octobre 18 s&#x153;ur agnes esperance rwanda &#x153;uvres de mis&#xE9;ricorde volontaires h&#xF4;pital 10\" src=\"https:\/\/spaziospadoni.org\/wp-content\/uploads\/2026\/05\/2025_ottobre_18_suor_agnes_esperance_rwanda_opere_misericordia_volontari_ospedale-10.jpg\"\/><\/figure>\n\n\n<figure class=\"wp-block-image size-large volontari\"><img decoding=\"async\" alt=\"2025 octobre 18 s&#x153;ur agnes esperance rwanda &#x153;uvres de mis&#xE9;ricorde volontaires h&#xF4;pital 1\" src=\"https:\/\/spaziospadoni.org\/wp-content\/uploads\/2026\/05\/2025_ottobre_18_suor_agnes_esperance_rwanda_opere_misericordia_volontari_ospedale-1.jpg\"\/><\/figure>\n\n\n<figure class=\"wp-block-image size-large volontari\"><img decoding=\"async\" alt=\"2025 octobre 18 s&#x153;ur agnes esperance rwanda &#x153;uvres de mis&#xE9;ricorde volontaires h&#xF4;pital 3\" src=\"https:\/\/spaziospadoni.org\/wp-content\/uploads\/2026\/05\/2025_ottobre_18_suor_agnes_esperance_rwanda_opere_misericordia_volontari_ospedale-3.jpg\"\/><\/figure>\n\n\n<figure class=\"wp-block-image size-large volontari\"><img decoding=\"async\" alt=\"2025 octobre 18 s&#x153;ur agnes esperance rwanda &#x153;uvres de mis&#xE9;ricorde b&#xE9;n&#xE9;voles h&#xF4;pital 4\" src=\"https:\/\/spaziospadoni.org\/wp-content\/uploads\/2026\/05\/2025_ottobre_18_suor_agnes_esperance_rwanda_opere_misericordia_volontari_ospedale-4.jpg\"\/><\/figure>\n\n\n<figure class=\"wp-block-image size-large volontari\"><img decoding=\"async\" alt=\"2025 octobre 18 s&#x153;ur agnes esperance rwanda &#x153;uvres de mis&#xE9;ricorde volontaires h&#xF4;pital 5\" src=\"https:\/\/spaziospadoni.org\/wp-content\/uploads\/2026\/05\/2025_ottobre_18_suor_agnes_esperance_rwanda_opere_misericordia_volontari_ospedale-5.jpg\"\/><\/figure>\n\n\n<figure class=\"wp-block-image size-large volontari\"><img decoding=\"async\" alt=\"2025 octobre 18 s&#x153;ur agnes esperance rwanda &#x153;uvres de mis&#xE9;ricorde volontaires h&#xF4;pital 6\" src=\"https:\/\/spaziospadoni.org\/wp-content\/uploads\/2026\/05\/2025_ottobre_18_suor_agnes_esperance_rwanda_opere_misericordia_volontari_ospedale-6.jpg\"\/><\/figure>\n\n\n<figure class=\"wp-block-image size-large volontari\"><img decoding=\"async\" alt=\"2025 octobre 18 s&#x153;ur agnes esperance rwanda &#x153;uvres de mis&#xE9;ricorde volontaires h&#xF4;pital 6\" src=\"https:\/\/spaziospadoni.org\/wp-content\/uploads\/2026\/05\/2025_ottobre_18_suor_agnes_esperance_rwanda_opere_misericordia_volontari_ospedale-6.jpg\"\/><\/figure>\n\n\n<figure class=\"wp-block-image size-large volontari\"><img decoding=\"async\" alt=\"2024 ao&#xFB;t 5 spazio + spadoni s&#x153;ur agnes &#x153;uvres de mis&#xE9;ricorde b&#xE9;n&#xE9;voles operam\" src=\"https:\/\/spaziospadoni.org\/wp-content\/uploads\/2026\/05\/2024_agosto_5_spazio_spadoni_suor_agnes_opere_misericordia_volontari_operam.jpg\"\/><\/figure>\n\n<\/figure>\n\n\n<div class=\"gb-element-b24bbf5e ss-media-videos\">\n\n<figure class=\"wp-block-video video\"><video controls=\"\" src=\"https:\/\/spaziospadoni.org\/wp-content\/uploads\/2026\/05\/2023_marzo_san_giuseppe_suor_agnes_spiega_opere_misericordia.mp4\"><\/video><figcaption class=\"wp-element-caption\">2023 mars saint joseph s\u0153ur agnes explique les \u0153uvres de mis\u00e9ricorde<\/figcaption><\/figure>\n\n\n<figure class=\"wp-block-video video\"><video controls=\"\" src=\"https:\/\/spaziospadoni.org\/wp-content\/uploads\/2026\/05\/ottobre_2023_apostolato_ospedale_rwanda_opere_misericordia_operam_spazio_spadoni_suor_agnes.mp4\"><\/video><figcaption class=\"wp-element-caption\">octobre 2023 apostolat h\u00f4pital rwanda \u0153uvres de mis\u00e9ricorde operam spazio + spadoni s\u0153ur agnes<\/figcaption><\/figure>\n\n\n<figure class=\"wp-block-video video\"><video controls=\"\" src=\"https:\/\/spaziospadoni.org\/wp-content\/uploads\/2026\/05\/maggio_2025_apostolato_ospedale_operam_opere_misericordia_rwanda_suor_agnes_spazio_spadoni-2.mp4\"><\/video><figcaption class=\"wp-element-caption\">mai 2025 apostolat h\u00f4pital operam \u0153uvres de mis\u00e9ricorde rwanda s\u0153ur agnes spazio + spadoni 2<\/figcaption><\/figure>\n\n\n<figure class=\"wp-block-video video\"><video controls=\"\" src=\"https:\/\/spaziospadoni.org\/wp-content\/uploads\/2026\/05\/maggio_2025_apostolato_ospedale_operam_opere_misericordia_rwanda_suor_agnes_spazio_spadoni-1.mp4\"><\/video><figcaption class=\"wp-element-caption\">mai 2025 apostolat h\u00f4pital operam \u0153uvres de mis\u00e9ricorde rwanda s\u0153ur agnes spazio + spadoni 1<\/figcaption><\/figure>\n\n\n<figure class=\"wp-block-video video\"><video controls=\"\" src=\"https:\/\/spaziospadoni.org\/wp-content\/uploads\/2026\/05\/13.09.2025.mp4\"><\/video><figcaption class=\"wp-element-caption\">13.09.2025<\/figcaption><\/figure>\n\n\n<figure class=\"wp-block-video video\"><video controls=\"\" src=\"https:\/\/spaziospadoni.org\/wp-content\/uploads\/2026\/05\/2025_aprile_operam_opere_misericordia_spazio_spadoni_butare_ruanda_volontari.mp4\"><\/video><figcaption class=\"wp-element-caption\">2025 avril operam \u0153uvres de mis\u00e9ricorde spazio + spadoni butare rwanda volontaires<\/figcaption><\/figure>\n\n\n<figure class=\"wp-block-video video\"><video controls=\"\" src=\"https:\/\/spaziospadoni.org\/wp-content\/uploads\/2026\/05\/2025_ottobre_18_suor_agnes_esperance_rwanda_opere_misericordia_volontari_ospedale-1.mp4\"><\/video><figcaption class=\"wp-element-caption\">2025 octobre 18 s\u0153ur agnes esperance rwanda \u0153uvres de mis\u00e9ricorde volontaires h\u00f4pital 1<\/figcaption><\/figure>\n\n<\/div>\n\n<\/div>\n\n<\/div>\n\n<\/div>\n\n","protected":false},"excerpt":{"rendered":"<p>Huye &#8211; Butare | Butare (Rwanda) OPERA M15 MISSION Lieu Huye &#8211; Butare Dioc\u00e8se Butare Nation Rwanda Continent Afrique Coordonn\u00e9es GPS -2.60697 29.74359 Fuseau horaire UTC+2 ORGANISATEUR Congr\u00e9gation Fraternit\u00e9 des Consacres de la Communaut\u00e9 Ingoro Y&rsquo;Urukundo (Demeure de la Charit\u00e9) Maison M\u00e8re Huye &#8211; Butare Dioc\u00e8se Butare Nation Rwanda Continent Afrique F\u00eate de la Congr\u00e9gation &#8230; <a title=\"Rwanda &#8211; Afrique | Projet M15\" class=\"read-more\" href=\"https:\/\/spaziospadoni.org\/fr\/opera-m\/rwanda-afrique-projet-m15\/\" aria-label=\"Read more about Rwanda &#8211; Afrique | Projet M15\">Lire plus<\/a><\/p>\n","protected":false},"author":102,"featured_media":0,"parent":89581,"menu_order":0,"comment_status":"closed","ping_status":"closed","template":"","meta":{"_sitemap_exclude":false,"_sitemap_priority":"","_sitemap_frequency":"","footnotes":""},"class_list":["post-59642","page","type-page","status-publish","infinite-scroll-item"],"yoast_head":"<!-- This site is optimized with the Yoast SEO plugin v28.4 - https:\/\/yoast.com\/product\/yoast-seo-wordpress\/ -->\n<title>Rwanda - Afrique | Projet M15 | Spazio Spadoni<\/title>\n<meta name=\"description\" content=\"Huye - Butare | Butare (Rwanda) OPERA M15 MISSION Lieu Huye - Butare Dioc\u00e8se Butare Nation Rwanda Continent Afrique Coordonn\u00e9es GPS -2.60697 29.74359\" \/>\n<meta name=\"robots\" content=\"index, follow, max-snippet:-1, max-image-preview:large, max-video-preview:-1\" \/>\n<link rel=\"canonical\" href=\"https:\/\/spaziospadoni.org\/fr\/opera-m\/rwanda-afrique-projet-m15\/\" \/>\n<meta property=\"og:locale\" content=\"fr_FR\" \/>\n<meta property=\"og:type\" content=\"article\" \/>\n<meta property=\"og:title\" content=\"Rwanda - Afrique | Projet M15 | Spazio Spadoni\" \/>\n<meta property=\"og:description\" content=\"Huye - Butare | Butare (Rwanda) OPERA M15 MISSION Lieu Huye - Butare Dioc\u00e8se Butare Nation Rwanda Continent Afrique Coordonn\u00e9es GPS -2.60697 29.74359\" \/>\n<meta property=\"og:url\" content=\"https:\/\/spaziospadoni.org\/fr\/opera-m\/rwanda-afrique-projet-m15\/\" \/>\n<meta property=\"og:site_name\" content=\"spazio + spadoni\" \/>\n<meta property=\"article:publisher\" content=\"https:\/\/www.facebook.com\/SpazioSpadoni\/\" \/>\n<meta property=\"article:modified_time\" content=\"2026-08-19T12:33:06+00:00\" \/>\n<meta property=\"og:image\" content=\"https:\/\/spaziospadoni.org\/wp-content\/uploads\/2026\/05\/hicsum_1_congo-spaziospadoni-scaled.png\" \/>\n\t<meta property=\"og:image:width\" content=\"2560\" \/>\n\t<meta property=\"og:image:height\" content=\"1771\" \/>\n\t<meta property=\"og:image:type\" content=\"image\/png\" \/>\n<meta name=\"twitter:card\" content=\"summary_large_image\" \/>\n<meta name=\"twitter:label1\" content=\"Est. reading time\" \/>\n\t<meta name=\"twitter:data1\" content=\"8 minutes\" \/>\n<script type=\"application\/ld+json\" class=\"yoast-schema-graph\">{\"@context\":\"https:\\\/\\\/schema.org\",\"@graph\":[{\"@type\":\"WebPage\",\"@id\":\"https:\\\/\\\/spaziospadoni.org\\\/fr\\\/opera-m\\\/rwanda-afrique-projet-m15\\\/\",\"url\":\"https:\\\/\\\/spaziospadoni.org\\\/fr\\\/opera-m\\\/rwanda-afrique-projet-m15\\\/\",\"name\":\"Rwanda - Afrique | Projet M15 | Spazio Spadoni\",\"isPartOf\":{\"@id\":\"https:\\\/\\\/spaziospadoni.org\\\/fr\\\/#website\"},\"primaryImageOfPage\":{\"@id\":\"https:\\\/\\\/spaziospadoni.org\\\/fr\\\/opera-m\\\/rwanda-afrique-projet-m15\\\/#primaryimage\"},\"image\":{\"@id\":\"https:\\\/\\\/spaziospadoni.org\\\/fr\\\/opera-m\\\/rwanda-afrique-projet-m15\\\/#primaryimage\"},\"thumbnailUrl\":\"https:\\\/\\\/spaziospadoni.org\\\/wp-content\\\/uploads\\\/2026\\\/05\\\/hicsum_28_rwanda-spaziospadoni-scaled.png\",\"datePublished\":\"2026-05-18T13:32:57+00:00\",\"dateModified\":\"2026-08-19T12:33:06+00:00\",\"description\":\"Huye - Butare | Butare (Rwanda) OPERA M15 MISSION Lieu Huye - Butare Dioc\u00e8se Butare Nation Rwanda Continent Afrique Coordonn\u00e9es GPS -2.60697 29.74359\",\"breadcrumb\":{\"@id\":\"https:\\\/\\\/spaziospadoni.org\\\/fr\\\/opera-m\\\/rwanda-afrique-projet-m15\\\/#breadcrumb\"},\"inLanguage\":\"fr-FR\",\"potentialAction\":[{\"@type\":\"ReadAction\",\"target\":[\"https:\\\/\\\/spaziospadoni.org\\\/fr\\\/opera-m\\\/rwanda-afrique-projet-m15\\\/\"]}]},{\"@type\":\"ImageObject\",\"inLanguage\":\"fr-FR\",\"@id\":\"https:\\\/\\\/spaziospadoni.org\\\/fr\\\/opera-m\\\/rwanda-afrique-projet-m15\\\/#primaryimage\",\"url\":\"https:\\\/\\\/spaziospadoni.org\\\/wp-content\\\/uploads\\\/2026\\\/05\\\/hicsum_28_rwanda-spaziospadoni-scaled.png\",\"contentUrl\":\"https:\\\/\\\/spaziospadoni.org\\\/wp-content\\\/uploads\\\/2026\\\/05\\\/hicsum_28_rwanda-spaziospadoni-scaled.png\"},{\"@type\":\"BreadcrumbList\",\"@id\":\"https:\\\/\\\/spaziospadoni.org\\\/fr\\\/opera-m\\\/rwanda-afrique-projet-m15\\\/#breadcrumb\",\"itemListElement\":[{\"@type\":\"ListItem\",\"position\":1,\"name\":\"Home\",\"item\":\"https:\\\/\\\/spaziospadoni.org\\\/fr\\\/\"},{\"@type\":\"ListItem\",\"position\":2,\"name\":\"Opera M\",\"item\":\"https:\\\/\\\/spaziospadoni.org\\\/fr\\\/opera-m\\\/\"},{\"@type\":\"ListItem\",\"position\":3,\"name\":\"Rwanda &#8211; Afrique | Projet M15\"}]},{\"@type\":\"WebSite\",\"@id\":\"https:\\\/\\\/spaziospadoni.org\\\/fr\\\/#website\",\"url\":\"https:\\\/\\\/spaziospadoni.org\\\/fr\\\/\",\"name\":\"spazio + spadoni\",\"description\":\"Generazione di misericordia e missione nel mondo\",\"publisher\":{\"@id\":\"https:\\\/\\\/spaziospadoni.org\\\/fr\\\/#organization\"},\"alternateName\":\"spaziospadoni.org\",\"potentialAction\":[{\"@type\":\"SearchAction\",\"target\":{\"@type\":\"EntryPoint\",\"urlTemplate\":\"https:\\\/\\\/spaziospadoni.org\\\/fr\\\/?s={search_term_string}\"},\"query-input\":{\"@type\":\"PropertyValueSpecification\",\"valueRequired\":true,\"valueName\":\"search_term_string\"}}],\"inLanguage\":\"fr-FR\"},{\"@type\":\"Organization\",\"@id\":\"https:\\\/\\\/spaziospadoni.org\\\/fr\\\/#organization\",\"name\":\"spazio + spadoni\",\"alternateName\":\"spaziospadoni.org\",\"url\":\"https:\\\/\\\/spaziospadoni.org\\\/fr\\\/\",\"logo\":{\"@type\":\"ImageObject\",\"inLanguage\":\"fr-FR\",\"@id\":\"https:\\\/\\\/spaziospadoni.org\\\/fr\\\/#\\\/schema\\\/logo\\\/image\\\/\",\"url\":\"https:\\\/\\\/spaziospadoni.org\\\/wp-content\\\/uploads\\\/2026\\\/05\\\/spazio-spadoni-logo-100x100-1.webp\",\"contentUrl\":\"https:\\\/\\\/spaziospadoni.org\\\/wp-content\\\/uploads\\\/2026\\\/05\\\/spazio-spadoni-logo-100x100-1.webp\",\"width\":100,\"height\":100,\"caption\":\"spazio + spadoni\"},\"image\":{\"@id\":\"https:\\\/\\\/spaziospadoni.org\\\/fr\\\/#\\\/schema\\\/logo\\\/image\\\/\"},\"sameAs\":[\"https:\\\/\\\/www.facebook.com\\\/SpazioSpadoni\\\/\",\"https:\\\/\\\/www.instagram.com\\\/spaziospadoni\\\/\",\"https:\\\/\\\/www.youtube.com\\\/@spaziospadoni\\\/playlists\"]}]}<\/script>\n<!-- \/ Yoast SEO plugin. -->","yoast_head_json":{"title":"Rwanda - Afrique | Projet M15 | Spazio Spadoni","description":"Huye - Butare | Butare (Rwanda) OPERA M15 MISSION Lieu Huye - Butare Dioc\u00e8se Butare Nation Rwanda Continent Afrique Coordonn\u00e9es GPS -2.60697 29.74359","robots":{"index":"index","follow":"follow","max-snippet":"max-snippet:-1","max-image-preview":"max-image-preview:large","max-video-preview":"max-video-preview:-1"},"canonical":"https:\/\/spaziospadoni.org\/fr\/opera-m\/rwanda-afrique-projet-m15\/","og_locale":"fr_FR","og_type":"article","og_title":"Rwanda - Afrique | Projet M15 | Spazio Spadoni","og_description":"Huye - Butare | Butare (Rwanda) OPERA M15 MISSION Lieu Huye - Butare Dioc\u00e8se Butare Nation Rwanda Continent Afrique Coordonn\u00e9es GPS -2.60697 29.74359","og_url":"https:\/\/spaziospadoni.org\/fr\/opera-m\/rwanda-afrique-projet-m15\/","og_site_name":"spazio + spadoni","article_publisher":"https:\/\/www.facebook.com\/SpazioSpadoni\/","article_modified_time":"2026-08-19T12:33:06+00:00","og_image":[{"width":2560,"height":1771,"url":"https:\/\/spaziospadoni.org\/wp-content\/uploads\/2026\/05\/hicsum_1_congo-spaziospadoni-scaled.png","type":"image\/png"}],"twitter_card":"summary_large_image","twitter_misc":{"Est. reading time":"8 minutes"},"schema":{"@context":"https:\/\/schema.org","@graph":[{"@type":"WebPage","@id":"https:\/\/spaziospadoni.org\/fr\/opera-m\/rwanda-afrique-projet-m15\/","url":"https:\/\/spaziospadoni.org\/fr\/opera-m\/rwanda-afrique-projet-m15\/","name":"Rwanda - Afrique | Projet M15 | Spazio Spadoni","isPartOf":{"@id":"https:\/\/spaziospadoni.org\/fr\/#website"},"primaryImageOfPage":{"@id":"https:\/\/spaziospadoni.org\/fr\/opera-m\/rwanda-afrique-projet-m15\/#primaryimage"},"image":{"@id":"https:\/\/spaziospadoni.org\/fr\/opera-m\/rwanda-afrique-projet-m15\/#primaryimage"},"thumbnailUrl":"https:\/\/spaziospadoni.org\/wp-content\/uploads\/2026\/05\/hicsum_28_rwanda-spaziospadoni-scaled.png","datePublished":"2026-05-18T13:32:57+00:00","dateModified":"2026-08-19T12:33:06+00:00","description":"Huye - Butare | Butare (Rwanda) OPERA M15 MISSION Lieu Huye - Butare Dioc\u00e8se Butare Nation Rwanda Continent Afrique Coordonn\u00e9es GPS -2.60697 29.74359","breadcrumb":{"@id":"https:\/\/spaziospadoni.org\/fr\/opera-m\/rwanda-afrique-projet-m15\/#breadcrumb"},"inLanguage":"fr-FR","potentialAction":[{"@type":"ReadAction","target":["https:\/\/spaziospadoni.org\/fr\/opera-m\/rwanda-afrique-projet-m15\/"]}]},{"@type":"ImageObject","inLanguage":"fr-FR","@id":"https:\/\/spaziospadoni.org\/fr\/opera-m\/rwanda-afrique-projet-m15\/#primaryimage","url":"https:\/\/spaziospadoni.org\/wp-content\/uploads\/2026\/05\/hicsum_28_rwanda-spaziospadoni-scaled.png","contentUrl":"https:\/\/spaziospadoni.org\/wp-content\/uploads\/2026\/05\/hicsum_28_rwanda-spaziospadoni-scaled.png"},{"@type":"BreadcrumbList","@id":"https:\/\/spaziospadoni.org\/fr\/opera-m\/rwanda-afrique-projet-m15\/#breadcrumb","itemListElement":[{"@type":"ListItem","position":1,"name":"Home","item":"https:\/\/spaziospadoni.org\/fr\/"},{"@type":"ListItem","position":2,"name":"Opera M","item":"https:\/\/spaziospadoni.org\/fr\/opera-m\/"},{"@type":"ListItem","position":3,"name":"Rwanda &#8211; Afrique | Projet M15"}]},{"@type":"WebSite","@id":"https:\/\/spaziospadoni.org\/fr\/#website","url":"https:\/\/spaziospadoni.org\/fr\/","name":"spazio + spadoni","description":"Generazione di misericordia e missione nel mondo","publisher":{"@id":"https:\/\/spaziospadoni.org\/fr\/#organization"},"alternateName":"spaziospadoni.org","potentialAction":[{"@type":"SearchAction","target":{"@type":"EntryPoint","urlTemplate":"https:\/\/spaziospadoni.org\/fr\/?s={search_term_string}"},"query-input":{"@type":"PropertyValueSpecification","valueRequired":true,"valueName":"search_term_string"}}],"inLanguage":"fr-FR"},{"@type":"Organization","@id":"https:\/\/spaziospadoni.org\/fr\/#organization","name":"spazio + spadoni","alternateName":"spaziospadoni.org","url":"https:\/\/spaziospadoni.org\/fr\/","logo":{"@type":"ImageObject","inLanguage":"fr-FR","@id":"https:\/\/spaziospadoni.org\/fr\/#\/schema\/logo\/image\/","url":"https:\/\/spaziospadoni.org\/wp-content\/uploads\/2026\/05\/spazio-spadoni-logo-100x100-1.webp","contentUrl":"https:\/\/spaziospadoni.org\/wp-content\/uploads\/2026\/05\/spazio-spadoni-logo-100x100-1.webp","width":100,"height":100,"caption":"spazio + spadoni"},"image":{"@id":"https:\/\/spaziospadoni.org\/fr\/#\/schema\/logo\/image\/"},"sameAs":["https:\/\/www.facebook.com\/SpazioSpadoni\/","https:\/\/www.instagram.com\/spaziospadoni\/","https:\/\/www.youtube.com\/@spaziospadoni\/playlists"]}]}},"_links":{"self":[{"href":"https:\/\/spaziospadoni.org\/fr\/wp-json\/wp\/v2\/pages\/59642","targetHints":{"allow":["GET"]}}],"collection":[{"href":"https:\/\/spaziospadoni.org\/fr\/wp-json\/wp\/v2\/pages"}],"about":[{"href":"https:\/\/spaziospadoni.org\/fr\/wp-json\/wp\/v2\/types\/page"}],"author":[{"embeddable":true,"href":"https:\/\/spaziospadoni.org\/fr\/wp-json\/wp\/v2\/users\/102"}],"replies":[{"embeddable":true,"href":"https:\/\/spaziospadoni.org\/fr\/wp-json\/wp\/v2\/comments?post=59642"}],"version-history":[{"count":3,"href":"https:\/\/spaziospadoni.org\/fr\/wp-json\/wp\/v2\/pages\/59642\/revisions"}],"predecessor-version":[{"id":90855,"href":"https:\/\/spaziospadoni.org\/fr\/wp-json\/wp\/v2\/pages\/59642\/revisions\/90855"}],"up":[{"embeddable":true,"href":"https:\/\/spaziospadoni.org\/fr\/wp-json\/wp\/v2\/pages\/89581"}],"wp:attachment":[{"href":"https:\/\/spaziospadoni.org\/fr\/wp-json\/wp\/v2\/media?parent=59642"}],"curies":[{"name":"wp","href":"https:\/\/api.w.org\/{rel}","templated":true}]}}