{"id":59731,"date":"2026-05-18T14:36:16","date_gmt":"2026-05-18T13:36:16","guid":{"rendered":"https:\/\/spaziospadoni.org\/oeuvres-de-misericorde\/rwanda-afrique-projet-m20\/"},"modified":"2026-08-19T13:45:14","modified_gmt":"2026-08-19T12:45:14","slug":"rwanda-afrique-projet-m20","status":"publish","type":"page","link":"https:\/\/spaziospadoni.org\/fr\/opera-m\/rwanda-afrique-projet-m20\/","title":{"rendered":"Rwanda &#8211; Afrique | Projet M20"},"content":{"rendered":"\n<div class=\"ss-project-hero-card\">\n<h2 id=\"rwamagana-kibungo-rwanda\" class=\"gb-text gb-text-62a95885\">Rwamagana | Kibungo (Rwanda)<\/h2>\n\n\n\n<div class=\"gb-element-f60f2409\">\n<div class=\"gb-element-90a85740 ss-project-sidebar\">\n<h2 id=\"opera-m20\" class=\"gb-text ss-project-title\">OPERA M20<\/h2>\n\n\n\n<figure class=\"wp-block-image size-large\"><img decoding=\"async\" src=\"https:\/\/spaziospadoni.org\/wp-content\/uploads\/2026\/05\/hicsum_28_rwanda-spaziospadoni-scaled.png\" alt=\"hicsum 28 rwanda spaziospadoni 150x150\" class=\"wp-image-43007\"\/><\/figure>\n\n\n\n<div class=\"ss-project-table\">\n<div class=\"ss-table-section-title\">\n<h3 id=\"mission\" class=\"gb-text\">MISSION<\/h3>\n<\/div>\n\n\n\n<div class=\"ss-table-row\">\n<p class=\"gb-text\">Lieu<\/p>\n\n\n\n<p class=\"gb-text\"><a href=\"https:\/\/www.google.com\/maps\/place\/Rwamagana,+Ruanda\/@-1.9535355,30.4237819,15z\/data=!3m1!4b1!4m6!3m5!1s0x19db467fe2ae9d31:0x9a6d0081670fc11d!8m2!3d-1.9535133!4d30.4386437!16zL20vMDdteXp3?entry=ttu&#038;g_ep=EgoyMDI2MDExOS4wIKXMDSoASAFQAw%3D%3D\" rel=\"noreferrer noopener\" target=\"_blank\" title=\"Rwamagana\">Rwamagana<\/a><\/p>\n<\/div>\n\n\n\n<div class=\"ss-table-row\">\n<p class=\"gb-text\">Dioc\u00e8se<\/p>\n\n\n\n<p class=\"gb-text\">Kibungo<\/p>\n<\/div>\n\n\n\n<div class=\"ss-table-row\">\n<p class=\"gb-text\">Nation<\/p>\n\n\n\n<p class=\"gb-text\"><strong>Rwanda<\/strong><\/p>\n<\/div>\n\n\n\n<div class=\"ss-table-row\">\n<p class=\"gb-text\">Continent<\/p>\n\n\n\n<p class=\"gb-text\">Afrique<\/p>\n<\/div>\n\n\n\n<div class=\"ss-table-row\">\n<p class=\"gb-text\">Coordonn\u00e9es GPS<\/p>\n\n\n\n<p class=\"gb-text\">-1.95372 30.43816<\/p>\n<\/div>\n\n\n\n<div class=\"ss-table-row\">\n<p class=\"gb-text\">Fuseau horaire<\/p>\n\n\n\n<p class=\"gb-text\">UTC+2<\/p>\n<\/div>\n<\/div>\n\n\n\n<div class=\"ss-project-table\">\n<div class=\"ss-table-section-title\">\n<h3 id=\"organisateur\" class=\"gb-text\">ORGANISATEUR<\/h3>\n<\/div>\n\n\n\n<div class=\"ss-table-row\">\n<p class=\"gb-text\">Congr\u00e9gation<\/p>\n\n\n\n<p class=\"gb-text\">Fraternit\u00e9 des Consacres de la Communaut\u00e9 Ingoro Y&rsquo;Urukundo (Demeure de la Charit\u00e9)<\/p>\n<\/div>\n\n\n\n<div class=\"ss-table-row\">\n<p class=\"gb-text\">Maison M\u00e8re<\/p>\n\n\n\n<p class=\"gb-text\">Huye &#8211; Butare<\/p>\n<\/div>\n\n\n\n<div class=\"ss-table-row\">\n<p class=\"gb-text\">Dioc\u00e8se<\/p>\n\n\n\n<p class=\"gb-text\">Butare<\/p>\n<\/div>\n\n\n\n<div class=\"ss-table-row\">\n<p class=\"gb-text\">Nation<\/p>\n\n\n\n<p class=\"gb-text\">Rwanda<\/p>\n<\/div>\n\n\n\n<div class=\"ss-table-row\">\n<p class=\"gb-text\">Continent<\/p>\n\n\n\n<p class=\"gb-text\">Afrique<\/p>\n<\/div>\n\n\n\n<div class=\"ss-table-row\">\n<p class=\"gb-text\">F\u00eate de la Congr\u00e9gation<\/p>\n\n\n\n<p class=\"gb-text\">F\u00eate de la Pentec\u00f4te<\/p>\n<\/div>\n\n\n\n<div class=\"ss-table-row\">\n<p class=\"gb-text\">Coordonn\u00e9es GPS<\/p>\n\n\n\n<p class=\"gb-text\">-2.60697, 29.74359<\/p>\n<\/div>\n\n\n\n<div class=\"ss-table-row\">\n<p class=\"gb-text\">Fuseau horaire<\/p>\n\n\n\n<p class=\"gb-text\">UTC+2<\/p>\n<\/div>\n\n\n\n<div class=\"ss-table-row\">\n<p class=\"gb-text\">R\u00e9f\u00e9rent<\/p>\n\n\n\n<p class=\"gb-text\">S\u0153ur Esperance Nyirasafari<\/p>\n<\/div>\n\n\n\n<div class=\"ss-table-row\">\n<p class=\"gb-text\">M\u00e8re G\u00e9n\u00e9rale<\/p>\n\n\n\n<p class=\"gb-text\">S\u0153ur Germaine Mukamugema<\/p>\n<\/div>\n<\/div>\n\n\n\n<div class=\"ss-project-table\">\n<a class=\"gb-element-e1766596 ss-table-section-button\" href=\"#\" title=\"OPERA M &#8211; PROJET M20\">\n<span class=\"gb-text\">OPERA M &#8211; PROJET M20<\/span>\n<\/a>\n<\/div>\n<\/div>\n<\/div>\n\n\n\n<div class=\"gb-element-6ad95ea8\">\n<div class=\"gb-element-e34063a6 ss-project-intro\">\n<p class=\"wp-block-paragraph\">OPERA M est la r\u00e9volution des \u0153uvres de mis\u00e9ricorde. C&rsquo;est l&rsquo;instrument permanent de d\u00e9veloppement d&rsquo;une pens\u00e9e forte et renouvel\u00e9e des \u0153uvres dans le monde. <\/p>\n\n\n\n<p class=\"wp-block-paragraph\">Il na\u00eet d&rsquo;une urgence fortement ressentie par spazio + spadoni de faire r\u00e9<strong>\u00c9<\/strong>voluer le concept d&rsquo;\u0153uvre de mis\u00e9ricorde comme un chemin qui est toujours \u00e0 la fois humain et divin, et donc, toujours spirituel en plus d&rsquo;\u00eatre pratique (ou corporel). La red\u00e9couverte, voire la v\u00e9ritable r\u00e9<strong>\u00c9<\/strong>volution des \u0153uvres doit \u00eatre retrouv\u00e9e au sein de cette synth\u00e8se entre aspect spirituel et acte pratique. L&rsquo;agir mat\u00e9riel doit toujours \u00eatre impr\u00e9gn\u00e9 de l&rsquo;esprit.  <\/p>\n\n\n\n<p class=\"wp-block-paragraph\">OPERA M se fonde sur cinq actions qui en d\u00e9finissent la m\u00e9thode : INVOQUE, appelle l&rsquo;Esprit \u00c9COUTE, fais silence pour t&rsquo;ouvrir \u00e0 l&rsquo;\u00e9coute RENCONTRE, sois au milieu des gens AGISSONS, agir pour les \u0153uvres INONDONS, portons tout le monde aux \u0153uvres de mis\u00e9ricorde <strong>\u0152uvres de mis\u00e9ricorde spirituelles<\/strong> Conseiller ceux qui doutent Enseigner les ignorants Avertir les p\u00e9cheurs Consoler les afflig\u00e9s Pardonner les offenses Supporter patiemment les personnes importunes Prier Dieu pour les vivants et pour les morts <strong>\u0152uvres de mis\u00e9ricorde corporelles<\/strong> Donner \u00e0 manger aux affam\u00e9s Donner \u00e0 boire aux assoiff\u00e9s V\u00eatir les nus Loger les p\u00e8lerins Visiter les malades Visiter les prisonniers Ensevelir les morts<\/p>\n\n<\/div>\n<\/div>\n\n\n\n\n<div>\n\n<h2 id=\"chronologie\" class=\"gb-text gb-text-8179e40a\">Chronologie<\/h2>\n\n\n\n\n\n<div class=\"ss-timeline\">\n\n<h3 id=\"2021\" class=\"gb-text\">2021<\/h3>\n\n\n\n\n\n<div class=\"ss-timeline-item\">\n\n<h4 id=\"03-fevrier-debut-de-la-relation\" class=\"gb-text\">03 f\u00e9vrier | D\u00e9but de la relation<\/h4>\n\n\n\n\n<p class=\"wp-block-paragraph\">La collaboration commence entre spazio + spadoni et la Congr\u00e9gation des S\u0153urs Demeure de la Charit\u00e9<\/p>\n\n\n<\/div>\n\n\n<\/div>\n\n\n\n\n<div class=\"ss-timeline\">\n\n<h3 id=\"2022\" class=\"gb-text\">2022<\/h3>\n\n\n\n\n\n<div class=\"ss-timeline-item\">\n\n<h4 id=\"0606-arrivee-de-la-soeur\" class=\"gb-text\">06.06 | Arriv\u00e9e de la s\u0153ur<\/h4>\n\n\n\n\n<p class=\"wp-block-paragraph\">S\u0153ur Luminatha arrive en Italie et commence sa formation aupr\u00e8s de la mis\u00e9ricorde d&rsquo;Uzzano<\/p>\n\n\n<\/div>\n\n\n\n\n<div class=\"ss-timeline-item\">\n\n<h4 id=\"0609-juin-formation\" class=\"gb-text\">06-09 juin | Formation<\/h4>\n\n\n\n\n<p class=\"wp-block-paragraph\">Formation technique de spazio + spadoni, sur le projet HIC SUM et sur OPERA M, au Couvent de San Cerbone (LU) <\/p>\n\n\n<\/div>\n\n\n\n\n<div class=\"ss-timeline-item\">\n\n<h4 id=\"0711-septembre-convention-fare-spazio-al-coraggio\" class=\"gb-text\">07-11 septembre | Convention Fare Spazio al Coraggio<\/h4>\n\n\n\n\n<p class=\"wp-block-paragraph\">S\u0153ur Luminatha participe \u00e0 la Convention con\u00e7ue et promue par spazio + spadoni au Couvent de San Cerbone (LU) <\/p>\n\n\n<\/div>\n\n\n\n\n<div class=\"ss-timeline-item\">\n\n<h4 id=\"21-novembre-16-decembre-formation-oeuvres-de-misericorde\" class=\"gb-text\">21 novembre &#8211; 16 d\u00e9cembre | Formation \u0153uvres de mis\u00e9ricorde<\/h4>\n\n\n\n\n<p class=\"wp-block-paragraph\">S\u0153ur Luminatha participe au cours de formation sur les \u0153uvres de mis\u00e9ricorde et l&rsquo;\u00e9conomie de communion promu et soutenu par spazio + spadoni \u00e0 Loppiano (FI)<\/p>\n\n\n\n<figure class=\"wp-block-gallery has-nested-images columns-1 is-cropped ss-lightbox wp-block-gallery-1 is-layout-flex wp-block-gallery-is-layout-flex\">\n\n<figure class=\"wp-block-image size-large\"><img decoding=\"async\" src=\"https:\/\/spaziospadoni.org\/wp-content\/uploads\/2026\/05\/2022_dicembre_hicsum_36_loppiano_spazio_spadoni_sr_luminatha_suore_dimora_carita_formazione_odm_operam-9-225x300.jpg\" alt=\"2022 d&#xE9;cembre hicsum 36 loppiano spazio + spadoni sr luminatha s&#x153;urs demeure de la charit&#xE9; formation &#x153;uvres de mis&#xE9;ricorde operam 9 225x300\"\/><figcaption class=\"wp-element-caption\">21 novembre &#8211; 16 d\u00e9cembre | Formation \u0153uvres de mis\u00e9ricorde<\/figcaption><\/figure>\n\n\n<figure class=\"wp-block-image size-large\"><img decoding=\"async\" src=\"https:\/\/spaziospadoni.org\/wp-content\/uploads\/2026\/05\/2022_dicembre_hicsum_36_loppiano_spazio_spadoni_sr_luminatha_suore_dimora_carita_formazione_odm_operam-2-300x300.jpg\" alt=\"2022 d&#xE9;cembre hicsum 36 loppiano spazio + spadoni sr luminatha s&#x153;urs demeure de la charit&#xE9; formation &#x153;uvres de mis&#xE9;ricorde operam 2 300x300\"\/><figcaption class=\"wp-element-caption\">21 novembre &#8211; 16 d\u00e9cembre | Formation \u0153uvres de mis\u00e9ricorde<\/figcaption><\/figure>\n\n<\/figure>\n\n\n<\/div>\n\n\n\n\n<div class=\"ss-timeline-item\">\n\n<h4 id=\"07-decembre-depart-de-la-soeur\" class=\"gb-text\">07 d\u00e9cembre | D\u00e9part de la s\u0153ur<\/h4>\n\n\n\n\n<p class=\"wp-block-paragraph\">La s\u0153ur retourne au Rwanda, dans la communaut\u00e9 de Ruhunda<\/p>\n\n\n<\/div>\n\n\n<\/div>\n\n\n\n\n<div class=\"ss-timeline\">\n\n<h3 id=\"2023\" class=\"gb-text\">2023<\/h3>\n\n\n\n\n\n<div class=\"ss-timeline-item\">\n\n<h4 id=\"02-fevrier-formation-oeuvres-de-misericorde\" class=\"gb-text\">02 f\u00e9vrier | Formation \u0153uvres de mis\u00e9ricorde<\/h4>\n\n\n\n\n<p class=\"wp-block-paragraph\">S\u0153ur Luminatha forme les \u00e9tudiants sur l&rsquo;importance des \u0153uvres de mis\u00e9ricorde<\/p>\n\n\n\n<figure class=\"wp-block-gallery has-nested-images columns-1 is-cropped ss-lightbox wp-block-gallery-2 is-layout-flex wp-block-gallery-is-layout-flex\">\n\n<figure class=\"wp-block-image size-large\"><img decoding=\"async\" src=\"https:\/\/spaziospadoni.org\/wp-content\/uploads\/2026\/05\/2023_febbraio_8_hicsum_36_rwanda_misericordia_uzzano_spazio_spadoni_suor_luminatha_suore_dimora_carita_spiegare_operam_studenti-300x225.jpeg\" alt=\"2023 f&#xE9;vrier 8 hicsum 36 rwanda mis&#xE9;ricorde uzzano spazio + spadoni s&#x153;ur luminatha s&#x153;urs demeure de la charit&#xE9; expliquer operam aux &#xE9;tudiants 300x225\"\/><figcaption class=\"wp-element-caption\">02 f\u00e9vrier | Formation \u0153uvres de mis\u00e9ricorde<\/figcaption><\/figure>\n\n\n<figure class=\"wp-block-image size-large\"><img decoding=\"async\" src=\"https:\/\/spaziospadoni.org\/wp-content\/uploads\/2026\/05\/2023_febbraio_2_testimonianza_suor_luminatha_opere_misericordia_spazio_spadoni-300x225.jpeg\" alt=\"2023 f&#xE9;vrier 2 t&#xE9;moignage s&#x153;ur luminatha &#x153;uvres de mis&#xE9;ricorde spazio + spadoni 300x225\"\/><figcaption class=\"wp-element-caption\">02 f\u00e9vrier | Formation \u0153uvres de mis\u00e9ricorde<\/figcaption><\/figure>\n\n<\/figure>\n\n\n<\/div>\n\n\n\n\n<div class=\"ss-timeline-item\">\n\n<h4 id=\"02-mars-oeuvres-de-misericorde-avec-les-benevoles\" class=\"gb-text\">02 mars | \u0152uvres de mis\u00e9ricorde avec les b\u00e9n\u00e9voles<\/h4>\n\n\n\n\n<p class=\"wp-block-paragraph\">S\u0153ur Luminatha et les premiers b\u00e9n\u00e9voles des \u0153uvres de mis\u00e9ricorde<\/p>\n\n\n<\/div>\n\n\n\n\n<div class=\"ss-timeline-item\">\n\n<h4 id=\"29-mai-oeuvres-de-misericorde-avec-les-benevoles\" class=\"gb-text\">29 mai | \u0152uvres de mis\u00e9ricorde avec les b\u00e9n\u00e9voles<\/h4>\n\n\n\n\n<p class=\"wp-block-paragraph\">L&rsquo;activit\u00e9 continue p\u00e9riodiquement avec les b\u00e9n\u00e9voles d&rsquo;OPERA M pour le village de Ruhunda<\/p>\n\n\n\n<figure class=\"wp-block-gallery has-nested-images columns-1 is-cropped ss-lightbox wp-block-gallery-3 is-layout-flex wp-block-gallery-is-layout-flex\">\n\n<figure class=\"wp-block-image size-large\"><img decoding=\"async\" src=\"https:\/\/spaziospadoni.org\/wp-content\/uploads\/2026\/05\/2023_maggio_29_suor_luminatha_spazio_spadoni_volontari_opere_misericordia_rwanda-1-300x300.jpg\" alt=\"2023 mai 29 s&#x153;ur luminatha spazio + spadoni b&#xE9;n&#xE9;voles &#x153;uvres de mis&#xE9;ricorde rwanda 1 300x300\"\/><figcaption class=\"wp-element-caption\">29 mai | \u0152uvres de mis\u00e9ricorde avec les b\u00e9n\u00e9voles<\/figcaption><\/figure>\n\n\n<figure class=\"wp-block-image size-large\"><img decoding=\"async\" src=\"https:\/\/spaziospadoni.org\/wp-content\/uploads\/2026\/05\/2023_maggio_29_suor_luminatha_spazio_spadoni_volontari_opere_misericordia_rwanda-2-300x300.jpg\" alt=\"2023 mai 29 s&#x153;ur luminatha spazio + spadoni b&#xE9;n&#xE9;voles &#x153;uvres de mis&#xE9;ricorde rwanda 2 300x300\"\/><figcaption class=\"wp-element-caption\">29 mai | \u0152uvres de mis\u00e9ricorde avec les b\u00e9n\u00e9voles<\/figcaption><\/figure>\n\n<\/figure>\n\n\n<\/div>\n\n\n\n\n<div class=\"ss-timeline-item\">\n\n<h4 id=\"26-juillet-opera-m\" class=\"gb-text\">26 juillet | OPERA M<\/h4>\n\n\n\n\n<p class=\"wp-block-paragraph\">Reportage sur les \u0153uvres de mis\u00e9ricorde \u2013 OPERA M<\/p>\n\n\n\n<figure class=\"wp-block-gallery has-nested-images columns-1 is-cropped ss-lightbox wp-block-gallery-4 is-layout-flex wp-block-gallery-is-layout-flex\">\n\n<figure class=\"wp-block-image size-large\"><img decoding=\"async\" src=\"https:\/\/spaziospadoni.org\/wp-content\/uploads\/2026\/05\/2023_settembre_hicsum_36_rwanda_misericordia_uzzano_spazio_spadoni_suor_luminatha_suore_dimora_carita_volontari-300x225.jpg\" alt=\"2023 septembre hicsum 36 rwanda mis&#xE9;ricorde uzzano spazio + spadoni s&#x153;ur luminatha s&#x153;urs demeure de la charit&#xE9; b&#xE9;n&#xE9;voles 300x225\"\/><figcaption class=\"wp-element-caption\">26 juillet | OPERA M<\/figcaption><\/figure>\n\n<\/figure>\n\n\n<\/div>\n\n\n\n\n<div class=\"ss-timeline-item\">\n\n<h4 id=\"novembre-spazio-spadoni-rencontre-les-soeurs-au-rwanda\" class=\"gb-text\">Novembre | spazio + spadoni rencontre les s\u0153urs au Rwanda<\/h4>\n\n\n\n\n<p class=\"wp-block-paragraph\">\u00c0 l&rsquo;occasion d&rsquo;un voyage missionnaire en R\u00e9publique d\u00e9mocratique du Congo, Selene se rend au Rwanda, \u00e0 Butare et \u00e0 Rwamagana pour rencontrer et saluer s\u0153ur Agnes, s\u0153ur Esperance et s\u0153ur Luminatha<\/p>\n\n\n\n<figure class=\"wp-block-gallery has-nested-images columns-1 is-cropped ss-lightbox wp-block-gallery-5 is-layout-flex wp-block-gallery-is-layout-flex\">\n\n<figure class=\"wp-block-image size-large\"><img decoding=\"async\" src=\"https:\/\/spaziospadoni.org\/wp-content\/uploads\/2026\/05\/2023_novembre_hicsum_36_rwanda_misericordia_uzzano_spazio_spadoni_suor_luminatha_suore_dimora_carita_visita_selene_pera-2-300x225.jpg\" alt=\"2023 novembre hicsum 36 rwanda mis&#xE9;ricorde uzzano spazio + spadoni s&#x153;ur luminatha s&#x153;urs demeure de la charit&#xE9; visite selene pera 2 300x225\"\/><figcaption class=\"wp-element-caption\">Novembre | spazio + spadoni rencontre les s\u0153urs au Rwanda<\/figcaption><\/figure>\n\n<\/figure>\n\n\n<\/div>\n\n\n<\/div>\n\n\n\n\n<div class=\"ss-timeline\">\n\n<h3 id=\"2024\" class=\"gb-text\">2024<\/h3>\n\n\n\n\n\n<div class=\"ss-timeline-item\">\n\n<h4 id=\"10-novembre-remise-des-foulards-aux-benevoles\" class=\"gb-text\">10 novembre | Remise des foulards aux b\u00e9n\u00e9voles<\/h4>\n\n\n\n\n<p class=\"wp-block-paragraph\">Le foulard est remis aux b\u00e9n\u00e9voles d&rsquo;OPERA M pendant la c\u00e9l\u00e9bration<\/p>\n\n\n\n<figure class=\"wp-block-gallery has-nested-images columns-1 is-cropped ss-lightbox wp-block-gallery-6 is-layout-flex wp-block-gallery-is-layout-flex\">\n\n<figure class=\"wp-block-image size-large\"><img decoding=\"async\" src=\"https:\/\/spaziospadoni.org\/wp-content\/uploads\/2026\/05\/novembre_2024_volontari_foulard_rwanda_suor_luminatha_opere_misericordia_spazio_spadoni-2-300x135.jpg\" alt=\"novembre 2024 b&#xE9;n&#xE9;voles foulard rwanda s&#x153;ur luminatha &#x153;uvres de mis&#xE9;ricorde spazio + spadoni 2 300x135\"\/><figcaption class=\"wp-element-caption\">10 novembre | Remise des foulards aux b\u00e9n\u00e9voles<\/figcaption><\/figure>\n\n\n<figure class=\"wp-block-image size-large\"><img decoding=\"async\" src=\"https:\/\/spaziospadoni.org\/wp-content\/uploads\/2026\/05\/novembre_2024_volontari_foulard_rwanda_suor_luminatha_opere_misericordia_spazio_spadoni-1-300x135.jpg\" alt=\"novembre 2024 b&#xE9;n&#xE9;voles foulard rwanda s&#x153;ur luminatha &#x153;uvres de mis&#xE9;ricorde spazio + spadoni 1 300x135\"\/><figcaption class=\"wp-element-caption\">10 novembre | Remise des foulards aux b\u00e9n\u00e9voles<\/figcaption><\/figure>\n\n<\/figure>\n\n\n<\/div>\n\n\n<\/div>\n\n\n\n\n<div class=\"ss-timeline\">\n\n<h3 id=\"2025\" class=\"gb-text\">2025<\/h3>\n\n\n\n\n\n<div class=\"ss-timeline-item\">\n\n<h4 id=\"23-novembre-fete-des-benevoles-et-remise-des-foulards\" class=\"gb-text\">23 novembre | F\u00eate des b\u00e9n\u00e9voles et remise des foulards<\/h4>\n\n\n\n\n<p class=\"wp-block-paragraph\">La f\u00eate annuelle pour l&rsquo;anniversaire de la naissance du groupe des b\u00e9n\u00e9voles s&rsquo;est tenue. \u00c0 cette occasion, les foulards ont \u00e9t\u00e9 b\u00e9nis et distribu\u00e9s aux nouveaux b\u00e9n\u00e9voles. Cette journ\u00e9e sp\u00e9ciale a \u00e9galement \u00e9t\u00e9 enrichie par la pr\u00e9sence d&rsquo;une d\u00e9l\u00e9gation de b\u00e9n\u00e9voles arriv\u00e9s de Butare et accompagn\u00e9s par s\u0153ur Esperance et s\u0153ur Agnes.  <\/p>\n\n\n\n<figure class=\"wp-block-gallery has-nested-images columns-1 is-cropped ss-lightbox wp-block-gallery-7 is-layout-flex wp-block-gallery-is-layout-flex\">\n\n<figure class=\"wp-block-image size-large\"><img decoding=\"async\" src=\"https:\/\/spaziospadoni.org\/wp-content\/uploads\/2026\/05\/2025_novembre_23_festa_volontari_suor_luminatha_ruanda_opere_misericordia_spazio_spadoni_operam_hic_sum-2.jpeg\" alt=\"2025 novembre 23 f&#xEA;te b&#xE9;n&#xE9;voles s&#x153;ur luminatha rwanda &#x153;uvres de mis&#xE9;ricorde spazio + spadoni operam hic sum 2\"\/><figcaption class=\"wp-element-caption\">23 novembre | F\u00eate des b\u00e9n\u00e9voles et remise des foulards<\/figcaption><\/figure>\n\n\n<figure class=\"wp-block-image size-large\"><img decoding=\"async\" src=\"https:\/\/spaziospadoni.org\/wp-content\/uploads\/2026\/05\/2025_novembre_volontari_suor_luminatha_agnes_esperance_festa_volontari_misericordia_spazio_spadoni-1.jpeg\" alt=\"2025 novembre b&#xE9;n&#xE9;voles s&#x153;ur luminatha agnes esperance f&#xEA;te b&#xE9;n&#xE9;voles mis&#xE9;ricorde spazio + spadoni 1\"\/><figcaption class=\"wp-element-caption\">23 novembre | F\u00eate des b\u00e9n\u00e9voles et remise des foulards<\/figcaption><\/figure>\n\n<\/figure>\n\n\n<\/div>\n\n\n<\/div>\n\n\n<\/div>\n\n\n\n<div class=\"ss-project-reports\">\n<h2 id=\"rapport-des-oeuvres-de-misericorde\" class=\"gb-text gb-text-75c3218d\">Rapport des \u0152uvres de Mis\u00e9ricorde<\/h2>\n\n\n<ul class=\"wp-block-list ss-report-list\">\n\n<li><a href=\"https:\/\/spaziospadoni.org\/wp-content\/uploads\/2026\/05\/Volontari-suor-Luminatha_novembre-2025.pdf\" target=\"_blank\" rel=\"noreferrer noopener\" title=\"B\u00e9n\u00e9voles s\u0153ur Luminatha_novembre 2025\">B\u00e9n\u00e9voles s\u0153ur Luminatha_novembre 2025<\/a><\/li>\n\n\n<li><a href=\"https:\/\/spaziospadoni.org\/wp-content\/uploads\/2026\/05\/2023_luglio_Report-OPERA-M_suor-Luminatha_Suore-Dimora-Carita.pdf\" target=\"_blank\" rel=\"noreferrer noopener\" title=\"2023_juillet_Rapport OPERA M_s\u0153ur Luminatha_S\u0153urs Demeure de la Charit\u00e9\">2023_juillet_Rapport OPERA M_s\u0153ur Luminatha_S\u0153urs Demeure de la Charit\u00e9<\/a><\/li>\n\n<\/ul>\n\n<\/div>\n\n\n\n<div class=\"ss-project-media\">\n<h2 id=\"photos-et-videos\" class=\"gb-text gb-text-d7bd8be8\">Photos et vid\u00e9os<\/h2>\n\n\n<div class=\"ss-media-filters\">\n\n<a class=\"gb-text ss-media-filter active\" data-filter=\"*\" title=\"Tout\">Tout<\/a>\n\n\n<a class=\"gb-text ss-media-filter\" data-filter=\".formazione\" title=\"Formation\">Formation<\/a>\n\n\n<a class=\"gb-text ss-media-filter\" data-filter=\".rwanda\" title=\"Rwanda\">Rwanda<\/a>\n\n\n<a class=\"gb-text ss-media-filter\" data-filter=\".video\" title=\"Vid\u00e9o\">Vid\u00e9o<\/a>\n\n<\/div>\n\n\n<div class=\"ss-media-grid\">\n<div>\n<figure class=\"wp-block-gallery has-nested-images columns-1 is-cropped ss-lightbox wp-block-gallery-8 is-layout-flex wp-block-gallery-is-layout-flex\">\n\n<figure class=\"wp-block-image size-large formazione\"><img decoding=\"async\" alt=\"2022 juin hicsum 34 villanova monteleone mis&#xE9;ricorde spazio + spadoni italie s&#x153;ur marie jacqueline servantes de j&#xE9;sus formation san cerbone 5 300x225\" src=\"https:\/\/spaziospadoni.org\/wp-content\/uploads\/2026\/05\/2022_giugno_hicsum_34_villanova_monteleone_misericordia_spazio_spadoni_italia_suor_marie_jacqueline_servantes_jesus_formazione_san_cerbone-5-300x225.jpg\"\/><\/figure>\n\n\n<figure class=\"wp-block-image size-large formazione\"><img decoding=\"async\" alt=\"PHOTO 2024 04 05 11 07 321 225x300\" src=\"https:\/\/spaziospadoni.org\/wp-content\/uploads\/2026\/05\/PHOTO-2024-04-05-11-07-321-225x300.jpg\"\/><\/figure>\n\n\n<figure class=\"wp-block-image size-large formazione\"><img decoding=\"async\" alt=\"PHOTO 2024 04 05 11 07 30 225x300\" src=\"https:\/\/spaziospadoni.org\/wp-content\/uploads\/2026\/05\/PHOTO-2024-04-05-11-07-30-225x300.jpg\"\/><\/figure>\n\n\n<figure class=\"wp-block-image size-large formazione\"><img decoding=\"async\" alt=\"PHOTO 2024 04 05 11 07 311 225x300\" src=\"https:\/\/spaziospadoni.org\/wp-content\/uploads\/2026\/05\/PHOTO-2024-04-05-11-07-311-225x300.jpg\"\/><\/figure>\n\n\n<figure class=\"wp-block-image size-large formazione\"><img decoding=\"async\" alt=\"2022 septembre hicsum 36 italie spazio + spadoni sr luminatha s&#x153;urs demeure de la charit&#xE9; formation convention fare spazio coraggio 225x300\" src=\"https:\/\/spaziospadoni.org\/wp-content\/uploads\/2026\/05\/2022_settembre_hicsum_36_italia_spazio_spadoni_sr_luminatha_suore_dimora_carita_formazione_convention_fare_spazio_coraggio-225x300.jpg\"\/><\/figure>\n\n\n<figure class=\"wp-block-image size-large formazione\"><img decoding=\"async\" alt=\"2022 hicsum 36 italie spazio + spadoni sr luminatha s&#x153;urs demeure de la charit&#xE9; formation service mis&#xE9;ricorde 7 300x225\" src=\"https:\/\/spaziospadoni.org\/wp-content\/uploads\/2026\/05\/2022_hicsum_36_italia_spazio_spadoni_sr_luminatha_suore_dimora_carita_formazione_servizio_misericordia-7-300x225.jpg\"\/><\/figure>\n\n\n<figure class=\"wp-block-image size-large formazione\"><img decoding=\"async\" alt=\"2022 hicsum 36 italie spazio + spadoni sr luminatha s&#x153;urs demeure de la charit&#xE9; formation service mis&#xE9;ricorde 2 300x169\" src=\"https:\/\/spaziospadoni.org\/wp-content\/uploads\/2026\/05\/2022_hicsum_36_italia_spazio_spadoni_sr_luminatha_suore_dimora_carita_formazione_servizio_misericordia-2-300x169.jpg\"\/><\/figure>\n\n\n<figure class=\"wp-block-image size-large formazione\"><img decoding=\"async\" alt=\"2022 d&#xE9;cembre hicsum 36 loppiano spazio + spadoni sr luminatha s&#x153;urs demeure de la charit&#xE9; formation &#x153;uvres de mis&#xE9;ricorde operam 300x225\" src=\"https:\/\/spaziospadoni.org\/wp-content\/uploads\/2026\/05\/2022_dicembre_hicsum_36_loppiano_spazio_spadoni_sr_luminatha_suore_dimora_carita_formazione_odm_operam-300x225.jpg\"\/><\/figure>\n\n\n<figure class=\"wp-block-image size-large formazione\"><img decoding=\"async\" alt=\"2022 juin hicsum 36 italie spazio + spadoni sr luminatha s&#x153;urs demeure de la charit&#xE9; formation san cerbone 1 225x300\" src=\"https:\/\/spaziospadoni.org\/wp-content\/uploads\/2026\/05\/2022_giugno_hicsum_36_italia_spazio_spadoni_sr_luminatha_suore_dimora_carita_formazione_san_cerbone-1-225x300.jpg\"\/><\/figure>\n\n\n<figure class=\"wp-block-image size-large rwanda\"><img decoding=\"async\" alt=\"2022 d&#xE9;cembre hicsum 36 rwanda spazio + spadoni sr luminatha s&#x153;urs demeure de la charit&#xE9; 225x300\" src=\"https:\/\/spaziospadoni.org\/wp-content\/uploads\/2026\/05\/2022_dicembre_hicsum_36_rwanda_spazio_spadoni_sr_luminatha_suore_dimora_carita-225x300.jpg\"\/><\/figure>\n\n\n<figure class=\"wp-block-image size-large formazione\"><img decoding=\"async\" alt=\"2022 d&#xE9;cembre hicsum 36 loppiano spazio + spadoni sr luminatha s&#x153;urs demeure de la charit&#xE9; formation &#x153;uvres de mis&#xE9;ricorde operam 2 1 300x169\" src=\"https:\/\/spaziospadoni.org\/wp-content\/uploads\/2026\/05\/2022_dicembre_hicsum_36_loppiano_spazio_spadoni_sr_luminatha_suore_dimora_carita_formazione_odm_operam-2-1-300x169.jpg\"\/><\/figure>\n\n\n<figure class=\"wp-block-image size-large formazione\"><img decoding=\"async\" alt=\"2022 d&#xE9;cembre hicsum 36 loppiano spazio + spadoni sr luminatha s&#x153;urs demeure de la charit&#xE9; formation &#x153;uvres de mis&#xE9;ricorde operam 10 225x300\" src=\"https:\/\/spaziospadoni.org\/wp-content\/uploads\/2026\/05\/2022_dicembre_hicsum_36_loppiano_spazio_spadoni_sr_luminatha_suore_dimora_carita_formazione_odm_operam-10-225x300.jpg\"\/><\/figure>\n\n\n<figure class=\"wp-block-image size-large formazione\"><img decoding=\"async\" alt=\"2022 d&#xE9;cembre hicsum 36 loppiano spazio + spadoni sr luminatha s&#x153;urs demeure de la charit&#xE9; formation &#x153;uvres de mis&#xE9;ricorde operam 9 225x300\" src=\"https:\/\/spaziospadoni.org\/wp-content\/uploads\/2026\/05\/2022_dicembre_hicsum_36_loppiano_spazio_spadoni_sr_luminatha_suore_dimora_carita_formazione_odm_operam-9-225x300.jpg\"\/><\/figure>\n\n\n<figure class=\"wp-block-image size-large formazione\"><img decoding=\"async\" alt=\"2022 d&#xE9;cembre hicsum 36 loppiano spazio + spadoni sr luminatha s&#x153;urs demeure de la charit&#xE9; formation &#x153;uvres de mis&#xE9;ricorde operam 7 300x225\" src=\"https:\/\/spaziospadoni.org\/wp-content\/uploads\/2026\/05\/2022_dicembre_hicsum_36_loppiano_spazio_spadoni_sr_luminatha_suore_dimora_carita_formazione_odm_operam-7-300x225.jpg\"\/><\/figure>\n\n\n<figure class=\"wp-block-image size-large formazione\"><img decoding=\"async\" alt=\"2022 d&#xE9;cembre hicsum 36 loppiano spazio + spadoni sr luminatha s&#x153;urs demeure de la charit&#xE9; formation &#x153;uvres de mis&#xE9;ricorde operam 8 300x225\" src=\"https:\/\/spaziospadoni.org\/wp-content\/uploads\/2026\/05\/2022_dicembre_hicsum_36_loppiano_spazio_spadoni_sr_luminatha_suore_dimora_carita_formazione_odm_operam-8-300x225.jpg\"\/><\/figure>\n\n\n<figure class=\"wp-block-image size-large formazione\"><img decoding=\"async\" alt=\"2022 d&#xE9;cembre hicsum 36 loppiano spazio + spadoni sr luminatha s&#x153;urs demeure de la charit&#xE9; formation &#x153;uvres de mis&#xE9;ricorde operam 6 300x225\" src=\"https:\/\/spaziospadoni.org\/wp-content\/uploads\/2026\/05\/2022_dicembre_hicsum_36_loppiano_spazio_spadoni_sr_luminatha_suore_dimora_carita_formazione_odm_operam-6-300x225.jpg\"\/><\/figure>\n\n\n<figure class=\"wp-block-image size-large formazione\"><img decoding=\"async\" alt=\"2022 d&#xE9;cembre hicsum 36 loppiano spazio + spadoni sr luminatha s&#x153;urs demeure de la charit&#xE9; formation &#x153;uvres de mis&#xE9;ricorde operam 5 225x300\" src=\"https:\/\/spaziospadoni.org\/wp-content\/uploads\/2026\/05\/2022_dicembre_hicsum_36_loppiano_spazio_spadoni_sr_luminatha_suore_dimora_carita_formazione_odm_operam-5-225x300.jpg\"\/><\/figure>\n\n\n<figure class=\"wp-block-image size-large formazione\"><img decoding=\"async\" alt=\"2022 d&#xE9;cembre hicsum 36 loppiano spazio + spadoni sr luminatha s&#x153;urs demeure de la charit&#xE9; formation &#x153;uvres de mis&#xE9;ricorde operam 4 300x225\" src=\"https:\/\/spaziospadoni.org\/wp-content\/uploads\/2026\/05\/2022_dicembre_hicsum_36_loppiano_spazio_spadoni_sr_luminatha_suore_dimora_carita_formazione_odm_operam-4-300x225.jpg\"\/><\/figure>\n\n\n<figure class=\"wp-block-image size-large formazione\"><img decoding=\"async\" alt=\"2022 d&#xE9;cembre hicsum 36 loppiano spazio + spadoni sr luminatha s&#x153;urs demeure de la charit&#xE9; formation &#x153;uvres de mis&#xE9;ricorde operam 3 300x225\" src=\"https:\/\/spaziospadoni.org\/wp-content\/uploads\/2026\/05\/2022_dicembre_hicsum_36_loppiano_spazio_spadoni_sr_luminatha_suore_dimora_carita_formazione_odm_operam-3-300x225.jpg\"\/><\/figure>\n\n\n<figure class=\"wp-block-image size-large formazione\"><img decoding=\"async\" alt=\"2022 d&#xE9;cembre hicsum 36 loppiano spazio + spadoni sr luminatha s&#x153;urs demeure de la charit&#xE9; formation &#x153;uvres de mis&#xE9;ricorde operam 2 300x300\" src=\"https:\/\/spaziospadoni.org\/wp-content\/uploads\/2026\/05\/2022_dicembre_hicsum_36_loppiano_spazio_spadoni_sr_luminatha_suore_dimora_carita_formazione_odm_operam-2-300x300.jpg\"\/><\/figure>\n\n\n<figure class=\"wp-block-image size-large formazione\"><img decoding=\"async\" alt=\"2022 juin hicsum 33 italie timor leste spazio + spadoni mis&#xE9;ricorde borgo mozzano sr ansila s&#x153;urs filles de saint fran&#xE7;ois formation san cerbone 9 300x225\" src=\"https:\/\/spaziospadoni.org\/wp-content\/uploads\/2026\/05\/2022_giugno_hicsum_33_italia_timor_leste_spazio_spadoni_misericordia_borgo_mozzano_sr_ansila_suore_figlie_san_francesco_formazione_san_cerbone-9-300x225.jpg\"\/><\/figure>\n\n\n<figure class=\"wp-block-image size-large formazione\"><img decoding=\"async\" alt=\"2022 juin hicsum 33 italie timor leste spazio + spadoni mis&#xE9;ricorde borgo mozzano sr ansila s&#x153;urs filles de saint fran&#xE7;ois formation san cerbone 7 300x225\" src=\"https:\/\/spaziospadoni.org\/wp-content\/uploads\/2026\/05\/2022_giugno_hicsum_33_italia_timor_leste_spazio_spadoni_misericordia_borgo_mozzano_sr_ansila_suore_figlie_san_francesco_formazione_san_cerbone-7-300x225.jpg\"\/><\/figure>\n\n\n<figure class=\"wp-block-image size-large formazione\"><img decoding=\"async\" alt=\"2022 juin hicsum 33 italie timor leste spazio + spadoni mis&#xE9;ricorde borgo mozzano sr ansila s&#x153;urs filles de saint fran&#xE7;ois formation san cerbone 6 225x300\" src=\"https:\/\/spaziospadoni.org\/wp-content\/uploads\/2026\/05\/2022_giugno_hicsum_33_italia_timor_leste_spazio_spadoni_misericordia_borgo_mozzano_sr_ansila_suore_figlie_san_francesco_formazione_san_cerbone-6-225x300.jpg\"\/><\/figure>\n\n\n<figure class=\"wp-block-image size-large formazione\"><img decoding=\"async\" alt=\"2022 septembre hicsum spazio + spadoni italie couvent de san cerbone misericordia convention faire de la place courage sr 9 300x225\" src=\"https:\/\/spaziospadoni.org\/wp-content\/uploads\/2026\/05\/2022_settembre_hicsum_spazio_spadoni_italia_convento_san_cerbone_misericordia_convention_fare_spazio_coraggio_sr_-9-300x225.jpg\"\/><\/figure>\n\n\n<figure class=\"wp-block-image size-large formazione\"><img decoding=\"async\" alt=\"2022 septembre hicsum spazio + spadoni italie couvent de san cerbone mis&#xE9;ricorde convention fare spazio coraggio sr 4 225x300\" src=\"https:\/\/spaziospadoni.org\/wp-content\/uploads\/2026\/05\/2022_settembre_hicsum_spazio_spadoni_italia_convento_san_cerbone_misericordia_convention_fare_spazio_coraggio_sr_-4-225x300.jpg\"\/><\/figure>\n\n\n<figure class=\"wp-block-image size-large formazione\"><img decoding=\"async\" alt=\"2022 septembre hicsum spazio + spadoni italie couvent de san cerbone misericordia convention faire de la place courage sr 300x225\" src=\"https:\/\/spaziospadoni.org\/wp-content\/uploads\/2026\/05\/2022_settembre_hicsum_spazio_spadoni_italia_convento_san_cerbone_misericordia_convention_fare_spazio_coraggio_sr_-300x225.jpg\"\/><\/figure>\n\n\n<figure class=\"wp-block-image size-large formazione\"><img decoding=\"async\" alt=\"2022 septembre hicsum spazio + spadoni italie couvent de san cerbone misericordia convention faire de la place courage sr 10 300x225\" src=\"https:\/\/spaziospadoni.org\/wp-content\/uploads\/2026\/05\/2022_settembre_hicsum_spazio_spadoni_italia_convento_san_cerbone_misericordia_convention_fare_spazio_coraggio_sr_-10-300x225.jpg\"\/><\/figure>\n\n\n<figure class=\"wp-block-image size-large formazione\"><img decoding=\"async\" alt=\"2022 septembre hicsum spazio + spadoni italie couvent de san cerbone misericordia convention faire de la place courage sr 7 225x300\" src=\"https:\/\/spaziospadoni.org\/wp-content\/uploads\/2026\/05\/2022_settembre_hicsum_spazio_spadoni_italia_convento_san_cerbone_misericordia_convention_fare_spazio_coraggio_sr_-7-225x300.jpg\"\/><\/figure>\n\n\n<figure class=\"wp-block-image size-large formazione\"><img decoding=\"async\" alt=\"2022 septembre hicsum spazio + spadoni italie couvent de san cerbone misericordia convention faire de la place courage sr 5 300x225\" src=\"https:\/\/spaziospadoni.org\/wp-content\/uploads\/2026\/05\/2022_settembre_hicsum_spazio_spadoni_italia_convento_san_cerbone_misericordia_convention_fare_spazio_coraggio_sr_-5-300x225.jpg\"\/><\/figure>\n\n\n<figure class=\"wp-block-image size-large formazione\"><img decoding=\"async\" alt=\"2022 septembre hicsum spazio + spadoni italie couvent de san cerbone misericordia convention faire de la place courage sr 2 225x300\" src=\"https:\/\/spaziospadoni.org\/wp-content\/uploads\/2026\/05\/2022_settembre_hicsum_spazio_spadoni_italia_convento_san_cerbone_misericordia_convention_fare_spazio_coraggio_sr_-2-225x300.jpg\"\/><\/figure>\n\n\n<figure class=\"wp-block-image size-large formazione\"><img decoding=\"async\" alt=\"2022 d&#xE9;cembre 5 hicsum 36 loppiano mis&#xE9;ricorde uzzano spazio + spadoni s&#x153;ur luminatha s&#x153;urs demeure de la charit&#xE9; cours &#x153;uvres operam 2 300x225\" src=\"https:\/\/spaziospadoni.org\/wp-content\/uploads\/2026\/05\/2022_dicembre_5_hicsum_36_loppiano_misericordia_uzzano_spazio_spadoni_suor_luminatha_suore_dimora_carita_corso_opere_operam-2-300x225.jpeg\"\/><\/figure>\n\n\n<figure class=\"wp-block-image size-large formazione\"><img decoding=\"async\" alt=\"2022 d&#xE9;cembre 5 hicsum 36 loppiano mis&#xE9;ricorde uzzano spazio + spadoni s&#x153;ur luminatha s&#x153;urs demeure de la charit&#xE9; cours &#x153;uvres operam 5 225x300\" src=\"https:\/\/spaziospadoni.org\/wp-content\/uploads\/2026\/05\/2022_dicembre_5_hicsum_36_loppiano_misericordia_uzzano_spazio_spadoni_suor_luminatha_suore_dimora_carita_corso_opere_operam-5-225x300.jpeg\"\/><\/figure>\n\n\n<figure class=\"wp-block-image size-large rwanda\"><img decoding=\"async\" alt=\"2022 d&#xE9;cembre hicsum 36 rwanda mis&#xE9;ricorde uzzano spazio + spadoni s&#x153;ur luminatha s&#x153;urs demeure de la charit&#xE9; congr&#xE9;gation 2 225x300\" src=\"https:\/\/spaziospadoni.org\/wp-content\/uploads\/2026\/05\/2022_dicembre_hicsum_36_rwanda_misericordia_uzzano_spazio_spadoni_suor_luminatha_suore_dimora_carita_congregazione-2-225x300.jpeg\"\/><\/figure>\n\n\n<figure class=\"wp-block-image size-large rwanda\"><img decoding=\"async\" alt=\"2022 d&#xE9;cembre hicsum 36 rwanda mis&#xE9;ricorde uzzano spazio + spadoni s&#x153;ur luminatha s&#x153;urs demeure de la charit&#xE9; congr&#xE9;gation 225x300\" src=\"https:\/\/spaziospadoni.org\/wp-content\/uploads\/2026\/05\/2022_dicembre_hicsum_36_rwanda_misericordia_uzzano_spazio_spadoni_suor_luminatha_suore_dimora_carita_congregazione-225x300.jpeg\"\/><\/figure>\n\n\n<figure class=\"wp-block-image size-large rwanda\"><img decoding=\"async\" alt=\"2022 d&#xE9;cembre hicsum 36 rwanda mis&#xE9;ricorde uzzano spazio + spadoni s&#x153;ur luminatha s&#x153;urs demeure de la charit&#xE9; nouvelle communaut&#xE9; projet 2 225x300\" src=\"https:\/\/spaziospadoni.org\/wp-content\/uploads\/2026\/05\/2022_dicembre_hicsum_36_rwanda_misericordia_uzzano_spazio_spadoni_suor_luminatha_suore_dimora_carita_nuova_comunita_progetto-2-225x300.jpeg\"\/><\/figure>\n\n\n<figure class=\"wp-block-image size-large rwanda\"><img decoding=\"async\" alt=\"2022 d&#xE9;cembre hicsum 36 rwanda mis&#xE9;ricorde uzzano spazio + spadoni s&#x153;ur luminatha s&#x153;urs demeure de la charit&#xE9; nouvelle communaut&#xE9; projet 4 225x300\" src=\"https:\/\/spaziospadoni.org\/wp-content\/uploads\/2026\/05\/2022_dicembre_hicsum_36_rwanda_misericordia_uzzano_spazio_spadoni_suor_luminatha_suore_dimora_carita_nuova_comunita_progetto-4-225x300.jpeg\"\/><\/figure>\n\n\n<figure class=\"wp-block-image size-large rwanda\"><img decoding=\"async\" alt=\"2022 d&#xE9;cembre hicsum 36 rwanda mis&#xE9;ricorde uzzano spazio + spadoni s&#x153;ur luminatha s&#x153;urs demeure de la charit&#xE9; nouvelle communaut&#xE9; projet 300x225\" src=\"https:\/\/spaziospadoni.org\/wp-content\/uploads\/2026\/05\/2022_dicembre_hicsum_36_rwanda_misericordia_uzzano_spazio_spadoni_suor_luminatha_suore_dimora_carita_nuova_comunita_progetto-300x225.jpeg\"\/><\/figure>\n\n\n<figure class=\"wp-block-image size-large rwanda\"><img decoding=\"async\" alt=\"2022 hicsum 36 rwanda mis&#xE9;ricorde uzzano spazio + spadoni s&#x153;ur luminatha s&#x153;urs demeure de la charit&#xE9; avant de venir en italie 225x300\" src=\"https:\/\/spaziospadoni.org\/wp-content\/uploads\/2026\/05\/2022_hicsum_36_rwanda_misericordia_uzzano_spazio_spadoni_suor_luminatha_suore_dimora_carita_prima_venire_italia-225x300.jpg\"\/><\/figure>\n\n\n<figure class=\"wp-block-image size-large rwanda\"><img decoding=\"async\" alt=\"2023 f&#xE9;vrier 8 hicsum 36 rwanda mis&#xE9;ricorde uzzano spazio + spadoni s&#x153;ur luminatha s&#x153;urs demeure de la charit&#xE9; expliquer operam aux &#xE9;tudiants 300x225\" src=\"https:\/\/spaziospadoni.org\/wp-content\/uploads\/2026\/05\/2023_febbraio_8_hicsum_36_rwanda_misericordia_uzzano_spazio_spadoni_suor_luminatha_suore_dimora_carita_spiegare_operam_studenti-300x225.jpeg\"\/><\/figure>\n\n\n<figure class=\"wp-block-image size-large rwanda\"><img decoding=\"async\" alt=\"2023 f&#xE9;vrier hicsum 36 rwanda mis&#xE9;ricorde uzzano spazio + spadoni s&#x153;ur luminatha s&#x153;urs demeure de la charit&#xE9; enfants &#xE9;cole 300x225\" src=\"https:\/\/spaziospadoni.org\/wp-content\/uploads\/2026\/05\/2023_febbraio_hicsum_36_rwanda_misericordia_uzzano_spazio_spadoni_suor_luminatha_suore_dimora_carita_ragazzi_scuola-300x225.jpeg\"\/><\/figure>\n\n\n<figure class=\"wp-block-image size-large rwanda\"><img decoding=\"async\" alt=\"2023 juillet 5 hicsum 36 rwanda mis&#xE9;ricorde uzzano spazio + spadoni s&#x153;ur luminatha s&#x153;urs demeure de la charit&#xE9; prier pour les morts consoler les afflig&#xE9;s 169x300\" src=\"https:\/\/spaziospadoni.org\/wp-content\/uploads\/2026\/05\/2023_luglio_5_hicsum_36_rwanda_misericordia_uzzano_spazio_spadoni_suor_luminatha_suore_dimora_carita_pregare_morti_consolare_afflitti-169x300.jpg\"\/><\/figure>\n\n\n<figure class=\"wp-block-image size-large rwanda\"><img decoding=\"async\" alt=\"2023 mai 10 hicsum 36 rwanda mis&#xE9;ricorde uzzano spazio + spadoni s&#x153;ur luminatha s&#x153;urs demeure de la charit&#xE9; explication &#x153;uvres communaut&#xE9; 300x300\" src=\"https:\/\/spaziospadoni.org\/wp-content\/uploads\/2026\/05\/2023_maggio_10_hicsum_36_rwanda_misericordia_uzzano_spazio_spadoni_suor_luminatha_suore_dimora_carita_spiegazione_opere_comunita-300x300.jpeg\"\/><\/figure>\n\n\n<figure class=\"wp-block-image size-large rwanda\"><img decoding=\"async\" alt=\"2023 mai 29 hicsum 36 rwanda mis&#xE9;ricorde uzzano spazio + spadoni s&#x153;ur luminatha s&#x153;urs demeure de la charit&#xE9; b&#xE9;n&#xE9;voles &#x153;uvres de mis&#xE9;ricorde construction salle de bain 300x300\" src=\"https:\/\/spaziospadoni.org\/wp-content\/uploads\/2026\/05\/2023_maggio_29_hicsum_36_rwanda_misericordia_uzzano_spazio_spadoni_suor_luminatha_suore_dimora_carita_volontari_odm_costruzione_bagno-300x300.jpg\"\/><\/figure>\n\n\n<figure class=\"wp-block-image size-large rwanda\"><img decoding=\"async\" alt=\"2023 mars hicsum36 rwanda demeure de la charit&#xE9; uzzano &#x153;uvres de mis&#xE9;ricorde 225x300\" src=\"https:\/\/spaziospadoni.org\/wp-content\/uploads\/2026\/05\/2023_mars_hicsum36_rwanda_demeure_de_la_charite_uzzano_oeuvres_de_misericorde--225x300.jpeg\"\/><\/figure>\n\n\n<figure class=\"wp-block-image size-large rwanda\"><img decoding=\"async\" alt=\"2023 mars 2 hicsum 36 rwanda mis&#xE9;ricorde uzzano spazio + spadoni s&#x153;ur luminatha s&#x153;urs demeure de la charit&#xE9; b&#xE9;n&#xE9;voles 2 300x225\" src=\"https:\/\/spaziospadoni.org\/wp-content\/uploads\/2026\/05\/2023_marzo_2_hicsum_36_rwanda_misericordia_uzzano_spazio_spadoni_suor_luminatha_suore_dimora_carita_volontari-2-300x225.jpeg\"\/><\/figure>\n\n\n<figure class=\"wp-block-image size-large rwanda\"><img decoding=\"async\" alt=\"2023 mars 2 hicsum 36 rwanda mis&#xE9;ricorde uzzano spazio + spadoni s&#x153;ur luminatha s&#x153;urs demeure de la charit&#xE9; b&#xE9;n&#xE9;voles 300x225\" src=\"https:\/\/spaziospadoni.org\/wp-content\/uploads\/2026\/05\/2023_marzo_2_hicsum_36_rwanda_misericordia_uzzano_spazio_spadoni_suor_luminatha_suore_dimora_carita_volontari-300x225.jpeg\"\/><\/figure>\n\n\n<figure class=\"wp-block-image size-large rwanda\"><img decoding=\"async\" alt=\"2023 septembre hicsum 36 rwanda mis&#xE9;ricorde uzzano spazio + spadoni s&#x153;ur luminatha s&#x153;urs demeure de la charit&#xE9; b&#xE9;n&#xE9;voles 300x225\" src=\"https:\/\/spaziospadoni.org\/wp-content\/uploads\/2026\/05\/2023_settembre_hicsum_36_rwanda_misericordia_uzzano_spazio_spadoni_suor_luminatha_suore_dimora_carita_volontari-300x225.jpg\"\/><\/figure>\n\n\n<figure class=\"wp-block-image size-large rwanda\"><img decoding=\"async\" alt=\"2023 septembre hicsum 36 rwanda mis&#xE9;ricorde uzzano spazio + spadoni s&#x153;ur luminatha s&#x153;urs demeure de la charit&#xE9; b&#xE9;n&#xE9;voles travail 300x300\" src=\"https:\/\/spaziospadoni.org\/wp-content\/uploads\/2026\/05\/2023_settembre_hicsum_36_rwanda_misericordia_uzzano_spazio_spadoni_suor_luminatha_suore_dimora_carita_volontari_lavoro-300x300.jpg\"\/><\/figure>\n\n\n<figure class=\"wp-block-image size-large formazione\"><img decoding=\"async\" alt=\"2022 juin hicsum 36 italie spazio + spadoni sr luminatha s&#x153;urs demeure de la charit&#xE9; formation san cerbone 2 300x225\" src=\"https:\/\/spaziospadoni.org\/wp-content\/uploads\/2026\/05\/2022_giugno_hicsum_36_italia_spazio_spadoni_sr_luminatha_suore_dimora_carita_formazione_san_cerbone-2-300x225.jpg\"\/><\/figure>\n\n\n<figure class=\"wp-block-image size-large formazione\"><img decoding=\"async\" alt=\"2022 juin hicsum 36 italie spazio + spadoni sr luminatha s&#x153;urs demeure de la charit&#xE9; formation san cerbone 3 225x300\" src=\"https:\/\/spaziospadoni.org\/wp-content\/uploads\/2026\/05\/2022_giugno_hicsum_36_italia_spazio_spadoni_sr_luminatha_suore_dimora_carita_formazione_san_cerbone-3-225x300.jpg\"\/><\/figure>\n\n\n<figure class=\"wp-block-image size-large formazione\"><img decoding=\"async\" alt=\"2022 juin hicsum 36 italie spazio + spadoni sr luminatha s&#x153;urs demeure de la charit&#xE9; formation san cerbone 225x300\" src=\"https:\/\/spaziospadoni.org\/wp-content\/uploads\/2026\/05\/2022_giugno_hicsum_36_italia_spazio_spadoni_sr_luminatha_suore_dimora_carita_formazione_san_cerbone-225x300.jpg\"\/><\/figure>\n\n\n<figure class=\"wp-block-image size-large rwanda\"><img decoding=\"async\" alt=\"2023 novembre 26 hicsum 36 rwanda mis&#xE9;ricorde uzzano spazio + spadoni s&#x153;ur luminatha s&#x153;urs demeure de la charit&#xE9; b&#xE9;n&#xE9;voles reconnus 7 300x225\" src=\"https:\/\/spaziospadoni.org\/wp-content\/uploads\/2026\/05\/2023_novembre__26_hicsum_36_rwanda_misericordia_uzzano_spazio_spadoni_suor_luminatha_suore_dimora_carita_volontari_riconosciuti-7-300x225.jpg\"\/><\/figure>\n\n\n<figure class=\"wp-block-image size-large rwanda\"><img decoding=\"async\" alt=\"2023 novembre 26 hicsum 36 rwanda mis&#xE9;ricorde uzzano spazio + spadoni s&#x153;ur luminatha s&#x153;urs demeure de la charit&#xE9; b&#xE9;n&#xE9;voles reconnus 8 225x300\" src=\"https:\/\/spaziospadoni.org\/wp-content\/uploads\/2026\/05\/2023_novembre__26_hicsum_36_rwanda_misericordia_uzzano_spazio_spadoni_suor_luminatha_suore_dimora_carita_volontari_riconosciuti-8-225x300.jpg\"\/><\/figure>\n\n\n<figure class=\"wp-block-image size-large rwanda\"><img decoding=\"async\" alt=\"2023 novembre 26 hicsum 36 rwanda mis&#xE9;ricorde uzzano spazio + spadoni s&#x153;ur luminatha s&#x153;urs demeure de la charit&#xE9; b&#xE9;n&#xE9;voles reconnus 9 225x300\" src=\"https:\/\/spaziospadoni.org\/wp-content\/uploads\/2026\/05\/2023_novembre__26_hicsum_36_rwanda_misericordia_uzzano_spazio_spadoni_suor_luminatha_suore_dimora_carita_volontari_riconosciuti-9-225x300.jpg\"\/><\/figure>\n\n\n<figure class=\"wp-block-image size-large rwanda\"><img decoding=\"async\" alt=\"2023 novembre 26 hicsum 36 rwanda mis&#xE9;ricorde uzzano spazio + spadoni s&#x153;ur luminatha s&#x153;urs demeure de la charit&#xE9; b&#xE9;n&#xE9;voles reconnus 16 300x225\" src=\"https:\/\/spaziospadoni.org\/wp-content\/uploads\/2026\/05\/2023_novembre__26_hicsum_36_rwanda_misericordia_uzzano_spazio_spadoni_suor_luminatha_suore_dimora_carita_volontari_riconosciuti-16-300x225.jpg\"\/><\/figure>\n\n\n<figure class=\"wp-block-image size-large rwanda\"><img decoding=\"async\" alt=\"2023 novembre 21 hicsum 36 rwanda mis&#xE9;ricorde uzzano spazio + spadoni s&#x153;ur luminatha s&#x153;urs demeure de la charit&#xE9; maillots arriv&#xE9;s 225x300\" src=\"https:\/\/spaziospadoni.org\/wp-content\/uploads\/2026\/05\/2023_novembre_21_hicsum_36_rwanda_misericordia_uzzano_spazio_spadoni_suor_luminatha_suore_dimora_carita_maglia_arrivati-225x300.jpg\"\/><\/figure>\n\n\n<figure class=\"wp-block-image size-large rwanda\"><img decoding=\"async\" alt=\"2023 novembre hicsum 36 rwanda mis&#xE9;ricorde uzzano spazio + spadoni s&#x153;ur luminatha s&#x153;urs demeure de la charit&#xE9; visite selene pera 300x225\" src=\"https:\/\/spaziospadoni.org\/wp-content\/uploads\/2026\/05\/2023_novembre_hicsum_36_rwanda_misericordia_uzzano_spazio_spadoni_suor_luminatha_suore_dimora_carita_visita_selene_pera-300x225.jpg\"\/><\/figure>\n\n\n<figure class=\"wp-block-image size-large rwanda\"><img decoding=\"async\" alt=\"2024 f&#xE9;vrier 27 hicsum 36 rwanda mis&#xE9;ricorde uzzano spazio + spadoni s&#x153;ur luminatha s&#x153;urs demeure de la charit&#xE9; b&#xE9;n&#xE9;voles 2 300x300\" src=\"https:\/\/spaziospadoni.org\/wp-content\/uploads\/2026\/05\/2024_febbraio_27_hicsum_36_rwanda_misericordia_uzzano_spazio_spadoni_suor_luminatha_suore_dimora_carita_volontari-2-300x300.jpg\"\/><\/figure>\n\n\n<figure class=\"wp-block-image size-large rwanda\"><img decoding=\"async\" alt=\"2024 f&#xE9;vrier 27 hicsum 36 rwanda mis&#xE9;ricorde uzzano spazio + spadoni s&#x153;ur luminatha s&#x153;urs demeure de la charit&#xE9; b&#xE9;n&#xE9;voles 3 300x225\" src=\"https:\/\/spaziospadoni.org\/wp-content\/uploads\/2026\/05\/2024_febbraio_27_hicsum_36_rwanda_misericordia_uzzano_spazio_spadoni_suor_luminatha_suore_dimora_carita_volontari-3-300x225.jpg\"\/><\/figure>\n\n\n<figure class=\"wp-block-image size-large rwanda\"><img decoding=\"async\" alt=\"2024 f&#xE9;vrier 27 hicsum 36 rwanda mis&#xE9;ricorde uzzano spazio + spadoni s&#x153;ur luminatha s&#x153;urs demeure de la charit&#xE9; b&#xE9;n&#xE9;voles 4 300x300\" src=\"https:\/\/spaziospadoni.org\/wp-content\/uploads\/2026\/05\/2024_febbraio_27_hicsum_36_rwanda_misericordia_uzzano_spazio_spadoni_suor_luminatha_suore_dimora_carita_volontari-4-300x300.jpg\"\/><\/figure>\n\n\n<figure class=\"wp-block-image size-large rwanda\"><img decoding=\"async\" alt=\"2024 f&#xE9;vrier 27 hicsum 36 rwanda mis&#xE9;ricorde uzzano spazio + spadoni s&#x153;ur luminatha s&#x153;urs demeure de la charit&#xE9; b&#xE9;n&#xE9;voles 6 300x225\" src=\"https:\/\/spaziospadoni.org\/wp-content\/uploads\/2026\/05\/2024_febbraio_27_hicsum_36_rwanda_misericordia_uzzano_spazio_spadoni_suor_luminatha_suore_dimora_carita_volontari-6-300x225.jpg\"\/><\/figure>\n\n\n<figure class=\"wp-block-image size-large rwanda\"><img decoding=\"async\" alt=\"2024 f&#xE9;vrier 27 hicsum 36 rwanda mis&#xE9;ricorde uzzano spazio + spadoni s&#x153;ur luminatha s&#x153;urs demeure de la charit&#xE9; b&#xE9;n&#xE9;voles 9 300x300\" src=\"https:\/\/spaziospadoni.org\/wp-content\/uploads\/2026\/05\/2024_febbraio_27_hicsum_36_rwanda_misericordia_uzzano_spazio_spadoni_suor_luminatha_suore_dimora_carita_volontari-9-300x300.jpg\"\/><\/figure>\n\n\n<figure class=\"wp-block-image size-large rwanda\"><img decoding=\"async\" alt=\"2024 f&#xE9;vrier 27 hicsum 36 rwanda mis&#xE9;ricorde uzzano spazio + spadoni s&#x153;ur luminatha s&#x153;urs demeure de la charit&#xE9; b&#xE9;n&#xE9;voles 300x225\" src=\"https:\/\/spaziospadoni.org\/wp-content\/uploads\/2026\/05\/2024_febbraio_27_hicsum_36_rwanda_misericordia_uzzano_spazio_spadoni_suor_luminatha_suore_dimora_carita_volontari-300x225.jpg\"\/><\/figure>\n\n\n<figure class=\"wp-block-image size-large rwanda\"><img decoding=\"async\" alt=\"2024 mars 10 hicsum 36 rwanda mis&#xE9;ricorde uzzano spazio + spadoni s&#x153;ur luminatha s&#x153;urs demeure de la charit&#xE9; b&#xE9;n&#xE9;voles p&#xE8;re annuncio &#x153;uvres de mis&#xE9;ricorde 2 300x135\" src=\"https:\/\/spaziospadoni.org\/wp-content\/uploads\/2026\/05\/2024_marzo_10_hicsum_36_rwanda_misericordia_uzzano_spazio_spadoni_suor_luminatha_suore_dimora_carita_volontari_padre_annuncio_odm-2-300x135.jpg\"\/><\/figure>\n\n\n<figure class=\"wp-block-image size-large rwanda\"><img decoding=\"async\" alt=\"2024 mars 10 hicsum 36 rwanda mis&#xE9;ricorde uzzano spazio + spadoni s&#x153;ur luminatha s&#x153;urs demeure de la charit&#xE9; b&#xE9;n&#xE9;voles p&#xE8;re annuncio &#x153;uvres de mis&#xE9;ricorde 6 135x300\" src=\"https:\/\/spaziospadoni.org\/wp-content\/uploads\/2026\/05\/2024_marzo_10_hicsum_36_rwanda_misericordia_uzzano_spazio_spadoni_suor_luminatha_suore_dimora_carita_volontari_padre_annuncio_odm-6-135x300.jpg\"\/><\/figure>\n\n\n<figure class=\"wp-block-image size-large rwanda\"><img decoding=\"async\" alt=\"2024 mars 10 hicsum 36 rwanda mis&#xE9;ricorde uzzano spazio + spadoni s&#x153;ur luminatha s&#x153;urs demeure de la charit&#xE9; b&#xE9;n&#xE9;voles p&#xE8;re annuncio &#x153;uvres de mis&#xE9;ricorde 17 135x300\" src=\"https:\/\/spaziospadoni.org\/wp-content\/uploads\/2026\/05\/2024_marzo_10_hicsum_36_rwanda_misericordia_uzzano_spazio_spadoni_suor_luminatha_suore_dimora_carita_volontari_padre_annuncio_odm-17-135x300.jpg\"\/><\/figure>\n\n\n<figure class=\"wp-block-image size-large rwanda\"><img decoding=\"async\" alt=\"novembre 2024 b&#xE9;n&#xE9;voles foulard rwanda s&#x153;ur luminatha &#x153;uvres de mis&#xE9;ricorde spazio + spadoni 2 300x135\" src=\"https:\/\/spaziospadoni.org\/wp-content\/uploads\/2026\/05\/novembre_2024_volontari_foulard_rwanda_suor_luminatha_opere_misericordia_spazio_spadoni-2-300x135.jpg\"\/><\/figure>\n\n\n<figure class=\"wp-block-image size-large rwanda\"><img decoding=\"async\" alt=\"novembre 2024 b&#xE9;n&#xE9;voles foulard rwanda s&#x153;ur luminatha &#x153;uvres de mis&#xE9;ricorde spazio + spadoni 1 300x135\" src=\"https:\/\/spaziospadoni.org\/wp-content\/uploads\/2026\/05\/novembre_2024_volontari_foulard_rwanda_suor_luminatha_opere_misericordia_spazio_spadoni-1-300x135.jpg\"\/><\/figure>\n\n\n<figure class=\"wp-block-image size-large rwanda\"><img decoding=\"async\" alt=\"avril 2025 plaque operam rwanda &#x153;uvres de mis&#xE9;ricorde s&#x153;ur luminatha spazio + spadoni 225x300\" src=\"https:\/\/spaziospadoni.org\/wp-content\/uploads\/2026\/05\/aprile_2025_targa_operam_rwanda_opere_misericordia_suor_luminatha_spazio_spadoni-225x300.jpg\"\/><\/figure>\n\n\n<figure class=\"wp-block-image size-large rwanda\"><img decoding=\"async\" alt=\"2025 novembre b&#xE9;n&#xE9;voles s&#x153;ur luminatha agnes esperance f&#xEA;te b&#xE9;n&#xE9;voles mis&#xE9;ricorde spazio + spadoni 1\" src=\"https:\/\/spaziospadoni.org\/wp-content\/uploads\/2026\/05\/2025_novembre_volontari_suor_luminatha_agnes_esperance_festa_volontari_misericordia_spazio_spadoni-1.jpeg\"\/><\/figure>\n\n\n<figure class=\"wp-block-image size-large rwanda\"><img decoding=\"async\" alt=\"2025 novembre b&#xE9;n&#xE9;voles s&#x153;ur luminatha agnes esperance f&#xEA;te b&#xE9;n&#xE9;voles mis&#xE9;ricorde spazio + spadoni 2\" src=\"https:\/\/spaziospadoni.org\/wp-content\/uploads\/2026\/05\/2025_novembre_volontari_suor_luminatha_agnes_esperance_festa_volontari_misericordia_spazio_spadoni-2.jpeg\"\/><\/figure>\n\n\n<figure class=\"wp-block-image size-large rwanda\"><img decoding=\"async\" alt=\"2025 novembre b&#xE9;n&#xE9;voles s&#x153;ur luminatha agnes esperance f&#xEA;te b&#xE9;n&#xE9;voles mis&#xE9;ricorde spazio + spadoni 4\" src=\"https:\/\/spaziospadoni.org\/wp-content\/uploads\/2026\/05\/2025_novembre_volontari_suor_luminatha_agnes_esperance_festa_volontari_misericordia_spazio_spadoni-4.jpeg\"\/><\/figure>\n\n\n<figure class=\"wp-block-image size-large rwanda\"><img decoding=\"async\" alt=\"2025 novembre b&#xE9;n&#xE9;voles s&#x153;ur luminatha agnes esperance f&#xEA;te b&#xE9;n&#xE9;voles mis&#xE9;ricorde spazio + spadoni 3\" src=\"https:\/\/spaziospadoni.org\/wp-content\/uploads\/2026\/05\/2025_novembre_volontari_suor_luminatha_agnes_esperance_festa_volontari_misericordia_spazio_spadoni-3.jpeg\"\/><\/figure>\n\n\n<figure class=\"wp-block-image size-large rwanda\"><img decoding=\"async\" alt=\"2025 novembre 23 f&#xEA;te b&#xE9;n&#xE9;voles s&#x153;ur luminatha rwanda &#x153;uvres de mis&#xE9;ricorde spazio + spadoni operam hic sum 2\" src=\"https:\/\/spaziospadoni.org\/wp-content\/uploads\/2026\/05\/2025_novembre_23_festa_volontari_suor_luminatha_ruanda_opere_misericordia_spazio_spadoni_operam_hic_sum-2.jpeg\"\/><\/figure>\n\n\n<figure class=\"wp-block-image size-large rwanda\"><img decoding=\"async\" alt=\"2025 novembre 23 f&#xEA;te b&#xE9;n&#xE9;voles s&#x153;ur luminatha rwanda &#x153;uvres de mis&#xE9;ricorde spazio + spadoni operam hic sum 3\" src=\"https:\/\/spaziospadoni.org\/wp-content\/uploads\/2026\/05\/2025_novembre_23_festa_volontari_suor_luminatha_ruanda_opere_misericordia_spazio_spadoni_operam_hic_sum-3.jpeg\"\/><\/figure>\n\n\n<figure class=\"wp-block-image size-large rwanda\"><img decoding=\"async\" alt=\"2025 novembre 23 f&#xEA;te b&#xE9;n&#xE9;voles s&#x153;ur luminatha rwanda &#x153;uvres de mis&#xE9;ricorde spazio + spadoni operam hic sum 1\" src=\"https:\/\/spaziospadoni.org\/wp-content\/uploads\/2026\/05\/2025_novembre_23_festa_volontari_suor_luminatha_ruanda_opere_misericordia_spazio_spadoni_operam_hic_sum-1.jpeg\"\/><\/figure>\n\n<\/figure>\n\n\n<div class=\"gb-element-b24bbf5e ss-media-videos\">\n\n<figure class=\"wp-block-video video\"><video controls=\"\" src=\"https:\/\/spaziospadoni.org\/wp-content\/uploads\/2026\/05\/uzzano_dicembre_2022_suor_luminatha_rwanda_loppiano_spazio_spadoni_formazione_ppere_misericordia.mp4\"><\/video><figcaption class=\"wp-element-caption\">uzzano d\u00e9cembre 2022 s\u0153ur luminatha rwanda loppiano spazio + spadoni formation \u0153uvres de mis\u00e9ricorde<\/figcaption><\/figure>\n\n\n<figure class=\"wp-block-video video\"><video controls=\"\" src=\"https:\/\/spaziospadoni.org\/wp-content\/uploads\/2026\/05\/2023_maggio_volontari_opere_misericordia_rwanda_suor_luminatha_spazio_spadoni_operam.mp4\"><\/video><figcaption class=\"wp-element-caption\">2023 mai b\u00e9n\u00e9voles \u0153uvres de mis\u00e9ricorde rwanda s\u0153ur luminatha spazio + spadoni operam<\/figcaption><\/figure>\n\n\n<figure class=\"wp-block-video video\"><video controls=\"\" src=\"https:\/\/spaziospadoni.org\/wp-content\/uploads\/2026\/05\/novembre_2023_rwanda_presentazione_volontari_opere_misericordia_spazio_spadoni_operam_volontariato_suor_luminatha.mp4\"><\/video><figcaption class=\"wp-element-caption\">novembre 2023 rwanda pr\u00e9sentation b\u00e9n\u00e9voles \u0153uvres de mis\u00e9ricorde spazio + spadoni operam b\u00e9n\u00e9volat s\u0153ur luminatha<\/figcaption><\/figure>\n\n\n<figure class=\"wp-block-video video\"><video controls=\"\" src=\"https:\/\/spaziospadoni.org\/wp-content\/uploads\/2026\/05\/ottobre_2024_professione_perpetua_suor_luminatha_rwanda_processione_ingresso.mp4\"><\/video><figcaption class=\"wp-element-caption\">octobre 2024 profession perp\u00e9tuelle s\u0153ur luminatha rwanda procession d&rsquo;entr\u00e9e<\/figcaption><\/figure>\n\n\n<figure class=\"wp-block-video video\"><video controls=\"\" src=\"https:\/\/spaziospadoni.org\/wp-content\/uploads\/2026\/05\/Video-WhatsApp-2024-10-19-ore-13.09.36_5098cef5.mp4\"><\/video><figcaption class=\"wp-element-caption\">Video WhatsApp 2024 10 19 13.09.36 5098cef5<\/figcaption><\/figure>\n\n\n<figure class=\"wp-block-video video\"><video controls=\"\" src=\"https:\/\/spaziospadoni.org\/wp-content\/uploads\/2026\/05\/2025_marzo_rwanda_mucca_impresa_sociale_progetto_hic_sum_spazio_spadoni-2.mp4\"><\/video><figcaption class=\"wp-element-caption\">2025 mars rwanda vache entreprise sociale projet hic sum spazio + spadoni 2<\/figcaption><\/figure>\n\n\n<figure class=\"wp-block-video video\"><video controls=\"\" src=\"https:\/\/spaziospadoni.org\/wp-content\/uploads\/2026\/05\/2025_novembre_23_festa_volontari_suor_luminatha_ruanda_opere_misericordia_spazio_spadoni_operam_hic_sum-3.mp4\"><\/video><figcaption class=\"wp-element-caption\">2025 novembre 23 f\u00eate b\u00e9n\u00e9voles s\u0153ur luminatha rwanda \u0153uvres de mis\u00e9ricorde spazio + spadoni operam hic sum 3<\/figcaption><\/figure>\n\n\n<figure class=\"wp-block-video video\"><video controls=\"\" src=\"https:\/\/spaziospadoni.org\/wp-content\/uploads\/2026\/05\/2025_novembre_23_festa_volontari_suor_luminatha_ruanda_opere_misericordia_spazio_spadoni_operam_hic_sum-1.mp4\"><\/video><figcaption class=\"wp-element-caption\">2025 novembre 23 f\u00eate b\u00e9n\u00e9voles s\u0153ur luminatha rwanda \u0153uvres de mis\u00e9ricorde spazio + spadoni operam hic sum 1<\/figcaption><\/figure>\n\n\n<figure class=\"wp-block-video video\"><video controls=\"\" src=\"https:\/\/spaziospadoni.org\/wp-content\/uploads\/2026\/05\/2025_novembre_23_festa_volontari_suor_luminatha_ruanda_opere_misericordia_spazio_spadoni_operam_hic_sum-4.mp4\"><\/video><figcaption class=\"wp-element-caption\">2025 novembre 23 f\u00eate b\u00e9n\u00e9voles s\u0153ur luminatha rwanda \u0153uvres de mis\u00e9ricorde spazio + spadoni operam hic sum 4<\/figcaption><\/figure>\n\n\n<figure class=\"wp-block-video video\"><video controls=\"\" src=\"https:\/\/spaziospadoni.org\/wp-content\/uploads\/2026\/05\/2025_novembre_23_festa_volontari_suor_luminatha_ruanda_opere_misericordia_spazio_spadoni_operam_hic_sum-2.mp4\"><\/video><figcaption class=\"wp-element-caption\">2025 novembre 23 f\u00eate b\u00e9n\u00e9voles s\u0153ur luminatha rwanda \u0153uvres de mis\u00e9ricorde spazio + spadoni operam hic sum 2<\/figcaption><\/figure>\n\n<\/div>\n\n<\/div>\n\n<\/div>\n\n<\/div>\n\n","protected":false},"excerpt":{"rendered":"<p>Rwamagana | Kibungo (Rwanda) OPERA M20 MISSION Lieu Rwamagana Dioc\u00e8se Kibungo Nation Rwanda Continent Afrique Coordonn\u00e9es GPS -1.95372 30.43816 Fuseau horaire UTC+2 ORGANISATEUR Congr\u00e9gation Fraternit\u00e9 des Consacres de la Communaut\u00e9 Ingoro Y&rsquo;Urukundo (Demeure de la Charit\u00e9) Maison M\u00e8re Huye &#8211; Butare Dioc\u00e8se Butare Nation Rwanda Continent Afrique F\u00eate de la Congr\u00e9gation F\u00eate de la Pentec\u00f4te &#8230; <a title=\"Rwanda &#8211; Afrique | Projet M20\" class=\"read-more\" href=\"https:\/\/spaziospadoni.org\/fr\/opera-m\/rwanda-afrique-projet-m20\/\" aria-label=\"Read more about Rwanda &#8211; Afrique | Projet M20\">Lire plus<\/a><\/p>\n","protected":false},"author":102,"featured_media":0,"parent":89581,"menu_order":0,"comment_status":"closed","ping_status":"closed","template":"","meta":{"_sitemap_exclude":false,"_sitemap_priority":"","_sitemap_frequency":"","footnotes":""},"class_list":["post-59731","page","type-page","status-publish","infinite-scroll-item"],"yoast_head":"<!-- This site is optimized with the Yoast SEO plugin v28.4 - https:\/\/yoast.com\/product\/yoast-seo-wordpress\/ -->\n<title>Rwanda - Afrique | Projet M20 | Spazio Spadoni<\/title>\n<meta name=\"description\" content=\"Rwamagana | Kibungo (Rwanda) OPERA M20 MISSION Lieu Rwamagana Dioc\u00e8se Kibungo Nation Rwanda Continent Afrique Coordonn\u00e9es GPS -1.95372 30.43816 Fuseau\" \/>\n<meta name=\"robots\" content=\"index, follow, max-snippet:-1, max-image-preview:large, max-video-preview:-1\" \/>\n<link rel=\"canonical\" href=\"https:\/\/spaziospadoni.org\/fr\/opera-m\/rwanda-afrique-projet-m20\/\" \/>\n<meta property=\"og:locale\" content=\"fr_FR\" \/>\n<meta property=\"og:type\" content=\"article\" \/>\n<meta property=\"og:title\" content=\"Rwanda - Afrique | Projet M20 | Spazio Spadoni\" \/>\n<meta property=\"og:description\" content=\"Rwamagana | Kibungo (Rwanda) OPERA M20 MISSION Lieu Rwamagana Dioc\u00e8se Kibungo Nation Rwanda Continent Afrique Coordonn\u00e9es GPS -1.95372 30.43816 Fuseau\" \/>\n<meta property=\"og:url\" content=\"https:\/\/spaziospadoni.org\/fr\/opera-m\/rwanda-afrique-projet-m20\/\" \/>\n<meta property=\"og:site_name\" content=\"spazio + spadoni\" \/>\n<meta property=\"article:publisher\" content=\"https:\/\/www.facebook.com\/SpazioSpadoni\/\" \/>\n<meta property=\"article:modified_time\" content=\"2026-08-19T12:45:14+00:00\" \/>\n<meta property=\"og:image\" content=\"https:\/\/spaziospadoni.org\/wp-content\/uploads\/2026\/05\/hicsum_1_congo-spaziospadoni-scaled.png\" \/>\n\t<meta property=\"og:image:width\" content=\"2560\" \/>\n\t<meta property=\"og:image:height\" content=\"1771\" \/>\n\t<meta property=\"og:image:type\" content=\"image\/png\" \/>\n<meta name=\"twitter:card\" content=\"summary_large_image\" \/>\n<meta name=\"twitter:label1\" content=\"Est. reading time\" \/>\n\t<meta name=\"twitter:data1\" content=\"23 minutes\" \/>\n<script type=\"application\/ld+json\" class=\"yoast-schema-graph\">{\"@context\":\"https:\\\/\\\/schema.org\",\"@graph\":[{\"@type\":\"WebPage\",\"@id\":\"https:\\\/\\\/spaziospadoni.org\\\/fr\\\/opera-m\\\/rwanda-afrique-projet-m20\\\/\",\"url\":\"https:\\\/\\\/spaziospadoni.org\\\/fr\\\/opera-m\\\/rwanda-afrique-projet-m20\\\/\",\"name\":\"Rwanda - Afrique | Projet M20 | Spazio Spadoni\",\"isPartOf\":{\"@id\":\"https:\\\/\\\/spaziospadoni.org\\\/fr\\\/#website\"},\"primaryImageOfPage\":{\"@id\":\"https:\\\/\\\/spaziospadoni.org\\\/fr\\\/opera-m\\\/rwanda-afrique-projet-m20\\\/#primaryimage\"},\"image\":{\"@id\":\"https:\\\/\\\/spaziospadoni.org\\\/fr\\\/opera-m\\\/rwanda-afrique-projet-m20\\\/#primaryimage\"},\"thumbnailUrl\":\"https:\\\/\\\/spaziospadoni.org\\\/wp-content\\\/uploads\\\/2026\\\/05\\\/hicsum_28_rwanda-spaziospadoni-scaled.png\",\"datePublished\":\"2026-05-18T13:36:16+00:00\",\"dateModified\":\"2026-08-19T12:45:14+00:00\",\"description\":\"Rwamagana | Kibungo (Rwanda) OPERA M20 MISSION Lieu Rwamagana Dioc\u00e8se Kibungo Nation Rwanda Continent Afrique Coordonn\u00e9es GPS -1.95372 30.43816 Fuseau\",\"breadcrumb\":{\"@id\":\"https:\\\/\\\/spaziospadoni.org\\\/fr\\\/opera-m\\\/rwanda-afrique-projet-m20\\\/#breadcrumb\"},\"inLanguage\":\"fr-FR\",\"potentialAction\":[{\"@type\":\"ReadAction\",\"target\":[\"https:\\\/\\\/spaziospadoni.org\\\/fr\\\/opera-m\\\/rwanda-afrique-projet-m20\\\/\"]}]},{\"@type\":\"ImageObject\",\"inLanguage\":\"fr-FR\",\"@id\":\"https:\\\/\\\/spaziospadoni.org\\\/fr\\\/opera-m\\\/rwanda-afrique-projet-m20\\\/#primaryimage\",\"url\":\"https:\\\/\\\/spaziospadoni.org\\\/wp-content\\\/uploads\\\/2026\\\/05\\\/hicsum_28_rwanda-spaziospadoni-scaled.png\",\"contentUrl\":\"https:\\\/\\\/spaziospadoni.org\\\/wp-content\\\/uploads\\\/2026\\\/05\\\/hicsum_28_rwanda-spaziospadoni-scaled.png\"},{\"@type\":\"BreadcrumbList\",\"@id\":\"https:\\\/\\\/spaziospadoni.org\\\/fr\\\/opera-m\\\/rwanda-afrique-projet-m20\\\/#breadcrumb\",\"itemListElement\":[{\"@type\":\"ListItem\",\"position\":1,\"name\":\"Home\",\"item\":\"https:\\\/\\\/spaziospadoni.org\\\/fr\\\/\"},{\"@type\":\"ListItem\",\"position\":2,\"name\":\"Opera M\",\"item\":\"https:\\\/\\\/spaziospadoni.org\\\/fr\\\/opera-m\\\/\"},{\"@type\":\"ListItem\",\"position\":3,\"name\":\"Rwanda &#8211; Afrique | Projet M20\"}]},{\"@type\":\"WebSite\",\"@id\":\"https:\\\/\\\/spaziospadoni.org\\\/fr\\\/#website\",\"url\":\"https:\\\/\\\/spaziospadoni.org\\\/fr\\\/\",\"name\":\"spazio + spadoni\",\"description\":\"Generazione di misericordia e missione nel mondo\",\"publisher\":{\"@id\":\"https:\\\/\\\/spaziospadoni.org\\\/fr\\\/#organization\"},\"alternateName\":\"spaziospadoni.org\",\"potentialAction\":[{\"@type\":\"SearchAction\",\"target\":{\"@type\":\"EntryPoint\",\"urlTemplate\":\"https:\\\/\\\/spaziospadoni.org\\\/fr\\\/?s={search_term_string}\"},\"query-input\":{\"@type\":\"PropertyValueSpecification\",\"valueRequired\":true,\"valueName\":\"search_term_string\"}}],\"inLanguage\":\"fr-FR\"},{\"@type\":\"Organization\",\"@id\":\"https:\\\/\\\/spaziospadoni.org\\\/fr\\\/#organization\",\"name\":\"spazio + spadoni\",\"alternateName\":\"spaziospadoni.org\",\"url\":\"https:\\\/\\\/spaziospadoni.org\\\/fr\\\/\",\"logo\":{\"@type\":\"ImageObject\",\"inLanguage\":\"fr-FR\",\"@id\":\"https:\\\/\\\/spaziospadoni.org\\\/fr\\\/#\\\/schema\\\/logo\\\/image\\\/\",\"url\":\"https:\\\/\\\/spaziospadoni.org\\\/wp-content\\\/uploads\\\/2026\\\/05\\\/spazio-spadoni-logo-100x100-1.webp\",\"contentUrl\":\"https:\\\/\\\/spaziospadoni.org\\\/wp-content\\\/uploads\\\/2026\\\/05\\\/spazio-spadoni-logo-100x100-1.webp\",\"width\":100,\"height\":100,\"caption\":\"spazio + spadoni\"},\"image\":{\"@id\":\"https:\\\/\\\/spaziospadoni.org\\\/fr\\\/#\\\/schema\\\/logo\\\/image\\\/\"},\"sameAs\":[\"https:\\\/\\\/www.facebook.com\\\/SpazioSpadoni\\\/\",\"https:\\\/\\\/www.instagram.com\\\/spaziospadoni\\\/\",\"https:\\\/\\\/www.youtube.com\\\/@spaziospadoni\\\/playlists\"]}]}<\/script>\n<!-- \/ Yoast SEO plugin. -->","yoast_head_json":{"title":"Rwanda - Afrique | Projet M20 | Spazio Spadoni","description":"Rwamagana | Kibungo (Rwanda) OPERA M20 MISSION Lieu Rwamagana Dioc\u00e8se Kibungo Nation Rwanda Continent Afrique Coordonn\u00e9es GPS -1.95372 30.43816 Fuseau","robots":{"index":"index","follow":"follow","max-snippet":"max-snippet:-1","max-image-preview":"max-image-preview:large","max-video-preview":"max-video-preview:-1"},"canonical":"https:\/\/spaziospadoni.org\/fr\/opera-m\/rwanda-afrique-projet-m20\/","og_locale":"fr_FR","og_type":"article","og_title":"Rwanda - Afrique | Projet M20 | Spazio Spadoni","og_description":"Rwamagana | Kibungo (Rwanda) OPERA M20 MISSION Lieu Rwamagana Dioc\u00e8se Kibungo Nation Rwanda Continent Afrique Coordonn\u00e9es GPS -1.95372 30.43816 Fuseau","og_url":"https:\/\/spaziospadoni.org\/fr\/opera-m\/rwanda-afrique-projet-m20\/","og_site_name":"spazio + spadoni","article_publisher":"https:\/\/www.facebook.com\/SpazioSpadoni\/","article_modified_time":"2026-08-19T12:45:14+00:00","og_image":[{"width":2560,"height":1771,"url":"https:\/\/spaziospadoni.org\/wp-content\/uploads\/2026\/05\/hicsum_1_congo-spaziospadoni-scaled.png","type":"image\/png"}],"twitter_card":"summary_large_image","twitter_misc":{"Est. reading time":"23 minutes"},"schema":{"@context":"https:\/\/schema.org","@graph":[{"@type":"WebPage","@id":"https:\/\/spaziospadoni.org\/fr\/opera-m\/rwanda-afrique-projet-m20\/","url":"https:\/\/spaziospadoni.org\/fr\/opera-m\/rwanda-afrique-projet-m20\/","name":"Rwanda - Afrique | Projet M20 | Spazio Spadoni","isPartOf":{"@id":"https:\/\/spaziospadoni.org\/fr\/#website"},"primaryImageOfPage":{"@id":"https:\/\/spaziospadoni.org\/fr\/opera-m\/rwanda-afrique-projet-m20\/#primaryimage"},"image":{"@id":"https:\/\/spaziospadoni.org\/fr\/opera-m\/rwanda-afrique-projet-m20\/#primaryimage"},"thumbnailUrl":"https:\/\/spaziospadoni.org\/wp-content\/uploads\/2026\/05\/hicsum_28_rwanda-spaziospadoni-scaled.png","datePublished":"2026-05-18T13:36:16+00:00","dateModified":"2026-08-19T12:45:14+00:00","description":"Rwamagana | Kibungo (Rwanda) OPERA M20 MISSION Lieu Rwamagana Dioc\u00e8se Kibungo Nation Rwanda Continent Afrique Coordonn\u00e9es GPS -1.95372 30.43816 Fuseau","breadcrumb":{"@id":"https:\/\/spaziospadoni.org\/fr\/opera-m\/rwanda-afrique-projet-m20\/#breadcrumb"},"inLanguage":"fr-FR","potentialAction":[{"@type":"ReadAction","target":["https:\/\/spaziospadoni.org\/fr\/opera-m\/rwanda-afrique-projet-m20\/"]}]},{"@type":"ImageObject","inLanguage":"fr-FR","@id":"https:\/\/spaziospadoni.org\/fr\/opera-m\/rwanda-afrique-projet-m20\/#primaryimage","url":"https:\/\/spaziospadoni.org\/wp-content\/uploads\/2026\/05\/hicsum_28_rwanda-spaziospadoni-scaled.png","contentUrl":"https:\/\/spaziospadoni.org\/wp-content\/uploads\/2026\/05\/hicsum_28_rwanda-spaziospadoni-scaled.png"},{"@type":"BreadcrumbList","@id":"https:\/\/spaziospadoni.org\/fr\/opera-m\/rwanda-afrique-projet-m20\/#breadcrumb","itemListElement":[{"@type":"ListItem","position":1,"name":"Home","item":"https:\/\/spaziospadoni.org\/fr\/"},{"@type":"ListItem","position":2,"name":"Opera M","item":"https:\/\/spaziospadoni.org\/fr\/opera-m\/"},{"@type":"ListItem","position":3,"name":"Rwanda &#8211; Afrique | Projet M20"}]},{"@type":"WebSite","@id":"https:\/\/spaziospadoni.org\/fr\/#website","url":"https:\/\/spaziospadoni.org\/fr\/","name":"spazio + spadoni","description":"Generazione di misericordia e missione nel mondo","publisher":{"@id":"https:\/\/spaziospadoni.org\/fr\/#organization"},"alternateName":"spaziospadoni.org","potentialAction":[{"@type":"SearchAction","target":{"@type":"EntryPoint","urlTemplate":"https:\/\/spaziospadoni.org\/fr\/?s={search_term_string}"},"query-input":{"@type":"PropertyValueSpecification","valueRequired":true,"valueName":"search_term_string"}}],"inLanguage":"fr-FR"},{"@type":"Organization","@id":"https:\/\/spaziospadoni.org\/fr\/#organization","name":"spazio + spadoni","alternateName":"spaziospadoni.org","url":"https:\/\/spaziospadoni.org\/fr\/","logo":{"@type":"ImageObject","inLanguage":"fr-FR","@id":"https:\/\/spaziospadoni.org\/fr\/#\/schema\/logo\/image\/","url":"https:\/\/spaziospadoni.org\/wp-content\/uploads\/2026\/05\/spazio-spadoni-logo-100x100-1.webp","contentUrl":"https:\/\/spaziospadoni.org\/wp-content\/uploads\/2026\/05\/spazio-spadoni-logo-100x100-1.webp","width":100,"height":100,"caption":"spazio + spadoni"},"image":{"@id":"https:\/\/spaziospadoni.org\/fr\/#\/schema\/logo\/image\/"},"sameAs":["https:\/\/www.facebook.com\/SpazioSpadoni\/","https:\/\/www.instagram.com\/spaziospadoni\/","https:\/\/www.youtube.com\/@spaziospadoni\/playlists"]}]}},"_links":{"self":[{"href":"https:\/\/spaziospadoni.org\/fr\/wp-json\/wp\/v2\/pages\/59731","targetHints":{"allow":["GET"]}}],"collection":[{"href":"https:\/\/spaziospadoni.org\/fr\/wp-json\/wp\/v2\/pages"}],"about":[{"href":"https:\/\/spaziospadoni.org\/fr\/wp-json\/wp\/v2\/types\/page"}],"author":[{"embeddable":true,"href":"https:\/\/spaziospadoni.org\/fr\/wp-json\/wp\/v2\/users\/102"}],"replies":[{"embeddable":true,"href":"https:\/\/spaziospadoni.org\/fr\/wp-json\/wp\/v2\/comments?post=59731"}],"version-history":[{"count":3,"href":"https:\/\/spaziospadoni.org\/fr\/wp-json\/wp\/v2\/pages\/59731\/revisions"}],"predecessor-version":[{"id":91210,"href":"https:\/\/spaziospadoni.org\/fr\/wp-json\/wp\/v2\/pages\/59731\/revisions\/91210"}],"up":[{"embeddable":true,"href":"https:\/\/spaziospadoni.org\/fr\/wp-json\/wp\/v2\/pages\/89581"}],"wp:attachment":[{"href":"https:\/\/spaziospadoni.org\/fr\/wp-json\/wp\/v2\/media?parent=59731"}],"curies":[{"name":"wp","href":"https:\/\/api.w.org\/{rel}","templated":true}]}}