{"id":62055,"date":"2026-05-18T14:56:33","date_gmt":"2026-05-18T13:56:33","guid":{"rendered":"https:\/\/spaziospadoni.org\/oeuvres-de-misericorde\/timor-leste-asie-projet-m18\/"},"modified":"2026-08-01T11:52:43","modified_gmt":"2026-08-01T10:52:43","slug":"timor-leste-asie-projet-m18","status":"publish","type":"page","link":"https:\/\/spaziospadoni.org\/fr\/opera-m\/timor-leste-asie-projet-m18\/","title":{"rendered":"Timor-Leste &#8211; Asie | Projet M18"},"content":{"rendered":"\n<div class=\"ss-project-hero-card\">\n<h2 id=\"oesilo-dili-timorleste\" class=\"gb-text gb-text-62a95885\">Oesilo | Dili (Timor-Leste)<\/h2>\n\n\n\n<div class=\"gb-element-f60f2409\">\n<div class=\"gb-element-90a85740 ss-project-sidebar\">\n<h2 id=\"opera-m18\" class=\"gb-text ss-project-title\">OPERA M18<\/h2>\n\n\n\n<figure class=\"wp-block-image size-large\"><img decoding=\"async\" src=\"https:\/\/spaziospadoni.org\/wp-content\/uploads\/2026\/05\/hicsum_33_timor_est-spaziospadoni-scaled.png\" alt=\"hicsum 33 Timor-Leste spaziospadoni 400x277\" class=\"wp-image-43007\"\/><\/figure>\n\n\n\n<div class=\"ss-project-table\">\n<div class=\"ss-table-section-title\">\n<h3 id=\"mission\" class=\"gb-text\">MISSION<\/h3>\n<\/div>\n\n\n\n<div class=\"ss-table-row\">\n<p class=\"gb-text\">Lieu<\/p>\n\n\n\n<p class=\"gb-text\"><a href=\"https:\/\/www.google.com\/maps\/place\/Oesilo,+Timor+Est\/@-9.3534147,124.2071778,15z\/data=!3m1!4b1!4m6!3m5!1s0x2c55746d0c0a1495:0x3fd84d5dd186c088!8m2!3d-9.353415!4d124.217499!16s%2Fm%2F03mdchp?entry=ttu&amp;g_ep=EgoyMDI2MDEwNy4wIKXMDSoASAFQAw%3D%3D\" rel=\"noreferrer noopener\" target=\"_blank\" title=\"Oesilo\">Oesilo<\/a><\/p>\n<\/div>\n\n\n\n<div class=\"ss-table-row\">\n<p class=\"gb-text\">Dioc\u00e8se<\/p>\n\n\n\n<p class=\"gb-text\">Dili<\/p>\n<\/div>\n\n\n\n<div class=\"ss-table-row\">\n<p class=\"gb-text\">Nation<\/p>\n\n\n\n<p class=\"gb-text\"><strong>Timor-Leste<\/strong><\/p>\n<\/div>\n\n\n\n<div class=\"ss-table-row\">\n<p class=\"gb-text\">Continent<\/p>\n\n\n\n<p class=\"gb-text\">Asie<\/p>\n<\/div>\n\n\n\n<div class=\"ss-table-row\">\n<p class=\"gb-text\">Coordonn\u00e9es GPS<\/p>\n\n\n\n<p class=\"gb-text\">-9.35274 124.21930<\/p>\n<\/div>\n\n\n\n<div class=\"ss-table-row\">\n<p class=\"gb-text\">Fuseau horaire<\/p>\n\n\n\n<p class=\"gb-text\">UTC+9<\/p>\n<\/div>\n<\/div>\n\n\n\n<div class=\"ss-project-table\">\n<div class=\"ss-table-section-title\">\n<h3 id=\"organisateur\" class=\"gb-text\">ORGANISATEUR<\/h3>\n<\/div>\n\n\n\n<div class=\"ss-table-row\">\n<p class=\"gb-text\">Congr\u00e9gation<\/p>\n\n\n\n<p class=\"gb-text\">Institut des Filles de Saint Fran\u00e7ois<\/p>\n<\/div>\n\n\n\n<div class=\"ss-table-row\">\n<p class=\"gb-text\">Maison M\u00e8re<\/p>\n\n\n\n<p class=\"gb-text\">Borgo a Mozzano<\/p>\n<\/div>\n\n\n\n<div class=\"ss-table-row\">\n<p class=\"gb-text\">Dioc\u00e8se<\/p>\n\n\n\n<p class=\"gb-text\">Lucca<\/p>\n<\/div>\n\n\n\n<div class=\"ss-table-row\">\n<p class=\"gb-text\">Nation<\/p>\n\n\n\n<p class=\"gb-text\">Italie<\/p>\n<\/div>\n\n\n\n<div class=\"ss-table-row\">\n<p class=\"gb-text\">Continent<\/p>\n\n\n\n<p class=\"gb-text\">Europe<\/p>\n<\/div>\n\n\n\n<div class=\"ss-table-row\">\n<p class=\"gb-text\">F\u00eate de la Congr\u00e9gation<\/p>\n\n\n\n<p class=\"gb-text\">3 octobre<\/p>\n<\/div>\n\n\n\n<div class=\"ss-table-row\">\n<p class=\"gb-text\">Coordonn\u00e9es GPS<\/p>\n\n\n\n<p class=\"gb-text\">43.97939 10.54447<\/p>\n<\/div>\n\n\n\n<div class=\"ss-table-row\">\n<p class=\"gb-text\">Fuseau horaire<\/p>\n\n\n\n<p class=\"gb-text\">UTC+1<\/p>\n<\/div>\n\n\n\n<div class=\"ss-table-row\">\n<p class=\"gb-text\">R\u00e9f\u00e9rent<\/p>\n\n\n\n<p class=\"gb-text\">S\u0153ur Ansila Feot<\/p>\n<\/div>\n\n\n\n<div class=\"ss-table-row\">\n<p class=\"gb-text\">M\u00e8re G\u00e9n\u00e9rale<\/p>\n\n\n\n<p class=\"gb-text\">S\u0153ur Ignazia Rancan<\/p>\n<\/div>\n\n\n\n<div class=\"ss-table-row\">\n<p class=\"gb-text\">Site Internet<\/p>\n\n\n\n<p class=\"gb-text\"><a href=\"https:\/\/www.suoresantagemma.it\/\" target=\"_blank\" rel=\"noreferrer noopener\" title=\"suoresantagemma.it\">suoresantagemma.it<\/a><\/p>\n<\/div>\n<\/div>\n\n\n\n<div class=\"ss-project-table\">\n<div class=\"ss-table-section-title\">\n<h3 id=\"spazio-reale\" class=\"gb-text\">SPAZIO REALE<\/h3>\n<\/div>\n\n\n\n<div class=\"ss-table-row\">\n<p class=\"gb-text\">Responsable du projet<\/p>\n\n\n\n<p class=\"gb-text\">S\u0153ur Ansila Feot<\/p>\n<\/div>\n\n\n\n<div class=\"ss-table-row\">\n<p class=\"gb-text\">Date de d\u00e9but<\/p>\n\n\n\n<p class=\"gb-text\"><\/p>\n<\/div>\n\n\n\n<div class=\"ss-table-row\">\n<p class=\"gb-text\">Typologie<\/p>\n\n\n\n<p class=\"gb-text\"><strong>Pain de mis\u00e9ricorde<\/strong><\/p>\n<\/div>\n<\/div>\n\n\n\n<div class=\"ss-project-table\">\n<a class=\"gb-element-e1766596 ss-table-section-button\" href=\"#\" title=\"OPERA M &#8211; PROJET M18\">\n<span class=\"gb-text\">OPERA M &#8211; PROJET M18<\/span>\n<\/a>\n<\/div>\n<\/div>\n<\/div>\n\n\n\n<div class=\"gb-element-6ad95ea8\">\n<div class=\"gb-element-e34063a6 ss-project-intro\">\n<p class=\"wp-block-paragraph\">OPERA M est la r\u00e9volution des \u0153uvres de mis\u00e9ricorde. C&rsquo;est l&rsquo;instrument permanent de d\u00e9veloppement d&rsquo;une pens\u00e9e forte et renouvel\u00e9e des \u0153uvres dans le monde. <\/p>\n\n\n\n<p class=\"wp-block-paragraph\">Il na\u00eet d&rsquo;une urgence fortement ressentie par spazio + spadoni de faire r\u00e9<strong>\u00c9<\/strong>voluer le concept d&rsquo;\u0153uvre de mis\u00e9ricorde comme un chemin qui est toujours \u00e0 la fois humain et divin, et donc, toujours spirituel en plus d&rsquo;\u00eatre pratique (ou corporel). La red\u00e9couverte, voire la v\u00e9ritable r\u00e9<strong>\u00c9<\/strong>volution des \u0153uvres doit \u00eatre retrouv\u00e9e au sein de cette synth\u00e8se entre aspect spirituel et acte pratique. L&rsquo;agir mat\u00e9riel doit toujours \u00eatre impr\u00e9gn\u00e9 de l&rsquo;esprit.  <\/p>\n\n\n\n<p class=\"wp-block-paragraph\">OPERA M se fonde sur cinq actions qui en d\u00e9finissent la m\u00e9thode : INVOQUE, appelle l&rsquo;Esprit \u00c9COUTE, fais silence pour t&rsquo;ouvrir \u00e0 l&rsquo;\u00e9coute RENCONTRE, sois au milieu des gens AGISSONS, agir pour les \u0153uvres INONDONS, portons tout le monde aux \u0153uvres de mis\u00e9ricorde <strong>\u0152uvres de mis\u00e9ricorde spirituelles<\/strong> Conseiller ceux qui doutent Enseigner les ignorants Avertir les p\u00e9cheurs Consoler les afflig\u00e9s Pardonner les offenses Supporter patiemment les personnes importunes Prier Dieu pour les vivants et pour les morts <strong>\u0152uvres de mis\u00e9ricorde corporelles<\/strong> Donner \u00e0 manger aux affam\u00e9s Donner \u00e0 boire aux assoiff\u00e9s V\u00eatir les nus Loger les p\u00e8lerins Visiter les malades Visiter les prisonniers Ensevelir les morts<\/p>\n<\/div>\n<\/div>\n\n\n\n<div>\n<h2 id=\"chronologie\" class=\"gb-text gb-text-8179e40a\">Chronologie<\/h2>\n\n\n\n<div class=\"ss-timeline\">\n<h3 id=\"2022\" class=\"gb-text\">2022<\/h3>\n\n\n\n<div class=\"ss-timeline-item\">\n<h4 id=\"novembre-creation-du-groupe\" class=\"gb-text\">Novembre | Cr\u00e9ation du groupe<\/h4>\n\n\n\n<p class=\"wp-block-paragraph\">Cr\u00e9ation du groupe de b\u00e9n\u00e9voles qui se r\u00e9unit pour la premi\u00e8re fois<\/p>\n<\/div>\n\n\n\n<div class=\"ss-timeline-item\">\n<h4 id=\"04-decembre-oeuvres-de-misericorde-avec-les-benevoles\" class=\"gb-text\">04 D\u00e9cembre | \u0152uvres de mis\u00e9ricorde avec les b\u00e9n\u00e9voles<\/h4>\n\n\n\n<p class=\"wp-block-paragraph\">S\u0153ur Ansila et les b\u00e9n\u00e9voles promeuvent la diffusion des \u0153uvres de mis\u00e9ricorde dans le village, ce qui se traduit surtout par l&rsquo;assistance aux malades<\/p>\n<\/div>\n<\/div>\n\n\n\n<div class=\"ss-timeline\">\n<h3 id=\"2023\" class=\"gb-text\">2023<\/h3>\n\n\n\n<div class=\"ss-timeline-item\">\n<h4 id=\"12-janvier-rencontre-avec-la-mere-generale\" class=\"gb-text\">12 janvier | Rencontre avec la M\u00e8re g\u00e9n\u00e9rale<\/h4>\n\n\n\n<p class=\"wp-block-paragraph\">Luigi Spadoni rencontre la M\u00e8re g\u00e9n\u00e9rale \u00e0 la Maison g\u00e9n\u00e9rale de Pise pour un \u00e9change sur les projets men\u00e9s au Timor oriental, parmi lesquels l&rsquo;engagement dans la diffusion des \u0153uvres de mis\u00e9ricorde<\/p>\n<\/div>\n\n\n\n<div class=\"ss-timeline-item\">\n<h4 id=\"24-fevrier-oeuvres-de-misericorde-avec-les-personnes-agees\" class=\"gb-text\">24 f\u00e9vrier | \u0153uvres de mis\u00e9ricorde avec les personnes \u00e2g\u00e9es<\/h4>\n\n\n\n<p class=\"wp-block-paragraph\">\u0153uvres de mis\u00e9ricorde avec les personnes \u00e2g\u00e9es malades<\/p>\n<\/div>\n\n\n\n<div class=\"ss-timeline-item\">\n<h4 id=\"11-mars-oeuvres-de-misericorde-avec-les-benevoles\" class=\"gb-text\">11 mars | \u0152uvres de mis\u00e9ricorde avec les b\u00e9n\u00e9voles<\/h4>\n\n\n\n<p class=\"wp-block-paragraph\">Ensevelir les morts et prier pour eux<\/p>\n<\/div>\n\n\n\n<div class=\"ss-timeline-item\">\n<h4 id=\"23-octobre-oeuvres-de-misericorde-avec-les-benevoles\" class=\"gb-text\">23 octobre | \u0152uvres de mis\u00e9ricorde avec les b\u00e9n\u00e9voles<\/h4>\n\n\n\n<p class=\"wp-block-paragraph\">S\u0153ur Ansila et les b\u00e9n\u00e9voles pr\u00e9parent et distribuent des repas aux enfants<\/p>\n<\/div>\n\n\n\n<div class=\"ss-timeline-item\">\n<h4 id=\"28-decembre-reevolution\" class=\"gb-text\">28 d\u00e9cembre | R\u00e9-\u00c9volution<\/h4>\n\n\n\n<p class=\"wp-block-paragraph\">Apr\u00e8s une rencontre de formation, s\u0153ur Ansila et les b\u00e9n\u00e9voles vivent les \u0153uvres de mis\u00e9ricorde parmi les gens<\/p>\n<\/div>\n<\/div>\n\n\n\n<div class=\"ss-timeline\">\n<h3 id=\"2024\" class=\"gb-text\">2024<\/h3>\n\n\n\n<div class=\"ss-timeline-item\">\n<h4 id=\"27-fevrier-reevolution\" class=\"gb-text\">27 f\u00e9vrier | R\u00e9-\u00c9volution<\/h4>\n\n\n\n<p class=\"wp-block-paragraph\">S\u0153ur Ansila, accompagn\u00e9e du cur\u00e9, se rend dans les villages voisins pour approfondir le sens des \u0153uvres de mis\u00e9ricorde<\/p>\n<\/div>\n\n\n\n<div class=\"ss-timeline-item\">\n<h4 id=\"27-aout-temoignage\" class=\"gb-text\">27 ao\u00fbt | T\u00e9moignage<\/h4>\n\n\n\n<p class=\"wp-block-paragraph\">S\u0153ur Ansila, de retour pour une p\u00e9riode en Italie, livre un t\u00e9moignage missionnaire \u00e0 la communaut\u00e9 de Borgo a Mozzano (LU) dans lequel elle souligne l&rsquo;engagement de la communaut\u00e9 et des b\u00e9n\u00e9voles dans la diffusion des \u0153uvres de mis\u00e9ricorde<\/p>\n<\/div>\n<\/div>\n\n\n\n<div class=\"ss-timeline\">\n<h3 id=\"2025\" class=\"gb-text\">2025<\/h3>\n\n\n\n<div class=\"ss-timeline-item\">\n<h4 id=\"01-janvier-benevoles\" class=\"gb-text\">01 Janvier | B\u00e9n\u00e9voles<\/h4>\n\n\n\n<p class=\"wp-block-paragraph\">Le premier jour de l&rsquo;ann\u00e9e commence par une journ\u00e9e avec les b\u00e9n\u00e9voles<\/p>\n<\/div>\n\n\n\n<div class=\"ss-timeline-item\">\n<h4 id=\"30-mars-oeuvres-de-misericorde-avec-les-benevoles\" class=\"gb-text\">30 Mars | \u0153uvres de mis\u00e9ricorde avec les b\u00e9n\u00e9voles<\/h4>\n\n\n\n<p class=\"wp-block-paragraph\">S\u0153ur Ansila et les b\u00e9n\u00e9voles vivent l&rsquo;apostolat avec les personnes touch\u00e9es par l&rsquo;inondation et leur donnent une cuisine<\/p>\n<\/div>\n\n\n\n<div class=\"ss-timeline-item\">\n<h4 id=\"23-septembre-rencontre-de-preparation-maison-opera-m\" class=\"gb-text\">23 Septembre | Rencontre de pr\u00e9paration Maison OPERA M<\/h4>\n\n\n\n<p class=\"wp-block-paragraph\">Une rencontre s&rsquo;est tenue avec les autorit\u00e9s pour planifier la construction de la Maison OPERA M et de la chapelle<\/p>\n<\/div>\n\n\n\n<div class=\"ss-timeline-item\">\n<h4 id=\"04-octobre-maison-opera-m\" class=\"gb-text\">04 Octobre | Maison OPERA M<\/h4>\n\n\n\n<p class=\"wp-block-paragraph\">En la m\u00e9moire de Saint Fran\u00e7ois, jour de f\u00eate pour la Congr\u00e9gation, la premi\u00e8re pierre qui donne le coup d&rsquo;envoi \u00e0 la construction de la Maison OPERA M est b\u00e9nie et pos\u00e9e. Le m\u00eame jour, les foulards sont \u00e9galement b\u00e9nis et remis aux nouveaux b\u00e9n\u00e9voles<\/p>\n<\/div>\n\n\n\n<div class=\"ss-timeline-item\">\n<h4 id=\"12-octobre-reevolution\" class=\"gb-text\">12 Octobre | R\u00e9-\u00c9volution<\/h4>\n\n\n\n<p class=\"wp-block-paragraph\">S\u0153ur Ansila et les b\u00e9n\u00e9voles se rencontrent l\u00e0 o\u00f9 s&rsquo;\u00e9l\u00e8vera la Maison OPERA M<\/p>\n<\/div>\n\n\n\n<div class=\"ss-timeline-item\">\n<h4 id=\"14-novembre-debut-des-travaux\" class=\"gb-text\">14 Novembre | D\u00e9but des travaux<\/h4>\n\n\n\n<p class=\"wp-block-paragraph\">La pr\u00e9sence des techniciens envoy\u00e9s par le Gouvernement marque le v\u00e9ritable d\u00e9but des travaux de construction de la Maison OPERA M<\/p>\n<\/div>\n\n\n\n<div class=\"ss-timeline-item\">\n<h4 id=\"27-novembre-premier-ministre\" class=\"gb-text\">27 novembre | Premier ministre<\/h4>\n\n\n\n<p class=\"wp-block-paragraph\">Le Premier ministre visite la communaut\u00e9 de s\u0153ur Ansila et la Maison OPERA M<\/p>\n<\/div>\n\n\n\n<div class=\"ss-timeline-item\">\n<h4 id=\"25-decembre-oeuvres-de-misericorde-avec-les-benevoles\" class=\"gb-text\">25 D\u00e9cembre | \u0153uvres de mis\u00e9ricorde avec les b\u00e9n\u00e9voles<\/h4>\n\n\n\n<p class=\"wp-block-paragraph\">Le jour de No\u00ebl, s\u0153ur Ansila et les b\u00e9n\u00e9voles sont all\u00e9s vivre les \u0153uvres de mis\u00e9ricorde avec les plus d\u00e9munis du village<\/p>\n<\/div>\n<\/div>\n\n\n\n<div class=\"ss-timeline\">\n<h3 id=\"2026\" class=\"gb-text\">2026<\/h3>\n\n\n\n<div class=\"ss-timeline-item\">\n<h4 id=\"24-janvier-benevoles-activite-dautofinancement\" class=\"gb-text\">24 Janvier | B\u00e9n\u00e9voles activit\u00e9 d&rsquo;autofinancement<\/h4>\n\n\n\n<p class=\"wp-block-paragraph\">S\u0153ur Ansila et les b\u00e9n\u00e9voles produisent des bracelets et des chapelets pour autofinancer les activit\u00e9s d&rsquo;Opera M<\/p>\n\n\n\n<figure class=\"wp-block-gallery has-nested-images columns-1 is-cropped ss-lightbox wp-block-gallery-1 is-layout-flex wp-block-gallery-is-layout-flex\">\n<figure class=\"wp-block-image size-large\"><img decoding=\"async\" src=\"https:\/\/spaziospadoni.org\/wp-content\/uploads\/2026\/05\/2026_24_gennaio_suor_ansila_volontari_attivita_autofinanziamento_operam_spazio_spadoni-5.jpeg\" alt=\"2026 24 janvier s\u0153ur ansila b\u00e9n\u00e9voles activit\u00e9 d'autofinancement operam spazio + spadoni 5\"\/><figcaption class=\"wp-element-caption\">24 Janvier | B\u00e9n\u00e9voles activit\u00e9 d&rsquo;autofinancement<\/figcaption><\/figure>\n<\/figure>\n<\/div>\n\n\n\n<div class=\"ss-timeline-item\">\n<h4 id=\"25-janvier-formation-opera-m\" class=\"gb-text\">25 Janvier | Formation OPERA M<\/h4>\n\n\n\n<p class=\"wp-block-paragraph\">S\u0153ur Ansila donne une formation sur les \u0153uvres de mis\u00e9ricorde aux nouveaux b\u00e9n\u00e9voles<\/p>\n\n\n\n<figure class=\"wp-block-gallery has-nested-images columns-1 is-cropped ss-lightbox wp-block-gallery-2 is-layout-flex wp-block-gallery-is-layout-flex\">\n<figure class=\"wp-block-image size-large\"><img decoding=\"async\" src=\"https:\/\/spaziospadoni.org\/wp-content\/uploads\/2026\/05\/2026_25_gennaio_suor_ansila_formazione_operam_nuovi_volontari_spazio_spadoni_opere_misericordia-7.jpeg\" alt=\"2026 25 janvier s\u0153ur ansila formation operam nouveaux b\u00e9n\u00e9voles spazio + spadoni \u0153uvres de mis\u00e9ricorde 7\"\/><figcaption class=\"wp-element-caption\">25 Janvier | Formation OPERA M<\/figcaption><\/figure>\n<\/figure>\n<\/div>\n\n\n\n<div class=\"ss-timeline-item\">\n<h4 id=\"27-janvier-opera-m\" class=\"gb-text\">27 Janvier | OPERA M<\/h4>\n\n\n\n<p class=\"wp-block-paragraph\">S\u0153ur Ansila et les b\u00e9n\u00e9voles rendent visite \u00e0 un vieil homme seul et malade et apportent des sacs d&rsquo;herbe pour les animaux dont il ne peut plus s&rsquo;occuper tout seul<\/p>\n<\/div>\n\n\n\n<div class=\"ss-timeline-item\">\n<h4 id=\"28-janvier-centre-decoute-opera-m\" class=\"gb-text\">28 Janvier | Centre d&rsquo;\u00e9coute OPERA M<\/h4>\n\n\n\n<p class=\"wp-block-paragraph\">S\u0153ur Ansila et les b\u00e9n\u00e9voles se mettent \u00e0 l&rsquo;\u00e9coute de ceux qui ont besoin<\/p>\n<\/div>\n\n\n\n<div class=\"ss-timeline-item\">\n<h4 id=\"31-janvier-consoler-les-affliges\" class=\"gb-text\">31 Janvier | Consoler les afflig\u00e9s<\/h4>\n\n\n\n<p class=\"wp-block-paragraph\">S\u0153ur Ansila et les b\u00e9n\u00e9voles rendent visite aux personnes seules et malades<\/p>\n\n\n\n<figure class=\"wp-block-gallery has-nested-images columns-1 is-cropped ss-lightbox wp-block-gallery-3 is-layout-flex wp-block-gallery-is-layout-flex\">\n<figure class=\"wp-block-image size-large\"><img decoding=\"async\" src=\"https:\/\/spaziospadoni.org\/wp-content\/uploads\/2026\/05\/2026_gennaio_31_suor_ansila_volontari_consolare_gli_afllitti_opere_misericordia_spazio_spadoni-8.jpeg\" alt=\"2026 janvier 31 s\u0153ur ansila b\u00e9n\u00e9voles consoler les afflig\u00e9s \u0153uvres de mis\u00e9ricorde spazio + spadoni 8\"\/><figcaption class=\"wp-element-caption\">31 Janvier | Consoler les afflig\u00e9s<\/figcaption><\/figure>\n\n\n\n<figure class=\"wp-block-image size-large\"><img decoding=\"async\" src=\"https:\/\/spaziospadoni.org\/wp-content\/uploads\/2026\/05\/2026_gennaio_31_suor_ansila_volontari_consolare_gli_afllitti_opere_misericordia_spazio_spadoni-11.jpeg\" alt=\"2026 janvier 31 s\u0153ur ansila b\u00e9n\u00e9voles consoler les afflig\u00e9s \u0153uvres de mis\u00e9ricorde spazio + spadoni 11\"\/><figcaption class=\"wp-element-caption\">31 Janvier | Consoler les afflig\u00e9s<\/figcaption><\/figure>\n<\/figure>\n<\/div>\n\n\n\n<div class=\"ss-timeline-item\">\n<h4 id=\"02-fevrier-journee-de-la-vie-consacree\" class=\"gb-text\">02 F\u00e9vrier | Journ\u00e9e de la Vie Consacr\u00e9e<\/h4>\n\n\n\n<p class=\"wp-block-paragraph\">Lors de la Journ\u00e9e d\u00e9di\u00e9e \u00e0 la Vie Consacr\u00e9e, s\u0153ur Ansila et les b\u00e9n\u00e9voles se consacrent aux \u0153uvres de mis\u00e9ricorde<\/p>\n\n\n\n<figure class=\"wp-block-gallery has-nested-images columns-1 is-cropped ss-lightbox wp-block-gallery-4 is-layout-flex wp-block-gallery-is-layout-flex\">\n<figure class=\"wp-block-image size-large\"><img decoding=\"async\" src=\"https:\/\/spaziospadoni.org\/wp-content\/uploads\/2026\/05\/2026_2_febbraio_suor_ansila_volontari_timor_est_festa_vita_consacrata_opere_misericordia_spazio_spadoni-2.jpeg\" alt=\"2026 2 f\u00e9vrier s\u0153ur ansila b\u00e9n\u00e9voles timor oriental f\u00eate de la vie consacr\u00e9e \u0153uvres de mis\u00e9ricorde spazio + spadoni 2\"\/><figcaption class=\"wp-element-caption\">02 F\u00e9vrier | Journ\u00e9e de la Vie Consacr\u00e9e<\/figcaption><\/figure>\n<\/figure>\n<\/div>\n\n\n\n<div class=\"ss-timeline-item\">\n<h4 id=\"05-fevrier-construction-maison-opera-m\" class=\"gb-text\">05 F\u00e9vrier | Construction Maison OPERA M<\/h4>\n\n\n\n<p class=\"wp-block-paragraph\">\u00c9tat d&rsquo;avancement des travaux spazio + spadoni<\/p>\n\n\n\n<figure class=\"wp-block-gallery has-nested-images columns-1 is-cropped ss-lightbox wp-block-gallery-5 is-layout-flex wp-block-gallery-is-layout-flex\">\n<figure class=\"wp-block-image size-large\"><img decoding=\"async\" src=\"https:\/\/spaziospadoni.org\/wp-content\/uploads\/2026\/05\/2026_5_febbraio_stato_avanzamento_casa_operam_spazio_spadoni_suor_ansila-1.jpeg\" alt=\"2026 5 f\u00e9vrier \u00e9tat d'avancement maison operam spazio + spadoni s\u0153ur ansila 1\"\/><figcaption class=\"wp-element-caption\">05 F\u00e9vrier | Construction Maison OPERA M<\/figcaption><\/figure>\n\n\n\n<figure class=\"wp-block-image size-large\"><img decoding=\"async\" src=\"https:\/\/spaziospadoni.org\/wp-content\/uploads\/2026\/05\/2026_5_febbraio_stato_avanzamento_casa_operam_spazio_spadoni_suor_ansila-2.jpeg\" alt=\"2026 5 f\u00e9vrier \u00e9tat d'avancement maison operam spazio + spadoni s\u0153ur ansila 2\"\/><figcaption class=\"wp-element-caption\">05 F\u00e9vrier | Construction Maison OPERA M<\/figcaption><\/figure>\n\n\n\n<figure class=\"wp-block-image size-large\"><img decoding=\"async\" src=\"https:\/\/spaziospadoni.org\/wp-content\/uploads\/2026\/05\/2026_5_febbraio_stato_avanzamento_casa_operam_spazio_spadoni_suor_ansila-3.jpeg\" alt=\"2026 5 f\u00e9vrier \u00e9tat d'avancement maison operam spazio + spadoni s\u0153ur ansila 3\"\/><figcaption class=\"wp-element-caption\">05 F\u00e9vrier | Construction Maison OPERA M<\/figcaption><\/figure>\n\n\n\n<figure class=\"wp-block-image size-large\"><img decoding=\"async\" src=\"https:\/\/spaziospadoni.org\/wp-content\/uploads\/2026\/05\/2026_5_febbraio_stato_avanzamento_casa_operam_spazio_spadoni_suor_ansila-4.jpeg\" alt=\"2026 5 f\u00e9vrier \u00e9tat d'avancement maison operam spazio + spadoni s\u0153ur ansila 4\"\/><figcaption class=\"wp-element-caption\">05 F\u00e9vrier | Construction Maison OPERA M<\/figcaption><\/figure>\n<\/figure>\n<\/div>\n\n\n\n<div class=\"ss-timeline-item\">\n<h4 id=\"08-avril-avancement-maison-opera-m\" class=\"gb-text\">08 Avril | Avancement Maison OPERA M<\/h4>\n\n\n\n<p class=\"wp-block-paragraph\">S\u0153ur Ansila nous montre les travaux qui avancent pour l&rsquo;agrandissement de la cuisine OPERA M, du Centre d&rsquo;\u00e9coute r\u00e9alis\u00e9 en m\u00e9moire d&rsquo;Ansaldo di Borgo a Mozzano (LU) et du mini-bar. La structure prend forme gr\u00e2ce au soutien de spazio + spadoni, des s\u0153urs Ansaldo et de la Communaut\u00e9 paroissiale de Borgo a Mozzano. <\/p>\n\n\n\n<figure class=\"wp-block-gallery has-nested-images columns-1 is-cropped ss-lightbox wp-block-gallery-6 is-layout-flex wp-block-gallery-is-layout-flex\">\n<figure class=\"wp-block-image size-large\"><img decoding=\"async\" src=\"https:\/\/spaziospadoni.org\/wp-content\/uploads\/2026\/05\/2026_aprile_8_casa_operam_suor_ansila_timor_est_spazio_spadoni_opere_misericordia-1.jpeg\" alt=\"2026 avril 8 maison operam s\u0153ur ansila timor oriental spazio + spadoni \u0153uvres de mis\u00e9ricorde 1\"\/><figcaption class=\"wp-element-caption\">08 Avril | Avancement Maison OPERA M<\/figcaption><\/figure>\n<\/figure>\n<\/div>\n<\/div>\n<\/div>\n\n\n\n<div class=\"ss-project-reports\">\n<h2 id=\"rapport-des-oeuvres-de-misericorde\" class=\"gb-text gb-text-75c3218d\">Rapport des \u0152uvres de Mis\u00e9ricorde<\/h2>\n\n\n\n<ul class=\"wp-block-list ss-report-list\">\n<li>Maison OperaM_S\u0153ur Ansila<\/li>\n\n\n\n<li><a href=\"https:\/\/spaziospadoni.org\/wp-content\/uploads\/2026\/05\/Spazio-Reale_sr-Hyacinthe_OPERA-M-1.pdf\" target=\"_blank\" rel=\"noreferrer noopener\" title=\"Spazio Reale_sr Hyacinthe_OPERA M\">Spazio Reale_sr Hyacinthe_OPERA M<\/a><\/li>\n<\/ul>\n<\/div>\n\n\n\n<div class=\"ss-project-media\">\n<h2 id=\"photos-et-videos\" class=\"gb-text gb-text-d7bd8be8\">Photos et vid\u00e9os<\/h2>\n\n\n\n<div class=\"ss-media-filters\">\n<a class=\"gb-text ss-media-filter active\" data-filter=\"*\" title=\"Tout\">Tout<\/a>\n\n\n\n<a class=\"gb-text ss-media-filter\" data-filter=\".formazione\" title=\"Formation\">Formation<\/a>\n\n\n\n<a class=\"gb-text ss-media-filter\" data-filter=\".timor-est\" title=\"Timor-Leste\">Timor-Leste<\/a>\n\n\n\n<a class=\"gb-text ss-media-filter\" data-filter=\".pane-di-misericordia\" title=\"Pain de mis\u00e9ricorde\">Pain de mis\u00e9ricorde<\/a>\n\n\n\n<a class=\"gb-text ss-media-filter\" data-filter=\".casa-opera-m\" title=\"Maison OPERA M\">Maison OPERA M<\/a>\n\n\n\n<a class=\"gb-text ss-media-filter\" data-filter=\".video\" title=\"Vid\u00e9o\">Vid\u00e9o<\/a>\n<\/div>\n\n\n\n<div class=\"ss-media-grid\">\n<div>\n<figure class=\"wp-block-gallery has-nested-images columns-1 is-cropped ss-lightbox wp-block-gallery-7 is-layout-flex wp-block-gallery-is-layout-flex\">\n<figure class=\"wp-block-image size-large formazione\"><img decoding=\"async\" src=\"https:\/\/spaziospadoni.org\/wp-content\/uploads\/2026\/05\/mettere-qualcvhe-spilla-copia-300x122.jpg\" alt=\"mettre quelques broches copie 300x122\"\/><\/figure>\n\n\n\n<figure class=\"wp-block-image size-large formazione\"><img decoding=\"async\" src=\"https:\/\/spaziospadoni.org\/wp-content\/uploads\/2026\/05\/Sr-Ansilla-225x300.jpg\" alt=\"Sr Ansilla 225x300\"\/><\/figure>\n\n\n\n<figure class=\"wp-block-image size-large formazione\"><img decoding=\"async\" src=\"https:\/\/spaziospadoni.org\/wp-content\/uploads\/2026\/05\/2023_gennaio_12_hicsum_33_timor_leste_spazio_spadoni_italia_misericordia_borgo_mozzano_sr_ansila_suore_figlie_san_francesco_luigi_madre_ignazia_pisa-copia-300x225.jpg\" alt=\"2023 janvier 12 hicsum 33 timor leste spazio + spadoni italie mis\u00e9ricorde borgo mozzano sr ansila s\u0153urs filles de saint fran\u00e7ois luigi m\u00e8re ignazia pise copie 300x225\"\/><\/figure>\n\n\n\n<figure class=\"wp-block-image size-large formazione\"><img decoding=\"async\" src=\"https:\/\/spaziospadoni.org\/wp-content\/uploads\/2026\/05\/METTERE-f-ANSILA-e-mettere-anche-sotto-ansila-copia-225x300.jpg\" alt=\"METTRE f ANSILA et mettre aussi sous ansila copie 225x300\"\/><\/figure>\n\n\n\n<figure class=\"wp-block-image size-large formazione\"><img decoding=\"async\" src=\"https:\/\/spaziospadoni.org\/wp-content\/uploads\/2026\/05\/spilla-a-odette-e-ansila-F-a-devothye-e-oliver-tagliare-copia-1-300x147.jpg\" alt=\"broche \u00e0 odette et ansila F \u00e0 devothye et oliver couper copie 1 300x147\"\/><\/figure>\n\n\n\n<figure class=\"wp-block-image size-large timor-est\"><img decoding=\"async\" src=\"https:\/\/spaziospadoni.org\/wp-content\/uploads\/2026\/05\/2022_dicembre_4_hicsum_33_timor_leste_spazio_spadoni_italia_misericordia_borgo_mozzano_sr_ansila_suore_figlie_san_francesco_visita_ammalati-2-300x225.jpeg\" alt=\"2022 d\u00e9cembre 4 hicsum 33 timor leste spazio + spadoni italie mis\u00e9ricorde borgo mozzano sr ansila s\u0153urs filles de saint fran\u00e7ois visite aux malades 2 300x225\"\/><\/figure>\n\n\n\n<figure class=\"wp-block-image size-large timor-est\"><img decoding=\"async\" src=\"https:\/\/spaziospadoni.org\/wp-content\/uploads\/2026\/05\/2022_dicembre_4_hicsum_33_timor_leste_spazio_spadoni_italia_misericordia_borgo_mozzano_sr_ansila_suore_figlie_san_francesco_visita_ammalati-8-300x142.jpeg\" alt=\"2022 d\u00e9cembre 4 hicsum 33 timor leste spazio + spadoni italie mis\u00e9ricorde borgo mozzano sr ansila s\u0153urs filles de saint fran\u00e7ois visite aux malades 8 300x142\"\/><\/figure>\n\n\n\n<figure class=\"wp-block-image size-large timor-est\"><img decoding=\"async\" src=\"https:\/\/spaziospadoni.org\/wp-content\/uploads\/2026\/05\/2022_dicembre_17_hicsum_33_timor_leste_spazio_spadoni_italia_misericordia_borgo_mozzano_sr_ansila_suore_figlie_san_francesco_preparazione_sacchi_riso-2-copia-225x300.jpg\" alt=\"2022 d\u00e9cembre 17 hicsum 33 timor leste spazio + spadoni italie mis\u00e9ricorde borgo mozzano sr ansila s\u0153urs filles de saint fran\u00e7ois pr\u00e9paration sacs de riz 2 copie 225x300\"\/><\/figure>\n\n\n\n<figure class=\"wp-block-image size-large timor-est\"><img decoding=\"async\" src=\"https:\/\/spaziospadoni.org\/wp-content\/uploads\/2026\/05\/2022_dicembre_17_hicsum_33_timor_leste_spazio_spadoni_italia_misericordia_borgo_mozzano_sr_ansila_suore_figlie_san_francesco_preparazione_sacchi_riso-3-300x225.jpeg\" alt=\"2022 d\u00e9cembre 17 hicsum 33 timor leste spazio + spadoni italie mis\u00e9ricorde borgo mozzano sr ansila s\u0153urs filles de saint fran\u00e7ois pr\u00e9paration sacs de riz 3 300x225\"\/><\/figure>\n\n\n\n<figure class=\"wp-block-image size-large timor-est\"><img decoding=\"async\" src=\"https:\/\/spaziospadoni.org\/wp-content\/uploads\/2026\/05\/2022_dicembre_17_hicsum_33_timor_leste_spazio_spadoni_italia_misericordia_borgo_mozzano_sr_ansila_suore_figlie_san_francesco_preparazione_sacchi_riso-4-300x225.jpeg\" alt=\"2022 d\u00e9cembre 17 hicsum 33 timor leste spazio + spadoni italie mis\u00e9ricorde borgo mozzano sr ansila s\u0153urs filles de saint fran\u00e7ois pr\u00e9paration sacs de riz 4 300x225\"\/><\/figure>\n\n\n\n<figure class=\"wp-block-image size-large timor-est\"><img decoding=\"async\" src=\"https:\/\/spaziospadoni.org\/wp-content\/uploads\/2026\/05\/2022_dicembre_29_hicsum_33_timor_leste_spazio_spadoni_italia_misericordia_borgo_mozzano_sr_ansila_suore_figlie_san_francesco_consegna_pacchi_riso_volontari-2-copia-300x179.jpg\" alt=\"2022 d\u00e9cembre 29 hicsum 33 timor leste spazio + spadoni italie mis\u00e9ricorde borgo mozzano sr ansila s\u0153urs filles de saint fran\u00e7ois remise paquets de riz b\u00e9n\u00e9voles 2 copie 300x179\"\/><\/figure>\n\n\n\n<figure class=\"wp-block-image size-large timor-est\"><img decoding=\"async\" src=\"https:\/\/spaziospadoni.org\/wp-content\/uploads\/2026\/05\/2022_dicembre_29_hicsum_33_timor_leste_spazio_spadoni_italia_misericordia_borgo_mozzano_sr_ansila_suore_figlie_san_francesco_consegna_pacchi_riso_volontari-3-300x225.jpeg\" alt=\"2022 d\u00e9cembre 29 hicsum 33 timor leste spazio + spadoni italie mis\u00e9ricorde borgo mozzano sr ansila s\u0153urs filles de saint fran\u00e7ois remise paquets de riz b\u00e9n\u00e9voles 3 300x225\"\/><\/figure>\n\n\n\n<figure class=\"wp-block-image size-large timor-est\"><img decoding=\"async\" src=\"https:\/\/spaziospadoni.org\/wp-content\/uploads\/2026\/05\/2022_dicembre_29_hicsum_33_timor_leste_spazio_spadoni_italia_misericordia_borgo_mozzano_sr_ansila_suore_figlie_san_francesco_consegna_pacchi_riso_volontari-4-225x300.jpeg\" alt=\"2022 d\u00e9cembre 29 hicsum 33 timor leste spazio + spadoni italie mis\u00e9ricorde borgo mozzano sr ansila s\u0153urs filles de saint fran\u00e7ois remise paquets de riz b\u00e9n\u00e9voles 4 300x225\"\/><\/figure>\n\n\n\n<figure class=\"wp-block-image size-large timor-est\"><img decoding=\"async\" src=\"https:\/\/spaziospadoni.org\/wp-content\/uploads\/2026\/05\/2022_dicembre_29_hicsum_33_timor_leste_spazio_spadoni_italia_misericordia_borgo_mozzano_sr_ansila_suore_figlie_san_francesco_consegna_pacchi_riso_volontari-5-copia-225x300.jpg\" alt=\"2022 d\u00e9cembre 29 hicsum 33 timor leste spazio + spadoni italie mis\u00e9ricorde borgo mozzano sr ansila s\u0153urs filles de saint fran\u00e7ois remise paquets de riz b\u00e9n\u00e9voles 5 copie 225x300\"\/><\/figure>\n\n\n\n<figure class=\"wp-block-image size-large timor-est\"><img decoding=\"async\" src=\"https:\/\/spaziospadoni.org\/wp-content\/uploads\/2026\/05\/2022_dicembre_29_hicsum_33_timor_leste_spazio_spadoni_italia_misericordia_borgo_mozzano_sr_ansila_suore_figlie_san_francesco_consegna_pacchi_riso_volontari-225x300.jpeg\" alt=\"2022 d\u00e9cembre 29 hicsum 33 timor leste spazio + spadoni italie mis\u00e9ricorde borgo mozzano sr ansila s\u0153urs filles de saint fran\u00e7ois remise paquets de riz b\u00e9n\u00e9voles 225x300\"\/><\/figure>\n\n\n\n<figure class=\"wp-block-image size-large timor-est\"><img decoding=\"async\" src=\"https:\/\/spaziospadoni.org\/wp-content\/uploads\/2026\/05\/2023_agosto_hicsum_33_timor_leste_spazio_spadoni_italia_misericordia_borgo_mozzano_sr_ansila_suore_figlie_san_francesco_opera_misericordia_dare_mangiare_affamati_consegna_stato_riso_orf-3-300x131.jpg\" alt=\"2023 ao\u00fbt hicsum 33 timor leste spazio + spadoni italie mis\u00e9ricorde borgo mozzano sr ansila s\u0153urs filles de saint fran\u00e7ois \u0153uvre de mis\u00e9ricorde donner \u00e0 manger affam\u00e9s remise \u00e9tat riz orf 3 300x131\"\/><\/figure>\n\n\n\n<figure class=\"wp-block-image size-large timor-est\"><img decoding=\"async\" src=\"https:\/\/spaziospadoni.org\/wp-content\/uploads\/2026\/05\/2023_agosto_hicsum_33_timor_leste_spazio_spadoni_italia_misericordia_borgo_mozzano_sr_ansila_suore_figlie_san_francesco_opera_misericordia_dare_mangiare_affamati_consegna_stato_riso_orf-5-300x131.jpg\" alt=\"2023 ao\u00fbt hicsum 33 timor leste spazio + spadoni italie mis\u00e9ricorde borgo mozzano sr ansila s\u0153urs filles de saint fran\u00e7ois \u0153uvre de mis\u00e9ricorde donner \u00e0 manger affam\u00e9s remise \u00e9tat riz orf 5 300x131\"\/><\/figure>\n\n\n\n<figure class=\"wp-block-image size-large timor-est\"><img decoding=\"async\" src=\"https:\/\/spaziospadoni.org\/wp-content\/uploads\/2026\/05\/2023_agosto_hicsum_33_timor_leste_spazio_spadoni_italia_misericordia_borgo_mozzano_sr_ansila_suore_figlie_san_francesco_opera_misericordia_dare_mangiare_affamati_consegna_stato_riso_orf-6-300x131.jpg\" alt=\"2023 ao\u00fbt hicsum 33 timor leste spazio + spadoni italie mis\u00e9ricorde borgo mozzano sr ansila s\u0153urs filles de saint fran\u00e7ois \u0153uvre de mis\u00e9ricorde donner \u00e0 manger affam\u00e9s remise \u00e9tat riz orf 6 300x131\"\/><\/figure>\n\n\n\n<figure class=\"wp-block-image size-large timor-est\"><img decoding=\"async\" src=\"https:\/\/spaziospadoni.org\/wp-content\/uploads\/2026\/05\/2023_aprile_9_hicsum_33_timor_leste_spazio_spadoni_italia_misericordia_borgo_mozzano_sr_ansila_suore_figlie_san_francesco_pasqua-copia-300x131.jpg\" alt=\"2023 avril 9 hicsum 33 timor leste spazio + spadoni italie mis\u00e9ricorde borgo mozzano sr ansila s\u0153urs filles de saint fran\u00e7ois p\u00e2ques copie 300x131\"\/><\/figure>\n\n\n\n<figure class=\"wp-block-image size-large timor-est\"><img decoding=\"async\" src=\"https:\/\/spaziospadoni.org\/wp-content\/uploads\/2026\/05\/2023_dicembre_14_hicsum_33_timor_leste_spazio_spadoni_italia_misericordia_borgo_mozzano_sr_ansila_suore_figlie_san_francesco_volontari_preparazione_foulard-3-225x300.jpg\" alt=\"2023 d\u00e9cembre 14 hicsum 33 timor leste spazio + spadoni italie mis\u00e9ricorde borgo mozzano sr ansila s\u0153urs filles de saint fran\u00e7ois b\u00e9n\u00e9voles pr\u00e9paration foulards 3 225x300\"\/><\/figure>\n\n\n\n<figure class=\"wp-block-image size-large timor-est\"><img decoding=\"async\" src=\"https:\/\/spaziospadoni.org\/wp-content\/uploads\/2026\/05\/2023_dicembre_14_hicsum_33_timor_leste_spazio_spadoni_italia_misericordia_borgo_mozzano_sr_ansila_suore_figlie_san_francesco_volontari_preparazione_foulard-4-225x300.jpg\" alt=\"2023 d\u00e9cembre 14 hicsum 33 timor leste spazio + spadoni italie mis\u00e9ricorde borgo mozzano sr ansila s\u0153urs filles de saint fran\u00e7ois b\u00e9n\u00e9voles pr\u00e9paration foulards 4 225x300\"\/><\/figure>\n\n\n\n<figure class=\"wp-block-image size-large timor-est\"><img decoding=\"async\" src=\"https:\/\/spaziospadoni.org\/wp-content\/uploads\/2026\/05\/2023_dicembre_14_hicsum_33_timor_leste_spazio_spadoni_italia_misericordia_borgo_mozzano_sr_ansila_suore_figlie_san_francesco_volontari_preparazione_foulard-6-225x300.jpg\" alt=\"2023 d\u00e9cembre 14 hicsum 33 timor leste spazio + spadoni italie mis\u00e9ricorde borgo mozzano sr ansila s\u0153urs filles de saint fran\u00e7ois b\u00e9n\u00e9voles pr\u00e9paration foulards 6 225x300\"\/><\/figure>\n\n\n\n<figure class=\"wp-block-image size-large timor-est\"><img decoding=\"async\" src=\"https:\/\/spaziospadoni.org\/wp-content\/uploads\/2026\/05\/2023_dicembre_28_hicsum_33_timor_leste_spazio_spadoni_italia_misericordia_borgo_mozzano_sr_ansila_suore_figlie_san_francesco_volontari_visita_lebbrosi-2-300x135.jpg\" alt=\"2023 d\u00e9cembre 28 hicsum 33 timor leste spazio + spadoni italie mis\u00e9ricorde borgo mozzano sr ansila s\u0153urs filles de saint fran\u00e7ois b\u00e9n\u00e9voles visite aux l\u00e9preux 2 300x135\"\/><\/figure>\n\n\n\n<figure class=\"wp-block-image size-large timor-est\"><img decoding=\"async\" src=\"https:\/\/spaziospadoni.org\/wp-content\/uploads\/2026\/05\/2023_dicembre_28_hicsum_33_timor_leste_spazio_spadoni_italia_misericordia_borgo_mozzano_sr_ansila_suore_figlie_san_francesco_volontari_visita_lebbrosi-3-300x135.jpg\" alt=\"2023 d\u00e9cembre 28 hicsum 33 timor leste spazio + spadoni italie mis\u00e9ricorde borgo mozzano sr ansila s\u0153urs filles de saint fran\u00e7ois b\u00e9n\u00e9voles visite aux l\u00e9preux 3 300x135\"\/><\/figure>\n\n\n\n<figure class=\"wp-block-image size-large timor-est\"><img decoding=\"async\" src=\"https:\/\/spaziospadoni.org\/wp-content\/uploads\/2026\/05\/2023_dicembre_28_hicsum_33_timor_leste_spazio_spadoni_italia_misericordia_borgo_mozzano_sr_ansila_suore_figlie_san_francesco_volontari_visita_lebbrosi-4-300x135.jpg\" alt=\"2023 d\u00e9cembre 28 hicsum 33 timor leste spazio + spadoni italie mis\u00e9ricorde borgo mozzano sr ansila s\u0153urs filles de saint fran\u00e7ois b\u00e9n\u00e9voles visite aux l\u00e9preux 4 300x135\"\/><\/figure>\n\n\n\n<figure class=\"wp-block-image size-large timor-est\"><img decoding=\"async\" src=\"https:\/\/spaziospadoni.org\/wp-content\/uploads\/2026\/05\/2023_dicembre_28_hicsum_33_timor_leste_spazio_spadoni_italia_misericordia_borgo_mozzano_sr_ansila_suore_figlie_san_francesco_volontari_visita_lebbrosi-5-300x135.jpg\" alt=\"2023 d\u00e9cembre 28 hicsum 33 timor leste spazio + spadoni italie mis\u00e9ricorde borgo mozzano sr ansila s\u0153urs filles de saint fran\u00e7ois b\u00e9n\u00e9voles visite aux l\u00e9preux 5 300x135\"\/><\/figure>\n\n\n\n<figure class=\"wp-block-image size-large timor-est\"><img decoding=\"async\" src=\"https:\/\/spaziospadoni.org\/wp-content\/uploads\/2026\/05\/2023_dicembre_28_hicsum_33_timor_leste_spazio_spadoni_italia_misericordia_borgo_mozzano_sr_ansila_suore_figlie_san_francesco_volontari_visita_lebbrosi-12-300x300.jpg\" alt=\"2023 d\u00e9cembre 28 hicsum 33 timor leste spazio + spadoni italie mis\u00e9ricorde borgo mozzano sr ansila s\u0153urs filles de saint fran\u00e7ois b\u00e9n\u00e9voles visite aux l\u00e9preux 2 300x300\"\/><\/figure>\n\n\n\n<figure class=\"wp-block-image size-large timor-est\"><img decoding=\"async\" src=\"https:\/\/spaziospadoni.org\/wp-content\/uploads\/2026\/05\/2023_dicembre_28_hicsum_33_timor_leste_spazio_spadoni_italia_misericordia_borgo_mozzano_sr_ansila_suore_figlie_san_francesco_volontari_visita_lebbrosi-17-300x300.jpg\" alt=\"2023 d\u00e9cembre 28 hicsum 33 timor leste spazio + spadoni italie mis\u00e9ricorde borgo mozzano sr ansila s\u0153urs filles de saint fran\u00e7ois b\u00e9n\u00e9voles visite aux l\u00e9preux 17 300x300\"\/><\/figure>\n\n\n\n<figure class=\"wp-block-image size-large timor-est\"><img decoding=\"async\" src=\"https:\/\/spaziospadoni.org\/wp-content\/uploads\/2026\/05\/2023_dicembre_28_hicsum_33_timor_leste_spazio_spadoni_italia_misericordia_borgo_mozzano_sr_ansila_suore_figlie_san_francesco_volontari_visita_lebbrosi-23-300x300.jpg\" alt=\"2023 d\u00e9cembre 28 hicsum 33 timor leste spazio + spadoni italie mis\u00e9ricorde borgo mozzano sr ansila s\u0153urs filles de saint fran\u00e7ois b\u00e9n\u00e9voles visite aux l\u00e9preux 23 300x300\"\/><\/figure>\n\n\n\n<figure class=\"wp-block-image size-large timor-est\"><img decoding=\"async\" src=\"https:\/\/spaziospadoni.org\/wp-content\/uploads\/2026\/05\/2023_dicembre_28_hicsum_33_timor_leste_spazio_spadoni_italia_misericordia_borgo_mozzano_sr_ansila_suore_figlie_san_francesco_volontari_visita_lebbrosi-24-225x300.jpg\" alt=\"2023 d\u00e9cembre 28 hicsum 33 timor leste spazio + spadoni italie mis\u00e9ricorde borgo mozzano sr ansila s\u0153urs filles de saint fran\u00e7ois b\u00e9n\u00e9voles visite aux l\u00e9preux 24 225x300\"\/><\/figure>\n\n\n\n<figure class=\"wp-block-image size-large timor-est\"><img decoding=\"async\" src=\"https:\/\/spaziospadoni.org\/wp-content\/uploads\/2026\/05\/2023_dicembre_28_hicsum_33_timor_leste_spazio_spadoni_italia_misericordia_borgo_mozzano_sr_ansila_suore_figlie_san_francesco_volontari_visita_lebbrosi-31-131x300.jpg\" alt=\"2023 d\u00e9cembre 28 hicsum 33 timor leste spazio + spadoni italie mis\u00e9ricorde borgo mozzano sr ansila s\u0153urs filles de saint fran\u00e7ois b\u00e9n\u00e9voles visite aux l\u00e9preux 31 131x300\"\/><\/figure>\n\n\n\n<figure class=\"wp-block-image size-large timor-est\"><img decoding=\"async\" src=\"https:\/\/spaziospadoni.org\/wp-content\/uploads\/2026\/05\/2023_dicembre_28_hicsum_33_timor_leste_spazio_spadoni_italia_misericordia_borgo_mozzano_sr_ansila_suore_figlie_san_francesco_volontari_visita_lebbrosi-32-300x225.jpg\" alt=\"2023 d\u00e9cembre 28 hicsum 33 timor leste spazio + spadoni italie mis\u00e9ricorde borgo mozzano sr ansila s\u0153urs filles de saint fran\u00e7ois b\u00e9n\u00e9voles visite aux l\u00e9preux 32 300x225\"\/><\/figure>\n\n\n\n<figure class=\"wp-block-image size-large timor-est\"><img decoding=\"async\" src=\"https:\/\/spaziospadoni.org\/wp-content\/uploads\/2026\/05\/2023_gennaio_21_hicsum_33_timor_leste_spazio_spadoni_italia_misericordia_borgo_mozzano_sr_ansila_suore_figlie_san_francesco_sr_youditta-2-copia-300x250.jpg\" alt=\"2023 janvier 21 hicsum 33 timor leste spazio + spadoni italie mis\u00e9ricorde borgo mozzano sr ansila s\u0153urs filles de saint fran\u00e7ois sr youditta 2 copie 300x250\"\/><\/figure>\n\n\n\n<figure class=\"wp-block-image size-large timor-est pane-di-misericordia\"><img decoding=\"async\" src=\"https:\/\/spaziospadoni.org\/wp-content\/uploads\/2026\/05\/2023_gennaio_18_hicsum_33_timor_leste_spazio_spadoni_italia_misericordia_borgo_mozzano_sr_ansila_suore_figlie_san_francesco_impresa_sociale_piscicoltura_pane_misericordia-copia-300x173.jpg\" alt=\"2023 janvier 18 hicsum 33 timor leste spazio + spadoni italie mis\u00e9ricorde borgo mozzano sr ansila s\u0153urs filles de saint fran\u00e7ois entreprise sociale pisciculture pain mis\u00e9ricorde copie 300x173\"\/><\/figure>\n\n\n\n<figure class=\"wp-block-image size-large timor-est pane-di-misericordia\"><img decoding=\"async\" src=\"https:\/\/spaziospadoni.org\/wp-content\/uploads\/2026\/05\/2023_gennaio_26_hicsum_33_timor_leste_spazio_spadoni_italia_misericordia_borgo_mozzano_sr_ansila_suore_figlie_san_francesco_fine_pulizia_terreno_impresa_sociale_pane_misericordi-225x300.jpeg\" alt=\"2023 janvier 26 hicsum 33 timor leste spazio + spadoni italie mis\u00e9ricorde borgo mozzano sr ansila s\u0153urs filles de saint fran\u00e7ois fin nettoyage terrain entreprise sociale pain mis\u00e9ricorde 225x300\"\/><\/figure>\n\n\n\n<figure class=\"wp-block-image size-large timor-est pane-di-misericordia\"><img decoding=\"async\" src=\"https:\/\/spaziospadoni.org\/wp-content\/uploads\/2026\/05\/2023_gennaio_26_hicsum_33_timor_leste_spazio_spadoni_italia_misericordia_borgo_mozzano_sr_ansila_suore_figlie_san_francesco_fine_pulizia_terreno_impresa_sociale_pane_misericordia-300x225.jpeg\" alt=\"2023 janvier 26 hicsum 33 timor leste spazio + spadoni italie mis\u00e9ricorde borgo mozzano sr ansila s\u0153urs filles de saint fran\u00e7ois fin nettoyage terrain entreprise sociale pain mis\u00e9ricorde 300x225\"\/><\/figure>\n\n\n\n<figure class=\"wp-block-image size-large timor-est\"><img decoding=\"async\" src=\"https:\/\/spaziospadoni.org\/wp-content\/uploads\/2026\/05\/2023_gennaio_21_hicsum_33_timor_leste_spazio_spadoni_italia_misericordia_borgo_mozzano_sr_ansila_suore_figlie_san_francesco_sr_youditta-300x225.jpeg\" alt=\"2023 janvier 21 hicsum 33 timor leste spazio + spadoni italie mis\u00e9ricorde borgo mozzano sr ansila s\u0153urs filles de saint fran\u00e7ois sr youditta 300x225\"\/><\/figure>\n\n\n\n<figure class=\"wp-block-image size-large timor-est\"><img decoding=\"async\" src=\"https:\/\/spaziospadoni.org\/wp-content\/uploads\/2026\/05\/2023_gennaio_febbraio_hicsum_33_timor_leste_spazio_spadoni_italia_misericordia_borgo_mozzano_sr_ansila_suore_figlie_san_francesco_formazione_piscicoltura-4-300x138.jpeg\" alt=\"2023 janvier f\u00e9vrier hicsum 33 timor leste spazio + spadoni italie mis\u00e9ricorde borgo mozzano sr ansila s\u0153urs filles de saint fran\u00e7ois formation pisciculture 4 300x138\"\/><\/figure>\n\n\n\n<figure class=\"wp-block-image size-large timor-est\"><img decoding=\"async\" src=\"https:\/\/spaziospadoni.org\/wp-content\/uploads\/2026\/05\/2023_giugno_4_hicsum_33_timor_leste_spazio_spadoni_italia_misericordia_borgo_mozzano_sr_ansila_suore_figlie_san_francesco_visita_malati-300x142.jpg\" alt=\"2023 juin 4 hicsum 33 timor leste spazio + spadoni italie mis\u00e9ricorde borgo mozzano sr ansila s\u0153urs filles de saint fran\u00e7ois visite aux malades 300x142\"\/><\/figure>\n\n\n\n<figure class=\"wp-block-image size-large timor-est\"><img decoding=\"async\" src=\"https:\/\/spaziospadoni.org\/wp-content\/uploads\/2026\/05\/2023_giugno_11_hicsum_33_timor_leste_spazio_spadoni_italia_misericordia_borgo_mozzano_sr_ansila_suore_figlie_san_francesco_raccolta_legni-300x132.jpg\" alt=\"2023 juin 11 hicsum 33 timor leste spazio + spadoni italie mis\u00e9ricorde borgo mozzano sr ansila s\u0153urs filles de saint fran\u00e7ois ramassage de bois 300x132\"\/><\/figure>\n\n\n\n<figure class=\"wp-block-image size-large timor-est\"><img decoding=\"async\" src=\"https:\/\/spaziospadoni.org\/wp-content\/uploads\/2026\/05\/2023_hicsum_33_timor_leste_spazio_spadoni_italia_misericordia_borgo_mozzano_sr_ansila_suore_figlie_san_francesco_via_crucis_domenica_palme-2-300x142.jpeg\" alt=\"2023 hicsum 33 timor leste spazio + spadoni italie mis\u00e9ricorde borgo mozzano sr ansila s\u0153urs filles de saint fran\u00e7ois chemin de croix dimanche des rameaux 2 300x142\"\/><\/figure>\n\n\n\n<figure class=\"wp-block-image size-large timor-est\"><img decoding=\"async\" src=\"https:\/\/spaziospadoni.org\/wp-content\/uploads\/2026\/05\/2023_ottobre_hicsum_33_timor_leste_spazio_spadoni_italia_misericordia_borgo_mozzano_sr_ansila_suore_figlie_san_francesco_volontari_donazione_stato_comune-2-copia-156x300.jpg\" alt=\"2023 octobre hicsum 33 timor leste spazio + spadoni italie mis\u00e9ricorde borgo mozzano sr ansila s\u0153urs filles de saint fran\u00e7ois b\u00e9n\u00e9voles don \u00e9tat commune 2 copie 156x300\"\/><\/figure>\n\n\n\n<figure class=\"wp-block-image size-large timor-est\"><img decoding=\"async\" src=\"https:\/\/spaziospadoni.org\/wp-content\/uploads\/2026\/05\/2023_ottobre_hicsum_33_timor_leste_spazio_spadoni_italia_misericordia_borgo_mozzano_sr_ansila_suore_figlie_san_francesco_volontari_donazione_stato_comune-9-225x300.jpg\" alt=\"2023 octobre hicsum 33 timor leste spazio + spadoni italie mis\u00e9ricorde borgo mozzano sr ansila s\u0153urs filles de saint fran\u00e7ois b\u00e9n\u00e9voles don \u00e9tat commune 9 225x300\"\/><\/figure>\n\n\n\n<figure class=\"wp-block-image size-large timor-est\"><img decoding=\"async\" src=\"https:\/\/spaziospadoni.org\/wp-content\/uploads\/2026\/05\/2023_ottobre_hicsum_33_timor_leste_spazio_spadoni_italia_misericordia_borgo_mozzano_sr_ansila_suore_figlie_san_francesco_volontari_pulizia_orto-2-300x176.jpg\" alt=\"2023 octobre hicsum 33 timor leste spazio + spadoni italie mis\u00e9ricorde borgo mozzano sr ansila s\u0153urs filles de saint fran\u00e7ois b\u00e9n\u00e9voles nettoyage du potager 2 300x176\"\/><\/figure>\n\n\n\n<figure class=\"wp-block-image size-large timor-est\"><img decoding=\"async\" src=\"https:\/\/spaziospadoni.org\/wp-content\/uploads\/2026\/05\/2024_febbraio_27_hicsum_33_timor_leste_spazio_spadoni_italia_misericordia_borgo_mozzano_sr_ansila_suore_figlie_san_francesco_volontari_giuditta_visita_famiglia_disprezzata-2-300x135.jpg\" alt=\"2024 f\u00e9vrier 27 hicsum 33 timor leste spazio + spadoni italie mis\u00e9ricorde borgo mozzano sr ansila s\u0153urs filles de saint fran\u00e7ois b\u00e9n\u00e9voles giuditta visite \u00e0 une famille m\u00e9pris\u00e9e 2 300x135\"\/><\/figure>\n\n\n\n<figure class=\"wp-block-image size-large timor-est\"><img decoding=\"async\" src=\"https:\/\/spaziospadoni.org\/wp-content\/uploads\/2026\/05\/2024_febbraio_27_hicsum_33_timor_leste_spazio_spadoni_italia_misericordia_borgo_mozzano_sr_ansila_suore_figlie_san_francesco_volontari_giuditta_visita_famiglia_disprezzata-135x300.jpg\" alt=\"2024 f\u00e9vrier 27 hicsum 33 timor leste spazio + spadoni italie mis\u00e9ricorde borgo mozzano sr ansila s\u0153urs filles de saint fran\u00e7ois b\u00e9n\u00e9voles giuditta visite \u00e0 une famille m\u00e9pris\u00e9e 135x300\"\/><\/figure>\n\n\n\n<figure class=\"wp-block-image size-large timor-est\"><img decoding=\"async\" src=\"https:\/\/spaziospadoni.org\/wp-content\/uploads\/2026\/05\/2024_febbraio_27_hicsum_33_timor_leste_spazio_spadoni_italia_misericordia_borgo_mozzano_sr_ansila_suore_figlie_san_francesco_volontari_quaresima_visita_comunita-2-300x131.jpg\" alt=\"2024 f\u00e9vrier 27 hicsum 33 timor leste spazio + spadoni italie mis\u00e9ricorde borgo mozzano sr ansila s\u0153urs filles de saint fran\u00e7ois b\u00e9n\u00e9voles car\u00eame visite \u00e0 la communaut\u00e9 2 300x131\"\/><\/figure>\n\n\n\n<figure class=\"wp-block-image size-large timor-est\"><img decoding=\"async\" src=\"https:\/\/spaziospadoni.org\/wp-content\/uploads\/2026\/05\/2024_gennaio_21_hicsum_33_timor_leste_spazio_spadoni_italia_misericordia_borgo_mozzano_sr_ansila_suore_figlie_san_francesco_volontari_aiutano_fare_olio_cocco-5-300x131.jpg\" alt=\"2024 janvier 21 hicsum 33 timor leste spazio + spadoni italie mis\u00e9ricorde borgo mozzano sr ansila s\u0153urs filles de saint fran\u00e7ois b\u00e9n\u00e9voles aident \u00e0 faire de l'huile de coco 5 300x131\"\/><\/figure>\n\n\n\n<figure class=\"wp-block-image size-large timor-est\"><img decoding=\"async\" src=\"https:\/\/spaziospadoni.org\/wp-content\/uploads\/2026\/05\/2024_gennaio_21_hicsum_33_timor_leste_spazio_spadoni_italia_misericordia_borgo_mozzano_sr_ansila_suore_figlie_san_francesco_volontari_aiutano_fare_olio_cocco-6-300x131.jpg\" alt=\"2024 janvier 21 hicsum 33 timor leste spazio + spadoni italie mis\u00e9ricorde borgo mozzano sr ansila s\u0153urs filles de saint fran\u00e7ois b\u00e9n\u00e9voles aident \u00e0 faire de l'huile de coco 6 300x131\"\/><\/figure>\n\n\n\n<figure class=\"wp-block-image size-large timor-est\"><img decoding=\"async\" src=\"https:\/\/spaziospadoni.org\/wp-content\/uploads\/2026\/05\/2024_gennaio_31_hicsum_33_timor_leste_spazio_spadoni_italia_misericordia_borgo_mozzano_sr_ansila_suore_figlie_san_francesco_volontari_sr_yudit_primo_ministro_east_timor-300x135.jpg\" alt=\"2024 janvier 31 hicsum 33 timor leste spazio + spadoni italie mis\u00e9ricorde borgo mozzano sr ansila s\u0153urs filles de saint fran\u00e7ois b\u00e9n\u00e9voles sr yudit premier ministre timor oriental 300x135\"\/><\/figure>\n\n\n\n<figure class=\"wp-block-image size-large timor-est\"><img decoding=\"async\" src=\"https:\/\/spaziospadoni.org\/wp-content\/uploads\/2026\/05\/2024_marzo_1_hicsum_33_timor_leste_spazio_spadoni_italia_misericordia_borgo_mozzano_sr_ansila_suore_figlie_san_francesco_volontari_opere_misericordia-4-300x132.jpg\" alt=\"2024 mars 1 hicsum 33 timor leste spazio + spadoni italie mis\u00e9ricorde borgo mozzano sr ansila s\u0153urs filles de saint fran\u00e7ois b\u00e9n\u00e9voles \u0153uvres de mis\u00e9ricorde 4 300x132\"\/><\/figure>\n\n\n\n<figure class=\"wp-block-image size-large timor-est\"><img decoding=\"async\" src=\"https:\/\/spaziospadoni.org\/wp-content\/uploads\/2026\/05\/2024_marzo_1_hicsum_33_timor_leste_spazio_spadoni_italia_misericordia_borgo_mozzano_sr_ansila_suore_figlie_san_francesco_volontari_opere_misericordia-300x132.jpg\" alt=\"2024 mars 1 hicsum 33 timor leste spazio + spadoni italie mis\u00e9ricorde borgo mozzano sr ansila s\u0153urs filles de saint fran\u00e7ois b\u00e9n\u00e9voles \u0153uvres de mis\u00e9ricorde 300x132\"\/><\/figure>\n\n\n\n<figure class=\"wp-block-image size-large timor-est\"><img decoding=\"async\" src=\"https:\/\/spaziospadoni.org\/wp-content\/uploads\/2026\/05\/2024_marzo_4_hicsum_33_timor_leste_spazio_spadoni_italia_misericordia_borgo_mozzano_sr_ansila_suore_figlie_san_francesco_volontari_opere_misericordia_padre_leonardo_incontro_frontiera-2-131x300.jpg\" alt=\"2024 mars 4 hicsum 33 timor leste spazio + spadoni italie mis\u00e9ricorde borgo mozzano sr ansila s\u0153urs filles de saint fran\u00e7ois b\u00e9n\u00e9voles \u0153uvres de mis\u00e9ricorde p\u00e8re leonardo rencontre fronti\u00e8re 2 131x300\"\/><\/figure>\n\n\n\n<figure class=\"wp-block-image size-large timor-est\"><img decoding=\"async\" src=\"https:\/\/spaziospadoni.org\/wp-content\/uploads\/2026\/05\/2024_marzo_4_hicsum_33_timor_leste_spazio_spadoni_italia_misericordia_borgo_mozzano_sr_ansila_suore_figlie_san_francesco_volontari_opere_misericordia_padre_leonardo_incontro_frontiera-3-300x131.jpg\" alt=\"2024 mars 4 hicsum 33 timor leste spazio + spadoni italie mis\u00e9ricorde borgo mozzano sr ansila s\u0153urs filles de saint fran\u00e7ois b\u00e9n\u00e9voles \u0153uvres de mis\u00e9ricorde p\u00e8re leonardo rencontre fronti\u00e8re 3 300x131\"\/><\/figure>\n\n\n\n<figure class=\"wp-block-image size-large timor-est\"><img decoding=\"async\" src=\"https:\/\/spaziospadoni.org\/wp-content\/uploads\/2026\/05\/2024_marzo_5_hicsum_33_timor_leste_spazio_spadoni_italia_misericordia_borgo_mozzano_sr_ansila_suore_figlie_san_francesco_volontari_opere_misericordia_dare_mangiare_affamati-2-300x131.jpg\" alt=\"2024 mars 5 hicsum 33 timor leste spazio + spadoni italie mis\u00e9ricorde borgo mozzano sr ansila s\u0153urs filles de saint fran\u00e7ois b\u00e9n\u00e9voles \u0153uvres de mis\u00e9ricorde donner \u00e0 manger affam\u00e9s 2 300x131\"\/><\/figure>\n\n\n\n<figure class=\"wp-block-image size-large timor-est\"><img decoding=\"async\" src=\"https:\/\/spaziospadoni.org\/wp-content\/uploads\/2026\/05\/2024_marzo_17_hicsum_33_timor_leste_spazio_spadoni_italia_misericordia_borgo_mozzano_sr_ansila_suore_figlie_san_francesco_volontari_opere_misericordia_promozione_vocationale_aiuto-21-copia-300x161.jpg\" alt=\"2024 mars 17 hicsum 33 timor leste spazio + spadoni italie mis\u00e9ricorde borgo mozzano sr ansila s\u0153urs filles de saint fran\u00e7ois b\u00e9n\u00e9voles \u0153uvres de mis\u00e9ricorde promotion vocationnelle aide 21 copie 300x161\"\/><\/figure>\n\n\n\n<figure class=\"wp-block-image size-large timor-est\"><img decoding=\"async\" src=\"https:\/\/spaziospadoni.org\/wp-content\/uploads\/2026\/05\/2024_marzo_17_hicsum_33_timor_leste_spazio_spadoni_italia_misericordia_borgo_mozzano_sr_ansila_suore_figlie_san_francesco_volontari_opere_misericordia_promozione_vocationale_aiuto-131x300.jpg\" alt=\"2024 mars 17 hicsum 33 timor leste spazio + spadoni italie mis\u00e9ricorde borgo mozzano sr ansila s\u0153urs filles de saint fran\u00e7ois b\u00e9n\u00e9voles \u0153uvres de mis\u00e9ricorde promotion vocationnelle aide 131x300\"\/><\/figure>\n\n\n\n<figure class=\"wp-block-image size-large timor-est\"><img decoding=\"async\" src=\"https:\/\/spaziospadoni.org\/wp-content\/uploads\/2026\/05\/2024_marzo_27_hicsum_33_timor_leste_spazio_spadoni_misericordia_borgo_mozzano_sr_ansila_suore_figlie_san_francesco_messa_giovedi_santo-4-300x131.jpg\" alt=\"2024 mars 27 hicsum 33 timor leste spazio + spadoni mis\u00e9ricorde borgo mozzano sr ansila s\u0153urs filles de saint fran\u00e7ois messe du jeudi saint 4 300x131\"\/><\/figure>\n\n\n\n<figure class=\"wp-block-image size-large timor-est\"><img decoding=\"async\" src=\"https:\/\/spaziospadoni.org\/wp-content\/uploads\/2026\/05\/2024_marzo_27_hicsum_33_timor_leste_spazio_spadoni_misericordia_borgo_mozzano_sr_ansila_suore_figlie_san_francesco_messa_giovedi_santo-131x300.jpg\" alt=\"2024 mars 27 hicsum 33 timor leste spazio + spadoni mis\u00e9ricorde borgo mozzano sr ansila s\u0153urs filles de saint fran\u00e7ois messe du jeudi saint 131x300\"\/><\/figure>\n\n\n\n<figure class=\"wp-block-image size-large timor-est\"><img decoding=\"async\" src=\"https:\/\/spaziospadoni.org\/wp-content\/uploads\/2026\/05\/2024_marzo_27_hicsum_33_timor_leste_spazio_spadoni_misericordia_borgo_mozzano_sr_ansila_suore_figlie_san_francesco_via_crucis-5-131x300.jpg\" alt=\"2024 mars 27 hicsum 33 timor leste spazio + spadoni mis\u00e9ricorde borgo mozzano sr ansila s\u0153urs filles de saint fran\u00e7ois chemin de croix 5 131x300\"\/><\/figure>\n\n\n\n<figure class=\"wp-block-image size-large timor-est\"><img decoding=\"async\" src=\"https:\/\/spaziospadoni.org\/wp-content\/uploads\/2026\/05\/2024_marzo_30_hicsum_33_timor_leste_spazio_spadoni_misericordia_borgo_mozzano_sr_ansila_suore_figlie_san_francesco_messa_risurrezzione_distribuzione_comunione_fedeli-3-300x131.jpg\" alt=\"2024 mars 30 hicsum 33 timor leste spazio + spadoni mis\u00e9ricorde borgo mozzano sr ansila s\u0153urs filles de saint fran\u00e7ois messe de la r\u00e9surrection distribution de la communion aux fid\u00e8les 3 300x131\"\/><\/figure>\n\n\n\n<figure class=\"wp-block-image size-large timor-est\"><img decoding=\"async\" src=\"https:\/\/spaziospadoni.org\/wp-content\/uploads\/2026\/05\/2024_marzo_31_hicsum_33_timor_leste_spazio_spadoni_misericordia_borgo_mozzano_sr_ansila_suore_figlie_san_francesco_processione_cristo_morto-4-135x300.jpg\" alt=\"2024 mars 31 hicsum 33 timor leste spazio + spadoni mis\u00e9ricorde borgo mozzano sr ansila s\u0153urs filles de saint fran\u00e7ois procession du christ mort 4 135x300\"\/><\/figure>\n\n\n\n<figure class=\"wp-block-image size-large timor-est\"><img decoding=\"async\" src=\"https:\/\/spaziospadoni.org\/wp-content\/uploads\/2026\/05\/2024_marzo_31_hicsum_33_timor_leste_spazio_spadoni_misericordia_borgo_mozzano_sr_ansila_suore_figlie_san_francesco_tempo_libero_rientro_comunita-4-131x300.jpg\" alt=\"2024 mars 31 hicsum 33 timor leste spazio + spadoni mis\u00e9ricorde borgo mozzano sr ansila s\u0153urs filles de saint fran\u00e7ois temps libre retour en communaut\u00e9 4 131x300\"\/><\/figure>\n\n\n\n<figure class=\"wp-block-image size-large timor-est\"><img decoding=\"async\" src=\"https:\/\/spaziospadoni.org\/wp-content\/uploads\/2026\/05\/2024_marzo_31_hicsum_33_timor_leste_spazio_spadoni_misericordia_borgo_mozzano_sr_ansila_suore_figlie_san_francesco_tempo_libero_rientro_comunita-5-300x131.jpg\" alt=\"2024 mars 31 hicsum 33 timor leste spazio + spadoni mis\u00e9ricorde borgo mozzano sr ansila s\u0153urs filles de saint fran\u00e7ois temps libre retour en communaut\u00e9 5 300x131\"\/><\/figure>\n\n\n\n<figure class=\"wp-block-image size-large timor-est\"><img decoding=\"async\" src=\"https:\/\/spaziospadoni.org\/wp-content\/uploads\/2026\/05\/2024_marzo_31_hicsum_33_timor_leste_spazio_spadoni_misericordia_borgo_mozzano_sr_ansila_suore_figlie_san_francesco_tempo_libero_rientro_comunita-6-131x300.jpg\" alt=\"2024 mars 31 hicsum 33 timor leste spazio + spadoni mis\u00e9ricorde borgo mozzano sr ansila s\u0153urs filles de saint fran\u00e7ois temps libre retour en communaut\u00e9 6 131x300\"\/><\/figure>\n\n\n\n<figure class=\"wp-block-image size-large timor-est\"><img decoding=\"async\" src=\"https:\/\/spaziospadoni.org\/wp-content\/uploads\/2026\/05\/2024_marzo_31_hicsum_33_timor_leste_spazio_spadoni_misericordia_borgo_mozzano_sr_ansila_suore_figlie_san_francesco_tempo_libero_rientro_comunita-131x300.jpg\" alt=\"2024 mars 31 hicsum 33 timor leste spazio + spadoni mis\u00e9ricorde borgo mozzano sr ansila s\u0153urs filles de saint fran\u00e7ois temps libre retour en communaut\u00e9 131x300\"\/><\/figure>\n\n\n\n<figure class=\"wp-block-image size-large formazione\"><img decoding=\"async\" src=\"https:\/\/spaziospadoni.org\/wp-content\/uploads\/2026\/05\/foto-pr-2-259x300.jpg\" alt=\"photo pr 2 259x300\"\/><\/figure>\n\n\n\n<figure class=\"wp-block-image size-large formazione\"><img decoding=\"async\" src=\"https:\/\/spaziospadoni.org\/wp-content\/uploads\/2026\/05\/3-Luglio-2024-incontro-con-sr-Ansila-per-parlare-della-testimonianza-Timor-Est-2-186x300.jpg\" alt=\"3 Juillet 2024 rencontre avec sr Ansila pour parler du t\u00e9moignage Timor oriental 2 186x300\"\/><\/figure>\n\n\n\n<figure class=\"wp-block-image size-large formazione\"><img decoding=\"async\" src=\"https:\/\/spaziospadoni.org\/wp-content\/uploads\/2026\/05\/3-Luglio-2024-incontro-con-sr-Ansila-per-parlare-della-testimonianza-Timor-Est-3-300x199.jpg\" alt=\"3 Juillet 2024 rencontre avec sr Ansila pour parler du t\u00e9moignage Timor oriental 3 300x199\"\/><\/figure>\n\n\n\n<figure class=\"wp-block-image size-large formazione\"><img decoding=\"async\" src=\"https:\/\/spaziospadoni.org\/wp-content\/uploads\/2026\/05\/3-Luglio-2024-incontro-con-sr-Ansila-per-parlare-della-testimonianza-Timor-Est-300x118.jpg\" alt=\"3 Juillet 2024 rencontre avec sr Ansila pour parler du t\u00e9moignage Timor oriental 300x118\"\/><\/figure>\n\n\n\n<figure class=\"wp-block-image size-large formazione\"><img decoding=\"async\" src=\"https:\/\/spaziospadoni.org\/wp-content\/uploads\/2026\/05\/13-Aprile-2024-fine-ritiro-spirituale-suore-figlie-di-san-francesco-300x131.jpg\" alt=\"13 Avril 2024 fin de la retraite spirituelle s\u0153urs filles de saint fran\u00e7ois 300x131\"\/><\/figure>\n\n\n\n<figure class=\"wp-block-image size-large formazione\"><img decoding=\"async\" src=\"https:\/\/spaziospadoni.org\/wp-content\/uploads\/2026\/05\/28-agosto-2024-incontro-con-sr-ansila-esperienza-in-timor-est-291x300.jpg\" alt=\"28 ao\u00fbt 2024 rencontre avec sr ansila exp\u00e9rience au Timor oriental 291x300\"\/><\/figure>\n\n\n\n<figure class=\"wp-block-image size-large formazione\"><img decoding=\"async\" src=\"https:\/\/spaziospadoni.org\/wp-content\/uploads\/2026\/05\/28-agosto-2024-testimonianza-di-suor-Ansila-300x251.jpg\" alt=\"28 ao\u00fbt 2024 t\u00e9moignage de s\u0153ur Ansila 300x251\"\/><\/figure>\n\n\n\n<figure class=\"wp-block-image size-large timor-est\"><img decoding=\"async\" src=\"https:\/\/spaziospadoni.org\/wp-content\/uploads\/2026\/05\/2-maggio-2024-pasta-per-i-bimbi-orfani-230x300.jpg\" alt=\"2 mai 2024 p\u00e2tes pour les enfants orphelins 230x300\"\/><\/figure>\n\n\n\n<figure class=\"wp-block-image size-large timor-est\"><img decoding=\"async\" src=\"https:\/\/spaziospadoni.org\/wp-content\/uploads\/2026\/05\/2-maggio-2024-pasta-per-i-bimbi-orfani-3-300x176.jpg\" alt=\"2 mai 2024 p\u00e2tes pour les enfants orphelins 3 300x176\"\/><\/figure>\n\n\n\n<figure class=\"wp-block-image size-large timor-est\"><img decoding=\"async\" src=\"https:\/\/spaziospadoni.org\/wp-content\/uploads\/2026\/05\/2-maggio-2024-pasta-per-i-bimbi-orfani-2-300x276.jpg\" alt=\"2 mai 2024 p\u00e2tes pour les enfants orphelins 2 300x276\"\/><\/figure>\n\n\n\n<figure class=\"wp-block-image size-large timor-est\"><img decoding=\"async\" src=\"https:\/\/spaziospadoni.org\/wp-content\/uploads\/2026\/05\/30-aprile-2024-aiuto-a-signora-vedova-per-la-raccolta-del-mais-208x300.jpg\" alt=\"30 avril 2024 aide \u00e0 une veuve pour la r\u00e9colte du ma\u00efs 208x300\"\/><\/figure>\n\n\n\n<figure class=\"wp-block-image size-large timor-est\"><img decoding=\"async\" src=\"https:\/\/spaziospadoni.org\/wp-content\/uploads\/2026\/05\/30-aprile-2024-aiuto-a-signora-vedova-per-la-raccolta-del-mais-4-195x300.jpg\" alt=\"30 avril 2024 aide \u00e0 une veuve pour la r\u00e9colte du ma\u00efs 4 195x300\"\/><\/figure>\n\n\n\n<figure class=\"wp-block-image size-large timor-est\"><img decoding=\"async\" src=\"https:\/\/spaziospadoni.org\/wp-content\/uploads\/2026\/05\/30-aprile-2024-aiuto-a-signora-vedova-per-la-raccolta-del-mais-3-300x131.jpg\" alt=\"30 avril 2024 aide \u00e0 une veuve pour la r\u00e9colte du ma\u00efs 3 300x131\"\/><\/figure>\n\n\n\n<figure class=\"wp-block-image size-large timor-est\"><img decoding=\"async\" src=\"https:\/\/spaziospadoni.org\/wp-content\/uploads\/2026\/05\/30-aprile-2024-aiuto-a-signora-vedova-per-la-raccolta-del-mais-2-183x300.jpg\" alt=\"30 avril 2024 aide \u00e0 une veuve pour la r\u00e9colte du ma\u00efs 2 183x300\"\/><\/figure>\n\n\n\n<figure class=\"wp-block-image size-large timor-est\"><img decoding=\"async\" src=\"https:\/\/spaziospadoni.org\/wp-content\/uploads\/2026\/05\/2024_marzo_31_hicsum_33_timor_leste_spazio_spadoni_misericordia_borgo_mozzano_sr_ansila_suore_figlie_san_francesco_tempo_libero_rientro_comunita-5-300x131.jpg\" alt=\"2024 mars 31 hicsum 33 timor leste spazio + spadoni mis\u00e9ricorde borgo mozzano sr ansila s\u0153urs filles de saint fran\u00e7ois temps libre retour en communaut\u00e9 5 300x131\"\/><\/figure>\n\n\n\n<figure class=\"wp-block-image size-large timor-est\"><img decoding=\"async\" src=\"https:\/\/spaziospadoni.org\/wp-content\/uploads\/2026\/05\/2024_marzo_31_hicsum_33_timor_leste_spazio_spadoni_misericordia_borgo_mozzano_sr_ansila_suore_figlie_san_francesco_processione_cristo_morto-3-300x135.jpg\" alt=\"2024 mars 31 hicsum 33 timor leste spazio + spadoni mis\u00e9ricorde borgo mozzano sr ansila s\u0153urs filles de saint fran\u00e7ois procession du christ mort 3 300x135\"\/><\/figure>\n\n\n\n<figure class=\"wp-block-image size-large timor-est\"><img decoding=\"async\" src=\"https:\/\/spaziospadoni.org\/wp-content\/uploads\/2026\/05\/2024_marzo_27_hicsum_33_timor_leste_spazio_spadoni_misericordia_borgo_mozzano_sr_ansila_suore_figlie_san_francesco_via_crucis-3-copia-300x141.jpg\" alt=\"2024 mars 27 hicsum 33 timor leste spazio + spadoni mis\u00e9ricorde borgo mozzano sr ansila s\u0153urs filles de saint fran\u00e7ois chemin de croix 3 copie 300x141\"\/><\/figure>\n\n\n\n<figure class=\"wp-block-image size-large timor-est\"><img decoding=\"async\" src=\"https:\/\/spaziospadoni.org\/wp-content\/uploads\/2026\/05\/2022_dicembre_4_hicsum_33_timor_leste_spazio_spadoni_italia_misericordia_borgo_mozzano_sr_ansila_suore_figlie_san_francesco_visita_ammalati-5-copia-300x259.jpg\" alt=\"2022 d\u00e9cembre 4 hicsum 33 timor leste spazio + spadoni italie mis\u00e9ricorde borgo mozzano sr ansila s\u0153urs filles de saint fran\u00e7ois visite aux malades 5 copie 300x259\"\/><\/figure>\n\n\n\n<figure class=\"wp-block-image size-large timor-est\"><img decoding=\"async\" src=\"https:\/\/spaziospadoni.org\/wp-content\/uploads\/2026\/05\/2024_gennaio_21_hicsum_33_timor_leste_spazio_spadoni_italia_misericordia_borgo_mozzano_sr_ansila_suore_figlie_san_francesco_volontari_aiutano_fare_olio_cocco-8-225x300.jpg\" alt=\"2024 janvier 21 hicsum 33 timor leste spazio + spadoni italie mis\u00e9ricorde borgo mozzano sr ansila s\u0153urs filles de saint fran\u00e7ois b\u00e9n\u00e9voles aident \u00e0 faire de l'huile de coco 8 225x300\"\/><\/figure>\n\n\n\n<figure class=\"wp-block-image size-large timor-est\"><img decoding=\"async\" src=\"https:\/\/spaziospadoni.org\/wp-content\/uploads\/2026\/05\/2024_gennaio_21_hicsum_33_timor_leste_spazio_spadoni_italia_misericordia_borgo_mozzano_sr_ansila_suore_figlie_san_francesco_volontari_aiutano_fare_olio_cocco-3-300x150.jpg\" alt=\"2024 janvier 21 hicsum 33 timor leste spazio + spadoni italie mis\u00e9ricorde borgo mozzano sr ansila s\u0153urs filles de saint fran\u00e7ois b\u00e9n\u00e9voles aident \u00e0 faire de l'huile de coco 3 300x150\"\/><\/figure>\n\n\n\n<figure class=\"wp-block-image size-large timor-est\"><img decoding=\"async\" src=\"https:\/\/spaziospadoni.org\/wp-content\/uploads\/2026\/05\/2024_febbraio_27_hicsum_33_timor_leste_spazio_spadoni_italia_misericordia_borgo_mozzano_sr_ansila_suore_figlie_san_francesco_volontari_giuditta_visita_famiglia_disprezzata-135x300.jpg\" alt=\"2024 f\u00e9vrier 27 hicsum 33 timor leste spazio + spadoni italie mis\u00e9ricorde borgo mozzano sr ansila s\u0153urs filles de saint fran\u00e7ois b\u00e9n\u00e9voles giuditta visite \u00e0 une famille m\u00e9pris\u00e9e 135x300\"\/><\/figure>\n\n\n\n<figure class=\"wp-block-image size-large formazione\"><img decoding=\"async\" src=\"https:\/\/spaziospadoni.org\/wp-content\/uploads\/2026\/05\/00fd5041-c243-4bb6-952c-0df5e88f5d65-300x225.jpg\" alt=\"00fd5041 c243 4bb6 952c 0df5e88f5d65 300x225\"\/><\/figure>\n\n\n\n<figure class=\"wp-block-image size-large formazione\"><img decoding=\"async\" src=\"https:\/\/spaziospadoni.org\/wp-content\/uploads\/2026\/05\/9b90b1e0-b22c-4450-bed8-ba1069991d1a-300x224.jpg\" alt=\"9b90b1e0 b22c 4450 bed8 ba1069991d1a 300x224\"\/><\/figure>\n\n\n\n<figure class=\"wp-block-image size-large formazione\"><img decoding=\"async\" src=\"https:\/\/spaziospadoni.org\/wp-content\/uploads\/2026\/05\/e1b964fa-1e0b-4394-966f-b563269b9f9e-225x300.jpg\" alt=\"e1b964fa 1e0b 4394 966f b563269b9f9e 225x300\"\/><\/figure>\n\n\n\n<figure class=\"wp-block-image size-large formazione\"><img decoding=\"async\" src=\"https:\/\/spaziospadoni.org\/wp-content\/uploads\/2026\/05\/4fa0bf2e-a67c-4b1e-9af6-98ad36062fb8-212x300.jpg\" alt=\"4fa0bf2e a67c 4b1e 9af6 98ad36062fb8 212x300\"\/><\/figure>\n\n\n\n<figure class=\"wp-block-image size-large formazione\"><img decoding=\"async\" src=\"https:\/\/spaziospadoni.org\/wp-content\/uploads\/2026\/05\/0d2bee7b-ac9e-41b3-8530-7711f0f6fbaf-225x300.jpg\" alt=\"0d2bee7b ac9e 41b3 8530 7711f0f6fbaf 225x300\"\/><\/figure>\n\n\n\n<figure class=\"wp-block-image size-large formazione\"><img decoding=\"async\" src=\"https:\/\/spaziospadoni.org\/wp-content\/uploads\/2026\/05\/1acb7899-f9fd-4472-bd23-3d8f3bac6a18-300x225.jpg\" alt=\"1acb7899 f9fd 4472 bd23 3d8f3bac6a18 300x225\"\/><\/figure>\n\n\n\n<figure class=\"wp-block-image size-large formazione\"><img decoding=\"async\" src=\"https:\/\/spaziospadoni.org\/wp-content\/uploads\/2026\/05\/c307de62-31aa-447c-9031-21827826c0c3-300x225.jpg\" alt=\"c307de62 31aa 447c 9031 21827826c0c3 300x225\"\/><\/figure>\n\n\n\n<figure class=\"wp-block-image size-large formazione\"><img decoding=\"async\" src=\"https:\/\/spaziospadoni.org\/wp-content\/uploads\/2026\/05\/35779dcc-7a73-4af8-8935-2dbfda1065c1-300x225.jpg\" alt=\"35779dcc 7a73 4af8 8935 2dbfda1065c1 300x225\"\/><\/figure>\n\n\n\n<figure class=\"wp-block-image size-large formazione\"><img decoding=\"async\" src=\"https:\/\/spaziospadoni.org\/wp-content\/uploads\/2026\/05\/e7b19726-064e-4c63-abd6-fea9186d327a-134x300.jpg\" alt=\"e7b19726 064e 4c63 abd6 fea9186d327a 134x300\"\/><\/figure>\n\n\n\n<figure class=\"wp-block-image size-large timor-est\"><img decoding=\"async\" src=\"https:\/\/spaziospadoni.org\/wp-content\/uploads\/2026\/05\/febbraio_2025_timor_leste_suor_ansila_visita_cardinale_do_carmo_da_silva-2-131x300.jpg\" alt=\"f\u00e9vrier 2025 timor leste s\u0153ur ansila visite cardinal do carmo da silva 2 131x300\"\/><\/figure>\n\n\n\n<figure class=\"wp-block-image size-large timor-est\"><img decoding=\"async\" src=\"https:\/\/spaziospadoni.org\/wp-content\/uploads\/2026\/05\/febbraio_2025_timor_leste_suor_ansila_visita_cardinale_do_carmo_da_silva-3-131x300.jpg\" alt=\"f\u00e9vrier 2025 timor leste s\u0153ur ansila visite cardinal do carmo da silva 3 131x300\"\/><\/figure>\n\n\n\n<figure class=\"wp-block-image size-large timor-est\"><img decoding=\"async\" src=\"https:\/\/spaziospadoni.org\/wp-content\/uploads\/2026\/05\/febbraio_2025_timor_leste_suor_ansila_visita_cardinale_do_carmo_da_silva-4-131x300.jpg\" alt=\"f\u00e9vrier 2025 timor leste s\u0153ur ansila visite cardinal do carmo da silva 4 131x300\"\/><\/figure>\n\n\n\n<figure class=\"wp-block-image size-large timor-est\"><img decoding=\"async\" src=\"https:\/\/spaziospadoni.org\/wp-content\/uploads\/2026\/05\/febbraio_2025_timor_leste_suor_ansila_visita_cardinale_do_carmo_da_silva-1-131x300.jpg\" alt=\"f\u00e9vrier 2025 timor leste s\u0153ur ansila visite cardinal do carmo da silva 1 131x300\"\/><\/figure>\n\n\n\n<figure class=\"wp-block-image size-large timor-est\"><img decoding=\"async\" src=\"https:\/\/spaziospadoni.org\/wp-content\/uploads\/2026\/05\/gennaio_2025_volontari_suor_ansila_opere_di_misericordia_timor_est_spazio_spadoni-1-300x131.jpg\" alt=\"janvier 2025 b\u00e9n\u00e9voles s\u0153ur ansila \u0153uvres de mis\u00e9ricorde timor oriental spazio + spadoni 1 300x131\"\/><\/figure>\n\n\n\n<figure class=\"wp-block-image size-large timor-est\"><img decoding=\"async\" src=\"https:\/\/spaziospadoni.org\/wp-content\/uploads\/2026\/05\/gennaio_2025_volontari_suor_ansila_opere_di_misericordia_timor_est_spazio_spadoni-2-300x169.jpg\" alt=\"janvier 2025 b\u00e9n\u00e9voles s\u0153ur ansila \u0153uvres de mis\u00e9ricorde timor oriental spazio + spadoni 2 300x169\"\/><\/figure>\n\n\n\n<figure class=\"wp-block-image size-large timor-est\"><img decoding=\"async\" src=\"https:\/\/spaziospadoni.org\/wp-content\/uploads\/2026\/05\/2024_febbrai_targa_opere_misericordia_operam_spazio_spadoni_volontari-300x131.jpg\" alt=\"2024 f\u00e9vrier plaque \u0153uvres de mis\u00e9ricorde operam spazio + spadoni b\u00e9n\u00e9voles 300x131\"\/><\/figure>\n\n\n\n<figure class=\"wp-block-image size-large timor-est\"><img decoding=\"async\" src=\"https:\/\/spaziospadoni.org\/wp-content\/uploads\/2026\/05\/2025_febbraio_donazione_anatre_suor_ansila_timor_est_spazio_spadoni-1-300x132.jpg\" alt=\"2025 f\u00e9vrier don de canards s\u0153ur ansila timor oriental spazio + spadoni 1 300x132\"\/><\/figure>\n\n\n\n<figure class=\"wp-block-image size-large timor-est\"><img decoding=\"async\" src=\"https:\/\/spaziospadoni.org\/wp-content\/uploads\/2026\/05\/2025_febbraio_donazione_anatre_suor_ansila_timor_est_spazio_spadoni-2-300x132.jpg\" alt=\"2025 f\u00e9vrier don de canards s\u0153ur ansila timor oriental spazio + spadoni 2 300x132\"\/><\/figure>\n\n\n\n<figure class=\"wp-block-image size-large timor-est\"><img decoding=\"async\" src=\"https:\/\/spaziospadoni.org\/wp-content\/uploads\/2026\/05\/marzo_2025_suor_ansila_volontari_opere_misericordia_operam_timor_est_spazio_spadoni-4-300x132.jpg\" alt=\"mars 2025 s\u0153ur ansila b\u00e9n\u00e9voles \u0153uvres de mis\u00e9ricorde operam timor oriental spazio + spadoni 4 300x132\"\/><\/figure>\n\n\n\n<figure class=\"wp-block-image size-large timor-est\"><img decoding=\"async\" src=\"https:\/\/spaziospadoni.org\/wp-content\/uploads\/2026\/05\/marzo_2025_suor_ansila_volontari_opere_misericordia_operam_timor_est_spazio_spadoni-2-132x300.jpg\" alt=\"mars 2025 s\u0153ur ansila b\u00e9n\u00e9voles \u0153uvres de mis\u00e9ricorde operam timor oriental spazio + spadoni 2 132x300\"\/><\/figure>\n\n\n\n<figure class=\"wp-block-image size-large timor-est\"><img decoding=\"async\" src=\"https:\/\/spaziospadoni.org\/wp-content\/uploads\/2026\/05\/marzo_2025_suor_ansila_volontari_opere_misericordia_operam_timor_est_spazio_spadoni-3-132x300.jpg\" alt=\"mars 2025 s\u0153ur ansila b\u00e9n\u00e9voles \u0153uvres de mis\u00e9ricorde operam timor oriental spazio + spadoni 3 132x300\"\/><\/figure>\n\n\n\n<figure class=\"wp-block-image size-large timor-est\"><img decoding=\"async\" src=\"https:\/\/spaziospadoni.org\/wp-content\/uploads\/2026\/05\/marzo_2025_suor_ansila_volontari_opere_misericordia_operam_timor_est_spazio_spadoni-1-300x132.jpg\" alt=\"mars 2025 s\u0153ur ansila b\u00e9n\u00e9voles \u0153uvres de mis\u00e9ricorde operam timor oriental spazio + spadoni 1 300x132\"\/><\/figure>\n\n\n\n<figure class=\"wp-block-image size-large timor-est\"><img decoding=\"async\" src=\"https:\/\/spaziospadoni.org\/wp-content\/uploads\/2026\/05\/Dicembre_2024_opere_misericordia_operam_spazio_spadoni_suor_ansila_timor_est-1-300x131.jpg\" alt=\"D\u00e9cembre 2024 \u0153uvres de mis\u00e9ricorde operam spazio + spadoni s\u0153ur ansila timor oriental 1 300x131\"\/><\/figure>\n\n\n\n<figure class=\"wp-block-image size-large timor-est\"><img decoding=\"async\" src=\"https:\/\/spaziospadoni.org\/wp-content\/uploads\/2026\/05\/Dicembre_2024_opere_misericordia_operam_spazio_spadoni_suor_ansila_timor_est-2-131x300.jpg\" alt=\"D\u00e9cembre 2024 \u0153uvres de mis\u00e9ricorde operam spazio + spadoni s\u0153ur ansila timor oriental 2 300x131\"\/><\/figure>\n\n\n\n<figure class=\"wp-block-image size-large timor-est\"><img decoding=\"async\" src=\"https:\/\/spaziospadoni.org\/wp-content\/uploads\/2026\/05\/aprile_2025_domenica_palme_quaresima_suor_ansila_timor_est-1-300x169.jpg\" alt=\"avril 2025 dimanche des rameaux car\u00eame s\u0153ur ansila timor oriental 1 300x169\"\/><\/figure>\n\n\n\n<figure class=\"wp-block-image size-large timor-est\"><img decoding=\"async\" src=\"https:\/\/spaziospadoni.org\/wp-content\/uploads\/2026\/05\/aprile_2025_domenica_palme_quaresima_suor_ansila_timor_est-2-300x169.jpg\" alt=\"avril 2025 dimanche des rameaux car\u00eame s\u0153ur ansila timor oriental 2 300x169\"\/><\/figure>\n\n\n\n<figure class=\"wp-block-image size-large timor-est\"><img decoding=\"async\" src=\"https:\/\/spaziospadoni.org\/wp-content\/uploads\/2026\/05\/2025_luglio_8_cucina_operam_pellegrini_suor_ansila_spazio_spadoni_opere_misericordia_volontari-1-300x132.jpg\" alt=\"2025 juillet 8 cuisine operam p\u00e8lerins s\u0153ur ansila spazio + spadoni \u0153uvres de mis\u00e9ricorde b\u00e9n\u00e9voles 1 300x132\"\/><\/figure>\n\n\n\n<figure class=\"wp-block-image size-large timor-est\"><img decoding=\"async\" src=\"https:\/\/spaziospadoni.org\/wp-content\/uploads\/2026\/05\/2025_luglio_8_cucina_operam_pellegrini_suor_ansila_spazio_spadoni_opere_misericordia_volontari-2-300x132.jpg\" alt=\"2025 juillet 8 cuisine operam p\u00e8lerins s\u0153ur ansila spazio + spadoni \u0153uvres de mis\u00e9ricorde b\u00e9n\u00e9voles 2 300x132\"\/><\/figure>\n\n\n\n<figure class=\"wp-block-image size-large timor-est\"><img decoding=\"async\" src=\"https:\/\/spaziospadoni.org\/wp-content\/uploads\/2026\/05\/2025_luglio_8_cucina_operam_pellegrini_suor_ansila_spazio_spadoni_opere_misericordia_volontari-8-300x132.jpg\" alt=\"2025 juillet 8 cuisine operam p\u00e8lerins s\u0153ur ansila spazio + spadoni \u0153uvres de mis\u00e9ricorde b\u00e9n\u00e9voles 8 300x132\"\/><\/figure>\n\n\n\n<figure class=\"wp-block-image size-large timor-est\"><img decoding=\"async\" src=\"https:\/\/spaziospadoni.org\/wp-content\/uploads\/2026\/05\/2025_luglio_8_cucina_operam_pellegrini_suor_ansila_spazio_spadoni_opere_misericordia_volontari-11-300x132.jpg\" alt=\"2025 juillet 8 cuisine operam p\u00e8lerins s\u0153ur ansila spazio + spadoni \u0153uvres de mis\u00e9ricorde b\u00e9n\u00e9voles 11 300x132\"\/><\/figure>\n\n\n\n<figure class=\"wp-block-image size-large timor-est\"><img decoding=\"async\" src=\"https:\/\/spaziospadoni.org\/wp-content\/uploads\/2026\/05\/2025_luglio_8_cucina_operam_pellegrini_suor_ansila_spazio_spadoni_opere_misericordia_volontari-5-300x132.jpg\" alt=\"2025 juillet 8 cuisine operam p\u00e8lerins s\u0153ur ansila spazio + spadoni \u0153uvres de mis\u00e9ricorde b\u00e9n\u00e9voles 5 300x132\"\/><\/figure>\n\n\n\n<figure class=\"wp-block-image size-large timor-est\"><img decoding=\"async\" src=\"https:\/\/spaziospadoni.org\/wp-content\/uploads\/2026\/05\/2025_luglio_8_cucina_operam_pellegrini_suor_ansila_spazio_spadoni_opere_misericordia_volontari-6-225x300.jpg\" alt=\"2025 juillet 8 cuisine operam p\u00e8lerins s\u0153ur ansila spazio + spadoni \u0153uvres de mis\u00e9ricorde b\u00e9n\u00e9voles 6 225x300\"\/><\/figure>\n\n\n\n<figure class=\"wp-block-image size-large timor-est\"><img decoding=\"async\" src=\"https:\/\/spaziospadoni.org\/wp-content\/uploads\/2026\/05\/2025_luglio_8_cucina_operam_pellegrini_suor_ansila_spazio_spadoni_opere_misericordia_volontari-12-300x132.jpg\" alt=\"2025 juillet 8 cuisine operam p\u00e8lerins s\u0153ur ansila spazio + spadoni \u0153uvres de mis\u00e9ricorde b\u00e9n\u00e9voles 12 300x132\"\/><\/figure>\n\n\n\n<figure class=\"wp-block-image size-large timor-est\"><img decoding=\"async\" src=\"https:\/\/spaziospadoni.org\/wp-content\/uploads\/2026\/05\/2025_luglio_8_cucina_operam_pellegrini_suor_ansila_spazio_spadoni_opere_misericordia_volontari-14-225x300.jpg\" alt=\"2025 juillet 8 cuisine operam p\u00e8lerins s\u0153ur ansila spazio + spadoni \u0153uvres de mis\u00e9ricorde b\u00e9n\u00e9voles 14 225x300\"\/><\/figure>\n\n\n\n<figure class=\"wp-block-image size-large timor-est\"><img decoding=\"async\" src=\"https:\/\/spaziospadoni.org\/wp-content\/uploads\/2026\/05\/2025_agosto_18_suor_ansila_opere_misericordia_volontari_spazio_spadoni_operam-4.jpg\" alt=\"2025 ao\u00fbt 18 s\u0153ur ansila \u0153uvres de mis\u00e9ricorde b\u00e9n\u00e9voles spazio + spadoni operam 4\"\/><\/figure>\n\n\n\n<figure class=\"wp-block-image size-large timor-est\"><img decoding=\"async\" src=\"https:\/\/spaziospadoni.org\/wp-content\/uploads\/2026\/05\/2025_agosto_18_suor_ansila_opere_misericordia_volontari_spazio_spadoni_operam-2.jpg\" alt=\"2025 ao\u00fbt 18 s\u0153ur ansila \u0153uvres de mis\u00e9ricorde b\u00e9n\u00e9voles spazio + spadoni operam 2\"\/><\/figure>\n\n\n\n<figure class=\"wp-block-image size-large timor-est\"><img decoding=\"async\" src=\"https:\/\/spaziospadoni.org\/wp-content\/uploads\/2026\/05\/2025_agosto_18_suor_ansila_opere_misericordia_volontari_spazio_spadoni_operam-3.jpg\" alt=\"2025 ao\u00fbt 18 s\u0153ur ansila \u0153uvres de mis\u00e9ricorde b\u00e9n\u00e9voles spazio + spadoni operam 3\"\/><\/figure>\n\n\n\n<figure class=\"wp-block-image size-large timor-est\"><img decoding=\"async\" src=\"https:\/\/spaziospadoni.org\/wp-content\/uploads\/2026\/05\/2025_agosto_18_suor_ansila_opere_misericordia_volontari_spazio_spadoni_operam-6.jpg\" alt=\"2025 ao\u00fbt 18 s\u0153ur ansila \u0153uvres de mis\u00e9ricorde b\u00e9n\u00e9voles spazio + spadoni operam 6\"\/><\/figure>\n\n\n\n<figure class=\"wp-block-image size-large timor-est\"><img decoding=\"async\" src=\"https:\/\/spaziospadoni.org\/wp-content\/uploads\/2026\/05\/2025_agosto_18_suor_ansila_opere_misericordia_volontari_spazio_spadoni_operam-5.jpg\" alt=\"2025 ao\u00fbt 18 s\u0153ur ansila \u0153uvres de mis\u00e9ricorde b\u00e9n\u00e9voles spazio + spadoni operam 5\"\/><\/figure>\n\n\n\n<figure class=\"wp-block-image size-large timor-est\"><img decoding=\"async\" src=\"https:\/\/spaziospadoni.org\/wp-content\/uploads\/2026\/05\/2025_agosto_18_suor_ansila_opere_misericordia_volontari_spazio_spadoni_operam-1.jpg\" alt=\"2025 ao\u00fbt 18 s\u0153ur ansila \u0153uvres de mis\u00e9ricorde b\u00e9n\u00e9voles spazio + spadoni operam 1\"\/><\/figure>\n\n\n\n<figure class=\"wp-block-image size-large timor-est\"><img decoding=\"async\" src=\"https:\/\/spaziospadoni.org\/wp-content\/uploads\/2026\/05\/2025_agosto_23_suor_ansila_magliette_misericordia_farmaci_borgo_mozzano_spazio_spadoni-1.jpg\" alt=\"2025 agosto 23 suor ansila magliette misericordia farmaci borgo mozzano spazio spadoni 1\"\/><\/figure>\n\n\n\n<figure class=\"wp-block-image size-large timor-est\"><img decoding=\"async\" src=\"https:\/\/spaziospadoni.org\/wp-content\/uploads\/2026\/05\/2025_agosto_23_suor_ansila_magliette_misericordia_farmaci_borgo_mozzano_spazio_spadoni-5.jpg\" alt=\"2025 agosto 23 suor ansila magliette misericordia farmaci borgo mozzano spazio spadoni 5\"\/><\/figure>\n\n\n\n<figure class=\"wp-block-image size-large timor-est\"><img decoding=\"async\" src=\"https:\/\/spaziospadoni.org\/wp-content\/uploads\/2026\/05\/2025_agosto_23_suor_ansila_magliette_misericordia_farmaci_borgo_mozzano_spazio_spadoni-3.jpg\" alt=\"2025 ao\u00fbt 23 s\u0153ur ansila t-shirts mis\u00e9ricorde m\u00e9dicaments borgo mozzano spazio + spadoni 3\"\/><\/figure>\n\n\n\n<figure class=\"wp-block-image size-large timor-est\"><img decoding=\"async\" src=\"https:\/\/spaziospadoni.org\/wp-content\/uploads\/2026\/05\/2025_agosto_23_suor_ansila_magliette_misericordia_farmaci_borgo_mozzano_spazio_spadoni-4.jpg\" alt=\"2025 agosto 23 suor ansila magliette misericordia farmaci borgo mozzano spazio spadoni 4\"\/><\/figure>\n\n\n\n<figure class=\"wp-block-image size-large timor-est\"><img decoding=\"async\" src=\"https:\/\/spaziospadoni.org\/wp-content\/uploads\/2026\/05\/2025_15_agosto_suor_ansila_timor_est_volontari_spazio_spadoni-1.jpeg\" alt=\"2025 15 ao\u00fbt s\u0153ur ansila timor oriental b\u00e9n\u00e9voles spazio + spadoni 1\"\/><\/figure>\n\n\n\n<figure class=\"wp-block-image size-large timor-est\"><img decoding=\"async\" src=\"https:\/\/spaziospadoni.org\/wp-content\/uploads\/2026\/05\/2025_settembre_2_corso_matrimonio_suor_ansila_timor_est-2.jpeg\" alt=\"2025 septembre 2 cours de mariage s\u0153ur ansila timor oriental 2\"\/><\/figure>\n\n\n\n<figure class=\"wp-block-image size-large timor-est\"><img decoding=\"async\" src=\"https:\/\/spaziospadoni.org\/wp-content\/uploads\/2026\/05\/2025_Settembre_23_hicsum_33_timor_leste_spazio_spadoni_suor_Ansila_opere_misericordia_progetto_autorita-2-scaled-1.jpg\" alt=\"2025 Septembre 23 hicsum 33 timor leste spazio + spadoni s\u0153ur Ansila \u0153uvres de mis\u00e9ricorde projet autorit\u00e9s 2 scaled\"\/><\/figure>\n\n\n\n<figure class=\"wp-block-image size-large timor-est\"><img decoding=\"async\" src=\"https:\/\/spaziospadoni.org\/wp-content\/uploads\/2026\/05\/2025_4_ottobre_suor_ansila_consegna_foulard_prima_pietra_casa_operam_opere_misericordia_spazio_spadoni_timor_est-14.jpg\" alt=\"2025 4 octobre s\u0153ur ansila remise foulard premi\u00e8re pierre maison operam \u0153uvres de mis\u00e9ricorde spazio + spadoni timor oriental 14\"\/><\/figure>\n\n\n\n<figure class=\"wp-block-image size-large timor-est\"><img decoding=\"async\" src=\"https:\/\/spaziospadoni.org\/wp-content\/uploads\/2026\/05\/2025_4_ottobre_suor_ansila_consegna_foulard_prima_pietra_casa_operam_opere_misericordia_spazio_spadoni_timor_est-4.jpg\" alt=\"2025 4 octobre s\u0153ur ansila remise foulard premi\u00e8re pierre maison operam \u0153uvres de mis\u00e9ricorde spazio + spadoni timor oriental 4\"\/><\/figure>\n\n\n\n<figure class=\"wp-block-image size-large timor-est\"><img decoding=\"async\" src=\"https:\/\/spaziospadoni.org\/wp-content\/uploads\/2026\/05\/2025_4_ottobre_suor_ansila_consegna_foulard_prima_pietra_casa_operam_opere_misericordia_spazio_spadoni_timor_est-3.jpg\" alt=\"2025 4 octobre s\u0153ur ansila remise foulard premi\u00e8re pierre maison operam \u0153uvres de mis\u00e9ricorde spazio + spadoni timor oriental 3\"\/><\/figure>\n\n\n\n<figure class=\"wp-block-image size-large timor-est\"><img decoding=\"async\" src=\"https:\/\/spaziospadoni.org\/wp-content\/uploads\/2026\/05\/2025_4_ottobre_suor_ansila_consegna_foulard_prima_pietra_casa_operam_opere_misericordia_spazio_spadoni_timor_est-9.jpg\" alt=\"2025 4 octobre s\u0153ur ansila remise foulard premi\u00e8re pierre maison operam \u0153uvres de mis\u00e9ricorde spazio + spadoni timor oriental 9\"\/><\/figure>\n\n\n\n<figure class=\"wp-block-image size-large timor-est\"><img decoding=\"async\" src=\"https:\/\/spaziospadoni.org\/wp-content\/uploads\/2026\/05\/2025_4_ottobre_suor_ansila_consegna_foulard_prima_pietra_casa_operam_opere_misericordia_spazio_spadoni_timor_est-7.jpg\" alt=\"2025 4 octobre s\u0153ur ansila remise foulard premi\u00e8re pierre maison operam \u0153uvres de mis\u00e9ricorde spazio + spadoni timor oriental 7\"\/><\/figure>\n\n\n\n<figure class=\"wp-block-image size-large timor-est\"><img decoding=\"async\" src=\"https:\/\/spaziospadoni.org\/wp-content\/uploads\/2026\/05\/2025_4_ottobre_suor_ansila_consegna_foulard_prima_pietra_casa_operam_opere_misericordia_spazio_spadoni_timor_est-15.jpg\" alt=\"2025 4 octobre s\u0153ur ansila remise foulard premi\u00e8re pierre maison operam \u0153uvres de mis\u00e9ricorde spazio + spadoni timor oriental 15\"\/><\/figure>\n\n\n\n<figure class=\"wp-block-image size-large timor-est\"><img decoding=\"async\" src=\"https:\/\/spaziospadoni.org\/wp-content\/uploads\/2026\/05\/2025_4_ottobre_suor_ansila_consegna_foulard_prima_pietra_casa_operam_opere_misericordia_spazio_spadoni_timor_est-17-scaled-1.jpg\" alt=\"2025 4 octobre s\u0153ur ansila remise foulard premi\u00e8re pierre maison operam \u0153uvres de mis\u00e9ricorde spazio + spadoni timor oriental 17 scaled\"\/><\/figure>\n\n\n\n<figure class=\"wp-block-image size-large timor-est\"><img decoding=\"async\" src=\"https:\/\/spaziospadoni.org\/wp-content\/uploads\/2026\/05\/2025_4_ottobre_suor_ansila_consegna_foulard_prima_pietra_casa_operam_opere_misericordia_spazio_spadoni_timor_est-22.jpg\" alt=\"2025 4 octobre s\u0153ur ansila remise foulard premi\u00e8re pierre maison operam \u0153uvres de mis\u00e9ricorde spazio + spadoni timor oriental 22\"\/><\/figure>\n\n\n\n<figure class=\"wp-block-image size-large timor-est\"><img decoding=\"async\" src=\"https:\/\/spaziospadoni.org\/wp-content\/uploads\/2026\/05\/2025_4_ottobre_suor_ansila_consegna_foulard_prima_pietra_casa_operam_opere_misericordia_spazio_spadoni_timor_est-18-scaled-1.jpg\" alt=\"2025 4 octobre s\u0153ur ansila remise foulard premi\u00e8re pierre maison operam \u0153uvres de mis\u00e9ricorde spazio + spadoni timor oriental 18 scaled\"\/><\/figure>\n\n\n\n<figure class=\"wp-block-image size-large timor-est\"><img decoding=\"async\" src=\"https:\/\/spaziospadoni.org\/wp-content\/uploads\/2026\/05\/2025_ottobre_12_suor_ansila_timor_est_casa_opera_volontari_opere_misericordia_spazio_spadoni-3-scaled-1.jpg\" alt=\"2025 octobre 12 s\u0153ur ansila timor oriental maison opera b\u00e9n\u00e9voles \u0153uvres de mis\u00e9ricorde spazio + spadoni 3 scaled\"\/><\/figure>\n\n\n\n<figure class=\"wp-block-image size-large timor-est\"><img decoding=\"async\" src=\"https:\/\/spaziospadoni.org\/wp-content\/uploads\/2026\/05\/2025_ottobre_12_suor_ansila_timor_est_casa_opera_volontari_opere_misericordia_spazio_spadoni-1-scaled-1.jpg\" alt=\"2025 octobre 12 s\u0153ur ansila timor oriental maison opera b\u00e9n\u00e9voles \u0153uvres de mis\u00e9ricorde spazio + spadoni 1 scaled\"\/><\/figure>\n\n\n\n<figure class=\"wp-block-image size-large timor-est\"><img decoding=\"async\" src=\"https:\/\/spaziospadoni.org\/wp-content\/uploads\/2026\/05\/2025_novembre_14_inizio_lavori_casa_operaM-tecnici_governo_suor_ansila_opere_misericordia_spazio_spadoni-1.jpeg\" alt=\"2025 novembre 14 d\u00e9but des travaux maison operaM techniciens gouvernement s\u0153ur ansila \u0153uvres de mis\u00e9ricorde spazio + spadoni 1\"\/><\/figure>\n\n\n\n<figure class=\"wp-block-image size-large timor-est\"><img decoding=\"async\" src=\"https:\/\/spaziospadoni.org\/wp-content\/uploads\/2026\/05\/2025_novembre_14_inizio_lavori_casa_operaM-tecnici_governo_suor_ansila_opere_misericordia_spazio_spadoni-2.jpeg\" alt=\"2025 novembre 14 d\u00e9but des travaux maison operaM techniciens gouvernement s\u0153ur ansila \u0153uvres de mis\u00e9ricorde spazio + spadoni 2\"\/><\/figure>\n\n\n\n<figure class=\"wp-block-image size-large timor-est\"><img decoding=\"async\" src=\"https:\/\/spaziospadoni.org\/wp-content\/uploads\/2026\/05\/2025_novembre_27_suor_ansila_visita_primo_ministro_casa_operam_opere_misericordia_spazio_spadoni_foulard_volontari-19.jpeg\" alt=\"2025 novembre 27 s\u0153ur ansila visite premier ministre maison operam \u0153uvres de mis\u00e9ricorde spazio + spadoni foulards b\u00e9n\u00e9voles 19\"\/><\/figure>\n\n\n\n<figure class=\"wp-block-image size-large timor-est\"><img decoding=\"async\" src=\"https:\/\/spaziospadoni.org\/wp-content\/uploads\/2026\/05\/2025_novembre_27_suor_ansila_visita_primo_ministro_casa_operam_opere_misericordia_spazio_spadoni_foulard_volontari-1.jpg\" alt=\"2025 novembre 27 s\u0153ur ansila visite premier ministre maison operam \u0153uvres de mis\u00e9ricorde spazio + spadoni foulards b\u00e9n\u00e9voles 1\"\/><\/figure>\n\n\n\n<figure class=\"wp-block-image size-large timor-est\"><img decoding=\"async\" src=\"https:\/\/spaziospadoni.org\/wp-content\/uploads\/2026\/05\/2025_novembre_27_suor_ansila_visita_primo_ministro_casa_operam_opere_misericordia_spazio_spadoni_foulard_volontari-11-scaled-1.jpg\" alt=\"2025 novembre 27 s\u0153ur ansila visite premier ministre maison operam \u0153uvres de mis\u00e9ricorde spazio + spadoni foulards b\u00e9n\u00e9voles 11 scaled\"\/><\/figure>\n\n\n\n<figure class=\"wp-block-image size-large timor-est\"><img decoding=\"async\" src=\"https:\/\/spaziospadoni.org\/wp-content\/uploads\/2026\/05\/2025_novembre_27_suor_ansila_visita_primo_ministro_casa_operam_opere_misericordia_spazio_spadoni_foulard_volontari-18.jpg\" alt=\"2025 novembre 27 s\u0153ur ansila visite premier ministre maison operam \u0153uvres de mis\u00e9ricorde spazio + spadoni foulards b\u00e9n\u00e9voles 18\"\/><\/figure>\n\n\n\n<figure class=\"wp-block-image size-large timor-est\"><img decoding=\"async\" src=\"https:\/\/spaziospadoni.org\/wp-content\/uploads\/2026\/05\/2025_novembre_27_suor_ansila_visita_primo_ministro_casa_operam_opere_misericordia_spazio_spadoni_foulard_volontari-16-scaled-1.jpg\" alt=\"2025 novembre 27 s\u0153ur ansila visite premier ministre maison operam \u0153uvres de mis\u00e9ricorde spazio + spadoni foulards b\u00e9n\u00e9voles 16 scaled\"\/><\/figure>\n\n\n\n<figure class=\"wp-block-image size-large timor-est\"><img decoding=\"async\" src=\"https:\/\/spaziospadoni.org\/wp-content\/uploads\/2026\/05\/2025_dicembre_13_suor_ansila_timor_est_costruzione_casa_operam_opere_misericordia_spazio_spadoni-1.jpg\" alt=\"2025 d\u00e9cembre 13 s\u0153ur ansila timor oriental construction maison operam \u0153uvres de mis\u00e9ricorde spazio + spadoni 1\"\/><\/figure>\n\n\n\n<figure class=\"wp-block-image size-large timor-est\"><img decoding=\"async\" src=\"https:\/\/spaziospadoni.org\/wp-content\/uploads\/2026\/05\/2025_dicembre_13_suor_ansila_timor_est_costruzione_casa_operam_opere_misericordia_spazio_spadoni-1.jpeg\" alt=\"2025 d\u00e9cembre 13 s\u0153ur ansila timor oriental construction maison operam \u0153uvres de mis\u00e9ricorde spazio + spadoni 1\"\/><\/figure>\n\n\n\n<figure class=\"wp-block-image size-large timor-est\"><img decoding=\"async\" src=\"https:\/\/spaziospadoni.org\/wp-content\/uploads\/2026\/05\/2025_dicembre_13_suor_ansila_timor_est_costruzione_casa_operam_opere_misericordia_spazio_spadoni-1.jpeg\" alt=\"2025 d\u00e9cembre 13 s\u0153ur ansila timor oriental construction maison operam \u0153uvres de mis\u00e9ricorde spazio + spadoni 1\"\/><\/figure>\n\n\n\n<figure class=\"wp-block-image size-large timor-est\"><img decoding=\"async\" src=\"https:\/\/spaziospadoni.org\/wp-content\/uploads\/2026\/05\/2026_24_gennaio_suor_ansila_volontari_attivita_autofinanziamento_operam_spazio_spadoni-2.jpeg\" alt=\"2026 24 janvier s\u0153ur ansila b\u00e9n\u00e9voles activit\u00e9 d'autofinancement operam spazio + spadoni 2\"\/><\/figure>\n\n\n\n<figure class=\"wp-block-image size-large timor-est\"><img decoding=\"async\" src=\"https:\/\/spaziospadoni.org\/wp-content\/uploads\/2026\/05\/2026_24_gennaio_suor_ansila_volontari_attivita_autofinanziamento_operam_spazio_spadoni-3.jpeg\" alt=\"2026 24 janvier s\u0153ur ansila b\u00e9n\u00e9voles activit\u00e9 d'autofinancement operam spazio + spadoni 3\"\/><\/figure>\n\n\n\n<figure class=\"wp-block-image size-large timor-est\"><img decoding=\"async\" src=\"https:\/\/spaziospadoni.org\/wp-content\/uploads\/2026\/05\/2026_24_gennaio_suor_ansila_volontari_attivita_autofinanziamento_operam_spazio_spadoni-4.jpeg\" alt=\"2026 24 janvier s\u0153ur ansila b\u00e9n\u00e9voles activit\u00e9 d'autofinancement operam spazio + spadoni 4\"\/><\/figure>\n\n\n\n<figure class=\"wp-block-image size-large timor-est\"><img decoding=\"async\" src=\"https:\/\/spaziospadoni.org\/wp-content\/uploads\/2026\/05\/2026_24_gennaio_suor_ansila_volontari_attivita_autofinanziamento_operam_spazio_spadoni-5.jpeg\" alt=\"2026 24 janvier s\u0153ur ansila b\u00e9n\u00e9voles activit\u00e9 d'autofinancement operam spazio + spadoni 5\"\/><\/figure>\n\n\n\n<figure class=\"wp-block-image size-large timor-est\"><img decoding=\"async\" src=\"https:\/\/spaziospadoni.org\/wp-content\/uploads\/2026\/05\/2026_24_gennaio_suor_ansila_volontari_attivita_autofinanziamento_operam_spazio_spadoni-1.jpeg\" alt=\"2026 24 janvier s\u0153ur ansila b\u00e9n\u00e9voles activit\u00e9 d'autofinancement operam spazio + spadoni 1\"\/><\/figure>\n\n\n\n<figure class=\"wp-block-image size-large timor-est\"><img decoding=\"async\" src=\"https:\/\/spaziospadoni.org\/wp-content\/uploads\/2026\/05\/2026_25_gennaio_suor_ansila_formazione_operam_nuovi_volontari_spazio_spadoni_opere_misericordia-1.jpeg\" alt=\"2026 25 janvier s\u0153ur ansila formation operam nouveaux b\u00e9n\u00e9voles spazio + spadoni \u0153uvres de mis\u00e9ricorde 1\"\/><\/figure>\n\n\n\n<figure class=\"wp-block-image size-large timor-est\"><img decoding=\"async\" src=\"https:\/\/spaziospadoni.org\/wp-content\/uploads\/2026\/05\/2026_25_gennaio_suor_ansila_formazione_operam_nuovi_volontari_spazio_spadoni_opere_misericordia-2.jpeg\" alt=\"2026 25 janvier s\u0153ur ansila formation operam nouveaux b\u00e9n\u00e9voles spazio + spadoni \u0153uvres de mis\u00e9ricorde 2\"\/><\/figure>\n\n\n\n<figure class=\"wp-block-image size-large timor-est\"><img decoding=\"async\" src=\"https:\/\/spaziospadoni.org\/wp-content\/uploads\/2026\/05\/2026_25_gennaio_suor_ansila_formazione_operam_nuovi_volontari_spazio_spadoni_opere_misericordia-3.jpeg\" alt=\"2026 25 janvier s\u0153ur ansila formation operam nouveaux b\u00e9n\u00e9voles spazio + spadoni \u0153uvres de mis\u00e9ricorde 3\"\/><\/figure>\n\n\n\n<figure class=\"wp-block-image size-large timor-est\"><img decoding=\"async\" src=\"https:\/\/spaziospadoni.org\/wp-content\/uploads\/2026\/05\/2026_25_gennaio_suor_ansila_formazione_operam_nuovi_volontari_spazio_spadoni_opere_misericordia-4.jpeg\" alt=\"2026 25 janvier s\u0153ur ansila formation operam nouveaux b\u00e9n\u00e9voles spazio + spadoni \u0153uvres de mis\u00e9ricorde 4\"\/><\/figure>\n\n\n\n<figure class=\"wp-block-image size-large timor-est\"><img decoding=\"async\" src=\"https:\/\/spaziospadoni.org\/wp-content\/uploads\/2026\/05\/2026_25_gennaio_suor_ansila_formazione_operam_nuovi_volontari_spazio_spadoni_opere_misericordia-7.jpeg\" alt=\"2026 25 janvier s\u0153ur ansila formation operam nouveaux b\u00e9n\u00e9voles spazio + spadoni \u0153uvres de mis\u00e9ricorde 7\"\/><\/figure>\n\n\n\n<figure class=\"wp-block-image size-large timor-est\"><img decoding=\"async\" src=\"https:\/\/spaziospadoni.org\/wp-content\/uploads\/2026\/05\/2026_gennaio_31_suor_ansila_volontari_consolare_gli_afllitti_opere_misericordia_spazio_spadoni-1.jpeg\" alt=\"2026 janvier 31 s\u0153ur ansila b\u00e9n\u00e9voles consoler les afflig\u00e9s \u0153uvres de mis\u00e9ricorde spazio + spadoni 1\"\/><\/figure>\n\n\n\n<figure class=\"wp-block-image size-large timor-est\"><img decoding=\"async\" src=\"https:\/\/spaziospadoni.org\/wp-content\/uploads\/2026\/05\/2026_gennaio_31_suor_ansila_volontari_consolare_gli_afllitti_opere_misericordia_spazio_spadoni-2.jpeg\" alt=\"2026 janvier 31 s\u0153ur ansila b\u00e9n\u00e9voles consoler les afflig\u00e9s \u0153uvres de mis\u00e9ricorde spazio + spadoni 2\"\/><\/figure>\n\n\n\n<figure class=\"wp-block-image size-large timor-est\"><img decoding=\"async\" src=\"https:\/\/spaziospadoni.org\/wp-content\/uploads\/2026\/05\/2026_gennaio_31_suor_ansila_volontari_consolare_gli_afllitti_opere_misericordia_spazio_spadoni-3.jpeg\" alt=\"2026 janvier 31 s\u0153ur ansila b\u00e9n\u00e9voles consoler les afflig\u00e9s \u0153uvres de mis\u00e9ricorde spazio + spadoni 3\"\/><\/figure>\n\n\n\n<figure class=\"wp-block-image size-large timor-est\"><img decoding=\"async\" src=\"https:\/\/spaziospadoni.org\/wp-content\/uploads\/2026\/05\/2026_gennaio_31_suor_ansila_volontari_consolare_gli_afllitti_opere_misericordia_spazio_spadoni-4.jpeg\" alt=\"2026 janvier 31 s\u0153ur ansila b\u00e9n\u00e9voles consoler les afflig\u00e9s \u0153uvres de mis\u00e9ricorde spazio + spadoni 4\"\/><\/figure>\n\n\n\n<figure class=\"wp-block-image size-large timor-est\"><img decoding=\"async\" src=\"https:\/\/spaziospadoni.org\/wp-content\/uploads\/2026\/05\/2026_gennaio_31_suor_ansila_volontari_consolare_gli_afllitti_opere_misericordia_spazio_spadoni-5.jpeg\" alt=\"2026 janvier 31 s\u0153ur ansila b\u00e9n\u00e9voles consoler les afflig\u00e9s \u0153uvres de mis\u00e9ricorde spazio + spadoni 5\"\/><\/figure>\n\n\n\n<figure class=\"wp-block-image size-large timor-est\"><img decoding=\"async\" src=\"https:\/\/spaziospadoni.org\/wp-content\/uploads\/2026\/05\/2026_gennaio_31_suor_ansila_volontari_consolare_gli_afllitti_opere_misericordia_spazio_spadoni-6.jpeg\" alt=\"2026 janvier 31 s\u0153ur ansila b\u00e9n\u00e9voles consoler les afflig\u00e9s \u0153uvres de mis\u00e9ricorde spazio + spadoni 6\"\/><\/figure>\n\n\n\n<figure class=\"wp-block-image size-large timor-est\"><img decoding=\"async\" src=\"https:\/\/spaziospadoni.org\/wp-content\/uploads\/2026\/05\/2026_gennaio_31_suor_ansila_volontari_consolare_gli_afllitti_opere_misericordia_spazio_spadoni-7.jpeg\" alt=\"2026 janvier 31 s\u0153ur ansila b\u00e9n\u00e9voles consoler les afflig\u00e9s \u0153uvres de mis\u00e9ricorde spazio + spadoni 7\"\/><\/figure>\n\n\n\n<figure class=\"wp-block-image size-large timor-est\"><img decoding=\"async\" src=\"https:\/\/spaziospadoni.org\/wp-content\/uploads\/2026\/05\/2026_gennaio_31_suor_ansila_volontari_consolare_gli_afllitti_opere_misericordia_spazio_spadoni-8.jpeg\" alt=\"2026 janvier 31 s\u0153ur ansila b\u00e9n\u00e9voles consoler les afflig\u00e9s \u0153uvres de mis\u00e9ricorde spazio + spadoni 8\"\/><\/figure>\n\n\n\n<figure class=\"wp-block-image size-large timor-est\"><img decoding=\"async\" src=\"https:\/\/spaziospadoni.org\/wp-content\/uploads\/2026\/05\/2026_gennaio_31_suor_ansila_volontari_consolare_gli_afllitti_opere_misericordia_spazio_spadoni-9.jpeg\" alt=\"2026 janvier 31 s\u0153ur ansila b\u00e9n\u00e9voles consoler les afflig\u00e9s \u0153uvres de mis\u00e9ricorde spazio + spadoni 9\"\/><\/figure>\n\n\n\n<figure class=\"wp-block-image size-large timor-est\"><img decoding=\"async\" src=\"https:\/\/spaziospadoni.org\/wp-content\/uploads\/2026\/05\/2026_gennaio_31_suor_ansila_volontari_consolare_gli_afllitti_opere_misericordia_spazio_spadoni-10.jpeg\" alt=\"2026 janvier 31 s\u0153ur ansila b\u00e9n\u00e9voles consoler les afflig\u00e9s \u0153uvres de mis\u00e9ricorde spazio + spadoni 10\"\/><\/figure>\n\n\n\n<figure class=\"wp-block-image size-large timor-est\"><img decoding=\"async\" src=\"https:\/\/spaziospadoni.org\/wp-content\/uploads\/2026\/05\/2026_gennaio_31_suor_ansila_volontari_consolare_gli_afllitti_opere_misericordia_spazio_spadoni-11.jpeg\" alt=\"2026 janvier 31 s\u0153ur ansila b\u00e9n\u00e9voles consoler les afflig\u00e9s \u0153uvres de mis\u00e9ricorde spazio + spadoni 11\"\/><\/figure>\n\n\n\n<figure class=\"wp-block-image size-large timor-est\"><img decoding=\"async\" src=\"https:\/\/spaziospadoni.org\/wp-content\/uploads\/2026\/05\/2026_gennaio_31_suor_ansila_volontari_consolare_gli_afllitti_opere_misericordia_spazio_spadoni-12.jpeg\" alt=\"2026 janvier 31 s\u0153ur ansila b\u00e9n\u00e9voles consoler les afflig\u00e9s \u0153uvres de mis\u00e9ricorde spazio + spadoni 12\"\/><\/figure>\n\n\n\n<figure class=\"wp-block-image size-large timor-est\"><img decoding=\"async\" src=\"https:\/\/spaziospadoni.org\/wp-content\/uploads\/2026\/05\/2026_gennaio_31_suor_ansila_volontari_consolare_gli_afllitti_opere_misericordia_spazio_spadoni-13.jpeg\" alt=\"2026 janvier 31 s\u0153ur ansila b\u00e9n\u00e9voles consoler les afflig\u00e9s \u0153uvres de mis\u00e9ricorde spazio + spadoni 13\"\/><\/figure>\n\n\n\n<figure class=\"wp-block-image size-large timor-est\"><img decoding=\"async\" src=\"https:\/\/spaziospadoni.org\/wp-content\/uploads\/2026\/05\/2026_gennaio_31_suor_ansila_volontari_consolare_gli_afllitti_opere_misericordia_spazio_spadoni-14.jpeg\" alt=\"2026 janvier 31 s\u0153ur ansila b\u00e9n\u00e9voles consoler les afflig\u00e9s \u0153uvres de mis\u00e9ricorde spazio + spadoni 14\"\/><\/figure>\n\n\n\n<figure class=\"wp-block-image size-large timor-est\"><img decoding=\"async\" src=\"https:\/\/spaziospadoni.org\/wp-content\/uploads\/2026\/05\/2026_gennaio_31_suor_ansila_volontari_consolare_gli_afllitti_opere_misericordia_spazio_spadoni-15.jpeg\" alt=\"2026 janvier 31 s\u0153ur ansila b\u00e9n\u00e9voles consoler les afflig\u00e9s \u0153uvres de mis\u00e9ricorde spazio + spadoni 15\"\/><\/figure>\n\n\n\n<figure class=\"wp-block-image size-large timor-est\"><img decoding=\"async\" src=\"https:\/\/spaziospadoni.org\/wp-content\/uploads\/2026\/05\/2026_gennaio_31_suor_ansila_volontari_consolare_gli_afllitti_opere_misericordia_spazio_spadoni-16.jpeg\" alt=\"2026 janvier 31 s\u0153ur ansila b\u00e9n\u00e9voles consoler les afflig\u00e9s \u0153uvres de mis\u00e9ricorde spazio + spadoni 16\"\/><\/figure>\n\n\n\n<figure class=\"wp-block-image size-large timor-est\"><img decoding=\"async\" src=\"https:\/\/spaziospadoni.org\/wp-content\/uploads\/2026\/05\/2026_gennaio_31_suor_ansila_volontari_consolare_gli_afllitti_opere_misericordia_spazio_spadoni-17.jpeg\" alt=\"2026 janvier 31 s\u0153ur ansila b\u00e9n\u00e9voles consoler les afflig\u00e9s \u0153uvres de mis\u00e9ricorde spazio + spadoni 17\"\/><\/figure>\n\n\n\n<figure class=\"wp-block-image size-large timor-est\"><img decoding=\"async\" src=\"https:\/\/spaziospadoni.org\/wp-content\/uploads\/2026\/05\/2026_2_febbraio_suor_ansila_volontari_timor_est_festa_vita_consacrata_opere_misericordia_spazio_spadoni-1.jpeg\" alt=\"2026 2 f\u00e9vrier s\u0153ur ansila b\u00e9n\u00e9voles timor oriental f\u00eate de la vie consacr\u00e9e \u0153uvres de mis\u00e9ricorde spazio + spadoni 1\"\/><\/figure>\n\n\n\n<figure class=\"wp-block-image size-large timor-est\"><img decoding=\"async\" src=\"https:\/\/spaziospadoni.org\/wp-content\/uploads\/2026\/05\/2026_2_febbraio_suor_ansila_volontari_timor_est_festa_vita_consacrata_opere_misericordia_spazio_spadoni-2.jpeg\" alt=\"2026 2 f\u00e9vrier s\u0153ur ansila b\u00e9n\u00e9voles timor oriental f\u00eate de la vie consacr\u00e9e \u0153uvres de mis\u00e9ricorde spazio + spadoni 2\"\/><\/figure>\n\n\n\n<figure class=\"wp-block-image size-large timor-est\"><img decoding=\"async\" src=\"https:\/\/spaziospadoni.org\/wp-content\/uploads\/2026\/05\/2026_2_febbraio_suor_ansila_volontari_timor_est_festa_vita_consacrata_opere_misericordia_spazio_spadoni-3.jpeg\" alt=\"2026 2 f\u00e9vrier s\u0153ur ansila b\u00e9n\u00e9voles timor oriental f\u00eate de la vie consacr\u00e9e \u0153uvres de mis\u00e9ricorde spazio + spadoni 3\"\/><\/figure>\n\n\n\n<figure class=\"wp-block-image size-large timor-est\"><img decoding=\"async\" src=\"https:\/\/spaziospadoni.org\/wp-content\/uploads\/2026\/05\/2026_2_febbraio_suor_ansila_volontari_timor_est_festa_vita_consacrata_opere_misericordia_spazio_spadoni-4.jpeg\" alt=\"2026 2 f\u00e9vrier s\u0153ur ansila b\u00e9n\u00e9voles timor oriental f\u00eate de la vie consacr\u00e9e \u0153uvres de mis\u00e9ricorde spazio + spadoni 4\"\/><\/figure>\n\n\n\n<figure class=\"wp-block-image size-large timor-est\"><img decoding=\"async\" src=\"https:\/\/spaziospadoni.org\/wp-content\/uploads\/2026\/05\/2026_2_febbraio_suor_ansila_volontari_timor_est_festa_vita_consacrata_opere_misericordia_spazio_spadoni-5.jpeg\" alt=\"2026 2 f\u00e9vrier s\u0153ur ansila b\u00e9n\u00e9voles timor oriental f\u00eate de la vie consacr\u00e9e \u0153uvres de mis\u00e9ricorde spazio + spadoni 5\"\/><\/figure>\n\n\n\n<figure class=\"wp-block-image size-large timor-est\"><img decoding=\"async\" src=\"https:\/\/spaziospadoni.org\/wp-content\/uploads\/2026\/05\/2026_2_febbraio_suor_ansila_volontari_timor_est_festa_vita_consacrata_opere_misericordia_spazio_spadoni-6.jpeg\" alt=\"2026 2 f\u00e9vrier s\u0153ur ansila b\u00e9n\u00e9voles timor oriental f\u00eate de la vie consacr\u00e9e \u0153uvres de mis\u00e9ricorde spazio + spadoni 6\"\/><\/figure>\n\n\n\n<figure class=\"wp-block-image size-large timor-est\"><img decoding=\"async\" src=\"https:\/\/spaziospadoni.org\/wp-content\/uploads\/2026\/05\/2026_2_febbraio_suor_ansila_volontari_timor_est_festa_vita_consacrata_opere_misericordia_spazio_spadoni-7.jpeg\" alt=\"2026 2 f\u00e9vrier s\u0153ur ansila b\u00e9n\u00e9voles timor oriental f\u00eate de la vie consacr\u00e9e \u0153uvres de mis\u00e9ricorde spazio + spadoni 7\"\/><\/figure>\n\n\n\n<figure class=\"wp-block-image size-large timor-est\"><img decoding=\"async\" src=\"https:\/\/spaziospadoni.org\/wp-content\/uploads\/2026\/05\/2026_2_febbraio_suor_ansila_volontari_timor_est_festa_vita_consacrata_opere_misericordia_spazio_spadoni-8.jpeg\" alt=\"2026 2 f\u00e9vrier s\u0153ur ansila b\u00e9n\u00e9voles timor oriental f\u00eate de la vie consacr\u00e9e \u0153uvres de mis\u00e9ricorde spazio + spadoni 8\"\/><\/figure>\n\n\n\n<figure class=\"wp-block-image size-large timor-est\"><img decoding=\"async\" src=\"https:\/\/spaziospadoni.org\/wp-content\/uploads\/2026\/05\/2026_2_febbraio_suor_ansila_volontari_timor_est_festa_vita_consacrata_opere_misericordia_spazio_spadoni-9.jpeg\" alt=\"2026 2 f\u00e9vrier s\u0153ur ansila b\u00e9n\u00e9voles timor oriental f\u00eate de la vie consacr\u00e9e \u0153uvres de mis\u00e9ricorde spazio + spadoni 9\"\/><\/figure>\n\n\n\n<figure class=\"wp-block-image size-large timor-est\"><img decoding=\"async\" src=\"https:\/\/spaziospadoni.org\/wp-content\/uploads\/2026\/05\/2026_5_febbraio_stato_avanzamento_casa_operam_spazio_spadoni_suor_ansila-1.jpeg\" alt=\"2026 5 f\u00e9vrier \u00e9tat d'avancement maison operam spazio + spadoni s\u0153ur ansila 1\"\/><\/figure>\n\n\n\n<figure class=\"wp-block-image size-large timor-est\"><img decoding=\"async\" src=\"https:\/\/spaziospadoni.org\/wp-content\/uploads\/2026\/05\/2026_5_febbraio_stato_avanzamento_casa_operam_spazio_spadoni_suor_ansila-2.jpeg\" alt=\"2026 5 f\u00e9vrier \u00e9tat d'avancement maison operam spazio + spadoni s\u0153ur ansila 2\"\/><\/figure>\n\n\n\n<figure class=\"wp-block-image size-large timor-est\"><img decoding=\"async\" src=\"https:\/\/spaziospadoni.org\/wp-content\/uploads\/2026\/05\/2026_5_febbraio_stato_avanzamento_casa_operam_spazio_spadoni_suor_ansila-3.jpeg\" alt=\"2026 5 f\u00e9vrier \u00e9tat d'avancement maison operam spazio + spadoni s\u0153ur ansila 3\"\/><\/figure>\n\n\n\n<figure class=\"wp-block-image size-large timor-est\"><img decoding=\"async\" src=\"https:\/\/spaziospadoni.org\/wp-content\/uploads\/2026\/05\/2026_5_febbraio_stato_avanzamento_casa_operam_spazio_spadoni_suor_ansila-4.jpeg\" alt=\"2026 5 f\u00e9vrier \u00e9tat d'avancement maison operam spazio + spadoni s\u0153ur ansila 4\"\/><\/figure>\n\n\n\n<figure class=\"wp-block-image size-large timor-est\"><img decoding=\"async\" src=\"https:\/\/spaziospadoni.org\/wp-content\/uploads\/2026\/05\/2026_gennaio_27_suor_ansila_apostolato_volontari_opere_misericordia_operam_spazio_spadoni-2.jpeg\" alt=\"2026 janvier 27 s\u0153ur ansila apostolat b\u00e9n\u00e9voles \u0153uvres de mis\u00e9ricorde operam spazio + spadoni 2\"\/><\/figure>\n\n\n\n<figure class=\"wp-block-image size-large timor-est\"><img decoding=\"async\" src=\"https:\/\/spaziospadoni.org\/wp-content\/uploads\/2026\/05\/2026_gennaio_27_suor_ansila_apostolato_volontari_opere_misericordia_operam_spazio_spadoni-3.jpeg\" alt=\"2026 janvier 27 s\u0153ur ansila apostolat b\u00e9n\u00e9voles \u0153uvres de mis\u00e9ricorde operam spazio + spadoni 3\"\/><\/figure>\n\n\n\n<figure class=\"wp-block-image size-large timor-est\"><img decoding=\"async\" src=\"https:\/\/spaziospadoni.org\/wp-content\/uploads\/2026\/05\/2026_gennaio_27_suor_ansila_apostolato_volontari_opere_misericordia_operam_spazio_spadoni-4.jpeg\" alt=\"2026 janvier 27 s\u0153ur ansila apostolat b\u00e9n\u00e9voles \u0153uvres de mis\u00e9ricorde operam spazio + spadoni 4\"\/><\/figure>\n\n\n\n<figure class=\"wp-block-image size-large timor-est\"><img decoding=\"async\" src=\"https:\/\/spaziospadoni.org\/wp-content\/uploads\/2026\/05\/2026_gennaio_27_suor_ansila_apostolato_volontari_opere_misericordia_operam_spazio_spadoni-5.jpeg\" alt=\"2026 janvier 27 s\u0153ur ansila apostolat b\u00e9n\u00e9voles \u0153uvres de mis\u00e9ricorde operam spazio + spadoni 5\"\/><\/figure>\n\n\n\n<figure class=\"wp-block-image size-large timor-est\"><img decoding=\"async\" src=\"https:\/\/spaziospadoni.org\/wp-content\/uploads\/2026\/05\/2026_gennaio_27_suor_ansila_apostolato_volontari_opere_misericordia_operam_spazio_spadoni-6.jpeg\" alt=\"2026 janvier 27 s\u0153ur ansila apostolat b\u00e9n\u00e9voles \u0153uvres de mis\u00e9ricorde operam spazio + spadoni 6\"\/><\/figure>\n\n\n\n<figure class=\"wp-block-image size-large timor-est\"><img decoding=\"async\" src=\"https:\/\/spaziospadoni.org\/wp-content\/uploads\/2026\/05\/2026_gennaio_27_suor_ansila_apostolato_volontari_opere_misericordia_operam_spazio_spadoni-7.jpeg\" alt=\"2026 janvier 27 s\u0153ur ansila apostolat b\u00e9n\u00e9voles \u0153uvres de mis\u00e9ricorde operam spazio + spadoni 7\"\/><\/figure>\n\n\n\n<figure class=\"wp-block-image size-large timor-est\"><img decoding=\"async\" src=\"https:\/\/spaziospadoni.org\/wp-content\/uploads\/2026\/05\/2026_28_gennaio_suor_ansila_centro_ascolto_casa_operam_opere_misericordia_spazio_spadoni-2.jpeg\" alt=\"2026 28 janvier s\u0153ur ansila centre d'\u00e9coute maison operam \u0153uvres de mis\u00e9ricorde spazio + spadoni 2\"\/><\/figure>\n\n\n\n<figure class=\"wp-block-image size-large timor-est\"><img decoding=\"async\" src=\"https:\/\/spaziospadoni.org\/wp-content\/uploads\/2026\/05\/2026_28_gennaio_suor_ansila_centro_ascolto_casa_operam_opere_misericordia_spazio_spadoni-3.jpeg\" alt=\"2026 janvier 27 s\u0153ur ansila apostolat b\u00e9n\u00e9voles \u0153uvres de mis\u00e9ricorde operam spazio + spadoni 3\"\/><\/figure>\n\n\n\n<figure class=\"wp-block-image size-large timor-est\"><img decoding=\"async\" src=\"https:\/\/spaziospadoni.org\/wp-content\/uploads\/2026\/05\/2026_28_gennaio_suor_ansila_centro_ascolto_casa_operam_opere_misericordia_spazio_spadoni-4.jpeg\" alt=\"2026 janvier 27 s\u0153ur ansila apostolat b\u00e9n\u00e9voles \u0153uvres de mis\u00e9ricorde operam spazio + spadoni 4\"\/><\/figure>\n\n\n\n<figure class=\"wp-block-image size-large timor-est\"><img decoding=\"async\" src=\"https:\/\/spaziospadoni.org\/wp-content\/uploads\/2026\/05\/2026_28_gennaio_suor_ansila_centro_ascolto_casa_operam_opere_misericordia_spazio_spadoni-1.jpeg\" alt=\"2026 28 janvier s\u0153ur ansila centre d'\u00e9coute maison operam \u0153uvres de mis\u00e9ricorde spazio + spadoni 1\"\/><\/figure>\n\n\n\n<figure class=\"wp-block-image size-large timor-est\"><img decoding=\"async\" src=\"https:\/\/spaziospadoni.org\/wp-content\/uploads\/2026\/05\/2026_8_marzo_francescane_hic_sum_33_suor_ansilla_abitanti_spazio_spadoni_opere_misericordia_operaM_missione-2-1.jpeg\" alt=\"2026 8 mars franciscaines hic sum 33 s\u0153ur ansilla habitants spazio + spadoni \u0153uvres de mis\u00e9ricorde operaM mission 2 1\"\/><\/figure>\n\n\n\n<figure class=\"wp-block-image size-large timor-est\"><img decoding=\"async\" src=\"https:\/\/spaziospadoni.org\/wp-content\/uploads\/2026\/05\/2026_8_marzo_francescane_hic_sum_33_suor_ansilla_abitanti_spazio_spadoni_opere_misericordia_operaM_missione.jpeg\" alt=\"2026 8 mars franciscaines hic sum 33 s\u0153ur ansilla habitants spazio + spadoni \u0153uvres de mis\u00e9ricorde operaM mission\"\/><\/figure>\n\n\n\n<figure class=\"wp-block-image size-large casa-opera-m\"><img decoding=\"async\" src=\"https:\/\/spaziospadoni.org\/wp-content\/uploads\/2026\/05\/2026_aprile_8_casa_operam_suor_ansila_timor_est_spazio_spadoni_opere_misericordia-1.jpeg\" alt=\"2026 avril 8 maison operam s\u0153ur ansila timor oriental spazio + spadoni \u0153uvres de mis\u00e9ricorde 1\"\/><\/figure>\n\n\n\n<figure class=\"wp-block-image size-large casa-opera-m\"><img decoding=\"async\" src=\"https:\/\/spaziospadoni.org\/wp-content\/uploads\/2026\/05\/2026_aprile_8_casa_operam_suor_ansila_timor_est_spazio_spadoni_opere_misericordia-4.jpeg\" alt=\"2026 avril 8 maison operam s\u0153ur ansila timor oriental spazio + spadoni \u0153uvres de mis\u00e9ricorde 4\"\/><\/figure>\n\n\n\n<figure class=\"wp-block-image size-large casa-opera-m\"><img decoding=\"async\" src=\"https:\/\/spaziospadoni.org\/wp-content\/uploads\/2026\/05\/2026_aprile_8_casa_operam_suor_ansila_timor_est_spazio_spadoni_opere_misericordia-3.jpeg\" alt=\"2026 avril 8 maison operam s\u0153ur ansila timor oriental spazio + spadoni \u0153uvres de mis\u00e9ricorde 3\"\/><\/figure>\n<\/figure>\n\n\n\n<div class=\"gb-element-b24bbf5e ss-media-videos\">\n<figure class=\"wp-block-video video\"><video controls src=\"https:\/\/spaziospadoni.org\/wp-content\/uploads\/2026\/05\/2023_gennaio_preparazione_gelato_suor_ansila_spazio_spadoni_timo_leste.mp4\"><\/video><figcaption class=\"wp-element-caption\">2023 janvier pr\u00e9paration de glace s\u0153ur ansila spazio + spadoni timor leste<\/figcaption><\/figure>\n\n\n\n<figure class=\"wp-block-video video\"><video controls src=\"https:\/\/spaziospadoni.org\/wp-content\/uploads\/2026\/05\/2023_gennaio_impresa_sociale_suor_ansila_timor_est_volontari_spazio_spadoni-1.mp4\"><\/video><figcaption class=\"wp-element-caption\">2023 janvier entreprise sociale s\u0153ur ansila timor oriental b\u00e9n\u00e9voles spazio + spadoni 1<\/figcaption><\/figure>\n\n\n\n<figure class=\"wp-block-video video\"><video controls src=\"https:\/\/spaziospadoni.org\/wp-content\/uploads\/2026\/05\/2022_dicembre_suor_ansila_volontari_opere_misericordia_spazio_spadoni.mp4\"><\/video><figcaption class=\"wp-element-caption\">2022 d\u00e9cembre s\u0153ur ansila b\u00e9n\u00e9voles \u0153uvres de mis\u00e9ricorde spazio + spadoni<\/figcaption><\/figure>\n\n\n\n<figure class=\"wp-block-video video\"><video controls src=\"https:\/\/spaziospadoni.org\/wp-content\/uploads\/2026\/05\/febbraio_2024_Timor_est_incontro_formazione_opere_misericordia_villaggio.mp4\"><\/video><figcaption class=\"wp-element-caption\">f\u00e9vrier 2024 Timor oriental rencontre de formation \u0153uvres de mis\u00e9ricorde village<\/figcaption><\/figure>\n\n\n\n<figure class=\"wp-block-video video\"><video controls src=\"https:\/\/spaziospadoni.org\/wp-content\/uploads\/2026\/05\/2025_gennaio_timor_est_volontari_opere_di_misericordia_operam.mp4\"><\/video><figcaption class=\"wp-element-caption\">2025 janvier timor oriental b\u00e9n\u00e9voles \u0153uvres de mis\u00e9ricorde operam<\/figcaption><\/figure>\n\n\n\n<figure class=\"wp-block-video video\"><video controls src=\"https:\/\/spaziospadoni.org\/wp-content\/uploads\/2026\/05\/febbraio_2025_impresa_sociale_piscicoltura_suor_ansila_spazio_spadoni_progetto_hic_sum_timor_est-1.mp4\"><\/video><figcaption class=\"wp-element-caption\">f\u00e9vrier 2025 entreprise sociale pisciculture s\u0153ur ansila spazio + spadoni projet hic sum timor oriental 1<\/figcaption><\/figure>\n\n\n\n<figure class=\"wp-block-video video\"><video controls src=\"https:\/\/spaziospadoni.org\/wp-content\/uploads\/2026\/05\/2025_febbraio_visita_cardinale_timor_est_suor_ansila_progetto_hic_sum_spazio_spadoni.mp4\"><\/video><figcaption class=\"wp-element-caption\">2025 f\u00e9vrier visite cardinal timor oriental s\u0153ur ansila projet hic sum spazio + spadoni<\/figcaption><\/figure>\n\n\n\n<figure class=\"wp-block-video video\"><video controls src=\"https:\/\/spaziospadoni.org\/wp-content\/uploads\/2026\/05\/aprile_2025_domenica_palme_quaresima_suor_ansila_timor_est-2.mp4\"><\/video><figcaption class=\"wp-element-caption\">avril 2025 dimanche des rameaux car\u00eame s\u0153ur ansila timor oriental 2<\/figcaption><\/figure>\n\n\n\n<figure class=\"wp-block-video video\"><video controls src=\"https:\/\/spaziospadoni.org\/wp-content\/uploads\/2026\/05\/aprile_2025_domenica_palme_quaresima_suor_ansila_timor_est-1.mp4\"><\/video><figcaption class=\"wp-element-caption\">avril 2025 dimanche des rameaux car\u00eame s\u0153ur ansila timor oriental 1<\/figcaption><\/figure>\n\n\n\n<figure class=\"wp-block-video video\"><video controls src=\"https:\/\/spaziospadoni.org\/wp-content\/uploads\/2026\/05\/2-ottobre-2025_prove-coro-per-la-festa-di-San-Francesco.mp4\"><\/video><figcaption class=\"wp-element-caption\">2 octobre 2025 r\u00e9p\u00e9titions de la chorale pour la f\u00eate de Saint Fran\u00e7ois<\/figcaption><\/figure>\n\n\n\n<figure class=\"wp-block-video video\"><video controls src=\"https:\/\/spaziospadoni.org\/wp-content\/uploads\/2026\/05\/6-novembre-2025-lavori-terreno-per-casa-suor-Ansila.mp4\"><\/video><figcaption class=\"wp-element-caption\">6 novembre 2025 travaux de terrassement pour la maison de s\u0153ur Ansila<\/figcaption><\/figure>\n\n\n\n<figure class=\"wp-block-video video\"><video controls src=\"https:\/\/spaziospadoni.org\/wp-content\/uploads\/2026\/05\/2025_novembre_14_inizio_lavori_casa_operaM-tecnici_governo_suor_ansila_opere_misericordia_spazio_spadoni-2.mp4\"><\/video><figcaption class=\"wp-element-caption\">2025 novembre 14 d\u00e9but des travaux maison operaM techniciens gouvernement s\u0153ur ansila \u0153uvres de mis\u00e9ricorde spazio + spadoni 2<\/figcaption><\/figure>\n\n\n\n<figure class=\"wp-block-video video\"><video controls src=\"https:\/\/spaziospadoni.org\/wp-content\/uploads\/2026\/05\/2025_novembre_14_inizio_lavori_casa_operaM-tecnici_governo_suor_ansila_opere_misericordia_spazio_spadoni-1.mp4\"><\/video><figcaption class=\"wp-element-caption\">2025 novembre 14 d\u00e9but des travaux maison operaM techniciens gouvernement s\u0153ur ansila \u0153uvres de mis\u00e9ricorde spazio + spadoni 1<\/figcaption><\/figure>\n\n\n\n<figure class=\"wp-block-video video\"><video controls src=\"https:\/\/spaziospadoni.org\/wp-content\/uploads\/2026\/05\/2025_dicembre_13_suor_ansila_timor_est_costruzione_casa_operam_opere_misericordia_spazio_spadoni-2.mp4\"><\/video><figcaption class=\"wp-element-caption\">2025 d\u00e9cembre 13 s\u0153ur ansila timor oriental construction maison operam \u0153uvres de mis\u00e9ricorde spazio + spadoni 2<\/figcaption><\/figure>\n\n\n\n<figure class=\"wp-block-video video\"><video controls src=\"https:\/\/spaziospadoni.org\/wp-content\/uploads\/2026\/05\/2025_dicembre_13_suor_ansila_timor_est_costruzione_casa_operam_opere_misericordia_spazio_spadoni-1.mp4\"><\/video><figcaption class=\"wp-element-caption\">2025 d\u00e9cembre 13 s\u0153ur ansila timor oriental construction maison operam \u0153uvres de mis\u00e9ricorde spazio + spadoni 1<\/figcaption><\/figure>\n\n\n\n<figure class=\"wp-block-video video\"><video controls src=\"https:\/\/spaziospadoni.org\/wp-content\/uploads\/2026\/05\/2026_24_gennaio_suor_ansila_volontari_attivita_autofinanziamento_operam_spazio_spadoni-1.mp4\"><\/video><figcaption class=\"wp-element-caption\">2026 24 janvier s\u0153ur ansila b\u00e9n\u00e9voles activit\u00e9 d&rsquo;autofinancement operam spazio + spadoni 1<\/figcaption><\/figure>\n\n\n\n<figure class=\"wp-block-video video\"><video controls src=\"https:\/\/spaziospadoni.org\/wp-content\/uploads\/2026\/05\/2026_26_gennaio_suor_ansila_timor_est_aggiornamenti_stato_lavori_casa_operam_spazio_spadoni-1.mp4\"><\/video><figcaption class=\"wp-element-caption\">2026 26 janvier s\u0153ur ansila timor oriental mises \u00e0 jour \u00e9tat des travaux maison operam spazio + spadoni 1<\/figcaption><\/figure>\n\n\n\n<figure class=\"wp-block-video video\"><video controls src=\"https:\/\/spaziospadoni.org\/wp-content\/uploads\/2026\/05\/2026_26_gennaio_suor_ansila_timor_est_aggiornamenti_stato_lavori_casa_operam_spazio_spadoni-2.mp4\"><\/video><figcaption class=\"wp-element-caption\">2026 26 janvier s\u0153ur ansila timor oriental mises \u00e0 jour \u00e9tat des travaux maison operam spazio + spadoni 2<\/figcaption><\/figure>\n\n\n\n<figure class=\"wp-block-video video\"><video controls src=\"https:\/\/spaziospadoni.org\/wp-content\/uploads\/2026\/05\/WhatsApp-Video-2026-01-27-at-07.13.14.mp4\"><\/video><figcaption class=\"wp-element-caption\">WhatsApp Video 2026 01 27 at 07.13.14<\/figcaption><\/figure>\n\n\n\n<figure class=\"wp-block-video video\"><video controls src=\"https:\/\/spaziospadoni.org\/wp-content\/uploads\/2026\/05\/2026_2_febbraio_suor_ansila_volontari_timor_est_festa_vita_consacrata_opere_misericordia_spazio_spadoni-1.mp4\"><\/video><figcaption class=\"wp-element-caption\">2026 2 f\u00e9vrier s\u0153ur ansila b\u00e9n\u00e9voles timor oriental f\u00eate de la vie consacr\u00e9e \u0153uvres de mis\u00e9ricorde spazio + spadoni 1<\/figcaption><\/figure>\n\n\n\n<figure class=\"wp-block-video video\"><video controls src=\"https:\/\/spaziospadoni.org\/wp-content\/uploads\/2026\/05\/2026_aprile_8_casa_operam_suor_ansila_timor_est_spazio_spadoni_opere_misericordia-1.mp4\"><\/video><figcaption class=\"wp-element-caption\">2026 avril 8 maison operam s\u0153ur ansila timor oriental spazio + spadoni \u0153uvres de mis\u00e9ricorde 1<\/figcaption><\/figure>\n<\/div>\n<\/div>\n<\/div>\n<\/div>\n<\/div>\n","protected":false},"excerpt":{"rendered":"<p>Oesilo | Dili (Timor-Leste) OPERA M18 MISSION Lieu Oesilo Dioc\u00e8se Dili Nation Timor-Leste Continent Asie Coordonn\u00e9es GPS -9.35274 124.21930 Fuseau horaire UTC+9 ORGANISATEUR Congr\u00e9gation Institut des Filles de Saint Fran\u00e7ois Maison M\u00e8re Borgo a Mozzano Dioc\u00e8se Lucca Nation Italie Continent Europe F\u00eate de la Congr\u00e9gation 3 octobre Coordonn\u00e9es GPS 43.97939 10.54447 Fuseau horaire UTC+1 R\u00e9f\u00e9rent &#8230; <a title=\"Timor-Leste &#8211; Asie | Projet M18\" class=\"read-more\" href=\"https:\/\/spaziospadoni.org\/fr\/opera-m\/timor-leste-asie-projet-m18\/\" aria-label=\"Read more about Timor-Leste &#8211; Asie | Projet M18\">Lire plus<\/a><\/p>\n","protected":false},"author":102,"featured_media":0,"parent":89581,"menu_order":0,"comment_status":"closed","ping_status":"closed","template":"","meta":{"_sitemap_exclude":false,"_sitemap_priority":"","_sitemap_frequency":"","footnotes":""},"class_list":["post-62055","page","type-page","status-publish","infinite-scroll-item"],"yoast_head":"<!-- This site is optimized with the Yoast SEO plugin v28.4 - https:\/\/yoast.com\/product\/yoast-seo-wordpress\/ -->\n<title>Timor-Leste - Asie | Projet M18 | Spazio Spadoni<\/title>\n<meta name=\"description\" content=\"Oesilo | Dili (Timor-Leste) OPERA M18 MISSION Lieu Oesilo Dioc\u00e8se Dili Nation Timor-Leste Continent Asie Coordonn\u00e9es GPS -9.35274 124.21930 Fuseau horaire\" \/>\n<meta name=\"robots\" content=\"index, follow, max-snippet:-1, max-image-preview:large, max-video-preview:-1\" \/>\n<link rel=\"canonical\" href=\"https:\/\/spaziospadoni.org\/fr\/opera-m\/timor-leste-asie-projet-m18\/\" \/>\n<meta property=\"og:locale\" content=\"fr_FR\" \/>\n<meta property=\"og:type\" content=\"article\" \/>\n<meta property=\"og:title\" content=\"Timor-Leste - Asie | Projet M18 | Spazio Spadoni\" \/>\n<meta property=\"og:description\" content=\"Oesilo | Dili (Timor-Leste) OPERA M18 MISSION Lieu Oesilo Dioc\u00e8se Dili Nation Timor-Leste Continent Asie Coordonn\u00e9es GPS -9.35274 124.21930 Fuseau horaire\" \/>\n<meta property=\"og:url\" content=\"https:\/\/spaziospadoni.org\/fr\/opera-m\/timor-leste-asie-projet-m18\/\" \/>\n<meta property=\"og:site_name\" content=\"spazio + spadoni\" \/>\n<meta property=\"article:publisher\" content=\"https:\/\/www.facebook.com\/SpazioSpadoni\/\" \/>\n<meta property=\"article:modified_time\" content=\"2026-08-01T10:52:43+00:00\" \/>\n<meta property=\"og:image\" content=\"https:\/\/spaziospadoni.org\/wp-content\/uploads\/2026\/05\/hicsum_1_congo-spaziospadoni-scaled.png\" \/>\n\t<meta property=\"og:image:width\" content=\"2560\" \/>\n\t<meta property=\"og:image:height\" content=\"1771\" \/>\n\t<meta property=\"og:image:type\" content=\"image\/png\" \/>\n<meta name=\"twitter:card\" content=\"summary_large_image\" \/>\n<meta name=\"twitter:label1\" content=\"Est. reading time\" \/>\n\t<meta name=\"twitter:data1\" content=\"52 minutes\" \/>\n<script type=\"application\/ld+json\" class=\"yoast-schema-graph\">{\"@context\":\"https:\\\/\\\/schema.org\",\"@graph\":[{\"@type\":\"WebPage\",\"@id\":\"https:\\\/\\\/spaziospadoni.org\\\/fr\\\/opera-m\\\/timor-leste-asie-projet-m18\\\/\",\"url\":\"https:\\\/\\\/spaziospadoni.org\\\/fr\\\/opera-m\\\/timor-leste-asie-projet-m18\\\/\",\"name\":\"Timor-Leste - Asie | Projet M18 | Spazio Spadoni\",\"isPartOf\":{\"@id\":\"https:\\\/\\\/spaziospadoni.org\\\/fr\\\/#website\"},\"primaryImageOfPage\":{\"@id\":\"https:\\\/\\\/spaziospadoni.org\\\/fr\\\/opera-m\\\/timor-leste-asie-projet-m18\\\/#primaryimage\"},\"image\":{\"@id\":\"https:\\\/\\\/spaziospadoni.org\\\/fr\\\/opera-m\\\/timor-leste-asie-projet-m18\\\/#primaryimage\"},\"thumbnailUrl\":\"https:\\\/\\\/spaziospadoni.org\\\/wp-content\\\/uploads\\\/2026\\\/05\\\/hicsum_33_timor_est-spaziospadoni-scaled.png\",\"datePublished\":\"2026-05-18T13:56:33+00:00\",\"dateModified\":\"2026-08-01T10:52:43+00:00\",\"description\":\"Oesilo | Dili (Timor-Leste) OPERA M18 MISSION Lieu Oesilo Dioc\u00e8se Dili Nation Timor-Leste Continent Asie Coordonn\u00e9es GPS -9.35274 124.21930 Fuseau horaire\",\"breadcrumb\":{\"@id\":\"https:\\\/\\\/spaziospadoni.org\\\/fr\\\/opera-m\\\/timor-leste-asie-projet-m18\\\/#breadcrumb\"},\"inLanguage\":\"fr-FR\",\"potentialAction\":[{\"@type\":\"ReadAction\",\"target\":[\"https:\\\/\\\/spaziospadoni.org\\\/fr\\\/opera-m\\\/timor-leste-asie-projet-m18\\\/\"]}]},{\"@type\":\"ImageObject\",\"inLanguage\":\"fr-FR\",\"@id\":\"https:\\\/\\\/spaziospadoni.org\\\/fr\\\/opera-m\\\/timor-leste-asie-projet-m18\\\/#primaryimage\",\"url\":\"https:\\\/\\\/spaziospadoni.org\\\/wp-content\\\/uploads\\\/2026\\\/05\\\/hicsum_33_timor_est-spaziospadoni-scaled.png\",\"contentUrl\":\"https:\\\/\\\/spaziospadoni.org\\\/wp-content\\\/uploads\\\/2026\\\/05\\\/hicsum_33_timor_est-spaziospadoni-scaled.png\"},{\"@type\":\"BreadcrumbList\",\"@id\":\"https:\\\/\\\/spaziospadoni.org\\\/fr\\\/opera-m\\\/timor-leste-asie-projet-m18\\\/#breadcrumb\",\"itemListElement\":[{\"@type\":\"ListItem\",\"position\":1,\"name\":\"Home\",\"item\":\"https:\\\/\\\/spaziospadoni.org\\\/fr\\\/\"},{\"@type\":\"ListItem\",\"position\":2,\"name\":\"\u0152uvres de Mis\u00e9ricorde\",\"item\":\"https:\\\/\\\/spaziospadoni.org\\\/fr\\\/oeuvres-de-misericorde\\\/\"},{\"@type\":\"ListItem\",\"position\":3,\"name\":\"Timor-Leste &#8211; Asie | Projet M18\"}]},{\"@type\":\"WebSite\",\"@id\":\"https:\\\/\\\/spaziospadoni.org\\\/fr\\\/#website\",\"url\":\"https:\\\/\\\/spaziospadoni.org\\\/fr\\\/\",\"name\":\"spazio + spadoni\",\"description\":\"Generazione di misericordia e missione nel mondo\",\"publisher\":{\"@id\":\"https:\\\/\\\/spaziospadoni.org\\\/fr\\\/#organization\"},\"alternateName\":\"spaziospadoni.org\",\"potentialAction\":[{\"@type\":\"SearchAction\",\"target\":{\"@type\":\"EntryPoint\",\"urlTemplate\":\"https:\\\/\\\/spaziospadoni.org\\\/fr\\\/?s={search_term_string}\"},\"query-input\":{\"@type\":\"PropertyValueSpecification\",\"valueRequired\":true,\"valueName\":\"search_term_string\"}}],\"inLanguage\":\"fr-FR\"},{\"@type\":\"Organization\",\"@id\":\"https:\\\/\\\/spaziospadoni.org\\\/fr\\\/#organization\",\"name\":\"spazio + spadoni\",\"alternateName\":\"spaziospadoni.org\",\"url\":\"https:\\\/\\\/spaziospadoni.org\\\/fr\\\/\",\"logo\":{\"@type\":\"ImageObject\",\"inLanguage\":\"fr-FR\",\"@id\":\"https:\\\/\\\/spaziospadoni.org\\\/fr\\\/#\\\/schema\\\/logo\\\/image\\\/\",\"url\":\"https:\\\/\\\/spaziospadoni.org\\\/wp-content\\\/uploads\\\/2026\\\/05\\\/spazio-spadoni-logo-100x100-1.webp\",\"contentUrl\":\"https:\\\/\\\/spaziospadoni.org\\\/wp-content\\\/uploads\\\/2026\\\/05\\\/spazio-spadoni-logo-100x100-1.webp\",\"width\":100,\"height\":100,\"caption\":\"spazio + spadoni\"},\"image\":{\"@id\":\"https:\\\/\\\/spaziospadoni.org\\\/fr\\\/#\\\/schema\\\/logo\\\/image\\\/\"},\"sameAs\":[\"https:\\\/\\\/www.facebook.com\\\/SpazioSpadoni\\\/\",\"https:\\\/\\\/www.instagram.com\\\/spaziospadoni\\\/\",\"https:\\\/\\\/www.youtube.com\\\/@spaziospadoni\\\/playlists\"]}]}<\/script>\n<!-- \/ Yoast SEO plugin. -->","yoast_head_json":{"title":"Timor-Leste - Asie | Projet M18 | Spazio Spadoni","description":"Oesilo | Dili (Timor-Leste) OPERA M18 MISSION Lieu Oesilo Dioc\u00e8se Dili Nation Timor-Leste Continent Asie Coordonn\u00e9es GPS -9.35274 124.21930 Fuseau horaire","robots":{"index":"index","follow":"follow","max-snippet":"max-snippet:-1","max-image-preview":"max-image-preview:large","max-video-preview":"max-video-preview:-1"},"canonical":"https:\/\/spaziospadoni.org\/fr\/opera-m\/timor-leste-asie-projet-m18\/","og_locale":"fr_FR","og_type":"article","og_title":"Timor-Leste - Asie | Projet M18 | Spazio Spadoni","og_description":"Oesilo | Dili (Timor-Leste) OPERA M18 MISSION Lieu Oesilo Dioc\u00e8se Dili Nation Timor-Leste Continent Asie Coordonn\u00e9es GPS -9.35274 124.21930 Fuseau horaire","og_url":"https:\/\/spaziospadoni.org\/fr\/opera-m\/timor-leste-asie-projet-m18\/","og_site_name":"spazio + spadoni","article_publisher":"https:\/\/www.facebook.com\/SpazioSpadoni\/","article_modified_time":"2026-08-01T10:52:43+00:00","og_image":[{"width":2560,"height":1771,"url":"https:\/\/spaziospadoni.org\/wp-content\/uploads\/2026\/05\/hicsum_1_congo-spaziospadoni-scaled.png","type":"image\/png"}],"twitter_card":"summary_large_image","twitter_misc":{"Est. reading time":"52 minutes"},"schema":{"@context":"https:\/\/schema.org","@graph":[{"@type":"WebPage","@id":"https:\/\/spaziospadoni.org\/fr\/opera-m\/timor-leste-asie-projet-m18\/","url":"https:\/\/spaziospadoni.org\/fr\/opera-m\/timor-leste-asie-projet-m18\/","name":"Timor-Leste - Asie | Projet M18 | Spazio Spadoni","isPartOf":{"@id":"https:\/\/spaziospadoni.org\/fr\/#website"},"primaryImageOfPage":{"@id":"https:\/\/spaziospadoni.org\/fr\/opera-m\/timor-leste-asie-projet-m18\/#primaryimage"},"image":{"@id":"https:\/\/spaziospadoni.org\/fr\/opera-m\/timor-leste-asie-projet-m18\/#primaryimage"},"thumbnailUrl":"https:\/\/spaziospadoni.org\/wp-content\/uploads\/2026\/05\/hicsum_33_timor_est-spaziospadoni-scaled.png","datePublished":"2026-05-18T13:56:33+00:00","dateModified":"2026-08-01T10:52:43+00:00","description":"Oesilo | Dili (Timor-Leste) OPERA M18 MISSION Lieu Oesilo Dioc\u00e8se Dili Nation Timor-Leste Continent Asie Coordonn\u00e9es GPS -9.35274 124.21930 Fuseau horaire","breadcrumb":{"@id":"https:\/\/spaziospadoni.org\/fr\/opera-m\/timor-leste-asie-projet-m18\/#breadcrumb"},"inLanguage":"fr-FR","potentialAction":[{"@type":"ReadAction","target":["https:\/\/spaziospadoni.org\/fr\/opera-m\/timor-leste-asie-projet-m18\/"]}]},{"@type":"ImageObject","inLanguage":"fr-FR","@id":"https:\/\/spaziospadoni.org\/fr\/opera-m\/timor-leste-asie-projet-m18\/#primaryimage","url":"https:\/\/spaziospadoni.org\/wp-content\/uploads\/2026\/05\/hicsum_33_timor_est-spaziospadoni-scaled.png","contentUrl":"https:\/\/spaziospadoni.org\/wp-content\/uploads\/2026\/05\/hicsum_33_timor_est-spaziospadoni-scaled.png"},{"@type":"BreadcrumbList","@id":"https:\/\/spaziospadoni.org\/fr\/opera-m\/timor-leste-asie-projet-m18\/#breadcrumb","itemListElement":[{"@type":"ListItem","position":1,"name":"Home","item":"https:\/\/spaziospadoni.org\/fr\/"},{"@type":"ListItem","position":2,"name":"\u0152uvres de Mis\u00e9ricorde","item":"https:\/\/spaziospadoni.org\/fr\/oeuvres-de-misericorde\/"},{"@type":"ListItem","position":3,"name":"Timor-Leste &#8211; Asie | Projet M18"}]},{"@type":"WebSite","@id":"https:\/\/spaziospadoni.org\/fr\/#website","url":"https:\/\/spaziospadoni.org\/fr\/","name":"spazio + spadoni","description":"Generazione di misericordia e missione nel mondo","publisher":{"@id":"https:\/\/spaziospadoni.org\/fr\/#organization"},"alternateName":"spaziospadoni.org","potentialAction":[{"@type":"SearchAction","target":{"@type":"EntryPoint","urlTemplate":"https:\/\/spaziospadoni.org\/fr\/?s={search_term_string}"},"query-input":{"@type":"PropertyValueSpecification","valueRequired":true,"valueName":"search_term_string"}}],"inLanguage":"fr-FR"},{"@type":"Organization","@id":"https:\/\/spaziospadoni.org\/fr\/#organization","name":"spazio + spadoni","alternateName":"spaziospadoni.org","url":"https:\/\/spaziospadoni.org\/fr\/","logo":{"@type":"ImageObject","inLanguage":"fr-FR","@id":"https:\/\/spaziospadoni.org\/fr\/#\/schema\/logo\/image\/","url":"https:\/\/spaziospadoni.org\/wp-content\/uploads\/2026\/05\/spazio-spadoni-logo-100x100-1.webp","contentUrl":"https:\/\/spaziospadoni.org\/wp-content\/uploads\/2026\/05\/spazio-spadoni-logo-100x100-1.webp","width":100,"height":100,"caption":"spazio + spadoni"},"image":{"@id":"https:\/\/spaziospadoni.org\/fr\/#\/schema\/logo\/image\/"},"sameAs":["https:\/\/www.facebook.com\/SpazioSpadoni\/","https:\/\/www.instagram.com\/spaziospadoni\/","https:\/\/www.youtube.com\/@spaziospadoni\/playlists"]}]}},"_links":{"self":[{"href":"https:\/\/spaziospadoni.org\/fr\/wp-json\/wp\/v2\/pages\/62055","targetHints":{"allow":["GET"]}}],"collection":[{"href":"https:\/\/spaziospadoni.org\/fr\/wp-json\/wp\/v2\/pages"}],"about":[{"href":"https:\/\/spaziospadoni.org\/fr\/wp-json\/wp\/v2\/types\/page"}],"author":[{"embeddable":true,"href":"https:\/\/spaziospadoni.org\/fr\/wp-json\/wp\/v2\/users\/102"}],"replies":[{"embeddable":true,"href":"https:\/\/spaziospadoni.org\/fr\/wp-json\/wp\/v2\/comments?post=62055"}],"version-history":[{"count":0,"href":"https:\/\/spaziospadoni.org\/fr\/wp-json\/wp\/v2\/pages\/62055\/revisions"}],"up":[{"embeddable":true,"href":"https:\/\/spaziospadoni.org\/fr\/wp-json\/wp\/v2\/pages\/89581"}],"wp:attachment":[{"href":"https:\/\/spaziospadoni.org\/fr\/wp-json\/wp\/v2\/media?parent=62055"}],"curies":[{"name":"wp","href":"https:\/\/api.w.org\/{rel}","templated":true}]}}