{"id":62275,"date":"2026-05-18T15:05:11","date_gmt":"2026-05-18T14:05:11","guid":{"rendered":"https:\/\/spaziospadoni.org\/oeuvres-de-misericorde\/zimbabwe-afrique-projet-m42\/"},"modified":"2026-08-17T12:26:30","modified_gmt":"2026-08-17T11:26:30","slug":"zimbabwe-afrique-projet-m42","status":"publish","type":"page","link":"https:\/\/spaziospadoni.org\/fr\/opera-m\/zimbabwe-afrique-projet-m42\/","title":{"rendered":"Zimbabwe &#8211; Afrique | Projet M42"},"content":{"rendered":"\n<div class=\"ss-project-hero-card\">\n<h2 id=\"bulawayo-bulawayo-zimbabwe\" class=\"gb-text gb-text-62a95885\">Bulawayo | Bulawayo (Zimbabwe)<\/h2>\n\n\n\n<div class=\"gb-element-f60f2409\">\n<div class=\"gb-element-90a85740 ss-project-sidebar\">\n<h2 id=\"opera-m42\" class=\"gb-text ss-project-title\">OPERA M42<\/h2>\n\n\n\n<figure class=\"wp-block-image size-large\"><img decoding=\"async\" src=\"https:\/\/spaziospadoni.org\/wp-content\/uploads\/2026\/05\/hicsum_28_rwanda-spaziospadoni-scaled.png\" alt=\"hicsum 28 rwanda spaziospadoni 150x150\" class=\"wp-image-43007\"\/><\/figure>\n\n\n\n<div class=\"ss-project-table\">\n<div class=\"ss-table-section-title\">\n<h3 id=\"mission\" class=\"gb-text\">MISSION<\/h3>\n<\/div>\n\n\n\n<div class=\"ss-table-row\">\n<p class=\"gb-text\">Lieu<\/p>\n\n\n\n<p class=\"gb-text\"><a href=\"https:\/\/www.google.com\/maps\/place\/Bulawayo,+Zimbabwe\/@-20.1315684,28.4299665,11z\/data=!3m1!4b1!4m6!3m5!1s0x1eb553f3a8738f73:0x1d2d555c3f07ed7e!8m2!3d-20.1457125!4d28.5873388!16zL20vMDF6c2Z4?entry=ttu&#038;g_ep=EgoyMDI2MDIxMS4wIKXMDSoASAFQAw%3D%3D\" rel=\"noreferrer noopener\" target=\"_blank\" title=\"Bulawayo\">Bulawayo<\/a><\/p>\n<\/div>\n\n\n\n<div class=\"ss-table-row\">\n<p class=\"gb-text\">Dioc\u00e8se<\/p>\n\n\n\n<p class=\"gb-text\">Bulawayo<\/p>\n<\/div>\n\n\n\n<div class=\"ss-table-row\">\n<p class=\"gb-text\">Nation<\/p>\n\n\n\n<p class=\"gb-text\"><strong>Zimbabwe<\/strong><\/p>\n<\/div>\n\n\n\n<div class=\"ss-table-row\">\n<p class=\"gb-text\">Continent<\/p>\n\n\n\n<p class=\"gb-text\">Afrique<\/p>\n<\/div>\n\n\n\n<div class=\"ss-table-row\">\n<p class=\"gb-text\">Coordonn\u00e9es GPS<\/p>\n\n\n\n<p class=\"gb-text\">-20.15026 28.59648<\/p>\n<\/div>\n\n\n\n<div class=\"ss-table-row\">\n<p class=\"gb-text\">Fuseau horaire<\/p>\n\n\n\n<p class=\"gb-text\">UTC+2<\/p>\n<\/div>\n<\/div>\n\n\n\n<div class=\"ss-project-table\">\n<div class=\"ss-table-section-title\">\n<h3 id=\"organisateur\" class=\"gb-text\">ORGANISATEUR<\/h3>\n<\/div>\n\n\n\n<div class=\"ss-table-row\">\n<p class=\"gb-text\">Congr\u00e9gation<\/p>\n\n\n\n<p class=\"gb-text\">Sisters Servants of Mary the Queen &#8211; Ancilae Mariae Reginae (AMR)<\/p>\n<\/div>\n\n\n\n<div class=\"ss-table-row\">\n<p class=\"gb-text\">Maison M\u00e8re<\/p>\n\n\n\n<p class=\"gb-text\">Bulawayo<\/p>\n<\/div>\n\n\n\n<div class=\"ss-table-row\">\n<p class=\"gb-text\">Dioc\u00e8se<\/p>\n\n\n\n<p class=\"gb-text\">Bulawayo<\/p>\n<\/div>\n\n\n\n<div class=\"ss-table-row\">\n<p class=\"gb-text\">Nation<\/p>\n\n\n\n<p class=\"gb-text\">Zimbabwe<\/p>\n<\/div>\n\n\n\n<div class=\"ss-table-row\">\n<p class=\"gb-text\">Continent<\/p>\n\n\n\n<p class=\"gb-text\">Afrique<\/p>\n<\/div>\n\n\n\n<div class=\"ss-table-row\">\n<p class=\"gb-text\">F\u00eate de la Congr\u00e9gation<\/p>\n\n\n\n<p class=\"gb-text\">&#8212;<\/p>\n<\/div>\n\n\n\n<div class=\"ss-table-row\">\n<p class=\"gb-text\">Coordonn\u00e9es GPS<\/p>\n\n\n\n<p class=\"gb-text\">-20.15026 28.59648<\/p>\n<\/div>\n\n\n\n<div class=\"ss-table-row\">\n<p class=\"gb-text\">Fuseau horaire<\/p>\n\n\n\n<p class=\"gb-text\">UTC+2<\/p>\n<\/div>\n\n\n\n<div class=\"ss-table-row\">\n<p class=\"gb-text\">R\u00e9f\u00e9rent<\/p>\n\n\n\n<p class=\"gb-text\">S\u0153ur Jenlindy Tapiwa Ncube<\/p>\n<\/div>\n\n\n\n<div class=\"ss-table-row\">\n<p class=\"gb-text\">M\u00e8re G\u00e9n\u00e9rale<\/p>\n\n\n\n<p class=\"gb-text\">S\u0153ur Bernadette Siqaliso Dube<\/p>\n<\/div>\n\n\n\n<div class=\"ss-table-row\">\n<p class=\"gb-text\">Site Internet<\/p>\n\n\n\n<p class=\"gb-text\"><a href=\"https:\/\/www.suoresantagemma.it\/\" target=\"_blank\" rel=\"noreferrer noopener\" title=\"suoresantagemma.it\">suoresantagemma.it<\/a><\/p>\n<\/div>\n<\/div>\n\n\n\n<div class=\"ss-project-table\">\n<div class=\"ss-table-section-title\">\n<h3 id=\"spazio-reale\" class=\"gb-text\">SPAZIO REALE<\/h3>\n<\/div>\n\n\n\n<div class=\"ss-table-row\">\n<p class=\"gb-text\">Responsable du projet<\/p>\n\n\n\n<p class=\"gb-text\">S\u0153ur Jenlindy Tapiwa Ncube<\/p>\n<\/div>\n\n\n\n<div class=\"ss-table-row\">\n<p class=\"gb-text\">Date de d\u00e9but<\/p>\n\n\n\n<p class=\"gb-text\">Juillet 2025<\/p>\n<\/div>\n\n\n\n<div class=\"ss-table-row\">\n<p class=\"gb-text\">Typologie<\/p>\n\n\n\n<p class=\"gb-text\"><strong>Agriculture<\/strong><\/p>\n<\/div>\n<\/div>\n\n\n\n<div class=\"ss-project-table\">\n<a class=\"gb-element-e1766596 ss-table-section-button\" href=\"#\" title=\"OPERA M &#8211; PROJET M42\">\n<span class=\"gb-text\">OPERA M &#8211; PROJET M42<\/span>\n<\/a>\n<\/div>\n<\/div>\n<\/div>\n\n\n\n<div class=\"gb-element-6ad95ea8\">\n<div class=\"gb-element-e34063a6 ss-project-intro\">\n<p class=\"wp-block-paragraph\">OPERA M est la r\u00e9volution des \u0153uvres de mis\u00e9ricorde. C&rsquo;est l&rsquo;instrument permanent de d\u00e9veloppement d&rsquo;une pens\u00e9e forte et renouvel\u00e9e des \u0153uvres dans le monde. <\/p>\n\n\n\n<p class=\"wp-block-paragraph\">Il na\u00eet d&rsquo;une urgence fortement ressentie par spazio + spadoni de faire r\u00e9<strong>\u00c9<\/strong>voluer le concept d&rsquo;\u0153uvre de mis\u00e9ricorde comme un chemin qui est toujours \u00e0 la fois humain et divin, et donc, toujours spirituel en plus d&rsquo;\u00eatre pratique (ou corporel). La red\u00e9couverte, voire la v\u00e9ritable r\u00e9<strong>\u00c9<\/strong>volution des \u0153uvres doit \u00eatre retrouv\u00e9e au sein de cette synth\u00e8se entre aspect spirituel et acte pratique. L&rsquo;agir mat\u00e9riel doit toujours \u00eatre impr\u00e9gn\u00e9 de l&rsquo;esprit.  <\/p>\n\n\n\n<p class=\"wp-block-paragraph\">OPERA M se fonde sur cinq actions qui en d\u00e9finissent la m\u00e9thode : INVOQUE, appelle l&rsquo;Esprit \u00c9COUTE, fais silence pour t&rsquo;ouvrir \u00e0 l&rsquo;\u00e9coute RENCONTRE, sois au milieu des gens AGISSONS, agir pour les \u0153uvres INONDONS, portons tout le monde aux \u0153uvres de mis\u00e9ricorde <strong>\u0152uvres de mis\u00e9ricorde spirituelles<\/strong> Conseiller ceux qui doutent Enseigner les ignorants Avertir les p\u00e9cheurs Consoler les afflig\u00e9s Pardonner les offenses Supporter patiemment les personnes importunes Prier Dieu pour les vivants et pour les morts <strong>\u0152uvres de mis\u00e9ricorde corporelles<\/strong> Donner \u00e0 manger aux affam\u00e9s Donner \u00e0 boire aux assoiff\u00e9s V\u00eatir les nus Loger les p\u00e8lerins Visiter les malades Visiter les prisonniers Ensevelir les morts<\/p>\n\n<\/div>\n<\/div>\n\n\n\n\n<div>\n\n<h2 id=\"chronologie\" class=\"gb-text gb-text-8179e40a\">Chronologie<\/h2>\n\n\n\n\n\n<div class=\"ss-timeline\">\n\n<h3 id=\"2022\" class=\"gb-text\">2022<\/h3>\n\n\n\n\n\n<div class=\"ss-timeline-item\">\n\n<h4 id=\"juin-debut-de-la-relation\" class=\"gb-text\">Juin | D\u00e9but de la relation<\/h4>\n\n\n\n\n<p class=\"wp-block-paragraph\">La Congr\u00e9gation entre en contact avec spazio + spadoni<\/p>\n\n\n<\/div>\n\n\n<\/div>\n\n\n\n\n<div class=\"ss-timeline\">\n\n<h3 id=\"2023\" class=\"gb-text\">2023<\/h3>\n\n\n\n\n\n<div class=\"ss-timeline-item\">\n\n<h4 id=\"3-avril-envoi-du-projet\" class=\"gb-text\">3 avril | Envoi du projet<\/h4>\n\n\n\n\n<p class=\"wp-block-paragraph\">La Congr\u00e9gation envoie une demande de financement pour la r\u00e9alisation d&rsquo;un projet agricole<\/p>\n\n\n<\/div>\n\n\n\n\n<div class=\"ss-timeline-item\">\n\n<h4 id=\"29-aout-expert-de-spazio-spadoni\" class=\"gb-text\">29 ao\u00fbt | Expert de spazio + spadoni<\/h4>\n\n\n\n\n<p class=\"wp-block-paragraph\">Fernandel, un jeune expert en \u00c9conomie de Communion, \u00e9labore avec la Congr\u00e9gation un business plan qui d\u00e9montre la viabilit\u00e9 du projet<\/p>\n\n\n<\/div>\n\n\n<\/div>\n\n\n\n\n<div class=\"ss-timeline\">\n\n<h3 id=\"2025\" class=\"gb-text\">2025<\/h3>\n\n\n\n\n\n<div class=\"ss-timeline-item\">\n\n<h4 id=\"5-mai-rencontre-avec-spazio-spadoni\" class=\"gb-text\">5 mai | Rencontre avec spazio + spadoni<\/h4>\n\n\n\n\n<p class=\"wp-block-paragraph\">\u00c0 l&rsquo;occasion de l&rsquo;Assembl\u00e9e de l&rsquo;UISG \u00e0 Rome, s\u0153ur Bernadette et Luigi Spadoni se rencontrent et discutent de l&rsquo;avenir du projet et de l&rsquo;organisation d&rsquo;OPERA M au Zimbabwe<\/p>\n\n\n\n<figure class=\"wp-block-gallery has-nested-images columns-1 is-cropped ss-lightbox wp-block-gallery-1 is-layout-flex wp-block-gallery-is-layout-flex\">\n\n<figure class=\"wp-block-image size-large\"><img decoding=\"async\" src=\"https:\/\/spaziospadoni.org\/wp-content\/uploads\/2026\/05\/2025_maggio_assemblea_uisg_roma_spazio_spadoni_opere_misericordia_superiore_generali_suore-147-scaled-1.jpg\" alt=\"2025 mai assembl&#xE9;e uisg rome spazio + spadoni &#x153;uvres de mis&#xE9;ricorde sup&#xE9;rieures g&#xE9;n&#xE9;rales s&#x153;urs 147 scaled\"\/><figcaption class=\"wp-element-caption\">5 mai | Rencontre avec spazio + spadoni<\/figcaption><\/figure>\n\n<\/figure>\n\n\n<\/div>\n\n\n\n\n<div class=\"ss-timeline-item\">\n\n<h4 id=\"19-mai-soutien-au-projet\" class=\"gb-text\">19 mai | Soutien au projet<\/h4>\n\n\n\n\n<p class=\"wp-block-paragraph\">Les modalit\u00e9s de soutien du projet sont d\u00e9finies<\/p>\n\n\n<\/div>\n\n\n\n\n<div class=\"ss-timeline-item\">\n\n<h4 id=\"13-juillet-ambassadrice-des-oeuvres-de-misericorde\" class=\"gb-text\">13 juillet | Ambassadrice des \u0153uvres de mis\u00e9ricorde<\/h4>\n\n\n\n\n<p class=\"wp-block-paragraph\">La M\u00e8re g\u00e9n\u00e9rale nous communique que s\u0153ur Jenlindy est l&rsquo;ambassadrice des \u0153uvres de mis\u00e9ricorde<\/p>\n\n\n\n<figure class=\"wp-block-gallery has-nested-images columns-1 is-cropped ss-lightbox wp-block-gallery-2 is-layout-flex wp-block-gallery-is-layout-flex\">\n\n<figure class=\"wp-block-image size-large\"><img decoding=\"async\" src=\"https:\/\/spaziospadoni.org\/wp-content\/uploads\/2026\/05\/FOTO-MADRE-BERNADETTE-E-SUOR-JENLINDY.jpg-3.jpg\" alt=\"PHOTO M&#xC8;RE BERNADETTE ET S&#x152;UR JEMLINDY.jpg 3\"\/><figcaption class=\"wp-element-caption\">13 juillet | Ambassadrice des \u0153uvres de mis\u00e9ricorde<\/figcaption><\/figure>\n\n<\/figure>\n\n\n<\/div>\n\n\n\n\n<div class=\"ss-timeline-item\">\n\n<h4 id=\"7-aout-premier-financement-verse\" class=\"gb-text\">7 ao\u00fbt | Premier financement vers\u00e9<\/h4>\n\n\n\n\n<p class=\"wp-block-paragraph\">Le premier financement vise \u00e0 soutenir le lancement du projet d&rsquo;agriculture<\/p>\n\n\n\n<figure class=\"wp-block-gallery has-nested-images columns-1 is-cropped ss-lightbox wp-block-gallery-3 is-layout-flex wp-block-gallery-is-layout-flex\">\n\n<figure class=\"wp-block-image size-large\"><img decoding=\"async\" src=\"https:\/\/spaziospadoni.org\/wp-content\/uploads\/2026\/05\/2024_suor_bernadette_zimbabwe_campo_progetto_hic_sum_operam_agricoltura_spadoj-scaled-1.jpg\" alt=\"2024 s&#x153;ur bernadette zimbabwe champ projet hic sum operam agriculture spadoj scaled\"\/><figcaption class=\"wp-element-caption\">7 ao\u00fbt | Premier financement vers\u00e9<\/figcaption><\/figure>\n\n<\/figure>\n\n\n<\/div>\n\n\n\n\n<div class=\"ss-timeline-item\">\n\n<h4 id=\"8-octobre-deuxieme-financement-verse\" class=\"gb-text\">8 octobre | Deuxi\u00e8me financement vers\u00e9<\/h4>\n\n\n\n\n<p class=\"wp-block-paragraph\">Le premier financement vise \u00e0 installer le syst\u00e8me d&rsquo;irrigation<\/p>\n\n\n<\/div>\n\n\n\n\n<div class=\"ss-timeline-item\">\n\n<h4 id=\"15-octobre-systeme-dirrigation\" class=\"gb-text\">15 octobre | Syst\u00e8me d&rsquo;irrigation<\/h4>\n\n\n\n\n<p class=\"wp-block-paragraph\">Le syst\u00e8me d&rsquo;irrigation a \u00e9t\u00e9 install\u00e9<\/p>\n\n\n\n<figure class=\"wp-block-gallery has-nested-images columns-1 is-cropped ss-lightbox wp-block-gallery-4 is-layout-flex wp-block-gallery-is-layout-flex\">\n\n<figure class=\"wp-block-image size-large\"><img decoding=\"async\" src=\"https:\/\/spaziospadoni.org\/wp-content\/uploads\/2026\/05\/2025_Ottobre_15_spazio_spadoni_italia_orto-zimbabwe_irrigazione_3.jpg\" alt=\"2025 octobre 15 spazio + spadoni italie potager zimbabwe irrigation 3\"\/><figcaption class=\"wp-element-caption\">15 ottobre | Sistema di irrigazione<\/figcaption><\/figure>\n\n<\/figure>\n\n\n<\/div>\n\n\n\n\n<div class=\"ss-timeline-item\">\n\n<h4 id=\"31-decembre-reevolution-oeuvres-de-misericorde\" class=\"gb-text\">31 d\u00e9cembre | R\u00e9-\u00c9volution \u0153uvres de mis\u00e9ricorde<\/h4>\n\n\n\n\n<p class=\"wp-block-paragraph\">\u00c0 l&rsquo;occasion d&rsquo;une journ\u00e9e de pri\u00e8re et de recueillement des \u00ab\u00a0Femmes de la solidarit\u00e9\u00a0\u00bb, les \u0153uvres de mis\u00e9ricorde sont approfondies avec les enfants et les filles des \u00e9coles<\/p>\n\n\n\n<figure class=\"wp-block-gallery has-nested-images columns-1 is-cropped ss-lightbox wp-block-gallery-5 is-layout-flex wp-block-gallery-is-layout-flex\">\n\n<figure class=\"wp-block-image size-large\"><img decoding=\"async\" src=\"https:\/\/spaziospadoni.org\/wp-content\/uploads\/2026\/05\/2025_dicembre_31_giornata_raccoglimento_signore_solidarieta_zimbabwe_suor_bernadette_opere_misericordia_spazio_spadoni-4-e1771316300794.jpg\" alt=\"2025 d&#xE9;cembre 31 journ&#xE9;e de recueillement des femmes de la solidarit&#xE9; zimbabwe s&#x153;ur bernadette &#x153;uvres de mis&#xE9;ricorde spazio + spadoni 4 e1771316300794\"\/><figcaption class=\"wp-element-caption\">31 d\u00e9cembre | R\u00e9-\u00c9volution \u0153uvres de mis\u00e9ricorde<\/figcaption><\/figure>\n\n<\/figure>\n\n\n<\/div>\n\n\n<\/div>\n\n\n\n\n<div class=\"ss-timeline\">\n\n<h3 id=\"2026\" class=\"gb-text\">2026<\/h3>\n\n\n\n\n\n<div class=\"ss-timeline-item\">\n\n<h4 id=\"6-janvier-oeuvres-de-misericorde\" class=\"gb-text\">6 janvier | \u0152uvres de Mis\u00e9ricorde<\/h4>\n\n\n\n\n<p class=\"wp-block-paragraph\">S\u0153ur Jenlindy rencontre les autres s\u0153urs de la Congr\u00e9gation et explique la r\u00e9-\u00c9volution des \u0153uvres de mis\u00e9ricorde promue par spazio + spadoni<\/p>\n\n\n\n<figure class=\"wp-block-gallery has-nested-images columns-1 is-cropped ss-lightbox wp-block-gallery-6 is-layout-flex wp-block-gallery-is-layout-flex\">\n\n<figure class=\"wp-block-image size-large\"><img decoding=\"async\" src=\"https:\/\/spaziospadoni.org\/wp-content\/uploads\/2026\/05\/2026_Gennaio_06_suor_Jenlindy_Zimbabwe_meeting_AMR_su_ODM_spazio_spadoni_1.jpg\" alt=\"2026 janvier 06 s&#x153;ur Jenlindy Zimbabwe meeting AMR sur les &#x153;uvres de mis&#xE9;ricorde spazio + spadoni 1\"\/><figcaption class=\"wp-element-caption\">6 janvier | \u0152uvres de Mis\u00e9ricorde<\/figcaption><\/figure>\n\n<\/figure>\n\n\n<\/div>\n\n\n\n\n<div class=\"ss-timeline-item\">\n\n<h4 id=\"16-avril-realisation-des-foulards\" class=\"gb-text\">16 avril | R\u00e9alisation des foulards<\/h4>\n\n\n\n\n<p class=\"wp-block-paragraph\">Avec le soutien de spazio + spadoni, les s\u0153urs r\u00e9alisent 200 foulards spazio + spadoni<\/p>\n\n\n\n<figure class=\"wp-block-gallery has-nested-images columns-1 is-cropped ss-lightbox wp-block-gallery-7 is-layout-flex wp-block-gallery-is-layout-flex\">\n\n<figure class=\"wp-block-image size-large\"><img decoding=\"async\" src=\"https:\/\/spaziospadoni.org\/wp-content\/uploads\/2026\/05\/2026_aprile_16_suor_jenlind_bernadette_zimbabwe_foulard_spazio_spadoni_opere_misericordia_operam-scaled-e1776329291596.jpg\" alt=\"2026 avril 16 s&#x153;ur jenlind bernadette zimbabwe foulard spazio + spadoni &#x153;uvres de mis&#xE9;ricorde operam scaled e1776329291596\"\/><figcaption class=\"wp-element-caption\">16 avril | R\u00e9alisation des foulards<\/figcaption><\/figure>\n\n<\/figure>\n\n\n<\/div>\n\n\n<\/div>\n\n\n<\/div>\n\n\n\n<div class=\"ss-project-reports\">\n<h2 id=\"rapport-des-oeuvres-de-misericorde\" class=\"gb-text gb-text-75c3218d\">Rapport des \u0152uvres de Mis\u00e9ricorde<\/h2>\n\n\n<ul class=\"wp-block-list ss-report-list\">\n\n<li><a href=\"https:\/\/spaziospadoni.org\/wp-content\/uploads\/2026\/05\/Progetto-orto.pdf\" target=\"_blank\" rel=\"noreferrer noopener\" title=\"Projet potager\">Projet potager<\/a><\/li>\n\n\n<li><a href=\"https:\/\/spaziospadoni.org\/wp-content\/uploads\/2026\/05\/Report-1_gennaio-2026.pdf\" target=\"_blank\" rel=\"noreferrer noopener\" title=\"Rapport 1_janvier 2026\">Rapport 1_janvier 2026<\/a><\/li>\n\n<\/ul>\n\n<\/div>\n\n\n\n<div class=\"ss-project-media\">\n<h2 id=\"photos-et-videos\" class=\"gb-text gb-text-d7bd8be8\">Photos et vid\u00e9os<\/h2>\n\n\n<div class=\"ss-media-filters\">\n\n<a class=\"gb-text ss-media-filter active\" data-filter=\"*\" title=\"Tout\">Tout<\/a>\n\n\n<a class=\"gb-text ss-media-filter\" data-filter=\".progetto-orto\" title=\"Projet potager\">Projet potager<\/a>\n\n\n<a class=\"gb-text ss-media-filter\" data-filter=\".italia\" title=\"Italie\">Italie<\/a>\n\n\n<a class=\"gb-text ss-media-filter\" data-filter=\".opera-m\" title=\"OPERA M\">OPERA M<\/a>\n\n\n<a class=\"gb-text ss-media-filter\" data-filter=\".video\" title=\"Vid\u00e9o\">Vid\u00e9o<\/a>\n\n<\/div>\n\n\n<div class=\"ss-media-grid\">\n<div>\n<figure class=\"wp-block-gallery has-nested-images columns-1 is-cropped ss-lightbox wp-block-gallery-8 is-layout-flex wp-block-gallery-is-layout-flex\">\n\n<figure class=\"wp-block-image size-large progetto-orto\"><img decoding=\"async\" alt=\"2024 s&#x153;ur bernadette zimbabwe champ projet hic sum operam agriculture spadoj scaled\" src=\"https:\/\/spaziospadoni.org\/wp-content\/uploads\/2026\/05\/2024_suor_bernadette_zimbabwe_campo_progetto_hic_sum_operam_agricoltura_spadoj-scaled-1.jpg\"\/><\/figure>\n\n\n<figure class=\"wp-block-image size-large progetto-orto\"><img decoding=\"async\" alt=\"2024 s&#x153;ur bernadette zimbabwe champ projet hic sum operam agriculture spadojpg 1 scaled\" src=\"https:\/\/spaziospadoni.org\/wp-content\/uploads\/2026\/05\/2024_suor_bernadette_zimbabwe_campo_progetto_hic_sum_operam_agricoltura_spadojpg-1-scaled-1.jpg\"\/><\/figure>\n\n\n<figure class=\"wp-block-image size-large italia\"><img decoding=\"async\" alt=\"2025 mai assembl&#xE9;e uisg rome spazio + spadoni &#x153;uvres de mis&#xE9;ricorde sup&#xE9;rieures g&#xE9;n&#xE9;rales s&#x153;urs 147 scaled\" src=\"https:\/\/spaziospadoni.org\/wp-content\/uploads\/2026\/05\/2025_maggio_assemblea_uisg_roma_spazio_spadoni_opere_misericordia_superiore_generali_suore-147-scaled-1.jpg\"\/><\/figure>\n\n\n<figure class=\"wp-block-image size-large italia\"><img decoding=\"async\" alt=\"62025 mai assembl&#xE9;e uisg rome spazio + spadoni &#x153;uvres de mis&#xE9;ricorde sup&#xE9;rieures g&#xE9;n&#xE9;rales s&#x153;urs 147 scaled\" src=\"https:\/\/spaziospadoni.org\/wp-content\/uploads\/2026\/05\/2025_maggio_assemblea_uisg_roma_spazio_spadoni_opere_misericordia_superiore_generali_suore-146-scaled-1.jpg\"\/><\/figure>\n\n\n<figure class=\"wp-block-image size-large progetto-orto\"><img decoding=\"async\" alt=\"2025 septembre 25 zimbabwe s&#x153;ur bernadette spazio + spadoni projet hic sum &#x153;uvres de mis&#xE9;ricorde agriculture s&#x153;ur tracteur 6\" src=\"https:\/\/spaziospadoni.org\/wp-content\/uploads\/2026\/05\/2025_settembre_25_zimbabwe_suor_bernadette_spazio_spadoni_progetto_hic_sum_opere_misericordia_agricoltura_suora_trattore-6.jpg\"\/><\/figure>\n\n\n<figure class=\"wp-block-image size-large progetto-orto\"><img decoding=\"async\" alt=\"2025 septembre 25 zimbabwe s&#x153;ur bernadette spazio + spadoni projet hic sum &#x153;uvres de mis&#xE9;ricorde agriculture s&#x153;ur tracteur 7\" src=\"https:\/\/spaziospadoni.org\/wp-content\/uploads\/2026\/05\/2025_settembre_25_zimbabwe_suor_bernadette_spazio_spadoni_progetto_hic_sum_opere_misericordia_agricoltura_suora_trattore-7.jpg\"\/><\/figure>\n\n\n<figure class=\"wp-block-image size-large progetto-orto\"><img decoding=\"async\" alt=\"2025 septembre 25 zimbabwe s&#x153;ur bernadette spazio + spadoni projet hic sum &#x153;uvres de mis&#xE9;ricorde agriculture s&#x153;ur tracteur 2\" src=\"https:\/\/spaziospadoni.org\/wp-content\/uploads\/2026\/05\/2025_settembre_25_zimbabwe_suor_bernadette_spazio_spadoni_progetto_hic_sum_opere_misericordia_agricoltura_suora_trattore-2.jpg\"\/><\/figure>\n\n\n<figure class=\"wp-block-image size-large progetto-orto\"><img decoding=\"async\" alt=\"2025 octobre 08 spazio + spadoni italie potager zimbabwe achat mat&#xE9;riel irrigation projet operam 3\" src=\"https:\/\/spaziospadoni.org\/wp-content\/uploads\/2026\/05\/2025_Ottobre_08_spazio_spadoni_italia_orto-zimbabwe_acquisto_materiale_irrigazione_progetto_operam-3.jpg\"\/><\/figure>\n\n\n<figure class=\"wp-block-image size-large progetto-orto\"><img decoding=\"async\" alt=\"2025 octobre 15 spazio + spadoni italie potager zimbabwe irrigation 3\" src=\"https:\/\/spaziospadoni.org\/wp-content\/uploads\/2026\/05\/2025_Ottobre_15_spazio_spadoni_italia_orto-zimbabwe_irrigazione_3.jpg\"\/><\/figure>\n\n\n<figure class=\"wp-block-image size-large progetto-orto\"><img decoding=\"async\" alt=\"2025 octobre 15 spazio + spadoni italie potager zimbabwe irrigation 2\" src=\"https:\/\/spaziospadoni.org\/wp-content\/uploads\/2026\/05\/2025_Ottobre_15_spazio_spadoni_italia_orto-zimbabwe_irrigazione_2.jpg\"\/><\/figure>\n\n\n<figure class=\"wp-block-image size-large opera-m\"><img decoding=\"async\" alt=\"PHOTO M&#xC8;RE BERNADETTE ET S&#x152;UR JEMLINDY.jpg 2\" src=\"https:\/\/spaziospadoni.org\/wp-content\/uploads\/2026\/05\/FOTO-MADRE-BERNADETTE-E-SUOR-JEMLINDY.jpg-2.jpg\"\/><\/figure>\n\n\n<figure class=\"wp-block-image size-large opera-m\"><img decoding=\"async\" alt=\"PHOTO M&#xC8;RE BERNADETTE ET S&#x152;UR JEMLINDY\" src=\"https:\/\/spaziospadoni.org\/wp-content\/uploads\/2026\/05\/FOTO-MADRE-BERNADETTE-E-SUOR-JEMLINDY.jpg\"\/><\/figure>\n\n\n<figure class=\"wp-block-image size-large opera-m\"><img decoding=\"async\" alt=\"PHOTO M&#xC8;RE BERNADETTE ET S&#x152;UR JEMLINDY.jpg 3\" src=\"https:\/\/spaziospadoni.org\/wp-content\/uploads\/2026\/05\/FOTO-MADRE-BERNADETTE-E-SUOR-JENLINDY.jpg-3.jpg\"\/><\/figure>\n\n\n<figure class=\"wp-block-image size-large progetto-orto\"><img decoding=\"async\" alt=\"2025 d&#xE9;cembre 20 m&#xE8;re Bernadette potager Zimbabwe Opera M spazio + spadoni\" src=\"https:\/\/spaziospadoni.org\/wp-content\/uploads\/2026\/05\/2025_Dicembre_20_Madre_Bernadette_Orto_Zimbabwe_Opera_M_spazio_spadoni.jpg\"\/><\/figure>\n\n\n<figure class=\"wp-block-image size-large progetto-orto\"><img decoding=\"async\" alt=\"2025 d&#xE9;cembre 20 m&#xE8;re Bernadette potager Zimbabwe spazio + spadoni 1\" src=\"https:\/\/spaziospadoni.org\/wp-content\/uploads\/2026\/05\/2025_Dicembre_20_Madre_Bernadette_Orto_Zimbabwe_spazio_spadoni_1.jpg\"\/><\/figure>\n\n\n<figure class=\"wp-block-image size-large opera-m\"><img decoding=\"async\" alt=\"2025 d&#xE9;cembre 11 m&#xE8;re Bernadette Zimbabwe femmes dans le projet couture spazio + spadoni e1771319096273\" src=\"https:\/\/spaziospadoni.org\/wp-content\/uploads\/2026\/05\/2025_Dicembre_11_madre_Bernadette_Zimbabwe_donne_nel-_progetto_sartoria_spazio_spadoni-e1771319096273.jpg\"\/><\/figure>\n\n\n<figure class=\"wp-block-image size-large opera-m\"><img decoding=\"async\" alt=\"2025 d&#xE9;cembre 31 journ&#xE9;e de recueillement des femmes de la solidarit&#xE9; zimbabwe s&#x153;ur bernadette &#x153;uvres de mis&#xE9;ricorde spazio + spadoni 7\" src=\"https:\/\/spaziospadoni.org\/wp-content\/uploads\/2026\/05\/2025_dicembre_31_giornata_raccoglimento_signore_solidarieta_zimbabwe_suor_bernadette_opere_misericordia_spazio_spadoni-7.jpg\"\/><\/figure>\n\n\n<figure class=\"wp-block-image size-large opera-m\"><img decoding=\"async\" alt=\"2025 d&#xE9;cembre 31 journ&#xE9;e de recueillement des femmes de la solidarit&#xE9; zimbabwe s&#x153;ur bernadette &#x153;uvres de mis&#xE9;ricorde spazio + spadoni 4 e1771316300794\" src=\"https:\/\/spaziospadoni.org\/wp-content\/uploads\/2026\/05\/2025_dicembre_31_giornata_raccoglimento_signore_solidarieta_zimbabwe_suor_bernadette_opere_misericordia_spazio_spadoni-4-e1771316300794.jpg\"\/><\/figure>\n\n\n<figure class=\"wp-block-image size-large opera-m\"><img decoding=\"async\" alt=\"2025 d&#xE9;cembre 31 journ&#xE9;e de recueillement des femmes de la solidarit&#xE9; zimbabwe s&#x153;ur bernadette &#x153;uvres de mis&#xE9;ricorde spazio + spadoni 8\" src=\"https:\/\/spaziospadoni.org\/wp-content\/uploads\/2026\/05\/2025_dicembre_31_giornata_raccoglimento_signore_solidarieta_zimbabwe_suor_bernadette_opere_misericordia_spazio_spadoni-8.jpg\"\/><\/figure>\n\n\n<figure class=\"wp-block-image size-large opera-m\"><img decoding=\"async\" alt=\"2026 janvier 06 s&#x153;ur Jenlindy Zimbabwe meeting AMR sur les &#x153;uvres de mis&#xE9;ricorde spazio + spadoni 1\" src=\"https:\/\/spaziospadoni.org\/wp-content\/uploads\/2026\/05\/2026_Gennaio_06_suor_Jenlindy_Zimbabwe_meeting_AMR_su_ODM_spazio_spadoni_1.jpg\"\/><\/figure>\n\n\n<figure class=\"wp-block-image size-large opera-m\"><img decoding=\"async\" alt=\"2026 avril 16 s&#x153;ur jenlind bernadette zimbabwe foulard spazio + spadoni &#x153;uvres de mis&#xE9;ricorde operam scaled e1776329291596\" src=\"https:\/\/spaziospadoni.org\/wp-content\/uploads\/2026\/05\/2026_aprile_16_suor_jenlind_bernadette_zimbabwe_foulard_spazio_spadoni_opere_misericordia_operam-scaled-e1776329291596.jpg\"\/><\/figure>\n\n<\/figure>\n\n\n<div class=\"gb-element-b24bbf5e ss-media-videos\">\n\n<figure class=\"wp-block-video video\"><video controls=\"\" src=\"https:\/\/spaziospadoni.org\/wp-content\/uploads\/2026\/05\/2025_settembre_25_zimbabwe_suor_bernadette_spazio_spadoni_progetto_hic_sum_opere_misericordia_agricoltura_suora_trattore-1.mp4\"><\/video><figcaption class=\"wp-element-caption\">2025 septembre 25 zimbabwe s\u0153ur bernadette spazio + spadoni projet hic sum \u0153uvres de mis\u00e9ricorde agriculture s\u0153ur tracteur 1<\/figcaption><\/figure>\n\n\n<figure class=\"wp-block-video video\"><video controls=\"\" src=\"https:\/\/spaziospadoni.org\/wp-content\/uploads\/2026\/05\/2025_Novembre_16_spazio_spadoni_italia_orto-zimbabwe_secondo_lotto_di-_pulcini_acquistato_1.mp4\"><\/video><figcaption class=\"wp-element-caption\">2025 novembre 16 spazio + spadoni italie potager zimbabwe deuxi\u00e8me lot de poussins achet\u00e9 1<\/figcaption><\/figure>\n\n\n<figure class=\"wp-block-video video\"><video controls=\"\" src=\"https:\/\/spaziospadoni.org\/wp-content\/uploads\/2026\/05\/2025_Dicembre_20_Madre_Bernadette_Orto_Zimbabwe_Opera_M_spazio_spadoni-2.jpg\"><\/video><figcaption class=\"wp-element-caption\">2025 d\u00e9cembre 20 m\u00e8re Bernadette potager Zimbabwe Opera M spazio + spadoni 2<\/figcaption><\/figure>\n\n\n<figure class=\"wp-block-video video\"><video controls=\"\" src=\"https:\/\/spaziospadoni.org\/wp-content\/uploads\/2026\/05\/2025_Dicembre_20_Madre_Bernadette_Orto_Zimbabwe_spazio_spadoni_4.mp4\"><\/video><figcaption class=\"wp-element-caption\">2025 d\u00e9cembre 20 m\u00e8re Bernadette potager Zimbabwe spazio + spadoni 4<\/figcaption><\/figure>\n\n\n<figure class=\"wp-block-video video\"><video controls=\"\" src=\"https:\/\/spaziospadoni.org\/wp-content\/uploads\/2026\/05\/2025_Novembre_16_spazio_spadoni_italia_orto-zimbabwe_pianta_di_pomodori_2.mp4\"><\/video><figcaption class=\"wp-element-caption\">2025 novembre 16 spazio + spadoni italie potager zimbabwe plant de tomates 2<\/figcaption><\/figure>\n\n\n<figure class=\"wp-block-video video\"><video controls=\"\" src=\"https:\/\/spaziospadoni.org\/wp-content\/uploads\/2026\/05\/VID-20251103-madre-_Bernadette_parla_delle_opere_di_misericorida_nella_comunita_di_Ekusileni.mp4\"><\/video><figcaption class=\"wp-element-caption\">VID 20251103 m\u00e8re Bernadette parle des \u0153uvres de mis\u00e9ricorde dans la communaut\u00e9 d&rsquo;Ekusileni<\/figcaption><\/figure>\n\n\n<figure class=\"wp-block-video video\"><video controls=\"\" src=\"https:\/\/spaziospadoni.org\/wp-content\/uploads\/2026\/05\/2026_aprile_16_suor_jenlind_bernadette_zimbabwe_foulard_spazio_spadoni_opere_misericordia_operam.mp4\"><\/video><figcaption class=\"wp-element-caption\">2026 avril 16 s\u0153ur jenlind bernadette zimbabwe foulard spazio + spadoni \u0153uvres de mis\u00e9ricorde operam<\/figcaption><\/figure>\n\n<\/div>\n\n<\/div>\n\n<\/div>\n\n<\/div>\n\n","protected":false},"excerpt":{"rendered":"<p>Bulawayo | Bulawayo (Zimbabwe) OPERA M42 MISSION Lieu Bulawayo Dioc\u00e8se Bulawayo Nation Zimbabwe Continent Afrique Coordonn\u00e9es GPS -20.15026 28.59648 Fuseau horaire UTC+2 ORGANISATEUR Congr\u00e9gation Sisters Servants of Mary the Queen &#8211; Ancilae Mariae Reginae (AMR) Maison M\u00e8re Bulawayo Dioc\u00e8se Bulawayo Nation Zimbabwe Continent Afrique F\u00eate de la Congr\u00e9gation &#8212; Coordonn\u00e9es GPS -20.15026 28.59648 Fuseau horaire &#8230; <a title=\"Zimbabwe &#8211; Afrique | Projet M42\" class=\"read-more\" href=\"https:\/\/spaziospadoni.org\/fr\/opera-m\/zimbabwe-afrique-projet-m42\/\" aria-label=\"Read more about Zimbabwe &#8211; Afrique | Projet M42\">Lire plus<\/a><\/p>\n","protected":false},"author":102,"featured_media":0,"parent":89581,"menu_order":0,"comment_status":"closed","ping_status":"closed","template":"","meta":{"_sitemap_exclude":false,"_sitemap_priority":"","_sitemap_frequency":"","footnotes":""},"class_list":["post-62275","page","type-page","status-publish","infinite-scroll-item"],"yoast_head":"<!-- This site is optimized with the Yoast SEO plugin v28.4 - https:\/\/yoast.com\/product\/yoast-seo-wordpress\/ -->\n<title>Zimbabwe - Afrique | Projet M42 | Spazio Spadoni<\/title>\n<meta name=\"description\" content=\"Bulawayo | Bulawayo (Zimbabwe) OPERA M42 MISSION Lieu Bulawayo Dioc\u00e8se Bulawayo Nation Zimbabwe Continent Afrique Coordonn\u00e9es GPS -20.15026 28.59648\" \/>\n<meta name=\"robots\" content=\"index, follow, max-snippet:-1, max-image-preview:large, max-video-preview:-1\" \/>\n<link rel=\"canonical\" href=\"https:\/\/spaziospadoni.org\/fr\/opera-m\/zimbabwe-afrique-projet-m42\/\" \/>\n<meta property=\"og:locale\" content=\"fr_FR\" \/>\n<meta property=\"og:type\" content=\"article\" \/>\n<meta property=\"og:title\" content=\"Zimbabwe - Afrique | Projet M42 | Spazio Spadoni\" \/>\n<meta property=\"og:description\" content=\"Bulawayo | Bulawayo (Zimbabwe) OPERA M42 MISSION Lieu Bulawayo Dioc\u00e8se Bulawayo Nation Zimbabwe Continent Afrique Coordonn\u00e9es GPS -20.15026 28.59648\" \/>\n<meta property=\"og:url\" content=\"https:\/\/spaziospadoni.org\/fr\/opera-m\/zimbabwe-afrique-projet-m42\/\" \/>\n<meta property=\"og:site_name\" content=\"spazio + spadoni\" \/>\n<meta property=\"article:publisher\" content=\"https:\/\/www.facebook.com\/SpazioSpadoni\/\" \/>\n<meta property=\"article:modified_time\" content=\"2026-08-17T11:26:30+00:00\" \/>\n<meta property=\"og:image\" content=\"https:\/\/spaziospadoni.org\/wp-content\/uploads\/2026\/05\/hicsum_1_congo-spaziospadoni-scaled.png\" \/>\n\t<meta property=\"og:image:width\" content=\"2560\" \/>\n\t<meta property=\"og:image:height\" content=\"1771\" \/>\n\t<meta property=\"og:image:type\" content=\"image\/png\" \/>\n<meta name=\"twitter:card\" content=\"summary_large_image\" \/>\n<meta name=\"twitter:label1\" content=\"Est. reading time\" \/>\n\t<meta name=\"twitter:data1\" content=\"4 minutes\" \/>\n<script type=\"application\/ld+json\" class=\"yoast-schema-graph\">{\"@context\":\"https:\\\/\\\/schema.org\",\"@graph\":[{\"@type\":\"WebPage\",\"@id\":\"https:\\\/\\\/spaziospadoni.org\\\/fr\\\/opera-m\\\/zimbabwe-afrique-projet-m42\\\/\",\"url\":\"https:\\\/\\\/spaziospadoni.org\\\/fr\\\/opera-m\\\/zimbabwe-afrique-projet-m42\\\/\",\"name\":\"Zimbabwe - Afrique | Projet M42 | Spazio Spadoni\",\"isPartOf\":{\"@id\":\"https:\\\/\\\/spaziospadoni.org\\\/fr\\\/#website\"},\"primaryImageOfPage\":{\"@id\":\"https:\\\/\\\/spaziospadoni.org\\\/fr\\\/opera-m\\\/zimbabwe-afrique-projet-m42\\\/#primaryimage\"},\"image\":{\"@id\":\"https:\\\/\\\/spaziospadoni.org\\\/fr\\\/opera-m\\\/zimbabwe-afrique-projet-m42\\\/#primaryimage\"},\"thumbnailUrl\":\"https:\\\/\\\/spaziospadoni.org\\\/wp-content\\\/uploads\\\/2026\\\/05\\\/hicsum_28_rwanda-spaziospadoni-scaled.png\",\"datePublished\":\"2026-05-18T14:05:11+00:00\",\"dateModified\":\"2026-08-17T11:26:30+00:00\",\"description\":\"Bulawayo | Bulawayo (Zimbabwe) OPERA M42 MISSION Lieu Bulawayo Dioc\u00e8se Bulawayo Nation Zimbabwe Continent Afrique Coordonn\u00e9es GPS -20.15026 28.59648\",\"breadcrumb\":{\"@id\":\"https:\\\/\\\/spaziospadoni.org\\\/fr\\\/opera-m\\\/zimbabwe-afrique-projet-m42\\\/#breadcrumb\"},\"inLanguage\":\"fr-FR\",\"potentialAction\":[{\"@type\":\"ReadAction\",\"target\":[\"https:\\\/\\\/spaziospadoni.org\\\/fr\\\/opera-m\\\/zimbabwe-afrique-projet-m42\\\/\"]}]},{\"@type\":\"ImageObject\",\"inLanguage\":\"fr-FR\",\"@id\":\"https:\\\/\\\/spaziospadoni.org\\\/fr\\\/opera-m\\\/zimbabwe-afrique-projet-m42\\\/#primaryimage\",\"url\":\"https:\\\/\\\/spaziospadoni.org\\\/wp-content\\\/uploads\\\/2026\\\/05\\\/hicsum_28_rwanda-spaziospadoni-scaled.png\",\"contentUrl\":\"https:\\\/\\\/spaziospadoni.org\\\/wp-content\\\/uploads\\\/2026\\\/05\\\/hicsum_28_rwanda-spaziospadoni-scaled.png\"},{\"@type\":\"BreadcrumbList\",\"@id\":\"https:\\\/\\\/spaziospadoni.org\\\/fr\\\/opera-m\\\/zimbabwe-afrique-projet-m42\\\/#breadcrumb\",\"itemListElement\":[{\"@type\":\"ListItem\",\"position\":1,\"name\":\"Home\",\"item\":\"https:\\\/\\\/spaziospadoni.org\\\/fr\\\/\"},{\"@type\":\"ListItem\",\"position\":2,\"name\":\"Opera M\",\"item\":\"https:\\\/\\\/spaziospadoni.org\\\/fr\\\/opera-m\\\/\"},{\"@type\":\"ListItem\",\"position\":3,\"name\":\"Zimbabwe &#8211; Afrique | Projet M42\"}]},{\"@type\":\"WebSite\",\"@id\":\"https:\\\/\\\/spaziospadoni.org\\\/fr\\\/#website\",\"url\":\"https:\\\/\\\/spaziospadoni.org\\\/fr\\\/\",\"name\":\"spazio + spadoni\",\"description\":\"Generazione di misericordia e missione nel mondo\",\"publisher\":{\"@id\":\"https:\\\/\\\/spaziospadoni.org\\\/fr\\\/#organization\"},\"alternateName\":\"spaziospadoni.org\",\"potentialAction\":[{\"@type\":\"SearchAction\",\"target\":{\"@type\":\"EntryPoint\",\"urlTemplate\":\"https:\\\/\\\/spaziospadoni.org\\\/fr\\\/?s={search_term_string}\"},\"query-input\":{\"@type\":\"PropertyValueSpecification\",\"valueRequired\":true,\"valueName\":\"search_term_string\"}}],\"inLanguage\":\"fr-FR\"},{\"@type\":\"Organization\",\"@id\":\"https:\\\/\\\/spaziospadoni.org\\\/fr\\\/#organization\",\"name\":\"spazio + spadoni\",\"alternateName\":\"spaziospadoni.org\",\"url\":\"https:\\\/\\\/spaziospadoni.org\\\/fr\\\/\",\"logo\":{\"@type\":\"ImageObject\",\"inLanguage\":\"fr-FR\",\"@id\":\"https:\\\/\\\/spaziospadoni.org\\\/fr\\\/#\\\/schema\\\/logo\\\/image\\\/\",\"url\":\"https:\\\/\\\/spaziospadoni.org\\\/wp-content\\\/uploads\\\/2026\\\/05\\\/spazio-spadoni-logo-100x100-1.webp\",\"contentUrl\":\"https:\\\/\\\/spaziospadoni.org\\\/wp-content\\\/uploads\\\/2026\\\/05\\\/spazio-spadoni-logo-100x100-1.webp\",\"width\":100,\"height\":100,\"caption\":\"spazio + spadoni\"},\"image\":{\"@id\":\"https:\\\/\\\/spaziospadoni.org\\\/fr\\\/#\\\/schema\\\/logo\\\/image\\\/\"},\"sameAs\":[\"https:\\\/\\\/www.facebook.com\\\/SpazioSpadoni\\\/\",\"https:\\\/\\\/www.instagram.com\\\/spaziospadoni\\\/\",\"https:\\\/\\\/www.youtube.com\\\/@spaziospadoni\\\/playlists\"]}]}<\/script>\n<!-- \/ Yoast SEO plugin. -->","yoast_head_json":{"title":"Zimbabwe - Afrique | Projet M42 | Spazio Spadoni","description":"Bulawayo | Bulawayo (Zimbabwe) OPERA M42 MISSION Lieu Bulawayo Dioc\u00e8se Bulawayo Nation Zimbabwe Continent Afrique Coordonn\u00e9es GPS -20.15026 28.59648","robots":{"index":"index","follow":"follow","max-snippet":"max-snippet:-1","max-image-preview":"max-image-preview:large","max-video-preview":"max-video-preview:-1"},"canonical":"https:\/\/spaziospadoni.org\/fr\/opera-m\/zimbabwe-afrique-projet-m42\/","og_locale":"fr_FR","og_type":"article","og_title":"Zimbabwe - Afrique | Projet M42 | Spazio Spadoni","og_description":"Bulawayo | Bulawayo (Zimbabwe) OPERA M42 MISSION Lieu Bulawayo Dioc\u00e8se Bulawayo Nation Zimbabwe Continent Afrique Coordonn\u00e9es GPS -20.15026 28.59648","og_url":"https:\/\/spaziospadoni.org\/fr\/opera-m\/zimbabwe-afrique-projet-m42\/","og_site_name":"spazio + spadoni","article_publisher":"https:\/\/www.facebook.com\/SpazioSpadoni\/","article_modified_time":"2026-08-17T11:26:30+00:00","og_image":[{"width":2560,"height":1771,"url":"https:\/\/spaziospadoni.org\/wp-content\/uploads\/2026\/05\/hicsum_1_congo-spaziospadoni-scaled.png","type":"image\/png"}],"twitter_card":"summary_large_image","twitter_misc":{"Est. reading time":"4 minutes"},"schema":{"@context":"https:\/\/schema.org","@graph":[{"@type":"WebPage","@id":"https:\/\/spaziospadoni.org\/fr\/opera-m\/zimbabwe-afrique-projet-m42\/","url":"https:\/\/spaziospadoni.org\/fr\/opera-m\/zimbabwe-afrique-projet-m42\/","name":"Zimbabwe - Afrique | Projet M42 | Spazio Spadoni","isPartOf":{"@id":"https:\/\/spaziospadoni.org\/fr\/#website"},"primaryImageOfPage":{"@id":"https:\/\/spaziospadoni.org\/fr\/opera-m\/zimbabwe-afrique-projet-m42\/#primaryimage"},"image":{"@id":"https:\/\/spaziospadoni.org\/fr\/opera-m\/zimbabwe-afrique-projet-m42\/#primaryimage"},"thumbnailUrl":"https:\/\/spaziospadoni.org\/wp-content\/uploads\/2026\/05\/hicsum_28_rwanda-spaziospadoni-scaled.png","datePublished":"2026-05-18T14:05:11+00:00","dateModified":"2026-08-17T11:26:30+00:00","description":"Bulawayo | Bulawayo (Zimbabwe) OPERA M42 MISSION Lieu Bulawayo Dioc\u00e8se Bulawayo Nation Zimbabwe Continent Afrique Coordonn\u00e9es GPS -20.15026 28.59648","breadcrumb":{"@id":"https:\/\/spaziospadoni.org\/fr\/opera-m\/zimbabwe-afrique-projet-m42\/#breadcrumb"},"inLanguage":"fr-FR","potentialAction":[{"@type":"ReadAction","target":["https:\/\/spaziospadoni.org\/fr\/opera-m\/zimbabwe-afrique-projet-m42\/"]}]},{"@type":"ImageObject","inLanguage":"fr-FR","@id":"https:\/\/spaziospadoni.org\/fr\/opera-m\/zimbabwe-afrique-projet-m42\/#primaryimage","url":"https:\/\/spaziospadoni.org\/wp-content\/uploads\/2026\/05\/hicsum_28_rwanda-spaziospadoni-scaled.png","contentUrl":"https:\/\/spaziospadoni.org\/wp-content\/uploads\/2026\/05\/hicsum_28_rwanda-spaziospadoni-scaled.png"},{"@type":"BreadcrumbList","@id":"https:\/\/spaziospadoni.org\/fr\/opera-m\/zimbabwe-afrique-projet-m42\/#breadcrumb","itemListElement":[{"@type":"ListItem","position":1,"name":"Home","item":"https:\/\/spaziospadoni.org\/fr\/"},{"@type":"ListItem","position":2,"name":"Opera M","item":"https:\/\/spaziospadoni.org\/fr\/opera-m\/"},{"@type":"ListItem","position":3,"name":"Zimbabwe &#8211; Afrique | Projet M42"}]},{"@type":"WebSite","@id":"https:\/\/spaziospadoni.org\/fr\/#website","url":"https:\/\/spaziospadoni.org\/fr\/","name":"spazio + spadoni","description":"Generazione di misericordia e missione nel mondo","publisher":{"@id":"https:\/\/spaziospadoni.org\/fr\/#organization"},"alternateName":"spaziospadoni.org","potentialAction":[{"@type":"SearchAction","target":{"@type":"EntryPoint","urlTemplate":"https:\/\/spaziospadoni.org\/fr\/?s={search_term_string}"},"query-input":{"@type":"PropertyValueSpecification","valueRequired":true,"valueName":"search_term_string"}}],"inLanguage":"fr-FR"},{"@type":"Organization","@id":"https:\/\/spaziospadoni.org\/fr\/#organization","name":"spazio + spadoni","alternateName":"spaziospadoni.org","url":"https:\/\/spaziospadoni.org\/fr\/","logo":{"@type":"ImageObject","inLanguage":"fr-FR","@id":"https:\/\/spaziospadoni.org\/fr\/#\/schema\/logo\/image\/","url":"https:\/\/spaziospadoni.org\/wp-content\/uploads\/2026\/05\/spazio-spadoni-logo-100x100-1.webp","contentUrl":"https:\/\/spaziospadoni.org\/wp-content\/uploads\/2026\/05\/spazio-spadoni-logo-100x100-1.webp","width":100,"height":100,"caption":"spazio + spadoni"},"image":{"@id":"https:\/\/spaziospadoni.org\/fr\/#\/schema\/logo\/image\/"},"sameAs":["https:\/\/www.facebook.com\/SpazioSpadoni\/","https:\/\/www.instagram.com\/spaziospadoni\/","https:\/\/www.youtube.com\/@spaziospadoni\/playlists"]}]}},"_links":{"self":[{"href":"https:\/\/spaziospadoni.org\/fr\/wp-json\/wp\/v2\/pages\/62275","targetHints":{"allow":["GET"]}}],"collection":[{"href":"https:\/\/spaziospadoni.org\/fr\/wp-json\/wp\/v2\/pages"}],"about":[{"href":"https:\/\/spaziospadoni.org\/fr\/wp-json\/wp\/v2\/types\/page"}],"author":[{"embeddable":true,"href":"https:\/\/spaziospadoni.org\/fr\/wp-json\/wp\/v2\/users\/102"}],"replies":[{"embeddable":true,"href":"https:\/\/spaziospadoni.org\/fr\/wp-json\/wp\/v2\/comments?post=62275"}],"version-history":[{"count":2,"href":"https:\/\/spaziospadoni.org\/fr\/wp-json\/wp\/v2\/pages\/62275\/revisions"}],"predecessor-version":[{"id":90338,"href":"https:\/\/spaziospadoni.org\/fr\/wp-json\/wp\/v2\/pages\/62275\/revisions\/90338"}],"up":[{"embeddable":true,"href":"https:\/\/spaziospadoni.org\/fr\/wp-json\/wp\/v2\/pages\/89581"}],"wp:attachment":[{"href":"https:\/\/spaziospadoni.org\/fr\/wp-json\/wp\/v2\/media?parent=62275"}],"curies":[{"name":"wp","href":"https:\/\/api.w.org\/{rel}","templated":true}]}}