{"id":75110,"date":"2026-05-20T13:11:09","date_gmt":"2026-05-20T12:11:09","guid":{"rendered":"https:\/\/spaziospadoni.org\/organismes-de-formation\/arciconfraternita-di-misericordia-di-alfero\/"},"modified":"2026-08-19T10:32:44","modified_gmt":"2026-08-19T09:32:44","slug":"archiconfrerie-de-la-misericorde-dalfero","status":"publish","type":"page","link":"https:\/\/spaziospadoni.org\/fr\/organismes-de-formation\/archiconfrerie-de-la-misericorde-dalfero\/","title":{"rendered":"Archiconfr\u00e9rie de la Mis\u00e9ricorde d\u2019Alfero"},"content":{"rendered":"\n<p class=\"wp-block-paragraph\">La Mis\u00e9ricorde d\u2019Alfero est une association de b\u00e9n\u00e9volat qui fait partie du Mouvement des Misericordie, n\u00e9 en 1244 \u00e0 Florence par Pietro da Verona, devenu ensuite saint Pierre Martyr. \u00c0 ce jour, les Mis\u00e9ricorde sont pr\u00e9sentes en Italie et \u00e0 l\u2019\u00e9tranger avec plus de 700 Confr\u00e9ries.<\/p>\n\n\n<div class=\"wp-block-image\">\n<figure class=\"aligncenter size-full is-resized\"><img decoding=\"async\" width=\"225\" height=\"225\" src=\"https:\/\/spaziospadoni.org\/wp-content\/uploads\/2026\/05\/Unknown-2.jpeg\" alt=\"Arciconfraternita di Misericordia di Alfero\" class=\"wp-image-47406\" style=\"width:336px;height:auto\" srcset=\"https:\/\/spaziospadoni.org\/wp-content\/uploads\/2026\/05\/Unknown-2.jpeg 225w, https:\/\/spaziospadoni.org\/wp-content\/uploads\/2026\/05\/Unknown-2-150x150.jpeg 150w\" sizes=\"(max-width: 225px) 100vw, 225px\" \/><\/figure>\n<\/div>\n\n\n<h2 id=\"h-storia\" class=\"wp-block-heading\"><strong>Histoire<\/strong><\/h2>\n\n\n\n<p class=\"wp-block-paragraph\">La Mis\u00e9ricorde d\u2019Alfero na\u00eet en 1975 en m\u00e9moire d\u2019un cher ami mort dans un accident du travail. Un an plus tard, ils acqui\u00e8rent la premi\u00e8re ambulance, offerte par la Mis\u00e9ricorde de Galeata.\u00a0<\/p>\n\n\n\n<p class=\"wp-block-paragraph\">La Misericordia s\u2019occupe de services sociaux et sanitaires et, en 2010, une petite maison de retraite appartenant \u00e0 la commune de Verghereto leur a \u00e9t\u00e9 confi\u00e9e ; sa gestion fut refus\u00e9e par beaucoup parce qu\u2019elle \u00e9tait trop petite et pas du tout rentable.&nbsp;<\/p>\n\n\n\n<p class=\"wp-block-paragraph\">Ainsi, aux services quotidiens que les b\u00e9n\u00e9voles assurent avec les ambulances (ils ont une convention avec l\u2019AUSL pour les transports interhospitaliers), s\u2019est ajout\u00e9 un autre service envers ceux qui, dans ce moment historique, repr\u00e9sentent les vrais pauvres, c\u2019est-\u00e0-dire les personnes \u00e2g\u00e9es et seules.&nbsp;&nbsp;<\/p>\n\n\n\n<p class=\"wp-block-paragraph\">La zone o\u00f9 se trouve la Mis\u00e9ricorde d\u2019Alfero est une zone de montagne de l\u2019Apennin tosco-romagnol ; un territoire qui se d\u00e9peuple et o\u00f9, d\u2019ici peu, le tissu social ne tiendra plus. La plupart des jeunes abandonnent ces lieux pour chercher du travail et se retrouvent de plus en plus souvent \u00e0 vivre leur vie loin de leur lieu d\u2019origine, laissant les villages habit\u00e9s seulement par des personnes \u00e2g\u00e9es.\u00a0\u00a0<\/p>\n\n\n\n<p class=\"wp-block-paragraph\">La Mis\u00e9ricorde d\u2019Alfero, troisi\u00e8me r\u00e9alit\u00e9 professionnelle de la Commune (18 employ\u00e9s qui assurent le service sur les ambulances et dans la maison pour personnes \u00e2g\u00e9es), s\u2019engage \u00e0 offrir aussi du travail et donc la possibilit\u00e9, pour certains jeunes, de rester sur leur territoire d\u2019origine.\u00a0<\/p>\n\n\n\n<p class=\"wp-block-paragraph\">Un autre service important est celui du transport des personnes aux visites qui sont effectu\u00e9es sp\u00e9cialement \u00e0 Cesena, \u00e0 environ 60 km d\u2019Alfero. De tr\u00e8s nombreuses personnes \u00e2g\u00e9es ne pourraient pas b\u00e9n\u00e9ficier des soins m\u00e9dicaux parce qu\u2019elles n\u2019ont pas de permis de conduire ou parce qu\u2019elles ne sauraient pas o\u00f9 aller une fois arriv\u00e9es au grand h\u00f4pital de Cesena.&nbsp;<\/p>\n\n\n\n<p class=\"wp-block-paragraph\">D\u2019une certaine mani\u00e8re, le probl\u00e8me du d\u00e9peuplement touche aussi la Mis\u00e9ricorde, qui voit diminuer le nombre de b\u00e9n\u00e9voles et augmenter l\u2019\u00e2ge de ceux qui restent.\u00a0\u00a0<\/p>\n\n\n\n<h2 id=\"h-nbsp-attivita-nbsp\" class=\"wp-block-heading\"> <strong>Activit\u00e9s<\/strong> <\/h2>\n\n\n\n<ul class=\"wp-block-list\">\n<li>SERVICE D\u2019AMBULANCE&nbsp;<\/li>\n\n\n\n<li>MAISON DE RETRAITE&nbsp;<\/li>\n\n\n\n<li>SERVICE DE TRANSPORTS SANITAIRES&nbsp;<\/li>\n<\/ul>\n\n\n\n<h2 id=\"h-contatti\" class=\"wp-block-heading\"><strong>Contacts<\/strong><\/h2>\n\n\n\n<p class=\"wp-block-paragraph\">Via G. Leopardi 1 \u2013 47028 Alfero (FC)&nbsp;<\/p>\n\n\n\n<p class=\"wp-block-paragraph\">T\u00e9l. +39 0543 910466&nbsp;<\/p>\n\n\n\n<p class=\"wp-block-paragraph\"><a href=\"https:\/\/www.facebook.com\/MisericordiaDiAlfero\/\" target=\"_blank\" rel=\"noreferrer noopener\" title=\"https:\/\/www.facebook.com\/MisericordiaDiAlfero\/\">https:\/\/www.facebook.com\/MisericordiaDiAlfero\/<\/a><\/p>\n","protected":false},"excerpt":{"rendered":"<p>La Mis\u00e9ricorde d\u2019Alfero est une association de b\u00e9n\u00e9volat qui fait partie du Mouvement des Misericordie, n\u00e9 en 1244 \u00e0 Florence par Pietro da Verona, devenu ensuite saint Pierre Martyr. \u00c0 ce jour, les Mis\u00e9ricorde sont pr\u00e9sentes en Italie et \u00e0 l\u2019\u00e9tranger avec plus de 700 Confr\u00e9ries. Histoire La Mis\u00e9ricorde d\u2019Alfero na\u00eet en 1975 en m\u00e9moire &#8230; <a title=\"Archiconfr\u00e9rie de la Mis\u00e9ricorde d\u2019Alfero\" class=\"read-more\" href=\"https:\/\/spaziospadoni.org\/fr\/organismes-de-formation\/archiconfrerie-de-la-misericorde-dalfero\/\" aria-label=\"Read more about Archiconfr\u00e9rie de la Mis\u00e9ricorde d\u2019Alfero\">Lire plus<\/a><\/p>\n","protected":false},"author":102,"featured_media":0,"parent":73245,"menu_order":0,"comment_status":"closed","ping_status":"closed","template":"","meta":{"_sitemap_exclude":false,"_sitemap_priority":"","_sitemap_frequency":"","footnotes":""},"class_list":["post-75110","page","type-page","status-publish","infinite-scroll-item"],"yoast_head":"<!-- This site is optimized with the Yoast SEO plugin v28.4 - https:\/\/yoast.com\/product\/yoast-seo-wordpress\/ -->\n<title>Archiconfr\u00e9rie de la Mis\u00e9ricorde d\u2019Alfero | Spazio Spadoni<\/title>\n<meta name=\"description\" content=\"La Mis\u00e9ricorde d\u2019Alfero est une association de b\u00e9n\u00e9volat qui fait partie du Mouvement des Misericordie, n\u00e9 en 1244 \u00e0 Florence par Pietro da Verona, devenu\" \/>\n<meta name=\"robots\" content=\"index, follow, max-snippet:-1, max-image-preview:large, max-video-preview:-1\" \/>\n<link rel=\"canonical\" href=\"https:\/\/spaziospadoni.org\/fr\/organismes-de-formation\/archiconfrerie-de-la-misericorde-dalfero\/\" \/>\n<meta property=\"og:locale\" content=\"fr_FR\" \/>\n<meta property=\"og:type\" content=\"article\" \/>\n<meta property=\"og:title\" content=\"Archiconfr\u00e9rie de la Mis\u00e9ricorde d\u2019Alfero | Spazio Spadoni\" \/>\n<meta property=\"og:description\" content=\"La Mis\u00e9ricorde d\u2019Alfero est une association de b\u00e9n\u00e9volat qui fait partie du Mouvement des Misericordie, n\u00e9 en 1244 \u00e0 Florence par Pietro da Verona, devenu\" \/>\n<meta property=\"og:url\" content=\"https:\/\/spaziospadoni.org\/fr\/organismes-de-formation\/archiconfrerie-de-la-misericorde-dalfero\/\" \/>\n<meta property=\"og:site_name\" content=\"spazio + spadoni\" \/>\n<meta property=\"article:publisher\" content=\"https:\/\/www.facebook.com\/SpazioSpadoni\/\" \/>\n<meta property=\"article:modified_time\" content=\"2026-08-19T09:32:44+00:00\" \/>\n<meta property=\"og:image\" content=\"https:\/\/spaziospadoni.org\/wp-content\/uploads\/2026\/05\/Unknown-2.jpeg\" \/>\n\t<meta property=\"og:image:width\" content=\"225\" \/>\n\t<meta property=\"og:image:height\" content=\"225\" \/>\n\t<meta property=\"og:image:type\" content=\"image\/jpeg\" \/>\n<meta name=\"twitter:card\" content=\"summary_large_image\" \/>\n<meta name=\"twitter:label1\" content=\"Est. reading time\" \/>\n\t<meta name=\"twitter:data1\" content=\"3 minutes\" \/>\n<script type=\"application\/ld+json\" class=\"yoast-schema-graph\">{\"@context\":\"https:\\\/\\\/schema.org\",\"@graph\":[{\"@type\":\"WebPage\",\"@id\":\"https:\\\/\\\/spaziospadoni.org\\\/fr\\\/organismes-de-formation\\\/archiconfrerie-de-la-misericorde-dalfero\\\/\",\"url\":\"https:\\\/\\\/spaziospadoni.org\\\/fr\\\/organismes-de-formation\\\/archiconfrerie-de-la-misericorde-dalfero\\\/\",\"name\":\"Archiconfr\u00e9rie de la Mis\u00e9ricorde d\u2019Alfero | Spazio Spadoni\",\"isPartOf\":{\"@id\":\"https:\\\/\\\/spaziospadoni.org\\\/fr\\\/#website\"},\"primaryImageOfPage\":{\"@id\":\"https:\\\/\\\/spaziospadoni.org\\\/fr\\\/organismes-de-formation\\\/archiconfrerie-de-la-misericorde-dalfero\\\/#primaryimage\"},\"image\":{\"@id\":\"https:\\\/\\\/spaziospadoni.org\\\/fr\\\/organismes-de-formation\\\/archiconfrerie-de-la-misericorde-dalfero\\\/#primaryimage\"},\"thumbnailUrl\":\"https:\\\/\\\/spaziospadoni.org\\\/wp-content\\\/uploads\\\/2026\\\/05\\\/Unknown-2.jpeg\",\"datePublished\":\"2026-05-20T12:11:09+00:00\",\"dateModified\":\"2026-08-19T09:32:44+00:00\",\"description\":\"La Mis\u00e9ricorde d\u2019Alfero est une association de b\u00e9n\u00e9volat qui fait partie du Mouvement des Misericordie, n\u00e9 en 1244 \u00e0 Florence par Pietro da Verona, devenu\",\"breadcrumb\":{\"@id\":\"https:\\\/\\\/spaziospadoni.org\\\/fr\\\/organismes-de-formation\\\/archiconfrerie-de-la-misericorde-dalfero\\\/#breadcrumb\"},\"inLanguage\":\"fr-FR\",\"potentialAction\":[{\"@type\":\"ReadAction\",\"target\":[\"https:\\\/\\\/spaziospadoni.org\\\/fr\\\/organismes-de-formation\\\/archiconfrerie-de-la-misericorde-dalfero\\\/\"]}]},{\"@type\":\"ImageObject\",\"inLanguage\":\"fr-FR\",\"@id\":\"https:\\\/\\\/spaziospadoni.org\\\/fr\\\/organismes-de-formation\\\/archiconfrerie-de-la-misericorde-dalfero\\\/#primaryimage\",\"url\":\"https:\\\/\\\/spaziospadoni.org\\\/wp-content\\\/uploads\\\/2026\\\/05\\\/Unknown-2.jpeg\",\"contentUrl\":\"https:\\\/\\\/spaziospadoni.org\\\/wp-content\\\/uploads\\\/2026\\\/05\\\/Unknown-2.jpeg\"},{\"@type\":\"BreadcrumbList\",\"@id\":\"https:\\\/\\\/spaziospadoni.org\\\/fr\\\/organismes-de-formation\\\/archiconfrerie-de-la-misericorde-dalfero\\\/#breadcrumb\",\"itemListElement\":[{\"@type\":\"ListItem\",\"position\":1,\"name\":\"Home\",\"item\":\"https:\\\/\\\/spaziospadoni.org\\\/fr\\\/\"},{\"@type\":\"ListItem\",\"position\":2,\"name\":\"Organismes de formation\",\"item\":\"https:\\\/\\\/spaziospadoni.org\\\/fr\\\/organismes-de-formation\\\/\"},{\"@type\":\"ListItem\",\"position\":3,\"name\":\"Archiconfr\u00e9rie de la Mis\u00e9ricorde d\u2019Alfero\"}]},{\"@type\":\"WebSite\",\"@id\":\"https:\\\/\\\/spaziospadoni.org\\\/fr\\\/#website\",\"url\":\"https:\\\/\\\/spaziospadoni.org\\\/fr\\\/\",\"name\":\"spazio + spadoni\",\"description\":\"Generazione di misericordia e missione nel mondo\",\"publisher\":{\"@id\":\"https:\\\/\\\/spaziospadoni.org\\\/fr\\\/#organization\"},\"alternateName\":\"spaziospadoni.org\",\"potentialAction\":[{\"@type\":\"SearchAction\",\"target\":{\"@type\":\"EntryPoint\",\"urlTemplate\":\"https:\\\/\\\/spaziospadoni.org\\\/fr\\\/?s={search_term_string}\"},\"query-input\":{\"@type\":\"PropertyValueSpecification\",\"valueRequired\":true,\"valueName\":\"search_term_string\"}}],\"inLanguage\":\"fr-FR\"},{\"@type\":\"Organization\",\"@id\":\"https:\\\/\\\/spaziospadoni.org\\\/fr\\\/#organization\",\"name\":\"spazio + spadoni\",\"alternateName\":\"spaziospadoni.org\",\"url\":\"https:\\\/\\\/spaziospadoni.org\\\/fr\\\/\",\"logo\":{\"@type\":\"ImageObject\",\"inLanguage\":\"fr-FR\",\"@id\":\"https:\\\/\\\/spaziospadoni.org\\\/fr\\\/#\\\/schema\\\/logo\\\/image\\\/\",\"url\":\"https:\\\/\\\/spaziospadoni.org\\\/wp-content\\\/uploads\\\/2026\\\/05\\\/spazio-spadoni-logo-100x100-1.webp\",\"contentUrl\":\"https:\\\/\\\/spaziospadoni.org\\\/wp-content\\\/uploads\\\/2026\\\/05\\\/spazio-spadoni-logo-100x100-1.webp\",\"width\":100,\"height\":100,\"caption\":\"spazio + spadoni\"},\"image\":{\"@id\":\"https:\\\/\\\/spaziospadoni.org\\\/fr\\\/#\\\/schema\\\/logo\\\/image\\\/\"},\"sameAs\":[\"https:\\\/\\\/www.facebook.com\\\/SpazioSpadoni\\\/\",\"https:\\\/\\\/www.instagram.com\\\/spaziospadoni\\\/\",\"https:\\\/\\\/www.youtube.com\\\/@spaziospadoni\\\/playlists\"]}]}<\/script>\n<!-- \/ Yoast SEO plugin. -->","yoast_head_json":{"title":"Archiconfr\u00e9rie de la Mis\u00e9ricorde d\u2019Alfero | Spazio Spadoni","description":"La Mis\u00e9ricorde d\u2019Alfero est une association de b\u00e9n\u00e9volat qui fait partie du Mouvement des Misericordie, n\u00e9 en 1244 \u00e0 Florence par Pietro da Verona, devenu","robots":{"index":"index","follow":"follow","max-snippet":"max-snippet:-1","max-image-preview":"max-image-preview:large","max-video-preview":"max-video-preview:-1"},"canonical":"https:\/\/spaziospadoni.org\/fr\/organismes-de-formation\/archiconfrerie-de-la-misericorde-dalfero\/","og_locale":"fr_FR","og_type":"article","og_title":"Archiconfr\u00e9rie de la Mis\u00e9ricorde d\u2019Alfero | Spazio Spadoni","og_description":"La Mis\u00e9ricorde d\u2019Alfero est une association de b\u00e9n\u00e9volat qui fait partie du Mouvement des Misericordie, n\u00e9 en 1244 \u00e0 Florence par Pietro da Verona, devenu","og_url":"https:\/\/spaziospadoni.org\/fr\/organismes-de-formation\/archiconfrerie-de-la-misericorde-dalfero\/","og_site_name":"spazio + spadoni","article_publisher":"https:\/\/www.facebook.com\/SpazioSpadoni\/","article_modified_time":"2026-08-19T09:32:44+00:00","og_image":[{"width":225,"height":225,"url":"https:\/\/spaziospadoni.org\/wp-content\/uploads\/2026\/05\/Unknown-2.jpeg","type":"image\/jpeg"}],"twitter_card":"summary_large_image","twitter_misc":{"Est. reading time":"3 minutes"},"schema":{"@context":"https:\/\/schema.org","@graph":[{"@type":"WebPage","@id":"https:\/\/spaziospadoni.org\/fr\/organismes-de-formation\/archiconfrerie-de-la-misericorde-dalfero\/","url":"https:\/\/spaziospadoni.org\/fr\/organismes-de-formation\/archiconfrerie-de-la-misericorde-dalfero\/","name":"Archiconfr\u00e9rie de la Mis\u00e9ricorde d\u2019Alfero | Spazio Spadoni","isPartOf":{"@id":"https:\/\/spaziospadoni.org\/fr\/#website"},"primaryImageOfPage":{"@id":"https:\/\/spaziospadoni.org\/fr\/organismes-de-formation\/archiconfrerie-de-la-misericorde-dalfero\/#primaryimage"},"image":{"@id":"https:\/\/spaziospadoni.org\/fr\/organismes-de-formation\/archiconfrerie-de-la-misericorde-dalfero\/#primaryimage"},"thumbnailUrl":"https:\/\/spaziospadoni.org\/wp-content\/uploads\/2026\/05\/Unknown-2.jpeg","datePublished":"2026-05-20T12:11:09+00:00","dateModified":"2026-08-19T09:32:44+00:00","description":"La Mis\u00e9ricorde d\u2019Alfero est une association de b\u00e9n\u00e9volat qui fait partie du Mouvement des Misericordie, n\u00e9 en 1244 \u00e0 Florence par Pietro da Verona, devenu","breadcrumb":{"@id":"https:\/\/spaziospadoni.org\/fr\/organismes-de-formation\/archiconfrerie-de-la-misericorde-dalfero\/#breadcrumb"},"inLanguage":"fr-FR","potentialAction":[{"@type":"ReadAction","target":["https:\/\/spaziospadoni.org\/fr\/organismes-de-formation\/archiconfrerie-de-la-misericorde-dalfero\/"]}]},{"@type":"ImageObject","inLanguage":"fr-FR","@id":"https:\/\/spaziospadoni.org\/fr\/organismes-de-formation\/archiconfrerie-de-la-misericorde-dalfero\/#primaryimage","url":"https:\/\/spaziospadoni.org\/wp-content\/uploads\/2026\/05\/Unknown-2.jpeg","contentUrl":"https:\/\/spaziospadoni.org\/wp-content\/uploads\/2026\/05\/Unknown-2.jpeg"},{"@type":"BreadcrumbList","@id":"https:\/\/spaziospadoni.org\/fr\/organismes-de-formation\/archiconfrerie-de-la-misericorde-dalfero\/#breadcrumb","itemListElement":[{"@type":"ListItem","position":1,"name":"Home","item":"https:\/\/spaziospadoni.org\/fr\/"},{"@type":"ListItem","position":2,"name":"Organismes de formation","item":"https:\/\/spaziospadoni.org\/fr\/organismes-de-formation\/"},{"@type":"ListItem","position":3,"name":"Archiconfr\u00e9rie de la Mis\u00e9ricorde d\u2019Alfero"}]},{"@type":"WebSite","@id":"https:\/\/spaziospadoni.org\/fr\/#website","url":"https:\/\/spaziospadoni.org\/fr\/","name":"spazio + spadoni","description":"Generazione di misericordia e missione nel mondo","publisher":{"@id":"https:\/\/spaziospadoni.org\/fr\/#organization"},"alternateName":"spaziospadoni.org","potentialAction":[{"@type":"SearchAction","target":{"@type":"EntryPoint","urlTemplate":"https:\/\/spaziospadoni.org\/fr\/?s={search_term_string}"},"query-input":{"@type":"PropertyValueSpecification","valueRequired":true,"valueName":"search_term_string"}}],"inLanguage":"fr-FR"},{"@type":"Organization","@id":"https:\/\/spaziospadoni.org\/fr\/#organization","name":"spazio + spadoni","alternateName":"spaziospadoni.org","url":"https:\/\/spaziospadoni.org\/fr\/","logo":{"@type":"ImageObject","inLanguage":"fr-FR","@id":"https:\/\/spaziospadoni.org\/fr\/#\/schema\/logo\/image\/","url":"https:\/\/spaziospadoni.org\/wp-content\/uploads\/2026\/05\/spazio-spadoni-logo-100x100-1.webp","contentUrl":"https:\/\/spaziospadoni.org\/wp-content\/uploads\/2026\/05\/spazio-spadoni-logo-100x100-1.webp","width":100,"height":100,"caption":"spazio + spadoni"},"image":{"@id":"https:\/\/spaziospadoni.org\/fr\/#\/schema\/logo\/image\/"},"sameAs":["https:\/\/www.facebook.com\/SpazioSpadoni\/","https:\/\/www.instagram.com\/spaziospadoni\/","https:\/\/www.youtube.com\/@spaziospadoni\/playlists"]}]}},"_links":{"self":[{"href":"https:\/\/spaziospadoni.org\/fr\/wp-json\/wp\/v2\/pages\/75110","targetHints":{"allow":["GET"]}}],"collection":[{"href":"https:\/\/spaziospadoni.org\/fr\/wp-json\/wp\/v2\/pages"}],"about":[{"href":"https:\/\/spaziospadoni.org\/fr\/wp-json\/wp\/v2\/types\/page"}],"author":[{"embeddable":true,"href":"https:\/\/spaziospadoni.org\/fr\/wp-json\/wp\/v2\/users\/102"}],"replies":[{"embeddable":true,"href":"https:\/\/spaziospadoni.org\/fr\/wp-json\/wp\/v2\/comments?post=75110"}],"version-history":[{"count":2,"href":"https:\/\/spaziospadoni.org\/fr\/wp-json\/wp\/v2\/pages\/75110\/revisions"}],"predecessor-version":[{"id":90590,"href":"https:\/\/spaziospadoni.org\/fr\/wp-json\/wp\/v2\/pages\/75110\/revisions\/90590"}],"up":[{"embeddable":true,"href":"https:\/\/spaziospadoni.org\/fr\/wp-json\/wp\/v2\/pages\/73245"}],"wp:attachment":[{"href":"https:\/\/spaziospadoni.org\/fr\/wp-json\/wp\/v2\/media?parent=75110"}],"curies":[{"name":"wp","href":"https:\/\/api.w.org\/{rel}","templated":true}]}}